{"id":169221,"date":"2026-09-05T14:06:36","date_gmt":"2026-09-05T14:06:36","guid":{"rendered":"https:\/\/iwell-guard.com\/?page_id=169221"},"modified":"2026-09-05T14:35:22","modified_gmt":"2026-09-05T14:35:22","slug":"kushti-heilagt-belti-zoroastra","status":"publish","type":"page","link":"https:\/\/iwell-guard.com\/is\/kushti-heilagt-belti-zoroastra\/","title":{"rendered":"Kushti \u2013 hi\u00f0 heilaga belti Zara\u00fe\u00fastratr\u00faarmanna"},"content":{"rendered":"\t\t<div data-elementor-type=\"wp-page\" data-elementor-id=\"169221\" class=\"elementor elementor-169221 elementor-3713 elementor-bc-flex-widget\" data-elementor-post-type=\"page\">\n\t\t\t\t<div class=\"elementor-element elementor-element-iwgs-kushti-hero e-flex e-con-boxed e-con e-parent\" data-id=\"iwgs-kushti-hero\" data-element_type=\"container\" data-e-type=\"container\">\n\t\t\t\t\t<div class=\"e-con-inner\">\n\t\t<div class=\"elementor-element elementor-element-iwgs-kushti-hl e-flex e-con-boxed e-con e-parent\" data-id=\"iwgs-kushti-hl\" data-element_type=\"container\" data-e-type=\"container\">\n\t\t\t\t\t<div class=\"e-con-inner\">\n\t\t<div class=\"elementor-element elementor-element-iwgs-kushti-hlbox e-con-full e-flex e-con e-parent\" data-id=\"iwgs-kushti-hlbox\" data-element_type=\"container\" data-e-type=\"container\">\n\t\t\t\t<div class=\"elementor-element elementor-element-iwgs-kushti-h1 elementor-widget elementor-widget-heading\" data-id=\"iwgs-kushti-h1\" data-element_type=\"widget\" data-e-type=\"widget\" data-widget_type=\"heading.default\">\n\t\t\t\t\t<h1 class=\"elementor-heading-title elementor-size-default\">Kushti \u2013 hi\u00f0 heilaga fl\u00e9tta\u00f0a belti Zara\u00fe\u00fastratr\u00faarmanna<\/h1>\t\t\t\t<\/div>\n\t\t\t\t<div class=\"elementor-element elementor-element-iwgs-kushti-lead elementor-widget elementor-widget-text-editor\" data-id=\"iwgs-kushti-lead\" data-element_type=\"widget\" data-e-type=\"widget\" data-widget_type=\"text-editor.default\">\n\t\t\t\t\t\t\t\t\t<p>Kushti er heilagt fl\u00e9tta\u00f0 belti \u00far ull. Zara\u00fe\u00fastratr\u00faarmenn bera \u00fea\u00f0 um mitti\u00f0, vafi\u00f0 yfir hv\u00edtu skyrtunni Sedreh. Belti og skyrta eru me\u00f0al mikilv\u00e6gustu t\u00e1kna zara\u00fe\u00fastratr\u00faarins. Fl\u00e9tta\u00f0a form beltisins er \u00ed zara\u00fe\u00fastratr\u00faarlegri arfleif\u00f0 tali\u00f0 s\u00fdnilegt merki um tilheyrni.<\/p>\t\t\t\t\t\t\t\t<\/div>\n\t\t\t\t<\/div>\n\t\t\t\t<div class=\"elementor-element elementor-element-iwgs-kushti-pills elementor-widget elementor-widget-html\" data-id=\"iwgs-kushti-pills\" data-element_type=\"widget\" data-e-type=\"widget\" data-widget_type=\"html.default\">\n\t\t\t\t\t<div class=\"iwg-pill-row\"><span class=\"iwg-klasse-badge\" tabindex=\"0\" data-tooltip=\"Verndart\u00e1kn, verndargripur e\u00f0a verndarhlutur.\">Verndart\u00e1kn<\/span><a href=\"https:\/\/iwell-guard.com\/is\/iran-og-zoroastrismi-avesta-ahura-mazda\/\" class=\"iwg-kultur-badge\" tabindex=\"0\" data-tooltip=\"Verndarhef\u00f0: \u00cdran og zara\u00fe\u00fastratr\u00fa\">\u00cdran og zara\u00fe\u00fastratr\u00fa<\/a><span class=\"iwg-tradition-badge\" tabindex=\"0\" data-tooltip=\"Belti me\u00f0 tr\u00faarlegri, verndandi merkingu.\">Heilagt belti<\/span><\/div>\t\t\t\t<\/div>\n\t\t\t\t\t<\/div>\n\t\t\t\t<\/div>\n\t\t<div class=\"elementor-element elementor-element-iwgs-kushti-hr e-con-full e-flex e-con e-parent\" data-id=\"iwgs-kushti-hr\" data-element_type=\"container\" data-e-type=\"container\">\n\t\t\t\t<div class=\"elementor-element elementor-element-iwgs-kushti-himg iwg-hero-image elementor-widget elementor-widget-image\" data-id=\"iwgs-kushti-himg\" data-element_type=\"widget\" data-e-type=\"widget\" data-widget_type=\"image.default\">\n\t\t\t\t\t\t\t\t\t\t\t\t\t\t\t<img fetchpriority=\"high\" decoding=\"async\" width=\"683\" height=\"1024\" src=\"https:\/\/iwell-guard.com\/wp-content\/uploads\/2026\/05\/schutzsymbol_iran_kushti-683x1024.webp\" class=\"attachment-large size-large wp-image-3569\" alt=\"Kushti \u2013 hi\u00f0 heilaga belti Zara\u00fe\u00fastratr\u00faarmanna\" srcset=\"https:\/\/iwell-guard.com\/wp-content\/uploads\/2026\/05\/schutzsymbol_iran_kushti-683x1024.webp 683w, https:\/\/iwell-guard.com\/wp-content\/uploads\/2026\/05\/schutzsymbol_iran_kushti-200x300.webp 200w, https:\/\/iwell-guard.com\/wp-content\/uploads\/2026\/05\/schutzsymbol_iran_kushti-768x1152.webp 768w, https:\/\/iwell-guard.com\/wp-content\/uploads\/2026\/05\/schutzsymbol_iran_kushti.webp 1024w\" sizes=\"(max-width: 683px) 100vw, 683px\" \/>\t\t\t\t\t\t\t\t\t\t\t\t\t\t\t<\/div>\n\t\t\t\t<\/div>\n\t\t\t\t\t<\/div>\n\t\t\t\t<\/div>\n\t\t<div class=\"elementor-element elementor-element-iwgs-kushti-s0 e-flex e-con-boxed e-con e-parent\" data-id=\"iwgs-kushti-s0\" data-element_type=\"container\" data-e-type=\"container\">\n\t\t\t\t\t<div class=\"e-con-inner\">\n\t\t\t\t<div class=\"elementor-element elementor-element-iwgs-kushti-s0h elementor-widget elementor-widget-heading\" data-id=\"iwgs-kushti-s0h\" data-element_type=\"widget\" data-e-type=\"widget\" data-widget_type=\"heading.default\">\n\t\t\t\t\t<h2 class=\"elementor-heading-title elementor-size-default\">Yfirlit<\/h2>\t\t\t\t<\/div>\n\t\t<div class=\"elementor-element elementor-element-iwgs-kushti-s0box e-con-full e-flex e-con e-parent\" data-id=\"iwgs-kushti-s0box\" data-element_type=\"container\" data-e-type=\"container\">\n\t\t\t\t<div class=\"elementor-element elementor-element-iwgs-kushti-s0t elementor-widget elementor-widget-text-editor\" data-id=\"iwgs-kushti-s0t\" data-element_type=\"widget\" data-e-type=\"widget\" data-widget_type=\"text-editor.default\">\n\t\t\t\t\t\t\t\t\t<p>Kushti er heilagt belti. \u00dea\u00f0 heyrir til tr\u00faarbrag\u00f0anna zara\u00fe\u00fastratr\u00fa, einna elstu tr\u00faarbrag\u00f0a sem enn eru til, sem eiga uppruna sinn \u00ed heimi <a href=\"https:\/\/iwell-guard.com\/is\/iran-og-zoroastrismi-avesta-ahura-mazda\/\">\u00cdrans og zara\u00fe\u00fastratr\u00faar<\/a>.<\/p><p>Kushti er \u00feunnt, fl\u00e9tta\u00f0 belti \u00far ull. \u00dea\u00f0 er vafi\u00f0 nokkrum sinnum um mitti\u00f0 og hn\u00fdtt framan \u00e1 l\u00edkamann.<\/p><p>Kushti er bori\u00f0 yfir Sedreh, hv\u00edtri skyrtu. Skyrta og belti tilheyra hvort \u00f6\u00f0ru og myndast saman mikilv\u00e6gasta s\u00fdnilega t\u00e1kn zara\u00fe\u00fastratr\u00faarins.<\/p><p>Kushti er ekki eing\u00f6ngu kl\u00e6\u00f0st einu sinni, heldur er \u00fea\u00f0 losa\u00f0 og bundi\u00f0 aftur nokkrum sinnum \u00e1 dag. \u00deessi endurtekna binding er tengd b\u00e6num og er hluti af daglegu tr\u00faarl\u00edfi.<\/p><p>Belti\u00f0 hefur verndandi merkingu. \u00dea\u00f0 er tali\u00f0 vera t\u00e1kn sem vopnar bera \u00feess gegn illu og bindur hann tr\u00faarlegum skyldum s\u00ednum.<\/p><p>\u00cd <span class=\"iwg-fachbegriff\" data-tooltip=\"V\u00edsindin sem rannsaka tr\u00faarbr\u00f6g\u00f0 samanbur\u00f0arlega og \u00e1n tr\u00faarlegrar bindingar.\" tabindex=\"0\">tr\u00faarbrag\u00f0afr\u00e6\u00f0i<\/span> er Kushti gott d\u00e6mi um heilagt belti, heilagan kl\u00e6\u00f0na\u00f0arhlut sem einkennir hinn tr\u00faa\u00f0a og verndar hann og bindur hann skyldum \u00ed senn.<\/p>\t\t\t\t\t\t\t\t<\/div>\n\t\t\t\t<\/div>\n\t\t\t\t\t<\/div>\n\t\t\t\t<\/div>\n\t\t<div class=\"elementor-element elementor-element-iwgs-kushti-s1 e-flex e-con-boxed e-con e-parent\" data-id=\"iwgs-kushti-s1\" data-element_type=\"container\" data-e-type=\"container\">\n\t\t\t\t\t<div class=\"e-con-inner\">\n\t\t\t\t<div class=\"elementor-element elementor-element-iwgs-kushti-s1h elementor-widget elementor-widget-heading\" data-id=\"iwgs-kushti-s1h\" data-element_type=\"widget\" data-e-type=\"widget\" data-widget_type=\"heading.default\">\n\t\t\t\t\t<h2 class=\"elementor-heading-title elementor-size-default\">Zara\u00fe\u00fastratr\u00fain<\/h2>\t\t\t\t<\/div>\n\t\t<div class=\"elementor-element elementor-element-iwgs-kushti-s1box e-con-full e-flex e-con e-parent\" data-id=\"iwgs-kushti-s1box\" data-element_type=\"container\" data-e-type=\"container\">\n\t\t\t\t<div class=\"elementor-element elementor-element-iwgs-kushti-s1t elementor-widget elementor-widget-text-editor\" data-id=\"iwgs-kushti-s1t\" data-element_type=\"widget\" data-e-type=\"widget\" data-widget_type=\"text-editor.default\">\n\t\t\t\t\t\t\t\t\t<p>Kushti heyrir til zara\u00fe\u00fastratr\u00faarins. \u00deessi tr\u00faarbr\u00f6g\u00f0 eiga r\u00e6tur s\u00ednar a\u00f0 rekja til stofnandans Zara\u00fe\u00fastra, sem lif\u00f0i \u00ed forn\u00f6ld \u00cdrans. N\u00e1kv\u00e6mur l\u00edfst\u00edmi hans er umdeildur me\u00f0al fr\u00e6\u00f0imanna.<\/p><p>Zara\u00fe\u00fastratr\u00fain var um langan t\u00edma hin mikilv\u00e6ga tr\u00fa \u00edr\u00f6nsku r\u00edkjanna. H\u00fan setti mark sitt \u00e1 tr\u00faarl\u00edf v\u00ed\u00f0ra hluta hins forna \u00cdrans.<\/p><p>\u00cd mi\u00f0ju zara\u00fe\u00fastratr\u00faarins stendur tr\u00fain \u00e1 hinn eina g\u00f3\u00f0a gu\u00f0 Ahura Mazda. \u00c1 m\u00f3ti honum stendur illt vald. Heimurinn er v\u00edgv\u00f6llur \u00e1taka milli g\u00f3\u00f0s og ills.<\/p><p>Manneskjan er st\u00f6dd \u00ed \u00feessum \u00e1t\u00f6kum. Me\u00f0 g\u00f3\u00f0um hugsunum, g\u00f3\u00f0um or\u00f0um og g\u00f3\u00f0um verkum \u00e1 h\u00fan a\u00f0 standa \u00e1 hli\u00f0 hins g\u00f3\u00f0a og hrekja hi\u00f0 illa til baka.<\/p><p>Eftir \u00fatbrei\u00f0slu \u00edslams \u00ed \u00cdran var\u00f0 zara\u00fe\u00fastratr\u00fain tr\u00fa minnihluta. Hluti hinna tr\u00fau\u00f0u flutti til Indlands, \u00fear sem \u00feeir ur\u00f0u kunnir sem Parsar.<\/p><p>Zara\u00fe\u00fastratr\u00fain lifir \u00feannig \u00e1fram til \u00feessa dags, borin uppi af samf\u00e9lagi \u00ed \u00cdran, \u00e1 Indlandi og \u00ed fleiri l\u00f6ndum. Kushti er me\u00f0al t\u00e1knanna sem tengja \u00feetta samf\u00e9lag saman.<\/p>\t\t\t\t\t\t\t\t<\/div>\n\t\t\t\t<\/div>\n\t\t\t\t\t<\/div>\n\t\t\t\t<\/div>\n\t\t<div class=\"elementor-element elementor-element-iwgs-kushti-s2 e-flex e-con-boxed e-con e-parent\" data-id=\"iwgs-kushti-s2\" data-element_type=\"container\" data-e-type=\"container\">\n\t\t\t\t\t<div class=\"e-con-inner\">\n\t\t\t\t<div class=\"elementor-element elementor-element-iwgs-kushti-s2h elementor-widget elementor-widget-heading\" data-id=\"iwgs-kushti-s2h\" data-element_type=\"widget\" data-e-type=\"widget\" data-widget_type=\"heading.default\">\n\t\t\t\t\t<h2 class=\"elementor-heading-title elementor-size-default\">Sedreh og Kushti<\/h2>\t\t\t\t<\/div>\n\t\t<div class=\"elementor-element elementor-element-iwgs-kushti-s2box e-con-full e-flex e-con e-parent\" data-id=\"iwgs-kushti-s2box\" data-element_type=\"container\" data-e-type=\"container\">\n\t\t\t\t<div class=\"elementor-element elementor-element-iwgs-kushti-s2t elementor-widget elementor-widget-text-editor\" data-id=\"iwgs-kushti-s2t\" data-element_type=\"widget\" data-e-type=\"widget\" data-widget_type=\"text-editor.default\">\n\t\t\t\t\t\t\t\t\t<p>Kushti heyrir \u00f3a\u00f0skiljanlega saman me\u00f0 Sedreh. Sedreh er hv\u00edt skyrta, Kushti er belti\u00f0 sem er bori\u00f0 yfir \u00feessari skyrtu.<\/p><p>Sedreh er l\u00e1tlaus hv\u00edt skyrta \u00far b\u00f3mull. Hv\u00edti litur stendur fyrir hreinleikann, meginhugsun zara\u00fe\u00fastratr\u00faarins.<\/p><p>Skyrtan hefur samkv\u00e6mt <span class=\"iwg-fachbegriff\" data-tooltip=\"\u00c1framhaldandi flutning \u00feekkingar og sagna milli kynsl\u00f3\u00f0a.\" tabindex=\"0\">arfleif\u00f0inni<\/span> l\u00edtinn vasa framan \u00e1. \u00deessi vasi hefur t\u00e1knr\u00e6na merkingu. Hann \u00e1 a\u00f0 fyllast g\u00f3\u00f0u verkunum sem hinn tr\u00faa\u00f0i safnar.<\/p><p>Yfir Sedreh er Kushti vafi\u00f0. Skyrta og belti b\u00e6ta hvort anna\u00f0 upp. Skyrtan kl\u00e6\u00f0ir hinn tr\u00faa\u00f0a, belti\u00f0 gir\u00f0ir hann og bindur hann.<\/p><p>B\u00e6\u00f0i stykkin eru kl\u00e6\u00f0st \u00ed fyrsta sinn vi\u00f0 s\u00e9rstaka h\u00e1t\u00ed\u00f0. \u00deessi h\u00e1t\u00ed\u00f0 markar inng\u00f6ngu \u00ed samf\u00e9lag hinna tr\u00fau\u00f0u.<\/p><p>Sedreh og Kushti eru \u00feannig \u00feeir tveir kl\u00e6\u00f0na\u00f0arhlutar sem zara\u00fe\u00fastratr\u00faa\u00f0ur er \u00feekktur af. \u00deeir eru s\u00fdnilegt t\u00e1kn tilheyrni vi\u00f0 tr\u00faarbr\u00f6g\u00f0in.<\/p>\t\t\t\t\t\t\t\t<\/div>\n\t\t\t\t<\/div>\n\t\t\t\t\t<\/div>\n\t\t\t\t<\/div>\n\t\t<div class=\"elementor-element elementor-element-iwgs-kushti-s3 e-flex e-con-boxed e-con e-parent\" data-id=\"iwgs-kushti-s3\" data-element_type=\"container\" data-e-type=\"container\">\n\t\t\t\t\t<div class=\"e-con-inner\">\n\t\t\t\t<div class=\"elementor-element elementor-element-iwgs-kushti-s3h elementor-widget elementor-widget-heading\" data-id=\"iwgs-kushti-s3h\" data-element_type=\"widget\" data-e-type=\"widget\" data-widget_type=\"heading.default\">\n\t\t\t\t\t<h2 class=\"elementor-heading-title elementor-size-default\">Ger\u00f0 beltisins<\/h2>\t\t\t\t<\/div>\n\t\t<div class=\"elementor-element elementor-element-iwgs-kushti-s3box e-con-full e-flex e-con e-parent\" data-id=\"iwgs-kushti-s3box\" data-element_type=\"container\" data-e-type=\"container\">\n\t\t\t\t<div class=\"elementor-element elementor-element-iwgs-kushti-s3t elementor-widget elementor-widget-text-editor\" data-id=\"iwgs-kushti-s3t\" data-element_type=\"widget\" data-e-type=\"widget\" data-widget_type=\"text-editor.default\">\n\t\t\t\t\t\t\t\t\t<p>Kushti er gert me\u00f0 mikilli natni. Framlei\u00f0sla \u00feess fylgir fastri skipan og er tengd merkingum.<\/p><p>Belti\u00f0 er \u00far ull, oftast sau\u00f0aull. Ull hreins d\u00fdrs var talin vi\u00f0eigandi efni fyrir heilagt belti.<\/p><p>Kushti er ekki einfaldur bor\u00f0i, heldur er fl\u00e9tta\u00f0 \u00far m\u00f6rgum \u00fer\u00e1\u00f0um. <span class=\"iwg-fachbegriff\" data-tooltip=\"\u00c1framhaldandi flutning \u00feekkingar og sagna milli kynsl\u00f3\u00f0a.\" tabindex=\"0\">Arfleif\u00f0in<\/span> nefnir \u00e1kve\u00f0inn fj\u00f6lda \u00fer\u00e1\u00f0a sem er fl\u00e9tta\u00f0ur saman \u00ed belti\u00f0.<\/p><p>\u00deessi fj\u00f6ldi \u00fer\u00e1\u00f0a hefur t\u00e1knr\u00e6na merkingu. Hann er tengdur grunnhugsunum tr\u00faarins og gerir belti\u00f0 sj\u00e1lft a\u00f0 t\u00e1kni kenningarinnar.<\/p><p>Fl\u00e9ttun Kushti heyr\u00f0i samkv\u00e6mt arfleif\u00f0inni til verka kvenna \u00far prestafj\u00f6lskyldum. Framlei\u00f0slan var \u00feannig sj\u00e1lf tr\u00faarlega skipul\u00f6g\u00f0 ath\u00f6fn.<\/p><p>Fullgert belti\u00f0 er \u00fer\u00f6ngur, langur bor\u00f0i. \u00der\u00e1tt fyrir l\u00e1tlaust yfirbrag\u00f0 sitt er \u00fea\u00f0, vegna framlei\u00f0slu sinnar og fj\u00f6lda \u00fer\u00e1\u00f0a sinna, \u00fe\u00fd\u00f0ingarmiki\u00f0 tr\u00faarlegt t\u00e1kn.<\/p>\t\t\t\t\t\t\t\t<\/div>\n\t\t\t\t<\/div>\n\t\t\t\t\t<\/div>\n\t\t\t\t<\/div>\n\t\t<div class=\"elementor-element elementor-element-iwgs-kushti-s4 e-flex e-con-boxed e-con e-parent\" data-id=\"iwgs-kushti-s4\" data-element_type=\"container\" data-e-type=\"container\">\n\t\t\t\t\t<div class=\"e-con-inner\">\n\t\t\t\t<div class=\"elementor-element elementor-element-iwgs-kushti-s4h elementor-widget elementor-widget-heading\" data-id=\"iwgs-kushti-s4h\" data-element_type=\"widget\" data-e-type=\"widget\" data-widget_type=\"heading.default\">\n\t\t\t\t\t<h2 class=\"elementor-heading-title elementor-size-default\">Dagleg binding<\/h2>\t\t\t\t<\/div>\n\t\t<div class=\"elementor-element elementor-element-iwgs-kushti-s4box e-con-full e-flex e-con e-parent\" data-id=\"iwgs-kushti-s4box\" data-element_type=\"container\" data-e-type=\"container\">\n\t\t\t\t<div class=\"elementor-element elementor-element-iwgs-kushti-s4t elementor-widget elementor-widget-text-editor\" data-id=\"iwgs-kushti-s4t\" data-element_type=\"widget\" data-e-type=\"widget\" data-widget_type=\"text-editor.default\">\n\t\t\t\t\t\t\t\t\t<p>Kushti er ekki eing\u00f6ngu kl\u00e6\u00f0st einu sinni. \u00dea\u00f0 er losa\u00f0 og bundi\u00f0 aftur nokkrum sinnum \u00e1 dag. \u00deessi endurtekna binding heyrir til daglegu tr\u00faarl\u00edfi.<\/p><p>Losun og endurbinding beltisins fer fram \u00e1 \u00e1kve\u00f0num tilefnum, svo sem eftir a\u00f0 vakna, fyrir b\u00e6nir og fyrir m\u00e1lt\u00ed\u00f0ir.<\/p><p>Bindingin er fylgt b\u00e6num. Me\u00f0an hinn tr\u00faa\u00f0i losar belti\u00f0 og vefur \u00fea\u00f0 aftur, fer hann me\u00f0 arfhelga b\u00e6natexta.<\/p><p>\u00deessi tenging athafnar og <span class=\"iwg-fachbegriff\" data-tooltip=\"M\u00e1lleg \u00e1v\u00f6rpun manns til gu\u00f0d\u00f3ms.\" tabindex=\"0\">b\u00e6nar<\/span> gefur bindingunni merkingu s\u00edna. Hinn tr\u00faa\u00f0i endurn\u00fdjar me\u00f0 hverri bindingu tr\u00faarj\u00e1tningu s\u00edna og \u00e1herslu s\u00edna \u00e1 hi\u00f0 g\u00f3\u00f0a.<\/p><p>Binding Kushti er \u00feannig endurtekin \u00e1minning. Nokkrum sinnum \u00e1 dag er hinn tr\u00faa\u00f0i minntur \u00e1 tr\u00fa s\u00edna, skyldur s\u00ednar og \u00e1t\u00f6kin milli g\u00f3\u00f0s og ills.<\/p><p>\u00cd \u00feessari daglegu bindingu kemur fram a\u00f0 Kushti er ekki eing\u00f6ngu skraut. \u00dea\u00f0 er belti sem, me\u00f0 endurtekinni bindingu sinni, skipar og fylgir tr\u00faarl\u00edfi hins tr\u00faa\u00f0a.<\/p>\t\t\t\t\t\t\t\t<\/div>\n\t\t\t\t<\/div>\n\t\t\t\t\t<\/div>\n\t\t\t\t<\/div>\n\t\t<div class=\"elementor-element elementor-element-iwgs-kushti-s5 e-flex e-con-boxed e-con e-parent\" data-id=\"iwgs-kushti-s5\" data-element_type=\"container\" data-e-type=\"container\">\n\t\t\t\t\t<div class=\"e-con-inner\">\n\t\t\t\t<div class=\"elementor-element elementor-element-iwgs-kushti-s5h elementor-widget elementor-widget-heading\" data-id=\"iwgs-kushti-s5h\" data-element_type=\"widget\" data-e-type=\"widget\" data-widget_type=\"heading.default\">\n\t\t\t\t\t<h2 class=\"elementor-heading-title elementor-size-default\">Belti\u00f0 sem verndart\u00e1kn<\/h2>\t\t\t\t<\/div>\n\t\t<div class=\"elementor-element elementor-element-iwgs-kushti-s5box e-con-full e-flex e-con e-parent\" data-id=\"iwgs-kushti-s5box\" data-element_type=\"container\" data-e-type=\"container\">\n\t\t\t\t<div class=\"elementor-element elementor-element-iwgs-kushti-s5t elementor-widget elementor-widget-text-editor\" data-id=\"iwgs-kushti-s5t\" data-element_type=\"widget\" data-e-type=\"widget\" data-widget_type=\"text-editor.default\">\n\t\t\t\t\t\t\t\t\t<p>Kushti hefur verndandi merkingu. Hann er talinn t\u00e1kn sem b\u00far eigandann til varnar og styrkir hann gegn hinu illa.<\/p><p>Hugmyndin um a\u00f0 gyr\u00f0a sig er h\u00e9r grundvallaratri\u00f0i. S\u00e1 sem festir \u00e1 sig belti, b\u00fdr sig \u00fear me\u00f0 undir verkefni. Hinn gyrti ma\u00f0ur er tilb\u00fainn, hinn \u00f3gyrti er \u00fea\u00f0 ekki.<\/p><p>Kushti gyr\u00f0ir hinn tr\u00faa\u00f0a fyrir \u00e1t\u00f6kin milli g\u00f3\u00f0s og ills. Hann er t\u00e1kni\u00f0 um a\u00f0 eigandinn standi me\u00f0 hinu g\u00f3\u00f0a og s\u00e9 b\u00fainn til bardaga gegn hinu illa.<\/p><p>Belti\u00f0 skiptir l\u00edkamanum \u00ed tvennt. Efri hlutinn tengist h\u00e6rri hlutum, ne\u00f0ri hlutinn l\u00e6gri hlutum. Kushti er skilal\u00ednan milli \u00feeirra.<\/p><p>Vernd Kushti er \u00fear me\u00f0 ekki fr\u00e1hrindandi vernd \u00e1 sama h\u00e1tt og hj\u00e1 fr\u00e1hr\u00f6kkvandi t\u00e1kni. H\u00fan er vernd \u00ed gegnum b\u00fana\u00f0 og \u00ed gegnum tengsl vi\u00f0 hi\u00f0 g\u00f3\u00f0a.<\/p><p>Kushti telst \u00feannig til helgra belta sem vernda me\u00f0 gyr\u00f0ingu. Hann b\u00far hinn tr\u00faa\u00f0a, bindur hann skyldum s\u00ednum og setur hann \u00e1 hli\u00f0 hins g\u00f3\u00f0a.<\/p>\t\t\t\t\t\t\t\t<\/div>\n\t\t\t\t<\/div>\n\t\t\t\t\t<\/div>\n\t\t\t\t<\/div>\n\t\t<div class=\"elementor-element elementor-element-iwgs-kushti-s6 e-flex e-con-boxed e-con e-parent\" data-id=\"iwgs-kushti-s6\" data-element_type=\"container\" data-e-type=\"container\">\n\t\t\t\t\t<div class=\"e-con-inner\">\n\t\t\t\t<div class=\"elementor-element elementor-element-iwgs-kushti-s6h elementor-widget elementor-widget-heading\" data-id=\"iwgs-kushti-s6h\" data-element_type=\"widget\" data-e-type=\"widget\" data-widget_type=\"heading.default\">\n\t\t\t\t\t<h2 class=\"elementor-heading-title elementor-size-default\">Helg belti \u00ed tr\u00faarbr\u00f6g\u00f0um<\/h2>\t\t\t\t<\/div>\n\t\t<div class=\"elementor-element elementor-element-iwgs-kushti-s6box e-con-full e-flex e-con e-parent\" data-id=\"iwgs-kushti-s6box\" data-element_type=\"container\" data-e-type=\"container\">\n\t\t\t\t<div class=\"elementor-element elementor-element-iwgs-kushti-s6t elementor-widget elementor-widget-text-editor\" data-id=\"iwgs-kushti-s6t\" data-element_type=\"widget\" data-e-type=\"widget\" data-widget_type=\"text-editor.default\">\n\t\t\t\t\t\t\t\t\t<p>Kushti m\u00e1 sko\u00f0a \u00ed st\u00e6rra samhengi helgra belta. Belti\u00f0 sem tr\u00faarlegt t\u00e1kn er \u00feekkt \u00far m\u00f6rgum arflei\u00f0um.<\/p><p>\u00cd m\u00f6rgum menningarheimum er gyr\u00f0ingin tengd hugmyndinni um vi\u00f0b\u00fana\u00f0. A\u00f0 gyr\u00f0a sig \u00fe\u00fd\u00f0ir a\u00f0 b\u00faa sig undir verkefni og takast \u00e1 vi\u00f0 \u00fea\u00f0.<\/p><p>Kushti gefur \u00feessari \u00fatbreiddu hugmynd s\u00e9rstaklega sk\u00fdra mynd. Hann er belti sem er s\u00e9rstaklega framleitt, bundi\u00f0 nokkrum sinnum \u00e1 dag og tengt b\u00e6num.<\/p><p>Innan hins \u00edranska heims stendur Kushti \u00ed samhengi vi\u00f0 \u00f6nnur t\u00e1kn z\u00f3r\u00f3astrisma. Mikilv\u00e6gast \u00feeirra er Faravahar, hi\u00f0 v\u00e6ngja\u00f0a <span class=\"iwg-fachbegriff\" data-tooltip=\"Sk\u00fdr mynd sem stendur fyrir hugmynd sem ekki er hlutbundin.\" tabindex=\"0\">sinnbild<\/span>. \u00c1 s\u00ed\u00f0unni um <a href=\"https:\/\/iwell-guard.com\/is\/?page_id=169154\">Faravahar<\/a> er \u00fea\u00f0 s\u00fdnt.<\/p><p>\u00dear sem Faravahar er myndr\u00e6nt t\u00e1kn, er Kushti t\u00e1kn sem er bori\u00f0. B\u00e6\u00f0i heyra til heims z\u00f3r\u00f3astrisma, en \u00feau eru af \u00f3l\u00edku e\u00f0li.<\/p><p>Kushti er \u00feannig z\u00f3r\u00f3astr\u00edsk \u00fatg\u00e1fa af helgu belti. Hann tengir hina \u00fatbreiddu hugmynd um gyr\u00f0ingu sem b\u00fana\u00f0 vi\u00f0 eigin l\u00e6rd\u00f3m og eigin skipulag z\u00f3r\u00f3astrisma.<\/p>\t\t\t\t\t\t\t\t<\/div>\n\t\t\t\t<\/div>\n\t\t\t\t\t<\/div>\n\t\t\t\t<\/div>\n\t\t<div class=\"elementor-element elementor-element-iwgs-kushti-s7 e-flex e-con-boxed e-con e-parent\" data-id=\"iwgs-kushti-s7\" data-element_type=\"container\" data-e-type=\"container\">\n\t\t\t\t\t<div class=\"e-con-inner\">\n\t\t\t\t<div class=\"elementor-element elementor-element-iwgs-kushti-s7h elementor-widget elementor-widget-heading\" data-id=\"iwgs-kushti-s7h\" data-element_type=\"widget\" data-e-type=\"widget\" data-widget_type=\"heading.default\">\n\t\t\t\t\t<h2 class=\"elementor-heading-title elementor-size-default\">J\u00e1tning og skuldbinding<\/h2>\t\t\t\t<\/div>\n\t\t<div class=\"elementor-element elementor-element-iwgs-kushti-s7box e-con-full e-flex e-con e-parent\" data-id=\"iwgs-kushti-s7box\" data-element_type=\"container\" data-e-type=\"container\">\n\t\t\t\t<div class=\"elementor-element elementor-element-iwgs-kushti-s7t elementor-widget elementor-widget-text-editor\" data-id=\"iwgs-kushti-s7t\" data-element_type=\"widget\" data-e-type=\"widget\" data-widget_type=\"text-editor.default\">\n\t\t\t\t\t\t\t\t\t<p>Kushti er meira en verndart\u00e1kn. Hann er einnig j\u00e1tning og skuldbinding. B\u00e1\u00f0ar hli\u00f0ar heyra til merkingar hans.<\/p><p>Sem j\u00e1tning gerir Kushti hinn tr\u00faa\u00f0a s\u00fdnilegan. S\u00e1 sem ber hann yfir Sedreh s\u00fdnir \u00fear me\u00f0 tengsl s\u00edn vi\u00f0 z\u00f3r\u00f3astr\u00edska samf\u00e9lagi\u00f0.<\/p><p>Sem skuldbinding bindur Kushti hinn tr\u00faa\u00f0a skyldum s\u00ednum. Dagleg binding minnir hann \u00e1 g\u00f3\u00f0ar hugsanir, g\u00f3\u00f0 or\u00f0 og g\u00f3\u00f0ar ger\u00f0ir sem v\u00e6nst er af honum.<\/p><p>\u00deessi \u00ferj\u00fa g\u00f3\u00f0u atri\u00f0i myndast kjarninn \u00ed z\u00f3r\u00f3astr\u00edsku l\u00edfsh\u00e1tta. Kushti heldur \u00feeim fyrir augum hins tr\u00faa\u00f0a nokkrum sinnum \u00e1 dag.<\/p><p>J\u00e1tning, skuldbinding og vernd ver\u00f0a hj\u00e1 Kushti ekki au\u00f0veldlega a\u00f0greind. S\u00e1 sem j\u00e1tar tr\u00fa s\u00edna og tengist skyldum s\u00ednum, setur sig \u00fear me\u00f0 einnig undir vernd sem tilheyrir hinu g\u00f3\u00f0a.<\/p><p>Kushti er \u00feannig marg\u00fe\u00e6tt t\u00e1kn. Hann er j\u00e1tningart\u00e1kn, skuldbindingart\u00e1kn og verndart\u00e1kn \u00ed einu, og allar \u00ferj\u00e1r hli\u00f0ar eru sprottnar af st\u00f6\u00f0u hans \u00ed z\u00f3r\u00f3astr\u00edskri tr\u00fa.<\/p>\t\t\t\t\t\t\t\t<\/div>\n\t\t\t\t<\/div>\n\t\t\t\t\t<\/div>\n\t\t\t\t<\/div>\n\t\t<div class=\"elementor-element elementor-element-iwgs-kushti-s8 e-flex e-con-boxed e-con e-parent\" data-id=\"iwgs-kushti-s8\" data-element_type=\"container\" data-e-type=\"container\">\n\t\t\t\t\t<div class=\"e-con-inner\">\n\t\t\t\t<div class=\"elementor-element elementor-element-iwgs-kushti-s8h elementor-widget elementor-widget-heading\" data-id=\"iwgs-kushti-s8h\" data-element_type=\"widget\" data-e-type=\"widget\" data-widget_type=\"heading.default\">\n\t\t\t\t\t<h2 class=\"elementor-heading-title elementor-size-default\">M\u00f3tt\u00f6kur \u00ed dag<\/h2>\t\t\t\t<\/div>\n\t\t<div class=\"elementor-element elementor-element-iwgs-kushti-s8box e-con-full e-flex e-con e-parent\" data-id=\"iwgs-kushti-s8box\" data-element_type=\"container\" data-e-type=\"container\">\n\t\t\t\t<div class=\"elementor-element elementor-element-iwgs-kushti-s8t elementor-widget elementor-widget-text-editor\" data-id=\"iwgs-kushti-s8t\" data-element_type=\"widget\" data-e-type=\"widget\" data-widget_type=\"text-editor.default\">\n\t\t\t\t\t\t\t\t\t<p>Z\u00f3r\u00f3astrismi er \u00ed dag tr\u00fa l\u00edtils samf\u00e9lags. Fylgjendur hans b\u00faa fyrst og fremst \u00e1 Indlandi, \u00fear sem \u00feeir eru kalla\u00f0ir Parsar, auk \u00cdran og fleiri landa.<\/p><p>Sedreh og Kushti heyra enn \u00ed dag til mikilv\u00e6gustu t\u00e1kna z\u00f3r\u00f3astr\u00edskrar tr\u00faar. Fyrsta \u00e1setning \u00feeirra vi\u00f0 innt\u00f6kuh\u00e1t\u00ed\u00f0ina er mikilv\u00e6gur atbur\u00f0ur \u00ed l\u00edfi hins tr\u00faa\u00f0a.<\/p><p>Margir starfandi z\u00f3r\u00f3astristar bera Sedreh og Kushti og binda belti\u00f0 nokkrum sinnum \u00e1 dag. \u00dear me\u00f0 er Kushti lifandi t\u00e1kn sem er vi\u00f0sta\u00f0ar \u00ed hversdagsl\u00edfinu.<\/p><p>Samt\u00edmis stendur z\u00f3r\u00f3astr\u00edska samf\u00e9lagi\u00f0 frammi fyrir \u00feeirri \u00e1skorun sem fylgir f\u00e1menni \u00feess. Spurningar um mi\u00f0lun hef\u00f0arinnar eru r\u00e6ddar innan samf\u00e9lagsins.<\/p><p>Fyrir <span class=\"iwg-fachbegriff\" data-tooltip=\"V\u00edsindin sem rannsaka tr\u00faarbr\u00f6g\u00f0 samanbur\u00f0arlega og \u00e1n tr\u00faarlegrar skuldbindingar.\" tabindex=\"0\">tr\u00faarbrag\u00f0afr\u00e6\u00f0i<\/span> er Kushti uppl\u00fdsandi t\u00e1kn. Hann s\u00fdnir hvernig fatna\u00f0ur getur or\u00f0i\u00f0 bur\u00f0arefni fyrir l\u00e6rd\u00f3m, j\u00e1tningu og hugmynd um vernd.<\/p><p>Kushti er \u00feannig \u00e1fram \u00e1hrifamiki\u00f0 d\u00e6mi um helgt belti. \u00cd honum sameinast b\u00fana\u00f0ur gegn hinu illa, j\u00e1tning tr\u00faarins og dagleg binding sem minnir hinn tr\u00faa\u00f0a \u00e1 skyldur s\u00ednar.<\/p>\t\t\t\t\t\t\t\t<\/div>\n\t\t\t\t<\/div>\n\t\t\t\t\t<\/div>\n\t\t\t\t<\/div>\n\t\t<div class=\"elementor-element elementor-element-iwgs-kushti-lit e-flex e-con-boxed e-con e-parent\" data-id=\"iwgs-kushti-lit\" data-element_type=\"container\" data-e-type=\"container\">\n\t\t\t\t\t<div class=\"e-con-inner\">\n\t\t\t\t<div class=\"elementor-element elementor-element-iwgs-kushti-lith elementor-widget elementor-widget-heading\" data-id=\"iwgs-kushti-lith\" data-element_type=\"widget\" data-e-type=\"widget\" data-widget_type=\"heading.default\">\n\t\t\t\t\t<h2 class=\"elementor-heading-title elementor-size-default\">Heimildir (\u00farval)<\/h2>\t\t\t\t<\/div>\n\t\t<div class=\"elementor-element elementor-element-iwgs-kushti-litbox e-con-full e-flex e-con e-parent\" data-id=\"iwgs-kushti-litbox\" data-element_type=\"container\" data-e-type=\"container\">\n\t\t\t\t<div class=\"elementor-element elementor-element-iwgs-kushti-litt elementor-widget elementor-widget-html\" data-id=\"iwgs-kushti-litt\" data-element_type=\"widget\" data-e-type=\"widget\" data-widget_type=\"html.default\">\n\t\t\t\t\t<footer data-nosnippet=\"true\"><ul><li>Mary Boyce: <em>Zoroastrians. Their Religious Beliefs and Practices<\/em> (1979)<\/li><li>Mary Boyce: <em>A History of Zoroastrianism<\/em> (1975 bis 1991)<\/li><li>Jenny Rose: <em>Zoroastrianism. An Introduction<\/em> (2011)<\/li><li>Michael Stausberg: <em>Die Religion Zarathushtras. Geschichte, Gegenwart, Rituale<\/em> (2002)<\/li><li>Jamsheed K. Choksy: <em>Purity and Pollution in Zoroastrianism<\/em> (1989)<\/li><\/ul><\/footer>\t\t\t\t<\/div>\n\t\t\t\t<\/div>\n\t\t\t\t\t<\/div>\n\t\t\t\t<\/div>\n\t\t<div class=\"elementor-element elementor-element-iwgs-kushti-kwd e-flex e-con-boxed e-con e-parent\" data-id=\"iwgs-kushti-kwd\" data-element_type=\"container\" data-e-type=\"container\">\n\t\t\t\t\t<div class=\"e-con-inner\">\n\t\t\t\t<div class=\"elementor-element elementor-element-iwgs-kushti-kwdt elementor-widget elementor-widget-text-editor\" data-id=\"iwgs-kushti-kwdt\" data-element_type=\"widget\" data-e-type=\"widget\" data-widget_type=\"text-editor.default\">\n\t\t\t\t\t\t\t\t\t<p><em>Tengd lykilhugt\u00f6k: Kushti Sedreh z\u00f3r\u00f3astrismi helg belti Parsar Ahura Mazda ullarbelti Zara\u00fe\u00fastra Faravahar.<\/em><\/p>\t\t\t\t\t\t\t\t<\/div>\n\t\t\t\t\t<\/div>\n\t\t\t\t<\/div>\n\t\t<div class=\"elementor-element elementor-element-iwgs-kushti-cc e-flex e-con-boxed e-con e-parent\" data-id=\"iwgs-kushti-cc\" data-element_type=\"container\" data-e-type=\"container\" id=\"iwg-cc-kushti\">\n\t\t\t\t\t<div class=\"e-con-inner\">\n\t\t<div class=\"elementor-element elementor-element-iwgs-kushti-ccinner e-flex e-con-boxed e-con e-parent\" data-id=\"iwgs-kushti-ccinner\" data-element_type=\"container\" data-e-type=\"container\" data-settings=\"{&quot;background_background&quot;:&quot;classic&quot;}\">\n\t\t\t\t\t<div class=\"e-con-inner\">\n\t\t\t\t<div class=\"elementor-element elementor-element-iwgs-kushti-cch elementor-widget elementor-widget-heading\" data-id=\"iwgs-kushti-cch\" data-element_type=\"widget\" data-e-type=\"widget\" data-widget_type=\"heading.default\">\n\t\t\t\t\t<h2 class=\"elementor-heading-title elementor-size-default\">iWell Guard og verndarhef\u00f0ir<\/h2>\t\t\t\t<\/div>\n\t\t\t\t<div class=\"elementor-element elementor-element-iwgs-kushti-cct elementor-widget elementor-widget-text-editor\" data-id=\"iwgs-kushti-cct\" data-element_type=\"widget\" data-e-type=\"widget\" data-widget_type=\"text-editor.default\">\n\t\t\t\t\t\t\t\t\t<p>iWell Guard er hluti af menningars\u00f6gulegri hef\u00f0 bur\u00f0arh\u00e6fra verndargripa, sem Kushti-belti\u00f0 heyrir einnig til. N\u00fat\u00edmalegur fylgihlutur fyrir f\u00f3lk sem lifir me\u00f0 verndart\u00e1knum: framleiddur \u00ed \u00de\u00fdskalandi, 41 lag af hreinu gulli, plat\u00ednu og silfri, me\u00f0 30 daga skilar\u00e9tti.<\/p>\t\t\t\t\t\t\t\t<\/div>\n\t\t\t\t<div class=\"elementor-element elementor-element-iwgs-kushti-ccb iwg-cc-button iwg-cc-cta-2026-05-13 elementor-widget elementor-widget-jet-button\" data-id=\"iwgs-kushti-ccb\" data-element_type=\"widget\" data-e-type=\"widget\" data-widget_type=\"jet-button.default\">\n\t\t\t\t<div class=\"elementor-widget-container\">\n\t\t\t\t\t<div class=\"elementor-jet-button jet-elements\"><div class=\"jet-button__container\"><a class=\"jet-button__instance jet-button__instance--icon-left hover-effect-1\" href=\"\/schutzanhaenger-iwell-guard-kaufen\/?utm_source=iwell-guard.com&amp;utm_medium=info-box&amp;utm_campaign=schutzsymbole\"><div class=\"jet-button__plane jet-button__plane-normal\"><\/div><div class=\"jet-button__plane jet-button__plane-hover\"><\/div><div class=\"jet-button__state jet-button__state-normal\"><span class=\"jet-button__label\">Meira um iWell Guard<\/span><\/div><div class=\"jet-button__state jet-button__state-hover\"><span class=\"jet-button__label\">Meira um iWell Guard<\/span><\/div><\/a><\/div><\/div><style>.elementor-element.elementor-element-iwgs-kushti-ccb .jet-button__instance{width:320px;height:56px;}.elementor-element.elementor-element-iwgs-kushti-ccb .jet-button__state-normal .jet-button__label{text-align:center;margin:0px 0px 0px 0px;color:#1a1b20;font-family:Montserrat,sans-serif;font-size:13px;font-weight:400;letter-spacing:4px;line-height:1.714em;text-transform:uppercase;}.elementor-element.elementor-element-iwgs-kushti-ccb .jet-button__state-hover .jet-button__label{text-align:center;margin:0px 0px 0px 0px;color:#FECC76;font-family:Montserrat,sans-serif;font-size:13px;font-weight:400;letter-spacing:4px;line-height:1.714em;text-transform:uppercase;}.elementor-element.elementor-element-iwgs-kushti-ccb .jet-button__plane-normal{background-color:#FECC76;border-style:solid;border-color:#C99540;border-width:2px 2px 2px 2px;}.elementor-element.elementor-element-iwgs-kushti-ccb .jet-button__plane-hover{background-color:rgba(0,0,0,0.55);border-style:solid;border-color:#FECC76;border-width:2px 2px 2px 2px;}<\/style>\t\t\t\t<\/div>\n\t\t\t\t<\/div>\n\t\t\t\t<div class=\"elementor-element elementor-element-iwgs-kushti-ccd elementor-widget elementor-widget-text-editor\" data-id=\"iwgs-kushti-ccd\" data-element_type=\"widget\" data-e-type=\"widget\" data-widget_type=\"text-editor.default\">\n\t\t\t\t\t\t\t\t\t<p style=\"text-align:center;font-size:13px;opacity:0.7;margin-top:14px\" data-nosnippet=\"true\">Pers\u00f3nuleg reynsla getur veri\u00f0 mismunandi. Ekki l\u00e6kningat\u00e6ki. Engin lofor\u00f0 um l\u00e6kningu.<\/p>\t\t\t\t\t\t\t\t<\/div>\n\t\t\t\t\t<\/div>\n\t\t\t\t<\/div>\n\t\t\t\t\t<\/div>\n\t\t\t\t<\/div>\n\t\t<div class=\"elementor-element elementor-element-iwgs-kushti-disc e-flex e-con-boxed e-con e-parent\" data-id=\"iwgs-kushti-disc\" data-element_type=\"container\" data-e-type=\"container\">\n\t\t\t\t\t<div class=\"e-con-inner\">\n\t\t\t\t<div class=\"elementor-element elementor-element-iwgs-kushti-discw elementor-widget elementor-widget-html\" data-id=\"iwgs-kushti-discw\" data-element_type=\"widget\" data-e-type=\"widget\" data-widget_type=\"html.default\">\n\t\t\t\t\t<footer data-nosnippet=\"true\" class=\"iwg-disclaimer-block\"><p data-nosnippet=\"true\">iWell Guard er <strong>ekki l\u00e6kningat\u00e6ki<\/strong> og kemur ekki \u00ed sta\u00f0 l\u00e6knis- e\u00f0a s\u00e1lfr\u00e6\u00f0ime\u00f0fer\u00f0ar. Innihaldi\u00f0 sem h\u00e9r er sett fram er tr\u00faarbrag\u00f0afr\u00e6\u00f0ileg og menningars\u00f6gulega greining, ekki lofor\u00f0 um andlega virkni.<\/p><\/footer>\t\t\t\t<\/div>\n\t\t\t\t\t<\/div>\n\t\t\t\t<\/div>\n\t\t\t\t<\/div>\n\t\t","protected":false},"excerpt":{"rendered":"","protected":false},"author":3,"featured_media":3569,"parent":0,"menu_order":0,"comment_status":"closed","ping_status":"closed","template":"elementor_header_footer","meta":{"_yoast_wpseo_focuskw":"Kushti","_yoast_wpseo_title":"Kushti - hi\u00f0 heilaga belti Zara\u00fe\u00fastratr\u00faarmanna","_yoast_wpseo_metadesc":"Kushti er hi\u00f0 heilaga fl\u00e9tta\u00f0a ullarbelti Zara\u00fe\u00fastratr\u00faarmanna, bori\u00f0 yfir hv\u00edtu Sedreh-skyrtunni. Uppruni og merking \u00fatsk\u00fdr\u00f0.","_yoast_wpseo_meta-robots-noindex":"","_yoast_wpseo_canonical":"","_angie_page":false,"gefaehrdungsstufe":"","wesen_kultur":"","wesen_klasse":"","footnotes":""},"categories":[],"class_list":["post-169221","page","type-page","status-publish","has-post-thumbnail","hentry"],"yoast_head":"<!-- This site is optimized with the Yoast SEO Premium plugin v27.7 (Yoast SEO v28.3) - https:\/\/yoast.com\/product\/yoast-seo-premium-wordpress\/ -->\n<title>Kushti - hi\u00f0 heilaga belti Zara\u00fe\u00fastratr\u00faarmanna<\/title>\n<meta name=\"description\" content=\"Kushti er hi\u00f0 heilaga fl\u00e9tta\u00f0a ullarbelti Zara\u00fe\u00fastratr\u00faarmanna, bori\u00f0 yfir hv\u00edtu Sedreh-skyrtunni. Uppruni og merking \u00fatsk\u00fdr\u00f0.\" \/>\n<meta name=\"robots\" content=\"index, follow, max-snippet:-1, max-image-preview:large, max-video-preview:-1\" \/>\n<link rel=\"canonical\" href=\"https:\/\/iwell-guard.com\/is\/kushti-heilagt-belti-zoroastra\/\" \/>\n<meta property=\"og:locale\" content=\"is_IS\" \/>\n<meta property=\"og:type\" content=\"article\" \/>\n<meta property=\"og:title\" content=\"Kushti \u2013 hi\u00f0 heilaga belti Zara\u00fe\u00fastratr\u00faarmanna\" \/>\n<meta property=\"og:description\" content=\"Kushti er hi\u00f0 heilaga fl\u00e9tta\u00f0a ullarbelti Zara\u00fe\u00fastratr\u00faarmanna, bori\u00f0 yfir hv\u00edtu Sedreh-skyrtunni. Uppruni og merking \u00fatsk\u00fdr\u00f0.\" \/>\n<meta property=\"og:url\" content=\"https:\/\/iwell-guard.com\/is\/kushti-heilagt-belti-zoroastra\/\" \/>\n<meta property=\"og:site_name\" content=\"iWell Guard\" \/>\n<meta property=\"article:modified_time\" content=\"2026-09-05T14:35:22+00:00\" \/>\n<meta property=\"og:image\" content=\"https:\/\/iwell-guard.com\/wp-content\/uploads\/2026\/05\/schutzsymbol_iran_kushti.webp\" \/>\n\t<meta property=\"og:image:width\" content=\"1024\" \/>\n\t<meta property=\"og:image:height\" content=\"1536\" \/>\n\t<meta property=\"og:image:type\" content=\"image\/webp\" \/>\n<meta name=\"twitter:card\" content=\"summary_large_image\" \/>\n<script type=\"application\/ld+json\" class=\"yoast-schema-graph\">{\"@context\":\"https:\\\/\\\/schema.org\",\"@graph\":[{\"@type\":\"WebPage\",\"@id\":\"https:\\\/\\\/iwell-guard.com\\\/is\\\/kushti-heilagt-belti-zoroastra\\\/\",\"url\":\"https:\\\/\\\/iwell-guard.com\\\/is\\\/kushti-heilagt-belti-zoroastra\\\/\",\"name\":\"Kushti - hi\u00f0 heilaga belti Zara\u00fe\u00fastratr\u00faarmanna\",\"isPartOf\":{\"@id\":\"https:\\\/\\\/iwell-guard.com\\\/is\\\/#website\"},\"primaryImageOfPage\":{\"@id\":\"https:\\\/\\\/iwell-guard.com\\\/is\\\/kushti-heilagt-belti-zoroastra\\\/#primaryimage\"},\"image\":{\"@id\":\"https:\\\/\\\/iwell-guard.com\\\/is\\\/kushti-heilagt-belti-zoroastra\\\/#primaryimage\"},\"thumbnailUrl\":\"https:\\\/\\\/iwell-guard.com\\\/wp-content\\\/uploads\\\/2026\\\/05\\\/schutzsymbol_iran_kushti.webp\",\"datePublished\":\"2026-09-05T14:06:36+00:00\",\"dateModified\":\"2026-09-05T14:35:22+00:00\",\"description\":\"Kushti er hi\u00f0 heilaga fl\u00e9tta\u00f0a ullarbelti Zara\u00fe\u00fastratr\u00faarmanna, bori\u00f0 yfir hv\u00edtu Sedreh-skyrtunni. Uppruni og merking \u00fatsk\u00fdr\u00f0.\",\"breadcrumb\":{\"@id\":\"https:\\\/\\\/iwell-guard.com\\\/is\\\/kushti-heilagt-belti-zoroastra\\\/#breadcrumb\"},\"inLanguage\":\"is\",\"potentialAction\":[{\"@type\":\"ReadAction\",\"target\":[\"https:\\\/\\\/iwell-guard.com\\\/is\\\/kushti-heilagt-belti-zoroastra\\\/\"]}]},{\"@type\":\"ImageObject\",\"inLanguage\":\"is\",\"@id\":\"https:\\\/\\\/iwell-guard.com\\\/is\\\/kushti-heilagt-belti-zoroastra\\\/#primaryimage\",\"url\":\"https:\\\/\\\/iwell-guard.com\\\/wp-content\\\/uploads\\\/2026\\\/05\\\/schutzsymbol_iran_kushti.webp\",\"contentUrl\":\"https:\\\/\\\/iwell-guard.com\\\/wp-content\\\/uploads\\\/2026\\\/05\\\/schutzsymbol_iran_kushti.webp\",\"width\":1024,\"height\":1536,\"caption\":\"Verndart\u00e1kn. Myndskreyting \u00ed safnst\u00edl.\"},{\"@type\":\"BreadcrumbList\",\"@id\":\"https:\\\/\\\/iwell-guard.com\\\/is\\\/kushti-heilagt-belti-zoroastra\\\/#breadcrumb\",\"itemListElement\":[{\"@type\":\"ListItem\",\"position\":1,\"name\":\"Start\",\"item\":\"https:\\\/\\\/iwell-guard.com\\\/is\\\/?page_id=168580\"},{\"@type\":\"ListItem\",\"position\":2,\"name\":\"Kushti \u2013 hi\u00f0 heilaga belti Zara\u00fe\u00fastratr\u00faarmanna\"}]},{\"@type\":\"WebSite\",\"@id\":\"https:\\\/\\\/iwell-guard.com\\\/is\\\/#website\",\"url\":\"https:\\\/\\\/iwell-guard.com\\\/is\\\/\",\"name\":\"iWell Guard\",\"description\":\"Schutz vor dunklen Einfl\u00fcssen\",\"publisher\":{\"@id\":\"https:\\\/\\\/iwell-guard.com\\\/is\\\/#organization\"},\"potentialAction\":[{\"@type\":\"SearchAction\",\"target\":{\"@type\":\"EntryPoint\",\"urlTemplate\":\"https:\\\/\\\/iwell-guard.com\\\/is\\\/?s={search_term_string}\"},\"query-input\":{\"@type\":\"PropertyValueSpecification\",\"valueRequired\":true,\"valueName\":\"search_term_string\"}}],\"inLanguage\":\"is\"},{\"@type\":\"Organization\",\"@id\":\"https:\\\/\\\/iwell-guard.com\\\/is\\\/#organization\",\"name\":\"Ittermann electronic GmbH\",\"url\":\"https:\\\/\\\/iwell-guard.com\\\/is\\\/\",\"logo\":{\"@type\":\"ImageObject\",\"inLanguage\":\"is\",\"@id\":\"https:\\\/\\\/iwell-guard.com\\\/is\\\/#\\\/schema\\\/logo\\\/image\\\/\",\"url\":\"https:\\\/\\\/iwell-guard.com\\\/wp-content\\\/uploads\\\/2026\\\/05\\\/Ittermann-Logo-1182x237-1.png\",\"contentUrl\":\"https:\\\/\\\/iwell-guard.com\\\/wp-content\\\/uploads\\\/2026\\\/05\\\/Ittermann-Logo-1182x237-1.png\",\"width\":1182,\"height\":237,\"caption\":\"Ittermann electronic GmbH\"},\"image\":{\"@id\":\"https:\\\/\\\/iwell-guard.com\\\/is\\\/#\\\/schema\\\/logo\\\/image\\\/\"},\"sameAs\":[\"https:\\\/\\\/pantip.com\\\/profile\\\/9367242\",\"https:\\\/\\\/micro.blog\\\/iwellguard\",\"https:\\\/\\\/www.diggerslist.com\\\/iwellguard\\\/about\",\"https:\\\/\\\/skitterphoto.com\\\/photographers\\\/2870314\\\/iwell-guard\",\"https:\\\/\\\/iwellguard.wordpress.com\\\/2026\\\/06\\\/06\\\/iwell-guard\\\/\",\"https:\\\/\\\/hub.docker.com\\\/u\\\/iwellguard\",\"https:\\\/\\\/www.pinterest.com\\\/iwellguard\\\/\",\"https:\\\/\\\/bit.ly\\\/m\\\/iwellguard\",\"https:\\\/\\\/entre-vos-mains.alsace.eu\\\/profiles\\\/iwellguard\\\/activity\",\"https:\\\/\\\/gravatar.com\\\/reallybeded8fd34\",\"https:\\\/\\\/naijamatta.com\\\/iwellguard\",\"https:\\\/\\\/www.goodreads.com\\\/iwellguard\",\"https:\\\/\\\/profile.hatena.ne.jp\\\/iwellguard\\\/\",\"https:\\\/\\\/experiment.com\\\/users\\\/iwellguard\",\"https:\\\/\\\/wakelet.com\\\/@iWellGuard82270\",\"https:\\\/\\\/www.chordie.com\\\/forum\\\/profile.php?id=2555664\",\"https:\\\/\\\/www.instapaper.com\\\/p\\\/17757966\",\"https:\\\/\\\/www.mapleprimes.com\\\/users\\\/iwellguard\",\"https:\\\/\\\/businesslistingplus.com\\\/profile\\\/iwell-guard\\\/\",\"https:\\\/\\\/telegra.ph\\\/iWell-Guard-06-06\",\"https:\\\/\\\/pbase.com\\\/iwellguard\\\/iwellguard\",\"https:\\\/\\\/b.hatena.ne.jp\\\/iwellguard\\\/20260607#bookmark-4788405196491818882\",\"https:\\\/\\\/fliphtml5.com\\\/home\\\/iwellguard\",\"https:\\\/\\\/anyflip.com\\\/homepage\\\/cmiwl#About\",\"https:\\\/\\\/transfur.com\\\/Users\\\/iwellguard\",\"http:\\\/\\\/delphi.larsbo.org\\\/user\\\/iwellguard\",\"https:\\\/\\\/jobs.lajobsportal.org\\\/profiles\\\/8380803-iwell-guard\",\"https:\\\/\\\/md.chaosdorf.de\\\/s\\\/jfbe5SBdJD\",\"https:\\\/\\\/www.lingvolive.com\\\/en-us\\\/profile\\\/9ecaeaca-ce11-4e51-9e71-01d55e2bff36\\\/translations\",\"https:\\\/\\\/www.fitday.com\\\/fitness\\\/forums\\\/members\\\/iwellguard.html\",\"https:\\\/\\\/www.mymeetbook.com\\\/iwellguard\",\"https:\\\/\\\/pxhere.com\\\/en\\\/photographer-me\\\/5040798\",\"https:\\\/\\\/disqus.com\\\/by\\\/iwellguard\\\/about\\\/\",\"https:\\\/\\\/pastelink.net\\\/hjwciqwq\",\"https:\\\/\\\/pubhtml5.com\\\/homepage\\\/scjhn\\\/\",\"https:\\\/\\\/www.bitchute.com\\\/channel\\\/2O2eOKzNqujT\",\"https:\\\/\\\/audiomack.com\\\/iwellguard\"]}]}<\/script>\n<!-- \/ Yoast SEO Premium plugin. -->","yoast_head_json":{"title":"Kushti - hi\u00f0 heilaga belti Zara\u00fe\u00fastratr\u00faarmanna","description":"Kushti er hi\u00f0 heilaga fl\u00e9tta\u00f0a ullarbelti Zara\u00fe\u00fastratr\u00faarmanna, bori\u00f0 yfir hv\u00edtu Sedreh-skyrtunni. Uppruni og merking \u00fatsk\u00fdr\u00f0.","robots":{"index":"index","follow":"follow","max-snippet":"max-snippet:-1","max-image-preview":"max-image-preview:large","max-video-preview":"max-video-preview:-1"},"canonical":"https:\/\/iwell-guard.com\/is\/kushti-heilagt-belti-zoroastra\/","og_locale":"is_IS","og_type":"article","og_title":"Kushti \u2013 hi\u00f0 heilaga belti Zara\u00fe\u00fastratr\u00faarmanna","og_description":"Kushti er hi\u00f0 heilaga fl\u00e9tta\u00f0a ullarbelti Zara\u00fe\u00fastratr\u00faarmanna, bori\u00f0 yfir hv\u00edtu Sedreh-skyrtunni. Uppruni og merking \u00fatsk\u00fdr\u00f0.","og_url":"https:\/\/iwell-guard.com\/is\/kushti-heilagt-belti-zoroastra\/","og_site_name":"iWell Guard","article_modified_time":"2026-09-05T14:35:22+00:00","og_image":[{"width":1024,"height":1536,"url":"https:\/\/iwell-guard.com\/wp-content\/uploads\/2026\/05\/schutzsymbol_iran_kushti.webp","type":"image\/webp"}],"twitter_card":"summary_large_image","schema":{"@context":"https:\/\/schema.org","@graph":[{"@type":"WebPage","@id":"https:\/\/iwell-guard.com\/is\/kushti-heilagt-belti-zoroastra\/","url":"https:\/\/iwell-guard.com\/is\/kushti-heilagt-belti-zoroastra\/","name":"Kushti - hi\u00f0 heilaga belti Zara\u00fe\u00fastratr\u00faarmanna","isPartOf":{"@id":"https:\/\/iwell-guard.com\/is\/#website"},"primaryImageOfPage":{"@id":"https:\/\/iwell-guard.com\/is\/kushti-heilagt-belti-zoroastra\/#primaryimage"},"image":{"@id":"https:\/\/iwell-guard.com\/is\/kushti-heilagt-belti-zoroastra\/#primaryimage"},"thumbnailUrl":"https:\/\/iwell-guard.com\/wp-content\/uploads\/2026\/05\/schutzsymbol_iran_kushti.webp","datePublished":"2026-09-05T14:06:36+00:00","dateModified":"2026-09-05T14:35:22+00:00","description":"Kushti er hi\u00f0 heilaga fl\u00e9tta\u00f0a ullarbelti Zara\u00fe\u00fastratr\u00faarmanna, bori\u00f0 yfir hv\u00edtu Sedreh-skyrtunni. Uppruni og merking \u00fatsk\u00fdr\u00f0.","breadcrumb":{"@id":"https:\/\/iwell-guard.com\/is\/kushti-heilagt-belti-zoroastra\/#breadcrumb"},"inLanguage":"is","potentialAction":[{"@type":"ReadAction","target":["https:\/\/iwell-guard.com\/is\/kushti-heilagt-belti-zoroastra\/"]}]},{"@type":"ImageObject","inLanguage":"is","@id":"https:\/\/iwell-guard.com\/is\/kushti-heilagt-belti-zoroastra\/#primaryimage","url":"https:\/\/iwell-guard.com\/wp-content\/uploads\/2026\/05\/schutzsymbol_iran_kushti.webp","contentUrl":"https:\/\/iwell-guard.com\/wp-content\/uploads\/2026\/05\/schutzsymbol_iran_kushti.webp","width":1024,"height":1536,"caption":"Verndart\u00e1kn. Myndskreyting \u00ed safnst\u00edl."},{"@type":"BreadcrumbList","@id":"https:\/\/iwell-guard.com\/is\/kushti-heilagt-belti-zoroastra\/#breadcrumb","itemListElement":[{"@type":"ListItem","position":1,"name":"Start","item":"https:\/\/iwell-guard.com\/is\/?page_id=168580"},{"@type":"ListItem","position":2,"name":"Kushti \u2013 hi\u00f0 heilaga belti Zara\u00fe\u00fastratr\u00faarmanna"}]},{"@type":"WebSite","@id":"https:\/\/iwell-guard.com\/is\/#website","url":"https:\/\/iwell-guard.com\/is\/","name":"iWell Guard","description":"Schutz vor dunklen Einfl\u00fcssen","publisher":{"@id":"https:\/\/iwell-guard.com\/is\/#organization"},"potentialAction":[{"@type":"SearchAction","target":{"@type":"EntryPoint","urlTemplate":"https:\/\/iwell-guard.com\/is\/?s={search_term_string}"},"query-input":{"@type":"PropertyValueSpecification","valueRequired":true,"valueName":"search_term_string"}}],"inLanguage":"is"},{"@type":"Organization","@id":"https:\/\/iwell-guard.com\/is\/#organization","name":"Ittermann electronic GmbH","url":"https:\/\/iwell-guard.com\/is\/","logo":{"@type":"ImageObject","inLanguage":"is","@id":"https:\/\/iwell-guard.com\/is\/#\/schema\/logo\/image\/","url":"https:\/\/iwell-guard.com\/wp-content\/uploads\/2026\/05\/Ittermann-Logo-1182x237-1.png","contentUrl":"https:\/\/iwell-guard.com\/wp-content\/uploads\/2026\/05\/Ittermann-Logo-1182x237-1.png","width":1182,"height":237,"caption":"Ittermann electronic GmbH"},"image":{"@id":"https:\/\/iwell-guard.com\/is\/#\/schema\/logo\/image\/"},"sameAs":["https:\/\/pantip.com\/profile\/9367242","https:\/\/micro.blog\/iwellguard","https:\/\/www.diggerslist.com\/iwellguard\/about","https:\/\/skitterphoto.com\/photographers\/2870314\/iwell-guard","https:\/\/iwellguard.wordpress.com\/2026\/06\/06\/iwell-guard\/","https:\/\/hub.docker.com\/u\/iwellguard","https:\/\/www.pinterest.com\/iwellguard\/","https:\/\/bit.ly\/m\/iwellguard","https:\/\/entre-vos-mains.alsace.eu\/profiles\/iwellguard\/activity","https:\/\/gravatar.com\/reallybeded8fd34","https:\/\/naijamatta.com\/iwellguard","https:\/\/www.goodreads.com\/iwellguard","https:\/\/profile.hatena.ne.jp\/iwellguard\/","https:\/\/experiment.com\/users\/iwellguard","https:\/\/wakelet.com\/@iWellGuard82270","https:\/\/www.chordie.com\/forum\/profile.php?id=2555664","https:\/\/www.instapaper.com\/p\/17757966","https:\/\/www.mapleprimes.com\/users\/iwellguard","https:\/\/businesslistingplus.com\/profile\/iwell-guard\/","https:\/\/telegra.ph\/iWell-Guard-06-06","https:\/\/pbase.com\/iwellguard\/iwellguard","https:\/\/b.hatena.ne.jp\/iwellguard\/20260607#bookmark-4788405196491818882","https:\/\/fliphtml5.com\/home\/iwellguard","https:\/\/anyflip.com\/homepage\/cmiwl#About","https:\/\/transfur.com\/Users\/iwellguard","http:\/\/delphi.larsbo.org\/user\/iwellguard","https:\/\/jobs.lajobsportal.org\/profiles\/8380803-iwell-guard","https:\/\/md.chaosdorf.de\/s\/jfbe5SBdJD","https:\/\/www.lingvolive.com\/en-us\/profile\/9ecaeaca-ce11-4e51-9e71-01d55e2bff36\/translations","https:\/\/www.fitday.com\/fitness\/forums\/members\/iwellguard.html","https:\/\/www.mymeetbook.com\/iwellguard","https:\/\/pxhere.com\/en\/photographer-me\/5040798","https:\/\/disqus.com\/by\/iwellguard\/about\/","https:\/\/pastelink.net\/hjwciqwq","https:\/\/pubhtml5.com\/homepage\/scjhn\/","https:\/\/www.bitchute.com\/channel\/2O2eOKzNqujT","https:\/\/audiomack.com\/iwellguard"]}]}},"_links":{"self":[{"href":"https:\/\/iwell-guard.com\/is\/wp-json\/wp\/v2\/pages\/169221","targetHints":{"allow":["GET"]}}],"collection":[{"href":"https:\/\/iwell-guard.com\/is\/wp-json\/wp\/v2\/pages"}],"about":[{"href":"https:\/\/iwell-guard.com\/is\/wp-json\/wp\/v2\/types\/page"}],"author":[{"embeddable":true,"href":"https:\/\/iwell-guard.com\/is\/wp-json\/wp\/v2\/users\/3"}],"replies":[{"embeddable":true,"href":"https:\/\/iwell-guard.com\/is\/wp-json\/wp\/v2\/comments?post=169221"}],"version-history":[{"count":0,"href":"https:\/\/iwell-guard.com\/is\/wp-json\/wp\/v2\/pages\/169221\/revisions"}],"wp:featuredmedia":[{"embeddable":true,"href":"https:\/\/iwell-guard.com\/is\/wp-json\/wp\/v2\/media\/3569"}],"wp:attachment":[{"href":"https:\/\/iwell-guard.com\/is\/wp-json\/wp\/v2\/media?parent=169221"}],"wp:term":[{"taxonomy":"category","embeddable":true,"href":"https:\/\/iwell-guard.com\/is\/wp-json\/wp\/v2\/categories?post=169221"}],"curies":[{"name":"wp","href":"https:\/\/api.w.org\/{rel}","templated":true}]}}