{"id":169220,"date":"2026-09-05T14:06:36","date_gmt":"2026-09-05T14:06:36","guid":{"rendered":"https:\/\/iwell-guard.com\/?page_id=169220"},"modified":"2026-09-05T14:35:20","modified_gmt":"2026-09-05T14:35:20","slug":"eleggua-vardhaus-vid-dyr","status":"publish","type":"page","link":"https:\/\/iwell-guard.com\/is\/eleggua-vardhaus-vid-dyr\/","title":{"rendered":"Eleggua \u2013 verndarhausi\u00f0 vi\u00f0 dyrainnganginn"},"content":{"rendered":"\t\t<div data-elementor-type=\"wp-page\" data-elementor-id=\"169220\" class=\"elementor elementor-169220 elementor-3712 elementor-bc-flex-widget\" data-elementor-post-type=\"page\">\n\t\t\t\t<div class=\"elementor-element elementor-element-iwgs-eleggua-hero e-flex e-con-boxed e-con e-parent\" data-id=\"iwgs-eleggua-hero\" data-element_type=\"container\" data-e-type=\"container\">\n\t\t\t\t\t<div class=\"e-con-inner\">\n\t\t<div class=\"elementor-element elementor-element-iwgs-eleggua-hl e-flex e-con-boxed e-con e-parent\" data-id=\"iwgs-eleggua-hl\" data-element_type=\"container\" data-e-type=\"container\">\n\t\t\t\t\t<div class=\"e-con-inner\">\n\t\t<div class=\"elementor-element elementor-element-iwgs-eleggua-hlbox e-con-full e-flex e-con e-parent\" data-id=\"iwgs-eleggua-hlbox\" data-element_type=\"container\" data-e-type=\"container\">\n\t\t\t\t<div class=\"elementor-element elementor-element-iwgs-eleggua-h1 elementor-widget elementor-widget-heading\" data-id=\"iwgs-eleggua-h1\" data-element_type=\"widget\" data-e-type=\"widget\" data-widget_type=\"heading.default\">\n\t\t\t\t\t<h1 class=\"elementor-heading-title elementor-size-default\">Eleggua \u2013 verndarhausi\u00f0 vi\u00f0 dyrainnganginn \u00ed Santeria<\/h1>\t\t\t\t<\/div>\n\t\t\t\t<div class=\"elementor-element elementor-element-iwgs-eleggua-lead elementor-widget elementor-widget-text-editor\" data-id=\"iwgs-eleggua-lead\" data-element_type=\"widget\" data-e-type=\"widget\" data-widget_type=\"text-editor.default\">\n\t\t\t\t\t\t\t\t\t<p>Eleggua er mikilv\u00e6g vera \u00ed Santeria, k\u00fabverskum tr\u00faarbr\u00f6g\u00f0um me\u00f0 r\u00e6tur \u00ed Vestur-Afr\u00edku. Vi\u00f0 \u00fatidyr er hann ger\u00f0ur \u00e1\u00fereifanlegur me\u00f0 litlu h\u00f6f\u00f0i \u00far steinsteypu me\u00f0 \u00edgreyptum k\u00far\u00ed-skeljum.<\/p>\n<p class=\"iwg-kwfix\">Eleggua er settur upp sem verndarhaus vi\u00f0 \u00fatidyr og vaktar \u00fer\u00f6skuldinn.<\/p>\t\t\t\t\t\t\t\t<\/div>\n\t\t\t\t<\/div>\n\t\t\t\t<div class=\"elementor-element elementor-element-iwgs-eleggua-pills elementor-widget elementor-widget-html\" data-id=\"iwgs-eleggua-pills\" data-element_type=\"widget\" data-e-type=\"widget\" data-widget_type=\"html.default\">\n\t\t\t\t\t<div class=\"iwg-pill-row\"><span class=\"iwg-klasse-badge\" tabindex=\"0\" data-tooltip=\"Verndart\u00e1kn, gripur e\u00f0a apotropa\u00edsk v\u00f6rn.\">Verndart\u00e1kn<\/span><a href=\"https:\/\/iwell-guard.com\/is\/afrikansk-karibiskar-hefdir-vodou-santeria-candomble\/\" class=\"iwg-kultur-badge\" tabindex=\"0\" data-tooltip=\"Verndarhef\u00f0: Afr\u00edsk-kar\u00edbskar hef\u00f0ir\">Afr\u00edsk-kar\u00edbskar hef\u00f0ir<\/a><span class=\"iwg-tradition-badge\" tabindex=\"0\" data-tooltip=\"Vera sem talin er hafa verndandi \u00e1hrif.\">Verndarvera<\/span><\/div>\t\t\t\t<\/div>\n\t\t\t\t\t<\/div>\n\t\t\t\t<\/div>\n\t\t<div class=\"elementor-element elementor-element-iwgs-eleggua-hr e-con-full e-flex e-con e-parent\" data-id=\"iwgs-eleggua-hr\" data-element_type=\"container\" data-e-type=\"container\">\n\t\t\t\t<div class=\"elementor-element elementor-element-iwgs-eleggua-himg iwg-hero-image elementor-widget elementor-widget-image\" data-id=\"iwgs-eleggua-himg\" data-element_type=\"widget\" data-e-type=\"widget\" data-widget_type=\"image.default\">\n\t\t\t\t\t\t\t\t\t\t\t\t\t\t\t<img fetchpriority=\"high\" decoding=\"async\" width=\"683\" height=\"1024\" src=\"https:\/\/iwell-guard.com\/wp-content\/uploads\/2026\/05\/schutzsymbol_afrika_eleggua-683x1024.webp\" class=\"attachment-large size-large wp-image-170499\" alt=\"Eleggua - verndart\u00e1kn, safnfr\u00e6\u00f0ileg mynd\" srcset=\"https:\/\/iwell-guard.com\/wp-content\/uploads\/2026\/05\/schutzsymbol_afrika_eleggua-683x1024.webp 683w, https:\/\/iwell-guard.com\/wp-content\/uploads\/2026\/05\/schutzsymbol_afrika_eleggua-200x300.webp 200w, https:\/\/iwell-guard.com\/wp-content\/uploads\/2026\/05\/schutzsymbol_afrika_eleggua-768x1152.webp 768w, https:\/\/iwell-guard.com\/wp-content\/uploads\/2026\/05\/schutzsymbol_afrika_eleggua.webp 1024w\" sizes=\"(max-width: 683px) 100vw, 683px\" \/>\t\t\t\t\t\t\t\t\t\t\t\t\t\t\t<\/div>\n\t\t\t\t<\/div>\n\t\t\t\t\t<\/div>\n\t\t\t\t<\/div>\n\t\t<div class=\"elementor-element elementor-element-iwgs-eleggua-s0 e-flex e-con-boxed e-con e-parent\" data-id=\"iwgs-eleggua-s0\" data-element_type=\"container\" data-e-type=\"container\">\n\t\t\t\t\t<div class=\"e-con-inner\">\n\t\t\t\t<div class=\"elementor-element elementor-element-iwgs-eleggua-s0h elementor-widget elementor-widget-heading\" data-id=\"iwgs-eleggua-s0h\" data-element_type=\"widget\" data-e-type=\"widget\" data-widget_type=\"heading.default\">\n\t\t\t\t\t<h2 class=\"elementor-heading-title elementor-size-default\">Yfirlit<\/h2>\t\t\t\t<\/div>\n\t\t<div class=\"elementor-element elementor-element-iwgs-eleggua-s0box e-con-full e-flex e-con e-parent\" data-id=\"iwgs-eleggua-s0box\" data-element_type=\"container\" data-e-type=\"container\">\n\t\t\t\t<div class=\"elementor-element elementor-element-iwgs-eleggua-s0t elementor-widget elementor-widget-text-editor\" data-id=\"iwgs-eleggua-s0t\" data-element_type=\"widget\" data-e-type=\"widget\" data-widget_type=\"text-editor.default\">\n\t\t\t\t\t\t\t\t\t<p>Eleggua er mikilv\u00e6g vera \u00ed Santeria. Santeria eru tr\u00faarbr\u00f6g\u00f0 sem ur\u00f0u til \u00e1 K\u00fabu upp \u00far r\u00f3tum \u00ed Vestur-Afr\u00edku og heyra til <a href=\"https:\/\/iwell-guard.com\/is\/afrikansk-karibiskar-hefdir-vodou-santeria-candomble\/\">afr\u00edsk-kar\u00edbskra hef\u00f0a<\/a>.<\/p><p>Eleggua er einn af orisha, hinum tignu\u00f0u verum Santeria. Hann er vera veganna, dyranna og \u00fer\u00f6skuldanna, v\u00f6r\u00f0ur umbreytinganna.<\/p><p>Vi\u00f0 \u00fatidyr er Eleggua ger\u00f0ur \u00e1\u00fereifanlegur me\u00f0 litlum grip. Hann er venjulega h\u00f6fu\u00f0 \u00far steinsteypu, \u00fear sem k\u00far\u00ed-skeljar eru \u00edgreyptar sem myndar augu og munn.<\/p><p>\u00deetta Eleggua-h\u00f6fu\u00f0 er sett upp vi\u00f0 inngang h\u00fasins e\u00f0a haldi\u00f0 n\u00e1l\u00e6gt honum. \u00dea\u00f0an vaktar Eleggua \u00fer\u00f6skuldinn og verndar h\u00fasi\u00f0 fr\u00e1 \u00f3g\u00e6fu.<\/p><p>\u00cd <span class=\"iwg-fachbegriff\" data-tooltip=\"V\u00edsindin sem rannsaka tr\u00faarbr\u00f6g\u00f0 samanbur\u00f0arlega og \u00e1n tr\u00faarlegrar skuldbindingar.\" tabindex=\"0\">tr\u00faarbrag\u00f0afr\u00e6\u00f0um<\/span> er Eleggua-h\u00f6fu\u00f0i\u00f0 gott d\u00e6mi um verndarveru sem g\u00e6tir sta\u00f0ar. H\u00fan er bundin \u00fer\u00f6skuldinum og vaktar umskiptin b\u00e6\u00f0i \u00fat og inn.<\/p><p>\u00deessi s\u00ed\u00f0a fjallar um Eleggua \u00fat fr\u00e1 sj\u00f3narhorni verndar. H\u00fan kynnir veru Elegguas, st\u00f6\u00f0u hans \u00ed Santeria og Eleggua-h\u00f6fu\u00f0i\u00f0 vi\u00f0 \u00fatidyr.<\/p>\t\t\t\t\t\t\t\t<\/div>\n\t\t\t\t<\/div>\n\t\t\t\t\t<\/div>\n\t\t\t\t<\/div>\n\t\t<div class=\"elementor-element elementor-element-iwgs-eleggua-s1 e-flex e-con-boxed e-con e-parent\" data-id=\"iwgs-eleggua-s1\" data-element_type=\"container\" data-e-type=\"container\">\n\t\t\t\t\t<div class=\"e-con-inner\">\n\t\t\t\t<div class=\"elementor-element elementor-element-iwgs-eleggua-s1h elementor-widget elementor-widget-heading\" data-id=\"iwgs-eleggua-s1h\" data-element_type=\"widget\" data-e-type=\"widget\" data-widget_type=\"heading.default\">\n\t\t\t\t\t<h2 class=\"elementor-heading-title elementor-size-default\">Santeria og saga hennar<\/h2>\t\t\t\t<\/div>\n\t\t<div class=\"elementor-element elementor-element-iwgs-eleggua-s1box e-con-full e-flex e-con e-parent\" data-id=\"iwgs-eleggua-s1box\" data-element_type=\"container\" data-e-type=\"container\">\n\t\t\t\t<div class=\"elementor-element elementor-element-iwgs-eleggua-s1t elementor-widget elementor-widget-text-editor\" data-id=\"iwgs-eleggua-s1t\" data-element_type=\"widget\" data-e-type=\"widget\" data-widget_type=\"text-editor.default\">\n\t\t\t\t\t\t\t\t\t<p>Santeria eru tr\u00faarbr\u00f6g\u00f0 sem ur\u00f0u til \u00e1 K\u00fabu. R\u00e6tur \u00feeirra liggja hj\u00e1 Yoruba, \u00fej\u00f3\u00f0 \u00ed n\u00faverandi N\u00edger\u00edu og a\u00f0liggjandi sv\u00e6\u00f0um Vestur-Afr\u00edku.<\/p><p>\u00cd tengslum vi\u00f0 \u00fer\u00e6laverslunina yfir Atlantshafi\u00f0 voru margir Yoruba flutt nau\u00f0ug til K\u00fabu. Me\u00f0 \u00feeim fer\u00f0a\u00f0ist tr\u00fa \u00feeirra, me\u00f0 orisha og hugmyndum \u00feeirra.<\/p><p>\u00c1 K\u00fabu m\u00e6ttu Yoruba ka\u00fe\u00f3lskri tr\u00fa sp\u00e6nskra n\u00fdlenduherra. Undir \u00e1lagi a\u00f0st\u00e6\u00f0na sameinu\u00f0ust \u00feessar tv\u00e6r arfleif\u00f0ir \u00e1 margv\u00edslegan h\u00e1tt.<\/p><p>\u00deannig voru orisha a\u00f0 hluta tengd ka\u00fe\u00f3lskum d\u00fdrlingum. \u00deessi tenging ger\u00f0i m\u00f6gulegt a\u00f0 halda \u00e1fram hinni hef\u00f0bundnu tignun undir yfirskini ka\u00fe\u00f3lskrar <span class=\"iwg-fachbegriff\" data-tooltip=\"Lifu\u00f0 tr\u00faarleg afsta\u00f0a og i\u00f0kun einstaklings.\" tabindex=\"0\">gu\u00f0r\u00e6kni<\/span>.<\/p><p>Nafni\u00f0 Santeria v\u00edsar til \u00feessarar tengingar. Nafni\u00f0 Regla de Ocha, e\u00f0a tr\u00fa orishanna, er heiti sem margir fylgjendur telja r\u00e9ttnefni.<\/p><p>Santeria eru \u00feannig tr\u00faarbr\u00f6g\u00f0 af bl\u00f6ndu\u00f0um uppruna. \u00deau var\u00f0veita vestur-afr\u00edsku arfleif\u00f0 Yoruba og tengja hana \u00e1hrifum sem tekin voru upp \u00e1 K\u00fabu.<\/p>\t\t\t\t\t\t\t\t<\/div>\n\t\t\t\t<\/div>\n\t\t\t\t\t<\/div>\n\t\t\t\t<\/div>\n\t\t<div class=\"elementor-element elementor-element-iwgs-eleggua-s2 e-flex e-con-boxed e-con e-parent\" data-id=\"iwgs-eleggua-s2\" data-element_type=\"container\" data-e-type=\"container\">\n\t\t\t\t\t<div class=\"e-con-inner\">\n\t\t\t\t<div class=\"elementor-element elementor-element-iwgs-eleggua-s2h elementor-widget elementor-widget-heading\" data-id=\"iwgs-eleggua-s2h\" data-element_type=\"widget\" data-e-type=\"widget\" data-widget_type=\"heading.default\">\n\t\t\t\t\t<h2 class=\"elementor-heading-title elementor-size-default\">Eleggua, orisha veganna<\/h2>\t\t\t\t<\/div>\n\t\t<div class=\"elementor-element elementor-element-iwgs-eleggua-s2box e-con-full e-flex e-con e-parent\" data-id=\"iwgs-eleggua-s2box\" data-element_type=\"container\" data-e-type=\"container\">\n\t\t\t\t<div class=\"elementor-element elementor-element-iwgs-eleggua-s2t elementor-widget elementor-widget-text-editor\" data-id=\"iwgs-eleggua-s2t\" data-element_type=\"widget\" data-e-type=\"widget\" data-widget_type=\"text-editor.default\">\n\t\t\t\t\t\t\t\t\t<p>Eleggua er einn af mikilv\u00e6gustu orisha Santeria. Hann er vera veganna, dyranna, \u00fer\u00f6skuldanna og gatnam\u00f3tanna.<\/p><p>Sem v\u00f6r\u00f0ur umbreytinganna hefur Eleggua lykilst\u00f6\u00f0u. Hann opnar og lokar vegunum. \u00c1n hans getur, samkv\u00e6mt skilningi Santeria, engu or\u00f0i\u00f0 framgengt.<\/p><p>Af \u00feessari \u00e1st\u00e6\u00f0u er Eleggua \u00e1vallt \u00e1kalla\u00f0ur fyrst vi\u00f0 m\u00f6rg tilefni. Hann er veran sem s\u00e9rhver ath\u00f6fn hefst me\u00f0, \u00fev\u00ed hann \u00fearf a\u00f0 opna veginn fyrir m\u00e1lefni\u00f0.<\/p><p>Eleggua hefur margbroti\u00f0 e\u00f0li. Hann er talinn v\u00f6r\u00f0ur og hj\u00e1lpari, en samt\u00edmis \u00f3fyrirsj\u00e1anlegur og hneig\u00f0ur til skopleikja. \u00deessi margbreytni er hluti af e\u00f0li hans.<\/p><p>Eleggua er oft tengdur litunum rau\u00f0um og sv\u00f6rtum. \u00deessir litir birtast \u00e1 gripum hans og \u00fev\u00ed sem honum er <span class=\"iwg-fachbegriff\" data-tooltip=\"Afhent hinu heilaga me\u00f0 tr\u00faarlegri ath\u00f6fn og \u00fear me\u00f0 dregi\u00f0 upp \u00far hversdagsleikanum.\" tabindex=\"0\">helga\u00f0<\/span>.<\/p><p>Sem orisha \u00fer\u00f6skuldanna er Eleggua \u00ed e\u00f0li s\u00ednu bundinn \u00fatidyrunum. Inngangurinn er \u00fer\u00f6skuldur h\u00fasins, og a\u00f0 vakta hann er s\u00e9rstakt hlutverk Elegguas.<\/p>\t\t\t\t\t\t\t\t<\/div>\n\t\t\t\t<\/div>\n\t\t\t\t\t<\/div>\n\t\t\t\t<\/div>\n\t\t<div class=\"elementor-element elementor-element-iwgs-eleggua-s3 e-flex e-con-boxed e-con e-parent\" data-id=\"iwgs-eleggua-s3\" data-element_type=\"container\" data-e-type=\"container\">\n\t\t\t\t\t<div class=\"e-con-inner\">\n\t\t\t\t<div class=\"elementor-element elementor-element-iwgs-eleggua-s3h elementor-widget elementor-widget-heading\" data-id=\"iwgs-eleggua-s3h\" data-element_type=\"widget\" data-e-type=\"widget\" data-widget_type=\"heading.default\">\n\t\t\t\t\t<h2 class=\"elementor-heading-title elementor-size-default\">H\u00f6fu\u00f0i\u00f0 \u00far steinsteypu og k\u00far\u00ed-skeljum<\/h2>\t\t\t\t<\/div>\n\t\t<div class=\"elementor-element elementor-element-iwgs-eleggua-s3box e-con-full e-flex e-con e-parent\" data-id=\"iwgs-eleggua-s3box\" data-element_type=\"container\" data-e-type=\"container\">\n\t\t\t\t<div class=\"elementor-element elementor-element-iwgs-eleggua-s3t elementor-widget elementor-widget-text-editor\" data-id=\"iwgs-eleggua-s3t\" data-element_type=\"widget\" data-e-type=\"widget\" data-widget_type=\"text-editor.default\">\n\t\t\t\t\t\t\t\t\t<p>Vi\u00f0 \u00fatidyr er Eleggua ger\u00f0ur \u00e1\u00fereifanlegur me\u00f0 litlum grip. Hann hefur venjulega form h\u00f6fu\u00f0s og er \u00far steinsteypu.<\/p><p>Steinsteypunni er m\u00f3tu\u00f0 \u00ed r\u00fanna\u00f0a form sem gefur til kynna h\u00f6fu\u00f0. \u00cd \u00feetta form eru \u00edgreyptar k\u00far\u00ed-skeljar sem myndar augu, munn og oft fleiri dr\u00e6tti.<\/p><p>K\u00far\u00ed-skeljin hefur s\u00e9rstaka merkingu \u00ed afr\u00edsk-kar\u00edbskum tr\u00faarbr\u00f6g\u00f0um. H\u00fan var notu\u00f0 sem gjaldmi\u00f0ill \u00ed Vestur-Afr\u00edku og er notu\u00f0 \u00ed Santeria fyrir helga gripi.<\/p><p>\u00cd Eleggua-h\u00f6fu\u00f0inu myndar k\u00far\u00ed-skeljin andliti\u00f0. \u00de\u00e6r gefa h\u00f6f\u00f0inu dr\u00e6tti \u00feess og svip. \u00dar einfaldri steinsteypu ver\u00f0ur \u00feannig vera me\u00f0 andlit.<\/p><p>Vi\u00f0 ger\u00f0ina eru valdir hlutir lag\u00f0ir inn \u00ed h\u00f6fu\u00f0i\u00f0. Fyrst me\u00f0 \u00feessum hlutum ver\u00f0ur h\u00f6fu\u00f0i\u00f0 \u00fea\u00f0 sem \u00fea\u00f0 er tali\u00f0 vera, birting Elegguas.<\/p><p>Eleggua-h\u00f6fu\u00f0i\u00f0 er \u00feannig samsetning \u00far mynd og hylki. Steinsteypuformi\u00f0 me\u00f0 k\u00far\u00ed-skeljunum gefur s\u00fdnilegt andlit, en hlutirnir sem lag\u00f0ir eru inn gefa hi\u00f0 var\u00f0veitta kjarna.<\/p>\t\t\t\t\t\t\t\t<\/div>\n\t\t\t\t<\/div>\n\t\t\t\t\t<\/div>\n\t\t\t\t<\/div>\n\t\t<div class=\"elementor-element elementor-element-iwgs-eleggua-s4 e-flex e-con-boxed e-con e-parent\" data-id=\"iwgs-eleggua-s4\" data-element_type=\"container\" data-e-type=\"container\">\n\t\t\t\t\t<div class=\"e-con-inner\">\n\t\t\t\t<div class=\"elementor-element elementor-element-iwgs-eleggua-s4h elementor-widget elementor-widget-heading\" data-id=\"iwgs-eleggua-s4h\" data-element_type=\"widget\" data-e-type=\"widget\" data-widget_type=\"heading.default\">\n\t\t\t\t\t<h2 class=\"elementor-heading-title elementor-size-default\">Eleggua vi\u00f0 \u00fatidyr<\/h2>\t\t\t\t<\/div>\n\t\t<div class=\"elementor-element elementor-element-iwgs-eleggua-s4box e-con-full e-flex e-con e-parent\" data-id=\"iwgs-eleggua-s4box\" data-element_type=\"container\" data-e-type=\"container\">\n\t\t\t\t<div class=\"elementor-element elementor-element-iwgs-eleggua-s4t elementor-widget elementor-widget-text-editor\" data-id=\"iwgs-eleggua-s4t\" data-element_type=\"widget\" data-e-type=\"widget\" data-widget_type=\"text-editor.default\">\n\t\t\t\t\t\t\t\t\t<p>Eleggua-h\u00f6fu\u00f0i\u00f0 hefur sinn sta\u00f0 vi\u00f0 h\u00fasdyrnar. \u00dear vaktar hann \u00fer\u00f6skuld heimilisins og g\u00e6tir umskiptanna milli \u00fati og inni.<\/p><p>H\u00f6fu\u00f0i\u00f0 er sett upp e\u00f0a haldi\u00f0 n\u00e1l\u00e6gt hur\u00f0inni. Fr\u00e1 \u00feeim sta\u00f0 beinist athygli \u00feess a\u00f0 \u00f6llu sem fer inn e\u00f0a \u00fat \u00far h\u00fasinu.<\/p><p>Hlutverk Elegguas vi\u00f0 innganginn er verndun. Hann \u00e1 a\u00f0 verjast \u00f3l\u00e1ni fr\u00e1 \u00fer\u00f6skuldinum og koma \u00ed veg fyrir a\u00f0 ska\u00f0leg \u00e1hrif komist inn \u00ed h\u00fasi\u00f0.<\/p><p>Eleggua-h\u00f6fu\u00f0inu er ekki skili\u00f0 eftir sj\u00e1lfu s\u00e9r. \u00dea\u00f0 er hirt um og \u00fev\u00ed f\u00e6r\u00f0ar gjafir. \u00deessi umhyggja er hluti af sambandinu milli heimilisins og orishans.<\/p><p>Tengsl Elegguas vi\u00f0 h\u00fasdyrnar sk\u00fdrast af e\u00f0li hans. Sem orisha \u00fer\u00f6skulda og umskipta er inngangurinn s\u00e1 sta\u00f0ur sem honum ber e\u00f0li m\u00e1lsins samkv\u00e6mt.<\/p><p>Eleggua-h\u00f6fu\u00f0i\u00f0 vi\u00f0 innganginn telst \u00feannig til varnargripa sem g\u00e6ta sta\u00f0ar. Eins og a\u00f0rir dyrav\u00f6rslumenn er hann bundinn \u00fer\u00f6skuldinum og vaktar fr\u00e1 \u00feeim sta\u00f0 hinn vernda\u00f0a sv\u00e6\u00f0i\u00f0.<\/p>\t\t\t\t\t\t\t\t<\/div>\n\t\t\t\t<\/div>\n\t\t\t\t\t<\/div>\n\t\t\t\t<\/div>\n\t\t<div class=\"elementor-element elementor-element-iwgs-eleggua-s5 e-flex e-con-boxed e-con e-parent\" data-id=\"iwgs-eleggua-s5\" data-element_type=\"container\" data-e-type=\"container\">\n\t\t\t\t\t<div class=\"e-con-inner\">\n\t\t\t\t<div class=\"elementor-element elementor-element-iwgs-eleggua-s5h elementor-widget elementor-widget-heading\" data-id=\"iwgs-eleggua-s5h\" data-element_type=\"widget\" data-e-type=\"widget\" data-widget_type=\"heading.default\">\n\t\t\t\t\t<h2 class=\"elementor-heading-title elementor-size-default\">Eleggua og \u00fer\u00f6skuldsver\u00f0irnir<\/h2>\t\t\t\t<\/div>\n\t\t<div class=\"elementor-element elementor-element-iwgs-eleggua-s5box e-con-full e-flex e-con e-parent\" data-id=\"iwgs-eleggua-s5box\" data-element_type=\"container\" data-e-type=\"container\">\n\t\t\t\t<div class=\"elementor-element elementor-element-iwgs-eleggua-s5t elementor-widget elementor-widget-text-editor\" data-id=\"iwgs-eleggua-s5t\" data-element_type=\"widget\" data-e-type=\"widget\" data-widget_type=\"text-editor.default\">\n\t\t\t\t\t\t\t\t\t<p>Eleggua vi\u00f0 h\u00fasinnganginn m\u00e1 sko\u00f0a \u00ed v\u00ed\u00f0ara samhengi \u00fer\u00f6skuldsver\u00f0a. Verndun dyra og \u00fer\u00f6skulda er v\u00ed\u00f0t\u00e6k hugmynd.<\/p><p>\u00der\u00f6skuldur h\u00fass er \u00ed m\u00f6rgum menningarheimum \u00e1litinn vi\u00f0kv\u00e6mur sta\u00f0ur. Hann er landam\u00e6rin milli hins var\u00f0a innra r\u00fdmis og hins \u00f3var\u00f0a ytra heims.<\/p><p>Af \u00feessari \u00e1st\u00e6\u00f0u \u00feekkja fj\u00f6lmargar hef\u00f0ir varnart\u00e1kn og varnargripi sem komi\u00f0 er fyrir vi\u00f0 dyrnar. \u00deeim er \u00e6tla\u00f0 a\u00f0 vakta \u00fer\u00f6skuldinn og hindra \u00f3h\u00f6pp \u00ed a\u00f0 komast inn.<\/p><p>\u00cd hef\u00f0 Gy\u00f0inga g\u00e6tir mez\u00fasan dyrastafsins. \u00cd \u00f6\u00f0rum menningarheimum standa dyraver\u00f0ir, varnarmyndir e\u00f0a varnart\u00e1kn vi\u00f0 innganginn. Eleggua-h\u00f6fu\u00f0i\u00f0 tilheyrir \u00feessari r\u00f6\u00f0.<\/p><p>Eleggua sker sig fr\u00e1 m\u00f6rgum \u00feessara t\u00e1kna me\u00f0 \u00fev\u00ed a\u00f0 vera d\u00fdrka\u00f0ur orisha. Hann er ekki einfalt t\u00e1kn heldur n\u00e6rvera veru sem sambandi er haldi\u00f0 vi\u00f0.<\/p><p>Eleggua er \u00feannig \u00fatf\u00e6rsla \u00fer\u00f6skuldsvar\u00f0arins \u00ed Santer\u00edu. Hann sameinar \u00fe\u00e1 \u00fatbreiddu hugmynd um verndun dyra og d\u00fdrkun \u00e1kve\u00f0ins orisha sem \u00fer\u00f6skuldarnir tilheyra e\u00f0li m\u00e1lsins samkv\u00e6mt.<\/p>\t\t\t\t\t\t\t\t<\/div>\n\t\t\t\t<\/div>\n\t\t\t\t\t<\/div>\n\t\t\t\t<\/div>\n\t\t<div class=\"elementor-element elementor-element-iwgs-eleggua-s6 e-flex e-con-boxed e-con e-parent\" data-id=\"iwgs-eleggua-s6\" data-element_type=\"container\" data-e-type=\"container\">\n\t\t\t\t\t<div class=\"e-con-inner\">\n\t\t\t\t<div class=\"elementor-element elementor-element-iwgs-eleggua-s6h elementor-widget elementor-widget-heading\" data-id=\"iwgs-eleggua-s6h\" data-element_type=\"widget\" data-e-type=\"widget\" data-widget_type=\"heading.default\">\n\t\t\t\t\t<h2 class=\"elementor-heading-title elementor-size-default\">Eleggua og Yoruba-r\u00e6tur<\/h2>\t\t\t\t<\/div>\n\t\t<div class=\"elementor-element elementor-element-iwgs-eleggua-s6box e-con-full e-flex e-con e-parent\" data-id=\"iwgs-eleggua-s6box\" data-element_type=\"container\" data-e-type=\"container\">\n\t\t\t\t<div class=\"elementor-element elementor-element-iwgs-eleggua-s6t elementor-widget elementor-widget-text-editor\" data-id=\"iwgs-eleggua-s6t\" data-element_type=\"widget\" data-e-type=\"widget\" data-widget_type=\"text-editor.default\">\n\t\t\t\t\t\t\t\t\t<p>Eleggua hefur r\u00e6tur s\u00ednar \u00ed tr\u00fa Yoruba-f\u00f3lksins. \u00dear samsvarar honum vera sem einnig g\u00e6tir vega, dyra og krossgatna.<\/p><p>\u00cd tr\u00fa Yoruba er \u00feessi vera verndari \u00fer\u00f6skulda og \u00f3missandi millima\u00f0ur. \u00dear er h\u00fan einnig \u00e1vallt k\u00f6llu\u00f0 fyrst fram vi\u00f0 m\u00f6rg tilefni.<\/p><p>Me\u00f0 nau\u00f0flutningi Yoruba-f\u00f3lks til K\u00fabu barst \u00feessi hugmynd yfir Atlantshafi\u00f0. \u00c1 K\u00fabu var\u00f0 h\u00fan a\u00f0 Eleggua, felld inn \u00ed hina n\u00fdju tr\u00fa Santer\u00edu.<\/p><p>Fr\u00e6ndsemi finnst \u00ed fleiri afr\u00edsk-kar\u00edbskum tr\u00faarbr\u00f6g\u00f0um. \u00cd Vodou og \u00f6\u00f0rum arfleif\u00f0um eru einnig ver\u00f0ir vega og \u00fer\u00f6skulda me\u00f0 \u00e1\u00feekk hlutverk.<\/p><p>\u00deessi fr\u00e6ndsemi s\u00fdnir a\u00f0 Eleggua er ekkert einangra\u00f0 fyrirb\u00e6ri. Hann tilheyrir h\u00f3pi \u00fer\u00f6skuldsverja sem halda \u00e1fram sameiginlegri vestur-afr\u00edskri arfleif\u00f0 \u00ed mismunandi tr\u00faarbr\u00f6g\u00f0um.<\/p><p>Eleggua er \u00feannig vitnisbur\u00f0ur um menningarlega seiglu. \u00cd honum hefur Yoruba-vera lifa\u00f0 \u00e1fram yfir Atlantshafi\u00f0 og fundi\u00f0 n\u00fdja, s\u00e9rst\u00e6\u00f0a mynd \u00ed Santer\u00edu.<\/p>\t\t\t\t\t\t\t\t<\/div>\n\t\t\t\t<\/div>\n\t\t\t\t\t<\/div>\n\t\t\t\t<\/div>\n\t\t<div class=\"elementor-element elementor-element-iwgs-eleggua-s7 e-flex e-con-boxed e-con e-parent\" data-id=\"iwgs-eleggua-s7\" data-element_type=\"container\" data-e-type=\"container\">\n\t\t\t\t\t<div class=\"e-con-inner\">\n\t\t\t\t<div class=\"elementor-element elementor-element-iwgs-eleggua-s7h elementor-widget elementor-widget-heading\" data-id=\"iwgs-eleggua-s7h\" data-element_type=\"widget\" data-e-type=\"widget\" data-widget_type=\"heading.default\">\n\t\t\t\t\t<h2 class=\"elementor-heading-title elementor-size-default\">N\u00e6rvera \u00ed sta\u00f0 eftirmyndar<\/h2>\t\t\t\t<\/div>\n\t\t<div class=\"elementor-element elementor-element-iwgs-eleggua-s7box e-con-full e-flex e-con e-parent\" data-id=\"iwgs-eleggua-s7box\" data-element_type=\"container\" data-e-type=\"container\">\n\t\t\t\t<div class=\"elementor-element elementor-element-iwgs-eleggua-s7t elementor-widget elementor-widget-text-editor\" data-id=\"iwgs-eleggua-s7t\" data-element_type=\"widget\" data-e-type=\"widget\" data-widget_type=\"text-editor.default\">\n\t\t\t\t\t\t\t\t\t<p>Eleggua-h\u00f6fu\u00f0i\u00f0 fylgir s\u00e9rst\u00f6kum skilningi. \u00dea\u00f0 er ekki einf\u00f6ld eftirmynd Elegguas heldur telst n\u00e6rvera hans.<\/p><p>Munurinn er mikilv\u00e6gur. Eftirmynd s\u00fdnir a\u00f0eins veru. N\u00e6rvera gerir veruna aftur \u00e1 m\u00f3ti vi\u00f0stadda \u00e1 sta\u00f0num, \u00feannig a\u00f0 samband vi\u00f0 hana ver\u00f0ur m\u00f6gulegt.<\/p><p>\u00cd Eleggua-h\u00f6f\u00f0inu ver\u00f0ur Eleggua vi\u00f0staddur. H\u00f6fu\u00f0i\u00f0 er sta\u00f0urinn \u00fear sem sambandi\u00f0 milli heimilisins og orishans er r\u00e6kta\u00f0.<\/p><p>\u00deessi n\u00e6rvera er sk\u00f6pu\u00f0 me\u00f0 ger\u00f0 h\u00f6fu\u00f0sins. Innfelldu efnin, k\u00far\u00ed-skeljarnar og fylgjandi athafnir gera sementsformi\u00f0 a\u00f0 n\u00e6rveru Elegguas.<\/p><p>Af \u00feessum skilningi lei\u00f0ir einnig umhir\u00f0a h\u00f6fu\u00f0sins. \u00dear sem Eleggua er vi\u00f0staddur \u00ed \u00fev\u00ed er h\u00f6fu\u00f0i\u00f0 ekki me\u00f0h\u00f6ndla\u00f0 sem einfaldur hlutur heldur s\u00fdnd umhyggja.<\/p><p>Eleggua-h\u00f6fu\u00f0i\u00f0 s\u00fdnir \u00feannig skilning sem er v\u00ed\u00f0t\u00e6kur \u00ed afr\u00edsk-kar\u00edbskum tr\u00faarbr\u00f6g\u00f0um. Hlutur er ekki a\u00f0eins mynd, heldur sta\u00f0ur n\u00e6rveru d\u00fdrka\u00f0rar veru.<\/p>\t\t\t\t\t\t\t\t<\/div>\n\t\t\t\t<\/div>\n\t\t\t\t\t<\/div>\n\t\t\t\t<\/div>\n\t\t<div class=\"elementor-element elementor-element-iwgs-eleggua-s8 e-flex e-con-boxed e-con e-parent\" data-id=\"iwgs-eleggua-s8\" data-element_type=\"container\" data-e-type=\"container\">\n\t\t\t\t\t<div class=\"e-con-inner\">\n\t\t\t\t<div class=\"elementor-element elementor-element-iwgs-eleggua-s8h elementor-widget elementor-widget-heading\" data-id=\"iwgs-eleggua-s8h\" data-element_type=\"widget\" data-e-type=\"widget\" data-widget_type=\"heading.default\">\n\t\t\t\t\t<h2 class=\"elementor-heading-title elementor-size-default\">M\u00f3tt\u00f6kur \u00ed dag<\/h2>\t\t\t\t<\/div>\n\t\t<div class=\"elementor-element elementor-element-iwgs-eleggua-s8box e-con-full e-flex e-con e-parent\" data-id=\"iwgs-eleggua-s8box\" data-element_type=\"container\" data-e-type=\"container\">\n\t\t\t\t<div class=\"elementor-element elementor-element-iwgs-eleggua-s8t elementor-widget elementor-widget-text-editor\" data-id=\"iwgs-eleggua-s8t\" data-element_type=\"widget\" data-e-type=\"widget\" data-widget_type=\"text-editor.default\">\n\t\t\t\t\t\t\t\t\t<p>Santer\u00eda er \u00ed dag lifandi tr\u00faarbr\u00f6g\u00f0. H\u00fan er stundu\u00f0 \u00e1 K\u00fabu, \u00ed Bandar\u00edkjunum og \u00ed fleiri l\u00f6ndum af fj\u00f6lda f\u00f3lks.<\/p><p>Eleggua telst til \u00feeirra orisha sem gegna mikilv\u00e6gu hlutverki \u00ed Santer\u00edu n\u00fat\u00edmans. Eleggua-h\u00f6fu\u00f0i\u00f0 vi\u00f0 h\u00fasinnganginn er algengt \u00e1 heimilum fylgjenda.<\/p><p>\u00cd almennri umfj\u00f6llun er Santer\u00eda, oft undir nafninu V\u00fad\u00fa, i\u00f0ulega sett fram sem hryllingsefni. \u00deessi framsetning gerir tr\u00faarbr\u00f6g\u00f0unum ekki r\u00e9tt til.<\/p><p>Hlutlaus athugun vi\u00f0urkennir Santer\u00edu sem \u00fea\u00f0 sem h\u00fan er, sprottin tr\u00faarbr\u00f6g\u00f0 me\u00f0 vestur-afr\u00edskar r\u00e6tur, me\u00f0 eigin skipulagi og d\u00fdrku\u00f0um verum.<\/p><p>Eleggua er innan \u00feessara tr\u00faarbrag\u00f0a verndari \u00fer\u00f6skulda. Eleggua-h\u00f6fu\u00f0i\u00f0 vi\u00f0 h\u00fasinnganginn er s\u00fdnileg mynd \u00feess hvernig \u00feessi verndun er vi\u00f0st\u00f6dd \u00ed daglegu l\u00edfi.<\/p><p>Eleggua-h\u00f6fu\u00f0i\u00f0 er \u00feannig \u00e1fram \u00e1hrifamiki\u00f0 d\u00e6mi um varnargrip vi\u00f0 h\u00fasinnganginn. \u00cd \u00fev\u00ed sameinast Yoruba-arfleif\u00f0in, saga Santer\u00edu og hugmyndin um a\u00f0 \u00fer\u00f6skuldur h\u00fass \u00feurfi v\u00f6r\u00f0.<\/p>\t\t\t\t\t\t\t\t<\/div>\n\t\t\t\t<\/div>\n\t\t\t\t\t<\/div>\n\t\t\t\t<\/div>\n\t\t<div class=\"elementor-element elementor-element-iwgs-eleggua-lit e-flex e-con-boxed e-con e-parent\" data-id=\"iwgs-eleggua-lit\" data-element_type=\"container\" data-e-type=\"container\">\n\t\t\t\t\t<div class=\"e-con-inner\">\n\t\t\t\t<div class=\"elementor-element elementor-element-iwgs-eleggua-lith elementor-widget elementor-widget-heading\" data-id=\"iwgs-eleggua-lith\" data-element_type=\"widget\" data-e-type=\"widget\" data-widget_type=\"heading.default\">\n\t\t\t\t\t<h2 class=\"elementor-heading-title elementor-size-default\">Heimildir (\u00farval)<\/h2>\t\t\t\t<\/div>\n\t\t<div class=\"elementor-element elementor-element-iwgs-eleggua-litbox e-con-full e-flex e-con e-parent\" data-id=\"iwgs-eleggua-litbox\" data-element_type=\"container\" data-e-type=\"container\">\n\t\t\t\t<div class=\"elementor-element elementor-element-iwgs-eleggua-litt elementor-widget elementor-widget-html\" data-id=\"iwgs-eleggua-litt\" data-element_type=\"widget\" data-e-type=\"widget\" data-widget_type=\"html.default\">\n\t\t\t\t\t<footer data-nosnippet=\"true\"><ul><li>George Brandon: <em>Santeria from Africa to the New World<\/em> (1993)<\/li><li>Joseph M. Murphy: <em>Santeria. African Spirits in America<\/em> (1988)<\/li><li>Miguel Barnet: <em>Afro-Cuban Religions<\/em> (2001)<\/li><li>David H. Brown: <em>Santeria Enthroned. Art, Ritual, and Innovation in an Afro-Cuban Religion<\/em> (2003)<\/li><li>Robert Farris Thompson: <em>Flash of the Spirit. African and Afro-American Art and Philosophy<\/em> (1983)<\/li><\/ul><\/footer>\t\t\t\t<\/div>\n\t\t\t\t<\/div>\n\t\t\t\t\t<\/div>\n\t\t\t\t<\/div>\n\t\t<div class=\"elementor-element elementor-element-iwgs-eleggua-kwd e-flex e-con-boxed e-con e-parent\" data-id=\"iwgs-eleggua-kwd\" data-element_type=\"container\" data-e-type=\"container\">\n\t\t\t\t\t<div class=\"e-con-inner\">\n\t\t\t\t<div class=\"elementor-element elementor-element-iwgs-eleggua-kwdt elementor-widget elementor-widget-text-editor\" data-id=\"iwgs-eleggua-kwdt\" data-element_type=\"widget\" data-e-type=\"widget\" data-widget_type=\"text-editor.default\">\n\t\t\t\t\t\t\t\t\t<p><em>Tengd leitaror\u00f0: Eleggua Santer\u00eda Orisha h\u00fasinngangur \u00fer\u00f6skuldsv\u00f6r\u00f0ur k\u00far\u00ed-skeljar Yoruba K\u00faba.<\/em><\/p>\t\t\t\t\t\t\t\t<\/div>\n\t\t\t\t\t<\/div>\n\t\t\t\t<\/div>\n\t\t<div class=\"elementor-element elementor-element-iwgs-eleggua-cc e-flex e-con-boxed e-con e-parent\" data-id=\"iwgs-eleggua-cc\" data-element_type=\"container\" data-e-type=\"container\" id=\"iwg-cc-eleggua\">\n\t\t\t\t\t<div class=\"e-con-inner\">\n\t\t<div class=\"elementor-element elementor-element-iwgs-eleggua-ccinner e-flex e-con-boxed e-con e-parent\" data-id=\"iwgs-eleggua-ccinner\" data-element_type=\"container\" data-e-type=\"container\" data-settings=\"{&quot;background_background&quot;:&quot;classic&quot;}\">\n\t\t\t\t\t<div class=\"e-con-inner\">\n\t\t\t\t<div class=\"elementor-element elementor-element-iwgs-eleggua-cch elementor-widget elementor-widget-heading\" data-id=\"iwgs-eleggua-cch\" data-element_type=\"widget\" data-e-type=\"widget\" data-widget_type=\"heading.default\">\n\t\t\t\t\t<h2 class=\"elementor-heading-title elementor-size-default\">iWell Guard og verndarhef\u00f0ir<\/h2>\t\t\t\t<\/div>\n\t\t\t\t<div class=\"elementor-element elementor-element-iwgs-eleggua-cct elementor-widget elementor-widget-text-editor\" data-id=\"iwgs-eleggua-cct\" data-element_type=\"widget\" data-e-type=\"widget\" data-widget_type=\"text-editor.default\">\n\t\t\t\t\t\t\t\t\t<p>iWell Guard fellur \u00ed menningars\u00f6gulega hef\u00f0 fyrirfarandi varnargripa, sem Eleggua-h\u00f6fu\u00f0i\u00f0 tilheyrir einnig. N\u00fat\u00edmalegur f\u00f6runautur fyrir f\u00f3lk sem lifir me\u00f0 varnart\u00e1knum: framleiddur \u00ed \u00de\u00fdskalandi, 41 l\u00f6g af ekta gulli, plat\u00ednu og silfri, me\u00f0 30 daga skilar\u00e9tti.<\/p>\t\t\t\t\t\t\t\t<\/div>\n\t\t\t\t<div class=\"elementor-element elementor-element-iwgs-eleggua-ccb iwg-cc-button iwg-cc-cta-2026-05-13 elementor-widget elementor-widget-jet-button\" data-id=\"iwgs-eleggua-ccb\" data-element_type=\"widget\" data-e-type=\"widget\" data-widget_type=\"jet-button.default\">\n\t\t\t\t<div class=\"elementor-widget-container\">\n\t\t\t\t\t<div class=\"elementor-jet-button jet-elements\"><div class=\"jet-button__container\"><a class=\"jet-button__instance jet-button__instance--icon-left hover-effect-1\" href=\"\/schutzanhaenger-iwell-guard-kaufen\/?utm_source=iwell-guard.com&amp;utm_medium=info-box&amp;utm_campaign=schutzsymbole\"><div class=\"jet-button__plane jet-button__plane-normal\"><\/div><div class=\"jet-button__plane jet-button__plane-hover\"><\/div><div class=\"jet-button__state jet-button__state-normal\"><span class=\"jet-button__label\">Meira um iWell Guard<\/span><\/div><div class=\"jet-button__state jet-button__state-hover\"><span class=\"jet-button__label\">Meira um iWell Guard<\/span><\/div><\/a><\/div><\/div><style>.elementor-element.elementor-element-iwgs-eleggua-ccb .jet-button__instance{width:320px;height:56px;}.elementor-element.elementor-element-iwgs-eleggua-ccb .jet-button__state-normal .jet-button__label{text-align:center;margin:0px 0px 0px 0px;color:#1a1b20;font-family:Montserrat,sans-serif;font-size:13px;font-weight:400;letter-spacing:4px;line-height:1.714em;text-transform:uppercase;}.elementor-element.elementor-element-iwgs-eleggua-ccb .jet-button__state-hover .jet-button__label{text-align:center;margin:0px 0px 0px 0px;color:#FECC76;font-family:Montserrat,sans-serif;font-size:13px;font-weight:400;letter-spacing:4px;line-height:1.714em;text-transform:uppercase;}.elementor-element.elementor-element-iwgs-eleggua-ccb .jet-button__plane-normal{background-color:#FECC76;border-style:solid;border-color:#C99540;border-width:2px 2px 2px 2px;}.elementor-element.elementor-element-iwgs-eleggua-ccb .jet-button__plane-hover{background-color:rgba(0,0,0,0.55);border-style:solid;border-color:#FECC76;border-width:2px 2px 2px 2px;}<\/style>\t\t\t\t<\/div>\n\t\t\t\t<\/div>\n\t\t\t\t<div class=\"elementor-element elementor-element-iwgs-eleggua-ccd elementor-widget elementor-widget-text-editor\" data-id=\"iwgs-eleggua-ccd\" data-element_type=\"widget\" data-e-type=\"widget\" data-widget_type=\"text-editor.default\">\n\t\t\t\t\t\t\t\t\t<p style=\"text-align:center;font-size:13px;opacity:0.7;margin-top:14px\" data-nosnippet=\"true\">Pers\u00f3nuleg reynsla getur veri\u00f0 mismunandi. Ekki l\u00e6kningat\u00e6ki. Engin lofor\u00f0 um l\u00e6kningu.<\/p>\t\t\t\t\t\t\t\t<\/div>\n\t\t\t\t\t<\/div>\n\t\t\t\t<\/div>\n\t\t\t\t\t<\/div>\n\t\t\t\t<\/div>\n\t\t<div class=\"elementor-element elementor-element-iwgs-eleggua-disc e-flex e-con-boxed e-con e-parent\" data-id=\"iwgs-eleggua-disc\" data-element_type=\"container\" data-e-type=\"container\">\n\t\t\t\t\t<div class=\"e-con-inner\">\n\t\t\t\t<div class=\"elementor-element elementor-element-iwgs-eleggua-discw elementor-widget elementor-widget-html\" data-id=\"iwgs-eleggua-discw\" data-element_type=\"widget\" data-e-type=\"widget\" data-widget_type=\"html.default\">\n\t\t\t\t\t<footer data-nosnippet=\"true\" class=\"iwg-disclaimer-block\"><p data-nosnippet=\"true\">iWell Guard er <strong>ekki l\u00e6kningat\u00e6ki<\/strong> og kemur ekki \u00ed sta\u00f0 l\u00e6knis- e\u00f0a s\u00e1lfr\u00e6\u00f0ime\u00f0fer\u00f0ar. Innihaldi\u00f0 sem h\u00e9r er sett fram er tr\u00faarbrag\u00f0afr\u00e6\u00f0ileg og menningars\u00f6gulega greining, ekki lofor\u00f0 um andlega virkni.<\/p><\/footer>\t\t\t\t<\/div>\n\t\t\t\t\t<\/div>\n\t\t\t\t<\/div>\n\t\t\t\t<\/div>\n\t\t","protected":false},"excerpt":{"rendered":"","protected":false},"author":3,"featured_media":3554,"parent":0,"menu_order":0,"comment_status":"closed","ping_status":"closed","template":"elementor_header_footer","meta":{"_yoast_wpseo_focuskw":"Eleggua","_yoast_wpseo_title":"Eleggua - verndarhaus Santeria","_yoast_wpseo_metadesc":"Eleggua er verndarhausi\u00f0 sem stendur vi\u00f0 \u00fatidyr \u00ed Santeria, gert \u00far steinsteypu og me\u00f0 k\u00far\u00ed-skeljum. Uppruni og merking \u00fatsk\u00fdr\u00f0 \u00e1 fr\u00e6\u00f0ilegan h\u00e1tt.","_yoast_wpseo_meta-robots-noindex":"","_yoast_wpseo_canonical":"","_angie_page":false,"gefaehrdungsstufe":"","wesen_kultur":"","wesen_klasse":"","footnotes":""},"categories":[],"class_list":["post-169220","page","type-page","status-publish","has-post-thumbnail","hentry"],"yoast_head":"<!-- This site is optimized with the Yoast SEO Premium plugin v27.7 (Yoast SEO v28.3) - https:\/\/yoast.com\/product\/yoast-seo-premium-wordpress\/ -->\n<title>Eleggua - verndarhaus Santeria<\/title>\n<meta name=\"description\" content=\"Eleggua er verndarhausi\u00f0 sem stendur vi\u00f0 \u00fatidyr \u00ed Santeria, gert \u00far steinsteypu og me\u00f0 k\u00far\u00ed-skeljum. Uppruni og merking \u00fatsk\u00fdr\u00f0 \u00e1 fr\u00e6\u00f0ilegan h\u00e1tt.\" \/>\n<meta name=\"robots\" content=\"index, follow, max-snippet:-1, max-image-preview:large, max-video-preview:-1\" \/>\n<link rel=\"canonical\" href=\"https:\/\/iwell-guard.com\/is\/eleggua-vardhaus-vid-dyr\/\" \/>\n<meta property=\"og:locale\" content=\"is_IS\" \/>\n<meta property=\"og:type\" content=\"article\" \/>\n<meta property=\"og:title\" content=\"Eleggua \u2013 verndarhausi\u00f0 vi\u00f0 dyrainnganginn\" \/>\n<meta property=\"og:description\" content=\"Eleggua er verndarhausi\u00f0 sem stendur vi\u00f0 \u00fatidyr \u00ed Santeria, gert \u00far steinsteypu og me\u00f0 k\u00far\u00ed-skeljum. Uppruni og merking \u00fatsk\u00fdr\u00f0 \u00e1 fr\u00e6\u00f0ilegan h\u00e1tt.\" \/>\n<meta property=\"og:url\" content=\"https:\/\/iwell-guard.com\/is\/eleggua-vardhaus-vid-dyr\/\" \/>\n<meta property=\"og:site_name\" content=\"iWell Guard\" \/>\n<meta property=\"article:modified_time\" content=\"2026-09-05T14:35:20+00:00\" \/>\n<meta property=\"og:image\" content=\"https:\/\/iwell-guard.com\/wp-content\/uploads\/2026\/05\/schutzsymbol_afrika_eleggua.webp\" \/>\n\t<meta property=\"og:image:width\" content=\"1024\" \/>\n\t<meta property=\"og:image:height\" content=\"1536\" \/>\n\t<meta property=\"og:image:type\" content=\"image\/webp\" \/>\n<meta name=\"twitter:card\" content=\"summary_large_image\" \/>\n<script type=\"application\/ld+json\" class=\"yoast-schema-graph\">{\"@context\":\"https:\\\/\\\/schema.org\",\"@graph\":[{\"@type\":\"WebPage\",\"@id\":\"https:\\\/\\\/iwell-guard.com\\\/is\\\/eleggua-vardhaus-vid-dyr\\\/\",\"url\":\"https:\\\/\\\/iwell-guard.com\\\/is\\\/eleggua-vardhaus-vid-dyr\\\/\",\"name\":\"Eleggua - verndarhaus Santeria\",\"isPartOf\":{\"@id\":\"https:\\\/\\\/iwell-guard.com\\\/is\\\/#website\"},\"primaryImageOfPage\":{\"@id\":\"https:\\\/\\\/iwell-guard.com\\\/is\\\/eleggua-vardhaus-vid-dyr\\\/#primaryimage\"},\"image\":{\"@id\":\"https:\\\/\\\/iwell-guard.com\\\/is\\\/eleggua-vardhaus-vid-dyr\\\/#primaryimage\"},\"thumbnailUrl\":\"https:\\\/\\\/iwell-guard.com\\\/wp-content\\\/uploads\\\/2026\\\/05\\\/schutzsymbol_afrika_eleggua.webp\",\"datePublished\":\"2026-09-05T14:06:36+00:00\",\"dateModified\":\"2026-09-05T14:35:20+00:00\",\"description\":\"Eleggua er verndarhausi\u00f0 sem stendur vi\u00f0 \u00fatidyr \u00ed Santeria, gert \u00far steinsteypu og me\u00f0 k\u00far\u00ed-skeljum. Uppruni og merking \u00fatsk\u00fdr\u00f0 \u00e1 fr\u00e6\u00f0ilegan h\u00e1tt.\",\"breadcrumb\":{\"@id\":\"https:\\\/\\\/iwell-guard.com\\\/is\\\/eleggua-vardhaus-vid-dyr\\\/#breadcrumb\"},\"inLanguage\":\"is\",\"potentialAction\":[{\"@type\":\"ReadAction\",\"target\":[\"https:\\\/\\\/iwell-guard.com\\\/is\\\/eleggua-vardhaus-vid-dyr\\\/\"]}]},{\"@type\":\"ImageObject\",\"inLanguage\":\"is\",\"@id\":\"https:\\\/\\\/iwell-guard.com\\\/is\\\/eleggua-vardhaus-vid-dyr\\\/#primaryimage\",\"url\":\"https:\\\/\\\/iwell-guard.com\\\/wp-content\\\/uploads\\\/2026\\\/05\\\/schutzsymbol_afrika_eleggua.webp\",\"contentUrl\":\"https:\\\/\\\/iwell-guard.com\\\/wp-content\\\/uploads\\\/2026\\\/05\\\/schutzsymbol_afrika_eleggua.webp\",\"width\":1024,\"height\":1536,\"caption\":\"Verndart\u00e1kn. Myndskreyting \u00ed safnst\u00edl.\"},{\"@type\":\"BreadcrumbList\",\"@id\":\"https:\\\/\\\/iwell-guard.com\\\/is\\\/eleggua-vardhaus-vid-dyr\\\/#breadcrumb\",\"itemListElement\":[{\"@type\":\"ListItem\",\"position\":1,\"name\":\"Start\",\"item\":\"https:\\\/\\\/iwell-guard.com\\\/is\\\/?page_id=168580\"},{\"@type\":\"ListItem\",\"position\":2,\"name\":\"Eleggua \u2013 verndarhausi\u00f0 vi\u00f0 dyrainnganginn\"}]},{\"@type\":\"WebSite\",\"@id\":\"https:\\\/\\\/iwell-guard.com\\\/is\\\/#website\",\"url\":\"https:\\\/\\\/iwell-guard.com\\\/is\\\/\",\"name\":\"iWell Guard\",\"description\":\"Schutz vor dunklen Einfl\u00fcssen\",\"publisher\":{\"@id\":\"https:\\\/\\\/iwell-guard.com\\\/is\\\/#organization\"},\"potentialAction\":[{\"@type\":\"SearchAction\",\"target\":{\"@type\":\"EntryPoint\",\"urlTemplate\":\"https:\\\/\\\/iwell-guard.com\\\/is\\\/?s={search_term_string}\"},\"query-input\":{\"@type\":\"PropertyValueSpecification\",\"valueRequired\":true,\"valueName\":\"search_term_string\"}}],\"inLanguage\":\"is\"},{\"@type\":\"Organization\",\"@id\":\"https:\\\/\\\/iwell-guard.com\\\/is\\\/#organization\",\"name\":\"Ittermann electronic GmbH\",\"url\":\"https:\\\/\\\/iwell-guard.com\\\/is\\\/\",\"logo\":{\"@type\":\"ImageObject\",\"inLanguage\":\"is\",\"@id\":\"https:\\\/\\\/iwell-guard.com\\\/is\\\/#\\\/schema\\\/logo\\\/image\\\/\",\"url\":\"https:\\\/\\\/iwell-guard.com\\\/wp-content\\\/uploads\\\/2026\\\/05\\\/Ittermann-Logo-1182x237-1.png\",\"contentUrl\":\"https:\\\/\\\/iwell-guard.com\\\/wp-content\\\/uploads\\\/2026\\\/05\\\/Ittermann-Logo-1182x237-1.png\",\"width\":1182,\"height\":237,\"caption\":\"Ittermann electronic GmbH\"},\"image\":{\"@id\":\"https:\\\/\\\/iwell-guard.com\\\/is\\\/#\\\/schema\\\/logo\\\/image\\\/\"},\"sameAs\":[\"https:\\\/\\\/pantip.com\\\/profile\\\/9367242\",\"https:\\\/\\\/micro.blog\\\/iwellguard\",\"https:\\\/\\\/www.diggerslist.com\\\/iwellguard\\\/about\",\"https:\\\/\\\/skitterphoto.com\\\/photographers\\\/2870314\\\/iwell-guard\",\"https:\\\/\\\/iwellguard.wordpress.com\\\/2026\\\/06\\\/06\\\/iwell-guard\\\/\",\"https:\\\/\\\/hub.docker.com\\\/u\\\/iwellguard\",\"https:\\\/\\\/www.pinterest.com\\\/iwellguard\\\/\",\"https:\\\/\\\/bit.ly\\\/m\\\/iwellguard\",\"https:\\\/\\\/entre-vos-mains.alsace.eu\\\/profiles\\\/iwellguard\\\/activity\",\"https:\\\/\\\/gravatar.com\\\/reallybeded8fd34\",\"https:\\\/\\\/naijamatta.com\\\/iwellguard\",\"https:\\\/\\\/www.goodreads.com\\\/iwellguard\",\"https:\\\/\\\/profile.hatena.ne.jp\\\/iwellguard\\\/\",\"https:\\\/\\\/experiment.com\\\/users\\\/iwellguard\",\"https:\\\/\\\/wakelet.com\\\/@iWellGuard82270\",\"https:\\\/\\\/www.chordie.com\\\/forum\\\/profile.php?id=2555664\",\"https:\\\/\\\/www.instapaper.com\\\/p\\\/17757966\",\"https:\\\/\\\/www.mapleprimes.com\\\/users\\\/iwellguard\",\"https:\\\/\\\/businesslistingplus.com\\\/profile\\\/iwell-guard\\\/\",\"https:\\\/\\\/telegra.ph\\\/iWell-Guard-06-06\",\"https:\\\/\\\/pbase.com\\\/iwellguard\\\/iwellguard\",\"https:\\\/\\\/b.hatena.ne.jp\\\/iwellguard\\\/20260607#bookmark-4788405196491818882\",\"https:\\\/\\\/fliphtml5.com\\\/home\\\/iwellguard\",\"https:\\\/\\\/anyflip.com\\\/homepage\\\/cmiwl#About\",\"https:\\\/\\\/transfur.com\\\/Users\\\/iwellguard\",\"http:\\\/\\\/delphi.larsbo.org\\\/user\\\/iwellguard\",\"https:\\\/\\\/jobs.lajobsportal.org\\\/profiles\\\/8380803-iwell-guard\",\"https:\\\/\\\/md.chaosdorf.de\\\/s\\\/jfbe5SBdJD\",\"https:\\\/\\\/www.lingvolive.com\\\/en-us\\\/profile\\\/9ecaeaca-ce11-4e51-9e71-01d55e2bff36\\\/translations\",\"https:\\\/\\\/www.fitday.com\\\/fitness\\\/forums\\\/members\\\/iwellguard.html\",\"https:\\\/\\\/www.mymeetbook.com\\\/iwellguard\",\"https:\\\/\\\/pxhere.com\\\/en\\\/photographer-me\\\/5040798\",\"https:\\\/\\\/disqus.com\\\/by\\\/iwellguard\\\/about\\\/\",\"https:\\\/\\\/pastelink.net\\\/hjwciqwq\",\"https:\\\/\\\/pubhtml5.com\\\/homepage\\\/scjhn\\\/\",\"https:\\\/\\\/www.bitchute.com\\\/channel\\\/2O2eOKzNqujT\",\"https:\\\/\\\/audiomack.com\\\/iwellguard\"]}]}<\/script>\n<!-- \/ Yoast SEO Premium plugin. -->","yoast_head_json":{"title":"Eleggua - verndarhaus Santeria","description":"Eleggua er verndarhausi\u00f0 sem stendur vi\u00f0 \u00fatidyr \u00ed Santeria, gert \u00far steinsteypu og me\u00f0 k\u00far\u00ed-skeljum. Uppruni og merking \u00fatsk\u00fdr\u00f0 \u00e1 fr\u00e6\u00f0ilegan h\u00e1tt.","robots":{"index":"index","follow":"follow","max-snippet":"max-snippet:-1","max-image-preview":"max-image-preview:large","max-video-preview":"max-video-preview:-1"},"canonical":"https:\/\/iwell-guard.com\/is\/eleggua-vardhaus-vid-dyr\/","og_locale":"is_IS","og_type":"article","og_title":"Eleggua \u2013 verndarhausi\u00f0 vi\u00f0 dyrainnganginn","og_description":"Eleggua er verndarhausi\u00f0 sem stendur vi\u00f0 \u00fatidyr \u00ed Santeria, gert \u00far steinsteypu og me\u00f0 k\u00far\u00ed-skeljum. Uppruni og merking \u00fatsk\u00fdr\u00f0 \u00e1 fr\u00e6\u00f0ilegan h\u00e1tt.","og_url":"https:\/\/iwell-guard.com\/is\/eleggua-vardhaus-vid-dyr\/","og_site_name":"iWell Guard","article_modified_time":"2026-09-05T14:35:20+00:00","og_image":[{"width":1024,"height":1536,"url":"https:\/\/iwell-guard.com\/wp-content\/uploads\/2026\/05\/schutzsymbol_afrika_eleggua.webp","type":"image\/webp"}],"twitter_card":"summary_large_image","schema":{"@context":"https:\/\/schema.org","@graph":[{"@type":"WebPage","@id":"https:\/\/iwell-guard.com\/is\/eleggua-vardhaus-vid-dyr\/","url":"https:\/\/iwell-guard.com\/is\/eleggua-vardhaus-vid-dyr\/","name":"Eleggua - verndarhaus Santeria","isPartOf":{"@id":"https:\/\/iwell-guard.com\/is\/#website"},"primaryImageOfPage":{"@id":"https:\/\/iwell-guard.com\/is\/eleggua-vardhaus-vid-dyr\/#primaryimage"},"image":{"@id":"https:\/\/iwell-guard.com\/is\/eleggua-vardhaus-vid-dyr\/#primaryimage"},"thumbnailUrl":"https:\/\/iwell-guard.com\/wp-content\/uploads\/2026\/05\/schutzsymbol_afrika_eleggua.webp","datePublished":"2026-09-05T14:06:36+00:00","dateModified":"2026-09-05T14:35:20+00:00","description":"Eleggua er verndarhausi\u00f0 sem stendur vi\u00f0 \u00fatidyr \u00ed Santeria, gert \u00far steinsteypu og me\u00f0 k\u00far\u00ed-skeljum. Uppruni og merking \u00fatsk\u00fdr\u00f0 \u00e1 fr\u00e6\u00f0ilegan h\u00e1tt.","breadcrumb":{"@id":"https:\/\/iwell-guard.com\/is\/eleggua-vardhaus-vid-dyr\/#breadcrumb"},"inLanguage":"is","potentialAction":[{"@type":"ReadAction","target":["https:\/\/iwell-guard.com\/is\/eleggua-vardhaus-vid-dyr\/"]}]},{"@type":"ImageObject","inLanguage":"is","@id":"https:\/\/iwell-guard.com\/is\/eleggua-vardhaus-vid-dyr\/#primaryimage","url":"https:\/\/iwell-guard.com\/wp-content\/uploads\/2026\/05\/schutzsymbol_afrika_eleggua.webp","contentUrl":"https:\/\/iwell-guard.com\/wp-content\/uploads\/2026\/05\/schutzsymbol_afrika_eleggua.webp","width":1024,"height":1536,"caption":"Verndart\u00e1kn. Myndskreyting \u00ed safnst\u00edl."},{"@type":"BreadcrumbList","@id":"https:\/\/iwell-guard.com\/is\/eleggua-vardhaus-vid-dyr\/#breadcrumb","itemListElement":[{"@type":"ListItem","position":1,"name":"Start","item":"https:\/\/iwell-guard.com\/is\/?page_id=168580"},{"@type":"ListItem","position":2,"name":"Eleggua \u2013 verndarhausi\u00f0 vi\u00f0 dyrainnganginn"}]},{"@type":"WebSite","@id":"https:\/\/iwell-guard.com\/is\/#website","url":"https:\/\/iwell-guard.com\/is\/","name":"iWell Guard","description":"Schutz vor dunklen Einfl\u00fcssen","publisher":{"@id":"https:\/\/iwell-guard.com\/is\/#organization"},"potentialAction":[{"@type":"SearchAction","target":{"@type":"EntryPoint","urlTemplate":"https:\/\/iwell-guard.com\/is\/?s={search_term_string}"},"query-input":{"@type":"PropertyValueSpecification","valueRequired":true,"valueName":"search_term_string"}}],"inLanguage":"is"},{"@type":"Organization","@id":"https:\/\/iwell-guard.com\/is\/#organization","name":"Ittermann electronic GmbH","url":"https:\/\/iwell-guard.com\/is\/","logo":{"@type":"ImageObject","inLanguage":"is","@id":"https:\/\/iwell-guard.com\/is\/#\/schema\/logo\/image\/","url":"https:\/\/iwell-guard.com\/wp-content\/uploads\/2026\/05\/Ittermann-Logo-1182x237-1.png","contentUrl":"https:\/\/iwell-guard.com\/wp-content\/uploads\/2026\/05\/Ittermann-Logo-1182x237-1.png","width":1182,"height":237,"caption":"Ittermann electronic GmbH"},"image":{"@id":"https:\/\/iwell-guard.com\/is\/#\/schema\/logo\/image\/"},"sameAs":["https:\/\/pantip.com\/profile\/9367242","https:\/\/micro.blog\/iwellguard","https:\/\/www.diggerslist.com\/iwellguard\/about","https:\/\/skitterphoto.com\/photographers\/2870314\/iwell-guard","https:\/\/iwellguard.wordpress.com\/2026\/06\/06\/iwell-guard\/","https:\/\/hub.docker.com\/u\/iwellguard","https:\/\/www.pinterest.com\/iwellguard\/","https:\/\/bit.ly\/m\/iwellguard","https:\/\/entre-vos-mains.alsace.eu\/profiles\/iwellguard\/activity","https:\/\/gravatar.com\/reallybeded8fd34","https:\/\/naijamatta.com\/iwellguard","https:\/\/www.goodreads.com\/iwellguard","https:\/\/profile.hatena.ne.jp\/iwellguard\/","https:\/\/experiment.com\/users\/iwellguard","https:\/\/wakelet.com\/@iWellGuard82270","https:\/\/www.chordie.com\/forum\/profile.php?id=2555664","https:\/\/www.instapaper.com\/p\/17757966","https:\/\/www.mapleprimes.com\/users\/iwellguard","https:\/\/businesslistingplus.com\/profile\/iwell-guard\/","https:\/\/telegra.ph\/iWell-Guard-06-06","https:\/\/pbase.com\/iwellguard\/iwellguard","https:\/\/b.hatena.ne.jp\/iwellguard\/20260607#bookmark-4788405196491818882","https:\/\/fliphtml5.com\/home\/iwellguard","https:\/\/anyflip.com\/homepage\/cmiwl#About","https:\/\/transfur.com\/Users\/iwellguard","http:\/\/delphi.larsbo.org\/user\/iwellguard","https:\/\/jobs.lajobsportal.org\/profiles\/8380803-iwell-guard","https:\/\/md.chaosdorf.de\/s\/jfbe5SBdJD","https:\/\/www.lingvolive.com\/en-us\/profile\/9ecaeaca-ce11-4e51-9e71-01d55e2bff36\/translations","https:\/\/www.fitday.com\/fitness\/forums\/members\/iwellguard.html","https:\/\/www.mymeetbook.com\/iwellguard","https:\/\/pxhere.com\/en\/photographer-me\/5040798","https:\/\/disqus.com\/by\/iwellguard\/about\/","https:\/\/pastelink.net\/hjwciqwq","https:\/\/pubhtml5.com\/homepage\/scjhn\/","https:\/\/www.bitchute.com\/channel\/2O2eOKzNqujT","https:\/\/audiomack.com\/iwellguard"]}]}},"_links":{"self":[{"href":"https:\/\/iwell-guard.com\/is\/wp-json\/wp\/v2\/pages\/169220","targetHints":{"allow":["GET"]}}],"collection":[{"href":"https:\/\/iwell-guard.com\/is\/wp-json\/wp\/v2\/pages"}],"about":[{"href":"https:\/\/iwell-guard.com\/is\/wp-json\/wp\/v2\/types\/page"}],"author":[{"embeddable":true,"href":"https:\/\/iwell-guard.com\/is\/wp-json\/wp\/v2\/users\/3"}],"replies":[{"embeddable":true,"href":"https:\/\/iwell-guard.com\/is\/wp-json\/wp\/v2\/comments?post=169220"}],"version-history":[{"count":0,"href":"https:\/\/iwell-guard.com\/is\/wp-json\/wp\/v2\/pages\/169220\/revisions"}],"wp:featuredmedia":[{"embeddable":true,"href":"https:\/\/iwell-guard.com\/is\/wp-json\/wp\/v2\/media\/3554"}],"wp:attachment":[{"href":"https:\/\/iwell-guard.com\/is\/wp-json\/wp\/v2\/media?parent=169220"}],"wp:term":[{"taxonomy":"category","embeddable":true,"href":"https:\/\/iwell-guard.com\/is\/wp-json\/wp\/v2\/categories?post=169220"}],"curies":[{"name":"wp","href":"https:\/\/api.w.org\/{rel}","templated":true}]}}