{"id":169216,"date":"2026-09-05T14:06:34","date_gmt":"2026-09-05T14:06:34","guid":{"rendered":"https:\/\/iwell-guard.com\/?page_id=169216"},"modified":"2026-09-05T14:35:14","modified_gmt":"2026-09-05T14:35:14","slug":"slavneska-lunulan-tunglskerslaga-verndargripurinn","status":"publish","type":"page","link":"https:\/\/iwell-guard.com\/is\/slavneska-lunulan-tunglskerslaga-verndargripurinn\/","title":{"rendered":"Slavneska lunulan \u2013 tunglskerslaga verndargripurinn"},"content":{"rendered":"\t\t<div data-elementor-type=\"wp-page\" data-elementor-id=\"169216\" class=\"elementor elementor-169216 elementor-3708 elementor-bc-flex-widget\" data-elementor-post-type=\"page\">\n\t\t\t\t<div class=\"elementor-element elementor-element-iwgs-lunulaslawis-hero e-flex e-con-boxed e-con e-parent\" data-id=\"iwgs-lunulaslawis-hero\" data-element_type=\"container\" data-e-type=\"container\">\n\t\t\t\t\t<div class=\"e-con-inner\">\n\t\t<div class=\"elementor-element elementor-element-iwgs-lunulaslawis-hl e-flex e-con-boxed e-con e-parent\" data-id=\"iwgs-lunulaslawis-hl\" data-element_type=\"container\" data-e-type=\"container\">\n\t\t\t\t\t<div class=\"e-con-inner\">\n\t\t<div class=\"elementor-element elementor-element-iwgs-lunulaslawis-hlbox e-con-full e-flex e-con e-parent\" data-id=\"iwgs-lunulaslawis-hlbox\" data-element_type=\"container\" data-e-type=\"container\">\n\t\t\t\t<div class=\"elementor-element elementor-element-iwgs-lunulaslawis-h1 elementor-widget elementor-widget-heading\" data-id=\"iwgs-lunulaslawis-h1\" data-element_type=\"widget\" data-e-type=\"widget\" data-widget_type=\"heading.default\">\n\t\t\t\t\t<h1 class=\"elementor-heading-title elementor-size-default\">Slavneska lunulan \u2013 tunglverndargripur slavneska heimsins<\/h1>\t\t\t\t<\/div>\n\t\t\t\t<div class=\"elementor-element elementor-element-iwgs-lunulaslawis-lead elementor-widget elementor-widget-text-editor\" data-id=\"iwgs-lunulaslawis-lead\" data-element_type=\"widget\" data-e-type=\"widget\" data-widget_type=\"text-editor.default\">\n\t\t\t\t\t\t\t\t\t<p>Lunulan er tunglskerslaga <span class=\"iwg-fachbegriff\" data-tooltip=\"Hlutur borinn \u00e1 l\u00edkamanum sem talinn er hafa verndandi, \u00f3g\u00e6fuvarnandi verkun.\" tabindex=\"0\">verndargripur<\/span> (Amulett) sem var \u00fatbreiddur \u00ed slavneska heiminum. Hann var ger\u00f0ur \u00far m\u00e1lmi og borinn \u00e1 festi e\u00f0a h\u00f6fu\u00f0skrauti, nota\u00f0ur fyrst og fremst af konum og tengdur tunglinu.<\/p>\t\t\t\t\t\t\t\t<\/div>\n\t\t\t\t<\/div>\n\t\t\t\t<div class=\"elementor-element elementor-element-iwgs-lunulaslawis-pills elementor-widget elementor-widget-html\" data-id=\"iwgs-lunulaslawis-pills\" data-element_type=\"widget\" data-e-type=\"widget\" data-widget_type=\"html.default\">\n\t\t\t\t\t<div class=\"iwg-pill-row\"><span class=\"iwg-klasse-badge\" tabindex=\"0\" data-tooltip=\"Verndart\u00e1kn, verndargripur e\u00f0a ap\u00f3tr\u00f3pa\u00edskur hlutur.\">Verndart\u00e1kn<\/span><a href=\"https:\/\/iwell-guard.com\/is\/slavnesk\/\" class=\"iwg-kultur-badge\" tabindex=\"0\" data-tooltip=\"Verndarhef\u00f0: Slavnesk\">Slavnesk<\/a><span class=\"iwg-tradition-badge\" tabindex=\"0\" data-tooltip=\"Verndargripur \u00ed tunglformi me\u00f0 verndandi merkingu.\">Tunglverndargripur<\/span><\/div>\t\t\t\t<\/div>\n\t\t\t\t\t<\/div>\n\t\t\t\t<\/div>\n\t\t<div class=\"elementor-element elementor-element-iwgs-lunulaslawis-hr e-con-full e-flex e-con e-parent\" data-id=\"iwgs-lunulaslawis-hr\" data-element_type=\"container\" data-e-type=\"container\">\n\t\t\t\t<div class=\"elementor-element elementor-element-iwgs-lunulaslawis-himg iwg-hero-image elementor-widget elementor-widget-image\" data-id=\"iwgs-lunulaslawis-himg\" data-element_type=\"widget\" data-e-type=\"widget\" data-widget_type=\"image.default\">\n\t\t\t\t\t\t\t\t\t\t\t\t\t\t\t<img fetchpriority=\"high\" decoding=\"async\" width=\"683\" height=\"1024\" src=\"https:\/\/iwell-guard.com\/wp-content\/uploads\/2026\/05\/schutzsymbol_slawisch_lunula-683x1024.webp\" class=\"attachment-large size-large wp-image-170557\" alt=\"Lunula - verndart\u00e1kn, safnfr\u00e6\u00f0ileg myndskreyting\" srcset=\"https:\/\/iwell-guard.com\/wp-content\/uploads\/2026\/05\/schutzsymbol_slawisch_lunula-683x1024.webp 683w, https:\/\/iwell-guard.com\/wp-content\/uploads\/2026\/05\/schutzsymbol_slawisch_lunula-200x300.webp 200w, https:\/\/iwell-guard.com\/wp-content\/uploads\/2026\/05\/schutzsymbol_slawisch_lunula-768x1152.webp 768w, https:\/\/iwell-guard.com\/wp-content\/uploads\/2026\/05\/schutzsymbol_slawisch_lunula.webp 1024w\" sizes=\"(max-width: 683px) 100vw, 683px\" \/>\t\t\t\t\t\t\t\t\t\t\t\t\t\t\t<\/div>\n\t\t\t\t<\/div>\n\t\t\t\t\t<\/div>\n\t\t\t\t<\/div>\n\t\t<div class=\"elementor-element elementor-element-iwgs-lunulaslawis-s0 e-flex e-con-boxed e-con e-parent\" data-id=\"iwgs-lunulaslawis-s0\" data-element_type=\"container\" data-e-type=\"container\">\n\t\t\t\t\t<div class=\"e-con-inner\">\n\t\t\t\t<div class=\"elementor-element elementor-element-iwgs-lunulaslawis-s0h elementor-widget elementor-widget-heading\" data-id=\"iwgs-lunulaslawis-s0h\" data-element_type=\"widget\" data-e-type=\"widget\" data-widget_type=\"heading.default\">\n\t\t\t\t\t<h2 class=\"elementor-heading-title elementor-size-default\">Yfirlit<\/h2>\t\t\t\t<\/div>\n\t\t<div class=\"elementor-element elementor-element-iwgs-lunulaslawis-s0box e-con-full e-flex e-con e-parent\" data-id=\"iwgs-lunulaslawis-s0box\" data-element_type=\"container\" data-e-type=\"container\">\n\t\t\t\t<div class=\"elementor-element elementor-element-iwgs-lunulaslawis-s0t elementor-widget elementor-widget-text-editor\" data-id=\"iwgs-lunulaslawis-s0t\" data-element_type=\"widget\" data-e-type=\"widget\" data-widget_type=\"text-editor.default\">\n\t\t\t\t\t\t\t\t\t<p>Lunulan er skart- og verndargripur sem var mj\u00f6g \u00fatbreiddur \u00ed <a href=\"https:\/\/iwell-guard.com\/is\/slavnesk\/\">slavneska<\/a> heiminum. Nafni\u00f0 er dregi\u00f0 af latnesku or\u00f0i fyrir litla tungli\u00f0.<\/p><p><span class=\"iwg-fachbegriff\" data-tooltip=\"Hlutur borinn \u00e1 l\u00edkamanum sem talinn er hafa verndandi, \u00f3g\u00e6fuvarnandi verkun.\" tabindex=\"0\">Verndargripurinn<\/span> hefur form tunglsk\u00edfu. Hann er bogadregin hlutur sem breikkar \u00ed tvo odda og opna hli\u00f0in v\u00edsar \u00fdmist upp e\u00f0a ni\u00f0ur eftir \u00fev\u00ed hvernig hann er borinn.<\/p><p>Lunulur voru ger\u00f0ar \u00far m\u00e1lmi, oftast bronsi e\u00f0a silfri. \u00de\u00e6r voru bornar \u00e1 festi um h\u00e1lsinn e\u00f0a \u00e1 h\u00f6fu\u00f0skrauti og voru hluti af skartgripaeign.<\/p><p>Lunulan var fyrst og fremst borin af konum. H\u00fan var hluti af kvenlegu skarti og er \u00feess vegna tengd heimi kvenna, tunglinu og frj\u00f3semi.<\/p><p>\u00cd <span class=\"iwg-fachbegriff\" data-tooltip=\"V\u00edsindi sem rannsaka fyrri menningarheima me\u00f0 efnislegum fundum.\" tabindex=\"0\">fornleifafr\u00e6\u00f0i<\/span> og <span class=\"iwg-fachbegriff\" data-tooltip=\"V\u00edsindin sem rannsaka tr\u00faarbr\u00f6g\u00f0 \u00e1 samanbur\u00f0arh\u00e1tt og \u00e1n tr\u00faartengsla.\" tabindex=\"0\">tr\u00faarbrag\u00f0afr\u00e6\u00f0i<\/span> er slavneska lunulan gott og vel sta\u00f0fest d\u00e6mi um tunglverndargrip. H\u00fan sameinar hlutverk skarts og verndar.<\/p><p>\u00deessi s\u00ed\u00f0a fjallar um slavnesku lunuluna \u00fat fr\u00e1 verndarsj\u00f3narmi\u00f0i. H\u00fan l\u00fdsir forminu, fornleifafr\u00e6\u00f0ilegum fundum, tengslunum vi\u00f0 tungli\u00f0, \u00fev\u00ed a\u00f0 konur b\u00e1ru gripinn og t\u00falkun t\u00e1knsins.<\/p>\t\t\t\t\t\t\t\t<\/div>\n\t\t\t\t<\/div>\n\t\t\t\t\t<\/div>\n\t\t\t\t<\/div>\n\t\t<div class=\"elementor-element elementor-element-iwgs-lunulaslawis-s1 e-flex e-con-boxed e-con e-parent\" data-id=\"iwgs-lunulaslawis-s1\" data-element_type=\"container\" data-e-type=\"container\">\n\t\t\t\t\t<div class=\"e-con-inner\">\n\t\t\t\t<div class=\"elementor-element elementor-element-iwgs-lunulaslawis-s1h elementor-widget elementor-widget-heading\" data-id=\"iwgs-lunulaslawis-s1h\" data-element_type=\"widget\" data-e-type=\"widget\" data-widget_type=\"heading.default\">\n\t\t\t\t\t<h2 class=\"elementor-heading-title elementor-size-default\">Form og efni<\/h2>\t\t\t\t<\/div>\n\t\t<div class=\"elementor-element elementor-element-iwgs-lunulaslawis-s1box e-con-full e-flex e-con e-parent\" data-id=\"iwgs-lunulaslawis-s1box\" data-element_type=\"container\" data-e-type=\"container\">\n\t\t\t\t<div class=\"elementor-element elementor-element-iwgs-lunulaslawis-s1t elementor-widget elementor-widget-text-editor\" data-id=\"iwgs-lunulaslawis-s1t\" data-element_type=\"widget\" data-e-type=\"widget\" data-widget_type=\"text-editor.default\">\n\t\t\t\t\t\t\t\t\t<p>Lunulan hefur sk\u00fdrt afmarka\u00f0 form. H\u00fan er bogadregin hengja \u00ed formi tunglsk\u00edfu \u00fear sem oddarnir tveir v\u00edsa hvor \u00e1 m\u00f3ti \u00f6\u00f0rum.<\/p><p>\u00c1 efri odda sk\u00edfunnar er venjulega l\u00edtil lykkja. \u00cd gegnum hana var gripurinn festur \u00e1 festi. \u00deegar hann var borinn v\u00edsu\u00f0u oddarnir tveir ni\u00f0ur.<\/p><p>Efnivi\u00f0ur lunulunnar er m\u00e1lmur. Brons og silfur voru \u00fatbreidd. M\u00e1lmurinn sameina\u00f0i endingu hlutarins og glans sem einkenndi skarti\u00f0.<\/p><p>Yfirbor\u00f0 lunulunnar var oft skreytt. \u00dear m\u00e1 finna \u00edgrafin e\u00f0a \u00e1fest munstur, ge\u00f3metr\u00edsk t\u00e1kn, punktarra\u00f0ir og fl\u00farb\u00f6nd. Sum stykki eru unnin af mikilli list.<\/p><p>St\u00e6r\u00f0 lunulanna er breytileg. Til eru l\u00edtil, einf\u00f6ld stykki og st\u00e6rri, r\u00edkulega skreytt stykki. Grunnformi\u00f0, tunglsk\u00edfan, er \u00fe\u00f3 greinanlegt \u00ed \u00f6llum st\u00e6r\u00f0um.<\/p><p>Lunulan er \u00feannig sk\u00fdrt afmarka\u00f0ur skartgripur. Form hennar, tunglsk\u00edfan, er meginkennileiti hennar og einnig lykillinn a\u00f0 merkingu hennar.<\/p>\t\t\t\t\t\t\t\t<\/div>\n\t\t\t\t<\/div>\n\t\t\t\t\t<\/div>\n\t\t\t\t<\/div>\n\t\t<div class=\"elementor-element elementor-element-iwgs-lunulaslawis-s2 e-flex e-con-boxed e-con e-parent\" data-id=\"iwgs-lunulaslawis-s2\" data-element_type=\"container\" data-e-type=\"container\">\n\t\t\t\t\t<div class=\"e-con-inner\">\n\t\t\t\t<div class=\"elementor-element elementor-element-iwgs-lunulaslawis-s2h elementor-widget elementor-widget-heading\" data-id=\"iwgs-lunulaslawis-s2h\" data-element_type=\"widget\" data-e-type=\"widget\" data-widget_type=\"heading.default\">\n\t\t\t\t\t<h2 class=\"elementor-heading-title elementor-size-default\">Fornleifafundir<\/h2>\t\t\t\t<\/div>\n\t\t<div class=\"elementor-element elementor-element-iwgs-lunulaslawis-s2box e-con-full e-flex e-con e-parent\" data-id=\"iwgs-lunulaslawis-s2box\" data-element_type=\"container\" data-e-type=\"container\">\n\t\t\t\t<div class=\"elementor-element elementor-element-iwgs-lunulaslawis-s2t elementor-widget elementor-widget-text-editor\" data-id=\"iwgs-lunulaslawis-s2t\" data-element_type=\"widget\" data-e-type=\"widget\" data-widget_type=\"text-editor.default\">\n\t\t\t\t\t\t\t\t\t<p>Slavneska lunulan er fyrst og fremst kunn af fornleifafundum. \u00d3l\u00edkt m\u00f6rgum \u00f6\u00f0rum slavneskum t\u00e1knum eru fundirnir h\u00e9r tilt\u00f6lulega r\u00edkir.<\/p><p>Lunulur hafa fundist \u00ed slavneskum gr\u00f6fum og bygg\u00f0um. \u00de\u00e6r eru me\u00f0al algengari skartfunda slavneska mi\u00f0aldat\u00edmans og eru \u00fatbreiddar \u00e1 v\u00ed\u00f0um sv\u00e6\u00f0um.<\/p><p>Fundirnir koma fyrst og fremst \u00far kvennagr\u00f6fum. \u00deessi tengsl vi\u00f0 grafir kvenna eru me\u00f0al mikilv\u00e6gustu v\u00edsbendinganna um a\u00f0 lunulan hafi veri\u00f0 skart kvenna.<\/p><p>Fundirnir s\u00fdna einnig a\u00f0 lunulan var borin um langan t\u00edma. H\u00fan var ekki skamml\u00edft stykki, heldur skart sem barst milli kynsl\u00f3\u00f0a.<\/p><p>Lunulan er \u00fe\u00f3 ekki einskor\u00f0u\u00f0 vi\u00f0 slavneska menningu. Tunglskerslaga hengjur eru einnig kunnar \u00far \u00f6\u00f0rum menningarheimum. \u00cd slavneska heiminum n\u00e1\u00f0i \u00feetta <span class=\"iwg-fachbegriff\" data-tooltip=\"Endurteki\u00f0 innihaldslegt element \u00ed list e\u00f0a fr\u00e1s\u00f6gn.\" tabindex=\"0\">stef<\/span> \u00fe\u00f3 s\u00e9rstaklega mikilli \u00fatbrei\u00f0slu.<\/p><p>Fornleifafundirnir gera slavnesku lunuluna \u00feannig a\u00f0 vel \u00e1\u00fereifanlegum hlut. \u00d3l\u00edkt hreint n\u00fat\u00edmalega endurger\u00f0um t\u00e1knum liggur h\u00e9r fyrir brei\u00f0ur fundagrunnur.<\/p>\t\t\t\t\t\t\t\t<\/div>\n\t\t\t\t<\/div>\n\t\t\t\t\t<\/div>\n\t\t\t\t<\/div>\n\t\t<div class=\"elementor-element elementor-element-iwgs-lunulaslawis-s3 e-flex e-con-boxed e-con e-parent\" data-id=\"iwgs-lunulaslawis-s3\" data-element_type=\"container\" data-e-type=\"container\">\n\t\t\t\t\t<div class=\"e-con-inner\">\n\t\t\t\t<div class=\"elementor-element elementor-element-iwgs-lunulaslawis-s3h elementor-widget elementor-widget-heading\" data-id=\"iwgs-lunulaslawis-s3h\" data-element_type=\"widget\" data-e-type=\"widget\" data-widget_type=\"heading.default\">\n\t\t\t\t\t<h2 class=\"elementor-heading-title elementor-size-default\">Lunulan og tungli\u00f0<\/h2>\t\t\t\t<\/div>\n\t\t<div class=\"elementor-element elementor-element-iwgs-lunulaslawis-s3box e-con-full e-flex e-con e-parent\" data-id=\"iwgs-lunulaslawis-s3box\" data-element_type=\"container\" data-e-type=\"container\">\n\t\t\t\t<div class=\"elementor-element elementor-element-iwgs-lunulaslawis-s3t elementor-widget elementor-widget-text-editor\" data-id=\"iwgs-lunulaslawis-s3t\" data-element_type=\"widget\" data-e-type=\"widget\" data-widget_type=\"text-editor.default\">\n\t\t\t\t\t\t\t\t\t<p>Form lunulunnar er tunglsk\u00edfan. \u00dear me\u00f0 er <span class=\"iwg-fachbegriff\" data-tooltip=\"Hlutur borinn \u00e1 l\u00edkamanum sem talinn er hafa verndandi, \u00f3g\u00e6fuvarnandi verkun.\" tabindex=\"0\">verndargripurinn<\/span> beintengdur tunglinu, og \u00feessi tenging er kjarni merkingar hans.<\/p><p>Tungli\u00f0 var mikilv\u00e6gt himintungl \u00ed m\u00f6rgum menningarheimum. Regluleg v\u00f6xtur \u00feess og minnkun, breyting \u00feess fr\u00e1 mj\u00f3rri sk\u00edfu til fulls hrings og til baka, ger\u00f0i \u00fea\u00f0 a\u00f0 t\u00e1kni breytinga og endurkomu.<\/p><p>Tungli\u00f0 var oft tengt heimi kvenna. Tunglganga og l\u00edfsferill kvenna voru sett \u00ed samband hvort vi\u00f0 anna\u00f0. \u00dear af lei\u00f0andi var lunulan fyrst og fremst borin af konum.<\/p><p>Tungli\u00f0 var einnig tali\u00f0 tengt frj\u00f3semi. Vaxandi og dv\u00ednandi lj\u00f3s \u00feess var sett \u00ed samband vi\u00f0 v\u00f6xt og \u00feroska \u00ed n\u00e1tt\u00farunni.<\/p><p>Um \u00fe\u00e6r n\u00e1kv\u00e6mu hugmyndir sem Slavar tengdu vi\u00f0 tungli\u00f0 er \u00fe\u00f3 f\u00e1tt \u00f6ruggt var\u00f0veitt. Margt ver\u00f0ur a\u00f0 lei\u00f0a af fundum og samanbur\u00f0i.<\/p><p>Lunulan er \u00feannig tunglverndargripur. H\u00fan ber t\u00e1kn tunglsins og me\u00f0 \u00fev\u00ed \u00fe\u00e6r merkingar sem tunglinu voru eigna\u00f0ar: breytingu, endurkomu, heim kvenna og frj\u00f3semi.<\/p>\t\t\t\t\t\t\t\t<\/div>\n\t\t\t\t<\/div>\n\t\t\t\t\t<\/div>\n\t\t\t\t<\/div>\n\t\t<div class=\"elementor-element elementor-element-iwgs-lunulaslawis-s4 e-flex e-con-boxed e-con e-parent\" data-id=\"iwgs-lunulaslawis-s4\" data-element_type=\"container\" data-e-type=\"container\">\n\t\t\t\t\t<div class=\"e-con-inner\">\n\t\t\t\t<div class=\"elementor-element elementor-element-iwgs-lunulaslawis-s4h elementor-widget elementor-widget-heading\" data-id=\"iwgs-lunulaslawis-s4h\" data-element_type=\"widget\" data-e-type=\"widget\" data-widget_type=\"heading.default\">\n\t\t\t\t\t<h2 class=\"elementor-heading-title elementor-size-default\">Lunulan sem kvenskart<\/h2>\t\t\t\t<\/div>\n\t\t<div class=\"elementor-element elementor-element-iwgs-lunulaslawis-s4box e-con-full e-flex e-con e-parent\" data-id=\"iwgs-lunulaslawis-s4box\" data-element_type=\"container\" data-e-type=\"container\">\n\t\t\t\t<div class=\"elementor-element elementor-element-iwgs-lunulaslawis-s4t elementor-widget elementor-widget-text-editor\" data-id=\"iwgs-lunulaslawis-s4t\" data-element_type=\"widget\" data-e-type=\"widget\" data-widget_type=\"text-editor.default\">\n\t\t\t\t\t\t\t\t\t<p>Slavneska l\u00fan\u00falan var fyrst og fremst kvenskart. \u00deetta m\u00e1 sj\u00e1 af fornleifafundum og af tengingunni vi\u00f0 m\u00e1nann.<\/p><p>L\u00fan\u00falur fundust a\u00f0 mestu \u00ed kvengr\u00f6fum. \u00de\u00e6r voru hluti af skarti kvenna og voru einnig lag\u00f0ar me\u00f0 \u00feeim \u00ed gr\u00f6fina.<\/p><p>L\u00fan\u00falan var borin \u00e1 h\u00e1lsfesti e\u00f0a h\u00f6fu\u00f0skarti. Oft var h\u00fan hluti af r\u00edkulegra skarti sem samanst\u00f3\u00f0 af m\u00f6rgum hengjum og festum.<\/p><p>Tengingin vi\u00f0 konur m\u00e1 rekja til m\u00e1nans. \u00dear sem m\u00e1ninn var tengdur kvenlegum heimi og frj\u00f3semi, var m\u00e1naverndargripurinn skart sem konum tilheyr\u00f0i s\u00e9rstaklega.<\/p><p>L\u00fan\u00falan fylgdi \u00feannig \u00fdmsum skei\u00f0um \u00ed l\u00edfi konunnar. H\u00fan var borin fr\u00e1 bernsku til fullor\u00f0ins\u00e1ra og tengdist verndinni og <span class=\"iwg-fachbegriff\" data-tooltip=\"Yfirl\u00fdsing um heill og verndun, oft \u00ed fastm\u00f3tu\u00f0u or\u00f0alagi.\" tabindex=\"0\">blessuninni<\/span> yfir l\u00edfi konunnar.<\/p><p>L\u00fan\u00falan er \u00feannig gott d\u00e6mi um skart sem tilheyr\u00f0i \u00e1kve\u00f0num h\u00f3pi. Sem kvenskart tengdi h\u00fan saman skart, vernd og tengingu vi\u00f0 m\u00e1nann.<\/p>\t\t\t\t\t\t\t\t<\/div>\n\t\t\t\t<\/div>\n\t\t\t\t\t<\/div>\n\t\t\t\t<\/div>\n\t\t<div class=\"elementor-element elementor-element-iwgs-lunulaslawis-s5 e-flex e-con-boxed e-con e-parent\" data-id=\"iwgs-lunulaslawis-s5\" data-element_type=\"container\" data-e-type=\"container\">\n\t\t\t\t\t<div class=\"e-con-inner\">\n\t\t\t\t<div class=\"elementor-element elementor-element-iwgs-lunulaslawis-s5h elementor-widget elementor-widget-heading\" data-id=\"iwgs-lunulaslawis-s5h\" data-element_type=\"widget\" data-e-type=\"widget\" data-widget_type=\"heading.default\">\n\t\t\t\t\t<h2 class=\"elementor-heading-title elementor-size-default\">Skart og vernd<\/h2>\t\t\t\t<\/div>\n\t\t<div class=\"elementor-element elementor-element-iwgs-lunulaslawis-s5box e-con-full e-flex e-con e-parent\" data-id=\"iwgs-lunulaslawis-s5box\" data-element_type=\"container\" data-e-type=\"container\">\n\t\t\t\t<div class=\"elementor-element elementor-element-iwgs-lunulaslawis-s5t elementor-widget elementor-widget-text-editor\" data-id=\"iwgs-lunulaslawis-s5t\" data-element_type=\"widget\" data-e-type=\"widget\" data-widget_type=\"text-editor.default\">\n\t\t\t\t\t\t\t\t\t<p>Slavneska l\u00fan\u00falan sameinar tv\u00f6 hlutverk sem voru n\u00e1tengd \u00ed slavneskri \u00fej\u00f3\u00f0menningu, skarti\u00f0 og v\u00f6rnina.<\/p><p>Sem skart pr\u00fdddi l\u00fan\u00falan handhafa sinn. Hi\u00f0 listilega m\u00f3ta\u00f0a m\u00e1nasig\u00f0 \u00far glansandi m\u00e1lmi var fagurlega ger\u00f0ur gripur og t\u00e1kn um st\u00f6\u00f0u og velmegun.<\/p><p>\u00c1 sama t\u00edma var l\u00fan\u00falan, samkv\u00e6mt algengri t\u00falkun, verndargripur. M\u00e1namerki\u00f0 \u00e1tti a\u00f0 vernda handhafa sinn og veita honum \u00fe\u00e1 <span class=\"iwg-fachbegriff\" data-tooltip=\"Yfirl\u00fdsing um heill og verndun, oft \u00ed fastm\u00f3tu\u00f0u or\u00f0alagi.\" tabindex=\"0\">blessun<\/span> sem tengd var m\u00e1nanum.<\/p><p>\u00deessi tenging skarts og verndar var ekkert einsd\u00e6mi \u00ed slavneskri \u00fej\u00f3\u00f0menningu. Eins og hin verndandi \u00fatsaumun, sem kynnt er sem ober\u0435\u0433 \u00e1 s\u00e9rstakri s\u00ed\u00f0u, var skart oft einnig vernd.<\/p><p>\u00dea\u00f0 er \u00fe\u00f3 erfitt a\u00f0 vega \u00feessi tv\u00f6 hlutverk hvort \u00e1 m\u00f3ti \u00f6\u00f0ru af n\u00e1kv\u00e6mni. Fundirnir s\u00fdna l\u00fan\u00faluna sem v\u00ed\u00f0t\u00e6kt skart. Hversu miki\u00f0 verndarhugsunin v\u00f3 \u00ed hverju einst\u00f6ku tilviki er ekki alltaf lj\u00f3st.<\/p><p>L\u00fan\u00falan er \u00feannig d\u00e6mi um n\u00e1na tengingu skarts og verndar. H\u00fan var fagur skartgripur, og h\u00fan var m\u00e1naverndargripur. \u00deessar tv\u00e6r hli\u00f0ar tilheyr\u00f0u saman.<\/p>\t\t\t\t\t\t\t\t<\/div>\n\t\t\t\t<\/div>\n\t\t\t\t\t<\/div>\n\t\t\t\t<\/div>\n\t\t<div class=\"elementor-element elementor-element-iwgs-lunulaslawis-s6 e-flex e-con-boxed e-con e-parent\" data-id=\"iwgs-lunulaslawis-s6\" data-element_type=\"container\" data-e-type=\"container\">\n\t\t\t\t\t<div class=\"e-con-inner\">\n\t\t\t\t<div class=\"elementor-element elementor-element-iwgs-lunulaslawis-s6h elementor-widget elementor-widget-heading\" data-id=\"iwgs-lunulaslawis-s6h\" data-element_type=\"widget\" data-e-type=\"widget\" data-widget_type=\"heading.default\">\n\t\t\t\t\t<h2 class=\"elementor-heading-title elementor-size-default\">Var\u00fa\u00f0 \u00ed t\u00falkun<\/h2>\t\t\t\t<\/div>\n\t\t<div class=\"elementor-element elementor-element-iwgs-lunulaslawis-s6box e-con-full e-flex e-con e-parent\" data-id=\"iwgs-lunulaslawis-s6box\" data-element_type=\"container\" data-e-type=\"container\">\n\t\t\t\t<div class=\"elementor-element elementor-element-iwgs-lunulaslawis-s6t elementor-widget elementor-widget-text-editor\" data-id=\"iwgs-lunulaslawis-s6t\" data-element_type=\"widget\" data-e-type=\"widget\" data-widget_type=\"text-editor.default\">\n\t\t\t\t\t\t\t\t\t<p>Einnig var\u00f0andi slavnesku l\u00fan\u00faluna er \u00e1kve\u00f0in var\u00fa\u00f0 \u00ed t\u00falkun nau\u00f0synleg, jafnvel \u00fe\u00f3tt fundirnir s\u00e9u h\u00e9r betri en vi\u00f0 m\u00f6rg \u00f6nnur slavnesk t\u00e1kn.<\/p><p>Vel sta\u00f0fest er l\u00fan\u00falan sem gripur. Fornleifafundir s\u00fdna <span class=\"iwg-fachbegriff\" data-tooltip=\"Gripur sem borinn er \u00e1 l\u00edkamanum og talinn hafa verndandi, \u00f3g\u00e6fuvarnandi m\u00e1tt.\" tabindex=\"0\">verndargripinn<\/span>, form hans, efni hans og tengingu hans vi\u00f0 kvengrafir. \u00deessar sta\u00f0reyndir eru \u00f6ruggar.<\/p><p>Einnig er tengingin milli sig\u00f0formsins og m\u00e1nans auglj\u00f3s og vel grundv\u00f6llu\u00f0. L\u00fan\u00falan er \u00e1n nokkurs vafa m\u00e1namerki.<\/p><p>Erfi\u00f0ara er a\u00f0 segja til um hva\u00f0a n\u00e1kv\u00e6mar hugmyndir Slavar tengdu vi\u00f0 m\u00e1nann og <span class=\"iwg-fachbegriff\" data-tooltip=\"Gripur sem borinn er \u00e1 l\u00edkamanum og talinn hafa verndandi, \u00f3g\u00e6fuvarnandi m\u00e1tt.\" tabindex=\"0\">verndargripinn<\/span>. \u00dear sem skrifleg vitnisbur\u00f0i skortir, ver\u00f0ur margt a\u00f0 r\u00e1\u00f0a \u00fat fr\u00e1 samanbur\u00f0i.<\/p><p>N\u00fat\u00edma framsetningar eigna l\u00fan\u00falunni oft mj\u00f6g n\u00e1kv\u00e6mar merkingar, til d\u00e6mis tengingu vi\u00f0 \u00e1kve\u00f0na m\u00e1nago\u00f0veru. Sl\u00edkar n\u00e1kv\u00e6mar sta\u00f0h\u00e6fingar eru oft \u00f3vissar.<\/p><p>V\u00f6ndu\u00f0 framsetning gerir \u00fev\u00ed einnig h\u00e9r greinarmun. Gripurinn og tengingin vi\u00f0 m\u00e1nann eru sta\u00f0fest. Hinar n\u00e1kv\u00e6mu tr\u00faarlegu hugmyndir Slava eru \u00ed m\u00f6rgu tilliti \u00f3vissar.<\/p>\t\t\t\t\t\t\t\t<\/div>\n\t\t\t\t<\/div>\n\t\t\t\t\t<\/div>\n\t\t\t\t<\/div>\n\t\t<div class=\"elementor-element elementor-element-iwgs-lunulaslawis-s7 e-flex e-con-boxed e-con e-parent\" data-id=\"iwgs-lunulaslawis-s7\" data-element_type=\"container\" data-e-type=\"container\">\n\t\t\t\t\t<div class=\"e-con-inner\">\n\t\t\t\t<div class=\"elementor-element elementor-element-iwgs-lunulaslawis-s7h elementor-widget elementor-widget-heading\" data-id=\"iwgs-lunulaslawis-s7h\" data-element_type=\"widget\" data-e-type=\"widget\" data-widget_type=\"heading.default\">\n\t\t\t\t\t<h2 class=\"elementor-heading-title elementor-size-default\">L\u00fan\u00falan me\u00f0al annarra slavneskra t\u00e1kna<\/h2>\t\t\t\t<\/div>\n\t\t<div class=\"elementor-element elementor-element-iwgs-lunulaslawis-s7box e-con-full e-flex e-con e-parent\" data-id=\"iwgs-lunulaslawis-s7box\" data-element_type=\"container\" data-e-type=\"container\">\n\t\t\t\t<div class=\"elementor-element elementor-element-iwgs-lunulaslawis-s7t elementor-widget elementor-widget-text-editor\" data-id=\"iwgs-lunulaslawis-s7t\" data-element_type=\"widget\" data-e-type=\"widget\" data-widget_type=\"text-editor.default\">\n\t\t\t\t\t\t\t\t\t<p>Slavneska l\u00fan\u00falan stendur me\u00f0al annarra slavneskra t\u00e1kna og verndargripa. Hana m\u00e1 vel setja inn \u00ed \u00feessa st\u00e6rri mynd.<\/p><p>Sem verndandi gripur tilheyrir l\u00fan\u00falan flokki obereganna, hinna slavnesku verndargripa. H\u00fan er \u00e1kve\u00f0inn, nafngreindur me\u00f0limur \u00feessa flokks.<\/p><p>\u00dear sem l\u00fan\u00falan ber merki m\u00e1nans, eru \u00f6nnur slavnesk t\u00e1kn tengd s\u00f3linni. S\u00f3larhj\u00f3li\u00f0, <a href=\"https:\/\/iwell-guard.com\/is\/?page_id=169155\">Kolovrat<\/a>, er sl\u00edkt s\u00f3lart\u00e1kn.<\/p><p>M\u00e1ni og s\u00f3l myndast \u00feannig \u00ed pari himint\u00e1knmerkja. L\u00fan\u00falan tilheyrir hli\u00f0 m\u00e1nans, Kolovrat hli\u00f0 s\u00f3larins.<\/p><p>Fram yfir slavnesku l\u00fan\u00faluna hefur <span class=\"iwg-fachbegriff\" data-tooltip=\"Fr\u00e6\u00f0igrein sem rannsakar fyrri menningarsamf\u00e9l\u00f6g me\u00f0 efnislegum fundum.\" tabindex=\"0\">fornleifafr\u00e6\u00f0in<\/span> mikilv\u00e6gt forskot. \u00d3l\u00edkt t\u00e1knum eins og h\u00f6nd Gu\u00f0s, sem n\u00fat\u00edma form er endursm\u00ed\u00f0a\u00f0, er l\u00fan\u00falan vel sta\u00f0fest me\u00f0 r\u00edkulegum fundum.<\/p><p>L\u00fan\u00falan er \u00feannig a\u00f0gengilegur slavneskur <span class=\"iwg-fachbegriff\" data-tooltip=\"Gripur sem borinn er \u00e1 l\u00edkamanum og talinn hafa verndandi, \u00f3g\u00e6fuvarnandi m\u00e1tt.\" tabindex=\"0\">verndargripur<\/span>. H\u00fan s\u00fdnir a\u00f0 slavneski heimurinn \u00feekkti, samhli\u00f0a \u00f3vissri arfleif\u00f0 t\u00e1kna, einnig sk\u00fdrt sta\u00f0festa skart- og verndargripi.<\/p>\t\t\t\t\t\t\t\t<\/div>\n\t\t\t\t<\/div>\n\t\t\t\t\t<\/div>\n\t\t\t\t<\/div>\n\t\t<div class=\"elementor-element elementor-element-iwgs-lunulaslawis-s8 e-flex e-con-boxed e-con e-parent\" data-id=\"iwgs-lunulaslawis-s8\" data-element_type=\"container\" data-e-type=\"container\">\n\t\t\t\t\t<div class=\"e-con-inner\">\n\t\t\t\t<div class=\"elementor-element elementor-element-iwgs-lunulaslawis-s8h elementor-widget elementor-widget-heading\" data-id=\"iwgs-lunulaslawis-s8h\" data-element_type=\"widget\" data-e-type=\"widget\" data-widget_type=\"heading.default\">\n\t\t\t\t\t<h2 class=\"elementor-heading-title elementor-size-default\">M\u00f3tt\u00f6kur \u00ed dag<\/h2>\t\t\t\t<\/div>\n\t\t<div class=\"elementor-element elementor-element-iwgs-lunulaslawis-s8box e-con-full e-flex e-con e-parent\" data-id=\"iwgs-lunulaslawis-s8box\" data-element_type=\"container\" data-e-type=\"container\">\n\t\t\t\t<div class=\"elementor-element elementor-element-iwgs-lunulaslawis-s8t elementor-widget elementor-widget-text-editor\" data-id=\"iwgs-lunulaslawis-s8t\" data-element_type=\"widget\" data-e-type=\"widget\" data-widget_type=\"text-editor.default\">\n\t\t\t\t\t\t\t\t\t<p>Slavneska l\u00fan\u00falan er \u00ed dag fyrst og fremst fornleifafr\u00e6\u00f0ilegt og tr\u00faars\u00f6gulegt vi\u00f0fangsefni, en h\u00fan hefur einnig fengi\u00f0 n\u00fdrri vi\u00f0t\u00f6kur.<\/p><p>\u00cd fornleifas\u00f6fnum slavneskum\u00e6landi landa eru l\u00fan\u00falur vel var\u00f0veittar. \u00de\u00e6r eru me\u00f0al algengra og fr\u00e6\u00f0andi skartgripafunda slavneskra mi\u00f0alda.<\/p><p>\u00cd n\u00fdslavneskri hreyfingu og handverki er l\u00fan\u00falan n\u00fa endursk\u00f6pu\u00f0. Hengi eftir fyrirmynd g\u00f6mlu fundanna eru sm\u00ed\u00f0u\u00f0 og borin sem slavneskt skart.<\/p><p>\u00cd \u00feessari n\u00fat\u00edma notkun stendur l\u00fan\u00falan hlutfallslega vel. \u00dear sem h\u00fan er vel sta\u00f0festur fornaldargripur, byggist eftirger\u00f0 hennar \u00e1 \u00f6ruggum fundagrunni.<\/p><p>\u00der\u00e1tt fyrir \u00fea\u00f0 er var\u00fa\u00f0 \u00ed t\u00falkun einnig nau\u00f0synleg h\u00e9r. \u00de\u00e6r n\u00e1kv\u00e6mu merkingar sem n\u00fat\u00edma l\u00fan\u00falu eru eigna\u00f0ar eru oft n\u00fat\u00edmat\u00falkun og ekki sta\u00f0festar \u00far fornum heimildum.<\/p><p>Slavneska l\u00fan\u00falan er \u00feannig \u00e1hrifamiki\u00f0 d\u00e6mi um vel sta\u00f0festan m\u00e1naverndargrip. \u00cd henni tengjast form m\u00e1nasig\u00f0arins, r\u00edkulegir fornleifafundir, kvenskart og \u00f3skin um verndun og <span class=\"iwg-fachbegriff\" data-tooltip=\"Yfirl\u00fdsing um heill og verndun, oft \u00ed fastm\u00f3tu\u00f0u or\u00f0alagi.\" tabindex=\"0\">blessun<\/span>.<\/p>\t\t\t\t\t\t\t\t<\/div>\n\t\t\t\t<\/div>\n\t\t\t\t\t<\/div>\n\t\t\t\t<\/div>\n\t\t<div class=\"elementor-element elementor-element-iwgs-lunulaslawis-lit e-flex e-con-boxed e-con e-parent\" data-id=\"iwgs-lunulaslawis-lit\" data-element_type=\"container\" data-e-type=\"container\">\n\t\t\t\t\t<div class=\"e-con-inner\">\n\t\t\t\t<div class=\"elementor-element elementor-element-iwgs-lunulaslawis-lith elementor-widget elementor-widget-heading\" data-id=\"iwgs-lunulaslawis-lith\" data-element_type=\"widget\" data-e-type=\"widget\" data-widget_type=\"heading.default\">\n\t\t\t\t\t<h2 class=\"elementor-heading-title elementor-size-default\">Heimildir (\u00farval)<\/h2>\t\t\t\t<\/div>\n\t\t<div class=\"elementor-element elementor-element-iwgs-lunulaslawis-litbox e-con-full e-flex e-con e-parent\" data-id=\"iwgs-lunulaslawis-litbox\" data-element_type=\"container\" data-e-type=\"container\">\n\t\t\t\t<div class=\"elementor-element elementor-element-iwgs-lunulaslawis-litt elementor-widget elementor-widget-html\" data-id=\"iwgs-lunulaslawis-litt\" data-element_type=\"widget\" data-e-type=\"widget\" data-widget_type=\"html.default\">\n\t\t\t\t\t<footer data-nosnippet=\"true\"><ul><li>Aleksander Gieysztor: <em>Mitologia S\u0142owian<\/em> (1982)<\/li><li>Andrzej Szyjewski: <em>Religia S\u0142owian<\/em> (2003)<\/li><li>Kazimierz Moszy\u0144ski: <em>Kultura ludowa S\u0142owian<\/em> (1929)<\/li><li>Linda J. Ivanits: <em>Russian Folk Belief<\/em> (1989)<\/li><li>Witold Hensel: <em>S\u0142owia\u0144szczyzna wczesno\u015bredniowieczna<\/em> (1956)<\/li><\/ul><\/footer>\t\t\t\t<\/div>\n\t\t\t\t<\/div>\n\t\t\t\t\t<\/div>\n\t\t\t\t<\/div>\n\t\t<div class=\"elementor-element elementor-element-iwgs-lunulaslawis-kwd e-flex e-con-boxed e-con e-parent\" data-id=\"iwgs-lunulaslawis-kwd\" data-element_type=\"container\" data-e-type=\"container\">\n\t\t\t\t\t<div class=\"e-con-inner\">\n\t\t\t\t<div class=\"elementor-element elementor-element-iwgs-lunulaslawis-kwdt elementor-widget elementor-widget-text-editor\" data-id=\"iwgs-lunulaslawis-kwdt\" data-element_type=\"widget\" data-e-type=\"widget\" data-widget_type=\"text-editor.default\">\n\t\t\t\t\t\t\t\t\t<p><em>Tengd lykilhugt\u00f6k: slavnesk lunula tunglskart tunglsig\u00f0 kvenskart slavneskar mi\u00f0aldir fornleifafundur brons silfur obereg tungl.<\/em><\/p>\t\t\t\t\t\t\t\t<\/div>\n\t\t\t\t\t<\/div>\n\t\t\t\t<\/div>\n\t\t<div class=\"elementor-element elementor-element-iwgs-lunulaslawis-cc e-flex e-con-boxed e-con e-parent\" data-id=\"iwgs-lunulaslawis-cc\" data-element_type=\"container\" data-e-type=\"container\" id=\"iwg-cc-lunula-slawisch\">\n\t\t\t\t\t<div class=\"e-con-inner\">\n\t\t<div class=\"elementor-element elementor-element-iwgs-lunulaslawis-ccinner e-flex e-con-boxed e-con e-parent\" data-id=\"iwgs-lunulaslawis-ccinner\" data-element_type=\"container\" data-e-type=\"container\" data-settings=\"{&quot;background_background&quot;:&quot;classic&quot;}\">\n\t\t\t\t\t<div class=\"e-con-inner\">\n\t\t\t\t<div class=\"elementor-element elementor-element-iwgs-lunulaslawis-cch elementor-widget elementor-widget-heading\" data-id=\"iwgs-lunulaslawis-cch\" data-element_type=\"widget\" data-e-type=\"widget\" data-widget_type=\"heading.default\">\n\t\t\t\t\t<h2 class=\"elementor-heading-title elementor-size-default\">iWell Guard og verndarhef\u00f0ir<\/h2>\t\t\t\t<\/div>\n\t\t\t\t<div class=\"elementor-element elementor-element-iwgs-lunulaslawis-cct elementor-widget elementor-widget-text-editor\" data-id=\"iwgs-lunulaslawis-cct\" data-element_type=\"widget\" data-e-type=\"widget\" data-widget_type=\"text-editor.default\">\n\t\t\t\t\t\t\t\t\t<div data-nosnippet=\"true\"><p>iWell Guard er hluti af \u00feeirri menningars\u00f6gulegu hef\u00f0 farandi verndargripa sem Lunula tilheyrir. N\u00fat\u00edmalegur f\u00f6runautur fyrir f\u00f3lk sem lifir me\u00f0 verndart\u00e1knum: framleitt \u00ed \u00de\u00fdskalandi, 41 lag af hreinu gulli, plat\u00ednu og silfri, me\u00f0 30 daga skilar\u00e9tti.<\/p><\/div>\t\t\t\t\t\t\t\t<\/div>\n\t\t\t\t<div class=\"elementor-element elementor-element-iwgs-lunulaslawis-ccb iwg-cc-button iwg-cc-cta-2026-05-13 elementor-widget elementor-widget-jet-button\" data-id=\"iwgs-lunulaslawis-ccb\" data-element_type=\"widget\" data-e-type=\"widget\" data-widget_type=\"jet-button.default\">\n\t\t\t\t<div class=\"elementor-widget-container\">\n\t\t\t\t\t<div class=\"elementor-jet-button jet-elements\"><div class=\"jet-button__container\"><a class=\"jet-button__instance jet-button__instance--icon-left hover-effect-1\" href=\"\/schutzanhaenger-iwell-guard-kaufen\/?utm_source=iwell-guard.com&amp;utm_medium=info-box&amp;utm_campaign=schutzsymbole\"><div class=\"jet-button__plane jet-button__plane-normal\"><\/div><div class=\"jet-button__plane jet-button__plane-hover\"><\/div><div class=\"jet-button__state jet-button__state-normal\"><span class=\"jet-button__label\">Meira um iWell Guard<\/span><\/div><div class=\"jet-button__state jet-button__state-hover\"><span class=\"jet-button__label\">Meira um iWell Guard<\/span><\/div><\/a><\/div><\/div><style>.elementor-element.elementor-element-iwgs-lunulaslawis-ccb .jet-button__instance{width:320px;height:56px;}.elementor-element.elementor-element-iwgs-lunulaslawis-ccb .jet-button__state-normal .jet-button__label{text-align:center;margin:0px 0px 0px 0px;color:#1a1b20;font-family:Montserrat,sans-serif;font-size:13px;font-weight:400;letter-spacing:4px;line-height:1.714em;text-transform:uppercase;}.elementor-element.elementor-element-iwgs-lunulaslawis-ccb .jet-button__state-hover .jet-button__label{text-align:center;margin:0px 0px 0px 0px;color:#FECC76;font-family:Montserrat,sans-serif;font-size:13px;font-weight:400;letter-spacing:4px;line-height:1.714em;text-transform:uppercase;}.elementor-element.elementor-element-iwgs-lunulaslawis-ccb .jet-button__plane-normal{background-color:#FECC76;border-style:solid;border-color:#C99540;border-width:2px 2px 2px 2px;}.elementor-element.elementor-element-iwgs-lunulaslawis-ccb .jet-button__plane-hover{background-color:rgba(0,0,0,0.55);border-style:solid;border-color:#FECC76;border-width:2px 2px 2px 2px;}<\/style>\t\t\t\t<\/div>\n\t\t\t\t<\/div>\n\t\t\t\t<div class=\"elementor-element elementor-element-iwgs-lunulaslawis-ccd elementor-widget elementor-widget-text-editor\" data-id=\"iwgs-lunulaslawis-ccd\" data-element_type=\"widget\" data-e-type=\"widget\" data-widget_type=\"text-editor.default\">\n\t\t\t\t\t\t\t\t\t<p style=\"text-align:center;font-size:13px;opacity:0.7;margin-top:14px\" data-nosnippet=\"true\">Pers\u00f3nuleg reynsla getur veri\u00f0 mismunandi. Ekki l\u00e6kningat\u00e6ki. Engin lofor\u00f0 um l\u00e6kningu.<\/p>\t\t\t\t\t\t\t\t<\/div>\n\t\t\t\t\t<\/div>\n\t\t\t\t<\/div>\n\t\t\t\t\t<\/div>\n\t\t\t\t<\/div>\n\t\t<div class=\"elementor-element elementor-element-iwgs-lunulaslawis-disc e-flex e-con-boxed e-con e-parent\" data-id=\"iwgs-lunulaslawis-disc\" data-element_type=\"container\" data-e-type=\"container\">\n\t\t\t\t\t<div class=\"e-con-inner\">\n\t\t\t\t<div class=\"elementor-element elementor-element-iwgs-lunulaslawis-discw elementor-widget elementor-widget-html\" data-id=\"iwgs-lunulaslawis-discw\" data-element_type=\"widget\" data-e-type=\"widget\" data-widget_type=\"html.default\">\n\t\t\t\t\t<footer data-nosnippet=\"true\" class=\"iwg-disclaimer-block\"><p data-nosnippet=\"true\">iWell Guard er <strong>ekki l\u00e6kningat\u00e6ki<\/strong> og kemur ekki \u00ed sta\u00f0 l\u00e6knis- e\u00f0a s\u00e1lfr\u00e6\u00f0ime\u00f0fer\u00f0ar. Innihaldi\u00f0 sem h\u00e9r er sett fram er tr\u00faarbrag\u00f0afr\u00e6\u00f0ileg og menningars\u00f6gulega greining, ekki lofor\u00f0 um andlega virkni.<\/p><\/footer>\t\t\t\t<\/div>\n\t\t\t\t\t<\/div>\n\t\t\t\t<\/div>\n\t\t\t\t<\/div>\n\t\t","protected":false},"excerpt":{"rendered":"","protected":false},"author":3,"featured_media":3496,"parent":0,"menu_order":0,"comment_status":"closed","ping_status":"closed","template":"elementor_header_footer","meta":{"_yoast_wpseo_focuskw":"slavneska lunulan","_yoast_wpseo_title":"Slavneska lunulan \u2013 tunglverndargripurinn","_yoast_wpseo_metadesc":"Slavneska lunulan er tunglskerslaga verndargripur sem konur b\u00e1ru fyrst og fremst. Uppruni og merking \u00fatsk\u00fdr\u00f0 \u00e1 sk\u00fdran h\u00e1tt.","_yoast_wpseo_meta-robots-noindex":"","_yoast_wpseo_canonical":"","_angie_page":false,"gefaehrdungsstufe":"","wesen_kultur":"","wesen_klasse":"","footnotes":""},"categories":[],"class_list":["post-169216","page","type-page","status-publish","has-post-thumbnail","hentry"],"yoast_head":"<!-- This site is optimized with the Yoast SEO Premium plugin v27.7 (Yoast SEO v28.3) - https:\/\/yoast.com\/product\/yoast-seo-premium-wordpress\/ -->\n<title>Slavneska lunulan \u2013 tunglverndargripurinn<\/title>\n<meta name=\"description\" content=\"Slavneska lunulan er tunglskerslaga verndargripur sem konur b\u00e1ru fyrst og fremst. Uppruni og merking \u00fatsk\u00fdr\u00f0 \u00e1 sk\u00fdran h\u00e1tt.\" \/>\n<meta name=\"robots\" content=\"index, follow, max-snippet:-1, max-image-preview:large, max-video-preview:-1\" \/>\n<link rel=\"canonical\" href=\"https:\/\/iwell-guard.com\/is\/slavneska-lunulan-tunglskerslaga-verndargripurinn\/\" \/>\n<meta property=\"og:locale\" content=\"is_IS\" \/>\n<meta property=\"og:type\" content=\"article\" \/>\n<meta property=\"og:title\" content=\"Slavneska lunulan \u2013 tunglskerslaga verndargripurinn\" \/>\n<meta property=\"og:description\" content=\"Slavneska lunulan er tunglskerslaga verndargripur sem konur b\u00e1ru fyrst og fremst. Uppruni og merking \u00fatsk\u00fdr\u00f0 \u00e1 sk\u00fdran h\u00e1tt.\" \/>\n<meta property=\"og:url\" content=\"https:\/\/iwell-guard.com\/is\/slavneska-lunulan-tunglskerslaga-verndargripurinn\/\" \/>\n<meta property=\"og:site_name\" content=\"iWell Guard\" \/>\n<meta property=\"article:modified_time\" content=\"2026-09-05T14:35:14+00:00\" \/>\n<meta property=\"og:image\" content=\"https:\/\/iwell-guard.com\/wp-content\/uploads\/2026\/05\/schutzsymbol_slawisch_lunula.webp\" \/>\n\t<meta property=\"og:image:width\" content=\"1024\" \/>\n\t<meta property=\"og:image:height\" content=\"1536\" \/>\n\t<meta property=\"og:image:type\" content=\"image\/webp\" \/>\n<meta name=\"twitter:card\" content=\"summary_large_image\" \/>\n<script type=\"application\/ld+json\" class=\"yoast-schema-graph\">{\"@context\":\"https:\\\/\\\/schema.org\",\"@graph\":[{\"@type\":\"WebPage\",\"@id\":\"https:\\\/\\\/iwell-guard.com\\\/is\\\/slavneska-lunulan-tunglskerslaga-verndargripurinn\\\/\",\"url\":\"https:\\\/\\\/iwell-guard.com\\\/is\\\/slavneska-lunulan-tunglskerslaga-verndargripurinn\\\/\",\"name\":\"Slavneska lunulan \u2013 tunglverndargripurinn\",\"isPartOf\":{\"@id\":\"https:\\\/\\\/iwell-guard.com\\\/is\\\/#website\"},\"primaryImageOfPage\":{\"@id\":\"https:\\\/\\\/iwell-guard.com\\\/is\\\/slavneska-lunulan-tunglskerslaga-verndargripurinn\\\/#primaryimage\"},\"image\":{\"@id\":\"https:\\\/\\\/iwell-guard.com\\\/is\\\/slavneska-lunulan-tunglskerslaga-verndargripurinn\\\/#primaryimage\"},\"thumbnailUrl\":\"https:\\\/\\\/iwell-guard.com\\\/wp-content\\\/uploads\\\/2026\\\/05\\\/schutzsymbol_slawisch_lunula.webp\",\"datePublished\":\"2026-09-05T14:06:34+00:00\",\"dateModified\":\"2026-09-05T14:35:14+00:00\",\"description\":\"Slavneska lunulan er tunglskerslaga verndargripur sem konur b\u00e1ru fyrst og fremst. Uppruni og merking \u00fatsk\u00fdr\u00f0 \u00e1 sk\u00fdran h\u00e1tt.\",\"breadcrumb\":{\"@id\":\"https:\\\/\\\/iwell-guard.com\\\/is\\\/slavneska-lunulan-tunglskerslaga-verndargripurinn\\\/#breadcrumb\"},\"inLanguage\":\"is\",\"potentialAction\":[{\"@type\":\"ReadAction\",\"target\":[\"https:\\\/\\\/iwell-guard.com\\\/is\\\/slavneska-lunulan-tunglskerslaga-verndargripurinn\\\/\"]}]},{\"@type\":\"ImageObject\",\"inLanguage\":\"is\",\"@id\":\"https:\\\/\\\/iwell-guard.com\\\/is\\\/slavneska-lunulan-tunglskerslaga-verndargripurinn\\\/#primaryimage\",\"url\":\"https:\\\/\\\/iwell-guard.com\\\/wp-content\\\/uploads\\\/2026\\\/05\\\/schutzsymbol_slawisch_lunula.webp\",\"contentUrl\":\"https:\\\/\\\/iwell-guard.com\\\/wp-content\\\/uploads\\\/2026\\\/05\\\/schutzsymbol_slawisch_lunula.webp\",\"width\":1024,\"height\":1536,\"caption\":\"Verndart\u00e1kn. Myndskreyting \u00ed safnst\u00edl.\"},{\"@type\":\"BreadcrumbList\",\"@id\":\"https:\\\/\\\/iwell-guard.com\\\/is\\\/slavneska-lunulan-tunglskerslaga-verndargripurinn\\\/#breadcrumb\",\"itemListElement\":[{\"@type\":\"ListItem\",\"position\":1,\"name\":\"Start\",\"item\":\"https:\\\/\\\/iwell-guard.com\\\/is\\\/?page_id=168580\"},{\"@type\":\"ListItem\",\"position\":2,\"name\":\"Slavneska lunulan \u2013 tunglskerslaga verndargripurinn\"}]},{\"@type\":\"WebSite\",\"@id\":\"https:\\\/\\\/iwell-guard.com\\\/is\\\/#website\",\"url\":\"https:\\\/\\\/iwell-guard.com\\\/is\\\/\",\"name\":\"iWell Guard\",\"description\":\"Schutz vor dunklen Einfl\u00fcssen\",\"publisher\":{\"@id\":\"https:\\\/\\\/iwell-guard.com\\\/is\\\/#organization\"},\"potentialAction\":[{\"@type\":\"SearchAction\",\"target\":{\"@type\":\"EntryPoint\",\"urlTemplate\":\"https:\\\/\\\/iwell-guard.com\\\/is\\\/?s={search_term_string}\"},\"query-input\":{\"@type\":\"PropertyValueSpecification\",\"valueRequired\":true,\"valueName\":\"search_term_string\"}}],\"inLanguage\":\"is\"},{\"@type\":\"Organization\",\"@id\":\"https:\\\/\\\/iwell-guard.com\\\/is\\\/#organization\",\"name\":\"Ittermann electronic GmbH\",\"url\":\"https:\\\/\\\/iwell-guard.com\\\/is\\\/\",\"logo\":{\"@type\":\"ImageObject\",\"inLanguage\":\"is\",\"@id\":\"https:\\\/\\\/iwell-guard.com\\\/is\\\/#\\\/schema\\\/logo\\\/image\\\/\",\"url\":\"https:\\\/\\\/iwell-guard.com\\\/wp-content\\\/uploads\\\/2026\\\/05\\\/Ittermann-Logo-1182x237-1.png\",\"contentUrl\":\"https:\\\/\\\/iwell-guard.com\\\/wp-content\\\/uploads\\\/2026\\\/05\\\/Ittermann-Logo-1182x237-1.png\",\"width\":1182,\"height\":237,\"caption\":\"Ittermann electronic GmbH\"},\"image\":{\"@id\":\"https:\\\/\\\/iwell-guard.com\\\/is\\\/#\\\/schema\\\/logo\\\/image\\\/\"},\"sameAs\":[\"https:\\\/\\\/pantip.com\\\/profile\\\/9367242\",\"https:\\\/\\\/micro.blog\\\/iwellguard\",\"https:\\\/\\\/www.diggerslist.com\\\/iwellguard\\\/about\",\"https:\\\/\\\/skitterphoto.com\\\/photographers\\\/2870314\\\/iwell-guard\",\"https:\\\/\\\/iwellguard.wordpress.com\\\/2026\\\/06\\\/06\\\/iwell-guard\\\/\",\"https:\\\/\\\/hub.docker.com\\\/u\\\/iwellguard\",\"https:\\\/\\\/www.pinterest.com\\\/iwellguard\\\/\",\"https:\\\/\\\/bit.ly\\\/m\\\/iwellguard\",\"https:\\\/\\\/entre-vos-mains.alsace.eu\\\/profiles\\\/iwellguard\\\/activity\",\"https:\\\/\\\/gravatar.com\\\/reallybeded8fd34\",\"https:\\\/\\\/naijamatta.com\\\/iwellguard\",\"https:\\\/\\\/www.goodreads.com\\\/iwellguard\",\"https:\\\/\\\/profile.hatena.ne.jp\\\/iwellguard\\\/\",\"https:\\\/\\\/experiment.com\\\/users\\\/iwellguard\",\"https:\\\/\\\/wakelet.com\\\/@iWellGuard82270\",\"https:\\\/\\\/www.chordie.com\\\/forum\\\/profile.php?id=2555664\",\"https:\\\/\\\/www.instapaper.com\\\/p\\\/17757966\",\"https:\\\/\\\/www.mapleprimes.com\\\/users\\\/iwellguard\",\"https:\\\/\\\/businesslistingplus.com\\\/profile\\\/iwell-guard\\\/\",\"https:\\\/\\\/telegra.ph\\\/iWell-Guard-06-06\",\"https:\\\/\\\/pbase.com\\\/iwellguard\\\/iwellguard\",\"https:\\\/\\\/b.hatena.ne.jp\\\/iwellguard\\\/20260607#bookmark-4788405196491818882\",\"https:\\\/\\\/fliphtml5.com\\\/home\\\/iwellguard\",\"https:\\\/\\\/anyflip.com\\\/homepage\\\/cmiwl#About\",\"https:\\\/\\\/transfur.com\\\/Users\\\/iwellguard\",\"http:\\\/\\\/delphi.larsbo.org\\\/user\\\/iwellguard\",\"https:\\\/\\\/jobs.lajobsportal.org\\\/profiles\\\/8380803-iwell-guard\",\"https:\\\/\\\/md.chaosdorf.de\\\/s\\\/jfbe5SBdJD\",\"https:\\\/\\\/www.lingvolive.com\\\/en-us\\\/profile\\\/9ecaeaca-ce11-4e51-9e71-01d55e2bff36\\\/translations\",\"https:\\\/\\\/www.fitday.com\\\/fitness\\\/forums\\\/members\\\/iwellguard.html\",\"https:\\\/\\\/www.mymeetbook.com\\\/iwellguard\",\"https:\\\/\\\/pxhere.com\\\/en\\\/photographer-me\\\/5040798\",\"https:\\\/\\\/disqus.com\\\/by\\\/iwellguard\\\/about\\\/\",\"https:\\\/\\\/pastelink.net\\\/hjwciqwq\",\"https:\\\/\\\/pubhtml5.com\\\/homepage\\\/scjhn\\\/\",\"https:\\\/\\\/www.bitchute.com\\\/channel\\\/2O2eOKzNqujT\",\"https:\\\/\\\/audiomack.com\\\/iwellguard\"]}]}<\/script>\n<!-- \/ Yoast SEO Premium plugin. -->","yoast_head_json":{"title":"Slavneska lunulan \u2013 tunglverndargripurinn","description":"Slavneska lunulan er tunglskerslaga verndargripur sem konur b\u00e1ru fyrst og fremst. Uppruni og merking \u00fatsk\u00fdr\u00f0 \u00e1 sk\u00fdran h\u00e1tt.","robots":{"index":"index","follow":"follow","max-snippet":"max-snippet:-1","max-image-preview":"max-image-preview:large","max-video-preview":"max-video-preview:-1"},"canonical":"https:\/\/iwell-guard.com\/is\/slavneska-lunulan-tunglskerslaga-verndargripurinn\/","og_locale":"is_IS","og_type":"article","og_title":"Slavneska lunulan \u2013 tunglskerslaga verndargripurinn","og_description":"Slavneska lunulan er tunglskerslaga verndargripur sem konur b\u00e1ru fyrst og fremst. Uppruni og merking \u00fatsk\u00fdr\u00f0 \u00e1 sk\u00fdran h\u00e1tt.","og_url":"https:\/\/iwell-guard.com\/is\/slavneska-lunulan-tunglskerslaga-verndargripurinn\/","og_site_name":"iWell Guard","article_modified_time":"2026-09-05T14:35:14+00:00","og_image":[{"width":1024,"height":1536,"url":"https:\/\/iwell-guard.com\/wp-content\/uploads\/2026\/05\/schutzsymbol_slawisch_lunula.webp","type":"image\/webp"}],"twitter_card":"summary_large_image","schema":{"@context":"https:\/\/schema.org","@graph":[{"@type":"WebPage","@id":"https:\/\/iwell-guard.com\/is\/slavneska-lunulan-tunglskerslaga-verndargripurinn\/","url":"https:\/\/iwell-guard.com\/is\/slavneska-lunulan-tunglskerslaga-verndargripurinn\/","name":"Slavneska lunulan \u2013 tunglverndargripurinn","isPartOf":{"@id":"https:\/\/iwell-guard.com\/is\/#website"},"primaryImageOfPage":{"@id":"https:\/\/iwell-guard.com\/is\/slavneska-lunulan-tunglskerslaga-verndargripurinn\/#primaryimage"},"image":{"@id":"https:\/\/iwell-guard.com\/is\/slavneska-lunulan-tunglskerslaga-verndargripurinn\/#primaryimage"},"thumbnailUrl":"https:\/\/iwell-guard.com\/wp-content\/uploads\/2026\/05\/schutzsymbol_slawisch_lunula.webp","datePublished":"2026-09-05T14:06:34+00:00","dateModified":"2026-09-05T14:35:14+00:00","description":"Slavneska lunulan er tunglskerslaga verndargripur sem konur b\u00e1ru fyrst og fremst. Uppruni og merking \u00fatsk\u00fdr\u00f0 \u00e1 sk\u00fdran h\u00e1tt.","breadcrumb":{"@id":"https:\/\/iwell-guard.com\/is\/slavneska-lunulan-tunglskerslaga-verndargripurinn\/#breadcrumb"},"inLanguage":"is","potentialAction":[{"@type":"ReadAction","target":["https:\/\/iwell-guard.com\/is\/slavneska-lunulan-tunglskerslaga-verndargripurinn\/"]}]},{"@type":"ImageObject","inLanguage":"is","@id":"https:\/\/iwell-guard.com\/is\/slavneska-lunulan-tunglskerslaga-verndargripurinn\/#primaryimage","url":"https:\/\/iwell-guard.com\/wp-content\/uploads\/2026\/05\/schutzsymbol_slawisch_lunula.webp","contentUrl":"https:\/\/iwell-guard.com\/wp-content\/uploads\/2026\/05\/schutzsymbol_slawisch_lunula.webp","width":1024,"height":1536,"caption":"Verndart\u00e1kn. Myndskreyting \u00ed safnst\u00edl."},{"@type":"BreadcrumbList","@id":"https:\/\/iwell-guard.com\/is\/slavneska-lunulan-tunglskerslaga-verndargripurinn\/#breadcrumb","itemListElement":[{"@type":"ListItem","position":1,"name":"Start","item":"https:\/\/iwell-guard.com\/is\/?page_id=168580"},{"@type":"ListItem","position":2,"name":"Slavneska lunulan \u2013 tunglskerslaga verndargripurinn"}]},{"@type":"WebSite","@id":"https:\/\/iwell-guard.com\/is\/#website","url":"https:\/\/iwell-guard.com\/is\/","name":"iWell Guard","description":"Schutz vor dunklen Einfl\u00fcssen","publisher":{"@id":"https:\/\/iwell-guard.com\/is\/#organization"},"potentialAction":[{"@type":"SearchAction","target":{"@type":"EntryPoint","urlTemplate":"https:\/\/iwell-guard.com\/is\/?s={search_term_string}"},"query-input":{"@type":"PropertyValueSpecification","valueRequired":true,"valueName":"search_term_string"}}],"inLanguage":"is"},{"@type":"Organization","@id":"https:\/\/iwell-guard.com\/is\/#organization","name":"Ittermann electronic GmbH","url":"https:\/\/iwell-guard.com\/is\/","logo":{"@type":"ImageObject","inLanguage":"is","@id":"https:\/\/iwell-guard.com\/is\/#\/schema\/logo\/image\/","url":"https:\/\/iwell-guard.com\/wp-content\/uploads\/2026\/05\/Ittermann-Logo-1182x237-1.png","contentUrl":"https:\/\/iwell-guard.com\/wp-content\/uploads\/2026\/05\/Ittermann-Logo-1182x237-1.png","width":1182,"height":237,"caption":"Ittermann electronic GmbH"},"image":{"@id":"https:\/\/iwell-guard.com\/is\/#\/schema\/logo\/image\/"},"sameAs":["https:\/\/pantip.com\/profile\/9367242","https:\/\/micro.blog\/iwellguard","https:\/\/www.diggerslist.com\/iwellguard\/about","https:\/\/skitterphoto.com\/photographers\/2870314\/iwell-guard","https:\/\/iwellguard.wordpress.com\/2026\/06\/06\/iwell-guard\/","https:\/\/hub.docker.com\/u\/iwellguard","https:\/\/www.pinterest.com\/iwellguard\/","https:\/\/bit.ly\/m\/iwellguard","https:\/\/entre-vos-mains.alsace.eu\/profiles\/iwellguard\/activity","https:\/\/gravatar.com\/reallybeded8fd34","https:\/\/naijamatta.com\/iwellguard","https:\/\/www.goodreads.com\/iwellguard","https:\/\/profile.hatena.ne.jp\/iwellguard\/","https:\/\/experiment.com\/users\/iwellguard","https:\/\/wakelet.com\/@iWellGuard82270","https:\/\/www.chordie.com\/forum\/profile.php?id=2555664","https:\/\/www.instapaper.com\/p\/17757966","https:\/\/www.mapleprimes.com\/users\/iwellguard","https:\/\/businesslistingplus.com\/profile\/iwell-guard\/","https:\/\/telegra.ph\/iWell-Guard-06-06","https:\/\/pbase.com\/iwellguard\/iwellguard","https:\/\/b.hatena.ne.jp\/iwellguard\/20260607#bookmark-4788405196491818882","https:\/\/fliphtml5.com\/home\/iwellguard","https:\/\/anyflip.com\/homepage\/cmiwl#About","https:\/\/transfur.com\/Users\/iwellguard","http:\/\/delphi.larsbo.org\/user\/iwellguard","https:\/\/jobs.lajobsportal.org\/profiles\/8380803-iwell-guard","https:\/\/md.chaosdorf.de\/s\/jfbe5SBdJD","https:\/\/www.lingvolive.com\/en-us\/profile\/9ecaeaca-ce11-4e51-9e71-01d55e2bff36\/translations","https:\/\/www.fitday.com\/fitness\/forums\/members\/iwellguard.html","https:\/\/www.mymeetbook.com\/iwellguard","https:\/\/pxhere.com\/en\/photographer-me\/5040798","https:\/\/disqus.com\/by\/iwellguard\/about\/","https:\/\/pastelink.net\/hjwciqwq","https:\/\/pubhtml5.com\/homepage\/scjhn\/","https:\/\/www.bitchute.com\/channel\/2O2eOKzNqujT","https:\/\/audiomack.com\/iwellguard"]}]}},"_links":{"self":[{"href":"https:\/\/iwell-guard.com\/is\/wp-json\/wp\/v2\/pages\/169216","targetHints":{"allow":["GET"]}}],"collection":[{"href":"https:\/\/iwell-guard.com\/is\/wp-json\/wp\/v2\/pages"}],"about":[{"href":"https:\/\/iwell-guard.com\/is\/wp-json\/wp\/v2\/types\/page"}],"author":[{"embeddable":true,"href":"https:\/\/iwell-guard.com\/is\/wp-json\/wp\/v2\/users\/3"}],"replies":[{"embeddable":true,"href":"https:\/\/iwell-guard.com\/is\/wp-json\/wp\/v2\/comments?post=169216"}],"version-history":[{"count":0,"href":"https:\/\/iwell-guard.com\/is\/wp-json\/wp\/v2\/pages\/169216\/revisions"}],"wp:featuredmedia":[{"embeddable":true,"href":"https:\/\/iwell-guard.com\/is\/wp-json\/wp\/v2\/media\/3496"}],"wp:attachment":[{"href":"https:\/\/iwell-guard.com\/is\/wp-json\/wp\/v2\/media?parent=169216"}],"wp:term":[{"taxonomy":"category","embeddable":true,"href":"https:\/\/iwell-guard.com\/is\/wp-json\/wp\/v2\/categories?post=169216"}],"curies":[{"name":"wp","href":"https:\/\/api.w.org\/{rel}","templated":true}]}}