{"id":169215,"date":"2026-09-05T14:06:33","date_gmt":"2026-09-05T14:06:33","guid":{"rendered":"https:\/\/iwell-guard.com\/?page_id=169215"},"modified":"2026-09-05T14:35:13","modified_gmt":"2026-09-05T14:35:13","slug":"obereg-slavneskt-samheiti-verndargripir","status":"publish","type":"page","link":"https:\/\/iwell-guard.com\/is\/obereg-slavneskt-samheiti-verndargripir\/","title":{"rendered":"Obereg \u2013 slavneska samheiti\u00f0 yfir verndargripi"},"content":{"rendered":"\t\t<div data-elementor-type=\"wp-page\" data-elementor-id=\"169215\" class=\"elementor elementor-169215 elementor-3707 elementor-bc-flex-widget\" data-elementor-post-type=\"page\">\n\t\t\t\t<div class=\"elementor-element elementor-element-iwgs-obereg-hero e-flex e-con-boxed e-con e-parent\" data-id=\"iwgs-obereg-hero\" data-element_type=\"container\" data-e-type=\"container\">\n\t\t\t\t\t<div class=\"e-con-inner\">\n\t\t<div class=\"elementor-element elementor-element-iwgs-obereg-hl e-flex e-con-boxed e-con e-parent\" data-id=\"iwgs-obereg-hl\" data-element_type=\"container\" data-e-type=\"container\">\n\t\t\t\t\t<div class=\"e-con-inner\">\n\t\t<div class=\"elementor-element elementor-element-iwgs-obereg-hlbox e-con-full e-flex e-con e-parent\" data-id=\"iwgs-obereg-hlbox\" data-element_type=\"container\" data-e-type=\"container\">\n\t\t\t\t<div class=\"elementor-element elementor-element-iwgs-obereg-h1 elementor-widget elementor-widget-heading\" data-id=\"iwgs-obereg-h1\" data-element_type=\"widget\" data-e-type=\"widget\" data-widget_type=\"heading.default\">\n\t\t\t\t\t<h1 class=\"elementor-heading-title elementor-size-default\">Obereg \u2013 verndargripir og verndandi t\u00e1kn slavneska heimsins<\/h1>\t\t\t\t<\/div>\n\t\t\t\t<div class=\"elementor-element elementor-element-iwgs-obereg-lead elementor-widget elementor-widget-text-editor\" data-id=\"iwgs-obereg-lead\" data-element_type=\"widget\" data-e-type=\"widget\" data-widget_type=\"text-editor.default\">\n\t\t\t\t\t\t\t\t\t<p>Obereg er slavneskt or\u00f0 fyrir verndargrip. \u00dea\u00f0 v\u00edsar ekki til eins \u00e1kve\u00f0ins hlutar, heldur heils flokks verndargripa, allt fr\u00e1 bornum verndargripum til verndandi \u00fatsaumst\u00e1kna \u00e1 kl\u00e6\u00f0na\u00f0i.<\/p>\n<p class=\"iwg-kwfix\">Oberegi eru verndargripir og verndandi t\u00e1kn slavneska heimsins.<\/p>\t\t\t\t\t\t\t\t<\/div>\n\t\t\t\t<\/div>\n\t\t\t\t<div class=\"elementor-element elementor-element-iwgs-obereg-pills elementor-widget elementor-widget-html\" data-id=\"iwgs-obereg-pills\" data-element_type=\"widget\" data-e-type=\"widget\" data-widget_type=\"html.default\">\n\t\t\t\t\t<div class=\"iwg-pill-row\"><span class=\"iwg-klasse-badge\" tabindex=\"0\" data-tooltip=\"Verndart\u00e1kn, gripur e\u00f0a verndargripur gegn illum \u00f6flum.\">Verndart\u00e1kn<\/span><a href=\"https:\/\/iwell-guard.com\/is\/slavnesk\/\" class=\"iwg-kultur-badge\" tabindex=\"0\" data-tooltip=\"Verndarhef\u00f0: Slavnesk\">Slavnesk<\/a><span class=\"iwg-tradition-badge\" tabindex=\"0\" data-tooltip=\"T\u00e1kn sem \u00e1 a\u00f0 veita e\u00f0a s\u00fdna vernd.\">Verndart\u00e1kn<\/span><\/div>\t\t\t\t<\/div>\n\t\t\t\t\t<\/div>\n\t\t\t\t<\/div>\n\t\t<div class=\"elementor-element elementor-element-iwgs-obereg-hr e-con-full e-flex e-con e-parent\" data-id=\"iwgs-obereg-hr\" data-element_type=\"container\" data-e-type=\"container\">\n\t\t\t\t<div class=\"elementor-element elementor-element-iwgs-obereg-himg iwg-hero-image elementor-widget elementor-widget-image\" data-id=\"iwgs-obereg-himg\" data-element_type=\"widget\" data-e-type=\"widget\" data-widget_type=\"image.default\">\n\t\t\t\t\t\t\t\t\t\t\t\t\t\t\t<img fetchpriority=\"high\" decoding=\"async\" width=\"683\" height=\"1024\" src=\"https:\/\/iwell-guard.com\/wp-content\/uploads\/2026\/05\/schutzsymbol_slawisch_obereg-683x1024.webp\" class=\"attachment-large size-large wp-image-170556\" alt=\"Obereg \u2013 verndargripur, safnfr\u00e6\u00f0ileg mynd\" srcset=\"https:\/\/iwell-guard.com\/wp-content\/uploads\/2026\/05\/schutzsymbol_slawisch_obereg-683x1024.webp 683w, https:\/\/iwell-guard.com\/wp-content\/uploads\/2026\/05\/schutzsymbol_slawisch_obereg-200x300.webp 200w, https:\/\/iwell-guard.com\/wp-content\/uploads\/2026\/05\/schutzsymbol_slawisch_obereg-768x1152.webp 768w, https:\/\/iwell-guard.com\/wp-content\/uploads\/2026\/05\/schutzsymbol_slawisch_obereg.webp 1024w\" sizes=\"(max-width: 683px) 100vw, 683px\" \/>\t\t\t\t\t\t\t\t\t\t\t\t\t\t\t<\/div>\n\t\t\t\t<\/div>\n\t\t\t\t\t<\/div>\n\t\t\t\t<\/div>\n\t\t<div class=\"elementor-element elementor-element-iwgs-obereg-s0 e-flex e-con-boxed e-con e-parent\" data-id=\"iwgs-obereg-s0\" data-element_type=\"container\" data-e-type=\"container\">\n\t\t\t\t\t<div class=\"e-con-inner\">\n\t\t\t\t<div class=\"elementor-element elementor-element-iwgs-obereg-s0h elementor-widget elementor-widget-heading\" data-id=\"iwgs-obereg-s0h\" data-element_type=\"widget\" data-e-type=\"widget\" data-widget_type=\"heading.default\">\n\t\t\t\t\t<h2 class=\"elementor-heading-title elementor-size-default\">Yfirlit<\/h2>\t\t\t\t<\/div>\n\t\t<div class=\"elementor-element elementor-element-iwgs-obereg-s0box e-con-full e-flex e-con e-parent\" data-id=\"iwgs-obereg-s0box\" data-element_type=\"container\" data-e-type=\"container\">\n\t\t\t\t<div class=\"elementor-element elementor-element-iwgs-obereg-s0t elementor-widget elementor-widget-text-editor\" data-id=\"iwgs-obereg-s0t\" data-element_type=\"widget\" data-e-type=\"widget\" data-widget_type=\"text-editor.default\">\n\t\t\t\t\t\t\t\t\t<p>Obereg er or\u00f0 \u00far <a href=\"https:\/\/iwell-guard.com\/is\/slavnesk\/\">slavneskum<\/a> m\u00e1lum. \u00dea\u00f0 er dregi\u00f0 af s\u00f6gn sem \u00fe\u00fd\u00f0ir a\u00f0 var\u00f0veita, g\u00e6ta og verja. Obereg er \u00feannig \u00ed or\u00f0sins fyllstu merkingu v\u00f6r\u00f0ur.<\/p><p>Or\u00f0i\u00f0 v\u00edsar ekki til eins \u00e1kve\u00f0ins, fasts hlutar. \u00dea\u00f0 er samheiti. Undir or\u00f0inu Obereg er heill flokkur verndargripa dregin saman.<\/p><p>Til \u00feessa flokks heyra bornir verndargripir, sm\u00e1ir hlutir, verndandi t\u00e1kn \u00e1 h\u00fasum og \u00e1h\u00f6ldum, auk \u00fatsaumsmynstra sem kl\u00e6\u00f0na\u00f0ur var skreyttur me\u00f0. Allt \u00feetta m\u00e1 kalla Obereg.<\/p><p>\u00dea\u00f0 sem \u00feessi \u00f3l\u00edku \u00farr\u00e6\u00f0i eiga sameiginlegt er hlutverk \u00feeirra. \u00deau eru \u00f6ll til varnar, til a\u00f0 vernda manninn, fj\u00f6lskylduna, h\u00fasi\u00f0 og daglega vinnu.<\/p><p>\u00cd <span class=\"iwg-fachbegriff\" data-tooltip=\"Fr\u00e6\u00f0igreinin sem rannsakar tr\u00faarbr\u00f6g\u00f0 samanbur\u00f0arlega og \u00e1n tr\u00faarlegrar bindingar.\" tabindex=\"0\">tr\u00faarbrag\u00f0afr\u00e6\u00f0i<\/span> og \u00ed <span class=\"iwg-fachbegriff\" data-tooltip=\"Fr\u00e6\u00f0igrein sem rannsakar hversdagsmenningu, si\u00f0i og hef\u00f0bundnar hugmyndir.\" tabindex=\"0\">\u00fej\u00f3\u00f0h\u00e1ttafr\u00e6\u00f0i<\/span> er Obereg gott d\u00e6mi um a\u00f0 vernd er ekki bundin einum \u00e1kve\u00f0num hlut, heldur getur teki\u00f0 \u00e1 sig margar myndir.<\/p><p>\u00deessi s\u00ed\u00f0a fjallar um Obereg sem samheiti. H\u00fan l\u00fdsir hinum \u00fdmsu formum, verndandi \u00fatsaumi, sambandi gamallar <span class=\"iwg-fachbegriff\" data-tooltip=\"Mi\u00f0lun \u00feekkingar og fr\u00e1sagna kynsl\u00f3\u00f0 eftir kynsl\u00f3\u00f0.\" tabindex=\"0\">munnm\u00e6lahef\u00f0ar<\/span> og n\u00fdlegrar t\u00falkunar, auk \u00feess hvernig hugtaki\u00f0 er sko\u00f0a\u00f0 \u00ed dag.<\/p>\t\t\t\t\t\t\t\t<\/div>\n\t\t\t\t<\/div>\n\t\t\t\t\t<\/div>\n\t\t\t\t<\/div>\n\t\t<div class=\"elementor-element elementor-element-iwgs-obereg-s1 e-flex e-con-boxed e-con e-parent\" data-id=\"iwgs-obereg-s1\" data-element_type=\"container\" data-e-type=\"container\">\n\t\t\t\t\t<div class=\"e-con-inner\">\n\t\t\t\t<div class=\"elementor-element elementor-element-iwgs-obereg-s1h elementor-widget elementor-widget-heading\" data-id=\"iwgs-obereg-s1h\" data-element_type=\"widget\" data-e-type=\"widget\" data-widget_type=\"heading.default\">\n\t\t\t\t\t<h2 class=\"elementor-heading-title elementor-size-default\">Obereg sem samheiti<\/h2>\t\t\t\t<\/div>\n\t\t<div class=\"elementor-element elementor-element-iwgs-obereg-s1box e-con-full e-flex e-con e-parent\" data-id=\"iwgs-obereg-s1box\" data-element_type=\"container\" data-e-type=\"container\">\n\t\t\t\t<div class=\"elementor-element elementor-element-iwgs-obereg-s1t elementor-widget elementor-widget-text-editor\" data-id=\"iwgs-obereg-s1t\" data-element_type=\"widget\" data-e-type=\"widget\" data-widget_type=\"text-editor.default\">\n\t\t\t\t\t\t\t\t\t<p>Mikilv\u00e6gasta atri\u00f0i\u00f0 til a\u00f0 skilja er a\u00f0 Obereg er samheiti. Or\u00f0i\u00f0 v\u00edsar til \u00e1kve\u00f0innar tegundar hluta, ekki til eins \u00e1kve\u00f0ins, tiltekins hlutar.<\/p><p>\u00deegar tala\u00f0 er um Obereg er \u00e1tt vi\u00f0 einhvern verndargrip \u00far slavneskri \u00fej\u00f3\u00f0menningu. Hva\u00f0a \u00farr\u00e6\u00f0i er n\u00e1kv\u00e6mlega \u00e1tt vi\u00f0 kemur fyrst \u00ed lj\u00f3s af samhenginu.<\/p><p>\u00dear liggur munurinn \u00e1 Obereg og einst\u00f6kum <span class=\"iwg-fachbegriff\" data-tooltip=\"Borinn hlutur sem talinn er hafa verndandi, \u00f3g\u00e6fuafneitandi \u00e1hrif.\" tabindex=\"0\">verndargrip<\/span> \u00e1 bor\u00f0 vi\u00f0 Cornicello e\u00f0a Hamsa. \u00deessi or\u00f0 v\u00edsa hvort um sig til \u00e1kve\u00f0ins hlutar me\u00f0 fastri mynd.<\/p><p>Obereg er aftur \u00e1 m\u00f3ti opi\u00f0 hugtak. Borinn hengihlutur er Obereg, \u00fatsaumsmynstur \u00e1 skyrtu er Obereg, t\u00e1kn yfir dyrum er Obereg. \u00d6ll bera \u00feau nafni\u00f0 \u00fev\u00ed \u00f6ll veita \u00feau vernd.<\/p><p>\u00deessi opnun hugtaksins er ekki galli, heldur einkenni. H\u00fan s\u00fdnir a\u00f0 slavnesk \u00fej\u00f3\u00f0menning skildi verndina sem verkefni sem sinnt var me\u00f0 m\u00f6rgum \u00farr\u00e6\u00f0um samt\u00edmis.<\/p><p>Obereg er \u00feannig best skili\u00f0 sem yfirhugtak. \u00dea\u00f0 dregur saman hina fj\u00f6lm\u00f6rgu verndargripi og t\u00e1kn slavneskrar \u00fej\u00f3\u00f0menningar undir eitt sameiginlegt or\u00f0.<\/p>\t\t\t\t\t\t\t\t<\/div>\n\t\t\t\t<\/div>\n\t\t\t\t\t<\/div>\n\t\t\t\t<\/div>\n\t\t<div class=\"elementor-element elementor-element-iwgs-obereg-s2 e-flex e-con-boxed e-con e-parent\" data-id=\"iwgs-obereg-s2\" data-element_type=\"container\" data-e-type=\"container\">\n\t\t\t\t\t<div class=\"e-con-inner\">\n\t\t\t\t<div class=\"elementor-element elementor-element-iwgs-obereg-s2h elementor-widget elementor-widget-heading\" data-id=\"iwgs-obereg-s2h\" data-element_type=\"widget\" data-e-type=\"widget\" data-widget_type=\"heading.default\">\n\t\t\t\t\t<h2 class=\"elementor-heading-title elementor-size-default\">Form Obereg<\/h2>\t\t\t\t<\/div>\n\t\t<div class=\"elementor-element elementor-element-iwgs-obereg-s2box e-con-full e-flex e-con e-parent\" data-id=\"iwgs-obereg-s2box\" data-element_type=\"container\" data-e-type=\"container\">\n\t\t\t\t<div class=\"elementor-element elementor-element-iwgs-obereg-s2t elementor-widget elementor-widget-text-editor\" data-id=\"iwgs-obereg-s2t\" data-element_type=\"widget\" data-e-type=\"widget\" data-widget_type=\"text-editor.default\">\n\t\t\t\t\t\t\t\t\t<p>Undir samheitinu Obereg leynast m\u00f6rg mismunandi form. \u00dea\u00f0 er \u00feess vir\u00f0i a\u00f0 sko\u00f0a nokkur \u00feeirra n\u00e1nar.<\/p><p>Eitt form er borinn <span class=\"iwg-fachbegriff\" data-tooltip=\"Borinn hlutur sem talinn er hafa verndandi, \u00f3g\u00e6fuafneitandi \u00e1hrif.\" tabindex=\"0\">verndargripur<\/span>. Sm\u00e1r hlutur, hengihlutur e\u00f0a t\u00e1kn, borinn \u00e1 l\u00edkamanum og fylgir eiganda s\u00ednum \u00ed daglegu l\u00edfi.<\/p><p>Anna\u00f0 form er h\u00fasat\u00e1kn. Verndandi t\u00e1kn voru sett yfir dyr, \u00e1 glugga og \u00e1h\u00f6ld. \u00deau \u00e1tti a\u00f0 var\u00f0veita h\u00fasi\u00f0 og \u00edb\u00faa \u00feess.<\/p><p>Mikilv\u00e6gt form er verndandi \u00fatsaumur. \u00datsaumsmynstur \u00e1 kl\u00e6\u00f0na\u00f0i, s\u00e9rstaklega \u00e1 kraga, ermum og saumfaldi, voru skilin sem Obereg. \u00deetta form er teki\u00f0 n\u00e1nar fyrir \u00ed n\u00e6sta kafla.<\/p><p>Einnig teljast \u00e1kve\u00f0nar d\u00fakkur til Oberegi. Til voru kl\u00e6\u00f0ad\u00fakkur sem ger\u00f0ar voru andlitslausar og \u00fej\u00f3nu\u00f0u sem verndargripir fyrir h\u00fasi\u00f0 og b\u00f6rnin.<\/p><p>Obereg spannar \u00feannig mikla breidd. Fr\u00e1 bornum hengihlut, yfir h\u00fasat\u00e1kn og \u00fatsaum, til d\u00fakkunnar n\u00e6r s\u00e1 flokkur hluta sem getur bori\u00f0 \u00feetta nafn.<\/p>\t\t\t\t\t\t\t\t<\/div>\n\t\t\t\t<\/div>\n\t\t\t\t\t<\/div>\n\t\t\t\t<\/div>\n\t\t<div class=\"elementor-element elementor-element-iwgs-obereg-s3 e-flex e-con-boxed e-con e-parent\" data-id=\"iwgs-obereg-s3\" data-element_type=\"container\" data-e-type=\"container\">\n\t\t\t\t\t<div class=\"e-con-inner\">\n\t\t\t\t<div class=\"elementor-element elementor-element-iwgs-obereg-s3h elementor-widget elementor-widget-heading\" data-id=\"iwgs-obereg-s3h\" data-element_type=\"widget\" data-e-type=\"widget\" data-widget_type=\"heading.default\">\n\t\t\t\t\t<h2 class=\"elementor-heading-title elementor-size-default\">Verndandi \u00fatsaumurinn<\/h2>\t\t\t\t<\/div>\n\t\t<div class=\"elementor-element elementor-element-iwgs-obereg-s3box e-con-full e-flex e-con e-parent\" data-id=\"iwgs-obereg-s3box\" data-element_type=\"container\" data-e-type=\"container\">\n\t\t\t\t<div class=\"elementor-element elementor-element-iwgs-obereg-s3t elementor-widget elementor-widget-text-editor\" data-id=\"iwgs-obereg-s3t\" data-element_type=\"widget\" data-e-type=\"widget\" data-widget_type=\"text-editor.default\">\n\t\t\t\t\t\t\t\t\t<p>S\u00e9rlega einkennandi form Obereg er verndandi \u00fatsaumurinn. \u00cd slavneskri \u00fej\u00f3\u00f0menningu var \u00fatsaumur \u00e1 kl\u00e6\u00f0na\u00f0i ekki a\u00f0eins talinn skreyting, heldur einnig vernd.<\/p><p>\u00datsaumsmynstrin voru fyrst og fremst sett \u00e1 ja\u00f0ra kl\u00e6\u00f0na\u00f0arins, \u00e1 kraga, ermafestingar og saumfald. \u00dear sem kl\u00e6\u00f0na\u00f0urinn umlykur l\u00edkamann \u00e1tti mynstri\u00f0 a\u00f0 veita v\u00f6rn.<\/p><p>Hugsunin \u00e1 bak vi\u00f0 \u00feetta er sk\u00fdr. Ja\u00f0rar kl\u00e6\u00f0na\u00f0arins eru sta\u00f0irnir \u00fear sem ska\u00f0legt g\u00e6ti komist a\u00f0 l\u00edkamanum. Verndandi mynstur \u00e1 \u00feessum j\u00f6\u00f0rum \u00e1tti a\u00f0 hindra \u00fea\u00f0.<\/p><p>Mynstrin samanst\u00f3\u00f0u af r\u00famfr\u00e6\u00f0ilegum t\u00e1knum, t\u00edgulformum, krossum, stj\u00f6rnum og jurtam\u00f3t\u00edfum. Hva\u00f0a merking fylgdi hverju t\u00e1kni er \u00fe\u00f3 ekki alltaf lj\u00f3st sta\u00f0fest.<\/p><p>Verndandi \u00fatsaumurinn s\u00fdnir hversu n\u00e1tengd skreyting og vernd voru \u00ed slavneskri \u00fej\u00f3\u00f0menningu. Sama mynstri\u00f0 gat samt\u00edmis pr\u00fdtt kl\u00e6\u00f0na\u00f0inn og var\u00f0veitt eiganda hans.<\/p><p>\u00datsaumurinn er \u00feannig eitt s\u00e9rst\u00e6\u00f0asta form Obereg. Hann gerir verndina a\u00f0 hluta af daglegum kl\u00e6\u00f0na\u00f0i, sem borinn var s\u00fdnilega og fylgdi l\u00edfinu eftir.<\/p>\t\t\t\t\t\t\t\t<\/div>\n\t\t\t\t<\/div>\n\t\t\t\t\t<\/div>\n\t\t\t\t<\/div>\n\t\t<div class=\"elementor-element elementor-element-iwgs-obereg-s4 e-flex e-con-boxed e-con e-parent\" data-id=\"iwgs-obereg-s4\" data-element_type=\"container\" data-e-type=\"container\">\n\t\t\t\t\t<div class=\"e-con-inner\">\n\t\t\t\t<div class=\"elementor-element elementor-element-iwgs-obereg-s4h elementor-widget elementor-widget-heading\" data-id=\"iwgs-obereg-s4h\" data-element_type=\"widget\" data-e-type=\"widget\" data-widget_type=\"heading.default\">\n\t\t\t\t\t<h2 class=\"elementor-heading-title elementor-size-default\">G\u00f6mul munnm\u00e6lahef\u00f0 og n\u00fdleg t\u00falkun<\/h2>\t\t\t\t<\/div>\n\t\t<div class=\"elementor-element elementor-element-iwgs-obereg-s4box e-con-full e-flex e-con e-parent\" data-id=\"iwgs-obereg-s4box\" data-element_type=\"container\" data-e-type=\"container\">\n\t\t\t\t<div class=\"elementor-element elementor-element-iwgs-obereg-s4t elementor-widget elementor-widget-text-editor\" data-id=\"iwgs-obereg-s4t\" data-element_type=\"widget\" data-e-type=\"widget\" data-widget_type=\"text-editor.default\">\n\t\t\t\t\t\t\t\t\t<p>Vi\u00f0 umfj\u00f6llun um obereg er var\u00fa\u00f0 nau\u00f0synleg. \u00dea\u00f0 \u00fearf a\u00f0 greina vandlega \u00e1 milli \u00feess sem er sta\u00f0fest \u00ed fornum heimildum og \u00feess sem er n\u00fat\u00edmaleg t\u00falkun.<\/p><p>Um forkristna tr\u00fa Slava er l\u00edti\u00f0 vita\u00f0 me\u00f0 vissu. Fornslavar l\u00e9tu engin eigin ritverk um tr\u00fa s\u00edna eftir sig. Margt ver\u00f0ur a\u00f0 \u00e1lykta um \u00far \u00f6\u00f0rum \u00e1ttum.<\/p><p>\u00dej\u00f3\u00f0menning yngri alda er vel skjalfest. Fr\u00e1 \u00feeim t\u00edma eru r\u00edk vitni um verndandi \u00fatsaum, h\u00fasat\u00e1kn og si\u00f0i. \u00deessi \u00fej\u00f3\u00f0menning var \u00feegar m\u00f3tu\u00f0 af kristni.<\/p><p>Erfi\u00f0ara er a\u00f0 svara \u00fev\u00ed hversu langt aftur til forkristins t\u00edma \u00feessi yngri \u00fej\u00f3\u00f0menning n\u00e6r. Sum t\u00e1kn geta veri\u00f0 g\u00f6mul, en oft er ekki unnt a\u00f0 sanna \u00f3sliti\u00f0 samhengi.<\/p><p>S\u00e9rstakrar var\u00fa\u00f0ar er \u00fe\u00f6rf vi\u00f0 t\u00falkun einstakra \u00fatsaumsmynstra. \u00deeim eru n\u00fa oft eigna\u00f0ar v\u00ed\u00f0t\u00e6kar forkristnar merkingar. Sl\u00edkar t\u00falkanir eru oft n\u00fat\u00edmalegar og ekki sta\u00f0festar me\u00f0 vissu.<\/p><p>Hei\u00f0arleg framsetning obereg gerir \u00feannig greinarmun \u00e1 tveimur svi\u00f0um. Yngri \u00fej\u00f3\u00f0menningin er vel vottu\u00f0. Uppruni einstakra t\u00e1kna \u00ed forkristinni tr\u00fa er hins vegar oft \u00f3vissu h\u00e1\u00f0ur.<\/p>\t\t\t\t\t\t\t\t<\/div>\n\t\t\t\t<\/div>\n\t\t\t\t\t<\/div>\n\t\t\t\t<\/div>\n\t\t<div class=\"elementor-element elementor-element-iwgs-obereg-s5 e-flex e-con-boxed e-con e-parent\" data-id=\"iwgs-obereg-s5\" data-element_type=\"container\" data-e-type=\"container\">\n\t\t\t\t\t<div class=\"e-con-inner\">\n\t\t\t\t<div class=\"elementor-element elementor-element-iwgs-obereg-s5h elementor-widget elementor-widget-heading\" data-id=\"iwgs-obereg-s5h\" data-element_type=\"widget\" data-e-type=\"widget\" data-widget_type=\"heading.default\">\n\t\t\t\t\t<h2 class=\"elementor-heading-title elementor-size-default\">Obereg \u00ed \u00fej\u00f3\u00f0menningu<\/h2>\t\t\t\t<\/div>\n\t\t<div class=\"elementor-element elementor-element-iwgs-obereg-s5box e-con-full e-flex e-con e-parent\" data-id=\"iwgs-obereg-s5box\" data-element_type=\"container\" data-e-type=\"container\">\n\t\t\t\t<div class=\"elementor-element elementor-element-iwgs-obereg-s5t elementor-widget elementor-widget-text-editor\" data-id=\"iwgs-obereg-s5t\" data-element_type=\"widget\" data-e-type=\"widget\" data-widget_type=\"text-editor.default\">\n\t\t\t\t\t\t\t\t\t<p>\u00cd slavneskri \u00fej\u00f3\u00f0menningu yngri alda \u00e1tti obereg fastan sess. Verndandi hlutir og t\u00e1kn fylgdu f\u00f3lki \u00ed gegnum l\u00edfi\u00f0.<\/p><p>Obereg var bundinn t\u00edmam\u00f3tum l\u00edfsins. Vi\u00f0 f\u00e6\u00f0ingu, br\u00fa\u00f0kaup og \u00f6nnur mikilv\u00e6g tilefni voru verndandi hlutir ger\u00f0ir, gefnir og nota\u00f0ir.<\/p><p>Vernd barna var f\u00f3lki s\u00e9rstaklega hjartf\u00f3lgin. Verndandi d\u00fakkur, \u00fatsaumur \u00e1 barnaf\u00f6tum og l\u00edtil verndargripir \u00e1tti a\u00f0 fylgja barninu \u00ed gegnum vi\u00f0kv\u00e6mt frumbernskuskei\u00f0.<\/p><p>Obereg var oft \u00ed h\u00f6ndum kvenna. \u00de\u00e6r ger\u00f0u verndandi \u00fatsauminn og d\u00fakkurnar. A\u00f0 gera obereg var \u00feannig \u00ed sj\u00e1lfu s\u00e9r umhyggjuath\u00f6fn.<\/p><p>H\u00fasi\u00f0 naut einnig verndar oberegi. T\u00e1kn yfir dyrum, vi\u00f0 glugga og hj\u00e1 arninum \u00e1tti a\u00f0 vernda heimili\u00f0 og fj\u00f6lskylduna.<\/p><p>Obereg var \u00feannig dj\u00fapt fl\u00e9tta\u00f0ur inn \u00ed \u00fej\u00f3\u00f0menninguna. Hann var ekki sjaldg\u00e6fur, s\u00e9rstakur hlutur, heldur kunnuglegur \u00fe\u00e1ttur daglegs l\u00edfs sem fylgdi f\u00f3lki fr\u00e1 f\u00e6\u00f0ingu.<\/p>\t\t\t\t\t\t\t\t<\/div>\n\t\t\t\t<\/div>\n\t\t\t\t\t<\/div>\n\t\t\t\t<\/div>\n\t\t<div class=\"elementor-element elementor-element-iwgs-obereg-s6 e-flex e-con-boxed e-con e-parent\" data-id=\"iwgs-obereg-s6\" data-element_type=\"container\" data-e-type=\"container\">\n\t\t\t\t\t<div class=\"e-con-inner\">\n\t\t\t\t<div class=\"elementor-element elementor-element-iwgs-obereg-s6h elementor-widget elementor-widget-heading\" data-id=\"iwgs-obereg-s6h\" data-element_type=\"widget\" data-e-type=\"widget\" data-widget_type=\"heading.default\">\n\t\t\t\t\t<h2 class=\"elementor-heading-title elementor-size-default\">Obereg og einst\u00f6k slavnesk t\u00e1kn<\/h2>\t\t\t\t<\/div>\n\t\t<div class=\"elementor-element elementor-element-iwgs-obereg-s6box e-con-full e-flex e-con e-parent\" data-id=\"iwgs-obereg-s6box\" data-element_type=\"container\" data-e-type=\"container\">\n\t\t\t\t<div class=\"elementor-element elementor-element-iwgs-obereg-s6t elementor-widget elementor-widget-text-editor\" data-id=\"iwgs-obereg-s6t\" data-element_type=\"widget\" data-e-type=\"widget\" data-widget_type=\"text-editor.default\">\n\t\t\t\t\t\t\t\t\t<p>Obereg sem samheiti tengist einst\u00f6kum, nafngreindum slavneskum t\u00e1knum. \u00deessi einst\u00f6ku t\u00e1kn m\u00e1 skilja sem \u00e1kve\u00f0na oberegi.<\/p><p>S\u00f3lhj\u00f3li\u00f0, kolowrat, er eitt sl\u00edkt t\u00e1kn. \u00dea\u00f0 er s\u00fdnt \u00e1 s\u00ed\u00f0unni um <a href=\"https:\/\/iwell-guard.com\/is\/?page_id=169155\">kolowrat<\/a>. Sem verndandi t\u00e1kn m\u00e1 telja \u00fea\u00f0 til oberegi.<\/p><p>\u00derumut\u00e1knin heyra einnig h\u00e9r undir, hj\u00f3lkennd e\u00f0a stj\u00f6rnukennd mynstur sem tengjast \u00ferumugu\u00f0inum. \u00deau eru rakin \u00e1 s\u00ed\u00f0unni um <a href=\"https:\/\/iwell-guard.com\/is\/?page_id=169176\">\u00ferumut\u00e1kni\u00f0<\/a>.<\/p><p>T\u00e1kni\u00f0 H\u00f6nd Gu\u00f0s er einnig sett \u00ed \u00feetta samhengi. Hj\u00e1 \u00fev\u00ed er \u00fe\u00f3, eins og fram kemur \u00e1 eigin s\u00ed\u00f0u \u00feess, n\u00faverandi form a\u00f0 miklu leyti n\u00fat\u00edmaleg endursm\u00ed\u00f0.<\/p><p>\u00deessi einst\u00f6ku t\u00e1kn eru eins konar s\u00e9rst\u00f6k, nafngreind oberegi. Samheiti\u00f0 obereg tekur \u00feau saman \u00e1samt hinum m\u00f6rgu nafnlausu verndargripum \u00ed eitt sameiginlegt or\u00f0.<\/p><p>S\u00f6mu var\u00fa\u00f0ar er \u00fe\u00f6rf vi\u00f0 \u00f6ll \u00feessi t\u00e1kn. Alltaf \u00fearf a\u00f0 kanna hversu miki\u00f0 af n\u00faverandi mynd \u00feeirra er sta\u00f0fest \u00ed fornum heimildum og hversu miki\u00f0 er n\u00fat\u00edmaleg t\u00falkun. Samheiti\u00f0 obereg firrir engan \u00feeirri sko\u00f0un.<\/p>\t\t\t\t\t\t\t\t<\/div>\n\t\t\t\t<\/div>\n\t\t\t\t\t<\/div>\n\t\t\t\t<\/div>\n\t\t<div class=\"elementor-element elementor-element-iwgs-obereg-s7 e-flex e-con-boxed e-con e-parent\" data-id=\"iwgs-obereg-s7\" data-element_type=\"container\" data-e-type=\"container\">\n\t\t\t\t\t<div class=\"e-con-inner\">\n\t\t\t\t<div class=\"elementor-element elementor-element-iwgs-obereg-s7h elementor-widget elementor-widget-heading\" data-id=\"iwgs-obereg-s7h\" data-element_type=\"widget\" data-e-type=\"widget\" data-widget_type=\"heading.default\">\n\t\t\t\t\t<h2 class=\"elementor-heading-title elementor-size-default\">Obereg \u00ed n\u00fdslavneskri hreyfingu<\/h2>\t\t\t\t<\/div>\n\t\t<div class=\"elementor-element elementor-element-iwgs-obereg-s7box e-con-full e-flex e-con e-parent\" data-id=\"iwgs-obereg-s7box\" data-element_type=\"container\" data-e-type=\"container\">\n\t\t\t\t<div class=\"elementor-element elementor-element-iwgs-obereg-s7t elementor-widget elementor-widget-text-editor\" data-id=\"iwgs-obereg-s7t\" data-element_type=\"widget\" data-e-type=\"widget\" data-widget_type=\"text-editor.default\">\n\t\t\t\t\t\t\t\t\t<p>\u00c1 n\u00fat\u00edmanum hefur hugtaki\u00f0 obereg fengi\u00f0 n\u00fdja merkingu. \u00dea\u00f0 er or\u00f0i\u00f0 mikilv\u00e6gt or\u00f0 \u00ed n\u00fdslavneskri hreyfingu.<\/p><p>\u00deessi hreyfing var\u00f0 til \u00e1 tuttugustu \u00f6ld. H\u00fan leitast vi\u00f0 a\u00f0 endurl\u00edfga fornar slavneskar hugmyndir og f\u00e6ra \u00fe\u00e6r \u00ed n\u00fat\u00edmalegt form.<\/p><p>\u00cd \u00feessari hreyfingu eru oberegi mj\u00f6g eftirs\u00f3ttir. Skartgripir, hengiskraut og \u00fatsaumur me\u00f0 slavneskum t\u00e1knum eru ger\u00f0ir og bornir sem obereg.<\/p><p>Athygli \u00fearf a\u00f0 vekja \u00e1 \u00fev\u00ed a\u00f0 hreyfingin hefur v\u00edkka\u00f0 \u00fat hugtaki\u00f0 og einnig skapa\u00f0 n\u00fd form. Sum t\u00e1kn sem n\u00fa eru seld sem obereg eru n\u00fat\u00edmaleg sk\u00f6punarverk sem byggja \u00e1 \u00f3vissum, fornum grunni.<\/p><p>H\u00e9r er nau\u00f0synleg sama var\u00fa\u00f0 aftur. Hlutur sem n\u00fa er bo\u00f0inn sem fornt slavneskt obereg getur veri\u00f0 n\u00fat\u00edmalegur b\u00e6\u00f0i \u00ed formi og t\u00falkun.<\/p><p>Obereg er \u00feannig hugtak me\u00f0 tv\u00f6 l\u00edf. \u00dea\u00f0 v\u00edsar til sta\u00f0festra verndargripa eldri \u00fej\u00f3\u00f0menningar, og \u00fea\u00f0 er or\u00f0i\u00f0 eftirs\u00f3tt or\u00f0 \u00ed n\u00fat\u00edmalegri umfj\u00f6llun um slavneska menningarheiminn.<\/p>\t\t\t\t\t\t\t\t<\/div>\n\t\t\t\t<\/div>\n\t\t\t\t\t<\/div>\n\t\t\t\t<\/div>\n\t\t<div class=\"elementor-element elementor-element-iwgs-obereg-s8 e-flex e-con-boxed e-con e-parent\" data-id=\"iwgs-obereg-s8\" data-element_type=\"container\" data-e-type=\"container\">\n\t\t\t\t\t<div class=\"e-con-inner\">\n\t\t\t\t<div class=\"elementor-element elementor-element-iwgs-obereg-s8h elementor-widget elementor-widget-heading\" data-id=\"iwgs-obereg-s8h\" data-element_type=\"widget\" data-e-type=\"widget\" data-widget_type=\"heading.default\">\n\t\t\t\t\t<h2 class=\"elementor-heading-title elementor-size-default\">M\u00f3tt\u00f6kur \u00ed dag<\/h2>\t\t\t\t<\/div>\n\t\t<div class=\"elementor-element elementor-element-iwgs-obereg-s8box e-con-full e-flex e-con e-parent\" data-id=\"iwgs-obereg-s8box\" data-element_type=\"container\" data-e-type=\"container\">\n\t\t\t\t<div class=\"elementor-element elementor-element-iwgs-obereg-s8t elementor-widget elementor-widget-text-editor\" data-id=\"iwgs-obereg-s8t\" data-element_type=\"widget\" data-e-type=\"widget\" data-widget_type=\"text-editor.default\">\n\t\t\t\t\t\t\t\t\t<p>Obereg er \u00ed dag vel kunnugt or\u00f0, s\u00e9rstaklega \u00ed slavneskum m\u00e1lsv\u00e6\u00f0um og \u00ed h\u00f3pum sem hafa \u00e1huga \u00e1 slavneskri \u00fej\u00f3\u00f0menningu.<\/p><p>Sem skartgripur og hlutur er obereg miki\u00f0 framleiddur. Hengiskraut, \u00fatsaumur og d\u00fakkur eru bo\u00f0in og borin sem slavneskir verndargripir.<\/p><p>\u00cd n\u00fdslavneskri hreyfingu hefur obereg fastan sess. \u00dear er hann t\u00e1kn tengingar vi\u00f0 endurvaknar slavneskar hugmyndir.<\/p><p>Or\u00f0i\u00f0 er einnig \u00fatbreitt utan \u00feessarar hreyfingar. Obereg er or\u00f0i\u00f0 almennt kunnugt hugtak fyrir slavneska heilla- og verndargripi.<\/p><p>Fyrir <span class=\"iwg-fachbegriff\" data-tooltip=\"Fr\u00e6\u00f0igrein sem rannsakar hversdagsmenningu, si\u00f0i og arfleiddar hugmyndir.\" tabindex=\"0\">\u00fej\u00f3\u00f0h\u00e1ttafr\u00e6\u00f0i<\/span> og <span class=\"iwg-fachbegriff\" data-tooltip=\"Fr\u00e6\u00f0igreinin sem rannsakar tr\u00faarbr\u00f6g\u00f0 samanbur\u00f0arlega og \u00e1n tr\u00faarlegrar bindingar.\" tabindex=\"0\">tr\u00faarbrag\u00f0afr\u00e6\u00f0i<\/span> er obereg \u00e1fram fr\u00f3\u00f0legt ranns\u00f3knarefni. Hann s\u00fdnir hvernig \u00fej\u00f3\u00f0menning framkv\u00e6mdi vernd me\u00f0 m\u00f6rgum mismunandi h\u00e6tti samt\u00edmis.<\/p><p>Obereg er \u00feannig gott d\u00e6mi um opi\u00f0 samheiti verndar. \u00cd honum sameinast borin verndargripir, verndandi \u00fatsaumur og h\u00fasat\u00e1kn, og hann krefst jafnframt hei\u00f0arlegs a\u00f0greinis milli fornrar <span class=\"iwg-fachbegriff\" data-tooltip=\"Mi\u00f0lun \u00feekkingar og fr\u00e1sagna milli kynsl\u00f3\u00f0a.\" tabindex=\"0\">munnm\u00e6lahef\u00f0ar<\/span> og n\u00fat\u00edmalegrar t\u00falkunar.<\/p>\t\t\t\t\t\t\t\t<\/div>\n\t\t\t\t<\/div>\n\t\t\t\t\t<\/div>\n\t\t\t\t<\/div>\n\t\t<div class=\"elementor-element elementor-element-iwgs-obereg-lit e-flex e-con-boxed e-con e-parent\" data-id=\"iwgs-obereg-lit\" data-element_type=\"container\" data-e-type=\"container\">\n\t\t\t\t\t<div class=\"e-con-inner\">\n\t\t\t\t<div class=\"elementor-element elementor-element-iwgs-obereg-lith elementor-widget elementor-widget-heading\" data-id=\"iwgs-obereg-lith\" data-element_type=\"widget\" data-e-type=\"widget\" data-widget_type=\"heading.default\">\n\t\t\t\t\t<h2 class=\"elementor-heading-title elementor-size-default\">Heimildir (\u00farval)<\/h2>\t\t\t\t<\/div>\n\t\t<div class=\"elementor-element elementor-element-iwgs-obereg-litbox e-con-full e-flex e-con e-parent\" data-id=\"iwgs-obereg-litbox\" data-element_type=\"container\" data-e-type=\"container\">\n\t\t\t\t<div class=\"elementor-element elementor-element-iwgs-obereg-litt elementor-widget elementor-widget-html\" data-id=\"iwgs-obereg-litt\" data-element_type=\"widget\" data-e-type=\"widget\" data-widget_type=\"html.default\">\n\t\t\t\t\t<footer data-nosnippet=\"true\"><ul><li>Aleksander Gieysztor: <em>Mitologia S\u0142owian<\/em> (1982)<\/li><li>Andrzej Szyjewski: <em>Religia S\u0142owian<\/em> (2003)<\/li><li>Kazimierz Moszy\u0144ski: <em>Kultura ludowa S\u0142owian<\/em> (1929)<\/li><li>Stanis\u0142aw Urba\u0144czyk: <em>Dawni S\u0142owianie. Wiara i kult<\/em> (1991)<\/li><li>Linda J. Ivanits: <em>Russian Folk Belief<\/em> (1989)<\/li><\/ul><\/footer>\t\t\t\t<\/div>\n\t\t\t\t<\/div>\n\t\t\t\t\t<\/div>\n\t\t\t\t<\/div>\n\t\t<div class=\"elementor-element elementor-element-iwgs-obereg-kwd e-flex e-con-boxed e-con e-parent\" data-id=\"iwgs-obereg-kwd\" data-element_type=\"container\" data-e-type=\"container\">\n\t\t\t\t\t<div class=\"e-con-inner\">\n\t\t\t\t<div class=\"elementor-element elementor-element-iwgs-obereg-kwdt elementor-widget elementor-widget-text-editor\" data-id=\"iwgs-obereg-kwdt\" data-element_type=\"widget\" data-e-type=\"widget\" data-widget_type=\"text-editor.default\">\n\t\t\t\t\t\t\t\t\t<p><em>Tengd kjarnahugt\u00f6k: obereg slavneskur verndargripur samheiti verndandi \u00fatsaumur h\u00fasat\u00e1kn \u00fej\u00f3\u00f0menning n\u00fdslavnesk hreyfing verndart\u00e1kn.<\/em><\/p>\t\t\t\t\t\t\t\t<\/div>\n\t\t\t\t\t<\/div>\n\t\t\t\t<\/div>\n\t\t<div class=\"elementor-element elementor-element-iwgs-obereg-cc e-flex e-con-boxed e-con e-parent\" data-id=\"iwgs-obereg-cc\" data-element_type=\"container\" data-e-type=\"container\" id=\"iwg-cc-obereg\">\n\t\t\t\t\t<div class=\"e-con-inner\">\n\t\t<div class=\"elementor-element elementor-element-iwgs-obereg-ccinner e-flex e-con-boxed e-con e-parent\" data-id=\"iwgs-obereg-ccinner\" data-element_type=\"container\" data-e-type=\"container\" data-settings=\"{&quot;background_background&quot;:&quot;classic&quot;}\">\n\t\t\t\t\t<div class=\"e-con-inner\">\n\t\t\t\t<div class=\"elementor-element elementor-element-iwgs-obereg-cch elementor-widget elementor-widget-heading\" data-id=\"iwgs-obereg-cch\" data-element_type=\"widget\" data-e-type=\"widget\" data-widget_type=\"heading.default\">\n\t\t\t\t\t<h2 class=\"elementor-heading-title elementor-size-default\">iWell Guard og verndarhef\u00f0ir<\/h2>\t\t\t\t<\/div>\n\t\t\t\t<div class=\"elementor-element elementor-element-iwgs-obereg-cct elementor-widget elementor-widget-text-editor\" data-id=\"iwgs-obereg-cct\" data-element_type=\"widget\" data-e-type=\"widget\" data-widget_type=\"text-editor.default\">\n\t\t\t\t\t\t\t\t\t<p>iWell Guard fylgir menningarhef\u00f0inni um handb\u00e6ra hlutverndargripi, s\u00f6mu hef\u00f0 og obereg-gripurinn tilheyrir. N\u00fat\u00edmalegur fylgihlutur fyrir f\u00f3lk sem lifir me\u00f0 verndart\u00e1knum: framleiddur \u00ed \u00de\u00fdskalandi, 41 lag \u00far sk\u00edragulli, plat\u00ednu og silfri, me\u00f0 30 daga skilar\u00e9tti.<\/p>\t\t\t\t\t\t\t\t<\/div>\n\t\t\t\t<div class=\"elementor-element elementor-element-iwgs-obereg-ccb iwg-cc-button iwg-cc-cta-2026-05-13 elementor-widget elementor-widget-jet-button\" data-id=\"iwgs-obereg-ccb\" data-element_type=\"widget\" data-e-type=\"widget\" data-widget_type=\"jet-button.default\">\n\t\t\t\t<div class=\"elementor-widget-container\">\n\t\t\t\t\t<div class=\"elementor-jet-button jet-elements\"><div class=\"jet-button__container\"><a class=\"jet-button__instance jet-button__instance--icon-left hover-effect-1\" href=\"\/schutzanhaenger-iwell-guard-kaufen\/?utm_source=iwell-guard.com&amp;utm_medium=info-box&amp;utm_campaign=schutzsymbole\"><div class=\"jet-button__plane jet-button__plane-normal\"><\/div><div class=\"jet-button__plane jet-button__plane-hover\"><\/div><div class=\"jet-button__state jet-button__state-normal\"><span class=\"jet-button__label\">Meira um iWell Guard<\/span><\/div><div class=\"jet-button__state jet-button__state-hover\"><span class=\"jet-button__label\">Meira um iWell Guard<\/span><\/div><\/a><\/div><\/div><style>.elementor-element.elementor-element-iwgs-obereg-ccb .jet-button__instance{width:320px;height:56px;}.elementor-element.elementor-element-iwgs-obereg-ccb .jet-button__state-normal .jet-button__label{text-align:center;margin:0px 0px 0px 0px;color:#1a1b20;font-family:Montserrat,sans-serif;font-size:13px;font-weight:400;letter-spacing:4px;line-height:1.714em;text-transform:uppercase;}.elementor-element.elementor-element-iwgs-obereg-ccb .jet-button__state-hover .jet-button__label{text-align:center;margin:0px 0px 0px 0px;color:#FECC76;font-family:Montserrat,sans-serif;font-size:13px;font-weight:400;letter-spacing:4px;line-height:1.714em;text-transform:uppercase;}.elementor-element.elementor-element-iwgs-obereg-ccb .jet-button__plane-normal{background-color:#FECC76;border-style:solid;border-color:#C99540;border-width:2px 2px 2px 2px;}.elementor-element.elementor-element-iwgs-obereg-ccb .jet-button__plane-hover{background-color:rgba(0,0,0,0.55);border-style:solid;border-color:#FECC76;border-width:2px 2px 2px 2px;}<\/style>\t\t\t\t<\/div>\n\t\t\t\t<\/div>\n\t\t\t\t<div class=\"elementor-element elementor-element-iwgs-obereg-ccd elementor-widget elementor-widget-text-editor\" data-id=\"iwgs-obereg-ccd\" data-element_type=\"widget\" data-e-type=\"widget\" data-widget_type=\"text-editor.default\">\n\t\t\t\t\t\t\t\t\t<p style=\"text-align:center;font-size:13px;opacity:0.7;margin-top:14px\" data-nosnippet=\"true\">Pers\u00f3nuleg reynsla getur veri\u00f0 mismunandi. Ekki l\u00e6kningat\u00e6ki. Engin lofor\u00f0 um l\u00e6kningu.<\/p>\t\t\t\t\t\t\t\t<\/div>\n\t\t\t\t\t<\/div>\n\t\t\t\t<\/div>\n\t\t\t\t\t<\/div>\n\t\t\t\t<\/div>\n\t\t<div class=\"elementor-element elementor-element-iwgs-obereg-disc e-flex e-con-boxed e-con e-parent\" data-id=\"iwgs-obereg-disc\" data-element_type=\"container\" data-e-type=\"container\">\n\t\t\t\t\t<div class=\"e-con-inner\">\n\t\t\t\t<div class=\"elementor-element elementor-element-iwgs-obereg-discw elementor-widget elementor-widget-html\" data-id=\"iwgs-obereg-discw\" data-element_type=\"widget\" data-e-type=\"widget\" data-widget_type=\"html.default\">\n\t\t\t\t\t<footer data-nosnippet=\"true\" class=\"iwg-disclaimer-block\"><p data-nosnippet=\"true\">iWell Guard er <strong>ekki l\u00e6kningat\u00e6ki<\/strong> og kemur ekki \u00ed sta\u00f0 l\u00e6knis- e\u00f0a s\u00e1lfr\u00e6\u00f0ime\u00f0fer\u00f0ar. Innihaldi\u00f0 sem h\u00e9r er sett fram er tr\u00faarbrag\u00f0afr\u00e6\u00f0ileg og menningars\u00f6gulega greining, ekki lofor\u00f0 um andlega virkni.<\/p><\/footer>\t\t\t\t<\/div>\n\t\t\t\t\t<\/div>\n\t\t\t\t<\/div>\n\t\t\t\t<\/div>\n\t\t","protected":false},"excerpt":{"rendered":"","protected":false},"author":3,"featured_media":3497,"parent":0,"menu_order":0,"comment_status":"closed","ping_status":"closed","template":"elementor_header_footer","meta":{"_yoast_wpseo_focuskw":"Obereg","_yoast_wpseo_title":"Obereg \u2013 slavneskir verndargripir","_yoast_wpseo_metadesc":"Obereg er slavneska samheiti\u00f0 yfir verndargripi og verndandi \u00fatsaumst\u00e1kn. Merking og a\u00f0g\u00e1t \u00ed t\u00falkun \u00fatsk\u00fdr\u00f0.","_yoast_wpseo_meta-robots-noindex":"","_yoast_wpseo_canonical":"","_angie_page":false,"gefaehrdungsstufe":"","wesen_kultur":"","wesen_klasse":"","footnotes":""},"categories":[],"class_list":["post-169215","page","type-page","status-publish","has-post-thumbnail","hentry"],"yoast_head":"<!-- This site is optimized with the Yoast SEO Premium plugin v27.7 (Yoast SEO v28.3) - https:\/\/yoast.com\/product\/yoast-seo-premium-wordpress\/ -->\n<title>Obereg \u2013 slavneskir verndargripir<\/title>\n<meta name=\"description\" content=\"Obereg er slavneska samheiti\u00f0 yfir verndargripi og verndandi \u00fatsaumst\u00e1kn. Merking og a\u00f0g\u00e1t \u00ed t\u00falkun \u00fatsk\u00fdr\u00f0.\" \/>\n<meta name=\"robots\" content=\"index, follow, max-snippet:-1, max-image-preview:large, max-video-preview:-1\" \/>\n<link rel=\"canonical\" href=\"https:\/\/iwell-guard.com\/is\/obereg-slavneskt-samheiti-verndargripir\/\" \/>\n<meta property=\"og:locale\" content=\"is_IS\" \/>\n<meta property=\"og:type\" content=\"article\" \/>\n<meta property=\"og:title\" content=\"Obereg \u2013 slavneska samheiti\u00f0 yfir verndargripi\" \/>\n<meta property=\"og:description\" content=\"Obereg er slavneska samheiti\u00f0 yfir verndargripi og verndandi \u00fatsaumst\u00e1kn. Merking og a\u00f0g\u00e1t \u00ed t\u00falkun \u00fatsk\u00fdr\u00f0.\" \/>\n<meta property=\"og:url\" content=\"https:\/\/iwell-guard.com\/is\/obereg-slavneskt-samheiti-verndargripir\/\" \/>\n<meta property=\"og:site_name\" content=\"iWell Guard\" \/>\n<meta property=\"article:modified_time\" content=\"2026-09-05T14:35:13+00:00\" \/>\n<meta property=\"og:image\" content=\"https:\/\/iwell-guard.com\/wp-content\/uploads\/2026\/05\/schutzsymbol_slawisch_obereg.webp\" \/>\n\t<meta property=\"og:image:width\" content=\"1024\" \/>\n\t<meta property=\"og:image:height\" content=\"1536\" \/>\n\t<meta property=\"og:image:type\" content=\"image\/webp\" \/>\n<meta name=\"twitter:card\" content=\"summary_large_image\" \/>\n<script type=\"application\/ld+json\" class=\"yoast-schema-graph\">{\"@context\":\"https:\\\/\\\/schema.org\",\"@graph\":[{\"@type\":\"WebPage\",\"@id\":\"https:\\\/\\\/iwell-guard.com\\\/is\\\/obereg-slavneskt-samheiti-verndargripir\\\/\",\"url\":\"https:\\\/\\\/iwell-guard.com\\\/is\\\/obereg-slavneskt-samheiti-verndargripir\\\/\",\"name\":\"Obereg \u2013 slavneskir verndargripir\",\"isPartOf\":{\"@id\":\"https:\\\/\\\/iwell-guard.com\\\/is\\\/#website\"},\"primaryImageOfPage\":{\"@id\":\"https:\\\/\\\/iwell-guard.com\\\/is\\\/obereg-slavneskt-samheiti-verndargripir\\\/#primaryimage\"},\"image\":{\"@id\":\"https:\\\/\\\/iwell-guard.com\\\/is\\\/obereg-slavneskt-samheiti-verndargripir\\\/#primaryimage\"},\"thumbnailUrl\":\"https:\\\/\\\/iwell-guard.com\\\/wp-content\\\/uploads\\\/2026\\\/05\\\/schutzsymbol_slawisch_obereg.webp\",\"datePublished\":\"2026-09-05T14:06:33+00:00\",\"dateModified\":\"2026-09-05T14:35:13+00:00\",\"description\":\"Obereg er slavneska samheiti\u00f0 yfir verndargripi og verndandi \u00fatsaumst\u00e1kn. Merking og a\u00f0g\u00e1t \u00ed t\u00falkun \u00fatsk\u00fdr\u00f0.\",\"breadcrumb\":{\"@id\":\"https:\\\/\\\/iwell-guard.com\\\/is\\\/obereg-slavneskt-samheiti-verndargripir\\\/#breadcrumb\"},\"inLanguage\":\"is\",\"potentialAction\":[{\"@type\":\"ReadAction\",\"target\":[\"https:\\\/\\\/iwell-guard.com\\\/is\\\/obereg-slavneskt-samheiti-verndargripir\\\/\"]}]},{\"@type\":\"ImageObject\",\"inLanguage\":\"is\",\"@id\":\"https:\\\/\\\/iwell-guard.com\\\/is\\\/obereg-slavneskt-samheiti-verndargripir\\\/#primaryimage\",\"url\":\"https:\\\/\\\/iwell-guard.com\\\/wp-content\\\/uploads\\\/2026\\\/05\\\/schutzsymbol_slawisch_obereg.webp\",\"contentUrl\":\"https:\\\/\\\/iwell-guard.com\\\/wp-content\\\/uploads\\\/2026\\\/05\\\/schutzsymbol_slawisch_obereg.webp\",\"width\":1024,\"height\":1536,\"caption\":\"Verndart\u00e1kn. Myndskreyting \u00ed safnst\u00edl.\"},{\"@type\":\"BreadcrumbList\",\"@id\":\"https:\\\/\\\/iwell-guard.com\\\/is\\\/obereg-slavneskt-samheiti-verndargripir\\\/#breadcrumb\",\"itemListElement\":[{\"@type\":\"ListItem\",\"position\":1,\"name\":\"Start\",\"item\":\"https:\\\/\\\/iwell-guard.com\\\/is\\\/?page_id=168580\"},{\"@type\":\"ListItem\",\"position\":2,\"name\":\"Obereg \u2013 slavneska samheiti\u00f0 yfir verndargripi\"}]},{\"@type\":\"WebSite\",\"@id\":\"https:\\\/\\\/iwell-guard.com\\\/is\\\/#website\",\"url\":\"https:\\\/\\\/iwell-guard.com\\\/is\\\/\",\"name\":\"iWell Guard\",\"description\":\"Schutz vor dunklen Einfl\u00fcssen\",\"publisher\":{\"@id\":\"https:\\\/\\\/iwell-guard.com\\\/is\\\/#organization\"},\"potentialAction\":[{\"@type\":\"SearchAction\",\"target\":{\"@type\":\"EntryPoint\",\"urlTemplate\":\"https:\\\/\\\/iwell-guard.com\\\/is\\\/?s={search_term_string}\"},\"query-input\":{\"@type\":\"PropertyValueSpecification\",\"valueRequired\":true,\"valueName\":\"search_term_string\"}}],\"inLanguage\":\"is\"},{\"@type\":\"Organization\",\"@id\":\"https:\\\/\\\/iwell-guard.com\\\/is\\\/#organization\",\"name\":\"Ittermann electronic GmbH\",\"url\":\"https:\\\/\\\/iwell-guard.com\\\/is\\\/\",\"logo\":{\"@type\":\"ImageObject\",\"inLanguage\":\"is\",\"@id\":\"https:\\\/\\\/iwell-guard.com\\\/is\\\/#\\\/schema\\\/logo\\\/image\\\/\",\"url\":\"https:\\\/\\\/iwell-guard.com\\\/wp-content\\\/uploads\\\/2026\\\/05\\\/Ittermann-Logo-1182x237-1.png\",\"contentUrl\":\"https:\\\/\\\/iwell-guard.com\\\/wp-content\\\/uploads\\\/2026\\\/05\\\/Ittermann-Logo-1182x237-1.png\",\"width\":1182,\"height\":237,\"caption\":\"Ittermann electronic GmbH\"},\"image\":{\"@id\":\"https:\\\/\\\/iwell-guard.com\\\/is\\\/#\\\/schema\\\/logo\\\/image\\\/\"},\"sameAs\":[\"https:\\\/\\\/pantip.com\\\/profile\\\/9367242\",\"https:\\\/\\\/micro.blog\\\/iwellguard\",\"https:\\\/\\\/www.diggerslist.com\\\/iwellguard\\\/about\",\"https:\\\/\\\/skitterphoto.com\\\/photographers\\\/2870314\\\/iwell-guard\",\"https:\\\/\\\/iwellguard.wordpress.com\\\/2026\\\/06\\\/06\\\/iwell-guard\\\/\",\"https:\\\/\\\/hub.docker.com\\\/u\\\/iwellguard\",\"https:\\\/\\\/www.pinterest.com\\\/iwellguard\\\/\",\"https:\\\/\\\/bit.ly\\\/m\\\/iwellguard\",\"https:\\\/\\\/entre-vos-mains.alsace.eu\\\/profiles\\\/iwellguard\\\/activity\",\"https:\\\/\\\/gravatar.com\\\/reallybeded8fd34\",\"https:\\\/\\\/naijamatta.com\\\/iwellguard\",\"https:\\\/\\\/www.goodreads.com\\\/iwellguard\",\"https:\\\/\\\/profile.hatena.ne.jp\\\/iwellguard\\\/\",\"https:\\\/\\\/experiment.com\\\/users\\\/iwellguard\",\"https:\\\/\\\/wakelet.com\\\/@iWellGuard82270\",\"https:\\\/\\\/www.chordie.com\\\/forum\\\/profile.php?id=2555664\",\"https:\\\/\\\/www.instapaper.com\\\/p\\\/17757966\",\"https:\\\/\\\/www.mapleprimes.com\\\/users\\\/iwellguard\",\"https:\\\/\\\/businesslistingplus.com\\\/profile\\\/iwell-guard\\\/\",\"https:\\\/\\\/telegra.ph\\\/iWell-Guard-06-06\",\"https:\\\/\\\/pbase.com\\\/iwellguard\\\/iwellguard\",\"https:\\\/\\\/b.hatena.ne.jp\\\/iwellguard\\\/20260607#bookmark-4788405196491818882\",\"https:\\\/\\\/fliphtml5.com\\\/home\\\/iwellguard\",\"https:\\\/\\\/anyflip.com\\\/homepage\\\/cmiwl#About\",\"https:\\\/\\\/transfur.com\\\/Users\\\/iwellguard\",\"http:\\\/\\\/delphi.larsbo.org\\\/user\\\/iwellguard\",\"https:\\\/\\\/jobs.lajobsportal.org\\\/profiles\\\/8380803-iwell-guard\",\"https:\\\/\\\/md.chaosdorf.de\\\/s\\\/jfbe5SBdJD\",\"https:\\\/\\\/www.lingvolive.com\\\/en-us\\\/profile\\\/9ecaeaca-ce11-4e51-9e71-01d55e2bff36\\\/translations\",\"https:\\\/\\\/www.fitday.com\\\/fitness\\\/forums\\\/members\\\/iwellguard.html\",\"https:\\\/\\\/www.mymeetbook.com\\\/iwellguard\",\"https:\\\/\\\/pxhere.com\\\/en\\\/photographer-me\\\/5040798\",\"https:\\\/\\\/disqus.com\\\/by\\\/iwellguard\\\/about\\\/\",\"https:\\\/\\\/pastelink.net\\\/hjwciqwq\",\"https:\\\/\\\/pubhtml5.com\\\/homepage\\\/scjhn\\\/\",\"https:\\\/\\\/www.bitchute.com\\\/channel\\\/2O2eOKzNqujT\",\"https:\\\/\\\/audiomack.com\\\/iwellguard\"]}]}<\/script>\n<!-- \/ Yoast SEO Premium plugin. -->","yoast_head_json":{"title":"Obereg \u2013 slavneskir verndargripir","description":"Obereg er slavneska samheiti\u00f0 yfir verndargripi og verndandi \u00fatsaumst\u00e1kn. Merking og a\u00f0g\u00e1t \u00ed t\u00falkun \u00fatsk\u00fdr\u00f0.","robots":{"index":"index","follow":"follow","max-snippet":"max-snippet:-1","max-image-preview":"max-image-preview:large","max-video-preview":"max-video-preview:-1"},"canonical":"https:\/\/iwell-guard.com\/is\/obereg-slavneskt-samheiti-verndargripir\/","og_locale":"is_IS","og_type":"article","og_title":"Obereg \u2013 slavneska samheiti\u00f0 yfir verndargripi","og_description":"Obereg er slavneska samheiti\u00f0 yfir verndargripi og verndandi \u00fatsaumst\u00e1kn. Merking og a\u00f0g\u00e1t \u00ed t\u00falkun \u00fatsk\u00fdr\u00f0.","og_url":"https:\/\/iwell-guard.com\/is\/obereg-slavneskt-samheiti-verndargripir\/","og_site_name":"iWell Guard","article_modified_time":"2026-09-05T14:35:13+00:00","og_image":[{"width":1024,"height":1536,"url":"https:\/\/iwell-guard.com\/wp-content\/uploads\/2026\/05\/schutzsymbol_slawisch_obereg.webp","type":"image\/webp"}],"twitter_card":"summary_large_image","schema":{"@context":"https:\/\/schema.org","@graph":[{"@type":"WebPage","@id":"https:\/\/iwell-guard.com\/is\/obereg-slavneskt-samheiti-verndargripir\/","url":"https:\/\/iwell-guard.com\/is\/obereg-slavneskt-samheiti-verndargripir\/","name":"Obereg \u2013 slavneskir verndargripir","isPartOf":{"@id":"https:\/\/iwell-guard.com\/is\/#website"},"primaryImageOfPage":{"@id":"https:\/\/iwell-guard.com\/is\/obereg-slavneskt-samheiti-verndargripir\/#primaryimage"},"image":{"@id":"https:\/\/iwell-guard.com\/is\/obereg-slavneskt-samheiti-verndargripir\/#primaryimage"},"thumbnailUrl":"https:\/\/iwell-guard.com\/wp-content\/uploads\/2026\/05\/schutzsymbol_slawisch_obereg.webp","datePublished":"2026-09-05T14:06:33+00:00","dateModified":"2026-09-05T14:35:13+00:00","description":"Obereg er slavneska samheiti\u00f0 yfir verndargripi og verndandi \u00fatsaumst\u00e1kn. Merking og a\u00f0g\u00e1t \u00ed t\u00falkun \u00fatsk\u00fdr\u00f0.","breadcrumb":{"@id":"https:\/\/iwell-guard.com\/is\/obereg-slavneskt-samheiti-verndargripir\/#breadcrumb"},"inLanguage":"is","potentialAction":[{"@type":"ReadAction","target":["https:\/\/iwell-guard.com\/is\/obereg-slavneskt-samheiti-verndargripir\/"]}]},{"@type":"ImageObject","inLanguage":"is","@id":"https:\/\/iwell-guard.com\/is\/obereg-slavneskt-samheiti-verndargripir\/#primaryimage","url":"https:\/\/iwell-guard.com\/wp-content\/uploads\/2026\/05\/schutzsymbol_slawisch_obereg.webp","contentUrl":"https:\/\/iwell-guard.com\/wp-content\/uploads\/2026\/05\/schutzsymbol_slawisch_obereg.webp","width":1024,"height":1536,"caption":"Verndart\u00e1kn. Myndskreyting \u00ed safnst\u00edl."},{"@type":"BreadcrumbList","@id":"https:\/\/iwell-guard.com\/is\/obereg-slavneskt-samheiti-verndargripir\/#breadcrumb","itemListElement":[{"@type":"ListItem","position":1,"name":"Start","item":"https:\/\/iwell-guard.com\/is\/?page_id=168580"},{"@type":"ListItem","position":2,"name":"Obereg \u2013 slavneska samheiti\u00f0 yfir verndargripi"}]},{"@type":"WebSite","@id":"https:\/\/iwell-guard.com\/is\/#website","url":"https:\/\/iwell-guard.com\/is\/","name":"iWell Guard","description":"Schutz vor dunklen Einfl\u00fcssen","publisher":{"@id":"https:\/\/iwell-guard.com\/is\/#organization"},"potentialAction":[{"@type":"SearchAction","target":{"@type":"EntryPoint","urlTemplate":"https:\/\/iwell-guard.com\/is\/?s={search_term_string}"},"query-input":{"@type":"PropertyValueSpecification","valueRequired":true,"valueName":"search_term_string"}}],"inLanguage":"is"},{"@type":"Organization","@id":"https:\/\/iwell-guard.com\/is\/#organization","name":"Ittermann electronic GmbH","url":"https:\/\/iwell-guard.com\/is\/","logo":{"@type":"ImageObject","inLanguage":"is","@id":"https:\/\/iwell-guard.com\/is\/#\/schema\/logo\/image\/","url":"https:\/\/iwell-guard.com\/wp-content\/uploads\/2026\/05\/Ittermann-Logo-1182x237-1.png","contentUrl":"https:\/\/iwell-guard.com\/wp-content\/uploads\/2026\/05\/Ittermann-Logo-1182x237-1.png","width":1182,"height":237,"caption":"Ittermann electronic GmbH"},"image":{"@id":"https:\/\/iwell-guard.com\/is\/#\/schema\/logo\/image\/"},"sameAs":["https:\/\/pantip.com\/profile\/9367242","https:\/\/micro.blog\/iwellguard","https:\/\/www.diggerslist.com\/iwellguard\/about","https:\/\/skitterphoto.com\/photographers\/2870314\/iwell-guard","https:\/\/iwellguard.wordpress.com\/2026\/06\/06\/iwell-guard\/","https:\/\/hub.docker.com\/u\/iwellguard","https:\/\/www.pinterest.com\/iwellguard\/","https:\/\/bit.ly\/m\/iwellguard","https:\/\/entre-vos-mains.alsace.eu\/profiles\/iwellguard\/activity","https:\/\/gravatar.com\/reallybeded8fd34","https:\/\/naijamatta.com\/iwellguard","https:\/\/www.goodreads.com\/iwellguard","https:\/\/profile.hatena.ne.jp\/iwellguard\/","https:\/\/experiment.com\/users\/iwellguard","https:\/\/wakelet.com\/@iWellGuard82270","https:\/\/www.chordie.com\/forum\/profile.php?id=2555664","https:\/\/www.instapaper.com\/p\/17757966","https:\/\/www.mapleprimes.com\/users\/iwellguard","https:\/\/businesslistingplus.com\/profile\/iwell-guard\/","https:\/\/telegra.ph\/iWell-Guard-06-06","https:\/\/pbase.com\/iwellguard\/iwellguard","https:\/\/b.hatena.ne.jp\/iwellguard\/20260607#bookmark-4788405196491818882","https:\/\/fliphtml5.com\/home\/iwellguard","https:\/\/anyflip.com\/homepage\/cmiwl#About","https:\/\/transfur.com\/Users\/iwellguard","http:\/\/delphi.larsbo.org\/user\/iwellguard","https:\/\/jobs.lajobsportal.org\/profiles\/8380803-iwell-guard","https:\/\/md.chaosdorf.de\/s\/jfbe5SBdJD","https:\/\/www.lingvolive.com\/en-us\/profile\/9ecaeaca-ce11-4e51-9e71-01d55e2bff36\/translations","https:\/\/www.fitday.com\/fitness\/forums\/members\/iwellguard.html","https:\/\/www.mymeetbook.com\/iwellguard","https:\/\/pxhere.com\/en\/photographer-me\/5040798","https:\/\/disqus.com\/by\/iwellguard\/about\/","https:\/\/pastelink.net\/hjwciqwq","https:\/\/pubhtml5.com\/homepage\/scjhn\/","https:\/\/www.bitchute.com\/channel\/2O2eOKzNqujT","https:\/\/audiomack.com\/iwellguard"]}]}},"_links":{"self":[{"href":"https:\/\/iwell-guard.com\/is\/wp-json\/wp\/v2\/pages\/169215","targetHints":{"allow":["GET"]}}],"collection":[{"href":"https:\/\/iwell-guard.com\/is\/wp-json\/wp\/v2\/pages"}],"about":[{"href":"https:\/\/iwell-guard.com\/is\/wp-json\/wp\/v2\/types\/page"}],"author":[{"embeddable":true,"href":"https:\/\/iwell-guard.com\/is\/wp-json\/wp\/v2\/users\/3"}],"replies":[{"embeddable":true,"href":"https:\/\/iwell-guard.com\/is\/wp-json\/wp\/v2\/comments?post=169215"}],"version-history":[{"count":0,"href":"https:\/\/iwell-guard.com\/is\/wp-json\/wp\/v2\/pages\/169215\/revisions"}],"wp:featuredmedia":[{"embeddable":true,"href":"https:\/\/iwell-guard.com\/is\/wp-json\/wp\/v2\/media\/3497"}],"wp:attachment":[{"href":"https:\/\/iwell-guard.com\/is\/wp-json\/wp\/v2\/media?parent=169215"}],"wp:term":[{"taxonomy":"category","embeddable":true,"href":"https:\/\/iwell-guard.com\/is\/wp-json\/wp\/v2\/categories?post=169215"}],"curies":[{"name":"wp","href":"https:\/\/api.w.org\/{rel}","templated":true}]}}