{"id":169214,"date":"2026-09-05T14:06:33","date_gmt":"2026-09-05T14:06:33","guid":{"rendered":"https:\/\/iwell-guard.com\/?page_id=169214"},"modified":"2026-09-05T14:35:11","modified_gmt":"2026-09-05T14:35:11","slug":"hond-guds-slavneskt-verndartakn","status":"publish","type":"page","link":"https:\/\/iwell-guard.com\/is\/hond-guds-slavneskt-verndartakn\/","title":{"rendered":"H\u00f6nd Gu\u00f0s \u2013 slavneska verndart\u00e1kni\u00f0 R\u0119ka Boga"},"content":{"rendered":"\t\t<div data-elementor-type=\"wp-page\" data-elementor-id=\"169214\" class=\"elementor elementor-169214 elementor-3706 elementor-bc-flex-widget\" data-elementor-post-type=\"page\">\n\t\t\t\t<div class=\"elementor-element elementor-element-iwgs-handgottes-hero e-flex e-con-boxed e-con e-parent\" data-id=\"iwgs-handgottes-hero\" data-element_type=\"container\" data-e-type=\"container\">\n\t\t\t\t\t<div class=\"e-con-inner\">\n\t\t<div class=\"elementor-element elementor-element-iwgs-handgottes-hl e-flex e-con-boxed e-con e-parent\" data-id=\"iwgs-handgottes-hl\" data-element_type=\"container\" data-e-type=\"container\">\n\t\t\t\t\t<div class=\"e-con-inner\">\n\t\t<div class=\"elementor-element elementor-element-iwgs-handgottes-hlbox e-con-full e-flex e-con e-parent\" data-id=\"iwgs-handgottes-hlbox\" data-element_type=\"container\" data-e-type=\"container\">\n\t\t\t\t<div class=\"elementor-element elementor-element-iwgs-handgottes-h1 elementor-widget elementor-widget-heading\" data-id=\"iwgs-handgottes-h1\" data-element_type=\"widget\" data-e-type=\"widget\" data-widget_type=\"heading.default\">\n\t\t\t\t\t<h1 class=\"elementor-heading-title elementor-size-default\">H\u00f6nd Gu\u00f0s \u2013 slavneskt verndart\u00e1kn og n\u00fat\u00edmamynd \u00feess<\/h1>\t\t\t\t<\/div>\n\t\t\t\t<div class=\"elementor-element elementor-element-iwgs-handgottes-lead elementor-widget elementor-widget-text-editor\" data-id=\"iwgs-handgottes-lead\" data-element_type=\"widget\" data-e-type=\"widget\" data-widget_type=\"text-editor.default\">\n\t\t\t\t\t\t\t\t\t<p>H\u00f6nd Gu\u00f0s, \u00e1 p\u00f3lsku R\u0119ka Boga, er slavneskt verndart\u00e1kn. N\u00faverandi \u00fatbreidd mynd \u00feess er \u00fe\u00f3 a\u00f0 mestu leyti n\u00fat\u00edmaleg endurger\u00f0. \u00deessi s\u00ed\u00f0a fer hreinskilnislega yfir t\u00e1kni\u00f0, \u00e1 milli sta\u00f0reynda og t\u00falkunar.<\/p>\t\t\t\t\t\t\t\t<\/div>\n\t\t\t\t<\/div>\n\t\t\t\t<div class=\"elementor-element elementor-element-iwgs-handgottes-pills elementor-widget elementor-widget-html\" data-id=\"iwgs-handgottes-pills\" data-element_type=\"widget\" data-e-type=\"widget\" data-widget_type=\"html.default\">\n\t\t\t\t\t<div class=\"iwg-pill-row\"><span class=\"iwg-klasse-badge\" tabindex=\"0\" data-tooltip=\"Verndart\u00e1kn, gripur e\u00f0a verndargripur gegn illum \u00f6flum.\">Verndart\u00e1kn<\/span><a href=\"https:\/\/iwell-guard.com\/is\/slavnesk\/\" class=\"iwg-kultur-badge\" tabindex=\"0\" data-tooltip=\"Verndarhef\u00f0: Slavnesk\">Slavnesk<\/a><span class=\"iwg-tradition-badge\" tabindex=\"0\" data-tooltip=\"T\u00e1kn sem \u00e1 a\u00f0 veita e\u00f0a s\u00fdna vernd.\">Verndart\u00e1kn<\/span><\/div>\t\t\t\t<\/div>\n\t\t\t\t\t<\/div>\n\t\t\t\t<\/div>\n\t\t<div class=\"elementor-element elementor-element-iwgs-handgottes-hr e-con-full e-flex e-con e-parent\" data-id=\"iwgs-handgottes-hr\" data-element_type=\"container\" data-e-type=\"container\">\n\t\t\t\t<div class=\"elementor-element elementor-element-iwgs-handgottes-himg iwg-hero-image elementor-widget elementor-widget-image\" data-id=\"iwgs-handgottes-himg\" data-element_type=\"widget\" data-e-type=\"widget\" data-widget_type=\"image.default\">\n\t\t\t\t\t\t\t\t\t\t\t\t\t\t\t<img fetchpriority=\"high\" decoding=\"async\" width=\"683\" height=\"1024\" src=\"https:\/\/iwell-guard.com\/wp-content\/uploads\/2026\/05\/schutzsymbol_slawisch_hand-gottes-683x1024.webp\" class=\"attachment-large size-large wp-image-170559\" alt=\"H\u00f6nd Gu\u00f0s \u2013 verndart\u00e1kn, safnfr\u00e6\u00f0ileg myndskreyting\" srcset=\"https:\/\/iwell-guard.com\/wp-content\/uploads\/2026\/05\/schutzsymbol_slawisch_hand-gottes-683x1024.webp 683w, https:\/\/iwell-guard.com\/wp-content\/uploads\/2026\/05\/schutzsymbol_slawisch_hand-gottes-200x300.webp 200w, https:\/\/iwell-guard.com\/wp-content\/uploads\/2026\/05\/schutzsymbol_slawisch_hand-gottes-768x1152.webp 768w, https:\/\/iwell-guard.com\/wp-content\/uploads\/2026\/05\/schutzsymbol_slawisch_hand-gottes.webp 1024w\" sizes=\"(max-width: 683px) 100vw, 683px\" \/>\t\t\t\t\t\t\t\t\t\t\t\t\t\t\t<\/div>\n\t\t\t\t<\/div>\n\t\t\t\t\t<\/div>\n\t\t\t\t<\/div>\n\t\t<div class=\"elementor-element elementor-element-iwgs-handgottes-s0 e-flex e-con-boxed e-con e-parent\" data-id=\"iwgs-handgottes-s0\" data-element_type=\"container\" data-e-type=\"container\">\n\t\t\t\t\t<div class=\"e-con-inner\">\n\t\t\t\t<div class=\"elementor-element elementor-element-iwgs-handgottes-s0h elementor-widget elementor-widget-heading\" data-id=\"iwgs-handgottes-s0h\" data-element_type=\"widget\" data-e-type=\"widget\" data-widget_type=\"heading.default\">\n\t\t\t\t\t<h2 class=\"elementor-heading-title elementor-size-default\">Yfirlit<\/h2>\t\t\t\t<\/div>\n\t\t<div class=\"elementor-element elementor-element-iwgs-handgottes-s0box e-con-full e-flex e-con e-parent\" data-id=\"iwgs-handgottes-s0box\" data-element_type=\"container\" data-e-type=\"container\">\n\t\t\t\t<div class=\"elementor-element elementor-element-iwgs-handgottes-s0t elementor-widget elementor-widget-text-editor\" data-id=\"iwgs-handgottes-s0t\" data-element_type=\"widget\" data-e-type=\"widget\" data-widget_type=\"text-editor.default\">\n\t\t\t\t\t\t\t\t\t<p>H\u00f6nd Gu\u00f0s er t\u00e1kn sem er tengt hinum <a href=\"https:\/\/iwell-guard.com\/is\/slavnesk\/\">slavneska<\/a> heimi. \u00c1 p\u00f3lsku ber \u00fea\u00f0 nafni\u00f0 R\u0119ka Boga, sem \u00fe\u00fd\u00f0ir b\u00f3kstaflega h\u00f6nd Gu\u00f0s.<\/p><p>T\u00e1kni\u00f0 er \u00ed dag oftast s\u00fdnt sem \u00f3hlutbundi\u00f0, ge\u00f3metr\u00edskt mynstur. \u00dea\u00f0 s\u00fdnir \u00e1kve\u00f0na uppr\u00f6\u00f0un l\u00edna sem \u00ed nokkrum \u00fatg\u00e1fum minnir \u00e1 h\u00f6nd e\u00f0a tr\u00e9.<\/p><p>H\u00f6nd Gu\u00f0s er skilin sem verndart\u00e1kn. \u00dev\u00ed er \u00e6tla\u00f0 a\u00f0 setja \u00feann sem ber \u00fea\u00f0, e\u00f0a sta\u00f0inn \u00fear sem \u00fea\u00f0 er komi\u00f0 fyrir, undir vernd \u00e6\u00f0sta gu\u00f0legs valds.<\/p><p>\u00de\u00f3 er s\u00e9rst\u00f6k var\u00fa\u00f0 nau\u00f0synleg gagnvart \u00feessu t\u00e1kni. N\u00faverandi \u00fatbreidd mynd \u00feess er a\u00f0 mestu leyti n\u00fat\u00edmaleg endurger\u00f0. Hana er ekki h\u00e6gt a\u00f0 rekja \u00e1n rofs til fornrar slavneskrar <span class=\"iwg-fachbegriff\" data-tooltip=\"Mi\u00f0lun \u00feekkingar og sagna milli kynsl\u00f3\u00f0a.\" tabindex=\"0\">munnm\u00e6lahef\u00f0ar<\/span>.<\/p><p>\u00cd <span class=\"iwg-fachbegriff\" data-tooltip=\"V\u00edsindagreinin sem rannsakar tr\u00faarbr\u00f6g\u00f0 samanbur\u00f0arlega og \u00e1n tr\u00faarlegrar afst\u00f6\u00f0u.\" tabindex=\"0\">tr\u00faarbrag\u00f0afr\u00e6\u00f0i<\/span> er H\u00f6nd Gu\u00f0s \u00feannig l\u00e6rd\u00f3msr\u00edkt d\u00e6mi. \u00dea\u00f0 s\u00fdnir hvernig \u00far st\u00f6kum fornum fundum, n\u00fat\u00edmalegum t\u00falkunum og hreyfingum s\u00ed\u00f0ari t\u00edma getur or\u00f0i\u00f0 til t\u00e1kn sem vir\u00f0ist fornt.<\/p><p>\u00deessi s\u00ed\u00f0a fjallar um H\u00f6nd Gu\u00f0s \u00fat fr\u00e1 verndarsj\u00f3narmi\u00f0i. H\u00fan gerir \u00fea\u00f0 me\u00f0 sk\u00fdrri hreinskilni og gerir vandlega greinarmun \u00e1 \u00fev\u00ed sem er sta\u00f0fest og \u00fev\u00ed sem er n\u00fat\u00edmaleg t\u00falkun.<\/p>\t\t\t\t\t\t\t\t<\/div>\n\t\t\t\t<\/div>\n\t\t\t\t\t<\/div>\n\t\t\t\t<\/div>\n\t\t<div class=\"elementor-element elementor-element-iwgs-handgottes-s1 e-flex e-con-boxed e-con e-parent\" data-id=\"iwgs-handgottes-s1\" data-element_type=\"container\" data-e-type=\"container\">\n\t\t\t\t\t<div class=\"e-con-inner\">\n\t\t\t\t<div class=\"elementor-element elementor-element-iwgs-handgottes-s1h elementor-widget elementor-widget-heading\" data-id=\"iwgs-handgottes-s1h\" data-element_type=\"widget\" data-e-type=\"widget\" data-widget_type=\"heading.default\">\n\t\t\t\t\t<h2 class=\"elementor-heading-title elementor-size-default\">Vandinn vi\u00f0 munnm\u00e6lahef\u00f0ina<\/h2>\t\t\t\t<\/div>\n\t\t<div class=\"elementor-element elementor-element-iwgs-handgottes-s1box e-con-full e-flex e-con e-parent\" data-id=\"iwgs-handgottes-s1box\" data-element_type=\"container\" data-e-type=\"container\">\n\t\t\t\t<div class=\"elementor-element elementor-element-iwgs-handgottes-s1t elementor-widget elementor-widget-text-editor\" data-id=\"iwgs-handgottes-s1t\" data-element_type=\"widget\" data-e-type=\"widget\" data-widget_type=\"text-editor.default\">\n\t\t\t\t\t\t\t\t\t<p>Til a\u00f0 skilja H\u00f6nd Gu\u00f0s \u00fearf fyrst a\u00f0 \u00feekkja vandann vi\u00f0 hina slavnesku <span class=\"iwg-fachbegriff\" data-tooltip=\"Mi\u00f0lun \u00feekkingar og sagna milli kynsl\u00f3\u00f0a.\" tabindex=\"0\">munnm\u00e6lahef\u00f0<\/span>. Um hei\u00f0na tr\u00fa Slava fyrir kristnit\u00f6ku er l\u00edti\u00f0 vita\u00f0 me\u00f0 vissu.<\/p><p>Hei\u00f0nir Slavar l\u00e9tu ekki eftir sig eigin skrifleg vitni um tr\u00fa s\u00edna. Engir textar eru til, skrifa\u00f0ir af \u00feeim sj\u00e1lfum, sem l\u00fdsa gu\u00f0um \u00feeirra, t\u00e1knum og si\u00f0um.<\/p><p>\u00dea\u00f0 sem vita\u00f0 er kemur \u00far annarri hendi. \u00dea\u00f0 eru fr\u00e1sagnir kristinna skrifara, fornleifafundir og \u00e1lyktanir dregnar af s\u00ed\u00f0ari t\u00edma \u00fej\u00f3\u00f0menningu. Hver \u00feessara heimilda er takm\u00f6rku\u00f0 og krefst var\u00fa\u00f0ar \u00ed lestri.<\/p><p>Fyrir slavnesk verndart\u00e1kn \u00fe\u00fd\u00f0ir \u00feetta grundvallarvanda. \u00d3l\u00edkt hinum <span class=\"iwg-fachbegriff\" data-tooltip=\"T\u00edmabil gr\u00edskrar og r\u00f3mverskrar menningar, um 800 f.Kr. til 600 e.Kr.\" tabindex=\"0\">forna<\/span> heimi skortir \u00edtarlegar l\u00fdsingar. Margt ver\u00f0ur a\u00f0 r\u00e1\u00f0a af f\u00e1um fundum.<\/p><p>\u00deessi sta\u00f0a snertir H\u00f6nd Gu\u00f0s s\u00e9rstaklega. Ekkert sk\u00fdrt var\u00f0veitt fornt t\u00e1kn me\u00f0 \u00feessu nafni og \u00feessari f\u00f6stu mynd er unnt a\u00f0 sta\u00f0festa \u00fat fr\u00e1 heimildunum \u00e1n frekari fyrirvara.<\/p><p>Hreinskilin framsetning ver\u00f0ur \u00fev\u00ed a\u00f0 byrja \u00e1 vanda <span class=\"iwg-fachbegriff\" data-tooltip=\"Mi\u00f0lun \u00feekkingar og sagna milli kynsl\u00f3\u00f0a.\" tabindex=\"0\">munnm\u00e6lahef\u00f0arinnar<\/span>. Ey\u00f0ur \u00ed \u00feekkingunni eru ekki aukaatri\u00f0i heldur lykillinn a\u00f0 r\u00e9ttum skilningi \u00e1 \u00feessu t\u00e1kni.<\/p>\t\t\t\t\t\t\t\t<\/div>\n\t\t\t\t<\/div>\n\t\t\t\t\t<\/div>\n\t\t\t\t<\/div>\n\t\t<div class=\"elementor-element elementor-element-iwgs-handgottes-s2 e-flex e-con-boxed e-con e-parent\" data-id=\"iwgs-handgottes-s2\" data-element_type=\"container\" data-e-type=\"container\">\n\t\t\t\t\t<div class=\"e-con-inner\">\n\t\t\t\t<div class=\"elementor-element elementor-element-iwgs-handgottes-s2h elementor-widget elementor-widget-heading\" data-id=\"iwgs-handgottes-s2h\" data-element_type=\"widget\" data-e-type=\"widget\" data-widget_type=\"heading.default\">\n\t\t\t\t\t<h2 class=\"elementor-heading-title elementor-size-default\">Fornleifafundir<\/h2>\t\t\t\t<\/div>\n\t\t<div class=\"elementor-element elementor-element-iwgs-handgottes-s2box e-con-full e-flex e-con e-parent\" data-id=\"iwgs-handgottes-s2box\" data-element_type=\"container\" data-e-type=\"container\">\n\t\t\t\t<div class=\"elementor-element elementor-element-iwgs-handgottes-s2t elementor-widget elementor-widget-text-editor\" data-id=\"iwgs-handgottes-s2t\" data-element_type=\"widget\" data-e-type=\"widget\" data-widget_type=\"text-editor.default\">\n\t\t\t\t\t\t\t\t\t<p>Upphafspunktur t\u00e1knsins H\u00f6nd Gu\u00f0s er fornleifafundur. Vi\u00f0 uppgr\u00f6ft fundust gripir sem bera \u00e1kve\u00f0i\u00f0 mynstur.<\/p><p>T\u00e1kni\u00f0 er tengt fyrst og fremst fundi fr\u00e1 sv\u00e6\u00f0i fornrar slavneskrar borgarvirkis. Gripur sem fannst \u00fear ber \u00edgreipt ge\u00f3metr\u00edskt mynstur.<\/p><p>\u00deetta mynstur er \u00f3hlutbundi\u00f0. \u00dea\u00f0 samanstendur af l\u00ednum sem standa \u00ed \u00e1kve\u00f0inni uppr\u00f6\u00f0un hver gagnvart annarri. Hva\u00f0a merking var l\u00f6g\u00f0 \u00ed uppr\u00f6\u00f0unina kemur ekki fram af fundinum sj\u00e1lfum.<\/p><p>Fundurinn sta\u00f0festir \u00feannig einungis eitt, a\u00f0 sl\u00edkt mynstur hafi komi\u00f0 fram \u00ed slavnesku samhengi. Um merkingu \u00feess, nafn og notkun segir gripurinn sj\u00e1lfur ekkert.<\/p><p>\u00dea\u00f0 er hugsanlegt a\u00f0 mynstri\u00f0 hafi haft merkingu, m\u00f6gulega verndandi. \u00dea\u00f0 er jafn hugsanlegt a\u00f0 \u00fea\u00f0 hafi veri\u00f0 skrautt\u00e1kn e\u00f0a eignart\u00e1kn. Fundurinn einn og s\u00e9r l\u00e6tur \u00feessar spurningar opnar.<\/p><p>Fornleifafundurinn er \u00feannig r\u00fdr. Hann sta\u00f0festir mynstur, en hann veitir hvorki nafni\u00f0 H\u00f6nd Gu\u00f0s n\u00e9 sta\u00f0festa verndarmerkingu. B\u00e6\u00f0i b\u00e6ttust vi\u00f0 s\u00ed\u00f0ar.<\/p>\t\t\t\t\t\t\t\t<\/div>\n\t\t\t\t<\/div>\n\t\t\t\t\t<\/div>\n\t\t\t\t<\/div>\n\t\t<div class=\"elementor-element elementor-element-iwgs-handgottes-s3 e-flex e-con-boxed e-con e-parent\" data-id=\"iwgs-handgottes-s3\" data-element_type=\"container\" data-e-type=\"container\">\n\t\t\t\t\t<div class=\"e-con-inner\">\n\t\t\t\t<div class=\"elementor-element elementor-element-iwgs-handgottes-s3h elementor-widget elementor-widget-heading\" data-id=\"iwgs-handgottes-s3h\" data-element_type=\"widget\" data-e-type=\"widget\" data-widget_type=\"heading.default\">\n\t\t\t\t\t<h2 class=\"elementor-heading-title elementor-size-default\">Fr\u00e1 t\u00falkun til endurger\u00f0ar<\/h2>\t\t\t\t<\/div>\n\t\t<div class=\"elementor-element elementor-element-iwgs-handgottes-s3box e-con-full e-flex e-con e-parent\" data-id=\"iwgs-handgottes-s3box\" data-element_type=\"container\" data-e-type=\"container\">\n\t\t\t\t<div class=\"elementor-element elementor-element-iwgs-handgottes-s3t elementor-widget elementor-widget-text-editor\" data-id=\"iwgs-handgottes-s3t\" data-element_type=\"widget\" data-e-type=\"widget\" data-widget_type=\"text-editor.default\">\n\t\t\t\t\t\t\t\t\t<p>\u00dar hinum r\u00fdra fornleifafundi hefur n\u00faverandi t\u00e1kn, H\u00f6nd Gu\u00f0s, or\u00f0i\u00f0 til \u00ed gegnum nokkur skref t\u00falkunar og endurger\u00f0ar.<\/p><p>Fyrsta skrefi\u00f0 var t\u00falkun mynstursins sem fannst. Fr\u00e6\u00f0imenn og t\u00falkendur sko\u00f0u\u00f0u hi\u00f0 \u00f3hlutbundna mynstur og l\u00f6g\u00f0u \u00ed \u00fea\u00f0 merkingu. \u00deannig var\u00f0 til lesturinn sem h\u00f6nd e\u00f0a gu\u00f0legt t\u00e1kn.<\/p><p>Anna\u00f0 skrefi\u00f0 var nafngiftin. Hi\u00f0 t\u00falka\u00f0a mynstur f\u00e9kk nafni\u00f0 H\u00f6nd Gu\u00f0s, R\u0119ka Boga. \u00deetta nafn tj\u00e1ir t\u00falkun, \u00fea\u00f0 er ekki var\u00f0veitt \u00ed fornri heimild.<\/p><p>\u00deri\u00f0ja skrefi\u00f0 var f\u00f6st \u00fatf\u00e6rsla. \u00dar mynstrinu var m\u00f3ta\u00f0 sk\u00fdrt teikna\u00f0, reglulegt t\u00e1kn, eins og \u00fea\u00f0 birtist \u00ed dag \u00e1 skartgripum og \u00ed myndum.<\/p><p>\u00deessi skref eru n\u00fat\u00edmaleg skref. \u00deau heyra n\u00edtj\u00e1ndu og fyrst og fremst tuttugustu og tuttugustu og fyrstu \u00f6ldinni til, ekki hinum forna slavneska heimi.<\/p><p>H\u00f6nd Gu\u00f0s \u00ed n\u00faverandi mynd sinni er \u00feannig endurger\u00f0. Fornur fundur myndar upphafspunktinn, en fullb\u00fai\u00f0, nefnt og t\u00falka\u00f0 t\u00e1kni\u00f0 er n\u00fat\u00edmalegt verk.<\/p>\t\t\t\t\t\t\t\t<\/div>\n\t\t\t\t<\/div>\n\t\t\t\t\t<\/div>\n\t\t\t\t<\/div>\n\t\t<div class=\"elementor-element elementor-element-iwgs-handgottes-s4 e-flex e-con-boxed e-con e-parent\" data-id=\"iwgs-handgottes-s4\" data-element_type=\"container\" data-e-type=\"container\">\n\t\t\t\t\t<div class=\"e-con-inner\">\n\t\t\t\t<div class=\"elementor-element elementor-element-iwgs-handgottes-s4h elementor-widget elementor-widget-heading\" data-id=\"iwgs-handgottes-s4h\" data-element_type=\"widget\" data-e-type=\"widget\" data-widget_type=\"heading.default\">\n\t\t\t\t\t<h2 class=\"elementor-heading-title elementor-size-default\">Hva\u00f0 er n\u00fat\u00edmalegt vi\u00f0 t\u00e1kni\u00f0<\/h2>\t\t\t\t<\/div>\n\t\t<div class=\"elementor-element elementor-element-iwgs-handgottes-s4box e-con-full e-flex e-con e-parent\" data-id=\"iwgs-handgottes-s4box\" data-element_type=\"container\" data-e-type=\"container\">\n\t\t\t\t<div class=\"elementor-element elementor-element-iwgs-handgottes-s4t elementor-widget elementor-widget-text-editor\" data-id=\"iwgs-handgottes-s4t\" data-element_type=\"widget\" data-e-type=\"widget\" data-widget_type=\"text-editor.default\">\n\t\t\t\t\t\t\t\t\t<p>\u00dea\u00f0 er gagnlegt a\u00f0 tilgreina sk\u00fdrt hva\u00f0a \u00fe\u00e6ttir t\u00e1kns Gu\u00f0shandarins eru n\u00fat\u00edmalegir. \u00deannig er unnt a\u00f0 setja t\u00e1kni\u00f0 \u00ed e\u00f0lilegt og hei\u00f0arlegt samhengi.<\/p><p>Nafni\u00f0 er n\u00fat\u00edmalegt. Nafngiftin Gu\u00f0sh\u00f6ndin e\u00f0a R\u0119ka Boga er n\u00fat\u00edmaleg tilnefning. H\u00fan er ekki var\u00f0veitt fr\u00e1 fornri slavneskri heimild, heldur endurspeglar h\u00fan s\u00ed\u00f0ari t\u00edma t\u00falkun.<\/p><p>F\u00f6st, regluleg mynd t\u00e1knsins er n\u00fat\u00edmaleg. Sk\u00fdrt teikna\u00f0, samhverft t\u00e1kn, eins og \u00fea\u00f0 er algengt \u00ed dag, er n\u00fat\u00edmaleg \u00fatf\u00e6rsla. Fornleifafundurinn s\u00fdnir \u00f3reglulegra mynstur.<\/p><p>T\u00falkunin er n\u00fat\u00edmaleg. A\u00f0 skilja t\u00e1kni\u00f0 sem h\u00f6nd \u00e6\u00f0stu <span class=\"iwg-fachbegriff\" data-tooltip=\"Vera sem er d\u00fdrku\u00f0 sem gu\u00f0leg innan tr\u00faarbrag\u00f0a.\" tabindex=\"0\">gu\u00f0d\u00f3ms<\/span> og sem verndart\u00e1kn er n\u00fat\u00edmaleg t\u00falkun. H\u00fan byggir \u00e1 tilg\u00e1tu, ekki \u00e1 var\u00f0veittum heimildum.<\/p><p>Samhengi\u00f0 sem t\u00e1kni\u00f0 er sett \u00ed \u00ed dag er einnig n\u00fat\u00edmalegt. \u00dea\u00f0 er hluti af n\u00fdlegri endurvakningu slavneskra hugmynda sem h\u00f3fst \u00e1 tuttugustu \u00f6ld.<\/p><p>\u00dea\u00f0 sem er fornt er a\u00f0eins fornleifafundurinn sj\u00e1lfur, mynstri\u00f0 sem fannst. Allt anna\u00f0, nafni\u00f0, hin fasta mynd, t\u00falkunin og n\u00faverandi samhengi, er n\u00fat\u00edmalegt.<\/p>\t\t\t\t\t\t\t\t<\/div>\n\t\t\t\t<\/div>\n\t\t\t\t\t<\/div>\n\t\t\t\t<\/div>\n\t\t<div class=\"elementor-element elementor-element-iwgs-handgottes-s5 e-flex e-con-boxed e-con e-parent\" data-id=\"iwgs-handgottes-s5\" data-element_type=\"container\" data-e-type=\"container\">\n\t\t\t\t\t<div class=\"e-con-inner\">\n\t\t\t\t<div class=\"elementor-element elementor-element-iwgs-handgottes-s5h elementor-widget elementor-widget-heading\" data-id=\"iwgs-handgottes-s5h\" data-element_type=\"widget\" data-e-type=\"widget\" data-widget_type=\"heading.default\">\n\t\t\t\t\t<h2 class=\"elementor-heading-title elementor-size-default\">Gu\u00f0sh\u00f6ndin \u00ed n\u00fdslavneskri hreyfingu<\/h2>\t\t\t\t<\/div>\n\t\t<div class=\"elementor-element elementor-element-iwgs-handgottes-s5box e-con-full e-flex e-con e-parent\" data-id=\"iwgs-handgottes-s5box\" data-element_type=\"container\" data-e-type=\"container\">\n\t\t\t\t<div class=\"elementor-element elementor-element-iwgs-handgottes-s5t elementor-widget elementor-widget-text-editor\" data-id=\"iwgs-handgottes-s5t\" data-element_type=\"widget\" data-e-type=\"widget\" data-widget_type=\"text-editor.default\">\n\t\t\t\t\t\t\t\t\t<p>N\u00faverandi samhengi t\u00e1knsins Gu\u00f0sh\u00f6ndin er n\u00fdslavneska hreyfingin. \u00deetta er n\u00fdleg hreyfing sem vill endurvekja fornar slavneskar hugmyndir.<\/p><p>Hreyfingin var\u00f0 til \u00e1 tuttugustu \u00f6ld og hefur \u00fer\u00f3ast \u00e1fram fr\u00e1 \u00feeim t\u00edma. H\u00fan leitast vi\u00f0 a\u00f0 taka upp forkristna slavneska tr\u00fa og m\u00f3ta hana \u00ed n\u00fat\u00edmalegt form.<\/p><p>Sl\u00edk endurvakning stendur frammi fyrir grundvallarvanda. \u00dear sem forn <span class=\"iwg-fachbegriff\" data-tooltip=\"Mi\u00f0lun \u00feekkingar og sagna milli kynsl\u00f3\u00f0a.\" tabindex=\"0\">munnm\u00e6lahef\u00f0<\/span> er brotakennd ver\u00f0ur hreyfingin a\u00f0 fylla upp \u00ed ey\u00f0ur, t\u00falka og skapa a\u00f0 n\u00fdju.<\/p><p>T\u00e1kn eins og Gu\u00f0sh\u00f6ndin gegna mikilv\u00e6gu hlutverki \u00ed \u00feessari hreyfingu. \u00deau gefa hreyfingunni s\u00fdnileg t\u00e1kn. Gu\u00f0sh\u00f6ndin er or\u00f0i\u00f0 eitt kunnasta \u00feessara t\u00e1kna.<\/p><p>Mikilv\u00e6gt er a\u00f0 hafa \u00ed huga a\u00f0 \u00feessi hreyfing hefur ekki a\u00f0eins var\u00f0veitt t\u00e1knin heldur einnig m\u00f3ta\u00f0 \u00feau. F\u00f6st mynd og t\u00falkun Gu\u00f0shandarins ur\u00f0u til \u00ed \u00feessu samhengi.<\/p><p>Gu\u00f0sh\u00f6ndin er \u00feannig n\u00e1tengd n\u00fdslavnesku hreyfingunni. H\u00fan er ekki svo miki\u00f0 vitnisbur\u00f0ur um forna slavneska heiminn heldur t\u00e1kn n\u00fdlegrar umfj\u00f6llunar um \u00feennan heim.<\/p>\t\t\t\t\t\t\t\t<\/div>\n\t\t\t\t<\/div>\n\t\t\t\t\t<\/div>\n\t\t\t\t<\/div>\n\t\t<div class=\"elementor-element elementor-element-iwgs-handgottes-s6 e-flex e-con-boxed e-con e-parent\" data-id=\"iwgs-handgottes-s6\" data-element_type=\"container\" data-e-type=\"container\">\n\t\t\t\t\t<div class=\"e-con-inner\">\n\t\t\t\t<div class=\"elementor-element elementor-element-iwgs-handgottes-s6h elementor-widget elementor-widget-heading\" data-id=\"iwgs-handgottes-s6h\" data-element_type=\"widget\" data-e-type=\"widget\" data-widget_type=\"heading.default\">\n\t\t\t\t\t<h2 class=\"elementor-heading-title elementor-size-default\">Gu\u00f0sh\u00f6ndin og \u00f6nnur slavnesk t\u00e1kn<\/h2>\t\t\t\t<\/div>\n\t\t<div class=\"elementor-element elementor-element-iwgs-handgottes-s6box e-con-full e-flex e-con e-parent\" data-id=\"iwgs-handgottes-s6box\" data-element_type=\"container\" data-e-type=\"container\">\n\t\t\t\t<div class=\"elementor-element elementor-element-iwgs-handgottes-s6t elementor-widget elementor-widget-text-editor\" data-id=\"iwgs-handgottes-s6t\" data-element_type=\"widget\" data-e-type=\"widget\" data-widget_type=\"text-editor.default\">\n\t\t\t\t\t\t\t\t\t<p>Gu\u00f0sh\u00f6ndin stendur ekki eins\u00f6mul. H\u00fan tilheyrir r\u00f6\u00f0 t\u00e1kna sem eru \u00ed dag \u00fatbreidd sem slavnesk verndar- og tr\u00faart\u00e1kn.<\/p><p>N\u00e1skylt er s\u00f3larhj\u00f3li\u00f0, kolovrat, hj\u00f3llaga t\u00e1kn sem tengt er s\u00f3linni og gangi \u00e1rsins. \u00dea\u00f0 er kynnt \u00e1 s\u00ed\u00f0unni um <a href=\"https:\/\/iwell-guard.com\/is\/?page_id=169155\">kolovrat<\/a>.<\/p><p>Enn n\u00e1tengdari eru \u00ferumut\u00e1knin, hj\u00f3l- e\u00f0a stj\u00f6rnulaga mynstur sem tengd eru \u00ferumugu\u00f0inum og fjalla\u00f0 er um \u00e1 s\u00ed\u00f0unni um <a href=\"https:\/\/iwell-guard.com\/is\/?page_id=169176\">\u00ferumut\u00e1knin<\/a>.<\/p><p>Vi\u00f0 m\u00f6rg \u00feessara t\u00e1kna kemur upp sama spurning og vi\u00f0 Gu\u00f0sh\u00f6ndina. Hversu miki\u00f0 af n\u00faverandi mynd \u00feeirra er fornt, og hversu miki\u00f0 er n\u00fat\u00edmaleg t\u00falkun og endurger\u00f0?<\/p><p>Svari\u00f0 er misjafnt milli t\u00e1kna. Sum t\u00e1kn hafa v\u00ed\u00f0t\u00e6kari grundv\u00f6ll \u00ed fornri <span class=\"iwg-fachbegriff\" data-tooltip=\"Mi\u00f0lun \u00feekkingar og sagna milli kynsl\u00f3\u00f0a.\" tabindex=\"0\">munnm\u00e6lahef\u00f0<\/span>, \u00f6nnur, eins og Gu\u00f0sh\u00f6ndin, eru \u00ed n\u00faverandi mynd sinni mun sterkar m\u00f3tu\u00f0 af n\u00fat\u00edmanum.<\/p><p>Gu\u00f0sh\u00f6ndin er \u00feannig me\u00f0al slavneskra t\u00e1kna d\u00e6mi um tilvik \u00fear sem n\u00fat\u00edmaleg m\u00f3tun er s\u00e9rstaklega sterk. H\u00fan krefst \u00feess vegna s\u00e9rstaklega vanda\u00f0rar og hei\u00f0arlegrar \u00farvinnslu.<\/p>\t\t\t\t\t\t\t\t<\/div>\n\t\t\t\t<\/div>\n\t\t\t\t\t<\/div>\n\t\t\t\t<\/div>\n\t\t<div class=\"elementor-element elementor-element-iwgs-handgottes-s7 e-flex e-con-boxed e-con e-parent\" data-id=\"iwgs-handgottes-s7\" data-element_type=\"container\" data-e-type=\"container\">\n\t\t\t\t\t<div class=\"e-con-inner\">\n\t\t\t\t<div class=\"elementor-element elementor-element-iwgs-handgottes-s7h elementor-widget elementor-widget-heading\" data-id=\"iwgs-handgottes-s7h\" data-element_type=\"widget\" data-e-type=\"widget\" data-widget_type=\"heading.default\">\n\t\t\t\t\t<h2 class=\"elementor-heading-title elementor-size-default\">Hvers vegna hei\u00f0arleg \u00farvinnsla skiptir m\u00e1li<\/h2>\t\t\t\t<\/div>\n\t\t<div class=\"elementor-element elementor-element-iwgs-handgottes-s7box e-con-full e-flex e-con e-parent\" data-id=\"iwgs-handgottes-s7box\" data-element_type=\"container\" data-e-type=\"container\">\n\t\t\t\t<div class=\"elementor-element elementor-element-iwgs-handgottes-s7t elementor-widget elementor-widget-text-editor\" data-id=\"iwgs-handgottes-s7t\" data-element_type=\"widget\" data-e-type=\"widget\" data-widget_type=\"text-editor.default\">\n\t\t\t\t\t\t\t\t\t<p>\u00dea\u00f0 er mikilv\u00e6gt a\u00f0 \u00fatsk\u00fdra hvers vegna hei\u00f0arleg \u00farvinnsla t\u00e1knsins Gu\u00f0sh\u00f6ndin er nau\u00f0synleg og m\u00e1 ekki teljast aukaatri\u00f0i.<\/p><p>T\u00e1kn eins og Gu\u00f0sh\u00f6ndin eru \u00ed dag oft kynnt sem forneskjuleg. S\u00e1 sem sko\u00f0ar \u00feau \u00e1 a\u00f0 f\u00e1 \u00fe\u00e1 tilfinningu a\u00f0 h\u00e9r s\u00e9 um \u00f3breytta arfleif\u00f0 fr\u00e1 fornum slavneskum heimi a\u00f0 r\u00e6\u00f0a.<\/p><p>\u00deessi tilfinning er villandi. H\u00fan \u00feegir yfir n\u00fat\u00edmalegum skrefum t\u00falkunar, nafngiftar og m\u00f3tunar. H\u00fan breytir n\u00fat\u00edmalegri endurger\u00f0 \u00ed vitnisbur\u00f0 sem vir\u00f0ist fornaldarlegur.<\/p><p>Hlutl\u00e6g framsetning \u00fearf a\u00f0 lei\u00f0r\u00e9tta \u00feessa tilfinningu. \u00dea\u00f0 er ekki gert til a\u00f0 r\u00fdra t\u00e1kni\u00f0, heldur til a\u00f0 skilja \u00fea\u00f0 r\u00e9ttilega. N\u00fat\u00edmaleg endurger\u00f0 er ekki minna vir\u00f0i, h\u00fan er einfaldlega anna\u00f0 en fornt vitni.<\/p><p>Hei\u00f0arleikinn \u00fej\u00f3nar \u00feannig skilningi. Hann s\u00fdnir Gu\u00f0sh\u00f6ndina sem \u00fea\u00f0 sem h\u00fan er, t\u00e1kn n\u00fdlegrar umfj\u00f6llunar um slavneska heiminn sem tekur fornan fund sem upphafspunkt.<\/p><p>Gu\u00f0sh\u00f6ndin er \u00feannig l\u00e6rd\u00f3msr\u00edkt d\u00e6mi. \u00dea\u00f0 s\u00fdnir a\u00f0 spurningin um aldur t\u00e1knsins ver\u00f0ur alltaf a\u00f0 vera spur\u00f0 og a\u00f0 hei\u00f0arlegt svar \u00fej\u00f3nar skilningi.<\/p>\t\t\t\t\t\t\t\t<\/div>\n\t\t\t\t<\/div>\n\t\t\t\t\t<\/div>\n\t\t\t\t<\/div>\n\t\t<div class=\"elementor-element elementor-element-iwgs-handgottes-s8 e-flex e-con-boxed e-con e-parent\" data-id=\"iwgs-handgottes-s8\" data-element_type=\"container\" data-e-type=\"container\">\n\t\t\t\t\t<div class=\"e-con-inner\">\n\t\t\t\t<div class=\"elementor-element elementor-element-iwgs-handgottes-s8h elementor-widget elementor-widget-heading\" data-id=\"iwgs-handgottes-s8h\" data-element_type=\"widget\" data-e-type=\"widget\" data-widget_type=\"heading.default\">\n\t\t\t\t\t<h2 class=\"elementor-heading-title elementor-size-default\">M\u00f3tt\u00f6kur \u00ed dag<\/h2>\t\t\t\t<\/div>\n\t\t<div class=\"elementor-element elementor-element-iwgs-handgottes-s8box e-con-full e-flex e-con e-parent\" data-id=\"iwgs-handgottes-s8box\" data-element_type=\"container\" data-e-type=\"container\">\n\t\t\t\t<div class=\"elementor-element elementor-element-iwgs-handgottes-s8t elementor-widget elementor-widget-text-editor\" data-id=\"iwgs-handgottes-s8t\" data-element_type=\"widget\" data-e-type=\"widget\" data-widget_type=\"text-editor.default\">\n\t\t\t\t\t\t\t\t\t<p>Gu\u00f0sh\u00f6ndin er \u00ed dag \u00fatbreitt t\u00e1kn, s\u00e9rstaklega \u00e1 p\u00f3lsku sv\u00e6\u00f0i og \u00ed \u00feeim h\u00f3pum sem hafa \u00e1huga \u00e1 slavneska heiminum.<\/p><p>T\u00e1kni\u00f0 er bori\u00f0 sem skartgripur. Hengi og a\u00f0rir skartgripir me\u00f0 mynstri Gu\u00f0shandarins eru framleiddir og bornir sem verndar- og tr\u00faart\u00e1kn.<\/p><p>\u00cd n\u00fdslavnesku hreyfingunni hefur Gu\u00f0sh\u00f6ndin fastan sess. \u00dear er h\u00fan t\u00e1kn tilheyrslu og tengsla vi\u00f0 hinar endurv\u00f6ktu slavnesku hugmyndir.<\/p><p>Utan \u00feessara h\u00f3pa hefur t\u00e1kni\u00f0 or\u00f0i\u00f0 kunnugt sem almennt slavneskt verndart\u00e1kn. Margir bera \u00fea\u00f0 \u00e1n \u00feess a\u00f0 spyrja um aldur \u00feess.<\/p><p>Fyrir <span class=\"iwg-fachbegriff\" data-tooltip=\"Fr\u00e6\u00f0igrein sem rannsakar tr\u00faarbr\u00f6g\u00f0 samanbur\u00f0arlega og \u00e1n tr\u00faarlegrar skuldbindingar.\" tabindex=\"0\">tr\u00faarbrag\u00f0afr\u00e6\u00f0i<\/span> er Gu\u00f0sh\u00f6ndin \u00e1fram l\u00e6rd\u00f3msr\u00edkt vi\u00f0fangsefni. H\u00fan s\u00fdnir hvernig fundur, t\u00falkun og n\u00fat\u00edmaleg hreyfing skapa saman t\u00e1kn sem vir\u00f0ist fornt.<\/p><p>Gu\u00f0sh\u00f6ndin er \u00feannig d\u00e6mi sem \u00fearf a\u00f0 setja fram af hei\u00f0arleika. H\u00fan er slavneskt verndart\u00e1kn, en \u00ed n\u00faverandi mynd sinni a\u00f0 miklu leyti n\u00fat\u00edmaleg endurger\u00f0 sem tekur fornan fund sem upphafspunkt.<\/p>\t\t\t\t\t\t\t\t<\/div>\n\t\t\t\t<\/div>\n\t\t\t\t\t<\/div>\n\t\t\t\t<\/div>\n\t\t<div class=\"elementor-element elementor-element-iwgs-handgottes-lit e-flex e-con-boxed e-con e-parent\" data-id=\"iwgs-handgottes-lit\" data-element_type=\"container\" data-e-type=\"container\">\n\t\t\t\t\t<div class=\"e-con-inner\">\n\t\t\t\t<div class=\"elementor-element elementor-element-iwgs-handgottes-lith elementor-widget elementor-widget-heading\" data-id=\"iwgs-handgottes-lith\" data-element_type=\"widget\" data-e-type=\"widget\" data-widget_type=\"heading.default\">\n\t\t\t\t\t<h2 class=\"elementor-heading-title elementor-size-default\">Heimildir (\u00farval)<\/h2>\t\t\t\t<\/div>\n\t\t<div class=\"elementor-element elementor-element-iwgs-handgottes-litbox e-con-full e-flex e-con e-parent\" data-id=\"iwgs-handgottes-litbox\" data-element_type=\"container\" data-e-type=\"container\">\n\t\t\t\t<div class=\"elementor-element elementor-element-iwgs-handgottes-litt elementor-widget elementor-widget-html\" data-id=\"iwgs-handgottes-litt\" data-element_type=\"widget\" data-e-type=\"widget\" data-widget_type=\"html.default\">\n\t\t\t\t\t<footer data-nosnippet=\"true\"><ul><li>Aleksander Gieysztor: <em>Mitologia S\u0142owian<\/em> (1982)<\/li><li>Andrzej Szyjewski: <em>Religia S\u0142owian<\/em> (2003)<\/li><li>Leszek Pawe\u0142 S\u0142upecki: <em>Slavonic Pagan Sanctuaries<\/em> (1994)<\/li><li>Stanis\u0142aw Urba\u0144czyk: <em>Dawni S\u0142owianie. Wiara i kult<\/em> (1991)<\/li><li>Karl Heinrich Meyer: <em>Fontes historiae religionis Slavicae<\/em> (1931)<\/li><\/ul><\/footer>\t\t\t\t<\/div>\n\t\t\t\t<\/div>\n\t\t\t\t\t<\/div>\n\t\t\t\t<\/div>\n\t\t<div class=\"elementor-element elementor-element-iwgs-handgottes-kwd e-flex e-con-boxed e-con e-parent\" data-id=\"iwgs-handgottes-kwd\" data-element_type=\"container\" data-e-type=\"container\">\n\t\t\t\t\t<div class=\"e-con-inner\">\n\t\t\t\t<div class=\"elementor-element elementor-element-iwgs-handgottes-kwdt elementor-widget elementor-widget-text-editor\" data-id=\"iwgs-handgottes-kwdt\" data-element_type=\"widget\" data-e-type=\"widget\" data-widget_type=\"text-editor.default\">\n\t\t\t\t\t\t\t\t\t<p><em>Tengd leitaror\u00f0: H\u00f6nd Gu\u00f0s R\u0119ka Boga slavneskt varnart\u00e1kn endursk\u00f6pun n\u00fdslavnesk hreyfing fornleifafundur <span class=\"iwg-fachbegriff\" data-tooltip=\"Mi\u00f0lun \u00feekkingar og fr\u00e1sagna milli kynsl\u00f3\u00f0a.\" tabindex=\"0\">munnm\u00e6li<\/span> t\u00falkun.<\/em><\/p>\t\t\t\t\t\t\t\t<\/div>\n\t\t\t\t\t<\/div>\n\t\t\t\t<\/div>\n\t\t<div class=\"elementor-element elementor-element-iwgs-handgottes-cc e-flex e-con-boxed e-con e-parent\" data-id=\"iwgs-handgottes-cc\" data-element_type=\"container\" data-e-type=\"container\" id=\"iwg-cc-hand-gottes\">\n\t\t\t\t\t<div class=\"e-con-inner\">\n\t\t<div class=\"elementor-element elementor-element-iwgs-handgottes-ccinner e-flex e-con-boxed e-con e-parent\" data-id=\"iwgs-handgottes-ccinner\" data-element_type=\"container\" data-e-type=\"container\" data-settings=\"{&quot;background_background&quot;:&quot;classic&quot;}\">\n\t\t\t\t\t<div class=\"e-con-inner\">\n\t\t\t\t<div class=\"elementor-element elementor-element-iwgs-handgottes-cch elementor-widget elementor-widget-heading\" data-id=\"iwgs-handgottes-cch\" data-element_type=\"widget\" data-e-type=\"widget\" data-widget_type=\"heading.default\">\n\t\t\t\t\t<h2 class=\"elementor-heading-title elementor-size-default\">iWell Guard og verndarhef\u00f0ir<\/h2>\t\t\t\t<\/div>\n\t\t\t\t<div class=\"elementor-element elementor-element-iwgs-handgottes-cct elementor-widget elementor-widget-text-editor\" data-id=\"iwgs-handgottes-cct\" data-element_type=\"widget\" data-e-type=\"widget\" data-widget_type=\"text-editor.default\">\n\t\t\t\t\t\t\t\t\t<p>iWell Guard tilheyrir hinni menningars\u00f6gulegu hef\u00f0 bur\u00f0arh\u00e6fra verndargripa, sem H\u00f6nd Gu\u00f0s er einnig hluti af. N\u00fat\u00edmalegur fylgihlutur fyrir f\u00f3lk sem lifir me\u00f0 verndart\u00e1knum: framleitt \u00ed \u00de\u00fdskalandi, 41 lag af ekta gulli, plat\u00ednu og silfri, me\u00f0 30 daga skilar\u00e9tti.<\/p>\t\t\t\t\t\t\t\t<\/div>\n\t\t\t\t<div class=\"elementor-element elementor-element-iwgs-handgottes-ccb iwg-cc-button iwg-cc-cta-2026-05-13 elementor-widget elementor-widget-jet-button\" data-id=\"iwgs-handgottes-ccb\" data-element_type=\"widget\" data-e-type=\"widget\" data-widget_type=\"jet-button.default\">\n\t\t\t\t<div class=\"elementor-widget-container\">\n\t\t\t\t\t<div class=\"elementor-jet-button jet-elements\"><div class=\"jet-button__container\"><a class=\"jet-button__instance jet-button__instance--icon-left hover-effect-1\" href=\"\/schutzanhaenger-iwell-guard-kaufen\/?utm_source=iwell-guard.com&amp;utm_medium=info-box&amp;utm_campaign=schutzsymbole\"><div class=\"jet-button__plane jet-button__plane-normal\"><\/div><div class=\"jet-button__plane jet-button__plane-hover\"><\/div><div class=\"jet-button__state jet-button__state-normal\"><span class=\"jet-button__label\">Meira um iWell Guard<\/span><\/div><div class=\"jet-button__state jet-button__state-hover\"><span class=\"jet-button__label\">Meira um iWell Guard<\/span><\/div><\/a><\/div><\/div><style>.elementor-element.elementor-element-iwgs-handgottes-ccb .jet-button__instance{width:320px;height:56px;}.elementor-element.elementor-element-iwgs-handgottes-ccb .jet-button__state-normal .jet-button__label{text-align:center;margin:0px 0px 0px 0px;color:#1a1b20;font-family:Montserrat,sans-serif;font-size:13px;font-weight:400;letter-spacing:4px;line-height:1.714em;text-transform:uppercase;}.elementor-element.elementor-element-iwgs-handgottes-ccb .jet-button__state-hover .jet-button__label{text-align:center;margin:0px 0px 0px 0px;color:#FECC76;font-family:Montserrat,sans-serif;font-size:13px;font-weight:400;letter-spacing:4px;line-height:1.714em;text-transform:uppercase;}.elementor-element.elementor-element-iwgs-handgottes-ccb .jet-button__plane-normal{background-color:#FECC76;border-style:solid;border-color:#C99540;border-width:2px 2px 2px 2px;}.elementor-element.elementor-element-iwgs-handgottes-ccb .jet-button__plane-hover{background-color:rgba(0,0,0,0.55);border-style:solid;border-color:#FECC76;border-width:2px 2px 2px 2px;}<\/style>\t\t\t\t<\/div>\n\t\t\t\t<\/div>\n\t\t\t\t<div class=\"elementor-element elementor-element-iwgs-handgottes-ccd elementor-widget elementor-widget-text-editor\" data-id=\"iwgs-handgottes-ccd\" data-element_type=\"widget\" data-e-type=\"widget\" data-widget_type=\"text-editor.default\">\n\t\t\t\t\t\t\t\t\t<p style=\"text-align:center;font-size:13px;opacity:0.7;margin-top:14px\" data-nosnippet=\"true\">Pers\u00f3nuleg reynsla getur veri\u00f0 mismunandi. Ekki l\u00e6kningat\u00e6ki. Engin lofor\u00f0 um l\u00e6kningu.<\/p>\t\t\t\t\t\t\t\t<\/div>\n\t\t\t\t\t<\/div>\n\t\t\t\t<\/div>\n\t\t\t\t\t<\/div>\n\t\t\t\t<\/div>\n\t\t<div class=\"elementor-element elementor-element-iwgs-handgottes-disc e-flex e-con-boxed e-con e-parent\" data-id=\"iwgs-handgottes-disc\" data-element_type=\"container\" data-e-type=\"container\">\n\t\t\t\t\t<div class=\"e-con-inner\">\n\t\t\t\t<div class=\"elementor-element elementor-element-iwgs-handgottes-discw elementor-widget elementor-widget-html\" data-id=\"iwgs-handgottes-discw\" data-element_type=\"widget\" data-e-type=\"widget\" data-widget_type=\"html.default\">\n\t\t\t\t\t<footer data-nosnippet=\"true\" class=\"iwg-disclaimer-block\"><p data-nosnippet=\"true\">iWell Guard er <strong>ekki l\u00e6kningat\u00e6ki<\/strong> og kemur ekki \u00ed sta\u00f0 l\u00e6knis- e\u00f0a s\u00e1lfr\u00e6\u00f0ime\u00f0fer\u00f0ar. Innihaldi\u00f0 sem h\u00e9r er sett fram er tr\u00faarbrag\u00f0afr\u00e6\u00f0ileg og menningars\u00f6gulega greining, ekki lofor\u00f0 um andlega virkni.<\/p><\/footer>\t\t\t\t<\/div>\n\t\t\t\t\t<\/div>\n\t\t\t\t<\/div>\n\t\t\t\t<\/div>\n\t\t","protected":false},"excerpt":{"rendered":"","protected":false},"author":3,"featured_media":3494,"parent":0,"menu_order":0,"comment_status":"closed","ping_status":"closed","template":"elementor_header_footer","meta":{"_yoast_wpseo_focuskw":"H\u00f6nd Gu\u00f0s","_yoast_wpseo_title":"H\u00f6nd Gu\u00f0s - R\u0119ka Boga milli sta\u00f0reynda og t\u00falkunar","_yoast_wpseo_metadesc":"H\u00f6nd Gu\u00f0s (R\u0119ka Boga) er slavneskt verndart\u00e1kn \u00fear sem n\u00faverandi form er a\u00f0 mestu leyti n\u00fat\u00edmaleg endurger\u00f0. Hreinskilin greining.","_yoast_wpseo_meta-robots-noindex":"","_yoast_wpseo_canonical":"","_angie_page":false,"gefaehrdungsstufe":"","wesen_kultur":"","wesen_klasse":"","footnotes":""},"categories":[],"class_list":["post-169214","page","type-page","status-publish","has-post-thumbnail","hentry"],"yoast_head":"<!-- This site is optimized with the Yoast SEO Premium plugin v27.7 (Yoast SEO v28.3) - https:\/\/yoast.com\/product\/yoast-seo-premium-wordpress\/ -->\n<title>H\u00f6nd Gu\u00f0s - R\u0119ka Boga milli sta\u00f0reynda og t\u00falkunar<\/title>\n<meta name=\"description\" content=\"H\u00f6nd Gu\u00f0s (R\u0119ka Boga) er slavneskt verndart\u00e1kn \u00fear sem n\u00faverandi form er a\u00f0 mestu leyti n\u00fat\u00edmaleg endurger\u00f0. Hreinskilin greining.\" \/>\n<meta name=\"robots\" content=\"index, follow, max-snippet:-1, max-image-preview:large, max-video-preview:-1\" \/>\n<link rel=\"canonical\" href=\"https:\/\/iwell-guard.com\/is\/hond-guds-slavneskt-verndartakn\/\" \/>\n<meta property=\"og:locale\" content=\"is_IS\" \/>\n<meta property=\"og:type\" content=\"article\" \/>\n<meta property=\"og:title\" content=\"H\u00f6nd Gu\u00f0s \u2013 slavneska verndart\u00e1kni\u00f0 R\u0119ka Boga\" \/>\n<meta property=\"og:description\" content=\"H\u00f6nd Gu\u00f0s (R\u0119ka Boga) er slavneskt verndart\u00e1kn \u00fear sem n\u00faverandi form er a\u00f0 mestu leyti n\u00fat\u00edmaleg endurger\u00f0. Hreinskilin greining.\" \/>\n<meta property=\"og:url\" content=\"https:\/\/iwell-guard.com\/is\/hond-guds-slavneskt-verndartakn\/\" \/>\n<meta property=\"og:site_name\" content=\"iWell Guard\" \/>\n<meta property=\"article:modified_time\" content=\"2026-09-05T14:35:11+00:00\" \/>\n<meta property=\"og:image\" content=\"https:\/\/iwell-guard.com\/wp-content\/uploads\/2026\/05\/schutzsymbol_slawisch_hand-gottes.webp\" \/>\n\t<meta property=\"og:image:width\" content=\"1024\" \/>\n\t<meta property=\"og:image:height\" content=\"1536\" \/>\n\t<meta property=\"og:image:type\" content=\"image\/webp\" \/>\n<meta name=\"twitter:card\" content=\"summary_large_image\" \/>\n<script type=\"application\/ld+json\" class=\"yoast-schema-graph\">{\"@context\":\"https:\\\/\\\/schema.org\",\"@graph\":[{\"@type\":\"WebPage\",\"@id\":\"https:\\\/\\\/iwell-guard.com\\\/is\\\/hond-guds-slavneskt-verndartakn\\\/\",\"url\":\"https:\\\/\\\/iwell-guard.com\\\/is\\\/hond-guds-slavneskt-verndartakn\\\/\",\"name\":\"H\u00f6nd Gu\u00f0s - R\u0119ka Boga milli sta\u00f0reynda og t\u00falkunar\",\"isPartOf\":{\"@id\":\"https:\\\/\\\/iwell-guard.com\\\/is\\\/#website\"},\"primaryImageOfPage\":{\"@id\":\"https:\\\/\\\/iwell-guard.com\\\/is\\\/hond-guds-slavneskt-verndartakn\\\/#primaryimage\"},\"image\":{\"@id\":\"https:\\\/\\\/iwell-guard.com\\\/is\\\/hond-guds-slavneskt-verndartakn\\\/#primaryimage\"},\"thumbnailUrl\":\"https:\\\/\\\/iwell-guard.com\\\/wp-content\\\/uploads\\\/2026\\\/05\\\/schutzsymbol_slawisch_hand-gottes.webp\",\"datePublished\":\"2026-09-05T14:06:33+00:00\",\"dateModified\":\"2026-09-05T14:35:11+00:00\",\"description\":\"H\u00f6nd Gu\u00f0s (R\u0119ka Boga) er slavneskt verndart\u00e1kn \u00fear sem n\u00faverandi form er a\u00f0 mestu leyti n\u00fat\u00edmaleg endurger\u00f0. Hreinskilin greining.\",\"breadcrumb\":{\"@id\":\"https:\\\/\\\/iwell-guard.com\\\/is\\\/hond-guds-slavneskt-verndartakn\\\/#breadcrumb\"},\"inLanguage\":\"is\",\"potentialAction\":[{\"@type\":\"ReadAction\",\"target\":[\"https:\\\/\\\/iwell-guard.com\\\/is\\\/hond-guds-slavneskt-verndartakn\\\/\"]}]},{\"@type\":\"ImageObject\",\"inLanguage\":\"is\",\"@id\":\"https:\\\/\\\/iwell-guard.com\\\/is\\\/hond-guds-slavneskt-verndartakn\\\/#primaryimage\",\"url\":\"https:\\\/\\\/iwell-guard.com\\\/wp-content\\\/uploads\\\/2026\\\/05\\\/schutzsymbol_slawisch_hand-gottes.webp\",\"contentUrl\":\"https:\\\/\\\/iwell-guard.com\\\/wp-content\\\/uploads\\\/2026\\\/05\\\/schutzsymbol_slawisch_hand-gottes.webp\",\"width\":1024,\"height\":1536,\"caption\":\"Verndart\u00e1kn. Myndskreyting \u00ed safnst\u00edl.\"},{\"@type\":\"BreadcrumbList\",\"@id\":\"https:\\\/\\\/iwell-guard.com\\\/is\\\/hond-guds-slavneskt-verndartakn\\\/#breadcrumb\",\"itemListElement\":[{\"@type\":\"ListItem\",\"position\":1,\"name\":\"Start\",\"item\":\"https:\\\/\\\/iwell-guard.com\\\/is\\\/?page_id=168580\"},{\"@type\":\"ListItem\",\"position\":2,\"name\":\"H\u00f6nd Gu\u00f0s \u2013 slavneska verndart\u00e1kni\u00f0 R\u0119ka Boga\"}]},{\"@type\":\"WebSite\",\"@id\":\"https:\\\/\\\/iwell-guard.com\\\/is\\\/#website\",\"url\":\"https:\\\/\\\/iwell-guard.com\\\/is\\\/\",\"name\":\"iWell Guard\",\"description\":\"Schutz vor dunklen Einfl\u00fcssen\",\"publisher\":{\"@id\":\"https:\\\/\\\/iwell-guard.com\\\/is\\\/#organization\"},\"potentialAction\":[{\"@type\":\"SearchAction\",\"target\":{\"@type\":\"EntryPoint\",\"urlTemplate\":\"https:\\\/\\\/iwell-guard.com\\\/is\\\/?s={search_term_string}\"},\"query-input\":{\"@type\":\"PropertyValueSpecification\",\"valueRequired\":true,\"valueName\":\"search_term_string\"}}],\"inLanguage\":\"is\"},{\"@type\":\"Organization\",\"@id\":\"https:\\\/\\\/iwell-guard.com\\\/is\\\/#organization\",\"name\":\"Ittermann electronic GmbH\",\"url\":\"https:\\\/\\\/iwell-guard.com\\\/is\\\/\",\"logo\":{\"@type\":\"ImageObject\",\"inLanguage\":\"is\",\"@id\":\"https:\\\/\\\/iwell-guard.com\\\/is\\\/#\\\/schema\\\/logo\\\/image\\\/\",\"url\":\"https:\\\/\\\/iwell-guard.com\\\/wp-content\\\/uploads\\\/2026\\\/05\\\/Ittermann-Logo-1182x237-1.png\",\"contentUrl\":\"https:\\\/\\\/iwell-guard.com\\\/wp-content\\\/uploads\\\/2026\\\/05\\\/Ittermann-Logo-1182x237-1.png\",\"width\":1182,\"height\":237,\"caption\":\"Ittermann electronic GmbH\"},\"image\":{\"@id\":\"https:\\\/\\\/iwell-guard.com\\\/is\\\/#\\\/schema\\\/logo\\\/image\\\/\"},\"sameAs\":[\"https:\\\/\\\/pantip.com\\\/profile\\\/9367242\",\"https:\\\/\\\/micro.blog\\\/iwellguard\",\"https:\\\/\\\/www.diggerslist.com\\\/iwellguard\\\/about\",\"https:\\\/\\\/skitterphoto.com\\\/photographers\\\/2870314\\\/iwell-guard\",\"https:\\\/\\\/iwellguard.wordpress.com\\\/2026\\\/06\\\/06\\\/iwell-guard\\\/\",\"https:\\\/\\\/hub.docker.com\\\/u\\\/iwellguard\",\"https:\\\/\\\/www.pinterest.com\\\/iwellguard\\\/\",\"https:\\\/\\\/bit.ly\\\/m\\\/iwellguard\",\"https:\\\/\\\/entre-vos-mains.alsace.eu\\\/profiles\\\/iwellguard\\\/activity\",\"https:\\\/\\\/gravatar.com\\\/reallybeded8fd34\",\"https:\\\/\\\/naijamatta.com\\\/iwellguard\",\"https:\\\/\\\/www.goodreads.com\\\/iwellguard\",\"https:\\\/\\\/profile.hatena.ne.jp\\\/iwellguard\\\/\",\"https:\\\/\\\/experiment.com\\\/users\\\/iwellguard\",\"https:\\\/\\\/wakelet.com\\\/@iWellGuard82270\",\"https:\\\/\\\/www.chordie.com\\\/forum\\\/profile.php?id=2555664\",\"https:\\\/\\\/www.instapaper.com\\\/p\\\/17757966\",\"https:\\\/\\\/www.mapleprimes.com\\\/users\\\/iwellguard\",\"https:\\\/\\\/businesslistingplus.com\\\/profile\\\/iwell-guard\\\/\",\"https:\\\/\\\/telegra.ph\\\/iWell-Guard-06-06\",\"https:\\\/\\\/pbase.com\\\/iwellguard\\\/iwellguard\",\"https:\\\/\\\/b.hatena.ne.jp\\\/iwellguard\\\/20260607#bookmark-4788405196491818882\",\"https:\\\/\\\/fliphtml5.com\\\/home\\\/iwellguard\",\"https:\\\/\\\/anyflip.com\\\/homepage\\\/cmiwl#About\",\"https:\\\/\\\/transfur.com\\\/Users\\\/iwellguard\",\"http:\\\/\\\/delphi.larsbo.org\\\/user\\\/iwellguard\",\"https:\\\/\\\/jobs.lajobsportal.org\\\/profiles\\\/8380803-iwell-guard\",\"https:\\\/\\\/md.chaosdorf.de\\\/s\\\/jfbe5SBdJD\",\"https:\\\/\\\/www.lingvolive.com\\\/en-us\\\/profile\\\/9ecaeaca-ce11-4e51-9e71-01d55e2bff36\\\/translations\",\"https:\\\/\\\/www.fitday.com\\\/fitness\\\/forums\\\/members\\\/iwellguard.html\",\"https:\\\/\\\/www.mymeetbook.com\\\/iwellguard\",\"https:\\\/\\\/pxhere.com\\\/en\\\/photographer-me\\\/5040798\",\"https:\\\/\\\/disqus.com\\\/by\\\/iwellguard\\\/about\\\/\",\"https:\\\/\\\/pastelink.net\\\/hjwciqwq\",\"https:\\\/\\\/pubhtml5.com\\\/homepage\\\/scjhn\\\/\",\"https:\\\/\\\/www.bitchute.com\\\/channel\\\/2O2eOKzNqujT\",\"https:\\\/\\\/audiomack.com\\\/iwellguard\"]}]}<\/script>\n<!-- \/ Yoast SEO Premium plugin. -->","yoast_head_json":{"title":"H\u00f6nd Gu\u00f0s - R\u0119ka Boga milli sta\u00f0reynda og t\u00falkunar","description":"H\u00f6nd Gu\u00f0s (R\u0119ka Boga) er slavneskt verndart\u00e1kn \u00fear sem n\u00faverandi form er a\u00f0 mestu leyti n\u00fat\u00edmaleg endurger\u00f0. Hreinskilin greining.","robots":{"index":"index","follow":"follow","max-snippet":"max-snippet:-1","max-image-preview":"max-image-preview:large","max-video-preview":"max-video-preview:-1"},"canonical":"https:\/\/iwell-guard.com\/is\/hond-guds-slavneskt-verndartakn\/","og_locale":"is_IS","og_type":"article","og_title":"H\u00f6nd Gu\u00f0s \u2013 slavneska verndart\u00e1kni\u00f0 R\u0119ka Boga","og_description":"H\u00f6nd Gu\u00f0s (R\u0119ka Boga) er slavneskt verndart\u00e1kn \u00fear sem n\u00faverandi form er a\u00f0 mestu leyti n\u00fat\u00edmaleg endurger\u00f0. Hreinskilin greining.","og_url":"https:\/\/iwell-guard.com\/is\/hond-guds-slavneskt-verndartakn\/","og_site_name":"iWell Guard","article_modified_time":"2026-09-05T14:35:11+00:00","og_image":[{"width":1024,"height":1536,"url":"https:\/\/iwell-guard.com\/wp-content\/uploads\/2026\/05\/schutzsymbol_slawisch_hand-gottes.webp","type":"image\/webp"}],"twitter_card":"summary_large_image","schema":{"@context":"https:\/\/schema.org","@graph":[{"@type":"WebPage","@id":"https:\/\/iwell-guard.com\/is\/hond-guds-slavneskt-verndartakn\/","url":"https:\/\/iwell-guard.com\/is\/hond-guds-slavneskt-verndartakn\/","name":"H\u00f6nd Gu\u00f0s - R\u0119ka Boga milli sta\u00f0reynda og t\u00falkunar","isPartOf":{"@id":"https:\/\/iwell-guard.com\/is\/#website"},"primaryImageOfPage":{"@id":"https:\/\/iwell-guard.com\/is\/hond-guds-slavneskt-verndartakn\/#primaryimage"},"image":{"@id":"https:\/\/iwell-guard.com\/is\/hond-guds-slavneskt-verndartakn\/#primaryimage"},"thumbnailUrl":"https:\/\/iwell-guard.com\/wp-content\/uploads\/2026\/05\/schutzsymbol_slawisch_hand-gottes.webp","datePublished":"2026-09-05T14:06:33+00:00","dateModified":"2026-09-05T14:35:11+00:00","description":"H\u00f6nd Gu\u00f0s (R\u0119ka Boga) er slavneskt verndart\u00e1kn \u00fear sem n\u00faverandi form er a\u00f0 mestu leyti n\u00fat\u00edmaleg endurger\u00f0. Hreinskilin greining.","breadcrumb":{"@id":"https:\/\/iwell-guard.com\/is\/hond-guds-slavneskt-verndartakn\/#breadcrumb"},"inLanguage":"is","potentialAction":[{"@type":"ReadAction","target":["https:\/\/iwell-guard.com\/is\/hond-guds-slavneskt-verndartakn\/"]}]},{"@type":"ImageObject","inLanguage":"is","@id":"https:\/\/iwell-guard.com\/is\/hond-guds-slavneskt-verndartakn\/#primaryimage","url":"https:\/\/iwell-guard.com\/wp-content\/uploads\/2026\/05\/schutzsymbol_slawisch_hand-gottes.webp","contentUrl":"https:\/\/iwell-guard.com\/wp-content\/uploads\/2026\/05\/schutzsymbol_slawisch_hand-gottes.webp","width":1024,"height":1536,"caption":"Verndart\u00e1kn. Myndskreyting \u00ed safnst\u00edl."},{"@type":"BreadcrumbList","@id":"https:\/\/iwell-guard.com\/is\/hond-guds-slavneskt-verndartakn\/#breadcrumb","itemListElement":[{"@type":"ListItem","position":1,"name":"Start","item":"https:\/\/iwell-guard.com\/is\/?page_id=168580"},{"@type":"ListItem","position":2,"name":"H\u00f6nd Gu\u00f0s \u2013 slavneska verndart\u00e1kni\u00f0 R\u0119ka Boga"}]},{"@type":"WebSite","@id":"https:\/\/iwell-guard.com\/is\/#website","url":"https:\/\/iwell-guard.com\/is\/","name":"iWell Guard","description":"Schutz vor dunklen Einfl\u00fcssen","publisher":{"@id":"https:\/\/iwell-guard.com\/is\/#organization"},"potentialAction":[{"@type":"SearchAction","target":{"@type":"EntryPoint","urlTemplate":"https:\/\/iwell-guard.com\/is\/?s={search_term_string}"},"query-input":{"@type":"PropertyValueSpecification","valueRequired":true,"valueName":"search_term_string"}}],"inLanguage":"is"},{"@type":"Organization","@id":"https:\/\/iwell-guard.com\/is\/#organization","name":"Ittermann electronic GmbH","url":"https:\/\/iwell-guard.com\/is\/","logo":{"@type":"ImageObject","inLanguage":"is","@id":"https:\/\/iwell-guard.com\/is\/#\/schema\/logo\/image\/","url":"https:\/\/iwell-guard.com\/wp-content\/uploads\/2026\/05\/Ittermann-Logo-1182x237-1.png","contentUrl":"https:\/\/iwell-guard.com\/wp-content\/uploads\/2026\/05\/Ittermann-Logo-1182x237-1.png","width":1182,"height":237,"caption":"Ittermann electronic GmbH"},"image":{"@id":"https:\/\/iwell-guard.com\/is\/#\/schema\/logo\/image\/"},"sameAs":["https:\/\/pantip.com\/profile\/9367242","https:\/\/micro.blog\/iwellguard","https:\/\/www.diggerslist.com\/iwellguard\/about","https:\/\/skitterphoto.com\/photographers\/2870314\/iwell-guard","https:\/\/iwellguard.wordpress.com\/2026\/06\/06\/iwell-guard\/","https:\/\/hub.docker.com\/u\/iwellguard","https:\/\/www.pinterest.com\/iwellguard\/","https:\/\/bit.ly\/m\/iwellguard","https:\/\/entre-vos-mains.alsace.eu\/profiles\/iwellguard\/activity","https:\/\/gravatar.com\/reallybeded8fd34","https:\/\/naijamatta.com\/iwellguard","https:\/\/www.goodreads.com\/iwellguard","https:\/\/profile.hatena.ne.jp\/iwellguard\/","https:\/\/experiment.com\/users\/iwellguard","https:\/\/wakelet.com\/@iWellGuard82270","https:\/\/www.chordie.com\/forum\/profile.php?id=2555664","https:\/\/www.instapaper.com\/p\/17757966","https:\/\/www.mapleprimes.com\/users\/iwellguard","https:\/\/businesslistingplus.com\/profile\/iwell-guard\/","https:\/\/telegra.ph\/iWell-Guard-06-06","https:\/\/pbase.com\/iwellguard\/iwellguard","https:\/\/b.hatena.ne.jp\/iwellguard\/20260607#bookmark-4788405196491818882","https:\/\/fliphtml5.com\/home\/iwellguard","https:\/\/anyflip.com\/homepage\/cmiwl#About","https:\/\/transfur.com\/Users\/iwellguard","http:\/\/delphi.larsbo.org\/user\/iwellguard","https:\/\/jobs.lajobsportal.org\/profiles\/8380803-iwell-guard","https:\/\/md.chaosdorf.de\/s\/jfbe5SBdJD","https:\/\/www.lingvolive.com\/en-us\/profile\/9ecaeaca-ce11-4e51-9e71-01d55e2bff36\/translations","https:\/\/www.fitday.com\/fitness\/forums\/members\/iwellguard.html","https:\/\/www.mymeetbook.com\/iwellguard","https:\/\/pxhere.com\/en\/photographer-me\/5040798","https:\/\/disqus.com\/by\/iwellguard\/about\/","https:\/\/pastelink.net\/hjwciqwq","https:\/\/pubhtml5.com\/homepage\/scjhn\/","https:\/\/www.bitchute.com\/channel\/2O2eOKzNqujT","https:\/\/audiomack.com\/iwellguard"]}]}},"_links":{"self":[{"href":"https:\/\/iwell-guard.com\/is\/wp-json\/wp\/v2\/pages\/169214","targetHints":{"allow":["GET"]}}],"collection":[{"href":"https:\/\/iwell-guard.com\/is\/wp-json\/wp\/v2\/pages"}],"about":[{"href":"https:\/\/iwell-guard.com\/is\/wp-json\/wp\/v2\/types\/page"}],"author":[{"embeddable":true,"href":"https:\/\/iwell-guard.com\/is\/wp-json\/wp\/v2\/users\/3"}],"replies":[{"embeddable":true,"href":"https:\/\/iwell-guard.com\/is\/wp-json\/wp\/v2\/comments?post=169214"}],"version-history":[{"count":0,"href":"https:\/\/iwell-guard.com\/is\/wp-json\/wp\/v2\/pages\/169214\/revisions"}],"wp:featuredmedia":[{"embeddable":true,"href":"https:\/\/iwell-guard.com\/is\/wp-json\/wp\/v2\/media\/3494"}],"wp:attachment":[{"href":"https:\/\/iwell-guard.com\/is\/wp-json\/wp\/v2\/media?parent=169214"}],"wp:term":[{"taxonomy":"category","embeddable":true,"href":"https:\/\/iwell-guard.com\/is\/wp-json\/wp\/v2\/categories?post=169214"}],"curies":[{"name":"wp","href":"https:\/\/api.w.org\/{rel}","templated":true}]}}