{"id":169213,"date":"2026-09-05T14:06:32","date_gmt":"2026-09-05T14:06:32","guid":{"rendered":"https:\/\/iwell-guard.com\/?page_id=169213"},"modified":"2026-09-05T14:35:09","modified_gmt":"2026-09-05T14:35:09","slug":"keltneski-hnuturinn-endalaust-mynstur","status":"publish","type":"page","link":"https:\/\/iwell-guard.com\/is\/keltneski-hnuturinn-endalaust-mynstur\/","title":{"rendered":"Keltneski hn\u00faturinn \u2013 endalausa hn\u00fatamynstri\u00f0"},"content":{"rendered":"\t\t<div data-elementor-type=\"wp-page\" data-elementor-id=\"169213\" class=\"elementor elementor-169213 elementor-3705 elementor-bc-flex-widget\" data-elementor-post-type=\"page\">\n\t\t\t\t<div class=\"elementor-element elementor-element-iwgs-keltischerkn-hero e-flex e-con-boxed e-con e-parent\" data-id=\"iwgs-keltischerkn-hero\" data-element_type=\"container\" data-e-type=\"container\">\n\t\t\t\t\t<div class=\"e-con-inner\">\n\t\t<div class=\"elementor-element elementor-element-iwgs-keltischerkn-hl e-flex e-con-boxed e-con e-parent\" data-id=\"iwgs-keltischerkn-hl\" data-element_type=\"container\" data-e-type=\"container\">\n\t\t\t\t\t<div class=\"e-con-inner\">\n\t\t<div class=\"elementor-element elementor-element-iwgs-keltischerkn-hlbox e-con-full e-flex e-con e-parent\" data-id=\"iwgs-keltischerkn-hlbox\" data-element_type=\"container\" data-e-type=\"container\">\n\t\t\t\t<div class=\"elementor-element elementor-element-iwgs-keltischerkn-h1 elementor-widget elementor-widget-heading\" data-id=\"iwgs-keltischerkn-h1\" data-element_type=\"widget\" data-e-type=\"widget\" data-widget_type=\"heading.default\">\n\t\t\t\t\t<h1 class=\"elementor-heading-title elementor-size-default\">Keltneski hn\u00faturinn \u2013 endalausu mynstrin \u00ed ins\u00falverskri list<\/h1>\t\t\t\t<\/div>\n\t\t\t\t<div class=\"elementor-element elementor-element-iwgs-keltischerkn-lead elementor-widget elementor-widget-text-editor\" data-id=\"iwgs-keltischerkn-lead\" data-element_type=\"widget\" data-e-type=\"widget\" data-widget_type=\"text-editor.default\">\n\t\t\t\t\t\t\t\t\t<p>Keltneski hn\u00faturinn v\u00edsar til fl\u00e6ktu fl\u00e9ttumynstranna \u00ed ins\u00falverskri list. \u00deau eru ger\u00f0 \u00far einu samfelldu bandi og pr\u00fd\u00f0a handrit, steinkross og m\u00e1lmsm\u00ed\u00f0i fr\u00e1 mi\u00f0\u00f6ldum.<\/p>\t\t\t\t\t\t\t\t<\/div>\n\t\t\t\t<\/div>\n\t\t\t\t<div class=\"elementor-element elementor-element-iwgs-keltischerkn-pills elementor-widget elementor-widget-html\" data-id=\"iwgs-keltischerkn-pills\" data-element_type=\"widget\" data-e-type=\"widget\" data-widget_type=\"html.default\">\n\t\t\t\t\t<div class=\"iwg-pill-row\"><span class=\"iwg-klasse-badge\" tabindex=\"0\" data-tooltip=\"Verndart\u00e1kn, verndargripur e\u00f0a ap\u00f3tr\u00f3pa\u00edsk hlutur.\">Verndart\u00e1kn<\/span><a href=\"https:\/\/iwell-guard.com\/is\/keltneskt\/\" class=\"iwg-kultur-badge\" tabindex=\"0\" data-tooltip=\"Verndarhef\u00f0: Keltnesk\">Keltneskt<\/a><span class=\"iwg-tradition-badge\" tabindex=\"0\" data-tooltip=\"Verndart\u00e1kn \u00ed formi samtvinna\u00f0s hn\u00fats.\">Hn\u00fatt\u00e1kn<\/span><\/div>\t\t\t\t<\/div>\n\t\t\t\t\t<\/div>\n\t\t\t\t<\/div>\n\t\t<div class=\"elementor-element elementor-element-iwgs-keltischerkn-hr e-con-full e-flex e-con e-parent\" data-id=\"iwgs-keltischerkn-hr\" data-element_type=\"container\" data-e-type=\"container\">\n\t\t\t\t<div class=\"elementor-element elementor-element-iwgs-keltischerkn-himg iwg-hero-image elementor-widget elementor-widget-image\" data-id=\"iwgs-keltischerkn-himg\" data-element_type=\"widget\" data-e-type=\"widget\" data-widget_type=\"image.default\">\n\t\t\t\t\t\t\t\t\t\t\t\t\t\t\t<img fetchpriority=\"high\" decoding=\"async\" width=\"683\" height=\"1024\" src=\"https:\/\/iwell-guard.com\/wp-content\/uploads\/2026\/05\/schutzsymbol_keltisch_keltischer-knoten-683x1024.webp\" class=\"attachment-large size-large wp-image-170569\" alt=\"Keltneskur hn\u00fatur \u2013 verndart\u00e1kn, safnfr\u00e6\u00f0ileg myndskreyting\" srcset=\"https:\/\/iwell-guard.com\/wp-content\/uploads\/2026\/05\/schutzsymbol_keltisch_keltischer-knoten-683x1024.webp 683w, https:\/\/iwell-guard.com\/wp-content\/uploads\/2026\/05\/schutzsymbol_keltisch_keltischer-knoten-200x300.webp 200w, https:\/\/iwell-guard.com\/wp-content\/uploads\/2026\/05\/schutzsymbol_keltisch_keltischer-knoten-768x1152.webp 768w, https:\/\/iwell-guard.com\/wp-content\/uploads\/2026\/05\/schutzsymbol_keltisch_keltischer-knoten.webp 1024w\" sizes=\"(max-width: 683px) 100vw, 683px\" \/>\t\t\t\t\t\t\t\t\t\t\t\t\t\t\t<\/div>\n\t\t\t\t<\/div>\n\t\t\t\t\t<\/div>\n\t\t\t\t<\/div>\n\t\t<div class=\"elementor-element elementor-element-iwgs-keltischerkn-s0 e-flex e-con-boxed e-con e-parent\" data-id=\"iwgs-keltischerkn-s0\" data-element_type=\"container\" data-e-type=\"container\">\n\t\t\t\t\t<div class=\"e-con-inner\">\n\t\t\t\t<div class=\"elementor-element elementor-element-iwgs-keltischerkn-s0h elementor-widget elementor-widget-heading\" data-id=\"iwgs-keltischerkn-s0h\" data-element_type=\"widget\" data-e-type=\"widget\" data-widget_type=\"heading.default\">\n\t\t\t\t\t<h2 class=\"elementor-heading-title elementor-size-default\">Yfirlit<\/h2>\t\t\t\t<\/div>\n\t\t<div class=\"elementor-element elementor-element-iwgs-keltischerkn-s0box e-con-full e-flex e-con e-parent\" data-id=\"iwgs-keltischerkn-s0box\" data-element_type=\"container\" data-e-type=\"container\">\n\t\t\t\t<div class=\"elementor-element elementor-element-iwgs-keltischerkn-s0t elementor-widget elementor-widget-text-editor\" data-id=\"iwgs-keltischerkn-s0t\" data-element_type=\"widget\" data-e-type=\"widget\" data-widget_type=\"text-editor.default\">\n\t\t\t\t\t\t\t\t\t<p>Keltneski hn\u00faturinn er skrautmynstur sem tengist <a href=\"https:\/\/iwell-guard.com\/is\/keltneskt\/\">keltneska<\/a> heiminum og n\u00e1nar tilteki\u00f0 ins\u00falverskri list \u00cdrlands og Bretlands. Hann er me\u00f0al fr\u00e6gustu skrautforma \u00feessarar listar.<\/p><p>Mynstri\u00f0 er byggt \u00far b\u00f6ndum sem fl\u00e6kjast, krossast og vefjast saman. Oft er allt fl\u00f3kaverki\u00f0 gert \u00far einu samfelldu bandi sem hefur engan s\u00fdnilegan upphafspunkt og engan endapunkt.<\/p><p>Sl\u00edk hn\u00fatamynstur pr\u00fd\u00f0a hin miklu handrit fyrri hluta mi\u00f0alda, steinkrossana miklu, skartgripi og m\u00e1lmsm\u00ed\u00f0i. \u00deau eru kjarninn \u00ed ins\u00falverskri skreytilist.<\/p><p>Keltneski hn\u00faturinn er fyrst og fremst skrautmynstur. F\u00f6st tr\u00faarleg merking einstakra hn\u00fata er \u00ed flestum tilvikum ekki sannanleg. \u00cd n\u00fat\u00edmalegri t\u00falkun er endalausa bandi\u00f0 oft lesi\u00f0 sem <span class=\"iwg-fachbegriff\" data-tooltip=\"Sk\u00fdr mynd sem stendur fyrir \u00f3hlutbundna hugsun.\" tabindex=\"0\">sinnbild<\/span>.<\/p><p>\u00cd <span class=\"iwg-fachbegriff\" data-tooltip=\"V\u00edsindagreinin sem rannsakar tr\u00faarbr\u00f6g\u00f0 samanbur\u00f0arlega og \u00e1n tr\u00faarlegrar bindingar.\" tabindex=\"0\">tr\u00faarbrag\u00f0afr\u00e6\u00f0i<\/span> og listas\u00f6gu er keltneski hn\u00faturinn gott d\u00e6mi um hvernig hreinu skrautformi er s\u00ed\u00f0ar gefin merking sem \u00fea\u00f0 haf\u00f0i ekki upphaflega.<\/p><p>\u00deessi s\u00ed\u00f0a fjallar um keltneska hn\u00fatinn \u00fat fr\u00e1 sj\u00f3narhorni verndar og merkingar. H\u00fan l\u00fdsir mynstrunum, uppruna \u00feeirra, notkun og \u00feeirri t\u00falkun sem endalausa bandi\u00f0 f\u00e6r \u00ed dag.<\/p>\t\t\t\t\t\t\t\t<\/div>\n\t\t\t\t<\/div>\n\t\t\t\t\t<\/div>\n\t\t\t\t<\/div>\n\t\t<div class=\"elementor-element elementor-element-iwgs-keltischerkn-s1 e-flex e-con-boxed e-con e-parent\" data-id=\"iwgs-keltischerkn-s1\" data-element_type=\"container\" data-e-type=\"container\">\n\t\t\t\t\t<div class=\"e-con-inner\">\n\t\t\t\t<div class=\"elementor-element elementor-element-iwgs-keltischerkn-s1h elementor-widget elementor-widget-heading\" data-id=\"iwgs-keltischerkn-s1h\" data-element_type=\"widget\" data-e-type=\"widget\" data-widget_type=\"heading.default\">\n\t\t\t\t\t<h2 class=\"elementor-heading-title elementor-size-default\">Endalausa bandi\u00f0<\/h2>\t\t\t\t<\/div>\n\t\t<div class=\"elementor-element elementor-element-iwgs-keltischerkn-s1box e-con-full e-flex e-con e-parent\" data-id=\"iwgs-keltischerkn-s1box\" data-element_type=\"container\" data-e-type=\"container\">\n\t\t\t\t<div class=\"elementor-element elementor-element-iwgs-keltischerkn-s1t elementor-widget elementor-widget-text-editor\" data-id=\"iwgs-keltischerkn-s1t\" data-element_type=\"widget\" data-e-type=\"widget\" data-widget_type=\"text-editor.default\">\n\t\t\t\t\t\t\t\t\t<p>Mikilv\u00e6gasta einkenni keltneska hn\u00fatsins er endalausa bandi\u00f0. M\u00f6rg \u00feessara mynstra eru \u00feannig ger\u00f0 a\u00f0 fl\u00e6kt bandi\u00f0 hefur engan upphafspunkt og engan endapunkt.<\/p><p>\u00deegar auga\u00f0 fylgir sl\u00edku mynstri m\u00e1 fylgja bandinu \u00e1fram endalaust \u00e1n \u00feess a\u00f0 komast nokkurn t\u00edma \u00e1 enda. Bandi\u00f0 sn\u00fdr alltaf aftur \u00ed sj\u00e1lft sig og myndar loka\u00f0 fl\u00f3kaverk.<\/p><p>\u00deessi heild er \u00e1rangur vanda\u00f0rar \u00e1\u00e6tlanager\u00f0ar. Listama\u00f0urinn \u00feurfti a\u00f0 lei\u00f0a bandi\u00f0 \u00feannig a\u00f0 \u00fea\u00f0 fl\u00e6ktist algj\u00f6rlega en h\u00e9ldist samt ein samfelld l\u00edna.<\/p><p>Mynstrin fylgja str\u00f6ngum reglum. Til eru fastar a\u00f0fer\u00f0ir um hvernig band er leitt yfir og undir \u00f6nnur b\u00f6nd svo a\u00f0 samr\u00e6mt og skipulagt fl\u00f3kaverk myndist.<\/p><p>\u00der\u00e1tt fyrir \u00feessar reglur er fj\u00f6lbreytni mynstranna mikil. \u00dar f\u00e1um grunna\u00f0fer\u00f0um m\u00e1 gera \u00f3teljandi mismunandi hn\u00fata, einfalda og mj\u00f6g fl\u00f3kna.<\/p><p>Endalausa bandi\u00f0 er \u00feannig einkennismerki keltneska hn\u00fatsins. \u00dea\u00f0 er einnig \u00fatgangspunktur \u00feeirrar t\u00falkunar sem \u00ed dag s\u00e9r \u00ed endalausleikanum <span class=\"iwg-fachbegriff\" data-tooltip=\"Sk\u00fdr mynd sem stendur fyrir \u00f3hlutbundna hugsun.\" tabindex=\"0\">sinnbild<\/span> um eil\u00edf\u00f0 og st\u00f6\u00f0ugleika.<\/p>\t\t\t\t\t\t\t\t<\/div>\n\t\t\t\t<\/div>\n\t\t\t\t\t<\/div>\n\t\t\t\t<\/div>\n\t\t<div class=\"elementor-element elementor-element-iwgs-keltischerkn-s2 e-flex e-con-boxed e-con e-parent\" data-id=\"iwgs-keltischerkn-s2\" data-element_type=\"container\" data-e-type=\"container\">\n\t\t\t\t\t<div class=\"e-con-inner\">\n\t\t\t\t<div class=\"elementor-element elementor-element-iwgs-keltischerkn-s2h elementor-widget elementor-widget-heading\" data-id=\"iwgs-keltischerkn-s2h\" data-element_type=\"widget\" data-e-type=\"widget\" data-widget_type=\"heading.default\">\n\t\t\t\t\t<h2 class=\"elementor-heading-title elementor-size-default\">Uppruni \u00ed ins\u00falverskri list<\/h2>\t\t\t\t<\/div>\n\t\t<div class=\"elementor-element elementor-element-iwgs-keltischerkn-s2box e-con-full e-flex e-con e-parent\" data-id=\"iwgs-keltischerkn-s2box\" data-element_type=\"container\" data-e-type=\"container\">\n\t\t\t\t<div class=\"elementor-element elementor-element-iwgs-keltischerkn-s2t elementor-widget elementor-widget-text-editor\" data-id=\"iwgs-keltischerkn-s2t\" data-element_type=\"widget\" data-e-type=\"widget\" data-widget_type=\"text-editor.default\">\n\t\t\t\t\t\t\t\t\t<p>Keltneski hn\u00faturinn hefur s\u00edna fr\u00e6gustu birtingarmynd \u00ed ins\u00falverskri list. \u00deetta er listin sem var\u00f0 til \u00e1 fyrri hluta mi\u00f0alda \u00e1 \u00cdrlandi og \u00ed Bretlandi.<\/p><p>Ins\u00falversk list tengir saman \u00fdmsar r\u00e6tur. \u00cd hana runnu eldri keltnesk skrautform, auk \u00e1hrifa fr\u00e1 \u00f6\u00f0rum listahef\u00f0um. \u00dar \u00feessari samtengingu var\u00f0 til eigin, r\u00edkulegur st\u00edll.<\/p><p>Fl\u00e9ttubandi\u00f0 sj\u00e1lft er ekki eing\u00f6ngu keltneskt <span class=\"iwg-fachbegriff\" data-tooltip=\"Endurteki\u00f0 innihaldsatri\u00f0i \u00ed list e\u00f0a fr\u00e1s\u00f6gn.\" tabindex=\"0\">myndefni<\/span>. Fl\u00e6kt b\u00f6nd finnast \u00ed m\u00f6rgum listahef\u00f0um <span class=\"iwg-fachbegriff\" data-tooltip=\"T\u00edmabil gr\u00edsk-r\u00f3mverskrar menningar, um 800 f.Kr. til 600 e.Kr.\" tabindex=\"0\">fornaldar<\/span> og <span class=\"iwg-fachbegriff\" data-tooltip=\"Umbreytingart\u00edmabil milli fornaldar og mi\u00f0alda, um 3. til 7. \u00f6ld.\" tabindex=\"0\">s\u00ed\u00f0fornaldar<\/span>. Ins\u00falversk list t\u00f3k upp \u00feetta <span class=\"iwg-fachbegriff\" data-tooltip=\"Endurteki\u00f0 innihaldsatri\u00f0i \u00ed list e\u00f0a fr\u00e1s\u00f6gn.\" tabindex=\"0\">myndefni<\/span> og \u00fer\u00f3a\u00f0i \u00fea\u00f0 s\u00e9rstaklega r\u00edkulega.<\/p><p>Bl\u00f3maskei\u00f0 ins\u00falverskrar hn\u00fatalistar var \u00e1 fyrri hluta mi\u00f0alda, \u00e1 \u00feeim t\u00edma \u00feegar kristni festi r\u00e6tur \u00e1 \u00cdrlandi og \u00ed Bretlandi. M\u00f6rg af hinum \u00feekktu verkum ur\u00f0u til \u00ed klaustrum.<\/p><p>Nafngiftin keltneskur hn\u00fatur er \u00fev\u00ed ekki fullkomlega n\u00e1kv\u00e6m. Mynstrin eru fremur verk ins\u00falverskrar listar kristinna mi\u00f0alda en hins forkristna keltneska heims.<\/p><p>Hei\u00f0arleg framsetning tekur \u00feetta fram. Keltneski hn\u00faturinn tengist keltneska heiminum, en fr\u00e6g birtingarmynd hans heyrir til ins\u00falverskrar listar fyrri hluta mi\u00f0alda.<\/p>\t\t\t\t\t\t\t\t<\/div>\n\t\t\t\t<\/div>\n\t\t\t\t\t<\/div>\n\t\t\t\t<\/div>\n\t\t<div class=\"elementor-element elementor-element-iwgs-keltischerkn-s3 e-flex e-con-boxed e-con e-parent\" data-id=\"iwgs-keltischerkn-s3\" data-element_type=\"container\" data-e-type=\"container\">\n\t\t\t\t\t<div class=\"e-con-inner\">\n\t\t\t\t<div class=\"elementor-element elementor-element-iwgs-keltischerkn-s3h elementor-widget elementor-widget-heading\" data-id=\"iwgs-keltischerkn-s3h\" data-element_type=\"widget\" data-e-type=\"widget\" data-widget_type=\"heading.default\">\n\t\t\t\t\t<h2 class=\"elementor-heading-title elementor-size-default\">Hn\u00fatar \u00ed handritum og \u00e1 steini<\/h2>\t\t\t\t<\/div>\n\t\t<div class=\"elementor-element elementor-element-iwgs-keltischerkn-s3box e-con-full e-flex e-con e-parent\" data-id=\"iwgs-keltischerkn-s3box\" data-element_type=\"container\" data-e-type=\"container\">\n\t\t\t\t<div class=\"elementor-element elementor-element-iwgs-keltischerkn-s3t elementor-widget elementor-widget-text-editor\" data-id=\"iwgs-keltischerkn-s3t\" data-element_type=\"widget\" data-e-type=\"widget\" data-widget_type=\"text-editor.default\">\n\t\t\t\t\t\t\t\t\t<p>Keltneski hn\u00faturinn kemur fyrst og fremst fram \u00e1 \u00feremur st\u00f6\u00f0um, \u00ed hinum miklu handritum, \u00e1 steinkrossunum og \u00e1 m\u00e1lmsm\u00ed\u00f0i.<\/p><p>Hin fr\u00e6gu handrit ins\u00falverskra mi\u00f0alda eru r\u00edkulega skreytt hn\u00fatamynstrum. Heilar s\u00ed\u00f0ur eru \u00feaktar fl\u00e6ktum b\u00f6ndum, og jafnvel st\u00f3ru upphafsstafirnir eru fanga\u00f0ir \u00ed hn\u00fataverki.<\/p><p>Steinkrossarnir bera einnig hn\u00fatamynstur. \u00c1 \u00feessum st\u00f3ru, fr\u00edstandandi krossum fylla fl\u00e6ktu b\u00f6ndin fletina og ramma inn myndsenurnar. <a href=\"https:\/\/iwell-guard.com\/is\/?page_id=169141\">Keltneski krossinn<\/a> er n\u00e1i\u00f0 tengdur \u00feessari list.<\/p><p>M\u00e1lmsm\u00ed\u00f0i, skartgripir og helgigripir eru einnig skreyttir hn\u00fataverki. F\u00ednleg vinna gullsmi\u00f0a framkv\u00e6mdi bandfl\u00f3kann \u00ed sm\u00e6rri st\u00e6r\u00f0.<\/p><p>\u00c1 \u00f6llum \u00feessum st\u00f6\u00f0um \u00fej\u00f3nar hn\u00faturinn fyrst og fremst skreytingarhlutverki. Hann fyllir fleti, rammar inn og skiptir upp. Ins\u00falversk list \u00fer\u00f3a\u00f0i \u00far \u00feessu hlutverki r\u00edkulegt skreytikerfi.<\/p><p>Keltneski hn\u00faturinn er \u00feannig fyrst og fremst skrautform kristinnar ins\u00falverskrar listar. Handrit, steinkrossar og m\u00e1lmsm\u00ed\u00f0i eru \u00feau verk \u00fear sem hann n\u00e1\u00f0i mestri \u00fer\u00f3un.<\/p>\t\t\t\t\t\t\t\t<\/div>\n\t\t\t\t<\/div>\n\t\t\t\t\t<\/div>\n\t\t\t\t<\/div>\n\t\t<div class=\"elementor-element elementor-element-iwgs-keltischerkn-s4 e-flex e-con-boxed e-con e-parent\" data-id=\"iwgs-keltischerkn-s4\" data-element_type=\"container\" data-e-type=\"container\">\n\t\t\t\t\t<div class=\"e-con-inner\">\n\t\t\t\t<div class=\"elementor-element elementor-element-iwgs-keltischerkn-s4h elementor-widget elementor-widget-heading\" data-id=\"iwgs-keltischerkn-s4h\" data-element_type=\"widget\" data-e-type=\"widget\" data-widget_type=\"heading.default\">\n\t\t\t\t\t<h2 class=\"elementor-heading-title elementor-size-default\">Hn\u00fatur vi\u00f0 hli\u00f0 sp\u00edral og triquetra<\/h2>\t\t\t\t<\/div>\n\t\t<div class=\"elementor-element elementor-element-iwgs-keltischerkn-s4box e-con-full e-flex e-con e-parent\" data-id=\"iwgs-keltischerkn-s4box\" data-element_type=\"container\" data-e-type=\"container\">\n\t\t\t\t<div class=\"elementor-element elementor-element-iwgs-keltischerkn-s4t elementor-widget elementor-widget-text-editor\" data-id=\"iwgs-keltischerkn-s4t\" data-element_type=\"widget\" data-e-type=\"widget\" data-widget_type=\"text-editor.default\">\n\t\t\t\t\t\t\t\t\t<p>Keltneski hn\u00faturinn stendur ekki einn. Hann tilheyrir h\u00f3pi munstra og t\u00e1kna sem mynda saman ins\u00falarska skreytilistina.<\/p><p>Auk fl\u00e9ttuhn\u00fatsins er sp\u00edralinn mikilv\u00e6gt <span class=\"iwg-fachbegriff\" data-tooltip=\"Endurteki\u00f0 efnisatri\u00f0i \u00ed list e\u00f0a fr\u00e1s\u00f6gn.\" tabindex=\"0\">myndefni<\/span>. Sp\u00edralmunstur eru me\u00f0al elstu skreytiforma ins\u00falarska heimsins og n\u00e1 langt aftur \u00ed t\u00edma, fyrir kristni.<\/p><p>S\u00e9rstakt, n\u00e1i\u00f0 tengt t\u00e1kn er tris\u00f3lan (triquetra), \u00fer\u00edhyrningshn\u00fatur ger\u00f0ur \u00far \u00feremur samfl\u00e9ttu\u00f0um bogum. Hann er \u00ed raun einfaldur, sk\u00fdrt afmarka\u00f0ur hn\u00fatur og er s\u00fdndur \u00e1 s\u00ed\u00f0unni um <a href=\"https:\/\/iwell-guard.com\/is\/?page_id=169139\">tris\u00f3luna<\/a>.<\/p><p>Fl\u00e9tta\u00f0ar d\u00fdramyndir eru einnig hluti af ins\u00falarskri list. \u00dear eru bolir, h\u00e1lsar og \u00fatlimir d\u00fdra samfl\u00e9tta\u00f0ir \u00ed mynstur sem er n\u00e1i\u00f0 tengt hn\u00fatamunstrunum.<\/p><p>\u00deessi \u00f3l\u00edku myndefni, fl\u00e9ttuhn\u00faturinn, sp\u00edralinn, tris\u00f3lan og d\u00fdrafl\u00e9ttan, koma oft fram saman. \u00deau myndar saman r\u00edkulegt skreytikerfi ins\u00falarskra handrita og steinverka.<\/p><p>Keltneski hn\u00faturinn er \u00feannig hluti af heilum skreytiheimi. Hann er fl\u00f3knasta og kannski fr\u00e6gasta atri\u00f0i\u00f0 \u00ed \u00feessum heimi, en hann stendur alltaf \u00ed samhengi vi\u00f0 sp\u00edral, tris\u00f3lu og d\u00fdrafl\u00e9ttu.<\/p>\t\t\t\t\t\t\t\t<\/div>\n\t\t\t\t<\/div>\n\t\t\t\t\t<\/div>\n\t\t\t\t<\/div>\n\t\t<div class=\"elementor-element elementor-element-iwgs-keltischerkn-s5 e-flex e-con-boxed e-con e-parent\" data-id=\"iwgs-keltischerkn-s5\" data-element_type=\"container\" data-e-type=\"container\">\n\t\t\t\t\t<div class=\"e-con-inner\">\n\t\t\t\t<div class=\"elementor-element elementor-element-iwgs-keltischerkn-s5h elementor-widget elementor-widget-heading\" data-id=\"iwgs-keltischerkn-s5h\" data-element_type=\"widget\" data-e-type=\"widget\" data-widget_type=\"heading.default\">\n\t\t\t\t\t<h2 class=\"elementor-heading-title elementor-size-default\">Spurningin um upprunalega merkingu<\/h2>\t\t\t\t<\/div>\n\t\t<div class=\"elementor-element elementor-element-iwgs-keltischerkn-s5box e-con-full e-flex e-con e-parent\" data-id=\"iwgs-keltischerkn-s5box\" data-element_type=\"container\" data-e-type=\"container\">\n\t\t\t\t<div class=\"elementor-element elementor-element-iwgs-keltischerkn-s5t elementor-widget elementor-widget-text-editor\" data-id=\"iwgs-keltischerkn-s5t\" data-element_type=\"widget\" data-e-type=\"widget\" data-widget_type=\"text-editor.default\">\n\t\t\t\t\t\t\t\t\t<p>Mikilv\u00e6g og oft spur\u00f0 spurning er s\u00fa um upprunalega merkingu keltneska hn\u00fatsins. Haf\u00f0i munstri\u00f0 fastm\u00f3ta\u00f0a tr\u00faarlega merkingu fyrir skapara s\u00edna?<\/p><p>Hi\u00f0 hreinskilna svar er a\u00f0 sl\u00edk fastm\u00f3tu\u00f0 merking fyrir einstaka hn\u00fata er yfirleitt ekki sannanleg. Listamenn hafa ekki l\u00e1ti\u00f0 neinar t\u00falkanir \u00e1 munstrum s\u00ednum var\u00f0veitast.<\/p><p>Margt bendir til \u00feess a\u00f0 hn\u00faturinn hafi fyrst og fremst veri\u00f0 skreytiform. Hann fyllti fleti, pr\u00fdddi og skipulag\u00f0i. Ver\u00f0m\u00e6ti hans l\u00e1 \u00ed fegur\u00f0 hans og \u00ed \u00feeirri leikni sem hann kraf\u00f0ist.<\/p><p>Sumir fr\u00e6\u00f0imenn hafa l\u00e1ti\u00f0 s\u00e9r detta \u00ed hug a\u00f0 samfl\u00e9ttu\u00f0u bandinu hafi einnig fylgt varnarleg merking. Hugmyndin um a\u00f0 fl\u00e9ttan ruglar og bindur \u00f3heillina er \u00feekkt \u00far \u00f6\u00f0rum menningarheimum.<\/p><p>Sl\u00edk varnarleg merking er \u00fe\u00f3 ekki \u00f6ruggt s\u00f6nnu\u00f0 fyrir keltneska hn\u00fatinn. H\u00fan er tilg\u00e1ta bygg\u00f0 \u00e1 samanbur\u00f0i, ekki \u00e1 var\u00f0veittum yfirl\u00fdsingum.<\/p><p>Hlutl\u00e6g framsetning nefnir \u00feessa st\u00f6\u00f0u opinsk\u00e1tt. Keltneski hn\u00faturinn er sanna\u00f0ur sem skreytiform. Fastm\u00f3tu\u00f0 tr\u00faarleg e\u00f0a verndandi merking er ekki sannanleg fyrir tilur\u00f0art\u00edma hans.<\/p>\t\t\t\t\t\t\t\t<\/div>\n\t\t\t\t<\/div>\n\t\t\t\t\t<\/div>\n\t\t\t\t<\/div>\n\t\t<div class=\"elementor-element elementor-element-iwgs-keltischerkn-s6 e-flex e-con-boxed e-con e-parent\" data-id=\"iwgs-keltischerkn-s6\" data-element_type=\"container\" data-e-type=\"container\">\n\t\t\t\t\t<div class=\"e-con-inner\">\n\t\t\t\t<div class=\"elementor-element elementor-element-iwgs-keltischerkn-s6h elementor-widget elementor-widget-heading\" data-id=\"iwgs-keltischerkn-s6h\" data-element_type=\"widget\" data-e-type=\"widget\" data-widget_type=\"heading.default\">\n\t\t\t\t\t<h2 class=\"elementor-heading-title elementor-size-default\">Hn\u00fatamyndefni\u00f0 og verndarhugmyndin<\/h2>\t\t\t\t<\/div>\n\t\t<div class=\"elementor-element elementor-element-iwgs-keltischerkn-s6box e-con-full e-flex e-con e-parent\" data-id=\"iwgs-keltischerkn-s6box\" data-element_type=\"container\" data-e-type=\"container\">\n\t\t\t\t<div class=\"elementor-element elementor-element-iwgs-keltischerkn-s6t elementor-widget elementor-widget-text-editor\" data-id=\"iwgs-keltischerkn-s6t\" data-element_type=\"widget\" data-e-type=\"widget\" data-widget_type=\"text-editor.default\">\n\t\t\t\t\t\t\t\t\t<p>\u00de\u00f3tt engin \u00f6rugg verndarmerking s\u00e9 sannanleg fyrir keltneska hn\u00fatinn sj\u00e1lfan, er hugmyndin um verndandi hn\u00fat vel sta\u00f0fest \u00ed \u00f6\u00f0rum menningarheimum.<\/p><p>\u00cd m\u00f6rgum hef\u00f0um var hn\u00faturinn talinn verndargripur. Hugmyndin \u00e1 bak vi\u00f0 \u00fea\u00f0 er myndr\u00edk. Fl\u00f3kin fl\u00e9tta heldur f\u00f6stu, bindur og ruglar.<\/p><p>Samkv\u00e6mt \u00feessari hugmynd festist \u00f3heillin \u00ed fl\u00e6kjum hn\u00fatsins. H\u00fan getur ekki fylgt samfl\u00e9ttu\u00f0um lei\u00f0unum og kemst ekki a\u00f0 \u00fev\u00ed sem hn\u00faturinn umlykur.<\/p><p>Endalaust, \u00f3sliti\u00f0 band styrkir \u00feessa hugmynd. \u00dea\u00f0 myndar loka\u00f0a l\u00ednu \u00e1n bils sem \u00f3heillin g\u00e6ti smogi\u00f0 inn um.<\/p><p>\u00dea\u00f0 er m\u00f6gulegt a\u00f0 ins\u00falarska hn\u00fatalistin hafi einnig veri\u00f0 snortin af sl\u00edkum hugmyndum. \u00deetta er \u00fe\u00f3 ekki \u00f6ruggt sannanlegt. Verndarhugmyndin er \u00e1fram vel grundv\u00f6llu\u00f0 tilg\u00e1ta.<\/p><p>Keltneski hn\u00faturinn er \u00feannig gott d\u00e6mi um \u00fe\u00e1 vark\u00e1rni sem hlutl\u00e6g framsetning krefst. Hn\u00fatamyndefni\u00f0 er tengt vernd \u00e1 \u00f6\u00f0rum st\u00f6\u00f0um. Fyrir keltneska hn\u00fatinn sj\u00e1lfan er \u00feetta ekki sanna\u00f0.<\/p>\t\t\t\t\t\t\t\t<\/div>\n\t\t\t\t<\/div>\n\t\t\t\t\t<\/div>\n\t\t\t\t<\/div>\n\t\t<div class=\"elementor-element elementor-element-iwgs-keltischerkn-s7 e-flex e-con-boxed e-con e-parent\" data-id=\"iwgs-keltischerkn-s7\" data-element_type=\"container\" data-e-type=\"container\">\n\t\t\t\t\t<div class=\"e-con-inner\">\n\t\t\t\t<div class=\"elementor-element elementor-element-iwgs-keltischerkn-s7h elementor-widget elementor-widget-heading\" data-id=\"iwgs-keltischerkn-s7h\" data-element_type=\"widget\" data-e-type=\"widget\" data-widget_type=\"heading.default\">\n\t\t\t\t\t<h2 class=\"elementor-heading-title elementor-size-default\">N\u00fat\u00edmaleg t\u00falkun hn\u00fatsins<\/h2>\t\t\t\t<\/div>\n\t\t<div class=\"elementor-element elementor-element-iwgs-keltischerkn-s7box e-con-full e-flex e-con e-parent\" data-id=\"iwgs-keltischerkn-s7box\" data-element_type=\"container\" data-e-type=\"container\">\n\t\t\t\t<div class=\"elementor-element elementor-element-iwgs-keltischerkn-s7t elementor-widget elementor-widget-text-editor\" data-id=\"iwgs-keltischerkn-s7t\" data-element_type=\"widget\" data-e-type=\"widget\" data-widget_type=\"text-editor.default\">\n\t\t\t\t\t\t\t\t\t<p>Umfram hina sannanlegu s\u00f6gu hefur keltneski hn\u00faturinn fengi\u00f0 r\u00edkulega t\u00falkun \u00e1 n\u00fd\u00f6ld. \u00deessa n\u00fat\u00edmalegu t\u00falkun ber a\u00f0 greina fr\u00e1 mi\u00f0aldalistinni.<\/p><p>\u00cd n\u00fat\u00edmalegum skilningi er endalausa bandi\u00f0 oft lesi\u00f0 sem <span class=\"iwg-fachbegriff\" data-tooltip=\"Myndr\u00edk l\u00fdsing sem stendur fyrir \u00f3hlutbundna hugmynd.\" tabindex=\"0\">sinnbild<\/span> eil\u00edf\u00f0arinnar. Hn\u00faturinn \u00e1n upphafs og endis stendur \u00fe\u00e1 fyrir hi\u00f0 eil\u00edfa, hi\u00f0 st\u00f6\u00f0uga og \u00fea\u00f0 sem h\u00e6ttir ekki.<\/p><p>Algeng er einnig t\u00falkunin sem t\u00e1kn um tengsl. Samfl\u00e9tta\u00f0a bandi\u00f0 er skili\u00f0 sem mynd fyrir \u00f3rj\u00fafanleg b\u00f6nd milli manna, til d\u00e6mis milli tveggja elskenda.<\/p><p>\u00cd \u00feessari t\u00falkun hefur keltneski hn\u00faturinn or\u00f0i\u00f0 vins\u00e6lt t\u00e1kn \u00ed br\u00fa\u00f0kaupum og \u00ed samb\u00f6ndum. Endalausa bandi\u00f0 stendur fyrir varanlegt, \u00f3rofi\u00f0 samband.<\/p><p>\u00deessar t\u00falkanir eru ekki rangar, en \u00fe\u00e6r eru n\u00fat\u00edmalegar. \u00de\u00e6r t\u00falka endalausa bandi\u00f0 \u00e1 h\u00e1tt sem er ekki sannanlegur fyrir mi\u00f0aldalistamennina.<\/p><p>Hreinskilin framsetning greinir \u00feannig milli tveggja svi\u00f0a. Keltneski hn\u00faturinn er mi\u00f0aldaskreytiform. T\u00falkunin sem t\u00e1kn eil\u00edf\u00f0ar og tengsla er s\u00ed\u00f0ari, n\u00fat\u00edmaleg tilb\u00faningur.<\/p>\t\t\t\t\t\t\t\t<\/div>\n\t\t\t\t<\/div>\n\t\t\t\t\t<\/div>\n\t\t\t\t<\/div>\n\t\t<div class=\"elementor-element elementor-element-iwgs-keltischerkn-s8 e-flex e-con-boxed e-con e-parent\" data-id=\"iwgs-keltischerkn-s8\" data-element_type=\"container\" data-e-type=\"container\">\n\t\t\t\t\t<div class=\"e-con-inner\">\n\t\t\t\t<div class=\"elementor-element elementor-element-iwgs-keltischerkn-s8h elementor-widget elementor-widget-heading\" data-id=\"iwgs-keltischerkn-s8h\" data-element_type=\"widget\" data-e-type=\"widget\" data-widget_type=\"heading.default\">\n\t\t\t\t\t<h2 class=\"elementor-heading-title elementor-size-default\">M\u00f3tt\u00f6kur \u00ed dag<\/h2>\t\t\t\t<\/div>\n\t\t<div class=\"elementor-element elementor-element-iwgs-keltischerkn-s8box e-con-full e-flex e-con e-parent\" data-id=\"iwgs-keltischerkn-s8box\" data-element_type=\"container\" data-e-type=\"container\">\n\t\t\t\t<div class=\"elementor-element elementor-element-iwgs-keltischerkn-s8t elementor-widget elementor-widget-text-editor\" data-id=\"iwgs-keltischerkn-s8t\" data-element_type=\"widget\" data-e-type=\"widget\" data-widget_type=\"text-editor.default\">\n\t\t\t\t\t\t\t\t\t<p>Keltneski hn\u00faturinn er \u00ed dag eitt af \u00feekktustu og vins\u00e6lustu t\u00e1knum \u00far keltneska menningarheiminum. Hann er \u00fatbreiddur langt \u00fat fyrir \u00cdrland og Bretlandseyjar.<\/p><p>Sem skartgripur er keltneski hn\u00faturinn s\u00e9rstaklega vins\u00e6ll. Hringir, hengiskrautir og armb\u00f6nd me\u00f0 hn\u00fatamunstrum eru framleidd og borin \u00ed miklum m\u00e6li.<\/p><p>Keltneski hn\u00faturinn hefur einnig \u00fe\u00fd\u00f0ingu sem t\u00e1kn um uppruna. \u00cd \u00edrskum samf\u00e9l\u00f6gum um allan heim er hann kennileiti sem tj\u00e1ir tengslin vi\u00f0 upprunasv\u00e6\u00f0i\u00f0.<\/p><p>\u00cd n\u00fat\u00edmalegri notkun er venjulega t\u00falkunin sem t\u00e1kn eil\u00edf\u00f0ar og tengsla \u00ed forgrunni. Keltneski hn\u00faturinn er or\u00f0i\u00f0 vins\u00e6lt t\u00e1kn \u00ed br\u00fa\u00f0kaupum.<\/p><p>Fyrir listas\u00f6gu og <span class=\"iwg-fachbegriff\" data-tooltip=\"V\u00edsindin sem rannsaka tr\u00faarbr\u00f6g\u00f0 samanbur\u00f0arlega og \u00e1n tr\u00faarlegrar skuldbindingar.\" tabindex=\"0\">tr\u00faarbrag\u00f0afr\u00e6\u00f0i<\/span> er keltneski hn\u00faturinn \u00e1fram fr\u00f3\u00f0legur. Hann s\u00fdnir hvernig mi\u00f0aldaskreytiform er hla\u00f0i\u00f0 n\u00fdjum merkingum \u00e1 n\u00fd\u00f6ld.<\/p><p>Keltneski hn\u00faturinn er \u00feannig sl\u00e1andi d\u00e6mi um t\u00e1kn me\u00f0 tv\u00e6r s\u00f6gur. Hann er r\u00edkulegt skreytiform ins\u00falarskrar listar, og hann er n\u00fat\u00edmalegt <span class=\"iwg-fachbegriff\" data-tooltip=\"Myndr\u00edk l\u00fdsing sem stendur fyrir \u00f3hlutbundna hugmynd.\" tabindex=\"0\">sinnbild<\/span> eil\u00edf\u00f0ar og tengsla.<\/p>\t\t\t\t\t\t\t\t<\/div>\n\t\t\t\t<\/div>\n\t\t\t\t\t<\/div>\n\t\t\t\t<\/div>\n\t\t<div class=\"elementor-element elementor-element-iwgs-keltischerkn-lit e-flex e-con-boxed e-con e-parent\" data-id=\"iwgs-keltischerkn-lit\" data-element_type=\"container\" data-e-type=\"container\">\n\t\t\t\t\t<div class=\"e-con-inner\">\n\t\t\t\t<div class=\"elementor-element elementor-element-iwgs-keltischerkn-lith elementor-widget elementor-widget-heading\" data-id=\"iwgs-keltischerkn-lith\" data-element_type=\"widget\" data-e-type=\"widget\" data-widget_type=\"heading.default\">\n\t\t\t\t\t<h2 class=\"elementor-heading-title elementor-size-default\">Heimildir (\u00farval)<\/h2>\t\t\t\t<\/div>\n\t\t<div class=\"elementor-element elementor-element-iwgs-keltischerkn-litbox e-con-full e-flex e-con e-parent\" data-id=\"iwgs-keltischerkn-litbox\" data-element_type=\"container\" data-e-type=\"container\">\n\t\t\t\t<div class=\"elementor-element elementor-element-iwgs-keltischerkn-litt elementor-widget elementor-widget-html\" data-id=\"iwgs-keltischerkn-litt\" data-element_type=\"widget\" data-e-type=\"widget\" data-widget_type=\"html.default\">\n\t\t\t\t\t<footer data-nosnippet=\"true\"><ul><li>George Bain: <em>Celtic Art. The Methods of Construction<\/em> (1951)<\/li><li>Ruth Megaw, Vincent Megaw: <em>Celtic Art. From its Beginnings to the Book of Kells<\/em> (1989)<\/li><li>Bernard Meehan: <em>The Book of Kells<\/em> (1994)<\/li><li>Hilary Richardson: <em>Celtic Art<\/em> (1996)<\/li><li>Nancy Edwards: <em>The Archaeology of Early Medieval Ireland<\/em> (1990)<\/li><\/ul><\/footer>\t\t\t\t<\/div>\n\t\t\t\t<\/div>\n\t\t\t\t\t<\/div>\n\t\t\t\t<\/div>\n\t\t<div class=\"elementor-element elementor-element-iwgs-keltischerkn-kwd e-flex e-con-boxed e-con e-parent\" data-id=\"iwgs-keltischerkn-kwd\" data-element_type=\"container\" data-e-type=\"container\">\n\t\t\t\t\t<div class=\"e-con-inner\">\n\t\t\t\t<div class=\"elementor-element elementor-element-iwgs-keltischerkn-kwdt elementor-widget elementor-widget-text-editor\" data-id=\"iwgs-keltischerkn-kwdt\" data-element_type=\"widget\" data-e-type=\"widget\" data-widget_type=\"text-editor.default\">\n\t\t\t\t\t\t\t\t\t<p><em>Tengd leitaror\u00f0: keltneskur hn\u00fatur hn\u00fatamynstur eyjalist \u00f3endanlegt band fl\u00farverk h\u00e1kross triquetra sp\u00edrall hn\u00fatart\u00e1kn mi\u00f0aldir.<\/em><\/p>\t\t\t\t\t\t\t\t<\/div>\n\t\t\t\t\t<\/div>\n\t\t\t\t<\/div>\n\t\t<div class=\"elementor-element elementor-element-iwgs-keltischerkn-cc e-flex e-con-boxed e-con e-parent\" data-id=\"iwgs-keltischerkn-cc\" data-element_type=\"container\" data-e-type=\"container\" id=\"iwg-cc-keltischer-knoten\">\n\t\t\t\t\t<div class=\"e-con-inner\">\n\t\t<div class=\"elementor-element elementor-element-iwgs-keltischerkn-ccinner e-flex e-con-boxed e-con e-parent\" data-id=\"iwgs-keltischerkn-ccinner\" data-element_type=\"container\" data-e-type=\"container\" data-settings=\"{&quot;background_background&quot;:&quot;classic&quot;}\">\n\t\t\t\t\t<div class=\"e-con-inner\">\n\t\t\t\t<div class=\"elementor-element elementor-element-iwgs-keltischerkn-cch elementor-widget elementor-widget-heading\" data-id=\"iwgs-keltischerkn-cch\" data-element_type=\"widget\" data-e-type=\"widget\" data-widget_type=\"heading.default\">\n\t\t\t\t\t<h2 class=\"elementor-heading-title elementor-size-default\">iWell Guard og verndarhef\u00f0ir<\/h2>\t\t\t\t<\/div>\n\t\t\t\t<div class=\"elementor-element elementor-element-iwgs-keltischerkn-cct elementor-widget elementor-widget-text-editor\" data-id=\"iwgs-keltischerkn-cct\" data-element_type=\"widget\" data-e-type=\"widget\" data-widget_type=\"text-editor.default\">\n\t\t\t\t\t\t\t\t\t<p>iWell Guard fellur \u00ed \u00fe\u00e1 menningars\u00f6gulegu hef\u00f0 farmlegra verndargripa sem keltneski hn\u00faturinn er einnig hluti af. N\u00fat\u00edmalegur f\u00f6runautur fyrir f\u00f3lk sem lifir me\u00f0 verndart\u00e1knum: framleiddur \u00ed \u00de\u00fdskalandi, 41 lag af sk\u00edragulli, plat\u00ednu og silfri, me\u00f0 30 daga skilar\u00e9tti.<\/p>\t\t\t\t\t\t\t\t<\/div>\n\t\t\t\t<div class=\"elementor-element elementor-element-iwgs-keltischerkn-ccb iwg-cc-button iwg-cc-cta-2026-05-13 elementor-widget elementor-widget-jet-button\" data-id=\"iwgs-keltischerkn-ccb\" data-element_type=\"widget\" data-e-type=\"widget\" data-widget_type=\"jet-button.default\">\n\t\t\t\t<div class=\"elementor-widget-container\">\n\t\t\t\t\t<div class=\"elementor-jet-button jet-elements\"><div class=\"jet-button__container\"><a class=\"jet-button__instance jet-button__instance--icon-left hover-effect-1\" href=\"\/schutzanhaenger-iwell-guard-kaufen\/?utm_source=iwell-guard.com&amp;utm_medium=info-box&amp;utm_campaign=schutzsymbole\"><div class=\"jet-button__plane jet-button__plane-normal\"><\/div><div class=\"jet-button__plane jet-button__plane-hover\"><\/div><div class=\"jet-button__state jet-button__state-normal\"><span class=\"jet-button__label\">Meira um iWell Guard<\/span><\/div><div class=\"jet-button__state jet-button__state-hover\"><span class=\"jet-button__label\">Meira um iWell Guard<\/span><\/div><\/a><\/div><\/div><style>.elementor-element.elementor-element-iwgs-keltischerkn-ccb .jet-button__instance{width:320px;height:56px;}.elementor-element.elementor-element-iwgs-keltischerkn-ccb .jet-button__state-normal .jet-button__label{text-align:center;margin:0px 0px 0px 0px;color:#1a1b20;font-family:Montserrat,sans-serif;font-size:13px;font-weight:400;letter-spacing:4px;line-height:1.714em;text-transform:uppercase;}.elementor-element.elementor-element-iwgs-keltischerkn-ccb .jet-button__state-hover .jet-button__label{text-align:center;margin:0px 0px 0px 0px;color:#FECC76;font-family:Montserrat,sans-serif;font-size:13px;font-weight:400;letter-spacing:4px;line-height:1.714em;text-transform:uppercase;}.elementor-element.elementor-element-iwgs-keltischerkn-ccb .jet-button__plane-normal{background-color:#FECC76;border-style:solid;border-color:#C99540;border-width:2px 2px 2px 2px;}.elementor-element.elementor-element-iwgs-keltischerkn-ccb .jet-button__plane-hover{background-color:rgba(0,0,0,0.55);border-style:solid;border-color:#FECC76;border-width:2px 2px 2px 2px;}<\/style>\t\t\t\t<\/div>\n\t\t\t\t<\/div>\n\t\t\t\t<div class=\"elementor-element elementor-element-iwgs-keltischerkn-ccd elementor-widget elementor-widget-text-editor\" data-id=\"iwgs-keltischerkn-ccd\" data-element_type=\"widget\" data-e-type=\"widget\" data-widget_type=\"text-editor.default\">\n\t\t\t\t\t\t\t\t\t<p style=\"text-align:center;font-size:13px;opacity:0.7;margin-top:14px\" data-nosnippet=\"true\">Pers\u00f3nuleg reynsla getur veri\u00f0 mismunandi. Ekki l\u00e6kningat\u00e6ki. Engin lofor\u00f0 um l\u00e6kningu.<\/p>\t\t\t\t\t\t\t\t<\/div>\n\t\t\t\t\t<\/div>\n\t\t\t\t<\/div>\n\t\t\t\t\t<\/div>\n\t\t\t\t<\/div>\n\t\t<div class=\"elementor-element elementor-element-iwgs-keltischerkn-disc e-flex e-con-boxed e-con e-parent\" data-id=\"iwgs-keltischerkn-disc\" data-element_type=\"container\" data-e-type=\"container\">\n\t\t\t\t\t<div class=\"e-con-inner\">\n\t\t\t\t<div class=\"elementor-element elementor-element-iwgs-keltischerkn-discw elementor-widget elementor-widget-html\" data-id=\"iwgs-keltischerkn-discw\" data-element_type=\"widget\" data-e-type=\"widget\" data-widget_type=\"html.default\">\n\t\t\t\t\t<footer data-nosnippet=\"true\" class=\"iwg-disclaimer-block\"><p data-nosnippet=\"true\">iWell Guard er <strong>ekki l\u00e6kningat\u00e6ki<\/strong> og kemur ekki \u00ed sta\u00f0 l\u00e6knis- e\u00f0a s\u00e1lfr\u00e6\u00f0ime\u00f0fer\u00f0ar. Innihaldi\u00f0 sem h\u00e9r er sett fram er tr\u00faarbrag\u00f0afr\u00e6\u00f0ileg og menningars\u00f6gulega greining, ekki lofor\u00f0 um andlega virkni.<\/p><\/footer>\t\t\t\t<\/div>\n\t\t\t\t\t<\/div>\n\t\t\t\t<\/div>\n\t\t\t\t<\/div>\n\t\t","protected":false},"excerpt":{"rendered":"","protected":false},"author":3,"featured_media":3484,"parent":0,"menu_order":0,"comment_status":"closed","ping_status":"closed","template":"elementor_header_footer","meta":{"_yoast_wpseo_focuskw":"keltneskur hn\u00fatur","_yoast_wpseo_title":"Keltneski hn\u00faturinn \u2013 endalausa mynstri\u00f0","_yoast_wpseo_metadesc":"Keltneski hn\u00faturinn er endalausa fl\u00e9tta\u00f0a hn\u00fatamynstri\u00f0 \u00ed ins\u00falverskri list. Uppruni og merking \u00fatsk\u00fdr\u00f0 \u00e1 a\u00f0gengilegan h\u00e1tt.","_yoast_wpseo_meta-robots-noindex":"","_yoast_wpseo_canonical":"","_angie_page":false,"gefaehrdungsstufe":"","wesen_kultur":"","wesen_klasse":"","footnotes":""},"categories":[],"class_list":["post-169213","page","type-page","status-publish","has-post-thumbnail","hentry"],"yoast_head":"<!-- This site is optimized with the Yoast SEO Premium plugin v27.7 (Yoast SEO v28.3) - https:\/\/yoast.com\/product\/yoast-seo-premium-wordpress\/ -->\n<title>Keltneski hn\u00faturinn \u2013 endalausa mynstri\u00f0<\/title>\n<meta name=\"description\" content=\"Keltneski hn\u00faturinn er endalausa fl\u00e9tta\u00f0a hn\u00fatamynstri\u00f0 \u00ed ins\u00falverskri list. Uppruni og merking \u00fatsk\u00fdr\u00f0 \u00e1 a\u00f0gengilegan h\u00e1tt.\" \/>\n<meta name=\"robots\" content=\"index, follow, max-snippet:-1, max-image-preview:large, max-video-preview:-1\" \/>\n<link rel=\"canonical\" href=\"https:\/\/iwell-guard.com\/is\/keltneski-hnuturinn-endalaust-mynstur\/\" \/>\n<meta property=\"og:locale\" content=\"is_IS\" \/>\n<meta property=\"og:type\" content=\"article\" \/>\n<meta property=\"og:title\" content=\"Keltneski hn\u00faturinn \u2013 endalausa hn\u00fatamynstri\u00f0\" \/>\n<meta property=\"og:description\" content=\"Keltneski hn\u00faturinn er endalausa fl\u00e9tta\u00f0a hn\u00fatamynstri\u00f0 \u00ed ins\u00falverskri list. Uppruni og merking \u00fatsk\u00fdr\u00f0 \u00e1 a\u00f0gengilegan h\u00e1tt.\" \/>\n<meta property=\"og:url\" content=\"https:\/\/iwell-guard.com\/is\/keltneski-hnuturinn-endalaust-mynstur\/\" \/>\n<meta property=\"og:site_name\" content=\"iWell Guard\" \/>\n<meta property=\"article:modified_time\" content=\"2026-09-05T14:35:09+00:00\" \/>\n<meta property=\"og:image\" content=\"https:\/\/iwell-guard.com\/wp-content\/uploads\/2026\/05\/schutzsymbol_keltisch_keltischer-knoten.webp\" \/>\n\t<meta property=\"og:image:width\" content=\"1024\" \/>\n\t<meta property=\"og:image:height\" content=\"1536\" \/>\n\t<meta property=\"og:image:type\" content=\"image\/webp\" \/>\n<meta name=\"twitter:card\" content=\"summary_large_image\" \/>\n<script type=\"application\/ld+json\" class=\"yoast-schema-graph\">{\"@context\":\"https:\\\/\\\/schema.org\",\"@graph\":[{\"@type\":\"WebPage\",\"@id\":\"https:\\\/\\\/iwell-guard.com\\\/is\\\/keltneski-hnuturinn-endalaust-mynstur\\\/\",\"url\":\"https:\\\/\\\/iwell-guard.com\\\/is\\\/keltneski-hnuturinn-endalaust-mynstur\\\/\",\"name\":\"Keltneski hn\u00faturinn \u2013 endalausa mynstri\u00f0\",\"isPartOf\":{\"@id\":\"https:\\\/\\\/iwell-guard.com\\\/is\\\/#website\"},\"primaryImageOfPage\":{\"@id\":\"https:\\\/\\\/iwell-guard.com\\\/is\\\/keltneski-hnuturinn-endalaust-mynstur\\\/#primaryimage\"},\"image\":{\"@id\":\"https:\\\/\\\/iwell-guard.com\\\/is\\\/keltneski-hnuturinn-endalaust-mynstur\\\/#primaryimage\"},\"thumbnailUrl\":\"https:\\\/\\\/iwell-guard.com\\\/wp-content\\\/uploads\\\/2026\\\/05\\\/schutzsymbol_keltisch_keltischer-knoten.webp\",\"datePublished\":\"2026-09-05T14:06:32+00:00\",\"dateModified\":\"2026-09-05T14:35:09+00:00\",\"description\":\"Keltneski hn\u00faturinn er endalausa fl\u00e9tta\u00f0a hn\u00fatamynstri\u00f0 \u00ed ins\u00falverskri list. Uppruni og merking \u00fatsk\u00fdr\u00f0 \u00e1 a\u00f0gengilegan h\u00e1tt.\",\"breadcrumb\":{\"@id\":\"https:\\\/\\\/iwell-guard.com\\\/is\\\/keltneski-hnuturinn-endalaust-mynstur\\\/#breadcrumb\"},\"inLanguage\":\"is\",\"potentialAction\":[{\"@type\":\"ReadAction\",\"target\":[\"https:\\\/\\\/iwell-guard.com\\\/is\\\/keltneski-hnuturinn-endalaust-mynstur\\\/\"]}]},{\"@type\":\"ImageObject\",\"inLanguage\":\"is\",\"@id\":\"https:\\\/\\\/iwell-guard.com\\\/is\\\/keltneski-hnuturinn-endalaust-mynstur\\\/#primaryimage\",\"url\":\"https:\\\/\\\/iwell-guard.com\\\/wp-content\\\/uploads\\\/2026\\\/05\\\/schutzsymbol_keltisch_keltischer-knoten.webp\",\"contentUrl\":\"https:\\\/\\\/iwell-guard.com\\\/wp-content\\\/uploads\\\/2026\\\/05\\\/schutzsymbol_keltisch_keltischer-knoten.webp\",\"width\":1024,\"height\":1536,\"caption\":\"Verndart\u00e1kn. Myndskreyting \u00ed safnst\u00edl.\"},{\"@type\":\"BreadcrumbList\",\"@id\":\"https:\\\/\\\/iwell-guard.com\\\/is\\\/keltneski-hnuturinn-endalaust-mynstur\\\/#breadcrumb\",\"itemListElement\":[{\"@type\":\"ListItem\",\"position\":1,\"name\":\"Start\",\"item\":\"https:\\\/\\\/iwell-guard.com\\\/is\\\/?page_id=168580\"},{\"@type\":\"ListItem\",\"position\":2,\"name\":\"Keltneski hn\u00faturinn \u2013 endalausa hn\u00fatamynstri\u00f0\"}]},{\"@type\":\"WebSite\",\"@id\":\"https:\\\/\\\/iwell-guard.com\\\/is\\\/#website\",\"url\":\"https:\\\/\\\/iwell-guard.com\\\/is\\\/\",\"name\":\"iWell Guard\",\"description\":\"Schutz vor dunklen Einfl\u00fcssen\",\"publisher\":{\"@id\":\"https:\\\/\\\/iwell-guard.com\\\/is\\\/#organization\"},\"potentialAction\":[{\"@type\":\"SearchAction\",\"target\":{\"@type\":\"EntryPoint\",\"urlTemplate\":\"https:\\\/\\\/iwell-guard.com\\\/is\\\/?s={search_term_string}\"},\"query-input\":{\"@type\":\"PropertyValueSpecification\",\"valueRequired\":true,\"valueName\":\"search_term_string\"}}],\"inLanguage\":\"is\"},{\"@type\":\"Organization\",\"@id\":\"https:\\\/\\\/iwell-guard.com\\\/is\\\/#organization\",\"name\":\"Ittermann electronic GmbH\",\"url\":\"https:\\\/\\\/iwell-guard.com\\\/is\\\/\",\"logo\":{\"@type\":\"ImageObject\",\"inLanguage\":\"is\",\"@id\":\"https:\\\/\\\/iwell-guard.com\\\/is\\\/#\\\/schema\\\/logo\\\/image\\\/\",\"url\":\"https:\\\/\\\/iwell-guard.com\\\/wp-content\\\/uploads\\\/2026\\\/05\\\/Ittermann-Logo-1182x237-1.png\",\"contentUrl\":\"https:\\\/\\\/iwell-guard.com\\\/wp-content\\\/uploads\\\/2026\\\/05\\\/Ittermann-Logo-1182x237-1.png\",\"width\":1182,\"height\":237,\"caption\":\"Ittermann electronic GmbH\"},\"image\":{\"@id\":\"https:\\\/\\\/iwell-guard.com\\\/is\\\/#\\\/schema\\\/logo\\\/image\\\/\"},\"sameAs\":[\"https:\\\/\\\/pantip.com\\\/profile\\\/9367242\",\"https:\\\/\\\/micro.blog\\\/iwellguard\",\"https:\\\/\\\/www.diggerslist.com\\\/iwellguard\\\/about\",\"https:\\\/\\\/skitterphoto.com\\\/photographers\\\/2870314\\\/iwell-guard\",\"https:\\\/\\\/iwellguard.wordpress.com\\\/2026\\\/06\\\/06\\\/iwell-guard\\\/\",\"https:\\\/\\\/hub.docker.com\\\/u\\\/iwellguard\",\"https:\\\/\\\/www.pinterest.com\\\/iwellguard\\\/\",\"https:\\\/\\\/bit.ly\\\/m\\\/iwellguard\",\"https:\\\/\\\/entre-vos-mains.alsace.eu\\\/profiles\\\/iwellguard\\\/activity\",\"https:\\\/\\\/gravatar.com\\\/reallybeded8fd34\",\"https:\\\/\\\/naijamatta.com\\\/iwellguard\",\"https:\\\/\\\/www.goodreads.com\\\/iwellguard\",\"https:\\\/\\\/profile.hatena.ne.jp\\\/iwellguard\\\/\",\"https:\\\/\\\/experiment.com\\\/users\\\/iwellguard\",\"https:\\\/\\\/wakelet.com\\\/@iWellGuard82270\",\"https:\\\/\\\/www.chordie.com\\\/forum\\\/profile.php?id=2555664\",\"https:\\\/\\\/www.instapaper.com\\\/p\\\/17757966\",\"https:\\\/\\\/www.mapleprimes.com\\\/users\\\/iwellguard\",\"https:\\\/\\\/businesslistingplus.com\\\/profile\\\/iwell-guard\\\/\",\"https:\\\/\\\/telegra.ph\\\/iWell-Guard-06-06\",\"https:\\\/\\\/pbase.com\\\/iwellguard\\\/iwellguard\",\"https:\\\/\\\/b.hatena.ne.jp\\\/iwellguard\\\/20260607#bookmark-4788405196491818882\",\"https:\\\/\\\/fliphtml5.com\\\/home\\\/iwellguard\",\"https:\\\/\\\/anyflip.com\\\/homepage\\\/cmiwl#About\",\"https:\\\/\\\/transfur.com\\\/Users\\\/iwellguard\",\"http:\\\/\\\/delphi.larsbo.org\\\/user\\\/iwellguard\",\"https:\\\/\\\/jobs.lajobsportal.org\\\/profiles\\\/8380803-iwell-guard\",\"https:\\\/\\\/md.chaosdorf.de\\\/s\\\/jfbe5SBdJD\",\"https:\\\/\\\/www.lingvolive.com\\\/en-us\\\/profile\\\/9ecaeaca-ce11-4e51-9e71-01d55e2bff36\\\/translations\",\"https:\\\/\\\/www.fitday.com\\\/fitness\\\/forums\\\/members\\\/iwellguard.html\",\"https:\\\/\\\/www.mymeetbook.com\\\/iwellguard\",\"https:\\\/\\\/pxhere.com\\\/en\\\/photographer-me\\\/5040798\",\"https:\\\/\\\/disqus.com\\\/by\\\/iwellguard\\\/about\\\/\",\"https:\\\/\\\/pastelink.net\\\/hjwciqwq\",\"https:\\\/\\\/pubhtml5.com\\\/homepage\\\/scjhn\\\/\",\"https:\\\/\\\/www.bitchute.com\\\/channel\\\/2O2eOKzNqujT\",\"https:\\\/\\\/audiomack.com\\\/iwellguard\"]}]}<\/script>\n<!-- \/ Yoast SEO Premium plugin. -->","yoast_head_json":{"title":"Keltneski hn\u00faturinn \u2013 endalausa mynstri\u00f0","description":"Keltneski hn\u00faturinn er endalausa fl\u00e9tta\u00f0a hn\u00fatamynstri\u00f0 \u00ed ins\u00falverskri list. Uppruni og merking \u00fatsk\u00fdr\u00f0 \u00e1 a\u00f0gengilegan h\u00e1tt.","robots":{"index":"index","follow":"follow","max-snippet":"max-snippet:-1","max-image-preview":"max-image-preview:large","max-video-preview":"max-video-preview:-1"},"canonical":"https:\/\/iwell-guard.com\/is\/keltneski-hnuturinn-endalaust-mynstur\/","og_locale":"is_IS","og_type":"article","og_title":"Keltneski hn\u00faturinn \u2013 endalausa hn\u00fatamynstri\u00f0","og_description":"Keltneski hn\u00faturinn er endalausa fl\u00e9tta\u00f0a hn\u00fatamynstri\u00f0 \u00ed ins\u00falverskri list. Uppruni og merking \u00fatsk\u00fdr\u00f0 \u00e1 a\u00f0gengilegan h\u00e1tt.","og_url":"https:\/\/iwell-guard.com\/is\/keltneski-hnuturinn-endalaust-mynstur\/","og_site_name":"iWell Guard","article_modified_time":"2026-09-05T14:35:09+00:00","og_image":[{"width":1024,"height":1536,"url":"https:\/\/iwell-guard.com\/wp-content\/uploads\/2026\/05\/schutzsymbol_keltisch_keltischer-knoten.webp","type":"image\/webp"}],"twitter_card":"summary_large_image","schema":{"@context":"https:\/\/schema.org","@graph":[{"@type":"WebPage","@id":"https:\/\/iwell-guard.com\/is\/keltneski-hnuturinn-endalaust-mynstur\/","url":"https:\/\/iwell-guard.com\/is\/keltneski-hnuturinn-endalaust-mynstur\/","name":"Keltneski hn\u00faturinn \u2013 endalausa mynstri\u00f0","isPartOf":{"@id":"https:\/\/iwell-guard.com\/is\/#website"},"primaryImageOfPage":{"@id":"https:\/\/iwell-guard.com\/is\/keltneski-hnuturinn-endalaust-mynstur\/#primaryimage"},"image":{"@id":"https:\/\/iwell-guard.com\/is\/keltneski-hnuturinn-endalaust-mynstur\/#primaryimage"},"thumbnailUrl":"https:\/\/iwell-guard.com\/wp-content\/uploads\/2026\/05\/schutzsymbol_keltisch_keltischer-knoten.webp","datePublished":"2026-09-05T14:06:32+00:00","dateModified":"2026-09-05T14:35:09+00:00","description":"Keltneski hn\u00faturinn er endalausa fl\u00e9tta\u00f0a hn\u00fatamynstri\u00f0 \u00ed ins\u00falverskri list. Uppruni og merking \u00fatsk\u00fdr\u00f0 \u00e1 a\u00f0gengilegan h\u00e1tt.","breadcrumb":{"@id":"https:\/\/iwell-guard.com\/is\/keltneski-hnuturinn-endalaust-mynstur\/#breadcrumb"},"inLanguage":"is","potentialAction":[{"@type":"ReadAction","target":["https:\/\/iwell-guard.com\/is\/keltneski-hnuturinn-endalaust-mynstur\/"]}]},{"@type":"ImageObject","inLanguage":"is","@id":"https:\/\/iwell-guard.com\/is\/keltneski-hnuturinn-endalaust-mynstur\/#primaryimage","url":"https:\/\/iwell-guard.com\/wp-content\/uploads\/2026\/05\/schutzsymbol_keltisch_keltischer-knoten.webp","contentUrl":"https:\/\/iwell-guard.com\/wp-content\/uploads\/2026\/05\/schutzsymbol_keltisch_keltischer-knoten.webp","width":1024,"height":1536,"caption":"Verndart\u00e1kn. Myndskreyting \u00ed safnst\u00edl."},{"@type":"BreadcrumbList","@id":"https:\/\/iwell-guard.com\/is\/keltneski-hnuturinn-endalaust-mynstur\/#breadcrumb","itemListElement":[{"@type":"ListItem","position":1,"name":"Start","item":"https:\/\/iwell-guard.com\/is\/?page_id=168580"},{"@type":"ListItem","position":2,"name":"Keltneski hn\u00faturinn \u2013 endalausa hn\u00fatamynstri\u00f0"}]},{"@type":"WebSite","@id":"https:\/\/iwell-guard.com\/is\/#website","url":"https:\/\/iwell-guard.com\/is\/","name":"iWell Guard","description":"Schutz vor dunklen Einfl\u00fcssen","publisher":{"@id":"https:\/\/iwell-guard.com\/is\/#organization"},"potentialAction":[{"@type":"SearchAction","target":{"@type":"EntryPoint","urlTemplate":"https:\/\/iwell-guard.com\/is\/?s={search_term_string}"},"query-input":{"@type":"PropertyValueSpecification","valueRequired":true,"valueName":"search_term_string"}}],"inLanguage":"is"},{"@type":"Organization","@id":"https:\/\/iwell-guard.com\/is\/#organization","name":"Ittermann electronic GmbH","url":"https:\/\/iwell-guard.com\/is\/","logo":{"@type":"ImageObject","inLanguage":"is","@id":"https:\/\/iwell-guard.com\/is\/#\/schema\/logo\/image\/","url":"https:\/\/iwell-guard.com\/wp-content\/uploads\/2026\/05\/Ittermann-Logo-1182x237-1.png","contentUrl":"https:\/\/iwell-guard.com\/wp-content\/uploads\/2026\/05\/Ittermann-Logo-1182x237-1.png","width":1182,"height":237,"caption":"Ittermann electronic GmbH"},"image":{"@id":"https:\/\/iwell-guard.com\/is\/#\/schema\/logo\/image\/"},"sameAs":["https:\/\/pantip.com\/profile\/9367242","https:\/\/micro.blog\/iwellguard","https:\/\/www.diggerslist.com\/iwellguard\/about","https:\/\/skitterphoto.com\/photographers\/2870314\/iwell-guard","https:\/\/iwellguard.wordpress.com\/2026\/06\/06\/iwell-guard\/","https:\/\/hub.docker.com\/u\/iwellguard","https:\/\/www.pinterest.com\/iwellguard\/","https:\/\/bit.ly\/m\/iwellguard","https:\/\/entre-vos-mains.alsace.eu\/profiles\/iwellguard\/activity","https:\/\/gravatar.com\/reallybeded8fd34","https:\/\/naijamatta.com\/iwellguard","https:\/\/www.goodreads.com\/iwellguard","https:\/\/profile.hatena.ne.jp\/iwellguard\/","https:\/\/experiment.com\/users\/iwellguard","https:\/\/wakelet.com\/@iWellGuard82270","https:\/\/www.chordie.com\/forum\/profile.php?id=2555664","https:\/\/www.instapaper.com\/p\/17757966","https:\/\/www.mapleprimes.com\/users\/iwellguard","https:\/\/businesslistingplus.com\/profile\/iwell-guard\/","https:\/\/telegra.ph\/iWell-Guard-06-06","https:\/\/pbase.com\/iwellguard\/iwellguard","https:\/\/b.hatena.ne.jp\/iwellguard\/20260607#bookmark-4788405196491818882","https:\/\/fliphtml5.com\/home\/iwellguard","https:\/\/anyflip.com\/homepage\/cmiwl#About","https:\/\/transfur.com\/Users\/iwellguard","http:\/\/delphi.larsbo.org\/user\/iwellguard","https:\/\/jobs.lajobsportal.org\/profiles\/8380803-iwell-guard","https:\/\/md.chaosdorf.de\/s\/jfbe5SBdJD","https:\/\/www.lingvolive.com\/en-us\/profile\/9ecaeaca-ce11-4e51-9e71-01d55e2bff36\/translations","https:\/\/www.fitday.com\/fitness\/forums\/members\/iwellguard.html","https:\/\/www.mymeetbook.com\/iwellguard","https:\/\/pxhere.com\/en\/photographer-me\/5040798","https:\/\/disqus.com\/by\/iwellguard\/about\/","https:\/\/pastelink.net\/hjwciqwq","https:\/\/pubhtml5.com\/homepage\/scjhn\/","https:\/\/www.bitchute.com\/channel\/2O2eOKzNqujT","https:\/\/audiomack.com\/iwellguard"]}]}},"_links":{"self":[{"href":"https:\/\/iwell-guard.com\/is\/wp-json\/wp\/v2\/pages\/169213","targetHints":{"allow":["GET"]}}],"collection":[{"href":"https:\/\/iwell-guard.com\/is\/wp-json\/wp\/v2\/pages"}],"about":[{"href":"https:\/\/iwell-guard.com\/is\/wp-json\/wp\/v2\/types\/page"}],"author":[{"embeddable":true,"href":"https:\/\/iwell-guard.com\/is\/wp-json\/wp\/v2\/users\/3"}],"replies":[{"embeddable":true,"href":"https:\/\/iwell-guard.com\/is\/wp-json\/wp\/v2\/comments?post=169213"}],"version-history":[{"count":0,"href":"https:\/\/iwell-guard.com\/is\/wp-json\/wp\/v2\/pages\/169213\/revisions"}],"wp:featuredmedia":[{"embeddable":true,"href":"https:\/\/iwell-guard.com\/is\/wp-json\/wp\/v2\/media\/3484"}],"wp:attachment":[{"href":"https:\/\/iwell-guard.com\/is\/wp-json\/wp\/v2\/media?parent=169213"}],"wp:term":[{"taxonomy":"category","embeddable":true,"href":"https:\/\/iwell-guard.com\/is\/wp-json\/wp\/v2\/categories?post=169213"}],"curies":[{"name":"wp","href":"https:\/\/api.w.org\/{rel}","templated":true}]}}