{"id":169212,"date":"2026-09-05T14:06:32","date_gmt":"2026-09-05T14:06:32","guid":{"rendered":"https:\/\/iwell-guard.com\/?page_id=169212"},"modified":"2026-09-05T14:35:08","modified_gmt":"2026-09-05T14:35:08","slug":"azabache-svarti-hnefinn-gegn-illa-auga","status":"publish","type":"page","link":"https:\/\/iwell-guard.com\/is\/azabache-svarti-hnefinn-gegn-illa-auga\/","title":{"rendered":"Azabache \u2013 svarti hnefinn \u00far gagati gegn hinu illa auga"},"content":{"rendered":"\t\t<div data-elementor-type=\"wp-page\" data-elementor-id=\"169212\" class=\"elementor elementor-169212 elementor-3704 elementor-bc-flex-widget\" data-elementor-post-type=\"page\">\n\t\t\t\t<div class=\"elementor-element elementor-element-iwgs-azabache-hero e-flex e-con-boxed e-con e-parent\" data-id=\"iwgs-azabache-hero\" data-element_type=\"container\" data-e-type=\"container\">\n\t\t\t\t\t<div class=\"e-con-inner\">\n\t\t<div class=\"elementor-element elementor-element-iwgs-azabache-hl e-flex e-con-boxed e-con e-parent\" data-id=\"iwgs-azabache-hl\" data-element_type=\"container\" data-e-type=\"container\">\n\t\t\t\t\t<div class=\"e-con-inner\">\n\t\t<div class=\"elementor-element elementor-element-iwgs-azabache-hlbox e-con-full e-flex e-con e-parent\" data-id=\"iwgs-azabache-hlbox\" data-element_type=\"container\" data-e-type=\"container\">\n\t\t\t\t<div class=\"elementor-element elementor-element-iwgs-azabache-h1 elementor-widget elementor-widget-heading\" data-id=\"iwgs-azabache-h1\" data-element_type=\"widget\" data-e-type=\"widget\" data-widget_type=\"heading.default\">\n\t\t\t\t\t<h1 class=\"elementor-heading-title elementor-size-default\">Azabache \u2013 hnefinn \u00far sv\u00f6rtu gagati sem barnavernd<\/h1>\t\t\t\t<\/div>\n\t\t\t\t<div class=\"elementor-element elementor-element-iwgs-azabache-lead elementor-widget elementor-widget-text-editor\" data-id=\"iwgs-azabache-lead\" data-element_type=\"widget\" data-e-type=\"widget\" data-widget_type=\"text-editor.default\">\n\t\t\t\t\t\t\t\t\t<p>Azabache er verndargripur \u00far sv\u00f6rtu gagati, jar\u00f0efni af steingervingauppruna. \u00c1 Sp\u00e1ni og \u00ed Su\u00f0ur-Amer\u00edku er hann festur \u00e1 b\u00f6rn \u00ed formi l\u00edtils kreppts hnefa til a\u00f0 verja \u00feau gegn hinu illa auga.<\/p>\t\t\t\t\t\t\t\t<\/div>\n\t\t\t\t<\/div>\n\t\t\t\t<div class=\"elementor-element elementor-element-iwgs-azabache-pills elementor-widget elementor-widget-html\" data-id=\"iwgs-azabache-pills\" data-element_type=\"widget\" data-e-type=\"widget\" data-widget_type=\"html.default\">\n\t\t\t\t\t<div class=\"iwg-pill-row\"><span class=\"iwg-klasse-badge\" tabindex=\"0\" data-tooltip=\"Verndart\u00e1kn, verndargripur e\u00f0a ap\u00f3tr\u00f3pa\u00edskur hlutur.\">Verndart\u00e1kn<\/span><a href=\"https:\/\/iwell-guard.com\/is\/verndartakn\/\" class=\"iwg-kultur-badge\" tabindex=\"0\" data-tooltip=\"Verndarhef\u00f0: Mi\u00f0jar\u00f0arhafssv\u00e6\u00f0i\u00f0\">Mi\u00f0jar\u00f0arhafssv\u00e6\u00f0i\u00f0<\/a><span class=\"iwg-tradition-badge\" tabindex=\"0\" data-tooltip=\"Hlutur e\u00f0a t\u00e1kn sem er \u00e6tla\u00f0 a\u00f0 verjast \u00f3heillum og ska\u00f0legum \u00e1hrifum.\">Ap\u00f3tr\u00f3pa\u00edkon<\/span><\/div>\t\t\t\t<\/div>\n\t\t\t\t\t<\/div>\n\t\t\t\t<\/div>\n\t\t<div class=\"elementor-element elementor-element-iwgs-azabache-hr e-con-full e-flex e-con e-parent\" data-id=\"iwgs-azabache-hr\" data-element_type=\"container\" data-e-type=\"container\">\n\t\t\t\t<div class=\"elementor-element elementor-element-iwgs-azabache-himg iwg-hero-image elementor-widget elementor-widget-image\" data-id=\"iwgs-azabache-himg\" data-element_type=\"widget\" data-e-type=\"widget\" data-widget_type=\"image.default\">\n\t\t\t\t\t\t\t\t\t\t\t\t\t\t\t<img fetchpriority=\"high\" decoding=\"async\" width=\"683\" height=\"1024\" src=\"https:\/\/iwell-guard.com\/wp-content\/uploads\/2026\/05\/schutzsymbol_lateinamerika_azabache-683x1024.webp\" class=\"attachment-large size-large wp-image-170578\" alt=\"Azabache - verndart\u00e1kn, safnfr\u00e6\u00f0ileg mynd\" srcset=\"https:\/\/iwell-guard.com\/wp-content\/uploads\/2026\/05\/schutzsymbol_lateinamerika_azabache-683x1024.webp 683w, https:\/\/iwell-guard.com\/wp-content\/uploads\/2026\/05\/schutzsymbol_lateinamerika_azabache-200x300.webp 200w, https:\/\/iwell-guard.com\/wp-content\/uploads\/2026\/05\/schutzsymbol_lateinamerika_azabache-768x1152.webp 768w, https:\/\/iwell-guard.com\/wp-content\/uploads\/2026\/05\/schutzsymbol_lateinamerika_azabache.webp 1024w\" sizes=\"(max-width: 683px) 100vw, 683px\" \/>\t\t\t\t\t\t\t\t\t\t\t\t\t\t\t<\/div>\n\t\t\t\t<\/div>\n\t\t\t\t\t<\/div>\n\t\t\t\t<\/div>\n\t\t<div class=\"elementor-element elementor-element-iwgs-azabache-s0 e-flex e-con-boxed e-con e-parent\" data-id=\"iwgs-azabache-s0\" data-element_type=\"container\" data-e-type=\"container\">\n\t\t\t\t\t<div class=\"e-con-inner\">\n\t\t\t\t<div class=\"elementor-element elementor-element-iwgs-azabache-s0h elementor-widget elementor-widget-heading\" data-id=\"iwgs-azabache-s0h\" data-element_type=\"widget\" data-e-type=\"widget\" data-widget_type=\"heading.default\">\n\t\t\t\t\t<h2 class=\"elementor-heading-title elementor-size-default\">Yfirlit<\/h2>\t\t\t\t<\/div>\n\t\t<div class=\"elementor-element elementor-element-iwgs-azabache-s0box e-con-full e-flex e-con e-parent\" data-id=\"iwgs-azabache-s0box\" data-element_type=\"container\" data-e-type=\"container\">\n\t\t\t\t<div class=\"elementor-element elementor-element-iwgs-azabache-s0t elementor-widget elementor-widget-text-editor\" data-id=\"iwgs-azabache-s0t\" data-element_type=\"widget\" data-e-type=\"widget\" data-widget_type=\"text-editor.default\">\n\t\t\t\t\t\t\t\t\t<p>Azabache er verndargripur fr\u00e1 sp\u00e6nskum\u00e6landi sv\u00e6\u00f0um og Su\u00f0ur-Amer\u00edku. Or\u00f0i\u00f0 v\u00edsar b\u00e6\u00f0i til efnisins gagat og til <span class=\"iwg-fachbegriff\" data-tooltip=\"Hlutur sem borinn er \u00e1 l\u00edkamanum og talinn hafa verndandi, \u00f3heillaverjandi m\u00e1tt.\" tabindex=\"0\">verndargripsins<\/span> sem \u00far \u00fev\u00ed er ger\u00f0ur. \u00dea\u00f0 telst til algengra <a href=\"https:\/\/iwell-guard.com\/is\/verndartakn\/\">verndart\u00e1kna<\/a> \u00feessara sv\u00e6\u00f0a.<\/p><p>Gagat er d\u00f6kksvart, jar\u00f0efni af steingervingauppruna. \u00dea\u00f0 myndast \u00far fornum vi\u00f0i sem hefur umbreyst undir \u00fer\u00fdstingi og er n\u00e1skylt kolum. Vegna svarts litar og g\u00f3\u00f0rar vinnslueigileika hefur \u00fea\u00f0 lengi veri\u00f0 nota\u00f0 \u00ed skartgripi og verndargripi.<\/p><p>Azabache er oft gert \u00ed formi l\u00edtils kreppts hnefa. \u00deessi hnefi er forn verndarbending. \u00de\u00f3 eru til \u00f6nnur form, svo sem einf\u00f6ld sv\u00f6rt perla.<\/p><p>Azabache er fyrst og fremst nota\u00f0 fyrir b\u00f6rn. \u00dea\u00f0 er fest \u00e1 n\u00fdbura og l\u00edtil b\u00f6rn, \u00e1 armband, festi e\u00f0a \u00e1 fatna\u00f0.<\/p><p>Hlutverk \u00feess er a\u00f0 verjast hinu illa auga. \u00cd <span class=\"iwg-fachbegriff\" data-tooltip=\"V\u00edsindagrein sem rannsakar hversdagsmenningu, si\u00f0i og arfbornar hugmyndir.\" tabindex=\"0\">\u00fej\u00f3\u00f0h\u00e1ttafr\u00e6\u00f0i<\/span> sp\u00e6nskum\u00e6landi sv\u00e6\u00f0a og Su\u00f0ur-Amer\u00edku er azabache tali\u00f0 hi\u00f0 kunnuglega verndarme\u00f0al fyrstu barn\u00e6skunnar.<\/p><p>\u00deessi s\u00ed\u00f0a fjallar um azabache \u00fat fr\u00e1 verndarhlutverki \u00feess. H\u00fan l\u00fdsir efninu gagati, hnefaforminu, notkun \u00feess fyrir b\u00f6rn, verkunarm\u00e1ta \u00feess og \u00fatbrei\u00f0slu gripsins.<\/p>\t\t\t\t\t\t\t\t<\/div>\n\t\t\t\t<\/div>\n\t\t\t\t\t<\/div>\n\t\t\t\t<\/div>\n\t\t<div class=\"elementor-element elementor-element-iwgs-azabache-s1 e-flex e-con-boxed e-con e-parent\" data-id=\"iwgs-azabache-s1\" data-element_type=\"container\" data-e-type=\"container\">\n\t\t\t\t\t<div class=\"e-con-inner\">\n\t\t\t\t<div class=\"elementor-element elementor-element-iwgs-azabache-s1h elementor-widget elementor-widget-heading\" data-id=\"iwgs-azabache-s1h\" data-element_type=\"widget\" data-e-type=\"widget\" data-widget_type=\"heading.default\">\n\t\t\t\t\t<h2 class=\"elementor-heading-title elementor-size-default\">Efni\u00f0 gagat<\/h2>\t\t\t\t<\/div>\n\t\t<div class=\"elementor-element elementor-element-iwgs-azabache-s1box e-con-full e-flex e-con e-parent\" data-id=\"iwgs-azabache-s1box\" data-element_type=\"container\" data-e-type=\"container\">\n\t\t\t\t<div class=\"elementor-element elementor-element-iwgs-azabache-s1t elementor-widget elementor-widget-text-editor\" data-id=\"iwgs-azabache-s1t\" data-element_type=\"widget\" data-e-type=\"widget\" data-widget_type=\"text-editor.default\">\n\t\t\t\t\t\t\t\t\t<p>Efni\u00f0 sem azabache er gert \u00far er gagat, jar\u00f0efni af steingervingauppruna og d\u00f6kksvart \u00e1 lit. \u00c1 sp\u00e6nsku heitir \u00feetta efni sj\u00e1lft azabache, og <span class=\"iwg-fachbegriff\" data-tooltip=\"Hlutur sem borinn er \u00e1 l\u00edkamanum og talinn hafa verndandi, \u00f3heillaverjandi m\u00e1tt.\" tabindex=\"0\">verndargripurinn<\/span> ber nafn sitt af \u00fev\u00ed.<\/p><p>Gagat myndast \u00far fornum vi\u00f0i sem umbreyst hefur undir \u00fer\u00fdstingi um langan t\u00edma. \u00dea\u00f0 er s\u00e9rstakt, mj\u00f6g \u00fe\u00e9tt jar\u00f0efni af steingervingauppruna og n\u00e1skylt kolum.<\/p><p>Efni\u00f0 er l\u00e9tt, hl\u00fdlegt vi\u00f0komu og au\u00f0velt \u00ed vinnslu og f\u00e6gingu. F\u00e6gt f\u00e6r \u00fea\u00f0 dj\u00fapan, glansandi svartan bl\u00e6 sem ger\u00f0i \u00fea\u00f0 vins\u00e6lt sem skartgripaefni.<\/p><p>Gagat hefur lengi veri\u00f0 nota\u00f0 \u00ed skartgripi og verndargripi. \u00c1 nokkrum sv\u00e6\u00f0um \u00ed Evr\u00f3pu voru mikilv\u00e6gar n\u00e1mur, og efni\u00f0 var v\u00ed\u00f0a selt.<\/p><p>Fyrir azabache er svarti litur gagatsins mikilv\u00e6gur. Svartur litur var \u00ed <span class=\"iwg-fachbegriff\" data-tooltip=\"V\u00edsindagrein sem rannsakar hversdagsmenningu, si\u00f0i og arfbornar hugmyndir.\" tabindex=\"0\">\u00fej\u00f3\u00f0h\u00e1ttafr\u00e6\u00f0i<\/span> Mi\u00f0jar\u00f0arhafssv\u00e6\u00f0isins talinn verjandi litur. Svartur <span class=\"iwg-fachbegriff\" data-tooltip=\"Hlutur sem borinn er \u00e1 l\u00edkamanum og talinn hafa verndandi, \u00f3heillaverjandi m\u00e1tt.\" tabindex=\"0\">verndargripur<\/span> \u00e1tti a\u00f0 binda og draga til s\u00edn \u00f3heill.<\/p><p>Azabache er \u00feannig efnisbundinn verndargripur. Verndarmerking hans er n\u00e1tengd gagatinu, d\u00f6kksv\u00f6rtum lit \u00feess og \u00feeim verjandi m\u00e6tti sem \u00feessum lit var eigna\u00f0ur.<\/p>\t\t\t\t\t\t\t\t<\/div>\n\t\t\t\t<\/div>\n\t\t\t\t\t<\/div>\n\t\t\t\t<\/div>\n\t\t<div class=\"elementor-element elementor-element-iwgs-azabache-s2 e-flex e-con-boxed e-con e-parent\" data-id=\"iwgs-azabache-s2\" data-element_type=\"container\" data-e-type=\"container\">\n\t\t\t\t\t<div class=\"e-con-inner\">\n\t\t\t\t<div class=\"elementor-element elementor-element-iwgs-azabache-s2h elementor-widget elementor-widget-heading\" data-id=\"iwgs-azabache-s2h\" data-element_type=\"widget\" data-e-type=\"widget\" data-widget_type=\"heading.default\">\n\t\t\t\t\t<h2 class=\"elementor-heading-title elementor-size-default\">Formi\u00f0 \u00e1 krepptum hnefa<\/h2>\t\t\t\t<\/div>\n\t\t<div class=\"elementor-element elementor-element-iwgs-azabache-s2box e-con-full e-flex e-con e-parent\" data-id=\"iwgs-azabache-s2box\" data-element_type=\"container\" data-e-type=\"container\">\n\t\t\t\t<div class=\"elementor-element elementor-element-iwgs-azabache-s2t elementor-widget elementor-widget-text-editor\" data-id=\"iwgs-azabache-s2t\" data-element_type=\"widget\" data-e-type=\"widget\" data-widget_type=\"text-editor.default\">\n\t\t\t\t\t\t\t\t\t<p>Kunnasta form azabache er l\u00edtill kreppur hnefi. \u00deetta form er \u00e1 sp\u00e6nsku kalla\u00f0 higa.<\/p><p>Hnefi azabache s\u00fdnir oft \u00e1kve\u00f0na handst\u00f6\u00f0u. \u00deumalfingri er stungi\u00f0 milli v\u00edsifingurs og l\u00f6ngut\u00e1ar \u00feannig a\u00f0 oddur hans s\u00e9st. \u00deetta er bendingin sem k\u00f6llu\u00f0 er f\u00edkjuh\u00f6ndin.<\/p><p>\u00deessi bending er kunn fr\u00e1 \u00edt\u00f6lsku mano fico. \u00c1 s\u00ed\u00f0unni um mano fico er f\u00edkjuh\u00f6ndin sett fram sem forn verndarbending Mi\u00f0jar\u00f0arhafssv\u00e6\u00f0isins.<\/p><p>\u00cd sp\u00e6nska azabache er \u00feessi bending var\u00f0veitt \u00ed varanlegu sv\u00f6rtu gagati. <span class=\"iwg-fachbegriff\" data-tooltip=\"Hlutur sem borinn er \u00e1 l\u00edkamanum og talinn hafa verndandi, \u00f3heillaverjandi m\u00e1tt.\" tabindex=\"0\">Verndargripurinn<\/span> tengir \u00feannig hina fornu f\u00edkjuhandarbendingu vi\u00f0 hi\u00f0 verjandi efni gagat.<\/p><p>Auk hnefans eru \u00f6nnur form af azabache. Algeng er einf\u00f6ld sv\u00f6rt perla \u00far gagati. \u00d6nnur l\u00edtil t\u00e1kn hafa einnig veri\u00f0 ger\u00f0 \u00far efninu.<\/p><p>Kreppti hnefinn er \u00fe\u00f3 hi\u00f0 einkennandi form. Hann sameinar tv\u00e6r verndarhugmyndir, kraft f\u00edkjuhandarbendingarins og verjandi m\u00e1tt svarta efnisins, \u00ed einn <span class=\"iwg-fachbegriff\" data-tooltip=\"Hlutur sem borinn er \u00e1 l\u00edkamanum og talinn hafa verndandi, \u00f3heillaverjandi m\u00e1tt.\" tabindex=\"0\">verndargrip<\/span>.<\/p>\t\t\t\t\t\t\t\t<\/div>\n\t\t\t\t<\/div>\n\t\t\t\t\t<\/div>\n\t\t\t\t<\/div>\n\t\t<div class=\"elementor-element elementor-element-iwgs-azabache-s3 e-flex e-con-boxed e-con e-parent\" data-id=\"iwgs-azabache-s3\" data-element_type=\"container\" data-e-type=\"container\">\n\t\t\t\t\t<div class=\"e-con-inner\">\n\t\t\t\t<div class=\"elementor-element elementor-element-iwgs-azabache-s3h elementor-widget elementor-widget-heading\" data-id=\"iwgs-azabache-s3h\" data-element_type=\"widget\" data-e-type=\"widget\" data-widget_type=\"heading.default\">\n\t\t\t\t\t<h2 class=\"elementor-heading-title elementor-size-default\">Azabache sem verndargripur barna<\/h2>\t\t\t\t<\/div>\n\t\t<div class=\"elementor-element elementor-element-iwgs-azabache-s3box e-con-full e-flex e-con e-parent\" data-id=\"iwgs-azabache-s3box\" data-element_type=\"container\" data-e-type=\"container\">\n\t\t\t\t<div class=\"elementor-element elementor-element-iwgs-azabache-s3t elementor-widget elementor-widget-text-editor\" data-id=\"iwgs-azabache-s3t\" data-element_type=\"widget\" data-e-type=\"widget\" data-widget_type=\"text-editor.default\">\n\t\t\t\t\t\t\t\t\t<p>Azabache er fyrst og fremst verndarme\u00f0al fyrir b\u00f6rn. \u00dea\u00f0 er fest \u00e1 n\u00fdbura og l\u00edtil b\u00f6rn og telst hluti af b\u00fana\u00f0i fyrstu barn\u00e6skunnar.<\/p><p>Oft f\u00e6r barni\u00f0 armband me\u00f0 azabache. Litli svarti hnefinn er bundinn um \u00falnli\u00f0 ungbarnsins og fylgir \u00fev\u00ed fyrstu m\u00e1nu\u00f0i og \u00e1r l\u00edfsins.<\/p><p>Azabache m\u00e1 einnig festa \u00e1 fatna\u00f0 e\u00f0a bera \u00e1 festi. \u00cd hverju formi gildir sami tilgangur, a\u00f0 vernda barni\u00f0 gegn hinu illa auga.<\/p><p>N\u00fdburinn var talinn s\u00e9rlega vi\u00f0kv\u00e6mur. Heilbrigt, fagurt barn vakti a\u00f0d\u00e1un, og a\u00f0d\u00e1un gat samkv\u00e6mt tr\u00fanni breyst \u00ed ska\u00f0legt augnar\u00e1\u00f0.<\/p><p>Azabache er oft gj\u00f6f. Vi\u00f0 f\u00e6\u00f0ingu e\u00f0a sk\u00edrn er \u00fea\u00f0 gefi\u00f0 barninu og tengir \u00feannig verndarhugsunina vi\u00f0 tj\u00e1ning g\u00f3\u00f0ra \u00f3ska.<\/p><p>Azabache er \u00feannig n\u00e1tengt upphafi l\u00edfsins. \u00dea\u00f0 er hi\u00f0 kunnuglega verndarme\u00f0al fyrstu barn\u00e6skunnar og fylgir barninu \u00ed gegnum \u00feann fyrsta, vi\u00f0kv\u00e6ma t\u00edma.<\/p>\t\t\t\t\t\t\t\t<\/div>\n\t\t\t\t<\/div>\n\t\t\t\t\t<\/div>\n\t\t\t\t<\/div>\n\t\t<div class=\"elementor-element elementor-element-iwgs-azabache-s4 e-flex e-con-boxed e-con e-parent\" data-id=\"iwgs-azabache-s4\" data-element_type=\"container\" data-e-type=\"container\">\n\t\t\t\t\t<div class=\"e-con-inner\">\n\t\t\t\t<div class=\"elementor-element elementor-element-iwgs-azabache-s4h elementor-widget elementor-widget-heading\" data-id=\"iwgs-azabache-s4h\" data-element_type=\"widget\" data-e-type=\"widget\" data-widget_type=\"heading.default\">\n\t\t\t\t\t<h2 class=\"elementor-heading-title elementor-size-default\">Illa auga\u00f0 og v\u00f6rn gegn \u00fev\u00ed<\/h2>\t\t\t\t<\/div>\n\t\t<div class=\"elementor-element elementor-element-iwgs-azabache-s4box e-con-full e-flex e-con e-parent\" data-id=\"iwgs-azabache-s4box\" data-element_type=\"container\" data-e-type=\"container\">\n\t\t\t\t<div class=\"elementor-element elementor-element-iwgs-azabache-s4t elementor-widget elementor-widget-text-editor\" data-id=\"iwgs-azabache-s4t\" data-element_type=\"widget\" data-e-type=\"widget\" data-widget_type=\"text-editor.default\">\n\t\t\t\t\t\t\t\t\t<p>Hlutverk azabachesins er a\u00f0 verjast gegn illu auga. \u00c1 sp\u00e6nsku sv\u00e6\u00f0i er \u00feetta \u00feekkt sem Mal de ojo, sem \u00fe\u00fd\u00f0ir or\u00f0r\u00e9tt illska augans.<\/p><p>Samkv\u00e6mt \u00feessari tr\u00fa getur augnar\u00e1\u00f0 valdi\u00f0 ska\u00f0a. Illt auga er oft tengt \u00f6fund. En jafnvel a\u00f0d\u00e1unarfullt augnar\u00e1\u00f0 var tali\u00f0 h\u00e6ttulegt, s\u00e9rstaklega fyrir b\u00f6rn.<\/p><p>Tr\u00fain \u00e1 illt auga er \u00fatbreidd um allt Mi\u00f0jar\u00f0arhafssv\u00e6\u00f0i\u00f0 og er l\u00fdst n\u00e1nar \u00e1 s\u00ed\u00f0unni um <a href=\"https:\/\/iwell-guard.com\/is\/illt-auga\/\">illt auga<\/a>. Me\u00f0 sp\u00e6nskum landflutningum barst h\u00fan einnig til Su\u00f0ur-Amer\u00edku.<\/p><p>Azabachinn er m\u00f3tv\u00e6gi vi\u00f0 \u00feessari tr\u00fa. S\u00e1 sem l\u00e6tur barn bera azabache verndar \u00fea\u00f0 samkv\u00e6mt <span class=\"iwg-fachbegriff\" data-tooltip=\"Mi\u00f0lun \u00feekkingar og fr\u00e1sagna milli kynsl\u00f3\u00f0a.\" tabindex=\"0\">munnm\u00e6lum<\/span> gegn Mal de ojo.<\/p><p>\u00deetta <span class=\"iwg-fachbegriff\" data-tooltip=\"Hlutur sem borinn er \u00e1 s\u00e9r og talinn hafa verndandi, \u00f3g\u00e6fuafst\u00fdrandi m\u00e1tt.\" tabindex=\"0\">verndargripurinn<\/span> veitir varanlega vernd. Hann \u00fearf ekki a\u00f0 virkja s\u00e9rstaklega, heldur fylgir barninu st\u00f6\u00f0ugt, festur \u00e1 handlegg e\u00f0a kl\u00e6\u00f0na\u00f0.<\/p><p>Azabachinn er \u00feannig fastur hluti af tr\u00fanni \u00e1 illt auga. Hann veitir \u00fatbreiddri \u00e1hyggju um velfer\u00f0 barna s\u00fdnilegt og varanlegt svar.<\/p>\t\t\t\t\t\t\t\t<\/div>\n\t\t\t\t<\/div>\n\t\t\t\t\t<\/div>\n\t\t\t\t<\/div>\n\t\t<div class=\"elementor-element elementor-element-iwgs-azabache-s5 e-flex e-con-boxed e-con e-parent\" data-id=\"iwgs-azabache-s5\" data-element_type=\"container\" data-e-type=\"container\">\n\t\t\t\t\t<div class=\"e-con-inner\">\n\t\t\t\t<div class=\"elementor-element elementor-element-iwgs-azabache-s5h elementor-widget elementor-widget-heading\" data-id=\"iwgs-azabache-s5h\" data-element_type=\"widget\" data-e-type=\"widget\" data-widget_type=\"heading.default\">\n\t\t\t\t\t<h2 class=\"elementor-heading-title elementor-size-default\">Verkunarm\u00e1ttur azabachesins<\/h2>\t\t\t\t<\/div>\n\t\t<div class=\"elementor-element elementor-element-iwgs-azabache-s5box e-con-full e-flex e-con e-parent\" data-id=\"iwgs-azabache-s5box\" data-element_type=\"container\" data-e-type=\"container\">\n\t\t\t\t<div class=\"elementor-element elementor-element-iwgs-azabache-s5t elementor-widget elementor-widget-text-editor\" data-id=\"iwgs-azabache-s5t\" data-element_type=\"widget\" data-e-type=\"widget\" data-widget_type=\"text-editor.default\">\n\t\t\t\t\t\t\t\t\t<p>Azabachinn fylgir samsettu verkunarferli. Verndarm\u00e1ttur hans byggist \u00e1 nokkrum hugmyndum sem koma saman \u00ed \u00feessum <span class=\"iwg-fachbegriff\" data-tooltip=\"Hlutur sem borinn er \u00e1 s\u00e9r og talinn hafa verndandi, \u00f3g\u00e6fuafst\u00fdrandi m\u00e1tt.\" tabindex=\"0\">verndargrip<\/span>.<\/p><p>Fyrsta hugmyndin sn\u00fdst um efni\u00f0. Svarti gagatinn var talinn verndandi. Svart var litur sem \u00e1tti a\u00f0 binda og afvegalei\u00f0a \u00f3g\u00e6fu, \u00ed sta\u00f0 \u00feess a\u00f0 draga hana a\u00f0 s\u00e9r.<\/p><p>\u00d6nnur hugmyndin sn\u00fdst um formi\u00f0. Krepptur hnefi me\u00f0 \u00feumalfingur stingandi fram er f\u00edkjuh\u00f6ndin, fornt verndart\u00e1kn. <span class=\"iwg-fachbegriff\" data-tooltip=\"Hlutur sem borinn er \u00e1 s\u00e9r og talinn hafa verndandi, \u00f3g\u00e6fuafst\u00fdrandi m\u00e1tt.\" tabindex=\"0\">Verndargripurinn<\/span> fangar \u00feessa kraftmiklu bendingu varanlega.<\/p><p>\u00deri\u00f0ja hugmyndin sn\u00fdst um athygli. \u00c1berandi svartur <span class=\"iwg-fachbegriff\" data-tooltip=\"Hlutur sem borinn er \u00e1 s\u00e9r og talinn hafa verndandi, \u00f3g\u00e6fuafst\u00fdrandi m\u00e1tt.\" tabindex=\"0\">verndargripur<\/span> \u00e1 barni dregur augnar\u00e1\u00f0 \u00e1horfandans a\u00f0 s\u00e9r. Augnar\u00e1\u00f0i\u00f0 fellur fyrst \u00e1 azabachinn og ekki \u00e1 barni\u00f0.<\/p><p>A\u00f0 auki kemur til forn heilunarhugmynd. Gagatinum var eigna\u00f0ur v\u00ed\u00f0t\u00e6kari verndandi m\u00e1ttur, umfram v\u00f6rn gegn illu auga.<\/p><p>Azabachinn virkar \u00feannig me\u00f0 samspili efnis, forms og athyglisdreifingar. \u00deetta er samsettur <span class=\"iwg-fachbegriff\" data-tooltip=\"Hlutur sem borinn er \u00e1 s\u00e9r og talinn hafa verndandi, \u00f3g\u00e6fuafst\u00fdrandi m\u00e1tt.\" tabindex=\"0\">verndargripur<\/span>, \u00fear sem m\u00e1ttur svarta gagatsins og m\u00e1ttur f\u00edkjuhandarinnar sameinast.<\/p>\t\t\t\t\t\t\t\t<\/div>\n\t\t\t\t<\/div>\n\t\t\t\t\t<\/div>\n\t\t\t\t<\/div>\n\t\t<div class=\"elementor-element elementor-element-iwgs-azabache-s6 e-flex e-con-boxed e-con e-parent\" data-id=\"iwgs-azabache-s6\" data-element_type=\"container\" data-e-type=\"container\">\n\t\t\t\t\t<div class=\"e-con-inner\">\n\t\t\t\t<div class=\"elementor-element elementor-element-iwgs-azabache-s6h elementor-widget elementor-widget-heading\" data-id=\"iwgs-azabache-s6h\" data-element_type=\"widget\" data-e-type=\"widget\" data-widget_type=\"heading.default\">\n\t\t\t\t\t<h2 class=\"elementor-heading-title elementor-size-default\">Azabache og tengdir verndargripir<\/h2>\t\t\t\t<\/div>\n\t\t<div class=\"elementor-element elementor-element-iwgs-azabache-s6box e-con-full e-flex e-con e-parent\" data-id=\"iwgs-azabache-s6box\" data-element_type=\"container\" data-e-type=\"container\">\n\t\t\t\t<div class=\"elementor-element elementor-element-iwgs-azabache-s6t elementor-widget elementor-widget-text-editor\" data-id=\"iwgs-azabache-s6t\" data-element_type=\"widget\" data-e-type=\"widget\" data-widget_type=\"text-editor.default\">\n\t\t\t\t\t\t\t\t\t<p>Azabachinn heyrir til fj\u00f6lskyldu verndargripa \u00e1 Mi\u00f0jar\u00f0arhafssv\u00e6\u00f0inu. Innan \u00feessarar fj\u00f6lskyldu hefur hann s\u00e9rst\u00f6\u00f0u vegna efnisins sem hann er ger\u00f0ur \u00far.<\/p><p>Vegna hnefaformsins er hann n\u00e1skyldur \u00edtalska Mano fico, f\u00edkjuh\u00f6ndinni. B\u00e6\u00f0i endurmynda s\u00f6mu bendinguna. Azabachinn skilur sig fyrst og fremst fr\u00e1 henni me\u00f0 svarta gagatinum.<\/p><p>Vegna hlutverks s\u00edns stendur hann vi\u00f0 hli\u00f0 Cornicello, Mano cornuta og Cimaruta. Allir \u00feessir verndargripir \u00fej\u00f3na v\u00f6rn gegn illu auga \u00e1 vestanver\u00f0u Mi\u00f0jar\u00f0arhafssv\u00e6\u00f0inu.<\/p><p>Vegna notkunar sinnar fyrir b\u00f6rn l\u00edkist azabachinn Cimaruta, sem \u00fej\u00f3na\u00f0i einnig fyrst og fremst vernd barna. B\u00e6\u00f0i heyra til \u00fatb\u00fana\u00f0ar frumbernskunnar.<\/p><p>Utan Mi\u00f0jar\u00f0arhafssv\u00e6\u00f0isins m\u00e1 bera azabachinn saman vi\u00f0 <a href=\"https:\/\/iwell-guard.com\/is\/hamsa\/\">Hamsa<\/a> og a\u00f0ra verndargripi barna sem fylgja unga l\u00edfinu \u00ed m\u00f6rgum menningarheimum.<\/p><p>Azabachinn er \u00feannig hluti af r\u00edkulegum fj\u00f6lda verndargripa. \u00dea\u00f0 sem einkennir hann er sameining f\u00edkjuhandarbendingarins og hins s\u00e9rstaka, svarta efnis gagats.<\/p>\t\t\t\t\t\t\t\t<\/div>\n\t\t\t\t<\/div>\n\t\t\t\t\t<\/div>\n\t\t\t\t<\/div>\n\t\t<div class=\"elementor-element elementor-element-iwgs-azabache-s7 e-flex e-con-boxed e-con e-parent\" data-id=\"iwgs-azabache-s7\" data-element_type=\"container\" data-e-type=\"container\">\n\t\t\t\t\t<div class=\"e-con-inner\">\n\t\t\t\t<div class=\"elementor-element elementor-element-iwgs-azabache-s7h elementor-widget elementor-widget-heading\" data-id=\"iwgs-azabache-s7h\" data-element_type=\"widget\" data-e-type=\"widget\" data-widget_type=\"heading.default\">\n\t\t\t\t\t<h2 class=\"elementor-heading-title elementor-size-default\">\u00datbrei\u00f0sla \u00e1 Sp\u00e1ni og \u00ed Su\u00f0ur-Amer\u00edku<\/h2>\t\t\t\t<\/div>\n\t\t<div class=\"elementor-element elementor-element-iwgs-azabache-s7box e-con-full e-flex e-con e-parent\" data-id=\"iwgs-azabache-s7box\" data-element_type=\"container\" data-e-type=\"container\">\n\t\t\t\t<div class=\"elementor-element elementor-element-iwgs-azabache-s7t elementor-widget elementor-widget-text-editor\" data-id=\"iwgs-azabache-s7t\" data-element_type=\"widget\" data-e-type=\"widget\" data-widget_type=\"text-editor.default\">\n\t\t\t\t\t\t\t\t\t<p>Azabachinn er upprunninn \u00e1 sp\u00e6nsku sv\u00e6\u00f0i og barst \u00fea\u00f0an til Su\u00f0ur-Amer\u00edku. \u00cd b\u00e1\u00f0um sv\u00e6\u00f0um er hann lifandi enn \u00ed dag.<\/p><p>\u00c1 Sp\u00e1ni var gagat lengi meti\u00f0 efni. \u00c1kve\u00f0in sv\u00e6\u00f0i voru \u00feekkt fyrir a\u00f0 vinna gagat \u00ed skartgripi og verndargripi.<\/p><p>Me\u00f0 sp\u00e6nskum landflutningum barst efni\u00f0, <span class=\"iwg-fachbegriff\" data-tooltip=\"Hlutur sem borinn er \u00e1 s\u00e9r og talinn hafa verndandi, \u00f3g\u00e6fuafst\u00fdrandi m\u00e1tt.\" tabindex=\"0\">verndargripurinn<\/span> og tr\u00fain \u00e1 illt auga til Su\u00f0ur-Amer\u00edku. \u00dear tengdist azabachinn sta\u00f0bundnum si\u00f0um.<\/p><p>\u00cd m\u00f6rgum l\u00f6ndum Su\u00f0ur-Amer\u00edku heyrir azabachinn til \u00fatb\u00fana\u00f0ar n\u00fdf\u00e6ddra barna. Armbandi\u00f0 me\u00f0 litla svarta hnefanum er kunnuglega gj\u00f6f vi\u00f0 f\u00e6\u00f0ingu og sk\u00edrn.<\/p><p>\u00c1 sumum sv\u00e6\u00f0um tengdist azabachinn \u00f6\u00f0rum verndar\u00fe\u00e1ttum, svo sem rau\u00f0um k\u00f3r\u00f6llum, litlum helgimyndum e\u00f0a \u00f6\u00f0rum t\u00e1knum sem h\u00e9ngu saman \u00e1 armbandi.<\/p><p>Azabachinn er \u00feannig verndargripur sem hefur fer\u00f0ast yfir Atlantshafi\u00f0. Hann s\u00fdnir hvernig <span class=\"iwg-fachbegriff\" data-tooltip=\"Hlutur sem borinn er \u00e1 s\u00e9r og talinn hafa verndandi, \u00f3g\u00e6fuafst\u00fdrandi m\u00e1tt.\" tabindex=\"0\">verndargripur<\/span> berst me\u00f0 landflutningum \u00fej\u00f3\u00f0ar til n\u00fdrra sv\u00e6\u00f0a og lifir \u00fear \u00e1fram.<\/p>\t\t\t\t\t\t\t\t<\/div>\n\t\t\t\t<\/div>\n\t\t\t\t\t<\/div>\n\t\t\t\t<\/div>\n\t\t<div class=\"elementor-element elementor-element-iwgs-azabache-s8 e-flex e-con-boxed e-con e-parent\" data-id=\"iwgs-azabache-s8\" data-element_type=\"container\" data-e-type=\"container\">\n\t\t\t\t\t<div class=\"e-con-inner\">\n\t\t\t\t<div class=\"elementor-element elementor-element-iwgs-azabache-s8h elementor-widget elementor-widget-heading\" data-id=\"iwgs-azabache-s8h\" data-element_type=\"widget\" data-e-type=\"widget\" data-widget_type=\"heading.default\">\n\t\t\t\t\t<h2 class=\"elementor-heading-title elementor-size-default\">M\u00f3tt\u00f6kur \u00ed dag<\/h2>\t\t\t\t<\/div>\n\t\t<div class=\"elementor-element elementor-element-iwgs-azabache-s8box e-con-full e-flex e-con e-parent\" data-id=\"iwgs-azabache-s8box\" data-element_type=\"container\" data-e-type=\"container\">\n\t\t\t\t<div class=\"elementor-element elementor-element-iwgs-azabache-s8t elementor-widget elementor-widget-text-editor\" data-id=\"iwgs-azabache-s8t\" data-element_type=\"widget\" data-e-type=\"widget\" data-widget_type=\"text-editor.default\">\n\t\t\t\t\t\t\t\t\t<p>Azabache er enn \u00feann dag \u00ed dag hluti af daglegu l\u00edfi \u00e1 sp\u00e6nskum\u00e6landi sv\u00e6\u00f0um og \u00ed Su\u00f0ur-Amer\u00edku. Sem verndargripur \u00e1 fyrstu \u00e6vi\u00e1rum barns tilheyrir \u00fea\u00f0 hef\u00f0bundnu <span class=\"iwg-fachbegriff\" data-tooltip=\"Heildarsafn hef\u00f0a og si\u00f0a sem var\u00f0veitt hafa veri\u00f0 innan samf\u00e9lags.\" tabindex=\"0\">brauchtum<\/span>.<\/p><p>Armbandi\u00f0 me\u00f0 litlu sv\u00f6rtu hnefanum er enn sett \u00e1 n\u00fdf\u00e6dd b\u00f6rn. \u00dea\u00f0 er algeng gj\u00f6f vi\u00f0 f\u00e6\u00f0ingu og sk\u00edrn og fylgir barninu fyrstu \u00e6vi\u00e1rin.<\/p><p>Sem skartgripur er azabache einnig bori\u00f0 af fullor\u00f0num. \u00cd \u00fev\u00ed samhengi getur \u00fea\u00f0 veri\u00f0 t\u00e1kn um tengsl vi\u00f0 uppruna og vi\u00f0 <span class=\"iwg-fachbegriff\" data-tooltip=\"Mi\u00f0lun \u00feekkingar og fr\u00e1sagna milli kynsl\u00f3\u00f0a.\" tabindex=\"0\">munnm\u00e6lahef\u00f0<\/span>.<\/p><p>\u00cd su\u00f0ur-amer\u00edskum samf\u00e9l\u00f6gum um allan heim lifir <span class=\"iwg-fachbegriff\" data-tooltip=\"Hef\u00f0bundin ath\u00f6fn sem endurtekin er reglulega innan samf\u00e9lags.\" tabindex=\"0\">hef\u00f0in<\/span> \u00e1fram. Azabache fer\u00f0ast me\u00f0 fj\u00f6lskyldunum og var\u00f0veitir tengslin vi\u00f0 upprunasv\u00e6\u00f0i\u00f0.<\/p><p>Fyrir <span class=\"iwg-fachbegriff\" data-tooltip=\"Fr\u00e6\u00f0igrein sem rannsakar hversdagsmenningu, si\u00f0i og hef\u00f0bundnar hugmyndir.\" tabindex=\"0\">\u00fej\u00f3\u00f0h\u00e1ttafr\u00e6\u00f0i<\/span> er azabache \u00e1fram forvitnilegt vi\u00f0fangsefni. \u00dea\u00f0 s\u00fdnir hvernig efni, verndarbending og tr\u00fa \u00e1 illt auga koma saman \u00ed einum <span class=\"iwg-fachbegriff\" data-tooltip=\"Hlutur sem borinn er \u00e1 l\u00edkamanum og talinn hafa verndandi, \u00f3g\u00e6fuvarnandi eiginleika.\" tabindex=\"0\">verndargrip<\/span>.<\/p><p>Azabache er \u00feannig lifandi d\u00e6mi um verndargrip fyrir b\u00f6rn. \u00cd honum koma saman svartur gagat, hin fornu handart\u00e1knmerki og s\u00fa \u00f3sk sem enn lifir um a\u00f0 vernda ungt l\u00edf fr\u00e1 illu auga.<\/p>\t\t\t\t\t\t\t\t<\/div>\n\t\t\t\t<\/div>\n\t\t\t\t\t<\/div>\n\t\t\t\t<\/div>\n\t\t<div class=\"elementor-element elementor-element-iwgs-azabache-lit e-flex e-con-boxed e-con e-parent\" data-id=\"iwgs-azabache-lit\" data-element_type=\"container\" data-e-type=\"container\">\n\t\t\t\t\t<div class=\"e-con-inner\">\n\t\t\t\t<div class=\"elementor-element elementor-element-iwgs-azabache-lith elementor-widget elementor-widget-heading\" data-id=\"iwgs-azabache-lith\" data-element_type=\"widget\" data-e-type=\"widget\" data-widget_type=\"heading.default\">\n\t\t\t\t\t<h2 class=\"elementor-heading-title elementor-size-default\">Heimildir (\u00farval)<\/h2>\t\t\t\t<\/div>\n\t\t<div class=\"elementor-element elementor-element-iwgs-azabache-litbox e-con-full e-flex e-con e-parent\" data-id=\"iwgs-azabache-litbox\" data-element_type=\"container\" data-e-type=\"container\">\n\t\t\t\t<div class=\"elementor-element elementor-element-iwgs-azabache-litt elementor-widget elementor-widget-html\" data-id=\"iwgs-azabache-litt\" data-element_type=\"widget\" data-e-type=\"widget\" data-widget_type=\"html.default\">\n\t\t\t\t\t<footer data-nosnippet=\"true\"><ul><li>Alan Dundes (ritstj.): <em>The Evil Eye. A Casebook<\/em> (1981)<\/li><li>Frederick Thomas Elworthy: <em>The Evil Eye<\/em> (1895)<\/li><li>Julio Caro Baroja: <em>El mundo de los muertos y otros estudios<\/em> (1990)<\/li><li>Liselotte Hansmann, Lenz Kriss-Rettenbeck: <em>Amulett und Talisman<\/em> (1966)<\/li><li>William Jones: <em>Finger-Ring Lore<\/em> (1877)<\/li><\/ul><\/footer>\t\t\t\t<\/div>\n\t\t\t\t<\/div>\n\t\t\t\t\t<\/div>\n\t\t\t\t<\/div>\n\t\t<div class=\"elementor-element elementor-element-iwgs-azabache-kwd e-flex e-con-boxed e-con e-parent\" data-id=\"iwgs-azabache-kwd\" data-element_type=\"container\" data-e-type=\"container\">\n\t\t\t\t\t<div class=\"e-con-inner\">\n\t\t\t\t<div class=\"elementor-element elementor-element-iwgs-azabache-kwdt elementor-widget elementor-widget-text-editor\" data-id=\"iwgs-azabache-kwdt\" data-element_type=\"widget\" data-e-type=\"widget\" data-widget_type=\"text-editor.default\">\n\t\t\t\t\t\t\t\t\t<p><em>Tengd leitaror\u00f0: Azabache Gagat svartur hnefi <span class=\"iwg-fachbegriff\" data-tooltip=\"\u00datbreidd hugmynd um a\u00f0 \u00f6fundsj\u00fakt augnar\u00e1\u00f0 annarrar manneskju geti valdi\u00f0 ska\u00f0a.\" tabindex=\"0\">illt auga<\/span> Mal de ojo Sp\u00e1nn Su\u00f0ur-Amer\u00edka barnaverndargripir Higa <span class=\"iwg-fachbegriff\" data-tooltip=\"Tr\u00faarbrag\u00f0afr\u00e6\u00f0ilegt hugtak um hlut e\u00f0a t\u00e1kn me\u00f0 \u00f3g\u00e6fuvarnandi hlutverki.\" tabindex=\"0\">ap\u00f3tr\u00f3pa\u00edk<\/span>.<\/em><\/p>\t\t\t\t\t\t\t\t<\/div>\n\t\t\t\t\t<\/div>\n\t\t\t\t<\/div>\n\t\t<div class=\"elementor-element elementor-element-iwgs-azabache-cc e-flex e-con-boxed e-con e-parent\" data-id=\"iwgs-azabache-cc\" data-element_type=\"container\" data-e-type=\"container\" id=\"iwg-cc-azabache\">\n\t\t\t\t\t<div class=\"e-con-inner\">\n\t\t<div class=\"elementor-element elementor-element-iwgs-azabache-ccinner e-flex e-con-boxed e-con e-parent\" data-id=\"iwgs-azabache-ccinner\" data-element_type=\"container\" data-e-type=\"container\" data-settings=\"{&quot;background_background&quot;:&quot;classic&quot;}\">\n\t\t\t\t\t<div class=\"e-con-inner\">\n\t\t\t\t<div class=\"elementor-element elementor-element-iwgs-azabache-cch elementor-widget elementor-widget-heading\" data-id=\"iwgs-azabache-cch\" data-element_type=\"widget\" data-e-type=\"widget\" data-widget_type=\"heading.default\">\n\t\t\t\t\t<h2 class=\"elementor-heading-title elementor-size-default\">iWell Guard og verndarhef\u00f0ir<\/h2>\t\t\t\t<\/div>\n\t\t\t\t<div class=\"elementor-element elementor-element-iwgs-azabache-cct elementor-widget elementor-widget-text-editor\" data-id=\"iwgs-azabache-cct\" data-element_type=\"widget\" data-e-type=\"widget\" data-widget_type=\"text-editor.default\">\n\t\t\t\t\t\t\t\t\t<p>iWell Guard er hluti af menningars\u00f6gulegri hef\u00f0 borinna verndargripa, sem azabache tilheyrir einnig. N\u00fat\u00edmalegur fylgihlutur fyrir f\u00f3lk sem lifir me\u00f0 verndart\u00e1knum: framleitt \u00ed \u00de\u00fdskalandi, 41 lag af sk\u00edragulli, plat\u00ednu og silfri, me\u00f0 30 daga skilar\u00e9tti.<\/p>\t\t\t\t\t\t\t\t<\/div>\n\t\t\t\t<div class=\"elementor-element elementor-element-iwgs-azabache-ccb iwg-cc-button iwg-cc-cta-2026-05-13 elementor-widget elementor-widget-jet-button\" data-id=\"iwgs-azabache-ccb\" data-element_type=\"widget\" data-e-type=\"widget\" data-widget_type=\"jet-button.default\">\n\t\t\t\t<div class=\"elementor-widget-container\">\n\t\t\t\t\t<div class=\"elementor-jet-button jet-elements\"><div class=\"jet-button__container\"><a class=\"jet-button__instance jet-button__instance--icon-left hover-effect-1\" href=\"\/schutzanhaenger-iwell-guard-kaufen\/?utm_source=iwell-guard.com&amp;utm_medium=info-box&amp;utm_campaign=schutzsymbole\"><div class=\"jet-button__plane jet-button__plane-normal\"><\/div><div class=\"jet-button__plane jet-button__plane-hover\"><\/div><div class=\"jet-button__state jet-button__state-normal\"><span class=\"jet-button__label\">Meira um iWell Guard<\/span><\/div><div class=\"jet-button__state jet-button__state-hover\"><span class=\"jet-button__label\">Meira um iWell Guard<\/span><\/div><\/a><\/div><\/div><style>.elementor-element.elementor-element-iwgs-azabache-ccb .jet-button__instance{width:320px;height:56px;}.elementor-element.elementor-element-iwgs-azabache-ccb .jet-button__state-normal .jet-button__label{text-align:center;margin:0px 0px 0px 0px;color:#1a1b20;font-family:Montserrat,sans-serif;font-size:13px;font-weight:400;letter-spacing:4px;line-height:1.714em;text-transform:uppercase;}.elementor-element.elementor-element-iwgs-azabache-ccb .jet-button__state-hover .jet-button__label{text-align:center;margin:0px 0px 0px 0px;color:#FECC76;font-family:Montserrat,sans-serif;font-size:13px;font-weight:400;letter-spacing:4px;line-height:1.714em;text-transform:uppercase;}.elementor-element.elementor-element-iwgs-azabache-ccb .jet-button__plane-normal{background-color:#FECC76;border-style:solid;border-color:#C99540;border-width:2px 2px 2px 2px;}.elementor-element.elementor-element-iwgs-azabache-ccb .jet-button__plane-hover{background-color:rgba(0,0,0,0.55);border-style:solid;border-color:#FECC76;border-width:2px 2px 2px 2px;}<\/style>\t\t\t\t<\/div>\n\t\t\t\t<\/div>\n\t\t\t\t<div class=\"elementor-element elementor-element-iwgs-azabache-ccd elementor-widget elementor-widget-text-editor\" data-id=\"iwgs-azabache-ccd\" data-element_type=\"widget\" data-e-type=\"widget\" data-widget_type=\"text-editor.default\">\n\t\t\t\t\t\t\t\t\t<p style=\"text-align:center;font-size:13px;opacity:0.7;margin-top:14px\" data-nosnippet=\"true\">Pers\u00f3nuleg reynsla getur veri\u00f0 mismunandi. Ekki l\u00e6kningat\u00e6ki. Engin lofor\u00f0 um l\u00e6kningu.<\/p>\t\t\t\t\t\t\t\t<\/div>\n\t\t\t\t\t<\/div>\n\t\t\t\t<\/div>\n\t\t\t\t\t<\/div>\n\t\t\t\t<\/div>\n\t\t<div class=\"elementor-element elementor-element-iwgs-azabache-disc e-flex e-con-boxed e-con e-parent\" data-id=\"iwgs-azabache-disc\" data-element_type=\"container\" data-e-type=\"container\">\n\t\t\t\t\t<div class=\"e-con-inner\">\n\t\t\t\t<div class=\"elementor-element elementor-element-iwgs-azabache-discw elementor-widget elementor-widget-html\" data-id=\"iwgs-azabache-discw\" data-element_type=\"widget\" data-e-type=\"widget\" data-widget_type=\"html.default\">\n\t\t\t\t\t<footer data-nosnippet=\"true\" class=\"iwg-disclaimer-block\"><p data-nosnippet=\"true\">iWell Guard er <strong>ekki l\u00e6kningat\u00e6ki<\/strong> og kemur ekki \u00ed sta\u00f0 l\u00e6knis- e\u00f0a s\u00e1lfr\u00e6\u00f0ime\u00f0fer\u00f0ar. Innihaldi\u00f0 sem h\u00e9r er sett fram er tr\u00faarbrag\u00f0afr\u00e6\u00f0ileg og menningars\u00f6gulega greining, ekki lofor\u00f0 um andlega virkni.<\/p><\/footer>\t\t\t\t<\/div>\n\t\t\t\t\t<\/div>\n\t\t\t\t<\/div>\n\t\t\t\t<\/div>\n\t\t","protected":false},"excerpt":{"rendered":"","protected":false},"author":3,"featured_media":3475,"parent":0,"menu_order":0,"comment_status":"closed","ping_status":"closed","template":"elementor_header_footer","meta":{"_yoast_wpseo_focuskw":"Azabache","_yoast_wpseo_title":"Azabache \u2013 hnefinn \u00far gagati sem verndargripur","_yoast_wpseo_metadesc":"Azabache er l\u00edtill hnefi \u00far sv\u00f6rtu gagati sem b\u00f6rn \u00e1 Sp\u00e1ni og \u00ed Su\u00f0ur-Amer\u00edku bera gegn hinu illa auga. Merking \u00fatsk\u00fdr\u00f0.","_yoast_wpseo_meta-robots-noindex":"","_yoast_wpseo_canonical":"","_angie_page":false,"gefaehrdungsstufe":"","wesen_kultur":"","wesen_klasse":"","footnotes":""},"categories":[],"class_list":["post-169212","page","type-page","status-publish","has-post-thumbnail","hentry"],"yoast_head":"<!-- This site is optimized with the Yoast SEO Premium plugin v27.7 (Yoast SEO v28.3) - https:\/\/yoast.com\/product\/yoast-seo-premium-wordpress\/ -->\n<title>Azabache \u2013 hnefinn \u00far gagati sem verndargripur<\/title>\n<meta name=\"description\" content=\"Azabache er l\u00edtill hnefi \u00far sv\u00f6rtu gagati sem b\u00f6rn \u00e1 Sp\u00e1ni og \u00ed Su\u00f0ur-Amer\u00edku bera gegn hinu illa auga. Merking \u00fatsk\u00fdr\u00f0.\" \/>\n<meta name=\"robots\" content=\"index, follow, max-snippet:-1, max-image-preview:large, max-video-preview:-1\" \/>\n<link rel=\"canonical\" href=\"https:\/\/iwell-guard.com\/is\/azabache-svarti-hnefinn-gegn-illa-auga\/\" \/>\n<meta property=\"og:locale\" content=\"is_IS\" \/>\n<meta property=\"og:type\" content=\"article\" \/>\n<meta property=\"og:title\" content=\"Azabache \u2013 svarti hnefinn \u00far gagati gegn hinu illa auga\" \/>\n<meta property=\"og:description\" content=\"Azabache er l\u00edtill hnefi \u00far sv\u00f6rtu gagati sem b\u00f6rn \u00e1 Sp\u00e1ni og \u00ed Su\u00f0ur-Amer\u00edku bera gegn hinu illa auga. Merking \u00fatsk\u00fdr\u00f0.\" \/>\n<meta property=\"og:url\" content=\"https:\/\/iwell-guard.com\/is\/azabache-svarti-hnefinn-gegn-illa-auga\/\" \/>\n<meta property=\"og:site_name\" content=\"iWell Guard\" \/>\n<meta property=\"article:modified_time\" content=\"2026-09-05T14:35:08+00:00\" \/>\n<meta property=\"og:image\" content=\"https:\/\/iwell-guard.com\/wp-content\/uploads\/2026\/05\/schutzsymbol_lateinamerika_azabache.webp\" \/>\n\t<meta property=\"og:image:width\" content=\"1024\" \/>\n\t<meta property=\"og:image:height\" content=\"1536\" \/>\n\t<meta property=\"og:image:type\" content=\"image\/webp\" \/>\n<meta name=\"twitter:card\" content=\"summary_large_image\" \/>\n<script type=\"application\/ld+json\" class=\"yoast-schema-graph\">{\"@context\":\"https:\\\/\\\/schema.org\",\"@graph\":[{\"@type\":\"WebPage\",\"@id\":\"https:\\\/\\\/iwell-guard.com\\\/is\\\/azabache-svarti-hnefinn-gegn-illa-auga\\\/\",\"url\":\"https:\\\/\\\/iwell-guard.com\\\/is\\\/azabache-svarti-hnefinn-gegn-illa-auga\\\/\",\"name\":\"Azabache \u2013 hnefinn \u00far gagati sem verndargripur\",\"isPartOf\":{\"@id\":\"https:\\\/\\\/iwell-guard.com\\\/is\\\/#website\"},\"primaryImageOfPage\":{\"@id\":\"https:\\\/\\\/iwell-guard.com\\\/is\\\/azabache-svarti-hnefinn-gegn-illa-auga\\\/#primaryimage\"},\"image\":{\"@id\":\"https:\\\/\\\/iwell-guard.com\\\/is\\\/azabache-svarti-hnefinn-gegn-illa-auga\\\/#primaryimage\"},\"thumbnailUrl\":\"https:\\\/\\\/iwell-guard.com\\\/wp-content\\\/uploads\\\/2026\\\/05\\\/schutzsymbol_lateinamerika_azabache.webp\",\"datePublished\":\"2026-09-05T14:06:32+00:00\",\"dateModified\":\"2026-09-05T14:35:08+00:00\",\"description\":\"Azabache er l\u00edtill hnefi \u00far sv\u00f6rtu gagati sem b\u00f6rn \u00e1 Sp\u00e1ni og \u00ed Su\u00f0ur-Amer\u00edku bera gegn hinu illa auga. Merking \u00fatsk\u00fdr\u00f0.\",\"breadcrumb\":{\"@id\":\"https:\\\/\\\/iwell-guard.com\\\/is\\\/azabache-svarti-hnefinn-gegn-illa-auga\\\/#breadcrumb\"},\"inLanguage\":\"is\",\"potentialAction\":[{\"@type\":\"ReadAction\",\"target\":[\"https:\\\/\\\/iwell-guard.com\\\/is\\\/azabache-svarti-hnefinn-gegn-illa-auga\\\/\"]}]},{\"@type\":\"ImageObject\",\"inLanguage\":\"is\",\"@id\":\"https:\\\/\\\/iwell-guard.com\\\/is\\\/azabache-svarti-hnefinn-gegn-illa-auga\\\/#primaryimage\",\"url\":\"https:\\\/\\\/iwell-guard.com\\\/wp-content\\\/uploads\\\/2026\\\/05\\\/schutzsymbol_lateinamerika_azabache.webp\",\"contentUrl\":\"https:\\\/\\\/iwell-guard.com\\\/wp-content\\\/uploads\\\/2026\\\/05\\\/schutzsymbol_lateinamerika_azabache.webp\",\"width\":1024,\"height\":1536,\"caption\":\"Verndart\u00e1kn. Myndskreyting \u00ed safnst\u00edl.\"},{\"@type\":\"BreadcrumbList\",\"@id\":\"https:\\\/\\\/iwell-guard.com\\\/is\\\/azabache-svarti-hnefinn-gegn-illa-auga\\\/#breadcrumb\",\"itemListElement\":[{\"@type\":\"ListItem\",\"position\":1,\"name\":\"Start\",\"item\":\"https:\\\/\\\/iwell-guard.com\\\/is\\\/?page_id=168580\"},{\"@type\":\"ListItem\",\"position\":2,\"name\":\"Azabache \u2013 svarti hnefinn \u00far gagati gegn hinu illa auga\"}]},{\"@type\":\"WebSite\",\"@id\":\"https:\\\/\\\/iwell-guard.com\\\/is\\\/#website\",\"url\":\"https:\\\/\\\/iwell-guard.com\\\/is\\\/\",\"name\":\"iWell Guard\",\"description\":\"Schutz vor dunklen Einfl\u00fcssen\",\"publisher\":{\"@id\":\"https:\\\/\\\/iwell-guard.com\\\/is\\\/#organization\"},\"potentialAction\":[{\"@type\":\"SearchAction\",\"target\":{\"@type\":\"EntryPoint\",\"urlTemplate\":\"https:\\\/\\\/iwell-guard.com\\\/is\\\/?s={search_term_string}\"},\"query-input\":{\"@type\":\"PropertyValueSpecification\",\"valueRequired\":true,\"valueName\":\"search_term_string\"}}],\"inLanguage\":\"is\"},{\"@type\":\"Organization\",\"@id\":\"https:\\\/\\\/iwell-guard.com\\\/is\\\/#organization\",\"name\":\"Ittermann electronic GmbH\",\"url\":\"https:\\\/\\\/iwell-guard.com\\\/is\\\/\",\"logo\":{\"@type\":\"ImageObject\",\"inLanguage\":\"is\",\"@id\":\"https:\\\/\\\/iwell-guard.com\\\/is\\\/#\\\/schema\\\/logo\\\/image\\\/\",\"url\":\"https:\\\/\\\/iwell-guard.com\\\/wp-content\\\/uploads\\\/2026\\\/05\\\/Ittermann-Logo-1182x237-1.png\",\"contentUrl\":\"https:\\\/\\\/iwell-guard.com\\\/wp-content\\\/uploads\\\/2026\\\/05\\\/Ittermann-Logo-1182x237-1.png\",\"width\":1182,\"height\":237,\"caption\":\"Ittermann electronic GmbH\"},\"image\":{\"@id\":\"https:\\\/\\\/iwell-guard.com\\\/is\\\/#\\\/schema\\\/logo\\\/image\\\/\"},\"sameAs\":[\"https:\\\/\\\/pantip.com\\\/profile\\\/9367242\",\"https:\\\/\\\/micro.blog\\\/iwellguard\",\"https:\\\/\\\/www.diggerslist.com\\\/iwellguard\\\/about\",\"https:\\\/\\\/skitterphoto.com\\\/photographers\\\/2870314\\\/iwell-guard\",\"https:\\\/\\\/iwellguard.wordpress.com\\\/2026\\\/06\\\/06\\\/iwell-guard\\\/\",\"https:\\\/\\\/hub.docker.com\\\/u\\\/iwellguard\",\"https:\\\/\\\/www.pinterest.com\\\/iwellguard\\\/\",\"https:\\\/\\\/bit.ly\\\/m\\\/iwellguard\",\"https:\\\/\\\/entre-vos-mains.alsace.eu\\\/profiles\\\/iwellguard\\\/activity\",\"https:\\\/\\\/gravatar.com\\\/reallybeded8fd34\",\"https:\\\/\\\/naijamatta.com\\\/iwellguard\",\"https:\\\/\\\/www.goodreads.com\\\/iwellguard\",\"https:\\\/\\\/profile.hatena.ne.jp\\\/iwellguard\\\/\",\"https:\\\/\\\/experiment.com\\\/users\\\/iwellguard\",\"https:\\\/\\\/wakelet.com\\\/@iWellGuard82270\",\"https:\\\/\\\/www.chordie.com\\\/forum\\\/profile.php?id=2555664\",\"https:\\\/\\\/www.instapaper.com\\\/p\\\/17757966\",\"https:\\\/\\\/www.mapleprimes.com\\\/users\\\/iwellguard\",\"https:\\\/\\\/businesslistingplus.com\\\/profile\\\/iwell-guard\\\/\",\"https:\\\/\\\/telegra.ph\\\/iWell-Guard-06-06\",\"https:\\\/\\\/pbase.com\\\/iwellguard\\\/iwellguard\",\"https:\\\/\\\/b.hatena.ne.jp\\\/iwellguard\\\/20260607#bookmark-4788405196491818882\",\"https:\\\/\\\/fliphtml5.com\\\/home\\\/iwellguard\",\"https:\\\/\\\/anyflip.com\\\/homepage\\\/cmiwl#About\",\"https:\\\/\\\/transfur.com\\\/Users\\\/iwellguard\",\"http:\\\/\\\/delphi.larsbo.org\\\/user\\\/iwellguard\",\"https:\\\/\\\/jobs.lajobsportal.org\\\/profiles\\\/8380803-iwell-guard\",\"https:\\\/\\\/md.chaosdorf.de\\\/s\\\/jfbe5SBdJD\",\"https:\\\/\\\/www.lingvolive.com\\\/en-us\\\/profile\\\/9ecaeaca-ce11-4e51-9e71-01d55e2bff36\\\/translations\",\"https:\\\/\\\/www.fitday.com\\\/fitness\\\/forums\\\/members\\\/iwellguard.html\",\"https:\\\/\\\/www.mymeetbook.com\\\/iwellguard\",\"https:\\\/\\\/pxhere.com\\\/en\\\/photographer-me\\\/5040798\",\"https:\\\/\\\/disqus.com\\\/by\\\/iwellguard\\\/about\\\/\",\"https:\\\/\\\/pastelink.net\\\/hjwciqwq\",\"https:\\\/\\\/pubhtml5.com\\\/homepage\\\/scjhn\\\/\",\"https:\\\/\\\/www.bitchute.com\\\/channel\\\/2O2eOKzNqujT\",\"https:\\\/\\\/audiomack.com\\\/iwellguard\"]}]}<\/script>\n<!-- \/ Yoast SEO Premium plugin. -->","yoast_head_json":{"title":"Azabache \u2013 hnefinn \u00far gagati sem verndargripur","description":"Azabache er l\u00edtill hnefi \u00far sv\u00f6rtu gagati sem b\u00f6rn \u00e1 Sp\u00e1ni og \u00ed Su\u00f0ur-Amer\u00edku bera gegn hinu illa auga. Merking \u00fatsk\u00fdr\u00f0.","robots":{"index":"index","follow":"follow","max-snippet":"max-snippet:-1","max-image-preview":"max-image-preview:large","max-video-preview":"max-video-preview:-1"},"canonical":"https:\/\/iwell-guard.com\/is\/azabache-svarti-hnefinn-gegn-illa-auga\/","og_locale":"is_IS","og_type":"article","og_title":"Azabache \u2013 svarti hnefinn \u00far gagati gegn hinu illa auga","og_description":"Azabache er l\u00edtill hnefi \u00far sv\u00f6rtu gagati sem b\u00f6rn \u00e1 Sp\u00e1ni og \u00ed Su\u00f0ur-Amer\u00edku bera gegn hinu illa auga. Merking \u00fatsk\u00fdr\u00f0.","og_url":"https:\/\/iwell-guard.com\/is\/azabache-svarti-hnefinn-gegn-illa-auga\/","og_site_name":"iWell Guard","article_modified_time":"2026-09-05T14:35:08+00:00","og_image":[{"width":1024,"height":1536,"url":"https:\/\/iwell-guard.com\/wp-content\/uploads\/2026\/05\/schutzsymbol_lateinamerika_azabache.webp","type":"image\/webp"}],"twitter_card":"summary_large_image","schema":{"@context":"https:\/\/schema.org","@graph":[{"@type":"WebPage","@id":"https:\/\/iwell-guard.com\/is\/azabache-svarti-hnefinn-gegn-illa-auga\/","url":"https:\/\/iwell-guard.com\/is\/azabache-svarti-hnefinn-gegn-illa-auga\/","name":"Azabache \u2013 hnefinn \u00far gagati sem verndargripur","isPartOf":{"@id":"https:\/\/iwell-guard.com\/is\/#website"},"primaryImageOfPage":{"@id":"https:\/\/iwell-guard.com\/is\/azabache-svarti-hnefinn-gegn-illa-auga\/#primaryimage"},"image":{"@id":"https:\/\/iwell-guard.com\/is\/azabache-svarti-hnefinn-gegn-illa-auga\/#primaryimage"},"thumbnailUrl":"https:\/\/iwell-guard.com\/wp-content\/uploads\/2026\/05\/schutzsymbol_lateinamerika_azabache.webp","datePublished":"2026-09-05T14:06:32+00:00","dateModified":"2026-09-05T14:35:08+00:00","description":"Azabache er l\u00edtill hnefi \u00far sv\u00f6rtu gagati sem b\u00f6rn \u00e1 Sp\u00e1ni og \u00ed Su\u00f0ur-Amer\u00edku bera gegn hinu illa auga. Merking \u00fatsk\u00fdr\u00f0.","breadcrumb":{"@id":"https:\/\/iwell-guard.com\/is\/azabache-svarti-hnefinn-gegn-illa-auga\/#breadcrumb"},"inLanguage":"is","potentialAction":[{"@type":"ReadAction","target":["https:\/\/iwell-guard.com\/is\/azabache-svarti-hnefinn-gegn-illa-auga\/"]}]},{"@type":"ImageObject","inLanguage":"is","@id":"https:\/\/iwell-guard.com\/is\/azabache-svarti-hnefinn-gegn-illa-auga\/#primaryimage","url":"https:\/\/iwell-guard.com\/wp-content\/uploads\/2026\/05\/schutzsymbol_lateinamerika_azabache.webp","contentUrl":"https:\/\/iwell-guard.com\/wp-content\/uploads\/2026\/05\/schutzsymbol_lateinamerika_azabache.webp","width":1024,"height":1536,"caption":"Verndart\u00e1kn. Myndskreyting \u00ed safnst\u00edl."},{"@type":"BreadcrumbList","@id":"https:\/\/iwell-guard.com\/is\/azabache-svarti-hnefinn-gegn-illa-auga\/#breadcrumb","itemListElement":[{"@type":"ListItem","position":1,"name":"Start","item":"https:\/\/iwell-guard.com\/is\/?page_id=168580"},{"@type":"ListItem","position":2,"name":"Azabache \u2013 svarti hnefinn \u00far gagati gegn hinu illa auga"}]},{"@type":"WebSite","@id":"https:\/\/iwell-guard.com\/is\/#website","url":"https:\/\/iwell-guard.com\/is\/","name":"iWell Guard","description":"Schutz vor dunklen Einfl\u00fcssen","publisher":{"@id":"https:\/\/iwell-guard.com\/is\/#organization"},"potentialAction":[{"@type":"SearchAction","target":{"@type":"EntryPoint","urlTemplate":"https:\/\/iwell-guard.com\/is\/?s={search_term_string}"},"query-input":{"@type":"PropertyValueSpecification","valueRequired":true,"valueName":"search_term_string"}}],"inLanguage":"is"},{"@type":"Organization","@id":"https:\/\/iwell-guard.com\/is\/#organization","name":"Ittermann electronic GmbH","url":"https:\/\/iwell-guard.com\/is\/","logo":{"@type":"ImageObject","inLanguage":"is","@id":"https:\/\/iwell-guard.com\/is\/#\/schema\/logo\/image\/","url":"https:\/\/iwell-guard.com\/wp-content\/uploads\/2026\/05\/Ittermann-Logo-1182x237-1.png","contentUrl":"https:\/\/iwell-guard.com\/wp-content\/uploads\/2026\/05\/Ittermann-Logo-1182x237-1.png","width":1182,"height":237,"caption":"Ittermann electronic GmbH"},"image":{"@id":"https:\/\/iwell-guard.com\/is\/#\/schema\/logo\/image\/"},"sameAs":["https:\/\/pantip.com\/profile\/9367242","https:\/\/micro.blog\/iwellguard","https:\/\/www.diggerslist.com\/iwellguard\/about","https:\/\/skitterphoto.com\/photographers\/2870314\/iwell-guard","https:\/\/iwellguard.wordpress.com\/2026\/06\/06\/iwell-guard\/","https:\/\/hub.docker.com\/u\/iwellguard","https:\/\/www.pinterest.com\/iwellguard\/","https:\/\/bit.ly\/m\/iwellguard","https:\/\/entre-vos-mains.alsace.eu\/profiles\/iwellguard\/activity","https:\/\/gravatar.com\/reallybeded8fd34","https:\/\/naijamatta.com\/iwellguard","https:\/\/www.goodreads.com\/iwellguard","https:\/\/profile.hatena.ne.jp\/iwellguard\/","https:\/\/experiment.com\/users\/iwellguard","https:\/\/wakelet.com\/@iWellGuard82270","https:\/\/www.chordie.com\/forum\/profile.php?id=2555664","https:\/\/www.instapaper.com\/p\/17757966","https:\/\/www.mapleprimes.com\/users\/iwellguard","https:\/\/businesslistingplus.com\/profile\/iwell-guard\/","https:\/\/telegra.ph\/iWell-Guard-06-06","https:\/\/pbase.com\/iwellguard\/iwellguard","https:\/\/b.hatena.ne.jp\/iwellguard\/20260607#bookmark-4788405196491818882","https:\/\/fliphtml5.com\/home\/iwellguard","https:\/\/anyflip.com\/homepage\/cmiwl#About","https:\/\/transfur.com\/Users\/iwellguard","http:\/\/delphi.larsbo.org\/user\/iwellguard","https:\/\/jobs.lajobsportal.org\/profiles\/8380803-iwell-guard","https:\/\/md.chaosdorf.de\/s\/jfbe5SBdJD","https:\/\/www.lingvolive.com\/en-us\/profile\/9ecaeaca-ce11-4e51-9e71-01d55e2bff36\/translations","https:\/\/www.fitday.com\/fitness\/forums\/members\/iwellguard.html","https:\/\/www.mymeetbook.com\/iwellguard","https:\/\/pxhere.com\/en\/photographer-me\/5040798","https:\/\/disqus.com\/by\/iwellguard\/about\/","https:\/\/pastelink.net\/hjwciqwq","https:\/\/pubhtml5.com\/homepage\/scjhn\/","https:\/\/www.bitchute.com\/channel\/2O2eOKzNqujT","https:\/\/audiomack.com\/iwellguard"]}]}},"_links":{"self":[{"href":"https:\/\/iwell-guard.com\/is\/wp-json\/wp\/v2\/pages\/169212","targetHints":{"allow":["GET"]}}],"collection":[{"href":"https:\/\/iwell-guard.com\/is\/wp-json\/wp\/v2\/pages"}],"about":[{"href":"https:\/\/iwell-guard.com\/is\/wp-json\/wp\/v2\/types\/page"}],"author":[{"embeddable":true,"href":"https:\/\/iwell-guard.com\/is\/wp-json\/wp\/v2\/users\/3"}],"replies":[{"embeddable":true,"href":"https:\/\/iwell-guard.com\/is\/wp-json\/wp\/v2\/comments?post=169212"}],"version-history":[{"count":0,"href":"https:\/\/iwell-guard.com\/is\/wp-json\/wp\/v2\/pages\/169212\/revisions"}],"wp:featuredmedia":[{"embeddable":true,"href":"https:\/\/iwell-guard.com\/is\/wp-json\/wp\/v2\/media\/3475"}],"wp:attachment":[{"href":"https:\/\/iwell-guard.com\/is\/wp-json\/wp\/v2\/media?parent=169212"}],"wp:term":[{"taxonomy":"category","embeddable":true,"href":"https:\/\/iwell-guard.com\/is\/wp-json\/wp\/v2\/categories?post=169212"}],"curies":[{"name":"wp","href":"https:\/\/api.w.org\/{rel}","templated":true}]}}