{"id":169211,"date":"2026-09-05T14:06:31","date_gmt":"2026-09-05T14:06:31","guid":{"rendered":"https:\/\/iwell-guard.com\/?page_id=169211"},"modified":"2026-09-05T14:35:06","modified_gmt":"2026-09-05T14:35:06","slug":"nazar-battu-indverska-varnargriman","status":"publish","type":"page","link":"https:\/\/iwell-guard.com\/is\/nazar-battu-indverska-varnargriman\/","title":{"rendered":"Nazar Battu \u2013 hin indverska varnargr\u00edma"},"content":{"rendered":"\t\t<div data-elementor-type=\"wp-page\" data-elementor-id=\"169211\" class=\"elementor elementor-169211 elementor-3703 elementor-bc-flex-widget\" data-elementor-post-type=\"page\">\n\t\t\t\t<div class=\"elementor-element elementor-element-iwgs-nazarbattu-hero e-flex e-con-boxed e-con e-parent\" data-id=\"iwgs-nazarbattu-hero\" data-element_type=\"container\" data-e-type=\"container\">\n\t\t\t\t\t<div class=\"e-con-inner\">\n\t\t<div class=\"elementor-element elementor-element-iwgs-nazarbattu-hl e-flex e-con-boxed e-con e-parent\" data-id=\"iwgs-nazarbattu-hl\" data-element_type=\"container\" data-e-type=\"container\">\n\t\t\t\t\t<div class=\"e-con-inner\">\n\t\t<div class=\"elementor-element elementor-element-iwgs-nazarbattu-hlbox e-con-full e-flex e-con e-parent\" data-id=\"iwgs-nazarbattu-hlbox\" data-element_type=\"container\" data-e-type=\"container\">\n\t\t\t\t<div class=\"elementor-element elementor-element-iwgs-nazarbattu-h1 elementor-widget elementor-widget-heading\" data-id=\"iwgs-nazarbattu-h1\" data-element_type=\"widget\" data-e-type=\"widget\" data-widget_type=\"heading.default\">\n\t\t\t\t\t<h1 class=\"elementor-heading-title elementor-size-default\">Nazar Battu \u2013 hin indverska varnargr\u00edma gegn illu auga<\/h1>\t\t\t\t<\/div>\n\t\t\t\t<div class=\"elementor-element elementor-element-iwgs-nazarbattu-lead elementor-widget elementor-widget-text-editor\" data-id=\"iwgs-nazarbattu-lead\" data-element_type=\"widget\" data-e-type=\"widget\" data-widget_type=\"text-editor.default\">\n\t\t\t\t\t\t\t\t\t<p>Nazar Battu v\u00edsar \u00e1 Indlandi til \u00fdmissa r\u00e1\u00f0a gegn illu auga. \u00deekktust er fr\u00e1hrindandi gr\u00edma, oft sv\u00f6rt, sem er fest \u00e1 h\u00fasum og farart\u00e6kjum til a\u00f0 halda ska\u00f0legum augnar\u00e1\u00f0um \u00ed fjarl\u00e6g\u00f0.<\/p>\t\t\t\t\t\t\t\t<\/div>\n\t\t\t\t<\/div>\n\t\t\t\t<div class=\"elementor-element elementor-element-iwgs-nazarbattu-pills elementor-widget elementor-widget-html\" data-id=\"iwgs-nazarbattu-pills\" data-element_type=\"widget\" data-e-type=\"widget\" data-widget_type=\"html.default\">\n\t\t\t\t\t<div class=\"iwg-pill-row\"><span class=\"iwg-klasse-badge\" tabindex=\"0\" data-tooltip=\"Verndart\u00e1kn, verndargripur e\u00f0a verndarhlutur.\">Verndart\u00e1kn<\/span><a href=\"https:\/\/iwell-guard.com\/is\/hinduismi\/\" class=\"iwg-kultur-badge\" tabindex=\"0\" data-tooltip=\"Verndarhef\u00f0: hind\u00faismi\">Hind\u00faismi<\/a><span class=\"iwg-tradition-badge\" tabindex=\"0\" data-tooltip=\"Hlutur e\u00f0a t\u00e1kn sem \u00e6tla\u00f0 er a\u00f0 verjast \u00f3g\u00e6fu og ska\u00f0legum \u00e1hrifum.\">Verndargripur (apotropaicon)<\/span><\/div>\t\t\t\t<\/div>\n\t\t\t\t\t<\/div>\n\t\t\t\t<\/div>\n\t\t<div class=\"elementor-element elementor-element-iwgs-nazarbattu-hr e-con-full e-flex e-con e-parent\" data-id=\"iwgs-nazarbattu-hr\" data-element_type=\"container\" data-e-type=\"container\">\n\t\t\t\t<div class=\"elementor-element elementor-element-iwgs-nazarbattu-himg iwg-hero-image elementor-widget elementor-widget-image\" data-id=\"iwgs-nazarbattu-himg\" data-element_type=\"widget\" data-e-type=\"widget\" data-widget_type=\"image.default\">\n\t\t\t\t\t\t\t\t\t\t\t\t\t\t\t<img fetchpriority=\"high\" decoding=\"async\" width=\"683\" height=\"1024\" src=\"https:\/\/iwell-guard.com\/wp-content\/uploads\/2026\/05\/schutzsymbol_indien_nazar-battu-683x1024.webp\" class=\"attachment-large size-large wp-image-170583\" alt=\"Nazar Battu \u2013 verndargripur, safnfr\u00e6\u00f0ileg mynd\" srcset=\"https:\/\/iwell-guard.com\/wp-content\/uploads\/2026\/05\/schutzsymbol_indien_nazar-battu-683x1024.webp 683w, https:\/\/iwell-guard.com\/wp-content\/uploads\/2026\/05\/schutzsymbol_indien_nazar-battu-200x300.webp 200w, https:\/\/iwell-guard.com\/wp-content\/uploads\/2026\/05\/schutzsymbol_indien_nazar-battu-768x1152.webp 768w, https:\/\/iwell-guard.com\/wp-content\/uploads\/2026\/05\/schutzsymbol_indien_nazar-battu.webp 1024w\" sizes=\"(max-width: 683px) 100vw, 683px\" \/>\t\t\t\t\t\t\t\t\t\t\t\t\t\t\t<\/div>\n\t\t\t\t<\/div>\n\t\t\t\t\t<\/div>\n\t\t\t\t<\/div>\n\t\t<div class=\"elementor-element elementor-element-iwgs-nazarbattu-s0 e-flex e-con-boxed e-con e-parent\" data-id=\"iwgs-nazarbattu-s0\" data-element_type=\"container\" data-e-type=\"container\">\n\t\t\t\t\t<div class=\"e-con-inner\">\n\t\t\t\t<div class=\"elementor-element elementor-element-iwgs-nazarbattu-s0h elementor-widget elementor-widget-heading\" data-id=\"iwgs-nazarbattu-s0h\" data-element_type=\"widget\" data-e-type=\"widget\" data-widget_type=\"heading.default\">\n\t\t\t\t\t<h2 class=\"elementor-heading-title elementor-size-default\">Yfirlit<\/h2>\t\t\t\t<\/div>\n\t\t<div class=\"elementor-element elementor-element-iwgs-nazarbattu-s0box e-con-full e-flex e-con e-parent\" data-id=\"iwgs-nazarbattu-s0box\" data-element_type=\"container\" data-e-type=\"container\">\n\t\t\t\t<div class=\"elementor-element elementor-element-iwgs-nazarbattu-s0t elementor-widget elementor-widget-text-editor\" data-id=\"iwgs-nazarbattu-s0t\" data-element_type=\"widget\" data-e-type=\"widget\" data-widget_type=\"text-editor.default\">\n\t\t\t\t\t\t\t\t\t<p>Nazar Battu er hugtak \u00far indverskri menningu sem tengist <a href=\"https:\/\/iwell-guard.com\/is\/hinduismi\/\">hind\u00faisma<\/a> og v\u00ed\u00f0t\u00e6kari \u00fej\u00f3\u00f0menningu \u00e1lfunnar. \u00dea\u00f0 v\u00edsar til r\u00e1\u00f0a gegn illu auga.<\/p><p>Or\u00f0i\u00f0 nazar \u00fe\u00fd\u00f0ir augnar\u00e1\u00f0 og er \u00ed indversku m\u00e1li oft haft um illt, ska\u00f0legt augnar\u00e1\u00f0. Battu v\u00edsar til \u00feess a\u00f0 hrinda af s\u00e9r og gera \u00f3virkt. Nazar Battu v\u00edsar \u00feannig til \u00feess sem hrindir illu augnar\u00e1\u00f0i af s\u00e9r.<\/p><p>Undir \u00feessu hugtaki eru dregnir saman \u00fdmsir verndarsi\u00f0ir. \u00deekktust er fr\u00e1hrindandi gr\u00edma, afskr\u00e6mt andlit, sem er oft m\u00e1lu\u00f0 sv\u00f6rt og fest \u00e1 s\u00fdnilegan sta\u00f0.<\/p><p>Sl\u00edkar varnargr\u00edmur m\u00e1 finna \u00e1 h\u00fasveggjum, \u00e1 n\u00fdbyggingum, \u00e1 farart\u00e6kjum og \u00f6\u00f0rum st\u00f6\u00f0um sem taldir voru \u00ed h\u00e6ttu. \u00de\u00e6r eiga a\u00f0 draga a\u00f0 s\u00e9r augnar\u00e1\u00f0 \u00e1horfandans og draga athygli hans fr\u00e1 \u00fev\u00ed sem veri\u00f0 er a\u00f0 verja.<\/p><p>\u00cd <span class=\"iwg-fachbegriff\" data-tooltip=\"V\u00edsindagreinin sem rannsakar tr\u00faarbr\u00f6g\u00f0 samanbur\u00f0arlega og \u00e1n tr\u00faarlegrar afst\u00f6\u00f0u.\" tabindex=\"0\">tr\u00faarbrag\u00f0afr\u00e6\u00f0um<\/span> og \u00ed <span class=\"iwg-fachbegriff\" data-tooltip=\"V\u00edsindagrein sem rannsakar hversdagsmenningu, si\u00f0i og hef\u00f0bundnar hugmyndir.\" tabindex=\"0\">\u00fej\u00f3\u00f0fr\u00e6\u00f0i<\/span> er Nazar Battu g\u00f3\u00f0 d\u00e6mi um fr\u00e1hrindandi verndargrip sem virkar eftir grunnhugmyndinni um a\u00f0 draga athygli fr\u00e1 og f\u00e6la.<\/p><p>\u00deessi s\u00ed\u00f0a fjallar um Nazar Battu \u00fat fr\u00e1 verndarsj\u00f3narmi\u00f0i. H\u00fan l\u00fdsir varnargr\u00edmunni, notkun hennar, virknina og st\u00f6\u00f0u hennar innan indverskrar tr\u00faar \u00e1 illt auga.<\/p>\t\t\t\t\t\t\t\t<\/div>\n\t\t\t\t<\/div>\n\t\t\t\t\t<\/div>\n\t\t\t\t<\/div>\n\t\t<div class=\"elementor-element elementor-element-iwgs-nazarbattu-s1 e-flex e-con-boxed e-con e-parent\" data-id=\"iwgs-nazarbattu-s1\" data-element_type=\"container\" data-e-type=\"container\">\n\t\t\t\t\t<div class=\"e-con-inner\">\n\t\t\t\t<div class=\"elementor-element elementor-element-iwgs-nazarbattu-s1h elementor-widget elementor-widget-heading\" data-id=\"iwgs-nazarbattu-s1h\" data-element_type=\"widget\" data-e-type=\"widget\" data-widget_type=\"heading.default\">\n\t\t\t\t\t<h2 class=\"elementor-heading-title elementor-size-default\">Illt auga \u00e1 Indlandi<\/h2>\t\t\t\t<\/div>\n\t\t<div class=\"elementor-element elementor-element-iwgs-nazarbattu-s1box e-con-full e-flex e-con e-parent\" data-id=\"iwgs-nazarbattu-s1box\" data-element_type=\"container\" data-e-type=\"container\">\n\t\t\t\t<div class=\"elementor-element elementor-element-iwgs-nazarbattu-s1t elementor-widget elementor-widget-text-editor\" data-id=\"iwgs-nazarbattu-s1t\" data-element_type=\"widget\" data-e-type=\"widget\" data-widget_type=\"text-editor.default\">\n\t\t\t\t\t\t\t\t\t<p>Til a\u00f0 skilja Nazar Battu ver\u00f0ur a\u00f0 \u00feekkja indverska tr\u00fa \u00e1 illt auga. \u00deessi tr\u00fa er v\u00ed\u00f0a \u00fatbreidd \u00e1 Indlandsskaganum og n\u00e6r til margra \u00fej\u00f3\u00f0f\u00e9lagsh\u00f3pa.<\/p><p>Illt auga er \u00e1 Indlandi oft einfaldlega kalla\u00f0 nazar. Samkv\u00e6mt \u00feessari hugmynd getur augnar\u00e1\u00f0 manns valdi\u00f0 ska\u00f0a \u00e1n \u00feess a\u00f0 \u00fea\u00f0 s\u00e9 alltaf \u00e1setningur.<\/p><p>Illt auga er oft tengt \u00f6fund. S\u00e1 sem l\u00edtur \u00e1 annan mann e\u00f0a eignir hans me\u00f0 illgirni getur ska\u00f0a\u00f0 hann. En einnig hrein a\u00f0d\u00e1un \u00fe\u00f3tti h\u00e6ttuleg.<\/p><p>S\u00e9rstaklega \u00ed h\u00e6ttu \u00fe\u00f3ttu b\u00f6rn, n\u00fdburar, \u00feunga\u00f0ar konur, br\u00fa\u00f0ir, n\u00fdreist h\u00fas og vaxandi fyrirt\u00e6ki. Alls sta\u00f0ar \u00fear sem eitthva\u00f0 var fagurt, n\u00fdtt e\u00f0a vel gengi\u00f0, vofa\u00f0i nazar yfir.<\/p><p>Tr\u00fain \u00e1 illt auga er ekki bundin vi\u00f0 Indland. H\u00fan finnst um allt Mi\u00f0jar\u00f0arhafssv\u00e6\u00f0i\u00f0 og v\u00ed\u00f0a \u00ed As\u00edu og er l\u00fdst \u00e1 s\u00ed\u00f0unni um <a href=\"https:\/\/iwell-guard.com\/is\/illt-auga\/\">illt auga<\/a>.<\/p><p>Nazar Battu er indverskt svar vi\u00f0 \u00feessum \u00fatbreidda \u00f3tta. \u00dea\u00f0 er samheiti fyrir \u00feau r\u00e1\u00f0 sem menn beittu til a\u00f0 hrinda af s\u00e9r ska\u00f0legu augnar\u00e1\u00f0i.<\/p>\t\t\t\t\t\t\t\t<\/div>\n\t\t\t\t<\/div>\n\t\t\t\t\t<\/div>\n\t\t\t\t<\/div>\n\t\t<div class=\"elementor-element elementor-element-iwgs-nazarbattu-s2 e-flex e-con-boxed e-con e-parent\" data-id=\"iwgs-nazarbattu-s2\" data-element_type=\"container\" data-e-type=\"container\">\n\t\t\t\t\t<div class=\"e-con-inner\">\n\t\t\t\t<div class=\"elementor-element elementor-element-iwgs-nazarbattu-s2h elementor-widget elementor-widget-heading\" data-id=\"iwgs-nazarbattu-s2h\" data-element_type=\"widget\" data-e-type=\"widget\" data-widget_type=\"heading.default\">\n\t\t\t\t\t<h2 class=\"elementor-heading-title elementor-size-default\">Varnargr\u00edman<\/h2>\t\t\t\t<\/div>\n\t\t<div class=\"elementor-element elementor-element-iwgs-nazarbattu-s2box e-con-full e-flex e-con e-parent\" data-id=\"iwgs-nazarbattu-s2box\" data-element_type=\"container\" data-e-type=\"container\">\n\t\t\t\t<div class=\"elementor-element elementor-element-iwgs-nazarbattu-s2t elementor-widget elementor-widget-text-editor\" data-id=\"iwgs-nazarbattu-s2t\" data-element_type=\"widget\" data-e-type=\"widget\" data-widget_type=\"text-editor.default\">\n\t\t\t\t\t\t\t\t\t<p>\u00deekktasta form Nazar Battu er varnargr\u00edman. Um er a\u00f0 r\u00e6\u00f0a viljandi lj\u00f3tt, afskr\u00e6mt andlit sem er fest \u00e1 s\u00fdnilegan sta\u00f0.<\/p><p>Gr\u00edman er oft sv\u00f6rt. H\u00fan s\u00fdnir gr\u00f3fa dr\u00e6tti, galopin augu, afskr\u00e6mdan munn og fr\u00e1hrindandi svip. H\u00fan er v\u00edsvitandi ger\u00f0 \u00f3fr\u00ed\u00f0.<\/p><p>Sl\u00edkar gr\u00edmur eru ger\u00f0ar \u00e1 \u00fdmsa vegu. \u00de\u00e6r geta veri\u00f0 m\u00e1la\u00f0ar \u00e1 pott e\u00f0a gr\u00edmu, m\u00f3ta\u00f0ar \u00far efni e\u00f0a keyptar sem fullb\u00fainn verndargrip.<\/p><p>\u00de\u00e6r eru festar \u00e1 vel s\u00fdnilegan sta\u00f0. \u00c1 n\u00fdbyggingum hangir oft svartm\u00e1la\u00f0ur pottur me\u00f0 gr\u00edmu. \u00c1 h\u00fasum, vinnup\u00f6llum og farart\u00e6kjum m\u00e1 finna afskr\u00e6mda andliti\u00f0.<\/p><p>Gr\u00edman er ger\u00f0 \u00feannig a\u00f0 h\u00fan vekur athygli. H\u00fan \u00e1 a\u00f0 vera fyrsta atri\u00f0i\u00f0 sem augnar\u00e1\u00f0 \u00e1horfandans lendir \u00e1. \u00deannig gegnir h\u00fan \u00fev\u00ed hlutverki a\u00f0 draga augnar\u00e1\u00f0i\u00f0 a\u00f0 s\u00e9r.<\/p><p>Varnargr\u00edman er \u00feannig fr\u00e1hrindandi verndargrip. H\u00fan tilheyrir tegund t\u00e1kna sem finnast \u00ed m\u00f6rgum menningarheimum, v\u00edsvitandi lj\u00f3tri e\u00f0a f\u00e6landi framsetningu til a\u00f0 hrinda \u00f3g\u00e6fu af s\u00e9r.<\/p>\t\t\t\t\t\t\t\t<\/div>\n\t\t\t\t<\/div>\n\t\t\t\t\t<\/div>\n\t\t\t\t<\/div>\n\t\t<div class=\"elementor-element elementor-element-iwgs-nazarbattu-s3 e-flex e-con-boxed e-con e-parent\" data-id=\"iwgs-nazarbattu-s3\" data-element_type=\"container\" data-e-type=\"container\">\n\t\t\t\t\t<div class=\"e-con-inner\">\n\t\t\t\t<div class=\"elementor-element elementor-element-iwgs-nazarbattu-s3h elementor-widget elementor-widget-heading\" data-id=\"iwgs-nazarbattu-s3h\" data-element_type=\"widget\" data-e-type=\"widget\" data-widget_type=\"heading.default\">\n\t\t\t\t\t<h2 class=\"elementor-heading-title elementor-size-default\">Virknin: a\u00f0 draga athygli fr\u00e1<\/h2>\t\t\t\t<\/div>\n\t\t<div class=\"elementor-element elementor-element-iwgs-nazarbattu-s3box e-con-full e-flex e-con e-parent\" data-id=\"iwgs-nazarbattu-s3box\" data-element_type=\"container\" data-e-type=\"container\">\n\t\t\t\t<div class=\"elementor-element elementor-element-iwgs-nazarbattu-s3t elementor-widget elementor-widget-text-editor\" data-id=\"iwgs-nazarbattu-s3t\" data-element_type=\"widget\" data-e-type=\"widget\" data-widget_type=\"text-editor.default\">\n\t\t\t\t\t\t\t\t\t<p>Varnargr\u00edma Nazar Battu fylgir sk\u00fdrri virkni. H\u00fan verndar me\u00f0 \u00fev\u00ed a\u00f0 draga athygli fr\u00e1 og f\u00e6la.<\/p><p>Fyrsta hugmyndin er athyglisf\u00e6rsla. Samkv\u00e6mt tr\u00fanni beinist illt auga a\u00f0 \u00fev\u00ed sem fyrst fangar athyglina. \u00c1berandi gr\u00edma dregur \u00feetta augnar\u00e1\u00f0 a\u00f0 s\u00e9r.<\/p><p>\u00deannig er sj\u00e1lft \u00fea\u00f0 sem verja skal l\u00e9tt af byr\u00f0i. Fagurt barn, n\u00fdtt h\u00fas e\u00f0a vaxandi fyrirt\u00e6ki sleppa vi\u00f0 augnar\u00e1\u00f0i\u00f0, \u00fev\u00ed \u00fea\u00f0 festist vi\u00f0 gr\u00edmuna.<\/p><p>\u00d6nnur hugmyndin er hr\u00e6\u00f0sla. Gr\u00edman er ger\u00f0 fr\u00e1hrindandi. H\u00fan \u00e1 a\u00f0 hr\u00e6\u00f0a og f\u00e6la burt ska\u00f0legt augnar\u00e1\u00f0 og m\u00e1ttinn sem a\u00f0 baki \u00fev\u00ed stendur.<\/p><p>\u00deri\u00f0ja hugmyndin snertir sj\u00e1lfa lj\u00f3tleikann. V\u00edsvitandi lj\u00f3t framsetning vekur enga \u00f6fund. \u00deannig dregur h\u00fan fr\u00e1 n\u00e1kv\u00e6mlega \u00fev\u00ed illgjarna augnar\u00e1\u00f0i sem tali\u00f0 var s\u00e9rstaklega h\u00e6ttulegt.<\/p><p>Nazar Battu virkar \u00feannig \u00f3l\u00edkt augnat\u00e1kni sem gr\u00edpur augnar\u00e1\u00f0i\u00f0, e\u00f0a heil\u00f6gu t\u00e1kni sem verndar me\u00f0 <span class=\"iwg-fachbegriff\" data-tooltip=\"\u00d3sk um heill og vernd, oft \u00ed f\u00f6stu m\u00e1lformi.\" tabindex=\"0\">blessun<\/span>. \u00dea\u00f0 virkar me\u00f0 athyglisf\u00e6rslu, hr\u00e6\u00f0slu og v\u00edsvitandi for\u00f0un fr\u00e1 fegur\u00f0.<\/p>\t\t\t\t\t\t\t\t<\/div>\n\t\t\t\t<\/div>\n\t\t\t\t\t<\/div>\n\t\t\t\t<\/div>\n\t\t<div class=\"elementor-element elementor-element-iwgs-nazarbattu-s4 e-flex e-con-boxed e-con e-parent\" data-id=\"iwgs-nazarbattu-s4\" data-element_type=\"container\" data-e-type=\"container\">\n\t\t\t\t\t<div class=\"e-con-inner\">\n\t\t\t\t<div class=\"elementor-element elementor-element-iwgs-nazarbattu-s4h elementor-widget elementor-widget-heading\" data-id=\"iwgs-nazarbattu-s4h\" data-element_type=\"widget\" data-e-type=\"widget\" data-widget_type=\"heading.default\">\n\t\t\t\t\t<h2 class=\"elementor-heading-title elementor-size-default\">Fleiri form Nazar Battu<\/h2>\t\t\t\t<\/div>\n\t\t<div class=\"elementor-element elementor-element-iwgs-nazarbattu-s4box e-con-full e-flex e-con e-parent\" data-id=\"iwgs-nazarbattu-s4box\" data-element_type=\"container\" data-e-type=\"container\">\n\t\t\t\t<div class=\"elementor-element elementor-element-iwgs-nazarbattu-s4t elementor-widget elementor-widget-text-editor\" data-id=\"iwgs-nazarbattu-s4t\" data-element_type=\"widget\" data-e-type=\"widget\" data-widget_type=\"text-editor.default\">\n\t\t\t\t\t\t\t\t\t<p>Nazar Battu er samheiti. Auk hinnar \u00feekktu varnargr\u00edmu tilheyra fleiri verndarsi\u00f0ir og verndargripir \u00feessu hugtaki.<\/p><p>\u00datbreidd er notkun s\u00edtr\u00f3nu og chil\u00edpipars. Nokkrir chil\u00edpiparar og s\u00edtr\u00f3na eru dregin upp \u00e1 \u00fer\u00e1\u00f0 og hengd \u00e1 dyr, verslanir og farart\u00e6ki til a\u00f0 hrinda illu auga af s\u00e9r.<\/p><p>Anna\u00f0 r\u00e1\u00f0 er svartur punktur, blettur \u00far d\u00f6kkri m\u00e1lningu e\u00f0a s\u00f3ti. Hann er s\u00e9rstaklega settur \u00e1 kinn e\u00f0a bak vi\u00f0 eyra barna, svo augnar\u00e1\u00f0i\u00f0 falli \u00e1 \u00feennan litla galla.<\/p><p>Einnig \u00ed kl\u00e6\u00f0na\u00f0i og skarti m\u00e1 finna verndar\u00fe\u00e6tti. Svartir \u00fer\u00e6\u00f0ir, perlur og l\u00edtil verndargrip eru sett \u00e1 b\u00f6rn til a\u00f0 verja \u00feau fr\u00e1 nazar.<\/p><p>\u00deessi \u00fdmsu r\u00e1\u00f0 deila s\u00f6mu grunnhugmynd. \u00d6ll setja \u00feau l\u00edtinn galla, eitthva\u00f0 d\u00f6kkt e\u00f0a eitthva\u00f0 \u00f3merkilegt \u00e1 m\u00f3ti \u00fev\u00ed fagra, svo augnar\u00e1\u00f0i\u00f0 falli ekki \u00e1 hi\u00f0 fagra sj\u00e1lft.<\/p><p>Nazar Battu felur \u00feannig \u00ed s\u00e9r heila r\u00f6\u00f0 si\u00f0a. Varnargr\u00edman er \u00e1berandust, en svarti punkturinn, s\u00edtr\u00f3nan me\u00f0 chil\u00edpiparanum og verndar\u00fer\u00e6\u00f0irnir tilheyra \u00feessu jafnframt.<\/p>\t\t\t\t\t\t\t\t<\/div>\n\t\t\t\t<\/div>\n\t\t\t\t\t<\/div>\n\t\t\t\t<\/div>\n\t\t<div class=\"elementor-element elementor-element-iwgs-nazarbattu-s5 e-flex e-con-boxed e-con e-parent\" data-id=\"iwgs-nazarbattu-s5\" data-element_type=\"container\" data-e-type=\"container\">\n\t\t\t\t\t<div class=\"e-con-inner\">\n\t\t\t\t<div class=\"elementor-element elementor-element-iwgs-nazarbattu-s5h elementor-widget elementor-widget-heading\" data-id=\"iwgs-nazarbattu-s5h\" data-element_type=\"widget\" data-e-type=\"widget\" data-widget_type=\"heading.default\">\n\t\t\t\t\t<h2 class=\"elementor-heading-title elementor-size-default\">Nazar Battu og bl\u00e1a auga\u00f0<\/h2>\t\t\t\t<\/div>\n\t\t<div class=\"elementor-element elementor-element-iwgs-nazarbattu-s5box e-con-full e-flex e-con e-parent\" data-id=\"iwgs-nazarbattu-s5box\" data-element_type=\"container\" data-e-type=\"container\">\n\t\t\t\t<div class=\"elementor-element elementor-element-iwgs-nazarbattu-s5t elementor-widget elementor-widget-text-editor\" data-id=\"iwgs-nazarbattu-s5t\" data-element_type=\"widget\" data-e-type=\"widget\" data-widget_type=\"text-editor.default\">\n\t\t\t\t\t\t\t\t\t<p>\u00dea\u00f0 er mikilv\u00e6gt a\u00f0 greina Nazar Battu fr\u00e1 \u00f6\u00f0ru, svipu\u00f0u hlj\u00f3mandi verndargripi, bl\u00e1a augnverndargripnum fr\u00e1 Mi\u00f0jar\u00f0arhafssv\u00e6\u00f0inu.<\/p><p>Bl\u00e1i glerverndargripurinn er \u00feekktur sem Nazar Boncu\u011fu og er kynntur \u00e1 s\u00ed\u00f0unni um <a href=\"https:\/\/iwell-guard.com\/is\/?page_id=169125\">Nazar Boncu\u011fu<\/a>. Hann er upprunninn \u00ed Tyrklandi og \u00e1 austurhluta Mi\u00f0jar\u00f0arhafssv\u00e6\u00f0isins.<\/p><p>B\u00e1\u00f0ir verndargripirnir bera or\u00f0i\u00f0 Nazar \u00ed nafni s\u00ednu, \u00fear sem b\u00e1\u00f0ir var\u00f0a hi\u00f0 illa auga. \u00cd \u00fatliti og virknireglu eru \u00feeir \u00fe\u00f3 gj\u00f6r\u00f3l\u00edkir.<\/p><p>Nazar Boncu\u011fu er bl\u00e1r, augnlaga glerverndargripur. Hann virkar me\u00f0 \u00fev\u00ed a\u00f0 spegla og fanga illa augnar\u00e1\u00f0i\u00f0. Hann setur verndandi auga \u00e1 m\u00f3ti ska\u00f0legu auganu.<\/p><p>Nazar Battu aftur \u00e1 m\u00f3ti, \u00ed formi fr\u00e1hrindandi grettu, er v\u00edsvitandi lj\u00f3tur. Hann virkar ekki me\u00f0 speglandi auga, heldur me\u00f0 \u00fev\u00ed a\u00f0 afvegalei\u00f0a og hr\u00e6\u00f0a.<\/p><p>Nazar Battu og Nazar Boncu\u011fu eru \u00feannig tv\u00f6 mismunandi sv\u00f6r vi\u00f0 s\u00f6mu \u00f3gninni. Anna\u00f0 fangar augnar\u00e1\u00f0i\u00f0 me\u00f0 f\u00f6gru bl\u00e1u auga, hitt afvegalei\u00f0ir \u00fea\u00f0 me\u00f0 lj\u00f3tri grettu.<\/p>\t\t\t\t\t\t\t\t<\/div>\n\t\t\t\t<\/div>\n\t\t\t\t\t<\/div>\n\t\t\t\t<\/div>\n\t\t<div class=\"elementor-element elementor-element-iwgs-nazarbattu-s6 e-flex e-con-boxed e-con e-parent\" data-id=\"iwgs-nazarbattu-s6\" data-element_type=\"container\" data-e-type=\"container\">\n\t\t\t\t\t<div class=\"e-con-inner\">\n\t\t\t\t<div class=\"elementor-element elementor-element-iwgs-nazarbattu-s6h elementor-widget elementor-widget-heading\" data-id=\"iwgs-nazarbattu-s6h\" data-element_type=\"widget\" data-e-type=\"widget\" data-widget_type=\"heading.default\">\n\t\t\t\t\t<h2 class=\"elementor-heading-title elementor-size-default\">Verndun heimilis, barns og fyrirt\u00e6kis<\/h2>\t\t\t\t<\/div>\n\t\t<div class=\"elementor-element elementor-element-iwgs-nazarbattu-s6box e-con-full e-flex e-con e-parent\" data-id=\"iwgs-nazarbattu-s6box\" data-element_type=\"container\" data-e-type=\"container\">\n\t\t\t\t<div class=\"elementor-element elementor-element-iwgs-nazarbattu-s6t elementor-widget elementor-widget-text-editor\" data-id=\"iwgs-nazarbattu-s6t\" data-element_type=\"widget\" data-e-type=\"widget\" data-widget_type=\"text-editor.default\">\n\t\t\t\t\t\t\t\t\t<p>Nazar Battu er fyrst og fremst nota\u00f0ur \u00fear sem f\u00f3lk taldi sig s\u00e9rstaklega berskjalda\u00f0. \u00derj\u00fa svi\u00f0 eru \u00ed brennidepli: heimili\u00f0, barni\u00f0 og fyrirt\u00e6ki\u00f0.<\/p><p>\u00deegar kemur a\u00f0 heimilinu gildir verndin fyrst og fremst n\u00fdbyggingar. N\u00fdbyggt h\u00fas var stolt og s\u00fdnilegt og gat vaki\u00f0 \u00f6fund. Svarta grettan \u00e1 n\u00fdbyggingunni \u00e1tti a\u00f0 afvegalei\u00f0a \u00feessa \u00f6fund.<\/p><p>\u00deegar kemur a\u00f0 barninu gildir verndin n\u00fdf\u00e6ddu barninu og litlu barni. Heilbrigt, fagurt barn \u00fe\u00f3tti s\u00e9rstaklega berskjalda\u00f0. Svarti punkturinn og verndandi \u00fer\u00e6\u00f0irnir \u00e1tti a\u00f0 var\u00f0veita \u00fea\u00f0.<\/p><p>\u00deegar kemur a\u00f0 fyrirt\u00e6kinu gildir verndin velgengninni. Vel gengandi fyrirt\u00e6ki gat dregi\u00f0 a\u00f0 s\u00e9r \u00f6funds\u00fdki. S\u00edtr\u00f3nan me\u00f0 chilipipararnum vi\u00f0 innganginn \u00e1tti a\u00f0 verjast illu augnar\u00e1\u00f0i vi\u00f0skiptavina og vegfarenda.<\/p><p>\u00c1 \u00f6llum \u00feremur svi\u00f0um liggur sama hugmynd a\u00f0 baki. \u00dea\u00f0 sem er fagurt, n\u00fdtt e\u00f0a fars\u00e6lt er berskjalda\u00f0. Nazar Battu setur vi\u00f0 hli\u00f0 \u00feessa fagra afvegalei\u00f0andi, lj\u00f3tt e\u00f0a d\u00f6kkt t\u00e1kn.<\/p><p>Nazar Battu er \u00feannig fastur hluti af indversku daglegu l\u00edfi. Hann fylgir t\u00edmam\u00f3tum l\u00edfsins og a\u00f0flutta velgengni: f\u00e6\u00f0ingu, h\u00fasbyggingu og velgengni \u00ed vi\u00f0skiptum.<\/p>\t\t\t\t\t\t\t\t<\/div>\n\t\t\t\t<\/div>\n\t\t\t\t\t<\/div>\n\t\t\t\t<\/div>\n\t\t<div class=\"elementor-element elementor-element-iwgs-nazarbattu-s7 e-flex e-con-boxed e-con e-parent\" data-id=\"iwgs-nazarbattu-s7\" data-element_type=\"container\" data-e-type=\"container\">\n\t\t\t\t\t<div class=\"e-con-inner\">\n\t\t\t\t<div class=\"elementor-element elementor-element-iwgs-nazarbattu-s7h elementor-widget elementor-widget-heading\" data-id=\"iwgs-nazarbattu-s7h\" data-element_type=\"widget\" data-e-type=\"widget\" data-widget_type=\"heading.default\">\n\t\t\t\t\t<h2 class=\"elementor-heading-title elementor-size-default\">Nazar Battu \u00ed indverskri \u00fej\u00f3\u00f0menningu<\/h2>\t\t\t\t<\/div>\n\t\t<div class=\"elementor-element elementor-element-iwgs-nazarbattu-s7box e-con-full e-flex e-con e-parent\" data-id=\"iwgs-nazarbattu-s7box\" data-element_type=\"container\" data-e-type=\"container\">\n\t\t\t\t<div class=\"elementor-element elementor-element-iwgs-nazarbattu-s7t elementor-widget elementor-widget-text-editor\" data-id=\"iwgs-nazarbattu-s7t\" data-element_type=\"widget\" data-e-type=\"widget\" data-widget_type=\"text-editor.default\">\n\t\t\t\t\t\t\t\t\t<p>Nazar Battu er dj\u00fapt r\u00f3tfestur \u00ed \u00fej\u00f3\u00f0menningu indverska undirlandsins. \u00deetta er ekki <span class=\"iwg-fachbegriff\" data-tooltip=\"Hef\u00f0bundin ath\u00f6fn sem er endurtekin reglulega innan samf\u00e9lags.\" tabindex=\"0\">si\u00f0ur<\/span> einstaks h\u00f3ps, heldur n\u00e6r hann til margra samf\u00e9laga og tr\u00faarbrag\u00f0a.<\/p><p>Tr\u00fain \u00e1 illa auga\u00f0 og v\u00f6rn gegn \u00fev\u00ed finnst b\u00e6\u00f0i hj\u00e1 hind\u00faum og fylgjendum annarra tr\u00faarbrag\u00f0a \u00e1 undirlandinu. Nazar Battu er \u00feannig samtengjandi \u00fej\u00f3\u00f0menningarlegur <span class=\"iwg-fachbegriff\" data-tooltip=\"Hef\u00f0bundin ath\u00f6fn sem er endurtekin reglulega innan samf\u00e9lags.\" tabindex=\"0\">si\u00f0ur<\/span>.<\/p><p>A\u00f0fer\u00f0ir Nazar Battu eru alls sta\u00f0ar n\u00e1l\u00e6gar \u00ed daglegu l\u00edfi. S\u00edtr\u00f3nan me\u00f0 chilipipararnum vi\u00f0 verslanir, svarta grettan \u00e1 n\u00fdbyggingum og svarti punkturinn \u00ed andliti barna eru hluti af kunnuglegri mynd.<\/p><p>\u00deessi v\u00ed\u00f0t\u00e6ka r\u00f3tfesta s\u00fdnir hversu alvarlega hr\u00e6\u00f0slan vi\u00f0 illa auga\u00f0 var tekin. H\u00fan var ekki m\u00e1l f\u00e1rra, heldur \u00fatbreiddur hluti af l\u00edfsheiminum.<\/p><p>Samhli\u00f0a \u00feessu eru si\u00f0irnir einfaldir og \u00f3d\u00fdrir. S\u00edtr\u00f3na, nokkrir chilipiparar og \u00fer\u00e1\u00f0ur eru au\u00f0fengin. \u00dea\u00f0 ger\u00f0i verndina a\u00f0gengilega \u00f6llum.<\/p><p>Nazar Battu er \u00feannig lifandi d\u00e6mi um \u00fej\u00f3\u00f0menningarlega vernd. Hann s\u00fdnir hvernig \u00fatbreiddri hr\u00e6\u00f0slu var svara\u00f0 me\u00f0 einf\u00f6ldum a\u00f0fer\u00f0um sem allir hafa a\u00f0gang a\u00f0.<\/p>\t\t\t\t\t\t\t\t<\/div>\n\t\t\t\t<\/div>\n\t\t\t\t\t<\/div>\n\t\t\t\t<\/div>\n\t\t<div class=\"elementor-element elementor-element-iwgs-nazarbattu-s8 e-flex e-con-boxed e-con e-parent\" data-id=\"iwgs-nazarbattu-s8\" data-element_type=\"container\" data-e-type=\"container\">\n\t\t\t\t\t<div class=\"e-con-inner\">\n\t\t\t\t<div class=\"elementor-element elementor-element-iwgs-nazarbattu-s8h elementor-widget elementor-widget-heading\" data-id=\"iwgs-nazarbattu-s8h\" data-element_type=\"widget\" data-e-type=\"widget\" data-widget_type=\"heading.default\">\n\t\t\t\t\t<h2 class=\"elementor-heading-title elementor-size-default\">M\u00f3tt\u00f6kur \u00ed dag<\/h2>\t\t\t\t<\/div>\n\t\t<div class=\"elementor-element elementor-element-iwgs-nazarbattu-s8box e-con-full e-flex e-con e-parent\" data-id=\"iwgs-nazarbattu-s8box\" data-element_type=\"container\" data-e-type=\"container\">\n\t\t\t\t<div class=\"elementor-element elementor-element-iwgs-nazarbattu-s8t elementor-widget elementor-widget-text-editor\" data-id=\"iwgs-nazarbattu-s8t\" data-element_type=\"widget\" data-e-type=\"widget\" data-widget_type=\"text-editor.default\">\n\t\t\t\t\t\t\t\t\t<p>Nazar Battu er enn \u00ed dag mj\u00f6g til sta\u00f0ar \u00e1 indverska sv\u00e6\u00f0inu. Si\u00f0irnir til a\u00f0 verjast illu augnar\u00e1\u00f0i eru hluti af daglegu l\u00edfi.<\/p><p>S\u00edtr\u00f3nan me\u00f0 chilipipararnum s\u00e9st vi\u00f0 \u00f3tal verslanir og farart\u00e6ki. Svarta fr\u00e1hrindandi grettan finnst \u00e1 n\u00fdbyggingum. Svarti punkturinn \u00ed andliti barna er algengur.<\/p><p>\u00cd borgum og til sveita eru \u00feessir si\u00f0ir jafnt vi\u00f0haldnir. F\u00f3lk sem telur sig n\u00fat\u00edmalegt og uppl\u00fdst haldur oft \u00ed \u00fe\u00e1, hvort sem \u00fea\u00f0 er af sannf\u00e6ringu e\u00f0a af vir\u00f0ingu fyrir <span class=\"iwg-fachbegriff\" data-tooltip=\"Mi\u00f0lun \u00feekkingar og fr\u00e1sagna milli kynsl\u00f3\u00f0a.\" tabindex=\"0\">arfleif\u00f0inni<\/span>.<\/p><p>Or\u00f0i\u00f0 Nazar hefur or\u00f0i\u00f0 \u00feekkt \u00fat fyrir undirlandi\u00f0. \u00cd indverskum samf\u00e9l\u00f6gum um allan heim eru si\u00f0ir Nazar Battu \u00e1fram bornir \u00e1fram.<\/p><p>Fyrir <span class=\"iwg-fachbegriff\" data-tooltip=\"V\u00edsindagrein sem rannsakar al\u00fe\u00fd\u00f0umenningu, si\u00f0i og hef\u00f0bundnar hugmyndir.\" tabindex=\"0\">\u00fej\u00f3\u00f0fr\u00e6\u00f0i<\/span> og <span class=\"iwg-fachbegriff\" data-tooltip=\"V\u00edsindagrein sem rannsakar tr\u00faarbr\u00f6g\u00f0 samanbur\u00f0arlega og \u00e1n tr\u00faarlegrar bindingar.\" tabindex=\"0\">tr\u00faarbrag\u00f0afr\u00e6\u00f0i<\/span> er Nazar Battu \u00e1fram \u00e1hugavert ranns\u00f3knarefni. \u00dea\u00f0 s\u00fdnir hvernig varnarregla lj\u00f3trar framsetningar hefur haldist lifandi innan st\u00f3rrar menningar.<\/p><p>Nazar Battu er \u00feannig sl\u00e1andi d\u00e6mi um fr\u00e1hrindandi verndargrip. \u00cd honum sameinast \u00fatbreidd tr\u00fa \u00e1 illa auga\u00f0, virknireglan um afvegalei\u00f0ingu og einfaldir, \u00f6llum a\u00f0gengilegir daglegir si\u00f0ir.<\/p>\t\t\t\t\t\t\t\t<\/div>\n\t\t\t\t<\/div>\n\t\t\t\t\t<\/div>\n\t\t\t\t<\/div>\n\t\t<div class=\"elementor-element elementor-element-iwgs-nazarbattu-lit e-flex e-con-boxed e-con e-parent\" data-id=\"iwgs-nazarbattu-lit\" data-element_type=\"container\" data-e-type=\"container\">\n\t\t\t\t\t<div class=\"e-con-inner\">\n\t\t\t\t<div class=\"elementor-element elementor-element-iwgs-nazarbattu-lith elementor-widget elementor-widget-heading\" data-id=\"iwgs-nazarbattu-lith\" data-element_type=\"widget\" data-e-type=\"widget\" data-widget_type=\"heading.default\">\n\t\t\t\t\t<h2 class=\"elementor-heading-title elementor-size-default\">Heimildir (\u00farval)<\/h2>\t\t\t\t<\/div>\n\t\t<div class=\"elementor-element elementor-element-iwgs-nazarbattu-litbox e-con-full e-flex e-con e-parent\" data-id=\"iwgs-nazarbattu-litbox\" data-element_type=\"container\" data-e-type=\"container\">\n\t\t\t\t<div class=\"elementor-element elementor-element-iwgs-nazarbattu-litt elementor-widget elementor-widget-html\" data-id=\"iwgs-nazarbattu-litt\" data-element_type=\"widget\" data-e-type=\"widget\" data-widget_type=\"html.default\">\n\t\t\t\t\t<footer data-nosnippet=\"true\"><ul><li>Alan Dundes (ritstj.): <em>The Evil Eye. A Casebook<\/em> (1981)<\/li><li>Clarence Maloney (ritstj.): <em>The Evil Eye<\/em> (1976)<\/li><li>William Crooke: <em>The Popular Religion and Folk-Lore of Northern India<\/em> (1896)<\/li><li>Frederick Thomas Elworthy: <em>The Evil Eye<\/em> (1895)<\/li><li>Liselotte Hansmann, Lenz Kriss-Rettenbeck: <em>Amulett und Talisman<\/em> (1966)<\/li><\/ul><\/footer>\t\t\t\t<\/div>\n\t\t\t\t<\/div>\n\t\t\t\t\t<\/div>\n\t\t\t\t<\/div>\n\t\t<div class=\"elementor-element elementor-element-iwgs-nazarbattu-kwd e-flex e-con-boxed e-con e-parent\" data-id=\"iwgs-nazarbattu-kwd\" data-element_type=\"container\" data-e-type=\"container\">\n\t\t\t\t\t<div class=\"e-con-inner\">\n\t\t\t\t<div class=\"elementor-element elementor-element-iwgs-nazarbattu-kwdt elementor-widget elementor-widget-text-editor\" data-id=\"iwgs-nazarbattu-kwdt\" data-element_type=\"widget\" data-e-type=\"widget\" data-widget_type=\"text-editor.default\">\n\t\t\t\t\t\t\t\t\t<p><em>Tengd kjarnahugt\u00f6k: Nazar Battu <span class=\"iwg-fachbegriff\" data-tooltip=\"\u00datbreidd hugmynd um a\u00f0 \u00f6fundsj\u00fakt augnar\u00e1\u00f0 annarrar manneskju geti valdi\u00f0 ska\u00f0a.\" tabindex=\"0\">illt augnar\u00e1\u00f0<\/span> Nazar fr\u00e1hrindandi gretta Indland hind\u00faatr\u00fa s\u00edtr\u00f3na chilipipar svartur punktur <span class=\"iwg-fachbegriff\" data-tooltip=\"Tr\u00faarbrag\u00f0afr\u00e6\u00f0ilegt hugtak um hlut e\u00f0a t\u00e1kn me\u00f0 \u00f3gnavarnarhlutverki.\" tabindex=\"0\">ap\u00f3tr\u00f3pa\u00edkon<\/span>.<\/em><\/p>\t\t\t\t\t\t\t\t<\/div>\n\t\t\t\t\t<\/div>\n\t\t\t\t<\/div>\n\t\t<div class=\"elementor-element elementor-element-iwgs-nazarbattu-cc e-flex e-con-boxed e-con e-parent\" data-id=\"iwgs-nazarbattu-cc\" data-element_type=\"container\" data-e-type=\"container\" id=\"iwg-cc-nazar-battu\">\n\t\t\t\t\t<div class=\"e-con-inner\">\n\t\t<div class=\"elementor-element elementor-element-iwgs-nazarbattu-ccinner e-flex e-con-boxed e-con e-parent\" data-id=\"iwgs-nazarbattu-ccinner\" data-element_type=\"container\" data-e-type=\"container\" data-settings=\"{&quot;background_background&quot;:&quot;classic&quot;}\">\n\t\t\t\t\t<div class=\"e-con-inner\">\n\t\t\t\t<div class=\"elementor-element elementor-element-iwgs-nazarbattu-cch elementor-widget elementor-widget-heading\" data-id=\"iwgs-nazarbattu-cch\" data-element_type=\"widget\" data-e-type=\"widget\" data-widget_type=\"heading.default\">\n\t\t\t\t\t<h2 class=\"elementor-heading-title elementor-size-default\">iWell Guard og verndarhef\u00f0ir<\/h2>\t\t\t\t<\/div>\n\t\t\t\t<div class=\"elementor-element elementor-element-iwgs-nazarbattu-cct elementor-widget elementor-widget-text-editor\" data-id=\"iwgs-nazarbattu-cct\" data-element_type=\"widget\" data-e-type=\"widget\" data-widget_type=\"text-editor.default\">\n\t\t\t\t\t\t\t\t\t<p>iWell Guard fylgir menningars\u00f6gulegri hef\u00f0 bur\u00f0argenginna verndargripa, sem Nazar Battu telst einnig til. N\u00fat\u00edmalegur f\u00f6runautur fyrir f\u00f3lk sem lifir me\u00f0 verndart\u00e1knum: framleiddur \u00ed \u00de\u00fdskalandi, 41 lag af hreinu gulli, plat\u00ednu og silfri, me\u00f0 30 daga skilar\u00e9tti.<\/p>\t\t\t\t\t\t\t\t<\/div>\n\t\t\t\t<div class=\"elementor-element elementor-element-iwgs-nazarbattu-ccb iwg-cc-button iwg-cc-cta-2026-05-13 elementor-widget elementor-widget-jet-button\" data-id=\"iwgs-nazarbattu-ccb\" data-element_type=\"widget\" data-e-type=\"widget\" data-widget_type=\"jet-button.default\">\n\t\t\t\t<div class=\"elementor-widget-container\">\n\t\t\t\t\t<div class=\"elementor-jet-button jet-elements\"><div class=\"jet-button__container\"><a class=\"jet-button__instance jet-button__instance--icon-left hover-effect-1\" href=\"\/schutzanhaenger-iwell-guard-kaufen\/?utm_source=iwell-guard.com&amp;utm_medium=info-box&amp;utm_campaign=schutzsymbole\"><div class=\"jet-button__plane jet-button__plane-normal\"><\/div><div class=\"jet-button__plane jet-button__plane-hover\"><\/div><div class=\"jet-button__state jet-button__state-normal\"><span class=\"jet-button__label\">Meira um iWell Guard<\/span><\/div><div class=\"jet-button__state jet-button__state-hover\"><span class=\"jet-button__label\">Meira um iWell Guard<\/span><\/div><\/a><\/div><\/div><style>.elementor-element.elementor-element-iwgs-nazarbattu-ccb .jet-button__instance{width:320px;height:56px;}.elementor-element.elementor-element-iwgs-nazarbattu-ccb .jet-button__state-normal .jet-button__label{text-align:center;margin:0px 0px 0px 0px;color:#1a1b20;font-family:Montserrat,sans-serif;font-size:13px;font-weight:400;letter-spacing:4px;line-height:1.714em;text-transform:uppercase;}.elementor-element.elementor-element-iwgs-nazarbattu-ccb .jet-button__state-hover .jet-button__label{text-align:center;margin:0px 0px 0px 0px;color:#FECC76;font-family:Montserrat,sans-serif;font-size:13px;font-weight:400;letter-spacing:4px;line-height:1.714em;text-transform:uppercase;}.elementor-element.elementor-element-iwgs-nazarbattu-ccb .jet-button__plane-normal{background-color:#FECC76;border-style:solid;border-color:#C99540;border-width:2px 2px 2px 2px;}.elementor-element.elementor-element-iwgs-nazarbattu-ccb .jet-button__plane-hover{background-color:rgba(0,0,0,0.55);border-style:solid;border-color:#FECC76;border-width:2px 2px 2px 2px;}<\/style>\t\t\t\t<\/div>\n\t\t\t\t<\/div>\n\t\t\t\t<div class=\"elementor-element elementor-element-iwgs-nazarbattu-ccd elementor-widget elementor-widget-text-editor\" data-id=\"iwgs-nazarbattu-ccd\" data-element_type=\"widget\" data-e-type=\"widget\" data-widget_type=\"text-editor.default\">\n\t\t\t\t\t\t\t\t\t<p style=\"text-align:center;font-size:13px;opacity:0.7;margin-top:14px\" data-nosnippet=\"true\">Pers\u00f3nuleg reynsla getur veri\u00f0 mismunandi. Ekki l\u00e6kningat\u00e6ki. Engin lofor\u00f0 um l\u00e6kningu.<\/p>\t\t\t\t\t\t\t\t<\/div>\n\t\t\t\t\t<\/div>\n\t\t\t\t<\/div>\n\t\t\t\t\t<\/div>\n\t\t\t\t<\/div>\n\t\t<div class=\"elementor-element elementor-element-iwgs-nazarbattu-disc e-flex e-con-boxed e-con e-parent\" data-id=\"iwgs-nazarbattu-disc\" data-element_type=\"container\" data-e-type=\"container\">\n\t\t\t\t\t<div class=\"e-con-inner\">\n\t\t\t\t<div class=\"elementor-element elementor-element-iwgs-nazarbattu-discw elementor-widget elementor-widget-html\" data-id=\"iwgs-nazarbattu-discw\" data-element_type=\"widget\" data-e-type=\"widget\" data-widget_type=\"html.default\">\n\t\t\t\t\t<footer data-nosnippet=\"true\" class=\"iwg-disclaimer-block\"><p data-nosnippet=\"true\">iWell Guard er <strong>ekki l\u00e6kningat\u00e6ki<\/strong> og kemur ekki \u00ed sta\u00f0 l\u00e6knis- e\u00f0a s\u00e1lfr\u00e6\u00f0ime\u00f0fer\u00f0ar. Innihaldi\u00f0 sem h\u00e9r er sett fram er tr\u00faarbrag\u00f0afr\u00e6\u00f0ileg og menningars\u00f6gulega greining, ekki lofor\u00f0 um andlega virkni.<\/p><\/footer>\t\t\t\t<\/div>\n\t\t\t\t\t<\/div>\n\t\t\t\t<\/div>\n\t\t\t\t<\/div>\n\t\t","protected":false},"excerpt":{"rendered":"","protected":false},"author":3,"featured_media":3468,"parent":0,"menu_order":0,"comment_status":"closed","ping_status":"closed","template":"elementor_header_footer","meta":{"_yoast_wpseo_focuskw":"Nazar Battu","_yoast_wpseo_title":"Nazar Battu \u2013 indversk varnargr\u00edma","_yoast_wpseo_metadesc":"Nazar Battu er hin indverska varnargr\u00edma gegn illu auga. Form, notkun og merking \u00feessa verndarsi\u00f0ar \u00fatsk\u00fdr\u00f0 \u00e1 einfaldan h\u00e1tt.","_yoast_wpseo_meta-robots-noindex":"","_yoast_wpseo_canonical":"","_angie_page":false,"gefaehrdungsstufe":"","wesen_kultur":"","wesen_klasse":"","footnotes":""},"categories":[],"class_list":["post-169211","page","type-page","status-publish","has-post-thumbnail","hentry"],"yoast_head":"<!-- This site is optimized with the Yoast SEO Premium plugin v27.7 (Yoast SEO v28.3) - https:\/\/yoast.com\/product\/yoast-seo-premium-wordpress\/ -->\n<title>Nazar Battu \u2013 indversk varnargr\u00edma<\/title>\n<meta name=\"description\" content=\"Nazar Battu er hin indverska varnargr\u00edma gegn illu auga. Form, notkun og merking \u00feessa verndarsi\u00f0ar \u00fatsk\u00fdr\u00f0 \u00e1 einfaldan h\u00e1tt.\" \/>\n<meta name=\"robots\" content=\"index, follow, max-snippet:-1, max-image-preview:large, max-video-preview:-1\" \/>\n<link rel=\"canonical\" href=\"https:\/\/iwell-guard.com\/is\/nazar-battu-indverska-varnargriman\/\" \/>\n<meta property=\"og:locale\" content=\"is_IS\" \/>\n<meta property=\"og:type\" content=\"article\" \/>\n<meta property=\"og:title\" content=\"Nazar Battu \u2013 hin indverska varnargr\u00edma\" \/>\n<meta property=\"og:description\" content=\"Nazar Battu er hin indverska varnargr\u00edma gegn illu auga. Form, notkun og merking \u00feessa verndarsi\u00f0ar \u00fatsk\u00fdr\u00f0 \u00e1 einfaldan h\u00e1tt.\" \/>\n<meta property=\"og:url\" content=\"https:\/\/iwell-guard.com\/is\/nazar-battu-indverska-varnargriman\/\" \/>\n<meta property=\"og:site_name\" content=\"iWell Guard\" \/>\n<meta property=\"article:modified_time\" content=\"2026-09-05T14:35:06+00:00\" \/>\n<meta property=\"og:image\" content=\"https:\/\/iwell-guard.com\/wp-content\/uploads\/2026\/05\/schutzsymbol_indien_nazar-battu.webp\" \/>\n\t<meta property=\"og:image:width\" content=\"1024\" \/>\n\t<meta property=\"og:image:height\" content=\"1536\" \/>\n\t<meta property=\"og:image:type\" content=\"image\/webp\" \/>\n<meta name=\"twitter:card\" content=\"summary_large_image\" \/>\n<script type=\"application\/ld+json\" class=\"yoast-schema-graph\">{\"@context\":\"https:\\\/\\\/schema.org\",\"@graph\":[{\"@type\":\"WebPage\",\"@id\":\"https:\\\/\\\/iwell-guard.com\\\/is\\\/nazar-battu-indverska-varnargriman\\\/\",\"url\":\"https:\\\/\\\/iwell-guard.com\\\/is\\\/nazar-battu-indverska-varnargriman\\\/\",\"name\":\"Nazar Battu \u2013 indversk varnargr\u00edma\",\"isPartOf\":{\"@id\":\"https:\\\/\\\/iwell-guard.com\\\/is\\\/#website\"},\"primaryImageOfPage\":{\"@id\":\"https:\\\/\\\/iwell-guard.com\\\/is\\\/nazar-battu-indverska-varnargriman\\\/#primaryimage\"},\"image\":{\"@id\":\"https:\\\/\\\/iwell-guard.com\\\/is\\\/nazar-battu-indverska-varnargriman\\\/#primaryimage\"},\"thumbnailUrl\":\"https:\\\/\\\/iwell-guard.com\\\/wp-content\\\/uploads\\\/2026\\\/05\\\/schutzsymbol_indien_nazar-battu.webp\",\"datePublished\":\"2026-09-05T14:06:31+00:00\",\"dateModified\":\"2026-09-05T14:35:06+00:00\",\"description\":\"Nazar Battu er hin indverska varnargr\u00edma gegn illu auga. Form, notkun og merking \u00feessa verndarsi\u00f0ar \u00fatsk\u00fdr\u00f0 \u00e1 einfaldan h\u00e1tt.\",\"breadcrumb\":{\"@id\":\"https:\\\/\\\/iwell-guard.com\\\/is\\\/nazar-battu-indverska-varnargriman\\\/#breadcrumb\"},\"inLanguage\":\"is\",\"potentialAction\":[{\"@type\":\"ReadAction\",\"target\":[\"https:\\\/\\\/iwell-guard.com\\\/is\\\/nazar-battu-indverska-varnargriman\\\/\"]}]},{\"@type\":\"ImageObject\",\"inLanguage\":\"is\",\"@id\":\"https:\\\/\\\/iwell-guard.com\\\/is\\\/nazar-battu-indverska-varnargriman\\\/#primaryimage\",\"url\":\"https:\\\/\\\/iwell-guard.com\\\/wp-content\\\/uploads\\\/2026\\\/05\\\/schutzsymbol_indien_nazar-battu.webp\",\"contentUrl\":\"https:\\\/\\\/iwell-guard.com\\\/wp-content\\\/uploads\\\/2026\\\/05\\\/schutzsymbol_indien_nazar-battu.webp\",\"width\":1024,\"height\":1536,\"caption\":\"Verndart\u00e1kn. Myndskreyting \u00ed safnst\u00edl.\"},{\"@type\":\"BreadcrumbList\",\"@id\":\"https:\\\/\\\/iwell-guard.com\\\/is\\\/nazar-battu-indverska-varnargriman\\\/#breadcrumb\",\"itemListElement\":[{\"@type\":\"ListItem\",\"position\":1,\"name\":\"Start\",\"item\":\"https:\\\/\\\/iwell-guard.com\\\/is\\\/?page_id=168580\"},{\"@type\":\"ListItem\",\"position\":2,\"name\":\"Nazar Battu \u2013 hin indverska varnargr\u00edma\"}]},{\"@type\":\"WebSite\",\"@id\":\"https:\\\/\\\/iwell-guard.com\\\/is\\\/#website\",\"url\":\"https:\\\/\\\/iwell-guard.com\\\/is\\\/\",\"name\":\"iWell Guard\",\"description\":\"Schutz vor dunklen Einfl\u00fcssen\",\"publisher\":{\"@id\":\"https:\\\/\\\/iwell-guard.com\\\/is\\\/#organization\"},\"potentialAction\":[{\"@type\":\"SearchAction\",\"target\":{\"@type\":\"EntryPoint\",\"urlTemplate\":\"https:\\\/\\\/iwell-guard.com\\\/is\\\/?s={search_term_string}\"},\"query-input\":{\"@type\":\"PropertyValueSpecification\",\"valueRequired\":true,\"valueName\":\"search_term_string\"}}],\"inLanguage\":\"is\"},{\"@type\":\"Organization\",\"@id\":\"https:\\\/\\\/iwell-guard.com\\\/is\\\/#organization\",\"name\":\"Ittermann electronic GmbH\",\"url\":\"https:\\\/\\\/iwell-guard.com\\\/is\\\/\",\"logo\":{\"@type\":\"ImageObject\",\"inLanguage\":\"is\",\"@id\":\"https:\\\/\\\/iwell-guard.com\\\/is\\\/#\\\/schema\\\/logo\\\/image\\\/\",\"url\":\"https:\\\/\\\/iwell-guard.com\\\/wp-content\\\/uploads\\\/2026\\\/05\\\/Ittermann-Logo-1182x237-1.png\",\"contentUrl\":\"https:\\\/\\\/iwell-guard.com\\\/wp-content\\\/uploads\\\/2026\\\/05\\\/Ittermann-Logo-1182x237-1.png\",\"width\":1182,\"height\":237,\"caption\":\"Ittermann electronic GmbH\"},\"image\":{\"@id\":\"https:\\\/\\\/iwell-guard.com\\\/is\\\/#\\\/schema\\\/logo\\\/image\\\/\"},\"sameAs\":[\"https:\\\/\\\/pantip.com\\\/profile\\\/9367242\",\"https:\\\/\\\/micro.blog\\\/iwellguard\",\"https:\\\/\\\/www.diggerslist.com\\\/iwellguard\\\/about\",\"https:\\\/\\\/skitterphoto.com\\\/photographers\\\/2870314\\\/iwell-guard\",\"https:\\\/\\\/iwellguard.wordpress.com\\\/2026\\\/06\\\/06\\\/iwell-guard\\\/\",\"https:\\\/\\\/hub.docker.com\\\/u\\\/iwellguard\",\"https:\\\/\\\/www.pinterest.com\\\/iwellguard\\\/\",\"https:\\\/\\\/bit.ly\\\/m\\\/iwellguard\",\"https:\\\/\\\/entre-vos-mains.alsace.eu\\\/profiles\\\/iwellguard\\\/activity\",\"https:\\\/\\\/gravatar.com\\\/reallybeded8fd34\",\"https:\\\/\\\/naijamatta.com\\\/iwellguard\",\"https:\\\/\\\/www.goodreads.com\\\/iwellguard\",\"https:\\\/\\\/profile.hatena.ne.jp\\\/iwellguard\\\/\",\"https:\\\/\\\/experiment.com\\\/users\\\/iwellguard\",\"https:\\\/\\\/wakelet.com\\\/@iWellGuard82270\",\"https:\\\/\\\/www.chordie.com\\\/forum\\\/profile.php?id=2555664\",\"https:\\\/\\\/www.instapaper.com\\\/p\\\/17757966\",\"https:\\\/\\\/www.mapleprimes.com\\\/users\\\/iwellguard\",\"https:\\\/\\\/businesslistingplus.com\\\/profile\\\/iwell-guard\\\/\",\"https:\\\/\\\/telegra.ph\\\/iWell-Guard-06-06\",\"https:\\\/\\\/pbase.com\\\/iwellguard\\\/iwellguard\",\"https:\\\/\\\/b.hatena.ne.jp\\\/iwellguard\\\/20260607#bookmark-4788405196491818882\",\"https:\\\/\\\/fliphtml5.com\\\/home\\\/iwellguard\",\"https:\\\/\\\/anyflip.com\\\/homepage\\\/cmiwl#About\",\"https:\\\/\\\/transfur.com\\\/Users\\\/iwellguard\",\"http:\\\/\\\/delphi.larsbo.org\\\/user\\\/iwellguard\",\"https:\\\/\\\/jobs.lajobsportal.org\\\/profiles\\\/8380803-iwell-guard\",\"https:\\\/\\\/md.chaosdorf.de\\\/s\\\/jfbe5SBdJD\",\"https:\\\/\\\/www.lingvolive.com\\\/en-us\\\/profile\\\/9ecaeaca-ce11-4e51-9e71-01d55e2bff36\\\/translations\",\"https:\\\/\\\/www.fitday.com\\\/fitness\\\/forums\\\/members\\\/iwellguard.html\",\"https:\\\/\\\/www.mymeetbook.com\\\/iwellguard\",\"https:\\\/\\\/pxhere.com\\\/en\\\/photographer-me\\\/5040798\",\"https:\\\/\\\/disqus.com\\\/by\\\/iwellguard\\\/about\\\/\",\"https:\\\/\\\/pastelink.net\\\/hjwciqwq\",\"https:\\\/\\\/pubhtml5.com\\\/homepage\\\/scjhn\\\/\",\"https:\\\/\\\/www.bitchute.com\\\/channel\\\/2O2eOKzNqujT\",\"https:\\\/\\\/audiomack.com\\\/iwellguard\"]}]}<\/script>\n<!-- \/ Yoast SEO Premium plugin. -->","yoast_head_json":{"title":"Nazar Battu \u2013 indversk varnargr\u00edma","description":"Nazar Battu er hin indverska varnargr\u00edma gegn illu auga. Form, notkun og merking \u00feessa verndarsi\u00f0ar \u00fatsk\u00fdr\u00f0 \u00e1 einfaldan h\u00e1tt.","robots":{"index":"index","follow":"follow","max-snippet":"max-snippet:-1","max-image-preview":"max-image-preview:large","max-video-preview":"max-video-preview:-1"},"canonical":"https:\/\/iwell-guard.com\/is\/nazar-battu-indverska-varnargriman\/","og_locale":"is_IS","og_type":"article","og_title":"Nazar Battu \u2013 hin indverska varnargr\u00edma","og_description":"Nazar Battu er hin indverska varnargr\u00edma gegn illu auga. Form, notkun og merking \u00feessa verndarsi\u00f0ar \u00fatsk\u00fdr\u00f0 \u00e1 einfaldan h\u00e1tt.","og_url":"https:\/\/iwell-guard.com\/is\/nazar-battu-indverska-varnargriman\/","og_site_name":"iWell Guard","article_modified_time":"2026-09-05T14:35:06+00:00","og_image":[{"width":1024,"height":1536,"url":"https:\/\/iwell-guard.com\/wp-content\/uploads\/2026\/05\/schutzsymbol_indien_nazar-battu.webp","type":"image\/webp"}],"twitter_card":"summary_large_image","schema":{"@context":"https:\/\/schema.org","@graph":[{"@type":"WebPage","@id":"https:\/\/iwell-guard.com\/is\/nazar-battu-indverska-varnargriman\/","url":"https:\/\/iwell-guard.com\/is\/nazar-battu-indverska-varnargriman\/","name":"Nazar Battu \u2013 indversk varnargr\u00edma","isPartOf":{"@id":"https:\/\/iwell-guard.com\/is\/#website"},"primaryImageOfPage":{"@id":"https:\/\/iwell-guard.com\/is\/nazar-battu-indverska-varnargriman\/#primaryimage"},"image":{"@id":"https:\/\/iwell-guard.com\/is\/nazar-battu-indverska-varnargriman\/#primaryimage"},"thumbnailUrl":"https:\/\/iwell-guard.com\/wp-content\/uploads\/2026\/05\/schutzsymbol_indien_nazar-battu.webp","datePublished":"2026-09-05T14:06:31+00:00","dateModified":"2026-09-05T14:35:06+00:00","description":"Nazar Battu er hin indverska varnargr\u00edma gegn illu auga. Form, notkun og merking \u00feessa verndarsi\u00f0ar \u00fatsk\u00fdr\u00f0 \u00e1 einfaldan h\u00e1tt.","breadcrumb":{"@id":"https:\/\/iwell-guard.com\/is\/nazar-battu-indverska-varnargriman\/#breadcrumb"},"inLanguage":"is","potentialAction":[{"@type":"ReadAction","target":["https:\/\/iwell-guard.com\/is\/nazar-battu-indverska-varnargriman\/"]}]},{"@type":"ImageObject","inLanguage":"is","@id":"https:\/\/iwell-guard.com\/is\/nazar-battu-indverska-varnargriman\/#primaryimage","url":"https:\/\/iwell-guard.com\/wp-content\/uploads\/2026\/05\/schutzsymbol_indien_nazar-battu.webp","contentUrl":"https:\/\/iwell-guard.com\/wp-content\/uploads\/2026\/05\/schutzsymbol_indien_nazar-battu.webp","width":1024,"height":1536,"caption":"Verndart\u00e1kn. Myndskreyting \u00ed safnst\u00edl."},{"@type":"BreadcrumbList","@id":"https:\/\/iwell-guard.com\/is\/nazar-battu-indverska-varnargriman\/#breadcrumb","itemListElement":[{"@type":"ListItem","position":1,"name":"Start","item":"https:\/\/iwell-guard.com\/is\/?page_id=168580"},{"@type":"ListItem","position":2,"name":"Nazar Battu \u2013 hin indverska varnargr\u00edma"}]},{"@type":"WebSite","@id":"https:\/\/iwell-guard.com\/is\/#website","url":"https:\/\/iwell-guard.com\/is\/","name":"iWell Guard","description":"Schutz vor dunklen Einfl\u00fcssen","publisher":{"@id":"https:\/\/iwell-guard.com\/is\/#organization"},"potentialAction":[{"@type":"SearchAction","target":{"@type":"EntryPoint","urlTemplate":"https:\/\/iwell-guard.com\/is\/?s={search_term_string}"},"query-input":{"@type":"PropertyValueSpecification","valueRequired":true,"valueName":"search_term_string"}}],"inLanguage":"is"},{"@type":"Organization","@id":"https:\/\/iwell-guard.com\/is\/#organization","name":"Ittermann electronic GmbH","url":"https:\/\/iwell-guard.com\/is\/","logo":{"@type":"ImageObject","inLanguage":"is","@id":"https:\/\/iwell-guard.com\/is\/#\/schema\/logo\/image\/","url":"https:\/\/iwell-guard.com\/wp-content\/uploads\/2026\/05\/Ittermann-Logo-1182x237-1.png","contentUrl":"https:\/\/iwell-guard.com\/wp-content\/uploads\/2026\/05\/Ittermann-Logo-1182x237-1.png","width":1182,"height":237,"caption":"Ittermann electronic GmbH"},"image":{"@id":"https:\/\/iwell-guard.com\/is\/#\/schema\/logo\/image\/"},"sameAs":["https:\/\/pantip.com\/profile\/9367242","https:\/\/micro.blog\/iwellguard","https:\/\/www.diggerslist.com\/iwellguard\/about","https:\/\/skitterphoto.com\/photographers\/2870314\/iwell-guard","https:\/\/iwellguard.wordpress.com\/2026\/06\/06\/iwell-guard\/","https:\/\/hub.docker.com\/u\/iwellguard","https:\/\/www.pinterest.com\/iwellguard\/","https:\/\/bit.ly\/m\/iwellguard","https:\/\/entre-vos-mains.alsace.eu\/profiles\/iwellguard\/activity","https:\/\/gravatar.com\/reallybeded8fd34","https:\/\/naijamatta.com\/iwellguard","https:\/\/www.goodreads.com\/iwellguard","https:\/\/profile.hatena.ne.jp\/iwellguard\/","https:\/\/experiment.com\/users\/iwellguard","https:\/\/wakelet.com\/@iWellGuard82270","https:\/\/www.chordie.com\/forum\/profile.php?id=2555664","https:\/\/www.instapaper.com\/p\/17757966","https:\/\/www.mapleprimes.com\/users\/iwellguard","https:\/\/businesslistingplus.com\/profile\/iwell-guard\/","https:\/\/telegra.ph\/iWell-Guard-06-06","https:\/\/pbase.com\/iwellguard\/iwellguard","https:\/\/b.hatena.ne.jp\/iwellguard\/20260607#bookmark-4788405196491818882","https:\/\/fliphtml5.com\/home\/iwellguard","https:\/\/anyflip.com\/homepage\/cmiwl#About","https:\/\/transfur.com\/Users\/iwellguard","http:\/\/delphi.larsbo.org\/user\/iwellguard","https:\/\/jobs.lajobsportal.org\/profiles\/8380803-iwell-guard","https:\/\/md.chaosdorf.de\/s\/jfbe5SBdJD","https:\/\/www.lingvolive.com\/en-us\/profile\/9ecaeaca-ce11-4e51-9e71-01d55e2bff36\/translations","https:\/\/www.fitday.com\/fitness\/forums\/members\/iwellguard.html","https:\/\/www.mymeetbook.com\/iwellguard","https:\/\/pxhere.com\/en\/photographer-me\/5040798","https:\/\/disqus.com\/by\/iwellguard\/about\/","https:\/\/pastelink.net\/hjwciqwq","https:\/\/pubhtml5.com\/homepage\/scjhn\/","https:\/\/www.bitchute.com\/channel\/2O2eOKzNqujT","https:\/\/audiomack.com\/iwellguard"]}]}},"_links":{"self":[{"href":"https:\/\/iwell-guard.com\/is\/wp-json\/wp\/v2\/pages\/169211","targetHints":{"allow":["GET"]}}],"collection":[{"href":"https:\/\/iwell-guard.com\/is\/wp-json\/wp\/v2\/pages"}],"about":[{"href":"https:\/\/iwell-guard.com\/is\/wp-json\/wp\/v2\/types\/page"}],"author":[{"embeddable":true,"href":"https:\/\/iwell-guard.com\/is\/wp-json\/wp\/v2\/users\/3"}],"replies":[{"embeddable":true,"href":"https:\/\/iwell-guard.com\/is\/wp-json\/wp\/v2\/comments?post=169211"}],"version-history":[{"count":0,"href":"https:\/\/iwell-guard.com\/is\/wp-json\/wp\/v2\/pages\/169211\/revisions"}],"wp:featuredmedia":[{"embeddable":true,"href":"https:\/\/iwell-guard.com\/is\/wp-json\/wp\/v2\/media\/3468"}],"wp:attachment":[{"href":"https:\/\/iwell-guard.com\/is\/wp-json\/wp\/v2\/media?parent=169211"}],"wp:term":[{"taxonomy":"category","embeddable":true,"href":"https:\/\/iwell-guard.com\/is\/wp-json\/wp\/v2\/categories?post=169211"}],"curies":[{"name":"wp","href":"https:\/\/api.w.org\/{rel}","templated":true}]}}