{"id":169209,"date":"2026-09-05T14:06:30","date_gmt":"2026-09-05T14:06:30","guid":{"rendered":"https:\/\/iwell-guard.com\/?page_id=169209"},"modified":"2026-09-05T14:35:01","modified_gmt":"2026-09-05T14:35:01","slug":"mano-fico-fikjuhondin-sem-verndargripur","status":"publish","type":"page","link":"https:\/\/iwell-guard.com\/is\/mano-fico-fikjuhondin-sem-verndargripur\/","title":{"rendered":"Mano fico \u2013 f\u00edkjuh\u00f6ndin sem verndargripur"},"content":{"rendered":"\t\t<div data-elementor-type=\"wp-page\" data-elementor-id=\"169209\" class=\"elementor elementor-169209 elementor-3701 elementor-bc-flex-widget\" data-elementor-post-type=\"page\">\n\t\t\t\t<div class=\"elementor-element elementor-element-iwgs-manofico-hero e-flex e-con-boxed e-con e-parent\" data-id=\"iwgs-manofico-hero\" data-element_type=\"container\" data-e-type=\"container\">\n\t\t\t\t\t<div class=\"e-con-inner\">\n\t\t<div class=\"elementor-element elementor-element-iwgs-manofico-hl e-flex e-con-boxed e-con e-parent\" data-id=\"iwgs-manofico-hl\" data-element_type=\"container\" data-e-type=\"container\">\n\t\t\t\t\t<div class=\"e-con-inner\">\n\t\t<div class=\"elementor-element elementor-element-iwgs-manofico-hlbox e-con-full e-flex e-con e-parent\" data-id=\"iwgs-manofico-hlbox\" data-element_type=\"container\" data-e-type=\"container\">\n\t\t\t\t<div class=\"elementor-element elementor-element-iwgs-manofico-h1 elementor-widget elementor-widget-heading\" data-id=\"iwgs-manofico-h1\" data-element_type=\"widget\" data-e-type=\"widget\" data-widget_type=\"heading.default\">\n\t\t\t\t\t<h1 class=\"elementor-heading-title elementor-size-default\">Mano fico \u2013 f\u00edkjuh\u00f6ndin gegn hinu illa auga<\/h1>\t\t\t\t<\/div>\n\t\t\t\t<div class=\"elementor-element elementor-element-iwgs-manofico-lead elementor-widget elementor-widget-text-editor\" data-id=\"iwgs-manofico-lead\" data-element_type=\"widget\" data-e-type=\"widget\" data-widget_type=\"text-editor.default\">\n\t\t\t\t\t\t\t\t\t<p>Mano fico er bending og <span class=\"iwg-fachbegriff\" data-tooltip=\"Gripur sem borinn er \u00e1 s\u00e9r og talinn hafa verndandi, \u00f3g\u00e6fuvarnandi \u00e1hrif.\" tabindex=\"0\">verndargripur<\/span> fr\u00e1 Mi\u00f0jar\u00f0arhafssv\u00e6\u00f0inu. Kreppt hnefi l\u00e6tur \u00feumalfingurinn standa \u00fat milli v\u00edsifingurs og l\u00f6ngut\u00e1ar. Sem f\u00edkjuh\u00f6nd \u00fej\u00f3nar h\u00fan til varnar gegn hinu illa auga og er talin fornt verndart\u00e1kn.<\/p>\t\t\t\t\t\t\t\t<\/div>\n\t\t\t\t<\/div>\n\t\t\t\t<div class=\"elementor-element elementor-element-iwgs-manofico-pills elementor-widget elementor-widget-html\" data-id=\"iwgs-manofico-pills\" data-element_type=\"widget\" data-e-type=\"widget\" data-widget_type=\"html.default\">\n\t\t\t\t\t<div class=\"iwg-pill-row\"><span class=\"iwg-klasse-badge\" tabindex=\"0\" data-tooltip=\"Verndart\u00e1kn, verndargripur e\u00f0a apotropa\u00edskur hlutur.\">Verndart\u00e1kn<\/span><a href=\"https:\/\/iwell-guard.com\/is\/verndartakn\/\" class=\"iwg-kultur-badge\" tabindex=\"0\" data-tooltip=\"Verndarhef\u00f0: Mi\u00f0jar\u00f0arhafssv\u00e6\u00f0i\u00f0\">Mi\u00f0jar\u00f0arhafssv\u00e6\u00f0i\u00f0<\/a><span class=\"iwg-tradition-badge\" tabindex=\"0\" data-tooltip=\"Handarhreyfing me\u00f0 varnandi merkingu.\">Verndarhreyfing<\/span><\/div>\t\t\t\t<\/div>\n\t\t\t\t\t<\/div>\n\t\t\t\t<\/div>\n\t\t<div class=\"elementor-element elementor-element-iwgs-manofico-hr e-con-full e-flex e-con e-parent\" data-id=\"iwgs-manofico-hr\" data-element_type=\"container\" data-e-type=\"container\">\n\t\t\t\t<div class=\"elementor-element elementor-element-iwgs-manofico-himg iwg-hero-image elementor-widget elementor-widget-image\" data-id=\"iwgs-manofico-himg\" data-element_type=\"widget\" data-e-type=\"widget\" data-widget_type=\"image.default\">\n\t\t\t\t\t\t\t\t\t\t\t\t\t\t\t<img fetchpriority=\"high\" decoding=\"async\" width=\"683\" height=\"1024\" src=\"https:\/\/iwell-guard.com\/wp-content\/uploads\/2026\/05\/schutzsymbol_italien_mano-fico-683x1024.webp\" class=\"attachment-large size-large wp-image-170579\" alt=\"Mano Fico - verndart\u00e1kn, s\u00fdningarleg myndskreyting\" srcset=\"https:\/\/iwell-guard.com\/wp-content\/uploads\/2026\/05\/schutzsymbol_italien_mano-fico-683x1024.webp 683w, https:\/\/iwell-guard.com\/wp-content\/uploads\/2026\/05\/schutzsymbol_italien_mano-fico-200x300.webp 200w, https:\/\/iwell-guard.com\/wp-content\/uploads\/2026\/05\/schutzsymbol_italien_mano-fico-768x1152.webp 768w, https:\/\/iwell-guard.com\/wp-content\/uploads\/2026\/05\/schutzsymbol_italien_mano-fico.webp 1024w\" sizes=\"(max-width: 683px) 100vw, 683px\" \/>\t\t\t\t\t\t\t\t\t\t\t\t\t\t\t<\/div>\n\t\t\t\t<\/div>\n\t\t\t\t\t<\/div>\n\t\t\t\t<\/div>\n\t\t<div class=\"elementor-element elementor-element-iwgs-manofico-s0 e-flex e-con-boxed e-con e-parent\" data-id=\"iwgs-manofico-s0\" data-element_type=\"container\" data-e-type=\"container\">\n\t\t\t\t\t<div class=\"e-con-inner\">\n\t\t\t\t<div class=\"elementor-element elementor-element-iwgs-manofico-s0h elementor-widget elementor-widget-heading\" data-id=\"iwgs-manofico-s0h\" data-element_type=\"widget\" data-e-type=\"widget\" data-widget_type=\"heading.default\">\n\t\t\t\t\t<h2 class=\"elementor-heading-title elementor-size-default\">Yfirlit<\/h2>\t\t\t\t<\/div>\n\t\t<div class=\"elementor-element elementor-element-iwgs-manofico-s0box e-con-full e-flex e-con e-parent\" data-id=\"iwgs-manofico-s0box\" data-element_type=\"container\" data-e-type=\"container\">\n\t\t\t\t<div class=\"elementor-element elementor-element-iwgs-manofico-s0t elementor-widget elementor-widget-text-editor\" data-id=\"iwgs-manofico-s0t\" data-element_type=\"widget\" data-e-type=\"widget\" data-widget_type=\"text-editor.default\">\n\t\t\t\t\t\t\t\t\t<p>Mano fico er verndarbending og verndargripur fr\u00e1 Mi\u00f0jar\u00f0arhafssv\u00e6\u00f0inu. Nafni\u00f0 \u00fe\u00fd\u00f0ir f\u00edkjuh\u00f6nd. H\u00fan telst til hinna fornu <a href=\"https:\/\/iwell-guard.com\/is\/verndartakn\/\">verndart\u00e1kna<\/a> \u00feessa sv\u00e6\u00f0is.<\/p><p>Bendingin samanstendur af krepptum hnefa \u00fear sem \u00feumalfingrinum er stungi\u00f0 \u00e1 milli v\u00edsifingurs og l\u00f6ngut\u00e1ar. \u00deumalfingurg\u00f3murinn g\u00e6gist fram \u00e1 milli fingranna.<\/p><p>\u00deessi handsta\u00f0a er k\u00f6llu\u00f0 f\u00edkjan. \u00deumalfingurinn sem g\u00e6gist fram var borinn saman vi\u00f0 f\u00edkju\u00e1v\u00f6xtinn og af \u00feeirri saml\u00edkingu er nafn bendingsins dregi\u00f0.<\/p><p>Mano fico kemur fram \u00ed tveimur myndum. H\u00fan er bending sem ger\u00f0 er me\u00f0 lifandi hendi, og h\u00fan er <span class=\"iwg-fachbegriff\" data-tooltip=\"Gripur sem borinn er \u00e1 s\u00e9r og talinn hafa verndandi, \u00f3g\u00e6fuvarnandi \u00e1hrif.\" tabindex=\"0\">verndargripur<\/span> sem l\u00edkir eftir f\u00edkjuh\u00f6ndinni \u00ed f\u00f6stu efni.<\/p><p>Hlutverk hennar er a\u00f0 verjast hinu illa auga og \u00f3g\u00e6fu. \u00cd <span class=\"iwg-fachbegriff\" data-tooltip=\"V\u00edsindagreinin sem rannsakar tr\u00faarbr\u00f6g\u00f0 samanbur\u00f0arlega og \u00e1n tr\u00faarlegrar afst\u00f6\u00f0u.\" tabindex=\"0\">tr\u00faarbrag\u00f0afr\u00e6\u00f0i<\/span> og \u00ed <span class=\"iwg-fachbegriff\" data-tooltip=\"Fr\u00e6\u00f0igrein sem rannsakar hversdagsmenningu, si\u00f0i og arfbundnar hugmyndir.\" tabindex=\"0\">\u00fej\u00f3\u00f0h\u00e1ttafr\u00e6\u00f0i<\/span> er mano fico talin eitt af elstu og \u00fatbreiddustu handarverndargripum Mi\u00f0jar\u00f0arhafssv\u00e6\u00f0isins.<\/p><p>\u00deessi s\u00ed\u00f0a fjallar um mano fico fr\u00e1 sj\u00f3narhorni verndar. H\u00fan l\u00fdsir bendingunni, <span class=\"iwg-fachbegriff\" data-tooltip=\"Gripur sem borinn er \u00e1 s\u00e9r og talinn hafa verndandi, \u00f3g\u00e6fuvarnandi \u00e1hrif.\" tabindex=\"0\">verndargripnum<\/span>, uppruna hennar, verkunarm\u00e1ta og st\u00f6\u00f0u hennar me\u00f0al tengdra handart\u00e1kna.<\/p>\t\t\t\t\t\t\t\t<\/div>\n\t\t\t\t<\/div>\n\t\t\t\t\t<\/div>\n\t\t\t\t<\/div>\n\t\t<div class=\"elementor-element elementor-element-iwgs-manofico-s1 e-flex e-con-boxed e-con e-parent\" data-id=\"iwgs-manofico-s1\" data-element_type=\"container\" data-e-type=\"container\">\n\t\t\t\t\t<div class=\"e-con-inner\">\n\t\t\t\t<div class=\"elementor-element elementor-element-iwgs-manofico-s1h elementor-widget elementor-widget-heading\" data-id=\"iwgs-manofico-s1h\" data-element_type=\"widget\" data-e-type=\"widget\" data-widget_type=\"heading.default\">\n\t\t\t\t\t<h2 class=\"elementor-heading-title elementor-size-default\">Bending f\u00edkjuhandarins<\/h2>\t\t\t\t<\/div>\n\t\t<div class=\"elementor-element elementor-element-iwgs-manofico-s1box e-con-full e-flex e-con e-parent\" data-id=\"iwgs-manofico-s1box\" data-element_type=\"container\" data-e-type=\"container\">\n\t\t\t\t<div class=\"elementor-element elementor-element-iwgs-manofico-s1t elementor-widget elementor-widget-text-editor\" data-id=\"iwgs-manofico-s1t\" data-element_type=\"widget\" data-e-type=\"widget\" data-widget_type=\"text-editor.default\">\n\t\t\t\t\t\t\t\t\t<p>Mano fico er fyrst og fremst handbending. Hana m\u00e1 gera me\u00f0 hvorri hendi \u00e1n hj\u00e1lpart\u00e6kja og er h\u00fan \u00fev\u00ed \u00e1vallt til taks.<\/p><p>\u00cd bendingunni er hendinni kreppt \u00ed hnefa. \u00deumalfingurinn er ekki lag\u00f0ur utan \u00e1 heldur skoti\u00f0 \u00e1 milli v\u00edsifingurs og l\u00f6ngut\u00e1ar, \u00feannig a\u00f0 g\u00f3murinn g\u00e6gist fram.<\/p><p>\u00deessi \u00fatst\u00e6\u00f0i \u00feumalfingurg\u00f3mur er einkennismerki bendingsins. Hann gaf handst\u00f6\u00f0unni nafni\u00f0 f\u00edkjan, \u00fev\u00ed hann minnti \u00e1 form f\u00edkju\u00e1vaxtarins.<\/p><p>Bendingin er sk\u00fdr og au\u00f0greinanleg. H\u00fan s\u00e9st \u00far fjarl\u00e6g\u00f0 og er au\u00f0velt a\u00f0 gera hana hratt og \u00e1n eftirtektar, sem ger\u00f0i hana a\u00f0 hentugri verndarbendingu andartaksins.<\/p><p>Sem <span class=\"iwg-fachbegriff\" data-tooltip=\"Gripur sem borinn er \u00e1 s\u00e9r og talinn hafa verndandi, \u00f3g\u00e6fuvarnandi \u00e1hrif.\" tabindex=\"0\">verndargripur<\/span> er \u00feessi handsta\u00f0a n\u00e1kv\u00e6mlega endursk\u00f6pu\u00f0. L\u00edtill m\u00f3ta\u00f0ur hnefi me\u00f0 \u00fatst\u00e6\u00f0um \u00feumalfingri er unninn \u00far k\u00f3ral, beini, m\u00e1lmi, rafi e\u00f0a \u00f6\u00f0ru efni.<\/p><p>Form mano fico er \u00feannig sk\u00fdrt skilgreint. Hvort sem \u00fea\u00f0 er lifandi bending e\u00f0a m\u00f3ta\u00f0ur <span class=\"iwg-fachbegriff\" data-tooltip=\"Gripur sem borinn er \u00e1 s\u00e9r og talinn hafa verndandi, \u00f3g\u00e6fuvarnandi \u00e1hrif.\" tabindex=\"0\">verndargripur<\/span>, er einkennismerki\u00f0 \u00e1vallt hnefinn me\u00f0 \u00feumalfingrinum sem g\u00e6gist fram milli fingranna.<\/p>\t\t\t\t\t\t\t\t<\/div>\n\t\t\t\t<\/div>\n\t\t\t\t\t<\/div>\n\t\t\t\t<\/div>\n\t\t<div class=\"elementor-element elementor-element-iwgs-manofico-s2 e-flex e-con-boxed e-con e-parent\" data-id=\"iwgs-manofico-s2\" data-element_type=\"container\" data-e-type=\"container\">\n\t\t\t\t\t<div class=\"e-con-inner\">\n\t\t\t\t<div class=\"elementor-element elementor-element-iwgs-manofico-s2h elementor-widget elementor-widget-heading\" data-id=\"iwgs-manofico-s2h\" data-element_type=\"widget\" data-e-type=\"widget\" data-widget_type=\"heading.default\">\n\t\t\t\t\t<h2 class=\"elementor-heading-title elementor-size-default\">Uppruni og aldur<\/h2>\t\t\t\t<\/div>\n\t\t<div class=\"elementor-element elementor-element-iwgs-manofico-s2box e-con-full e-flex e-con e-parent\" data-id=\"iwgs-manofico-s2box\" data-element_type=\"container\" data-e-type=\"container\">\n\t\t\t\t<div class=\"elementor-element elementor-element-iwgs-manofico-s2t elementor-widget elementor-widget-text-editor\" data-id=\"iwgs-manofico-s2t\" data-element_type=\"widget\" data-e-type=\"widget\" data-widget_type=\"text-editor.default\">\n\t\t\t\t\t\t\t\t\t<p>Mano fico er fornt t\u00e1kn. Bending f\u00edkjuhandarins og samsvarandi <span class=\"iwg-fachbegriff\" data-tooltip=\"Gripur sem borinn er \u00e1 s\u00e9r og talinn hafa verndandi, \u00f3g\u00e6fuvarnandi \u00e1hrif.\" tabindex=\"0\">verndargripur<\/span> eru sta\u00f0fest \u00e1 Mi\u00f0jar\u00f0arhafssv\u00e6\u00f0inu allt fr\u00e1 <span class=\"iwg-fachbegriff\" data-tooltip=\"T\u00edmabil gr\u00edskrar og r\u00f3mverskrar menningar, um 800 f.Kr. til 600 e.Kr.\" tabindex=\"0\">forn\u00f6ld<\/span>.<\/p><p>Verndargripir \u00ed mynd f\u00edkjuhandarins fundust vi\u00f0 fornleifaranns\u00f3knir. \u00deeir teljast til v\u00edsbendinga um a\u00f0 \u00feetta handart\u00e1kn hafi \u00feegar \u00e1 <span class=\"iwg-fachbegriff\" data-tooltip=\"T\u00edmabil gr\u00edskrar og r\u00f3mverskrar menningar, um 800 f.Kr. til 600 e.Kr.\" tabindex=\"0\">forn\u00f6ld<\/span> \u00fej\u00f3na\u00f0 sem verndargripur.<\/p><p>Bendingin var tengd frj\u00f3semi og l\u00edfskrafti. \u00deessi tengsl sk\u00fdra einnig varnarhlutverk hennar, \u00fev\u00ed l\u00edfskraftur var talinn til \u00feess fallinn a\u00f0 standa gegn \u00f3g\u00e6fu.<\/p><p>Fr\u00e1 <span class=\"iwg-fachbegriff\" data-tooltip=\"T\u00edmabil gr\u00edskrar og r\u00f3mverskrar menningar, um 800 f.Kr. til 600 e.Kr.\" tabindex=\"0\">forn\u00f6ld<\/span> hefur mano fico borist yfir \u00ed s\u00ed\u00f0ari <span class=\"iwg-fachbegriff\" data-tooltip=\"Heild arfleiddra si\u00f0a samf\u00e9lags.\" tabindex=\"0\">si\u00f0venjur<\/span> Mi\u00f0jar\u00f0arhafssv\u00e6\u00f0isins. S\u00e9rstaklega \u00e1 \u00cdtal\u00edu og \u00cdber\u00eduskaganum h\u00e9lst h\u00fan lifandi sem verndarbending og <span class=\"iwg-fachbegriff\" data-tooltip=\"Gripur sem borinn er \u00e1 s\u00e9r og talinn hafa verndandi, \u00f3g\u00e6fuvarnandi \u00e1hrif.\" tabindex=\"0\">verndargripur<\/span>.<\/p><p>Sannast a\u00f0 segja er ekki unnt a\u00f0 sta\u00f0festa \u00f6ll skref \u00feessarar l\u00f6ngu s\u00f6gu \u00e1n ey\u00f0u. Hinn h\u00e1\u00f0i aldur t\u00e1knsins er \u00fe\u00f3 \u00f6ruggur. N\u00e1kv\u00e6mar lei\u00f0ir <span class=\"iwg-fachbegriff\" data-tooltip=\"Mi\u00f0lun \u00feekkingar og fr\u00e1sagna milli kynsl\u00f3\u00f0a.\" tabindex=\"0\">arflei\u00f0slu<\/span> \u00feess \u00ed gegnum aldirnar er ekki h\u00e6gt a\u00f0 rekja \u00ed \u00f6llum atri\u00f0um.<\/p><p>Mano fico er \u00feannig t\u00e1kn me\u00f0 fornar r\u00e6tur og langa s\u00f6gu. M\u00e1lefnaleg framsetning nefnir hinn sta\u00f0festa h\u00e1a aldur ekki s\u00ed\u00f0ur en ey\u00f0urnar \u00ed <span class=\"iwg-fachbegriff\" data-tooltip=\"Mi\u00f0lun \u00feekkingar og fr\u00e1sagna milli kynsl\u00f3\u00f0a.\" tabindex=\"0\">arflei\u00f0slunni<\/span>.<\/p>\t\t\t\t\t\t\t\t<\/div>\n\t\t\t\t<\/div>\n\t\t\t\t\t<\/div>\n\t\t\t\t<\/div>\n\t\t<div class=\"elementor-element elementor-element-iwgs-manofico-s3 e-flex e-con-boxed e-con e-parent\" data-id=\"iwgs-manofico-s3\" data-element_type=\"container\" data-e-type=\"container\">\n\t\t\t\t\t<div class=\"e-con-inner\">\n\t\t\t\t<div class=\"elementor-element elementor-element-iwgs-manofico-s3h elementor-widget elementor-widget-heading\" data-id=\"iwgs-manofico-s3h\" data-element_type=\"widget\" data-e-type=\"widget\" data-widget_type=\"heading.default\">\n\t\t\t\t\t<h2 class=\"elementor-heading-title elementor-size-default\">V\u00f6rn gegn hinu illa auga<\/h2>\t\t\t\t<\/div>\n\t\t<div class=\"elementor-element elementor-element-iwgs-manofico-s3box e-con-full e-flex e-con e-parent\" data-id=\"iwgs-manofico-s3box\" data-element_type=\"container\" data-e-type=\"container\">\n\t\t\t\t<div class=\"elementor-element elementor-element-iwgs-manofico-s3t elementor-widget elementor-widget-text-editor\" data-id=\"iwgs-manofico-s3t\" data-element_type=\"widget\" data-e-type=\"widget\" data-widget_type=\"text-editor.default\">\n\t\t\t\t\t\t\t\t\t<p>Mikilv\u00e6gasta hlutverk Mano fico er a\u00f0 verjast gegn hinu illa auga. \u00c1 \u00edt\u00f6lsku sv\u00e6\u00f0i er \u00feetta \u00feekkt sem Malocchio, sem \u00fe\u00fd\u00f0ir or\u00f0r\u00e9tt illt auga.<\/p><div data-nosnippet=\"true\"><p>Mano fico sn\u00fdst gegn hinu illa auga, sem al\u00fe\u00fd\u00f0uhef\u00f0in telur b\u00faa yfir m\u00e6tti til a\u00f0 valda ska\u00f0a me\u00f0 \u00f6fund. F\u00edkjubendingunni var \u00e6tla\u00f0 a\u00f0 afvegalei\u00f0a hinn ska\u00f0lega augngotu og var \u00e1 \u00cdtal\u00edu, s\u00e9rstaklega \u00ed su\u00f0urhlutanum, l\u00edka borin \u00e1 l\u00edkamanum sem hengi \u00far k\u00f3ral e\u00f0a horni. Hvernig \u00feessi tr\u00fa var\u00f0 til \u00e1 Mi\u00f0jar\u00f0arhafssv\u00e6\u00f0inu m\u00e1 sj\u00e1 \u00e1 s\u00ed\u00f0unni um hi\u00f0 illa auga.<\/p><\/div><p>Mano fico bregst vi\u00f0 \u00feessari tr\u00fa sem verndarme\u00f0al. S\u00e1 sem gerir bendinguna e\u00f0a ber <span class=\"iwg-fachbegriff\" data-tooltip=\"Hlutur sem borinn er og talinn hafa verndandi, \u00f3g\u00e6fuvarnandi kraft.\" tabindex=\"0\">verndargripinn<\/span> er samkv\u00e6mt <span class=\"iwg-fachbegriff\" data-tooltip=\"\u00dea\u00f0 hvernig \u00feekking og s\u00f6gur berast \u00e1fram milli kynsl\u00f3\u00f0a.\" tabindex=\"0\">munnm\u00e6lum<\/span> varinn gegn Malocchio og \u00f6\u00f0rum \u00f3g\u00e6fum.<\/p><p>Sem bending er Mano fico ger\u00f0 \u00e1 h\u00e6ttustundu. Ef manneskja hittir einhvern sem h\u00fan telur \u00f3gn stafa af, myndar h\u00fan f\u00edkjuh\u00f6ndina \u00f3afvitandi til varnar.<\/p><p>Sem <span class=\"iwg-fachbegriff\" data-tooltip=\"Hlutur sem borinn er og talinn hafa verndandi, \u00f3g\u00e6fuvarnandi kraft.\" tabindex=\"0\">verndargripur<\/span> veitir Mano fico varanlega vernd. H\u00fan var s\u00e9rstaklega borin \u00e1 b\u00f6rn, sem talin voru \u00ed h\u00e6ttu, og fylgdi \u00feeim gegnum vi\u00f0kv\u00e6mustu \u00e6vi\u00e1rin.<\/p><p>Mano fico er \u00feannig r\u00e6kilega bundin tr\u00fanni \u00e1 hi\u00f0 illa auga. H\u00fan gefur \u00fatbreiddri \u00f3gn einfalt varnart\u00e1kn, sem er \u00e1vallt til taks sem bending og virkar varanlega sem <span class=\"iwg-fachbegriff\" data-tooltip=\"Hlutur sem borinn er og talinn hafa verndandi, \u00f3g\u00e6fuvarnandi kraft.\" tabindex=\"0\">verndargripur<\/span>.<\/p>\t\t\t\t\t\t\t\t<\/div>\n\t\t\t\t<\/div>\n\t\t\t\t\t<\/div>\n\t\t\t\t<\/div>\n\t\t<div class=\"elementor-element elementor-element-iwgs-manofico-s4 e-flex e-con-boxed e-con e-parent\" data-id=\"iwgs-manofico-s4\" data-element_type=\"container\" data-e-type=\"container\">\n\t\t\t\t\t<div class=\"e-con-inner\">\n\t\t\t\t<div class=\"elementor-element elementor-element-iwgs-manofico-s4h elementor-widget elementor-widget-heading\" data-id=\"iwgs-manofico-s4h\" data-element_type=\"widget\" data-e-type=\"widget\" data-widget_type=\"heading.default\">\n\t\t\t\t\t<h2 class=\"elementor-heading-title elementor-size-default\">Verkunarm\u00e1ttur Mano fico<\/h2>\t\t\t\t<\/div>\n\t\t<div class=\"elementor-element elementor-element-iwgs-manofico-s4box e-con-full e-flex e-con e-parent\" data-id=\"iwgs-manofico-s4box\" data-element_type=\"container\" data-e-type=\"container\">\n\t\t\t\t<div class=\"elementor-element elementor-element-iwgs-manofico-s4t elementor-widget elementor-widget-text-editor\" data-id=\"iwgs-manofico-s4t\" data-element_type=\"widget\" data-e-type=\"widget\" data-widget_type=\"text-editor.default\">\n\t\t\t\t\t\t\t\t\t<p>Mano fico fylgir eigin verkunarm\u00e1ta. H\u00fan fangar ekki hi\u00f0 illa auga eins og augnverndargripur, heldur ver h\u00fan gegn \u00fev\u00ed me\u00f0 \u00fev\u00ed sem bendingin t\u00e1knar sj\u00e1lf.<\/p><p>Ranns\u00f3knir tengja f\u00edkjuh\u00f6ndina vi\u00f0 forna myndhugmynd. Bendingin var t\u00falku\u00f0 sem t\u00e1kn fyrir sameiningu karls og konu og \u00fear me\u00f0 sem t\u00e1kn frj\u00f3semi og l\u00edfskrafts.<\/p><p>Af \u00feeirri tengingu lei\u00f0ir varnarmerkingin. L\u00edfskraftur var talinn andst\u00e6\u00f0an vi\u00f0 \u00f3g\u00e6fu og \u00fear me\u00f0 m\u00f3tefni gegn henni. T\u00e1kn frj\u00f3semi gat v\u00edsa\u00f0 \u00f3g\u00e6funni fr\u00e1.<\/p><p>\u00dear vi\u00f0 b\u00e6tist hugmyndin um a\u00f0 \u00f6flug, hrj\u00faf bending dragi a\u00f0 s\u00e9r athygli. Hinn ska\u00f0legi augngotur beinist a\u00f0 hinu \u00e1berandi t\u00e1kni og l\u00e6tur \u00feann sem raunverulega \u00e1 a\u00f0 verjast \u00ed fri\u00f0i.<\/p><p>H\u00f6ndin sj\u00e1lf er einnig mikilv\u00e6g. Mannsh\u00f6ndin er fornt og m\u00e1ttugt varnart\u00e1kn, sem stendur fyrir ath\u00f6fn, v\u00f6rn og <span class=\"iwg-fachbegriff\" data-tooltip=\"Blessunaror\u00f0 um heill og vernd, oft \u00ed fastri m\u00e1lformi.\" tabindex=\"0\">blessun<\/span>, eins og s\u00e9st \u00ed <a href=\"https:\/\/iwell-guard.com\/is\/hamsa\/\">Hamsa<\/a>.<\/p><p>Mano fico virkar \u00feannig me\u00f0 samspili handar og frj\u00f3semist\u00e1kns. H\u00fan er hvorki hr\u00e6\u00f0slut\u00e1kn n\u00e9 spegill, heldur t\u00e1kn sem setur l\u00edfskraft upp \u00e1 m\u00f3ti \u00f3g\u00e6fu.<\/p>\t\t\t\t\t\t\t\t<\/div>\n\t\t\t\t<\/div>\n\t\t\t\t\t<\/div>\n\t\t\t\t<\/div>\n\t\t<div class=\"elementor-element elementor-element-iwgs-manofico-s5 e-flex e-con-boxed e-con e-parent\" data-id=\"iwgs-manofico-s5\" data-element_type=\"container\" data-e-type=\"container\">\n\t\t\t\t\t<div class=\"e-con-inner\">\n\t\t\t\t<div class=\"elementor-element elementor-element-iwgs-manofico-s5h elementor-widget elementor-widget-heading\" data-id=\"iwgs-manofico-s5h\" data-element_type=\"widget\" data-e-type=\"widget\" data-widget_type=\"heading.default\">\n\t\t\t\t\t<h2 class=\"elementor-heading-title elementor-size-default\">Mano fico og tengd t\u00e1kn<\/h2>\t\t\t\t<\/div>\n\t\t<div class=\"elementor-element elementor-element-iwgs-manofico-s5box e-con-full e-flex e-con e-parent\" data-id=\"iwgs-manofico-s5box\" data-element_type=\"container\" data-e-type=\"container\">\n\t\t\t\t<div class=\"elementor-element elementor-element-iwgs-manofico-s5t elementor-widget elementor-widget-text-editor\" data-id=\"iwgs-manofico-s5t\" data-element_type=\"widget\" data-e-type=\"widget\" data-widget_type=\"text-editor.default\">\n\t\t\t\t\t\t\t\t\t<p>Mano fico heyrir til fj\u00f6lskyldu handart\u00e1kna sem \u00e1 Mi\u00f0jar\u00f0arhafssv\u00e6\u00f0inu \u00fej\u00f3na v\u00f6rn gegn hinu illa auga. \u00cd \u00feeirri fj\u00f6lskyldu stendur h\u00fan ekki ein.<\/p><p>N\u00e1i\u00f0 tengd er hornu\u00f0 h\u00f6ndin, Mano cornuta, \u00fear sem v\u00edsifingur og litli fingur eru r\u00e9ttir \u00fat. Mano fico og Mano cornuta myndast sem par handbendinga sem oft eru nefndar saman.<\/p><p>Bendingarnar tv\u00e6r eru \u00f3l\u00edkar \u00ed formi. Mano cornuta byggir \u00e1 hornt\u00e1kninu, Mano fico \u00e1 f\u00edkju- og frj\u00f3semist\u00e1kninu. B\u00e1\u00f0ar \u00fej\u00f3na \u00fe\u00f3 sama tilgangi.<\/p><p>Tengt er l\u00edka hornlaga <span class=\"iwg-fachbegriff\" data-tooltip=\"Hlutur sem borinn er og talinn hafa verndandi, \u00f3g\u00e6fuvarnandi kraft.\" tabindex=\"0\">verndargripurinn<\/span> Cornicello, sem eins og Mano cornuta byggir \u00e1 hornt\u00e1kninu. Cornicello, Mano cornuta og Mano fico myndast saman kjarna \u00edt\u00f6lsku varnart\u00e1knanna.<\/p><p>Utan \u00cdtal\u00edu m\u00e1 bera Mano fico saman vi\u00f0 Hamsa, handarverndargrip Mi\u00f0jar\u00f0arhafssv\u00e6\u00f0isins. Hamsa er einnig h\u00f6nd sem beinist gegn hinu illa auga.<\/p><p>Mano fico er \u00feannig hluti af r\u00edkulegum arfi varnarbendinga og verndargripa. Me\u00f0 Mano cornuta, Cornicello og Hamsa deilir h\u00fan tilgangi, v\u00f6rn gegn hinu illa auga, og b\u00e6tir \u00feessar t\u00e1knmyndir \u00ed daglegu l\u00edfi.<\/p>\t\t\t\t\t\t\t\t<\/div>\n\t\t\t\t<\/div>\n\t\t\t\t\t<\/div>\n\t\t\t\t<\/div>\n\t\t<div class=\"elementor-element elementor-element-iwgs-manofico-s6 e-flex e-con-boxed e-con e-parent\" data-id=\"iwgs-manofico-s6\" data-element_type=\"container\" data-e-type=\"container\">\n\t\t\t\t\t<div class=\"e-con-inner\">\n\t\t\t\t<div class=\"elementor-element elementor-element-iwgs-manofico-s6h elementor-widget elementor-widget-heading\" data-id=\"iwgs-manofico-s6h\" data-element_type=\"widget\" data-e-type=\"widget\" data-widget_type=\"heading.default\">\n\t\t\t\t\t<h2 class=\"elementor-heading-title elementor-size-default\">Bendingin \u00ed ath\u00f6fn og tungum\u00e1li<\/h2>\t\t\t\t<\/div>\n\t\t<div class=\"elementor-element elementor-element-iwgs-manofico-s6box e-con-full e-flex e-con e-parent\" data-id=\"iwgs-manofico-s6box\" data-element_type=\"container\" data-e-type=\"container\">\n\t\t\t\t<div class=\"elementor-element elementor-element-iwgs-manofico-s6t elementor-widget elementor-widget-text-editor\" data-id=\"iwgs-manofico-s6t\" data-element_type=\"widget\" data-e-type=\"widget\" data-widget_type=\"text-editor.default\">\n\t\t\t\t\t\t\t\t\t<p>Mano fico hefur tv\u00f6falda s\u00f6gu. H\u00fan er fornt varnart\u00e1kn, og h\u00fan hefur samt\u00edmis or\u00f0i\u00f0 a\u00f0 bendingu me\u00f0 a\u00f0ra, m\u00f3\u00f0gandi merkingu.<\/p><p>\u00cd fornum notkun var f\u00edkjuh\u00f6ndin fyrst og fremst varnart\u00e1kn. Henni var beint gegn hinu illa auga og \u00f3g\u00e6funni og h\u00fan \u00fej\u00f3na\u00f0i v\u00f6rninni.<\/p><p>Samhli\u00f0a \u00fer\u00f3a\u00f0ist \u00f6nnur notkun. Bendingin gat einnig veri\u00f0 notu\u00f0 sem hrj\u00faf, hafnandi e\u00f0a m\u00f3\u00f0gandi bending gegn manneskju. B\u00e1\u00f0ar merkingarnar liggja n\u00e1l\u00e6gt hvor annarri.<\/p><p>\u00deessi tv\u00f6falda merking er skiljanleg. Bending sem ver gegn \u00f3g\u00e6fu og hafnar henni getur \u00e1 sama h\u00e1tt veri\u00f0 notu\u00f0 til a\u00f0 hafna manneskju hastarlega. V\u00f6rn og h\u00f6fnun eru n\u00e1skyld.<\/p><p>F\u00edkjan hefur einnig sett spor \u00ed m\u00e1li\u00f0. \u00cd nokkrum tungum\u00e1lum Mi\u00f0jar\u00f0arhafssv\u00e6\u00f0isins eru til or\u00f0atilt\u00e6ki sem rekja m\u00e1 til bendingar f\u00edkjuhandarinnar.<\/p><p>Mano fico er \u00feannig gott d\u00e6mi um a\u00f0 t\u00e1kn geti bori\u00f0 margar merkingar. M\u00e1lefnaleg framsetning nefnir b\u00e6\u00f0i, forna varnarmerkinguna og hina s\u00ed\u00f0ari, hastarlega h\u00f6fnunarnotkun.<\/p>\t\t\t\t\t\t\t\t<\/div>\n\t\t\t\t<\/div>\n\t\t\t\t\t<\/div>\n\t\t\t\t<\/div>\n\t\t<div class=\"elementor-element elementor-element-iwgs-manofico-s7 e-flex e-con-boxed e-con e-parent\" data-id=\"iwgs-manofico-s7\" data-element_type=\"container\" data-e-type=\"container\">\n\t\t\t\t\t<div class=\"e-con-inner\">\n\t\t\t\t<div class=\"elementor-element elementor-element-iwgs-manofico-s7h elementor-widget elementor-widget-heading\" data-id=\"iwgs-manofico-s7h\" data-element_type=\"widget\" data-e-type=\"widget\" data-widget_type=\"heading.default\">\n\t\t\t\t\t<h2 class=\"elementor-heading-title elementor-size-default\">Mano fico \u00ed \u00fej\u00f3\u00f0h\u00e1ttum<\/h2>\t\t\t\t<\/div>\n\t\t<div class=\"elementor-element elementor-element-iwgs-manofico-s7box e-con-full e-flex e-con e-parent\" data-id=\"iwgs-manofico-s7box\" data-element_type=\"container\" data-e-type=\"container\">\n\t\t\t\t<div class=\"elementor-element elementor-element-iwgs-manofico-s7t elementor-widget elementor-widget-text-editor\" data-id=\"iwgs-manofico-s7t\" data-element_type=\"widget\" data-e-type=\"widget\" data-widget_type=\"text-editor.default\">\n\t\t\t\t\t\t\t\t\t<p>Mano fico var r\u00f3tfastur hluti af <span class=\"iwg-fachbegriff\" data-tooltip=\"Heildarsafn hef\u00f0a sem var\u00f0veitt hafa veri\u00f0 innan samf\u00e9lags.\" tabindex=\"0\">hef\u00f0um<\/span> \u00ed Mi\u00f0jar\u00f0arhafsl\u00f6ndunum. H\u00fan var notu\u00f0 b\u00e6\u00f0i sem handbending og sem <span class=\"iwg-fachbegriff\" data-tooltip=\"Hlutur sem borinn er \u00e1 s\u00e9r og talinn hafa verndandi, \u00f3g\u00e6fuvarnandi m\u00e1tt.\" tabindex=\"0\">verndargripur<\/span> og var samofin daglegu l\u00edfi \u00e1 margv\u00edslegan h\u00e1tt.<\/p><p>Sem <span class=\"iwg-fachbegriff\" data-tooltip=\"Hlutur sem borinn er \u00e1 s\u00e9r og talinn hafa verndandi, \u00f3g\u00e6fuvarnandi m\u00e1tt.\" tabindex=\"0\">verndargripur<\/span> var f\u00edkjuh\u00f6ndin s\u00e9rstaklega sett \u00e1 b\u00f6rn. Litli <span class=\"iwg-fachbegriff\" data-tooltip=\"Hlutur sem borinn er \u00e1 s\u00e9r og talinn hafa verndandi, \u00f3g\u00e6fuvarnandi m\u00e1tt.\" tabindex=\"0\">verndargripurinn<\/span>, ger\u00f0ur \u00far k\u00f3ral, rafi e\u00f0a beini, \u00e1tti a\u00f0 fylgja barninu \u00ed gegnum vi\u00f0kv\u00e6mustu \u00e6vi\u00e1rin fyrstu og verja \u00fea\u00f0 gegn hinu illa auga.<\/p><p>Vali\u00f0 \u00e1 efninu skipti \u00fear miklu m\u00e1li. K\u00f3ral og raf voru sj\u00e1lf talin verndandi. Mano fico \u00far sl\u00edku efni tengdi \u00feannig kraft handbendingarinnar vi\u00f0 kraft efnisins.<\/p><p>Sem handbending var mano fico ger\u00f0 \u00e1 \u00f6gurstundum, \u00feegar h\u00e6tta vof\u00f0i yfir. Oft var \u00feetta gert \u00ed leyni, \u00ed vasa e\u00f0a \u00e1 bak vi\u00f0 baki\u00f0, til a\u00f0 m\u00f3\u00f0ga ekki vi\u00f0komandi opinsk\u00e1tt.<\/p><p>Mano fico var oft notu\u00f0 samhli\u00f0a \u00f6\u00f0rum verndargripum. H\u00fan var sameinu\u00f0 Cornicello-inu, Mano cornuta-inu og \u00f6\u00f0rum verndargripum sem styrktu hver annan.<\/p><p>Mano fico er \u00feannig ekki einungis stakt t\u00e1kn heldur hluti af lifandi hef\u00f0. Handbendingin, <span class=\"iwg-fachbegriff\" data-tooltip=\"Hlutur sem borinn er \u00e1 s\u00e9r og talinn hafa verndandi, \u00f3g\u00e6fuvarnandi m\u00e1tt.\" tabindex=\"0\">verndargripurinn<\/span> og vali\u00f0 \u00e1 efninu f\u00e9llu saman og myndu\u00f0u \u00fe\u00e9ttri\u00f0i\u00f0 net verndar.<\/p>\t\t\t\t\t\t\t\t<\/div>\n\t\t\t\t<\/div>\n\t\t\t\t\t<\/div>\n\t\t\t\t<\/div>\n\t\t<div class=\"elementor-element elementor-element-iwgs-manofico-s8 e-flex e-con-boxed e-con e-parent\" data-id=\"iwgs-manofico-s8\" data-element_type=\"container\" data-e-type=\"container\">\n\t\t\t\t\t<div class=\"e-con-inner\">\n\t\t\t\t<div class=\"elementor-element elementor-element-iwgs-manofico-s8h elementor-widget elementor-widget-heading\" data-id=\"iwgs-manofico-s8h\" data-element_type=\"widget\" data-e-type=\"widget\" data-widget_type=\"heading.default\">\n\t\t\t\t\t<h2 class=\"elementor-heading-title elementor-size-default\">M\u00f3tt\u00f6kur \u00ed dag<\/h2>\t\t\t\t<\/div>\n\t\t<div class=\"elementor-element elementor-element-iwgs-manofico-s8box e-con-full e-flex e-con e-parent\" data-id=\"iwgs-manofico-s8box\" data-element_type=\"container\" data-e-type=\"container\">\n\t\t\t\t<div class=\"elementor-element elementor-element-iwgs-manofico-s8t elementor-widget elementor-widget-text-editor\" data-id=\"iwgs-manofico-s8t\" data-element_type=\"widget\" data-e-type=\"widget\" data-widget_type=\"text-editor.default\">\n\t\t\t\t\t\t\t\t\t<p>Mano fico er enn \u00feekkt \u00ed Mi\u00f0jar\u00f0arhafsl\u00f6ndunum \u00ed dag, \u00fe\u00f3tt notkun hennar hafi minnka\u00f0 fr\u00e1 fyrri t\u00edmum.<\/p><p>Sem <span class=\"iwg-fachbegriff\" data-tooltip=\"Hlutur sem borinn er \u00e1 s\u00e9r og talinn hafa verndandi, \u00f3g\u00e6fuvarnandi m\u00e1tt.\" tabindex=\"0\">verndargripur<\/span> er f\u00edkjuh\u00f6ndin enn framleidd og borin, oft \u00far k\u00f3ral, silfri e\u00f0a rafi. Hana m\u00e1 finna \u00ed skartgripa- og minjagripab\u00fa\u00f0um \u00e1 \u00cdtal\u00edu og \u00cdber\u00eduskaganum.<\/p><p>Sem handbending er mano fico m\u00f6rgum enn kunn, en oftast \u00ed seinni, fremur ruddalegri merkingu sinni. Hin gamla verndarmerking hefur dofna\u00f0 meira \u00ed daglegu l\u00edfi en hin m\u00f3\u00f0gandi notkun.<\/p><p>Fyrir <span class=\"iwg-fachbegriff\" data-tooltip=\"Fr\u00e6\u00f0igrein sem rannsakar hversdagsmenningu, hef\u00f0ir og arfleiddar hugmyndir.\" tabindex=\"0\">\u00fej\u00f3\u00f0fr\u00e6\u00f0i<\/span> og <span class=\"iwg-fachbegriff\" data-tooltip=\"Fr\u00e6\u00f0igrein sem rannsakar tr\u00faarbr\u00f6g\u00f0 \u00e1 samanbur\u00f0arlegan h\u00e1tt og \u00e1n tr\u00faarlegrar afst\u00f6\u00f0u.\" tabindex=\"0\">tr\u00faarbrag\u00f0afr\u00e6\u00f0i<\/span> er mano fico \u00e1fram fr\u00f3\u00f0legt ranns\u00f3knarefni. H\u00fan er eitt elstu handverndargripa Mi\u00f0jar\u00f0arhafssv\u00e6\u00f0isins og vel skjalfest \u00ed fornleifas\u00f6fnum.<\/p><p>S\u00e9rstaklega \u00e1hugavert er tv\u00edr\u00e6\u00f0 merking mano fico. H\u00fan s\u00fdnir hvernig verndart\u00e1kn og ruddaleg handbending geta sameinast \u00ed einni og s\u00f6mu handst\u00f6\u00f0u.<\/p><p>Mano fico er \u00feannig eftirtektarvert d\u00e6mi um fornan handverndargrip. \u00cd henni sameinast hi\u00f0 gamla frj\u00f3semist\u00e1kn, kraftur handbendingarins og l\u00f6ngunin til a\u00f0 verjast illu auga og \u00f3g\u00e6fu.<\/p>\t\t\t\t\t\t\t\t<\/div>\n\t\t\t\t<\/div>\n\t\t\t\t\t<\/div>\n\t\t\t\t<\/div>\n\t\t<div class=\"elementor-element elementor-element-iwgs-manofico-lit e-flex e-con-boxed e-con e-parent\" data-id=\"iwgs-manofico-lit\" data-element_type=\"container\" data-e-type=\"container\">\n\t\t\t\t\t<div class=\"e-con-inner\">\n\t\t\t\t<div class=\"elementor-element elementor-element-iwgs-manofico-lith elementor-widget elementor-widget-heading\" data-id=\"iwgs-manofico-lith\" data-element_type=\"widget\" data-e-type=\"widget\" data-widget_type=\"heading.default\">\n\t\t\t\t\t<h2 class=\"elementor-heading-title elementor-size-default\">Heimildir (\u00farval)<\/h2>\t\t\t\t<\/div>\n\t\t<div class=\"elementor-element elementor-element-iwgs-manofico-litbox e-con-full e-flex e-con e-parent\" data-id=\"iwgs-manofico-litbox\" data-element_type=\"container\" data-e-type=\"container\">\n\t\t\t\t<div class=\"elementor-element elementor-element-iwgs-manofico-litt elementor-widget elementor-widget-html\" data-id=\"iwgs-manofico-litt\" data-element_type=\"widget\" data-e-type=\"widget\" data-widget_type=\"html.default\">\n\t\t\t\t\t<footer data-nosnippet=\"true\"><ul><li>Alan Dundes (ritstj.): <em>The Evil Eye. A Casebook<\/em> (1981)<\/li><li>Frederick Thomas Elworthy: <em>The Evil Eye<\/em> (1895)<\/li><li>Andrea De Jorio: <em>La mimica degli antichi investigata nel gestire napoletano<\/em> (1832)<\/li><li>Liselotte Hansmann, Lenz Kriss-Rettenbeck: <em>Amulett und Talisman<\/em> (1966)<\/li><li>Ernesto De Martino: <em>Sud e magia<\/em> (1959)<\/li><\/ul><\/footer>\t\t\t\t<\/div>\n\t\t\t\t<\/div>\n\t\t\t\t\t<\/div>\n\t\t\t\t<\/div>\n\t\t<div class=\"elementor-element elementor-element-iwgs-manofico-kwd e-flex e-con-boxed e-con e-parent\" data-id=\"iwgs-manofico-kwd\" data-element_type=\"container\" data-e-type=\"container\">\n\t\t\t\t\t<div class=\"e-con-inner\">\n\t\t\t\t<div class=\"elementor-element elementor-element-iwgs-manofico-kwdt elementor-widget elementor-widget-text-editor\" data-id=\"iwgs-manofico-kwdt\" data-element_type=\"widget\" data-e-type=\"widget\" data-widget_type=\"text-editor.default\">\n\t\t\t\t\t\t\t\t\t<p><em>Tengd leitaror\u00f0: Mano fico f\u00edkjuh\u00f6nd verndarbending <span class=\"iwg-fachbegriff\" data-tooltip=\"\u00datbreidd hugmynd um a\u00f0 \u00f6fundsj\u00fakt augnar\u00e1\u00f0 annarrar manneskju geti valdi\u00f0 ska\u00f0a.\" tabindex=\"0\">illt auga<\/span> Malocchio handverndargripur k\u00f3ral Cornicello Mi\u00f0jar\u00f0arhaf <span class=\"iwg-fachbegriff\" data-tooltip=\"T\u00edmabil gr\u00edsk-r\u00f3mverskrar menningar, um \u00fea\u00f0 bil 800 f.Kr. til 600 e.Kr.\" tabindex=\"0\">forn\u00f6ld<\/span>.<\/em><\/p>\t\t\t\t\t\t\t\t<\/div>\n\t\t\t\t\t<\/div>\n\t\t\t\t<\/div>\n\t\t<div class=\"elementor-element elementor-element-iwgs-manofico-cc e-flex e-con-boxed e-con e-parent\" data-id=\"iwgs-manofico-cc\" data-element_type=\"container\" data-e-type=\"container\" id=\"iwg-cc-mano-fico\">\n\t\t\t\t\t<div class=\"e-con-inner\">\n\t\t<div class=\"elementor-element elementor-element-iwgs-manofico-ccinner e-flex e-con-boxed e-con e-parent\" data-id=\"iwgs-manofico-ccinner\" data-element_type=\"container\" data-e-type=\"container\" data-settings=\"{&quot;background_background&quot;:&quot;classic&quot;}\">\n\t\t\t\t\t<div class=\"e-con-inner\">\n\t\t\t\t<div class=\"elementor-element elementor-element-iwgs-manofico-cch elementor-widget elementor-widget-heading\" data-id=\"iwgs-manofico-cch\" data-element_type=\"widget\" data-e-type=\"widget\" data-widget_type=\"heading.default\">\n\t\t\t\t\t<h2 class=\"elementor-heading-title elementor-size-default\">iWell Guard og verndarhef\u00f0ir<\/h2>\t\t\t\t<\/div>\n\t\t\t\t<div class=\"elementor-element elementor-element-iwgs-manofico-cct elementor-widget elementor-widget-text-editor\" data-id=\"iwgs-manofico-cct\" data-element_type=\"widget\" data-e-type=\"widget\" data-widget_type=\"text-editor.default\">\n\t\t\t\t\t\t\t\t\t<p>iWell Guard er hluti af menningars\u00f6gulegri hef\u00f0 borinna verndargripa, sem Mano fico er einnig hluti af. N\u00fat\u00edmalegur fylgihlutur fyrir f\u00f3lk sem lifir me\u00f0 verndart\u00e1knum: framleiddur \u00ed \u00de\u00fdskalandi, 41 lag af ekta gulli, plat\u00ednu og silfri, me\u00f0 30 daga skilar\u00e9tti.<\/p>\t\t\t\t\t\t\t\t<\/div>\n\t\t\t\t<div class=\"elementor-element elementor-element-iwgs-manofico-ccb iwg-cc-button iwg-cc-cta-2026-05-13 elementor-widget elementor-widget-jet-button\" data-id=\"iwgs-manofico-ccb\" data-element_type=\"widget\" data-e-type=\"widget\" data-widget_type=\"jet-button.default\">\n\t\t\t\t<div class=\"elementor-widget-container\">\n\t\t\t\t\t<div class=\"elementor-jet-button jet-elements\"><div class=\"jet-button__container\"><a class=\"jet-button__instance jet-button__instance--icon-left hover-effect-1\" href=\"\/schutzanhaenger-iwell-guard-kaufen\/?utm_source=iwell-guard.com&amp;utm_medium=info-box&amp;utm_campaign=schutzsymbole\"><div class=\"jet-button__plane jet-button__plane-normal\"><\/div><div class=\"jet-button__plane jet-button__plane-hover\"><\/div><div class=\"jet-button__state jet-button__state-normal\"><span class=\"jet-button__label\">Meira um iWell Guard<\/span><\/div><div class=\"jet-button__state jet-button__state-hover\"><span class=\"jet-button__label\">Meira um iWell Guard<\/span><\/div><\/a><\/div><\/div><style>.elementor-element.elementor-element-iwgs-manofico-ccb .jet-button__instance{width:320px;height:56px;}.elementor-element.elementor-element-iwgs-manofico-ccb .jet-button__state-normal .jet-button__label{text-align:center;margin:0px 0px 0px 0px;color:#1a1b20;font-family:Montserrat,sans-serif;font-size:13px;font-weight:400;letter-spacing:4px;line-height:1.714em;text-transform:uppercase;}.elementor-element.elementor-element-iwgs-manofico-ccb .jet-button__state-hover .jet-button__label{text-align:center;margin:0px 0px 0px 0px;color:#FECC76;font-family:Montserrat,sans-serif;font-size:13px;font-weight:400;letter-spacing:4px;line-height:1.714em;text-transform:uppercase;}.elementor-element.elementor-element-iwgs-manofico-ccb .jet-button__plane-normal{background-color:#FECC76;border-style:solid;border-color:#C99540;border-width:2px 2px 2px 2px;}.elementor-element.elementor-element-iwgs-manofico-ccb .jet-button__plane-hover{background-color:rgba(0,0,0,0.55);border-style:solid;border-color:#FECC76;border-width:2px 2px 2px 2px;}<\/style>\t\t\t\t<\/div>\n\t\t\t\t<\/div>\n\t\t\t\t<div class=\"elementor-element elementor-element-iwgs-manofico-ccd elementor-widget elementor-widget-text-editor\" data-id=\"iwgs-manofico-ccd\" data-element_type=\"widget\" data-e-type=\"widget\" data-widget_type=\"text-editor.default\">\n\t\t\t\t\t\t\t\t\t<p style=\"text-align:center;font-size:13px;opacity:0.7;margin-top:14px\" data-nosnippet=\"true\">Pers\u00f3nuleg reynsla getur veri\u00f0 mismunandi. Ekki l\u00e6kningat\u00e6ki. Engin lofor\u00f0 um l\u00e6kningu.<\/p>\t\t\t\t\t\t\t\t<\/div>\n\t\t\t\t\t<\/div>\n\t\t\t\t<\/div>\n\t\t\t\t\t<\/div>\n\t\t\t\t<\/div>\n\t\t<div class=\"elementor-element elementor-element-iwgs-manofico-disc e-flex e-con-boxed e-con e-parent\" data-id=\"iwgs-manofico-disc\" data-element_type=\"container\" data-e-type=\"container\">\n\t\t\t\t\t<div class=\"e-con-inner\">\n\t\t\t\t<div class=\"elementor-element elementor-element-iwgs-manofico-discw elementor-widget elementor-widget-html\" data-id=\"iwgs-manofico-discw\" data-element_type=\"widget\" data-e-type=\"widget\" data-widget_type=\"html.default\">\n\t\t\t\t\t<footer data-nosnippet=\"true\" class=\"iwg-disclaimer-block\"><p data-nosnippet=\"true\">iWell Guard er <strong>ekki l\u00e6kningat\u00e6ki<\/strong> og kemur ekki \u00ed sta\u00f0 l\u00e6knis- e\u00f0a s\u00e1lfr\u00e6\u00f0ime\u00f0fer\u00f0ar. Innihaldi\u00f0 sem h\u00e9r er sett fram er tr\u00faarbrag\u00f0afr\u00e6\u00f0ileg og menningars\u00f6gulega greining, ekki lofor\u00f0 um andlega virkni.<\/p><\/footer>\t\t\t\t<\/div>\n\t\t\t\t\t<\/div>\n\t\t\t\t<\/div>\n\t\t\t\t<\/div>\n\t\t","protected":false},"excerpt":{"rendered":"","protected":false},"author":3,"featured_media":3474,"parent":0,"menu_order":0,"comment_status":"closed","ping_status":"closed","template":"elementor_header_footer","meta":{"_yoast_wpseo_focuskw":"Mano fico","_yoast_wpseo_title":"Mano fico \u2013 f\u00edkjuh\u00f6ndin sem verndargripur","_yoast_wpseo_metadesc":"Mano fico er f\u00edkjuhandar-verndargripurinn, kreppt hnefi me\u00f0 \u00feumalfingri stungi\u00f0 \u00e1 milli fingra, gegn hinu illa auga. Uppruni og merking \u00fatsk\u00fdr\u00f0.","_yoast_wpseo_meta-robots-noindex":"","_yoast_wpseo_canonical":"","_angie_page":false,"gefaehrdungsstufe":"","wesen_kultur":"","wesen_klasse":"","footnotes":""},"categories":[],"class_list":["post-169209","page","type-page","status-publish","has-post-thumbnail","hentry"],"yoast_head":"<!-- This site is optimized with the Yoast SEO Premium plugin v27.7 (Yoast SEO v28.3) - https:\/\/yoast.com\/product\/yoast-seo-premium-wordpress\/ -->\n<title>Mano fico \u2013 f\u00edkjuh\u00f6ndin sem verndargripur<\/title>\n<meta name=\"description\" content=\"Mano fico er f\u00edkjuhandar-verndargripurinn, kreppt hnefi me\u00f0 \u00feumalfingri stungi\u00f0 \u00e1 milli fingra, gegn hinu illa auga. Uppruni og merking \u00fatsk\u00fdr\u00f0.\" \/>\n<meta name=\"robots\" content=\"index, follow, max-snippet:-1, max-image-preview:large, max-video-preview:-1\" \/>\n<link rel=\"canonical\" href=\"https:\/\/iwell-guard.com\/is\/mano-fico-fikjuhondin-sem-verndargripur\/\" \/>\n<meta property=\"og:locale\" content=\"is_IS\" \/>\n<meta property=\"og:type\" content=\"article\" \/>\n<meta property=\"og:title\" content=\"Mano fico \u2013 f\u00edkjuh\u00f6ndin sem verndargripur\" \/>\n<meta property=\"og:description\" content=\"Mano fico er f\u00edkjuhandar-verndargripurinn, kreppt hnefi me\u00f0 \u00feumalfingri stungi\u00f0 \u00e1 milli fingra, gegn hinu illa auga. Uppruni og merking \u00fatsk\u00fdr\u00f0.\" \/>\n<meta property=\"og:url\" content=\"https:\/\/iwell-guard.com\/is\/mano-fico-fikjuhondin-sem-verndargripur\/\" \/>\n<meta property=\"og:site_name\" content=\"iWell Guard\" \/>\n<meta property=\"article:modified_time\" content=\"2026-09-05T14:35:01+00:00\" \/>\n<meta property=\"og:image\" content=\"https:\/\/iwell-guard.com\/wp-content\/uploads\/2026\/05\/schutzsymbol_italien_mano-fico.webp\" \/>\n\t<meta property=\"og:image:width\" content=\"1024\" \/>\n\t<meta property=\"og:image:height\" content=\"1536\" \/>\n\t<meta property=\"og:image:type\" content=\"image\/webp\" \/>\n<meta name=\"twitter:card\" content=\"summary_large_image\" \/>\n<script type=\"application\/ld+json\" class=\"yoast-schema-graph\">{\"@context\":\"https:\\\/\\\/schema.org\",\"@graph\":[{\"@type\":\"WebPage\",\"@id\":\"https:\\\/\\\/iwell-guard.com\\\/is\\\/mano-fico-fikjuhondin-sem-verndargripur\\\/\",\"url\":\"https:\\\/\\\/iwell-guard.com\\\/is\\\/mano-fico-fikjuhondin-sem-verndargripur\\\/\",\"name\":\"Mano fico \u2013 f\u00edkjuh\u00f6ndin sem verndargripur\",\"isPartOf\":{\"@id\":\"https:\\\/\\\/iwell-guard.com\\\/is\\\/#website\"},\"primaryImageOfPage\":{\"@id\":\"https:\\\/\\\/iwell-guard.com\\\/is\\\/mano-fico-fikjuhondin-sem-verndargripur\\\/#primaryimage\"},\"image\":{\"@id\":\"https:\\\/\\\/iwell-guard.com\\\/is\\\/mano-fico-fikjuhondin-sem-verndargripur\\\/#primaryimage\"},\"thumbnailUrl\":\"https:\\\/\\\/iwell-guard.com\\\/wp-content\\\/uploads\\\/2026\\\/05\\\/schutzsymbol_italien_mano-fico.webp\",\"datePublished\":\"2026-09-05T14:06:30+00:00\",\"dateModified\":\"2026-09-05T14:35:01+00:00\",\"description\":\"Mano fico er f\u00edkjuhandar-verndargripurinn, kreppt hnefi me\u00f0 \u00feumalfingri stungi\u00f0 \u00e1 milli fingra, gegn hinu illa auga. Uppruni og merking \u00fatsk\u00fdr\u00f0.\",\"breadcrumb\":{\"@id\":\"https:\\\/\\\/iwell-guard.com\\\/is\\\/mano-fico-fikjuhondin-sem-verndargripur\\\/#breadcrumb\"},\"inLanguage\":\"is\",\"potentialAction\":[{\"@type\":\"ReadAction\",\"target\":[\"https:\\\/\\\/iwell-guard.com\\\/is\\\/mano-fico-fikjuhondin-sem-verndargripur\\\/\"]}]},{\"@type\":\"ImageObject\",\"inLanguage\":\"is\",\"@id\":\"https:\\\/\\\/iwell-guard.com\\\/is\\\/mano-fico-fikjuhondin-sem-verndargripur\\\/#primaryimage\",\"url\":\"https:\\\/\\\/iwell-guard.com\\\/wp-content\\\/uploads\\\/2026\\\/05\\\/schutzsymbol_italien_mano-fico.webp\",\"contentUrl\":\"https:\\\/\\\/iwell-guard.com\\\/wp-content\\\/uploads\\\/2026\\\/05\\\/schutzsymbol_italien_mano-fico.webp\",\"width\":1024,\"height\":1536,\"caption\":\"Verndart\u00e1kn. Myndskreyting \u00ed safnst\u00edl.\"},{\"@type\":\"BreadcrumbList\",\"@id\":\"https:\\\/\\\/iwell-guard.com\\\/is\\\/mano-fico-fikjuhondin-sem-verndargripur\\\/#breadcrumb\",\"itemListElement\":[{\"@type\":\"ListItem\",\"position\":1,\"name\":\"Start\",\"item\":\"https:\\\/\\\/iwell-guard.com\\\/is\\\/?page_id=168580\"},{\"@type\":\"ListItem\",\"position\":2,\"name\":\"Mano fico \u2013 f\u00edkjuh\u00f6ndin sem verndargripur\"}]},{\"@type\":\"WebSite\",\"@id\":\"https:\\\/\\\/iwell-guard.com\\\/is\\\/#website\",\"url\":\"https:\\\/\\\/iwell-guard.com\\\/is\\\/\",\"name\":\"iWell Guard\",\"description\":\"Schutz vor dunklen Einfl\u00fcssen\",\"publisher\":{\"@id\":\"https:\\\/\\\/iwell-guard.com\\\/is\\\/#organization\"},\"potentialAction\":[{\"@type\":\"SearchAction\",\"target\":{\"@type\":\"EntryPoint\",\"urlTemplate\":\"https:\\\/\\\/iwell-guard.com\\\/is\\\/?s={search_term_string}\"},\"query-input\":{\"@type\":\"PropertyValueSpecification\",\"valueRequired\":true,\"valueName\":\"search_term_string\"}}],\"inLanguage\":\"is\"},{\"@type\":\"Organization\",\"@id\":\"https:\\\/\\\/iwell-guard.com\\\/is\\\/#organization\",\"name\":\"Ittermann electronic GmbH\",\"url\":\"https:\\\/\\\/iwell-guard.com\\\/is\\\/\",\"logo\":{\"@type\":\"ImageObject\",\"inLanguage\":\"is\",\"@id\":\"https:\\\/\\\/iwell-guard.com\\\/is\\\/#\\\/schema\\\/logo\\\/image\\\/\",\"url\":\"https:\\\/\\\/iwell-guard.com\\\/wp-content\\\/uploads\\\/2026\\\/05\\\/Ittermann-Logo-1182x237-1.png\",\"contentUrl\":\"https:\\\/\\\/iwell-guard.com\\\/wp-content\\\/uploads\\\/2026\\\/05\\\/Ittermann-Logo-1182x237-1.png\",\"width\":1182,\"height\":237,\"caption\":\"Ittermann electronic GmbH\"},\"image\":{\"@id\":\"https:\\\/\\\/iwell-guard.com\\\/is\\\/#\\\/schema\\\/logo\\\/image\\\/\"},\"sameAs\":[\"https:\\\/\\\/pantip.com\\\/profile\\\/9367242\",\"https:\\\/\\\/micro.blog\\\/iwellguard\",\"https:\\\/\\\/www.diggerslist.com\\\/iwellguard\\\/about\",\"https:\\\/\\\/skitterphoto.com\\\/photographers\\\/2870314\\\/iwell-guard\",\"https:\\\/\\\/iwellguard.wordpress.com\\\/2026\\\/06\\\/06\\\/iwell-guard\\\/\",\"https:\\\/\\\/hub.docker.com\\\/u\\\/iwellguard\",\"https:\\\/\\\/www.pinterest.com\\\/iwellguard\\\/\",\"https:\\\/\\\/bit.ly\\\/m\\\/iwellguard\",\"https:\\\/\\\/entre-vos-mains.alsace.eu\\\/profiles\\\/iwellguard\\\/activity\",\"https:\\\/\\\/gravatar.com\\\/reallybeded8fd34\",\"https:\\\/\\\/naijamatta.com\\\/iwellguard\",\"https:\\\/\\\/www.goodreads.com\\\/iwellguard\",\"https:\\\/\\\/profile.hatena.ne.jp\\\/iwellguard\\\/\",\"https:\\\/\\\/experiment.com\\\/users\\\/iwellguard\",\"https:\\\/\\\/wakelet.com\\\/@iWellGuard82270\",\"https:\\\/\\\/www.chordie.com\\\/forum\\\/profile.php?id=2555664\",\"https:\\\/\\\/www.instapaper.com\\\/p\\\/17757966\",\"https:\\\/\\\/www.mapleprimes.com\\\/users\\\/iwellguard\",\"https:\\\/\\\/businesslistingplus.com\\\/profile\\\/iwell-guard\\\/\",\"https:\\\/\\\/telegra.ph\\\/iWell-Guard-06-06\",\"https:\\\/\\\/pbase.com\\\/iwellguard\\\/iwellguard\",\"https:\\\/\\\/b.hatena.ne.jp\\\/iwellguard\\\/20260607#bookmark-4788405196491818882\",\"https:\\\/\\\/fliphtml5.com\\\/home\\\/iwellguard\",\"https:\\\/\\\/anyflip.com\\\/homepage\\\/cmiwl#About\",\"https:\\\/\\\/transfur.com\\\/Users\\\/iwellguard\",\"http:\\\/\\\/delphi.larsbo.org\\\/user\\\/iwellguard\",\"https:\\\/\\\/jobs.lajobsportal.org\\\/profiles\\\/8380803-iwell-guard\",\"https:\\\/\\\/md.chaosdorf.de\\\/s\\\/jfbe5SBdJD\",\"https:\\\/\\\/www.lingvolive.com\\\/en-us\\\/profile\\\/9ecaeaca-ce11-4e51-9e71-01d55e2bff36\\\/translations\",\"https:\\\/\\\/www.fitday.com\\\/fitness\\\/forums\\\/members\\\/iwellguard.html\",\"https:\\\/\\\/www.mymeetbook.com\\\/iwellguard\",\"https:\\\/\\\/pxhere.com\\\/en\\\/photographer-me\\\/5040798\",\"https:\\\/\\\/disqus.com\\\/by\\\/iwellguard\\\/about\\\/\",\"https:\\\/\\\/pastelink.net\\\/hjwciqwq\",\"https:\\\/\\\/pubhtml5.com\\\/homepage\\\/scjhn\\\/\",\"https:\\\/\\\/www.bitchute.com\\\/channel\\\/2O2eOKzNqujT\",\"https:\\\/\\\/audiomack.com\\\/iwellguard\"]}]}<\/script>\n<!-- \/ Yoast SEO Premium plugin. -->","yoast_head_json":{"title":"Mano fico \u2013 f\u00edkjuh\u00f6ndin sem verndargripur","description":"Mano fico er f\u00edkjuhandar-verndargripurinn, kreppt hnefi me\u00f0 \u00feumalfingri stungi\u00f0 \u00e1 milli fingra, gegn hinu illa auga. Uppruni og merking \u00fatsk\u00fdr\u00f0.","robots":{"index":"index","follow":"follow","max-snippet":"max-snippet:-1","max-image-preview":"max-image-preview:large","max-video-preview":"max-video-preview:-1"},"canonical":"https:\/\/iwell-guard.com\/is\/mano-fico-fikjuhondin-sem-verndargripur\/","og_locale":"is_IS","og_type":"article","og_title":"Mano fico \u2013 f\u00edkjuh\u00f6ndin sem verndargripur","og_description":"Mano fico er f\u00edkjuhandar-verndargripurinn, kreppt hnefi me\u00f0 \u00feumalfingri stungi\u00f0 \u00e1 milli fingra, gegn hinu illa auga. Uppruni og merking \u00fatsk\u00fdr\u00f0.","og_url":"https:\/\/iwell-guard.com\/is\/mano-fico-fikjuhondin-sem-verndargripur\/","og_site_name":"iWell Guard","article_modified_time":"2026-09-05T14:35:01+00:00","og_image":[{"width":1024,"height":1536,"url":"https:\/\/iwell-guard.com\/wp-content\/uploads\/2026\/05\/schutzsymbol_italien_mano-fico.webp","type":"image\/webp"}],"twitter_card":"summary_large_image","schema":{"@context":"https:\/\/schema.org","@graph":[{"@type":"WebPage","@id":"https:\/\/iwell-guard.com\/is\/mano-fico-fikjuhondin-sem-verndargripur\/","url":"https:\/\/iwell-guard.com\/is\/mano-fico-fikjuhondin-sem-verndargripur\/","name":"Mano fico \u2013 f\u00edkjuh\u00f6ndin sem verndargripur","isPartOf":{"@id":"https:\/\/iwell-guard.com\/is\/#website"},"primaryImageOfPage":{"@id":"https:\/\/iwell-guard.com\/is\/mano-fico-fikjuhondin-sem-verndargripur\/#primaryimage"},"image":{"@id":"https:\/\/iwell-guard.com\/is\/mano-fico-fikjuhondin-sem-verndargripur\/#primaryimage"},"thumbnailUrl":"https:\/\/iwell-guard.com\/wp-content\/uploads\/2026\/05\/schutzsymbol_italien_mano-fico.webp","datePublished":"2026-09-05T14:06:30+00:00","dateModified":"2026-09-05T14:35:01+00:00","description":"Mano fico er f\u00edkjuhandar-verndargripurinn, kreppt hnefi me\u00f0 \u00feumalfingri stungi\u00f0 \u00e1 milli fingra, gegn hinu illa auga. Uppruni og merking \u00fatsk\u00fdr\u00f0.","breadcrumb":{"@id":"https:\/\/iwell-guard.com\/is\/mano-fico-fikjuhondin-sem-verndargripur\/#breadcrumb"},"inLanguage":"is","potentialAction":[{"@type":"ReadAction","target":["https:\/\/iwell-guard.com\/is\/mano-fico-fikjuhondin-sem-verndargripur\/"]}]},{"@type":"ImageObject","inLanguage":"is","@id":"https:\/\/iwell-guard.com\/is\/mano-fico-fikjuhondin-sem-verndargripur\/#primaryimage","url":"https:\/\/iwell-guard.com\/wp-content\/uploads\/2026\/05\/schutzsymbol_italien_mano-fico.webp","contentUrl":"https:\/\/iwell-guard.com\/wp-content\/uploads\/2026\/05\/schutzsymbol_italien_mano-fico.webp","width":1024,"height":1536,"caption":"Verndart\u00e1kn. Myndskreyting \u00ed safnst\u00edl."},{"@type":"BreadcrumbList","@id":"https:\/\/iwell-guard.com\/is\/mano-fico-fikjuhondin-sem-verndargripur\/#breadcrumb","itemListElement":[{"@type":"ListItem","position":1,"name":"Start","item":"https:\/\/iwell-guard.com\/is\/?page_id=168580"},{"@type":"ListItem","position":2,"name":"Mano fico \u2013 f\u00edkjuh\u00f6ndin sem verndargripur"}]},{"@type":"WebSite","@id":"https:\/\/iwell-guard.com\/is\/#website","url":"https:\/\/iwell-guard.com\/is\/","name":"iWell Guard","description":"Schutz vor dunklen Einfl\u00fcssen","publisher":{"@id":"https:\/\/iwell-guard.com\/is\/#organization"},"potentialAction":[{"@type":"SearchAction","target":{"@type":"EntryPoint","urlTemplate":"https:\/\/iwell-guard.com\/is\/?s={search_term_string}"},"query-input":{"@type":"PropertyValueSpecification","valueRequired":true,"valueName":"search_term_string"}}],"inLanguage":"is"},{"@type":"Organization","@id":"https:\/\/iwell-guard.com\/is\/#organization","name":"Ittermann electronic GmbH","url":"https:\/\/iwell-guard.com\/is\/","logo":{"@type":"ImageObject","inLanguage":"is","@id":"https:\/\/iwell-guard.com\/is\/#\/schema\/logo\/image\/","url":"https:\/\/iwell-guard.com\/wp-content\/uploads\/2026\/05\/Ittermann-Logo-1182x237-1.png","contentUrl":"https:\/\/iwell-guard.com\/wp-content\/uploads\/2026\/05\/Ittermann-Logo-1182x237-1.png","width":1182,"height":237,"caption":"Ittermann electronic GmbH"},"image":{"@id":"https:\/\/iwell-guard.com\/is\/#\/schema\/logo\/image\/"},"sameAs":["https:\/\/pantip.com\/profile\/9367242","https:\/\/micro.blog\/iwellguard","https:\/\/www.diggerslist.com\/iwellguard\/about","https:\/\/skitterphoto.com\/photographers\/2870314\/iwell-guard","https:\/\/iwellguard.wordpress.com\/2026\/06\/06\/iwell-guard\/","https:\/\/hub.docker.com\/u\/iwellguard","https:\/\/www.pinterest.com\/iwellguard\/","https:\/\/bit.ly\/m\/iwellguard","https:\/\/entre-vos-mains.alsace.eu\/profiles\/iwellguard\/activity","https:\/\/gravatar.com\/reallybeded8fd34","https:\/\/naijamatta.com\/iwellguard","https:\/\/www.goodreads.com\/iwellguard","https:\/\/profile.hatena.ne.jp\/iwellguard\/","https:\/\/experiment.com\/users\/iwellguard","https:\/\/wakelet.com\/@iWellGuard82270","https:\/\/www.chordie.com\/forum\/profile.php?id=2555664","https:\/\/www.instapaper.com\/p\/17757966","https:\/\/www.mapleprimes.com\/users\/iwellguard","https:\/\/businesslistingplus.com\/profile\/iwell-guard\/","https:\/\/telegra.ph\/iWell-Guard-06-06","https:\/\/pbase.com\/iwellguard\/iwellguard","https:\/\/b.hatena.ne.jp\/iwellguard\/20260607#bookmark-4788405196491818882","https:\/\/fliphtml5.com\/home\/iwellguard","https:\/\/anyflip.com\/homepage\/cmiwl#About","https:\/\/transfur.com\/Users\/iwellguard","http:\/\/delphi.larsbo.org\/user\/iwellguard","https:\/\/jobs.lajobsportal.org\/profiles\/8380803-iwell-guard","https:\/\/md.chaosdorf.de\/s\/jfbe5SBdJD","https:\/\/www.lingvolive.com\/en-us\/profile\/9ecaeaca-ce11-4e51-9e71-01d55e2bff36\/translations","https:\/\/www.fitday.com\/fitness\/forums\/members\/iwellguard.html","https:\/\/www.mymeetbook.com\/iwellguard","https:\/\/pxhere.com\/en\/photographer-me\/5040798","https:\/\/disqus.com\/by\/iwellguard\/about\/","https:\/\/pastelink.net\/hjwciqwq","https:\/\/pubhtml5.com\/homepage\/scjhn\/","https:\/\/www.bitchute.com\/channel\/2O2eOKzNqujT","https:\/\/audiomack.com\/iwellguard"]}]}},"_links":{"self":[{"href":"https:\/\/iwell-guard.com\/is\/wp-json\/wp\/v2\/pages\/169209","targetHints":{"allow":["GET"]}}],"collection":[{"href":"https:\/\/iwell-guard.com\/is\/wp-json\/wp\/v2\/pages"}],"about":[{"href":"https:\/\/iwell-guard.com\/is\/wp-json\/wp\/v2\/types\/page"}],"author":[{"embeddable":true,"href":"https:\/\/iwell-guard.com\/is\/wp-json\/wp\/v2\/users\/3"}],"replies":[{"embeddable":true,"href":"https:\/\/iwell-guard.com\/is\/wp-json\/wp\/v2\/comments?post=169209"}],"version-history":[{"count":0,"href":"https:\/\/iwell-guard.com\/is\/wp-json\/wp\/v2\/pages\/169209\/revisions"}],"wp:featuredmedia":[{"embeddable":true,"href":"https:\/\/iwell-guard.com\/is\/wp-json\/wp\/v2\/media\/3474"}],"wp:attachment":[{"href":"https:\/\/iwell-guard.com\/is\/wp-json\/wp\/v2\/media?parent=169209"}],"wp:term":[{"taxonomy":"category","embeddable":true,"href":"https:\/\/iwell-guard.com\/is\/wp-json\/wp\/v2\/categories?post=169209"}],"curies":[{"name":"wp","href":"https:\/\/api.w.org\/{rel}","templated":true}]}}