{"id":169207,"date":"2026-09-05T14:06:29","date_gmt":"2026-09-05T14:06:29","guid":{"rendered":"https:\/\/iwell-guard.com\/?page_id=169207"},"modified":"2026-09-05T14:34:57","modified_gmt":"2026-09-05T14:34:57","slug":"cornicello-italska-hornaskrautid","status":"publish","type":"page","link":"https:\/\/iwell-guard.com\/is\/cornicello-italska-hornaskrautid\/","title":{"rendered":"Cornicello \u2013 \u00edtalska hornaskrauti\u00f0"},"content":{"rendered":"\t\t<div data-elementor-type=\"wp-page\" data-elementor-id=\"169207\" class=\"elementor elementor-169207 elementor-3699 elementor-bc-flex-widget\" data-elementor-post-type=\"page\">\n\t\t\t\t<div class=\"elementor-element elementor-element-iwgs-cornicello-hero e-flex e-con-boxed e-con e-parent\" data-id=\"iwgs-cornicello-hero\" data-element_type=\"container\" data-e-type=\"container\">\n\t\t\t\t\t<div class=\"e-con-inner\">\n\t\t<div class=\"elementor-element elementor-element-iwgs-cornicello-hl e-flex e-con-boxed e-con e-parent\" data-id=\"iwgs-cornicello-hl\" data-element_type=\"container\" data-e-type=\"container\">\n\t\t\t\t\t<div class=\"e-con-inner\">\n\t\t<div class=\"elementor-element elementor-element-iwgs-cornicello-hlbox e-con-full e-flex e-con e-parent\" data-id=\"iwgs-cornicello-hlbox\" data-element_type=\"container\" data-e-type=\"container\">\n\t\t\t\t<div class=\"elementor-element elementor-element-iwgs-cornicello-h1 elementor-widget elementor-widget-heading\" data-id=\"iwgs-cornicello-h1\" data-element_type=\"widget\" data-e-type=\"widget\" data-widget_type=\"heading.default\">\n\t\t\t\t\t<h1 class=\"elementor-heading-title elementor-size-default\">Cornicello \u2013 rau\u00f0a hornaskrauti\u00f0 gegn illu auga<\/h1>\t\t\t\t<\/div>\n\t\t\t\t<div class=\"elementor-element elementor-element-iwgs-cornicello-lead elementor-widget elementor-widget-text-editor\" data-id=\"iwgs-cornicello-lead\" data-element_type=\"widget\" data-e-type=\"widget\" data-widget_type=\"text-editor.default\">\n\t\t\t\t\t\t\t\t\t<p>Cornicello er l\u00edti\u00f0 hornlaga <span class=\"iwg-fachbegriff\" data-tooltip=\"Hlutur sem borinn er \u00e1 l\u00edkamanum og talinn hafa verndandi, \u00f3g\u00e6fuvarnandi \u00e1hrif.\" tabindex=\"0\">verndargripur<\/span> fr\u00e1 \u00edt\u00f6lsku menningarsv\u00e6\u00f0i. \u00cd sinni \u00feekktustu mynd er hann rau\u00f0ur, \u00f6rl\u00edti\u00f0 bogadreginn og oddhvass \u00ed annan endann. Hann er talinn verja gegn illu auga og f\u00e6ra g\u00e6fu. \u00cdtalska hornaskrauti\u00f0 er \u00ed sinni rau\u00f0u, \u00f6rl\u00edti\u00f0 bogadregnu mynd tali\u00f0 vernd gegn illu auga.<\/p>\t\t\t\t\t\t\t\t<\/div>\n\t\t\t\t<\/div>\n\t\t\t\t<div class=\"elementor-element elementor-element-iwgs-cornicello-pills elementor-widget elementor-widget-html\" data-id=\"iwgs-cornicello-pills\" data-element_type=\"widget\" data-e-type=\"widget\" data-widget_type=\"html.default\">\n\t\t\t\t\t<div class=\"iwg-pill-row\"><span class=\"iwg-klasse-badge\" tabindex=\"0\" data-tooltip=\"Verndart\u00e1kn, verndargripur e\u00f0a ap\u00f3tr\u00f3pa\u00edskur hlutur.\">Verndart\u00e1kn<\/span><a href=\"https:\/\/iwell-guard.com\/is\/verndartakn\/\" class=\"iwg-kultur-badge\" tabindex=\"0\" data-tooltip=\"Verndarhef\u00f0: Mi\u00f0jar\u00f0arhafssv\u00e6\u00f0i\u00f0\">Mi\u00f0jar\u00f0arhafssv\u00e6\u00f0i\u00f0<\/a><span class=\"iwg-tradition-badge\" tabindex=\"0\" data-tooltip=\"Hlutur e\u00f0a t\u00e1kn sem er \u00e6tla\u00f0 a\u00f0 verjast \u00f3heillum og ska\u00f0legum \u00e1hrifum.\">Ap\u00f3tr\u00f3pa\u00edkon<\/span><\/div>\t\t\t\t<\/div>\n\t\t\t\t\t<\/div>\n\t\t\t\t<\/div>\n\t\t<div class=\"elementor-element elementor-element-iwgs-cornicello-hr e-con-full e-flex e-con e-parent\" data-id=\"iwgs-cornicello-hr\" data-element_type=\"container\" data-e-type=\"container\">\n\t\t\t\t<div class=\"elementor-element elementor-element-iwgs-cornicello-himg iwg-hero-image elementor-widget elementor-widget-image\" data-id=\"iwgs-cornicello-himg\" data-element_type=\"widget\" data-e-type=\"widget\" data-widget_type=\"image.default\">\n\t\t\t\t\t\t\t\t\t\t\t\t\t\t\t<img fetchpriority=\"high\" decoding=\"async\" width=\"683\" height=\"1024\" src=\"https:\/\/iwell-guard.com\/wp-content\/uploads\/2026\/05\/schutzsymbol_italien_cornicello-1-683x1024.webp\" class=\"attachment-large size-large wp-image-170581\" alt=\"Cornicello \u2013 verndargripur, safnfr\u00e6\u00f0ileg mynd\" srcset=\"https:\/\/iwell-guard.com\/wp-content\/uploads\/2026\/05\/schutzsymbol_italien_cornicello-1-683x1024.webp 683w, https:\/\/iwell-guard.com\/wp-content\/uploads\/2026\/05\/schutzsymbol_italien_cornicello-1-200x300.webp 200w, https:\/\/iwell-guard.com\/wp-content\/uploads\/2026\/05\/schutzsymbol_italien_cornicello-1-768x1152.webp 768w, https:\/\/iwell-guard.com\/wp-content\/uploads\/2026\/05\/schutzsymbol_italien_cornicello-1.webp 1024w\" sizes=\"(max-width: 683px) 100vw, 683px\" \/>\t\t\t\t\t\t\t\t\t\t\t\t\t\t\t<\/div>\n\t\t\t\t<\/div>\n\t\t\t\t\t<\/div>\n\t\t\t\t<\/div>\n\t\t<div class=\"elementor-element elementor-element-iwgs-cornicello-s0 e-flex e-con-boxed e-con e-parent\" data-id=\"iwgs-cornicello-s0\" data-element_type=\"container\" data-e-type=\"container\">\n\t\t\t\t\t<div class=\"e-con-inner\">\n\t\t\t\t<div class=\"elementor-element elementor-element-iwgs-cornicello-s0h elementor-widget elementor-widget-heading\" data-id=\"iwgs-cornicello-s0h\" data-element_type=\"widget\" data-e-type=\"widget\" data-widget_type=\"heading.default\">\n\t\t\t\t\t<h2 class=\"elementor-heading-title elementor-size-default\">Yfirlit<\/h2>\t\t\t\t<\/div>\n\t\t<div class=\"elementor-element elementor-element-iwgs-cornicello-s0box e-con-full e-flex e-con e-parent\" data-id=\"iwgs-cornicello-s0box\" data-element_type=\"container\" data-e-type=\"container\">\n\t\t\t\t<div class=\"elementor-element elementor-element-iwgs-cornicello-s0t elementor-widget elementor-widget-text-editor\" data-id=\"iwgs-cornicello-s0t\" data-element_type=\"widget\" data-e-type=\"widget\" data-widget_type=\"text-editor.default\">\n\t\t\t\t\t\t\t\t\t<p>Cornicello er verndargripur fr\u00e1 \u00edt\u00f6lsku menningarsv\u00e6\u00f0i, s\u00e9rstaklega fr\u00e1 su\u00f0urhluta skagans og fr\u00e1 Nap\u00f3l\u00ed. Nafni\u00f0 \u00fe\u00fd\u00f0ir l\u00edti\u00f0 horn og l\u00fdsir beint formi gripsins. Hann er me\u00f0al \u00feekktustu <a href=\"https:\/\/iwell-guard.com\/is\/verndartakn\/\">verndart\u00e1kna<\/a> Mi\u00f0jar\u00f0arhafssv\u00e6\u00f0isins.<\/p><p>\u00cd sinni \u00fatbreiddustu mynd er cornicello rautt, sl\u00e9tt, \u00f6rl\u00edti\u00f0 bogadregi\u00f0 og oddhvasst \u00ed annan endann. \u00dea\u00f0 l\u00edkist \u00feunnu, vindulaga d\u00fdrahorni e\u00f0a chil\u00ed-aldini. \u00deetta form hefur haldist \u00f3breytt kynsl\u00f3\u00f0 eftir kynsl\u00f3\u00f0.<\/p><p>Cornicello er bori\u00f0 sem hengiskraut \u00e1 ke\u00f0ju, g\u00e6fumerki \u00e1 lyklakippu e\u00f0a l\u00edtill hlutur \u00e1 heimilinu og \u00ed \u00f6kut\u00e6kinu. \u00cd \u00f6llum \u00feessum myndum fylgir \u00fea\u00f0 eiganda s\u00ednum gegnum daglegt l\u00edf.<\/p><p>Meginhlutverk \u00feess er a\u00f0 verjast illu auga, sem \u00e1 \u00cdtal\u00edu er kalla\u00f0 malocchio. A\u00f0 auki er cornicello almennt tali\u00f0 t\u00e1kn g\u00f3\u00f0rar g\u00e6fu og hagst\u00e6\u00f0rar breytingar \u00e1 a\u00f0st\u00e6\u00f0um.<\/p><p>\u00cd <span class=\"iwg-fachbegriff\" data-tooltip=\"Fr\u00e6\u00f0igrein sem rannsakar tr\u00faarbr\u00f6g\u00f0 samanbur\u00f0arlega og \u00e1n tr\u00faarlegrar bindingar.\" tabindex=\"0\">tr\u00faarbrag\u00f0afr\u00e6\u00f0i<\/span> og <span class=\"iwg-fachbegriff\" data-tooltip=\"Fr\u00e6\u00f0igrein sem rannsakar hversdagsmenningu, si\u00f0i og hef\u00f0bundnar hugmyndir.\" tabindex=\"0\">\u00fej\u00f3\u00f0h\u00e1ttafr\u00e6\u00f0i<\/span> er cornicello vel rannsaka\u00f0 d\u00e6mi um verndandi <span class=\"iwg-fachbegriff\" data-tooltip=\"Hlutur sem borinn er \u00e1 l\u00edkamanum og talinn hafa verndandi, \u00f3g\u00e6fuvarnandi \u00e1hrif.\" tabindex=\"0\">verndargrip<\/span>, sem \u00e1 r\u00e6tur \u00ed fornu d\u00fdrat\u00e1kni og hefur haldist lifandi allt til n\u00fat\u00edmans.<\/p><p>\u00deessi s\u00ed\u00f0a fjallar um cornicello \u00fat fr\u00e1 verndarsj\u00f3narmi\u00f0i. H\u00fan l\u00fdsir formi \u00feess, uppruna, notkun gegn illu auga og st\u00f6\u00f0u \u00feess vi\u00f0 hli\u00f0 tengdra verndargripa Mi\u00f0jar\u00f0arhafssv\u00e6\u00f0isins.<\/p>\t\t\t\t\t\t\t\t<\/div>\n\t\t\t\t<\/div>\n\t\t\t\t\t<\/div>\n\t\t\t\t<\/div>\n\t\t<div class=\"elementor-element elementor-element-iwgs-cornicello-s1 e-flex e-con-boxed e-con e-parent\" data-id=\"iwgs-cornicello-s1\" data-element_type=\"container\" data-e-type=\"container\">\n\t\t\t\t\t<div class=\"e-con-inner\">\n\t\t\t\t<div class=\"elementor-element elementor-element-iwgs-cornicello-s1h elementor-widget elementor-widget-heading\" data-id=\"iwgs-cornicello-s1h\" data-element_type=\"widget\" data-e-type=\"widget\" data-widget_type=\"heading.default\">\n\t\t\t\t\t<h2 class=\"elementor-heading-title elementor-size-default\">Form og ger\u00f0<\/h2>\t\t\t\t<\/div>\n\t\t<div class=\"elementor-element elementor-element-iwgs-cornicello-s1box e-con-full e-flex e-con e-parent\" data-id=\"iwgs-cornicello-s1box\" data-element_type=\"container\" data-e-type=\"container\">\n\t\t\t\t<div class=\"elementor-element elementor-element-iwgs-cornicello-s1t elementor-widget elementor-widget-text-editor\" data-id=\"iwgs-cornicello-s1t\" data-element_type=\"widget\" data-e-type=\"widget\" data-widget_type=\"text-editor.default\">\n\t\t\t\t\t\t\t\t\t<p>Ger\u00f0 cornicello er sk\u00fdrt afm\u00f6rku\u00f0. \u00dea\u00f0 er \u00feunnt, langt form sem sm\u00e6kkar fr\u00e1 brei\u00f0ari enda \u00ed f\u00ednan odd og myndar samt\u00edmis mj\u00faka bug\u00f0u.<\/p><p>Einkennandi litur \u00feess er sterkur rau\u00f0ur litur. \u00deessi litur er sj\u00e1lfur talinn verndandi og er \u00ed m\u00f6rgum menningarheimum tengdur v\u00f6rn og l\u00edfskrafti. Rau\u00f0a cornicello er \u00feekktasta \u00fatg\u00e1fan, en ekki s\u00fa eina.<\/p><p>Cornicello er gert \u00far \u00fdmsum efnum. Algeng eru k\u00f3rall, rau\u00f0lita\u00f0 gler, plast og e\u00f0alm\u00e1lmar \u00e1 bor\u00f0 vi\u00f0 silfur og gull. Rau\u00f0ur k\u00f3rall \u00fe\u00f3tti lengi vel s\u00e9rstaklega \u00e1hrifamiki\u00f0 efni.<\/p><p>St\u00e6r\u00f0in er mj\u00f6g breytileg. Til eru mj\u00f6g litlir hengir, a\u00f0eins f\u00e1ir sent\u00edmetrar \u00e1 lengd, sem og st\u00e6rri stykki sem hengd eru upp \u00e1 heimilinu. Grunnformi\u00f0 er samt sama \u00f3h\u00e1\u00f0 st\u00e6r\u00f0.<\/p><p>Efri endinn er oft me\u00f0 l\u00edtilli lykkju e\u00f0a hettu sem <span class=\"iwg-fachbegriff\" data-tooltip=\"Hlutur sem borinn er \u00e1 l\u00edkamanum og talinn hafa verndandi, \u00f3g\u00e6fuvarnandi \u00e1hrif.\" tabindex=\"0\">verndargripurinn<\/span> er festur \u00e1 ke\u00f0ju me\u00f0. S\u00fa umgj\u00f6r\u00f0 er stundum listilega unnin og b\u00fain frekari t\u00e1knum.<\/p><p>Form cornicello er \u00feannig einfalt og eftirminnilegt. \u00deessi einfaldleiki hefur \u00e1tt sinn \u00fe\u00e1tt \u00ed \u00fev\u00ed a\u00f0 <span class=\"iwg-fachbegriff\" data-tooltip=\"Hlutur sem borinn er \u00e1 l\u00edkamanum og talinn hafa verndandi, \u00f3g\u00e6fuvarnandi \u00e1hrif.\" tabindex=\"0\">verndargripurinn<\/span> hefur haldist au\u00f0kennilegur um langan t\u00edma og var au\u00f0velt a\u00f0 framlei\u00f0a.<\/p>\t\t\t\t\t\t\t\t<\/div>\n\t\t\t\t<\/div>\n\t\t\t\t\t<\/div>\n\t\t\t\t<\/div>\n\t\t<div class=\"elementor-element elementor-element-iwgs-cornicello-s2 e-flex e-con-boxed e-con e-parent\" data-id=\"iwgs-cornicello-s2\" data-element_type=\"container\" data-e-type=\"container\">\n\t\t\t\t\t<div class=\"e-con-inner\">\n\t\t\t\t<div class=\"elementor-element elementor-element-iwgs-cornicello-s2h elementor-widget elementor-widget-heading\" data-id=\"iwgs-cornicello-s2h\" data-element_type=\"widget\" data-e-type=\"widget\" data-widget_type=\"heading.default\">\n\t\t\t\t\t<h2 class=\"elementor-heading-title elementor-size-default\">Uppruni hornsminnisins<\/h2>\t\t\t\t<\/div>\n\t\t<div class=\"elementor-element elementor-element-iwgs-cornicello-s2box e-con-full e-flex e-con e-parent\" data-id=\"iwgs-cornicello-s2box\" data-element_type=\"container\" data-e-type=\"container\">\n\t\t\t\t<div class=\"elementor-element elementor-element-iwgs-cornicello-s2t elementor-widget elementor-widget-text-editor\" data-id=\"iwgs-cornicello-s2t\" data-element_type=\"widget\" data-e-type=\"widget\" data-widget_type=\"text-editor.default\">\n\t\t\t\t\t\t\t\t\t<p>Form cornicello m\u00e1 rekja til horns d\u00fdra. Horni\u00f0 er fornt <span class=\"iwg-fachbegriff\" data-tooltip=\"Endurteki\u00f0 innihaldsatri\u00f0i \u00ed list e\u00f0a fr\u00e1s\u00f6gn.\" tabindex=\"0\">minni<\/span> af Mi\u00f0jar\u00f0arhafssv\u00e6\u00f0inu, sem tengt var krafti, frj\u00f3semi og v\u00f6rn.<\/p><p>Horn tilheyr\u00f0u \u00ed m\u00f6rgum fornum menningarheimum \u00fatb\u00fana\u00f0i helgista\u00f0a og verndarsi\u00f0a. \u00deau t\u00e1knu\u00f0u styrk \u00feess d\u00fdrs sem \u00feau komu af og voru talin merki um vi\u00f0n\u00e1msh\u00e6fan l\u00edfskraft.<\/p><p>Fr\u00e6\u00f0in tengja cornicello vi\u00f0 \u00feessa l\u00f6ngu hef\u00f0 hornsminnisins. \u00cd hva\u00f0a n\u00e1kv\u00e6mu skrefi d\u00fdrahorni\u00f0 breyttist \u00ed l\u00edtinn borinn <span class=\"iwg-fachbegriff\" data-tooltip=\"Hlutur sem borinn er \u00e1 l\u00edkamanum og talinn hafa verndandi, \u00f3g\u00e6fuvarnandi \u00e1hrif.\" tabindex=\"0\">verndargrip<\/span> er ekki unnt a\u00f0 s\u00fdna fram \u00e1 fyllilega. Hinn h\u00e1aldri minnisins sj\u00e1lfs er \u00fe\u00f3 talinn \u00f6ruggur.<\/p><p>\u00c1 \u00edt\u00f6lsku menningarsv\u00e6\u00f0i \u00fer\u00f3a\u00f0ist n\u00faverandi ger\u00f0 \u00fat fr\u00e1 \u00feessum bakgrunni. \u00deunna, rau\u00f0a, bogadregna horni\u00f0 var\u00f0 fastm\u00f3ta\u00f0 form verndargripsins eins og hann er \u00feekktur \u00ed dag.<\/p><p>Sannast a\u00f0 segja er saga cornicello myrk \u00ed m\u00f6rgum sm\u00e1atri\u00f0um. \u00d6ruggt er a\u00f0 hornsminni\u00f0 er fornt. \u00d3slitna l\u00ednu fr\u00e1 <span class=\"iwg-fachbegriff\" data-tooltip=\"T\u00edmabil gr\u00edskrar og r\u00f3mverskrar menningar, um 800 f.Kr. til 600 e.Kr.\" tabindex=\"0\">forn\u00f6ld<\/span> til n\u00fat\u00edmahengisins er hins vegar ekki unnt a\u00f0 rekja \u00ed hverju skrefi.<\/p><p>Cornicello er \u00feannig <span class=\"iwg-fachbegriff\" data-tooltip=\"Hlutur sem borinn er \u00e1 l\u00edkamanum og talinn hafa verndandi, \u00f3g\u00e6fuvarnandi \u00e1hrif.\" tabindex=\"0\">verndargripur<\/span> me\u00f0 fornar r\u00e6tur og yngri fastm\u00f3ta\u00f0a ger\u00f0. M\u00e1lefnaleg framsetning nefnir b\u00e6\u00f0i, hi\u00f0 forna <span class=\"iwg-fachbegriff\" data-tooltip=\"Endurteki\u00f0 innihaldsatri\u00f0i \u00ed list e\u00f0a fr\u00e1s\u00f6gn.\" tabindex=\"0\">minni<\/span> og hina ekki fullkomlega s\u00f6nnu\u00f0u \u00fer\u00f3unarl\u00ednu til n\u00fat\u00edmans.<\/p>\t\t\t\t\t\t\t\t<\/div>\n\t\t\t\t<\/div>\n\t\t\t\t\t<\/div>\n\t\t\t\t<\/div>\n\t\t<div class=\"elementor-element elementor-element-iwgs-cornicello-s3 e-flex e-con-boxed e-con e-parent\" data-id=\"iwgs-cornicello-s3\" data-element_type=\"container\" data-e-type=\"container\">\n\t\t\t\t\t<div class=\"e-con-inner\">\n\t\t\t\t<div class=\"elementor-element elementor-element-iwgs-cornicello-s3h elementor-widget elementor-widget-heading\" data-id=\"iwgs-cornicello-s3h\" data-element_type=\"widget\" data-e-type=\"widget\" data-widget_type=\"heading.default\">\n\t\t\t\t\t<h2 class=\"elementor-heading-title elementor-size-default\">Illa auga\u00f0 og v\u00f6rn gegn \u00fev\u00ed<\/h2>\t\t\t\t<\/div>\n\t\t<div class=\"elementor-element elementor-element-iwgs-cornicello-s3box e-con-full e-flex e-con e-parent\" data-id=\"iwgs-cornicello-s3box\" data-element_type=\"container\" data-e-type=\"container\">\n\t\t\t\t<div class=\"elementor-element elementor-element-iwgs-cornicello-s3t elementor-widget elementor-widget-text-editor\" data-id=\"iwgs-cornicello-s3t\" data-element_type=\"widget\" data-e-type=\"widget\" data-widget_type=\"text-editor.default\">\n\t\t\t\t\t\t\t\t\t<p>Meginhlutverk cornicello er a\u00f0 verjast gegn illu auga. \u00c1 \u00edt\u00f6lsku sv\u00e6\u00f0um er \u00feetta \u00feekkt undir nafninu Malocchio, sem \u00fe\u00fd\u00f0ir b\u00f3kstaflega illt auga.<\/p><p>Samkv\u00e6mt \u00feessari hugmynd getur augnar\u00e1\u00f0 valdi\u00f0 ska\u00f0a. Illt auga er oft tengt \u00f6fund. S\u00e1 sem l\u00edtur \u00e1 annan me\u00f0 \u00f3drengskap getur samkv\u00e6mt \u00feessari <span class=\"iwg-fachbegriff\" data-tooltip=\"Mi\u00f0lun \u00feekkingar og sagna \u00e1 milli kynsl\u00f3\u00f0a.\" tabindex=\"0\">munnm\u00e6las\u00f6gu<\/span> valdi\u00f0 honum ska\u00f0a \u00f3afvitandi.<\/p><p>Tr\u00fain \u00e1 illt auga er \u00fatbreidd um allt Mi\u00f0jar\u00f0arhafssv\u00e6\u00f0i\u00f0. Henni er ger\u00f0 \u00edtarleg skil \u00e1 s\u00ed\u00f0unni um <a href=\"https:\/\/iwell-guard.com\/is\/illt-auga\/\">illt auga<\/a>, og h\u00fan myndar bakgrunn margra verndargripa \u00e1 \u00feessu sv\u00e6\u00f0i.<\/p><p>Cornicello er verndargripur sem stendur gegn \u00feessari tr\u00fa. S\u00e1 sem ber \u00fea\u00f0 er samkv\u00e6mt <span class=\"iwg-fachbegriff\" data-tooltip=\"Mi\u00f0lun \u00feekkingar og sagna \u00e1 milli kynsl\u00f3\u00f0a.\" tabindex=\"0\">munnm\u00e6las\u00f6gunni<\/span> varinn gegn Malocchio, hvort sem \u00fea\u00f0 stafar af \u00f6fund e\u00f0a \u00f3vark\u00e1rri a\u00f0d\u00e1un.<\/p><p><span class=\"iwg-fachbegriff\" data-tooltip=\"Hlutur sem borinn er \u00e1 l\u00edkamanum og talinn hafa verndandi, \u00f3g\u00e6fuafst\u00fdrandi m\u00e1tt.\" tabindex=\"0\">Verndargripurinn<\/span> var einkum nota\u00f0ur \u00fear sem f\u00f3lk fann til varnarleysis, svo sem b\u00f6rn, \u00feunga\u00f0ar konur e\u00f0a \u00feeir sem h\u00f6f\u00f0u g\u00f3\u00f0a heppni og g\u00e1tu \u00feannig vaki\u00f0 \u00f6fund.<\/p><p>Cornicello er \u00feannig r\u00e6kilega tengt tr\u00fanni \u00e1 illt auga. \u00c1n \u00feessa bakgrunns er ekki unnt a\u00f0 skilja merkingu \u00feess. \u00dea\u00f0 er verndargripur sem veitir s\u00fdnilegt svar vi\u00f0 \u00fatbreiddri \u00f3gn.<\/p>\t\t\t\t\t\t\t\t<\/div>\n\t\t\t\t<\/div>\n\t\t\t\t\t<\/div>\n\t\t\t\t<\/div>\n\t\t<div class=\"elementor-element elementor-element-iwgs-cornicello-s4 e-flex e-con-boxed e-con e-parent\" data-id=\"iwgs-cornicello-s4\" data-element_type=\"container\" data-e-type=\"container\">\n\t\t\t\t\t<div class=\"e-con-inner\">\n\t\t\t\t<div class=\"elementor-element elementor-element-iwgs-cornicello-s4h elementor-widget elementor-widget-heading\" data-id=\"iwgs-cornicello-s4h\" data-element_type=\"widget\" data-e-type=\"widget\" data-widget_type=\"heading.default\">\n\t\t\t\t\t<h2 class=\"elementor-heading-title elementor-size-default\">Verkunarm\u00e1ttur cornicello<\/h2>\t\t\t\t<\/div>\n\t\t<div class=\"elementor-element elementor-element-iwgs-cornicello-s4box e-con-full e-flex e-con e-parent\" data-id=\"iwgs-cornicello-s4box\" data-element_type=\"container\" data-e-type=\"container\">\n\t\t\t\t<div class=\"elementor-element elementor-element-iwgs-cornicello-s4t elementor-widget elementor-widget-text-editor\" data-id=\"iwgs-cornicello-s4t\" data-element_type=\"widget\" data-e-type=\"widget\" data-widget_type=\"text-editor.default\">\n\t\t\t\t\t\t\t\t\t<p>Cornicello fylgir eigin verkunarl\u00f6gm\u00e1li. \u00dea\u00f0 fangar ekki hi\u00f0 illa auga eins og augnaverndargripur, heldur v\u00edsar \u00fev\u00ed fr\u00e1 me\u00f0 l\u00f6gun sinni og lit.<\/p><p>Hin oddhvassa, hornlaga l\u00f6gun telst sj\u00e1lf hafa fr\u00e1hrindandi m\u00e1tt. Samkv\u00e6mt \u00fej\u00f3\u00f0tr\u00fa dregur oddur, horn e\u00f0a beittur endi hi\u00f0 ska\u00f0lega augnar\u00e1\u00f0 a\u00f0 s\u00e9r og beinir \u00fev\u00ed fr\u00e1 \u00feeim sem ber gripinn.<\/p><p>Rau\u00f0i liturinn styrkir \u00feessi \u00e1hrif. Rautt var tali\u00f0 kraftmikill, l\u00edfgefandi og verndandi litur \u00e1 Mi\u00f0jar\u00f0arhafssv\u00e6\u00f0inu. Rau\u00f0ur <span class=\"iwg-fachbegriff\" data-tooltip=\"Hlutur sem borinn er \u00e1 l\u00edkamanum og sag\u00f0ur hefur verndandi, \u00f3l\u00e1nsfr\u00e1hrindandi m\u00e1tt.\" tabindex=\"0\">verndargripur<\/span> batt athyglina og \u00e1tti a\u00f0 beina \u00f3l\u00e1ns\u00e1hrifum fr\u00e1.<\/p><p>\u00dear vi\u00f0 b\u00e6tist g\u00f6mul tenging horna vi\u00f0 kraft og frj\u00f3semi. Cornicello ber \u00feessa hugmynd \u00ed s\u00e9r og veitir \u00feeim sem \u00fea\u00f0 ber styrk d\u00fdrsins a\u00f0 einhverju leyti.<\/p><p>Cornicello er \u00feannig fr\u00e1hrindandi <span class=\"iwg-fachbegriff\" data-tooltip=\"Hlutur sem borinn er \u00e1 l\u00edkamanum og sag\u00f0ur hefur verndandi, \u00f3l\u00e1nsfr\u00e1hrindandi m\u00e1tt.\" tabindex=\"0\">verndargripur<\/span> sem verkar me\u00f0 l\u00f6gun og lit. \u00dea\u00f0 er hvorki hr\u00e6\u00f0slut\u00e1kn n\u00e9 spegill, heldur t\u00e1kn sem beinir augnar\u00e1\u00f0inu fr\u00e1 me\u00f0 sinni eigin \u00e1berandi l\u00f6gun.<\/p><p>\u00deetta verkunarl\u00f6gm\u00e1l setur Cornicello \u00ed flokk me\u00f0 \u00f6\u00f0rum odd- og hornagripum til verndar. Alls sta\u00f0ar liggur s\u00fa hugmynd til grundvallar a\u00f0 oddhv\u00f6ss e\u00f0a hornlaga l\u00f6gun beini \u00f3l\u00e1ns\u00e1hrifum fr\u00e1 og l\u00e1ti \u00feann sem ber gripinn \u00ed fri\u00f0i.<\/p>\t\t\t\t\t\t\t\t<\/div>\n\t\t\t\t<\/div>\n\t\t\t\t\t<\/div>\n\t\t\t\t<\/div>\n\t\t<div class=\"elementor-element elementor-element-iwgs-cornicello-s5 e-flex e-con-boxed e-con e-parent\" data-id=\"iwgs-cornicello-s5\" data-element_type=\"container\" data-e-type=\"container\">\n\t\t\t\t\t<div class=\"e-con-inner\">\n\t\t\t\t<div class=\"elementor-element elementor-element-iwgs-cornicello-s5h elementor-widget elementor-widget-heading\" data-id=\"iwgs-cornicello-s5h\" data-element_type=\"widget\" data-e-type=\"widget\" data-widget_type=\"heading.default\">\n\t\t\t\t\t<h2 class=\"elementor-heading-title elementor-size-default\">Cornicello og tengdir verndargripir<\/h2>\t\t\t\t<\/div>\n\t\t<div class=\"elementor-element elementor-element-iwgs-cornicello-s5box e-con-full e-flex e-con e-parent\" data-id=\"iwgs-cornicello-s5box\" data-element_type=\"container\" data-e-type=\"container\">\n\t\t\t\t<div class=\"elementor-element elementor-element-iwgs-cornicello-s5t elementor-widget elementor-widget-text-editor\" data-id=\"iwgs-cornicello-s5t\" data-element_type=\"widget\" data-e-type=\"widget\" data-widget_type=\"text-editor.default\">\n\t\t\t\t\t\t\t\t\t<p>Cornicello stendur ekki eitt og s\u00e9r. \u00dea\u00f0 heyrir til heilli fj\u00f6lskyldu verndargripa sem nota\u00f0ir voru \u00e1 \u00edt\u00f6lskum sv\u00e6\u00f0um gegn illu auga.<\/p><p>N\u00e1i\u00f0 tengt \u00fev\u00ed er hornahandarmerki\u00f0, Mano cornuta. \u00dear eru v\u00edsifingur og litlifingur r\u00e9ttir \u00fat \u00feannig a\u00f0 h\u00f6ndin sj\u00e1lf ver\u00f0ur hornat\u00e1kn. Cornicello og Mano cornuta byggja \u00e1 sama hornm\u00f3t\u00edfinu.<\/p><p>Einnig tengd er f\u00edkjuh\u00f6ndin, Mano fico, hnefi me\u00f0 \u00feumalfingri stungi\u00f0 \u00ed gegn. H\u00fan var l\u00edka notu\u00f0 til varnar gegn illu auga og var oft borin \u00e1samt cornicello.<\/p><p>S\u00e9rstakur nap\u00f3l\u00edskur <span class=\"iwg-fachbegriff\" data-tooltip=\"Hlutur sem borinn er \u00e1 l\u00edkamanum og talinn hafa verndandi, \u00f3g\u00e6fuafst\u00fdrandi m\u00e1tt.\" tabindex=\"0\">verndargripur<\/span> er Cimaruta, silfurgrein me\u00f0 litlum \u00e1f\u00f6stum t\u00e1knum. H\u00fan tilheyrir l\u00edka v\u00f6rn gegn Malocchio og er stundum sameinu\u00f0 cornicello.<\/p><p>Utan \u00cdtal\u00edu m\u00e1 bera cornicello saman vi\u00f0 bl\u00e1tt augnamulett og <a href=\"https:\/\/iwell-guard.com\/is\/hamsa\/\">Hamsa<\/a>. \u00deessir gripir nota \u00f6nnur me\u00f0ul, en \u00fej\u00f3na sama tilgangi, a\u00f0 verjast illu auga.<\/p><p>Cornicello er \u00feannig hluti af r\u00edkum fj\u00f6lda verndargripa Mi\u00f0jar\u00f0arhafssv\u00e6\u00f0isins. \u00deeir svara allir s\u00f6mu \u00f3gninni og sty\u00f0ja hver annan \u00ed daglegri verndari\u00f0kun.<\/p>\t\t\t\t\t\t\t\t<\/div>\n\t\t\t\t<\/div>\n\t\t\t\t\t<\/div>\n\t\t\t\t<\/div>\n\t\t<div class=\"elementor-element elementor-element-iwgs-cornicello-s6 e-flex e-con-boxed e-con e-parent\" data-id=\"iwgs-cornicello-s6\" data-element_type=\"container\" data-e-type=\"container\">\n\t\t\t\t\t<div class=\"e-con-inner\">\n\t\t\t\t<div class=\"elementor-element elementor-element-iwgs-cornicello-s6h elementor-widget elementor-widget-heading\" data-id=\"iwgs-cornicello-s6h\" data-element_type=\"widget\" data-e-type=\"widget\" data-widget_type=\"heading.default\">\n\t\t\t\t\t<h2 class=\"elementor-heading-title elementor-size-default\">Cornicello \u00ed \u00fej\u00f3\u00f0h\u00e1ttum<\/h2>\t\t\t\t<\/div>\n\t\t<div class=\"elementor-element elementor-element-iwgs-cornicello-s6box e-con-full e-flex e-con e-parent\" data-id=\"iwgs-cornicello-s6box\" data-element_type=\"container\" data-e-type=\"container\">\n\t\t\t\t<div class=\"elementor-element elementor-element-iwgs-cornicello-s6t elementor-widget elementor-widget-text-editor\" data-id=\"iwgs-cornicello-s6t\" data-element_type=\"widget\" data-e-type=\"widget\" data-widget_type=\"text-editor.default\">\n\t\t\t\t\t\t\t\t\t<p>Cornicello var og er r\u00e6kilega r\u00f3tfest \u00ed <span class=\"iwg-fachbegriff\" data-tooltip=\"Heild \u00feeirra si\u00f0a sem var\u00f0veist hafa innan samf\u00e9lags.\" tabindex=\"0\">\u00fej\u00f3\u00f0h\u00e1ttum<\/span> Su\u00f0ur-\u00cdtal\u00edu. \u00dea\u00f0 var ekki bara bori\u00f0, heldur fl\u00e9tta\u00f0 inn \u00ed daglegt l\u00edf \u00e1 margv\u00edslegan h\u00e1tt.<\/p><p>Oft var \u00fea\u00f0 sett \u00e1 b\u00f6rn, sem talin voru s\u00e9rstaklega varnarlaus gegn illu auga. Litla horni\u00f0 \u00e1tti a\u00f0 fylgja barninu \u00e1 fyrstu vi\u00f0kv\u00e6mu \u00e6vi\u00e1runum.<\/p><p>Cornicello \u00e1tti einnig sinn \u00fe\u00e1tt vi\u00f0 s\u00e9rst\u00f6k tilefni. \u00dev\u00ed var gefi\u00f0, til d\u00e6mis vi\u00f0 f\u00e6\u00f0ingu, og var tali\u00f0 gj\u00f6f sem l\u00fdsti b\u00e6\u00f0i vernd og g\u00f3\u00f0um \u00f3skum.<\/p><p>\u00cd h\u00fasum og verslunum var cornicello hengt upp til a\u00f0 vernda sta\u00f0inn og \u00fe\u00e1 sem \u00fear bjuggu e\u00f0a st\u00f6rfu\u00f0u. \u00cd farart\u00e6kjum fylgir \u00fea\u00f0 sem l\u00edtill hengihlutur fer\u00f0amanninum.<\/p><p>\u00dej\u00f3\u00f0leg <span class=\"iwg-fachbegriff\" data-tooltip=\"Mi\u00f0lun \u00feekkingar og sagna \u00e1 milli kynsl\u00f3\u00f0a.\" tabindex=\"0\">munnm\u00e6lasaga<\/span> segir a\u00f0 cornicello sem gefi\u00f0 er \u00ed gj\u00f6f virki betur en eitt sem keypt er sj\u00e1lfur. Sl\u00edkir si\u00f0ir s\u00fdna hversu n\u00e1kv\u00e6mlega hugmyndirnar um <span class=\"iwg-fachbegriff\" data-tooltip=\"Hlutur sem borinn er \u00e1 l\u00edkamanum og talinn hafa verndandi, \u00f3g\u00e6fuafst\u00fdrandi m\u00e1tt.\" tabindex=\"0\">verndargripinn<\/span> voru \u00fatf\u00e6r\u00f0ar.<\/p><p>Cornicello er \u00feannig ekki bara hlutur, heldur hluti af lifandi \u00fej\u00f3\u00f0h\u00e1ttum. A\u00f0 gefa, bera og hengja upp voru fastar athafnir sem <span class=\"iwg-fachbegriff\" data-tooltip=\"Hlutur sem borinn er \u00e1 l\u00edkamanum og talinn hafa verndandi, \u00f3g\u00e6fuafst\u00fdrandi m\u00e1tt.\" tabindex=\"0\">verndargripurinn<\/span> var felldur inn \u00ed.<\/p>\t\t\t\t\t\t\t\t<\/div>\n\t\t\t\t<\/div>\n\t\t\t\t\t<\/div>\n\t\t\t\t<\/div>\n\t\t<div class=\"elementor-element elementor-element-iwgs-cornicello-s7 e-flex e-con-boxed e-con e-parent\" data-id=\"iwgs-cornicello-s7\" data-element_type=\"container\" data-e-type=\"container\">\n\t\t\t\t\t<div class=\"e-con-inner\">\n\t\t\t\t<div class=\"elementor-element elementor-element-iwgs-cornicello-s7h elementor-widget elementor-widget-heading\" data-id=\"iwgs-cornicello-s7h\" data-element_type=\"widget\" data-e-type=\"widget\" data-widget_type=\"heading.default\">\n\t\t\t\t\t<h2 class=\"elementor-heading-title elementor-size-default\">Heppni og vernd<\/h2>\t\t\t\t<\/div>\n\t\t<div class=\"elementor-element elementor-element-iwgs-cornicello-s7box e-con-full e-flex e-con e-parent\" data-id=\"iwgs-cornicello-s7box\" data-element_type=\"container\" data-e-type=\"container\">\n\t\t\t\t<div class=\"elementor-element elementor-element-iwgs-cornicello-s7t elementor-widget elementor-widget-text-editor\" data-id=\"iwgs-cornicello-s7t\" data-element_type=\"widget\" data-e-type=\"widget\" data-widget_type=\"text-editor.default\">\n\t\t\t\t\t\t\t\t\t<p>Cornicello sameinar tv\u00e6r n\u00e1tengdar merkingar. \u00dea\u00f0 er \u00ed senn fr\u00e1hrindandi verndargripur og heillabringari.<\/p><p>Fr\u00e1hrindandi hli\u00f0in sn\u00fdr a\u00f0 hinu illa auga. Cornicello ver gegn Malocchio og verndar \u00feann sem \u00fea\u00f0 ber fyrir \u00feeim ska\u00f0a sem \u00f6fundsj\u00fakt e\u00f0a \u00f3vark\u00e1rt augnar\u00e1\u00f0 getur valdi\u00f0.<\/p><p>Hin hli\u00f0in er j\u00e1kv\u00e6\u00f0ari. Cornicello er almennt tali\u00f0 t\u00e1kn um heppilega \u00fer\u00f3un m\u00e1la, um velgengni og g\u00e6fu. \u00cd \u00feeirri merkingu er \u00fea\u00f0 \u00ed dag oft einfaldlega kalla\u00f0 heillagripur.<\/p><p>B\u00e1\u00f0ar merkingarnar heyra saman. S\u00e1 sem er varinn fyrir \u00f3lukku getur hloti\u00f0 hi\u00f0 g\u00f3\u00f0a. V\u00f6rn og g\u00e6fa eru tv\u00e6r hli\u00f0ar \u00e1 s\u00f6mu l\u00f6ngun eftir heilu l\u00edfi.<\/p><p>Me\u00f0 t\u00edmanum hefur fr\u00e1hrindandi merkingin viki\u00f0 fyrir hinni almennu g\u00e6fumerkingu. Margir bera Cornicello \u00ed dag sem heillat\u00e1kn \u00e1n \u00feess a\u00f0 tr\u00faa \u00e1 hi\u00f0 illa auga.<\/p><p>Cornicello er \u00feannig gott d\u00e6mi um hvernig verndargripur getur breytt merkingu sinni. \u00dar str\u00f6ngu v\u00f6rnart\u00e6ki hefur \u00e1 \u00f6ldunum or\u00f0i\u00f0 kunnuglegur heillagripur.<\/p>\t\t\t\t\t\t\t\t<\/div>\n\t\t\t\t<\/div>\n\t\t\t\t\t<\/div>\n\t\t\t\t<\/div>\n\t\t<div class=\"elementor-element elementor-element-iwgs-cornicello-s8 e-flex e-con-boxed e-con e-parent\" data-id=\"iwgs-cornicello-s8\" data-element_type=\"container\" data-e-type=\"container\">\n\t\t\t\t\t<div class=\"e-con-inner\">\n\t\t\t\t<div class=\"elementor-element elementor-element-iwgs-cornicello-s8h elementor-widget elementor-widget-heading\" data-id=\"iwgs-cornicello-s8h\" data-element_type=\"widget\" data-e-type=\"widget\" data-widget_type=\"heading.default\">\n\t\t\t\t\t<h2 class=\"elementor-heading-title elementor-size-default\">M\u00f3tt\u00f6kur \u00ed dag<\/h2>\t\t\t\t<\/div>\n\t\t<div class=\"elementor-element elementor-element-iwgs-cornicello-s8box e-con-full e-flex e-con e-parent\" data-id=\"iwgs-cornicello-s8box\" data-element_type=\"container\" data-e-type=\"container\">\n\t\t\t\t<div class=\"elementor-element elementor-element-iwgs-cornicello-s8t elementor-widget elementor-widget-text-editor\" data-id=\"iwgs-cornicello-s8t\" data-element_type=\"widget\" data-e-type=\"widget\" data-widget_type=\"text-editor.default\">\n\t\t\t\t\t\t\t\t\t<p>Cornicello er enn \u00ed dag \u00f3venju \u00e1berandi \u00e1 \u00cdtal\u00edu, s\u00e9rstaklega \u00e1 su\u00f0urhluta skagans. \u00dea\u00f0 er bori\u00f0 sem hengi, fest vi\u00f0 lyklakippur og hengt upp \u00ed heimah\u00fasum.<\/p><p>\u00cd Nap\u00f3l\u00ed er Cornicello hluti af hversdagslegu borgarl\u00edfi. \u00cd g\u00f6tunum eru rau\u00f0u hornin seld \u00ed m\u00f6rgum st\u00e6r\u00f0um, allt fr\u00e1 litlum hengjum til st\u00f3rra stykkja fyrir heimili\u00f0.<\/p><p>Cornicello hefur brei\u00f0st \u00fat langt \u00fat fyrir \u00cdtal\u00edu vegna brottflutnings f\u00f3lks til margra landa. \u00cd \u00edt\u00f6lskum samf\u00e9l\u00f6gum um allan heim er \u00fea\u00f0 enn bori\u00f0 og heldur \u00fear vi\u00f0 tengslunum vi\u00f0 uppruna.<\/p><p>\u00cd n\u00fat\u00edmanotkun er \u00fea\u00f0 oftast hin almenna g\u00e6fumerking sem er \u00ed forgrunni. Cornicello er or\u00f0i\u00f0 \u00feekkt g\u00e6fu- og kennileitist\u00e1kn sem bori\u00f0 er jafnvel \u00e1n hinnar g\u00f6mlu tr\u00faar \u00e1 Malocchio.<\/p><p>Fyrir <span class=\"iwg-fachbegriff\" data-tooltip=\"Fr\u00e6\u00f0igrein sem rannsakar hversdagsmenningu, si\u00f0i og hef\u00f0bundnar hugmyndir.\" tabindex=\"0\">\u00fej\u00f3\u00f0fr\u00e6\u00f0i<\/span> og <span class=\"iwg-fachbegriff\" data-tooltip=\"Fr\u00e6\u00f0igreinin sem rannsakar tr\u00faarbr\u00f6g\u00f0 samanbur\u00f0arlega og \u00e1n tr\u00faarlegrar bindingar.\" tabindex=\"0\">tr\u00faarbrag\u00f0afr\u00e6\u00f0i<\/span> er Cornicello \u00e1fram fr\u00f3\u00f0legur ranns\u00f3knarhlutur. Hann s\u00fdnir hvernig gamalt varnart\u00e1kn heldur einkennum s\u00ednum yfir langan t\u00edma og a\u00f0lagast n\u00fdrri notkun.<\/p><p>Cornicello er \u00feannig lifandi d\u00e6mi um verndargrip fr\u00e1 Mi\u00f0jar\u00f0arhafssv\u00e6\u00f0inu. \u00cd honum sameinast gamla hornst\u00e1kni\u00f0, v\u00f6rnin gegn hinu illa auga og s\u00fa l\u00f6ngun eftir g\u00e6fu sem lifir enn \u00ed dag.<\/p>\t\t\t\t\t\t\t\t<\/div>\n\t\t\t\t<\/div>\n\t\t\t\t\t<\/div>\n\t\t\t\t<\/div>\n\t\t<div class=\"elementor-element elementor-element-iwgs-cornicello-lit e-flex e-con-boxed e-con e-parent\" data-id=\"iwgs-cornicello-lit\" data-element_type=\"container\" data-e-type=\"container\">\n\t\t\t\t\t<div class=\"e-con-inner\">\n\t\t\t\t<div class=\"elementor-element elementor-element-iwgs-cornicello-lith elementor-widget elementor-widget-heading\" data-id=\"iwgs-cornicello-lith\" data-element_type=\"widget\" data-e-type=\"widget\" data-widget_type=\"heading.default\">\n\t\t\t\t\t<h2 class=\"elementor-heading-title elementor-size-default\">Heimildir (\u00farval)<\/h2>\t\t\t\t<\/div>\n\t\t<div class=\"elementor-element elementor-element-iwgs-cornicello-litbox e-con-full e-flex e-con e-parent\" data-id=\"iwgs-cornicello-litbox\" data-element_type=\"container\" data-e-type=\"container\">\n\t\t\t\t<div class=\"elementor-element elementor-element-iwgs-cornicello-litt elementor-widget elementor-widget-html\" data-id=\"iwgs-cornicello-litt\" data-element_type=\"widget\" data-e-type=\"widget\" data-widget_type=\"html.default\">\n\t\t\t\t\t<footer data-nosnippet=\"true\"><ul><li>Alan Dundes (ritstj.): <em>The Evil Eye. A Casebook<\/em> (1981)<\/li><li>Frederick Thomas Elworthy: <em>The Evil Eye<\/em> (1895)<\/li><li>Ernesto De Martino: <em>Sud e magia<\/em> (1959)<\/li><li>Thomas Hauschild: <em>Magie und Macht in Italien<\/em> (2002)<\/li><li>Liselotte Hansmann, Lenz Kriss-Rettenbeck: <em>Amulett und Talisman<\/em> (1966)<\/li><\/ul><\/footer>\t\t\t\t<\/div>\n\t\t\t\t<\/div>\n\t\t\t\t\t<\/div>\n\t\t\t\t<\/div>\n\t\t<div class=\"elementor-element elementor-element-iwgs-cornicello-kwd e-flex e-con-boxed e-con e-parent\" data-id=\"iwgs-cornicello-kwd\" data-element_type=\"container\" data-e-type=\"container\">\n\t\t\t\t\t<div class=\"e-con-inner\">\n\t\t\t\t<div class=\"elementor-element elementor-element-iwgs-cornicello-kwdt elementor-widget elementor-widget-text-editor\" data-id=\"iwgs-cornicello-kwdt\" data-element_type=\"widget\" data-e-type=\"widget\" data-widget_type=\"text-editor.default\">\n\t\t\t\t\t\t\t\t\t<p><em>Tengd lykilor\u00f0: Cornicello hornaverndargripur <span class=\"iwg-fachbegriff\" data-tooltip=\"\u00datbreidd hugmynd um a\u00f0 \u00f6fundsj\u00fakt augnar\u00e1\u00f0 annarrar manneskju geti valdi\u00f0 ska\u00f0a.\" tabindex=\"0\">illt auga<\/span> Malocchio Nap\u00f3l\u00ed heillagripur k\u00f3rall <span class=\"iwg-fachbegriff\" data-tooltip=\"Tr\u00faarbrag\u00f0afr\u00e6\u00f0ilegt hugtak fyrir hlut e\u00f0a t\u00e1kn me\u00f0 \u00f3g\u00e6fuvarnandi virkni.\" tabindex=\"0\">ap\u00f3tr\u00f3paikon<\/span> Mi\u00f0jar\u00f0arhafssv\u00e6\u00f0i Mano cornuta.<\/em><\/p>\t\t\t\t\t\t\t\t<\/div>\n\t\t\t\t\t<\/div>\n\t\t\t\t<\/div>\n\t\t<div class=\"elementor-element elementor-element-iwgs-cornicello-cc e-flex e-con-boxed e-con e-parent\" data-id=\"iwgs-cornicello-cc\" data-element_type=\"container\" data-e-type=\"container\" id=\"iwg-cc-cornicello\">\n\t\t\t\t\t<div class=\"e-con-inner\">\n\t\t<div class=\"elementor-element elementor-element-iwgs-cornicello-ccinner e-flex e-con-boxed e-con e-parent\" data-id=\"iwgs-cornicello-ccinner\" data-element_type=\"container\" data-e-type=\"container\" data-settings=\"{&quot;background_background&quot;:&quot;classic&quot;}\">\n\t\t\t\t\t<div class=\"e-con-inner\">\n\t\t\t\t<div class=\"elementor-element elementor-element-iwgs-cornicello-cch elementor-widget elementor-widget-heading\" data-id=\"iwgs-cornicello-cch\" data-element_type=\"widget\" data-e-type=\"widget\" data-widget_type=\"heading.default\">\n\t\t\t\t\t<h2 class=\"elementor-heading-title elementor-size-default\">iWell Guard og verndarhef\u00f0ir<\/h2>\t\t\t\t<\/div>\n\t\t\t\t<div class=\"elementor-element elementor-element-iwgs-cornicello-cct elementor-widget elementor-widget-text-editor\" data-id=\"iwgs-cornicello-cct\" data-element_type=\"widget\" data-e-type=\"widget\" data-widget_type=\"text-editor.default\">\n\t\t\t\t\t\t\t\t\t<p>iWell Guard er hluti af menningars\u00f6gulegri hef\u00f0 handh\u00e6gra verndargripa, sem Cornicello heyrir einnig til. N\u00fat\u00edmalegur f\u00f6runautur fyrir f\u00f3lk sem lifir me\u00f0 verndart\u00e1knum: framleitt \u00ed \u00de\u00fdskalandi, 41 lag af sk\u00edragulli, plat\u00ednu og silfri, me\u00f0 30 daga skilar\u00e9tti.<\/p>\t\t\t\t\t\t\t\t<\/div>\n\t\t\t\t<div class=\"elementor-element elementor-element-iwgs-cornicello-ccb iwg-cc-button iwg-cc-cta-2026-05-13 elementor-widget elementor-widget-jet-button\" data-id=\"iwgs-cornicello-ccb\" data-element_type=\"widget\" data-e-type=\"widget\" data-widget_type=\"jet-button.default\">\n\t\t\t\t<div class=\"elementor-widget-container\">\n\t\t\t\t\t<div class=\"elementor-jet-button jet-elements\"><div class=\"jet-button__container\"><a class=\"jet-button__instance jet-button__instance--icon-left hover-effect-1\" href=\"\/schutzanhaenger-iwell-guard-kaufen\/?utm_source=iwell-guard.com&amp;utm_medium=info-box&amp;utm_campaign=schutzsymbole\"><div class=\"jet-button__plane jet-button__plane-normal\"><\/div><div class=\"jet-button__plane jet-button__plane-hover\"><\/div><div class=\"jet-button__state jet-button__state-normal\"><span class=\"jet-button__label\">Meira um iWell Guard<\/span><\/div><div class=\"jet-button__state jet-button__state-hover\"><span class=\"jet-button__label\">Meira um iWell Guard<\/span><\/div><\/a><\/div><\/div><style>.elementor-element.elementor-element-iwgs-cornicello-ccb .jet-button__instance{width:320px;height:56px;}.elementor-element.elementor-element-iwgs-cornicello-ccb .jet-button__state-normal .jet-button__label{text-align:center;margin:0px 0px 0px 0px;color:#1a1b20;font-family:Montserrat,sans-serif;font-size:13px;font-weight:400;letter-spacing:4px;line-height:1.714em;text-transform:uppercase;}.elementor-element.elementor-element-iwgs-cornicello-ccb .jet-button__state-hover .jet-button__label{text-align:center;margin:0px 0px 0px 0px;color:#FECC76;font-family:Montserrat,sans-serif;font-size:13px;font-weight:400;letter-spacing:4px;line-height:1.714em;text-transform:uppercase;}.elementor-element.elementor-element-iwgs-cornicello-ccb .jet-button__plane-normal{background-color:#FECC76;border-style:solid;border-color:#C99540;border-width:2px 2px 2px 2px;}.elementor-element.elementor-element-iwgs-cornicello-ccb .jet-button__plane-hover{background-color:rgba(0,0,0,0.55);border-style:solid;border-color:#FECC76;border-width:2px 2px 2px 2px;}<\/style>\t\t\t\t<\/div>\n\t\t\t\t<\/div>\n\t\t\t\t<div class=\"elementor-element elementor-element-iwgs-cornicello-ccd elementor-widget elementor-widget-text-editor\" data-id=\"iwgs-cornicello-ccd\" data-element_type=\"widget\" data-e-type=\"widget\" data-widget_type=\"text-editor.default\">\n\t\t\t\t\t\t\t\t\t<p style=\"text-align:center;font-size:13px;opacity:0.7;margin-top:14px\" data-nosnippet=\"true\">Pers\u00f3nuleg reynsla getur veri\u00f0 mismunandi. Ekki l\u00e6kningat\u00e6ki. Engin lofor\u00f0 um l\u00e6kningu.<\/p>\t\t\t\t\t\t\t\t<\/div>\n\t\t\t\t\t<\/div>\n\t\t\t\t<\/div>\n\t\t\t\t\t<\/div>\n\t\t\t\t<\/div>\n\t\t<div class=\"elementor-element elementor-element-iwgs-cornicello-disc e-flex e-con-boxed e-con e-parent\" data-id=\"iwgs-cornicello-disc\" data-element_type=\"container\" data-e-type=\"container\">\n\t\t\t\t\t<div class=\"e-con-inner\">\n\t\t\t\t<div class=\"elementor-element elementor-element-iwgs-cornicello-discw elementor-widget elementor-widget-html\" data-id=\"iwgs-cornicello-discw\" data-element_type=\"widget\" data-e-type=\"widget\" data-widget_type=\"html.default\">\n\t\t\t\t\t<footer data-nosnippet=\"true\" class=\"iwg-disclaimer-block\"><p data-nosnippet=\"true\">iWell Guard er <strong>ekki l\u00e6kningat\u00e6ki<\/strong> og kemur ekki \u00ed sta\u00f0 l\u00e6knis- e\u00f0a s\u00e1lfr\u00e6\u00f0ime\u00f0fer\u00f0ar. Innihaldi\u00f0 sem h\u00e9r er sett fram er tr\u00faarbrag\u00f0afr\u00e6\u00f0ileg og menningars\u00f6gulega greining, ekki lofor\u00f0 um andlega virkni.<\/p><\/footer>\t\t\t\t<\/div>\n\t\t\t\t\t<\/div>\n\t\t\t\t<\/div>\n\t\t\t\t<\/div>\n\t\t","protected":false},"excerpt":{"rendered":"","protected":false},"author":3,"featured_media":3472,"parent":0,"menu_order":0,"comment_status":"closed","ping_status":"closed","template":"elementor_header_footer","meta":{"_yoast_wpseo_focuskw":"Cornicello","_yoast_wpseo_title":"Cornicello \u2013 \u00edtalska hornaskrauti\u00f0","_yoast_wpseo_metadesc":"Cornicello er rau\u00f0a \u00edtalska hornaskrauti\u00f0 gegn illu auga. Uppruni, form og merking g\u00e6fumerkis \u00fatsk\u00fdr\u00f0 \u00e1 einfaldan h\u00e1tt.","_yoast_wpseo_meta-robots-noindex":"","_yoast_wpseo_canonical":"","_angie_page":false,"gefaehrdungsstufe":"","wesen_kultur":"","wesen_klasse":"","footnotes":""},"categories":[],"class_list":["post-169207","page","type-page","status-publish","has-post-thumbnail","hentry"],"yoast_head":"<!-- This site is optimized with the Yoast SEO Premium plugin v27.7 (Yoast SEO v28.3) - https:\/\/yoast.com\/product\/yoast-seo-premium-wordpress\/ -->\n<title>Cornicello \u2013 \u00edtalska hornaskrauti\u00f0<\/title>\n<meta name=\"description\" content=\"Cornicello er rau\u00f0a \u00edtalska hornaskrauti\u00f0 gegn illu auga. Uppruni, form og merking g\u00e6fumerkis \u00fatsk\u00fdr\u00f0 \u00e1 einfaldan h\u00e1tt.\" \/>\n<meta name=\"robots\" content=\"index, follow, max-snippet:-1, max-image-preview:large, max-video-preview:-1\" \/>\n<link rel=\"canonical\" href=\"https:\/\/iwell-guard.com\/is\/cornicello-italska-hornaskrautid\/\" \/>\n<meta property=\"og:locale\" content=\"is_IS\" \/>\n<meta property=\"og:type\" content=\"article\" \/>\n<meta property=\"og:title\" content=\"Cornicello \u2013 \u00edtalska hornaskrauti\u00f0\" \/>\n<meta property=\"og:description\" content=\"Cornicello er rau\u00f0a \u00edtalska hornaskrauti\u00f0 gegn illu auga. Uppruni, form og merking g\u00e6fumerkis \u00fatsk\u00fdr\u00f0 \u00e1 einfaldan h\u00e1tt.\" \/>\n<meta property=\"og:url\" content=\"https:\/\/iwell-guard.com\/is\/cornicello-italska-hornaskrautid\/\" \/>\n<meta property=\"og:site_name\" content=\"iWell Guard\" \/>\n<meta property=\"article:modified_time\" content=\"2026-09-05T14:34:57+00:00\" \/>\n<meta property=\"og:image\" content=\"https:\/\/iwell-guard.com\/wp-content\/uploads\/2026\/05\/schutzsymbol_italien_cornicello-1.webp\" \/>\n\t<meta property=\"og:image:width\" content=\"1024\" \/>\n\t<meta property=\"og:image:height\" content=\"1536\" \/>\n\t<meta property=\"og:image:type\" content=\"image\/webp\" \/>\n<meta name=\"twitter:card\" content=\"summary_large_image\" \/>\n<script type=\"application\/ld+json\" class=\"yoast-schema-graph\">{\"@context\":\"https:\\\/\\\/schema.org\",\"@graph\":[{\"@type\":\"WebPage\",\"@id\":\"https:\\\/\\\/iwell-guard.com\\\/is\\\/cornicello-italska-hornaskrautid\\\/\",\"url\":\"https:\\\/\\\/iwell-guard.com\\\/is\\\/cornicello-italska-hornaskrautid\\\/\",\"name\":\"Cornicello \u2013 \u00edtalska hornaskrauti\u00f0\",\"isPartOf\":{\"@id\":\"https:\\\/\\\/iwell-guard.com\\\/is\\\/#website\"},\"primaryImageOfPage\":{\"@id\":\"https:\\\/\\\/iwell-guard.com\\\/is\\\/cornicello-italska-hornaskrautid\\\/#primaryimage\"},\"image\":{\"@id\":\"https:\\\/\\\/iwell-guard.com\\\/is\\\/cornicello-italska-hornaskrautid\\\/#primaryimage\"},\"thumbnailUrl\":\"https:\\\/\\\/iwell-guard.com\\\/wp-content\\\/uploads\\\/2026\\\/05\\\/schutzsymbol_italien_cornicello-1.webp\",\"datePublished\":\"2026-09-05T14:06:29+00:00\",\"dateModified\":\"2026-09-05T14:34:57+00:00\",\"description\":\"Cornicello er rau\u00f0a \u00edtalska hornaskrauti\u00f0 gegn illu auga. Uppruni, form og merking g\u00e6fumerkis \u00fatsk\u00fdr\u00f0 \u00e1 einfaldan h\u00e1tt.\",\"breadcrumb\":{\"@id\":\"https:\\\/\\\/iwell-guard.com\\\/is\\\/cornicello-italska-hornaskrautid\\\/#breadcrumb\"},\"inLanguage\":\"is\",\"potentialAction\":[{\"@type\":\"ReadAction\",\"target\":[\"https:\\\/\\\/iwell-guard.com\\\/is\\\/cornicello-italska-hornaskrautid\\\/\"]}]},{\"@type\":\"ImageObject\",\"inLanguage\":\"is\",\"@id\":\"https:\\\/\\\/iwell-guard.com\\\/is\\\/cornicello-italska-hornaskrautid\\\/#primaryimage\",\"url\":\"https:\\\/\\\/iwell-guard.com\\\/wp-content\\\/uploads\\\/2026\\\/05\\\/schutzsymbol_italien_cornicello-1.webp\",\"contentUrl\":\"https:\\\/\\\/iwell-guard.com\\\/wp-content\\\/uploads\\\/2026\\\/05\\\/schutzsymbol_italien_cornicello-1.webp\",\"width\":1024,\"height\":1536,\"caption\":\"Verndart\u00e1kn. Myndskreyting \u00ed safnst\u00edl.\"},{\"@type\":\"BreadcrumbList\",\"@id\":\"https:\\\/\\\/iwell-guard.com\\\/is\\\/cornicello-italska-hornaskrautid\\\/#breadcrumb\",\"itemListElement\":[{\"@type\":\"ListItem\",\"position\":1,\"name\":\"Start\",\"item\":\"https:\\\/\\\/iwell-guard.com\\\/is\\\/?page_id=168580\"},{\"@type\":\"ListItem\",\"position\":2,\"name\":\"Cornicello \u2013 \u00edtalska hornaskrauti\u00f0\"}]},{\"@type\":\"WebSite\",\"@id\":\"https:\\\/\\\/iwell-guard.com\\\/is\\\/#website\",\"url\":\"https:\\\/\\\/iwell-guard.com\\\/is\\\/\",\"name\":\"iWell Guard\",\"description\":\"Schutz vor dunklen Einfl\u00fcssen\",\"publisher\":{\"@id\":\"https:\\\/\\\/iwell-guard.com\\\/is\\\/#organization\"},\"potentialAction\":[{\"@type\":\"SearchAction\",\"target\":{\"@type\":\"EntryPoint\",\"urlTemplate\":\"https:\\\/\\\/iwell-guard.com\\\/is\\\/?s={search_term_string}\"},\"query-input\":{\"@type\":\"PropertyValueSpecification\",\"valueRequired\":true,\"valueName\":\"search_term_string\"}}],\"inLanguage\":\"is\"},{\"@type\":\"Organization\",\"@id\":\"https:\\\/\\\/iwell-guard.com\\\/is\\\/#organization\",\"name\":\"Ittermann electronic GmbH\",\"url\":\"https:\\\/\\\/iwell-guard.com\\\/is\\\/\",\"logo\":{\"@type\":\"ImageObject\",\"inLanguage\":\"is\",\"@id\":\"https:\\\/\\\/iwell-guard.com\\\/is\\\/#\\\/schema\\\/logo\\\/image\\\/\",\"url\":\"https:\\\/\\\/iwell-guard.com\\\/wp-content\\\/uploads\\\/2026\\\/05\\\/Ittermann-Logo-1182x237-1.png\",\"contentUrl\":\"https:\\\/\\\/iwell-guard.com\\\/wp-content\\\/uploads\\\/2026\\\/05\\\/Ittermann-Logo-1182x237-1.png\",\"width\":1182,\"height\":237,\"caption\":\"Ittermann electronic GmbH\"},\"image\":{\"@id\":\"https:\\\/\\\/iwell-guard.com\\\/is\\\/#\\\/schema\\\/logo\\\/image\\\/\"},\"sameAs\":[\"https:\\\/\\\/pantip.com\\\/profile\\\/9367242\",\"https:\\\/\\\/micro.blog\\\/iwellguard\",\"https:\\\/\\\/www.diggerslist.com\\\/iwellguard\\\/about\",\"https:\\\/\\\/skitterphoto.com\\\/photographers\\\/2870314\\\/iwell-guard\",\"https:\\\/\\\/iwellguard.wordpress.com\\\/2026\\\/06\\\/06\\\/iwell-guard\\\/\",\"https:\\\/\\\/hub.docker.com\\\/u\\\/iwellguard\",\"https:\\\/\\\/www.pinterest.com\\\/iwellguard\\\/\",\"https:\\\/\\\/bit.ly\\\/m\\\/iwellguard\",\"https:\\\/\\\/entre-vos-mains.alsace.eu\\\/profiles\\\/iwellguard\\\/activity\",\"https:\\\/\\\/gravatar.com\\\/reallybeded8fd34\",\"https:\\\/\\\/naijamatta.com\\\/iwellguard\",\"https:\\\/\\\/www.goodreads.com\\\/iwellguard\",\"https:\\\/\\\/profile.hatena.ne.jp\\\/iwellguard\\\/\",\"https:\\\/\\\/experiment.com\\\/users\\\/iwellguard\",\"https:\\\/\\\/wakelet.com\\\/@iWellGuard82270\",\"https:\\\/\\\/www.chordie.com\\\/forum\\\/profile.php?id=2555664\",\"https:\\\/\\\/www.instapaper.com\\\/p\\\/17757966\",\"https:\\\/\\\/www.mapleprimes.com\\\/users\\\/iwellguard\",\"https:\\\/\\\/businesslistingplus.com\\\/profile\\\/iwell-guard\\\/\",\"https:\\\/\\\/telegra.ph\\\/iWell-Guard-06-06\",\"https:\\\/\\\/pbase.com\\\/iwellguard\\\/iwellguard\",\"https:\\\/\\\/b.hatena.ne.jp\\\/iwellguard\\\/20260607#bookmark-4788405196491818882\",\"https:\\\/\\\/fliphtml5.com\\\/home\\\/iwellguard\",\"https:\\\/\\\/anyflip.com\\\/homepage\\\/cmiwl#About\",\"https:\\\/\\\/transfur.com\\\/Users\\\/iwellguard\",\"http:\\\/\\\/delphi.larsbo.org\\\/user\\\/iwellguard\",\"https:\\\/\\\/jobs.lajobsportal.org\\\/profiles\\\/8380803-iwell-guard\",\"https:\\\/\\\/md.chaosdorf.de\\\/s\\\/jfbe5SBdJD\",\"https:\\\/\\\/www.lingvolive.com\\\/en-us\\\/profile\\\/9ecaeaca-ce11-4e51-9e71-01d55e2bff36\\\/translations\",\"https:\\\/\\\/www.fitday.com\\\/fitness\\\/forums\\\/members\\\/iwellguard.html\",\"https:\\\/\\\/www.mymeetbook.com\\\/iwellguard\",\"https:\\\/\\\/pxhere.com\\\/en\\\/photographer-me\\\/5040798\",\"https:\\\/\\\/disqus.com\\\/by\\\/iwellguard\\\/about\\\/\",\"https:\\\/\\\/pastelink.net\\\/hjwciqwq\",\"https:\\\/\\\/pubhtml5.com\\\/homepage\\\/scjhn\\\/\",\"https:\\\/\\\/www.bitchute.com\\\/channel\\\/2O2eOKzNqujT\",\"https:\\\/\\\/audiomack.com\\\/iwellguard\"]}]}<\/script>\n<!-- \/ Yoast SEO Premium plugin. -->","yoast_head_json":{"title":"Cornicello \u2013 \u00edtalska hornaskrauti\u00f0","description":"Cornicello er rau\u00f0a \u00edtalska hornaskrauti\u00f0 gegn illu auga. Uppruni, form og merking g\u00e6fumerkis \u00fatsk\u00fdr\u00f0 \u00e1 einfaldan h\u00e1tt.","robots":{"index":"index","follow":"follow","max-snippet":"max-snippet:-1","max-image-preview":"max-image-preview:large","max-video-preview":"max-video-preview:-1"},"canonical":"https:\/\/iwell-guard.com\/is\/cornicello-italska-hornaskrautid\/","og_locale":"is_IS","og_type":"article","og_title":"Cornicello \u2013 \u00edtalska hornaskrauti\u00f0","og_description":"Cornicello er rau\u00f0a \u00edtalska hornaskrauti\u00f0 gegn illu auga. Uppruni, form og merking g\u00e6fumerkis \u00fatsk\u00fdr\u00f0 \u00e1 einfaldan h\u00e1tt.","og_url":"https:\/\/iwell-guard.com\/is\/cornicello-italska-hornaskrautid\/","og_site_name":"iWell Guard","article_modified_time":"2026-09-05T14:34:57+00:00","og_image":[{"width":1024,"height":1536,"url":"https:\/\/iwell-guard.com\/wp-content\/uploads\/2026\/05\/schutzsymbol_italien_cornicello-1.webp","type":"image\/webp"}],"twitter_card":"summary_large_image","schema":{"@context":"https:\/\/schema.org","@graph":[{"@type":"WebPage","@id":"https:\/\/iwell-guard.com\/is\/cornicello-italska-hornaskrautid\/","url":"https:\/\/iwell-guard.com\/is\/cornicello-italska-hornaskrautid\/","name":"Cornicello \u2013 \u00edtalska hornaskrauti\u00f0","isPartOf":{"@id":"https:\/\/iwell-guard.com\/is\/#website"},"primaryImageOfPage":{"@id":"https:\/\/iwell-guard.com\/is\/cornicello-italska-hornaskrautid\/#primaryimage"},"image":{"@id":"https:\/\/iwell-guard.com\/is\/cornicello-italska-hornaskrautid\/#primaryimage"},"thumbnailUrl":"https:\/\/iwell-guard.com\/wp-content\/uploads\/2026\/05\/schutzsymbol_italien_cornicello-1.webp","datePublished":"2026-09-05T14:06:29+00:00","dateModified":"2026-09-05T14:34:57+00:00","description":"Cornicello er rau\u00f0a \u00edtalska hornaskrauti\u00f0 gegn illu auga. Uppruni, form og merking g\u00e6fumerkis \u00fatsk\u00fdr\u00f0 \u00e1 einfaldan h\u00e1tt.","breadcrumb":{"@id":"https:\/\/iwell-guard.com\/is\/cornicello-italska-hornaskrautid\/#breadcrumb"},"inLanguage":"is","potentialAction":[{"@type":"ReadAction","target":["https:\/\/iwell-guard.com\/is\/cornicello-italska-hornaskrautid\/"]}]},{"@type":"ImageObject","inLanguage":"is","@id":"https:\/\/iwell-guard.com\/is\/cornicello-italska-hornaskrautid\/#primaryimage","url":"https:\/\/iwell-guard.com\/wp-content\/uploads\/2026\/05\/schutzsymbol_italien_cornicello-1.webp","contentUrl":"https:\/\/iwell-guard.com\/wp-content\/uploads\/2026\/05\/schutzsymbol_italien_cornicello-1.webp","width":1024,"height":1536,"caption":"Verndart\u00e1kn. Myndskreyting \u00ed safnst\u00edl."},{"@type":"BreadcrumbList","@id":"https:\/\/iwell-guard.com\/is\/cornicello-italska-hornaskrautid\/#breadcrumb","itemListElement":[{"@type":"ListItem","position":1,"name":"Start","item":"https:\/\/iwell-guard.com\/is\/?page_id=168580"},{"@type":"ListItem","position":2,"name":"Cornicello \u2013 \u00edtalska hornaskrauti\u00f0"}]},{"@type":"WebSite","@id":"https:\/\/iwell-guard.com\/is\/#website","url":"https:\/\/iwell-guard.com\/is\/","name":"iWell Guard","description":"Schutz vor dunklen Einfl\u00fcssen","publisher":{"@id":"https:\/\/iwell-guard.com\/is\/#organization"},"potentialAction":[{"@type":"SearchAction","target":{"@type":"EntryPoint","urlTemplate":"https:\/\/iwell-guard.com\/is\/?s={search_term_string}"},"query-input":{"@type":"PropertyValueSpecification","valueRequired":true,"valueName":"search_term_string"}}],"inLanguage":"is"},{"@type":"Organization","@id":"https:\/\/iwell-guard.com\/is\/#organization","name":"Ittermann electronic GmbH","url":"https:\/\/iwell-guard.com\/is\/","logo":{"@type":"ImageObject","inLanguage":"is","@id":"https:\/\/iwell-guard.com\/is\/#\/schema\/logo\/image\/","url":"https:\/\/iwell-guard.com\/wp-content\/uploads\/2026\/05\/Ittermann-Logo-1182x237-1.png","contentUrl":"https:\/\/iwell-guard.com\/wp-content\/uploads\/2026\/05\/Ittermann-Logo-1182x237-1.png","width":1182,"height":237,"caption":"Ittermann electronic GmbH"},"image":{"@id":"https:\/\/iwell-guard.com\/is\/#\/schema\/logo\/image\/"},"sameAs":["https:\/\/pantip.com\/profile\/9367242","https:\/\/micro.blog\/iwellguard","https:\/\/www.diggerslist.com\/iwellguard\/about","https:\/\/skitterphoto.com\/photographers\/2870314\/iwell-guard","https:\/\/iwellguard.wordpress.com\/2026\/06\/06\/iwell-guard\/","https:\/\/hub.docker.com\/u\/iwellguard","https:\/\/www.pinterest.com\/iwellguard\/","https:\/\/bit.ly\/m\/iwellguard","https:\/\/entre-vos-mains.alsace.eu\/profiles\/iwellguard\/activity","https:\/\/gravatar.com\/reallybeded8fd34","https:\/\/naijamatta.com\/iwellguard","https:\/\/www.goodreads.com\/iwellguard","https:\/\/profile.hatena.ne.jp\/iwellguard\/","https:\/\/experiment.com\/users\/iwellguard","https:\/\/wakelet.com\/@iWellGuard82270","https:\/\/www.chordie.com\/forum\/profile.php?id=2555664","https:\/\/www.instapaper.com\/p\/17757966","https:\/\/www.mapleprimes.com\/users\/iwellguard","https:\/\/businesslistingplus.com\/profile\/iwell-guard\/","https:\/\/telegra.ph\/iWell-Guard-06-06","https:\/\/pbase.com\/iwellguard\/iwellguard","https:\/\/b.hatena.ne.jp\/iwellguard\/20260607#bookmark-4788405196491818882","https:\/\/fliphtml5.com\/home\/iwellguard","https:\/\/anyflip.com\/homepage\/cmiwl#About","https:\/\/transfur.com\/Users\/iwellguard","http:\/\/delphi.larsbo.org\/user\/iwellguard","https:\/\/jobs.lajobsportal.org\/profiles\/8380803-iwell-guard","https:\/\/md.chaosdorf.de\/s\/jfbe5SBdJD","https:\/\/www.lingvolive.com\/en-us\/profile\/9ecaeaca-ce11-4e51-9e71-01d55e2bff36\/translations","https:\/\/www.fitday.com\/fitness\/forums\/members\/iwellguard.html","https:\/\/www.mymeetbook.com\/iwellguard","https:\/\/pxhere.com\/en\/photographer-me\/5040798","https:\/\/disqus.com\/by\/iwellguard\/about\/","https:\/\/pastelink.net\/hjwciqwq","https:\/\/pubhtml5.com\/homepage\/scjhn\/","https:\/\/www.bitchute.com\/channel\/2O2eOKzNqujT","https:\/\/audiomack.com\/iwellguard"]}]}},"_links":{"self":[{"href":"https:\/\/iwell-guard.com\/is\/wp-json\/wp\/v2\/pages\/169207","targetHints":{"allow":["GET"]}}],"collection":[{"href":"https:\/\/iwell-guard.com\/is\/wp-json\/wp\/v2\/pages"}],"about":[{"href":"https:\/\/iwell-guard.com\/is\/wp-json\/wp\/v2\/types\/page"}],"author":[{"embeddable":true,"href":"https:\/\/iwell-guard.com\/is\/wp-json\/wp\/v2\/users\/3"}],"replies":[{"embeddable":true,"href":"https:\/\/iwell-guard.com\/is\/wp-json\/wp\/v2\/comments?post=169207"}],"version-history":[{"count":0,"href":"https:\/\/iwell-guard.com\/is\/wp-json\/wp\/v2\/pages\/169207\/revisions"}],"wp:featuredmedia":[{"embeddable":true,"href":"https:\/\/iwell-guard.com\/is\/wp-json\/wp\/v2\/media\/3472"}],"wp:attachment":[{"href":"https:\/\/iwell-guard.com\/is\/wp-json\/wp\/v2\/media?parent=169207"}],"wp:term":[{"taxonomy":"category","embeddable":true,"href":"https:\/\/iwell-guard.com\/is\/wp-json\/wp\/v2\/categories?post=169207"}],"curies":[{"name":"wp","href":"https:\/\/api.w.org\/{rel}","templated":true}]}}