{"id":169204,"date":"2026-09-05T14:06:28","date_gmt":"2026-09-05T14:06:28","guid":{"rendered":"https:\/\/iwell-guard.com\/?page_id=169204"},"modified":"2026-09-05T14:34:52","modified_gmt":"2026-09-05T14:34:52","slug":"shisa-thakverdir-okinawa","status":"publish","type":"page","link":"https:\/\/iwell-guard.com\/is\/shisa-thakverdir-okinawa\/","title":{"rendered":"Shisa \u2013 lj\u00f3nsl\u00edkir \u00feakver\u00f0ir Okinawa"},"content":{"rendered":"\t\t<div data-elementor-type=\"wp-page\" data-elementor-id=\"169204\" class=\"elementor elementor-169204 elementor-3696 elementor-bc-flex-widget\" data-elementor-post-type=\"page\">\n\t\t\t\t<div class=\"elementor-element elementor-element-iwgs-shisa-hero e-flex e-con-boxed e-con e-parent\" data-id=\"iwgs-shisa-hero\" data-element_type=\"container\" data-e-type=\"container\">\n\t\t\t\t\t<div class=\"e-con-inner\">\n\t\t<div class=\"elementor-element elementor-element-iwgs-shisa-hl e-flex e-con-boxed e-con e-parent\" data-id=\"iwgs-shisa-hl\" data-element_type=\"container\" data-e-type=\"container\">\n\t\t\t\t\t<div class=\"e-con-inner\">\n\t\t<div class=\"elementor-element elementor-element-iwgs-shisa-hlbox e-con-full e-flex e-con e-parent\" data-id=\"iwgs-shisa-hlbox\" data-element_type=\"container\" data-e-type=\"container\">\n\t\t\t\t<div class=\"elementor-element elementor-element-iwgs-shisa-h1 elementor-widget elementor-widget-heading\" data-id=\"iwgs-shisa-h1\" data-element_type=\"widget\" data-e-type=\"widget\" data-widget_type=\"heading.default\">\n\t\t\t\t\t<h1 class=\"elementor-heading-title elementor-size-default\">Shisa \u2013 lj\u00f3nsf\u00edg\u00farurnar tv\u00e6r sem g\u00e6ta h\u00fasa \u00e1 Okinawa<\/h1>\t\t\t\t<\/div>\n\t\t\t\t<div class=\"elementor-element elementor-element-iwgs-shisa-lead elementor-widget elementor-widget-text-editor\" data-id=\"iwgs-shisa-lead\" data-element_type=\"widget\" data-e-type=\"widget\" data-widget_type=\"text-editor.default\">\n\t\t\t\t\t\t\t\t\t<p>Shisa eru lj\u00f3nsl\u00edkar f\u00edg\u00farur fr\u00e1 jap\u00f6nsku eyjaklasanum Okinawa. \u00de\u00e6r eru settar upp \u00ed p\u00f6rum \u00e1 \u00fe\u00f6kum, vi\u00f0 hli\u00f0 og fyrir framan h\u00fas, og eru taldar ver\u00f0ir sem verjast \u00f3heillum og halda hinu g\u00f3\u00f0a f\u00f6stu vi\u00f0 h\u00fasi\u00f0.<\/p>\n<p class=\"iwg-kwfix\">Shisa eru lj\u00f3nsf\u00edg\u00farur sem koma \u00ed p\u00f6rum og vaka yfir \u00fe\u00f6kum Okinawa sem h\u00fasver\u00f0ir.<\/p>\t\t\t\t\t\t\t\t<\/div>\n\t\t\t\t<\/div>\n\t\t\t\t<div class=\"elementor-element elementor-element-iwgs-shisa-pills elementor-widget elementor-widget-html\" data-id=\"iwgs-shisa-pills\" data-element_type=\"widget\" data-e-type=\"widget\" data-widget_type=\"html.default\">\n\t\t\t\t\t<div class=\"iwg-pill-row\"><span class=\"iwg-klasse-badge\" tabindex=\"0\" data-tooltip=\"Verndart\u00e1kn, gripur e\u00f0a ap\u00f3tropa\u00edskur hlutur.\">Verndart\u00e1kn<\/span><a href=\"https:\/\/iwell-guard.com\/is\/japan\/\" class=\"iwg-kultur-badge\" tabindex=\"0\" data-tooltip=\"Varnarhef\u00f0: Japan\">Japan<\/a><span class=\"iwg-tradition-badge\" tabindex=\"0\" data-tooltip=\"F\u00edg\u00fara \u00e1 \u00feaki sem \u00e6tla\u00f0 er a\u00f0 verja h\u00fasi\u00f0.\">\u00deakv\u00f6r\u00f0ur<\/span><\/div>\t\t\t\t<\/div>\n\t\t\t\t\t<\/div>\n\t\t\t\t<\/div>\n\t\t<div class=\"elementor-element elementor-element-iwgs-shisa-hr e-con-full e-flex e-con e-parent\" data-id=\"iwgs-shisa-hr\" data-element_type=\"container\" data-e-type=\"container\">\n\t\t\t\t<div class=\"elementor-element elementor-element-iwgs-shisa-himg iwg-hero-image elementor-widget elementor-widget-image\" data-id=\"iwgs-shisa-himg\" data-element_type=\"widget\" data-e-type=\"widget\" data-widget_type=\"image.default\">\n\t\t\t\t\t\t\t\t\t\t\t\t\t\t\t<img fetchpriority=\"high\" decoding=\"async\" width=\"683\" height=\"1024\" src=\"https:\/\/iwell-guard.com\/wp-content\/uploads\/2026\/05\/schutzsymbol_japan_shisa-683x1024.webp\" class=\"attachment-large size-large wp-image-170508\" alt=\"Shisa - verndart\u00e1kn, safnfr\u00e6\u00f0ileg mynd\" srcset=\"https:\/\/iwell-guard.com\/wp-content\/uploads\/2026\/05\/schutzsymbol_japan_shisa-683x1024.webp 683w, https:\/\/iwell-guard.com\/wp-content\/uploads\/2026\/05\/schutzsymbol_japan_shisa-200x300.webp 200w, https:\/\/iwell-guard.com\/wp-content\/uploads\/2026\/05\/schutzsymbol_japan_shisa-768x1152.webp 768w, https:\/\/iwell-guard.com\/wp-content\/uploads\/2026\/05\/schutzsymbol_japan_shisa.webp 1024w\" sizes=\"(max-width: 683px) 100vw, 683px\" \/>\t\t\t\t\t\t\t\t\t\t\t\t\t\t\t<\/div>\n\t\t\t\t<\/div>\n\t\t\t\t\t<\/div>\n\t\t\t\t<\/div>\n\t\t<div class=\"elementor-element elementor-element-iwgs-shisa-s0 e-flex e-con-boxed e-con e-parent\" data-id=\"iwgs-shisa-s0\" data-element_type=\"container\" data-e-type=\"container\">\n\t\t\t\t\t<div class=\"e-con-inner\">\n\t\t\t\t<div class=\"elementor-element elementor-element-iwgs-shisa-s0h elementor-widget elementor-widget-heading\" data-id=\"iwgs-shisa-s0h\" data-element_type=\"widget\" data-e-type=\"widget\" data-widget_type=\"heading.default\">\n\t\t\t\t\t<h2 class=\"elementor-heading-title elementor-size-default\">Yfirlit<\/h2>\t\t\t\t<\/div>\n\t\t<div class=\"elementor-element elementor-element-iwgs-shisa-s0box e-con-full e-flex e-con e-parent\" data-id=\"iwgs-shisa-s0box\" data-element_type=\"container\" data-e-type=\"container\">\n\t\t\t\t<div class=\"elementor-element elementor-element-iwgs-shisa-s0t elementor-widget elementor-widget-text-editor\" data-id=\"iwgs-shisa-s0t\" data-element_type=\"widget\" data-e-type=\"widget\" data-widget_type=\"text-editor.default\">\n\t\t\t\t\t\t\t\t\t<p>Shisa eru var\u00f0f\u00edg\u00farur fr\u00e1 Okinawa, eyjaklasa su\u00f0ur af <a href=\"https:\/\/iwell-guard.com\/is\/japan\/\">Japan<\/a>. \u00de\u00e6r hafa mynd lj\u00f3nsl\u00edkrar veru sem stendur \u00e1 milli lj\u00f3ns og hunds.<\/p><p>Shisa koma n\u00e6r undantekningarlaust fyrir \u00ed p\u00f6rum. Tv\u00e6r f\u00edg\u00farur g\u00e6ta saman h\u00fass, hli\u00f0s e\u00f0a \u00feaks. Ein f\u00edg\u00faran hefur opinn kjaft, hin loka\u00f0an.<\/p><p>Okinawa hefur eigin s\u00f6gu og eigin menningu. Eyjaklasinn heyr\u00f0i lengi undir sj\u00e1lfst\u00e6tt konungd\u00e6mi og stendur \u00e1 milli \u00e1hrifa Japans og K\u00edna. Shisa heyra til \u00feessarar sj\u00e1lfst\u00e6\u00f0u menningar Okinawa.<\/p><p>Sem ver\u00f0ir eiga shisa a\u00f0 verjast \u00f3heillum og var\u00f0veita hi\u00f0 g\u00f3\u00f0a. \u00de\u00e6r eru settar \u00e1 upph\u00e6kka\u00f0a sta\u00f0i og vi\u00f0 \u00fer\u00f6skulda, \u00fea\u00f0an sem \u00fe\u00e6r hafa yfirs\u00fdn yfir h\u00fasi\u00f0.<\/p><p>\u00cd <span class=\"iwg-fachbegriff\" data-tooltip=\"Fr\u00e6\u00f0igreinin sem rannsakar tr\u00faarbr\u00f6g\u00f0 samanbur\u00f0arlega og \u00e1n tr\u00faarlegrar skuldbindingar.\" tabindex=\"0\">tr\u00faarbrag\u00f0afr\u00e6\u00f0i<\/span> eru shisa gott d\u00e6mi um p\u00f6ra\u00f0ar var\u00f0f\u00edg\u00farur. \u00de\u00e6r heyra til v\u00ed\u00f0t\u00e6krar fj\u00f6lskyldu lj\u00f3nsvar\u00f0a sem finnast \u00ed m\u00f6rgum menningarheimum Austur-As\u00edu.<\/p><p>\u00deessi s\u00ed\u00f0a fjallar um shisa sem verndarf\u00edg\u00farur. \u00de\u00e6r standa vi\u00f0 hli\u00f0 annarra h\u00fasver\u00f0a, svo sem lj\u00f3nsl\u00edkra steinf\u00edg\u00fara vi\u00f0 jap\u00f6nsk skr\u00edn og k\u00f3reskra var\u00f0vera.<\/p>\t\t\t\t\t\t\t\t<\/div>\n\t\t\t\t<\/div>\n\t\t\t\t\t<\/div>\n\t\t\t\t<\/div>\n\t\t<div class=\"elementor-element elementor-element-iwgs-shisa-s1 e-flex e-con-boxed e-con e-parent\" data-id=\"iwgs-shisa-s1\" data-element_type=\"container\" data-e-type=\"container\">\n\t\t\t\t\t<div class=\"e-con-inner\">\n\t\t\t\t<div class=\"elementor-element elementor-element-iwgs-shisa-s1h elementor-widget elementor-widget-heading\" data-id=\"iwgs-shisa-s1h\" data-element_type=\"widget\" data-e-type=\"widget\" data-widget_type=\"heading.default\">\n\t\t\t\t\t<h2 class=\"elementor-heading-title elementor-size-default\">Mynd lj\u00f3nsf\u00edg\u00faranna<\/h2>\t\t\t\t<\/div>\n\t\t<div class=\"elementor-element elementor-element-iwgs-shisa-s1box e-con-full e-flex e-con e-parent\" data-id=\"iwgs-shisa-s1box\" data-element_type=\"container\" data-e-type=\"container\">\n\t\t\t\t<div class=\"elementor-element elementor-element-iwgs-shisa-s1t elementor-widget elementor-widget-text-editor\" data-id=\"iwgs-shisa-s1t\" data-element_type=\"widget\" data-e-type=\"widget\" data-widget_type=\"text-editor.default\">\n\t\t\t\t\t\t\t\t\t<p>Shisa hafa mynd lj\u00f3nsl\u00edkrar veru. \u00deetta er ekki n\u00e1kv\u00e6m eftirmynd lj\u00f3ns heldur eigin <span class=\"iwg-fachbegriff\" data-tooltip=\"Vera sem sameinar \u00ed s\u00e9r einkenni \u00f3l\u00edkra l\u00edfvera.\" tabindex=\"0\">blendingsvera<\/span> me\u00f0 lj\u00f3ns- og hundslegum einkennum.<\/p><p>Einkennandi eru kraftmikill, \u00fe\u00e9ttvaxinn l\u00edkami, mikil m\u00f6n, brei\u00f0ur kjaftur og st\u00f3r, athugul augu. Svipur shisa er oftast \u00feungur og \u00e1kve\u00f0inn, en stundum einnig gla\u00f0legur.<\/p><p>Shisa eru ger\u00f0ar \u00far \u00fdmsum efnum. Algengar eru f\u00edg\u00farur \u00far brenndum leir, steini og glerju\u00f0u steinleirtaui. Litirnir eru allt fr\u00e1 einf\u00f6ldum jar\u00f0litum til sterkra lita.<\/p><p>Mikilv\u00e6gasta einkenni shisa-pars er mismunandi stelling kjaftanna. Ein f\u00edg\u00faran hefur kjaftinn galopinn, hin heldur honum loku\u00f0um.<\/p><p>\u00deessir mismunandi kjaftar eru t\u00falka\u00f0ir \u00e1 \u00fdmsa vegu. Algeng t\u00falkun segir a\u00f0 opna f\u00edg\u00faran verjist \u00f3heillum, me\u00f0an loka\u00f0a f\u00edg\u00faran haldi hinu g\u00f3\u00f0a og heppninni f\u00f6stu \u00ed h\u00fasinu.<\/p><p>F\u00edg\u00farurnar tv\u00e6r b\u00e6ta \u00feannig hvor a\u00f0ra upp. Fyrst saman, hin verjandi og hin var\u00f0veitandi, myndi \u00fe\u00e6r heilt var\u00f0par. Ein f\u00edg\u00fara ein og s\u00e9r telst \u00f3fullkomin.<\/p>\t\t\t\t\t\t\t\t<\/div>\n\t\t\t\t<\/div>\n\t\t\t\t\t<\/div>\n\t\t\t\t<\/div>\n\t\t<div class=\"elementor-element elementor-element-iwgs-shisa-s2 e-flex e-con-boxed e-con e-parent\" data-id=\"iwgs-shisa-s2\" data-element_type=\"container\" data-e-type=\"container\">\n\t\t\t\t\t<div class=\"e-con-inner\">\n\t\t\t\t<div class=\"elementor-element elementor-element-iwgs-shisa-s2h elementor-widget elementor-widget-heading\" data-id=\"iwgs-shisa-s2h\" data-element_type=\"widget\" data-e-type=\"widget\" data-widget_type=\"heading.default\">\n\t\t\t\t\t<h2 class=\"elementor-heading-title elementor-size-default\">Var\u00f0pari\u00f0<\/h2>\t\t\t\t<\/div>\n\t\t<div class=\"elementor-element elementor-element-iwgs-shisa-s2box e-con-full e-flex e-con e-parent\" data-id=\"iwgs-shisa-s2box\" data-element_type=\"container\" data-e-type=\"container\">\n\t\t\t\t<div class=\"elementor-element elementor-element-iwgs-shisa-s2t elementor-widget elementor-widget-text-editor\" data-id=\"iwgs-shisa-s2t\" data-element_type=\"widget\" data-e-type=\"widget\" data-widget_type=\"text-editor.default\">\n\t\t\t\t\t\t\t\t\t<p>A\u00f0 koma fram \u00ed p\u00f6rum er grundvallareinkenni shisa. \u00de\u00e6r eru n\u00e6r aldrei settar upp einar, heldur \u00e1vallt tv\u00e6r saman.<\/p><p>F\u00edg\u00farurnar tv\u00e6r \u00ed pari eru fyrst og fremst mismunandi \u00ed kjaftinum. Oft er f\u00edg\u00faran me\u00f0 opna kjaftinn t\u00falku\u00f0 sem karlkyns, hin me\u00f0 loka\u00f0a kjaftinn sem kvenkyns, en \u00feessar t\u00falkanir eru ekki alls sta\u00f0ar eins.<\/p><p>Mikilv\u00e6gari en n\u00e1kv\u00e6m skipting er hugmyndin um samst\u00e6\u00f0u. F\u00edg\u00farurnar tv\u00e6r sinna tveimur \u00f3l\u00edkum, hvor annarri fylgjandi verkefnum. Ein verst, hin var\u00f0veitir.<\/p><p>Hugmyndin um samst\u00e6\u00f0a pari\u00f0 er v\u00ed\u00f0a til \u00ed Austur-As\u00edu. H\u00fan tengist hugmyndinni um tv\u00f6 gagnst\u00e6\u00f0 en samtengd \u00f6fl sem myndi saman heildina.<\/p><p>Opinn og loka\u00f0ur kjafturinn eru einnig t\u00falka\u00f0ir \u00ed \u00feessum anda. \u00deeim er \u00e6tla\u00f0 a\u00f0 t\u00e1kna upphafshlj\u00f3\u00f0 og lokahlj\u00f3\u00f0 og \u00feannig umfa\u00f0ma heildina milli upphafs og endis.<\/p><p>Shisa-pari\u00f0 g\u00e6tir h\u00fass \u00feannig fr\u00e1 tveimur hli\u00f0um. \u00dea\u00f0 verst \u00f3heillum og heldur hinu g\u00f3\u00f0a f\u00f6stu \u00ed senn. \u00cd \u00feessu tv\u00f6falda, hvor annarri fylgjandi hlutverki liggur tilgangur parsins.<\/p>\t\t\t\t\t\t\t\t<\/div>\n\t\t\t\t<\/div>\n\t\t\t\t\t<\/div>\n\t\t\t\t<\/div>\n\t\t<div class=\"elementor-element elementor-element-iwgs-shisa-s3 e-flex e-con-boxed e-con e-parent\" data-id=\"iwgs-shisa-s3\" data-element_type=\"container\" data-e-type=\"container\">\n\t\t\t\t\t<div class=\"e-con-inner\">\n\t\t\t\t<div class=\"elementor-element elementor-element-iwgs-shisa-s3h elementor-widget elementor-widget-heading\" data-id=\"iwgs-shisa-s3h\" data-element_type=\"widget\" data-e-type=\"widget\" data-widget_type=\"heading.default\">\n\t\t\t\t\t<h2 class=\"elementor-heading-title elementor-size-default\">Shisa sem h\u00fasver\u00f0ir<\/h2>\t\t\t\t<\/div>\n\t\t<div class=\"elementor-element elementor-element-iwgs-shisa-s3box e-con-full e-flex e-con e-parent\" data-id=\"iwgs-shisa-s3box\" data-element_type=\"container\" data-e-type=\"container\">\n\t\t\t\t<div class=\"elementor-element elementor-element-iwgs-shisa-s3t elementor-widget elementor-widget-text-editor\" data-id=\"iwgs-shisa-s3t\" data-element_type=\"widget\" data-e-type=\"widget\" data-widget_type=\"text-editor.default\">\n\t\t\t\t\t\t\t\t\t<p>Mikilv\u00e6gasta hlutverk shisa er a\u00f0 g\u00e6ta h\u00fassins. \u00deetta eru var\u00f0f\u00edg\u00farur sem \u00e6tla\u00f0 er a\u00f0 vernda h\u00fasi\u00f0 og \u00edb\u00faa \u00feess.<\/p><p>\u00deekktasti sta\u00f0ur shisa er \u00feaki\u00f0. \u00dear, \u00e1 h\u00e6sta punkti h\u00fassins, hafa \u00fe\u00e6r yfirs\u00fdn yfir umhverfi\u00f0 og verjast \u00f3heillum sem g\u00e6tu n\u00e1lgast h\u00fasi\u00f0.<\/p><p>Oft standa shisa einnig \u00ed p\u00f6rum vi\u00f0 hli\u00f0 og innganga. \u00c1 \u00feessum \u00fer\u00f6skuldi, m\u00f6rkunum milli hins ytra og innra, g\u00e6ta \u00fe\u00e6r mikilv\u00e6gasta a\u00f0gangsins a\u00f0 h\u00fasinu.<\/p><p>St\u00e6rri shisa-f\u00edg\u00farur finnast fyrir framan opinberar byggingar og vi\u00f0 innganga \u00feorpa. \u00de\u00e6r g\u00e6ta \u00fe\u00e1 ekki eins h\u00fass heldur st\u00e6rra sv\u00e6\u00f0is.<\/p><p>Vernd shisa sn\u00fdr a\u00f0 \u00f3heillum og ska\u00f0legum \u00f6flum af \u00f6llu tagi. \u00c1 eyjaklasa sem oft var\u00f0 fyrir stormum voru \u00fe\u00e6r einnig \u00e1kalla\u00f0ar gegn eldi og \u00f3ve\u00f0ri.<\/p><p>Shisa eru \u00feannig alhli\u00f0a h\u00fasver\u00f0ir. Fr\u00e1 \u00feaki og hli\u00f0i standa \u00fe\u00e6r v\u00f6r\u00f0, verjast \u00f3heillum og halda h\u00fasinu undir st\u00f6\u00f0ugri vernd sinni.<\/p>\t\t\t\t\t\t\t\t<\/div>\n\t\t\t\t<\/div>\n\t\t\t\t\t<\/div>\n\t\t\t\t<\/div>\n\t\t<div class=\"elementor-element elementor-element-iwgs-shisa-s4 e-flex e-con-boxed e-con e-parent\" data-id=\"iwgs-shisa-s4\" data-element_type=\"container\" data-e-type=\"container\">\n\t\t\t\t\t<div class=\"e-con-inner\">\n\t\t\t\t<div class=\"elementor-element elementor-element-iwgs-shisa-s4h elementor-widget elementor-widget-heading\" data-id=\"iwgs-shisa-s4h\" data-element_type=\"widget\" data-e-type=\"widget\" data-widget_type=\"heading.default\">\n\t\t\t\t\t<h2 class=\"elementor-heading-title elementor-size-default\">Uppruni og saga<\/h2>\t\t\t\t<\/div>\n\t\t<div class=\"elementor-element elementor-element-iwgs-shisa-s4box e-con-full e-flex e-con e-parent\" data-id=\"iwgs-shisa-s4box\" data-element_type=\"container\" data-e-type=\"container\">\n\t\t\t\t<div class=\"elementor-element elementor-element-iwgs-shisa-s4t elementor-widget elementor-widget-text-editor\" data-id=\"iwgs-shisa-s4t\" data-element_type=\"widget\" data-e-type=\"widget\" data-widget_type=\"text-editor.default\">\n\t\t\t\t\t\t\t\t\t<p>Shisa hafa langa s\u00f6gu sem n\u00e6r aftur til konungsr\u00edkisins sem var til \u00e1 Okinawa \u00e1\u00f0ur en eyjaklasinn var\u00f0 hluti af Japan.<\/p><p>\u00deetta konungsr\u00edki h\u00e9lt uppi \u00f6flugum tengslum vi\u00f0 K\u00edna og \u00f6nnur l\u00f6nd Austur-As\u00edu. \u00cd gegnum \u00feessi tengsl barst hugmyndin um lj\u00f3nsl\u00edka verndarveru til Okinawa.<\/p><p>Lj\u00f3ni\u00f0 er \u00feekkt sem verndarvera v\u00ed\u00f0a \u00ed As\u00edu, \u00fe\u00f3tt engin lj\u00f3n hafi veri\u00f0 til sta\u00f0ar \u00fear. \u00cdmynd lj\u00f3nsins barst um verslunarlei\u00f0ir og tr\u00faarbr\u00f6g\u00f0 og var alls sta\u00f0ar endurm\u00f3tu\u00f0 sem verndari.<\/p><p>\u00c1 Okinawa var\u00f0 \u00feessi \u00edmynd a\u00f0 hinni s\u00e9rst\u00e6\u00f0u Shisa. H\u00fan t\u00f3k \u00e1 sig einkenni verndara sem var \u00e6tla\u00f0 a\u00f0 vernda h\u00fas og bygg\u00f0ir eyjaklasans.<\/p><p>\u00cd upphafi voru st\u00f3rar steinstyttur af Shisa algengar, sem v\u00f6r\u00f0u heilar bygg\u00f0ir og mannvirki. \u00dea\u00f0 var ekki fyrr en me\u00f0 t\u00edmanum sem sm\u00e6rri styttur komu til, sem vernda einst\u00f6k h\u00fas og \u00fe\u00f6k \u00feeirra.<\/p><p>Saga Shisa s\u00fdnir \u00feannig fer\u00f0alag. \u00cdmynd lj\u00f3nsverndarans barst \u00far fjarl\u00e6g\u00f0 til Okinawa og var\u00f0 \u00fear a\u00f0 sj\u00e1lfst\u00e6\u00f0ri veru, r\u00f3tfastri \u00ed eyjamenningunni.<\/p>\t\t\t\t\t\t\t\t<\/div>\n\t\t\t\t<\/div>\n\t\t\t\t\t<\/div>\n\t\t\t\t<\/div>\n\t\t<div class=\"elementor-element elementor-element-iwgs-shisa-s5 e-flex e-con-boxed e-con e-parent\" data-id=\"iwgs-shisa-s5\" data-element_type=\"container\" data-e-type=\"container\">\n\t\t\t\t\t<div class=\"e-con-inner\">\n\t\t\t\t<div class=\"elementor-element elementor-element-iwgs-shisa-s5h elementor-widget elementor-widget-heading\" data-id=\"iwgs-shisa-s5h\" data-element_type=\"widget\" data-e-type=\"widget\" data-widget_type=\"heading.default\">\n\t\t\t\t\t<h2 class=\"elementor-heading-title elementor-size-default\">Shisa og lj\u00f3nsverndarar Austur-As\u00edu<\/h2>\t\t\t\t<\/div>\n\t\t<div class=\"elementor-element elementor-element-iwgs-shisa-s5box e-con-full e-flex e-con e-parent\" data-id=\"iwgs-shisa-s5box\" data-element_type=\"container\" data-e-type=\"container\">\n\t\t\t\t<div class=\"elementor-element elementor-element-iwgs-shisa-s5t elementor-widget elementor-widget-text-editor\" data-id=\"iwgs-shisa-s5t\" data-element_type=\"widget\" data-e-type=\"widget\" data-widget_type=\"text-editor.default\">\n\t\t\t\t\t\t\t\t\t<p>Shisa tilheyra st\u00f3rri fj\u00f6lskyldu. Um alla Austur-As\u00edu eru lj\u00f3nsl\u00edkar verndarverur \u00fatbreiddar, og Shisa er \u00fatg\u00e1fa \u00feeirra \u00e1 Okinawa.<\/p><p>\u00cd K\u00edna standa lj\u00f3nsl\u00edkar styttur \u00ed p\u00f6rum fyrir framan hof, hli\u00f0 og byggingar. \u00de\u00e6r koma einnig fram \u00ed p\u00f6rum, og einnig hj\u00e1 \u00feeim eru styttur a\u00f0greindar \u00e1 \u00fdmsan h\u00e1tt.<\/p><p>\u00cd Japan standa oft lj\u00f3nsl\u00edkar steinstyttur fyrir framan helgid\u00f3ma. \u00de\u00e6r myndast einnig par me\u00f0 opnum og loku\u00f0um munni og vakta a\u00f0gang a\u00f0 hinum helga sta\u00f0.<\/p><p>K\u00f3rea \u00feekkir einnig lj\u00f3nsl\u00edkar verndarverur sem eiga a\u00f0 verjast \u00f3h\u00f6ppum og s\u00e9rstaklega eldi. \u00c1 s\u00ed\u00f0unni um k\u00f3reska <a href=\"https:\/\/iwell-guard.com\/is\/?page_id=169205\">Haetae<\/a> er sl\u00edk vera n\u00e1nar kynnt.<\/p><p>\u00d6llum \u00feessum styttum liggur sama grunnhugmyndin til grundvallar. Lj\u00f3ni\u00f0, hi\u00f0 mikilfenglega, \u00f3gnvekjandi d\u00fdr, ver\u00f0ur a\u00f0 verndara sem hrekur burt \u00f3h\u00f6pp og vaktar a\u00f0gang a\u00f0 h\u00fasi e\u00f0a helgum sta\u00f0.<\/p><p>Shisa er \u00fatg\u00e1fa \u00feessarar hugmyndar \u00e1 Okinawa. S\u00e9rsta\u00f0a hennar er sta\u00f0setningin \u00e1 \u00feaki \u00edb\u00fa\u00f0arh\u00fasa og n\u00e1in tengsl vi\u00f0 sj\u00e1lfst\u00e6\u00f0a menningu eyjaklasans.<\/p>\t\t\t\t\t\t\t\t<\/div>\n\t\t\t\t<\/div>\n\t\t\t\t\t<\/div>\n\t\t\t\t<\/div>\n\t\t<div class=\"elementor-element elementor-element-iwgs-shisa-s6 e-flex e-con-boxed e-con e-parent\" data-id=\"iwgs-shisa-s6\" data-element_type=\"container\" data-e-type=\"container\">\n\t\t\t\t\t<div class=\"e-con-inner\">\n\t\t\t\t<div class=\"elementor-element elementor-element-iwgs-shisa-s6h elementor-widget elementor-widget-heading\" data-id=\"iwgs-shisa-s6h\" data-element_type=\"widget\" data-e-type=\"widget\" data-widget_type=\"heading.default\">\n\t\t\t\t\t<h2 class=\"elementor-heading-title elementor-size-default\">Lj\u00f3ni\u00f0 sem verndard\u00fdr<\/h2>\t\t\t\t<\/div>\n\t\t<div class=\"elementor-element elementor-element-iwgs-shisa-s6box e-con-full e-flex e-con e-parent\" data-id=\"iwgs-shisa-s6box\" data-element_type=\"container\" data-e-type=\"container\">\n\t\t\t\t<div class=\"elementor-element elementor-element-iwgs-shisa-s6t elementor-widget elementor-widget-text-editor\" data-id=\"iwgs-shisa-s6t\" data-element_type=\"widget\" data-e-type=\"widget\" data-widget_type=\"text-editor.default\">\n\t\t\t\t\t\t\t\t\t<p>Shisa er ekki skiljanleg \u00e1n hinnar s\u00e9rst\u00f6ku st\u00f6\u00f0u lj\u00f3nsins. Lj\u00f3ni\u00f0 er \u00ed m\u00f6rgum menningarheimum tali\u00f0 m\u00e1ttugt, verndandi d\u00fdr.<\/p><p>Lj\u00f3ni\u00f0 stendur fyrir styrk, m\u00e1tt og hr\u00e6\u00f0sluleysi. Sem konungur d\u00fdranna er \u00fea\u00f0 <span class=\"iwg-fachbegriff\" data-tooltip=\"Sk\u00fdr mynd sem t\u00e1knar hugmynd sem er annars hugl\u00e6g.\" tabindex=\"0\">sinnismynd<\/span> yfirbur\u00f0akraftar. \u00deessi kraftur gerir \u00fea\u00f0 a\u00f0 h\u00e6fum verndara.<\/p><p>Athyglisvert er a\u00f0 lj\u00f3ni\u00f0 var d\u00fdrka\u00f0 sem verndari \u00ed Austur-As\u00edu, \u00fe\u00f3tt engin villt lj\u00f3n v\u00e6ru \u00fear til sta\u00f0ar. \u00cdmynd lj\u00f3nsins var farandmynd sem barst um verslunarlei\u00f0ir og tr\u00faarbr\u00f6g\u00f0.<\/p><p>\u00dear sem hi\u00f0 eiginlega lj\u00f3n var \u00f3\u00feekkt, ur\u00f0u til s\u00e9rstakar, breyttar lj\u00f3nsverur. Shisa er sl\u00edk vera, lj\u00f3nsl\u00edk vera sem birtir hugmyndina um verndandi lj\u00f3n.<\/p><p>Hugsunin \u00e1 bak vi\u00f0 \u00feetta er fr\u00e1hrekjandi \u00e1hrif. M\u00e1ttugt, \u00f3gnvekjandi d\u00fdr \u00e1 a\u00f0 halda \u00f3h\u00f6ppum \u00ed fjarl\u00e6g\u00f0 me\u00f0 einni \u00e1s\u00fdnd sinni. Shisa verjast me\u00f0 \u00fev\u00ed a\u00f0 \u00fatstreyma styrk og v\u00f6kuvakandi athygli.<\/p><p>Shisa tilheyra \u00feannig verndarverum sem virka me\u00f0 \u00edmynd m\u00e1ttugs d\u00fdrs. Lj\u00f3ni\u00f0, hi\u00f0 hr\u00e6\u00f0slulausa konungd\u00fdr, l\u00e1nar \u00feeim fr\u00e1hrekjandi kraft sinn.<\/p>\t\t\t\t\t\t\t\t<\/div>\n\t\t\t\t<\/div>\n\t\t\t\t\t<\/div>\n\t\t\t\t<\/div>\n\t\t<div class=\"elementor-element elementor-element-iwgs-shisa-s7 e-flex e-con-boxed e-con e-parent\" data-id=\"iwgs-shisa-s7\" data-element_type=\"container\" data-e-type=\"container\">\n\t\t\t\t\t<div class=\"e-con-inner\">\n\t\t\t\t<div class=\"elementor-element elementor-element-iwgs-shisa-s7h elementor-widget elementor-widget-heading\" data-id=\"iwgs-shisa-s7h\" data-element_type=\"widget\" data-e-type=\"widget\" data-widget_type=\"heading.default\">\n\t\t\t\t\t<h2 class=\"elementor-heading-title elementor-size-default\">Shisa sem t\u00e1kn Okinawa<\/h2>\t\t\t\t<\/div>\n\t\t<div class=\"elementor-element elementor-element-iwgs-shisa-s7box e-con-full e-flex e-con e-parent\" data-id=\"iwgs-shisa-s7box\" data-element_type=\"container\" data-e-type=\"container\">\n\t\t\t\t<div class=\"elementor-element elementor-element-iwgs-shisa-s7t elementor-widget elementor-widget-text-editor\" data-id=\"iwgs-shisa-s7t\" data-element_type=\"widget\" data-e-type=\"widget\" data-widget_type=\"text-editor.default\">\n\t\t\t\t\t\t\t\t\t<p>Umfram hlutverk sitt sem verndarar hafa Shisa or\u00f0i\u00f0 t\u00e1kn Okinawa sj\u00e1lfrar. \u00de\u00e6r eru \u00f3a\u00f0skiljanlegur hluti af \u00edmynd eyjaklasans.<\/p><p>\u00c1 Okinawa m\u00e1 sj\u00e1 Shisa n\u00e1nast alls sta\u00f0ar. \u00de\u00e6r standa \u00e1 \u00fe\u00f6kum h\u00fasa, vi\u00f0 hli\u00f0, fyrir framan byggingar og vi\u00f0 inngang bygg\u00f0a. \u00de\u00e6r m\u00f3ta \u00edmynd eyjanna.<\/p><p>Framlei\u00f0sla Shisa er s\u00e9rst\u00f6k handverksgrein Okinawa. \u00cd vinnustofum eyjaklasans eru styttur unnar \u00far leir og steini, og hver handverksma\u00f0ur gefur \u00feeim sinn eigin svip.<\/p><p>Shisa eru \u00feannig b\u00e6\u00f0i verndarverur og tj\u00e1ning sta\u00f0bundinnar listar. \u00cd \u00feeim sameinast forna hugmyndin um verndara og handverkshef\u00f0 Okinawa.<\/p><p>Sem t\u00e1kn Okinawa hafa Shisa einnig samh\u00e6fandi \u00fe\u00fd\u00f0ingu. \u00de\u00e6r stendur fyrir eigin s\u00f6gu og eigin menningu eyjaklasans, sem er fr\u00e1brug\u00f0in \u00feeirri sem r\u00edkir \u00e1 meginlandi Japans.<\/p><p>Shisa eru \u00fev\u00ed meira en verndarverur. \u00de\u00e6r eru t\u00e1kn tilheyrslu og sj\u00e1lfst\u00e6\u00f0is Okinawa, og verndarhlutverk \u00feeirra er tengt \u00feessari sta\u00f0bundnu r\u00f3tfestu.<\/p>\t\t\t\t\t\t\t\t<\/div>\n\t\t\t\t<\/div>\n\t\t\t\t\t<\/div>\n\t\t\t\t<\/div>\n\t\t<div class=\"elementor-element elementor-element-iwgs-shisa-s8 e-flex e-con-boxed e-con e-parent\" data-id=\"iwgs-shisa-s8\" data-element_type=\"container\" data-e-type=\"container\">\n\t\t\t\t\t<div class=\"e-con-inner\">\n\t\t\t\t<div class=\"elementor-element elementor-element-iwgs-shisa-s8h elementor-widget elementor-widget-heading\" data-id=\"iwgs-shisa-s8h\" data-element_type=\"widget\" data-e-type=\"widget\" data-widget_type=\"heading.default\">\n\t\t\t\t\t<h2 class=\"elementor-heading-title elementor-size-default\">M\u00f3tt\u00f6kur \u00ed dag<\/h2>\t\t\t\t<\/div>\n\t\t<div class=\"elementor-element elementor-element-iwgs-shisa-s8box e-con-full e-flex e-con e-parent\" data-id=\"iwgs-shisa-s8box\" data-element_type=\"container\" data-e-type=\"container\">\n\t\t\t\t<div class=\"elementor-element elementor-element-iwgs-shisa-s8t elementor-widget elementor-widget-text-editor\" data-id=\"iwgs-shisa-s8t\" data-element_type=\"widget\" data-e-type=\"widget\" data-widget_type=\"text-editor.default\">\n\t\t\t\t\t\t\t\t\t<p>Shisa eru alltumlykjandi \u00ed n\u00fat\u00edma Okinawa. \u00c1 \u00fe\u00f6kum, vi\u00f0 hli\u00f0 og fyrir framan h\u00fas vakta \u00fe\u00e6r \u00f3breyttar heimili f\u00f3lks.<\/p><p>Umfram Okinawa hafa Shisa or\u00f0i\u00f0 vel kunnugt t\u00e1kn. Sem minjagripir, styttur og skart eru \u00fe\u00e6r metnar og safna\u00f0ar l\u00edka utan eyjaklasans.<\/p><p>Fyrir marga f\u00f3lk er tengslin vi\u00f0 Shisa \u00ed dag s\u00ed\u00f0ur str\u00f6ng tr\u00faarsannf\u00e6ring heldur fremur var\u00f0veitt hef\u00f0 og samband vi\u00f0 Okinawa. Shisa-par vi\u00f0 h\u00fas tilheyrir kunnuglegri \u00edmynd.<\/p><p>Framlei\u00f0sla Shisa hefur haldist lifandi handverk. \u00cd vinnustofum eyjaklasans eru enn unnar styttur, fr\u00e1 litlum minjagripum til st\u00f3rra verndara fyrir \u00fe\u00f6k og hli\u00f0.<\/p><p>Hlutl\u00e6g l\u00fdsing skilgreinir Shisa sem \u00fea\u00f0 sem \u00fe\u00e6r eru: verndarverur \u00ed p\u00f6rum \u00ed lj\u00f3nsl\u00edki, sem \u00e6tla\u00f0 er a\u00f0 verjast \u00f3h\u00f6ppum og var\u00f0veita hi\u00f0 g\u00f3\u00f0a. Frekari \u00e1hrif ver\u00f0a ekki sta\u00f0fest.<\/p><p>Shisa eru \u00feannig \u00e1fram lifandi t\u00e1kn Okinawa. \u00cd \u00feeim sameinast farandmynd lj\u00f3nsverndarans, hugmyndin um samstillt par og \u00f3skin um a\u00f0 vakta eigi\u00f0 heimili fr\u00e1 \u00feaki til hli\u00f0s.<\/p>\t\t\t\t\t\t\t\t<\/div>\n\t\t\t\t<\/div>\n\t\t\t\t\t<\/div>\n\t\t\t\t<\/div>\n\t\t<div class=\"elementor-element elementor-element-iwgs-shisa-lit e-flex e-con-boxed e-con e-parent\" data-id=\"iwgs-shisa-lit\" data-element_type=\"container\" data-e-type=\"container\">\n\t\t\t\t\t<div class=\"e-con-inner\">\n\t\t\t\t<div class=\"elementor-element elementor-element-iwgs-shisa-lith elementor-widget elementor-widget-heading\" data-id=\"iwgs-shisa-lith\" data-element_type=\"widget\" data-e-type=\"widget\" data-widget_type=\"heading.default\">\n\t\t\t\t\t<h2 class=\"elementor-heading-title elementor-size-default\">Heimildir (\u00farval)<\/h2>\t\t\t\t<\/div>\n\t\t<div class=\"elementor-element elementor-element-iwgs-shisa-litbox e-con-full e-flex e-con e-parent\" data-id=\"iwgs-shisa-litbox\" data-element_type=\"container\" data-e-type=\"container\">\n\t\t\t\t<div class=\"elementor-element elementor-element-iwgs-shisa-litt elementor-widget elementor-widget-html\" data-id=\"iwgs-shisa-litt\" data-element_type=\"widget\" data-e-type=\"widget\" data-widget_type=\"html.default\">\n\t\t\t\t\t<footer data-nosnippet=\"true\"><ul><li>Gregory Smits: <em>Visions of Ryukyu<\/em> (1999)<\/li><li>Nelly Naumann: <em>Die einheimische Religion Japans<\/em> (1988)<\/li><li>Robert J. Smith: <em>Ancestor Worship in Contemporary Japan<\/em> (1974)<\/li><li>Patrick Beillevaire (Hrsg.): <em>Ryukyu Studies to 1854<\/em> (2000)<\/li><li>George H. Kerr: <em>Okinawa. The History of an Island People<\/em> (1958)<\/li><\/ul><\/footer>\t\t\t\t<\/div>\n\t\t\t\t<\/div>\n\t\t\t\t\t<\/div>\n\t\t\t\t<\/div>\n\t\t<div class=\"elementor-element elementor-element-iwgs-shisa-kwd e-flex e-con-boxed e-con e-parent\" data-id=\"iwgs-shisa-kwd\" data-element_type=\"container\" data-e-type=\"container\">\n\t\t\t\t\t<div class=\"e-con-inner\">\n\t\t\t\t<div class=\"elementor-element elementor-element-iwgs-shisa-kwdt elementor-widget elementor-widget-text-editor\" data-id=\"iwgs-shisa-kwdt\" data-element_type=\"widget\" data-e-type=\"widget\" data-widget_type=\"text-editor.default\">\n\t\t\t\t\t\t\t\t\t<p><em>Tengd leitaror\u00f0: Shisa \u00deakverndari Okinawa Lj\u00f3nsstytta H\u00fasverndari Verndarpar Verndarvera Haetae Japan Lj\u00f3n.<\/em><\/p>\t\t\t\t\t\t\t\t<\/div>\n\t\t\t\t\t<\/div>\n\t\t\t\t<\/div>\n\t\t<div class=\"elementor-element elementor-element-iwgs-shisa-cc e-flex e-con-boxed e-con e-parent\" data-id=\"iwgs-shisa-cc\" data-element_type=\"container\" data-e-type=\"container\" id=\"iwg-cc-shisa\">\n\t\t\t\t\t<div class=\"e-con-inner\">\n\t\t<div class=\"elementor-element elementor-element-iwgs-shisa-ccinner e-flex e-con-boxed e-con e-parent\" data-id=\"iwgs-shisa-ccinner\" data-element_type=\"container\" data-e-type=\"container\" data-settings=\"{&quot;background_background&quot;:&quot;classic&quot;}\">\n\t\t\t\t\t<div class=\"e-con-inner\">\n\t\t\t\t<div class=\"elementor-element elementor-element-iwgs-shisa-cch elementor-widget elementor-widget-heading\" data-id=\"iwgs-shisa-cch\" data-element_type=\"widget\" data-e-type=\"widget\" data-widget_type=\"heading.default\">\n\t\t\t\t\t<h2 class=\"elementor-heading-title elementor-size-default\">iWell Guard og verndarhef\u00f0ir<\/h2>\t\t\t\t<\/div>\n\t\t\t\t<div class=\"elementor-element elementor-element-iwgs-shisa-cct elementor-widget elementor-widget-text-editor\" data-id=\"iwgs-shisa-cct\" data-element_type=\"widget\" data-e-type=\"widget\" data-widget_type=\"text-editor.default\">\n\t\t\t\t\t\t\t\t\t<p>iWell Guard er hluti af menningars\u00f6gulegri hef\u00f0 t\u00e1kngripa til a\u00f0 bera \u00e1 s\u00e9r, sem Shisa tilheyrir einnig. N\u00fat\u00edmalegur fylgihlutur fyrir f\u00f3lk sem lifir me\u00f0 verndart\u00e1knum: framleitt \u00ed \u00de\u00fdskalandi, 41 lag af sk\u00edragulli, plat\u00ednu og silfri, me\u00f0 30 daga skilar\u00e9tti.<\/p>\t\t\t\t\t\t\t\t<\/div>\n\t\t\t\t<div class=\"elementor-element elementor-element-iwgs-shisa-ccb iwg-cc-button iwg-cc-cta-2026-05-13 elementor-widget elementor-widget-jet-button\" data-id=\"iwgs-shisa-ccb\" data-element_type=\"widget\" data-e-type=\"widget\" data-widget_type=\"jet-button.default\">\n\t\t\t\t<div class=\"elementor-widget-container\">\n\t\t\t\t\t<div class=\"elementor-jet-button jet-elements\"><div class=\"jet-button__container\"><a class=\"jet-button__instance jet-button__instance--icon-left hover-effect-1\" href=\"\/schutzanhaenger-iwell-guard-kaufen\/?utm_source=iwell-guard.com&amp;utm_medium=info-box&amp;utm_campaign=schutzsymbole\"><div class=\"jet-button__plane jet-button__plane-normal\"><\/div><div class=\"jet-button__plane jet-button__plane-hover\"><\/div><div class=\"jet-button__state jet-button__state-normal\"><span class=\"jet-button__label\">Meira um iWell Guard<\/span><\/div><div class=\"jet-button__state jet-button__state-hover\"><span class=\"jet-button__label\">Meira um iWell Guard<\/span><\/div><\/a><\/div><\/div><style>.elementor-element.elementor-element-iwgs-shisa-ccb .jet-button__instance{width:320px;height:56px;}.elementor-element.elementor-element-iwgs-shisa-ccb .jet-button__state-normal .jet-button__label{text-align:center;margin:0px 0px 0px 0px;color:#1a1b20;font-family:Montserrat,sans-serif;font-size:13px;font-weight:400;letter-spacing:4px;line-height:1.714em;text-transform:uppercase;}.elementor-element.elementor-element-iwgs-shisa-ccb .jet-button__state-hover .jet-button__label{text-align:center;margin:0px 0px 0px 0px;color:#FECC76;font-family:Montserrat,sans-serif;font-size:13px;font-weight:400;letter-spacing:4px;line-height:1.714em;text-transform:uppercase;}.elementor-element.elementor-element-iwgs-shisa-ccb .jet-button__plane-normal{background-color:#FECC76;border-style:solid;border-color:#C99540;border-width:2px 2px 2px 2px;}.elementor-element.elementor-element-iwgs-shisa-ccb .jet-button__plane-hover{background-color:rgba(0,0,0,0.55);border-style:solid;border-color:#FECC76;border-width:2px 2px 2px 2px;}<\/style>\t\t\t\t<\/div>\n\t\t\t\t<\/div>\n\t\t\t\t<div class=\"elementor-element elementor-element-iwgs-shisa-ccd elementor-widget elementor-widget-text-editor\" data-id=\"iwgs-shisa-ccd\" data-element_type=\"widget\" data-e-type=\"widget\" data-widget_type=\"text-editor.default\">\n\t\t\t\t\t\t\t\t\t<p style=\"text-align:center;font-size:13px;opacity:0.7;margin-top:14px\" data-nosnippet=\"true\">Pers\u00f3nuleg reynsla getur veri\u00f0 mismunandi. Ekki l\u00e6kningat\u00e6ki. Engin lofor\u00f0 um l\u00e6kningu.<\/p>\t\t\t\t\t\t\t\t<\/div>\n\t\t\t\t\t<\/div>\n\t\t\t\t<\/div>\n\t\t\t\t\t<\/div>\n\t\t\t\t<\/div>\n\t\t<div class=\"elementor-element elementor-element-iwgs-shisa-disc e-flex e-con-boxed e-con e-parent\" data-id=\"iwgs-shisa-disc\" data-element_type=\"container\" data-e-type=\"container\">\n\t\t\t\t\t<div class=\"e-con-inner\">\n\t\t\t\t<div class=\"elementor-element elementor-element-iwgs-shisa-discw elementor-widget elementor-widget-html\" data-id=\"iwgs-shisa-discw\" data-element_type=\"widget\" data-e-type=\"widget\" data-widget_type=\"html.default\">\n\t\t\t\t\t<footer data-nosnippet=\"true\" class=\"iwg-disclaimer-block\"><p data-nosnippet=\"true\">iWell Guard er <strong>ekki l\u00e6kningat\u00e6ki<\/strong> og kemur ekki \u00ed sta\u00f0 l\u00e6knis- e\u00f0a s\u00e1lfr\u00e6\u00f0ime\u00f0fer\u00f0ar. Innihaldi\u00f0 sem h\u00e9r er sett fram er tr\u00faarbrag\u00f0afr\u00e6\u00f0ileg og menningars\u00f6gulega greining, ekki lofor\u00f0 um andlega virkni.<\/p><\/footer>\t\t\t\t<\/div>\n\t\t\t\t\t<\/div>\n\t\t\t\t<\/div>\n\t\t\t\t<\/div>\n\t\t","protected":false},"excerpt":{"rendered":"","protected":false},"author":3,"featured_media":3545,"parent":0,"menu_order":0,"comment_status":"closed","ping_status":"closed","template":"elementor_header_footer","meta":{"_yoast_wpseo_focuskw":"Shisa","_yoast_wpseo_title":"Shisa \u2013 thakverdir Okinawa","_yoast_wpseo_metadesc":"Shisa eru lj\u00f3nsl\u00edkar \u00feakf\u00edg\u00farur fr\u00e1 Okinawa, settar upp \u00ed p\u00f6rum sem h\u00fasver\u00f0ir. Uppruni og merking \u00fatsk\u00fdr\u00f0 \u00e1 sk\u00fdran h\u00e1tt.","_yoast_wpseo_meta-robots-noindex":"","_yoast_wpseo_canonical":"","_angie_page":false,"gefaehrdungsstufe":"","wesen_kultur":"","wesen_klasse":"","footnotes":""},"categories":[],"class_list":["post-169204","page","type-page","status-publish","has-post-thumbnail","hentry"],"yoast_head":"<!-- This site is optimized with the Yoast SEO Premium plugin v27.7 (Yoast SEO v28.3) - https:\/\/yoast.com\/product\/yoast-seo-premium-wordpress\/ -->\n<title>Shisa \u2013 thakverdir Okinawa<\/title>\n<meta name=\"description\" content=\"Shisa eru lj\u00f3nsl\u00edkar \u00feakf\u00edg\u00farur fr\u00e1 Okinawa, settar upp \u00ed p\u00f6rum sem h\u00fasver\u00f0ir. Uppruni og merking \u00fatsk\u00fdr\u00f0 \u00e1 sk\u00fdran h\u00e1tt.\" \/>\n<meta name=\"robots\" content=\"index, follow, max-snippet:-1, max-image-preview:large, max-video-preview:-1\" \/>\n<link rel=\"canonical\" href=\"https:\/\/iwell-guard.com\/is\/shisa-thakverdir-okinawa\/\" \/>\n<meta property=\"og:locale\" content=\"is_IS\" \/>\n<meta property=\"og:type\" content=\"article\" \/>\n<meta property=\"og:title\" content=\"Shisa \u2013 lj\u00f3nsl\u00edkir \u00feakver\u00f0ir Okinawa\" \/>\n<meta property=\"og:description\" content=\"Shisa eru lj\u00f3nsl\u00edkar \u00feakf\u00edg\u00farur fr\u00e1 Okinawa, settar upp \u00ed p\u00f6rum sem h\u00fasver\u00f0ir. Uppruni og merking \u00fatsk\u00fdr\u00f0 \u00e1 sk\u00fdran h\u00e1tt.\" \/>\n<meta property=\"og:url\" content=\"https:\/\/iwell-guard.com\/is\/shisa-thakverdir-okinawa\/\" \/>\n<meta property=\"og:site_name\" content=\"iWell Guard\" \/>\n<meta property=\"article:modified_time\" content=\"2026-09-05T14:34:52+00:00\" \/>\n<meta property=\"og:image\" content=\"https:\/\/iwell-guard.com\/wp-content\/uploads\/2026\/05\/schutzsymbol_japan_shisa.webp\" \/>\n\t<meta property=\"og:image:width\" content=\"1024\" \/>\n\t<meta property=\"og:image:height\" content=\"1536\" \/>\n\t<meta property=\"og:image:type\" content=\"image\/webp\" \/>\n<meta name=\"twitter:card\" content=\"summary_large_image\" \/>\n<script type=\"application\/ld+json\" class=\"yoast-schema-graph\">{\"@context\":\"https:\\\/\\\/schema.org\",\"@graph\":[{\"@type\":\"WebPage\",\"@id\":\"https:\\\/\\\/iwell-guard.com\\\/is\\\/shisa-thakverdir-okinawa\\\/\",\"url\":\"https:\\\/\\\/iwell-guard.com\\\/is\\\/shisa-thakverdir-okinawa\\\/\",\"name\":\"Shisa \u2013 thakverdir Okinawa\",\"isPartOf\":{\"@id\":\"https:\\\/\\\/iwell-guard.com\\\/is\\\/#website\"},\"primaryImageOfPage\":{\"@id\":\"https:\\\/\\\/iwell-guard.com\\\/is\\\/shisa-thakverdir-okinawa\\\/#primaryimage\"},\"image\":{\"@id\":\"https:\\\/\\\/iwell-guard.com\\\/is\\\/shisa-thakverdir-okinawa\\\/#primaryimage\"},\"thumbnailUrl\":\"https:\\\/\\\/iwell-guard.com\\\/wp-content\\\/uploads\\\/2026\\\/05\\\/schutzsymbol_japan_shisa.webp\",\"datePublished\":\"2026-09-05T14:06:28+00:00\",\"dateModified\":\"2026-09-05T14:34:52+00:00\",\"description\":\"Shisa eru lj\u00f3nsl\u00edkar \u00feakf\u00edg\u00farur fr\u00e1 Okinawa, settar upp \u00ed p\u00f6rum sem h\u00fasver\u00f0ir. Uppruni og merking \u00fatsk\u00fdr\u00f0 \u00e1 sk\u00fdran h\u00e1tt.\",\"breadcrumb\":{\"@id\":\"https:\\\/\\\/iwell-guard.com\\\/is\\\/shisa-thakverdir-okinawa\\\/#breadcrumb\"},\"inLanguage\":\"is\",\"potentialAction\":[{\"@type\":\"ReadAction\",\"target\":[\"https:\\\/\\\/iwell-guard.com\\\/is\\\/shisa-thakverdir-okinawa\\\/\"]}]},{\"@type\":\"ImageObject\",\"inLanguage\":\"is\",\"@id\":\"https:\\\/\\\/iwell-guard.com\\\/is\\\/shisa-thakverdir-okinawa\\\/#primaryimage\",\"url\":\"https:\\\/\\\/iwell-guard.com\\\/wp-content\\\/uploads\\\/2026\\\/05\\\/schutzsymbol_japan_shisa.webp\",\"contentUrl\":\"https:\\\/\\\/iwell-guard.com\\\/wp-content\\\/uploads\\\/2026\\\/05\\\/schutzsymbol_japan_shisa.webp\",\"width\":1024,\"height\":1536,\"caption\":\"Verndart\u00e1kn. Myndskreyting \u00ed safnst\u00edl.\"},{\"@type\":\"BreadcrumbList\",\"@id\":\"https:\\\/\\\/iwell-guard.com\\\/is\\\/shisa-thakverdir-okinawa\\\/#breadcrumb\",\"itemListElement\":[{\"@type\":\"ListItem\",\"position\":1,\"name\":\"Start\",\"item\":\"https:\\\/\\\/iwell-guard.com\\\/is\\\/?page_id=168580\"},{\"@type\":\"ListItem\",\"position\":2,\"name\":\"Shisa \u2013 lj\u00f3nsl\u00edkir \u00feakver\u00f0ir Okinawa\"}]},{\"@type\":\"WebSite\",\"@id\":\"https:\\\/\\\/iwell-guard.com\\\/is\\\/#website\",\"url\":\"https:\\\/\\\/iwell-guard.com\\\/is\\\/\",\"name\":\"iWell Guard\",\"description\":\"Schutz vor dunklen Einfl\u00fcssen\",\"publisher\":{\"@id\":\"https:\\\/\\\/iwell-guard.com\\\/is\\\/#organization\"},\"potentialAction\":[{\"@type\":\"SearchAction\",\"target\":{\"@type\":\"EntryPoint\",\"urlTemplate\":\"https:\\\/\\\/iwell-guard.com\\\/is\\\/?s={search_term_string}\"},\"query-input\":{\"@type\":\"PropertyValueSpecification\",\"valueRequired\":true,\"valueName\":\"search_term_string\"}}],\"inLanguage\":\"is\"},{\"@type\":\"Organization\",\"@id\":\"https:\\\/\\\/iwell-guard.com\\\/is\\\/#organization\",\"name\":\"Ittermann electronic GmbH\",\"url\":\"https:\\\/\\\/iwell-guard.com\\\/is\\\/\",\"logo\":{\"@type\":\"ImageObject\",\"inLanguage\":\"is\",\"@id\":\"https:\\\/\\\/iwell-guard.com\\\/is\\\/#\\\/schema\\\/logo\\\/image\\\/\",\"url\":\"https:\\\/\\\/iwell-guard.com\\\/wp-content\\\/uploads\\\/2026\\\/05\\\/Ittermann-Logo-1182x237-1.png\",\"contentUrl\":\"https:\\\/\\\/iwell-guard.com\\\/wp-content\\\/uploads\\\/2026\\\/05\\\/Ittermann-Logo-1182x237-1.png\",\"width\":1182,\"height\":237,\"caption\":\"Ittermann electronic GmbH\"},\"image\":{\"@id\":\"https:\\\/\\\/iwell-guard.com\\\/is\\\/#\\\/schema\\\/logo\\\/image\\\/\"},\"sameAs\":[\"https:\\\/\\\/pantip.com\\\/profile\\\/9367242\",\"https:\\\/\\\/micro.blog\\\/iwellguard\",\"https:\\\/\\\/www.diggerslist.com\\\/iwellguard\\\/about\",\"https:\\\/\\\/skitterphoto.com\\\/photographers\\\/2870314\\\/iwell-guard\",\"https:\\\/\\\/iwellguard.wordpress.com\\\/2026\\\/06\\\/06\\\/iwell-guard\\\/\",\"https:\\\/\\\/hub.docker.com\\\/u\\\/iwellguard\",\"https:\\\/\\\/www.pinterest.com\\\/iwellguard\\\/\",\"https:\\\/\\\/bit.ly\\\/m\\\/iwellguard\",\"https:\\\/\\\/entre-vos-mains.alsace.eu\\\/profiles\\\/iwellguard\\\/activity\",\"https:\\\/\\\/gravatar.com\\\/reallybeded8fd34\",\"https:\\\/\\\/naijamatta.com\\\/iwellguard\",\"https:\\\/\\\/www.goodreads.com\\\/iwellguard\",\"https:\\\/\\\/profile.hatena.ne.jp\\\/iwellguard\\\/\",\"https:\\\/\\\/experiment.com\\\/users\\\/iwellguard\",\"https:\\\/\\\/wakelet.com\\\/@iWellGuard82270\",\"https:\\\/\\\/www.chordie.com\\\/forum\\\/profile.php?id=2555664\",\"https:\\\/\\\/www.instapaper.com\\\/p\\\/17757966\",\"https:\\\/\\\/www.mapleprimes.com\\\/users\\\/iwellguard\",\"https:\\\/\\\/businesslistingplus.com\\\/profile\\\/iwell-guard\\\/\",\"https:\\\/\\\/telegra.ph\\\/iWell-Guard-06-06\",\"https:\\\/\\\/pbase.com\\\/iwellguard\\\/iwellguard\",\"https:\\\/\\\/b.hatena.ne.jp\\\/iwellguard\\\/20260607#bookmark-4788405196491818882\",\"https:\\\/\\\/fliphtml5.com\\\/home\\\/iwellguard\",\"https:\\\/\\\/anyflip.com\\\/homepage\\\/cmiwl#About\",\"https:\\\/\\\/transfur.com\\\/Users\\\/iwellguard\",\"http:\\\/\\\/delphi.larsbo.org\\\/user\\\/iwellguard\",\"https:\\\/\\\/jobs.lajobsportal.org\\\/profiles\\\/8380803-iwell-guard\",\"https:\\\/\\\/md.chaosdorf.de\\\/s\\\/jfbe5SBdJD\",\"https:\\\/\\\/www.lingvolive.com\\\/en-us\\\/profile\\\/9ecaeaca-ce11-4e51-9e71-01d55e2bff36\\\/translations\",\"https:\\\/\\\/www.fitday.com\\\/fitness\\\/forums\\\/members\\\/iwellguard.html\",\"https:\\\/\\\/www.mymeetbook.com\\\/iwellguard\",\"https:\\\/\\\/pxhere.com\\\/en\\\/photographer-me\\\/5040798\",\"https:\\\/\\\/disqus.com\\\/by\\\/iwellguard\\\/about\\\/\",\"https:\\\/\\\/pastelink.net\\\/hjwciqwq\",\"https:\\\/\\\/pubhtml5.com\\\/homepage\\\/scjhn\\\/\",\"https:\\\/\\\/www.bitchute.com\\\/channel\\\/2O2eOKzNqujT\",\"https:\\\/\\\/audiomack.com\\\/iwellguard\"]}]}<\/script>\n<!-- \/ Yoast SEO Premium plugin. -->","yoast_head_json":{"title":"Shisa \u2013 thakverdir Okinawa","description":"Shisa eru lj\u00f3nsl\u00edkar \u00feakf\u00edg\u00farur fr\u00e1 Okinawa, settar upp \u00ed p\u00f6rum sem h\u00fasver\u00f0ir. Uppruni og merking \u00fatsk\u00fdr\u00f0 \u00e1 sk\u00fdran h\u00e1tt.","robots":{"index":"index","follow":"follow","max-snippet":"max-snippet:-1","max-image-preview":"max-image-preview:large","max-video-preview":"max-video-preview:-1"},"canonical":"https:\/\/iwell-guard.com\/is\/shisa-thakverdir-okinawa\/","og_locale":"is_IS","og_type":"article","og_title":"Shisa \u2013 lj\u00f3nsl\u00edkir \u00feakver\u00f0ir Okinawa","og_description":"Shisa eru lj\u00f3nsl\u00edkar \u00feakf\u00edg\u00farur fr\u00e1 Okinawa, settar upp \u00ed p\u00f6rum sem h\u00fasver\u00f0ir. Uppruni og merking \u00fatsk\u00fdr\u00f0 \u00e1 sk\u00fdran h\u00e1tt.","og_url":"https:\/\/iwell-guard.com\/is\/shisa-thakverdir-okinawa\/","og_site_name":"iWell Guard","article_modified_time":"2026-09-05T14:34:52+00:00","og_image":[{"width":1024,"height":1536,"url":"https:\/\/iwell-guard.com\/wp-content\/uploads\/2026\/05\/schutzsymbol_japan_shisa.webp","type":"image\/webp"}],"twitter_card":"summary_large_image","schema":{"@context":"https:\/\/schema.org","@graph":[{"@type":"WebPage","@id":"https:\/\/iwell-guard.com\/is\/shisa-thakverdir-okinawa\/","url":"https:\/\/iwell-guard.com\/is\/shisa-thakverdir-okinawa\/","name":"Shisa \u2013 thakverdir Okinawa","isPartOf":{"@id":"https:\/\/iwell-guard.com\/is\/#website"},"primaryImageOfPage":{"@id":"https:\/\/iwell-guard.com\/is\/shisa-thakverdir-okinawa\/#primaryimage"},"image":{"@id":"https:\/\/iwell-guard.com\/is\/shisa-thakverdir-okinawa\/#primaryimage"},"thumbnailUrl":"https:\/\/iwell-guard.com\/wp-content\/uploads\/2026\/05\/schutzsymbol_japan_shisa.webp","datePublished":"2026-09-05T14:06:28+00:00","dateModified":"2026-09-05T14:34:52+00:00","description":"Shisa eru lj\u00f3nsl\u00edkar \u00feakf\u00edg\u00farur fr\u00e1 Okinawa, settar upp \u00ed p\u00f6rum sem h\u00fasver\u00f0ir. Uppruni og merking \u00fatsk\u00fdr\u00f0 \u00e1 sk\u00fdran h\u00e1tt.","breadcrumb":{"@id":"https:\/\/iwell-guard.com\/is\/shisa-thakverdir-okinawa\/#breadcrumb"},"inLanguage":"is","potentialAction":[{"@type":"ReadAction","target":["https:\/\/iwell-guard.com\/is\/shisa-thakverdir-okinawa\/"]}]},{"@type":"ImageObject","inLanguage":"is","@id":"https:\/\/iwell-guard.com\/is\/shisa-thakverdir-okinawa\/#primaryimage","url":"https:\/\/iwell-guard.com\/wp-content\/uploads\/2026\/05\/schutzsymbol_japan_shisa.webp","contentUrl":"https:\/\/iwell-guard.com\/wp-content\/uploads\/2026\/05\/schutzsymbol_japan_shisa.webp","width":1024,"height":1536,"caption":"Verndart\u00e1kn. Myndskreyting \u00ed safnst\u00edl."},{"@type":"BreadcrumbList","@id":"https:\/\/iwell-guard.com\/is\/shisa-thakverdir-okinawa\/#breadcrumb","itemListElement":[{"@type":"ListItem","position":1,"name":"Start","item":"https:\/\/iwell-guard.com\/is\/?page_id=168580"},{"@type":"ListItem","position":2,"name":"Shisa \u2013 lj\u00f3nsl\u00edkir \u00feakver\u00f0ir Okinawa"}]},{"@type":"WebSite","@id":"https:\/\/iwell-guard.com\/is\/#website","url":"https:\/\/iwell-guard.com\/is\/","name":"iWell Guard","description":"Schutz vor dunklen Einfl\u00fcssen","publisher":{"@id":"https:\/\/iwell-guard.com\/is\/#organization"},"potentialAction":[{"@type":"SearchAction","target":{"@type":"EntryPoint","urlTemplate":"https:\/\/iwell-guard.com\/is\/?s={search_term_string}"},"query-input":{"@type":"PropertyValueSpecification","valueRequired":true,"valueName":"search_term_string"}}],"inLanguage":"is"},{"@type":"Organization","@id":"https:\/\/iwell-guard.com\/is\/#organization","name":"Ittermann electronic GmbH","url":"https:\/\/iwell-guard.com\/is\/","logo":{"@type":"ImageObject","inLanguage":"is","@id":"https:\/\/iwell-guard.com\/is\/#\/schema\/logo\/image\/","url":"https:\/\/iwell-guard.com\/wp-content\/uploads\/2026\/05\/Ittermann-Logo-1182x237-1.png","contentUrl":"https:\/\/iwell-guard.com\/wp-content\/uploads\/2026\/05\/Ittermann-Logo-1182x237-1.png","width":1182,"height":237,"caption":"Ittermann electronic GmbH"},"image":{"@id":"https:\/\/iwell-guard.com\/is\/#\/schema\/logo\/image\/"},"sameAs":["https:\/\/pantip.com\/profile\/9367242","https:\/\/micro.blog\/iwellguard","https:\/\/www.diggerslist.com\/iwellguard\/about","https:\/\/skitterphoto.com\/photographers\/2870314\/iwell-guard","https:\/\/iwellguard.wordpress.com\/2026\/06\/06\/iwell-guard\/","https:\/\/hub.docker.com\/u\/iwellguard","https:\/\/www.pinterest.com\/iwellguard\/","https:\/\/bit.ly\/m\/iwellguard","https:\/\/entre-vos-mains.alsace.eu\/profiles\/iwellguard\/activity","https:\/\/gravatar.com\/reallybeded8fd34","https:\/\/naijamatta.com\/iwellguard","https:\/\/www.goodreads.com\/iwellguard","https:\/\/profile.hatena.ne.jp\/iwellguard\/","https:\/\/experiment.com\/users\/iwellguard","https:\/\/wakelet.com\/@iWellGuard82270","https:\/\/www.chordie.com\/forum\/profile.php?id=2555664","https:\/\/www.instapaper.com\/p\/17757966","https:\/\/www.mapleprimes.com\/users\/iwellguard","https:\/\/businesslistingplus.com\/profile\/iwell-guard\/","https:\/\/telegra.ph\/iWell-Guard-06-06","https:\/\/pbase.com\/iwellguard\/iwellguard","https:\/\/b.hatena.ne.jp\/iwellguard\/20260607#bookmark-4788405196491818882","https:\/\/fliphtml5.com\/home\/iwellguard","https:\/\/anyflip.com\/homepage\/cmiwl#About","https:\/\/transfur.com\/Users\/iwellguard","http:\/\/delphi.larsbo.org\/user\/iwellguard","https:\/\/jobs.lajobsportal.org\/profiles\/8380803-iwell-guard","https:\/\/md.chaosdorf.de\/s\/jfbe5SBdJD","https:\/\/www.lingvolive.com\/en-us\/profile\/9ecaeaca-ce11-4e51-9e71-01d55e2bff36\/translations","https:\/\/www.fitday.com\/fitness\/forums\/members\/iwellguard.html","https:\/\/www.mymeetbook.com\/iwellguard","https:\/\/pxhere.com\/en\/photographer-me\/5040798","https:\/\/disqus.com\/by\/iwellguard\/about\/","https:\/\/pastelink.net\/hjwciqwq","https:\/\/pubhtml5.com\/homepage\/scjhn\/","https:\/\/www.bitchute.com\/channel\/2O2eOKzNqujT","https:\/\/audiomack.com\/iwellguard"]}]}},"_links":{"self":[{"href":"https:\/\/iwell-guard.com\/is\/wp-json\/wp\/v2\/pages\/169204","targetHints":{"allow":["GET"]}}],"collection":[{"href":"https:\/\/iwell-guard.com\/is\/wp-json\/wp\/v2\/pages"}],"about":[{"href":"https:\/\/iwell-guard.com\/is\/wp-json\/wp\/v2\/types\/page"}],"author":[{"embeddable":true,"href":"https:\/\/iwell-guard.com\/is\/wp-json\/wp\/v2\/users\/3"}],"replies":[{"embeddable":true,"href":"https:\/\/iwell-guard.com\/is\/wp-json\/wp\/v2\/comments?post=169204"}],"version-history":[{"count":0,"href":"https:\/\/iwell-guard.com\/is\/wp-json\/wp\/v2\/pages\/169204\/revisions"}],"wp:featuredmedia":[{"embeddable":true,"href":"https:\/\/iwell-guard.com\/is\/wp-json\/wp\/v2\/media\/3545"}],"wp:attachment":[{"href":"https:\/\/iwell-guard.com\/is\/wp-json\/wp\/v2\/media?parent=169204"}],"wp:term":[{"taxonomy":"category","embeddable":true,"href":"https:\/\/iwell-guard.com\/is\/wp-json\/wp\/v2\/categories?post=169204"}],"curies":[{"name":"wp","href":"https:\/\/api.w.org\/{rel}","templated":true}]}}