{"id":169200,"date":"2026-09-05T14:06:26","date_gmt":"2026-09-05T14:06:26","guid":{"rendered":"https:\/\/iwell-guard.com\/?page_id=169200"},"modified":"2026-09-05T14:34:47","modified_gmt":"2026-09-05T14:34:47","slug":"ferskjuvidur","status":"publish","type":"page","link":"https:\/\/iwell-guard.com\/is\/ferskjuvidur\/","title":{"rendered":"Ferskjuvi\u00f0ur \u2013 tr\u00e9\u00f0 sem hrekur burt illa anda \u00ed K\u00edna"},"content":{"rendered":"\t\t<div data-elementor-type=\"wp-page\" data-elementor-id=\"169200\" class=\"elementor elementor-169200 elementor-3691 elementor-bc-flex-widget\" data-elementor-post-type=\"page\">\n\t\t\t\t<div class=\"elementor-element elementor-element-iwgs-pfirsichholz-hero e-flex e-con-boxed e-con e-parent\" data-id=\"iwgs-pfirsichholz-hero\" data-element_type=\"container\" data-e-type=\"container\">\n\t\t\t\t\t<div class=\"e-con-inner\">\n\t\t<div class=\"elementor-element elementor-element-iwgs-pfirsichholz-hl e-flex e-con-boxed e-con e-parent\" data-id=\"iwgs-pfirsichholz-hl\" data-element_type=\"container\" data-e-type=\"container\">\n\t\t\t\t\t<div class=\"e-con-inner\">\n\t\t<div class=\"elementor-element elementor-element-iwgs-pfirsichholz-hlbox e-con-full e-flex e-con e-parent\" data-id=\"iwgs-pfirsichholz-hlbox\" data-element_type=\"container\" data-e-type=\"container\">\n\t\t\t\t<div class=\"elementor-element elementor-element-iwgs-pfirsichholz-h1 elementor-widget elementor-widget-heading\" data-id=\"iwgs-pfirsichholz-h1\" data-element_type=\"widget\" data-e-type=\"widget\" data-widget_type=\"heading.default\">\n\t\t\t\t\t<h1 class=\"elementor-heading-title elementor-size-default\">Ferskjuvi\u00f0ur \u2013 vi\u00f0urinn me\u00f0 kraftinn til a\u00f0 hrekja burt illa anda<\/h1>\t\t\t\t<\/div>\n\t\t\t\t<div class=\"elementor-element elementor-element-iwgs-pfirsichholz-lead elementor-widget elementor-widget-text-editor\" data-id=\"iwgs-pfirsichholz-lead\" data-element_type=\"widget\" data-e-type=\"widget\" data-widget_type=\"text-editor.default\">\n\t\t\t\t\t\t\t\t\t<p>Ferskjuvi\u00f0i hefur um langan t\u00edma veri\u00f0 eigna\u00f0ur kraftur til a\u00f0 hrekja burt illa anda \u00ed K\u00edna. \u00dar honum voru ger\u00f0ar tr\u00e9t\u00f6flur, \u00fatskur\u00f0ur, sver\u00f0 og verndargripir sem \u00e6tla\u00f0 var a\u00f0 halda ska\u00f0legum \u00f6ndum og \u00f3heillum \u00ed fjarl\u00e6g\u00f0.<\/p>\n<p class=\"iwg-kwfix\">Ferskjuvi\u00f0ur er tr\u00e9 sem hrekur burt illa anda; or\u00f0st\u00edr hans fyrir \u00feennan kraft \u00e1 s\u00e9r langa s\u00f6gu \u00ed K\u00edna.<\/p>\t\t\t\t\t\t\t\t<\/div>\n\t\t\t\t<\/div>\n\t\t\t\t<div class=\"elementor-element elementor-element-iwgs-pfirsichholz-pills elementor-widget elementor-widget-html\" data-id=\"iwgs-pfirsichholz-pills\" data-element_type=\"widget\" data-e-type=\"widget\" data-widget_type=\"html.default\">\n\t\t\t\t\t<div class=\"iwg-pill-row\"><span class=\"iwg-klasse-badge\" tabindex=\"0\" data-tooltip=\"Verndart\u00e1kn, verndargripur e\u00f0a apotropa\u00edskur hlutur.\">Verndart\u00e1kn<\/span><a href=\"https:\/\/iwell-guard.com\/is\/kina\/\" class=\"iwg-kultur-badge\" tabindex=\"0\" data-tooltip=\"Verndarhef\u00f0: K\u00edna\">K\u00edna<\/a><span class=\"iwg-tradition-badge\" tabindex=\"0\" data-tooltip=\"Hlutur sem talinn er hafa verndandi \u00e1hrif.\">Verndargripur<\/span><\/div>\t\t\t\t<\/div>\n\t\t\t\t\t<\/div>\n\t\t\t\t<\/div>\n\t\t<div class=\"elementor-element elementor-element-iwgs-pfirsichholz-hr e-con-full e-flex e-con e-parent\" data-id=\"iwgs-pfirsichholz-hr\" data-element_type=\"container\" data-e-type=\"container\">\n\t\t\t\t<div class=\"elementor-element elementor-element-iwgs-pfirsichholz-himg iwg-hero-image elementor-widget elementor-widget-image\" data-id=\"iwgs-pfirsichholz-himg\" data-element_type=\"widget\" data-e-type=\"widget\" data-widget_type=\"image.default\">\n\t\t\t\t\t\t\t\t\t\t\t\t\t\t\t<img fetchpriority=\"high\" decoding=\"async\" width=\"683\" height=\"1024\" src=\"https:\/\/iwell-guard.com\/wp-content\/uploads\/2026\/05\/schutzsymbol_china_pfirsichholz-683x1024.webp\" class=\"attachment-large size-large wp-image-170514\" alt=\"Ferskjuvi\u00f0ur - verndart\u00e1kn, safnfr\u00e6\u00f0ileg myndskreyting\" srcset=\"https:\/\/iwell-guard.com\/wp-content\/uploads\/2026\/05\/schutzsymbol_china_pfirsichholz-683x1024.webp 683w, https:\/\/iwell-guard.com\/wp-content\/uploads\/2026\/05\/schutzsymbol_china_pfirsichholz-200x300.webp 200w, https:\/\/iwell-guard.com\/wp-content\/uploads\/2026\/05\/schutzsymbol_china_pfirsichholz-768x1152.webp 768w, https:\/\/iwell-guard.com\/wp-content\/uploads\/2026\/05\/schutzsymbol_china_pfirsichholz.webp 1024w\" sizes=\"(max-width: 683px) 100vw, 683px\" \/>\t\t\t\t\t\t\t\t\t\t\t\t\t\t\t<\/div>\n\t\t\t\t<\/div>\n\t\t\t\t\t<\/div>\n\t\t\t\t<\/div>\n\t\t<div class=\"elementor-element elementor-element-iwgs-pfirsichholz-s0 e-flex e-con-boxed e-con e-parent\" data-id=\"iwgs-pfirsichholz-s0\" data-element_type=\"container\" data-e-type=\"container\">\n\t\t\t\t\t<div class=\"e-con-inner\">\n\t\t\t\t<div class=\"elementor-element elementor-element-iwgs-pfirsichholz-s0h elementor-widget elementor-widget-heading\" data-id=\"iwgs-pfirsichholz-s0h\" data-element_type=\"widget\" data-e-type=\"widget\" data-widget_type=\"heading.default\">\n\t\t\t\t\t<h2 class=\"elementor-heading-title elementor-size-default\">Yfirlit<\/h2>\t\t\t\t<\/div>\n\t\t<div class=\"elementor-element elementor-element-iwgs-pfirsichholz-s0box e-con-full e-flex e-con e-parent\" data-id=\"iwgs-pfirsichholz-s0box\" data-element_type=\"container\" data-e-type=\"container\">\n\t\t\t\t<div class=\"elementor-element elementor-element-iwgs-pfirsichholz-s0t elementor-widget elementor-widget-text-editor\" data-id=\"iwgs-pfirsichholz-s0t\" data-element_type=\"widget\" data-e-type=\"widget\" data-widget_type=\"text-editor.default\">\n\t\t\t\t\t\t\t\t\t<p>Ferskjuvi\u00f0ur er vi\u00f0ur ferskjutr\u00e9sins. \u00cd hef\u00f0 <a href=\"https:\/\/iwell-guard.com\/is\/kina\/\">K\u00edna<\/a> er \u00feessum vi\u00f0i eigna\u00f0ur s\u00e9rstakur kraftur til a\u00f0 hrekja burt illa anda.<\/p><p>Ferskjutr\u00e9\u00f0 hefur h\u00e1a st\u00f6\u00f0u \u00ed k\u00ednverskri menningu. Ferskjubl\u00f3mi\u00f0, ferskjan og ferskjuvi\u00f0urinn bera hvert s\u00edna eigin, hagst\u00e6\u00f0u merkingu.<\/p><p>Vi\u00f0ur tr\u00e9sins hefur \u00fear fyrst og fremst verndandi merkingu. Ferskjuvi\u00f0ur var talinn h\u00e6fur til a\u00f0 hrekja burt ska\u00f0lega anda og \u00f3heill.<\/p><p>\u00dar \u00feessari hugmynd var\u00f0 til fj\u00f6ldi verndargripa \u00far ferskjuvi\u00f0i. Tr\u00e9t\u00f6flur, \u00fatskur\u00f0ur, l\u00edtil sver\u00f0 og verndargripir voru ger\u00f0ir \u00far vi\u00f0num.<\/p><p>\u00cd <span class=\"iwg-fachbegriff\" data-tooltip=\"V\u00edsindin sem rannsaka tr\u00faarbr\u00f6g\u00f0 samanbur\u00f0arlega og \u00e1n tr\u00faarlegrar bindingar.\" tabindex=\"0\">tr\u00faarbrag\u00f0afr\u00e6\u00f0um<\/span> er ferskjuvi\u00f0ur g\u00f3\u00f0 d\u00e6mi um verndargrip \u00fear sem krafturinn liggur \u00ed sj\u00e1lfu efninu. \u00dea\u00f0 er ekki mynd e\u00f0a t\u00e1kn, heldur efni\u00f0 sj\u00e1lft sem er tali\u00f0 virka h\u00e9r.<\/p><p>\u00deessi s\u00ed\u00f0a fjallar um ferskjuvi\u00f0inn sem verndargrip. H\u00fan l\u00fdsir merkingu hans, hlutunum sem ger\u00f0ir voru \u00far honum og notkun hans, og setur hann \u00ed samhengi vi\u00f0 verndarhef\u00f0 K\u00edna.<\/p>\t\t\t\t\t\t\t\t<\/div>\n\t\t\t\t<\/div>\n\t\t\t\t\t<\/div>\n\t\t\t\t<\/div>\n\t\t<div class=\"elementor-element elementor-element-iwgs-pfirsichholz-s1 e-flex e-con-boxed e-con e-parent\" data-id=\"iwgs-pfirsichholz-s1\" data-element_type=\"container\" data-e-type=\"container\">\n\t\t\t\t\t<div class=\"e-con-inner\">\n\t\t\t\t<div class=\"elementor-element elementor-element-iwgs-pfirsichholz-s1h elementor-widget elementor-widget-heading\" data-id=\"iwgs-pfirsichholz-s1h\" data-element_type=\"widget\" data-e-type=\"widget\" data-widget_type=\"heading.default\">\n\t\t\t\t\t<h2 class=\"elementor-heading-title elementor-size-default\">Ferskjutr\u00e9\u00f0 \u00ed k\u00ednverskri menningu<\/h2>\t\t\t\t<\/div>\n\t\t<div class=\"elementor-element elementor-element-iwgs-pfirsichholz-s1box e-con-full e-flex e-con e-parent\" data-id=\"iwgs-pfirsichholz-s1box\" data-element_type=\"container\" data-e-type=\"container\">\n\t\t\t\t<div class=\"elementor-element elementor-element-iwgs-pfirsichholz-s1t elementor-widget elementor-widget-text-editor\" data-id=\"iwgs-pfirsichholz-s1t\" data-element_type=\"widget\" data-e-type=\"widget\" data-widget_type=\"text-editor.default\">\n\t\t\t\t\t\t\t\t\t<p>Til a\u00f0 skilja ferskjuvi\u00f0inn \u00fearf a\u00f0 kynna s\u00e9r st\u00f6\u00f0u ferskjutr\u00e9sins \u00ed k\u00ednverskri menningu. \u00deetta tr\u00e9 er tengt m\u00f6rgum hagst\u00e6\u00f0um merkingum.<\/p><p>Ferskjubl\u00f3mi\u00f0 er t\u00e1kn vorsins og endurn\u00fdjunar. \u00dea\u00f0 bl\u00f3mstrar snemma \u00e1 \u00e1rinu og er tali\u00f0 mynd hins n\u00fdja l\u00edfs.<\/p><p>Ferskjan er fyrst og fremst t\u00e1kn langl\u00edfis. \u00cd k\u00ednverskri <span class=\"iwg-fachbegriff\" data-tooltip=\"Mi\u00f0lun \u00feekkingar og sagna milli kynsl\u00f3\u00f0a.\" tabindex=\"0\">munnm\u00e6lahef\u00f0<\/span> eru til s\u00f6gur af ferskjum sem veita \u00f3venjulega langt l\u00edf.<\/p><p>\u00deessar s\u00f6gur tengja ferskjuna vi\u00f0 himneskan heim. Samkv\u00e6mt vel \u00feekktri <span class=\"iwg-fachbegriff\" data-tooltip=\"Mi\u00f0lun \u00feekkingar og sagna milli kynsl\u00f3\u00f0a.\" tabindex=\"0\">munnm\u00e6lahef\u00f0<\/span> vaxa \u00ed himneskum gar\u00f0i ferskjur sem \u00feroskast a\u00f0eins endrum og sinnum og eru eigna\u00f0ar s\u00e9rst\u00f6kum krafti.<\/p><p>Ferskjutr\u00e9\u00f0 ber \u00feannig \u00ed k\u00ednverskri hugsun tengsl vi\u00f0 heim h\u00e6rri m\u00e1ttarvalda og langl\u00edfis. \u00dea\u00f0 er ekkert venjulegt tr\u00e9.<\/p><p>Af \u00feessari h\u00e1u st\u00f6\u00f0u tr\u00e9sins m\u00e1 einnig skilja merkingu vi\u00f0ar \u00feess. Tr\u00e9 sem er tengt langl\u00edfi og hinum himneska heimi gefur af s\u00e9r vi\u00f0 sem eigna\u00f0ur er eigin kraftur.<\/p>\t\t\t\t\t\t\t\t<\/div>\n\t\t\t\t<\/div>\n\t\t\t\t\t<\/div>\n\t\t\t\t<\/div>\n\t\t<div class=\"elementor-element elementor-element-iwgs-pfirsichholz-s2 e-flex e-con-boxed e-con e-parent\" data-id=\"iwgs-pfirsichholz-s2\" data-element_type=\"container\" data-e-type=\"container\">\n\t\t\t\t\t<div class=\"e-con-inner\">\n\t\t\t\t<div class=\"elementor-element elementor-element-iwgs-pfirsichholz-s2h elementor-widget elementor-widget-heading\" data-id=\"iwgs-pfirsichholz-s2h\" data-element_type=\"widget\" data-e-type=\"widget\" data-widget_type=\"heading.default\">\n\t\t\t\t\t<h2 class=\"elementor-heading-title elementor-size-default\">Krafturinn til a\u00f0 hrekja burt illa anda<\/h2>\t\t\t\t<\/div>\n\t\t<div class=\"elementor-element elementor-element-iwgs-pfirsichholz-s2box e-con-full e-flex e-con e-parent\" data-id=\"iwgs-pfirsichholz-s2box\" data-element_type=\"container\" data-e-type=\"container\">\n\t\t\t\t<div class=\"elementor-element elementor-element-iwgs-pfirsichholz-s2t elementor-widget elementor-widget-text-editor\" data-id=\"iwgs-pfirsichholz-s2t\" data-element_type=\"widget\" data-e-type=\"widget\" data-widget_type=\"text-editor.default\">\n\t\t\t\t\t\t\t\t\t<p>Ferskjuvi\u00f0i er fyrst og fremst eigna\u00f0ur kraftur til a\u00f0 hrekja burt illa anda. \u00deessi hugmynd er g\u00f6mul og v\u00ed\u00f0a sta\u00f0fest \u00ed K\u00edna.<\/p><p>Samkv\u00e6mt \u00feessari hugmynd for\u00f0ast ska\u00f0legir andar ferskjuvi\u00f0inn. Hlutur \u00far \u00feessum vi\u00f0i getur hraki\u00f0 \u00fe\u00e1 burt e\u00f0a haldi\u00f0 \u00feeim fr\u00e1 sta\u00f0.<\/p><p>Um uppruna \u00feessarar hugmyndar eru til \u00fdmsar sagnir. Vel \u00feekkt saga tengir ferskjuvi\u00f0inn vi\u00f0 tvo andaver\u00f0i og ferskjutr\u00e9 \u00fear sem ska\u00f0legir andar voru g\u00e6ttir og ger\u00f0ir ska\u00f0lausir.<\/p><p>Af sl\u00edkum s\u00f6gum m\u00e1 skilja hvers vegna ferskjuvi\u00f0num s\u00e9rstaklega var eigna\u00f0ur \u00feessi verndandi kraftur. Vi\u00f0urinn var tengdur v\u00f6rslu og undirokun ska\u00f0legra anda.<\/p><p>Hei\u00f0arleg framsetning nefnir a\u00f0 ekki s\u00e9 unnt a\u00f0 \u00e1kvar\u00f0a n\u00e1kv\u00e6mlega uppruna \u00feessarar hugmyndar. Margar sagnir og hugmyndir hafa runni\u00f0 saman h\u00e9r yfir langan t\u00edma.<\/p><p>\u00dea\u00f0 sem h\u00e9lst \u00f3breytt yfir t\u00edmann er grunnhugmyndin. Ferskjuvi\u00f0ur var talinn efni sem \u00f3heill og ska\u00f0legir andar h\u00f6rfa fr\u00e1, og \u00e1 \u00feessari hugmynd byggja allir verndargripir \u00far ferskjuvi\u00f0i.<\/p>\t\t\t\t\t\t\t\t<\/div>\n\t\t\t\t<\/div>\n\t\t\t\t\t<\/div>\n\t\t\t\t<\/div>\n\t\t<div class=\"elementor-element elementor-element-iwgs-pfirsichholz-s3 e-flex e-con-boxed e-con e-parent\" data-id=\"iwgs-pfirsichholz-s3\" data-element_type=\"container\" data-e-type=\"container\">\n\t\t\t\t\t<div class=\"e-con-inner\">\n\t\t\t\t<div class=\"elementor-element elementor-element-iwgs-pfirsichholz-s3h elementor-widget elementor-widget-heading\" data-id=\"iwgs-pfirsichholz-s3h\" data-element_type=\"widget\" data-e-type=\"widget\" data-widget_type=\"heading.default\">\n\t\t\t\t\t<h2 class=\"elementor-heading-title elementor-size-default\">Tr\u00e9t\u00f6flur \u00far ferskjuvi\u00f0i<\/h2>\t\t\t\t<\/div>\n\t\t<div class=\"elementor-element elementor-element-iwgs-pfirsichholz-s3box e-con-full e-flex e-con e-parent\" data-id=\"iwgs-pfirsichholz-s3box\" data-element_type=\"container\" data-e-type=\"container\">\n\t\t\t\t<div class=\"elementor-element elementor-element-iwgs-pfirsichholz-s3t elementor-widget elementor-widget-text-editor\" data-id=\"iwgs-pfirsichholz-s3t\" data-element_type=\"widget\" data-e-type=\"widget\" data-widget_type=\"text-editor.default\">\n\t\t\t\t\t\t\t\t\t<p>Mikilv\u00e6g notkun ferskjuvi\u00f0ar voru tr\u00e9t\u00f6flurnar. \u00dar vi\u00f0num voru ger\u00f0ar t\u00f6flur sem festar voru vi\u00f0 \u00fatidyrahur\u00f0ina.<\/p><p>\u00deessar ferskjuvi\u00f0art\u00f6flur voru hengdar upp \u00e1 b\u00e1\u00f0um hli\u00f0um dyranna. \u00deeim var \u00e6tla\u00f0 a\u00f0 halda ska\u00f0legum \u00f6ndum fr\u00e1 \u00fer\u00f6skuldinum og verja h\u00fasi\u00f0.<\/p><p>Oft b\u00e1ru t\u00f6flurnar \u00e1letrun. \u00c1 \u00fe\u00e6r voru skrifu\u00f0 n\u00f6fn e\u00f0a myndir andaver\u00f0a sem \u00e1ttu a\u00f0 styrkja vernd dyranna.<\/p><p>\u00deessar \u00e1letru\u00f0u ferskjuvi\u00f0art\u00f6flur eru hluti af fors\u00f6gu venju sem er lifandi enn \u00ed dag. \u00dar \u00feeim \u00fer\u00f3u\u00f0ust skrautr\u00e6murnar me\u00f0 g\u00e6fuv\u00edsum sem festar eru vi\u00f0 dyrnar \u00e1 n\u00fd\u00e1rinu.<\/p><p>\u00deannig birtist \u00ed ferskjuvi\u00f0num stykki af menningars\u00f6gu. \u00dar fornu verndart\u00f6flunum \u00far ferskjuvi\u00f0i var\u00f0 me\u00f0 t\u00edmanum hi\u00f0 kunnuglega dyraskraut k\u00ednverska n\u00fd\u00e1rsins.<\/p><p>Tr\u00e9t\u00f6flurnar eru \u00feannig s\u00e9rstaklega \u00e1hrifamikil notkun ferskjuvi\u00f0ar. \u00cd \u00feeim sameinast vernd \u00fer\u00f6skuldsins og krafturinn til a\u00f0 hrekja burt illa anda \u00far vi\u00f0num.<\/p>\t\t\t\t\t\t\t\t<\/div>\n\t\t\t\t<\/div>\n\t\t\t\t\t<\/div>\n\t\t\t\t<\/div>\n\t\t<div class=\"elementor-element elementor-element-iwgs-pfirsichholz-s4 e-flex e-con-boxed e-con e-parent\" data-id=\"iwgs-pfirsichholz-s4\" data-element_type=\"container\" data-e-type=\"container\">\n\t\t\t\t\t<div class=\"e-con-inner\">\n\t\t\t\t<div class=\"elementor-element elementor-element-iwgs-pfirsichholz-s4h elementor-widget elementor-widget-heading\" data-id=\"iwgs-pfirsichholz-s4h\" data-element_type=\"widget\" data-e-type=\"widget\" data-widget_type=\"heading.default\">\n\t\t\t\t\t<h2 class=\"elementor-heading-title elementor-size-default\">Sver\u00f0, \u00fatskur\u00f0ur og verndargripir<\/h2>\t\t\t\t<\/div>\n\t\t<div class=\"elementor-element elementor-element-iwgs-pfirsichholz-s4box e-con-full e-flex e-con e-parent\" data-id=\"iwgs-pfirsichholz-s4box\" data-element_type=\"container\" data-e-type=\"container\">\n\t\t\t\t<div class=\"elementor-element elementor-element-iwgs-pfirsichholz-s4t elementor-widget elementor-widget-text-editor\" data-id=\"iwgs-pfirsichholz-s4t\" data-element_type=\"widget\" data-e-type=\"widget\" data-widget_type=\"text-editor.default\">\n\t\t\t\t\t\t\t\t\t<p>Auk tr\u00e9taflanna var \u00far ferskjuvi\u00f0i ger\u00f0 r\u00f6\u00f0 annarra verndargripa. \u00d6llum er sameiginlegur hinn fr\u00e1hrindandi kraftur vi\u00f0arins.<\/p><p>Kunnugt er sver\u00f0i\u00f0 \u00far ferskjuvi\u00f0i. \u00dea\u00f0 er ekkert eiginlegt vopn, heldur sver\u00f0 \u00far vi\u00f0i sem var nota\u00f0 \u00ed da\u00f3\u00edskri i\u00f0kun sem verkf\u00e6ri til andaverndar.<\/p><p>\u00cd \u00feessu ferskjuvi\u00f0arsver\u00f0i tengjast tveir fr\u00e1hrindandi kraftar. Form sver\u00f0sins stendur fyrir v\u00f6rn, og vi\u00f0ur ferskjutr\u00e9sins b\u00e6tir vi\u00f0 s\u00ednum eigin, dj\u00f6flafr\u00e1hrindandi krafti.<\/p><p>\u00dar ferskjuvi\u00f0i var einnig gert \u00fatskur\u00f0arverk. Litlar \u00fatskornar styttur, hengi og skrautgripir \u00far vi\u00f0num b\u00e1ru hinn fr\u00e1hrindandi kraft \u00ed handh\u00e6gu formi.<\/p><p>Oft voru \u00fatskorin verndargripir \u00far ferskjuvi\u00f0i, sem bornir voru \u00e1 l\u00edkamanum. S\u00e9rstaklega fyrir b\u00f6rn, sem talin voru varnarlaus, voru sl\u00edk ferskjuvi\u00f0aramulett notu\u00f0.<\/p><p>\u00cd \u00f6llum \u00feessum gripum verkar sama hugmyndin. Vi\u00f0urinn sj\u00e1lfur ber hinn verndandi kraft, og eftir formi, sem sver\u00f0, sem stytta e\u00f0a sem <span class=\"iwg-fachbegriff\" data-tooltip=\"Hlutur sem borinn er og talinn hafa verndandi, \u00f3heillafr\u00e1hrindandi \u00e1hrif.\" tabindex=\"0\">verndargripur<\/span>, er \u00feessum krafti st\u00fdrt a\u00f0 sta\u00f0 e\u00f0a manni.<\/p>\t\t\t\t\t\t\t\t<\/div>\n\t\t\t\t<\/div>\n\t\t\t\t\t<\/div>\n\t\t\t\t<\/div>\n\t\t<div class=\"elementor-element elementor-element-iwgs-pfirsichholz-s5 e-flex e-con-boxed e-con e-parent\" data-id=\"iwgs-pfirsichholz-s5\" data-element_type=\"container\" data-e-type=\"container\">\n\t\t\t\t\t<div class=\"e-con-inner\">\n\t\t\t\t<div class=\"elementor-element elementor-element-iwgs-pfirsichholz-s5h elementor-widget elementor-widget-heading\" data-id=\"iwgs-pfirsichholz-s5h\" data-element_type=\"widget\" data-e-type=\"widget\" data-widget_type=\"heading.default\">\n\t\t\t\t\t<h2 class=\"elementor-heading-title elementor-size-default\">V\u00f6rn \u00ed gegnum efni\u00f0<\/h2>\t\t\t\t<\/div>\n\t\t<div class=\"elementor-element elementor-element-iwgs-pfirsichholz-s5box e-con-full e-flex e-con e-parent\" data-id=\"iwgs-pfirsichholz-s5box\" data-element_type=\"container\" data-e-type=\"container\">\n\t\t\t\t<div class=\"elementor-element elementor-element-iwgs-pfirsichholz-s5t elementor-widget elementor-widget-text-editor\" data-id=\"iwgs-pfirsichholz-s5t\" data-element_type=\"widget\" data-e-type=\"widget\" data-widget_type=\"text-editor.default\">\n\t\t\t\t\t\t\t\t\t<p>Ferskjuvi\u00f0urinn fylgir eigin verkunarreglu. \u00d3l\u00edkt <span class=\"iwg-fachbegriff\" data-tooltip=\"Hlutur sem talinn er hafa lukku- e\u00f0a \u00e1rangursskapandi \u00e1hrif.\" tabindex=\"0\">talisma<\/span> e\u00f0a verndarmynd verkar hann ekki me\u00f0 merki, heldur me\u00f0 efninu sj\u00e1lfu.<\/p><p>\u00cd skrifu\u00f0um <span class=\"iwg-fachbegriff\" data-tooltip=\"Hlutur sem talinn er hafa lukku- e\u00f0a \u00e1rangursskapandi \u00e1hrif.\" tabindex=\"0\">talisma<\/span> liggur kraftur \u00ed t\u00e1kninu. \u00cd verndarmynd liggur hann \u00ed myndinni. \u00cd ferskjuvi\u00f0i aftur \u00e1 m\u00f3ti liggur kraftur \u00ed efninu, \u00ed vi\u00f0i ferskjutr\u00e9sins.<\/p><p>\u00deetta \u00fe\u00fd\u00f0ir a\u00f0 hi\u00f0 hreina ferskjuvi\u00f0ur telst verndandi, einnig \u00e1n \u00e1letrunar og \u00e1n myndar. Einfaldur vi\u00f0arb\u00fatur ber samkv\u00e6mt \u00feessari hugmynd hinn fr\u00e1hrindandi kraft \u00ed s\u00e9r.<\/p><p>Oft er \u00feessi kraftur efnisins \u00fe\u00f3 tengdur \u00f6\u00f0rum r\u00e1\u00f0um. Ferskjuvi\u00f0artafla getur auk \u00feess veri\u00f0 \u00e1letru\u00f0, ferskjuvi\u00f0arstytta listilega m\u00f3tu\u00f0.<\/p><p>\u00cd sl\u00edkum tilvikum verka tv\u00f6 atri\u00f0i saman. Kraftur efnisins og kraftur t\u00e1knsins e\u00f0a formsins styrkja hvort anna\u00f0.<\/p><p>Ferskjuvi\u00f0urinn er \u00feannig gott d\u00e6mi um verndargrip \u00fear sem kraftur liggur \u00ed efninu. Hann s\u00fdnir a\u00f0 samkv\u00e6mt \u00fatbreiddri hugmynd geta ekki a\u00f0eins t\u00e1kn og myndir, heldur einnig \u00e1kve\u00f0in efni, talist verndandi.<\/p>\t\t\t\t\t\t\t\t<\/div>\n\t\t\t\t<\/div>\n\t\t\t\t\t<\/div>\n\t\t\t\t<\/div>\n\t\t<div class=\"elementor-element elementor-element-iwgs-pfirsichholz-s6 e-flex e-con-boxed e-con e-parent\" data-id=\"iwgs-pfirsichholz-s6\" data-element_type=\"container\" data-e-type=\"container\">\n\t\t\t\t\t<div class=\"e-con-inner\">\n\t\t\t\t<div class=\"elementor-element elementor-element-iwgs-pfirsichholz-s6h elementor-widget elementor-widget-heading\" data-id=\"iwgs-pfirsichholz-s6h\" data-element_type=\"widget\" data-e-type=\"widget\" data-widget_type=\"heading.default\">\n\t\t\t\t\t<h2 class=\"elementor-heading-title elementor-size-default\">Ferskjuvi\u00f0ur \u00ed da\u00f3\u00edskri hef\u00f0<\/h2>\t\t\t\t<\/div>\n\t\t<div class=\"elementor-element elementor-element-iwgs-pfirsichholz-s6box e-con-full e-flex e-con e-parent\" data-id=\"iwgs-pfirsichholz-s6box\" data-element_type=\"container\" data-e-type=\"container\">\n\t\t\t\t<div class=\"elementor-element elementor-element-iwgs-pfirsichholz-s6t elementor-widget elementor-widget-text-editor\" data-id=\"iwgs-pfirsichholz-s6t\" data-element_type=\"widget\" data-e-type=\"widget\" data-widget_type=\"text-editor.default\">\n\t\t\t\t\t\t\t\t\t<p>Ferskjuvi\u00f0urinn hefur fastan sess \u00ed da\u00f3\u00edskri hef\u00f0. Tr\u00faarlegur <span class=\"iwg-fachbegriff\" data-tooltip=\"K\u00ednversk tr\u00faarleg-heimspekileg hef\u00f0 sem mi\u00f0ast vi\u00f0 Dao, veginn.\" tabindex=\"0\">da\u00f3ismi<\/span> t\u00f3k upp fornu hugmyndina um kraft vi\u00f0arins og felldi hana inn \u00ed i\u00f0kun s\u00edna.<\/p><p>\u00cd da\u00f3\u00edskri i\u00f0kun andaverndar var ferskjuvi\u00f0ur nota\u00f0ur \u00e1 fj\u00f6lbreyttan h\u00e1tt. Ferskjuvi\u00f0arsver\u00f0i\u00f0 er \u00feekktasta d\u00e6mi\u00f0 um \u00fea\u00f0.<\/p><p>\u00d6nnur verkf\u00e6ri da\u00f3\u00edskrar i\u00f0kunar g\u00e1tu einnig veri\u00f0 ger\u00f0 \u00far ferskjuvi\u00f0i. Vi\u00f0urinn \u00fe\u00f3tti h\u00e6filegt efni \u00ed gripi sem \u00fej\u00f3nu\u00f0u til a\u00f0 hrekja burt ska\u00f0lega anda.<\/p><p>\u00deannig fellur ferskjuvi\u00f0urinn inn \u00ed r\u00f6\u00f0 da\u00f3\u00edskra verndargripa. Auk <a href=\"https:\/\/iwell-guard.com\/is\/?page_id=169195\">Fu-talismans<\/a>, myntsver\u00f0sins og bagua-spegilsins telst hann til andaverndarr\u00e1\u00f0a.<\/p><p>Innan \u00feessarar ra\u00f0ar hefur ferskjuvi\u00f0urinn s\u00e9rst\u00f6\u00f0u. Hann er ekki t\u00e1kn og ekki \u00e1kve\u00f0i\u00f0 form, heldur efni sem \u00fdmsir verndargripir eru ger\u00f0ir \u00far.<\/p><p>Ferskjuvi\u00f0urinn s\u00fdnir \u00feannig hvernig da\u00f3\u00edsk hef\u00f0 t\u00f3k upp fornar hugmyndir og \u00fatf\u00e6r\u00f0i \u00fe\u00e6r. \u00dar \u00fatbreiddri hugmyndinni um kraft vi\u00f0arins var\u00f0 fastur hluti da\u00f3\u00edskrar verndari\u00f0kunar.<\/p>\t\t\t\t\t\t\t\t<\/div>\n\t\t\t\t<\/div>\n\t\t\t\t\t<\/div>\n\t\t\t\t<\/div>\n\t\t<div class=\"elementor-element elementor-element-iwgs-pfirsichholz-s7 e-flex e-con-boxed e-con e-parent\" data-id=\"iwgs-pfirsichholz-s7\" data-element_type=\"container\" data-e-type=\"container\">\n\t\t\t\t\t<div class=\"e-con-inner\">\n\t\t\t\t<div class=\"elementor-element elementor-element-iwgs-pfirsichholz-s7h elementor-widget elementor-widget-heading\" data-id=\"iwgs-pfirsichholz-s7h\" data-element_type=\"widget\" data-e-type=\"widget\" data-widget_type=\"heading.default\">\n\t\t\t\t\t<h2 class=\"elementor-heading-title elementor-size-default\">Kraftur \u00e1kve\u00f0inna efna \u00ed menningarheimum<\/h2>\t\t\t\t<\/div>\n\t\t<div class=\"elementor-element elementor-element-iwgs-pfirsichholz-s7box e-con-full e-flex e-con e-parent\" data-id=\"iwgs-pfirsichholz-s7box\" data-element_type=\"container\" data-e-type=\"container\">\n\t\t\t\t<div class=\"elementor-element elementor-element-iwgs-pfirsichholz-s7t elementor-widget elementor-widget-text-editor\" data-id=\"iwgs-pfirsichholz-s7t\" data-element_type=\"widget\" data-e-type=\"widget\" data-widget_type=\"text-editor.default\">\n\t\t\t\t\t\t\t\t\t<p>Ferskjuvi\u00f0inn m\u00e1 sko\u00f0a \u00ed v\u00ed\u00f0ara samhengi. Hugmyndin um a\u00f0 \u00e1kve\u00f0in efni beri verndandi kraft er \u00fatbreidd \u00ed m\u00f6rgum menningarheimum.<\/p><p>Fj\u00f6lmargar menningarheimar eigna \u00e1kve\u00f0num vi\u00f0artegundum, m\u00e1lmum e\u00f0a steinum verndandi e\u00f0a fr\u00e1hrindandi kraft. Efni\u00f0 sj\u00e1lft telst \u00fe\u00e1 virkt, \u00f3h\u00e1\u00f0 \u00fev\u00ed formi sem \u00fea\u00f0 er sett \u00ed.<\/p><p>Oft eru \u00fea\u00f0 vi\u00f0artegundir \u00e1kve\u00f0inna trj\u00e1a sem sl\u00edkur kraftur er eigna\u00f0ur. Umr\u00e6tt tr\u00e9 er \u00fe\u00e1 oftast tengt eigin, mikilv\u00e6gri merkingu.<\/p><p>Ferskjuvi\u00f0urinn tilheyrir \u00feessum h\u00f3pi. Hann er vi\u00f0ur tr\u00e9s sem \u00ed K\u00edna er tengt l\u00f6ngu l\u00edfi og himneska heiminum, og af \u00feessari tengingu lei\u00f0ir kraftur hans.<\/p><p>\u00dea\u00f0 s\u00e9rstaka vi\u00f0 ferskjuvi\u00f0inn er sterk tengingin vi\u00f0 r\u00edka merkingu ferskjutr\u00e9sins. Bl\u00f3m, \u00e1v\u00f6xtur og vi\u00f0ur \u00feessa tr\u00e9s bera hvert s\u00edna hagst\u00e6\u00f0u e\u00f0a verndandi merkingu.<\/p><p>Ferskjuvi\u00f0urinn er \u00feannig k\u00ednversk \u00fatg\u00e1fa af \u00fatbreiddri hugmynd. Hann s\u00fdnir hvernig h\u00e1virt tr\u00e9 gefur vi\u00f0 sem yfir menningarheima er eigna\u00f0ur skiljanlegur, verndandi kraftur.<\/p>\t\t\t\t\t\t\t\t<\/div>\n\t\t\t\t<\/div>\n\t\t\t\t\t<\/div>\n\t\t\t\t<\/div>\n\t\t<div class=\"elementor-element elementor-element-iwgs-pfirsichholz-s8 e-flex e-con-boxed e-con e-parent\" data-id=\"iwgs-pfirsichholz-s8\" data-element_type=\"container\" data-e-type=\"container\">\n\t\t\t\t\t<div class=\"e-con-inner\">\n\t\t\t\t<div class=\"elementor-element elementor-element-iwgs-pfirsichholz-s8h elementor-widget elementor-widget-heading\" data-id=\"iwgs-pfirsichholz-s8h\" data-element_type=\"widget\" data-e-type=\"widget\" data-widget_type=\"heading.default\">\n\t\t\t\t\t<h2 class=\"elementor-heading-title elementor-size-default\">M\u00f3tt\u00f6kur \u00ed dag<\/h2>\t\t\t\t<\/div>\n\t\t<div class=\"elementor-element elementor-element-iwgs-pfirsichholz-s8box e-con-full e-flex e-con e-parent\" data-id=\"iwgs-pfirsichholz-s8box\" data-element_type=\"container\" data-e-type=\"container\">\n\t\t\t\t<div class=\"elementor-element elementor-element-iwgs-pfirsichholz-s8t elementor-widget elementor-widget-text-editor\" data-id=\"iwgs-pfirsichholz-s8t\" data-element_type=\"widget\" data-e-type=\"widget\" data-widget_type=\"text-editor.default\">\n\t\t\t\t\t\t\t\t\t<p>Ferskjuvi\u00f0urinn er allt til n\u00fat\u00edmans tengdur hugmyndinni um andav\u00f6rn. \u00cd K\u00edna og \u00ed k\u00ednverskum samf\u00e9l\u00f6gum er \u00feessi hugmynd \u00e1fram kunn.<\/p><p>Gripir \u00far ferskjuvi\u00f0i, hengi, \u00fatskornar styttur og l\u00edtil sver\u00f0 eru enn ger\u00f0ir og nota\u00f0ir. \u00deeir tilheyra hinum k\u00ednverska verndari\u00f0kunarfor\u00f0a.<\/p><p>S\u00e9rstaklega afdrifar\u00edk sl\u00f3\u00f0 hefur ferskjuvi\u00f0urinn skili\u00f0 eftir \u00ed h\u00e1t\u00ed\u00f0amenningu. \u00dar fornu ferskjuvi\u00f0art\u00f6flunum ur\u00f0u skriftarb\u00f6nd sem n\u00fa eru fest \u00e1 hur\u00f0ir um n\u00fd\u00e1ri\u00f0.<\/p><p>Fyrir <span class=\"iwg-fachbegriff\" data-tooltip=\"V\u00edsindin sem rannsaka tr\u00faarbr\u00f6g\u00f0 samanbur\u00f0arlega og \u00e1n tr\u00faarlegrar skuldbindingar.\" tabindex=\"0\">tr\u00faarbrag\u00f0afr\u00e6\u00f0i<\/span> er ferskjuvi\u00f0urinn uppl\u00fdsandi ranns\u00f3knarefni. Hann s\u00fdnir hvernig \u00e1kve\u00f0nu efni er eigna\u00f0ur verndandi kraftur og hvernig varanlegir si\u00f0ir geta \u00fer\u00f3ast \u00fat fr\u00e1 sl\u00edkri hugmynd.<\/p><p>M\u00e1lefnaleg framsetning nefnir ferskjuvi\u00f0inn \u00fea\u00f0 sem hann er, vi\u00f0ur h\u00e1virts tr\u00e9s sem \u00ed k\u00ednverskri hef\u00f0 er eigna\u00f0ur dj\u00f6flafr\u00e1hrindandi kraftur.<\/p><p>Ferskjuvi\u00f0urinn er \u00feannig \u00e1hrifamiki\u00f0 d\u00e6mi um k\u00ednverskan verndargrip. \u00cd honum tengjast hin mikla merking ferskjutr\u00e9sins, tr\u00fain \u00e1 kraft efnisins og allir \u00feeir gripir sem ger\u00f0ir hafa veri\u00f0 \u00far \u00feessum vi\u00f0i til verndar.<\/p>\t\t\t\t\t\t\t\t<\/div>\n\t\t\t\t<\/div>\n\t\t\t\t\t<\/div>\n\t\t\t\t<\/div>\n\t\t<div class=\"elementor-element elementor-element-iwgs-pfirsichholz-lit e-flex e-con-boxed e-con e-parent\" data-id=\"iwgs-pfirsichholz-lit\" data-element_type=\"container\" data-e-type=\"container\">\n\t\t\t\t\t<div class=\"e-con-inner\">\n\t\t\t\t<div class=\"elementor-element elementor-element-iwgs-pfirsichholz-lith elementor-widget elementor-widget-heading\" data-id=\"iwgs-pfirsichholz-lith\" data-element_type=\"widget\" data-e-type=\"widget\" data-widget_type=\"heading.default\">\n\t\t\t\t\t<h2 class=\"elementor-heading-title elementor-size-default\">Heimildir (\u00farval)<\/h2>\t\t\t\t<\/div>\n\t\t<div class=\"elementor-element elementor-element-iwgs-pfirsichholz-litbox e-con-full e-flex e-con e-parent\" data-id=\"iwgs-pfirsichholz-litbox\" data-element_type=\"container\" data-e-type=\"container\">\n\t\t\t\t<div class=\"elementor-element elementor-element-iwgs-pfirsichholz-litt elementor-widget elementor-widget-html\" data-id=\"iwgs-pfirsichholz-litt\" data-element_type=\"widget\" data-e-type=\"widget\" data-widget_type=\"html.default\">\n\t\t\t\t\t<footer data-nosnippet=\"true\"><ul><li>Wolfram Eberhard: <em>Lexikon chinesischer Symbole<\/em> (1983)<\/li><li>C. A. S. Williams: <em>Chinese Symbolism and Art Motifs<\/em> (1941)<\/li><li>Florian C. Reiter: <em>Religionen in China. Geschichte, Alltag, Kultur<\/em> (2002)<\/li><li>Wolfram Eberhard: <em>Chinese Festivals<\/em> (1952)<\/li><li>Marcel Granet: <em>Die chinesische Zivilisation<\/em> (1929)<\/li><\/ul><\/footer>\t\t\t\t<\/div>\n\t\t\t\t<\/div>\n\t\t\t\t\t<\/div>\n\t\t\t\t<\/div>\n\t\t<div class=\"elementor-element elementor-element-iwgs-pfirsichholz-kwd e-flex e-con-boxed e-con e-parent\" data-id=\"iwgs-pfirsichholz-kwd\" data-element_type=\"container\" data-e-type=\"container\">\n\t\t\t\t\t<div class=\"e-con-inner\">\n\t\t\t\t<div class=\"elementor-element elementor-element-iwgs-pfirsichholz-kwdt elementor-widget elementor-widget-text-editor\" data-id=\"iwgs-pfirsichholz-kwdt\" data-element_type=\"widget\" data-e-type=\"widget\" data-widget_type=\"text-editor.default\">\n\t\t\t\t\t\t\t\t\t<p><em>Tengd kjarnahugt\u00f6k: ferskjuvi\u00f0ur ferskjutr\u00e9 illverjandi andaverjandi tr\u00e9tafla ferskjuvi\u00f0arsver\u00f0 <span class=\"iwg-fachbegriff\" data-tooltip=\"K\u00ednversk tr\u00faarleg-heimspekileg hef\u00f0 sem mi\u00f0ast vi\u00f0 Dao, veginn.\" tabindex=\"0\">Daoismi<\/span> K\u00edna verndarvi\u00f0ur.<\/em><\/p>\t\t\t\t\t\t\t\t<\/div>\n\t\t\t\t\t<\/div>\n\t\t\t\t<\/div>\n\t\t<div class=\"elementor-element elementor-element-iwgs-pfirsichholz-cc e-flex e-con-boxed e-con e-parent\" data-id=\"iwgs-pfirsichholz-cc\" data-element_type=\"container\" data-e-type=\"container\" id=\"iwg-cc-pfirsichholz\">\n\t\t\t\t\t<div class=\"e-con-inner\">\n\t\t<div class=\"elementor-element elementor-element-iwgs-pfirsichholz-ccinner e-flex e-con-boxed e-con e-parent\" data-id=\"iwgs-pfirsichholz-ccinner\" data-element_type=\"container\" data-e-type=\"container\" data-settings=\"{&quot;background_background&quot;:&quot;classic&quot;}\">\n\t\t\t\t\t<div class=\"e-con-inner\">\n\t\t\t\t<div class=\"elementor-element elementor-element-iwgs-pfirsichholz-cch elementor-widget elementor-widget-heading\" data-id=\"iwgs-pfirsichholz-cch\" data-element_type=\"widget\" data-e-type=\"widget\" data-widget_type=\"heading.default\">\n\t\t\t\t\t<h2 class=\"elementor-heading-title elementor-size-default\">iWell Guard og verndarhef\u00f0ir<\/h2>\t\t\t\t<\/div>\n\t\t\t\t<div class=\"elementor-element elementor-element-iwgs-pfirsichholz-cct elementor-widget elementor-widget-text-editor\" data-id=\"iwgs-pfirsichholz-cct\" data-element_type=\"widget\" data-e-type=\"widget\" data-widget_type=\"text-editor.default\">\n\t\t\t\t\t\t\t\t\t<p>iWell Guard er hluti af menningars\u00f6gulegri hef\u00f0 farandlegra verndargripa, sem ferskjuvi\u00f0urinn heyrir einnig til. N\u00fat\u00edmalegur f\u00f6runautur fyrir f\u00f3lk sem lifir me\u00f0 verndart\u00e1knum: framleitt \u00ed \u00de\u00fdskalandi, 41 lag \u00far hreinu gulli, plat\u00ednu og silfri, me\u00f0 30 daga skilar\u00e9tti.<\/p>\t\t\t\t\t\t\t\t<\/div>\n\t\t\t\t<div class=\"elementor-element elementor-element-iwgs-pfirsichholz-ccb iwg-cc-button iwg-cc-cta-2026-05-13 elementor-widget elementor-widget-jet-button\" data-id=\"iwgs-pfirsichholz-ccb\" data-element_type=\"widget\" data-e-type=\"widget\" data-widget_type=\"jet-button.default\">\n\t\t\t\t<div class=\"elementor-widget-container\">\n\t\t\t\t\t<div class=\"elementor-jet-button jet-elements\"><div class=\"jet-button__container\"><a class=\"jet-button__instance jet-button__instance--icon-left hover-effect-1\" href=\"\/schutzanhaenger-iwell-guard-kaufen\/?utm_source=iwell-guard.com&amp;utm_medium=info-box&amp;utm_campaign=schutzsymbole\"><div class=\"jet-button__plane jet-button__plane-normal\"><\/div><div class=\"jet-button__plane jet-button__plane-hover\"><\/div><div class=\"jet-button__state jet-button__state-normal\"><span class=\"jet-button__label\">Meira um iWell Guard<\/span><\/div><div class=\"jet-button__state jet-button__state-hover\"><span class=\"jet-button__label\">Meira um iWell Guard<\/span><\/div><\/a><\/div><\/div><style>.elementor-element.elementor-element-iwgs-pfirsichholz-ccb .jet-button__instance{width:320px;height:56px;}.elementor-element.elementor-element-iwgs-pfirsichholz-ccb .jet-button__state-normal .jet-button__label{text-align:center;margin:0px 0px 0px 0px;color:#1a1b20;font-family:Montserrat,sans-serif;font-size:13px;font-weight:400;letter-spacing:4px;line-height:1.714em;text-transform:uppercase;}.elementor-element.elementor-element-iwgs-pfirsichholz-ccb .jet-button__state-hover .jet-button__label{text-align:center;margin:0px 0px 0px 0px;color:#FECC76;font-family:Montserrat,sans-serif;font-size:13px;font-weight:400;letter-spacing:4px;line-height:1.714em;text-transform:uppercase;}.elementor-element.elementor-element-iwgs-pfirsichholz-ccb .jet-button__plane-normal{background-color:#FECC76;border-style:solid;border-color:#C99540;border-width:2px 2px 2px 2px;}.elementor-element.elementor-element-iwgs-pfirsichholz-ccb .jet-button__plane-hover{background-color:rgba(0,0,0,0.55);border-style:solid;border-color:#FECC76;border-width:2px 2px 2px 2px;}<\/style>\t\t\t\t<\/div>\n\t\t\t\t<\/div>\n\t\t\t\t<div class=\"elementor-element elementor-element-iwgs-pfirsichholz-ccd elementor-widget elementor-widget-text-editor\" data-id=\"iwgs-pfirsichholz-ccd\" data-element_type=\"widget\" data-e-type=\"widget\" data-widget_type=\"text-editor.default\">\n\t\t\t\t\t\t\t\t\t<p style=\"text-align:center;font-size:13px;opacity:0.7;margin-top:14px\" data-nosnippet=\"true\">Pers\u00f3nuleg reynsla getur veri\u00f0 mismunandi. Ekki l\u00e6kningat\u00e6ki. Engin lofor\u00f0 um l\u00e6kningu.<\/p>\t\t\t\t\t\t\t\t<\/div>\n\t\t\t\t\t<\/div>\n\t\t\t\t<\/div>\n\t\t\t\t\t<\/div>\n\t\t\t\t<\/div>\n\t\t<div class=\"elementor-element elementor-element-iwgs-pfirsichholz-disc e-flex e-con-boxed e-con e-parent\" data-id=\"iwgs-pfirsichholz-disc\" data-element_type=\"container\" data-e-type=\"container\">\n\t\t\t\t\t<div class=\"e-con-inner\">\n\t\t\t\t<div class=\"elementor-element elementor-element-iwgs-pfirsichholz-discw elementor-widget elementor-widget-html\" data-id=\"iwgs-pfirsichholz-discw\" data-element_type=\"widget\" data-e-type=\"widget\" data-widget_type=\"html.default\">\n\t\t\t\t\t<footer data-nosnippet=\"true\" class=\"iwg-disclaimer-block\"><p data-nosnippet=\"true\">iWell Guard er <strong>ekki l\u00e6kningat\u00e6ki<\/strong> og kemur ekki \u00ed sta\u00f0 l\u00e6knis- e\u00f0a s\u00e1lfr\u00e6\u00f0ime\u00f0fer\u00f0ar. Innihaldi\u00f0 sem h\u00e9r er sett fram er tr\u00faarbrag\u00f0afr\u00e6\u00f0ileg og menningars\u00f6gulega greining, ekki lofor\u00f0 um andlega virkni.<\/p><\/footer>\t\t\t\t<\/div>\n\t\t\t\t\t<\/div>\n\t\t\t\t<\/div>\n\t\t\t\t<\/div>\n\t\t","protected":false},"excerpt":{"rendered":"","protected":false},"author":3,"featured_media":3539,"parent":0,"menu_order":0,"comment_status":"closed","ping_status":"closed","template":"elementor_header_footer","meta":{"_yoast_wpseo_focuskw":"Ferskjuvi\u00f0ur","_yoast_wpseo_title":"Ferskjuvi\u00f0ur \u2013 tr\u00e9\u00f0 \u00ed K\u00edna sem hrekur burt illa anda","_yoast_wpseo_metadesc":"Ferskjuvi\u00f0ur er talinn hrekja burt illa anda \u00ed K\u00edna. Tr\u00e9t\u00f6flur og \u00fatskur\u00f0ur \u00far ferskjuvi\u00f0i veita vernd. Merking \u00fatsk\u00fdr\u00f0.","_yoast_wpseo_meta-robots-noindex":"","_yoast_wpseo_canonical":"","_angie_page":false,"gefaehrdungsstufe":"","wesen_kultur":"","wesen_klasse":"","footnotes":""},"categories":[],"class_list":["post-169200","page","type-page","status-publish","has-post-thumbnail","hentry"],"yoast_head":"<!-- This site is optimized with the Yoast SEO Premium plugin v27.7 (Yoast SEO v28.3) - https:\/\/yoast.com\/product\/yoast-seo-premium-wordpress\/ -->\n<title>Ferskjuvi\u00f0ur \u2013 tr\u00e9\u00f0 \u00ed K\u00edna sem hrekur burt illa anda<\/title>\n<meta name=\"description\" content=\"Ferskjuvi\u00f0ur er talinn hrekja burt illa anda \u00ed K\u00edna. Tr\u00e9t\u00f6flur og \u00fatskur\u00f0ur \u00far ferskjuvi\u00f0i veita vernd. Merking \u00fatsk\u00fdr\u00f0.\" \/>\n<meta name=\"robots\" content=\"index, follow, max-snippet:-1, max-image-preview:large, max-video-preview:-1\" \/>\n<link rel=\"canonical\" href=\"https:\/\/iwell-guard.com\/is\/ferskjuvidur\/\" \/>\n<meta property=\"og:locale\" content=\"is_IS\" \/>\n<meta property=\"og:type\" content=\"article\" \/>\n<meta property=\"og:title\" content=\"Ferskjuvi\u00f0ur \u2013 tr\u00e9\u00f0 sem hrekur burt illa anda \u00ed K\u00edna\" \/>\n<meta property=\"og:description\" content=\"Ferskjuvi\u00f0ur er talinn hrekja burt illa anda \u00ed K\u00edna. Tr\u00e9t\u00f6flur og \u00fatskur\u00f0ur \u00far ferskjuvi\u00f0i veita vernd. Merking \u00fatsk\u00fdr\u00f0.\" \/>\n<meta property=\"og:url\" content=\"https:\/\/iwell-guard.com\/is\/ferskjuvidur\/\" \/>\n<meta property=\"og:site_name\" content=\"iWell Guard\" \/>\n<meta property=\"article:modified_time\" content=\"2026-09-05T14:34:47+00:00\" \/>\n<meta property=\"og:image\" content=\"https:\/\/iwell-guard.com\/wp-content\/uploads\/2026\/05\/schutzsymbol_china_pfirsichholz.webp\" \/>\n\t<meta property=\"og:image:width\" content=\"1024\" \/>\n\t<meta property=\"og:image:height\" content=\"1536\" \/>\n\t<meta property=\"og:image:type\" content=\"image\/webp\" \/>\n<meta name=\"twitter:card\" content=\"summary_large_image\" \/>\n<script type=\"application\/ld+json\" class=\"yoast-schema-graph\">{\"@context\":\"https:\\\/\\\/schema.org\",\"@graph\":[{\"@type\":\"WebPage\",\"@id\":\"https:\\\/\\\/iwell-guard.com\\\/is\\\/ferskjuvidur\\\/\",\"url\":\"https:\\\/\\\/iwell-guard.com\\\/is\\\/ferskjuvidur\\\/\",\"name\":\"Ferskjuvi\u00f0ur \u2013 tr\u00e9\u00f0 \u00ed K\u00edna sem hrekur burt illa anda\",\"isPartOf\":{\"@id\":\"https:\\\/\\\/iwell-guard.com\\\/is\\\/#website\"},\"primaryImageOfPage\":{\"@id\":\"https:\\\/\\\/iwell-guard.com\\\/is\\\/ferskjuvidur\\\/#primaryimage\"},\"image\":{\"@id\":\"https:\\\/\\\/iwell-guard.com\\\/is\\\/ferskjuvidur\\\/#primaryimage\"},\"thumbnailUrl\":\"https:\\\/\\\/iwell-guard.com\\\/wp-content\\\/uploads\\\/2026\\\/05\\\/schutzsymbol_china_pfirsichholz.webp\",\"datePublished\":\"2026-09-05T14:06:26+00:00\",\"dateModified\":\"2026-09-05T14:34:47+00:00\",\"description\":\"Ferskjuvi\u00f0ur er talinn hrekja burt illa anda \u00ed K\u00edna. Tr\u00e9t\u00f6flur og \u00fatskur\u00f0ur \u00far ferskjuvi\u00f0i veita vernd. Merking \u00fatsk\u00fdr\u00f0.\",\"breadcrumb\":{\"@id\":\"https:\\\/\\\/iwell-guard.com\\\/is\\\/ferskjuvidur\\\/#breadcrumb\"},\"inLanguage\":\"is\",\"potentialAction\":[{\"@type\":\"ReadAction\",\"target\":[\"https:\\\/\\\/iwell-guard.com\\\/is\\\/ferskjuvidur\\\/\"]}]},{\"@type\":\"ImageObject\",\"inLanguage\":\"is\",\"@id\":\"https:\\\/\\\/iwell-guard.com\\\/is\\\/ferskjuvidur\\\/#primaryimage\",\"url\":\"https:\\\/\\\/iwell-guard.com\\\/wp-content\\\/uploads\\\/2026\\\/05\\\/schutzsymbol_china_pfirsichholz.webp\",\"contentUrl\":\"https:\\\/\\\/iwell-guard.com\\\/wp-content\\\/uploads\\\/2026\\\/05\\\/schutzsymbol_china_pfirsichholz.webp\",\"width\":1024,\"height\":1536,\"caption\":\"Verndart\u00e1kn. Myndskreyting \u00ed safnst\u00edl.\"},{\"@type\":\"BreadcrumbList\",\"@id\":\"https:\\\/\\\/iwell-guard.com\\\/is\\\/ferskjuvidur\\\/#breadcrumb\",\"itemListElement\":[{\"@type\":\"ListItem\",\"position\":1,\"name\":\"Start\",\"item\":\"https:\\\/\\\/iwell-guard.com\\\/is\\\/?page_id=168580\"},{\"@type\":\"ListItem\",\"position\":2,\"name\":\"Ferskjuvi\u00f0ur \u2013 tr\u00e9\u00f0 sem hrekur burt illa anda \u00ed K\u00edna\"}]},{\"@type\":\"WebSite\",\"@id\":\"https:\\\/\\\/iwell-guard.com\\\/is\\\/#website\",\"url\":\"https:\\\/\\\/iwell-guard.com\\\/is\\\/\",\"name\":\"iWell Guard\",\"description\":\"Schutz vor dunklen Einfl\u00fcssen\",\"publisher\":{\"@id\":\"https:\\\/\\\/iwell-guard.com\\\/is\\\/#organization\"},\"potentialAction\":[{\"@type\":\"SearchAction\",\"target\":{\"@type\":\"EntryPoint\",\"urlTemplate\":\"https:\\\/\\\/iwell-guard.com\\\/is\\\/?s={search_term_string}\"},\"query-input\":{\"@type\":\"PropertyValueSpecification\",\"valueRequired\":true,\"valueName\":\"search_term_string\"}}],\"inLanguage\":\"is\"},{\"@type\":\"Organization\",\"@id\":\"https:\\\/\\\/iwell-guard.com\\\/is\\\/#organization\",\"name\":\"Ittermann electronic GmbH\",\"url\":\"https:\\\/\\\/iwell-guard.com\\\/is\\\/\",\"logo\":{\"@type\":\"ImageObject\",\"inLanguage\":\"is\",\"@id\":\"https:\\\/\\\/iwell-guard.com\\\/is\\\/#\\\/schema\\\/logo\\\/image\\\/\",\"url\":\"https:\\\/\\\/iwell-guard.com\\\/wp-content\\\/uploads\\\/2026\\\/05\\\/Ittermann-Logo-1182x237-1.png\",\"contentUrl\":\"https:\\\/\\\/iwell-guard.com\\\/wp-content\\\/uploads\\\/2026\\\/05\\\/Ittermann-Logo-1182x237-1.png\",\"width\":1182,\"height\":237,\"caption\":\"Ittermann electronic GmbH\"},\"image\":{\"@id\":\"https:\\\/\\\/iwell-guard.com\\\/is\\\/#\\\/schema\\\/logo\\\/image\\\/\"},\"sameAs\":[\"https:\\\/\\\/pantip.com\\\/profile\\\/9367242\",\"https:\\\/\\\/micro.blog\\\/iwellguard\",\"https:\\\/\\\/www.diggerslist.com\\\/iwellguard\\\/about\",\"https:\\\/\\\/skitterphoto.com\\\/photographers\\\/2870314\\\/iwell-guard\",\"https:\\\/\\\/iwellguard.wordpress.com\\\/2026\\\/06\\\/06\\\/iwell-guard\\\/\",\"https:\\\/\\\/hub.docker.com\\\/u\\\/iwellguard\",\"https:\\\/\\\/www.pinterest.com\\\/iwellguard\\\/\",\"https:\\\/\\\/bit.ly\\\/m\\\/iwellguard\",\"https:\\\/\\\/entre-vos-mains.alsace.eu\\\/profiles\\\/iwellguard\\\/activity\",\"https:\\\/\\\/gravatar.com\\\/reallybeded8fd34\",\"https:\\\/\\\/naijamatta.com\\\/iwellguard\",\"https:\\\/\\\/www.goodreads.com\\\/iwellguard\",\"https:\\\/\\\/profile.hatena.ne.jp\\\/iwellguard\\\/\",\"https:\\\/\\\/experiment.com\\\/users\\\/iwellguard\",\"https:\\\/\\\/wakelet.com\\\/@iWellGuard82270\",\"https:\\\/\\\/www.chordie.com\\\/forum\\\/profile.php?id=2555664\",\"https:\\\/\\\/www.instapaper.com\\\/p\\\/17757966\",\"https:\\\/\\\/www.mapleprimes.com\\\/users\\\/iwellguard\",\"https:\\\/\\\/businesslistingplus.com\\\/profile\\\/iwell-guard\\\/\",\"https:\\\/\\\/telegra.ph\\\/iWell-Guard-06-06\",\"https:\\\/\\\/pbase.com\\\/iwellguard\\\/iwellguard\",\"https:\\\/\\\/b.hatena.ne.jp\\\/iwellguard\\\/20260607#bookmark-4788405196491818882\",\"https:\\\/\\\/fliphtml5.com\\\/home\\\/iwellguard\",\"https:\\\/\\\/anyflip.com\\\/homepage\\\/cmiwl#About\",\"https:\\\/\\\/transfur.com\\\/Users\\\/iwellguard\",\"http:\\\/\\\/delphi.larsbo.org\\\/user\\\/iwellguard\",\"https:\\\/\\\/jobs.lajobsportal.org\\\/profiles\\\/8380803-iwell-guard\",\"https:\\\/\\\/md.chaosdorf.de\\\/s\\\/jfbe5SBdJD\",\"https:\\\/\\\/www.lingvolive.com\\\/en-us\\\/profile\\\/9ecaeaca-ce11-4e51-9e71-01d55e2bff36\\\/translations\",\"https:\\\/\\\/www.fitday.com\\\/fitness\\\/forums\\\/members\\\/iwellguard.html\",\"https:\\\/\\\/www.mymeetbook.com\\\/iwellguard\",\"https:\\\/\\\/pxhere.com\\\/en\\\/photographer-me\\\/5040798\",\"https:\\\/\\\/disqus.com\\\/by\\\/iwellguard\\\/about\\\/\",\"https:\\\/\\\/pastelink.net\\\/hjwciqwq\",\"https:\\\/\\\/pubhtml5.com\\\/homepage\\\/scjhn\\\/\",\"https:\\\/\\\/www.bitchute.com\\\/channel\\\/2O2eOKzNqujT\",\"https:\\\/\\\/audiomack.com\\\/iwellguard\"]}]}<\/script>\n<!-- \/ Yoast SEO Premium plugin. -->","yoast_head_json":{"title":"Ferskjuvi\u00f0ur \u2013 tr\u00e9\u00f0 \u00ed K\u00edna sem hrekur burt illa anda","description":"Ferskjuvi\u00f0ur er talinn hrekja burt illa anda \u00ed K\u00edna. Tr\u00e9t\u00f6flur og \u00fatskur\u00f0ur \u00far ferskjuvi\u00f0i veita vernd. Merking \u00fatsk\u00fdr\u00f0.","robots":{"index":"index","follow":"follow","max-snippet":"max-snippet:-1","max-image-preview":"max-image-preview:large","max-video-preview":"max-video-preview:-1"},"canonical":"https:\/\/iwell-guard.com\/is\/ferskjuvidur\/","og_locale":"is_IS","og_type":"article","og_title":"Ferskjuvi\u00f0ur \u2013 tr\u00e9\u00f0 sem hrekur burt illa anda \u00ed K\u00edna","og_description":"Ferskjuvi\u00f0ur er talinn hrekja burt illa anda \u00ed K\u00edna. Tr\u00e9t\u00f6flur og \u00fatskur\u00f0ur \u00far ferskjuvi\u00f0i veita vernd. Merking \u00fatsk\u00fdr\u00f0.","og_url":"https:\/\/iwell-guard.com\/is\/ferskjuvidur\/","og_site_name":"iWell Guard","article_modified_time":"2026-09-05T14:34:47+00:00","og_image":[{"width":1024,"height":1536,"url":"https:\/\/iwell-guard.com\/wp-content\/uploads\/2026\/05\/schutzsymbol_china_pfirsichholz.webp","type":"image\/webp"}],"twitter_card":"summary_large_image","schema":{"@context":"https:\/\/schema.org","@graph":[{"@type":"WebPage","@id":"https:\/\/iwell-guard.com\/is\/ferskjuvidur\/","url":"https:\/\/iwell-guard.com\/is\/ferskjuvidur\/","name":"Ferskjuvi\u00f0ur \u2013 tr\u00e9\u00f0 \u00ed K\u00edna sem hrekur burt illa anda","isPartOf":{"@id":"https:\/\/iwell-guard.com\/is\/#website"},"primaryImageOfPage":{"@id":"https:\/\/iwell-guard.com\/is\/ferskjuvidur\/#primaryimage"},"image":{"@id":"https:\/\/iwell-guard.com\/is\/ferskjuvidur\/#primaryimage"},"thumbnailUrl":"https:\/\/iwell-guard.com\/wp-content\/uploads\/2026\/05\/schutzsymbol_china_pfirsichholz.webp","datePublished":"2026-09-05T14:06:26+00:00","dateModified":"2026-09-05T14:34:47+00:00","description":"Ferskjuvi\u00f0ur er talinn hrekja burt illa anda \u00ed K\u00edna. Tr\u00e9t\u00f6flur og \u00fatskur\u00f0ur \u00far ferskjuvi\u00f0i veita vernd. Merking \u00fatsk\u00fdr\u00f0.","breadcrumb":{"@id":"https:\/\/iwell-guard.com\/is\/ferskjuvidur\/#breadcrumb"},"inLanguage":"is","potentialAction":[{"@type":"ReadAction","target":["https:\/\/iwell-guard.com\/is\/ferskjuvidur\/"]}]},{"@type":"ImageObject","inLanguage":"is","@id":"https:\/\/iwell-guard.com\/is\/ferskjuvidur\/#primaryimage","url":"https:\/\/iwell-guard.com\/wp-content\/uploads\/2026\/05\/schutzsymbol_china_pfirsichholz.webp","contentUrl":"https:\/\/iwell-guard.com\/wp-content\/uploads\/2026\/05\/schutzsymbol_china_pfirsichholz.webp","width":1024,"height":1536,"caption":"Verndart\u00e1kn. Myndskreyting \u00ed safnst\u00edl."},{"@type":"BreadcrumbList","@id":"https:\/\/iwell-guard.com\/is\/ferskjuvidur\/#breadcrumb","itemListElement":[{"@type":"ListItem","position":1,"name":"Start","item":"https:\/\/iwell-guard.com\/is\/?page_id=168580"},{"@type":"ListItem","position":2,"name":"Ferskjuvi\u00f0ur \u2013 tr\u00e9\u00f0 sem hrekur burt illa anda \u00ed K\u00edna"}]},{"@type":"WebSite","@id":"https:\/\/iwell-guard.com\/is\/#website","url":"https:\/\/iwell-guard.com\/is\/","name":"iWell Guard","description":"Schutz vor dunklen Einfl\u00fcssen","publisher":{"@id":"https:\/\/iwell-guard.com\/is\/#organization"},"potentialAction":[{"@type":"SearchAction","target":{"@type":"EntryPoint","urlTemplate":"https:\/\/iwell-guard.com\/is\/?s={search_term_string}"},"query-input":{"@type":"PropertyValueSpecification","valueRequired":true,"valueName":"search_term_string"}}],"inLanguage":"is"},{"@type":"Organization","@id":"https:\/\/iwell-guard.com\/is\/#organization","name":"Ittermann electronic GmbH","url":"https:\/\/iwell-guard.com\/is\/","logo":{"@type":"ImageObject","inLanguage":"is","@id":"https:\/\/iwell-guard.com\/is\/#\/schema\/logo\/image\/","url":"https:\/\/iwell-guard.com\/wp-content\/uploads\/2026\/05\/Ittermann-Logo-1182x237-1.png","contentUrl":"https:\/\/iwell-guard.com\/wp-content\/uploads\/2026\/05\/Ittermann-Logo-1182x237-1.png","width":1182,"height":237,"caption":"Ittermann electronic GmbH"},"image":{"@id":"https:\/\/iwell-guard.com\/is\/#\/schema\/logo\/image\/"},"sameAs":["https:\/\/pantip.com\/profile\/9367242","https:\/\/micro.blog\/iwellguard","https:\/\/www.diggerslist.com\/iwellguard\/about","https:\/\/skitterphoto.com\/photographers\/2870314\/iwell-guard","https:\/\/iwellguard.wordpress.com\/2026\/06\/06\/iwell-guard\/","https:\/\/hub.docker.com\/u\/iwellguard","https:\/\/www.pinterest.com\/iwellguard\/","https:\/\/bit.ly\/m\/iwellguard","https:\/\/entre-vos-mains.alsace.eu\/profiles\/iwellguard\/activity","https:\/\/gravatar.com\/reallybeded8fd34","https:\/\/naijamatta.com\/iwellguard","https:\/\/www.goodreads.com\/iwellguard","https:\/\/profile.hatena.ne.jp\/iwellguard\/","https:\/\/experiment.com\/users\/iwellguard","https:\/\/wakelet.com\/@iWellGuard82270","https:\/\/www.chordie.com\/forum\/profile.php?id=2555664","https:\/\/www.instapaper.com\/p\/17757966","https:\/\/www.mapleprimes.com\/users\/iwellguard","https:\/\/businesslistingplus.com\/profile\/iwell-guard\/","https:\/\/telegra.ph\/iWell-Guard-06-06","https:\/\/pbase.com\/iwellguard\/iwellguard","https:\/\/b.hatena.ne.jp\/iwellguard\/20260607#bookmark-4788405196491818882","https:\/\/fliphtml5.com\/home\/iwellguard","https:\/\/anyflip.com\/homepage\/cmiwl#About","https:\/\/transfur.com\/Users\/iwellguard","http:\/\/delphi.larsbo.org\/user\/iwellguard","https:\/\/jobs.lajobsportal.org\/profiles\/8380803-iwell-guard","https:\/\/md.chaosdorf.de\/s\/jfbe5SBdJD","https:\/\/www.lingvolive.com\/en-us\/profile\/9ecaeaca-ce11-4e51-9e71-01d55e2bff36\/translations","https:\/\/www.fitday.com\/fitness\/forums\/members\/iwellguard.html","https:\/\/www.mymeetbook.com\/iwellguard","https:\/\/pxhere.com\/en\/photographer-me\/5040798","https:\/\/disqus.com\/by\/iwellguard\/about\/","https:\/\/pastelink.net\/hjwciqwq","https:\/\/pubhtml5.com\/homepage\/scjhn\/","https:\/\/www.bitchute.com\/channel\/2O2eOKzNqujT","https:\/\/audiomack.com\/iwellguard"]}]}},"_links":{"self":[{"href":"https:\/\/iwell-guard.com\/is\/wp-json\/wp\/v2\/pages\/169200","targetHints":{"allow":["GET"]}}],"collection":[{"href":"https:\/\/iwell-guard.com\/is\/wp-json\/wp\/v2\/pages"}],"about":[{"href":"https:\/\/iwell-guard.com\/is\/wp-json\/wp\/v2\/types\/page"}],"author":[{"embeddable":true,"href":"https:\/\/iwell-guard.com\/is\/wp-json\/wp\/v2\/users\/3"}],"replies":[{"embeddable":true,"href":"https:\/\/iwell-guard.com\/is\/wp-json\/wp\/v2\/comments?post=169200"}],"version-history":[{"count":0,"href":"https:\/\/iwell-guard.com\/is\/wp-json\/wp\/v2\/pages\/169200\/revisions"}],"wp:featuredmedia":[{"embeddable":true,"href":"https:\/\/iwell-guard.com\/is\/wp-json\/wp\/v2\/media\/3539"}],"wp:attachment":[{"href":"https:\/\/iwell-guard.com\/is\/wp-json\/wp\/v2\/media?parent=169200"}],"wp:term":[{"taxonomy":"category","embeddable":true,"href":"https:\/\/iwell-guard.com\/is\/wp-json\/wp\/v2\/categories?post=169200"}],"curies":[{"name":"wp","href":"https:\/\/api.w.org\/{rel}","templated":true}]}}