{"id":169198,"date":"2026-09-05T14:06:25","date_gmt":"2026-09-05T14:06:25","guid":{"rendered":"https:\/\/iwell-guard.com\/?page_id=169198"},"modified":"2026-09-05T14:34:43","modified_gmt":"2026-09-05T14:34:43","slug":"pixiu-vaengjada-godsagnavera-verndargripur","status":"publish","type":"page","link":"https:\/\/iwell-guard.com\/is\/pixiu-vaengjada-godsagnavera-verndargripur\/","title":{"rendered":"Pixiu \u2013 hin v\u00e6ngja\u00f0a go\u00f0sagnavera sem verndargripur"},"content":{"rendered":"\t\t<div data-elementor-type=\"wp-page\" data-elementor-id=\"169198\" class=\"elementor elementor-169198 elementor-3689 elementor-bc-flex-widget\" data-elementor-post-type=\"page\">\n\t\t\t\t<div class=\"elementor-element elementor-element-iwgs-pixiu-hero e-flex e-con-boxed e-con e-parent\" data-id=\"iwgs-pixiu-hero\" data-element_type=\"container\" data-e-type=\"container\">\n\t\t\t\t\t<div class=\"e-con-inner\">\n\t\t<div class=\"elementor-element elementor-element-iwgs-pixiu-hl e-flex e-con-boxed e-con e-parent\" data-id=\"iwgs-pixiu-hl\" data-element_type=\"container\" data-e-type=\"container\">\n\t\t\t\t\t<div class=\"e-con-inner\">\n\t\t<div class=\"elementor-element elementor-element-iwgs-pixiu-hlbox e-con-full e-flex e-con e-parent\" data-id=\"iwgs-pixiu-hlbox\" data-element_type=\"container\" data-e-type=\"container\">\n\t\t\t\t<div class=\"elementor-element elementor-element-iwgs-pixiu-h1 elementor-widget elementor-widget-heading\" data-id=\"iwgs-pixiu-h1\" data-element_type=\"widget\" data-e-type=\"widget\" data-widget_type=\"heading.default\">\n\t\t\t\t\t<h1 class=\"elementor-heading-title elementor-size-default\">Pixiu \u2013 hin v\u00e6ngja\u00f0a go\u00f0sagnavera sem var\u00f0veitir au\u00f0\u00e6fi<\/h1>\t\t\t\t<\/div>\n\t\t\t\t<div class=\"elementor-element elementor-element-iwgs-pixiu-lead elementor-widget elementor-widget-text-editor\" data-id=\"iwgs-pixiu-lead\" data-element_type=\"widget\" data-e-type=\"widget\" data-widget_type=\"text-editor.default\">\n\t\t\t\t\t\t\t\t\t<p>Pixiu er v\u00e6ngju\u00f0 go\u00f0sagnavera \u00far k\u00ednverskri hef\u00f0. Sem verndarvera er tali\u00f0 a\u00f0 h\u00fan dragi a\u00f0 s\u00e9r og var\u00f0veiti au\u00f0\u00e6fi og verjist \u00e1 sama t\u00edma \u00f3g\u00e6fu og ska\u00f0legum \u00f6ndum. Sem stytta stendur h\u00fan \u00ed h\u00fasum og vi\u00f0 innganga. Sem v\u00e6ngju\u00f0 verndarvera er sagt a\u00f0 Pixiu dragi a\u00f0 s\u00e9r au\u00f0\u00e6fi og verji fyrir ska\u00f0legum \u00f6ndum.<\/p>\t\t\t\t\t\t\t\t<\/div>\n\t\t\t\t<\/div>\n\t\t\t\t<div class=\"elementor-element elementor-element-iwgs-pixiu-pills elementor-widget elementor-widget-html\" data-id=\"iwgs-pixiu-pills\" data-element_type=\"widget\" data-e-type=\"widget\" data-widget_type=\"html.default\">\n\t\t\t\t\t<div class=\"iwg-pill-row\"><span class=\"iwg-klasse-badge\" tabindex=\"0\" data-tooltip=\"Verndart\u00e1kn, verndargripur e\u00f0a ap\u00f3tr\u00f3peiskur (illvarnandi) hlutur.\">Verndart\u00e1kn<\/span><a href=\"https:\/\/iwell-guard.com\/is\/kina\/\" class=\"iwg-kultur-badge\" tabindex=\"0\" data-tooltip=\"Verndarhef\u00f0: K\u00edna\">K\u00edna<\/a><span class=\"iwg-tradition-badge\" tabindex=\"0\" data-tooltip=\"Vera sem tali\u00f0 er a\u00f0 hafi verndandi \u00e1hrif.\">Verndarvera<\/span><\/div>\t\t\t\t<\/div>\n\t\t\t\t\t<\/div>\n\t\t\t\t<\/div>\n\t\t<div class=\"elementor-element elementor-element-iwgs-pixiu-hr e-con-full e-flex e-con e-parent\" data-id=\"iwgs-pixiu-hr\" data-element_type=\"container\" data-e-type=\"container\">\n\t\t\t\t<div class=\"elementor-element elementor-element-iwgs-pixiu-himg iwg-hero-image elementor-widget elementor-widget-image\" data-id=\"iwgs-pixiu-himg\" data-element_type=\"widget\" data-e-type=\"widget\" data-widget_type=\"image.default\">\n\t\t\t\t\t\t\t\t\t\t\t\t\t\t\t<img fetchpriority=\"high\" decoding=\"async\" width=\"683\" height=\"1024\" src=\"https:\/\/iwell-guard.com\/wp-content\/uploads\/2026\/05\/schutzsymbol_china_pixiu-683x1024.webp\" class=\"attachment-large size-large wp-image-170516\" alt=\"Pixiu - verndart\u00e1kn, safnfr\u00e6\u00f0ileg myndskreyting\" srcset=\"https:\/\/iwell-guard.com\/wp-content\/uploads\/2026\/05\/schutzsymbol_china_pixiu-683x1024.webp 683w, https:\/\/iwell-guard.com\/wp-content\/uploads\/2026\/05\/schutzsymbol_china_pixiu-200x300.webp 200w, https:\/\/iwell-guard.com\/wp-content\/uploads\/2026\/05\/schutzsymbol_china_pixiu-768x1152.webp 768w, https:\/\/iwell-guard.com\/wp-content\/uploads\/2026\/05\/schutzsymbol_china_pixiu.webp 1024w\" sizes=\"(max-width: 683px) 100vw, 683px\" \/>\t\t\t\t\t\t\t\t\t\t\t\t\t\t\t<\/div>\n\t\t\t\t<\/div>\n\t\t\t\t\t<\/div>\n\t\t\t\t<\/div>\n\t\t<div class=\"elementor-element elementor-element-iwgs-pixiu-s0 e-flex e-con-boxed e-con e-parent\" data-id=\"iwgs-pixiu-s0\" data-element_type=\"container\" data-e-type=\"container\">\n\t\t\t\t\t<div class=\"e-con-inner\">\n\t\t\t\t<div class=\"elementor-element elementor-element-iwgs-pixiu-s0h elementor-widget elementor-widget-heading\" data-id=\"iwgs-pixiu-s0h\" data-element_type=\"widget\" data-e-type=\"widget\" data-widget_type=\"heading.default\">\n\t\t\t\t\t<h2 class=\"elementor-heading-title elementor-size-default\">Yfirlit<\/h2>\t\t\t\t<\/div>\n\t\t<div class=\"elementor-element elementor-element-iwgs-pixiu-s0box e-con-full e-flex e-con e-parent\" data-id=\"iwgs-pixiu-s0box\" data-element_type=\"container\" data-e-type=\"container\">\n\t\t\t\t<div class=\"elementor-element elementor-element-iwgs-pixiu-s0t elementor-widget elementor-widget-text-editor\" data-id=\"iwgs-pixiu-s0t\" data-element_type=\"widget\" data-e-type=\"widget\" data-widget_type=\"text-editor.default\">\n\t\t\t\t\t\t\t\t\t<p>Pixiu er go\u00f0sagnavera \u00far hef\u00f0 <a href=\"https:\/\/iwell-guard.com\/is\/kina\/\">K\u00edna<\/a>. H\u00fan er ekki raunverulegt d\u00fdr heldur skapa\u00f0 vera sem talin er samsett \u00far hlutum margra d\u00fdra.<\/p><p>Veran er s\u00fdnd me\u00f0 h\u00f6fu\u00f0 d\u00fdrs sem l\u00edkist lj\u00f3ni e\u00f0a dreka, me\u00f0 kr\u00f6ftugan b\u00fak og oft me\u00f0 v\u00e6ngi. H\u00fan hefur m\u00e1ttugt og \u00e1hrifamiki\u00f0 yfirbrag\u00f0.<\/p><p>Pixiu er talin vera verndarvera me\u00f0 tv\u00f6falt hlutverk. \u00c1 annan b\u00f3ginn dregur h\u00fan a\u00f0 s\u00e9r au\u00f0\u00e6fi og var\u00f0veitir \u00feau, \u00e1 hinn b\u00f3ginn verndar h\u00fan fyrir \u00f3g\u00e6fu og ska\u00f0legum \u00f6ndum.<\/p><p>Sem verndarvera birtist Pixiu fyrst og fremst \u00ed formi styttna \u00far steini, bronsi, vi\u00f0i e\u00f0a ja\u00f0i. \u00deessar styttur standa \u00ed h\u00fasum, verslunum og vi\u00f0 innganga.<\/p><p>\u00cd <span class=\"iwg-fachbegriff\" data-tooltip=\"Fr\u00e6\u00f0igreinin sem rannsakar tr\u00faarbr\u00f6g\u00f0 samanbur\u00f0arlega og \u00e1n tr\u00faarlegrar bindingar.\" tabindex=\"0\">tr\u00faarbrag\u00f0afr\u00e6\u00f0i<\/span> er Pixiu gott d\u00e6mi um verndarveru sem sameinar margar merkingar. Var\u00f0veisla au\u00f0\u00e6fa og v\u00f6rn gegn \u00f3g\u00e6fu tengjast hj\u00e1 henni.<\/p><p>\u00deessi s\u00ed\u00f0a fjallar um Pixiu sem verndarveru. H\u00fan l\u00fdsir \u00fatliti hennar, merkingu og notkun og setur hana \u00ed samhengi vi\u00f0 verndarhef\u00f0 K\u00edna.<\/p>\t\t\t\t\t\t\t\t<\/div>\n\t\t\t\t<\/div>\n\t\t\t\t\t<\/div>\n\t\t\t\t<\/div>\n\t\t<div class=\"elementor-element elementor-element-iwgs-pixiu-s1 e-flex e-con-boxed e-con e-parent\" data-id=\"iwgs-pixiu-s1\" data-element_type=\"container\" data-e-type=\"container\">\n\t\t\t\t\t<div class=\"e-con-inner\">\n\t\t\t\t<div class=\"elementor-element elementor-element-iwgs-pixiu-s1h elementor-widget elementor-widget-heading\" data-id=\"iwgs-pixiu-s1h\" data-element_type=\"widget\" data-e-type=\"widget\" data-widget_type=\"heading.default\">\n\t\t\t\t\t<h2 class=\"elementor-heading-title elementor-size-default\">Vera \u00far k\u00ednverskri munnm\u00e6lahef\u00f0<\/h2>\t\t\t\t<\/div>\n\t\t<div class=\"elementor-element elementor-element-iwgs-pixiu-s1box e-con-full e-flex e-con e-parent\" data-id=\"iwgs-pixiu-s1box\" data-element_type=\"container\" data-e-type=\"container\">\n\t\t\t\t<div class=\"elementor-element elementor-element-iwgs-pixiu-s1t elementor-widget elementor-widget-text-editor\" data-id=\"iwgs-pixiu-s1t\" data-element_type=\"widget\" data-e-type=\"widget\" data-widget_type=\"text-editor.default\">\n\t\t\t\t\t\t\t\t\t<p>Pixiu telst til \u00feeirra go\u00f0sagnavera sem hafa m\u00f3tast \u00ed k\u00ednverskri <span class=\"iwg-fachbegriff\" data-tooltip=\"Mi\u00f0lun \u00feekkingar og sagna kynsl\u00f3\u00f0 fram af kynsl\u00f3\u00f0.\" tabindex=\"0\">munnm\u00e6lahef\u00f0<\/span> yfir langan t\u00edma. Sl\u00edkar verur eru fj\u00f6lmargar \u00ed k\u00ednverskri menningu.<\/p><p>K\u00ednverska <span class=\"iwg-fachbegriff\" data-tooltip=\"Mi\u00f0lun \u00feekkingar og sagna kynsl\u00f3\u00f0 fram af kynsl\u00f3\u00f0.\" tabindex=\"0\">munnm\u00e6lahef\u00f0in<\/span> geymir heilan heim go\u00f0sagnad\u00fdra. Auk drekans og f\u00f6nixins eru til margar a\u00f0rar verur, hver me\u00f0 s\u00edna eigin merkingu.<\/p><p>Pixiu hefur veri\u00f0 nefnd \u00ed \u00feessum heimi go\u00f0sagnavera um langan t\u00edma. Hugmyndir um sl\u00edkt m\u00e1ttugt, verndandi d\u00fdr n\u00e1 langt aftur \u00ed k\u00ednverska s\u00f6gu.<\/p><p>\u00cd gegnum t\u00ed\u00f0ina hafa hugmyndir um Pixiu breyst og \u00fer\u00f3ast. Mismunandi munnm\u00e6li l\u00fdsa verunni me\u00f0 \u00f3l\u00edkum einkennum og ekki eru \u00f6ll sm\u00e1atri\u00f0i samr\u00e6md.<\/p><p>Hei\u00f0arleg framsetning nefnir \u00feessa \u00f3vissu. Pixiu er ekki sk\u00fdrt afm\u00f6rku\u00f0 vera me\u00f0 eina fasta mynd, heldur hugmynd sem hefur breyst og \u00fe\u00e9ttst \u00ed gegnum s\u00f6guna.<\/p><p>\u00dea\u00f0 sem h\u00e9lst \u00f3breytt \u00ed gegnum t\u00ed\u00f0ina er grunneinkenni\u00f0. Pixiu var alltaf talin m\u00e1ttug, verndandi vera sem tengd var au\u00f0\u00e6fum og v\u00f6rn gegn \u00f3g\u00e6fu.<\/p>\t\t\t\t\t\t\t\t<\/div>\n\t\t\t\t<\/div>\n\t\t\t\t\t<\/div>\n\t\t\t\t<\/div>\n\t\t<div class=\"elementor-element elementor-element-iwgs-pixiu-s2 e-flex e-con-boxed e-con e-parent\" data-id=\"iwgs-pixiu-s2\" data-element_type=\"container\" data-e-type=\"container\">\n\t\t\t\t\t<div class=\"e-con-inner\">\n\t\t\t\t<div class=\"elementor-element elementor-element-iwgs-pixiu-s2h elementor-widget elementor-widget-heading\" data-id=\"iwgs-pixiu-s2h\" data-element_type=\"widget\" data-e-type=\"widget\" data-widget_type=\"heading.default\">\n\t\t\t\t\t<h2 class=\"elementor-heading-title elementor-size-default\">\u00datlit hinnar v\u00e6ngju\u00f0u veru<\/h2>\t\t\t\t<\/div>\n\t\t<div class=\"elementor-element elementor-element-iwgs-pixiu-s2box e-con-full e-flex e-con e-parent\" data-id=\"iwgs-pixiu-s2box\" data-element_type=\"container\" data-e-type=\"container\">\n\t\t\t\t<div class=\"elementor-element elementor-element-iwgs-pixiu-s2t elementor-widget elementor-widget-text-editor\" data-id=\"iwgs-pixiu-s2t\" data-element_type=\"widget\" data-e-type=\"widget\" data-widget_type=\"text-editor.default\">\n\t\t\t\t\t\t\t\t\t<p>Pixiu hefur einkennandi, en \u00ed sm\u00e1atri\u00f0um breytilegt, \u00fatlit. H\u00fan er samsett vera, myndu\u00f0 \u00far einkennum margra d\u00fdra.<\/p><p>Oft er h\u00f6fu\u00f0 Pixiu l\u00edkt dreka e\u00f0a lj\u00f3ni. H\u00f6fu\u00f0i\u00f0 virkar m\u00e1ttugt og a\u00f0 stundum \u00f3gnvekjandi, me\u00f0 gapandi gin og kr\u00f6ftug einkenni.<\/p><p>B\u00fakurinn er kr\u00f6ftugur og \u00fe\u00e9ttvaxinn, oft l\u00edkur b\u00fak lj\u00f3ns e\u00f0a annars st\u00f3rs d\u00fdrs. F\u00e6turnir eru sterkir, kl\u00e6rnar \u00e1 t\u00e1num \u00e1berandi.<\/p><p>Algengt einkenni eru v\u00e6ngirnir. Pixiu er oft s\u00fdnd me\u00f0 v\u00e6ngi \u00e1 bakinu, sem gefa hinum m\u00e1ttuga b\u00fak auki\u00f0, yfirn\u00e1tt\u00farulegt yfirbrag\u00f0.<\/p><p>S\u00e9rst\u00f6k <span class=\"iwg-fachbegriff\" data-tooltip=\"Mi\u00f0lun \u00feekkingar og sagna kynsl\u00f3\u00f0 fram af kynsl\u00f3\u00f0.\" tabindex=\"0\">munnm\u00e6li<\/span> fjalla um gin Pixiu. Samkv\u00e6mt \u00fatbreiddri hugmynd hefur veran st\u00f3rt gin en engan enda\u00fearm. H\u00fan getur teki\u00f0 \u00e1 m\u00f3ti en ekki gefi\u00f0 til baka.<\/p><p>\u00deessi hugmynd um gini\u00f0 \u00e1n \u00fatgangs er mikilv\u00e6g fyrir merkingu Pixiu. \u00dea\u00f0 er myndl\u00edkingin sem k\u00ednversk <span class=\"iwg-fachbegriff\" data-tooltip=\"Mi\u00f0lun \u00feekkingar og sagna kynsl\u00f3\u00f0 fram af kynsl\u00f3\u00f0.\" tabindex=\"0\">munnm\u00e6lahef\u00f0<\/span> notar til a\u00f0 \u00fatsk\u00fdra hvers vegna Pixiu dregur ekki bara a\u00f0 au\u00f0 heldur var\u00f0veitir hann einnig.<\/p>\t\t\t\t\t\t\t\t<\/div>\n\t\t\t\t<\/div>\n\t\t\t\t\t<\/div>\n\t\t\t\t<\/div>\n\t\t<div class=\"elementor-element elementor-element-iwgs-pixiu-s3 e-flex e-con-boxed e-con e-parent\" data-id=\"iwgs-pixiu-s3\" data-element_type=\"container\" data-e-type=\"container\">\n\t\t\t\t\t<div class=\"e-con-inner\">\n\t\t\t\t<div class=\"elementor-element elementor-element-iwgs-pixiu-s3h elementor-widget elementor-widget-heading\" data-id=\"iwgs-pixiu-s3h\" data-element_type=\"widget\" data-e-type=\"widget\" data-widget_type=\"heading.default\">\n\t\t\t\t\t<h2 class=\"elementor-heading-title elementor-size-default\">Pixiu sem var\u00f0veitandi au\u00f0\u00e6fa<\/h2>\t\t\t\t<\/div>\n\t\t<div class=\"elementor-element elementor-element-iwgs-pixiu-s3box e-con-full e-flex e-con e-parent\" data-id=\"iwgs-pixiu-s3box\" data-element_type=\"container\" data-e-type=\"container\">\n\t\t\t\t<div class=\"elementor-element elementor-element-iwgs-pixiu-s3t elementor-widget elementor-widget-text-editor\" data-id=\"iwgs-pixiu-s3t\" data-element_type=\"widget\" data-e-type=\"widget\" data-widget_type=\"text-editor.default\">\n\t\t\t\t\t\t\t\t\t<p>Ein a\u00f0almerking Pixiu er tengsl hennar vi\u00f0 au\u00f0\u00e6fi. Pixiu er talin vera sem dregur a\u00f0 s\u00e9r og var\u00f0veitir au\u00f0\u00e6fi.<\/p><p>\u00deessi merking er \u00fatsk\u00fdr\u00f0 me\u00f0 hugmyndinni um gini\u00f0 \u00e1n \u00fatgangs. Samkv\u00e6mt henni tekur Pixiu au\u00f0inn til s\u00edn gegnum st\u00f3ra gini\u00f0 en getur ekki misst hann aftur.<\/p><p>\u00dat fr\u00e1 \u00feessari hugmynd sprettur myndin af veru sem safnar velmegun \u00ed sig og heldur henni. \u00dea\u00f0 sem kemur til Pixiu, ver\u00f0ur hj\u00e1 henni.<\/p><p>\u00dear liggur munurinn fr\u00e1 einf\u00f6ldu heillamerki. Samkv\u00e6mt \u00feessari hugmynd f\u00e6rir Pixiu ekki a\u00f0eins heppni, heldur var\u00f0veitir h\u00fan einnig velmegun sem \u00feegar hefur \u00e1skotnast, gegn tapi.<\/p><p>Af \u00feessum s\u00f6kum er Pixiu s\u00e9rstaklega vins\u00e6l stytta \u00ed verslunum, b\u00f6nkum og \u00e1 vi\u00f0skiptast\u00f6\u00f0um. \u00dear sameinast \u00f3skin um a\u00f0 afla velmegunar og \u00f3skin um a\u00f0 var\u00f0veita hana.<\/p><p>Pixiu er \u00feannig verndarvera af s\u00e9rst\u00f6ku tagi. \u00cd sta\u00f0 \u00feess a\u00f0 verja gegn l\u00edkamlegri \u00f3g\u00e6fu, var\u00f0veitir h\u00fan anna\u00f0 ver\u00f0m\u00e6ti, velmegunina, gegn tapi og r\u00fdrnun.<\/p>\t\t\t\t\t\t\t\t<\/div>\n\t\t\t\t<\/div>\n\t\t\t\t\t<\/div>\n\t\t\t\t<\/div>\n\t\t<div class=\"elementor-element elementor-element-iwgs-pixiu-s4 e-flex e-con-boxed e-con e-parent\" data-id=\"iwgs-pixiu-s4\" data-element_type=\"container\" data-e-type=\"container\">\n\t\t\t\t\t<div class=\"e-con-inner\">\n\t\t\t\t<div class=\"elementor-element elementor-element-iwgs-pixiu-s4h elementor-widget elementor-widget-heading\" data-id=\"iwgs-pixiu-s4h\" data-element_type=\"widget\" data-e-type=\"widget\" data-widget_type=\"heading.default\">\n\t\t\t\t\t<h2 class=\"elementor-heading-title elementor-size-default\">Pixiu sem v\u00f6rn gegn \u00f3g\u00e6fu<\/h2>\t\t\t\t<\/div>\n\t\t<div class=\"elementor-element elementor-element-iwgs-pixiu-s4box e-con-full e-flex e-con e-parent\" data-id=\"iwgs-pixiu-s4box\" data-element_type=\"container\" data-e-type=\"container\">\n\t\t\t\t<div class=\"elementor-element elementor-element-iwgs-pixiu-s4t elementor-widget elementor-widget-text-editor\" data-id=\"iwgs-pixiu-s4t\" data-element_type=\"widget\" data-e-type=\"widget\" data-widget_type=\"text-editor.default\">\n\t\t\t\t\t\t\t\t\t<p>\u00d6nnur mikilv\u00e6g merking Pixiu er varnarhlutverk hans. Pixiu er talinn var\u00f0veitandi au\u00f0s og \u00e1 sama t\u00edma v\u00f6rn gegn \u00f3heillum og ska\u00f0legum \u00f6ndum.<\/p><p>\u00deessi merking sprettur af hinni m\u00e1ttugu ger\u00f0 verunnar. Pixiu vir\u00f0ist sterkur og \u00f3gnvekjandi, og sl\u00edk vera er samkv\u00e6mt almennri tr\u00fa talin til \u00feess fallin a\u00f0 hr\u00e6\u00f0a fr\u00e1 ska\u00f0legar m\u00e1ttarv\u00f6ld.<\/p><p>\u00dear me\u00f0 telst Pixiu til var\u00f0vera. Eins og var\u00f0lj\u00f3nin standa v\u00f6r\u00f0 fyrir framan byggingar, stendur Pixiu einnig sem mynd vi\u00f0 inng\u00f6ngudyr og \u00fer\u00f6skulda til a\u00f0 halda hinu illa fr\u00e1 innra r\u00fdmi.<\/p><p>\u00cd \u00feessu hlutverki l\u00edkist Pixiu \u00f6\u00f0rum var\u00f0veislu-d\u00fdramyndum k\u00ednverskrar hef\u00f0ar. \u00de\u00e6r n\u00fdta allar hina m\u00e1ttugu \u00e1s\u00fdnd d\u00fdrsins til a\u00f0 hr\u00e6\u00f0a fr\u00e1 ska\u00f0leg \u00e1hrif.<\/p><p>Oft eru tv\u00e6r Pixiu-styttur settar upp \u00ed pari, ein \u00e1 hvorri hli\u00f0 inngangs. \u00deannig myndu \u00fe\u00e6r saman v\u00f6r\u00f0 sem tryggir a\u00f0gang fr\u00e1 b\u00e1\u00f0um hli\u00f0um.<\/p><p>Varnarhlutverk og var\u00f0veisluhlutverk Pixiu b\u00e6ta hvort anna\u00f0 upp. Pixiu heldur \u00f3heill \u00fati og velmegun inni. \u00deannig verndar hann heimili e\u00f0a fyrirt\u00e6ki \u00e1 b\u00e1\u00f0ar hli\u00f0ar.<\/p>\t\t\t\t\t\t\t\t<\/div>\n\t\t\t\t<\/div>\n\t\t\t\t\t<\/div>\n\t\t\t\t<\/div>\n\t\t<div class=\"elementor-element elementor-element-iwgs-pixiu-s5 e-flex e-con-boxed e-con e-parent\" data-id=\"iwgs-pixiu-s5\" data-element_type=\"container\" data-e-type=\"container\">\n\t\t\t\t\t<div class=\"e-con-inner\">\n\t\t\t\t<div class=\"elementor-element elementor-element-iwgs-pixiu-s5h elementor-widget elementor-widget-heading\" data-id=\"iwgs-pixiu-s5h\" data-element_type=\"widget\" data-e-type=\"widget\" data-widget_type=\"heading.default\">\n\t\t\t\t\t<h2 class=\"elementor-heading-title elementor-size-default\">Styttan \u00e1 heimili og \u00ed fyrirt\u00e6ki<\/h2>\t\t\t\t<\/div>\n\t\t<div class=\"elementor-element elementor-element-iwgs-pixiu-s5box e-con-full e-flex e-con e-parent\" data-id=\"iwgs-pixiu-s5box\" data-element_type=\"container\" data-e-type=\"container\">\n\t\t\t\t<div class=\"elementor-element elementor-element-iwgs-pixiu-s5t elementor-widget elementor-widget-text-editor\" data-id=\"iwgs-pixiu-s5t\" data-element_type=\"widget\" data-e-type=\"widget\" data-widget_type=\"text-editor.default\">\n\t\t\t\t\t\t\t\t\t<p>Pixiu birtist sem verndargripur \u00e1 heimilum og \u00ed fyrirt\u00e6kjum. Styttur eru ger\u00f0ar \u00far \u00fdmsum efnum, steini, brons, vi\u00f0i e\u00f0a ja\u00f0i.<\/p><p>\u00c1 heimili er Pixiu komi\u00f0 fyrir \u00e1 \u00e1berandi sta\u00f0. Oft stendur styttan n\u00e1l\u00e6gt inngangi e\u00f0a \u00e1 sta\u00f0 sem talinn er hafa s\u00e9rstaka \u00fe\u00fd\u00f0ingu fyrir velmegun.<\/p><p>\u00cd verslunum og \u00e1 st\u00f6\u00f0um vi\u00f0skipta er Pixiu s\u00e9rstaklega algengur. \u00dear tengist \u00f3skin um velmegun \u00f3skinni um a\u00f0 var\u00f0veita \u00feann gr\u00f3\u00f0a sem \u00e1skotnast hefur.<\/p><p>Venjulega er styttan sett \u00feannig a\u00f0 h\u00f6fu\u00f0 hennar v\u00edsi \u00fat\u00e1vi\u00f0, a\u00f0 innganginum e\u00f0a glugganum. \u00deannig er tali\u00f0 a\u00f0 Pixiu geti teki\u00f0 \u00e1 m\u00f3ti au\u00f0i fr\u00e1 utan.<\/p><p>Pixiu birtist einnig \u00ed sm\u00e6kka\u00f0ri mynd, sem hengi e\u00f0a skartgripur, oft ger\u00f0ur \u00far ja\u00f0i. \u00cd \u00feeirri mynd er veran borin \u00e1 l\u00edkamanum og fylgir eiganda s\u00ednum.<\/p><p>\u00cd \u00f6llum \u00feessum myndum uppfyllir Pixiu sama tv\u00f6falda hlutverki\u00f0. Sem st\u00f3r stytta e\u00f0a l\u00edti\u00f0 <span class=\"iwg-fachbegriff\" data-tooltip=\"Gripur sem borinn er \u00e1 l\u00edkamanum og talinn hafa verndandi, \u00f3heillafr\u00e1hrekjandi \u00e1hrif.\" tabindex=\"0\">verndargrip<\/span> \u00e1 hann a\u00f0 draga a\u00f0 og var\u00f0veita au\u00f0, en einnig hrekja fr\u00e1 \u00f3heill.<\/p>\t\t\t\t\t\t\t\t<\/div>\n\t\t\t\t<\/div>\n\t\t\t\t\t<\/div>\n\t\t\t\t<\/div>\n\t\t<div class=\"elementor-element elementor-element-iwgs-pixiu-s6 e-flex e-con-boxed e-con e-parent\" data-id=\"iwgs-pixiu-s6\" data-element_type=\"container\" data-e-type=\"container\">\n\t\t\t\t\t<div class=\"e-con-inner\">\n\t\t\t\t<div class=\"elementor-element elementor-element-iwgs-pixiu-s6h elementor-widget elementor-widget-heading\" data-id=\"iwgs-pixiu-s6h\" data-element_type=\"widget\" data-e-type=\"widget\" data-widget_type=\"heading.default\">\n\t\t\t\t\t<h2 class=\"elementor-heading-title elementor-size-default\">Pixiu og l\u00e6rd\u00f3murinn um hagst\u00e6\u00f0a skipan<\/h2>\t\t\t\t<\/div>\n\t\t<div class=\"elementor-element elementor-element-iwgs-pixiu-s6box e-con-full e-flex e-con e-parent\" data-id=\"iwgs-pixiu-s6box\" data-element_type=\"container\" data-e-type=\"container\">\n\t\t\t\t<div class=\"elementor-element elementor-element-iwgs-pixiu-s6t elementor-widget elementor-widget-text-editor\" data-id=\"iwgs-pixiu-s6t\" data-element_type=\"widget\" data-e-type=\"widget\" data-widget_type=\"text-editor.default\">\n\t\t\t\t\t\t\t\t\t<p>Pixiu hefur fastan sess \u00ed k\u00ednverskum l\u00e6rd\u00f3mi um hagst\u00e6\u00f0a skipan \u00edb\u00fa\u00f0ar- og verslunarh\u00fasn\u00e6\u00f0is. \u00deessi l\u00e6rd\u00f3mur fjallar um r\u00f6\u00f0un r\u00fdma og hluta.<\/p><p>Samkv\u00e6mt \u00feessum l\u00e6rd\u00f3mi getur r\u00e9ttur fr\u00e1gangur hluta stu\u00f0la\u00f0 a\u00f0 hagst\u00e6\u00f0um \u00e1hrifum og hraki\u00f0 \u00f3hagst\u00e6\u00f0 \u00e1hrif \u00e1 brott. Verndargripir eins og Pixiu teljast til \u00feeirra \u00farr\u00e6\u00f0a sem \u00feessi l\u00e6rd\u00f3mur m\u00e6lir fyrir um.<\/p><p>Innan \u00feessa l\u00e6rd\u00f3ms eru til lei\u00f0beiningar um hvernig Pixiu skuli komi\u00f0 fyrir. \u00de\u00e6r var\u00f0a sta\u00f0setningu, stefnu og fj\u00f6lda styttna.<\/p><p>Oft er r\u00e1\u00f0lagt a\u00f0 sn\u00faa styttunni a\u00f0 innganginum e\u00f0a glugganum, svo Pixiu geti teki\u00f0 \u00e1 m\u00f3ti velmegun fr\u00e1 utan. Sofnherbergi\u00f0 og a\u00f0rir \u00e1kve\u00f0nir sta\u00f0ir eru einnig teknir til \u00ed lei\u00f0beiningunum.<\/p><p>\u00dea\u00f0 er vert a\u00f0 benda \u00e1 a\u00f0 margar af \u00feessum \u00edtarlegu lei\u00f0beiningum eru tilt\u00f6lulega n\u00fdjar af n\u00e1linni. \u00de\u00e6r heyra til n\u00fat\u00edmalegs, mj\u00f6g \u00fatf\u00e6r\u00f0s afbrig\u00f0is l\u00e6rd\u00f3msins, sem getur veri\u00f0 fr\u00e1brug\u00f0i\u00f0 eldri munnm\u00e6lum.<\/p><p>Pixiu s\u00fdnir \u00feannig hvernig fornt go\u00f0sagnad\u00fdr hefur rata\u00f0 inn \u00ed n\u00fat\u00edmalegan, v\u00ed\u00f0\u00fatbreiddan l\u00e6rd\u00f3m. Grunnhugmyndin er g\u00f6mul, en n\u00e1kv\u00e6mar fyrirm\u00e6li um sta\u00f0setningu og stefnu eru oft af n\u00fdrri r\u00f3t.<\/p>\t\t\t\t\t\t\t\t<\/div>\n\t\t\t\t<\/div>\n\t\t\t\t\t<\/div>\n\t\t\t\t<\/div>\n\t\t<div class=\"elementor-element elementor-element-iwgs-pixiu-s7 e-flex e-con-boxed e-con e-parent\" data-id=\"iwgs-pixiu-s7\" data-element_type=\"container\" data-e-type=\"container\">\n\t\t\t\t\t<div class=\"e-con-inner\">\n\t\t\t\t<div class=\"elementor-element elementor-element-iwgs-pixiu-s7h elementor-widget elementor-widget-heading\" data-id=\"iwgs-pixiu-s7h\" data-element_type=\"widget\" data-e-type=\"widget\" data-widget_type=\"heading.default\">\n\t\t\t\t\t<h2 class=\"elementor-heading-title elementor-size-default\">Pixiu \u00ed verndarhef\u00f0 K\u00edna<\/h2>\t\t\t\t<\/div>\n\t\t<div class=\"elementor-element elementor-element-iwgs-pixiu-s7box e-con-full e-flex e-con e-parent\" data-id=\"iwgs-pixiu-s7box\" data-element_type=\"container\" data-e-type=\"container\">\n\t\t\t\t<div class=\"elementor-element elementor-element-iwgs-pixiu-s7t elementor-widget elementor-widget-text-editor\" data-id=\"iwgs-pixiu-s7t\" data-element_type=\"widget\" data-e-type=\"widget\" data-widget_type=\"text-editor.default\">\n\t\t\t\t\t\t\t\t\t<p>Pixiu telst til r\u00edkulegrar verndarhef\u00f0ar K\u00edna. \u00cd \u00feeirri hef\u00f0 leika d\u00fdr og go\u00f0sagnad\u00fdr mikilv\u00e6gt hlutverk.<\/p><p>K\u00ednversk hef\u00f0 \u00feekkir fj\u00f6lm\u00f6rg verndandi d\u00fdr og go\u00f0sagnad\u00fdr. Var\u00f0lj\u00f3ni\u00f0, drekinn og \u00f6nnur verur \u00fej\u00f3na, hvert \u00e1 sinn h\u00e1tt, \u00fev\u00ed a\u00f0 hrekja \u00f3heill \u00e1 brott og kalla eftir hinu g\u00f3\u00f0a.<\/p><p>Pixiu tekur s\u00e9r s\u00e9rstakan sess innan \u00feessarar hef\u00f0ar. Me\u00f0an margar verur einbeita s\u00e9r fyrst og fremst a\u00f0 v\u00f6rninni, sameinar Pixiu v\u00f6rnina gegn \u00f3heillum vi\u00f0 var\u00f0veislu au\u00f0s.<\/p><p>\u00deannig telst Pixiu til h\u00f3ps verndarvera sem, auk varnarhlutverks s\u00edns, hafa j\u00e1kv\u00e6\u00f0 \u00e1hrif. Hann hrekur hi\u00f0 illa \u00e1 brott og dregur \u00e1 sama t\u00edma a\u00f0 hi\u00f0 g\u00f3\u00f0a, h\u00e9r velmegun.<\/p><p>Oft stendur Pixiu vi\u00f0 hli\u00f0 annarra verndargripa, sjaldan einn. Heimili e\u00f0a fyrirt\u00e6ki getur samt\u00edmis b\u00fai\u00f0 yfir var\u00f0lj\u00f3num, myntsver\u00f0i og Pixiu-styttu.<\/p><p>Pixiu er \u00fear me\u00f0 \u00e1g\u00e6tt d\u00e6mi um k\u00ednverska verndarhef\u00f0. \u00cd honum s\u00e9st hvernig go\u00f0sagnad\u00fdr getur sameina\u00f0 v\u00f6rn gegn \u00f3heillum og var\u00f0veislu velmegunar \u00ed einni og s\u00f6mu mynd.<\/p>\t\t\t\t\t\t\t\t<\/div>\n\t\t\t\t<\/div>\n\t\t\t\t\t<\/div>\n\t\t\t\t<\/div>\n\t\t<div class=\"elementor-element elementor-element-iwgs-pixiu-s8 e-flex e-con-boxed e-con e-parent\" data-id=\"iwgs-pixiu-s8\" data-element_type=\"container\" data-e-type=\"container\">\n\t\t\t\t\t<div class=\"e-con-inner\">\n\t\t\t\t<div class=\"elementor-element elementor-element-iwgs-pixiu-s8h elementor-widget elementor-widget-heading\" data-id=\"iwgs-pixiu-s8h\" data-element_type=\"widget\" data-e-type=\"widget\" data-widget_type=\"heading.default\">\n\t\t\t\t\t<h2 class=\"elementor-heading-title elementor-size-default\">M\u00f3tt\u00f6kur \u00ed dag<\/h2>\t\t\t\t<\/div>\n\t\t<div class=\"elementor-element elementor-element-iwgs-pixiu-s8box e-con-full e-flex e-con e-parent\" data-id=\"iwgs-pixiu-s8box\" data-element_type=\"container\" data-e-type=\"container\">\n\t\t\t\t<div class=\"elementor-element elementor-element-iwgs-pixiu-s8t elementor-widget elementor-widget-text-editor\" data-id=\"iwgs-pixiu-s8t\" data-element_type=\"widget\" data-e-type=\"widget\" data-widget_type=\"text-editor.default\">\n\t\t\t\t\t\t\t\t\t<p>Pixiu er fram \u00e1 okkar daga vins\u00e6ll og vel kunnur verndargripur. \u00cd K\u00edna og me\u00f0al k\u00ednverskra samf\u00e9laga um heim allan er veran enn \u00ed notkun.<\/p><p>S\u00e9rstaklega \u00ed tengslum vi\u00f0 \u00f3skina um velmegun er Pixiu \u00e1berandi \u00ed n\u00fat\u00edmanum. \u00cd verslunum, skrifstofum og heimilum m\u00e1 oft sj\u00e1 Pixiu-styttur.<\/p><p>Sem skartgripur og hengi, oft ger\u00f0ur \u00far ja\u00f0i, er Pixiu einnig v\u00ed\u00f0a \u00fatbreiddur. \u00cd \u00feessari sm\u00e6kku\u00f0u mynd er veran borin \u00e1 l\u00edkamanum af m\u00f6rgum.<\/p><p>Innan n\u00fat\u00edmalegs l\u00e6rd\u00f3ms um hagst\u00e6\u00f0a skipan r\u00fdma hefur Pixiu fengi\u00f0 fastan sess. \u00deessi l\u00e6rd\u00f3mur hefur \u00e1tt sinn \u00fe\u00e1tt \u00ed v\u00ed\u00f0t\u00e6kri \u00feekkingu \u00e1 verunni.<\/p><p>Fyrir <span class=\"iwg-fachbegriff\" data-tooltip=\"Fr\u00e6\u00f0igreinin sem rannsakar tr\u00faarbr\u00f6g\u00f0 samanbur\u00f0arlega og \u00e1n tr\u00faarlegrar afst\u00f6\u00f0u.\" tabindex=\"0\">tr\u00faarbrag\u00f0afr\u00e6\u00f0i<\/span> er Pixiu uppl\u00fdsandi d\u00e6mi. Hann s\u00fdnir hvernig fornt go\u00f0sagnad\u00fdr lifir \u00e1fram \u00ed gegnum t\u00edmann og finnur s\u00e9r n\u00fdtt samhengi.<\/p><p>Pixiu er \u00fear me\u00f0 \u00e1hrifamiki\u00f0 d\u00e6mi um k\u00ednverska verndarveru. \u00cd honum sameinast hin m\u00e1ttuga \u00e1s\u00fdnd hins v\u00e6ngja\u00f0a go\u00f0sagnad\u00fdrs, var\u00f0veisla au\u00f0s og v\u00f6rn gegn \u00f3heillum \u00ed einni og s\u00f6mu verndarmynd.<\/p>\t\t\t\t\t\t\t\t<\/div>\n\t\t\t\t<\/div>\n\t\t\t\t\t<\/div>\n\t\t\t\t<\/div>\n\t\t<div class=\"elementor-element elementor-element-iwgs-pixiu-lit e-flex e-con-boxed e-con e-parent\" data-id=\"iwgs-pixiu-lit\" data-element_type=\"container\" data-e-type=\"container\">\n\t\t\t\t\t<div class=\"e-con-inner\">\n\t\t\t\t<div class=\"elementor-element elementor-element-iwgs-pixiu-lith elementor-widget elementor-widget-heading\" data-id=\"iwgs-pixiu-lith\" data-element_type=\"widget\" data-e-type=\"widget\" data-widget_type=\"heading.default\">\n\t\t\t\t\t<h2 class=\"elementor-heading-title elementor-size-default\">Heimildir (\u00farval)<\/h2>\t\t\t\t<\/div>\n\t\t<div class=\"elementor-element elementor-element-iwgs-pixiu-litbox e-con-full e-flex e-con e-parent\" data-id=\"iwgs-pixiu-litbox\" data-element_type=\"container\" data-e-type=\"container\">\n\t\t\t\t<div class=\"elementor-element elementor-element-iwgs-pixiu-litt elementor-widget elementor-widget-html\" data-id=\"iwgs-pixiu-litt\" data-element_type=\"widget\" data-e-type=\"widget\" data-widget_type=\"html.default\">\n\t\t\t\t\t<footer data-nosnippet=\"true\"><ul><li>Wolfram Eberhard: <em>Lexikon chinesischer Symbole<\/em> (1983)<\/li><li>C. A. S. Williams: <em>Chinese Symbolism and Art Motifs<\/em> (1941)<\/li><li>Patricia Bjaaland Welch: <em>Chinese Art. A Guide to Motifs and Visual Imagery<\/em> (2008)<\/li><li>Florian C. Reiter: <em>Religionen in China. Geschichte, Alltag, Kultur<\/em> (2002)<\/li><li>Wolfram Eberhard: <em>Die chinesische Novelle des 17. bis 19. Jahrhunderts<\/em> (Studien zur Volkskultur)<\/li><\/ul><\/footer>\t\t\t\t<\/div>\n\t\t\t\t<\/div>\n\t\t\t\t\t<\/div>\n\t\t\t\t<\/div>\n\t\t<div class=\"elementor-element elementor-element-iwgs-pixiu-kwd e-flex e-con-boxed e-con e-parent\" data-id=\"iwgs-pixiu-kwd\" data-element_type=\"container\" data-e-type=\"container\">\n\t\t\t\t\t<div class=\"e-con-inner\">\n\t\t\t\t<div class=\"elementor-element elementor-element-iwgs-pixiu-kwdt elementor-widget elementor-widget-text-editor\" data-id=\"iwgs-pixiu-kwdt\" data-element_type=\"widget\" data-e-type=\"widget\" data-widget_type=\"text-editor.default\">\n\t\t\t\t\t\t\t\t\t<p><em>Tengd leitaror\u00f0: Pixiu go\u00f0sagnad\u00fdr verndargripur au\u00f0ur velmegun \u00f3heillav\u00f6rn var\u00f0ard\u00fdr K\u00edna Feng Shui.<\/em><\/p>\t\t\t\t\t\t\t\t<\/div>\n\t\t\t\t\t<\/div>\n\t\t\t\t<\/div>\n\t\t<div class=\"elementor-element elementor-element-iwgs-pixiu-cc e-flex e-con-boxed e-con e-parent\" data-id=\"iwgs-pixiu-cc\" data-element_type=\"container\" data-e-type=\"container\" id=\"iwg-cc-pixiu\">\n\t\t\t\t\t<div class=\"e-con-inner\">\n\t\t<div class=\"elementor-element elementor-element-iwgs-pixiu-ccinner e-flex e-con-boxed e-con e-parent\" data-id=\"iwgs-pixiu-ccinner\" data-element_type=\"container\" data-e-type=\"container\" data-settings=\"{&quot;background_background&quot;:&quot;classic&quot;}\">\n\t\t\t\t\t<div class=\"e-con-inner\">\n\t\t\t\t<div class=\"elementor-element elementor-element-iwgs-pixiu-cch elementor-widget elementor-widget-heading\" data-id=\"iwgs-pixiu-cch\" data-element_type=\"widget\" data-e-type=\"widget\" data-widget_type=\"heading.default\">\n\t\t\t\t\t<h2 class=\"elementor-heading-title elementor-size-default\">iWell Guard og verndarhef\u00f0ir<\/h2>\t\t\t\t<\/div>\n\t\t\t\t<div class=\"elementor-element elementor-element-iwgs-pixiu-cct elementor-widget elementor-widget-text-editor\" data-id=\"iwgs-pixiu-cct\" data-element_type=\"widget\" data-e-type=\"widget\" data-widget_type=\"text-editor.default\">\n\t\t\t\t\t\t\t\t\t<p>iWell Guard fellur \u00ed menningars\u00f6gulegan flokk me\u00f0 bur\u00f0arh\u00e6fum verndargripum, sama flokk og Pixiu heyrir til. N\u00fat\u00edmalegur f\u00f6runautur fyrir f\u00f3lk sem lifir me\u00f0 verndart\u00e1knum: framleiddur \u00ed \u00de\u00fdskalandi, 41 lag af sk\u00edru gulli, plat\u00ednu og silfri, me\u00f0 30 daga skilar\u00e9tti.<\/p>\t\t\t\t\t\t\t\t<\/div>\n\t\t\t\t<div class=\"elementor-element elementor-element-iwgs-pixiu-ccb iwg-cc-button iwg-cc-cta-2026-05-13 elementor-widget elementor-widget-jet-button\" data-id=\"iwgs-pixiu-ccb\" data-element_type=\"widget\" data-e-type=\"widget\" data-widget_type=\"jet-button.default\">\n\t\t\t\t<div class=\"elementor-widget-container\">\n\t\t\t\t\t<div class=\"elementor-jet-button jet-elements\"><div class=\"jet-button__container\"><a class=\"jet-button__instance jet-button__instance--icon-left hover-effect-1\" href=\"\/schutzanhaenger-iwell-guard-kaufen\/?utm_source=iwell-guard.com&amp;utm_medium=info-box&amp;utm_campaign=schutzsymbole\"><div class=\"jet-button__plane jet-button__plane-normal\"><\/div><div class=\"jet-button__plane jet-button__plane-hover\"><\/div><div class=\"jet-button__state jet-button__state-normal\"><span class=\"jet-button__label\">Meira um iWell Guard<\/span><\/div><div class=\"jet-button__state jet-button__state-hover\"><span class=\"jet-button__label\">Meira um iWell Guard<\/span><\/div><\/a><\/div><\/div><style>.elementor-element.elementor-element-iwgs-pixiu-ccb .jet-button__instance{width:320px;height:56px;}.elementor-element.elementor-element-iwgs-pixiu-ccb .jet-button__state-normal .jet-button__label{text-align:center;margin:0px 0px 0px 0px;color:#1a1b20;font-family:Montserrat,sans-serif;font-size:13px;font-weight:400;letter-spacing:4px;line-height:1.714em;text-transform:uppercase;}.elementor-element.elementor-element-iwgs-pixiu-ccb .jet-button__state-hover .jet-button__label{text-align:center;margin:0px 0px 0px 0px;color:#FECC76;font-family:Montserrat,sans-serif;font-size:13px;font-weight:400;letter-spacing:4px;line-height:1.714em;text-transform:uppercase;}.elementor-element.elementor-element-iwgs-pixiu-ccb .jet-button__plane-normal{background-color:#FECC76;border-style:solid;border-color:#C99540;border-width:2px 2px 2px 2px;}.elementor-element.elementor-element-iwgs-pixiu-ccb .jet-button__plane-hover{background-color:rgba(0,0,0,0.55);border-style:solid;border-color:#FECC76;border-width:2px 2px 2px 2px;}<\/style>\t\t\t\t<\/div>\n\t\t\t\t<\/div>\n\t\t\t\t<div class=\"elementor-element elementor-element-iwgs-pixiu-ccd elementor-widget elementor-widget-text-editor\" data-id=\"iwgs-pixiu-ccd\" data-element_type=\"widget\" data-e-type=\"widget\" data-widget_type=\"text-editor.default\">\n\t\t\t\t\t\t\t\t\t<p style=\"text-align:center;font-size:13px;opacity:0.7;margin-top:14px\" data-nosnippet=\"true\">Pers\u00f3nuleg reynsla getur veri\u00f0 mismunandi. Ekki l\u00e6kningat\u00e6ki. Engin lofor\u00f0 um l\u00e6kningu.<\/p>\t\t\t\t\t\t\t\t<\/div>\n\t\t\t\t\t<\/div>\n\t\t\t\t<\/div>\n\t\t\t\t\t<\/div>\n\t\t\t\t<\/div>\n\t\t<div class=\"elementor-element elementor-element-iwgs-pixiu-disc e-flex e-con-boxed e-con e-parent\" data-id=\"iwgs-pixiu-disc\" data-element_type=\"container\" data-e-type=\"container\">\n\t\t\t\t\t<div class=\"e-con-inner\">\n\t\t\t\t<div class=\"elementor-element elementor-element-iwgs-pixiu-discw elementor-widget elementor-widget-html\" data-id=\"iwgs-pixiu-discw\" data-element_type=\"widget\" data-e-type=\"widget\" data-widget_type=\"html.default\">\n\t\t\t\t\t<footer data-nosnippet=\"true\" class=\"iwg-disclaimer-block\"><p data-nosnippet=\"true\">iWell Guard er <strong>ekki l\u00e6kningat\u00e6ki<\/strong> og kemur ekki \u00ed sta\u00f0 l\u00e6knis- e\u00f0a s\u00e1lfr\u00e6\u00f0ime\u00f0fer\u00f0ar. Innihaldi\u00f0 sem h\u00e9r er sett fram er tr\u00faarbrag\u00f0afr\u00e6\u00f0ileg og menningars\u00f6gulega greining, ekki lofor\u00f0 um andlega virkni.<\/p><\/footer>\t\t\t\t<\/div>\n\t\t\t\t\t<\/div>\n\t\t\t\t<\/div>\n\t\t\t\t<\/div>\n\t\t","protected":false},"excerpt":{"rendered":"","protected":false},"author":3,"featured_media":3537,"parent":0,"menu_order":0,"comment_status":"closed","ping_status":"closed","template":"elementor_header_footer","meta":{"_yoast_wpseo_focuskw":"Pixiu","_yoast_wpseo_title":"Pixiu \u2013 hin v\u00e6ngja\u00f0a go\u00f0sagnavera","_yoast_wpseo_metadesc":"Pixiu er hin v\u00e6ngja\u00f0a go\u00f0sagnavera K\u00edna sem var\u00f0veitir au\u00f0\u00e6fi og varnar \u00f3g\u00e6fu. Uppruni og merking \u00fatsk\u00fdr\u00f0 \u00e1 sk\u00fdran h\u00e1tt.","_yoast_wpseo_meta-robots-noindex":"","_yoast_wpseo_canonical":"","_angie_page":false,"gefaehrdungsstufe":"","wesen_kultur":"","wesen_klasse":"","footnotes":""},"categories":[],"class_list":["post-169198","page","type-page","status-publish","has-post-thumbnail","hentry"],"yoast_head":"<!-- This site is optimized with the Yoast SEO Premium plugin v27.7 (Yoast SEO v28.3) - https:\/\/yoast.com\/product\/yoast-seo-premium-wordpress\/ -->\n<title>Pixiu \u2013 hin v\u00e6ngja\u00f0a go\u00f0sagnavera<\/title>\n<meta name=\"description\" content=\"Pixiu er hin v\u00e6ngja\u00f0a go\u00f0sagnavera K\u00edna sem var\u00f0veitir au\u00f0\u00e6fi og varnar \u00f3g\u00e6fu. Uppruni og merking \u00fatsk\u00fdr\u00f0 \u00e1 sk\u00fdran h\u00e1tt.\" \/>\n<meta name=\"robots\" content=\"index, follow, max-snippet:-1, max-image-preview:large, max-video-preview:-1\" \/>\n<link rel=\"canonical\" href=\"https:\/\/iwell-guard.com\/is\/pixiu-vaengjada-godsagnavera-verndargripur\/\" \/>\n<meta property=\"og:locale\" content=\"is_IS\" \/>\n<meta property=\"og:type\" content=\"article\" \/>\n<meta property=\"og:title\" content=\"Pixiu \u2013 hin v\u00e6ngja\u00f0a go\u00f0sagnavera sem verndargripur\" \/>\n<meta property=\"og:description\" content=\"Pixiu er hin v\u00e6ngja\u00f0a go\u00f0sagnavera K\u00edna sem var\u00f0veitir au\u00f0\u00e6fi og varnar \u00f3g\u00e6fu. Uppruni og merking \u00fatsk\u00fdr\u00f0 \u00e1 sk\u00fdran h\u00e1tt.\" \/>\n<meta property=\"og:url\" content=\"https:\/\/iwell-guard.com\/is\/pixiu-vaengjada-godsagnavera-verndargripur\/\" \/>\n<meta property=\"og:site_name\" content=\"iWell Guard\" \/>\n<meta property=\"article:modified_time\" content=\"2026-09-05T14:34:43+00:00\" \/>\n<meta property=\"og:image\" content=\"https:\/\/iwell-guard.com\/wp-content\/uploads\/2026\/05\/schutzsymbol_china_pixiu.webp\" \/>\n\t<meta property=\"og:image:width\" content=\"1024\" \/>\n\t<meta property=\"og:image:height\" content=\"1536\" \/>\n\t<meta property=\"og:image:type\" content=\"image\/webp\" \/>\n<meta name=\"twitter:card\" content=\"summary_large_image\" \/>\n<script type=\"application\/ld+json\" class=\"yoast-schema-graph\">{\"@context\":\"https:\\\/\\\/schema.org\",\"@graph\":[{\"@type\":\"WebPage\",\"@id\":\"https:\\\/\\\/iwell-guard.com\\\/is\\\/pixiu-vaengjada-godsagnavera-verndargripur\\\/\",\"url\":\"https:\\\/\\\/iwell-guard.com\\\/is\\\/pixiu-vaengjada-godsagnavera-verndargripur\\\/\",\"name\":\"Pixiu \u2013 hin v\u00e6ngja\u00f0a go\u00f0sagnavera\",\"isPartOf\":{\"@id\":\"https:\\\/\\\/iwell-guard.com\\\/is\\\/#website\"},\"primaryImageOfPage\":{\"@id\":\"https:\\\/\\\/iwell-guard.com\\\/is\\\/pixiu-vaengjada-godsagnavera-verndargripur\\\/#primaryimage\"},\"image\":{\"@id\":\"https:\\\/\\\/iwell-guard.com\\\/is\\\/pixiu-vaengjada-godsagnavera-verndargripur\\\/#primaryimage\"},\"thumbnailUrl\":\"https:\\\/\\\/iwell-guard.com\\\/wp-content\\\/uploads\\\/2026\\\/05\\\/schutzsymbol_china_pixiu.webp\",\"datePublished\":\"2026-09-05T14:06:25+00:00\",\"dateModified\":\"2026-09-05T14:34:43+00:00\",\"description\":\"Pixiu er hin v\u00e6ngja\u00f0a go\u00f0sagnavera K\u00edna sem var\u00f0veitir au\u00f0\u00e6fi og varnar \u00f3g\u00e6fu. Uppruni og merking \u00fatsk\u00fdr\u00f0 \u00e1 sk\u00fdran h\u00e1tt.\",\"breadcrumb\":{\"@id\":\"https:\\\/\\\/iwell-guard.com\\\/is\\\/pixiu-vaengjada-godsagnavera-verndargripur\\\/#breadcrumb\"},\"inLanguage\":\"is\",\"potentialAction\":[{\"@type\":\"ReadAction\",\"target\":[\"https:\\\/\\\/iwell-guard.com\\\/is\\\/pixiu-vaengjada-godsagnavera-verndargripur\\\/\"]}]},{\"@type\":\"ImageObject\",\"inLanguage\":\"is\",\"@id\":\"https:\\\/\\\/iwell-guard.com\\\/is\\\/pixiu-vaengjada-godsagnavera-verndargripur\\\/#primaryimage\",\"url\":\"https:\\\/\\\/iwell-guard.com\\\/wp-content\\\/uploads\\\/2026\\\/05\\\/schutzsymbol_china_pixiu.webp\",\"contentUrl\":\"https:\\\/\\\/iwell-guard.com\\\/wp-content\\\/uploads\\\/2026\\\/05\\\/schutzsymbol_china_pixiu.webp\",\"width\":1024,\"height\":1536,\"caption\":\"Verndart\u00e1kn. Myndskreyting \u00ed safnst\u00edl.\"},{\"@type\":\"BreadcrumbList\",\"@id\":\"https:\\\/\\\/iwell-guard.com\\\/is\\\/pixiu-vaengjada-godsagnavera-verndargripur\\\/#breadcrumb\",\"itemListElement\":[{\"@type\":\"ListItem\",\"position\":1,\"name\":\"Start\",\"item\":\"https:\\\/\\\/iwell-guard.com\\\/is\\\/?page_id=168580\"},{\"@type\":\"ListItem\",\"position\":2,\"name\":\"Pixiu \u2013 hin v\u00e6ngja\u00f0a go\u00f0sagnavera sem verndargripur\"}]},{\"@type\":\"WebSite\",\"@id\":\"https:\\\/\\\/iwell-guard.com\\\/is\\\/#website\",\"url\":\"https:\\\/\\\/iwell-guard.com\\\/is\\\/\",\"name\":\"iWell Guard\",\"description\":\"Schutz vor dunklen Einfl\u00fcssen\",\"publisher\":{\"@id\":\"https:\\\/\\\/iwell-guard.com\\\/is\\\/#organization\"},\"potentialAction\":[{\"@type\":\"SearchAction\",\"target\":{\"@type\":\"EntryPoint\",\"urlTemplate\":\"https:\\\/\\\/iwell-guard.com\\\/is\\\/?s={search_term_string}\"},\"query-input\":{\"@type\":\"PropertyValueSpecification\",\"valueRequired\":true,\"valueName\":\"search_term_string\"}}],\"inLanguage\":\"is\"},{\"@type\":\"Organization\",\"@id\":\"https:\\\/\\\/iwell-guard.com\\\/is\\\/#organization\",\"name\":\"Ittermann electronic GmbH\",\"url\":\"https:\\\/\\\/iwell-guard.com\\\/is\\\/\",\"logo\":{\"@type\":\"ImageObject\",\"inLanguage\":\"is\",\"@id\":\"https:\\\/\\\/iwell-guard.com\\\/is\\\/#\\\/schema\\\/logo\\\/image\\\/\",\"url\":\"https:\\\/\\\/iwell-guard.com\\\/wp-content\\\/uploads\\\/2026\\\/05\\\/Ittermann-Logo-1182x237-1.png\",\"contentUrl\":\"https:\\\/\\\/iwell-guard.com\\\/wp-content\\\/uploads\\\/2026\\\/05\\\/Ittermann-Logo-1182x237-1.png\",\"width\":1182,\"height\":237,\"caption\":\"Ittermann electronic GmbH\"},\"image\":{\"@id\":\"https:\\\/\\\/iwell-guard.com\\\/is\\\/#\\\/schema\\\/logo\\\/image\\\/\"},\"sameAs\":[\"https:\\\/\\\/pantip.com\\\/profile\\\/9367242\",\"https:\\\/\\\/micro.blog\\\/iwellguard\",\"https:\\\/\\\/www.diggerslist.com\\\/iwellguard\\\/about\",\"https:\\\/\\\/skitterphoto.com\\\/photographers\\\/2870314\\\/iwell-guard\",\"https:\\\/\\\/iwellguard.wordpress.com\\\/2026\\\/06\\\/06\\\/iwell-guard\\\/\",\"https:\\\/\\\/hub.docker.com\\\/u\\\/iwellguard\",\"https:\\\/\\\/www.pinterest.com\\\/iwellguard\\\/\",\"https:\\\/\\\/bit.ly\\\/m\\\/iwellguard\",\"https:\\\/\\\/entre-vos-mains.alsace.eu\\\/profiles\\\/iwellguard\\\/activity\",\"https:\\\/\\\/gravatar.com\\\/reallybeded8fd34\",\"https:\\\/\\\/naijamatta.com\\\/iwellguard\",\"https:\\\/\\\/www.goodreads.com\\\/iwellguard\",\"https:\\\/\\\/profile.hatena.ne.jp\\\/iwellguard\\\/\",\"https:\\\/\\\/experiment.com\\\/users\\\/iwellguard\",\"https:\\\/\\\/wakelet.com\\\/@iWellGuard82270\",\"https:\\\/\\\/www.chordie.com\\\/forum\\\/profile.php?id=2555664\",\"https:\\\/\\\/www.instapaper.com\\\/p\\\/17757966\",\"https:\\\/\\\/www.mapleprimes.com\\\/users\\\/iwellguard\",\"https:\\\/\\\/businesslistingplus.com\\\/profile\\\/iwell-guard\\\/\",\"https:\\\/\\\/telegra.ph\\\/iWell-Guard-06-06\",\"https:\\\/\\\/pbase.com\\\/iwellguard\\\/iwellguard\",\"https:\\\/\\\/b.hatena.ne.jp\\\/iwellguard\\\/20260607#bookmark-4788405196491818882\",\"https:\\\/\\\/fliphtml5.com\\\/home\\\/iwellguard\",\"https:\\\/\\\/anyflip.com\\\/homepage\\\/cmiwl#About\",\"https:\\\/\\\/transfur.com\\\/Users\\\/iwellguard\",\"http:\\\/\\\/delphi.larsbo.org\\\/user\\\/iwellguard\",\"https:\\\/\\\/jobs.lajobsportal.org\\\/profiles\\\/8380803-iwell-guard\",\"https:\\\/\\\/md.chaosdorf.de\\\/s\\\/jfbe5SBdJD\",\"https:\\\/\\\/www.lingvolive.com\\\/en-us\\\/profile\\\/9ecaeaca-ce11-4e51-9e71-01d55e2bff36\\\/translations\",\"https:\\\/\\\/www.fitday.com\\\/fitness\\\/forums\\\/members\\\/iwellguard.html\",\"https:\\\/\\\/www.mymeetbook.com\\\/iwellguard\",\"https:\\\/\\\/pxhere.com\\\/en\\\/photographer-me\\\/5040798\",\"https:\\\/\\\/disqus.com\\\/by\\\/iwellguard\\\/about\\\/\",\"https:\\\/\\\/pastelink.net\\\/hjwciqwq\",\"https:\\\/\\\/pubhtml5.com\\\/homepage\\\/scjhn\\\/\",\"https:\\\/\\\/www.bitchute.com\\\/channel\\\/2O2eOKzNqujT\",\"https:\\\/\\\/audiomack.com\\\/iwellguard\"]}]}<\/script>\n<!-- \/ Yoast SEO Premium plugin. -->","yoast_head_json":{"title":"Pixiu \u2013 hin v\u00e6ngja\u00f0a go\u00f0sagnavera","description":"Pixiu er hin v\u00e6ngja\u00f0a go\u00f0sagnavera K\u00edna sem var\u00f0veitir au\u00f0\u00e6fi og varnar \u00f3g\u00e6fu. Uppruni og merking \u00fatsk\u00fdr\u00f0 \u00e1 sk\u00fdran h\u00e1tt.","robots":{"index":"index","follow":"follow","max-snippet":"max-snippet:-1","max-image-preview":"max-image-preview:large","max-video-preview":"max-video-preview:-1"},"canonical":"https:\/\/iwell-guard.com\/is\/pixiu-vaengjada-godsagnavera-verndargripur\/","og_locale":"is_IS","og_type":"article","og_title":"Pixiu \u2013 hin v\u00e6ngja\u00f0a go\u00f0sagnavera sem verndargripur","og_description":"Pixiu er hin v\u00e6ngja\u00f0a go\u00f0sagnavera K\u00edna sem var\u00f0veitir au\u00f0\u00e6fi og varnar \u00f3g\u00e6fu. Uppruni og merking \u00fatsk\u00fdr\u00f0 \u00e1 sk\u00fdran h\u00e1tt.","og_url":"https:\/\/iwell-guard.com\/is\/pixiu-vaengjada-godsagnavera-verndargripur\/","og_site_name":"iWell Guard","article_modified_time":"2026-09-05T14:34:43+00:00","og_image":[{"width":1024,"height":1536,"url":"https:\/\/iwell-guard.com\/wp-content\/uploads\/2026\/05\/schutzsymbol_china_pixiu.webp","type":"image\/webp"}],"twitter_card":"summary_large_image","schema":{"@context":"https:\/\/schema.org","@graph":[{"@type":"WebPage","@id":"https:\/\/iwell-guard.com\/is\/pixiu-vaengjada-godsagnavera-verndargripur\/","url":"https:\/\/iwell-guard.com\/is\/pixiu-vaengjada-godsagnavera-verndargripur\/","name":"Pixiu \u2013 hin v\u00e6ngja\u00f0a go\u00f0sagnavera","isPartOf":{"@id":"https:\/\/iwell-guard.com\/is\/#website"},"primaryImageOfPage":{"@id":"https:\/\/iwell-guard.com\/is\/pixiu-vaengjada-godsagnavera-verndargripur\/#primaryimage"},"image":{"@id":"https:\/\/iwell-guard.com\/is\/pixiu-vaengjada-godsagnavera-verndargripur\/#primaryimage"},"thumbnailUrl":"https:\/\/iwell-guard.com\/wp-content\/uploads\/2026\/05\/schutzsymbol_china_pixiu.webp","datePublished":"2026-09-05T14:06:25+00:00","dateModified":"2026-09-05T14:34:43+00:00","description":"Pixiu er hin v\u00e6ngja\u00f0a go\u00f0sagnavera K\u00edna sem var\u00f0veitir au\u00f0\u00e6fi og varnar \u00f3g\u00e6fu. Uppruni og merking \u00fatsk\u00fdr\u00f0 \u00e1 sk\u00fdran h\u00e1tt.","breadcrumb":{"@id":"https:\/\/iwell-guard.com\/is\/pixiu-vaengjada-godsagnavera-verndargripur\/#breadcrumb"},"inLanguage":"is","potentialAction":[{"@type":"ReadAction","target":["https:\/\/iwell-guard.com\/is\/pixiu-vaengjada-godsagnavera-verndargripur\/"]}]},{"@type":"ImageObject","inLanguage":"is","@id":"https:\/\/iwell-guard.com\/is\/pixiu-vaengjada-godsagnavera-verndargripur\/#primaryimage","url":"https:\/\/iwell-guard.com\/wp-content\/uploads\/2026\/05\/schutzsymbol_china_pixiu.webp","contentUrl":"https:\/\/iwell-guard.com\/wp-content\/uploads\/2026\/05\/schutzsymbol_china_pixiu.webp","width":1024,"height":1536,"caption":"Verndart\u00e1kn. Myndskreyting \u00ed safnst\u00edl."},{"@type":"BreadcrumbList","@id":"https:\/\/iwell-guard.com\/is\/pixiu-vaengjada-godsagnavera-verndargripur\/#breadcrumb","itemListElement":[{"@type":"ListItem","position":1,"name":"Start","item":"https:\/\/iwell-guard.com\/is\/?page_id=168580"},{"@type":"ListItem","position":2,"name":"Pixiu \u2013 hin v\u00e6ngja\u00f0a go\u00f0sagnavera sem verndargripur"}]},{"@type":"WebSite","@id":"https:\/\/iwell-guard.com\/is\/#website","url":"https:\/\/iwell-guard.com\/is\/","name":"iWell Guard","description":"Schutz vor dunklen Einfl\u00fcssen","publisher":{"@id":"https:\/\/iwell-guard.com\/is\/#organization"},"potentialAction":[{"@type":"SearchAction","target":{"@type":"EntryPoint","urlTemplate":"https:\/\/iwell-guard.com\/is\/?s={search_term_string}"},"query-input":{"@type":"PropertyValueSpecification","valueRequired":true,"valueName":"search_term_string"}}],"inLanguage":"is"},{"@type":"Organization","@id":"https:\/\/iwell-guard.com\/is\/#organization","name":"Ittermann electronic GmbH","url":"https:\/\/iwell-guard.com\/is\/","logo":{"@type":"ImageObject","inLanguage":"is","@id":"https:\/\/iwell-guard.com\/is\/#\/schema\/logo\/image\/","url":"https:\/\/iwell-guard.com\/wp-content\/uploads\/2026\/05\/Ittermann-Logo-1182x237-1.png","contentUrl":"https:\/\/iwell-guard.com\/wp-content\/uploads\/2026\/05\/Ittermann-Logo-1182x237-1.png","width":1182,"height":237,"caption":"Ittermann electronic GmbH"},"image":{"@id":"https:\/\/iwell-guard.com\/is\/#\/schema\/logo\/image\/"},"sameAs":["https:\/\/pantip.com\/profile\/9367242","https:\/\/micro.blog\/iwellguard","https:\/\/www.diggerslist.com\/iwellguard\/about","https:\/\/skitterphoto.com\/photographers\/2870314\/iwell-guard","https:\/\/iwellguard.wordpress.com\/2026\/06\/06\/iwell-guard\/","https:\/\/hub.docker.com\/u\/iwellguard","https:\/\/www.pinterest.com\/iwellguard\/","https:\/\/bit.ly\/m\/iwellguard","https:\/\/entre-vos-mains.alsace.eu\/profiles\/iwellguard\/activity","https:\/\/gravatar.com\/reallybeded8fd34","https:\/\/naijamatta.com\/iwellguard","https:\/\/www.goodreads.com\/iwellguard","https:\/\/profile.hatena.ne.jp\/iwellguard\/","https:\/\/experiment.com\/users\/iwellguard","https:\/\/wakelet.com\/@iWellGuard82270","https:\/\/www.chordie.com\/forum\/profile.php?id=2555664","https:\/\/www.instapaper.com\/p\/17757966","https:\/\/www.mapleprimes.com\/users\/iwellguard","https:\/\/businesslistingplus.com\/profile\/iwell-guard\/","https:\/\/telegra.ph\/iWell-Guard-06-06","https:\/\/pbase.com\/iwellguard\/iwellguard","https:\/\/b.hatena.ne.jp\/iwellguard\/20260607#bookmark-4788405196491818882","https:\/\/fliphtml5.com\/home\/iwellguard","https:\/\/anyflip.com\/homepage\/cmiwl#About","https:\/\/transfur.com\/Users\/iwellguard","http:\/\/delphi.larsbo.org\/user\/iwellguard","https:\/\/jobs.lajobsportal.org\/profiles\/8380803-iwell-guard","https:\/\/md.chaosdorf.de\/s\/jfbe5SBdJD","https:\/\/www.lingvolive.com\/en-us\/profile\/9ecaeaca-ce11-4e51-9e71-01d55e2bff36\/translations","https:\/\/www.fitday.com\/fitness\/forums\/members\/iwellguard.html","https:\/\/www.mymeetbook.com\/iwellguard","https:\/\/pxhere.com\/en\/photographer-me\/5040798","https:\/\/disqus.com\/by\/iwellguard\/about\/","https:\/\/pastelink.net\/hjwciqwq","https:\/\/pubhtml5.com\/homepage\/scjhn\/","https:\/\/www.bitchute.com\/channel\/2O2eOKzNqujT","https:\/\/audiomack.com\/iwellguard"]}]}},"_links":{"self":[{"href":"https:\/\/iwell-guard.com\/is\/wp-json\/wp\/v2\/pages\/169198","targetHints":{"allow":["GET"]}}],"collection":[{"href":"https:\/\/iwell-guard.com\/is\/wp-json\/wp\/v2\/pages"}],"about":[{"href":"https:\/\/iwell-guard.com\/is\/wp-json\/wp\/v2\/types\/page"}],"author":[{"embeddable":true,"href":"https:\/\/iwell-guard.com\/is\/wp-json\/wp\/v2\/users\/3"}],"replies":[{"embeddable":true,"href":"https:\/\/iwell-guard.com\/is\/wp-json\/wp\/v2\/comments?post=169198"}],"version-history":[{"count":0,"href":"https:\/\/iwell-guard.com\/is\/wp-json\/wp\/v2\/pages\/169198\/revisions"}],"wp:featuredmedia":[{"embeddable":true,"href":"https:\/\/iwell-guard.com\/is\/wp-json\/wp\/v2\/media\/3537"}],"wp:attachment":[{"href":"https:\/\/iwell-guard.com\/is\/wp-json\/wp\/v2\/media?parent=169198"}],"wp:term":[{"taxonomy":"category","embeddable":true,"href":"https:\/\/iwell-guard.com\/is\/wp-json\/wp\/v2\/categories?post=169198"}],"curies":[{"name":"wp","href":"https:\/\/api.w.org\/{rel}","templated":true}]}}