{"id":169194,"date":"2026-09-05T14:06:23","date_gmt":"2026-09-05T14:06:23","guid":{"rendered":"https:\/\/iwell-guard.com\/?page_id=169194"},"modified":"2026-09-05T14:34:38","modified_gmt":"2026-09-05T14:34:38","slug":"swastika-heilla-verndartakn-hindu","status":"publish","type":"page","link":"https:\/\/iwell-guard.com\/is\/swastika-heilla-verndartakn-hindu\/","title":{"rendered":"Swastika \u2013 hi\u00f0 fornaldar heilla- og verndart\u00e1kn hind\u00faasi\u00f0ar"},"content":{"rendered":"\t\t<div data-elementor-type=\"wp-page\" data-elementor-id=\"169194\" class=\"elementor elementor-169194 elementor-3685 elementor-bc-flex-widget\" data-elementor-post-type=\"page\">\n\t\t\t\t<div class=\"elementor-element elementor-element-iwgs-swastika-hero e-flex e-con-boxed e-con e-parent\" data-id=\"iwgs-swastika-hero\" data-element_type=\"container\" data-e-type=\"container\">\n\t\t\t\t\t<div class=\"e-con-inner\">\n\t\t<div class=\"elementor-element elementor-element-iwgs-swastika-hl e-flex e-con-boxed e-con e-parent\" data-id=\"iwgs-swastika-hl\" data-element_type=\"container\" data-e-type=\"container\">\n\t\t\t\t\t<div class=\"e-con-inner\">\n\t\t<div class=\"elementor-element elementor-element-iwgs-swastika-hlbox e-con-full e-flex e-con e-parent\" data-id=\"iwgs-swastika-hlbox\" data-element_type=\"container\" data-e-type=\"container\">\n\t\t\t\t<div class=\"elementor-element elementor-element-iwgs-swastika-h1 elementor-widget elementor-widget-heading\" data-id=\"iwgs-swastika-h1\" data-element_type=\"widget\" data-e-type=\"widget\" data-widget_type=\"heading.default\">\n\t\t\t\t\t<h1 class=\"elementor-heading-title elementor-size-default\">Swastika \u2013 heillat\u00e1kn hind\u00faasi\u00f0ar og saga \u00feess<\/h1>\t\t\t\t<\/div>\n\t\t\t\t<div class=\"elementor-element elementor-element-iwgs-swastika-lead elementor-widget elementor-widget-text-editor\" data-id=\"iwgs-swastika-lead\" data-element_type=\"widget\" data-e-type=\"widget\" data-widget_type=\"text-editor.default\">\n\t\t\t\t\t\t\t\t\t<p>Swastika er \u00ed hind\u00faasi\u00f0 fornaldar heilla- og verndart\u00e1kn. \u00dea\u00f0 er nota\u00f0 \u00e1 h\u00e1t\u00ed\u00f0um, vi\u00f0 innganga og \u00ed tilbei\u00f0slu. \u00c1 tuttugustu \u00f6ldinni t\u00f3ku \u00fej\u00f3\u00f0erniss\u00f3s\u00edalistar t\u00e1kni\u00f0 til s\u00edn og sneru merkingu \u00feess. \u00deessi s\u00ed\u00f0a fjallar um upprunalega merkingu \u00feess \u00ed hind\u00faasi\u00f0 og a\u00f0greinir hana sk\u00fdrt fr\u00e1 \u00feessari misnotkun.<\/p>\t\t\t\t\t\t\t\t<\/div>\n\t\t\t\t<\/div>\n\t\t\t\t<div class=\"elementor-element elementor-element-iwgs-swastika-pills elementor-widget elementor-widget-html\" data-id=\"iwgs-swastika-pills\" data-element_type=\"widget\" data-e-type=\"widget\" data-widget_type=\"html.default\">\n\t\t\t\t\t<div class=\"iwg-pill-row\"><span class=\"iwg-klasse-badge\" tabindex=\"0\" data-tooltip=\"Verndart\u00e1kn, verndargripur e\u00f0a fr\u00e1hrindandi hlutur.\">Verndart\u00e1kn<\/span><a href=\"https:\/\/iwell-guard.com\/is\/hinduismi\/\" class=\"iwg-kultur-badge\" tabindex=\"0\" data-tooltip=\"Verndarhef\u00f0: Hind\u00faasi\u00f0ur\">Hind\u00faasi\u00f0ur<\/a><span class=\"iwg-tradition-badge\" tabindex=\"0\" data-tooltip=\"T\u00e1kn sem \u00e1 a\u00f0 s\u00fdna e\u00f0a kalla fram heppni.\">Heillat\u00e1kn<\/span><\/div>\t\t\t\t<\/div>\n\t\t\t\t\t<\/div>\n\t\t\t\t<\/div>\n\t\t<div class=\"elementor-element elementor-element-iwgs-swastika-hr e-con-full e-flex e-con e-parent\" data-id=\"iwgs-swastika-hr\" data-element_type=\"container\" data-e-type=\"container\">\n\t\t\t\t<div class=\"elementor-element elementor-element-iwgs-swastika-himg iwg-hero-image elementor-widget elementor-widget-image\" data-id=\"iwgs-swastika-himg\" data-element_type=\"widget\" data-e-type=\"widget\" data-widget_type=\"image.default\">\n\t\t\t\t\t\t\t\t\t\t\t\t\t\t\t<img fetchpriority=\"high\" decoding=\"async\" width=\"683\" height=\"1024\" src=\"https:\/\/iwell-guard.com\/wp-content\/uploads\/2026\/05\/schutzsymbol_hinduismus_swastika-683x1024.webp\" class=\"attachment-large size-large wp-image-170529\" alt=\"Swastika - verndart\u00e1kn, safnamynd\" srcset=\"https:\/\/iwell-guard.com\/wp-content\/uploads\/2026\/05\/schutzsymbol_hinduismus_swastika-683x1024.webp 683w, https:\/\/iwell-guard.com\/wp-content\/uploads\/2026\/05\/schutzsymbol_hinduismus_swastika-200x300.webp 200w, https:\/\/iwell-guard.com\/wp-content\/uploads\/2026\/05\/schutzsymbol_hinduismus_swastika-768x1152.webp 768w, https:\/\/iwell-guard.com\/wp-content\/uploads\/2026\/05\/schutzsymbol_hinduismus_swastika.webp 1024w\" sizes=\"(max-width: 683px) 100vw, 683px\" \/>\t\t\t\t\t\t\t\t\t\t\t\t\t\t\t<\/div>\n\t\t\t\t<\/div>\n\t\t\t\t\t<\/div>\n\t\t\t\t<\/div>\n\t\t<div class=\"elementor-element elementor-element-iwgs-swastika-s0 e-flex e-con-boxed e-con e-parent\" data-id=\"iwgs-swastika-s0\" data-element_type=\"container\" data-e-type=\"container\">\n\t\t\t\t\t<div class=\"e-con-inner\">\n\t\t\t\t<div class=\"elementor-element elementor-element-iwgs-swastika-s0h elementor-widget elementor-widget-heading\" data-id=\"iwgs-swastika-s0h\" data-element_type=\"widget\" data-e-type=\"widget\" data-widget_type=\"heading.default\">\n\t\t\t\t\t<h2 class=\"elementor-heading-title elementor-size-default\">Yfirlit<\/h2>\t\t\t\t<\/div>\n\t\t<div class=\"elementor-element elementor-element-iwgs-swastika-s0box e-con-full e-flex e-con e-parent\" data-id=\"iwgs-swastika-s0box\" data-element_type=\"container\" data-e-type=\"container\">\n\t\t\t\t<div class=\"elementor-element elementor-element-iwgs-swastika-s0t elementor-widget elementor-widget-text-editor\" data-id=\"iwgs-swastika-s0t\" data-element_type=\"widget\" data-e-type=\"widget\" data-widget_type=\"text-editor.default\">\n\t\t\t\t\t\t\t\t\t<p>Swastika er fornt t\u00e1kn sem gegnir enn \u00ed dag mikilv\u00e6gu hlutverki \u00ed <a href=\"https:\/\/iwell-guard.com\/is\/hinduismi\/\">hind\u00faasi\u00f0<\/a>. Um er a\u00f0 r\u00e6\u00f0a kross \u00fear sem fj\u00f3rir armar beygjast \u00ed r\u00e9tt horn vi\u00f0 enda s\u00edna.<\/p><p>Or\u00f0i\u00f0 swastika kemur \u00far sanskr\u00edt. \u00dea\u00f0 er tengt or\u00f0hluta sem \u00fe\u00fd\u00f0ir gott, heilsusamlegt e\u00f0a heillav\u00e6nlegt. Swastika merkir \u00feannig eftir or\u00f0sins hlj\u00f3\u00f0an t\u00e1kn velfarna\u00f0ar.<\/p><p>\u00cd hind\u00faasi\u00f0 er swastika heilla- og verndart\u00e1kn. \u00dea\u00f0 er nota\u00f0 \u00e1 h\u00e1t\u00ed\u00f0um, vi\u00f0 innganga, \u00ed verslunum og \u00ed tilbei\u00f0slu, og \u00e1 a\u00f0 draga a\u00f0 velgengni og halda \u00f3g\u00e6fu fjarri.<\/p><p>\u00deessi s\u00ed\u00f0a fjallar um swastika \u00ed hinni upprunalegu, hind\u00fa\u00edsku merkingu. \u00dea\u00f0 er \u00fe\u00f3 nau\u00f0synlegt a\u00f0 segja \u00fea\u00f0 sk\u00fdrt fr\u00e1 upphafi a\u00f0 \u00feetta t\u00e1kn var\u00f0 fyrir mikilli afskr\u00e6mingu \u00e1 tuttugustu \u00f6ldinni.<\/p><p>\u00dej\u00f3\u00f0erniss\u00f3s\u00edalistar t\u00f3ku upp hakakrossinn, \u00e1kve\u00f0i\u00f0 form \u00feessa t\u00e1kns, og ger\u00f0u hann a\u00f0 t\u00e1kni gl\u00e6psamlegrar stj\u00f3rnar sinnar. Vegna \u00feessarar misnotkunar er t\u00e1kni\u00f0 \u00ed Evr\u00f3pu \u00f3rj\u00fafanlega tengt \u00f3r\u00e9ttl\u00e6ti \u00fej\u00f3\u00f0erniss\u00f3s\u00edalismans.<\/p><p>M\u00e1lefnaleg umfj\u00f6llun \u00fearf \u00fev\u00ed a\u00f0 gera tvennt. H\u00fan \u00fearf a\u00f0 l\u00fdsa hinni fornu tr\u00faarlegu merkingu swastika \u00ed hind\u00faasi\u00f0 \u00e1 hei\u00f0arlegan h\u00e1tt og h\u00fan \u00fearf a\u00f0 nefna misnotkun \u00fej\u00f3\u00f0erniss\u00f3s\u00edalista sk\u00fdrt og a\u00f0greina hana fr\u00e1 tr\u00faarlegu merkingunni. \u00deessari s\u00ed\u00f0u er skylt a\u00f0 gera b\u00e6\u00f0i.<\/p>\t\t\t\t\t\t\t\t<\/div>\n\t\t\t\t<\/div>\n\t\t\t\t\t<\/div>\n\t\t\t\t<\/div>\n\t\t<div class=\"elementor-element elementor-element-iwgs-swastika-s1 e-flex e-con-boxed e-con e-parent\" data-id=\"iwgs-swastika-s1\" data-element_type=\"container\" data-e-type=\"container\">\n\t\t\t\t\t<div class=\"e-con-inner\">\n\t\t\t\t<div class=\"elementor-element elementor-element-iwgs-swastika-s1h elementor-widget elementor-widget-heading\" data-id=\"iwgs-swastika-s1h\" data-element_type=\"widget\" data-e-type=\"widget\" data-widget_type=\"heading.default\">\n\t\t\t\t\t<h2 class=\"elementor-heading-title elementor-size-default\">Form og nafn t\u00e1knsins<\/h2>\t\t\t\t<\/div>\n\t\t<div class=\"elementor-element elementor-element-iwgs-swastika-s1box e-con-full e-flex e-con e-parent\" data-id=\"iwgs-swastika-s1box\" data-element_type=\"container\" data-e-type=\"container\">\n\t\t\t\t<div class=\"elementor-element elementor-element-iwgs-swastika-s1t elementor-widget elementor-widget-text-editor\" data-id=\"iwgs-swastika-s1t\" data-element_type=\"widget\" data-e-type=\"widget\" data-widget_type=\"text-editor.default\">\n\t\t\t\t\t\t\t\t\t<p>Swastika hefur einfalt, sk\u00fdrt afmarka\u00f0 form. \u00dea\u00f0 samanstendur af krossi me\u00f0 fj\u00f3rum jafnl\u00f6ngum \u00f6rmum sem beygjast \u00ed r\u00e9tt horn vi\u00f0 enda s\u00edna.<\/p><p>\u00deessir beyg\u00f0u endar skapa \u00e1hrif hreyfingar. T\u00e1kni\u00f0 vir\u00f0ist sn\u00faast um mi\u00f0ju s\u00edna. \u00deessi \u00edmynda\u00f0a sn\u00fanings\u00e1hrif eru einkennandi fyrir t\u00e1kni\u00f0.<\/p><p>Beygjur arma geta v\u00edsa\u00f0 \u00ed tv\u00e6r \u00e1ttir. Eftir \u00fev\u00ed sem vi\u00f0 \u00e1 vir\u00f0ist t\u00e1kni\u00f0 sn\u00fai\u00f0 \u00ed eina e\u00f0a a\u00f0ra \u00e1tt. \u00cd hind\u00faasi\u00f0 koma b\u00e1\u00f0ar myndir fyrir og eru a\u00f0 hluta til t\u00falka\u00f0ar \u00e1 mismunandi h\u00e1tt.<\/p><p>Nafni\u00f0 swastika er upprunni\u00f0 \u00far sanskr\u00edt og er tengt hugt\u00f6kum um heillav\u00e6nlegt og g\u00e6fur\u00edkt. Nafni\u00f0 sj\u00e1lft v\u00edsar \u00feannig til upprunalegrar, hagst\u00e6\u00f0rar merkingar t\u00e1knsins.<\/p><p>\u00c1 \u00fe\u00fdsku er t\u00e1kni\u00f0 einnig kalla\u00f0 hakakross, \u00fev\u00ed armar \u00feess enda \u00ed kr\u00f3kum. \u00deetta \u00fe\u00fdska hugtak er \u00fe\u00f3 \u00feungt hla\u00f0i\u00f0 vegna notkunar \u00fej\u00f3\u00f0erniss\u00f3s\u00edalista og \u00e6tti a\u00f0 nota me\u00f0 varf\u00e6rni um hi\u00f0 hind\u00fa\u00edska t\u00e1kn.<\/p><p>Form swastika er svo einfalt a\u00f0 \u00fea\u00f0 gat or\u00f0i\u00f0 til \u00f3h\u00e1\u00f0 \u00ed \u00fdmsum menningarheimum. \u00deessi einfaldleiki \u00fatsk\u00fdrir einmitt hvers vegna t\u00e1kni\u00f0 kemur fyrir v\u00ed\u00f0a um heim.<\/p>\t\t\t\t\t\t\t\t<\/div>\n\t\t\t\t<\/div>\n\t\t\t\t\t<\/div>\n\t\t\t\t<\/div>\n\t\t<div class=\"elementor-element elementor-element-iwgs-swastika-s2 e-flex e-con-boxed e-con e-parent\" data-id=\"iwgs-swastika-s2\" data-element_type=\"container\" data-e-type=\"container\">\n\t\t\t\t\t<div class=\"e-con-inner\">\n\t\t\t\t<div class=\"elementor-element elementor-element-iwgs-swastika-s2h elementor-widget elementor-widget-heading\" data-id=\"iwgs-swastika-s2h\" data-element_type=\"widget\" data-e-type=\"widget\" data-widget_type=\"heading.default\">\n\t\t\t\t\t<h2 class=\"elementor-heading-title elementor-size-default\">Aldur og \u00fatbrei\u00f0sla t\u00e1knsins<\/h2>\t\t\t\t<\/div>\n\t\t<div class=\"elementor-element elementor-element-iwgs-swastika-s2box e-con-full e-flex e-con e-parent\" data-id=\"iwgs-swastika-s2box\" data-element_type=\"container\" data-e-type=\"container\">\n\t\t\t\t<div class=\"elementor-element elementor-element-iwgs-swastika-s2t elementor-widget elementor-widget-text-editor\" data-id=\"iwgs-swastika-s2t\" data-element_type=\"widget\" data-e-type=\"widget\" data-widget_type=\"text-editor.default\">\n\t\t\t\t\t\t\t\t\t<p>Swastika er mj\u00f6g fornt t\u00e1kn. \u00dea\u00f0 m\u00e1 rekja \u00ed m\u00f6rgum menningarheimum og yfir langt t\u00edmabil. N\u00e1kv\u00e6mur aldur \u00feess og uppruni eru \u00fe\u00f3 ekki a\u00f0 \u00f6llu leyti lj\u00f3sir.<\/p><p>\u00c1 Indlandi m\u00e1 rekja t\u00e1kni\u00f0 langt aftur \u00ed t\u00edmann. \u00dea\u00f0 kemur fyrir \u00ed mj\u00f6g fornum vitnisbur\u00f0um indverskrar menningars\u00f6gu og telst \u00feannig me\u00f0al elstu t\u00e1kna sem notu\u00f0 hafa veri\u00f0 \u00e1 undirlandinu.<\/p><p>Utan Indlands er swastika einnig \u00feekkt \u00far fj\u00f6lda annarra menningarheima. \u00dea\u00f0 finnst \u00ed fors\u00f6gu Evr\u00f3pu, \u00ed forn\u00f6ld og \u00ed menningarheimum annarra heimshluta.<\/p><p>H\u00e9r er mikilv\u00e6gt a\u00f0 draga upp hei\u00f0arlega mynd. \u00deessa v\u00ed\u00f0t\u00e6ku \u00fatbrei\u00f0slu m\u00e1 ekki \u00fatsk\u00fdra me\u00f0 sameiginlegri r\u00f3t. Einfalt form t\u00e1knsins gat or\u00f0i\u00f0 til \u00f3h\u00e1\u00f0 \u00e1 m\u00f6rgum st\u00f6\u00f0um.<\/p><p>\u00c1 sama h\u00e1tt haf\u00f0i swastika ekki alls sta\u00f0ar s\u00f6mu merkingu. \u00cd hinum \u00fdmsu menningarheimum var t\u00e1kni\u00f0 t\u00falka\u00f0 \u00e1 mismunandi vegu. Eina, upprunalega merkingu swastika er ekki a\u00f0 finna.<\/p><p>\u00d6ruggt er a\u00f0eins a\u00f0 t\u00e1kni\u00f0 er fornt og v\u00ed\u00f0t\u00e6kt og a\u00f0 \u00ed hind\u00faasi\u00f0 var \u00fea\u00f0 nota\u00f0 fr\u00e1 fornu fari og samfellt sem heillamerki. \u00deessi hind\u00fa\u00edska notkun er vel skjalfest og er \u00ed brennidepli n\u00e6stu kafla.<\/p>\t\t\t\t\t\t\t\t<\/div>\n\t\t\t\t<\/div>\n\t\t\t\t\t<\/div>\n\t\t\t\t<\/div>\n\t\t<div class=\"elementor-element elementor-element-iwgs-swastika-s3 e-flex e-con-boxed e-con e-parent\" data-id=\"iwgs-swastika-s3\" data-element_type=\"container\" data-e-type=\"container\">\n\t\t\t\t\t<div class=\"e-con-inner\">\n\t\t\t\t<div class=\"elementor-element elementor-element-iwgs-swastika-s3h elementor-widget elementor-widget-heading\" data-id=\"iwgs-swastika-s3h\" data-element_type=\"widget\" data-e-type=\"widget\" data-widget_type=\"heading.default\">\n\t\t\t\t\t<h2 class=\"elementor-heading-title elementor-size-default\">Swastika sem heillat\u00e1kn \u00ed hind\u00faasi\u00f0<\/h2>\t\t\t\t<\/div>\n\t\t<div class=\"elementor-element elementor-element-iwgs-swastika-s3box e-con-full e-flex e-con e-parent\" data-id=\"iwgs-swastika-s3box\" data-element_type=\"container\" data-e-type=\"container\">\n\t\t\t\t<div class=\"elementor-element elementor-element-iwgs-swastika-s3t elementor-widget elementor-widget-text-editor\" data-id=\"iwgs-swastika-s3t\" data-element_type=\"widget\" data-e-type=\"widget\" data-widget_type=\"text-editor.default\">\n\t\t\t\t\t\t\t\t\t<p>\u00cd hind\u00faasi\u00f0 er swastika heillat\u00e1kn. \u00dea\u00f0 stendur fyrir velfarna\u00f0, fars\u00e6la \u00fatkomu og hagst\u00e6\u00f0ar a\u00f0st\u00e6\u00f0ur. \u00deessi merking er hin mikilv\u00e6gasta.<\/p><p>Swastika er nota\u00f0 vi\u00f0 \u00e1n\u00e6gjulegar tilefni. \u00c1 h\u00e1t\u00ed\u00f0um, \u00ed br\u00fa\u00f0kaupum, vi\u00f0 v\u00edgslu h\u00fasa og vi\u00f0 upphaf verkefna er t\u00e1kni\u00f0 m\u00e1la\u00f0 e\u00f0a komi\u00f0 fyrir.<\/p><p>Swastika er algengt vi\u00f0 innganga h\u00fasa og verslana. Sett fyrir ofan dyr e\u00f0a vi\u00f0 hli\u00f0 innganga \u00e1 \u00fea\u00f0 a\u00f0 kalla heppni og velfarna\u00f0 inn \u00ed r\u00fdmi\u00f0.<\/p><p>Swastika kemur einnig fyrir \u00e1 hlutum daglegs l\u00edfs, \u00e1 skj\u00f6lum og \u00ed b\u00f3kum kaupmanna. Vi\u00f0 upphaf n\u00fds vi\u00f0skipta\u00e1rs er \u00fea\u00f0 teikna\u00f0 svo a\u00f0 komandi \u00e1r ver\u00f0i hagst\u00e6tt.<\/p><p>Notkun swastika \u00ed \u00feessu samhengi l\u00fdsir \u00f3sk. T\u00e1kni\u00f0 \u00e1 a\u00f0 draga a\u00f0 hi\u00f0 g\u00f3\u00f0a og styrkja hagst\u00e6\u00f0a framvindu verkefnis.<\/p><p>Swastika er \u00feannig \u00ed hind\u00faasi\u00f0 vinsamlegt, hl\u00fdlegt t\u00e1kn. \u00dea\u00f0 tilheyrir stundum gle\u00f0i og n\u00fdrra upphafa og l\u00fdsir \u00f3sk um velfarna\u00f0.<\/p>\t\t\t\t\t\t\t\t<\/div>\n\t\t\t\t<\/div>\n\t\t\t\t\t<\/div>\n\t\t\t\t<\/div>\n\t\t<div class=\"elementor-element elementor-element-iwgs-swastika-s4 e-flex e-con-boxed e-con e-parent\" data-id=\"iwgs-swastika-s4\" data-element_type=\"container\" data-e-type=\"container\">\n\t\t\t\t\t<div class=\"e-con-inner\">\n\t\t\t\t<div class=\"elementor-element elementor-element-iwgs-swastika-s4h elementor-widget elementor-widget-heading\" data-id=\"iwgs-swastika-s4h\" data-element_type=\"widget\" data-e-type=\"widget\" data-widget_type=\"heading.default\">\n\t\t\t\t\t<h2 class=\"elementor-heading-title elementor-size-default\">Swastika \u00ed tilbei\u00f0slu og sem verndart\u00e1kn<\/h2>\t\t\t\t<\/div>\n\t\t<div class=\"elementor-element elementor-element-iwgs-swastika-s4box e-con-full e-flex e-con e-parent\" data-id=\"iwgs-swastika-s4box\" data-element_type=\"container\" data-e-type=\"container\">\n\t\t\t\t<div class=\"elementor-element elementor-element-iwgs-swastika-s4t elementor-widget elementor-widget-text-editor\" data-id=\"iwgs-swastika-s4t\" data-element_type=\"widget\" data-e-type=\"widget\" data-widget_type=\"text-editor.default\">\n\t\t\t\t\t\t\t\t\t<p>Umfram \u00fe\u00fd\u00f0ingu s\u00edna sem happat\u00e1kn hefur svastikan fastan sess \u00ed hind\u00faisku tr\u00faari\u00f0kuninni og telst jafnframt verndart\u00e1kn.<\/p><p>\u00cd tilbei\u00f0slu er svastikan oft teiknu\u00f0 \u00e1\u00f0ur en <span class=\"iwg-fachbegriff\" data-tooltip=\"H\u00e1t\u00ed\u00f0leg ath\u00f6fn sem fer fram eftir f\u00f6stum reglum.\" tabindex=\"0\">ath\u00f6fn<\/span> hefst. H\u00fan t\u00e1knar a\u00f0 sta\u00f0urinn s\u00e9 helga\u00f0ur og setur verkefni\u00f0 undir hagst\u00e6tt t\u00e1kn.<\/p><p>Svastikan er tengd \u00fdmsum gu\u00f0um, fyrst og fremst \u00feeim gu\u00f0i sem er d\u00fdrka\u00f0ur sem s\u00e1 er ber fram hagst\u00e6\u00f0a byrjun. T\u00e1kni\u00f0 tilheyrir \u00feess vegna upphafi og g\u00f3\u00f0um forsendum.<\/p><p>Sem verndart\u00e1kn \u00e1 svastikan a\u00f0 halda \u00f3l\u00e1ni \u00ed fjarl\u00e6g\u00f0. Sett \u00e1 inng\u00f6ngudyr telst h\u00fan vernda sta\u00f0inn \u00fear innan og verjast ska\u00f0legum \u00e1hrifum.<\/p><p>Verndandi og heillab\u00e6tandi merking svastikunnar eru n\u00e1tengdar. B\u00e1\u00f0ar byggja \u00e1 s\u00f6mu grundvallarhugsun, a\u00f0 t\u00e1kni\u00f0 dragi hi\u00f0 g\u00f3\u00f0a a\u00f0 s\u00e9r og halda \u00f3l\u00e1ni \u00ed fjarl\u00e6g\u00f0.<\/p><p>Svastikan telst \u00feannig \u00ed hind\u00faisma til \u00feeirra t\u00e1kna sem tengja saman <span class=\"iwg-fachbegriff\" data-tooltip=\"A\u00f0 \u00e1varpa heill og vernd, oft \u00ed fastri m\u00e1lr\u00e6nni mynd.\" tabindex=\"0\">blessun<\/span>, hagst\u00e6\u00f0a byrjun og vernd. \u00cd \u00feessari merkingu er h\u00fan notu\u00f0 allt til dagsins \u00ed dag.<\/p>\t\t\t\t\t\t\t\t<\/div>\n\t\t\t\t<\/div>\n\t\t\t\t\t<\/div>\n\t\t\t\t<\/div>\n\t\t<div class=\"elementor-element elementor-element-iwgs-swastika-s5 e-flex e-con-boxed e-con e-parent\" data-id=\"iwgs-swastika-s5\" data-element_type=\"container\" data-e-type=\"container\">\n\t\t\t\t\t<div class=\"e-con-inner\">\n\t\t\t\t<div class=\"elementor-element elementor-element-iwgs-swastika-s5h elementor-widget elementor-widget-heading\" data-id=\"iwgs-swastika-s5h\" data-element_type=\"widget\" data-e-type=\"widget\" data-widget_type=\"heading.default\">\n\t\t\t\t\t<h2 class=\"elementor-heading-title elementor-size-default\">Yfirtaka og afskr\u00e6ming af hendi \u00fej\u00f3\u00f0erniss\u00f3s\u00edalismans<\/h2>\t\t\t\t<\/div>\n\t\t<div class=\"elementor-element elementor-element-iwgs-swastika-s5box e-con-full e-flex e-con e-parent\" data-id=\"iwgs-swastika-s5box\" data-element_type=\"container\" data-e-type=\"container\">\n\t\t\t\t<div class=\"elementor-element elementor-element-iwgs-swastika-s5t elementor-widget elementor-widget-text-editor\" data-id=\"iwgs-swastika-s5t\" data-element_type=\"widget\" data-e-type=\"widget\" data-widget_type=\"text-editor.default\">\n\t\t\t\t\t\t\t\t\t<p>H\u00e9r er nau\u00f0synlegt a\u00f0 segja sk\u00fdrt og greinilega a\u00f0 t\u00e1kn svastikunnar hlaut \u00e1 tuttugustu \u00f6ld alvarlega afskr\u00e6mingu. \u00dej\u00f3\u00f0erniss\u00f3s\u00edalisminn \u00ed \u00de\u00fdskalandi lag\u00f0i undir sig t\u00e1kni\u00f0.<\/p><p>\u00dej\u00f3\u00f0erniss\u00f3s\u00edal\u00edska hreyfingin t\u00f3k t\u00e1kni\u00f0 yfir, \u00e1 \u00fe\u00fdsku kalla\u00f0 \u201eHakenkreuz\u201c (hakakross), og ger\u00f0i \u00fea\u00f0 a\u00f0 a\u00f0alt\u00e1kni s\u00ednu. \u00dea\u00f0 birtist \u00e1 f\u00e1nanum, \u00e1 einkennisb\u00faningunum og \u00e1 merkjum \u00fej\u00f3\u00f0erniss\u00f3s\u00edal\u00edska r\u00edkisins.<\/p><p>\u00deessi yfirtaka bygg\u00f0ist \u00e1 f\u00f6lskum og kyn\u00fe\u00e1ttahyggjulegum hugmyndum. \u00dej\u00f3\u00f0erniss\u00f3s\u00edalisminn t\u00falka\u00f0i t\u00e1kni\u00f0 \u00fat fr\u00e1 tilb\u00fainni kenningu um meint yfirbur\u00f0a\u00fej\u00f3\u00f0ir. \u00deessi t\u00falkun \u00e1 ekkert skylt vi\u00f0 hind\u00faiska merkingu t\u00e1knsins.<\/p><p>Undir \u00feessu t\u00e1kni voru framin ford\u00e6malaus gl\u00e6paverk \u00e1 t\u00edmum \u00fej\u00f3\u00f0erniss\u00f3s\u00edalismans. Hakakrossinn stendur \u00fev\u00ed \u00ed Evr\u00f3pu \u00f3rj\u00fafanlega fyrir \u00f3gnarstj\u00f3rn \u00fej\u00f3\u00f0erniss\u00f3s\u00edalismans, fyrir str\u00ed\u00f0i\u00f0 og fyrir \u00fej\u00f3\u00f0armor\u00f0i\u00f0, fyrst og fremst fyrir mor\u00f0i\u00f0 \u00e1 evr\u00f3pskum J\u00fa\u00f0um.<\/p><p>Vegna \u00feessarar s\u00f6gu er t\u00e1kni\u00f0 \u00feungt \u00e1 s\u00e9r \u00ed \u00de\u00fdskalandi og \u00ed st\u00f3rum hluta Evr\u00f3pu. Opinber s\u00fdning hakakrossins er \u00ed \u00de\u00fdskalandi b\u00f6nnu\u00f0 me\u00f0 l\u00f6gum, af g\u00f3\u00f0um \u00e1st\u00e6\u00f0um, nema h\u00fan \u00fej\u00f3ni greinilega fr\u00e6\u00f0slu e\u00f0a svipu\u00f0um tilgangi.<\/p><p>\u00deessa afskr\u00e6mingu \u00fearf a\u00f0 nefna sk\u00fdrum or\u00f0um. \u00dej\u00f3\u00f0erniss\u00f3s\u00edalisminn lag\u00f0i me\u00f0 \u00f3l\u00f6gm\u00e6tum h\u00e6tti undir sig fornt t\u00e1kn og fyllti \u00fea\u00f0 gl\u00e6psamlegu innihaldi. \u00deessi yfirtaka er ekki hind\u00faismi, og h\u00fan er ekki upprunaleg merking t\u00e1knsins.<\/p>\t\t\t\t\t\t\t\t<\/div>\n\t\t\t\t<\/div>\n\t\t\t\t\t<\/div>\n\t\t\t\t<\/div>\n\t\t<div class=\"elementor-element elementor-element-iwgs-swastika-s6 e-flex e-con-boxed e-con e-parent\" data-id=\"iwgs-swastika-s6\" data-element_type=\"container\" data-e-type=\"container\">\n\t\t\t\t\t<div class=\"e-con-inner\">\n\t\t\t\t<div class=\"elementor-element elementor-element-iwgs-swastika-s6h elementor-widget elementor-widget-heading\" data-id=\"iwgs-swastika-s6h\" data-element_type=\"widget\" data-e-type=\"widget\" data-widget_type=\"heading.default\">\n\t\t\t\t\t<h2 class=\"elementor-heading-title elementor-size-default\">Nau\u00f0synleg a\u00f0greining<\/h2>\t\t\t\t<\/div>\n\t\t<div class=\"elementor-element elementor-element-iwgs-swastika-s6box e-con-full e-flex e-con e-parent\" data-id=\"iwgs-swastika-s6box\" data-element_type=\"container\" data-e-type=\"container\">\n\t\t\t\t<div class=\"elementor-element elementor-element-iwgs-swastika-s6t elementor-widget elementor-widget-text-editor\" data-id=\"iwgs-swastika-s6t\" data-element_type=\"widget\" data-e-type=\"widget\" data-widget_type=\"text-editor.default\">\n\t\t\t\t\t\t\t\t\t<p>Af framans\u00f6g\u00f0u lei\u00f0ir nau\u00f0syn \u00feess a\u00f0 gera sk\u00fdran greinarmun. Hind\u00faiska svastikan og hakakross \u00fej\u00f3\u00f0erniss\u00f3s\u00edalismans mega ekki ruglast saman.<\/p><p>Hind\u00faiska svastikan er fornt tr\u00faarlegt happa- og verndart\u00e1kn. H\u00fan stendur fyrir velfer\u00f0, hagst\u00e6\u00f0a byrjun og vernd og er notu\u00f0 \u00ed tr\u00faarlegu samhengi.<\/p><p>Hakakross \u00fej\u00f3\u00f0erniss\u00f3s\u00edalismans er \u00e1 hinn b\u00f3ginn t\u00e1kn gl\u00e6psamlegrar stj\u00f3rnm\u00e1lahreyfingar tuttugustu aldar. Hann stendur fyrir \u00f3gnarstj\u00f3rn, str\u00ed\u00f0 og \u00fej\u00f3\u00f0armor\u00f0.<\/p><p>\u00deessar tv\u00e6r merkingar eiga ekkert sameiginlegt, jafnvel \u00fe\u00f3tt grunnform t\u00e1knsins s\u00e9 svipa\u00f0. \u00dej\u00f3\u00f0erniss\u00f3s\u00edalisminn t\u00f3k yfir fornt form en fyllti \u00fea\u00f0 allt \u00f6\u00f0ru, gl\u00e6psamlegu innihaldi.<\/p><p>\u00deessi a\u00f0greining skiptir einnig m\u00e1li \u00ed umgengni vi\u00f0 t\u00e1kni\u00f0. \u00c1 Indlandi og \u00ed hind\u00faiskum samf\u00e9l\u00f6gum er svastikan lifandi tr\u00faarlegt t\u00e1kn. \u00cd \u00de\u00fdskalandi og \u00ed Evr\u00f3pu vekur grunnform t\u00e1knsins \u00fe\u00f3 \u00f3hj\u00e1kv\u00e6milega upp minningar um \u00f3r\u00e9ttl\u00e6ti \u00fej\u00f3\u00f0erniss\u00f3s\u00edalismans.<\/p><p>\u00c6rleg framsetning heldur \u00fev\u00ed b\u00e1\u00f0um \u00fe\u00e1ttum til haga. H\u00fan vir\u00f0ir tr\u00faarlega merkingu svastikunnar fyrir \u00fe\u00e1 sem nota hana sem happa- og verndart\u00e1kn, og h\u00fan nefnir jafnframt sk\u00fdrt og \u00e1n fegrunar \u00fe\u00e1 gl\u00e6psamlegu yfirt\u00f6ku t\u00e1knsins af hendi \u00fej\u00f3\u00f0erniss\u00f3s\u00edalismans.<\/p>\t\t\t\t\t\t\t\t<\/div>\n\t\t\t\t<\/div>\n\t\t\t\t\t<\/div>\n\t\t\t\t<\/div>\n\t\t<div class=\"elementor-element elementor-element-iwgs-swastika-s7 e-flex e-con-boxed e-con e-parent\" data-id=\"iwgs-swastika-s7\" data-element_type=\"container\" data-e-type=\"container\">\n\t\t\t\t\t<div class=\"e-con-inner\">\n\t\t\t\t<div class=\"elementor-element elementor-element-iwgs-swastika-s7h elementor-widget elementor-widget-heading\" data-id=\"iwgs-swastika-s7h\" data-element_type=\"widget\" data-e-type=\"widget\" data-widget_type=\"heading.default\">\n\t\t\t\t\t<h2 class=\"elementor-heading-title elementor-size-default\">Svastikan \u00ed \u00f6\u00f0rum tr\u00faarbr\u00f6g\u00f0um Indlands<\/h2>\t\t\t\t<\/div>\n\t\t<div class=\"elementor-element elementor-element-iwgs-swastika-s7box e-con-full e-flex e-con e-parent\" data-id=\"iwgs-swastika-s7box\" data-element_type=\"container\" data-e-type=\"container\">\n\t\t\t\t<div class=\"elementor-element elementor-element-iwgs-swastika-s7t elementor-widget elementor-widget-text-editor\" data-id=\"iwgs-swastika-s7t\" data-element_type=\"widget\" data-e-type=\"widget\" data-widget_type=\"text-editor.default\">\n\t\t\t\t\t\t\t\t\t<p>Svastikan er ekki bundin vi\u00f0 hind\u00faisma einan. \u00d6nnur tr\u00faarbr\u00f6g\u00f0 sem ur\u00f0u til \u00e1 Indlandi nota t\u00e1kni\u00f0 einnig sem hagst\u00e6tt t\u00e1kn.<\/p><p>\u00cd ja\u00ednisma, fornu indversku tr\u00faarbr\u00f6g\u00f0um, hefur svastikan mikilv\u00e6ga merkingu. H\u00fan telst \u00fear til d\u00fdrka\u00f0ra t\u00e1kna og er tengd grundvallarkenningum \u00feessara tr\u00faarbrag\u00f0a.<\/p><p>Svastikan er einnig \u00feekkt \u00ed b\u00faddisma. H\u00fan kemur fram \u00ed b\u00fadd\u00edskri list og \u00ed b\u00fadd\u00edskum l\u00f6ndum As\u00edu sem hagst\u00e6tt t\u00e1kn, oft \u00ed tengslum vi\u00f0 hinn vakna\u00f0a.<\/p><p>\u00cd \u00f6llum \u00feessum tr\u00faarbr\u00f6g\u00f0um er svastikan hagst\u00e6tt, oft d\u00fdrka\u00f0 t\u00e1kn. H\u00fan telst til sameiginlegrar arfleif\u00f0ar indverskra tr\u00faarbrag\u00f0a og tr\u00faarbrag\u00f0a sem eru m\u00f3tu\u00f0 af Indlandi.<\/p><p>\u00cd l\u00f6ndum As\u00edu, \u00fear sem \u00feessi tr\u00faarbr\u00f6g\u00f0 eru \u00fatbreidd, er svastikan \u00feess vegna enn \u00feann dag \u00ed dag kunnugleg og \u00f3flekku\u00f0 sj\u00f3n. H\u00fan kemur fyrir \u00e1 hofum, \u00e1 kortum og \u00ed daglegu l\u00edfi.<\/p><p>\u00deetta gerir hina l\u00fdstu afskr\u00e6mingu enn sk\u00fdrari. Fyrir m\u00f6rg hundru\u00f0 millj\u00f3nir manna \u00ed As\u00edu er svastikan fornt, fri\u00f0samlegt tr\u00faart\u00e1kn. Yfirtaka \u00fej\u00f3\u00f0erniss\u00f3s\u00edalismans er evr\u00f3psk saga tuttugustu aldar sem var \u00fer\u00f6ngva\u00f0 utan fr\u00e1 upp \u00e1 \u00feessa tr\u00faarlegu arfleif\u00f0.<\/p>\t\t\t\t\t\t\t\t<\/div>\n\t\t\t\t<\/div>\n\t\t\t\t\t<\/div>\n\t\t\t\t<\/div>\n\t\t<div class=\"elementor-element elementor-element-iwgs-swastika-s8 e-flex e-con-boxed e-con e-parent\" data-id=\"iwgs-swastika-s8\" data-element_type=\"container\" data-e-type=\"container\">\n\t\t\t\t\t<div class=\"e-con-inner\">\n\t\t\t\t<div class=\"elementor-element elementor-element-iwgs-swastika-s8h elementor-widget elementor-widget-heading\" data-id=\"iwgs-swastika-s8h\" data-element_type=\"widget\" data-e-type=\"widget\" data-widget_type=\"heading.default\">\n\t\t\t\t\t<h2 class=\"elementor-heading-title elementor-size-default\">M\u00f3tt\u00f6kur \u00ed dag<\/h2>\t\t\t\t<\/div>\n\t\t<div class=\"elementor-element elementor-element-iwgs-swastika-s8box e-con-full e-flex e-con e-parent\" data-id=\"iwgs-swastika-s8box\" data-element_type=\"container\" data-e-type=\"container\">\n\t\t\t\t<div class=\"elementor-element elementor-element-iwgs-swastika-s8t elementor-widget elementor-widget-text-editor\" data-id=\"iwgs-swastika-s8t\" data-element_type=\"widget\" data-e-type=\"widget\" data-widget_type=\"text-editor.default\">\n\t\t\t\t\t\t\t\t\t<p>N\u00fat\u00edmavi\u00f0t\u00f6kur svast\u00edkunnar einkennast af dj\u00fapri tv\u00edskiptingu sem lei\u00f0ir beint af s\u00f6gu hennar.<\/p><p>\u00cd Indlandi og me\u00f0al hind\u00faa-, ja\u00edna- og b\u00fadd\u00edskra samf\u00e9laga \u00ed As\u00edu er svast\u00edkan lifandi t\u00e1kn um heppni og verndun sem nota\u00f0 er \u00ed daglegu l\u00edfi. H\u00fan kemur fyrir vi\u00f0 innganga, \u00e1 h\u00e1t\u00ed\u00f0um og \u00ed tilbei\u00f0slu, og er \u00fear \u00f3flekku\u00f0.<\/p><p>\u00cd \u00de\u00fdskalandi og v\u00ed\u00f0a um Evr\u00f3pu vekur grunnform t\u00e1knsins aftur \u00e1 m\u00f3ti \u00f3hj\u00e1kv\u00e6milega upp minningar um \u00fej\u00f3\u00f0erniss\u00f3s\u00edalismann. H\u00e9r er t\u00e1kni\u00f0 \u00feungt af s\u00f6gulegri byr\u00f0i og opinber s\u00fdning \u00feess er lagalega takm\u00f6rku\u00f0.<\/p><p>\u00deessi tv\u00edskipting lei\u00f0ir stundum til spennu, til d\u00e6mis \u00feegar hind\u00faar e\u00f0a b\u00faddistar nota tr\u00faarlegt t\u00e1kn sitt \u00ed Evr\u00f3pu og m\u00e6ta \u00fear skilningsleysi e\u00f0a h\u00f6fnun. \u00dear er uppl\u00fdsing mikilv\u00e6g.<\/p><p>M\u00e1lefnaleg umfj\u00f6llun \u00fearf a\u00f0 halda b\u00e1\u00f0um hli\u00f0um til haga. H\u00fan vir\u00f0ir tr\u00faarlega merkingu svast\u00edkunnar fyrir \u00fe\u00e1 sem tilbi\u00f0ja hana sem t\u00e1kn um heppni og verndun. Og h\u00fan tilgreinir sk\u00fdrt \u00fe\u00e1 gl\u00e6psamlegu misnotkun t\u00e1knsins af h\u00e1lfu \u00fej\u00f3\u00f0erniss\u00f3s\u00edalismans og \u00fe\u00e1 byr\u00f0i sem af \u00fev\u00ed hl\u00fdst \u00ed Evr\u00f3pu.<\/p><p>Svast\u00edkan er \u00feannig \u00e1hrifamiki\u00f0 en einnig \u00ed\u00feyngjandi d\u00e6mi um hvernig fornt tr\u00faart\u00e1kn getur klofist \u00ed merkingu sinni vegna p\u00f3lit\u00edskrar afb\u00f6kunar. \u00deeir sem tala um svast\u00edkuna ver\u00f0a a\u00f0 \u00feekkja \u00feessa s\u00f6gu og halda \u00feessum tveimur merkingum sk\u00fdrt a\u00f0greindum.<\/p>\t\t\t\t\t\t\t\t<\/div>\n\t\t\t\t<\/div>\n\t\t\t\t\t<\/div>\n\t\t\t\t<\/div>\n\t\t<div class=\"elementor-element elementor-element-iwgs-swastika-lit e-flex e-con-boxed e-con e-parent\" data-id=\"iwgs-swastika-lit\" data-element_type=\"container\" data-e-type=\"container\">\n\t\t\t\t\t<div class=\"e-con-inner\">\n\t\t\t\t<div class=\"elementor-element elementor-element-iwgs-swastika-lith elementor-widget elementor-widget-heading\" data-id=\"iwgs-swastika-lith\" data-element_type=\"widget\" data-e-type=\"widget\" data-widget_type=\"heading.default\">\n\t\t\t\t\t<h2 class=\"elementor-heading-title elementor-size-default\">Heimildir (\u00farval)<\/h2>\t\t\t\t<\/div>\n\t\t<div class=\"elementor-element elementor-element-iwgs-swastika-litbox e-con-full e-flex e-con e-parent\" data-id=\"iwgs-swastika-litbox\" data-element_type=\"container\" data-e-type=\"container\">\n\t\t\t\t<div class=\"elementor-element elementor-element-iwgs-swastika-litt elementor-widget elementor-widget-html\" data-id=\"iwgs-swastika-litt\" data-element_type=\"widget\" data-e-type=\"widget\" data-widget_type=\"html.default\">\n\t\t\t\t\t<footer data-nosnippet=\"true\"><ul><li>Axel Michaels: <em>Der Hinduismus. Geschichte und Gegenwart<\/em> (1998)<\/li><li>Malcolm Quinn: <em>The Swastika. Constructing the Symbol<\/em> (1994)<\/li><li>Steven Heller: <em>The Swastika. Symbol Beyond Redemption?<\/em> (2000)<\/li><li>Heinrich von Stietencron: <em>Der Hinduismus<\/em> (2001)<\/li><li>Ulrich Sieg: <em>Geist und Gewalt. Deutsche Philosophen zwischen Kaiserreich und Nationalsozialismus<\/em> (2013)<\/li><\/ul><\/footer>\t\t\t\t<\/div>\n\t\t\t\t<\/div>\n\t\t\t\t\t<\/div>\n\t\t\t\t<\/div>\n\t\t<div class=\"elementor-element elementor-element-iwgs-swastika-kwd e-flex e-con-boxed e-con e-parent\" data-id=\"iwgs-swastika-kwd\" data-element_type=\"container\" data-e-type=\"container\">\n\t\t\t\t\t<div class=\"e-con-inner\">\n\t\t\t\t<div class=\"elementor-element elementor-element-iwgs-swastika-kwdt elementor-widget elementor-widget-text-editor\" data-id=\"iwgs-swastika-kwdt\" data-element_type=\"widget\" data-e-type=\"widget\" data-widget_type=\"text-editor.default\">\n\t\t\t\t\t\t\t\t\t<p><em>Tengd lykilhugt\u00f6k: svast\u00edka heppnist\u00e1kn hakakross sanskr\u00edt velfer\u00f0 misnotkun nasista afb\u00f6kun a\u00f0greining hind\u00faasi\u00f0ur.<\/em><\/p>\t\t\t\t\t\t\t\t<\/div>\n\t\t\t\t\t<\/div>\n\t\t\t\t<\/div>\n\t\t<div class=\"elementor-element elementor-element-iwgs-swastika-cc e-flex e-con-boxed e-con e-parent\" data-id=\"iwgs-swastika-cc\" data-element_type=\"container\" data-e-type=\"container\" id=\"iwg-cc-swastika\">\n\t\t\t\t\t<div class=\"e-con-inner\">\n\t\t<div class=\"elementor-element elementor-element-iwgs-swastika-ccinner e-flex e-con-boxed e-con e-parent\" data-id=\"iwgs-swastika-ccinner\" data-element_type=\"container\" data-e-type=\"container\" data-settings=\"{&quot;background_background&quot;:&quot;classic&quot;}\">\n\t\t\t\t\t<div class=\"e-con-inner\">\n\t\t\t\t<div class=\"elementor-element elementor-element-iwgs-swastika-cch elementor-widget elementor-widget-heading\" data-id=\"iwgs-swastika-cch\" data-element_type=\"widget\" data-e-type=\"widget\" data-widget_type=\"heading.default\">\n\t\t\t\t\t<h2 class=\"elementor-heading-title elementor-size-default\">iWell Guard og verndarhef\u00f0ir<\/h2>\t\t\t\t<\/div>\n\t\t\t\t<div class=\"elementor-element elementor-element-iwgs-swastika-cct elementor-widget elementor-widget-text-editor\" data-id=\"iwgs-swastika-cct\" data-element_type=\"widget\" data-e-type=\"widget\" data-widget_type=\"text-editor.default\">\n\t\t\t\t\t\t\t\t\t<p>iWell Guard er hluti af menningars\u00f6gulegri hef\u00f0 handh\u00e6gra verndargripa, sem svast\u00edkan telst einnig til. N\u00fat\u00edmalegur f\u00f6runautur fyrir f\u00f3lk sem lifir me\u00f0 verndart\u00e1knum: framleiddur \u00ed \u00de\u00fdskalandi, 41 lag af sk\u00edragulli, plat\u00ednu og silfri, me\u00f0 30 daga skilar\u00e9tti.<\/p>\t\t\t\t\t\t\t\t<\/div>\n\t\t\t\t<div class=\"elementor-element elementor-element-iwgs-swastika-ccb iwg-cc-button iwg-cc-cta-2026-05-13 elementor-widget elementor-widget-jet-button\" data-id=\"iwgs-swastika-ccb\" data-element_type=\"widget\" data-e-type=\"widget\" data-widget_type=\"jet-button.default\">\n\t\t\t\t<div class=\"elementor-widget-container\">\n\t\t\t\t\t<div class=\"elementor-jet-button jet-elements\"><div class=\"jet-button__container\"><a class=\"jet-button__instance jet-button__instance--icon-left hover-effect-1\" href=\"\/schutzanhaenger-iwell-guard-kaufen\/?utm_source=iwell-guard.com&amp;utm_medium=info-box&amp;utm_campaign=schutzsymbole\"><div class=\"jet-button__plane jet-button__plane-normal\"><\/div><div class=\"jet-button__plane jet-button__plane-hover\"><\/div><div class=\"jet-button__state jet-button__state-normal\"><span class=\"jet-button__label\">Meira um iWell Guard<\/span><\/div><div class=\"jet-button__state jet-button__state-hover\"><span class=\"jet-button__label\">Meira um iWell Guard<\/span><\/div><\/a><\/div><\/div><style>.elementor-element.elementor-element-iwgs-swastika-ccb .jet-button__instance{width:320px;height:56px;}.elementor-element.elementor-element-iwgs-swastika-ccb .jet-button__state-normal .jet-button__label{text-align:center;margin:0px 0px 0px 0px;color:#1a1b20;font-family:Montserrat,sans-serif;font-size:13px;font-weight:400;letter-spacing:4px;line-height:1.714em;text-transform:uppercase;}.elementor-element.elementor-element-iwgs-swastika-ccb .jet-button__state-hover .jet-button__label{text-align:center;margin:0px 0px 0px 0px;color:#FECC76;font-family:Montserrat,sans-serif;font-size:13px;font-weight:400;letter-spacing:4px;line-height:1.714em;text-transform:uppercase;}.elementor-element.elementor-element-iwgs-swastika-ccb .jet-button__plane-normal{background-color:#FECC76;border-style:solid;border-color:#C99540;border-width:2px 2px 2px 2px;}.elementor-element.elementor-element-iwgs-swastika-ccb .jet-button__plane-hover{background-color:rgba(0,0,0,0.55);border-style:solid;border-color:#FECC76;border-width:2px 2px 2px 2px;}<\/style>\t\t\t\t<\/div>\n\t\t\t\t<\/div>\n\t\t\t\t<div class=\"elementor-element elementor-element-iwgs-swastika-ccd elementor-widget elementor-widget-text-editor\" data-id=\"iwgs-swastika-ccd\" data-element_type=\"widget\" data-e-type=\"widget\" data-widget_type=\"text-editor.default\">\n\t\t\t\t\t\t\t\t\t<p style=\"text-align:center;font-size:13px;opacity:0.7;margin-top:14px\" data-nosnippet=\"true\">Pers\u00f3nuleg reynsla getur veri\u00f0 mismunandi. Ekki l\u00e6kningat\u00e6ki. Engin lofor\u00f0 um l\u00e6kningu.<\/p>\t\t\t\t\t\t\t\t<\/div>\n\t\t\t\t\t<\/div>\n\t\t\t\t<\/div>\n\t\t\t\t\t<\/div>\n\t\t\t\t<\/div>\n\t\t<div class=\"elementor-element elementor-element-iwgs-swastika-disc e-flex e-con-boxed e-con e-parent\" data-id=\"iwgs-swastika-disc\" data-element_type=\"container\" data-e-type=\"container\">\n\t\t\t\t\t<div class=\"e-con-inner\">\n\t\t\t\t<div class=\"elementor-element elementor-element-iwgs-swastika-discw elementor-widget elementor-widget-html\" data-id=\"iwgs-swastika-discw\" data-element_type=\"widget\" data-e-type=\"widget\" data-widget_type=\"html.default\">\n\t\t\t\t\t<footer data-nosnippet=\"true\" class=\"iwg-disclaimer-block\"><p data-nosnippet=\"true\">iWell Guard er <strong>ekki l\u00e6kningat\u00e6ki<\/strong> og kemur ekki \u00ed sta\u00f0 l\u00e6knis- e\u00f0a s\u00e1lfr\u00e6\u00f0ime\u00f0fer\u00f0ar. Innihaldi\u00f0 sem h\u00e9r er sett fram er tr\u00faarbrag\u00f0afr\u00e6\u00f0ileg og menningars\u00f6gulega greining, ekki lofor\u00f0 um andlega virkni.<\/p><\/footer>\t\t\t\t<\/div>\n\t\t\t\t\t<\/div>\n\t\t\t\t<\/div>\n\t\t\t\t<\/div>\n\t\t","protected":false},"excerpt":{"rendered":"","protected":false},"author":3,"featured_media":3524,"parent":0,"menu_order":0,"comment_status":"closed","ping_status":"closed","template":"elementor_header_footer","meta":{"_yoast_wpseo_focuskw":"Swastika","_yoast_wpseo_title":"Swastika \u2013 heillat\u00e1kn hind\u00faasi\u00f0ar","_yoast_wpseo_metadesc":"Swastika er \u00ed hind\u00faasi\u00f0 fornaldar heilla- og verndart\u00e1kn. Merking, saga og a\u00f0greining fr\u00e1 misnotkun nasista \u00fatsk\u00fdr\u00f0.","_yoast_wpseo_meta-robots-noindex":"","_yoast_wpseo_canonical":"","_angie_page":false,"gefaehrdungsstufe":"","wesen_kultur":"","wesen_klasse":"","footnotes":""},"categories":[],"class_list":["post-169194","page","type-page","status-publish","has-post-thumbnail","hentry"],"yoast_head":"<!-- This site is optimized with the Yoast SEO Premium plugin v27.7 (Yoast SEO v28.3) - https:\/\/yoast.com\/product\/yoast-seo-premium-wordpress\/ -->\n<title>Swastika \u2013 heillat\u00e1kn hind\u00faasi\u00f0ar<\/title>\n<meta name=\"description\" content=\"Swastika er \u00ed hind\u00faasi\u00f0 fornaldar heilla- og verndart\u00e1kn. Merking, saga og a\u00f0greining fr\u00e1 misnotkun nasista \u00fatsk\u00fdr\u00f0.\" \/>\n<meta name=\"robots\" content=\"index, follow, max-snippet:-1, max-image-preview:large, max-video-preview:-1\" \/>\n<link rel=\"canonical\" href=\"https:\/\/iwell-guard.com\/is\/swastika-heilla-verndartakn-hindu\/\" \/>\n<meta property=\"og:locale\" content=\"is_IS\" \/>\n<meta property=\"og:type\" content=\"article\" \/>\n<meta property=\"og:title\" content=\"Swastika \u2013 hi\u00f0 fornaldar heilla- og verndart\u00e1kn hind\u00faasi\u00f0ar\" \/>\n<meta property=\"og:description\" content=\"Swastika er \u00ed hind\u00faasi\u00f0 fornaldar heilla- og verndart\u00e1kn. Merking, saga og a\u00f0greining fr\u00e1 misnotkun nasista \u00fatsk\u00fdr\u00f0.\" \/>\n<meta property=\"og:url\" content=\"https:\/\/iwell-guard.com\/is\/swastika-heilla-verndartakn-hindu\/\" \/>\n<meta property=\"og:site_name\" content=\"iWell Guard\" \/>\n<meta property=\"article:modified_time\" content=\"2026-09-05T14:34:38+00:00\" \/>\n<meta property=\"og:image\" content=\"https:\/\/iwell-guard.com\/wp-content\/uploads\/2026\/05\/schutzsymbol_hinduismus_swastika.webp\" \/>\n\t<meta property=\"og:image:width\" content=\"1024\" \/>\n\t<meta property=\"og:image:height\" content=\"1536\" \/>\n\t<meta property=\"og:image:type\" content=\"image\/webp\" \/>\n<meta name=\"twitter:card\" content=\"summary_large_image\" \/>\n<script type=\"application\/ld+json\" class=\"yoast-schema-graph\">{\"@context\":\"https:\\\/\\\/schema.org\",\"@graph\":[{\"@type\":\"WebPage\",\"@id\":\"https:\\\/\\\/iwell-guard.com\\\/is\\\/swastika-heilla-verndartakn-hindu\\\/\",\"url\":\"https:\\\/\\\/iwell-guard.com\\\/is\\\/swastika-heilla-verndartakn-hindu\\\/\",\"name\":\"Swastika \u2013 heillat\u00e1kn hind\u00faasi\u00f0ar\",\"isPartOf\":{\"@id\":\"https:\\\/\\\/iwell-guard.com\\\/is\\\/#website\"},\"primaryImageOfPage\":{\"@id\":\"https:\\\/\\\/iwell-guard.com\\\/is\\\/swastika-heilla-verndartakn-hindu\\\/#primaryimage\"},\"image\":{\"@id\":\"https:\\\/\\\/iwell-guard.com\\\/is\\\/swastika-heilla-verndartakn-hindu\\\/#primaryimage\"},\"thumbnailUrl\":\"https:\\\/\\\/iwell-guard.com\\\/wp-content\\\/uploads\\\/2026\\\/05\\\/schutzsymbol_hinduismus_swastika.webp\",\"datePublished\":\"2026-09-05T14:06:23+00:00\",\"dateModified\":\"2026-09-05T14:34:38+00:00\",\"description\":\"Swastika er \u00ed hind\u00faasi\u00f0 fornaldar heilla- og verndart\u00e1kn. Merking, saga og a\u00f0greining fr\u00e1 misnotkun nasista \u00fatsk\u00fdr\u00f0.\",\"breadcrumb\":{\"@id\":\"https:\\\/\\\/iwell-guard.com\\\/is\\\/swastika-heilla-verndartakn-hindu\\\/#breadcrumb\"},\"inLanguage\":\"is\",\"potentialAction\":[{\"@type\":\"ReadAction\",\"target\":[\"https:\\\/\\\/iwell-guard.com\\\/is\\\/swastika-heilla-verndartakn-hindu\\\/\"]}]},{\"@type\":\"ImageObject\",\"inLanguage\":\"is\",\"@id\":\"https:\\\/\\\/iwell-guard.com\\\/is\\\/swastika-heilla-verndartakn-hindu\\\/#primaryimage\",\"url\":\"https:\\\/\\\/iwell-guard.com\\\/wp-content\\\/uploads\\\/2026\\\/05\\\/schutzsymbol_hinduismus_swastika.webp\",\"contentUrl\":\"https:\\\/\\\/iwell-guard.com\\\/wp-content\\\/uploads\\\/2026\\\/05\\\/schutzsymbol_hinduismus_swastika.webp\",\"width\":1024,\"height\":1536,\"caption\":\"Verndart\u00e1kn. Myndskreyting \u00ed safnst\u00edl.\"},{\"@type\":\"BreadcrumbList\",\"@id\":\"https:\\\/\\\/iwell-guard.com\\\/is\\\/swastika-heilla-verndartakn-hindu\\\/#breadcrumb\",\"itemListElement\":[{\"@type\":\"ListItem\",\"position\":1,\"name\":\"Start\",\"item\":\"https:\\\/\\\/iwell-guard.com\\\/is\\\/?page_id=168580\"},{\"@type\":\"ListItem\",\"position\":2,\"name\":\"Swastika \u2013 hi\u00f0 fornaldar heilla- og verndart\u00e1kn hind\u00faasi\u00f0ar\"}]},{\"@type\":\"WebSite\",\"@id\":\"https:\\\/\\\/iwell-guard.com\\\/is\\\/#website\",\"url\":\"https:\\\/\\\/iwell-guard.com\\\/is\\\/\",\"name\":\"iWell Guard\",\"description\":\"Schutz vor dunklen Einfl\u00fcssen\",\"publisher\":{\"@id\":\"https:\\\/\\\/iwell-guard.com\\\/is\\\/#organization\"},\"potentialAction\":[{\"@type\":\"SearchAction\",\"target\":{\"@type\":\"EntryPoint\",\"urlTemplate\":\"https:\\\/\\\/iwell-guard.com\\\/is\\\/?s={search_term_string}\"},\"query-input\":{\"@type\":\"PropertyValueSpecification\",\"valueRequired\":true,\"valueName\":\"search_term_string\"}}],\"inLanguage\":\"is\"},{\"@type\":\"Organization\",\"@id\":\"https:\\\/\\\/iwell-guard.com\\\/is\\\/#organization\",\"name\":\"Ittermann electronic GmbH\",\"url\":\"https:\\\/\\\/iwell-guard.com\\\/is\\\/\",\"logo\":{\"@type\":\"ImageObject\",\"inLanguage\":\"is\",\"@id\":\"https:\\\/\\\/iwell-guard.com\\\/is\\\/#\\\/schema\\\/logo\\\/image\\\/\",\"url\":\"https:\\\/\\\/iwell-guard.com\\\/wp-content\\\/uploads\\\/2026\\\/05\\\/Ittermann-Logo-1182x237-1.png\",\"contentUrl\":\"https:\\\/\\\/iwell-guard.com\\\/wp-content\\\/uploads\\\/2026\\\/05\\\/Ittermann-Logo-1182x237-1.png\",\"width\":1182,\"height\":237,\"caption\":\"Ittermann electronic GmbH\"},\"image\":{\"@id\":\"https:\\\/\\\/iwell-guard.com\\\/is\\\/#\\\/schema\\\/logo\\\/image\\\/\"},\"sameAs\":[\"https:\\\/\\\/pantip.com\\\/profile\\\/9367242\",\"https:\\\/\\\/micro.blog\\\/iwellguard\",\"https:\\\/\\\/www.diggerslist.com\\\/iwellguard\\\/about\",\"https:\\\/\\\/skitterphoto.com\\\/photographers\\\/2870314\\\/iwell-guard\",\"https:\\\/\\\/iwellguard.wordpress.com\\\/2026\\\/06\\\/06\\\/iwell-guard\\\/\",\"https:\\\/\\\/hub.docker.com\\\/u\\\/iwellguard\",\"https:\\\/\\\/www.pinterest.com\\\/iwellguard\\\/\",\"https:\\\/\\\/bit.ly\\\/m\\\/iwellguard\",\"https:\\\/\\\/entre-vos-mains.alsace.eu\\\/profiles\\\/iwellguard\\\/activity\",\"https:\\\/\\\/gravatar.com\\\/reallybeded8fd34\",\"https:\\\/\\\/naijamatta.com\\\/iwellguard\",\"https:\\\/\\\/www.goodreads.com\\\/iwellguard\",\"https:\\\/\\\/profile.hatena.ne.jp\\\/iwellguard\\\/\",\"https:\\\/\\\/experiment.com\\\/users\\\/iwellguard\",\"https:\\\/\\\/wakelet.com\\\/@iWellGuard82270\",\"https:\\\/\\\/www.chordie.com\\\/forum\\\/profile.php?id=2555664\",\"https:\\\/\\\/www.instapaper.com\\\/p\\\/17757966\",\"https:\\\/\\\/www.mapleprimes.com\\\/users\\\/iwellguard\",\"https:\\\/\\\/businesslistingplus.com\\\/profile\\\/iwell-guard\\\/\",\"https:\\\/\\\/telegra.ph\\\/iWell-Guard-06-06\",\"https:\\\/\\\/pbase.com\\\/iwellguard\\\/iwellguard\",\"https:\\\/\\\/b.hatena.ne.jp\\\/iwellguard\\\/20260607#bookmark-4788405196491818882\",\"https:\\\/\\\/fliphtml5.com\\\/home\\\/iwellguard\",\"https:\\\/\\\/anyflip.com\\\/homepage\\\/cmiwl#About\",\"https:\\\/\\\/transfur.com\\\/Users\\\/iwellguard\",\"http:\\\/\\\/delphi.larsbo.org\\\/user\\\/iwellguard\",\"https:\\\/\\\/jobs.lajobsportal.org\\\/profiles\\\/8380803-iwell-guard\",\"https:\\\/\\\/md.chaosdorf.de\\\/s\\\/jfbe5SBdJD\",\"https:\\\/\\\/www.lingvolive.com\\\/en-us\\\/profile\\\/9ecaeaca-ce11-4e51-9e71-01d55e2bff36\\\/translations\",\"https:\\\/\\\/www.fitday.com\\\/fitness\\\/forums\\\/members\\\/iwellguard.html\",\"https:\\\/\\\/www.mymeetbook.com\\\/iwellguard\",\"https:\\\/\\\/pxhere.com\\\/en\\\/photographer-me\\\/5040798\",\"https:\\\/\\\/disqus.com\\\/by\\\/iwellguard\\\/about\\\/\",\"https:\\\/\\\/pastelink.net\\\/hjwciqwq\",\"https:\\\/\\\/pubhtml5.com\\\/homepage\\\/scjhn\\\/\",\"https:\\\/\\\/www.bitchute.com\\\/channel\\\/2O2eOKzNqujT\",\"https:\\\/\\\/audiomack.com\\\/iwellguard\"]}]}<\/script>\n<!-- \/ Yoast SEO Premium plugin. -->","yoast_head_json":{"title":"Swastika \u2013 heillat\u00e1kn hind\u00faasi\u00f0ar","description":"Swastika er \u00ed hind\u00faasi\u00f0 fornaldar heilla- og verndart\u00e1kn. Merking, saga og a\u00f0greining fr\u00e1 misnotkun nasista \u00fatsk\u00fdr\u00f0.","robots":{"index":"index","follow":"follow","max-snippet":"max-snippet:-1","max-image-preview":"max-image-preview:large","max-video-preview":"max-video-preview:-1"},"canonical":"https:\/\/iwell-guard.com\/is\/swastika-heilla-verndartakn-hindu\/","og_locale":"is_IS","og_type":"article","og_title":"Swastika \u2013 hi\u00f0 fornaldar heilla- og verndart\u00e1kn hind\u00faasi\u00f0ar","og_description":"Swastika er \u00ed hind\u00faasi\u00f0 fornaldar heilla- og verndart\u00e1kn. Merking, saga og a\u00f0greining fr\u00e1 misnotkun nasista \u00fatsk\u00fdr\u00f0.","og_url":"https:\/\/iwell-guard.com\/is\/swastika-heilla-verndartakn-hindu\/","og_site_name":"iWell Guard","article_modified_time":"2026-09-05T14:34:38+00:00","og_image":[{"width":1024,"height":1536,"url":"https:\/\/iwell-guard.com\/wp-content\/uploads\/2026\/05\/schutzsymbol_hinduismus_swastika.webp","type":"image\/webp"}],"twitter_card":"summary_large_image","schema":{"@context":"https:\/\/schema.org","@graph":[{"@type":"WebPage","@id":"https:\/\/iwell-guard.com\/is\/swastika-heilla-verndartakn-hindu\/","url":"https:\/\/iwell-guard.com\/is\/swastika-heilla-verndartakn-hindu\/","name":"Swastika \u2013 heillat\u00e1kn hind\u00faasi\u00f0ar","isPartOf":{"@id":"https:\/\/iwell-guard.com\/is\/#website"},"primaryImageOfPage":{"@id":"https:\/\/iwell-guard.com\/is\/swastika-heilla-verndartakn-hindu\/#primaryimage"},"image":{"@id":"https:\/\/iwell-guard.com\/is\/swastika-heilla-verndartakn-hindu\/#primaryimage"},"thumbnailUrl":"https:\/\/iwell-guard.com\/wp-content\/uploads\/2026\/05\/schutzsymbol_hinduismus_swastika.webp","datePublished":"2026-09-05T14:06:23+00:00","dateModified":"2026-09-05T14:34:38+00:00","description":"Swastika er \u00ed hind\u00faasi\u00f0 fornaldar heilla- og verndart\u00e1kn. Merking, saga og a\u00f0greining fr\u00e1 misnotkun nasista \u00fatsk\u00fdr\u00f0.","breadcrumb":{"@id":"https:\/\/iwell-guard.com\/is\/swastika-heilla-verndartakn-hindu\/#breadcrumb"},"inLanguage":"is","potentialAction":[{"@type":"ReadAction","target":["https:\/\/iwell-guard.com\/is\/swastika-heilla-verndartakn-hindu\/"]}]},{"@type":"ImageObject","inLanguage":"is","@id":"https:\/\/iwell-guard.com\/is\/swastika-heilla-verndartakn-hindu\/#primaryimage","url":"https:\/\/iwell-guard.com\/wp-content\/uploads\/2026\/05\/schutzsymbol_hinduismus_swastika.webp","contentUrl":"https:\/\/iwell-guard.com\/wp-content\/uploads\/2026\/05\/schutzsymbol_hinduismus_swastika.webp","width":1024,"height":1536,"caption":"Verndart\u00e1kn. Myndskreyting \u00ed safnst\u00edl."},{"@type":"BreadcrumbList","@id":"https:\/\/iwell-guard.com\/is\/swastika-heilla-verndartakn-hindu\/#breadcrumb","itemListElement":[{"@type":"ListItem","position":1,"name":"Start","item":"https:\/\/iwell-guard.com\/is\/?page_id=168580"},{"@type":"ListItem","position":2,"name":"Swastika \u2013 hi\u00f0 fornaldar heilla- og verndart\u00e1kn hind\u00faasi\u00f0ar"}]},{"@type":"WebSite","@id":"https:\/\/iwell-guard.com\/is\/#website","url":"https:\/\/iwell-guard.com\/is\/","name":"iWell Guard","description":"Schutz vor dunklen Einfl\u00fcssen","publisher":{"@id":"https:\/\/iwell-guard.com\/is\/#organization"},"potentialAction":[{"@type":"SearchAction","target":{"@type":"EntryPoint","urlTemplate":"https:\/\/iwell-guard.com\/is\/?s={search_term_string}"},"query-input":{"@type":"PropertyValueSpecification","valueRequired":true,"valueName":"search_term_string"}}],"inLanguage":"is"},{"@type":"Organization","@id":"https:\/\/iwell-guard.com\/is\/#organization","name":"Ittermann electronic GmbH","url":"https:\/\/iwell-guard.com\/is\/","logo":{"@type":"ImageObject","inLanguage":"is","@id":"https:\/\/iwell-guard.com\/is\/#\/schema\/logo\/image\/","url":"https:\/\/iwell-guard.com\/wp-content\/uploads\/2026\/05\/Ittermann-Logo-1182x237-1.png","contentUrl":"https:\/\/iwell-guard.com\/wp-content\/uploads\/2026\/05\/Ittermann-Logo-1182x237-1.png","width":1182,"height":237,"caption":"Ittermann electronic GmbH"},"image":{"@id":"https:\/\/iwell-guard.com\/is\/#\/schema\/logo\/image\/"},"sameAs":["https:\/\/pantip.com\/profile\/9367242","https:\/\/micro.blog\/iwellguard","https:\/\/www.diggerslist.com\/iwellguard\/about","https:\/\/skitterphoto.com\/photographers\/2870314\/iwell-guard","https:\/\/iwellguard.wordpress.com\/2026\/06\/06\/iwell-guard\/","https:\/\/hub.docker.com\/u\/iwellguard","https:\/\/www.pinterest.com\/iwellguard\/","https:\/\/bit.ly\/m\/iwellguard","https:\/\/entre-vos-mains.alsace.eu\/profiles\/iwellguard\/activity","https:\/\/gravatar.com\/reallybeded8fd34","https:\/\/naijamatta.com\/iwellguard","https:\/\/www.goodreads.com\/iwellguard","https:\/\/profile.hatena.ne.jp\/iwellguard\/","https:\/\/experiment.com\/users\/iwellguard","https:\/\/wakelet.com\/@iWellGuard82270","https:\/\/www.chordie.com\/forum\/profile.php?id=2555664","https:\/\/www.instapaper.com\/p\/17757966","https:\/\/www.mapleprimes.com\/users\/iwellguard","https:\/\/businesslistingplus.com\/profile\/iwell-guard\/","https:\/\/telegra.ph\/iWell-Guard-06-06","https:\/\/pbase.com\/iwellguard\/iwellguard","https:\/\/b.hatena.ne.jp\/iwellguard\/20260607#bookmark-4788405196491818882","https:\/\/fliphtml5.com\/home\/iwellguard","https:\/\/anyflip.com\/homepage\/cmiwl#About","https:\/\/transfur.com\/Users\/iwellguard","http:\/\/delphi.larsbo.org\/user\/iwellguard","https:\/\/jobs.lajobsportal.org\/profiles\/8380803-iwell-guard","https:\/\/md.chaosdorf.de\/s\/jfbe5SBdJD","https:\/\/www.lingvolive.com\/en-us\/profile\/9ecaeaca-ce11-4e51-9e71-01d55e2bff36\/translations","https:\/\/www.fitday.com\/fitness\/forums\/members\/iwellguard.html","https:\/\/www.mymeetbook.com\/iwellguard","https:\/\/pxhere.com\/en\/photographer-me\/5040798","https:\/\/disqus.com\/by\/iwellguard\/about\/","https:\/\/pastelink.net\/hjwciqwq","https:\/\/pubhtml5.com\/homepage\/scjhn\/","https:\/\/www.bitchute.com\/channel\/2O2eOKzNqujT","https:\/\/audiomack.com\/iwellguard"]}]}},"_links":{"self":[{"href":"https:\/\/iwell-guard.com\/is\/wp-json\/wp\/v2\/pages\/169194","targetHints":{"allow":["GET"]}}],"collection":[{"href":"https:\/\/iwell-guard.com\/is\/wp-json\/wp\/v2\/pages"}],"about":[{"href":"https:\/\/iwell-guard.com\/is\/wp-json\/wp\/v2\/types\/page"}],"author":[{"embeddable":true,"href":"https:\/\/iwell-guard.com\/is\/wp-json\/wp\/v2\/users\/3"}],"replies":[{"embeddable":true,"href":"https:\/\/iwell-guard.com\/is\/wp-json\/wp\/v2\/comments?post=169194"}],"version-history":[{"count":0,"href":"https:\/\/iwell-guard.com\/is\/wp-json\/wp\/v2\/pages\/169194\/revisions"}],"wp:featuredmedia":[{"embeddable":true,"href":"https:\/\/iwell-guard.com\/is\/wp-json\/wp\/v2\/media\/3524"}],"wp:attachment":[{"href":"https:\/\/iwell-guard.com\/is\/wp-json\/wp\/v2\/media?parent=169194"}],"wp:term":[{"taxonomy":"category","embeddable":true,"href":"https:\/\/iwell-guard.com\/is\/wp-json\/wp\/v2\/categories?post=169194"}],"curies":[{"name":"wp","href":"https:\/\/api.w.org\/{rel}","templated":true}]}}