{"id":169190,"date":"2026-09-05T14:06:21","date_gmt":"2026-09-05T14:06:21","guid":{"rendered":"https:\/\/iwell-guard.com\/?page_id=169190"},"modified":"2026-09-05T14:34:32","modified_gmt":"2026-09-05T14:34:32","slug":"svarti-tradurinn-verndarband-illt-auga","status":"publish","type":"page","link":"https:\/\/iwell-guard.com\/is\/svarti-tradurinn-verndarband-illt-auga\/","title":{"rendered":"Svarti \u00fer\u00e1\u00f0urinn \u2013 verndarbandi\u00f0 gegn hinu illa auga"},"content":{"rendered":"\t\t<div data-elementor-type=\"wp-page\" data-elementor-id=\"169190\" class=\"elementor elementor-169190 elementor-3681 elementor-bc-flex-widget\" data-elementor-post-type=\"page\">\n\t\t\t\t<div class=\"elementor-element elementor-element-iwgs-schwarzerfad-hero e-flex e-con-boxed e-con e-parent\" data-id=\"iwgs-schwarzerfad-hero\" data-element_type=\"container\" data-e-type=\"container\">\n\t\t\t\t\t<div class=\"e-con-inner\">\n\t\t<div class=\"elementor-element elementor-element-iwgs-schwarzerfad-hl e-flex e-con-boxed e-con e-parent\" data-id=\"iwgs-schwarzerfad-hl\" data-element_type=\"container\" data-e-type=\"container\">\n\t\t\t\t\t<div class=\"e-con-inner\">\n\t\t<div class=\"elementor-element elementor-element-iwgs-schwarzerfad-hlbox e-con-full e-flex e-con e-parent\" data-id=\"iwgs-schwarzerfad-hlbox\" data-element_type=\"container\" data-e-type=\"container\">\n\t\t\t\t<div class=\"elementor-element elementor-element-iwgs-schwarzerfad-h1 elementor-widget elementor-widget-heading\" data-id=\"iwgs-schwarzerfad-h1\" data-element_type=\"widget\" data-e-type=\"widget\" data-widget_type=\"heading.default\">\n\t\t\t\t\t<h1 class=\"elementor-heading-title elementor-size-default\">Svarti \u00fer\u00e1\u00f0urinn \u2013 svarta verndarbandi\u00f0 gegn hinu illa auga<\/h1>\t\t\t\t<\/div>\n\t\t\t\t<div class=\"elementor-element elementor-element-iwgs-schwarzerfad-lead elementor-widget elementor-widget-text-editor\" data-id=\"iwgs-schwarzerfad-lead\" data-element_type=\"widget\" data-e-type=\"widget\" data-widget_type=\"text-editor.default\">\n\t\t\t\t\t\t\t\t\t<p>Svarti \u00fer\u00e1\u00f0urinn er einfalt verndarband sem \u00e1 Indlandi er bundi\u00f0 um \u00falnli\u00f0, mitti e\u00f0a \u00f6kkla margra manna, s\u00e9rstaklega l\u00edtilla barna. \u00dea\u00f0 \u00e1 a\u00f0 vernda gegn hinu illa auga og \u00f3l\u00e1ni og telst me\u00f0al algengustu verndargripa daglegs l\u00edfs.<\/p>\t\t\t\t\t\t\t\t<\/div>\n\t\t\t\t<\/div>\n\t\t\t\t<div class=\"elementor-element elementor-element-iwgs-schwarzerfad-pills elementor-widget elementor-widget-html\" data-id=\"iwgs-schwarzerfad-pills\" data-element_type=\"widget\" data-e-type=\"widget\" data-widget_type=\"html.default\">\n\t\t\t\t\t<div class=\"iwg-pill-row\"><span class=\"iwg-klasse-badge\" tabindex=\"0\" data-tooltip=\"Verndart\u00e1kn, verndargripur e\u00f0a ap\u00f3tr\u00f3pa\u00edskur hlutur.\">Verndart\u00e1kn<\/span><a href=\"https:\/\/iwell-guard.com\/is\/hinduismi\/\" class=\"iwg-kultur-badge\" tabindex=\"0\" data-tooltip=\"Verndarhef\u00f0: Hind\u00faismi\">Hind\u00faismi<\/a><span class=\"iwg-tradition-badge\" tabindex=\"0\" data-tooltip=\"Band sem s\u00f6g\u00f0 er hafa verndandi \u00e1hrif.\">Verndarband<\/span><\/div>\t\t\t\t<\/div>\n\t\t\t\t\t<\/div>\n\t\t\t\t<\/div>\n\t\t<div class=\"elementor-element elementor-element-iwgs-schwarzerfad-hr e-con-full e-flex e-con e-parent\" data-id=\"iwgs-schwarzerfad-hr\" data-element_type=\"container\" data-e-type=\"container\">\n\t\t\t\t<div class=\"elementor-element elementor-element-iwgs-schwarzerfad-himg iwg-hero-image elementor-widget elementor-widget-image\" data-id=\"iwgs-schwarzerfad-himg\" data-element_type=\"widget\" data-e-type=\"widget\" data-widget_type=\"image.default\">\n\t\t\t\t\t\t\t\t\t\t\t\t\t\t\t<img fetchpriority=\"high\" decoding=\"async\" width=\"683\" height=\"1024\" src=\"https:\/\/iwell-guard.com\/wp-content\/uploads\/2026\/05\/schutzsymbol_hinduismus_schwarzer-faden-683x1024.webp\" class=\"attachment-large size-large wp-image-170534\" alt=\"Svartur \u00fer\u00e1\u00f0ur - verndart\u00e1kn, safnfr\u00e6\u00f0ileg myndskreyting\" srcset=\"https:\/\/iwell-guard.com\/wp-content\/uploads\/2026\/05\/schutzsymbol_hinduismus_schwarzer-faden-683x1024.webp 683w, https:\/\/iwell-guard.com\/wp-content\/uploads\/2026\/05\/schutzsymbol_hinduismus_schwarzer-faden-200x300.webp 200w, https:\/\/iwell-guard.com\/wp-content\/uploads\/2026\/05\/schutzsymbol_hinduismus_schwarzer-faden-768x1152.webp 768w, https:\/\/iwell-guard.com\/wp-content\/uploads\/2026\/05\/schutzsymbol_hinduismus_schwarzer-faden.webp 1024w\" sizes=\"(max-width: 683px) 100vw, 683px\" \/>\t\t\t\t\t\t\t\t\t\t\t\t\t\t\t<\/div>\n\t\t\t\t<\/div>\n\t\t\t\t\t<\/div>\n\t\t\t\t<\/div>\n\t\t<div class=\"elementor-element elementor-element-iwgs-schwarzerfad-s0 e-flex e-con-boxed e-con e-parent\" data-id=\"iwgs-schwarzerfad-s0\" data-element_type=\"container\" data-e-type=\"container\">\n\t\t\t\t\t<div class=\"e-con-inner\">\n\t\t\t\t<div class=\"elementor-element elementor-element-iwgs-schwarzerfad-s0h elementor-widget elementor-widget-heading\" data-id=\"iwgs-schwarzerfad-s0h\" data-element_type=\"widget\" data-e-type=\"widget\" data-widget_type=\"heading.default\">\n\t\t\t\t\t<h2 class=\"elementor-heading-title elementor-size-default\">Yfirlit<\/h2>\t\t\t\t<\/div>\n\t\t<div class=\"elementor-element elementor-element-iwgs-schwarzerfad-s0box e-con-full e-flex e-con e-parent\" data-id=\"iwgs-schwarzerfad-s0box\" data-element_type=\"container\" data-e-type=\"container\">\n\t\t\t\t<div class=\"elementor-element elementor-element-iwgs-schwarzerfad-s0t elementor-widget elementor-widget-text-editor\" data-id=\"iwgs-schwarzerfad-s0t\" data-element_type=\"widget\" data-e-type=\"widget\" data-widget_type=\"text-editor.default\">\n\t\t\t\t\t\t\t\t\t<p>Svarti \u00fer\u00e1\u00f0urinn er einfalt verndarband \u00far veruleika <a href=\"https:\/\/iwell-guard.com\/is\/hinduismi\/\">hind\u00faisma<\/a> og indversks daglegs l\u00edfs. Um er a\u00f0 r\u00e6\u00f0a l\u00e1tlausa svarta sn\u00faru sem bundin er um l\u00edkamshluta.<\/p><p>Svarti \u00fer\u00e1\u00f0urinn er borinn um \u00falnli\u00f0, \u00f6kkla e\u00f0a mitti. S\u00e9rstaklega oft er hann bundinn \u00e1 l\u00edtil b\u00f6rn, sem samkv\u00e6mt algengri tr\u00fa eru talin s\u00e9rstaklega \u00fatsett fyrir h\u00e6ttu.<\/p><p>Hlutverk svarta \u00fer\u00e1\u00f0arins er vernd. Hann \u00e1 a\u00f0 verja gegn hinu illa auga og halda \u00f3l\u00e1ni og ska\u00f0legum \u00e1hrifum fr\u00e1 \u00feeim sem ber hann.<\/p><p>Svarti \u00fer\u00e1\u00f0urinn er n\u00e1skyldur \u00f6\u00f0rum verndarb\u00f6ndum Indlands, s\u00e9rstaklega litr\u00edkum og blessu\u00f0um \u00fer\u00e1\u00f0um sem bundnir eru \u00ed helgisi\u00f0alegu samhengi. \u00d3l\u00edkt \u00feeim er svarti \u00fer\u00e1\u00f0urinn oftast l\u00e1tlaus og \u00e1n s\u00e9rstakrar <span class=\"iwg-fachbegriff\" data-tooltip=\"H\u00e1t\u00ed\u00f0leg ath\u00f6fn sem fer fram eftir f\u00f6stum reglum.\" tabindex=\"0\">athafnar<\/span>.<\/p><p>Svarti \u00fer\u00e1\u00f0urinn er \u00fatbreiddur \u00fevert \u00e1 tr\u00faarleg m\u00f6rk. Hann er borinn af hind\u00faafj\u00f6lskyldum en kemur einnig fyrir hj\u00e1 \u00f6\u00f0rum h\u00f3pum \u00e1 Indlandi og telst \u00fear almennur verndargripur.<\/p><p>\u00cd <span class=\"iwg-fachbegriff\" data-tooltip=\"V\u00edsindin sem rannsaka tr\u00faarbr\u00f6g\u00f0 samanbur\u00f0arlega og \u00e1n tr\u00faarlegrar bindingar.\" tabindex=\"0\">tr\u00faarbrag\u00f0afr\u00e6\u00f0um<\/span> er svarti \u00fer\u00e1\u00f0urinn gott d\u00e6mi um einfaldan hversdagslegan verndargrip. \u00c1hrif hans byggjast minna \u00e1 \u00fatf\u00e6r\u00f0ri kenningu en \u00e1 v\u00ed\u00f0t\u00e6kri sameiginlegri tr\u00fa \u00e1 vernd bandsins og litarins svart.<\/p>\t\t\t\t\t\t\t\t<\/div>\n\t\t\t\t<\/div>\n\t\t\t\t\t<\/div>\n\t\t\t\t<\/div>\n\t\t<div class=\"elementor-element elementor-element-iwgs-schwarzerfad-s1 e-flex e-con-boxed e-con e-parent\" data-id=\"iwgs-schwarzerfad-s1\" data-element_type=\"container\" data-e-type=\"container\">\n\t\t\t\t\t<div class=\"e-con-inner\">\n\t\t\t\t<div class=\"elementor-element elementor-element-iwgs-schwarzerfad-s1h elementor-widget elementor-widget-heading\" data-id=\"iwgs-schwarzerfad-s1h\" data-element_type=\"widget\" data-e-type=\"widget\" data-widget_type=\"heading.default\">\n\t\t\t\t\t<h2 class=\"elementor-heading-title elementor-size-default\">Bandi\u00f0 sem verndargripur<\/h2>\t\t\t\t<\/div>\n\t\t<div class=\"elementor-element elementor-element-iwgs-schwarzerfad-s1box e-con-full e-flex e-con e-parent\" data-id=\"iwgs-schwarzerfad-s1box\" data-element_type=\"container\" data-e-type=\"container\">\n\t\t\t\t<div class=\"elementor-element elementor-element-iwgs-schwarzerfad-s1t elementor-widget elementor-widget-text-editor\" data-id=\"iwgs-schwarzerfad-s1t\" data-element_type=\"widget\" data-e-type=\"widget\" data-widget_type=\"text-editor.default\">\n\t\t\t\t\t\t\t\t\t<p>Svarti \u00fer\u00e1\u00f0urinn telst til verndarbanda. Bundi\u00f0 band er verndargripur sem kemur fyrir \u00ed m\u00f6rgum menningarheimum og er einnig \u00fatbreiddur \u00e1 Indlandi.<\/p><p>Band er lagt um l\u00edkamshluta og hn\u00fdtt \u00fear. \u00deessi binding er t\u00e1knr\u00e6n. H\u00fan umlykur \u00feann sem ber bandi\u00f0 \u00e1 myndr\u00e6nan h\u00e1tt og skapar verndandi m\u00f6rk um hann.<\/p><p>Hn\u00faturinn gegnir s\u00e9rst\u00f6ku hlutverki. \u00cd m\u00f6rgum hugmyndum er hn\u00faturinn talinn lei\u00f0 til a\u00f0 halda einhverju f\u00f6stu e\u00f0a verjast einhverju. Hn\u00fdtt band er \u00fev\u00ed meira en einf\u00f6ld sn\u00fara.<\/p><p>Bandi\u00f0 er oft bori\u00f0 um \u00falnli\u00f0, \u00fear sem s\u00e1 sta\u00f0ur er s\u00fdnilegur og au\u00f0velt a\u00f0 komast a\u00f0 honum. \u00c1 b\u00f6rnum er bandi\u00f0 einnig lagt um mitti e\u00f0a \u00f6kkla, \u00fear sem \u00fea\u00f0 leynist undir f\u00f6tunum.<\/p><p>Verndarb\u00f6nd eru fj\u00f6lm\u00f6rg \u00e1 Indlandi. Til eru blessa\u00f0ir \u00fer\u00e6\u00f0ir sem prestur bindur, litr\u00edk b\u00f6nd fyrir \u00e1kve\u00f0nar h\u00e1t\u00ed\u00f0ir og b\u00f6nd sem bundin eru \u00e1 p\u00edlagr\u00edmast\u00f6\u00f0um. Svarti \u00fer\u00e1\u00f0urinn er einfaldasta form \u00feessara banda.<\/p><p>Svarti \u00fer\u00e1\u00f0urinn deilir grunnhugmyndinni me\u00f0 \u00f6\u00f0rum verndarb\u00f6ndum. Bundi\u00f0 band umlykur \u00feann sem ber \u00fea\u00f0 og \u00e1 a\u00f0 verja hann gegn ska\u00f0legum \u00e1hrifum. S\u00e9rsta\u00f0a hans liggur \u00ed litnum og \u00ed l\u00e1tlausri, hversdagslegri notkun.<\/p>\t\t\t\t\t\t\t\t<\/div>\n\t\t\t\t<\/div>\n\t\t\t\t\t<\/div>\n\t\t\t\t<\/div>\n\t\t<div class=\"elementor-element elementor-element-iwgs-schwarzerfad-s2 e-flex e-con-boxed e-con e-parent\" data-id=\"iwgs-schwarzerfad-s2\" data-element_type=\"container\" data-e-type=\"container\">\n\t\t\t\t\t<div class=\"e-con-inner\">\n\t\t\t\t<div class=\"elementor-element elementor-element-iwgs-schwarzerfad-s2h elementor-widget elementor-widget-heading\" data-id=\"iwgs-schwarzerfad-s2h\" data-element_type=\"widget\" data-e-type=\"widget\" data-widget_type=\"heading.default\">\n\t\t\t\t\t<h2 class=\"elementor-heading-title elementor-size-default\">Merking litarins svart<\/h2>\t\t\t\t<\/div>\n\t\t<div class=\"elementor-element elementor-element-iwgs-schwarzerfad-s2box e-con-full e-flex e-con e-parent\" data-id=\"iwgs-schwarzerfad-s2box\" data-element_type=\"container\" data-e-type=\"container\">\n\t\t\t\t<div class=\"elementor-element elementor-element-iwgs-schwarzerfad-s2t elementor-widget elementor-widget-text-editor\" data-id=\"iwgs-schwarzerfad-s2t\" data-element_type=\"widget\" data-e-type=\"widget\" data-widget_type=\"text-editor.default\">\n\t\t\t\t\t\t\t\t\t<p>\u00c1berandasta einkenni \u00feessa verndarbands er litur \u00feess. \u00d3l\u00edkt rau\u00f0u e\u00f0a gulu verndar\u00fer\u00e1\u00f0um Indlands er \u00feessi \u00fer\u00e1\u00f0ur v\u00edsvitandi svartur.<\/p><p>Litur svartur hefur s\u00e9rstaka merkingu \u00ed indversku samhengi \u00feegar liti\u00f0 er til hins illa auga. Svart er tali\u00f0 s\u00e1 litur sem dregur a\u00f0 s\u00e9r og afvegalei\u00f0ir hinn ska\u00f0lega augnar\u00e1\u00f0.<\/p><p>Hugmyndin \u00e1 bak vi\u00f0 \u00feetta er \u00e1kve\u00f0in dreifing athygli. Samkv\u00e6mt \u00feessari tr\u00fa beinist illa auga\u00f0 fyrst a\u00f0 hinu \u00e1berandi svarta merki, ekki a\u00f0 barninu sem er vernda\u00f0. Svarta bandi\u00f0 tekur vi\u00f0 augnar\u00e1\u00f0inu, svo a\u00f0 segja.<\/p><p>Af s\u00f6mu \u00e1st\u00e6\u00f0u er litlum b\u00f6rnum \u00e1 Indlandi oft einnig m\u00e1la\u00f0ur svartur punktur, oftast \u00e1 kinn e\u00f0a enni. \u00deessi svarti punktur \u00e1 einnig a\u00f0 afvegalei\u00f0a augnar\u00e1\u00f0i\u00f0 og raska l\u00edtillega hinni gallalausu \u00e1s\u00fdnd barnsins.<\/p><p>\u00c1 bak vi\u00f0 b\u00e6\u00f0i \u00feessi atri\u00f0i b\u00fdr sameiginleg hugmynd. Fullkomlega fagurt, heilbrigt barn er tali\u00f0 s\u00e9rstaklega \u00fatsett fyrir h\u00e6ttu, \u00fev\u00ed \u00fea\u00f0 dregur a\u00f0 s\u00e9r a\u00f0d\u00e1un og \u00f6fund. L\u00edtill svartur galli dregur athygli fr\u00e1 og minnkar h\u00e6ttuna.<\/p><p>Litur svarta \u00fer\u00e1\u00f0arins er \u00fev\u00ed ekki valinn af tilviljun. Hann er hluti af verndarhugmyndinni. Bandi\u00f0 verkar ekki a\u00f0eins sem bundi\u00f0 band, heldur einnig me\u00f0 lit s\u00ednum sem dregur a\u00f0 s\u00e9r og afvegalei\u00f0ir augnar\u00e1\u00f0i\u00f0.<\/p>\t\t\t\t\t\t\t\t<\/div>\n\t\t\t\t<\/div>\n\t\t\t\t\t<\/div>\n\t\t\t\t<\/div>\n\t\t<div class=\"elementor-element elementor-element-iwgs-schwarzerfad-s3 e-flex e-con-boxed e-con e-parent\" data-id=\"iwgs-schwarzerfad-s3\" data-element_type=\"container\" data-e-type=\"container\">\n\t\t\t\t\t<div class=\"e-con-inner\">\n\t\t\t\t<div class=\"elementor-element elementor-element-iwgs-schwarzerfad-s3h elementor-widget elementor-widget-heading\" data-id=\"iwgs-schwarzerfad-s3h\" data-element_type=\"widget\" data-e-type=\"widget\" data-widget_type=\"heading.default\">\n\t\t\t\t\t<h2 class=\"elementor-heading-title elementor-size-default\">Svarti \u00fer\u00e1\u00f0urinn og hi\u00f0 illa auga<\/h2>\t\t\t\t<\/div>\n\t\t<div class=\"elementor-element elementor-element-iwgs-schwarzerfad-s3box e-con-full e-flex e-con e-parent\" data-id=\"iwgs-schwarzerfad-s3box\" data-element_type=\"container\" data-e-type=\"container\">\n\t\t\t\t<div class=\"elementor-element elementor-element-iwgs-schwarzerfad-s3t elementor-widget elementor-widget-text-editor\" data-id=\"iwgs-schwarzerfad-s3t\" data-element_type=\"widget\" data-e-type=\"widget\" data-widget_type=\"text-editor.default\">\n\t\t\t\t\t\t\t\t\t<p>Mikilv\u00e6gasta hlutverk svarta \u00fer\u00e1\u00f0arins er vernd gegn hinu illa auga. \u00deessi tr\u00fa er \u00fatbreidd \u00e1 Indlandi eins og v\u00ed\u00f0a um heim.<\/p><p>Samkv\u00e6mt tr\u00fanni \u00e1 hinu illa auga getur augnar\u00e1\u00f0 valdi\u00f0 ska\u00f0a. \u00dea\u00f0 er oft tengt vi\u00f0 \u00f6fund og illvild. S\u00e1 sem horfir \u00e1 eitthva\u00f0 me\u00f0 s\u00e1rum \u00f6fundi getur, samkv\u00e6mt \u00feessari tr\u00fa, valdi\u00f0 \u00fev\u00ed ska\u00f0a.<\/p><p>S\u00e9rstaklega \u00fatsett eru b\u00f6rn talin. Heilbrigt, fagurt barn dregur a\u00f0 s\u00e9r a\u00f0d\u00e1un, og einmitt \u00feessi a\u00f0d\u00e1un getur samkv\u00e6mt tr\u00fanni breyst \u00ed ska\u00f0legt augnar\u00e1\u00f0, jafnvel \u00e1n illra \u00e1setninga.<\/p><p>H\u00e9r kemur svarti \u00fer\u00e1\u00f0urinn til. Hann er bundinn \u00e1 b\u00f6rn til a\u00f0 verja \u00feau gegn \u00feessu augnar\u00e1\u00f0i. \u00c1berandi svarta bandi\u00f0 \u00e1 a\u00f0 afvegalei\u00f0a augnar\u00e1\u00f0i\u00f0 og l\u00e1ta barni\u00f0 vir\u00f0ast minna eftirtektarvert.<\/p><p>Tr\u00fain \u00e1 hi\u00f0 illa auga og verndarr\u00e1\u00f0in gegn \u00fev\u00ed myndar s\u00e9rstakt, v\u00ed\u00f0\u00fatbreitt svi\u00f0 verndarhugmynda. Svarti \u00fer\u00e1\u00f0urinn heyrir til \u00feessa svi\u00f0s, sem fjalla\u00f0 er n\u00e1nar um \u00e1 s\u00ed\u00f0unni um <a href=\"https:\/\/iwell-guard.com\/is\/illt-auga\/\">hi\u00f0 illa auga<\/a>.<\/p><p>Svarti \u00fer\u00e1\u00f0urinn er \u00feannig eitt einfaldasta og jafnframt \u00fatbreiddasta r\u00e1\u00f0i\u00f0 gegn hinu illa auga \u00e1 Indlandi. Hann krefst engrar fyrirhafnar og engrar <span class=\"iwg-fachbegriff\" data-tooltip=\"H\u00e1t\u00ed\u00f0leg ath\u00f6fn sem fer fram eftir f\u00f6stum reglum.\" tabindex=\"0\">athafnar<\/span> og er tilt\u00e6kur hverri fj\u00f6lskyldu.<\/p>\t\t\t\t\t\t\t\t<\/div>\n\t\t\t\t<\/div>\n\t\t\t\t\t<\/div>\n\t\t\t\t<\/div>\n\t\t<div class=\"elementor-element elementor-element-iwgs-schwarzerfad-s4 e-flex e-con-boxed e-con e-parent\" data-id=\"iwgs-schwarzerfad-s4\" data-element_type=\"container\" data-e-type=\"container\">\n\t\t\t\t\t<div class=\"e-con-inner\">\n\t\t\t\t<div class=\"elementor-element elementor-element-iwgs-schwarzerfad-s4h elementor-widget elementor-widget-heading\" data-id=\"iwgs-schwarzerfad-s4h\" data-element_type=\"widget\" data-e-type=\"widget\" data-widget_type=\"heading.default\">\n\t\t\t\t\t<h2 class=\"elementor-heading-title elementor-size-default\">Svarti \u00fer\u00e1\u00f0urinn hj\u00e1 b\u00f6rnum<\/h2>\t\t\t\t<\/div>\n\t\t<div class=\"elementor-element elementor-element-iwgs-schwarzerfad-s4box e-con-full e-flex e-con e-parent\" data-id=\"iwgs-schwarzerfad-s4box\" data-element_type=\"container\" data-e-type=\"container\">\n\t\t\t\t<div class=\"elementor-element elementor-element-iwgs-schwarzerfad-s4t elementor-widget elementor-widget-text-editor\" data-id=\"iwgs-schwarzerfad-s4t\" data-element_type=\"widget\" data-e-type=\"widget\" data-widget_type=\"text-editor.default\">\n\t\t\t\t\t\t\t\t\t<p>Algengasti bur\u00f0arhafi svarta \u00fer\u00e1\u00f0arins er unga barni\u00f0. M\u00f6rgum ungb\u00f6rnum og sm\u00e1b\u00f6rnum \u00e1 Indlandi er sett sl\u00edkt band sk\u00f6mmu eftir f\u00e6\u00f0ingu.<\/p><p>\u00c1st\u00e6\u00f0an liggur \u00ed \u00feeirri s\u00e9rst\u00f6ku vi\u00f0kv\u00e6mni sem l\u00edtil b\u00f6rn eru talin b\u00faa yfir. \u00deau eru talin ekki enn fullm\u00f3tu\u00f0 og \u00fear af lei\u00f0andi s\u00e9rlega m\u00f3tt\u00e6kileg fyrir ska\u00f0legum \u00e1hrifum og illu auga.<\/p><p>Bandi\u00f0 er venjulega bundi\u00f0 um \u00falnli\u00f0, \u00f6kkla e\u00f0a mitti barnsins. Um mitti\u00f0 er \u00fea\u00f0 fali\u00f0 undir f\u00f6tunum og fylgir barninu \u00f3s\u00e9\u00f0 \u00ed gegnum daginn.<\/p><p>Oft er svarti \u00fer\u00e1\u00f0urinn tengdur \u00f6\u00f0rum verndarr\u00e1\u00f0um. \u00dear \u00e1 me\u00f0al er \u00e1\u00f0urnefndur svartur punktur \u00e1 kinn e\u00f0a enni barnsins, sem er einnig \u00e6tla\u00f0ur til a\u00f0 draga athygli fr\u00e1 augnar\u00e1\u00f0inu.<\/p><p>A\u00f0 setja bandi\u00f0 \u00e1 er oftast fj\u00f6lskyldum\u00e1l, oft \u00ed h\u00f6ndum m\u00f3\u00f0ur e\u00f0a \u00f6mmu. Ekkert prestsemb\u00e6tti er nau\u00f0synlegt til \u00feess. Svarti \u00fer\u00e1\u00f0urinn heyrir \u00feannig til heimilislegrar, fj\u00f6lskyldubundinnar verndarvenju.<\/p><p>\u00cd \u00feessari notkun kemur fram a\u00f0 svarti \u00fer\u00e1\u00f0urinn er fyrst og fremst umhyggjumerki. Hann tj\u00e1ir umhyggju fj\u00f6lskyldunnar fyrir velfer\u00f0 barnsins og gefur \u00feessari umhyggju s\u00fdnilega, \u00e1\u00fereifanlega mynd.<\/p>\t\t\t\t\t\t\t\t<\/div>\n\t\t\t\t<\/div>\n\t\t\t\t\t<\/div>\n\t\t\t\t<\/div>\n\t\t<div class=\"elementor-element elementor-element-iwgs-schwarzerfad-s5 e-flex e-con-boxed e-con e-parent\" data-id=\"iwgs-schwarzerfad-s5\" data-element_type=\"container\" data-e-type=\"container\">\n\t\t\t\t\t<div class=\"e-con-inner\">\n\t\t\t\t<div class=\"elementor-element elementor-element-iwgs-schwarzerfad-s5h elementor-widget elementor-widget-heading\" data-id=\"iwgs-schwarzerfad-s5h\" data-element_type=\"widget\" data-e-type=\"widget\" data-widget_type=\"heading.default\">\n\t\t\t\t\t<h2 class=\"elementor-heading-title elementor-size-default\">Svarti \u00fer\u00e1\u00f0urinn og rau\u00f0i \u00fer\u00e1\u00f0urinn<\/h2>\t\t\t\t<\/div>\n\t\t<div class=\"elementor-element elementor-element-iwgs-schwarzerfad-s5box e-con-full e-flex e-con e-parent\" data-id=\"iwgs-schwarzerfad-s5box\" data-element_type=\"container\" data-e-type=\"container\">\n\t\t\t\t<div class=\"elementor-element elementor-element-iwgs-schwarzerfad-s5t elementor-widget elementor-widget-text-editor\" data-id=\"iwgs-schwarzerfad-s5t\" data-element_type=\"widget\" data-e-type=\"widget\" data-widget_type=\"text-editor.default\">\n\t\t\t\t\t\t\t\t\t<p>Svarti \u00fer\u00e1\u00f0urinn sk\u00fdrist vel \u00ed samanbur\u00f0i vi\u00f0 rau\u00f0a \u00fer\u00e1\u00f0inn. B\u00e1\u00f0ir eru verndarb\u00f6nd, en \u00feeir eru \u00f3l\u00edkir \u00ed lit og merkingu.<\/p><p>Rau\u00f0i \u00fer\u00e1\u00f0urinn er \u00e1 Indlandi hi\u00f0 \u00fatbreidda blessa\u00f0a verndarband. Hann er oft bundinn af presti, settur \u00e1 g\u00f6ngusta\u00f0i p\u00edlagr\u00edma e\u00f0a gefinn \u00e1 tilteknum h\u00e1t\u00ed\u00f0um. Rautt telst hagst\u00e6\u00f0ur og kraftmikill litur.<\/p><p>Rau\u00f0i \u00fer\u00e1\u00f0urinn stendur \u00fev\u00ed fremur fyrir <span class=\"iwg-fachbegriff\" data-tooltip=\"\u00c1varp heilla og verndar, oft \u00ed f\u00f6stu m\u00e1lformi.\" tabindex=\"0\">blessunina<\/span> og tenginguna vi\u00f0 hi\u00f0 heilaga. Hann flytur hagst\u00e6\u00f0an kraft yfir \u00e1 \u00feann sem ber hann. Oft er hann tengdur <span class=\"iwg-fachbegriff\" data-tooltip=\"H\u00e1t\u00ed\u00f0leg ath\u00f6fn sem fer fram eftir f\u00f6stum reglum.\" tabindex=\"0\">ath\u00f6fn<\/span> og t\u00f6lu\u00f0um form\u00e1la.<\/p><p>Svarti \u00fer\u00e1\u00f0urinn er hins vegar yfirleitt einfaldur og \u00e1n <span class=\"iwg-fachbegriff\" data-tooltip=\"H\u00e1t\u00ed\u00f0leg ath\u00f6fn sem fer fram eftir f\u00f6stum reglum.\" tabindex=\"0\">athafnar<\/span>. Litur hans mi\u00f0ar ekki a\u00f0 <span class=\"iwg-fachbegriff\" data-tooltip=\"\u00c1varp heilla og verndar, oft \u00ed f\u00f6stu m\u00e1lformi.\" tabindex=\"0\">blessun<\/span>, heldur a\u00f0 v\u00f6rn. Svart dregur illa auga\u00f0 fr\u00e1 og fangar \u00fea\u00f0.<\/p><p>\u00der\u00e6\u00f0irnir tveir b\u00e6ta hvor annan upp. Annar verkar me\u00f0 hagst\u00e6\u00f0ri <span class=\"iwg-fachbegriff\" data-tooltip=\"\u00c1varp heilla og verndar, oft \u00ed f\u00f6stu m\u00e1lformi.\" tabindex=\"0\">blessun<\/span>, hinn me\u00f0 fr\u00e1hrindandi v\u00f6rn. Sum b\u00f6rn bera \u00fev\u00ed b\u00e6\u00f0i b\u00f6ndin, rau\u00f0a og svarta, samt\u00edmis.<\/p><p>Samanbur\u00f0urinn s\u00fdnir a\u00f0 litur verndarbands m\u00f3tar merkingu \u00feess a\u00f0 hluta. Rautt og svart standa fyrir tvenns konar vernd, fyrir a\u00f0dragandi <span class=\"iwg-fachbegriff\" data-tooltip=\"\u00c1varp heilla og verndar, oft \u00ed f\u00f6stu m\u00e1lformi.\" tabindex=\"0\">blessun<\/span> og fyrir afvegalei\u00f0andi v\u00f6rn.<\/p>\t\t\t\t\t\t\t\t<\/div>\n\t\t\t\t<\/div>\n\t\t\t\t\t<\/div>\n\t\t\t\t<\/div>\n\t\t<div class=\"elementor-element elementor-element-iwgs-schwarzerfad-s6 e-flex e-con-boxed e-con e-parent\" data-id=\"iwgs-schwarzerfad-s6\" data-element_type=\"container\" data-e-type=\"container\">\n\t\t\t\t\t<div class=\"e-con-inner\">\n\t\t\t\t<div class=\"elementor-element elementor-element-iwgs-schwarzerfad-s6h elementor-widget elementor-widget-heading\" data-id=\"iwgs-schwarzerfad-s6h\" data-element_type=\"widget\" data-e-type=\"widget\" data-widget_type=\"heading.default\">\n\t\t\t\t\t<h2 class=\"elementor-heading-title elementor-size-default\">Sv\u00f6rt verndarb\u00f6nd \u00fevert \u00e1 menningarheima<\/h2>\t\t\t\t<\/div>\n\t\t<div class=\"elementor-element elementor-element-iwgs-schwarzerfad-s6box e-con-full e-flex e-con e-parent\" data-id=\"iwgs-schwarzerfad-s6box\" data-element_type=\"container\" data-e-type=\"container\">\n\t\t\t\t<div class=\"elementor-element elementor-element-iwgs-schwarzerfad-s6t elementor-widget elementor-widget-text-editor\" data-id=\"iwgs-schwarzerfad-s6t\" data-element_type=\"widget\" data-e-type=\"widget\" data-widget_type=\"text-editor.default\">\n\t\t\t\t\t\t\t\t\t<p>Svarta \u00fer\u00e1\u00f0inn m\u00e1 sko\u00f0a \u00ed st\u00e6rra samhengi verndarbanda. Bundna bandi\u00f0 er verndargripur sem finnst \u00ed m\u00f6rgum menningarheimum.<\/p><p>\u00cd fj\u00f6lm\u00f6rgum hef\u00f0um er band bundi\u00f0 um \u00falnli\u00f0 e\u00f0a \u00f6kkla til a\u00f0 vernda \u00feann sem ber \u00fea\u00f0. Litirnir eru mismunandi, en grunnhugmyndin er \u00e6ttu\u00f0, verndun \u00ed gegnum umlykjandi, hn\u00fdtt band.<\/p><p>Svartur litur sem v\u00f6rn gegn illu auga er einnig ekki bundinn vi\u00f0 Indland. \u00cd \u00fdmsum menningarheimum vi\u00f0 Mi\u00f0jar\u00f0arhafi\u00f0 og \u00ed Austurl\u00f6ndum n\u00e6r eru d\u00f6kk e\u00f0a \u00e1berandi merki talin verkf\u00e6ri til a\u00f0 draga ska\u00f0legt augnar\u00e1\u00f0 \u00ed burtu.<\/p><p>\u00c6ttu\u00f0 er einnig bl\u00e1tt augnverndargripur sem er algengur \u00ed Tyrklandi og \u00e1 Mi\u00f0jar\u00f0arhafssv\u00e6\u00f0inu. \u00dea\u00f0 v\u00edsar illu auga fr\u00e1 me\u00f0 \u00fev\u00ed a\u00f0 fanga \u00fea\u00f0. \u00c1 s\u00ed\u00f0unni um <a href=\"https:\/\/iwell-guard.com\/is\/?page_id=169125\">Nazar Boncu\u011fu<\/a> er \u00feessi verndargripur n\u00e1nar kynntur.<\/p><p>Svarti \u00fer\u00e1\u00f0ur Indlands og bl\u00e1tt auga Mi\u00f0jar\u00f0arhafssv\u00e6\u00f0isins fylgja svipa\u00f0ri hugsun. \u00c1berandi merki dregur ska\u00f0legt augnar\u00e1\u00f0 til s\u00edn og v\u00edsar \u00fev\u00ed fr\u00e1 \u00feeim sem vernda\u00f0ur er.<\/p><p>Svarti \u00fer\u00e1\u00f0urinn er \u00feannig indversk \u00fatg\u00e1fa af hugmynd sem er \u00fatbreidd um allan heim. Verndarbandi\u00f0 og athygli-dreifandi litur sameinast \u00ed honum \u00ed einfaldan, \u00ed daglegu l\u00edfi r\u00f3tfastan verndargrip.<\/p>\t\t\t\t\t\t\t\t<\/div>\n\t\t\t\t<\/div>\n\t\t\t\t\t<\/div>\n\t\t\t\t<\/div>\n\t\t<div class=\"elementor-element elementor-element-iwgs-schwarzerfad-s7 e-flex e-con-boxed e-con e-parent\" data-id=\"iwgs-schwarzerfad-s7\" data-element_type=\"container\" data-e-type=\"container\">\n\t\t\t\t\t<div class=\"e-con-inner\">\n\t\t\t\t<div class=\"elementor-element elementor-element-iwgs-schwarzerfad-s7h elementor-widget elementor-widget-heading\" data-id=\"iwgs-schwarzerfad-s7h\" data-element_type=\"widget\" data-e-type=\"widget\" data-widget_type=\"heading.default\">\n\t\t\t\t\t<h2 class=\"elementor-heading-title elementor-size-default\">Hei\u00f0arleg greining \u00e1 uppruna og t\u00falkun<\/h2>\t\t\t\t<\/div>\n\t\t<div class=\"elementor-element elementor-element-iwgs-schwarzerfad-s7box e-con-full e-flex e-con e-parent\" data-id=\"iwgs-schwarzerfad-s7box\" data-element_type=\"container\" data-e-type=\"container\">\n\t\t\t\t<div class=\"elementor-element elementor-element-iwgs-schwarzerfad-s7t elementor-widget elementor-widget-text-editor\" data-id=\"iwgs-schwarzerfad-s7t\" data-element_type=\"widget\" data-e-type=\"widget\" data-widget_type=\"text-editor.default\">\n\t\t\t\t\t\t\t\t\t<p>Fyrir svo einfalt og hversdagslegt verndarme\u00f0al sem svarta \u00fer\u00e1\u00f0inn er hei\u00f0arleg greining mikilv\u00e6g. Margt vi\u00f0 hann byggist \u00e1 v\u00ed\u00f0t\u00e6kri hugmynd, ekki \u00e1 fastm\u00f3ta\u00f0ri l\u00e6rd\u00f3msfr\u00e6\u00f0i.<\/p><p>Svarti \u00fer\u00e1\u00f0urinn heyrir til al\u00fe\u00fd\u00f0legrar verndarvenju. Hann er ekki skr\u00e1\u00f0ur \u00ed l\u00e6r\u00f0um tr\u00faarlegum textum hind\u00faasi\u00f0ar, heldur er hann var\u00f0veittur og fluttur \u00e1fram innan fj\u00f6lskyldna.<\/p><p>Aldur hans er ekki au\u00f0velt a\u00f0 \u00e1kvar\u00f0a n\u00e1kv\u00e6mlega. A\u00f0 binda verndarb\u00f6nd er mj\u00f6g forn venja \u00e1 Indlandi, en einfaldur svartur \u00fer\u00e1\u00f0ur \u00ed n\u00faverandi mynd er, sem einstakur <span class=\"iwg-fachbegriff\" data-tooltip=\"Hef\u00f0bundin ath\u00f6fn sem er endurtekin reglulega \u00ed samf\u00e9lagi.\" tabindex=\"0\">si\u00f0ur<\/span>, vart h\u00e6gt a\u00f0 t\u00edmasetja n\u00e1kv\u00e6mlega.<\/p><p>T\u00falkun svarta litarins er einnig ekki strengilega fastm\u00f3tu\u00f0. Sk\u00fdringin um a\u00f0 svart dragi athygli augnar\u00e1\u00f0sins fr\u00e1 er algeng og skynsamleg, en h\u00fan er t\u00falkun \u00e1 si\u00f0num, ekki eina m\u00f6gulega sk\u00fdringin.<\/p><p>Svarti \u00fer\u00e1\u00f0urinn er auk \u00feess ekki hreint hind\u00faiskt t\u00e1kn. Hann er nota\u00f0ur yfir tr\u00faarleg m\u00f6rk og heyrir til sameiginlegrar verndarmenningar indversks hversdagsl\u00edfs.<\/p><p>\u00c1rei\u00f0anleg framsetning nefnir svarta \u00fer\u00e1\u00f0inn \u00fev\u00ed sem \u00fea\u00f0 sem hann er, einfalt, v\u00ed\u00f0t\u00e6kt verndarband indversks hversdagsl\u00edfs, \u00fear sem merking hans liggur \u00ed lifa\u00f0ri venju og ekki \u00ed fastm\u00f3ta\u00f0ri l\u00e6rd\u00f3msfr\u00e6\u00f0i.<\/p>\t\t\t\t\t\t\t\t<\/div>\n\t\t\t\t<\/div>\n\t\t\t\t\t<\/div>\n\t\t\t\t<\/div>\n\t\t<div class=\"elementor-element elementor-element-iwgs-schwarzerfad-s8 e-flex e-con-boxed e-con e-parent\" data-id=\"iwgs-schwarzerfad-s8\" data-element_type=\"container\" data-e-type=\"container\">\n\t\t\t\t\t<div class=\"e-con-inner\">\n\t\t\t\t<div class=\"elementor-element elementor-element-iwgs-schwarzerfad-s8h elementor-widget elementor-widget-heading\" data-id=\"iwgs-schwarzerfad-s8h\" data-element_type=\"widget\" data-e-type=\"widget\" data-widget_type=\"heading.default\">\n\t\t\t\t\t<h2 class=\"elementor-heading-title elementor-size-default\">M\u00f3tt\u00f6kur \u00ed dag<\/h2>\t\t\t\t<\/div>\n\t\t<div class=\"elementor-element elementor-element-iwgs-schwarzerfad-s8box e-con-full e-flex e-con e-parent\" data-id=\"iwgs-schwarzerfad-s8box\" data-element_type=\"container\" data-e-type=\"container\">\n\t\t\t\t<div class=\"elementor-element elementor-element-iwgs-schwarzerfad-s8t elementor-widget elementor-widget-text-editor\" data-id=\"iwgs-schwarzerfad-s8t\" data-element_type=\"widget\" data-e-type=\"widget\" data-widget_type=\"text-editor.default\">\n\t\t\t\t\t\t\t\t\t<p>Svarti \u00fer\u00e1\u00f0urinn er enn \u00ed dag mj\u00f6g \u00e1berandi \u00e1 Indlandi. \u00c1 m\u00f6rgum \u00falnli\u00f0um, s\u00e9rstaklega hj\u00e1 b\u00f6rnum, m\u00e1 sj\u00e1 \u00feetta einfalda svarta band.<\/p><p>N\u00e1kv\u00e6mlega vegna \u00feess hve einfaldur og \u00f3d\u00fdr hann er, hefur svarti \u00fer\u00e1\u00f0urinn haldist \u00ed \u00f6llum samf\u00e9lagsst\u00e9ttum. Hann krefst hvorki mikillar fyrirhafnar n\u00e9 <span class=\"iwg-fachbegriff\" data-tooltip=\"H\u00e1t\u00ed\u00f0leg ath\u00f6fn sem fer fram eftir f\u00f6stum reglum.\" tabindex=\"0\">serem\u00f3n\u00edu<\/span> og er \u00f6llum fj\u00f6lskyldum a\u00f0gengilegur.<\/p><p>Einnig me\u00f0al indverskra brottflutningsfj\u00f6lskyldna og indverskra samf\u00e9laga utan Indlands er svarti \u00fer\u00e1\u00f0urinn \u00e1fram \u00ed notkun. Hann er einn af \u00feeim si\u00f0um sem flytjast me\u00f0 fj\u00f6lskyldunni yfir landam\u00e6ri.<\/p><p>\u00cd dag er svarti \u00fer\u00e1\u00f0urinn \u00fdmist skilinn sem me\u00f0vitu\u00f0 tr\u00faarleg verndara\u00f0ger\u00f0 e\u00f0a sem sj\u00e1lfsag\u00f0ur <span class=\"iwg-fachbegriff\" data-tooltip=\"Hef\u00f0bundin ath\u00f6fn sem endurtekin er reglulega innan samf\u00e9lags.\" tabindex=\"0\">si\u00f0ur<\/span> \u00fear sem n\u00e1kv\u00e6m merking hverfur \u00ed bakgrunninn. B\u00e6\u00f0i vi\u00f0horfin eru til samhli\u00f0a.<\/p><p>Hlutlaus l\u00fdsing skilgreinir svarta \u00fer\u00e1\u00f0inn sem einfalt verndarband sem \u00e6tla\u00f0 er a\u00f0 vernda gegn hinu illa augnar\u00e1\u00f0i og er fyrst og fremst bundinn af umhyggju fyrir b\u00f6rnunum.<\/p><p>Svarti \u00fer\u00e1\u00f0urinn er \u00feannig \u00e1hrifamiki\u00f0 d\u00e6mi um einfalt hversdagslegt verndargagn. \u00cd honum sameinast verndin sem hn\u00fdtta bandi\u00f0 veitir, truflandi merking svarta litarins og umhyggja fj\u00f6lskyldunnar fyrir velfer\u00f0 barnsins.<\/p>\t\t\t\t\t\t\t\t<\/div>\n\t\t\t\t<\/div>\n\t\t\t\t\t<\/div>\n\t\t\t\t<\/div>\n\t\t<div class=\"elementor-element elementor-element-iwgs-schwarzerfad-lit e-flex e-con-boxed e-con e-parent\" data-id=\"iwgs-schwarzerfad-lit\" data-element_type=\"container\" data-e-type=\"container\">\n\t\t\t\t\t<div class=\"e-con-inner\">\n\t\t\t\t<div class=\"elementor-element elementor-element-iwgs-schwarzerfad-lith elementor-widget elementor-widget-heading\" data-id=\"iwgs-schwarzerfad-lith\" data-element_type=\"widget\" data-e-type=\"widget\" data-widget_type=\"heading.default\">\n\t\t\t\t\t<h2 class=\"elementor-heading-title elementor-size-default\">Heimildir (\u00farval)<\/h2>\t\t\t\t<\/div>\n\t\t<div class=\"elementor-element elementor-element-iwgs-schwarzerfad-litbox e-con-full e-flex e-con e-parent\" data-id=\"iwgs-schwarzerfad-litbox\" data-element_type=\"container\" data-e-type=\"container\">\n\t\t\t\t<div class=\"elementor-element elementor-element-iwgs-schwarzerfad-litt elementor-widget elementor-widget-html\" data-id=\"iwgs-schwarzerfad-litt\" data-element_type=\"widget\" data-e-type=\"widget\" data-widget_type=\"html.default\">\n\t\t\t\t\t<footer data-nosnippet=\"true\"><ul><li>Axel Michaels: <em>Der Hinduismus. Geschichte und Gegenwart<\/em> (1998)<\/li><li>Alan Dundes (Hrsg.): <em>The Evil Eye. A Casebook<\/em> (1981)<\/li><li>William Crooke: <em>Religion and Folklore of Northern India<\/em> (1926)<\/li><li>Heinrich von Stietencron: <em>Der Hinduismus<\/em> (2001)<\/li><li>Lawrence A. Babb: <em>The Divine Hierarchy. Popular Hinduism in Central India<\/em> (1975)<\/li><\/ul><\/footer>\t\t\t\t<\/div>\n\t\t\t\t<\/div>\n\t\t\t\t\t<\/div>\n\t\t\t\t<\/div>\n\t\t<div class=\"elementor-element elementor-element-iwgs-schwarzerfad-kwd e-flex e-con-boxed e-con e-parent\" data-id=\"iwgs-schwarzerfad-kwd\" data-element_type=\"container\" data-e-type=\"container\">\n\t\t\t\t\t<div class=\"e-con-inner\">\n\t\t\t\t<div class=\"elementor-element elementor-element-iwgs-schwarzerfad-kwdt elementor-widget elementor-widget-text-editor\" data-id=\"iwgs-schwarzerfad-kwdt\" data-element_type=\"widget\" data-e-type=\"widget\" data-widget_type=\"text-editor.default\">\n\t\t\t\t\t\t\t\t\t<p><em>Tengd leitaror\u00f0: svarti \u00fer\u00e1\u00f0urinn verndarband <span class=\"iwg-fachbegriff\" data-tooltip=\"\u00datbreidd hugmynd um a\u00f0 \u00f6fundsj\u00fakt augnar\u00e1\u00f0 annarrar manneskju geti valdi\u00f0 ska\u00f0a.\" tabindex=\"0\">illt augnar\u00e1\u00f0<\/span> b\u00f6rn \u00falnli\u00f0ur hn\u00fatur svartur litur hind\u00faismi.<\/em><\/p>\t\t\t\t\t\t\t\t<\/div>\n\t\t\t\t\t<\/div>\n\t\t\t\t<\/div>\n\t\t<div class=\"elementor-element elementor-element-iwgs-schwarzerfad-cc e-flex e-con-boxed e-con e-parent\" data-id=\"iwgs-schwarzerfad-cc\" data-element_type=\"container\" data-e-type=\"container\" id=\"iwg-cc-schwarzer-faden\">\n\t\t\t\t\t<div class=\"e-con-inner\">\n\t\t<div class=\"elementor-element elementor-element-iwgs-schwarzerfad-ccinner e-flex e-con-boxed e-con e-parent\" data-id=\"iwgs-schwarzerfad-ccinner\" data-element_type=\"container\" data-e-type=\"container\" data-settings=\"{&quot;background_background&quot;:&quot;classic&quot;}\">\n\t\t\t\t\t<div class=\"e-con-inner\">\n\t\t\t\t<div class=\"elementor-element elementor-element-iwgs-schwarzerfad-cch elementor-widget elementor-widget-heading\" data-id=\"iwgs-schwarzerfad-cch\" data-element_type=\"widget\" data-e-type=\"widget\" data-widget_type=\"heading.default\">\n\t\t\t\t\t<h2 class=\"elementor-heading-title elementor-size-default\">iWell Guard og verndarhef\u00f0ir<\/h2>\t\t\t\t<\/div>\n\t\t\t\t<div class=\"elementor-element elementor-element-iwgs-schwarzerfad-cct elementor-widget elementor-widget-text-editor\" data-id=\"iwgs-schwarzerfad-cct\" data-element_type=\"widget\" data-e-type=\"widget\" data-widget_type=\"text-editor.default\">\n\t\t\t\t\t\t\t\t\t<p>iWell Guard er hluti af s\u00f6gulegri hef\u00f0 fars\u00edma verndargripa, sem svarti \u00fer\u00e1\u00f0urinn tilheyrir einnig. N\u00fat\u00edmalegur f\u00f6runautur fyrir f\u00f3lk sem lifir me\u00f0 verndart\u00e1knum: framleiddur \u00ed \u00de\u00fdskalandi, 41 lag af sk\u00edragulli, plat\u00ednu og silfri, me\u00f0 30 daga skilar\u00e9tti.<\/p>\t\t\t\t\t\t\t\t<\/div>\n\t\t\t\t<div class=\"elementor-element elementor-element-iwgs-schwarzerfad-ccb iwg-cc-button iwg-cc-cta-2026-05-13 elementor-widget elementor-widget-jet-button\" data-id=\"iwgs-schwarzerfad-ccb\" data-element_type=\"widget\" data-e-type=\"widget\" data-widget_type=\"jet-button.default\">\n\t\t\t\t<div class=\"elementor-widget-container\">\n\t\t\t\t\t<div class=\"elementor-jet-button jet-elements\"><div class=\"jet-button__container\"><a class=\"jet-button__instance jet-button__instance--icon-left hover-effect-1\" href=\"\/schutzanhaenger-iwell-guard-kaufen\/?utm_source=iwell-guard.com&amp;utm_medium=info-box&amp;utm_campaign=schutzsymbole\"><div class=\"jet-button__plane jet-button__plane-normal\"><\/div><div class=\"jet-button__plane jet-button__plane-hover\"><\/div><div class=\"jet-button__state jet-button__state-normal\"><span class=\"jet-button__label\">Meira um iWell Guard<\/span><\/div><div class=\"jet-button__state jet-button__state-hover\"><span class=\"jet-button__label\">Meira um iWell Guard<\/span><\/div><\/a><\/div><\/div><style>.elementor-element.elementor-element-iwgs-schwarzerfad-ccb .jet-button__instance{width:320px;height:56px;}.elementor-element.elementor-element-iwgs-schwarzerfad-ccb .jet-button__state-normal .jet-button__label{text-align:center;margin:0px 0px 0px 0px;color:#1a1b20;font-family:Montserrat,sans-serif;font-size:13px;font-weight:400;letter-spacing:4px;line-height:1.714em;text-transform:uppercase;}.elementor-element.elementor-element-iwgs-schwarzerfad-ccb .jet-button__state-hover .jet-button__label{text-align:center;margin:0px 0px 0px 0px;color:#FECC76;font-family:Montserrat,sans-serif;font-size:13px;font-weight:400;letter-spacing:4px;line-height:1.714em;text-transform:uppercase;}.elementor-element.elementor-element-iwgs-schwarzerfad-ccb .jet-button__plane-normal{background-color:#FECC76;border-style:solid;border-color:#C99540;border-width:2px 2px 2px 2px;}.elementor-element.elementor-element-iwgs-schwarzerfad-ccb .jet-button__plane-hover{background-color:rgba(0,0,0,0.55);border-style:solid;border-color:#FECC76;border-width:2px 2px 2px 2px;}<\/style>\t\t\t\t<\/div>\n\t\t\t\t<\/div>\n\t\t\t\t<div class=\"elementor-element elementor-element-iwgs-schwarzerfad-ccd elementor-widget elementor-widget-text-editor\" data-id=\"iwgs-schwarzerfad-ccd\" data-element_type=\"widget\" data-e-type=\"widget\" data-widget_type=\"text-editor.default\">\n\t\t\t\t\t\t\t\t\t<p style=\"text-align:center;font-size:13px;opacity:0.7;margin-top:14px\" data-nosnippet=\"true\">Pers\u00f3nuleg reynsla getur veri\u00f0 mismunandi. Ekki l\u00e6kningat\u00e6ki. Engin lofor\u00f0 um l\u00e6kningu.<\/p>\t\t\t\t\t\t\t\t<\/div>\n\t\t\t\t\t<\/div>\n\t\t\t\t<\/div>\n\t\t\t\t\t<\/div>\n\t\t\t\t<\/div>\n\t\t<div class=\"elementor-element elementor-element-iwgs-schwarzerfad-disc e-flex e-con-boxed e-con e-parent\" data-id=\"iwgs-schwarzerfad-disc\" data-element_type=\"container\" data-e-type=\"container\">\n\t\t\t\t\t<div class=\"e-con-inner\">\n\t\t\t\t<div class=\"elementor-element elementor-element-iwgs-schwarzerfad-discw elementor-widget elementor-widget-html\" data-id=\"iwgs-schwarzerfad-discw\" data-element_type=\"widget\" data-e-type=\"widget\" data-widget_type=\"html.default\">\n\t\t\t\t\t<footer data-nosnippet=\"true\" class=\"iwg-disclaimer-block\"><p data-nosnippet=\"true\">iWell Guard er <strong>ekki l\u00e6kningat\u00e6ki<\/strong> og kemur ekki \u00ed sta\u00f0 l\u00e6knis- e\u00f0a s\u00e1lfr\u00e6\u00f0ime\u00f0fer\u00f0ar. Innihaldi\u00f0 sem h\u00e9r er sett fram er tr\u00faarbrag\u00f0afr\u00e6\u00f0ileg og menningars\u00f6gulega greining, ekki lofor\u00f0 um andlega virkni.<\/p><\/footer>\t\t\t\t<\/div>\n\t\t\t\t\t<\/div>\n\t\t\t\t<\/div>\n\t\t\t\t<\/div>\n\t\t","protected":false},"excerpt":{"rendered":"","protected":false},"author":3,"featured_media":3519,"parent":0,"menu_order":0,"comment_status":"closed","ping_status":"closed","template":"elementor_header_footer","meta":{"_yoast_wpseo_focuskw":"svarti \u00fer\u00e1\u00f0urinn","_yoast_wpseo_title":"Svarti \u00fer\u00e1\u00f0urinn \u2013 verndarband \u00ed hind\u00faisma","_yoast_wpseo_metadesc":"Svarti \u00fer\u00e1\u00f0urinn er verndarband gegn hinu illa auga, oft bundi\u00f0 \u00e1 b\u00f6rn. Merking, uppruni og notkun \u00fatsk\u00fdr\u00f0 \u00e1 sk\u00fdran h\u00e1tt.","_yoast_wpseo_meta-robots-noindex":"","_yoast_wpseo_canonical":"","_angie_page":false,"gefaehrdungsstufe":"","wesen_kultur":"","wesen_klasse":"","footnotes":""},"categories":[],"class_list":["post-169190","page","type-page","status-publish","has-post-thumbnail","hentry"],"yoast_head":"<!-- This site is optimized with the Yoast SEO Premium plugin v27.7 (Yoast SEO v28.3) - https:\/\/yoast.com\/product\/yoast-seo-premium-wordpress\/ -->\n<title>Svarti \u00fer\u00e1\u00f0urinn \u2013 verndarband \u00ed hind\u00faisma<\/title>\n<meta name=\"description\" content=\"Svarti \u00fer\u00e1\u00f0urinn er verndarband gegn hinu illa auga, oft bundi\u00f0 \u00e1 b\u00f6rn. Merking, uppruni og notkun \u00fatsk\u00fdr\u00f0 \u00e1 sk\u00fdran h\u00e1tt.\" \/>\n<meta name=\"robots\" content=\"index, follow, max-snippet:-1, max-image-preview:large, max-video-preview:-1\" \/>\n<link rel=\"canonical\" href=\"https:\/\/iwell-guard.com\/is\/svarti-tradurinn-verndarband-illt-auga\/\" \/>\n<meta property=\"og:locale\" content=\"is_IS\" \/>\n<meta property=\"og:type\" content=\"article\" \/>\n<meta property=\"og:title\" content=\"Svarti \u00fer\u00e1\u00f0urinn \u2013 verndarbandi\u00f0 gegn hinu illa auga\" \/>\n<meta property=\"og:description\" content=\"Svarti \u00fer\u00e1\u00f0urinn er verndarband gegn hinu illa auga, oft bundi\u00f0 \u00e1 b\u00f6rn. Merking, uppruni og notkun \u00fatsk\u00fdr\u00f0 \u00e1 sk\u00fdran h\u00e1tt.\" \/>\n<meta property=\"og:url\" content=\"https:\/\/iwell-guard.com\/is\/svarti-tradurinn-verndarband-illt-auga\/\" \/>\n<meta property=\"og:site_name\" content=\"iWell Guard\" \/>\n<meta property=\"article:modified_time\" content=\"2026-09-05T14:34:32+00:00\" \/>\n<meta property=\"og:image\" content=\"https:\/\/iwell-guard.com\/wp-content\/uploads\/2026\/05\/schutzsymbol_hinduismus_schwarzer-faden.webp\" \/>\n\t<meta property=\"og:image:width\" content=\"1024\" \/>\n\t<meta property=\"og:image:height\" content=\"1536\" \/>\n\t<meta property=\"og:image:type\" content=\"image\/webp\" \/>\n<meta name=\"twitter:card\" content=\"summary_large_image\" \/>\n<script type=\"application\/ld+json\" class=\"yoast-schema-graph\">{\"@context\":\"https:\\\/\\\/schema.org\",\"@graph\":[{\"@type\":\"WebPage\",\"@id\":\"https:\\\/\\\/iwell-guard.com\\\/is\\\/svarti-tradurinn-verndarband-illt-auga\\\/\",\"url\":\"https:\\\/\\\/iwell-guard.com\\\/is\\\/svarti-tradurinn-verndarband-illt-auga\\\/\",\"name\":\"Svarti \u00fer\u00e1\u00f0urinn \u2013 verndarband \u00ed hind\u00faisma\",\"isPartOf\":{\"@id\":\"https:\\\/\\\/iwell-guard.com\\\/is\\\/#website\"},\"primaryImageOfPage\":{\"@id\":\"https:\\\/\\\/iwell-guard.com\\\/is\\\/svarti-tradurinn-verndarband-illt-auga\\\/#primaryimage\"},\"image\":{\"@id\":\"https:\\\/\\\/iwell-guard.com\\\/is\\\/svarti-tradurinn-verndarband-illt-auga\\\/#primaryimage\"},\"thumbnailUrl\":\"https:\\\/\\\/iwell-guard.com\\\/wp-content\\\/uploads\\\/2026\\\/05\\\/schutzsymbol_hinduismus_schwarzer-faden.webp\",\"datePublished\":\"2026-09-05T14:06:21+00:00\",\"dateModified\":\"2026-09-05T14:34:32+00:00\",\"description\":\"Svarti \u00fer\u00e1\u00f0urinn er verndarband gegn hinu illa auga, oft bundi\u00f0 \u00e1 b\u00f6rn. Merking, uppruni og notkun \u00fatsk\u00fdr\u00f0 \u00e1 sk\u00fdran h\u00e1tt.\",\"breadcrumb\":{\"@id\":\"https:\\\/\\\/iwell-guard.com\\\/is\\\/svarti-tradurinn-verndarband-illt-auga\\\/#breadcrumb\"},\"inLanguage\":\"is\",\"potentialAction\":[{\"@type\":\"ReadAction\",\"target\":[\"https:\\\/\\\/iwell-guard.com\\\/is\\\/svarti-tradurinn-verndarband-illt-auga\\\/\"]}]},{\"@type\":\"ImageObject\",\"inLanguage\":\"is\",\"@id\":\"https:\\\/\\\/iwell-guard.com\\\/is\\\/svarti-tradurinn-verndarband-illt-auga\\\/#primaryimage\",\"url\":\"https:\\\/\\\/iwell-guard.com\\\/wp-content\\\/uploads\\\/2026\\\/05\\\/schutzsymbol_hinduismus_schwarzer-faden.webp\",\"contentUrl\":\"https:\\\/\\\/iwell-guard.com\\\/wp-content\\\/uploads\\\/2026\\\/05\\\/schutzsymbol_hinduismus_schwarzer-faden.webp\",\"width\":1024,\"height\":1536,\"caption\":\"Verndart\u00e1kn. Myndskreyting \u00ed safnst\u00edl.\"},{\"@type\":\"BreadcrumbList\",\"@id\":\"https:\\\/\\\/iwell-guard.com\\\/is\\\/svarti-tradurinn-verndarband-illt-auga\\\/#breadcrumb\",\"itemListElement\":[{\"@type\":\"ListItem\",\"position\":1,\"name\":\"Start\",\"item\":\"https:\\\/\\\/iwell-guard.com\\\/is\\\/?page_id=168580\"},{\"@type\":\"ListItem\",\"position\":2,\"name\":\"Svarti \u00fer\u00e1\u00f0urinn \u2013 verndarbandi\u00f0 gegn hinu illa auga\"}]},{\"@type\":\"WebSite\",\"@id\":\"https:\\\/\\\/iwell-guard.com\\\/is\\\/#website\",\"url\":\"https:\\\/\\\/iwell-guard.com\\\/is\\\/\",\"name\":\"iWell Guard\",\"description\":\"Schutz vor dunklen Einfl\u00fcssen\",\"publisher\":{\"@id\":\"https:\\\/\\\/iwell-guard.com\\\/is\\\/#organization\"},\"potentialAction\":[{\"@type\":\"SearchAction\",\"target\":{\"@type\":\"EntryPoint\",\"urlTemplate\":\"https:\\\/\\\/iwell-guard.com\\\/is\\\/?s={search_term_string}\"},\"query-input\":{\"@type\":\"PropertyValueSpecification\",\"valueRequired\":true,\"valueName\":\"search_term_string\"}}],\"inLanguage\":\"is\"},{\"@type\":\"Organization\",\"@id\":\"https:\\\/\\\/iwell-guard.com\\\/is\\\/#organization\",\"name\":\"Ittermann electronic GmbH\",\"url\":\"https:\\\/\\\/iwell-guard.com\\\/is\\\/\",\"logo\":{\"@type\":\"ImageObject\",\"inLanguage\":\"is\",\"@id\":\"https:\\\/\\\/iwell-guard.com\\\/is\\\/#\\\/schema\\\/logo\\\/image\\\/\",\"url\":\"https:\\\/\\\/iwell-guard.com\\\/wp-content\\\/uploads\\\/2026\\\/05\\\/Ittermann-Logo-1182x237-1.png\",\"contentUrl\":\"https:\\\/\\\/iwell-guard.com\\\/wp-content\\\/uploads\\\/2026\\\/05\\\/Ittermann-Logo-1182x237-1.png\",\"width\":1182,\"height\":237,\"caption\":\"Ittermann electronic GmbH\"},\"image\":{\"@id\":\"https:\\\/\\\/iwell-guard.com\\\/is\\\/#\\\/schema\\\/logo\\\/image\\\/\"},\"sameAs\":[\"https:\\\/\\\/pantip.com\\\/profile\\\/9367242\",\"https:\\\/\\\/micro.blog\\\/iwellguard\",\"https:\\\/\\\/www.diggerslist.com\\\/iwellguard\\\/about\",\"https:\\\/\\\/skitterphoto.com\\\/photographers\\\/2870314\\\/iwell-guard\",\"https:\\\/\\\/iwellguard.wordpress.com\\\/2026\\\/06\\\/06\\\/iwell-guard\\\/\",\"https:\\\/\\\/hub.docker.com\\\/u\\\/iwellguard\",\"https:\\\/\\\/www.pinterest.com\\\/iwellguard\\\/\",\"https:\\\/\\\/bit.ly\\\/m\\\/iwellguard\",\"https:\\\/\\\/entre-vos-mains.alsace.eu\\\/profiles\\\/iwellguard\\\/activity\",\"https:\\\/\\\/gravatar.com\\\/reallybeded8fd34\",\"https:\\\/\\\/naijamatta.com\\\/iwellguard\",\"https:\\\/\\\/www.goodreads.com\\\/iwellguard\",\"https:\\\/\\\/profile.hatena.ne.jp\\\/iwellguard\\\/\",\"https:\\\/\\\/experiment.com\\\/users\\\/iwellguard\",\"https:\\\/\\\/wakelet.com\\\/@iWellGuard82270\",\"https:\\\/\\\/www.chordie.com\\\/forum\\\/profile.php?id=2555664\",\"https:\\\/\\\/www.instapaper.com\\\/p\\\/17757966\",\"https:\\\/\\\/www.mapleprimes.com\\\/users\\\/iwellguard\",\"https:\\\/\\\/businesslistingplus.com\\\/profile\\\/iwell-guard\\\/\",\"https:\\\/\\\/telegra.ph\\\/iWell-Guard-06-06\",\"https:\\\/\\\/pbase.com\\\/iwellguard\\\/iwellguard\",\"https:\\\/\\\/b.hatena.ne.jp\\\/iwellguard\\\/20260607#bookmark-4788405196491818882\",\"https:\\\/\\\/fliphtml5.com\\\/home\\\/iwellguard\",\"https:\\\/\\\/anyflip.com\\\/homepage\\\/cmiwl#About\",\"https:\\\/\\\/transfur.com\\\/Users\\\/iwellguard\",\"http:\\\/\\\/delphi.larsbo.org\\\/user\\\/iwellguard\",\"https:\\\/\\\/jobs.lajobsportal.org\\\/profiles\\\/8380803-iwell-guard\",\"https:\\\/\\\/md.chaosdorf.de\\\/s\\\/jfbe5SBdJD\",\"https:\\\/\\\/www.lingvolive.com\\\/en-us\\\/profile\\\/9ecaeaca-ce11-4e51-9e71-01d55e2bff36\\\/translations\",\"https:\\\/\\\/www.fitday.com\\\/fitness\\\/forums\\\/members\\\/iwellguard.html\",\"https:\\\/\\\/www.mymeetbook.com\\\/iwellguard\",\"https:\\\/\\\/pxhere.com\\\/en\\\/photographer-me\\\/5040798\",\"https:\\\/\\\/disqus.com\\\/by\\\/iwellguard\\\/about\\\/\",\"https:\\\/\\\/pastelink.net\\\/hjwciqwq\",\"https:\\\/\\\/pubhtml5.com\\\/homepage\\\/scjhn\\\/\",\"https:\\\/\\\/www.bitchute.com\\\/channel\\\/2O2eOKzNqujT\",\"https:\\\/\\\/audiomack.com\\\/iwellguard\"]}]}<\/script>\n<!-- \/ Yoast SEO Premium plugin. -->","yoast_head_json":{"title":"Svarti \u00fer\u00e1\u00f0urinn \u2013 verndarband \u00ed hind\u00faisma","description":"Svarti \u00fer\u00e1\u00f0urinn er verndarband gegn hinu illa auga, oft bundi\u00f0 \u00e1 b\u00f6rn. Merking, uppruni og notkun \u00fatsk\u00fdr\u00f0 \u00e1 sk\u00fdran h\u00e1tt.","robots":{"index":"index","follow":"follow","max-snippet":"max-snippet:-1","max-image-preview":"max-image-preview:large","max-video-preview":"max-video-preview:-1"},"canonical":"https:\/\/iwell-guard.com\/is\/svarti-tradurinn-verndarband-illt-auga\/","og_locale":"is_IS","og_type":"article","og_title":"Svarti \u00fer\u00e1\u00f0urinn \u2013 verndarbandi\u00f0 gegn hinu illa auga","og_description":"Svarti \u00fer\u00e1\u00f0urinn er verndarband gegn hinu illa auga, oft bundi\u00f0 \u00e1 b\u00f6rn. Merking, uppruni og notkun \u00fatsk\u00fdr\u00f0 \u00e1 sk\u00fdran h\u00e1tt.","og_url":"https:\/\/iwell-guard.com\/is\/svarti-tradurinn-verndarband-illt-auga\/","og_site_name":"iWell Guard","article_modified_time":"2026-09-05T14:34:32+00:00","og_image":[{"width":1024,"height":1536,"url":"https:\/\/iwell-guard.com\/wp-content\/uploads\/2026\/05\/schutzsymbol_hinduismus_schwarzer-faden.webp","type":"image\/webp"}],"twitter_card":"summary_large_image","schema":{"@context":"https:\/\/schema.org","@graph":[{"@type":"WebPage","@id":"https:\/\/iwell-guard.com\/is\/svarti-tradurinn-verndarband-illt-auga\/","url":"https:\/\/iwell-guard.com\/is\/svarti-tradurinn-verndarband-illt-auga\/","name":"Svarti \u00fer\u00e1\u00f0urinn \u2013 verndarband \u00ed hind\u00faisma","isPartOf":{"@id":"https:\/\/iwell-guard.com\/is\/#website"},"primaryImageOfPage":{"@id":"https:\/\/iwell-guard.com\/is\/svarti-tradurinn-verndarband-illt-auga\/#primaryimage"},"image":{"@id":"https:\/\/iwell-guard.com\/is\/svarti-tradurinn-verndarband-illt-auga\/#primaryimage"},"thumbnailUrl":"https:\/\/iwell-guard.com\/wp-content\/uploads\/2026\/05\/schutzsymbol_hinduismus_schwarzer-faden.webp","datePublished":"2026-09-05T14:06:21+00:00","dateModified":"2026-09-05T14:34:32+00:00","description":"Svarti \u00fer\u00e1\u00f0urinn er verndarband gegn hinu illa auga, oft bundi\u00f0 \u00e1 b\u00f6rn. Merking, uppruni og notkun \u00fatsk\u00fdr\u00f0 \u00e1 sk\u00fdran h\u00e1tt.","breadcrumb":{"@id":"https:\/\/iwell-guard.com\/is\/svarti-tradurinn-verndarband-illt-auga\/#breadcrumb"},"inLanguage":"is","potentialAction":[{"@type":"ReadAction","target":["https:\/\/iwell-guard.com\/is\/svarti-tradurinn-verndarband-illt-auga\/"]}]},{"@type":"ImageObject","inLanguage":"is","@id":"https:\/\/iwell-guard.com\/is\/svarti-tradurinn-verndarband-illt-auga\/#primaryimage","url":"https:\/\/iwell-guard.com\/wp-content\/uploads\/2026\/05\/schutzsymbol_hinduismus_schwarzer-faden.webp","contentUrl":"https:\/\/iwell-guard.com\/wp-content\/uploads\/2026\/05\/schutzsymbol_hinduismus_schwarzer-faden.webp","width":1024,"height":1536,"caption":"Verndart\u00e1kn. Myndskreyting \u00ed safnst\u00edl."},{"@type":"BreadcrumbList","@id":"https:\/\/iwell-guard.com\/is\/svarti-tradurinn-verndarband-illt-auga\/#breadcrumb","itemListElement":[{"@type":"ListItem","position":1,"name":"Start","item":"https:\/\/iwell-guard.com\/is\/?page_id=168580"},{"@type":"ListItem","position":2,"name":"Svarti \u00fer\u00e1\u00f0urinn \u2013 verndarbandi\u00f0 gegn hinu illa auga"}]},{"@type":"WebSite","@id":"https:\/\/iwell-guard.com\/is\/#website","url":"https:\/\/iwell-guard.com\/is\/","name":"iWell Guard","description":"Schutz vor dunklen Einfl\u00fcssen","publisher":{"@id":"https:\/\/iwell-guard.com\/is\/#organization"},"potentialAction":[{"@type":"SearchAction","target":{"@type":"EntryPoint","urlTemplate":"https:\/\/iwell-guard.com\/is\/?s={search_term_string}"},"query-input":{"@type":"PropertyValueSpecification","valueRequired":true,"valueName":"search_term_string"}}],"inLanguage":"is"},{"@type":"Organization","@id":"https:\/\/iwell-guard.com\/is\/#organization","name":"Ittermann electronic GmbH","url":"https:\/\/iwell-guard.com\/is\/","logo":{"@type":"ImageObject","inLanguage":"is","@id":"https:\/\/iwell-guard.com\/is\/#\/schema\/logo\/image\/","url":"https:\/\/iwell-guard.com\/wp-content\/uploads\/2026\/05\/Ittermann-Logo-1182x237-1.png","contentUrl":"https:\/\/iwell-guard.com\/wp-content\/uploads\/2026\/05\/Ittermann-Logo-1182x237-1.png","width":1182,"height":237,"caption":"Ittermann electronic GmbH"},"image":{"@id":"https:\/\/iwell-guard.com\/is\/#\/schema\/logo\/image\/"},"sameAs":["https:\/\/pantip.com\/profile\/9367242","https:\/\/micro.blog\/iwellguard","https:\/\/www.diggerslist.com\/iwellguard\/about","https:\/\/skitterphoto.com\/photographers\/2870314\/iwell-guard","https:\/\/iwellguard.wordpress.com\/2026\/06\/06\/iwell-guard\/","https:\/\/hub.docker.com\/u\/iwellguard","https:\/\/www.pinterest.com\/iwellguard\/","https:\/\/bit.ly\/m\/iwellguard","https:\/\/entre-vos-mains.alsace.eu\/profiles\/iwellguard\/activity","https:\/\/gravatar.com\/reallybeded8fd34","https:\/\/naijamatta.com\/iwellguard","https:\/\/www.goodreads.com\/iwellguard","https:\/\/profile.hatena.ne.jp\/iwellguard\/","https:\/\/experiment.com\/users\/iwellguard","https:\/\/wakelet.com\/@iWellGuard82270","https:\/\/www.chordie.com\/forum\/profile.php?id=2555664","https:\/\/www.instapaper.com\/p\/17757966","https:\/\/www.mapleprimes.com\/users\/iwellguard","https:\/\/businesslistingplus.com\/profile\/iwell-guard\/","https:\/\/telegra.ph\/iWell-Guard-06-06","https:\/\/pbase.com\/iwellguard\/iwellguard","https:\/\/b.hatena.ne.jp\/iwellguard\/20260607#bookmark-4788405196491818882","https:\/\/fliphtml5.com\/home\/iwellguard","https:\/\/anyflip.com\/homepage\/cmiwl#About","https:\/\/transfur.com\/Users\/iwellguard","http:\/\/delphi.larsbo.org\/user\/iwellguard","https:\/\/jobs.lajobsportal.org\/profiles\/8380803-iwell-guard","https:\/\/md.chaosdorf.de\/s\/jfbe5SBdJD","https:\/\/www.lingvolive.com\/en-us\/profile\/9ecaeaca-ce11-4e51-9e71-01d55e2bff36\/translations","https:\/\/www.fitday.com\/fitness\/forums\/members\/iwellguard.html","https:\/\/www.mymeetbook.com\/iwellguard","https:\/\/pxhere.com\/en\/photographer-me\/5040798","https:\/\/disqus.com\/by\/iwellguard\/about\/","https:\/\/pastelink.net\/hjwciqwq","https:\/\/pubhtml5.com\/homepage\/scjhn\/","https:\/\/www.bitchute.com\/channel\/2O2eOKzNqujT","https:\/\/audiomack.com\/iwellguard"]}]}},"_links":{"self":[{"href":"https:\/\/iwell-guard.com\/is\/wp-json\/wp\/v2\/pages\/169190","targetHints":{"allow":["GET"]}}],"collection":[{"href":"https:\/\/iwell-guard.com\/is\/wp-json\/wp\/v2\/pages"}],"about":[{"href":"https:\/\/iwell-guard.com\/is\/wp-json\/wp\/v2\/types\/page"}],"author":[{"embeddable":true,"href":"https:\/\/iwell-guard.com\/is\/wp-json\/wp\/v2\/users\/3"}],"replies":[{"embeddable":true,"href":"https:\/\/iwell-guard.com\/is\/wp-json\/wp\/v2\/comments?post=169190"}],"version-history":[{"count":0,"href":"https:\/\/iwell-guard.com\/is\/wp-json\/wp\/v2\/pages\/169190\/revisions"}],"wp:featuredmedia":[{"embeddable":true,"href":"https:\/\/iwell-guard.com\/is\/wp-json\/wp\/v2\/media\/3519"}],"wp:attachment":[{"href":"https:\/\/iwell-guard.com\/is\/wp-json\/wp\/v2\/media?parent=169190"}],"wp:term":[{"taxonomy":"category","embeddable":true,"href":"https:\/\/iwell-guard.com\/is\/wp-json\/wp\/v2\/categories?post=169190"}],"curies":[{"name":"wp","href":"https:\/\/api.w.org\/{rel}","templated":true}]}}