{"id":169186,"date":"2026-09-05T14:06:19","date_gmt":"2026-09-05T14:06:19","guid":{"rendered":"https:\/\/iwell-guard.com\/?page_id=169186"},"modified":"2026-09-05T14:34:25","modified_gmt":"2026-09-05T14:34:25","slug":"zulfiqar-sverd-alis-verndartakn","status":"publish","type":"page","link":"https:\/\/iwell-guard.com\/is\/zulfiqar-sverd-alis-verndartakn\/","title":{"rendered":"Zulfiqar \u2013 sver\u00f0 Al\u00eds sem verndart\u00e1kn"},"content":{"rendered":"\t\t<div data-elementor-type=\"wp-page\" data-elementor-id=\"169186\" class=\"elementor elementor-169186 elementor-3676 elementor-bc-flex-widget\" data-elementor-post-type=\"page\">\n\t\t\t\t<div class=\"elementor-element elementor-element-iwgs-zulfiqar-hero e-flex e-con-boxed e-con e-parent\" data-id=\"iwgs-zulfiqar-hero\" data-element_type=\"container\" data-e-type=\"container\">\n\t\t\t\t\t<div class=\"e-con-inner\">\n\t\t<div class=\"elementor-element elementor-element-iwgs-zulfiqar-hl e-flex e-con-boxed e-con e-parent\" data-id=\"iwgs-zulfiqar-hl\" data-element_type=\"container\" data-e-type=\"container\">\n\t\t\t\t\t<div class=\"e-con-inner\">\n\t\t<div class=\"elementor-element elementor-element-iwgs-zulfiqar-hlbox e-con-full e-flex e-con e-parent\" data-id=\"iwgs-zulfiqar-hlbox\" data-element_type=\"container\" data-e-type=\"container\">\n\t\t\t\t<div class=\"elementor-element elementor-element-iwgs-zulfiqar-h1 elementor-widget elementor-widget-heading\" data-id=\"iwgs-zulfiqar-h1\" data-element_type=\"widget\" data-e-type=\"widget\" data-widget_type=\"heading.default\">\n\t\t\t\t\t<h1 class=\"elementor-heading-title elementor-size-default\">Zulfiqar \u2013 sver\u00f0 Al\u00eds sem t\u00e1kn og vernd<\/h1>\t\t\t\t<\/div>\n\t\t\t\t<div class=\"elementor-element elementor-element-iwgs-zulfiqar-lead elementor-widget elementor-widget-text-editor\" data-id=\"iwgs-zulfiqar-lead\" data-element_type=\"widget\" data-e-type=\"widget\" data-widget_type=\"text-editor.default\">\n\t\t\t\t\t\t\t\t\t<p>Zulfiqar er hi\u00f0 go\u00f0sagnakennda sver\u00f0 Al\u00eds, fr\u00e6nda og tengdasonar sp\u00e1mannsins. Me\u00f0 s\u00ednu einkennandi klofna bla\u00f0i er \u00fea\u00f0 mikilv\u00e6gt t\u00e1kn, s\u00e9rstaklega innan sj\u00eda-\u00edslams.<\/p>\t\t\t\t\t\t\t\t<\/div>\n\t\t\t\t<\/div>\n\t\t\t\t<div class=\"elementor-element elementor-element-iwgs-zulfiqar-pills elementor-widget elementor-widget-html\" data-id=\"iwgs-zulfiqar-pills\" data-element_type=\"widget\" data-e-type=\"widget\" data-widget_type=\"html.default\">\n\t\t\t\t\t<div class=\"iwg-pill-row\"><span class=\"iwg-klasse-badge\" tabindex=\"0\" data-tooltip=\"Verndart\u00e1kn, verndargripur e\u00f0a verndarhlutur.\">Verndart\u00e1kn<\/span><a href=\"https:\/\/iwell-guard.com\/is\/islam\/\" class=\"iwg-kultur-badge\" tabindex=\"0\" data-tooltip=\"Verndarhef\u00f0: \u00cdslam\">\u00cdslam<\/a><span class=\"iwg-tradition-badge\" tabindex=\"0\" data-tooltip=\"T\u00e1knmynd me\u00f0 verndandi e\u00f0a merkingarb\u00e6ru hlutverki.\">T\u00e1kn<\/span><\/div>\t\t\t\t<\/div>\n\t\t\t\t\t<\/div>\n\t\t\t\t<\/div>\n\t\t<div class=\"elementor-element elementor-element-iwgs-zulfiqar-hr e-con-full e-flex e-con e-parent\" data-id=\"iwgs-zulfiqar-hr\" data-element_type=\"container\" data-e-type=\"container\">\n\t\t\t\t<div class=\"elementor-element elementor-element-iwgs-zulfiqar-himg iwg-hero-image elementor-widget elementor-widget-image\" data-id=\"iwgs-zulfiqar-himg\" data-element_type=\"widget\" data-e-type=\"widget\" data-widget_type=\"image.default\">\n\t\t\t\t\t\t\t\t\t\t\t\t\t\t\t<img fetchpriority=\"high\" decoding=\"async\" width=\"683\" height=\"1024\" src=\"https:\/\/iwell-guard.com\/wp-content\/uploads\/2026\/05\/schutzsymbol_islam_zulfiqar-683x1024.webp\" class=\"attachment-large size-large wp-image-170536\" alt=\"Zulfiqar - hl\u00edfart\u00e1kn, safnfr\u00e6\u00f0ileg myndskreyting\" srcset=\"https:\/\/iwell-guard.com\/wp-content\/uploads\/2026\/05\/schutzsymbol_islam_zulfiqar-683x1024.webp 683w, https:\/\/iwell-guard.com\/wp-content\/uploads\/2026\/05\/schutzsymbol_islam_zulfiqar-200x300.webp 200w, https:\/\/iwell-guard.com\/wp-content\/uploads\/2026\/05\/schutzsymbol_islam_zulfiqar-768x1152.webp 768w, https:\/\/iwell-guard.com\/wp-content\/uploads\/2026\/05\/schutzsymbol_islam_zulfiqar.webp 1024w\" sizes=\"(max-width: 683px) 100vw, 683px\" \/>\t\t\t\t\t\t\t\t\t\t\t\t\t\t\t<\/div>\n\t\t\t\t<\/div>\n\t\t\t\t\t<\/div>\n\t\t\t\t<\/div>\n\t\t<div class=\"elementor-element elementor-element-iwgs-zulfiqar-s0 e-flex e-con-boxed e-con e-parent\" data-id=\"iwgs-zulfiqar-s0\" data-element_type=\"container\" data-e-type=\"container\">\n\t\t\t\t\t<div class=\"e-con-inner\">\n\t\t\t\t<div class=\"elementor-element elementor-element-iwgs-zulfiqar-s0h elementor-widget elementor-widget-heading\" data-id=\"iwgs-zulfiqar-s0h\" data-element_type=\"widget\" data-e-type=\"widget\" data-widget_type=\"heading.default\">\n\t\t\t\t\t<h2 class=\"elementor-heading-title elementor-size-default\">Yfirlit<\/h2>\t\t\t\t<\/div>\n\t\t<div class=\"elementor-element elementor-element-iwgs-zulfiqar-s0box e-con-full e-flex e-con e-parent\" data-id=\"iwgs-zulfiqar-s0box\" data-element_type=\"container\" data-e-type=\"container\">\n\t\t\t\t<div class=\"elementor-element elementor-element-iwgs-zulfiqar-s0t elementor-widget elementor-widget-text-editor\" data-id=\"iwgs-zulfiqar-s0t\" data-element_type=\"widget\" data-e-type=\"widget\" data-widget_type=\"text-editor.default\">\n\t\t\t\t\t\t\t\t\t<p>Zulfiqar er nafn sver\u00f0s. \u00dea\u00f0 er hi\u00f0 go\u00f0sagnakennda sver\u00f0 Al\u00eds, einnar mikilv\u00e6gustu pers\u00f3nu \u00ed frums\u00f6gu <a href=\"https:\/\/iwell-guard.com\/is\/islam\/\">\u00edslams<\/a>.<\/p><p>Sem t\u00e1kn er Zulfiqar s\u00fdnt \u00ed mynd sver\u00f0s \u00fear sem bla\u00f0i\u00f0 er klofi\u00f0 vi\u00f0 oddinn. \u00deetta klofna, tv\u00edodda bla\u00f0 er hi\u00f0 \u00f3gleymanlega einkenni Zulfiqar.<\/p><p>Zulfiqar er fyrst og fremst t\u00e1kn lotningar og sj\u00e1lfsmyndar. \u00dea\u00f0 stendur fyrir Al\u00ed, hreysti hans og \u00feau gildi sem honum eru tengd.<\/p><p>S\u00e9rstaklega innan sj\u00eda-\u00edslams og tengdra strauma hefur Zulfiqar h\u00e1a st\u00f6\u00f0u. \u00dear er \u00fea\u00f0 mikilv\u00e6gt tr\u00faarlegt og samf\u00e9lagslegt t\u00e1kn.<\/p><p>Umfram merkingu s\u00edna sem sj\u00e1lfsmyndart\u00e1kn hefur Zulfiqar einnig verndandi bl\u00e6. Sem t\u00e1kn Al\u00eds og gu\u00f0gefins styrks hans er \u00fea\u00f0 nota\u00f0 \u00e1 verndargripum og f\u00e1num.<\/p><p><span class=\"iwg-fachbegriff\" data-tooltip=\"Fr\u00e6\u00f0igreinin sem rannsakar tr\u00faarbr\u00f6g\u00f0 samanbur\u00f0arlega og \u00e1n tr\u00faarlegrar skuldbindingar.\" tabindex=\"0\">Tr\u00faarbrag\u00f0afr\u00e6\u00f0in<\/span> l\u00edtur \u00e1 Zulfiqar sem gott d\u00e6mi um t\u00e1kn sem sprettur af go\u00f0sagnakenndum hlut og sameinar lotningu, sj\u00e1lfsmynd og vernd.<\/p>\t\t\t\t\t\t\t\t<\/div>\n\t\t\t\t<\/div>\n\t\t\t\t\t<\/div>\n\t\t\t\t<\/div>\n\t\t<div class=\"elementor-element elementor-element-iwgs-zulfiqar-s1 e-flex e-con-boxed e-con e-parent\" data-id=\"iwgs-zulfiqar-s1\" data-element_type=\"container\" data-e-type=\"container\">\n\t\t\t\t\t<div class=\"e-con-inner\">\n\t\t\t\t<div class=\"elementor-element elementor-element-iwgs-zulfiqar-s1h elementor-widget elementor-widget-heading\" data-id=\"iwgs-zulfiqar-s1h\" data-element_type=\"widget\" data-e-type=\"widget\" data-widget_type=\"heading.default\">\n\t\t\t\t\t<h2 class=\"elementor-heading-title elementor-size-default\">Al\u00ed, s\u00e1 sem bar sver\u00f0i\u00f0<\/h2>\t\t\t\t<\/div>\n\t\t<div class=\"elementor-element elementor-element-iwgs-zulfiqar-s1box e-con-full e-flex e-con e-parent\" data-id=\"iwgs-zulfiqar-s1box\" data-element_type=\"container\" data-e-type=\"container\">\n\t\t\t\t<div class=\"elementor-element elementor-element-iwgs-zulfiqar-s1t elementor-widget elementor-widget-text-editor\" data-id=\"iwgs-zulfiqar-s1t\" data-element_type=\"widget\" data-e-type=\"widget\" data-widget_type=\"text-editor.default\">\n\t\t\t\t\t\t\t\t\t<p>Zulfiqar er \u00f3rj\u00fafanlega tengt Al\u00ed. Al\u00ed ibn Ab\u00ed Talib var fr\u00e6ndi sp\u00e1mannsins M\u00fahame\u00f0s og einnig tengdasonur hans, \u00fev\u00ed hann var kv\u00e6ntur d\u00f3ttur sp\u00e1mannsins.<\/p><p>Al\u00ed er me\u00f0al mikilv\u00e6gustu pers\u00f3na \u00ed frums\u00f6gu \u00edslams. Hann var einn af \u00feeim fyrstu sem t\u00f3ku \u00edslam, og st\u00f3\u00f0 sp\u00e1manninum s\u00e9rlega n\u00e6rri.<\/p><p>Eftir dau\u00f0a sp\u00e1mannsins var\u00f0 Al\u00ed s\u00ed\u00f0ar fj\u00f3r\u00f0i kal\u00edfinn, \u00feannig einn af eftirm\u00f6nnum \u00ed forystu \u00edslamska samf\u00e9lagsins.<\/p><p>Fyrir sj\u00eda-\u00edslam hefur Al\u00ed s\u00e9rlega mikilv\u00e6ga st\u00f6\u00f0u. Sj\u00edar l\u00edta \u00e1 hann og afkomendur hans sem hina r\u00e9ttm\u00e6tu lei\u00f0toga \u00edslamska samf\u00e9lagsins.<\/p><p>Al\u00ed er talinn fyrirmynd hreysti, r\u00e9ttl\u00e6tis og <span class=\"iwg-fachbegriff\" data-tooltip=\"Hin lifa\u00f0a tr\u00faarlega afsta\u00f0a og i\u00f0kun einstaklings.\" tabindex=\"0\">gu\u00f0hr\u00e6\u00f0slu<\/span>. Fj\u00f6lmargar s\u00f6gur lofa hugrekki hans og heilindi.<\/p><p>Sver\u00f0i\u00f0 Zulfiqar er hluti af \u00feessari mynd Al\u00eds. \u00dea\u00f0 er sver\u00f0 hans, og \u00feannig t\u00e1kn hreysti hans og hlutverks hans \u00ed frums\u00f6gu \u00edslams.<\/p>\t\t\t\t\t\t\t\t<\/div>\n\t\t\t\t<\/div>\n\t\t\t\t\t<\/div>\n\t\t\t\t<\/div>\n\t\t<div class=\"elementor-element elementor-element-iwgs-zulfiqar-s2 e-flex e-con-boxed e-con e-parent\" data-id=\"iwgs-zulfiqar-s2\" data-element_type=\"container\" data-e-type=\"container\">\n\t\t\t\t\t<div class=\"e-con-inner\">\n\t\t\t\t<div class=\"elementor-element elementor-element-iwgs-zulfiqar-s2h elementor-widget elementor-widget-heading\" data-id=\"iwgs-zulfiqar-s2h\" data-element_type=\"widget\" data-e-type=\"widget\" data-widget_type=\"heading.default\">\n\t\t\t\t\t<h2 class=\"elementor-heading-title elementor-size-default\">Go\u00f0s\u00f6gnin um sver\u00f0i\u00f0<\/h2>\t\t\t\t<\/div>\n\t\t<div class=\"elementor-element elementor-element-iwgs-zulfiqar-s2box e-con-full e-flex e-con e-parent\" data-id=\"iwgs-zulfiqar-s2box\" data-element_type=\"container\" data-e-type=\"container\">\n\t\t\t\t<div class=\"elementor-element elementor-element-iwgs-zulfiqar-s2t elementor-widget elementor-widget-text-editor\" data-id=\"iwgs-zulfiqar-s2t\" data-element_type=\"widget\" data-e-type=\"widget\" data-widget_type=\"text-editor.default\">\n\t\t\t\t\t\t\t\t\t<p>Um sver\u00f0i\u00f0 Zulfiqar spinnast s\u00f6gur. \u00de\u00e6r greina fr\u00e1 \u00fev\u00ed hvernig sver\u00f0i\u00f0 komst \u00ed eigu Al\u00eds og hva\u00f0a merkingu \u00fea\u00f0 f\u00e9kk.<\/p><p>Samkv\u00e6mt <span class=\"iwg-fachbegriff\" data-tooltip=\"Mi\u00f0lun \u00feekkingar og sagna milli kynsl\u00f3\u00f0a.\" tabindex=\"0\">munnm\u00e6lum<\/span> f\u00e9kk Al\u00ed sver\u00f0i\u00f0 \u00e1 fyrstu t\u00edmum \u00edslams. Vins\u00e6l fr\u00e1s\u00f6gn tengir \u00fea\u00f0 vi\u00f0 eina af fyrstu orrustunum sem hi\u00f0 unga \u00edslamska samf\u00e9lag \u00feurfti a\u00f0 heyja til a\u00f0 standa af s\u00e9r.<\/p><p>Sver\u00f0inu er l\u00fdst \u00ed s\u00f6gunum sem einst\u00f6ku. \u00dea\u00f0 \u00fe\u00f3tti s\u00e9rlega m\u00e1ttugt, og nafn \u00feess var\u00f0 samnefni fyrir hi\u00f0 yfirbur\u00f0a sver\u00f0.<\/p><p>Kunn er umm\u00e6li sem lofa sver\u00f0i\u00f0 og bera \u00feess samhli\u00f0a. \u00deau segja \u00ed gr\u00f3fum dr\u00e1ttum a\u00f0 ekki s\u00e9 til neinn hetja sem Al\u00ed og ekki neitt sver\u00f0 sem Zulfiqar.<\/p><p>\u00deessi umm\u00e6li tengja sver\u00f0i\u00f0 \u00f3rj\u00fafanlega vi\u00f0 Al\u00ed. Zulfiqar er ekki neitt venjulegt sver\u00f0, heldur sver\u00f0 \u00feessarar einu tilteknu hetju.<\/p><p><span class=\"iwg-fachbegriff\" data-tooltip=\"Uppbyggileg fr\u00e1s\u00f6gn, oftast um l\u00edf heilagra.\" tabindex=\"0\">Go\u00f0s\u00f6gnin<\/span> gefur t\u00e1kninu merkingu s\u00edna. Zulfiqar er sver\u00f0 fyrirmyndarhetju sem er tengt gu\u00f0legri a\u00f0sto\u00f0. \u00cd \u00feeirri tengingu felst kraftur \u00feess sem t\u00e1knmynd.<\/p>\t\t\t\t\t\t\t\t<\/div>\n\t\t\t\t<\/div>\n\t\t\t\t\t<\/div>\n\t\t\t\t<\/div>\n\t\t<div class=\"elementor-element elementor-element-iwgs-zulfiqar-s3 e-flex e-con-boxed e-con e-parent\" data-id=\"iwgs-zulfiqar-s3\" data-element_type=\"container\" data-e-type=\"container\">\n\t\t\t\t\t<div class=\"e-con-inner\">\n\t\t\t\t<div class=\"elementor-element elementor-element-iwgs-zulfiqar-s3h elementor-widget elementor-widget-heading\" data-id=\"iwgs-zulfiqar-s3h\" data-element_type=\"widget\" data-e-type=\"widget\" data-widget_type=\"heading.default\">\n\t\t\t\t\t<h2 class=\"elementor-heading-title elementor-size-default\">Form: hi\u00f0 klofna bla\u00f0<\/h2>\t\t\t\t<\/div>\n\t\t<div class=\"elementor-element elementor-element-iwgs-zulfiqar-s3box e-con-full e-flex e-con e-parent\" data-id=\"iwgs-zulfiqar-s3box\" data-element_type=\"container\" data-e-type=\"container\">\n\t\t\t\t<div class=\"elementor-element elementor-element-iwgs-zulfiqar-s3t elementor-widget elementor-widget-text-editor\" data-id=\"iwgs-zulfiqar-s3t\" data-element_type=\"widget\" data-e-type=\"widget\" data-widget_type=\"text-editor.default\">\n\t\t\t\t\t\t\t\t\t<p>T\u00e1kni\u00f0 Zulfiqar er s\u00fdnt \u00ed mynd sver\u00f0s. Einkennandi eiginleiki \u00feess er bla\u00f0i\u00f0 sem er klofi\u00f0 vi\u00f0 oddinn.<\/p><p>\u00cd sta\u00f0 \u00feess a\u00f0 endast \u00ed einum oddi endar bla\u00f0 Zulfiqar \u00ed tveimur oddum. \u00dea\u00f0 er \u00ed raun tv\u00edodda. \u00deetta klofna bla\u00f0 greinir Zulfiqar fr\u00e1 hverju venjulegu sver\u00f0i.<\/p><p>Um uppruna \u00feessa \u00f3venjulega forms eru \u00fdmsar hugmyndir. Nafn sver\u00f0sins er tengt or\u00f0i sem v\u00edsar til rifa e\u00f0a skar\u00f0a.<\/p><p>\u00cd myndr\u00e6nni framsetningu var\u00f0 \u00feessi eiginleiki hi\u00f0 sk\u00fdrlega klofna, tv\u00edodda bla\u00f0. \u00dea\u00f0 er formi\u00f0 sem Zulfiqar er \u00feekkt \u00e1 \u00ed list og t\u00e1knmyndum vi\u00f0 fyrstu s\u00fdn.<\/p><p>Hi\u00f0 klofna bla\u00f0 gefur Zulfiqar \u00e1hrifamiki\u00f0, einstakt form. \u00dea\u00f0 a\u00f0greinir sver\u00f0i\u00f0 fr\u00e1 venjulegum vopnum og einkennir \u00fea\u00f0 sem hi\u00f0 s\u00e9rstaka sver\u00f0 Al\u00eds.<\/p><p>\u00cd framsetningu birtist Zulfiqar oft eitt og s\u00e9r, stundum me\u00f0 lofs\u00f6m umm\u00e6lunum um Al\u00ed og sver\u00f0 hans. Hi\u00f0 klofna bla\u00f0 er \u00e1vallt hi\u00f0 afgerandi einkenni \u00feess.<\/p>\t\t\t\t\t\t\t\t<\/div>\n\t\t\t\t<\/div>\n\t\t\t\t\t<\/div>\n\t\t\t\t<\/div>\n\t\t<div class=\"elementor-element elementor-element-iwgs-zulfiqar-s4 e-flex e-con-boxed e-con e-parent\" data-id=\"iwgs-zulfiqar-s4\" data-element_type=\"container\" data-e-type=\"container\">\n\t\t\t\t\t<div class=\"e-con-inner\">\n\t\t\t\t<div class=\"elementor-element elementor-element-iwgs-zulfiqar-s4h elementor-widget elementor-widget-heading\" data-id=\"iwgs-zulfiqar-s4h\" data-element_type=\"widget\" data-e-type=\"widget\" data-widget_type=\"heading.default\">\n\t\t\t\t\t<h2 class=\"elementor-heading-title elementor-size-default\">Zulfiqar innan sj\u00eda-\u00edslams<\/h2>\t\t\t\t<\/div>\n\t\t<div class=\"elementor-element elementor-element-iwgs-zulfiqar-s4box e-con-full e-flex e-con e-parent\" data-id=\"iwgs-zulfiqar-s4box\" data-element_type=\"container\" data-e-type=\"container\">\n\t\t\t\t<div class=\"elementor-element elementor-element-iwgs-zulfiqar-s4t elementor-widget elementor-widget-text-editor\" data-id=\"iwgs-zulfiqar-s4t\" data-element_type=\"widget\" data-e-type=\"widget\" data-widget_type=\"text-editor.default\">\n\t\t\t\t\t\t\t\t\t<p>Zulfiqar hefur s\u00e9rstaka merkingu innan sj\u00eda-\u00edslams. \u00dear sem Ali er \u00ed augum sj\u00edta einst\u00f6k og fremst pers\u00f3na, er sver\u00f0 hans einnig mikilv\u00e6gt t\u00e1kn.<\/p><p>\u00c1 sv\u00e6\u00f0um sem eru m\u00f3tu\u00f0 af sj\u00eda-\u00edslam kemur Zulfiqar fram \u00e1 f\u00e1num, myndum og hlutum sem tengjast <span class=\"iwg-fachbegriff\" data-tooltip=\"Hin lifa\u00f0a tr\u00faarlega afsta\u00f0a og i\u00f0kun einstaklings.\" tabindex=\"0\">tr\u00far\u00e6kni<\/span>. \u00dea\u00f0 er s\u00fdnilegt t\u00e1kn um lotningu fyrir Ali.<\/p><p>\u00cd tengdum stefnum, svo sem hj\u00e1 Alev\u00edtum og \u00ed hef\u00f0 Bektasj\u00eda, hefur Zulfiqar einnig h\u00e1a st\u00f6\u00f0u. \u00cd \u00feessum samf\u00e9l\u00f6gum er lotning fyrir Ali s\u00e9rstaklega \u00e1berandi.<\/p><p>\u00cd \u00feessu samhengi er Zulfiqar au\u00f0kennist\u00e1kn. S\u00e1 sem s\u00fdnir \u00fea\u00f0 e\u00f0a ber \u00fea\u00f0 j\u00e1tast lotningu fyrir Ali og \u00fev\u00ed samf\u00e9lagi sem l\u00edtur \u00e1 hann sem fyrirmynd s\u00edna.<\/p><p>T\u00e1kni\u00f0 tengir \u00feannig saman lotningu fyrir \u00e1kve\u00f0inni pers\u00f3nu og a\u00f0ild a\u00f0 samf\u00e9lagi. \u00dea\u00f0 er \u00ed senn lotningart\u00e1kn og samf\u00e9lagst\u00e1kn.<\/p><p>\u00cd \u00feessari st\u00f6\u00f0u l\u00edkist Zulfiqar \u00f6\u00f0rum au\u00f0kennist\u00e1knum tr\u00faarbrag\u00f0a. Eins og krossinn e\u00f0a Dav\u00ed\u00f0sstjarnan gerir \u00fea\u00f0 a\u00f0ild s\u00fdnilega, h\u00e9r a\u00f0ild a\u00f0 lotningu fyrir Ali.<\/p>\t\t\t\t\t\t\t\t<\/div>\n\t\t\t\t<\/div>\n\t\t\t\t\t<\/div>\n\t\t\t\t<\/div>\n\t\t<div class=\"elementor-element elementor-element-iwgs-zulfiqar-s5 e-flex e-con-boxed e-con e-parent\" data-id=\"iwgs-zulfiqar-s5\" data-element_type=\"container\" data-e-type=\"container\">\n\t\t\t\t\t<div class=\"e-con-inner\">\n\t\t\t\t<div class=\"elementor-element elementor-element-iwgs-zulfiqar-s5h elementor-widget elementor-widget-heading\" data-id=\"iwgs-zulfiqar-s5h\" data-element_type=\"widget\" data-e-type=\"widget\" data-widget_type=\"heading.default\">\n\t\t\t\t\t<h2 class=\"elementor-heading-title elementor-size-default\">Zulfiqar sem verndart\u00e1kn<\/h2>\t\t\t\t<\/div>\n\t\t<div class=\"elementor-element elementor-element-iwgs-zulfiqar-s5box e-con-full e-flex e-con e-parent\" data-id=\"iwgs-zulfiqar-s5box\" data-element_type=\"container\" data-e-type=\"container\">\n\t\t\t\t<div class=\"elementor-element elementor-element-iwgs-zulfiqar-s5t elementor-widget elementor-widget-text-editor\" data-id=\"iwgs-zulfiqar-s5t\" data-element_type=\"widget\" data-e-type=\"widget\" data-widget_type=\"text-editor.default\">\n\t\t\t\t\t\t\t\t\t<p>Auk hlutverks sem au\u00f0kennist\u00e1kn hefur Zulfiqar einnig verndandi eiginleika. \u00dea\u00f0 er nota\u00f0 \u00e1 verndargripum og hlutum sem eiga a\u00f0 vernda.<\/p><p>Verndarmerkingin er dregin af \u00fev\u00ed sem sver\u00f0i\u00f0 t\u00e1knar. Zulfiqar er sver\u00f0 fyrirmyndarhetju, tengt hugrekki, r\u00e9ttl\u00e6ti og a\u00f0sto\u00f0 Gu\u00f0s.<\/p><p>S\u00e1 sem ber t\u00e1kn Zulfiqar setur sig undir \u00feessa fyrirmynd. T\u00e1kni\u00f0 er tali\u00f0 veita hugrekki, festu og \u00fe\u00e1 a\u00f0sto\u00f0 sem tengist Ali og sver\u00f0i hans.<\/p><p>Sver\u00f0 er auk \u00feess vopn, t\u00e6ki til varnar. Sem t\u00e1kn getur sver\u00f0i\u00f0 sta\u00f0i\u00f0 fyrir vernd og fr\u00e1hrindingu \u00e1n \u00feess a\u00f0 vera skili\u00f0 sem raunverulegt vopn.<\/p><p>Zulfiqar telst \u00feannig til \u00feeirra t\u00e1kna sem vernda me\u00f0 tengingu vi\u00f0 d\u00fdrka\u00f0a pers\u00f3nu. Vernd \u00feess felst \u00ed tengslunum vi\u00f0 Ali og \u00feann styrk sem honum er eigna\u00f0ur.<\/p><p>Zulfiqar er \u00fear me\u00f0 fremur t\u00e1kn sem virkar me\u00f0 lotningu og fyrirmynd en fr\u00e1hrindandi <span class=\"iwg-fachbegriff\" data-tooltip=\"Hlutur sem borinn er og talinn hafa verndandi, \u00f3g\u00e6fuafst\u00fdrandi \u00e1hrif.\" tabindex=\"0\">verndargripur<\/span>. \u00dea\u00f0 veitir vernd me\u00f0 \u00fev\u00ed a\u00f0 tengja bera \u00feess vi\u00f0 hugrekki og a\u00f0sto\u00f0 Alis.<\/p>\t\t\t\t\t\t\t\t<\/div>\n\t\t\t\t<\/div>\n\t\t\t\t\t<\/div>\n\t\t\t\t<\/div>\n\t\t<div class=\"elementor-element elementor-element-iwgs-zulfiqar-s6 e-flex e-con-boxed e-con e-parent\" data-id=\"iwgs-zulfiqar-s6\" data-element_type=\"container\" data-e-type=\"container\">\n\t\t\t\t\t<div class=\"e-con-inner\">\n\t\t\t\t<div class=\"elementor-element elementor-element-iwgs-zulfiqar-s6h elementor-widget elementor-widget-heading\" data-id=\"iwgs-zulfiqar-s6h\" data-element_type=\"widget\" data-e-type=\"widget\" data-widget_type=\"heading.default\">\n\t\t\t\t\t<h2 class=\"elementor-heading-title elementor-size-default\">Sver\u00f0i\u00f0 sem t\u00e1kn \u00ed menningarheimum<\/h2>\t\t\t\t<\/div>\n\t\t<div class=\"elementor-element elementor-element-iwgs-zulfiqar-s6box e-con-full e-flex e-con e-parent\" data-id=\"iwgs-zulfiqar-s6box\" data-element_type=\"container\" data-e-type=\"container\">\n\t\t\t\t<div class=\"elementor-element elementor-element-iwgs-zulfiqar-s6t elementor-widget elementor-widget-text-editor\" data-id=\"iwgs-zulfiqar-s6t\" data-element_type=\"widget\" data-e-type=\"widget\" data-widget_type=\"text-editor.default\">\n\t\t\t\t\t\t\t\t\t<p>Zulfiqar m\u00e1 sko\u00f0a \u00ed st\u00e6rra samhengi sver\u00f0t\u00e1kna. Sver\u00f0i\u00f0 sem t\u00e1kn hefur mikla merkingu \u00ed m\u00f6rgum menningarheimum.<\/p><p>\u00cd fj\u00f6lm\u00f6rgum hef\u00f0um stendur sver\u00f0i\u00f0 fyrir styrk, r\u00e9ttl\u00e6ti og v\u00f6rn skipulags. \u00dea\u00f0 er t\u00e1kn um v\u00edgreifan, verndandi m\u00e1tt.<\/p><p>Oft er sver\u00f0i\u00f0 tengt \u00e1kve\u00f0inni pers\u00f3nu, hetju, d\u00fdrlingi e\u00f0a gu\u00f0i. Sver\u00f0i\u00f0 ver\u00f0ur \u00fe\u00e1 t\u00e1kn \u00feeirrar pers\u00f3nu og \u00feeirra gilda sem h\u00fan stendur fyrir.<\/p><p>Zulfiqar telst til \u00feessa h\u00f3ps. \u00dea\u00f0 er sver\u00f0 Alis og er sem sl\u00edkt t\u00e1kn um hugrekki, r\u00e9ttl\u00e6ti og a\u00f0sto\u00f0 Gu\u00f0s.<\/p><p>\u00dea\u00f0 s\u00e9rstaka vi\u00f0 Zulfiqar er klofinn bla\u00f0oddurinn. Hann gerir sver\u00f0i\u00f0 einstakt og a\u00f0greinir \u00fea\u00f0 fr\u00e1 venjulegum sver\u00f0t\u00e1knum.<\/p><p>Zulfiqar er \u00feannig \u00edsl\u00f6msk, og s\u00e9rstaklega sj\u00eda-m\u00f3tu\u00f0, \u00fatg\u00e1fa af sver\u00f0t\u00e1kninu. \u00dea\u00f0 sameinar hina algengu mynd sver\u00f0sins sem t\u00e1kn v\u00edgreifrar dygg\u00f0ar vi\u00f0 lotningu fyrir \u00e1kve\u00f0inni d\u00fdrka\u00f0ri pers\u00f3nu.<\/p>\t\t\t\t\t\t\t\t<\/div>\n\t\t\t\t<\/div>\n\t\t\t\t\t<\/div>\n\t\t\t\t<\/div>\n\t\t<div class=\"elementor-element elementor-element-iwgs-zulfiqar-s7 e-flex e-con-boxed e-con e-parent\" data-id=\"iwgs-zulfiqar-s7\" data-element_type=\"container\" data-e-type=\"container\">\n\t\t\t\t\t<div class=\"e-con-inner\">\n\t\t\t\t<div class=\"elementor-element elementor-element-iwgs-zulfiqar-s7h elementor-widget elementor-widget-heading\" data-id=\"iwgs-zulfiqar-s7h\" data-element_type=\"widget\" data-e-type=\"widget\" data-widget_type=\"heading.default\">\n\t\t\t\t\t<h2 class=\"elementor-heading-title elementor-size-default\">Lotning, sj\u00e1lfsmynd og vernd<\/h2>\t\t\t\t<\/div>\n\t\t<div class=\"elementor-element elementor-element-iwgs-zulfiqar-s7box e-con-full e-flex e-con e-parent\" data-id=\"iwgs-zulfiqar-s7box\" data-element_type=\"container\" data-e-type=\"container\">\n\t\t\t\t<div class=\"elementor-element elementor-element-iwgs-zulfiqar-s7t elementor-widget elementor-widget-text-editor\" data-id=\"iwgs-zulfiqar-s7t\" data-element_type=\"widget\" data-e-type=\"widget\" data-widget_type=\"text-editor.default\">\n\t\t\t\t\t\t\t\t\t<p>Zulfiqar sameinar \u00ferj\u00e1r merkingar sem tengjast innbyr\u00f0is n\u00e1num b\u00f6ndum: lotningu, sj\u00e1lfsmynd og vernd.<\/p><p>Lotningin sn\u00fdr a\u00f0 Ali. Zulfiqar er sver\u00f0 hans, og a\u00f0 s\u00fdna \u00fea\u00f0 er a\u00f0 hei\u00f0ra Ali og hugrekki hans.<\/p><p>Sj\u00e1lfsmyndin sn\u00fdr a\u00f0 samf\u00e9laginu. Zulfiqar er t\u00e1kn sj\u00eda-m\u00f3ta\u00f0ra og tengdra samf\u00e9laga. A\u00f0 bera \u00fea\u00f0 er a\u00f0 j\u00e1tast \u00feessu samf\u00e9lagi.<\/p><p>Verndin sprettur af hvoru tveggja. S\u00e1 sem setur sig undir t\u00e1kn Alis leitar \u00feeirrar a\u00f0sto\u00f0ar og styrks sem honum tengist.<\/p><p>\u00deessar \u00ferj\u00e1r merkingar er ekki h\u00e6gt a\u00f0 skilja algj\u00f6rlega a\u00f0. \u00de\u00e6r tengjast saman og myndast \u00far \u00feeim sameinu\u00f0 merking t\u00e1knsins.<\/p><p>Zulfiqar er \u00feannig marg\u00fe\u00e6tt t\u00e1kn. \u00dea\u00f0 er \u00ed senn lotningart\u00e1kn, au\u00f0kennist\u00e1kn og verndart\u00e1kn, og allar \u00ferj\u00e1r hli\u00f0ar \u00feess eru dregnar af tengslunum vi\u00f0 Ali og sver\u00f0 hans.<\/p>\t\t\t\t\t\t\t\t<\/div>\n\t\t\t\t<\/div>\n\t\t\t\t\t<\/div>\n\t\t\t\t<\/div>\n\t\t<div class=\"elementor-element elementor-element-iwgs-zulfiqar-s8 e-flex e-con-boxed e-con e-parent\" data-id=\"iwgs-zulfiqar-s8\" data-element_type=\"container\" data-e-type=\"container\">\n\t\t\t\t\t<div class=\"e-con-inner\">\n\t\t\t\t<div class=\"elementor-element elementor-element-iwgs-zulfiqar-s8h elementor-widget elementor-widget-heading\" data-id=\"iwgs-zulfiqar-s8h\" data-element_type=\"widget\" data-e-type=\"widget\" data-widget_type=\"heading.default\">\n\t\t\t\t\t<h2 class=\"elementor-heading-title elementor-size-default\">M\u00f3tt\u00f6kur \u00ed dag<\/h2>\t\t\t\t<\/div>\n\t\t<div class=\"elementor-element elementor-element-iwgs-zulfiqar-s8box e-con-full e-flex e-con e-parent\" data-id=\"iwgs-zulfiqar-s8box\" data-element_type=\"container\" data-e-type=\"container\">\n\t\t\t\t<div class=\"elementor-element elementor-element-iwgs-zulfiqar-s8t elementor-widget elementor-widget-text-editor\" data-id=\"iwgs-zulfiqar-s8t\" data-element_type=\"widget\" data-e-type=\"widget\" data-widget_type=\"text-editor.default\">\n\t\t\t\t\t\t\t\t\t<p>Zulfiqar er \u00ed hinum \u00edslamska heimi, s\u00e9rstaklega \u00e1 sv\u00e6\u00f0um m\u00f3tu\u00f0um af sj\u00eda-\u00edslam, enn \u00ed dag lifandi t\u00e1kn. \u00dea\u00f0 kemur fram \u00e1 f\u00e1num, myndum og hlutum sem tengjast <span class=\"iwg-fachbegriff\" data-tooltip=\"Hin lifa\u00f0a tr\u00faarlega afsta\u00f0a og i\u00f0kun einstaklings.\" tabindex=\"0\">tr\u00far\u00e6kni<\/span>.<\/p><p>Sem h\u00e1lsmen og skartgripur er Zulfiqar bori\u00f0 af m\u00f6rgum. \u00cd \u00feessu formi er \u00fea\u00f0 j\u00e1tning um lotningu fyrir Ali og t\u00e1kn um \u00fe\u00e1 vernd sem be\u00f0i\u00f0 er um.<\/p><p>Zulfiqar er einnig s\u00fdnilegt \u00ed myndlist og h\u00f6nnun. Hinn einstaki klofni bla\u00f0oddur gerir \u00fea\u00f0 a\u00f0 au\u00f0greinanlegu <span class=\"iwg-fachbegriff\" data-tooltip=\"Endurteki\u00f0 innihaldsstef \u00ed myndlist e\u00f0a fr\u00e1s\u00f6gn.\" tabindex=\"0\">myndefni<\/span>.<\/p><p>Fyrir ranns\u00f3knir \u00e1 \u00edslam er Zulfiqar uppl\u00fdsandi t\u00e1kn. \u00dea\u00f0 s\u00fdnir hversu n\u00e1i\u00f0 lotning fyrir pers\u00f3nu, sj\u00e1lfsmynd samf\u00e9lags og \u00f3skin um vernd geta tengst saman.<\/p><p>Zulfiqar er \u00feannig \u00e1hrifamiki\u00f0 d\u00e6mi um t\u00e1kn sem var\u00f0 til \u00far go\u00f0sagnakenndum hlut. \u00dar sver\u00f0i d\u00fdrka\u00f0rar hetju var\u00f0 t\u00e1kn sem tj\u00e1ir \u00ed senn lotningu, a\u00f0ild og vernd.<\/p><p>\u00cd \u00fev\u00ed sameinast minningin um Ali, hinn einstaki klofni bla\u00f0oddur og \u00f3skin um a\u00f0 taka \u00fe\u00e1tt \u00ed \u00fev\u00ed hugrekki og \u00feeirri a\u00f0sto\u00f0 sem tengist sver\u00f0inu Zulfiqar.<\/p>\t\t\t\t\t\t\t\t<\/div>\n\t\t\t\t<\/div>\n\t\t\t\t\t<\/div>\n\t\t\t\t<\/div>\n\t\t<div class=\"elementor-element elementor-element-iwgs-zulfiqar-lit e-flex e-con-boxed e-con e-parent\" data-id=\"iwgs-zulfiqar-lit\" data-element_type=\"container\" data-e-type=\"container\">\n\t\t\t\t\t<div class=\"e-con-inner\">\n\t\t\t\t<div class=\"elementor-element elementor-element-iwgs-zulfiqar-lith elementor-widget elementor-widget-heading\" data-id=\"iwgs-zulfiqar-lith\" data-element_type=\"widget\" data-e-type=\"widget\" data-widget_type=\"heading.default\">\n\t\t\t\t\t<h2 class=\"elementor-heading-title elementor-size-default\">Heimildir (\u00farval)<\/h2>\t\t\t\t<\/div>\n\t\t<div class=\"elementor-element elementor-element-iwgs-zulfiqar-litbox e-con-full e-flex e-con e-parent\" data-id=\"iwgs-zulfiqar-litbox\" data-element_type=\"container\" data-e-type=\"container\">\n\t\t\t\t<div class=\"elementor-element elementor-element-iwgs-zulfiqar-litt elementor-widget elementor-widget-html\" data-id=\"iwgs-zulfiqar-litt\" data-element_type=\"widget\" data-e-type=\"widget\" data-widget_type=\"html.default\">\n\t\t\t\t\t<footer data-nosnippet=\"true\"><ul><li>Annemarie Schimmel: <em>Die Religion des Islam. Eine Einf\u00fchrung<\/em> (1990)<\/li><li>Heinz Halm: <em>Die Schia<\/em> (1988)<\/li><li>Heinz Halm: <em>Der schiitische Islam<\/em> (1994)<\/li><li>Annemarie Schimmel: <em>Die Zeichen Gottes<\/em> (1995)<\/li><li>Maria Vittoria Fontana: Ranns\u00f3knir \u00e1 \u00edslamskri myndhef\u00f0<\/li><\/ul><\/footer>\t\t\t\t<\/div>\n\t\t\t\t<\/div>\n\t\t\t\t\t<\/div>\n\t\t\t\t<\/div>\n\t\t<div class=\"elementor-element elementor-element-iwgs-zulfiqar-kwd e-flex e-con-boxed e-con e-parent\" data-id=\"iwgs-zulfiqar-kwd\" data-element_type=\"container\" data-e-type=\"container\">\n\t\t\t\t\t<div class=\"e-con-inner\">\n\t\t\t\t<div class=\"elementor-element elementor-element-iwgs-zulfiqar-kwdt elementor-widget elementor-widget-text-editor\" data-id=\"iwgs-zulfiqar-kwdt\" data-element_type=\"widget\" data-e-type=\"widget\" data-widget_type=\"text-editor.default\">\n\t\t\t\t\t\t\t\t\t<p><em>Tengd lykilhugt\u00f6k: Zulfiqar, Ali, sver\u00f0, sj\u00eda-\u00edslam, klofinn bla\u00f0oddur, lotning, au\u00f0kennist\u00e1kn.<\/em><\/p>\t\t\t\t\t\t\t\t<\/div>\n\t\t\t\t\t<\/div>\n\t\t\t\t<\/div>\n\t\t<div class=\"elementor-element elementor-element-iwgs-zulfiqar-cc e-flex e-con-boxed e-con e-parent\" data-id=\"iwgs-zulfiqar-cc\" data-element_type=\"container\" data-e-type=\"container\" id=\"iwg-cc-zulfiqar\">\n\t\t\t\t\t<div class=\"e-con-inner\">\n\t\t<div class=\"elementor-element elementor-element-iwgs-zulfiqar-ccinner e-flex e-con-boxed e-con e-parent\" data-id=\"iwgs-zulfiqar-ccinner\" data-element_type=\"container\" data-e-type=\"container\" data-settings=\"{&quot;background_background&quot;:&quot;classic&quot;}\">\n\t\t\t\t\t<div class=\"e-con-inner\">\n\t\t\t\t<div class=\"elementor-element elementor-element-iwgs-zulfiqar-cch elementor-widget elementor-widget-heading\" data-id=\"iwgs-zulfiqar-cch\" data-element_type=\"widget\" data-e-type=\"widget\" data-widget_type=\"heading.default\">\n\t\t\t\t\t<h2 class=\"elementor-heading-title elementor-size-default\">iWell Guard og verndarhef\u00f0ir<\/h2>\t\t\t\t<\/div>\n\t\t\t\t<div class=\"elementor-element elementor-element-iwgs-zulfiqar-cct elementor-widget elementor-widget-text-editor\" data-id=\"iwgs-zulfiqar-cct\" data-element_type=\"widget\" data-e-type=\"widget\" data-widget_type=\"text-editor.default\">\n\t\t\t\t\t\t\t\t\t<p>iWell Guard fylgir menningars\u00f6gulegri hef\u00f0 borinna verndargripa, sem Zulfiqar telst einnig til. N\u00fat\u00edmalegur fylgihlutur fyrir f\u00f3lk sem lifir me\u00f0 verndart\u00e1knum: framleiddur \u00ed \u00de\u00fdskalandi, 41 lag af sk\u00edragulli, plat\u00ednu og silfri, me\u00f0 30 daga skilar\u00e9tti.<\/p>\t\t\t\t\t\t\t\t<\/div>\n\t\t\t\t<div class=\"elementor-element elementor-element-iwgs-zulfiqar-ccb iwg-cc-button iwg-cc-cta-2026-05-13 elementor-widget elementor-widget-jet-button\" data-id=\"iwgs-zulfiqar-ccb\" data-element_type=\"widget\" data-e-type=\"widget\" data-widget_type=\"jet-button.default\">\n\t\t\t\t<div class=\"elementor-widget-container\">\n\t\t\t\t\t<div class=\"elementor-jet-button jet-elements\"><div class=\"jet-button__container\"><a class=\"jet-button__instance jet-button__instance--icon-left hover-effect-1\" href=\"\/schutzanhaenger-iwell-guard-kaufen\/?utm_source=iwell-guard.com&amp;utm_medium=info-box&amp;utm_campaign=schutzsymbole\"><div class=\"jet-button__plane jet-button__plane-normal\"><\/div><div class=\"jet-button__plane jet-button__plane-hover\"><\/div><div class=\"jet-button__state jet-button__state-normal\"><span class=\"jet-button__label\">Meira um iWell Guard<\/span><\/div><div class=\"jet-button__state jet-button__state-hover\"><span class=\"jet-button__label\">Meira um iWell Guard<\/span><\/div><\/a><\/div><\/div><style>.elementor-element.elementor-element-iwgs-zulfiqar-ccb .jet-button__instance{width:320px;height:56px;}.elementor-element.elementor-element-iwgs-zulfiqar-ccb .jet-button__state-normal .jet-button__label{text-align:center;margin:0px 0px 0px 0px;color:#1a1b20;font-family:Montserrat,sans-serif;font-size:13px;font-weight:400;letter-spacing:4px;line-height:1.714em;text-transform:uppercase;}.elementor-element.elementor-element-iwgs-zulfiqar-ccb .jet-button__state-hover .jet-button__label{text-align:center;margin:0px 0px 0px 0px;color:#FECC76;font-family:Montserrat,sans-serif;font-size:13px;font-weight:400;letter-spacing:4px;line-height:1.714em;text-transform:uppercase;}.elementor-element.elementor-element-iwgs-zulfiqar-ccb .jet-button__plane-normal{background-color:#FECC76;border-style:solid;border-color:#C99540;border-width:2px 2px 2px 2px;}.elementor-element.elementor-element-iwgs-zulfiqar-ccb .jet-button__plane-hover{background-color:rgba(0,0,0,0.55);border-style:solid;border-color:#FECC76;border-width:2px 2px 2px 2px;}<\/style>\t\t\t\t<\/div>\n\t\t\t\t<\/div>\n\t\t\t\t<div class=\"elementor-element elementor-element-iwgs-zulfiqar-ccd elementor-widget elementor-widget-text-editor\" data-id=\"iwgs-zulfiqar-ccd\" data-element_type=\"widget\" data-e-type=\"widget\" data-widget_type=\"text-editor.default\">\n\t\t\t\t\t\t\t\t\t<p style=\"text-align:center;font-size:13px;opacity:0.7;margin-top:14px\" data-nosnippet=\"true\">Pers\u00f3nuleg reynsla getur veri\u00f0 mismunandi. Ekki l\u00e6kningat\u00e6ki. Engin lofor\u00f0 um l\u00e6kningu.<\/p>\t\t\t\t\t\t\t\t<\/div>\n\t\t\t\t\t<\/div>\n\t\t\t\t<\/div>\n\t\t\t\t\t<\/div>\n\t\t\t\t<\/div>\n\t\t<div class=\"elementor-element elementor-element-iwgs-zulfiqar-disc e-flex e-con-boxed e-con e-parent\" data-id=\"iwgs-zulfiqar-disc\" data-element_type=\"container\" data-e-type=\"container\">\n\t\t\t\t\t<div class=\"e-con-inner\">\n\t\t\t\t<div class=\"elementor-element elementor-element-iwgs-zulfiqar-discw elementor-widget elementor-widget-html\" data-id=\"iwgs-zulfiqar-discw\" data-element_type=\"widget\" data-e-type=\"widget\" data-widget_type=\"html.default\">\n\t\t\t\t\t<footer data-nosnippet=\"true\" class=\"iwg-disclaimer-block\"><p data-nosnippet=\"true\">iWell Guard er <strong>ekki l\u00e6kningat\u00e6ki<\/strong> og kemur ekki \u00ed sta\u00f0 l\u00e6knis- e\u00f0a s\u00e1lfr\u00e6\u00f0ime\u00f0fer\u00f0ar. Innihaldi\u00f0 sem h\u00e9r er sett fram er tr\u00faarbrag\u00f0afr\u00e6\u00f0ileg og menningars\u00f6gulega greining, ekki lofor\u00f0 um andlega virkni.<\/p><\/footer>\t\t\t\t<\/div>\n\t\t\t\t\t<\/div>\n\t\t\t\t<\/div>\n\t\t\t\t<\/div>\n\t\t","protected":false},"excerpt":{"rendered":"","protected":false},"author":3,"featured_media":3517,"parent":0,"menu_order":0,"comment_status":"closed","ping_status":"closed","template":"elementor_header_footer","meta":{"_yoast_wpseo_focuskw":"Zulfiqar","_yoast_wpseo_title":"Zulfiqar \u2013 sver\u00f0 Al\u00eds sem verndart\u00e1kn","_yoast_wpseo_metadesc":"Zulfiqar er hi\u00f0 go\u00f0sagnakennda sver\u00f0 Al\u00eds og mikilv\u00e6gt t\u00e1kn, s\u00e9rstaklega innan sj\u00eda-\u00edslams. Uppruni og merking \u00fatsk\u00fdr\u00f0.","_yoast_wpseo_meta-robots-noindex":"","_yoast_wpseo_canonical":"","_angie_page":false,"gefaehrdungsstufe":"","wesen_kultur":"","wesen_klasse":"","footnotes":""},"categories":[],"class_list":["post-169186","page","type-page","status-publish","has-post-thumbnail","hentry"],"yoast_head":"<!-- This site is optimized with the Yoast SEO Premium plugin v27.7 (Yoast SEO v28.3) - https:\/\/yoast.com\/product\/yoast-seo-premium-wordpress\/ -->\n<title>Zulfiqar \u2013 sver\u00f0 Al\u00eds sem verndart\u00e1kn<\/title>\n<meta name=\"description\" content=\"Zulfiqar er hi\u00f0 go\u00f0sagnakennda sver\u00f0 Al\u00eds og mikilv\u00e6gt t\u00e1kn, s\u00e9rstaklega innan sj\u00eda-\u00edslams. Uppruni og merking \u00fatsk\u00fdr\u00f0.\" \/>\n<meta name=\"robots\" content=\"index, follow, max-snippet:-1, max-image-preview:large, max-video-preview:-1\" \/>\n<link rel=\"canonical\" href=\"https:\/\/iwell-guard.com\/is\/zulfiqar-sverd-alis-verndartakn\/\" \/>\n<meta property=\"og:locale\" content=\"is_IS\" \/>\n<meta property=\"og:type\" content=\"article\" \/>\n<meta property=\"og:title\" content=\"Zulfiqar \u2013 sver\u00f0 Al\u00eds sem verndart\u00e1kn\" \/>\n<meta property=\"og:description\" content=\"Zulfiqar er hi\u00f0 go\u00f0sagnakennda sver\u00f0 Al\u00eds og mikilv\u00e6gt t\u00e1kn, s\u00e9rstaklega innan sj\u00eda-\u00edslams. Uppruni og merking \u00fatsk\u00fdr\u00f0.\" \/>\n<meta property=\"og:url\" content=\"https:\/\/iwell-guard.com\/is\/zulfiqar-sverd-alis-verndartakn\/\" \/>\n<meta property=\"og:site_name\" content=\"iWell Guard\" \/>\n<meta property=\"article:modified_time\" content=\"2026-09-05T14:34:25+00:00\" \/>\n<meta property=\"og:image\" content=\"https:\/\/iwell-guard.com\/wp-content\/uploads\/2026\/05\/schutzsymbol_islam_zulfiqar.webp\" \/>\n\t<meta property=\"og:image:width\" content=\"1024\" \/>\n\t<meta property=\"og:image:height\" content=\"1536\" \/>\n\t<meta property=\"og:image:type\" content=\"image\/webp\" \/>\n<meta name=\"twitter:card\" content=\"summary_large_image\" \/>\n<script type=\"application\/ld+json\" class=\"yoast-schema-graph\">{\"@context\":\"https:\\\/\\\/schema.org\",\"@graph\":[{\"@type\":\"WebPage\",\"@id\":\"https:\\\/\\\/iwell-guard.com\\\/is\\\/zulfiqar-sverd-alis-verndartakn\\\/\",\"url\":\"https:\\\/\\\/iwell-guard.com\\\/is\\\/zulfiqar-sverd-alis-verndartakn\\\/\",\"name\":\"Zulfiqar \u2013 sver\u00f0 Al\u00eds sem verndart\u00e1kn\",\"isPartOf\":{\"@id\":\"https:\\\/\\\/iwell-guard.com\\\/is\\\/#website\"},\"primaryImageOfPage\":{\"@id\":\"https:\\\/\\\/iwell-guard.com\\\/is\\\/zulfiqar-sverd-alis-verndartakn\\\/#primaryimage\"},\"image\":{\"@id\":\"https:\\\/\\\/iwell-guard.com\\\/is\\\/zulfiqar-sverd-alis-verndartakn\\\/#primaryimage\"},\"thumbnailUrl\":\"https:\\\/\\\/iwell-guard.com\\\/wp-content\\\/uploads\\\/2026\\\/05\\\/schutzsymbol_islam_zulfiqar.webp\",\"datePublished\":\"2026-09-05T14:06:19+00:00\",\"dateModified\":\"2026-09-05T14:34:25+00:00\",\"description\":\"Zulfiqar er hi\u00f0 go\u00f0sagnakennda sver\u00f0 Al\u00eds og mikilv\u00e6gt t\u00e1kn, s\u00e9rstaklega innan sj\u00eda-\u00edslams. Uppruni og merking \u00fatsk\u00fdr\u00f0.\",\"breadcrumb\":{\"@id\":\"https:\\\/\\\/iwell-guard.com\\\/is\\\/zulfiqar-sverd-alis-verndartakn\\\/#breadcrumb\"},\"inLanguage\":\"is\",\"potentialAction\":[{\"@type\":\"ReadAction\",\"target\":[\"https:\\\/\\\/iwell-guard.com\\\/is\\\/zulfiqar-sverd-alis-verndartakn\\\/\"]}]},{\"@type\":\"ImageObject\",\"inLanguage\":\"is\",\"@id\":\"https:\\\/\\\/iwell-guard.com\\\/is\\\/zulfiqar-sverd-alis-verndartakn\\\/#primaryimage\",\"url\":\"https:\\\/\\\/iwell-guard.com\\\/wp-content\\\/uploads\\\/2026\\\/05\\\/schutzsymbol_islam_zulfiqar.webp\",\"contentUrl\":\"https:\\\/\\\/iwell-guard.com\\\/wp-content\\\/uploads\\\/2026\\\/05\\\/schutzsymbol_islam_zulfiqar.webp\",\"width\":1024,\"height\":1536,\"caption\":\"Verndart\u00e1kn. Myndskreyting \u00ed safnst\u00edl.\"},{\"@type\":\"BreadcrumbList\",\"@id\":\"https:\\\/\\\/iwell-guard.com\\\/is\\\/zulfiqar-sverd-alis-verndartakn\\\/#breadcrumb\",\"itemListElement\":[{\"@type\":\"ListItem\",\"position\":1,\"name\":\"Start\",\"item\":\"https:\\\/\\\/iwell-guard.com\\\/is\\\/?page_id=168580\"},{\"@type\":\"ListItem\",\"position\":2,\"name\":\"Zulfiqar \u2013 sver\u00f0 Al\u00eds sem verndart\u00e1kn\"}]},{\"@type\":\"WebSite\",\"@id\":\"https:\\\/\\\/iwell-guard.com\\\/is\\\/#website\",\"url\":\"https:\\\/\\\/iwell-guard.com\\\/is\\\/\",\"name\":\"iWell Guard\",\"description\":\"Schutz vor dunklen Einfl\u00fcssen\",\"publisher\":{\"@id\":\"https:\\\/\\\/iwell-guard.com\\\/is\\\/#organization\"},\"potentialAction\":[{\"@type\":\"SearchAction\",\"target\":{\"@type\":\"EntryPoint\",\"urlTemplate\":\"https:\\\/\\\/iwell-guard.com\\\/is\\\/?s={search_term_string}\"},\"query-input\":{\"@type\":\"PropertyValueSpecification\",\"valueRequired\":true,\"valueName\":\"search_term_string\"}}],\"inLanguage\":\"is\"},{\"@type\":\"Organization\",\"@id\":\"https:\\\/\\\/iwell-guard.com\\\/is\\\/#organization\",\"name\":\"Ittermann electronic GmbH\",\"url\":\"https:\\\/\\\/iwell-guard.com\\\/is\\\/\",\"logo\":{\"@type\":\"ImageObject\",\"inLanguage\":\"is\",\"@id\":\"https:\\\/\\\/iwell-guard.com\\\/is\\\/#\\\/schema\\\/logo\\\/image\\\/\",\"url\":\"https:\\\/\\\/iwell-guard.com\\\/wp-content\\\/uploads\\\/2026\\\/05\\\/Ittermann-Logo-1182x237-1.png\",\"contentUrl\":\"https:\\\/\\\/iwell-guard.com\\\/wp-content\\\/uploads\\\/2026\\\/05\\\/Ittermann-Logo-1182x237-1.png\",\"width\":1182,\"height\":237,\"caption\":\"Ittermann electronic GmbH\"},\"image\":{\"@id\":\"https:\\\/\\\/iwell-guard.com\\\/is\\\/#\\\/schema\\\/logo\\\/image\\\/\"},\"sameAs\":[\"https:\\\/\\\/pantip.com\\\/profile\\\/9367242\",\"https:\\\/\\\/micro.blog\\\/iwellguard\",\"https:\\\/\\\/www.diggerslist.com\\\/iwellguard\\\/about\",\"https:\\\/\\\/skitterphoto.com\\\/photographers\\\/2870314\\\/iwell-guard\",\"https:\\\/\\\/iwellguard.wordpress.com\\\/2026\\\/06\\\/06\\\/iwell-guard\\\/\",\"https:\\\/\\\/hub.docker.com\\\/u\\\/iwellguard\",\"https:\\\/\\\/www.pinterest.com\\\/iwellguard\\\/\",\"https:\\\/\\\/bit.ly\\\/m\\\/iwellguard\",\"https:\\\/\\\/entre-vos-mains.alsace.eu\\\/profiles\\\/iwellguard\\\/activity\",\"https:\\\/\\\/gravatar.com\\\/reallybeded8fd34\",\"https:\\\/\\\/naijamatta.com\\\/iwellguard\",\"https:\\\/\\\/www.goodreads.com\\\/iwellguard\",\"https:\\\/\\\/profile.hatena.ne.jp\\\/iwellguard\\\/\",\"https:\\\/\\\/experiment.com\\\/users\\\/iwellguard\",\"https:\\\/\\\/wakelet.com\\\/@iWellGuard82270\",\"https:\\\/\\\/www.chordie.com\\\/forum\\\/profile.php?id=2555664\",\"https:\\\/\\\/www.instapaper.com\\\/p\\\/17757966\",\"https:\\\/\\\/www.mapleprimes.com\\\/users\\\/iwellguard\",\"https:\\\/\\\/businesslistingplus.com\\\/profile\\\/iwell-guard\\\/\",\"https:\\\/\\\/telegra.ph\\\/iWell-Guard-06-06\",\"https:\\\/\\\/pbase.com\\\/iwellguard\\\/iwellguard\",\"https:\\\/\\\/b.hatena.ne.jp\\\/iwellguard\\\/20260607#bookmark-4788405196491818882\",\"https:\\\/\\\/fliphtml5.com\\\/home\\\/iwellguard\",\"https:\\\/\\\/anyflip.com\\\/homepage\\\/cmiwl#About\",\"https:\\\/\\\/transfur.com\\\/Users\\\/iwellguard\",\"http:\\\/\\\/delphi.larsbo.org\\\/user\\\/iwellguard\",\"https:\\\/\\\/jobs.lajobsportal.org\\\/profiles\\\/8380803-iwell-guard\",\"https:\\\/\\\/md.chaosdorf.de\\\/s\\\/jfbe5SBdJD\",\"https:\\\/\\\/www.lingvolive.com\\\/en-us\\\/profile\\\/9ecaeaca-ce11-4e51-9e71-01d55e2bff36\\\/translations\",\"https:\\\/\\\/www.fitday.com\\\/fitness\\\/forums\\\/members\\\/iwellguard.html\",\"https:\\\/\\\/www.mymeetbook.com\\\/iwellguard\",\"https:\\\/\\\/pxhere.com\\\/en\\\/photographer-me\\\/5040798\",\"https:\\\/\\\/disqus.com\\\/by\\\/iwellguard\\\/about\\\/\",\"https:\\\/\\\/pastelink.net\\\/hjwciqwq\",\"https:\\\/\\\/pubhtml5.com\\\/homepage\\\/scjhn\\\/\",\"https:\\\/\\\/www.bitchute.com\\\/channel\\\/2O2eOKzNqujT\",\"https:\\\/\\\/audiomack.com\\\/iwellguard\"]}]}<\/script>\n<!-- \/ Yoast SEO Premium plugin. -->","yoast_head_json":{"title":"Zulfiqar \u2013 sver\u00f0 Al\u00eds sem verndart\u00e1kn","description":"Zulfiqar er hi\u00f0 go\u00f0sagnakennda sver\u00f0 Al\u00eds og mikilv\u00e6gt t\u00e1kn, s\u00e9rstaklega innan sj\u00eda-\u00edslams. Uppruni og merking \u00fatsk\u00fdr\u00f0.","robots":{"index":"index","follow":"follow","max-snippet":"max-snippet:-1","max-image-preview":"max-image-preview:large","max-video-preview":"max-video-preview:-1"},"canonical":"https:\/\/iwell-guard.com\/is\/zulfiqar-sverd-alis-verndartakn\/","og_locale":"is_IS","og_type":"article","og_title":"Zulfiqar \u2013 sver\u00f0 Al\u00eds sem verndart\u00e1kn","og_description":"Zulfiqar er hi\u00f0 go\u00f0sagnakennda sver\u00f0 Al\u00eds og mikilv\u00e6gt t\u00e1kn, s\u00e9rstaklega innan sj\u00eda-\u00edslams. Uppruni og merking \u00fatsk\u00fdr\u00f0.","og_url":"https:\/\/iwell-guard.com\/is\/zulfiqar-sverd-alis-verndartakn\/","og_site_name":"iWell Guard","article_modified_time":"2026-09-05T14:34:25+00:00","og_image":[{"width":1024,"height":1536,"url":"https:\/\/iwell-guard.com\/wp-content\/uploads\/2026\/05\/schutzsymbol_islam_zulfiqar.webp","type":"image\/webp"}],"twitter_card":"summary_large_image","schema":{"@context":"https:\/\/schema.org","@graph":[{"@type":"WebPage","@id":"https:\/\/iwell-guard.com\/is\/zulfiqar-sverd-alis-verndartakn\/","url":"https:\/\/iwell-guard.com\/is\/zulfiqar-sverd-alis-verndartakn\/","name":"Zulfiqar \u2013 sver\u00f0 Al\u00eds sem verndart\u00e1kn","isPartOf":{"@id":"https:\/\/iwell-guard.com\/is\/#website"},"primaryImageOfPage":{"@id":"https:\/\/iwell-guard.com\/is\/zulfiqar-sverd-alis-verndartakn\/#primaryimage"},"image":{"@id":"https:\/\/iwell-guard.com\/is\/zulfiqar-sverd-alis-verndartakn\/#primaryimage"},"thumbnailUrl":"https:\/\/iwell-guard.com\/wp-content\/uploads\/2026\/05\/schutzsymbol_islam_zulfiqar.webp","datePublished":"2026-09-05T14:06:19+00:00","dateModified":"2026-09-05T14:34:25+00:00","description":"Zulfiqar er hi\u00f0 go\u00f0sagnakennda sver\u00f0 Al\u00eds og mikilv\u00e6gt t\u00e1kn, s\u00e9rstaklega innan sj\u00eda-\u00edslams. Uppruni og merking \u00fatsk\u00fdr\u00f0.","breadcrumb":{"@id":"https:\/\/iwell-guard.com\/is\/zulfiqar-sverd-alis-verndartakn\/#breadcrumb"},"inLanguage":"is","potentialAction":[{"@type":"ReadAction","target":["https:\/\/iwell-guard.com\/is\/zulfiqar-sverd-alis-verndartakn\/"]}]},{"@type":"ImageObject","inLanguage":"is","@id":"https:\/\/iwell-guard.com\/is\/zulfiqar-sverd-alis-verndartakn\/#primaryimage","url":"https:\/\/iwell-guard.com\/wp-content\/uploads\/2026\/05\/schutzsymbol_islam_zulfiqar.webp","contentUrl":"https:\/\/iwell-guard.com\/wp-content\/uploads\/2026\/05\/schutzsymbol_islam_zulfiqar.webp","width":1024,"height":1536,"caption":"Verndart\u00e1kn. Myndskreyting \u00ed safnst\u00edl."},{"@type":"BreadcrumbList","@id":"https:\/\/iwell-guard.com\/is\/zulfiqar-sverd-alis-verndartakn\/#breadcrumb","itemListElement":[{"@type":"ListItem","position":1,"name":"Start","item":"https:\/\/iwell-guard.com\/is\/?page_id=168580"},{"@type":"ListItem","position":2,"name":"Zulfiqar \u2013 sver\u00f0 Al\u00eds sem verndart\u00e1kn"}]},{"@type":"WebSite","@id":"https:\/\/iwell-guard.com\/is\/#website","url":"https:\/\/iwell-guard.com\/is\/","name":"iWell Guard","description":"Schutz vor dunklen Einfl\u00fcssen","publisher":{"@id":"https:\/\/iwell-guard.com\/is\/#organization"},"potentialAction":[{"@type":"SearchAction","target":{"@type":"EntryPoint","urlTemplate":"https:\/\/iwell-guard.com\/is\/?s={search_term_string}"},"query-input":{"@type":"PropertyValueSpecification","valueRequired":true,"valueName":"search_term_string"}}],"inLanguage":"is"},{"@type":"Organization","@id":"https:\/\/iwell-guard.com\/is\/#organization","name":"Ittermann electronic GmbH","url":"https:\/\/iwell-guard.com\/is\/","logo":{"@type":"ImageObject","inLanguage":"is","@id":"https:\/\/iwell-guard.com\/is\/#\/schema\/logo\/image\/","url":"https:\/\/iwell-guard.com\/wp-content\/uploads\/2026\/05\/Ittermann-Logo-1182x237-1.png","contentUrl":"https:\/\/iwell-guard.com\/wp-content\/uploads\/2026\/05\/Ittermann-Logo-1182x237-1.png","width":1182,"height":237,"caption":"Ittermann electronic GmbH"},"image":{"@id":"https:\/\/iwell-guard.com\/is\/#\/schema\/logo\/image\/"},"sameAs":["https:\/\/pantip.com\/profile\/9367242","https:\/\/micro.blog\/iwellguard","https:\/\/www.diggerslist.com\/iwellguard\/about","https:\/\/skitterphoto.com\/photographers\/2870314\/iwell-guard","https:\/\/iwellguard.wordpress.com\/2026\/06\/06\/iwell-guard\/","https:\/\/hub.docker.com\/u\/iwellguard","https:\/\/www.pinterest.com\/iwellguard\/","https:\/\/bit.ly\/m\/iwellguard","https:\/\/entre-vos-mains.alsace.eu\/profiles\/iwellguard\/activity","https:\/\/gravatar.com\/reallybeded8fd34","https:\/\/naijamatta.com\/iwellguard","https:\/\/www.goodreads.com\/iwellguard","https:\/\/profile.hatena.ne.jp\/iwellguard\/","https:\/\/experiment.com\/users\/iwellguard","https:\/\/wakelet.com\/@iWellGuard82270","https:\/\/www.chordie.com\/forum\/profile.php?id=2555664","https:\/\/www.instapaper.com\/p\/17757966","https:\/\/www.mapleprimes.com\/users\/iwellguard","https:\/\/businesslistingplus.com\/profile\/iwell-guard\/","https:\/\/telegra.ph\/iWell-Guard-06-06","https:\/\/pbase.com\/iwellguard\/iwellguard","https:\/\/b.hatena.ne.jp\/iwellguard\/20260607#bookmark-4788405196491818882","https:\/\/fliphtml5.com\/home\/iwellguard","https:\/\/anyflip.com\/homepage\/cmiwl#About","https:\/\/transfur.com\/Users\/iwellguard","http:\/\/delphi.larsbo.org\/user\/iwellguard","https:\/\/jobs.lajobsportal.org\/profiles\/8380803-iwell-guard","https:\/\/md.chaosdorf.de\/s\/jfbe5SBdJD","https:\/\/www.lingvolive.com\/en-us\/profile\/9ecaeaca-ce11-4e51-9e71-01d55e2bff36\/translations","https:\/\/www.fitday.com\/fitness\/forums\/members\/iwellguard.html","https:\/\/www.mymeetbook.com\/iwellguard","https:\/\/pxhere.com\/en\/photographer-me\/5040798","https:\/\/disqus.com\/by\/iwellguard\/about\/","https:\/\/pastelink.net\/hjwciqwq","https:\/\/pubhtml5.com\/homepage\/scjhn\/","https:\/\/www.bitchute.com\/channel\/2O2eOKzNqujT","https:\/\/audiomack.com\/iwellguard"]}]}},"_links":{"self":[{"href":"https:\/\/iwell-guard.com\/is\/wp-json\/wp\/v2\/pages\/169186","targetHints":{"allow":["GET"]}}],"collection":[{"href":"https:\/\/iwell-guard.com\/is\/wp-json\/wp\/v2\/pages"}],"about":[{"href":"https:\/\/iwell-guard.com\/is\/wp-json\/wp\/v2\/types\/page"}],"author":[{"embeddable":true,"href":"https:\/\/iwell-guard.com\/is\/wp-json\/wp\/v2\/users\/3"}],"replies":[{"embeddable":true,"href":"https:\/\/iwell-guard.com\/is\/wp-json\/wp\/v2\/comments?post=169186"}],"version-history":[{"count":0,"href":"https:\/\/iwell-guard.com\/is\/wp-json\/wp\/v2\/pages\/169186\/revisions"}],"wp:featuredmedia":[{"embeddable":true,"href":"https:\/\/iwell-guard.com\/is\/wp-json\/wp\/v2\/media\/3517"}],"wp:attachment":[{"href":"https:\/\/iwell-guard.com\/is\/wp-json\/wp\/v2\/media?parent=169186"}],"wp:term":[{"taxonomy":"category","embeddable":true,"href":"https:\/\/iwell-guard.com\/is\/wp-json\/wp\/v2\/categories?post=169186"}],"curies":[{"name":"wp","href":"https:\/\/api.w.org\/{rel}","templated":true}]}}