{"id":169185,"date":"2026-09-05T14:06:19","date_gmt":"2026-09-05T14:06:19","guid":{"rendered":"https:\/\/iwell-guard.com\/?page_id=169185"},"modified":"2026-09-05T14:34:25","modified_gmt":"2026-09-05T14:34:25","slug":"ayat-al-kursi-hasaetisversid","status":"publish","type":"page","link":"https:\/\/iwell-guard.com\/is\/ayat-al-kursi-hasaetisversid\/","title":{"rendered":"Ayat al-Kursi \u2013 h\u00e1s\u00e6tisversi\u00f0 sem verndartexti"},"content":{"rendered":"\t\t<div data-elementor-type=\"wp-page\" data-elementor-id=\"169185\" class=\"elementor elementor-169185 elementor-3675 elementor-bc-flex-widget\" data-elementor-post-type=\"page\">\n\t\t\t\t<div class=\"elementor-element elementor-element-iwgs-ayatalkursi-hero e-flex e-con-boxed e-con e-parent\" data-id=\"iwgs-ayatalkursi-hero\" data-element_type=\"container\" data-e-type=\"container\">\n\t\t\t\t\t<div class=\"e-con-inner\">\n\t\t<div class=\"elementor-element elementor-element-iwgs-ayatalkursi-hl e-flex e-con-boxed e-con e-parent\" data-id=\"iwgs-ayatalkursi-hl\" data-element_type=\"container\" data-e-type=\"container\">\n\t\t\t\t\t<div class=\"e-con-inner\">\n\t\t<div class=\"elementor-element elementor-element-iwgs-ayatalkursi-hlbox e-con-full e-flex e-con e-parent\" data-id=\"iwgs-ayatalkursi-hlbox\" data-element_type=\"container\" data-e-type=\"container\">\n\t\t\t\t<div class=\"elementor-element elementor-element-iwgs-ayatalkursi-h1 elementor-widget elementor-widget-heading\" data-id=\"iwgs-ayatalkursi-h1\" data-element_type=\"widget\" data-e-type=\"widget\" data-widget_type=\"heading.default\">\n\t\t\t\t\t<h1 class=\"elementor-heading-title elementor-size-default\">Ayat al-Kursi \u2013 h\u00e1s\u00e6tisvers K\u00f3ransins sem verndartexti<\/h1>\t\t\t\t<\/div>\n\t\t\t\t<div class=\"elementor-element elementor-element-iwgs-ayatalkursi-lead elementor-widget elementor-widget-text-editor\" data-id=\"iwgs-ayatalkursi-lead\" data-element_type=\"widget\" data-e-type=\"widget\" data-widget_type=\"text-editor.default\">\n\t\t\t\t\t\t\t\t\t<p>Ayat al-Kursi, h\u00e1s\u00e6tisversi\u00f0, er eitt af \u00feekktustu versum K\u00f3ransins. \u00dea\u00f0 talar um allsumlykjandi m\u00e1tt Gu\u00f0s. \u00cd \u00edslam er \u00fea\u00f0 tali\u00f0 s\u00e9rstaklega kraftmikill texti verndar og var\u00f0veislu.<\/p>\t\t\t\t\t\t\t\t<\/div>\n\t\t\t\t<\/div>\n\t\t\t\t<div class=\"elementor-element elementor-element-iwgs-ayatalkursi-pills elementor-widget elementor-widget-html\" data-id=\"iwgs-ayatalkursi-pills\" data-element_type=\"widget\" data-e-type=\"widget\" data-widget_type=\"html.default\">\n\t\t\t\t\t<div class=\"iwg-pill-row\"><span class=\"iwg-klasse-badge\" tabindex=\"0\" data-tooltip=\"Verndart\u00e1kn, verndargripur e\u00f0a verndarhlutur.\">Verndart\u00e1kn<\/span><a href=\"https:\/\/iwell-guard.com\/is\/islam\/\" class=\"iwg-kultur-badge\" tabindex=\"0\" data-tooltip=\"Verndarhef\u00f0: \u00cdslam\">\u00cdslam<\/a><span class=\"iwg-tradition-badge\" tabindex=\"0\" data-tooltip=\"Skrifa\u00f0ur texti me\u00f0 verndandi hlutverki.\">Verndartexti<\/span><\/div>\t\t\t\t<\/div>\n\t\t\t\t\t<\/div>\n\t\t\t\t<\/div>\n\t\t<div class=\"elementor-element elementor-element-iwgs-ayatalkursi-hr e-con-full e-flex e-con e-parent\" data-id=\"iwgs-ayatalkursi-hr\" data-element_type=\"container\" data-e-type=\"container\">\n\t\t\t\t<div class=\"elementor-element elementor-element-iwgs-ayatalkursi-himg iwg-hero-image elementor-widget elementor-widget-image\" data-id=\"iwgs-ayatalkursi-himg\" data-element_type=\"widget\" data-e-type=\"widget\" data-widget_type=\"image.default\">\n\t\t\t\t\t\t\t\t\t\t\t\t\t\t\t<img fetchpriority=\"high\" decoding=\"async\" width=\"683\" height=\"1024\" src=\"https:\/\/iwell-guard.com\/wp-content\/uploads\/2026\/05\/schutzsymbol_islam_ayat-al-kursi-683x1024.webp\" class=\"attachment-large size-large wp-image-170545\" alt=\"Ayat Al Kursi - verndart\u00e1kn, safnr\u00e6nar myndskreyting\" srcset=\"https:\/\/iwell-guard.com\/wp-content\/uploads\/2026\/05\/schutzsymbol_islam_ayat-al-kursi-683x1024.webp 683w, https:\/\/iwell-guard.com\/wp-content\/uploads\/2026\/05\/schutzsymbol_islam_ayat-al-kursi-200x300.webp 200w, https:\/\/iwell-guard.com\/wp-content\/uploads\/2026\/05\/schutzsymbol_islam_ayat-al-kursi-768x1152.webp 768w, https:\/\/iwell-guard.com\/wp-content\/uploads\/2026\/05\/schutzsymbol_islam_ayat-al-kursi.webp 1024w\" sizes=\"(max-width: 683px) 100vw, 683px\" \/>\t\t\t\t\t\t\t\t\t\t\t\t\t\t\t<\/div>\n\t\t\t\t<\/div>\n\t\t\t\t\t<\/div>\n\t\t\t\t<\/div>\n\t\t<div class=\"elementor-element elementor-element-iwgs-ayatalkursi-s0 e-flex e-con-boxed e-con e-parent\" data-id=\"iwgs-ayatalkursi-s0\" data-element_type=\"container\" data-e-type=\"container\">\n\t\t\t\t\t<div class=\"e-con-inner\">\n\t\t\t\t<div class=\"elementor-element elementor-element-iwgs-ayatalkursi-s0h elementor-widget elementor-widget-heading\" data-id=\"iwgs-ayatalkursi-s0h\" data-element_type=\"widget\" data-e-type=\"widget\" data-widget_type=\"heading.default\">\n\t\t\t\t\t<h2 class=\"elementor-heading-title elementor-size-default\">Yfirlit<\/h2>\t\t\t\t<\/div>\n\t\t<div class=\"elementor-element elementor-element-iwgs-ayatalkursi-s0box e-con-full e-flex e-con e-parent\" data-id=\"iwgs-ayatalkursi-s0box\" data-element_type=\"container\" data-e-type=\"container\">\n\t\t\t\t<div class=\"elementor-element elementor-element-iwgs-ayatalkursi-s0t elementor-widget elementor-widget-text-editor\" data-id=\"iwgs-ayatalkursi-s0t\" data-element_type=\"widget\" data-e-type=\"widget\" data-widget_type=\"text-editor.default\">\n\t\t\t\t\t\t\t\t\t<p>Ayat al-Kursi er einstakt vers \u00far K\u00f3raninum, helgiriti <a href=\"https:\/\/iwell-guard.com\/is\/islam\/\">\u00edslam<\/a>. Nafni\u00f0 \u00fe\u00fd\u00f0ir eitthva\u00f0 \u00e1 \u00fe\u00e1 lei\u00f0 h\u00e1s\u00e6tisvers, og \u00fev\u00ed er versi\u00f0 \u00e1 \u00edslensku kalla\u00f0 h\u00e1s\u00e6tisversi\u00f0.<\/p><p>H\u00e1s\u00e6tisversi\u00f0 heyrir til annarrar og lengstu s\u00faru K\u00f3ransins. Innan \u00feeirrar s\u00faru er \u00fea\u00f0 eitt af \u00feekktustu og virtustu versum yfirleitt.<\/p><p>Ayat al-Kursi talar um m\u00e1tt og mikilleik Gu\u00f0s. \u00dea\u00f0 l\u00fdsir Gu\u00f0i sem \u00feeim eina er stendur yfir \u00f6llu, \u00feeim sem vitneskja og m\u00e1ttur umlykur allt.<\/p><p>\u00cd \u00edslam er h\u00e1s\u00e6tisversi\u00f0 tali\u00f0 s\u00e9rstaklega kraftmikill texti. \u00dea\u00f0 er tala\u00f0, \u00feuli\u00f0 og einnig skrifa\u00f0 til a\u00f0 bi\u00f0ja um vernd og var\u00f0veislu.<\/p><p>\u00cd <span class=\"iwg-fachbegriff\" data-tooltip=\"V\u00edsindin sem rannsaka tr\u00faarbr\u00f6g\u00f0 samanbur\u00f0arlega og \u00e1n tr\u00faarlegrar bindingar.\" tabindex=\"0\">tr\u00faarbrag\u00f0afr\u00e6\u00f0i<\/span> er Ayat al-Kursi gott d\u00e6mi um a\u00f0 ekki a\u00f0eins hlutir heldur einnig textar geta veri\u00f0 skildir sem verndargripir. Verndin liggur h\u00e9r \u00ed or\u00f0inu sj\u00e1lfu.<\/p><p>\u00deessi s\u00ed\u00f0a fjallar um Ayat al-Kursi \u00fat fr\u00e1 sj\u00f3narhorni verndar. H\u00e1s\u00e6tisversi\u00f0 er tala\u00f0 og bori\u00f0, og \u00ed b\u00e1\u00f0um formum er \u00fea\u00f0 tengt \u00f3skinni um var\u00f0veislu.<\/p>\t\t\t\t\t\t\t\t<\/div>\n\t\t\t\t<\/div>\n\t\t\t\t\t<\/div>\n\t\t\t\t<\/div>\n\t\t<div class=\"elementor-element elementor-element-iwgs-ayatalkursi-s1 e-flex e-con-boxed e-con e-parent\" data-id=\"iwgs-ayatalkursi-s1\" data-element_type=\"container\" data-e-type=\"container\">\n\t\t\t\t\t<div class=\"e-con-inner\">\n\t\t\t\t<div class=\"elementor-element elementor-element-iwgs-ayatalkursi-s1h elementor-widget elementor-widget-heading\" data-id=\"iwgs-ayatalkursi-s1h\" data-element_type=\"widget\" data-e-type=\"widget\" data-widget_type=\"heading.default\">\n\t\t\t\t\t<h2 class=\"elementor-heading-title elementor-size-default\">H\u00e1s\u00e6tisversi\u00f0 \u00ed K\u00f3raninum<\/h2>\t\t\t\t<\/div>\n\t\t<div class=\"elementor-element elementor-element-iwgs-ayatalkursi-s1box e-con-full e-flex e-con e-parent\" data-id=\"iwgs-ayatalkursi-s1box\" data-element_type=\"container\" data-e-type=\"container\">\n\t\t\t\t<div class=\"elementor-element elementor-element-iwgs-ayatalkursi-s1t elementor-widget elementor-widget-text-editor\" data-id=\"iwgs-ayatalkursi-s1t\" data-element_type=\"widget\" data-e-type=\"widget\" data-widget_type=\"text-editor.default\">\n\t\t\t\t\t\t\t\t\t<p>Ayat al-Kursi stendur \u00ed annarri s\u00faru K\u00f3ransins, s\u00farunni sem nefnist al-Baqara. \u00deessi s\u00fara er lengsta s\u00fara K\u00f3ransins alls.<\/p><p>Innan \u00feessarar l\u00f6ngu s\u00faru hefur h\u00e1s\u00e6tisversi\u00f0 s\u00e9rstaka st\u00f6\u00f0u. \u00cdslamska <span class=\"iwg-fachbegriff\" data-tooltip=\"Framsending \u00feekkingar og fr\u00e1sagna \u00e1 milli kynsl\u00f3\u00f0a.\" tabindex=\"0\">munnm\u00e6lahef\u00f0in<\/span> lofsyngur \u00fea\u00f0 sem eitt af \u00fe\u00fd\u00f0ingarmestu, sumir segja hi\u00f0 \u00fe\u00fd\u00f0ingarmesta vers K\u00f3ransins.<\/p><p>Versi\u00f0 dregur nafn sitt af or\u00f0i sem kemur fram \u00ed \u00fev\u00ed og er \u00fe\u00fdtt sem h\u00e1s\u00e6ti e\u00f0a s\u00e6ti. \u00deetta h\u00e1s\u00e6ti er mynd fyrir yfirr\u00e1\u00f0 og m\u00e1tt Gu\u00f0s.<\/p><p>Efnislega talar h\u00e1s\u00e6tisversi\u00f0 um einingu og tign Gu\u00f0s. \u00dea\u00f0 l\u00fdsir \u00fev\u00ed a\u00f0 Gu\u00f0 s\u00e9 s\u00e1 lifandi og hinn varanlegi, a\u00f0 hvorki blundur n\u00e9 svefn n\u00e1i \u00e1 hann og a\u00f0 vitneskja hans og m\u00e1ttur gangi \u00ed gegnum allt.<\/p><p>Versi\u00f0 er \u00feannig \u00fe\u00e9ttur vitnisbur\u00f0ur um mikilleik Gu\u00f0s. \u00cd f\u00e1um setningum dregur \u00fea\u00f0 saman kjarnaatri\u00f0i \u00edslamskrar tr\u00faar um e\u00f0li Gu\u00f0s.<\/p><p>\u00deessi h\u00e1a sta\u00f0a \u00ed K\u00f3raninum er grundv\u00f6llur \u00feess a\u00f0 h\u00e1s\u00e6tisversi\u00f0 er tali\u00f0 verndartexti. N\u00e1kv\u00e6mlega vegna \u00feess a\u00f0 \u00fea\u00f0 or\u00f0ar m\u00e1tt Gu\u00f0s svo \u00e1hrifamiki\u00f0, er \u00fea\u00f0 tali\u00f0 s\u00e9rstaklega kraftmiki\u00f0.<\/p>\t\t\t\t\t\t\t\t<\/div>\n\t\t\t\t<\/div>\n\t\t\t\t\t<\/div>\n\t\t\t\t<\/div>\n\t\t<div class=\"elementor-element elementor-element-iwgs-ayatalkursi-s2 e-flex e-con-boxed e-con e-parent\" data-id=\"iwgs-ayatalkursi-s2\" data-element_type=\"container\" data-e-type=\"container\">\n\t\t\t\t\t<div class=\"e-con-inner\">\n\t\t\t\t<div class=\"elementor-element elementor-element-iwgs-ayatalkursi-s2h elementor-widget elementor-widget-heading\" data-id=\"iwgs-ayatalkursi-s2h\" data-element_type=\"widget\" data-e-type=\"widget\" data-widget_type=\"heading.default\">\n\t\t\t\t\t<h2 class=\"elementor-heading-title elementor-size-default\">M\u00e1ttur Gu\u00f0s sem vernd<\/h2>\t\t\t\t<\/div>\n\t\t<div class=\"elementor-element elementor-element-iwgs-ayatalkursi-s2box e-con-full e-flex e-con e-parent\" data-id=\"iwgs-ayatalkursi-s2box\" data-element_type=\"container\" data-e-type=\"container\">\n\t\t\t\t<div class=\"elementor-element elementor-element-iwgs-ayatalkursi-s2t elementor-widget elementor-widget-text-editor\" data-id=\"iwgs-ayatalkursi-s2t\" data-element_type=\"widget\" data-e-type=\"widget\" data-widget_type=\"text-editor.default\">\n\t\t\t\t\t\t\t\t\t<p>Verndar\u00fe\u00fd\u00f0ing h\u00e1s\u00e6tisversins byggist \u00e1 innihaldi \u00feess. Versi\u00f0 talar um allsumlykjandi m\u00e1tt Gu\u00f0s, og n\u00e1kv\u00e6mlega fr\u00e1 \u00feeim m\u00e6tti er verndin dregin.<\/p><p>S\u00e1 sem talar h\u00e1s\u00e6tisversi\u00f0 j\u00e1tar mikilleik og m\u00e1tt Gu\u00f0s. Hann setur sig \u00feannig undir vernd \u00feess sem stendur yfir \u00f6llu.<\/p><p>Versi\u00f0 undirstrikar a\u00f0 engu sleppur m\u00e1tti Gu\u00f0s. Vitneskja hans umlykur allt, m\u00e1ttur hans n\u00e6r yfir himin og j\u00f6r\u00f0. Fyrir sl\u00edkum m\u00e6tti er samkv\u00e6mt \u00edslamskum skilningi engin \u00f3g\u00e6fa endanleg.<\/p><p>Verndin sem Ayat al-Kursi veitir er \u00feannig ekki t\u00f6fra\u00e1hrif textans sj\u00e1lfs. H\u00fan er aflei\u00f0ing af hollustu til Gu\u00f0s, \u00feess m\u00e1ttar sem versi\u00f0 kunngerir.<\/p><p>\u00deessi a\u00f0greining er mikilv\u00e6g. Samkv\u00e6mt \u00edslamskum skilningi verndar ekki versi\u00f0 af sj\u00e1lfu s\u00e9r, heldur Gu\u00f0, sem versi\u00f0 v\u00edsar til og sem \u00fea\u00f0 stillir hinn talandi eftir.<\/p><p>Ayat al-Kursi er \u00feannig verndartexti \u00fear sem virkni er bundin tr\u00fanni. \u00dea\u00f0 var\u00f0veitir me\u00f0 \u00fev\u00ed a\u00f0 setja manninn undir m\u00e1tt Gu\u00f0s og minna hann \u00e1 \u00feennan m\u00e1tt.<\/p>\t\t\t\t\t\t\t\t<\/div>\n\t\t\t\t<\/div>\n\t\t\t\t\t<\/div>\n\t\t\t\t<\/div>\n\t\t<div class=\"elementor-element elementor-element-iwgs-ayatalkursi-s3 e-flex e-con-boxed e-con e-parent\" data-id=\"iwgs-ayatalkursi-s3\" data-element_type=\"container\" data-e-type=\"container\">\n\t\t\t\t\t<div class=\"e-con-inner\">\n\t\t\t\t<div class=\"elementor-element elementor-element-iwgs-ayatalkursi-s3h elementor-widget elementor-widget-heading\" data-id=\"iwgs-ayatalkursi-s3h\" data-element_type=\"widget\" data-e-type=\"widget\" data-widget_type=\"heading.default\">\n\t\t\t\t\t<h2 class=\"elementor-heading-title elementor-size-default\">H\u00e1s\u00e6tisversi\u00f0 \u00ed b\u00e6n og daglegu l\u00edfi<\/h2>\t\t\t\t<\/div>\n\t\t<div class=\"elementor-element elementor-element-iwgs-ayatalkursi-s3box e-con-full e-flex e-con e-parent\" data-id=\"iwgs-ayatalkursi-s3box\" data-element_type=\"container\" data-e-type=\"container\">\n\t\t\t\t<div class=\"elementor-element elementor-element-iwgs-ayatalkursi-s3t elementor-widget elementor-widget-text-editor\" data-id=\"iwgs-ayatalkursi-s3t\" data-element_type=\"widget\" data-e-type=\"widget\" data-widget_type=\"text-editor.default\">\n\t\t\t\t\t\t\t\t\t<p>Ayat al-Kursi er dj\u00fapt fl\u00e9tta\u00f0 \u00ed daglegt tr\u00faarl\u00edf m\u00faslima. Versi\u00f0 er tala\u00f0 \u00ed m\u00f6rgum tilfellum.<\/p><p>Algengt er r\u00e1\u00f0leggingin um a\u00f0 tala h\u00e1s\u00e6tisversi\u00f0 fyrir sofnun. Svefninn var talinn \u00e1stand varnarleysis, og versinu var \u00e6tla\u00f0 a\u00f0 var\u00f0veita hinn sofandi.<\/p><p>Einnig \u00e1 morgnana og \u00e1 kv\u00f6ldin, vi\u00f0 a\u00f0 fara \u00far og koma inn \u00ed h\u00fasi\u00f0 og eftir hinar fyrirskrifu\u00f0u b\u00e6nir, er h\u00e1s\u00e6tisversi\u00f0 tala\u00f0. \u00dea\u00f0 fylgir \u00feannig hv\u00f6rfum dagsins.<\/p><p>\u00cd \u00f6llum \u00feessum tilfellum er versi\u00f0 tala\u00f0ur verndargripur. S\u00e1 sem talar \u00fea\u00f0 setur komandi t\u00edmabil dags s\u00edns, svefninn e\u00f0a veginn, undir vernd Gu\u00f0s.<\/p><p>\u00deessi notkun s\u00fdnir a\u00f0 Ayat al-Kursi er fyrst og fremst tala\u00f0ur texti. Vernd hans opnast \u00ed tali og \u00feuli.<\/p><p>H\u00e1s\u00e6tisversi\u00f0 heyrir \u00feannig til \u00feeirra texta sem me\u00f0 reglulegri \u00feulu fylgja l\u00edfinu og verja \u00fea\u00f0. \u00dea\u00f0 er vernd sem liggur ekki \u00ed hlut heldur \u00ed tala\u00f0a or\u00f0inu.<\/p>\t\t\t\t\t\t\t\t<\/div>\n\t\t\t\t<\/div>\n\t\t\t\t\t<\/div>\n\t\t\t\t<\/div>\n\t\t<div class=\"elementor-element elementor-element-iwgs-ayatalkursi-s4 e-flex e-con-boxed e-con e-parent\" data-id=\"iwgs-ayatalkursi-s4\" data-element_type=\"container\" data-e-type=\"container\">\n\t\t\t\t\t<div class=\"e-con-inner\">\n\t\t\t\t<div class=\"elementor-element elementor-element-iwgs-ayatalkursi-s4h elementor-widget elementor-widget-heading\" data-id=\"iwgs-ayatalkursi-s4h\" data-element_type=\"widget\" data-e-type=\"widget\" data-widget_type=\"heading.default\">\n\t\t\t\t\t<h2 class=\"elementor-heading-title elementor-size-default\">Ayat al-Kursi sem skrifa\u00f0 t\u00e1kn<\/h2>\t\t\t\t<\/div>\n\t\t<div class=\"elementor-element elementor-element-iwgs-ayatalkursi-s4box e-con-full e-flex e-con e-parent\" data-id=\"iwgs-ayatalkursi-s4box\" data-element_type=\"container\" data-e-type=\"container\">\n\t\t\t\t<div class=\"elementor-element elementor-element-iwgs-ayatalkursi-s4t elementor-widget elementor-widget-text-editor\" data-id=\"iwgs-ayatalkursi-s4t\" data-element_type=\"widget\" data-e-type=\"widget\" data-widget_type=\"text-editor.default\">\n\t\t\t\t\t\t\t\t\t<p>Umfram tala\u00f0a or\u00f0i\u00f0 er Ayat al-Kursi einnig skrifa\u00f0 og myndskreytt. \u00cd \u00feessu formi ver\u00f0ur h\u00e1s\u00e6tisversi\u00f0 s\u00fdnilegt verndart\u00e1kn.<\/p><p>Versi\u00f0 birtist \u00e1 hengjum og skartgripum. \u00cd listr\u00e6nni skrautskrift er textinn settur \u00e1 litlar pl\u00f6tur sem bornar eru \u00e1 l\u00edkamanum.<\/p><p>Oft er Ayat al-Kursi einnig s\u00fdnt sem veggskraut. \u00cd h\u00fasum hangir versi\u00f0, oft listaskrifa\u00f0i og innramma\u00f0i, \u00e1 veggnum og setur heimili\u00f0 undir vernd Gu\u00f0s.<\/p><p>H\u00e1s\u00e6tisversi\u00f0 er einnig komi\u00f0 fyrir \u00ed farart\u00e6kjum. Eins og Omamori \u00ed Japan e\u00f0a Christophorus-plata\u00f0urinn fylgir hinn skrifa\u00f0i vers hinum fer\u00f0andi \u00e1 vegi hans.<\/p><p>\u00cd \u00feessu skrifa\u00f0a formi heyrir Ayat al-Kursi til skriftargripa. Hinn helgi texti, skrifa\u00f0ur og borinn e\u00f0a hengdur upp, \u00e1 a\u00f0 vernda \u00feann sem ber hann e\u00f0a sta\u00f0inn.<\/p><p>H\u00e1s\u00e6tisversi\u00f0 sameinar \u00feannig tv\u00f6 form. \u00dea\u00f0 er tala\u00f0ur verndartexti og samt\u00edmis skrifa\u00f0 verndart\u00e1kn. \u00cd b\u00e1\u00f0um formum virkar \u00fea\u00f0 samkv\u00e6mt s\u00f6mu grundvallarhugmynd, stillingunni gagnvart m\u00e6tti Gu\u00f0s.<\/p>\t\t\t\t\t\t\t\t<\/div>\n\t\t\t\t<\/div>\n\t\t\t\t\t<\/div>\n\t\t\t\t<\/div>\n\t\t<div class=\"elementor-element elementor-element-iwgs-ayatalkursi-s5 e-flex e-con-boxed e-con e-parent\" data-id=\"iwgs-ayatalkursi-s5\" data-element_type=\"container\" data-e-type=\"container\">\n\t\t\t\t\t<div class=\"e-con-inner\">\n\t\t\t\t<div class=\"elementor-element elementor-element-iwgs-ayatalkursi-s5h elementor-widget elementor-widget-heading\" data-id=\"iwgs-ayatalkursi-s5h\" data-element_type=\"widget\" data-e-type=\"widget\" data-widget_type=\"heading.default\">\n\t\t\t\t\t<h2 class=\"elementor-heading-title elementor-size-default\">Ayat al-Kursi og Ta\u02bfw\u012bz<\/h2>\t\t\t\t<\/div>\n\t\t<div class=\"elementor-element elementor-element-iwgs-ayatalkursi-s5box e-con-full e-flex e-con e-parent\" data-id=\"iwgs-ayatalkursi-s5box\" data-element_type=\"container\" data-e-type=\"container\">\n\t\t\t\t<div class=\"elementor-element elementor-element-iwgs-ayatalkursi-s5t elementor-widget elementor-widget-text-editor\" data-id=\"iwgs-ayatalkursi-s5t\" data-element_type=\"widget\" data-e-type=\"widget\" data-widget_type=\"text-editor.default\">\n\t\t\t\t\t\t\t\t\t<p>Ayat al-Kursi tengist n\u00e1i\u00f0 Ta\u02bfw\u012bz, \u00edslamska <span class=\"iwg-fachbegriff\" data-tooltip=\"Hlutur sem borinn er \u00e1 l\u00edkamanum og talinn hafa verndandi, \u00f3heillaafst\u00fdrandi m\u00e1tt.\" tabindex=\"0\">verndargripnum<\/span>. H\u00e1s\u00e6tisversi\u00f0 er einn \u00feeirra texta sem oftast eru nota\u00f0ir \u00ed sl\u00edkan <span class=\"iwg-fachbegriff\" data-tooltip=\"Hlutur sem borinn er \u00e1 l\u00edkamanum og talinn hafa verndandi, \u00f3heillaafst\u00fdrandi m\u00e1tt.\" tabindex=\"0\">verndargrip<\/span>.<\/p><p>Ta\u02bfw\u012bz er <span class=\"iwg-fachbegriff\" data-tooltip=\"Hlutur sem borinn er \u00e1 l\u00edkamanum og talinn hafa verndandi, \u00f3heillaafst\u00fdrandi m\u00e1tt.\" tabindex=\"0\">verndargripur<\/span> sem var\u00f0veitir skrifa\u00f0an helgan texta \u00ed hylki. \u00c1 s\u00ed\u00f0unni um <a href=\"https:\/\/iwell-guard.com\/is\/?page_id=169158\">Ta\u02bfw\u012bz<\/a> er \u00feessi ger\u00f0 s\u00fdnd n\u00e1nar.<\/p><p>Ayat al-Kursi er eitt af \u00feeim innihaldi sem oftast er vali\u00f0 fyrir Ta\u02bfw\u012bz. H\u00e1s\u00e6tisversi\u00f0 er skrifa\u00f0 \u00e1 bla\u00f0i\u00f0 sem var\u00f0veitt er inni \u00ed verndargripnum.<\/p><p>\u00deannig tengist h\u00e1s\u00e6tisversi\u00f0 <span class=\"iwg-fachbegriff\" data-tooltip=\"Hlutur sem borinn er \u00e1 l\u00edkamanum og talinn hafa verndandi, \u00f3heillaafst\u00fdrandi m\u00e1tt.\" tabindex=\"0\">verndargripnum<\/span>. Textinn veitir verndandi innihaldi\u00f0, <span class=\"iwg-fachbegriff\" data-tooltip=\"Hlutur sem borinn er \u00e1 l\u00edkamanum og talinn hafa verndandi, \u00f3heillaafst\u00fdrandi m\u00e1tt.\" tabindex=\"0\">verndargripurinn<\/span> veitir hi\u00f0 bur\u00f0arh\u00e6fa form.<\/p><p>H\u00e9r gildir s\u00fa a\u00f0greining sem einnig er mikilv\u00e6g var\u00f0andi Ta\u02bfw\u012bz. Samkv\u00e6mt \u00edslamskri skilningi verndar versi\u00f0 vegna \u00feess a\u00f0 \u00fea\u00f0 er or\u00f0 Gu\u00f0s og v\u00edsar til Gu\u00f0s, ekki vegna \u00feess a\u00f0 <span class=\"iwg-fachbegriff\" data-tooltip=\"Hlutur sem borinn er \u00e1 l\u00edkamanum og talinn hafa verndandi, \u00f3heillaafst\u00fdrandi m\u00e1tt.\" tabindex=\"0\">verndargripurinn<\/span> hef\u00f0i eigin kraft.<\/p><p>Ayat al-Kursi s\u00fdnir \u00feannig hvernig verndartexti og verndarhlutur vinna saman. Versi\u00f0 er kjarninn, <span class=\"iwg-fachbegriff\" data-tooltip=\"Hlutur sem borinn er \u00e1 l\u00edkamanum og talinn hafa verndandi, \u00f3heillaafst\u00fdrandi m\u00e1tt.\" tabindex=\"0\">verndargripurinn<\/span> er hylki\u00f0. Saman myndar \u00feetta \u00fatbreitt \u00farr\u00e6\u00f0i \u00edslamskrar verndar.<\/p>\t\t\t\t\t\t\t\t<\/div>\n\t\t\t\t<\/div>\n\t\t\t\t\t<\/div>\n\t\t\t\t<\/div>\n\t\t<div class=\"elementor-element elementor-element-iwgs-ayatalkursi-s6 e-flex e-con-boxed e-con e-parent\" data-id=\"iwgs-ayatalkursi-s6\" data-element_type=\"container\" data-e-type=\"container\">\n\t\t\t\t\t<div class=\"e-con-inner\">\n\t\t\t\t<div class=\"elementor-element elementor-element-iwgs-ayatalkursi-s6h elementor-widget elementor-widget-heading\" data-id=\"iwgs-ayatalkursi-s6h\" data-element_type=\"widget\" data-e-type=\"widget\" data-widget_type=\"heading.default\">\n\t\t\t\t\t<h2 class=\"elementor-heading-title elementor-size-default\">Verndars\u00farur K\u00f3ransins<\/h2>\t\t\t\t<\/div>\n\t\t<div class=\"elementor-element elementor-element-iwgs-ayatalkursi-s6box e-con-full e-flex e-con e-parent\" data-id=\"iwgs-ayatalkursi-s6box\" data-element_type=\"container\" data-e-type=\"container\">\n\t\t\t\t<div class=\"elementor-element elementor-element-iwgs-ayatalkursi-s6t elementor-widget elementor-widget-text-editor\" data-id=\"iwgs-ayatalkursi-s6t\" data-element_type=\"widget\" data-e-type=\"widget\" data-widget_type=\"text-editor.default\">\n\t\t\t\t\t\t\t\t\t<p>Ayat al-Kursi stendur ekki eitt og s\u00e9r. K\u00f3raninn hefur a\u00f0 geyma fleiri texta sem \u00ed \u00edslam eru taldir s\u00e9rstaklega verndandi og oft nefndir samhli\u00f0a h\u00e1s\u00e6tisversinu.<\/p><p>\u00deekktastar eru tv\u00e6r stuttar s\u00farur vi\u00f0 lok K\u00f3ransins. \u00cd \u00feeim leitar hinn b\u00e6nam\u00e6landi berlega skj\u00f3ls hj\u00e1 Gu\u00f0i gegn illu \u00ed \u00fdmsum myndum.<\/p><p>\u00deessar tv\u00e6r s\u00farur eru \u00feess vegna kalla\u00f0ar verndars\u00farurnar. Saman me\u00f0 Ayat al-Kursi myndar \u00fe\u00e6r kjarna k\u00f3ran\u00edskra verndartexta.<\/p><p>\u00cdslamska <span class=\"iwg-fachbegriff\" data-tooltip=\"Mi\u00f0lun \u00feekkingar og fr\u00e1sagna milli kynsl\u00f3\u00f0a.\" tabindex=\"0\">munnm\u00e6lahef\u00f0in<\/span> greinir fr\u00e1 \u00fev\u00ed a\u00f0 sp\u00e1ma\u00f0urinn hafi flutt \u00feessa texta til verndar. \u00dear me\u00f0 hafa \u00feeir s\u00e9rstaka, fyrirmyndarlega st\u00f6\u00f0u.<\/p><p>Oft eru Ayat al-Kursi og verndars\u00farurnar flutt saman, til d\u00e6mis fyrir svefn. \u00de\u00e6r b\u00e6ta hvor a\u00f0ra upp og myndar saman v\u00ed\u00f0t\u00e6ka vernd.<\/p><p>Ayat al-Kursi telst \u00feannig til h\u00f3ps k\u00f3ran\u00edskra verndartexta. Innan \u00feessa h\u00f3ps er \u00fea\u00f0 textinn sem l\u00fdsir m\u00e6tti Gu\u00f0s \u00e1 \u00e1hrifamestan h\u00e1tt og telst kraftmestur \u00feeirra allra.<\/p>\t\t\t\t\t\t\t\t<\/div>\n\t\t\t\t<\/div>\n\t\t\t\t\t<\/div>\n\t\t\t\t<\/div>\n\t\t<div class=\"elementor-element elementor-element-iwgs-ayatalkursi-s7 e-flex e-con-boxed e-con e-parent\" data-id=\"iwgs-ayatalkursi-s7\" data-element_type=\"container\" data-e-type=\"container\">\n\t\t\t\t\t<div class=\"e-con-inner\">\n\t\t\t\t<div class=\"elementor-element elementor-element-iwgs-ayatalkursi-s7h elementor-widget elementor-widget-heading\" data-id=\"iwgs-ayatalkursi-s7h\" data-element_type=\"widget\" data-e-type=\"widget\" data-widget_type=\"heading.default\">\n\t\t\t\t\t<h2 class=\"elementor-heading-title elementor-size-default\">Hi\u00f0 m\u00e1tta or\u00f0 Gu\u00f0s<\/h2>\t\t\t\t<\/div>\n\t\t<div class=\"elementor-element elementor-element-iwgs-ayatalkursi-s7box e-con-full e-flex e-con e-parent\" data-id=\"iwgs-ayatalkursi-s7box\" data-element_type=\"container\" data-e-type=\"container\">\n\t\t\t\t<div class=\"elementor-element elementor-element-iwgs-ayatalkursi-s7t elementor-widget elementor-widget-text-editor\" data-id=\"iwgs-ayatalkursi-s7t\" data-element_type=\"widget\" data-e-type=\"widget\" data-widget_type=\"text-editor.default\">\n\t\t\t\t\t\t\t\t\t<p>Notkun Ayat al-Kursi sem verndartexta byggist \u00e1 grunnhugmynd \u00edslams, hinni h\u00e1u st\u00f6\u00f0u K\u00f3ransins sem or\u00f0s Gu\u00f0s.<\/p><p>K\u00f3raninn er \u00ed augum m\u00faslima hi\u00f0 beina or\u00f0 Gu\u00f0s. Hann er ekki venjuleg b\u00f3k, heldur opinberunin sj\u00e1lf. Af \u00feessari st\u00f6\u00f0u lei\u00f0ir hinn s\u00e9rstaki kraftur versa hans.<\/p><p>Vers eins og Ayat al-Kursi er \u00feannig samkv\u00e6mt \u00edslamskri skilningi ekki einungis setning. \u00dea\u00f0 er brot af hinu gu\u00f0lega or\u00f0i, og \u00ed \u00fev\u00ed er n\u00e1l\u00e6gur m\u00e1ttur \u00feess sem opinbera\u00f0i \u00fea\u00f0.<\/p><p>S\u00e1 sem m\u00e6lir e\u00f0a ber h\u00e1s\u00e6tisversi\u00f0 hefur \u00fear me\u00f0 or\u00f0 Gu\u00f0s hj\u00e1 s\u00e9r. Verndin liggur \u00ed \u00feessari n\u00e1l\u00e6g\u00f0 vi\u00f0 hi\u00f0 gu\u00f0lega or\u00f0.<\/p><p>\u00deessi hugmynd um hi\u00f0 m\u00e1ttuga helga or\u00f0 er ekki bundin vi\u00f0 \u00edslam. A\u00f0rar tr\u00faarhef\u00f0ir kannast einnig vi\u00f0 verndartexta og skriftartalismana. Hin j\u00fad\u00edska hef\u00f0, austuras\u00edskir papp\u00edrstalismanar og fleiri d\u00e6mi byggja \u00e1 s\u00f6mu grunnhugmynd.<\/p><p>Ayat al-Kursi er \u00edslamska \u00fatg\u00e1fan af \u00feessari grunnhugmynd. S\u00e9rkenni \u00feess liggur \u00ed hinni h\u00e1u st\u00f6\u00f0u K\u00f3ransins og \u00ed \u00e1hrifamikilli yfirl\u00fdsingu \u00feessa tiltekna vers um m\u00e1tt Gu\u00f0s.<\/p>\t\t\t\t\t\t\t\t<\/div>\n\t\t\t\t<\/div>\n\t\t\t\t\t<\/div>\n\t\t\t\t<\/div>\n\t\t<div class=\"elementor-element elementor-element-iwgs-ayatalkursi-s8 e-flex e-con-boxed e-con e-parent\" data-id=\"iwgs-ayatalkursi-s8\" data-element_type=\"container\" data-e-type=\"container\">\n\t\t\t\t\t<div class=\"e-con-inner\">\n\t\t\t\t<div class=\"elementor-element elementor-element-iwgs-ayatalkursi-s8h elementor-widget elementor-widget-heading\" data-id=\"iwgs-ayatalkursi-s8h\" data-element_type=\"widget\" data-e-type=\"widget\" data-widget_type=\"heading.default\">\n\t\t\t\t\t<h2 class=\"elementor-heading-title elementor-size-default\">M\u00f3tt\u00f6kur \u00ed dag<\/h2>\t\t\t\t<\/div>\n\t\t<div class=\"elementor-element elementor-element-iwgs-ayatalkursi-s8box e-con-full e-flex e-con e-parent\" data-id=\"iwgs-ayatalkursi-s8box\" data-element_type=\"container\" data-e-type=\"container\">\n\t\t\t\t<div class=\"elementor-element elementor-element-iwgs-ayatalkursi-s8t elementor-widget elementor-widget-text-editor\" data-id=\"iwgs-ayatalkursi-s8t\" data-element_type=\"widget\" data-e-type=\"widget\" data-widget_type=\"text-editor.default\">\n\t\t\t\t\t\t\t\t\t<p>Ayat al-Kursi er enn \u00ed dag \u00f3venju n\u00e1l\u00e6gt \u00ed \u00edsl\u00f6mskum heimi. Versi\u00f0 er flutt daglega af m\u00f6rgum m\u00faslimum og er fastur hluti tr\u00faarl\u00edfsins.<\/p><p>Sem skrifa\u00f0 t\u00e1kn er h\u00e1s\u00e6tisversi\u00f0 einnig mj\u00f6g \u00fatbreitt. Listilegar skrautskriftir versins pr\u00fd\u00f0a heimili, og margir bera \u00fea\u00f0 sem h\u00e1lsmen.<\/p><p>\u00cd farart\u00e6kjum, \u00e1 veggjum og vi\u00f0 innganga s\u00e9st h\u00e1s\u00e6tisversi\u00f0 oft. Alls sta\u00f0ar setur \u00fea\u00f0 sta\u00f0inn e\u00f0a fer\u00f0alanginn undir vernd Gu\u00f0s.<\/p><p>Skrautskrift h\u00e1s\u00e6tisversins er auk \u00feess mikilv\u00e6gt vi\u00f0fangsefni \u00edslamskrar listar. Listileg \u00fatf\u00e6rsla hins helga texta sameinar tr\u00faarlegt innihald og mikla listr\u00e6nan vandvirkni.<\/p><p>Ayat al-Kursi er \u00feannig \u00e1fram lifandi verndartexti. \u00d3l\u00edkt m\u00f6rgum verndargripum fyrri t\u00edma er \u00fea\u00f0 enn \u00ed dag \u00f3breytt n\u00e1l\u00e6gt \u00ed daglegu l\u00edfi margra.<\/p><p>H\u00e1s\u00e6tisversi\u00f0 er \u00feannig \u00e1hrifamiki\u00f0 d\u00e6mi um vernd sem liggur \u00ed or\u00f0inu. \u00cd \u00fev\u00ed sameinast hin h\u00e1a sta\u00f0a K\u00f3ransins, \u00e1hrifamikil yfirl\u00fdsing um m\u00e1tt Gu\u00f0s og \u00f3skin um vernd \u00ed daglegu l\u00edfi.<\/p>\t\t\t\t\t\t\t\t<\/div>\n\t\t\t\t<\/div>\n\t\t\t\t\t<\/div>\n\t\t\t\t<\/div>\n\t\t<div class=\"elementor-element elementor-element-iwgs-ayatalkursi-lit e-flex e-con-boxed e-con e-parent\" data-id=\"iwgs-ayatalkursi-lit\" data-element_type=\"container\" data-e-type=\"container\">\n\t\t\t\t\t<div class=\"e-con-inner\">\n\t\t\t\t<div class=\"elementor-element elementor-element-iwgs-ayatalkursi-lith elementor-widget elementor-widget-heading\" data-id=\"iwgs-ayatalkursi-lith\" data-element_type=\"widget\" data-e-type=\"widget\" data-widget_type=\"heading.default\">\n\t\t\t\t\t<h2 class=\"elementor-heading-title elementor-size-default\">Heimildir (\u00farval)<\/h2>\t\t\t\t<\/div>\n\t\t<div class=\"elementor-element elementor-element-iwgs-ayatalkursi-litbox e-con-full e-flex e-con e-parent\" data-id=\"iwgs-ayatalkursi-litbox\" data-element_type=\"container\" data-e-type=\"container\">\n\t\t\t\t<div class=\"elementor-element elementor-element-iwgs-ayatalkursi-litt elementor-widget elementor-widget-html\" data-id=\"iwgs-ayatalkursi-litt\" data-element_type=\"widget\" data-e-type=\"widget\" data-widget_type=\"html.default\">\n\t\t\t\t\t<footer data-nosnippet=\"true\"><ul><li>Annemarie Schimmel: <em>Die Religion des Islam. Eine Einf\u00fchrung<\/em> (1990)<\/li><li>Annemarie Schimmel: <em>Die Zeichen Gottes. Die religi\u00f6se Welt des Islam<\/em> (1995)<\/li><li>Constant Ham\u00e8s (Hrsg.): <em>Coran et talismans<\/em> (2007)<\/li><li>Emilie Savage-Smith (Hrsg.): <em>Magic and Divination in Early Islam<\/em> (2004)<\/li><li>Tilman Nagel: <em>Der Koran. Einf\u00fchrung, Texte, Erl\u00e4uterungen<\/em> (1983)<\/li><\/ul><\/footer>\t\t\t\t<\/div>\n\t\t\t\t<\/div>\n\t\t\t\t\t<\/div>\n\t\t\t\t<\/div>\n\t\t<div class=\"elementor-element elementor-element-iwgs-ayatalkursi-kwd e-flex e-con-boxed e-con e-parent\" data-id=\"iwgs-ayatalkursi-kwd\" data-element_type=\"container\" data-e-type=\"container\">\n\t\t\t\t\t<div class=\"e-con-inner\">\n\t\t\t\t<div class=\"elementor-element elementor-element-iwgs-ayatalkursi-kwdt elementor-widget elementor-widget-text-editor\" data-id=\"iwgs-ayatalkursi-kwdt\" data-element_type=\"widget\" data-e-type=\"widget\" data-widget_type=\"text-editor.default\">\n\t\t\t\t\t\t\t\t\t<p><em>Tengd leitaror\u00f0: Ayat al-Kursi h\u00e1s\u00e6tisversi\u00f0 K\u00f3raninn verndartexti al-Baqara verndars\u00farur Ta\u02bfw\u012bz \u00edslam.<\/em><\/p>\t\t\t\t\t\t\t\t<\/div>\n\t\t\t\t\t<\/div>\n\t\t\t\t<\/div>\n\t\t<div class=\"elementor-element elementor-element-iwgs-ayatalkursi-cc e-flex e-con-boxed e-con e-parent\" data-id=\"iwgs-ayatalkursi-cc\" data-element_type=\"container\" data-e-type=\"container\" id=\"iwg-cc-ayat-al-kursi\">\n\t\t\t\t\t<div class=\"e-con-inner\">\n\t\t<div class=\"elementor-element elementor-element-iwgs-ayatalkursi-ccinner e-flex e-con-boxed e-con e-parent\" data-id=\"iwgs-ayatalkursi-ccinner\" data-element_type=\"container\" data-e-type=\"container\" data-settings=\"{&quot;background_background&quot;:&quot;classic&quot;}\">\n\t\t\t\t\t<div class=\"e-con-inner\">\n\t\t\t\t<div class=\"elementor-element elementor-element-iwgs-ayatalkursi-cch elementor-widget elementor-widget-heading\" data-id=\"iwgs-ayatalkursi-cch\" data-element_type=\"widget\" data-e-type=\"widget\" data-widget_type=\"heading.default\">\n\t\t\t\t\t<h2 class=\"elementor-heading-title elementor-size-default\">iWell Guard og verndarhef\u00f0ir<\/h2>\t\t\t\t<\/div>\n\t\t\t\t<div class=\"elementor-element elementor-element-iwgs-ayatalkursi-cct elementor-widget elementor-widget-text-editor\" data-id=\"iwgs-ayatalkursi-cct\" data-element_type=\"widget\" data-e-type=\"widget\" data-widget_type=\"text-editor.default\">\n\t\t\t\t\t\t\t\t\t<p>iWell Guard fylgir menningars\u00f6gulegri hef\u00f0 bur\u00f0arh\u00e6fra verndargripa, sem h\u00e1s\u00e6tisversi\u00f0 Ayat al-Kursi telst einnig til. N\u00fat\u00edmalegur f\u00f6runautur fyrir f\u00f3lk sem lifir me\u00f0 verndart\u00e1knum: framleitt \u00ed \u00de\u00fdskalandi, 41 lag af sk\u00edru gulli, plat\u00ednu og silfri, me\u00f0 30 daga skilar\u00e9tti.<\/p>\t\t\t\t\t\t\t\t<\/div>\n\t\t\t\t<div class=\"elementor-element elementor-element-iwgs-ayatalkursi-ccb iwg-cc-button iwg-cc-cta-2026-05-13 elementor-widget elementor-widget-jet-button\" data-id=\"iwgs-ayatalkursi-ccb\" data-element_type=\"widget\" data-e-type=\"widget\" data-widget_type=\"jet-button.default\">\n\t\t\t\t<div class=\"elementor-widget-container\">\n\t\t\t\t\t<div class=\"elementor-jet-button jet-elements\"><div class=\"jet-button__container\"><a class=\"jet-button__instance jet-button__instance--icon-left hover-effect-1\" href=\"\/schutzanhaenger-iwell-guard-kaufen\/?utm_source=iwell-guard.com&amp;utm_medium=info-box&amp;utm_campaign=schutzsymbole\"><div class=\"jet-button__plane jet-button__plane-normal\"><\/div><div class=\"jet-button__plane jet-button__plane-hover\"><\/div><div class=\"jet-button__state jet-button__state-normal\"><span class=\"jet-button__label\">Meira um iWell Guard<\/span><\/div><div class=\"jet-button__state jet-button__state-hover\"><span class=\"jet-button__label\">Meira um iWell Guard<\/span><\/div><\/a><\/div><\/div><style>.elementor-element.elementor-element-iwgs-ayatalkursi-ccb .jet-button__instance{width:320px;height:56px;}.elementor-element.elementor-element-iwgs-ayatalkursi-ccb .jet-button__state-normal .jet-button__label{text-align:center;margin:0px 0px 0px 0px;color:#1a1b20;font-family:Montserrat,sans-serif;font-size:13px;font-weight:400;letter-spacing:4px;line-height:1.714em;text-transform:uppercase;}.elementor-element.elementor-element-iwgs-ayatalkursi-ccb .jet-button__state-hover .jet-button__label{text-align:center;margin:0px 0px 0px 0px;color:#FECC76;font-family:Montserrat,sans-serif;font-size:13px;font-weight:400;letter-spacing:4px;line-height:1.714em;text-transform:uppercase;}.elementor-element.elementor-element-iwgs-ayatalkursi-ccb .jet-button__plane-normal{background-color:#FECC76;border-style:solid;border-color:#C99540;border-width:2px 2px 2px 2px;}.elementor-element.elementor-element-iwgs-ayatalkursi-ccb .jet-button__plane-hover{background-color:rgba(0,0,0,0.55);border-style:solid;border-color:#FECC76;border-width:2px 2px 2px 2px;}<\/style>\t\t\t\t<\/div>\n\t\t\t\t<\/div>\n\t\t\t\t<div class=\"elementor-element elementor-element-iwgs-ayatalkursi-ccd elementor-widget elementor-widget-text-editor\" data-id=\"iwgs-ayatalkursi-ccd\" data-element_type=\"widget\" data-e-type=\"widget\" data-widget_type=\"text-editor.default\">\n\t\t\t\t\t\t\t\t\t<p style=\"text-align:center;font-size:13px;opacity:0.7;margin-top:14px\" data-nosnippet=\"true\">Pers\u00f3nuleg reynsla getur veri\u00f0 mismunandi. Ekki l\u00e6kningat\u00e6ki. Engin lofor\u00f0 um l\u00e6kningu.<\/p>\t\t\t\t\t\t\t\t<\/div>\n\t\t\t\t\t<\/div>\n\t\t\t\t<\/div>\n\t\t\t\t\t<\/div>\n\t\t\t\t<\/div>\n\t\t<div class=\"elementor-element elementor-element-iwgs-ayatalkursi-disc e-flex e-con-boxed e-con e-parent\" data-id=\"iwgs-ayatalkursi-disc\" data-element_type=\"container\" data-e-type=\"container\">\n\t\t\t\t\t<div class=\"e-con-inner\">\n\t\t\t\t<div class=\"elementor-element elementor-element-iwgs-ayatalkursi-discw elementor-widget elementor-widget-html\" data-id=\"iwgs-ayatalkursi-discw\" data-element_type=\"widget\" data-e-type=\"widget\" data-widget_type=\"html.default\">\n\t\t\t\t\t<footer data-nosnippet=\"true\" class=\"iwg-disclaimer-block\"><p data-nosnippet=\"true\">iWell Guard er <strong>ekki l\u00e6kningat\u00e6ki<\/strong> og kemur ekki \u00ed sta\u00f0 l\u00e6knis- e\u00f0a s\u00e1lfr\u00e6\u00f0ime\u00f0fer\u00f0ar. Innihaldi\u00f0 sem h\u00e9r er sett fram er tr\u00faarbrag\u00f0afr\u00e6\u00f0ileg og menningars\u00f6gulega greining, ekki lofor\u00f0 um andlega virkni.<\/p><\/footer>\t\t\t\t<\/div>\n\t\t\t\t\t<\/div>\n\t\t\t\t<\/div>\n\t\t\t\t<\/div>\n\t\t","protected":false},"excerpt":{"rendered":"","protected":false},"author":3,"featured_media":3508,"parent":0,"menu_order":0,"comment_status":"closed","ping_status":"closed","template":"elementor_header_footer","meta":{"_yoast_wpseo_focuskw":"Ayat al-Kursi","_yoast_wpseo_title":"Ayat al-Kursi \u2013 h\u00e1s\u00e6tisversi\u00f0 sem vernd","_yoast_wpseo_metadesc":"Ayat al-Kursi, h\u00e1s\u00e6tisvers K\u00f3ransins, er tali\u00f0 kraftmikill verndartexti \u00ed \u00edslam. Merking og notkun \u00fatsk\u00fdr\u00f0 \u00e1 sk\u00fdran h\u00e1tt.","_yoast_wpseo_meta-robots-noindex":"","_yoast_wpseo_canonical":"","_angie_page":false,"gefaehrdungsstufe":"","wesen_kultur":"","wesen_klasse":"","footnotes":""},"categories":[],"class_list":["post-169185","page","type-page","status-publish","has-post-thumbnail","hentry"],"yoast_head":"<!-- This site is optimized with the Yoast SEO Premium plugin v27.7 (Yoast SEO v28.3) - https:\/\/yoast.com\/product\/yoast-seo-premium-wordpress\/ -->\n<title>Ayat al-Kursi \u2013 h\u00e1s\u00e6tisversi\u00f0 sem vernd<\/title>\n<meta name=\"description\" content=\"Ayat al-Kursi, h\u00e1s\u00e6tisvers K\u00f3ransins, er tali\u00f0 kraftmikill verndartexti \u00ed \u00edslam. Merking og notkun \u00fatsk\u00fdr\u00f0 \u00e1 sk\u00fdran h\u00e1tt.\" \/>\n<meta name=\"robots\" content=\"index, follow, max-snippet:-1, max-image-preview:large, max-video-preview:-1\" \/>\n<link rel=\"canonical\" href=\"https:\/\/iwell-guard.com\/is\/ayat-al-kursi-hasaetisversid\/\" \/>\n<meta property=\"og:locale\" content=\"is_IS\" \/>\n<meta property=\"og:type\" content=\"article\" \/>\n<meta property=\"og:title\" content=\"Ayat al-Kursi \u2013 h\u00e1s\u00e6tisversi\u00f0 sem verndartexti\" \/>\n<meta property=\"og:description\" content=\"Ayat al-Kursi, h\u00e1s\u00e6tisvers K\u00f3ransins, er tali\u00f0 kraftmikill verndartexti \u00ed \u00edslam. Merking og notkun \u00fatsk\u00fdr\u00f0 \u00e1 sk\u00fdran h\u00e1tt.\" \/>\n<meta property=\"og:url\" content=\"https:\/\/iwell-guard.com\/is\/ayat-al-kursi-hasaetisversid\/\" \/>\n<meta property=\"og:site_name\" content=\"iWell Guard\" \/>\n<meta property=\"article:modified_time\" content=\"2026-09-05T14:34:25+00:00\" \/>\n<meta property=\"og:image\" content=\"https:\/\/iwell-guard.com\/wp-content\/uploads\/2026\/05\/schutzsymbol_islam_ayat-al-kursi.webp\" \/>\n\t<meta property=\"og:image:width\" content=\"1024\" \/>\n\t<meta property=\"og:image:height\" content=\"1536\" \/>\n\t<meta property=\"og:image:type\" content=\"image\/webp\" \/>\n<meta name=\"twitter:card\" content=\"summary_large_image\" \/>\n<script type=\"application\/ld+json\" class=\"yoast-schema-graph\">{\"@context\":\"https:\\\/\\\/schema.org\",\"@graph\":[{\"@type\":\"WebPage\",\"@id\":\"https:\\\/\\\/iwell-guard.com\\\/is\\\/ayat-al-kursi-hasaetisversid\\\/\",\"url\":\"https:\\\/\\\/iwell-guard.com\\\/is\\\/ayat-al-kursi-hasaetisversid\\\/\",\"name\":\"Ayat al-Kursi \u2013 h\u00e1s\u00e6tisversi\u00f0 sem vernd\",\"isPartOf\":{\"@id\":\"https:\\\/\\\/iwell-guard.com\\\/is\\\/#website\"},\"primaryImageOfPage\":{\"@id\":\"https:\\\/\\\/iwell-guard.com\\\/is\\\/ayat-al-kursi-hasaetisversid\\\/#primaryimage\"},\"image\":{\"@id\":\"https:\\\/\\\/iwell-guard.com\\\/is\\\/ayat-al-kursi-hasaetisversid\\\/#primaryimage\"},\"thumbnailUrl\":\"https:\\\/\\\/iwell-guard.com\\\/wp-content\\\/uploads\\\/2026\\\/05\\\/schutzsymbol_islam_ayat-al-kursi.webp\",\"datePublished\":\"2026-09-05T14:06:19+00:00\",\"dateModified\":\"2026-09-05T14:34:25+00:00\",\"description\":\"Ayat al-Kursi, h\u00e1s\u00e6tisvers K\u00f3ransins, er tali\u00f0 kraftmikill verndartexti \u00ed \u00edslam. Merking og notkun \u00fatsk\u00fdr\u00f0 \u00e1 sk\u00fdran h\u00e1tt.\",\"breadcrumb\":{\"@id\":\"https:\\\/\\\/iwell-guard.com\\\/is\\\/ayat-al-kursi-hasaetisversid\\\/#breadcrumb\"},\"inLanguage\":\"is\",\"potentialAction\":[{\"@type\":\"ReadAction\",\"target\":[\"https:\\\/\\\/iwell-guard.com\\\/is\\\/ayat-al-kursi-hasaetisversid\\\/\"]}]},{\"@type\":\"ImageObject\",\"inLanguage\":\"is\",\"@id\":\"https:\\\/\\\/iwell-guard.com\\\/is\\\/ayat-al-kursi-hasaetisversid\\\/#primaryimage\",\"url\":\"https:\\\/\\\/iwell-guard.com\\\/wp-content\\\/uploads\\\/2026\\\/05\\\/schutzsymbol_islam_ayat-al-kursi.webp\",\"contentUrl\":\"https:\\\/\\\/iwell-guard.com\\\/wp-content\\\/uploads\\\/2026\\\/05\\\/schutzsymbol_islam_ayat-al-kursi.webp\",\"width\":1024,\"height\":1536,\"caption\":\"Verndart\u00e1kn. Myndskreyting \u00ed safnst\u00edl.\"},{\"@type\":\"BreadcrumbList\",\"@id\":\"https:\\\/\\\/iwell-guard.com\\\/is\\\/ayat-al-kursi-hasaetisversid\\\/#breadcrumb\",\"itemListElement\":[{\"@type\":\"ListItem\",\"position\":1,\"name\":\"Start\",\"item\":\"https:\\\/\\\/iwell-guard.com\\\/is\\\/?page_id=168580\"},{\"@type\":\"ListItem\",\"position\":2,\"name\":\"Ayat al-Kursi \u2013 h\u00e1s\u00e6tisversi\u00f0 sem verndartexti\"}]},{\"@type\":\"WebSite\",\"@id\":\"https:\\\/\\\/iwell-guard.com\\\/is\\\/#website\",\"url\":\"https:\\\/\\\/iwell-guard.com\\\/is\\\/\",\"name\":\"iWell Guard\",\"description\":\"Schutz vor dunklen Einfl\u00fcssen\",\"publisher\":{\"@id\":\"https:\\\/\\\/iwell-guard.com\\\/is\\\/#organization\"},\"potentialAction\":[{\"@type\":\"SearchAction\",\"target\":{\"@type\":\"EntryPoint\",\"urlTemplate\":\"https:\\\/\\\/iwell-guard.com\\\/is\\\/?s={search_term_string}\"},\"query-input\":{\"@type\":\"PropertyValueSpecification\",\"valueRequired\":true,\"valueName\":\"search_term_string\"}}],\"inLanguage\":\"is\"},{\"@type\":\"Organization\",\"@id\":\"https:\\\/\\\/iwell-guard.com\\\/is\\\/#organization\",\"name\":\"Ittermann electronic GmbH\",\"url\":\"https:\\\/\\\/iwell-guard.com\\\/is\\\/\",\"logo\":{\"@type\":\"ImageObject\",\"inLanguage\":\"is\",\"@id\":\"https:\\\/\\\/iwell-guard.com\\\/is\\\/#\\\/schema\\\/logo\\\/image\\\/\",\"url\":\"https:\\\/\\\/iwell-guard.com\\\/wp-content\\\/uploads\\\/2026\\\/05\\\/Ittermann-Logo-1182x237-1.png\",\"contentUrl\":\"https:\\\/\\\/iwell-guard.com\\\/wp-content\\\/uploads\\\/2026\\\/05\\\/Ittermann-Logo-1182x237-1.png\",\"width\":1182,\"height\":237,\"caption\":\"Ittermann electronic GmbH\"},\"image\":{\"@id\":\"https:\\\/\\\/iwell-guard.com\\\/is\\\/#\\\/schema\\\/logo\\\/image\\\/\"},\"sameAs\":[\"https:\\\/\\\/pantip.com\\\/profile\\\/9367242\",\"https:\\\/\\\/micro.blog\\\/iwellguard\",\"https:\\\/\\\/www.diggerslist.com\\\/iwellguard\\\/about\",\"https:\\\/\\\/skitterphoto.com\\\/photographers\\\/2870314\\\/iwell-guard\",\"https:\\\/\\\/iwellguard.wordpress.com\\\/2026\\\/06\\\/06\\\/iwell-guard\\\/\",\"https:\\\/\\\/hub.docker.com\\\/u\\\/iwellguard\",\"https:\\\/\\\/www.pinterest.com\\\/iwellguard\\\/\",\"https:\\\/\\\/bit.ly\\\/m\\\/iwellguard\",\"https:\\\/\\\/entre-vos-mains.alsace.eu\\\/profiles\\\/iwellguard\\\/activity\",\"https:\\\/\\\/gravatar.com\\\/reallybeded8fd34\",\"https:\\\/\\\/naijamatta.com\\\/iwellguard\",\"https:\\\/\\\/www.goodreads.com\\\/iwellguard\",\"https:\\\/\\\/profile.hatena.ne.jp\\\/iwellguard\\\/\",\"https:\\\/\\\/experiment.com\\\/users\\\/iwellguard\",\"https:\\\/\\\/wakelet.com\\\/@iWellGuard82270\",\"https:\\\/\\\/www.chordie.com\\\/forum\\\/profile.php?id=2555664\",\"https:\\\/\\\/www.instapaper.com\\\/p\\\/17757966\",\"https:\\\/\\\/www.mapleprimes.com\\\/users\\\/iwellguard\",\"https:\\\/\\\/businesslistingplus.com\\\/profile\\\/iwell-guard\\\/\",\"https:\\\/\\\/telegra.ph\\\/iWell-Guard-06-06\",\"https:\\\/\\\/pbase.com\\\/iwellguard\\\/iwellguard\",\"https:\\\/\\\/b.hatena.ne.jp\\\/iwellguard\\\/20260607#bookmark-4788405196491818882\",\"https:\\\/\\\/fliphtml5.com\\\/home\\\/iwellguard\",\"https:\\\/\\\/anyflip.com\\\/homepage\\\/cmiwl#About\",\"https:\\\/\\\/transfur.com\\\/Users\\\/iwellguard\",\"http:\\\/\\\/delphi.larsbo.org\\\/user\\\/iwellguard\",\"https:\\\/\\\/jobs.lajobsportal.org\\\/profiles\\\/8380803-iwell-guard\",\"https:\\\/\\\/md.chaosdorf.de\\\/s\\\/jfbe5SBdJD\",\"https:\\\/\\\/www.lingvolive.com\\\/en-us\\\/profile\\\/9ecaeaca-ce11-4e51-9e71-01d55e2bff36\\\/translations\",\"https:\\\/\\\/www.fitday.com\\\/fitness\\\/forums\\\/members\\\/iwellguard.html\",\"https:\\\/\\\/www.mymeetbook.com\\\/iwellguard\",\"https:\\\/\\\/pxhere.com\\\/en\\\/photographer-me\\\/5040798\",\"https:\\\/\\\/disqus.com\\\/by\\\/iwellguard\\\/about\\\/\",\"https:\\\/\\\/pastelink.net\\\/hjwciqwq\",\"https:\\\/\\\/pubhtml5.com\\\/homepage\\\/scjhn\\\/\",\"https:\\\/\\\/www.bitchute.com\\\/channel\\\/2O2eOKzNqujT\",\"https:\\\/\\\/audiomack.com\\\/iwellguard\"]}]}<\/script>\n<!-- \/ Yoast SEO Premium plugin. -->","yoast_head_json":{"title":"Ayat al-Kursi \u2013 h\u00e1s\u00e6tisversi\u00f0 sem vernd","description":"Ayat al-Kursi, h\u00e1s\u00e6tisvers K\u00f3ransins, er tali\u00f0 kraftmikill verndartexti \u00ed \u00edslam. Merking og notkun \u00fatsk\u00fdr\u00f0 \u00e1 sk\u00fdran h\u00e1tt.","robots":{"index":"index","follow":"follow","max-snippet":"max-snippet:-1","max-image-preview":"max-image-preview:large","max-video-preview":"max-video-preview:-1"},"canonical":"https:\/\/iwell-guard.com\/is\/ayat-al-kursi-hasaetisversid\/","og_locale":"is_IS","og_type":"article","og_title":"Ayat al-Kursi \u2013 h\u00e1s\u00e6tisversi\u00f0 sem verndartexti","og_description":"Ayat al-Kursi, h\u00e1s\u00e6tisvers K\u00f3ransins, er tali\u00f0 kraftmikill verndartexti \u00ed \u00edslam. Merking og notkun \u00fatsk\u00fdr\u00f0 \u00e1 sk\u00fdran h\u00e1tt.","og_url":"https:\/\/iwell-guard.com\/is\/ayat-al-kursi-hasaetisversid\/","og_site_name":"iWell Guard","article_modified_time":"2026-09-05T14:34:25+00:00","og_image":[{"width":1024,"height":1536,"url":"https:\/\/iwell-guard.com\/wp-content\/uploads\/2026\/05\/schutzsymbol_islam_ayat-al-kursi.webp","type":"image\/webp"}],"twitter_card":"summary_large_image","schema":{"@context":"https:\/\/schema.org","@graph":[{"@type":"WebPage","@id":"https:\/\/iwell-guard.com\/is\/ayat-al-kursi-hasaetisversid\/","url":"https:\/\/iwell-guard.com\/is\/ayat-al-kursi-hasaetisversid\/","name":"Ayat al-Kursi \u2013 h\u00e1s\u00e6tisversi\u00f0 sem vernd","isPartOf":{"@id":"https:\/\/iwell-guard.com\/is\/#website"},"primaryImageOfPage":{"@id":"https:\/\/iwell-guard.com\/is\/ayat-al-kursi-hasaetisversid\/#primaryimage"},"image":{"@id":"https:\/\/iwell-guard.com\/is\/ayat-al-kursi-hasaetisversid\/#primaryimage"},"thumbnailUrl":"https:\/\/iwell-guard.com\/wp-content\/uploads\/2026\/05\/schutzsymbol_islam_ayat-al-kursi.webp","datePublished":"2026-09-05T14:06:19+00:00","dateModified":"2026-09-05T14:34:25+00:00","description":"Ayat al-Kursi, h\u00e1s\u00e6tisvers K\u00f3ransins, er tali\u00f0 kraftmikill verndartexti \u00ed \u00edslam. Merking og notkun \u00fatsk\u00fdr\u00f0 \u00e1 sk\u00fdran h\u00e1tt.","breadcrumb":{"@id":"https:\/\/iwell-guard.com\/is\/ayat-al-kursi-hasaetisversid\/#breadcrumb"},"inLanguage":"is","potentialAction":[{"@type":"ReadAction","target":["https:\/\/iwell-guard.com\/is\/ayat-al-kursi-hasaetisversid\/"]}]},{"@type":"ImageObject","inLanguage":"is","@id":"https:\/\/iwell-guard.com\/is\/ayat-al-kursi-hasaetisversid\/#primaryimage","url":"https:\/\/iwell-guard.com\/wp-content\/uploads\/2026\/05\/schutzsymbol_islam_ayat-al-kursi.webp","contentUrl":"https:\/\/iwell-guard.com\/wp-content\/uploads\/2026\/05\/schutzsymbol_islam_ayat-al-kursi.webp","width":1024,"height":1536,"caption":"Verndart\u00e1kn. Myndskreyting \u00ed safnst\u00edl."},{"@type":"BreadcrumbList","@id":"https:\/\/iwell-guard.com\/is\/ayat-al-kursi-hasaetisversid\/#breadcrumb","itemListElement":[{"@type":"ListItem","position":1,"name":"Start","item":"https:\/\/iwell-guard.com\/is\/?page_id=168580"},{"@type":"ListItem","position":2,"name":"Ayat al-Kursi \u2013 h\u00e1s\u00e6tisversi\u00f0 sem verndartexti"}]},{"@type":"WebSite","@id":"https:\/\/iwell-guard.com\/is\/#website","url":"https:\/\/iwell-guard.com\/is\/","name":"iWell Guard","description":"Schutz vor dunklen Einfl\u00fcssen","publisher":{"@id":"https:\/\/iwell-guard.com\/is\/#organization"},"potentialAction":[{"@type":"SearchAction","target":{"@type":"EntryPoint","urlTemplate":"https:\/\/iwell-guard.com\/is\/?s={search_term_string}"},"query-input":{"@type":"PropertyValueSpecification","valueRequired":true,"valueName":"search_term_string"}}],"inLanguage":"is"},{"@type":"Organization","@id":"https:\/\/iwell-guard.com\/is\/#organization","name":"Ittermann electronic GmbH","url":"https:\/\/iwell-guard.com\/is\/","logo":{"@type":"ImageObject","inLanguage":"is","@id":"https:\/\/iwell-guard.com\/is\/#\/schema\/logo\/image\/","url":"https:\/\/iwell-guard.com\/wp-content\/uploads\/2026\/05\/Ittermann-Logo-1182x237-1.png","contentUrl":"https:\/\/iwell-guard.com\/wp-content\/uploads\/2026\/05\/Ittermann-Logo-1182x237-1.png","width":1182,"height":237,"caption":"Ittermann electronic GmbH"},"image":{"@id":"https:\/\/iwell-guard.com\/is\/#\/schema\/logo\/image\/"},"sameAs":["https:\/\/pantip.com\/profile\/9367242","https:\/\/micro.blog\/iwellguard","https:\/\/www.diggerslist.com\/iwellguard\/about","https:\/\/skitterphoto.com\/photographers\/2870314\/iwell-guard","https:\/\/iwellguard.wordpress.com\/2026\/06\/06\/iwell-guard\/","https:\/\/hub.docker.com\/u\/iwellguard","https:\/\/www.pinterest.com\/iwellguard\/","https:\/\/bit.ly\/m\/iwellguard","https:\/\/entre-vos-mains.alsace.eu\/profiles\/iwellguard\/activity","https:\/\/gravatar.com\/reallybeded8fd34","https:\/\/naijamatta.com\/iwellguard","https:\/\/www.goodreads.com\/iwellguard","https:\/\/profile.hatena.ne.jp\/iwellguard\/","https:\/\/experiment.com\/users\/iwellguard","https:\/\/wakelet.com\/@iWellGuard82270","https:\/\/www.chordie.com\/forum\/profile.php?id=2555664","https:\/\/www.instapaper.com\/p\/17757966","https:\/\/www.mapleprimes.com\/users\/iwellguard","https:\/\/businesslistingplus.com\/profile\/iwell-guard\/","https:\/\/telegra.ph\/iWell-Guard-06-06","https:\/\/pbase.com\/iwellguard\/iwellguard","https:\/\/b.hatena.ne.jp\/iwellguard\/20260607#bookmark-4788405196491818882","https:\/\/fliphtml5.com\/home\/iwellguard","https:\/\/anyflip.com\/homepage\/cmiwl#About","https:\/\/transfur.com\/Users\/iwellguard","http:\/\/delphi.larsbo.org\/user\/iwellguard","https:\/\/jobs.lajobsportal.org\/profiles\/8380803-iwell-guard","https:\/\/md.chaosdorf.de\/s\/jfbe5SBdJD","https:\/\/www.lingvolive.com\/en-us\/profile\/9ecaeaca-ce11-4e51-9e71-01d55e2bff36\/translations","https:\/\/www.fitday.com\/fitness\/forums\/members\/iwellguard.html","https:\/\/www.mymeetbook.com\/iwellguard","https:\/\/pxhere.com\/en\/photographer-me\/5040798","https:\/\/disqus.com\/by\/iwellguard\/about\/","https:\/\/pastelink.net\/hjwciqwq","https:\/\/pubhtml5.com\/homepage\/scjhn\/","https:\/\/www.bitchute.com\/channel\/2O2eOKzNqujT","https:\/\/audiomack.com\/iwellguard"]}]}},"_links":{"self":[{"href":"https:\/\/iwell-guard.com\/is\/wp-json\/wp\/v2\/pages\/169185","targetHints":{"allow":["GET"]}}],"collection":[{"href":"https:\/\/iwell-guard.com\/is\/wp-json\/wp\/v2\/pages"}],"about":[{"href":"https:\/\/iwell-guard.com\/is\/wp-json\/wp\/v2\/types\/page"}],"author":[{"embeddable":true,"href":"https:\/\/iwell-guard.com\/is\/wp-json\/wp\/v2\/users\/3"}],"replies":[{"embeddable":true,"href":"https:\/\/iwell-guard.com\/is\/wp-json\/wp\/v2\/comments?post=169185"}],"version-history":[{"count":0,"href":"https:\/\/iwell-guard.com\/is\/wp-json\/wp\/v2\/pages\/169185\/revisions"}],"wp:featuredmedia":[{"embeddable":true,"href":"https:\/\/iwell-guard.com\/is\/wp-json\/wp\/v2\/media\/3508"}],"wp:attachment":[{"href":"https:\/\/iwell-guard.com\/is\/wp-json\/wp\/v2\/media?parent=169185"}],"wp:term":[{"taxonomy":"category","embeddable":true,"href":"https:\/\/iwell-guard.com\/is\/wp-json\/wp\/v2\/categories?post=169185"}],"curies":[{"name":"wp","href":"https:\/\/api.w.org\/{rel}","templated":true}]}}