{"id":169184,"date":"2026-09-05T14:06:18","date_gmt":"2026-09-05T14:06:18","guid":{"rendered":"https:\/\/iwell-guard.com\/?page_id=169184"},"modified":"2026-09-05T14:34:23","modified_gmt":"2026-09-05T14:34:23","slug":"siglar-salomons-taknid-yfir-andana","status":"publish","type":"page","link":"https:\/\/iwell-guard.com\/is\/siglar-salomons-taknid-yfir-andana\/","title":{"rendered":"Siglar Sal\u00f3mons \u2013 t\u00e1kni\u00f0 yfir andana"},"content":{"rendered":"\t\t<div data-elementor-type=\"wp-page\" data-elementor-id=\"169184\" class=\"elementor elementor-169184 elementor-3674 elementor-bc-flex-widget\" data-elementor-post-type=\"page\">\n\t\t\t\t<div class=\"elementor-element elementor-element-iwgs-siegelsalomo-hero e-flex e-con-boxed e-con e-parent\" data-id=\"iwgs-siegelsalomo-hero\" data-element_type=\"container\" data-e-type=\"container\">\n\t\t\t\t\t<div class=\"e-con-inner\">\n\t\t<div class=\"elementor-element elementor-element-iwgs-siegelsalomo-hl e-flex e-con-boxed e-con e-parent\" data-id=\"iwgs-siegelsalomo-hl\" data-element_type=\"container\" data-e-type=\"container\">\n\t\t\t\t\t<div class=\"e-con-inner\">\n\t\t<div class=\"elementor-element elementor-element-iwgs-siegelsalomo-hlbox e-con-full e-flex e-con e-parent\" data-id=\"iwgs-siegelsalomo-hlbox\" data-element_type=\"container\" data-e-type=\"container\">\n\t\t\t\t<div class=\"elementor-element elementor-element-iwgs-siegelsalomo-h1 elementor-widget elementor-widget-heading\" data-id=\"iwgs-siegelsalomo-h1\" data-element_type=\"widget\" data-e-type=\"widget\" data-widget_type=\"heading.default\">\n\t\t\t\t\t<h1 class=\"elementor-heading-title elementor-size-default\">Siglar Sal\u00f3mons \u2013 t\u00e1kni\u00f0 yfir andana<\/h1>\t\t\t\t<\/div>\n\t\t\t\t<div class=\"elementor-element elementor-element-iwgs-siegelsalomo-lead elementor-widget elementor-widget-text-editor\" data-id=\"iwgs-siegelsalomo-lead\" data-element_type=\"widget\" data-e-type=\"widget\" data-widget_type=\"text-editor.default\">\n\t\t\t\t\t\t\t\t\t<p>Siglar Sal\u00f3mons er verndart\u00e1kn sem rekur uppruna sinn til <span class=\"iwg-fachbegriff\" data-tooltip=\"Uppbyggjandi fr\u00e1s\u00f6gn, oftast um \u00e6vi heilagra manna.\" tabindex=\"0\">helgis\u00f6gu<\/span>. Samkv\u00e6mt henni stj\u00f3rna\u00f0i Sal\u00f3mon konungur \u00f6ndunum me\u00f0 innsiglishring. T\u00e1kni\u00f0 barst um gy\u00f0inglega, \u00edslamska og mag\u00edska hef\u00f0.<\/p>\t\t\t\t\t\t\t\t<\/div>\n\t\t\t\t<\/div>\n\t\t\t\t<div class=\"elementor-element elementor-element-iwgs-siegelsalomo-pills elementor-widget elementor-widget-html\" data-id=\"iwgs-siegelsalomo-pills\" data-element_type=\"widget\" data-e-type=\"widget\" data-widget_type=\"html.default\">\n\t\t\t\t\t<div class=\"iwg-pill-row\"><span class=\"iwg-klasse-badge\" tabindex=\"0\" data-tooltip=\"Verndart\u00e1kn, verndargripur e\u00f0a ap\u00f3tr\u00f3pa\u00edskur (illf\u00e6landi) hlutur.\">Verndart\u00e1kn<\/span><a href=\"https:\/\/iwell-guard.com\/is\/judatru\/\" class=\"iwg-kultur-badge\" tabindex=\"0\" data-tooltip=\"Verndarhef\u00f0: Gy\u00f0ingd\u00f3mur\">Gy\u00f0ingd\u00f3mur<\/a><span class=\"iwg-tradition-badge\" tabindex=\"0\" data-tooltip=\"T\u00e1kn sem \u00e1 a\u00f0 veita e\u00f0a t\u00e1kna vernd.\">Verndart\u00e1kn<\/span><\/div>\t\t\t\t<\/div>\n\t\t\t\t\t<\/div>\n\t\t\t\t<\/div>\n\t\t<div class=\"elementor-element elementor-element-iwgs-siegelsalomo-hr e-con-full e-flex e-con e-parent\" data-id=\"iwgs-siegelsalomo-hr\" data-element_type=\"container\" data-e-type=\"container\">\n\t\t\t\t<div class=\"elementor-element elementor-element-iwgs-siegelsalomo-himg iwg-hero-image elementor-widget elementor-widget-image\" data-id=\"iwgs-siegelsalomo-himg\" data-element_type=\"widget\" data-e-type=\"widget\" data-widget_type=\"image.default\">\n\t\t\t\t\t\t\t\t\t\t\t\t\t\t\t<img fetchpriority=\"high\" decoding=\"async\" width=\"683\" height=\"1024\" src=\"https:\/\/iwell-guard.com\/wp-content\/uploads\/2026\/05\/schutzsymbol_judentum_siegel-salomos-683x1024.webp\" class=\"attachment-large size-large wp-image-170541\" alt=\"Innsigli Sal\u00f3mons - verndart\u00e1kn, safnfr\u00e6\u00f0ileg mynd\" srcset=\"https:\/\/iwell-guard.com\/wp-content\/uploads\/2026\/05\/schutzsymbol_judentum_siegel-salomos-683x1024.webp 683w, https:\/\/iwell-guard.com\/wp-content\/uploads\/2026\/05\/schutzsymbol_judentum_siegel-salomos-200x300.webp 200w, https:\/\/iwell-guard.com\/wp-content\/uploads\/2026\/05\/schutzsymbol_judentum_siegel-salomos-768x1152.webp 768w, https:\/\/iwell-guard.com\/wp-content\/uploads\/2026\/05\/schutzsymbol_judentum_siegel-salomos.webp 1024w\" sizes=\"(max-width: 683px) 100vw, 683px\" \/>\t\t\t\t\t\t\t\t\t\t\t\t\t\t\t<\/div>\n\t\t\t\t<\/div>\n\t\t\t\t\t<\/div>\n\t\t\t\t<\/div>\n\t\t<div class=\"elementor-element elementor-element-iwgs-siegelsalomo-s0 e-flex e-con-boxed e-con e-parent\" data-id=\"iwgs-siegelsalomo-s0\" data-element_type=\"container\" data-e-type=\"container\">\n\t\t\t\t\t<div class=\"e-con-inner\">\n\t\t\t\t<div class=\"elementor-element elementor-element-iwgs-siegelsalomo-s0h elementor-widget elementor-widget-heading\" data-id=\"iwgs-siegelsalomo-s0h\" data-element_type=\"widget\" data-e-type=\"widget\" data-widget_type=\"heading.default\">\n\t\t\t\t\t<h2 class=\"elementor-heading-title elementor-size-default\">Yfirlit<\/h2>\t\t\t\t<\/div>\n\t\t<div class=\"elementor-element elementor-element-iwgs-siegelsalomo-s0box e-con-full e-flex e-con e-parent\" data-id=\"iwgs-siegelsalomo-s0box\" data-element_type=\"container\" data-e-type=\"container\">\n\t\t\t\t<div class=\"elementor-element elementor-element-iwgs-siegelsalomo-s0t elementor-widget elementor-widget-text-editor\" data-id=\"iwgs-siegelsalomo-s0t\" data-element_type=\"widget\" data-e-type=\"widget\" data-widget_type=\"text-editor.default\">\n\t\t\t\t\t\t\t\t\t<p>Siglar Sal\u00f3mons er verndart\u00e1kn sem \u00e1 uppt\u00f6k s\u00edn \u00ed <span class=\"iwg-fachbegriff\" data-tooltip=\"Uppbyggjandi fr\u00e1s\u00f6gn, oftast um \u00e6vi heilagra manna.\" tabindex=\"0\">helgis\u00f6gu<\/span>. \u00dea\u00f0 er tengt Sal\u00f3mon konungi, pers\u00f3nu \u00far hebresku bibl\u00edunni, sem s\u00f6g\u00f0 er hafa haft \u00f3venjulega visku og m\u00e1tt.<\/p><p>Samkv\u00e6mt <span class=\"iwg-fachbegriff\" data-tooltip=\"Uppbyggjandi fr\u00e1s\u00f6gn, oftast um \u00e6vi heilagra manna.\" tabindex=\"0\">helgis\u00f6gunni<\/span> \u00e1tti Sal\u00f3mon innsiglishring. Me\u00f0 \u00feessum hring, sigli Sal\u00f3mons, stj\u00f3rna\u00f0i hann \u00f6ndum og dj\u00f6flum og \u00fevinga\u00f0i \u00fe\u00e1 \u00ed \u00fej\u00f3nustu s\u00edna.<\/p><p>Siglar Sal\u00f3mons er \u00fear me\u00f0 t\u00e1kn valdsins yfir \u00f6ndunum. \u00dea\u00f0 \u00e1 a\u00f0 binda, hemja og halda ska\u00f0legum m\u00e1ttarv\u00f6ldum \u00ed fjarl\u00e6g\u00f0. \u00cd \u00fev\u00ed felst merking \u00feess sem verndart\u00e1knar.<\/p><p>T\u00e1kni\u00f0 er ekki bundi\u00f0 vi\u00f0 eina menningu. \u00dea\u00f0 hefur upphaf sitt \u00ed gy\u00f0inglegri <span class=\"iwg-fachbegriff\" data-tooltip=\"Mi\u00f0lun \u00feekkingar og fr\u00e1sagna milli kynsl\u00f3\u00f0a.\" tabindex=\"0\">arfs\u00f6gn<\/span> og barst \u00fea\u00f0an yfir \u00ed \u00edslamska hef\u00f0 og evr\u00f3pska <span class=\"iwg-fachbegriff\" data-tooltip=\"I\u00f0kun sem reynir a\u00f0 hafa \u00e1hrif \u00e1 atbur\u00f0ar\u00e1s me\u00f0 s\u00e9rst\u00f6kum ath\u00f6fnum e\u00f0a form\u00falum.\" tabindex=\"0\">galdrahef\u00f0<\/span>.<\/p><p>\u00cd <span class=\"iwg-fachbegriff\" data-tooltip=\"V\u00edsindagrein sem rannsakar tr\u00faarbr\u00f6g\u00f0 samanbur\u00f0arlega og \u00e1n tr\u00faarlegrar bindingar.\" tabindex=\"0\">tr\u00faarbrag\u00f0afr\u00e6\u00f0i<\/span> er siglar Sal\u00f3mons gott d\u00e6mi um t\u00e1kn sem barst yfir landam\u00e6ri margra tr\u00faarbrag\u00f0a. Saga \u00feess tengir saman gy\u00f0inglega, \u00edslamska og kristilega m\u00f3ta\u00f0a mag\u00edska <span class=\"iwg-fachbegriff\" data-tooltip=\"Mi\u00f0lun \u00feekkingar og fr\u00e1sagna milli kynsl\u00f3\u00f0a.\" tabindex=\"0\">arfs\u00f6gn<\/span>.<\/p><p>Siglar Sal\u00f3mons s\u00fdnir auk \u00feess a\u00f0 verndart\u00e1kn getur veri\u00f0 tengt fr\u00e1s\u00f6gn. Kraftur \u00feess er s\u00f3ttur \u00ed <span class=\"iwg-fachbegriff\" data-tooltip=\"Uppbyggjandi fr\u00e1s\u00f6gn, oftast um \u00e6vi heilagra manna.\" tabindex=\"0\">helgis\u00f6guna<\/span> um Sal\u00f3mon og vald hans yfir \u00f6ndunum.<\/p>\t\t\t\t\t\t\t\t<\/div>\n\t\t\t\t<\/div>\n\t\t\t\t\t<\/div>\n\t\t\t\t<\/div>\n\t\t<div class=\"elementor-element elementor-element-iwgs-siegelsalomo-s1 e-flex e-con-boxed e-con e-parent\" data-id=\"iwgs-siegelsalomo-s1\" data-element_type=\"container\" data-e-type=\"container\">\n\t\t\t\t\t<div class=\"e-con-inner\">\n\t\t\t\t<div class=\"elementor-element elementor-element-iwgs-siegelsalomo-s1h elementor-widget elementor-widget-heading\" data-id=\"iwgs-siegelsalomo-s1h\" data-element_type=\"widget\" data-e-type=\"widget\" data-widget_type=\"heading.default\">\n\t\t\t\t\t<h2 class=\"elementor-heading-title elementor-size-default\">Sal\u00f3mon konungur<\/h2>\t\t\t\t<\/div>\n\t\t<div class=\"elementor-element elementor-element-iwgs-siegelsalomo-s1box e-con-full e-flex e-con e-parent\" data-id=\"iwgs-siegelsalomo-s1box\" data-element_type=\"container\" data-e-type=\"container\">\n\t\t\t\t<div class=\"elementor-element elementor-element-iwgs-siegelsalomo-s1t elementor-widget elementor-widget-text-editor\" data-id=\"iwgs-siegelsalomo-s1t\" data-element_type=\"widget\" data-e-type=\"widget\" data-widget_type=\"text-editor.default\">\n\t\t\t\t\t\t\t\t\t<p>Siglar Sal\u00f3mons er tengt Sal\u00f3mon konungi. Sal\u00f3mon er mikilv\u00e6g pers\u00f3na \u00far hebresku bibl\u00edunni, konungur \u00ed \u00cdsrael til forna.<\/p><p>Bibl\u00edan l\u00fdsir Sal\u00f3mon sem konungi af \u00f3venjulegri visku. \u00deessi viska er hans einkennandi eiginleiki, og fj\u00f6lmargar fr\u00e1sagnir spinnast um hana.<\/p><p>Sal\u00f3mon er einnig talinn hafa reist musteri\u00f0 \u00ed Jer\u00fasalem. Bygging \u00feess musteris er eitt af hinum miklu verkum sem honum er eigna\u00f0.<\/p><p>Umfram hina bibl\u00edulegu l\u00fdsingu mynda\u00f0ist r\u00edk hef\u00f0 helgisagna um Sal\u00f3mon. \u00cd \u00feessum s\u00f6gum v\u00edkkar viska hans \u00fat \u00ed \u00feekkingu sem n\u00e6r einnig til tungum\u00e1ls d\u00fdranna og heims andanna.<\/p><p>\u00cd \u00feessari hef\u00f0 helgisagna ver\u00f0ur Sal\u00f3mon a\u00f0 stj\u00f3rnanda me\u00f0 vald yfir \u00f6ndum og dj\u00f6flum. \u00deessu valdi beitir hann me\u00f0 hj\u00e1lp innsiglishrings s\u00edns.<\/p><p>Siglar Sal\u00f3mons heyrir \u00feannig til \u00feessarar v\u00edkka\u00f0u, sagnfr\u00e6gu pers\u00f3nu konungsins. \u00dea\u00f0 er t\u00e1kni\u00f0 um vald hans yfir hinum \u00f3s\u00fdnilegu m\u00e1ttarv\u00f6ldum, vald sem <span class=\"iwg-fachbegriff\" data-tooltip=\"Uppbyggjandi fr\u00e1s\u00f6gn, oftast um \u00e6vi heilagra manna.\" tabindex=\"0\">helgisagan<\/span>, ekki bibl\u00edan, eignar honum.<\/p>\t\t\t\t\t\t\t\t<\/div>\n\t\t\t\t<\/div>\n\t\t\t\t\t<\/div>\n\t\t\t\t<\/div>\n\t\t<div class=\"elementor-element elementor-element-iwgs-siegelsalomo-s2 e-flex e-con-boxed e-con e-parent\" data-id=\"iwgs-siegelsalomo-s2\" data-element_type=\"container\" data-e-type=\"container\">\n\t\t\t\t\t<div class=\"e-con-inner\">\n\t\t\t\t<div class=\"elementor-element elementor-element-iwgs-siegelsalomo-s2h elementor-widget elementor-widget-heading\" data-id=\"iwgs-siegelsalomo-s2h\" data-element_type=\"widget\" data-e-type=\"widget\" data-widget_type=\"heading.default\">\n\t\t\t\t\t<h2 class=\"elementor-heading-title elementor-size-default\">Helgisagan um innsiglishringinn<\/h2>\t\t\t\t<\/div>\n\t\t<div class=\"elementor-element elementor-element-iwgs-siegelsalomo-s2box e-con-full e-flex e-con e-parent\" data-id=\"iwgs-siegelsalomo-s2box\" data-element_type=\"container\" data-e-type=\"container\">\n\t\t\t\t<div class=\"elementor-element elementor-element-iwgs-siegelsalomo-s2t elementor-widget elementor-widget-text-editor\" data-id=\"iwgs-siegelsalomo-s2t\" data-element_type=\"widget\" data-e-type=\"widget\" data-widget_type=\"text-editor.default\">\n\t\t\t\t\t\t\t\t\t<p>\u00cd brennidepli er <span class=\"iwg-fachbegriff\" data-tooltip=\"Uppbyggjandi fr\u00e1s\u00f6gn, oftast um \u00e6vi heilagra manna.\" tabindex=\"0\">helgisagan<\/span> um innsiglishring Sal\u00f3mons. \u00deessi <span class=\"iwg-fachbegriff\" data-tooltip=\"Uppbyggjandi fr\u00e1s\u00f6gn, oftast um \u00e6vi heilagra manna.\" tabindex=\"0\">helgisaga<\/span> \u00fatsk\u00fdrir hva\u00f0an siglinu kom vald sitt yfir \u00f6ndunum.<\/p><p>Samkv\u00e6mt fr\u00e1s\u00f6gninni f\u00e9kk Sal\u00f3mon hringinn fr\u00e1 Gu\u00f0i e\u00f0a fyrir gu\u00f0lega millig\u00f6ngu. Hringurinn var \u00fear me\u00f0 engin venjuleg skartgrip, heldur hlutur af gu\u00f0legum uppruna.<\/p><p>Me\u00f0 \u00feessum hring gat Sal\u00f3mon stj\u00f3rna\u00f0 \u00f6ndum og dj\u00f6flum. Hann gat kalla\u00f0 \u00feau fram, yfirheyrt \u00feau og \u00fevinga\u00f0 \u00feau til a\u00f0 \u00fej\u00f3na s\u00e9r.<\/p><p>\u00datbreidd fr\u00e1s\u00f6gn segir a\u00f0 Sal\u00f3mon hafi me\u00f0 hj\u00e1lp hringsins n\u00fdtt andana vi\u00f0 byggingu musterisins. Hinar \u00f3s\u00fdnilegu m\u00e1ttarv\u00f6ldu ur\u00f0u a\u00f0 taka \u00fe\u00e1tt \u00ed hinu mikla verki.<\/p><p>Hringurinn bar innsigli, og \u00feetta innsigli var hi\u00f0 raunverulega verkandi. Me\u00f0 innsiglinu batt og innsigla\u00f0i Sal\u00f3mon andana. Fr\u00e1 innsigli hringsins hefur t\u00e1kni\u00f0 nafn sitt.<\/p><p>\u00cdtarleg \u00fatg\u00e1fa af \u00feessari <span class=\"iwg-fachbegriff\" data-tooltip=\"Uppbyggjandi fr\u00e1s\u00f6gn, oftast um \u00e6vi heilagra manna.\" tabindex=\"0\">helgis\u00f6gu<\/span> er a\u00f0 finna \u00ed fornu riti sem kallast Testamentum Salomonis. \u00dear er l\u00fdst hvernig Sal\u00f3mon yfirheyrir og bindur dj\u00f6flana hvern fyrir sig me\u00f0 hj\u00e1lp hringsins.<\/p>\t\t\t\t\t\t\t\t<\/div>\n\t\t\t\t<\/div>\n\t\t\t\t\t<\/div>\n\t\t\t\t<\/div>\n\t\t<div class=\"elementor-element elementor-element-iwgs-siegelsalomo-s3 e-flex e-con-boxed e-con e-parent\" data-id=\"iwgs-siegelsalomo-s3\" data-element_type=\"container\" data-e-type=\"container\">\n\t\t\t\t\t<div class=\"e-con-inner\">\n\t\t\t\t<div class=\"elementor-element elementor-element-iwgs-siegelsalomo-s3h elementor-widget elementor-widget-heading\" data-id=\"iwgs-siegelsalomo-s3h\" data-element_type=\"widget\" data-e-type=\"widget\" data-widget_type=\"heading.default\">\n\t\t\t\t\t<h2 class=\"elementor-heading-title elementor-size-default\">Ger\u00f0 t\u00e1knsins<\/h2>\t\t\t\t<\/div>\n\t\t<div class=\"elementor-element elementor-element-iwgs-siegelsalomo-s3box e-con-full e-flex e-con e-parent\" data-id=\"iwgs-siegelsalomo-s3box\" data-element_type=\"container\" data-e-type=\"container\">\n\t\t\t\t<div class=\"elementor-element elementor-element-iwgs-siegelsalomo-s3t elementor-widget elementor-widget-text-editor\" data-id=\"iwgs-siegelsalomo-s3t\" data-element_type=\"widget\" data-e-type=\"widget\" data-widget_type=\"text-editor.default\">\n\t\t\t\t\t\t\t\t\t<p>Var\u00f0andi mynd siglis Sal\u00f3mons er vark\u00e1rni nau\u00f0synleg, \u00fev\u00ed t\u00e1kni\u00f0 er ekki einhl\u00edtt skilgreint. Hugtaki\u00f0 hefur veri\u00f0 nota\u00f0 um mismunandi form.<\/p><p>Oft er siglar Sal\u00f3mons s\u00fdndur sem hexagram, sexoddastjarna ger\u00f0 \u00far tveimur saml\u00f6g\u00f0um \u00fer\u00edhyrningum. \u00cd \u00fev\u00ed formi fellur hann saman vi\u00f0 t\u00e1kni\u00f0 sem einnig er kennt vi\u00f0 Dav\u00ed\u00f0sstj\u00f6rnuna.<\/p><p>Jafn oft var siglar Sal\u00f3mons \u00fe\u00f3 skilinn sem pentagram, fimmoddastjarna. \u00cd fj\u00f6lm\u00f6rgum heimildum, s\u00e9rstaklega \u00ed mag\u00edskri <span class=\"iwg-fachbegriff\" data-tooltip=\"Mi\u00f0lun \u00feekkingar og fr\u00e1sagna milli kynsl\u00f3\u00f0a.\" tabindex=\"0\">arfs\u00f6gn<\/span>, v\u00edsar hugtaki\u00f0 til fimmoddastj\u00f6rnunnar.<\/p><p>\u00deessi \u00f3samr\u00e6mi er einkennandi. Siglar Sal\u00f3mons er s\u00ed\u00f0ur tilteki\u00f0 form en nafn sem tengt hefur veri\u00f0 vi\u00f0 \u00fdmis kraftmikil r\u00famfr\u00e6\u00f0ileg t\u00e1kn.<\/p><p>Sameiginlegt me\u00f0 \u00feessum t\u00e1knum, b\u00e6\u00f0i hexagraminu og pentagraminu, er a\u00f0 \u00feau voru talin \u00f6flug. B\u00e6\u00f0i eru loka\u00f0ar, reglulegar stj\u00f6rnumyndir sem eigna\u00f0ur var bindandi kraftur.<\/p><p>Fyrir n\u00e1kv\u00e6ma framsetningu er mikilv\u00e6gt a\u00f0 benda \u00e1 \u00feetta \u00f3samr\u00e6mi. Siglar Sal\u00f3mons hefur ekki eina fasta mynd. \u00dea\u00f0 er nafn sem safnar saman \u00fdmsum kraftmiklum stj\u00f6rnut\u00e1knum.<\/p>\t\t\t\t\t\t\t\t<\/div>\n\t\t\t\t<\/div>\n\t\t\t\t\t<\/div>\n\t\t\t\t<\/div>\n\t\t<div class=\"elementor-element elementor-element-iwgs-siegelsalomo-s4 e-flex e-con-boxed e-con e-parent\" data-id=\"iwgs-siegelsalomo-s4\" data-element_type=\"container\" data-e-type=\"container\">\n\t\t\t\t\t<div class=\"e-con-inner\">\n\t\t\t\t<div class=\"elementor-element elementor-element-iwgs-siegelsalomo-s4h elementor-widget elementor-widget-heading\" data-id=\"iwgs-siegelsalomo-s4h\" data-element_type=\"widget\" data-e-type=\"widget\" data-widget_type=\"heading.default\">\n\t\t\t\t\t<h2 class=\"elementor-heading-title elementor-size-default\">Vald yfir \u00f6ndunum<\/h2>\t\t\t\t<\/div>\n\t\t<div class=\"elementor-element elementor-element-iwgs-siegelsalomo-s4box e-con-full e-flex e-con e-parent\" data-id=\"iwgs-siegelsalomo-s4box\" data-element_type=\"container\" data-e-type=\"container\">\n\t\t\t\t<div class=\"elementor-element elementor-element-iwgs-siegelsalomo-s4t elementor-widget elementor-widget-text-editor\" data-id=\"iwgs-siegelsalomo-s4t\" data-element_type=\"widget\" data-e-type=\"widget\" data-widget_type=\"text-editor.default\">\n\t\t\t\t\t\t\t\t\t<p>Merking Sal\u00f3monsinnsiglisins sn\u00fdst um valdi\u00f0 yfir \u00f6ndunum. T\u00e1kni\u00f0 \u00e1 a\u00f0 binda, stj\u00f3rna og halda ska\u00f0legum m\u00e1ttarv\u00f6ldum fjarri.<\/p><p>\u00deessi hugmynd er s\u00e9rst\u00f6k me\u00f0al verndarhugmynda. Sal\u00f3monsinnsigli\u00f0 hrekur andana ekki fr\u00e1 me\u00f0 \u00f3gnvekjandi mynd og fangar ekki augnar\u00e1\u00f0 \u00feeirra. \u00dea\u00f0 bindur andana og l\u00e6tur \u00fe\u00e1 l\u00fata valdi.<\/p><p>Hugmyndin a\u00f0 baki er r\u00e9ttm\u00e6t yfirr\u00e1\u00f0. Eins og Sal\u00f3mon skipa\u00f0i \u00f6ndunum r\u00e9ttilega me\u00f0 hringnum, \u00e1 innsigli\u00f0 a\u00f0 halda \u00f6ndunum \u00ed skefjum og skipa \u00feeim fyrir.<\/p><p>\u00deessi hugmynd um bindingu og yfirr\u00e1\u00f0 yfir \u00f6ndunum hefur or\u00f0i\u00f0 s\u00e9rlega mikilv\u00e6g \u00ed hinni <span class=\"iwg-fachbegriff\" data-tooltip=\"Mi\u00f0lun \u00feekkingar og fr\u00e1sagna kynsl\u00f3\u00f0 fram af kynsl\u00f3\u00f0.\" tabindex=\"0\">munnlegu geymd<\/span> galdrahef\u00f0ar. \u00dear var Sal\u00f3monsinnsigli\u00f0 tali\u00f0 t\u00e6ki til a\u00f0 kalla fram og \u00fevinga anda.<\/p><p>Samhli\u00f0a \u00feessu gegndi Sal\u00f3monsinnsigli\u00f0 hlutverki verndar. T\u00e1kn sem veitir vald yfir \u00f6ndunum getur haldi\u00f0 ska\u00f0legum \u00f6ndum fjarri og hrundi\u00f0 \u00feeim fr\u00e1.<\/p><p>Sal\u00f3monsinnsigli\u00f0 heyrir \u00feannig til \u00feeirra verndart\u00e1kna sem virka me\u00f0 bindingu. \u00dea\u00f0 bindur hina \u00f3s\u00fdnilegu m\u00e1ttarv\u00f6ld, og \u00ed \u00feeirri bindingu felst verndin sem \u00fea\u00f0 veitir.<\/p>\t\t\t\t\t\t\t\t<\/div>\n\t\t\t\t<\/div>\n\t\t\t\t\t<\/div>\n\t\t\t\t<\/div>\n\t\t<div class=\"elementor-element elementor-element-iwgs-siegelsalomo-s5 e-flex e-con-boxed e-con e-parent\" data-id=\"iwgs-siegelsalomo-s5\" data-element_type=\"container\" data-e-type=\"container\">\n\t\t\t\t\t<div class=\"e-con-inner\">\n\t\t\t\t<div class=\"elementor-element elementor-element-iwgs-siegelsalomo-s5h elementor-widget elementor-widget-heading\" data-id=\"iwgs-siegelsalomo-s5h\" data-element_type=\"widget\" data-e-type=\"widget\" data-widget_type=\"heading.default\">\n\t\t\t\t\t<h2 class=\"elementor-heading-title elementor-size-default\">Sal\u00f3monsinnsigli\u00f0 \u00ed \u00edslam<\/h2>\t\t\t\t<\/div>\n\t\t<div class=\"elementor-element elementor-element-iwgs-siegelsalomo-s5box e-con-full e-flex e-con e-parent\" data-id=\"iwgs-siegelsalomo-s5box\" data-element_type=\"container\" data-e-type=\"container\">\n\t\t\t\t<div class=\"elementor-element elementor-element-iwgs-siegelsalomo-s5t elementor-widget elementor-widget-text-editor\" data-id=\"iwgs-siegelsalomo-s5t\" data-element_type=\"widget\" data-e-type=\"widget\" data-widget_type=\"text-editor.default\">\n\t\t\t\t\t\t\t\t\t<p>Sal\u00f3monsinnsigli\u00f0 hefur ekki einskor\u00f0ast vi\u00f0 hina j\u00fad\u00edsku hef\u00f0. \u00dea\u00f0 hefur borist \u00fea\u00f0an yfir \u00ed \u00edslamska <span class=\"iwg-fachbegriff\" data-tooltip=\"Mi\u00f0lun \u00feekkingar og fr\u00e1sagna kynsl\u00f3\u00f0 fram af kynsl\u00f3\u00f0.\" tabindex=\"0\">munnlega geymd<\/span>.<\/p><p>\u00cd \u00edslam er Sal\u00f3mon \u00feekktur undir nafninu Sulaiman. Hann er talinn sp\u00e1ma\u00f0ur, og \u00edslamska <span class=\"iwg-fachbegriff\" data-tooltip=\"Mi\u00f0lun \u00feekkingar og fr\u00e1sagna kynsl\u00f3\u00f0 fram af kynsl\u00f3\u00f0.\" tabindex=\"0\">munnlega geymdin<\/span> eignar honum einnig vald yfir \u00f6ndunum.<\/p><p>Samkv\u00e6mt \u00edslamskri hugmynd stj\u00f3rna\u00f0i Sulaiman djinnunum, andaverum sem eru til samhli\u00f0a m\u00f6nnum. Einnig h\u00e9r er innsiglishringurinn t\u00e6ki\u00f0 til \u00feessarar yfirr\u00e1\u00f0ar.<\/p><p>Sal\u00f3monsinnsigli\u00f0, \u00ed \u00edslam oft kalla\u00f0 innsigli Sulaimans, var\u00f0 \u00feannig einnig mikilv\u00e6gt t\u00e1kn \u00ed hinum \u00edslamska heimi. \u00dea\u00f0 kemur fyrir \u00e1 verndargripum og \u00ed galdrahef\u00f0 sem <span class=\"iwg-fachbegriff\" data-tooltip=\"Mi\u00f0lun \u00feekkingar og fr\u00e1sagna kynsl\u00f3\u00f0 fram af kynsl\u00f3\u00f0.\" tabindex=\"0\">munnleg geymd<\/span>.<\/p><p>\u00c1 s\u00ed\u00f0unni um <a href=\"https:\/\/iwell-guard.com\/is\/islam\/\">\u00edslam<\/a> er heimur djinnanna s\u00fdndur n\u00e1nar. Innsigli Sulaimans heyrir til \u00feeirra t\u00e1kna sem \u00edsl\u00f6msk <span class=\"iwg-fachbegriff\" data-tooltip=\"Tr\u00faarleg i\u00f0kun \u00ed daglegu l\u00edfi, oft samhli\u00f0a hinni opinberu kenningu.\" tabindex=\"0\">al\u00fe\u00fd\u00f0utr\u00fa<\/span> nota\u00f0i til a\u00f0 leita verndar gegn djinnunum.<\/p><p>Sal\u00f3monsinnsigli\u00f0 s\u00fdnir \u00feannig hversu n\u00e1i\u00f0 j\u00fad\u00edsk og \u00edsl\u00f6msk <span class=\"iwg-fachbegriff\" data-tooltip=\"Mi\u00f0lun \u00feekkingar og fr\u00e1sagna kynsl\u00f3\u00f0 fram af kynsl\u00f3\u00f0.\" tabindex=\"0\">munnleg geymd<\/span> eru tengd \u00e1 vissum svi\u00f0um. Sama pers\u00f3na, sami hringur, sama valdi\u00f0 yfir \u00f6ndunum birtast \u00ed b\u00e1\u00f0um hef\u00f0um.<\/p>\t\t\t\t\t\t\t\t<\/div>\n\t\t\t\t<\/div>\n\t\t\t\t\t<\/div>\n\t\t\t\t<\/div>\n\t\t<div class=\"elementor-element elementor-element-iwgs-siegelsalomo-s6 e-flex e-con-boxed e-con e-parent\" data-id=\"iwgs-siegelsalomo-s6\" data-element_type=\"container\" data-e-type=\"container\">\n\t\t\t\t\t<div class=\"e-con-inner\">\n\t\t\t\t<div class=\"elementor-element elementor-element-iwgs-siegelsalomo-s6h elementor-widget elementor-widget-heading\" data-id=\"iwgs-siegelsalomo-s6h\" data-element_type=\"widget\" data-e-type=\"widget\" data-widget_type=\"heading.default\">\n\t\t\t\t\t<h2 class=\"elementor-heading-title elementor-size-default\">Innsigli\u00f0 \u00ed vestr\u00e6nni galdrahef\u00f0<\/h2>\t\t\t\t<\/div>\n\t\t<div class=\"elementor-element elementor-element-iwgs-siegelsalomo-s6box e-con-full e-flex e-con e-parent\" data-id=\"iwgs-siegelsalomo-s6box\" data-element_type=\"container\" data-e-type=\"container\">\n\t\t\t\t<div class=\"elementor-element elementor-element-iwgs-siegelsalomo-s6t elementor-widget elementor-widget-text-editor\" data-id=\"iwgs-siegelsalomo-s6t\" data-element_type=\"widget\" data-e-type=\"widget\" data-widget_type=\"text-editor.default\">\n\t\t\t\t\t\t\t\t\t<p>\u00deri\u00f0ja l\u00ednan lei\u00f0ir innsigli Sal\u00f3mons inn \u00ed vestr\u00e6na dulr\u00e6na <span class=\"iwg-fachbegriff\" data-tooltip=\"Mi\u00f0lun \u00feekkingar og fr\u00e1sagna milli kynsl\u00f3\u00f0a.\" tabindex=\"0\">arfleif\u00f0<\/span>. \u00dear gegnir \u00fea\u00f0 einnig mikilv\u00e6gu hlutverki.<\/p><p>\u00c1 mi\u00f0\u00f6ldum og snemma n\u00fd\u00f6ld ur\u00f0u til handb\u00e6kur \u00e1 svi\u00f0i <span class=\"iwg-fachbegriff\" data-tooltip=\"I\u00f0kun sem reynir a\u00f0 hafa \u00e1hrif \u00e1 gang m\u00e1la me\u00f0 s\u00e9rst\u00f6kum ath\u00f6fnum e\u00f0a form\u00falum.\" tabindex=\"0\">galdra<\/span> sem kenndu a\u00f0 kalla fram og stj\u00f3rna \u00f6ndum. \u00deessar handb\u00e6kur eru kalla\u00f0ar grimoires.<\/p><p>Nokkrar \u00feessara handb\u00f3ka v\u00edsa til Sal\u00f3mons og innsiglis hans. \u00de\u00e6r bera nafn hans \u00ed titlinum og skipa s\u00e9r \u00ed hef\u00f0 valds hans yfir \u00f6ndunum.<\/p><p>\u00cd \u00feessum handb\u00f3kum birtist innsigli Sal\u00f3mons sem t\u00e1kn sem galdrama\u00f0urinn notar til a\u00f0 binda og \u00fevinga andana. \u00dea\u00f0 er me\u00f0al mikilv\u00e6gustu t\u00e1kna \u00feessarar <span class=\"iwg-fachbegriff\" data-tooltip=\"Mi\u00f0lun \u00feekkingar og fr\u00e1sagna milli kynsl\u00f3\u00f0a.\" tabindex=\"0\">arfleif\u00f0ar<\/span>.<\/p><p>\u00deessi dulr\u00e6na notkun stendur utan b\u00e6\u00f0i gy\u00f0inglegrar og \u00edslamskrar tr\u00faar. H\u00fan er sj\u00e1lfst\u00e6\u00f0, vestr\u00e6n hef\u00f0 sem byggir \u00e1 <span class=\"iwg-fachbegriff\" data-tooltip=\"Uppbyggileg fr\u00e1s\u00f6gn, oftast um l\u00edf d\u00fdrlinga.\" tabindex=\"0\">helgis\u00f6gninni<\/span> um Sal\u00f3mon.<\/p><p>Innsigli Sal\u00f3mons \u00e1 s\u00e9r \u00feannig \u00ferefalda \u00e1hrifas\u00f6gu. \u00dea\u00f0 tilheyrir gy\u00f0inglegri <span class=\"iwg-fachbegriff\" data-tooltip=\"Mi\u00f0lun \u00feekkingar og fr\u00e1sagna milli kynsl\u00f3\u00f0a.\" tabindex=\"0\">arfleif\u00f0<\/span>, \u00edslamskri <span class=\"iwg-fachbegriff\" data-tooltip=\"Mi\u00f0lun \u00feekkingar og fr\u00e1sagna milli kynsl\u00f3\u00f0a.\" tabindex=\"0\">arfleif\u00f0<\/span> og vestr\u00e6num <span class=\"iwg-fachbegriff\" data-tooltip=\"I\u00f0kun sem reynir a\u00f0 hafa \u00e1hrif \u00e1 gang m\u00e1la me\u00f0 s\u00e9rst\u00f6kum ath\u00f6fnum e\u00f0a form\u00falum.\" tabindex=\"0\">g\u00f6ldrum<\/span>. F\u00e1 verndart\u00e1kn eiga s\u00e9r jafn v\u00ed\u00f0fe\u00f0ma s\u00f6gu.<\/p>\t\t\t\t\t\t\t\t<\/div>\n\t\t\t\t<\/div>\n\t\t\t\t\t<\/div>\n\t\t\t\t<\/div>\n\t\t<div class=\"elementor-element elementor-element-iwgs-siegelsalomo-s7 e-flex e-con-boxed e-con e-parent\" data-id=\"iwgs-siegelsalomo-s7\" data-element_type=\"container\" data-e-type=\"container\">\n\t\t\t\t\t<div class=\"e-con-inner\">\n\t\t\t\t<div class=\"elementor-element elementor-element-iwgs-siegelsalomo-s7h elementor-widget elementor-widget-heading\" data-id=\"iwgs-siegelsalomo-s7h\" data-element_type=\"widget\" data-e-type=\"widget\" data-widget_type=\"heading.default\">\n\t\t\t\t\t<h2 class=\"elementor-heading-title elementor-size-default\">Sal\u00f3monsinnsigli og Dav\u00ed\u00f0sstjarna<\/h2>\t\t\t\t<\/div>\n\t\t<div class=\"elementor-element elementor-element-iwgs-siegelsalomo-s7box e-con-full e-flex e-con e-parent\" data-id=\"iwgs-siegelsalomo-s7box\" data-element_type=\"container\" data-e-type=\"container\">\n\t\t\t\t<div class=\"elementor-element elementor-element-iwgs-siegelsalomo-s7t elementor-widget elementor-widget-text-editor\" data-id=\"iwgs-siegelsalomo-s7t\" data-element_type=\"widget\" data-e-type=\"widget\" data-widget_type=\"text-editor.default\">\n\t\t\t\t\t\t\t\t\t<p>Sal\u00f3monsinnsiglinu og Dav\u00ed\u00f0sstj\u00f6rnunni er oft rugla\u00f0 saman, \u00fev\u00ed b\u00e6\u00f0i eru tengd sexarma stj\u00f6rnunni. Sambandi\u00f0 \u00e1 milli \u00feeirra \u00fearfnast n\u00e1nari sko\u00f0unar.<\/p><p>Sexarma stjarnan, hexagrami\u00f0, er fornt og v\u00ed\u00f0\u00fatbreitt t\u00e1kn. Um langan t\u00edma var \u00fea\u00f0 ekki einhl\u00edtt j\u00fad\u00edskt t\u00e1kn heldur var nota\u00f0 \u00ed fj\u00f6lbreyttu samhengi.<\/p><p>\u00cd galdralegri og verndargripatengdri notkun var hexagrami\u00f0 kalla\u00f0 Sal\u00f3monsinnsigli. \u00cd \u00feeirri merkingu var \u00fea\u00f0 t\u00e1kn valds yfir \u00f6ndunum.<\/p><p>\u00dea\u00f0 var ekki fyrr en s\u00ed\u00f0ar, s\u00e9rstaklega \u00e1 19. \u00f6ld, a\u00f0 hexagrami\u00f0 var\u00f0 Dav\u00ed\u00f0sstjarnan, almennt t\u00e1kn j\u00fadatr\u00faar. \u00c1 s\u00ed\u00f0unni um <a href=\"https:\/\/iwell-guard.com\/is\/?page_id=169142\">Dav\u00ed\u00f0sstj\u00f6rnuna<\/a> er \u00feessi \u00fer\u00f3un s\u00fdnd n\u00e1nar.<\/p><p>Hexagrami\u00f0 hefur \u00feannig tv\u00f6 n\u00f6fn og tv\u00e6r merkingar sem eru til samhli\u00f0a. Sem Sal\u00f3monsinnsigli er \u00fea\u00f0 t\u00e1kn yfirr\u00e1\u00f0a yfir \u00f6ndum, sem Dav\u00ed\u00f0sstjarna t\u00e1kn j\u00fadatr\u00faar.<\/p><p>Fyrir n\u00e1kv\u00e6ma framsetningu er \u00feessi a\u00f0greining mikilv\u00e6g. Sal\u00f3monsinnsigli\u00f0 og Dav\u00ed\u00f0sstjarnan geta veri\u00f0 sama myndformi\u00f0, en \u00feau bera mismunandi n\u00f6fn, mismunandi s\u00f6gu og mismunandi merkingu.<\/p>\t\t\t\t\t\t\t\t<\/div>\n\t\t\t\t<\/div>\n\t\t\t\t\t<\/div>\n\t\t\t\t<\/div>\n\t\t<div class=\"elementor-element elementor-element-iwgs-siegelsalomo-s8 e-flex e-con-boxed e-con e-parent\" data-id=\"iwgs-siegelsalomo-s8\" data-element_type=\"container\" data-e-type=\"container\">\n\t\t\t\t\t<div class=\"e-con-inner\">\n\t\t\t\t<div class=\"elementor-element elementor-element-iwgs-siegelsalomo-s8h elementor-widget elementor-widget-heading\" data-id=\"iwgs-siegelsalomo-s8h\" data-element_type=\"widget\" data-e-type=\"widget\" data-widget_type=\"heading.default\">\n\t\t\t\t\t<h2 class=\"elementor-heading-title elementor-size-default\">M\u00f3tt\u00f6kur \u00ed dag<\/h2>\t\t\t\t<\/div>\n\t\t<div class=\"elementor-element elementor-element-iwgs-siegelsalomo-s8box e-con-full e-flex e-con e-parent\" data-id=\"iwgs-siegelsalomo-s8box\" data-element_type=\"container\" data-e-type=\"container\">\n\t\t\t\t<div class=\"elementor-element elementor-element-iwgs-siegelsalomo-s8t elementor-widget elementor-widget-text-editor\" data-id=\"iwgs-siegelsalomo-s8t\" data-element_type=\"widget\" data-e-type=\"widget\" data-widget_type=\"text-editor.default\">\n\t\t\t\t\t\t\t\t\t<p>Innsigli Sal\u00f3mons er \u00ed dag \u00feekktast sem s\u00f6gulegt og go\u00f0sagnakennt t\u00e1kn. R\u00edk saga \u00feess \u00ed gegnum \u00ferj\u00e1r hef\u00f0ir gerir \u00fea\u00f0 a\u00f0 miki\u00f0 umr\u00e6ddu vi\u00f0fangsefni.<\/p><p>\u00cd ranns\u00f3knum \u00e1 gy\u00f0inglegri, \u00edslamskri og vestr\u00e6nni t\u00f6fra<span class=\"iwg-fachbegriff\" data-tooltip=\"Mi\u00f0lun \u00feekkingar og fr\u00e1sagna milli kynsl\u00f3\u00f0a.\" tabindex=\"0\">hef\u00f0<\/span> er Innsigli Sal\u00f3mons mikilv\u00e6gt vi\u00f0fangsefni. \u00c1 \u00fev\u00ed m\u00e1 rekja hvernig t\u00e1kn fer\u00f0ast yfir menningarm\u00f6rk.<\/p><p>Sem bori\u00f0 t\u00e1kn kemur Innsigli Sal\u00f3mons fyrir \u00ed \u00fdmsum myndum, stundum sem sexarma stjarna, stundum sem fimmarma stjarna. \u00cd \u00feessari notkun hefur n\u00e1kv\u00e6m merking \u00feess oft dofna\u00f0.<\/p><p>\u00cd dulspekilegum og t\u00f6frafr\u00f3\u00f0um samhengi er Innsigli Sal\u00f3mons enn \u00feekkt. \u00dear er \u00fea\u00f0 skili\u00f0 \u00ed anda g\u00f6mlu <span class=\"iwg-fachbegriff\" data-tooltip=\"Mi\u00f0lun \u00feekkingar og fr\u00e1sagna milli kynsl\u00f3\u00f0a.\" tabindex=\"0\">hef\u00f0arinnar<\/span> sem t\u00e1kn um vald yfir \u00f6ndunum.<\/p><p>M\u00e1lefnaleg framsetning nefnir Innsigli Sal\u00f3mons \u00fea\u00f0 sem \u00fea\u00f0 er, go\u00f0sagnakennt verndart\u00e1kn sem byggir \u00e1 s\u00f6gunni um vald Sal\u00f3mons yfir \u00f6ndunum og sem hefur fer\u00f0ast \u00ed gegnum \u00ferj\u00e1r st\u00f3rar hef\u00f0ir.<\/p><p>Innsigli Sal\u00f3mons er \u00feannig \u00e1hrifamiki\u00f0 d\u00e6mi um fer\u00f0alag verndart\u00e1kns. \u00cd \u00fev\u00ed sameinast <span class=\"iwg-fachbegriff\" data-tooltip=\"Uppbyggileg fr\u00e1s\u00f6gn, oftast um l\u00edf d\u00fdrlinga.\" tabindex=\"0\">helgisagan<\/span> um vitra konunginn, hugmyndin um bindingu andanna og \u00e1hrifasaga sem n\u00e6r yfir m\u00f6rk tr\u00faarbrag\u00f0anna.<\/p>\t\t\t\t\t\t\t\t<\/div>\n\t\t\t\t<\/div>\n\t\t\t\t\t<\/div>\n\t\t\t\t<\/div>\n\t\t<div class=\"elementor-element elementor-element-iwgs-siegelsalomo-lit e-flex e-con-boxed e-con e-parent\" data-id=\"iwgs-siegelsalomo-lit\" data-element_type=\"container\" data-e-type=\"container\">\n\t\t\t\t\t<div class=\"e-con-inner\">\n\t\t\t\t<div class=\"elementor-element elementor-element-iwgs-siegelsalomo-lith elementor-widget elementor-widget-heading\" data-id=\"iwgs-siegelsalomo-lith\" data-element_type=\"widget\" data-e-type=\"widget\" data-widget_type=\"heading.default\">\n\t\t\t\t\t<h2 class=\"elementor-heading-title elementor-size-default\">Heimildir (\u00farval)<\/h2>\t\t\t\t<\/div>\n\t\t<div class=\"elementor-element elementor-element-iwgs-siegelsalomo-litbox e-con-full e-flex e-con e-parent\" data-id=\"iwgs-siegelsalomo-litbox\" data-element_type=\"container\" data-e-type=\"container\">\n\t\t\t\t<div class=\"elementor-element elementor-element-iwgs-siegelsalomo-litt elementor-widget elementor-widget-html\" data-id=\"iwgs-siegelsalomo-litt\" data-element_type=\"widget\" data-e-type=\"widget\" data-widget_type=\"html.default\">\n\t\t\t\t\t<footer data-nosnippet=\"true\"><ul><li>Pablo A. Torijano: <em>Solomon the Esoteric King<\/em> (2002)<\/li><li>Joshua Trachtenberg: <em>Jewish Magic and Superstition<\/em> (1939)<\/li><li>Gershom Scholem: <em>Das Davidschild. Geschichte eines Symbols<\/em> (1963)<\/li><li>Venetia Porter: <em>Arabic and Persian Seals and Amulets in the British Museum<\/em> (2011)<\/li><li><em>Das Testament Salomos<\/em> (rit fr\u00e1 s\u00ed\u00f0forn\u00f6ld)<\/li><\/ul><\/footer>\t\t\t\t<\/div>\n\t\t\t\t<\/div>\n\t\t\t\t\t<\/div>\n\t\t\t\t<\/div>\n\t\t<div class=\"elementor-element elementor-element-iwgs-siegelsalomo-kwd e-flex e-con-boxed e-con e-parent\" data-id=\"iwgs-siegelsalomo-kwd\" data-element_type=\"container\" data-e-type=\"container\">\n\t\t\t\t\t<div class=\"e-con-inner\">\n\t\t\t\t<div class=\"elementor-element elementor-element-iwgs-siegelsalomo-kwdt elementor-widget elementor-widget-text-editor\" data-id=\"iwgs-siegelsalomo-kwdt\" data-element_type=\"widget\" data-e-type=\"widget\" data-widget_type=\"text-editor.default\">\n\t\t\t\t\t\t\t\t\t<p><em>Tengd leitaror\u00f0: Siegel Salomos Sal\u00f3mon Sulaiman innsiglishringur andar djinn sexhorn galdrab\u00f3k.<\/em><\/p>\t\t\t\t\t\t\t\t<\/div>\n\t\t\t\t\t<\/div>\n\t\t\t\t<\/div>\n\t\t<div class=\"elementor-element elementor-element-iwgs-siegelsalomo-cc e-flex e-con-boxed e-con e-parent\" data-id=\"iwgs-siegelsalomo-cc\" data-element_type=\"container\" data-e-type=\"container\" id=\"iwg-cc-siegel-salomos\">\n\t\t\t\t\t<div class=\"e-con-inner\">\n\t\t<div class=\"elementor-element elementor-element-iwgs-siegelsalomo-ccinner e-flex e-con-boxed e-con e-parent\" data-id=\"iwgs-siegelsalomo-ccinner\" data-element_type=\"container\" data-e-type=\"container\" data-settings=\"{&quot;background_background&quot;:&quot;classic&quot;}\">\n\t\t\t\t\t<div class=\"e-con-inner\">\n\t\t\t\t<div class=\"elementor-element elementor-element-iwgs-siegelsalomo-cch elementor-widget elementor-widget-heading\" data-id=\"iwgs-siegelsalomo-cch\" data-element_type=\"widget\" data-e-type=\"widget\" data-widget_type=\"heading.default\">\n\t\t\t\t\t<h2 class=\"elementor-heading-title elementor-size-default\">iWell Guard og verndarhef\u00f0ir<\/h2>\t\t\t\t<\/div>\n\t\t\t\t<div class=\"elementor-element elementor-element-iwgs-siegelsalomo-cct elementor-widget elementor-widget-text-editor\" data-id=\"iwgs-siegelsalomo-cct\" data-element_type=\"widget\" data-e-type=\"widget\" data-widget_type=\"text-editor.default\">\n\t\t\t\t\t\t\t\t\t<p>iWell Guard fellur \u00ed menningars\u00f6gulega hef\u00f0 borinna varnargripa, sem innsigli Sal\u00f3mons telst einnig til. N\u00fat\u00edmalegur f\u00f6runautur fyrir f\u00f3lk sem lifir me\u00f0 verndart\u00e1knum: framleitt \u00ed \u00de\u00fdskalandi, 41 lag \u00far alv\u00f6ru gulli, plat\u00ednu og silfri, me\u00f0 30 daga skilar\u00e9tti.<\/p>\t\t\t\t\t\t\t\t<\/div>\n\t\t\t\t<div class=\"elementor-element elementor-element-iwgs-siegelsalomo-ccb iwg-cc-button iwg-cc-cta-2026-05-13 elementor-widget elementor-widget-jet-button\" data-id=\"iwgs-siegelsalomo-ccb\" data-element_type=\"widget\" data-e-type=\"widget\" data-widget_type=\"jet-button.default\">\n\t\t\t\t<div class=\"elementor-widget-container\">\n\t\t\t\t\t<div class=\"elementor-jet-button jet-elements\"><div class=\"jet-button__container\"><a class=\"jet-button__instance jet-button__instance--icon-left hover-effect-1\" href=\"\/schutzanhaenger-iwell-guard-kaufen\/?utm_source=iwell-guard.com&amp;utm_medium=info-box&amp;utm_campaign=schutzsymbole\"><div class=\"jet-button__plane jet-button__plane-normal\"><\/div><div class=\"jet-button__plane jet-button__plane-hover\"><\/div><div class=\"jet-button__state jet-button__state-normal\"><span class=\"jet-button__label\">Meira um iWell Guard<\/span><\/div><div class=\"jet-button__state jet-button__state-hover\"><span class=\"jet-button__label\">Meira um iWell Guard<\/span><\/div><\/a><\/div><\/div><style>.elementor-element.elementor-element-iwgs-siegelsalomo-ccb .jet-button__instance{width:320px;height:56px;}.elementor-element.elementor-element-iwgs-siegelsalomo-ccb .jet-button__state-normal .jet-button__label{text-align:center;margin:0px 0px 0px 0px;color:#1a1b20;font-family:Montserrat,sans-serif;font-size:13px;font-weight:400;letter-spacing:4px;line-height:1.714em;text-transform:uppercase;}.elementor-element.elementor-element-iwgs-siegelsalomo-ccb .jet-button__state-hover .jet-button__label{text-align:center;margin:0px 0px 0px 0px;color:#FECC76;font-family:Montserrat,sans-serif;font-size:13px;font-weight:400;letter-spacing:4px;line-height:1.714em;text-transform:uppercase;}.elementor-element.elementor-element-iwgs-siegelsalomo-ccb .jet-button__plane-normal{background-color:#FECC76;border-style:solid;border-color:#C99540;border-width:2px 2px 2px 2px;}.elementor-element.elementor-element-iwgs-siegelsalomo-ccb .jet-button__plane-hover{background-color:rgba(0,0,0,0.55);border-style:solid;border-color:#FECC76;border-width:2px 2px 2px 2px;}<\/style>\t\t\t\t<\/div>\n\t\t\t\t<\/div>\n\t\t\t\t<div class=\"elementor-element elementor-element-iwgs-siegelsalomo-ccd elementor-widget elementor-widget-text-editor\" data-id=\"iwgs-siegelsalomo-ccd\" data-element_type=\"widget\" data-e-type=\"widget\" data-widget_type=\"text-editor.default\">\n\t\t\t\t\t\t\t\t\t<p style=\"text-align:center;font-size:13px;opacity:0.7;margin-top:14px\" data-nosnippet=\"true\">Pers\u00f3nuleg reynsla getur veri\u00f0 mismunandi. Ekki l\u00e6kningat\u00e6ki. Engin lofor\u00f0 um l\u00e6kningu.<\/p>\t\t\t\t\t\t\t\t<\/div>\n\t\t\t\t\t<\/div>\n\t\t\t\t<\/div>\n\t\t\t\t\t<\/div>\n\t\t\t\t<\/div>\n\t\t<div class=\"elementor-element elementor-element-iwgs-siegelsalomo-disc e-flex e-con-boxed e-con e-parent\" data-id=\"iwgs-siegelsalomo-disc\" data-element_type=\"container\" data-e-type=\"container\">\n\t\t\t\t\t<div class=\"e-con-inner\">\n\t\t\t\t<div class=\"elementor-element elementor-element-iwgs-siegelsalomo-discw elementor-widget elementor-widget-html\" data-id=\"iwgs-siegelsalomo-discw\" data-element_type=\"widget\" data-e-type=\"widget\" data-widget_type=\"html.default\">\n\t\t\t\t\t<footer data-nosnippet=\"true\" class=\"iwg-disclaimer-block\"><p data-nosnippet=\"true\">iWell Guard er <strong>ekki l\u00e6kningat\u00e6ki<\/strong> og kemur ekki \u00ed sta\u00f0 l\u00e6knis- e\u00f0a s\u00e1lfr\u00e6\u00f0ime\u00f0fer\u00f0ar. Innihaldi\u00f0 sem h\u00e9r er sett fram er tr\u00faarbrag\u00f0afr\u00e6\u00f0ileg og menningars\u00f6gulega greining, ekki lofor\u00f0 um andlega virkni.<\/p><\/footer>\t\t\t\t<\/div>\n\t\t\t\t\t<\/div>\n\t\t\t\t<\/div>\n\t\t\t\t<\/div>\n\t\t","protected":false},"excerpt":{"rendered":"","protected":false},"author":3,"featured_media":3512,"parent":0,"menu_order":0,"comment_status":"closed","ping_status":"closed","template":"elementor_header_footer","meta":{"_yoast_wpseo_focuskw":"Siglar Sal\u00f3mons","_yoast_wpseo_title":"Siglar Sal\u00f3mons \u2013 t\u00e1kn yfir anda","_yoast_wpseo_metadesc":"Siglar Sal\u00f3mons er verndart\u00e1kn sem Sal\u00f3mon konungur \u00e1, samkv\u00e6mt s\u00f6gninni, a\u00f0 hafa nota\u00f0 til a\u00f0 stj\u00f3rna \u00f6ndum. Uppruni og merking \u00fatsk\u00fdr\u00f0.","_yoast_wpseo_meta-robots-noindex":"","_yoast_wpseo_canonical":"","_angie_page":false,"gefaehrdungsstufe":"","wesen_kultur":"","wesen_klasse":"","footnotes":""},"categories":[],"class_list":["post-169184","page","type-page","status-publish","has-post-thumbnail","hentry"],"yoast_head":"<!-- This site is optimized with the Yoast SEO Premium plugin v27.7 (Yoast SEO v28.3) - https:\/\/yoast.com\/product\/yoast-seo-premium-wordpress\/ -->\n<title>Siglar Sal\u00f3mons \u2013 t\u00e1kn yfir anda<\/title>\n<meta name=\"description\" content=\"Siglar Sal\u00f3mons er verndart\u00e1kn sem Sal\u00f3mon konungur \u00e1, samkv\u00e6mt s\u00f6gninni, a\u00f0 hafa nota\u00f0 til a\u00f0 stj\u00f3rna \u00f6ndum. Uppruni og merking \u00fatsk\u00fdr\u00f0.\" \/>\n<meta name=\"robots\" content=\"index, follow, max-snippet:-1, max-image-preview:large, max-video-preview:-1\" \/>\n<link rel=\"canonical\" href=\"https:\/\/iwell-guard.com\/is\/siglar-salomons-taknid-yfir-andana\/\" \/>\n<meta property=\"og:locale\" content=\"is_IS\" \/>\n<meta property=\"og:type\" content=\"article\" \/>\n<meta property=\"og:title\" content=\"Siglar Sal\u00f3mons \u2013 t\u00e1kni\u00f0 yfir andana\" \/>\n<meta property=\"og:description\" content=\"Siglar Sal\u00f3mons er verndart\u00e1kn sem Sal\u00f3mon konungur \u00e1, samkv\u00e6mt s\u00f6gninni, a\u00f0 hafa nota\u00f0 til a\u00f0 stj\u00f3rna \u00f6ndum. Uppruni og merking \u00fatsk\u00fdr\u00f0.\" \/>\n<meta property=\"og:url\" content=\"https:\/\/iwell-guard.com\/is\/siglar-salomons-taknid-yfir-andana\/\" \/>\n<meta property=\"og:site_name\" content=\"iWell Guard\" \/>\n<meta property=\"article:modified_time\" content=\"2026-09-05T14:34:23+00:00\" \/>\n<meta property=\"og:image\" content=\"https:\/\/iwell-guard.com\/wp-content\/uploads\/2026\/05\/schutzsymbol_judentum_siegel-salomos.webp\" \/>\n\t<meta property=\"og:image:width\" content=\"1024\" \/>\n\t<meta property=\"og:image:height\" content=\"1536\" \/>\n\t<meta property=\"og:image:type\" content=\"image\/webp\" \/>\n<meta name=\"twitter:card\" content=\"summary_large_image\" \/>\n<script type=\"application\/ld+json\" class=\"yoast-schema-graph\">{\"@context\":\"https:\\\/\\\/schema.org\",\"@graph\":[{\"@type\":\"WebPage\",\"@id\":\"https:\\\/\\\/iwell-guard.com\\\/is\\\/siglar-salomons-taknid-yfir-andana\\\/\",\"url\":\"https:\\\/\\\/iwell-guard.com\\\/is\\\/siglar-salomons-taknid-yfir-andana\\\/\",\"name\":\"Siglar Sal\u00f3mons \u2013 t\u00e1kn yfir anda\",\"isPartOf\":{\"@id\":\"https:\\\/\\\/iwell-guard.com\\\/is\\\/#website\"},\"primaryImageOfPage\":{\"@id\":\"https:\\\/\\\/iwell-guard.com\\\/is\\\/siglar-salomons-taknid-yfir-andana\\\/#primaryimage\"},\"image\":{\"@id\":\"https:\\\/\\\/iwell-guard.com\\\/is\\\/siglar-salomons-taknid-yfir-andana\\\/#primaryimage\"},\"thumbnailUrl\":\"https:\\\/\\\/iwell-guard.com\\\/wp-content\\\/uploads\\\/2026\\\/05\\\/schutzsymbol_judentum_siegel-salomos.webp\",\"datePublished\":\"2026-09-05T14:06:18+00:00\",\"dateModified\":\"2026-09-05T14:34:23+00:00\",\"description\":\"Siglar Sal\u00f3mons er verndart\u00e1kn sem Sal\u00f3mon konungur \u00e1, samkv\u00e6mt s\u00f6gninni, a\u00f0 hafa nota\u00f0 til a\u00f0 stj\u00f3rna \u00f6ndum. Uppruni og merking \u00fatsk\u00fdr\u00f0.\",\"breadcrumb\":{\"@id\":\"https:\\\/\\\/iwell-guard.com\\\/is\\\/siglar-salomons-taknid-yfir-andana\\\/#breadcrumb\"},\"inLanguage\":\"is\",\"potentialAction\":[{\"@type\":\"ReadAction\",\"target\":[\"https:\\\/\\\/iwell-guard.com\\\/is\\\/siglar-salomons-taknid-yfir-andana\\\/\"]}]},{\"@type\":\"ImageObject\",\"inLanguage\":\"is\",\"@id\":\"https:\\\/\\\/iwell-guard.com\\\/is\\\/siglar-salomons-taknid-yfir-andana\\\/#primaryimage\",\"url\":\"https:\\\/\\\/iwell-guard.com\\\/wp-content\\\/uploads\\\/2026\\\/05\\\/schutzsymbol_judentum_siegel-salomos.webp\",\"contentUrl\":\"https:\\\/\\\/iwell-guard.com\\\/wp-content\\\/uploads\\\/2026\\\/05\\\/schutzsymbol_judentum_siegel-salomos.webp\",\"width\":1024,\"height\":1536,\"caption\":\"Verndart\u00e1kn. Myndskreyting \u00ed safnst\u00edl.\"},{\"@type\":\"BreadcrumbList\",\"@id\":\"https:\\\/\\\/iwell-guard.com\\\/is\\\/siglar-salomons-taknid-yfir-andana\\\/#breadcrumb\",\"itemListElement\":[{\"@type\":\"ListItem\",\"position\":1,\"name\":\"Start\",\"item\":\"https:\\\/\\\/iwell-guard.com\\\/is\\\/?page_id=168580\"},{\"@type\":\"ListItem\",\"position\":2,\"name\":\"Siglar Sal\u00f3mons \u2013 t\u00e1kni\u00f0 yfir andana\"}]},{\"@type\":\"WebSite\",\"@id\":\"https:\\\/\\\/iwell-guard.com\\\/is\\\/#website\",\"url\":\"https:\\\/\\\/iwell-guard.com\\\/is\\\/\",\"name\":\"iWell Guard\",\"description\":\"Schutz vor dunklen Einfl\u00fcssen\",\"publisher\":{\"@id\":\"https:\\\/\\\/iwell-guard.com\\\/is\\\/#organization\"},\"potentialAction\":[{\"@type\":\"SearchAction\",\"target\":{\"@type\":\"EntryPoint\",\"urlTemplate\":\"https:\\\/\\\/iwell-guard.com\\\/is\\\/?s={search_term_string}\"},\"query-input\":{\"@type\":\"PropertyValueSpecification\",\"valueRequired\":true,\"valueName\":\"search_term_string\"}}],\"inLanguage\":\"is\"},{\"@type\":\"Organization\",\"@id\":\"https:\\\/\\\/iwell-guard.com\\\/is\\\/#organization\",\"name\":\"Ittermann electronic GmbH\",\"url\":\"https:\\\/\\\/iwell-guard.com\\\/is\\\/\",\"logo\":{\"@type\":\"ImageObject\",\"inLanguage\":\"is\",\"@id\":\"https:\\\/\\\/iwell-guard.com\\\/is\\\/#\\\/schema\\\/logo\\\/image\\\/\",\"url\":\"https:\\\/\\\/iwell-guard.com\\\/wp-content\\\/uploads\\\/2026\\\/05\\\/Ittermann-Logo-1182x237-1.png\",\"contentUrl\":\"https:\\\/\\\/iwell-guard.com\\\/wp-content\\\/uploads\\\/2026\\\/05\\\/Ittermann-Logo-1182x237-1.png\",\"width\":1182,\"height\":237,\"caption\":\"Ittermann electronic GmbH\"},\"image\":{\"@id\":\"https:\\\/\\\/iwell-guard.com\\\/is\\\/#\\\/schema\\\/logo\\\/image\\\/\"},\"sameAs\":[\"https:\\\/\\\/pantip.com\\\/profile\\\/9367242\",\"https:\\\/\\\/micro.blog\\\/iwellguard\",\"https:\\\/\\\/www.diggerslist.com\\\/iwellguard\\\/about\",\"https:\\\/\\\/skitterphoto.com\\\/photographers\\\/2870314\\\/iwell-guard\",\"https:\\\/\\\/iwellguard.wordpress.com\\\/2026\\\/06\\\/06\\\/iwell-guard\\\/\",\"https:\\\/\\\/hub.docker.com\\\/u\\\/iwellguard\",\"https:\\\/\\\/www.pinterest.com\\\/iwellguard\\\/\",\"https:\\\/\\\/bit.ly\\\/m\\\/iwellguard\",\"https:\\\/\\\/entre-vos-mains.alsace.eu\\\/profiles\\\/iwellguard\\\/activity\",\"https:\\\/\\\/gravatar.com\\\/reallybeded8fd34\",\"https:\\\/\\\/naijamatta.com\\\/iwellguard\",\"https:\\\/\\\/www.goodreads.com\\\/iwellguard\",\"https:\\\/\\\/profile.hatena.ne.jp\\\/iwellguard\\\/\",\"https:\\\/\\\/experiment.com\\\/users\\\/iwellguard\",\"https:\\\/\\\/wakelet.com\\\/@iWellGuard82270\",\"https:\\\/\\\/www.chordie.com\\\/forum\\\/profile.php?id=2555664\",\"https:\\\/\\\/www.instapaper.com\\\/p\\\/17757966\",\"https:\\\/\\\/www.mapleprimes.com\\\/users\\\/iwellguard\",\"https:\\\/\\\/businesslistingplus.com\\\/profile\\\/iwell-guard\\\/\",\"https:\\\/\\\/telegra.ph\\\/iWell-Guard-06-06\",\"https:\\\/\\\/pbase.com\\\/iwellguard\\\/iwellguard\",\"https:\\\/\\\/b.hatena.ne.jp\\\/iwellguard\\\/20260607#bookmark-4788405196491818882\",\"https:\\\/\\\/fliphtml5.com\\\/home\\\/iwellguard\",\"https:\\\/\\\/anyflip.com\\\/homepage\\\/cmiwl#About\",\"https:\\\/\\\/transfur.com\\\/Users\\\/iwellguard\",\"http:\\\/\\\/delphi.larsbo.org\\\/user\\\/iwellguard\",\"https:\\\/\\\/jobs.lajobsportal.org\\\/profiles\\\/8380803-iwell-guard\",\"https:\\\/\\\/md.chaosdorf.de\\\/s\\\/jfbe5SBdJD\",\"https:\\\/\\\/www.lingvolive.com\\\/en-us\\\/profile\\\/9ecaeaca-ce11-4e51-9e71-01d55e2bff36\\\/translations\",\"https:\\\/\\\/www.fitday.com\\\/fitness\\\/forums\\\/members\\\/iwellguard.html\",\"https:\\\/\\\/www.mymeetbook.com\\\/iwellguard\",\"https:\\\/\\\/pxhere.com\\\/en\\\/photographer-me\\\/5040798\",\"https:\\\/\\\/disqus.com\\\/by\\\/iwellguard\\\/about\\\/\",\"https:\\\/\\\/pastelink.net\\\/hjwciqwq\",\"https:\\\/\\\/pubhtml5.com\\\/homepage\\\/scjhn\\\/\",\"https:\\\/\\\/www.bitchute.com\\\/channel\\\/2O2eOKzNqujT\",\"https:\\\/\\\/audiomack.com\\\/iwellguard\"]}]}<\/script>\n<!-- \/ Yoast SEO Premium plugin. -->","yoast_head_json":{"title":"Siglar Sal\u00f3mons \u2013 t\u00e1kn yfir anda","description":"Siglar Sal\u00f3mons er verndart\u00e1kn sem Sal\u00f3mon konungur \u00e1, samkv\u00e6mt s\u00f6gninni, a\u00f0 hafa nota\u00f0 til a\u00f0 stj\u00f3rna \u00f6ndum. Uppruni og merking \u00fatsk\u00fdr\u00f0.","robots":{"index":"index","follow":"follow","max-snippet":"max-snippet:-1","max-image-preview":"max-image-preview:large","max-video-preview":"max-video-preview:-1"},"canonical":"https:\/\/iwell-guard.com\/is\/siglar-salomons-taknid-yfir-andana\/","og_locale":"is_IS","og_type":"article","og_title":"Siglar Sal\u00f3mons \u2013 t\u00e1kni\u00f0 yfir andana","og_description":"Siglar Sal\u00f3mons er verndart\u00e1kn sem Sal\u00f3mon konungur \u00e1, samkv\u00e6mt s\u00f6gninni, a\u00f0 hafa nota\u00f0 til a\u00f0 stj\u00f3rna \u00f6ndum. Uppruni og merking \u00fatsk\u00fdr\u00f0.","og_url":"https:\/\/iwell-guard.com\/is\/siglar-salomons-taknid-yfir-andana\/","og_site_name":"iWell Guard","article_modified_time":"2026-09-05T14:34:23+00:00","og_image":[{"width":1024,"height":1536,"url":"https:\/\/iwell-guard.com\/wp-content\/uploads\/2026\/05\/schutzsymbol_judentum_siegel-salomos.webp","type":"image\/webp"}],"twitter_card":"summary_large_image","schema":{"@context":"https:\/\/schema.org","@graph":[{"@type":"WebPage","@id":"https:\/\/iwell-guard.com\/is\/siglar-salomons-taknid-yfir-andana\/","url":"https:\/\/iwell-guard.com\/is\/siglar-salomons-taknid-yfir-andana\/","name":"Siglar Sal\u00f3mons \u2013 t\u00e1kn yfir anda","isPartOf":{"@id":"https:\/\/iwell-guard.com\/is\/#website"},"primaryImageOfPage":{"@id":"https:\/\/iwell-guard.com\/is\/siglar-salomons-taknid-yfir-andana\/#primaryimage"},"image":{"@id":"https:\/\/iwell-guard.com\/is\/siglar-salomons-taknid-yfir-andana\/#primaryimage"},"thumbnailUrl":"https:\/\/iwell-guard.com\/wp-content\/uploads\/2026\/05\/schutzsymbol_judentum_siegel-salomos.webp","datePublished":"2026-09-05T14:06:18+00:00","dateModified":"2026-09-05T14:34:23+00:00","description":"Siglar Sal\u00f3mons er verndart\u00e1kn sem Sal\u00f3mon konungur \u00e1, samkv\u00e6mt s\u00f6gninni, a\u00f0 hafa nota\u00f0 til a\u00f0 stj\u00f3rna \u00f6ndum. Uppruni og merking \u00fatsk\u00fdr\u00f0.","breadcrumb":{"@id":"https:\/\/iwell-guard.com\/is\/siglar-salomons-taknid-yfir-andana\/#breadcrumb"},"inLanguage":"is","potentialAction":[{"@type":"ReadAction","target":["https:\/\/iwell-guard.com\/is\/siglar-salomons-taknid-yfir-andana\/"]}]},{"@type":"ImageObject","inLanguage":"is","@id":"https:\/\/iwell-guard.com\/is\/siglar-salomons-taknid-yfir-andana\/#primaryimage","url":"https:\/\/iwell-guard.com\/wp-content\/uploads\/2026\/05\/schutzsymbol_judentum_siegel-salomos.webp","contentUrl":"https:\/\/iwell-guard.com\/wp-content\/uploads\/2026\/05\/schutzsymbol_judentum_siegel-salomos.webp","width":1024,"height":1536,"caption":"Verndart\u00e1kn. Myndskreyting \u00ed safnst\u00edl."},{"@type":"BreadcrumbList","@id":"https:\/\/iwell-guard.com\/is\/siglar-salomons-taknid-yfir-andana\/#breadcrumb","itemListElement":[{"@type":"ListItem","position":1,"name":"Start","item":"https:\/\/iwell-guard.com\/is\/?page_id=168580"},{"@type":"ListItem","position":2,"name":"Siglar Sal\u00f3mons \u2013 t\u00e1kni\u00f0 yfir andana"}]},{"@type":"WebSite","@id":"https:\/\/iwell-guard.com\/is\/#website","url":"https:\/\/iwell-guard.com\/is\/","name":"iWell Guard","description":"Schutz vor dunklen Einfl\u00fcssen","publisher":{"@id":"https:\/\/iwell-guard.com\/is\/#organization"},"potentialAction":[{"@type":"SearchAction","target":{"@type":"EntryPoint","urlTemplate":"https:\/\/iwell-guard.com\/is\/?s={search_term_string}"},"query-input":{"@type":"PropertyValueSpecification","valueRequired":true,"valueName":"search_term_string"}}],"inLanguage":"is"},{"@type":"Organization","@id":"https:\/\/iwell-guard.com\/is\/#organization","name":"Ittermann electronic GmbH","url":"https:\/\/iwell-guard.com\/is\/","logo":{"@type":"ImageObject","inLanguage":"is","@id":"https:\/\/iwell-guard.com\/is\/#\/schema\/logo\/image\/","url":"https:\/\/iwell-guard.com\/wp-content\/uploads\/2026\/05\/Ittermann-Logo-1182x237-1.png","contentUrl":"https:\/\/iwell-guard.com\/wp-content\/uploads\/2026\/05\/Ittermann-Logo-1182x237-1.png","width":1182,"height":237,"caption":"Ittermann electronic GmbH"},"image":{"@id":"https:\/\/iwell-guard.com\/is\/#\/schema\/logo\/image\/"},"sameAs":["https:\/\/pantip.com\/profile\/9367242","https:\/\/micro.blog\/iwellguard","https:\/\/www.diggerslist.com\/iwellguard\/about","https:\/\/skitterphoto.com\/photographers\/2870314\/iwell-guard","https:\/\/iwellguard.wordpress.com\/2026\/06\/06\/iwell-guard\/","https:\/\/hub.docker.com\/u\/iwellguard","https:\/\/www.pinterest.com\/iwellguard\/","https:\/\/bit.ly\/m\/iwellguard","https:\/\/entre-vos-mains.alsace.eu\/profiles\/iwellguard\/activity","https:\/\/gravatar.com\/reallybeded8fd34","https:\/\/naijamatta.com\/iwellguard","https:\/\/www.goodreads.com\/iwellguard","https:\/\/profile.hatena.ne.jp\/iwellguard\/","https:\/\/experiment.com\/users\/iwellguard","https:\/\/wakelet.com\/@iWellGuard82270","https:\/\/www.chordie.com\/forum\/profile.php?id=2555664","https:\/\/www.instapaper.com\/p\/17757966","https:\/\/www.mapleprimes.com\/users\/iwellguard","https:\/\/businesslistingplus.com\/profile\/iwell-guard\/","https:\/\/telegra.ph\/iWell-Guard-06-06","https:\/\/pbase.com\/iwellguard\/iwellguard","https:\/\/b.hatena.ne.jp\/iwellguard\/20260607#bookmark-4788405196491818882","https:\/\/fliphtml5.com\/home\/iwellguard","https:\/\/anyflip.com\/homepage\/cmiwl#About","https:\/\/transfur.com\/Users\/iwellguard","http:\/\/delphi.larsbo.org\/user\/iwellguard","https:\/\/jobs.lajobsportal.org\/profiles\/8380803-iwell-guard","https:\/\/md.chaosdorf.de\/s\/jfbe5SBdJD","https:\/\/www.lingvolive.com\/en-us\/profile\/9ecaeaca-ce11-4e51-9e71-01d55e2bff36\/translations","https:\/\/www.fitday.com\/fitness\/forums\/members\/iwellguard.html","https:\/\/www.mymeetbook.com\/iwellguard","https:\/\/pxhere.com\/en\/photographer-me\/5040798","https:\/\/disqus.com\/by\/iwellguard\/about\/","https:\/\/pastelink.net\/hjwciqwq","https:\/\/pubhtml5.com\/homepage\/scjhn\/","https:\/\/www.bitchute.com\/channel\/2O2eOKzNqujT","https:\/\/audiomack.com\/iwellguard"]}]}},"_links":{"self":[{"href":"https:\/\/iwell-guard.com\/is\/wp-json\/wp\/v2\/pages\/169184","targetHints":{"allow":["GET"]}}],"collection":[{"href":"https:\/\/iwell-guard.com\/is\/wp-json\/wp\/v2\/pages"}],"about":[{"href":"https:\/\/iwell-guard.com\/is\/wp-json\/wp\/v2\/types\/page"}],"author":[{"embeddable":true,"href":"https:\/\/iwell-guard.com\/is\/wp-json\/wp\/v2\/users\/3"}],"replies":[{"embeddable":true,"href":"https:\/\/iwell-guard.com\/is\/wp-json\/wp\/v2\/comments?post=169184"}],"version-history":[{"count":0,"href":"https:\/\/iwell-guard.com\/is\/wp-json\/wp\/v2\/pages\/169184\/revisions"}],"wp:featuredmedia":[{"embeddable":true,"href":"https:\/\/iwell-guard.com\/is\/wp-json\/wp\/v2\/media\/3512"}],"wp:attachment":[{"href":"https:\/\/iwell-guard.com\/is\/wp-json\/wp\/v2\/media?parent=169184"}],"wp:term":[{"taxonomy":"category","embeddable":true,"href":"https:\/\/iwell-guard.com\/is\/wp-json\/wp\/v2\/categories?post=169184"}],"curies":[{"name":"wp","href":"https:\/\/api.w.org\/{rel}","templated":true}]}}