{"id":169183,"date":"2026-09-05T14:06:18","date_gmt":"2026-09-05T14:06:18","guid":{"rendered":"https:\/\/iwell-guard.com\/?page_id=169183"},"modified":"2026-09-05T14:34:21","modified_gmt":"2026-09-05T14:34:21","slug":"shiviti-tafla","status":"publish","type":"page","link":"https:\/\/iwell-guard.com\/is\/shiviti-tafla\/","title":{"rendered":"Shiviti-taflan \u2013 hin gy\u00f0julega huglei\u00f0slu- og verndarmynd"},"content":{"rendered":"\t\t<div data-elementor-type=\"wp-page\" data-elementor-id=\"169183\" class=\"elementor elementor-169183 elementor-3673 elementor-bc-flex-widget\" data-elementor-post-type=\"page\">\n\t\t\t\t<div class=\"elementor-element elementor-element-iwgs-schiwititafe-hero e-flex e-con-boxed e-con e-parent\" data-id=\"iwgs-schiwititafe-hero\" data-element_type=\"container\" data-e-type=\"container\">\n\t\t\t\t\t<div class=\"e-con-inner\">\n\t\t<div class=\"elementor-element elementor-element-iwgs-schiwititafe-hl e-flex e-con-boxed e-con e-parent\" data-id=\"iwgs-schiwititafe-hl\" data-element_type=\"container\" data-e-type=\"container\">\n\t\t\t\t\t<div class=\"e-con-inner\">\n\t\t<div class=\"elementor-element elementor-element-iwgs-schiwititafe-hlbox e-con-full e-flex e-con e-parent\" data-id=\"iwgs-schiwititafe-hlbox\" data-element_type=\"container\" data-e-type=\"container\">\n\t\t\t\t<div class=\"elementor-element elementor-element-iwgs-schiwititafe-h1 elementor-widget elementor-widget-heading\" data-id=\"iwgs-schiwititafe-h1\" data-element_type=\"widget\" data-e-type=\"widget\" data-widget_type=\"heading.default\">\n\t\t\t\t\t<h1 class=\"elementor-heading-title elementor-size-default\">Shiviti-taflan \u2013 hin gy\u00f0julega huglei\u00f0slu- og verndarmynd<\/h1>\t\t\t\t<\/div>\n\t\t\t\t<div class=\"elementor-element elementor-element-iwgs-schiwititafe-lead elementor-widget elementor-widget-text-editor\" data-id=\"iwgs-schiwititafe-lead\" data-element_type=\"widget\" data-e-type=\"widget\" data-widget_type=\"text-editor.default\">\n\t\t\t\t\t\t\t\t\t<p>Shiviti-taflan (Schiwiti) er gy\u00f0juleg huglei\u00f0slumynd. Nafn hennar er s\u00f3tt \u00ed s\u00e1lmaversbrot, og h\u00fan \u00e1 a\u00f0 minna \u00feann sem bi\u00f0st fyrir \u00e1 hina st\u00f6\u00f0ugu n\u00e6rveru Gu\u00f0s. \u00cd gu\u00f0sn\u00f6fnunum sem h\u00fan ber felst einnig verndandi eiginleiki.<\/p>\n<p class=\"iwg-kwfix\">Shiviti-taflan er b\u00e6\u00f0i huglei\u00f0slu- og verndarmynd \u00ed gy\u00f0julegu heimili.<\/p>\t\t\t\t\t\t\t\t<\/div>\n\t\t\t\t<\/div>\n\t\t\t\t<div class=\"elementor-element elementor-element-iwgs-schiwititafe-pills elementor-widget elementor-widget-html\" data-id=\"iwgs-schiwititafe-pills\" data-element_type=\"widget\" data-e-type=\"widget\" data-widget_type=\"html.default\">\n\t\t\t\t\t<div class=\"iwg-pill-row\"><span class=\"iwg-klasse-badge\" tabindex=\"0\" data-tooltip=\"Verndart\u00e1kn, verndargripur e\u00f0a fr\u00e1varnarhlutur.\">Verndart\u00e1kn<\/span><a href=\"https:\/\/iwell-guard.com\/is\/judatru\/\" class=\"iwg-kultur-badge\" tabindex=\"0\" data-tooltip=\"Verndarhef\u00f0: Judaismi\">Judaismi<\/a><span class=\"iwg-tradition-badge\" tabindex=\"0\" data-tooltip=\"Mynd til pers\u00f3nulegrar tr\u00faarlegrar huglei\u00f0slu.\">Huglei\u00f0slumynd<\/span><\/div>\t\t\t\t<\/div>\n\t\t\t\t\t<\/div>\n\t\t\t\t<\/div>\n\t\t<div class=\"elementor-element elementor-element-iwgs-schiwititafe-hr e-con-full e-flex e-con e-parent\" data-id=\"iwgs-schiwititafe-hr\" data-element_type=\"container\" data-e-type=\"container\">\n\t\t\t\t<div class=\"elementor-element elementor-element-iwgs-schiwititafe-himg iwg-hero-image elementor-widget elementor-widget-image\" data-id=\"iwgs-schiwititafe-himg\" data-element_type=\"widget\" data-e-type=\"widget\" data-widget_type=\"image.default\">\n\t\t\t\t\t\t\t\t\t\t\t\t\t\t\t<img fetchpriority=\"high\" decoding=\"async\" width=\"683\" height=\"1024\" src=\"https:\/\/iwell-guard.com\/wp-content\/uploads\/2026\/05\/schutzsymbol_judentum_schiwiti-683x1024.webp\" class=\"attachment-large size-large wp-image-170552\" alt=\"Schiwiti - verndart\u00e1kn, safnfr\u00e6\u00f0ileg myndskreyting\" srcset=\"https:\/\/iwell-guard.com\/wp-content\/uploads\/2026\/05\/schutzsymbol_judentum_schiwiti-683x1024.webp 683w, https:\/\/iwell-guard.com\/wp-content\/uploads\/2026\/05\/schutzsymbol_judentum_schiwiti-200x300.webp 200w, https:\/\/iwell-guard.com\/wp-content\/uploads\/2026\/05\/schutzsymbol_judentum_schiwiti-768x1152.webp 768w, https:\/\/iwell-guard.com\/wp-content\/uploads\/2026\/05\/schutzsymbol_judentum_schiwiti.webp 1024w\" sizes=\"(max-width: 683px) 100vw, 683px\" \/>\t\t\t\t\t\t\t\t\t\t\t\t\t\t\t<\/div>\n\t\t\t\t<\/div>\n\t\t\t\t\t<\/div>\n\t\t\t\t<\/div>\n\t\t<div class=\"elementor-element elementor-element-iwgs-schiwititafe-s0 e-flex e-con-boxed e-con e-parent\" data-id=\"iwgs-schiwititafe-s0\" data-element_type=\"container\" data-e-type=\"container\">\n\t\t\t\t\t<div class=\"e-con-inner\">\n\t\t\t\t<div class=\"elementor-element elementor-element-iwgs-schiwititafe-s0h elementor-widget elementor-widget-heading\" data-id=\"iwgs-schiwititafe-s0h\" data-element_type=\"widget\" data-e-type=\"widget\" data-widget_type=\"heading.default\">\n\t\t\t\t\t<h2 class=\"elementor-heading-title elementor-size-default\">Yfirlit<\/h2>\t\t\t\t<\/div>\n\t\t<div class=\"elementor-element elementor-element-iwgs-schiwititafe-s0box e-con-full e-flex e-con e-parent\" data-id=\"iwgs-schiwititafe-s0box\" data-element_type=\"container\" data-e-type=\"container\">\n\t\t\t\t<div class=\"elementor-element elementor-element-iwgs-schiwititafe-s0t elementor-widget elementor-widget-text-editor\" data-id=\"iwgs-schiwititafe-s0t\" data-element_type=\"widget\" data-e-type=\"widget\" data-widget_type=\"text-editor.default\">\n\t\t\t\t\t\t\t\t\t<p>Shiviti-taflan er huglei\u00f0slumynd \u00far gy\u00f0julegri hef\u00f0. H\u00fan er \u00e1letru\u00f0 tafla e\u00f0a innramma\u00f0 bla\u00f0, \u00fatf\u00e6rt me\u00f0 heil\u00f6gum or\u00f0um og t\u00e1knum.<\/p><p>Shiviti-taflan dregur nafn sitt af or\u00f0i \u00far S\u00e1lmunum. Hebreska or\u00f0i\u00f0 sem \u00e1kve\u00f0i\u00f0 s\u00e1lmavers hefst \u00e1 er Shiviti, og eftir \u00fev\u00ed er taflan nefnd.<\/p><p>Shiviti-taflan er fyrst og fremst huglei\u00f0slumynd. H\u00fan \u00e1 a\u00f0 safna \u00feeim sem bi\u00f0st fyrir og minna hann \u00e1 hina st\u00f6\u00f0ugu n\u00e6rveru Gu\u00f0s.<\/p><p>Umfram \u00feetta huglei\u00f0sluhlutverk ber Shiviti-taflan verndandi eiginleika. H\u00fan hefur \u00e1 s\u00e9r gu\u00f0sn\u00f6fn og heil\u00f6g or\u00f0 sem \u00ed gy\u00f0julegri hef\u00f0 er eigna\u00f0ur var\u00f0veitandi kraftur.<\/p><p>\u00cd <span class=\"iwg-fachbegriff\" data-tooltip=\"Fr\u00e6\u00f0igreinin sem rannsakar tr\u00faarbr\u00f6g\u00f0 \u00e1 samanbur\u00f0arh\u00e1tt og \u00e1n tr\u00faarlegrar bindingar.\" tabindex=\"0\">tr\u00faarbrag\u00f0afr\u00e6\u00f0um<\/span> er Shiviti-taflan gott d\u00e6mi um hlut \u00fear sem <span class=\"iwg-fachbegriff\" data-tooltip=\"Stutt, pers\u00f3nuleg e\u00f0a sameiginleg tr\u00faarleg huglei\u00f0sla.\" tabindex=\"0\">huglei\u00f0sla<\/span> og vernd renna saman. H\u00fan er s\u00ed\u00f0ur fr\u00e1varnarlegur <span class=\"iwg-fachbegriff\" data-tooltip=\"Hlutur sem borinn er og talinn hafa verndandi, \u00f3g\u00e6fuvarnandi \u00e1hrif.\" tabindex=\"0\">verndargripur<\/span> en mynd til hugars\u00f6fnunar sem verndar \u00e1 sama t\u00edma.<\/p><p>Shiviti-taflan s\u00fdnir \u00feannig a\u00f0 skilin milli huglei\u00f0slumyndar og verndart\u00e1kns eru ekki sk\u00f6rp. Mynd sem mi\u00f0ar a\u00f0 Gu\u00f0i getur einnig veri\u00f0 skilin sem vernd.<\/p>\t\t\t\t\t\t\t\t<\/div>\n\t\t\t\t<\/div>\n\t\t\t\t\t<\/div>\n\t\t\t\t<\/div>\n\t\t<div class=\"elementor-element elementor-element-iwgs-schiwititafe-s1 e-flex e-con-boxed e-con e-parent\" data-id=\"iwgs-schiwititafe-s1\" data-element_type=\"container\" data-e-type=\"container\">\n\t\t\t\t\t<div class=\"e-con-inner\">\n\t\t\t\t<div class=\"elementor-element elementor-element-iwgs-schiwititafe-s1h elementor-widget elementor-widget-heading\" data-id=\"iwgs-schiwititafe-s1h\" data-element_type=\"widget\" data-e-type=\"widget\" data-widget_type=\"heading.default\">\n\t\t\t\t\t<h2 class=\"elementor-heading-title elementor-size-default\">S\u00e1lmversi\u00f0 Shiviti<\/h2>\t\t\t\t<\/div>\n\t\t<div class=\"elementor-element elementor-element-iwgs-schiwititafe-s1box e-con-full e-flex e-con e-parent\" data-id=\"iwgs-schiwititafe-s1box\" data-element_type=\"container\" data-e-type=\"container\">\n\t\t\t\t<div class=\"elementor-element elementor-element-iwgs-schiwititafe-s1t elementor-widget elementor-widget-text-editor\" data-id=\"iwgs-schiwititafe-s1t\" data-element_type=\"widget\" data-e-type=\"widget\" data-widget_type=\"text-editor.default\">\n\t\t\t\t\t\t\t\t\t<p>\u00cd brennidepli Shiviti-t\u00f6flunnar er \u00e1kve\u00f0i\u00f0 vers \u00far S\u00e1lmunum. \u00dea\u00f0 er vers sem talar um st\u00f6\u00f0uga \u00e1ttun mannsins a\u00f0 Gu\u00f0i.<\/p><p>Versi\u00f0 segir \u00ed meginatri\u00f0um a\u00f0 s\u00e1 sem bi\u00f0st fyrir hafi Gu\u00f0 st\u00f6\u00f0ugt fyrir augum s\u00e9r. Ma\u00f0urinn hefur n\u00e6rveru Gu\u00f0s st\u00f6\u00f0ugt \u00ed huga, \u00ed \u00f6llu sem hann gerir.<\/p><p>\u00c1 \u00feessu or\u00f0i, Shiviti, hefst hebreska versi\u00f0. \u00dea\u00f0 \u00fe\u00fd\u00f0ir eitthva\u00f0 \u00e1 bor\u00f0 vi\u00f0 \u00e9g hef sett e\u00f0a \u00e9g s\u00e9 fyrir m\u00e9r. \u00deetta fyrsta or\u00f0 gaf t\u00f6flunni nafn sitt.<\/p><p>Versi\u00f0 tj\u00e1ir grunnvi\u00f0horf gy\u00f0julegrar <span class=\"iwg-fachbegriff\" data-tooltip=\"Hin lifa\u00f0a tr\u00faarlega afsta\u00f0a og i\u00f0kun einstaklings.\" tabindex=\"0\">tr\u00far\u00e6kni<\/span>. Ma\u00f0urinn skal lifa \u00ed vitund um a\u00f0 Gu\u00f0 s\u00e9 alltaf n\u00e6rverandi og a\u00f0 gj\u00f6r\u00f0ir hans gerist fyrir augliti Gu\u00f0s.<\/p><p>Shiviti-taflan gerir \u00feetta grunnvi\u00f0horf s\u00fdnilegt. H\u00fan er eins konar s\u00e1lmversi\u00f0 \u00ed myndformi, hlutur sem gerir hina st\u00f6\u00f0ugu \u00e1ttun a\u00f0 Gu\u00f0i lj\u00f3sa.<\/p><p>Af \u00feessu versi lei\u00f0ir hlutverk t\u00f6flunnar. H\u00fan \u00e1 a\u00f0 minna \u00feann sem bi\u00f0st fyrir \u00e1 a\u00f0 hafa Gu\u00f0 st\u00f6\u00f0ugt fyrir augum s\u00e9r, og h\u00fan \u00e1 a\u00f0 hj\u00e1lpa honum vi\u00f0 \u00fea\u00f0.<\/p>\t\t\t\t\t\t\t\t<\/div>\n\t\t\t\t<\/div>\n\t\t\t\t\t<\/div>\n\t\t\t\t<\/div>\n\t\t<div class=\"elementor-element elementor-element-iwgs-schiwititafe-s2 e-flex e-con-boxed e-con e-parent\" data-id=\"iwgs-schiwititafe-s2\" data-element_type=\"container\" data-e-type=\"container\">\n\t\t\t\t\t<div class=\"e-con-inner\">\n\t\t\t\t<div class=\"elementor-element elementor-element-iwgs-schiwititafe-s2h elementor-widget elementor-widget-heading\" data-id=\"iwgs-schiwititafe-s2h\" data-element_type=\"widget\" data-e-type=\"widget\" data-widget_type=\"heading.default\">\n\t\t\t\t\t<h2 class=\"elementor-heading-title elementor-size-default\">Form t\u00f6flunnar<\/h2>\t\t\t\t<\/div>\n\t\t<div class=\"elementor-element elementor-element-iwgs-schiwititafe-s2box e-con-full e-flex e-con e-parent\" data-id=\"iwgs-schiwititafe-s2box\" data-element_type=\"container\" data-e-type=\"container\">\n\t\t\t\t<div class=\"elementor-element elementor-element-iwgs-schiwititafe-s2t elementor-widget elementor-widget-text-editor\" data-id=\"iwgs-schiwititafe-s2t\" data-element_type=\"widget\" data-e-type=\"widget\" data-widget_type=\"text-editor.default\">\n\t\t\t\t\t\t\t\t\t<p>Shiviti-taflan er oftast innramma\u00f0 bla\u00f0 e\u00f0a tafla sem fest er \u00e1 vegg. \u00datf\u00e6rsla hennar er listfengin og fylgir \u00e1kve\u00f0num hef\u00f0bundnum mynstrum.<\/p><p>\u00cd mi\u00f0ju stendur oft nafn Gu\u00f0s, oft st\u00f3rt og \u00e1berandi framsett. \u00cd kringum \u00fea\u00f0 eru fleiri heil\u00f6g or\u00f0, vers og n\u00f6fn skipul\u00f6g\u00f0.<\/p><p>S\u00e9rstaklega \u00fatbreitt mynstur er form sj\u00f6arma kertastjakans. S\u00e1lmur er \u00fe\u00e1 skrifa\u00f0ur \u00feannig a\u00f0 l\u00ednur hans mynda form stjakans.<\/p><p>\u00deessi skrift \u00ed myndformi er k\u00f6llu\u00f0 m\u00edkr\u00f3graf\u00eda. \u00dar \u00f6rsm\u00e1tt skrifu\u00f0um b\u00f3kst\u00f6fum myndast myndir og mynstur. Shiviti-taflan er \u00feekkt d\u00e6mi um \u00feessa list.<\/p><p>T\u00f6flurnar g\u00e1tu veri\u00f0 r\u00edkulega skreyttar. Auk skriftar b\u00e1ru \u00fe\u00e6r mynstur, skreytingar og fleiri t\u00e1kn \u00far gy\u00f0julegri myndhef\u00f0.<\/p><p>\u00cd listfengri samsetningu heilagrar skriftar og myndar felst mikilv\u00e6gur eiginleiki Shiviti-t\u00f6flunnar. H\u00fan er skrift og mynd \u00ed senn, \u00fatf\u00e6r\u00f0 huglei\u00f0slumynd \u00far heil\u00f6gum or\u00f0um.<\/p>\t\t\t\t\t\t\t\t<\/div>\n\t\t\t\t<\/div>\n\t\t\t\t\t<\/div>\n\t\t\t\t<\/div>\n\t\t<div class=\"elementor-element elementor-element-iwgs-schiwititafe-s3 e-flex e-con-boxed e-con e-parent\" data-id=\"iwgs-schiwititafe-s3\" data-element_type=\"container\" data-e-type=\"container\">\n\t\t\t\t\t<div class=\"e-con-inner\">\n\t\t\t\t<div class=\"elementor-element elementor-element-iwgs-schiwititafe-s3h elementor-widget elementor-widget-heading\" data-id=\"iwgs-schiwititafe-s3h\" data-element_type=\"widget\" data-e-type=\"widget\" data-widget_type=\"heading.default\">\n\t\t\t\t\t<h2 class=\"elementor-heading-title elementor-size-default\">Shiviti-taflan \u00ed samkunduh\u00fasinu<\/h2>\t\t\t\t<\/div>\n\t\t<div class=\"elementor-element elementor-element-iwgs-schiwititafe-s3box e-con-full e-flex e-con e-parent\" data-id=\"iwgs-schiwititafe-s3box\" data-element_type=\"container\" data-e-type=\"container\">\n\t\t\t\t<div class=\"elementor-element elementor-element-iwgs-schiwititafe-s3t elementor-widget elementor-widget-text-editor\" data-id=\"iwgs-schiwititafe-s3t\" data-element_type=\"widget\" data-e-type=\"widget\" data-widget_type=\"text-editor.default\">\n\t\t\t\t\t\t\t\t\t<p>Shiviti-taflan hefur sinn sta\u00f0 fyrst og fremst \u00ed samkunduh\u00fasinu, samkomu- og b\u00e6nasta\u00f0 gy\u00f0inga.<\/p><p>\u00cd samkunduh\u00fasinu er taflan oft fest \u00e1 \u00feeim sta\u00f0 \u00fear sem fors\u00f6ngvarinn stendur. Fors\u00f6ngvarinn lei\u00f0ir sameiginlega <span class=\"iwg-fachbegriff\" data-tooltip=\"M\u00e1lleg \u00e1v\u00f6rpun manns til gu\u00f0d\u00f3ms.\" tabindex=\"0\">b\u00e6n<\/span>, og fyrir framan hann hangir Shiviti-taflan.<\/p><p>Fyrir fors\u00f6ngvarann uppfyllir taflan n\u00e1kv\u00e6mt hlutverk. H\u00fan hefur s\u00e1lmversi\u00f0 og nafn Gu\u00f0s fyrir augum hans og minnir hann \u00e1 a\u00f0 framkv\u00e6ma <span class=\"iwg-fachbegriff\" data-tooltip=\"M\u00e1lleg \u00e1v\u00f6rpun manns til gu\u00f0d\u00f3ms.\" tabindex=\"0\">b\u00e6n<\/span> s\u00edna \u00ed r\u00e9ttri afst\u00f6\u00f0u og me\u00f0 \u00e1ttun a\u00f0 Gu\u00f0i.<\/p><p>Shiviti-taflan er \u00feannig hj\u00e1lpart\u00e6ki <span class=\"iwg-fachbegriff\" data-tooltip=\"Stutt, pers\u00f3nuleg e\u00f0a sameiginleg tr\u00faarleg huglei\u00f0sla.\" tabindex=\"0\">huglei\u00f0slu<\/span>. H\u00fan sty\u00f0ur hugars\u00f6fnun \u00feess sem bi\u00f0st fyrir og \u00e1ttar <span class=\"iwg-fachbegriff\" data-tooltip=\"L\u00edkamalaus vera sem talin er hafa \u00e1hrif \u00ed heiminum.\" tabindex=\"0\">huga<\/span> hans a\u00f0 <span class=\"iwg-fachbegriff\" data-tooltip=\"M\u00e1lleg \u00e1v\u00f6rpun manns til gu\u00f0d\u00f3ms.\" tabindex=\"0\">b\u00e6ninni<\/span>.<\/p><p>Umfram sta\u00f0 fors\u00f6ngvarans gat Shiviti-taflan einnig veri\u00f0 fest \u00e1 \u00f6\u00f0rum st\u00f6\u00f0um \u00ed samkunduh\u00fasinu. Alltaf \u00fej\u00f3na\u00f0i h\u00fan sama tilgangi, \u00e1ttuninni a\u00f0 n\u00e6rveru Gu\u00f0s.<\/p><p>Shiviti-taflan er \u00feannig hluti af b\u00fana\u00f0i gy\u00f0julegs b\u00e6nah\u00fass. H\u00fan er huglei\u00f0slumynd sem fylgir og sty\u00f0ur sameiginlega og pers\u00f3nulega <span class=\"iwg-fachbegriff\" data-tooltip=\"M\u00e1lleg \u00e1v\u00f6rpun manns til gu\u00f0d\u00f3ms.\" tabindex=\"0\">b\u00e6n<\/span>.<\/p>\t\t\t\t\t\t\t\t<\/div>\n\t\t\t\t<\/div>\n\t\t\t\t\t<\/div>\n\t\t\t\t<\/div>\n\t\t<div class=\"elementor-element elementor-element-iwgs-schiwititafe-s4 e-flex e-con-boxed e-con e-parent\" data-id=\"iwgs-schiwititafe-s4\" data-element_type=\"container\" data-e-type=\"container\">\n\t\t\t\t\t<div class=\"e-con-inner\">\n\t\t\t\t<div class=\"elementor-element elementor-element-iwgs-schiwititafe-s4h elementor-widget elementor-widget-heading\" data-id=\"iwgs-schiwititafe-s4h\" data-element_type=\"widget\" data-e-type=\"widget\" data-widget_type=\"heading.default\">\n\t\t\t\t\t<h2 class=\"elementor-heading-title elementor-size-default\">Shiviti-taflan \u00ed heimah\u00fasum<\/h2>\t\t\t\t<\/div>\n\t\t<div class=\"elementor-element elementor-element-iwgs-schiwititafe-s4box e-con-full e-flex e-con e-parent\" data-id=\"iwgs-schiwititafe-s4box\" data-element_type=\"container\" data-e-type=\"container\">\n\t\t\t\t<div class=\"elementor-element elementor-element-iwgs-schiwititafe-s4t elementor-widget elementor-widget-text-editor\" data-id=\"iwgs-schiwititafe-s4t\" data-element_type=\"widget\" data-e-type=\"widget\" data-widget_type=\"text-editor.default\">\n\t\t\t\t\t\t\t\t\t<p>Schiwiti-taflan var ekki bundin vi\u00f0 samkunduh\u00fasi\u00f0 eina. H\u00fan fann s\u00e9r einnig sta\u00f0 \u00ed heimilum og \u00edb\u00fa\u00f0um.<\/p><p>\u00deegar taflan var fest upp \u00e1 heimilinu minnti h\u00fan \u00edb\u00faana \u00e1 st\u00f6\u00f0uga n\u00e1vist Gu\u00f0s. H\u00fan flutti \u00feannig hugbl\u00e6 s\u00e1lmversins \u00far b\u00e6narr\u00fdminu yfir \u00ed heimilisl\u00edfi\u00f0.<\/p><p>Schiwiti-tafla \u00e1 heimili setti heimili\u00f0 undir merki n\u00e1vistar Gu\u00f0s. S\u00e1 sem s\u00e1 hana var minntur \u00e1 tr\u00fa s\u00edna og \u00e1 r\u00e9tta l\u00edfsafst\u00f6\u00f0u.<\/p><p>\u00cd \u00feessari notkun \u00e1 heimilinu kemur verndandi e\u00f0li t\u00f6flunnar sk\u00fdrar fram. Heimili \u00fear sem nafn Gu\u00f0s og s\u00e1lmversi\u00f0 eru vi\u00f0st\u00f6dd var tali\u00f0 blessa\u00f0 og vari\u00f0.<\/p><p>\u00dear me\u00f0 stendur Schiwiti-taflan n\u00e1l\u00e6gt \u00f6\u00f0rum j\u00fadverkjum heimilist\u00e1knum, s\u00e9rstaklega mes\u00fasunni, skriftarhylkinu \u00e1 dyrastafnum. B\u00e6\u00f0i setja heimili\u00f0 undir merki heilagra or\u00f0a.<\/p><p>Schiwiti-taflan n\u00e6r \u00feannig yfir b\u00e1\u00f0a svi\u00f0in, b\u00e6narr\u00fdmi\u00f0 og heimili\u00f0. \u00cd b\u00e1\u00f0um uppfyllir h\u00fan sama hlutverk, a\u00f0 st\u00fdra huganum a\u00f0 n\u00e1vist Gu\u00f0s.<\/p>\t\t\t\t\t\t\t\t<\/div>\n\t\t\t\t<\/div>\n\t\t\t\t\t<\/div>\n\t\t\t\t<\/div>\n\t\t<div class=\"elementor-element elementor-element-iwgs-schiwititafe-s5 e-flex e-con-boxed e-con e-parent\" data-id=\"iwgs-schiwititafe-s5\" data-element_type=\"container\" data-e-type=\"container\">\n\t\t\t\t\t<div class=\"e-con-inner\">\n\t\t\t\t<div class=\"elementor-element elementor-element-iwgs-schiwititafe-s5h elementor-widget elementor-widget-heading\" data-id=\"iwgs-schiwititafe-s5h\" data-element_type=\"widget\" data-e-type=\"widget\" data-widget_type=\"heading.default\">\n\t\t\t\t\t<h2 class=\"elementor-heading-title elementor-size-default\">\u00cdhugun og verndun<\/h2>\t\t\t\t<\/div>\n\t\t<div class=\"elementor-element elementor-element-iwgs-schiwititafe-s5box e-con-full e-flex e-con e-parent\" data-id=\"iwgs-schiwititafe-s5box\" data-element_type=\"container\" data-e-type=\"container\">\n\t\t\t\t<div class=\"elementor-element elementor-element-iwgs-schiwititafe-s5t elementor-widget elementor-widget-text-editor\" data-id=\"iwgs-schiwititafe-s5t\" data-element_type=\"widget\" data-e-type=\"widget\" data-widget_type=\"text-editor.default\">\n\t\t\t\t\t\t\t\t\t<p>Schiwiti-taflan er fyrst og fremst \u00edhugunarmynd. Meginhlutverk hennar er a\u00f0 safna huga \u00feess sem bi\u00f0ur og minna \u00e1 n\u00e1vist Gu\u00f0s.<\/p><p>Samt\u00edmis ber taflan verndandi e\u00f0li. \u00deetta stafar af innihaldi hennar, \u00fev\u00ed taflan hefur a\u00f0 geyma n\u00f6fn Gu\u00f0s og heil\u00f6g or\u00f0.<\/p><p>\u00cd j\u00fadverskri hef\u00f0 er n\u00f6fnum Gu\u00f0s og heil\u00f6gum or\u00f0um eigna\u00f0ur var\u00f0veitandi kraftur. R\u00fdmi \u00fear sem \u00feau eru vi\u00f0st\u00f6dd er tali\u00f0 vera undir vernd.<\/p><p>Schiwiti-taflan verkar \u00feannig svipa\u00f0 og blessunart\u00e1kn. H\u00fan varnar ekki me\u00f0 \u00f3gnvekjandi mynd og fangar ekki augnar\u00e1\u00f0. H\u00fan v\u00edgir r\u00fdmi me\u00f0 \u00fev\u00ed a\u00f0 gera n\u00e1vist Gu\u00f0s lj\u00f3slifandi.<\/p><p><span class=\"iwg-fachbegriff\" data-tooltip=\"Stutt, pers\u00f3nuleg e\u00f0a sameiginleg tr\u00faarleg \u00edhugun.\" tabindex=\"0\">\u00cdhugun<\/span> og verndun renna saman \u00ed Schiwiti-t\u00f6flunni. A\u00f0 sn\u00faa s\u00e9r a\u00f0 Gu\u00f0i er samt\u00edmis \u00fea\u00f0 a\u00f0 setja sig undir vernd hans. S\u00e1 sem setur Gu\u00f0 fyrir augu s\u00edn vissi sig \u00f6ruggan \u00ed n\u00e1l\u00e6g\u00f0 hans.<\/p><p>Schiwiti-taflan er \u00feannig gott d\u00e6mi um hvernig \u00edhugunarmynd og verndart\u00e1kn liggja n\u00e1l\u00e6gt hvort \u00f6\u00f0ru. H\u00fan er b\u00e6\u00f0i mynd samans\u00f6fnunar og t\u00e1kn verndar fyrir n\u00e1vist Gu\u00f0s.<\/p>\t\t\t\t\t\t\t\t<\/div>\n\t\t\t\t<\/div>\n\t\t\t\t\t<\/div>\n\t\t\t\t<\/div>\n\t\t<div class=\"elementor-element elementor-element-iwgs-schiwititafe-s6 e-flex e-con-boxed e-con e-parent\" data-id=\"iwgs-schiwititafe-s6\" data-element_type=\"container\" data-e-type=\"container\">\n\t\t\t\t\t<div class=\"e-con-inner\">\n\t\t\t\t<div class=\"elementor-element elementor-element-iwgs-schiwititafe-s6h elementor-widget elementor-widget-heading\" data-id=\"iwgs-schiwititafe-s6h\" data-element_type=\"widget\" data-e-type=\"widget\" data-widget_type=\"heading.default\">\n\t\t\t\t\t<h2 class=\"elementor-heading-title elementor-size-default\">Schiwiti-taflan og mes\u00fasan<\/h2>\t\t\t\t<\/div>\n\t\t<div class=\"elementor-element elementor-element-iwgs-schiwititafe-s6box e-con-full e-flex e-con e-parent\" data-id=\"iwgs-schiwititafe-s6box\" data-element_type=\"container\" data-e-type=\"container\">\n\t\t\t\t<div class=\"elementor-element elementor-element-iwgs-schiwititafe-s6t elementor-widget elementor-widget-text-editor\" data-id=\"iwgs-schiwititafe-s6t\" data-element_type=\"widget\" data-e-type=\"widget\" data-widget_type=\"text-editor.default\">\n\t\t\t\t\t\t\t\t\t<p>Schiwiti-t\u00f6fluna m\u00e1 vel bera saman vi\u00f0 anna\u00f0 j\u00fadverkt heimilist\u00e1kn, mes\u00fasuna. B\u00e6\u00f0i setja heimili e\u00f0a r\u00fdmi undir merki heilagra or\u00f0a.<\/p><p>Mes\u00fasan er l\u00edti\u00f0 hylki \u00e1 dyrastafni sem hefur a\u00f0 geyma skrifa\u00f0 br\u00e9fle\u00f0ur me\u00f0 or\u00f0um \u00far <span class=\"iwg-fachbegriff\" data-tooltip=\"Fimm b\u00e6kur M\u00f3se, grundv\u00f6llur rita\u00f0ra fr\u00e6\u00f0a \u00ed j\u00fad\u00f3mi.\" tabindex=\"0\">Torah<\/span>. H\u00fan merkir \u00fer\u00f6skuld hins j\u00fadverska heimilis.<\/p><p>Schiwiti-taflan er \u00e1 m\u00f3ti st\u00e6rri, s\u00fdnileg \u00edhugunarmynd innan r\u00fdmisins. Henni er ekki komi\u00f0 fyrir vi\u00f0 \u00fer\u00f6skuldinn heldur \u00fear sem augnar\u00e1\u00f0 \u00feess sem bi\u00f0ur fellur \u00e1 hana.<\/p><p>B\u00e6\u00f0i heyra til j\u00fadverskrar hef\u00f0ar um heil\u00f6g or\u00f0 \u00ed b\u00e6nar- og heimilisr\u00fdmi. B\u00e6\u00f0i tengja n\u00e1vist heilagra or\u00f0a vi\u00f0 vernd og r\u00e9tta l\u00edfsafst\u00f6\u00f0u.<\/p><p>\u00deau b\u00e6ta hvort anna\u00f0 upp. Mes\u00fasan tryggir \u00fer\u00f6skuldinn, Schiwiti-taflan st\u00fdrir <span class=\"iwg-fachbegriff\" data-tooltip=\"L\u00edkamslaus vera sem s\u00f6g\u00f0 er hafa \u00e1hrif \u00ed heiminum.\" tabindex=\"0\">andanum<\/span> a\u00f0 Gu\u00f0i innan r\u00fdmisins. Saman setja \u00feau heimili\u00f0 undir merki heilagra or\u00f0a.<\/p><p>Schiwiti-taflan og mes\u00fasan s\u00fdna \u00feannig hvernig j\u00fadversk hef\u00f0 m\u00f3ta\u00f0i b\u00e6nar- og heimilisr\u00fdmi\u00f0. Heil\u00f6g or\u00f0 vi\u00f0 \u00fer\u00f6skuldinn og innan r\u00fdmisins fylgdu daglegu l\u00edfi.<\/p>\t\t\t\t\t\t\t\t<\/div>\n\t\t\t\t<\/div>\n\t\t\t\t\t<\/div>\n\t\t\t\t<\/div>\n\t\t<div class=\"elementor-element elementor-element-iwgs-schiwititafe-s7 e-flex e-con-boxed e-con e-parent\" data-id=\"iwgs-schiwititafe-s7\" data-element_type=\"container\" data-e-type=\"container\">\n\t\t\t\t\t<div class=\"e-con-inner\">\n\t\t\t\t<div class=\"elementor-element elementor-element-iwgs-schiwititafe-s7h elementor-widget elementor-widget-heading\" data-id=\"iwgs-schiwititafe-s7h\" data-element_type=\"widget\" data-e-type=\"widget\" data-widget_type=\"heading.default\">\n\t\t\t\t\t<h2 class=\"elementor-heading-title elementor-size-default\">Skrift sem mynd<\/h2>\t\t\t\t<\/div>\n\t\t<div class=\"elementor-element elementor-element-iwgs-schiwititafe-s7box e-con-full e-flex e-con e-parent\" data-id=\"iwgs-schiwititafe-s7box\" data-element_type=\"container\" data-e-type=\"container\">\n\t\t\t\t<div class=\"elementor-element elementor-element-iwgs-schiwititafe-s7t elementor-widget elementor-widget-text-editor\" data-id=\"iwgs-schiwititafe-s7t\" data-element_type=\"widget\" data-e-type=\"widget\" data-widget_type=\"text-editor.default\">\n\t\t\t\t\t\t\t\t\t<p>S\u00e9rkenni Schiwiti-t\u00f6flunnar er hin listilega tenging skriftar og myndar. \u00c1 m\u00f6rgum t\u00f6flum ver\u00f0ur heilaga riti\u00f0 sj\u00e1lft a\u00f0 mynd.<\/p><p>Algengasta d\u00e6mi\u00f0 er \u00fatf\u00e6rslan \u00ed formi sj\u00f6arma kertastjakans. Heill s\u00e1lmur er \u00fe\u00e1 ra\u00f0a\u00f0ur \u00ed sm\u00e1ger\u00f0ri skrift svo a\u00f0 l\u00ednur hans teikna stjakann.<\/p><p>\u00deessi list sm\u00e1letursger\u00f0ar er algeng \u00ed j\u00fadverskri hef\u00f0. \u00dar \u00f6rsm\u00e1um st\u00f6fum ver\u00f0a til myndir, munstur og form.<\/p><p>A\u00f0 baki sm\u00e1letursger\u00f0inni liggur eigin afsta\u00f0a. \u00cd j\u00fadverskri hef\u00f0 gildir a\u00f0 myndr\u00e6nar framsetningar s\u00e9u me\u00f0h\u00f6ndla\u00f0ar me\u00f0 vark\u00e1rni. Skriftin \u00e1 m\u00f3ti er \u00ed mikilli vir\u00f0ingu. Sm\u00e1letursger\u00f0in tengir \u00feetta tvennt saman, \u00fev\u00ed h\u00fan skapar myndir sem eru a\u00f0 \u00f6llu leyti ger\u00f0ar \u00far skrift.<\/p><p>Schiwiti-taflan er \u00feekkt d\u00e6mi \u00feessarar listar. \u00c1 henni eru stjakinn og \u00f6nnur form ger\u00f0 \u00far or\u00f0um s\u00e1lmanna og heil\u00f6gum n\u00f6fnum.<\/p><p>\u00cd \u00feessari tengingu skriftar og myndar liggur einst\u00e6\u00f0 a\u00f0dr\u00e1ttarafl Schiwiti-t\u00f6flunnar. H\u00fan er mynd sem er alfari\u00f0 ger\u00f0 \u00far heil\u00f6gum or\u00f0um, og \u00fear me\u00f0 lifandi d\u00e6mi um j\u00fadverska vir\u00f0ingu fyrir skriftinni.<\/p>\t\t\t\t\t\t\t\t<\/div>\n\t\t\t\t<\/div>\n\t\t\t\t\t<\/div>\n\t\t\t\t<\/div>\n\t\t<div class=\"elementor-element elementor-element-iwgs-schiwititafe-s8 e-flex e-con-boxed e-con e-parent\" data-id=\"iwgs-schiwititafe-s8\" data-element_type=\"container\" data-e-type=\"container\">\n\t\t\t\t\t<div class=\"e-con-inner\">\n\t\t\t\t<div class=\"elementor-element elementor-element-iwgs-schiwititafe-s8h elementor-widget elementor-widget-heading\" data-id=\"iwgs-schiwititafe-s8h\" data-element_type=\"widget\" data-e-type=\"widget\" data-widget_type=\"heading.default\">\n\t\t\t\t\t<h2 class=\"elementor-heading-title elementor-size-default\">M\u00f3tt\u00f6kur \u00ed dag<\/h2>\t\t\t\t<\/div>\n\t\t<div class=\"elementor-element elementor-element-iwgs-schiwititafe-s8box e-con-full e-flex e-con e-parent\" data-id=\"iwgs-schiwititafe-s8box\" data-element_type=\"container\" data-e-type=\"container\">\n\t\t\t\t<div class=\"elementor-element elementor-element-iwgs-schiwititafe-s8t elementor-widget elementor-widget-text-editor\" data-id=\"iwgs-schiwititafe-s8t\" data-element_type=\"widget\" data-e-type=\"widget\" data-widget_type=\"text-editor.default\">\n\t\t\t\t\t\t\t\t\t<p>Schiwiti-taflan er \u00ed notkun enn \u00ed dag. \u00cd m\u00f6rgum samkunduh\u00fasum m\u00e1 sj\u00e1 hana \u00e1 sta\u00f0 fors\u00f6ngvarans, og einnig \u00e1 heimilum er h\u00fan enn fest upp.<\/p><p>\u00cd s\u00f6fnum margra safnh\u00fasa hafa var\u00f0veist listilega ger\u00f0ar Schiwiti-t\u00f6flur. \u00de\u00e6r vitna um list sm\u00e1letursger\u00f0ar og um j\u00fadverska hef\u00f0 hins m\u00f3ta\u00f0a heilaga or\u00f0s.<\/p><p>Fyrir ranns\u00f3knir \u00e1 j\u00fadverskri <span class=\"iwg-fachbegriff\" data-tooltip=\"Lifandi tr\u00faarleg afsta\u00f0a og i\u00f0kun einstaklings.\" tabindex=\"0\">tr\u00far\u00e6kni<\/span> og list er Schiwiti-taflan ver\u00f0m\u00e6tur gripur. H\u00fan s\u00fdnir hvernig <span class=\"iwg-fachbegriff\" data-tooltip=\"Stutt, pers\u00f3nuleg e\u00f0a sameiginleg tr\u00faarleg \u00edhugun.\" tabindex=\"0\">\u00edhugun<\/span>, skrift og mynd vinna saman \u00ed j\u00fadverskri hef\u00f0.<\/p><p>Schiwiti-taflan er auk \u00feess gott d\u00e6mi um a\u00f0 ekki hver tr\u00faarlegur hlutur s\u00e9 hreint verndaramulett. H\u00fan er fyrst og fremst \u00edhugunarmynd sem ber \u00ed s\u00e9r verndandi e\u00f0li.<\/p><p>\u00deannig b\u00e6tir Schiwiti-taflan vi\u00f0 mynd j\u00fadverskrar verndar- og \u00edhugunarmenningar. Vi\u00f0 hli\u00f0 amuletta og \u00fer\u00f6skuldarmerkja stendur \u00edhugunarmyndin sem st\u00fdrir <span class=\"iwg-fachbegriff\" data-tooltip=\"L\u00edkamslaus vera sem s\u00f6g\u00f0 er hafa \u00e1hrif \u00ed heiminum.\" tabindex=\"0\">andanum<\/span> a\u00f0 Gu\u00f0i.<\/p><p>Schiwiti-taflan er \u00e1fram sterkt d\u00e6mi. \u00cd henni tengjast s\u00e1lmversi\u00f0 um n\u00e1vist Gu\u00f0s, listin skriftarins og hugmyndin um a\u00f0 a\u00f0 sn\u00faa s\u00e9r til Gu\u00f0s s\u00e9 samt\u00edmis vernd og \u00f6ryggi.<\/p><p>Tengdar s\u00ed\u00f0ur \u00ed or\u00f0asafninu: yfirlit yfir <a href=\"https:\/\/iwell-guard.com\/is\/verndartakn\/\">verndart\u00e1kn \u00ed yfirliti<\/a> og s\u00ed\u00f0an um <a href=\"https:\/\/iwell-guard.com\/is\/?page_id=169182\">kabbal\u00edskt amulett<\/a>.<\/p>\t\t\t\t\t\t\t\t<\/div>\n\t\t\t\t<\/div>\n\t\t\t\t\t<\/div>\n\t\t\t\t<\/div>\n\t\t<div class=\"elementor-element elementor-element-iwgs-schiwititafe-lit e-flex e-con-boxed e-con e-parent\" data-id=\"iwgs-schiwititafe-lit\" data-element_type=\"container\" data-e-type=\"container\">\n\t\t\t\t\t<div class=\"e-con-inner\">\n\t\t\t\t<div class=\"elementor-element elementor-element-iwgs-schiwititafe-lith elementor-widget elementor-widget-heading\" data-id=\"iwgs-schiwititafe-lith\" data-element_type=\"widget\" data-e-type=\"widget\" data-widget_type=\"heading.default\">\n\t\t\t\t\t<h2 class=\"elementor-heading-title elementor-size-default\">Heimildir (\u00farval)<\/h2>\t\t\t\t<\/div>\n\t\t<div class=\"elementor-element elementor-element-iwgs-schiwititafe-litbox e-con-full e-flex e-con e-parent\" data-id=\"iwgs-schiwititafe-litbox\" data-element_type=\"container\" data-e-type=\"container\">\n\t\t\t\t<div class=\"elementor-element elementor-element-iwgs-schiwititafe-litt elementor-widget elementor-widget-html\" data-id=\"iwgs-schiwititafe-litt\" data-element_type=\"widget\" data-e-type=\"widget\" data-widget_type=\"html.default\">\n\t\t\t\t\t<footer data-nosnippet=\"true\"><ul><li>Joseph Gutmann: <em>The Jewish Sanctuary<\/em> (1983)<\/li><li>Joshua Trachtenberg: <em>Jewish Magic and Superstition<\/em> (1939)<\/li><li>Lexikon des Judentums, grein um samkunduh\u00fas og b\u00e6nahald<\/li><li>Vivian Mann: <em>Jewish Texts on the Visual Arts<\/em> (2000)<\/li><li>Hans Biedermann: <em>Knaurs Lexikon der Symbole<\/em> (1989)<\/li><\/ul><\/footer>\t\t\t\t<\/div>\n\t\t\t\t<\/div>\n\t\t\t\t\t<\/div>\n\t\t\t\t<\/div>\n\t\t<div class=\"elementor-element elementor-element-iwgs-schiwititafe-kwd e-flex e-con-boxed e-con e-parent\" data-id=\"iwgs-schiwititafe-kwd\" data-element_type=\"container\" data-e-type=\"container\">\n\t\t\t\t\t<div class=\"e-con-inner\">\n\t\t\t\t<div class=\"elementor-element elementor-element-iwgs-schiwititafe-kwdt elementor-widget elementor-widget-text-editor\" data-id=\"iwgs-schiwititafe-kwdt\" data-element_type=\"widget\" data-e-type=\"widget\" data-widget_type=\"text-editor.default\">\n\t\t\t\t\t\t\t\t\t<p><em>Tengd lykilhugt\u00f6k: Schiwiti b\u00e6namynd s\u00e1lmur gu\u00f0snafn m\u00edkr\u00f3graf\u00eda samkunduh\u00fas mes\u00fasa gy\u00f0ingd\u00f3mur.<\/em><\/p>\t\t\t\t\t\t\t\t<\/div>\n\t\t\t\t\t<\/div>\n\t\t\t\t<\/div>\n\t\t<div class=\"elementor-element elementor-element-iwgs-schiwititafe-cc e-flex e-con-boxed e-con e-parent\" data-id=\"iwgs-schiwititafe-cc\" data-element_type=\"container\" data-e-type=\"container\" id=\"iwg-cc-schiwiti-tafel\">\n\t\t\t\t\t<div class=\"e-con-inner\">\n\t\t<div class=\"elementor-element elementor-element-iwgs-schiwititafe-ccinner e-flex e-con-boxed e-con e-parent\" data-id=\"iwgs-schiwititafe-ccinner\" data-element_type=\"container\" data-e-type=\"container\" data-settings=\"{&quot;background_background&quot;:&quot;classic&quot;}\">\n\t\t\t\t\t<div class=\"e-con-inner\">\n\t\t\t\t<div class=\"elementor-element elementor-element-iwgs-schiwititafe-cch elementor-widget elementor-widget-heading\" data-id=\"iwgs-schiwititafe-cch\" data-element_type=\"widget\" data-e-type=\"widget\" data-widget_type=\"heading.default\">\n\t\t\t\t\t<h2 class=\"elementor-heading-title elementor-size-default\">iWell Guard og verndarhef\u00f0ir<\/h2>\t\t\t\t<\/div>\n\t\t\t\t<div class=\"elementor-element elementor-element-iwgs-schiwititafe-cct elementor-widget elementor-widget-text-editor\" data-id=\"iwgs-schiwititafe-cct\" data-element_type=\"widget\" data-e-type=\"widget\" data-widget_type=\"text-editor.default\">\n\t\t\t\t\t\t\t\t\t<p>iWell Guard fylgir hinni menningars\u00f6gulegu hef\u00f0 farandlegra verndargripa, sem Schiwiti-taflan telst einnig til. N\u00fat\u00edmalegur f\u00f6runautur fyrir f\u00f3lk sem lifir me\u00f0 verndart\u00e1knum: framleitt \u00ed \u00de\u00fdskalandi, 41 lag \u00far alv\u00f6ru gulli, plat\u00ednu og silfri, me\u00f0 30 daga skilar\u00e9tti.<\/p>\t\t\t\t\t\t\t\t<\/div>\n\t\t\t\t<div class=\"elementor-element elementor-element-iwgs-schiwititafe-ccb iwg-cc-button iwg-cc-cta-2026-05-13 elementor-widget elementor-widget-jet-button\" data-id=\"iwgs-schiwititafe-ccb\" data-element_type=\"widget\" data-e-type=\"widget\" data-widget_type=\"jet-button.default\">\n\t\t\t\t<div class=\"elementor-widget-container\">\n\t\t\t\t\t<div class=\"elementor-jet-button jet-elements\"><div class=\"jet-button__container\"><a class=\"jet-button__instance jet-button__instance--icon-left hover-effect-1\" href=\"\/schutzanhaenger-iwell-guard-kaufen\/?utm_source=iwell-guard.com&amp;utm_medium=info-box&amp;utm_campaign=schutzsymbole\"><div class=\"jet-button__plane jet-button__plane-normal\"><\/div><div class=\"jet-button__plane jet-button__plane-hover\"><\/div><div class=\"jet-button__state jet-button__state-normal\"><span class=\"jet-button__label\">Meira um iWell Guard<\/span><\/div><div class=\"jet-button__state jet-button__state-hover\"><span class=\"jet-button__label\">Meira um iWell Guard<\/span><\/div><\/a><\/div><\/div><style>.elementor-element.elementor-element-iwgs-schiwititafe-ccb .jet-button__instance{width:320px;height:56px;}.elementor-element.elementor-element-iwgs-schiwititafe-ccb .jet-button__state-normal .jet-button__label{text-align:center;margin:0px 0px 0px 0px;color:#1a1b20;font-family:Montserrat,sans-serif;font-size:13px;font-weight:400;letter-spacing:4px;line-height:1.714em;text-transform:uppercase;}.elementor-element.elementor-element-iwgs-schiwititafe-ccb .jet-button__state-hover .jet-button__label{text-align:center;margin:0px 0px 0px 0px;color:#FECC76;font-family:Montserrat,sans-serif;font-size:13px;font-weight:400;letter-spacing:4px;line-height:1.714em;text-transform:uppercase;}.elementor-element.elementor-element-iwgs-schiwititafe-ccb .jet-button__plane-normal{background-color:#FECC76;border-style:solid;border-color:#C99540;border-width:2px 2px 2px 2px;}.elementor-element.elementor-element-iwgs-schiwititafe-ccb .jet-button__plane-hover{background-color:rgba(0,0,0,0.55);border-style:solid;border-color:#FECC76;border-width:2px 2px 2px 2px;}<\/style>\t\t\t\t<\/div>\n\t\t\t\t<\/div>\n\t\t\t\t<div class=\"elementor-element elementor-element-iwgs-schiwititafe-ccd elementor-widget elementor-widget-text-editor\" data-id=\"iwgs-schiwititafe-ccd\" data-element_type=\"widget\" data-e-type=\"widget\" data-widget_type=\"text-editor.default\">\n\t\t\t\t\t\t\t\t\t<p style=\"text-align:center;font-size:13px;opacity:0.7;margin-top:14px\" data-nosnippet=\"true\">Pers\u00f3nuleg reynsla getur veri\u00f0 mismunandi. Ekki l\u00e6kningat\u00e6ki. Engin lofor\u00f0 um l\u00e6kningu.<\/p>\t\t\t\t\t\t\t\t<\/div>\n\t\t\t\t\t<\/div>\n\t\t\t\t<\/div>\n\t\t\t\t\t<\/div>\n\t\t\t\t<\/div>\n\t\t<div class=\"elementor-element elementor-element-iwgs-schiwititafe-disc e-flex e-con-boxed e-con e-parent\" data-id=\"iwgs-schiwititafe-disc\" data-element_type=\"container\" data-e-type=\"container\">\n\t\t\t\t\t<div class=\"e-con-inner\">\n\t\t\t\t<div class=\"elementor-element elementor-element-iwgs-schiwititafe-discw elementor-widget elementor-widget-html\" data-id=\"iwgs-schiwititafe-discw\" data-element_type=\"widget\" data-e-type=\"widget\" data-widget_type=\"html.default\">\n\t\t\t\t\t<footer data-nosnippet=\"true\" class=\"iwg-disclaimer-block\"><p data-nosnippet=\"true\">iWell Guard er <strong>ekki l\u00e6kningat\u00e6ki<\/strong> og kemur ekki \u00ed sta\u00f0 l\u00e6knis- e\u00f0a s\u00e1lfr\u00e6\u00f0ime\u00f0fer\u00f0ar. Innihaldi\u00f0 sem h\u00e9r er sett fram er tr\u00faarbrag\u00f0afr\u00e6\u00f0ileg og menningars\u00f6gulega greining, ekki lofor\u00f0 um andlega virkni.<\/p><\/footer>\t\t\t\t<\/div>\n\t\t\t\t\t<\/div>\n\t\t\t\t<\/div>\n\t\t\t\t<\/div>\n\t\t","protected":false},"excerpt":{"rendered":"","protected":false},"author":3,"featured_media":3501,"parent":0,"menu_order":0,"comment_status":"closed","ping_status":"closed","template":"elementor_header_footer","meta":{"_yoast_wpseo_focuskw":"Shiviti","_yoast_wpseo_title":"Shiviti-taflan \u2013 gy\u00f0juleg huglei\u00f0slumynd","_yoast_wpseo_metadesc":"Shiviti-taflan er gy\u00f0juleg huglei\u00f0slumynd me\u00f0 gu\u00f0sn\u00f6fnum og s\u00e1lmaor\u00f0um. Uppruni og merking \u00fatsk\u00fdr\u00f0 \u00e1 sk\u00fdran h\u00e1tt.","_yoast_wpseo_meta-robots-noindex":"","_yoast_wpseo_canonical":"","_angie_page":false,"gefaehrdungsstufe":"","wesen_kultur":"","wesen_klasse":"","footnotes":""},"categories":[],"class_list":["post-169183","page","type-page","status-publish","has-post-thumbnail","hentry"],"yoast_head":"<!-- This site is optimized with the Yoast SEO Premium plugin v27.7 (Yoast SEO v28.3) - https:\/\/yoast.com\/product\/yoast-seo-premium-wordpress\/ -->\n<title>Shiviti-taflan \u2013 gy\u00f0juleg huglei\u00f0slumynd<\/title>\n<meta name=\"description\" content=\"Shiviti-taflan er gy\u00f0juleg huglei\u00f0slumynd me\u00f0 gu\u00f0sn\u00f6fnum og s\u00e1lmaor\u00f0um. Uppruni og merking \u00fatsk\u00fdr\u00f0 \u00e1 sk\u00fdran h\u00e1tt.\" \/>\n<meta name=\"robots\" content=\"index, follow, max-snippet:-1, max-image-preview:large, max-video-preview:-1\" \/>\n<link rel=\"canonical\" href=\"https:\/\/iwell-guard.com\/is\/shiviti-tafla\/\" \/>\n<meta property=\"og:locale\" content=\"is_IS\" \/>\n<meta property=\"og:type\" content=\"article\" \/>\n<meta property=\"og:title\" content=\"Shiviti-taflan \u2013 hin gy\u00f0julega huglei\u00f0slu- og verndarmynd\" \/>\n<meta property=\"og:description\" content=\"Shiviti-taflan er gy\u00f0juleg huglei\u00f0slumynd me\u00f0 gu\u00f0sn\u00f6fnum og s\u00e1lmaor\u00f0um. Uppruni og merking \u00fatsk\u00fdr\u00f0 \u00e1 sk\u00fdran h\u00e1tt.\" \/>\n<meta property=\"og:url\" content=\"https:\/\/iwell-guard.com\/is\/shiviti-tafla\/\" \/>\n<meta property=\"og:site_name\" content=\"iWell Guard\" \/>\n<meta property=\"article:modified_time\" content=\"2026-09-05T14:34:21+00:00\" \/>\n<meta property=\"og:image\" content=\"https:\/\/iwell-guard.com\/wp-content\/uploads\/2026\/05\/schutzsymbol_judentum_schiwiti.webp\" \/>\n\t<meta property=\"og:image:width\" content=\"1024\" \/>\n\t<meta property=\"og:image:height\" content=\"1536\" \/>\n\t<meta property=\"og:image:type\" content=\"image\/webp\" \/>\n<meta name=\"twitter:card\" content=\"summary_large_image\" \/>\n<script type=\"application\/ld+json\" class=\"yoast-schema-graph\">{\"@context\":\"https:\\\/\\\/schema.org\",\"@graph\":[{\"@type\":\"WebPage\",\"@id\":\"https:\\\/\\\/iwell-guard.com\\\/is\\\/shiviti-tafla\\\/\",\"url\":\"https:\\\/\\\/iwell-guard.com\\\/is\\\/shiviti-tafla\\\/\",\"name\":\"Shiviti-taflan \u2013 gy\u00f0juleg huglei\u00f0slumynd\",\"isPartOf\":{\"@id\":\"https:\\\/\\\/iwell-guard.com\\\/is\\\/#website\"},\"primaryImageOfPage\":{\"@id\":\"https:\\\/\\\/iwell-guard.com\\\/is\\\/shiviti-tafla\\\/#primaryimage\"},\"image\":{\"@id\":\"https:\\\/\\\/iwell-guard.com\\\/is\\\/shiviti-tafla\\\/#primaryimage\"},\"thumbnailUrl\":\"https:\\\/\\\/iwell-guard.com\\\/wp-content\\\/uploads\\\/2026\\\/05\\\/schutzsymbol_judentum_schiwiti.webp\",\"datePublished\":\"2026-09-05T14:06:18+00:00\",\"dateModified\":\"2026-09-05T14:34:21+00:00\",\"description\":\"Shiviti-taflan er gy\u00f0juleg huglei\u00f0slumynd me\u00f0 gu\u00f0sn\u00f6fnum og s\u00e1lmaor\u00f0um. Uppruni og merking \u00fatsk\u00fdr\u00f0 \u00e1 sk\u00fdran h\u00e1tt.\",\"breadcrumb\":{\"@id\":\"https:\\\/\\\/iwell-guard.com\\\/is\\\/shiviti-tafla\\\/#breadcrumb\"},\"inLanguage\":\"is\",\"potentialAction\":[{\"@type\":\"ReadAction\",\"target\":[\"https:\\\/\\\/iwell-guard.com\\\/is\\\/shiviti-tafla\\\/\"]}]},{\"@type\":\"ImageObject\",\"inLanguage\":\"is\",\"@id\":\"https:\\\/\\\/iwell-guard.com\\\/is\\\/shiviti-tafla\\\/#primaryimage\",\"url\":\"https:\\\/\\\/iwell-guard.com\\\/wp-content\\\/uploads\\\/2026\\\/05\\\/schutzsymbol_judentum_schiwiti.webp\",\"contentUrl\":\"https:\\\/\\\/iwell-guard.com\\\/wp-content\\\/uploads\\\/2026\\\/05\\\/schutzsymbol_judentum_schiwiti.webp\",\"width\":1024,\"height\":1536,\"caption\":\"Verndart\u00e1kn. Myndskreyting \u00ed safnst\u00edl.\"},{\"@type\":\"BreadcrumbList\",\"@id\":\"https:\\\/\\\/iwell-guard.com\\\/is\\\/shiviti-tafla\\\/#breadcrumb\",\"itemListElement\":[{\"@type\":\"ListItem\",\"position\":1,\"name\":\"Start\",\"item\":\"https:\\\/\\\/iwell-guard.com\\\/is\\\/?page_id=168580\"},{\"@type\":\"ListItem\",\"position\":2,\"name\":\"Shiviti-taflan \u2013 hin gy\u00f0julega huglei\u00f0slu- og verndarmynd\"}]},{\"@type\":\"WebSite\",\"@id\":\"https:\\\/\\\/iwell-guard.com\\\/is\\\/#website\",\"url\":\"https:\\\/\\\/iwell-guard.com\\\/is\\\/\",\"name\":\"iWell Guard\",\"description\":\"Schutz vor dunklen Einfl\u00fcssen\",\"publisher\":{\"@id\":\"https:\\\/\\\/iwell-guard.com\\\/is\\\/#organization\"},\"potentialAction\":[{\"@type\":\"SearchAction\",\"target\":{\"@type\":\"EntryPoint\",\"urlTemplate\":\"https:\\\/\\\/iwell-guard.com\\\/is\\\/?s={search_term_string}\"},\"query-input\":{\"@type\":\"PropertyValueSpecification\",\"valueRequired\":true,\"valueName\":\"search_term_string\"}}],\"inLanguage\":\"is\"},{\"@type\":\"Organization\",\"@id\":\"https:\\\/\\\/iwell-guard.com\\\/is\\\/#organization\",\"name\":\"Ittermann electronic GmbH\",\"url\":\"https:\\\/\\\/iwell-guard.com\\\/is\\\/\",\"logo\":{\"@type\":\"ImageObject\",\"inLanguage\":\"is\",\"@id\":\"https:\\\/\\\/iwell-guard.com\\\/is\\\/#\\\/schema\\\/logo\\\/image\\\/\",\"url\":\"https:\\\/\\\/iwell-guard.com\\\/wp-content\\\/uploads\\\/2026\\\/05\\\/Ittermann-Logo-1182x237-1.png\",\"contentUrl\":\"https:\\\/\\\/iwell-guard.com\\\/wp-content\\\/uploads\\\/2026\\\/05\\\/Ittermann-Logo-1182x237-1.png\",\"width\":1182,\"height\":237,\"caption\":\"Ittermann electronic GmbH\"},\"image\":{\"@id\":\"https:\\\/\\\/iwell-guard.com\\\/is\\\/#\\\/schema\\\/logo\\\/image\\\/\"},\"sameAs\":[\"https:\\\/\\\/pantip.com\\\/profile\\\/9367242\",\"https:\\\/\\\/micro.blog\\\/iwellguard\",\"https:\\\/\\\/www.diggerslist.com\\\/iwellguard\\\/about\",\"https:\\\/\\\/skitterphoto.com\\\/photographers\\\/2870314\\\/iwell-guard\",\"https:\\\/\\\/iwellguard.wordpress.com\\\/2026\\\/06\\\/06\\\/iwell-guard\\\/\",\"https:\\\/\\\/hub.docker.com\\\/u\\\/iwellguard\",\"https:\\\/\\\/www.pinterest.com\\\/iwellguard\\\/\",\"https:\\\/\\\/bit.ly\\\/m\\\/iwellguard\",\"https:\\\/\\\/entre-vos-mains.alsace.eu\\\/profiles\\\/iwellguard\\\/activity\",\"https:\\\/\\\/gravatar.com\\\/reallybeded8fd34\",\"https:\\\/\\\/naijamatta.com\\\/iwellguard\",\"https:\\\/\\\/www.goodreads.com\\\/iwellguard\",\"https:\\\/\\\/profile.hatena.ne.jp\\\/iwellguard\\\/\",\"https:\\\/\\\/experiment.com\\\/users\\\/iwellguard\",\"https:\\\/\\\/wakelet.com\\\/@iWellGuard82270\",\"https:\\\/\\\/www.chordie.com\\\/forum\\\/profile.php?id=2555664\",\"https:\\\/\\\/www.instapaper.com\\\/p\\\/17757966\",\"https:\\\/\\\/www.mapleprimes.com\\\/users\\\/iwellguard\",\"https:\\\/\\\/businesslistingplus.com\\\/profile\\\/iwell-guard\\\/\",\"https:\\\/\\\/telegra.ph\\\/iWell-Guard-06-06\",\"https:\\\/\\\/pbase.com\\\/iwellguard\\\/iwellguard\",\"https:\\\/\\\/b.hatena.ne.jp\\\/iwellguard\\\/20260607#bookmark-4788405196491818882\",\"https:\\\/\\\/fliphtml5.com\\\/home\\\/iwellguard\",\"https:\\\/\\\/anyflip.com\\\/homepage\\\/cmiwl#About\",\"https:\\\/\\\/transfur.com\\\/Users\\\/iwellguard\",\"http:\\\/\\\/delphi.larsbo.org\\\/user\\\/iwellguard\",\"https:\\\/\\\/jobs.lajobsportal.org\\\/profiles\\\/8380803-iwell-guard\",\"https:\\\/\\\/md.chaosdorf.de\\\/s\\\/jfbe5SBdJD\",\"https:\\\/\\\/www.lingvolive.com\\\/en-us\\\/profile\\\/9ecaeaca-ce11-4e51-9e71-01d55e2bff36\\\/translations\",\"https:\\\/\\\/www.fitday.com\\\/fitness\\\/forums\\\/members\\\/iwellguard.html\",\"https:\\\/\\\/www.mymeetbook.com\\\/iwellguard\",\"https:\\\/\\\/pxhere.com\\\/en\\\/photographer-me\\\/5040798\",\"https:\\\/\\\/disqus.com\\\/by\\\/iwellguard\\\/about\\\/\",\"https:\\\/\\\/pastelink.net\\\/hjwciqwq\",\"https:\\\/\\\/pubhtml5.com\\\/homepage\\\/scjhn\\\/\",\"https:\\\/\\\/www.bitchute.com\\\/channel\\\/2O2eOKzNqujT\",\"https:\\\/\\\/audiomack.com\\\/iwellguard\"]}]}<\/script>\n<!-- \/ Yoast SEO Premium plugin. -->","yoast_head_json":{"title":"Shiviti-taflan \u2013 gy\u00f0juleg huglei\u00f0slumynd","description":"Shiviti-taflan er gy\u00f0juleg huglei\u00f0slumynd me\u00f0 gu\u00f0sn\u00f6fnum og s\u00e1lmaor\u00f0um. Uppruni og merking \u00fatsk\u00fdr\u00f0 \u00e1 sk\u00fdran h\u00e1tt.","robots":{"index":"index","follow":"follow","max-snippet":"max-snippet:-1","max-image-preview":"max-image-preview:large","max-video-preview":"max-video-preview:-1"},"canonical":"https:\/\/iwell-guard.com\/is\/shiviti-tafla\/","og_locale":"is_IS","og_type":"article","og_title":"Shiviti-taflan \u2013 hin gy\u00f0julega huglei\u00f0slu- og verndarmynd","og_description":"Shiviti-taflan er gy\u00f0juleg huglei\u00f0slumynd me\u00f0 gu\u00f0sn\u00f6fnum og s\u00e1lmaor\u00f0um. Uppruni og merking \u00fatsk\u00fdr\u00f0 \u00e1 sk\u00fdran h\u00e1tt.","og_url":"https:\/\/iwell-guard.com\/is\/shiviti-tafla\/","og_site_name":"iWell Guard","article_modified_time":"2026-09-05T14:34:21+00:00","og_image":[{"width":1024,"height":1536,"url":"https:\/\/iwell-guard.com\/wp-content\/uploads\/2026\/05\/schutzsymbol_judentum_schiwiti.webp","type":"image\/webp"}],"twitter_card":"summary_large_image","schema":{"@context":"https:\/\/schema.org","@graph":[{"@type":"WebPage","@id":"https:\/\/iwell-guard.com\/is\/shiviti-tafla\/","url":"https:\/\/iwell-guard.com\/is\/shiviti-tafla\/","name":"Shiviti-taflan \u2013 gy\u00f0juleg huglei\u00f0slumynd","isPartOf":{"@id":"https:\/\/iwell-guard.com\/is\/#website"},"primaryImageOfPage":{"@id":"https:\/\/iwell-guard.com\/is\/shiviti-tafla\/#primaryimage"},"image":{"@id":"https:\/\/iwell-guard.com\/is\/shiviti-tafla\/#primaryimage"},"thumbnailUrl":"https:\/\/iwell-guard.com\/wp-content\/uploads\/2026\/05\/schutzsymbol_judentum_schiwiti.webp","datePublished":"2026-09-05T14:06:18+00:00","dateModified":"2026-09-05T14:34:21+00:00","description":"Shiviti-taflan er gy\u00f0juleg huglei\u00f0slumynd me\u00f0 gu\u00f0sn\u00f6fnum og s\u00e1lmaor\u00f0um. Uppruni og merking \u00fatsk\u00fdr\u00f0 \u00e1 sk\u00fdran h\u00e1tt.","breadcrumb":{"@id":"https:\/\/iwell-guard.com\/is\/shiviti-tafla\/#breadcrumb"},"inLanguage":"is","potentialAction":[{"@type":"ReadAction","target":["https:\/\/iwell-guard.com\/is\/shiviti-tafla\/"]}]},{"@type":"ImageObject","inLanguage":"is","@id":"https:\/\/iwell-guard.com\/is\/shiviti-tafla\/#primaryimage","url":"https:\/\/iwell-guard.com\/wp-content\/uploads\/2026\/05\/schutzsymbol_judentum_schiwiti.webp","contentUrl":"https:\/\/iwell-guard.com\/wp-content\/uploads\/2026\/05\/schutzsymbol_judentum_schiwiti.webp","width":1024,"height":1536,"caption":"Verndart\u00e1kn. Myndskreyting \u00ed safnst\u00edl."},{"@type":"BreadcrumbList","@id":"https:\/\/iwell-guard.com\/is\/shiviti-tafla\/#breadcrumb","itemListElement":[{"@type":"ListItem","position":1,"name":"Start","item":"https:\/\/iwell-guard.com\/is\/?page_id=168580"},{"@type":"ListItem","position":2,"name":"Shiviti-taflan \u2013 hin gy\u00f0julega huglei\u00f0slu- og verndarmynd"}]},{"@type":"WebSite","@id":"https:\/\/iwell-guard.com\/is\/#website","url":"https:\/\/iwell-guard.com\/is\/","name":"iWell Guard","description":"Schutz vor dunklen Einfl\u00fcssen","publisher":{"@id":"https:\/\/iwell-guard.com\/is\/#organization"},"potentialAction":[{"@type":"SearchAction","target":{"@type":"EntryPoint","urlTemplate":"https:\/\/iwell-guard.com\/is\/?s={search_term_string}"},"query-input":{"@type":"PropertyValueSpecification","valueRequired":true,"valueName":"search_term_string"}}],"inLanguage":"is"},{"@type":"Organization","@id":"https:\/\/iwell-guard.com\/is\/#organization","name":"Ittermann electronic GmbH","url":"https:\/\/iwell-guard.com\/is\/","logo":{"@type":"ImageObject","inLanguage":"is","@id":"https:\/\/iwell-guard.com\/is\/#\/schema\/logo\/image\/","url":"https:\/\/iwell-guard.com\/wp-content\/uploads\/2026\/05\/Ittermann-Logo-1182x237-1.png","contentUrl":"https:\/\/iwell-guard.com\/wp-content\/uploads\/2026\/05\/Ittermann-Logo-1182x237-1.png","width":1182,"height":237,"caption":"Ittermann electronic GmbH"},"image":{"@id":"https:\/\/iwell-guard.com\/is\/#\/schema\/logo\/image\/"},"sameAs":["https:\/\/pantip.com\/profile\/9367242","https:\/\/micro.blog\/iwellguard","https:\/\/www.diggerslist.com\/iwellguard\/about","https:\/\/skitterphoto.com\/photographers\/2870314\/iwell-guard","https:\/\/iwellguard.wordpress.com\/2026\/06\/06\/iwell-guard\/","https:\/\/hub.docker.com\/u\/iwellguard","https:\/\/www.pinterest.com\/iwellguard\/","https:\/\/bit.ly\/m\/iwellguard","https:\/\/entre-vos-mains.alsace.eu\/profiles\/iwellguard\/activity","https:\/\/gravatar.com\/reallybeded8fd34","https:\/\/naijamatta.com\/iwellguard","https:\/\/www.goodreads.com\/iwellguard","https:\/\/profile.hatena.ne.jp\/iwellguard\/","https:\/\/experiment.com\/users\/iwellguard","https:\/\/wakelet.com\/@iWellGuard82270","https:\/\/www.chordie.com\/forum\/profile.php?id=2555664","https:\/\/www.instapaper.com\/p\/17757966","https:\/\/www.mapleprimes.com\/users\/iwellguard","https:\/\/businesslistingplus.com\/profile\/iwell-guard\/","https:\/\/telegra.ph\/iWell-Guard-06-06","https:\/\/pbase.com\/iwellguard\/iwellguard","https:\/\/b.hatena.ne.jp\/iwellguard\/20260607#bookmark-4788405196491818882","https:\/\/fliphtml5.com\/home\/iwellguard","https:\/\/anyflip.com\/homepage\/cmiwl#About","https:\/\/transfur.com\/Users\/iwellguard","http:\/\/delphi.larsbo.org\/user\/iwellguard","https:\/\/jobs.lajobsportal.org\/profiles\/8380803-iwell-guard","https:\/\/md.chaosdorf.de\/s\/jfbe5SBdJD","https:\/\/www.lingvolive.com\/en-us\/profile\/9ecaeaca-ce11-4e51-9e71-01d55e2bff36\/translations","https:\/\/www.fitday.com\/fitness\/forums\/members\/iwellguard.html","https:\/\/www.mymeetbook.com\/iwellguard","https:\/\/pxhere.com\/en\/photographer-me\/5040798","https:\/\/disqus.com\/by\/iwellguard\/about\/","https:\/\/pastelink.net\/hjwciqwq","https:\/\/pubhtml5.com\/homepage\/scjhn\/","https:\/\/www.bitchute.com\/channel\/2O2eOKzNqujT","https:\/\/audiomack.com\/iwellguard"]}]}},"_links":{"self":[{"href":"https:\/\/iwell-guard.com\/is\/wp-json\/wp\/v2\/pages\/169183","targetHints":{"allow":["GET"]}}],"collection":[{"href":"https:\/\/iwell-guard.com\/is\/wp-json\/wp\/v2\/pages"}],"about":[{"href":"https:\/\/iwell-guard.com\/is\/wp-json\/wp\/v2\/types\/page"}],"author":[{"embeddable":true,"href":"https:\/\/iwell-guard.com\/is\/wp-json\/wp\/v2\/users\/3"}],"replies":[{"embeddable":true,"href":"https:\/\/iwell-guard.com\/is\/wp-json\/wp\/v2\/comments?post=169183"}],"version-history":[{"count":0,"href":"https:\/\/iwell-guard.com\/is\/wp-json\/wp\/v2\/pages\/169183\/revisions"}],"wp:featuredmedia":[{"embeddable":true,"href":"https:\/\/iwell-guard.com\/is\/wp-json\/wp\/v2\/media\/3501"}],"wp:attachment":[{"href":"https:\/\/iwell-guard.com\/is\/wp-json\/wp\/v2\/media?parent=169183"}],"wp:term":[{"taxonomy":"category","embeddable":true,"href":"https:\/\/iwell-guard.com\/is\/wp-json\/wp\/v2\/categories?post=169183"}],"curies":[{"name":"wp","href":"https:\/\/api.w.org\/{rel}","templated":true}]}}