{"id":169182,"date":"2026-09-05T14:06:17","date_gmt":"2026-09-05T14:06:17","guid":{"rendered":"https:\/\/iwell-guard.com\/?page_id=169182"},"modified":"2026-09-05T14:34:21","modified_gmt":"2026-09-05T14:34:21","slug":"kabbalistiskt-verndargripur","status":"publish","type":"page","link":"https:\/\/iwell-guard.com\/is\/kabbalistiskt-verndargripur\/","title":{"rendered":"Kabbal\u00edskt verndargripur \u2013 j\u00f3\u00f0neska verndaram\u00falettan"},"content":{"rendered":"\t\t<div data-elementor-type=\"wp-page\" data-elementor-id=\"169182\" class=\"elementor elementor-169182 elementor-3672 elementor-bc-flex-widget\" data-elementor-post-type=\"page\">\n\t\t\t\t<div class=\"elementor-element elementor-element-iwgs-kabbalistisc-hero e-flex e-con-boxed e-con e-parent\" data-id=\"iwgs-kabbalistisc-hero\" data-element_type=\"container\" data-e-type=\"container\">\n\t\t\t\t\t<div class=\"e-con-inner\">\n\t\t<div class=\"elementor-element elementor-element-iwgs-kabbalistisc-hl e-flex e-con-boxed e-con e-parent\" data-id=\"iwgs-kabbalistisc-hl\" data-element_type=\"container\" data-e-type=\"container\">\n\t\t\t\t\t<div class=\"e-con-inner\">\n\t\t<div class=\"elementor-element elementor-element-iwgs-kabbalistisc-hlbox e-con-full e-flex e-con e-parent\" data-id=\"iwgs-kabbalistisc-hlbox\" data-element_type=\"container\" data-e-type=\"container\">\n\t\t\t\t<div class=\"elementor-element elementor-element-iwgs-kabbalistisc-h1 elementor-widget elementor-widget-heading\" data-id=\"iwgs-kabbalistisc-h1\" data-element_type=\"widget\" data-e-type=\"widget\" data-widget_type=\"heading.default\">\n\t\t\t\t\t<h1 class=\"elementor-heading-title elementor-size-default\">Kabbal\u00edski verndargripurinn \u2013 j\u00f3\u00f0nesk vernd \u00far n\u00f6fnum og t\u00e1knum<\/h1>\t\t\t\t<\/div>\n\t\t\t\t<div class=\"elementor-element elementor-element-iwgs-kabbalistisc-lead elementor-widget elementor-widget-text-editor\" data-id=\"iwgs-kabbalistisc-lead\" data-element_type=\"widget\" data-e-type=\"widget\" data-widget_type=\"text-editor.default\">\n\t\t\t\t\t\t\t\t\t<p>Kabbal\u00edska <span class=\"iwg-fachbegriff\" data-tooltip=\"Hlutur sem borinn er \u00e1 l\u00edkamanum og talinn hafa verndandi, illt fr\u00e1hrekjandi \u00e1hrif.\" tabindex=\"0\">verndargripurinn<\/span>, kalla\u00f0ur Kamea \u00ed j\u00f3\u00f0neskri hef\u00f0, er verndarhlutur ger\u00f0ur \u00far skrifu\u00f0um gu\u00f0an\u00f6fnum, englan\u00f6fnum og t\u00e1knum. Hann telst til skriftartalismana og \u00e1tti a\u00f0 verja gegn \u00f3l\u00e1ni.<\/p>\n<p class=\"iwg-kwfix\">Kabbal\u00edski verndargripurinn er j\u00f3\u00f0nesk vernd \u00far helgum n\u00f6fnum og t\u00e1knum.<\/p>\t\t\t\t\t\t\t\t<\/div>\n\t\t\t\t<\/div>\n\t\t\t\t<div class=\"elementor-element elementor-element-iwgs-kabbalistisc-pills elementor-widget elementor-widget-html\" data-id=\"iwgs-kabbalistisc-pills\" data-element_type=\"widget\" data-e-type=\"widget\" data-widget_type=\"html.default\">\n\t\t\t\t\t<div class=\"iwg-pill-row\"><span class=\"iwg-klasse-badge\" tabindex=\"0\" data-tooltip=\"Verndart\u00e1kn, verndargripur e\u00f0a ap\u00f3tr\u00f3pa\u00edskur hlutur.\">Verndart\u00e1kn<\/span><a href=\"https:\/\/iwell-guard.com\/is\/judatru\/\" class=\"iwg-kultur-badge\" tabindex=\"0\" data-tooltip=\"Verndarhef\u00f0: Judaism\">Judaism<\/a><span class=\"iwg-tradition-badge\" tabindex=\"0\" data-tooltip=\"Talismi \u00fear sem verkun er bundin skrifu\u00f0um texta.\">Skriftartalismi<\/span><\/div>\t\t\t\t<\/div>\n\t\t\t\t\t<\/div>\n\t\t\t\t<\/div>\n\t\t<div class=\"elementor-element elementor-element-iwgs-kabbalistisc-hr e-con-full e-flex e-con e-parent\" data-id=\"iwgs-kabbalistisc-hr\" data-element_type=\"container\" data-e-type=\"container\">\n\t\t\t\t<div class=\"elementor-element elementor-element-iwgs-kabbalistisc-himg iwg-hero-image elementor-widget elementor-widget-image\" data-id=\"iwgs-kabbalistisc-himg\" data-element_type=\"widget\" data-e-type=\"widget\" data-widget_type=\"image.default\">\n\t\t\t\t\t\t\t\t\t\t\t\t\t\t\t<img fetchpriority=\"high\" decoding=\"async\" width=\"683\" height=\"1024\" src=\"https:\/\/iwell-guard.com\/wp-content\/uploads\/2026\/05\/schutzsymbol_judentum_kabbala-amulett-683x1024.webp\" class=\"attachment-large size-large wp-image-170553\" alt=\"Kabbala-verndargripur - verndart\u00e1kn, safnfr\u00e6\u00f0ileg mynd\" srcset=\"https:\/\/iwell-guard.com\/wp-content\/uploads\/2026\/05\/schutzsymbol_judentum_kabbala-amulett-683x1024.webp 683w, https:\/\/iwell-guard.com\/wp-content\/uploads\/2026\/05\/schutzsymbol_judentum_kabbala-amulett-200x300.webp 200w, https:\/\/iwell-guard.com\/wp-content\/uploads\/2026\/05\/schutzsymbol_judentum_kabbala-amulett-768x1152.webp 768w, https:\/\/iwell-guard.com\/wp-content\/uploads\/2026\/05\/schutzsymbol_judentum_kabbala-amulett.webp 1024w\" sizes=\"(max-width: 683px) 100vw, 683px\" \/>\t\t\t\t\t\t\t\t\t\t\t\t\t\t\t<\/div>\n\t\t\t\t<\/div>\n\t\t\t\t\t<\/div>\n\t\t\t\t<\/div>\n\t\t<div class=\"elementor-element elementor-element-iwgs-kabbalistisc-s0 e-flex e-con-boxed e-con e-parent\" data-id=\"iwgs-kabbalistisc-s0\" data-element_type=\"container\" data-e-type=\"container\">\n\t\t\t\t\t<div class=\"e-con-inner\">\n\t\t\t\t<div class=\"elementor-element elementor-element-iwgs-kabbalistisc-s0h elementor-widget elementor-widget-heading\" data-id=\"iwgs-kabbalistisc-s0h\" data-element_type=\"widget\" data-e-type=\"widget\" data-widget_type=\"heading.default\">\n\t\t\t\t\t<h2 class=\"elementor-heading-title elementor-size-default\">Yfirlit<\/h2>\t\t\t\t<\/div>\n\t\t<div class=\"elementor-element elementor-element-iwgs-kabbalistisc-s0box e-con-full e-flex e-con e-parent\" data-id=\"iwgs-kabbalistisc-s0box\" data-element_type=\"container\" data-e-type=\"container\">\n\t\t\t\t<div class=\"elementor-element elementor-element-iwgs-kabbalistisc-s0t elementor-widget elementor-widget-text-editor\" data-id=\"iwgs-kabbalistisc-s0t\" data-element_type=\"widget\" data-e-type=\"widget\" data-widget_type=\"text-editor.default\">\n\t\t\t\t\t\t\t\t\t<p>Kabbal\u00edska <span class=\"iwg-fachbegriff\" data-tooltip=\"Hlutur sem borinn er \u00e1 l\u00edkamanum og talinn hafa verndandi, illt fr\u00e1hrekjandi \u00e1hrif.\" tabindex=\"0\">verndargripurinn<\/span> er verndarhlutur \u00far j\u00f3\u00f0neskri hef\u00f0. \u00c1 hebresku kallast sl\u00edkur <span class=\"iwg-fachbegriff\" data-tooltip=\"Hlutur sem borinn er \u00e1 l\u00edkamanum og talinn hafa verndandi, illt fr\u00e1hrekjandi \u00e1hrif.\" tabindex=\"0\">verndargripur<\/span> Kamea.<\/p><p><span class=\"iwg-fachbegriff\" data-tooltip=\"Hlutur sem borinn er \u00e1 l\u00edkamanum og talinn hafa verndandi, illt fr\u00e1hrekjandi \u00e1hrif.\" tabindex=\"0\">Verndargripurinn<\/span> byggist \u00ed kjarna s\u00ednum \u00e1 skrift. Hann ber skrifu\u00f0 gu\u00f0an\u00f6fn, n\u00f6fn engla, versa \u00far Bibl\u00edunni og s\u00e9rst\u00f6k t\u00e1kn. \u00deannig telst hann til h\u00f3ps skriftartalismana.<\/p><p>Kabbal\u00edski <span class=\"iwg-fachbegriff\" data-tooltip=\"Hlutur sem borinn er \u00e1 l\u00edkamanum og talinn hafa verndandi, illt fr\u00e1hrekjandi \u00e1hrif.\" tabindex=\"0\">verndargripurinn<\/span> sn\u00fdst gegn \u00f3l\u00e1ni. Hann \u00e1tti a\u00f0 verja eigandann gegn sj\u00fakd\u00f3mi, gegn hinu illa auga, gegn ska\u00f0legum m\u00e1ttarv\u00f6ldum og s\u00e9rstaklega vernda m\u00f3\u00f0ur og barn vi\u00f0 f\u00e6\u00f0ingu.<\/p><p><span class=\"iwg-fachbegriff\" data-tooltip=\"Hlutur sem borinn er \u00e1 l\u00edkamanum og talinn hafa verndandi, illt fr\u00e1hrekjandi \u00e1hrif.\" tabindex=\"0\">Verndargripurinn<\/span> er n\u00e1tengdur <span class=\"iwg-fachbegriff\" data-tooltip=\"Str\u00f6nd j\u00f3\u00f0neskrar dulspeki me\u00f0 h\u00f6fu\u00f0verkum eins og Sefer Jezira og Sohar.\" tabindex=\"0\">Kabbalanum<\/span>, hinni dulspekilegu stefnu <a href=\"https:\/\/iwell-guard.com\/is\/judatru\/\">j\u00f3\u00f0atr\u00faar<\/a>. N\u00e1nar tilteki\u00f0 telst hann til sv\u00e6\u00f0is sem kallast hagn\u00fdt <span class=\"iwg-fachbegriff\" data-tooltip=\"Str\u00f6nd j\u00f3\u00f0neskrar dulspeki me\u00f0 h\u00f6fu\u00f0verkum eins og Sefer Jezira og Sohar.\" tabindex=\"0\">Kabbala<\/span>.<\/p><p>\u00cd <span class=\"iwg-fachbegriff\" data-tooltip=\"V\u00edsindin sem rannsaka tr\u00faarbr\u00f6g\u00f0 samanbur\u00f0arlega og \u00e1n tr\u00faarlegrar bindingar.\" tabindex=\"0\">tr\u00faarbrag\u00f0afr\u00e6\u00f0um<\/span> er kabbal\u00edski <span class=\"iwg-fachbegriff\" data-tooltip=\"Hlutur sem borinn er \u00e1 l\u00edkamanum og talinn hafa verndandi, illt fr\u00e1hrekjandi \u00e1hrif.\" tabindex=\"0\">verndargripurinn<\/span> gott d\u00e6mi um skriftartalisma \u00fear sem verkun er bundin helgum n\u00f6fnum. Hann er vel sta\u00f0festur me\u00f0 fj\u00f6lda var\u00f0veittra gripa.<\/p><p><span class=\"iwg-fachbegriff\" data-tooltip=\"Hlutur sem borinn er \u00e1 l\u00edkamanum og talinn hafa verndandi, illt fr\u00e1hrekjandi \u00e1hrif.\" tabindex=\"0\">Verndargripurinn<\/span> telst \u00feannig til st\u00f3rrar, menningarlega yfirgripsmikillar fj\u00f6lskyldu. Skriftartalismar sem bera helg n\u00f6fn og or\u00f0 eru \u00fatbreiddir \u00ed m\u00f6rgum tr\u00faarbr\u00f6g\u00f0um. Kamea er j\u00f3\u00f0neska \u00fatg\u00e1fan af \u00feessu grunnmynstri.<\/p>\t\t\t\t\t\t\t\t<\/div>\n\t\t\t\t<\/div>\n\t\t\t\t\t<\/div>\n\t\t\t\t<\/div>\n\t\t<div class=\"elementor-element elementor-element-iwgs-kabbalistisc-s1 e-flex e-con-boxed e-con e-parent\" data-id=\"iwgs-kabbalistisc-s1\" data-element_type=\"container\" data-e-type=\"container\">\n\t\t\t\t\t<div class=\"e-con-inner\">\n\t\t\t\t<div class=\"elementor-element elementor-element-iwgs-kabbalistisc-s1h elementor-widget elementor-widget-heading\" data-id=\"iwgs-kabbalistisc-s1h\" data-element_type=\"widget\" data-e-type=\"widget\" data-widget_type=\"heading.default\">\n\t\t\t\t\t<h2 class=\"elementor-heading-title elementor-size-default\">Kabbalan og hagn\u00fdt Kabbala<\/h2>\t\t\t\t<\/div>\n\t\t<div class=\"elementor-element elementor-element-iwgs-kabbalistisc-s1box e-con-full e-flex e-con e-parent\" data-id=\"iwgs-kabbalistisc-s1box\" data-element_type=\"container\" data-e-type=\"container\">\n\t\t\t\t<div class=\"elementor-element elementor-element-iwgs-kabbalistisc-s1t elementor-widget elementor-widget-text-editor\" data-id=\"iwgs-kabbalistisc-s1t\" data-element_type=\"widget\" data-e-type=\"widget\" data-widget_type=\"text-editor.default\">\n\t\t\t\t\t\t\t\t\t<p>Til a\u00f0 skilja <span class=\"iwg-fachbegriff\" data-tooltip=\"Hlutur sem borinn er \u00e1 s\u00e9r og talinn hafa verndandi, \u00f3g\u00e6fuvarnandi m\u00e1tt.\" tabindex=\"0\">verndargrip<\/span> \u00fearf a\u00f0 \u00feekkja til <span class=\"iwg-fachbegriff\" data-tooltip=\"Stefna \u00ed gy\u00f0inglegri dulhyggju me\u00f0 h\u00f6fu\u00f0ritum eins og Sefer Jezira og Sohar.\" tabindex=\"0\">kabbala<\/span>. <span class=\"iwg-fachbegriff\" data-tooltip=\"Stefna \u00ed gy\u00f0inglegri dulhyggju me\u00f0 h\u00f6fu\u00f0ritum eins og Sefer Jezira og Sohar.\" tabindex=\"0\">Kabbala<\/span> er hin dulspekilega stefna gy\u00f0ingd\u00f3msins. H\u00fan fjallar um hina huldu merkingu heilagra texta og um e\u00f0li Gu\u00f0s.<\/p><p>Innan <span class=\"iwg-fachbegriff\" data-tooltip=\"Stefna \u00ed gy\u00f0inglegri dulhyggju me\u00f0 h\u00f6fu\u00f0ritum eins og Sefer Jezira og Sohar.\" tabindex=\"0\">kabbala<\/span> m\u00e1 greina \u00e1 milli \u00f3l\u00edkra \u00e1tta. Ein \u00e1tt er huglei\u00f0andi, heimspekileg <span class=\"iwg-fachbegriff\" data-tooltip=\"Stefna \u00ed gy\u00f0inglegri dulhyggju me\u00f0 h\u00f6fu\u00f0ritum eins og Sefer Jezira og Sohar.\" tabindex=\"0\">kabbala<\/span>, sem helgar sig \u00feekkingu og dulr\u00e6nni skynjun.<\/p><p>Auk \u00feess er til svi\u00f0 sem kallast hagn\u00fdt <span class=\"iwg-fachbegriff\" data-tooltip=\"Stefna \u00ed gy\u00f0inglegri dulhyggju me\u00f0 h\u00f6fu\u00f0ritum eins og Sefer Jezira og Sohar.\" tabindex=\"0\">kabbala<\/span>. \u00deetta svi\u00f0 fjallar um beitingu hinnar arfleiddu \u00feekkingar, me\u00f0al annars til verndar, l\u00e6kninga og til a\u00f0 afst\u00fdra \u00f3g\u00e6fu.<\/p><p>Kabbal\u00edskur <span class=\"iwg-fachbegriff\" data-tooltip=\"Hlutur sem borinn er \u00e1 s\u00e9r og talinn hafa verndandi, \u00f3g\u00e6fuvarnandi m\u00e1tt.\" tabindex=\"0\">verndargripur<\/span> tilheyrir \u00feessari hagn\u00fdtu <span class=\"iwg-fachbegriff\" data-tooltip=\"Stefna \u00ed gy\u00f0inglegri dulhyggju me\u00f0 h\u00f6fu\u00f0ritum eins og Sefer Jezira og Sohar.\" tabindex=\"0\">kabbala<\/span>. Hann er beiting \u00feekkingarinnar \u00e1 hinum heil\u00f6gu n\u00f6fnum og t\u00e1knum \u00ed \u00fe\u00e1gu verndar.<\/p><p>Hagn\u00fdt <span class=\"iwg-fachbegriff\" data-tooltip=\"Stefna \u00ed gy\u00f0inglegri dulhyggju me\u00f0 h\u00f6fu\u00f0ritum eins og Sefer Jezira og Sohar.\" tabindex=\"0\">kabbala<\/span> st\u00f3\u00f0 ekki \u00f3umdeild innan gy\u00f0inglegrar hef\u00f0ar. \u00dea\u00f0 r\u00edkti varf\u00e6rni og gagnr\u00fdni, \u00fev\u00ed a\u00f0 me\u00f0fer\u00f0 hinna heil\u00f6gu nafna \u00fe\u00f3tti vi\u00f0kv\u00e6m og ekki \u00f6llum leyf\u00f0.<\/p><p>Kabbal\u00edskur <span class=\"iwg-fachbegriff\" data-tooltip=\"Hlutur sem borinn er \u00e1 s\u00e9r og talinn hafa verndandi, \u00f3g\u00e6fuvarnandi m\u00e1tt.\" tabindex=\"0\">verndargripur<\/span> hreyfist \u00fev\u00ed \u00e1 svi\u00f0i sem teki\u00f0 var alvarlega og me\u00f0h\u00f6ndla\u00f0 af var\u00fa\u00f0. Hann var enginn hversdagslegur hlutur, heldur kraf\u00f0ist s\u00e9rstakrar \u00feekkingar og s\u00e9rstaks umbo\u00f0s.<\/p>\t\t\t\t\t\t\t\t<\/div>\n\t\t\t\t<\/div>\n\t\t\t\t\t<\/div>\n\t\t\t\t<\/div>\n\t\t<div class=\"elementor-element elementor-element-iwgs-kabbalistisc-s2 e-flex e-con-boxed e-con e-parent\" data-id=\"iwgs-kabbalistisc-s2\" data-element_type=\"container\" data-e-type=\"container\">\n\t\t\t\t\t<div class=\"e-con-inner\">\n\t\t\t\t<div class=\"elementor-element elementor-element-iwgs-kabbalistisc-s2h elementor-widget elementor-widget-heading\" data-id=\"iwgs-kabbalistisc-s2h\" data-element_type=\"widget\" data-e-type=\"widget\" data-widget_type=\"heading.default\">\n\t\t\t\t\t<h2 class=\"elementor-heading-title elementor-size-default\">Innihaldi\u00f0: n\u00f6fn og t\u00e1kn<\/h2>\t\t\t\t<\/div>\n\t\t<div class=\"elementor-element elementor-element-iwgs-kabbalistisc-s2box e-con-full e-flex e-con e-parent\" data-id=\"iwgs-kabbalistisc-s2box\" data-element_type=\"container\" data-e-type=\"container\">\n\t\t\t\t<div class=\"elementor-element elementor-element-iwgs-kabbalistisc-s2t elementor-widget elementor-widget-text-editor\" data-id=\"iwgs-kabbalistisc-s2t\" data-element_type=\"widget\" data-e-type=\"widget\" data-widget_type=\"text-editor.default\">\n\t\t\t\t\t\t\t\t\t<p>\u00dea\u00f0 sem r\u00e6\u00f0ur \u00farslitum vi\u00f0 kabbal\u00edskt <span class=\"iwg-fachbegriff\" data-tooltip=\"Hlutur sem borinn er \u00e1 l\u00edkamanum og talinn hafa verndandi, \u00f3g\u00e6fuafst\u00fdrandi m\u00e1tt.\" tabindex=\"0\">verndargrip<\/span> er innihald \u00feess. \u00c1 <span class=\"iwg-fachbegriff\" data-tooltip=\"Hlutur sem borinn er \u00e1 l\u00edkamanum og talinn hafa verndandi, \u00f3g\u00e6fuafst\u00fdrandi m\u00e1tt.\" tabindex=\"0\">verndargripnum<\/span> stendur skrifu\u00f0 or\u00f0 og t\u00e1kn, og verndarm\u00e1ttur hans er sag\u00f0ur lei\u00f0a af \u00feeim.<\/p><p>\u00cd brennidepli eru n\u00f6fn Gu\u00f0s. \u00cd hef\u00f0 Judaismans eru til \u00fdmis n\u00f6fn og nafnform Gu\u00f0s, sem talin eru b\u00faa yfir mikilli heilagleika og m\u00e6tti.<\/p><p>Auk \u00feess bera <span class=\"iwg-fachbegriff\" data-tooltip=\"Hlutur sem borinn er \u00e1 l\u00edkamanum og talinn hafa verndandi, \u00f3g\u00e6fuafst\u00fdrandi m\u00e1tt.\" tabindex=\"0\">verndargripirnir<\/span> oft n\u00f6fn engla. Englum var eigna\u00f0 verndarhlutverk, og n\u00f6fn \u00feeirra \u00e1 <span class=\"iwg-fachbegriff\" data-tooltip=\"Hlutur sem borinn er \u00e1 l\u00edkamanum og talinn hafa verndandi, \u00f3g\u00e6fuafst\u00fdrandi m\u00e1tt.\" tabindex=\"0\">verndargripnum<\/span> \u00e1tti a\u00f0 tryggja li\u00f0sinni \u00feeirra.<\/p><p>Vers \u00far hebresku Bibl\u00edunni eru einnig hluti af innihaldinu. S\u00e9rstaklega vers sem fjalla um vernd og var\u00f0veislu voru skrifu\u00f0 \u00e1 verndargripina.<\/p><p>Auk \u00feess koma s\u00e9rst\u00f6k t\u00e1kn til. \u00dear eru t\u00f6fraferningar \u00far t\u00f6lum e\u00f0a b\u00f3kst\u00f6fum, umr\u00f6\u00f0un heilagra nafna og eigin t\u00e1knstafir, sem eigna\u00f0ur var kraftur.<\/p><p>\u00dar \u00f6llum \u00feessum hlutum, gu\u00f0sn\u00f6fnunum, englan\u00f6fnunum, versunum og t\u00e1knunum, er kabbal\u00edska <span class=\"iwg-fachbegriff\" data-tooltip=\"Hlutur sem borinn er \u00e1 l\u00edkamanum og talinn hafa verndandi, \u00f3g\u00e6fuafst\u00fdrandi m\u00e1tt.\" tabindex=\"0\">verndargripurinn<\/span> samsettur. Verndarm\u00e1ttur hans byggist \u00e1 krafti \u00feessara heil\u00f6gu or\u00f0a og t\u00e1kna.<\/p>\t\t\t\t\t\t\t\t<\/div>\n\t\t\t\t<\/div>\n\t\t\t\t\t<\/div>\n\t\t\t\t<\/div>\n\t\t<div class=\"elementor-element elementor-element-iwgs-kabbalistisc-s3 e-flex e-con-boxed e-con e-parent\" data-id=\"iwgs-kabbalistisc-s3\" data-element_type=\"container\" data-e-type=\"container\">\n\t\t\t\t\t<div class=\"e-con-inner\">\n\t\t\t\t<div class=\"elementor-element elementor-element-iwgs-kabbalistisc-s3h elementor-widget elementor-widget-heading\" data-id=\"iwgs-kabbalistisc-s3h\" data-element_type=\"widget\" data-e-type=\"widget\" data-widget_type=\"heading.default\">\n\t\t\t\t\t<h2 class=\"elementor-heading-title elementor-size-default\">Form og efni<\/h2>\t\t\t\t<\/div>\n\t\t<div class=\"elementor-element elementor-element-iwgs-kabbalistisc-s3box e-con-full e-flex e-con e-parent\" data-id=\"iwgs-kabbalistisc-s3box\" data-element_type=\"container\" data-e-type=\"container\">\n\t\t\t\t<div class=\"elementor-element elementor-element-iwgs-kabbalistisc-s3t elementor-widget elementor-widget-text-editor\" data-id=\"iwgs-kabbalistisc-s3t\" data-element_type=\"widget\" data-e-type=\"widget\" data-widget_type=\"text-editor.default\">\n\t\t\t\t\t\t\t\t\t<p>Kabbal\u00edska <span class=\"iwg-fachbegriff\" data-tooltip=\"Hlutur sem borinn er \u00e1 l\u00edkamanum og talinn hafa verndandi, \u00f3g\u00e6fuafst\u00fdrandi m\u00e1tt.\" tabindex=\"0\">verndargripinn<\/span> kemur fram \u00ed \u00fdmsum myndum. Algeng mynd er skrifa\u00f0 b\u00f3kfell e\u00f0a papp\u00edr.<\/p><p>\u00c1 \u00feennan skrifefnivi\u00f0 voru n\u00f6fnin, versin og t\u00e1knin skrifu\u00f0. Skrifa\u00f0a bla\u00f0i\u00f0 var s\u00ed\u00f0an broti\u00f0 saman og vari\u00f0 \u00ed hylki, oft \u00ed l\u00edtilli hylkju.<\/p><p>\u00d6nnur mynd er <span class=\"iwg-fachbegriff\" data-tooltip=\"Hlutur sem borinn er \u00e1 l\u00edkamanum og talinn hafa verndandi, \u00f3g\u00e6fuafst\u00fdrandi m\u00e1tt.\" tabindex=\"0\">verndargripur<\/span> \u00far m\u00e1lmi. \u00c1 \u00feunnar m\u00e1lmpl\u00f6tur, oft \u00far silfri, voru \u00e1letranirnar skornar e\u00f0a grafnar inn. Sl\u00edkir m\u00e1lmverndargripir voru varanlegri en skrifu\u00f0u bl\u00f6\u00f0in.<\/p><p>M\u00e1lmverndargripirnir g\u00e1tu veri\u00f0 listilega ger\u00f0ir. \u00deeir b\u00e1ru \u00e1letranir, oft skipulag\u00f0ar \u00ed m\u00f6rgum reitum, og g\u00e1tu a\u00f0 auki veri\u00f0 skreyttir.<\/p><p>Kabbal\u00edski <span class=\"iwg-fachbegriff\" data-tooltip=\"Hlutur sem borinn er \u00e1 l\u00edkamanum og talinn hafa verndandi, \u00f3g\u00e6fuafst\u00fdrandi m\u00e1tt.\" tabindex=\"0\">verndargripurinn<\/span> var borinn \u00e1 l\u00edkamanum, \u00ed sn\u00faru e\u00f0a ke\u00f0ju. Hann m\u00e1tti einnig hengja upp \u00e1 \u00e1kve\u00f0num sta\u00f0, til d\u00e6mis \u00ed herbergi s\u00e6ngurkonu.<\/p><p>\u00cd formi hins var\u00f0a hylkis fylgir kabbal\u00edski <span class=\"iwg-fachbegriff\" data-tooltip=\"Hlutur sem borinn er \u00e1 l\u00edkamanum og talinn hafa verndandi, \u00f3g\u00e6fuafst\u00fdrandi m\u00e1tt.\" tabindex=\"0\">verndargripurinn<\/span> \u00fatbreiddu mynstri. Eins og hj\u00e1 \u00edslamska Ta\u02bfw\u012bz-inum e\u00f0a t\u00edbetska Gau-inum er hi\u00f0 raunverulega virka, hinn skrifa\u00f0i kjarni, varinn \u00ed hulstri.<\/p>\t\t\t\t\t\t\t\t<\/div>\n\t\t\t\t<\/div>\n\t\t\t\t\t<\/div>\n\t\t\t\t<\/div>\n\t\t<div class=\"elementor-element elementor-element-iwgs-kabbalistisc-s4 e-flex e-con-boxed e-con e-parent\" data-id=\"iwgs-kabbalistisc-s4\" data-element_type=\"container\" data-e-type=\"container\">\n\t\t\t\t\t<div class=\"e-con-inner\">\n\t\t\t\t<div class=\"elementor-element elementor-element-iwgs-kabbalistisc-s4h elementor-widget elementor-widget-heading\" data-id=\"iwgs-kabbalistisc-s4h\" data-element_type=\"widget\" data-e-type=\"widget\" data-widget_type=\"heading.default\">\n\t\t\t\t\t<h2 class=\"elementor-heading-title elementor-size-default\">Hver b\u00fdr til verndargripinn<\/h2>\t\t\t\t<\/div>\n\t\t<div class=\"elementor-element elementor-element-iwgs-kabbalistisc-s4box e-con-full e-flex e-con e-parent\" data-id=\"iwgs-kabbalistisc-s4box\" data-element_type=\"container\" data-e-type=\"container\">\n\t\t\t\t<div class=\"elementor-element elementor-element-iwgs-kabbalistisc-s4t elementor-widget elementor-widget-text-editor\" data-id=\"iwgs-kabbalistisc-s4t\" data-element_type=\"widget\" data-e-type=\"widget\" data-widget_type=\"text-editor.default\">\n\t\t\t\t\t\t\t\t\t<p>Kabbal\u00edskan <span class=\"iwg-fachbegriff\" data-tooltip=\"Hlutur sem borinn er \u00e1 l\u00edkamanum og talinn hafa verndandi, \u00f3g\u00e6fuafst\u00fdrandi m\u00e1tt.\" tabindex=\"0\">verndargrip<\/span> ger\u00f0i ekki hver sem er af handah\u00f3fi. Framlei\u00f0sla hans var fr\u00e1tekin \u00feeim sem h\u00f6f\u00f0u tilskilda \u00feekkingu og tilskilda heimild.<\/p><p>Sl\u00edkt f\u00f3lk var \u00ed hef\u00f0 Judaismans nefnt me\u00f0 \u00fdmsum hugt\u00f6kum. \u00deekkt er hugtaki\u00f0 Baal Shem, sem merkir \u00ed reynd meistari nafnsins.<\/p><p>Baal Shem var l\u00e6r\u00f0ur ma\u00f0ur sem kunni hin heil\u00f6gu n\u00f6fn og notkun \u00feeirra. Honum var eignu\u00f0 geta til a\u00f0 fara me\u00f0 \u00feessa vandme\u00f0f\u00f6rnu \u00feekkingu.<\/p><p>Ger\u00f0 verndargripsins kraf\u00f0ist n\u00e1kv\u00e6mrar kunn\u00e1ttu. N\u00f6fnin \u00feurftu a\u00f0 vera r\u00e9tt skrifu\u00f0, versin r\u00e9tt valin, t\u00e1knin r\u00e9tt sett. Villa var talin h\u00e6ttuleg.<\/p><p>Oft var framlei\u00f0slan bundin fyrirm\u00e6lum og \u00e1kve\u00f0inni hugarafst\u00f6\u00f0u. A\u00f0 skrifa hin heil\u00f6gu n\u00f6fn var alvarleg ath\u00f6fn, umlukt reglum.<\/p><p>S\u00fa sta\u00f0reynd a\u00f0 kabbal\u00edski <span class=\"iwg-fachbegriff\" data-tooltip=\"Hlutur sem borinn er \u00e1 l\u00edkamanum og talinn hafa verndandi, \u00f3g\u00e6fuafst\u00fdrandi m\u00e1tt.\" tabindex=\"0\">verndargripurinn<\/span> var ger\u00f0ur af f\u00e6rum l\u00e6rd\u00f3msm\u00f6nnum er mikilv\u00e6g fyrir skilning \u00e1 honum. Kraftur hans bygg\u00f0ist samkv\u00e6mt hugmyndum hef\u00f0arinnar ekki einungis \u00e1 or\u00f0unum, heldur einnig \u00e1 \u00feekkingu og heimild \u00feess sem skrifa\u00f0i \u00feau.<\/p>\t\t\t\t\t\t\t\t<\/div>\n\t\t\t\t<\/div>\n\t\t\t\t\t<\/div>\n\t\t\t\t<\/div>\n\t\t<div class=\"elementor-element elementor-element-iwgs-kabbalistisc-s5 e-flex e-con-boxed e-con e-parent\" data-id=\"iwgs-kabbalistisc-s5\" data-element_type=\"container\" data-e-type=\"container\">\n\t\t\t\t\t<div class=\"e-con-inner\">\n\t\t\t\t<div class=\"elementor-element elementor-element-iwgs-kabbalistisc-s5h elementor-widget elementor-widget-heading\" data-id=\"iwgs-kabbalistisc-s5h\" data-element_type=\"widget\" data-e-type=\"widget\" data-widget_type=\"heading.default\">\n\t\t\t\t\t<h2 class=\"elementor-heading-title elementor-size-default\">Vernd fyrir m\u00f3\u00f0ur og barn<\/h2>\t\t\t\t<\/div>\n\t\t<div class=\"elementor-element elementor-element-iwgs-kabbalistisc-s5box e-con-full e-flex e-con e-parent\" data-id=\"iwgs-kabbalistisc-s5box\" data-element_type=\"container\" data-e-type=\"container\">\n\t\t\t\t<div class=\"elementor-element elementor-element-iwgs-kabbalistisc-s5t elementor-widget elementor-widget-text-editor\" data-id=\"iwgs-kabbalistisc-s5t\" data-element_type=\"widget\" data-e-type=\"widget\" data-widget_type=\"text-editor.default\">\n\t\t\t\t\t\t\t\t\t<p>Kabbal\u00edskur <span class=\"iwg-fachbegriff\" data-tooltip=\"Hlutur sem borinn er \u00e1 s\u00e9r og talinn hafa verndandi, \u00f3g\u00e6fuvarnandi m\u00e1tt.\" tabindex=\"0\">verndargripur<\/span> beindist gegn \u00fdmsum h\u00e6ttum. Eitt s\u00e9rlega mikilv\u00e6gt notkunarsvi\u00f0 var\u00f0a\u00f0i vernd m\u00f3\u00f0ur og barns vi\u00f0 f\u00e6\u00f0ingu.<\/p><p>F\u00e6\u00f0ingin var \u00e1 fyrri t\u00ed\u00f0um h\u00e6ttustund. S\u00e6ngurkonan og hi\u00f0 n\u00fdf\u00e6dda barn t\u00f6ldust \u00ed h\u00e6ttu, og \u00f3skin um vernd var \u00ed \u00feessari st\u00f6\u00f0u s\u00e9rstaklega \u00e1r\u00ed\u00f0andi.<\/p><p>Fyrir \u00feessa vernd voru til s\u00e9rstakir verndargripir. \u00deeir voru settir upp \u00ed herbergi s\u00e6ngurkonunnar, hengdir vi\u00f0 r\u00fami\u00f0 e\u00f0a l\u00e1tnir fylgja barninu.<\/p><p>\u00deessir f\u00e6\u00f0ingarverndargripir beindust oft gegn \u00e1kve\u00f0nu ska\u00f0legu afli, gegn veru Lilith. \u00cd gy\u00f0inglegri <span class=\"iwg-fachbegriff\" data-tooltip=\"Mi\u00f0lun \u00feekkingar og fr\u00e1sagna kynsl\u00f3\u00f0 fram af kynsl\u00f3\u00f0.\" tabindex=\"0\">munnm\u00e6lahef\u00f0<\/span> var Lilith tengd h\u00e6ttu fyrir s\u00e6ngurkonu og ungbarn.<\/p><p>Verndargripirnir gegn Lilith b\u00e1ru s\u00e9rst\u00f6k n\u00f6fn og form\u00falur sem \u00e1ttu a\u00f0 halda henni fjarri. \u00c1 s\u00ed\u00f0unni um <a href=\"https:\/\/iwell-guard.com\/is\/?page_id=169222\">Lilith-varnargripinn<\/a> er \u00feetta s\u00e9rstaka form kynnt n\u00e1nar.<\/p><p>Vernd m\u00f3\u00f0ur og barns me\u00f0 kabbal\u00edskum <span class=\"iwg-fachbegriff\" data-tooltip=\"Hlutur sem borinn er \u00e1 s\u00e9r og talinn hafa verndandi, \u00f3g\u00e6fuvarnandi m\u00e1tt.\" tabindex=\"0\">verndargrip<\/span> fellur a\u00f0 \u00fatbreiddu mynstri. \u00cd mj\u00f6g m\u00f6rgum menningarheimum beinast mikilv\u00e6gustu verndargripirnir a\u00f0 f\u00e6\u00f0ingu og fyrstu bernsku.<\/p>\t\t\t\t\t\t\t\t<\/div>\n\t\t\t\t<\/div>\n\t\t\t\t\t<\/div>\n\t\t\t\t<\/div>\n\t\t<div class=\"elementor-element elementor-element-iwgs-kabbalistisc-s6 e-flex e-con-boxed e-con e-parent\" data-id=\"iwgs-kabbalistisc-s6\" data-element_type=\"container\" data-e-type=\"container\">\n\t\t\t\t\t<div class=\"e-con-inner\">\n\t\t\t\t<div class=\"elementor-element elementor-element-iwgs-kabbalistisc-s6h elementor-widget elementor-widget-heading\" data-id=\"iwgs-kabbalistisc-s6h\" data-element_type=\"widget\" data-e-type=\"widget\" data-widget_type=\"heading.default\">\n\t\t\t\t\t<h2 class=\"elementor-heading-title elementor-size-default\">Kraftur hinna heil\u00f6gu nafna<\/h2>\t\t\t\t<\/div>\n\t\t<div class=\"elementor-element elementor-element-iwgs-kabbalistisc-s6box e-con-full e-flex e-con e-parent\" data-id=\"iwgs-kabbalistisc-s6box\" data-element_type=\"container\" data-e-type=\"container\">\n\t\t\t\t<div class=\"elementor-element elementor-element-iwgs-kabbalistisc-s6t elementor-widget elementor-widget-text-editor\" data-id=\"iwgs-kabbalistisc-s6t\" data-element_type=\"widget\" data-e-type=\"widget\" data-widget_type=\"text-editor.default\">\n\t\t\t\t\t\t\t\t\t<p>Verndarm\u00e1ttur kabbal\u00edska verndargripsins byggist \u00e1 heil\u00f6gum n\u00f6fnum. \u00cd hef\u00f0 Gy\u00f0inga var \u00feessum n\u00f6fnum eignu\u00f0 einst\u00f6k helgi og kraftur.<\/p><p>A\u00f0 baki \u00feessari hugmynd liggur s\u00fa hugsun a\u00f0 n\u00f6fn Gu\u00f0s s\u00e9u ekki hversdagsleg or\u00f0 heldur n\u00e1tengd Gu\u00f0i sj\u00e1lfum. S\u00e1 sem skrifar nafni\u00f0 kallar fram \u00feann kraft sem \u00fev\u00ed er samtengdur.<\/p><p>\u00c1 sama h\u00e1tt voru n\u00f6fn <span class=\"iwg-fachbegriff\" data-tooltip=\"\u00cd hinum abraham\u00edsku tr\u00faarbr\u00f6g\u00f0um himneskur sendibo\u00f0i Gu\u00f0s.\" tabindex=\"0\">engla<\/span> talin \u00e1hrifar\u00edk. \u00deau \u00e6ttu a\u00f0 tryggja a\u00f0sto\u00f0 verndandi englam\u00e1ttar.<\/p><p>Kabbal\u00edski <span class=\"iwg-fachbegriff\" data-tooltip=\"Hlutur sem borinn er \u00e1 s\u00e9r og talinn hafa verndandi, \u00f3g\u00e6fuvarnandi \u00e1hrif.\" tabindex=\"0\">verndargripurinn<\/span> er \u00feannig d\u00e6mi um \u00fatbreidda hugmynd um m\u00e1tt hins heilaga or\u00f0s. \u00deessa hugmynd m\u00e1 finna \u00ed m\u00f6rgum tr\u00faarbr\u00f6g\u00f0um.<\/p><p>\u00c1 sama t\u00edma var umgengni vi\u00f0 heil\u00f6gu n\u00f6fnin vi\u00f0kv\u00e6mt m\u00e1l \u00ed hef\u00f0 Gy\u00f0inga. N\u00f6fn Gu\u00f0s voru talin of <span class=\"iwg-fachbegriff\" data-tooltip=\"\u00dea\u00f0 sem tilheyrir hinu gu\u00f0lega og er \u00fear me\u00f0 undan\u00feegi\u00f0 hversdagslegri notkun.\" tabindex=\"0\">heil\u00f6g<\/span> til a\u00f0 nota af l\u00e9tt\u00fa\u00f0. \u00deess vegna var ger\u00f0 verndargripanna bundin \u00feekkingu og heimild.<\/p><p>\u00cd \u00feessu spennu\u00e1standi kemur fram s\u00fa alvara sem hef\u00f0 Gy\u00f0inga s\u00fdndi kabbal\u00edska <span class=\"iwg-fachbegriff\" data-tooltip=\"Hlutur sem borinn er \u00e1 s\u00e9r og talinn hafa verndandi, \u00f3g\u00e6fuvarnandi \u00e1hrif.\" tabindex=\"0\">verndargripnum<\/span>. Hann var virkt verndarme\u00f0al og \u00e1 sama t\u00edma hlutur sem ger\u00f0 hans kraf\u00f0ist n\u00e1kv\u00e6mni og \u00e1byrg\u00f0ar.<\/p>\t\t\t\t\t\t\t\t<\/div>\n\t\t\t\t<\/div>\n\t\t\t\t\t<\/div>\n\t\t\t\t<\/div>\n\t\t<div class=\"elementor-element elementor-element-iwgs-kabbalistisc-s7 e-flex e-con-boxed e-con e-parent\" data-id=\"iwgs-kabbalistisc-s7\" data-element_type=\"container\" data-e-type=\"container\">\n\t\t\t\t\t<div class=\"e-con-inner\">\n\t\t\t\t<div class=\"elementor-element elementor-element-iwgs-kabbalistisc-s7h elementor-widget elementor-widget-heading\" data-id=\"iwgs-kabbalistisc-s7h\" data-element_type=\"widget\" data-e-type=\"widget\" data-widget_type=\"heading.default\">\n\t\t\t\t\t<h2 class=\"elementor-heading-title elementor-size-default\">Skriftartalismenn \u00ed tr\u00faarbr\u00f6g\u00f0unum<\/h2>\t\t\t\t<\/div>\n\t\t<div class=\"elementor-element elementor-element-iwgs-kabbalistisc-s7box e-con-full e-flex e-con e-parent\" data-id=\"iwgs-kabbalistisc-s7box\" data-element_type=\"container\" data-e-type=\"container\">\n\t\t\t\t<div class=\"elementor-element elementor-element-iwgs-kabbalistisc-s7t elementor-widget elementor-widget-text-editor\" data-id=\"iwgs-kabbalistisc-s7t\" data-element_type=\"widget\" data-e-type=\"widget\" data-widget_type=\"text-editor.default\">\n\t\t\t\t\t\t\t\t\t<p>Kabbal\u00edski <span class=\"iwg-fachbegriff\" data-tooltip=\"Hlutur sem borinn er \u00e1 s\u00e9r og talinn hafa verndandi, \u00f3g\u00e6fuvarnandi \u00e1hrif.\" tabindex=\"0\">verndargripurinn<\/span> tilheyrir st\u00f3rri fj\u00f6lskyldu skriftartalismanna. \u00dear er \u00e1tt vi\u00f0 verndarhluti \u00fear sem \u00e1hrifin eru bundin skrifu\u00f0u or\u00f0i e\u00f0a nafni.<\/p><p>Sl\u00edkir skriftartalismenn eru \u00fatbreiddir \u00ed m\u00f6rgum tr\u00faarbr\u00f6g\u00f0um. \u00cd \u00edslam ber Ta\u02bfw\u012bz-inn K\u00f3ranvers og n\u00f6fn Gu\u00f0s. \u00cd Austur-As\u00edu bera k\u00ednverski Fu-<span class=\"iwg-fachbegriff\" data-tooltip=\"Hlutur sem talinn er hafa \u00e1hrif til a\u00f0 kalla fram g\u00e6fu e\u00f0a velgengni.\" tabindex=\"0\">talismaninn<\/span> og k\u00f3reski Bujeok-inn skrifu\u00f0 t\u00e1kn.<\/p><p>\u00d6llum \u00feessum talism\u00f6num liggur sama grunnhugmynd til grundvallar, hugmyndin um hi\u00f0 m\u00e1ttuga or\u00f0. Heilagt e\u00f0a kraftmiki\u00f0 or\u00f0, skrifa\u00f0 og bori\u00f0, \u00e1 a\u00f0 vernda \u00feann sem ber \u00fea\u00f0.<\/p><p>Kabbal\u00edski <span class=\"iwg-fachbegriff\" data-tooltip=\"Hlutur sem borinn er \u00e1 s\u00e9r og talinn hafa verndandi, \u00f3g\u00e6fuvarnandi \u00e1hrif.\" tabindex=\"0\">verndargripurinn<\/span> er hin gy\u00f0inglega \u00fatf\u00e6rsla \u00feessa grunnmynstur. S\u00e9rkenni hans liggur \u00ed heil\u00f6gum n\u00f6fnum Gu\u00f0s og <span class=\"iwg-fachbegriff\" data-tooltip=\"\u00cd hinum abraham\u00edsku tr\u00faarbr\u00f6g\u00f0um himneskur sendibo\u00f0i Gu\u00f0s.\" tabindex=\"0\">engla<\/span>, sem myndar innihald hans.<\/p><p>Formi\u00f0, hin var\u00f0veitta hylkja me\u00f0 \u00e1skrifu\u00f0um kjarna, deilir kabbal\u00edski <span class=\"iwg-fachbegriff\" data-tooltip=\"Hlutur sem borinn er \u00e1 s\u00e9r og talinn hafa verndandi, \u00f3g\u00e6fuvarnandi \u00e1hrif.\" tabindex=\"0\">verndargripurinn<\/span> me\u00f0 verndarhlutum annarra menningarheima. A\u00f0 hylja hi\u00f0 heilaga innihald er \u00fatbreitt einkenni.<\/p><p>Kabbal\u00edski <span class=\"iwg-fachbegriff\" data-tooltip=\"Hlutur sem borinn er \u00e1 s\u00e9r og talinn hafa verndandi, \u00f3g\u00e6fuvarnandi \u00e1hrif.\" tabindex=\"0\">verndargripurinn<\/span> s\u00fdnir \u00feannig a\u00f0 verndarhef\u00f0ir heimsins eru innbyr\u00f0is tengdar. Skriftartalismaninn er \u00fatbreitt grunnmynstur um allan heim, og gy\u00f0inglega Kamea-i\u00f0 er ein \u00fatf\u00e6rsla hans.<\/p>\t\t\t\t\t\t\t\t<\/div>\n\t\t\t\t<\/div>\n\t\t\t\t\t<\/div>\n\t\t\t\t<\/div>\n\t\t<div class=\"elementor-element elementor-element-iwgs-kabbalistisc-s8 e-flex e-con-boxed e-con e-parent\" data-id=\"iwgs-kabbalistisc-s8\" data-element_type=\"container\" data-e-type=\"container\">\n\t\t\t\t\t<div class=\"e-con-inner\">\n\t\t\t\t<div class=\"elementor-element elementor-element-iwgs-kabbalistisc-s8h elementor-widget elementor-widget-heading\" data-id=\"iwgs-kabbalistisc-s8h\" data-element_type=\"widget\" data-e-type=\"widget\" data-widget_type=\"heading.default\">\n\t\t\t\t\t<h2 class=\"elementor-heading-title elementor-size-default\">M\u00f3tt\u00f6kur \u00ed dag<\/h2>\t\t\t\t<\/div>\n\t\t<div class=\"elementor-element elementor-element-iwgs-kabbalistisc-s8box e-con-full e-flex e-con e-parent\" data-id=\"iwgs-kabbalistisc-s8box\" data-element_type=\"container\" data-e-type=\"container\">\n\t\t\t\t<div class=\"elementor-element elementor-element-iwgs-kabbalistisc-s8t elementor-widget elementor-widget-text-editor\" data-id=\"iwgs-kabbalistisc-s8t\" data-element_type=\"widget\" data-e-type=\"widget\" data-widget_type=\"text-editor.default\">\n\t\t\t\t\t\t\t\t\t<p>Kabbal\u00edski <span class=\"iwg-fachbegriff\" data-tooltip=\"Hlutur sem borinn er \u00e1 s\u00e9r og talinn hafa verndandi, \u00f3g\u00e6fuvarnandi \u00e1hrif.\" tabindex=\"0\">verndargripurinn<\/span> er \u00ed dag fyrst og fremst s\u00f6gulegt og tr\u00faars\u00f6gulegt vi\u00f0fangsefni. \u00cd s\u00f6fnum margra safna eru sl\u00edkir verndargripir var\u00f0veittir, s\u00e9rstaklega hinir listilega ger\u00f0u m\u00e1lmverndargripir.<\/p><p>\u00deessir var\u00f0veittu munir eru d\u00fdrm\u00e6t heimild. \u00deeir veita inns\u00fdn \u00ed hina hagn\u00fdtu <span class=\"iwg-fachbegriff\" data-tooltip=\"Stefna innan gy\u00f0inglegrar dulspeki me\u00f0 h\u00f6fu\u00f0ritum eins og Sefer Jezira og Sohar.\" tabindex=\"0\">kabbala<\/span>, \u00ed gy\u00f0inglegt <span class=\"iwg-fachbegriff\" data-tooltip=\"Tr\u00faarl\u00edf sem lifa\u00f0 er \u00ed hversdeginum, oft samhli\u00f0a hinni opinberu l\u00e6rd\u00f3mi.\" tabindex=\"0\">al\u00fe\u00fd\u00f0utr\u00fa<\/span> og \u00ed verndarhugmyndir li\u00f0inna alda.<\/p><p>\u00cd hluta gy\u00f0ingd\u00f3ms hefur <span class=\"iwg-fachbegriff\" data-tooltip=\"Erf\u00f0 heg\u00f0un sem endurtekin er reglulega innan samf\u00e9lags.\" tabindex=\"0\">venjan<\/span> me\u00f0 verndargripum lifa\u00f0 allt til n\u00fat\u00edmans, s\u00e9rstaklega \u00ed \u00e1kve\u00f0num tr\u00fau\u00f0um og dulspekilega m\u00f3tu\u00f0um stefnum.<\/p><p>Eins og \u00e1\u00f0ur er umgengni vi\u00f0 sl\u00edka verndargripi metin \u00e1 mismunandi h\u00e1tt jafnvel \u00ed dag. Sumar stefnur vi\u00f0halda henni, a\u00f0rar eru varf\u00e6rnar gagnvart henni.<\/p><p>Hlutlaus umfj\u00f6llun nefnir kabbal\u00edska <span class=\"iwg-fachbegriff\" data-tooltip=\"Hlutur sem borinn er \u00e1 s\u00e9r og talinn hafa verndandi, \u00f3g\u00e6fuvarnandi \u00e1hrif.\" tabindex=\"0\">verndargripinn<\/span> \u00fea\u00f0 sem hann er, alvarlega tekinn verndarhlutur hinnar hagn\u00fdtu <span class=\"iwg-fachbegriff\" data-tooltip=\"Stefna innan gy\u00f0inglegrar dulspeki me\u00f0 h\u00f6fu\u00f0ritum eins og Sefer Jezira og Sohar.\" tabindex=\"0\">kabbala<\/span>, borinn fram af tr\u00fa \u00e1 m\u00e1tt heil\u00f6gu nafnanna.<\/p><p>Kabbal\u00edski <span class=\"iwg-fachbegriff\" data-tooltip=\"Hlutur sem borinn er \u00e1 s\u00e9r og talinn hafa verndandi, \u00f3g\u00e6fuvarnandi \u00e1hrif.\" tabindex=\"0\">verndargripurinn<\/span> er \u00feannig \u00e1hrifamiki\u00f0 d\u00e6mi um skriftartalisman. \u00cd honum sameinast helgi gu\u00f0snafnanna, \u00feekking hinna kunnandi og \u00fatbreidd \u00fe\u00f6rf fyrir vernd l\u00edfs og f\u00e6\u00f0ingar.<\/p>\t\t\t\t\t\t\t\t<\/div>\n\t\t\t\t<\/div>\n\t\t\t\t\t<\/div>\n\t\t\t\t<\/div>\n\t\t<div class=\"elementor-element elementor-element-iwgs-kabbalistisc-lit e-flex e-con-boxed e-con e-parent\" data-id=\"iwgs-kabbalistisc-lit\" data-element_type=\"container\" data-e-type=\"container\">\n\t\t\t\t\t<div class=\"e-con-inner\">\n\t\t\t\t<div class=\"elementor-element elementor-element-iwgs-kabbalistisc-lith elementor-widget elementor-widget-heading\" data-id=\"iwgs-kabbalistisc-lith\" data-element_type=\"widget\" data-e-type=\"widget\" data-widget_type=\"heading.default\">\n\t\t\t\t\t<h2 class=\"elementor-heading-title elementor-size-default\">Heimildir (\u00farval)<\/h2>\t\t\t\t<\/div>\n\t\t<div class=\"elementor-element elementor-element-iwgs-kabbalistisc-litbox e-con-full e-flex e-con e-parent\" data-id=\"iwgs-kabbalistisc-litbox\" data-element_type=\"container\" data-e-type=\"container\">\n\t\t\t\t<div class=\"elementor-element elementor-element-iwgs-kabbalistisc-litt elementor-widget elementor-widget-html\" data-id=\"iwgs-kabbalistisc-litt\" data-element_type=\"widget\" data-e-type=\"widget\" data-widget_type=\"html.default\">\n\t\t\t\t\t<footer data-nosnippet=\"true\"><ul><li>Joshua Trachtenberg: <em>Jewish Magic and Superstition<\/em> (1939)<\/li><li>T. Schrire: <em>Hebrew Amulets. Their Decipherment and Interpretation<\/em> (1966)<\/li><li>Gershom Scholem: <em>Die j\u00fcdische Mystik in ihren Hauptstr\u00f6mungen<\/em> (1957)<\/li><li>Gideon Bohak: <em>Ancient Jewish Magic. A History<\/em> (2008)<\/li><li>Lexikon des Judentums, greinin <em>Amulett<\/em><\/li><\/ul><\/footer>\t\t\t\t<\/div>\n\t\t\t\t<\/div>\n\t\t\t\t\t<\/div>\n\t\t\t\t<\/div>\n\t\t<div class=\"elementor-element elementor-element-iwgs-kabbalistisc-kwd e-flex e-con-boxed e-con e-parent\" data-id=\"iwgs-kabbalistisc-kwd\" data-element_type=\"container\" data-e-type=\"container\">\n\t\t\t\t\t<div class=\"e-con-inner\">\n\t\t\t\t<div class=\"elementor-element elementor-element-iwgs-kabbalistisc-kwdt elementor-widget elementor-widget-text-editor\" data-id=\"iwgs-kabbalistisc-kwdt\" data-element_type=\"widget\" data-e-type=\"widget\" data-widget_type=\"text-editor.default\">\n\t\t\t\t\t\t\t\t\t<p><em>Tengd kjarnahugt\u00f6k: kabbal\u00edskur <span class=\"iwg-fachbegriff\" data-tooltip=\"Hlutur sem borinn er \u00e1 s\u00e9r og talinn hafa verndandi, \u00f3g\u00e6fuvarnandi \u00e1hrif.\" tabindex=\"0\">verndargripur<\/span> Kamea <span class=\"iwg-fachbegriff\" data-tooltip=\"Stefna innan gy\u00f0inglegrar dulspeki me\u00f0 h\u00f6fu\u00f0ritum eins og Sefer Jezira og Sohar.\" tabindex=\"0\">kabbala<\/span> gu\u00f0sn\u00f6fn englan\u00f6fn skriftartalismani Baal Shem gy\u00f0ingd\u00f3mur.<\/em><\/p>\t\t\t\t\t\t\t\t<\/div>\n\t\t\t\t\t<\/div>\n\t\t\t\t<\/div>\n\t\t<div class=\"elementor-element elementor-element-iwgs-kabbalistisc-cc e-flex e-con-boxed e-con e-parent\" data-id=\"iwgs-kabbalistisc-cc\" data-element_type=\"container\" data-e-type=\"container\" id=\"iwg-cc-kabbalistisches-amulett\">\n\t\t\t\t\t<div class=\"e-con-inner\">\n\t\t<div class=\"elementor-element elementor-element-iwgs-kabbalistisc-ccinner e-flex e-con-boxed e-con e-parent\" data-id=\"iwgs-kabbalistisc-ccinner\" data-element_type=\"container\" data-e-type=\"container\" data-settings=\"{&quot;background_background&quot;:&quot;classic&quot;}\">\n\t\t\t\t\t<div class=\"e-con-inner\">\n\t\t\t\t<div class=\"elementor-element elementor-element-iwgs-kabbalistisc-cch elementor-widget elementor-widget-heading\" data-id=\"iwgs-kabbalistisc-cch\" data-element_type=\"widget\" data-e-type=\"widget\" data-widget_type=\"heading.default\">\n\t\t\t\t\t<h2 class=\"elementor-heading-title elementor-size-default\">iWell Guard og verndarhef\u00f0ir<\/h2>\t\t\t\t<\/div>\n\t\t\t\t<div class=\"elementor-element elementor-element-iwgs-kabbalistisc-cct elementor-widget elementor-widget-text-editor\" data-id=\"iwgs-kabbalistisc-cct\" data-element_type=\"widget\" data-e-type=\"widget\" data-widget_type=\"text-editor.default\">\n\t\t\t\t\t\t\t\t\t<p>iWell Guard er hluti af s\u00f6gulegri hef\u00f0 fars\u00edma varnargripa, en til hennar telst einnig kabbal\u00edska <span class=\"iwg-fachbegriff\" data-tooltip=\"Hlutur sem borinn er \u00e1 l\u00edkamanum og talinn er hafa verndandi, \u00f3g\u00e6fuafst\u00fdrandi m\u00e1tt.\" tabindex=\"0\">am\u00falettan<\/span>. N\u00fat\u00edmalegur fylgihlutur fyrir f\u00f3lk sem lifir me\u00f0 verndart\u00e1knum: framleitt \u00ed \u00de\u00fdskalandi, 41 lag af hreinu gulli, plat\u00ednu og silfri, me\u00f0 30 daga skilar\u00e9tti.<\/p>\t\t\t\t\t\t\t\t<\/div>\n\t\t\t\t<div class=\"elementor-element elementor-element-iwgs-kabbalistisc-ccb iwg-cc-button iwg-cc-cta-2026-05-13 elementor-widget elementor-widget-jet-button\" data-id=\"iwgs-kabbalistisc-ccb\" data-element_type=\"widget\" data-e-type=\"widget\" data-widget_type=\"jet-button.default\">\n\t\t\t\t<div class=\"elementor-widget-container\">\n\t\t\t\t\t<div class=\"elementor-jet-button jet-elements\"><div class=\"jet-button__container\"><a class=\"jet-button__instance jet-button__instance--icon-left hover-effect-1\" href=\"\/schutzanhaenger-iwell-guard-kaufen\/?utm_source=iwell-guard.com&amp;utm_medium=info-box&amp;utm_campaign=schutzsymbole\"><div class=\"jet-button__plane jet-button__plane-normal\"><\/div><div class=\"jet-button__plane jet-button__plane-hover\"><\/div><div class=\"jet-button__state jet-button__state-normal\"><span class=\"jet-button__label\">Meira um iWell Guard<\/span><\/div><div class=\"jet-button__state jet-button__state-hover\"><span class=\"jet-button__label\">Meira um iWell Guard<\/span><\/div><\/a><\/div><\/div><style>.elementor-element.elementor-element-iwgs-kabbalistisc-ccb .jet-button__instance{width:320px;height:56px;}.elementor-element.elementor-element-iwgs-kabbalistisc-ccb .jet-button__state-normal .jet-button__label{text-align:center;margin:0px 0px 0px 0px;color:#1a1b20;font-family:Montserrat,sans-serif;font-size:13px;font-weight:400;letter-spacing:4px;line-height:1.714em;text-transform:uppercase;}.elementor-element.elementor-element-iwgs-kabbalistisc-ccb .jet-button__state-hover .jet-button__label{text-align:center;margin:0px 0px 0px 0px;color:#FECC76;font-family:Montserrat,sans-serif;font-size:13px;font-weight:400;letter-spacing:4px;line-height:1.714em;text-transform:uppercase;}.elementor-element.elementor-element-iwgs-kabbalistisc-ccb .jet-button__plane-normal{background-color:#FECC76;border-style:solid;border-color:#C99540;border-width:2px 2px 2px 2px;}.elementor-element.elementor-element-iwgs-kabbalistisc-ccb .jet-button__plane-hover{background-color:rgba(0,0,0,0.55);border-style:solid;border-color:#FECC76;border-width:2px 2px 2px 2px;}<\/style>\t\t\t\t<\/div>\n\t\t\t\t<\/div>\n\t\t\t\t<div class=\"elementor-element elementor-element-iwgs-kabbalistisc-ccd elementor-widget elementor-widget-text-editor\" data-id=\"iwgs-kabbalistisc-ccd\" data-element_type=\"widget\" data-e-type=\"widget\" data-widget_type=\"text-editor.default\">\n\t\t\t\t\t\t\t\t\t<p style=\"text-align:center;font-size:13px;opacity:0.7;margin-top:14px\" data-nosnippet=\"true\">Pers\u00f3nuleg reynsla getur veri\u00f0 mismunandi. Ekki l\u00e6kningat\u00e6ki. Engin lofor\u00f0 um l\u00e6kningu.<\/p>\t\t\t\t\t\t\t\t<\/div>\n\t\t\t\t\t<\/div>\n\t\t\t\t<\/div>\n\t\t\t\t\t<\/div>\n\t\t\t\t<\/div>\n\t\t<div class=\"elementor-element elementor-element-iwgs-kabbalistisc-disc e-flex e-con-boxed e-con e-parent\" data-id=\"iwgs-kabbalistisc-disc\" data-element_type=\"container\" data-e-type=\"container\">\n\t\t\t\t\t<div class=\"e-con-inner\">\n\t\t\t\t<div class=\"elementor-element elementor-element-iwgs-kabbalistisc-discw elementor-widget elementor-widget-html\" data-id=\"iwgs-kabbalistisc-discw\" data-element_type=\"widget\" data-e-type=\"widget\" data-widget_type=\"html.default\">\n\t\t\t\t\t<footer data-nosnippet=\"true\" class=\"iwg-disclaimer-block\"><p data-nosnippet=\"true\">iWell Guard er <strong>ekki l\u00e6kningat\u00e6ki<\/strong> og kemur ekki \u00ed sta\u00f0 l\u00e6knis- e\u00f0a s\u00e1lfr\u00e6\u00f0ime\u00f0fer\u00f0ar. Innihaldi\u00f0 sem h\u00e9r er sett fram er tr\u00faarbrag\u00f0afr\u00e6\u00f0ileg og menningars\u00f6gulega greining, ekki lofor\u00f0 um andlega virkni.<\/p><\/footer>\t\t\t\t<\/div>\n\t\t\t\t\t<\/div>\n\t\t\t\t<\/div>\n\t\t\t\t<\/div>\n\t\t","protected":false},"excerpt":{"rendered":"","protected":false},"author":3,"featured_media":3500,"parent":0,"menu_order":0,"comment_status":"closed","ping_status":"closed","template":"elementor_header_footer","meta":{"_yoast_wpseo_focuskw":"kabbal\u00edskt verndargripur","_yoast_wpseo_title":"Kabbal\u00edskt verndargripur \u2013 j\u00f3\u00f0neskt vernd","_yoast_wpseo_metadesc":"Kabbal\u00edska verndargripurinn, Kamea, ber gu\u00f0an\u00f6fn og t\u00e1kn. Uppruni, innihald og merking \u00fatsk\u00fdr\u00f0 \u00e1 sk\u00fdran h\u00e1tt.","_yoast_wpseo_meta-robots-noindex":"","_yoast_wpseo_canonical":"","_angie_page":false,"gefaehrdungsstufe":"","wesen_kultur":"","wesen_klasse":"","footnotes":""},"categories":[],"class_list":["post-169182","page","type-page","status-publish","has-post-thumbnail","hentry"],"yoast_head":"<!-- This site is optimized with the Yoast SEO Premium plugin v27.7 (Yoast SEO v28.3) - https:\/\/yoast.com\/product\/yoast-seo-premium-wordpress\/ -->\n<title>Kabbal\u00edskt verndargripur \u2013 j\u00f3\u00f0neskt vernd<\/title>\n<meta name=\"description\" content=\"Kabbal\u00edska verndargripurinn, Kamea, ber gu\u00f0an\u00f6fn og t\u00e1kn. Uppruni, innihald og merking \u00fatsk\u00fdr\u00f0 \u00e1 sk\u00fdran h\u00e1tt.\" \/>\n<meta name=\"robots\" content=\"index, follow, max-snippet:-1, max-image-preview:large, max-video-preview:-1\" \/>\n<link rel=\"canonical\" href=\"https:\/\/iwell-guard.com\/is\/kabbalistiskt-verndargripur\/\" \/>\n<meta property=\"og:locale\" content=\"is_IS\" \/>\n<meta property=\"og:type\" content=\"article\" \/>\n<meta property=\"og:title\" content=\"Kabbal\u00edskt verndargripur \u2013 j\u00f3\u00f0neska verndaram\u00falettan\" \/>\n<meta property=\"og:description\" content=\"Kabbal\u00edska verndargripurinn, Kamea, ber gu\u00f0an\u00f6fn og t\u00e1kn. Uppruni, innihald og merking \u00fatsk\u00fdr\u00f0 \u00e1 sk\u00fdran h\u00e1tt.\" \/>\n<meta property=\"og:url\" content=\"https:\/\/iwell-guard.com\/is\/kabbalistiskt-verndargripur\/\" \/>\n<meta property=\"og:site_name\" content=\"iWell Guard\" \/>\n<meta property=\"article:modified_time\" content=\"2026-09-05T14:34:21+00:00\" \/>\n<meta property=\"og:image\" content=\"https:\/\/iwell-guard.com\/wp-content\/uploads\/2026\/05\/schutzsymbol_judentum_kabbala-amulett.webp\" \/>\n\t<meta property=\"og:image:width\" content=\"1024\" \/>\n\t<meta property=\"og:image:height\" content=\"1536\" \/>\n\t<meta property=\"og:image:type\" content=\"image\/webp\" \/>\n<meta name=\"twitter:card\" content=\"summary_large_image\" \/>\n<script type=\"application\/ld+json\" class=\"yoast-schema-graph\">{\"@context\":\"https:\\\/\\\/schema.org\",\"@graph\":[{\"@type\":\"WebPage\",\"@id\":\"https:\\\/\\\/iwell-guard.com\\\/is\\\/kabbalistiskt-verndargripur\\\/\",\"url\":\"https:\\\/\\\/iwell-guard.com\\\/is\\\/kabbalistiskt-verndargripur\\\/\",\"name\":\"Kabbal\u00edskt verndargripur \u2013 j\u00f3\u00f0neskt vernd\",\"isPartOf\":{\"@id\":\"https:\\\/\\\/iwell-guard.com\\\/is\\\/#website\"},\"primaryImageOfPage\":{\"@id\":\"https:\\\/\\\/iwell-guard.com\\\/is\\\/kabbalistiskt-verndargripur\\\/#primaryimage\"},\"image\":{\"@id\":\"https:\\\/\\\/iwell-guard.com\\\/is\\\/kabbalistiskt-verndargripur\\\/#primaryimage\"},\"thumbnailUrl\":\"https:\\\/\\\/iwell-guard.com\\\/wp-content\\\/uploads\\\/2026\\\/05\\\/schutzsymbol_judentum_kabbala-amulett.webp\",\"datePublished\":\"2026-09-05T14:06:17+00:00\",\"dateModified\":\"2026-09-05T14:34:21+00:00\",\"description\":\"Kabbal\u00edska verndargripurinn, Kamea, ber gu\u00f0an\u00f6fn og t\u00e1kn. Uppruni, innihald og merking \u00fatsk\u00fdr\u00f0 \u00e1 sk\u00fdran h\u00e1tt.\",\"breadcrumb\":{\"@id\":\"https:\\\/\\\/iwell-guard.com\\\/is\\\/kabbalistiskt-verndargripur\\\/#breadcrumb\"},\"inLanguage\":\"is\",\"potentialAction\":[{\"@type\":\"ReadAction\",\"target\":[\"https:\\\/\\\/iwell-guard.com\\\/is\\\/kabbalistiskt-verndargripur\\\/\"]}]},{\"@type\":\"ImageObject\",\"inLanguage\":\"is\",\"@id\":\"https:\\\/\\\/iwell-guard.com\\\/is\\\/kabbalistiskt-verndargripur\\\/#primaryimage\",\"url\":\"https:\\\/\\\/iwell-guard.com\\\/wp-content\\\/uploads\\\/2026\\\/05\\\/schutzsymbol_judentum_kabbala-amulett.webp\",\"contentUrl\":\"https:\\\/\\\/iwell-guard.com\\\/wp-content\\\/uploads\\\/2026\\\/05\\\/schutzsymbol_judentum_kabbala-amulett.webp\",\"width\":1024,\"height\":1536,\"caption\":\"Verndart\u00e1kn. Myndskreyting \u00ed safnst\u00edl.\"},{\"@type\":\"BreadcrumbList\",\"@id\":\"https:\\\/\\\/iwell-guard.com\\\/is\\\/kabbalistiskt-verndargripur\\\/#breadcrumb\",\"itemListElement\":[{\"@type\":\"ListItem\",\"position\":1,\"name\":\"Start\",\"item\":\"https:\\\/\\\/iwell-guard.com\\\/is\\\/?page_id=168580\"},{\"@type\":\"ListItem\",\"position\":2,\"name\":\"Kabbal\u00edskt verndargripur \u2013 j\u00f3\u00f0neska verndaram\u00falettan\"}]},{\"@type\":\"WebSite\",\"@id\":\"https:\\\/\\\/iwell-guard.com\\\/is\\\/#website\",\"url\":\"https:\\\/\\\/iwell-guard.com\\\/is\\\/\",\"name\":\"iWell Guard\",\"description\":\"Schutz vor dunklen Einfl\u00fcssen\",\"publisher\":{\"@id\":\"https:\\\/\\\/iwell-guard.com\\\/is\\\/#organization\"},\"potentialAction\":[{\"@type\":\"SearchAction\",\"target\":{\"@type\":\"EntryPoint\",\"urlTemplate\":\"https:\\\/\\\/iwell-guard.com\\\/is\\\/?s={search_term_string}\"},\"query-input\":{\"@type\":\"PropertyValueSpecification\",\"valueRequired\":true,\"valueName\":\"search_term_string\"}}],\"inLanguage\":\"is\"},{\"@type\":\"Organization\",\"@id\":\"https:\\\/\\\/iwell-guard.com\\\/is\\\/#organization\",\"name\":\"Ittermann electronic GmbH\",\"url\":\"https:\\\/\\\/iwell-guard.com\\\/is\\\/\",\"logo\":{\"@type\":\"ImageObject\",\"inLanguage\":\"is\",\"@id\":\"https:\\\/\\\/iwell-guard.com\\\/is\\\/#\\\/schema\\\/logo\\\/image\\\/\",\"url\":\"https:\\\/\\\/iwell-guard.com\\\/wp-content\\\/uploads\\\/2026\\\/05\\\/Ittermann-Logo-1182x237-1.png\",\"contentUrl\":\"https:\\\/\\\/iwell-guard.com\\\/wp-content\\\/uploads\\\/2026\\\/05\\\/Ittermann-Logo-1182x237-1.png\",\"width\":1182,\"height\":237,\"caption\":\"Ittermann electronic GmbH\"},\"image\":{\"@id\":\"https:\\\/\\\/iwell-guard.com\\\/is\\\/#\\\/schema\\\/logo\\\/image\\\/\"},\"sameAs\":[\"https:\\\/\\\/pantip.com\\\/profile\\\/9367242\",\"https:\\\/\\\/micro.blog\\\/iwellguard\",\"https:\\\/\\\/www.diggerslist.com\\\/iwellguard\\\/about\",\"https:\\\/\\\/skitterphoto.com\\\/photographers\\\/2870314\\\/iwell-guard\",\"https:\\\/\\\/iwellguard.wordpress.com\\\/2026\\\/06\\\/06\\\/iwell-guard\\\/\",\"https:\\\/\\\/hub.docker.com\\\/u\\\/iwellguard\",\"https:\\\/\\\/www.pinterest.com\\\/iwellguard\\\/\",\"https:\\\/\\\/bit.ly\\\/m\\\/iwellguard\",\"https:\\\/\\\/entre-vos-mains.alsace.eu\\\/profiles\\\/iwellguard\\\/activity\",\"https:\\\/\\\/gravatar.com\\\/reallybeded8fd34\",\"https:\\\/\\\/naijamatta.com\\\/iwellguard\",\"https:\\\/\\\/www.goodreads.com\\\/iwellguard\",\"https:\\\/\\\/profile.hatena.ne.jp\\\/iwellguard\\\/\",\"https:\\\/\\\/experiment.com\\\/users\\\/iwellguard\",\"https:\\\/\\\/wakelet.com\\\/@iWellGuard82270\",\"https:\\\/\\\/www.chordie.com\\\/forum\\\/profile.php?id=2555664\",\"https:\\\/\\\/www.instapaper.com\\\/p\\\/17757966\",\"https:\\\/\\\/www.mapleprimes.com\\\/users\\\/iwellguard\",\"https:\\\/\\\/businesslistingplus.com\\\/profile\\\/iwell-guard\\\/\",\"https:\\\/\\\/telegra.ph\\\/iWell-Guard-06-06\",\"https:\\\/\\\/pbase.com\\\/iwellguard\\\/iwellguard\",\"https:\\\/\\\/b.hatena.ne.jp\\\/iwellguard\\\/20260607#bookmark-4788405196491818882\",\"https:\\\/\\\/fliphtml5.com\\\/home\\\/iwellguard\",\"https:\\\/\\\/anyflip.com\\\/homepage\\\/cmiwl#About\",\"https:\\\/\\\/transfur.com\\\/Users\\\/iwellguard\",\"http:\\\/\\\/delphi.larsbo.org\\\/user\\\/iwellguard\",\"https:\\\/\\\/jobs.lajobsportal.org\\\/profiles\\\/8380803-iwell-guard\",\"https:\\\/\\\/md.chaosdorf.de\\\/s\\\/jfbe5SBdJD\",\"https:\\\/\\\/www.lingvolive.com\\\/en-us\\\/profile\\\/9ecaeaca-ce11-4e51-9e71-01d55e2bff36\\\/translations\",\"https:\\\/\\\/www.fitday.com\\\/fitness\\\/forums\\\/members\\\/iwellguard.html\",\"https:\\\/\\\/www.mymeetbook.com\\\/iwellguard\",\"https:\\\/\\\/pxhere.com\\\/en\\\/photographer-me\\\/5040798\",\"https:\\\/\\\/disqus.com\\\/by\\\/iwellguard\\\/about\\\/\",\"https:\\\/\\\/pastelink.net\\\/hjwciqwq\",\"https:\\\/\\\/pubhtml5.com\\\/homepage\\\/scjhn\\\/\",\"https:\\\/\\\/www.bitchute.com\\\/channel\\\/2O2eOKzNqujT\",\"https:\\\/\\\/audiomack.com\\\/iwellguard\"]}]}<\/script>\n<!-- \/ Yoast SEO Premium plugin. -->","yoast_head_json":{"title":"Kabbal\u00edskt verndargripur \u2013 j\u00f3\u00f0neskt vernd","description":"Kabbal\u00edska verndargripurinn, Kamea, ber gu\u00f0an\u00f6fn og t\u00e1kn. Uppruni, innihald og merking \u00fatsk\u00fdr\u00f0 \u00e1 sk\u00fdran h\u00e1tt.","robots":{"index":"index","follow":"follow","max-snippet":"max-snippet:-1","max-image-preview":"max-image-preview:large","max-video-preview":"max-video-preview:-1"},"canonical":"https:\/\/iwell-guard.com\/is\/kabbalistiskt-verndargripur\/","og_locale":"is_IS","og_type":"article","og_title":"Kabbal\u00edskt verndargripur \u2013 j\u00f3\u00f0neska verndaram\u00falettan","og_description":"Kabbal\u00edska verndargripurinn, Kamea, ber gu\u00f0an\u00f6fn og t\u00e1kn. Uppruni, innihald og merking \u00fatsk\u00fdr\u00f0 \u00e1 sk\u00fdran h\u00e1tt.","og_url":"https:\/\/iwell-guard.com\/is\/kabbalistiskt-verndargripur\/","og_site_name":"iWell Guard","article_modified_time":"2026-09-05T14:34:21+00:00","og_image":[{"width":1024,"height":1536,"url":"https:\/\/iwell-guard.com\/wp-content\/uploads\/2026\/05\/schutzsymbol_judentum_kabbala-amulett.webp","type":"image\/webp"}],"twitter_card":"summary_large_image","schema":{"@context":"https:\/\/schema.org","@graph":[{"@type":"WebPage","@id":"https:\/\/iwell-guard.com\/is\/kabbalistiskt-verndargripur\/","url":"https:\/\/iwell-guard.com\/is\/kabbalistiskt-verndargripur\/","name":"Kabbal\u00edskt verndargripur \u2013 j\u00f3\u00f0neskt vernd","isPartOf":{"@id":"https:\/\/iwell-guard.com\/is\/#website"},"primaryImageOfPage":{"@id":"https:\/\/iwell-guard.com\/is\/kabbalistiskt-verndargripur\/#primaryimage"},"image":{"@id":"https:\/\/iwell-guard.com\/is\/kabbalistiskt-verndargripur\/#primaryimage"},"thumbnailUrl":"https:\/\/iwell-guard.com\/wp-content\/uploads\/2026\/05\/schutzsymbol_judentum_kabbala-amulett.webp","datePublished":"2026-09-05T14:06:17+00:00","dateModified":"2026-09-05T14:34:21+00:00","description":"Kabbal\u00edska verndargripurinn, Kamea, ber gu\u00f0an\u00f6fn og t\u00e1kn. Uppruni, innihald og merking \u00fatsk\u00fdr\u00f0 \u00e1 sk\u00fdran h\u00e1tt.","breadcrumb":{"@id":"https:\/\/iwell-guard.com\/is\/kabbalistiskt-verndargripur\/#breadcrumb"},"inLanguage":"is","potentialAction":[{"@type":"ReadAction","target":["https:\/\/iwell-guard.com\/is\/kabbalistiskt-verndargripur\/"]}]},{"@type":"ImageObject","inLanguage":"is","@id":"https:\/\/iwell-guard.com\/is\/kabbalistiskt-verndargripur\/#primaryimage","url":"https:\/\/iwell-guard.com\/wp-content\/uploads\/2026\/05\/schutzsymbol_judentum_kabbala-amulett.webp","contentUrl":"https:\/\/iwell-guard.com\/wp-content\/uploads\/2026\/05\/schutzsymbol_judentum_kabbala-amulett.webp","width":1024,"height":1536,"caption":"Verndart\u00e1kn. Myndskreyting \u00ed safnst\u00edl."},{"@type":"BreadcrumbList","@id":"https:\/\/iwell-guard.com\/is\/kabbalistiskt-verndargripur\/#breadcrumb","itemListElement":[{"@type":"ListItem","position":1,"name":"Start","item":"https:\/\/iwell-guard.com\/is\/?page_id=168580"},{"@type":"ListItem","position":2,"name":"Kabbal\u00edskt verndargripur \u2013 j\u00f3\u00f0neska verndaram\u00falettan"}]},{"@type":"WebSite","@id":"https:\/\/iwell-guard.com\/is\/#website","url":"https:\/\/iwell-guard.com\/is\/","name":"iWell Guard","description":"Schutz vor dunklen Einfl\u00fcssen","publisher":{"@id":"https:\/\/iwell-guard.com\/is\/#organization"},"potentialAction":[{"@type":"SearchAction","target":{"@type":"EntryPoint","urlTemplate":"https:\/\/iwell-guard.com\/is\/?s={search_term_string}"},"query-input":{"@type":"PropertyValueSpecification","valueRequired":true,"valueName":"search_term_string"}}],"inLanguage":"is"},{"@type":"Organization","@id":"https:\/\/iwell-guard.com\/is\/#organization","name":"Ittermann electronic GmbH","url":"https:\/\/iwell-guard.com\/is\/","logo":{"@type":"ImageObject","inLanguage":"is","@id":"https:\/\/iwell-guard.com\/is\/#\/schema\/logo\/image\/","url":"https:\/\/iwell-guard.com\/wp-content\/uploads\/2026\/05\/Ittermann-Logo-1182x237-1.png","contentUrl":"https:\/\/iwell-guard.com\/wp-content\/uploads\/2026\/05\/Ittermann-Logo-1182x237-1.png","width":1182,"height":237,"caption":"Ittermann electronic GmbH"},"image":{"@id":"https:\/\/iwell-guard.com\/is\/#\/schema\/logo\/image\/"},"sameAs":["https:\/\/pantip.com\/profile\/9367242","https:\/\/micro.blog\/iwellguard","https:\/\/www.diggerslist.com\/iwellguard\/about","https:\/\/skitterphoto.com\/photographers\/2870314\/iwell-guard","https:\/\/iwellguard.wordpress.com\/2026\/06\/06\/iwell-guard\/","https:\/\/hub.docker.com\/u\/iwellguard","https:\/\/www.pinterest.com\/iwellguard\/","https:\/\/bit.ly\/m\/iwellguard","https:\/\/entre-vos-mains.alsace.eu\/profiles\/iwellguard\/activity","https:\/\/gravatar.com\/reallybeded8fd34","https:\/\/naijamatta.com\/iwellguard","https:\/\/www.goodreads.com\/iwellguard","https:\/\/profile.hatena.ne.jp\/iwellguard\/","https:\/\/experiment.com\/users\/iwellguard","https:\/\/wakelet.com\/@iWellGuard82270","https:\/\/www.chordie.com\/forum\/profile.php?id=2555664","https:\/\/www.instapaper.com\/p\/17757966","https:\/\/www.mapleprimes.com\/users\/iwellguard","https:\/\/businesslistingplus.com\/profile\/iwell-guard\/","https:\/\/telegra.ph\/iWell-Guard-06-06","https:\/\/pbase.com\/iwellguard\/iwellguard","https:\/\/b.hatena.ne.jp\/iwellguard\/20260607#bookmark-4788405196491818882","https:\/\/fliphtml5.com\/home\/iwellguard","https:\/\/anyflip.com\/homepage\/cmiwl#About","https:\/\/transfur.com\/Users\/iwellguard","http:\/\/delphi.larsbo.org\/user\/iwellguard","https:\/\/jobs.lajobsportal.org\/profiles\/8380803-iwell-guard","https:\/\/md.chaosdorf.de\/s\/jfbe5SBdJD","https:\/\/www.lingvolive.com\/en-us\/profile\/9ecaeaca-ce11-4e51-9e71-01d55e2bff36\/translations","https:\/\/www.fitday.com\/fitness\/forums\/members\/iwellguard.html","https:\/\/www.mymeetbook.com\/iwellguard","https:\/\/pxhere.com\/en\/photographer-me\/5040798","https:\/\/disqus.com\/by\/iwellguard\/about\/","https:\/\/pastelink.net\/hjwciqwq","https:\/\/pubhtml5.com\/homepage\/scjhn\/","https:\/\/www.bitchute.com\/channel\/2O2eOKzNqujT","https:\/\/audiomack.com\/iwellguard"]}]}},"_links":{"self":[{"href":"https:\/\/iwell-guard.com\/is\/wp-json\/wp\/v2\/pages\/169182","targetHints":{"allow":["GET"]}}],"collection":[{"href":"https:\/\/iwell-guard.com\/is\/wp-json\/wp\/v2\/pages"}],"about":[{"href":"https:\/\/iwell-guard.com\/is\/wp-json\/wp\/v2\/types\/page"}],"author":[{"embeddable":true,"href":"https:\/\/iwell-guard.com\/is\/wp-json\/wp\/v2\/users\/3"}],"replies":[{"embeddable":true,"href":"https:\/\/iwell-guard.com\/is\/wp-json\/wp\/v2\/comments?post=169182"}],"version-history":[{"count":0,"href":"https:\/\/iwell-guard.com\/is\/wp-json\/wp\/v2\/pages\/169182\/revisions"}],"wp:featuredmedia":[{"embeddable":true,"href":"https:\/\/iwell-guard.com\/is\/wp-json\/wp\/v2\/media\/3500"}],"wp:attachment":[{"href":"https:\/\/iwell-guard.com\/is\/wp-json\/wp\/v2\/media?parent=169182"}],"wp:term":[{"taxonomy":"category","embeddable":true,"href":"https:\/\/iwell-guard.com\/is\/wp-json\/wp\/v2\/categories?post=169182"}],"curies":[{"name":"wp","href":"https:\/\/api.w.org\/{rel}","templated":true}]}}