{"id":169178,"date":"2026-09-05T14:06:15","date_gmt":"2026-09-05T14:06:15","guid":{"rendered":"https:\/\/iwell-guard.com\/?page_id=169178"},"modified":"2026-09-05T14:34:14","modified_gmt":"2026-09-05T14:34:14","slug":"fascinum-verndargripur-gegn-illu-auga","status":"publish","type":"page","link":"https:\/\/iwell-guard.com\/is\/fascinum-verndargripur-gegn-illu-auga\/","title":{"rendered":"Fascinum \u2013 r\u00f3mverska verndargripurinn gegn hinu illa auga"},"content":{"rendered":"\t\t<div data-elementor-type=\"wp-page\" data-elementor-id=\"169178\" class=\"elementor elementor-169178 elementor-3668 elementor-bc-flex-widget\" data-elementor-post-type=\"page\">\n\t\t\t\t<div class=\"elementor-element elementor-element-iwgs-fascinum-hero e-flex e-con-boxed e-con e-parent\" data-id=\"iwgs-fascinum-hero\" data-element_type=\"container\" data-e-type=\"container\">\n\t\t\t\t\t<div class=\"e-con-inner\">\n\t\t<div class=\"elementor-element elementor-element-iwgs-fascinum-hl e-flex e-con-boxed e-con e-parent\" data-id=\"iwgs-fascinum-hl\" data-element_type=\"container\" data-e-type=\"container\">\n\t\t\t\t\t<div class=\"e-con-inner\">\n\t\t<div class=\"elementor-element elementor-element-iwgs-fascinum-hlbox e-con-full e-flex e-con e-parent\" data-id=\"iwgs-fascinum-hlbox\" data-element_type=\"container\" data-e-type=\"container\">\n\t\t\t\t<div class=\"elementor-element elementor-element-iwgs-fascinum-h1 elementor-widget elementor-widget-heading\" data-id=\"iwgs-fascinum-h1\" data-element_type=\"widget\" data-e-type=\"widget\" data-widget_type=\"heading.default\">\n\t\t\t\t\t<h1 class=\"elementor-heading-title elementor-size-default\">Fascinum \u2013 r\u00f3mverski verndargripurinn gegn hinu illa auga<\/h1>\t\t\t\t<\/div>\n\t\t\t\t<div class=\"elementor-element elementor-element-iwgs-fascinum-lead elementor-widget elementor-widget-text-editor\" data-id=\"iwgs-fascinum-lead\" data-element_type=\"widget\" data-e-type=\"widget\" data-widget_type=\"text-editor.default\">\n\t\t\t\t\t\t\t\t\t<p>Fascinum var einn af algengustu verndargripum R\u00f3mar til forna. Hann \u00e1tti a\u00f0 vinna gegn hinu illa auga og me\u00f0 \u00e1berandi, athygli gr\u00edpandi \u00fatliti s\u00ednu var honum \u00e6tla\u00f0 a\u00f0 draga \u00f3g\u00e6funa \u00e1 sig.<\/p>\t\t\t\t\t\t\t\t<\/div>\n\t\t\t\t<\/div>\n\t\t\t\t<div class=\"elementor-element elementor-element-iwgs-fascinum-pills elementor-widget elementor-widget-html\" data-id=\"iwgs-fascinum-pills\" data-element_type=\"widget\" data-e-type=\"widget\" data-widget_type=\"html.default\">\n\t\t\t\t\t<div class=\"iwg-pill-row\"><span class=\"iwg-klasse-badge\" tabindex=\"0\" data-tooltip=\"Verndart\u00e1kn, verndargripur e\u00f0a ap\u00f3tr\u00f3pa\u00edskur hlutur.\">Verndart\u00e1kn<\/span><a href=\"https:\/\/iwell-guard.com\/is\/rom\/\" class=\"iwg-kultur-badge\" tabindex=\"0\" data-tooltip=\"Verndarhef\u00f0: R\u00f3m\">R\u00f3m<\/a><span class=\"iwg-tradition-badge\" tabindex=\"0\" data-tooltip=\"Hlutur e\u00f0a t\u00e1kn sem \u00e1 a\u00f0 verjast \u00f3heillum og ska\u00f0legum \u00e1hrifum.\">Ap\u00f3tr\u00f3pa\u00edkon<\/span><\/div>\t\t\t\t<\/div>\n\t\t\t\t\t<\/div>\n\t\t\t\t<\/div>\n\t\t<div class=\"elementor-element elementor-element-iwgs-fascinum-hr e-con-full e-flex e-con e-parent\" data-id=\"iwgs-fascinum-hr\" data-element_type=\"container\" data-e-type=\"container\">\n\t\t\t\t<div class=\"elementor-element elementor-element-iwgs-fascinum-himg iwg-hero-image elementor-widget elementor-widget-image\" data-id=\"iwgs-fascinum-himg\" data-element_type=\"widget\" data-e-type=\"widget\" data-widget_type=\"image.default\">\n\t\t\t\t\t\t\t\t\t\t\t\t\t\t\t<img fetchpriority=\"high\" decoding=\"async\" width=\"683\" height=\"1024\" src=\"https:\/\/iwell-guard.com\/wp-content\/uploads\/2026\/05\/schutzsymbol_rom_fascinum-683x1024.webp\" class=\"attachment-large size-large wp-image-170549\" alt=\"Fascinum \u2013 verndart\u00e1kn, safnfr\u00e6\u00f0ileg mynd\" srcset=\"https:\/\/iwell-guard.com\/wp-content\/uploads\/2026\/05\/schutzsymbol_rom_fascinum-683x1024.webp 683w, https:\/\/iwell-guard.com\/wp-content\/uploads\/2026\/05\/schutzsymbol_rom_fascinum-200x300.webp 200w, https:\/\/iwell-guard.com\/wp-content\/uploads\/2026\/05\/schutzsymbol_rom_fascinum-768x1152.webp 768w, https:\/\/iwell-guard.com\/wp-content\/uploads\/2026\/05\/schutzsymbol_rom_fascinum.webp 1024w\" sizes=\"(max-width: 683px) 100vw, 683px\" \/>\t\t\t\t\t\t\t\t\t\t\t\t\t\t\t<\/div>\n\t\t\t\t<\/div>\n\t\t\t\t\t<\/div>\n\t\t\t\t<\/div>\n\t\t<div class=\"elementor-element elementor-element-iwgs-fascinum-s0 e-flex e-con-boxed e-con e-parent\" data-id=\"iwgs-fascinum-s0\" data-element_type=\"container\" data-e-type=\"container\">\n\t\t\t\t\t<div class=\"e-con-inner\">\n\t\t\t\t<div class=\"elementor-element elementor-element-iwgs-fascinum-s0h elementor-widget elementor-widget-heading\" data-id=\"iwgs-fascinum-s0h\" data-element_type=\"widget\" data-e-type=\"widget\" data-widget_type=\"heading.default\">\n\t\t\t\t\t<h2 class=\"elementor-heading-title elementor-size-default\">Yfirlit<\/h2>\t\t\t\t<\/div>\n\t\t<div class=\"elementor-element elementor-element-iwgs-fascinum-s0box e-con-full e-flex e-con e-parent\" data-id=\"iwgs-fascinum-s0box\" data-element_type=\"container\" data-e-type=\"container\">\n\t\t\t\t<div class=\"elementor-element elementor-element-iwgs-fascinum-s0t elementor-widget elementor-widget-text-editor\" data-id=\"iwgs-fascinum-s0t\" data-element_type=\"widget\" data-e-type=\"widget\" data-widget_type=\"text-editor.default\">\n\t\t\t\t\t\t\t\t\t<p>Fascinum var verndargripur hins forna <a href=\"https:\/\/iwell-guard.com\/is\/rom\/\">R\u00f3m<\/a>. \u00dea\u00f0 var eitt af \u00fatbreiddustu verndargripum hins r\u00f3mverska heims og er vel sta\u00f0fest me\u00f0 fj\u00f6lda fundargripa og <span class=\"iwg-fachbegriff\" data-tooltip=\"T\u00edmabil gr\u00edskrar og r\u00f3mverskrar menningar, um \u00fea\u00f0 bil 800 f.Kr. til 600 e.Kr.\" tabindex=\"0\">fornra<\/span> ritheimilda.<\/p><p>Fascinum beindist gegn hinu illa auga. Latneska hugtaki\u00f0 fascinum v\u00edsa\u00f0i b\u00e6\u00f0i til \u00feessa ska\u00f0lega augnar\u00e1\u00f0s sj\u00e1lfs og til <span class=\"iwg-fachbegriff\" data-tooltip=\"Hlutur sem borinn er \u00e1 l\u00edkamanum og talinn hefur verndandi, \u00f3l\u00e1nsvarnandi m\u00e1tt.\" tabindex=\"0\">verndargripsins<\/span> sem \u00e1tti a\u00f0 verja gegn \u00fev\u00ed.<\/p><p><span class=\"iwg-fachbegriff\" data-tooltip=\"Hlutur sem borinn er \u00e1 l\u00edkamanum og talinn hefur verndandi, \u00f3l\u00e1nsvarnandi m\u00e1tt.\" tabindex=\"0\">Verndargripurinn<\/span> var borinn \u00e1 l\u00edkamanum, festur \u00e1 farart\u00e6ki og hengdur upp \u00e1 \u00fdmsum st\u00f6\u00f0um. Hann var alls sta\u00f0ar n\u00e1l\u00e6gur \u00ed daglegu l\u00edfi R\u00f3mverja.<\/p><p>S\u00e9rstaklega b\u00e1ru b\u00f6rn fascinum. \u00c1samt bullunni og lunulunni var \u00fea\u00f0 me\u00f0al verndarmuna sem \u00e1ttu a\u00f0 tryggja \u00f6ryggi barn\u00e6skunnar, sem talin var vi\u00f0kv\u00e6mt t\u00edmabil.<\/p><p>\u00cd <span class=\"iwg-fachbegriff\" data-tooltip=\"Fr\u00e6\u00f0igreinin sem rannsakar tr\u00faarbr\u00f6g\u00f0 \u00e1 samanbur\u00f0arh\u00e1tt og \u00e1n tr\u00faarlegrar afst\u00f6\u00f0u.\" tabindex=\"0\">tr\u00faarbrag\u00f0afr\u00e6\u00f0um<\/span> er fascinum gott d\u00e6mi um <span class=\"iwg-fachbegriff\" data-tooltip=\"Hlutur sem borinn er \u00e1 l\u00edkamanum og talinn hefur verndandi, \u00f3l\u00e1nsvarnandi m\u00e1tt.\" tabindex=\"0\">verndargrip<\/span> sem verka\u00f0i me\u00f0 \u00e1berandi mynd sem fanga\u00f0i athyglina. Hann fylgir sk\u00fdrt greinanlegu verkunarl\u00f6gm\u00e1li.<\/p><p>Fascinum telst \u00feannig til <span class=\"iwg-fachbegriff\" data-tooltip=\"Fleirtala af ap\u00f3tr\u00f3p\u00e6ikon: hlutir og t\u00e1kn sem eiga a\u00f0 verjast \u00f3lukku.\" tabindex=\"0\">ap\u00f3tr\u00f3p\u00e6ika<\/span>, hluta sem eiga a\u00f0 verjast \u00f3lukku. \u00dea\u00f0 er eitt af uppl\u00fdsandi d\u00e6munum um r\u00f3mverska verndari\u00f0kun gegn hinu illa auga.<\/p>\t\t\t\t\t\t\t\t<\/div>\n\t\t\t\t<\/div>\n\t\t\t\t\t<\/div>\n\t\t\t\t<\/div>\n\t\t<div class=\"elementor-element elementor-element-iwgs-fascinum-s1 e-flex e-con-boxed e-con e-parent\" data-id=\"iwgs-fascinum-s1\" data-element_type=\"container\" data-e-type=\"container\">\n\t\t\t\t\t<div class=\"e-con-inner\">\n\t\t\t\t<div class=\"elementor-element elementor-element-iwgs-fascinum-s1h elementor-widget elementor-widget-heading\" data-id=\"iwgs-fascinum-s1h\" data-element_type=\"widget\" data-e-type=\"widget\" data-widget_type=\"heading.default\">\n\t\t\t\t\t<h2 class=\"elementor-heading-title elementor-size-default\">Hi\u00f0 illa auga \u00ed r\u00f3mverska heiminum<\/h2>\t\t\t\t<\/div>\n\t\t<div class=\"elementor-element elementor-element-iwgs-fascinum-s1box e-con-full e-flex e-con e-parent\" data-id=\"iwgs-fascinum-s1box\" data-element_type=\"container\" data-e-type=\"container\">\n\t\t\t\t<div class=\"elementor-element elementor-element-iwgs-fascinum-s1t elementor-widget elementor-widget-text-editor\" data-id=\"iwgs-fascinum-s1t\" data-element_type=\"widget\" data-e-type=\"widget\" data-widget_type=\"text-editor.default\">\n\t\t\t\t\t\t\t\t\t<p>Fascinum skilst a\u00f0eins til fulls \u00feegar tr\u00fain \u00e1 hi\u00f0 illa auga er \u00feekkt. \u00deessi tr\u00fa var dj\u00fapt r\u00f3tf\u00f6st \u00ed r\u00f3mverska heiminum.<\/p><p>Samkv\u00e6mt \u00feessari hugmynd gat blik valdi\u00f0 ska\u00f0a. Hi\u00f0 illa auga var oft tengt vi\u00f0 \u00f6fund. S\u00e1 sem horf\u00f0i \u00e1 eitthva\u00f0 fagurt, heilbrigt e\u00f0a vel gengi\u00f0 me\u00f0 \u00f3vild gat, samkv\u00e6mt \u00feessari hugmynd, valdi\u00f0 \u00fev\u00ed ska\u00f0a.<\/p><p>R\u00f3mverjar h\u00f6f\u00f0u s\u00e9rstakt or\u00f0 yfir \u00feennan ska\u00f0lega m\u00e1tt. Or\u00f0i\u00f0 fascinum og skyld or\u00f0 t\u00e1knu\u00f0u a\u00f0 leggja \u00e1, form\u00e6la og hinn ska\u00f0lega m\u00e1tt bliksins.<\/p><p>S\u00e9rstaklega taldir \u00ed h\u00e6ttu voru \u00feeir sem dr\u00f3gu a\u00f0 s\u00e9r athygli, \u00fe.e. b\u00f6rn, fars\u00e6lt f\u00f3lk og allt sem tali\u00f0 var eftirs\u00f3knarvert. Jafnvel sigurr\u00edkur herforingi \u00ed sigurg\u00f6ngu var talinn \u00ed h\u00e6ttu.<\/p><p>Gegn \u00feessari h\u00e6ttu var leita\u00f0 verndar. Til voru hreyfingar, umm\u00e6li og fyrst og fremst verndargripir sem \u00e1tti a\u00f0 vernda gegn hinu illa auga. Fascinum var mikilv\u00e6gasti \u00feessara verndargripa.<\/p><p>Tr\u00fain \u00e1 hi\u00f0 illa auga var engin s\u00e9rr\u00f3mversk uppfinning. H\u00fan er \u00fatbreidd um allt Mi\u00f0jar\u00f0arhafssv\u00e6\u00f0i\u00f0 og \u00ed Austurl\u00f6ndum n\u00e6r. Fascinum er r\u00f3mverska \u00fatg\u00e1fan af v\u00f6rn gegn \u00feessari v\u00ed\u00f0t\u00e6ku ska\u00f0atr\u00fa.<\/p>\t\t\t\t\t\t\t\t<\/div>\n\t\t\t\t<\/div>\n\t\t\t\t\t<\/div>\n\t\t\t\t<\/div>\n\t\t<div class=\"elementor-element elementor-element-iwgs-fascinum-s2 e-flex e-con-boxed e-con e-parent\" data-id=\"iwgs-fascinum-s2\" data-element_type=\"container\" data-e-type=\"container\">\n\t\t\t\t\t<div class=\"e-con-inner\">\n\t\t\t\t<div class=\"elementor-element elementor-element-iwgs-fascinum-s2h elementor-widget elementor-widget-heading\" data-id=\"iwgs-fascinum-s2h\" data-element_type=\"widget\" data-e-type=\"widget\" data-widget_type=\"heading.default\">\n\t\t\t\t\t<h2 class=\"elementor-heading-title elementor-size-default\">Ger\u00f0 verndargripsins<\/h2>\t\t\t\t<\/div>\n\t\t<div class=\"elementor-element elementor-element-iwgs-fascinum-s2box e-con-full e-flex e-con e-parent\" data-id=\"iwgs-fascinum-s2box\" data-element_type=\"container\" data-e-type=\"container\">\n\t\t\t\t<div class=\"elementor-element elementor-element-iwgs-fascinum-s2t elementor-widget elementor-widget-text-editor\" data-id=\"iwgs-fascinum-s2t\" data-element_type=\"widget\" data-e-type=\"widget\" data-widget_type=\"text-editor.default\">\n\t\t\t\t\t\t\t\t\t<p>Fascinum haf\u00f0i einkennandi ger\u00f0. \u00cd m\u00f6rgum tilvikum s\u00fdndi hann karlkyns kynf\u00e6ri, oft me\u00f0 v\u00e6ngjum.<\/p><p>\u00deessi framsetning virkar \u00ed fyrstu framandi fyrir n\u00fat\u00edma\u00e1horfanda. Fyrir tr\u00faarbrag\u00f0afr\u00e6\u00f0ilega greining ber \u00fe\u00f3 a\u00f0 sko\u00f0a hana hlutl\u00e6gt, sem v\u00ed\u00f0t\u00e6kt einkenni fornrar myndm\u00e1ls \u00ed \u00f3g\u00e6fuv\u00f6rn.<\/p><p>\u00cd hinum forna heimi var \u00feessi framsetning ekki talin \u00f3s\u00e6mileg heldur \u00f6flug. Myndin, sem s\u00fdnd var opinsk\u00e1tt og \u00e1berandi, \u00e1tti a\u00f0 draga athyglina a\u00f0 s\u00e9r og \u00fear me\u00f0 fr\u00e1 \u00feeim einstaklingi sem veri\u00f0 var a\u00f0 vernda.<\/p><p>Oft var fascinum sm\u00ed\u00f0a\u00f0ur \u00far bronsi. Hann var til sem l\u00edtill hengihlutur, sem bj\u00f6llu-<span class=\"iwg-fachbegriff\" data-tooltip=\"Hlutur sem borinn er \u00e1 l\u00edkamanum og talinn er hafa verndandi, \u00f3g\u00e6fu-fr\u00e1hrindandi m\u00e1tt.\" tabindex=\"0\">verndargripur<\/span> og \u00ed st\u00e6rri \u00fatg\u00e1fum fyrir h\u00fas og verkst\u00e6\u00f0i.<\/p><p>Fascinum-verndargripir me\u00f0 bj\u00f6llum voru einnig algengir. \u00c1 \u00feeim hengu litlar skellur sem hringdu vi\u00f0 hreyfingu. Hlj\u00f3murinn \u00e1tti a\u00f0 styrkja verndarm\u00e1ttinn, enda var hlj\u00f3mi einnig eigna\u00f0ur fr\u00e1hrindandi kraftur.<\/p><p>Ger\u00f0 fascinum var \u00feannig h\u00f6nnu\u00f0 me\u00f0 eina virkni \u00ed huga. Hann \u00e1tti a\u00f0 vekja athygli, fanga hana og me\u00f0 \u00e1berandi \u00fatliti s\u00ednu draga hinn ska\u00f0lega blik af lei\u00f0.<\/p>\t\t\t\t\t\t\t\t<\/div>\n\t\t\t\t<\/div>\n\t\t\t\t\t<\/div>\n\t\t\t\t<\/div>\n\t\t<div class=\"elementor-element elementor-element-iwgs-fascinum-s3 e-flex e-con-boxed e-con e-parent\" data-id=\"iwgs-fascinum-s3\" data-element_type=\"container\" data-e-type=\"container\">\n\t\t\t\t\t<div class=\"e-con-inner\">\n\t\t\t\t<div class=\"elementor-element elementor-element-iwgs-fascinum-s3h elementor-widget elementor-widget-heading\" data-id=\"iwgs-fascinum-s3h\" data-element_type=\"widget\" data-e-type=\"widget\" data-widget_type=\"heading.default\">\n\t\t\t\t\t<h2 class=\"elementor-heading-title elementor-size-default\">Verkunarl\u00f6gm\u00e1li\u00f0: a\u00f0 draga bliki\u00f0 af lei\u00f0<\/h2>\t\t\t\t<\/div>\n\t\t<div class=\"elementor-element elementor-element-iwgs-fascinum-s3box e-con-full e-flex e-con e-parent\" data-id=\"iwgs-fascinum-s3box\" data-element_type=\"container\" data-e-type=\"container\">\n\t\t\t\t<div class=\"elementor-element elementor-element-iwgs-fascinum-s3t elementor-widget elementor-widget-text-editor\" data-id=\"iwgs-fascinum-s3t\" data-element_type=\"widget\" data-e-type=\"widget\" data-widget_type=\"text-editor.default\">\n\t\t\t\t\t\t\t\t\t<p>Fascinum fylgir sk\u00fdru verkunarl\u00f6gm\u00e1li. Hann verst hinu illa auga ekki me\u00f0 skelfingu heldur me\u00f0 athyglisdreifingu. Hann dregur athyglina a\u00f0 s\u00e9r.<\/p><p>Hi\u00f0 illa auga var tali\u00f0 h\u00e6ttulegt vegna \u00feess a\u00f0 \u00fea\u00f0 beindist a\u00f0 tiltekinni pers\u00f3nu. Fascinum setti sig \u00ed \u00feessa sj\u00f3nl\u00ednu. \u00cd sta\u00f0 \u00feess a\u00f0 hinn ska\u00f0legi blik hitti barni\u00f0 e\u00f0a manneskjuna \u00e1tti hann a\u00f0 falla \u00e1 hinn \u00e1berandi <span class=\"iwg-fachbegriff\" data-tooltip=\"Hlutur sem borinn er \u00e1 l\u00edkamanum og talinn er hafa verndandi, \u00f3g\u00e6fu-fr\u00e1hrindandi m\u00e1tt.\" tabindex=\"0\">verndargrip<\/span>.<\/p><p>Hin \u00f3venjulega, opinsk\u00e1tt s\u00fdnda ger\u00f0 fascinum var afgerandi fyrir \u00feessa virkni. Mynd sem \u00f3hj\u00e1kv\u00e6milega dr\u00f3 augun a\u00f0 s\u00e9r fanga\u00f0i hinn ska\u00f0lega blik a\u00f0 vissu leyti.<\/p><p>Til athyglisdreifingarins heyr\u00f0i einnig hl\u00e1turinn. Hin \u00e1berandi, oft skoplega ger\u00f0 fascinum gat kalla\u00f0 fram bros e\u00f0a hl\u00e1tur. Hl\u00e1turinn var talinn lei\u00f0 til a\u00f0 brj\u00f3ta m\u00e1tt \u00f6fundarins og hins illa augans.<\/p><p>Fascinum var\u00f0ist \u00feannig hinu illa auga me\u00f0 a\u00f0dr\u00e1ttarafli, ekki me\u00f0 fr\u00e1hrindun. \u00dear er hann \u00f3l\u00edkur Gorgoneion, sem hrindir fr\u00e1 s\u00e9r me\u00f0 skelfilegri mynd.<\/p><p>\u00cd \u00feessu tilliti l\u00edkist fascinum bl\u00e1a augnverndargripnum vi\u00f0 Mi\u00f0jar\u00f0arhafi\u00f0. Nazar Boncu\u011fu fangar bliki einnig \u00ed sig, \u00ed sta\u00f0 \u00feess a\u00f0 hrinda \u00fev\u00ed fr\u00e1. Fascinum telst til \u00feessarar fj\u00f6lskyldu verndargripa sem fanga bliki\u00f0.<\/p>\t\t\t\t\t\t\t\t<\/div>\n\t\t\t\t<\/div>\n\t\t\t\t\t<\/div>\n\t\t\t\t<\/div>\n\t\t<div class=\"elementor-element elementor-element-iwgs-fascinum-s4 e-flex e-con-boxed e-con e-parent\" data-id=\"iwgs-fascinum-s4\" data-element_type=\"container\" data-e-type=\"container\">\n\t\t\t\t\t<div class=\"e-con-inner\">\n\t\t\t\t<div class=\"elementor-element elementor-element-iwgs-fascinum-s4h elementor-widget elementor-widget-heading\" data-id=\"iwgs-fascinum-s4h\" data-element_type=\"widget\" data-e-type=\"widget\" data-widget_type=\"heading.default\">\n\t\t\t\t\t<h2 class=\"elementor-heading-title elementor-size-default\">Fascinum og b\u00f6rnin<\/h2>\t\t\t\t<\/div>\n\t\t<div class=\"elementor-element elementor-element-iwgs-fascinum-s4box e-con-full e-flex e-con e-parent\" data-id=\"iwgs-fascinum-s4box\" data-element_type=\"container\" data-e-type=\"container\">\n\t\t\t\t<div class=\"elementor-element elementor-element-iwgs-fascinum-s4t elementor-widget elementor-widget-text-editor\" data-id=\"iwgs-fascinum-s4t\" data-element_type=\"widget\" data-e-type=\"widget\" data-widget_type=\"text-editor.default\">\n\t\t\t\t\t\t\t\t\t<p>Fascinum var s\u00e9rstaklega tengt vernd barna. B\u00f6rn t\u00f6ldust \u00ed vi\u00f0kv\u00e6mri st\u00f6\u00f0u, og einmitt \u00feeim var <span class=\"iwg-fachbegriff\" data-tooltip=\"Hlutur sem borinn er \u00e1 l\u00edkamanum og talinn hefur verndandi, \u00f3l\u00e1nsvarnandi m\u00e1tt.\" tabindex=\"0\">verndargripurinn<\/span> settur \u00e1.<\/p><p><span class=\"iwg-fachbegriff\" data-tooltip=\"T\u00edmabil gr\u00edskrar og r\u00f3mverskrar menningar, um \u00fea\u00f0 bil 800 f.Kr. til 600 e.Kr.\" tabindex=\"0\">Fornar<\/span> heimildir greina fr\u00e1 \u00fev\u00ed a\u00f0 b\u00f6rnum hafi veri\u00f0 hengt fascinum um h\u00e1ls. \u00dea\u00f0 gat einnig veri\u00f0 innan \u00ed bullunni, <span class=\"iwg-fachbegriff\" data-tooltip=\"Hlutur sem borinn er \u00e1 l\u00edkamanum og talinn hefur verndandi, \u00f3l\u00e1nsvarnandi m\u00e1tt.\" tabindex=\"0\">verndargrips<\/span>-hylkinu sem drengir b\u00e1ru. Falinn verndarhluturinn inni \u00ed bullunni var oft fascinum.<\/p><p>\u00deannig unnu tv\u00e6r verndarhugmyndir saman. Bullan var hi\u00f0 s\u00fdnilega hylki, fascinum hinn falda, verndandi kjarni. Hi\u00f0 raunverulega virka l\u00e1 a\u00f0 innan.<\/p><p>\u00deessi tenging s\u00fdnir a\u00f0 fascinum var tali\u00f0 einkar \u00e1hrifar\u00edkt varnarme\u00f0al. \u00dea\u00f0 var nota\u00f0 \u00fear sem verndar var mest \u00fe\u00f6rf, inni \u00ed barnaverndargripnum.<\/p><p>Verndun barna me\u00f0 fascinum fellur a\u00f0 \u00fatbreiddu mynstri. \u00cd mj\u00f6g m\u00f6rgum menningarheimum beinast mikilv\u00e6gustu verndarhlutirnir a\u00f0 vi\u00f0kv\u00e6masta \u00e6viskei\u00f0inu.<\/p><p>Fascinum var \u00feannig lykilverkf\u00e6ri \u00ed r\u00f3mverskri barnaverndari\u00f0kun. \u00c1samt bullunni og lunulunni trygg\u00f0i \u00fea\u00f0 hi\u00f0 talda h\u00e6ttulega t\u00edmabil barn\u00e6skunnar.<\/p>\t\t\t\t\t\t\t\t<\/div>\n\t\t\t\t<\/div>\n\t\t\t\t\t<\/div>\n\t\t\t\t<\/div>\n\t\t<div class=\"elementor-element elementor-element-iwgs-fascinum-s5 e-flex e-con-boxed e-con e-parent\" data-id=\"iwgs-fascinum-s5\" data-element_type=\"container\" data-e-type=\"container\">\n\t\t\t\t\t<div class=\"e-con-inner\">\n\t\t\t\t<div class=\"elementor-element elementor-element-iwgs-fascinum-s5h elementor-widget elementor-widget-heading\" data-id=\"iwgs-fascinum-s5h\" data-element_type=\"widget\" data-e-type=\"widget\" data-widget_type=\"heading.default\">\n\t\t\t\t\t<h2 class=\"elementor-heading-title elementor-size-default\">Fascinum \u00ed opinberu l\u00edfi<\/h2>\t\t\t\t<\/div>\n\t\t<div class=\"elementor-element elementor-element-iwgs-fascinum-s5box e-con-full e-flex e-con e-parent\" data-id=\"iwgs-fascinum-s5box\" data-element_type=\"container\" data-e-type=\"container\">\n\t\t\t\t<div class=\"elementor-element elementor-element-iwgs-fascinum-s5t elementor-widget elementor-widget-text-editor\" data-id=\"iwgs-fascinum-s5t\" data-element_type=\"widget\" data-e-type=\"widget\" data-widget_type=\"text-editor.default\">\n\t\t\t\t\t\t\t\t\t<p>Fascinum vernda\u00f0i ekki a\u00f0eins einstaklinga heldur var einnig s\u00fdnilegt \u00ed opinberu l\u00edfi. \u00dev\u00ed var komi\u00f0 fyrir \u00e1 m\u00f6rgum st\u00f6\u00f0um \u00fear sem vernd var \u00e6skileg.<\/p><p>Algengt var a\u00f0 fascinum v\u00e6ri \u00e1 h\u00fasum og \u00ed verkst\u00e6\u00f0um. \u00dev\u00ed var komi\u00f0 fyrir \u00e1 veggjum og yfir dyrum til a\u00f0 vernda h\u00fasi\u00f0 og \u00fe\u00e1 sem \u00fear unnu fr\u00e1 \u00f3g\u00e6fu.<\/p><p>Fascinum fannst einnig \u00e1 farart\u00e6kjum. \u00dev\u00ed var h\u00e6gt a\u00f0 festa \u00e1 vagna til a\u00f0 vernda fer\u00f0alanga og fer\u00f0ina sj\u00e1lfa.<\/p><p>\u00deekkt <span class=\"iwg-fachbegriff\" data-tooltip=\"\u00dea\u00f0 hvernig \u00feekking og s\u00f6gur berast \u00e1fram milli kynsl\u00f3\u00f0a.\" tabindex=\"0\">munnm\u00e6li<\/span> tengja fascinum vi\u00f0 r\u00f3mverska sigurg\u00f6nguna (triumphus). Sigurs\u00e6ll herforingi \u00fe\u00f3tti \u00e1 h\u00e1tindi velgengni sinnar s\u00e9rstaklega berskjalda\u00f0ur fyrir \u00f6fund og illu auganu. Heimildir greina fr\u00e1 \u00fev\u00ed a\u00f0 fascinum hafi veri\u00f0 fest \u00e1 vagn hans.<\/p><p>\u00deessi <span class=\"iwg-fachbegriff\" data-tooltip=\"\u00dea\u00f0 hvernig \u00feekking og s\u00f6gur berast \u00e1fram milli kynsl\u00f3\u00f0a.\" tabindex=\"0\">munnm\u00e6li<\/span> eru uppl\u00fdsandi. \u00deau s\u00fdna a\u00f0 illt auga h\u00f3ta\u00f0i ekki a\u00f0eins \u00feeim veikari heldur einnig \u00feeim fars\u00e6lustu. S\u00e1 sem st\u00f3\u00f0 \u00e1 tindi velgengni \u00feurfti verndina hva\u00f0 mest.<\/p><p>Fascinum var \u00feannig alls sta\u00f0ar n\u00e1l\u00e6gt verndargripur. Fr\u00e1 barnaverndargripnum til vagns sigurvegarans n\u00e1\u00f0i notkun \u00feess. \u00dea\u00f0 var hluti af hversdagslegri mynd r\u00f3mverska heimsins.<\/p>\t\t\t\t\t\t\t\t<\/div>\n\t\t\t\t<\/div>\n\t\t\t\t\t<\/div>\n\t\t\t\t<\/div>\n\t\t<div class=\"elementor-element elementor-element-iwgs-fascinum-s6 e-flex e-con-boxed e-con e-parent\" data-id=\"iwgs-fascinum-s6\" data-element_type=\"container\" data-e-type=\"container\">\n\t\t\t\t\t<div class=\"e-con-inner\">\n\t\t\t\t<div class=\"elementor-element elementor-element-iwgs-fascinum-s6h elementor-widget elementor-widget-heading\" data-id=\"iwgs-fascinum-s6h\" data-element_type=\"widget\" data-e-type=\"widget\" data-widget_type=\"heading.default\">\n\t\t\t\t\t<h2 class=\"elementor-heading-title elementor-size-default\">Gu\u00f0inn Fascinus<\/h2>\t\t\t\t<\/div>\n\t\t<div class=\"elementor-element elementor-element-iwgs-fascinum-s6box e-con-full e-flex e-con e-parent\" data-id=\"iwgs-fascinum-s6box\" data-element_type=\"container\" data-e-type=\"container\">\n\t\t\t\t<div class=\"elementor-element elementor-element-iwgs-fascinum-s6t elementor-widget elementor-widget-text-editor\" data-id=\"iwgs-fascinum-s6t\" data-element_type=\"widget\" data-e-type=\"widget\" data-widget_type=\"text-editor.default\">\n\t\t\t\t\t\t\t\t\t<p>Fascinum var ekki a\u00f0eins <span class=\"iwg-fachbegriff\" data-tooltip=\"Hlutur sem borinn er \u00e1 l\u00edkamanum og talinn hefur verndandi, \u00f3l\u00e1nsvarnandi m\u00e1tt.\" tabindex=\"0\">verndargripur<\/span>, heldur einnig tengt gu\u00f0legum m\u00e6tti. R\u00f3mversk <span class=\"iwg-fachbegriff\" data-tooltip=\"Mi\u00f0lun \u00feekkingar og fr\u00e1sagna milli kynsl\u00f3\u00f0a.\" tabindex=\"0\">munnm\u00e6li<\/span> \u00feekkja gu\u00f0 a\u00f0 nafni Fascinus.<\/p><p>Fascinus var hinn gu\u00f0legi m\u00e1ttur sem var til sta\u00f0ar \u00ed fascinum. Hann var talinn verndandi <span class=\"iwg-fachbegriff\" data-tooltip=\"Vera sem d\u00fdrku\u00f0 er sem gu\u00f0leg innan tr\u00faarbrag\u00f0a.\" tabindex=\"0\">gu\u00f0<\/span> sem verka\u00f0i gegn hinu illa auga og gegn \u00f6fund.<\/p><p><span class=\"iwg-fachbegriff\" data-tooltip=\"T\u00edmabil gr\u00edskrar og r\u00f3mverskrar menningar, um \u00fea\u00f0 bil 800 f.Kr. til 600 e.Kr.\" tabindex=\"0\">Fornar<\/span> heimildir greina fr\u00e1 \u00fev\u00ed a\u00f0 <span class=\"iwg-fachbegriff\" data-tooltip=\"Heild tr\u00faarlegra tilbei\u00f0sluathafna fyrir gu\u00f0 e\u00f0a heilaga veru.\" tabindex=\"0\">d\u00fdrkun<\/span> Fascinusar hafi veri\u00f0 \u00ed umsj\u00e1 vestalmeyjanna, prestskvenna gy\u00f0junnar Vestu. \u00deannig var Fascinus felldur inn \u00ed hina opinberu <span class=\"iwg-fachbegriff\" data-tooltip=\"Heild tr\u00faarlegra tilbei\u00f0sluathafna fyrir gu\u00f0 e\u00f0a heilaga veru.\" tabindex=\"0\">d\u00fdrkun<\/span> r\u00f3mverska r\u00edkisins.<\/p><p>A\u00f0 verndandi m\u00e1ttur gegn hinu illa auga hafi \u00e1tt s\u00e9r eigin <span class=\"iwg-fachbegriff\" data-tooltip=\"Vera sem d\u00fdrku\u00f0 er sem gu\u00f0leg innan tr\u00faarbrag\u00f0a.\" tabindex=\"0\">gu\u00f0<\/span> og <span class=\"iwg-fachbegriff\" data-tooltip=\"Heild tr\u00faarlegra tilbei\u00f0sluathafna fyrir gu\u00f0 e\u00f0a heilaga veru.\" tabindex=\"0\">d\u00fdrkun<\/span> \u00ed umsj\u00e1 vestalmeyjanna s\u00fdnir hversu alvarlega R\u00f3mverjar t\u00f3ku hi\u00f0 illa auga.<\/p><p>Fascinum var \u00feannig meira en al\u00fe\u00fd\u00f0legur <span class=\"iwg-fachbegriff\" data-tooltip=\"Hlutur sem borinn er \u00e1 l\u00edkamanum og talinn hefur verndandi, \u00f3l\u00e1nsvarnandi m\u00e1tt.\" tabindex=\"0\">verndargripur<\/span>. \u00dea\u00f0 var tengt <span class=\"iwg-fachbegriff\" data-tooltip=\"Vera sem d\u00fdrku\u00f0 er sem gu\u00f0leg innan tr\u00faarbrag\u00f0a.\" tabindex=\"0\">gu\u00f0i<\/span> og fellt inn \u00ed hina opinberu <span class=\"iwg-fachbegriff\" data-tooltip=\"Heild tr\u00faarlegra tilbei\u00f0sluathafna fyrir gu\u00f0 e\u00f0a heilaga veru.\" tabindex=\"0\">d\u00fdrkun<\/span> r\u00edkisins. Verndin gegn hinu illa auga var vi\u00f0urkennt tr\u00faarlegt m\u00e1lefni.<\/p><p>\u00deessi tenging vi\u00f0 tr\u00fa og r\u00edkisd\u00fdrkun greinir fascinum fr\u00e1 m\u00f6rgum hreint al\u00fe\u00fd\u00f0legum verndart\u00e1knum. H\u00fan s\u00fdnir a\u00f0 v\u00f6rn gegn hinu illa auga \u00e1tti sinn sta\u00f0 \u00e1 \u00f6llum stigum r\u00f3mversks samf\u00e9lags, allt fr\u00e1 barnav\u00f6ggunni til r\u00edkisd\u00fdrkunarinnar.<\/p>\t\t\t\t\t\t\t\t<\/div>\n\t\t\t\t<\/div>\n\t\t\t\t\t<\/div>\n\t\t\t\t<\/div>\n\t\t<div class=\"elementor-element elementor-element-iwgs-fascinum-s7 e-flex e-con-boxed e-con e-parent\" data-id=\"iwgs-fascinum-s7\" data-element_type=\"container\" data-e-type=\"container\">\n\t\t\t\t\t<div class=\"e-con-inner\">\n\t\t\t\t<div class=\"elementor-element elementor-element-iwgs-fascinum-s7h elementor-widget elementor-widget-heading\" data-id=\"iwgs-fascinum-s7h\" data-element_type=\"widget\" data-e-type=\"widget\" data-widget_type=\"heading.default\">\n\t\t\t\t\t<h2 class=\"elementor-heading-title elementor-size-default\">Fascinum og verndarhef\u00f0 fornaldar<\/h2>\t\t\t\t<\/div>\n\t\t<div class=\"elementor-element elementor-element-iwgs-fascinum-s7box e-con-full e-flex e-con e-parent\" data-id=\"iwgs-fascinum-s7box\" data-element_type=\"container\" data-e-type=\"container\">\n\t\t\t\t<div class=\"elementor-element elementor-element-iwgs-fascinum-s7t elementor-widget elementor-widget-text-editor\" data-id=\"iwgs-fascinum-s7t\" data-element_type=\"widget\" data-e-type=\"widget\" data-widget_type=\"text-editor.default\">\n\t\t\t\t\t\t\t\t\t<p>Fascinum tilheyrir heilum heimi verndargripa og verndarhef\u00f0a sem <span class=\"iwg-fachbegriff\" data-tooltip=\"T\u00edmabil gr\u00edskrar og r\u00f3mverskrar menningar, um 800 f.Kr. til 600 e.Kr.\" tabindex=\"0\">forneskjan<\/span> nota\u00f0i til a\u00f0 verjast hinu illa auga.<\/p><p>Auk fascinum voru til verndarhreyfingar. \u00c1kve\u00f0nar handst\u00f6\u00f0ur \u00fe\u00f3ttu virka gegn hinu illa auga. Verndar\u00feulur og galdra\u00feulur voru einnig nota\u00f0ar gegn \u00fev\u00ed.<\/p><p>\u00dear til vi\u00f0b\u00f3tar voru \u00f6nnur verndargripir. Auga\u00f0 sem gagnmynd, \u00e1berandi litir og hlj\u00f3\u00f0 \u00fe\u00f3ttu vera v\u00f6rn. Verndarhef\u00f0ir <span class=\"iwg-fachbegriff\" data-tooltip=\"T\u00edmabil gr\u00edskrar og r\u00f3mverskrar menningar, um 800 f.Kr. til 600 e.Kr.\" tabindex=\"0\">forneskjunnar<\/span> voru fj\u00f6lbreyttar og r\u00edkar.<\/p><p>Innan \u00feessa safns var fascinum \u00fatbreiddasta og \u00e1hrifamesta <span class=\"iwg-fachbegriff\" data-tooltip=\"Hlutur sem borinn er og talinn hafa verndandi, \u00f3g\u00e6fuvarnandi m\u00e1tt.\" tabindex=\"0\">verndargripurinn<\/span> gegn hinu illa auga. \u00dea\u00f0 fanga\u00f0i verkunarreglu athygliseftirtekjunnar \u00e1 s\u00e9rstaklega sk\u00fdran h\u00e1tt.<\/p><p>\u00deessi verndarhef\u00f0 <span class=\"iwg-fachbegriff\" data-tooltip=\"T\u00edmabil gr\u00edskrar og r\u00f3mverskrar menningar, um 800 f.Kr. til 600 e.Kr.\" tabindex=\"0\">forneskjunnar<\/span> lif\u00f0i \u00e1fram l\u00f6ngu eftir fall R\u00f3mar. Tr\u00fain \u00e1 hi\u00f0 illa auga og lei\u00f0irnir til a\u00f0 verjast \u00fev\u00ed h\u00e9lst lifandi \u00e1 Mi\u00f0jar\u00f0arhafssv\u00e6\u00f0inu allt fram til n\u00fat\u00edmans.<\/p><p>Fascinum sj\u00e1lft hvarf me\u00f0 r\u00f3mverskri <span class=\"iwg-fachbegriff\" data-tooltip=\"T\u00edmabil gr\u00edskrar og r\u00f3mverskrar menningar, um 800 f.Kr. til 600 e.Kr.\" tabindex=\"0\">forneskju<\/span>, en tilgangurinn sem \u00fea\u00f0 \u00fej\u00f3na\u00f0i lif\u00f0i \u00e1fram. S\u00ed\u00f0ari verndargripir gegn hinu illa auga, eins og k\u00f3ralrau\u00f0u hornin og bl\u00e1i augnverndargripurinn, h\u00e9ldu \u00feessari hef\u00f0 \u00e1fram.<\/p>\t\t\t\t\t\t\t\t<\/div>\n\t\t\t\t<\/div>\n\t\t\t\t\t<\/div>\n\t\t\t\t<\/div>\n\t\t<div class=\"elementor-element elementor-element-iwgs-fascinum-s8 e-flex e-con-boxed e-con e-parent\" data-id=\"iwgs-fascinum-s8\" data-element_type=\"container\" data-e-type=\"container\">\n\t\t\t\t\t<div class=\"e-con-inner\">\n\t\t\t\t<div class=\"elementor-element elementor-element-iwgs-fascinum-s8h elementor-widget elementor-widget-heading\" data-id=\"iwgs-fascinum-s8h\" data-element_type=\"widget\" data-e-type=\"widget\" data-widget_type=\"heading.default\">\n\t\t\t\t\t<h2 class=\"elementor-heading-title elementor-size-default\">M\u00f3tt\u00f6kur \u00ed dag<\/h2>\t\t\t\t<\/div>\n\t\t<div class=\"elementor-element elementor-element-iwgs-fascinum-s8box e-con-full e-flex e-con e-parent\" data-id=\"iwgs-fascinum-s8box\" data-element_type=\"container\" data-e-type=\"container\">\n\t\t\t\t<div class=\"elementor-element elementor-element-iwgs-fascinum-s8t elementor-widget elementor-widget-text-editor\" data-id=\"iwgs-fascinum-s8t\" data-element_type=\"widget\" data-e-type=\"widget\" data-widget_type=\"text-editor.default\">\n\t\t\t\t\t\t\t\t\t<p>Fascinum sem r\u00f3mverskur <span class=\"iwg-fachbegriff\" data-tooltip=\"Hlutur sem borinn er og talinn hafa verndandi, \u00f3g\u00e6fuvarnandi m\u00e1tt.\" tabindex=\"0\">verndargripur<\/span> er \u00ed dag ekki lengur lifandi <span class=\"iwg-fachbegriff\" data-tooltip=\"Hef\u00f0bundin ath\u00f6fn sem endurtekin er reglulega innan samf\u00e9lags.\" tabindex=\"0\">venja<\/span>. \u00dea\u00f0 er verndargripur fort\u00ed\u00f0arins sem hvarf me\u00f0 r\u00f3mverskri <span class=\"iwg-fachbegriff\" data-tooltip=\"T\u00edmabil gr\u00edskrar og r\u00f3mverskrar menningar, um 800 f.Kr. til 600 e.Kr.\" tabindex=\"0\">forneskju<\/span>.<\/p><p>\u00der\u00e1tt fyrir \u00fea\u00f0 er fascinum vel kunnugt. \u00dea\u00f0 er sta\u00f0fest me\u00f0 fj\u00f6lda fornleifafunda og er var\u00f0veitt \u00ed s\u00f6fnum margra safna. Fyrir ranns\u00f3knir \u00e1 daglegu tr\u00faarl\u00edfi R\u00f3mverja er \u00fea\u00f0 mikilv\u00e6g heimild.<\/p><p>Fascinum s\u00fdnir hversu alvarlega r\u00f3mverski heimurinn t\u00f3k hi\u00f0 illa auga. \u00dea\u00f0 vitnar um umfangsmikla verndarhef\u00f0 sem n\u00e1\u00f0i fr\u00e1 barnaverndargripum til heimilisins og allt til r\u00edkisd\u00fdrkunarins.<\/p><p>Fascinum er einnig \u00e1hugavert \u00ed tungum\u00e1lalegu tilliti. Af latneska or\u00f0inu fascinum eru dregin or\u00f0 sem \u00ed m\u00f6rgum n\u00fat\u00edmam\u00e1lum l\u00fdsa \u00fev\u00ed a\u00f0 heilla og heilla upp \u00far sk\u00f3num. \u00cd \u00feessum or\u00f0um lifir hin gamla hugmynd um bannandi, heillandi augnar\u00e1\u00f0 \u00e1fram, a\u00f0 v\u00edsu \u00ed f\u00f6lari mynd.<\/p><p>Fascinum er \u00feannig \u00e1hrifamiki\u00f0 d\u00e6mi um forn verndargrip. \u00dea\u00f0 s\u00fdnir verkunarreglu athygliseftirtekjunnar \u00ed sk\u00fdrri mynd og tilheyrir hinni st\u00f3ru, menningarlega v\u00ed\u00f0t\u00e6ku fj\u00f6lskyldu verndargripa gegn hinu illa auga.<\/p><p>\u00cd \u00fev\u00ed sameinast \u00fatbreidd tr\u00fa \u00e1 hi\u00f0 illa auga, sk\u00fdr verkunarregla og tengsl vi\u00f0 tr\u00faari\u00f0kun og daglegt l\u00edf. Fascinum var eitt mikilv\u00e6gasta svari\u00f0 sem hi\u00f0 forna R\u00f3m gaf vi\u00f0 \u00f3tta manna vi\u00f0 ska\u00f0legt augnar\u00e1\u00f0.<\/p>\t\t\t\t\t\t\t\t<\/div>\n\t\t\t\t<\/div>\n\t\t\t\t\t<\/div>\n\t\t\t\t<\/div>\n\t\t<div class=\"elementor-element elementor-element-iwgs-fascinum-lit e-flex e-con-boxed e-con e-parent\" data-id=\"iwgs-fascinum-lit\" data-element_type=\"container\" data-e-type=\"container\">\n\t\t\t\t\t<div class=\"e-con-inner\">\n\t\t\t\t<div class=\"elementor-element elementor-element-iwgs-fascinum-lith elementor-widget elementor-widget-heading\" data-id=\"iwgs-fascinum-lith\" data-element_type=\"widget\" data-e-type=\"widget\" data-widget_type=\"heading.default\">\n\t\t\t\t\t<h2 class=\"elementor-heading-title elementor-size-default\">Heimildir (\u00farval)<\/h2>\t\t\t\t<\/div>\n\t\t<div class=\"elementor-element elementor-element-iwgs-fascinum-litbox e-con-full e-flex e-con e-parent\" data-id=\"iwgs-fascinum-litbox\" data-element_type=\"container\" data-e-type=\"container\">\n\t\t\t\t<div class=\"elementor-element elementor-element-iwgs-fascinum-litt elementor-widget elementor-widget-html\" data-id=\"iwgs-fascinum-litt\" data-element_type=\"widget\" data-e-type=\"widget\" data-widget_type=\"html.default\">\n\t\t\t\t\t<footer data-nosnippet=\"true\"><ul><li>Fritz Graf: <em>Gottesn\u00e4he und Schadenzauber. Die Magie in der griechisch-r\u00f6mischen Antike<\/em> (1996)<\/li><li>Alan Dundes (Hrsg.): <em>The Evil Eye. A Casebook<\/em> (1981)<\/li><li>John R. Clarke: <em>Art in the Lives of Ordinary Romans<\/em> (2003)<\/li><li>Kurt Latte: <em>R\u00f6mische Religionsgeschichte<\/em> (1960)<\/li><li>Beryl Rawson: <em>Children and Childhood in Roman Italy<\/em> (2003)<\/li><\/ul><\/footer>\t\t\t\t<\/div>\n\t\t\t\t<\/div>\n\t\t\t\t\t<\/div>\n\t\t\t\t<\/div>\n\t\t<div class=\"elementor-element elementor-element-iwgs-fascinum-kwd e-flex e-con-boxed e-con e-parent\" data-id=\"iwgs-fascinum-kwd\" data-element_type=\"container\" data-e-type=\"container\">\n\t\t\t\t\t<div class=\"e-con-inner\">\n\t\t\t\t<div class=\"elementor-element elementor-element-iwgs-fascinum-kwdt elementor-widget elementor-widget-text-editor\" data-id=\"iwgs-fascinum-kwdt\" data-element_type=\"widget\" data-e-type=\"widget\" data-widget_type=\"text-editor.default\">\n\t\t\t\t\t\t\t\t\t<p><em>Tengd kjarnahugt\u00f6k: Fascinum <span class=\"iwg-fachbegriff\" data-tooltip=\"\u00datbreidd hugmynd um a\u00f0 \u00f6fundsj\u00fakt augnar\u00e1\u00f0 annarrar manneskju geti valdi\u00f0 ska\u00f0a.\" tabindex=\"0\">illt auga<\/span> <span class=\"iwg-fachbegriff\" data-tooltip=\"Tr\u00faarbrag\u00f0afr\u00e6\u00f0ilegt hugtak fyrir hlut e\u00f0a t\u00e1kn me\u00f0 \u00f3g\u00e6fuvarnandi hlutverki.\" tabindex=\"0\">ap\u00f3tr\u00f3pa\u00edkon<\/span> Fascinus Bulla sigurf\u00f6r \u00f6fund R\u00f3m.<\/em><\/p>\t\t\t\t\t\t\t\t<\/div>\n\t\t\t\t\t<\/div>\n\t\t\t\t<\/div>\n\t\t<div class=\"elementor-element elementor-element-iwgs-fascinum-cc e-flex e-con-boxed e-con e-parent\" data-id=\"iwgs-fascinum-cc\" data-element_type=\"container\" data-e-type=\"container\" id=\"iwg-cc-fascinum\">\n\t\t\t\t\t<div class=\"e-con-inner\">\n\t\t<div class=\"elementor-element elementor-element-iwgs-fascinum-ccinner e-flex e-con-boxed e-con e-parent\" data-id=\"iwgs-fascinum-ccinner\" data-element_type=\"container\" data-e-type=\"container\" data-settings=\"{&quot;background_background&quot;:&quot;classic&quot;}\">\n\t\t\t\t\t<div class=\"e-con-inner\">\n\t\t\t\t<div class=\"elementor-element elementor-element-iwgs-fascinum-cch elementor-widget elementor-widget-heading\" data-id=\"iwgs-fascinum-cch\" data-element_type=\"widget\" data-e-type=\"widget\" data-widget_type=\"heading.default\">\n\t\t\t\t\t<h2 class=\"elementor-heading-title elementor-size-default\">iWell Guard og verndarhef\u00f0ir<\/h2>\t\t\t\t<\/div>\n\t\t\t\t<div class=\"elementor-element elementor-element-iwgs-fascinum-cct elementor-widget elementor-widget-text-editor\" data-id=\"iwgs-fascinum-cct\" data-element_type=\"widget\" data-e-type=\"widget\" data-widget_type=\"text-editor.default\">\n\t\t\t\t\t\t\t\t\t<p>iWell Guard stendur \u00ed menningars\u00f6gulegri hef\u00f0 borinna verndargripa, sem fascinum tilheyrir einnig. N\u00fat\u00edmalegur fylgihlutur fyrir f\u00f3lk sem lifir me\u00f0 verndart\u00e1knum: framleiddur \u00ed \u00de\u00fdskalandi, 41 lag af hreinu gulli, plat\u00ednu og silfri, me\u00f0 30 daga skilar\u00e9tti.<\/p>\t\t\t\t\t\t\t\t<\/div>\n\t\t\t\t<div class=\"elementor-element elementor-element-iwgs-fascinum-ccb iwg-cc-button iwg-cc-cta-2026-05-13 elementor-widget elementor-widget-jet-button\" data-id=\"iwgs-fascinum-ccb\" data-element_type=\"widget\" data-e-type=\"widget\" data-widget_type=\"jet-button.default\">\n\t\t\t\t<div class=\"elementor-widget-container\">\n\t\t\t\t\t<div class=\"elementor-jet-button jet-elements\"><div class=\"jet-button__container\"><a class=\"jet-button__instance jet-button__instance--icon-left hover-effect-1\" href=\"\/schutzanhaenger-iwell-guard-kaufen\/?utm_source=iwell-guard.com&amp;utm_medium=info-box&amp;utm_campaign=schutzsymbole\"><div class=\"jet-button__plane jet-button__plane-normal\"><\/div><div class=\"jet-button__plane jet-button__plane-hover\"><\/div><div class=\"jet-button__state jet-button__state-normal\"><span class=\"jet-button__label\">Meira um iWell Guard<\/span><\/div><div class=\"jet-button__state jet-button__state-hover\"><span class=\"jet-button__label\">Meira um iWell Guard<\/span><\/div><\/a><\/div><\/div><style>.elementor-element.elementor-element-iwgs-fascinum-ccb .jet-button__instance{width:320px;height:56px;}.elementor-element.elementor-element-iwgs-fascinum-ccb .jet-button__state-normal .jet-button__label{text-align:center;margin:0px 0px 0px 0px;color:#1a1b20;font-family:Montserrat,sans-serif;font-size:13px;font-weight:400;letter-spacing:4px;line-height:1.714em;text-transform:uppercase;}.elementor-element.elementor-element-iwgs-fascinum-ccb .jet-button__state-hover .jet-button__label{text-align:center;margin:0px 0px 0px 0px;color:#FECC76;font-family:Montserrat,sans-serif;font-size:13px;font-weight:400;letter-spacing:4px;line-height:1.714em;text-transform:uppercase;}.elementor-element.elementor-element-iwgs-fascinum-ccb .jet-button__plane-normal{background-color:#FECC76;border-style:solid;border-color:#C99540;border-width:2px 2px 2px 2px;}.elementor-element.elementor-element-iwgs-fascinum-ccb .jet-button__plane-hover{background-color:rgba(0,0,0,0.55);border-style:solid;border-color:#FECC76;border-width:2px 2px 2px 2px;}<\/style>\t\t\t\t<\/div>\n\t\t\t\t<\/div>\n\t\t\t\t<div class=\"elementor-element elementor-element-iwgs-fascinum-ccd elementor-widget elementor-widget-text-editor\" data-id=\"iwgs-fascinum-ccd\" data-element_type=\"widget\" data-e-type=\"widget\" data-widget_type=\"text-editor.default\">\n\t\t\t\t\t\t\t\t\t<p style=\"text-align:center;font-size:13px;opacity:0.7;margin-top:14px\" data-nosnippet=\"true\">Pers\u00f3nuleg reynsla getur veri\u00f0 mismunandi. Ekki l\u00e6kningat\u00e6ki. Engin lofor\u00f0 um l\u00e6kningu.<\/p>\t\t\t\t\t\t\t\t<\/div>\n\t\t\t\t\t<\/div>\n\t\t\t\t<\/div>\n\t\t\t\t\t<\/div>\n\t\t\t\t<\/div>\n\t\t<div class=\"elementor-element elementor-element-iwgs-fascinum-disc e-flex e-con-boxed e-con e-parent\" data-id=\"iwgs-fascinum-disc\" data-element_type=\"container\" data-e-type=\"container\">\n\t\t\t\t\t<div class=\"e-con-inner\">\n\t\t\t\t<div class=\"elementor-element elementor-element-iwgs-fascinum-discw elementor-widget elementor-widget-html\" data-id=\"iwgs-fascinum-discw\" data-element_type=\"widget\" data-e-type=\"widget\" data-widget_type=\"html.default\">\n\t\t\t\t\t<footer data-nosnippet=\"true\" class=\"iwg-disclaimer-block\"><p data-nosnippet=\"true\">iWell Guard er <strong>ekki l\u00e6kningat\u00e6ki<\/strong> og kemur ekki \u00ed sta\u00f0 l\u00e6knis- e\u00f0a s\u00e1lfr\u00e6\u00f0ime\u00f0fer\u00f0ar. Innihaldi\u00f0 sem h\u00e9r er sett fram er tr\u00faarbrag\u00f0afr\u00e6\u00f0ileg og menningars\u00f6gulega greining, ekki lofor\u00f0 um andlega virkni.<\/p><\/footer>\t\t\t\t<\/div>\n\t\t\t\t\t<\/div>\n\t\t\t\t<\/div>\n\t\t\t\t<\/div>\n\t\t","protected":false},"excerpt":{"rendered":"","protected":false},"author":3,"featured_media":3504,"parent":0,"menu_order":0,"comment_status":"closed","ping_status":"closed","template":"elementor_header_footer","meta":{"_yoast_wpseo_focuskw":"Fascinum","_yoast_wpseo_title":"Fascinum \u2013 r\u00f3mverskur verndargripur","_yoast_wpseo_metadesc":"Fascinum var r\u00f3mverskur verndargripur gegn hinu illa auga. Ger\u00f0, notkun og merking \u00fatsk\u00fdr\u00f0 fr\u00e1 tr\u00faarbrag\u00f0afr\u00e6\u00f0ilegu sj\u00f3narhorni.","_yoast_wpseo_meta-robots-noindex":"","_yoast_wpseo_canonical":"","_angie_page":false,"gefaehrdungsstufe":"","wesen_kultur":"","wesen_klasse":"","footnotes":""},"categories":[],"class_list":["post-169178","page","type-page","status-publish","has-post-thumbnail","hentry"],"yoast_head":"<!-- This site is optimized with the Yoast SEO Premium plugin v27.7 (Yoast SEO v28.3) - https:\/\/yoast.com\/product\/yoast-seo-premium-wordpress\/ -->\n<title>Fascinum \u2013 r\u00f3mverskur verndargripur<\/title>\n<meta name=\"description\" content=\"Fascinum var r\u00f3mverskur verndargripur gegn hinu illa auga. Ger\u00f0, notkun og merking \u00fatsk\u00fdr\u00f0 fr\u00e1 tr\u00faarbrag\u00f0afr\u00e6\u00f0ilegu sj\u00f3narhorni.\" \/>\n<meta name=\"robots\" content=\"index, follow, max-snippet:-1, max-image-preview:large, max-video-preview:-1\" \/>\n<link rel=\"canonical\" href=\"https:\/\/iwell-guard.com\/is\/fascinum-verndargripur-gegn-illu-auga\/\" \/>\n<meta property=\"og:locale\" content=\"is_IS\" \/>\n<meta property=\"og:type\" content=\"article\" \/>\n<meta property=\"og:title\" content=\"Fascinum \u2013 r\u00f3mverska verndargripurinn gegn hinu illa auga\" \/>\n<meta property=\"og:description\" content=\"Fascinum var r\u00f3mverskur verndargripur gegn hinu illa auga. Ger\u00f0, notkun og merking \u00fatsk\u00fdr\u00f0 fr\u00e1 tr\u00faarbrag\u00f0afr\u00e6\u00f0ilegu sj\u00f3narhorni.\" \/>\n<meta property=\"og:url\" content=\"https:\/\/iwell-guard.com\/is\/fascinum-verndargripur-gegn-illu-auga\/\" \/>\n<meta property=\"og:site_name\" content=\"iWell Guard\" \/>\n<meta property=\"article:modified_time\" content=\"2026-09-05T14:34:14+00:00\" \/>\n<meta property=\"og:image\" content=\"https:\/\/iwell-guard.com\/wp-content\/uploads\/2026\/05\/schutzsymbol_rom_fascinum.webp\" \/>\n\t<meta property=\"og:image:width\" content=\"1024\" \/>\n\t<meta property=\"og:image:height\" content=\"1536\" \/>\n\t<meta property=\"og:image:type\" content=\"image\/webp\" \/>\n<meta name=\"twitter:card\" content=\"summary_large_image\" \/>\n<script type=\"application\/ld+json\" class=\"yoast-schema-graph\">{\"@context\":\"https:\\\/\\\/schema.org\",\"@graph\":[{\"@type\":\"WebPage\",\"@id\":\"https:\\\/\\\/iwell-guard.com\\\/is\\\/fascinum-verndargripur-gegn-illu-auga\\\/\",\"url\":\"https:\\\/\\\/iwell-guard.com\\\/is\\\/fascinum-verndargripur-gegn-illu-auga\\\/\",\"name\":\"Fascinum \u2013 r\u00f3mverskur verndargripur\",\"isPartOf\":{\"@id\":\"https:\\\/\\\/iwell-guard.com\\\/is\\\/#website\"},\"primaryImageOfPage\":{\"@id\":\"https:\\\/\\\/iwell-guard.com\\\/is\\\/fascinum-verndargripur-gegn-illu-auga\\\/#primaryimage\"},\"image\":{\"@id\":\"https:\\\/\\\/iwell-guard.com\\\/is\\\/fascinum-verndargripur-gegn-illu-auga\\\/#primaryimage\"},\"thumbnailUrl\":\"https:\\\/\\\/iwell-guard.com\\\/wp-content\\\/uploads\\\/2026\\\/05\\\/schutzsymbol_rom_fascinum.webp\",\"datePublished\":\"2026-09-05T14:06:15+00:00\",\"dateModified\":\"2026-09-05T14:34:14+00:00\",\"description\":\"Fascinum var r\u00f3mverskur verndargripur gegn hinu illa auga. Ger\u00f0, notkun og merking \u00fatsk\u00fdr\u00f0 fr\u00e1 tr\u00faarbrag\u00f0afr\u00e6\u00f0ilegu sj\u00f3narhorni.\",\"breadcrumb\":{\"@id\":\"https:\\\/\\\/iwell-guard.com\\\/is\\\/fascinum-verndargripur-gegn-illu-auga\\\/#breadcrumb\"},\"inLanguage\":\"is\",\"potentialAction\":[{\"@type\":\"ReadAction\",\"target\":[\"https:\\\/\\\/iwell-guard.com\\\/is\\\/fascinum-verndargripur-gegn-illu-auga\\\/\"]}]},{\"@type\":\"ImageObject\",\"inLanguage\":\"is\",\"@id\":\"https:\\\/\\\/iwell-guard.com\\\/is\\\/fascinum-verndargripur-gegn-illu-auga\\\/#primaryimage\",\"url\":\"https:\\\/\\\/iwell-guard.com\\\/wp-content\\\/uploads\\\/2026\\\/05\\\/schutzsymbol_rom_fascinum.webp\",\"contentUrl\":\"https:\\\/\\\/iwell-guard.com\\\/wp-content\\\/uploads\\\/2026\\\/05\\\/schutzsymbol_rom_fascinum.webp\",\"width\":1024,\"height\":1536,\"caption\":\"Verndart\u00e1kn. Myndskreyting \u00ed safnst\u00edl.\"},{\"@type\":\"BreadcrumbList\",\"@id\":\"https:\\\/\\\/iwell-guard.com\\\/is\\\/fascinum-verndargripur-gegn-illu-auga\\\/#breadcrumb\",\"itemListElement\":[{\"@type\":\"ListItem\",\"position\":1,\"name\":\"Start\",\"item\":\"https:\\\/\\\/iwell-guard.com\\\/is\\\/?page_id=168580\"},{\"@type\":\"ListItem\",\"position\":2,\"name\":\"Fascinum \u2013 r\u00f3mverska verndargripurinn gegn hinu illa auga\"}]},{\"@type\":\"WebSite\",\"@id\":\"https:\\\/\\\/iwell-guard.com\\\/is\\\/#website\",\"url\":\"https:\\\/\\\/iwell-guard.com\\\/is\\\/\",\"name\":\"iWell Guard\",\"description\":\"Schutz vor dunklen Einfl\u00fcssen\",\"publisher\":{\"@id\":\"https:\\\/\\\/iwell-guard.com\\\/is\\\/#organization\"},\"potentialAction\":[{\"@type\":\"SearchAction\",\"target\":{\"@type\":\"EntryPoint\",\"urlTemplate\":\"https:\\\/\\\/iwell-guard.com\\\/is\\\/?s={search_term_string}\"},\"query-input\":{\"@type\":\"PropertyValueSpecification\",\"valueRequired\":true,\"valueName\":\"search_term_string\"}}],\"inLanguage\":\"is\"},{\"@type\":\"Organization\",\"@id\":\"https:\\\/\\\/iwell-guard.com\\\/is\\\/#organization\",\"name\":\"Ittermann electronic GmbH\",\"url\":\"https:\\\/\\\/iwell-guard.com\\\/is\\\/\",\"logo\":{\"@type\":\"ImageObject\",\"inLanguage\":\"is\",\"@id\":\"https:\\\/\\\/iwell-guard.com\\\/is\\\/#\\\/schema\\\/logo\\\/image\\\/\",\"url\":\"https:\\\/\\\/iwell-guard.com\\\/wp-content\\\/uploads\\\/2026\\\/05\\\/Ittermann-Logo-1182x237-1.png\",\"contentUrl\":\"https:\\\/\\\/iwell-guard.com\\\/wp-content\\\/uploads\\\/2026\\\/05\\\/Ittermann-Logo-1182x237-1.png\",\"width\":1182,\"height\":237,\"caption\":\"Ittermann electronic GmbH\"},\"image\":{\"@id\":\"https:\\\/\\\/iwell-guard.com\\\/is\\\/#\\\/schema\\\/logo\\\/image\\\/\"},\"sameAs\":[\"https:\\\/\\\/pantip.com\\\/profile\\\/9367242\",\"https:\\\/\\\/micro.blog\\\/iwellguard\",\"https:\\\/\\\/www.diggerslist.com\\\/iwellguard\\\/about\",\"https:\\\/\\\/skitterphoto.com\\\/photographers\\\/2870314\\\/iwell-guard\",\"https:\\\/\\\/iwellguard.wordpress.com\\\/2026\\\/06\\\/06\\\/iwell-guard\\\/\",\"https:\\\/\\\/hub.docker.com\\\/u\\\/iwellguard\",\"https:\\\/\\\/www.pinterest.com\\\/iwellguard\\\/\",\"https:\\\/\\\/bit.ly\\\/m\\\/iwellguard\",\"https:\\\/\\\/entre-vos-mains.alsace.eu\\\/profiles\\\/iwellguard\\\/activity\",\"https:\\\/\\\/gravatar.com\\\/reallybeded8fd34\",\"https:\\\/\\\/naijamatta.com\\\/iwellguard\",\"https:\\\/\\\/www.goodreads.com\\\/iwellguard\",\"https:\\\/\\\/profile.hatena.ne.jp\\\/iwellguard\\\/\",\"https:\\\/\\\/experiment.com\\\/users\\\/iwellguard\",\"https:\\\/\\\/wakelet.com\\\/@iWellGuard82270\",\"https:\\\/\\\/www.chordie.com\\\/forum\\\/profile.php?id=2555664\",\"https:\\\/\\\/www.instapaper.com\\\/p\\\/17757966\",\"https:\\\/\\\/www.mapleprimes.com\\\/users\\\/iwellguard\",\"https:\\\/\\\/businesslistingplus.com\\\/profile\\\/iwell-guard\\\/\",\"https:\\\/\\\/telegra.ph\\\/iWell-Guard-06-06\",\"https:\\\/\\\/pbase.com\\\/iwellguard\\\/iwellguard\",\"https:\\\/\\\/b.hatena.ne.jp\\\/iwellguard\\\/20260607#bookmark-4788405196491818882\",\"https:\\\/\\\/fliphtml5.com\\\/home\\\/iwellguard\",\"https:\\\/\\\/anyflip.com\\\/homepage\\\/cmiwl#About\",\"https:\\\/\\\/transfur.com\\\/Users\\\/iwellguard\",\"http:\\\/\\\/delphi.larsbo.org\\\/user\\\/iwellguard\",\"https:\\\/\\\/jobs.lajobsportal.org\\\/profiles\\\/8380803-iwell-guard\",\"https:\\\/\\\/md.chaosdorf.de\\\/s\\\/jfbe5SBdJD\",\"https:\\\/\\\/www.lingvolive.com\\\/en-us\\\/profile\\\/9ecaeaca-ce11-4e51-9e71-01d55e2bff36\\\/translations\",\"https:\\\/\\\/www.fitday.com\\\/fitness\\\/forums\\\/members\\\/iwellguard.html\",\"https:\\\/\\\/www.mymeetbook.com\\\/iwellguard\",\"https:\\\/\\\/pxhere.com\\\/en\\\/photographer-me\\\/5040798\",\"https:\\\/\\\/disqus.com\\\/by\\\/iwellguard\\\/about\\\/\",\"https:\\\/\\\/pastelink.net\\\/hjwciqwq\",\"https:\\\/\\\/pubhtml5.com\\\/homepage\\\/scjhn\\\/\",\"https:\\\/\\\/www.bitchute.com\\\/channel\\\/2O2eOKzNqujT\",\"https:\\\/\\\/audiomack.com\\\/iwellguard\"]}]}<\/script>\n<!-- \/ Yoast SEO Premium plugin. -->","yoast_head_json":{"title":"Fascinum \u2013 r\u00f3mverskur verndargripur","description":"Fascinum var r\u00f3mverskur verndargripur gegn hinu illa auga. Ger\u00f0, notkun og merking \u00fatsk\u00fdr\u00f0 fr\u00e1 tr\u00faarbrag\u00f0afr\u00e6\u00f0ilegu sj\u00f3narhorni.","robots":{"index":"index","follow":"follow","max-snippet":"max-snippet:-1","max-image-preview":"max-image-preview:large","max-video-preview":"max-video-preview:-1"},"canonical":"https:\/\/iwell-guard.com\/is\/fascinum-verndargripur-gegn-illu-auga\/","og_locale":"is_IS","og_type":"article","og_title":"Fascinum \u2013 r\u00f3mverska verndargripurinn gegn hinu illa auga","og_description":"Fascinum var r\u00f3mverskur verndargripur gegn hinu illa auga. Ger\u00f0, notkun og merking \u00fatsk\u00fdr\u00f0 fr\u00e1 tr\u00faarbrag\u00f0afr\u00e6\u00f0ilegu sj\u00f3narhorni.","og_url":"https:\/\/iwell-guard.com\/is\/fascinum-verndargripur-gegn-illu-auga\/","og_site_name":"iWell Guard","article_modified_time":"2026-09-05T14:34:14+00:00","og_image":[{"width":1024,"height":1536,"url":"https:\/\/iwell-guard.com\/wp-content\/uploads\/2026\/05\/schutzsymbol_rom_fascinum.webp","type":"image\/webp"}],"twitter_card":"summary_large_image","schema":{"@context":"https:\/\/schema.org","@graph":[{"@type":"WebPage","@id":"https:\/\/iwell-guard.com\/is\/fascinum-verndargripur-gegn-illu-auga\/","url":"https:\/\/iwell-guard.com\/is\/fascinum-verndargripur-gegn-illu-auga\/","name":"Fascinum \u2013 r\u00f3mverskur verndargripur","isPartOf":{"@id":"https:\/\/iwell-guard.com\/is\/#website"},"primaryImageOfPage":{"@id":"https:\/\/iwell-guard.com\/is\/fascinum-verndargripur-gegn-illu-auga\/#primaryimage"},"image":{"@id":"https:\/\/iwell-guard.com\/is\/fascinum-verndargripur-gegn-illu-auga\/#primaryimage"},"thumbnailUrl":"https:\/\/iwell-guard.com\/wp-content\/uploads\/2026\/05\/schutzsymbol_rom_fascinum.webp","datePublished":"2026-09-05T14:06:15+00:00","dateModified":"2026-09-05T14:34:14+00:00","description":"Fascinum var r\u00f3mverskur verndargripur gegn hinu illa auga. Ger\u00f0, notkun og merking \u00fatsk\u00fdr\u00f0 fr\u00e1 tr\u00faarbrag\u00f0afr\u00e6\u00f0ilegu sj\u00f3narhorni.","breadcrumb":{"@id":"https:\/\/iwell-guard.com\/is\/fascinum-verndargripur-gegn-illu-auga\/#breadcrumb"},"inLanguage":"is","potentialAction":[{"@type":"ReadAction","target":["https:\/\/iwell-guard.com\/is\/fascinum-verndargripur-gegn-illu-auga\/"]}]},{"@type":"ImageObject","inLanguage":"is","@id":"https:\/\/iwell-guard.com\/is\/fascinum-verndargripur-gegn-illu-auga\/#primaryimage","url":"https:\/\/iwell-guard.com\/wp-content\/uploads\/2026\/05\/schutzsymbol_rom_fascinum.webp","contentUrl":"https:\/\/iwell-guard.com\/wp-content\/uploads\/2026\/05\/schutzsymbol_rom_fascinum.webp","width":1024,"height":1536,"caption":"Verndart\u00e1kn. Myndskreyting \u00ed safnst\u00edl."},{"@type":"BreadcrumbList","@id":"https:\/\/iwell-guard.com\/is\/fascinum-verndargripur-gegn-illu-auga\/#breadcrumb","itemListElement":[{"@type":"ListItem","position":1,"name":"Start","item":"https:\/\/iwell-guard.com\/is\/?page_id=168580"},{"@type":"ListItem","position":2,"name":"Fascinum \u2013 r\u00f3mverska verndargripurinn gegn hinu illa auga"}]},{"@type":"WebSite","@id":"https:\/\/iwell-guard.com\/is\/#website","url":"https:\/\/iwell-guard.com\/is\/","name":"iWell Guard","description":"Schutz vor dunklen Einfl\u00fcssen","publisher":{"@id":"https:\/\/iwell-guard.com\/is\/#organization"},"potentialAction":[{"@type":"SearchAction","target":{"@type":"EntryPoint","urlTemplate":"https:\/\/iwell-guard.com\/is\/?s={search_term_string}"},"query-input":{"@type":"PropertyValueSpecification","valueRequired":true,"valueName":"search_term_string"}}],"inLanguage":"is"},{"@type":"Organization","@id":"https:\/\/iwell-guard.com\/is\/#organization","name":"Ittermann electronic GmbH","url":"https:\/\/iwell-guard.com\/is\/","logo":{"@type":"ImageObject","inLanguage":"is","@id":"https:\/\/iwell-guard.com\/is\/#\/schema\/logo\/image\/","url":"https:\/\/iwell-guard.com\/wp-content\/uploads\/2026\/05\/Ittermann-Logo-1182x237-1.png","contentUrl":"https:\/\/iwell-guard.com\/wp-content\/uploads\/2026\/05\/Ittermann-Logo-1182x237-1.png","width":1182,"height":237,"caption":"Ittermann electronic GmbH"},"image":{"@id":"https:\/\/iwell-guard.com\/is\/#\/schema\/logo\/image\/"},"sameAs":["https:\/\/pantip.com\/profile\/9367242","https:\/\/micro.blog\/iwellguard","https:\/\/www.diggerslist.com\/iwellguard\/about","https:\/\/skitterphoto.com\/photographers\/2870314\/iwell-guard","https:\/\/iwellguard.wordpress.com\/2026\/06\/06\/iwell-guard\/","https:\/\/hub.docker.com\/u\/iwellguard","https:\/\/www.pinterest.com\/iwellguard\/","https:\/\/bit.ly\/m\/iwellguard","https:\/\/entre-vos-mains.alsace.eu\/profiles\/iwellguard\/activity","https:\/\/gravatar.com\/reallybeded8fd34","https:\/\/naijamatta.com\/iwellguard","https:\/\/www.goodreads.com\/iwellguard","https:\/\/profile.hatena.ne.jp\/iwellguard\/","https:\/\/experiment.com\/users\/iwellguard","https:\/\/wakelet.com\/@iWellGuard82270","https:\/\/www.chordie.com\/forum\/profile.php?id=2555664","https:\/\/www.instapaper.com\/p\/17757966","https:\/\/www.mapleprimes.com\/users\/iwellguard","https:\/\/businesslistingplus.com\/profile\/iwell-guard\/","https:\/\/telegra.ph\/iWell-Guard-06-06","https:\/\/pbase.com\/iwellguard\/iwellguard","https:\/\/b.hatena.ne.jp\/iwellguard\/20260607#bookmark-4788405196491818882","https:\/\/fliphtml5.com\/home\/iwellguard","https:\/\/anyflip.com\/homepage\/cmiwl#About","https:\/\/transfur.com\/Users\/iwellguard","http:\/\/delphi.larsbo.org\/user\/iwellguard","https:\/\/jobs.lajobsportal.org\/profiles\/8380803-iwell-guard","https:\/\/md.chaosdorf.de\/s\/jfbe5SBdJD","https:\/\/www.lingvolive.com\/en-us\/profile\/9ecaeaca-ce11-4e51-9e71-01d55e2bff36\/translations","https:\/\/www.fitday.com\/fitness\/forums\/members\/iwellguard.html","https:\/\/www.mymeetbook.com\/iwellguard","https:\/\/pxhere.com\/en\/photographer-me\/5040798","https:\/\/disqus.com\/by\/iwellguard\/about\/","https:\/\/pastelink.net\/hjwciqwq","https:\/\/pubhtml5.com\/homepage\/scjhn\/","https:\/\/www.bitchute.com\/channel\/2O2eOKzNqujT","https:\/\/audiomack.com\/iwellguard"]}]}},"_links":{"self":[{"href":"https:\/\/iwell-guard.com\/is\/wp-json\/wp\/v2\/pages\/169178","targetHints":{"allow":["GET"]}}],"collection":[{"href":"https:\/\/iwell-guard.com\/is\/wp-json\/wp\/v2\/pages"}],"about":[{"href":"https:\/\/iwell-guard.com\/is\/wp-json\/wp\/v2\/types\/page"}],"author":[{"embeddable":true,"href":"https:\/\/iwell-guard.com\/is\/wp-json\/wp\/v2\/users\/3"}],"replies":[{"embeddable":true,"href":"https:\/\/iwell-guard.com\/is\/wp-json\/wp\/v2\/comments?post=169178"}],"version-history":[{"count":0,"href":"https:\/\/iwell-guard.com\/is\/wp-json\/wp\/v2\/pages\/169178\/revisions"}],"wp:featuredmedia":[{"embeddable":true,"href":"https:\/\/iwell-guard.com\/is\/wp-json\/wp\/v2\/media\/3504"}],"wp:attachment":[{"href":"https:\/\/iwell-guard.com\/is\/wp-json\/wp\/v2\/media?parent=169178"}],"wp:term":[{"taxonomy":"category","embeddable":true,"href":"https:\/\/iwell-guard.com\/is\/wp-json\/wp\/v2\/categories?post=169178"}],"curies":[{"name":"wp","href":"https:\/\/api.w.org\/{rel}","templated":true}]}}