{"id":169175,"date":"2026-09-05T14:06:14","date_gmt":"2026-09-05T14:06:14","guid":{"rendered":"https:\/\/iwell-guard.com\/?page_id=169175"},"modified":"2026-09-05T14:34:09","modified_gmt":"2026-09-05T14:34:09","slug":"awen-takn-innblasturs","status":"publish","type":"page","link":"https:\/\/iwell-guard.com\/is\/awen-takn-innblasturs\/","title":{"rendered":"Awen \u2013 t\u00e1kn innbl\u00e1sturs"},"content":{"rendered":"\t\t<div data-elementor-type=\"wp-page\" data-elementor-id=\"169175\" class=\"elementor elementor-169175 elementor-3665 elementor-bc-flex-widget\" data-elementor-post-type=\"page\">\n\t\t\t\t<div class=\"elementor-element elementor-element-iwgs-awen-hero e-flex e-con-boxed e-con e-parent\" data-id=\"iwgs-awen-hero\" data-element_type=\"container\" data-e-type=\"container\">\n\t\t\t\t\t<div class=\"e-con-inner\">\n\t\t<div class=\"elementor-element elementor-element-iwgs-awen-hl e-flex e-con-boxed e-con e-parent\" data-id=\"iwgs-awen-hl\" data-element_type=\"container\" data-e-type=\"container\">\n\t\t\t\t\t<div class=\"e-con-inner\">\n\t\t<div class=\"elementor-element elementor-element-iwgs-awen-hlbox e-con-full e-flex e-con e-parent\" data-id=\"iwgs-awen-hlbox\" data-element_type=\"container\" data-e-type=\"container\">\n\t\t\t\t<div class=\"elementor-element elementor-element-iwgs-awen-h1 elementor-widget elementor-widget-heading\" data-id=\"iwgs-awen-h1\" data-element_type=\"widget\" data-e-type=\"widget\" data-widget_type=\"heading.default\">\n\t\t\t\t\t<h1 class=\"elementor-heading-title elementor-size-default\">Awen \u2013 t\u00e1kn sk\u00e1ldlegs innbl\u00e1sturs<\/h1>\t\t\t\t<\/div>\n\t\t\t\t<div class=\"elementor-element elementor-element-iwgs-awen-lead elementor-widget elementor-widget-text-editor\" data-id=\"iwgs-awen-lead\" data-element_type=\"widget\" data-e-type=\"widget\" data-widget_type=\"text-editor.default\">\n\t\t\t\t\t\t\t\t\t<p>Awen er t\u00e1kn \u00far \u00feremur geislum, oft me\u00f0 \u00feremur punktum fyrir ofan. \u00dea\u00f0 stendur fyrir sk\u00e1ldlegan innbl\u00e1stur. Or\u00f0i\u00f0 er gamalt, en <span class=\"iwg-fachbegriff\" data-tooltip=\"T\u00e1kn sem stendur \u00ed sta\u00f0 hugmyndar e\u00f0a merkingar.\" tabindex=\"0\">t\u00e1kni\u00f0<\/span> sj\u00e1lft var\u00f0 ekki til fyrr en \u00e1 18. \u00f6ld.<\/p>\t\t\t\t\t\t\t\t<\/div>\n\t\t\t\t<\/div>\n\t\t\t\t<div class=\"elementor-element elementor-element-iwgs-awen-pills elementor-widget elementor-widget-html\" data-id=\"iwgs-awen-pills\" data-element_type=\"widget\" data-e-type=\"widget\" data-widget_type=\"html.default\">\n\t\t\t\t\t<div class=\"iwg-pill-row\"><span class=\"iwg-klasse-badge\" tabindex=\"0\" data-tooltip=\"Verndart\u00e1kn, verndargripur e\u00f0a ap\u00f3tr\u00f3pa\u00edskur hlutur.\">Verndart\u00e1kn<\/span><a href=\"https:\/\/iwell-guard.com\/is\/keltneskt\/\" class=\"iwg-kultur-badge\" tabindex=\"0\" data-tooltip=\"Verndarhef\u00f0: Keltnesk\">Keltnesk<\/a><span class=\"iwg-tradition-badge\" tabindex=\"0\" data-tooltip=\"Teikn sem stendur fyrir \u00e1kve\u00f0na merkingu.\">T\u00e1kn<\/span><\/div>\t\t\t\t<\/div>\n\t\t\t\t\t<\/div>\n\t\t\t\t<\/div>\n\t\t<div class=\"elementor-element elementor-element-iwgs-awen-hr e-con-full e-flex e-con e-parent\" data-id=\"iwgs-awen-hr\" data-element_type=\"container\" data-e-type=\"container\">\n\t\t\t\t<div class=\"elementor-element elementor-element-iwgs-awen-himg iwg-hero-image elementor-widget elementor-widget-image\" data-id=\"iwgs-awen-himg\" data-element_type=\"widget\" data-e-type=\"widget\" data-widget_type=\"image.default\">\n\t\t\t\t\t\t\t\t\t\t\t\t\t\t\t<img fetchpriority=\"high\" decoding=\"async\" width=\"683\" height=\"1024\" src=\"https:\/\/iwell-guard.com\/wp-content\/uploads\/2026\/05\/schutzsymbol_keltisch_awen-683x1024.webp\" class=\"attachment-large size-large wp-image-170564\" alt=\"Awen - verndart\u00e1kn, safnfr\u00e6\u00f0ileg myndskreyting\" srcset=\"https:\/\/iwell-guard.com\/wp-content\/uploads\/2026\/05\/schutzsymbol_keltisch_awen-683x1024.webp 683w, https:\/\/iwell-guard.com\/wp-content\/uploads\/2026\/05\/schutzsymbol_keltisch_awen-200x300.webp 200w, https:\/\/iwell-guard.com\/wp-content\/uploads\/2026\/05\/schutzsymbol_keltisch_awen-768x1152.webp 768w, https:\/\/iwell-guard.com\/wp-content\/uploads\/2026\/05\/schutzsymbol_keltisch_awen.webp 1024w\" sizes=\"(max-width: 683px) 100vw, 683px\" \/>\t\t\t\t\t\t\t\t\t\t\t\t\t\t\t<\/div>\n\t\t\t\t<\/div>\n\t\t\t\t\t<\/div>\n\t\t\t\t<\/div>\n\t\t<div class=\"elementor-element elementor-element-iwgs-awen-s0 e-flex e-con-boxed e-con e-parent\" data-id=\"iwgs-awen-s0\" data-element_type=\"container\" data-e-type=\"container\">\n\t\t\t\t\t<div class=\"e-con-inner\">\n\t\t\t\t<div class=\"elementor-element elementor-element-iwgs-awen-s0h elementor-widget elementor-widget-heading\" data-id=\"iwgs-awen-s0h\" data-element_type=\"widget\" data-e-type=\"widget\" data-widget_type=\"heading.default\">\n\t\t\t\t\t<h2 class=\"elementor-heading-title elementor-size-default\">Yfirlit<\/h2>\t\t\t\t<\/div>\n\t\t<div class=\"elementor-element elementor-element-iwgs-awen-s0box e-con-full e-flex e-con e-parent\" data-id=\"iwgs-awen-s0box\" data-element_type=\"container\" data-e-type=\"container\">\n\t\t\t\t<div class=\"elementor-element elementor-element-iwgs-awen-s0t elementor-widget elementor-widget-text-editor\" data-id=\"iwgs-awen-s0t\" data-element_type=\"widget\" data-e-type=\"widget\" data-widget_type=\"text-editor.default\">\n\t\t\t\t\t\t\t\t\t<p>Awen er t\u00e1kn \u00far <a href=\"https:\/\/iwell-guard.com\/is\/keltneskt\/\">keltneskri<\/a> hef\u00f0, n\u00e1nar tilteki\u00f0 \u00far velskri <span class=\"iwg-fachbegriff\" data-tooltip=\"Mi\u00f0lun \u00feekkingar og sagna milli kynsl\u00f3\u00f0a.\" tabindex=\"0\">munnm\u00e6lahef\u00f0<\/span>. \u00dea\u00f0 samanstendur af \u00feremur geislum e\u00f0a l\u00ednum sem brei\u00f0ast \u00fat ni\u00f0ur \u00e1 vi\u00f0, og oftast \u00feremur punktum fyrir ofan.<\/p><p>Or\u00f0i\u00f0 Awen er af velskum uppruna. \u00dea\u00f0 merkir sk\u00e1ldlegan innbl\u00e1stur, hina skapandi hugsv\u00f6lun, eins konar andardr\u00e1tt e\u00f0a anda sem sk\u00e1ldskapur og skilningur stafa fr\u00e1.<\/p><p>Awen er \u00feannig fyrst og fremst t\u00e1kn innbl\u00e1sturs og skapandi kraftar. \u00dea\u00f0 er ekki verndargripur \u00ed eiginlegum skilningi sem \u00e1 a\u00f0 verjast, heldur merkingart\u00e1kn.<\/p><p>\u00cd n\u00fat\u00edmanotkun ber Awen \u00fe\u00f3 einnig verndandi og blessandi merkingu. \u00cd n\u00fat\u00edma dr\u00fa\u00eddahreyfingum er \u00fea\u00f0 t\u00e1kn andlegrar tengingar, sem einnig er bori\u00f0 sem verndar- og blessunart\u00e1kn.<\/p><p>Vi\u00f0 mat \u00e1 Awen er nau\u00f0synlegt a\u00f0 gera n\u00e1kv\u00e6man greinarmun. Or\u00f0i\u00f0 Awen er gamalt og n\u00e6r aftur til mi\u00f0aldalegrar velskrar <span class=\"iwg-fachbegriff\" data-tooltip=\"Mi\u00f0lun \u00feekkingar og sagna milli kynsl\u00f3\u00f0a.\" tabindex=\"0\">munnm\u00e6lahef\u00f0ar<\/span>. <span class=\"iwg-fachbegriff\" data-tooltip=\"T\u00e1kn sem stendur \u00ed sta\u00f0 hugmyndar e\u00f0a merkingar.\" tabindex=\"0\">T\u00e1kni\u00f0<\/span> \u00far \u00feremur geislum er aftur \u00e1 m\u00f3ti mun yngra.<\/p><p>\u00deessi a\u00f0greining milli hins gamla or\u00f0s og hins unga <span class=\"iwg-fachbegriff\" data-tooltip=\"T\u00e1kn sem stendur \u00ed sta\u00f0 hugmyndar e\u00f0a merkingar.\" tabindex=\"0\">t\u00e1kns<\/span> gengur \u00ed gegnum alla umfj\u00f6llunina. H\u00fan er s\u00e9rstaklega mikilv\u00e6g \u00fev\u00ed Awen er oft sett fram sem gamalt keltneskt t\u00e1kn \u00e1n n\u00e1nari greinarmunar.<\/p>\t\t\t\t\t\t\t\t<\/div>\n\t\t\t\t<\/div>\n\t\t\t\t\t<\/div>\n\t\t\t\t<\/div>\n\t\t<div class=\"elementor-element elementor-element-iwgs-awen-s1 e-flex e-con-boxed e-con e-parent\" data-id=\"iwgs-awen-s1\" data-element_type=\"container\" data-e-type=\"container\">\n\t\t\t\t\t<div class=\"e-con-inner\">\n\t\t\t\t<div class=\"elementor-element elementor-element-iwgs-awen-s1h elementor-widget elementor-widget-heading\" data-id=\"iwgs-awen-s1h\" data-element_type=\"widget\" data-e-type=\"widget\" data-widget_type=\"heading.default\">\n\t\t\t\t\t<h2 class=\"elementor-heading-title elementor-size-default\">Or\u00f0i\u00f0 Awen<\/h2>\t\t\t\t<\/div>\n\t\t<div class=\"elementor-element elementor-element-iwgs-awen-s1box e-con-full e-flex e-con e-parent\" data-id=\"iwgs-awen-s1box\" data-element_type=\"container\" data-e-type=\"container\">\n\t\t\t\t<div class=\"elementor-element elementor-element-iwgs-awen-s1t elementor-widget elementor-widget-text-editor\" data-id=\"iwgs-awen-s1t\" data-element_type=\"widget\" data-e-type=\"widget\" data-widget_type=\"text-editor.default\">\n\t\t\t\t\t\t\t\t\t<p>Or\u00f0i\u00f0 Awen er gamalt. \u00dea\u00f0 er skjalfest \u00ed mi\u00f0aldalegum velskum b\u00f3kmenntum og merkir \u00fear sk\u00e1ldlegan innbl\u00e1stur.<\/p><p>Velska <span class=\"iwg-fachbegriff\" data-tooltip=\"Mi\u00f0lun \u00feekkingar og sagna milli kynsl\u00f3\u00f0a.\" tabindex=\"0\">munnm\u00e6lahef\u00f0in<\/span> \u00feekkti ger\u00f0 bardans, sk\u00e1ldsins og s\u00f6ngvarans. Sk\u00e1ldskapur var ekki talinn einber handverk, heldur gj\u00f6f sem streymdi til sk\u00e1ldsins. \u00deessi streymandi gj\u00f6f er Awen.<\/p><p>Awen var \u00feannig skili\u00f0 sem kraftur sem kemur fr\u00e1 utan e\u00f0a ofan. Sk\u00e1ldi\u00f0 t\u00f3k \u00e1 m\u00f3ti honum, hann skapa\u00f0i hann ekki einn og s\u00e9r. Hann var eins konar andardr\u00e1ttur sem fyllti hann.<\/p><p>\u00cd velskum s\u00f6gum tengist Awen \u00e1kve\u00f0num pers\u00f3num. \u00deekkt er sagan af katli sem innbl\u00e1stur er dregin \u00far, og af sk\u00e1ldi sem \u00fear me\u00f0 ver\u00f0ur a\u00f0 sj\u00e1anda og s\u00f6ngvara.<\/p><p>Or\u00f0i\u00f0 Awen heyrir \u00feannig til raunverulegri, gamalli hef\u00f0. Velsk menning \u00feekkti hugtaki\u00f0 og hugmyndina um streymandi sk\u00e1ldlegan innbl\u00e1stur.<\/p><p>\u00dea\u00f0 sem hin gamla <span class=\"iwg-fachbegriff\" data-tooltip=\"Mi\u00f0lun \u00feekkingar og sagna milli kynsl\u00f3\u00f0a.\" tabindex=\"0\">munnm\u00e6lahef\u00f0<\/span> \u00feekkir hins vegar ekki, er \u00e1kve\u00f0i\u00f0 teikna\u00f0 <span class=\"iwg-fachbegriff\" data-tooltip=\"T\u00e1kn sem stendur \u00ed sta\u00f0 hugmyndar e\u00f0a merkingar.\" tabindex=\"0\">t\u00e1kn<\/span> fyrir Awen. Or\u00f0i\u00f0 er gamalt, t\u00e1kni\u00f0 \u00far \u00feremur geislum er \u00fea\u00f0 ekki.<\/p>\t\t\t\t\t\t\t\t<\/div>\n\t\t\t\t<\/div>\n\t\t\t\t\t<\/div>\n\t\t\t\t<\/div>\n\t\t<div class=\"elementor-element elementor-element-iwgs-awen-s2 e-flex e-con-boxed e-con e-parent\" data-id=\"iwgs-awen-s2\" data-element_type=\"container\" data-e-type=\"container\">\n\t\t\t\t\t<div class=\"e-con-inner\">\n\t\t\t\t<div class=\"elementor-element elementor-element-iwgs-awen-s2h elementor-widget elementor-widget-heading\" data-id=\"iwgs-awen-s2h\" data-element_type=\"widget\" data-e-type=\"widget\" data-widget_type=\"heading.default\">\n\t\t\t\t\t<h2 class=\"elementor-heading-title elementor-size-default\">T\u00e1kni\u00f0 me\u00f0 \u00feremur geislum<\/h2>\t\t\t\t<\/div>\n\t\t<div class=\"elementor-element elementor-element-iwgs-awen-s2box e-con-full e-flex e-con e-parent\" data-id=\"iwgs-awen-s2box\" data-element_type=\"container\" data-e-type=\"container\">\n\t\t\t\t<div class=\"elementor-element elementor-element-iwgs-awen-s2t elementor-widget elementor-widget-text-editor\" data-id=\"iwgs-awen-s2t\" data-element_type=\"widget\" data-e-type=\"widget\" data-widget_type=\"text-editor.default\">\n\t\t\t\t\t\t\t\t\t<p>Teikna\u00f0a Awen-<span class=\"iwg-fachbegriff\" data-tooltip=\"T\u00e1kn sem stendur \u00ed sta\u00f0 hugmyndar e\u00f0a merkingar.\" tabindex=\"0\">t\u00e1kni\u00f0<\/span> samanstendur af \u00feremur geislum. \u00deeir brei\u00f0ast \u00fat fr\u00e1 ofan til ni\u00f0ur, og fyrir ofan \u00fe\u00e1 standa oftast \u00fer\u00edr punktar. Oft er allt t\u00e1kni\u00f0 umkringt einum e\u00f0a fleiri hringjum.<\/p><p>\u00deetta <span class=\"iwg-fachbegriff\" data-tooltip=\"T\u00e1kn sem stendur \u00ed sta\u00f0 hugmyndar e\u00f0a merkingar.\" tabindex=\"0\">t\u00e1kn<\/span> er ekki gamalt. \u00dea\u00f0 var\u00f0 til \u00e1 seinni hluta 18. aldar. H\u00f6fundur \u00feess var Walesb\u00fainn Edward Williams, sem var\u00f0 \u00feekktur undir nafninu Iolo Morganwg.<\/p><p>Iolo Morganwg var sk\u00e1ld og safnari sem haf\u00f0i brennandi \u00e1huga \u00e1 velskri arfleif\u00f0. Hann stofna\u00f0i samkomu velskra sk\u00e1lda og \u00fer\u00f3a\u00f0i fyrir \u00feessa hreyfingu eigin t\u00e1knheim.<\/p><p>Fyrir \u00feessa n\u00fdaldar dr\u00fa\u00eddahreyfingu skapa\u00f0i Iolo Morganwg Awen-<span class=\"iwg-fachbegriff\" data-tooltip=\"T\u00e1kn sem stendur \u00ed sta\u00f0 hugmyndar e\u00f0a merkingar.\" tabindex=\"0\">t\u00e1kni\u00f0<\/span> \u00far \u00feremur geislunum. \u00dea\u00f0 var n\u00fdsk\u00f6pun, jafnvel \u00fe\u00f3tt h\u00fan tengdist g\u00f6mlum hugt\u00f6kum og hugmyndum.<\/p><p>Iolo Morganwg gaf \u00fat margt sem gamalt sem hann haf\u00f0i sj\u00e1lfur skapa\u00f0 e\u00f0a m\u00f3ta\u00f0. Ranns\u00f3knir hafa s\u00ed\u00f0ar leitt \u00feetta \u00ed lj\u00f3s. Awen-<span class=\"iwg-fachbegriff\" data-tooltip=\"T\u00e1kn sem stendur \u00ed sta\u00f0 hugmyndar e\u00f0a merkingar.\" tabindex=\"0\">t\u00e1kni\u00f0<\/span> heyrir til \u00feessara sk\u00f6punarverka 18. aldar.<\/p><p>\u00dear me\u00f0 er sk\u00fdrt hvernig \u00e1 a\u00f0 gera greinarmun. Or\u00f0i\u00f0 Awen er mi\u00f0aldalegt og raunverulegt. Teikna\u00f0a <span class=\"iwg-fachbegriff\" data-tooltip=\"T\u00e1kn sem stendur \u00ed sta\u00f0 hugmyndar e\u00f0a merkingar.\" tabindex=\"0\">t\u00e1kni\u00f0<\/span> \u00far \u00feremur geislum er sk\u00f6punarverk seinni hluta 18. aldar. B\u00e6\u00f0i heyra saman, en \u00feau eru af mismunandi aldri.<\/p>\t\t\t\t\t\t\t\t<\/div>\n\t\t\t\t<\/div>\n\t\t\t\t\t<\/div>\n\t\t\t\t<\/div>\n\t\t<div class=\"elementor-element elementor-element-iwgs-awen-s3 e-flex e-con-boxed e-con e-parent\" data-id=\"iwgs-awen-s3\" data-element_type=\"container\" data-e-type=\"container\">\n\t\t\t\t\t<div class=\"e-con-inner\">\n\t\t\t\t<div class=\"elementor-element elementor-element-iwgs-awen-s3h elementor-widget elementor-widget-heading\" data-id=\"iwgs-awen-s3h\" data-element_type=\"widget\" data-e-type=\"widget\" data-widget_type=\"heading.default\">\n\t\t\t\t\t<h2 class=\"elementor-heading-title elementor-size-default\">Iolo Morganwg og velska endurvakningin<\/h2>\t\t\t\t<\/div>\n\t\t<div class=\"elementor-element elementor-element-iwgs-awen-s3box e-con-full e-flex e-con e-parent\" data-id=\"iwgs-awen-s3box\" data-element_type=\"container\" data-e-type=\"container\">\n\t\t\t\t<div class=\"elementor-element elementor-element-iwgs-awen-s3t elementor-widget elementor-widget-text-editor\" data-id=\"iwgs-awen-s3t\" data-element_type=\"widget\" data-e-type=\"widget\" data-widget_type=\"text-editor.default\">\n\t\t\t\t\t\t\t\t\t<p>Til a\u00f0 skilja Awen-<span class=\"iwg-fachbegriff\" data-tooltip=\"T\u00e1kn sem stendur fyrir hugmynd e\u00f0a merkingu.\" tabindex=\"0\">t\u00e1kni\u00f0<\/span> er gagnlegt a\u00f0 sko\u00f0a tilur\u00f0art\u00edma \u00feess. Seint \u00e1 18. \u00f6ld var t\u00edmi \u00fear sem \u00e1hugi \u00e1 fornum menningarheimum Bretlandseyja j\u00f3kst miki\u00f0.<\/p><p>\u00cd Wales var\u00f0 til hreyfing sem vildi r\u00e6kta og endurl\u00edfga velska arfleif\u00f0, velska tungu og velska sk\u00e1ldskaparlist. Iolo Morganwg var einn af drifkr\u00f6ftum \u00feessarar hreyfingar.<\/p><p>Hann stofna\u00f0i h\u00e1t\u00ed\u00f0lega samkomu sk\u00e1lda sem tengdist fornum hugmyndum um sk\u00e1ld og dr\u00fa\u00edda. Fyrir \u00feessa samkomu skapa\u00f0i hann si\u00f0i, athafnir og t\u00e1kn.<\/p><p>Awen-<span class=\"iwg-fachbegriff\" data-tooltip=\"T\u00e1kn sem stendur fyrir hugmynd e\u00f0a merkingu.\" tabindex=\"0\">t\u00e1kni\u00f0<\/span> tilheyrir \u00feessari sk\u00f6pun. Fr\u00e1 upphafi var \u00fea\u00f0 t\u00e1kn hinnar n\u00fdju dr\u00fa\u00eddahreyfingar, ekki fornt <span class=\"iwg-fachbegriff\" data-tooltip=\"T\u00e1kn sem stendur fyrir hugmynd e\u00f0a merkingu.\" tabindex=\"0\">t\u00e1kn<\/span> sem var\u00f0veitzt haf\u00f0i fr\u00e1 fyrri t\u00ed\u00f0.<\/p><p>\u00deessi hreyfing var ekki einber svindl. H\u00fan bygg\u00f0ist \u00e1 sannri hrifningu \u00e1 velskri arfleif\u00f0 og hefur lagt miki\u00f0 af m\u00f6rkum til r\u00e6ktunar velskrar menningar. Sumir si\u00f0ir hennar lifa enn \u00ed dag.<\/p><p>En h\u00fan var hreyfing n\u00fdaldar sem vildi b\u00e6\u00f0i endurl\u00edfga hi\u00f0 forna og skapa hi\u00f0 n\u00fdja. Awen-<span class=\"iwg-fachbegriff\" data-tooltip=\"T\u00e1kn sem stendur fyrir hugmynd e\u00f0a merkingu.\" tabindex=\"0\">t\u00e1kni\u00f0<\/span> er afur\u00f0 \u00feessarar hreyfingar, og \u00fea\u00f0 er hei\u00f0arlegt a\u00f0 l\u00fdsa \u00fev\u00ed sem sl\u00edku.<\/p>\t\t\t\t\t\t\t\t<\/div>\n\t\t\t\t<\/div>\n\t\t\t\t\t<\/div>\n\t\t\t\t<\/div>\n\t\t<div class=\"elementor-element elementor-element-iwgs-awen-s4 e-flex e-con-boxed e-con e-parent\" data-id=\"iwgs-awen-s4\" data-element_type=\"container\" data-e-type=\"container\">\n\t\t\t\t\t<div class=\"e-con-inner\">\n\t\t\t\t<div class=\"elementor-element elementor-element-iwgs-awen-s4h elementor-widget elementor-widget-heading\" data-id=\"iwgs-awen-s4h\" data-element_type=\"widget\" data-e-type=\"widget\" data-widget_type=\"heading.default\">\n\t\t\t\t\t<h2 class=\"elementor-heading-title elementor-size-default\">T\u00falkun t\u00e1knsins<\/h2>\t\t\t\t<\/div>\n\t\t<div class=\"elementor-element elementor-element-iwgs-awen-s4box e-con-full e-flex e-con e-parent\" data-id=\"iwgs-awen-s4box\" data-element_type=\"container\" data-e-type=\"container\">\n\t\t\t\t<div class=\"elementor-element elementor-element-iwgs-awen-s4t elementor-widget elementor-widget-text-editor\" data-id=\"iwgs-awen-s4t\" data-element_type=\"widget\" data-e-type=\"widget\" data-widget_type=\"text-editor.default\">\n\t\t\t\t\t\t\t\t\t<p>Awen-<span class=\"iwg-fachbegriff\" data-tooltip=\"T\u00e1kn sem stendur fyrir hugmynd e\u00f0a merkingu.\" tabindex=\"0\">t\u00e1kni\u00f0<\/span> me\u00f0 \u00feremur geislum er tengt t\u00falkun sem sk\u00fdrir einstaka hluta \u00feess. \u00deessi t\u00falkun heyrir til n\u00fat\u00edma dr\u00fa\u00eddahef\u00f0ar.<\/p><p>Geislarnir \u00fer\u00edr eru t\u00falka\u00f0ir \u00e1 \u00fdmsan h\u00e1tt. Algeng t\u00falkun er s\u00fa a\u00f0 \u00feeir s\u00e9u \u00fer\u00edr lj\u00f3sgeislar e\u00f0a \u00ferj\u00e1r hli\u00f0ar hins gu\u00f0lega verks.<\/p><p>Punktarnir \u00fer\u00edr fyrir ofan geislana eru einnig t\u00falka\u00f0ir, til d\u00e6mis sem upphafssta\u00f0ir lj\u00f3ssins e\u00f0a sem t\u00e1knmyndir grundvallarkrafta. Hringirnir sem umlykja t\u00e1kni\u00f0 hafa l\u00edka merkingu.<\/p><p>\u00cd heild sinni stendur Awen-<span class=\"iwg-fachbegriff\" data-tooltip=\"T\u00e1kn sem stendur fyrir hugmynd e\u00f0a merkingu.\" tabindex=\"0\">t\u00e1kni\u00f0<\/span> fyrir innbl\u00e1stur, fyrir skapandi huglj\u00f3mun og fyrir samspil krafta \u00ed s\u00e1tt. \u00dea\u00f0 er t\u00e1kn hins skapandi anda.<\/p><p>\u00deessar t\u00falkanir eru vandlega hugsa\u00f0ar og hafa merkingu fyrir fylgjendur dr\u00fa\u00eddahreyfingarins. \u00de\u00e6r eru hluti af lifandi n\u00fat\u00ed\u00f0 t\u00e1knsins.<\/p><p>En \u00fea\u00f0 er mikilv\u00e6gt a\u00f0 vita a\u00f0 \u00feessar t\u00falkanir eru hluti af n\u00fat\u00edma dr\u00fa\u00eddahef\u00f0. \u00de\u00e6r eru ekki forn, var\u00f0veitt vitneska heldur hluti af t\u00e1knheimi sem hefur veri\u00f0 m\u00f3ta\u00f0ur fr\u00e1 18. \u00f6ld.<\/p>\t\t\t\t\t\t\t\t<\/div>\n\t\t\t\t<\/div>\n\t\t\t\t\t<\/div>\n\t\t\t\t<\/div>\n\t\t<div class=\"elementor-element elementor-element-iwgs-awen-s5 e-flex e-con-boxed e-con e-parent\" data-id=\"iwgs-awen-s5\" data-element_type=\"container\" data-e-type=\"container\">\n\t\t\t\t\t<div class=\"e-con-inner\">\n\t\t\t\t<div class=\"elementor-element elementor-element-iwgs-awen-s5h elementor-widget elementor-widget-heading\" data-id=\"iwgs-awen-s5h\" data-element_type=\"widget\" data-e-type=\"widget\" data-widget_type=\"heading.default\">\n\t\t\t\t\t<h2 class=\"elementor-heading-title elementor-size-default\">Awen sem verndar- og blessunart\u00e1kn<\/h2>\t\t\t\t<\/div>\n\t\t<div class=\"elementor-element elementor-element-iwgs-awen-s5box e-con-full e-flex e-con e-parent\" data-id=\"iwgs-awen-s5box\" data-element_type=\"container\" data-e-type=\"container\">\n\t\t\t\t<div class=\"elementor-element elementor-element-iwgs-awen-s5t elementor-widget elementor-widget-text-editor\" data-id=\"iwgs-awen-s5t\" data-element_type=\"widget\" data-e-type=\"widget\" data-widget_type=\"text-editor.default\">\n\t\t\t\t\t\t\t\t\t<p>Awen er fyrst og fremst t\u00e1kn innbl\u00e1sturs, ekki afvarnandi verndargripur. \u00cd n\u00fat\u00edmanotkun ber \u00fea\u00f0 \u00fe\u00f3 einnig verndandi og blessandi merkingu.<\/p><p>\u00cd n\u00fat\u00edma dr\u00fa\u00eddahreyfingum er Awen nota\u00f0 sem mi\u00f0l\u00e6gt tr\u00faar- og kennit\u00e1kn. S\u00e1 sem ber \u00fea\u00f0 l\u00fdsir yfir tengslum s\u00ednum vi\u00f0 \u00feessa andlegu hef\u00f0.<\/p><p>\u00cd \u00feessu samhengi f\u00e6r Awen tengsl vi\u00f0 vernd. \u00dea\u00f0 setur bera \u00feess undir t\u00e1kn innbl\u00e1sturs og andlegrar samst\u00f6\u00f0u og telst t\u00e1kn blessunar og g\u00f3\u00f0s kraftar.<\/p><p>\u00deannig heyrir Awen s\u00ed\u00f0ur til hinna afvarnandi <span class=\"iwg-fachbegriff\" data-tooltip=\"Fleirtala af apotrop\u00e6on: hlutir og t\u00e1kn sem \u00e6tla\u00f0 er a\u00f0 verjast \u00f3g\u00e6fu.\" tabindex=\"0\">apotropaia<\/span> heldur til blessunart\u00e1kna. \u00dea\u00f0 v\u00edsar ekki fr\u00e1 me\u00f0 skelfingu og fangar engin augnar\u00e1\u00f0, heldur setur undir g\u00f3\u00f0an, skapandi kraft.<\/p><p>\u00cd \u00feessu l\u00edkist Awen \u00f6\u00f0rum blessunart\u00e1knum sem ekki verjast heldur <span class=\"iwg-fachbegriff\" data-tooltip=\"A\u00f0 fela hlut, sta\u00f0 e\u00f0a manneskju hinu heilaga me\u00f0 tr\u00faarlegri ath\u00f6fn.\" tabindex=\"0\">helga<\/span> og setja undir gott fyrirheiti. Vernd \u00feess felst \u00ed tengingunni vi\u00f0 innbl\u00e1strarkraftinn.<\/p><p>Til a\u00f0 f\u00e1 r\u00e9ttan skilning er mikilv\u00e6gt a\u00f0 sta\u00f0setja Awen r\u00e9ttilega. \u00dea\u00f0 er n\u00fat\u00edmalegt t\u00e1kn innbl\u00e1sturs og andlegrar blessunar sem hefur einnig fengi\u00f0 verndandi merkingu innan dr\u00fa\u00eddahreyfingarins.<\/p>\t\t\t\t\t\t\t\t<\/div>\n\t\t\t\t<\/div>\n\t\t\t\t\t<\/div>\n\t\t\t\t<\/div>\n\t\t<div class=\"elementor-element elementor-element-iwgs-awen-s6 e-flex e-con-boxed e-con e-parent\" data-id=\"iwgs-awen-s6\" data-element_type=\"container\" data-e-type=\"container\">\n\t\t\t\t\t<div class=\"e-con-inner\">\n\t\t\t\t<div class=\"elementor-element elementor-element-iwgs-awen-s6h elementor-widget elementor-widget-heading\" data-id=\"iwgs-awen-s6h\" data-element_type=\"widget\" data-e-type=\"widget\" data-widget_type=\"heading.default\">\n\t\t\t\t\t<h2 class=\"elementor-heading-title elementor-size-default\">N\u00fat\u00edma dr\u00fa\u00eddahreyfingin<\/h2>\t\t\t\t<\/div>\n\t\t<div class=\"elementor-element elementor-element-iwgs-awen-s6box e-con-full e-flex e-con e-parent\" data-id=\"iwgs-awen-s6box\" data-element_type=\"container\" data-e-type=\"container\">\n\t\t\t\t<div class=\"elementor-element elementor-element-iwgs-awen-s6t elementor-widget elementor-widget-text-editor\" data-id=\"iwgs-awen-s6t\" data-element_type=\"widget\" data-e-type=\"widget\" data-widget_type=\"text-editor.default\">\n\t\t\t\t\t\t\t\t\t<p>Awen-<span class=\"iwg-fachbegriff\" data-tooltip=\"T\u00e1kn sem stendur fyrir hugmynd e\u00f0a merkingu.\" tabindex=\"0\">t\u00e1kni\u00f0<\/span> er n\u00e1tengt n\u00fat\u00edma dr\u00fa\u00eddahreyfingunni. \u00deessi hreyfing v\u00edsar til fornu dr\u00fa\u00eddanna, prestanna og l\u00e6rd\u00f3msmannanna \u00ed keltneska heiminum.<\/p><p>Um hina fornu dr\u00fa\u00edda er l\u00edti\u00f0 vita\u00f0 me\u00f0 vissu. \u00deeir l\u00e9tu ekki eftir sig eigin rit. Vitneskjan um \u00fe\u00e1 byggist \u00e1 f\u00e1um fr\u00e1s\u00f6gnum utan fr\u00e1, a\u00f0allega \u00far fornb\u00f3kmenntum.<\/p><p>N\u00fat\u00edma dr\u00fa\u00eddahreyfingin var\u00f0 ekki til fyrr en \u00e1 n\u00fd\u00f6ld, fr\u00e1 18. \u00f6ld. H\u00fan er ekki \u00f3rofin \u00e1framhald hinna fornu dr\u00fa\u00edda, heldur n\u00fdaldarsk\u00f6pun sem v\u00edsar til \u00feessarar fornu myndar.<\/p><p>Innan \u00feessarar hreyfingar eru margar mismunandi stefnur. Sumir l\u00edta \u00e1 sig sem menningarhreyfingu til r\u00e6ktunar keltneskrar arfleif\u00f0ar, a\u00f0rir sem tr\u00faarlegt e\u00f0a andlegt samf\u00e9lag.<\/p><p>\u00cd \u00f6llum \u00feessum stefnum er Awen tengit\u00e1kn. \u00dea\u00f0 er nokkurs konar kennit\u00e1kn n\u00fat\u00edma dr\u00fa\u00eddahreyfingarinnar, svipa\u00f0 og krossinn er fyrir kristnina.<\/p><p>Awen er \u00feannig gott d\u00e6mi um t\u00e1kn sem skapa\u00f0 var af n\u00fat\u00edmahreyfingu og gegnir mi\u00f0l\u00e6gu hlutverki innan hennar. \u00dea\u00f0 er ungt, en fast r\u00f3tfest innan sinnar hef\u00f0ar.<\/p>\t\t\t\t\t\t\t\t<\/div>\n\t\t\t\t<\/div>\n\t\t\t\t\t<\/div>\n\t\t\t\t<\/div>\n\t\t<div class=\"elementor-element elementor-element-iwgs-awen-s7 e-flex e-con-boxed e-con e-parent\" data-id=\"iwgs-awen-s7\" data-element_type=\"container\" data-e-type=\"container\">\n\t\t\t\t\t<div class=\"e-con-inner\">\n\t\t\t\t<div class=\"elementor-element elementor-element-iwgs-awen-s7h elementor-widget elementor-widget-heading\" data-id=\"iwgs-awen-s7h\" data-element_type=\"widget\" data-e-type=\"widget\" data-widget_type=\"heading.default\">\n\t\t\t\t\t<h2 class=\"elementor-heading-title elementor-size-default\">Fornt or\u00f0, ungt t\u00e1kn<\/h2>\t\t\t\t<\/div>\n\t\t<div class=\"elementor-element elementor-element-iwgs-awen-s7box e-con-full e-flex e-con e-parent\" data-id=\"iwgs-awen-s7box\" data-element_type=\"container\" data-e-type=\"container\">\n\t\t\t\t<div class=\"elementor-element elementor-element-iwgs-awen-s7t elementor-widget elementor-widget-text-editor\" data-id=\"iwgs-awen-s7t\" data-element_type=\"widget\" data-e-type=\"widget\" data-widget_type=\"text-editor.default\">\n\t\t\t\t\t\t\t\t\t<p>\u00deegar kemur a\u00f0 Awen er mikilv\u00e6gast a\u00f0 greina \u00e1 milli hins gamla or\u00f0s og hins unga t\u00e1kns. \u00deau tv\u00f6 tilheyra saman, en \u00feau eru af \u00f3l\u00edkum aldri, og \u00fea\u00f0 \u00e6tti a\u00f0 taka sk\u00fdrt fram.<\/p><p>Or\u00f0i\u00f0 Awen er gamalt. \u00dea\u00f0 er var\u00f0veitt \u00ed velskum b\u00f3kmenntum fr\u00e1 mi\u00f0\u00f6ldum og t\u00e1knar \u00fear sk\u00e1ldlega innbl\u00e1stur. Hugmyndin um innstreymandi skapandi gj\u00f6f er \u00f3svikin og hefur var\u00f0veist \u00ed heimildum.<\/p><p>Hi\u00f0 teikna\u00f0a <span class=\"iwg-fachbegriff\" data-tooltip=\"T\u00e1kn sem stendur fyrir \u00e1kve\u00f0na hugmynd e\u00f0a merkingu.\" tabindex=\"0\">t\u00e1kn<\/span> me\u00f0 \u00feremur geislum er hins vegar ungt. \u00dea\u00f0 var\u00f0 til s\u00ed\u00f0la \u00e1 18. \u00f6ld sem sk\u00f6punarverk Iolo Morganwg fyrir hina n\u00fat\u00edmalegu dr\u00fa\u00eddahreyfingu.<\/p><p>\u00deessi greinarmunur er ekki aukaatri\u00f0i. \u00cd dag er Awen-<span class=\"iwg-fachbegriff\" data-tooltip=\"T\u00e1kn sem stendur fyrir \u00e1kve\u00f0na hugmynd e\u00f0a merkingu.\" tabindex=\"0\">t\u00e1kni\u00f0<\/span> oft sett fram sem \u00e6vafornt keltneskt e\u00f0a dr\u00fa\u00edd\u00edskt t\u00e1kn. S\u00fa framsetning stenst ekki fr\u00e6\u00f0ilega sko\u00f0un.<\/p><p>Hi\u00f0 r\u00e9tta er fremur \u00feetta: gamalt or\u00f0 og g\u00f6mul hugmynd voru \u00e1 18. \u00f6ld tengd n\u00fdsk\u00f6pu\u00f0u <span class=\"iwg-fachbegriff\" data-tooltip=\"T\u00e1kn sem stendur fyrir \u00e1kve\u00f0na hugmynd e\u00f0a merkingu.\" tabindex=\"0\">t\u00e1kni<\/span>. T\u00e1kni\u00f0 s\u00e6kir innbl\u00e1stur \u00ed hi\u00f0 gamla en er sj\u00e1lft n\u00fdsk\u00f6pun.<\/p><p>Hei\u00f0arleg framsetning \u00e1 Awen greinir fr\u00e1 hvoru tveggja. H\u00fan hei\u00f0rar hi\u00f0 gamla or\u00f0 og hina fornu hugmynd um innbl\u00e1stur, og h\u00fan flokkar <span class=\"iwg-fachbegriff\" data-tooltip=\"T\u00e1kn sem stendur fyrir \u00e1kve\u00f0na hugmynd e\u00f0a merkingu.\" tabindex=\"0\">t\u00e1kni\u00f0<\/span> sk\u00fdrt sem sk\u00f6punarverk n\u00fat\u00edmans. \u00deannig er Awen hvorki gert eldra en \u00fea\u00f0 er n\u00e9 merking \u00feess einf\u00f6ldu\u00f0 um of.<\/p>\t\t\t\t\t\t\t\t<\/div>\n\t\t\t\t<\/div>\n\t\t\t\t\t<\/div>\n\t\t\t\t<\/div>\n\t\t<div class=\"elementor-element elementor-element-iwgs-awen-s8 e-flex e-con-boxed e-con e-parent\" data-id=\"iwgs-awen-s8\" data-element_type=\"container\" data-e-type=\"container\">\n\t\t\t\t\t<div class=\"e-con-inner\">\n\t\t\t\t<div class=\"elementor-element elementor-element-iwgs-awen-s8h elementor-widget elementor-widget-heading\" data-id=\"iwgs-awen-s8h\" data-element_type=\"widget\" data-e-type=\"widget\" data-widget_type=\"heading.default\">\n\t\t\t\t\t<h2 class=\"elementor-heading-title elementor-size-default\">M\u00f3tt\u00f6kur \u00ed dag<\/h2>\t\t\t\t<\/div>\n\t\t<div class=\"elementor-element elementor-element-iwgs-awen-s8box e-con-full e-flex e-con e-parent\" data-id=\"iwgs-awen-s8box\" data-element_type=\"container\" data-e-type=\"container\">\n\t\t\t\t<div class=\"elementor-element elementor-element-iwgs-awen-s8t elementor-widget elementor-widget-text-editor\" data-id=\"iwgs-awen-s8t\" data-element_type=\"widget\" data-e-type=\"widget\" data-widget_type=\"text-editor.default\">\n\t\t\t\t\t\t\t\t\t<p>Awen-<span class=\"iwg-fachbegriff\" data-tooltip=\"T\u00e1kn sem stendur fyrir hugmynd e\u00f0a merkingu.\" tabindex=\"0\">t\u00e1kni\u00f0<\/span> er mj\u00f6g \u00fatbreitt \u00ed dag. \u00dea\u00f0 birtist sem skartgripahengi, sem h\u00fa\u00f0fl\u00far og sem <span class=\"iwg-fachbegriff\" data-tooltip=\"Endurteki\u00f0 innihaldsatri\u00f0i \u00ed list e\u00f0a fr\u00e1s\u00f6gn.\" tabindex=\"0\">myndefni<\/span> \u00ed h\u00f6nnun. \u00dea\u00f0 er s\u00e9rstaklega vins\u00e6lt \u00ed tengslum vi\u00f0 keltneska menningu og andlega i\u00f0kun.<\/p><p>\u00cd n\u00fat\u00edma dr\u00fa\u00eddahreyfingunni hefur Awen fastan sess sem mikilv\u00e6gt t\u00e1kn. \u00dear stendur \u00fea\u00f0 fyrir innbl\u00e1stur, andlega samst\u00f6\u00f0u og hollustu vi\u00f0 \u00feessa hef\u00f0.<\/p><p>Utan dr\u00fa\u00eddahreyfingarinnar er Awen bori\u00f0 sem almennt t\u00e1kn innbl\u00e1sturs, sk\u00f6punarg\u00e1fu og n\u00e1tt\u00farutengdrar andlegrar i\u00f0kunar. \u00cd \u00feeirri notkun er n\u00e1kv\u00e6mur uppruni \u00feess oft \u00f3lj\u00f3s.<\/p><p>Eins og me\u00f0 m\u00f6rg t\u00e1kn er mikilv\u00e6gt a\u00f0 setja Awen \u00ed r\u00e9tt s\u00f6gulegt samhengi. Or\u00f0i\u00f0 er gamalt, t\u00e1kni\u00f0 er ungt. \u00deeir sem s\u00fdna Awen \u00e6ttu a\u00f0 vita af \u00feessum mun og nefna hann.<\/p><p>\u00deessi s\u00f6gulega sk\u00fdring r\u00fdrir ekki gildi Awen. \u00dea\u00f0 er \u00e1fram \u00e1hrifamiki\u00f0 t\u00e1kn me\u00f0 fagurri, sk\u00fdrri l\u00f6gun og hr\u00edfandi merkingu, hinum skapandi innbl\u00e6stri.<\/p><p>Awen er \u00feannig l\u00e6rd\u00f3msr\u00edkt d\u00e6mi. \u00dea\u00f0 s\u00fdnir hvernig n\u00fat\u00edmahreyfing getur tengt sig vi\u00f0 gamalt or\u00f0 og skapa\u00f0 \u00far \u00fev\u00ed n\u00fdtt, lifandi t\u00e1kn sem er \u00ed dag bori\u00f0 v\u00ed\u00f0a.<\/p>\t\t\t\t\t\t\t\t<\/div>\n\t\t\t\t<\/div>\n\t\t\t\t\t<\/div>\n\t\t\t\t<\/div>\n\t\t<div class=\"elementor-element elementor-element-iwgs-awen-lit e-flex e-con-boxed e-con e-parent\" data-id=\"iwgs-awen-lit\" data-element_type=\"container\" data-e-type=\"container\">\n\t\t\t\t\t<div class=\"e-con-inner\">\n\t\t\t\t<div class=\"elementor-element elementor-element-iwgs-awen-lith elementor-widget elementor-widget-heading\" data-id=\"iwgs-awen-lith\" data-element_type=\"widget\" data-e-type=\"widget\" data-widget_type=\"heading.default\">\n\t\t\t\t\t<h2 class=\"elementor-heading-title elementor-size-default\">Heimildir (\u00farval)<\/h2>\t\t\t\t<\/div>\n\t\t<div class=\"elementor-element elementor-element-iwgs-awen-litbox e-con-full e-flex e-con e-parent\" data-id=\"iwgs-awen-litbox\" data-element_type=\"container\" data-e-type=\"container\">\n\t\t\t\t<div class=\"elementor-element elementor-element-iwgs-awen-litt elementor-widget elementor-widget-html\" data-id=\"iwgs-awen-litt\" data-element_type=\"widget\" data-e-type=\"widget\" data-widget_type=\"html.default\">\n\t\t\t\t\t<footer data-nosnippet=\"true\"><ul><li>Ronald Hutton: <em>Blood and Mistletoe. The History of the Druids in Britain<\/em> (2009)<\/li><li>Ronald Hutton: <em>The Druids<\/em> (2007)<\/li><li>Bernhard Maier: <em>Die Religion der Kelten<\/em> (2001)<\/li><li>Geraint H. Jenkins (ritstj.): <em>A Rattleskull Genius. The Many Faces of Iolo Morganwg<\/em> (2005)<\/li><li>Juliette Wood: Ranns\u00f3knir \u00e1 velskri arfleif\u00f0<\/li><\/ul><\/footer>\t\t\t\t<\/div>\n\t\t\t\t<\/div>\n\t\t\t\t\t<\/div>\n\t\t\t\t<\/div>\n\t\t<div class=\"elementor-element elementor-element-iwgs-awen-kwd e-flex e-con-boxed e-con e-parent\" data-id=\"iwgs-awen-kwd\" data-element_type=\"container\" data-e-type=\"container\">\n\t\t\t\t\t<div class=\"e-con-inner\">\n\t\t\t\t<div class=\"elementor-element elementor-element-iwgs-awen-kwdt elementor-widget elementor-widget-text-editor\" data-id=\"iwgs-awen-kwdt\" data-element_type=\"widget\" data-e-type=\"widget\" data-widget_type=\"text-editor.default\">\n\t\t\t\t\t\t\t\t\t<p><em>Tengd kjarnor\u00f0: Awen innbl\u00e1stur Iolo Morganwg dr\u00fa\u00eddar Wales \u00fer\u00edr geislar sk\u00e1ld Gorsedd.<\/em><\/p>\t\t\t\t\t\t\t\t<\/div>\n\t\t\t\t\t<\/div>\n\t\t\t\t<\/div>\n\t\t<div class=\"elementor-element elementor-element-iwgs-awen-cc e-flex e-con-boxed e-con e-parent\" data-id=\"iwgs-awen-cc\" data-element_type=\"container\" data-e-type=\"container\" id=\"iwg-cc-awen\">\n\t\t\t\t\t<div class=\"e-con-inner\">\n\t\t<div class=\"elementor-element elementor-element-iwgs-awen-ccinner e-flex e-con-boxed e-con e-parent\" data-id=\"iwgs-awen-ccinner\" data-element_type=\"container\" data-e-type=\"container\" data-settings=\"{&quot;background_background&quot;:&quot;classic&quot;}\">\n\t\t\t\t\t<div class=\"e-con-inner\">\n\t\t\t\t<div class=\"elementor-element elementor-element-iwgs-awen-cch elementor-widget elementor-widget-heading\" data-id=\"iwgs-awen-cch\" data-element_type=\"widget\" data-e-type=\"widget\" data-widget_type=\"heading.default\">\n\t\t\t\t\t<h2 class=\"elementor-heading-title elementor-size-default\">iWell Guard og verndarhef\u00f0ir<\/h2>\t\t\t\t<\/div>\n\t\t\t\t<div class=\"elementor-element elementor-element-iwgs-awen-cct elementor-widget elementor-widget-text-editor\" data-id=\"iwgs-awen-cct\" data-element_type=\"widget\" data-e-type=\"widget\" data-widget_type=\"text-editor.default\">\n\t\t\t\t\t\t\t\t\t<p>iWell Guard er hluti af menningars\u00f6gulegri hef\u00f0 verndargripa til a\u00f0 bera \u00e1 s\u00e9r, en Awen tilheyrir s\u00f6mu hef\u00f0. N\u00fat\u00edmalegur f\u00f6runautur fyrir f\u00f3lk sem lifir me\u00f0 verndart\u00e1knum: framleitt \u00ed \u00de\u00fdskalandi, 41 lag af sk\u00edragulli, plat\u00ednu og silfri, me\u00f0 30 daga skilar\u00e9tti.<\/p>\t\t\t\t\t\t\t\t<\/div>\n\t\t\t\t<div class=\"elementor-element elementor-element-iwgs-awen-ccb iwg-cc-button iwg-cc-cta-2026-05-13 elementor-widget elementor-widget-jet-button\" data-id=\"iwgs-awen-ccb\" data-element_type=\"widget\" data-e-type=\"widget\" data-widget_type=\"jet-button.default\">\n\t\t\t\t<div class=\"elementor-widget-container\">\n\t\t\t\t\t<div class=\"elementor-jet-button jet-elements\"><div class=\"jet-button__container\"><a class=\"jet-button__instance jet-button__instance--icon-left hover-effect-1\" href=\"\/schutzanhaenger-iwell-guard-kaufen\/?utm_source=iwell-guard.com&amp;utm_medium=info-box&amp;utm_campaign=schutzsymbole\"><div class=\"jet-button__plane jet-button__plane-normal\"><\/div><div class=\"jet-button__plane jet-button__plane-hover\"><\/div><div class=\"jet-button__state jet-button__state-normal\"><span class=\"jet-button__label\">Meira um iWell Guard<\/span><\/div><div class=\"jet-button__state jet-button__state-hover\"><span class=\"jet-button__label\">Meira um iWell Guard<\/span><\/div><\/a><\/div><\/div><style>.elementor-element.elementor-element-iwgs-awen-ccb .jet-button__instance{width:320px;height:56px;}.elementor-element.elementor-element-iwgs-awen-ccb .jet-button__state-normal .jet-button__label{text-align:center;margin:0px 0px 0px 0px;color:#1a1b20;font-family:Montserrat,sans-serif;font-size:13px;font-weight:400;letter-spacing:4px;line-height:1.714em;text-transform:uppercase;}.elementor-element.elementor-element-iwgs-awen-ccb .jet-button__state-hover .jet-button__label{text-align:center;margin:0px 0px 0px 0px;color:#FECC76;font-family:Montserrat,sans-serif;font-size:13px;font-weight:400;letter-spacing:4px;line-height:1.714em;text-transform:uppercase;}.elementor-element.elementor-element-iwgs-awen-ccb .jet-button__plane-normal{background-color:#FECC76;border-style:solid;border-color:#C99540;border-width:2px 2px 2px 2px;}.elementor-element.elementor-element-iwgs-awen-ccb .jet-button__plane-hover{background-color:rgba(0,0,0,0.55);border-style:solid;border-color:#FECC76;border-width:2px 2px 2px 2px;}<\/style>\t\t\t\t<\/div>\n\t\t\t\t<\/div>\n\t\t\t\t<div class=\"elementor-element elementor-element-iwgs-awen-ccd elementor-widget elementor-widget-text-editor\" data-id=\"iwgs-awen-ccd\" data-element_type=\"widget\" data-e-type=\"widget\" data-widget_type=\"text-editor.default\">\n\t\t\t\t\t\t\t\t\t<p style=\"text-align:center;font-size:13px;opacity:0.7;margin-top:14px\" data-nosnippet=\"true\">Pers\u00f3nuleg reynsla getur veri\u00f0 mismunandi. Ekki l\u00e6kningat\u00e6ki. Engin lofor\u00f0 um l\u00e6kningu.<\/p>\t\t\t\t\t\t\t\t<\/div>\n\t\t\t\t\t<\/div>\n\t\t\t\t<\/div>\n\t\t\t\t\t<\/div>\n\t\t\t\t<\/div>\n\t\t<div class=\"elementor-element elementor-element-iwgs-awen-disc e-flex e-con-boxed e-con e-parent\" data-id=\"iwgs-awen-disc\" data-element_type=\"container\" data-e-type=\"container\">\n\t\t\t\t\t<div class=\"e-con-inner\">\n\t\t\t\t<div class=\"elementor-element elementor-element-iwgs-awen-discw elementor-widget elementor-widget-html\" data-id=\"iwgs-awen-discw\" data-element_type=\"widget\" data-e-type=\"widget\" data-widget_type=\"html.default\">\n\t\t\t\t\t<footer data-nosnippet=\"true\" class=\"iwg-disclaimer-block\"><p data-nosnippet=\"true\">iWell Guard er <strong>ekki l\u00e6kningat\u00e6ki<\/strong> og kemur ekki \u00ed sta\u00f0 l\u00e6knis- e\u00f0a s\u00e1lfr\u00e6\u00f0ime\u00f0fer\u00f0ar. Innihaldi\u00f0 sem h\u00e9r er sett fram er tr\u00faarbrag\u00f0afr\u00e6\u00f0ileg og menningars\u00f6gulega greining, ekki lofor\u00f0 um andlega virkni.<\/p><\/footer>\t\t\t\t<\/div>\n\t\t\t\t\t<\/div>\n\t\t\t\t<\/div>\n\t\t\t\t<\/div>\n\t\t","protected":false},"excerpt":{"rendered":"","protected":false},"author":3,"featured_media":3489,"parent":0,"menu_order":0,"comment_status":"closed","ping_status":"closed","template":"elementor_header_footer","meta":{"_yoast_wpseo_focuskw":"Awen","_yoast_wpseo_title":"Awen \u2013 keltneskt t\u00e1kn innbl\u00e1sturs","_yoast_wpseo_metadesc":"Awen er t\u00e1kn \u00far \u00feremur geislum sem stendur fyrir innbl\u00e1stur. Uppruni or\u00f0sins og t\u00e1knsins \u00fatsk\u00fdr\u00f0ur \u00e1 sk\u00fdran h\u00e1tt.","_yoast_wpseo_meta-robots-noindex":"","_yoast_wpseo_canonical":"","_angie_page":false,"gefaehrdungsstufe":"","wesen_kultur":"","wesen_klasse":"","footnotes":""},"categories":[],"class_list":["post-169175","page","type-page","status-publish","has-post-thumbnail","hentry"],"yoast_head":"<!-- This site is optimized with the Yoast SEO Premium plugin v27.7 (Yoast SEO v28.3) - https:\/\/yoast.com\/product\/yoast-seo-premium-wordpress\/ -->\n<title>Awen \u2013 keltneskt t\u00e1kn innbl\u00e1sturs<\/title>\n<meta name=\"description\" content=\"Awen er t\u00e1kn \u00far \u00feremur geislum sem stendur fyrir innbl\u00e1stur. Uppruni or\u00f0sins og t\u00e1knsins \u00fatsk\u00fdr\u00f0ur \u00e1 sk\u00fdran h\u00e1tt.\" \/>\n<meta name=\"robots\" content=\"index, follow, max-snippet:-1, max-image-preview:large, max-video-preview:-1\" \/>\n<link rel=\"canonical\" href=\"https:\/\/iwell-guard.com\/is\/awen-takn-innblasturs\/\" \/>\n<meta property=\"og:locale\" content=\"is_IS\" \/>\n<meta property=\"og:type\" content=\"article\" \/>\n<meta property=\"og:title\" content=\"Awen \u2013 t\u00e1kn innbl\u00e1sturs\" \/>\n<meta property=\"og:description\" content=\"Awen er t\u00e1kn \u00far \u00feremur geislum sem stendur fyrir innbl\u00e1stur. Uppruni or\u00f0sins og t\u00e1knsins \u00fatsk\u00fdr\u00f0ur \u00e1 sk\u00fdran h\u00e1tt.\" \/>\n<meta property=\"og:url\" content=\"https:\/\/iwell-guard.com\/is\/awen-takn-innblasturs\/\" \/>\n<meta property=\"og:site_name\" content=\"iWell Guard\" \/>\n<meta property=\"article:modified_time\" content=\"2026-09-05T14:34:09+00:00\" \/>\n<meta property=\"og:image\" content=\"https:\/\/iwell-guard.com\/wp-content\/uploads\/2026\/05\/schutzsymbol_keltisch_awen.webp\" \/>\n\t<meta property=\"og:image:width\" content=\"1024\" \/>\n\t<meta property=\"og:image:height\" content=\"1536\" \/>\n\t<meta property=\"og:image:type\" content=\"image\/webp\" \/>\n<meta name=\"twitter:card\" content=\"summary_large_image\" \/>\n<script type=\"application\/ld+json\" class=\"yoast-schema-graph\">{\"@context\":\"https:\\\/\\\/schema.org\",\"@graph\":[{\"@type\":\"WebPage\",\"@id\":\"https:\\\/\\\/iwell-guard.com\\\/is\\\/awen-takn-innblasturs\\\/\",\"url\":\"https:\\\/\\\/iwell-guard.com\\\/is\\\/awen-takn-innblasturs\\\/\",\"name\":\"Awen \u2013 keltneskt t\u00e1kn innbl\u00e1sturs\",\"isPartOf\":{\"@id\":\"https:\\\/\\\/iwell-guard.com\\\/is\\\/#website\"},\"primaryImageOfPage\":{\"@id\":\"https:\\\/\\\/iwell-guard.com\\\/is\\\/awen-takn-innblasturs\\\/#primaryimage\"},\"image\":{\"@id\":\"https:\\\/\\\/iwell-guard.com\\\/is\\\/awen-takn-innblasturs\\\/#primaryimage\"},\"thumbnailUrl\":\"https:\\\/\\\/iwell-guard.com\\\/wp-content\\\/uploads\\\/2026\\\/05\\\/schutzsymbol_keltisch_awen.webp\",\"datePublished\":\"2026-09-05T14:06:14+00:00\",\"dateModified\":\"2026-09-05T14:34:09+00:00\",\"description\":\"Awen er t\u00e1kn \u00far \u00feremur geislum sem stendur fyrir innbl\u00e1stur. Uppruni or\u00f0sins og t\u00e1knsins \u00fatsk\u00fdr\u00f0ur \u00e1 sk\u00fdran h\u00e1tt.\",\"breadcrumb\":{\"@id\":\"https:\\\/\\\/iwell-guard.com\\\/is\\\/awen-takn-innblasturs\\\/#breadcrumb\"},\"inLanguage\":\"is\",\"potentialAction\":[{\"@type\":\"ReadAction\",\"target\":[\"https:\\\/\\\/iwell-guard.com\\\/is\\\/awen-takn-innblasturs\\\/\"]}]},{\"@type\":\"ImageObject\",\"inLanguage\":\"is\",\"@id\":\"https:\\\/\\\/iwell-guard.com\\\/is\\\/awen-takn-innblasturs\\\/#primaryimage\",\"url\":\"https:\\\/\\\/iwell-guard.com\\\/wp-content\\\/uploads\\\/2026\\\/05\\\/schutzsymbol_keltisch_awen.webp\",\"contentUrl\":\"https:\\\/\\\/iwell-guard.com\\\/wp-content\\\/uploads\\\/2026\\\/05\\\/schutzsymbol_keltisch_awen.webp\",\"width\":1024,\"height\":1536,\"caption\":\"Verndart\u00e1kn. Myndskreyting \u00ed safnst\u00edl.\"},{\"@type\":\"BreadcrumbList\",\"@id\":\"https:\\\/\\\/iwell-guard.com\\\/is\\\/awen-takn-innblasturs\\\/#breadcrumb\",\"itemListElement\":[{\"@type\":\"ListItem\",\"position\":1,\"name\":\"Start\",\"item\":\"https:\\\/\\\/iwell-guard.com\\\/is\\\/?page_id=168580\"},{\"@type\":\"ListItem\",\"position\":2,\"name\":\"Awen \u2013 t\u00e1kn innbl\u00e1sturs\"}]},{\"@type\":\"WebSite\",\"@id\":\"https:\\\/\\\/iwell-guard.com\\\/is\\\/#website\",\"url\":\"https:\\\/\\\/iwell-guard.com\\\/is\\\/\",\"name\":\"iWell Guard\",\"description\":\"Schutz vor dunklen Einfl\u00fcssen\",\"publisher\":{\"@id\":\"https:\\\/\\\/iwell-guard.com\\\/is\\\/#organization\"},\"potentialAction\":[{\"@type\":\"SearchAction\",\"target\":{\"@type\":\"EntryPoint\",\"urlTemplate\":\"https:\\\/\\\/iwell-guard.com\\\/is\\\/?s={search_term_string}\"},\"query-input\":{\"@type\":\"PropertyValueSpecification\",\"valueRequired\":true,\"valueName\":\"search_term_string\"}}],\"inLanguage\":\"is\"},{\"@type\":\"Organization\",\"@id\":\"https:\\\/\\\/iwell-guard.com\\\/is\\\/#organization\",\"name\":\"Ittermann electronic GmbH\",\"url\":\"https:\\\/\\\/iwell-guard.com\\\/is\\\/\",\"logo\":{\"@type\":\"ImageObject\",\"inLanguage\":\"is\",\"@id\":\"https:\\\/\\\/iwell-guard.com\\\/is\\\/#\\\/schema\\\/logo\\\/image\\\/\",\"url\":\"https:\\\/\\\/iwell-guard.com\\\/wp-content\\\/uploads\\\/2026\\\/05\\\/Ittermann-Logo-1182x237-1.png\",\"contentUrl\":\"https:\\\/\\\/iwell-guard.com\\\/wp-content\\\/uploads\\\/2026\\\/05\\\/Ittermann-Logo-1182x237-1.png\",\"width\":1182,\"height\":237,\"caption\":\"Ittermann electronic GmbH\"},\"image\":{\"@id\":\"https:\\\/\\\/iwell-guard.com\\\/is\\\/#\\\/schema\\\/logo\\\/image\\\/\"},\"sameAs\":[\"https:\\\/\\\/pantip.com\\\/profile\\\/9367242\",\"https:\\\/\\\/micro.blog\\\/iwellguard\",\"https:\\\/\\\/www.diggerslist.com\\\/iwellguard\\\/about\",\"https:\\\/\\\/skitterphoto.com\\\/photographers\\\/2870314\\\/iwell-guard\",\"https:\\\/\\\/iwellguard.wordpress.com\\\/2026\\\/06\\\/06\\\/iwell-guard\\\/\",\"https:\\\/\\\/hub.docker.com\\\/u\\\/iwellguard\",\"https:\\\/\\\/www.pinterest.com\\\/iwellguard\\\/\",\"https:\\\/\\\/bit.ly\\\/m\\\/iwellguard\",\"https:\\\/\\\/entre-vos-mains.alsace.eu\\\/profiles\\\/iwellguard\\\/activity\",\"https:\\\/\\\/gravatar.com\\\/reallybeded8fd34\",\"https:\\\/\\\/naijamatta.com\\\/iwellguard\",\"https:\\\/\\\/www.goodreads.com\\\/iwellguard\",\"https:\\\/\\\/profile.hatena.ne.jp\\\/iwellguard\\\/\",\"https:\\\/\\\/experiment.com\\\/users\\\/iwellguard\",\"https:\\\/\\\/wakelet.com\\\/@iWellGuard82270\",\"https:\\\/\\\/www.chordie.com\\\/forum\\\/profile.php?id=2555664\",\"https:\\\/\\\/www.instapaper.com\\\/p\\\/17757966\",\"https:\\\/\\\/www.mapleprimes.com\\\/users\\\/iwellguard\",\"https:\\\/\\\/businesslistingplus.com\\\/profile\\\/iwell-guard\\\/\",\"https:\\\/\\\/telegra.ph\\\/iWell-Guard-06-06\",\"https:\\\/\\\/pbase.com\\\/iwellguard\\\/iwellguard\",\"https:\\\/\\\/b.hatena.ne.jp\\\/iwellguard\\\/20260607#bookmark-4788405196491818882\",\"https:\\\/\\\/fliphtml5.com\\\/home\\\/iwellguard\",\"https:\\\/\\\/anyflip.com\\\/homepage\\\/cmiwl#About\",\"https:\\\/\\\/transfur.com\\\/Users\\\/iwellguard\",\"http:\\\/\\\/delphi.larsbo.org\\\/user\\\/iwellguard\",\"https:\\\/\\\/jobs.lajobsportal.org\\\/profiles\\\/8380803-iwell-guard\",\"https:\\\/\\\/md.chaosdorf.de\\\/s\\\/jfbe5SBdJD\",\"https:\\\/\\\/www.lingvolive.com\\\/en-us\\\/profile\\\/9ecaeaca-ce11-4e51-9e71-01d55e2bff36\\\/translations\",\"https:\\\/\\\/www.fitday.com\\\/fitness\\\/forums\\\/members\\\/iwellguard.html\",\"https:\\\/\\\/www.mymeetbook.com\\\/iwellguard\",\"https:\\\/\\\/pxhere.com\\\/en\\\/photographer-me\\\/5040798\",\"https:\\\/\\\/disqus.com\\\/by\\\/iwellguard\\\/about\\\/\",\"https:\\\/\\\/pastelink.net\\\/hjwciqwq\",\"https:\\\/\\\/pubhtml5.com\\\/homepage\\\/scjhn\\\/\",\"https:\\\/\\\/www.bitchute.com\\\/channel\\\/2O2eOKzNqujT\",\"https:\\\/\\\/audiomack.com\\\/iwellguard\"]}]}<\/script>\n<!-- \/ Yoast SEO Premium plugin. -->","yoast_head_json":{"title":"Awen \u2013 keltneskt t\u00e1kn innbl\u00e1sturs","description":"Awen er t\u00e1kn \u00far \u00feremur geislum sem stendur fyrir innbl\u00e1stur. Uppruni or\u00f0sins og t\u00e1knsins \u00fatsk\u00fdr\u00f0ur \u00e1 sk\u00fdran h\u00e1tt.","robots":{"index":"index","follow":"follow","max-snippet":"max-snippet:-1","max-image-preview":"max-image-preview:large","max-video-preview":"max-video-preview:-1"},"canonical":"https:\/\/iwell-guard.com\/is\/awen-takn-innblasturs\/","og_locale":"is_IS","og_type":"article","og_title":"Awen \u2013 t\u00e1kn innbl\u00e1sturs","og_description":"Awen er t\u00e1kn \u00far \u00feremur geislum sem stendur fyrir innbl\u00e1stur. Uppruni or\u00f0sins og t\u00e1knsins \u00fatsk\u00fdr\u00f0ur \u00e1 sk\u00fdran h\u00e1tt.","og_url":"https:\/\/iwell-guard.com\/is\/awen-takn-innblasturs\/","og_site_name":"iWell Guard","article_modified_time":"2026-09-05T14:34:09+00:00","og_image":[{"width":1024,"height":1536,"url":"https:\/\/iwell-guard.com\/wp-content\/uploads\/2026\/05\/schutzsymbol_keltisch_awen.webp","type":"image\/webp"}],"twitter_card":"summary_large_image","schema":{"@context":"https:\/\/schema.org","@graph":[{"@type":"WebPage","@id":"https:\/\/iwell-guard.com\/is\/awen-takn-innblasturs\/","url":"https:\/\/iwell-guard.com\/is\/awen-takn-innblasturs\/","name":"Awen \u2013 keltneskt t\u00e1kn innbl\u00e1sturs","isPartOf":{"@id":"https:\/\/iwell-guard.com\/is\/#website"},"primaryImageOfPage":{"@id":"https:\/\/iwell-guard.com\/is\/awen-takn-innblasturs\/#primaryimage"},"image":{"@id":"https:\/\/iwell-guard.com\/is\/awen-takn-innblasturs\/#primaryimage"},"thumbnailUrl":"https:\/\/iwell-guard.com\/wp-content\/uploads\/2026\/05\/schutzsymbol_keltisch_awen.webp","datePublished":"2026-09-05T14:06:14+00:00","dateModified":"2026-09-05T14:34:09+00:00","description":"Awen er t\u00e1kn \u00far \u00feremur geislum sem stendur fyrir innbl\u00e1stur. Uppruni or\u00f0sins og t\u00e1knsins \u00fatsk\u00fdr\u00f0ur \u00e1 sk\u00fdran h\u00e1tt.","breadcrumb":{"@id":"https:\/\/iwell-guard.com\/is\/awen-takn-innblasturs\/#breadcrumb"},"inLanguage":"is","potentialAction":[{"@type":"ReadAction","target":["https:\/\/iwell-guard.com\/is\/awen-takn-innblasturs\/"]}]},{"@type":"ImageObject","inLanguage":"is","@id":"https:\/\/iwell-guard.com\/is\/awen-takn-innblasturs\/#primaryimage","url":"https:\/\/iwell-guard.com\/wp-content\/uploads\/2026\/05\/schutzsymbol_keltisch_awen.webp","contentUrl":"https:\/\/iwell-guard.com\/wp-content\/uploads\/2026\/05\/schutzsymbol_keltisch_awen.webp","width":1024,"height":1536,"caption":"Verndart\u00e1kn. Myndskreyting \u00ed safnst\u00edl."},{"@type":"BreadcrumbList","@id":"https:\/\/iwell-guard.com\/is\/awen-takn-innblasturs\/#breadcrumb","itemListElement":[{"@type":"ListItem","position":1,"name":"Start","item":"https:\/\/iwell-guard.com\/is\/?page_id=168580"},{"@type":"ListItem","position":2,"name":"Awen \u2013 t\u00e1kn innbl\u00e1sturs"}]},{"@type":"WebSite","@id":"https:\/\/iwell-guard.com\/is\/#website","url":"https:\/\/iwell-guard.com\/is\/","name":"iWell Guard","description":"Schutz vor dunklen Einfl\u00fcssen","publisher":{"@id":"https:\/\/iwell-guard.com\/is\/#organization"},"potentialAction":[{"@type":"SearchAction","target":{"@type":"EntryPoint","urlTemplate":"https:\/\/iwell-guard.com\/is\/?s={search_term_string}"},"query-input":{"@type":"PropertyValueSpecification","valueRequired":true,"valueName":"search_term_string"}}],"inLanguage":"is"},{"@type":"Organization","@id":"https:\/\/iwell-guard.com\/is\/#organization","name":"Ittermann electronic GmbH","url":"https:\/\/iwell-guard.com\/is\/","logo":{"@type":"ImageObject","inLanguage":"is","@id":"https:\/\/iwell-guard.com\/is\/#\/schema\/logo\/image\/","url":"https:\/\/iwell-guard.com\/wp-content\/uploads\/2026\/05\/Ittermann-Logo-1182x237-1.png","contentUrl":"https:\/\/iwell-guard.com\/wp-content\/uploads\/2026\/05\/Ittermann-Logo-1182x237-1.png","width":1182,"height":237,"caption":"Ittermann electronic GmbH"},"image":{"@id":"https:\/\/iwell-guard.com\/is\/#\/schema\/logo\/image\/"},"sameAs":["https:\/\/pantip.com\/profile\/9367242","https:\/\/micro.blog\/iwellguard","https:\/\/www.diggerslist.com\/iwellguard\/about","https:\/\/skitterphoto.com\/photographers\/2870314\/iwell-guard","https:\/\/iwellguard.wordpress.com\/2026\/06\/06\/iwell-guard\/","https:\/\/hub.docker.com\/u\/iwellguard","https:\/\/www.pinterest.com\/iwellguard\/","https:\/\/bit.ly\/m\/iwellguard","https:\/\/entre-vos-mains.alsace.eu\/profiles\/iwellguard\/activity","https:\/\/gravatar.com\/reallybeded8fd34","https:\/\/naijamatta.com\/iwellguard","https:\/\/www.goodreads.com\/iwellguard","https:\/\/profile.hatena.ne.jp\/iwellguard\/","https:\/\/experiment.com\/users\/iwellguard","https:\/\/wakelet.com\/@iWellGuard82270","https:\/\/www.chordie.com\/forum\/profile.php?id=2555664","https:\/\/www.instapaper.com\/p\/17757966","https:\/\/www.mapleprimes.com\/users\/iwellguard","https:\/\/businesslistingplus.com\/profile\/iwell-guard\/","https:\/\/telegra.ph\/iWell-Guard-06-06","https:\/\/pbase.com\/iwellguard\/iwellguard","https:\/\/b.hatena.ne.jp\/iwellguard\/20260607#bookmark-4788405196491818882","https:\/\/fliphtml5.com\/home\/iwellguard","https:\/\/anyflip.com\/homepage\/cmiwl#About","https:\/\/transfur.com\/Users\/iwellguard","http:\/\/delphi.larsbo.org\/user\/iwellguard","https:\/\/jobs.lajobsportal.org\/profiles\/8380803-iwell-guard","https:\/\/md.chaosdorf.de\/s\/jfbe5SBdJD","https:\/\/www.lingvolive.com\/en-us\/profile\/9ecaeaca-ce11-4e51-9e71-01d55e2bff36\/translations","https:\/\/www.fitday.com\/fitness\/forums\/members\/iwellguard.html","https:\/\/www.mymeetbook.com\/iwellguard","https:\/\/pxhere.com\/en\/photographer-me\/5040798","https:\/\/disqus.com\/by\/iwellguard\/about\/","https:\/\/pastelink.net\/hjwciqwq","https:\/\/pubhtml5.com\/homepage\/scjhn\/","https:\/\/www.bitchute.com\/channel\/2O2eOKzNqujT","https:\/\/audiomack.com\/iwellguard"]}]}},"_links":{"self":[{"href":"https:\/\/iwell-guard.com\/is\/wp-json\/wp\/v2\/pages\/169175","targetHints":{"allow":["GET"]}}],"collection":[{"href":"https:\/\/iwell-guard.com\/is\/wp-json\/wp\/v2\/pages"}],"about":[{"href":"https:\/\/iwell-guard.com\/is\/wp-json\/wp\/v2\/types\/page"}],"author":[{"embeddable":true,"href":"https:\/\/iwell-guard.com\/is\/wp-json\/wp\/v2\/users\/3"}],"replies":[{"embeddable":true,"href":"https:\/\/iwell-guard.com\/is\/wp-json\/wp\/v2\/comments?post=169175"}],"version-history":[{"count":0,"href":"https:\/\/iwell-guard.com\/is\/wp-json\/wp\/v2\/pages\/169175\/revisions"}],"wp:featuredmedia":[{"embeddable":true,"href":"https:\/\/iwell-guard.com\/is\/wp-json\/wp\/v2\/media\/3489"}],"wp:attachment":[{"href":"https:\/\/iwell-guard.com\/is\/wp-json\/wp\/v2\/media?parent=169175"}],"wp:term":[{"taxonomy":"category","embeddable":true,"href":"https:\/\/iwell-guard.com\/is\/wp-json\/wp\/v2\/categories?post=169175"}],"curies":[{"name":"wp","href":"https:\/\/api.w.org\/{rel}","templated":true}]}}