{"id":169174,"date":"2026-09-05T14:06:14","date_gmt":"2026-09-05T14:06:14","guid":{"rendered":"https:\/\/iwell-guard.com\/?page_id=169174"},"modified":"2026-09-05T14:34:07","modified_gmt":"2026-09-05T14:34:07","slug":"triskele-threfalt-spiralteikn","status":"publish","type":"page","link":"https:\/\/iwell-guard.com\/is\/triskele-threfalt-spiralteikn\/","title":{"rendered":"Triskele \u2013 \u00ferefalda sp\u00edralteikni\u00f0"},"content":{"rendered":"\t\t<div data-elementor-type=\"wp-page\" data-elementor-id=\"169174\" class=\"elementor elementor-169174 elementor-3664 elementor-bc-flex-widget\" data-elementor-post-type=\"page\">\n\t\t\t\t<div class=\"elementor-element elementor-element-iwgs-triskele-hero e-flex e-con-boxed e-con e-parent\" data-id=\"iwgs-triskele-hero\" data-element_type=\"container\" data-e-type=\"container\">\n\t\t\t\t\t<div class=\"e-con-inner\">\n\t\t<div class=\"elementor-element elementor-element-iwgs-triskele-hl e-flex e-con-boxed e-con e-parent\" data-id=\"iwgs-triskele-hl\" data-element_type=\"container\" data-e-type=\"container\">\n\t\t\t\t\t<div class=\"e-con-inner\">\n\t\t<div class=\"elementor-element elementor-element-iwgs-triskele-hlbox e-con-full e-flex e-con e-parent\" data-id=\"iwgs-triskele-hlbox\" data-element_type=\"container\" data-e-type=\"container\">\n\t\t\t\t<div class=\"elementor-element elementor-element-iwgs-triskele-h1 elementor-widget elementor-widget-heading\" data-id=\"iwgs-triskele-h1\" data-element_type=\"widget\" data-e-type=\"widget\" data-widget_type=\"heading.default\">\n\t\t\t\t\t<h1 class=\"elementor-heading-title elementor-size-default\">Triskele \u2013 \u00feriggja arma sp\u00edralteikni\u00f0<\/h1>\t\t\t\t<\/div>\n\t\t\t\t<div class=\"elementor-element elementor-element-iwgs-triskele-lead elementor-widget elementor-widget-text-editor\" data-id=\"iwgs-triskele-lead\" data-element_type=\"widget\" data-e-type=\"widget\" data-widget_type=\"text-editor.default\">\n\t\t\t\t\t\t\t\t\t<p>Triskele er teikn me\u00f0 \u00feremur \u00f6rmum sem liggja fr\u00e1 mi\u00f0punkti, m\u00f3ta\u00f0 sem sp\u00edralar e\u00f0a bogadregnir li\u00f0ir. \u00dea\u00f0 er eitt af elstu ge\u00f3metr\u00edsku teiknum Evr\u00f3pu og stendur fyrir \u00ferenndina og hreyfingu.<\/p>\n<p class=\"iwg-kwfix\">Triskele er \u00ferefalt sp\u00edralteikn af keltneskum uppruna.<\/p>\t\t\t\t\t\t\t\t<\/div>\n\t\t\t\t<\/div>\n\t\t\t\t<div class=\"elementor-element elementor-element-iwgs-triskele-pills elementor-widget elementor-widget-html\" data-id=\"iwgs-triskele-pills\" data-element_type=\"widget\" data-e-type=\"widget\" data-widget_type=\"html.default\">\n\t\t\t\t\t<div class=\"iwg-pill-row\"><span class=\"iwg-klasse-badge\" tabindex=\"0\" data-tooltip=\"Verndart\u00e1kn, verndargripur e\u00f0a ap\u00f3tr\u00f3pa\u00edskur hlutur.\">Verndart\u00e1kn<\/span><a href=\"https:\/\/iwell-guard.com\/is\/keltneskt\/\" class=\"iwg-kultur-badge\" tabindex=\"0\" data-tooltip=\"Verndarhef\u00f0: Keltnesk\">Keltnesk<\/a><span class=\"iwg-tradition-badge\" tabindex=\"0\" data-tooltip=\"Teikn sem stendur fyrir \u00e1kve\u00f0na merkingu.\">T\u00e1kn<\/span><\/div>\t\t\t\t<\/div>\n\t\t\t\t\t<\/div>\n\t\t\t\t<\/div>\n\t\t<div class=\"elementor-element elementor-element-iwgs-triskele-hr e-con-full e-flex e-con e-parent\" data-id=\"iwgs-triskele-hr\" data-element_type=\"container\" data-e-type=\"container\">\n\t\t\t\t<div class=\"elementor-element elementor-element-iwgs-triskele-himg iwg-hero-image elementor-widget elementor-widget-image\" data-id=\"iwgs-triskele-himg\" data-element_type=\"widget\" data-e-type=\"widget\" data-widget_type=\"image.default\">\n\t\t\t\t\t\t\t\t\t\t\t\t\t\t\t<img fetchpriority=\"high\" decoding=\"async\" width=\"683\" height=\"1024\" src=\"https:\/\/iwell-guard.com\/wp-content\/uploads\/2026\/05\/schutzsymbol_keltisch_triskele-683x1024.webp\" class=\"attachment-large size-large wp-image-170561\" alt=\"Triskele \u2013 verndargripur, safnfr\u00e6\u00f0ileg myndskreyting\" srcset=\"https:\/\/iwell-guard.com\/wp-content\/uploads\/2026\/05\/schutzsymbol_keltisch_triskele-683x1024.webp 683w, https:\/\/iwell-guard.com\/wp-content\/uploads\/2026\/05\/schutzsymbol_keltisch_triskele-200x300.webp 200w, https:\/\/iwell-guard.com\/wp-content\/uploads\/2026\/05\/schutzsymbol_keltisch_triskele-768x1152.webp 768w, https:\/\/iwell-guard.com\/wp-content\/uploads\/2026\/05\/schutzsymbol_keltisch_triskele.webp 1024w\" sizes=\"(max-width: 683px) 100vw, 683px\" \/>\t\t\t\t\t\t\t\t\t\t\t\t\t\t\t<\/div>\n\t\t\t\t<\/div>\n\t\t\t\t\t<\/div>\n\t\t\t\t<\/div>\n\t\t<div class=\"elementor-element elementor-element-iwgs-triskele-s0 e-flex e-con-boxed e-con e-parent\" data-id=\"iwgs-triskele-s0\" data-element_type=\"container\" data-e-type=\"container\">\n\t\t\t\t\t<div class=\"e-con-inner\">\n\t\t\t\t<div class=\"elementor-element elementor-element-iwgs-triskele-s0h elementor-widget elementor-widget-heading\" data-id=\"iwgs-triskele-s0h\" data-element_type=\"widget\" data-e-type=\"widget\" data-widget_type=\"heading.default\">\n\t\t\t\t\t<h2 class=\"elementor-heading-title elementor-size-default\">Yfirlit<\/h2>\t\t\t\t<\/div>\n\t\t<div class=\"elementor-element elementor-element-iwgs-triskele-s0box e-con-full e-flex e-con e-parent\" data-id=\"iwgs-triskele-s0box\" data-element_type=\"container\" data-e-type=\"container\">\n\t\t\t\t<div class=\"elementor-element elementor-element-iwgs-triskele-s0t elementor-widget elementor-widget-text-editor\" data-id=\"iwgs-triskele-s0t\" data-element_type=\"widget\" data-e-type=\"widget\" data-widget_type=\"text-editor.default\">\n\t\t\t\t\t\t\t\t\t<p>Triskele, einnig kalla\u00f0 triskelion, er \u00feriggja arma teikn. \u00der\u00edr jafnst\u00f3rir armar liggja fr\u00e1 sameiginlegum mi\u00f0punkti og eru sveig\u00f0ir \u00feannig a\u00f0 teikni\u00f0 vir\u00f0ist sn\u00faast.<\/p><p>Armarnir geta veri\u00f0 m\u00f3ta\u00f0ir sem sp\u00edralar e\u00f0a sem bogadregnar l\u00ednur, og \u00ed sumum tilvikum sem beyg\u00f0ir f\u00e6tur. Sameiginlegt \u00f6llum \u00fatg\u00e1fum er talan \u00fer\u00edr og hringlaga hreyfing um mi\u00f0juna.<\/p><p>Triskele er oft tengt hinum <a href=\"https:\/\/iwell-guard.com\/is\/keltneskt\/\">keltneska<\/a> heimi. \u00cd raun er \u00feetta \u00fe\u00f3 mj\u00f6g fornt og v\u00ed\u00f0\u00fatbreitt teikn sem finnst \u00ed m\u00f6rgum menningarheimum.<\/p><p>Sem verndar- og merkingart\u00e1knn stendur triskele fyrir \u00ferenndina, hreyfingu og gang hlutanna. \u00dea\u00f0 er s\u00ed\u00f0ur verjandi <span class=\"iwg-fachbegriff\" data-tooltip=\"Gripur sem borinn er og talinn hafa verndandi, \u00f3g\u00e6fuvarnandi \u00e1hrif.\" tabindex=\"0\">verndargripur<\/span> en t\u00e1kn um reglu og hringr\u00e1s.<\/p><p>\u00cd <span class=\"iwg-fachbegriff\" data-tooltip=\"V\u00edsindagrein sem rannsakar tr\u00faarbr\u00f6g\u00f0 \u00e1 samanbur\u00f0arlegan h\u00e1tt \u00e1n tr\u00faarlegrar bindingar.\" tabindex=\"0\">tr\u00faarbrag\u00f0afr\u00e6\u00f0i<\/span> og \u00ed listas\u00f6gu er triskele gott d\u00e6mi um teikn \u00fear sem formi\u00f0 er fornt en \u00edtarlegar t\u00falkanir eru a\u00f0 hluta yngri.<\/p><p>N\u00e1kv\u00e6m framsetning skilur \u00fev\u00ed \u00e1 milli \u00feess sem er vel sta\u00f0fest og \u00feess sem hefur veri\u00f0 t\u00falka\u00f0 inn s\u00ed\u00f0ar. Forna form triskele er sta\u00f0fest, n\u00faverandi merkingar \u00feess eru a\u00f0 hluta fornar, a\u00f0 hluta n\u00fdjar.<\/p>\t\t\t\t\t\t\t\t<\/div>\n\t\t\t\t<\/div>\n\t\t\t\t\t<\/div>\n\t\t\t\t<\/div>\n\t\t<div class=\"elementor-element elementor-element-iwgs-triskele-s1 e-flex e-con-boxed e-con e-parent\" data-id=\"iwgs-triskele-s1\" data-element_type=\"container\" data-e-type=\"container\">\n\t\t\t\t\t<div class=\"e-con-inner\">\n\t\t\t\t<div class=\"elementor-element elementor-element-iwgs-triskele-s1h elementor-widget elementor-widget-heading\" data-id=\"iwgs-triskele-s1h\" data-element_type=\"widget\" data-e-type=\"widget\" data-widget_type=\"heading.default\">\n\t\t\t\t\t<h2 class=\"elementor-heading-title elementor-size-default\">Nafni\u00f0 og formi\u00f0<\/h2>\t\t\t\t<\/div>\n\t\t<div class=\"elementor-element elementor-element-iwgs-triskele-s1box e-con-full e-flex e-con e-parent\" data-id=\"iwgs-triskele-s1box\" data-element_type=\"container\" data-e-type=\"container\">\n\t\t\t\t<div class=\"elementor-element elementor-element-iwgs-triskele-s1t elementor-widget elementor-widget-text-editor\" data-id=\"iwgs-triskele-s1t\" data-element_type=\"widget\" data-e-type=\"widget\" data-widget_type=\"text-editor.default\">\n\t\t\t\t\t\t\t\t\t<p>Nafni\u00f0 triskele er af gr\u00edskum uppruna og v\u00edsar til t\u00f6lunnar \u00fer\u00edr. \u00dea\u00f0 merkir teikn me\u00f0 \u00feremur f\u00f3tum e\u00f0a \u00feremur \u00f6rmum. Nafni\u00f0 triskelion er einnig algengt.<\/p><p>Grunnformi\u00f0 er einfalt a\u00f0 l\u00fdsa. \u00der\u00edr jafnst\u00f3rir hlutir eru jafnt dreif\u00f0ir um mi\u00f0punkt og sveig\u00f0ir \u00ed s\u00f6mu \u00e1tt. \u00dar \u00feeirri sveigju kemur fram s\u00fdnileg tilfinning um sn\u00faning.<\/p><p>\u00der\u00edr hlutarnir geta veri\u00f0 m\u00f3ta\u00f0ir \u00e1 mismunandi vegu. \u00cd einu forminu eru \u00feeir sp\u00edralar sem vindast \u00fat fr\u00e1 mi\u00f0junni. \u00cd \u00f6\u00f0ru formi eru \u00feeir bogadregnar l\u00ednur e\u00f0a bogar.<\/p><p>S\u00e9rstakt form s\u00fdnir \u00ferj\u00e1 beyg\u00f0a mannlega f\u00e6tur. \u00deetta f\u00f3taform triskele er \u00feekkt af nokkrum skjaldarmerkjum og f\u00e1num og telst me\u00f0al \u00e1hugaver\u00f0ustu \u00fatg\u00e1fa teiknsins.<\/p><p>Sameiginlegt \u00f6llum formum er talan \u00fer\u00edr og hringlaga hreyfing. Triskele er \u00e1vallt \u00fer\u00edskipt, sn\u00faningslegt teikn. \u00c1 \u00feeirri grunnbyggingu m\u00e1 \u00feekkja \u00fea\u00f0.<\/p><p>Triskele er greinilega fr\u00e1brug\u00f0i\u00f0 triquetra, keltneska \u00ferenndarhn\u00fatnum. Triquetra er samanofinn hn\u00fatur, triskele er sn\u00faningslegt sp\u00edral- e\u00f0a sp\u00edtalateikn. B\u00e6\u00f0i heyra til \u00ferenndart\u00e1kna, en eru ekki eitt og hi\u00f0 sama.<\/p>\t\t\t\t\t\t\t\t<\/div>\n\t\t\t\t<\/div>\n\t\t\t\t\t<\/div>\n\t\t\t\t<\/div>\n\t\t<div class=\"elementor-element elementor-element-iwgs-triskele-s2 e-flex e-con-boxed e-con e-parent\" data-id=\"iwgs-triskele-s2\" data-element_type=\"container\" data-e-type=\"container\">\n\t\t\t\t\t<div class=\"e-con-inner\">\n\t\t\t\t<div class=\"elementor-element elementor-element-iwgs-triskele-s2h elementor-widget elementor-widget-heading\" data-id=\"iwgs-triskele-s2h\" data-element_type=\"widget\" data-e-type=\"widget\" data-widget_type=\"heading.default\">\n\t\t\t\t\t<h2 class=\"elementor-heading-title elementor-size-default\">Mj\u00f6g fornt teikn<\/h2>\t\t\t\t<\/div>\n\t\t<div class=\"elementor-element elementor-element-iwgs-triskele-s2box e-con-full e-flex e-con e-parent\" data-id=\"iwgs-triskele-s2box\" data-element_type=\"container\" data-e-type=\"container\">\n\t\t\t\t<div class=\"elementor-element elementor-element-iwgs-triskele-s2t elementor-widget elementor-widget-text-editor\" data-id=\"iwgs-triskele-s2t\" data-element_type=\"widget\" data-e-type=\"widget\" data-widget_type=\"text-editor.default\">\n\t\t\t\t\t\t\t\t\t<p>Triskele er eitt af elstu ge\u00f3metr\u00edsku teiknum sem mannkyni\u00f0 hefur skapa\u00f0. Sl\u00f3\u00f0ir \u00feess n\u00e1 langt aftur fyrir keltneska t\u00edmann.<\/p><p>S\u00e9rlega \u00feekkt er \u00ferefalda sp\u00edralteikni\u00f0 \u00far mannvirkinu \u00ed Newgrange \u00e1 \u00cdrlandi. \u00deessi mikla grafh\u00fdsi er fr\u00e1 n\u00fdstein\u00f6ld og er \u00fev\u00ed \u00fe\u00fasundum \u00e1ra eldri en keltneska menningin.<\/p><p>Vi\u00f0 inngang Newgrange er \u00ferefaldur sp\u00edrall greyptur \u00ed steininn. \u00dea\u00f0 telst me\u00f0al fr\u00e6gustu fors\u00f6guteikna Evr\u00f3pu og s\u00fdnir hversu forn <span class=\"iwg-fachbegriff\" data-tooltip=\"Endurteki\u00f0 innihaldslegt stef \u00ed list e\u00f0a s\u00f6gn.\" tabindex=\"0\">stefi\u00f0<\/span> um \u00ferefaldan sp\u00edral er.<\/p><p>\u00deriggja arma teikni\u00f0 var einnig \u00feekkt \u00ed <span class=\"iwg-fachbegriff\" data-tooltip=\"T\u00edmabil gr\u00edskrar og r\u00f3mverskrar menningar, um 800 f.Kr. til 600 e.Kr.\" tabindex=\"0\">forn\u00f6ld<\/span>. Triskele kemur fram \u00e1 gr\u00edskum leirkerum og \u00e1 myntum og var tengt \u00fdmsum merkingum.<\/p><p>\u00cd keltneskri list, s\u00e9rstaklega \u00ed list <span class=\"iwg-fachbegriff\" data-tooltip=\"Fors\u00f6gulegt t\u00edmabil eftir brons\u00f6ld, einkennt af j\u00e1rnvinnslu.\" tabindex=\"0\">j\u00e1rnaldar<\/span>, er \u00feriggja arma, sn\u00faningslega <span class=\"iwg-fachbegriff\" data-tooltip=\"Endurteki\u00f0 innihaldslegt stef \u00ed list e\u00f0a s\u00f6gn.\" tabindex=\"0\">stefi\u00f0<\/span> einnig algengt. H\u00e9r tengist triskele \u00feeirri hneig\u00f0 keltneskrar listar til bogadregna, hreyfanlegra forma.<\/p><p>Triskele er \u00fev\u00ed ekki hreint keltneskt teikn. \u00dea\u00f0 er mj\u00f6g fornt, v\u00ed\u00f0\u00fatbreitt <span class=\"iwg-fachbegriff\" data-tooltip=\"Endurteki\u00f0 innihaldslegt stef \u00ed list e\u00f0a s\u00f6gn.\" tabindex=\"0\">stef<\/span> sem kom fram \u00ed m\u00f6rgum menningarheimum, \u00fdmist \u00f3h\u00e1\u00f0 hver \u00f6\u00f0rum e\u00f0a \u00ed tengslum hvert vi\u00f0 anna\u00f0. Keltneski heimurinn er a\u00f0eins ein af m\u00f6rgum st\u00f6\u00f0vum \u00feess.<\/p>\t\t\t\t\t\t\t\t<\/div>\n\t\t\t\t<\/div>\n\t\t\t\t\t<\/div>\n\t\t\t\t<\/div>\n\t\t<div class=\"elementor-element elementor-element-iwgs-triskele-s3 e-flex e-con-boxed e-con e-parent\" data-id=\"iwgs-triskele-s3\" data-element_type=\"container\" data-e-type=\"container\">\n\t\t\t\t\t<div class=\"e-con-inner\">\n\t\t\t\t<div class=\"elementor-element elementor-element-iwgs-triskele-s3h elementor-widget elementor-widget-heading\" data-id=\"iwgs-triskele-s3h\" data-element_type=\"widget\" data-e-type=\"widget\" data-widget_type=\"heading.default\">\n\t\t\t\t\t<h2 class=\"elementor-heading-title elementor-size-default\">Triskele \u00ed keltneskri list<\/h2>\t\t\t\t<\/div>\n\t\t<div class=\"elementor-element elementor-element-iwgs-triskele-s3box e-con-full e-flex e-con e-parent\" data-id=\"iwgs-triskele-s3box\" data-element_type=\"container\" data-e-type=\"container\">\n\t\t\t\t<div class=\"elementor-element elementor-element-iwgs-triskele-s3t elementor-widget elementor-widget-text-editor\" data-id=\"iwgs-triskele-s3t\" data-element_type=\"widget\" data-e-type=\"widget\" data-widget_type=\"text-editor.default\">\n\t\t\t\t\t\t\t\t\t<p>\u00de\u00f3tt \u00ferenningarhringurinn (triskele) s\u00e9 ekki hreint keltneskt t\u00e1kn, hefur hann \u00e1tt s\u00e9r mikilv\u00e6gan sess \u00ed keltneskri list. \u00dear fellur hann vel a\u00f0 almennum st\u00edl.<\/p><p>Keltnesk list, s\u00e9rstaklega listin fr\u00e1 <span class=\"iwg-fachbegriff\" data-tooltip=\"Fors\u00f6gulegt t\u00edmabil eftir brons\u00f6ld, einkennt af j\u00e1rnvinnslu.\" tabindex=\"0\">j\u00e1rn\u00f6ld<\/span>, haf\u00f0i d\u00e1l\u00e6ti \u00e1 bug\u00f0\u00f3ttum, hreyfanlegum l\u00ednum. Sp\u00edralar, hringi\u00f0ur og vafningsmynstur eru me\u00f0al einkennandi eiginleika hennar.<\/p><p>\u00derenningarhringurinn me\u00f0 s\u00ednum \u00ferem hverfandi \u00f6rmum fellur fullkomlega a\u00f0 \u00feessum st\u00edl. Hann er t\u00e1kn hreyfingar, og hreyfing var grunneinkenni keltneskrar myndm\u00e1ls.<\/p><p>\u00cd s\u00ed\u00f0ari eyjalist, hinni kristnu list Bretlandseyja og \u00cdrlands, lif\u00f0i sp\u00edralminnst \u00e1fram. \u00cd myndskreyttum handritum og \u00e1 steinkrossum koma fram sp\u00edralar og \u00ferenningarhringsl\u00edk mynstur.<\/p><p>\u00derenningarhringurinn heyrir \u00feannig til \u00f3rofa myndhef\u00f0ar \u00feessara sv\u00e6\u00f0a, fr\u00e1 fors\u00f6gu \u00ed gegnum keltneska <span class=\"iwg-fachbegriff\" data-tooltip=\"Fors\u00f6gulegt t\u00edmabil eftir brons\u00f6ld, einkennt af j\u00e1rnvinnslu.\" tabindex=\"0\">j\u00e1rn\u00f6ld<\/span> og allt fram \u00ed kristna eyjalist.<\/p><p>\u00deessi langa n\u00e6rvera \u00ed list keltneskum\u00f3ta\u00f0s heims \u00fatsk\u00fdrir hvers vegna \u00ferenningarhringurinn er \u00ed dag svo n\u00e1i\u00f0 tengdur hinu keltneska. Hann hefur veri\u00f0 til sta\u00f0ar \u00fear um margar aldir.<\/p>\t\t\t\t\t\t\t\t<\/div>\n\t\t\t\t<\/div>\n\t\t\t\t\t<\/div>\n\t\t\t\t<\/div>\n\t\t<div class=\"elementor-element elementor-element-iwgs-triskele-s4 e-flex e-con-boxed e-con e-parent\" data-id=\"iwgs-triskele-s4\" data-element_type=\"container\" data-e-type=\"container\">\n\t\t\t\t\t<div class=\"e-con-inner\">\n\t\t\t\t<div class=\"elementor-element elementor-element-iwgs-triskele-s4h elementor-widget elementor-widget-heading\" data-id=\"iwgs-triskele-s4h\" data-element_type=\"widget\" data-e-type=\"widget\" data-widget_type=\"heading.default\">\n\t\t\t\t\t<h2 class=\"elementor-heading-title elementor-size-default\">Merking \u00ferenningarinnar<\/h2>\t\t\t\t<\/div>\n\t\t<div class=\"elementor-element elementor-element-iwgs-triskele-s4box e-con-full e-flex e-con e-parent\" data-id=\"iwgs-triskele-s4box\" data-element_type=\"container\" data-e-type=\"container\">\n\t\t\t\t<div class=\"elementor-element elementor-element-iwgs-triskele-s4t elementor-widget elementor-widget-text-editor\" data-id=\"iwgs-triskele-s4t\" data-element_type=\"widget\" data-e-type=\"widget\" data-widget_type=\"text-editor.default\">\n\t\t\t\t\t\t\t\t\t<p>\u00derenningarhringurinn er t\u00e1kn \u00ferenningar. Talan \u00fer\u00edr haf\u00f0i s\u00e9rstaka merkingu \u00ed m\u00f6rgum menningarheimum, og \u00fea\u00f0 gildir einnig um hinn keltneskum\u00f3ta\u00f0a heim.<\/p><p>\u00cd keltneskri <span class=\"iwg-fachbegriff\" data-tooltip=\"Mi\u00f0lun \u00feekkingar og fr\u00e1sagna milli kynsl\u00f3\u00f0a.\" tabindex=\"0\">munnm\u00e6lahef\u00f0<\/span> kemur talan \u00fer\u00edr \u00e1berandi oft fram. \u00dear eru \u00ferefaldar gu\u00f0verur, fr\u00e1sagnir ra\u00f0a hlutum \u00ed \u00fer\u00edeiningar, og \u00ferenningin birtist sem eftirl\u00e6tis skipulagsmynstur.<\/p><p>\u00derenningarhringurinn m\u00e1 \u00feannig lesa vel sem t\u00e1kn \u00feessa d\u00e1l\u00e6tis \u00e1 \u00ferenningunni. \u00der\u00edr armar hans myndi \u00ferenningu sem er samt\u00edmis einingu, \u00fev\u00ed \u00feeir spretta \u00far sameiginlegri mi\u00f0ju.<\/p><p>Hva\u00f0a \u00ferenningu \u00ferenningarhringurinn tilgreindi n\u00e1kv\u00e6mlega \u00ed forn\u00f6ld er \u00fe\u00f3 ekki var\u00f0veitt. Heimildirnir \u00fatsk\u00fdra ekki t\u00e1kni\u00f0. Margt af \u00fev\u00ed sem sagt er \u00ed dag um merkingu \u00feess er \u00e1lykta\u00f0 e\u00f0a s\u00ed\u00f0ar \u00e1skili\u00f0.<\/p><p>Algengar n\u00fat\u00edmat\u00falkanir tengja hinum \u00ferem \u00f6rmum til d\u00e6mis \u00ferj\u00fa svi\u00f0 heimsins, e\u00f0a \u00ferj\u00fa \u00e6viskei\u00f0, e\u00f0a hreyfingu ver\u00f0unar, verunar og hnignunar. Sl\u00edkar t\u00falkanir eru samr\u00e6mdar \u00ed sj\u00e1lfu s\u00e9r, en \u00fe\u00e6r eru af n\u00fdjum t\u00edma.<\/p><p>Hei\u00f0arleg framsetning bendir \u00e1 a\u00f0 \u00ferenningarhringurinn er fornt t\u00e1kn \u00ferenningar, en a\u00f0 n\u00e1kv\u00e6m forn merking hans er ekki sta\u00f0fest. Hinar \u00edtarlegu t\u00falkanir n\u00fat\u00edmans ber a\u00f0 merkja sem n\u00fat\u00edmalegar \u00fatlagningar.<\/p>\t\t\t\t\t\t\t\t<\/div>\n\t\t\t\t<\/div>\n\t\t\t\t\t<\/div>\n\t\t\t\t<\/div>\n\t\t<div class=\"elementor-element elementor-element-iwgs-triskele-s5 e-flex e-con-boxed e-con e-parent\" data-id=\"iwgs-triskele-s5\" data-element_type=\"container\" data-e-type=\"container\">\n\t\t\t\t\t<div class=\"e-con-inner\">\n\t\t\t\t<div class=\"elementor-element elementor-element-iwgs-triskele-s5h elementor-widget elementor-widget-heading\" data-id=\"iwgs-triskele-s5h\" data-element_type=\"widget\" data-e-type=\"widget\" data-widget_type=\"heading.default\">\n\t\t\t\t\t<h2 class=\"elementor-heading-title elementor-size-default\">Hreyfing og s\u00f3larganga<\/h2>\t\t\t\t<\/div>\n\t\t<div class=\"elementor-element elementor-element-iwgs-triskele-s5box e-con-full e-flex e-con e-parent\" data-id=\"iwgs-triskele-s5box\" data-element_type=\"container\" data-e-type=\"container\">\n\t\t\t\t<div class=\"elementor-element elementor-element-iwgs-triskele-s5t elementor-widget elementor-widget-text-editor\" data-id=\"iwgs-triskele-s5t\" data-element_type=\"widget\" data-e-type=\"widget\" data-widget_type=\"text-editor.default\">\n\t\t\t\t\t\t\t\t\t<p>Auk \u00ferenningarinnar er hreyfingin anna\u00f0 st\u00f3rt \u00feema \u00ferenningarhringsins. T\u00e1kni\u00f0 vir\u00f0ist sn\u00faast, og \u00feessi sn\u00faningur er mikilv\u00e6gur hluti merkingar \u00feess.<\/p><p>Sn\u00faandi t\u00e1kn er au\u00f0velt a\u00f0 tengja vi\u00f0 gang hlutanna, vi\u00f0 framvindu t\u00edmans, vi\u00f0 hringr\u00e1s \u00e1rsins og vi\u00f0 endurkomu.<\/p><p>Oft er \u00ferenningarhringurinn tengdur s\u00f3linni. Eins og s\u00f3lin fer s\u00edna braut, sn\u00fdst \u00ferenningarhringurinn. \u00cd \u00feessari t\u00falkun heyrir hann til s\u00f3lar- og hreyfit\u00e1knanna.<\/p><p>\u00deannig stendur \u00ferenningarhringurinn n\u00e1l\u00e6gt \u00f6\u00f0rum sn\u00faandi t\u00e1knum, svo sem slavneska s\u00f3larhj\u00f3linu. <span class=\"iwg-fachbegriff\" data-tooltip=\"Endurteki\u00f0 innihaldslegt stef \u00ed list e\u00f0a fr\u00e1s\u00f6gn.\" tabindex=\"0\">Minnstefi\u00f0<\/span> um sn\u00faandi hj\u00f3l e\u00f0a stj\u00f6rnu sem mynd s\u00f3lar og t\u00edmans er v\u00ed\u00f0a \u00fatbreitt.<\/p><p>Sem verndart\u00e1kn virkar \u00ferenningarhringurinn s\u00ed\u00f0ur me\u00f0 v\u00f6rn en me\u00f0 framsetningu skipulags. Hann s\u00fdnir hina \u00e1rei\u00f0anlegu, hrings\u00f3la hreyfingu l\u00edfsins og t\u00edmans.<\/p><p>A\u00f0 \u00feessu leyti l\u00edkist \u00ferenningarhringurinn kolovrat-t\u00e1kninu og \u00f6\u00f0rum s\u00f3lar- og hreyfit\u00e1knum. V\u00f6rn hans liggur \u00ed mynd skipulegrar, \u00e1rei\u00f0anlegrar hreyfingar, ekki \u00ed v\u00f6rn gegn einstakri h\u00e6ttu.<\/p>\t\t\t\t\t\t\t\t<\/div>\n\t\t\t\t<\/div>\n\t\t\t\t\t<\/div>\n\t\t\t\t<\/div>\n\t\t<div class=\"elementor-element elementor-element-iwgs-triskele-s6 e-flex e-con-boxed e-con e-parent\" data-id=\"iwgs-triskele-s6\" data-element_type=\"container\" data-e-type=\"container\">\n\t\t\t\t\t<div class=\"e-con-inner\">\n\t\t\t\t<div class=\"elementor-element elementor-element-iwgs-triskele-s6h elementor-widget elementor-widget-heading\" data-id=\"iwgs-triskele-s6h\" data-element_type=\"widget\" data-e-type=\"widget\" data-widget_type=\"heading.default\">\n\t\t\t\t\t<h2 class=\"elementor-heading-title elementor-size-default\">\u00derenningarhringur og triquetra<\/h2>\t\t\t\t<\/div>\n\t\t<div class=\"elementor-element elementor-element-iwgs-triskele-s6box e-con-full e-flex e-con e-parent\" data-id=\"iwgs-triskele-s6box\" data-element_type=\"container\" data-e-type=\"container\">\n\t\t\t\t<div class=\"elementor-element elementor-element-iwgs-triskele-s6t elementor-widget elementor-widget-text-editor\" data-id=\"iwgs-triskele-s6t\" data-element_type=\"widget\" data-e-type=\"widget\" data-widget_type=\"text-editor.default\">\n\t\t\t\t\t\t\t\t\t<p>\u00derenningarhringnum er oft rugla\u00f0 saman vi\u00f0 triquetra-t\u00e1kni\u00f0. B\u00e6\u00f0i eru keltneskum\u00f3tu\u00f0 \u00ferenningart\u00e1kn, en \u00feeim ber a\u00f0 a\u00f0greina sk\u00fdrt.<\/p><p>Triquetra er hn\u00fatat\u00e1kn. \u00dea\u00f0 samanstendur af \u00ferem samfl\u00e9ttu\u00f0um bogum sem myndast \u00ed loka\u00f0an, \u00f3a\u00f0skiljanlegan hn\u00fat. E\u00f0li \u00feess er samfl\u00e9ttunin.<\/p><p>\u00derenningarhringurinn er \u00e1 m\u00f3ti geisla- e\u00f0a sp\u00edralt\u00e1kn. \u00der\u00edr armar hans spretta \u00far mi\u00f0ju og eru ekki samfl\u00e9tta\u00f0ir hver vi\u00f0 annan, heldur sn\u00faast um mi\u00f0punktinn. E\u00f0li hans er sn\u00faningurinn.<\/p><p>B\u00e6\u00f0i t\u00e1knin bera t\u00f6luna \u00fer\u00edr, og b\u00e6\u00f0i heyra til myndheims keltneskum\u00f3ta\u00f0rar menningar. \u00cd \u00fev\u00ed eru \u00feau skyld. En form \u00feeirra og grunnhugsun eru \u00f3l\u00edk.<\/p><p>Triquetra fylgir reglu endalausrar l\u00ednu og samfl\u00e9ttunar. \u00derenningarhringurinn fylgir reglu \u00ferenningarinnar og sn\u00faningsins. \u00c1 s\u00ed\u00f0unni um <a href=\"https:\/\/iwell-guard.com\/is\/?page_id=169139\">triquetra<\/a> er hn\u00fatat\u00e1kni\u00f0 n\u00e1nar s\u00fdnt.<\/p><p>Fyrir n\u00e1kv\u00e6ma framsetningu er \u00feessi a\u00f0greining mikilv\u00e6g. \u00derenningarhringnum og triquetra er oft blanda\u00f0 saman \u00ed almennu tali, en \u00feetta eru tv\u00f6 a\u00f0skilin t\u00e1kn me\u00f0 hvort s\u00edna mynd og merkingu.<\/p>\t\t\t\t\t\t\t\t<\/div>\n\t\t\t\t<\/div>\n\t\t\t\t\t<\/div>\n\t\t\t\t<\/div>\n\t\t<div class=\"elementor-element elementor-element-iwgs-triskele-s7 e-flex e-con-boxed e-con e-parent\" data-id=\"iwgs-triskele-s7\" data-element_type=\"container\" data-e-type=\"container\">\n\t\t\t\t\t<div class=\"e-con-inner\">\n\t\t\t\t<div class=\"elementor-element elementor-element-iwgs-triskele-s7h elementor-widget elementor-widget-heading\" data-id=\"iwgs-triskele-s7h\" data-element_type=\"widget\" data-e-type=\"widget\" data-widget_type=\"heading.default\">\n\t\t\t\t\t<h2 class=\"elementor-heading-title elementor-size-default\">\u00derenningarhringur \u00ed skjaldarmerkjum og f\u00e1num<\/h2>\t\t\t\t<\/div>\n\t\t<div class=\"elementor-element elementor-element-iwgs-triskele-s7box e-con-full e-flex e-con e-parent\" data-id=\"iwgs-triskele-s7box\" data-element_type=\"container\" data-e-type=\"container\">\n\t\t\t\t<div class=\"elementor-element elementor-element-iwgs-triskele-s7t elementor-widget elementor-widget-text-editor\" data-id=\"iwgs-triskele-s7t\" data-element_type=\"widget\" data-e-type=\"widget\" data-widget_type=\"text-editor.default\">\n\t\t\t\t\t\t\t\t\t<p>\u00derenningarhringurinn er ekki bara fornt t\u00e1kn, hann lifir einnig fram \u00e1 okkar daga sem skjaldarmerkja- og f\u00e1nat\u00e1kn. \u00cd \u00feeirri notkun kemur einkum f\u00f3taform \u00ferenningarhringsins fram.<\/p><p>\u00derenningarhringurinn er kunnur \u00ed mynd \u00feriggja beyg\u00f0ra f\u00f3ta \u00e1 f\u00e1na eyjunnar Manar. \u00dear er \u00fer\u00edf\u00e6tta t\u00e1kni\u00f0 hi\u00f0 opinbera <span class=\"iwg-fachbegriff\" data-tooltip=\"\u00c1\u00fereifanleg mynd sem stendur fyrir \u00f3hlutbundna hugsun.\" tabindex=\"0\">sinnismerki<\/span> eyjarins og hefur veri\u00f0 \u00ed notkun um langan t\u00edma.<\/p><p>Sikiley ber einnig \u00ferenningarhring \u00ed f\u00e1na s\u00ednum. H\u00e9r tengist \u00fer\u00edf\u00e6tta t\u00e1kni\u00f0 \u00fer\u00edhyrndri mynd eyjarins sj\u00e1lfrar.<\/p><p>\u00cd \u00feessum skjaldarmerkjum og f\u00e1num er \u00ferenningarhringurinn ekki verndart\u00e1kn, heldur t\u00e1kn tilheyrslu og sj\u00e1lfsmyndar. Hann stendur fyrir \u00e1kve\u00f0na eyju og \u00edb\u00faa hennar.<\/p><p>\u00deessi notkun s\u00fdnir hve umbreytanlegur \u00ferenningarhringurinn er. Sama \u00fer\u00edarma grunnmynstri\u00f0 gat veri\u00f0 merkingart\u00e1kn \u00ed fors\u00f6gu og er \u00ed dag \u00fej\u00f3\u00f0h\u00f6f\u00f0ingjat\u00e1kn.<\/p><p>Fyrir n\u00e1kv\u00e6ma framsetningu er samhengi\u00f0 einnig mikilv\u00e6gt h\u00e9r. \u00derenningarhringur \u00e1 f\u00e1na er \u00fej\u00f3\u00f0h\u00f6f\u00f0ingjat\u00e1kn, \u00ferenningarhringur sem skartgripshengi getur veri\u00f0 merkingar- og verndart\u00e1kn. Form og merking eru ekki sama hlutur.<\/p>\t\t\t\t\t\t\t\t<\/div>\n\t\t\t\t<\/div>\n\t\t\t\t\t<\/div>\n\t\t\t\t<\/div>\n\t\t<div class=\"elementor-element elementor-element-iwgs-triskele-s8 e-flex e-con-boxed e-con e-parent\" data-id=\"iwgs-triskele-s8\" data-element_type=\"container\" data-e-type=\"container\">\n\t\t\t\t\t<div class=\"e-con-inner\">\n\t\t\t\t<div class=\"elementor-element elementor-element-iwgs-triskele-s8h elementor-widget elementor-widget-heading\" data-id=\"iwgs-triskele-s8h\" data-element_type=\"widget\" data-e-type=\"widget\" data-widget_type=\"heading.default\">\n\t\t\t\t\t<h2 class=\"elementor-heading-title elementor-size-default\">M\u00f3tt\u00f6kur \u00ed dag<\/h2>\t\t\t\t<\/div>\n\t\t<div class=\"elementor-element elementor-element-iwgs-triskele-s8box e-con-full e-flex e-con e-parent\" data-id=\"iwgs-triskele-s8box\" data-element_type=\"container\" data-e-type=\"container\">\n\t\t\t\t<div class=\"elementor-element elementor-element-iwgs-triskele-s8t elementor-widget elementor-widget-text-editor\" data-id=\"iwgs-triskele-s8t\" data-element_type=\"widget\" data-e-type=\"widget\" data-widget_type=\"text-editor.default\">\n\t\t\t\t\t\t\t\t\t<p>Triskele-t\u00e1kn er \u00ed dag mj\u00f6g \u00fatbreitt t\u00e1kn. \u00dea\u00f0 birtist sem skartgripur, sem h\u00fa\u00f0fl\u00far og sem <span class=\"iwg-fachbegriff\" data-tooltip=\"Endurteki\u00f0 innihaldsatri\u00f0i \u00ed list e\u00f0a fr\u00e1s\u00f6gn.\" tabindex=\"0\">myndefni<\/span> \u00ed h\u00f6nnun. S\u00e9rstaklega \u00ed tengslum vi\u00f0 keltneska menningu er \u00fea\u00f0 vins\u00e6lt.<\/p><p>Fyrir marga er triskele-t\u00e1kni\u00f0 t\u00e1kn tengingar vi\u00f0 hinn keltneska heim. \u00dea\u00f0 er bori\u00f0 sem <span class=\"iwg-fachbegriff\" data-tooltip=\"Sk\u00fdr mynd sem stendur fyrir hugmynd sem er annars \u00f3hlutbundin.\" tabindex=\"0\">sinnbild<\/span> \u00ferenningarins, hreyfingar og hringr\u00e1sar l\u00edfsins.<\/p><p>\u00cd n\u00fdhei\u00f0num og n\u00e1tt\u00farutr\u00faarlegum hreyfingum hefur triskele-t\u00e1kni\u00f0 fastan sess. \u00dear er \u00fea\u00f0 sett fram me\u00f0 eigin t\u00falkunum sem oftast leggja \u00e1herslu \u00e1 \u00ferenningu heimsins e\u00f0a l\u00edfsins.<\/p><p>\u00cd allri \u00feessari notkun er greinarmunurinn sem \u00feessi s\u00ed\u00f0a leggur \u00e1herslu \u00e1 mikilv\u00e6gur. Form triskele-t\u00e1knsins er mj\u00f6g fornt og vel sta\u00f0fest. \u00cdtarlegar t\u00falkanir n\u00fat\u00edmans \u00e1 \u00fev\u00ed eru a\u00f0 hluta fornar, a\u00f0 hluta n\u00fat\u00edmalegar.<\/p><p>Triskele-t\u00e1kni\u00f0 er \u00feannig l\u00e6rd\u00f3msr\u00edkt t\u00e1kn. \u00dea\u00f0 tengir saman eitt af elstu r\u00famfr\u00e6\u00f0ilegu formum mannkyns og r\u00edka, enn vaxandi t\u00falkunarheim allt fram \u00e1 okkar daga.<\/p><p>\u00cd kjarna s\u00ednum er triskele-t\u00e1kni\u00f0 \u00e1fram t\u00e1kn \u00ferenningar og hreyfingar. Fr\u00e1 \u00ferefalda sp\u00edralt\u00e1kninu \u00ed Newgrange til n\u00fat\u00edma skartgripahengis liggur \u00feessi grunnmerking gegnum langa s\u00f6gu \u00feess.<\/p>\t\t\t\t\t\t\t\t<\/div>\n\t\t\t\t<\/div>\n\t\t\t\t\t<\/div>\n\t\t\t\t<\/div>\n\t\t<div class=\"elementor-element elementor-element-iwgs-triskele-lit e-flex e-con-boxed e-con e-parent\" data-id=\"iwgs-triskele-lit\" data-element_type=\"container\" data-e-type=\"container\">\n\t\t\t\t\t<div class=\"e-con-inner\">\n\t\t\t\t<div class=\"elementor-element elementor-element-iwgs-triskele-lith elementor-widget elementor-widget-heading\" data-id=\"iwgs-triskele-lith\" data-element_type=\"widget\" data-e-type=\"widget\" data-widget_type=\"heading.default\">\n\t\t\t\t\t<h2 class=\"elementor-heading-title elementor-size-default\">Heimildir (\u00farval)<\/h2>\t\t\t\t<\/div>\n\t\t<div class=\"elementor-element elementor-element-iwgs-triskele-litbox e-con-full e-flex e-con e-parent\" data-id=\"iwgs-triskele-litbox\" data-element_type=\"container\" data-e-type=\"container\">\n\t\t\t\t<div class=\"elementor-element elementor-element-iwgs-triskele-litt elementor-widget elementor-widget-html\" data-id=\"iwgs-triskele-litt\" data-element_type=\"widget\" data-e-type=\"widget\" data-widget_type=\"html.default\">\n\t\t\t\t\t<footer data-nosnippet=\"true\"><ul><li>Bernhard Maier: <em>Die Religion der Kelten<\/em> (2001)<\/li><li>George Bain: <em>Celtic Art. The Methods of Construction<\/em> (1951)<\/li><li>Barry Cunliffe: <em>The Ancient Celts<\/em> (1997)<\/li><li>Miranda Green: <em>Symbol and Image in Celtic Religious Art<\/em> (1989)<\/li><li>Hans Biedermann: <em>Knaurs Lexikon der Symbole<\/em> (1989)<\/li><\/ul><\/footer>\t\t\t\t<\/div>\n\t\t\t\t<\/div>\n\t\t\t\t\t<\/div>\n\t\t\t\t<\/div>\n\t\t<div class=\"elementor-element elementor-element-iwgs-triskele-kwd e-flex e-con-boxed e-con e-parent\" data-id=\"iwgs-triskele-kwd\" data-element_type=\"container\" data-e-type=\"container\">\n\t\t\t\t\t<div class=\"e-con-inner\">\n\t\t\t\t<div class=\"elementor-element elementor-element-iwgs-triskele-kwdt elementor-widget elementor-widget-text-editor\" data-id=\"iwgs-triskele-kwdt\" data-element_type=\"widget\" data-e-type=\"widget\" data-widget_type=\"text-editor.default\">\n\t\t\t\t\t\t\t\t\t<p><em>Tengd leitaror\u00f0: Triskele Triskelion sp\u00edralt\u00e1kn \u00ferenning Newgrange Isle of Man keltneskt hreyfing.<\/em><\/p>\t\t\t\t\t\t\t\t<\/div>\n\t\t\t\t\t<\/div>\n\t\t\t\t<\/div>\n\t\t<div class=\"elementor-element elementor-element-iwgs-triskele-cc e-flex e-con-boxed e-con e-parent\" data-id=\"iwgs-triskele-cc\" data-element_type=\"container\" data-e-type=\"container\" id=\"iwg-cc-triskele\">\n\t\t\t\t\t<div class=\"e-con-inner\">\n\t\t<div class=\"elementor-element elementor-element-iwgs-triskele-ccinner e-flex e-con-boxed e-con e-parent\" data-id=\"iwgs-triskele-ccinner\" data-element_type=\"container\" data-e-type=\"container\" data-settings=\"{&quot;background_background&quot;:&quot;classic&quot;}\">\n\t\t\t\t\t<div class=\"e-con-inner\">\n\t\t\t\t<div class=\"elementor-element elementor-element-iwgs-triskele-cch elementor-widget elementor-widget-heading\" data-id=\"iwgs-triskele-cch\" data-element_type=\"widget\" data-e-type=\"widget\" data-widget_type=\"heading.default\">\n\t\t\t\t\t<h2 class=\"elementor-heading-title elementor-size-default\">iWell Guard og verndarhef\u00f0ir<\/h2>\t\t\t\t<\/div>\n\t\t\t\t<div class=\"elementor-element elementor-element-iwgs-triskele-cct elementor-widget elementor-widget-text-editor\" data-id=\"iwgs-triskele-cct\" data-element_type=\"widget\" data-e-type=\"widget\" data-widget_type=\"text-editor.default\">\n\t\t\t\t\t\t\t\t\t<p>iWell Guard er hluti af menningars\u00f6gulegri hef\u00f0 handh\u00e6gra skj\u00f3lgripa, sem triskele-t\u00e1kni\u00f0 tilheyrir einnig. N\u00fat\u00edmalegur fylgihlutur fyrir f\u00f3lk sem lifir me\u00f0 verndart\u00e1knum: framleiddur \u00ed \u00de\u00fdskalandi, 41 lag \u00far sk\u00edragulli, plat\u00ednu og silfri, me\u00f0 30 daga skilar\u00e9tti.<\/p>\t\t\t\t\t\t\t\t<\/div>\n\t\t\t\t<div class=\"elementor-element elementor-element-iwgs-triskele-ccb iwg-cc-button iwg-cc-cta-2026-05-13 elementor-widget elementor-widget-jet-button\" data-id=\"iwgs-triskele-ccb\" data-element_type=\"widget\" data-e-type=\"widget\" data-widget_type=\"jet-button.default\">\n\t\t\t\t<div class=\"elementor-widget-container\">\n\t\t\t\t\t<div class=\"elementor-jet-button jet-elements\"><div class=\"jet-button__container\"><a class=\"jet-button__instance jet-button__instance--icon-left hover-effect-1\" href=\"\/schutzanhaenger-iwell-guard-kaufen\/?utm_source=iwell-guard.com&amp;utm_medium=info-box&amp;utm_campaign=schutzsymbole\"><div class=\"jet-button__plane jet-button__plane-normal\"><\/div><div class=\"jet-button__plane jet-button__plane-hover\"><\/div><div class=\"jet-button__state jet-button__state-normal\"><span class=\"jet-button__label\">Meira um iWell Guard<\/span><\/div><div class=\"jet-button__state jet-button__state-hover\"><span class=\"jet-button__label\">Meira um iWell Guard<\/span><\/div><\/a><\/div><\/div><style>.elementor-element.elementor-element-iwgs-triskele-ccb .jet-button__instance{width:320px;height:56px;}.elementor-element.elementor-element-iwgs-triskele-ccb .jet-button__state-normal .jet-button__label{text-align:center;margin:0px 0px 0px 0px;color:#1a1b20;font-family:Montserrat,sans-serif;font-size:13px;font-weight:400;letter-spacing:4px;line-height:1.714em;text-transform:uppercase;}.elementor-element.elementor-element-iwgs-triskele-ccb .jet-button__state-hover .jet-button__label{text-align:center;margin:0px 0px 0px 0px;color:#FECC76;font-family:Montserrat,sans-serif;font-size:13px;font-weight:400;letter-spacing:4px;line-height:1.714em;text-transform:uppercase;}.elementor-element.elementor-element-iwgs-triskele-ccb .jet-button__plane-normal{background-color:#FECC76;border-style:solid;border-color:#C99540;border-width:2px 2px 2px 2px;}.elementor-element.elementor-element-iwgs-triskele-ccb .jet-button__plane-hover{background-color:rgba(0,0,0,0.55);border-style:solid;border-color:#FECC76;border-width:2px 2px 2px 2px;}<\/style>\t\t\t\t<\/div>\n\t\t\t\t<\/div>\n\t\t\t\t<div class=\"elementor-element elementor-element-iwgs-triskele-ccd elementor-widget elementor-widget-text-editor\" data-id=\"iwgs-triskele-ccd\" data-element_type=\"widget\" data-e-type=\"widget\" data-widget_type=\"text-editor.default\">\n\t\t\t\t\t\t\t\t\t<p style=\"text-align:center;font-size:13px;opacity:0.7;margin-top:14px\" data-nosnippet=\"true\">Pers\u00f3nuleg reynsla getur veri\u00f0 mismunandi. Ekki l\u00e6kningat\u00e6ki. Engin lofor\u00f0 um l\u00e6kningu.<\/p>\t\t\t\t\t\t\t\t<\/div>\n\t\t\t\t\t<\/div>\n\t\t\t\t<\/div>\n\t\t\t\t\t<\/div>\n\t\t\t\t<\/div>\n\t\t<div class=\"elementor-element elementor-element-iwgs-triskele-disc e-flex e-con-boxed e-con e-parent\" data-id=\"iwgs-triskele-disc\" data-element_type=\"container\" data-e-type=\"container\">\n\t\t\t\t\t<div class=\"e-con-inner\">\n\t\t\t\t<div class=\"elementor-element elementor-element-iwgs-triskele-discw elementor-widget elementor-widget-html\" data-id=\"iwgs-triskele-discw\" data-element_type=\"widget\" data-e-type=\"widget\" data-widget_type=\"html.default\">\n\t\t\t\t\t<footer data-nosnippet=\"true\" class=\"iwg-disclaimer-block\"><p data-nosnippet=\"true\">iWell Guard er <strong>ekki l\u00e6kningat\u00e6ki<\/strong> og kemur ekki \u00ed sta\u00f0 l\u00e6knis- e\u00f0a s\u00e1lfr\u00e6\u00f0ime\u00f0fer\u00f0ar. Innihaldi\u00f0 sem h\u00e9r er sett fram er tr\u00faarbrag\u00f0afr\u00e6\u00f0ileg og menningars\u00f6gulega greining, ekki lofor\u00f0 um andlega virkni.<\/p><\/footer>\t\t\t\t<\/div>\n\t\t\t\t\t<\/div>\n\t\t\t\t<\/div>\n\t\t\t\t<\/div>\n\t\t","protected":false},"excerpt":{"rendered":"","protected":false},"author":3,"featured_media":3492,"parent":0,"menu_order":0,"comment_status":"closed","ping_status":"closed","template":"elementor_header_footer","meta":{"_yoast_wpseo_focuskw":"Triskele","_yoast_wpseo_title":"Triskele \u2013 \u00ferefalt sp\u00edralteikn","_yoast_wpseo_metadesc":"Triskele er \u00ferefalt sp\u00edralteikn me\u00f0 fornar r\u00e6tur. Uppruni, \u00fatbrei\u00f0sla og t\u00falkun \u00fatsk\u00fdr\u00f0 \u00e1 sk\u00fdran h\u00e1tt.","_yoast_wpseo_meta-robots-noindex":"","_yoast_wpseo_canonical":"","_angie_page":false,"gefaehrdungsstufe":"","wesen_kultur":"","wesen_klasse":"","footnotes":""},"categories":[],"class_list":["post-169174","page","type-page","status-publish","has-post-thumbnail","hentry"],"yoast_head":"<!-- This site is optimized with the Yoast SEO Premium plugin v27.7 (Yoast SEO v28.3) - https:\/\/yoast.com\/product\/yoast-seo-premium-wordpress\/ -->\n<title>Triskele \u2013 \u00ferefalt sp\u00edralteikn<\/title>\n<meta name=\"description\" content=\"Triskele er \u00ferefalt sp\u00edralteikn me\u00f0 fornar r\u00e6tur. Uppruni, \u00fatbrei\u00f0sla og t\u00falkun \u00fatsk\u00fdr\u00f0 \u00e1 sk\u00fdran h\u00e1tt.\" \/>\n<meta name=\"robots\" content=\"index, follow, max-snippet:-1, max-image-preview:large, max-video-preview:-1\" \/>\n<link rel=\"canonical\" href=\"https:\/\/iwell-guard.com\/is\/triskele-threfalt-spiralteikn\/\" \/>\n<meta property=\"og:locale\" content=\"is_IS\" \/>\n<meta property=\"og:type\" content=\"article\" \/>\n<meta property=\"og:title\" content=\"Triskele \u2013 \u00ferefalda sp\u00edralteikni\u00f0\" \/>\n<meta property=\"og:description\" content=\"Triskele er \u00ferefalt sp\u00edralteikn me\u00f0 fornar r\u00e6tur. Uppruni, \u00fatbrei\u00f0sla og t\u00falkun \u00fatsk\u00fdr\u00f0 \u00e1 sk\u00fdran h\u00e1tt.\" \/>\n<meta property=\"og:url\" content=\"https:\/\/iwell-guard.com\/is\/triskele-threfalt-spiralteikn\/\" \/>\n<meta property=\"og:site_name\" content=\"iWell Guard\" \/>\n<meta property=\"article:modified_time\" content=\"2026-09-05T14:34:07+00:00\" \/>\n<meta property=\"og:image\" content=\"https:\/\/iwell-guard.com\/wp-content\/uploads\/2026\/05\/schutzsymbol_keltisch_triskele.webp\" \/>\n\t<meta property=\"og:image:width\" content=\"1024\" \/>\n\t<meta property=\"og:image:height\" content=\"1536\" \/>\n\t<meta property=\"og:image:type\" content=\"image\/webp\" \/>\n<meta name=\"twitter:card\" content=\"summary_large_image\" \/>\n<script type=\"application\/ld+json\" class=\"yoast-schema-graph\">{\"@context\":\"https:\\\/\\\/schema.org\",\"@graph\":[{\"@type\":\"WebPage\",\"@id\":\"https:\\\/\\\/iwell-guard.com\\\/is\\\/triskele-threfalt-spiralteikn\\\/\",\"url\":\"https:\\\/\\\/iwell-guard.com\\\/is\\\/triskele-threfalt-spiralteikn\\\/\",\"name\":\"Triskele \u2013 \u00ferefalt sp\u00edralteikn\",\"isPartOf\":{\"@id\":\"https:\\\/\\\/iwell-guard.com\\\/is\\\/#website\"},\"primaryImageOfPage\":{\"@id\":\"https:\\\/\\\/iwell-guard.com\\\/is\\\/triskele-threfalt-spiralteikn\\\/#primaryimage\"},\"image\":{\"@id\":\"https:\\\/\\\/iwell-guard.com\\\/is\\\/triskele-threfalt-spiralteikn\\\/#primaryimage\"},\"thumbnailUrl\":\"https:\\\/\\\/iwell-guard.com\\\/wp-content\\\/uploads\\\/2026\\\/05\\\/schutzsymbol_keltisch_triskele.webp\",\"datePublished\":\"2026-09-05T14:06:14+00:00\",\"dateModified\":\"2026-09-05T14:34:07+00:00\",\"description\":\"Triskele er \u00ferefalt sp\u00edralteikn me\u00f0 fornar r\u00e6tur. Uppruni, \u00fatbrei\u00f0sla og t\u00falkun \u00fatsk\u00fdr\u00f0 \u00e1 sk\u00fdran h\u00e1tt.\",\"breadcrumb\":{\"@id\":\"https:\\\/\\\/iwell-guard.com\\\/is\\\/triskele-threfalt-spiralteikn\\\/#breadcrumb\"},\"inLanguage\":\"is\",\"potentialAction\":[{\"@type\":\"ReadAction\",\"target\":[\"https:\\\/\\\/iwell-guard.com\\\/is\\\/triskele-threfalt-spiralteikn\\\/\"]}]},{\"@type\":\"ImageObject\",\"inLanguage\":\"is\",\"@id\":\"https:\\\/\\\/iwell-guard.com\\\/is\\\/triskele-threfalt-spiralteikn\\\/#primaryimage\",\"url\":\"https:\\\/\\\/iwell-guard.com\\\/wp-content\\\/uploads\\\/2026\\\/05\\\/schutzsymbol_keltisch_triskele.webp\",\"contentUrl\":\"https:\\\/\\\/iwell-guard.com\\\/wp-content\\\/uploads\\\/2026\\\/05\\\/schutzsymbol_keltisch_triskele.webp\",\"width\":1024,\"height\":1536,\"caption\":\"Verndart\u00e1kn. Myndskreyting \u00ed safnst\u00edl.\"},{\"@type\":\"BreadcrumbList\",\"@id\":\"https:\\\/\\\/iwell-guard.com\\\/is\\\/triskele-threfalt-spiralteikn\\\/#breadcrumb\",\"itemListElement\":[{\"@type\":\"ListItem\",\"position\":1,\"name\":\"Start\",\"item\":\"https:\\\/\\\/iwell-guard.com\\\/is\\\/?page_id=168580\"},{\"@type\":\"ListItem\",\"position\":2,\"name\":\"Triskele \u2013 \u00ferefalda sp\u00edralteikni\u00f0\"}]},{\"@type\":\"WebSite\",\"@id\":\"https:\\\/\\\/iwell-guard.com\\\/is\\\/#website\",\"url\":\"https:\\\/\\\/iwell-guard.com\\\/is\\\/\",\"name\":\"iWell Guard\",\"description\":\"Schutz vor dunklen Einfl\u00fcssen\",\"publisher\":{\"@id\":\"https:\\\/\\\/iwell-guard.com\\\/is\\\/#organization\"},\"potentialAction\":[{\"@type\":\"SearchAction\",\"target\":{\"@type\":\"EntryPoint\",\"urlTemplate\":\"https:\\\/\\\/iwell-guard.com\\\/is\\\/?s={search_term_string}\"},\"query-input\":{\"@type\":\"PropertyValueSpecification\",\"valueRequired\":true,\"valueName\":\"search_term_string\"}}],\"inLanguage\":\"is\"},{\"@type\":\"Organization\",\"@id\":\"https:\\\/\\\/iwell-guard.com\\\/is\\\/#organization\",\"name\":\"Ittermann electronic GmbH\",\"url\":\"https:\\\/\\\/iwell-guard.com\\\/is\\\/\",\"logo\":{\"@type\":\"ImageObject\",\"inLanguage\":\"is\",\"@id\":\"https:\\\/\\\/iwell-guard.com\\\/is\\\/#\\\/schema\\\/logo\\\/image\\\/\",\"url\":\"https:\\\/\\\/iwell-guard.com\\\/wp-content\\\/uploads\\\/2026\\\/05\\\/Ittermann-Logo-1182x237-1.png\",\"contentUrl\":\"https:\\\/\\\/iwell-guard.com\\\/wp-content\\\/uploads\\\/2026\\\/05\\\/Ittermann-Logo-1182x237-1.png\",\"width\":1182,\"height\":237,\"caption\":\"Ittermann electronic GmbH\"},\"image\":{\"@id\":\"https:\\\/\\\/iwell-guard.com\\\/is\\\/#\\\/schema\\\/logo\\\/image\\\/\"},\"sameAs\":[\"https:\\\/\\\/pantip.com\\\/profile\\\/9367242\",\"https:\\\/\\\/micro.blog\\\/iwellguard\",\"https:\\\/\\\/www.diggerslist.com\\\/iwellguard\\\/about\",\"https:\\\/\\\/skitterphoto.com\\\/photographers\\\/2870314\\\/iwell-guard\",\"https:\\\/\\\/iwellguard.wordpress.com\\\/2026\\\/06\\\/06\\\/iwell-guard\\\/\",\"https:\\\/\\\/hub.docker.com\\\/u\\\/iwellguard\",\"https:\\\/\\\/www.pinterest.com\\\/iwellguard\\\/\",\"https:\\\/\\\/bit.ly\\\/m\\\/iwellguard\",\"https:\\\/\\\/entre-vos-mains.alsace.eu\\\/profiles\\\/iwellguard\\\/activity\",\"https:\\\/\\\/gravatar.com\\\/reallybeded8fd34\",\"https:\\\/\\\/naijamatta.com\\\/iwellguard\",\"https:\\\/\\\/www.goodreads.com\\\/iwellguard\",\"https:\\\/\\\/profile.hatena.ne.jp\\\/iwellguard\\\/\",\"https:\\\/\\\/experiment.com\\\/users\\\/iwellguard\",\"https:\\\/\\\/wakelet.com\\\/@iWellGuard82270\",\"https:\\\/\\\/www.chordie.com\\\/forum\\\/profile.php?id=2555664\",\"https:\\\/\\\/www.instapaper.com\\\/p\\\/17757966\",\"https:\\\/\\\/www.mapleprimes.com\\\/users\\\/iwellguard\",\"https:\\\/\\\/businesslistingplus.com\\\/profile\\\/iwell-guard\\\/\",\"https:\\\/\\\/telegra.ph\\\/iWell-Guard-06-06\",\"https:\\\/\\\/pbase.com\\\/iwellguard\\\/iwellguard\",\"https:\\\/\\\/b.hatena.ne.jp\\\/iwellguard\\\/20260607#bookmark-4788405196491818882\",\"https:\\\/\\\/fliphtml5.com\\\/home\\\/iwellguard\",\"https:\\\/\\\/anyflip.com\\\/homepage\\\/cmiwl#About\",\"https:\\\/\\\/transfur.com\\\/Users\\\/iwellguard\",\"http:\\\/\\\/delphi.larsbo.org\\\/user\\\/iwellguard\",\"https:\\\/\\\/jobs.lajobsportal.org\\\/profiles\\\/8380803-iwell-guard\",\"https:\\\/\\\/md.chaosdorf.de\\\/s\\\/jfbe5SBdJD\",\"https:\\\/\\\/www.lingvolive.com\\\/en-us\\\/profile\\\/9ecaeaca-ce11-4e51-9e71-01d55e2bff36\\\/translations\",\"https:\\\/\\\/www.fitday.com\\\/fitness\\\/forums\\\/members\\\/iwellguard.html\",\"https:\\\/\\\/www.mymeetbook.com\\\/iwellguard\",\"https:\\\/\\\/pxhere.com\\\/en\\\/photographer-me\\\/5040798\",\"https:\\\/\\\/disqus.com\\\/by\\\/iwellguard\\\/about\\\/\",\"https:\\\/\\\/pastelink.net\\\/hjwciqwq\",\"https:\\\/\\\/pubhtml5.com\\\/homepage\\\/scjhn\\\/\",\"https:\\\/\\\/www.bitchute.com\\\/channel\\\/2O2eOKzNqujT\",\"https:\\\/\\\/audiomack.com\\\/iwellguard\"]}]}<\/script>\n<!-- \/ Yoast SEO Premium plugin. -->","yoast_head_json":{"title":"Triskele \u2013 \u00ferefalt sp\u00edralteikn","description":"Triskele er \u00ferefalt sp\u00edralteikn me\u00f0 fornar r\u00e6tur. Uppruni, \u00fatbrei\u00f0sla og t\u00falkun \u00fatsk\u00fdr\u00f0 \u00e1 sk\u00fdran h\u00e1tt.","robots":{"index":"index","follow":"follow","max-snippet":"max-snippet:-1","max-image-preview":"max-image-preview:large","max-video-preview":"max-video-preview:-1"},"canonical":"https:\/\/iwell-guard.com\/is\/triskele-threfalt-spiralteikn\/","og_locale":"is_IS","og_type":"article","og_title":"Triskele \u2013 \u00ferefalda sp\u00edralteikni\u00f0","og_description":"Triskele er \u00ferefalt sp\u00edralteikn me\u00f0 fornar r\u00e6tur. Uppruni, \u00fatbrei\u00f0sla og t\u00falkun \u00fatsk\u00fdr\u00f0 \u00e1 sk\u00fdran h\u00e1tt.","og_url":"https:\/\/iwell-guard.com\/is\/triskele-threfalt-spiralteikn\/","og_site_name":"iWell Guard","article_modified_time":"2026-09-05T14:34:07+00:00","og_image":[{"width":1024,"height":1536,"url":"https:\/\/iwell-guard.com\/wp-content\/uploads\/2026\/05\/schutzsymbol_keltisch_triskele.webp","type":"image\/webp"}],"twitter_card":"summary_large_image","schema":{"@context":"https:\/\/schema.org","@graph":[{"@type":"WebPage","@id":"https:\/\/iwell-guard.com\/is\/triskele-threfalt-spiralteikn\/","url":"https:\/\/iwell-guard.com\/is\/triskele-threfalt-spiralteikn\/","name":"Triskele \u2013 \u00ferefalt sp\u00edralteikn","isPartOf":{"@id":"https:\/\/iwell-guard.com\/is\/#website"},"primaryImageOfPage":{"@id":"https:\/\/iwell-guard.com\/is\/triskele-threfalt-spiralteikn\/#primaryimage"},"image":{"@id":"https:\/\/iwell-guard.com\/is\/triskele-threfalt-spiralteikn\/#primaryimage"},"thumbnailUrl":"https:\/\/iwell-guard.com\/wp-content\/uploads\/2026\/05\/schutzsymbol_keltisch_triskele.webp","datePublished":"2026-09-05T14:06:14+00:00","dateModified":"2026-09-05T14:34:07+00:00","description":"Triskele er \u00ferefalt sp\u00edralteikn me\u00f0 fornar r\u00e6tur. Uppruni, \u00fatbrei\u00f0sla og t\u00falkun \u00fatsk\u00fdr\u00f0 \u00e1 sk\u00fdran h\u00e1tt.","breadcrumb":{"@id":"https:\/\/iwell-guard.com\/is\/triskele-threfalt-spiralteikn\/#breadcrumb"},"inLanguage":"is","potentialAction":[{"@type":"ReadAction","target":["https:\/\/iwell-guard.com\/is\/triskele-threfalt-spiralteikn\/"]}]},{"@type":"ImageObject","inLanguage":"is","@id":"https:\/\/iwell-guard.com\/is\/triskele-threfalt-spiralteikn\/#primaryimage","url":"https:\/\/iwell-guard.com\/wp-content\/uploads\/2026\/05\/schutzsymbol_keltisch_triskele.webp","contentUrl":"https:\/\/iwell-guard.com\/wp-content\/uploads\/2026\/05\/schutzsymbol_keltisch_triskele.webp","width":1024,"height":1536,"caption":"Verndart\u00e1kn. Myndskreyting \u00ed safnst\u00edl."},{"@type":"BreadcrumbList","@id":"https:\/\/iwell-guard.com\/is\/triskele-threfalt-spiralteikn\/#breadcrumb","itemListElement":[{"@type":"ListItem","position":1,"name":"Start","item":"https:\/\/iwell-guard.com\/is\/?page_id=168580"},{"@type":"ListItem","position":2,"name":"Triskele \u2013 \u00ferefalda sp\u00edralteikni\u00f0"}]},{"@type":"WebSite","@id":"https:\/\/iwell-guard.com\/is\/#website","url":"https:\/\/iwell-guard.com\/is\/","name":"iWell Guard","description":"Schutz vor dunklen Einfl\u00fcssen","publisher":{"@id":"https:\/\/iwell-guard.com\/is\/#organization"},"potentialAction":[{"@type":"SearchAction","target":{"@type":"EntryPoint","urlTemplate":"https:\/\/iwell-guard.com\/is\/?s={search_term_string}"},"query-input":{"@type":"PropertyValueSpecification","valueRequired":true,"valueName":"search_term_string"}}],"inLanguage":"is"},{"@type":"Organization","@id":"https:\/\/iwell-guard.com\/is\/#organization","name":"Ittermann electronic GmbH","url":"https:\/\/iwell-guard.com\/is\/","logo":{"@type":"ImageObject","inLanguage":"is","@id":"https:\/\/iwell-guard.com\/is\/#\/schema\/logo\/image\/","url":"https:\/\/iwell-guard.com\/wp-content\/uploads\/2026\/05\/Ittermann-Logo-1182x237-1.png","contentUrl":"https:\/\/iwell-guard.com\/wp-content\/uploads\/2026\/05\/Ittermann-Logo-1182x237-1.png","width":1182,"height":237,"caption":"Ittermann electronic GmbH"},"image":{"@id":"https:\/\/iwell-guard.com\/is\/#\/schema\/logo\/image\/"},"sameAs":["https:\/\/pantip.com\/profile\/9367242","https:\/\/micro.blog\/iwellguard","https:\/\/www.diggerslist.com\/iwellguard\/about","https:\/\/skitterphoto.com\/photographers\/2870314\/iwell-guard","https:\/\/iwellguard.wordpress.com\/2026\/06\/06\/iwell-guard\/","https:\/\/hub.docker.com\/u\/iwellguard","https:\/\/www.pinterest.com\/iwellguard\/","https:\/\/bit.ly\/m\/iwellguard","https:\/\/entre-vos-mains.alsace.eu\/profiles\/iwellguard\/activity","https:\/\/gravatar.com\/reallybeded8fd34","https:\/\/naijamatta.com\/iwellguard","https:\/\/www.goodreads.com\/iwellguard","https:\/\/profile.hatena.ne.jp\/iwellguard\/","https:\/\/experiment.com\/users\/iwellguard","https:\/\/wakelet.com\/@iWellGuard82270","https:\/\/www.chordie.com\/forum\/profile.php?id=2555664","https:\/\/www.instapaper.com\/p\/17757966","https:\/\/www.mapleprimes.com\/users\/iwellguard","https:\/\/businesslistingplus.com\/profile\/iwell-guard\/","https:\/\/telegra.ph\/iWell-Guard-06-06","https:\/\/pbase.com\/iwellguard\/iwellguard","https:\/\/b.hatena.ne.jp\/iwellguard\/20260607#bookmark-4788405196491818882","https:\/\/fliphtml5.com\/home\/iwellguard","https:\/\/anyflip.com\/homepage\/cmiwl#About","https:\/\/transfur.com\/Users\/iwellguard","http:\/\/delphi.larsbo.org\/user\/iwellguard","https:\/\/jobs.lajobsportal.org\/profiles\/8380803-iwell-guard","https:\/\/md.chaosdorf.de\/s\/jfbe5SBdJD","https:\/\/www.lingvolive.com\/en-us\/profile\/9ecaeaca-ce11-4e51-9e71-01d55e2bff36\/translations","https:\/\/www.fitday.com\/fitness\/forums\/members\/iwellguard.html","https:\/\/www.mymeetbook.com\/iwellguard","https:\/\/pxhere.com\/en\/photographer-me\/5040798","https:\/\/disqus.com\/by\/iwellguard\/about\/","https:\/\/pastelink.net\/hjwciqwq","https:\/\/pubhtml5.com\/homepage\/scjhn\/","https:\/\/www.bitchute.com\/channel\/2O2eOKzNqujT","https:\/\/audiomack.com\/iwellguard"]}]}},"_links":{"self":[{"href":"https:\/\/iwell-guard.com\/is\/wp-json\/wp\/v2\/pages\/169174","targetHints":{"allow":["GET"]}}],"collection":[{"href":"https:\/\/iwell-guard.com\/is\/wp-json\/wp\/v2\/pages"}],"about":[{"href":"https:\/\/iwell-guard.com\/is\/wp-json\/wp\/v2\/types\/page"}],"author":[{"embeddable":true,"href":"https:\/\/iwell-guard.com\/is\/wp-json\/wp\/v2\/users\/3"}],"replies":[{"embeddable":true,"href":"https:\/\/iwell-guard.com\/is\/wp-json\/wp\/v2\/comments?post=169174"}],"version-history":[{"count":0,"href":"https:\/\/iwell-guard.com\/is\/wp-json\/wp\/v2\/pages\/169174\/revisions"}],"wp:featuredmedia":[{"embeddable":true,"href":"https:\/\/iwell-guard.com\/is\/wp-json\/wp\/v2\/media\/3492"}],"wp:attachment":[{"href":"https:\/\/iwell-guard.com\/is\/wp-json\/wp\/v2\/media?parent=169174"}],"wp:term":[{"taxonomy":"category","embeddable":true,"href":"https:\/\/iwell-guard.com\/is\/wp-json\/wp\/v2\/categories?post=169174"}],"curies":[{"name":"wp","href":"https:\/\/api.w.org\/{rel}","templated":true}]}}