{"id":169173,"date":"2026-09-05T14:06:13","date_gmt":"2026-09-05T14:06:13","guid":{"rendered":"https:\/\/iwell-guard.com\/?page_id=169173"},"modified":"2026-09-05T14:34:07","modified_gmt":"2026-09-05T14:34:07","slug":"brigidkross-verndarkross-irlands","status":"publish","type":"page","link":"https:\/\/iwell-guard.com\/is\/brigidkross-verndarkross-irlands\/","title":{"rendered":"Brigidkrossinn \u2013 fl\u00e9tta\u00f0i verndarkrossinn \u00cdrlands"},"content":{"rendered":"\t\t<div data-elementor-type=\"wp-page\" data-elementor-id=\"169173\" class=\"elementor elementor-169173 elementor-3663 elementor-bc-flex-widget\" data-elementor-post-type=\"page\">\n\t\t\t\t<div class=\"elementor-element elementor-element-iwgs-brigidkreuz-hero e-flex e-con-boxed e-con e-parent\" data-id=\"iwgs-brigidkreuz-hero\" data-element_type=\"container\" data-e-type=\"container\">\n\t\t\t\t\t<div class=\"e-con-inner\">\n\t\t<div class=\"elementor-element elementor-element-iwgs-brigidkreuz-hl e-flex e-con-boxed e-con e-parent\" data-id=\"iwgs-brigidkreuz-hl\" data-element_type=\"container\" data-e-type=\"container\">\n\t\t\t\t\t<div class=\"e-con-inner\">\n\t\t<div class=\"elementor-element elementor-element-iwgs-brigidkreuz-hlbox e-con-full e-flex e-con e-parent\" data-id=\"iwgs-brigidkreuz-hlbox\" data-element_type=\"container\" data-e-type=\"container\">\n\t\t\t\t<div class=\"elementor-element elementor-element-iwgs-brigidkreuz-h1 elementor-widget elementor-widget-heading\" data-id=\"iwgs-brigidkreuz-h1\" data-element_type=\"widget\" data-e-type=\"widget\" data-widget_type=\"heading.default\">\n\t\t\t\t\t<h1 class=\"elementor-heading-title elementor-size-default\">Brigidkrossinn \u2013 fl\u00e9tta\u00f0i verndarkrossinn \u00cdrlands<\/h1>\t\t\t\t<\/div>\n\t\t\t\t<div class=\"elementor-element elementor-element-iwgs-brigidkreuz-lead elementor-widget elementor-widget-text-editor\" data-id=\"iwgs-brigidkreuz-lead\" data-element_type=\"widget\" data-e-type=\"widget\" data-widget_type=\"text-editor.default\">\n\t\t\t\t\t\t\t\t\t<p>Brigidkrossinn er kross fl\u00e9tta\u00f0ur \u00far sefi, me\u00f0 mi\u00f0ju sem er l\u00edti\u00f0 tilf\u00e6r\u00f0 og fj\u00f3rum \u00f6rmum. \u00c1 \u00cdrlandi er hann fl\u00e9tta\u00f0ur a\u00f0 n\u00fdju \u00e1 hverju \u00e1ri og hengdur yfir hur\u00f0ina til a\u00f0 vernda heimili og b\u00e6.<\/p>\t\t\t\t\t\t\t\t<\/div>\n\t\t\t\t<\/div>\n\t\t\t\t<div class=\"elementor-element elementor-element-iwgs-brigidkreuz-pills elementor-widget elementor-widget-html\" data-id=\"iwgs-brigidkreuz-pills\" data-element_type=\"widget\" data-e-type=\"widget\" data-widget_type=\"html.default\">\n\t\t\t\t\t<div class=\"iwg-pill-row\"><span class=\"iwg-klasse-badge\" tabindex=\"0\" data-tooltip=\"Verndart\u00e1kn, gripur e\u00f0a apotropa\u00edskt fyrirb\u00e6ri.\">Verndart\u00e1kn<\/span><a href=\"https:\/\/iwell-guard.com\/is\/keltneskt\/\" class=\"iwg-kultur-badge\" tabindex=\"0\" data-tooltip=\"Verndarhef\u00f0: Keltnesk\">Keltnesk<\/a><span class=\"iwg-tradition-badge\" tabindex=\"0\" data-tooltip=\"T\u00e1kn sem \u00e1 a\u00f0 veita e\u00f0a s\u00fdna vernd.\">Verndart\u00e1kn<\/span><\/div>\t\t\t\t<\/div>\n\t\t\t\t\t<\/div>\n\t\t\t\t<\/div>\n\t\t<div class=\"elementor-element elementor-element-iwgs-brigidkreuz-hr e-con-full e-flex e-con e-parent\" data-id=\"iwgs-brigidkreuz-hr\" data-element_type=\"container\" data-e-type=\"container\">\n\t\t\t\t<div class=\"elementor-element elementor-element-iwgs-brigidkreuz-himg iwg-hero-image elementor-widget elementor-widget-image\" data-id=\"iwgs-brigidkreuz-himg\" data-element_type=\"widget\" data-e-type=\"widget\" data-widget_type=\"image.default\">\n\t\t\t\t\t\t\t\t\t\t\t\t\t\t\t<img fetchpriority=\"high\" decoding=\"async\" width=\"683\" height=\"1024\" src=\"https:\/\/iwell-guard.com\/wp-content\/uploads\/2026\/05\/schutzsymbol_keltisch_brigidkreuz-683x1024.webp\" class=\"attachment-large size-large wp-image-170563\" alt=\"Brigid-kross - verndart\u00e1kn, safnfr\u00e6\u00f0ileg mynd\" srcset=\"https:\/\/iwell-guard.com\/wp-content\/uploads\/2026\/05\/schutzsymbol_keltisch_brigidkreuz-683x1024.webp 683w, https:\/\/iwell-guard.com\/wp-content\/uploads\/2026\/05\/schutzsymbol_keltisch_brigidkreuz-200x300.webp 200w, https:\/\/iwell-guard.com\/wp-content\/uploads\/2026\/05\/schutzsymbol_keltisch_brigidkreuz-768x1152.webp 768w, https:\/\/iwell-guard.com\/wp-content\/uploads\/2026\/05\/schutzsymbol_keltisch_brigidkreuz.webp 1024w\" sizes=\"(max-width: 683px) 100vw, 683px\" \/>\t\t\t\t\t\t\t\t\t\t\t\t\t\t\t<\/div>\n\t\t\t\t<\/div>\n\t\t\t\t\t<\/div>\n\t\t\t\t<\/div>\n\t\t<div class=\"elementor-element elementor-element-iwgs-brigidkreuz-s0 e-flex e-con-boxed e-con e-parent\" data-id=\"iwgs-brigidkreuz-s0\" data-element_type=\"container\" data-e-type=\"container\">\n\t\t\t\t\t<div class=\"e-con-inner\">\n\t\t\t\t<div class=\"elementor-element elementor-element-iwgs-brigidkreuz-s0h elementor-widget elementor-widget-heading\" data-id=\"iwgs-brigidkreuz-s0h\" data-element_type=\"widget\" data-e-type=\"widget\" data-widget_type=\"heading.default\">\n\t\t\t\t\t<h2 class=\"elementor-heading-title elementor-size-default\">Yfirlit<\/h2>\t\t\t\t<\/div>\n\t\t<div class=\"elementor-element elementor-element-iwgs-brigidkreuz-s0box e-con-full e-flex e-con e-parent\" data-id=\"iwgs-brigidkreuz-s0box\" data-element_type=\"container\" data-e-type=\"container\">\n\t\t\t\t<div class=\"elementor-element elementor-element-iwgs-brigidkreuz-s0t elementor-widget elementor-widget-text-editor\" data-id=\"iwgs-brigidkreuz-s0t\" data-element_type=\"widget\" data-e-type=\"widget\" data-widget_type=\"text-editor.default\">\n\t\t\t\t\t\t\t\t\t<p>Brigidkrossinn er verndart\u00e1kn fr\u00e1 \u00cdrlandi og tilheyrir <a href=\"https:\/\/iwell-guard.com\/is\/keltneskt\/\">keltneskum<\/a> menningarheimi. Hann er fl\u00e9tta\u00f0ur \u00far sefi e\u00f0a str\u00e1i og hefur einkennandi, \u00f3hef\u00f0bundna form.<\/p><p>Krossinn samanstendur af tilf\u00e6r\u00f0um, n\u00e6r ferningslaga mi\u00f0juhluta sem fj\u00f3rir armar liggja \u00fat fr\u00e1. \u00deessir armar eru bundnir saman me\u00f0 b\u00f6ndum e\u00f0a \u00fer\u00e1\u00f0um. Heildarformi\u00f0 er au\u00f0\u00feekkjanlegt.<\/p><p>Brigidkrossinn er verndargripur heimilisins. Hann er hengdur yfir hur\u00f0ina, \u00e1 vegg e\u00f0a \u00ed fj\u00e1rh\u00fasi og er talinn vernda heimili, fj\u00f6lskyldu og b\u00faf\u00e9na\u00f0 fr\u00e1 \u00f3hamingju.<\/p><p>Me\u00f0 Brigidkrossinum er fastur <span class=\"iwg-fachbegriff\" data-tooltip=\"Hef\u00f0bundin ath\u00f6fn sem endurtekin er reglulega innan samf\u00e9lags.\" tabindex=\"0\">si\u00f0ur<\/span> tengdur. Hann er hef\u00f0bundi\u00f0 fl\u00e9tta\u00f0ur a\u00f0 n\u00fdju \u00e1 \u00e1kve\u00f0num degi \u00e1rsins, \u00e1 degi heilagrar Brigid \u00ed upphafi febr\u00faar.<\/p><p>\u00cd <span class=\"iwg-fachbegriff\" data-tooltip=\"V\u00edsindin sem rannsaka tr\u00faarbr\u00f6g\u00f0 samanbur\u00f0arlega og \u00e1n tr\u00faarlegrar skuldbindingar.\" tabindex=\"0\">tr\u00faarbrag\u00f0afr\u00e6\u00f0um<\/span> og \u00ed <span class=\"iwg-fachbegriff\" data-tooltip=\"Fr\u00e6\u00f0igrein sem rannsakar hversdagsmenningu, si\u00f0i og hef\u00f0bundnar hugmyndir.\" tabindex=\"0\">\u00fej\u00f3\u00f0h\u00e1ttafr\u00e6\u00f0i<\/span> er Brigidkrossinn vel skjalfest d\u00e6mi um fl\u00e9tta\u00f0 verndart\u00e1kn \u00far n\u00e1tt\u00farulegu efni. Hann stendur \u00e1 m\u00f3tum forkristinnar og kristinnar <span class=\"iwg-fachbegriff\" data-tooltip=\"Mi\u00f0lun \u00feekkingar og fr\u00e1sagna milli kynsl\u00f3\u00f0a.\" tabindex=\"0\">arfleif\u00f0ar<\/span>.<\/p><p>\u00deessi tenging fornrar og kristinnar arfleif\u00f0ar er einkennandi fyrir Brigidkrossinn. Hann er n\u00e1tengdur pers\u00f3nu Brigid, og \u00feessi pers\u00f3na hefur tv\u00f6falda, forna og kristna merkingu.<\/p>\t\t\t\t\t\t\t\t<\/div>\n\t\t\t\t<\/div>\n\t\t\t\t\t<\/div>\n\t\t\t\t<\/div>\n\t\t<div class=\"elementor-element elementor-element-iwgs-brigidkreuz-s1 e-flex e-con-boxed e-con e-parent\" data-id=\"iwgs-brigidkreuz-s1\" data-element_type=\"container\" data-e-type=\"container\">\n\t\t\t\t\t<div class=\"e-con-inner\">\n\t\t\t\t<div class=\"elementor-element elementor-element-iwgs-brigidkreuz-s1h elementor-widget elementor-widget-heading\" data-id=\"iwgs-brigidkreuz-s1h\" data-element_type=\"widget\" data-e-type=\"widget\" data-widget_type=\"heading.default\">\n\t\t\t\t\t<h2 class=\"elementor-heading-title elementor-size-default\">Brigid: gy\u00f0ja og heil\u00f6g kona<\/h2>\t\t\t\t<\/div>\n\t\t<div class=\"elementor-element elementor-element-iwgs-brigidkreuz-s1box e-con-full e-flex e-con e-parent\" data-id=\"iwgs-brigidkreuz-s1box\" data-element_type=\"container\" data-e-type=\"container\">\n\t\t\t\t<div class=\"elementor-element elementor-element-iwgs-brigidkreuz-s1t elementor-widget elementor-widget-text-editor\" data-id=\"iwgs-brigidkreuz-s1t\" data-element_type=\"widget\" data-e-type=\"widget\" data-widget_type=\"text-editor.default\">\n\t\t\t\t\t\t\t\t\t<p>Brigidkrossinn ber nafn Brigid. \u00deessi pers\u00f3na hefur tv\u00f6falda merkingu \u00e1 \u00cdrlandi. Til er forna gy\u00f0jan Brigid og hin kristna heilaga Brigid fr\u00e1 Kildare.<\/p><p>Gy\u00f0jan Brigid tilheyrir forkristinni <span class=\"iwg-fachbegriff\" data-tooltip=\"Mi\u00f0lun \u00feekkingar og fr\u00e1sagna milli kynsl\u00f3\u00f0a.\" tabindex=\"0\">arfleif\u00f0<\/span> \u00cdrlands. H\u00fan er tengd eldi, sk\u00e1ldskap, l\u00e6knislist og sm\u00ed\u00f0ai\u00f0n. H\u00fan var mikilv\u00e6g pers\u00f3na \u00ed \u00edrska gu\u00f0aheiminum.<\/p><p>Heil\u00f6g Brigid fr\u00e1 Kildare er ein mikilv\u00e6gasta heilaga kona \u00cdrlands. H\u00fan er tignu\u00f0 samhli\u00f0a heil\u00f6gum Patreki og er talin stofnandi mikilv\u00e6gs klaustursamf\u00e9lags.<\/p><p>Milli gy\u00f0junnar og heil\u00f6gu konunnar eru \u00e1berandi samsvaranir. B\u00e1\u00f0ar eru tengdar eldi, b\u00e1\u00f0ar um\u00f6nnun og vernd. Fr\u00e6\u00f0imenn hafa miki\u00f0 r\u00e6tt samband \u00feessara tveggja pers\u00f3na.<\/p><p>Brigidkrossinn stendur \u00e1 \u00feessum m\u00f3tum. Hann er tengdur heilagri Brigid og h\u00e1t\u00ed\u00f0ardegi hennar, og ber jafnframt einkenni sem g\u00e6tu n\u00e1\u00f0 aftur til forkristins t\u00edma.<\/p><p>\u00deessi tv\u00f6falda r\u00f3t gerir Brigidkrossinn a\u00f0 g\u00f3\u00f0u d\u00e6mi um m\u00f3t fornrar og kristinnar arfleif\u00f0ar \u00e1 \u00cdrlandi. \u00cd honum eru b\u00e1\u00f0ar \u00feessar lagskiptingar samt\u00edmis vi\u00f0staddar.<\/p>\t\t\t\t\t\t\t\t<\/div>\n\t\t\t\t<\/div>\n\t\t\t\t\t<\/div>\n\t\t\t\t<\/div>\n\t\t<div class=\"elementor-element elementor-element-iwgs-brigidkreuz-s2 e-flex e-con-boxed e-con e-parent\" data-id=\"iwgs-brigidkreuz-s2\" data-element_type=\"container\" data-e-type=\"container\">\n\t\t\t\t\t<div class=\"e-con-inner\">\n\t\t\t\t<div class=\"elementor-element elementor-element-iwgs-brigidkreuz-s2h elementor-widget elementor-widget-heading\" data-id=\"iwgs-brigidkreuz-s2h\" data-element_type=\"widget\" data-e-type=\"widget\" data-widget_type=\"heading.default\">\n\t\t\t\t\t<h2 class=\"elementor-heading-title elementor-size-default\">Form krossins<\/h2>\t\t\t\t<\/div>\n\t\t<div class=\"elementor-element elementor-element-iwgs-brigidkreuz-s2box e-con-full e-flex e-con e-parent\" data-id=\"iwgs-brigidkreuz-s2box\" data-element_type=\"container\" data-e-type=\"container\">\n\t\t\t\t<div class=\"elementor-element elementor-element-iwgs-brigidkreuz-s2t elementor-widget elementor-widget-text-editor\" data-id=\"iwgs-brigidkreuz-s2t\" data-element_type=\"widget\" data-e-type=\"widget\" data-widget_type=\"text-editor.default\">\n\t\t\t\t\t\t\t\t\t<p>Brigidkrossinn hefur s\u00e9rst\u00e6tt, \u00f3hef\u00f0bundi\u00f0 form. Einkenni hans er tilf\u00e6r\u00f0ur mi\u00f0juhluti sem myndast vi\u00f0 fl\u00e9ttun str\u00e1anna.<\/p><p>\u00cd mi\u00f0ju krossins liggur n\u00e6r ferningslaga, fl\u00e9tta\u00f0ur hluti. Str\u00e1in eru \u00fear samofin \u00e1 \u00feann h\u00e1tt a\u00f0 \u00fe\u00e9ttur, ofinn ferningur myndast.<\/p><p>Fr\u00e1 \u00feessum mi\u00f0juhluta liggja fj\u00f3rir armar. \u00deeir v\u00edsa \u00ed fj\u00f3rar \u00e1ttir, en eru ekki n\u00e1kv\u00e6mlega samhverfir, heldur l\u00edtillega tilf\u00e6r\u00f0ir. \u00deannig myndast \u00e1hrif eins konar sn\u00fanings \u00ed krossinum.<\/p><p>Endar armanna eru bundnir saman me\u00f0 \u00fer\u00e1\u00f0um e\u00f0a b\u00f6ndum. \u00deessi binding heldur fl\u00e9ttunni saman og gefur krossinum fastan form.<\/p><p>Til eru \u00fdmis afbrig\u00f0i af Brigidkrossinum. Sumir hafa \u00ferj\u00e1 arma, flestir hafa fj\u00f3ra. Fj\u00f6ldi og fyrirkomulag armanna geta veri\u00f0 l\u00edtillega mismunandi milli sv\u00e6\u00f0a.<\/p><p>Grunnformi\u00f0, fl\u00e9tta\u00f0ur mi\u00f0juhluti me\u00f0 tilf\u00e6r\u00f0um \u00f6rmum, er \u00fe\u00f3 alls sta\u00f0ar sama. \u00c1 \u00fev\u00ed er Brigidkrossinn samstundis au\u00f0\u00feekkjanlegur, og \u00fea\u00f0 greinir hann fr\u00e1 \u00f6llum \u00f6\u00f0rum kross-formum.<\/p>\t\t\t\t\t\t\t\t<\/div>\n\t\t\t\t<\/div>\n\t\t\t\t\t<\/div>\n\t\t\t\t<\/div>\n\t\t<div class=\"elementor-element elementor-element-iwgs-brigidkreuz-s3 e-flex e-con-boxed e-con e-parent\" data-id=\"iwgs-brigidkreuz-s3\" data-element_type=\"container\" data-e-type=\"container\">\n\t\t\t\t\t<div class=\"e-con-inner\">\n\t\t\t\t<div class=\"elementor-element elementor-element-iwgs-brigidkreuz-s3h elementor-widget elementor-widget-heading\" data-id=\"iwgs-brigidkreuz-s3h\" data-element_type=\"widget\" data-e-type=\"widget\" data-widget_type=\"heading.default\">\n\t\t\t\t\t<h2 class=\"elementor-heading-title elementor-size-default\">Fl\u00e9tta\u00f0ur \u00far sefi<\/h2>\t\t\t\t<\/div>\n\t\t<div class=\"elementor-element elementor-element-iwgs-brigidkreuz-s3box e-con-full e-flex e-con e-parent\" data-id=\"iwgs-brigidkreuz-s3box\" data-element_type=\"container\" data-e-type=\"container\">\n\t\t\t\t<div class=\"elementor-element elementor-element-iwgs-brigidkreuz-s3t elementor-widget elementor-widget-text-editor\" data-id=\"iwgs-brigidkreuz-s3t\" data-element_type=\"widget\" data-e-type=\"widget\" data-widget_type=\"text-editor.default\">\n\t\t\t\t\t\t\t\t\t<p>Brigidkrossinn er ger\u00f0ur \u00far einf\u00f6ldu n\u00e1tt\u00farulegu efni. Nota\u00f0 er sef, \u00fe.e. stengur \u00e1kve\u00f0inna m\u00fdrar- og engjaplanta, og einnig str\u00e1.<\/p><p>\u00deessi efni voru au\u00f0f\u00e1anleg \u00ed sveitinni. Brigidkrossinn var \u00feannig ekki kostna\u00f0arsamur gripur, heldur verndart\u00e1kn sem hvert heimili gat gert \u00far \u00fev\u00ed sem var til \u00ed n\u00e1nasta umhverfi.<\/p><p>Fl\u00e9ttun krossins fylgir \u00e1kve\u00f0inni t\u00e6kni. Stengurnar eru lag\u00f0ar hver yfir a\u00f0ra og fl\u00e9tta\u00f0ar saman skref fyrir skref, \u00fear til mi\u00f0juhlutinn og fj\u00f3rir armarnir myndast.<\/p><p>Fl\u00e9ttunin var oft samf\u00e9lagsleg ath\u00f6fn. \u00cd fj\u00f6lskyldum var Brigidkrossinn ger\u00f0ur saman, og \u00feekkingin \u00e1 fl\u00e9ttut\u00e6kninni var mi\u00f0la\u00f0 fr\u00e1 einni kynsl\u00f3\u00f0 til annarrar.<\/p><p>\u00dear sem Brigidkrossinn er ger\u00f0ur \u00far forgengilegu n\u00e1tt\u00farulegu efni, er hann ekki \u00e6tla\u00f0ur til varanlegrar var\u00f0veislu. Sefi\u00f0 \u00feornar og ver\u00f0ur broth\u00e6tt me\u00f0 t\u00edmanum.<\/p><p>\u00deessi forgengileiki er n\u00e1kv\u00e6mlega hluti af <span class=\"iwg-fachbegriff\" data-tooltip=\"Hef\u00f0bundin ath\u00f6fn sem endurtekin er reglulega innan samf\u00e9lags.\" tabindex=\"0\">si\u00f0num<\/span>. Brigidkrossinn er ekki var\u00f0veittur a\u00f0 eil\u00edfu, heldur fl\u00e9tta\u00f0ur a\u00f0 n\u00fdju \u00e1 hverju \u00e1ri. \u00deessi \u00e1rlega endurn\u00fdjun er mikilv\u00e6gt einkenni si\u00f0arins.<\/p>\t\t\t\t\t\t\t\t<\/div>\n\t\t\t\t<\/div>\n\t\t\t\t\t<\/div>\n\t\t\t\t<\/div>\n\t\t<div class=\"elementor-element elementor-element-iwgs-brigidkreuz-s4 e-flex e-con-boxed e-con e-parent\" data-id=\"iwgs-brigidkreuz-s4\" data-element_type=\"container\" data-e-type=\"container\">\n\t\t\t\t\t<div class=\"e-con-inner\">\n\t\t\t\t<div class=\"elementor-element elementor-element-iwgs-brigidkreuz-s4h elementor-widget elementor-widget-heading\" data-id=\"iwgs-brigidkreuz-s4h\" data-element_type=\"widget\" data-e-type=\"widget\" data-widget_type=\"heading.default\">\n\t\t\t\t\t<h2 class=\"elementor-heading-title elementor-size-default\">Dagur Brigid<\/h2>\t\t\t\t<\/div>\n\t\t<div class=\"elementor-element elementor-element-iwgs-brigidkreuz-s4box e-con-full e-flex e-con e-parent\" data-id=\"iwgs-brigidkreuz-s4box\" data-element_type=\"container\" data-e-type=\"container\">\n\t\t\t\t<div class=\"elementor-element elementor-element-iwgs-brigidkreuz-s4t elementor-widget elementor-widget-text-editor\" data-id=\"iwgs-brigidkreuz-s4t\" data-element_type=\"widget\" data-e-type=\"widget\" data-widget_type=\"text-editor.default\">\n\t\t\t\t\t\t\t\t\t<p>Brigidarkrossinn er hef\u00f0bundi\u00f0 fl\u00e9tta\u00f0ur \u00e1 \u00e1kve\u00f0num degi, \u00e1 messudegi heilagrar Brigid. \u00deessi dagur er \u00ed byrjun febr\u00faar.<\/p><p>Sami t\u00edmapunktur \u00e1rsins var mikilv\u00e6g h\u00e1t\u00ed\u00f0 \u00ed forkristinni \u00edrskri <span class=\"iwg-fachbegriff\" data-tooltip=\"A\u00f0 mi\u00f0la \u00feekkingu og fr\u00e1s\u00f6gnum milli kynsl\u00f3\u00f0a.\" tabindex=\"0\">munnm\u00e6lahef\u00f0<\/span>. Hann marka\u00f0i umskiptin fr\u00e1 vetri til upphafs vors, t\u00edmann \u00feegar b\u00faf\u00e9 f\u00f3r aftur a\u00f0 bera l\u00f6mb.<\/p><p>Messudagur Brigid er \u00feannig \u00e1 mikilv\u00e6gum t\u00edmam\u00f3tum \u00e1rsins. \u00deetta er t\u00edminn \u00feegar birtan eykst og l\u00edfi\u00f0 tekur a\u00f0 rumska eftir veturinn.<\/p><p>\u00c1 \u00feessum degi er brigidarkrossinn fl\u00e9tta\u00f0ur a\u00f0 n\u00fdju. Gamli krossinn fr\u00e1 li\u00f0nu \u00e1ri er tekinn ni\u00f0ur og n\u00fdr kross tekur vi\u00f0 hlutverki hans.<\/p><p>\u00deessi tenging vi\u00f0 fastan dag \u00e1rsins gefur brigidarkrossinum \u00e1kve\u00f0inn sta\u00f0 \u00ed \u00e1rshringnum. \u00deetta er merki sem tengist \u00e1kve\u00f0num t\u00edma og \u00e1kve\u00f0inni h\u00e1t\u00ed\u00f0.<\/p><p>\u00dear me\u00f0 telst brigidarkrossinn til \u00feeirra verndargripa sem eru bundnir \u00e1rshring. Eins og jap\u00f6nsku omamori-verndargripirnir e\u00f0a daruma-br\u00fa\u00f0an er hann endurn\u00fdja\u00f0ur reglulega.<\/p>\t\t\t\t\t\t\t\t<\/div>\n\t\t\t\t<\/div>\n\t\t\t\t\t<\/div>\n\t\t\t\t<\/div>\n\t\t<div class=\"elementor-element elementor-element-iwgs-brigidkreuz-s5 e-flex e-con-boxed e-con e-parent\" data-id=\"iwgs-brigidkreuz-s5\" data-element_type=\"container\" data-e-type=\"container\">\n\t\t\t\t\t<div class=\"e-con-inner\">\n\t\t\t\t<div class=\"elementor-element elementor-element-iwgs-brigidkreuz-s5h elementor-widget elementor-widget-heading\" data-id=\"iwgs-brigidkreuz-s5h\" data-element_type=\"widget\" data-e-type=\"widget\" data-widget_type=\"heading.default\">\n\t\t\t\t\t<h2 class=\"elementor-heading-title elementor-size-default\">Verndun heimilis og b\u00e6jar<\/h2>\t\t\t\t<\/div>\n\t\t<div class=\"elementor-element elementor-element-iwgs-brigidkreuz-s5box e-con-full e-flex e-con e-parent\" data-id=\"iwgs-brigidkreuz-s5box\" data-element_type=\"container\" data-e-type=\"container\">\n\t\t\t\t<div class=\"elementor-element elementor-element-iwgs-brigidkreuz-s5t elementor-widget elementor-widget-text-editor\" data-id=\"iwgs-brigidkreuz-s5t\" data-element_type=\"widget\" data-e-type=\"widget\" data-widget_type=\"text-editor.default\">\n\t\t\t\t\t\t\t\t\t<p>Hlutverk brigidarkrossins er a\u00f0 verja heimili\u00f0 og b\u00e6inn. Hann \u00e1tti a\u00f0 vernda f\u00f3lk, b\u00faf\u00e9 og eignir fr\u00e1 \u00f3l\u00e1ni.<\/p><p>Brigidarkrossinn er hengdur upp \u00e1 mikilv\u00e6gum st\u00f6\u00f0um \u00ed h\u00fasinu. Algengasti sta\u00f0urinn er yfir inngangsdyrunum. \u00dear tryggir hann \u00fer\u00f6skuldinn, \u00fear sem \u00f3happ g\u00e6ti komist inn.<\/p><p>Krossinn er einnig hengdur upp innan h\u00fass og \u00ed fj\u00e1rh\u00fasum. \u00cd fj\u00e1rh\u00fasunum \u00e1tti vernd hans s\u00e9rstaklega a\u00f0 n\u00e1 til b\u00fafj\u00e1rins, sem var af mikilli \u00fe\u00fd\u00f0ingu fyrir b\u00e6ndaheimili.<\/p><p>Brigidarkrossinum var eigna\u00f0 a\u00f0 verja gegn \u00fdmsum h\u00e6ttum. \u00dear er s\u00e9rstaklega nefnt eldur, sj\u00fakd\u00f3mar og almenn \u00f3h\u00f6pp. Krossinn \u00e1tti a\u00f0 vernda b\u00e6inn \u00ed heild.<\/p><p>Tengingin vi\u00f0 verndun gegn eldi er athyglisver\u00f0. Brigid, b\u00e6\u00f0i gy\u00f0jan og heilaga konan, er tengd eldi. Kross eld-heil\u00f6gu konunnar \u00e1tti s\u00e9rstaklega a\u00f0 vernda heimili\u00f0 fr\u00e1 eldi.<\/p><p>Brigidarkrossinn er \u00feannig klass\u00edskt verndarmerki b\u00e6ndaheimilisins. Hann fellur \u00ed flokk me\u00f0 merkjum eins og hestaskeifunni e\u00f0a druduf\u00f3tinum, sem \u00e1ttu a\u00f0 tryggja \u00f6ryggi b\u00e6jarins.<\/p>\t\t\t\t\t\t\t\t<\/div>\n\t\t\t\t<\/div>\n\t\t\t\t\t<\/div>\n\t\t\t\t<\/div>\n\t\t<div class=\"elementor-element elementor-element-iwgs-brigidkreuz-s6 e-flex e-con-boxed e-con e-parent\" data-id=\"iwgs-brigidkreuz-s6\" data-element_type=\"container\" data-e-type=\"container\">\n\t\t\t\t\t<div class=\"e-con-inner\">\n\t\t\t\t<div class=\"elementor-element elementor-element-iwgs-brigidkreuz-s6h elementor-widget elementor-widget-heading\" data-id=\"iwgs-brigidkreuz-s6h\" data-element_type=\"widget\" data-e-type=\"widget\" data-widget_type=\"heading.default\">\n\t\t\t\t\t<h2 class=\"elementor-heading-title elementor-size-default\">Forn og kristin arfleif\u00f0<\/h2>\t\t\t\t<\/div>\n\t\t<div class=\"elementor-element elementor-element-iwgs-brigidkreuz-s6box e-con-full e-flex e-con e-parent\" data-id=\"iwgs-brigidkreuz-s6box\" data-element_type=\"container\" data-e-type=\"container\">\n\t\t\t\t<div class=\"elementor-element elementor-element-iwgs-brigidkreuz-s6t elementor-widget elementor-widget-text-editor\" data-id=\"iwgs-brigidkreuz-s6t\" data-element_type=\"widget\" data-e-type=\"widget\" data-widget_type=\"text-editor.default\">\n\t\t\t\t\t\t\t\t\t<p>Um brigidarkrossinn vaknar spurningin um aldur og uppruna si\u00f0arins. \u00deessi spurning krefst n\u00e1kv\u00e6ms og vandlega \u00edgrunda\u00f0s svars.<\/p><p>Fl\u00e9tta\u00f0i krossinn sem <span class=\"iwg-fachbegriff\" data-tooltip=\"Yfirf\u00e6r\u00f0 ath\u00f6fn sem endurtekin er reglulega \u00ed samf\u00e9lagi.\" tabindex=\"0\">si\u00f0ur<\/span> er vel skjalfestur. <span class=\"iwg-fachbegriff\" data-tooltip=\"Yfirf\u00e6r\u00f0 ath\u00f6fn sem endurtekin er reglulega \u00ed samf\u00e9lagi.\" tabindex=\"0\">Si\u00f0urinn<\/span> a\u00f0 fl\u00e9tta kross \u00e1 degi Brigid og hengja hann yfir dyrunum er sta\u00f0festur \u00ed \u00cdrlandi um langan t\u00edma og lifir enn \u00feann dag \u00ed dag.<\/p><p>Spurningin er hversu langt aftur \u00feessi <span class=\"iwg-fachbegriff\" data-tooltip=\"Yfirf\u00e6r\u00f0 ath\u00f6fn sem endurtekin er reglulega \u00ed samf\u00e9lagi.\" tabindex=\"0\">si\u00f0ur<\/span> n\u00e6r. Brigidarkrossinn sameinar kristin og hugsanlega forkristin einkenni. Messudagurinn fellur saman vi\u00f0 forna \u00e1rst\u00ed\u00f0ah\u00e1t\u00ed\u00f0, og Brigid hefur fyrirrennara \u00ed fornri gy\u00f0ju.<\/p><p>Sumar t\u00falkanir sj\u00e1 \u00ed brigidarkrossinum forn s\u00f3lar- e\u00f0a \u00e1rst\u00ed\u00f0amerki, sem s\u00ed\u00f0ar var t\u00falka\u00f0 \u00e1 kristinn h\u00e1tt. A\u00f0rar t\u00falkanir leggja \u00e1herslu \u00e1 kristinn e\u00f0li si\u00f0arins.<\/p><p>\u00d6ruggt er a\u00f0 sta\u00f0festa kristinn m\u00f3ta\u00f0an <span class=\"iwg-fachbegriff\" data-tooltip=\"Yfirf\u00e6r\u00f0 ath\u00f6fn sem endurtekin er reglulega \u00ed samf\u00e9lagi.\" tabindex=\"0\">si\u00f0<\/span>. Samfelld l\u00edna aftur til forkristins t\u00edma er \u00fe\u00f3 ekki sannanleg me\u00f0 vissu, jafnvel \u00fe\u00f3tt tengingin vi\u00f0 forna \u00e1rst\u00ed\u00f0ah\u00e1t\u00ed\u00f0 s\u00e9 eftirtektarver\u00f0.<\/p><p>Hei\u00f0arleg framsetning heldur \u00fev\u00ed b\u00e1\u00f0um \u00fe\u00e1ttum til haga. Brigidarkrossinn er lifandi, vel skjalfestur <span class=\"iwg-fachbegriff\" data-tooltip=\"Yfirf\u00e6r\u00f0 ath\u00f6fn sem endurtekin er reglulega \u00ed samf\u00e9lagi.\" tabindex=\"0\">si\u00f0ur<\/span> me\u00f0 kristnu \u00edvafi, og hann ber einnig einkenni sem g\u00e6tu n\u00e1\u00f0 aftur til eldri t\u00edma. B\u00e6\u00f0i l\u00f6gin heyra honum til.<\/p>\t\t\t\t\t\t\t\t<\/div>\n\t\t\t\t<\/div>\n\t\t\t\t\t<\/div>\n\t\t\t\t<\/div>\n\t\t<div class=\"elementor-element elementor-element-iwgs-brigidkreuz-s7 e-flex e-con-boxed e-con e-parent\" data-id=\"iwgs-brigidkreuz-s7\" data-element_type=\"container\" data-e-type=\"container\">\n\t\t\t\t\t<div class=\"e-con-inner\">\n\t\t\t\t<div class=\"elementor-element elementor-element-iwgs-brigidkreuz-s7h elementor-widget elementor-widget-heading\" data-id=\"iwgs-brigidkreuz-s7h\" data-element_type=\"widget\" data-e-type=\"widget\" data-widget_type=\"heading.default\">\n\t\t\t\t\t<h2 class=\"elementor-heading-title elementor-size-default\">Fl\u00e9tta\u00f0a merki\u00f0<\/h2>\t\t\t\t<\/div>\n\t\t<div class=\"elementor-element elementor-element-iwgs-brigidkreuz-s7box e-con-full e-flex e-con e-parent\" data-id=\"iwgs-brigidkreuz-s7box\" data-element_type=\"container\" data-e-type=\"container\">\n\t\t\t\t<div class=\"elementor-element elementor-element-iwgs-brigidkreuz-s7t elementor-widget elementor-widget-text-editor\" data-id=\"iwgs-brigidkreuz-s7t\" data-element_type=\"widget\" data-e-type=\"widget\" data-widget_type=\"text-editor.default\">\n\t\t\t\t\t\t\t\t\t<p>Brigidarkrossinn er fl\u00e9tta\u00f0 merki, og fl\u00e9ttunin sj\u00e1lf leggur sitt af m\u00f6rkum til merkingar hans. A\u00f0 vefja saman og tengja str\u00e1 er forn og merkingar\u00ferungin ath\u00f6fn.<\/p><p>\u00cd m\u00f6rgum menningarheimum er fl\u00e9ttun, hn\u00fatager\u00f0 og bindingu eignu\u00f0 verndandi merking. \u00de\u00e9ttofin, f\u00f6st fl\u00e9ttun er talin mynd af reglu og \u00f6ryggi.<\/p><p>\u00cd brigidarkrossinum tengist \u00feessi hugsun kross-forminu. Fl\u00e9tta\u00f0a mi\u00f0jan er \u00fe\u00e9tt og f\u00f6st ofin, og \u00fat fr\u00e1 henni ganga fj\u00f3rir armar \u00ed fj\u00f3rar \u00e1ttir.<\/p><p>Fj\u00f3ra armana m\u00e1 lesa sem tilv\u00edsun til h\u00f6fu\u00f0\u00e1ttanna fj\u00f6gurra. Krossinn n\u00e6r \u00feannig yfir allt umhverfi\u00f0, allar \u00e1ttir sem \u00f3happ g\u00e6ti komi\u00f0 \u00far.<\/p><p>Ferska, lifandi efni\u00f0 eykur merkingu hans. Brigidarkrossinn er fl\u00e9tta\u00f0ur \u00far n\u00fdskornum str\u00e1um, \u00e1 \u00feeim t\u00edma \u00feegar l\u00edfi\u00f0 vaknar a\u00f0 n\u00fdju eftir veturinn.<\/p><p>\u00deannig tengjast margar merkingar \u00ed brigidarkrossinum. F\u00f6st fl\u00e9ttunin, fj\u00f3rar \u00e1ttirnar, ferska efni\u00f0 og tengingin vi\u00f0 hi\u00f0 vaknandi \u00e1r vinna saman og gera krossinn a\u00f0 merki verndar og n\u00fdrrar upphafs.<\/p>\t\t\t\t\t\t\t\t<\/div>\n\t\t\t\t<\/div>\n\t\t\t\t\t<\/div>\n\t\t\t\t<\/div>\n\t\t<div class=\"elementor-element elementor-element-iwgs-brigidkreuz-s8 e-flex e-con-boxed e-con e-parent\" data-id=\"iwgs-brigidkreuz-s8\" data-element_type=\"container\" data-e-type=\"container\">\n\t\t\t\t\t<div class=\"e-con-inner\">\n\t\t\t\t<div class=\"elementor-element elementor-element-iwgs-brigidkreuz-s8h elementor-widget elementor-widget-heading\" data-id=\"iwgs-brigidkreuz-s8h\" data-element_type=\"widget\" data-e-type=\"widget\" data-widget_type=\"heading.default\">\n\t\t\t\t\t<h2 class=\"elementor-heading-title elementor-size-default\">M\u00f3tt\u00f6kur \u00ed dag<\/h2>\t\t\t\t<\/div>\n\t\t<div class=\"elementor-element elementor-element-iwgs-brigidkreuz-s8box e-con-full e-flex e-con e-parent\" data-id=\"iwgs-brigidkreuz-s8box\" data-element_type=\"container\" data-e-type=\"container\">\n\t\t\t\t<div class=\"elementor-element elementor-element-iwgs-brigidkreuz-s8t elementor-widget elementor-widget-text-editor\" data-id=\"iwgs-brigidkreuz-s8t\" data-element_type=\"widget\" data-e-type=\"widget\" data-widget_type=\"text-editor.default\">\n\t\t\t\t\t\t\t\t\t<p>Brigidarkrossinn er \u00e1 \u00cdrlandi enn \u00feann dag \u00ed dag lifandi <span class=\"iwg-fachbegriff\" data-tooltip=\"Hef\u00f0bundin ath\u00f6fn sem er endurtekin reglulega innan samf\u00e9lags.\" tabindex=\"0\">si\u00f0ur<\/span>. Hann s\u00e9st \u00e1 m\u00f6rgum hur\u00f0um og fl\u00e9ttunin \u00e1 degi heil\u00f6gu Brigid er enn stundu\u00f0 \u00ed fj\u00f6lskyldum, sk\u00f3lum og samf\u00e9l\u00f6gum.<\/p><p>Brigidarkrossinn hefur or\u00f0i\u00f0 a\u00f0 \u00feekktu t\u00e1kni langt umfram \u00cdrland. Hann er talinn <span class=\"iwg-fachbegriff\" data-tooltip=\"Sk\u00fdr mynd sem stendur fyrir hugmynd sem er ekki hlutbundin.\" tabindex=\"0\">sinnmynd<\/span> \u00cdrlands og \u00edrskrar menningar og er tengdur heilagri Brigid og \u00edrskri arfleif\u00f0.<\/p><p>\u00c1 s\u00ed\u00f0ari \u00e1rum hefur dagur heil\u00f6gu Brigid \u00e1 \u00cdrlandi fengi\u00f0 aukna merkingu og \u00fear me\u00f0 hefur Brigidarkrossinn aftur komist \u00ed sj\u00f3nm\u00e1l. Hann er t\u00e1kn sem tengir fort\u00ed\u00f0 og n\u00fat\u00ed\u00f0.<\/p><p>\u00cd kristinni <span class=\"iwg-fachbegriff\" data-tooltip=\"Lifu\u00f0 tr\u00faarleg afsta\u00f0a og i\u00f0kun einstaklings.\" tabindex=\"0\">tr\u00far\u00e6kni<\/span> hefur Brigidarkrossinn haldi\u00f0 fastri st\u00f6\u00f0u sinni. Hann er blessa\u00f0ur, fl\u00e9tta\u00f0ur og festur yfir hur\u00f0inni sem t\u00e1kn um verndun undir fyrirb\u00e6n heilagrar Brigid.<\/p><p>Fyrir <span class=\"iwg-fachbegriff\" data-tooltip=\"Fr\u00e6\u00f0igrein sem rannsakar hversdagsmenningu, si\u00f0i og arfhelgar hugmyndir.\" tabindex=\"0\">\u00fej\u00f3\u00f0fr\u00e6\u00f0i<\/span> er Brigidarkrossinn d\u00e6migert og ver\u00f0m\u00e6tt fyrirb\u00e6ri. Hann s\u00fdnir lifandi verndarsi\u00f0 sem sameinar fl\u00e9ttun \u00far n\u00e1tt\u00farulegu efni, bindingu vi\u00f0 h\u00e1t\u00ed\u00f0ardag og d\u00fdrkun heilagrar konu.<\/p><p>\u00deannig er Brigidarkrossinn \u00e1fram \u00e1hrifamiki\u00f0 verndart\u00e1kn. Fl\u00e9tta\u00f0ur \u00far einf\u00f6ldu sefi, endurn\u00fdja\u00f0ur \u00e1r hvert og festur yfir hur\u00f0inni, er hann lifandi vitnisbur\u00f0ur um \u00edrska verndarhef\u00f0.<\/p>\t\t\t\t\t\t\t\t<\/div>\n\t\t\t\t<\/div>\n\t\t\t\t\t<\/div>\n\t\t\t\t<\/div>\n\t\t<div class=\"elementor-element elementor-element-iwgs-brigidkreuz-lit e-flex e-con-boxed e-con e-parent\" data-id=\"iwgs-brigidkreuz-lit\" data-element_type=\"container\" data-e-type=\"container\">\n\t\t\t\t\t<div class=\"e-con-inner\">\n\t\t\t\t<div class=\"elementor-element elementor-element-iwgs-brigidkreuz-lith elementor-widget elementor-widget-heading\" data-id=\"iwgs-brigidkreuz-lith\" data-element_type=\"widget\" data-e-type=\"widget\" data-widget_type=\"heading.default\">\n\t\t\t\t\t<h2 class=\"elementor-heading-title elementor-size-default\">Heimildir (\u00farval)<\/h2>\t\t\t\t<\/div>\n\t\t<div class=\"elementor-element elementor-element-iwgs-brigidkreuz-litbox e-con-full e-flex e-con e-parent\" data-id=\"iwgs-brigidkreuz-litbox\" data-element_type=\"container\" data-e-type=\"container\">\n\t\t\t\t<div class=\"elementor-element elementor-element-iwgs-brigidkreuz-litt elementor-widget elementor-widget-html\" data-id=\"iwgs-brigidkreuz-litt\" data-element_type=\"widget\" data-e-type=\"widget\" data-widget_type=\"html.default\">\n\t\t\t\t\t<footer data-nosnippet=\"true\"><ul><li>S\u00e9amas \u00d3 Cath\u00e1in: <em>The Festival of Brigit<\/em> (1995)<\/li><li>Kevin Danaher: <em>The Year in Ireland<\/em> (1972)<\/li><li>Proinsias Mac Cana: <em>Celtic Mythology<\/em> (1970)<\/li><li>Patricia Lysaght: ranns\u00f3knir \u00e1 \u00edrskri \u00fej\u00f3\u00f0fr\u00e6\u00f0i<\/li><li>Bernhard Maier: <em>Die Religion der Kelten<\/em> (2001)<\/li><\/ul><\/footer>\t\t\t\t<\/div>\n\t\t\t\t<\/div>\n\t\t\t\t\t<\/div>\n\t\t\t\t<\/div>\n\t\t<div class=\"elementor-element elementor-element-iwgs-brigidkreuz-kwd e-flex e-con-boxed e-con e-parent\" data-id=\"iwgs-brigidkreuz-kwd\" data-element_type=\"container\" data-e-type=\"container\">\n\t\t\t\t\t<div class=\"e-con-inner\">\n\t\t\t\t<div class=\"elementor-element elementor-element-iwgs-brigidkreuz-kwdt elementor-widget elementor-widget-text-editor\" data-id=\"iwgs-brigidkreuz-kwdt\" data-element_type=\"widget\" data-e-type=\"widget\" data-widget_type=\"text-editor.default\">\n\t\t\t\t\t\t\t\t\t<p><em>Tengd leitaror\u00f0: Brigidarkross Brigid Imbolc fl\u00e9tta\u00f0 sef verndarkross \u00cdrland h\u00fasverndun.<\/em><\/p>\t\t\t\t\t\t\t\t<\/div>\n\t\t\t\t\t<\/div>\n\t\t\t\t<\/div>\n\t\t<div class=\"elementor-element elementor-element-iwgs-brigidkreuz-cc e-flex e-con-boxed e-con e-parent\" data-id=\"iwgs-brigidkreuz-cc\" data-element_type=\"container\" data-e-type=\"container\" id=\"iwg-cc-brigidkreuz\">\n\t\t\t\t\t<div class=\"e-con-inner\">\n\t\t<div class=\"elementor-element elementor-element-iwgs-brigidkreuz-ccinner e-flex e-con-boxed e-con e-parent\" data-id=\"iwgs-brigidkreuz-ccinner\" data-element_type=\"container\" data-e-type=\"container\" data-settings=\"{&quot;background_background&quot;:&quot;classic&quot;}\">\n\t\t\t\t\t<div class=\"e-con-inner\">\n\t\t\t\t<div class=\"elementor-element elementor-element-iwgs-brigidkreuz-cch elementor-widget elementor-widget-heading\" data-id=\"iwgs-brigidkreuz-cch\" data-element_type=\"widget\" data-e-type=\"widget\" data-widget_type=\"heading.default\">\n\t\t\t\t\t<h2 class=\"elementor-heading-title elementor-size-default\">iWell Guard og verndarhef\u00f0ir<\/h2>\t\t\t\t<\/div>\n\t\t\t\t<div class=\"elementor-element elementor-element-iwgs-brigidkreuz-cct elementor-widget elementor-widget-text-editor\" data-id=\"iwgs-brigidkreuz-cct\" data-element_type=\"widget\" data-e-type=\"widget\" data-widget_type=\"text-editor.default\">\n\t\t\t\t\t\t\t\t\t<p>iWell Guard er hluti af menningars\u00f6gulegri hef\u00f0 handh\u00e6gra verndargripa, sem Brigidarkrossinn heyrir einnig til. N\u00fat\u00edmalegur fylgihlutur fyrir f\u00f3lk sem lifir me\u00f0 verndart\u00e1knum: framleiddur \u00ed \u00de\u00fdskalandi, 41 lag \u00far hreinu gulli, plat\u00ednu og silfri, me\u00f0 30 daga skilar\u00e9tti.<\/p>\t\t\t\t\t\t\t\t<\/div>\n\t\t\t\t<div class=\"elementor-element elementor-element-iwgs-brigidkreuz-ccb iwg-cc-button iwg-cc-cta-2026-05-13 elementor-widget elementor-widget-jet-button\" data-id=\"iwgs-brigidkreuz-ccb\" data-element_type=\"widget\" data-e-type=\"widget\" data-widget_type=\"jet-button.default\">\n\t\t\t\t<div class=\"elementor-widget-container\">\n\t\t\t\t\t<div class=\"elementor-jet-button jet-elements\"><div class=\"jet-button__container\"><a class=\"jet-button__instance jet-button__instance--icon-left hover-effect-1\" href=\"\/schutzanhaenger-iwell-guard-kaufen\/?utm_source=iwell-guard.com&amp;utm_medium=info-box&amp;utm_campaign=schutzsymbole\"><div class=\"jet-button__plane jet-button__plane-normal\"><\/div><div class=\"jet-button__plane jet-button__plane-hover\"><\/div><div class=\"jet-button__state jet-button__state-normal\"><span class=\"jet-button__label\">Meira um iWell Guard<\/span><\/div><div class=\"jet-button__state jet-button__state-hover\"><span class=\"jet-button__label\">Meira um iWell Guard<\/span><\/div><\/a><\/div><\/div><style>.elementor-element.elementor-element-iwgs-brigidkreuz-ccb .jet-button__instance{width:320px;height:56px;}.elementor-element.elementor-element-iwgs-brigidkreuz-ccb .jet-button__state-normal .jet-button__label{text-align:center;margin:0px 0px 0px 0px;color:#1a1b20;font-family:Montserrat,sans-serif;font-size:13px;font-weight:400;letter-spacing:4px;line-height:1.714em;text-transform:uppercase;}.elementor-element.elementor-element-iwgs-brigidkreuz-ccb .jet-button__state-hover .jet-button__label{text-align:center;margin:0px 0px 0px 0px;color:#FECC76;font-family:Montserrat,sans-serif;font-size:13px;font-weight:400;letter-spacing:4px;line-height:1.714em;text-transform:uppercase;}.elementor-element.elementor-element-iwgs-brigidkreuz-ccb .jet-button__plane-normal{background-color:#FECC76;border-style:solid;border-color:#C99540;border-width:2px 2px 2px 2px;}.elementor-element.elementor-element-iwgs-brigidkreuz-ccb .jet-button__plane-hover{background-color:rgba(0,0,0,0.55);border-style:solid;border-color:#FECC76;border-width:2px 2px 2px 2px;}<\/style>\t\t\t\t<\/div>\n\t\t\t\t<\/div>\n\t\t\t\t<div class=\"elementor-element elementor-element-iwgs-brigidkreuz-ccd elementor-widget elementor-widget-text-editor\" data-id=\"iwgs-brigidkreuz-ccd\" data-element_type=\"widget\" data-e-type=\"widget\" data-widget_type=\"text-editor.default\">\n\t\t\t\t\t\t\t\t\t<p style=\"text-align:center;font-size:13px;opacity:0.7;margin-top:14px\" data-nosnippet=\"true\">Pers\u00f3nuleg reynsla getur veri\u00f0 mismunandi. Ekki l\u00e6kningat\u00e6ki. Engin lofor\u00f0 um l\u00e6kningu.<\/p>\t\t\t\t\t\t\t\t<\/div>\n\t\t\t\t\t<\/div>\n\t\t\t\t<\/div>\n\t\t\t\t\t<\/div>\n\t\t\t\t<\/div>\n\t\t<div class=\"elementor-element elementor-element-iwgs-brigidkreuz-disc e-flex e-con-boxed e-con e-parent\" data-id=\"iwgs-brigidkreuz-disc\" data-element_type=\"container\" data-e-type=\"container\">\n\t\t\t\t\t<div class=\"e-con-inner\">\n\t\t\t\t<div class=\"elementor-element elementor-element-iwgs-brigidkreuz-discw elementor-widget elementor-widget-html\" data-id=\"iwgs-brigidkreuz-discw\" data-element_type=\"widget\" data-e-type=\"widget\" data-widget_type=\"html.default\">\n\t\t\t\t\t<footer data-nosnippet=\"true\" class=\"iwg-disclaimer-block\"><p data-nosnippet=\"true\">iWell Guard er <strong>ekki l\u00e6kningat\u00e6ki<\/strong> og kemur ekki \u00ed sta\u00f0 l\u00e6knis- e\u00f0a s\u00e1lfr\u00e6\u00f0ime\u00f0fer\u00f0ar. Innihaldi\u00f0 sem h\u00e9r er sett fram er tr\u00faarbrag\u00f0afr\u00e6\u00f0ileg og menningars\u00f6gulega greining, ekki lofor\u00f0 um andlega virkni.<\/p><\/footer>\t\t\t\t<\/div>\n\t\t\t\t\t<\/div>\n\t\t\t\t<\/div>\n\t\t\t\t<\/div>\n\t\t","protected":false},"excerpt":{"rendered":"","protected":false},"author":3,"featured_media":3490,"parent":0,"menu_order":0,"comment_status":"closed","ping_status":"closed","template":"elementor_header_footer","meta":{"_yoast_wpseo_focuskw":"Brigidkrossinn","_yoast_wpseo_title":"Brigidkrossinn \u2013 verndarkross fr\u00e1 \u00cdrlandi","_yoast_wpseo_metadesc":"Brigidkrossinn er fl\u00e9tta\u00f0ur \u00far sefi og er talinn vernda heimili og b\u00e6 \u00e1 \u00cdrlandi. Uppruni, hef\u00f0 og merking \u00fatsk\u00fdr\u00f0 \u00e1 sk\u00fdran h\u00e1tt.","_yoast_wpseo_meta-robots-noindex":"","_yoast_wpseo_canonical":"","_angie_page":false,"gefaehrdungsstufe":"","wesen_kultur":"","wesen_klasse":"","footnotes":""},"categories":[],"class_list":["post-169173","page","type-page","status-publish","has-post-thumbnail","hentry"],"yoast_head":"<!-- This site is optimized with the Yoast SEO Premium plugin v27.7 (Yoast SEO v28.3) - https:\/\/yoast.com\/product\/yoast-seo-premium-wordpress\/ -->\n<title>Brigidkrossinn \u2013 verndarkross fr\u00e1 \u00cdrlandi<\/title>\n<meta name=\"description\" content=\"Brigidkrossinn er fl\u00e9tta\u00f0ur \u00far sefi og er talinn vernda heimili og b\u00e6 \u00e1 \u00cdrlandi. Uppruni, hef\u00f0 og merking \u00fatsk\u00fdr\u00f0 \u00e1 sk\u00fdran h\u00e1tt.\" \/>\n<meta name=\"robots\" content=\"index, follow, max-snippet:-1, max-image-preview:large, max-video-preview:-1\" \/>\n<link rel=\"canonical\" href=\"https:\/\/iwell-guard.com\/is\/brigidkross-verndarkross-irlands\/\" \/>\n<meta property=\"og:locale\" content=\"is_IS\" \/>\n<meta property=\"og:type\" content=\"article\" \/>\n<meta property=\"og:title\" content=\"Brigidkrossinn \u2013 fl\u00e9tta\u00f0i verndarkrossinn \u00cdrlands\" \/>\n<meta property=\"og:description\" content=\"Brigidkrossinn er fl\u00e9tta\u00f0ur \u00far sefi og er talinn vernda heimili og b\u00e6 \u00e1 \u00cdrlandi. Uppruni, hef\u00f0 og merking \u00fatsk\u00fdr\u00f0 \u00e1 sk\u00fdran h\u00e1tt.\" \/>\n<meta property=\"og:url\" content=\"https:\/\/iwell-guard.com\/is\/brigidkross-verndarkross-irlands\/\" \/>\n<meta property=\"og:site_name\" content=\"iWell Guard\" \/>\n<meta property=\"article:modified_time\" content=\"2026-09-05T14:34:07+00:00\" \/>\n<meta property=\"og:image\" content=\"https:\/\/iwell-guard.com\/wp-content\/uploads\/2026\/05\/schutzsymbol_keltisch_brigidkreuz.webp\" \/>\n\t<meta property=\"og:image:width\" content=\"1024\" \/>\n\t<meta property=\"og:image:height\" content=\"1536\" \/>\n\t<meta property=\"og:image:type\" content=\"image\/webp\" \/>\n<meta name=\"twitter:card\" content=\"summary_large_image\" \/>\n<script type=\"application\/ld+json\" class=\"yoast-schema-graph\">{\"@context\":\"https:\\\/\\\/schema.org\",\"@graph\":[{\"@type\":\"WebPage\",\"@id\":\"https:\\\/\\\/iwell-guard.com\\\/is\\\/brigidkross-verndarkross-irlands\\\/\",\"url\":\"https:\\\/\\\/iwell-guard.com\\\/is\\\/brigidkross-verndarkross-irlands\\\/\",\"name\":\"Brigidkrossinn \u2013 verndarkross fr\u00e1 \u00cdrlandi\",\"isPartOf\":{\"@id\":\"https:\\\/\\\/iwell-guard.com\\\/is\\\/#website\"},\"primaryImageOfPage\":{\"@id\":\"https:\\\/\\\/iwell-guard.com\\\/is\\\/brigidkross-verndarkross-irlands\\\/#primaryimage\"},\"image\":{\"@id\":\"https:\\\/\\\/iwell-guard.com\\\/is\\\/brigidkross-verndarkross-irlands\\\/#primaryimage\"},\"thumbnailUrl\":\"https:\\\/\\\/iwell-guard.com\\\/wp-content\\\/uploads\\\/2026\\\/05\\\/schutzsymbol_keltisch_brigidkreuz.webp\",\"datePublished\":\"2026-09-05T14:06:13+00:00\",\"dateModified\":\"2026-09-05T14:34:07+00:00\",\"description\":\"Brigidkrossinn er fl\u00e9tta\u00f0ur \u00far sefi og er talinn vernda heimili og b\u00e6 \u00e1 \u00cdrlandi. Uppruni, hef\u00f0 og merking \u00fatsk\u00fdr\u00f0 \u00e1 sk\u00fdran h\u00e1tt.\",\"breadcrumb\":{\"@id\":\"https:\\\/\\\/iwell-guard.com\\\/is\\\/brigidkross-verndarkross-irlands\\\/#breadcrumb\"},\"inLanguage\":\"is\",\"potentialAction\":[{\"@type\":\"ReadAction\",\"target\":[\"https:\\\/\\\/iwell-guard.com\\\/is\\\/brigidkross-verndarkross-irlands\\\/\"]}]},{\"@type\":\"ImageObject\",\"inLanguage\":\"is\",\"@id\":\"https:\\\/\\\/iwell-guard.com\\\/is\\\/brigidkross-verndarkross-irlands\\\/#primaryimage\",\"url\":\"https:\\\/\\\/iwell-guard.com\\\/wp-content\\\/uploads\\\/2026\\\/05\\\/schutzsymbol_keltisch_brigidkreuz.webp\",\"contentUrl\":\"https:\\\/\\\/iwell-guard.com\\\/wp-content\\\/uploads\\\/2026\\\/05\\\/schutzsymbol_keltisch_brigidkreuz.webp\",\"width\":1024,\"height\":1536,\"caption\":\"Verndart\u00e1kn. Myndskreyting \u00ed safnst\u00edl.\"},{\"@type\":\"BreadcrumbList\",\"@id\":\"https:\\\/\\\/iwell-guard.com\\\/is\\\/brigidkross-verndarkross-irlands\\\/#breadcrumb\",\"itemListElement\":[{\"@type\":\"ListItem\",\"position\":1,\"name\":\"Start\",\"item\":\"https:\\\/\\\/iwell-guard.com\\\/is\\\/?page_id=168580\"},{\"@type\":\"ListItem\",\"position\":2,\"name\":\"Brigidkrossinn \u2013 fl\u00e9tta\u00f0i verndarkrossinn \u00cdrlands\"}]},{\"@type\":\"WebSite\",\"@id\":\"https:\\\/\\\/iwell-guard.com\\\/is\\\/#website\",\"url\":\"https:\\\/\\\/iwell-guard.com\\\/is\\\/\",\"name\":\"iWell Guard\",\"description\":\"Schutz vor dunklen Einfl\u00fcssen\",\"publisher\":{\"@id\":\"https:\\\/\\\/iwell-guard.com\\\/is\\\/#organization\"},\"potentialAction\":[{\"@type\":\"SearchAction\",\"target\":{\"@type\":\"EntryPoint\",\"urlTemplate\":\"https:\\\/\\\/iwell-guard.com\\\/is\\\/?s={search_term_string}\"},\"query-input\":{\"@type\":\"PropertyValueSpecification\",\"valueRequired\":true,\"valueName\":\"search_term_string\"}}],\"inLanguage\":\"is\"},{\"@type\":\"Organization\",\"@id\":\"https:\\\/\\\/iwell-guard.com\\\/is\\\/#organization\",\"name\":\"Ittermann electronic GmbH\",\"url\":\"https:\\\/\\\/iwell-guard.com\\\/is\\\/\",\"logo\":{\"@type\":\"ImageObject\",\"inLanguage\":\"is\",\"@id\":\"https:\\\/\\\/iwell-guard.com\\\/is\\\/#\\\/schema\\\/logo\\\/image\\\/\",\"url\":\"https:\\\/\\\/iwell-guard.com\\\/wp-content\\\/uploads\\\/2026\\\/05\\\/Ittermann-Logo-1182x237-1.png\",\"contentUrl\":\"https:\\\/\\\/iwell-guard.com\\\/wp-content\\\/uploads\\\/2026\\\/05\\\/Ittermann-Logo-1182x237-1.png\",\"width\":1182,\"height\":237,\"caption\":\"Ittermann electronic GmbH\"},\"image\":{\"@id\":\"https:\\\/\\\/iwell-guard.com\\\/is\\\/#\\\/schema\\\/logo\\\/image\\\/\"},\"sameAs\":[\"https:\\\/\\\/pantip.com\\\/profile\\\/9367242\",\"https:\\\/\\\/micro.blog\\\/iwellguard\",\"https:\\\/\\\/www.diggerslist.com\\\/iwellguard\\\/about\",\"https:\\\/\\\/skitterphoto.com\\\/photographers\\\/2870314\\\/iwell-guard\",\"https:\\\/\\\/iwellguard.wordpress.com\\\/2026\\\/06\\\/06\\\/iwell-guard\\\/\",\"https:\\\/\\\/hub.docker.com\\\/u\\\/iwellguard\",\"https:\\\/\\\/www.pinterest.com\\\/iwellguard\\\/\",\"https:\\\/\\\/bit.ly\\\/m\\\/iwellguard\",\"https:\\\/\\\/entre-vos-mains.alsace.eu\\\/profiles\\\/iwellguard\\\/activity\",\"https:\\\/\\\/gravatar.com\\\/reallybeded8fd34\",\"https:\\\/\\\/naijamatta.com\\\/iwellguard\",\"https:\\\/\\\/www.goodreads.com\\\/iwellguard\",\"https:\\\/\\\/profile.hatena.ne.jp\\\/iwellguard\\\/\",\"https:\\\/\\\/experiment.com\\\/users\\\/iwellguard\",\"https:\\\/\\\/wakelet.com\\\/@iWellGuard82270\",\"https:\\\/\\\/www.chordie.com\\\/forum\\\/profile.php?id=2555664\",\"https:\\\/\\\/www.instapaper.com\\\/p\\\/17757966\",\"https:\\\/\\\/www.mapleprimes.com\\\/users\\\/iwellguard\",\"https:\\\/\\\/businesslistingplus.com\\\/profile\\\/iwell-guard\\\/\",\"https:\\\/\\\/telegra.ph\\\/iWell-Guard-06-06\",\"https:\\\/\\\/pbase.com\\\/iwellguard\\\/iwellguard\",\"https:\\\/\\\/b.hatena.ne.jp\\\/iwellguard\\\/20260607#bookmark-4788405196491818882\",\"https:\\\/\\\/fliphtml5.com\\\/home\\\/iwellguard\",\"https:\\\/\\\/anyflip.com\\\/homepage\\\/cmiwl#About\",\"https:\\\/\\\/transfur.com\\\/Users\\\/iwellguard\",\"http:\\\/\\\/delphi.larsbo.org\\\/user\\\/iwellguard\",\"https:\\\/\\\/jobs.lajobsportal.org\\\/profiles\\\/8380803-iwell-guard\",\"https:\\\/\\\/md.chaosdorf.de\\\/s\\\/jfbe5SBdJD\",\"https:\\\/\\\/www.lingvolive.com\\\/en-us\\\/profile\\\/9ecaeaca-ce11-4e51-9e71-01d55e2bff36\\\/translations\",\"https:\\\/\\\/www.fitday.com\\\/fitness\\\/forums\\\/members\\\/iwellguard.html\",\"https:\\\/\\\/www.mymeetbook.com\\\/iwellguard\",\"https:\\\/\\\/pxhere.com\\\/en\\\/photographer-me\\\/5040798\",\"https:\\\/\\\/disqus.com\\\/by\\\/iwellguard\\\/about\\\/\",\"https:\\\/\\\/pastelink.net\\\/hjwciqwq\",\"https:\\\/\\\/pubhtml5.com\\\/homepage\\\/scjhn\\\/\",\"https:\\\/\\\/www.bitchute.com\\\/channel\\\/2O2eOKzNqujT\",\"https:\\\/\\\/audiomack.com\\\/iwellguard\"]}]}<\/script>\n<!-- \/ Yoast SEO Premium plugin. -->","yoast_head_json":{"title":"Brigidkrossinn \u2013 verndarkross fr\u00e1 \u00cdrlandi","description":"Brigidkrossinn er fl\u00e9tta\u00f0ur \u00far sefi og er talinn vernda heimili og b\u00e6 \u00e1 \u00cdrlandi. Uppruni, hef\u00f0 og merking \u00fatsk\u00fdr\u00f0 \u00e1 sk\u00fdran h\u00e1tt.","robots":{"index":"index","follow":"follow","max-snippet":"max-snippet:-1","max-image-preview":"max-image-preview:large","max-video-preview":"max-video-preview:-1"},"canonical":"https:\/\/iwell-guard.com\/is\/brigidkross-verndarkross-irlands\/","og_locale":"is_IS","og_type":"article","og_title":"Brigidkrossinn \u2013 fl\u00e9tta\u00f0i verndarkrossinn \u00cdrlands","og_description":"Brigidkrossinn er fl\u00e9tta\u00f0ur \u00far sefi og er talinn vernda heimili og b\u00e6 \u00e1 \u00cdrlandi. Uppruni, hef\u00f0 og merking \u00fatsk\u00fdr\u00f0 \u00e1 sk\u00fdran h\u00e1tt.","og_url":"https:\/\/iwell-guard.com\/is\/brigidkross-verndarkross-irlands\/","og_site_name":"iWell Guard","article_modified_time":"2026-09-05T14:34:07+00:00","og_image":[{"width":1024,"height":1536,"url":"https:\/\/iwell-guard.com\/wp-content\/uploads\/2026\/05\/schutzsymbol_keltisch_brigidkreuz.webp","type":"image\/webp"}],"twitter_card":"summary_large_image","schema":{"@context":"https:\/\/schema.org","@graph":[{"@type":"WebPage","@id":"https:\/\/iwell-guard.com\/is\/brigidkross-verndarkross-irlands\/","url":"https:\/\/iwell-guard.com\/is\/brigidkross-verndarkross-irlands\/","name":"Brigidkrossinn \u2013 verndarkross fr\u00e1 \u00cdrlandi","isPartOf":{"@id":"https:\/\/iwell-guard.com\/is\/#website"},"primaryImageOfPage":{"@id":"https:\/\/iwell-guard.com\/is\/brigidkross-verndarkross-irlands\/#primaryimage"},"image":{"@id":"https:\/\/iwell-guard.com\/is\/brigidkross-verndarkross-irlands\/#primaryimage"},"thumbnailUrl":"https:\/\/iwell-guard.com\/wp-content\/uploads\/2026\/05\/schutzsymbol_keltisch_brigidkreuz.webp","datePublished":"2026-09-05T14:06:13+00:00","dateModified":"2026-09-05T14:34:07+00:00","description":"Brigidkrossinn er fl\u00e9tta\u00f0ur \u00far sefi og er talinn vernda heimili og b\u00e6 \u00e1 \u00cdrlandi. Uppruni, hef\u00f0 og merking \u00fatsk\u00fdr\u00f0 \u00e1 sk\u00fdran h\u00e1tt.","breadcrumb":{"@id":"https:\/\/iwell-guard.com\/is\/brigidkross-verndarkross-irlands\/#breadcrumb"},"inLanguage":"is","potentialAction":[{"@type":"ReadAction","target":["https:\/\/iwell-guard.com\/is\/brigidkross-verndarkross-irlands\/"]}]},{"@type":"ImageObject","inLanguage":"is","@id":"https:\/\/iwell-guard.com\/is\/brigidkross-verndarkross-irlands\/#primaryimage","url":"https:\/\/iwell-guard.com\/wp-content\/uploads\/2026\/05\/schutzsymbol_keltisch_brigidkreuz.webp","contentUrl":"https:\/\/iwell-guard.com\/wp-content\/uploads\/2026\/05\/schutzsymbol_keltisch_brigidkreuz.webp","width":1024,"height":1536,"caption":"Verndart\u00e1kn. Myndskreyting \u00ed safnst\u00edl."},{"@type":"BreadcrumbList","@id":"https:\/\/iwell-guard.com\/is\/brigidkross-verndarkross-irlands\/#breadcrumb","itemListElement":[{"@type":"ListItem","position":1,"name":"Start","item":"https:\/\/iwell-guard.com\/is\/?page_id=168580"},{"@type":"ListItem","position":2,"name":"Brigidkrossinn \u2013 fl\u00e9tta\u00f0i verndarkrossinn \u00cdrlands"}]},{"@type":"WebSite","@id":"https:\/\/iwell-guard.com\/is\/#website","url":"https:\/\/iwell-guard.com\/is\/","name":"iWell Guard","description":"Schutz vor dunklen Einfl\u00fcssen","publisher":{"@id":"https:\/\/iwell-guard.com\/is\/#organization"},"potentialAction":[{"@type":"SearchAction","target":{"@type":"EntryPoint","urlTemplate":"https:\/\/iwell-guard.com\/is\/?s={search_term_string}"},"query-input":{"@type":"PropertyValueSpecification","valueRequired":true,"valueName":"search_term_string"}}],"inLanguage":"is"},{"@type":"Organization","@id":"https:\/\/iwell-guard.com\/is\/#organization","name":"Ittermann electronic GmbH","url":"https:\/\/iwell-guard.com\/is\/","logo":{"@type":"ImageObject","inLanguage":"is","@id":"https:\/\/iwell-guard.com\/is\/#\/schema\/logo\/image\/","url":"https:\/\/iwell-guard.com\/wp-content\/uploads\/2026\/05\/Ittermann-Logo-1182x237-1.png","contentUrl":"https:\/\/iwell-guard.com\/wp-content\/uploads\/2026\/05\/Ittermann-Logo-1182x237-1.png","width":1182,"height":237,"caption":"Ittermann electronic GmbH"},"image":{"@id":"https:\/\/iwell-guard.com\/is\/#\/schema\/logo\/image\/"},"sameAs":["https:\/\/pantip.com\/profile\/9367242","https:\/\/micro.blog\/iwellguard","https:\/\/www.diggerslist.com\/iwellguard\/about","https:\/\/skitterphoto.com\/photographers\/2870314\/iwell-guard","https:\/\/iwellguard.wordpress.com\/2026\/06\/06\/iwell-guard\/","https:\/\/hub.docker.com\/u\/iwellguard","https:\/\/www.pinterest.com\/iwellguard\/","https:\/\/bit.ly\/m\/iwellguard","https:\/\/entre-vos-mains.alsace.eu\/profiles\/iwellguard\/activity","https:\/\/gravatar.com\/reallybeded8fd34","https:\/\/naijamatta.com\/iwellguard","https:\/\/www.goodreads.com\/iwellguard","https:\/\/profile.hatena.ne.jp\/iwellguard\/","https:\/\/experiment.com\/users\/iwellguard","https:\/\/wakelet.com\/@iWellGuard82270","https:\/\/www.chordie.com\/forum\/profile.php?id=2555664","https:\/\/www.instapaper.com\/p\/17757966","https:\/\/www.mapleprimes.com\/users\/iwellguard","https:\/\/businesslistingplus.com\/profile\/iwell-guard\/","https:\/\/telegra.ph\/iWell-Guard-06-06","https:\/\/pbase.com\/iwellguard\/iwellguard","https:\/\/b.hatena.ne.jp\/iwellguard\/20260607#bookmark-4788405196491818882","https:\/\/fliphtml5.com\/home\/iwellguard","https:\/\/anyflip.com\/homepage\/cmiwl#About","https:\/\/transfur.com\/Users\/iwellguard","http:\/\/delphi.larsbo.org\/user\/iwellguard","https:\/\/jobs.lajobsportal.org\/profiles\/8380803-iwell-guard","https:\/\/md.chaosdorf.de\/s\/jfbe5SBdJD","https:\/\/www.lingvolive.com\/en-us\/profile\/9ecaeaca-ce11-4e51-9e71-01d55e2bff36\/translations","https:\/\/www.fitday.com\/fitness\/forums\/members\/iwellguard.html","https:\/\/www.mymeetbook.com\/iwellguard","https:\/\/pxhere.com\/en\/photographer-me\/5040798","https:\/\/disqus.com\/by\/iwellguard\/about\/","https:\/\/pastelink.net\/hjwciqwq","https:\/\/pubhtml5.com\/homepage\/scjhn\/","https:\/\/www.bitchute.com\/channel\/2O2eOKzNqujT","https:\/\/audiomack.com\/iwellguard"]}]}},"_links":{"self":[{"href":"https:\/\/iwell-guard.com\/is\/wp-json\/wp\/v2\/pages\/169173","targetHints":{"allow":["GET"]}}],"collection":[{"href":"https:\/\/iwell-guard.com\/is\/wp-json\/wp\/v2\/pages"}],"about":[{"href":"https:\/\/iwell-guard.com\/is\/wp-json\/wp\/v2\/types\/page"}],"author":[{"embeddable":true,"href":"https:\/\/iwell-guard.com\/is\/wp-json\/wp\/v2\/users\/3"}],"replies":[{"embeddable":true,"href":"https:\/\/iwell-guard.com\/is\/wp-json\/wp\/v2\/comments?post=169173"}],"version-history":[{"count":0,"href":"https:\/\/iwell-guard.com\/is\/wp-json\/wp\/v2\/pages\/169173\/revisions"}],"wp:featuredmedia":[{"embeddable":true,"href":"https:\/\/iwell-guard.com\/is\/wp-json\/wp\/v2\/media\/3490"}],"wp:attachment":[{"href":"https:\/\/iwell-guard.com\/is\/wp-json\/wp\/v2\/media?parent=169173"}],"wp:term":[{"taxonomy":"category","embeddable":true,"href":"https:\/\/iwell-guard.com\/is\/wp-json\/wp\/v2\/categories?post=169173"}],"curies":[{"name":"wp","href":"https:\/\/api.w.org\/{rel}","templated":true}]}}