{"id":169171,"date":"2026-09-05T14:06:12","date_gmt":"2026-09-05T14:06:12","guid":{"rendered":"https:\/\/iwell-guard.com\/?page_id=169171"},"modified":"2026-09-05T14:34:02","modified_gmt":"2026-09-05T14:34:02","slug":"brakteat-gyllta-verndarmedalian","status":"publish","type":"page","link":"https:\/\/iwell-guard.com\/is\/brakteat-gyllta-verndarmedalian\/","title":{"rendered":"Brakteat \u2013 gullna verndarmedal\u00edan fr\u00e1 \u00fej\u00f3\u00f0flutningat\u00edmanum"},"content":{"rendered":"\t\t<div data-elementor-type=\"wp-page\" data-elementor-id=\"169171\" class=\"elementor elementor-169171 elementor-3661 elementor-bc-flex-widget\" data-elementor-post-type=\"page\">\n\t\t\t\t<div class=\"elementor-element elementor-element-iwgs-brakteat-hero e-flex e-con-boxed e-con e-parent\" data-id=\"iwgs-brakteat-hero\" data-element_type=\"container\" data-e-type=\"container\">\n\t\t\t\t\t<div class=\"e-con-inner\">\n\t\t<div class=\"elementor-element elementor-element-iwgs-brakteat-hl e-flex e-con-boxed e-con e-parent\" data-id=\"iwgs-brakteat-hl\" data-element_type=\"container\" data-e-type=\"container\">\n\t\t\t\t\t<div class=\"e-con-inner\">\n\t\t<div class=\"elementor-element elementor-element-iwgs-brakteat-hlbox e-con-full e-flex e-con e-parent\" data-id=\"iwgs-brakteat-hlbox\" data-element_type=\"container\" data-e-type=\"container\">\n\t\t\t\t<div class=\"elementor-element elementor-element-iwgs-brakteat-h1 elementor-widget elementor-widget-heading\" data-id=\"iwgs-brakteat-h1\" data-element_type=\"widget\" data-e-type=\"widget\" data-widget_type=\"heading.default\">\n\t\t\t\t\t<h1 class=\"elementor-heading-title elementor-size-default\">Brakteatinn \u2013 gullna verndarmedal\u00edan fr\u00e1 \u00fej\u00f3\u00f0flutningat\u00edmanum<\/h1>\t\t\t\t<\/div>\n\t\t\t\t<div class=\"elementor-element elementor-element-iwgs-brakteat-lead elementor-widget elementor-widget-text-editor\" data-id=\"iwgs-brakteat-lead\" data-element_type=\"widget\" data-e-type=\"widget\" data-widget_type=\"text-editor.default\">\n\t\t\t\t\t\t\t\t\t<p>Brakteatar eru \u00feunnir gylltir hlutir fr\u00e1 \u00fej\u00f3\u00f0flutningat\u00edmanum. Me\u00f0 m\u00f3tu\u00f0um myndum s\u00ednum og r\u00fanaristum teljast \u00feeir me\u00f0al \u00e1hrifamestu verndargripa hins forna germanska nor\u00f0urs.<\/p>\n<p class=\"iwg-kwfix\">Brakteatinn er gyllt verndarmedal\u00eda fr\u00e1 germanska \u00fej\u00f3\u00f0flutningat\u00edmanum.<\/p>\t\t\t\t\t\t\t\t<\/div>\n\t\t\t\t<\/div>\n\t\t\t\t<div class=\"elementor-element elementor-element-iwgs-brakteat-pills elementor-widget elementor-widget-html\" data-id=\"iwgs-brakteat-pills\" data-element_type=\"widget\" data-e-type=\"widget\" data-widget_type=\"html.default\">\n\t\t\t\t\t<div class=\"iwg-pill-row\"><span class=\"iwg-klasse-badge\" tabindex=\"0\" data-tooltip=\"Verndart\u00e1kn, gripur e\u00f0a fyrirb\u00e6ri sem tali\u00f0 er verja gegn illu.\">Verndart\u00e1kn<\/span><a href=\"https:\/\/iwell-guard.com\/is\/germonsk\/\" class=\"iwg-kultur-badge\" tabindex=\"0\" data-tooltip=\"Verndarhef\u00f0: Germ\u00f6nsk\">Germ\u00f6nsk<\/a><span class=\"iwg-tradition-badge\" tabindex=\"0\" data-tooltip=\"Hlutur e\u00f0a t\u00e1kn sem er \u00e6tla\u00f0 a\u00f0 verjast \u00f3g\u00e6fu og ska\u00f0legum \u00e1hrifum.\">Verndargripur (apotropa\u00efkon)<\/span><\/div>\t\t\t\t<\/div>\n\t\t\t\t\t<\/div>\n\t\t\t\t<\/div>\n\t\t<div class=\"elementor-element elementor-element-iwgs-brakteat-hr e-con-full e-flex e-con e-parent\" data-id=\"iwgs-brakteat-hr\" data-element_type=\"container\" data-e-type=\"container\">\n\t\t\t\t<div class=\"elementor-element elementor-element-iwgs-brakteat-himg iwg-hero-image elementor-widget elementor-widget-image\" data-id=\"iwgs-brakteat-himg\" data-element_type=\"widget\" data-e-type=\"widget\" data-widget_type=\"image.default\">\n\t\t\t\t\t\t\t\t\t\t\t\t\t\t\t<img fetchpriority=\"high\" decoding=\"async\" width=\"683\" height=\"1024\" src=\"https:\/\/iwell-guard.com\/wp-content\/uploads\/2026\/05\/schutzsymbol_germanisch_brakteat-683x1024.webp\" class=\"attachment-large size-large wp-image-170574\" alt=\"Brakteat - verndargripur, safnfr\u00e6\u00f0ileg myndskreyting\" srcset=\"https:\/\/iwell-guard.com\/wp-content\/uploads\/2026\/05\/schutzsymbol_germanisch_brakteat-683x1024.webp 683w, https:\/\/iwell-guard.com\/wp-content\/uploads\/2026\/05\/schutzsymbol_germanisch_brakteat-200x300.webp 200w, https:\/\/iwell-guard.com\/wp-content\/uploads\/2026\/05\/schutzsymbol_germanisch_brakteat-768x1152.webp 768w, https:\/\/iwell-guard.com\/wp-content\/uploads\/2026\/05\/schutzsymbol_germanisch_brakteat.webp 1024w\" sizes=\"(max-width: 683px) 100vw, 683px\" \/>\t\t\t\t\t\t\t\t\t\t\t\t\t\t\t<\/div>\n\t\t\t\t<\/div>\n\t\t\t\t\t<\/div>\n\t\t\t\t<\/div>\n\t\t<div class=\"elementor-element elementor-element-iwgs-brakteat-s0 e-flex e-con-boxed e-con e-parent\" data-id=\"iwgs-brakteat-s0\" data-element_type=\"container\" data-e-type=\"container\">\n\t\t\t\t\t<div class=\"e-con-inner\">\n\t\t\t\t<div class=\"elementor-element elementor-element-iwgs-brakteat-s0h elementor-widget elementor-widget-heading\" data-id=\"iwgs-brakteat-s0h\" data-element_type=\"widget\" data-e-type=\"widget\" data-widget_type=\"heading.default\">\n\t\t\t\t\t<h2 class=\"elementor-heading-title elementor-size-default\">Yfirlit<\/h2>\t\t\t\t<\/div>\n\t\t<div class=\"elementor-element elementor-element-iwgs-brakteat-s0box e-con-full e-flex e-con e-parent\" data-id=\"iwgs-brakteat-s0box\" data-element_type=\"container\" data-e-type=\"container\">\n\t\t\t\t<div class=\"elementor-element elementor-element-iwgs-brakteat-s0t elementor-widget elementor-widget-text-editor\" data-id=\"iwgs-brakteat-s0t\" data-element_type=\"widget\" data-e-type=\"widget\" data-widget_type=\"text-editor.default\">\n\t\t\t\t\t\t\t\t\t<p>Brakteatinn er \u00feunnur, einhli\u00f0a m\u00f3ta\u00f0ur hlutur \u00far gulli. Sl\u00edkir brakteatar voru algengir \u00e1 \u00fej\u00f3\u00f0flutningat\u00edmanum, \u00fea\u00f0 er \u00e1 \u00f6ldunum \u00ed kringum lok <span class=\"iwg-fachbegriff\" data-tooltip=\"T\u00edmabil gr\u00edskrar og r\u00f3mverskrar menningar, um 800 f.Kr. til 600 e.Kr.\" tabindex=\"0\">fornaldar<\/span>, s\u00e9rstaklega \u00e1 hinu <a href=\"https:\/\/iwell-guard.com\/is\/germonsk\/\">germanska<\/a> nor\u00f0ursv\u00e6\u00f0i Evr\u00f3pu.<\/p><p>Brakteatar voru bornir sem skartgripir \u00e1 l\u00edkamanum. \u00deeir hengu \u00e1 band e\u00f0a ke\u00f0ju og l\u00e1gu \u00e1 brj\u00f3sti \u00feess sem bar \u00fe\u00e1. \u00dear me\u00f0 teljast \u00feeir til gripa sem voru bornir.<\/p><p>Auk \u00feess a\u00f0 vera skartgripir eru brakteatar skildir sem verndargripir. Myndir \u00feeirra og r\u00fanaristur benda til \u00feess a\u00f0 \u00feeim hafi veri\u00f0 eignu\u00f0 verndandi og heilandi verkun.<\/p><p>\u00d3l\u00edkt sumum verndart\u00e1knum, \u00fear sem aldur er umdeildur, er h\u00e6gt a\u00f0 t\u00edmasetja brakteata n\u00e1kv\u00e6mlega. \u00deeir eru raunverulegir fundir fr\u00e1 \u00e1kve\u00f0nu t\u00edmabili og \u00fev\u00ed vel sta\u00f0festar s\u00f6gulegar heimildir.<\/p><p>\u00cd fr\u00e6\u00f0unum eru brakteatar mikilv\u00e6gt og vandlega rannsaka\u00f0 svi\u00f0. Fj\u00f6ldi gripa hefur var\u00f0veist og veri\u00f0 skr\u00e1\u00f0ur og t\u00falka\u00f0ur \u00ed vi\u00f0amiklum fr\u00e6\u00f0iritum.<\/p><p>Brakteatinn er \u00feannig vel sta\u00f0festur verndargripur hins forna germanska nor\u00f0urs. Hann sameinar gullsm\u00ed\u00f0alist, myndlist og r\u00fanaskrift s\u00edns t\u00edma \u00ed einn borinn hlut.<\/p>\t\t\t\t\t\t\t\t<\/div>\n\t\t\t\t<\/div>\n\t\t\t\t\t<\/div>\n\t\t\t\t<\/div>\n\t\t<div class=\"elementor-element elementor-element-iwgs-brakteat-s1 e-flex e-con-boxed e-con e-parent\" data-id=\"iwgs-brakteat-s1\" data-element_type=\"container\" data-e-type=\"container\">\n\t\t\t\t\t<div class=\"e-con-inner\">\n\t\t\t\t<div class=\"elementor-element elementor-element-iwgs-brakteat-s1h elementor-widget elementor-widget-heading\" data-id=\"iwgs-brakteat-s1h\" data-element_type=\"widget\" data-e-type=\"widget\" data-widget_type=\"heading.default\">\n\t\t\t\t\t<h2 class=\"elementor-heading-title elementor-size-default\">\u00datlit og ger\u00f0<\/h2>\t\t\t\t<\/div>\n\t\t<div class=\"elementor-element elementor-element-iwgs-brakteat-s1box e-con-full e-flex e-con e-parent\" data-id=\"iwgs-brakteat-s1box\" data-element_type=\"container\" data-e-type=\"container\">\n\t\t\t\t<div class=\"elementor-element elementor-element-iwgs-brakteat-s1t elementor-widget elementor-widget-text-editor\" data-id=\"iwgs-brakteat-s1t\" data-element_type=\"widget\" data-e-type=\"widget\" data-widget_type=\"text-editor.default\">\n\t\t\t\t\t\t\t\t\t<p>Brakteatinn er \u00feunn, kringl\u00f3tt gullsk\u00edfa. Einkenni hans er einhli\u00f0a m\u00f3tun. A\u00f0eins framhli\u00f0in ber mynd, bakhli\u00f0in er sl\u00e9tt e\u00f0a s\u00fdnir a\u00f0eins fr\u00e1\u00ferykk framhli\u00f0arinnar.<\/p><p>Brakteatinn var framleiddur me\u00f0 \u00fev\u00ed a\u00f0 \u00feunnri gull\u00feynnu var \u00fer\u00fdst e\u00f0a m\u00f3tu\u00f0 yfir skori\u00f0 m\u00f3t. \u00deannig mynda\u00f0ist upphleypta myndin \u00e1 framhli\u00f0inni.<\/p><p>\u00c1 ja\u00f0rinum var brakteatinn oft b\u00fainn listilega ger\u00f0ri umgj\u00f6r\u00f0. \u00deessi ja\u00f0arsv\u00e6\u00f0i g\u00e1tu samansta\u00f0i\u00f0 af m\u00f6rgum sv\u00e6\u00f0um me\u00f0 munstrum og skreytingum.<\/p><p>Til a\u00f0 bera brakteatinn var fest \u00e1 hann lykkja. \u00cd gegnum \u00feessa lykkju l\u00e1 bandi\u00f0 e\u00f0a ke\u00f0jan. Brakteatinn var \u00feannig fr\u00e1 upphafi hanna\u00f0ur sem hengihlutur.<\/p><p>Efni\u00f0 var gull, d\u00fdrm\u00e6tur efnivi\u00f0ur. Brakteatar voru \u00fev\u00ed ekki \u00f3d\u00fdr fj\u00f6ldaframlei\u00f0sla heldur ver\u00f0m\u00e6tir gripir. \u00deeir voru bornir af f\u00f3lki sem haf\u00f0i efni \u00e1 sl\u00edkum skartgripum.<\/p><p>Brakteatar eru \u00feannig afur\u00f0ir h\u00e1\u00fer\u00f3a\u00f0rar gullsm\u00ed\u00f0alistar. F\u00edn m\u00f3tun \u00feeirra og listilega ger\u00f0ir ja\u00f0rar bera vitni um mikla f\u00e6rni handverksmanna \u00fej\u00f3\u00f0flutningat\u00edmans.<\/p>\t\t\t\t\t\t\t\t<\/div>\n\t\t\t\t<\/div>\n\t\t\t\t\t<\/div>\n\t\t\t\t<\/div>\n\t\t<div class=\"elementor-element elementor-element-iwgs-brakteat-s2 e-flex e-con-boxed e-con e-parent\" data-id=\"iwgs-brakteat-s2\" data-element_type=\"container\" data-e-type=\"container\">\n\t\t\t\t\t<div class=\"e-con-inner\">\n\t\t\t\t<div class=\"elementor-element elementor-element-iwgs-brakteat-s2h elementor-widget elementor-widget-heading\" data-id=\"iwgs-brakteat-s2h\" data-element_type=\"widget\" data-e-type=\"widget\" data-widget_type=\"heading.default\">\n\t\t\t\t\t<h2 class=\"elementor-heading-title elementor-size-default\">Fyrirmynd og eigin myndheimur<\/h2>\t\t\t\t<\/div>\n\t\t<div class=\"elementor-element elementor-element-iwgs-brakteat-s2box e-con-full e-flex e-con e-parent\" data-id=\"iwgs-brakteat-s2box\" data-element_type=\"container\" data-e-type=\"container\">\n\t\t\t\t<div class=\"elementor-element elementor-element-iwgs-brakteat-s2t elementor-widget elementor-widget-text-editor\" data-id=\"iwgs-brakteat-s2t\" data-element_type=\"widget\" data-e-type=\"widget\" data-widget_type=\"text-editor.default\">\n\t\t\t\t\t\t\t\t\t<p>Brakteatar ur\u00f0u til \u00fat fr\u00e1 fyrirmynd sem kom \u00far r\u00f3mverska heiminum. Seinr\u00f3mversku keisararnir l\u00e9tu m\u00f3ta gullnar medal\u00edur sem voru gefnar sem t\u00e1kn vi\u00f0urkenningar og tengsla.<\/p><p>Sl\u00edkar keisaralegar medal\u00edur b\u00e1rust til hins germanska nor\u00f0urs. \u00dear voru \u00fe\u00e6r metnar d\u00fdrm\u00e6tar og merkingarr\u00edkar og voru eftirl\u00edktar.<\/p><p>En germ\u00f6nsku gullsmi\u00f0irnir eftirl\u00edktu fyrirmyndina ekki einfaldlega. \u00deeir breyttu henni. \u00dar keisaralegri medal\u00edu me\u00f0 mynd h\u00f6f\u00f0ingjans var\u00f0 einhli\u00f0a brakteatinn me\u00f0 eigin myndheimi.<\/p><p>\u00deessi eigin myndheimur losa\u00f0i sig fr\u00e1 r\u00f3mversku fyrirmyndinni. Keisaramyndin var endurt\u00falku\u00f0 og sett \u00ed n\u00fdtt samhengi. Til ur\u00f0u myndger\u00f0ir sem samsv\u00f6ru\u00f0u germ\u00f6nskum hugmyndaheimi.<\/p><p>Brakteatinn er \u00feannig gott d\u00e6mi um skapandi a\u00f0l\u00f6gun. Erlend fyrirmynd var tekin upp, en h\u00fan var ekki eftirger\u00f0, heldur ummyndu\u00f0 \u00ed eitthva\u00f0 eigi\u00f0.<\/p><p>\u00cd \u00feessari ummyndun kemur fram sj\u00e1lfst\u00e6\u00f0i germanskrar listar \u00fej\u00f3\u00f0flutningat\u00edmans. H\u00fan t\u00f3k vi\u00f0 hugmyndum og m\u00f3ta\u00f0i \u00far \u00feeim eigi\u00f0, s\u00e9rst\u00e6tt myndm\u00e1l.<\/p>\t\t\t\t\t\t\t\t<\/div>\n\t\t\t\t<\/div>\n\t\t\t\t\t<\/div>\n\t\t\t\t<\/div>\n\t\t<div class=\"elementor-element elementor-element-iwgs-brakteat-s3 e-flex e-con-boxed e-con e-parent\" data-id=\"iwgs-brakteat-s3\" data-element_type=\"container\" data-e-type=\"container\">\n\t\t\t\t\t<div class=\"e-con-inner\">\n\t\t\t\t<div class=\"elementor-element elementor-element-iwgs-brakteat-s3h elementor-widget elementor-widget-heading\" data-id=\"iwgs-brakteat-s3h\" data-element_type=\"widget\" data-e-type=\"widget\" data-widget_type=\"heading.default\">\n\t\t\t\t\t<h2 class=\"elementor-heading-title elementor-size-default\">Myndir brakteatanna<\/h2>\t\t\t\t<\/div>\n\t\t<div class=\"elementor-element elementor-element-iwgs-brakteat-s3box e-con-full e-flex e-con e-parent\" data-id=\"iwgs-brakteat-s3box\" data-element_type=\"container\" data-e-type=\"container\">\n\t\t\t\t<div class=\"elementor-element elementor-element-iwgs-brakteat-s3t elementor-widget elementor-widget-text-editor\" data-id=\"iwgs-brakteat-s3t\" data-element_type=\"widget\" data-e-type=\"widget\" data-widget_type=\"text-editor.default\">\n\t\t\t\t\t\t\t\t\t<p>Myndir \u00e1 brakteatum eru margbreytilegar og t\u00falkun \u00feeirra er me\u00f0al mikilv\u00e6gustu verkefna fr\u00e6\u00f0anna. Oft birtist mannsh\u00f6fu\u00f0, \u00e1samt d\u00fdrum og \u00f6\u00f0rum mynd\u00fe\u00e1ttum.<\/p><p>Algeng myndger\u00f0 s\u00fdnir h\u00f6fu\u00f0 yfir ferf\u00e6ttu d\u00fdri, oft \u00ed fylgd fugls. \u00deessi myndger\u00f0 er \u00ed fr\u00e6\u00f0unum oft tengd gu\u00f0inum \u00d3\u00f0ni.<\/p><p>T\u00falkunin byggist \u00e1 norr\u00e6nni <span class=\"iwg-fachbegriff\" data-tooltip=\"Mi\u00f0lun \u00feekkingar og fr\u00e1sagna milli kynsl\u00f3\u00f0a.\" tabindex=\"0\">arfleif\u00f0<\/span>. \u00d3\u00f0inn er tengdur hestum, fuglum og l\u00e6knislist. Atri\u00f0i me\u00f0 h\u00f6f\u00f0i, hesti og fugli m\u00e1 \u00feannig tengja vi\u00f0 \u00d3\u00f0in og heilandi verk hans.<\/p><p>\u00deessi t\u00falkun tengir brakteatana vi\u00f0 \u00feekkta <span class=\"iwg-fachbegriff\" data-tooltip=\"Mi\u00f0lun \u00feekkingar og fr\u00e1sagna milli kynsl\u00f3\u00f0a.\" tabindex=\"0\">arfleif\u00f0<\/span>. Til er fornt germanskt t\u00f6fralj\u00f3\u00f0 sem segir fr\u00e1 l\u00e6kningu slasa\u00f0s hests me\u00f0 gu\u00f0legri \u00edhlutun. Sumar myndir \u00e1 brakteatum m\u00e1 tengja vi\u00f0 \u00feessa hugmynd um l\u00e6kningu.<\/p><p>Mikilv\u00e6gt er \u00fe\u00f3 a\u00f0 halda \u00fev\u00ed til haga a\u00f0 sl\u00edkar t\u00falkanir eru ekki fullkomlega sta\u00f0festar \u00ed \u00f6llum atri\u00f0um. Brakteatar s\u00fdna myndir \u00e1n \u00fatsk\u00fdrandi texta. Margt ver\u00f0ur a\u00f0 draga \u00e1lyktun um \u00fat fr\u00e1 <span class=\"iwg-fachbegriff\" data-tooltip=\"Mi\u00f0lun \u00feekkingar og fr\u00e1sagna milli kynsl\u00f3\u00f0a.\" tabindex=\"0\">arfleif\u00f0inni<\/span> og \u00fat fr\u00e1 samanbur\u00f0i.<\/p><p>Vita\u00f0 er a\u00f0 myndir brakteatanna h\u00f6f\u00f0u merkingu. \u00de\u00e6r voru ekki einf\u00f6ld skreyting, heldur b\u00e1ru \u00fe\u00e6r merkingu sem tengdist gu\u00f0unum, l\u00e6kningunni og verndinni.<\/p>\t\t\t\t\t\t\t\t<\/div>\n\t\t\t\t<\/div>\n\t\t\t\t\t<\/div>\n\t\t\t\t<\/div>\n\t\t<div class=\"elementor-element elementor-element-iwgs-brakteat-s4 e-flex e-con-boxed e-con e-parent\" data-id=\"iwgs-brakteat-s4\" data-element_type=\"container\" data-e-type=\"container\">\n\t\t\t\t\t<div class=\"e-con-inner\">\n\t\t\t\t<div class=\"elementor-element elementor-element-iwgs-brakteat-s4h elementor-widget elementor-widget-heading\" data-id=\"iwgs-brakteat-s4h\" data-element_type=\"widget\" data-e-type=\"widget\" data-widget_type=\"heading.default\">\n\t\t\t\t\t<h2 class=\"elementor-heading-title elementor-size-default\">R\u00fanaristur \u00e1 brakteatum<\/h2>\t\t\t\t<\/div>\n\t\t<div class=\"elementor-element elementor-element-iwgs-brakteat-s4box e-con-full e-flex e-con e-parent\" data-id=\"iwgs-brakteat-s4box\" data-element_type=\"container\" data-e-type=\"container\">\n\t\t\t\t<div class=\"elementor-element elementor-element-iwgs-brakteat-s4t elementor-widget elementor-widget-text-editor\" data-id=\"iwgs-brakteat-s4t\" data-element_type=\"widget\" data-e-type=\"widget\" data-widget_type=\"text-editor.default\">\n\t\t\t\t\t\t\t\t\t<p>Auk myndarins bera margir brakteatar \u00e1letrun me\u00f0 r\u00fanum. \u00deessar \u00e1letranir eru mikilv\u00e6gar til a\u00f0 skilja brakteatana.<\/p><p>Sumar \u00feessara r\u00fana\u00e1letrana eru vel l\u00e6silegar og skiljanlegar. \u00dear koma fram n\u00f6fn, til d\u00e6mis nafn smi\u00f0sins e\u00f0a eigandans. Sl\u00edkar \u00e1letranir tengja brakteatinn vi\u00f0 \u00e1kve\u00f0na pers\u00f3nu.<\/p><p>A\u00f0rar \u00e1letranir eru styttri og erfi\u00f0ari a\u00f0 t\u00falka. Algeng er stutt r\u00fanaruna sem kemur fram \u00e1 m\u00f6rgum brakteatum og einnig \u00e1 \u00f6\u00f0rum gripum. H\u00fan er tengd svi\u00f0i verndar og varnar.<\/p><p>Sumar \u00e1letranir vir\u00f0ast vera form\u00falur en merking \u00feeirra er \u00f3lj\u00f3s. M\u00f6gulegt er a\u00f0 \u00feeim hafi veri\u00f0 eigna\u00f0ur verndarkraftur einmitt sem form\u00falu, \u00f3h\u00e1\u00f0 or\u00f0r\u00e9ttri merkingu.<\/p><p>R\u00fana\u00e1letranirnir tengja brakteatinn vi\u00f0 heim verndarr\u00fananna. \u00c1 s\u00ed\u00f0unni um <a href=\"https:\/\/iwell-guard.com\/is\/?page_id=169170\">verndarr\u00fanir<\/a> er n\u00e1nar fjalla\u00f0 um verndandi notkun r\u00fana.<\/p><p>Mynd og r\u00fana\u00e1letrun myndu saman heild \u00e1 brakteatnum. B\u00e6\u00f0i stu\u00f0lu\u00f0u a\u00f0 merkingu hengisins. Brakteatinn var \u00feannig verndargripur sem sameina\u00f0i kraft myndarinnar og kraft rita\u00f0s or\u00f0s.<\/p>\t\t\t\t\t\t\t\t<\/div>\n\t\t\t\t<\/div>\n\t\t\t\t\t<\/div>\n\t\t\t\t<\/div>\n\t\t<div class=\"elementor-element elementor-element-iwgs-brakteat-s5 e-flex e-con-boxed e-con e-parent\" data-id=\"iwgs-brakteat-s5\" data-element_type=\"container\" data-e-type=\"container\">\n\t\t\t\t\t<div class=\"e-con-inner\">\n\t\t\t\t<div class=\"elementor-element elementor-element-iwgs-brakteat-s5h elementor-widget elementor-widget-heading\" data-id=\"iwgs-brakteat-s5h\" data-element_type=\"widget\" data-e-type=\"widget\" data-widget_type=\"heading.default\">\n\t\t\t\t\t<h2 class=\"elementor-heading-title elementor-size-default\">Vernd og heilun<\/h2>\t\t\t\t<\/div>\n\t\t<div class=\"elementor-element elementor-element-iwgs-brakteat-s5box e-con-full e-flex e-con e-parent\" data-id=\"iwgs-brakteat-s5box\" data-element_type=\"container\" data-e-type=\"container\">\n\t\t\t\t<div class=\"elementor-element elementor-element-iwgs-brakteat-s5t elementor-widget elementor-widget-text-editor\" data-id=\"iwgs-brakteat-s5t\" data-element_type=\"widget\" data-e-type=\"widget\" data-widget_type=\"text-editor.default\">\n\t\t\t\t\t\t\t\t\t<p>Brakteatar eru taldir vera verndargripir. Myndir \u00feeirra, r\u00fanir \u00feeirra og notkun \u00feeirra sem hengi bera me\u00f0 s\u00e9r a\u00f0 \u00feeim hafi veri\u00f0 eignu\u00f0 verndandi og heilandi virkni.<\/p><p>Tengsl nokkurra myndger\u00f0a vi\u00f0 gu\u00f0inn \u00d3\u00f0in og hugmyndina um heilun benda til \u00feess a\u00f0 brakteatar hafi s\u00e9rstaklega tengst svi\u00f0i heilunar. \u00deeir \u00e6ttu a\u00f0 vi\u00f0halda heilsu eiganda s\u00edns e\u00f0a sty\u00f0ja bata hans.<\/p><p>Auk \u00feess kemur almenn verndarhugsun til greina. Bori\u00f0 gullhengi me\u00f0 gu\u00f0legum myndum og verndandi r\u00fanum \u00e6tti a\u00f0 vernda eiganda sinn fr\u00e1 \u00f3g\u00e6fu.<\/p><p>Brakteatar voru \u00feannig ekki bara d\u00fdrm\u00e6tt skart. \u00deeir voru b\u00e6\u00f0i skart og verndargripur \u00ed senn. H\u00e1tt gullvir\u00f0i og verndandi merking \u00fatiloku\u00f0u ekki hvort anna\u00f0.<\/p><p>\u00deessi samtenging skarts og verndar er algeng me\u00f0al borinna gripa. Mes\u00f3p\u00f3tam\u00edski h\u00f3lk\u00ferykkurinn var einnig verkf\u00e6ri og <span class=\"iwg-fachbegriff\" data-tooltip=\"Borinn gripur sem talinn er hafa verndandi, \u00f3g\u00e6fuvarnandi virkni.\" tabindex=\"0\">verndargripur<\/span> \u00ed senn. Brakteatinn er skart og verndargripur samt\u00edmis.<\/p><p>Brakteatinn s\u00fdnir \u00feannig a\u00f0 germanski heimurinn \u00e1 t\u00edmum \u00fej\u00f3\u00f0flutninga bj\u00f3 yfir r\u00edkri verndari\u00f0kun. \u00deessi i\u00f0kun tengdi gullsm\u00ed\u00f0alist, myndheim gu\u00f0anna og r\u00fanaskrift saman \u00ed borinn verndargrip.<\/p>\t\t\t\t\t\t\t\t<\/div>\n\t\t\t\t<\/div>\n\t\t\t\t\t<\/div>\n\t\t\t\t<\/div>\n\t\t<div class=\"elementor-element elementor-element-iwgs-brakteat-s6 e-flex e-con-boxed e-con e-parent\" data-id=\"iwgs-brakteat-s6\" data-element_type=\"container\" data-e-type=\"container\">\n\t\t\t\t\t<div class=\"e-con-inner\">\n\t\t\t\t<div class=\"elementor-element elementor-element-iwgs-brakteat-s6h elementor-widget elementor-widget-heading\" data-id=\"iwgs-brakteat-s6h\" data-element_type=\"widget\" data-e-type=\"widget\" data-widget_type=\"heading.default\">\n\t\t\t\t\t<h2 class=\"elementor-heading-title elementor-size-default\">Fundsta\u00f0ir og \u00fatbrei\u00f0sla<\/h2>\t\t\t\t<\/div>\n\t\t<div class=\"elementor-element elementor-element-iwgs-brakteat-s6box e-con-full e-flex e-con e-parent\" data-id=\"iwgs-brakteat-s6box\" data-element_type=\"container\" data-e-type=\"container\">\n\t\t\t\t<div class=\"elementor-element elementor-element-iwgs-brakteat-s6t elementor-widget elementor-widget-text-editor\" data-id=\"iwgs-brakteat-s6t\" data-element_type=\"widget\" data-e-type=\"widget\" data-widget_type=\"text-editor.default\">\n\t\t\t\t\t\t\t\t\t<p>Brakteatar hafa fundist \u00ed miklu magni. Fundsta\u00f0ir \u00feeirra dreifast um Skandinav\u00edu og hi\u00f0 germanska bygg\u00f0a sv\u00e6\u00f0i Nor\u00f0ur-Evr\u00f3pu. Einnig \u00e1 \u00f6\u00f0rum sv\u00e6\u00f0um hafa brakteatar komi\u00f0 \u00ed lj\u00f3s.<\/p><p>Oft fundust brakteatar \u00ed fj\u00e1rsj\u00f3\u00f0sfundum. Fj\u00e1rsj\u00f3\u00f0ur er safn ver\u00f0m\u00e6ta sem hefur veri\u00f0 sett ni\u00f0ur \u00ed j\u00f6r\u00f0ina. Brakteatar tilheyra oft sl\u00edkum grafinum fj\u00e1rsj\u00f3\u00f0um.<\/p><p>Hvers vegna fj\u00e1rsj\u00f3\u00f0irnir voru grafnir er ekki alltaf lj\u00f3st. Sumir voru grafnir til a\u00f0 tryggja ver\u00f0m\u00e6ti \u00e1 \u00f3vissum t\u00edmum, a\u00f0rir m\u00e1 vera a\u00f0 hafi veri\u00f0 lag\u00f0ir fram sem gj\u00f6f til gu\u00f0anna.<\/p><p>Brakteatar hafa l\u00edka fundist \u00ed gr\u00f6fum. \u00cd gr\u00f6finni fylgdi gullhengi\u00f0 hinum l\u00e1tna. \u00deetta s\u00fdnir a\u00f0 brakteatinn haf\u00f0i \u00fe\u00fd\u00f0ingu jafnvel eftir dau\u00f0ann.<\/p><p>T\u00edmabil \u00fej\u00f3\u00f0flutninganna, \u00feegar brakteatarnir ur\u00f0u til, var t\u00edmi mikilla hreyfinga og umbrota. V\u00ed\u00f0t\u00e6k \u00fatbrei\u00f0sla brakteatanna og myndger\u00f0a \u00feeirra endurspeglar tengsl \u00feessa umbrotat\u00edma.<\/p><p>Fundsta\u00f0irnir gera brakteatana a\u00f0 ver\u00f0m\u00e6tri heimild. Saman me\u00f0 myndum s\u00ednum og \u00e1letrunum gefa \u00feeir inns\u00fdn \u00ed menningu, tr\u00fa og verndarhugmyndir hins forna germanska nor\u00f0urs.<\/p>\t\t\t\t\t\t\t\t<\/div>\n\t\t\t\t<\/div>\n\t\t\t\t\t<\/div>\n\t\t\t\t<\/div>\n\t\t<div class=\"elementor-element elementor-element-iwgs-brakteat-s7 e-flex e-con-boxed e-con e-parent\" data-id=\"iwgs-brakteat-s7\" data-element_type=\"container\" data-e-type=\"container\">\n\t\t\t\t\t<div class=\"e-con-inner\">\n\t\t\t\t<div class=\"elementor-element elementor-element-iwgs-brakteat-s7h elementor-widget elementor-widget-heading\" data-id=\"iwgs-brakteat-s7h\" data-element_type=\"widget\" data-e-type=\"widget\" data-widget_type=\"heading.default\">\n\t\t\t\t\t<h2 class=\"elementor-heading-title elementor-size-default\">Brakteatar \u00ed ranns\u00f3knum<\/h2>\t\t\t\t<\/div>\n\t\t<div class=\"elementor-element elementor-element-iwgs-brakteat-s7box e-con-full e-flex e-con e-parent\" data-id=\"iwgs-brakteat-s7box\" data-element_type=\"container\" data-e-type=\"container\">\n\t\t\t\t<div class=\"elementor-element elementor-element-iwgs-brakteat-s7t elementor-widget elementor-widget-text-editor\" data-id=\"iwgs-brakteat-s7t\" data-element_type=\"widget\" data-e-type=\"widget\" data-widget_type=\"text-editor.default\">\n\t\t\t\t\t\t\t\t\t<p>Brakteatar eru me\u00f0al best ranns\u00f6ku\u00f0u gripaflokka germanskrar frums\u00f6gu. Fj\u00f6ldi gripa hefur veri\u00f0 skr\u00e1\u00f0ur og l\u00fdst \u00ed umfangsmiklum fr\u00e6\u00f0iritum.<\/p><p>\u00deessi vanda\u00f0a skr\u00e1ning gerir kleift a\u00f0 flokka brakteatana. Ranns\u00f3knir a\u00f0greina \u00fdmsar myndger\u00f0ir og geta sta\u00f0sett gripina \u00ed t\u00edma og r\u00fami.<\/p><p>T\u00falkun brakteatamyndanna er s\u00e9rstakt og lifandi ranns\u00f3knarsvi\u00f0. Um n\u00e1kv\u00e6ma merkingu einstakra mynda og \u00e1letrana er deilt, og ekki er hverri spurningu svara\u00f0 til fullnustu.<\/p><p>\u00deessar umr\u00e6\u00f0ur eru ekki merki um skort heldur vandvirkni. Brakteatar s\u00fdna myndir \u00e1n \u00fatsk\u00fdrandi texta, og \u00fev\u00ed ver\u00f0ur t\u00falkun a\u00f0 fara fram me\u00f0 g\u00e1t og me\u00f0 samanbur\u00f0i margra gripa.<\/p><p>\u00dea\u00f0 sem telst \u00f6ruggt er grunnsta\u00f0reyndin. Brakteatar eru borin gullhengi fr\u00e1 t\u00edmum \u00fej\u00f3\u00f0flutninganna, \u00feeir bera merkingar\u00ferungnar myndir og oft r\u00fana\u00e1letranir, og \u00feeim var eignu\u00f0 verndandi merking.<\/p><p>Brakteatar eru \u00feannig gott d\u00e6mi um vel rannsaka\u00f0an, \u00f6ruggt t\u00edmasettan verndargrip. \u00d3l\u00edkt sumum t\u00e1knum, \u00fear sem aldur er umdeildur, er t\u00edmasetning brakteatanna sta\u00f0fest.<\/p>\t\t\t\t\t\t\t\t<\/div>\n\t\t\t\t<\/div>\n\t\t\t\t\t<\/div>\n\t\t\t\t<\/div>\n\t\t<div class=\"elementor-element elementor-element-iwgs-brakteat-s8 e-flex e-con-boxed e-con e-parent\" data-id=\"iwgs-brakteat-s8\" data-element_type=\"container\" data-e-type=\"container\">\n\t\t\t\t\t<div class=\"e-con-inner\">\n\t\t\t\t<div class=\"elementor-element elementor-element-iwgs-brakteat-s8h elementor-widget elementor-widget-heading\" data-id=\"iwgs-brakteat-s8h\" data-element_type=\"widget\" data-e-type=\"widget\" data-widget_type=\"heading.default\">\n\t\t\t\t\t<h2 class=\"elementor-heading-title elementor-size-default\">M\u00f3tt\u00f6kur \u00ed dag<\/h2>\t\t\t\t<\/div>\n\t\t<div class=\"elementor-element elementor-element-iwgs-brakteat-s8box e-con-full e-flex e-con e-parent\" data-id=\"iwgs-brakteat-s8box\" data-element_type=\"container\" data-e-type=\"container\">\n\t\t\t\t<div class=\"elementor-element elementor-element-iwgs-brakteat-s8t elementor-widget elementor-widget-text-editor\" data-id=\"iwgs-brakteat-s8t\" data-element_type=\"widget\" data-e-type=\"widget\" data-widget_type=\"text-editor.default\">\n\t\t\t\t\t\t\t\t\t<p>Brakteatar eru \u00ed dag \u00feekktastir me\u00f0al \u00feeirra sem hafa s\u00e9r\u00feekkingu \u00e1 germanskri frums\u00f6gu. \u00cd ranns\u00f3knum eru \u00feeir mikilv\u00e6gt svi\u00f0 en me\u00f0al almennings eru \u00feeir minna kunnir en til d\u00e6mis \u00de\u00f3rshamarinn.<\/p><p>\u00cd s\u00f6fnum \u00fdmissa safna, s\u00e9rstaklega \u00ed Skandinav\u00edu, m\u00e1 sj\u00e1 brakteata. F\u00edn gullsm\u00ed\u00f0avinna \u00feeirra og g\u00e1tulegar myndir gera \u00fe\u00e1 a\u00f0 tilkomumiklum s\u00fdningargripum.<\/p><p>Fyrir ranns\u00f3knir \u00e1 germanskri tr\u00fa og list eru brakteatar mikils vir\u00f0i. \u00deeir eru me\u00f0al mikilv\u00e6gustu myndaheimilda fyrir t\u00edmann \u00e1\u00f0ur en norr\u00e6n <span class=\"iwg-fachbegriff\" data-tooltip=\"Heildarsafn var\u00f0veittra go\u00f0sagna \u00ed menningu.\" tabindex=\"0\">go\u00f0afr\u00e6\u00f0i<\/span> var skr\u00e1\u00f0 \u00e1 rit.<\/p><p>Brakteatar s\u00fdna a\u00f0 germanska nor\u00f0ri\u00f0 bj\u00f3 yfir r\u00edkri verndar- og myndmenningu l\u00f6ngu fyrir v\u00edkinga\u00f6ld. \u00deeir eru vitnisbur\u00f0ur fr\u00e1 fyrri, oft l\u00edtt kunnri \u00f6ld.<\/p><p>Sem skart eru eftirger\u00f0ir af brakteatum st\u00f6ku sinnum bornar, oftast af f\u00f3lki me\u00f0 s\u00e9rstakan \u00e1huga \u00e1 germanskri frums\u00f6gu.<\/p><p>Brakteatinn er \u00feannig \u00e1hrifamiki\u00f0 d\u00e6mi um fornan germanskan verndargrip. Hann sameinar d\u00fdrm\u00e6tt gull, myndheim gu\u00f0anna og r\u00fanaskrift og er me\u00f0al best sta\u00f0festu verndarhengja hins forna nor\u00f0urs.<\/p>\t\t\t\t\t\t\t\t<\/div>\n\t\t\t\t<\/div>\n\t\t\t\t\t<\/div>\n\t\t\t\t<\/div>\n\t\t<div class=\"elementor-element elementor-element-iwgs-brakteat-lit e-flex e-con-boxed e-con e-parent\" data-id=\"iwgs-brakteat-lit\" data-element_type=\"container\" data-e-type=\"container\">\n\t\t\t\t\t<div class=\"e-con-inner\">\n\t\t\t\t<div class=\"elementor-element elementor-element-iwgs-brakteat-lith elementor-widget elementor-widget-heading\" data-id=\"iwgs-brakteat-lith\" data-element_type=\"widget\" data-e-type=\"widget\" data-widget_type=\"heading.default\">\n\t\t\t\t\t<h2 class=\"elementor-heading-title elementor-size-default\">Heimildir (\u00farval)<\/h2>\t\t\t\t<\/div>\n\t\t<div class=\"elementor-element elementor-element-iwgs-brakteat-litbox e-con-full e-flex e-con e-parent\" data-id=\"iwgs-brakteat-litbox\" data-element_type=\"container\" data-e-type=\"container\">\n\t\t\t\t<div class=\"elementor-element elementor-element-iwgs-brakteat-litt elementor-widget elementor-widget-html\" data-id=\"iwgs-brakteat-litt\" data-element_type=\"widget\" data-e-type=\"widget\" data-widget_type=\"html.default\">\n\t\t\t\t\t<footer data-nosnippet=\"true\"><ul><li>Wilhelm Heizmann, Morten Axboe (ritstj.): <em>Die Goldbrakteaten der V\u00f6lkerwanderungszeit<\/em> (2011)<\/li><li>Karl Hauck: <em>Goldbrakteaten aus Sievern<\/em> (1970)<\/li><li>Klaus D\u00fcwel: <em>Runenkunde<\/em> (2008)<\/li><li>Rudolf Simek: <em>Lexikon der germanischen Mythologie<\/em> (2006)<\/li><li>Morten Axboe: <em>Die Goldbrakteaten der V\u00f6lkerwanderungszeit. Herstellungsprobleme und Chronologie<\/em> (2004)<\/li><\/ul><\/footer>\t\t\t\t<\/div>\n\t\t\t\t<\/div>\n\t\t\t\t\t<\/div>\n\t\t\t\t<\/div>\n\t\t<div class=\"elementor-element elementor-element-iwgs-brakteat-kwd e-flex e-con-boxed e-con e-parent\" data-id=\"iwgs-brakteat-kwd\" data-element_type=\"container\" data-e-type=\"container\">\n\t\t\t\t\t<div class=\"e-con-inner\">\n\t\t\t\t<div class=\"elementor-element elementor-element-iwgs-brakteat-kwdt elementor-widget elementor-widget-text-editor\" data-id=\"iwgs-brakteat-kwdt\" data-element_type=\"widget\" data-e-type=\"widget\" data-widget_type=\"text-editor.default\">\n\t\t\t\t\t\t\t\t\t<p><em>Tengd leitaror\u00f0: Brakteat gullbrakteat \u00fej\u00f3\u00f0flutningat\u00edmabili\u00f0 \u00d3\u00f0inn r\u00fana\u00e1letrun sj\u00f3\u00f0fundur gullhengi germanskt.<\/em><\/p>\t\t\t\t\t\t\t\t<\/div>\n\t\t\t\t\t<\/div>\n\t\t\t\t<\/div>\n\t\t<div class=\"elementor-element elementor-element-iwgs-brakteat-cc e-flex e-con-boxed e-con e-parent\" data-id=\"iwgs-brakteat-cc\" data-element_type=\"container\" data-e-type=\"container\" id=\"iwg-cc-brakteat\">\n\t\t\t\t\t<div class=\"e-con-inner\">\n\t\t<div class=\"elementor-element elementor-element-iwgs-brakteat-ccinner e-flex e-con-boxed e-con e-parent\" data-id=\"iwgs-brakteat-ccinner\" data-element_type=\"container\" data-e-type=\"container\" data-settings=\"{&quot;background_background&quot;:&quot;classic&quot;}\">\n\t\t\t\t\t<div class=\"e-con-inner\">\n\t\t\t\t<div class=\"elementor-element elementor-element-iwgs-brakteat-cch elementor-widget elementor-widget-heading\" data-id=\"iwgs-brakteat-cch\" data-element_type=\"widget\" data-e-type=\"widget\" data-widget_type=\"heading.default\">\n\t\t\t\t\t<h2 class=\"elementor-heading-title elementor-size-default\">iWell Guard og verndarhef\u00f0ir<\/h2>\t\t\t\t<\/div>\n\t\t\t\t<div class=\"elementor-element elementor-element-iwgs-brakteat-cct elementor-widget elementor-widget-text-editor\" data-id=\"iwgs-brakteat-cct\" data-element_type=\"widget\" data-e-type=\"widget\" data-widget_type=\"text-editor.default\">\n\t\t\t\t\t\t\t\t\t<p>iWell Guard tilheyrir hinni menningars\u00f6gulegu hef\u00f0 fars\u00edmalegra hlutverndargripa, sem brakteatinn er einnig hluti af. N\u00fat\u00edmalegur f\u00f6runautur fyrir f\u00f3lk sem lifir me\u00f0 verndart\u00e1knum: framleiddur \u00ed \u00de\u00fdskalandi, 41 lag \u00far hreinu gulli, plat\u00ednu og silfri, me\u00f0 30 daga skilar\u00e9tti.<\/p>\t\t\t\t\t\t\t\t<\/div>\n\t\t\t\t<div class=\"elementor-element elementor-element-iwgs-brakteat-ccb iwg-cc-button iwg-cc-cta-2026-05-13 elementor-widget elementor-widget-jet-button\" data-id=\"iwgs-brakteat-ccb\" data-element_type=\"widget\" data-e-type=\"widget\" data-widget_type=\"jet-button.default\">\n\t\t\t\t<div class=\"elementor-widget-container\">\n\t\t\t\t\t<div class=\"elementor-jet-button jet-elements\"><div class=\"jet-button__container\"><a class=\"jet-button__instance jet-button__instance--icon-left hover-effect-1\" href=\"\/schutzanhaenger-iwell-guard-kaufen\/?utm_source=iwell-guard.com&amp;utm_medium=info-box&amp;utm_campaign=schutzsymbole\"><div class=\"jet-button__plane jet-button__plane-normal\"><\/div><div class=\"jet-button__plane jet-button__plane-hover\"><\/div><div class=\"jet-button__state jet-button__state-normal\"><span class=\"jet-button__label\">Meira um iWell Guard<\/span><\/div><div class=\"jet-button__state jet-button__state-hover\"><span class=\"jet-button__label\">Meira um iWell Guard<\/span><\/div><\/a><\/div><\/div><style>.elementor-element.elementor-element-iwgs-brakteat-ccb .jet-button__instance{width:320px;height:56px;}.elementor-element.elementor-element-iwgs-brakteat-ccb .jet-button__state-normal .jet-button__label{text-align:center;margin:0px 0px 0px 0px;color:#1a1b20;font-family:Montserrat,sans-serif;font-size:13px;font-weight:400;letter-spacing:4px;line-height:1.714em;text-transform:uppercase;}.elementor-element.elementor-element-iwgs-brakteat-ccb .jet-button__state-hover .jet-button__label{text-align:center;margin:0px 0px 0px 0px;color:#FECC76;font-family:Montserrat,sans-serif;font-size:13px;font-weight:400;letter-spacing:4px;line-height:1.714em;text-transform:uppercase;}.elementor-element.elementor-element-iwgs-brakteat-ccb .jet-button__plane-normal{background-color:#FECC76;border-style:solid;border-color:#C99540;border-width:2px 2px 2px 2px;}.elementor-element.elementor-element-iwgs-brakteat-ccb .jet-button__plane-hover{background-color:rgba(0,0,0,0.55);border-style:solid;border-color:#FECC76;border-width:2px 2px 2px 2px;}<\/style>\t\t\t\t<\/div>\n\t\t\t\t<\/div>\n\t\t\t\t<div class=\"elementor-element elementor-element-iwgs-brakteat-ccd elementor-widget elementor-widget-text-editor\" data-id=\"iwgs-brakteat-ccd\" data-element_type=\"widget\" data-e-type=\"widget\" data-widget_type=\"text-editor.default\">\n\t\t\t\t\t\t\t\t\t<p style=\"text-align:center;font-size:13px;opacity:0.7;margin-top:14px\" data-nosnippet=\"true\">Pers\u00f3nuleg reynsla getur veri\u00f0 mismunandi. Ekki l\u00e6kningat\u00e6ki. Engin lofor\u00f0 um l\u00e6kningu.<\/p>\t\t\t\t\t\t\t\t<\/div>\n\t\t\t\t\t<\/div>\n\t\t\t\t<\/div>\n\t\t\t\t\t<\/div>\n\t\t\t\t<\/div>\n\t\t<div class=\"elementor-element elementor-element-iwgs-brakteat-disc e-flex e-con-boxed e-con e-parent\" data-id=\"iwgs-brakteat-disc\" data-element_type=\"container\" data-e-type=\"container\">\n\t\t\t\t\t<div class=\"e-con-inner\">\n\t\t\t\t<div class=\"elementor-element elementor-element-iwgs-brakteat-discw elementor-widget elementor-widget-html\" data-id=\"iwgs-brakteat-discw\" data-element_type=\"widget\" data-e-type=\"widget\" data-widget_type=\"html.default\">\n\t\t\t\t\t<footer data-nosnippet=\"true\" class=\"iwg-disclaimer-block\"><p data-nosnippet=\"true\">iWell Guard er <strong>ekki l\u00e6kningat\u00e6ki<\/strong> og kemur ekki \u00ed sta\u00f0 l\u00e6knis- e\u00f0a s\u00e1lfr\u00e6\u00f0ime\u00f0fer\u00f0ar. Innihaldi\u00f0 sem h\u00e9r er sett fram er tr\u00faarbrag\u00f0afr\u00e6\u00f0ileg og menningars\u00f6gulega greining, ekki lofor\u00f0 um andlega virkni.<\/p><\/footer>\t\t\t\t<\/div>\n\t\t\t\t\t<\/div>\n\t\t\t\t<\/div>\n\t\t\t\t<\/div>\n\t\t","protected":false},"excerpt":{"rendered":"","protected":false},"author":3,"featured_media":3479,"parent":0,"menu_order":0,"comment_status":"closed","ping_status":"closed","template":"elementor_header_footer","meta":{"_yoast_wpseo_focuskw":"Brakteat","_yoast_wpseo_title":"Brakteat \u2013 gyllt verndarmedal\u00eda","_yoast_wpseo_metadesc":"Brakteatar voru gullnir hlutir fr\u00e1 \u00fej\u00f3\u00f0flutningat\u00edmanum, skreyttir verndarmyndum og r\u00fanum. \u00datlit og merking \u00fatsk\u00fdr\u00f0 \u00e1 sk\u00fdran h\u00e1tt.","_yoast_wpseo_meta-robots-noindex":"","_yoast_wpseo_canonical":"","_angie_page":false,"gefaehrdungsstufe":"","wesen_kultur":"","wesen_klasse":"","footnotes":""},"categories":[],"class_list":["post-169171","page","type-page","status-publish","has-post-thumbnail","hentry"],"yoast_head":"<!-- This site is optimized with the Yoast SEO Premium plugin v27.7 (Yoast SEO v28.3) - https:\/\/yoast.com\/product\/yoast-seo-premium-wordpress\/ -->\n<title>Brakteat \u2013 gyllt verndarmedal\u00eda<\/title>\n<meta name=\"description\" content=\"Brakteatar voru gullnir hlutir fr\u00e1 \u00fej\u00f3\u00f0flutningat\u00edmanum, skreyttir verndarmyndum og r\u00fanum. \u00datlit og merking \u00fatsk\u00fdr\u00f0 \u00e1 sk\u00fdran h\u00e1tt.\" \/>\n<meta name=\"robots\" content=\"index, follow, max-snippet:-1, max-image-preview:large, max-video-preview:-1\" \/>\n<link rel=\"canonical\" href=\"https:\/\/iwell-guard.com\/is\/brakteat-gyllta-verndarmedalian\/\" \/>\n<meta property=\"og:locale\" content=\"is_IS\" \/>\n<meta property=\"og:type\" content=\"article\" \/>\n<meta property=\"og:title\" content=\"Brakteat \u2013 gullna verndarmedal\u00edan fr\u00e1 \u00fej\u00f3\u00f0flutningat\u00edmanum\" \/>\n<meta property=\"og:description\" content=\"Brakteatar voru gullnir hlutir fr\u00e1 \u00fej\u00f3\u00f0flutningat\u00edmanum, skreyttir verndarmyndum og r\u00fanum. \u00datlit og merking \u00fatsk\u00fdr\u00f0 \u00e1 sk\u00fdran h\u00e1tt.\" \/>\n<meta property=\"og:url\" content=\"https:\/\/iwell-guard.com\/is\/brakteat-gyllta-verndarmedalian\/\" \/>\n<meta property=\"og:site_name\" content=\"iWell Guard\" \/>\n<meta property=\"article:modified_time\" content=\"2026-09-05T14:34:02+00:00\" \/>\n<meta property=\"og:image\" content=\"https:\/\/iwell-guard.com\/wp-content\/uploads\/2026\/05\/schutzsymbol_germanisch_brakteat.webp\" \/>\n\t<meta property=\"og:image:width\" content=\"1024\" \/>\n\t<meta property=\"og:image:height\" content=\"1536\" \/>\n\t<meta property=\"og:image:type\" content=\"image\/webp\" \/>\n<meta name=\"twitter:card\" content=\"summary_large_image\" \/>\n<script type=\"application\/ld+json\" class=\"yoast-schema-graph\">{\"@context\":\"https:\\\/\\\/schema.org\",\"@graph\":[{\"@type\":\"WebPage\",\"@id\":\"https:\\\/\\\/iwell-guard.com\\\/is\\\/brakteat-gyllta-verndarmedalian\\\/\",\"url\":\"https:\\\/\\\/iwell-guard.com\\\/is\\\/brakteat-gyllta-verndarmedalian\\\/\",\"name\":\"Brakteat \u2013 gyllt verndarmedal\u00eda\",\"isPartOf\":{\"@id\":\"https:\\\/\\\/iwell-guard.com\\\/is\\\/#website\"},\"primaryImageOfPage\":{\"@id\":\"https:\\\/\\\/iwell-guard.com\\\/is\\\/brakteat-gyllta-verndarmedalian\\\/#primaryimage\"},\"image\":{\"@id\":\"https:\\\/\\\/iwell-guard.com\\\/is\\\/brakteat-gyllta-verndarmedalian\\\/#primaryimage\"},\"thumbnailUrl\":\"https:\\\/\\\/iwell-guard.com\\\/wp-content\\\/uploads\\\/2026\\\/05\\\/schutzsymbol_germanisch_brakteat.webp\",\"datePublished\":\"2026-09-05T14:06:12+00:00\",\"dateModified\":\"2026-09-05T14:34:02+00:00\",\"description\":\"Brakteatar voru gullnir hlutir fr\u00e1 \u00fej\u00f3\u00f0flutningat\u00edmanum, skreyttir verndarmyndum og r\u00fanum. \u00datlit og merking \u00fatsk\u00fdr\u00f0 \u00e1 sk\u00fdran h\u00e1tt.\",\"breadcrumb\":{\"@id\":\"https:\\\/\\\/iwell-guard.com\\\/is\\\/brakteat-gyllta-verndarmedalian\\\/#breadcrumb\"},\"inLanguage\":\"is\",\"potentialAction\":[{\"@type\":\"ReadAction\",\"target\":[\"https:\\\/\\\/iwell-guard.com\\\/is\\\/brakteat-gyllta-verndarmedalian\\\/\"]}]},{\"@type\":\"ImageObject\",\"inLanguage\":\"is\",\"@id\":\"https:\\\/\\\/iwell-guard.com\\\/is\\\/brakteat-gyllta-verndarmedalian\\\/#primaryimage\",\"url\":\"https:\\\/\\\/iwell-guard.com\\\/wp-content\\\/uploads\\\/2026\\\/05\\\/schutzsymbol_germanisch_brakteat.webp\",\"contentUrl\":\"https:\\\/\\\/iwell-guard.com\\\/wp-content\\\/uploads\\\/2026\\\/05\\\/schutzsymbol_germanisch_brakteat.webp\",\"width\":1024,\"height\":1536,\"caption\":\"Verndart\u00e1kn. Myndskreyting \u00ed safnst\u00edl.\"},{\"@type\":\"BreadcrumbList\",\"@id\":\"https:\\\/\\\/iwell-guard.com\\\/is\\\/brakteat-gyllta-verndarmedalian\\\/#breadcrumb\",\"itemListElement\":[{\"@type\":\"ListItem\",\"position\":1,\"name\":\"Start\",\"item\":\"https:\\\/\\\/iwell-guard.com\\\/is\\\/?page_id=168580\"},{\"@type\":\"ListItem\",\"position\":2,\"name\":\"Brakteat \u2013 gullna verndarmedal\u00edan fr\u00e1 \u00fej\u00f3\u00f0flutningat\u00edmanum\"}]},{\"@type\":\"WebSite\",\"@id\":\"https:\\\/\\\/iwell-guard.com\\\/is\\\/#website\",\"url\":\"https:\\\/\\\/iwell-guard.com\\\/is\\\/\",\"name\":\"iWell Guard\",\"description\":\"Schutz vor dunklen Einfl\u00fcssen\",\"publisher\":{\"@id\":\"https:\\\/\\\/iwell-guard.com\\\/is\\\/#organization\"},\"potentialAction\":[{\"@type\":\"SearchAction\",\"target\":{\"@type\":\"EntryPoint\",\"urlTemplate\":\"https:\\\/\\\/iwell-guard.com\\\/is\\\/?s={search_term_string}\"},\"query-input\":{\"@type\":\"PropertyValueSpecification\",\"valueRequired\":true,\"valueName\":\"search_term_string\"}}],\"inLanguage\":\"is\"},{\"@type\":\"Organization\",\"@id\":\"https:\\\/\\\/iwell-guard.com\\\/is\\\/#organization\",\"name\":\"Ittermann electronic GmbH\",\"url\":\"https:\\\/\\\/iwell-guard.com\\\/is\\\/\",\"logo\":{\"@type\":\"ImageObject\",\"inLanguage\":\"is\",\"@id\":\"https:\\\/\\\/iwell-guard.com\\\/is\\\/#\\\/schema\\\/logo\\\/image\\\/\",\"url\":\"https:\\\/\\\/iwell-guard.com\\\/wp-content\\\/uploads\\\/2026\\\/05\\\/Ittermann-Logo-1182x237-1.png\",\"contentUrl\":\"https:\\\/\\\/iwell-guard.com\\\/wp-content\\\/uploads\\\/2026\\\/05\\\/Ittermann-Logo-1182x237-1.png\",\"width\":1182,\"height\":237,\"caption\":\"Ittermann electronic GmbH\"},\"image\":{\"@id\":\"https:\\\/\\\/iwell-guard.com\\\/is\\\/#\\\/schema\\\/logo\\\/image\\\/\"},\"sameAs\":[\"https:\\\/\\\/pantip.com\\\/profile\\\/9367242\",\"https:\\\/\\\/micro.blog\\\/iwellguard\",\"https:\\\/\\\/www.diggerslist.com\\\/iwellguard\\\/about\",\"https:\\\/\\\/skitterphoto.com\\\/photographers\\\/2870314\\\/iwell-guard\",\"https:\\\/\\\/iwellguard.wordpress.com\\\/2026\\\/06\\\/06\\\/iwell-guard\\\/\",\"https:\\\/\\\/hub.docker.com\\\/u\\\/iwellguard\",\"https:\\\/\\\/www.pinterest.com\\\/iwellguard\\\/\",\"https:\\\/\\\/bit.ly\\\/m\\\/iwellguard\",\"https:\\\/\\\/entre-vos-mains.alsace.eu\\\/profiles\\\/iwellguard\\\/activity\",\"https:\\\/\\\/gravatar.com\\\/reallybeded8fd34\",\"https:\\\/\\\/naijamatta.com\\\/iwellguard\",\"https:\\\/\\\/www.goodreads.com\\\/iwellguard\",\"https:\\\/\\\/profile.hatena.ne.jp\\\/iwellguard\\\/\",\"https:\\\/\\\/experiment.com\\\/users\\\/iwellguard\",\"https:\\\/\\\/wakelet.com\\\/@iWellGuard82270\",\"https:\\\/\\\/www.chordie.com\\\/forum\\\/profile.php?id=2555664\",\"https:\\\/\\\/www.instapaper.com\\\/p\\\/17757966\",\"https:\\\/\\\/www.mapleprimes.com\\\/users\\\/iwellguard\",\"https:\\\/\\\/businesslistingplus.com\\\/profile\\\/iwell-guard\\\/\",\"https:\\\/\\\/telegra.ph\\\/iWell-Guard-06-06\",\"https:\\\/\\\/pbase.com\\\/iwellguard\\\/iwellguard\",\"https:\\\/\\\/b.hatena.ne.jp\\\/iwellguard\\\/20260607#bookmark-4788405196491818882\",\"https:\\\/\\\/fliphtml5.com\\\/home\\\/iwellguard\",\"https:\\\/\\\/anyflip.com\\\/homepage\\\/cmiwl#About\",\"https:\\\/\\\/transfur.com\\\/Users\\\/iwellguard\",\"http:\\\/\\\/delphi.larsbo.org\\\/user\\\/iwellguard\",\"https:\\\/\\\/jobs.lajobsportal.org\\\/profiles\\\/8380803-iwell-guard\",\"https:\\\/\\\/md.chaosdorf.de\\\/s\\\/jfbe5SBdJD\",\"https:\\\/\\\/www.lingvolive.com\\\/en-us\\\/profile\\\/9ecaeaca-ce11-4e51-9e71-01d55e2bff36\\\/translations\",\"https:\\\/\\\/www.fitday.com\\\/fitness\\\/forums\\\/members\\\/iwellguard.html\",\"https:\\\/\\\/www.mymeetbook.com\\\/iwellguard\",\"https:\\\/\\\/pxhere.com\\\/en\\\/photographer-me\\\/5040798\",\"https:\\\/\\\/disqus.com\\\/by\\\/iwellguard\\\/about\\\/\",\"https:\\\/\\\/pastelink.net\\\/hjwciqwq\",\"https:\\\/\\\/pubhtml5.com\\\/homepage\\\/scjhn\\\/\",\"https:\\\/\\\/www.bitchute.com\\\/channel\\\/2O2eOKzNqujT\",\"https:\\\/\\\/audiomack.com\\\/iwellguard\"]}]}<\/script>\n<!-- \/ Yoast SEO Premium plugin. -->","yoast_head_json":{"title":"Brakteat \u2013 gyllt verndarmedal\u00eda","description":"Brakteatar voru gullnir hlutir fr\u00e1 \u00fej\u00f3\u00f0flutningat\u00edmanum, skreyttir verndarmyndum og r\u00fanum. \u00datlit og merking \u00fatsk\u00fdr\u00f0 \u00e1 sk\u00fdran h\u00e1tt.","robots":{"index":"index","follow":"follow","max-snippet":"max-snippet:-1","max-image-preview":"max-image-preview:large","max-video-preview":"max-video-preview:-1"},"canonical":"https:\/\/iwell-guard.com\/is\/brakteat-gyllta-verndarmedalian\/","og_locale":"is_IS","og_type":"article","og_title":"Brakteat \u2013 gullna verndarmedal\u00edan fr\u00e1 \u00fej\u00f3\u00f0flutningat\u00edmanum","og_description":"Brakteatar voru gullnir hlutir fr\u00e1 \u00fej\u00f3\u00f0flutningat\u00edmanum, skreyttir verndarmyndum og r\u00fanum. \u00datlit og merking \u00fatsk\u00fdr\u00f0 \u00e1 sk\u00fdran h\u00e1tt.","og_url":"https:\/\/iwell-guard.com\/is\/brakteat-gyllta-verndarmedalian\/","og_site_name":"iWell Guard","article_modified_time":"2026-09-05T14:34:02+00:00","og_image":[{"width":1024,"height":1536,"url":"https:\/\/iwell-guard.com\/wp-content\/uploads\/2026\/05\/schutzsymbol_germanisch_brakteat.webp","type":"image\/webp"}],"twitter_card":"summary_large_image","schema":{"@context":"https:\/\/schema.org","@graph":[{"@type":"WebPage","@id":"https:\/\/iwell-guard.com\/is\/brakteat-gyllta-verndarmedalian\/","url":"https:\/\/iwell-guard.com\/is\/brakteat-gyllta-verndarmedalian\/","name":"Brakteat \u2013 gyllt verndarmedal\u00eda","isPartOf":{"@id":"https:\/\/iwell-guard.com\/is\/#website"},"primaryImageOfPage":{"@id":"https:\/\/iwell-guard.com\/is\/brakteat-gyllta-verndarmedalian\/#primaryimage"},"image":{"@id":"https:\/\/iwell-guard.com\/is\/brakteat-gyllta-verndarmedalian\/#primaryimage"},"thumbnailUrl":"https:\/\/iwell-guard.com\/wp-content\/uploads\/2026\/05\/schutzsymbol_germanisch_brakteat.webp","datePublished":"2026-09-05T14:06:12+00:00","dateModified":"2026-09-05T14:34:02+00:00","description":"Brakteatar voru gullnir hlutir fr\u00e1 \u00fej\u00f3\u00f0flutningat\u00edmanum, skreyttir verndarmyndum og r\u00fanum. \u00datlit og merking \u00fatsk\u00fdr\u00f0 \u00e1 sk\u00fdran h\u00e1tt.","breadcrumb":{"@id":"https:\/\/iwell-guard.com\/is\/brakteat-gyllta-verndarmedalian\/#breadcrumb"},"inLanguage":"is","potentialAction":[{"@type":"ReadAction","target":["https:\/\/iwell-guard.com\/is\/brakteat-gyllta-verndarmedalian\/"]}]},{"@type":"ImageObject","inLanguage":"is","@id":"https:\/\/iwell-guard.com\/is\/brakteat-gyllta-verndarmedalian\/#primaryimage","url":"https:\/\/iwell-guard.com\/wp-content\/uploads\/2026\/05\/schutzsymbol_germanisch_brakteat.webp","contentUrl":"https:\/\/iwell-guard.com\/wp-content\/uploads\/2026\/05\/schutzsymbol_germanisch_brakteat.webp","width":1024,"height":1536,"caption":"Verndart\u00e1kn. Myndskreyting \u00ed safnst\u00edl."},{"@type":"BreadcrumbList","@id":"https:\/\/iwell-guard.com\/is\/brakteat-gyllta-verndarmedalian\/#breadcrumb","itemListElement":[{"@type":"ListItem","position":1,"name":"Start","item":"https:\/\/iwell-guard.com\/is\/?page_id=168580"},{"@type":"ListItem","position":2,"name":"Brakteat \u2013 gullna verndarmedal\u00edan fr\u00e1 \u00fej\u00f3\u00f0flutningat\u00edmanum"}]},{"@type":"WebSite","@id":"https:\/\/iwell-guard.com\/is\/#website","url":"https:\/\/iwell-guard.com\/is\/","name":"iWell Guard","description":"Schutz vor dunklen Einfl\u00fcssen","publisher":{"@id":"https:\/\/iwell-guard.com\/is\/#organization"},"potentialAction":[{"@type":"SearchAction","target":{"@type":"EntryPoint","urlTemplate":"https:\/\/iwell-guard.com\/is\/?s={search_term_string}"},"query-input":{"@type":"PropertyValueSpecification","valueRequired":true,"valueName":"search_term_string"}}],"inLanguage":"is"},{"@type":"Organization","@id":"https:\/\/iwell-guard.com\/is\/#organization","name":"Ittermann electronic GmbH","url":"https:\/\/iwell-guard.com\/is\/","logo":{"@type":"ImageObject","inLanguage":"is","@id":"https:\/\/iwell-guard.com\/is\/#\/schema\/logo\/image\/","url":"https:\/\/iwell-guard.com\/wp-content\/uploads\/2026\/05\/Ittermann-Logo-1182x237-1.png","contentUrl":"https:\/\/iwell-guard.com\/wp-content\/uploads\/2026\/05\/Ittermann-Logo-1182x237-1.png","width":1182,"height":237,"caption":"Ittermann electronic GmbH"},"image":{"@id":"https:\/\/iwell-guard.com\/is\/#\/schema\/logo\/image\/"},"sameAs":["https:\/\/pantip.com\/profile\/9367242","https:\/\/micro.blog\/iwellguard","https:\/\/www.diggerslist.com\/iwellguard\/about","https:\/\/skitterphoto.com\/photographers\/2870314\/iwell-guard","https:\/\/iwellguard.wordpress.com\/2026\/06\/06\/iwell-guard\/","https:\/\/hub.docker.com\/u\/iwellguard","https:\/\/www.pinterest.com\/iwellguard\/","https:\/\/bit.ly\/m\/iwellguard","https:\/\/entre-vos-mains.alsace.eu\/profiles\/iwellguard\/activity","https:\/\/gravatar.com\/reallybeded8fd34","https:\/\/naijamatta.com\/iwellguard","https:\/\/www.goodreads.com\/iwellguard","https:\/\/profile.hatena.ne.jp\/iwellguard\/","https:\/\/experiment.com\/users\/iwellguard","https:\/\/wakelet.com\/@iWellGuard82270","https:\/\/www.chordie.com\/forum\/profile.php?id=2555664","https:\/\/www.instapaper.com\/p\/17757966","https:\/\/www.mapleprimes.com\/users\/iwellguard","https:\/\/businesslistingplus.com\/profile\/iwell-guard\/","https:\/\/telegra.ph\/iWell-Guard-06-06","https:\/\/pbase.com\/iwellguard\/iwellguard","https:\/\/b.hatena.ne.jp\/iwellguard\/20260607#bookmark-4788405196491818882","https:\/\/fliphtml5.com\/home\/iwellguard","https:\/\/anyflip.com\/homepage\/cmiwl#About","https:\/\/transfur.com\/Users\/iwellguard","http:\/\/delphi.larsbo.org\/user\/iwellguard","https:\/\/jobs.lajobsportal.org\/profiles\/8380803-iwell-guard","https:\/\/md.chaosdorf.de\/s\/jfbe5SBdJD","https:\/\/www.lingvolive.com\/en-us\/profile\/9ecaeaca-ce11-4e51-9e71-01d55e2bff36\/translations","https:\/\/www.fitday.com\/fitness\/forums\/members\/iwellguard.html","https:\/\/www.mymeetbook.com\/iwellguard","https:\/\/pxhere.com\/en\/photographer-me\/5040798","https:\/\/disqus.com\/by\/iwellguard\/about\/","https:\/\/pastelink.net\/hjwciqwq","https:\/\/pubhtml5.com\/homepage\/scjhn\/","https:\/\/www.bitchute.com\/channel\/2O2eOKzNqujT","https:\/\/audiomack.com\/iwellguard"]}]}},"_links":{"self":[{"href":"https:\/\/iwell-guard.com\/is\/wp-json\/wp\/v2\/pages\/169171","targetHints":{"allow":["GET"]}}],"collection":[{"href":"https:\/\/iwell-guard.com\/is\/wp-json\/wp\/v2\/pages"}],"about":[{"href":"https:\/\/iwell-guard.com\/is\/wp-json\/wp\/v2\/types\/page"}],"author":[{"embeddable":true,"href":"https:\/\/iwell-guard.com\/is\/wp-json\/wp\/v2\/users\/3"}],"replies":[{"embeddable":true,"href":"https:\/\/iwell-guard.com\/is\/wp-json\/wp\/v2\/comments?post=169171"}],"version-history":[{"count":0,"href":"https:\/\/iwell-guard.com\/is\/wp-json\/wp\/v2\/pages\/169171\/revisions"}],"wp:featuredmedia":[{"embeddable":true,"href":"https:\/\/iwell-guard.com\/is\/wp-json\/wp\/v2\/media\/3479"}],"wp:attachment":[{"href":"https:\/\/iwell-guard.com\/is\/wp-json\/wp\/v2\/media?parent=169171"}],"wp:term":[{"taxonomy":"category","embeddable":true,"href":"https:\/\/iwell-guard.com\/is\/wp-json\/wp\/v2\/categories?post=169171"}],"curies":[{"name":"wp","href":"https:\/\/api.w.org\/{rel}","templated":true}]}}