{"id":169169,"date":"2026-09-05T14:06:11","date_gmt":"2026-09-05T14:06:11","guid":{"rendered":"https:\/\/iwell-guard.com\/?page_id=169169"},"modified":"2026-09-05T14:34:00","modified_gmt":"2026-09-05T14:34:00","slug":"aegishjalmur-hjalmur-skelfingarins","status":"publish","type":"page","link":"https:\/\/iwell-guard.com\/is\/aegishjalmur-hjalmur-skelfingarins\/","title":{"rendered":"\u00c6gishj\u00e1lmur \u2013 hj\u00e1lmur skelfingarins"},"content":{"rendered":"\t\t<div data-elementor-type=\"wp-page\" data-elementor-id=\"169169\" class=\"elementor elementor-169169 elementor-3659 elementor-bc-flex-widget\" data-elementor-post-type=\"page\">\n\t\t\t\t<div class=\"elementor-element elementor-element-iwgs-aegishjalmur-hero e-flex e-con-boxed e-con e-parent\" data-id=\"iwgs-aegishjalmur-hero\" data-element_type=\"container\" data-e-type=\"container\">\n\t\t\t\t\t<div class=\"e-con-inner\">\n\t\t<div class=\"elementor-element elementor-element-iwgs-aegishjalmur-hl e-flex e-con-boxed e-con e-parent\" data-id=\"iwgs-aegishjalmur-hl\" data-element_type=\"container\" data-e-type=\"container\">\n\t\t\t\t\t<div class=\"e-con-inner\">\n\t\t<div class=\"elementor-element elementor-element-iwgs-aegishjalmur-hlbox e-con-full e-flex e-con e-parent\" data-id=\"iwgs-aegishjalmur-hlbox\" data-element_type=\"container\" data-e-type=\"container\">\n\t\t\t\t<div class=\"elementor-element elementor-element-iwgs-aegishjalmur-h1 elementor-widget elementor-widget-heading\" data-id=\"iwgs-aegishjalmur-h1\" data-element_type=\"widget\" data-e-type=\"widget\" data-widget_type=\"heading.default\">\n\t\t\t\t\t<h1 class=\"elementor-heading-title elementor-size-default\">\u00c6gishj\u00e1lmur \u2013 \u00edslenska t\u00e1kni\u00f0 um hj\u00e1lm skelfingarins<\/h1>\t\t\t\t<\/div>\n\t\t\t\t<div class=\"elementor-element elementor-element-iwgs-aegishjalmur-lead elementor-widget elementor-widget-text-editor\" data-id=\"iwgs-aegishjalmur-lead\" data-element_type=\"widget\" data-e-type=\"widget\" data-widget_type=\"text-editor.default\">\n\t\t\t\t\t\t\t\t\t<p>\u00c6gishj\u00e1lmur, hj\u00e1lmur skelfingarins, er stj\u00f6rnulaga galdrat\u00e1kn \u00far \u00edslenskri <span class=\"iwg-fachbegriff\" data-tooltip=\"Mi\u00f0lun \u00feekkingar og fr\u00e1sagna kynsl\u00f3\u00f0 fram af kynsl\u00f3\u00f0.\" tabindex=\"0\">munnm\u00e6las\u00f6gu<\/span>. \u00dev\u00ed er \u00e6tla\u00f0 a\u00f0 veita bera \u00feess skj\u00f3l og yfirbur\u00f0i, og vekja skelfingu hj\u00e1 andst\u00e6\u00f0ingum.<\/p>\t\t\t\t\t\t\t\t<\/div>\n\t\t\t\t<\/div>\n\t\t\t\t<div class=\"elementor-element elementor-element-iwgs-aegishjalmur-pills elementor-widget elementor-widget-html\" data-id=\"iwgs-aegishjalmur-pills\" data-element_type=\"widget\" data-e-type=\"widget\" data-widget_type=\"html.default\">\n\t\t\t\t\t<div class=\"iwg-pill-row\"><span class=\"iwg-klasse-badge\" tabindex=\"0\" data-tooltip=\"Verndart\u00e1kn, verndargripur e\u00f0a verndargripur me\u00f0 fr\u00e1hrindandi eiginleikum.\">Verndart\u00e1kn<\/span><a href=\"https:\/\/iwell-guard.com\/is\/germonsk\/\" class=\"iwg-kultur-badge\" tabindex=\"0\" data-tooltip=\"Verndarhef\u00f0: Germ\u00f6nsk\">Germ\u00f6nsk<\/a><span class=\"iwg-tradition-badge\" tabindex=\"0\" data-tooltip=\"T\u00e1kn sem sagt er hafa yfirn\u00e1tt\u00farulega verkun.\">Galdrat\u00e1kn<\/span><\/div>\t\t\t\t<\/div>\n\t\t\t\t\t<\/div>\n\t\t\t\t<\/div>\n\t\t<div class=\"elementor-element elementor-element-iwgs-aegishjalmur-hr e-con-full e-flex e-con e-parent\" data-id=\"iwgs-aegishjalmur-hr\" data-element_type=\"container\" data-e-type=\"container\">\n\t\t\t\t<div class=\"elementor-element elementor-element-iwgs-aegishjalmur-himg iwg-hero-image elementor-widget elementor-widget-image\" data-id=\"iwgs-aegishjalmur-himg\" data-element_type=\"widget\" data-e-type=\"widget\" data-widget_type=\"image.default\">\n\t\t\t\t\t\t\t\t\t\t\t\t\t\t\t<img fetchpriority=\"high\" decoding=\"async\" width=\"683\" height=\"1024\" src=\"https:\/\/iwell-guard.com\/wp-content\/uploads\/2026\/05\/schutzsymbol_germanisch_aegishjalmur-683x1024.webp\" class=\"attachment-large size-large wp-image-170575\" alt=\"\u00c6gishj\u00e1lmur - verndart\u00e1kn, safnfr\u00e6\u00f0ileg mynd\" srcset=\"https:\/\/iwell-guard.com\/wp-content\/uploads\/2026\/05\/schutzsymbol_germanisch_aegishjalmur-683x1024.webp 683w, https:\/\/iwell-guard.com\/wp-content\/uploads\/2026\/05\/schutzsymbol_germanisch_aegishjalmur-200x300.webp 200w, https:\/\/iwell-guard.com\/wp-content\/uploads\/2026\/05\/schutzsymbol_germanisch_aegishjalmur-768x1152.webp 768w, https:\/\/iwell-guard.com\/wp-content\/uploads\/2026\/05\/schutzsymbol_germanisch_aegishjalmur.webp 1024w\" sizes=\"(max-width: 683px) 100vw, 683px\" \/>\t\t\t\t\t\t\t\t\t\t\t\t\t\t\t<\/div>\n\t\t\t\t<\/div>\n\t\t\t\t\t<\/div>\n\t\t\t\t<\/div>\n\t\t<div class=\"elementor-element elementor-element-iwgs-aegishjalmur-s0 e-flex e-con-boxed e-con e-parent\" data-id=\"iwgs-aegishjalmur-s0\" data-element_type=\"container\" data-e-type=\"container\">\n\t\t\t\t\t<div class=\"e-con-inner\">\n\t\t\t\t<div class=\"elementor-element elementor-element-iwgs-aegishjalmur-s0h elementor-widget elementor-widget-heading\" data-id=\"iwgs-aegishjalmur-s0h\" data-element_type=\"widget\" data-e-type=\"widget\" data-widget_type=\"heading.default\">\n\t\t\t\t\t<h2 class=\"elementor-heading-title elementor-size-default\">Yfirlit<\/h2>\t\t\t\t<\/div>\n\t\t<div class=\"elementor-element elementor-element-iwgs-aegishjalmur-s0box e-con-full e-flex e-con e-parent\" data-id=\"iwgs-aegishjalmur-s0box\" data-element_type=\"container\" data-e-type=\"container\">\n\t\t\t\t<div class=\"elementor-element elementor-element-iwgs-aegishjalmur-s0t elementor-widget elementor-widget-text-editor\" data-id=\"iwgs-aegishjalmur-s0t\" data-element_type=\"widget\" data-e-type=\"widget\" data-widget_type=\"text-editor.default\">\n\t\t\t\t\t\t\t\t\t<p>\u00c6gishj\u00e1lmur er galdrat\u00e1kn \u00far \u00edslenskri hef\u00f0. \u00dea\u00f0 samanstendur af m\u00f6rgum stafarmum sem liggja \u00fat fr\u00e1 sameiginlegri mi\u00f0ju og enda \u00ed kv\u00edslum. Heildarformi\u00f0 er strengt stj\u00f6rnulaga.<\/p><p>Nafn \u00feess er oftast \u00fe\u00fdtt sem hj\u00e1lmur skelfingarins, \u00f6\u00f0ru hvoru einnig sem hj\u00e1lmur hryllingsins. \u00cd \u00feessu nafni felst tilgangur t\u00e1knsins, \u00fev\u00ed \u00fea\u00f0 er tengt skelfingu, skj\u00f3li og yfirbur\u00f0um.<\/p><p>\u00c6gishj\u00e1lmur telst til <a href=\"https:\/\/iwell-guard.com\/is\/germonsk\/\">germansk-norr\u00e6nnar<\/a> hef\u00f0ar og er n\u00e1skyldur Vegv\u00edsi. B\u00e6\u00f0i eru \u00edslensk galdrat\u00e1kn, b\u00e6\u00f0i eru stj\u00f6rnulaga \u00ed uppbyggingu, og b\u00e6\u00f0i eru \u00ed dag oft nefnd saman.<\/p><p>Vi\u00f0 mat \u00e1 \u00c6gishj\u00e1lmi er nau\u00f0synlegt a\u00f0 greina n\u00e1kv\u00e6mlega \u00e1 milli tveggja \u00fe\u00e1tta. Nafni\u00f0 og hugtaki\u00f0 eru g\u00f6mul og n\u00e1 aftur til fornnorr\u00e6nnar <span class=\"iwg-fachbegriff\" data-tooltip=\"Mi\u00f0lun \u00feekkingar og fr\u00e1sagna kynsl\u00f3\u00f0 fram af kynsl\u00f3\u00f0.\" tabindex=\"0\">munnm\u00e6las\u00f6gu<\/span>. Hi\u00f0 teikna\u00f0a galdrat\u00e1kn \u00ed n\u00faverandi mynd \u00e1 s\u00e9r aftur \u00e1 m\u00f3ti yngri uppruna.<\/p><p>\u00deessi greinarmunur milli hins gamla hugtaks og hins yngra t\u00e1knmyndar gengur \u00ed gegnum alla umfj\u00f6llunina. Hann er nau\u00f0synlegur, \u00fev\u00ed \u00c6gishj\u00e1lmur er \u00ed dag oft talinn \u00e1n fyrirvara vera fr\u00e1 v\u00edkinga\u00f6ld.<\/p><p>\u00cd ranns\u00f3knum \u00e1 \u00fej\u00f3\u00f0tr\u00fa og al\u00fe\u00fd\u00f0ugaldri er \u00c6gishj\u00e1lmur g\u00f3\u00f0 d\u00e6mi um hvernig gamalt hugtak og s\u00ed\u00f0ar til komin myndt\u00e1kn geta runni\u00f0 saman. B\u00e1\u00f0ar \u00feessar lagskiptingar heyra til fullkominni framsetningu m\u00e1lsins.<\/p>\t\t\t\t\t\t\t\t<\/div>\n\t\t\t\t<\/div>\n\t\t\t\t\t<\/div>\n\t\t\t\t<\/div>\n\t\t<div class=\"elementor-element elementor-element-iwgs-aegishjalmur-s1 e-flex e-con-boxed e-con e-parent\" data-id=\"iwgs-aegishjalmur-s1\" data-element_type=\"container\" data-e-type=\"container\">\n\t\t\t\t\t<div class=\"e-con-inner\">\n\t\t\t\t<div class=\"elementor-element elementor-element-iwgs-aegishjalmur-s1h elementor-widget elementor-widget-heading\" data-id=\"iwgs-aegishjalmur-s1h\" data-element_type=\"widget\" data-e-type=\"widget\" data-widget_type=\"heading.default\">\n\t\t\t\t\t<h2 class=\"elementor-heading-title elementor-size-default\">Nafni\u00f0 \u00ed hinni fornu munnm\u00e6las\u00f6gu<\/h2>\t\t\t\t<\/div>\n\t\t<div class=\"elementor-element elementor-element-iwgs-aegishjalmur-s1box e-con-full e-flex e-con e-parent\" data-id=\"iwgs-aegishjalmur-s1box\" data-element_type=\"container\" data-e-type=\"container\">\n\t\t\t\t<div class=\"elementor-element elementor-element-iwgs-aegishjalmur-s1t elementor-widget elementor-widget-text-editor\" data-id=\"iwgs-aegishjalmur-s1t\" data-element_type=\"widget\" data-e-type=\"widget\" data-widget_type=\"text-editor.default\">\n\t\t\t\t\t\t\t\t\t<p>Hugtaki\u00f0 \u00c6gishj\u00e1lmur er fornt. \u00dea\u00f0 kemur fyrir \u00ed fornnorr\u00e6num b\u00f3kmenntum, \u00feeim textum sem var\u00f0veita go\u00f0sagnir og hetjus\u00f6gur Nor\u00f0urlanda.<\/p><p>S\u00e9rstaklega \u00feekktur er \u00c6gishj\u00e1lmur \u00far s\u00f6gunni af drekanum F\u00e1fni. \u00cd \u00feessari hetjus\u00f6gu ber drekinn hj\u00e1lm skelfingarins, og hann veitir honum \u00f3gnvekjandi, yfir\u00feyrmandi m\u00e1tt.<\/p><p>\u00cd \u00feessari <span class=\"iwg-fachbegriff\" data-tooltip=\"Mi\u00f0lun \u00feekkingar og fr\u00e1sagna kynsl\u00f3\u00f0 fram af kynsl\u00f3\u00f0.\" tabindex=\"0\">munnm\u00e6las\u00f6gu<\/span> er \u00c6gishj\u00e1lmur ekki teikna\u00f0 t\u00e1kn, heldur m\u00e1ttur e\u00f0a hlutur sem vekur skelfingu. S\u00e1 sem \u00e1 hann veldur andst\u00e6\u00f0ingum s\u00ednum \u00f3tta og er \u00feeim yfirbur\u00f0a.<\/p><p>Nafni\u00f0 er tungum\u00e1lalega tengt hugmyndinni um skelfingu og um hj\u00e1lm. Hj\u00e1lmurinn er hluti af hl\u00edf\u00f0arb\u00fana\u00f0i, og \u00c6gishj\u00e1lmur er l\u00edkt og hj\u00e1lmur sem ekki einungis verndar, heldur \u00fatstreymir einnig skelfingu.<\/p><p>\u00dar fornri <span class=\"iwg-fachbegriff\" data-tooltip=\"Mi\u00f0lun \u00feekkingar og fr\u00e1sagna kynsl\u00f3\u00f0 fram af kynsl\u00f3\u00f0.\" tabindex=\"0\">munnm\u00e6las\u00f6gu<\/span> stafa \u00fev\u00ed hugtaki\u00f0 og hugmyndin, en ekki hi\u00f0 teikna\u00f0a galdrat\u00e1kn. <span class=\"iwg-fachbegriff\" data-tooltip=\"Var\u00f0veitt fr\u00e1s\u00f6gn, oft me\u00f0 s\u00f6gulegum kjarna og undraver\u00f0um \u00fe\u00e1ttum.\" tabindex=\"0\">Sagan<\/span> talar um m\u00e1tt skelfingarins, h\u00fan s\u00fdnir ekkert stj\u00f6rnulaga t\u00e1kn.<\/p><p>\u00deessi forna r\u00f3t er mikilv\u00e6g. H\u00fan s\u00fdnir a\u00f0 hugmyndin um hl\u00edf\u00f0ar- og skelfingarhj\u00e1lminn n\u00e6r \u00ed raun aftur til fornnorr\u00e6ns heims. Myndt\u00e1kni\u00f0 kom hins vegar til s\u00ed\u00f0ar.<\/p>\t\t\t\t\t\t\t\t<\/div>\n\t\t\t\t<\/div>\n\t\t\t\t\t<\/div>\n\t\t\t\t<\/div>\n\t\t<div class=\"elementor-element elementor-element-iwgs-aegishjalmur-s2 e-flex e-con-boxed e-con e-parent\" data-id=\"iwgs-aegishjalmur-s2\" data-element_type=\"container\" data-e-type=\"container\">\n\t\t\t\t\t<div class=\"e-con-inner\">\n\t\t\t\t<div class=\"elementor-element elementor-element-iwgs-aegishjalmur-s2h elementor-widget elementor-widget-heading\" data-id=\"iwgs-aegishjalmur-s2h\" data-element_type=\"widget\" data-e-type=\"widget\" data-widget_type=\"heading.default\">\n\t\t\t\t\t<h2 class=\"elementor-heading-title elementor-size-default\">\u00cdslenskir galdrastafir<\/h2>\t\t\t\t<\/div>\n\t\t<div class=\"elementor-element elementor-element-iwgs-aegishjalmur-s2box e-con-full e-flex e-con e-parent\" data-id=\"iwgs-aegishjalmur-s2box\" data-element_type=\"container\" data-e-type=\"container\">\n\t\t\t\t<div class=\"elementor-element elementor-element-iwgs-aegishjalmur-s2t elementor-widget elementor-widget-text-editor\" data-id=\"iwgs-aegishjalmur-s2t\" data-element_type=\"widget\" data-e-type=\"widget\" data-widget_type=\"text-editor.default\">\n\t\t\t\t\t\t\t\t\t<p>Hi\u00f0 teikna\u00f0a t\u00e1kn \u00c6gishj\u00e1lms telst til \u00edslenskra galdrastafa. \u00deeir eru ge\u00f3metr\u00edsk t\u00e1kn \u00far st\u00f6fum, l\u00ednum og kv\u00edslum.<\/p><p>\u00deessir galdrastafir heyra til \u00edslenskri \u00fej\u00f3\u00f0tr\u00fa \u00e1 t\u00edmum eftir mi\u00f0aldir. \u00deeir eru var\u00f0veittir \u00ed handritas\u00f6fnum sem h\u00e9ldu til haga g\u00f6ldrum og fr\u00e6\u00f0um, og standa \u00fear vi\u00f0 hli\u00f0 s\u00e6ringa og lei\u00f0beininga.<\/p><p>Galdrastafirnir eru ekki bein framhald fornnorr\u00e6nnar tr\u00faar. \u00cd \u00fe\u00e1 runnu \u00fdmis \u00e1hrif, me\u00f0al annars kristnar hugmyndir og l\u00e6r\u00f0 t\u00f6frafr\u00e6\u00f0i fr\u00e1 meginlandi Evr\u00f3pu.<\/p><p>Innan \u00feessa h\u00f3ps er \u00c6gishj\u00e1lmur eitt af \u00feekktustu t\u00e1knunum. Hann stendur vi\u00f0 hli\u00f0 Vegv\u00edsis, \u00edslenska lei\u00f0arv\u00edsisins, en me\u00f0 honum deilir hann stj\u00f6rnulaga grunnformi\u00f0.<\/p><p>Eins og Vegv\u00edsir er \u00c6gishj\u00e1lmur \u00ed \u00feessari mynd fyrst \u00f6ruggt \u00feekktur \u00far yngri handritum. Sannanleg saga hans sem teikna\u00f0s t\u00e1knmerkis n\u00e6r \u00fev\u00ed ekki aftur til v\u00edkingaaldar.<\/p><p>\u00c6gishj\u00e1lmur er \u00feannig fornnorr\u00e6nt hugtak sem f\u00e9kk teikna\u00f0a mynd \u00ed yngri \u00edslenskri \u00fej\u00f3\u00f0tr\u00fa. Galdrastafirnir tengdu hi\u00f0 gamla nafn vi\u00f0 n\u00fdja, s\u00fdnilega mynd.<\/p>\t\t\t\t\t\t\t\t<\/div>\n\t\t\t\t<\/div>\n\t\t\t\t\t<\/div>\n\t\t\t\t<\/div>\n\t\t<div class=\"elementor-element elementor-element-iwgs-aegishjalmur-s3 e-flex e-con-boxed e-con e-parent\" data-id=\"iwgs-aegishjalmur-s3\" data-element_type=\"container\" data-e-type=\"container\">\n\t\t\t\t\t<div class=\"e-con-inner\">\n\t\t\t\t<div class=\"elementor-element elementor-element-iwgs-aegishjalmur-s3h elementor-widget elementor-widget-heading\" data-id=\"iwgs-aegishjalmur-s3h\" data-element_type=\"widget\" data-e-type=\"widget\" data-widget_type=\"heading.default\">\n\t\t\t\t\t<h2 class=\"elementor-heading-title elementor-size-default\">Ger\u00f0 t\u00e1knsins<\/h2>\t\t\t\t<\/div>\n\t\t<div class=\"elementor-element elementor-element-iwgs-aegishjalmur-s3box e-con-full e-flex e-con e-parent\" data-id=\"iwgs-aegishjalmur-s3box\" data-element_type=\"container\" data-e-type=\"container\">\n\t\t\t\t<div class=\"elementor-element elementor-element-iwgs-aegishjalmur-s3t elementor-widget elementor-widget-text-editor\" data-id=\"iwgs-aegishjalmur-s3t\" data-element_type=\"widget\" data-e-type=\"widget\" data-widget_type=\"text-editor.default\">\n\t\t\t\t\t\t\t\t\t<p>Teikna\u00f0a t\u00e1kn \u00c6gishj\u00e1lms er strengt uppbyggt. Fr\u00e1 mi\u00f0ju liggja margir armar sem v\u00edsa jafnt \u00ed allar \u00e1ttir. Oftast eru \u00feeir \u00e1tta.<\/p><p>Hver armur er ekki einfaldlega bein l\u00edna. \u00cd endann og til hli\u00f0anna eru litlar kv\u00edslar og gaffallaga endar. \u00deessar kv\u00edslar eru \u00e1berandi einkenni t\u00e1knsins.<\/p><p>Kv\u00edslu\u00f0u endarnir minna \u00e1 \u00fer\u00edforka e\u00f0a gleiddar oddir. \u00deeir gefa \u00c6gishj\u00e1lmi v\u00edgalegan, l\u00edkt og stingandi svip. T\u00e1kni\u00f0 virkar eins og \u00fea\u00f0 v\u00edsi fr\u00e1 s\u00e9r \u00ed allar \u00e1ttir.<\/p><p>Stranga stj\u00f6rnuformi\u00f0 me\u00f0 sameiginlegri mi\u00f0ju tengir \u00c6gishj\u00e1lm vi\u00f0 Vegv\u00edsi. B\u00e6\u00f0i eru bygg\u00f0 \u00far stafarmum um mi\u00f0ju. Munurinn liggur \u00ed \u00fatf\u00e6rslu armanna og \u00ed merkingu.<\/p><p>Sk\u00fdra, ge\u00f3metr\u00edska formi\u00f0 hefur gert \u00c6gishj\u00e1lm au\u00f0\u00feekkjanlegan. Hann er au\u00f0velt a\u00f0 teikna, grafa og tatt\u00faera. \u00deessi h\u00f6nnunarlega styrkur hefur \u00e1tt sinn \u00fe\u00e1tt \u00ed n\u00faverandi \u00fatbrei\u00f0slu hans.<\/p><p>Sum uppskriftir \u00ed handritunum tilgreina a\u00f0 setja t\u00e1kni\u00f0 \u00e1 \u00e1kve\u00f0inn sta\u00f0, til d\u00e6mis \u00e1 enni\u00f0. \u00deannig er hj\u00e1lmshugmyndin tekin upp, \u00fev\u00ed hj\u00e1lmurinn hv\u00edlir \u00e1 h\u00f6f\u00f0inu.<\/p>\t\t\t\t\t\t\t\t<\/div>\n\t\t\t\t<\/div>\n\t\t\t\t\t<\/div>\n\t\t\t\t<\/div>\n\t\t<div class=\"elementor-element elementor-element-iwgs-aegishjalmur-s4 e-flex e-con-boxed e-con e-parent\" data-id=\"iwgs-aegishjalmur-s4\" data-element_type=\"container\" data-e-type=\"container\">\n\t\t\t\t\t<div class=\"e-con-inner\">\n\t\t\t\t<div class=\"elementor-element elementor-element-iwgs-aegishjalmur-s4h elementor-widget elementor-widget-heading\" data-id=\"iwgs-aegishjalmur-s4h\" data-element_type=\"widget\" data-e-type=\"widget\" data-widget_type=\"heading.default\">\n\t\t\t\t\t<h2 class=\"elementor-heading-title elementor-size-default\">Skj\u00f3l og yfirbur\u00f0ir<\/h2>\t\t\t\t<\/div>\n\t\t<div class=\"elementor-element elementor-element-iwgs-aegishjalmur-s4box e-con-full e-flex e-con e-parent\" data-id=\"iwgs-aegishjalmur-s4box\" data-element_type=\"container\" data-e-type=\"container\">\n\t\t\t\t<div class=\"elementor-element elementor-element-iwgs-aegishjalmur-s4t elementor-widget elementor-widget-text-editor\" data-id=\"iwgs-aegishjalmur-s4t\" data-element_type=\"widget\" data-e-type=\"widget\" data-widget_type=\"text-editor.default\">\n\t\t\t\t\t\t\t\t\t<p>Merking \u00c6gishj\u00e1lmurs sn\u00fdst um vernd og yfirbur\u00f0i. T\u00e1kni\u00f0 \u00e1 a\u00f0 vernda \u00feann sem \u00fea\u00f0 ber og veita honum styrka st\u00f6\u00f0u gagnvart \u00f6\u00f0rum.<\/p><p>\u00c6gishj\u00e1lmur beinist s\u00e9rstaklega a\u00f0 a\u00f0st\u00e6\u00f0um \u00ferengingar og \u00e1taka. S\u00e1 sem stendur frammi fyrir andst\u00e6\u00f0ingi e\u00f0a erfi\u00f0um a\u00f0st\u00e6\u00f0um \u00e1 a\u00f0 f\u00e1 sta\u00f0festu og yfirbur\u00f0i me\u00f0 t\u00e1kni\u00f0.<\/p><p>Hluti af verkun \u00feess felst \u00ed \u00f3gninni sem t\u00e1kni\u00f0 \u00e1 a\u00f0 \u00fatbrei\u00f0a. Skelfingarhj\u00e1lmurinn vekur a\u00f0 s\u00f6gn \u00f3gn hj\u00e1 andst\u00e6\u00f0ingnum. \u00deessi \u00f3gn veikir andst\u00e6\u00f0inginn og styrkir \u00feann sem t\u00e1kni\u00f0 ber.<\/p><p>\u00deannig sameinar \u00c6gishj\u00e1lmur vernd og hr\u00e6\u00f0slu\u00e1hrif. Hann verndar \u00feann sem hann ber me\u00f0 \u00fev\u00ed a\u00f0 hr\u00e6\u00f0a andst\u00e6\u00f0inga. T\u00e1kni\u00f0 verkar \u00fat \u00e1 vi\u00f0, gegn \u00feeim sem g\u00e6tu or\u00f0i\u00f0 \u00feeim sem \u00fea\u00f0 ber til h\u00e6ttu.<\/p><p>\u00cd \u00feessu atri\u00f0i er \u00c6gishj\u00e1lmur \u00f3l\u00edkur Vegv\u00edsi. Vegv\u00edsir verndar gegn \u00fev\u00ed a\u00f0 villast, en \u00c6gishj\u00e1lmur veitir vernd og yfirbur\u00f0i \u00ed \u00ferengingu. Hvort t\u00e1kni\u00f0 hefur sitt eigi\u00f0 hlutverk.<\/p><p>\u00c6gishj\u00e1lmur telst \u00feannig til \u00feeirra verndart\u00e1kna sem verka ekki me\u00f0 b\u00e6n e\u00f0a <span class=\"iwg-fachbegriff\" data-tooltip=\"Blessunaror\u00f0 e\u00f0a yfirl\u00fdsing um heill og vernd, oft \u00ed fastri m\u00e1lformi.\" tabindex=\"0\">blessun<\/span>, heldur me\u00f0 \u00fatstreymi styrks og skelfingar. Vernd \u00feess er fengnir yfirbur\u00f0ir.<\/p>\t\t\t\t\t\t\t\t<\/div>\n\t\t\t\t<\/div>\n\t\t\t\t\t<\/div>\n\t\t\t\t<\/div>\n\t\t<div class=\"elementor-element elementor-element-iwgs-aegishjalmur-s5 e-flex e-con-boxed e-con e-parent\" data-id=\"iwgs-aegishjalmur-s5\" data-element_type=\"container\" data-e-type=\"container\">\n\t\t\t\t\t<div class=\"e-con-inner\">\n\t\t\t\t<div class=\"elementor-element elementor-element-iwgs-aegishjalmur-s5h elementor-widget elementor-widget-heading\" data-id=\"iwgs-aegishjalmur-s5h\" data-element_type=\"widget\" data-e-type=\"widget\" data-widget_type=\"heading.default\">\n\t\t\t\t\t<h2 class=\"elementor-heading-title elementor-size-default\">Spurningin um aldur<\/h2>\t\t\t\t<\/div>\n\t\t<div class=\"elementor-element elementor-element-iwgs-aegishjalmur-s5box e-con-full e-flex e-con e-parent\" data-id=\"iwgs-aegishjalmur-s5box\" data-element_type=\"container\" data-e-type=\"container\">\n\t\t\t\t<div class=\"elementor-element elementor-element-iwgs-aegishjalmur-s5t elementor-widget elementor-widget-text-editor\" data-id=\"iwgs-aegishjalmur-s5t\" data-element_type=\"widget\" data-e-type=\"widget\" data-widget_type=\"text-editor.default\">\n\t\t\t\t\t\t\t\t\t<p>Hj\u00e1 \u00c6gishj\u00e1lmi er spurningin um aldur s\u00e9rstaklega mikilv\u00e6g, l\u00edkt og hj\u00e1 Vegv\u00edsi. \u00cd n\u00fat\u00edmamynd er t\u00e1kni\u00f0 oft tali\u00f0 alfari\u00f0 v\u00edkingaaldar. \u00deessi hugmynd krefst n\u00e1nari athugunar.<\/p><p>\u00dea\u00f0 er r\u00e9tt a\u00f0 hugtaki\u00f0 \u00c6gishj\u00e1lmur er fornt. \u00dea\u00f0 kemur fram \u00ed fornnorr\u00e6num b\u00f3kmenntum, og hugmyndin um verndandi, skelfingu vekjandi hj\u00e1lm n\u00e6r aftur til fornnorr\u00e6ns heims.<\/p><p>Hin teikna\u00f0a galdrastafur \u00ed n\u00faverandi stj\u00f6rnulaga mynd er \u00fe\u00f3 fyrst \u00f6ruggt vita\u00f0 \u00far eftirmi\u00f0alda\u00edslenskum handritum. Fr\u00e1 v\u00edkinga\u00f6ld er engin heimild um \u00feetta t\u00e1kn.<\/p><p>\u00c6gishj\u00e1lmur sameinar \u00feannig tv\u00f6 l\u00f6g. Nafni\u00f0 og hugmyndin eru forn. Myndt\u00e1kni\u00f0 heyrir til s\u00ed\u00f0ari \u00edslenskrar \u00fej\u00f3\u00f0tr\u00faargaldra.<\/p><p>\u00deessi a\u00f0greining er ekkert aukaatri\u00f0i. H\u00fan snertir kjarna vanda\u00f0rar umgengni vi\u00f0 t\u00e1kni\u00f0. \u00dea\u00f0 er ekki rangt a\u00f0 tala um forna hugtaki\u00f0, og \u00fea\u00f0 er ekki rangt a\u00f0 tala um s\u00ed\u00f0ara t\u00e1kni\u00f0. Rangt v\u00e6ri a\u00f0eins a\u00f0 gefa b\u00e6\u00f0i upp \u00e1n a\u00f0greiningar sem v\u00edkingaaldar.<\/p><p>Hei\u00f0arleg framsetning nefnir b\u00e6\u00f0i l\u00f6gin. \u00c6gishj\u00e1lmur er fornnorr\u00e6nt hugtak sem f\u00e9kk teikna\u00f0a mynd \u00ed s\u00ed\u00f0ari \u00edslenskri \u00fej\u00f3\u00f0tr\u00faargaldri. \u00deessi mynd er \u00e1hrifamikil, en h\u00fan er ekki v\u00edkingaaldar.<\/p>\t\t\t\t\t\t\t\t<\/div>\n\t\t\t\t<\/div>\n\t\t\t\t\t<\/div>\n\t\t\t\t<\/div>\n\t\t<div class=\"elementor-element elementor-element-iwgs-aegishjalmur-s6 e-flex e-con-boxed e-con e-parent\" data-id=\"iwgs-aegishjalmur-s6\" data-element_type=\"container\" data-e-type=\"container\">\n\t\t\t\t\t<div class=\"e-con-inner\">\n\t\t\t\t<div class=\"elementor-element elementor-element-iwgs-aegishjalmur-s6h elementor-widget elementor-widget-heading\" data-id=\"iwgs-aegishjalmur-s6h\" data-element_type=\"widget\" data-e-type=\"widget\" data-widget_type=\"heading.default\">\n\t\t\t\t\t<h2 class=\"elementor-heading-title elementor-size-default\">\u00c6gishj\u00e1lmur og Vegv\u00edsir<\/h2>\t\t\t\t<\/div>\n\t\t<div class=\"elementor-element elementor-element-iwgs-aegishjalmur-s6box e-con-full e-flex e-con e-parent\" data-id=\"iwgs-aegishjalmur-s6box\" data-element_type=\"container\" data-e-type=\"container\">\n\t\t\t\t<div class=\"elementor-element elementor-element-iwgs-aegishjalmur-s6t elementor-widget elementor-widget-text-editor\" data-id=\"iwgs-aegishjalmur-s6t\" data-element_type=\"widget\" data-e-type=\"widget\" data-widget_type=\"text-editor.default\">\n\t\t\t\t\t\t\t\t\t<p>\u00c6gishj\u00e1lmur er \u00ed dag n\u00e6r alltaf nefndur samhli\u00f0a Vegv\u00edsi. T\u00e1knin tv\u00f6 tengjast n\u00e1i\u00f0 og eru \u00feekktustu \u00edslensku galdrastafirnir.<\/p><p>B\u00e6\u00f0i t\u00e1knin deila stj\u00f6rnulaga grunnformi. Fr\u00e1 mi\u00f0punkti ganga stafal\u00edkir armar \u00fat. Vi\u00f0 fyrstu s\u00fdn vir\u00f0ast t\u00e1knin tv\u00f6 \u00feess vegna n\u00e1skyld og l\u00edk.<\/p><p>\u00cd merkingu sinni eru \u00feau \u00fe\u00f3 \u00f3l\u00edk. Vegv\u00edsir verndar gegn \u00fev\u00ed a\u00f0 villast og tryggir r\u00e9ttu lei\u00f0ina. \u00c6gishj\u00e1lmur veitir vernd og yfirbur\u00f0i \u00ed \u00ferengingu.<\/p><p>B\u00e6\u00f0i heyra til sama heims eftirmi\u00f0alda\u00edslenskrar \u00fej\u00f3\u00f0tr\u00faargaldra. B\u00e6\u00f0i eru var\u00f0veitt \u00ed handritum, og fyrir b\u00e6\u00f0i gildir s\u00fa sama a\u00f0greining milli forns hugtaks og s\u00ed\u00f0ara t\u00e1kns.<\/p><p>S\u00e1 sem vill skilja \u00c6gishj\u00e1lmur \u00e6tti \u00feess vegna a\u00f0 sj\u00e1 hann \u00ed samhengi allrar h\u00f3ps galdrastafa. Hann er ekki einangra\u00f0 t\u00e1kn, heldur hluti af r\u00edkri \u00edslenskri hef\u00f0 hagn\u00fdtrar verndargaldurs.<\/p><p>Galdrastafir n\u00e1 langt umfram \u00c6gishj\u00e1lmur og Vegv\u00edsi og innihalda m\u00f6rg fleiri t\u00e1kn fyrir \u00f3l\u00edk erindi. Skelfingarhj\u00e1lmurinn er a\u00f0eins \u00feekktastur me\u00f0al verndandi, styrkjandi t\u00e1kna \u00feessa h\u00f3ps.<\/p>\t\t\t\t\t\t\t\t<\/div>\n\t\t\t\t<\/div>\n\t\t\t\t\t<\/div>\n\t\t\t\t<\/div>\n\t\t<div class=\"elementor-element elementor-element-iwgs-aegishjalmur-s7 e-flex e-con-boxed e-con e-parent\" data-id=\"iwgs-aegishjalmur-s7\" data-element_type=\"container\" data-e-type=\"container\">\n\t\t\t\t\t<div class=\"e-con-inner\">\n\t\t\t\t<div class=\"elementor-element elementor-element-iwgs-aegishjalmur-s7h elementor-widget elementor-widget-heading\" data-id=\"iwgs-aegishjalmur-s7h\" data-element_type=\"widget\" data-e-type=\"widget\" data-widget_type=\"heading.default\">\n\t\t\t\t\t<h2 class=\"elementor-heading-title elementor-size-default\">Verkunarl\u00f6gm\u00e1l skelfingarins<\/h2>\t\t\t\t<\/div>\n\t\t<div class=\"elementor-element elementor-element-iwgs-aegishjalmur-s7box e-con-full e-flex e-con e-parent\" data-id=\"iwgs-aegishjalmur-s7box\" data-element_type=\"container\" data-e-type=\"container\">\n\t\t\t\t<div class=\"elementor-element elementor-element-iwgs-aegishjalmur-s7t elementor-widget elementor-widget-text-editor\" data-id=\"iwgs-aegishjalmur-s7t\" data-element_type=\"widget\" data-e-type=\"widget\" data-widget_type=\"text-editor.default\">\n\t\t\t\t\t\t\t\t\t<p>\u00c6gishj\u00e1lmur m\u00e1 sko\u00f0a \u00ed st\u00e6rra samhengi verndart\u00e1kna. Hann fylgir a\u00f0 hluta til verkreglu varnar me\u00f0 hr\u00e6\u00f0slu\u00e1hrifum.<\/p><p>\u00deessari reglu liggur til grundvallar hugmyndin um a\u00f0 skelfing haldi \u00f6\u00f0ru fr\u00e1 s\u00e9r. S\u00e1 sem \u00fatstreymir \u00f3gn heldur andst\u00e6\u00f0ingum \u00ed fjarl\u00e6g\u00f0. \u00c6gishj\u00e1lmur \u00e1 a\u00f0 \u00fatbrei\u00f0a n\u00e1kv\u00e6mlega \u00feessa \u00f3gn.<\/p><p>\u00deannig stendur \u00c6gishj\u00e1lmur \u00ed r\u00f6\u00f0 me\u00f0 \u00f6\u00f0rum skelfingart\u00e1knum. Gr\u00edska Gorgoneion ver me\u00f0 hr\u00e6\u00f0ilegu h\u00f6f\u00f0i Med\u00fasu. Pazuzu-<span class=\"iwg-fachbegriff\" data-tooltip=\"Gripur borinn \u00e1 l\u00edkamanum sem talinn er hafa verndandi, \u00f3gnaraffrandi verkun.\" tabindex=\"0\">verndargripurinn<\/span> ver me\u00f0 h\u00f6f\u00f0i dj\u00e1knans. \u00c6gishj\u00e1lmur ver me\u00f0 skelfingar\u00fatbrei\u00f0andi m\u00e6tti hj\u00e1lmsins.<\/p><p>\u00d3l\u00edkt Gorgoneion og Pazuzu-<span class=\"iwg-fachbegriff\" data-tooltip=\"Gripur borinn \u00e1 l\u00edkamanum sem talinn er hafa verndandi, \u00f3gnaraffrandi verkun.\" tabindex=\"0\">verndargripnum<\/span> s\u00fdnir \u00c6gishj\u00e1lmur \u00fe\u00f3 ekkert andlit og enga mynd. Hann er \u00f3hlutbundi\u00f0, geometr\u00edskt t\u00e1kn. Skelfing hans liggur ekki \u00ed mynd, heldur \u00ed \u00feeim m\u00e6tti sem honum er eigna\u00f0ur.<\/p><p>\u00dear l\u00edkist \u00c6gishj\u00e1lmur meira pentagraminu, sem er einnig \u00f3hlutbundi\u00f0 t\u00e1kn me\u00f0 verndarmerkingu. \u00c6gishj\u00e1lmur sameinar geometr\u00edska sk\u00fdrleika og hugmyndina um hr\u00e6\u00f0slu\u00e1hrif.<\/p><p>\u00c6gishj\u00e1lmur er \u00feannig s\u00e9rstakt tilfelli innan skelfingart\u00e1kna. Hann verndar me\u00f0 hr\u00e6\u00f0slu\u00e1hrifum, en gerir \u00fea\u00f0 ekki me\u00f0 \u00f3gnvekjandi andliti, heldur me\u00f0 str\u00f6ngu, stj\u00f6rnulaga galdrat\u00e1kni.<\/p>\t\t\t\t\t\t\t\t<\/div>\n\t\t\t\t<\/div>\n\t\t\t\t\t<\/div>\n\t\t\t\t<\/div>\n\t\t<div class=\"elementor-element elementor-element-iwgs-aegishjalmur-s8 e-flex e-con-boxed e-con e-parent\" data-id=\"iwgs-aegishjalmur-s8\" data-element_type=\"container\" data-e-type=\"container\">\n\t\t\t\t\t<div class=\"e-con-inner\">\n\t\t\t\t<div class=\"elementor-element elementor-element-iwgs-aegishjalmur-s8h elementor-widget elementor-widget-heading\" data-id=\"iwgs-aegishjalmur-s8h\" data-element_type=\"widget\" data-e-type=\"widget\" data-widget_type=\"heading.default\">\n\t\t\t\t\t<h2 class=\"elementor-heading-title elementor-size-default\">M\u00f3tt\u00f6kur \u00ed dag<\/h2>\t\t\t\t<\/div>\n\t\t<div class=\"elementor-element elementor-element-iwgs-aegishjalmur-s8box e-con-full e-flex e-con e-parent\" data-id=\"iwgs-aegishjalmur-s8box\" data-element_type=\"container\" data-e-type=\"container\">\n\t\t\t\t<div class=\"elementor-element elementor-element-iwgs-aegishjalmur-s8t elementor-widget elementor-widget-text-editor\" data-id=\"iwgs-aegishjalmur-s8t\" data-element_type=\"widget\" data-e-type=\"widget\" data-widget_type=\"text-editor.default\">\n\t\t\t\t\t\t\t\t\t<p>\u00c6gishj\u00e1lmur er \u00ed dag mj\u00f6g \u00fatbreiddur. Hann telst me\u00f0al vins\u00e6lustu t\u00e1kna sem tengd eru norr\u00e6num heimi, og er s\u00e9rstaklega vins\u00e6ll sem h\u00fa\u00f0fl\u00far.<\/p><p>\u00deessa vins\u00e6ld \u00e1 \u00c6gishj\u00e1lmur a\u00f0 \u00feakka sk\u00fdru, \u00e1hrifamiklu formi s\u00ednu og merkingu. Hugmyndin um t\u00e1kn sem veitir vernd og yfirbur\u00f0i h\u00f6f\u00f0ar til margra.<\/p><p>\u00cd n\u00fat\u00edma hei\u00f0num hreyfingum sem v\u00edsa til norr\u00e6nnar tr\u00faar er \u00c6gishj\u00e1lmur nota\u00f0ur sem t\u00e1kn. \u00dear stendur hann \u00ed r\u00f6\u00f0 me\u00f0 \u00f6\u00f0rum t\u00e1knum nor\u00f0ursins.<\/p><p>Me\u00f0 \u00fatbrei\u00f0slunni fylgir, l\u00edkt og hj\u00e1 Vegv\u00edsi, \u00fatbreidd rangf\u00e6rsla. Mj\u00f6g oft er \u00c6gishj\u00e1lmur talinn fornt v\u00edkingat\u00e1kn. \u00deessi framsetning stenst ekki fr\u00e6\u00f0ilega.<\/p><p>N\u00e1kv\u00e6m framsetning tekur \u00fev\u00ed fram sk\u00fdrt. Hugtaki\u00f0 \u00c6gishj\u00e1lmur er fornnorr\u00e6nt, teikna\u00f0a t\u00e1kni\u00f0 heyrir til s\u00ed\u00f0ari \u00edslenskrar \u00fej\u00f3\u00f0tr\u00faargaldra. B\u00e6\u00f0i l\u00f6gin eru ekta, en \u00feau heyra til \u00f3l\u00edkra t\u00edma.<\/p><p>\u00c6gishj\u00e1lmur er \u00feannig \u00e1fram tv\u00f6falt \u00e1hugavert t\u00e1kn. Hann er ekta galdrat\u00e1kn \u00far \u00edslenskri \u00fej\u00f3\u00f0tr\u00faargaldri me\u00f0 sk\u00fdra merkingu, og hann er d\u00e6mi um hvernig forn hugt\u00f6k og s\u00ed\u00f0ari myndt\u00e1kn renna saman \u00ed n\u00fat\u00edmamynd s\u00f6gunnar.<\/p>\t\t\t\t\t\t\t\t<\/div>\n\t\t\t\t<\/div>\n\t\t\t\t\t<\/div>\n\t\t\t\t<\/div>\n\t\t<div class=\"elementor-element elementor-element-iwgs-aegishjalmur-lit e-flex e-con-boxed e-con e-parent\" data-id=\"iwgs-aegishjalmur-lit\" data-element_type=\"container\" data-e-type=\"container\">\n\t\t\t\t\t<div class=\"e-con-inner\">\n\t\t\t\t<div class=\"elementor-element elementor-element-iwgs-aegishjalmur-lith elementor-widget elementor-widget-heading\" data-id=\"iwgs-aegishjalmur-lith\" data-element_type=\"widget\" data-e-type=\"widget\" data-widget_type=\"heading.default\">\n\t\t\t\t\t<h2 class=\"elementor-heading-title elementor-size-default\">Heimildir (\u00farval)<\/h2>\t\t\t\t<\/div>\n\t\t<div class=\"elementor-element elementor-element-iwgs-aegishjalmur-litbox e-con-full e-flex e-con e-parent\" data-id=\"iwgs-aegishjalmur-litbox\" data-element_type=\"container\" data-e-type=\"container\">\n\t\t\t\t<div class=\"elementor-element elementor-element-iwgs-aegishjalmur-litt elementor-widget elementor-widget-html\" data-id=\"iwgs-aegishjalmur-litt\" data-element_type=\"widget\" data-e-type=\"widget\" data-widget_type=\"html.default\">\n\t\t\t\t\t<footer data-nosnippet=\"true\"><ul><li>Magn\u00fas Rafnsson: <em>Two Icelandic Books of Magic<\/em> (2008)<\/li><li>Matth\u00edas Vi\u00f0ar S\u00e6mundsson: <em>Galdrar \u00e1 \u00cdslandi<\/em> (1992)<\/li><li>Stephen Flowers: <em>Icelandic Magic<\/em> (2016)<\/li><li>Rudolf Simek: <em>Lexikon der germanischen Mythologie<\/em> (2006)<\/li><li><em>V\u00f6lsunga saga<\/em> (fornnorr\u00e6n hetjusaga)<\/li><\/ul><\/footer>\t\t\t\t<\/div>\n\t\t\t\t<\/div>\n\t\t\t\t\t<\/div>\n\t\t\t\t<\/div>\n\t\t<div class=\"elementor-element elementor-element-iwgs-aegishjalmur-kwd e-flex e-con-boxed e-con e-parent\" data-id=\"iwgs-aegishjalmur-kwd\" data-element_type=\"container\" data-e-type=\"container\">\n\t\t\t\t\t<div class=\"e-con-inner\">\n\t\t\t\t<div class=\"elementor-element elementor-element-iwgs-aegishjalmur-kwdt elementor-widget elementor-widget-text-editor\" data-id=\"iwgs-aegishjalmur-kwdt\" data-element_type=\"widget\" data-e-type=\"widget\" data-widget_type=\"text-editor.default\">\n\t\t\t\t\t\t\t\t\t<p><em>Tengd kjarnahugt\u00f6k: \u00c6gishj\u00e1lmur, \u00d3ttahj\u00e1lmur, Galdrastafir, T\u00f6frastafur, \u00cdsland, Vegv\u00edsir, \u00fej\u00f3\u00f0leg galdralist, F\u00e1fnir.<\/em><\/p>\t\t\t\t\t\t\t\t<\/div>\n\t\t\t\t\t<\/div>\n\t\t\t\t<\/div>\n\t\t<div class=\"elementor-element elementor-element-iwgs-aegishjalmur-cc e-flex e-con-boxed e-con e-parent\" data-id=\"iwgs-aegishjalmur-cc\" data-element_type=\"container\" data-e-type=\"container\" id=\"iwg-cc-aegishjalmur\">\n\t\t\t\t\t<div class=\"e-con-inner\">\n\t\t<div class=\"elementor-element elementor-element-iwgs-aegishjalmur-ccinner e-flex e-con-boxed e-con e-parent\" data-id=\"iwgs-aegishjalmur-ccinner\" data-element_type=\"container\" data-e-type=\"container\" data-settings=\"{&quot;background_background&quot;:&quot;classic&quot;}\">\n\t\t\t\t\t<div class=\"e-con-inner\">\n\t\t\t\t<div class=\"elementor-element elementor-element-iwgs-aegishjalmur-cch elementor-widget elementor-widget-heading\" data-id=\"iwgs-aegishjalmur-cch\" data-element_type=\"widget\" data-e-type=\"widget\" data-widget_type=\"heading.default\">\n\t\t\t\t\t<h2 class=\"elementor-heading-title elementor-size-default\">iWell Guard og verndarhef\u00f0ir<\/h2>\t\t\t\t<\/div>\n\t\t\t\t<div class=\"elementor-element elementor-element-iwgs-aegishjalmur-cct elementor-widget elementor-widget-text-editor\" data-id=\"iwgs-aegishjalmur-cct\" data-element_type=\"widget\" data-e-type=\"widget\" data-widget_type=\"text-editor.default\">\n\t\t\t\t\t\t\t\t\t<p>iWell Guard er hluti af \u00feeirri menningars\u00f6gulegu hef\u00f0 farb\u00e6rra hl\u00edf\u00f0argripa, sem \u00c6gishj\u00e1lmur telst einnig til. N\u00fat\u00edmalegur f\u00f6runautur fyrir f\u00f3lk sem lifir me\u00f0 verndart\u00e1knum: framleiddur \u00ed \u00de\u00fdskalandi, me\u00f0 41 lag af hreinu gulli, plat\u00ednu og silfri, og 30 daga skilar\u00e9tti.<\/p>\t\t\t\t\t\t\t\t<\/div>\n\t\t\t\t<div class=\"elementor-element elementor-element-iwgs-aegishjalmur-ccb iwg-cc-button iwg-cc-cta-2026-05-13 elementor-widget elementor-widget-jet-button\" data-id=\"iwgs-aegishjalmur-ccb\" data-element_type=\"widget\" data-e-type=\"widget\" data-widget_type=\"jet-button.default\">\n\t\t\t\t<div class=\"elementor-widget-container\">\n\t\t\t\t\t<div class=\"elementor-jet-button jet-elements\"><div class=\"jet-button__container\"><a class=\"jet-button__instance jet-button__instance--icon-left hover-effect-1\" href=\"\/schutzanhaenger-iwell-guard-kaufen\/?utm_source=iwell-guard.com&amp;utm_medium=info-box&amp;utm_campaign=schutzsymbole\"><div class=\"jet-button__plane jet-button__plane-normal\"><\/div><div class=\"jet-button__plane jet-button__plane-hover\"><\/div><div class=\"jet-button__state jet-button__state-normal\"><span class=\"jet-button__label\">Meira um iWell Guard<\/span><\/div><div class=\"jet-button__state jet-button__state-hover\"><span class=\"jet-button__label\">Meira um iWell Guard<\/span><\/div><\/a><\/div><\/div><style>.elementor-element.elementor-element-iwgs-aegishjalmur-ccb .jet-button__instance{width:320px;height:56px;}.elementor-element.elementor-element-iwgs-aegishjalmur-ccb .jet-button__state-normal .jet-button__label{text-align:center;margin:0px 0px 0px 0px;color:#1a1b20;font-family:Montserrat,sans-serif;font-size:13px;font-weight:400;letter-spacing:4px;line-height:1.714em;text-transform:uppercase;}.elementor-element.elementor-element-iwgs-aegishjalmur-ccb .jet-button__state-hover .jet-button__label{text-align:center;margin:0px 0px 0px 0px;color:#FECC76;font-family:Montserrat,sans-serif;font-size:13px;font-weight:400;letter-spacing:4px;line-height:1.714em;text-transform:uppercase;}.elementor-element.elementor-element-iwgs-aegishjalmur-ccb .jet-button__plane-normal{background-color:#FECC76;border-style:solid;border-color:#C99540;border-width:2px 2px 2px 2px;}.elementor-element.elementor-element-iwgs-aegishjalmur-ccb .jet-button__plane-hover{background-color:rgba(0,0,0,0.55);border-style:solid;border-color:#FECC76;border-width:2px 2px 2px 2px;}<\/style>\t\t\t\t<\/div>\n\t\t\t\t<\/div>\n\t\t\t\t<div class=\"elementor-element elementor-element-iwgs-aegishjalmur-ccd elementor-widget elementor-widget-text-editor\" data-id=\"iwgs-aegishjalmur-ccd\" data-element_type=\"widget\" data-e-type=\"widget\" data-widget_type=\"text-editor.default\">\n\t\t\t\t\t\t\t\t\t<p style=\"text-align:center;font-size:13px;opacity:0.7;margin-top:14px\" data-nosnippet=\"true\">Pers\u00f3nuleg reynsla getur veri\u00f0 mismunandi. Ekki l\u00e6kningat\u00e6ki. Engin lofor\u00f0 um l\u00e6kningu.<\/p>\t\t\t\t\t\t\t\t<\/div>\n\t\t\t\t\t<\/div>\n\t\t\t\t<\/div>\n\t\t\t\t\t<\/div>\n\t\t\t\t<\/div>\n\t\t<div class=\"elementor-element elementor-element-iwgs-aegishjalmur-disc e-flex e-con-boxed e-con e-parent\" data-id=\"iwgs-aegishjalmur-disc\" data-element_type=\"container\" data-e-type=\"container\">\n\t\t\t\t\t<div class=\"e-con-inner\">\n\t\t\t\t<div class=\"elementor-element elementor-element-iwgs-aegishjalmur-discw elementor-widget elementor-widget-html\" data-id=\"iwgs-aegishjalmur-discw\" data-element_type=\"widget\" data-e-type=\"widget\" data-widget_type=\"html.default\">\n\t\t\t\t\t<footer data-nosnippet=\"true\" class=\"iwg-disclaimer-block\"><p data-nosnippet=\"true\">iWell Guard er <strong>ekki l\u00e6kningat\u00e6ki<\/strong> og kemur ekki \u00ed sta\u00f0 l\u00e6knis- e\u00f0a s\u00e1lfr\u00e6\u00f0ime\u00f0fer\u00f0ar. Innihaldi\u00f0 sem h\u00e9r er sett fram er tr\u00faarbrag\u00f0afr\u00e6\u00f0ileg og menningars\u00f6gulega greining, ekki lofor\u00f0 um andlega virkni.<\/p><\/footer>\t\t\t\t<\/div>\n\t\t\t\t\t<\/div>\n\t\t\t\t<\/div>\n\t\t\t\t<\/div>\n\t\t","protected":false},"excerpt":{"rendered":"","protected":false},"author":3,"featured_media":3478,"parent":0,"menu_order":0,"comment_status":"closed","ping_status":"closed","template":"elementor_header_footer","meta":{"_yoast_wpseo_focuskw":"\u00c6gishj\u00e1lmur","_yoast_wpseo_title":"\u00c6gishj\u00e1lmur \u2013 hj\u00e1lmur skelfingarins","_yoast_wpseo_metadesc":"\u00c6gishj\u00e1lmur, hj\u00e1lmur skelfingarins, er \u00edslenskt galdrat\u00e1kn. Uppruni, ger\u00f0 og merking \u00fatsk\u00fdr\u00f0 \u00e1 a\u00f0gengilegan h\u00e1tt.","_yoast_wpseo_meta-robots-noindex":"","_yoast_wpseo_canonical":"","_angie_page":false,"gefaehrdungsstufe":"","wesen_kultur":"","wesen_klasse":"","footnotes":""},"categories":[],"class_list":["post-169169","page","type-page","status-publish","has-post-thumbnail","hentry"],"yoast_head":"<!-- This site is optimized with the Yoast SEO Premium plugin v27.7 (Yoast SEO v28.3) - https:\/\/yoast.com\/product\/yoast-seo-premium-wordpress\/ -->\n<title>\u00c6gishj\u00e1lmur \u2013 hj\u00e1lmur skelfingarins<\/title>\n<meta name=\"description\" content=\"\u00c6gishj\u00e1lmur, hj\u00e1lmur skelfingarins, er \u00edslenskt galdrat\u00e1kn. Uppruni, ger\u00f0 og merking \u00fatsk\u00fdr\u00f0 \u00e1 a\u00f0gengilegan h\u00e1tt.\" \/>\n<meta name=\"robots\" content=\"index, follow, max-snippet:-1, max-image-preview:large, max-video-preview:-1\" \/>\n<link rel=\"canonical\" href=\"https:\/\/iwell-guard.com\/is\/aegishjalmur-hjalmur-skelfingarins\/\" \/>\n<meta property=\"og:locale\" content=\"is_IS\" \/>\n<meta property=\"og:type\" content=\"article\" \/>\n<meta property=\"og:title\" content=\"\u00c6gishj\u00e1lmur \u2013 hj\u00e1lmur skelfingarins\" \/>\n<meta property=\"og:description\" content=\"\u00c6gishj\u00e1lmur, hj\u00e1lmur skelfingarins, er \u00edslenskt galdrat\u00e1kn. Uppruni, ger\u00f0 og merking \u00fatsk\u00fdr\u00f0 \u00e1 a\u00f0gengilegan h\u00e1tt.\" \/>\n<meta property=\"og:url\" content=\"https:\/\/iwell-guard.com\/is\/aegishjalmur-hjalmur-skelfingarins\/\" \/>\n<meta property=\"og:site_name\" content=\"iWell Guard\" \/>\n<meta property=\"article:modified_time\" content=\"2026-09-05T14:34:00+00:00\" \/>\n<meta property=\"og:image\" content=\"https:\/\/iwell-guard.com\/wp-content\/uploads\/2026\/05\/schutzsymbol_germanisch_aegishjalmur.webp\" \/>\n\t<meta property=\"og:image:width\" content=\"1024\" \/>\n\t<meta property=\"og:image:height\" content=\"1536\" \/>\n\t<meta property=\"og:image:type\" content=\"image\/webp\" \/>\n<meta name=\"twitter:card\" content=\"summary_large_image\" \/>\n<script type=\"application\/ld+json\" class=\"yoast-schema-graph\">{\"@context\":\"https:\\\/\\\/schema.org\",\"@graph\":[{\"@type\":\"WebPage\",\"@id\":\"https:\\\/\\\/iwell-guard.com\\\/is\\\/aegishjalmur-hjalmur-skelfingarins\\\/\",\"url\":\"https:\\\/\\\/iwell-guard.com\\\/is\\\/aegishjalmur-hjalmur-skelfingarins\\\/\",\"name\":\"\u00c6gishj\u00e1lmur \u2013 hj\u00e1lmur skelfingarins\",\"isPartOf\":{\"@id\":\"https:\\\/\\\/iwell-guard.com\\\/is\\\/#website\"},\"primaryImageOfPage\":{\"@id\":\"https:\\\/\\\/iwell-guard.com\\\/is\\\/aegishjalmur-hjalmur-skelfingarins\\\/#primaryimage\"},\"image\":{\"@id\":\"https:\\\/\\\/iwell-guard.com\\\/is\\\/aegishjalmur-hjalmur-skelfingarins\\\/#primaryimage\"},\"thumbnailUrl\":\"https:\\\/\\\/iwell-guard.com\\\/wp-content\\\/uploads\\\/2026\\\/05\\\/schutzsymbol_germanisch_aegishjalmur.webp\",\"datePublished\":\"2026-09-05T14:06:11+00:00\",\"dateModified\":\"2026-09-05T14:34:00+00:00\",\"description\":\"\u00c6gishj\u00e1lmur, hj\u00e1lmur skelfingarins, er \u00edslenskt galdrat\u00e1kn. Uppruni, ger\u00f0 og merking \u00fatsk\u00fdr\u00f0 \u00e1 a\u00f0gengilegan h\u00e1tt.\",\"breadcrumb\":{\"@id\":\"https:\\\/\\\/iwell-guard.com\\\/is\\\/aegishjalmur-hjalmur-skelfingarins\\\/#breadcrumb\"},\"inLanguage\":\"is\",\"potentialAction\":[{\"@type\":\"ReadAction\",\"target\":[\"https:\\\/\\\/iwell-guard.com\\\/is\\\/aegishjalmur-hjalmur-skelfingarins\\\/\"]}]},{\"@type\":\"ImageObject\",\"inLanguage\":\"is\",\"@id\":\"https:\\\/\\\/iwell-guard.com\\\/is\\\/aegishjalmur-hjalmur-skelfingarins\\\/#primaryimage\",\"url\":\"https:\\\/\\\/iwell-guard.com\\\/wp-content\\\/uploads\\\/2026\\\/05\\\/schutzsymbol_germanisch_aegishjalmur.webp\",\"contentUrl\":\"https:\\\/\\\/iwell-guard.com\\\/wp-content\\\/uploads\\\/2026\\\/05\\\/schutzsymbol_germanisch_aegishjalmur.webp\",\"width\":1024,\"height\":1536,\"caption\":\"Verndart\u00e1kn. Myndskreyting \u00ed safnst\u00edl.\"},{\"@type\":\"BreadcrumbList\",\"@id\":\"https:\\\/\\\/iwell-guard.com\\\/is\\\/aegishjalmur-hjalmur-skelfingarins\\\/#breadcrumb\",\"itemListElement\":[{\"@type\":\"ListItem\",\"position\":1,\"name\":\"Start\",\"item\":\"https:\\\/\\\/iwell-guard.com\\\/is\\\/?page_id=168580\"},{\"@type\":\"ListItem\",\"position\":2,\"name\":\"\u00c6gishj\u00e1lmur \u2013 hj\u00e1lmur skelfingarins\"}]},{\"@type\":\"WebSite\",\"@id\":\"https:\\\/\\\/iwell-guard.com\\\/is\\\/#website\",\"url\":\"https:\\\/\\\/iwell-guard.com\\\/is\\\/\",\"name\":\"iWell Guard\",\"description\":\"Schutz vor dunklen Einfl\u00fcssen\",\"publisher\":{\"@id\":\"https:\\\/\\\/iwell-guard.com\\\/is\\\/#organization\"},\"potentialAction\":[{\"@type\":\"SearchAction\",\"target\":{\"@type\":\"EntryPoint\",\"urlTemplate\":\"https:\\\/\\\/iwell-guard.com\\\/is\\\/?s={search_term_string}\"},\"query-input\":{\"@type\":\"PropertyValueSpecification\",\"valueRequired\":true,\"valueName\":\"search_term_string\"}}],\"inLanguage\":\"is\"},{\"@type\":\"Organization\",\"@id\":\"https:\\\/\\\/iwell-guard.com\\\/is\\\/#organization\",\"name\":\"Ittermann electronic GmbH\",\"url\":\"https:\\\/\\\/iwell-guard.com\\\/is\\\/\",\"logo\":{\"@type\":\"ImageObject\",\"inLanguage\":\"is\",\"@id\":\"https:\\\/\\\/iwell-guard.com\\\/is\\\/#\\\/schema\\\/logo\\\/image\\\/\",\"url\":\"https:\\\/\\\/iwell-guard.com\\\/wp-content\\\/uploads\\\/2026\\\/05\\\/Ittermann-Logo-1182x237-1.png\",\"contentUrl\":\"https:\\\/\\\/iwell-guard.com\\\/wp-content\\\/uploads\\\/2026\\\/05\\\/Ittermann-Logo-1182x237-1.png\",\"width\":1182,\"height\":237,\"caption\":\"Ittermann electronic GmbH\"},\"image\":{\"@id\":\"https:\\\/\\\/iwell-guard.com\\\/is\\\/#\\\/schema\\\/logo\\\/image\\\/\"},\"sameAs\":[\"https:\\\/\\\/pantip.com\\\/profile\\\/9367242\",\"https:\\\/\\\/micro.blog\\\/iwellguard\",\"https:\\\/\\\/www.diggerslist.com\\\/iwellguard\\\/about\",\"https:\\\/\\\/skitterphoto.com\\\/photographers\\\/2870314\\\/iwell-guard\",\"https:\\\/\\\/iwellguard.wordpress.com\\\/2026\\\/06\\\/06\\\/iwell-guard\\\/\",\"https:\\\/\\\/hub.docker.com\\\/u\\\/iwellguard\",\"https:\\\/\\\/www.pinterest.com\\\/iwellguard\\\/\",\"https:\\\/\\\/bit.ly\\\/m\\\/iwellguard\",\"https:\\\/\\\/entre-vos-mains.alsace.eu\\\/profiles\\\/iwellguard\\\/activity\",\"https:\\\/\\\/gravatar.com\\\/reallybeded8fd34\",\"https:\\\/\\\/naijamatta.com\\\/iwellguard\",\"https:\\\/\\\/www.goodreads.com\\\/iwellguard\",\"https:\\\/\\\/profile.hatena.ne.jp\\\/iwellguard\\\/\",\"https:\\\/\\\/experiment.com\\\/users\\\/iwellguard\",\"https:\\\/\\\/wakelet.com\\\/@iWellGuard82270\",\"https:\\\/\\\/www.chordie.com\\\/forum\\\/profile.php?id=2555664\",\"https:\\\/\\\/www.instapaper.com\\\/p\\\/17757966\",\"https:\\\/\\\/www.mapleprimes.com\\\/users\\\/iwellguard\",\"https:\\\/\\\/businesslistingplus.com\\\/profile\\\/iwell-guard\\\/\",\"https:\\\/\\\/telegra.ph\\\/iWell-Guard-06-06\",\"https:\\\/\\\/pbase.com\\\/iwellguard\\\/iwellguard\",\"https:\\\/\\\/b.hatena.ne.jp\\\/iwellguard\\\/20260607#bookmark-4788405196491818882\",\"https:\\\/\\\/fliphtml5.com\\\/home\\\/iwellguard\",\"https:\\\/\\\/anyflip.com\\\/homepage\\\/cmiwl#About\",\"https:\\\/\\\/transfur.com\\\/Users\\\/iwellguard\",\"http:\\\/\\\/delphi.larsbo.org\\\/user\\\/iwellguard\",\"https:\\\/\\\/jobs.lajobsportal.org\\\/profiles\\\/8380803-iwell-guard\",\"https:\\\/\\\/md.chaosdorf.de\\\/s\\\/jfbe5SBdJD\",\"https:\\\/\\\/www.lingvolive.com\\\/en-us\\\/profile\\\/9ecaeaca-ce11-4e51-9e71-01d55e2bff36\\\/translations\",\"https:\\\/\\\/www.fitday.com\\\/fitness\\\/forums\\\/members\\\/iwellguard.html\",\"https:\\\/\\\/www.mymeetbook.com\\\/iwellguard\",\"https:\\\/\\\/pxhere.com\\\/en\\\/photographer-me\\\/5040798\",\"https:\\\/\\\/disqus.com\\\/by\\\/iwellguard\\\/about\\\/\",\"https:\\\/\\\/pastelink.net\\\/hjwciqwq\",\"https:\\\/\\\/pubhtml5.com\\\/homepage\\\/scjhn\\\/\",\"https:\\\/\\\/www.bitchute.com\\\/channel\\\/2O2eOKzNqujT\",\"https:\\\/\\\/audiomack.com\\\/iwellguard\"]}]}<\/script>\n<!-- \/ Yoast SEO Premium plugin. -->","yoast_head_json":{"title":"\u00c6gishj\u00e1lmur \u2013 hj\u00e1lmur skelfingarins","description":"\u00c6gishj\u00e1lmur, hj\u00e1lmur skelfingarins, er \u00edslenskt galdrat\u00e1kn. Uppruni, ger\u00f0 og merking \u00fatsk\u00fdr\u00f0 \u00e1 a\u00f0gengilegan h\u00e1tt.","robots":{"index":"index","follow":"follow","max-snippet":"max-snippet:-1","max-image-preview":"max-image-preview:large","max-video-preview":"max-video-preview:-1"},"canonical":"https:\/\/iwell-guard.com\/is\/aegishjalmur-hjalmur-skelfingarins\/","og_locale":"is_IS","og_type":"article","og_title":"\u00c6gishj\u00e1lmur \u2013 hj\u00e1lmur skelfingarins","og_description":"\u00c6gishj\u00e1lmur, hj\u00e1lmur skelfingarins, er \u00edslenskt galdrat\u00e1kn. Uppruni, ger\u00f0 og merking \u00fatsk\u00fdr\u00f0 \u00e1 a\u00f0gengilegan h\u00e1tt.","og_url":"https:\/\/iwell-guard.com\/is\/aegishjalmur-hjalmur-skelfingarins\/","og_site_name":"iWell Guard","article_modified_time":"2026-09-05T14:34:00+00:00","og_image":[{"width":1024,"height":1536,"url":"https:\/\/iwell-guard.com\/wp-content\/uploads\/2026\/05\/schutzsymbol_germanisch_aegishjalmur.webp","type":"image\/webp"}],"twitter_card":"summary_large_image","schema":{"@context":"https:\/\/schema.org","@graph":[{"@type":"WebPage","@id":"https:\/\/iwell-guard.com\/is\/aegishjalmur-hjalmur-skelfingarins\/","url":"https:\/\/iwell-guard.com\/is\/aegishjalmur-hjalmur-skelfingarins\/","name":"\u00c6gishj\u00e1lmur \u2013 hj\u00e1lmur skelfingarins","isPartOf":{"@id":"https:\/\/iwell-guard.com\/is\/#website"},"primaryImageOfPage":{"@id":"https:\/\/iwell-guard.com\/is\/aegishjalmur-hjalmur-skelfingarins\/#primaryimage"},"image":{"@id":"https:\/\/iwell-guard.com\/is\/aegishjalmur-hjalmur-skelfingarins\/#primaryimage"},"thumbnailUrl":"https:\/\/iwell-guard.com\/wp-content\/uploads\/2026\/05\/schutzsymbol_germanisch_aegishjalmur.webp","datePublished":"2026-09-05T14:06:11+00:00","dateModified":"2026-09-05T14:34:00+00:00","description":"\u00c6gishj\u00e1lmur, hj\u00e1lmur skelfingarins, er \u00edslenskt galdrat\u00e1kn. Uppruni, ger\u00f0 og merking \u00fatsk\u00fdr\u00f0 \u00e1 a\u00f0gengilegan h\u00e1tt.","breadcrumb":{"@id":"https:\/\/iwell-guard.com\/is\/aegishjalmur-hjalmur-skelfingarins\/#breadcrumb"},"inLanguage":"is","potentialAction":[{"@type":"ReadAction","target":["https:\/\/iwell-guard.com\/is\/aegishjalmur-hjalmur-skelfingarins\/"]}]},{"@type":"ImageObject","inLanguage":"is","@id":"https:\/\/iwell-guard.com\/is\/aegishjalmur-hjalmur-skelfingarins\/#primaryimage","url":"https:\/\/iwell-guard.com\/wp-content\/uploads\/2026\/05\/schutzsymbol_germanisch_aegishjalmur.webp","contentUrl":"https:\/\/iwell-guard.com\/wp-content\/uploads\/2026\/05\/schutzsymbol_germanisch_aegishjalmur.webp","width":1024,"height":1536,"caption":"Verndart\u00e1kn. Myndskreyting \u00ed safnst\u00edl."},{"@type":"BreadcrumbList","@id":"https:\/\/iwell-guard.com\/is\/aegishjalmur-hjalmur-skelfingarins\/#breadcrumb","itemListElement":[{"@type":"ListItem","position":1,"name":"Start","item":"https:\/\/iwell-guard.com\/is\/?page_id=168580"},{"@type":"ListItem","position":2,"name":"\u00c6gishj\u00e1lmur \u2013 hj\u00e1lmur skelfingarins"}]},{"@type":"WebSite","@id":"https:\/\/iwell-guard.com\/is\/#website","url":"https:\/\/iwell-guard.com\/is\/","name":"iWell Guard","description":"Schutz vor dunklen Einfl\u00fcssen","publisher":{"@id":"https:\/\/iwell-guard.com\/is\/#organization"},"potentialAction":[{"@type":"SearchAction","target":{"@type":"EntryPoint","urlTemplate":"https:\/\/iwell-guard.com\/is\/?s={search_term_string}"},"query-input":{"@type":"PropertyValueSpecification","valueRequired":true,"valueName":"search_term_string"}}],"inLanguage":"is"},{"@type":"Organization","@id":"https:\/\/iwell-guard.com\/is\/#organization","name":"Ittermann electronic GmbH","url":"https:\/\/iwell-guard.com\/is\/","logo":{"@type":"ImageObject","inLanguage":"is","@id":"https:\/\/iwell-guard.com\/is\/#\/schema\/logo\/image\/","url":"https:\/\/iwell-guard.com\/wp-content\/uploads\/2026\/05\/Ittermann-Logo-1182x237-1.png","contentUrl":"https:\/\/iwell-guard.com\/wp-content\/uploads\/2026\/05\/Ittermann-Logo-1182x237-1.png","width":1182,"height":237,"caption":"Ittermann electronic GmbH"},"image":{"@id":"https:\/\/iwell-guard.com\/is\/#\/schema\/logo\/image\/"},"sameAs":["https:\/\/pantip.com\/profile\/9367242","https:\/\/micro.blog\/iwellguard","https:\/\/www.diggerslist.com\/iwellguard\/about","https:\/\/skitterphoto.com\/photographers\/2870314\/iwell-guard","https:\/\/iwellguard.wordpress.com\/2026\/06\/06\/iwell-guard\/","https:\/\/hub.docker.com\/u\/iwellguard","https:\/\/www.pinterest.com\/iwellguard\/","https:\/\/bit.ly\/m\/iwellguard","https:\/\/entre-vos-mains.alsace.eu\/profiles\/iwellguard\/activity","https:\/\/gravatar.com\/reallybeded8fd34","https:\/\/naijamatta.com\/iwellguard","https:\/\/www.goodreads.com\/iwellguard","https:\/\/profile.hatena.ne.jp\/iwellguard\/","https:\/\/experiment.com\/users\/iwellguard","https:\/\/wakelet.com\/@iWellGuard82270","https:\/\/www.chordie.com\/forum\/profile.php?id=2555664","https:\/\/www.instapaper.com\/p\/17757966","https:\/\/www.mapleprimes.com\/users\/iwellguard","https:\/\/businesslistingplus.com\/profile\/iwell-guard\/","https:\/\/telegra.ph\/iWell-Guard-06-06","https:\/\/pbase.com\/iwellguard\/iwellguard","https:\/\/b.hatena.ne.jp\/iwellguard\/20260607#bookmark-4788405196491818882","https:\/\/fliphtml5.com\/home\/iwellguard","https:\/\/anyflip.com\/homepage\/cmiwl#About","https:\/\/transfur.com\/Users\/iwellguard","http:\/\/delphi.larsbo.org\/user\/iwellguard","https:\/\/jobs.lajobsportal.org\/profiles\/8380803-iwell-guard","https:\/\/md.chaosdorf.de\/s\/jfbe5SBdJD","https:\/\/www.lingvolive.com\/en-us\/profile\/9ecaeaca-ce11-4e51-9e71-01d55e2bff36\/translations","https:\/\/www.fitday.com\/fitness\/forums\/members\/iwellguard.html","https:\/\/www.mymeetbook.com\/iwellguard","https:\/\/pxhere.com\/en\/photographer-me\/5040798","https:\/\/disqus.com\/by\/iwellguard\/about\/","https:\/\/pastelink.net\/hjwciqwq","https:\/\/pubhtml5.com\/homepage\/scjhn\/","https:\/\/www.bitchute.com\/channel\/2O2eOKzNqujT","https:\/\/audiomack.com\/iwellguard"]}]}},"_links":{"self":[{"href":"https:\/\/iwell-guard.com\/is\/wp-json\/wp\/v2\/pages\/169169","targetHints":{"allow":["GET"]}}],"collection":[{"href":"https:\/\/iwell-guard.com\/is\/wp-json\/wp\/v2\/pages"}],"about":[{"href":"https:\/\/iwell-guard.com\/is\/wp-json\/wp\/v2\/types\/page"}],"author":[{"embeddable":true,"href":"https:\/\/iwell-guard.com\/is\/wp-json\/wp\/v2\/users\/3"}],"replies":[{"embeddable":true,"href":"https:\/\/iwell-guard.com\/is\/wp-json\/wp\/v2\/comments?post=169169"}],"version-history":[{"count":0,"href":"https:\/\/iwell-guard.com\/is\/wp-json\/wp\/v2\/pages\/169169\/revisions"}],"wp:featuredmedia":[{"embeddable":true,"href":"https:\/\/iwell-guard.com\/is\/wp-json\/wp\/v2\/media\/3478"}],"wp:attachment":[{"href":"https:\/\/iwell-guard.com\/is\/wp-json\/wp\/v2\/media?parent=169169"}],"wp:term":[{"taxonomy":"category","embeddable":true,"href":"https:\/\/iwell-guard.com\/is\/wp-json\/wp\/v2\/categories?post=169169"}],"curies":[{"name":"wp","href":"https:\/\/api.w.org\/{rel}","templated":true}]}}