{"id":169168,"date":"2026-09-05T14:06:11","date_gmt":"2026-09-05T14:06:11","guid":{"rendered":"https:\/\/iwell-guard.com\/?page_id=169168"},"modified":"2026-09-05T14:33:58","modified_gmt":"2026-09-05T14:33:58","slug":"strokksigli","status":"publish","type":"page","link":"https:\/\/iwell-guard.com\/is\/strokksigli\/","title":{"rendered":"S\u00edvalur strokksigli \u2013 innsigli og verndargripur hins forna Austurlands"},"content":{"rendered":"\t\t<div data-elementor-type=\"wp-page\" data-elementor-id=\"169168\" class=\"elementor elementor-169168 elementor-3658 elementor-bc-flex-widget\" data-elementor-post-type=\"page\">\n\t\t\t\t<div class=\"elementor-element elementor-element-iwgs-zylindersieg-hero e-flex e-con-boxed e-con e-parent\" data-id=\"iwgs-zylindersieg-hero\" data-element_type=\"container\" data-e-type=\"container\">\n\t\t\t\t\t<div class=\"e-con-inner\">\n\t\t<div class=\"elementor-element elementor-element-iwgs-zylindersieg-hl e-flex e-con-boxed e-con e-parent\" data-id=\"iwgs-zylindersieg-hl\" data-element_type=\"container\" data-e-type=\"container\">\n\t\t\t\t\t<div class=\"e-con-inner\">\n\t\t<div class=\"elementor-element elementor-element-iwgs-zylindersieg-hlbox e-con-full e-flex e-con e-parent\" data-id=\"iwgs-zylindersieg-hlbox\" data-element_type=\"container\" data-e-type=\"container\">\n\t\t\t\t<div class=\"elementor-element elementor-element-iwgs-zylindersieg-h1 elementor-widget elementor-widget-heading\" data-id=\"iwgs-zylindersieg-h1\" data-element_type=\"widget\" data-e-type=\"widget\" data-widget_type=\"heading.default\">\n\t\t\t\t\t<h1 class=\"elementor-heading-title elementor-size-default\">Strokksigli\u00f0 \u2013 innsigli og pers\u00f3nulegur verndargripur hins forna Austurlands<\/h1>\t\t\t\t<\/div>\n\t\t\t\t<div class=\"elementor-element elementor-element-iwgs-zylindersieg-lead elementor-widget elementor-widget-text-editor\" data-id=\"iwgs-zylindersieg-lead\" data-element_type=\"widget\" data-e-type=\"widget\" data-widget_type=\"text-editor.default\">\n\t\t\t\t\t\t\t\t\t<p>Strokksigli\u00f0 var um \u00e1r\u00fe\u00fasundir mikilv\u00e6gasta innsiglisverkf\u00e6ri hins forna Austurlands. \u00dea\u00f0 var samt\u00edmis pers\u00f3nulegur <span class=\"iwg-fachbegriff\" data-tooltip=\"Gripur borinn \u00e1 l\u00edkamanum sem talinn er hafa verndandi, \u00f3g\u00e6fuafst\u00fdrandi m\u00e1tt.\" tabindex=\"0\">verndargripur<\/span>, \u00fev\u00ed steinarnir, skornar myndirnar og hin borna form g\u00e1fu \u00fev\u00ed verndandi merkingu.<\/p>\t\t\t\t\t\t\t\t<\/div>\n\t\t\t\t<\/div>\n\t\t\t\t<div class=\"elementor-element elementor-element-iwgs-zylindersieg-pills elementor-widget elementor-widget-html\" data-id=\"iwgs-zylindersieg-pills\" data-element_type=\"widget\" data-e-type=\"widget\" data-widget_type=\"html.default\">\n\t\t\t\t\t<div class=\"iwg-pill-row\"><span class=\"iwg-klasse-badge\" tabindex=\"0\" data-tooltip=\"Verndart\u00e1kn, verndargripur e\u00f0a fr\u00e1hrindandi hlutur.\">Verndart\u00e1kn<\/span><a href=\"https:\/\/iwell-guard.com\/is\/mesopotamia\/\" class=\"iwg-kultur-badge\" tabindex=\"0\" data-tooltip=\"Verndarhef\u00f0: Mes\u00f3p\u00f3tam\u00eda\">Mes\u00f3p\u00f3tam\u00eda<\/a><span class=\"iwg-tradition-badge\" tabindex=\"0\" data-tooltip=\"Verndargripur \u00ed formi innsiglis.\">Innsiglisgripur<\/span><\/div>\t\t\t\t<\/div>\n\t\t\t\t\t<\/div>\n\t\t\t\t<\/div>\n\t\t<div class=\"elementor-element elementor-element-iwgs-zylindersieg-hr e-con-full e-flex e-con e-parent\" data-id=\"iwgs-zylindersieg-hr\" data-element_type=\"container\" data-e-type=\"container\">\n\t\t\t\t<div class=\"elementor-element elementor-element-iwgs-zylindersieg-himg iwg-hero-image elementor-widget elementor-widget-image\" data-id=\"iwgs-zylindersieg-himg\" data-element_type=\"widget\" data-e-type=\"widget\" data-widget_type=\"image.default\">\n\t\t\t\t\t\t\t\t\t\t\t\t\t\t\t<img fetchpriority=\"high\" decoding=\"async\" width=\"683\" height=\"1024\" src=\"https:\/\/iwell-guard.com\/wp-content\/uploads\/2026\/05\/schutzsymbol_mesopotamien_zylindersiegel-683x1024.webp\" class=\"attachment-large size-large wp-image-170566\" alt=\"S\u00edvalnings\u00ferykksigli - verndart\u00e1kn, safnamynd\" srcset=\"https:\/\/iwell-guard.com\/wp-content\/uploads\/2026\/05\/schutzsymbol_mesopotamien_zylindersiegel-683x1024.webp 683w, https:\/\/iwell-guard.com\/wp-content\/uploads\/2026\/05\/schutzsymbol_mesopotamien_zylindersiegel-200x300.webp 200w, https:\/\/iwell-guard.com\/wp-content\/uploads\/2026\/05\/schutzsymbol_mesopotamien_zylindersiegel-768x1152.webp 768w, https:\/\/iwell-guard.com\/wp-content\/uploads\/2026\/05\/schutzsymbol_mesopotamien_zylindersiegel.webp 1024w\" sizes=\"(max-width: 683px) 100vw, 683px\" \/>\t\t\t\t\t\t\t\t\t\t\t\t\t\t\t<\/div>\n\t\t\t\t<\/div>\n\t\t\t\t\t<\/div>\n\t\t\t\t<\/div>\n\t\t<div class=\"elementor-element elementor-element-iwgs-zylindersieg-s0 e-flex e-con-boxed e-con e-parent\" data-id=\"iwgs-zylindersieg-s0\" data-element_type=\"container\" data-e-type=\"container\">\n\t\t\t\t\t<div class=\"e-con-inner\">\n\t\t\t\t<div class=\"elementor-element elementor-element-iwgs-zylindersieg-s0h elementor-widget elementor-widget-heading\" data-id=\"iwgs-zylindersieg-s0h\" data-element_type=\"widget\" data-e-type=\"widget\" data-widget_type=\"heading.default\">\n\t\t\t\t\t<h2 class=\"elementor-heading-title elementor-size-default\">Yfirlit<\/h2>\t\t\t\t<\/div>\n\t\t<div class=\"elementor-element elementor-element-iwgs-zylindersieg-s0box e-con-full e-flex e-con e-parent\" data-id=\"iwgs-zylindersieg-s0box\" data-element_type=\"container\" data-e-type=\"container\">\n\t\t\t\t<div class=\"elementor-element elementor-element-iwgs-zylindersieg-s0t elementor-widget elementor-widget-text-editor\" data-id=\"iwgs-zylindersieg-s0t\" data-element_type=\"widget\" data-e-type=\"widget\" data-widget_type=\"text-editor.default\">\n\t\t\t\t\t\t\t\t\t<p>Strokksigli\u00f0 er l\u00edtill, s\u00edvalur hlutur \u00far steini. Eftir alla lengd hans er skorin mynd e\u00f0a munstur. \u00deegar siglinu er r\u00falla\u00f0 yfir mj\u00fakan leir eftirl\u00e6tur \u00fea\u00f0 samfellt far.<\/p><p>Strokksigli\u00f0 var um \u00e1r\u00fe\u00fasundir mikilv\u00e6gasta innsiglisverkf\u00e6ri <a href=\"https:\/\/iwell-guard.com\/is\/mesopotamia\/\">Mes\u00f3p\u00f3tam\u00edu<\/a> og n\u00e1l\u00e6gra sv\u00e6\u00f0a. \u00dea\u00f0 er einn af einkennandi hlutum menningar hins forna Austurlands.<\/p><p>Meginhlutverk strokksiglisins var hagn\u00fdtt. \u00dea\u00f0 var nota\u00f0 til a\u00f0 sta\u00f0festa skj\u00f6l, loka \u00edl\u00e1tum og merkja eignir. \u00dea\u00f0 var verkf\u00e6ri stj\u00f3rns\u00fdslu og laga.<\/p><p>Samt\u00edmis var strokksigli\u00f0 \u00fe\u00f3 meira en einfalt verkf\u00e6ri. \u00dea\u00f0 var bori\u00f0 \u00e1 l\u00edkamanum, oft gert \u00far d\u00fdrm\u00e6tum steinum og bar myndir sem h\u00f6f\u00f0u verndandi merkingu.<\/p><p>Af \u00feessu tv\u00ede\u00f0li sprettur sta\u00f0a strokksiglisins \u00ed heimi verndargripa. \u00dea\u00f0 er \u00ed senn innsiglisverkf\u00e6ri og pers\u00f3nulegur <span class=\"iwg-fachbegriff\" data-tooltip=\"Gripur borinn \u00e1 l\u00edkamanum sem talinn er hafa verndandi, \u00f3g\u00e6fuafst\u00fdrandi m\u00e1tt.\" tabindex=\"0\">verndargripur<\/span>. B\u00e1\u00f0ar hli\u00f0ar heyra \u00fev\u00ed til.<\/p><p>\u00cd <span class=\"iwg-fachbegriff\" data-tooltip=\"V\u00edsindin sem rannsaka tr\u00faarbr\u00f6g\u00f0 samanbur\u00f0arlega og \u00e1n tr\u00faarlegrar bindingar.\" tabindex=\"0\">tr\u00faarbrag\u00f0afr\u00e6\u00f0um<\/span> og fornleifafr\u00e6\u00f0i Austurlands er strokksigli\u00f0 gott d\u00e6mi um a\u00f0 m\u00f6rkin milli notagagns og verndargrips eru ekki alltaf sk\u00f6rp.<\/p>\t\t\t\t\t\t\t\t<\/div>\n\t\t\t\t<\/div>\n\t\t\t\t\t<\/div>\n\t\t\t\t<\/div>\n\t\t<div class=\"elementor-element elementor-element-iwgs-zylindersieg-s1 e-flex e-con-boxed e-con e-parent\" data-id=\"iwgs-zylindersieg-s1\" data-element_type=\"container\" data-e-type=\"container\">\n\t\t\t\t\t<div class=\"e-con-inner\">\n\t\t\t\t<div class=\"elementor-element elementor-element-iwgs-zylindersieg-s1h elementor-widget elementor-widget-heading\" data-id=\"iwgs-zylindersieg-s1h\" data-element_type=\"widget\" data-e-type=\"widget\" data-widget_type=\"heading.default\">\n\t\t\t\t\t<h2 class=\"elementor-heading-title elementor-size-default\">Form og virkni<\/h2>\t\t\t\t<\/div>\n\t\t<div class=\"elementor-element elementor-element-iwgs-zylindersieg-s1box e-con-full e-flex e-con e-parent\" data-id=\"iwgs-zylindersieg-s1box\" data-element_type=\"container\" data-e-type=\"container\">\n\t\t\t\t<div class=\"elementor-element elementor-element-iwgs-zylindersieg-s1t elementor-widget elementor-widget-text-editor\" data-id=\"iwgs-zylindersieg-s1t\" data-element_type=\"widget\" data-e-type=\"widget\" data-widget_type=\"text-editor.default\">\n\t\t\t\t\t\t\t\t\t<p>Strokksigli\u00f0 hefur form l\u00edtils s\u00edvalnings. \u00dea\u00f0 er venjulega a\u00f0eins f\u00e1ir sentimetrar \u00e1 lengd og n\u00f3gu \u00feunnt til a\u00f0 liggja \u00fe\u00e6gilega \u00ed hendi og vera bori\u00f0.<\/p><p>Strokksigli\u00f0 er yfirleitt bora\u00f0 \u00ed gegn eftir endil\u00f6ngu. \u00cd gegnum \u00feessa g\u00f6tun m\u00e1tti draga sn\u00faru e\u00f0a pinna. \u00deannig var sigli\u00f0 b\u00e6\u00f0i bori\u00f0 og au\u00f0velt \u00ed notkun.<\/p><p>\u00c1 yfirbor\u00f0 s\u00edvalningsins er skorin mynd. \u00deessi mynd er unnin \u00ed d\u00fdpt, \u00feannig a\u00f0 h\u00fan kemur fram upphleypt vi\u00f0 r\u00fallun.<\/p><p>Virknin er einf\u00f6ld og hugvitssamleg. \u00deegar siglinu er r\u00falla\u00f0 yfir fl\u00f6t \u00far mj\u00fakum leir yfirf\u00e6rist hin skorna mynd sem samfelld, upphleypt mynd \u00e1 leirinn.<\/p><p>\u00dear sem siglinu er r\u00falla\u00f0 er fari\u00f0 ekki bundi\u00f0 vi\u00f0 einn sta\u00f0. \u00dea\u00f0 getur veri\u00f0 eins langt og \u00fearf og endurteki\u00f0 sig. \u00cd \u00fev\u00ed liggur kostur fram yfir einfalt stimpil.<\/p><p>\u00deessi ger\u00f0 h\u00e9lst \u00ed meginatri\u00f0um \u00f3breytt um \u00e1r\u00fe\u00fasundir. Strokksigli\u00f0 var reynd og traust lausn sem h\u00e9lst \u00ed notkun \u00ed \u00f3tr\u00falega langan t\u00edma.<\/p>\t\t\t\t\t\t\t\t<\/div>\n\t\t\t\t<\/div>\n\t\t\t\t\t<\/div>\n\t\t\t\t<\/div>\n\t\t<div class=\"elementor-element elementor-element-iwgs-zylindersieg-s2 e-flex e-con-boxed e-con e-parent\" data-id=\"iwgs-zylindersieg-s2\" data-element_type=\"container\" data-e-type=\"container\">\n\t\t\t\t\t<div class=\"e-con-inner\">\n\t\t\t\t<div class=\"elementor-element elementor-element-iwgs-zylindersieg-s2h elementor-widget elementor-widget-heading\" data-id=\"iwgs-zylindersieg-s2h\" data-element_type=\"widget\" data-e-type=\"widget\" data-widget_type=\"heading.default\">\n\t\t\t\t\t<h2 class=\"elementor-heading-title elementor-size-default\">Sigli\u00f0 \u00ed l\u00f6gum og stj\u00f3rns\u00fdslu<\/h2>\t\t\t\t<\/div>\n\t\t<div class=\"elementor-element elementor-element-iwgs-zylindersieg-s2box e-con-full e-flex e-con e-parent\" data-id=\"iwgs-zylindersieg-s2box\" data-element_type=\"container\" data-e-type=\"container\">\n\t\t\t\t<div class=\"elementor-element elementor-element-iwgs-zylindersieg-s2t elementor-widget elementor-widget-text-editor\" data-id=\"iwgs-zylindersieg-s2t\" data-element_type=\"widget\" data-e-type=\"widget\" data-widget_type=\"text-editor.default\">\n\t\t\t\t\t\t\t\t\t<p>Mikilv\u00e6gasta hlutverk strokksiglisins l\u00e1 \u00e1 svi\u00f0i laga og stj\u00f3rns\u00fdslu. H\u00e9r var \u00fea\u00f0 \u00f3missandi verkf\u00e6ri \u00ed daglegu l\u00edfi.<\/p><p>Me\u00f0 siglinu voru skj\u00f6l sta\u00f0fest. S\u00e1 sem ger\u00f0i samning, sta\u00f0festi vi\u00f0skipti e\u00f0a gaf fyrirm\u00e6li, r\u00falla\u00f0i sigli s\u00ednu yfir leir skjalsins. Fari\u00f0 var bindandi sta\u00f0festing hans.<\/p><p>Sigli\u00f0 var einnig nota\u00f0 til lokunar. \u00cdl\u00e1t, dyr og for\u00f0ab\u00far m\u00e1tti loka me\u00f0 leirlokun sem siglinu var r\u00falla\u00f0 yfir. \u00d3skadda\u00f0 far s\u00fdndi a\u00f0 ekkert haf\u00f0i veri\u00f0 opna\u00f0 \u00e1n heimildar.<\/p><p>Auk \u00feess merkti sigli\u00f0 eignarhald. Fari\u00f0 s\u00fdndi hverjum eitthva\u00f0 tilheyr\u00f0i e\u00f0a hver bar \u00e1byrg\u00f0 \u00e1 \u00fev\u00ed.<\/p><p>Strokksigli\u00f0 var \u00feannig n\u00e1tengt pers\u00f3nu eiganda s\u00edns. \u00dea\u00f0 kom fram \u00ed hans sta\u00f0, sta\u00f0festi \u00ed hans nafni, var \u00ed raun undirskrift hans \u00ed heimi \u00fear sem f\u00e1ir g\u00e1tu skrifa\u00f0.<\/p><p>\u00deessi n\u00e1na tengsl sigils og pers\u00f3nu eru mikilv\u00e6g. Sigli\u00f0 var ekki hversdagslegur hlutur, heldur mj\u00f6g pers\u00f3nulegur gripur sem birtist au\u00f0kenni eiganda s\u00edns.<\/p>\t\t\t\t\t\t\t\t<\/div>\n\t\t\t\t<\/div>\n\t\t\t\t\t<\/div>\n\t\t\t\t<\/div>\n\t\t<div class=\"elementor-element elementor-element-iwgs-zylindersieg-s3 e-flex e-con-boxed e-con e-parent\" data-id=\"iwgs-zylindersieg-s3\" data-element_type=\"container\" data-e-type=\"container\">\n\t\t\t\t\t<div class=\"e-con-inner\">\n\t\t\t\t<div class=\"elementor-element elementor-element-iwgs-zylindersieg-s3h elementor-widget elementor-widget-heading\" data-id=\"iwgs-zylindersieg-s3h\" data-element_type=\"widget\" data-e-type=\"widget\" data-widget_type=\"heading.default\">\n\t\t\t\t\t<h2 class=\"elementor-heading-title elementor-size-default\">Sigli\u00f0 sem pers\u00f3nulegur verndargripur<\/h2>\t\t\t\t<\/div>\n\t\t<div class=\"elementor-element elementor-element-iwgs-zylindersieg-s3box e-con-full e-flex e-con e-parent\" data-id=\"iwgs-zylindersieg-s3box\" data-element_type=\"container\" data-e-type=\"container\">\n\t\t\t\t<div class=\"elementor-element elementor-element-iwgs-zylindersieg-s3t elementor-widget elementor-widget-text-editor\" data-id=\"iwgs-zylindersieg-s3t\" data-element_type=\"widget\" data-e-type=\"widget\" data-widget_type=\"text-editor.default\">\n\t\t\t\t\t\t\t\t\t<p>Umfram hagn\u00fdta virkni var strokksigli\u00f0 pers\u00f3nulegur <span class=\"iwg-fachbegriff\" data-tooltip=\"Gripur borinn \u00e1 l\u00edkamanum sem talinn er hafa verndandi, \u00f3g\u00e6fuafst\u00fdrandi m\u00e1tt.\" tabindex=\"0\">verndargripur<\/span>. \u00deessi \u00f6nnur hli\u00f0 er afgerandi fyrir st\u00f6\u00f0u \u00feess me\u00f0al verndargripa.<\/p><p>Nokkrar \u00e1st\u00e6\u00f0ur sty\u00f0ja verndargripse\u00f0li siglisins. \u00dea\u00f0 var bori\u00f0 \u00e1 l\u00edkamanum, st\u00f6\u00f0ugt og n\u00e1l\u00e6gt. \u00dea\u00f0 var oft gert \u00far steinum sem taldir voru b\u00faa yfir verndarm\u00e6tti. Og \u00fea\u00f0 bar myndir sem oft h\u00f6f\u00f0u verndandi merkingu.<\/p><p>Sigli\u00f0 var \u00feannig ekki a\u00f0eins verkf\u00e6ri sem gripi\u00f0 var til \u00feegar \u00fe\u00f6rf kraf\u00f0i. \u00dea\u00f0 var st\u00f6\u00f0ugur f\u00f6runautur sem fylgdi eiganda s\u00ednum gegnum daginn og var honum n\u00e1l\u00e6gt.<\/p><p>\u00cd \u00feessari st\u00f6\u00f0ugu n\u00e1l\u00e6g\u00f0 l\u00edkist sigli\u00f0 bornum verndargripum. Eins og <span class=\"iwg-fachbegriff\" data-tooltip=\"Gripur borinn \u00e1 l\u00edkamanum sem talinn er hafa verndandi, \u00f3g\u00e6fuafst\u00fdrandi m\u00e1tt.\" tabindex=\"0\">verndargripur<\/span> var \u00fea\u00f0 st\u00f6\u00f0ugt \u00e1 l\u00edkamanum, og eins og <span class=\"iwg-fachbegriff\" data-tooltip=\"Gripur borinn \u00e1 l\u00edkamanum sem talinn er hafa verndandi, \u00f3g\u00e6fuafst\u00fdrandi m\u00e1tt.\" tabindex=\"0\">verndargripur<\/span> gat \u00fea\u00f0 veitt bera s\u00ednum vernd.<\/p><p>N\u00e1in tengsl sigils og pers\u00f3nu efldu \u00feennan eiginleika. Sigli\u00f0 birtist au\u00f0kenni eiganda s\u00edns. A\u00f0 bera \u00fea\u00f0 \u00fe\u00fdddi a\u00f0 hafa mj\u00f6g pers\u00f3nulegan grip me\u00f0fer\u00f0is.<\/p><p>Strokksigli\u00f0 er \u00feannig d\u00e6mi um hlut sem var fr\u00e1 upphafi meira en verkf\u00e6ri. Verkf\u00e6ri og <span class=\"iwg-fachbegriff\" data-tooltip=\"Gripur borinn \u00e1 l\u00edkamanum sem talinn er hafa verndandi, \u00f3g\u00e6fuafst\u00fdrandi m\u00e1tt.\" tabindex=\"0\">verndargripur<\/span>, stj\u00f3rns\u00fdslut\u00e6ki og verndarhlutur f\u00e9llu \u00ed honum saman.<\/p>\t\t\t\t\t\t\t\t<\/div>\n\t\t\t\t<\/div>\n\t\t\t\t\t<\/div>\n\t\t\t\t<\/div>\n\t\t<div class=\"elementor-element elementor-element-iwgs-zylindersieg-s4 e-flex e-con-boxed e-con e-parent\" data-id=\"iwgs-zylindersieg-s4\" data-element_type=\"container\" data-e-type=\"container\">\n\t\t\t\t\t<div class=\"e-con-inner\">\n\t\t\t\t<div class=\"elementor-element elementor-element-iwgs-zylindersieg-s4h elementor-widget elementor-widget-heading\" data-id=\"iwgs-zylindersieg-s4h\" data-element_type=\"widget\" data-e-type=\"widget\" data-widget_type=\"heading.default\">\n\t\t\t\t\t<h2 class=\"elementor-heading-title elementor-size-default\">Steinar og verndarm\u00e1ttur \u00feeirra<\/h2>\t\t\t\t<\/div>\n\t\t<div class=\"elementor-element elementor-element-iwgs-zylindersieg-s4box e-con-full e-flex e-con e-parent\" data-id=\"iwgs-zylindersieg-s4box\" data-element_type=\"container\" data-e-type=\"container\">\n\t\t\t\t<div class=\"elementor-element elementor-element-iwgs-zylindersieg-s4t elementor-widget elementor-widget-text-editor\" data-id=\"iwgs-zylindersieg-s4t\" data-element_type=\"widget\" data-e-type=\"widget\" data-widget_type=\"text-editor.default\">\n\t\t\t\t\t\t\t\t\t<p>S\u00edvalningsinnsigli voru ger\u00f0 \u00far fj\u00f6lbreyttu \u00farvali steina. \u00deetta efnisval haf\u00f0i mikilv\u00e6gi fyrir gripahlutverk \u00feeirra sem verndargripa.<\/p><p>Nota\u00f0ir voru har\u00f0ir steinar sem l\u00e9tu vel a\u00f0 sn\u00ed\u00f0a og voru endingarg\u00f3\u00f0ir. \u00dear \u00e1 me\u00f0al voru lapis lazuli, karne\u00f3l, hemat\u00edt, akat og margar a\u00f0rar steintegundir.<\/p><p>M\u00f6rgum \u00feessara steina var \u00ed Austurl\u00f6ndum n\u00e6r fornu eigna\u00f0ur s\u00e9rstakur m\u00e1ttur. \u00c1kve\u00f0nir steinar \u00fe\u00f3ttu heillav\u00e6nlegir, l\u00e6knandi e\u00f0a verndandi. Val steinsins var \u00fev\u00ed ekki tilviljanakennt.<\/p><p>Innsigli \u00far steini sem talinn var verndandi bar \u00feennan verndarm\u00e1tt \u00ed s\u00e9r, \u00f3h\u00e1\u00f0 \u00feeirri mynd sem skorin var \u00ed \u00fea\u00f0. Efni\u00f0 sj\u00e1lft var hluti af verndarm\u00e6tti gripsins.<\/p><p>S\u00e9rstaklega lapis lazuli, hinn dj\u00fapbl\u00e1i steinn, naut mikillar vir\u00f0ingar \u00ed Austurl\u00f6ndum n\u00e6r fornu. Hann \u00fe\u00f3tti d\u00fdrm\u00e6tur og merkingar\u00ferungi\u00f0. Innsigli \u00far lapis lazuli var \u00fev\u00ed ekki einungis ver\u00f0m\u00e6tt, heldur einnig verndandi a\u00f0 \u00fe\u00fd\u00f0ingu.<\/p><p>\u00cd s\u00edvalningsinnsiglinu vinna \u00feannig margar l\u00f6g saman. Steinninn ber merkingu, myndin sem skorin er inn ber merkingu, og formi\u00f0 sem bori\u00f0 var ger\u00f0i innsigli\u00f0 a\u00f0 st\u00f6\u00f0ugum fylgihlut.<\/p>\t\t\t\t\t\t\t\t<\/div>\n\t\t\t\t<\/div>\n\t\t\t\t\t<\/div>\n\t\t\t\t<\/div>\n\t\t<div class=\"elementor-element elementor-element-iwgs-zylindersieg-s5 e-flex e-con-boxed e-con e-parent\" data-id=\"iwgs-zylindersieg-s5\" data-element_type=\"container\" data-e-type=\"container\">\n\t\t\t\t\t<div class=\"e-con-inner\">\n\t\t\t\t<div class=\"elementor-element elementor-element-iwgs-zylindersieg-s5h elementor-widget elementor-widget-heading\" data-id=\"iwgs-zylindersieg-s5h\" data-element_type=\"widget\" data-e-type=\"widget\" data-widget_type=\"heading.default\">\n\t\t\t\t\t<h2 class=\"elementor-heading-title elementor-size-default\">Myndir innsiglanna<\/h2>\t\t\t\t<\/div>\n\t\t<div class=\"elementor-element elementor-element-iwgs-zylindersieg-s5box e-con-full e-flex e-con e-parent\" data-id=\"iwgs-zylindersieg-s5box\" data-element_type=\"container\" data-e-type=\"container\">\n\t\t\t\t<div class=\"elementor-element elementor-element-iwgs-zylindersieg-s5t elementor-widget elementor-widget-text-editor\" data-id=\"iwgs-zylindersieg-s5t\" data-element_type=\"widget\" data-e-type=\"widget\" data-widget_type=\"text-editor.default\">\n\t\t\t\t\t\t\t\t\t<p>Myndir s\u00edvalningsinnsiglanna eru einstaklega fj\u00f6lbreyttar. \u00de\u00e6r eru me\u00f0al r\u00edkustu myndheimilda Austurlanda n\u00e6r fornu.<\/p><p>Oft s\u00fdna innsiglin gu\u00f0i og tr\u00faarlegar senur. \u00dear birtast gu\u00f0ir, tignarsenur og go\u00f0s\u00f6gulegir atbur\u00f0ir. Sl\u00edkar myndir tengdu eigandann vi\u00f0 hinn gu\u00f0lega heim.<\/p><p>Verndart\u00e1kn eru einnig algeng. \u00dear birtast verndarv\u00e6ttir, <span class=\"iwg-fachbegriff\" data-tooltip=\"Vera sem sameinar einkenni \u00f3l\u00edkra l\u00edfvera \u00ed s\u00e9r.\" tabindex=\"0\">samsettar verur<\/span> og bardagasenur \u00fear sem hi\u00f0 g\u00f3\u00f0a sigrar hi\u00f0 illa. Sl\u00edkar myndir b\u00e1ru sj\u00e1lfar verndandi merkingu.<\/p><p>Sum innsigli bera auk \u00feess <span class=\"iwg-fachbegriff\" data-tooltip=\"Texti sem skorinn e\u00f0a h\u00f6ggvinn er \u00ed fastan efnisgrunn.\" tabindex=\"0\">\u00e1letrun<\/span>. H\u00fan nefnir oft nafn eigandans, starf hans og nafn <span class=\"iwg-fachbegriff\" data-tooltip=\"Vera sem er d\u00fdrku\u00f0 sem gu\u00f0leg innan tr\u00faarbrag\u00f0a.\" tabindex=\"0\">gu\u00f0s<\/span> sem hann setti sig undir vernd hj\u00e1.<\/p><p>Myndin \u00e1 innsiglinu var \u00fev\u00ed ekki einungis skraut. H\u00fan gat tengt eigandann vi\u00f0 <span class=\"iwg-fachbegriff\" data-tooltip=\"Vera sem er d\u00fdrku\u00f0 sem gu\u00f0leg innan tr\u00faarbrag\u00f0a.\" tabindex=\"0\">gu\u00f0<\/span>, h\u00fan gat s\u00fdnt verndarm\u00e1ttarv\u00f6ld, og h\u00fan gat l\u00fdst \u00f3sk um vernd og velfer\u00f0.<\/p><p>\u00deannig sameinar s\u00edvalningsinnsigli\u00f0 hinn rita\u00f0a og hinn myndskreytta verndargrip. Mynd \u00feess og <span class=\"iwg-fachbegriff\" data-tooltip=\"Texti sem skorinn e\u00f0a h\u00f6ggvinn er \u00ed fastan efnisgrunn.\" tabindex=\"0\">\u00e1letrun<\/span> fylgja s\u00f6mu mynstrum og \u00feekkjast einnig hj\u00e1 sk\u00fdrum verndargripum.<\/p>\t\t\t\t\t\t\t\t<\/div>\n\t\t\t\t<\/div>\n\t\t\t\t\t<\/div>\n\t\t\t\t<\/div>\n\t\t<div class=\"elementor-element elementor-element-iwgs-zylindersieg-s6 e-flex e-con-boxed e-con e-parent\" data-id=\"iwgs-zylindersieg-s6\" data-element_type=\"container\" data-e-type=\"container\">\n\t\t\t\t\t<div class=\"e-con-inner\">\n\t\t\t\t<div class=\"elementor-element elementor-element-iwgs-zylindersieg-s6h elementor-widget elementor-widget-heading\" data-id=\"iwgs-zylindersieg-s6h\" data-element_type=\"widget\" data-e-type=\"widget\" data-widget_type=\"heading.default\">\n\t\t\t\t\t<h2 class=\"elementor-heading-title elementor-size-default\">Verkf\u00e6ri og verndargripur \u00ed senn<\/h2>\t\t\t\t<\/div>\n\t\t<div class=\"elementor-element elementor-element-iwgs-zylindersieg-s6box e-con-full e-flex e-con e-parent\" data-id=\"iwgs-zylindersieg-s6box\" data-element_type=\"container\" data-e-type=\"container\">\n\t\t\t\t<div class=\"elementor-element elementor-element-iwgs-zylindersieg-s6t elementor-widget elementor-widget-text-editor\" data-id=\"iwgs-zylindersieg-s6t\" data-element_type=\"widget\" data-e-type=\"widget\" data-widget_type=\"text-editor.default\">\n\t\t\t\t\t\t\t\t\t<p>S\u00edvalningsinnsigli\u00f0 s\u00fdnir \u00e1 s\u00e9rlega sk\u00fdran h\u00e1tt a\u00f0 m\u00f6rkin milli verkf\u00e6ris og verndargrips eru ekki sk\u00f6rp. \u00dea\u00f0 var b\u00e6\u00f0i \u00ed senn.<\/p><p>Sem verkf\u00e6ri \u00fej\u00f3na\u00f0i innsigli\u00f0 r\u00e9tti og stj\u00f3rns\u00fdslu. \u00dea\u00f0 sta\u00f0festi, \u00fea\u00f0 innsigla\u00f0i, \u00fea\u00f0 merkti. \u00cd \u00fev\u00ed hlutverki var \u00fea\u00f0 \u00f3missandi hlutur \u00ed hagn\u00fdtu l\u00edfi.<\/p><p>Sem verndargripur var innsigli\u00f0 bori\u00f0 <span class=\"iwg-fachbegriff\" data-tooltip=\"Borinn hlutur sem talinn er hafa verndandi, \u00f3happaverjandi m\u00e1tt.\" tabindex=\"0\">verndargrip<\/span>. Steinn \u00feess, mynd \u00feess og st\u00f6\u00f0ug n\u00e1l\u00e6g\u00f0 \u00feess veittu \u00fev\u00ed verndandi merkingu.<\/p><p>\u00deessar tv\u00e6r hli\u00f0ar stangast ekki \u00e1, heldur fylgjast saman. Fyrir f\u00f3lk \u00ed Austurl\u00f6ndum n\u00e6r fornu var sj\u00e1lfsagt a\u00f0 hlutur g\u00e6ti b\u00e6\u00f0i gagnast og vernda\u00f0 \u00ed senn.<\/p><p>\u00deessi ni\u00f0ursta\u00f0a er uppl\u00fdsandi. H\u00fan s\u00fdnir a\u00f0 hi\u00f0 verndandi var \u00ed Austurl\u00f6ndum n\u00e6r fornu ekki a\u00f0skili\u00f0 fr\u00e1 \u00f6\u00f0ru l\u00edfi. Verkf\u00e6ri hversdagsl\u00edfsins gat samt\u00edmis veri\u00f0 verndargripur.<\/p><p>S\u00edvalningsinnsigli\u00f0 stendur \u00feannig fyrir heim \u00fear sem hi\u00f0 hagn\u00fdta og hi\u00f0 tr\u00faarlega, verkf\u00e6ri\u00f0 og <span class=\"iwg-fachbegriff\" data-tooltip=\"Borinn hlutur sem talinn er hafa verndandi, \u00f3happaverjandi m\u00e1tt.\" tabindex=\"0\">verndargripurinn<\/span>, l\u00e1gu ekki \u00ed a\u00f0skildum svi\u00f0um, heldur g\u00e1tu m\u00e6st \u00ed einum og sama hlutnum.<\/p>\t\t\t\t\t\t\t\t<\/div>\n\t\t\t\t<\/div>\n\t\t\t\t\t<\/div>\n\t\t\t\t<\/div>\n\t\t<div class=\"elementor-element elementor-element-iwgs-zylindersieg-s7 e-flex e-con-boxed e-con e-parent\" data-id=\"iwgs-zylindersieg-s7\" data-element_type=\"container\" data-e-type=\"container\">\n\t\t\t\t\t<div class=\"e-con-inner\">\n\t\t\t\t<div class=\"elementor-element elementor-element-iwgs-zylindersieg-s7h elementor-widget elementor-widget-heading\" data-id=\"iwgs-zylindersieg-s7h\" data-element_type=\"widget\" data-e-type=\"widget\" data-widget_type=\"heading.default\">\n\t\t\t\t\t<h2 class=\"elementor-heading-title elementor-size-default\">\u00datbrei\u00f0sla og l\u00f6ng saga<\/h2>\t\t\t\t<\/div>\n\t\t<div class=\"elementor-element elementor-element-iwgs-zylindersieg-s7box e-con-full e-flex e-con e-parent\" data-id=\"iwgs-zylindersieg-s7box\" data-element_type=\"container\" data-e-type=\"container\">\n\t\t\t\t<div class=\"elementor-element elementor-element-iwgs-zylindersieg-s7t elementor-widget elementor-widget-text-editor\" data-id=\"iwgs-zylindersieg-s7t\" data-element_type=\"widget\" data-e-type=\"widget\" data-widget_type=\"text-editor.default\">\n\t\t\t\t\t\t\t\t\t<p>S\u00edvalningsinnsigli\u00f0 \u00e1 s\u00e9r einstaklega langa s\u00f6gu. Um m\u00f6rg \u00e1r\u00fe\u00fasund var \u00fea\u00f0 \u00ed notkun \u00ed Austurl\u00f6ndum n\u00e6r fornu. F\u00e1ir hlutir \u00ed s\u00f6gu mannkyns hafa \u00e1tt s\u00e9r svo langa, samfellda notkun.<\/p><p>\u00datbrei\u00f0sla \u00feess n\u00e1\u00f0i langt \u00fat fyrir kjarnalandsv\u00e6\u00f0i Mes\u00f3p\u00f3tam\u00edu. S\u00edvalningsinnsigli hafa fundist \u00ed Anat\u00f3l\u00edu, \u00ed Levantal\u00f6ndum, \u00ed \u00cdran og \u00e1 fleiri sv\u00e6\u00f0um.<\/p><p>\u00c1 \u00feessum langa t\u00edma breyttust myndir innsiglanna. Hvert t\u00edmabil skapa\u00f0i eigin myndefni og eigin st\u00edl. Innsiglin eru \u00feannig mikilv\u00e6g heimild um listas\u00f6gu Austurlanda n\u00e6r fornu.<\/p><p>\u00dear sem svo m\u00f6rg s\u00edvalningsinnsigli hafa var\u00f0veist, veita \u00feau \u00f3venjulega r\u00edka inns\u00fdn. \u00deau s\u00fdna gu\u00f0i, go\u00f0sagnir, verndarv\u00e6ttir og hversdagssenur um \u00e1r\u00fe\u00fasundir.<\/p><p>Me\u00f0 endalokum fornaldarmenningar Austurlanda n\u00e6r lei\u00f0 s\u00edvalningsinnsigli\u00f0 a\u00f0 lokum undir lok. \u00dea\u00f0 var leyst af h\u00f3lmi af \u00f6\u00f0rum ger\u00f0um innsigla, svo sem stimpilinnsiglinu.<\/p><p>L\u00f6ng saga s\u00edvalningsinnsiglisins s\u00fdnir hversu vel \u00feessi hlutur haf\u00f0i reynst. Um \u00e1r\u00fe\u00fasundir sameina\u00f0i hann hi\u00f0 hagn\u00fdta hlutverk sta\u00f0festingar og merkingu pers\u00f3nulegs verndargrips.<\/p>\t\t\t\t\t\t\t\t<\/div>\n\t\t\t\t<\/div>\n\t\t\t\t\t<\/div>\n\t\t\t\t<\/div>\n\t\t<div class=\"elementor-element elementor-element-iwgs-zylindersieg-s8 e-flex e-con-boxed e-con e-parent\" data-id=\"iwgs-zylindersieg-s8\" data-element_type=\"container\" data-e-type=\"container\">\n\t\t\t\t\t<div class=\"e-con-inner\">\n\t\t\t\t<div class=\"elementor-element elementor-element-iwgs-zylindersieg-s8h elementor-widget elementor-widget-heading\" data-id=\"iwgs-zylindersieg-s8h\" data-element_type=\"widget\" data-e-type=\"widget\" data-widget_type=\"heading.default\">\n\t\t\t\t\t<h2 class=\"elementor-heading-title elementor-size-default\">M\u00f3tt\u00f6kur \u00ed dag<\/h2>\t\t\t\t<\/div>\n\t\t<div class=\"elementor-element elementor-element-iwgs-zylindersieg-s8box e-con-full e-flex e-con e-parent\" data-id=\"iwgs-zylindersieg-s8box\" data-element_type=\"container\" data-e-type=\"container\">\n\t\t\t\t<div class=\"elementor-element elementor-element-iwgs-zylindersieg-s8t elementor-widget elementor-widget-text-editor\" data-id=\"iwgs-zylindersieg-s8t\" data-element_type=\"widget\" data-e-type=\"widget\" data-widget_type=\"text-editor.default\">\n\t\t\t\t\t\t\t\t\t<p>S\u00edvalningssteins\u00fe\u00e9ttingin (zylindersiegel) er \u00ed dag fyrst og fremst \u00feekkt me\u00f0al s\u00e9rfr\u00e6\u00f0inga \u00ed forn\u00f6ld Austurlanda n\u00e6r. \u00cd fornfr\u00e6\u00f0i Austurlanda og listas\u00f6gu er h\u00fan einstaklega mikilv\u00e6gur og vel rannsaka\u00f0ur gripur.<\/p><p>\u00cd s\u00f6fnum margra safna hafa var\u00f0veist s\u00edvalningssteins\u00fe\u00e9ttingar \u00ed miklum fj\u00f6lda. Oft eru \u00fe\u00e6r s\u00fdndar \u00e1samt n\u00fat\u00edmalegum af\u00ferykkjum, \u00feannig a\u00f0 hin skorna sena kemur sk\u00fdrt fram.<\/p><p>Fyrir ranns\u00f3knir \u00e1 forn\u00f6ld Austurlanda n\u00e6r eru s\u00edvalningssteins\u00fe\u00e9ttingar \u00f3metanlegar. \u00de\u00e6r veita inns\u00fdn \u00ed l\u00f6g, stj\u00f3rns\u00fdslu, tr\u00faarbr\u00f6g\u00f0 og list yfir mj\u00f6g langt t\u00edmabil.<\/p><p>Fyrir umfj\u00f6llunarefni\u00f0 um verndargripi er s\u00edvalningssteins\u00fe\u00e9ttingin s\u00e9rstaklega uppl\u00fdsandi. H\u00fan s\u00fdnir a\u00f0 hlutur \u00far hagn\u00fdtu daglegu l\u00edfi gat samt\u00edmis veri\u00f0 pers\u00f3nulegt <span class=\"iwg-fachbegriff\" data-tooltip=\"Hlutur sem borinn er \u00e1 s\u00e9r og talinn hafa verndandi, \u00f3gnaverjandi m\u00e1tt.\" tabindex=\"0\">verndargrip<\/span>.<\/p><p>S\u00edvalningssteins\u00fe\u00e9ttingin tengir \u00feannig saman tvo heima sem \u00ed dag vir\u00f0ast oft a\u00f0skildir. H\u00fan var undirskrift og verndart\u00e1kn, stj\u00f3rns\u00fdslut\u00e6ki og <span class=\"iwg-fachbegriff\" data-tooltip=\"Hlutur sem borinn er \u00e1 s\u00e9r og talinn hafa verndandi, \u00f3gnaverjandi m\u00e1tt.\" tabindex=\"0\">verndargrip<\/span> \u00ed senn, og fyrir eigendur hennar voru \u00feessar tv\u00e6r hli\u00f0ar sj\u00e1lfsagt eitt og sama.<\/p><p>\u00dear me\u00f0 er s\u00edvalningssteins\u00fe\u00e9ttingin sl\u00e1andi d\u00e6mi um hversu v\u00ed\u00f0t\u00e6kt hugtaki\u00f0 verndargripur getur veri\u00f0. Ekki a\u00f0eins s\u00e9rstaklega ger\u00f0 verndargripir, heldur einnig hversdagslegt, \u00f3missandi verkf\u00e6ri gat haft verndandi merkingu fyrir eigandann.<\/p>\t\t\t\t\t\t\t\t<\/div>\n\t\t\t\t<\/div>\n\t\t\t\t\t<\/div>\n\t\t\t\t<\/div>\n\t\t<div class=\"elementor-element elementor-element-iwgs-zylindersieg-lit e-flex e-con-boxed e-con e-parent\" data-id=\"iwgs-zylindersieg-lit\" data-element_type=\"container\" data-e-type=\"container\">\n\t\t\t\t\t<div class=\"e-con-inner\">\n\t\t\t\t<div class=\"elementor-element elementor-element-iwgs-zylindersieg-lith elementor-widget elementor-widget-heading\" data-id=\"iwgs-zylindersieg-lith\" data-element_type=\"widget\" data-e-type=\"widget\" data-widget_type=\"heading.default\">\n\t\t\t\t\t<h2 class=\"elementor-heading-title elementor-size-default\">Heimildir (\u00farval)<\/h2>\t\t\t\t<\/div>\n\t\t<div class=\"elementor-element elementor-element-iwgs-zylindersieg-litbox e-con-full e-flex e-con e-parent\" data-id=\"iwgs-zylindersieg-litbox\" data-element_type=\"container\" data-e-type=\"container\">\n\t\t\t\t<div class=\"elementor-element elementor-element-iwgs-zylindersieg-litt elementor-widget elementor-widget-html\" data-id=\"iwgs-zylindersieg-litt\" data-element_type=\"widget\" data-e-type=\"widget\" data-widget_type=\"html.default\">\n\t\t\t\t\t<footer data-nosnippet=\"true\"><ul><li>Dominique Collon: <em>First Impressions. Cylinder Seals in the Ancient Near East<\/em> (1987)<\/li><li>Henri Frankfort: <em>Cylinder Seals<\/em> (1939)<\/li><li>Jeremy Black, Anthony Green: <em>Gods, Demons and Symbols of Ancient Mesopotamia<\/em> (1992)<\/li><li>Edith Porada: <em>Corpus of Ancient Near Eastern Seals<\/em> (1948)<\/li><li>Eckart Frahm (Hrsg.): <em>A Companion to Assyria<\/em> (2017)<\/li><\/ul><\/footer>\t\t\t\t<\/div>\n\t\t\t\t<\/div>\n\t\t\t\t\t<\/div>\n\t\t\t\t<\/div>\n\t\t<div class=\"elementor-element elementor-element-iwgs-zylindersieg-kwd e-flex e-con-boxed e-con e-parent\" data-id=\"iwgs-zylindersieg-kwd\" data-element_type=\"container\" data-e-type=\"container\">\n\t\t\t\t\t<div class=\"e-con-inner\">\n\t\t\t\t<div class=\"elementor-element elementor-element-iwgs-zylindersieg-kwdt elementor-widget elementor-widget-text-editor\" data-id=\"iwgs-zylindersieg-kwdt\" data-element_type=\"widget\" data-e-type=\"widget\" data-widget_type=\"text-editor.default\">\n\t\t\t\t\t\t\t\t\t<p><em>Tengd kjarnahugt\u00f6k: s\u00edvalningssteins\u00fe\u00e9tting \u00fe\u00e9tting <span class=\"iwg-fachbegriff\" data-tooltip=\"Hlutur sem borinn er \u00e1 s\u00e9r og talinn hafa verndandi, \u00f3gnaverjandi m\u00e1tt.\" tabindex=\"0\">verndargrip<\/span> lapislazuli af\u00ferykk sta\u00f0festing verndarsteinn Mes\u00f3p\u00f3tam\u00eda.<\/em><\/p>\t\t\t\t\t\t\t\t<\/div>\n\t\t\t\t\t<\/div>\n\t\t\t\t<\/div>\n\t\t<div class=\"elementor-element elementor-element-iwgs-zylindersieg-cc e-flex e-con-boxed e-con e-parent\" data-id=\"iwgs-zylindersieg-cc\" data-element_type=\"container\" data-e-type=\"container\" id=\"iwg-cc-zylindersiegel\">\n\t\t\t\t\t<div class=\"e-con-inner\">\n\t\t<div class=\"elementor-element elementor-element-iwgs-zylindersieg-ccinner e-flex e-con-boxed e-con e-parent\" data-id=\"iwgs-zylindersieg-ccinner\" data-element_type=\"container\" data-e-type=\"container\" data-settings=\"{&quot;background_background&quot;:&quot;classic&quot;}\">\n\t\t\t\t\t<div class=\"e-con-inner\">\n\t\t\t\t<div class=\"elementor-element elementor-element-iwgs-zylindersieg-cch elementor-widget elementor-widget-heading\" data-id=\"iwgs-zylindersieg-cch\" data-element_type=\"widget\" data-e-type=\"widget\" data-widget_type=\"heading.default\">\n\t\t\t\t\t<h2 class=\"elementor-heading-title elementor-size-default\">iWell Guard og verndarhef\u00f0ir<\/h2>\t\t\t\t<\/div>\n\t\t\t\t<div class=\"elementor-element elementor-element-iwgs-zylindersieg-cct elementor-widget elementor-widget-text-editor\" data-id=\"iwgs-zylindersieg-cct\" data-element_type=\"widget\" data-e-type=\"widget\" data-widget_type=\"text-editor.default\">\n\t\t\t\t\t\t\t\t\t<p>iWell Guard er hluti af menningars\u00f6gulegri hef\u00f0 handh\u00e6gra verndargripa, sem s\u00edvalningssteins\u00fe\u00e9ttingin telst einnig til. N\u00fat\u00edmalegur f\u00f6runautur fyrir f\u00f3lk sem lifir me\u00f0 verndart\u00e1knum: framleiddur \u00ed \u00de\u00fdskalandi, 41 lag \u00far hreinu gulli, plat\u00ednu og silfri, me\u00f0 30 daga skilar\u00e9tti.<\/p>\t\t\t\t\t\t\t\t<\/div>\n\t\t\t\t<div class=\"elementor-element elementor-element-iwgs-zylindersieg-ccb iwg-cc-button iwg-cc-cta-2026-05-13 elementor-widget elementor-widget-jet-button\" data-id=\"iwgs-zylindersieg-ccb\" data-element_type=\"widget\" data-e-type=\"widget\" data-widget_type=\"jet-button.default\">\n\t\t\t\t<div class=\"elementor-widget-container\">\n\t\t\t\t\t<div class=\"elementor-jet-button jet-elements\"><div class=\"jet-button__container\"><a class=\"jet-button__instance jet-button__instance--icon-left hover-effect-1\" href=\"\/schutzanhaenger-iwell-guard-kaufen\/?utm_source=iwell-guard.com&amp;utm_medium=info-box&amp;utm_campaign=schutzsymbole\"><div class=\"jet-button__plane jet-button__plane-normal\"><\/div><div class=\"jet-button__plane jet-button__plane-hover\"><\/div><div class=\"jet-button__state jet-button__state-normal\"><span class=\"jet-button__label\">Meira um iWell Guard<\/span><\/div><div class=\"jet-button__state jet-button__state-hover\"><span class=\"jet-button__label\">Meira um iWell Guard<\/span><\/div><\/a><\/div><\/div><style>.elementor-element.elementor-element-iwgs-zylindersieg-ccb .jet-button__instance{width:320px;height:56px;}.elementor-element.elementor-element-iwgs-zylindersieg-ccb .jet-button__state-normal .jet-button__label{text-align:center;margin:0px 0px 0px 0px;color:#1a1b20;font-family:Montserrat,sans-serif;font-size:13px;font-weight:400;letter-spacing:4px;line-height:1.714em;text-transform:uppercase;}.elementor-element.elementor-element-iwgs-zylindersieg-ccb .jet-button__state-hover .jet-button__label{text-align:center;margin:0px 0px 0px 0px;color:#FECC76;font-family:Montserrat,sans-serif;font-size:13px;font-weight:400;letter-spacing:4px;line-height:1.714em;text-transform:uppercase;}.elementor-element.elementor-element-iwgs-zylindersieg-ccb .jet-button__plane-normal{background-color:#FECC76;border-style:solid;border-color:#C99540;border-width:2px 2px 2px 2px;}.elementor-element.elementor-element-iwgs-zylindersieg-ccb .jet-button__plane-hover{background-color:rgba(0,0,0,0.55);border-style:solid;border-color:#FECC76;border-width:2px 2px 2px 2px;}<\/style>\t\t\t\t<\/div>\n\t\t\t\t<\/div>\n\t\t\t\t<div class=\"elementor-element elementor-element-iwgs-zylindersieg-ccd elementor-widget elementor-widget-text-editor\" data-id=\"iwgs-zylindersieg-ccd\" data-element_type=\"widget\" data-e-type=\"widget\" data-widget_type=\"text-editor.default\">\n\t\t\t\t\t\t\t\t\t<p style=\"text-align:center;font-size:13px;opacity:0.7;margin-top:14px\" data-nosnippet=\"true\">Pers\u00f3nuleg reynsla getur veri\u00f0 mismunandi. Ekki l\u00e6kningat\u00e6ki. Engin lofor\u00f0 um l\u00e6kningu.<\/p>\t\t\t\t\t\t\t\t<\/div>\n\t\t\t\t\t<\/div>\n\t\t\t\t<\/div>\n\t\t\t\t\t<\/div>\n\t\t\t\t<\/div>\n\t\t<div class=\"elementor-element elementor-element-iwgs-zylindersieg-disc e-flex e-con-boxed e-con e-parent\" data-id=\"iwgs-zylindersieg-disc\" data-element_type=\"container\" data-e-type=\"container\">\n\t\t\t\t\t<div class=\"e-con-inner\">\n\t\t\t\t<div class=\"elementor-element elementor-element-iwgs-zylindersieg-discw elementor-widget elementor-widget-html\" data-id=\"iwgs-zylindersieg-discw\" data-element_type=\"widget\" data-e-type=\"widget\" data-widget_type=\"html.default\">\n\t\t\t\t\t<footer data-nosnippet=\"true\" class=\"iwg-disclaimer-block\"><p data-nosnippet=\"true\">iWell Guard er <strong>ekki l\u00e6kningat\u00e6ki<\/strong> og kemur ekki \u00ed sta\u00f0 l\u00e6knis- e\u00f0a s\u00e1lfr\u00e6\u00f0ime\u00f0fer\u00f0ar. Innihaldi\u00f0 sem h\u00e9r er sett fram er tr\u00faarbrag\u00f0afr\u00e6\u00f0ileg og menningars\u00f6gulega greining, ekki lofor\u00f0 um andlega virkni.<\/p><\/footer>\t\t\t\t<\/div>\n\t\t\t\t\t<\/div>\n\t\t\t\t<\/div>\n\t\t\t\t<\/div>\n\t\t","protected":false},"excerpt":{"rendered":"","protected":false},"author":3,"featured_media":3487,"parent":0,"menu_order":0,"comment_status":"closed","ping_status":"closed","template":"elementor_header_footer","meta":{"_yoast_wpseo_focuskw":"Strokksigli","_yoast_wpseo_title":"S\u00edvalur strokksigli \u2013 innsigli og verndargripur","_yoast_wpseo_metadesc":"S\u00edvalur strokksigli hins forna Austurlands var \u00ed senn verkf\u00e6ri til innsiglunar og pers\u00f3nulegur verndargripur. \u00datlit, notkun og merking \u00fatsk\u00fdr\u00f0.","_yoast_wpseo_meta-robots-noindex":"","_yoast_wpseo_canonical":"","_angie_page":false,"gefaehrdungsstufe":"","wesen_kultur":"","wesen_klasse":"","footnotes":""},"categories":[],"class_list":["post-169168","page","type-page","status-publish","has-post-thumbnail","hentry"],"yoast_head":"<!-- This site is optimized with the Yoast SEO Premium plugin v27.7 (Yoast SEO v28.3) - https:\/\/yoast.com\/product\/yoast-seo-premium-wordpress\/ -->\n<title>S\u00edvalur strokksigli \u2013 innsigli og verndargripur<\/title>\n<meta name=\"description\" content=\"S\u00edvalur strokksigli hins forna Austurlands var \u00ed senn verkf\u00e6ri til innsiglunar og pers\u00f3nulegur verndargripur. \u00datlit, notkun og merking \u00fatsk\u00fdr\u00f0.\" \/>\n<meta name=\"robots\" content=\"index, follow, max-snippet:-1, max-image-preview:large, max-video-preview:-1\" \/>\n<link rel=\"canonical\" href=\"https:\/\/iwell-guard.com\/is\/strokksigli\/\" \/>\n<meta property=\"og:locale\" content=\"is_IS\" \/>\n<meta property=\"og:type\" content=\"article\" \/>\n<meta property=\"og:title\" content=\"S\u00edvalur strokksigli \u2013 innsigli og verndargripur hins forna Austurlands\" \/>\n<meta property=\"og:description\" content=\"S\u00edvalur strokksigli hins forna Austurlands var \u00ed senn verkf\u00e6ri til innsiglunar og pers\u00f3nulegur verndargripur. \u00datlit, notkun og merking \u00fatsk\u00fdr\u00f0.\" \/>\n<meta property=\"og:url\" content=\"https:\/\/iwell-guard.com\/is\/strokksigli\/\" \/>\n<meta property=\"og:site_name\" content=\"iWell Guard\" \/>\n<meta property=\"article:modified_time\" content=\"2026-09-05T14:33:58+00:00\" \/>\n<meta property=\"og:image\" content=\"https:\/\/iwell-guard.com\/wp-content\/uploads\/2026\/05\/schutzsymbol_mesopotamien_zylindersiegel.webp\" \/>\n\t<meta property=\"og:image:width\" content=\"1024\" \/>\n\t<meta property=\"og:image:height\" content=\"1536\" \/>\n\t<meta property=\"og:image:type\" content=\"image\/webp\" \/>\n<meta name=\"twitter:card\" content=\"summary_large_image\" \/>\n<script type=\"application\/ld+json\" class=\"yoast-schema-graph\">{\"@context\":\"https:\\\/\\\/schema.org\",\"@graph\":[{\"@type\":\"WebPage\",\"@id\":\"https:\\\/\\\/iwell-guard.com\\\/is\\\/strokksigli\\\/\",\"url\":\"https:\\\/\\\/iwell-guard.com\\\/is\\\/strokksigli\\\/\",\"name\":\"S\u00edvalur strokksigli \u2013 innsigli og verndargripur\",\"isPartOf\":{\"@id\":\"https:\\\/\\\/iwell-guard.com\\\/is\\\/#website\"},\"primaryImageOfPage\":{\"@id\":\"https:\\\/\\\/iwell-guard.com\\\/is\\\/strokksigli\\\/#primaryimage\"},\"image\":{\"@id\":\"https:\\\/\\\/iwell-guard.com\\\/is\\\/strokksigli\\\/#primaryimage\"},\"thumbnailUrl\":\"https:\\\/\\\/iwell-guard.com\\\/wp-content\\\/uploads\\\/2026\\\/05\\\/schutzsymbol_mesopotamien_zylindersiegel.webp\",\"datePublished\":\"2026-09-05T14:06:11+00:00\",\"dateModified\":\"2026-09-05T14:33:58+00:00\",\"description\":\"S\u00edvalur strokksigli hins forna Austurlands var \u00ed senn verkf\u00e6ri til innsiglunar og pers\u00f3nulegur verndargripur. \u00datlit, notkun og merking \u00fatsk\u00fdr\u00f0.\",\"breadcrumb\":{\"@id\":\"https:\\\/\\\/iwell-guard.com\\\/is\\\/strokksigli\\\/#breadcrumb\"},\"inLanguage\":\"is\",\"potentialAction\":[{\"@type\":\"ReadAction\",\"target\":[\"https:\\\/\\\/iwell-guard.com\\\/is\\\/strokksigli\\\/\"]}]},{\"@type\":\"ImageObject\",\"inLanguage\":\"is\",\"@id\":\"https:\\\/\\\/iwell-guard.com\\\/is\\\/strokksigli\\\/#primaryimage\",\"url\":\"https:\\\/\\\/iwell-guard.com\\\/wp-content\\\/uploads\\\/2026\\\/05\\\/schutzsymbol_mesopotamien_zylindersiegel.webp\",\"contentUrl\":\"https:\\\/\\\/iwell-guard.com\\\/wp-content\\\/uploads\\\/2026\\\/05\\\/schutzsymbol_mesopotamien_zylindersiegel.webp\",\"width\":1024,\"height\":1536,\"caption\":\"Verndart\u00e1kn. Myndskreyting \u00ed safnst\u00edl.\"},{\"@type\":\"BreadcrumbList\",\"@id\":\"https:\\\/\\\/iwell-guard.com\\\/is\\\/strokksigli\\\/#breadcrumb\",\"itemListElement\":[{\"@type\":\"ListItem\",\"position\":1,\"name\":\"Start\",\"item\":\"https:\\\/\\\/iwell-guard.com\\\/is\\\/?page_id=168580\"},{\"@type\":\"ListItem\",\"position\":2,\"name\":\"S\u00edvalur strokksigli \u2013 innsigli og verndargripur hins forna Austurlands\"}]},{\"@type\":\"WebSite\",\"@id\":\"https:\\\/\\\/iwell-guard.com\\\/is\\\/#website\",\"url\":\"https:\\\/\\\/iwell-guard.com\\\/is\\\/\",\"name\":\"iWell Guard\",\"description\":\"Schutz vor dunklen Einfl\u00fcssen\",\"publisher\":{\"@id\":\"https:\\\/\\\/iwell-guard.com\\\/is\\\/#organization\"},\"potentialAction\":[{\"@type\":\"SearchAction\",\"target\":{\"@type\":\"EntryPoint\",\"urlTemplate\":\"https:\\\/\\\/iwell-guard.com\\\/is\\\/?s={search_term_string}\"},\"query-input\":{\"@type\":\"PropertyValueSpecification\",\"valueRequired\":true,\"valueName\":\"search_term_string\"}}],\"inLanguage\":\"is\"},{\"@type\":\"Organization\",\"@id\":\"https:\\\/\\\/iwell-guard.com\\\/is\\\/#organization\",\"name\":\"Ittermann electronic GmbH\",\"url\":\"https:\\\/\\\/iwell-guard.com\\\/is\\\/\",\"logo\":{\"@type\":\"ImageObject\",\"inLanguage\":\"is\",\"@id\":\"https:\\\/\\\/iwell-guard.com\\\/is\\\/#\\\/schema\\\/logo\\\/image\\\/\",\"url\":\"https:\\\/\\\/iwell-guard.com\\\/wp-content\\\/uploads\\\/2026\\\/05\\\/Ittermann-Logo-1182x237-1.png\",\"contentUrl\":\"https:\\\/\\\/iwell-guard.com\\\/wp-content\\\/uploads\\\/2026\\\/05\\\/Ittermann-Logo-1182x237-1.png\",\"width\":1182,\"height\":237,\"caption\":\"Ittermann electronic GmbH\"},\"image\":{\"@id\":\"https:\\\/\\\/iwell-guard.com\\\/is\\\/#\\\/schema\\\/logo\\\/image\\\/\"},\"sameAs\":[\"https:\\\/\\\/pantip.com\\\/profile\\\/9367242\",\"https:\\\/\\\/micro.blog\\\/iwellguard\",\"https:\\\/\\\/www.diggerslist.com\\\/iwellguard\\\/about\",\"https:\\\/\\\/skitterphoto.com\\\/photographers\\\/2870314\\\/iwell-guard\",\"https:\\\/\\\/iwellguard.wordpress.com\\\/2026\\\/06\\\/06\\\/iwell-guard\\\/\",\"https:\\\/\\\/hub.docker.com\\\/u\\\/iwellguard\",\"https:\\\/\\\/www.pinterest.com\\\/iwellguard\\\/\",\"https:\\\/\\\/bit.ly\\\/m\\\/iwellguard\",\"https:\\\/\\\/entre-vos-mains.alsace.eu\\\/profiles\\\/iwellguard\\\/activity\",\"https:\\\/\\\/gravatar.com\\\/reallybeded8fd34\",\"https:\\\/\\\/naijamatta.com\\\/iwellguard\",\"https:\\\/\\\/www.goodreads.com\\\/iwellguard\",\"https:\\\/\\\/profile.hatena.ne.jp\\\/iwellguard\\\/\",\"https:\\\/\\\/experiment.com\\\/users\\\/iwellguard\",\"https:\\\/\\\/wakelet.com\\\/@iWellGuard82270\",\"https:\\\/\\\/www.chordie.com\\\/forum\\\/profile.php?id=2555664\",\"https:\\\/\\\/www.instapaper.com\\\/p\\\/17757966\",\"https:\\\/\\\/www.mapleprimes.com\\\/users\\\/iwellguard\",\"https:\\\/\\\/businesslistingplus.com\\\/profile\\\/iwell-guard\\\/\",\"https:\\\/\\\/telegra.ph\\\/iWell-Guard-06-06\",\"https:\\\/\\\/pbase.com\\\/iwellguard\\\/iwellguard\",\"https:\\\/\\\/b.hatena.ne.jp\\\/iwellguard\\\/20260607#bookmark-4788405196491818882\",\"https:\\\/\\\/fliphtml5.com\\\/home\\\/iwellguard\",\"https:\\\/\\\/anyflip.com\\\/homepage\\\/cmiwl#About\",\"https:\\\/\\\/transfur.com\\\/Users\\\/iwellguard\",\"http:\\\/\\\/delphi.larsbo.org\\\/user\\\/iwellguard\",\"https:\\\/\\\/jobs.lajobsportal.org\\\/profiles\\\/8380803-iwell-guard\",\"https:\\\/\\\/md.chaosdorf.de\\\/s\\\/jfbe5SBdJD\",\"https:\\\/\\\/www.lingvolive.com\\\/en-us\\\/profile\\\/9ecaeaca-ce11-4e51-9e71-01d55e2bff36\\\/translations\",\"https:\\\/\\\/www.fitday.com\\\/fitness\\\/forums\\\/members\\\/iwellguard.html\",\"https:\\\/\\\/www.mymeetbook.com\\\/iwellguard\",\"https:\\\/\\\/pxhere.com\\\/en\\\/photographer-me\\\/5040798\",\"https:\\\/\\\/disqus.com\\\/by\\\/iwellguard\\\/about\\\/\",\"https:\\\/\\\/pastelink.net\\\/hjwciqwq\",\"https:\\\/\\\/pubhtml5.com\\\/homepage\\\/scjhn\\\/\",\"https:\\\/\\\/www.bitchute.com\\\/channel\\\/2O2eOKzNqujT\",\"https:\\\/\\\/audiomack.com\\\/iwellguard\"]}]}<\/script>\n<!-- \/ Yoast SEO Premium plugin. -->","yoast_head_json":{"title":"S\u00edvalur strokksigli \u2013 innsigli og verndargripur","description":"S\u00edvalur strokksigli hins forna Austurlands var \u00ed senn verkf\u00e6ri til innsiglunar og pers\u00f3nulegur verndargripur. \u00datlit, notkun og merking \u00fatsk\u00fdr\u00f0.","robots":{"index":"index","follow":"follow","max-snippet":"max-snippet:-1","max-image-preview":"max-image-preview:large","max-video-preview":"max-video-preview:-1"},"canonical":"https:\/\/iwell-guard.com\/is\/strokksigli\/","og_locale":"is_IS","og_type":"article","og_title":"S\u00edvalur strokksigli \u2013 innsigli og verndargripur hins forna Austurlands","og_description":"S\u00edvalur strokksigli hins forna Austurlands var \u00ed senn verkf\u00e6ri til innsiglunar og pers\u00f3nulegur verndargripur. \u00datlit, notkun og merking \u00fatsk\u00fdr\u00f0.","og_url":"https:\/\/iwell-guard.com\/is\/strokksigli\/","og_site_name":"iWell Guard","article_modified_time":"2026-09-05T14:33:58+00:00","og_image":[{"width":1024,"height":1536,"url":"https:\/\/iwell-guard.com\/wp-content\/uploads\/2026\/05\/schutzsymbol_mesopotamien_zylindersiegel.webp","type":"image\/webp"}],"twitter_card":"summary_large_image","schema":{"@context":"https:\/\/schema.org","@graph":[{"@type":"WebPage","@id":"https:\/\/iwell-guard.com\/is\/strokksigli\/","url":"https:\/\/iwell-guard.com\/is\/strokksigli\/","name":"S\u00edvalur strokksigli \u2013 innsigli og verndargripur","isPartOf":{"@id":"https:\/\/iwell-guard.com\/is\/#website"},"primaryImageOfPage":{"@id":"https:\/\/iwell-guard.com\/is\/strokksigli\/#primaryimage"},"image":{"@id":"https:\/\/iwell-guard.com\/is\/strokksigli\/#primaryimage"},"thumbnailUrl":"https:\/\/iwell-guard.com\/wp-content\/uploads\/2026\/05\/schutzsymbol_mesopotamien_zylindersiegel.webp","datePublished":"2026-09-05T14:06:11+00:00","dateModified":"2026-09-05T14:33:58+00:00","description":"S\u00edvalur strokksigli hins forna Austurlands var \u00ed senn verkf\u00e6ri til innsiglunar og pers\u00f3nulegur verndargripur. \u00datlit, notkun og merking \u00fatsk\u00fdr\u00f0.","breadcrumb":{"@id":"https:\/\/iwell-guard.com\/is\/strokksigli\/#breadcrumb"},"inLanguage":"is","potentialAction":[{"@type":"ReadAction","target":["https:\/\/iwell-guard.com\/is\/strokksigli\/"]}]},{"@type":"ImageObject","inLanguage":"is","@id":"https:\/\/iwell-guard.com\/is\/strokksigli\/#primaryimage","url":"https:\/\/iwell-guard.com\/wp-content\/uploads\/2026\/05\/schutzsymbol_mesopotamien_zylindersiegel.webp","contentUrl":"https:\/\/iwell-guard.com\/wp-content\/uploads\/2026\/05\/schutzsymbol_mesopotamien_zylindersiegel.webp","width":1024,"height":1536,"caption":"Verndart\u00e1kn. Myndskreyting \u00ed safnst\u00edl."},{"@type":"BreadcrumbList","@id":"https:\/\/iwell-guard.com\/is\/strokksigli\/#breadcrumb","itemListElement":[{"@type":"ListItem","position":1,"name":"Start","item":"https:\/\/iwell-guard.com\/is\/?page_id=168580"},{"@type":"ListItem","position":2,"name":"S\u00edvalur strokksigli \u2013 innsigli og verndargripur hins forna Austurlands"}]},{"@type":"WebSite","@id":"https:\/\/iwell-guard.com\/is\/#website","url":"https:\/\/iwell-guard.com\/is\/","name":"iWell Guard","description":"Schutz vor dunklen Einfl\u00fcssen","publisher":{"@id":"https:\/\/iwell-guard.com\/is\/#organization"},"potentialAction":[{"@type":"SearchAction","target":{"@type":"EntryPoint","urlTemplate":"https:\/\/iwell-guard.com\/is\/?s={search_term_string}"},"query-input":{"@type":"PropertyValueSpecification","valueRequired":true,"valueName":"search_term_string"}}],"inLanguage":"is"},{"@type":"Organization","@id":"https:\/\/iwell-guard.com\/is\/#organization","name":"Ittermann electronic GmbH","url":"https:\/\/iwell-guard.com\/is\/","logo":{"@type":"ImageObject","inLanguage":"is","@id":"https:\/\/iwell-guard.com\/is\/#\/schema\/logo\/image\/","url":"https:\/\/iwell-guard.com\/wp-content\/uploads\/2026\/05\/Ittermann-Logo-1182x237-1.png","contentUrl":"https:\/\/iwell-guard.com\/wp-content\/uploads\/2026\/05\/Ittermann-Logo-1182x237-1.png","width":1182,"height":237,"caption":"Ittermann electronic GmbH"},"image":{"@id":"https:\/\/iwell-guard.com\/is\/#\/schema\/logo\/image\/"},"sameAs":["https:\/\/pantip.com\/profile\/9367242","https:\/\/micro.blog\/iwellguard","https:\/\/www.diggerslist.com\/iwellguard\/about","https:\/\/skitterphoto.com\/photographers\/2870314\/iwell-guard","https:\/\/iwellguard.wordpress.com\/2026\/06\/06\/iwell-guard\/","https:\/\/hub.docker.com\/u\/iwellguard","https:\/\/www.pinterest.com\/iwellguard\/","https:\/\/bit.ly\/m\/iwellguard","https:\/\/entre-vos-mains.alsace.eu\/profiles\/iwellguard\/activity","https:\/\/gravatar.com\/reallybeded8fd34","https:\/\/naijamatta.com\/iwellguard","https:\/\/www.goodreads.com\/iwellguard","https:\/\/profile.hatena.ne.jp\/iwellguard\/","https:\/\/experiment.com\/users\/iwellguard","https:\/\/wakelet.com\/@iWellGuard82270","https:\/\/www.chordie.com\/forum\/profile.php?id=2555664","https:\/\/www.instapaper.com\/p\/17757966","https:\/\/www.mapleprimes.com\/users\/iwellguard","https:\/\/businesslistingplus.com\/profile\/iwell-guard\/","https:\/\/telegra.ph\/iWell-Guard-06-06","https:\/\/pbase.com\/iwellguard\/iwellguard","https:\/\/b.hatena.ne.jp\/iwellguard\/20260607#bookmark-4788405196491818882","https:\/\/fliphtml5.com\/home\/iwellguard","https:\/\/anyflip.com\/homepage\/cmiwl#About","https:\/\/transfur.com\/Users\/iwellguard","http:\/\/delphi.larsbo.org\/user\/iwellguard","https:\/\/jobs.lajobsportal.org\/profiles\/8380803-iwell-guard","https:\/\/md.chaosdorf.de\/s\/jfbe5SBdJD","https:\/\/www.lingvolive.com\/en-us\/profile\/9ecaeaca-ce11-4e51-9e71-01d55e2bff36\/translations","https:\/\/www.fitday.com\/fitness\/forums\/members\/iwellguard.html","https:\/\/www.mymeetbook.com\/iwellguard","https:\/\/pxhere.com\/en\/photographer-me\/5040798","https:\/\/disqus.com\/by\/iwellguard\/about\/","https:\/\/pastelink.net\/hjwciqwq","https:\/\/pubhtml5.com\/homepage\/scjhn\/","https:\/\/www.bitchute.com\/channel\/2O2eOKzNqujT","https:\/\/audiomack.com\/iwellguard"]}]}},"_links":{"self":[{"href":"https:\/\/iwell-guard.com\/is\/wp-json\/wp\/v2\/pages\/169168","targetHints":{"allow":["GET"]}}],"collection":[{"href":"https:\/\/iwell-guard.com\/is\/wp-json\/wp\/v2\/pages"}],"about":[{"href":"https:\/\/iwell-guard.com\/is\/wp-json\/wp\/v2\/types\/page"}],"author":[{"embeddable":true,"href":"https:\/\/iwell-guard.com\/is\/wp-json\/wp\/v2\/users\/3"}],"replies":[{"embeddable":true,"href":"https:\/\/iwell-guard.com\/is\/wp-json\/wp\/v2\/comments?post=169168"}],"version-history":[{"count":0,"href":"https:\/\/iwell-guard.com\/is\/wp-json\/wp\/v2\/pages\/169168\/revisions"}],"wp:featuredmedia":[{"embeddable":true,"href":"https:\/\/iwell-guard.com\/is\/wp-json\/wp\/v2\/media\/3487"}],"wp:attachment":[{"href":"https:\/\/iwell-guard.com\/is\/wp-json\/wp\/v2\/media?parent=169168"}],"wp:term":[{"taxonomy":"category","embeddable":true,"href":"https:\/\/iwell-guard.com\/is\/wp-json\/wp\/v2\/categories?post=169168"}],"curies":[{"name":"wp","href":"https:\/\/api.w.org\/{rel}","templated":true}]}}