{"id":169167,"date":"2026-09-05T14:06:10","date_gmt":"2026-09-05T14:06:10","guid":{"rendered":"https:\/\/iwell-guard.com\/?page_id=169167"},"modified":"2026-09-05T14:33:58","modified_gmt":"2026-09-05T14:33:58","slug":"apkallu-verndargripir-mesopotamiu","status":"publish","type":"page","link":"https:\/\/iwell-guard.com\/is\/apkallu-verndargripir-mesopotamiu\/","title":{"rendered":"Apkallu \u2013 verndargripir mes\u00f3p\u00f3tam\u00edskra heimila"},"content":{"rendered":"\t\t<div data-elementor-type=\"wp-page\" data-elementor-id=\"169167\" class=\"elementor elementor-169167 elementor-3657 elementor-bc-flex-widget\" data-elementor-post-type=\"page\">\n\t\t\t\t<div class=\"elementor-element elementor-element-iwgs-apkallu-hero e-flex e-con-boxed e-con e-parent\" data-id=\"iwgs-apkallu-hero\" data-element_type=\"container\" data-e-type=\"container\">\n\t\t\t\t\t<div class=\"e-con-inner\">\n\t\t<div class=\"elementor-element elementor-element-iwgs-apkallu-hl e-flex e-con-boxed e-con e-parent\" data-id=\"iwgs-apkallu-hl\" data-element_type=\"container\" data-e-type=\"container\">\n\t\t\t\t\t<div class=\"e-con-inner\">\n\t\t<div class=\"elementor-element elementor-element-iwgs-apkallu-hlbox e-con-full e-flex e-con e-parent\" data-id=\"iwgs-apkallu-hlbox\" data-element_type=\"container\" data-e-type=\"container\">\n\t\t\t\t<div class=\"elementor-element elementor-element-iwgs-apkallu-h1 elementor-widget elementor-widget-heading\" data-id=\"iwgs-apkallu-h1\" data-element_type=\"widget\" data-e-type=\"widget\" data-widget_type=\"heading.default\">\n\t\t\t\t\t<h1 class=\"elementor-heading-title elementor-size-default\">Apkallu \u2013 vitrar verndarf\u00edg\u00farur hins forna Austurlands<\/h1>\t\t\t\t<\/div>\n\t\t\t\t<div class=\"elementor-element elementor-element-iwgs-apkallu-lead elementor-widget elementor-widget-text-editor\" data-id=\"iwgs-apkallu-lead\" data-element_type=\"widget\" data-e-type=\"widget\" data-widget_type=\"text-editor.default\">\n\t\t\t\t\t\t\t\t\t<p><span class=\"iwg-fachbegriff\" data-tooltip=\"Vitrar samsettar verur \u00far mes\u00f3p\u00f3tam\u00edskri sagnaarfleif\u00f0, nota\u00f0ar sem verndarf\u00edg\u00farur \u00e1 byggingum.\" tabindex=\"0\">Apkallu<\/span> eru vitrar verndarf\u00edg\u00farur hins forna Austurlands. Litlar f\u00edg\u00farur af \u00feeim voru grafnar undir g\u00f3lf mes\u00f3p\u00f3tam\u00edskra h\u00fasa til a\u00f0 vernda \u00edb\u00faana fr\u00e1 ska\u00f0legum \u00f6flum.<\/p>\t\t\t\t\t\t\t\t<\/div>\n\t\t\t\t<\/div>\n\t\t\t\t<div class=\"elementor-element elementor-element-iwgs-apkallu-pills elementor-widget elementor-widget-html\" data-id=\"iwgs-apkallu-pills\" data-element_type=\"widget\" data-e-type=\"widget\" data-widget_type=\"html.default\">\n\t\t\t\t\t<div class=\"iwg-pill-row\"><span class=\"iwg-klasse-badge\" tabindex=\"0\" data-tooltip=\"Verndart\u00e1kn, gripur e\u00f0a fr\u00e1hrindandi hlutur.\">Verndart\u00e1kn<\/span><a href=\"https:\/\/iwell-guard.com\/is\/mesopotamia\/\" class=\"iwg-kultur-badge\" tabindex=\"0\" data-tooltip=\"Verndarhef\u00f0: Mes\u00f3p\u00f3tam\u00eda\">Mes\u00f3p\u00f3tam\u00eda<\/a><span class=\"iwg-tradition-badge\" tabindex=\"0\" data-tooltip=\"Vera sem talin er hafa verndandi \u00e1hrif.\">Verndarvera<\/span><\/div>\t\t\t\t<\/div>\n\t\t\t\t\t<\/div>\n\t\t\t\t<\/div>\n\t\t<div class=\"elementor-element elementor-element-iwgs-apkallu-hr e-con-full e-flex e-con e-parent\" data-id=\"iwgs-apkallu-hr\" data-element_type=\"container\" data-e-type=\"container\">\n\t\t\t\t<div class=\"elementor-element elementor-element-iwgs-apkallu-himg iwg-hero-image elementor-widget elementor-widget-image\" data-id=\"iwgs-apkallu-himg\" data-element_type=\"widget\" data-e-type=\"widget\" data-widget_type=\"image.default\">\n\t\t\t\t\t\t\t\t\t\t\t\t\t\t\t<img fetchpriority=\"high\" decoding=\"async\" width=\"683\" height=\"1024\" src=\"https:\/\/iwell-guard.com\/wp-content\/uploads\/2026\/05\/schutzsymbol_mesopotamien_apkallu-683x1024.webp\" class=\"attachment-large size-large wp-image-170567\" alt=\"Apkallu - verndart\u00e1kn, safnmynd\" srcset=\"https:\/\/iwell-guard.com\/wp-content\/uploads\/2026\/05\/schutzsymbol_mesopotamien_apkallu-683x1024.webp 683w, https:\/\/iwell-guard.com\/wp-content\/uploads\/2026\/05\/schutzsymbol_mesopotamien_apkallu-200x300.webp 200w, https:\/\/iwell-guard.com\/wp-content\/uploads\/2026\/05\/schutzsymbol_mesopotamien_apkallu-768x1152.webp 768w, https:\/\/iwell-guard.com\/wp-content\/uploads\/2026\/05\/schutzsymbol_mesopotamien_apkallu.webp 1024w\" sizes=\"(max-width: 683px) 100vw, 683px\" \/>\t\t\t\t\t\t\t\t\t\t\t\t\t\t\t<\/div>\n\t\t\t\t<\/div>\n\t\t\t\t\t<\/div>\n\t\t\t\t<\/div>\n\t\t<div class=\"elementor-element elementor-element-iwgs-apkallu-s0 e-flex e-con-boxed e-con e-parent\" data-id=\"iwgs-apkallu-s0\" data-element_type=\"container\" data-e-type=\"container\">\n\t\t\t\t\t<div class=\"e-con-inner\">\n\t\t\t\t<div class=\"elementor-element elementor-element-iwgs-apkallu-s0h elementor-widget elementor-widget-heading\" data-id=\"iwgs-apkallu-s0h\" data-element_type=\"widget\" data-e-type=\"widget\" data-widget_type=\"heading.default\">\n\t\t\t\t\t<h2 class=\"elementor-heading-title elementor-size-default\">Yfirlit<\/h2>\t\t\t\t<\/div>\n\t\t<div class=\"elementor-element elementor-element-iwgs-apkallu-s0box e-con-full e-flex e-con e-parent\" data-id=\"iwgs-apkallu-s0box\" data-element_type=\"container\" data-e-type=\"container\">\n\t\t\t\t<div class=\"elementor-element elementor-element-iwgs-apkallu-s0t elementor-widget elementor-widget-text-editor\" data-id=\"iwgs-apkallu-s0t\" data-element_type=\"widget\" data-e-type=\"widget\" data-widget_type=\"text-editor.default\">\n\t\t\t\t\t\t\t\t\t<p><span class=\"iwg-fachbegriff\" data-tooltip=\"Vitrar samsettar verur \u00far mes\u00f3p\u00f3tam\u00edskri sagnaarfleif\u00f0, nota\u00f0ar sem verndarf\u00edg\u00farur \u00e1 byggingum.\" tabindex=\"0\">Apkallu<\/span> eru verndarf\u00edg\u00farur fr\u00e1 hinu forna Austurlandi. \u00cd mes\u00f3p\u00f3tam\u00edskri hugmyndaheimi voru \u00fe\u00e6r vitrar verur, og litlar f\u00edg\u00farur \u00ed mynd \u00feeirra \u00fej\u00f3nu\u00f0u til a\u00f0 vernda h\u00fas <a href=\"https:\/\/iwell-guard.com\/is\/mesopotamia\/\">Mes\u00f3p\u00f3tam\u00edu<\/a>.<\/p><p>Hi\u00f0 s\u00e9rstaka vi\u00f0 <span class=\"iwg-fachbegriff\" data-tooltip=\"Vitrar samsettar verur \u00far mes\u00f3p\u00f3tam\u00edskri sagnaarfleif\u00f0, nota\u00f0ar sem verndarf\u00edg\u00farur \u00e1 byggingum.\" tabindex=\"0\">Apkallu<\/span>-f\u00edg\u00farurnar er notkun \u00feeirra. \u00de\u00e6r voru ekki bornar og ekki settar upp s\u00fdnilegar, heldur faldar. \u00de\u00e6r voru grafnar undir g\u00f3lf h\u00fasanna.<\/p><p>Af \u00feessari falinni sta\u00f0setningu lei\u00f0ir s\u00e9rst\u00f6k sta\u00f0a \u00feeirra me\u00f0al verndargripa. <span class=\"iwg-fachbegriff\" data-tooltip=\"Vitrar samsettar verur \u00far mes\u00f3p\u00f3tam\u00edskri sagnaarfleif\u00f0, nota\u00f0ar sem verndarf\u00edg\u00farur \u00e1 byggingum.\" tabindex=\"0\">Apkallu<\/span> verku\u00f0u \u00ed leyni. Verndarm\u00e1ttur \u00feeirra var til sta\u00f0ar \u00e1n \u00feess a\u00f0 \u00fe\u00e6r s\u00e6just.<\/p><p><span class=\"iwg-fachbegriff\" data-tooltip=\"Vitrar samsettar verur \u00far mes\u00f3p\u00f3tam\u00edskri sagnaarfleif\u00f0, nota\u00f0ar sem verndarf\u00edg\u00farur \u00e1 byggingum.\" tabindex=\"0\">Apkallu<\/span> heyra til heims mes\u00f3p\u00f3tam\u00edskra verndaranda. \u00c1samt v\u00e6ngju\u00f0um hli\u00f0v\u00f6r\u00f0um og \u00f6\u00f0rum verndarverum myndu \u00feau kerfi sem trygg\u00f0i \u00f6ryggi bygginganna og \u00edb\u00faa \u00feeirra.<\/p><p>\u00cd <span class=\"iwg-fachbegriff\" data-tooltip=\"V\u00edsindagrein sem rannsakar tr\u00faarbr\u00f6g\u00f0 samanbur\u00f0arlega og \u00e1n tr\u00faarlegrar bindingar.\" tabindex=\"0\">tr\u00faarbrag\u00f0afr\u00e6\u00f0um<\/span> eru <span class=\"iwg-fachbegriff\" data-tooltip=\"Vitrar samsettar verur \u00far mes\u00f3p\u00f3tam\u00edskri sagnaarfleif\u00f0, nota\u00f0ar sem verndarf\u00edg\u00farur \u00e1 byggingum.\" tabindex=\"0\">Apkallu<\/span> gott d\u00e6mi um falda verndargripi, um byggingaruppf\u00f3rn og um verndun h\u00fass fr\u00e1 grunni. \u00deau eru vel sta\u00f0fest me\u00f0 fundum og textum.<\/p><p>Nafni\u00f0 <span class=\"iwg-fachbegriff\" data-tooltip=\"Vitrar samsettar verur \u00far mes\u00f3p\u00f3tam\u00edskri sagnaarfleif\u00f0, nota\u00f0ar sem verndarf\u00edg\u00farur \u00e1 byggingum.\" tabindex=\"0\">Apkallu<\/span> v\u00edsar til visku. <span class=\"iwg-fachbegriff\" data-tooltip=\"Vitrar samsettar verur \u00far mes\u00f3p\u00f3tam\u00edskri sagnaarfleif\u00f0, nota\u00f0ar sem verndarf\u00edg\u00farur \u00e1 byggingum.\" tabindex=\"0\">Apkallu<\/span> voru taldar vitrar verur, og einmitt viska \u00feeirra var hluti af verndarm\u00e6tti \u00feeirra. \u00deessi tengsl eru \u00fatsk\u00fdr\u00f0 h\u00e9r \u00e1 eftir.<\/p>\t\t\t\t\t\t\t\t<\/div>\n\t\t\t\t<\/div>\n\t\t\t\t\t<\/div>\n\t\t\t\t<\/div>\n\t\t<div class=\"elementor-element elementor-element-iwgs-apkallu-s1 e-flex e-con-boxed e-con e-parent\" data-id=\"iwgs-apkallu-s1\" data-element_type=\"container\" data-e-type=\"container\">\n\t\t\t\t\t<div class=\"e-con-inner\">\n\t\t\t\t<div class=\"elementor-element elementor-element-iwgs-apkallu-s1h elementor-widget elementor-widget-heading\" data-id=\"iwgs-apkallu-s1h\" data-element_type=\"widget\" data-e-type=\"widget\" data-widget_type=\"heading.default\">\n\t\t\t\t\t<h2 class=\"elementor-heading-title elementor-size-default\">Hinir sj\u00f6 vitringar<\/h2>\t\t\t\t<\/div>\n\t\t<div class=\"elementor-element elementor-element-iwgs-apkallu-s1box e-con-full e-flex e-con e-parent\" data-id=\"iwgs-apkallu-s1box\" data-element_type=\"container\" data-e-type=\"container\">\n\t\t\t\t<div class=\"elementor-element elementor-element-iwgs-apkallu-s1t elementor-widget elementor-widget-text-editor\" data-id=\"iwgs-apkallu-s1t\" data-element_type=\"widget\" data-e-type=\"widget\" data-widget_type=\"text-editor.default\">\n\t\t\t\t\t\t\t\t\t<p>\u00cd mes\u00f3p\u00f3tam\u00edskri <span class=\"iwg-fachbegriff\" data-tooltip=\"Mi\u00f0lun \u00feekkingar og sagna milli kynsl\u00f3\u00f0a.\" tabindex=\"0\">arfleif\u00f0<\/span> eru <span class=\"iwg-fachbegriff\" data-tooltip=\"Vitrar samsettar verur \u00far mes\u00f3p\u00f3tam\u00edskri sagnaarfleif\u00f0, nota\u00f0ar sem verndarf\u00edg\u00farur \u00e1 byggingum.\" tabindex=\"0\">Apkallu<\/span> fyrst og fremst \u00feekktar sem hinir sj\u00f6 vitringar. \u00deetta eru sj\u00f6 vitrar verur fr\u00e1 frumt\u00ed\u00f0, t\u00edmanum fyrir st\u00f3rfl\u00f3\u00f0i\u00f0.<\/p><p>\u00deessum sj\u00f6 vitringum var eigna\u00f0 a\u00f0 hafa flutt mannkyninu grundv\u00f6ll menningarins. \u00deeir voru taldir \u00feeir sem kenndu \u00feekkingu, listir og skipulag si\u00f0menningarins.<\/p><p><span class=\"iwg-fachbegriff\" data-tooltip=\"Vitrar samsettar verur \u00far mes\u00f3p\u00f3tam\u00edskri sagnaarfleif\u00f0, nota\u00f0ar sem verndarf\u00edg\u00farur \u00e1 byggingum.\" tabindex=\"0\">Apkallu<\/span> st\u00f3\u00f0u \u00feannig vi\u00f0 upphaf menningarins. \u00deeir voru frumt\u00edma kennimeistarar sem f\u00e6r\u00f0u m\u00f6nnum \u00fea\u00f0 sem lyfti l\u00edfi \u00feeirra yfir hreina tilvist.<\/p><p>\u00deekkt vera \u00far \u00feessu samhengi er vitringur sem kom \u00far vatninu og kenndi m\u00f6nnum menningu. Hann er \u00feekktur \u00ed s\u00ed\u00f0ari <span class=\"iwg-fachbegriff\" data-tooltip=\"Mi\u00f0lun \u00feekkingar og sagna milli kynsl\u00f3\u00f0a.\" tabindex=\"0\">arfleif\u00f0<\/span> undir gr\u00edsku nafni.<\/p><p>Hinir sj\u00f6 vitringar voru engir venjulegir menn. \u00deeir voru taldir verur af h\u00e6rri tegund, h\u00e1lfgu\u00f0legir, af \u00f3venjulegri visku og me\u00f0 s\u00e9rstakri n\u00e1l\u00e6g\u00f0 vi\u00f0 gu\u00f0ina.<\/p><p>Af \u00feessari st\u00f6\u00f0u <span class=\"iwg-fachbegriff\" data-tooltip=\"Vitrar samsettar verur \u00far mes\u00f3p\u00f3tam\u00edskri sagnaarfleif\u00f0, nota\u00f0ar sem verndarf\u00edg\u00farur \u00e1 byggingum.\" tabindex=\"0\">Apkallu<\/span> sem frumt\u00edma bera visku m\u00e1 \u00fatsk\u00fdra verndarm\u00e1tt \u00feeirra. Verur sem t\u00e1knu\u00f0u \u00feekkingu og skipulag heimsins g\u00e1tu haldi\u00f0 \u00f3rei\u00f0u og \u00f3heillum \u00ed burtu.<\/p>\t\t\t\t\t\t\t\t<\/div>\n\t\t\t\t<\/div>\n\t\t\t\t\t<\/div>\n\t\t\t\t<\/div>\n\t\t<div class=\"elementor-element elementor-element-iwgs-apkallu-s2 e-flex e-con-boxed e-con e-parent\" data-id=\"iwgs-apkallu-s2\" data-element_type=\"container\" data-e-type=\"container\">\n\t\t\t\t\t<div class=\"e-con-inner\">\n\t\t\t\t<div class=\"elementor-element elementor-element-iwgs-apkallu-s2h elementor-widget elementor-widget-heading\" data-id=\"iwgs-apkallu-s2h\" data-element_type=\"widget\" data-e-type=\"widget\" data-widget_type=\"heading.default\">\n\t\t\t\t\t<h2 class=\"elementor-heading-title elementor-size-default\">\u00datlit Apkallu-f\u00edg\u00faranna<\/h2>\t\t\t\t<\/div>\n\t\t<div class=\"elementor-element elementor-element-iwgs-apkallu-s2box e-con-full e-flex e-con e-parent\" data-id=\"iwgs-apkallu-s2box\" data-element_type=\"container\" data-e-type=\"container\">\n\t\t\t\t<div class=\"elementor-element elementor-element-iwgs-apkallu-s2t elementor-widget elementor-widget-text-editor\" data-id=\"iwgs-apkallu-s2t\" data-element_type=\"widget\" data-e-type=\"widget\" data-widget_type=\"text-editor.default\">\n\t\t\t\t\t\t\t\t\t<p>\u00deeir <span class=\"iwg-fachbegriff\" data-tooltip=\"Vitrar samsettar verur \u00far mes\u00f3p\u00f3tam\u00edskri arfleif\u00f0, nota\u00f0ar sem verndargripir \u00e1 byggingum.\" tabindex=\"0\">Apkallu<\/span> voru s\u00fdndir \u00ed m\u00f6rgum mismunandi gervum. Fr\u00e6\u00f0imenn greina a\u00f0allega \u00ferj\u00e1r ger\u00f0ir, sem hver hefur sitt eigi\u00f0 \u00fatlit.<\/p><p>Fyrsta ger\u00f0in er fiskkl\u00e6ddur <span class=\"iwg-fachbegriff\" data-tooltip=\"Vitrar samsettar verur \u00far mes\u00f3p\u00f3tam\u00edskri arfleif\u00f0, nota\u00f0ar sem verndargripir \u00e1 byggingum.\" tabindex=\"0\">Apkallu<\/span>. \u00deessi vera er ma\u00f0ur sem ber fisk eins og skikkju yfir h\u00f6fu\u00f0 og bak. Fiskurinn v\u00edsar til tengsla vitringanna vi\u00f0 vatni\u00f0 og \u00fe\u00e1 visku sem kom \u00far vatninu.<\/p><p>\u00d6nnur ger\u00f0in er fuglah\u00f6f\u00f0a\u00f0ur <span class=\"iwg-fachbegriff\" data-tooltip=\"Vitrar samsettar verur \u00far mes\u00f3p\u00f3tam\u00edskri arfleif\u00f0, nota\u00f0ar sem verndargripir \u00e1 byggingum.\" tabindex=\"0\">Apkallu<\/span>. \u00deessi vera hefur l\u00edkama manns og h\u00f6fu\u00f0 fugls, oftast me\u00f0 v\u00e6ngi. H\u00fan heldur oft \u00e1 hlutum sem tengjast hreinsun og <span class=\"iwg-fachbegriff\" data-tooltip=\"\u00d3sk um heill og verndun, oft \u00ed fastri m\u00e1lformi.\" tabindex=\"0\">blessun<\/span>.<\/p><p>\u00deri\u00f0ja ger\u00f0in er algerlega mannger\u00f0ur <span class=\"iwg-fachbegriff\" data-tooltip=\"Vitrar samsettar verur \u00far mes\u00f3p\u00f3tam\u00edskri arfleif\u00f0, nota\u00f0ar sem verndargripir \u00e1 byggingum.\" tabindex=\"0\">Apkallu<\/span>. \u00deessi vera birtist sem tignarlegur ma\u00f0ur, oft einnig me\u00f0 hluti \u00ed h\u00f6ndum sem v\u00edsa til hlutverks hans.<\/p><p>Litlu <span class=\"iwg-fachbegriff\" data-tooltip=\"Vitrar samsettar verur \u00far mes\u00f3p\u00f3tam\u00edskri arfleif\u00f0, nota\u00f0ar sem verndargripir \u00e1 byggingum.\" tabindex=\"0\">Apkallu<\/span>-myndirnar, sem voru grafnar \u00ed h\u00fasum, voru a\u00f0 mestu ger\u00f0ar \u00far leir. \u00de\u00e6r voru einfaldar \u00ed sm\u00ed\u00f0, \u00fev\u00ed verkun \u00feeirra bygg\u00f0ist ekki \u00e1 d\u00fdrm\u00e6tu efni heldur \u00e1 formi \u00feeirra og <span class=\"iwg-fachbegriff\" data-tooltip=\"Tr\u00faarleg ath\u00f6fn \u00fear sem hlutur, sta\u00f0ur e\u00f0a manneskja er helgu\u00f0 tr\u00faarlegu hlutverki.\" tabindex=\"0\">helgun<\/span>.<\/p><p>\u00deessar \u00ferj\u00e1r ger\u00f0ir <span class=\"iwg-fachbegriff\" data-tooltip=\"Vitrar samsettar verur \u00far mes\u00f3p\u00f3tam\u00edskri arfleif\u00f0, nota\u00f0ar sem verndargripir \u00e1 byggingum.\" tabindex=\"0\">Apkallu<\/span> s\u00fdna a\u00f0 ekki var um eina veru a\u00f0 r\u00e6\u00f0a, heldur h\u00f3p tengdra verndarv\u00e6tta. Sameiginlegt er \u00feeim tengsl vi\u00f0 visku og verndun.<\/p>\t\t\t\t\t\t\t\t<\/div>\n\t\t\t\t<\/div>\n\t\t\t\t\t<\/div>\n\t\t\t\t<\/div>\n\t\t<div class=\"elementor-element elementor-element-iwgs-apkallu-s3 e-flex e-con-boxed e-con e-parent\" data-id=\"iwgs-apkallu-s3\" data-element_type=\"container\" data-e-type=\"container\">\n\t\t\t\t\t<div class=\"e-con-inner\">\n\t\t\t\t<div class=\"elementor-element elementor-element-iwgs-apkallu-s3h elementor-widget elementor-widget-heading\" data-id=\"iwgs-apkallu-s3h\" data-element_type=\"widget\" data-e-type=\"widget\" data-widget_type=\"heading.default\">\n\t\t\t\t\t<h2 class=\"elementor-heading-title elementor-size-default\">Fali\u00f0 undir g\u00f3lfinu<\/h2>\t\t\t\t<\/div>\n\t\t<div class=\"elementor-element elementor-element-iwgs-apkallu-s3box e-con-full e-flex e-con e-parent\" data-id=\"iwgs-apkallu-s3box\" data-element_type=\"container\" data-e-type=\"container\">\n\t\t\t\t<div class=\"elementor-element elementor-element-iwgs-apkallu-s3t elementor-widget elementor-widget-text-editor\" data-id=\"iwgs-apkallu-s3t\" data-element_type=\"widget\" data-e-type=\"widget\" data-widget_type=\"text-editor.default\">\n\t\t\t\t\t\t\t\t\t<p>Einkennandi notkunara\u00f0fer\u00f0 <span class=\"iwg-fachbegriff\" data-tooltip=\"Vitrar samsettar verur \u00far mes\u00f3p\u00f3tam\u00edskri arfleif\u00f0, nota\u00f0ar sem verndargripir \u00e1 byggingum.\" tabindex=\"0\">Apkallu<\/span>-myndanna var a\u00f0 grafa \u00fe\u00e6r. \u00deeim var komi\u00f0 fyrir undir g\u00f3lfum h\u00fasanna, oft \u00ed litlum \u00edl\u00e1tum.<\/p><p>Myndirnar voru grafnar \u00ed h\u00f3pum. Oft voru \u00fea\u00f0 margar myndir saman sem lag\u00f0ar voru ni\u00f0ur \u00e1 sama sta\u00f0 \u00ed h\u00fasinu.<\/p><p>\u00c1kve\u00f0nir sta\u00f0ir \u00ed h\u00fasinu voru s\u00e9rstaklega mikilv\u00e6gir. Myndirnar voru fyrst og fremst grafnar \u00fear sem verndar var talin s\u00e9rst\u00f6k \u00fe\u00f6rf, svo sem vi\u00f0 \u00fer\u00f6skulda, \u00ed hornum r\u00fdma og n\u00e1l\u00e6gt inng\u00f6ngum.<\/p><p>\u00deessir sta\u00f0ir voru \u00feeir punktar h\u00fasins sem taldir voru vi\u00f0kv\u00e6mir. \u00der\u00f6skuldar og horn voru \u00e1litin sta\u00f0irnir \u00fear sem ska\u00f0legar m\u00e1ttarverur g\u00e6tu komist inn. N\u00e1kv\u00e6mlega \u00fear voru <span class=\"iwg-fachbegriff\" data-tooltip=\"Vitrar samsettar verur \u00far mes\u00f3p\u00f3tam\u00edskri arfleif\u00f0, nota\u00f0ar sem verndargripir \u00e1 byggingum.\" tabindex=\"0\">Apkallu<\/span> settir.<\/p><p>Myndirnar unnu \u00feannig \u00far felum. Engin s\u00e1 \u00fe\u00e6r, en verndarm\u00e1ttur \u00feeirra gegns\u00fdr\u00f0i h\u00fasi\u00f0. Verndin var til sta\u00f0ar \u00e1n \u00feess a\u00f0 vera s\u00fdnileg.<\/p><p>\u00deessi si\u00f0ur a\u00f0 grafa verndargripi er <span class=\"iwg-fachbegriff\" data-tooltip=\"Hef\u00f0bundin ath\u00f6fn sem endurtekin er reglulega innan samf\u00e9lags.\" tabindex=\"0\">venja<\/span> sem er \u00feekkt v\u00ed\u00f0ar en \u00ed Mes\u00f3p\u00f3tam\u00edu. \u00cd m\u00f6rgum menningarheimum voru falin hlutir lag\u00f0ir inn vi\u00f0 byggingu mannvirkja til a\u00f0 tryggja \u00f6ryggi byggingarinnar.<\/p>\t\t\t\t\t\t\t\t<\/div>\n\t\t\t\t<\/div>\n\t\t\t\t\t<\/div>\n\t\t\t\t<\/div>\n\t\t<div class=\"elementor-element elementor-element-iwgs-apkallu-s4 e-flex e-con-boxed e-con e-parent\" data-id=\"iwgs-apkallu-s4\" data-element_type=\"container\" data-e-type=\"container\">\n\t\t\t\t\t<div class=\"e-con-inner\">\n\t\t\t\t<div class=\"elementor-element elementor-element-iwgs-apkallu-s4h elementor-widget elementor-widget-heading\" data-id=\"iwgs-apkallu-s4h\" data-element_type=\"widget\" data-e-type=\"widget\" data-widget_type=\"heading.default\">\n\t\t\t\t\t<h2 class=\"elementor-heading-title elementor-size-default\">Verndun heimilisins<\/h2>\t\t\t\t<\/div>\n\t\t<div class=\"elementor-element elementor-element-iwgs-apkallu-s4box e-con-full e-flex e-con e-parent\" data-id=\"iwgs-apkallu-s4box\" data-element_type=\"container\" data-e-type=\"container\">\n\t\t\t\t<div class=\"elementor-element elementor-element-iwgs-apkallu-s4t elementor-widget elementor-widget-text-editor\" data-id=\"iwgs-apkallu-s4t\" data-element_type=\"widget\" data-e-type=\"widget\" data-widget_type=\"text-editor.default\">\n\t\t\t\t\t\t\t\t\t<p><span class=\"iwg-fachbegriff\" data-tooltip=\"Vitrar samsettar verur \u00far mes\u00f3p\u00f3tam\u00edskri arfleif\u00f0, nota\u00f0ar sem verndargripir \u00e1 byggingum.\" tabindex=\"0\">Apkallu<\/span>-myndirnar \u00fej\u00f3nu\u00f0u til a\u00f0 vernda heimili\u00f0 og \u00edb\u00faa \u00feess. \u00de\u00e6r \u00e1tti a\u00f0 halda burt ska\u00f0legum m\u00e1ttarverum, illum \u00f6ndum og sj\u00fakd\u00f3mum fr\u00e1 h\u00fasinu.<\/p><p>H\u00fasi\u00f0 var l\u00edfsv\u00e6\u00f0i fj\u00f6lskyldunnar. A\u00f0 tryggja \u00fea\u00f0 \u00fe\u00fdddi a\u00f0 tryggja f\u00f3lki\u00f0 sem \u00ed \u00fev\u00ed bj\u00f3. Verndun heimilisins var \u00feannig meginmarkmi\u00f0 mes\u00f3p\u00f3tam\u00edskrar verndari\u00f0kunar.<\/p><p><span class=\"iwg-fachbegriff\" data-tooltip=\"Vitrar samsettar verur \u00far mes\u00f3p\u00f3tam\u00edskri arfleif\u00f0, nota\u00f0ar sem verndargripir \u00e1 byggingum.\" tabindex=\"0\">Apkallu<\/span> verndu\u00f0u h\u00fasi\u00f0 fr\u00e1 grunni. Me\u00f0 \u00fev\u00ed a\u00f0 vera grafnir undir g\u00f3lfin var verndarm\u00e1ttur \u00feeirra til sta\u00f0ar \u00ed grunni h\u00fasins. H\u00fasi\u00f0 st\u00f3\u00f0 \u00feannig \u00e1 vernd vitringanna.<\/p><p>\u00d3l\u00edkt verndart\u00e1kni vi\u00f0 dyrnar, sem trygg\u00f0i einn afmarka\u00f0an sta\u00f0, gegns\u00fdr\u00f0i verndarm\u00e1ttur hinna grafnu <span class=\"iwg-fachbegriff\" data-tooltip=\"Vitrar samsettar verur \u00far mes\u00f3p\u00f3tam\u00edskri arfleif\u00f0, nota\u00f0ar sem verndargripir \u00e1 byggingum.\" tabindex=\"0\">Apkallu<\/span> alla byggingunna. \u00deeir trygg\u00f0u grunninn sem l\u00edf fj\u00f6lskyldunnar \u00e1tti s\u00e9r sta\u00f0 \u00e1.<\/p><p>Oft unnu <span class=\"iwg-fachbegriff\" data-tooltip=\"Vitrar samsettar verur \u00far mes\u00f3p\u00f3tam\u00edskri arfleif\u00f0, nota\u00f0ar sem verndargripir \u00e1 byggingum.\" tabindex=\"0\">Apkallu<\/span> saman me\u00f0 \u00f6\u00f0rum verndarv\u00e6ttum. Vi\u00f0 hli\u00f0in g\u00e1tu v\u00e6ngja\u00f0ir hli\u00f0arver\u00f0ir sta\u00f0i\u00f0, \u00ed veggjunum \u00f6nnur verndart\u00e1kn veri\u00f0 fest, undir g\u00f3lfunum <span class=\"iwg-fachbegriff\" data-tooltip=\"Vitrar samsettar verur \u00far mes\u00f3p\u00f3tam\u00edskri arfleif\u00f0, nota\u00f0ar sem verndargripir \u00e1 byggingum.\" tabindex=\"0\">Apkallu<\/span> grafnir.<\/p><p>H\u00fasi\u00f0 var \u00feannig umlukt heilu neti verndarm\u00e1ttarv\u00e6tta. <span class=\"iwg-fachbegriff\" data-tooltip=\"Vitrar samsettar verur \u00far mes\u00f3p\u00f3tam\u00edskri arfleif\u00f0, nota\u00f0ar sem verndargripir \u00e1 byggingum.\" tabindex=\"0\">Apkallu<\/span> voru s\u00e1 falda hluti \u00feessa nets sem starfa\u00f0i \u00ed grunninum.<\/p>\t\t\t\t\t\t\t\t<\/div>\n\t\t\t\t<\/div>\n\t\t\t\t\t<\/div>\n\t\t\t\t<\/div>\n\t\t<div class=\"elementor-element elementor-element-iwgs-apkallu-s5 e-flex e-con-boxed e-con e-parent\" data-id=\"iwgs-apkallu-s5\" data-element_type=\"container\" data-e-type=\"container\">\n\t\t\t\t\t<div class=\"e-con-inner\">\n\t\t\t\t<div class=\"elementor-element elementor-element-iwgs-apkallu-s5h elementor-widget elementor-widget-heading\" data-id=\"iwgs-apkallu-s5h\" data-element_type=\"widget\" data-e-type=\"widget\" data-widget_type=\"heading.default\">\n\t\t\t\t\t<h2 class=\"elementor-heading-title elementor-size-default\">Ath\u00f6fnin vi\u00f0 grafningu<\/h2>\t\t\t\t<\/div>\n\t\t<div class=\"elementor-element elementor-element-iwgs-apkallu-s5box e-con-full e-flex e-con e-parent\" data-id=\"iwgs-apkallu-s5box\" data-element_type=\"container\" data-e-type=\"container\">\n\t\t\t\t<div class=\"elementor-element elementor-element-iwgs-apkallu-s5t elementor-widget elementor-widget-text-editor\" data-id=\"iwgs-apkallu-s5t\" data-element_type=\"widget\" data-e-type=\"widget\" data-widget_type=\"text-editor.default\">\n\t\t\t\t\t\t\t\t\t<p>A\u00f0 grafa ni\u00f0ur <span class=\"iwg-fachbegriff\" data-tooltip=\"Vitrar blendingsverur \u00far mes\u00f3p\u00f3tam\u00edskri arfleif\u00f0, nota\u00f0ar sem verndargripir \u00e1 byggingum.\" tabindex=\"0\">Apkallu<\/span>-styttur var ekki tilviljunarkennt verk. \u00dev\u00ed fylgdi <span class=\"iwg-fachbegriff\" data-tooltip=\"Skipul\u00f6g\u00f0 r\u00f6\u00f0 t\u00e1knr\u00e6nna athafna me\u00f0 tr\u00faarlega e\u00f0a menningarlega merkingu.\" tabindex=\"0\">helgisi\u00f0ur<\/span> sem fylgdi n\u00e1kv\u00e6mum reglum.<\/p><p>Fr\u00e1 Mes\u00f3p\u00f3tam\u00edu eru var\u00f0veittir helgisi\u00f0atextar sem l\u00fdsa ger\u00f0 og greftrun <span class=\"iwg-fachbegriff\" data-tooltip=\"Vitrar blendingsverur \u00far mes\u00f3p\u00f3tam\u00edskri arfleif\u00f0, nota\u00f0ar sem verndargripir \u00e1 byggingum.\" tabindex=\"0\">Apkallu<\/span>-styttanna. \u00deessir textar tilgreina hvernig styttunum skyldi komi\u00f0 fyrir, hvernig \u00fe\u00e6r skyldi <span class=\"iwg-fachbegriff\" data-tooltip=\"A\u00f0 v\u00edgja hlut, sta\u00f0 e\u00f0a manneskju til hins helga me\u00f0 tr\u00faarlegri ath\u00f6fn.\" tabindex=\"0\">v\u00edgja<\/span> og hvar \u00fe\u00e6r skyldi grafa.<\/p><p>Ger\u00f0 styttanna var hluti af helgisi\u00f0num sj\u00e1lfum. Leirinn var m\u00f3ta\u00f0ur, styttan sk\u00f6pu\u00f0, og me\u00f0 v\u00edgsluath\u00f6fnum var h\u00fan ger\u00f0 a\u00f0 virkum verndargrip.<\/p><p>Sj\u00e1lf greftrunin fylgdi einnig f\u00f6stum fyrirm\u00e6lum. Fj\u00f6ldi styttanna, sta\u00f0setning greftrunarinnar og athafnirnar sem henni fylgdu voru allar skipulag\u00f0ar. A\u00f0eins r\u00e9tt framkv\u00e6md trygg\u00f0i a\u00f0 verndin virka\u00f0i.<\/p><p><span class=\"iwg-fachbegriff\" data-tooltip=\"Skipul\u00f6g\u00f0 r\u00f6\u00f0 t\u00e1knr\u00e6nna athafna me\u00f0 tr\u00faarlega e\u00f0a menningarlega merkingu.\" tabindex=\"0\">Helgisi\u00f0urinn<\/span> var framkv\u00e6mdur af f\u00e6rum s\u00e9rfr\u00e6\u00f0ingi, s\u00e6ringapresti. Hann \u00feekkti textana og athafnirnar og trygg\u00f0i a\u00f0 greftrun <span class=\"iwg-fachbegriff\" data-tooltip=\"Vitrar blendingsverur \u00far mes\u00f3p\u00f3tam\u00edskri arfleif\u00f0, nota\u00f0ar sem verndargripir \u00e1 byggingum.\" tabindex=\"0\">Apkallu<\/span>-styttanna n\u00e6\u00f0i fram verkun sinni.<\/p><p><span class=\"iwg-fachbegriff\" data-tooltip=\"Vitrar blendingsverur \u00far mes\u00f3p\u00f3tam\u00edskri arfleif\u00f0, nota\u00f0ar sem verndargripir \u00e1 byggingum.\" tabindex=\"0\">Apkallu<\/span>-styttunar s\u00fdna \u00feannig a\u00f0 verndari\u00f0ja Mes\u00f3p\u00f3tam\u00edumanna var n\u00e1kv\u00e6mlega skipul\u00f6g\u00f0. Verndargripurinn sj\u00e1lfur og \u00feekkingin \u00e1 r\u00e9ttri ger\u00f0 hans og notkun voru \u00f3a\u00f0skiljanleg.<\/p>\t\t\t\t\t\t\t\t<\/div>\n\t\t\t\t<\/div>\n\t\t\t\t\t<\/div>\n\t\t\t\t<\/div>\n\t\t<div class=\"elementor-element elementor-element-iwgs-apkallu-s6 e-flex e-con-boxed e-con e-parent\" data-id=\"iwgs-apkallu-s6\" data-element_type=\"container\" data-e-type=\"container\">\n\t\t\t\t\t<div class=\"e-con-inner\">\n\t\t\t\t<div class=\"elementor-element elementor-element-iwgs-apkallu-s6h elementor-widget elementor-widget-heading\" data-id=\"iwgs-apkallu-s6h\" data-element_type=\"widget\" data-e-type=\"widget\" data-widget_type=\"heading.default\">\n\t\t\t\t\t<h2 class=\"elementor-heading-title elementor-size-default\">Viska sem vernd<\/h2>\t\t\t\t<\/div>\n\t\t<div class=\"elementor-element elementor-element-iwgs-apkallu-s6box e-con-full e-flex e-con e-parent\" data-id=\"iwgs-apkallu-s6box\" data-element_type=\"container\" data-e-type=\"container\">\n\t\t\t\t<div class=\"elementor-element elementor-element-iwgs-apkallu-s6t elementor-widget elementor-widget-text-editor\" data-id=\"iwgs-apkallu-s6t\" data-element_type=\"widget\" data-e-type=\"widget\" data-widget_type=\"text-editor.default\">\n\t\t\t\t\t\t\t\t\t<p>Eitt s\u00e9rkenni <span class=\"iwg-fachbegriff\" data-tooltip=\"Vitrar blendingsverur \u00far mes\u00f3p\u00f3tam\u00edskri arfleif\u00f0, haf\u00f0ar sem verndarmyndir \u00e1 byggingum.\" tabindex=\"0\">Apkallu<\/span> \u00e1 s\u00e9rstaka athygli skili\u00f0. Vernd \u00feeirra var n\u00e1i\u00f0 tengd visku. <span class=\"iwg-fachbegriff\" data-tooltip=\"Vitrar blendingsverur \u00far mes\u00f3p\u00f3tam\u00edskri arfleif\u00f0, haf\u00f0ar sem verndarmyndir \u00e1 byggingum.\" tabindex=\"0\">Apkallu<\/span> voru vitringarnir, og \u00fea\u00f0 var einmitt viska \u00feeirra sem ger\u00f0i \u00fe\u00e1 a\u00f0 verndurum.<\/p><p>\u00c1 bak vi\u00f0 \u00feetta liggur \u00e1kve\u00f0in hugsun. \u00d3g\u00e6fa, dj\u00f6flar og glundro\u00f0i voru taldir \u00f6fl \u00f3rei\u00f0u. Viskan var \u00e1 m\u00f3ti m\u00e1ttur reglu, \u00feekkingar og menningar.<\/p><p><span class=\"iwg-fachbegriff\" data-tooltip=\"Vitrar blendingsverur \u00far mes\u00f3p\u00f3tam\u00edskri arfleif\u00f0, haf\u00f0ar sem verndarmyndir \u00e1 byggingum.\" tabindex=\"0\">Apkallu<\/span>, sem bur\u00f0arar hinnar frumaldar visku, endurspeglu\u00f0u \u00feessa reglu. N\u00e6rvera \u00feeirra \u00ed h\u00fasinu setti h\u00fasi\u00f0 \u00e1 hli\u00f0 reglunnar og \u00e1 m\u00f3ti \u00f6flum glundro\u00f0ans.<\/p><p>\u00dear me\u00f0 skera <span class=\"iwg-fachbegriff\" data-tooltip=\"Vitrar blendingsverur \u00far mes\u00f3p\u00f3tam\u00edskri arfleif\u00f0, haf\u00f0ar sem verndarmyndir \u00e1 byggingum.\" tabindex=\"0\">Apkallu<\/span> sig fr\u00e1 verndargripum sem verjast me\u00f0 \u00f3gnvekjandi mynd. \u00deeir verjast ekki me\u00f0 \u00f3gn, heldur me\u00f0 reglusetjandi krafti viskunnar.<\/p><p>\u00deessi hugsun er uppl\u00fdsandi. H\u00fan s\u00fdnir a\u00f0 vernd \u00ed Austurl\u00f6ndum fornu var ekki a\u00f0eins skilin sem v\u00f6rn me\u00f0 skelfingu, heldur einnig sem trygging me\u00f0 reglu og visku.<\/p><p><span class=\"iwg-fachbegriff\" data-tooltip=\"Vitrar blendingsverur \u00far mes\u00f3p\u00f3tam\u00edskri arfleif\u00f0, haf\u00f0ar sem verndarmyndir \u00e1 byggingum.\" tabindex=\"0\">Apkallu<\/span> eru \u00feannig s\u00e9rstakur flokkur verndarvera. Vernd \u00feeirra er vernd vitringanna sem st\u00f3\u00f0u \u00ed upphafi menningarinnar og t\u00e1knu\u00f0u regluna \u00e1 m\u00f3ti glundro\u00f0anum.<\/p>\t\t\t\t\t\t\t\t<\/div>\n\t\t\t\t<\/div>\n\t\t\t\t\t<\/div>\n\t\t\t\t<\/div>\n\t\t<div class=\"elementor-element elementor-element-iwgs-apkallu-s7 e-flex e-con-boxed e-con e-parent\" data-id=\"iwgs-apkallu-s7\" data-element_type=\"container\" data-e-type=\"container\">\n\t\t\t\t\t<div class=\"e-con-inner\">\n\t\t\t\t<div class=\"elementor-element elementor-element-iwgs-apkallu-s7h elementor-widget elementor-widget-heading\" data-id=\"iwgs-apkallu-s7h\" data-element_type=\"widget\" data-e-type=\"widget\" data-widget_type=\"heading.default\">\n\t\t\t\t\t<h2 class=\"elementor-heading-title elementor-size-default\">Apkallu og mes\u00f3p\u00f3tam\u00edsku verndarandarnir<\/h2>\t\t\t\t<\/div>\n\t\t<div class=\"elementor-element elementor-element-iwgs-apkallu-s7box e-con-full e-flex e-con e-parent\" data-id=\"iwgs-apkallu-s7box\" data-element_type=\"container\" data-e-type=\"container\">\n\t\t\t\t<div class=\"elementor-element elementor-element-iwgs-apkallu-s7t elementor-widget elementor-widget-text-editor\" data-id=\"iwgs-apkallu-s7t\" data-element_type=\"widget\" data-e-type=\"widget\" data-widget_type=\"text-editor.default\">\n\t\t\t\t\t\t\t\t\t<p><span class=\"iwg-fachbegriff\" data-tooltip=\"Vitrar blendingsverur \u00far mes\u00f3p\u00f3tam\u00edskri arfleif\u00f0, haf\u00f0ar sem verndarmyndir \u00e1 byggingum.\" tabindex=\"0\">Apkallu<\/span> heyra til heilum heimi verndaranda sem Austurl\u00f6nd fornu \u00feekktu. \u00deessir verndarandar trygg\u00f0u saman byggingar og f\u00f3lk.<\/p><p>Til \u00feessa heims heyra v\u00e6ngja\u00f0ir hli\u00f0v\u00f6r\u00f0urnir, sem voru miklar steinmyndir sem g\u00e6ttu hli\u00f0anna. \u00c1 s\u00ed\u00f0unni um <a href=\"https:\/\/iwell-guard.com\/is\/?page_id=169166\">Lamassu<\/a> er n\u00e1nar fjalla\u00f0 um \u00fe\u00e1. Me\u00f0an Lamassu st\u00f3\u00f0 s\u00fdnilegur vi\u00f0 hli\u00f0i\u00f0, unnu <span class=\"iwg-fachbegriff\" data-tooltip=\"Vitrar blendingsverur \u00far mes\u00f3p\u00f3tam\u00edskri arfleif\u00f0, haf\u00f0ar sem verndarmyndir \u00e1 byggingum.\" tabindex=\"0\">Apkallu<\/span> \u00ed leynum \u00ed grunninum.<\/p><p>Pazuzu-<span class=\"iwg-fachbegriff\" data-tooltip=\"Gripur borinn \u00e1 l\u00edkamanum sem talinn er hafa verndandi, \u00f3g\u00e6fuafst\u00fdrandi verkun.\" tabindex=\"0\">verndargripurinn<\/span> og <span class=\"iwg-fachbegriff\" data-tooltip=\"Mes\u00f3p\u00f3tam\u00edsk dj\u00f6flynja sem talin var h\u00e6tta fyrir \u00feunga\u00f0ar konur og n\u00fdbura.\" tabindex=\"0\">Lamaschtu<\/span>-platan heyra einnig til \u00feessu samhengi. \u00deau v\u00f6r\u00f0u gegn dj\u00f6flynjunni <span class=\"iwg-fachbegriff\" data-tooltip=\"Mes\u00f3p\u00f3tam\u00edsk dj\u00f6flynja sem talin var h\u00e6tta fyrir \u00feunga\u00f0ar konur og n\u00fdbura.\" tabindex=\"0\">Lamaschtu<\/span> og verndu\u00f0u s\u00e9rstaklega m\u00f3\u00f0ur og barn.<\/p><p>\u00deessar mismunandi verndarverur og verndargripir myndu\u00f0u saman kerfi. Mismunandi \u00f6fl trygg\u00f0u mismunandi sta\u00f0i og v\u00f6r\u00f0u gegn mismunandi h\u00e6ttum.<\/p><p><span class=\"iwg-fachbegriff\" data-tooltip=\"Vitrar blendingsverur \u00far mes\u00f3p\u00f3tam\u00edskri arfleif\u00f0, haf\u00f0ar sem verndarmyndir \u00e1 byggingum.\" tabindex=\"0\">Apkallu<\/span> h\u00f6f\u00f0u \u00ed \u00feessu kerfi fastan sta\u00f0. \u00deeir voru falin vernd h\u00fasins, vitringarnir sem unnu \u00ed j\u00f6r\u00f0inni og trygg\u00f0u bygginguna fr\u00e1 grunni.<\/p><p>Mes\u00f3p\u00f3tam\u00edsk verndari\u00f0ja var \u00feannig ekkert laust safn stakra si\u00f0a, heldur skipulagt heild. <span class=\"iwg-fachbegriff\" data-tooltip=\"Vitrar blendingsverur \u00far mes\u00f3p\u00f3tam\u00edskri arfleif\u00f0, haf\u00f0ar sem verndarmyndir \u00e1 byggingum.\" tabindex=\"0\">Apkallu<\/span> s\u00fdna hversu vel \u00fatf\u00e6rt \u00feetta kerfi verndar bygginga og f\u00f3lks var.<\/p>\t\t\t\t\t\t\t\t<\/div>\n\t\t\t\t<\/div>\n\t\t\t\t\t<\/div>\n\t\t\t\t<\/div>\n\t\t<div class=\"elementor-element elementor-element-iwgs-apkallu-s8 e-flex e-con-boxed e-con e-parent\" data-id=\"iwgs-apkallu-s8\" data-element_type=\"container\" data-e-type=\"container\">\n\t\t\t\t\t<div class=\"e-con-inner\">\n\t\t\t\t<div class=\"elementor-element elementor-element-iwgs-apkallu-s8h elementor-widget elementor-widget-heading\" data-id=\"iwgs-apkallu-s8h\" data-element_type=\"widget\" data-e-type=\"widget\" data-widget_type=\"heading.default\">\n\t\t\t\t\t<h2 class=\"elementor-heading-title elementor-size-default\">M\u00f3tt\u00f6kur \u00ed dag<\/h2>\t\t\t\t<\/div>\n\t\t<div class=\"elementor-element elementor-element-iwgs-apkallu-s8box e-con-full e-flex e-con e-parent\" data-id=\"iwgs-apkallu-s8box\" data-element_type=\"container\" data-e-type=\"container\">\n\t\t\t\t<div class=\"elementor-element elementor-element-iwgs-apkallu-s8t elementor-widget elementor-widget-text-editor\" data-id=\"iwgs-apkallu-s8t\" data-element_type=\"widget\" data-e-type=\"widget\" data-widget_type=\"text-editor.default\">\n\t\t\t\t\t\t\t\t\t<p><span class=\"iwg-fachbegriff\" data-tooltip=\"Vitrar blendingsverur \u00far mes\u00f3p\u00f3tam\u00edskri arfleif\u00f0, nota\u00f0ar sem verndargripir \u00e1 byggingum.\" tabindex=\"0\">Apkallu<\/span>-verurnar eru \u00ed dag \u00feekktar fyrst og fremst me\u00f0al s\u00e9rfr\u00e6\u00f0inga \u00ed forn\u00f6ld Austurlanda n\u00e6r. \u00de\u00e6r heyra ekki til hinna \u00fatbreiddu t\u00e1kna, en eru mikilv\u00e6gt og vel rannsaka\u00f0 efni innan fornaustursfr\u00e6\u00f0a.<\/p><p>Grafnar <span class=\"iwg-fachbegriff\" data-tooltip=\"Vitrar blendingsverur \u00far mes\u00f3p\u00f3tam\u00edskri arfleif\u00f0, nota\u00f0ar sem verndargripir \u00e1 byggingum.\" tabindex=\"0\">Apkallu<\/span>-styttur hafa fundist vi\u00f0 uppgr\u00f6ft \u00ed Mes\u00f3p\u00f3tam\u00edu, oft enn \u00e1 upprunalegum sta\u00f0 s\u00ednum undir g\u00f3lfum. \u00deessir fundir m\u00e1 tengja vi\u00f0 var\u00f0veitta helgisi\u00f0atexta.<\/p><p>Af samspili funda og texta m\u00e1 draga sk\u00fdra mynd. <span class=\"iwg-fachbegriff\" data-tooltip=\"Vitrar blendingsverur \u00far mes\u00f3p\u00f3tam\u00edskri arfleif\u00f0, nota\u00f0ar sem verndargripir \u00e1 byggingum.\" tabindex=\"0\">Apkallu<\/span>-verurnar eru eitt best skilda d\u00e6mi\u00f0 um falda verndargripi og byggingaruppf\u00f3rnir.<\/p><p>Fyrir ranns\u00f3knir \u00e1 fornaustr\u00e6nni tr\u00faarbr\u00f6g\u00f0um eru <span class=\"iwg-fachbegriff\" data-tooltip=\"Vitrar blendingsverur \u00far mes\u00f3p\u00f3tam\u00edskri arfleif\u00f0, nota\u00f0ar sem verndargripir \u00e1 byggingum.\" tabindex=\"0\">Apkallu<\/span>-verurnar mikils vir\u00f0i. \u00de\u00e6r s\u00fdna hvernig verndun heimilisins var skilin og hvernig h\u00fan var framkv\u00e6md <span class=\"iwg-fachbegriff\" data-tooltip=\"\u00dea\u00f0 sem fylgir f\u00f6stu, tr\u00faarlegu athafnamynstri.\" tabindex=\"0\">\u00ed helgisi\u00f0aformi<\/span>.<\/p><p><span class=\"iwg-fachbegriff\" data-tooltip=\"Vitrar blendingsverur \u00far mes\u00f3p\u00f3tam\u00edskri arfleif\u00f0, nota\u00f0ar sem verndargripir \u00e1 byggingum.\" tabindex=\"0\">Apkallu<\/span>-verurnar veita einnig inns\u00fdn \u00ed mes\u00f3p\u00f3tam\u00edska hugmynd um visku. \u00de\u00e6r tengja saman hugmyndina um hina fornu l\u00e6rimeistara menningarinnar og hugmyndina um verndun.<\/p><p>\u00deannig eru <span class=\"iwg-fachbegriff\" data-tooltip=\"Vitrar blendingsverur \u00far mes\u00f3p\u00f3tam\u00edskri arfleif\u00f0, nota\u00f0ar sem verndargripir \u00e1 byggingum.\" tabindex=\"0\">Apkallu<\/span>-verurnar \u00e1hrifamiki\u00f0 d\u00e6mi um verndargrip af s\u00e9rst\u00e6\u00f0ri ger\u00f0. \u00de\u00e6r v\u00f6r\u00f0u \u00ed leyni, innan fr\u00e1 grunni h\u00fasins, og verndun \u00feeirra var verndun viskunnar gegn ringulrei\u00f0inni.<\/p>\t\t\t\t\t\t\t\t<\/div>\n\t\t\t\t<\/div>\n\t\t\t\t\t<\/div>\n\t\t\t\t<\/div>\n\t\t<div class=\"elementor-element elementor-element-iwgs-apkallu-lit e-flex e-con-boxed e-con e-parent\" data-id=\"iwgs-apkallu-lit\" data-element_type=\"container\" data-e-type=\"container\">\n\t\t\t\t\t<div class=\"e-con-inner\">\n\t\t\t\t<div class=\"elementor-element elementor-element-iwgs-apkallu-lith elementor-widget elementor-widget-heading\" data-id=\"iwgs-apkallu-lith\" data-element_type=\"widget\" data-e-type=\"widget\" data-widget_type=\"heading.default\">\n\t\t\t\t\t<h2 class=\"elementor-heading-title elementor-size-default\">Heimildir (\u00farval)<\/h2>\t\t\t\t<\/div>\n\t\t<div class=\"elementor-element elementor-element-iwgs-apkallu-litbox e-con-full e-flex e-con e-parent\" data-id=\"iwgs-apkallu-litbox\" data-element_type=\"container\" data-e-type=\"container\">\n\t\t\t\t<div class=\"elementor-element elementor-element-iwgs-apkallu-litt elementor-widget elementor-widget-html\" data-id=\"iwgs-apkallu-litt\" data-element_type=\"widget\" data-e-type=\"widget\" data-widget_type=\"html.default\">\n\t\t\t\t\t<footer data-nosnippet=\"true\"><ul><li>Frans A. M. Wiggermann: <em>Mesopotamian Protective Spirits. The Ritual Texts<\/em> (1992)<\/li><li>Anthony Green: <em>Neo-Assyrian Apotropaic Figures<\/em> (Studien)<\/li><li>Jeremy Black, Anthony Green: <em>Gods, Demons and Symbols of Ancient Mesopotamia<\/em> (1992)<\/li><li>Stephanie Dalley: <em>Myths from Mesopotamia<\/em> (1989)<\/li><li>Eckart Frahm (Hrsg.): <em>A Companion to Assyria<\/em> (2017)<\/li><\/ul><\/footer>\t\t\t\t<\/div>\n\t\t\t\t<\/div>\n\t\t\t\t\t<\/div>\n\t\t\t\t<\/div>\n\t\t<div class=\"elementor-element elementor-element-iwgs-apkallu-kwd e-flex e-con-boxed e-con e-parent\" data-id=\"iwgs-apkallu-kwd\" data-element_type=\"container\" data-e-type=\"container\">\n\t\t\t\t\t<div class=\"e-con-inner\">\n\t\t\t\t<div class=\"elementor-element elementor-element-iwgs-apkallu-kwdt elementor-widget elementor-widget-text-editor\" data-id=\"iwgs-apkallu-kwdt\" data-element_type=\"widget\" data-e-type=\"widget\" data-widget_type=\"text-editor.default\">\n\t\t\t\t\t\t\t\t\t<p><em>Tengd lykilhugt\u00f6k: <span class=\"iwg-fachbegriff\" data-tooltip=\"Vitrar blendingsverur \u00far mes\u00f3p\u00f3tam\u00edskri arfleif\u00f0, nota\u00f0ar sem verndargripir \u00e1 byggingum.\" tabindex=\"0\">Apkallu<\/span> Sj\u00f6 vitringar Verndargripur Byggingaruppf\u00f3rn Fiskaskikkja <span class=\"iwg-fachbegriff\" data-tooltip=\"M\u00e1lleg ath\u00f6fn sem \u00e6tla\u00f0 er a\u00f0 kalla fram e\u00f0a binda m\u00e1tt.\" tabindex=\"0\">\u00c1k\u00f6llun<\/span> Viska Mes\u00f3p\u00f3tam\u00eda.<\/em><\/p>\t\t\t\t\t\t\t\t<\/div>\n\t\t\t\t\t<\/div>\n\t\t\t\t<\/div>\n\t\t<div class=\"elementor-element elementor-element-iwgs-apkallu-cc e-flex e-con-boxed e-con e-parent\" data-id=\"iwgs-apkallu-cc\" data-element_type=\"container\" data-e-type=\"container\" id=\"iwg-cc-apkallu\">\n\t\t\t\t\t<div class=\"e-con-inner\">\n\t\t<div class=\"elementor-element elementor-element-iwgs-apkallu-ccinner e-flex e-con-boxed e-con e-parent\" data-id=\"iwgs-apkallu-ccinner\" data-element_type=\"container\" data-e-type=\"container\" data-settings=\"{&quot;background_background&quot;:&quot;classic&quot;}\">\n\t\t\t\t\t<div class=\"e-con-inner\">\n\t\t\t\t<div class=\"elementor-element elementor-element-iwgs-apkallu-cch elementor-widget elementor-widget-heading\" data-id=\"iwgs-apkallu-cch\" data-element_type=\"widget\" data-e-type=\"widget\" data-widget_type=\"heading.default\">\n\t\t\t\t\t<h2 class=\"elementor-heading-title elementor-size-default\">iWell Guard og verndarhef\u00f0ir<\/h2>\t\t\t\t<\/div>\n\t\t\t\t<div class=\"elementor-element elementor-element-iwgs-apkallu-cct elementor-widget elementor-widget-text-editor\" data-id=\"iwgs-apkallu-cct\" data-element_type=\"widget\" data-e-type=\"widget\" data-widget_type=\"text-editor.default\">\n\t\t\t\t\t\t\t\t\t<p>iWell Guard fylgir menningars\u00f6gulegri hef\u00f0 farandi verndargripa, sem <span class=\"iwg-fachbegriff\" data-tooltip=\"Vitrar blendingsverur \u00far mes\u00f3p\u00f3tam\u00edskri arfleif\u00f0, nota\u00f0ar sem verndargripir \u00e1 byggingum.\" tabindex=\"0\">Apkallu<\/span>-styttur tilheyra einnig. N\u00fat\u00edmalegur f\u00f6runautur fyrir f\u00f3lk sem lifir me\u00f0 verndart\u00e1knum: framleitt \u00ed \u00de\u00fdskalandi, 41 lag \u00far alv\u00f6ru gulli, plat\u00ednu og silfri, me\u00f0 30 daga skilar\u00e9tti.<\/p>\t\t\t\t\t\t\t\t<\/div>\n\t\t\t\t<div class=\"elementor-element elementor-element-iwgs-apkallu-ccb iwg-cc-button iwg-cc-cta-2026-05-13 elementor-widget elementor-widget-jet-button\" data-id=\"iwgs-apkallu-ccb\" data-element_type=\"widget\" data-e-type=\"widget\" data-widget_type=\"jet-button.default\">\n\t\t\t\t<div class=\"elementor-widget-container\">\n\t\t\t\t\t<div class=\"elementor-jet-button jet-elements\"><div class=\"jet-button__container\"><a class=\"jet-button__instance jet-button__instance--icon-left hover-effect-1\" href=\"\/schutzanhaenger-iwell-guard-kaufen\/?utm_source=iwell-guard.com&amp;utm_medium=info-box&amp;utm_campaign=schutzsymbole\"><div class=\"jet-button__plane jet-button__plane-normal\"><\/div><div class=\"jet-button__plane jet-button__plane-hover\"><\/div><div class=\"jet-button__state jet-button__state-normal\"><span class=\"jet-button__label\">Meira um iWell Guard<\/span><\/div><div class=\"jet-button__state jet-button__state-hover\"><span class=\"jet-button__label\">Meira um iWell Guard<\/span><\/div><\/a><\/div><\/div><style>.elementor-element.elementor-element-iwgs-apkallu-ccb .jet-button__instance{width:320px;height:56px;}.elementor-element.elementor-element-iwgs-apkallu-ccb .jet-button__state-normal .jet-button__label{text-align:center;margin:0px 0px 0px 0px;color:#1a1b20;font-family:Montserrat,sans-serif;font-size:13px;font-weight:400;letter-spacing:4px;line-height:1.714em;text-transform:uppercase;}.elementor-element.elementor-element-iwgs-apkallu-ccb .jet-button__state-hover .jet-button__label{text-align:center;margin:0px 0px 0px 0px;color:#FECC76;font-family:Montserrat,sans-serif;font-size:13px;font-weight:400;letter-spacing:4px;line-height:1.714em;text-transform:uppercase;}.elementor-element.elementor-element-iwgs-apkallu-ccb .jet-button__plane-normal{background-color:#FECC76;border-style:solid;border-color:#C99540;border-width:2px 2px 2px 2px;}.elementor-element.elementor-element-iwgs-apkallu-ccb .jet-button__plane-hover{background-color:rgba(0,0,0,0.55);border-style:solid;border-color:#FECC76;border-width:2px 2px 2px 2px;}<\/style>\t\t\t\t<\/div>\n\t\t\t\t<\/div>\n\t\t\t\t<div class=\"elementor-element elementor-element-iwgs-apkallu-ccd elementor-widget elementor-widget-text-editor\" data-id=\"iwgs-apkallu-ccd\" data-element_type=\"widget\" data-e-type=\"widget\" data-widget_type=\"text-editor.default\">\n\t\t\t\t\t\t\t\t\t<p style=\"text-align:center;font-size:13px;opacity:0.7;margin-top:14px\" data-nosnippet=\"true\">Pers\u00f3nuleg reynsla getur veri\u00f0 mismunandi. Ekki l\u00e6kningat\u00e6ki. Engin lofor\u00f0 um l\u00e6kningu.<\/p>\t\t\t\t\t\t\t\t<\/div>\n\t\t\t\t\t<\/div>\n\t\t\t\t<\/div>\n\t\t\t\t\t<\/div>\n\t\t\t\t<\/div>\n\t\t<div class=\"elementor-element elementor-element-iwgs-apkallu-disc e-flex e-con-boxed e-con e-parent\" data-id=\"iwgs-apkallu-disc\" data-element_type=\"container\" data-e-type=\"container\">\n\t\t\t\t\t<div class=\"e-con-inner\">\n\t\t\t\t<div class=\"elementor-element elementor-element-iwgs-apkallu-discw elementor-widget elementor-widget-html\" data-id=\"iwgs-apkallu-discw\" data-element_type=\"widget\" data-e-type=\"widget\" data-widget_type=\"html.default\">\n\t\t\t\t\t<footer data-nosnippet=\"true\" class=\"iwg-disclaimer-block\"><p data-nosnippet=\"true\">iWell Guard er <strong>ekki l\u00e6kningat\u00e6ki<\/strong> og kemur ekki \u00ed sta\u00f0 l\u00e6knis- e\u00f0a s\u00e1lfr\u00e6\u00f0ime\u00f0fer\u00f0ar. Innihaldi\u00f0 sem h\u00e9r er sett fram er tr\u00faarbrag\u00f0afr\u00e6\u00f0ileg og menningars\u00f6gulega greining, ekki lofor\u00f0 um andlega virkni.<\/p><\/footer>\t\t\t\t<\/div>\n\t\t\t\t\t<\/div>\n\t\t\t\t<\/div>\n\t\t\t\t<\/div>\n\t\t","protected":false},"excerpt":{"rendered":"","protected":false},"author":3,"featured_media":3486,"parent":0,"menu_order":0,"comment_status":"closed","ping_status":"closed","template":"elementor_header_footer","meta":{"_yoast_wpseo_focuskw":"Apkallu","_yoast_wpseo_title":"Apkallu \u2013 verndargripir Mes\u00f3p\u00f3tam\u00edu","_yoast_wpseo_metadesc":"Apkallu voru vitrar verndarf\u00edg\u00farur sem grafnar voru \u00ed mes\u00f3p\u00f3tam\u00edskum h\u00fasum. \u00datlit, notkun og merking \u00fatsk\u00fdr\u00f0.","_yoast_wpseo_meta-robots-noindex":"","_yoast_wpseo_canonical":"","_angie_page":false,"gefaehrdungsstufe":"","wesen_kultur":"","wesen_klasse":"","footnotes":""},"categories":[],"class_list":["post-169167","page","type-page","status-publish","has-post-thumbnail","hentry"],"yoast_head":"<!-- This site is optimized with the Yoast SEO Premium plugin v27.7 (Yoast SEO v28.3) - https:\/\/yoast.com\/product\/yoast-seo-premium-wordpress\/ -->\n<title>Apkallu \u2013 verndargripir Mes\u00f3p\u00f3tam\u00edu<\/title>\n<meta name=\"description\" content=\"Apkallu voru vitrar verndarf\u00edg\u00farur sem grafnar voru \u00ed mes\u00f3p\u00f3tam\u00edskum h\u00fasum. \u00datlit, notkun og merking \u00fatsk\u00fdr\u00f0.\" \/>\n<meta name=\"robots\" content=\"index, follow, max-snippet:-1, max-image-preview:large, max-video-preview:-1\" \/>\n<link rel=\"canonical\" href=\"https:\/\/iwell-guard.com\/is\/apkallu-verndargripir-mesopotamiu\/\" \/>\n<meta property=\"og:locale\" content=\"is_IS\" \/>\n<meta property=\"og:type\" content=\"article\" \/>\n<meta property=\"og:title\" content=\"Apkallu \u2013 verndargripir mes\u00f3p\u00f3tam\u00edskra heimila\" \/>\n<meta property=\"og:description\" content=\"Apkallu voru vitrar verndarf\u00edg\u00farur sem grafnar voru \u00ed mes\u00f3p\u00f3tam\u00edskum h\u00fasum. \u00datlit, notkun og merking \u00fatsk\u00fdr\u00f0.\" \/>\n<meta property=\"og:url\" content=\"https:\/\/iwell-guard.com\/is\/apkallu-verndargripir-mesopotamiu\/\" \/>\n<meta property=\"og:site_name\" content=\"iWell Guard\" \/>\n<meta property=\"article:modified_time\" content=\"2026-09-05T14:33:58+00:00\" \/>\n<meta property=\"og:image\" content=\"https:\/\/iwell-guard.com\/wp-content\/uploads\/2026\/05\/schutzsymbol_mesopotamien_apkallu.webp\" \/>\n\t<meta property=\"og:image:width\" content=\"1024\" \/>\n\t<meta property=\"og:image:height\" content=\"1536\" \/>\n\t<meta property=\"og:image:type\" content=\"image\/webp\" \/>\n<meta name=\"twitter:card\" content=\"summary_large_image\" \/>\n<script type=\"application\/ld+json\" class=\"yoast-schema-graph\">{\"@context\":\"https:\\\/\\\/schema.org\",\"@graph\":[{\"@type\":\"WebPage\",\"@id\":\"https:\\\/\\\/iwell-guard.com\\\/is\\\/apkallu-verndargripir-mesopotamiu\\\/\",\"url\":\"https:\\\/\\\/iwell-guard.com\\\/is\\\/apkallu-verndargripir-mesopotamiu\\\/\",\"name\":\"Apkallu \u2013 verndargripir Mes\u00f3p\u00f3tam\u00edu\",\"isPartOf\":{\"@id\":\"https:\\\/\\\/iwell-guard.com\\\/is\\\/#website\"},\"primaryImageOfPage\":{\"@id\":\"https:\\\/\\\/iwell-guard.com\\\/is\\\/apkallu-verndargripir-mesopotamiu\\\/#primaryimage\"},\"image\":{\"@id\":\"https:\\\/\\\/iwell-guard.com\\\/is\\\/apkallu-verndargripir-mesopotamiu\\\/#primaryimage\"},\"thumbnailUrl\":\"https:\\\/\\\/iwell-guard.com\\\/wp-content\\\/uploads\\\/2026\\\/05\\\/schutzsymbol_mesopotamien_apkallu.webp\",\"datePublished\":\"2026-09-05T14:06:10+00:00\",\"dateModified\":\"2026-09-05T14:33:58+00:00\",\"description\":\"Apkallu voru vitrar verndarf\u00edg\u00farur sem grafnar voru \u00ed mes\u00f3p\u00f3tam\u00edskum h\u00fasum. \u00datlit, notkun og merking \u00fatsk\u00fdr\u00f0.\",\"breadcrumb\":{\"@id\":\"https:\\\/\\\/iwell-guard.com\\\/is\\\/apkallu-verndargripir-mesopotamiu\\\/#breadcrumb\"},\"inLanguage\":\"is\",\"potentialAction\":[{\"@type\":\"ReadAction\",\"target\":[\"https:\\\/\\\/iwell-guard.com\\\/is\\\/apkallu-verndargripir-mesopotamiu\\\/\"]}]},{\"@type\":\"ImageObject\",\"inLanguage\":\"is\",\"@id\":\"https:\\\/\\\/iwell-guard.com\\\/is\\\/apkallu-verndargripir-mesopotamiu\\\/#primaryimage\",\"url\":\"https:\\\/\\\/iwell-guard.com\\\/wp-content\\\/uploads\\\/2026\\\/05\\\/schutzsymbol_mesopotamien_apkallu.webp\",\"contentUrl\":\"https:\\\/\\\/iwell-guard.com\\\/wp-content\\\/uploads\\\/2026\\\/05\\\/schutzsymbol_mesopotamien_apkallu.webp\",\"width\":1024,\"height\":1536,\"caption\":\"Verndart\u00e1kn. Myndskreyting \u00ed safnst\u00edl.\"},{\"@type\":\"BreadcrumbList\",\"@id\":\"https:\\\/\\\/iwell-guard.com\\\/is\\\/apkallu-verndargripir-mesopotamiu\\\/#breadcrumb\",\"itemListElement\":[{\"@type\":\"ListItem\",\"position\":1,\"name\":\"Start\",\"item\":\"https:\\\/\\\/iwell-guard.com\\\/is\\\/?page_id=168580\"},{\"@type\":\"ListItem\",\"position\":2,\"name\":\"Apkallu \u2013 verndargripir mes\u00f3p\u00f3tam\u00edskra heimila\"}]},{\"@type\":\"WebSite\",\"@id\":\"https:\\\/\\\/iwell-guard.com\\\/is\\\/#website\",\"url\":\"https:\\\/\\\/iwell-guard.com\\\/is\\\/\",\"name\":\"iWell Guard\",\"description\":\"Schutz vor dunklen Einfl\u00fcssen\",\"publisher\":{\"@id\":\"https:\\\/\\\/iwell-guard.com\\\/is\\\/#organization\"},\"potentialAction\":[{\"@type\":\"SearchAction\",\"target\":{\"@type\":\"EntryPoint\",\"urlTemplate\":\"https:\\\/\\\/iwell-guard.com\\\/is\\\/?s={search_term_string}\"},\"query-input\":{\"@type\":\"PropertyValueSpecification\",\"valueRequired\":true,\"valueName\":\"search_term_string\"}}],\"inLanguage\":\"is\"},{\"@type\":\"Organization\",\"@id\":\"https:\\\/\\\/iwell-guard.com\\\/is\\\/#organization\",\"name\":\"Ittermann electronic GmbH\",\"url\":\"https:\\\/\\\/iwell-guard.com\\\/is\\\/\",\"logo\":{\"@type\":\"ImageObject\",\"inLanguage\":\"is\",\"@id\":\"https:\\\/\\\/iwell-guard.com\\\/is\\\/#\\\/schema\\\/logo\\\/image\\\/\",\"url\":\"https:\\\/\\\/iwell-guard.com\\\/wp-content\\\/uploads\\\/2026\\\/05\\\/Ittermann-Logo-1182x237-1.png\",\"contentUrl\":\"https:\\\/\\\/iwell-guard.com\\\/wp-content\\\/uploads\\\/2026\\\/05\\\/Ittermann-Logo-1182x237-1.png\",\"width\":1182,\"height\":237,\"caption\":\"Ittermann electronic GmbH\"},\"image\":{\"@id\":\"https:\\\/\\\/iwell-guard.com\\\/is\\\/#\\\/schema\\\/logo\\\/image\\\/\"},\"sameAs\":[\"https:\\\/\\\/pantip.com\\\/profile\\\/9367242\",\"https:\\\/\\\/micro.blog\\\/iwellguard\",\"https:\\\/\\\/www.diggerslist.com\\\/iwellguard\\\/about\",\"https:\\\/\\\/skitterphoto.com\\\/photographers\\\/2870314\\\/iwell-guard\",\"https:\\\/\\\/iwellguard.wordpress.com\\\/2026\\\/06\\\/06\\\/iwell-guard\\\/\",\"https:\\\/\\\/hub.docker.com\\\/u\\\/iwellguard\",\"https:\\\/\\\/www.pinterest.com\\\/iwellguard\\\/\",\"https:\\\/\\\/bit.ly\\\/m\\\/iwellguard\",\"https:\\\/\\\/entre-vos-mains.alsace.eu\\\/profiles\\\/iwellguard\\\/activity\",\"https:\\\/\\\/gravatar.com\\\/reallybeded8fd34\",\"https:\\\/\\\/naijamatta.com\\\/iwellguard\",\"https:\\\/\\\/www.goodreads.com\\\/iwellguard\",\"https:\\\/\\\/profile.hatena.ne.jp\\\/iwellguard\\\/\",\"https:\\\/\\\/experiment.com\\\/users\\\/iwellguard\",\"https:\\\/\\\/wakelet.com\\\/@iWellGuard82270\",\"https:\\\/\\\/www.chordie.com\\\/forum\\\/profile.php?id=2555664\",\"https:\\\/\\\/www.instapaper.com\\\/p\\\/17757966\",\"https:\\\/\\\/www.mapleprimes.com\\\/users\\\/iwellguard\",\"https:\\\/\\\/businesslistingplus.com\\\/profile\\\/iwell-guard\\\/\",\"https:\\\/\\\/telegra.ph\\\/iWell-Guard-06-06\",\"https:\\\/\\\/pbase.com\\\/iwellguard\\\/iwellguard\",\"https:\\\/\\\/b.hatena.ne.jp\\\/iwellguard\\\/20260607#bookmark-4788405196491818882\",\"https:\\\/\\\/fliphtml5.com\\\/home\\\/iwellguard\",\"https:\\\/\\\/anyflip.com\\\/homepage\\\/cmiwl#About\",\"https:\\\/\\\/transfur.com\\\/Users\\\/iwellguard\",\"http:\\\/\\\/delphi.larsbo.org\\\/user\\\/iwellguard\",\"https:\\\/\\\/jobs.lajobsportal.org\\\/profiles\\\/8380803-iwell-guard\",\"https:\\\/\\\/md.chaosdorf.de\\\/s\\\/jfbe5SBdJD\",\"https:\\\/\\\/www.lingvolive.com\\\/en-us\\\/profile\\\/9ecaeaca-ce11-4e51-9e71-01d55e2bff36\\\/translations\",\"https:\\\/\\\/www.fitday.com\\\/fitness\\\/forums\\\/members\\\/iwellguard.html\",\"https:\\\/\\\/www.mymeetbook.com\\\/iwellguard\",\"https:\\\/\\\/pxhere.com\\\/en\\\/photographer-me\\\/5040798\",\"https:\\\/\\\/disqus.com\\\/by\\\/iwellguard\\\/about\\\/\",\"https:\\\/\\\/pastelink.net\\\/hjwciqwq\",\"https:\\\/\\\/pubhtml5.com\\\/homepage\\\/scjhn\\\/\",\"https:\\\/\\\/www.bitchute.com\\\/channel\\\/2O2eOKzNqujT\",\"https:\\\/\\\/audiomack.com\\\/iwellguard\"]}]}<\/script>\n<!-- \/ Yoast SEO Premium plugin. -->","yoast_head_json":{"title":"Apkallu \u2013 verndargripir Mes\u00f3p\u00f3tam\u00edu","description":"Apkallu voru vitrar verndarf\u00edg\u00farur sem grafnar voru \u00ed mes\u00f3p\u00f3tam\u00edskum h\u00fasum. \u00datlit, notkun og merking \u00fatsk\u00fdr\u00f0.","robots":{"index":"index","follow":"follow","max-snippet":"max-snippet:-1","max-image-preview":"max-image-preview:large","max-video-preview":"max-video-preview:-1"},"canonical":"https:\/\/iwell-guard.com\/is\/apkallu-verndargripir-mesopotamiu\/","og_locale":"is_IS","og_type":"article","og_title":"Apkallu \u2013 verndargripir mes\u00f3p\u00f3tam\u00edskra heimila","og_description":"Apkallu voru vitrar verndarf\u00edg\u00farur sem grafnar voru \u00ed mes\u00f3p\u00f3tam\u00edskum h\u00fasum. \u00datlit, notkun og merking \u00fatsk\u00fdr\u00f0.","og_url":"https:\/\/iwell-guard.com\/is\/apkallu-verndargripir-mesopotamiu\/","og_site_name":"iWell Guard","article_modified_time":"2026-09-05T14:33:58+00:00","og_image":[{"width":1024,"height":1536,"url":"https:\/\/iwell-guard.com\/wp-content\/uploads\/2026\/05\/schutzsymbol_mesopotamien_apkallu.webp","type":"image\/webp"}],"twitter_card":"summary_large_image","schema":{"@context":"https:\/\/schema.org","@graph":[{"@type":"WebPage","@id":"https:\/\/iwell-guard.com\/is\/apkallu-verndargripir-mesopotamiu\/","url":"https:\/\/iwell-guard.com\/is\/apkallu-verndargripir-mesopotamiu\/","name":"Apkallu \u2013 verndargripir Mes\u00f3p\u00f3tam\u00edu","isPartOf":{"@id":"https:\/\/iwell-guard.com\/is\/#website"},"primaryImageOfPage":{"@id":"https:\/\/iwell-guard.com\/is\/apkallu-verndargripir-mesopotamiu\/#primaryimage"},"image":{"@id":"https:\/\/iwell-guard.com\/is\/apkallu-verndargripir-mesopotamiu\/#primaryimage"},"thumbnailUrl":"https:\/\/iwell-guard.com\/wp-content\/uploads\/2026\/05\/schutzsymbol_mesopotamien_apkallu.webp","datePublished":"2026-09-05T14:06:10+00:00","dateModified":"2026-09-05T14:33:58+00:00","description":"Apkallu voru vitrar verndarf\u00edg\u00farur sem grafnar voru \u00ed mes\u00f3p\u00f3tam\u00edskum h\u00fasum. \u00datlit, notkun og merking \u00fatsk\u00fdr\u00f0.","breadcrumb":{"@id":"https:\/\/iwell-guard.com\/is\/apkallu-verndargripir-mesopotamiu\/#breadcrumb"},"inLanguage":"is","potentialAction":[{"@type":"ReadAction","target":["https:\/\/iwell-guard.com\/is\/apkallu-verndargripir-mesopotamiu\/"]}]},{"@type":"ImageObject","inLanguage":"is","@id":"https:\/\/iwell-guard.com\/is\/apkallu-verndargripir-mesopotamiu\/#primaryimage","url":"https:\/\/iwell-guard.com\/wp-content\/uploads\/2026\/05\/schutzsymbol_mesopotamien_apkallu.webp","contentUrl":"https:\/\/iwell-guard.com\/wp-content\/uploads\/2026\/05\/schutzsymbol_mesopotamien_apkallu.webp","width":1024,"height":1536,"caption":"Verndart\u00e1kn. Myndskreyting \u00ed safnst\u00edl."},{"@type":"BreadcrumbList","@id":"https:\/\/iwell-guard.com\/is\/apkallu-verndargripir-mesopotamiu\/#breadcrumb","itemListElement":[{"@type":"ListItem","position":1,"name":"Start","item":"https:\/\/iwell-guard.com\/is\/?page_id=168580"},{"@type":"ListItem","position":2,"name":"Apkallu \u2013 verndargripir mes\u00f3p\u00f3tam\u00edskra heimila"}]},{"@type":"WebSite","@id":"https:\/\/iwell-guard.com\/is\/#website","url":"https:\/\/iwell-guard.com\/is\/","name":"iWell Guard","description":"Schutz vor dunklen Einfl\u00fcssen","publisher":{"@id":"https:\/\/iwell-guard.com\/is\/#organization"},"potentialAction":[{"@type":"SearchAction","target":{"@type":"EntryPoint","urlTemplate":"https:\/\/iwell-guard.com\/is\/?s={search_term_string}"},"query-input":{"@type":"PropertyValueSpecification","valueRequired":true,"valueName":"search_term_string"}}],"inLanguage":"is"},{"@type":"Organization","@id":"https:\/\/iwell-guard.com\/is\/#organization","name":"Ittermann electronic GmbH","url":"https:\/\/iwell-guard.com\/is\/","logo":{"@type":"ImageObject","inLanguage":"is","@id":"https:\/\/iwell-guard.com\/is\/#\/schema\/logo\/image\/","url":"https:\/\/iwell-guard.com\/wp-content\/uploads\/2026\/05\/Ittermann-Logo-1182x237-1.png","contentUrl":"https:\/\/iwell-guard.com\/wp-content\/uploads\/2026\/05\/Ittermann-Logo-1182x237-1.png","width":1182,"height":237,"caption":"Ittermann electronic GmbH"},"image":{"@id":"https:\/\/iwell-guard.com\/is\/#\/schema\/logo\/image\/"},"sameAs":["https:\/\/pantip.com\/profile\/9367242","https:\/\/micro.blog\/iwellguard","https:\/\/www.diggerslist.com\/iwellguard\/about","https:\/\/skitterphoto.com\/photographers\/2870314\/iwell-guard","https:\/\/iwellguard.wordpress.com\/2026\/06\/06\/iwell-guard\/","https:\/\/hub.docker.com\/u\/iwellguard","https:\/\/www.pinterest.com\/iwellguard\/","https:\/\/bit.ly\/m\/iwellguard","https:\/\/entre-vos-mains.alsace.eu\/profiles\/iwellguard\/activity","https:\/\/gravatar.com\/reallybeded8fd34","https:\/\/naijamatta.com\/iwellguard","https:\/\/www.goodreads.com\/iwellguard","https:\/\/profile.hatena.ne.jp\/iwellguard\/","https:\/\/experiment.com\/users\/iwellguard","https:\/\/wakelet.com\/@iWellGuard82270","https:\/\/www.chordie.com\/forum\/profile.php?id=2555664","https:\/\/www.instapaper.com\/p\/17757966","https:\/\/www.mapleprimes.com\/users\/iwellguard","https:\/\/businesslistingplus.com\/profile\/iwell-guard\/","https:\/\/telegra.ph\/iWell-Guard-06-06","https:\/\/pbase.com\/iwellguard\/iwellguard","https:\/\/b.hatena.ne.jp\/iwellguard\/20260607#bookmark-4788405196491818882","https:\/\/fliphtml5.com\/home\/iwellguard","https:\/\/anyflip.com\/homepage\/cmiwl#About","https:\/\/transfur.com\/Users\/iwellguard","http:\/\/delphi.larsbo.org\/user\/iwellguard","https:\/\/jobs.lajobsportal.org\/profiles\/8380803-iwell-guard","https:\/\/md.chaosdorf.de\/s\/jfbe5SBdJD","https:\/\/www.lingvolive.com\/en-us\/profile\/9ecaeaca-ce11-4e51-9e71-01d55e2bff36\/translations","https:\/\/www.fitday.com\/fitness\/forums\/members\/iwellguard.html","https:\/\/www.mymeetbook.com\/iwellguard","https:\/\/pxhere.com\/en\/photographer-me\/5040798","https:\/\/disqus.com\/by\/iwellguard\/about\/","https:\/\/pastelink.net\/hjwciqwq","https:\/\/pubhtml5.com\/homepage\/scjhn\/","https:\/\/www.bitchute.com\/channel\/2O2eOKzNqujT","https:\/\/audiomack.com\/iwellguard"]}]}},"_links":{"self":[{"href":"https:\/\/iwell-guard.com\/is\/wp-json\/wp\/v2\/pages\/169167","targetHints":{"allow":["GET"]}}],"collection":[{"href":"https:\/\/iwell-guard.com\/is\/wp-json\/wp\/v2\/pages"}],"about":[{"href":"https:\/\/iwell-guard.com\/is\/wp-json\/wp\/v2\/types\/page"}],"author":[{"embeddable":true,"href":"https:\/\/iwell-guard.com\/is\/wp-json\/wp\/v2\/users\/3"}],"replies":[{"embeddable":true,"href":"https:\/\/iwell-guard.com\/is\/wp-json\/wp\/v2\/comments?post=169167"}],"version-history":[{"count":0,"href":"https:\/\/iwell-guard.com\/is\/wp-json\/wp\/v2\/pages\/169167\/revisions"}],"wp:featuredmedia":[{"embeddable":true,"href":"https:\/\/iwell-guard.com\/is\/wp-json\/wp\/v2\/media\/3486"}],"wp:attachment":[{"href":"https:\/\/iwell-guard.com\/is\/wp-json\/wp\/v2\/media?parent=169167"}],"wp:term":[{"taxonomy":"category","embeddable":true,"href":"https:\/\/iwell-guard.com\/is\/wp-json\/wp\/v2\/categories?post=169167"}],"curies":[{"name":"wp","href":"https:\/\/api.w.org\/{rel}","templated":true}]}}