{"id":169166,"date":"2026-09-05T14:06:09","date_gmt":"2026-09-05T14:06:09","guid":{"rendered":"https:\/\/iwell-guard.com\/?page_id=169166"},"modified":"2026-09-05T14:33:56","modified_gmt":"2026-09-05T14:33:56","slug":"lamassu-vaengjadur-dyravordur-mesopotamiu","status":"publish","type":"page","link":"https:\/\/iwell-guard.com\/is\/lamassu-vaengjadur-dyravordur-mesopotamiu\/","title":{"rendered":"Lamassu \u2013 hinn v\u00e6ngja\u00f0i dyrav\u00f6r\u00f0ur Mes\u00f3p\u00f3tam\u00edu"},"content":{"rendered":"\t\t<div data-elementor-type=\"wp-page\" data-elementor-id=\"169166\" class=\"elementor elementor-169166 elementor-3656 elementor-bc-flex-widget\" data-elementor-post-type=\"page\">\n\t\t\t\t<div class=\"elementor-element elementor-element-iwgs-lamassu-hero e-flex e-con-boxed e-con e-parent\" data-id=\"iwgs-lamassu-hero\" data-element_type=\"container\" data-e-type=\"container\">\n\t\t\t\t\t<div class=\"e-con-inner\">\n\t\t<div class=\"elementor-element elementor-element-iwgs-lamassu-hl e-flex e-con-boxed e-con e-parent\" data-id=\"iwgs-lamassu-hl\" data-element_type=\"container\" data-e-type=\"container\">\n\t\t\t\t\t<div class=\"e-con-inner\">\n\t\t<div class=\"elementor-element elementor-element-iwgs-lamassu-hlbox e-con-full e-flex e-con e-parent\" data-id=\"iwgs-lamassu-hlbox\" data-element_type=\"container\" data-e-type=\"container\">\n\t\t\t\t<div class=\"elementor-element elementor-element-iwgs-lamassu-h1 elementor-widget elementor-widget-heading\" data-id=\"iwgs-lamassu-h1\" data-element_type=\"widget\" data-e-type=\"widget\" data-widget_type=\"heading.default\">\n\t\t\t\t\t<h1 class=\"elementor-heading-title elementor-size-default\">Lamassu \u2013 hinn v\u00e6ngja\u00f0i dyrav\u00f6r\u00f0ur hins forna Austurlands<\/h1>\t\t\t\t<\/div>\n\t\t\t\t<div class=\"elementor-element elementor-element-iwgs-lamassu-lead elementor-widget elementor-widget-text-editor\" data-id=\"iwgs-lamassu-lead\" data-element_type=\"widget\" data-e-type=\"widget\" data-widget_type=\"text-editor.default\">\n\t\t\t\t\t\t\t\t\t<p>Lamassu er hinn v\u00e6ngja\u00f0i dyrav\u00f6r\u00f0ur hins forna Austurlands, <span class=\"iwg-fachbegriff\" data-tooltip=\"Vera sem sameinar einkenni \u00fdmissa l\u00edfvera.\" tabindex=\"0\">samsett vera<\/span> \u00far nauti e\u00f0a lj\u00f3ni, arnarv\u00e6ngjum og mannsh\u00f6f\u00f0i. Sem risavaxin steinstytta g\u00e6tti hann hli\u00f0a ass\u00fdr\u00edskra hallarbygginga.<\/p>\t\t\t\t\t\t\t\t<\/div>\n\t\t\t\t<\/div>\n\t\t\t\t<div class=\"elementor-element elementor-element-iwgs-lamassu-pills elementor-widget elementor-widget-html\" data-id=\"iwgs-lamassu-pills\" data-element_type=\"widget\" data-e-type=\"widget\" data-widget_type=\"html.default\">\n\t\t\t\t\t<div class=\"iwg-pill-row\"><span class=\"iwg-klasse-badge\" tabindex=\"0\" data-tooltip=\"Verndart\u00e1kn, gripur e\u00f0a fr\u00e1hrindandi hlutur.\">Verndart\u00e1kn<\/span><a href=\"https:\/\/iwell-guard.com\/is\/mesopotamia\/\" class=\"iwg-kultur-badge\" tabindex=\"0\" data-tooltip=\"Verndarhef\u00f0: Mes\u00f3p\u00f3tam\u00eda\">Mes\u00f3p\u00f3tam\u00eda<\/a><span class=\"iwg-tradition-badge\" tabindex=\"0\" data-tooltip=\"Vera sem talin er hafa verndandi \u00e1hrif.\">Verndarvera<\/span><\/div>\t\t\t\t<\/div>\n\t\t\t\t\t<\/div>\n\t\t\t\t<\/div>\n\t\t<div class=\"elementor-element elementor-element-iwgs-lamassu-hr e-con-full e-flex e-con e-parent\" data-id=\"iwgs-lamassu-hr\" data-element_type=\"container\" data-e-type=\"container\">\n\t\t\t\t<div class=\"elementor-element elementor-element-iwgs-lamassu-himg iwg-hero-image elementor-widget elementor-widget-image\" data-id=\"iwgs-lamassu-himg\" data-element_type=\"widget\" data-e-type=\"widget\" data-widget_type=\"image.default\">\n\t\t\t\t\t\t\t\t\t\t\t\t\t\t\t<img fetchpriority=\"high\" decoding=\"async\" width=\"683\" height=\"1024\" src=\"https:\/\/iwell-guard.com\/wp-content\/uploads\/2026\/05\/schutzsymbol_mesopotamien_lamassu-683x1024.webp\" class=\"attachment-large size-large wp-image-170576\" alt=\"Lamassu - verndart\u00e1kn, safnleg mynd\" srcset=\"https:\/\/iwell-guard.com\/wp-content\/uploads\/2026\/05\/schutzsymbol_mesopotamien_lamassu-683x1024.webp 683w, https:\/\/iwell-guard.com\/wp-content\/uploads\/2026\/05\/schutzsymbol_mesopotamien_lamassu-200x300.webp 200w, https:\/\/iwell-guard.com\/wp-content\/uploads\/2026\/05\/schutzsymbol_mesopotamien_lamassu-768x1152.webp 768w, https:\/\/iwell-guard.com\/wp-content\/uploads\/2026\/05\/schutzsymbol_mesopotamien_lamassu.webp 1024w\" sizes=\"(max-width: 683px) 100vw, 683px\" \/>\t\t\t\t\t\t\t\t\t\t\t\t\t\t\t<\/div>\n\t\t\t\t<\/div>\n\t\t\t\t\t<\/div>\n\t\t\t\t<\/div>\n\t\t<div class=\"elementor-element elementor-element-iwgs-lamassu-s0 e-flex e-con-boxed e-con e-parent\" data-id=\"iwgs-lamassu-s0\" data-element_type=\"container\" data-e-type=\"container\">\n\t\t\t\t\t<div class=\"e-con-inner\">\n\t\t\t\t<div class=\"elementor-element elementor-element-iwgs-lamassu-s0h elementor-widget elementor-widget-heading\" data-id=\"iwgs-lamassu-s0h\" data-element_type=\"widget\" data-e-type=\"widget\" data-widget_type=\"heading.default\">\n\t\t\t\t\t<h2 class=\"elementor-heading-title elementor-size-default\">Yfirlit<\/h2>\t\t\t\t<\/div>\n\t\t<div class=\"elementor-element elementor-element-iwgs-lamassu-s0box e-con-full e-flex e-con e-parent\" data-id=\"iwgs-lamassu-s0box\" data-element_type=\"container\" data-e-type=\"container\">\n\t\t\t\t<div class=\"elementor-element elementor-element-iwgs-lamassu-s0t elementor-widget elementor-widget-text-editor\" data-id=\"iwgs-lamassu-s0t\" data-element_type=\"widget\" data-e-type=\"widget\" data-widget_type=\"text-editor.default\">\n\t\t\t\t\t\t\t\t\t<p>Lamassu er verndarvera \u00far hinu forna Austurlandi. Hann er me\u00f0al \u00e1hrifamestu vitnisbur\u00f0a menningar <a href=\"https:\/\/iwell-guard.com\/is\/mesopotamia\/\">Mes\u00f3p\u00f3tam\u00edu<\/a> og er \u00feekktastur \u00far ass\u00fdr\u00edska r\u00edkinu.<\/p><p>Lamassu er <span class=\"iwg-fachbegriff\" data-tooltip=\"Vera sem sameinar einkenni \u00fdmissa l\u00edfvera.\" tabindex=\"0\">samsett vera<\/span>. Hann sameinar l\u00edkama nauts e\u00f0a lj\u00f3ns, v\u00e6ngi arnar og h\u00f6fu\u00f0 manns. \u00dar \u00feessum hlutum ver\u00f0ur til mikilfengleg, tignarleg vera.<\/p><p>Hlutverk Lamassu var vernd. Sem risavaxin steinstytta g\u00e6tti hann hli\u00f0a og innganga. Hann trygg\u00f0i \u00fer\u00f6skuldinn og h\u00e9lt \u00f3l\u00e1ni fr\u00e1 \u00fev\u00ed sem l\u00e1 a\u00f0 baki.<\/p><p>\u00d3l\u00edkt gripi sem borinn er, <span class=\"iwg-fachbegriff\" data-tooltip=\"Hlutur sem borinn er \u00e1 l\u00edkamanum og talinn hafa verndandi, fr\u00e1hrindandi \u00e1hrif.\" tabindex=\"0\">verndargrip<\/span>, er Lamassu risavaxi\u00f0 mannvirki. Hinar fr\u00e6gu Lamassu-styttur ass\u00fdr\u00edsku hallanna eru margir metrar \u00e1 h\u00e6\u00f0 og ger\u00f0ar \u00far st\u00f3rum steinblokkum.<\/p><p>\u00cd <span class=\"iwg-fachbegriff\" data-tooltip=\"V\u00edsindin sem rannsaka tr\u00faarbr\u00f6g\u00f0 \u00e1 samanbur\u00f0argrundvelli og \u00e1n tr\u00faarlegrar bindingar.\" tabindex=\"0\">tr\u00faarbrag\u00f0afr\u00e6\u00f0i<\/span> og \u00ed ranns\u00f3knum \u00e1 hinu forna Austurlandi er Lamassu gott d\u00e6mi um verndarveru sem er \u00ed senn mannvirki og v\u00f6r\u00f0ur. Hann er me\u00f0al hinna miklu \u00fer\u00f6skuldsvar\u00f0a heimsmenningarinnar.<\/p><p>Lamassu s\u00fdnir a\u00f0 \u00fer\u00f6skuldvernd var ekki a\u00f0eins veitt me\u00f0 litlum t\u00e1knum, heldur einnig me\u00f0 risav\u00f6xnum verum. Vi\u00f0 hallarhli\u00f0in st\u00f3\u00f0 hann \u00feeim sem inn gengu \u00ed fullri st\u00e6r\u00f0.<\/p>\t\t\t\t\t\t\t\t<\/div>\n\t\t\t\t<\/div>\n\t\t\t\t\t<\/div>\n\t\t\t\t<\/div>\n\t\t<div class=\"elementor-element elementor-element-iwgs-lamassu-s1 e-flex e-con-boxed e-con e-parent\" data-id=\"iwgs-lamassu-s1\" data-element_type=\"container\" data-e-type=\"container\">\n\t\t\t\t\t<div class=\"e-con-inner\">\n\t\t\t\t<div class=\"elementor-element elementor-element-iwgs-lamassu-s1h elementor-widget elementor-widget-heading\" data-id=\"iwgs-lamassu-s1h\" data-element_type=\"widget\" data-e-type=\"widget\" data-widget_type=\"heading.default\">\n\t\t\t\t\t<h2 class=\"elementor-heading-title elementor-size-default\">Lamassu og Shedu<\/h2>\t\t\t\t<\/div>\n\t\t<div class=\"elementor-element elementor-element-iwgs-lamassu-s1box e-con-full e-flex e-con e-parent\" data-id=\"iwgs-lamassu-s1box\" data-element_type=\"container\" data-e-type=\"container\">\n\t\t\t\t<div class=\"elementor-element elementor-element-iwgs-lamassu-s1t elementor-widget elementor-widget-text-editor\" data-id=\"iwgs-lamassu-s1t\" data-element_type=\"widget\" data-e-type=\"widget\" data-widget_type=\"text-editor.default\">\n\t\t\t\t\t\t\t\t\t<p>Fyrir v\u00e6ngja\u00f0ar verndarverur hins forna Austurlands eru nokkur hugt\u00f6k notu\u00f0. Algengust eru n\u00f6fnin Lamassu og Shedu. B\u00e6\u00f0i v\u00edsa til v\u00e6ngja\u00f0ra verndarvera.<\/p><p>N\u00e1kv\u00e6mur munur \u00e1 hugt\u00f6kunum er ekki alveg samr\u00e6mdur. \u00cd hluta <span class=\"iwg-fachbegriff\" data-tooltip=\"Mi\u00f0lun \u00feekkingar og fr\u00e1sagna milli kynsl\u00f3\u00f0a.\" tabindex=\"0\">munnm\u00e6lahef\u00f0arins<\/span> er Lamassu talinn kvenkyns verndarm\u00e1tur en Shedu karlkyns.<\/p><p>\u00cd almennri notkun hefur nafni\u00f0 Lamassu or\u00f0i\u00f0 algengast fyrir hinar st\u00f3ru v\u00e6ngju\u00f0u dyravar\u00f0arstyttur. Me\u00f0 \u00feessu nafni er \u00ed dag oftast v\u00edsa\u00f0 til hinna risav\u00f6xnu naut- og lj\u00f3nsstyttna.<\/p><p>Lamassu og Shedu tilheyr\u00f0u heimi mes\u00f3p\u00f3tam\u00edskra verndaranda. \u00deessi heimur samanst\u00f3\u00f0 af heilli r\u00f6\u00f0 verndandi vera sem \u00e6tla\u00f0 var a\u00f0 vernda manninn og mannvirki hans.<\/p><p>Verndarandarnir voru taldir velvildarm\u00e1ttar. \u00deeir st\u00f3\u00f0u manninum vi\u00f0 hli\u00f0 og hrundu \u00fev\u00ed ska\u00f0lega fr\u00e1. Lamassu telst til \u00feessa h\u00f3ps velvildar- og verndarvera.<\/p><p>\u00cd eftirfarandi umfj\u00f6llun er nota\u00f0 hi\u00f0 algenga nafn Lamassu, \u00ed \u00feeim skilningi a\u00f0 um er a\u00f0 r\u00e6\u00f0a hina st\u00f3ru v\u00e6ngju\u00f0u dyravar\u00f0arveru sem \u00feekkt er \u00far ass\u00fdr\u00edsku h\u00f6llunum.<\/p>\t\t\t\t\t\t\t\t<\/div>\n\t\t\t\t<\/div>\n\t\t\t\t\t<\/div>\n\t\t\t\t<\/div>\n\t\t<div class=\"elementor-element elementor-element-iwgs-lamassu-s2 e-flex e-con-boxed e-con e-parent\" data-id=\"iwgs-lamassu-s2\" data-element_type=\"container\" data-e-type=\"container\">\n\t\t\t\t\t<div class=\"e-con-inner\">\n\t\t\t\t<div class=\"elementor-element elementor-element-iwgs-lamassu-s2h elementor-widget elementor-widget-heading\" data-id=\"iwgs-lamassu-s2h\" data-element_type=\"widget\" data-e-type=\"widget\" data-widget_type=\"heading.default\">\n\t\t\t\t\t<h2 class=\"elementor-heading-title elementor-size-default\">Ger\u00f0 samsettu verunnar<\/h2>\t\t\t\t<\/div>\n\t\t<div class=\"elementor-element elementor-element-iwgs-lamassu-s2box e-con-full e-flex e-con e-parent\" data-id=\"iwgs-lamassu-s2box\" data-element_type=\"container\" data-e-type=\"container\">\n\t\t\t\t<div class=\"elementor-element elementor-element-iwgs-lamassu-s2t elementor-widget elementor-widget-text-editor\" data-id=\"iwgs-lamassu-s2t\" data-element_type=\"widget\" data-e-type=\"widget\" data-widget_type=\"text-editor.default\">\n\t\t\t\t\t\t\t\t\t<p>Lamassu er samsett <span class=\"iwg-fachbegriff\" data-tooltip=\"Vera sem sameinar einkenni \u00fdmissa l\u00edfvera.\" tabindex=\"0\">vera<\/span>. Ger\u00f0 hans sameinar hluta \u00fdmissa l\u00edfvera \u00ed eina n\u00fdja, mikilfenglega sk\u00f6pun.<\/p><p>L\u00edkamann myndar kraftmiki\u00f0 d\u00fdr, oftast naut, \u00ed \u00f6\u00f0rum tilvikum lj\u00f3n. B\u00e6\u00f0i d\u00fdrin st\u00f3\u00f0u fyrir styrk og v\u00edgf\u00e6rni. D\u00fdral\u00edkaminn gefur Lamassu \u00feunga sinn.<\/p><p>\u00c1 her\u00f0unum ber Lamassu st\u00f3ra v\u00e6ngi, v\u00e6ngi arnar e\u00f0a voldugs fugls. V\u00e6ngirnir v\u00edsa til himins og til m\u00e1ttar sem n\u00e6r \u00fat fyrir hi\u00f0 jar\u00f0neska.<\/p><p>H\u00f6fu\u00f0 Lamassu er mannsh\u00f6fu\u00f0. \u00dea\u00f0 er tignarlega gert, me\u00f0 vandlega \u00fatf\u00e6r\u00f0u skeggi og k\u00f3r\u00f3nu sem t\u00e1knar hinn h\u00e1a st\u00f6\u00f0u verunnar.<\/p><p>Hver \u00feessara hluta ber merkingu. D\u00fdral\u00edkaminn stendur fyrir kraft, v\u00e6ngirnir fyrir tengsl vi\u00f0 hinar h\u00e6rri m\u00e1ttarv\u00f6ld, mannsh\u00f6fu\u00f0i\u00f0 fyrir skynsemi og tign. \u00cd Lamassu sameinast \u00feessir eigindir.<\/p><p>S\u00e9rkenni hinna st\u00f3ru Lamassu-styttna var\u00f0ar fj\u00f6lda f\u00f3tanna. S\u00e9\u00f0 framan fr\u00e1 stendur Lamassu fastur \u00e1 tveimur f\u00f3tum, s\u00e9\u00f0 fr\u00e1 hli\u00f0 gengur hann \u00e1 fj\u00f3rum f\u00f3tum. Til \u00feess eru fimm f\u00e6tur \u00fatf\u00e6r\u00f0ir, svo a\u00f0 styttan vir\u00f0ist heil fr\u00e1 hverri sj\u00f3narhorni.<\/p>\t\t\t\t\t\t\t\t<\/div>\n\t\t\t\t<\/div>\n\t\t\t\t\t<\/div>\n\t\t\t\t<\/div>\n\t\t<div class=\"elementor-element elementor-element-iwgs-lamassu-s3 e-flex e-con-boxed e-con e-parent\" data-id=\"iwgs-lamassu-s3\" data-element_type=\"container\" data-e-type=\"container\">\n\t\t\t\t\t<div class=\"e-con-inner\">\n\t\t\t\t<div class=\"elementor-element elementor-element-iwgs-lamassu-s3h elementor-widget elementor-widget-heading\" data-id=\"iwgs-lamassu-s3h\" data-element_type=\"widget\" data-e-type=\"widget\" data-widget_type=\"heading.default\">\n\t\t\t\t\t<h2 class=\"elementor-heading-title elementor-size-default\">V\u00f6r\u00f0ur hli\u00f0anna<\/h2>\t\t\t\t<\/div>\n\t\t<div class=\"elementor-element elementor-element-iwgs-lamassu-s3box e-con-full e-flex e-con e-parent\" data-id=\"iwgs-lamassu-s3box\" data-element_type=\"container\" data-e-type=\"container\">\n\t\t\t\t<div class=\"elementor-element elementor-element-iwgs-lamassu-s3t elementor-widget elementor-widget-text-editor\" data-id=\"iwgs-lamassu-s3t\" data-element_type=\"widget\" data-e-type=\"widget\" data-widget_type=\"text-editor.default\">\n\t\t\t\t\t\t\t\t\t<p>Lamassu var v\u00f6r\u00f0ur hli\u00f0anna. Hinar st\u00f3ru styttur hans st\u00f3\u00f0u vi\u00f0 inngang ass\u00fdr\u00edsku hallanna, \u00ed p\u00f6rum til h\u00e6gri og vinstri vi\u00f0 g\u00e1ttina.<\/p><p>Hli\u00f0in voru hinir afgerandi \u00fer\u00f6skuldar mannvirkisins. Um \u00feau gekk ma\u00f0ur \u00far hinu ytra inn \u00ed hi\u00f0 innra. N\u00e1kv\u00e6mlega \u00e1 \u00feessum sta\u00f0, \u00e1 m\u00f6rkunum, st\u00f3\u00f0 Lamassu.<\/p><p>S\u00e1 sem gekk um hli\u00f0i\u00f0 gekk \u00e1 milli tveggja Lamassu-styttna. Hann m\u00e6tti hinni risav\u00f6xnu <span class=\"iwg-fachbegriff\" data-tooltip=\"Vera sem sameinar einkenni \u00fdmissa l\u00edfvera.\" tabindex=\"0\">samsettu veru<\/span> augliti til auglitis og var sem tekinn til athugunar af henni.<\/p><p>Lamassu haf\u00f0i \u00fear tv\u00f6falda virkni. Hann \u00e1tti a\u00f0 hrinda fr\u00e1 \u00f3g\u00e6fu og ska\u00f0legum m\u00e1ttum, og \u00e1tti \u00ed senn a\u00f0 vekja dj\u00fapa lotningu hj\u00e1 hverjum \u00feeim sem inn gekk.<\/p><p>\u00deannig var Lamassu meira en verndart\u00e1kn. Hann var v\u00f6r\u00f0ur sem h\u00e9lt \u00fer\u00f6skuld hallarinnar og trygg\u00f0i hann. N\u00e6rvera hans eina vi\u00f0 hli\u00f0i\u00f0 var sj\u00e1lf verndara\u00f0ger\u00f0in.<\/p><p>Lamassu telst \u00feannig til hinnar st\u00f3ru fj\u00f6lskyldu \u00fer\u00f6skuldsvar\u00f0a. \u00cd m\u00f6rgum menningarheimum eru hli\u00f0 og inngangar var\u00f0ir me\u00f0 verum e\u00f0a t\u00e1knum. Lamassu er einkar risavaxin \u00fatf\u00e6rsla \u00e1 \u00feessari hugsun.<\/p>\t\t\t\t\t\t\t\t<\/div>\n\t\t\t\t<\/div>\n\t\t\t\t\t<\/div>\n\t\t\t\t<\/div>\n\t\t<div class=\"elementor-element elementor-element-iwgs-lamassu-s4 e-flex e-con-boxed e-con e-parent\" data-id=\"iwgs-lamassu-s4\" data-element_type=\"container\" data-e-type=\"container\">\n\t\t\t\t\t<div class=\"e-con-inner\">\n\t\t\t\t<div class=\"elementor-element elementor-element-iwgs-lamassu-s4h elementor-widget elementor-widget-heading\" data-id=\"iwgs-lamassu-s4h\" data-element_type=\"widget\" data-e-type=\"widget\" data-widget_type=\"heading.default\">\n\t\t\t\t\t<h2 class=\"elementor-heading-title elementor-size-default\">Vernd hallarins<\/h2>\t\t\t\t<\/div>\n\t\t<div class=\"elementor-element elementor-element-iwgs-lamassu-s4box e-con-full e-flex e-con e-parent\" data-id=\"iwgs-lamassu-s4box\" data-element_type=\"container\" data-e-type=\"container\">\n\t\t\t\t<div class=\"elementor-element elementor-element-iwgs-lamassu-s4t elementor-widget elementor-widget-text-editor\" data-id=\"iwgs-lamassu-s4t\" data-element_type=\"widget\" data-e-type=\"widget\" data-widget_type=\"text-editor.default\">\n\t\t\t\t\t\t\t\t\t<p>Hinar miklu lamassu-styttur tilheyr\u00f0u ass\u00fdr\u00edsku h\u00f6llunum. \u00deessar hallir voru b\u00e6\u00f0i b\u00fasta\u00f0ir og valdasetur ass\u00fdr\u00edsku konunganna og \u00e1 sama t\u00edma st\u00f3rfengleg mannvirki til a\u00f0 s\u00fdna m\u00e1tt \u00feeirra.<\/p><p>Lamassu-veran vernda\u00f0i h\u00f6llina og valdhafa hennar. H\u00fan var\u00f0ist ska\u00f0legum m\u00e1ttarv\u00f6ldum sem hef\u00f0u geta\u00f0 or\u00f0i\u00f0 konunginum og valdsetri hans h\u00e6ttuleg.<\/p><p>\u00c1 sama t\u00edma var lamassu t\u00e1kn konungsvaldsins. St\u00e6r\u00f0 hennar, vanda\u00f0 handverk og vir\u00f0uleg \u00e1s\u00fdnd s\u00fdndu st\u00f6\u00f0u \u00feess sem h\u00f6llina \u00e1tti og h\u00fan g\u00e6tti.<\/p><p>Vernd og valdat\u00e1kn f\u00f3ru saman \u00ed lamassu. S\u00e1 sem gekk inn \u00ed h\u00f6llina \u00e1tti a\u00f0 skynja verndina sem yfir honum l\u00e1 og samt\u00edmis finna fyrir m\u00e6tti valdhafans.<\/p><p>Lamassu-styttunum var oft fylgt me\u00f0 \u00e1letrunum. \u00deessar \u00e1letranir nefndu oft konunginn sem l\u00e9t reisa h\u00f6llina og lofu\u00f0u afrek hans. Mynd og texti heyr\u00f0u einnig h\u00e9r saman.<\/p><p>Lamassu er \u00feannig verndargripur sem var \u00f3a\u00f0skiljanlega tengdur konungd\u00f3minum. H\u00fan var\u00f0veitti ekki einstakt h\u00fas heldur h\u00f6llina, mi\u00f0st\u00f6\u00f0 valdsins.<\/p>\t\t\t\t\t\t\t\t<\/div>\n\t\t\t\t<\/div>\n\t\t\t\t\t<\/div>\n\t\t\t\t<\/div>\n\t\t<div class=\"elementor-element elementor-element-iwgs-lamassu-s5 e-flex e-con-boxed e-con e-parent\" data-id=\"iwgs-lamassu-s5\" data-element_type=\"container\" data-e-type=\"container\">\n\t\t\t\t\t<div class=\"e-con-inner\">\n\t\t\t\t<div class=\"elementor-element elementor-element-iwgs-lamassu-s5h elementor-widget elementor-widget-heading\" data-id=\"iwgs-lamassu-s5h\" data-element_type=\"widget\" data-e-type=\"widget\" data-widget_type=\"heading.default\">\n\t\t\t\t\t<h2 class=\"elementor-heading-title elementor-size-default\">Verndarv\u00e6ttir \u00ed hinum forna Austurl\u00f6ndum<\/h2>\t\t\t\t<\/div>\n\t\t<div class=\"elementor-element elementor-element-iwgs-lamassu-s5box e-con-full e-flex e-con e-parent\" data-id=\"iwgs-lamassu-s5box\" data-element_type=\"container\" data-e-type=\"container\">\n\t\t\t\t<div class=\"elementor-element elementor-element-iwgs-lamassu-s5t elementor-widget elementor-widget-text-editor\" data-id=\"iwgs-lamassu-s5t\" data-element_type=\"widget\" data-e-type=\"widget\" data-widget_type=\"text-editor.default\">\n\t\t\t\t\t\t\t\t\t<p>Lamassu var ekki eini verndarandinn \u00ed hinum forna Austurl\u00f6ndum. Mes\u00f3p\u00f3tam\u00edsk hugmyndaver\u00f6ld \u00feekkti fj\u00f6lda verndarv\u00e6tta sem \u00e6tla\u00f0 var a\u00f0 var\u00f0veita byggingar og f\u00f3lk.<\/p><p>Me\u00f0al \u00feessara verndarv\u00e6tta voru, auk v\u00e6ngja\u00f0ra hli\u00f0arvar\u00f0a, a\u00f0rar ger\u00f0ir, me\u00f0al annars <span class=\"iwg-fachbegriff\" data-tooltip=\"Vitrar samsettar verur \u00far mes\u00f3p\u00f3tam\u00edskri hef\u00f0, nota\u00f0ar sem verndarmyndir \u00e1 byggingum.\" tabindex=\"0\">Apkallu<\/span>-styttur, sem grafnar voru undir g\u00f3lf h\u00fasa. \u00c1 s\u00ed\u00f0unni um <a href=\"https:\/\/iwell-guard.com\/is\/?page_id=169167\">Apkallu<\/a> er \u00feeim l\u00fdst n\u00e1nar.<\/p><p>\u00deessar verndarv\u00e6ttir myndu\u00f0u saman kerfi til a\u00f0 vernda byggingar. Mismunandi verur g\u00e6ttu mismunandi sta\u00f0a, hli\u00f0anna, veggjanna, g\u00f3lfanna og \u00fer\u00f6skuldanna.<\/p><p>Innan \u00feessa kerfis var lamassu v\u00f6r\u00f0ur hins mikla inngangs. Hlutverk hennar var s\u00fdnileg, st\u00f3rfengleg var\u00f0sta\u00f0a vi\u00f0 hli\u00f0i\u00f0.<\/p><p>Verndarv\u00e6ttirnir voru taldir velvilju\u00f0 m\u00e1ttarv\u00f6ld sem st\u00f6rfu\u00f0u \u00ed umbo\u00f0i gu\u00f0anna e\u00f0a \u00ed samr\u00e6mi vi\u00f0 vilja \u00feeirra. \u00deeir st\u00f3\u00f0u me\u00f0 reglu og skipulagi og gegn m\u00e1ttarv\u00f6ldum ringulrei\u00f0arins.<\/p><p>Lamassu tilheyrir \u00feannig st\u00e6rra samhengi. H\u00fan er ekki einangru\u00f0 vera heldur hluti af heilum heimi verndarv\u00e6tta sem hinn forni Austurl\u00f6nd umkringdu byggingar s\u00ednar me\u00f0.<\/p>\t\t\t\t\t\t\t\t<\/div>\n\t\t\t\t<\/div>\n\t\t\t\t\t<\/div>\n\t\t\t\t<\/div>\n\t\t<div class=\"elementor-element elementor-element-iwgs-lamassu-s6 e-flex e-con-boxed e-con e-parent\" data-id=\"iwgs-lamassu-s6\" data-element_type=\"container\" data-e-type=\"container\">\n\t\t\t\t\t<div class=\"e-con-inner\">\n\t\t\t\t<div class=\"elementor-element elementor-element-iwgs-lamassu-s6h elementor-widget elementor-widget-heading\" data-id=\"iwgs-lamassu-s6h\" data-element_type=\"widget\" data-e-type=\"widget\" data-widget_type=\"heading.default\">\n\t\t\t\t\t<h2 class=\"elementor-heading-title elementor-size-default\">Fr\u00e1 h\u00f6llinni til sm\u00e1rrar eftirmyndar<\/h2>\t\t\t\t<\/div>\n\t\t<div class=\"elementor-element elementor-element-iwgs-lamassu-s6box e-con-full e-flex e-con e-parent\" data-id=\"iwgs-lamassu-s6box\" data-element_type=\"container\" data-e-type=\"container\">\n\t\t\t\t<div class=\"elementor-element elementor-element-iwgs-lamassu-s6t elementor-widget elementor-widget-text-editor\" data-id=\"iwgs-lamassu-s6t\" data-element_type=\"widget\" data-e-type=\"widget\" data-widget_type=\"text-editor.default\">\n\t\t\t\t\t\t\t\t\t<p>Lamassu er \u00feekktust fyrir hinar st\u00f3rfenglegu hli\u00f0arstyttur. En verndarm\u00e1ttur lamassu takmarka\u00f0ist ekki vi\u00f0 \u00feessar risav\u00f6xnu steinmyndir.<\/p><p>Til voru einnig sm\u00e1ar eftirmyndir af lamassu og tengdum verndarv\u00e6ttum. Sl\u00edkar litlar styttur m\u00e1tti setja upp \u00ed h\u00fasum e\u00f0a nota \u00ed byggingum.<\/p><p>S\u00e9rstaklega \u00feekktur er <span class=\"iwg-fachbegriff\" data-tooltip=\"Hef\u00f0bundin ath\u00f6fn sem er reglulega endurtekin innan samf\u00e9lags.\" tabindex=\"0\">si\u00f0urinn<\/span> a\u00f0 nota sm\u00e1ar verndarstyttur vi\u00f0 byggingu h\u00fasa. \u00de\u00e6r voru settar \u00ed g\u00f3lfi\u00f0 e\u00f0a \u00ed veggina til a\u00f0 tryggja \u00f6ryggi mannvirkisins fr\u00e1 grunni.<\/p><p>\u00deannig n\u00e1\u00f0i verndarm\u00e1ttur hinna v\u00e6ngju\u00f0u v\u00e6tta fr\u00e1 h\u00f6llinni til hins venjulega h\u00fass. Hin st\u00f3ra steinmynd vi\u00f0 hallarhli\u00f0i\u00f0 og litla styttan \u00ed \u00edb\u00fa\u00f0arh\u00fasinu fylgdu s\u00f6mu verndarhugsun.<\/p><p>\u00deessi breidd er algengt einkenni verndargripa. S\u00f6mu hugmynd um vernd m\u00e1tti \u00fatf\u00e6ra b\u00e6\u00f0i \u00ed st\u00f3rfenglegri og h\u00f3gv\u00e6rri mynd, eftir a\u00f0st\u00e6\u00f0um og efnum.<\/p><p>Lamassu s\u00fdnir \u00feessa breidd s\u00e9rstaklega vel. H\u00fan spannar fr\u00e1 margra metra h\u00e1rri hli\u00f0arstyttu konungshallarins til sm\u00e1rrar verndarstyttu sem \u00e6tla\u00f0 var a\u00f0 var\u00f0veita einfalt h\u00fas.<\/p>\t\t\t\t\t\t\t\t<\/div>\n\t\t\t\t<\/div>\n\t\t\t\t\t<\/div>\n\t\t\t\t<\/div>\n\t\t<div class=\"elementor-element elementor-element-iwgs-lamassu-s7 e-flex e-con-boxed e-con e-parent\" data-id=\"iwgs-lamassu-s7\" data-element_type=\"container\" data-e-type=\"container\">\n\t\t\t\t\t<div class=\"e-con-inner\">\n\t\t\t\t<div class=\"elementor-element elementor-element-iwgs-lamassu-s7h elementor-widget elementor-widget-heading\" data-id=\"iwgs-lamassu-s7h\" data-element_type=\"widget\" data-e-type=\"widget\" data-widget_type=\"heading.default\">\n\t\t\t\t\t<h2 class=\"elementor-heading-title elementor-size-default\">Arfleif\u00f0 lamassu<\/h2>\t\t\t\t<\/div>\n\t\t<div class=\"elementor-element elementor-element-iwgs-lamassu-s7box e-con-full e-flex e-con e-parent\" data-id=\"iwgs-lamassu-s7box\" data-element_type=\"container\" data-e-type=\"container\">\n\t\t\t\t<div class=\"elementor-element elementor-element-iwgs-lamassu-s7t elementor-widget elementor-widget-text-editor\" data-id=\"iwgs-lamassu-s7t\" data-element_type=\"widget\" data-e-type=\"widget\" data-widget_type=\"text-editor.default\">\n\t\t\t\t\t\t\t\t\t<p>V\u00e6ngja\u00f0a verndarveran lamassu hefur langa s\u00f6gu \u00e1hrifa. Myndm\u00f3t\u00edf hinnar v\u00e6ngju\u00f0u samsettu veru n\u00e1\u00f0i \u00fat fyrir Mes\u00f3p\u00f3tam\u00edu og haf\u00f0i \u00e1hrif \u00e1 list n\u00e1l\u00e6gra menningarsv\u00e6\u00f0a.<\/p><p>V\u00e6ngja\u00f0ar <span class=\"iwg-fachbegriff\" data-tooltip=\"Vera sem sameinar einkenni fleiri l\u00edfvera \u00ed s\u00e9r.\" tabindex=\"0\">samsettar verur<\/span>, n\u00e1skyldar lamassu, koma v\u00ed\u00f0a fyrir \u00ed list hins forna Austurlanda og Mi\u00f0jar\u00f0arhafssv\u00e6\u00f0isins. <span class=\"iwg-fachbegriff\" data-tooltip=\"Endurteki\u00f0 efnislegt stef \u00ed list e\u00f0a fr\u00e1s\u00f6gn.\" tabindex=\"0\">M\u00f3t\u00edfi\u00f0<\/span> um v\u00e6ngja\u00f0a verndarveru var mj\u00f6g \u00fatbreitt.<\/p><p>Einnig \u00e1 s\u00ed\u00f0ari t\u00edmum hefur lamassu haldi\u00f0 \u00e1hrifum s\u00ednum. Fr\u00e1 \u00fev\u00ed ass\u00fdr\u00edsku hallirnar voru enduruppg\u00f6tva\u00f0ar \u00e1 19. \u00f6ld hafa hinar st\u00f3ru hli\u00f0arstyttur talist me\u00f0al \u00feekktustu listaverka hins forna Austurlanda.<\/p><p>Hinar st\u00f3rfenglegu lamassu-styttur m\u00e1 n\u00fa sj\u00e1 \u00ed fj\u00f6lda st\u00f3rra safna. \u00de\u00e6r eru me\u00f0al \u00e1hrifamestu vitnisbur\u00f0a fornaustur\u00adlenskrar listar og draga a\u00f0 s\u00e9r athygli margra sem \u00e1 \u00fe\u00e6r l\u00edta.<\/p><p>Hluti lamassu-styttanna hefur \u00e1 s\u00ed\u00f0ari t\u00edmum glatast vegna ey\u00f0ileggingar, \u00feegar mikilv\u00e6gir fundarsta\u00f0ir \u00ed \u00cdrak voru ey\u00f0ilag\u00f0ir. \u00deessi missir hefur gert var\u00f0veittu styttunar enn ver\u00f0m\u00e6tari.<\/p><p>Lamassu er \u00feannig verndarvera sem hefur sta\u00f0i\u00f0 af s\u00e9r \u00e1r\u00fe\u00fasundir. Sem v\u00e6ngja\u00f0ur hli\u00f0arv\u00f6r\u00f0ur g\u00e6tti h\u00fan halla hins forna Austurlanda, og sem \u00e1hrifamiki\u00f0 listaverk er h\u00fan enn \u00ed dag <span class=\"iwg-fachbegriff\" data-tooltip=\"Sk\u00fdr mynd sem t\u00e1knar hugmynd e\u00f0a hugtak.\" tabindex=\"0\">t\u00e1kn<\/span> \u00feessa horfna heims.<\/p>\t\t\t\t\t\t\t\t<\/div>\n\t\t\t\t<\/div>\n\t\t\t\t\t<\/div>\n\t\t\t\t<\/div>\n\t\t<div class=\"elementor-element elementor-element-iwgs-lamassu-s8 e-flex e-con-boxed e-con e-parent\" data-id=\"iwgs-lamassu-s8\" data-element_type=\"container\" data-e-type=\"container\">\n\t\t\t\t\t<div class=\"e-con-inner\">\n\t\t\t\t<div class=\"elementor-element elementor-element-iwgs-lamassu-s8h elementor-widget elementor-widget-heading\" data-id=\"iwgs-lamassu-s8h\" data-element_type=\"widget\" data-e-type=\"widget\" data-widget_type=\"heading.default\">\n\t\t\t\t\t<h2 class=\"elementor-heading-title elementor-size-default\">M\u00f3tt\u00f6kur \u00ed dag<\/h2>\t\t\t\t<\/div>\n\t\t<div class=\"elementor-element elementor-element-iwgs-lamassu-s8box e-con-full e-flex e-con e-parent\" data-id=\"iwgs-lamassu-s8box\" data-element_type=\"container\" data-e-type=\"container\">\n\t\t\t\t<div class=\"elementor-element elementor-element-iwgs-lamassu-s8t elementor-widget elementor-widget-text-editor\" data-id=\"iwgs-lamassu-s8t\" data-element_type=\"widget\" data-e-type=\"widget\" data-widget_type=\"text-editor.default\">\n\t\t\t\t\t\t\t\t\t<p>Lamassu tilheyrir \u00ed dag me\u00f0al \u00feekktustu listaverka hins forna Austurlanda. Hinir st\u00f3ru v\u00e6ngju\u00f0u hli\u00f0arver\u00f0ir eru or\u00f0nir \u00e1hrifamiki\u00f0 <span class=\"iwg-fachbegriff\" data-tooltip=\"Sk\u00fdr mynd sem t\u00e1knar hugmynd e\u00f0a hugtak.\" tabindex=\"0\">t\u00e1kn<\/span> ass\u00fdr\u00edskrar menningar.<\/p><p>\u00cd s\u00f6fnum eins og British Museum \u00ed London, Louvre \u00ed Par\u00eds og fleiri s\u00f6fnum m\u00e1 sj\u00e1 st\u00f3rfenglegar lamassu-styttur. \u00de\u00e6r eru me\u00f0al fremstu gripa \u00feessara safna.<\/p><p>Mynd lamassu er einnig notu\u00f0 \u00ed samt\u00edmanum. H\u00fan kemur fram \u00ed h\u00f6nnun, \u00ed list og sem t\u00e1kn sem v\u00edsar til menningar hins forna Austurlanda.<\/p><p>Fyrir ranns\u00f3knir \u00e1 fornaustur\u00adlenskri menningu hefur lamassu miki\u00f0 gildi. Styttur hennar, \u00e1letranir og sta\u00f0setning vi\u00f0 hli\u00f0in veita inns\u00fdn \u00ed verndarhugsun og valdat\u00e1kn ass\u00fdr\u00edsku konunganna.<\/p><p>Lamassu s\u00fdnir a\u00f0 vernd \u00fer\u00f6skulda var mikilv\u00e6gt m\u00e1lefni \u00ed hinum forna Austurl\u00f6ndum. Vi\u00f0 mikilv\u00e6gustu \u00fer\u00f6skuldana, hallarhli\u00f0in, st\u00f3\u00f0u st\u00e6rstu og \u00e1hrifamestu verndarstytturnar.<\/p><p>\u00deannig er lamassu \u00e1hrifamiki\u00f0 d\u00e6mi um verndarveru af st\u00f3rfenglegri st\u00e6r\u00f0. H\u00fan var v\u00f6r\u00f0ur, mannvirki og valdat\u00e1kn \u00ed senn, og h\u00fan tilheyrir hinum miklu \u00fer\u00f6skuldav\u00f6r\u00f0um sem mannkyni\u00f0 hefur skapa\u00f0.<\/p>\t\t\t\t\t\t\t\t<\/div>\n\t\t\t\t<\/div>\n\t\t\t\t\t<\/div>\n\t\t\t\t<\/div>\n\t\t<div class=\"elementor-element elementor-element-iwgs-lamassu-lit e-flex e-con-boxed e-con e-parent\" data-id=\"iwgs-lamassu-lit\" data-element_type=\"container\" data-e-type=\"container\">\n\t\t\t\t\t<div class=\"e-con-inner\">\n\t\t\t\t<div class=\"elementor-element elementor-element-iwgs-lamassu-lith elementor-widget elementor-widget-heading\" data-id=\"iwgs-lamassu-lith\" data-element_type=\"widget\" data-e-type=\"widget\" data-widget_type=\"heading.default\">\n\t\t\t\t\t<h2 class=\"elementor-heading-title elementor-size-default\">Heimildir (\u00farval)<\/h2>\t\t\t\t<\/div>\n\t\t<div class=\"elementor-element elementor-element-iwgs-lamassu-litbox e-con-full e-flex e-con e-parent\" data-id=\"iwgs-lamassu-litbox\" data-element_type=\"container\" data-e-type=\"container\">\n\t\t\t\t<div class=\"elementor-element elementor-element-iwgs-lamassu-litt elementor-widget elementor-widget-html\" data-id=\"iwgs-lamassu-litt\" data-element_type=\"widget\" data-e-type=\"widget\" data-widget_type=\"html.default\">\n\t\t\t\t\t<footer data-nosnippet=\"true\"><ul><li>Frans A. M. Wiggermann: <em>Mesopotamian Protective Spirits. The Ritual Texts<\/em> (1992)<\/li><li>Jeremy Black, Anthony Green: <em>Gods, Demons and Symbols of Ancient Mesopotamia<\/em> (1992)<\/li><li>Eckart Frahm (ritstj.): <em>A Companion to Assyria<\/em> (2017)<\/li><li>Pauline Albenda: <em>The Palace of Sargon, King of Assyria<\/em> (1986)<\/li><li>Julian Reade: <em>Assyrian Sculpture<\/em> (1983)<\/li><\/ul><\/footer>\t\t\t\t<\/div>\n\t\t\t\t<\/div>\n\t\t\t\t\t<\/div>\n\t\t\t\t<\/div>\n\t\t<div class=\"elementor-element elementor-element-iwgs-lamassu-kwd e-flex e-con-boxed e-con e-parent\" data-id=\"iwgs-lamassu-kwd\" data-element_type=\"container\" data-e-type=\"container\">\n\t\t\t\t\t<div class=\"e-con-inner\">\n\t\t\t\t<div class=\"elementor-element elementor-element-iwgs-lamassu-kwdt elementor-widget elementor-widget-text-editor\" data-id=\"iwgs-lamassu-kwdt\" data-element_type=\"widget\" data-e-type=\"widget\" data-widget_type=\"text-editor.default\">\n\t\t\t\t\t\t\t\t\t<p><em>Tengd leitaror\u00f0: Lamassu Schedu hli\u00f0v\u00f6r\u00f0ur <span class=\"iwg-fachbegriff\" data-tooltip=\"Vera sem sameinar einkenni \u00fdmissa l\u00edfvera.\" tabindex=\"0\">blendingsvera<\/span> Ass\u00fdr\u00eda verndun \u00fer\u00f6skulda verndarandi Mes\u00f3p\u00f3tam\u00eda h\u00f6ll.<\/em><\/p>\t\t\t\t\t\t\t\t<\/div>\n\t\t\t\t\t<\/div>\n\t\t\t\t<\/div>\n\t\t<div class=\"elementor-element elementor-element-iwgs-lamassu-cc e-flex e-con-boxed e-con e-parent\" data-id=\"iwgs-lamassu-cc\" data-element_type=\"container\" data-e-type=\"container\" id=\"iwg-cc-lamassu\">\n\t\t\t\t\t<div class=\"e-con-inner\">\n\t\t<div class=\"elementor-element elementor-element-iwgs-lamassu-ccinner e-flex e-con-boxed e-con e-parent\" data-id=\"iwgs-lamassu-ccinner\" data-element_type=\"container\" data-e-type=\"container\" data-settings=\"{&quot;background_background&quot;:&quot;classic&quot;}\">\n\t\t\t\t\t<div class=\"e-con-inner\">\n\t\t\t\t<div class=\"elementor-element elementor-element-iwgs-lamassu-cch elementor-widget elementor-widget-heading\" data-id=\"iwgs-lamassu-cch\" data-element_type=\"widget\" data-e-type=\"widget\" data-widget_type=\"heading.default\">\n\t\t\t\t\t<h2 class=\"elementor-heading-title elementor-size-default\">iWell Guard og verndarhef\u00f0ir<\/h2>\t\t\t\t<\/div>\n\t\t\t\t<div class=\"elementor-element elementor-element-iwgs-lamassu-cct elementor-widget elementor-widget-text-editor\" data-id=\"iwgs-lamassu-cct\" data-element_type=\"widget\" data-e-type=\"widget\" data-widget_type=\"text-editor.default\">\n\t\t\t\t\t\t\t\t\t<p>iWell Guard er hluti af \u00feeirri menningars\u00f6gulegu hef\u00f0 fars\u00edma verndargripa sem Lamassu tilheyrir einnig. N\u00fat\u00edmalegur fylgihlutur fyrir f\u00f3lk sem lifir me\u00f0 verndart\u00e1knum: framleiddur \u00ed \u00de\u00fdskalandi, 41 lag af sk\u00edragulli, plat\u00ednu og silfri, me\u00f0 30 daga skilar\u00e9tti.<\/p>\t\t\t\t\t\t\t\t<\/div>\n\t\t\t\t<div class=\"elementor-element elementor-element-iwgs-lamassu-ccb iwg-cc-button iwg-cc-cta-2026-05-13 elementor-widget elementor-widget-jet-button\" data-id=\"iwgs-lamassu-ccb\" data-element_type=\"widget\" data-e-type=\"widget\" data-widget_type=\"jet-button.default\">\n\t\t\t\t<div class=\"elementor-widget-container\">\n\t\t\t\t\t<div class=\"elementor-jet-button jet-elements\"><div class=\"jet-button__container\"><a class=\"jet-button__instance jet-button__instance--icon-left hover-effect-1\" href=\"\/schutzanhaenger-iwell-guard-kaufen\/?utm_source=iwell-guard.com&amp;utm_medium=info-box&amp;utm_campaign=schutzsymbole\"><div class=\"jet-button__plane jet-button__plane-normal\"><\/div><div class=\"jet-button__plane jet-button__plane-hover\"><\/div><div class=\"jet-button__state jet-button__state-normal\"><span class=\"jet-button__label\">Meira um iWell Guard<\/span><\/div><div class=\"jet-button__state jet-button__state-hover\"><span class=\"jet-button__label\">Meira um iWell Guard<\/span><\/div><\/a><\/div><\/div><style>.elementor-element.elementor-element-iwgs-lamassu-ccb .jet-button__instance{width:320px;height:56px;}.elementor-element.elementor-element-iwgs-lamassu-ccb .jet-button__state-normal .jet-button__label{text-align:center;margin:0px 0px 0px 0px;color:#1a1b20;font-family:Montserrat,sans-serif;font-size:13px;font-weight:400;letter-spacing:4px;line-height:1.714em;text-transform:uppercase;}.elementor-element.elementor-element-iwgs-lamassu-ccb .jet-button__state-hover .jet-button__label{text-align:center;margin:0px 0px 0px 0px;color:#FECC76;font-family:Montserrat,sans-serif;font-size:13px;font-weight:400;letter-spacing:4px;line-height:1.714em;text-transform:uppercase;}.elementor-element.elementor-element-iwgs-lamassu-ccb .jet-button__plane-normal{background-color:#FECC76;border-style:solid;border-color:#C99540;border-width:2px 2px 2px 2px;}.elementor-element.elementor-element-iwgs-lamassu-ccb .jet-button__plane-hover{background-color:rgba(0,0,0,0.55);border-style:solid;border-color:#FECC76;border-width:2px 2px 2px 2px;}<\/style>\t\t\t\t<\/div>\n\t\t\t\t<\/div>\n\t\t\t\t<div class=\"elementor-element elementor-element-iwgs-lamassu-ccd elementor-widget elementor-widget-text-editor\" data-id=\"iwgs-lamassu-ccd\" data-element_type=\"widget\" data-e-type=\"widget\" data-widget_type=\"text-editor.default\">\n\t\t\t\t\t\t\t\t\t<p style=\"text-align:center;font-size:13px;opacity:0.7;margin-top:14px\" data-nosnippet=\"true\">Pers\u00f3nuleg reynsla getur veri\u00f0 mismunandi. Ekki l\u00e6kningat\u00e6ki. Engin lofor\u00f0 um l\u00e6kningu.<\/p>\t\t\t\t\t\t\t\t<\/div>\n\t\t\t\t\t<\/div>\n\t\t\t\t<\/div>\n\t\t\t\t\t<\/div>\n\t\t\t\t<\/div>\n\t\t<div class=\"elementor-element elementor-element-iwgs-lamassu-disc e-flex e-con-boxed e-con e-parent\" data-id=\"iwgs-lamassu-disc\" data-element_type=\"container\" data-e-type=\"container\">\n\t\t\t\t\t<div class=\"e-con-inner\">\n\t\t\t\t<div class=\"elementor-element elementor-element-iwgs-lamassu-discw elementor-widget elementor-widget-html\" data-id=\"iwgs-lamassu-discw\" data-element_type=\"widget\" data-e-type=\"widget\" data-widget_type=\"html.default\">\n\t\t\t\t\t<footer data-nosnippet=\"true\" class=\"iwg-disclaimer-block\"><p data-nosnippet=\"true\">iWell Guard er <strong>ekki l\u00e6kningat\u00e6ki<\/strong> og kemur ekki \u00ed sta\u00f0 l\u00e6knis- e\u00f0a s\u00e1lfr\u00e6\u00f0ime\u00f0fer\u00f0ar. Innihaldi\u00f0 sem h\u00e9r er sett fram er tr\u00faarbrag\u00f0afr\u00e6\u00f0ileg og menningars\u00f6gulega greining, ekki lofor\u00f0 um andlega virkni.<\/p><\/footer>\t\t\t\t<\/div>\n\t\t\t\t\t<\/div>\n\t\t\t\t<\/div>\n\t\t\t\t<\/div>\n\t\t","protected":false},"excerpt":{"rendered":"","protected":false},"author":3,"featured_media":3477,"parent":0,"menu_order":0,"comment_status":"closed","ping_status":"closed","template":"elementor_header_footer","meta":{"_yoast_wpseo_focuskw":"Lamassu","_yoast_wpseo_title":"Lamassu \u2013 v\u00e6ngja\u00f0ur dyrav\u00f6r\u00f0ur","_yoast_wpseo_metadesc":"Lamassu er hinn v\u00e6ngja\u00f0i dyrav\u00f6r\u00f0ur Mes\u00f3p\u00f3tam\u00edu, h\u00e1lfur naut, h\u00e1lfur ma\u00f0ur. Ger\u00f0, verndarhlutverk og merking \u00fatsk\u00fdr\u00f0.","_yoast_wpseo_meta-robots-noindex":"","_yoast_wpseo_canonical":"","_angie_page":false,"gefaehrdungsstufe":"","wesen_kultur":"","wesen_klasse":"","footnotes":""},"categories":[],"class_list":["post-169166","page","type-page","status-publish","has-post-thumbnail","hentry"],"yoast_head":"<!-- This site is optimized with the Yoast SEO Premium plugin v27.7 (Yoast SEO v28.3) - https:\/\/yoast.com\/product\/yoast-seo-premium-wordpress\/ -->\n<title>Lamassu \u2013 v\u00e6ngja\u00f0ur dyrav\u00f6r\u00f0ur<\/title>\n<meta name=\"description\" content=\"Lamassu er hinn v\u00e6ngja\u00f0i dyrav\u00f6r\u00f0ur Mes\u00f3p\u00f3tam\u00edu, h\u00e1lfur naut, h\u00e1lfur ma\u00f0ur. Ger\u00f0, verndarhlutverk og merking \u00fatsk\u00fdr\u00f0.\" \/>\n<meta name=\"robots\" content=\"index, follow, max-snippet:-1, max-image-preview:large, max-video-preview:-1\" \/>\n<link rel=\"canonical\" href=\"https:\/\/iwell-guard.com\/is\/lamassu-vaengjadur-dyravordur-mesopotamiu\/\" \/>\n<meta property=\"og:locale\" content=\"is_IS\" \/>\n<meta property=\"og:type\" content=\"article\" \/>\n<meta property=\"og:title\" content=\"Lamassu \u2013 hinn v\u00e6ngja\u00f0i dyrav\u00f6r\u00f0ur Mes\u00f3p\u00f3tam\u00edu\" \/>\n<meta property=\"og:description\" content=\"Lamassu er hinn v\u00e6ngja\u00f0i dyrav\u00f6r\u00f0ur Mes\u00f3p\u00f3tam\u00edu, h\u00e1lfur naut, h\u00e1lfur ma\u00f0ur. Ger\u00f0, verndarhlutverk og merking \u00fatsk\u00fdr\u00f0.\" \/>\n<meta property=\"og:url\" content=\"https:\/\/iwell-guard.com\/is\/lamassu-vaengjadur-dyravordur-mesopotamiu\/\" \/>\n<meta property=\"og:site_name\" content=\"iWell Guard\" \/>\n<meta property=\"article:modified_time\" content=\"2026-09-05T14:33:56+00:00\" \/>\n<meta property=\"og:image\" content=\"https:\/\/iwell-guard.com\/wp-content\/uploads\/2026\/05\/schutzsymbol_mesopotamien_lamassu.webp\" \/>\n\t<meta property=\"og:image:width\" content=\"1024\" \/>\n\t<meta property=\"og:image:height\" content=\"1536\" \/>\n\t<meta property=\"og:image:type\" content=\"image\/webp\" \/>\n<meta name=\"twitter:card\" content=\"summary_large_image\" \/>\n<script type=\"application\/ld+json\" class=\"yoast-schema-graph\">{\"@context\":\"https:\\\/\\\/schema.org\",\"@graph\":[{\"@type\":\"WebPage\",\"@id\":\"https:\\\/\\\/iwell-guard.com\\\/is\\\/lamassu-vaengjadur-dyravordur-mesopotamiu\\\/\",\"url\":\"https:\\\/\\\/iwell-guard.com\\\/is\\\/lamassu-vaengjadur-dyravordur-mesopotamiu\\\/\",\"name\":\"Lamassu \u2013 v\u00e6ngja\u00f0ur dyrav\u00f6r\u00f0ur\",\"isPartOf\":{\"@id\":\"https:\\\/\\\/iwell-guard.com\\\/is\\\/#website\"},\"primaryImageOfPage\":{\"@id\":\"https:\\\/\\\/iwell-guard.com\\\/is\\\/lamassu-vaengjadur-dyravordur-mesopotamiu\\\/#primaryimage\"},\"image\":{\"@id\":\"https:\\\/\\\/iwell-guard.com\\\/is\\\/lamassu-vaengjadur-dyravordur-mesopotamiu\\\/#primaryimage\"},\"thumbnailUrl\":\"https:\\\/\\\/iwell-guard.com\\\/wp-content\\\/uploads\\\/2026\\\/05\\\/schutzsymbol_mesopotamien_lamassu.webp\",\"datePublished\":\"2026-09-05T14:06:09+00:00\",\"dateModified\":\"2026-09-05T14:33:56+00:00\",\"description\":\"Lamassu er hinn v\u00e6ngja\u00f0i dyrav\u00f6r\u00f0ur Mes\u00f3p\u00f3tam\u00edu, h\u00e1lfur naut, h\u00e1lfur ma\u00f0ur. Ger\u00f0, verndarhlutverk og merking \u00fatsk\u00fdr\u00f0.\",\"breadcrumb\":{\"@id\":\"https:\\\/\\\/iwell-guard.com\\\/is\\\/lamassu-vaengjadur-dyravordur-mesopotamiu\\\/#breadcrumb\"},\"inLanguage\":\"is\",\"potentialAction\":[{\"@type\":\"ReadAction\",\"target\":[\"https:\\\/\\\/iwell-guard.com\\\/is\\\/lamassu-vaengjadur-dyravordur-mesopotamiu\\\/\"]}]},{\"@type\":\"ImageObject\",\"inLanguage\":\"is\",\"@id\":\"https:\\\/\\\/iwell-guard.com\\\/is\\\/lamassu-vaengjadur-dyravordur-mesopotamiu\\\/#primaryimage\",\"url\":\"https:\\\/\\\/iwell-guard.com\\\/wp-content\\\/uploads\\\/2026\\\/05\\\/schutzsymbol_mesopotamien_lamassu.webp\",\"contentUrl\":\"https:\\\/\\\/iwell-guard.com\\\/wp-content\\\/uploads\\\/2026\\\/05\\\/schutzsymbol_mesopotamien_lamassu.webp\",\"width\":1024,\"height\":1536,\"caption\":\"Verndart\u00e1kn. Myndskreyting \u00ed safnst\u00edl.\"},{\"@type\":\"BreadcrumbList\",\"@id\":\"https:\\\/\\\/iwell-guard.com\\\/is\\\/lamassu-vaengjadur-dyravordur-mesopotamiu\\\/#breadcrumb\",\"itemListElement\":[{\"@type\":\"ListItem\",\"position\":1,\"name\":\"Start\",\"item\":\"https:\\\/\\\/iwell-guard.com\\\/is\\\/?page_id=168580\"},{\"@type\":\"ListItem\",\"position\":2,\"name\":\"Lamassu \u2013 hinn v\u00e6ngja\u00f0i dyrav\u00f6r\u00f0ur Mes\u00f3p\u00f3tam\u00edu\"}]},{\"@type\":\"WebSite\",\"@id\":\"https:\\\/\\\/iwell-guard.com\\\/is\\\/#website\",\"url\":\"https:\\\/\\\/iwell-guard.com\\\/is\\\/\",\"name\":\"iWell Guard\",\"description\":\"Schutz vor dunklen Einfl\u00fcssen\",\"publisher\":{\"@id\":\"https:\\\/\\\/iwell-guard.com\\\/is\\\/#organization\"},\"potentialAction\":[{\"@type\":\"SearchAction\",\"target\":{\"@type\":\"EntryPoint\",\"urlTemplate\":\"https:\\\/\\\/iwell-guard.com\\\/is\\\/?s={search_term_string}\"},\"query-input\":{\"@type\":\"PropertyValueSpecification\",\"valueRequired\":true,\"valueName\":\"search_term_string\"}}],\"inLanguage\":\"is\"},{\"@type\":\"Organization\",\"@id\":\"https:\\\/\\\/iwell-guard.com\\\/is\\\/#organization\",\"name\":\"Ittermann electronic GmbH\",\"url\":\"https:\\\/\\\/iwell-guard.com\\\/is\\\/\",\"logo\":{\"@type\":\"ImageObject\",\"inLanguage\":\"is\",\"@id\":\"https:\\\/\\\/iwell-guard.com\\\/is\\\/#\\\/schema\\\/logo\\\/image\\\/\",\"url\":\"https:\\\/\\\/iwell-guard.com\\\/wp-content\\\/uploads\\\/2026\\\/05\\\/Ittermann-Logo-1182x237-1.png\",\"contentUrl\":\"https:\\\/\\\/iwell-guard.com\\\/wp-content\\\/uploads\\\/2026\\\/05\\\/Ittermann-Logo-1182x237-1.png\",\"width\":1182,\"height\":237,\"caption\":\"Ittermann electronic GmbH\"},\"image\":{\"@id\":\"https:\\\/\\\/iwell-guard.com\\\/is\\\/#\\\/schema\\\/logo\\\/image\\\/\"},\"sameAs\":[\"https:\\\/\\\/pantip.com\\\/profile\\\/9367242\",\"https:\\\/\\\/micro.blog\\\/iwellguard\",\"https:\\\/\\\/www.diggerslist.com\\\/iwellguard\\\/about\",\"https:\\\/\\\/skitterphoto.com\\\/photographers\\\/2870314\\\/iwell-guard\",\"https:\\\/\\\/iwellguard.wordpress.com\\\/2026\\\/06\\\/06\\\/iwell-guard\\\/\",\"https:\\\/\\\/hub.docker.com\\\/u\\\/iwellguard\",\"https:\\\/\\\/www.pinterest.com\\\/iwellguard\\\/\",\"https:\\\/\\\/bit.ly\\\/m\\\/iwellguard\",\"https:\\\/\\\/entre-vos-mains.alsace.eu\\\/profiles\\\/iwellguard\\\/activity\",\"https:\\\/\\\/gravatar.com\\\/reallybeded8fd34\",\"https:\\\/\\\/naijamatta.com\\\/iwellguard\",\"https:\\\/\\\/www.goodreads.com\\\/iwellguard\",\"https:\\\/\\\/profile.hatena.ne.jp\\\/iwellguard\\\/\",\"https:\\\/\\\/experiment.com\\\/users\\\/iwellguard\",\"https:\\\/\\\/wakelet.com\\\/@iWellGuard82270\",\"https:\\\/\\\/www.chordie.com\\\/forum\\\/profile.php?id=2555664\",\"https:\\\/\\\/www.instapaper.com\\\/p\\\/17757966\",\"https:\\\/\\\/www.mapleprimes.com\\\/users\\\/iwellguard\",\"https:\\\/\\\/businesslistingplus.com\\\/profile\\\/iwell-guard\\\/\",\"https:\\\/\\\/telegra.ph\\\/iWell-Guard-06-06\",\"https:\\\/\\\/pbase.com\\\/iwellguard\\\/iwellguard\",\"https:\\\/\\\/b.hatena.ne.jp\\\/iwellguard\\\/20260607#bookmark-4788405196491818882\",\"https:\\\/\\\/fliphtml5.com\\\/home\\\/iwellguard\",\"https:\\\/\\\/anyflip.com\\\/homepage\\\/cmiwl#About\",\"https:\\\/\\\/transfur.com\\\/Users\\\/iwellguard\",\"http:\\\/\\\/delphi.larsbo.org\\\/user\\\/iwellguard\",\"https:\\\/\\\/jobs.lajobsportal.org\\\/profiles\\\/8380803-iwell-guard\",\"https:\\\/\\\/md.chaosdorf.de\\\/s\\\/jfbe5SBdJD\",\"https:\\\/\\\/www.lingvolive.com\\\/en-us\\\/profile\\\/9ecaeaca-ce11-4e51-9e71-01d55e2bff36\\\/translations\",\"https:\\\/\\\/www.fitday.com\\\/fitness\\\/forums\\\/members\\\/iwellguard.html\",\"https:\\\/\\\/www.mymeetbook.com\\\/iwellguard\",\"https:\\\/\\\/pxhere.com\\\/en\\\/photographer-me\\\/5040798\",\"https:\\\/\\\/disqus.com\\\/by\\\/iwellguard\\\/about\\\/\",\"https:\\\/\\\/pastelink.net\\\/hjwciqwq\",\"https:\\\/\\\/pubhtml5.com\\\/homepage\\\/scjhn\\\/\",\"https:\\\/\\\/www.bitchute.com\\\/channel\\\/2O2eOKzNqujT\",\"https:\\\/\\\/audiomack.com\\\/iwellguard\"]}]}<\/script>\n<!-- \/ Yoast SEO Premium plugin. -->","yoast_head_json":{"title":"Lamassu \u2013 v\u00e6ngja\u00f0ur dyrav\u00f6r\u00f0ur","description":"Lamassu er hinn v\u00e6ngja\u00f0i dyrav\u00f6r\u00f0ur Mes\u00f3p\u00f3tam\u00edu, h\u00e1lfur naut, h\u00e1lfur ma\u00f0ur. Ger\u00f0, verndarhlutverk og merking \u00fatsk\u00fdr\u00f0.","robots":{"index":"index","follow":"follow","max-snippet":"max-snippet:-1","max-image-preview":"max-image-preview:large","max-video-preview":"max-video-preview:-1"},"canonical":"https:\/\/iwell-guard.com\/is\/lamassu-vaengjadur-dyravordur-mesopotamiu\/","og_locale":"is_IS","og_type":"article","og_title":"Lamassu \u2013 hinn v\u00e6ngja\u00f0i dyrav\u00f6r\u00f0ur Mes\u00f3p\u00f3tam\u00edu","og_description":"Lamassu er hinn v\u00e6ngja\u00f0i dyrav\u00f6r\u00f0ur Mes\u00f3p\u00f3tam\u00edu, h\u00e1lfur naut, h\u00e1lfur ma\u00f0ur. Ger\u00f0, verndarhlutverk og merking \u00fatsk\u00fdr\u00f0.","og_url":"https:\/\/iwell-guard.com\/is\/lamassu-vaengjadur-dyravordur-mesopotamiu\/","og_site_name":"iWell Guard","article_modified_time":"2026-09-05T14:33:56+00:00","og_image":[{"width":1024,"height":1536,"url":"https:\/\/iwell-guard.com\/wp-content\/uploads\/2026\/05\/schutzsymbol_mesopotamien_lamassu.webp","type":"image\/webp"}],"twitter_card":"summary_large_image","schema":{"@context":"https:\/\/schema.org","@graph":[{"@type":"WebPage","@id":"https:\/\/iwell-guard.com\/is\/lamassu-vaengjadur-dyravordur-mesopotamiu\/","url":"https:\/\/iwell-guard.com\/is\/lamassu-vaengjadur-dyravordur-mesopotamiu\/","name":"Lamassu \u2013 v\u00e6ngja\u00f0ur dyrav\u00f6r\u00f0ur","isPartOf":{"@id":"https:\/\/iwell-guard.com\/is\/#website"},"primaryImageOfPage":{"@id":"https:\/\/iwell-guard.com\/is\/lamassu-vaengjadur-dyravordur-mesopotamiu\/#primaryimage"},"image":{"@id":"https:\/\/iwell-guard.com\/is\/lamassu-vaengjadur-dyravordur-mesopotamiu\/#primaryimage"},"thumbnailUrl":"https:\/\/iwell-guard.com\/wp-content\/uploads\/2026\/05\/schutzsymbol_mesopotamien_lamassu.webp","datePublished":"2026-09-05T14:06:09+00:00","dateModified":"2026-09-05T14:33:56+00:00","description":"Lamassu er hinn v\u00e6ngja\u00f0i dyrav\u00f6r\u00f0ur Mes\u00f3p\u00f3tam\u00edu, h\u00e1lfur naut, h\u00e1lfur ma\u00f0ur. Ger\u00f0, verndarhlutverk og merking \u00fatsk\u00fdr\u00f0.","breadcrumb":{"@id":"https:\/\/iwell-guard.com\/is\/lamassu-vaengjadur-dyravordur-mesopotamiu\/#breadcrumb"},"inLanguage":"is","potentialAction":[{"@type":"ReadAction","target":["https:\/\/iwell-guard.com\/is\/lamassu-vaengjadur-dyravordur-mesopotamiu\/"]}]},{"@type":"ImageObject","inLanguage":"is","@id":"https:\/\/iwell-guard.com\/is\/lamassu-vaengjadur-dyravordur-mesopotamiu\/#primaryimage","url":"https:\/\/iwell-guard.com\/wp-content\/uploads\/2026\/05\/schutzsymbol_mesopotamien_lamassu.webp","contentUrl":"https:\/\/iwell-guard.com\/wp-content\/uploads\/2026\/05\/schutzsymbol_mesopotamien_lamassu.webp","width":1024,"height":1536,"caption":"Verndart\u00e1kn. Myndskreyting \u00ed safnst\u00edl."},{"@type":"BreadcrumbList","@id":"https:\/\/iwell-guard.com\/is\/lamassu-vaengjadur-dyravordur-mesopotamiu\/#breadcrumb","itemListElement":[{"@type":"ListItem","position":1,"name":"Start","item":"https:\/\/iwell-guard.com\/is\/?page_id=168580"},{"@type":"ListItem","position":2,"name":"Lamassu \u2013 hinn v\u00e6ngja\u00f0i dyrav\u00f6r\u00f0ur Mes\u00f3p\u00f3tam\u00edu"}]},{"@type":"WebSite","@id":"https:\/\/iwell-guard.com\/is\/#website","url":"https:\/\/iwell-guard.com\/is\/","name":"iWell Guard","description":"Schutz vor dunklen Einfl\u00fcssen","publisher":{"@id":"https:\/\/iwell-guard.com\/is\/#organization"},"potentialAction":[{"@type":"SearchAction","target":{"@type":"EntryPoint","urlTemplate":"https:\/\/iwell-guard.com\/is\/?s={search_term_string}"},"query-input":{"@type":"PropertyValueSpecification","valueRequired":true,"valueName":"search_term_string"}}],"inLanguage":"is"},{"@type":"Organization","@id":"https:\/\/iwell-guard.com\/is\/#organization","name":"Ittermann electronic GmbH","url":"https:\/\/iwell-guard.com\/is\/","logo":{"@type":"ImageObject","inLanguage":"is","@id":"https:\/\/iwell-guard.com\/is\/#\/schema\/logo\/image\/","url":"https:\/\/iwell-guard.com\/wp-content\/uploads\/2026\/05\/Ittermann-Logo-1182x237-1.png","contentUrl":"https:\/\/iwell-guard.com\/wp-content\/uploads\/2026\/05\/Ittermann-Logo-1182x237-1.png","width":1182,"height":237,"caption":"Ittermann electronic GmbH"},"image":{"@id":"https:\/\/iwell-guard.com\/is\/#\/schema\/logo\/image\/"},"sameAs":["https:\/\/pantip.com\/profile\/9367242","https:\/\/micro.blog\/iwellguard","https:\/\/www.diggerslist.com\/iwellguard\/about","https:\/\/skitterphoto.com\/photographers\/2870314\/iwell-guard","https:\/\/iwellguard.wordpress.com\/2026\/06\/06\/iwell-guard\/","https:\/\/hub.docker.com\/u\/iwellguard","https:\/\/www.pinterest.com\/iwellguard\/","https:\/\/bit.ly\/m\/iwellguard","https:\/\/entre-vos-mains.alsace.eu\/profiles\/iwellguard\/activity","https:\/\/gravatar.com\/reallybeded8fd34","https:\/\/naijamatta.com\/iwellguard","https:\/\/www.goodreads.com\/iwellguard","https:\/\/profile.hatena.ne.jp\/iwellguard\/","https:\/\/experiment.com\/users\/iwellguard","https:\/\/wakelet.com\/@iWellGuard82270","https:\/\/www.chordie.com\/forum\/profile.php?id=2555664","https:\/\/www.instapaper.com\/p\/17757966","https:\/\/www.mapleprimes.com\/users\/iwellguard","https:\/\/businesslistingplus.com\/profile\/iwell-guard\/","https:\/\/telegra.ph\/iWell-Guard-06-06","https:\/\/pbase.com\/iwellguard\/iwellguard","https:\/\/b.hatena.ne.jp\/iwellguard\/20260607#bookmark-4788405196491818882","https:\/\/fliphtml5.com\/home\/iwellguard","https:\/\/anyflip.com\/homepage\/cmiwl#About","https:\/\/transfur.com\/Users\/iwellguard","http:\/\/delphi.larsbo.org\/user\/iwellguard","https:\/\/jobs.lajobsportal.org\/profiles\/8380803-iwell-guard","https:\/\/md.chaosdorf.de\/s\/jfbe5SBdJD","https:\/\/www.lingvolive.com\/en-us\/profile\/9ecaeaca-ce11-4e51-9e71-01d55e2bff36\/translations","https:\/\/www.fitday.com\/fitness\/forums\/members\/iwellguard.html","https:\/\/www.mymeetbook.com\/iwellguard","https:\/\/pxhere.com\/en\/photographer-me\/5040798","https:\/\/disqus.com\/by\/iwellguard\/about\/","https:\/\/pastelink.net\/hjwciqwq","https:\/\/pubhtml5.com\/homepage\/scjhn\/","https:\/\/www.bitchute.com\/channel\/2O2eOKzNqujT","https:\/\/audiomack.com\/iwellguard"]}]}},"_links":{"self":[{"href":"https:\/\/iwell-guard.com\/is\/wp-json\/wp\/v2\/pages\/169166","targetHints":{"allow":["GET"]}}],"collection":[{"href":"https:\/\/iwell-guard.com\/is\/wp-json\/wp\/v2\/pages"}],"about":[{"href":"https:\/\/iwell-guard.com\/is\/wp-json\/wp\/v2\/types\/page"}],"author":[{"embeddable":true,"href":"https:\/\/iwell-guard.com\/is\/wp-json\/wp\/v2\/users\/3"}],"replies":[{"embeddable":true,"href":"https:\/\/iwell-guard.com\/is\/wp-json\/wp\/v2\/comments?post=169166"}],"version-history":[{"count":0,"href":"https:\/\/iwell-guard.com\/is\/wp-json\/wp\/v2\/pages\/169166\/revisions"}],"wp:featuredmedia":[{"embeddable":true,"href":"https:\/\/iwell-guard.com\/is\/wp-json\/wp\/v2\/media\/3477"}],"wp:attachment":[{"href":"https:\/\/iwell-guard.com\/is\/wp-json\/wp\/v2\/media?parent=169166"}],"wp:term":[{"taxonomy":"category","embeddable":true,"href":"https:\/\/iwell-guard.com\/is\/wp-json\/wp\/v2\/categories?post=169166"}],"curies":[{"name":"wp","href":"https:\/\/api.w.org\/{rel}","templated":true}]}}