{"id":169165,"date":"2026-09-05T14:06:09","date_gmt":"2026-09-05T14:06:09","guid":{"rendered":"https:\/\/iwell-guard.com\/?page_id=169165"},"modified":"2026-09-05T14:33:53","modified_gmt":"2026-09-05T14:33:53","slug":"lamashtu-plakettan-verndartafla","status":"publish","type":"page","link":"https:\/\/iwell-guard.com\/is\/lamashtu-plakettan-verndartafla\/","title":{"rendered":"Lamaschtu-plakettan \u2013 verndartafla gegn s\u00e6ngurkonud\u00edsinni"},"content":{"rendered":"\t\t<div data-elementor-type=\"wp-page\" data-elementor-id=\"169165\" class=\"elementor elementor-169165 elementor-3655\" data-elementor-post-type=\"page\">\n\t\t\t\t<div class=\"elementor-element elementor-element-iwgs-lamaschtupla-hero e-flex e-con-boxed e-con e-parent\" data-id=\"iwgs-lamaschtupla-hero\" data-element_type=\"container\" data-e-type=\"container\">\n\t\t\t\t\t<div class=\"e-con-inner\">\n\t\t<div class=\"elementor-element elementor-element-iwgs-lamaschtupla-hl e-flex e-con-boxed e-con e-child\" data-id=\"iwgs-lamaschtupla-hl\" data-element_type=\"container\" data-e-type=\"container\">\n\t\t\t\t\t<div class=\"e-con-inner\">\n\t\t<div class=\"elementor-element elementor-element-iwgs-lamaschtupla-hlbox e-con-full e-flex e-con e-child\" data-id=\"iwgs-lamaschtupla-hlbox\" data-element_type=\"container\" data-e-type=\"container\">\n\t\t\t\t<div class=\"elementor-element elementor-element-iwgs-lamaschtupla-h1 elementor-widget elementor-widget-heading\" data-id=\"iwgs-lamaschtupla-h1\" data-element_type=\"widget\" data-e-type=\"widget\" data-widget_type=\"heading.default\">\n\t\t\t\t\t<h1 class=\"elementor-heading-title elementor-size-default\">Lamaschtu-plakettan \u2013 mes\u00f3p\u00f3tam\u00edsk verndartafla gegn d\u00edsinni<\/h1>\t\t\t\t<\/div>\n\t\t\t\t<div class=\"elementor-element elementor-element-iwgs-lamaschtupla-lead elementor-widget elementor-widget-text-editor\" data-id=\"iwgs-lamaschtupla-lead\" data-element_type=\"widget\" data-e-type=\"widget\" data-widget_type=\"text-editor.default\">\n\t\t\t\t\t\t\t\t\t<p><span class=\"iwg-fachbegriff\" data-tooltip=\"Mes\u00f3p\u00f3tam\u00edsk d\u00eds sem talin var h\u00e6tta fyrir \u00feunga\u00f0ar konur og n\u00fdbura.\" tabindex=\"0\">Lamaschtu<\/span>-plakettan er mes\u00f3p\u00f3tam\u00edsk verndartafla. H\u00fan s\u00fdnir hvernig hin \u00f3gnvekjandi s\u00e6ngurkonud\u00edsin <span class=\"iwg-fachbegriff\" data-tooltip=\"Mes\u00f3p\u00f3tam\u00edsk d\u00eds sem talin var h\u00e6tta fyrir \u00feunga\u00f0ar konur og n\u00fdbura.\" tabindex=\"0\">Lamaschtu<\/span> er hrakin ni\u00f0ur \u00ed undirheimana, og \u00e1tti a\u00f0 verjast \u00f3g\u00e6fu fyrir ofan r\u00fam m\u00e6\u00f0ra og barna.<\/p>\t\t\t\t\t\t\t\t<\/div>\n\t\t\t\t<\/div>\n\t\t\t\t<div class=\"elementor-element elementor-element-iwgs-lamaschtupla-pills elementor-widget elementor-widget-html\" data-id=\"iwgs-lamaschtupla-pills\" data-element_type=\"widget\" data-e-type=\"widget\" data-widget_type=\"html.default\">\n\t\t\t\t\t<div class=\"iwg-pill-row\"><span class=\"iwg-klasse-badge\" tabindex=\"0\" data-tooltip=\"Verndart\u00e1kn, verndargripur e\u00f0a \u00f3g\u00e6fuvarnandi hlutur.\">Verndart\u00e1kn<\/span><a href=\"https:\/\/iwell-guard.com\/is\/mesopotamia\/\" class=\"iwg-kultur-badge\" tabindex=\"0\" data-tooltip=\"Verndarhef\u00f0: Mes\u00f3p\u00f3tam\u00eda\">Mes\u00f3p\u00f3tam\u00eda<\/a><span class=\"iwg-tradition-badge\" tabindex=\"0\" data-tooltip=\"Hlutur e\u00f0a t\u00e1kn sem \u00e1 a\u00f0 verjast \u00f3g\u00e6fu og ska\u00f0legum \u00e1hrifum.\">\u00d3g\u00e6fuv\u00f6rn (ap\u00f3tr\u00f3pa\u00edkon)<\/span><\/div>\t\t\t\t<\/div>\n\t\t\t\t\t<\/div>\n\t\t\t\t<\/div>\n\t\t<div class=\"elementor-element elementor-element-iwgs-lamaschtupla-hr e-con-full e-flex e-con e-child\" data-id=\"iwgs-lamaschtupla-hr\" data-element_type=\"container\" data-e-type=\"container\">\n\t\t\t\t<div class=\"elementor-element elementor-element-iwgs-lamaschtupla-himg iwg-hero-image elementor-widget elementor-widget-image\" data-id=\"iwgs-lamaschtupla-himg\" data-element_type=\"widget\" data-e-type=\"widget\" data-widget_type=\"image.default\">\n\t\t\t\t\t\t\t\t\t\t\t\t\t\t\t<img fetchpriority=\"high\" decoding=\"async\" width=\"683\" height=\"1024\" src=\"https:\/\/iwell-guard.com\/wp-content\/uploads\/2026\/05\/schutzsymbol_mesopotamien_lamaschtu-plakette-683x1024.webp\" class=\"attachment-large size-large wp-image-170577\" alt=\"Lamashtu-hengiskraut - verndart\u00e1kn, safnfr\u00e6\u00f0ileg myndskreyting\" srcset=\"https:\/\/iwell-guard.com\/wp-content\/uploads\/2026\/05\/schutzsymbol_mesopotamien_lamaschtu-plakette-683x1024.webp 683w, https:\/\/iwell-guard.com\/wp-content\/uploads\/2026\/05\/schutzsymbol_mesopotamien_lamaschtu-plakette-200x300.webp 200w, https:\/\/iwell-guard.com\/wp-content\/uploads\/2026\/05\/schutzsymbol_mesopotamien_lamaschtu-plakette-768x1152.webp 768w, https:\/\/iwell-guard.com\/wp-content\/uploads\/2026\/05\/schutzsymbol_mesopotamien_lamaschtu-plakette.webp 1024w\" sizes=\"(max-width: 683px) 100vw, 683px\" \/>\t\t\t\t\t\t\t\t\t\t\t\t\t\t\t<\/div>\n\t\t\t\t<\/div>\n\t\t\t\t\t<\/div>\n\t\t\t\t<\/div>\n\t\t<div class=\"elementor-element elementor-element-iwgs-lamaschtupla-s0 e-flex e-con-boxed e-con e-parent\" data-id=\"iwgs-lamaschtupla-s0\" data-element_type=\"container\" data-e-type=\"container\">\n\t\t\t\t\t<div class=\"e-con-inner\">\n\t\t\t\t<div class=\"elementor-element elementor-element-iwgs-lamaschtupla-s0h elementor-widget elementor-widget-heading\" data-id=\"iwgs-lamaschtupla-s0h\" data-element_type=\"widget\" data-e-type=\"widget\" data-widget_type=\"heading.default\">\n\t\t\t\t\t<h2 class=\"elementor-heading-title elementor-size-default\">Yfirlit<\/h2>\t\t\t\t<\/div>\n\t\t<div class=\"elementor-element elementor-element-iwgs-lamaschtupla-s0box e-con-full e-flex e-con e-child\" data-id=\"iwgs-lamaschtupla-s0box\" data-element_type=\"container\" data-e-type=\"container\">\n\t\t\t\t<div class=\"elementor-element elementor-element-iwgs-lamaschtupla-s0t elementor-widget elementor-widget-text-editor\" data-id=\"iwgs-lamaschtupla-s0t\" data-element_type=\"widget\" data-e-type=\"widget\" data-widget_type=\"text-editor.default\">\n\t\t\t\t\t\t\t\t\t<p><span class=\"iwg-fachbegriff\" data-tooltip=\"Mes\u00f3p\u00f3tam\u00edsk d\u00eds sem talin var h\u00e6tta fyrir \u00feunga\u00f0ar konur og n\u00fdbura.\" tabindex=\"0\">Lamaschtu<\/span>-plakettan er verndargripur fr\u00e1 hinum forna Austurl\u00f6ndum n\u00e6r. Um er a\u00f0 r\u00e6\u00f0a litla t\u00f6flu \u00far bronsi e\u00f0a steini, \u00feakin myndum og textum. H\u00fan var \u00fatbreidd \u00ed <a href=\"https:\/\/iwell-guard.com\/is\/mesopotamia\/\">Mes\u00f3p\u00f3tam\u00edu<\/a>.<\/p><p>Plakettan sn\u00fdst gegn tiltekinni v\u00e6ttu, d\u00edsinni <span class=\"iwg-fachbegriff\" data-tooltip=\"Mes\u00f3p\u00f3tam\u00edsk d\u00eds sem talin var h\u00e6tta fyrir \u00feunga\u00f0ar konur og n\u00fdbura.\" tabindex=\"0\">Lamaschtu<\/span>. <span class=\"iwg-fachbegriff\" data-tooltip=\"Mes\u00f3p\u00f3tam\u00edsk d\u00eds sem talin var h\u00e6tta fyrir \u00feunga\u00f0ar konur og n\u00fdbura.\" tabindex=\"0\">Lamaschtu<\/span> var talin h\u00e6ttulegasta \u00f3gnin fyrir \u00feunga\u00f0ar konur, s\u00e6ngurkonur og n\u00fdf\u00e6dd b\u00f6rn.<\/p><p>\u00d3l\u00edkt bornu <span class=\"iwg-fachbegriff\" data-tooltip=\"Gripur sem borinn er \u00e1 l\u00edkamanum og talinn hafa verndandi, \u00f3g\u00e6fuhrekjandi \u00e1hrif.\" tabindex=\"0\">verndargripi<\/span> var plakettan hengd upp e\u00f0a reist. Sta\u00f0ur hennar var \u00edb\u00fa\u00f0arh\u00fasn\u00e6\u00f0i\u00f0, s\u00e9rstaklega n\u00e1l\u00e6gt r\u00faminu \u00fear sem m\u00f3\u00f0ir og barn hv\u00edldu.<\/p><p><span class=\"iwg-fachbegriff\" data-tooltip=\"Mes\u00f3p\u00f3tam\u00edsk d\u00eds sem talin var h\u00e6tta fyrir \u00feunga\u00f0ar konur og n\u00fdbura.\" tabindex=\"0\">Lamaschtu<\/span>-plakettan er n\u00e1tengd Pazuzu-<span class=\"iwg-fachbegriff\" data-tooltip=\"Gripur sem borinn er \u00e1 l\u00edkamanum og talinn hafa verndandi, \u00f3g\u00e6fuhrekjandi \u00e1hrif.\" tabindex=\"0\">verndargripnum<\/span>. \u00c1 m\u00f6rgum plakettum s\u00e9st Pazuzu-h\u00f6fu\u00f0, \u00fev\u00ed Pazuzu var m\u00e1ttarvaldi\u00f0 sem stillt var upp gegn <span class=\"iwg-fachbegriff\" data-tooltip=\"Mes\u00f3p\u00f3tam\u00edsk d\u00eds sem talin var h\u00e6tta fyrir \u00feunga\u00f0ar konur og n\u00fdbura.\" tabindex=\"0\">Lamaschtu<\/span>. \u00c1 s\u00ed\u00f0unni um <a href=\"https:\/\/iwell-guard.com\/is\/?page_id=169122\">Pazuzu-verndargripinn<\/a> er \u00feetta samhengi \u00fatsk\u00fdrt n\u00e1nar.<\/p><p>\u00cd <span class=\"iwg-fachbegriff\" data-tooltip=\"V\u00edsindin sem rannsaka tr\u00faarbr\u00f6g\u00f0 samanbur\u00f0arlega og \u00e1n tr\u00faarlegrar skuldbindingar.\" tabindex=\"0\">tr\u00faarbrag\u00f0afr\u00e6\u00f0um<\/span> er <span class=\"iwg-fachbegriff\" data-tooltip=\"Mes\u00f3p\u00f3tam\u00edsk d\u00eds sem talin var h\u00e6tta fyrir \u00feunga\u00f0ar konur og n\u00fdbura.\" tabindex=\"0\">Lamaschtu<\/span>-plakettan gott d\u00e6mi um verndargrip sem s\u00fdnir heila senu. \u00deetta er ekki eitt einangra\u00f0 t\u00e1kn, heldur mynd sem s\u00fdnir atbur\u00f0ar\u00e1s, nefnilega \u00fatleg\u00f0 d\u00edsarins.<\/p><p>Plakettan er me\u00f0al best ranns\u00f6ku\u00f0u verndargripa Mes\u00f3p\u00f3tam\u00edu. Fj\u00f6lmargir gripir hafa var\u00f0veist og m\u00e1 tengja \u00fe\u00e1 vi\u00f0 var\u00f0veitta galdratexta.<\/p>\t\t\t\t\t\t\t\t<\/div>\n\t\t\t\t<\/div>\n\t\t\t\t\t<\/div>\n\t\t\t\t<\/div>\n\t\t<div class=\"elementor-element elementor-element-iwgs-lamaschtupla-s1 e-flex e-con-boxed e-con e-parent\" data-id=\"iwgs-lamaschtupla-s1\" data-element_type=\"container\" data-e-type=\"container\">\n\t\t\t\t\t<div class=\"e-con-inner\">\n\t\t\t\t<div class=\"elementor-element elementor-element-iwgs-lamaschtupla-s1h elementor-widget elementor-widget-heading\" data-id=\"iwgs-lamaschtupla-s1h\" data-element_type=\"widget\" data-e-type=\"widget\" data-widget_type=\"heading.default\">\n\t\t\t\t\t<h2 class=\"elementor-heading-title elementor-size-default\">Lamaschtu, s\u00e6ngurkonud\u00edsin<\/h2>\t\t\t\t<\/div>\n\t\t<div class=\"elementor-element elementor-element-iwgs-lamaschtupla-s1box e-con-full e-flex e-con e-child\" data-id=\"iwgs-lamaschtupla-s1box\" data-element_type=\"container\" data-e-type=\"container\">\n\t\t\t\t<div class=\"elementor-element elementor-element-iwgs-lamaschtupla-s1t elementor-widget elementor-widget-text-editor\" data-id=\"iwgs-lamaschtupla-s1t\" data-element_type=\"widget\" data-e-type=\"widget\" data-widget_type=\"text-editor.default\">\n\t\t\t\t\t\t\t\t\t<p>Til a\u00f0 skilja plakettuna \u00fearf a\u00f0 kynnast d\u00edsinni <span class=\"iwg-fachbegriff\" data-tooltip=\"Mes\u00f3p\u00f3tam\u00edsk d\u00eds sem talin var h\u00e6tta fyrir \u00feunga\u00f0ar konur og n\u00fdbura.\" tabindex=\"0\">Lamaschtu<\/span>. <span class=\"iwg-fachbegriff\" data-tooltip=\"Mes\u00f3p\u00f3tam\u00edsk d\u00eds sem talin var h\u00e6tta fyrir \u00feunga\u00f0ar konur og n\u00fdbura.\" tabindex=\"0\">Lamaschtu<\/span> var \u00ed mes\u00f3p\u00f3tam\u00edskri hugmyndafr\u00e6\u00f0i skelfileg vera sem sneri s\u00e9r gegn m\u00e6\u00f0rum og b\u00f6rnum.<\/p><p><span class=\"iwg-fachbegriff\" data-tooltip=\"Mes\u00f3p\u00f3tam\u00edsk d\u00eds sem talin var h\u00e6tta fyrir \u00feunga\u00f0ar konur og n\u00fdbura.\" tabindex=\"0\">Lamaschtu<\/span> var talin d\u00f3ttir himingu\u00f0sins Anu. \u00d3l\u00edkt \u00f6\u00f0rum d\u00edsum breytti h\u00fan, samkv\u00e6mt sumum textum, af eigin frumkv\u00e6\u00f0i, ekki \u00ed umbo\u00f0i gu\u00f0anna. \u00dea\u00f0 ger\u00f0i hana s\u00e9rstaklega h\u00e6ttulega.<\/p><p><span class=\"iwg-fachbegriff\" data-tooltip=\"Mes\u00f3p\u00f3tam\u00edsk d\u00eds sem talin var h\u00e6tta fyrir \u00feunga\u00f0ar konur og n\u00fdbura.\" tabindex=\"0\">Lamaschtu<\/span> var eignu\u00f0 verstu b\u00f6lin sem g\u00e1tu hent m\u00f3\u00f0ur og barn. H\u00fan var talin valda f\u00f3sturl\u00e1tum, s\u00e6ngurkonus\u00f3tt og skj\u00f3tum dau\u00f0a ungbarna.<\/p><p><span class=\"iwg-fachbegriff\" data-tooltip=\"Mes\u00f3p\u00f3tam\u00edsk d\u00eds sem talin var h\u00e6tta fyrir \u00feunga\u00f0ar konur og n\u00fdbura.\" tabindex=\"0\">Lamaschtu<\/span> t\u00e1kna\u00f0i \u00feannig mj\u00f6g raunverulega h\u00e6ttu. F\u00e6\u00f0ing og fyrstu \u00e6vi\u00e1r voru \u00ed hinum forna heimi mikil \u00e1h\u00e6tta fyrir m\u00f3\u00f0ur og barn. <span class=\"iwg-fachbegriff\" data-tooltip=\"Mes\u00f3p\u00f3tam\u00edsk d\u00eds sem talin var h\u00e6tta fyrir \u00feunga\u00f0ar konur og n\u00fdbura.\" tabindex=\"0\">Lamaschtu<\/span> var dj\u00f6fulleg mynd \u00feessarar s\u00edvofandi \u00f3gnar.<\/p><p>N\u00e1nari umfj\u00f6llun um d\u00edsina er a\u00f0 finna \u00e1 s\u00ed\u00f0unni um <a href=\"https:\/\/iwell-guard.com\/is\/lamashtu\/\">Lamaschtu<\/a> \u00ed v\u00e6ttalex\u00edkoninu. Fyrir plakettuna er mikilv\u00e6gast a\u00f0 <span class=\"iwg-fachbegriff\" data-tooltip=\"Mes\u00f3p\u00f3tam\u00edsk d\u00eds sem talin var h\u00e6tta fyrir \u00feunga\u00f0ar konur og n\u00fdbura.\" tabindex=\"0\">Lamaschtu<\/span> var andst\u00e6\u00f0ingurinn sem allur gripurinn snerist gegn.<\/p><p><span class=\"iwg-fachbegriff\" data-tooltip=\"Mes\u00f3p\u00f3tam\u00edsk d\u00eds sem talin var h\u00e6tta fyrir \u00feunga\u00f0ar konur og n\u00fdbura.\" tabindex=\"0\">Lamaschtu<\/span>-plakettan er \u00feannig verndargripurinn gegn nafngreindri d\u00eds. H\u00fan er beint gegn tiltekinni h\u00e6ttu og er ekki almennt \u00f3g\u00e6fuhrekjandi t\u00e1kn.<\/p>\t\t\t\t\t\t\t\t<\/div>\n\t\t\t\t<\/div>\n\t\t\t\t\t<\/div>\n\t\t\t\t<\/div>\n\t\t<div class=\"elementor-element elementor-element-iwgs-lamaschtupla-s2 e-flex e-con-boxed e-con e-parent\" data-id=\"iwgs-lamaschtupla-s2\" data-element_type=\"container\" data-e-type=\"container\">\n\t\t\t\t\t<div class=\"e-con-inner\">\n\t\t\t\t<div class=\"elementor-element elementor-element-iwgs-lamaschtupla-s2h elementor-widget elementor-widget-heading\" data-id=\"iwgs-lamaschtupla-s2h\" data-element_type=\"widget\" data-e-type=\"widget\" data-widget_type=\"heading.default\">\n\t\t\t\t\t<h2 class=\"elementor-heading-title elementor-size-default\">\u00datlit plakettunnar<\/h2>\t\t\t\t<\/div>\n\t\t<div class=\"elementor-element elementor-element-iwgs-lamaschtupla-s2box e-con-full e-flex e-con e-child\" data-id=\"iwgs-lamaschtupla-s2box\" data-element_type=\"container\" data-e-type=\"container\">\n\t\t\t\t<div class=\"elementor-element elementor-element-iwgs-lamaschtupla-s2t elementor-widget elementor-widget-text-editor\" data-id=\"iwgs-lamaschtupla-s2t\" data-element_type=\"widget\" data-e-type=\"widget\" data-widget_type=\"text-editor.default\">\n\t\t\t\t\t\t\t\t\t<p><span class=\"iwg-fachbegriff\" data-tooltip=\"Mes\u00f3p\u00f3tam\u00edsk dj\u00f6fynja sem talin var \u00f3gn fyrir \u00feunga\u00f0ar konur og n\u00fdf\u00e6dd b\u00f6rn.\" tabindex=\"0\">Lamaschtu<\/span>-taflan er oftast r\u00e9tthyrnd plata. Yfirbor\u00f0 hennar er skipt \u00ed nokkrar myndra\u00f0ir hverja ofan \u00e1 annarri, sem \u00ed fr\u00e6\u00f0unum eru kalla\u00f0ar skr\u00e1r (register).<\/p><p>\u00cd \u00feessum skr\u00e1m er heil sena s\u00fdnd. H\u00fan s\u00fdnir dj\u00f6fynjuna <span class=\"iwg-fachbegriff\" data-tooltip=\"Mes\u00f3p\u00f3tam\u00edsk dj\u00f6fynja sem talin var \u00f3gn fyrir \u00feunga\u00f0ar konur og n\u00fdf\u00e6dd b\u00f6rn.\" tabindex=\"0\">Lamaschtu<\/span> og ferli\u00f0 \u00fear sem henni er bannv\u00edsa\u00f0. Myndin segir \u00feannig s\u00f6gu \u00ed m\u00f6rgum k\u00f6flum.<\/p><p><span class=\"iwg-fachbegriff\" data-tooltip=\"Mes\u00f3p\u00f3tam\u00edsk dj\u00f6fynja sem talin var \u00f3gn fyrir \u00feunga\u00f0ar konur og n\u00fdf\u00e6dd b\u00f6rn.\" tabindex=\"0\">Lamaschtu<\/span> sj\u00e1lf er s\u00fdnd \u00e1 \u00f3gnvekjandi h\u00e1tt. H\u00fan birtist me\u00f0 h\u00f6fu\u00f0 r\u00e1nd\u00fdrs e\u00f0a fugls, oft \u00e1 hnj\u00e1num og haldandi \u00e1 d\u00fdrum sem h\u00fan gefur a\u00f0 sj\u00faga. \u00deessi myndatri\u00f0i einkenna hana sem hina h\u00e6ttulegu, \u00f3n\u00e1tt\u00farulegu v\u00e6ttu.<\/p><p>\u00cd ne\u00f0ri skr\u00e1num er oft gefi\u00f0 \u00ed skyn undirheimarnir, sta\u00f0urinn sem <span class=\"iwg-fachbegriff\" data-tooltip=\"Mes\u00f3p\u00f3tam\u00edsk dj\u00f6fynja sem talin var \u00f3gn fyrir \u00feunga\u00f0ar konur og n\u00fdf\u00e6dd b\u00f6rn.\" tabindex=\"0\">Lamaschtu<\/span> \u00e1 a\u00f0 vera hrakin til. Taflan s\u00fdnir \u00feannig ekki bara dj\u00f6fynjuna, heldur einnig markmi\u00f0 \u00fatleg\u00f0ar hennar.<\/p><p>Yfir efri ja\u00f0ar t\u00f6flunnar stendur oft h\u00f6fu\u00f0 fram, sem horfir ni\u00f0ur yfir senuna. \u00dea\u00f0 er h\u00f6fu\u00f0 Pazuzu, sem hefur eftirlit me\u00f0 \u00fatleg\u00f0 <span class=\"iwg-fachbegriff\" data-tooltip=\"Mes\u00f3p\u00f3tam\u00edsk dj\u00f6fynja sem talin var \u00f3gn fyrir \u00feunga\u00f0ar konur og n\u00fdf\u00e6dd b\u00f6rn.\" tabindex=\"0\">Lamaschtu<\/span>.<\/p><p>Taflan er auk \u00feess \u00feakin texta. \u00deessir textar eru s\u00e6ringar gegn <span class=\"iwg-fachbegriff\" data-tooltip=\"Mes\u00f3p\u00f3tam\u00edsk dj\u00f6fynja sem talin var \u00f3gn fyrir \u00feunga\u00f0ar konur og n\u00fdf\u00e6dd b\u00f6rn.\" tabindex=\"0\">Lamaschtu<\/span>. Mynd og texti myndast saman til hins \u00e1hrifamikla verndargrips.<\/p>\t\t\t\t\t\t\t\t<\/div>\n\t\t\t\t<\/div>\n\t\t\t\t\t<\/div>\n\t\t\t\t<\/div>\n\t\t<div class=\"elementor-element elementor-element-iwgs-lamaschtupla-s3 e-flex e-con-boxed e-con e-parent\" data-id=\"iwgs-lamaschtupla-s3\" data-element_type=\"container\" data-e-type=\"container\">\n\t\t\t\t\t<div class=\"e-con-inner\">\n\t\t\t\t<div class=\"elementor-element elementor-element-iwgs-lamaschtupla-s3h elementor-widget elementor-widget-heading\" data-id=\"iwgs-lamaschtupla-s3h\" data-element_type=\"widget\" data-e-type=\"widget\" data-widget_type=\"heading.default\">\n\t\t\t\t\t<h2 class=\"elementor-heading-title elementor-size-default\">Sena \u00fatleg\u00f0arinnar<\/h2>\t\t\t\t<\/div>\n\t\t<div class=\"elementor-element elementor-element-iwgs-lamaschtupla-s3box e-con-full e-flex e-con e-child\" data-id=\"iwgs-lamaschtupla-s3box\" data-element_type=\"container\" data-e-type=\"container\">\n\t\t\t\t<div class=\"elementor-element elementor-element-iwgs-lamaschtupla-s3t elementor-widget elementor-widget-text-editor\" data-id=\"iwgs-lamaschtupla-s3t\" data-element_type=\"widget\" data-e-type=\"widget\" data-widget_type=\"text-editor.default\">\n\t\t\t\t\t\t\t\t\t<p>Myndin \u00e1 <span class=\"iwg-fachbegriff\" data-tooltip=\"Mes\u00f3p\u00f3tam\u00edsk dj\u00f6fynja sem talin var \u00f3gn fyrir \u00feunga\u00f0ar konur og n\u00fdf\u00e6dd b\u00f6rn.\" tabindex=\"0\">Lamaschtu<\/span>-t\u00f6flunni s\u00fdnir ekki kyrrt \u00e1stand, heldur atbur\u00f0ar\u00e1s. H\u00fan s\u00fdnir hvernig dj\u00f6fynjan <span class=\"iwg-fachbegriff\" data-tooltip=\"Mes\u00f3p\u00f3tam\u00edsk dj\u00f6fynja sem talin var \u00f3gn fyrir \u00feunga\u00f0ar konur og n\u00fdf\u00e6dd b\u00f6rn.\" tabindex=\"0\">Lamaschtu<\/span> er s\u00e6ringum beitt og henni hrakin ni\u00f0ur \u00ed undirheimana.<\/p><p>\u00cd myndaskr\u00e1num birtast t\u00e6kin sem notu\u00f0 eru til \u00feessarar \u00fatleg\u00f0ar. \u00dear eru s\u00fdndar gjafir handa <span class=\"iwg-fachbegriff\" data-tooltip=\"Mes\u00f3p\u00f3tam\u00edsk dj\u00f6fynja sem talin var \u00f3gn fyrir \u00feunga\u00f0ar konur og n\u00fdf\u00e6dd b\u00f6rn.\" tabindex=\"0\">Lamaschtu<\/span>, sem \u00e6tla\u00f0 er a\u00f0 bl\u00ed\u00f0ka hana og f\u00e1 hana til a\u00f0 hverfa \u00e1 braut. \u00dear \u00e1 me\u00f0al eru d\u00fdr, matv\u00e6li og hlutir fyrir fer\u00f0 hennar.<\/p><p>Hugmyndin \u00e1 bak vi\u00f0 \u00feetta er a\u00f0 <span class=\"iwg-fachbegriff\" data-tooltip=\"Mes\u00f3p\u00f3tam\u00edsk dj\u00f6fynja sem talin var \u00f3gn fyrir \u00feunga\u00f0ar konur og n\u00fdf\u00e6dd b\u00f6rn.\" tabindex=\"0\">Lamaschtu<\/span> er \u00fatb\u00fain me\u00f0 gj\u00f6fum og \u00feannig fengin til a\u00f0 sn\u00faa aftur til undirheimanna. H\u00fan er svo sannarlega \u00fatb\u00fain fyrir fer\u00f0 s\u00edna og send af sta\u00f0.<\/p><p>Oft er <span class=\"iwg-fachbegriff\" data-tooltip=\"Mes\u00f3p\u00f3tam\u00edsk dj\u00f6fynja sem talin var \u00f3gn fyrir \u00feunga\u00f0ar konur og n\u00fdf\u00e6dd b\u00f6rn.\" tabindex=\"0\">Lamaschtu<\/span> s\u00fdnd \u00e1 asna e\u00f0a \u00ed b\u00e1ti, farart\u00e6ki heimfer\u00f0ar hennar. H\u00fan yfirgefur heim mannanna og sn\u00fdr aftur \u00feanga\u00f0 sem h\u00fan kom fr\u00e1.<\/p><p>Myndin s\u00fdnir \u00feannig hina \u00e6skilegu ni\u00f0urst\u00f6\u00f0u. H\u00fan s\u00fdnir ekki \u00f3gnina, heldur yfirvinningu hennar. Taflan varpar fram andartakinu \u00feegar dj\u00f6fynjan hverfur \u00e1 braut.<\/p><p>\u00deessi mynd af \u00e6skilegri ni\u00f0urst\u00f6\u00f0u er kjarni verndar\u00e1hrifanna. Me\u00f0 \u00fev\u00ed a\u00f0 taflan s\u00fdnir \u00fatleg\u00f0 <span class=\"iwg-fachbegriff\" data-tooltip=\"Mes\u00f3p\u00f3tam\u00edsk dj\u00f6fynja sem talin var \u00f3gn fyrir \u00feunga\u00f0ar konur og n\u00fdf\u00e6dd b\u00f6rn.\" tabindex=\"0\">Lamaschtu<\/span>, \u00e1 h\u00fan a\u00f0 framkalla \u00feessa \u00fatleg\u00f0. Mynd sigursins \u00e1 a\u00f0 framkalla sigurinn sj\u00e1lfan.<\/p>\t\t\t\t\t\t\t\t<\/div>\n\t\t\t\t<\/div>\n\t\t\t\t\t<\/div>\n\t\t\t\t<\/div>\n\t\t<div class=\"elementor-element elementor-element-iwgs-lamaschtupla-s4 e-flex e-con-boxed e-con e-parent\" data-id=\"iwgs-lamaschtupla-s4\" data-element_type=\"container\" data-e-type=\"container\">\n\t\t\t\t\t<div class=\"e-con-inner\">\n\t\t\t\t<div class=\"elementor-element elementor-element-iwgs-lamaschtupla-s4h elementor-widget elementor-widget-heading\" data-id=\"iwgs-lamaschtupla-s4h\" data-element_type=\"widget\" data-e-type=\"widget\" data-widget_type=\"heading.default\">\n\t\t\t\t\t<h2 class=\"elementor-heading-title elementor-size-default\">Pazuzu yfir ja\u00f0rinum<\/h2>\t\t\t\t<\/div>\n\t\t<div class=\"elementor-element elementor-element-iwgs-lamaschtupla-s4box e-con-full e-flex e-con e-child\" data-id=\"iwgs-lamaschtupla-s4box\" data-element_type=\"container\" data-e-type=\"container\">\n\t\t\t\t<div class=\"elementor-element elementor-element-iwgs-lamaschtupla-s4t elementor-widget elementor-widget-text-editor\" data-id=\"iwgs-lamaschtupla-s4t\" data-element_type=\"widget\" data-e-type=\"widget\" data-widget_type=\"text-editor.default\">\n\t\t\t\t\t\t\t\t\t<p>Einkennandi einkenni margra <span class=\"iwg-fachbegriff\" data-tooltip=\"Mes\u00f3p\u00f3tam\u00edsk dj\u00f6fynja sem talin var \u00f3gn fyrir \u00feunga\u00f0ar konur og n\u00fdf\u00e6dd b\u00f6rn.\" tabindex=\"0\">Lamaschtu<\/span>-taflna er h\u00f6fu\u00f0i\u00f0 sem stendur fram yfir efri ja\u00f0arinn. \u00dea\u00f0 er h\u00f6fu\u00f0 dj\u00f6fulsins Pazuzu, sem horfir ni\u00f0ur yfir senuna ofan fr\u00e1.<\/p><p>Pazuzu var sj\u00e1lfur illr\u00e6mdur <span class=\"iwg-fachbegriff\" data-tooltip=\"Andleg v\u00e6ttur sem s\u00f6g\u00f0 er hafa ska\u00f0leg e\u00f0a tv\u00edr\u00e6\u00f0 \u00e1hrif.\" tabindex=\"0\">dj\u00f6full<\/span>, herra hinna illu vinddj\u00f6fla. En n\u00e1kv\u00e6mlega vegna \u00feess a\u00f0 hann var h\u00e6ttuleg v\u00e6ttur, m\u00e1tti nota hann gegn <span class=\"iwg-fachbegriff\" data-tooltip=\"Mes\u00f3p\u00f3tam\u00edsk dj\u00f6fynja sem talin var \u00f3gn fyrir \u00feunga\u00f0ar konur og n\u00fdf\u00e6dd b\u00f6rn.\" tabindex=\"0\">Lamaschtu<\/span>. Pazuzu var gagnm\u00e1tturinn sem st\u00f3\u00f0st <span class=\"iwg-fachbegriff\" data-tooltip=\"Mes\u00f3p\u00f3tam\u00edsk dj\u00f6fynja sem talin var \u00f3gn fyrir \u00feunga\u00f0ar konur og n\u00fdf\u00e6dd b\u00f6rn.\" tabindex=\"0\">Lamaschtu<\/span>.<\/p><p>\u00c1 t\u00f6flunni hefur Pazuzu eftirlit me\u00f0 \u00fatleg\u00f0inni. H\u00f6fu\u00f0 hans vi\u00f0 efri ja\u00f0arinn s\u00fdnir a\u00f0 hann stendur yfir \u00f6llu ferlinu. Hann er m\u00e1ttarins sem tryggir a\u00f0 <span class=\"iwg-fachbegriff\" data-tooltip=\"Mes\u00f3p\u00f3tam\u00edsk dj\u00f6fynja sem talin var \u00f3gn fyrir \u00feunga\u00f0ar konur og n\u00fdf\u00e6dd b\u00f6rn.\" tabindex=\"0\">Lamaschtu<\/span> hverfi \u00ed raun \u00e1 braut.<\/p><p>\u00deessi uppr\u00f6\u00f0un tengir t\u00f6fluna n\u00e1i\u00f0 vi\u00f0 Pazuzu-<span class=\"iwg-fachbegriff\" data-tooltip=\"Hlutur sem borinn er og talinn hafa verndandi, \u00f3g\u00e6fuvarnandi \u00e1hrif.\" tabindex=\"0\">verndargripinn<\/span>. B\u00e6\u00f0i fyrirb\u00e6rin heyra saman og fylgja s\u00f6mu hugsun, a\u00f0 illr\u00e6mdum m\u00e6tti er stefnt gegn \u00f6\u00f0rum enn h\u00e6ttulegri m\u00e6tti.<\/p><p>Pazuzu-h\u00f6fu\u00f0i\u00f0 \u00e1 t\u00f6flunni er \u00feannig ekki skraut, heldur mikilv\u00e6gur \u00fe\u00e1ttur. \u00dea\u00f0 s\u00fdnir s\u00fdnilega hver framkv\u00e6mir \u00fatleg\u00f0 <span class=\"iwg-fachbegriff\" data-tooltip=\"Mes\u00f3p\u00f3tam\u00edsk dj\u00f6fynja sem talin var \u00f3gn fyrir \u00feunga\u00f0ar konur og n\u00fdf\u00e6dd b\u00f6rn.\" tabindex=\"0\">Lamaschtu<\/span>.<\/p><p>\u00cd samspili <span class=\"iwg-fachbegriff\" data-tooltip=\"Mes\u00f3p\u00f3tam\u00edsk dj\u00f6fynja sem talin var \u00f3gn fyrir \u00feunga\u00f0ar konur og n\u00fdf\u00e6dd b\u00f6rn.\" tabindex=\"0\">Lamaschtu<\/span>-t\u00f6flunnar og Pazuzu birtist vandlega hugsa\u00f0 kerfi hinnar mes\u00f3p\u00f3tam\u00edsku verndari\u00f0kunar. Dj\u00f6fynjan, gagnm\u00e1tturinn og ferli \u00fatleg\u00f0arinnar eru sameinu\u00f0 \u00ed einum og sama hlutnum.<\/p>\t\t\t\t\t\t\t\t<\/div>\n\t\t\t\t<\/div>\n\t\t\t\t\t<\/div>\n\t\t\t\t<\/div>\n\t\t<div class=\"elementor-element elementor-element-iwgs-lamaschtupla-s5 e-flex e-con-boxed e-con e-parent\" data-id=\"iwgs-lamaschtupla-s5\" data-element_type=\"container\" data-e-type=\"container\">\n\t\t\t\t\t<div class=\"e-con-inner\">\n\t\t\t\t<div class=\"elementor-element elementor-element-iwgs-lamaschtupla-s5h elementor-widget elementor-widget-heading\" data-id=\"iwgs-lamaschtupla-s5h\" data-element_type=\"widget\" data-e-type=\"widget\" data-widget_type=\"heading.default\">\n\t\t\t\t\t<h2 class=\"elementor-heading-title elementor-size-default\">Verkunarreglan: dj\u00f6full \u00e1 m\u00f3ti dj\u00f6fli<\/h2>\t\t\t\t<\/div>\n\t\t<div class=\"elementor-element elementor-element-iwgs-lamaschtupla-s5box e-con-full e-flex e-con e-child\" data-id=\"iwgs-lamaschtupla-s5box\" data-element_type=\"container\" data-e-type=\"container\">\n\t\t\t\t<div class=\"elementor-element elementor-element-iwgs-lamaschtupla-s5t elementor-widget elementor-widget-text-editor\" data-id=\"iwgs-lamaschtupla-s5t\" data-element_type=\"widget\" data-e-type=\"widget\" data-widget_type=\"text-editor.default\">\n\t\t\t\t\t\t\t\t\t<p>Lamaschtu-plakettan (<span class=\"iwg-fachbegriff\" data-tooltip=\"Mes\u00f3p\u00f3tam\u00edsk gy\u00f0ja dj\u00f6fla, sem talin var \u00f3gn vi\u00f0 \u00feunga\u00f0ar konur og n\u00fdbura.\" tabindex=\"0\">Lamaschtu<\/span>) fylgir sama verkunarl\u00f6gm\u00e1li og Pazuzu-<span class=\"iwg-fachbegriff\" data-tooltip=\"Hlutur sem borinn er \u00e1 l\u00edkamanum og talinn hafa verndandi, \u00f3g\u00e6fuhrindandi m\u00e1tt.\" tabindex=\"0\">verndargripurinn<\/span>. <span class=\"iwg-fachbegriff\" data-tooltip=\"Fr\u00e6\u00f0igreinin sem rannsakar tr\u00faarbr\u00f6g\u00f0 me\u00f0 samanbur\u00f0i og \u00e1n tr\u00faarlegrar afst\u00f6\u00f0u.\" tabindex=\"0\">Tr\u00faarbrag\u00f0afr\u00e6\u00f0in<\/span> l\u00fdsir \u00feessu sem v\u00f6rn \u00ed gegnum bandalag vi\u00f0 \u00f3gnvekjandi m\u00e1tt.<\/p><p>\u00cd sta\u00f0 \u00feess a\u00f0 \u00e1kalla eing\u00f6ngu velvilja\u00f0a <span class=\"iwg-fachbegriff\" data-tooltip=\"Vera sem d\u00fdrku\u00f0 er sem gu\u00f0leg innan tr\u00faarbrag\u00f0a.\" tabindex=\"0\">gu\u00f0veru<\/span>, beindi mes\u00f3p\u00f3tam\u00edsk verndarhef\u00f0 krafti \u00f3ttalegrar veru s\u00e9r til framdr\u00e1ttar. Pazuzu, sj\u00e1lfur <span class=\"iwg-fachbegriff\" data-tooltip=\"Andleg vera sem talin er hafa ska\u00f0leg e\u00f0a tv\u00edr\u00e6\u00f0 \u00e1hrif.\" tabindex=\"0\">dj\u00f6full<\/span>, var beitt gegn gy\u00f0junni <span class=\"iwg-fachbegriff\" data-tooltip=\"Mes\u00f3p\u00f3tam\u00edsk gy\u00f0ja dj\u00f6fla, sem talin var \u00f3gn vi\u00f0 \u00feunga\u00f0ar konur og n\u00fdbura.\" tabindex=\"0\">Lamaschtu<\/span>.<\/p><p>\u00c1 plakettunni er \u00feetta l\u00f6gm\u00e1l \u00fatf\u00e6rt \u00ed heilli svi\u00f0smynd. Gy\u00f0jan er s\u00fdnd, gagnm\u00e1ttur hennar er s\u00fdndur, og ferli\u00f0 vi\u00f0 a\u00f0 reka hana burt er s\u00fdnt.<\/p><p>S\u00e6ringartextarnir \u00e1 plakettunni sty\u00f0ja \u00feetta ferli. \u00deeir nefna <span class=\"iwg-fachbegriff\" data-tooltip=\"Mes\u00f3p\u00f3tam\u00edsk gy\u00f0ja dj\u00f6fla, sem talin var \u00f3gn vi\u00f0 \u00feunga\u00f0ar konur og n\u00fdbura.\" tabindex=\"0\">Lamaschtu<\/span> me\u00f0 nafni, l\u00fdsa brottrekstri hennar og skipa henni a\u00f0 hverfa aftur til undirheima.<\/p><p>Mynd og texti verka \u00feannig \u00ed s\u00f6mu \u00e1tt. Myndin s\u00fdnir brottreksturinn, textinn m\u00e6lir hann fram. Saman \u00e1ttu \u00feau a\u00f0 valda \u00fev\u00ed a\u00f0 gy\u00f0jan viki \u00ed raun og veru.<\/p><p>Lamaschtu-plakettan (<span class=\"iwg-fachbegriff\" data-tooltip=\"Mes\u00f3p\u00f3tam\u00edsk gy\u00f0ja dj\u00f6fla, sem talin var \u00f3gn vi\u00f0 \u00feunga\u00f0ar konur og n\u00fdbura.\" tabindex=\"0\">Lamaschtu<\/span>) er \u00feannig s\u00e9rlega \u00edtarlegt d\u00e6mi um mes\u00f3p\u00f3tam\u00edska verndarhugsun. H\u00fan s\u00fdnir ekki a\u00f0eins verndandi t\u00e1kn, heldur allt ferli verndarinnar.<\/p>\t\t\t\t\t\t\t\t<\/div>\n\t\t\t\t<\/div>\n\t\t\t\t\t<\/div>\n\t\t\t\t<\/div>\n\t\t<div class=\"elementor-element elementor-element-iwgs-lamaschtupla-s6 e-flex e-con-boxed e-con e-parent\" data-id=\"iwgs-lamaschtupla-s6\" data-element_type=\"container\" data-e-type=\"container\">\n\t\t\t\t\t<div class=\"e-con-inner\">\n\t\t\t\t<div class=\"elementor-element elementor-element-iwgs-lamaschtupla-s6h elementor-widget elementor-widget-heading\" data-id=\"iwgs-lamaschtupla-s6h\" data-element_type=\"widget\" data-e-type=\"widget\" data-widget_type=\"heading.default\">\n\t\t\t\t\t<h2 class=\"elementor-heading-title elementor-size-default\">Fyrir ofan r\u00fam m\u00f3\u00f0ur og barns<\/h2>\t\t\t\t<\/div>\n\t\t<div class=\"elementor-element elementor-element-iwgs-lamaschtupla-s6box e-con-full e-flex e-con e-child\" data-id=\"iwgs-lamaschtupla-s6box\" data-element_type=\"container\" data-e-type=\"container\">\n\t\t\t\t<div class=\"elementor-element elementor-element-iwgs-lamaschtupla-s6t elementor-widget elementor-widget-text-editor\" data-id=\"iwgs-lamaschtupla-s6t\" data-element_type=\"widget\" data-e-type=\"widget\" data-widget_type=\"text-editor.default\">\n\t\t\t\t\t\t\t\t\t<p>Sta\u00f0ur Lamaschtu-plakettunnar (<span class=\"iwg-fachbegriff\" data-tooltip=\"Mes\u00f3p\u00f3tam\u00edsk gy\u00f0ja dj\u00f6fla, sem talin var \u00f3gn vi\u00f0 \u00feunga\u00f0ar konur og n\u00fdbura.\" tabindex=\"0\">Lamaschtu<\/span>) var \u00edverur\u00fdmi\u00f0, n\u00e1nar tilteki\u00f0 n\u00e1nd r\u00famsins. \u00dear sem m\u00f3\u00f0ir og barn hv\u00edldu, \u00e1tti plakettan a\u00f0 verjast \u00f3g\u00e6fu.<\/p><p>Plakettan var fest \u00e1 vegg e\u00f0a hengd upp. \u00dea\u00f0an vakta\u00f0i h\u00fan r\u00fdmi\u00f0. Svi\u00f0smynd hennar um brottreksturinn var st\u00f6\u00f0ugt til sta\u00f0ar og \u00e1tti a\u00f0 halda <span class=\"iwg-fachbegriff\" data-tooltip=\"Mes\u00f3p\u00f3tam\u00edsk gy\u00f0ja dj\u00f6fla, sem talin var \u00f3gn vi\u00f0 \u00feunga\u00f0ar konur og n\u00fdbura.\" tabindex=\"0\">Lamaschtu<\/span> \u00ed fjarl\u00e6g\u00f0.<\/p><p>\u00deessi sta\u00f0setning vi\u00f0 r\u00fami\u00f0 er uppl\u00fdsandi. H\u00fan s\u00fdnir a\u00f0 plakettan var notu\u00f0 einmitt \u00fear sem h\u00e6ttan var mest. <span class=\"iwg-fachbegriff\" data-tooltip=\"Mes\u00f3p\u00f3tam\u00edsk gy\u00f0ja dj\u00f6fla, sem talin var \u00f3gn vi\u00f0 \u00feunga\u00f0ar konur og n\u00fdbura.\" tabindex=\"0\">Lamaschtu<\/span> \u00f3gna\u00f0i s\u00e6ngurkonu og ungbarni, og einmitt vi\u00f0 hv\u00edlu \u00feeirra st\u00f3\u00f0 plakettan.<\/p><p>Auk hinnar upphengdu plakettu b\u00e1ru \u00feunga\u00f0ar konur og ung b\u00f6rn oft einnig Pazuzu-h\u00f6fu\u00f0-<span class=\"iwg-fachbegriff\" data-tooltip=\"Hlutur sem borinn er \u00e1 l\u00edkamanum og talinn hafa verndandi, \u00f3g\u00e6fuhrindandi m\u00e1tt.\" tabindex=\"0\">verndargripinn<\/span> beint \u00e1 l\u00edkamanum. Upphengd og borin v\u00f6rn b\u00e6ttu hvor a\u00f0ra upp.<\/p><p>\u00deannig n\u00e1\u00f0i mes\u00f3p\u00f3tam\u00edsk verndarhef\u00f0 yfir b\u00e6\u00f0i svi\u00f0. Plakettan trygg\u00f0i r\u00fdmi\u00f0, borni <span class=\"iwg-fachbegriff\" data-tooltip=\"Hlutur sem borinn er \u00e1 l\u00edkamanum og talinn hafa verndandi, \u00f3g\u00e6fuhrindandi m\u00e1tt.\" tabindex=\"0\">verndargripurinn<\/span> fylgdi manneskjunni. Saman myndu\u00f0u \u00feau alhli\u00f0a vernd.<\/p><p>Lamaschtu-plakettan (<span class=\"iwg-fachbegriff\" data-tooltip=\"Mes\u00f3p\u00f3tam\u00edsk gy\u00f0ja dj\u00f6fla, sem talin var \u00f3gn vi\u00f0 \u00feunga\u00f0ar konur og n\u00fdbura.\" tabindex=\"0\">Lamaschtu<\/span>) er \u00feannig verndargripur sem tengdist n\u00e1i\u00f0 tilteknu l\u00edfsskei\u00f0i. H\u00fan tilheyr\u00f0i r\u00fdmi f\u00e6\u00f0ingar og fyrstu \u00e6sku, \u00feeim t\u00edma l\u00edfsins sem talinn var h\u00e6ttulegastur.<\/p>\t\t\t\t\t\t\t\t<\/div>\n\t\t\t\t<\/div>\n\t\t\t\t\t<\/div>\n\t\t\t\t<\/div>\n\t\t<div class=\"elementor-element elementor-element-iwgs-lamaschtupla-s7 e-flex e-con-boxed e-con e-parent\" data-id=\"iwgs-lamaschtupla-s7\" data-element_type=\"container\" data-e-type=\"container\">\n\t\t\t\t\t<div class=\"e-con-inner\">\n\t\t\t\t<div class=\"elementor-element elementor-element-iwgs-lamaschtupla-s7h elementor-widget elementor-widget-heading\" data-id=\"iwgs-lamaschtupla-s7h\" data-element_type=\"widget\" data-e-type=\"widget\" data-widget_type=\"heading.default\">\n\t\t\t\t\t<h2 class=\"elementor-heading-title elementor-size-default\">Lamaschtu-\u00e1kallanirnar<\/h2>\t\t\t\t<\/div>\n\t\t<div class=\"elementor-element elementor-element-iwgs-lamaschtupla-s7box e-con-full e-flex e-con e-child\" data-id=\"iwgs-lamaschtupla-s7box\" data-element_type=\"container\" data-e-type=\"container\">\n\t\t\t\t<div class=\"elementor-element elementor-element-iwgs-lamaschtupla-s7t elementor-widget elementor-widget-text-editor\" data-id=\"iwgs-lamaschtupla-s7t\" data-element_type=\"widget\" data-e-type=\"widget\" data-widget_type=\"text-editor.default\">\n\t\t\t\t\t\t\t\t\t<p>Textarnir \u00e1 Lamaschtu-plakettunni (<span class=\"iwg-fachbegriff\" data-tooltip=\"Mes\u00f3p\u00f3tam\u00edsk gy\u00f0ja dj\u00f6fla, sem talin var \u00f3gn vi\u00f0 \u00feunga\u00f0ar konur og n\u00fdbura.\" tabindex=\"0\">Lamaschtu<\/span>) tilheyra st\u00e6rra samhengi. \u00cd Mes\u00f3p\u00f3tam\u00edu var til heilt safn s\u00e6ringa gegn <span class=\"iwg-fachbegriff\" data-tooltip=\"Mes\u00f3p\u00f3tam\u00edsk gy\u00f0ja dj\u00f6fla, sem talin var \u00f3gn vi\u00f0 \u00feunga\u00f0ar konur og n\u00fdbura.\" tabindex=\"0\">Lamaschtu<\/span>, sem var\u00f0veitt var og skipulagt yfir langan t\u00edma.<\/p><p>\u00deetta s\u00e6ringasafn l\u00fdsir e\u00f0li <span class=\"iwg-fachbegriff\" data-tooltip=\"Mes\u00f3p\u00f3tam\u00edsk gy\u00f0ja dj\u00f6fla, sem talin var \u00f3gn vi\u00f0 \u00feunga\u00f0ar konur og n\u00fdbura.\" tabindex=\"0\">Lamaschtu<\/span>, h\u00e6ttueiginleikum hennar og \u00feeim r\u00e1\u00f0um sem beita m\u00e1 gegn henni. \u00dea\u00f0 er mikilv\u00e6g heimild um \u00feekkingu \u00e1 gy\u00f0junni.<\/p><p>Textarnir \u00e1 plakettunum eru \u00fatdr\u00e6ttir e\u00f0a \u00fe\u00e9ttingar \u00feessara s\u00e6ringa. \u00deeir koma \u00feekkingunni um brottrekstur <span class=\"iwg-fachbegriff\" data-tooltip=\"Mes\u00f3p\u00f3tam\u00edsk gy\u00f0ja dj\u00f6fla, sem talin var \u00f3gn vi\u00f0 \u00feunga\u00f0ar konur og n\u00fdbura.\" tabindex=\"0\">Lamaschtu<\/span> \u00ed knappt form, var\u00f0veitt \u00e1 t\u00f6flunni.<\/p><p>S\u00e6ringarnar fylgdu f\u00f6stum reglum. \u00de\u00e6r ur\u00f0u a\u00f0 vera fluttar r\u00e9tt og beitt r\u00e9tt. Oft voru \u00fe\u00e6r tengdar ath\u00f6fnum, til d\u00e6mis ger\u00f0 f\u00edg\u00fara e\u00f0a f\u00f3rnargj\u00f6fum.<\/p><p><span class=\"iwg-fachbegriff\" data-tooltip=\"M\u00e1lleg ath\u00f6fn sem \u00e6tla\u00f0 er a\u00f0 kalla fram e\u00f0a binda m\u00e1tt.\" tabindex=\"0\">S\u00e6ringin<\/span> var framkv\u00e6md af fr\u00f3\u00f0um s\u00e9rfr\u00e6\u00f0ingi, s\u00e6ringapresti. Hann kunni textana og athafnirnar sem \u00e1ttu a\u00f0 valda brottrekstri <span class=\"iwg-fachbegriff\" data-tooltip=\"Mes\u00f3p\u00f3tam\u00edsk gy\u00f0ja dj\u00f6fla, sem talin var \u00f3gn vi\u00f0 \u00feunga\u00f0ar konur og n\u00fdbura.\" tabindex=\"0\">Lamaschtu<\/span>.<\/p><p>Plakettan stendur \u00fev\u00ed ekki ein s\u00e9r. H\u00fan er hluti af \u00fatf\u00e6r\u00f0ri verndarhef\u00f0 sem textar, athafnir og fr\u00f3\u00f0ir s\u00e9rfr\u00e6\u00f0ingar tilheyr\u00f0u. Hluturinn og \u00feekkingin \u00e1 notkun hans heyra saman.<\/p>\t\t\t\t\t\t\t\t<\/div>\n\t\t\t\t<\/div>\n\t\t\t\t\t<\/div>\n\t\t\t\t<\/div>\n\t\t<div class=\"elementor-element elementor-element-iwgs-lamaschtupla-s8 e-flex e-con-boxed e-con e-parent\" data-id=\"iwgs-lamaschtupla-s8\" data-element_type=\"container\" data-e-type=\"container\">\n\t\t\t\t\t<div class=\"e-con-inner\">\n\t\t\t\t<div class=\"elementor-element elementor-element-iwgs-lamaschtupla-s8h elementor-widget elementor-widget-heading\" data-id=\"iwgs-lamaschtupla-s8h\" data-element_type=\"widget\" data-e-type=\"widget\" data-widget_type=\"heading.default\">\n\t\t\t\t\t<h2 class=\"elementor-heading-title elementor-size-default\">M\u00f3tt\u00f6kur \u00ed dag<\/h2>\t\t\t\t<\/div>\n\t\t<div class=\"elementor-element elementor-element-iwgs-lamaschtupla-s8box e-con-full e-flex e-con e-child\" data-id=\"iwgs-lamaschtupla-s8box\" data-element_type=\"container\" data-e-type=\"container\">\n\t\t\t\t<div class=\"elementor-element elementor-element-iwgs-lamaschtupla-s8t elementor-widget elementor-widget-text-editor\" data-id=\"iwgs-lamaschtupla-s8t\" data-element_type=\"widget\" data-e-type=\"widget\" data-widget_type=\"text-editor.default\">\n\t\t\t\t\t\t\t\t\t<p>Lamaschtu (<span class=\"iwg-fachbegriff\" data-tooltip=\"Mes\u00f3p\u00f3tam\u00edsk dj\u00f6flynja sem talin var h\u00e6tta fyrir \u00feunga\u00f0ar konur og n\u00fdbura.\" tabindex=\"0\">Lamaschtu<\/span>)-platan er \u00ed dag fyrst og fremst kunn \u00feeim sem hafa s\u00e9r\u00feekkingu \u00e1 hinum forna Austurl\u00f6ndum n\u00e6r. H\u00fan telst ekki til almennt \u00feekktra t\u00e1kna, en er \u00ed fornaustr\u00e6nni fr\u00e6\u00f0igrein vel rannsaka\u00f0ur hlutur.<\/p><p>\u00cd s\u00f6fnum nokkurra st\u00f3rra safna hafa var\u00f0veist <span class=\"iwg-fachbegriff\" data-tooltip=\"Mes\u00f3p\u00f3tam\u00edsk dj\u00f6flynja sem talin var h\u00e6tta fyrir \u00feunga\u00f0ar konur og n\u00fdbura.\" tabindex=\"0\">Lamaschtu<\/span>-pl\u00f6tur. \u00de\u00e6r vitna um hversu \u00fatbreiddur \u00feessi verndargripur var \u00ed Mes\u00f3p\u00f3tam\u00edu og hversu alvarlega var teki\u00f0 \u00e1 \u00feeirri h\u00e6ttu sem <span class=\"iwg-fachbegriff\" data-tooltip=\"Mes\u00f3p\u00f3tam\u00edsk dj\u00f6flynja sem talin var h\u00e6tta fyrir \u00feunga\u00f0ar konur og n\u00fdbura.\" tabindex=\"0\">Lamaschtu<\/span> stafa\u00f0i af.<\/p><p>Fyrir ranns\u00f3knir \u00e1 fornaustr\u00e6num tr\u00faarbr\u00f6g\u00f0um eru pl\u00f6turnar mikils vir\u00f0i. \u00c1samt s\u00e6ringatextunum veita \u00fe\u00e6r n\u00e1kv\u00e6ma inns\u00fdn \u00ed mes\u00f3p\u00f3tam\u00edska verndarh\u00e6tti.<\/p><p><span class=\"iwg-fachbegriff\" data-tooltip=\"Mes\u00f3p\u00f3tam\u00edsk dj\u00f6flynja sem talin var h\u00e6tta fyrir \u00feunga\u00f0ar konur og n\u00fdbura.\" tabindex=\"0\">Lamaschtu<\/span>-platan s\u00fdnir a\u00f0 vernd m\u00f3\u00f0ur og barns var meginm\u00e1l \u00ed hinum forna Austurl\u00f6ndum n\u00e6r. Heill verndarh\u00e1ttur, samsettur \u00far pl\u00f6tum, verndargripum, textum og ath\u00f6fnum, var \u00feessu m\u00e1lefni helga\u00f0ur.<\/p><p>\u00dear me\u00f0 telst <span class=\"iwg-fachbegriff\" data-tooltip=\"Mes\u00f3p\u00f3tam\u00edsk dj\u00f6flynja sem talin var h\u00e6tta fyrir \u00feunga\u00f0ar konur og n\u00fdbura.\" tabindex=\"0\">Lamaschtu<\/span>-platan til \u00e1hrifamestu verndargripa hins forna Austurlanda n\u00e6r. H\u00fan er n\u00e1i\u00f0 tengd Pazuzu-<span class=\"iwg-fachbegriff\" data-tooltip=\"Borinn hlutur sem talinn er hafa verndandi, \u00f3g\u00e6fuvarnandi \u00e1hrif.\" tabindex=\"0\">verndargrip<\/span> og s\u00fdnir mes\u00f3p\u00f3tam\u00edska verndarhugsun \u00ed s\u00e9rlega \u00edtarlegri mynd.<\/p><p>\u00cd henni m\u00e1 sj\u00e1 hvernig forn menning svara\u00f0i st\u00e6rstu h\u00e6ttum l\u00edfsins. <span class=\"iwg-fachbegriff\" data-tooltip=\"Mes\u00f3p\u00f3tam\u00edsk dj\u00f6flynja sem talin var h\u00e6tta fyrir \u00feunga\u00f0ar konur og n\u00fdbura.\" tabindex=\"0\">Lamaschtu<\/span>-platan er mynd sigurs, mynd sem \u00e1tti a\u00f0 framkalla \u00feennan sigur, sigurinn yfir dj\u00f6flynjunni sem \u00f3gna\u00f0i m\u00f3\u00f0ur og barni.<\/p><p>Hvernig v\u00f6rnin gegn Lamaschtu leit \u00fat \u00ed daglegu l\u00edfi, fr\u00e1 Pazuzu-h\u00f6f\u00f0i um h\u00e1ls m\u00f3\u00f0urinnar til leirhundsins undir \u00fer\u00f6skuldinum, er l\u00fdst \u00ed greininni um <a href=\"https:\/\/ittermann.de\/amulette-mesopotamien\/\">verndargripi \u00ed Mes\u00f3p\u00f3tam\u00edu<\/a> \u00e1 ittermann.de.<\/p>\t\t\t\t\t\t\t\t<\/div>\n\t\t\t\t<\/div>\n\t\t\t\t\t<\/div>\n\t\t\t\t<\/div>\n\t\t<div class=\"elementor-element elementor-element-iwgs-lamaschtupla-lit e-flex e-con-boxed e-con e-parent\" data-id=\"iwgs-lamaschtupla-lit\" data-element_type=\"container\" data-e-type=\"container\">\n\t\t\t\t\t<div class=\"e-con-inner\">\n\t\t\t\t<div class=\"elementor-element elementor-element-iwgs-lamaschtupla-lith elementor-widget elementor-widget-heading\" data-id=\"iwgs-lamaschtupla-lith\" data-element_type=\"widget\" data-e-type=\"widget\" data-widget_type=\"heading.default\">\n\t\t\t\t\t<h2 class=\"elementor-heading-title elementor-size-default\">Heimildir (\u00farval)<\/h2>\t\t\t\t<\/div>\n\t\t<div class=\"elementor-element elementor-element-iwgs-lamaschtupla-litbox e-con-full e-flex e-con e-child\" data-id=\"iwgs-lamaschtupla-litbox\" data-element_type=\"container\" data-e-type=\"container\">\n\t\t\t\t<div class=\"elementor-element elementor-element-iwgs-lamaschtupla-litt elementor-widget elementor-widget-html\" data-id=\"iwgs-lamaschtupla-litt\" data-element_type=\"widget\" data-e-type=\"widget\" data-widget_type=\"html.default\">\n\t\t\t\t\t<footer data-nosnippet=\"true\"><ul><li>Walter Farber: <em>Lama\u0161tu. An Edition of the Canonical Series of Lama\u0161tu Incantations<\/em> (2014)<\/li><li>Frans A. M. Wiggermann: <em>Mesopotamian Protective Spirits. The Ritual Texts<\/em> (1992)<\/li><li>Nils P. Hee\u00dfel: <em>Pazuzu<\/em> (2002)<\/li><li>Jeremy Black, Anthony Green: <em>Gods, Demons and Symbols of Ancient Mesopotamia<\/em> (1992)<\/li><li>Eckart Frahm (Hrsg.): <em>A Companion to Assyria<\/em> (2017)<\/li><\/ul><\/footer>\t\t\t\t<\/div>\n\t\t\t\t<\/div>\n\t\t\t\t\t<\/div>\n\t\t\t\t<\/div>\n\t\t<div class=\"elementor-element elementor-element-iwgs-lamaschtupla-kwd e-flex e-con-boxed e-con e-parent\" data-id=\"iwgs-lamaschtupla-kwd\" data-element_type=\"container\" data-e-type=\"container\">\n\t\t\t\t\t<div class=\"e-con-inner\">\n\t\t\t\t<div class=\"elementor-element elementor-element-iwgs-lamaschtupla-kwdt elementor-widget elementor-widget-text-editor\" data-id=\"iwgs-lamaschtupla-kwdt\" data-element_type=\"widget\" data-e-type=\"widget\" data-widget_type=\"text-editor.default\">\n\t\t\t\t\t\t\t\t\t<p><em>Tengd lykilhugt\u00f6k: <span class=\"iwg-fachbegriff\" data-tooltip=\"Mes\u00f3p\u00f3tam\u00edsk dj\u00f6flynja sem talin var h\u00e6tta fyrir \u00feunga\u00f0ar konur og n\u00fdbura.\" tabindex=\"0\">Lamaschtu<\/span>-plata <span class=\"iwg-fachbegriff\" data-tooltip=\"Mes\u00f3p\u00f3tam\u00edsk dj\u00f6flynja sem talin var h\u00e6tta fyrir \u00feunga\u00f0ar konur og n\u00fdbura.\" tabindex=\"0\">Lamaschtu<\/span> Pazuzu s\u00e6ngurlega <span class=\"iwg-fachbegriff\" data-tooltip=\"M\u00e1lleg ath\u00f6fn sem \u00e6tla\u00f0 er a\u00f0 kalla fram e\u00f0a binda m\u00e1tt.\" tabindex=\"0\">s\u00e6ring<\/span> <span class=\"iwg-fachbegriff\" data-tooltip=\"Tr\u00faarbrag\u00f0afr\u00e6\u00f0ilegt hugtak um hlut e\u00f0a t\u00e1kn me\u00f0 \u00f3g\u00e6fuvarnandi virkni.\" tabindex=\"0\">ap\u00f3tr\u00f3pa\u00edkon<\/span> undirheimar Mes\u00f3p\u00f3tam\u00eda.<\/em><\/p>\t\t\t\t\t\t\t\t<\/div>\n\t\t\t\t\t<\/div>\n\t\t\t\t<\/div>\n\t\t<div class=\"elementor-element elementor-element-iwgs-lamaschtupla-cc e-flex e-con-boxed e-con e-parent\" data-id=\"iwgs-lamaschtupla-cc\" data-element_type=\"container\" data-e-type=\"container\" id=\"iwg-cc-lamaschtu-plakette\">\n\t\t\t\t\t<div class=\"e-con-inner\">\n\t\t<div class=\"elementor-element elementor-element-iwgs-lamaschtupla-ccinner e-flex e-con-boxed e-con e-child\" data-id=\"iwgs-lamaschtupla-ccinner\" data-element_type=\"container\" data-e-type=\"container\" data-settings=\"{&quot;background_background&quot;:&quot;classic&quot;}\">\n\t\t\t\t\t<div class=\"e-con-inner\">\n\t\t\t\t<div class=\"elementor-element elementor-element-iwgs-lamaschtupla-cch elementor-widget elementor-widget-heading\" data-id=\"iwgs-lamaschtupla-cch\" data-element_type=\"widget\" data-e-type=\"widget\" data-widget_type=\"heading.default\">\n\t\t\t\t\t<h2 class=\"elementor-heading-title elementor-size-default\">iWell Guard og verndarhef\u00f0ir<\/h2>\t\t\t\t<\/div>\n\t\t\t\t<div class=\"elementor-element elementor-element-iwgs-lamaschtupla-cct elementor-widget elementor-widget-text-editor\" data-id=\"iwgs-lamaschtupla-cct\" data-element_type=\"widget\" data-e-type=\"widget\" data-widget_type=\"text-editor.default\">\n\t\t\t\t\t\t\t\t\t<p>iWell Guard er hluti af menningars\u00f6gulegri hef\u00f0 b\u00e6rra verndargripa, sem <span class=\"iwg-fachbegriff\" data-tooltip=\"Mes\u00f3p\u00f3tam\u00edsk dj\u00f6flynja sem talin var h\u00e6tta fyrir \u00feunga\u00f0ar konur og n\u00fdbura.\" tabindex=\"0\">Lamaschtu<\/span>-platan telst einnig til. N\u00fat\u00edmalegur fylgihlutur fyrir f\u00f3lk sem lifir me\u00f0 verndart\u00e1knum: framleiddur \u00ed \u00de\u00fdskalandi, 41 lag \u00far alv\u00f6ru gulli, plat\u00ednu og silfri, me\u00f0 30 daga skilar\u00e9tti.<\/p>\t\t\t\t\t\t\t\t<\/div>\n\t\t\t\t<div class=\"elementor-element elementor-element-iwgs-lamaschtupla-ccb iwg-cc-button iwg-cc-cta-2026-05-13 elementor-widget elementor-widget-jet-button\" data-id=\"iwgs-lamaschtupla-ccb\" data-element_type=\"widget\" data-e-type=\"widget\" data-widget_type=\"jet-button.default\">\n\t\t\t\t<div class=\"elementor-widget-container\">\n\t\t\t\t\t<div class=\"elementor-jet-button jet-elements\"><div class=\"jet-button__container\"><a class=\"jet-button__instance jet-button__instance--icon-left hover-effect-1\" href=\"\/schutzanhaenger-iwell-guard-kaufen\/?utm_source=iwell-guard.com&amp;utm_medium=info-box&amp;utm_campaign=schutzsymbole\"><div class=\"jet-button__plane jet-button__plane-normal\"><\/div><div class=\"jet-button__plane jet-button__plane-hover\"><\/div><div class=\"jet-button__state jet-button__state-normal\"><span class=\"jet-button__label\">Meira um iWell Guard<\/span><\/div><div class=\"jet-button__state jet-button__state-hover\"><span class=\"jet-button__label\">Meira um iWell Guard<\/span><\/div><\/a><\/div><\/div><style>.elementor-element.elementor-element-iwgs-lamaschtupla-ccb .jet-button__instance{width:320px;height:56px;}.elementor-element.elementor-element-iwgs-lamaschtupla-ccb .jet-button__state-normal .jet-button__label{text-align:center;margin:0px 0px 0px 0px;color:#1a1b20;font-family:Montserrat,sans-serif;font-size:13px;font-weight:400;letter-spacing:4px;line-height:1.714em;text-transform:uppercase;}.elementor-element.elementor-element-iwgs-lamaschtupla-ccb .jet-button__state-hover .jet-button__label{text-align:center;margin:0px 0px 0px 0px;color:#FECC76;font-family:Montserrat,sans-serif;font-size:13px;font-weight:400;letter-spacing:4px;line-height:1.714em;text-transform:uppercase;}.elementor-element.elementor-element-iwgs-lamaschtupla-ccb .jet-button__plane-normal{background-color:#FECC76;border-style:solid;border-color:#C99540;border-width:2px 2px 2px 2px;}.elementor-element.elementor-element-iwgs-lamaschtupla-ccb .jet-button__plane-hover{background-color:rgba(0,0,0,0.55);border-style:solid;border-color:#FECC76;border-width:2px 2px 2px 2px;}<\/style>\t\t\t\t<\/div>\n\t\t\t\t<\/div>\n\t\t\t\t<div class=\"elementor-element elementor-element-iwgs-lamaschtupla-ccd elementor-widget elementor-widget-text-editor\" data-id=\"iwgs-lamaschtupla-ccd\" data-element_type=\"widget\" data-e-type=\"widget\" data-widget_type=\"text-editor.default\">\n\t\t\t\t\t\t\t\t\t<p style=\"text-align:center;font-size:13px;opacity:0.7;margin-top:14px\" data-nosnippet=\"true\">Pers\u00f3nuleg reynsla getur veri\u00f0 mismunandi. Ekki l\u00e6kningat\u00e6ki. Engin lofor\u00f0 um l\u00e6kningu.<\/p>\t\t\t\t\t\t\t\t<\/div>\n\t\t\t\t\t<\/div>\n\t\t\t\t<\/div>\n\t\t\t\t\t<\/div>\n\t\t\t\t<\/div>\n\t\t<div class=\"elementor-element elementor-element-iwgs-lamaschtupla-disc e-flex e-con-boxed e-con e-parent\" data-id=\"iwgs-lamaschtupla-disc\" data-element_type=\"container\" data-e-type=\"container\">\n\t\t\t\t\t<div class=\"e-con-inner\">\n\t\t\t\t<div class=\"elementor-element elementor-element-iwgs-lamaschtupla-discw elementor-widget elementor-widget-html\" data-id=\"iwgs-lamaschtupla-discw\" data-element_type=\"widget\" data-e-type=\"widget\" data-widget_type=\"html.default\">\n\t\t\t\t\t<footer data-nosnippet=\"true\" class=\"iwg-disclaimer-block\"><p data-nosnippet=\"true\">iWell Guard er <strong>ekki l\u00e6kningat\u00e6ki<\/strong> og kemur ekki \u00ed sta\u00f0 l\u00e6knis- e\u00f0a s\u00e1lfr\u00e6\u00f0ime\u00f0fer\u00f0ar. Innihaldi\u00f0 sem h\u00e9r er sett fram er tr\u00faarbrag\u00f0afr\u00e6\u00f0ileg og menningars\u00f6gulega greining, ekki lofor\u00f0 um andlega virkni.<\/p><\/footer>\t\t\t\t<\/div>\n\t\t\t\t\t<\/div>\n\t\t\t\t<\/div>\n\t\t\t\t<\/div>\n\t\t","protected":false},"excerpt":{"rendered":"","protected":false},"author":3,"featured_media":3476,"parent":0,"menu_order":0,"comment_status":"closed","ping_status":"closed","template":"elementor_header_footer","meta":{"_yoast_wpseo_focuskw":"Lamaschtu-plakettan","_yoast_wpseo_title":"Lamaschtu-plakettan \u2013 verndartafla fr\u00e1 Mes\u00f3p\u00f3tam\u00edu","_yoast_wpseo_metadesc":"Lamaschtu-plakettan var mes\u00f3p\u00f3tam\u00edsk verndartafla gegn s\u00e6ngurkonud\u00edsinni Lamaschtu. \u00datlit og notkun \u00fatsk\u00fdr\u00f0.","_yoast_wpseo_meta-robots-noindex":"","_yoast_wpseo_canonical":"","_angie_page":false,"gefaehrdungsstufe":"","wesen_kultur":"","wesen_klasse":"","footnotes":""},"categories":[],"class_list":["post-169165","page","type-page","status-publish","has-post-thumbnail","hentry"],"yoast_head":"<!-- This site is optimized with the Yoast SEO Premium plugin v27.7 (Yoast SEO v28.3) - https:\/\/yoast.com\/product\/yoast-seo-premium-wordpress\/ -->\n<title>Lamaschtu-plakettan \u2013 verndartafla fr\u00e1 Mes\u00f3p\u00f3tam\u00edu<\/title>\n<meta name=\"description\" content=\"Lamaschtu-plakettan var mes\u00f3p\u00f3tam\u00edsk verndartafla gegn s\u00e6ngurkonud\u00edsinni Lamaschtu. \u00datlit og notkun \u00fatsk\u00fdr\u00f0.\" \/>\n<meta name=\"robots\" content=\"index, follow, max-snippet:-1, max-image-preview:large, max-video-preview:-1\" \/>\n<link rel=\"canonical\" href=\"https:\/\/iwell-guard.com\/is\/lamashtu-plakettan-verndartafla\/\" \/>\n<meta property=\"og:locale\" content=\"is_IS\" \/>\n<meta property=\"og:type\" content=\"article\" \/>\n<meta property=\"og:title\" content=\"Lamaschtu-plakettan \u2013 verndartafla gegn s\u00e6ngurkonud\u00edsinni\" \/>\n<meta property=\"og:description\" content=\"Lamaschtu-plakettan var mes\u00f3p\u00f3tam\u00edsk verndartafla gegn s\u00e6ngurkonud\u00edsinni Lamaschtu. \u00datlit og notkun \u00fatsk\u00fdr\u00f0.\" \/>\n<meta property=\"og:url\" content=\"https:\/\/iwell-guard.com\/is\/lamashtu-plakettan-verndartafla\/\" \/>\n<meta property=\"og:site_name\" content=\"iWell Guard\" \/>\n<meta property=\"article:modified_time\" content=\"2026-09-05T14:33:53+00:00\" \/>\n<meta property=\"og:image\" content=\"https:\/\/iwell-guard.com\/wp-content\/uploads\/2026\/05\/schutzsymbol_mesopotamien_lamaschtu-plakette.webp\" \/>\n\t<meta property=\"og:image:width\" content=\"1024\" \/>\n\t<meta property=\"og:image:height\" content=\"1536\" \/>\n\t<meta property=\"og:image:type\" content=\"image\/webp\" \/>\n<meta name=\"twitter:card\" content=\"summary_large_image\" \/>\n<script type=\"application\/ld+json\" class=\"yoast-schema-graph\">{\"@context\":\"https:\\\/\\\/schema.org\",\"@graph\":[{\"@type\":\"WebPage\",\"@id\":\"https:\\\/\\\/iwell-guard.com\\\/is\\\/lamashtu-plakettan-verndartafla\\\/\",\"url\":\"https:\\\/\\\/iwell-guard.com\\\/is\\\/lamashtu-plakettan-verndartafla\\\/\",\"name\":\"Lamaschtu-plakettan \u2013 verndartafla fr\u00e1 Mes\u00f3p\u00f3tam\u00edu\",\"isPartOf\":{\"@id\":\"https:\\\/\\\/iwell-guard.com\\\/is\\\/#website\"},\"primaryImageOfPage\":{\"@id\":\"https:\\\/\\\/iwell-guard.com\\\/is\\\/lamashtu-plakettan-verndartafla\\\/#primaryimage\"},\"image\":{\"@id\":\"https:\\\/\\\/iwell-guard.com\\\/is\\\/lamashtu-plakettan-verndartafla\\\/#primaryimage\"},\"thumbnailUrl\":\"https:\\\/\\\/iwell-guard.com\\\/wp-content\\\/uploads\\\/2026\\\/05\\\/schutzsymbol_mesopotamien_lamaschtu-plakette.webp\",\"datePublished\":\"2026-09-05T14:06:09+00:00\",\"dateModified\":\"2026-09-05T14:33:53+00:00\",\"description\":\"Lamaschtu-plakettan var mes\u00f3p\u00f3tam\u00edsk verndartafla gegn s\u00e6ngurkonud\u00edsinni Lamaschtu. \u00datlit og notkun \u00fatsk\u00fdr\u00f0.\",\"breadcrumb\":{\"@id\":\"https:\\\/\\\/iwell-guard.com\\\/is\\\/lamashtu-plakettan-verndartafla\\\/#breadcrumb\"},\"inLanguage\":\"is\",\"potentialAction\":[{\"@type\":\"ReadAction\",\"target\":[\"https:\\\/\\\/iwell-guard.com\\\/is\\\/lamashtu-plakettan-verndartafla\\\/\"]}]},{\"@type\":\"ImageObject\",\"inLanguage\":\"is\",\"@id\":\"https:\\\/\\\/iwell-guard.com\\\/is\\\/lamashtu-plakettan-verndartafla\\\/#primaryimage\",\"url\":\"https:\\\/\\\/iwell-guard.com\\\/wp-content\\\/uploads\\\/2026\\\/05\\\/schutzsymbol_mesopotamien_lamaschtu-plakette.webp\",\"contentUrl\":\"https:\\\/\\\/iwell-guard.com\\\/wp-content\\\/uploads\\\/2026\\\/05\\\/schutzsymbol_mesopotamien_lamaschtu-plakette.webp\",\"width\":1024,\"height\":1536,\"caption\":\"Verndart\u00e1kn. Myndskreyting \u00ed safnst\u00edl.\"},{\"@type\":\"BreadcrumbList\",\"@id\":\"https:\\\/\\\/iwell-guard.com\\\/is\\\/lamashtu-plakettan-verndartafla\\\/#breadcrumb\",\"itemListElement\":[{\"@type\":\"ListItem\",\"position\":1,\"name\":\"Start\",\"item\":\"https:\\\/\\\/iwell-guard.com\\\/is\\\/?page_id=168580\"},{\"@type\":\"ListItem\",\"position\":2,\"name\":\"Lamaschtu-plakettan \u2013 verndartafla gegn s\u00e6ngurkonud\u00edsinni\"}]},{\"@type\":\"WebSite\",\"@id\":\"https:\\\/\\\/iwell-guard.com\\\/is\\\/#website\",\"url\":\"https:\\\/\\\/iwell-guard.com\\\/is\\\/\",\"name\":\"iWell Guard\",\"description\":\"Schutz vor dunklen Einfl\u00fcssen\",\"publisher\":{\"@id\":\"https:\\\/\\\/iwell-guard.com\\\/is\\\/#organization\"},\"potentialAction\":[{\"@type\":\"SearchAction\",\"target\":{\"@type\":\"EntryPoint\",\"urlTemplate\":\"https:\\\/\\\/iwell-guard.com\\\/is\\\/?s={search_term_string}\"},\"query-input\":{\"@type\":\"PropertyValueSpecification\",\"valueRequired\":true,\"valueName\":\"search_term_string\"}}],\"inLanguage\":\"is\"},{\"@type\":\"Organization\",\"@id\":\"https:\\\/\\\/iwell-guard.com\\\/is\\\/#organization\",\"name\":\"Ittermann electronic GmbH\",\"url\":\"https:\\\/\\\/iwell-guard.com\\\/is\\\/\",\"logo\":{\"@type\":\"ImageObject\",\"inLanguage\":\"is\",\"@id\":\"https:\\\/\\\/iwell-guard.com\\\/is\\\/#\\\/schema\\\/logo\\\/image\\\/\",\"url\":\"https:\\\/\\\/iwell-guard.com\\\/wp-content\\\/uploads\\\/2026\\\/05\\\/Ittermann-Logo-1182x237-1.png\",\"contentUrl\":\"https:\\\/\\\/iwell-guard.com\\\/wp-content\\\/uploads\\\/2026\\\/05\\\/Ittermann-Logo-1182x237-1.png\",\"width\":1182,\"height\":237,\"caption\":\"Ittermann electronic GmbH\"},\"image\":{\"@id\":\"https:\\\/\\\/iwell-guard.com\\\/is\\\/#\\\/schema\\\/logo\\\/image\\\/\"},\"sameAs\":[\"https:\\\/\\\/pantip.com\\\/profile\\\/9367242\",\"https:\\\/\\\/micro.blog\\\/iwellguard\",\"https:\\\/\\\/www.diggerslist.com\\\/iwellguard\\\/about\",\"https:\\\/\\\/skitterphoto.com\\\/photographers\\\/2870314\\\/iwell-guard\",\"https:\\\/\\\/iwellguard.wordpress.com\\\/2026\\\/06\\\/06\\\/iwell-guard\\\/\",\"https:\\\/\\\/hub.docker.com\\\/u\\\/iwellguard\",\"https:\\\/\\\/www.pinterest.com\\\/iwellguard\\\/\",\"https:\\\/\\\/bit.ly\\\/m\\\/iwellguard\",\"https:\\\/\\\/entre-vos-mains.alsace.eu\\\/profiles\\\/iwellguard\\\/activity\",\"https:\\\/\\\/gravatar.com\\\/reallybeded8fd34\",\"https:\\\/\\\/naijamatta.com\\\/iwellguard\",\"https:\\\/\\\/www.goodreads.com\\\/iwellguard\",\"https:\\\/\\\/profile.hatena.ne.jp\\\/iwellguard\\\/\",\"https:\\\/\\\/experiment.com\\\/users\\\/iwellguard\",\"https:\\\/\\\/wakelet.com\\\/@iWellGuard82270\",\"https:\\\/\\\/www.chordie.com\\\/forum\\\/profile.php?id=2555664\",\"https:\\\/\\\/www.instapaper.com\\\/p\\\/17757966\",\"https:\\\/\\\/www.mapleprimes.com\\\/users\\\/iwellguard\",\"https:\\\/\\\/businesslistingplus.com\\\/profile\\\/iwell-guard\\\/\",\"https:\\\/\\\/telegra.ph\\\/iWell-Guard-06-06\",\"https:\\\/\\\/pbase.com\\\/iwellguard\\\/iwellguard\",\"https:\\\/\\\/b.hatena.ne.jp\\\/iwellguard\\\/20260607#bookmark-4788405196491818882\",\"https:\\\/\\\/fliphtml5.com\\\/home\\\/iwellguard\",\"https:\\\/\\\/anyflip.com\\\/homepage\\\/cmiwl#About\",\"https:\\\/\\\/transfur.com\\\/Users\\\/iwellguard\",\"http:\\\/\\\/delphi.larsbo.org\\\/user\\\/iwellguard\",\"https:\\\/\\\/jobs.lajobsportal.org\\\/profiles\\\/8380803-iwell-guard\",\"https:\\\/\\\/md.chaosdorf.de\\\/s\\\/jfbe5SBdJD\",\"https:\\\/\\\/www.lingvolive.com\\\/en-us\\\/profile\\\/9ecaeaca-ce11-4e51-9e71-01d55e2bff36\\\/translations\",\"https:\\\/\\\/www.fitday.com\\\/fitness\\\/forums\\\/members\\\/iwellguard.html\",\"https:\\\/\\\/www.mymeetbook.com\\\/iwellguard\",\"https:\\\/\\\/pxhere.com\\\/en\\\/photographer-me\\\/5040798\",\"https:\\\/\\\/disqus.com\\\/by\\\/iwellguard\\\/about\\\/\",\"https:\\\/\\\/pastelink.net\\\/hjwciqwq\",\"https:\\\/\\\/pubhtml5.com\\\/homepage\\\/scjhn\\\/\",\"https:\\\/\\\/www.bitchute.com\\\/channel\\\/2O2eOKzNqujT\",\"https:\\\/\\\/audiomack.com\\\/iwellguard\"]}]}<\/script>\n<!-- \/ Yoast SEO Premium plugin. -->","yoast_head_json":{"title":"Lamaschtu-plakettan \u2013 verndartafla fr\u00e1 Mes\u00f3p\u00f3tam\u00edu","description":"Lamaschtu-plakettan var mes\u00f3p\u00f3tam\u00edsk verndartafla gegn s\u00e6ngurkonud\u00edsinni Lamaschtu. \u00datlit og notkun \u00fatsk\u00fdr\u00f0.","robots":{"index":"index","follow":"follow","max-snippet":"max-snippet:-1","max-image-preview":"max-image-preview:large","max-video-preview":"max-video-preview:-1"},"canonical":"https:\/\/iwell-guard.com\/is\/lamashtu-plakettan-verndartafla\/","og_locale":"is_IS","og_type":"article","og_title":"Lamaschtu-plakettan \u2013 verndartafla gegn s\u00e6ngurkonud\u00edsinni","og_description":"Lamaschtu-plakettan var mes\u00f3p\u00f3tam\u00edsk verndartafla gegn s\u00e6ngurkonud\u00edsinni Lamaschtu. \u00datlit og notkun \u00fatsk\u00fdr\u00f0.","og_url":"https:\/\/iwell-guard.com\/is\/lamashtu-plakettan-verndartafla\/","og_site_name":"iWell Guard","article_modified_time":"2026-09-05T14:33:53+00:00","og_image":[{"width":1024,"height":1536,"url":"https:\/\/iwell-guard.com\/wp-content\/uploads\/2026\/05\/schutzsymbol_mesopotamien_lamaschtu-plakette.webp","type":"image\/webp"}],"twitter_card":"summary_large_image","schema":{"@context":"https:\/\/schema.org","@graph":[{"@type":"WebPage","@id":"https:\/\/iwell-guard.com\/is\/lamashtu-plakettan-verndartafla\/","url":"https:\/\/iwell-guard.com\/is\/lamashtu-plakettan-verndartafla\/","name":"Lamaschtu-plakettan \u2013 verndartafla fr\u00e1 Mes\u00f3p\u00f3tam\u00edu","isPartOf":{"@id":"https:\/\/iwell-guard.com\/is\/#website"},"primaryImageOfPage":{"@id":"https:\/\/iwell-guard.com\/is\/lamashtu-plakettan-verndartafla\/#primaryimage"},"image":{"@id":"https:\/\/iwell-guard.com\/is\/lamashtu-plakettan-verndartafla\/#primaryimage"},"thumbnailUrl":"https:\/\/iwell-guard.com\/wp-content\/uploads\/2026\/05\/schutzsymbol_mesopotamien_lamaschtu-plakette.webp","datePublished":"2026-09-05T14:06:09+00:00","dateModified":"2026-09-05T14:33:53+00:00","description":"Lamaschtu-plakettan var mes\u00f3p\u00f3tam\u00edsk verndartafla gegn s\u00e6ngurkonud\u00edsinni Lamaschtu. \u00datlit og notkun \u00fatsk\u00fdr\u00f0.","breadcrumb":{"@id":"https:\/\/iwell-guard.com\/is\/lamashtu-plakettan-verndartafla\/#breadcrumb"},"inLanguage":"is","potentialAction":[{"@type":"ReadAction","target":["https:\/\/iwell-guard.com\/is\/lamashtu-plakettan-verndartafla\/"]}]},{"@type":"ImageObject","inLanguage":"is","@id":"https:\/\/iwell-guard.com\/is\/lamashtu-plakettan-verndartafla\/#primaryimage","url":"https:\/\/iwell-guard.com\/wp-content\/uploads\/2026\/05\/schutzsymbol_mesopotamien_lamaschtu-plakette.webp","contentUrl":"https:\/\/iwell-guard.com\/wp-content\/uploads\/2026\/05\/schutzsymbol_mesopotamien_lamaschtu-plakette.webp","width":1024,"height":1536,"caption":"Verndart\u00e1kn. Myndskreyting \u00ed safnst\u00edl."},{"@type":"BreadcrumbList","@id":"https:\/\/iwell-guard.com\/is\/lamashtu-plakettan-verndartafla\/#breadcrumb","itemListElement":[{"@type":"ListItem","position":1,"name":"Start","item":"https:\/\/iwell-guard.com\/is\/?page_id=168580"},{"@type":"ListItem","position":2,"name":"Lamaschtu-plakettan \u2013 verndartafla gegn s\u00e6ngurkonud\u00edsinni"}]},{"@type":"WebSite","@id":"https:\/\/iwell-guard.com\/is\/#website","url":"https:\/\/iwell-guard.com\/is\/","name":"iWell Guard","description":"Schutz vor dunklen Einfl\u00fcssen","publisher":{"@id":"https:\/\/iwell-guard.com\/is\/#organization"},"potentialAction":[{"@type":"SearchAction","target":{"@type":"EntryPoint","urlTemplate":"https:\/\/iwell-guard.com\/is\/?s={search_term_string}"},"query-input":{"@type":"PropertyValueSpecification","valueRequired":true,"valueName":"search_term_string"}}],"inLanguage":"is"},{"@type":"Organization","@id":"https:\/\/iwell-guard.com\/is\/#organization","name":"Ittermann electronic GmbH","url":"https:\/\/iwell-guard.com\/is\/","logo":{"@type":"ImageObject","inLanguage":"is","@id":"https:\/\/iwell-guard.com\/is\/#\/schema\/logo\/image\/","url":"https:\/\/iwell-guard.com\/wp-content\/uploads\/2026\/05\/Ittermann-Logo-1182x237-1.png","contentUrl":"https:\/\/iwell-guard.com\/wp-content\/uploads\/2026\/05\/Ittermann-Logo-1182x237-1.png","width":1182,"height":237,"caption":"Ittermann electronic GmbH"},"image":{"@id":"https:\/\/iwell-guard.com\/is\/#\/schema\/logo\/image\/"},"sameAs":["https:\/\/pantip.com\/profile\/9367242","https:\/\/micro.blog\/iwellguard","https:\/\/www.diggerslist.com\/iwellguard\/about","https:\/\/skitterphoto.com\/photographers\/2870314\/iwell-guard","https:\/\/iwellguard.wordpress.com\/2026\/06\/06\/iwell-guard\/","https:\/\/hub.docker.com\/u\/iwellguard","https:\/\/www.pinterest.com\/iwellguard\/","https:\/\/bit.ly\/m\/iwellguard","https:\/\/entre-vos-mains.alsace.eu\/profiles\/iwellguard\/activity","https:\/\/gravatar.com\/reallybeded8fd34","https:\/\/naijamatta.com\/iwellguard","https:\/\/www.goodreads.com\/iwellguard","https:\/\/profile.hatena.ne.jp\/iwellguard\/","https:\/\/experiment.com\/users\/iwellguard","https:\/\/wakelet.com\/@iWellGuard82270","https:\/\/www.chordie.com\/forum\/profile.php?id=2555664","https:\/\/www.instapaper.com\/p\/17757966","https:\/\/www.mapleprimes.com\/users\/iwellguard","https:\/\/businesslistingplus.com\/profile\/iwell-guard\/","https:\/\/telegra.ph\/iWell-Guard-06-06","https:\/\/pbase.com\/iwellguard\/iwellguard","https:\/\/b.hatena.ne.jp\/iwellguard\/20260607#bookmark-4788405196491818882","https:\/\/fliphtml5.com\/home\/iwellguard","https:\/\/anyflip.com\/homepage\/cmiwl#About","https:\/\/transfur.com\/Users\/iwellguard","http:\/\/delphi.larsbo.org\/user\/iwellguard","https:\/\/jobs.lajobsportal.org\/profiles\/8380803-iwell-guard","https:\/\/md.chaosdorf.de\/s\/jfbe5SBdJD","https:\/\/www.lingvolive.com\/en-us\/profile\/9ecaeaca-ce11-4e51-9e71-01d55e2bff36\/translations","https:\/\/www.fitday.com\/fitness\/forums\/members\/iwellguard.html","https:\/\/www.mymeetbook.com\/iwellguard","https:\/\/pxhere.com\/en\/photographer-me\/5040798","https:\/\/disqus.com\/by\/iwellguard\/about\/","https:\/\/pastelink.net\/hjwciqwq","https:\/\/pubhtml5.com\/homepage\/scjhn\/","https:\/\/www.bitchute.com\/channel\/2O2eOKzNqujT","https:\/\/audiomack.com\/iwellguard"]}]}},"_links":{"self":[{"href":"https:\/\/iwell-guard.com\/is\/wp-json\/wp\/v2\/pages\/169165","targetHints":{"allow":["GET"]}}],"collection":[{"href":"https:\/\/iwell-guard.com\/is\/wp-json\/wp\/v2\/pages"}],"about":[{"href":"https:\/\/iwell-guard.com\/is\/wp-json\/wp\/v2\/types\/page"}],"author":[{"embeddable":true,"href":"https:\/\/iwell-guard.com\/is\/wp-json\/wp\/v2\/users\/3"}],"replies":[{"embeddable":true,"href":"https:\/\/iwell-guard.com\/is\/wp-json\/wp\/v2\/comments?post=169165"}],"version-history":[{"count":0,"href":"https:\/\/iwell-guard.com\/is\/wp-json\/wp\/v2\/pages\/169165\/revisions"}],"wp:featuredmedia":[{"embeddable":true,"href":"https:\/\/iwell-guard.com\/is\/wp-json\/wp\/v2\/media\/3476"}],"wp:attachment":[{"href":"https:\/\/iwell-guard.com\/is\/wp-json\/wp\/v2\/media?parent=169165"}],"wp:term":[{"taxonomy":"category","embeddable":true,"href":"https:\/\/iwell-guard.com\/is\/wp-json\/wp\/v2\/categories?post=169165"}],"curies":[{"name":"wp","href":"https:\/\/api.w.org\/{rel}","templated":true}]}}