{"id":169163,"date":"2026-09-05T14:06:08","date_gmt":"2026-09-05T14:06:08","guid":{"rendered":"https:\/\/iwell-guard.com\/?page_id=169163"},"modified":"2026-09-05T14:33:51","modified_gmt":"2026-09-05T14:33:51","slug":"isisarhnutur-tit-verndargripur-isisar","status":"publish","type":"page","link":"https:\/\/iwell-guard.com\/is\/isisarhnutur-tit-verndargripur-isisar\/","title":{"rendered":"\u00cdsisarhn\u00fatur \u2013 Tit-verndargripur gy\u00f0junnar \u00cdsisar"},"content":{"rendered":"\t\t<div data-elementor-type=\"wp-page\" data-elementor-id=\"169163\" class=\"elementor elementor-169163 elementor-3653 elementor-bc-flex-widget\" data-elementor-post-type=\"page\">\n\t\t\t\t<div class=\"elementor-element elementor-element-iwgs-isisknoten-hero e-flex e-con-boxed e-con e-parent\" data-id=\"iwgs-isisknoten-hero\" data-element_type=\"container\" data-e-type=\"container\">\n\t\t\t\t\t<div class=\"e-con-inner\">\n\t\t<div class=\"elementor-element elementor-element-iwgs-isisknoten-hl e-flex e-con-boxed e-con e-parent\" data-id=\"iwgs-isisknoten-hl\" data-element_type=\"container\" data-e-type=\"container\">\n\t\t\t\t\t<div class=\"e-con-inner\">\n\t\t<div class=\"elementor-element elementor-element-iwgs-isisknoten-hlbox e-con-full e-flex e-con e-parent\" data-id=\"iwgs-isisknoten-hlbox\" data-element_type=\"container\" data-e-type=\"container\">\n\t\t\t\t<div class=\"elementor-element elementor-element-iwgs-isisknoten-h1 elementor-widget elementor-widget-heading\" data-id=\"iwgs-isisknoten-h1\" data-element_type=\"widget\" data-e-type=\"widget\" data-widget_type=\"heading.default\">\n\t\t\t\t\t<h1 class=\"elementor-heading-title elementor-size-default\">\u00cdsisarhn\u00faturinn \u2013 Tit-verndargripurinn undir vernd \u00cdsisar<\/h1>\t\t\t\t<\/div>\n\t\t\t\t<div class=\"elementor-element elementor-element-iwgs-isisknoten-lead elementor-widget elementor-widget-text-editor\" data-id=\"iwgs-isisknoten-lead\" data-element_type=\"widget\" data-e-type=\"widget\" data-widget_type=\"text-editor.default\">\n\t\t\t\t\t\t\t\t\t<p>\u00cdsisarhn\u00faturinn, kalla\u00f0ur Tit \u00e1 egypskri tungu, er verndargripur undir merki gy\u00f0junnar \u00cdsisar. Slungi\u00f0 t\u00e1kn hans og rau\u00f0ur litur tengjast verndinni og krafti hinnar miklu gy\u00f0ju.<\/p>\t\t\t\t\t\t\t\t<\/div>\n\t\t\t\t<\/div>\n\t\t\t\t<div class=\"elementor-element elementor-element-iwgs-isisknoten-pills elementor-widget elementor-widget-html\" data-id=\"iwgs-isisknoten-pills\" data-element_type=\"widget\" data-e-type=\"widget\" data-widget_type=\"html.default\">\n\t\t\t\t\t<div class=\"iwg-pill-row\"><span class=\"iwg-klasse-badge\" tabindex=\"0\" data-tooltip=\"Verndart\u00e1kn, verndargripur e\u00f0a apotropa\u00edskt fyrirb\u00e6ri.\">Verndart\u00e1kn<\/span><a href=\"https:\/\/iwell-guard.com\/is\/egyptaland\/\" class=\"iwg-kultur-badge\" tabindex=\"0\" data-tooltip=\"Verndarhef\u00f0: Egyptaland\">Egyptaland<\/a><span class=\"iwg-tradition-badge\" tabindex=\"0\" data-tooltip=\"Hlutur e\u00f0a t\u00e1kn sem \u00e1 a\u00f0 verjast \u00f3heillum og ska\u00f0legum \u00e1hrifum.\">Apotrop\u00e6ikon<\/span><\/div>\t\t\t\t<\/div>\n\t\t\t\t\t<\/div>\n\t\t\t\t<\/div>\n\t\t<div class=\"elementor-element elementor-element-iwgs-isisknoten-hr e-con-full e-flex e-con e-parent\" data-id=\"iwgs-isisknoten-hr\" data-element_type=\"container\" data-e-type=\"container\">\n\t\t\t\t<div class=\"elementor-element elementor-element-iwgs-isisknoten-himg iwg-hero-image elementor-widget elementor-widget-image\" data-id=\"iwgs-isisknoten-himg\" data-element_type=\"widget\" data-e-type=\"widget\" data-widget_type=\"image.default\">\n\t\t\t\t\t\t\t\t\t\t\t\t\t\t\t<img fetchpriority=\"high\" decoding=\"async\" width=\"683\" height=\"1024\" src=\"https:\/\/iwell-guard.com\/wp-content\/uploads\/2026\/05\/schutzsymbol_aegypten_isisknoten-683x1024.webp\" class=\"attachment-large size-large wp-image-170586\" alt=\"Isis-hn\u00fatur - verndart\u00e1kn, safnfr\u00e6\u00f0ileg myndskreyting\" srcset=\"https:\/\/iwell-guard.com\/wp-content\/uploads\/2026\/05\/schutzsymbol_aegypten_isisknoten-683x1024.webp 683w, https:\/\/iwell-guard.com\/wp-content\/uploads\/2026\/05\/schutzsymbol_aegypten_isisknoten-200x300.webp 200w, https:\/\/iwell-guard.com\/wp-content\/uploads\/2026\/05\/schutzsymbol_aegypten_isisknoten-768x1152.webp 768w, https:\/\/iwell-guard.com\/wp-content\/uploads\/2026\/05\/schutzsymbol_aegypten_isisknoten.webp 1024w\" sizes=\"(max-width: 683px) 100vw, 683px\" \/>\t\t\t\t\t\t\t\t\t\t\t\t\t\t\t<\/div>\n\t\t\t\t<\/div>\n\t\t\t\t\t<\/div>\n\t\t\t\t<\/div>\n\t\t<div class=\"elementor-element elementor-element-iwgs-isisknoten-s0 e-flex e-con-boxed e-con e-parent\" data-id=\"iwgs-isisknoten-s0\" data-element_type=\"container\" data-e-type=\"container\">\n\t\t\t\t\t<div class=\"e-con-inner\">\n\t\t\t\t<div class=\"elementor-element elementor-element-iwgs-isisknoten-s0h elementor-widget elementor-widget-heading\" data-id=\"iwgs-isisknoten-s0h\" data-element_type=\"widget\" data-e-type=\"widget\" data-widget_type=\"heading.default\">\n\t\t\t\t\t<h2 class=\"elementor-heading-title elementor-size-default\">Yfirlit<\/h2>\t\t\t\t<\/div>\n\t\t<div class=\"elementor-element elementor-element-iwgs-isisknoten-s0box e-con-full e-flex e-con e-parent\" data-id=\"iwgs-isisknoten-s0box\" data-element_type=\"container\" data-e-type=\"container\">\n\t\t\t\t<div class=\"elementor-element elementor-element-iwgs-isisknoten-s0t elementor-widget elementor-widget-text-editor\" data-id=\"iwgs-isisknoten-s0t\" data-element_type=\"widget\" data-e-type=\"widget\" data-widget_type=\"text-editor.default\">\n\t\t\t\t\t\t\t\t\t<p>\u00cdsisarhn\u00faturinn er verndargripur fr\u00e1 Egyptalandi hinu forna (<a href=\"https:\/\/iwell-guard.com\/is\/egyptaland\/\">Egyptaland<\/a>). \u00c1 egypsku ber hann heiti\u00f0 Tit. Hann telst til \u00fatbreiddustu verndargripa egypskrar verndarhef\u00f0ar.<\/p><p>\u00deessi <span class=\"iwg-fachbegriff\" data-tooltip=\"Hlutur sem borinn er \u00e1 l\u00edkamanum og talinn b\u00faa yfir verndandi, \u00f3g\u00e6fuafst\u00fdrandi m\u00e6tti.\" tabindex=\"0\">verndargripur<\/span> s\u00fdnir slaufulaga t\u00e1kn sem l\u00edkist lykkju e\u00f0a hn\u00fat. \u00deessi l\u00f6gun er \u00e1st\u00e6\u00f0an fyrir \u00fev\u00ed a\u00f0 hann er kalla\u00f0ur \u00cdsisarhn\u00fatur \u00e1 \u00fe\u00fdsku, \u00fev\u00ed t\u00e1kni\u00f0 er n\u00e1tengt gy\u00f0junni \u00cdsis.<\/p><p>\u00cdsisarhn\u00faturinn naut verndar \u00cdsisar, einnar mestu og v\u00ed\u00f0d\u00fdrku\u00f0ustu gy\u00f0ju Egyptalands. S\u00e1 sem bar \u00feennan <span class=\"iwg-fachbegriff\" data-tooltip=\"Hlutur sem borinn er \u00e1 l\u00edkamanum og talinn b\u00faa yfir verndandi, \u00f3g\u00e6fuafst\u00fdrandi m\u00e6tti.\" tabindex=\"0\">verndargrip<\/span> setti sig undir vernd \u00feessarar voldugu gy\u00f0ju.<\/p><p>\u00cdsisarhn\u00faturinn gegndi s\u00e9rst\u00f6ku hlutverki \u00ed helgisi\u00f0um tengdum dau\u00f0anum. \u00dear haf\u00f0i hann n\u00e1kv\u00e6mlega skilgreint hlutverk sem tengdist vernd hins l\u00e1tna.<\/p><p>\u00cd <span class=\"iwg-fachbegriff\" data-tooltip=\"Fr\u00e6\u00f0igrein sem rannsakar tr\u00faarbr\u00f6g\u00f0 me\u00f0 samanbur\u00f0i og \u00e1n tr\u00faarlegrar afst\u00f6\u00f0u.\" tabindex=\"0\">tr\u00faarbrag\u00f0afr\u00e6\u00f0i<\/span> er \u00cdsisarhn\u00faturinn gott d\u00e6mi um <span class=\"iwg-fachbegriff\" data-tooltip=\"Hlutur sem borinn er \u00e1 l\u00edkamanum og talinn b\u00faa yfir verndandi, \u00f3g\u00e6fuafst\u00fdrandi m\u00e6tti.\" tabindex=\"0\">verndargrip<\/span> sem er n\u00e1tengdur b\u00e6\u00f0i \u00e1kve\u00f0nu <span class=\"iwg-fachbegriff\" data-tooltip=\"Vera sem d\u00fdrku\u00f0 er sem gu\u00f0leg innan tr\u00faarbrag\u00f0a.\" tabindex=\"0\">go\u00f0magni<\/span> og \u00e1kve\u00f0num lit. B\u00e6\u00f0i gy\u00f0jan og liturinn stu\u00f0la a\u00f0 merkingu hans.<\/p><p>\u00cdsisarhn\u00faturinn tilheyrir jafnframt h\u00f3pi skyldra egypskra t\u00e1kna. S\u00e9rstaklega n\u00e1in tengsl \u00e1 hann vi\u00f0 Anch-krossinn og Djed-s\u00faluna. \u00deessi skyldleiki er \u00fatsk\u00fdr\u00f0ur n\u00e1nar h\u00e9r \u00e1 eftir.<\/p>\t\t\t\t\t\t\t\t<\/div>\n\t\t\t\t<\/div>\n\t\t\t\t\t<\/div>\n\t\t\t\t<\/div>\n\t\t<div class=\"elementor-element elementor-element-iwgs-isisknoten-s1 e-flex e-con-boxed e-con e-parent\" data-id=\"iwgs-isisknoten-s1\" data-element_type=\"container\" data-e-type=\"container\">\n\t\t\t\t\t<div class=\"e-con-inner\">\n\t\t\t\t<div class=\"elementor-element elementor-element-iwgs-isisknoten-s1h elementor-widget elementor-widget-heading\" data-id=\"iwgs-isisknoten-s1h\" data-element_type=\"widget\" data-e-type=\"widget\" data-widget_type=\"heading.default\">\n\t\t\t\t\t<h2 class=\"elementor-heading-title elementor-size-default\">Tit: hn\u00fatur \u00cdsisar<\/h2>\t\t\t\t<\/div>\n\t\t<div class=\"elementor-element elementor-element-iwgs-isisknoten-s1box e-con-full e-flex e-con e-parent\" data-id=\"iwgs-isisknoten-s1box\" data-element_type=\"container\" data-e-type=\"container\">\n\t\t\t\t<div class=\"elementor-element elementor-element-iwgs-isisknoten-s1t elementor-widget elementor-widget-text-editor\" data-id=\"iwgs-isisknoten-s1t\" data-element_type=\"widget\" data-e-type=\"widget\" data-widget_type=\"text-editor.default\">\n\t\t\t\t\t\t\t\t\t<p>Egypska nafn verndargripsins er Tit. Upprunaleg merking \u00feessa or\u00f0s er ekki a\u00f0 \u00f6llu leyti \u00feekkt me\u00f0 vissu, en t\u00e1kni\u00f0 er greinilega tengt gy\u00f0junni \u00cdsis.<\/p><p>\u00de\u00fdska heiti\u00f0 \u00cdsisarhn\u00fatur l\u00fdsir t\u00e1kninu \u00e1 myndr\u00e6nan h\u00e1tt. \u00dea\u00f0 l\u00edtur \u00fat eins og slungi\u00f0 band e\u00f0a hn\u00fatur. \u00deessi hn\u00fatsform er einkennandi eiginleiki t\u00e1knsins.<\/p><p>Hn\u00fatar hafa \u00ed m\u00f6rgum menningarheimum verndandi merkingu. A\u00f0 hn\u00fdta og binda er tali\u00f0 vera ath\u00f6fn sem festir verndina. Hn\u00fatt\u00e1kn getur \u00feannig sta\u00f0i\u00f0 fyrir bundinn, fastan verndarkraft.<\/p><p>\u00cd \u00cdsisarhn\u00fatnum tengist \u00feessi almenna merking hn\u00fatsins ger\u00f0 \u00cdsisar. T\u00e1kni\u00f0 er hn\u00fatur \u00feessarar \u00e1kve\u00f0nu gy\u00f0ju. \u00cd honum er verndarkraftur hennar sem bundinn og n\u00e1l\u00e6gur.<\/p><p>Tengingin vi\u00f0 \u00cdsis gefur <span class=\"iwg-fachbegriff\" data-tooltip=\"Hlutur sem borinn er \u00e1 s\u00e9r og talinn hafa verndandi, \u00f3g\u00e6fuafst\u00fdrandi \u00e1hrif.\" tabindex=\"0\">verndargripnum<\/span> v\u00e6gi sitt. \u00cdsis var ekki l\u00edtilv\u00e6gur <span class=\"iwg-fachbegriff\" data-tooltip=\"Vera sem d\u00fdrku\u00f0 er sem gu\u00f0leg innan tr\u00faarbrag\u00f0a.\" tabindex=\"0\">gu\u00f0d\u00f3mur<\/span>, heldur ein m\u00e1ttugasta gy\u00f0ja Egyptalands, kunn fyrir vernd s\u00edna og l\u00e6kningarkraft.<\/p><p>\u00cdsisarhn\u00faturinn er \u00feannig hi\u00f0 borna t\u00e1kn mikillar gy\u00f0ju. S\u00e1 sem bar hann tengdist \u00cdsis og \u00f6llu \u00fev\u00ed sem h\u00fan st\u00f3\u00f0 fyrir, fyrst og fremst vernd hennar.<\/p>\t\t\t\t\t\t\t\t<\/div>\n\t\t\t\t<\/div>\n\t\t\t\t\t<\/div>\n\t\t\t\t<\/div>\n\t\t<div class=\"elementor-element elementor-element-iwgs-isisknoten-s2 e-flex e-con-boxed e-con e-parent\" data-id=\"iwgs-isisknoten-s2\" data-element_type=\"container\" data-e-type=\"container\">\n\t\t\t\t\t<div class=\"e-con-inner\">\n\t\t\t\t<div class=\"elementor-element elementor-element-iwgs-isisknoten-s2h elementor-widget elementor-widget-heading\" data-id=\"iwgs-isisknoten-s2h\" data-element_type=\"widget\" data-e-type=\"widget\" data-widget_type=\"heading.default\">\n\t\t\t\t\t<h2 class=\"elementor-heading-title elementor-size-default\">Ger\u00f0 og tengsl vi\u00f0 Anch<\/h2>\t\t\t\t<\/div>\n\t\t<div class=\"elementor-element elementor-element-iwgs-isisknoten-s2box e-con-full e-flex e-con e-parent\" data-id=\"iwgs-isisknoten-s2box\" data-element_type=\"container\" data-e-type=\"container\">\n\t\t\t\t<div class=\"elementor-element elementor-element-iwgs-isisknoten-s2t elementor-widget elementor-widget-text-editor\" data-id=\"iwgs-isisknoten-s2t\" data-element_type=\"widget\" data-e-type=\"widget\" data-widget_type=\"text-editor.default\">\n\t\t\t\t\t\t\t\t\t<p>\u00cdsisarhn\u00faturinn l\u00edkist \u00ed ger\u00f0 sinni \u00f6\u00f0ru mj\u00f6g kunnu egypsku t\u00e1kni, Anch-t\u00e1kninu. \u00deessi l\u00edking er \u00e1berandi og mikilv\u00e6g fyrir skilning \u00e1 t\u00e1kninu.<\/p><p>Anch-t\u00e1kni\u00f0, egypska l\u00edfst\u00e1kni\u00f0, er samsett \u00far krossi me\u00f0 lykkju \u00e1 sta\u00f0 efri stangarins. \u00cdsisarhn\u00faturinn hefur einnig lykkju \u00ed efri hlutanum.<\/p><p>Munurinn liggur \u00ed \u00f6rmunum. Me\u00f0an hli\u00f0ar\u00f6rmur Anch-t\u00e1knsins standa \u00fat l\u00e1r\u00e9tt, eru \u00feeir \u00e1 \u00cdsisarhn\u00fatnum slungnir ni\u00f0ur. Armar Tit-t\u00e1knsins hanga ni\u00f0ur, eins og \u00feeir v\u00e6ru bundnir ni\u00f0ur \u00e1 vi\u00f0.<\/p><p>Af \u00feessari n\u00e1l\u00e6g\u00f0 vi\u00f0 Anch lei\u00f0ir tengsl \u00ed merkingu. Anch-t\u00e1kni\u00f0 stendur fyrir l\u00edfi\u00f0, \u00cdsisarhn\u00faturinn heyrir sama svi\u00f0i l\u00edfs og verndar. B\u00e6\u00f0i t\u00e1knin eru n\u00e1tengd.<\/p><p>Egypska myndm\u00e1li\u00f0 \u00feekkti fleiri sl\u00edk tengd lykkjut\u00e1kn. \u00deau b\u00e6ttu hvert anna\u00f0 upp og var unnt a\u00f0 nota \u00feau saman. \u00cdsisarhn\u00faturinn og Anch-t\u00e1kni\u00f0 heyra til \u00feessa h\u00f3ps.<\/p><p>Tengslin vi\u00f0 Anch s\u00fdna a\u00f0 \u00cdsisarhn\u00faturinn er ekkert einangra\u00f0 t\u00e1kn. Hann er hluti af samhangandi kerfi egypskra verndar- og l\u00edfst\u00e1kna, \u00fear sem hvert t\u00e1kn hefur sinn sta\u00f0.<\/p>\t\t\t\t\t\t\t\t<\/div>\n\t\t\t\t<\/div>\n\t\t\t\t\t<\/div>\n\t\t\t\t<\/div>\n\t\t<div class=\"elementor-element elementor-element-iwgs-isisknoten-s3 e-flex e-con-boxed e-con e-parent\" data-id=\"iwgs-isisknoten-s3\" data-element_type=\"container\" data-e-type=\"container\">\n\t\t\t\t\t<div class=\"e-con-inner\">\n\t\t\t\t<div class=\"elementor-element elementor-element-iwgs-isisknoten-s3h elementor-widget elementor-widget-heading\" data-id=\"iwgs-isisknoten-s3h\" data-element_type=\"widget\" data-e-type=\"widget\" data-widget_type=\"heading.default\">\n\t\t\t\t\t<h2 class=\"elementor-heading-title elementor-size-default\">Bl\u00f3\u00f0 \u00cdsisar<\/h2>\t\t\t\t<\/div>\n\t\t<div class=\"elementor-element elementor-element-iwgs-isisknoten-s3box e-con-full e-flex e-con e-parent\" data-id=\"iwgs-isisknoten-s3box\" data-element_type=\"container\" data-e-type=\"container\">\n\t\t\t\t<div class=\"elementor-element elementor-element-iwgs-isisknoten-s3t elementor-widget elementor-widget-text-editor\" data-id=\"iwgs-isisknoten-s3t\" data-element_type=\"widget\" data-e-type=\"widget\" data-widget_type=\"text-editor.default\">\n\t\t\t\t\t\t\t\t\t<p>Mikilv\u00e6gur eiginleiki Isis-hn\u00fatsins sn\u00fdst um lit hans. Tit-<span class=\"iwg-fachbegriff\" data-tooltip=\"Hlutur sem er borinn \u00e1 l\u00edkamanum og talinn hafa verndandi, \u00f3g\u00e6fuvarnandi m\u00e1tt.\" tabindex=\"0\">verndargripurinn<\/span> var einkum ger\u00f0ur \u00far rau\u00f0u efni. Algeng voru karne\u00f3l, rau\u00f0ur jaspis og rautt gler.<\/p><p>\u00deessi rau\u00f0i litur er ekki valinn af tilviljun. Hann tengir <span class=\"iwg-fachbegriff\" data-tooltip=\"Hlutur sem er borinn \u00e1 l\u00edkamanum og talinn hafa verndandi, \u00f3g\u00e6fuvarnandi m\u00e1tt.\" tabindex=\"0\">verndargripinn<\/span> vi\u00f0 bl\u00f3\u00f0. \u00cd egypskum textum er Isis-hn\u00faturinn beinl\u00ednis tengdur bl\u00f3\u00f0i Isis.<\/p><p>Bl\u00f3\u00f0 Isis st\u00f3\u00f0 fyrir l\u00edfskraft hennar og verndarm\u00e1tt. Rautt tit-<span class=\"iwg-fachbegriff\" data-tooltip=\"Hlutur sem er borinn \u00e1 l\u00edkamanum og talinn hafa verndandi, \u00f3g\u00e6fuvarnandi m\u00e1tt.\" tabindex=\"0\">amulet<\/span> bar \u00feannig ekki bara lit, heldur merkingu. \u00dea\u00f0 bar m\u00e1tt gy\u00f0junnar \u00ed s\u00e9r.<\/p><p>Rau\u00f0i litinn tengdi Isis-hn\u00fatinn jafnframt vi\u00f0 verndina. Rautt \u00fe\u00f3tti \u00ed m\u00f6rgum menningarheimum, einnig \u00ed Egyptalandi, kraftmikill og verndandi litur. \u00cd Isis-hn\u00fatnum vinnur \u00feessi almenna merking rau\u00f0s litar me\u00f0.<\/p><p>\u00deannig styrkja fleiri merkingar hver a\u00f0ra \u00ed Isis-hn\u00fatnum. Hn\u00fatformi\u00f0, tengingin vi\u00f0 Isis og rau\u00f0i litur bl\u00f3\u00f0s og verndar vinna saman.<\/p><p>Rau\u00f0a tit-<span class=\"iwg-fachbegriff\" data-tooltip=\"Hlutur sem er borinn \u00e1 l\u00edkamanum og talinn hafa verndandi, \u00f3g\u00e6fuvarnandi m\u00e1tt.\" tabindex=\"0\">amuleti\u00f0<\/span> er \u00feannig gott d\u00e6mi um hversu n\u00e1tengd efni, litur og merking geta veri\u00f0 \u00ed verndargrip. Litur er h\u00e9r ekki skraut, heldur hluti af bo\u00f0skapnum.<\/p>\t\t\t\t\t\t\t\t<\/div>\n\t\t\t\t<\/div>\n\t\t\t\t\t<\/div>\n\t\t\t\t<\/div>\n\t\t<div class=\"elementor-element elementor-element-iwgs-isisknoten-s4 e-flex e-con-boxed e-con e-parent\" data-id=\"iwgs-isisknoten-s4\" data-element_type=\"container\" data-e-type=\"container\">\n\t\t\t\t\t<div class=\"e-con-inner\">\n\t\t\t\t<div class=\"elementor-element elementor-element-iwgs-isisknoten-s4h elementor-widget elementor-widget-heading\" data-id=\"iwgs-isisknoten-s4h\" data-element_type=\"widget\" data-e-type=\"widget\" data-widget_type=\"heading.default\">\n\t\t\t\t\t<h2 class=\"elementor-heading-title elementor-size-default\">Isis sem verndargy\u00f0ja<\/h2>\t\t\t\t<\/div>\n\t\t<div class=\"elementor-element elementor-element-iwgs-isisknoten-s4box e-con-full e-flex e-con e-parent\" data-id=\"iwgs-isisknoten-s4box\" data-element_type=\"container\" data-e-type=\"container\">\n\t\t\t\t<div class=\"elementor-element elementor-element-iwgs-isisknoten-s4t elementor-widget elementor-widget-text-editor\" data-id=\"iwgs-isisknoten-s4t\" data-element_type=\"widget\" data-e-type=\"widget\" data-widget_type=\"text-editor.default\">\n\t\t\t\t\t\t\t\t\t<p>Merking Isis-hn\u00fatsins ver\u00f0ur a\u00f0eins skilin ef sta\u00f0a Isis er \u00feekkt. Isis var ein af mikilv\u00e6gustu go\u00f0um Egyptalands og fyrst og fremst mikil verndar- og l\u00e6knisgy\u00f0ja.<\/p><p>\u00cd <span class=\"iwg-fachbegriff\" data-tooltip=\"Heildarsafn \u00feeirra go\u00f0sagna sem var\u00f0veist hafa innan menningar.\" tabindex=\"0\">go\u00f0afr\u00e6\u00f0inni<\/span> er Isis eiginkona Os\u00edris og m\u00f3\u00f0ir H\u00f3rusar. S\u00f6gurnar s\u00fdna hana aftur og aftur sem \u00fe\u00e1 sem verndar og bjargar. H\u00fan var\u00f0i son sinn H\u00f3rus fyrir fjendum hans.<\/p><p>Isis \u00fe\u00f3tti \u00f3venju fr\u00f3\u00f0 um virkan galdram\u00e1tt or\u00f0sins. Form\u00falur hennar g\u00e1tu l\u00e6kna\u00f0 og varna\u00f0 h\u00e6ttum. \u00cd l\u00e6knistextum, me\u00f0al annars \u00e1 H\u00f3rusarst\u00f3lpanum (Cippus), er Isis mi\u00f0l\u00e6g pers\u00f3na.<\/p><p>\u00deessi tenging m\u00f3\u00f0urlegrar umhyggju, verndar og l\u00e6knism\u00e1ttar ger\u00f0i Isis a\u00f0 gy\u00f0ju sem f\u00f3lk tr\u00fa\u00f0i f\u00faslega fyrir s\u00e9r. Vernd hennar \u00fe\u00f3tti \u00f6rugg og hl\u00fdleg.<\/p><p>Isis-hn\u00faturinn er hi\u00f0 bur\u00f0arh\u00e6fa t\u00e1kn \u00feessarar gy\u00f0ju. S\u00e1 sem bar hann f\u00f3l sig verndinni Isis og \u00f6llu \u00fev\u00ed sem h\u00fan st\u00f3\u00f0 fyrir, m\u00f3\u00f0urlegri umhyggju hennar og bjargandi m\u00e6tti.<\/p><p>Tilbei\u00f0sla Isis n\u00e1\u00f0i s\u00ed\u00f0ar langt \u00fat fyrir Egyptaland. \u00cd gr\u00edsk-r\u00f3mverska heiminum var\u00f0 h\u00fan ein \u00feekktasta gy\u00f0jan. Me\u00f0 henni breiddist einnig t\u00e1kn hn\u00fats hennar \u00fat.<\/p>\t\t\t\t\t\t\t\t<\/div>\n\t\t\t\t<\/div>\n\t\t\t\t\t<\/div>\n\t\t\t\t<\/div>\n\t\t<div class=\"elementor-element elementor-element-iwgs-isisknoten-s5 e-flex e-con-boxed e-con e-parent\" data-id=\"iwgs-isisknoten-s5\" data-element_type=\"container\" data-e-type=\"container\">\n\t\t\t\t\t<div class=\"e-con-inner\">\n\t\t\t\t<div class=\"elementor-element elementor-element-iwgs-isisknoten-s5h elementor-widget elementor-widget-heading\" data-id=\"iwgs-isisknoten-s5h\" data-element_type=\"widget\" data-e-type=\"widget\" data-widget_type=\"heading.default\">\n\t\t\t\t\t<h2 class=\"elementor-heading-title elementor-size-default\">Verndargripurinn \u00ed greftrunarsi\u00f0um<\/h2>\t\t\t\t<\/div>\n\t\t<div class=\"elementor-element elementor-element-iwgs-isisknoten-s5box e-con-full e-flex e-con e-parent\" data-id=\"iwgs-isisknoten-s5box\" data-element_type=\"container\" data-e-type=\"container\">\n\t\t\t\t<div class=\"elementor-element elementor-element-iwgs-isisknoten-s5t elementor-widget elementor-widget-text-editor\" data-id=\"iwgs-isisknoten-s5t\" data-element_type=\"widget\" data-e-type=\"widget\" data-widget_type=\"text-editor.default\">\n\t\t\t\t\t\t\t\t\t<p>Isis-hn\u00faturinn haf\u00f0i \u00e1kve\u00f0inn og sk\u00fdrt skilgreindan sta\u00f0 \u00ed egypskum greftrunarsi\u00f0um. \u00dear var hann eitt af mikilv\u00e6gum amulettum fyrir \u00fatb\u00fana\u00f0 hins l\u00e1tna.<\/p><p>Egypska Dau\u00f0ab\u00f3kin, safn form\u00fala fyrir l\u00edf eftir dau\u00f0ann, hefur s\u00e9rstaka form\u00falu sem tilheyrir Isis-hn\u00fatnum. S\u00fa form\u00fala tengir <span class=\"iwg-fachbegriff\" data-tooltip=\"Hlutur sem er borinn \u00e1 l\u00edkamanum og talinn hafa verndandi, \u00f3g\u00e6fuvarnandi m\u00e1tt.\" tabindex=\"0\">verndargripinn<\/span> vi\u00f0 vernd Isis.<\/p><p>Samkv\u00e6mt \u00feessari form\u00falu skyldi tit-<span class=\"iwg-fachbegriff\" data-tooltip=\"Hlutur sem er borinn \u00e1 l\u00edkamanum og talinn hafa verndandi, \u00f3g\u00e6fuvarnandi m\u00e1tt.\" tabindex=\"0\">amuleti\u00f0<\/span> tryggja hinum l\u00e1tna vernd Isis. Gy\u00f0jan skyldi umlykja hinn l\u00e1tna \u00f6rmum s\u00ednum og vernda hann \u00e1 lei\u00f0 sinni inn \u00ed hinn heiminn.<\/p><p><span class=\"iwg-fachbegriff\" data-tooltip=\"Hlutur sem er borinn \u00e1 l\u00edkamanum og talinn hafa verndandi, \u00f3g\u00e6fuvarnandi m\u00e1tt.\" tabindex=\"0\">Amuleti\u00f0<\/span> var lagt \u00e1 h\u00e1ls m\u00fam\u00edunnar. \u00deessi sta\u00f0ur var \u00e6tla\u00f0ur fj\u00f6lda amuletta greftrunarsi\u00f0anna. Isis-hn\u00faturinn \u00e1 h\u00e1lsinum setti hinn l\u00e1tna undir vernd gy\u00f0junnar.<\/p><p>\u00deannig haf\u00f0i Isis-hn\u00faturinn svipa\u00f0 hlutverk og \u00f6nnur amulett greftrunarsi\u00f0anna. Eins og Ankh trygg\u00f0i l\u00edfi\u00f0 og Djed-st\u00f3lpinn gaf festu, \u00feannig trygg\u00f0i Isis-hn\u00faturinn vernd Isis.<\/p><p>Isis-hn\u00faturinn s\u00fdnir \u00feannig aftur grunneinkenni egypskrar verndari\u00f0kunar. Umhyggjan fyrir hinum l\u00e1tna var jafn mikilv\u00e6g og umhyggjan fyrir hinum lifandi. B\u00e1\u00f0ir \u00feessir \u00fe\u00e6ttir h\u00f6f\u00f0u s\u00edna eigin verndargripi.<\/p>\t\t\t\t\t\t\t\t<\/div>\n\t\t\t\t<\/div>\n\t\t\t\t\t<\/div>\n\t\t\t\t<\/div>\n\t\t<div class=\"elementor-element elementor-element-iwgs-isisknoten-s6 e-flex e-con-boxed e-con e-parent\" data-id=\"iwgs-isisknoten-s6\" data-element_type=\"container\" data-e-type=\"container\">\n\t\t\t\t\t<div class=\"e-con-inner\">\n\t\t\t\t<div class=\"elementor-element elementor-element-iwgs-isisknoten-s6h elementor-widget elementor-widget-heading\" data-id=\"iwgs-isisknoten-s6h\" data-element_type=\"widget\" data-e-type=\"widget\" data-widget_type=\"heading.default\">\n\t\t\t\t\t<h2 class=\"elementor-heading-title elementor-size-default\">Isis-hn\u00faturinn og Djed-st\u00f3lpinn<\/h2>\t\t\t\t<\/div>\n\t\t<div class=\"elementor-element elementor-element-iwgs-isisknoten-s6box e-con-full e-flex e-con e-parent\" data-id=\"iwgs-isisknoten-s6box\" data-element_type=\"container\" data-e-type=\"container\">\n\t\t\t\t<div class=\"elementor-element elementor-element-iwgs-isisknoten-s6t elementor-widget elementor-widget-text-editor\" data-id=\"iwgs-isisknoten-s6t\" data-element_type=\"widget\" data-e-type=\"widget\" data-widget_type=\"text-editor.default\">\n\t\t\t\t\t\t\t\t\t<p>Isis-hn\u00faturinn kemur oft ekki fram einn, heldur \u00e1samt Djed-st\u00f3lpanum. \u00deessi tv\u00f6 t\u00e1kn myndast par sem oft birtist hli\u00f0 vi\u00f0 hli\u00f0 \u00ed egypskri myndlist.<\/p><p>Djed-st\u00f3lpinn er t\u00e1kn st\u00f6\u00f0ugleika og er tengdur gu\u00f0inum Os\u00edris. Isis-hn\u00faturinn er t\u00e1kn Isis. Os\u00edris og Isis eru \u00ed <span class=\"iwg-fachbegriff\" data-tooltip=\"Heildarsafn \u00feeirra go\u00f0sagna sem var\u00f0veist hafa innan menningar.\" tabindex=\"0\">go\u00f0afr\u00e6\u00f0inni<\/span> par, eiginma\u00f0ur og eiginkona.<\/p><p>\u00deannig endurspeglar t\u00e1knapari\u00f0 go\u00f0apari\u00f0. Djed-st\u00f3lpi Os\u00edrisar og hn\u00fatur Isis tilheyra saman, eins og gu\u00f0irnir tveir tilheyra saman.<\/p><p>\u00cd greftrunar\u00fatb\u00fana\u00f0i og \u00ed myndlist birtast t\u00e1knin tv\u00f6 \u00fev\u00ed oft til skiptis e\u00f0a hli\u00f0 vi\u00f0 hli\u00f0. \u00deau myndast r\u00f6\u00f0 og b\u00e6ta merkingu hvors annars.<\/p><p>Saman standa \u00feau fyrir vernd og festu sem go\u00f0apari\u00f0 veitir. Djed veitir stu\u00f0ning og varanleika, Isis-hn\u00faturinn vernd Isis. Saman n\u00e1 \u00feau utan um heilt verndarlofor\u00f0.<\/p><p>\u00deessi paramyndun er gott d\u00e6mi um skipulag egypska t\u00e1knheimsins. T\u00e1knin st\u00f3\u00f0u ekki tengslalaus hli\u00f0 vi\u00f0 hli\u00f0, heldur mynda\u00f0u h\u00f3pa og p\u00f6r sem sv\u00f6ru\u00f0u hvert til annars.<\/p>\t\t\t\t\t\t\t\t<\/div>\n\t\t\t\t<\/div>\n\t\t\t\t\t<\/div>\n\t\t\t\t<\/div>\n\t\t<div class=\"elementor-element elementor-element-iwgs-isisknoten-s7 e-flex e-con-boxed e-con e-parent\" data-id=\"iwgs-isisknoten-s7\" data-element_type=\"container\" data-e-type=\"container\">\n\t\t\t\t\t<div class=\"e-con-inner\">\n\t\t\t\t<div class=\"elementor-element elementor-element-iwgs-isisknoten-s7h elementor-widget elementor-widget-heading\" data-id=\"iwgs-isisknoten-s7h\" data-element_type=\"widget\" data-e-type=\"widget\" data-widget_type=\"heading.default\">\n\t\t\t\t\t<h2 class=\"elementor-heading-title elementor-size-default\">Efni og litur<\/h2>\t\t\t\t<\/div>\n\t\t<div class=\"elementor-element elementor-element-iwgs-isisknoten-s7box e-con-full e-flex e-con e-parent\" data-id=\"iwgs-isisknoten-s7box\" data-element_type=\"container\" data-e-type=\"container\">\n\t\t\t\t<div class=\"elementor-element elementor-element-iwgs-isisknoten-s7t elementor-widget elementor-widget-text-editor\" data-id=\"iwgs-isisknoten-s7t\" data-element_type=\"widget\" data-e-type=\"widget\" data-widget_type=\"text-editor.default\">\n\t\t\t\t\t\t\t\t\t<p>\u00cdsiskn\u00faturinn var, eins og \u00e1\u00f0ur hefur komi\u00f0 fram, a\u00f0 jafna\u00f0i ger\u00f0ur \u00far rau\u00f0u efni. \u00deetta efnisval er n\u00e1tengt merkingu gripsins sem t\u00e1kni fyrir bl\u00f3\u00f0 \u00cdsisar.<\/p><p>Karne\u00f3l, rau\u00f0ur h\u00e1lfgimsteinn, var vins\u00e6lt efni. Rau\u00f0ur jaspis og rautt gler voru einnig notu\u00f0. \u00d6ll \u00feessi efni b\u00e1ru rau\u00f0a litinn, sem var \u00fea\u00f0 sem mest rei\u00f0 \u00e1 \u00ed \u00feessu <span class=\"iwg-fachbegriff\" data-tooltip=\"Gripur sem borinn er \u00e1 l\u00edkamanum og talinn hafa verndandi, \u00f3g\u00e6fuafst\u00fdrandi m\u00e1tt.\" tabindex=\"0\">verndargripnum<\/span>.<\/p><p>Auk \u00feess eru til \u00edsiskn\u00fatar \u00far \u00f6\u00f0rum efnum, til a\u00f0 mynda fajans. En rau\u00f0a \u00fatg\u00e1fan var talin hin eiginlega, s\u00fa sem best samsvara\u00f0i merkingu t\u00e1knsins.<\/p><p>St\u00e6r\u00f0 \u00edsiskn\u00fatanna var mismunandi. Sem <span class=\"iwg-fachbegriff\" data-tooltip=\"Gripur sem borinn er \u00e1 l\u00edkamanum og talinn hafa verndandi, \u00f3g\u00e6fuafst\u00fdrandi m\u00e1tt.\" tabindex=\"0\">verndargripur<\/span> var t\u00e1kni\u00f0 oftast l\u00edti\u00f0 og handh\u00e6gt, hentugt til a\u00f0 bera \u00e1 l\u00edkamanum e\u00f0a leggja \u00ed m\u00fam\u00eduvafninga.<\/p><p>\u00cdsiskn\u00faturinn var oft borinn \u00e1samt \u00f6\u00f0rum verndargripum e\u00f0a felldur inn \u00ed skartgripi. Me\u00f0 samtengingu margra t\u00e1kna \u00e1tti verndarm\u00e1tturinn a\u00f0 magnast.<\/p><p>Efnisval \u00edsiskn\u00fatarins s\u00fdnir hversu n\u00e1kv\u00e6m egyptska verndari\u00f0kunin var. Ekki bara formi\u00f0, heldur einnig efni\u00f0 og litur grips h\u00f6f\u00f0u merkingu og voru valin af yfirvegun.<\/p>\t\t\t\t\t\t\t\t<\/div>\n\t\t\t\t<\/div>\n\t\t\t\t\t<\/div>\n\t\t\t\t<\/div>\n\t\t<div class=\"elementor-element elementor-element-iwgs-isisknoten-s8 e-flex e-con-boxed e-con e-parent\" data-id=\"iwgs-isisknoten-s8\" data-element_type=\"container\" data-e-type=\"container\">\n\t\t\t\t\t<div class=\"e-con-inner\">\n\t\t\t\t<div class=\"elementor-element elementor-element-iwgs-isisknoten-s8h elementor-widget elementor-widget-heading\" data-id=\"iwgs-isisknoten-s8h\" data-element_type=\"widget\" data-e-type=\"widget\" data-widget_type=\"heading.default\">\n\t\t\t\t\t<h2 class=\"elementor-heading-title elementor-size-default\">M\u00f3tt\u00f6kur \u00ed dag<\/h2>\t\t\t\t<\/div>\n\t\t<div class=\"elementor-element elementor-element-iwgs-isisknoten-s8box e-con-full e-flex e-con e-parent\" data-id=\"iwgs-isisknoten-s8box\" data-element_type=\"container\" data-e-type=\"container\">\n\t\t\t\t<div class=\"elementor-element elementor-element-iwgs-isisknoten-s8t elementor-widget elementor-widget-text-editor\" data-id=\"iwgs-isisknoten-s8t\" data-element_type=\"widget\" data-e-type=\"widget\" data-widget_type=\"text-editor.default\">\n\t\t\t\t\t\t\t\t\t<p>\u00cdsiskn\u00faturinn er \u00ed dag minna kunnur en Ankh e\u00f0a Auga H\u00f3rusar. Hann telst til \u00feeirra egyptsku t\u00e1kna sem fyrst og fremst \u00feekkjendur egyptskrar menningar kannast vi\u00f0.<\/p><p>\u00cd egyptas\u00f6fnum safna heimsins er \u00edsiskn\u00faturinn vel var\u00f0veittur. Fj\u00f6lmargir Tit-verndargripir, margir \u00far rau\u00f0um steini, hafa var\u00f0veist og votta \u00fatbrei\u00f0slu t\u00e1knsins.<\/p><p>Me\u00f0 hinni v\u00ed\u00f0t\u00e6ku d\u00fdrkun \u00cdsisar, sem n\u00e1\u00f0i allt til gr\u00edsk-r\u00f3mverska heimsins, breiddist einnig \u00fat vitneskjan um hn\u00fat hennar. \u00cdsiskn\u00faturinn tilheyrir \u00feannig myndheimi gy\u00f0ju sem var \u00feekkt langt utan Egyptalands.<\/p><p>Sem skartgripam\u00f3t\u00edf er \u00edsiskn\u00faturinn \u00f6\u00f0ru hvoru tekinn upp, oftast af f\u00f3lki me\u00f0 s\u00e9rstakan \u00e1huga \u00e1 Egyptalandi e\u00f0a \u00e1 pers\u00f3nu \u00cdsisar. \u00cd \u00feeirri notkun tengist hann fornri merkingu sinni.<\/p><p>Fyrir ranns\u00f3knir \u00e1 egyptskum tr\u00faarbr\u00f6g\u00f0um er \u00edsiskn\u00faturinn uppl\u00fdsandi t\u00e1kn. Hann s\u00fdnir hversu n\u00e1i\u00f0 <span class=\"iwg-fachbegriff\" data-tooltip=\"Gripur sem borinn er \u00e1 l\u00edkamanum og talinn hafa verndandi, \u00f3g\u00e6fuafst\u00fdrandi m\u00e1tt.\" tabindex=\"0\">verndargripur<\/span> gat veri\u00f0 tengdur \u00e1kve\u00f0inni <span class=\"iwg-fachbegriff\" data-tooltip=\"Vera sem d\u00fdrku\u00f0 er sem gu\u00f0leg innan tr\u00faarbrag\u00f0a.\" tabindex=\"0\">gu\u00f0veru<\/span>, \u00e1kve\u00f0num lit og \u00e1kve\u00f0nu efni.<\/p><p>\u00cdsiskn\u00faturinn er \u00feannig \u00e1hrifamiki\u00f0 d\u00e6mi um vandlega hugsa\u00f0an egyptskan verndargrip. \u00cd honum sameinast hn\u00fatformi\u00f0, rau\u00f0i litur bl\u00f3\u00f0sins og verndarm\u00e1ttur hinnar miklu gy\u00f0ju \u00cdsisar \u00ed eitt, merkingar\u00ferungi\u00f0 t\u00e1kn.<\/p>\t\t\t\t\t\t\t\t<\/div>\n\t\t\t\t<\/div>\n\t\t\t\t\t<\/div>\n\t\t\t\t<\/div>\n\t\t<div class=\"elementor-element elementor-element-iwgs-isisknoten-lit e-flex e-con-boxed e-con e-parent\" data-id=\"iwgs-isisknoten-lit\" data-element_type=\"container\" data-e-type=\"container\">\n\t\t\t\t\t<div class=\"e-con-inner\">\n\t\t\t\t<div class=\"elementor-element elementor-element-iwgs-isisknoten-lith elementor-widget elementor-widget-heading\" data-id=\"iwgs-isisknoten-lith\" data-element_type=\"widget\" data-e-type=\"widget\" data-widget_type=\"heading.default\">\n\t\t\t\t\t<h2 class=\"elementor-heading-title elementor-size-default\">Heimildir (\u00farval)<\/h2>\t\t\t\t<\/div>\n\t\t<div class=\"elementor-element elementor-element-iwgs-isisknoten-litbox e-con-full e-flex e-con e-parent\" data-id=\"iwgs-isisknoten-litbox\" data-element_type=\"container\" data-e-type=\"container\">\n\t\t\t\t<div class=\"elementor-element elementor-element-iwgs-isisknoten-litt elementor-widget elementor-widget-html\" data-id=\"iwgs-isisknoten-litt\" data-element_type=\"widget\" data-e-type=\"widget\" data-widget_type=\"html.default\">\n\t\t\t\t\t<footer data-nosnippet=\"true\"><ul><li>Carol Andrews: <em>Amulets of Ancient Egypt<\/em> (1994)<\/li><li>Erik Hornung: <em>Das Totenbuch der \u00c4gypter<\/em> (1979)<\/li><li>Jan Assmann: <em>Tod und Jenseits im Alten \u00c4gypten<\/em> (2001)<\/li><li>Richard H. Wilkinson: <em>Reading Egyptian Art<\/em> (1992)<\/li><li>Robert A. Armour: <em>Gods and Myths of Ancient Egypt<\/em> (1986)<\/li><\/ul><\/footer>\t\t\t\t<\/div>\n\t\t\t\t<\/div>\n\t\t\t\t\t<\/div>\n\t\t\t\t<\/div>\n\t\t<div class=\"elementor-element elementor-element-iwgs-isisknoten-kwd e-flex e-con-boxed e-con e-parent\" data-id=\"iwgs-isisknoten-kwd\" data-element_type=\"container\" data-e-type=\"container\">\n\t\t\t\t\t<div class=\"e-con-inner\">\n\t\t\t\t<div class=\"elementor-element elementor-element-iwgs-isisknoten-kwdt elementor-widget elementor-widget-text-editor\" data-id=\"iwgs-isisknoten-kwdt\" data-element_type=\"widget\" data-e-type=\"widget\" data-widget_type=\"text-editor.default\">\n\t\t\t\t\t\t\t\t\t<p><em>Tengd leitaror\u00f0: \u00cdsiskn\u00fatur Tit \u00cdsis Bl\u00f3\u00f0 \u00cdsisar Karne\u00f3l Ankh Djed Dau\u00f0ab\u00f3kin Fornegyptaland.<\/em><\/p>\t\t\t\t\t\t\t\t<\/div>\n\t\t\t\t\t<\/div>\n\t\t\t\t<\/div>\n\t\t<div class=\"elementor-element elementor-element-iwgs-isisknoten-cc e-flex e-con-boxed e-con e-parent\" data-id=\"iwgs-isisknoten-cc\" data-element_type=\"container\" data-e-type=\"container\" id=\"iwg-cc-isisknoten\">\n\t\t\t\t\t<div class=\"e-con-inner\">\n\t\t<div class=\"elementor-element elementor-element-iwgs-isisknoten-ccinner e-flex e-con-boxed e-con e-parent\" data-id=\"iwgs-isisknoten-ccinner\" data-element_type=\"container\" data-e-type=\"container\" data-settings=\"{&quot;background_background&quot;:&quot;classic&quot;}\">\n\t\t\t\t\t<div class=\"e-con-inner\">\n\t\t\t\t<div class=\"elementor-element elementor-element-iwgs-isisknoten-cch elementor-widget elementor-widget-heading\" data-id=\"iwgs-isisknoten-cch\" data-element_type=\"widget\" data-e-type=\"widget\" data-widget_type=\"heading.default\">\n\t\t\t\t\t<h2 class=\"elementor-heading-title elementor-size-default\">iWell Guard og verndarhef\u00f0ir<\/h2>\t\t\t\t<\/div>\n\t\t\t\t<div class=\"elementor-element elementor-element-iwgs-isisknoten-cct elementor-widget elementor-widget-text-editor\" data-id=\"iwgs-isisknoten-cct\" data-element_type=\"widget\" data-e-type=\"widget\" data-widget_type=\"text-editor.default\">\n\t\t\t\t\t\t\t\t\t<p>iWell Guard \u00e1 s\u00e9r sta\u00f0 \u00ed menningars\u00f6gulegri hef\u00f0 t\u00edmalausra verndargripa, sem \u00edsiskn\u00faturinn tilheyrir einnig. N\u00fat\u00edmalegur fylgihlutur fyrir f\u00f3lk sem lifir me\u00f0 verndart\u00e1knum: framleiddur \u00ed \u00de\u00fdskalandi, 41 lag \u00far sk\u00edragulli, plat\u00ednu og silfri, me\u00f0 30 daga skilar\u00e9tti.<\/p>\t\t\t\t\t\t\t\t<\/div>\n\t\t\t\t<div class=\"elementor-element elementor-element-iwgs-isisknoten-ccb iwg-cc-button iwg-cc-cta-2026-05-13 elementor-widget elementor-widget-jet-button\" data-id=\"iwgs-isisknoten-ccb\" data-element_type=\"widget\" data-e-type=\"widget\" data-widget_type=\"jet-button.default\">\n\t\t\t\t<div class=\"elementor-widget-container\">\n\t\t\t\t\t<div class=\"elementor-jet-button jet-elements\"><div class=\"jet-button__container\"><a class=\"jet-button__instance jet-button__instance--icon-left hover-effect-1\" href=\"\/schutzanhaenger-iwell-guard-kaufen\/?utm_source=iwell-guard.com&amp;utm_medium=info-box&amp;utm_campaign=schutzsymbole\"><div class=\"jet-button__plane jet-button__plane-normal\"><\/div><div class=\"jet-button__plane jet-button__plane-hover\"><\/div><div class=\"jet-button__state jet-button__state-normal\"><span class=\"jet-button__label\">Meira um iWell Guard<\/span><\/div><div class=\"jet-button__state jet-button__state-hover\"><span class=\"jet-button__label\">Meira um iWell Guard<\/span><\/div><\/a><\/div><\/div><style>.elementor-element.elementor-element-iwgs-isisknoten-ccb .jet-button__instance{width:320px;height:56px;}.elementor-element.elementor-element-iwgs-isisknoten-ccb .jet-button__state-normal .jet-button__label{text-align:center;margin:0px 0px 0px 0px;color:#1a1b20;font-family:Montserrat,sans-serif;font-size:13px;font-weight:400;letter-spacing:4px;line-height:1.714em;text-transform:uppercase;}.elementor-element.elementor-element-iwgs-isisknoten-ccb .jet-button__state-hover .jet-button__label{text-align:center;margin:0px 0px 0px 0px;color:#FECC76;font-family:Montserrat,sans-serif;font-size:13px;font-weight:400;letter-spacing:4px;line-height:1.714em;text-transform:uppercase;}.elementor-element.elementor-element-iwgs-isisknoten-ccb .jet-button__plane-normal{background-color:#FECC76;border-style:solid;border-color:#C99540;border-width:2px 2px 2px 2px;}.elementor-element.elementor-element-iwgs-isisknoten-ccb .jet-button__plane-hover{background-color:rgba(0,0,0,0.55);border-style:solid;border-color:#FECC76;border-width:2px 2px 2px 2px;}<\/style>\t\t\t\t<\/div>\n\t\t\t\t<\/div>\n\t\t\t\t<div class=\"elementor-element elementor-element-iwgs-isisknoten-ccd elementor-widget elementor-widget-text-editor\" data-id=\"iwgs-isisknoten-ccd\" data-element_type=\"widget\" data-e-type=\"widget\" data-widget_type=\"text-editor.default\">\n\t\t\t\t\t\t\t\t\t<p style=\"text-align:center;font-size:13px;opacity:0.7;margin-top:14px\" data-nosnippet=\"true\">Pers\u00f3nuleg reynsla getur veri\u00f0 mismunandi. Ekki l\u00e6kningat\u00e6ki. Engin lofor\u00f0 um l\u00e6kningu.<\/p>\t\t\t\t\t\t\t\t<\/div>\n\t\t\t\t\t<\/div>\n\t\t\t\t<\/div>\n\t\t\t\t\t<\/div>\n\t\t\t\t<\/div>\n\t\t<div class=\"elementor-element elementor-element-iwgs-isisknoten-disc e-flex e-con-boxed e-con e-parent\" data-id=\"iwgs-isisknoten-disc\" data-element_type=\"container\" data-e-type=\"container\">\n\t\t\t\t\t<div class=\"e-con-inner\">\n\t\t\t\t<div class=\"elementor-element elementor-element-iwgs-isisknoten-discw elementor-widget elementor-widget-html\" data-id=\"iwgs-isisknoten-discw\" data-element_type=\"widget\" data-e-type=\"widget\" data-widget_type=\"html.default\">\n\t\t\t\t\t<footer data-nosnippet=\"true\" class=\"iwg-disclaimer-block\"><p data-nosnippet=\"true\">iWell Guard er <strong>ekki l\u00e6kningat\u00e6ki<\/strong> og kemur ekki \u00ed sta\u00f0 l\u00e6knis- e\u00f0a s\u00e1lfr\u00e6\u00f0ime\u00f0fer\u00f0ar. Innihaldi\u00f0 sem h\u00e9r er sett fram er tr\u00faarbrag\u00f0afr\u00e6\u00f0ileg og menningars\u00f6gulega greining, ekki lofor\u00f0 um andlega virkni.<\/p><\/footer>\t\t\t\t<\/div>\n\t\t\t\t\t<\/div>\n\t\t\t\t<\/div>\n\t\t\t\t<\/div>\n\t\t","protected":false},"excerpt":{"rendered":"","protected":false},"author":3,"featured_media":3465,"parent":0,"menu_order":0,"comment_status":"closed","ping_status":"closed","template":"elementor_header_footer","meta":{"_yoast_wpseo_focuskw":"\u00cdsisarhn\u00fatur","_yoast_wpseo_title":"\u00cdsisarhn\u00fatur \u2013 Tit-verndargripur Egyptalands","_yoast_wpseo_metadesc":"\u00cdsisarhn\u00faturinn, Tit-verndargripurinn, var undir vernd gy\u00f0junnar \u00cdsisar. Ger\u00f0, merking og notkun \u00fatsk\u00fdr\u00f0 \u00e1 sk\u00fdran h\u00e1tt.","_yoast_wpseo_meta-robots-noindex":"","_yoast_wpseo_canonical":"","_angie_page":false,"gefaehrdungsstufe":"","wesen_kultur":"","wesen_klasse":"","footnotes":""},"categories":[],"class_list":["post-169163","page","type-page","status-publish","has-post-thumbnail","hentry"],"yoast_head":"<!-- This site is optimized with the Yoast SEO Premium plugin v27.7 (Yoast SEO v28.3) - https:\/\/yoast.com\/product\/yoast-seo-premium-wordpress\/ -->\n<title>\u00cdsisarhn\u00fatur \u2013 Tit-verndargripur Egyptalands<\/title>\n<meta name=\"description\" content=\"\u00cdsisarhn\u00faturinn, Tit-verndargripurinn, var undir vernd gy\u00f0junnar \u00cdsisar. Ger\u00f0, merking og notkun \u00fatsk\u00fdr\u00f0 \u00e1 sk\u00fdran h\u00e1tt.\" \/>\n<meta name=\"robots\" content=\"index, follow, max-snippet:-1, max-image-preview:large, max-video-preview:-1\" \/>\n<link rel=\"canonical\" href=\"https:\/\/iwell-guard.com\/is\/isisarhnutur-tit-verndargripur-isisar\/\" \/>\n<meta property=\"og:locale\" content=\"is_IS\" \/>\n<meta property=\"og:type\" content=\"article\" \/>\n<meta property=\"og:title\" content=\"\u00cdsisarhn\u00fatur \u2013 Tit-verndargripur gy\u00f0junnar \u00cdsisar\" \/>\n<meta property=\"og:description\" content=\"\u00cdsisarhn\u00faturinn, Tit-verndargripurinn, var undir vernd gy\u00f0junnar \u00cdsisar. Ger\u00f0, merking og notkun \u00fatsk\u00fdr\u00f0 \u00e1 sk\u00fdran h\u00e1tt.\" \/>\n<meta property=\"og:url\" content=\"https:\/\/iwell-guard.com\/is\/isisarhnutur-tit-verndargripur-isisar\/\" \/>\n<meta property=\"og:site_name\" content=\"iWell Guard\" \/>\n<meta property=\"article:modified_time\" content=\"2026-09-05T14:33:51+00:00\" \/>\n<meta property=\"og:image\" content=\"https:\/\/iwell-guard.com\/wp-content\/uploads\/2026\/05\/schutzsymbol_aegypten_isisknoten.webp\" \/>\n\t<meta property=\"og:image:width\" content=\"1024\" \/>\n\t<meta property=\"og:image:height\" content=\"1536\" \/>\n\t<meta property=\"og:image:type\" content=\"image\/webp\" \/>\n<meta name=\"twitter:card\" content=\"summary_large_image\" \/>\n<script type=\"application\/ld+json\" class=\"yoast-schema-graph\">{\"@context\":\"https:\\\/\\\/schema.org\",\"@graph\":[{\"@type\":\"WebPage\",\"@id\":\"https:\\\/\\\/iwell-guard.com\\\/is\\\/isisarhnutur-tit-verndargripur-isisar\\\/\",\"url\":\"https:\\\/\\\/iwell-guard.com\\\/is\\\/isisarhnutur-tit-verndargripur-isisar\\\/\",\"name\":\"\u00cdsisarhn\u00fatur \u2013 Tit-verndargripur Egyptalands\",\"isPartOf\":{\"@id\":\"https:\\\/\\\/iwell-guard.com\\\/is\\\/#website\"},\"primaryImageOfPage\":{\"@id\":\"https:\\\/\\\/iwell-guard.com\\\/is\\\/isisarhnutur-tit-verndargripur-isisar\\\/#primaryimage\"},\"image\":{\"@id\":\"https:\\\/\\\/iwell-guard.com\\\/is\\\/isisarhnutur-tit-verndargripur-isisar\\\/#primaryimage\"},\"thumbnailUrl\":\"https:\\\/\\\/iwell-guard.com\\\/wp-content\\\/uploads\\\/2026\\\/05\\\/schutzsymbol_aegypten_isisknoten.webp\",\"datePublished\":\"2026-09-05T14:06:08+00:00\",\"dateModified\":\"2026-09-05T14:33:51+00:00\",\"description\":\"\u00cdsisarhn\u00faturinn, Tit-verndargripurinn, var undir vernd gy\u00f0junnar \u00cdsisar. Ger\u00f0, merking og notkun \u00fatsk\u00fdr\u00f0 \u00e1 sk\u00fdran h\u00e1tt.\",\"breadcrumb\":{\"@id\":\"https:\\\/\\\/iwell-guard.com\\\/is\\\/isisarhnutur-tit-verndargripur-isisar\\\/#breadcrumb\"},\"inLanguage\":\"is\",\"potentialAction\":[{\"@type\":\"ReadAction\",\"target\":[\"https:\\\/\\\/iwell-guard.com\\\/is\\\/isisarhnutur-tit-verndargripur-isisar\\\/\"]}]},{\"@type\":\"ImageObject\",\"inLanguage\":\"is\",\"@id\":\"https:\\\/\\\/iwell-guard.com\\\/is\\\/isisarhnutur-tit-verndargripur-isisar\\\/#primaryimage\",\"url\":\"https:\\\/\\\/iwell-guard.com\\\/wp-content\\\/uploads\\\/2026\\\/05\\\/schutzsymbol_aegypten_isisknoten.webp\",\"contentUrl\":\"https:\\\/\\\/iwell-guard.com\\\/wp-content\\\/uploads\\\/2026\\\/05\\\/schutzsymbol_aegypten_isisknoten.webp\",\"width\":1024,\"height\":1536,\"caption\":\"Verndart\u00e1kn. Myndskreyting \u00ed safnst\u00edl.\"},{\"@type\":\"BreadcrumbList\",\"@id\":\"https:\\\/\\\/iwell-guard.com\\\/is\\\/isisarhnutur-tit-verndargripur-isisar\\\/#breadcrumb\",\"itemListElement\":[{\"@type\":\"ListItem\",\"position\":1,\"name\":\"Start\",\"item\":\"https:\\\/\\\/iwell-guard.com\\\/is\\\/?page_id=168580\"},{\"@type\":\"ListItem\",\"position\":2,\"name\":\"\u00cdsisarhn\u00fatur \u2013 Tit-verndargripur gy\u00f0junnar \u00cdsisar\"}]},{\"@type\":\"WebSite\",\"@id\":\"https:\\\/\\\/iwell-guard.com\\\/is\\\/#website\",\"url\":\"https:\\\/\\\/iwell-guard.com\\\/is\\\/\",\"name\":\"iWell Guard\",\"description\":\"Schutz vor dunklen Einfl\u00fcssen\",\"publisher\":{\"@id\":\"https:\\\/\\\/iwell-guard.com\\\/is\\\/#organization\"},\"potentialAction\":[{\"@type\":\"SearchAction\",\"target\":{\"@type\":\"EntryPoint\",\"urlTemplate\":\"https:\\\/\\\/iwell-guard.com\\\/is\\\/?s={search_term_string}\"},\"query-input\":{\"@type\":\"PropertyValueSpecification\",\"valueRequired\":true,\"valueName\":\"search_term_string\"}}],\"inLanguage\":\"is\"},{\"@type\":\"Organization\",\"@id\":\"https:\\\/\\\/iwell-guard.com\\\/is\\\/#organization\",\"name\":\"Ittermann electronic GmbH\",\"url\":\"https:\\\/\\\/iwell-guard.com\\\/is\\\/\",\"logo\":{\"@type\":\"ImageObject\",\"inLanguage\":\"is\",\"@id\":\"https:\\\/\\\/iwell-guard.com\\\/is\\\/#\\\/schema\\\/logo\\\/image\\\/\",\"url\":\"https:\\\/\\\/iwell-guard.com\\\/wp-content\\\/uploads\\\/2026\\\/05\\\/Ittermann-Logo-1182x237-1.png\",\"contentUrl\":\"https:\\\/\\\/iwell-guard.com\\\/wp-content\\\/uploads\\\/2026\\\/05\\\/Ittermann-Logo-1182x237-1.png\",\"width\":1182,\"height\":237,\"caption\":\"Ittermann electronic GmbH\"},\"image\":{\"@id\":\"https:\\\/\\\/iwell-guard.com\\\/is\\\/#\\\/schema\\\/logo\\\/image\\\/\"},\"sameAs\":[\"https:\\\/\\\/pantip.com\\\/profile\\\/9367242\",\"https:\\\/\\\/micro.blog\\\/iwellguard\",\"https:\\\/\\\/www.diggerslist.com\\\/iwellguard\\\/about\",\"https:\\\/\\\/skitterphoto.com\\\/photographers\\\/2870314\\\/iwell-guard\",\"https:\\\/\\\/iwellguard.wordpress.com\\\/2026\\\/06\\\/06\\\/iwell-guard\\\/\",\"https:\\\/\\\/hub.docker.com\\\/u\\\/iwellguard\",\"https:\\\/\\\/www.pinterest.com\\\/iwellguard\\\/\",\"https:\\\/\\\/bit.ly\\\/m\\\/iwellguard\",\"https:\\\/\\\/entre-vos-mains.alsace.eu\\\/profiles\\\/iwellguard\\\/activity\",\"https:\\\/\\\/gravatar.com\\\/reallybeded8fd34\",\"https:\\\/\\\/naijamatta.com\\\/iwellguard\",\"https:\\\/\\\/www.goodreads.com\\\/iwellguard\",\"https:\\\/\\\/profile.hatena.ne.jp\\\/iwellguard\\\/\",\"https:\\\/\\\/experiment.com\\\/users\\\/iwellguard\",\"https:\\\/\\\/wakelet.com\\\/@iWellGuard82270\",\"https:\\\/\\\/www.chordie.com\\\/forum\\\/profile.php?id=2555664\",\"https:\\\/\\\/www.instapaper.com\\\/p\\\/17757966\",\"https:\\\/\\\/www.mapleprimes.com\\\/users\\\/iwellguard\",\"https:\\\/\\\/businesslistingplus.com\\\/profile\\\/iwell-guard\\\/\",\"https:\\\/\\\/telegra.ph\\\/iWell-Guard-06-06\",\"https:\\\/\\\/pbase.com\\\/iwellguard\\\/iwellguard\",\"https:\\\/\\\/b.hatena.ne.jp\\\/iwellguard\\\/20260607#bookmark-4788405196491818882\",\"https:\\\/\\\/fliphtml5.com\\\/home\\\/iwellguard\",\"https:\\\/\\\/anyflip.com\\\/homepage\\\/cmiwl#About\",\"https:\\\/\\\/transfur.com\\\/Users\\\/iwellguard\",\"http:\\\/\\\/delphi.larsbo.org\\\/user\\\/iwellguard\",\"https:\\\/\\\/jobs.lajobsportal.org\\\/profiles\\\/8380803-iwell-guard\",\"https:\\\/\\\/md.chaosdorf.de\\\/s\\\/jfbe5SBdJD\",\"https:\\\/\\\/www.lingvolive.com\\\/en-us\\\/profile\\\/9ecaeaca-ce11-4e51-9e71-01d55e2bff36\\\/translations\",\"https:\\\/\\\/www.fitday.com\\\/fitness\\\/forums\\\/members\\\/iwellguard.html\",\"https:\\\/\\\/www.mymeetbook.com\\\/iwellguard\",\"https:\\\/\\\/pxhere.com\\\/en\\\/photographer-me\\\/5040798\",\"https:\\\/\\\/disqus.com\\\/by\\\/iwellguard\\\/about\\\/\",\"https:\\\/\\\/pastelink.net\\\/hjwciqwq\",\"https:\\\/\\\/pubhtml5.com\\\/homepage\\\/scjhn\\\/\",\"https:\\\/\\\/www.bitchute.com\\\/channel\\\/2O2eOKzNqujT\",\"https:\\\/\\\/audiomack.com\\\/iwellguard\"]}]}<\/script>\n<!-- \/ Yoast SEO Premium plugin. -->","yoast_head_json":{"title":"\u00cdsisarhn\u00fatur \u2013 Tit-verndargripur Egyptalands","description":"\u00cdsisarhn\u00faturinn, Tit-verndargripurinn, var undir vernd gy\u00f0junnar \u00cdsisar. Ger\u00f0, merking og notkun \u00fatsk\u00fdr\u00f0 \u00e1 sk\u00fdran h\u00e1tt.","robots":{"index":"index","follow":"follow","max-snippet":"max-snippet:-1","max-image-preview":"max-image-preview:large","max-video-preview":"max-video-preview:-1"},"canonical":"https:\/\/iwell-guard.com\/is\/isisarhnutur-tit-verndargripur-isisar\/","og_locale":"is_IS","og_type":"article","og_title":"\u00cdsisarhn\u00fatur \u2013 Tit-verndargripur gy\u00f0junnar \u00cdsisar","og_description":"\u00cdsisarhn\u00faturinn, Tit-verndargripurinn, var undir vernd gy\u00f0junnar \u00cdsisar. Ger\u00f0, merking og notkun \u00fatsk\u00fdr\u00f0 \u00e1 sk\u00fdran h\u00e1tt.","og_url":"https:\/\/iwell-guard.com\/is\/isisarhnutur-tit-verndargripur-isisar\/","og_site_name":"iWell Guard","article_modified_time":"2026-09-05T14:33:51+00:00","og_image":[{"width":1024,"height":1536,"url":"https:\/\/iwell-guard.com\/wp-content\/uploads\/2026\/05\/schutzsymbol_aegypten_isisknoten.webp","type":"image\/webp"}],"twitter_card":"summary_large_image","schema":{"@context":"https:\/\/schema.org","@graph":[{"@type":"WebPage","@id":"https:\/\/iwell-guard.com\/is\/isisarhnutur-tit-verndargripur-isisar\/","url":"https:\/\/iwell-guard.com\/is\/isisarhnutur-tit-verndargripur-isisar\/","name":"\u00cdsisarhn\u00fatur \u2013 Tit-verndargripur Egyptalands","isPartOf":{"@id":"https:\/\/iwell-guard.com\/is\/#website"},"primaryImageOfPage":{"@id":"https:\/\/iwell-guard.com\/is\/isisarhnutur-tit-verndargripur-isisar\/#primaryimage"},"image":{"@id":"https:\/\/iwell-guard.com\/is\/isisarhnutur-tit-verndargripur-isisar\/#primaryimage"},"thumbnailUrl":"https:\/\/iwell-guard.com\/wp-content\/uploads\/2026\/05\/schutzsymbol_aegypten_isisknoten.webp","datePublished":"2026-09-05T14:06:08+00:00","dateModified":"2026-09-05T14:33:51+00:00","description":"\u00cdsisarhn\u00faturinn, Tit-verndargripurinn, var undir vernd gy\u00f0junnar \u00cdsisar. Ger\u00f0, merking og notkun \u00fatsk\u00fdr\u00f0 \u00e1 sk\u00fdran h\u00e1tt.","breadcrumb":{"@id":"https:\/\/iwell-guard.com\/is\/isisarhnutur-tit-verndargripur-isisar\/#breadcrumb"},"inLanguage":"is","potentialAction":[{"@type":"ReadAction","target":["https:\/\/iwell-guard.com\/is\/isisarhnutur-tit-verndargripur-isisar\/"]}]},{"@type":"ImageObject","inLanguage":"is","@id":"https:\/\/iwell-guard.com\/is\/isisarhnutur-tit-verndargripur-isisar\/#primaryimage","url":"https:\/\/iwell-guard.com\/wp-content\/uploads\/2026\/05\/schutzsymbol_aegypten_isisknoten.webp","contentUrl":"https:\/\/iwell-guard.com\/wp-content\/uploads\/2026\/05\/schutzsymbol_aegypten_isisknoten.webp","width":1024,"height":1536,"caption":"Verndart\u00e1kn. Myndskreyting \u00ed safnst\u00edl."},{"@type":"BreadcrumbList","@id":"https:\/\/iwell-guard.com\/is\/isisarhnutur-tit-verndargripur-isisar\/#breadcrumb","itemListElement":[{"@type":"ListItem","position":1,"name":"Start","item":"https:\/\/iwell-guard.com\/is\/?page_id=168580"},{"@type":"ListItem","position":2,"name":"\u00cdsisarhn\u00fatur \u2013 Tit-verndargripur gy\u00f0junnar \u00cdsisar"}]},{"@type":"WebSite","@id":"https:\/\/iwell-guard.com\/is\/#website","url":"https:\/\/iwell-guard.com\/is\/","name":"iWell Guard","description":"Schutz vor dunklen Einfl\u00fcssen","publisher":{"@id":"https:\/\/iwell-guard.com\/is\/#organization"},"potentialAction":[{"@type":"SearchAction","target":{"@type":"EntryPoint","urlTemplate":"https:\/\/iwell-guard.com\/is\/?s={search_term_string}"},"query-input":{"@type":"PropertyValueSpecification","valueRequired":true,"valueName":"search_term_string"}}],"inLanguage":"is"},{"@type":"Organization","@id":"https:\/\/iwell-guard.com\/is\/#organization","name":"Ittermann electronic GmbH","url":"https:\/\/iwell-guard.com\/is\/","logo":{"@type":"ImageObject","inLanguage":"is","@id":"https:\/\/iwell-guard.com\/is\/#\/schema\/logo\/image\/","url":"https:\/\/iwell-guard.com\/wp-content\/uploads\/2026\/05\/Ittermann-Logo-1182x237-1.png","contentUrl":"https:\/\/iwell-guard.com\/wp-content\/uploads\/2026\/05\/Ittermann-Logo-1182x237-1.png","width":1182,"height":237,"caption":"Ittermann electronic GmbH"},"image":{"@id":"https:\/\/iwell-guard.com\/is\/#\/schema\/logo\/image\/"},"sameAs":["https:\/\/pantip.com\/profile\/9367242","https:\/\/micro.blog\/iwellguard","https:\/\/www.diggerslist.com\/iwellguard\/about","https:\/\/skitterphoto.com\/photographers\/2870314\/iwell-guard","https:\/\/iwellguard.wordpress.com\/2026\/06\/06\/iwell-guard\/","https:\/\/hub.docker.com\/u\/iwellguard","https:\/\/www.pinterest.com\/iwellguard\/","https:\/\/bit.ly\/m\/iwellguard","https:\/\/entre-vos-mains.alsace.eu\/profiles\/iwellguard\/activity","https:\/\/gravatar.com\/reallybeded8fd34","https:\/\/naijamatta.com\/iwellguard","https:\/\/www.goodreads.com\/iwellguard","https:\/\/profile.hatena.ne.jp\/iwellguard\/","https:\/\/experiment.com\/users\/iwellguard","https:\/\/wakelet.com\/@iWellGuard82270","https:\/\/www.chordie.com\/forum\/profile.php?id=2555664","https:\/\/www.instapaper.com\/p\/17757966","https:\/\/www.mapleprimes.com\/users\/iwellguard","https:\/\/businesslistingplus.com\/profile\/iwell-guard\/","https:\/\/telegra.ph\/iWell-Guard-06-06","https:\/\/pbase.com\/iwellguard\/iwellguard","https:\/\/b.hatena.ne.jp\/iwellguard\/20260607#bookmark-4788405196491818882","https:\/\/fliphtml5.com\/home\/iwellguard","https:\/\/anyflip.com\/homepage\/cmiwl#About","https:\/\/transfur.com\/Users\/iwellguard","http:\/\/delphi.larsbo.org\/user\/iwellguard","https:\/\/jobs.lajobsportal.org\/profiles\/8380803-iwell-guard","https:\/\/md.chaosdorf.de\/s\/jfbe5SBdJD","https:\/\/www.lingvolive.com\/en-us\/profile\/9ecaeaca-ce11-4e51-9e71-01d55e2bff36\/translations","https:\/\/www.fitday.com\/fitness\/forums\/members\/iwellguard.html","https:\/\/www.mymeetbook.com\/iwellguard","https:\/\/pxhere.com\/en\/photographer-me\/5040798","https:\/\/disqus.com\/by\/iwellguard\/about\/","https:\/\/pastelink.net\/hjwciqwq","https:\/\/pubhtml5.com\/homepage\/scjhn\/","https:\/\/www.bitchute.com\/channel\/2O2eOKzNqujT","https:\/\/audiomack.com\/iwellguard"]}]}},"_links":{"self":[{"href":"https:\/\/iwell-guard.com\/is\/wp-json\/wp\/v2\/pages\/169163","targetHints":{"allow":["GET"]}}],"collection":[{"href":"https:\/\/iwell-guard.com\/is\/wp-json\/wp\/v2\/pages"}],"about":[{"href":"https:\/\/iwell-guard.com\/is\/wp-json\/wp\/v2\/types\/page"}],"author":[{"embeddable":true,"href":"https:\/\/iwell-guard.com\/is\/wp-json\/wp\/v2\/users\/3"}],"replies":[{"embeddable":true,"href":"https:\/\/iwell-guard.com\/is\/wp-json\/wp\/v2\/comments?post=169163"}],"version-history":[{"count":0,"href":"https:\/\/iwell-guard.com\/is\/wp-json\/wp\/v2\/pages\/169163\/revisions"}],"wp:featuredmedia":[{"embeddable":true,"href":"https:\/\/iwell-guard.com\/is\/wp-json\/wp\/v2\/media\/3465"}],"wp:attachment":[{"href":"https:\/\/iwell-guard.com\/is\/wp-json\/wp\/v2\/media?parent=169163"}],"wp:term":[{"taxonomy":"category","embeddable":true,"href":"https:\/\/iwell-guard.com\/is\/wp-json\/wp\/v2\/categories?post=169163"}],"curies":[{"name":"wp","href":"https:\/\/api.w.org\/{rel}","templated":true}]}}