{"id":169160,"date":"2026-09-05T14:06:06","date_gmt":"2026-09-05T14:06:06","guid":{"rendered":"https:\/\/iwell-guard.com\/?page_id=169160"},"modified":"2026-09-05T14:33:47","modified_gmt":"2026-09-05T14:33:47","slug":"chakana-andakrossinn","status":"publish","type":"page","link":"https:\/\/iwell-guard.com\/is\/chakana-andakrossinn\/","title":{"rendered":"Chakana \u2013 Andakrossinn"},"content":{"rendered":"\t\t<div data-elementor-type=\"wp-page\" data-elementor-id=\"169160\" class=\"elementor elementor-169160 elementor-3650 elementor-bc-flex-widget\" data-elementor-post-type=\"page\">\n\t\t\t\t<div class=\"elementor-element elementor-element-iwgs-chakana-hero e-flex e-con-boxed e-con e-parent\" data-id=\"iwgs-chakana-hero\" data-element_type=\"container\" data-e-type=\"container\">\n\t\t\t\t\t<div class=\"e-con-inner\">\n\t\t<div class=\"elementor-element elementor-element-iwgs-chakana-hl e-flex e-con-boxed e-con e-parent\" data-id=\"iwgs-chakana-hl\" data-element_type=\"container\" data-e-type=\"container\">\n\t\t\t\t\t<div class=\"e-con-inner\">\n\t\t<div class=\"elementor-element elementor-element-iwgs-chakana-hlbox e-con-full e-flex e-con e-parent\" data-id=\"iwgs-chakana-hlbox\" data-element_type=\"container\" data-e-type=\"container\">\n\t\t\t\t<div class=\"elementor-element elementor-element-iwgs-chakana-h1 elementor-widget elementor-widget-heading\" data-id=\"iwgs-chakana-h1\" data-element_type=\"widget\" data-e-type=\"widget\" data-widget_type=\"heading.default\">\n\t\t\t\t\t<h1 class=\"elementor-heading-title elementor-size-default\">Chakana \u2013 stiga andakrossinn<\/h1>\t\t\t\t<\/div>\n\t\t\t\t<div class=\"elementor-element elementor-element-iwgs-chakana-lead elementor-widget elementor-widget-text-editor\" data-id=\"iwgs-chakana-lead\" data-element_type=\"widget\" data-e-type=\"widget\" data-widget_type=\"text-editor.default\">\n\t\t\t\t\t\t\t\t\t<p>Chakana er stiga andakrossinn, t\u00e1kn \u00far menningarsv\u00e6\u00f0i Andesfjalla. Stigakrossinn hefur fornar r\u00e6tur \u00ed list Andesfjalla, en n\u00faverandi, \u00edtarleg t\u00falkun hans er a\u00f0 mestu leyti fr\u00e1 seinni t\u00edmum.<\/p>\t\t\t\t\t\t\t\t<\/div>\n\t\t\t\t<\/div>\n\t\t\t\t<div class=\"elementor-element elementor-element-iwgs-chakana-pills elementor-widget elementor-widget-html\" data-id=\"iwgs-chakana-pills\" data-element_type=\"widget\" data-e-type=\"widget\" data-widget_type=\"html.default\">\n\t\t\t\t\t<div class=\"iwg-pill-row\"><span class=\"iwg-klasse-badge\" tabindex=\"0\" data-tooltip=\"Verndart\u00e1kn, verndargripur e\u00f0a ap\u00f3tr\u00f3pa\u00edsk gripur.\">Verndart\u00e1kn<\/span><a href=\"https:\/\/iwell-guard.com\/is\/andathjodir-og-inka-inti-pachamama-viracocha\/\" class=\"iwg-kultur-badge\" tabindex=\"0\" data-tooltip=\"Verndarhef\u00f0: Andesfj\u00f6ll\">Andesfj\u00f6ll<\/a><span class=\"iwg-tradition-badge\" tabindex=\"0\" data-tooltip=\"Kross \u00fear sem f\u00f3turinn hv\u00edlir \u00e1 stiglaga st\u00e9tt.\">Stigakross<\/span><\/div>\t\t\t\t<\/div>\n\t\t\t\t\t<\/div>\n\t\t\t\t<\/div>\n\t\t<div class=\"elementor-element elementor-element-iwgs-chakana-hr e-con-full e-flex e-con e-parent\" data-id=\"iwgs-chakana-hr\" data-element_type=\"container\" data-e-type=\"container\">\n\t\t\t\t<div class=\"elementor-element elementor-element-iwgs-chakana-himg iwg-hero-image elementor-widget elementor-widget-image\" data-id=\"iwgs-chakana-himg\" data-element_type=\"widget\" data-e-type=\"widget\" data-widget_type=\"image.default\">\n\t\t\t\t\t\t\t\t\t\t\t\t\t\t\t<img fetchpriority=\"high\" decoding=\"async\" width=\"683\" height=\"1024\" src=\"https:\/\/iwell-guard.com\/wp-content\/uploads\/2026\/05\/schutzsymbol_anden_chakana-683x1024.webp\" class=\"attachment-large size-large wp-image-170495\" alt=\"Chakana - verndart\u00e1kn, safnfr\u00e6\u00f0ileg mynd\" srcset=\"https:\/\/iwell-guard.com\/wp-content\/uploads\/2026\/05\/schutzsymbol_anden_chakana-683x1024.webp 683w, https:\/\/iwell-guard.com\/wp-content\/uploads\/2026\/05\/schutzsymbol_anden_chakana-200x300.webp 200w, https:\/\/iwell-guard.com\/wp-content\/uploads\/2026\/05\/schutzsymbol_anden_chakana-768x1152.webp 768w, https:\/\/iwell-guard.com\/wp-content\/uploads\/2026\/05\/schutzsymbol_anden_chakana.webp 1024w\" sizes=\"(max-width: 683px) 100vw, 683px\" \/>\t\t\t\t\t\t\t\t\t\t\t\t\t\t\t<\/div>\n\t\t\t\t<\/div>\n\t\t\t\t\t<\/div>\n\t\t\t\t<\/div>\n\t\t<div class=\"elementor-element elementor-element-iwgs-chakana-s0 e-flex e-con-boxed e-con e-parent\" data-id=\"iwgs-chakana-s0\" data-element_type=\"container\" data-e-type=\"container\">\n\t\t\t\t\t<div class=\"e-con-inner\">\n\t\t\t\t<div class=\"elementor-element elementor-element-iwgs-chakana-s0h elementor-widget elementor-widget-heading\" data-id=\"iwgs-chakana-s0h\" data-element_type=\"widget\" data-e-type=\"widget\" data-widget_type=\"heading.default\">\n\t\t\t\t\t<h2 class=\"elementor-heading-title elementor-size-default\">Yfirlit<\/h2>\t\t\t\t<\/div>\n\t\t<div class=\"elementor-element elementor-element-iwgs-chakana-s0box e-con-full e-flex e-con e-parent\" data-id=\"iwgs-chakana-s0box\" data-element_type=\"container\" data-e-type=\"container\">\n\t\t\t\t<div class=\"elementor-element elementor-element-iwgs-chakana-s0t elementor-widget elementor-widget-text-editor\" data-id=\"iwgs-chakana-s0t\" data-element_type=\"widget\" data-e-type=\"widget\" data-widget_type=\"text-editor.default\">\n\t\t\t\t\t\t\t\t\t<p>Chakana er t\u00e1kn \u00far menningarsv\u00e6\u00f0i <a href=\"https:\/\/iwell-guard.com\/is\/andathjodir-og-inka-inti-pachamama-viracocha\/\">Andesfjalla<\/a>. \u00dea\u00f0 er oft kalla\u00f0 andakrossinn e\u00f0a Inka-krossinn. Form hans er stiga kross me\u00f0 m\u00f6rgum hornum.<\/p><p>Stigakrossinn er fornt <span class=\"iwg-fachbegriff\" data-tooltip=\"Endurteki\u00f0 innihaldslegt einkenni \u00ed list e\u00f0a fr\u00e1s\u00f6gn.\" tabindex=\"0\">minni<\/span> \u00ed list Andesfjalla. Hann kemur fram \u00ed byggingarlist, \u00ed vefna\u00f0i og \u00ed leirkerager\u00f0 menningarheima Andesfjalla yfir langt t\u00edmabil. A\u00f0 \u00fev\u00ed leyti hefur Chakana raunverulegar fornar r\u00e6tur.<\/p><p>\u00c1 sama t\u00edma er n\u00fat\u00edma Chakana tengd \u00edtarlegri, marg\u00fe\u00e6ttri t\u00falkun. \u00deessi t\u00falkun tengir t\u00e1kni\u00f0 vi\u00f0 heimsmynd Andesfjalla, vi\u00f0 \u00ferj\u00e1 heima og vi\u00f0 fj\u00f3rar \u00e1ttir.<\/p><p>\u00cd fr\u00e6\u00f0unum er Chakana tilfelli sem krefst n\u00e1kv\u00e6mrar a\u00f0greiningar. Stigakrossinn sem myndminni er fornt. Kerfisbundna t\u00falkunin sem \u00ed dag er tengd nafninu Chakana er aftur \u00e1 m\u00f3ti a\u00f0 miklu leyti n\u00fat\u00edma \u00fatf\u00e6rsla.<\/p><p>Hei\u00f0arleg framsetning heldur b\u00e1\u00f0um hli\u00f0um a\u00f0skildum. H\u00fan metur forna stigakrossinn \u00ed list Andesfjalla a\u00f0 ver\u00f0leikum og bendir jafnframt \u00e1 a\u00f0 hin \u00edtarlega Chakana-t\u00falkun heyrir a\u00f0 mestu leyti 20. \u00f6ldinni til.<\/p><p>\u00deannig er Chakana l\u00e6rd\u00f3msr\u00edkt d\u00e6mi. H\u00fan s\u00fdnir hvernig fornt myndminni getur \u00e1 okkar t\u00edmum fengi\u00f0 r\u00edka merkingu og hversu mikilv\u00e6gt \u00fea\u00f0 er a\u00f0 greina forna <span class=\"iwg-fachbegriff\" data-tooltip=\"Endurteki\u00f0 innihaldslegt einkenni \u00ed list e\u00f0a fr\u00e1s\u00f6gn.\" tabindex=\"0\">minni\u00f0<\/span> fr\u00e1 hinni n\u00fdju t\u00falkun.<\/p>\t\t\t\t\t\t\t\t<\/div>\n\t\t\t\t<\/div>\n\t\t\t\t\t<\/div>\n\t\t\t\t<\/div>\n\t\t<div class=\"elementor-element elementor-element-iwgs-chakana-s1 e-flex e-con-boxed e-con e-parent\" data-id=\"iwgs-chakana-s1\" data-element_type=\"container\" data-e-type=\"container\">\n\t\t\t\t\t<div class=\"e-con-inner\">\n\t\t\t\t<div class=\"elementor-element elementor-element-iwgs-chakana-s1h elementor-widget elementor-widget-heading\" data-id=\"iwgs-chakana-s1h\" data-element_type=\"widget\" data-e-type=\"widget\" data-widget_type=\"heading.default\">\n\t\t\t\t\t<h2 class=\"elementor-heading-title elementor-size-default\">Stiga krossformi\u00f0<\/h2>\t\t\t\t<\/div>\n\t\t<div class=\"elementor-element elementor-element-iwgs-chakana-s1box e-con-full e-flex e-con e-parent\" data-id=\"iwgs-chakana-s1box\" data-element_type=\"container\" data-e-type=\"container\">\n\t\t\t\t<div class=\"elementor-element elementor-element-iwgs-chakana-s1t elementor-widget elementor-widget-text-editor\" data-id=\"iwgs-chakana-s1t\" data-element_type=\"widget\" data-e-type=\"widget\" data-widget_type=\"text-editor.default\">\n\t\t\t\t\t\t\t\t\t<p>Chakana hefur einkennandi form. H\u00fan er kross \u00fear sem armarnir endast ekki beint heldur eru bygg\u00f0ir upp \u00ed stigum. Hver armur endar \u00ed tr\u00f6ppulaga \u00ferepi.<\/p><p>Samanlagt myndast \u00feannig margfalt hornr\u00e9ttur, ge\u00f3metr\u00edskt strangur mynd. Chakana er samhverf uppbygg\u00f0, \u00fev\u00ed allir fj\u00f3rir armar hennar eru eins ger\u00f0ir. \u00cd mi\u00f0junni ber t\u00e1kni\u00f0 oft op e\u00f0a hring.<\/p><p>Stigamot\u00edvi\u00f0 er hi\u00f0 eiginlega einkenni Chakana. \u00dea\u00f0 er form sem var v\u00ed\u00f0a \u00fatbreitt \u00ed list Andesfjalla. Tr\u00f6ppan e\u00f0a \u00ferepi\u00f0 er grunnminni \u00ed formau\u00f0gi Andesfjalla.<\/p><p>Str\u00f6ng, sk\u00fdr ge\u00f3metr\u00eda Chakana gerir hana au\u00f0\u00feekkjanlega. H\u00fan l\u00e6tur vel a\u00f0 framkv\u00e6ma \u00ed steini, vefna\u00f0i og m\u00e1lmi. \u00deessi sk\u00fdrleiki \u00ed h\u00f6nnun hefur stu\u00f0la\u00f0 a\u00f0 vins\u00e6ldum hennar \u00ed dag.<\/p><p>Stigaformi\u00f0 kallar \u00e1 t\u00falkanir. \u00derep m\u00e1 skilja sem upp- og ni\u00f0urg\u00f6ngu, sem tengingu milli mismunandi svi\u00f0a. \u00c1 sl\u00edkum huglei\u00f0ingum byggist n\u00fat\u00edma t\u00falkun Chakana.<\/p><p>\u00der\u00e1tt fyrir sk\u00fdrleika formsins er mikilv\u00e6gt a\u00f0 hafa \u00ed huga a\u00f0 formi\u00f0 eitt og s\u00e9r segir ekki til um \u00e1kve\u00f0na merkingu. Hva\u00f0 stigakrossinn \u00fe\u00fdddi \u00ed fornri list Andesfjalla er ekki h\u00e6gt a\u00f0 lesa \u00fat fr\u00e1 ger\u00f0 hans einni saman.<\/p>\t\t\t\t\t\t\t\t<\/div>\n\t\t\t\t<\/div>\n\t\t\t\t\t<\/div>\n\t\t\t\t<\/div>\n\t\t<div class=\"elementor-element elementor-element-iwgs-chakana-s2 e-flex e-con-boxed e-con e-parent\" data-id=\"iwgs-chakana-s2\" data-element_type=\"container\" data-e-type=\"container\">\n\t\t\t\t\t<div class=\"e-con-inner\">\n\t\t\t\t<div class=\"elementor-element elementor-element-iwgs-chakana-s2h elementor-widget elementor-widget-heading\" data-id=\"iwgs-chakana-s2h\" data-element_type=\"widget\" data-e-type=\"widget\" data-widget_type=\"heading.default\">\n\t\t\t\t\t<h2 class=\"elementor-heading-title elementor-size-default\">Stigakrossinn \u00ed fornri list Andesfjalla<\/h2>\t\t\t\t<\/div>\n\t\t<div class=\"elementor-element elementor-element-iwgs-chakana-s2box e-con-full e-flex e-con e-parent\" data-id=\"iwgs-chakana-s2box\" data-element_type=\"container\" data-e-type=\"container\">\n\t\t\t\t<div class=\"elementor-element elementor-element-iwgs-chakana-s2t elementor-widget elementor-widget-text-editor\" data-id=\"iwgs-chakana-s2t\" data-element_type=\"widget\" data-e-type=\"widget\" data-widget_type=\"text-editor.default\">\n\t\t\t\t\t\t\t\t\t<p>Stiga <span class=\"iwg-fachbegriff\" data-tooltip=\"Endurteki\u00f0 innihaldslegt einkenni \u00ed list e\u00f0a fr\u00e1s\u00f6gn.\" tabindex=\"0\">minni\u00f0<\/span> hefur langa s\u00f6gu \u00ed list Andesfjalla. \u00dea\u00f0 er sanna\u00f0 yfir m\u00f6rgum \u00f6ldum og \u00ed mismunandi menningarheimum Andessv\u00e6\u00f0isins.<\/p><p>S\u00e9rstaklega \u00feekkt er stigaminni\u00f0 \u00far menningu Tiwanaku, mikilv\u00e6grar mi\u00f0st\u00f6\u00f0var \u00e1 h\u00e1sl\u00e9ttunni vi\u00f0 Titicaca-vatn. \u00cd steinlist Tiwanaku kemur stiga <span class=\"iwg-fachbegriff\" data-tooltip=\"Endurteki\u00f0 innihaldslegt einkenni \u00ed list e\u00f0a fr\u00e1s\u00f6gn.\" tabindex=\"0\">minni\u00f0<\/span> oft fram.<\/p><p>Einnig \u00ed byggingarlist Inka gegnir \u00ferepi\u00f0 hlutverki. Fr\u00e6gir steinveggir og \u00fatstungnu (terrassera\u00f0ar) mannvirki Inka s\u00fdna stigaminni\u00f0. \u00dea\u00f0 er hluti af grunnger\u00f0 formm\u00e1ls Andesfjalla.<\/p><p>\u00cd vefna\u00f0i menningarheima Andesfjalla, sem eru me\u00f0al listr\u00e6nustu \u00ed heimi, er stiga <span class=\"iwg-fachbegriff\" data-tooltip=\"Endurteki\u00f0 innihaldslegt einkenni \u00ed list e\u00f0a fr\u00e1s\u00f6gn.\" tabindex=\"0\">minni\u00f0<\/span> l\u00edka \u00fatbreitt. Vefkonur og vefarar Andessv\u00e6\u00f0isins notu\u00f0u ge\u00f3metr\u00edsk mynstur, \u00feeirra \u00e1 me\u00f0al stigaminni\u00f0.<\/p><p>Stigakrossinn er \u00feannig sem myndminni vel sta\u00f0festur \u00ed fornri list Andesfjalla. Hann er ekkert n\u00fat\u00edma uppfinning, heldur raunverulegur hluti af formau\u00f0gi Andesfjalla.<\/p><p>Hva\u00f0 \u00feessir fornu stigakrossar \u00fe\u00fdddu n\u00e1kv\u00e6mlega fyrir f\u00f3lk \u00feess t\u00edma er \u00fe\u00f3 ekki sta\u00f0fest \u00e1 sama h\u00e1tt. Menningarheimar Andesfjalla \u00feekktu ekki skrift \u00ed venjulegum skilningi, og \u00fev\u00ed skortir texta sem myndu \u00fatsk\u00fdra <span class=\"iwg-fachbegriff\" data-tooltip=\"Endurteki\u00f0 innihaldslegt einkenni \u00ed list e\u00f0a fr\u00e1s\u00f6gn.\" tabindex=\"0\">minni\u00f0<\/span>.<\/p>\t\t\t\t\t\t\t\t<\/div>\n\t\t\t\t<\/div>\n\t\t\t\t\t<\/div>\n\t\t\t\t<\/div>\n\t\t<div class=\"elementor-element elementor-element-iwgs-chakana-s3 e-flex e-con-boxed e-con e-parent\" data-id=\"iwgs-chakana-s3\" data-element_type=\"container\" data-e-type=\"container\">\n\t\t\t\t\t<div class=\"e-con-inner\">\n\t\t\t\t<div class=\"elementor-element elementor-element-iwgs-chakana-s3h elementor-widget elementor-widget-heading\" data-id=\"iwgs-chakana-s3h\" data-element_type=\"widget\" data-e-type=\"widget\" data-widget_type=\"heading.default\">\n\t\t\t\t\t<h2 class=\"elementor-heading-title elementor-size-default\">\u00der\u00edr heimarnir<\/h2>\t\t\t\t<\/div>\n\t\t<div class=\"elementor-element elementor-element-iwgs-chakana-s3box e-con-full e-flex e-con e-parent\" data-id=\"iwgs-chakana-s3box\" data-element_type=\"container\" data-e-type=\"container\">\n\t\t\t\t<div class=\"elementor-element elementor-element-iwgs-chakana-s3t elementor-widget elementor-widget-text-editor\" data-id=\"iwgs-chakana-s3t\" data-element_type=\"widget\" data-e-type=\"widget\" data-widget_type=\"text-editor.default\">\n\t\t\t\t\t\t\t\t\t<p>N\u00fat\u00edma t\u00falkun Chakana tengir t\u00e1kni\u00f0 vi\u00f0 heimsmynd Andesfjalla. Mikilv\u00e6gur hluti \u00feessarar heimsmyndar er hugmyndin um \u00ferj\u00e1 heima e\u00f0a \u00ferj\u00fa svi\u00f0 tilverunnar.<\/p><p>\u00deessi \u00ferj\u00fa svi\u00f0 eru nefnd \u00e1 Quechua-tungum\u00e1linu. \u00dea\u00f0 er efri heimurinn, sem er tengdur himninum. \u00dea\u00f0 er mi\u00f0heimurinn, \u00fear sem mennirnir b\u00faa. Og \u00fea\u00f0 er ne\u00f0ri heimurinn, sem er tengdur innvi\u00f0um jar\u00f0ar.<\/p><p>\u00deessi \u00fer\u00edskipting heimsins er \u00ed raun sta\u00f0fest fyrir hugsun Andesfjalla. Hugmyndin um efri, mi\u00f0ju og ne\u00f0ri heim heyrir til hinnar hef\u00f0bundnu heimsmyndar menningarheima Andesfjalla.<\/p><p>\u00cd n\u00fat\u00edma t\u00falkun Chakana eru \u00ferep krossins tengd \u00feessum \u00feremur heimum. Stigakrossinn kemur \u00fe\u00e1 fram sem mynd af hinum \u00fer\u00edskipta heimi og tengingu milli svi\u00f0a hans.<\/p><p>\u00deessi tenging stigakross og \u00feriggja-heima kenningarins er skynsamleg og innbyr\u00f0is samr\u00e6md. \u00derepin m\u00e1 vel lesa sem upp- og ni\u00f0urg\u00f6ngu milli heimanna.<\/p><p>\u00dea\u00f0 er \u00fe\u00f3 mikilv\u00e6gt a\u00f0 vita a\u00f0 \u00feessi tengsl eru t\u00falkun. A\u00f0 fornir menningarheimar Andesfjalla hafi sj\u00e1lfir skili\u00f0 stigakrossinn n\u00e1kv\u00e6mlega \u00e1 \u00feennan h\u00e1tt er ekki sta\u00f0fest af fornum heimildum, heldur er \u00fea\u00f0 \u00e1lyktun.<\/p>\t\t\t\t\t\t\t\t<\/div>\n\t\t\t\t<\/div>\n\t\t\t\t\t<\/div>\n\t\t\t\t<\/div>\n\t\t<div class=\"elementor-element elementor-element-iwgs-chakana-s4 e-flex e-con-boxed e-con e-parent\" data-id=\"iwgs-chakana-s4\" data-element_type=\"container\" data-e-type=\"container\">\n\t\t\t\t\t<div class=\"e-con-inner\">\n\t\t\t\t<div class=\"elementor-element elementor-element-iwgs-chakana-s4h elementor-widget elementor-widget-heading\" data-id=\"iwgs-chakana-s4h\" data-element_type=\"widget\" data-e-type=\"widget\" data-widget_type=\"heading.default\">\n\t\t\t\t\t<h2 class=\"elementor-heading-title elementor-size-default\">Fj\u00f3rar \u00e1ttir og Su\u00f0urkrossinn<\/h2>\t\t\t\t<\/div>\n\t\t<div class=\"elementor-element elementor-element-iwgs-chakana-s4box e-con-full e-flex e-con e-parent\" data-id=\"iwgs-chakana-s4box\" data-element_type=\"container\" data-e-type=\"container\">\n\t\t\t\t<div class=\"elementor-element elementor-element-iwgs-chakana-s4t elementor-widget elementor-widget-text-editor\" data-id=\"iwgs-chakana-s4t\" data-element_type=\"widget\" data-e-type=\"widget\" data-widget_type=\"text-editor.default\">\n\t\t\t\t\t\t\t\t\t<p>Auk \u00feriggja heima tengir n\u00fat\u00edmaskilningur chak\u00f6nu einnig vi\u00f0 fj\u00f3rar h\u00f6fu\u00f0\u00e1tir. Krossinn me\u00f0 fj\u00f3rum j\u00f6fnum \u00f6rmum m\u00e1 au\u00f0veldlega lesa sem t\u00e1kn fj\u00f6gurra \u00e1tta.<\/p><p>\u00deessi t\u00falkun samr\u00e6mist einu meginmarki Inkaveldisins. R\u00edki Inka skiptist \u00ed fj\u00f3ra meginhluta, og nafn \u00feess bar \u00feessa fj\u00f3rskiptingu me\u00f0 s\u00e9r. Talan fj\u00f3rir haf\u00f0i mikilv\u00e6ga st\u00f6\u00f0u \u00ed hugsun Andes\u00fej\u00f3\u00f0a.<\/p><p>\u00d6nnur t\u00falkunarlei\u00f0 tengir chak\u00f6nuna vi\u00f0 stj\u00f6rnumerki, Su\u00f0urkrossinn. \u00deetta stj\u00f6rnumerki s\u00e9st vel \u00e1 himni su\u00f0urhvels og haf\u00f0i \u00fe\u00fd\u00f0ingu fyrir Andesmenningar.<\/p><p>Nafni\u00f0 chakana er tali\u00f0 tengjast quechua-or\u00f0i sem l\u00fdtur a\u00f0 \u00fev\u00ed a\u00f0 fara yfir, tengja og br\u00fa. \u00cd \u00feessari t\u00falkun er chakana t\u00e1kn tengingar, br\u00fa milli svi\u00f0a.<\/p><p>\u00deessar t\u00falkanir, fj\u00f3rar \u00e1ttir, stj\u00f6rnumerki\u00f0 og hugmyndin um br\u00fana, mynda saman r\u00edka heildarmynd. Chakana birtist \u00fe\u00e1 sem t\u00e1kn sem umfa\u00f0mar alheiminn, \u00e1ttir hans og svi\u00f0 hans.<\/p><p>H\u00e9r gildir \u00fe\u00f3 s\u00f6mulei\u00f0is nau\u00f0synleg var\u00fa\u00f0. \u00deessar t\u00falkanir eru vanda\u00f0ar og samr\u00e6mar, en \u00fe\u00e6r eru a\u00f0 st\u00f3rum hluta n\u00fat\u00edmalegar \u00fatf\u00e6rslur. Hversu miki\u00f0 af \u00feeim byggist \u00e1 fornri \u00feekkingu Andes\u00fej\u00f3\u00f0a er erfitt a\u00f0 segja \u00ed sm\u00e1atri\u00f0um.<\/p>\t\t\t\t\t\t\t\t<\/div>\n\t\t\t\t<\/div>\n\t\t\t\t\t<\/div>\n\t\t\t\t<\/div>\n\t\t<div class=\"elementor-element elementor-element-iwgs-chakana-s5 e-flex e-con-boxed e-con e-parent\" data-id=\"iwgs-chakana-s5\" data-element_type=\"container\" data-e-type=\"container\">\n\t\t\t\t\t<div class=\"e-con-inner\">\n\t\t\t\t<div class=\"elementor-element elementor-element-iwgs-chakana-s5h elementor-widget elementor-widget-heading\" data-id=\"iwgs-chakana-s5h\" data-element_type=\"widget\" data-e-type=\"widget\" data-widget_type=\"heading.default\">\n\t\t\t\t\t<h2 class=\"elementor-heading-title elementor-size-default\">Nafni\u00f0 og merking \u00feess<\/h2>\t\t\t\t<\/div>\n\t\t<div class=\"elementor-element elementor-element-iwgs-chakana-s5box e-con-full e-flex e-con e-parent\" data-id=\"iwgs-chakana-s5box\" data-element_type=\"container\" data-e-type=\"container\">\n\t\t\t\t<div class=\"elementor-element elementor-element-iwgs-chakana-s5t elementor-widget elementor-widget-text-editor\" data-id=\"iwgs-chakana-s5t\" data-element_type=\"widget\" data-e-type=\"widget\" data-widget_type=\"text-editor.default\">\n\t\t\t\t\t\t\t\t\t<p>Nafni\u00f0 chakana kemur \u00far quechua, tungum\u00e1linu sem var \u00fatbreitt \u00ed Inkaveldinu og er tala\u00f0 \u00ed Andesfj\u00f6llum enn \u00ed dag. Nafni\u00f0 er tengt or\u00f0stofni sem merkir a\u00f0 fara yfir og tengja.<\/p><p>\u00dat fr\u00e1 \u00feessari tungum\u00e1lalegu tengingu kemur t\u00falkunin \u00e1 chak\u00f6nu sem br\u00fa e\u00f0a tengjandi t\u00e1kn. Chakana v\u00e6ri \u00fe\u00e1 \u00fea\u00f0 sem tengir svi\u00f0 saman, til d\u00e6mis \u00ferj\u00e1 heima Andes-heimsmyndarinnar.<\/p><p>\u00deessi t\u00falkun er au\u00f0skilin og samr\u00e6mist vel \u00ferepal\u00f6gu\u00f0u forminu, sem lesa m\u00e1 sem uppg\u00f6ngu og ni\u00f0urg\u00f6ngu. H\u00fan er mikilv\u00e6gur hluti af n\u00fat\u00edmaskilningi chak\u00f6nunnar.<\/p><p>\u00dea\u00f0 er \u00fe\u00f3 ekki sta\u00f0fest a\u00f0 hi\u00f0 gamla \u00ferepakross \u00ed Andeslist hafi \u00feegar bori\u00f0 \u00feetta nafn e\u00f0a hafi veri\u00f0 skili\u00f0 \u00e1 \u00feennan h\u00e1tt sem br\u00fa. Nafni\u00f0 og t\u00falkunin g\u00e6tu hafa veri\u00f0 tengd saman s\u00ed\u00f0ar.<\/p><p>\u00deessi \u00f3vissa er einkennandi fyrir chak\u00f6nuna. Form, nafn og t\u00falkun m\u00e1 \u00ed dag tengja saman \u00ed heildst\u00e6\u00f0a mynd, en hvort \u00feessi heild er forn er \u00f3lj\u00f3st.<\/p><p>\u00c1rei\u00f0anleg framsetning bendir \u00e1 \u00feessa \u00f3vissu. H\u00fan kynnir t\u00falkunina, en merkir hana sem t\u00falkun, ekki sem sta\u00f0festa forna \u00feekkingu.<\/p>\t\t\t\t\t\t\t\t<\/div>\n\t\t\t\t<\/div>\n\t\t\t\t\t<\/div>\n\t\t\t\t<\/div>\n\t\t<div class=\"elementor-element elementor-element-iwgs-chakana-s6 e-flex e-con-boxed e-con e-parent\" data-id=\"iwgs-chakana-s6\" data-element_type=\"container\" data-e-type=\"container\">\n\t\t\t\t\t<div class=\"e-con-inner\">\n\t\t\t\t<div class=\"elementor-element elementor-element-iwgs-chakana-s6h elementor-widget elementor-widget-heading\" data-id=\"iwgs-chakana-s6h\" data-element_type=\"widget\" data-e-type=\"widget\" data-widget_type=\"heading.default\">\n\t\t\t\t\t<h2 class=\"elementor-heading-title elementor-size-default\">Spurningin um aldur<\/h2>\t\t\t\t<\/div>\n\t\t<div class=\"elementor-element elementor-element-iwgs-chakana-s6box e-con-full e-flex e-con e-parent\" data-id=\"iwgs-chakana-s6box\" data-element_type=\"container\" data-e-type=\"container\">\n\t\t\t\t<div class=\"elementor-element elementor-element-iwgs-chakana-s6t elementor-widget elementor-widget-text-editor\" data-id=\"iwgs-chakana-s6t\" data-element_type=\"widget\" data-e-type=\"widget\" data-widget_type=\"text-editor.default\">\n\t\t\t\t\t\t\t\t\t<p>Hj\u00e1 chak\u00f6nu er spurningin um aldur s\u00e9rstaklega mikilv\u00e6g. \u00cd n\u00fat\u00edmamyndinni er chakana oft talin fornt <span class=\"iwg-fachbegriff\" data-tooltip=\"T\u00e1kn sem stendur fyrir hugmynd e\u00f0a merkingu.\" tabindex=\"0\">t\u00e1kn<\/span> sem Inkar e\u00f0a forverar \u00feeirra hafi full\u00fer\u00f3a\u00f0. \u00deessi hugmynd krefst n\u00e1kv\u00e6mrar sko\u00f0unar.<\/p><p>\u00dea\u00f0 er r\u00e9ttm\u00e6lt a\u00f0 \u00ferepalaga\u00f0a krossm\u00f3t\u00edfi\u00f0 \u00ed Andeslist er fornt og vel sta\u00f0fest. \u00derepi\u00f0 og \u00ferepakrossinn eru hluti af sannri fornri formahef\u00f0 Andesmenninga.<\/p><p>Hin \u00fatf\u00e6r\u00f0a t\u00falkun chak\u00f6nunnar, sem tengir t\u00e1kni\u00f0 vi\u00f0 \u00ferj\u00e1 heima, fj\u00f3rar \u00e1ttir, stj\u00f6rnumerki\u00f0 og hugmyndina um br\u00fana, er \u00fe\u00f3 a\u00f0 st\u00f3rum hluta afrek 20. aldarins.<\/p><p>Fr\u00e6\u00f0imenn og rith\u00f6fundar \u00e1 seinni t\u00edmum t\u00f3ku upp hi\u00f0 forna \u00ferepam\u00f3t\u00edf og g\u00e1fu \u00fev\u00ed kerfisbundna, heildst\u00e6\u00f0a merkingu. \u00deeir bygg\u00f0u \u00e1 arfleiddri heimsmynd Andes\u00fej\u00f3\u00f0a, athugunum og eigin huglei\u00f0ingum.<\/p><p>N\u00fat\u00edmachakana er \u00feannig afrakstur samspils. Sannri fornri myndhef\u00f0 var tengd n\u00fat\u00edmaleg, vandlega hugsu\u00f0 t\u00falkun. B\u00e6\u00f0i heyrir til chak\u00f6nunni eins og h\u00fan er skilin \u00ed dag.<\/p><p>\u00deessi sta\u00f0reynd r\u00fdrir ekki chak\u00f6nuna. H\u00fan setur hana a\u00f0eins \u00ed r\u00e9ttan farveg. Chakana er t\u00e1kn me\u00f0 fornar r\u00e6tur og n\u00fat\u00edmalega t\u00falkun, og n\u00e1kv\u00e6m framsetning nefnir b\u00e1\u00f0ar hli\u00f0ar sk\u00fdrt.<\/p>\t\t\t\t\t\t\t\t<\/div>\n\t\t\t\t<\/div>\n\t\t\t\t\t<\/div>\n\t\t\t\t<\/div>\n\t\t<div class=\"elementor-element elementor-element-iwgs-chakana-s7 e-flex e-con-boxed e-con e-parent\" data-id=\"iwgs-chakana-s7\" data-element_type=\"container\" data-e-type=\"container\">\n\t\t\t\t\t<div class=\"e-con-inner\">\n\t\t\t\t<div class=\"elementor-element elementor-element-iwgs-chakana-s7h elementor-widget elementor-widget-heading\" data-id=\"iwgs-chakana-s7h\" data-element_type=\"widget\" data-e-type=\"widget\" data-widget_type=\"heading.default\">\n\t\t\t\t\t<h2 class=\"elementor-heading-title elementor-size-default\">Vernd og skipulag<\/h2>\t\t\t\t<\/div>\n\t\t<div class=\"elementor-element elementor-element-iwgs-chakana-s7box e-con-full e-flex e-con e-parent\" data-id=\"iwgs-chakana-s7box\" data-element_type=\"container\" data-e-type=\"container\">\n\t\t\t\t<div class=\"elementor-element elementor-element-iwgs-chakana-s7t elementor-widget elementor-widget-text-editor\" data-id=\"iwgs-chakana-s7t\" data-element_type=\"widget\" data-e-type=\"widget\" data-widget_type=\"text-editor.default\">\n\t\t\t\t\t\t\t\t\t<p>Sem verndart\u00e1kn heyrir chakana til \u00feeim t\u00e1knum sem virka me\u00f0 \u00fev\u00ed a\u00f0 s\u00fdna skipulag. H\u00fan hrekur ekki fr\u00e1 me\u00f0 \u00f3gnvekjandi mynd og fangar ekki augnar\u00e1\u00f0. H\u00fan s\u00fdnir \u00feess \u00ed sta\u00f0 mynd af skipul\u00f6g\u00f0um heimi.<\/p><p>\u00cd n\u00fat\u00edmaskilningi er chakana mynd alheimsins. H\u00fan s\u00fdnir \u00ferj\u00e1 heima, fj\u00f3rar \u00e1ttir og tenginguna milli svi\u00f0anna. H\u00fan s\u00fdnir \u00feannig heildst\u00e6tt skipulag tilverunnar.<\/p><p>T\u00e1kn sem s\u00fdnir heildst\u00e6tt skipulag getur veitt festu og \u00f6ryggi. S\u00e1 sem horfir \u00e1 chak\u00f6nuna e\u00f0a ber hana s\u00e9r mynd af heimi \u00fear sem allt hefur sinn sta\u00f0 og svi\u00f0 eru tengd saman.<\/p><p>\u00cd \u00feessum skilningi virkar chakana sem verndart\u00e1kn. Vernd hennar liggur ekki \u00ed a\u00f0 hrekja fr\u00e1 \u00e1kve\u00f0na h\u00e6ttu, heldur \u00ed a\u00f0 s\u00fdna skynsamlegan, skipulag\u00f0an heim.<\/p><p>\u00deannig heyrir chakana til \u00feeim t\u00e1knum sem virka l\u00edkt og heimsmyndar<span class=\"iwg-fachbegriff\" data-tooltip=\"T\u00e1kn sem stendur fyrir hugmynd e\u00f0a merkingu.\" tabindex=\"0\">t\u00e1kn<\/span>. H\u00fan veitir \u00feeim sem ber hana \u00e1ttun og setur hann \u00ed st\u00e6rra, skipulagt samhengi.<\/p><p>\u00deessi virkni er einkenni n\u00fat\u00edmalegu, \u00fatf\u00e6r\u00f0u chak\u00f6nunnar. H\u00fan byggist \u00e1 n\u00fat\u00edmalegri t\u00falkun t\u00e1knsins. Me\u00f0 \u00feessari fyrirvara m\u00e1 setja chak\u00f6nuna me\u00f0 r\u00e9ttu \u00ed samhengi verndart\u00e1kna.<\/p>\t\t\t\t\t\t\t\t<\/div>\n\t\t\t\t<\/div>\n\t\t\t\t\t<\/div>\n\t\t\t\t<\/div>\n\t\t<div class=\"elementor-element elementor-element-iwgs-chakana-s8 e-flex e-con-boxed e-con e-parent\" data-id=\"iwgs-chakana-s8\" data-element_type=\"container\" data-e-type=\"container\">\n\t\t\t\t\t<div class=\"e-con-inner\">\n\t\t\t\t<div class=\"elementor-element elementor-element-iwgs-chakana-s8h elementor-widget elementor-widget-heading\" data-id=\"iwgs-chakana-s8h\" data-element_type=\"widget\" data-e-type=\"widget\" data-widget_type=\"heading.default\">\n\t\t\t\t\t<h2 class=\"elementor-heading-title elementor-size-default\">M\u00f3tt\u00f6kur \u00ed dag<\/h2>\t\t\t\t<\/div>\n\t\t<div class=\"elementor-element elementor-element-iwgs-chakana-s8box e-con-full e-flex e-con e-parent\" data-id=\"iwgs-chakana-s8box\" data-element_type=\"container\" data-e-type=\"container\">\n\t\t\t\t<div class=\"elementor-element elementor-element-iwgs-chakana-s8t elementor-widget elementor-widget-text-editor\" data-id=\"iwgs-chakana-s8t\" data-element_type=\"widget\" data-e-type=\"widget\" data-widget_type=\"text-editor.default\">\n\t\t\t\t\t\t\t\t\t<p>Chakana er \u00ed dag mj\u00f6g \u00fatbreidd \u00e1 Andessv\u00e6\u00f0inu. \u00cd Per\u00fa, B\u00f3liv\u00edu og n\u00e1l\u00e6gum l\u00f6ndum kemur h\u00fan fyrir \u00e1 skartgripum, \u00e1 vefna\u00f0i, \u00ed h\u00f6nnun og sem t\u00e1kn menningarlegrar sj\u00e1lfsmyndar.<\/p><p>Fyrir marga \u00edb\u00faa Andessv\u00e6\u00f0isins er Chakana t\u00e1kn tengsla vi\u00f0 eigin uppruna og vi\u00f0 arfleif\u00f0 Andesmenningarheima. H\u00fan t\u00e1knar heimsmynd Andes\u00fej\u00f3\u00f0a og r\u00e6tur sem n\u00e1 aftur fyrir t\u00edma n\u00fdlendustefnunnar.<\/p><p>Utan Andessv\u00e6\u00f0isins hefur Chakana or\u00f0i\u00f0 kunn vegna \u00e1huga \u00e1 Andesmenningarheimum og \u00e1 andlegum stefnum. H\u00fan er borin sem skartgripur og notu\u00f0 sem <span class=\"iwg-fachbegriff\" data-tooltip=\"Endurteki\u00f0 innihaldslegt einkenni \u00ed list e\u00f0a fr\u00e1s\u00f6gn.\" tabindex=\"0\">myndefni<\/span>.<\/p><p>Me\u00f0 \u00feessari \u00fatbrei\u00f0slu er Chakana oft t\u00falku\u00f0 af mikilli fullvissu, eins og n\u00e1kv\u00e6m merking hennar s\u00e9 forn og sta\u00f0fest vitneskja. M\u00e1lefnaleg framsetning bendir \u00fear \u00e1 m\u00f3ti \u00e1 opna heimildast\u00f6\u00f0u.<\/p><p>Chakana er \u00feannig tv\u00ed\u00fe\u00e6tt \u00e1hugavert t\u00e1kn. H\u00fan byggir \u00e1 sannri, fornri <span class=\"iwg-fachbegriff\" data-tooltip=\"Endurteki\u00f0 innihaldslegt einkenni \u00ed list e\u00f0a fr\u00e1s\u00f6gn.\" tabindex=\"0\">myndefni<\/span> Andeslistar, hinu \u00ferepskipta krossi. Og h\u00fan er \u00e1 sama t\u00edma d\u00e6mi um hvernig forn <span class=\"iwg-fachbegriff\" data-tooltip=\"Endurteki\u00f0 innihaldslegt einkenni \u00ed list e\u00f0a fr\u00e1s\u00f6gn.\" tabindex=\"0\">myndefni<\/span> f\u00e6r \u00ed samt\u00edmanum r\u00edka t\u00falkun.<\/p><p>Heildst\u00e6\u00f0 framsetning gerir b\u00e1\u00f0um hli\u00f0um skil. H\u00fan s\u00fdnir Chakana sem t\u00e1kn sem tengir fornar r\u00e6tur Andes\u00fej\u00f3\u00f0a vi\u00f0 n\u00fat\u00edmalega, \u00edgrunda\u00f0a t\u00falkun, og h\u00fan heldur sk\u00fdrum a\u00f0greiningi milli \u00feessa tveggja.<\/p>\t\t\t\t\t\t\t\t<\/div>\n\t\t\t\t<\/div>\n\t\t\t\t\t<\/div>\n\t\t\t\t<\/div>\n\t\t<div class=\"elementor-element elementor-element-iwgs-chakana-lit e-flex e-con-boxed e-con e-parent\" data-id=\"iwgs-chakana-lit\" data-element_type=\"container\" data-e-type=\"container\">\n\t\t\t\t\t<div class=\"e-con-inner\">\n\t\t\t\t<div class=\"elementor-element elementor-element-iwgs-chakana-lith elementor-widget elementor-widget-heading\" data-id=\"iwgs-chakana-lith\" data-element_type=\"widget\" data-e-type=\"widget\" data-widget_type=\"heading.default\">\n\t\t\t\t\t<h2 class=\"elementor-heading-title elementor-size-default\">Heimildir (\u00farval)<\/h2>\t\t\t\t<\/div>\n\t\t<div class=\"elementor-element elementor-element-iwgs-chakana-litbox e-con-full e-flex e-con e-parent\" data-id=\"iwgs-chakana-litbox\" data-element_type=\"container\" data-e-type=\"container\">\n\t\t\t\t<div class=\"elementor-element elementor-element-iwgs-chakana-litt elementor-widget elementor-widget-html\" data-id=\"iwgs-chakana-litt\" data-element_type=\"widget\" data-e-type=\"widget\" data-widget_type=\"html.default\">\n\t\t\t\t\t<footer data-nosnippet=\"true\"><ul><li>Mary Strong: <em>Art, Nature, and Religion in the Central Andes<\/em> (2012)<\/li><li>Gary Urton: <em>At the Crossroads of the Earth and the Sky. An Andean Cosmology<\/em> (1981)<\/li><li>Catherine Allen: <em>The Hold Life Has. Coca and Cultural Identity in an Andean Community<\/em> (1988)<\/li><li>Henrique Urbano: Ranns\u00f3knir \u00e1 go\u00f0afr\u00e6\u00f0i og heimsmynd Andes\u00fej\u00f3\u00f0a<\/li><li>Tom Zuidema: <em>The Ceque System of Cuzco<\/em> (1964)<\/li><\/ul><\/footer>\t\t\t\t<\/div>\n\t\t\t\t<\/div>\n\t\t\t\t\t<\/div>\n\t\t\t\t<\/div>\n\t\t<div class=\"elementor-element elementor-element-iwgs-chakana-kwd e-flex e-con-boxed e-con e-parent\" data-id=\"iwgs-chakana-kwd\" data-element_type=\"container\" data-e-type=\"container\">\n\t\t\t\t\t<div class=\"e-con-inner\">\n\t\t\t\t<div class=\"elementor-element elementor-element-iwgs-chakana-kwdt elementor-widget elementor-widget-text-editor\" data-id=\"iwgs-chakana-kwdt\" data-element_type=\"widget\" data-e-type=\"widget\" data-widget_type=\"text-editor.default\">\n\t\t\t\t\t\t\t\t\t<p><em>Tengd kjarnahugt\u00f6k: Chakana Andeskross Inka \u00ferepakross \u00fer\u00edr heimar Quechua Tiwanaku Andesfj\u00f6ll.<\/em><\/p>\t\t\t\t\t\t\t\t<\/div>\n\t\t\t\t\t<\/div>\n\t\t\t\t<\/div>\n\t\t<div class=\"elementor-element elementor-element-iwgs-chakana-cc e-flex e-con-boxed e-con e-parent\" data-id=\"iwgs-chakana-cc\" data-element_type=\"container\" data-e-type=\"container\" id=\"iwg-cc-chakana\">\n\t\t\t\t\t<div class=\"e-con-inner\">\n\t\t<div class=\"elementor-element elementor-element-iwgs-chakana-ccinner e-flex e-con-boxed e-con e-parent\" data-id=\"iwgs-chakana-ccinner\" data-element_type=\"container\" data-e-type=\"container\" data-settings=\"{&quot;background_background&quot;:&quot;classic&quot;}\">\n\t\t\t\t\t<div class=\"e-con-inner\">\n\t\t\t\t<div class=\"elementor-element elementor-element-iwgs-chakana-cch elementor-widget elementor-widget-heading\" data-id=\"iwgs-chakana-cch\" data-element_type=\"widget\" data-e-type=\"widget\" data-widget_type=\"heading.default\">\n\t\t\t\t\t<h2 class=\"elementor-heading-title elementor-size-default\">iWell Guard og verndarhef\u00f0ir<\/h2>\t\t\t\t<\/div>\n\t\t\t\t<div class=\"elementor-element elementor-element-iwgs-chakana-cct elementor-widget elementor-widget-text-editor\" data-id=\"iwgs-chakana-cct\" data-element_type=\"widget\" data-e-type=\"widget\" data-widget_type=\"text-editor.default\">\n\t\t\t\t\t\t\t\t\t<p>iWell Guard er hluti af menningars\u00f6gulegri hef\u00f0 verndargripa sem bornir eru \u00e1 l\u00edkamanum, og Chakana tilheyrir s\u00f6mu hef\u00f0. N\u00fat\u00edmalegur f\u00f6runautur fyrir f\u00f3lk sem lifir me\u00f0 verndart\u00e1knum: framleiddur \u00ed \u00de\u00fdskalandi, 41 lag \u00far alv\u00f6ru gulli, plat\u00ednu og silfri, me\u00f0 30 daga skilar\u00e9tti.<\/p>\t\t\t\t\t\t\t\t<\/div>\n\t\t\t\t<div class=\"elementor-element elementor-element-iwgs-chakana-ccb iwg-cc-button iwg-cc-cta-2026-05-13 elementor-widget elementor-widget-jet-button\" data-id=\"iwgs-chakana-ccb\" data-element_type=\"widget\" data-e-type=\"widget\" data-widget_type=\"jet-button.default\">\n\t\t\t\t<div class=\"elementor-widget-container\">\n\t\t\t\t\t<div class=\"elementor-jet-button jet-elements\"><div class=\"jet-button__container\"><a class=\"jet-button__instance jet-button__instance--icon-left hover-effect-1\" href=\"\/schutzanhaenger-iwell-guard-kaufen\/?utm_source=iwell-guard.com&amp;utm_medium=info-box&amp;utm_campaign=schutzsymbole\"><div class=\"jet-button__plane jet-button__plane-normal\"><\/div><div class=\"jet-button__plane jet-button__plane-hover\"><\/div><div class=\"jet-button__state jet-button__state-normal\"><span class=\"jet-button__label\">Meira um iWell Guard<\/span><\/div><div class=\"jet-button__state jet-button__state-hover\"><span class=\"jet-button__label\">Meira um iWell Guard<\/span><\/div><\/a><\/div><\/div><style>.elementor-element.elementor-element-iwgs-chakana-ccb .jet-button__instance{width:320px;height:56px;}.elementor-element.elementor-element-iwgs-chakana-ccb .jet-button__state-normal .jet-button__label{text-align:center;margin:0px 0px 0px 0px;color:#1a1b20;font-family:Montserrat,sans-serif;font-size:13px;font-weight:400;letter-spacing:4px;line-height:1.714em;text-transform:uppercase;}.elementor-element.elementor-element-iwgs-chakana-ccb .jet-button__state-hover .jet-button__label{text-align:center;margin:0px 0px 0px 0px;color:#FECC76;font-family:Montserrat,sans-serif;font-size:13px;font-weight:400;letter-spacing:4px;line-height:1.714em;text-transform:uppercase;}.elementor-element.elementor-element-iwgs-chakana-ccb .jet-button__plane-normal{background-color:#FECC76;border-style:solid;border-color:#C99540;border-width:2px 2px 2px 2px;}.elementor-element.elementor-element-iwgs-chakana-ccb .jet-button__plane-hover{background-color:rgba(0,0,0,0.55);border-style:solid;border-color:#FECC76;border-width:2px 2px 2px 2px;}<\/style>\t\t\t\t<\/div>\n\t\t\t\t<\/div>\n\t\t\t\t<div class=\"elementor-element elementor-element-iwgs-chakana-ccd elementor-widget elementor-widget-text-editor\" data-id=\"iwgs-chakana-ccd\" data-element_type=\"widget\" data-e-type=\"widget\" data-widget_type=\"text-editor.default\">\n\t\t\t\t\t\t\t\t\t<p style=\"text-align:center;font-size:13px;opacity:0.7;margin-top:14px\" data-nosnippet=\"true\">Pers\u00f3nuleg reynsla getur veri\u00f0 mismunandi. Ekki l\u00e6kningat\u00e6ki. Engin lofor\u00f0 um l\u00e6kningu.<\/p>\t\t\t\t\t\t\t\t<\/div>\n\t\t\t\t\t<\/div>\n\t\t\t\t<\/div>\n\t\t\t\t\t<\/div>\n\t\t\t\t<\/div>\n\t\t<div class=\"elementor-element elementor-element-iwgs-chakana-disc e-flex e-con-boxed e-con e-parent\" data-id=\"iwgs-chakana-disc\" data-element_type=\"container\" data-e-type=\"container\">\n\t\t\t\t\t<div class=\"e-con-inner\">\n\t\t\t\t<div class=\"elementor-element elementor-element-iwgs-chakana-discw elementor-widget elementor-widget-html\" data-id=\"iwgs-chakana-discw\" data-element_type=\"widget\" data-e-type=\"widget\" data-widget_type=\"html.default\">\n\t\t\t\t\t<footer data-nosnippet=\"true\" class=\"iwg-disclaimer-block\"><p data-nosnippet=\"true\">iWell Guard er <strong>ekki l\u00e6kningat\u00e6ki<\/strong> og kemur ekki \u00ed sta\u00f0 l\u00e6knis- e\u00f0a s\u00e1lfr\u00e6\u00f0ime\u00f0fer\u00f0ar. Innihaldi\u00f0 sem h\u00e9r er sett fram er tr\u00faarbrag\u00f0afr\u00e6\u00f0ileg og menningars\u00f6gulega greining, ekki lofor\u00f0 um andlega virkni.<\/p><\/footer>\t\t\t\t<\/div>\n\t\t\t\t\t<\/div>\n\t\t\t\t<\/div>\n\t\t\t\t<\/div>\n\t\t","protected":false},"excerpt":{"rendered":"","protected":false},"author":3,"featured_media":3558,"parent":0,"menu_order":0,"comment_status":"closed","ping_status":"closed","template":"elementor_header_footer","meta":{"_yoast_wpseo_focuskw":"Chakana","_yoast_wpseo_title":"Chakana \u2013 Andakrossinn","_yoast_wpseo_metadesc":"Chakana er stiga andakrossinn. Form, gamlar r\u00e6tur og spurningin um t\u00falkun hans \u00fatsk\u00fdr\u00f0 \u00e1 sk\u00fdran h\u00e1tt.","_yoast_wpseo_meta-robots-noindex":"","_yoast_wpseo_canonical":"","_angie_page":false,"gefaehrdungsstufe":"","wesen_kultur":"","wesen_klasse":"","footnotes":""},"categories":[],"class_list":["post-169160","page","type-page","status-publish","has-post-thumbnail","hentry"],"yoast_head":"<!-- This site is optimized with the Yoast SEO Premium plugin v27.7 (Yoast SEO v28.3) - https:\/\/yoast.com\/product\/yoast-seo-premium-wordpress\/ -->\n<title>Chakana \u2013 Andakrossinn<\/title>\n<meta name=\"description\" content=\"Chakana er stiga andakrossinn. Form, gamlar r\u00e6tur og spurningin um t\u00falkun hans \u00fatsk\u00fdr\u00f0 \u00e1 sk\u00fdran h\u00e1tt.\" \/>\n<meta name=\"robots\" content=\"index, follow, max-snippet:-1, max-image-preview:large, max-video-preview:-1\" \/>\n<link rel=\"canonical\" href=\"https:\/\/iwell-guard.com\/is\/chakana-andakrossinn\/\" \/>\n<meta property=\"og:locale\" content=\"is_IS\" \/>\n<meta property=\"og:type\" content=\"article\" \/>\n<meta property=\"og:title\" content=\"Chakana \u2013 Andakrossinn\" \/>\n<meta property=\"og:description\" content=\"Chakana er stiga andakrossinn. Form, gamlar r\u00e6tur og spurningin um t\u00falkun hans \u00fatsk\u00fdr\u00f0 \u00e1 sk\u00fdran h\u00e1tt.\" \/>\n<meta property=\"og:url\" content=\"https:\/\/iwell-guard.com\/is\/chakana-andakrossinn\/\" \/>\n<meta property=\"og:site_name\" content=\"iWell Guard\" \/>\n<meta property=\"article:modified_time\" content=\"2026-09-05T14:33:47+00:00\" \/>\n<meta property=\"og:image\" content=\"https:\/\/iwell-guard.com\/wp-content\/uploads\/2026\/05\/schutzsymbol_anden_chakana.webp\" \/>\n\t<meta property=\"og:image:width\" content=\"1024\" \/>\n\t<meta property=\"og:image:height\" content=\"1536\" \/>\n\t<meta property=\"og:image:type\" content=\"image\/webp\" \/>\n<meta name=\"twitter:card\" content=\"summary_large_image\" \/>\n<script type=\"application\/ld+json\" class=\"yoast-schema-graph\">{\"@context\":\"https:\\\/\\\/schema.org\",\"@graph\":[{\"@type\":\"WebPage\",\"@id\":\"https:\\\/\\\/iwell-guard.com\\\/is\\\/chakana-andakrossinn\\\/\",\"url\":\"https:\\\/\\\/iwell-guard.com\\\/is\\\/chakana-andakrossinn\\\/\",\"name\":\"Chakana \u2013 Andakrossinn\",\"isPartOf\":{\"@id\":\"https:\\\/\\\/iwell-guard.com\\\/is\\\/#website\"},\"primaryImageOfPage\":{\"@id\":\"https:\\\/\\\/iwell-guard.com\\\/is\\\/chakana-andakrossinn\\\/#primaryimage\"},\"image\":{\"@id\":\"https:\\\/\\\/iwell-guard.com\\\/is\\\/chakana-andakrossinn\\\/#primaryimage\"},\"thumbnailUrl\":\"https:\\\/\\\/iwell-guard.com\\\/wp-content\\\/uploads\\\/2026\\\/05\\\/schutzsymbol_anden_chakana.webp\",\"datePublished\":\"2026-09-05T14:06:06+00:00\",\"dateModified\":\"2026-09-05T14:33:47+00:00\",\"description\":\"Chakana er stiga andakrossinn. Form, gamlar r\u00e6tur og spurningin um t\u00falkun hans \u00fatsk\u00fdr\u00f0 \u00e1 sk\u00fdran h\u00e1tt.\",\"breadcrumb\":{\"@id\":\"https:\\\/\\\/iwell-guard.com\\\/is\\\/chakana-andakrossinn\\\/#breadcrumb\"},\"inLanguage\":\"is\",\"potentialAction\":[{\"@type\":\"ReadAction\",\"target\":[\"https:\\\/\\\/iwell-guard.com\\\/is\\\/chakana-andakrossinn\\\/\"]}]},{\"@type\":\"ImageObject\",\"inLanguage\":\"is\",\"@id\":\"https:\\\/\\\/iwell-guard.com\\\/is\\\/chakana-andakrossinn\\\/#primaryimage\",\"url\":\"https:\\\/\\\/iwell-guard.com\\\/wp-content\\\/uploads\\\/2026\\\/05\\\/schutzsymbol_anden_chakana.webp\",\"contentUrl\":\"https:\\\/\\\/iwell-guard.com\\\/wp-content\\\/uploads\\\/2026\\\/05\\\/schutzsymbol_anden_chakana.webp\",\"width\":1024,\"height\":1536,\"caption\":\"Verndart\u00e1kn. Myndskreyting \u00ed safnst\u00edl.\"},{\"@type\":\"BreadcrumbList\",\"@id\":\"https:\\\/\\\/iwell-guard.com\\\/is\\\/chakana-andakrossinn\\\/#breadcrumb\",\"itemListElement\":[{\"@type\":\"ListItem\",\"position\":1,\"name\":\"Start\",\"item\":\"https:\\\/\\\/iwell-guard.com\\\/is\\\/?page_id=168580\"},{\"@type\":\"ListItem\",\"position\":2,\"name\":\"Chakana \u2013 Andakrossinn\"}]},{\"@type\":\"WebSite\",\"@id\":\"https:\\\/\\\/iwell-guard.com\\\/is\\\/#website\",\"url\":\"https:\\\/\\\/iwell-guard.com\\\/is\\\/\",\"name\":\"iWell Guard\",\"description\":\"Schutz vor dunklen Einfl\u00fcssen\",\"publisher\":{\"@id\":\"https:\\\/\\\/iwell-guard.com\\\/is\\\/#organization\"},\"potentialAction\":[{\"@type\":\"SearchAction\",\"target\":{\"@type\":\"EntryPoint\",\"urlTemplate\":\"https:\\\/\\\/iwell-guard.com\\\/is\\\/?s={search_term_string}\"},\"query-input\":{\"@type\":\"PropertyValueSpecification\",\"valueRequired\":true,\"valueName\":\"search_term_string\"}}],\"inLanguage\":\"is\"},{\"@type\":\"Organization\",\"@id\":\"https:\\\/\\\/iwell-guard.com\\\/is\\\/#organization\",\"name\":\"Ittermann electronic GmbH\",\"url\":\"https:\\\/\\\/iwell-guard.com\\\/is\\\/\",\"logo\":{\"@type\":\"ImageObject\",\"inLanguage\":\"is\",\"@id\":\"https:\\\/\\\/iwell-guard.com\\\/is\\\/#\\\/schema\\\/logo\\\/image\\\/\",\"url\":\"https:\\\/\\\/iwell-guard.com\\\/wp-content\\\/uploads\\\/2026\\\/05\\\/Ittermann-Logo-1182x237-1.png\",\"contentUrl\":\"https:\\\/\\\/iwell-guard.com\\\/wp-content\\\/uploads\\\/2026\\\/05\\\/Ittermann-Logo-1182x237-1.png\",\"width\":1182,\"height\":237,\"caption\":\"Ittermann electronic GmbH\"},\"image\":{\"@id\":\"https:\\\/\\\/iwell-guard.com\\\/is\\\/#\\\/schema\\\/logo\\\/image\\\/\"},\"sameAs\":[\"https:\\\/\\\/pantip.com\\\/profile\\\/9367242\",\"https:\\\/\\\/micro.blog\\\/iwellguard\",\"https:\\\/\\\/www.diggerslist.com\\\/iwellguard\\\/about\",\"https:\\\/\\\/skitterphoto.com\\\/photographers\\\/2870314\\\/iwell-guard\",\"https:\\\/\\\/iwellguard.wordpress.com\\\/2026\\\/06\\\/06\\\/iwell-guard\\\/\",\"https:\\\/\\\/hub.docker.com\\\/u\\\/iwellguard\",\"https:\\\/\\\/www.pinterest.com\\\/iwellguard\\\/\",\"https:\\\/\\\/bit.ly\\\/m\\\/iwellguard\",\"https:\\\/\\\/entre-vos-mains.alsace.eu\\\/profiles\\\/iwellguard\\\/activity\",\"https:\\\/\\\/gravatar.com\\\/reallybeded8fd34\",\"https:\\\/\\\/naijamatta.com\\\/iwellguard\",\"https:\\\/\\\/www.goodreads.com\\\/iwellguard\",\"https:\\\/\\\/profile.hatena.ne.jp\\\/iwellguard\\\/\",\"https:\\\/\\\/experiment.com\\\/users\\\/iwellguard\",\"https:\\\/\\\/wakelet.com\\\/@iWellGuard82270\",\"https:\\\/\\\/www.chordie.com\\\/forum\\\/profile.php?id=2555664\",\"https:\\\/\\\/www.instapaper.com\\\/p\\\/17757966\",\"https:\\\/\\\/www.mapleprimes.com\\\/users\\\/iwellguard\",\"https:\\\/\\\/businesslistingplus.com\\\/profile\\\/iwell-guard\\\/\",\"https:\\\/\\\/telegra.ph\\\/iWell-Guard-06-06\",\"https:\\\/\\\/pbase.com\\\/iwellguard\\\/iwellguard\",\"https:\\\/\\\/b.hatena.ne.jp\\\/iwellguard\\\/20260607#bookmark-4788405196491818882\",\"https:\\\/\\\/fliphtml5.com\\\/home\\\/iwellguard\",\"https:\\\/\\\/anyflip.com\\\/homepage\\\/cmiwl#About\",\"https:\\\/\\\/transfur.com\\\/Users\\\/iwellguard\",\"http:\\\/\\\/delphi.larsbo.org\\\/user\\\/iwellguard\",\"https:\\\/\\\/jobs.lajobsportal.org\\\/profiles\\\/8380803-iwell-guard\",\"https:\\\/\\\/md.chaosdorf.de\\\/s\\\/jfbe5SBdJD\",\"https:\\\/\\\/www.lingvolive.com\\\/en-us\\\/profile\\\/9ecaeaca-ce11-4e51-9e71-01d55e2bff36\\\/translations\",\"https:\\\/\\\/www.fitday.com\\\/fitness\\\/forums\\\/members\\\/iwellguard.html\",\"https:\\\/\\\/www.mymeetbook.com\\\/iwellguard\",\"https:\\\/\\\/pxhere.com\\\/en\\\/photographer-me\\\/5040798\",\"https:\\\/\\\/disqus.com\\\/by\\\/iwellguard\\\/about\\\/\",\"https:\\\/\\\/pastelink.net\\\/hjwciqwq\",\"https:\\\/\\\/pubhtml5.com\\\/homepage\\\/scjhn\\\/\",\"https:\\\/\\\/www.bitchute.com\\\/channel\\\/2O2eOKzNqujT\",\"https:\\\/\\\/audiomack.com\\\/iwellguard\"]}]}<\/script>\n<!-- \/ Yoast SEO Premium plugin. -->","yoast_head_json":{"title":"Chakana \u2013 Andakrossinn","description":"Chakana er stiga andakrossinn. Form, gamlar r\u00e6tur og spurningin um t\u00falkun hans \u00fatsk\u00fdr\u00f0 \u00e1 sk\u00fdran h\u00e1tt.","robots":{"index":"index","follow":"follow","max-snippet":"max-snippet:-1","max-image-preview":"max-image-preview:large","max-video-preview":"max-video-preview:-1"},"canonical":"https:\/\/iwell-guard.com\/is\/chakana-andakrossinn\/","og_locale":"is_IS","og_type":"article","og_title":"Chakana \u2013 Andakrossinn","og_description":"Chakana er stiga andakrossinn. Form, gamlar r\u00e6tur og spurningin um t\u00falkun hans \u00fatsk\u00fdr\u00f0 \u00e1 sk\u00fdran h\u00e1tt.","og_url":"https:\/\/iwell-guard.com\/is\/chakana-andakrossinn\/","og_site_name":"iWell Guard","article_modified_time":"2026-09-05T14:33:47+00:00","og_image":[{"width":1024,"height":1536,"url":"https:\/\/iwell-guard.com\/wp-content\/uploads\/2026\/05\/schutzsymbol_anden_chakana.webp","type":"image\/webp"}],"twitter_card":"summary_large_image","schema":{"@context":"https:\/\/schema.org","@graph":[{"@type":"WebPage","@id":"https:\/\/iwell-guard.com\/is\/chakana-andakrossinn\/","url":"https:\/\/iwell-guard.com\/is\/chakana-andakrossinn\/","name":"Chakana \u2013 Andakrossinn","isPartOf":{"@id":"https:\/\/iwell-guard.com\/is\/#website"},"primaryImageOfPage":{"@id":"https:\/\/iwell-guard.com\/is\/chakana-andakrossinn\/#primaryimage"},"image":{"@id":"https:\/\/iwell-guard.com\/is\/chakana-andakrossinn\/#primaryimage"},"thumbnailUrl":"https:\/\/iwell-guard.com\/wp-content\/uploads\/2026\/05\/schutzsymbol_anden_chakana.webp","datePublished":"2026-09-05T14:06:06+00:00","dateModified":"2026-09-05T14:33:47+00:00","description":"Chakana er stiga andakrossinn. Form, gamlar r\u00e6tur og spurningin um t\u00falkun hans \u00fatsk\u00fdr\u00f0 \u00e1 sk\u00fdran h\u00e1tt.","breadcrumb":{"@id":"https:\/\/iwell-guard.com\/is\/chakana-andakrossinn\/#breadcrumb"},"inLanguage":"is","potentialAction":[{"@type":"ReadAction","target":["https:\/\/iwell-guard.com\/is\/chakana-andakrossinn\/"]}]},{"@type":"ImageObject","inLanguage":"is","@id":"https:\/\/iwell-guard.com\/is\/chakana-andakrossinn\/#primaryimage","url":"https:\/\/iwell-guard.com\/wp-content\/uploads\/2026\/05\/schutzsymbol_anden_chakana.webp","contentUrl":"https:\/\/iwell-guard.com\/wp-content\/uploads\/2026\/05\/schutzsymbol_anden_chakana.webp","width":1024,"height":1536,"caption":"Verndart\u00e1kn. Myndskreyting \u00ed safnst\u00edl."},{"@type":"BreadcrumbList","@id":"https:\/\/iwell-guard.com\/is\/chakana-andakrossinn\/#breadcrumb","itemListElement":[{"@type":"ListItem","position":1,"name":"Start","item":"https:\/\/iwell-guard.com\/is\/?page_id=168580"},{"@type":"ListItem","position":2,"name":"Chakana \u2013 Andakrossinn"}]},{"@type":"WebSite","@id":"https:\/\/iwell-guard.com\/is\/#website","url":"https:\/\/iwell-guard.com\/is\/","name":"iWell Guard","description":"Schutz vor dunklen Einfl\u00fcssen","publisher":{"@id":"https:\/\/iwell-guard.com\/is\/#organization"},"potentialAction":[{"@type":"SearchAction","target":{"@type":"EntryPoint","urlTemplate":"https:\/\/iwell-guard.com\/is\/?s={search_term_string}"},"query-input":{"@type":"PropertyValueSpecification","valueRequired":true,"valueName":"search_term_string"}}],"inLanguage":"is"},{"@type":"Organization","@id":"https:\/\/iwell-guard.com\/is\/#organization","name":"Ittermann electronic GmbH","url":"https:\/\/iwell-guard.com\/is\/","logo":{"@type":"ImageObject","inLanguage":"is","@id":"https:\/\/iwell-guard.com\/is\/#\/schema\/logo\/image\/","url":"https:\/\/iwell-guard.com\/wp-content\/uploads\/2026\/05\/Ittermann-Logo-1182x237-1.png","contentUrl":"https:\/\/iwell-guard.com\/wp-content\/uploads\/2026\/05\/Ittermann-Logo-1182x237-1.png","width":1182,"height":237,"caption":"Ittermann electronic GmbH"},"image":{"@id":"https:\/\/iwell-guard.com\/is\/#\/schema\/logo\/image\/"},"sameAs":["https:\/\/pantip.com\/profile\/9367242","https:\/\/micro.blog\/iwellguard","https:\/\/www.diggerslist.com\/iwellguard\/about","https:\/\/skitterphoto.com\/photographers\/2870314\/iwell-guard","https:\/\/iwellguard.wordpress.com\/2026\/06\/06\/iwell-guard\/","https:\/\/hub.docker.com\/u\/iwellguard","https:\/\/www.pinterest.com\/iwellguard\/","https:\/\/bit.ly\/m\/iwellguard","https:\/\/entre-vos-mains.alsace.eu\/profiles\/iwellguard\/activity","https:\/\/gravatar.com\/reallybeded8fd34","https:\/\/naijamatta.com\/iwellguard","https:\/\/www.goodreads.com\/iwellguard","https:\/\/profile.hatena.ne.jp\/iwellguard\/","https:\/\/experiment.com\/users\/iwellguard","https:\/\/wakelet.com\/@iWellGuard82270","https:\/\/www.chordie.com\/forum\/profile.php?id=2555664","https:\/\/www.instapaper.com\/p\/17757966","https:\/\/www.mapleprimes.com\/users\/iwellguard","https:\/\/businesslistingplus.com\/profile\/iwell-guard\/","https:\/\/telegra.ph\/iWell-Guard-06-06","https:\/\/pbase.com\/iwellguard\/iwellguard","https:\/\/b.hatena.ne.jp\/iwellguard\/20260607#bookmark-4788405196491818882","https:\/\/fliphtml5.com\/home\/iwellguard","https:\/\/anyflip.com\/homepage\/cmiwl#About","https:\/\/transfur.com\/Users\/iwellguard","http:\/\/delphi.larsbo.org\/user\/iwellguard","https:\/\/jobs.lajobsportal.org\/profiles\/8380803-iwell-guard","https:\/\/md.chaosdorf.de\/s\/jfbe5SBdJD","https:\/\/www.lingvolive.com\/en-us\/profile\/9ecaeaca-ce11-4e51-9e71-01d55e2bff36\/translations","https:\/\/www.fitday.com\/fitness\/forums\/members\/iwellguard.html","https:\/\/www.mymeetbook.com\/iwellguard","https:\/\/pxhere.com\/en\/photographer-me\/5040798","https:\/\/disqus.com\/by\/iwellguard\/about\/","https:\/\/pastelink.net\/hjwciqwq","https:\/\/pubhtml5.com\/homepage\/scjhn\/","https:\/\/www.bitchute.com\/channel\/2O2eOKzNqujT","https:\/\/audiomack.com\/iwellguard"]}]}},"_links":{"self":[{"href":"https:\/\/iwell-guard.com\/is\/wp-json\/wp\/v2\/pages\/169160","targetHints":{"allow":["GET"]}}],"collection":[{"href":"https:\/\/iwell-guard.com\/is\/wp-json\/wp\/v2\/pages"}],"about":[{"href":"https:\/\/iwell-guard.com\/is\/wp-json\/wp\/v2\/types\/page"}],"author":[{"embeddable":true,"href":"https:\/\/iwell-guard.com\/is\/wp-json\/wp\/v2\/users\/3"}],"replies":[{"embeddable":true,"href":"https:\/\/iwell-guard.com\/is\/wp-json\/wp\/v2\/comments?post=169160"}],"version-history":[{"count":0,"href":"https:\/\/iwell-guard.com\/is\/wp-json\/wp\/v2\/pages\/169160\/revisions"}],"wp:featuredmedia":[{"embeddable":true,"href":"https:\/\/iwell-guard.com\/is\/wp-json\/wp\/v2\/media\/3558"}],"wp:attachment":[{"href":"https:\/\/iwell-guard.com\/is\/wp-json\/wp\/v2\/media?parent=169160"}],"wp:term":[{"taxonomy":"category","embeddable":true,"href":"https:\/\/iwell-guard.com\/is\/wp-json\/wp\/v2\/categories?post=169160"}],"curies":[{"name":"wp","href":"https:\/\/api.w.org\/{rel}","templated":true}]}}