{"id":169158,"date":"2026-09-05T14:06:05","date_gmt":"2026-09-05T14:06:05","guid":{"rendered":"https:\/\/iwell-guard.com\/?page_id=169158"},"modified":"2026-09-05T14:33:44","modified_gmt":"2026-09-05T14:33:44","slug":"tawiz","status":"publish","type":"page","link":"https:\/\/iwell-guard.com\/is\/tawiz\/","title":{"rendered":"Ta\u02bfw\u012bz \u2013 \u00edslamska verndargripurinn"},"content":{"rendered":"\t\t<div data-elementor-type=\"wp-page\" data-elementor-id=\"169158\" class=\"elementor elementor-169158 elementor-3648 elementor-bc-flex-widget\" data-elementor-post-type=\"page\">\n\t\t\t\t<div class=\"elementor-element elementor-element-iwgs-tawiz-hero e-flex e-con-boxed e-con e-parent\" data-id=\"iwgs-tawiz-hero\" data-element_type=\"container\" data-e-type=\"container\">\n\t\t\t\t\t<div class=\"e-con-inner\">\n\t\t<div class=\"elementor-element elementor-element-iwgs-tawiz-hl e-flex e-con-boxed e-con e-parent\" data-id=\"iwgs-tawiz-hl\" data-element_type=\"container\" data-e-type=\"container\">\n\t\t\t\t\t<div class=\"e-con-inner\">\n\t\t<div class=\"elementor-element elementor-element-iwgs-tawiz-hlbox e-con-full e-flex e-con e-parent\" data-id=\"iwgs-tawiz-hlbox\" data-element_type=\"container\" data-e-type=\"container\">\n\t\t\t\t<div class=\"elementor-element elementor-element-iwgs-tawiz-h1 elementor-widget elementor-widget-heading\" data-id=\"iwgs-tawiz-h1\" data-element_type=\"widget\" data-e-type=\"widget\" data-widget_type=\"heading.default\">\n\t\t\t\t\t<h1 class=\"elementor-heading-title elementor-size-default\">Ta\u02bfw\u012bz \u2013 \u00edslamski verndargripurinn \u00far or\u00f0i Gu\u00f0s<\/h1>\t\t\t\t<\/div>\n\t\t\t\t<div class=\"elementor-element elementor-element-iwgs-tawiz-lead elementor-widget elementor-widget-text-editor\" data-id=\"iwgs-tawiz-lead\" data-element_type=\"widget\" data-e-type=\"widget\" data-widget_type=\"text-editor.default\">\n\t\t\t\t\t\t\t\t\t<p>Ta\u02bfw\u012bz er algengur verndargripur \u00ed hinum \u00edslamska heimi. Hann inniheldur vers \u00far K\u00f3raninum, gu\u00f0sn\u00f6fn e\u00f0a b\u00e6nir og er talinn verja \u00feann sem hann ber gegn \u00f3g\u00e6fu. Notkun hans er \u00fe\u00f3 d\u00e6md \u00e1 mismunandi h\u00e1tt me\u00f0al fr\u00e6\u00f0imanna.<\/p>\n<p class=\"iwg-kwfix\">Ta\u02bfw\u012bz er \u00edslamskur verndargripur sem venjulega er skrifa\u00f0ur me\u00f0 k\u00f3ranversum.<\/p>\t\t\t\t\t\t\t\t<\/div>\n\t\t\t\t<\/div>\n\t\t\t\t<div class=\"elementor-element elementor-element-iwgs-tawiz-pills elementor-widget elementor-widget-html\" data-id=\"iwgs-tawiz-pills\" data-element_type=\"widget\" data-e-type=\"widget\" data-widget_type=\"html.default\">\n\t\t\t\t\t<div class=\"iwg-pill-row\"><span class=\"iwg-klasse-badge\" tabindex=\"0\" data-tooltip=\"Verndart\u00e1kn, verndargripur e\u00f0a fr\u00e1hrindandi hlutur.\">Verndart\u00e1kn<\/span><a href=\"https:\/\/iwell-guard.com\/is\/islam\/\" class=\"iwg-kultur-badge\" tabindex=\"0\" data-tooltip=\"Verndarhef\u00f0: \u00cdslam\">\u00cdslam<\/a><span class=\"iwg-tradition-badge\" tabindex=\"0\" data-tooltip=\"Talismani sem verkun byggist \u00e1 skrifu\u00f0um texta.\">Rita\u00f0ur talismani<\/span><\/div>\t\t\t\t<\/div>\n\t\t\t\t\t<\/div>\n\t\t\t\t<\/div>\n\t\t<div class=\"elementor-element elementor-element-iwgs-tawiz-hr e-con-full e-flex e-con e-parent\" data-id=\"iwgs-tawiz-hr\" data-element_type=\"container\" data-e-type=\"container\">\n\t\t\t\t<div class=\"elementor-element elementor-element-iwgs-tawiz-himg iwg-hero-image elementor-widget elementor-widget-image\" data-id=\"iwgs-tawiz-himg\" data-element_type=\"widget\" data-e-type=\"widget\" data-widget_type=\"image.default\">\n\t\t\t\t\t\t\t\t\t\t\t\t\t\t\t<img fetchpriority=\"high\" decoding=\"async\" width=\"683\" height=\"1024\" src=\"https:\/\/iwell-guard.com\/wp-content\/uploads\/2026\/05\/schutzsymbol_islam_tawiz-683x1024.webp\" class=\"attachment-large size-large wp-image-170544\" alt=\"Tawiz - hl\u00edf\u00f0art\u00e1kn, s\u00fdningarleg sk\u00fdringarmynd\" srcset=\"https:\/\/iwell-guard.com\/wp-content\/uploads\/2026\/05\/schutzsymbol_islam_tawiz-683x1024.webp 683w, https:\/\/iwell-guard.com\/wp-content\/uploads\/2026\/05\/schutzsymbol_islam_tawiz-200x300.webp 200w, https:\/\/iwell-guard.com\/wp-content\/uploads\/2026\/05\/schutzsymbol_islam_tawiz-768x1152.webp 768w, https:\/\/iwell-guard.com\/wp-content\/uploads\/2026\/05\/schutzsymbol_islam_tawiz.webp 1024w\" sizes=\"(max-width: 683px) 100vw, 683px\" \/>\t\t\t\t\t\t\t\t\t\t\t\t\t\t\t<\/div>\n\t\t\t\t<\/div>\n\t\t\t\t\t<\/div>\n\t\t\t\t<\/div>\n\t\t<div class=\"elementor-element elementor-element-iwgs-tawiz-s0 e-flex e-con-boxed e-con e-parent\" data-id=\"iwgs-tawiz-s0\" data-element_type=\"container\" data-e-type=\"container\">\n\t\t\t\t\t<div class=\"e-con-inner\">\n\t\t\t\t<div class=\"elementor-element elementor-element-iwgs-tawiz-s0h elementor-widget elementor-widget-heading\" data-id=\"iwgs-tawiz-s0h\" data-element_type=\"widget\" data-e-type=\"widget\" data-widget_type=\"heading.default\">\n\t\t\t\t\t<h2 class=\"elementor-heading-title elementor-size-default\">Yfirlit<\/h2>\t\t\t\t<\/div>\n\t\t<div class=\"elementor-element elementor-element-iwgs-tawiz-s0box e-con-full e-flex e-con e-parent\" data-id=\"iwgs-tawiz-s0box\" data-element_type=\"container\" data-e-type=\"container\">\n\t\t\t\t<div class=\"elementor-element elementor-element-iwgs-tawiz-s0t elementor-widget elementor-widget-text-editor\" data-id=\"iwgs-tawiz-s0t\" data-element_type=\"widget\" data-e-type=\"widget\" data-widget_type=\"text-editor.default\">\n\t\t\t\t\t\t\t\t\t<p>Ta\u02bfw\u012bz er verndargripur \u00far heimi <a href=\"https:\/\/iwell-guard.com\/is\/islam\/\">\u00edslamsins<\/a>. \u00cd algengustu mynd sinni er hann l\u00edti\u00f0 hylki e\u00f0a broti\u00f0 papp\u00edrsbla\u00f0 sem bori\u00f0 er \u00e1 l\u00edkamanum.<\/p><p>\u00dea\u00f0 sem er einkennandi fyrir Ta\u02bfw\u012bz er innihald hans. Hann inniheldur venjulega or\u00f0, n\u00e1nar tilteki\u00f0 vers \u00far K\u00f3raninum, gu\u00f0sn\u00f6fn e\u00f0a b\u00e6nir. Ta\u02bfw\u012bz heyrir \u00fear me\u00f0 til h\u00f3ps rita\u00f0ra talismana, \u00fear sem verkunin byggist \u00e1 hinu skrifa\u00f0a or\u00f0i.<\/p><p>Hlutverk Ta\u02bfw\u012bz er a\u00f0 verjast \u00f3g\u00e6fu. Hann \u00e1 a\u00f0 vernda \u00feann sem ber hann fyrir illu auga, ska\u00f0legum \u00f6ndum, sj\u00fakd\u00f3mum og \u00f3heppni. \u00deannig er hann verndargripur fyrir hversdagsl\u00edfi\u00f0.<\/p><p>\u00cd <span class=\"iwg-fachbegriff\" data-tooltip=\"Fr\u00e6\u00f0igreinin sem rannsakar tr\u00faarbr\u00f6g\u00f0 samanbur\u00f0arlega og \u00e1n tr\u00faarlegrar skuldbindingar.\" tabindex=\"0\">tr\u00faarbrag\u00f0afr\u00e6\u00f0um<\/span> er Ta\u02bfw\u012bz gott d\u00e6mi um verndargrip \u00fear sem notkunin er umdeild innan tr\u00faarbrag\u00f0anna sj\u00e1lfra. Hann er \u00ed brennidepli langvarandi umr\u00e6\u00f0u me\u00f0al \u00edslamskra fr\u00e6\u00f0imanna.<\/p><p>\u00deessi umr\u00e6\u00f0a er nau\u00f0synlegur \u00fe\u00e1ttur \u00ed heildarmynd Ta\u02bfw\u012bz. H\u00fan s\u00fdnir a\u00f0 umgengni vi\u00f0 verndargripi \u00fearf ekki a\u00f0 vera einsleit innan einnar og s\u00f6mu tr\u00faar, heldur getur veri\u00f0 efni \u00ed alvarlega gl\u00edmu.<\/p><p>Ta\u02bfw\u012bz er \u00feannig b\u00e6\u00f0i verndargripur og d\u00e6mi um hvernig tr\u00fa veltir fyrir s\u00e9r r\u00e9ttu sambandi tr\u00faar, or\u00f0s og hlutar. B\u00e6\u00f0i sj\u00f3narmi\u00f0in eru rakin h\u00e9r a\u00f0 ne\u00f0an.<\/p>\t\t\t\t\t\t\t\t<\/div>\n\t\t\t\t<\/div>\n\t\t\t\t\t<\/div>\n\t\t\t\t<\/div>\n\t\t<div class=\"elementor-element elementor-element-iwgs-tawiz-s1 e-flex e-con-boxed e-con e-parent\" data-id=\"iwgs-tawiz-s1\" data-element_type=\"container\" data-e-type=\"container\">\n\t\t\t\t\t<div class=\"e-con-inner\">\n\t\t\t\t<div class=\"elementor-element elementor-element-iwgs-tawiz-s1h elementor-widget elementor-widget-heading\" data-id=\"iwgs-tawiz-s1h\" data-element_type=\"widget\" data-e-type=\"widget\" data-widget_type=\"heading.default\">\n\t\t\t\t\t<h2 class=\"elementor-heading-title elementor-size-default\">Nafn og form<\/h2>\t\t\t\t<\/div>\n\t\t<div class=\"elementor-element elementor-element-iwgs-tawiz-s1box e-con-full e-flex e-con e-parent\" data-id=\"iwgs-tawiz-s1box\" data-element_type=\"container\" data-e-type=\"container\">\n\t\t\t\t<div class=\"elementor-element elementor-element-iwgs-tawiz-s1t elementor-widget elementor-widget-text-editor\" data-id=\"iwgs-tawiz-s1t\" data-element_type=\"widget\" data-e-type=\"widget\" data-widget_type=\"text-editor.default\">\n\t\t\t\t\t\t\t\t\t<p>Or\u00f0i\u00f0 Ta\u02bfw\u012bz er \u00far arab\u00edsku og er tengt hugmyndinni um a\u00f0 leita verndar og skj\u00f3ls. \u00dea\u00f0 v\u00edsar til <span class=\"iwg-fachbegriff\" data-tooltip=\"Hlutur sem borinn er og talinn hafa verndandi, \u00f3g\u00e6fuhrindandi verkun.\" tabindex=\"0\">verndargrips<\/span> sem hlutar sem ma\u00f0urinn leitar verndar me\u00f0.<\/p><p>Ta\u02bfw\u012bz kemur fram \u00ed \u00fdmsum myndum. Oft er hann l\u00edti\u00f0 hylki \u00far m\u00e1lmi, til d\u00e6mis s\u00edvalt e\u00f0a ferhorningslaga. \u00cd \u00feessu hylki liggur hi\u00f0 skrifa\u00f0a bla\u00f0.<\/p><p>Auk \u00feess er Ta\u02bfw\u012bz einnig til sem einfalt, margbroti\u00f0 papp\u00edrsbla\u00f0 sem er sauma\u00f0 inn \u00ed efni e\u00f0a le\u00f0ur. \u00cd \u00feessari mynd er hann s\u00e9rstaklega einfaldur. Hylki\u00f0 m\u00e1 bera \u00ed sn\u00faru um h\u00e1lsinn e\u00f0a \u00e1 upphandlegg.<\/p><p>St\u00e6r\u00f0 Ta\u02bfw\u012bz er l\u00edtil, enda er hann \u00e6tla\u00f0ur til a\u00f0 vera borinn \u00e1 l\u00edkamanum. Hann \u00e1 a\u00f0 fylgja manninum \u00f3\u00e1berandi \u00ed gegnum daginn og er \u00fev\u00ed l\u00edtill og handh\u00e6gur.<\/p><p>\u00c1 sumum sv\u00e6\u00f0um er Ta\u02bfw\u012bz ekki borinn \u00e1 l\u00edkamanum heldur komi\u00f0 fyrir \u00ed h\u00fasinu e\u00f0a haft \u00e1 s\u00e9r. Grunnformi\u00f0 er \u00fe\u00f3 \u00e1vallt sama, skrifa\u00f0 bla\u00f0 sem er verndandi umlukt.<\/p><p>\u00deannig fylgir Ta\u02bfw\u012bz hinu \u00fatbreidda mynstri verndargripshylkisins. Hi\u00f0 eiginlega virka, hi\u00f0 skrifa\u00f0a or\u00f0, er vari\u00f0 innan \u00ed hulstri. Hulstur og innihald tilheyra saman.<\/p>\t\t\t\t\t\t\t\t<\/div>\n\t\t\t\t<\/div>\n\t\t\t\t\t<\/div>\n\t\t\t\t<\/div>\n\t\t<div class=\"elementor-element elementor-element-iwgs-tawiz-s2 e-flex e-con-boxed e-con e-parent\" data-id=\"iwgs-tawiz-s2\" data-element_type=\"container\" data-e-type=\"container\">\n\t\t\t\t\t<div class=\"e-con-inner\">\n\t\t\t\t<div class=\"elementor-element elementor-element-iwgs-tawiz-s2h elementor-widget elementor-widget-heading\" data-id=\"iwgs-tawiz-s2h\" data-element_type=\"widget\" data-e-type=\"widget\" data-widget_type=\"heading.default\">\n\t\t\t\t\t<h2 class=\"elementor-heading-title elementor-size-default\">Innihaldi\u00f0: or\u00f0 Gu\u00f0s<\/h2>\t\t\t\t<\/div>\n\t\t<div class=\"elementor-element elementor-element-iwgs-tawiz-s2box e-con-full e-flex e-con e-parent\" data-id=\"iwgs-tawiz-s2box\" data-element_type=\"container\" data-e-type=\"container\">\n\t\t\t\t<div class=\"elementor-element elementor-element-iwgs-tawiz-s2t elementor-widget elementor-widget-text-editor\" data-id=\"iwgs-tawiz-s2t\" data-element_type=\"widget\" data-e-type=\"widget\" data-widget_type=\"text-editor.default\">\n\t\t\t\t\t\t\t\t\t<p>\u00dea\u00f0 sem skiptir mestu m\u00e1li vi\u00f0 Ta\u02bfw\u012bz er innihald hans. \u00c1 bla\u00f0inu inni \u00ed honum stendur heilagt or\u00f0. Fr\u00e1 \u00fev\u00ed er, samkv\u00e6mt hugmyndinni \u00e1 bak vi\u00f0 si\u00f0inn, verndarm\u00e1tturinn leiddur.<\/p><p>Oftast inniheldur Ta\u02bfw\u012bz vers \u00far K\u00f3raninum, hinni heil\u00f6gu b\u00f3k \u00edslams. K\u00f3raninn er af m\u00faslimum \u00e1litinn or\u00f0 Gu\u00f0s. A\u00f0 bera or\u00f0 \u00far K\u00f3raninum \u00e1 l\u00edkamanum \u00fe\u00fd\u00f0ir \u00fear me\u00f0 a\u00f0 hafa or\u00f0 Gu\u00f0s hj\u00e1 s\u00e9r.<\/p><p>Auk k\u00f3ranversa geta \u00e1 Ta\u02bfw\u012bz einnig sta\u00f0i\u00f0 n\u00f6fn Gu\u00f0s. \u00cdslamska <span class=\"iwg-fachbegriff\" data-tooltip=\"Mi\u00f0lun \u00feekkingar og fr\u00e1sagna milli kynsl\u00f3\u00f0a.\" tabindex=\"0\">munnm\u00e6lahef\u00f0in<\/span> \u00feekkir fj\u00f6lda nafna sem l\u00fdsa eiginleikum Gu\u00f0s. B\u00e6nir og \u00e1kall geta einnig mynda\u00f0 innihaldi\u00f0.<\/p><p>\u00cd sumum tilvikum Ta\u02bfw\u012bz m\u00e1 auk \u00feess finna t\u00f6lur og t\u00e1kn, til d\u00e6mis \u00ed formi t\u00f6fraferninga. \u00deessir \u00fe\u00e6ttir heyra til eldri, l\u00e6r\u00f0ri hef\u00f0 t\u00e1kn- og talnask\u00fdringa.<\/p><p>Kjarni Ta\u02bfw\u012bz er \u00fe\u00f3 or\u00f0 Gu\u00f0s. N\u00e1kv\u00e6mlega h\u00e9r byrjar hin gu\u00f0fr\u00e6\u00f0ilega umr\u00e6\u00f0a, \u00fev\u00ed spurningin er hvort verndarm\u00e1tturinn er eigna\u00f0ur or\u00f0i Gu\u00f0s e\u00f0a hlutnum sj\u00e1lfum.<\/p><p>S\u00e1 sem skilur Ta\u02bfw\u012bz \u00ed anda \u00feeirra sem verja hann s\u00e9r \u00ed honum ekkert anna\u00f0 en bori\u00f0 or\u00f0 Gu\u00f0s. Verndarm\u00e1tturinn kemur \u00fe\u00e1 einungis fr\u00e1 Gu\u00f0i og or\u00f0i hans. Papp\u00edr og hylki leggja engu til.<\/p>\t\t\t\t\t\t\t\t<\/div>\n\t\t\t\t<\/div>\n\t\t\t\t\t<\/div>\n\t\t\t\t<\/div>\n\t\t<div class=\"elementor-element elementor-element-iwgs-tawiz-s3 e-flex e-con-boxed e-con e-parent\" data-id=\"iwgs-tawiz-s3\" data-element_type=\"container\" data-e-type=\"container\">\n\t\t\t\t\t<div class=\"e-con-inner\">\n\t\t\t\t<div class=\"elementor-element elementor-element-iwgs-tawiz-s3h elementor-widget elementor-widget-heading\" data-id=\"iwgs-tawiz-s3h\" data-element_type=\"widget\" data-e-type=\"widget\" data-widget_type=\"heading.default\">\n\t\t\t\t\t<h2 class=\"elementor-heading-title elementor-size-default\">Verndars\u00farurnar og h\u00e1s\u00e6tisversi\u00f0<\/h2>\t\t\t\t<\/div>\n\t\t<div class=\"elementor-element elementor-element-iwgs-tawiz-s3box e-con-full e-flex e-con e-parent\" data-id=\"iwgs-tawiz-s3box\" data-element_type=\"container\" data-e-type=\"container\">\n\t\t\t\t<div class=\"elementor-element elementor-element-iwgs-tawiz-s3t elementor-widget elementor-widget-text-editor\" data-id=\"iwgs-tawiz-s3t\" data-element_type=\"widget\" data-e-type=\"widget\" data-widget_type=\"text-editor.default\">\n\t\t\t\t\t\t\t\t\t<p>\u00c1kve\u00f0nir hlutar K\u00f3ransins \u00feykja s\u00e9rstaklega verndandi og eru \u00fev\u00ed oft nota\u00f0ir fyrir ta\u02bfw\u012bz. Fremstar \u00ed flokki eru tv\u00e6r stuttar s\u00farur vi\u00f0 enda K\u00f3ransins.<\/p><p>\u00deessar tv\u00e6r s\u00farur eru oft kalla\u00f0ar verndars\u00farurnar. \u00cd \u00feeim leitar s\u00e1 sem bi\u00f0ur skj\u00f3ls hj\u00e1 Gu\u00f0i gegn hinu illa \u00ed margv\u00edslegum myndum. \u00de\u00e6r eru berum or\u00f0um textar um leit a\u00f0 vernd.<\/p><p>\u00cdsl\u00f6msk <span class=\"iwg-fachbegriff\" data-tooltip=\"Mi\u00f0lun \u00feekkingar og fr\u00e1sagna milli kynsl\u00f3\u00f0a.\" tabindex=\"0\">munnm\u00e6lahef\u00f0<\/span> segir a\u00f0 sp\u00e1ma\u00f0urinn hafi sj\u00e1lfur fari\u00f0 me\u00f0 \u00feessar s\u00farur til verndar. \u00dear me\u00f0 hafa \u00fe\u00e6r s\u00e9rstaka st\u00f6\u00f0u. \u00de\u00e6r eru or\u00f0in sem m\u00faslimi setur sig undir verndarh\u00f6nd Gu\u00f0s me\u00f0 \u00ed <span class=\"iwg-fachbegriff\" data-tooltip=\"Munnleg \u00e1varp mannsins til gu\u00f0d\u00f3ms.\" tabindex=\"0\">b\u00e6n<\/span>.<\/p><p>Annar oft nota\u00f0ur texti er hi\u00f0 svokalla\u00f0a h\u00e1s\u00e6tisvers. Um er a\u00f0 r\u00e6\u00f0a eitt einstakt, s\u00e9rstaklega mikilv\u00e6gt vers \u00far K\u00f3raninum sem l\u00fdsir mikilleika og m\u00e6tti Gu\u00f0s.<\/p><p>\u00deessu h\u00e1s\u00e6tisversi er \u00ed \u00edslamskri <span class=\"iwg-fachbegriff\" data-tooltip=\"Lifu\u00f0 tr\u00faarleg afsta\u00f0a og i\u00f0kun einstaklings.\" tabindex=\"0\">gu\u00f0r\u00e6kni<\/span> eignu\u00f0 sterk verndandi merking. \u00dea\u00f0 er b\u00e6\u00f0i fari\u00f0 me\u00f0 munnlega og skrifa\u00f0, til d\u00e6mis \u00e1 ta\u02bfw\u012bz e\u00f0a \u00e1 h\u00fasveggi.<\/p><p>Notkun \u00feessara texta s\u00fdnir grunnhugmyndina a\u00f0 baki ta\u02bfw\u012bz. Vernd hans \u00e1 a\u00f0 koma fr\u00e1 or\u00f0i Gu\u00f0s, og \u00fe\u00e1 s\u00e9rstaklega fr\u00e1 \u00feeim or\u00f0um sem \u00ed \u00edslam eru s\u00e9rlega n\u00e1tengd leit a\u00f0 vernd og m\u00e6tti Gu\u00f0s.<\/p>\t\t\t\t\t\t\t\t<\/div>\n\t\t\t\t<\/div>\n\t\t\t\t\t<\/div>\n\t\t\t\t<\/div>\n\t\t<div class=\"elementor-element elementor-element-iwgs-tawiz-s4 e-flex e-con-boxed e-con e-parent\" data-id=\"iwgs-tawiz-s4\" data-element_type=\"container\" data-e-type=\"container\">\n\t\t\t\t\t<div class=\"e-con-inner\">\n\t\t\t\t<div class=\"elementor-element elementor-element-iwgs-tawiz-s4h elementor-widget elementor-widget-heading\" data-id=\"iwgs-tawiz-s4h\" data-element_type=\"widget\" data-e-type=\"widget\" data-widget_type=\"heading.default\">\n\t\t\t\t\t<h2 class=\"elementor-heading-title elementor-size-default\">Hver b\u00fdr ta\u02bfw\u012bz til<\/h2>\t\t\t\t<\/div>\n\t\t<div class=\"elementor-element elementor-element-iwgs-tawiz-s4box e-con-full e-flex e-con e-parent\" data-id=\"iwgs-tawiz-s4box\" data-element_type=\"container\" data-e-type=\"container\">\n\t\t\t\t<div class=\"elementor-element elementor-element-iwgs-tawiz-s4t elementor-widget elementor-widget-text-editor\" data-id=\"iwgs-tawiz-s4t\" data-element_type=\"widget\" data-e-type=\"widget\" data-widget_type=\"text-editor.default\">\n\t\t\t\t\t\t\t\t\t<p>Ta\u02bfw\u012bz er venjulega ekki ger\u00f0ur af hverjum sem er. Ger\u00f0 hans er oftast bundin vi\u00f0 \u00fe\u00e1 sem taldir eru hafa s\u00e9rstaka tr\u00faarlega getu til \u00feess.<\/p><p>Oft eru \u00fea\u00f0 tr\u00faarlegir fr\u00e6\u00f0imenn e\u00f0a kennarar sem skrifa ta\u02bfw\u012bz. \u00deeir kunna helgu textana og r\u00e9ttu vali\u00f0 \u00e1 versum fyrir hvert tilefni. \u00deekkingin \u00e1 ta\u02bfw\u012bz er hluti af menntun \u00feeirra.<\/p><p>\u00c1 sumum sv\u00e6\u00f0um eru \u00fea\u00f0 einnig s\u00e9rstakir l\u00e6knar e\u00f0a menn sem nj\u00f3ta or\u00f0spors um <span class=\"iwg-fachbegriff\" data-tooltip=\"Lifu\u00f0 tr\u00faarleg afsta\u00f0a og i\u00f0kun einstaklings.\" tabindex=\"0\">gu\u00f0r\u00e6kni<\/span>, sem b\u00faa til ta\u02bfw\u012bz. Hugmyndirnar um hver megi skrifa ta\u02bfw\u012bz eru mismunandi eftir sv\u00e6\u00f0um.<\/p><p>Ger\u00f0in fylgir oft f\u00f6stum reglum. Versin \u00fearf a\u00f0 velja r\u00e9tt og skrifa af mikilli natni. Skriftin er stundum bundin b\u00e6num e\u00f0a \u00e1kve\u00f0nu hugar\u00e1standi einbeitingar.<\/p><p>S\u00e1 sem \u00f3skar eftir ta\u02bfw\u012bz leitar til sl\u00edks manns og nefnir erindi sitt. Fr\u00e6\u00f0ima\u00f0urinn velur \u00fe\u00e1 vi\u00f0eigandi texta. Ta\u02bfw\u012bz er \u00feannig oft sni\u00f0inn a\u00f0 \u00e1kve\u00f0nu \u00e1hyggjuefni.<\/p><p>\u00deessi tengsl vi\u00f0 f\u00e6ra einstaklinga s\u00fdna a\u00f0 ta\u02bfw\u012bz er ekki hva\u00f0a bla\u00f0 sem er. Ger\u00f0 hans krefst \u00feekkingar, og \u00feessi \u00feekking er hluti af tr\u00faarlegri menntun \u00feeirra sem skrifa hann.<\/p>\t\t\t\t\t\t\t\t<\/div>\n\t\t\t\t<\/div>\n\t\t\t\t\t<\/div>\n\t\t\t\t<\/div>\n\t\t<div class=\"elementor-element elementor-element-iwgs-tawiz-s5 e-flex e-con-boxed e-con e-parent\" data-id=\"iwgs-tawiz-s5\" data-element_type=\"container\" data-e-type=\"container\">\n\t\t\t\t\t<div class=\"e-con-inner\">\n\t\t\t\t<div class=\"elementor-element elementor-element-iwgs-tawiz-s5h elementor-widget elementor-widget-heading\" data-id=\"iwgs-tawiz-s5h\" data-element_type=\"widget\" data-e-type=\"widget\" data-widget_type=\"heading.default\">\n\t\t\t\t\t<h2 class=\"elementor-heading-title elementor-size-default\">Vernd gegn hinu illa auga og djinnum<\/h2>\t\t\t\t<\/div>\n\t\t<div class=\"elementor-element elementor-element-iwgs-tawiz-s5box e-con-full e-flex e-con e-parent\" data-id=\"iwgs-tawiz-s5box\" data-element_type=\"container\" data-e-type=\"container\">\n\t\t\t\t<div class=\"elementor-element elementor-element-iwgs-tawiz-s5t elementor-widget elementor-widget-text-editor\" data-id=\"iwgs-tawiz-s5t\" data-element_type=\"widget\" data-e-type=\"widget\" data-widget_type=\"text-editor.default\">\n\t\t\t\t\t\t\t\t\t<p>Ta\u02bfw\u012bz beinist gegn \u00fdmsum h\u00e6ttum. Ein \u00feeirra er hi\u00f0 illa auga. Tr\u00fain \u00e1 ska\u00f0legan kraft \u00f6fundsj\u00faks augnar\u00e1\u00f0s er \u00fatbreidd \u00ed hinum \u00edslamska heimi og er einnig vi\u00f0urkennd \u00ed <span class=\"iwg-fachbegriff\" data-tooltip=\"Mi\u00f0lun \u00feekkingar og fr\u00e1sagna milli kynsl\u00f3\u00f0a.\" tabindex=\"0\">munnm\u00e6lahef\u00f0inni<\/span>.<\/p><p>\u00d6nnur h\u00e6tta sem ta\u02bfw\u012bz \u00e1 a\u00f0 verja gegn eru djinnar. Djinnar eru \u00ed \u00edslamskri hugmyndafr\u00e6\u00f0i andaverur sem eru til samhli\u00f0a m\u00f6nnum. Sumar \u00feeirra \u00feykja ska\u00f0legar.<\/p><p>Ta\u02bfw\u012bz \u00e1 a\u00f0 vernda \u00feann sem hann ber gegn ska\u00f0legum \u00e1hrifum sl\u00edkra m\u00e1ttarvalda. Auk \u00feess er hann borinn gegn sj\u00fakd\u00f3mum, \u00f3g\u00e6fu og almennum \u00ferengingum.<\/p><p>Ta\u02bfw\u012bz er s\u00e9rstaklega oft nota\u00f0ur fyrir b\u00f6rn. B\u00f6rn \u00feykja \u00ed m\u00f6rgum menningarheimum s\u00e9rstaklega vi\u00f0kv\u00e6m, og \u00fev\u00ed eru verndargripir einkum hengdir \u00e1 \u00feau. Ta\u02bfw\u012bz fylgir einnig \u00feessu \u00fatbreidda mynstri.<\/p><p>\u00deannig n\u00e6r ta\u02bfw\u012bz yfir breitt svi\u00f0 h\u00e6ttna. Hann \u00e1 almennt a\u00f0 tryggja velfer\u00f0 \u00feess sem ber hann og er ekki bundinn vi\u00f0 eina \u00e1kve\u00f0na h\u00e6ttu.<\/p><p>\u00cd \u00feessari \u00e1herslu l\u00edkist ta\u02bfw\u012bz \u00f6\u00f0rum verndargripum heimsins. Hi\u00f0 illa auga, ska\u00f0legir andar og verndun barna eru \u00e1hyggjuefni sem koma aftur og aftur fram \u00ed mj\u00f6g m\u00f6rgum verndarhef\u00f0um.<\/p>\t\t\t\t\t\t\t\t<\/div>\n\t\t\t\t<\/div>\n\t\t\t\t\t<\/div>\n\t\t\t\t<\/div>\n\t\t<div class=\"elementor-element elementor-element-iwgs-tawiz-s6 e-flex e-con-boxed e-con e-parent\" data-id=\"iwgs-tawiz-s6\" data-element_type=\"container\" data-e-type=\"container\">\n\t\t\t\t\t<div class=\"e-con-inner\">\n\t\t\t\t<div class=\"elementor-element elementor-element-iwgs-tawiz-s6h elementor-widget elementor-widget-heading\" data-id=\"iwgs-tawiz-s6h\" data-element_type=\"widget\" data-e-type=\"widget\" data-widget_type=\"heading.default\">\n\t\t\t\t\t<h2 class=\"elementor-heading-title elementor-size-default\">Fr\u00e6\u00f0ileg umr\u00e6\u00f0a<\/h2>\t\t\t\t<\/div>\n\t\t<div class=\"elementor-element elementor-element-iwgs-tawiz-s6box e-con-full e-flex e-con e-parent\" data-id=\"iwgs-tawiz-s6box\" data-element_type=\"container\" data-e-type=\"container\">\n\t\t\t\t<div class=\"elementor-element elementor-element-iwgs-tawiz-s6t elementor-widget elementor-widget-text-editor\" data-id=\"iwgs-tawiz-s6t\" data-element_type=\"widget\" data-e-type=\"widget\" data-widget_type=\"text-editor.default\">\n\t\t\t\t\t\t\t\t\t<p>Notkun ta\u02bfw\u012bz er metin \u00e1 mismunandi h\u00e1tt me\u00f0al fr\u00e6\u00f0imanna \u00edslams. \u00deessi umr\u00e6\u00f0a er g\u00f6mul og stendur enn \u00ed dag. H\u00fan snertir grundvallarspurningu.<\/p><p>\u00cd mi\u00f0junni stendur tr\u00fain \u00e1 einingu og einr\u00e1\u00f0an m\u00e1tt Gu\u00f0s. \u00deessi tr\u00fa er kjarni \u00edslams. Af henni sprettur spurningin um hvort \u00fea\u00f0 a\u00f0 bera verndargrip samr\u00e6mist \u00feessari tr\u00fa.<\/p><p>Hluti fr\u00e6\u00f0imanna hafnar verndargripum. \u00deeir sj\u00e1 \u00fe\u00e1 h\u00e6ttu a\u00f0 hlutnum sj\u00e1lfum s\u00e9 eigna\u00f0ur m\u00e1ttur. \u00deeim sem eignar <span class=\"iwg-fachbegriff\" data-tooltip=\"Borinn hlutur sem eignu\u00f0 er verndandi, \u00f3g\u00e6fuhrekjandi verkun.\" tabindex=\"0\">verndargrip<\/span> sj\u00e1lfst\u00e6\u00f0an m\u00e1tt, \u00f3h\u00e1\u00f0an Gu\u00f0i, br\u00fdtur samkv\u00e6mt \u00feessari sko\u00f0un gegn tr\u00fanni \u00e1 einr\u00e1\u00f0an m\u00e1tt Gu\u00f0s.<\/p><p>Annar hluti fr\u00e6\u00f0imanna metur ta\u02bfw\u012bz mildar, svo fremi sem hann hafi eing\u00f6ngu a\u00f0 geyma or\u00f0 \u00far K\u00f3raninum og n\u00f6fn Gu\u00f0s. Samkv\u00e6mt \u00feessari sko\u00f0un er verndin eignu\u00f0 or\u00f0i Gu\u00f0s, sem hluturinn ber, og ekki hlutnum sj\u00e1lfum.<\/p><p>Skilin liggja \u00feannig eftir spurningunni um hva\u00f0 verndar\u00e1hrifin eru bundin vi\u00f0. Um leyfi e\u00f0a bann almennt er varla a\u00f0 r\u00e6\u00f0a. Er \u00e1hrifunum eignu\u00f0 Gu\u00f0i og or\u00f0i hans, meta margir fr\u00e6\u00f0imenn ta\u02bfw\u012bz \u00e1 annan h\u00e1tt en \u00feegar h\u00fan er eignu\u00f0 hlutnum sj\u00e1lfum.<\/p><p>\u00deessi umr\u00e6\u00f0a er uppl\u00fdsandi. H\u00fan s\u00fdnir a\u00f0 \u00edslam tekur spurninguna um r\u00e9ttan umgang vi\u00f0 verndargripi alvarlega og gerir n\u00e1kv\u00e6man greinarmun \u00e1 <span class=\"iwg-fachbegriff\" data-tooltip=\"Lifu\u00f0 tr\u00faarleg afsta\u00f0a og i\u00f0kun einstaklings.\" tabindex=\"0\">gu\u00f0r\u00e6kni<\/span> og trausti \u00e1 hluti sem tali\u00f0 er \u00f3heimilt.<\/p>\t\t\t\t\t\t\t\t<\/div>\n\t\t\t\t<\/div>\n\t\t\t\t\t<\/div>\n\t\t\t\t<\/div>\n\t\t<div class=\"elementor-element elementor-element-iwgs-tawiz-s7 e-flex e-con-boxed e-con e-parent\" data-id=\"iwgs-tawiz-s7\" data-element_type=\"container\" data-e-type=\"container\">\n\t\t\t\t\t<div class=\"e-con-inner\">\n\t\t\t\t<div class=\"elementor-element elementor-element-iwgs-tawiz-s7h elementor-widget elementor-widget-heading\" data-id=\"iwgs-tawiz-s7h\" data-element_type=\"widget\" data-e-type=\"widget\" data-widget_type=\"heading.default\">\n\t\t\t\t\t<h2 class=\"elementor-heading-title elementor-size-default\">Tengdir skriflegir verndargripir<\/h2>\t\t\t\t<\/div>\n\t\t<div class=\"elementor-element elementor-element-iwgs-tawiz-s7box e-con-full e-flex e-con e-parent\" data-id=\"iwgs-tawiz-s7box\" data-element_type=\"container\" data-e-type=\"container\">\n\t\t\t\t<div class=\"elementor-element elementor-element-iwgs-tawiz-s7t elementor-widget elementor-widget-text-editor\" data-id=\"iwgs-tawiz-s7t\" data-element_type=\"widget\" data-e-type=\"widget\" data-widget_type=\"text-editor.default\">\n\t\t\t\t\t\t\t\t\t<p>Ta\u02bfw\u012bz tilheyrir hinni st\u00f3ru fj\u00f6lskyldu skriftartalisma. \u00dear er \u00e1tt vi\u00f0 verndargripi \u00fear sem verkun \u00feeirra er bundin skrifu\u00f0u or\u00f0i e\u00f0a t\u00e1kni. Sl\u00edkir talismanar eru \u00fatbreiddir \u00ed m\u00f6rgum menningarheimum.<\/p><p>Innan hins \u00edslamska heims er Ta\u02bfw\u012bz mj\u00f6g \u00fatbreiddur, fr\u00e1 Nor\u00f0ur-Afr\u00edku yfir Austurl\u00f6nd n\u00e6r og alla lei\u00f0 til Su\u00f0ur- og Su\u00f0austur-As\u00edu. \u00cd hverju sv\u00e6\u00f0i hefur hann s\u00edn eigin n\u00f6fn og s\u00edn eigin s\u00e9rkenni.<\/p><p>Utan hins \u00edslamska heims eru til \u00e6tta\u00f0ir skriftartalismanar \u00ed \u00f6\u00f0rum tr\u00faarbr\u00f6g\u00f0um. \u00cd hef\u00f0 Gy\u00f0inga \u00feekkjast skrifa\u00f0ir verndargripir, og einnig \u00ed kristinni <span class=\"iwg-fachbegriff\" data-tooltip=\"Tr\u00faarheg\u00f0un sem er lifu\u00f0 \u00ed daglegu l\u00edfi, oft vi\u00f0 hli\u00f0 hinnar formlegu kenningar.\" tabindex=\"0\">al\u00fe\u00fd\u00f0utr\u00fa<\/span> voru til verndartextar sem f\u00f3lk bar \u00e1 s\u00e9r.<\/p><p>\u00cd Austur-As\u00edu eru papp\u00edrstalismanar \u00fatbreiddir, k\u00ednverski Fu-<span class=\"iwg-fachbegriff\" data-tooltip=\"Hlutur sem talinn er hafa \u00feau \u00e1hrif a\u00f0 hann veiti heppni e\u00f0a velgengni.\" tabindex=\"0\">talismaninn<\/span> og k\u00f3reski Bujeok. \u00deeir byggja einnig \u00e1 skrifu\u00f0um t\u00e1knum, jafnvel \u00fe\u00f3tt tr\u00faarlegur bakgrunnur \u00feeirra s\u00e9 annar.<\/p><p>\u00deessi v\u00ed\u00f0t\u00e6ka \u00fatbrei\u00f0sla s\u00fdnir a\u00f0 skriftartalisminn er algengt grunnmynstur. Hugmyndin um a\u00f0 bera heilagt e\u00f0a kraftmiki\u00f0 or\u00f0 \u00e1 l\u00edkamanum kemur fram \u00ed m\u00f6rgum tr\u00faarbr\u00f6g\u00f0um.<\/p><p>Ta\u02bfw\u012bz er \u00edslamska \u00fatg\u00e1fan af \u00feessu grunnmynstri. S\u00e9rsta\u00f0a hans felst \u00ed \u00fev\u00ed a\u00f0 innihald hans er or\u00f0 Gu\u00f0s, og \u00ed \u00fev\u00ed a\u00f0 notkun hans er innan sinnar eigin tr\u00faar \u00edhugu\u00f0 og r\u00e6dd af mikilli vark\u00e1rni.<\/p>\t\t\t\t\t\t\t\t<\/div>\n\t\t\t\t<\/div>\n\t\t\t\t\t<\/div>\n\t\t\t\t<\/div>\n\t\t<div class=\"elementor-element elementor-element-iwgs-tawiz-s8 e-flex e-con-boxed e-con e-parent\" data-id=\"iwgs-tawiz-s8\" data-element_type=\"container\" data-e-type=\"container\">\n\t\t\t\t\t<div class=\"e-con-inner\">\n\t\t\t\t<div class=\"elementor-element elementor-element-iwgs-tawiz-s8h elementor-widget elementor-widget-heading\" data-id=\"iwgs-tawiz-s8h\" data-element_type=\"widget\" data-e-type=\"widget\" data-widget_type=\"heading.default\">\n\t\t\t\t\t<h2 class=\"elementor-heading-title elementor-size-default\">M\u00f3tt\u00f6kur \u00ed dag<\/h2>\t\t\t\t<\/div>\n\t\t<div class=\"elementor-element elementor-element-iwgs-tawiz-s8box e-con-full e-flex e-con e-parent\" data-id=\"iwgs-tawiz-s8box\" data-element_type=\"container\" data-e-type=\"container\">\n\t\t\t\t<div class=\"elementor-element elementor-element-iwgs-tawiz-s8t elementor-widget elementor-widget-text-editor\" data-id=\"iwgs-tawiz-s8t\" data-element_type=\"widget\" data-e-type=\"widget\" data-widget_type=\"text-editor.default\">\n\t\t\t\t\t\t\t\t\t<p>Ta\u02bfw\u012bz er enn \u00ed dag mj\u00f6g \u00fatbreiddur \u00ed hinum \u00edslamska heimi. \u00c1 m\u00f6rgum sv\u00e6\u00f0um telst hann sj\u00e1lfsag\u00f0ur verndarsi\u00f0ur, s\u00e9rstaklega \u00ed tengslum vi\u00f0 b\u00f6rn, veikindi og umhyggju fyrir velfer\u00f0 f\u00f3lks.<\/p><p>\u00c1 sama t\u00edma hefur Ta\u02bfw\u012bz haldist umdeildur. \u00cd sumum stefnum \u00edslam er notkun hans har\u00f0lega hafna\u00f0, \u00e1 me\u00f0an h\u00fan er \u00ed \u00f6\u00f0rum stefnum enn stundu\u00f0, me\u00f0 \u00feeim skilyr\u00f0um sem \u00e1\u00f0ur eru nefnd.<\/p><p>\u00deannig s\u00fdnir Ta\u02bfw\u012bz lifandi togstreitu. \u00c1 annarri hli\u00f0inni stendur g\u00f6mul, v\u00ed\u00f0t\u00e6kt r\u00f3tf\u00f6st al\u00fe\u00fd\u00f0utr\u00faarleg i\u00f0kun. \u00c1 hinni hli\u00f0inni stendur gu\u00f0fr\u00e6\u00f0ileg umhyggja fyrir hreinni tr\u00fa \u00e1 hi\u00f0 eina vald Gu\u00f0s.<\/p><p>Fyrir hlutlausa framsetningu er mikilv\u00e6gt a\u00f0 nefna b\u00e1\u00f0ar hli\u00f0ar. Ta\u02bfw\u012bz er hvorki einfaldlega vi\u00f0urkenndur verndargripur n\u00e9 einfaldlega banna\u00f0ur hlutur. Hann stendur \u00e1 svi\u00f0i sem \u00edslamskir fr\u00e6\u00f0imenn kanna sj\u00e1lfir af mikilli vark\u00e1rni.<\/p><p>Ta\u02bfw\u012bz er \u00feannig verndargripur af s\u00e9rst\u00f6ku tagi. Hann ber or\u00f0 Gu\u00f0s og er \u00fear me\u00f0 n\u00e1tengdur kjarna \u00edslamskrar tr\u00faar. Og hann er \u00e1 sama t\u00edma efni til alvarlegrar \u00edhugunar um m\u00f6rkin milli <span class=\"iwg-fachbegriff\" data-tooltip=\"Lifu\u00f0 tr\u00faarleg afsta\u00f0a og i\u00f0kun einstaklings.\" tabindex=\"0\">tr\u00far\u00e6kni<\/span> og \u00f3heimils trausts \u00e1 hlut.<\/p><p>\u00cd \u00feessari tv\u00ede\u00f0lislegu n\u00e1tt\u00faru felst mikilv\u00e6gi hans. Ta\u02bfw\u012bz s\u00fdnir a\u00f0 verndargripir eru bornir og \u00edhuga\u00f0ir \u00e1 sama t\u00edma, og a\u00f0 st\u00f3r tr\u00faarbr\u00f6g\u00f0 taka \u00fe\u00f6rfina fyrir verndun alvarlega en leitast samt\u00edmis vi\u00f0 a\u00f0 st\u00fdra henni \u00ed skipulag\u00f0an farveg.<\/p>\t\t\t\t\t\t\t\t<\/div>\n\t\t\t\t<\/div>\n\t\t\t\t\t<\/div>\n\t\t\t\t<\/div>\n\t\t<div class=\"elementor-element elementor-element-iwgs-tawiz-lit e-flex e-con-boxed e-con e-parent\" data-id=\"iwgs-tawiz-lit\" data-element_type=\"container\" data-e-type=\"container\">\n\t\t\t\t\t<div class=\"e-con-inner\">\n\t\t\t\t<div class=\"elementor-element elementor-element-iwgs-tawiz-lith elementor-widget elementor-widget-heading\" data-id=\"iwgs-tawiz-lith\" data-element_type=\"widget\" data-e-type=\"widget\" data-widget_type=\"heading.default\">\n\t\t\t\t\t<h2 class=\"elementor-heading-title elementor-size-default\">Heimildir (\u00farval)<\/h2>\t\t\t\t<\/div>\n\t\t<div class=\"elementor-element elementor-element-iwgs-tawiz-litbox e-con-full e-flex e-con e-parent\" data-id=\"iwgs-tawiz-litbox\" data-element_type=\"container\" data-e-type=\"container\">\n\t\t\t\t<div class=\"elementor-element elementor-element-iwgs-tawiz-litt elementor-widget elementor-widget-html\" data-id=\"iwgs-tawiz-litt\" data-element_type=\"widget\" data-e-type=\"widget\" data-widget_type=\"html.default\">\n\t\t\t\t\t<footer data-nosnippet=\"true\"><ul><li>Tewfik Canaan: <em>The Decipherment of Arabic Talismans<\/em> (1937)<\/li><li>Emilie Savage-Smith (ritstj.): <em>Magic and Divination in Early Islam<\/em> (2004)<\/li><li>Venetia Porter: <em>Arabic and Persian Seals and Amulets in the British Museum<\/em> (2011)<\/li><li>Constant Ham\u00e8s (ritstj.): <em>Coran et talismans<\/em> (2007)<\/li><li>Annemarie Schimmel: <em>Die Religion des Islam<\/em> (1990)<\/li><\/ul><\/footer>\t\t\t\t<\/div>\n\t\t\t\t<\/div>\n\t\t\t\t\t<\/div>\n\t\t\t\t<\/div>\n\t\t<div class=\"elementor-element elementor-element-iwgs-tawiz-kwd e-flex e-con-boxed e-con e-parent\" data-id=\"iwgs-tawiz-kwd\" data-element_type=\"container\" data-e-type=\"container\">\n\t\t\t\t\t<div class=\"e-con-inner\">\n\t\t\t\t<div class=\"elementor-element elementor-element-iwgs-tawiz-kwdt elementor-widget elementor-widget-text-editor\" data-id=\"iwgs-tawiz-kwdt\" data-element_type=\"widget\" data-e-type=\"widget\" data-widget_type=\"text-editor.default\">\n\t\t\t\t\t\t\t\t\t<p><em>Tengd lykilor\u00f0: Ta\u02bfw\u012bz Taweez skriftartalismani K\u00f3ranvers h\u00e1s\u00e6tisvers verndars\u00farur djinn <span class=\"iwg-fachbegriff\" data-tooltip=\"\u00datbreidd hugmynd um a\u00f0 \u00f6fundsj\u00fakt augnar\u00e1\u00f0 annars manns geti valdi\u00f0 ska\u00f0a.\" tabindex=\"0\">ill augu<\/span> \u00edslam.<\/em><\/p>\t\t\t\t\t\t\t\t<\/div>\n\t\t\t\t\t<\/div>\n\t\t\t\t<\/div>\n\t\t<div class=\"elementor-element elementor-element-iwgs-tawiz-cc e-flex e-con-boxed e-con e-parent\" data-id=\"iwgs-tawiz-cc\" data-element_type=\"container\" data-e-type=\"container\" id=\"iwg-cc-tawiz\">\n\t\t\t\t\t<div class=\"e-con-inner\">\n\t\t<div class=\"elementor-element elementor-element-iwgs-tawiz-ccinner e-flex e-con-boxed e-con e-parent\" data-id=\"iwgs-tawiz-ccinner\" data-element_type=\"container\" data-e-type=\"container\" data-settings=\"{&quot;background_background&quot;:&quot;classic&quot;}\">\n\t\t\t\t\t<div class=\"e-con-inner\">\n\t\t\t\t<div class=\"elementor-element elementor-element-iwgs-tawiz-cch elementor-widget elementor-widget-heading\" data-id=\"iwgs-tawiz-cch\" data-element_type=\"widget\" data-e-type=\"widget\" data-widget_type=\"heading.default\">\n\t\t\t\t\t<h2 class=\"elementor-heading-title elementor-size-default\">iWell Guard og verndarhef\u00f0ir<\/h2>\t\t\t\t<\/div>\n\t\t\t\t<div class=\"elementor-element elementor-element-iwgs-tawiz-cct elementor-widget elementor-widget-text-editor\" data-id=\"iwgs-tawiz-cct\" data-element_type=\"widget\" data-e-type=\"widget\" data-widget_type=\"text-editor.default\">\n\t\t\t\t\t\t\t\t\t<p>iWell Guard fylgir menningars\u00f6gulegri hef\u00f0 b\u00e6rra verndargripa, sem Ta\u02bfw\u012bz tilheyrir einnig. N\u00fat\u00edmalegur f\u00f6runautur fyrir f\u00f3lk sem lifir me\u00f0 verndart\u00e1knum: framleiddur \u00ed \u00de\u00fdskalandi, me\u00f0 41 l\u00f6gum af hreinu gulli, plat\u00ednu og silfri, og 30 daga skilar\u00e9tti.<\/p>\t\t\t\t\t\t\t\t<\/div>\n\t\t\t\t<div class=\"elementor-element elementor-element-iwgs-tawiz-ccb iwg-cc-button iwg-cc-cta-2026-05-13 elementor-widget elementor-widget-jet-button\" data-id=\"iwgs-tawiz-ccb\" data-element_type=\"widget\" data-e-type=\"widget\" data-widget_type=\"jet-button.default\">\n\t\t\t\t<div class=\"elementor-widget-container\">\n\t\t\t\t\t<div class=\"elementor-jet-button jet-elements\"><div class=\"jet-button__container\"><a class=\"jet-button__instance jet-button__instance--icon-left hover-effect-1\" href=\"\/schutzanhaenger-iwell-guard-kaufen\/?utm_source=iwell-guard.com&amp;utm_medium=info-box&amp;utm_campaign=schutzsymbole\"><div class=\"jet-button__plane jet-button__plane-normal\"><\/div><div class=\"jet-button__plane jet-button__plane-hover\"><\/div><div class=\"jet-button__state jet-button__state-normal\"><span class=\"jet-button__label\">Meira um iWell Guard<\/span><\/div><div class=\"jet-button__state jet-button__state-hover\"><span class=\"jet-button__label\">Meira um iWell Guard<\/span><\/div><\/a><\/div><\/div><style>.elementor-element.elementor-element-iwgs-tawiz-ccb .jet-button__instance{width:320px;height:56px;}.elementor-element.elementor-element-iwgs-tawiz-ccb .jet-button__state-normal .jet-button__label{text-align:center;margin:0px 0px 0px 0px;color:#1a1b20;font-family:Montserrat,sans-serif;font-size:13px;font-weight:400;letter-spacing:4px;line-height:1.714em;text-transform:uppercase;}.elementor-element.elementor-element-iwgs-tawiz-ccb .jet-button__state-hover .jet-button__label{text-align:center;margin:0px 0px 0px 0px;color:#FECC76;font-family:Montserrat,sans-serif;font-size:13px;font-weight:400;letter-spacing:4px;line-height:1.714em;text-transform:uppercase;}.elementor-element.elementor-element-iwgs-tawiz-ccb .jet-button__plane-normal{background-color:#FECC76;border-style:solid;border-color:#C99540;border-width:2px 2px 2px 2px;}.elementor-element.elementor-element-iwgs-tawiz-ccb .jet-button__plane-hover{background-color:rgba(0,0,0,0.55);border-style:solid;border-color:#FECC76;border-width:2px 2px 2px 2px;}<\/style>\t\t\t\t<\/div>\n\t\t\t\t<\/div>\n\t\t\t\t<div class=\"elementor-element elementor-element-iwgs-tawiz-ccd elementor-widget elementor-widget-text-editor\" data-id=\"iwgs-tawiz-ccd\" data-element_type=\"widget\" data-e-type=\"widget\" data-widget_type=\"text-editor.default\">\n\t\t\t\t\t\t\t\t\t<p style=\"text-align:center;font-size:13px;opacity:0.7;margin-top:14px\" data-nosnippet=\"true\">Pers\u00f3nuleg reynsla getur veri\u00f0 mismunandi. Ekki l\u00e6kningat\u00e6ki. Engin lofor\u00f0 um l\u00e6kningu.<\/p>\t\t\t\t\t\t\t\t<\/div>\n\t\t\t\t\t<\/div>\n\t\t\t\t<\/div>\n\t\t\t\t\t<\/div>\n\t\t\t\t<\/div>\n\t\t<div class=\"elementor-element elementor-element-iwgs-tawiz-disc e-flex e-con-boxed e-con e-parent\" data-id=\"iwgs-tawiz-disc\" data-element_type=\"container\" data-e-type=\"container\">\n\t\t\t\t\t<div class=\"e-con-inner\">\n\t\t\t\t<div class=\"elementor-element elementor-element-iwgs-tawiz-discw elementor-widget elementor-widget-html\" data-id=\"iwgs-tawiz-discw\" data-element_type=\"widget\" data-e-type=\"widget\" data-widget_type=\"html.default\">\n\t\t\t\t\t<footer data-nosnippet=\"true\" class=\"iwg-disclaimer-block\"><p data-nosnippet=\"true\">iWell Guard er <strong>ekki l\u00e6kningat\u00e6ki<\/strong> og kemur ekki \u00ed sta\u00f0 l\u00e6knis- e\u00f0a s\u00e1lfr\u00e6\u00f0ime\u00f0fer\u00f0ar. Innihaldi\u00f0 sem h\u00e9r er sett fram er tr\u00faarbrag\u00f0afr\u00e6\u00f0ileg og menningars\u00f6gulega greining, ekki lofor\u00f0 um andlega virkni.<\/p><\/footer>\t\t\t\t<\/div>\n\t\t\t\t\t<\/div>\n\t\t\t\t<\/div>\n\t\t\t\t<\/div>\n\t\t","protected":false},"excerpt":{"rendered":"","protected":false},"author":3,"featured_media":3509,"parent":0,"menu_order":0,"comment_status":"closed","ping_status":"closed","template":"elementor_header_footer","meta":{"_yoast_wpseo_focuskw":"Ta\u02bfw\u012bz","_yoast_wpseo_title":"Ta\u02bfw\u012bz \u2013 \u00edslamskur verndargripur","_yoast_wpseo_metadesc":"Ta\u02bfw\u012bz er \u00edslamskur verndargripur me\u00f0 k\u00f3ranversum og gu\u00f0sn\u00f6fnum. Form, innihald og umr\u00e6\u00f0an um notkun hans \u00fatsk\u00fdr\u00f0.","_yoast_wpseo_meta-robots-noindex":"","_yoast_wpseo_canonical":"","_angie_page":false,"gefaehrdungsstufe":"","wesen_kultur":"","wesen_klasse":"","footnotes":""},"categories":[],"class_list":["post-169158","page","type-page","status-publish","has-post-thumbnail","hentry"],"yoast_head":"<!-- This site is optimized with the Yoast SEO Premium plugin v27.7 (Yoast SEO v28.3) - https:\/\/yoast.com\/product\/yoast-seo-premium-wordpress\/ -->\n<title>Ta\u02bfw\u012bz \u2013 \u00edslamskur verndargripur<\/title>\n<meta name=\"description\" content=\"Ta\u02bfw\u012bz er \u00edslamskur verndargripur me\u00f0 k\u00f3ranversum og gu\u00f0sn\u00f6fnum. Form, innihald og umr\u00e6\u00f0an um notkun hans \u00fatsk\u00fdr\u00f0.\" \/>\n<meta name=\"robots\" content=\"index, follow, max-snippet:-1, max-image-preview:large, max-video-preview:-1\" \/>\n<link rel=\"canonical\" href=\"https:\/\/iwell-guard.com\/is\/tawiz\/\" \/>\n<meta property=\"og:locale\" content=\"is_IS\" \/>\n<meta property=\"og:type\" content=\"article\" \/>\n<meta property=\"og:title\" content=\"Ta\u02bfw\u012bz \u2013 \u00edslamska verndargripurinn\" \/>\n<meta property=\"og:description\" content=\"Ta\u02bfw\u012bz er \u00edslamskur verndargripur me\u00f0 k\u00f3ranversum og gu\u00f0sn\u00f6fnum. Form, innihald og umr\u00e6\u00f0an um notkun hans \u00fatsk\u00fdr\u00f0.\" \/>\n<meta property=\"og:url\" content=\"https:\/\/iwell-guard.com\/is\/tawiz\/\" \/>\n<meta property=\"og:site_name\" content=\"iWell Guard\" \/>\n<meta property=\"article:modified_time\" content=\"2026-09-05T14:33:44+00:00\" \/>\n<meta property=\"og:image\" content=\"https:\/\/iwell-guard.com\/wp-content\/uploads\/2026\/05\/schutzsymbol_islam_tawiz.webp\" \/>\n\t<meta property=\"og:image:width\" content=\"1024\" \/>\n\t<meta property=\"og:image:height\" content=\"1536\" \/>\n\t<meta property=\"og:image:type\" content=\"image\/webp\" \/>\n<meta name=\"twitter:card\" content=\"summary_large_image\" \/>\n<script type=\"application\/ld+json\" class=\"yoast-schema-graph\">{\"@context\":\"https:\\\/\\\/schema.org\",\"@graph\":[{\"@type\":\"WebPage\",\"@id\":\"https:\\\/\\\/iwell-guard.com\\\/is\\\/tawiz\\\/\",\"url\":\"https:\\\/\\\/iwell-guard.com\\\/is\\\/tawiz\\\/\",\"name\":\"Ta\u02bfw\u012bz \u2013 \u00edslamskur verndargripur\",\"isPartOf\":{\"@id\":\"https:\\\/\\\/iwell-guard.com\\\/is\\\/#website\"},\"primaryImageOfPage\":{\"@id\":\"https:\\\/\\\/iwell-guard.com\\\/is\\\/tawiz\\\/#primaryimage\"},\"image\":{\"@id\":\"https:\\\/\\\/iwell-guard.com\\\/is\\\/tawiz\\\/#primaryimage\"},\"thumbnailUrl\":\"https:\\\/\\\/iwell-guard.com\\\/wp-content\\\/uploads\\\/2026\\\/05\\\/schutzsymbol_islam_tawiz.webp\",\"datePublished\":\"2026-09-05T14:06:05+00:00\",\"dateModified\":\"2026-09-05T14:33:44+00:00\",\"description\":\"Ta\u02bfw\u012bz er \u00edslamskur verndargripur me\u00f0 k\u00f3ranversum og gu\u00f0sn\u00f6fnum. Form, innihald og umr\u00e6\u00f0an um notkun hans \u00fatsk\u00fdr\u00f0.\",\"breadcrumb\":{\"@id\":\"https:\\\/\\\/iwell-guard.com\\\/is\\\/tawiz\\\/#breadcrumb\"},\"inLanguage\":\"is\",\"potentialAction\":[{\"@type\":\"ReadAction\",\"target\":[\"https:\\\/\\\/iwell-guard.com\\\/is\\\/tawiz\\\/\"]}]},{\"@type\":\"ImageObject\",\"inLanguage\":\"is\",\"@id\":\"https:\\\/\\\/iwell-guard.com\\\/is\\\/tawiz\\\/#primaryimage\",\"url\":\"https:\\\/\\\/iwell-guard.com\\\/wp-content\\\/uploads\\\/2026\\\/05\\\/schutzsymbol_islam_tawiz.webp\",\"contentUrl\":\"https:\\\/\\\/iwell-guard.com\\\/wp-content\\\/uploads\\\/2026\\\/05\\\/schutzsymbol_islam_tawiz.webp\",\"width\":1024,\"height\":1536,\"caption\":\"Verndart\u00e1kn. Myndskreyting \u00ed safnst\u00edl.\"},{\"@type\":\"BreadcrumbList\",\"@id\":\"https:\\\/\\\/iwell-guard.com\\\/is\\\/tawiz\\\/#breadcrumb\",\"itemListElement\":[{\"@type\":\"ListItem\",\"position\":1,\"name\":\"Start\",\"item\":\"https:\\\/\\\/iwell-guard.com\\\/is\\\/?page_id=168580\"},{\"@type\":\"ListItem\",\"position\":2,\"name\":\"Ta\u02bfw\u012bz \u2013 \u00edslamska verndargripurinn\"}]},{\"@type\":\"WebSite\",\"@id\":\"https:\\\/\\\/iwell-guard.com\\\/is\\\/#website\",\"url\":\"https:\\\/\\\/iwell-guard.com\\\/is\\\/\",\"name\":\"iWell Guard\",\"description\":\"Schutz vor dunklen Einfl\u00fcssen\",\"publisher\":{\"@id\":\"https:\\\/\\\/iwell-guard.com\\\/is\\\/#organization\"},\"potentialAction\":[{\"@type\":\"SearchAction\",\"target\":{\"@type\":\"EntryPoint\",\"urlTemplate\":\"https:\\\/\\\/iwell-guard.com\\\/is\\\/?s={search_term_string}\"},\"query-input\":{\"@type\":\"PropertyValueSpecification\",\"valueRequired\":true,\"valueName\":\"search_term_string\"}}],\"inLanguage\":\"is\"},{\"@type\":\"Organization\",\"@id\":\"https:\\\/\\\/iwell-guard.com\\\/is\\\/#organization\",\"name\":\"Ittermann electronic GmbH\",\"url\":\"https:\\\/\\\/iwell-guard.com\\\/is\\\/\",\"logo\":{\"@type\":\"ImageObject\",\"inLanguage\":\"is\",\"@id\":\"https:\\\/\\\/iwell-guard.com\\\/is\\\/#\\\/schema\\\/logo\\\/image\\\/\",\"url\":\"https:\\\/\\\/iwell-guard.com\\\/wp-content\\\/uploads\\\/2026\\\/05\\\/Ittermann-Logo-1182x237-1.png\",\"contentUrl\":\"https:\\\/\\\/iwell-guard.com\\\/wp-content\\\/uploads\\\/2026\\\/05\\\/Ittermann-Logo-1182x237-1.png\",\"width\":1182,\"height\":237,\"caption\":\"Ittermann electronic GmbH\"},\"image\":{\"@id\":\"https:\\\/\\\/iwell-guard.com\\\/is\\\/#\\\/schema\\\/logo\\\/image\\\/\"},\"sameAs\":[\"https:\\\/\\\/pantip.com\\\/profile\\\/9367242\",\"https:\\\/\\\/micro.blog\\\/iwellguard\",\"https:\\\/\\\/www.diggerslist.com\\\/iwellguard\\\/about\",\"https:\\\/\\\/skitterphoto.com\\\/photographers\\\/2870314\\\/iwell-guard\",\"https:\\\/\\\/iwellguard.wordpress.com\\\/2026\\\/06\\\/06\\\/iwell-guard\\\/\",\"https:\\\/\\\/hub.docker.com\\\/u\\\/iwellguard\",\"https:\\\/\\\/www.pinterest.com\\\/iwellguard\\\/\",\"https:\\\/\\\/bit.ly\\\/m\\\/iwellguard\",\"https:\\\/\\\/entre-vos-mains.alsace.eu\\\/profiles\\\/iwellguard\\\/activity\",\"https:\\\/\\\/gravatar.com\\\/reallybeded8fd34\",\"https:\\\/\\\/naijamatta.com\\\/iwellguard\",\"https:\\\/\\\/www.goodreads.com\\\/iwellguard\",\"https:\\\/\\\/profile.hatena.ne.jp\\\/iwellguard\\\/\",\"https:\\\/\\\/experiment.com\\\/users\\\/iwellguard\",\"https:\\\/\\\/wakelet.com\\\/@iWellGuard82270\",\"https:\\\/\\\/www.chordie.com\\\/forum\\\/profile.php?id=2555664\",\"https:\\\/\\\/www.instapaper.com\\\/p\\\/17757966\",\"https:\\\/\\\/www.mapleprimes.com\\\/users\\\/iwellguard\",\"https:\\\/\\\/businesslistingplus.com\\\/profile\\\/iwell-guard\\\/\",\"https:\\\/\\\/telegra.ph\\\/iWell-Guard-06-06\",\"https:\\\/\\\/pbase.com\\\/iwellguard\\\/iwellguard\",\"https:\\\/\\\/b.hatena.ne.jp\\\/iwellguard\\\/20260607#bookmark-4788405196491818882\",\"https:\\\/\\\/fliphtml5.com\\\/home\\\/iwellguard\",\"https:\\\/\\\/anyflip.com\\\/homepage\\\/cmiwl#About\",\"https:\\\/\\\/transfur.com\\\/Users\\\/iwellguard\",\"http:\\\/\\\/delphi.larsbo.org\\\/user\\\/iwellguard\",\"https:\\\/\\\/jobs.lajobsportal.org\\\/profiles\\\/8380803-iwell-guard\",\"https:\\\/\\\/md.chaosdorf.de\\\/s\\\/jfbe5SBdJD\",\"https:\\\/\\\/www.lingvolive.com\\\/en-us\\\/profile\\\/9ecaeaca-ce11-4e51-9e71-01d55e2bff36\\\/translations\",\"https:\\\/\\\/www.fitday.com\\\/fitness\\\/forums\\\/members\\\/iwellguard.html\",\"https:\\\/\\\/www.mymeetbook.com\\\/iwellguard\",\"https:\\\/\\\/pxhere.com\\\/en\\\/photographer-me\\\/5040798\",\"https:\\\/\\\/disqus.com\\\/by\\\/iwellguard\\\/about\\\/\",\"https:\\\/\\\/pastelink.net\\\/hjwciqwq\",\"https:\\\/\\\/pubhtml5.com\\\/homepage\\\/scjhn\\\/\",\"https:\\\/\\\/www.bitchute.com\\\/channel\\\/2O2eOKzNqujT\",\"https:\\\/\\\/audiomack.com\\\/iwellguard\"]}]}<\/script>\n<!-- \/ Yoast SEO Premium plugin. -->","yoast_head_json":{"title":"Ta\u02bfw\u012bz \u2013 \u00edslamskur verndargripur","description":"Ta\u02bfw\u012bz er \u00edslamskur verndargripur me\u00f0 k\u00f3ranversum og gu\u00f0sn\u00f6fnum. Form, innihald og umr\u00e6\u00f0an um notkun hans \u00fatsk\u00fdr\u00f0.","robots":{"index":"index","follow":"follow","max-snippet":"max-snippet:-1","max-image-preview":"max-image-preview:large","max-video-preview":"max-video-preview:-1"},"canonical":"https:\/\/iwell-guard.com\/is\/tawiz\/","og_locale":"is_IS","og_type":"article","og_title":"Ta\u02bfw\u012bz \u2013 \u00edslamska verndargripurinn","og_description":"Ta\u02bfw\u012bz er \u00edslamskur verndargripur me\u00f0 k\u00f3ranversum og gu\u00f0sn\u00f6fnum. Form, innihald og umr\u00e6\u00f0an um notkun hans \u00fatsk\u00fdr\u00f0.","og_url":"https:\/\/iwell-guard.com\/is\/tawiz\/","og_site_name":"iWell Guard","article_modified_time":"2026-09-05T14:33:44+00:00","og_image":[{"width":1024,"height":1536,"url":"https:\/\/iwell-guard.com\/wp-content\/uploads\/2026\/05\/schutzsymbol_islam_tawiz.webp","type":"image\/webp"}],"twitter_card":"summary_large_image","schema":{"@context":"https:\/\/schema.org","@graph":[{"@type":"WebPage","@id":"https:\/\/iwell-guard.com\/is\/tawiz\/","url":"https:\/\/iwell-guard.com\/is\/tawiz\/","name":"Ta\u02bfw\u012bz \u2013 \u00edslamskur verndargripur","isPartOf":{"@id":"https:\/\/iwell-guard.com\/is\/#website"},"primaryImageOfPage":{"@id":"https:\/\/iwell-guard.com\/is\/tawiz\/#primaryimage"},"image":{"@id":"https:\/\/iwell-guard.com\/is\/tawiz\/#primaryimage"},"thumbnailUrl":"https:\/\/iwell-guard.com\/wp-content\/uploads\/2026\/05\/schutzsymbol_islam_tawiz.webp","datePublished":"2026-09-05T14:06:05+00:00","dateModified":"2026-09-05T14:33:44+00:00","description":"Ta\u02bfw\u012bz er \u00edslamskur verndargripur me\u00f0 k\u00f3ranversum og gu\u00f0sn\u00f6fnum. Form, innihald og umr\u00e6\u00f0an um notkun hans \u00fatsk\u00fdr\u00f0.","breadcrumb":{"@id":"https:\/\/iwell-guard.com\/is\/tawiz\/#breadcrumb"},"inLanguage":"is","potentialAction":[{"@type":"ReadAction","target":["https:\/\/iwell-guard.com\/is\/tawiz\/"]}]},{"@type":"ImageObject","inLanguage":"is","@id":"https:\/\/iwell-guard.com\/is\/tawiz\/#primaryimage","url":"https:\/\/iwell-guard.com\/wp-content\/uploads\/2026\/05\/schutzsymbol_islam_tawiz.webp","contentUrl":"https:\/\/iwell-guard.com\/wp-content\/uploads\/2026\/05\/schutzsymbol_islam_tawiz.webp","width":1024,"height":1536,"caption":"Verndart\u00e1kn. Myndskreyting \u00ed safnst\u00edl."},{"@type":"BreadcrumbList","@id":"https:\/\/iwell-guard.com\/is\/tawiz\/#breadcrumb","itemListElement":[{"@type":"ListItem","position":1,"name":"Start","item":"https:\/\/iwell-guard.com\/is\/?page_id=168580"},{"@type":"ListItem","position":2,"name":"Ta\u02bfw\u012bz \u2013 \u00edslamska verndargripurinn"}]},{"@type":"WebSite","@id":"https:\/\/iwell-guard.com\/is\/#website","url":"https:\/\/iwell-guard.com\/is\/","name":"iWell Guard","description":"Schutz vor dunklen Einfl\u00fcssen","publisher":{"@id":"https:\/\/iwell-guard.com\/is\/#organization"},"potentialAction":[{"@type":"SearchAction","target":{"@type":"EntryPoint","urlTemplate":"https:\/\/iwell-guard.com\/is\/?s={search_term_string}"},"query-input":{"@type":"PropertyValueSpecification","valueRequired":true,"valueName":"search_term_string"}}],"inLanguage":"is"},{"@type":"Organization","@id":"https:\/\/iwell-guard.com\/is\/#organization","name":"Ittermann electronic GmbH","url":"https:\/\/iwell-guard.com\/is\/","logo":{"@type":"ImageObject","inLanguage":"is","@id":"https:\/\/iwell-guard.com\/is\/#\/schema\/logo\/image\/","url":"https:\/\/iwell-guard.com\/wp-content\/uploads\/2026\/05\/Ittermann-Logo-1182x237-1.png","contentUrl":"https:\/\/iwell-guard.com\/wp-content\/uploads\/2026\/05\/Ittermann-Logo-1182x237-1.png","width":1182,"height":237,"caption":"Ittermann electronic GmbH"},"image":{"@id":"https:\/\/iwell-guard.com\/is\/#\/schema\/logo\/image\/"},"sameAs":["https:\/\/pantip.com\/profile\/9367242","https:\/\/micro.blog\/iwellguard","https:\/\/www.diggerslist.com\/iwellguard\/about","https:\/\/skitterphoto.com\/photographers\/2870314\/iwell-guard","https:\/\/iwellguard.wordpress.com\/2026\/06\/06\/iwell-guard\/","https:\/\/hub.docker.com\/u\/iwellguard","https:\/\/www.pinterest.com\/iwellguard\/","https:\/\/bit.ly\/m\/iwellguard","https:\/\/entre-vos-mains.alsace.eu\/profiles\/iwellguard\/activity","https:\/\/gravatar.com\/reallybeded8fd34","https:\/\/naijamatta.com\/iwellguard","https:\/\/www.goodreads.com\/iwellguard","https:\/\/profile.hatena.ne.jp\/iwellguard\/","https:\/\/experiment.com\/users\/iwellguard","https:\/\/wakelet.com\/@iWellGuard82270","https:\/\/www.chordie.com\/forum\/profile.php?id=2555664","https:\/\/www.instapaper.com\/p\/17757966","https:\/\/www.mapleprimes.com\/users\/iwellguard","https:\/\/businesslistingplus.com\/profile\/iwell-guard\/","https:\/\/telegra.ph\/iWell-Guard-06-06","https:\/\/pbase.com\/iwellguard\/iwellguard","https:\/\/b.hatena.ne.jp\/iwellguard\/20260607#bookmark-4788405196491818882","https:\/\/fliphtml5.com\/home\/iwellguard","https:\/\/anyflip.com\/homepage\/cmiwl#About","https:\/\/transfur.com\/Users\/iwellguard","http:\/\/delphi.larsbo.org\/user\/iwellguard","https:\/\/jobs.lajobsportal.org\/profiles\/8380803-iwell-guard","https:\/\/md.chaosdorf.de\/s\/jfbe5SBdJD","https:\/\/www.lingvolive.com\/en-us\/profile\/9ecaeaca-ce11-4e51-9e71-01d55e2bff36\/translations","https:\/\/www.fitday.com\/fitness\/forums\/members\/iwellguard.html","https:\/\/www.mymeetbook.com\/iwellguard","https:\/\/pxhere.com\/en\/photographer-me\/5040798","https:\/\/disqus.com\/by\/iwellguard\/about\/","https:\/\/pastelink.net\/hjwciqwq","https:\/\/pubhtml5.com\/homepage\/scjhn\/","https:\/\/www.bitchute.com\/channel\/2O2eOKzNqujT","https:\/\/audiomack.com\/iwellguard"]}]}},"_links":{"self":[{"href":"https:\/\/iwell-guard.com\/is\/wp-json\/wp\/v2\/pages\/169158","targetHints":{"allow":["GET"]}}],"collection":[{"href":"https:\/\/iwell-guard.com\/is\/wp-json\/wp\/v2\/pages"}],"about":[{"href":"https:\/\/iwell-guard.com\/is\/wp-json\/wp\/v2\/types\/page"}],"author":[{"embeddable":true,"href":"https:\/\/iwell-guard.com\/is\/wp-json\/wp\/v2\/users\/3"}],"replies":[{"embeddable":true,"href":"https:\/\/iwell-guard.com\/is\/wp-json\/wp\/v2\/comments?post=169158"}],"version-history":[{"count":0,"href":"https:\/\/iwell-guard.com\/is\/wp-json\/wp\/v2\/pages\/169158\/revisions"}],"wp:featuredmedia":[{"embeddable":true,"href":"https:\/\/iwell-guard.com\/is\/wp-json\/wp\/v2\/media\/3509"}],"wp:attachment":[{"href":"https:\/\/iwell-guard.com\/is\/wp-json\/wp\/v2\/media?parent=169158"}],"wp:term":[{"taxonomy":"category","embeddable":true,"href":"https:\/\/iwell-guard.com\/is\/wp-json\/wp\/v2\/categories?post=169158"}],"curies":[{"name":"wp","href":"https:\/\/api.w.org\/{rel}","templated":true}]}}