{"id":169157,"date":"2026-09-05T14:06:05","date_gmt":"2026-09-05T14:06:05","guid":{"rendered":"https:\/\/iwell-guard.com\/?page_id=169157"},"modified":"2026-09-05T14:33:42","modified_gmt":"2026-09-05T14:33:42","slug":"bulla-rormverskt-verndargripur-barna","status":"publish","type":"page","link":"https:\/\/iwell-guard.com\/is\/bulla-rormverskt-verndargripur-barna\/","title":{"rendered":"Bulla \u2013 r\u00f3mverskt verndargripur barna"},"content":{"rendered":"\t\t<div data-elementor-type=\"wp-page\" data-elementor-id=\"169157\" class=\"elementor elementor-169157 elementor-3647 elementor-bc-flex-widget\" data-elementor-post-type=\"page\">\n\t\t\t\t<div class=\"elementor-element elementor-element-iwgs-bulla-hero e-flex e-con-boxed e-con e-parent\" data-id=\"iwgs-bulla-hero\" data-element_type=\"container\" data-e-type=\"container\">\n\t\t\t\t\t<div class=\"e-con-inner\">\n\t\t<div class=\"elementor-element elementor-element-iwgs-bulla-hl e-flex e-con-boxed e-con e-parent\" data-id=\"iwgs-bulla-hl\" data-element_type=\"container\" data-e-type=\"container\">\n\t\t\t\t\t<div class=\"e-con-inner\">\n\t\t<div class=\"elementor-element elementor-element-iwgs-bulla-hlbox e-con-full e-flex e-con e-parent\" data-id=\"iwgs-bulla-hlbox\" data-element_type=\"container\" data-e-type=\"container\">\n\t\t\t\t<div class=\"elementor-element elementor-element-iwgs-bulla-h1 elementor-widget elementor-widget-heading\" data-id=\"iwgs-bulla-h1\" data-element_type=\"widget\" data-e-type=\"widget\" data-widget_type=\"heading.default\">\n\t\t\t\t\t<h1 class=\"elementor-heading-title elementor-size-default\">Bullan \u2013 r\u00f3mverski verndargripurinn fyrir b\u00f6rn<\/h1>\t\t\t\t<\/div>\n\t\t\t\t<div class=\"elementor-element elementor-element-iwgs-bulla-lead elementor-widget elementor-widget-text-editor\" data-id=\"iwgs-bulla-lead\" data-element_type=\"widget\" data-e-type=\"widget\" data-widget_type=\"text-editor.default\">\n\t\t\t\t\t\t\t\t\t<p>Bullan var verndargripur frj\u00e1lsborinna barna \u00ed hinu forna R\u00f3m. H\u00fan var borin um h\u00e1lsinn fr\u00e1 f\u00e6\u00f0ingu og \u00e1tti a\u00f0 vernda barni\u00f0 gegn hinu illa auga og ska\u00f0legum \u00f6flum, en var jafnframt t\u00e1kn um frj\u00e1lsan st\u00f6\u00f0u \u00feess.<\/p>\n<p class=\"iwg-kwfix\">Bullan var r\u00f3mverskur barnagripur sem \u00e1tti a\u00f0 vernda drengi \u00fear til \u00feeir ur\u00f0u l\u00f6gr\u00e1\u00f0a.<\/p>\t\t\t\t\t\t\t\t<\/div>\n\t\t\t\t<\/div>\n\t\t\t\t<div class=\"elementor-element elementor-element-iwgs-bulla-pills elementor-widget elementor-widget-html\" data-id=\"iwgs-bulla-pills\" data-element_type=\"widget\" data-e-type=\"widget\" data-widget_type=\"html.default\">\n\t\t\t\t\t<div class=\"iwg-pill-row\"><span class=\"iwg-klasse-badge\" tabindex=\"0\" data-tooltip=\"Verndart\u00e1kn, verndargripur e\u00f0a ap\u00f3tr\u00f3pa\u00edskur hlutur.\">Verndart\u00e1kn<\/span><a href=\"https:\/\/iwell-guard.com\/is\/rom\/\" class=\"iwg-kultur-badge\" tabindex=\"0\" data-tooltip=\"Verndarhef\u00f0: R\u00f3m\">R\u00f3m<\/a><span class=\"iwg-tradition-badge\" tabindex=\"0\" data-tooltip=\"Hlutur e\u00f0a t\u00e1kn sem \u00e1 a\u00f0 verjast \u00f3heillum og ska\u00f0legum \u00e1hrifum.\">Ap\u00f3tr\u00f3pa\u00edkon<\/span><\/div>\t\t\t\t<\/div>\n\t\t\t\t\t<\/div>\n\t\t\t\t<\/div>\n\t\t<div class=\"elementor-element elementor-element-iwgs-bulla-hr e-con-full e-flex e-con e-parent\" data-id=\"iwgs-bulla-hr\" data-element_type=\"container\" data-e-type=\"container\">\n\t\t\t\t<div class=\"elementor-element elementor-element-iwgs-bulla-himg iwg-hero-image elementor-widget elementor-widget-image\" data-id=\"iwgs-bulla-himg\" data-element_type=\"widget\" data-e-type=\"widget\" data-widget_type=\"image.default\">\n\t\t\t\t\t\t\t\t\t\t\t\t\t\t\t<img fetchpriority=\"high\" decoding=\"async\" width=\"683\" height=\"1024\" src=\"https:\/\/iwell-guard.com\/wp-content\/uploads\/2026\/05\/schutzsymbol_rom_bulla-683x1024.webp\" class=\"attachment-large size-large wp-image-170550\" alt=\"Bulla - verndargripur, safnfr\u00e6\u00f0ileg mynd\" srcset=\"https:\/\/iwell-guard.com\/wp-content\/uploads\/2026\/05\/schutzsymbol_rom_bulla-683x1024.webp 683w, https:\/\/iwell-guard.com\/wp-content\/uploads\/2026\/05\/schutzsymbol_rom_bulla-200x300.webp 200w, https:\/\/iwell-guard.com\/wp-content\/uploads\/2026\/05\/schutzsymbol_rom_bulla-768x1152.webp 768w, https:\/\/iwell-guard.com\/wp-content\/uploads\/2026\/05\/schutzsymbol_rom_bulla.webp 1024w\" sizes=\"(max-width: 683px) 100vw, 683px\" \/>\t\t\t\t\t\t\t\t\t\t\t\t\t\t\t<\/div>\n\t\t\t\t<\/div>\n\t\t\t\t\t<\/div>\n\t\t\t\t<\/div>\n\t\t<div class=\"elementor-element elementor-element-iwgs-bulla-s0 e-flex e-con-boxed e-con e-parent\" data-id=\"iwgs-bulla-s0\" data-element_type=\"container\" data-e-type=\"container\">\n\t\t\t\t\t<div class=\"e-con-inner\">\n\t\t\t\t<div class=\"elementor-element elementor-element-iwgs-bulla-s0h elementor-widget elementor-widget-heading\" data-id=\"iwgs-bulla-s0h\" data-element_type=\"widget\" data-e-type=\"widget\" data-widget_type=\"heading.default\">\n\t\t\t\t\t<h2 class=\"elementor-heading-title elementor-size-default\">Yfirlit<\/h2>\t\t\t\t<\/div>\n\t\t<div class=\"elementor-element elementor-element-iwgs-bulla-s0box e-con-full e-flex e-con e-parent\" data-id=\"iwgs-bulla-s0box\" data-element_type=\"container\" data-e-type=\"container\">\n\t\t\t\t<div class=\"elementor-element elementor-element-iwgs-bulla-s0t elementor-widget elementor-widget-text-editor\" data-id=\"iwgs-bulla-s0t\" data-element_type=\"widget\" data-e-type=\"widget\" data-widget_type=\"text-editor.default\">\n\t\t\t\t\t\t\t\t\t<p>Bullan var verndargripur hins forna <a href=\"https:\/\/iwell-guard.com\/is\/rom\/\">R\u00f3m<\/a>. Hana b\u00e1ru b\u00f6rn sem talin voru frj\u00e1lsborin. H\u00fan tengdist s\u00e9rstaklega drengjum, en st\u00falkur g\u00e1tu einnig bori\u00f0 bullu.<\/p><p>Bullan var l\u00edti\u00f0 hylki sem bori\u00f0 var um h\u00e1lsinn \u00e1 sn\u00faru e\u00f0a ke\u00f0ju. H\u00fan umlukti verndandi innihald. Form og ger\u00f0 gera hana a\u00f0 d\u00e6miger\u00f0um fulltr\u00faa hins \u00fatbreidda flokks amuletthylkja.<\/p><p>Bullan haf\u00f0i tv\u00f6falda merkingu. H\u00fan var verndargripur sem \u00e1tti a\u00f0 bjarga barninu fr\u00e1 \u00f3heillum. H\u00fan var jafnframt st\u00f6\u00f0ut\u00e1kn sem s\u00fdndi s\u00fdnilega frj\u00e1lsa, ekki \u00f3frj\u00e1lsa st\u00f6\u00f0u barnsins.<\/p><p>\u00cd <span class=\"iwg-fachbegriff\" data-tooltip=\"V\u00edsindin sem rannsaka tr\u00faarbr\u00f6g\u00f0 samanbur\u00f0arlega og \u00e1n tr\u00faartengsla.\" tabindex=\"0\">tr\u00faarbrag\u00f0afr\u00e6\u00f0um<\/span> og \u00ed ranns\u00f3knum \u00e1 daglegu l\u00edfi R\u00f3mverja er bullan vel sta\u00f0fest d\u00e6mi um barnagrip. H\u00fan s\u00fdnir hversu n\u00e1tengd verndun barna og verndarsi\u00f0ir samf\u00e9lags eru.<\/p><p>Bullan fylgdi barninu fyrstu \u00e6vi\u00e1rin, allt til \u00e1kve\u00f0ins t\u00edmapunkts. Hven\u00e6r og hvernig h\u00fan var l\u00f6g\u00f0 fr\u00e1 er var\u00f0veitt \u00ed heimildum og er einn af uppl\u00fdsandi \u00fe\u00e1ttum \u00feessa si\u00f0ar.<\/p><p>Bullan er \u00feannig verndargripur sem var n\u00e1tengdur l\u00edfshlaupinu. H\u00fan var sett \u00e1 eftir f\u00e6\u00f0ingu og tekin af vi\u00f0 umskiptin til fullor\u00f0ins\u00e1ra. Notkun hennar var bundin \u00e1kve\u00f0nu \u00e6viskei\u00f0i.<\/p>\t\t\t\t\t\t\t\t<\/div>\n\t\t\t\t<\/div>\n\t\t\t\t\t<\/div>\n\t\t\t\t<\/div>\n\t\t<div class=\"elementor-element elementor-element-iwgs-bulla-s1 e-flex e-con-boxed e-con e-parent\" data-id=\"iwgs-bulla-s1\" data-element_type=\"container\" data-e-type=\"container\">\n\t\t\t\t\t<div class=\"e-con-inner\">\n\t\t\t\t<div class=\"elementor-element elementor-element-iwgs-bulla-s1h elementor-widget elementor-widget-heading\" data-id=\"iwgs-bulla-s1h\" data-element_type=\"widget\" data-e-type=\"widget\" data-widget_type=\"heading.default\">\n\t\t\t\t\t<h2 class=\"elementor-heading-title elementor-size-default\">Nafn og ger\u00f0<\/h2>\t\t\t\t<\/div>\n\t\t<div class=\"elementor-element elementor-element-iwgs-bulla-s1box e-con-full e-flex e-con e-parent\" data-id=\"iwgs-bulla-s1box\" data-element_type=\"container\" data-e-type=\"container\">\n\t\t\t\t<div class=\"elementor-element elementor-element-iwgs-bulla-s1t elementor-widget elementor-widget-text-editor\" data-id=\"iwgs-bulla-s1t\" data-element_type=\"widget\" data-e-type=\"widget\" data-widget_type=\"text-editor.default\">\n\t\t\t\t\t\t\t\t\t<p>Latneska or\u00f0i\u00f0 bulla merkti upphaflega eitthva\u00f0 hringlaga, bl\u00f6\u00f0ru e\u00f0a bungu. Nafni\u00f0 v\u00edsar \u00feannig til \u00fatlits gripsins, sem haf\u00f0i oftast r\u00fanna\u00f0a, k\u00fapta l\u00f6gun.<\/p><p>Bullan samanst\u00f3\u00f0 venjulega af tveimur k\u00faptum hlutum sem voru tengdir saman \u00ed flatt, hringlaga hylki. \u00deessi linsulaga form er algengasta \u00fatlit bullunnar. H\u00fan l\u00edkist l\u00edtilli, flatri \u00f6skju.<\/p><p>\u00c1 bullunni var lykkja sem sn\u00fara e\u00f0a ke\u00f0ja var dregin gegnum. \u00deannig m\u00e1tti bera <span class=\"iwg-fachbegriff\" data-tooltip=\"Borinn hlutur sem talinn er hafa verndandi, \u00f3heillaverjandi \u00e1hrif.\" tabindex=\"0\">verndargripinn<\/span> um h\u00e1lsinn og hann l\u00e1 \u00e1 brj\u00f3sti barnsins.<\/p><p>St\u00e6r\u00f0 bullunnar var takm\u00f6rku\u00f0, enda var h\u00fan ger\u00f0 fyrir barn og \u00e1tti a\u00f0 vera \u00fe\u00e6gilegt a\u00f0 bera hana. H\u00fan var l\u00edtill, handh\u00e6gur hlutur sem barni\u00f0 haf\u00f0i st\u00f6\u00f0ugt me\u00f0 s\u00e9r.<\/p><p>Innan \u00ed linsulaga bullunni var l\u00edti\u00f0 holr\u00fam. \u00deetta holr\u00fam var afgerandi fyrir verndarhlutverki\u00f0, \u00fev\u00ed \u00fea\u00f0 geymdi hi\u00f0 eiginlega verndandi innihald.<\/p><p>Bullan var \u00feannig ekki mass\u00edfur hlutur, heldur hylki. Form hennar fylgdi \u00feessu hlutverki. H\u00fan var ger\u00f0 til a\u00f0 umlykja innihald og bera \u00e1 l\u00edkama barnsins.<\/p>\t\t\t\t\t\t\t\t<\/div>\n\t\t\t\t<\/div>\n\t\t\t\t\t<\/div>\n\t\t\t\t<\/div>\n\t\t<div class=\"elementor-element elementor-element-iwgs-bulla-s2 e-flex e-con-boxed e-con e-parent\" data-id=\"iwgs-bulla-s2\" data-element_type=\"container\" data-e-type=\"container\">\n\t\t\t\t\t<div class=\"e-con-inner\">\n\t\t\t\t<div class=\"elementor-element elementor-element-iwgs-bulla-s2h elementor-widget elementor-widget-heading\" data-id=\"iwgs-bulla-s2h\" data-element_type=\"widget\" data-e-type=\"widget\" data-widget_type=\"heading.default\">\n\t\t\t\t\t<h2 class=\"elementor-heading-title elementor-size-default\">Verndargripur frj\u00e1lsborinna barna<\/h2>\t\t\t\t<\/div>\n\t\t<div class=\"elementor-element elementor-element-iwgs-bulla-s2box e-con-full e-flex e-con e-parent\" data-id=\"iwgs-bulla-s2box\" data-element_type=\"container\" data-e-type=\"container\">\n\t\t\t\t<div class=\"elementor-element elementor-element-iwgs-bulla-s2t elementor-widget elementor-widget-text-editor\" data-id=\"iwgs-bulla-s2t\" data-element_type=\"widget\" data-e-type=\"widget\" data-widget_type=\"text-editor.default\">\n\t\t\t\t\t\t\t\t\t<p>Bullan var bundin \u00e1kve\u00f0inni st\u00f6\u00f0u. H\u00fan var <span class=\"iwg-fachbegriff\" data-tooltip=\"Borinn hlutur sem talinn er hafa verndandi, \u00f3heillaverjandi \u00e1hrif.\" tabindex=\"0\">verndargripur<\/span> frj\u00e1lsborinna barna, \u00feeirra barna sem f\u00e6ddust sem frj\u00e1lsir borgarar og ekki sem \u00f3frj\u00e1lsir.<\/p><p>Bullan var sett \u00e1 barni\u00f0 snemma, \u00e1 fyrstu d\u00f6gum eftir f\u00e6\u00f0ingu. Hj\u00e1 drengjum var \u00fea\u00f0 oft gert \u00ed tengslum vi\u00f0 \u00feann dag sem barni\u00f0 f\u00e9kk nafn sitt. Fr\u00e1 \u00feeim t\u00edmapunkti fylgdi bullan barninu.<\/p><p>\u00deannig var bullan ekki a\u00f0eins verndargripur, heldur einnig s\u00fdnilegt t\u00e1kn. S\u00e1 sem s\u00e1 barn me\u00f0 bullu vissi \u00fear me\u00f0 a\u00f0 \u00fea\u00f0 v\u00e6ri frj\u00e1lsbori\u00f0. <span class=\"iwg-fachbegriff\" data-tooltip=\"Borinn hlutur sem talinn er hafa verndandi, \u00f3heillaverjandi \u00e1hrif.\" tabindex=\"0\">Verndargripurinn<\/span> skildi frj\u00e1lsborin b\u00f6rn fr\u00e1 \u00f3frj\u00e1lsum.<\/p><p>\u00deessi tenging verndar og st\u00f6\u00f0ut\u00e1kns er uppl\u00fdsandi. H\u00fan s\u00fdnir a\u00f0 verndargripur gat jafnframt bori\u00f0 samf\u00e9lagslega yfirl\u00fdsingu. Bullan var\u00f0veitti barni\u00f0 og setti \u00fea\u00f0 samt\u00edmis \u00ed samf\u00e9lagslega st\u00f6\u00f0u.<\/p><p>Bullan tengdist s\u00e9rstaklega drengjum, \u00fev\u00ed notkun hennar var bundin l\u00edfshlaupi drengsins allt til \u00e1kve\u00f0ins t\u00edmapunkts. En st\u00falkur \u00far frj\u00e1lsbornum fj\u00f6lskyldum g\u00e1tu einnig bori\u00f0 bullu e\u00f0a tengdan <span class=\"iwg-fachbegriff\" data-tooltip=\"Borinn hlutur sem talinn er hafa verndandi, \u00f3heillaverjandi \u00e1hrif.\" tabindex=\"0\">verndargrip<\/span>.<\/p><p>Bullan var \u00feannig t\u00e1kn \u00e6sku\u00e1rana innan hins frj\u00e1lsa r\u00f3mverska samf\u00e9lags. H\u00fan tilheyr\u00f0i \u00fev\u00ed \u00e6viskei\u00f0i \u00feegar barni\u00f0 var enn ekki or\u00f0i\u00f0 fullor\u00f0i\u00f0 og naut s\u00e9rstakrar verndar.<\/p>\t\t\t\t\t\t\t\t<\/div>\n\t\t\t\t<\/div>\n\t\t\t\t\t<\/div>\n\t\t\t\t<\/div>\n\t\t<div class=\"elementor-element elementor-element-iwgs-bulla-s3 e-flex e-con-boxed e-con e-parent\" data-id=\"iwgs-bulla-s3\" data-element_type=\"container\" data-e-type=\"container\">\n\t\t\t\t\t<div class=\"e-con-inner\">\n\t\t\t\t<div class=\"elementor-element elementor-element-iwgs-bulla-s3h elementor-widget elementor-widget-heading\" data-id=\"iwgs-bulla-s3h\" data-element_type=\"widget\" data-e-type=\"widget\" data-widget_type=\"heading.default\">\n\t\t\t\t\t<h2 class=\"elementor-heading-title elementor-size-default\">Efni: gull og einfaldir efnivi\u00f0<\/h2>\t\t\t\t<\/div>\n\t\t<div class=\"elementor-element elementor-element-iwgs-bulla-s3box e-con-full e-flex e-con e-parent\" data-id=\"iwgs-bulla-s3box\" data-element_type=\"container\" data-e-type=\"container\">\n\t\t\t\t<div class=\"elementor-element elementor-element-iwgs-bulla-s3t elementor-widget elementor-widget-text-editor\" data-id=\"iwgs-bulla-s3t\" data-element_type=\"widget\" data-e-type=\"widget\" data-widget_type=\"text-editor.default\">\n\t\t\t\t\t\t\t\t\t<p>Bulla var ger\u00f0 \u00far \u00fdmsum efnum. Efnisvali\u00f0 r\u00e9\u00f0ist af efnahag fj\u00f6lskyldunnar. \u00dear kemur fram a\u00f0 <span class=\"iwg-fachbegriff\" data-tooltip=\"Ath\u00f6fn sem var\u00f0veitt hefur veri\u00f0 og er endurtekin regluglega innan samf\u00e9lags.\" tabindex=\"0\">si\u00f0urinn<\/span> n\u00e1\u00f0i til allra st\u00e9tta hins frj\u00e1lsborna f\u00f3lks.<\/p><p>Efna\u00f0ar fj\u00f6lskyldur l\u00e9tu sm\u00ed\u00f0a bullu fyrir b\u00f6rn s\u00edn \u00far gulli. Gullbulla var d\u00fdrgripur og bar vott um velmegun og vir\u00f0ingu fj\u00f6lskyldunnar.<\/p><p>F\u00e1t\u00e6kari fj\u00f6lskyldur h\u00f6f\u00f0u ekki efni \u00e1 gulli. Bulla barna \u00feeirra var \u00far einfaldari efnum, til d\u00e6mis le\u00f0ri e\u00f0a \u00f3\u00e6\u00f0ri m\u00e1lmi. Sl\u00edk bulla \u00fej\u00f3na\u00f0i s\u00ednum tilgangi sem verndargripur ekki s\u00ed\u00f0ur.<\/p><p>Mikilv\u00e6gt er a\u00f0 efnisvir\u00f0i breytti engu um verndarm\u00e1tt gripsins. Le\u00f0urbulla f\u00e1t\u00e6ka barnsins veitti s\u00f6mu vernd og gullbulla efna\u00f0a barnsins. \u00dea\u00f0 sem skipti m\u00e1li var <span class=\"iwg-fachbegriff\" data-tooltip=\"Hlutur sem borinn er \u00e1 s\u00e9r og talinn hafa verndandi, \u00f3g\u00e6fuhrekjandi m\u00e1tt.\" tabindex=\"0\">verndargripurinn<\/span> sj\u00e1lfur, ekki efni hans.<\/p><p>\u00deetta bil fr\u00e1 gulli til le\u00f0urs er algengt einkenni verndargripa. \u00d6nnur verndargripir voru einnig ger\u00f0ir \u00ed d\u00fdrum og einf\u00f6ldum \u00fatf\u00e6rslum, eftir efnum \u00feess sem bar \u00feau.<\/p><p>Bulla var \u00fear me\u00f0 ekki forr\u00e9ttindi hinna r\u00edku. H\u00fan var verndarsi\u00f0ur sem n\u00e1\u00f0i til allrar hinnar frj\u00e1lsu \u00fej\u00f3\u00f0ar. Hvert frj\u00e1lsbori\u00f0 barn \u00e1tti a\u00f0 f\u00e1 bullu, hversu efnu\u00f0 sem fj\u00f6lskylda \u00feess var.<\/p>\t\t\t\t\t\t\t\t<\/div>\n\t\t\t\t<\/div>\n\t\t\t\t\t<\/div>\n\t\t\t\t<\/div>\n\t\t<div class=\"elementor-element elementor-element-iwgs-bulla-s4 e-flex e-con-boxed e-con e-parent\" data-id=\"iwgs-bulla-s4\" data-element_type=\"container\" data-e-type=\"container\">\n\t\t\t\t\t<div class=\"e-con-inner\">\n\t\t\t\t<div class=\"elementor-element elementor-element-iwgs-bulla-s4h elementor-widget elementor-widget-heading\" data-id=\"iwgs-bulla-s4h\" data-element_type=\"widget\" data-e-type=\"widget\" data-widget_type=\"heading.default\">\n\t\t\t\t\t<h2 class=\"elementor-heading-title elementor-size-default\">Hi\u00f0 hulda innihald<\/h2>\t\t\t\t<\/div>\n\t\t<div class=\"elementor-element elementor-element-iwgs-bulla-s4box e-con-full e-flex e-con e-parent\" data-id=\"iwgs-bulla-s4box\" data-element_type=\"container\" data-e-type=\"container\">\n\t\t\t\t<div class=\"elementor-element elementor-element-iwgs-bulla-s4t elementor-widget elementor-widget-text-editor\" data-id=\"iwgs-bulla-s4t\" data-element_type=\"widget\" data-e-type=\"widget\" data-widget_type=\"text-editor.default\">\n\t\t\t\t\t\t\t\t\t<p>Bulla var hylki, og verndarm\u00e1ttur hennar var n\u00e1tengdur innihaldi hennar. \u00cd holr\u00fdmi bullunnar var verndandi hlutur.<\/p><p>Um e\u00f0li \u00feessa innihalds gefa heimildir v\u00edsbendingar. Um getur veri\u00f0 a\u00f0 r\u00e6\u00f0a l\u00edtinn <span class=\"iwg-fachbegriff\" data-tooltip=\"Hlutur sem borinn er \u00e1 s\u00e9r og talinn hafa verndandi, \u00f3g\u00e6fuhrekjandi m\u00e1tt.\" tabindex=\"0\">verndargrip<\/span>, hlut sem eigna\u00f0ur var fr\u00e1hrekjandi kraftur. Sl\u00edkir verndarhlutir voru \u00fatbreiddir \u00ed hinum fornaldarheimi.<\/p><p>Innihaldi\u00f0 var huli\u00f0 innan bullunnar. Utan fr\u00e1 s\u00e1st a\u00f0eins r\u00fanna\u00f0a hylki\u00f0, ekki \u00fea\u00f0 sem \u00fea\u00f0 umlukti. \u00deessi felun er endurteki\u00f0 einkenni verndargripahylkja.<\/p><p>\u00dear me\u00f0 fylgir bulla mynstri sem birtist \u00ed m\u00f6rgum menningarheimum. Hi\u00f0 eiginlega verkandi er ekki s\u00fdnilegt heldur vari\u00f0 \u00ed hylki. Skelin ber og var\u00f0veitir, hinn hulinn kjarni verkar.<\/p><p>Sama mynstur finnst \u00ed t\u00edbetska verndargripaskr\u00ednum og \u00ed jap\u00f6nsku verndarpokunum. \u00deau umlykja l\u00edka hulinn, verndandi kjarna. Bulla er hin r\u00f3mverska \u00fatg\u00e1fa af \u00feessari \u00fatbreiddu hugmynd.<\/p><p>Bulla s\u00fdnir \u00fear me\u00f0 a\u00f0 verndarhef\u00f0ir heimsins b\u00faa yfir samsvarandi grunnformum. Bur\u00f0arhylki fyrir huli\u00f0, verndandi innihald er lausn sem margir menningarheimar hafa fundi\u00f0 hver \u00ed s\u00ednu horni.<\/p>\t\t\t\t\t\t\t\t<\/div>\n\t\t\t\t<\/div>\n\t\t\t\t\t<\/div>\n\t\t\t\t<\/div>\n\t\t<div class=\"elementor-element elementor-element-iwgs-bulla-s5 e-flex e-con-boxed e-con e-parent\" data-id=\"iwgs-bulla-s5\" data-element_type=\"container\" data-e-type=\"container\">\n\t\t\t\t\t<div class=\"e-con-inner\">\n\t\t\t\t<div class=\"elementor-element elementor-element-iwgs-bulla-s5h elementor-widget elementor-widget-heading\" data-id=\"iwgs-bulla-s5h\" data-element_type=\"widget\" data-e-type=\"widget\" data-widget_type=\"heading.default\">\n\t\t\t\t\t<h2 class=\"elementor-heading-title elementor-size-default\">Vernd gegn hinu illa auga<\/h2>\t\t\t\t<\/div>\n\t\t<div class=\"elementor-element elementor-element-iwgs-bulla-s5box e-con-full e-flex e-con e-parent\" data-id=\"iwgs-bulla-s5box\" data-element_type=\"container\" data-e-type=\"container\">\n\t\t\t\t<div class=\"elementor-element elementor-element-iwgs-bulla-s5t elementor-widget elementor-widget-text-editor\" data-id=\"iwgs-bulla-s5t\" data-element_type=\"widget\" data-e-type=\"widget\" data-widget_type=\"text-editor.default\">\n\t\t\t\t\t\t\t\t\t<p>Bulla \u00e1tti a\u00f0 vernda barni\u00f0 fr\u00e1 \u00f3g\u00e6fu. S\u00e9rst\u00f6k h\u00e6tta sem h\u00fan beindist gegn var illt auga. Tr\u00fain \u00e1 illt auga var r\u00f3tgr\u00f3in \u00ed r\u00f3mverskum heimi.<\/p><p>Samkv\u00e6mt \u00feeirri hugmynd gat augnar\u00e1\u00f0 valdi\u00f0 ska\u00f0a, oft bori\u00f0 af \u00f6fund. R\u00f3mverjar h\u00f6f\u00f0u s\u00e9rstakt or\u00f0 fyrir \u00feennan ska\u00f0lega m\u00e1tt augnar\u00e1\u00f0sins. Ung b\u00f6rn \u00fe\u00f3ttu s\u00e9rstaklega berskj\u00f6ldu\u00f0.<\/p><p>N\u00e1kv\u00e6mlega vegna \u00feess a\u00f0 b\u00f6rn voru talin vi\u00f0kv\u00e6m og \u00e1 sama t\u00edma \u00f6fundsver\u00f0, \u00feurftu \u00feau, samkv\u00e6mt r\u00f3mverskri hugsun, s\u00e9rstaka vernd. Bulla veitti \u00feessa vernd. H\u00fan fylgdi barninu gegnum fyrstu \u00e6vi\u00e1rin sem talin voru h\u00e6ttuleg.<\/p><p>Illt auga var \u00fe\u00f3 ekki eina h\u00e6ttan. Bulla \u00e1tti almennt a\u00f0 vernda barni\u00f0 fr\u00e1 ska\u00f0legum m\u00e1ttum og \u00f3g\u00e6fu. H\u00fan var alhli\u00f0a verndargripur fyrir barn\u00e6skuna.<\/p><p>Me\u00f0 \u00feessari \u00e1herslu \u00e1 vernd barna stendur bulla \u00ed st\u00f3rri, menningarlegri r\u00f6\u00f0 sem n\u00e6r yfir margar hef\u00f0ir. \u00cd mj\u00f6g m\u00f6rgum menningarheimum sn\u00faast mikilv\u00e6gustu verndargripirnir um f\u00e6\u00f0ingu og fyrstu barn\u00e6sku.<\/p><p>Bulla er r\u00f3mverska svari\u00f0 vi\u00f0 \u00feessari \u00fatbreiddu umhyggju. H\u00fan s\u00fdnir a\u00f0 jafnvel \u00ed hinu h\u00e1\u00fer\u00f3a\u00f0a r\u00f3mverska samf\u00e9lagi var vernd barnsins \u00e1r\u00ed\u00f0andi m\u00e1l, sem s\u00e9rstakur <span class=\"iwg-fachbegriff\" data-tooltip=\"Hlutur sem borinn er \u00e1 s\u00e9r og talinn hafa verndandi, \u00f3g\u00e6fuhrekjandi m\u00e1tt.\" tabindex=\"0\">verndargripur<\/span> var helga\u00f0ur.<\/p>\t\t\t\t\t\t\t\t<\/div>\n\t\t\t\t<\/div>\n\t\t\t\t\t<\/div>\n\t\t\t\t<\/div>\n\t\t<div class=\"elementor-element elementor-element-iwgs-bulla-s6 e-flex e-con-boxed e-con e-parent\" data-id=\"iwgs-bulla-s6\" data-element_type=\"container\" data-e-type=\"container\">\n\t\t\t\t\t<div class=\"e-con-inner\">\n\t\t\t\t<div class=\"elementor-element elementor-element-iwgs-bulla-s6h elementor-widget elementor-widget-heading\" data-id=\"iwgs-bulla-s6h\" data-element_type=\"widget\" data-e-type=\"widget\" data-widget_type=\"heading.default\">\n\t\t\t\t\t<h2 class=\"elementor-heading-title elementor-size-default\">A\u00f0 leggja bulluna af<\/h2>\t\t\t\t<\/div>\n\t\t<div class=\"elementor-element elementor-element-iwgs-bulla-s6box e-con-full e-flex e-con e-parent\" data-id=\"iwgs-bulla-s6box\" data-element_type=\"container\" data-e-type=\"container\">\n\t\t\t\t<div class=\"elementor-element elementor-element-iwgs-bulla-s6t elementor-widget elementor-widget-text-editor\" data-id=\"iwgs-bulla-s6t\" data-element_type=\"widget\" data-e-type=\"widget\" data-widget_type=\"text-editor.default\">\n\t\t\t\t\t\t\t\t\t<p>Bulla var ekki borin allt l\u00edfi\u00f0. Notkun hennar var bundin vi\u00f0 barn\u00e6sku. Vi\u00f0 umskiptin til fullor\u00f0ins\u00e1ra var bullan l\u00f6g\u00f0 af.<\/p><p>Hj\u00e1 drengjum voru \u00feessi umskipti bundin fastri <span class=\"iwg-fachbegriff\" data-tooltip=\"Ath\u00f6fn sem var\u00f0veitt hefur veri\u00f0 og er endurtekin regluglega innan samf\u00e9lags.\" tabindex=\"0\">venju<\/span>. \u00deegar drengur n\u00e1\u00f0i tilteknum aldri lag\u00f0i hann af barnafatna\u00f0inn og t\u00f3k upp kl\u00e6\u00f0i fullvaxta manns, einfalda hv\u00edta t\u00f3guna.<\/p><p>\u00c1 \u00feessum degi var bullan einnig l\u00f6g\u00f0 af. Ungi ma\u00f0urinn \u00feurfti ekki lengur \u00e1 barna-verndargripnum a\u00f0 halda, enda var hann n\u00fa talinn fullvaxinn. A\u00f0 leggja bulluna af var eitt af s\u00fdnilegum t\u00e1knum \u00feessara umskipta.<\/p><p>Bullunni sem l\u00f6g\u00f0 var af var ekki fleygt. H\u00fan var <span class=\"iwg-fachbegriff\" data-tooltip=\"V\u00edg\u00f0 me\u00f0 tr\u00faarlegri ath\u00f6fn og \u00fear me\u00f0 tekin \u00far hinu hversdagslega.\" tabindex=\"0\">helgu\u00f0<\/span> h\u00fasgu\u00f0unum, l\u00f6runum, sem g\u00e6ttu h\u00fassins og fj\u00f6lskyldunnar. \u00c1 s\u00ed\u00f0unni um <a href=\"https:\/\/iwell-guard.com\/is\/?page_id=169026\">larana<\/a> er n\u00e1nar fjalla\u00f0 um \u00feessa verndaranda.<\/p><p>\u00deessi <span class=\"iwg-fachbegriff\" data-tooltip=\"Ath\u00f6fn sem hlutur, sta\u00f0ur e\u00f0a manneskja er helgu\u00f0 tr\u00faarlegu svi\u00f0i.\" tabindex=\"0\">helgunin<\/span> \u00e1 bullunni til laranna er uppl\u00fdsandi. <span class=\"iwg-fachbegriff\" data-tooltip=\"Hlutur sem borinn er \u00e1 s\u00e9r og talinn hafa verndandi, \u00f3g\u00e6fuhrekjandi m\u00e1tt.\" tabindex=\"0\">Verndargripurinn<\/span>, sem haf\u00f0i vari\u00f0 barni\u00f0, sneri \u00feannig til hinna verndandi m\u00e1tta h\u00fassins. Vernd barnsins var \u00fear me\u00f0 loki\u00f0 \u00e1 h\u00e1t\u00ed\u00f0legan h\u00e1tt.<\/p><p>A\u00f0 leggja bulluna af s\u00fdnir a\u00f0 \u00feessi <span class=\"iwg-fachbegriff\" data-tooltip=\"Hlutur sem borinn er \u00e1 s\u00e9r og talinn hafa verndandi, \u00f3g\u00e6fuhrekjandi m\u00e1tt.\" tabindex=\"0\">verndargripur<\/span> var n\u00e1tengdur l\u00edfshlaupi einstaklingsins. Hann var settur \u00e1 eftir f\u00e6\u00f0ingu og lag\u00f0ur af \u00ed <span class=\"iwg-fachbegriff\" data-tooltip=\"Skipul\u00f6g\u00f0 runa t\u00e1knr\u00e6nna athafna me\u00f0 tr\u00faarlegri e\u00f0a menningarlegri merkingu.\" tabindex=\"0\">helgisi\u00f0i<\/span> \u00e1 fullor\u00f0insaldri. Bulla fylgdi manninum n\u00e1kv\u00e6mlega \u00e1 \u00feeim t\u00edma \u00feegar hann, sem barn, \u00feurfti s\u00e9rstaka vernd.<\/p>\t\t\t\t\t\t\t\t<\/div>\n\t\t\t\t<\/div>\n\t\t\t\t\t<\/div>\n\t\t\t\t<\/div>\n\t\t<div class=\"elementor-element elementor-element-iwgs-bulla-s7 e-flex e-con-boxed e-con e-parent\" data-id=\"iwgs-bulla-s7\" data-element_type=\"container\" data-e-type=\"container\">\n\t\t\t\t\t<div class=\"e-con-inner\">\n\t\t\t\t<div class=\"elementor-element elementor-element-iwgs-bulla-s7h elementor-widget elementor-widget-heading\" data-id=\"iwgs-bulla-s7h\" data-element_type=\"widget\" data-e-type=\"widget\" data-widget_type=\"heading.default\">\n\t\t\t\t\t<h2 class=\"elementor-heading-title elementor-size-default\">Etr\u00faskur uppruni og lunula<\/h2>\t\t\t\t<\/div>\n\t\t<div class=\"elementor-element elementor-element-iwgs-bulla-s7box e-con-full e-flex e-con e-parent\" data-id=\"iwgs-bulla-s7box\" data-element_type=\"container\" data-e-type=\"container\">\n\t\t\t\t<div class=\"elementor-element elementor-element-iwgs-bulla-s7t elementor-widget elementor-widget-text-editor\" data-id=\"iwgs-bulla-s7t\" data-element_type=\"widget\" data-e-type=\"widget\" data-widget_type=\"text-editor.default\">\n\t\t\t\t\t\t\t\t\t<p>S\u00e1 <span class=\"iwg-fachbegriff\" data-tooltip=\"Hef\u00f0bundin ath\u00f6fn sem endurtekin er reglulega innan samf\u00e9lags.\" tabindex=\"0\">si\u00f0ur<\/span> a\u00f0 bera bullu er ekki upprunninn \u00ed R\u00f3m sj\u00e1lfri. Margt bendir til \u00feess a\u00f0 R\u00f3mverjar hafi teki\u00f0 hann upp fr\u00e1 Etr\u00farum, \u00fej\u00f3\u00f0 sem bj\u00f3 \u00e1 \u00cdtal\u00edu b\u00e6\u00f0i fyrir og samhli\u00f0a R\u00f3m.<\/p><p>Etr\u00farar \u00e1ttu s\u00e9r r\u00edka menningu og R\u00f3mverjar t\u00f3ku upp fj\u00f6lmarga si\u00f0i og t\u00e1kn fr\u00e1 \u00feeim. Bullan heyrir til \u00feessarar etr\u00farsku arfleif\u00f0ar sem s\u00ed\u00f0ar rann inn \u00ed hinn r\u00f3mverska heim.<\/p><p>Innan r\u00f3mverskra verndarsi\u00f0a st\u00f3\u00f0 bullan ekki eins\u00f6mul. \u00dear sem bullan var s\u00e9rstaklega bundin drengjum b\u00e1ru st\u00falkur oft anna\u00f0 <span class=\"iwg-fachbegriff\" data-tooltip=\"Hlutur sem borinn er \u00e1 l\u00edkamanum og sag\u00f0ur hafa verndandi, \u00f3g\u00e6fuafvarandi m\u00e1tt.\" tabindex=\"0\">verndargrip<\/span>, lunulu.<\/p><p>Lunulan var h\u00e1lfm\u00e1nalaga hengi. Form hennar, m\u00e1nasig\u00f0in, er fornt verndart\u00e1kn sem finnst \u00ed m\u00f6rgum menningarheimum. Lunulan var \u00feannig hli\u00f0st\u00e6\u00f0a bullunnar fyrir st\u00falkur.<\/p><p>Bulla og lunula s\u00fdna \u00fev\u00ed a\u00f0 r\u00f3mverskt samf\u00e9lag haf\u00f0i m\u00f3ta\u00f0 n\u00e1kv\u00e6mar reglur um verndun barna. S\u00e9rstakir verndargripir voru til og notkun \u00feeirra tengdist b\u00e6\u00f0i kyni og l\u00edfsferli barnanna.<\/p><p>Bullan er \u00feannig hluti af heilu kerfi barnaverndargripa. H\u00fan var ekki einstakur hlutur heldur f\u00e9ll inn \u00ed skipulag\u00f0a verndarh\u00e6tti sem \u00e1tti a\u00f0 n\u00e1 til hvers frj\u00e1lsborins barns.<\/p>\t\t\t\t\t\t\t\t<\/div>\n\t\t\t\t<\/div>\n\t\t\t\t\t<\/div>\n\t\t\t\t<\/div>\n\t\t<div class=\"elementor-element elementor-element-iwgs-bulla-s8 e-flex e-con-boxed e-con e-parent\" data-id=\"iwgs-bulla-s8\" data-element_type=\"container\" data-e-type=\"container\">\n\t\t\t\t\t<div class=\"e-con-inner\">\n\t\t\t\t<div class=\"elementor-element elementor-element-iwgs-bulla-s8h elementor-widget elementor-widget-heading\" data-id=\"iwgs-bulla-s8h\" data-element_type=\"widget\" data-e-type=\"widget\" data-widget_type=\"heading.default\">\n\t\t\t\t\t<h2 class=\"elementor-heading-title elementor-size-default\">M\u00f3tt\u00f6kur \u00ed dag<\/h2>\t\t\t\t<\/div>\n\t\t<div class=\"elementor-element elementor-element-iwgs-bulla-s8box e-con-full e-flex e-con e-parent\" data-id=\"iwgs-bulla-s8box\" data-element_type=\"container\" data-e-type=\"container\">\n\t\t\t\t<div class=\"elementor-element elementor-element-iwgs-bulla-s8t elementor-widget elementor-widget-text-editor\" data-id=\"iwgs-bulla-s8t\" data-element_type=\"widget\" data-e-type=\"widget\" data-widget_type=\"text-editor.default\">\n\t\t\t\t\t\t\t\t\t<p>Bullan er \u00ed dag ekki lengur lifandi <span class=\"iwg-fachbegriff\" data-tooltip=\"Hef\u00f0bundin ath\u00f6fn sem endurtekin er reglulega innan samf\u00e9lags.\" tabindex=\"0\">si\u00f0ur<\/span>. Me\u00f0 endalokum r\u00f3mverskrar <span class=\"iwg-fachbegriff\" data-tooltip=\"T\u00edmabil gr\u00edskrar og r\u00f3mverskrar menningar, um \u00fea\u00f0 bil 800 f.Kr. til 600 e.Kr.\" tabindex=\"0\">fornaldar<\/span> lag\u00f0ist notkun bullunnar af. H\u00fan er verndargripur li\u00f0innar t\u00ed\u00f0ar.<\/p><p>\u00der\u00e1tt fyrir \u00fea\u00f0 er bullan vel kunn. Hennar er vitna\u00f0 \u00ed fj\u00f6lm\u00f6rgum fundargripum, og <span class=\"iwg-fachbegriff\" data-tooltip=\"T\u00edmabil gr\u00edskrar og r\u00f3mverskrar menningar, um \u00fea\u00f0 bil 800 f.Kr. til 600 e.Kr.\" tabindex=\"0\">fornaldar<\/span> rith\u00f6fundar greina fr\u00e1 henni. Af \u00feessum heimildum m\u00e1 rekja <span class=\"iwg-fachbegriff\" data-tooltip=\"Hef\u00f0bundin ath\u00f6fn sem endurtekin er reglulega innan samf\u00e9lags.\" tabindex=\"0\">si\u00f0inn<\/span> n\u00e1kv\u00e6mlega.<\/p><p>\u00cd s\u00f6fnum margra safna hafa bullur var\u00f0veist, s\u00e9rstaklega d\u00fdrm\u00e6tir gripir \u00far gulli. \u00deeir s\u00fdna \u00fe\u00e1 al\u00fa\u00f0 sem R\u00f3mverjar s\u00fdndu er \u00feeir bjuggu b\u00f6rn s\u00edn verndargrip.<\/p><p>Fyrir ranns\u00f3knir \u00e1 daglegu l\u00edfi R\u00f3mverja er bullan mikilv\u00e6g heimild. H\u00fan s\u00fdnir hvernig <span class=\"iwg-fachbegriff\" data-tooltip=\"T\u00edmabil gr\u00edskrar og r\u00f3mverskrar menningar, um \u00fea\u00f0 bil 800 f.Kr. til 600 e.Kr.\" tabindex=\"0\">fornaldar<\/span> samf\u00e9lag m\u00f3ta\u00f0i verndun barna og hversu n\u00e1tengd s\u00fa verndun var l\u00edfsferli og samf\u00e9lagsst\u00f6\u00f0u.<\/p><p>Bullan er auk \u00feess l\u00e6rd\u00f3msr\u00edkt d\u00e6mi innan verndarhef\u00f0a heimsins. H\u00fan sameinar nokkur grunnmynstur: hylki\u00f0 me\u00f0 falinni kjarna, v\u00f6rn gegn hinu illa auga og \u00e1herslu \u00e1 barni\u00f0.<\/p><p>\u00de\u00f3tt bullan s\u00e9 ekki borin lengur er h\u00fan \u00fev\u00ed \u00e1hrifamiki\u00f0 vitni. H\u00fan s\u00fdnir a\u00f0 \u00fe\u00f6rfin til a\u00f0 fylgja b\u00f6rnum me\u00f0 verndargrip er fornaldarg\u00f6mul og fann \u00ed r\u00f3mversku bullunni s\u00e9rlega \u00fatf\u00e6r\u00f0a mynd.<\/p>\t\t\t\t\t\t\t\t<\/div>\n\t\t\t\t<\/div>\n\t\t\t\t\t<\/div>\n\t\t\t\t<\/div>\n\t\t<div class=\"elementor-element elementor-element-iwgs-bulla-lit e-flex e-con-boxed e-con e-parent\" data-id=\"iwgs-bulla-lit\" data-element_type=\"container\" data-e-type=\"container\">\n\t\t\t\t\t<div class=\"e-con-inner\">\n\t\t\t\t<div class=\"elementor-element elementor-element-iwgs-bulla-lith elementor-widget elementor-widget-heading\" data-id=\"iwgs-bulla-lith\" data-element_type=\"widget\" data-e-type=\"widget\" data-widget_type=\"heading.default\">\n\t\t\t\t\t<h2 class=\"elementor-heading-title elementor-size-default\">Heimildir (\u00farval)<\/h2>\t\t\t\t<\/div>\n\t\t<div class=\"elementor-element elementor-element-iwgs-bulla-litbox e-con-full e-flex e-con e-parent\" data-id=\"iwgs-bulla-litbox\" data-element_type=\"container\" data-e-type=\"container\">\n\t\t\t\t<div class=\"elementor-element elementor-element-iwgs-bulla-litt elementor-widget elementor-widget-html\" data-id=\"iwgs-bulla-litt\" data-element_type=\"widget\" data-e-type=\"widget\" data-widget_type=\"html.default\">\n\t\t\t\t\t<footer data-nosnippet=\"true\"><ul><li>J\u00e9r\u00f4me Carcopino: <em>Das t\u00e4gliche Leben im alten Rom<\/em> (1939)<\/li><li>Fritz Graf: <em>Gottesn\u00e4he und Schadenzauber. Die Magie in der griechisch-r\u00f6mischen Antike<\/em> (1996)<\/li><li>Beryl Rawson: <em>Children and Childhood in Roman Italy<\/em> (2003)<\/li><li>John R. Clarke: <em>Art in the Lives of Ordinary Romans<\/em> (2003)<\/li><li>Kurt Latte: <em>R\u00f6mische Religionsgeschichte<\/em> (1960)<\/li><\/ul><\/footer>\t\t\t\t<\/div>\n\t\t\t\t<\/div>\n\t\t\t\t\t<\/div>\n\t\t\t\t<\/div>\n\t\t<div class=\"elementor-element elementor-element-iwgs-bulla-kwd e-flex e-con-boxed e-con e-parent\" data-id=\"iwgs-bulla-kwd\" data-element_type=\"container\" data-e-type=\"container\">\n\t\t\t\t\t<div class=\"e-con-inner\">\n\t\t\t\t<div class=\"elementor-element elementor-element-iwgs-bulla-kwdt elementor-widget elementor-widget-text-editor\" data-id=\"iwgs-bulla-kwdt\" data-element_type=\"widget\" data-e-type=\"widget\" data-widget_type=\"text-editor.default\">\n\t\t\t\t\t\t\t\t\t<p><em>Tengd leitaror\u00f0: Bulla R\u00f3m barnaverndargripur <span class=\"iwg-fachbegriff\" data-tooltip=\"Tr\u00faarbrag\u00f0afr\u00e6\u00f0ilegt hugtak um hlut e\u00f0a t\u00e1kn me\u00f0 \u00f3g\u00e6fuafvarandi hlutverki.\" tabindex=\"0\">ap\u00f3tr\u00f3pa\u00edkon<\/span> <span class=\"iwg-fachbegriff\" data-tooltip=\"\u00datbreidd tr\u00fa um a\u00f0 \u00f6fundsj\u00fakt augnar\u00e1\u00f0 annarrar manneskju geti valdi\u00f0 ska\u00f0a.\" tabindex=\"0\">illt auga<\/span> lunula toga larar Etr\u00farar.<\/em><\/p>\t\t\t\t\t\t\t\t<\/div>\n\t\t\t\t\t<\/div>\n\t\t\t\t<\/div>\n\t\t<div class=\"elementor-element elementor-element-iwgs-bulla-cc e-flex e-con-boxed e-con e-parent\" data-id=\"iwgs-bulla-cc\" data-element_type=\"container\" data-e-type=\"container\" id=\"iwg-cc-bulla\">\n\t\t\t\t\t<div class=\"e-con-inner\">\n\t\t<div class=\"elementor-element elementor-element-iwgs-bulla-ccinner e-flex e-con-boxed e-con e-parent\" data-id=\"iwgs-bulla-ccinner\" data-element_type=\"container\" data-e-type=\"container\" data-settings=\"{&quot;background_background&quot;:&quot;classic&quot;}\">\n\t\t\t\t\t<div class=\"e-con-inner\">\n\t\t\t\t<div class=\"elementor-element elementor-element-iwgs-bulla-cch elementor-widget elementor-widget-heading\" data-id=\"iwgs-bulla-cch\" data-element_type=\"widget\" data-e-type=\"widget\" data-widget_type=\"heading.default\">\n\t\t\t\t\t<h2 class=\"elementor-heading-title elementor-size-default\">iWell Guard og verndarhef\u00f0ir<\/h2>\t\t\t\t<\/div>\n\t\t\t\t<div class=\"elementor-element elementor-element-iwgs-bulla-cct elementor-widget elementor-widget-text-editor\" data-id=\"iwgs-bulla-cct\" data-element_type=\"widget\" data-e-type=\"widget\" data-widget_type=\"text-editor.default\">\n\t\t\t\t\t\t\t\t\t<p>iWell Guard tilheyrir menningars\u00f6gulegri hef\u00f0 borinna verndargripa, \u00fear sem bullan \u00e1 sinn sess. N\u00fat\u00edmalegur f\u00f6runautur fyrir f\u00f3lk sem lifir me\u00f0 verndart\u00e1knum: framleiddur \u00ed \u00de\u00fdskalandi, 41 lag af ekta gulli, plat\u00ednu og silfri, me\u00f0 30 daga skilar\u00e9tti.<\/p>\t\t\t\t\t\t\t\t<\/div>\n\t\t\t\t<div class=\"elementor-element elementor-element-iwgs-bulla-ccb iwg-cc-button iwg-cc-cta-2026-05-13 elementor-widget elementor-widget-jet-button\" data-id=\"iwgs-bulla-ccb\" data-element_type=\"widget\" data-e-type=\"widget\" data-widget_type=\"jet-button.default\">\n\t\t\t\t<div class=\"elementor-widget-container\">\n\t\t\t\t\t<div class=\"elementor-jet-button jet-elements\"><div class=\"jet-button__container\"><a class=\"jet-button__instance jet-button__instance--icon-left hover-effect-1\" href=\"\/schutzanhaenger-iwell-guard-kaufen\/?utm_source=iwell-guard.com&amp;utm_medium=info-box&amp;utm_campaign=schutzsymbole\"><div class=\"jet-button__plane jet-button__plane-normal\"><\/div><div class=\"jet-button__plane jet-button__plane-hover\"><\/div><div class=\"jet-button__state jet-button__state-normal\"><span class=\"jet-button__label\">Meira um iWell Guard<\/span><\/div><div class=\"jet-button__state jet-button__state-hover\"><span class=\"jet-button__label\">Meira um iWell Guard<\/span><\/div><\/a><\/div><\/div><style>.elementor-element.elementor-element-iwgs-bulla-ccb .jet-button__instance{width:320px;height:56px;}.elementor-element.elementor-element-iwgs-bulla-ccb .jet-button__state-normal .jet-button__label{text-align:center;margin:0px 0px 0px 0px;color:#1a1b20;font-family:Montserrat,sans-serif;font-size:13px;font-weight:400;letter-spacing:4px;line-height:1.714em;text-transform:uppercase;}.elementor-element.elementor-element-iwgs-bulla-ccb .jet-button__state-hover .jet-button__label{text-align:center;margin:0px 0px 0px 0px;color:#FECC76;font-family:Montserrat,sans-serif;font-size:13px;font-weight:400;letter-spacing:4px;line-height:1.714em;text-transform:uppercase;}.elementor-element.elementor-element-iwgs-bulla-ccb .jet-button__plane-normal{background-color:#FECC76;border-style:solid;border-color:#C99540;border-width:2px 2px 2px 2px;}.elementor-element.elementor-element-iwgs-bulla-ccb .jet-button__plane-hover{background-color:rgba(0,0,0,0.55);border-style:solid;border-color:#FECC76;border-width:2px 2px 2px 2px;}<\/style>\t\t\t\t<\/div>\n\t\t\t\t<\/div>\n\t\t\t\t<div class=\"elementor-element elementor-element-iwgs-bulla-ccd elementor-widget elementor-widget-text-editor\" data-id=\"iwgs-bulla-ccd\" data-element_type=\"widget\" data-e-type=\"widget\" data-widget_type=\"text-editor.default\">\n\t\t\t\t\t\t\t\t\t<p style=\"text-align:center;font-size:13px;opacity:0.7;margin-top:14px\" data-nosnippet=\"true\">Pers\u00f3nuleg reynsla getur veri\u00f0 mismunandi. Ekki l\u00e6kningat\u00e6ki. Engin lofor\u00f0 um l\u00e6kningu.<\/p>\t\t\t\t\t\t\t\t<\/div>\n\t\t\t\t\t<\/div>\n\t\t\t\t<\/div>\n\t\t\t\t\t<\/div>\n\t\t\t\t<\/div>\n\t\t<div class=\"elementor-element elementor-element-iwgs-bulla-disc e-flex e-con-boxed e-con e-parent\" data-id=\"iwgs-bulla-disc\" data-element_type=\"container\" data-e-type=\"container\">\n\t\t\t\t\t<div class=\"e-con-inner\">\n\t\t\t\t<div class=\"elementor-element elementor-element-iwgs-bulla-discw elementor-widget elementor-widget-html\" data-id=\"iwgs-bulla-discw\" data-element_type=\"widget\" data-e-type=\"widget\" data-widget_type=\"html.default\">\n\t\t\t\t\t<footer data-nosnippet=\"true\" class=\"iwg-disclaimer-block\"><p data-nosnippet=\"true\">iWell Guard er <strong>ekki l\u00e6kningat\u00e6ki<\/strong> og kemur ekki \u00ed sta\u00f0 l\u00e6knis- e\u00f0a s\u00e1lfr\u00e6\u00f0ime\u00f0fer\u00f0ar. Innihaldi\u00f0 sem h\u00e9r er sett fram er tr\u00faarbrag\u00f0afr\u00e6\u00f0ileg og menningars\u00f6gulega greining, ekki lofor\u00f0 um andlega virkni.<\/p><\/footer>\t\t\t\t<\/div>\n\t\t\t\t\t<\/div>\n\t\t\t\t<\/div>\n\t\t\t\t<\/div>\n\t\t","protected":false},"excerpt":{"rendered":"","protected":false},"author":3,"featured_media":3503,"parent":0,"menu_order":0,"comment_status":"closed","ping_status":"closed","template":"elementor_header_footer","meta":{"_yoast_wpseo_focuskw":"Bulla","_yoast_wpseo_title":"Bulla \u2013 r\u00f3mverskur barnagripur","_yoast_wpseo_metadesc":"Bullan var verndargripur frj\u00e1lsborinna r\u00f3mverskra barna. Ger\u00f0, notkun og merking \u00fatsk\u00fdr\u00f0 \u00e1 sk\u00fdran h\u00e1tt.","_yoast_wpseo_meta-robots-noindex":"","_yoast_wpseo_canonical":"","_angie_page":false,"gefaehrdungsstufe":"","wesen_kultur":"","wesen_klasse":"","footnotes":""},"categories":[],"class_list":["post-169157","page","type-page","status-publish","has-post-thumbnail","hentry"],"yoast_head":"<!-- This site is optimized with the Yoast SEO Premium plugin v27.7 (Yoast SEO v28.3) - https:\/\/yoast.com\/product\/yoast-seo-premium-wordpress\/ -->\n<title>Bulla \u2013 r\u00f3mverskur barnagripur<\/title>\n<meta name=\"description\" content=\"Bullan var verndargripur frj\u00e1lsborinna r\u00f3mverskra barna. Ger\u00f0, notkun og merking \u00fatsk\u00fdr\u00f0 \u00e1 sk\u00fdran h\u00e1tt.\" \/>\n<meta name=\"robots\" content=\"index, follow, max-snippet:-1, max-image-preview:large, max-video-preview:-1\" \/>\n<link rel=\"canonical\" href=\"https:\/\/iwell-guard.com\/is\/bulla-rormverskt-verndargripur-barna\/\" \/>\n<meta property=\"og:locale\" content=\"is_IS\" \/>\n<meta property=\"og:type\" content=\"article\" \/>\n<meta property=\"og:title\" content=\"Bulla \u2013 r\u00f3mverskt verndargripur barna\" \/>\n<meta property=\"og:description\" content=\"Bullan var verndargripur frj\u00e1lsborinna r\u00f3mverskra barna. Ger\u00f0, notkun og merking \u00fatsk\u00fdr\u00f0 \u00e1 sk\u00fdran h\u00e1tt.\" \/>\n<meta property=\"og:url\" content=\"https:\/\/iwell-guard.com\/is\/bulla-rormverskt-verndargripur-barna\/\" \/>\n<meta property=\"og:site_name\" content=\"iWell Guard\" \/>\n<meta property=\"article:modified_time\" content=\"2026-09-05T14:33:42+00:00\" \/>\n<meta property=\"og:image\" content=\"https:\/\/iwell-guard.com\/wp-content\/uploads\/2026\/05\/schutzsymbol_rom_bulla.webp\" \/>\n\t<meta property=\"og:image:width\" content=\"1024\" \/>\n\t<meta property=\"og:image:height\" content=\"1536\" \/>\n\t<meta property=\"og:image:type\" content=\"image\/webp\" \/>\n<meta name=\"twitter:card\" content=\"summary_large_image\" \/>\n<script type=\"application\/ld+json\" class=\"yoast-schema-graph\">{\"@context\":\"https:\\\/\\\/schema.org\",\"@graph\":[{\"@type\":\"WebPage\",\"@id\":\"https:\\\/\\\/iwell-guard.com\\\/is\\\/bulla-rormverskt-verndargripur-barna\\\/\",\"url\":\"https:\\\/\\\/iwell-guard.com\\\/is\\\/bulla-rormverskt-verndargripur-barna\\\/\",\"name\":\"Bulla \u2013 r\u00f3mverskur barnagripur\",\"isPartOf\":{\"@id\":\"https:\\\/\\\/iwell-guard.com\\\/is\\\/#website\"},\"primaryImageOfPage\":{\"@id\":\"https:\\\/\\\/iwell-guard.com\\\/is\\\/bulla-rormverskt-verndargripur-barna\\\/#primaryimage\"},\"image\":{\"@id\":\"https:\\\/\\\/iwell-guard.com\\\/is\\\/bulla-rormverskt-verndargripur-barna\\\/#primaryimage\"},\"thumbnailUrl\":\"https:\\\/\\\/iwell-guard.com\\\/wp-content\\\/uploads\\\/2026\\\/05\\\/schutzsymbol_rom_bulla.webp\",\"datePublished\":\"2026-09-05T14:06:05+00:00\",\"dateModified\":\"2026-09-05T14:33:42+00:00\",\"description\":\"Bullan var verndargripur frj\u00e1lsborinna r\u00f3mverskra barna. Ger\u00f0, notkun og merking \u00fatsk\u00fdr\u00f0 \u00e1 sk\u00fdran h\u00e1tt.\",\"breadcrumb\":{\"@id\":\"https:\\\/\\\/iwell-guard.com\\\/is\\\/bulla-rormverskt-verndargripur-barna\\\/#breadcrumb\"},\"inLanguage\":\"is\",\"potentialAction\":[{\"@type\":\"ReadAction\",\"target\":[\"https:\\\/\\\/iwell-guard.com\\\/is\\\/bulla-rormverskt-verndargripur-barna\\\/\"]}]},{\"@type\":\"ImageObject\",\"inLanguage\":\"is\",\"@id\":\"https:\\\/\\\/iwell-guard.com\\\/is\\\/bulla-rormverskt-verndargripur-barna\\\/#primaryimage\",\"url\":\"https:\\\/\\\/iwell-guard.com\\\/wp-content\\\/uploads\\\/2026\\\/05\\\/schutzsymbol_rom_bulla.webp\",\"contentUrl\":\"https:\\\/\\\/iwell-guard.com\\\/wp-content\\\/uploads\\\/2026\\\/05\\\/schutzsymbol_rom_bulla.webp\",\"width\":1024,\"height\":1536,\"caption\":\"Verndart\u00e1kn. Myndskreyting \u00ed safnst\u00edl.\"},{\"@type\":\"BreadcrumbList\",\"@id\":\"https:\\\/\\\/iwell-guard.com\\\/is\\\/bulla-rormverskt-verndargripur-barna\\\/#breadcrumb\",\"itemListElement\":[{\"@type\":\"ListItem\",\"position\":1,\"name\":\"Start\",\"item\":\"https:\\\/\\\/iwell-guard.com\\\/is\\\/?page_id=168580\"},{\"@type\":\"ListItem\",\"position\":2,\"name\":\"Bulla \u2013 r\u00f3mverskt verndargripur barna\"}]},{\"@type\":\"WebSite\",\"@id\":\"https:\\\/\\\/iwell-guard.com\\\/is\\\/#website\",\"url\":\"https:\\\/\\\/iwell-guard.com\\\/is\\\/\",\"name\":\"iWell Guard\",\"description\":\"Schutz vor dunklen Einfl\u00fcssen\",\"publisher\":{\"@id\":\"https:\\\/\\\/iwell-guard.com\\\/is\\\/#organization\"},\"potentialAction\":[{\"@type\":\"SearchAction\",\"target\":{\"@type\":\"EntryPoint\",\"urlTemplate\":\"https:\\\/\\\/iwell-guard.com\\\/is\\\/?s={search_term_string}\"},\"query-input\":{\"@type\":\"PropertyValueSpecification\",\"valueRequired\":true,\"valueName\":\"search_term_string\"}}],\"inLanguage\":\"is\"},{\"@type\":\"Organization\",\"@id\":\"https:\\\/\\\/iwell-guard.com\\\/is\\\/#organization\",\"name\":\"Ittermann electronic GmbH\",\"url\":\"https:\\\/\\\/iwell-guard.com\\\/is\\\/\",\"logo\":{\"@type\":\"ImageObject\",\"inLanguage\":\"is\",\"@id\":\"https:\\\/\\\/iwell-guard.com\\\/is\\\/#\\\/schema\\\/logo\\\/image\\\/\",\"url\":\"https:\\\/\\\/iwell-guard.com\\\/wp-content\\\/uploads\\\/2026\\\/05\\\/Ittermann-Logo-1182x237-1.png\",\"contentUrl\":\"https:\\\/\\\/iwell-guard.com\\\/wp-content\\\/uploads\\\/2026\\\/05\\\/Ittermann-Logo-1182x237-1.png\",\"width\":1182,\"height\":237,\"caption\":\"Ittermann electronic GmbH\"},\"image\":{\"@id\":\"https:\\\/\\\/iwell-guard.com\\\/is\\\/#\\\/schema\\\/logo\\\/image\\\/\"},\"sameAs\":[\"https:\\\/\\\/pantip.com\\\/profile\\\/9367242\",\"https:\\\/\\\/micro.blog\\\/iwellguard\",\"https:\\\/\\\/www.diggerslist.com\\\/iwellguard\\\/about\",\"https:\\\/\\\/skitterphoto.com\\\/photographers\\\/2870314\\\/iwell-guard\",\"https:\\\/\\\/iwellguard.wordpress.com\\\/2026\\\/06\\\/06\\\/iwell-guard\\\/\",\"https:\\\/\\\/hub.docker.com\\\/u\\\/iwellguard\",\"https:\\\/\\\/www.pinterest.com\\\/iwellguard\\\/\",\"https:\\\/\\\/bit.ly\\\/m\\\/iwellguard\",\"https:\\\/\\\/entre-vos-mains.alsace.eu\\\/profiles\\\/iwellguard\\\/activity\",\"https:\\\/\\\/gravatar.com\\\/reallybeded8fd34\",\"https:\\\/\\\/naijamatta.com\\\/iwellguard\",\"https:\\\/\\\/www.goodreads.com\\\/iwellguard\",\"https:\\\/\\\/profile.hatena.ne.jp\\\/iwellguard\\\/\",\"https:\\\/\\\/experiment.com\\\/users\\\/iwellguard\",\"https:\\\/\\\/wakelet.com\\\/@iWellGuard82270\",\"https:\\\/\\\/www.chordie.com\\\/forum\\\/profile.php?id=2555664\",\"https:\\\/\\\/www.instapaper.com\\\/p\\\/17757966\",\"https:\\\/\\\/www.mapleprimes.com\\\/users\\\/iwellguard\",\"https:\\\/\\\/businesslistingplus.com\\\/profile\\\/iwell-guard\\\/\",\"https:\\\/\\\/telegra.ph\\\/iWell-Guard-06-06\",\"https:\\\/\\\/pbase.com\\\/iwellguard\\\/iwellguard\",\"https:\\\/\\\/b.hatena.ne.jp\\\/iwellguard\\\/20260607#bookmark-4788405196491818882\",\"https:\\\/\\\/fliphtml5.com\\\/home\\\/iwellguard\",\"https:\\\/\\\/anyflip.com\\\/homepage\\\/cmiwl#About\",\"https:\\\/\\\/transfur.com\\\/Users\\\/iwellguard\",\"http:\\\/\\\/delphi.larsbo.org\\\/user\\\/iwellguard\",\"https:\\\/\\\/jobs.lajobsportal.org\\\/profiles\\\/8380803-iwell-guard\",\"https:\\\/\\\/md.chaosdorf.de\\\/s\\\/jfbe5SBdJD\",\"https:\\\/\\\/www.lingvolive.com\\\/en-us\\\/profile\\\/9ecaeaca-ce11-4e51-9e71-01d55e2bff36\\\/translations\",\"https:\\\/\\\/www.fitday.com\\\/fitness\\\/forums\\\/members\\\/iwellguard.html\",\"https:\\\/\\\/www.mymeetbook.com\\\/iwellguard\",\"https:\\\/\\\/pxhere.com\\\/en\\\/photographer-me\\\/5040798\",\"https:\\\/\\\/disqus.com\\\/by\\\/iwellguard\\\/about\\\/\",\"https:\\\/\\\/pastelink.net\\\/hjwciqwq\",\"https:\\\/\\\/pubhtml5.com\\\/homepage\\\/scjhn\\\/\",\"https:\\\/\\\/www.bitchute.com\\\/channel\\\/2O2eOKzNqujT\",\"https:\\\/\\\/audiomack.com\\\/iwellguard\"]}]}<\/script>\n<!-- \/ Yoast SEO Premium plugin. -->","yoast_head_json":{"title":"Bulla \u2013 r\u00f3mverskur barnagripur","description":"Bullan var verndargripur frj\u00e1lsborinna r\u00f3mverskra barna. Ger\u00f0, notkun og merking \u00fatsk\u00fdr\u00f0 \u00e1 sk\u00fdran h\u00e1tt.","robots":{"index":"index","follow":"follow","max-snippet":"max-snippet:-1","max-image-preview":"max-image-preview:large","max-video-preview":"max-video-preview:-1"},"canonical":"https:\/\/iwell-guard.com\/is\/bulla-rormverskt-verndargripur-barna\/","og_locale":"is_IS","og_type":"article","og_title":"Bulla \u2013 r\u00f3mverskt verndargripur barna","og_description":"Bullan var verndargripur frj\u00e1lsborinna r\u00f3mverskra barna. Ger\u00f0, notkun og merking \u00fatsk\u00fdr\u00f0 \u00e1 sk\u00fdran h\u00e1tt.","og_url":"https:\/\/iwell-guard.com\/is\/bulla-rormverskt-verndargripur-barna\/","og_site_name":"iWell Guard","article_modified_time":"2026-09-05T14:33:42+00:00","og_image":[{"width":1024,"height":1536,"url":"https:\/\/iwell-guard.com\/wp-content\/uploads\/2026\/05\/schutzsymbol_rom_bulla.webp","type":"image\/webp"}],"twitter_card":"summary_large_image","schema":{"@context":"https:\/\/schema.org","@graph":[{"@type":"WebPage","@id":"https:\/\/iwell-guard.com\/is\/bulla-rormverskt-verndargripur-barna\/","url":"https:\/\/iwell-guard.com\/is\/bulla-rormverskt-verndargripur-barna\/","name":"Bulla \u2013 r\u00f3mverskur barnagripur","isPartOf":{"@id":"https:\/\/iwell-guard.com\/is\/#website"},"primaryImageOfPage":{"@id":"https:\/\/iwell-guard.com\/is\/bulla-rormverskt-verndargripur-barna\/#primaryimage"},"image":{"@id":"https:\/\/iwell-guard.com\/is\/bulla-rormverskt-verndargripur-barna\/#primaryimage"},"thumbnailUrl":"https:\/\/iwell-guard.com\/wp-content\/uploads\/2026\/05\/schutzsymbol_rom_bulla.webp","datePublished":"2026-09-05T14:06:05+00:00","dateModified":"2026-09-05T14:33:42+00:00","description":"Bullan var verndargripur frj\u00e1lsborinna r\u00f3mverskra barna. Ger\u00f0, notkun og merking \u00fatsk\u00fdr\u00f0 \u00e1 sk\u00fdran h\u00e1tt.","breadcrumb":{"@id":"https:\/\/iwell-guard.com\/is\/bulla-rormverskt-verndargripur-barna\/#breadcrumb"},"inLanguage":"is","potentialAction":[{"@type":"ReadAction","target":["https:\/\/iwell-guard.com\/is\/bulla-rormverskt-verndargripur-barna\/"]}]},{"@type":"ImageObject","inLanguage":"is","@id":"https:\/\/iwell-guard.com\/is\/bulla-rormverskt-verndargripur-barna\/#primaryimage","url":"https:\/\/iwell-guard.com\/wp-content\/uploads\/2026\/05\/schutzsymbol_rom_bulla.webp","contentUrl":"https:\/\/iwell-guard.com\/wp-content\/uploads\/2026\/05\/schutzsymbol_rom_bulla.webp","width":1024,"height":1536,"caption":"Verndart\u00e1kn. Myndskreyting \u00ed safnst\u00edl."},{"@type":"BreadcrumbList","@id":"https:\/\/iwell-guard.com\/is\/bulla-rormverskt-verndargripur-barna\/#breadcrumb","itemListElement":[{"@type":"ListItem","position":1,"name":"Start","item":"https:\/\/iwell-guard.com\/is\/?page_id=168580"},{"@type":"ListItem","position":2,"name":"Bulla \u2013 r\u00f3mverskt verndargripur barna"}]},{"@type":"WebSite","@id":"https:\/\/iwell-guard.com\/is\/#website","url":"https:\/\/iwell-guard.com\/is\/","name":"iWell Guard","description":"Schutz vor dunklen Einfl\u00fcssen","publisher":{"@id":"https:\/\/iwell-guard.com\/is\/#organization"},"potentialAction":[{"@type":"SearchAction","target":{"@type":"EntryPoint","urlTemplate":"https:\/\/iwell-guard.com\/is\/?s={search_term_string}"},"query-input":{"@type":"PropertyValueSpecification","valueRequired":true,"valueName":"search_term_string"}}],"inLanguage":"is"},{"@type":"Organization","@id":"https:\/\/iwell-guard.com\/is\/#organization","name":"Ittermann electronic GmbH","url":"https:\/\/iwell-guard.com\/is\/","logo":{"@type":"ImageObject","inLanguage":"is","@id":"https:\/\/iwell-guard.com\/is\/#\/schema\/logo\/image\/","url":"https:\/\/iwell-guard.com\/wp-content\/uploads\/2026\/05\/Ittermann-Logo-1182x237-1.png","contentUrl":"https:\/\/iwell-guard.com\/wp-content\/uploads\/2026\/05\/Ittermann-Logo-1182x237-1.png","width":1182,"height":237,"caption":"Ittermann electronic GmbH"},"image":{"@id":"https:\/\/iwell-guard.com\/is\/#\/schema\/logo\/image\/"},"sameAs":["https:\/\/pantip.com\/profile\/9367242","https:\/\/micro.blog\/iwellguard","https:\/\/www.diggerslist.com\/iwellguard\/about","https:\/\/skitterphoto.com\/photographers\/2870314\/iwell-guard","https:\/\/iwellguard.wordpress.com\/2026\/06\/06\/iwell-guard\/","https:\/\/hub.docker.com\/u\/iwellguard","https:\/\/www.pinterest.com\/iwellguard\/","https:\/\/bit.ly\/m\/iwellguard","https:\/\/entre-vos-mains.alsace.eu\/profiles\/iwellguard\/activity","https:\/\/gravatar.com\/reallybeded8fd34","https:\/\/naijamatta.com\/iwellguard","https:\/\/www.goodreads.com\/iwellguard","https:\/\/profile.hatena.ne.jp\/iwellguard\/","https:\/\/experiment.com\/users\/iwellguard","https:\/\/wakelet.com\/@iWellGuard82270","https:\/\/www.chordie.com\/forum\/profile.php?id=2555664","https:\/\/www.instapaper.com\/p\/17757966","https:\/\/www.mapleprimes.com\/users\/iwellguard","https:\/\/businesslistingplus.com\/profile\/iwell-guard\/","https:\/\/telegra.ph\/iWell-Guard-06-06","https:\/\/pbase.com\/iwellguard\/iwellguard","https:\/\/b.hatena.ne.jp\/iwellguard\/20260607#bookmark-4788405196491818882","https:\/\/fliphtml5.com\/home\/iwellguard","https:\/\/anyflip.com\/homepage\/cmiwl#About","https:\/\/transfur.com\/Users\/iwellguard","http:\/\/delphi.larsbo.org\/user\/iwellguard","https:\/\/jobs.lajobsportal.org\/profiles\/8380803-iwell-guard","https:\/\/md.chaosdorf.de\/s\/jfbe5SBdJD","https:\/\/www.lingvolive.com\/en-us\/profile\/9ecaeaca-ce11-4e51-9e71-01d55e2bff36\/translations","https:\/\/www.fitday.com\/fitness\/forums\/members\/iwellguard.html","https:\/\/www.mymeetbook.com\/iwellguard","https:\/\/pxhere.com\/en\/photographer-me\/5040798","https:\/\/disqus.com\/by\/iwellguard\/about\/","https:\/\/pastelink.net\/hjwciqwq","https:\/\/pubhtml5.com\/homepage\/scjhn\/","https:\/\/www.bitchute.com\/channel\/2O2eOKzNqujT","https:\/\/audiomack.com\/iwellguard"]}]}},"_links":{"self":[{"href":"https:\/\/iwell-guard.com\/is\/wp-json\/wp\/v2\/pages\/169157","targetHints":{"allow":["GET"]}}],"collection":[{"href":"https:\/\/iwell-guard.com\/is\/wp-json\/wp\/v2\/pages"}],"about":[{"href":"https:\/\/iwell-guard.com\/is\/wp-json\/wp\/v2\/types\/page"}],"author":[{"embeddable":true,"href":"https:\/\/iwell-guard.com\/is\/wp-json\/wp\/v2\/users\/3"}],"replies":[{"embeddable":true,"href":"https:\/\/iwell-guard.com\/is\/wp-json\/wp\/v2\/comments?post=169157"}],"version-history":[{"count":0,"href":"https:\/\/iwell-guard.com\/is\/wp-json\/wp\/v2\/pages\/169157\/revisions"}],"wp:featuredmedia":[{"embeddable":true,"href":"https:\/\/iwell-guard.com\/is\/wp-json\/wp\/v2\/media\/3503"}],"wp:attachment":[{"href":"https:\/\/iwell-guard.com\/is\/wp-json\/wp\/v2\/media?parent=169157"}],"wp:term":[{"taxonomy":"category","embeddable":true,"href":"https:\/\/iwell-guard.com\/is\/wp-json\/wp\/v2\/categories?post=169157"}],"curies":[{"name":"wp","href":"https:\/\/api.w.org\/{rel}","templated":true}]}}