{"id":169155,"date":"2026-09-05T14:06:03","date_gmt":"2026-09-05T14:06:03","guid":{"rendered":"https:\/\/iwell-guard.com\/?page_id=169155"},"modified":"2026-09-05T14:33:39","modified_gmt":"2026-09-05T14:33:39","slug":"kolowrat-slavneskt-solhjol","status":"publish","type":"page","link":"https:\/\/iwell-guard.com\/is\/kolowrat-slavneskt-solhjol\/","title":{"rendered":"Kolowrat \u2013 slavneska s\u00f3lhj\u00f3li\u00f0"},"content":{"rendered":"\t\t<div data-elementor-type=\"wp-page\" data-elementor-id=\"169155\" class=\"elementor elementor-169155 elementor-3645 elementor-bc-flex-widget\" data-elementor-post-type=\"page\">\n\t\t\t\t<div class=\"elementor-element elementor-element-iwgs-kolowrat-hero e-flex e-con-boxed e-con e-parent\" data-id=\"iwgs-kolowrat-hero\" data-element_type=\"container\" data-e-type=\"container\">\n\t\t\t\t\t<div class=\"e-con-inner\">\n\t\t<div class=\"elementor-element elementor-element-iwgs-kolowrat-hl e-flex e-con-boxed e-con e-parent\" data-id=\"iwgs-kolowrat-hl\" data-element_type=\"container\" data-e-type=\"container\">\n\t\t\t\t\t<div class=\"e-con-inner\">\n\t\t<div class=\"elementor-element elementor-element-iwgs-kolowrat-hlbox e-con-full e-flex e-con e-parent\" data-id=\"iwgs-kolowrat-hlbox\" data-element_type=\"container\" data-e-type=\"container\">\n\t\t\t\t<div class=\"elementor-element elementor-element-iwgs-kolowrat-h1 elementor-widget elementor-widget-heading\" data-id=\"iwgs-kolowrat-h1\" data-element_type=\"widget\" data-e-type=\"widget\" data-widget_type=\"heading.default\">\n\t\t\t\t\t<h1 class=\"elementor-heading-title elementor-size-default\">Kolowrat \u2013 slavneska s\u00f3lhj\u00f3li\u00f0 sem verndart\u00e1kn<\/h1>\t\t\t\t<\/div>\n\t\t\t\t<div class=\"elementor-element elementor-element-iwgs-kolowrat-lead elementor-widget elementor-widget-text-editor\" data-id=\"iwgs-kolowrat-lead\" data-element_type=\"widget\" data-e-type=\"widget\" data-widget_type=\"text-editor.default\">\n\t\t\t\t\t\t\t\t\t<p>Kolowrat er slavneskt s\u00f3lhj\u00f3l, hringlaga t\u00e1kn me\u00f0 bognum \u00f6rmum. \u00dea\u00f0 stendur fyrir s\u00f3lina og gang hennar. N\u00faverandi, fastm\u00f3ta\u00f0a form \u00feess er \u00fe\u00f3 yngra en oft er tali\u00f0.<\/p>\t\t\t\t\t\t\t\t<\/div>\n\t\t\t\t<\/div>\n\t\t\t\t<div class=\"elementor-element elementor-element-iwgs-kolowrat-pills elementor-widget elementor-widget-html\" data-id=\"iwgs-kolowrat-pills\" data-element_type=\"widget\" data-e-type=\"widget\" data-widget_type=\"html.default\">\n\t\t\t\t\t<div class=\"iwg-pill-row\"><span class=\"iwg-klasse-badge\" tabindex=\"0\" data-tooltip=\"Verndart\u00e1kn, verndargripur e\u00f0a apotropa\u00edskur hlutur.\">Verndart\u00e1kn<\/span><a href=\"https:\/\/iwell-guard.com\/is\/slavnesk\/\" class=\"iwg-kultur-badge\" tabindex=\"0\" data-tooltip=\"Verndarhef\u00f0: Slavneskt\">Slavneskt<\/a><span class=\"iwg-tradition-badge\" tabindex=\"0\" data-tooltip=\"T\u00e1kn sem s\u00fdnir s\u00f3lina.\">S\u00f3lart\u00e1kn<\/span><\/div>\t\t\t\t<\/div>\n\t\t\t\t\t<\/div>\n\t\t\t\t<\/div>\n\t\t<div class=\"elementor-element elementor-element-iwgs-kolowrat-hr e-con-full e-flex e-con e-parent\" data-id=\"iwgs-kolowrat-hr\" data-element_type=\"container\" data-e-type=\"container\">\n\t\t\t\t<div class=\"elementor-element elementor-element-iwgs-kolowrat-himg iwg-hero-image elementor-widget elementor-widget-image\" data-id=\"iwgs-kolowrat-himg\" data-element_type=\"widget\" data-e-type=\"widget\" data-widget_type=\"image.default\">\n\t\t\t\t\t\t\t\t\t\t\t\t\t\t\t<img fetchpriority=\"high\" decoding=\"async\" width=\"683\" height=\"1024\" src=\"https:\/\/iwell-guard.com\/wp-content\/uploads\/2026\/05\/schutzsymbol_slawisch_kolowrat-683x1024.webp\" class=\"attachment-large size-large wp-image-170558\" alt=\"Kolovrat - verndart\u00e1kn, safnmynd\" srcset=\"https:\/\/iwell-guard.com\/wp-content\/uploads\/2026\/05\/schutzsymbol_slawisch_kolowrat-683x1024.webp 683w, https:\/\/iwell-guard.com\/wp-content\/uploads\/2026\/05\/schutzsymbol_slawisch_kolowrat-200x300.webp 200w, https:\/\/iwell-guard.com\/wp-content\/uploads\/2026\/05\/schutzsymbol_slawisch_kolowrat-768x1152.webp 768w, https:\/\/iwell-guard.com\/wp-content\/uploads\/2026\/05\/schutzsymbol_slawisch_kolowrat.webp 1024w\" sizes=\"(max-width: 683px) 100vw, 683px\" \/>\t\t\t\t\t\t\t\t\t\t\t\t\t\t\t<\/div>\n\t\t\t\t<\/div>\n\t\t\t\t\t<\/div>\n\t\t\t\t<\/div>\n\t\t<div class=\"elementor-element elementor-element-iwgs-kolowrat-s0 e-flex e-con-boxed e-con e-parent\" data-id=\"iwgs-kolowrat-s0\" data-element_type=\"container\" data-e-type=\"container\">\n\t\t\t\t\t<div class=\"e-con-inner\">\n\t\t\t\t<div class=\"elementor-element elementor-element-iwgs-kolowrat-s0h elementor-widget elementor-widget-heading\" data-id=\"iwgs-kolowrat-s0h\" data-element_type=\"widget\" data-e-type=\"widget\" data-widget_type=\"heading.default\">\n\t\t\t\t\t<h2 class=\"elementor-heading-title elementor-size-default\">Yfirlit<\/h2>\t\t\t\t<\/div>\n\t\t<div class=\"elementor-element elementor-element-iwgs-kolowrat-s0box e-con-full e-flex e-con e-parent\" data-id=\"iwgs-kolowrat-s0box\" data-element_type=\"container\" data-e-type=\"container\">\n\t\t\t\t<div class=\"elementor-element elementor-element-iwgs-kolowrat-s0t elementor-widget elementor-widget-text-editor\" data-id=\"iwgs-kolowrat-s0t\" data-element_type=\"widget\" data-e-type=\"widget\" data-widget_type=\"text-editor.default\">\n\t\t\t\t\t\t\t\t\t<p>Kolowrat er s\u00f3lhj\u00f3ls-<span class=\"iwg-fachbegriff\" data-tooltip=\"T\u00e1kn sem stendur fyrir hugmynd e\u00f0a merkingu.\" tabindex=\"0\">t\u00e1kn<\/span> \u00far <a href=\"https:\/\/iwell-guard.com\/is\/slavnesk\/\">slavneskum<\/a> menningarheimi. \u00dea\u00f0 s\u00fdnir hringlaga hj\u00f3l sem vir\u00f0ist sn\u00faast. Fr\u00e1 mi\u00f0ju \u00feess ganga \u00fat margir bognir armar e\u00f0a geislar.<\/p><p>Nafni\u00f0 Kolowrat tengir tvo or\u00f0hluta sem v\u00edsa til hj\u00f3ls og sn\u00fanings. \u00cd b\u00f3kstaflegri merkingu v\u00edsar t\u00e1kni\u00f0 \u00fev\u00ed til hj\u00f3ls sem sn\u00fdst. \u00deessi sn\u00faningshreyfing er kjarninn \u00ed merkingu \u00feess.<\/p><p>Kolowrat er skili\u00f0 sem s\u00f3lart\u00e1kn. \u00dea\u00f0 stendur fyrir s\u00f3lina, hringfer\u00f0 hennar um himinhvolfi\u00f0 og gang \u00e1rsins. \u00dar \u00feessari tengingu vi\u00f0 s\u00f3lina og lj\u00f3si\u00f0 er verndandi merking \u00feess dregin.<\/p><p>\u00cd fr\u00e6\u00f0unum er fari\u00f0 me\u00f0 Kolowrat af var\u00fa\u00f0. S\u00f3lar- og hj\u00f3lt\u00e1kn eru g\u00f6mul \u00ed slavneska heiminum, en Kolowrat \u00ed n\u00faverandi, fastm\u00f3ta\u00f0ri mynd sinni er tilt\u00f6lulega ung birtingarmynd. \u00deessi a\u00f0greining er hluti af n\u00e1kv\u00e6mri framsetningu.<\/p><p>Kolowrat er \u00feannig l\u00e6rd\u00f3msr\u00edkt d\u00e6mi. \u00dea\u00f0 s\u00fdnir hvernig t\u00e1kn getur tengst g\u00f6mlum myndhugmyndum en tilheyrt n\u00fat\u00edmanum \u00ed fullm\u00f3ta\u00f0ri ger\u00f0 sinni. \u00c1rei\u00f0anleg framsetning a\u00f0skilur gamlar r\u00e6tur fr\u00e1 n\u00fat\u00edmalegri \u00fatf\u00e6rslu.<\/p><p>Sem verndart\u00e1kn heyrir Kolowrat til s\u00f3lar- og lj\u00f3st\u00e1knanna. \u00dev\u00ed er eigna\u00f0 a\u00f0 halda burt myrkri og \u00f3heillum me\u00f0 krafti lj\u00f3ssins. \u00deannig stendur \u00fea\u00f0 \u00ed st\u00f3rri fj\u00f6lskyldu \u00fatbreiddra verndart\u00e1kna.<\/p>\t\t\t\t\t\t\t\t<\/div>\n\t\t\t\t<\/div>\n\t\t\t\t\t<\/div>\n\t\t\t\t<\/div>\n\t\t<div class=\"elementor-element elementor-element-iwgs-kolowrat-s1 e-flex e-con-boxed e-con e-parent\" data-id=\"iwgs-kolowrat-s1\" data-element_type=\"container\" data-e-type=\"container\">\n\t\t\t\t\t<div class=\"e-con-inner\">\n\t\t\t\t<div class=\"elementor-element elementor-element-iwgs-kolowrat-s1h elementor-widget elementor-widget-heading\" data-id=\"iwgs-kolowrat-s1h\" data-element_type=\"widget\" data-e-type=\"widget\" data-widget_type=\"heading.default\">\n\t\t\t\t\t<h2 class=\"elementor-heading-title elementor-size-default\">S\u00f3lhj\u00f3li\u00f0<\/h2>\t\t\t\t<\/div>\n\t\t<div class=\"elementor-element elementor-element-iwgs-kolowrat-s1box e-con-full e-flex e-con e-parent\" data-id=\"iwgs-kolowrat-s1box\" data-element_type=\"container\" data-e-type=\"container\">\n\t\t\t\t<div class=\"elementor-element elementor-element-iwgs-kolowrat-s1t elementor-widget elementor-widget-text-editor\" data-id=\"iwgs-kolowrat-s1t\" data-element_type=\"widget\" data-e-type=\"widget\" data-widget_type=\"text-editor.default\">\n\t\t\t\t\t\t\t\t\t<p>Kolowrat heyrir til hins st\u00f3ra h\u00f3ps s\u00f3lhj\u00f3la. S\u00f3lhj\u00f3l er hringlaga t\u00e1kn sem s\u00fdnir s\u00f3lina og hreyfingu hennar. Sl\u00edk t\u00e1kn eru \u00feekkt \u00ed m\u00f6rgum menningarheimum.<\/p><p>\u00c1st\u00e6\u00f0an fyrir \u00fev\u00ed liggur \u00ed athugun himinsins. S\u00f3lin birtist sem hringlaga sk\u00edfa og h\u00fan hreyfist \u00ed j\u00f6fnum, endurtekandi gangi yfir himininn. Hj\u00f3li\u00f0 er n\u00e1l\u00e6g mynd fyrir \u00feessa hringhreyfingu.<\/p><p>S\u00f3lhj\u00f3li\u00f0 tengir \u00feannig tv\u00e6r hugmyndir. \u00dea\u00f0 s\u00fdnir s\u00f3lina sem sk\u00edfu og s\u00fdnir hana \u00e1 sama t\u00edma sem eitthva\u00f0 sem sn\u00fdst og kemur aftur. Kolowrat me\u00f0 bognum \u00f6rmum s\u00ednum leggur s\u00e9rstaka \u00e1herslu \u00e1 \u00feessa sn\u00faningshreyfingu.<\/p><p>S\u00f3lin haf\u00f0i mikla \u00fe\u00fd\u00f0ingu fyrir f\u00f3lk fyrri t\u00edma. H\u00fan gaf lj\u00f3s, hl\u00fdju og gr\u00f3\u00f0ur akranna. \u00c1rei\u00f0anlegur gangur hennar skipulag\u00f0i daginn og \u00e1ri\u00f0. T\u00e1kn s\u00f3larinnar var \u00feannig t\u00e1kn fyrir l\u00edfi\u00f0 sj\u00e1lft.<\/p><p>\u00dar \u00feessari merkingu m\u00e1 skilja hina miklu st\u00f6\u00f0u s\u00f3lhj\u00f3lanna. \u00deau st\u00f3\u00f0u fyrir velvildarfullan, l\u00edfgefandi kraft. S\u00e1 sem nota\u00f0i s\u00f3lart\u00e1kn tengdist lj\u00f3sinu og \u00e1rei\u00f0anlegri r\u00f6\u00f0 himinsins.<\/p><p>Kolowrat er slavneska \u00fatg\u00e1fa \u00feessarar \u00fatbreiddu hugmyndar. \u00dea\u00f0 fellur inn \u00ed langa r\u00f6\u00f0 s\u00f3lhj\u00f3la sem ur\u00f0u til \u00ed mismunandi menningarheimum, \u00fdmist \u00f3h\u00e1\u00f0 hver \u00f6\u00f0rum e\u00f0a \u00ed tengslum vi\u00f0 hvern annan.<\/p>\t\t\t\t\t\t\t\t<\/div>\n\t\t\t\t<\/div>\n\t\t\t\t\t<\/div>\n\t\t\t\t<\/div>\n\t\t<div class=\"elementor-element elementor-element-iwgs-kolowrat-s2 e-flex e-con-boxed e-con e-parent\" data-id=\"iwgs-kolowrat-s2\" data-element_type=\"container\" data-e-type=\"container\">\n\t\t\t\t\t<div class=\"e-con-inner\">\n\t\t\t\t<div class=\"elementor-element elementor-element-iwgs-kolowrat-s2h elementor-widget elementor-widget-heading\" data-id=\"iwgs-kolowrat-s2h\" data-element_type=\"widget\" data-e-type=\"widget\" data-widget_type=\"heading.default\">\n\t\t\t\t\t<h2 class=\"elementor-heading-title elementor-size-default\">Ger\u00f0: hj\u00f3li\u00f0 sem sn\u00fdst<\/h2>\t\t\t\t<\/div>\n\t\t<div class=\"elementor-element elementor-element-iwgs-kolowrat-s2box e-con-full e-flex e-con e-parent\" data-id=\"iwgs-kolowrat-s2box\" data-element_type=\"container\" data-e-type=\"container\">\n\t\t\t\t<div class=\"elementor-element elementor-element-iwgs-kolowrat-s2t elementor-widget elementor-widget-text-editor\" data-id=\"iwgs-kolowrat-s2t\" data-element_type=\"widget\" data-e-type=\"widget\" data-widget_type=\"text-editor.default\">\n\t\t\t\t\t\t\t\t\t<p>Kolowrat hefur sk\u00fdra, hringlaga ger\u00f0. Fr\u00e1 mi\u00f0jupunkti ganga \u00fat margir armar sem bogna \u00fat a\u00f0 ja\u00f0rinum. \u00deessi bugur gerir hj\u00f3li\u00f0 l\u00edkt og \u00e1 hreyfingu.<\/p><p>Oft hefur Kolowrat \u00e1tta arma, en a\u00f0rar t\u00f6lur koma einnig fyrir. Bognu armarnir geta v\u00edsa\u00f0 til h\u00e6gri e\u00f0a til vinstri. \u00dat fr\u00e1 \u00e1tt bugsins skapast \u00e1hrif af sn\u00faningi \u00ed eina e\u00f0a a\u00f0ra \u00e1tt.<\/p><p>Bogna form armanna er hi\u00f0 sanna einkenni Kolowrat. Hj\u00f3l me\u00f0 beinum \u00f6rmum vir\u00f0ist kyrrt. Hj\u00f3l me\u00f0 bognum \u00f6rmum vir\u00f0ist sn\u00faast. \u00dea\u00f0 er n\u00e1kv\u00e6mlega \u00feessi hreyfing sem Kolowrat \u00e1 a\u00f0 tj\u00e1.<\/p><p>Sn\u00faningurinn v\u00edsar til gangs s\u00f3larinnar og hringr\u00e1sar \u00e1rsins. Eins og s\u00f3lin fer \u00f3sliti\u00f0 s\u00edna braut, \u00feannig sn\u00fdst hj\u00f3li\u00f0. Kolowrat er \u00feannig mynd af hinni endalausu, \u00e1rei\u00f0anlegu hreyfingu lj\u00f3ssins.<\/p><p>Sk\u00fdra r\u00famfr\u00e6\u00f0ilega formi\u00f0 gerir Kolowrat au\u00f0\u00feekkjanlegt. \u00dea\u00f0 er au\u00f0velt a\u00f0 teikna, skera \u00fat og sauma. \u00deessi sk\u00fdrleiki \u00ed formi hefur \u00e1tt sinn \u00fe\u00e1tt \u00ed \u00fatbrei\u00f0slu \u00feess sem borins og s\u00fdnds t\u00e1kns.<\/p><p>Vi\u00f0 athugun \u00e1 Kolowrat er \u00fe\u00f3 r\u00e9tt a\u00f0 g\u00e6ta var\u00fa\u00f0ar. Sn\u00faningshj\u00f3lt\u00e1kn l\u00edkjast hvert \u00f6\u00f0ru \u00fevert \u00e1 margar menningarheima. N\u00e1kv\u00e6m framsetning g\u00e6tir \u00feess a\u00f0 setja slavneska Kolowrat ekki of flj\u00f3tt \u00ed sama flokk og svipu\u00f0 t\u00e1kn af \u00f6\u00f0rum uppruna.<\/p>\t\t\t\t\t\t\t\t<\/div>\n\t\t\t\t<\/div>\n\t\t\t\t\t<\/div>\n\t\t\t\t<\/div>\n\t\t<div class=\"elementor-element elementor-element-iwgs-kolowrat-s3 e-flex e-con-boxed e-con e-parent\" data-id=\"iwgs-kolowrat-s3\" data-element_type=\"container\" data-e-type=\"container\">\n\t\t\t\t\t<div class=\"e-con-inner\">\n\t\t\t\t<div class=\"elementor-element elementor-element-iwgs-kolowrat-s3h elementor-widget elementor-widget-heading\" data-id=\"iwgs-kolowrat-s3h\" data-element_type=\"widget\" data-e-type=\"widget\" data-widget_type=\"heading.default\">\n\t\t\t\t\t<h2 class=\"elementor-heading-title elementor-size-default\">S\u00f3lin \u00ed slavneskri tr\u00fa<\/h2>\t\t\t\t<\/div>\n\t\t<div class=\"elementor-element elementor-element-iwgs-kolowrat-s3box e-con-full e-flex e-con e-parent\" data-id=\"iwgs-kolowrat-s3box\" data-element_type=\"container\" data-e-type=\"container\">\n\t\t\t\t<div class=\"elementor-element elementor-element-iwgs-kolowrat-s3t elementor-widget elementor-widget-text-editor\" data-id=\"iwgs-kolowrat-s3t\" data-element_type=\"widget\" data-e-type=\"widget\" data-widget_type=\"text-editor.default\">\n\t\t\t\t\t\t\t\t\t<p>Til a\u00f0 skilja kolovrat til fulls er gagnlegt a\u00f0 l\u00edta \u00e1 slavneska tr\u00fa fyrir kristnit\u00f6ku. Um \u00feessi tr\u00faarbr\u00f6g\u00f0 er minna vita\u00f0 en um m\u00f6rg \u00f6nnur, \u00fev\u00ed Slavar l\u00e9tu f\u00e1 eigin ritheimildir eftir sig.<\/p><p>\u00deekking \u00e1 forkristinni slavneskri tr\u00fa byggist \u00e1 f\u00e1um fr\u00e1s\u00f6gnum utan fr\u00e1, \u00e1 fornleifafundum og \u00e1 sporum \u00ed tungum\u00e1li og <span class=\"iwg-fachbegriff\" data-tooltip=\"Heildarsafn hef\u00f0a og si\u00f0a sem var\u00f0veist hafa innan samf\u00e9lags.\" tabindex=\"0\">si\u00f0um<\/span>. \u00deessi heimildarsta\u00f0a er takm\u00f6rku\u00f0 og krefst varf\u00e6rinna \u00e1lyktana.<\/p><p>Eftir \u00fev\u00ed sem kunnugt er l\u00e9k s\u00f3lin mikilv\u00e6gt hlutverk \u00ed slavneskri tr\u00fa. Vi\u00f0 hana eru tengd go\u00f0m\u00f6gn sem eignu\u00f0 voru lj\u00f3s, hl\u00fdja og gr\u00f3ska. S\u00f3lin var talin velvildarfull, l\u00edfgefandi m\u00e1ttarv\u00f6ld.<\/p><p>\u00c1rshringurinn me\u00f0 h\u00e1t\u00ed\u00f0um s\u00ednum var einnig n\u00e1tengdur st\u00f6\u00f0u s\u00f3lar. S\u00f3lst\u00f6\u00f0ur, lengsta og skammdegasta n\u00f3ttin, voru mikilv\u00e6gir t\u00edmapunktar. \u00cd slavneskum <span class=\"iwg-fachbegriff\" data-tooltip=\"Heildarsafn hef\u00f0a og si\u00f0a sem var\u00f0veist hafa innan samf\u00e9lags.\" tabindex=\"0\">si\u00f0um<\/span> voru h\u00e1t\u00ed\u00f0ir haldnar me\u00f0 eldi og lj\u00f3si.<\/p><p>\u00cd lj\u00f3si \u00feessa er s\u00f3lart\u00e1knmynd \u00e1 slavneskum sv\u00e6\u00f0um vel skiljanleg. S\u00f3lin var lykilkraftur sem naut mikillar vir\u00f0ingar. T\u00e1kn sem s\u00fdnir hana tengist \u00feessari virtu st\u00f6\u00f0u.<\/p><p>\u00dear sem heimildir um slavneska tr\u00fa eru f\u00e1ar er \u00fe\u00f3 varf\u00e6rni nau\u00f0synleg. Margt ver\u00f0ur a\u00f0 r\u00e1\u00f0a af l\u00edkum og ekki er allt sem sagt er \u00ed dag um slavneska s\u00f3ld\u00fdrkun sannanlegt \u00fat fr\u00e1 fornum heimildum.<\/p>\t\t\t\t\t\t\t\t<\/div>\n\t\t\t\t<\/div>\n\t\t\t\t\t<\/div>\n\t\t\t\t<\/div>\n\t\t<div class=\"elementor-element elementor-element-iwgs-kolowrat-s4 e-flex e-con-boxed e-con e-parent\" data-id=\"iwgs-kolowrat-s4\" data-element_type=\"container\" data-e-type=\"container\">\n\t\t\t\t\t<div class=\"e-con-inner\">\n\t\t\t\t<div class=\"elementor-element elementor-element-iwgs-kolowrat-s4h elementor-widget elementor-widget-heading\" data-id=\"iwgs-kolowrat-s4h\" data-element_type=\"widget\" data-e-type=\"widget\" data-widget_type=\"heading.default\">\n\t\t\t\t\t<h2 class=\"elementor-heading-title elementor-size-default\">Fornar skreytimyndir og spor \u00feeirra<\/h2>\t\t\t\t<\/div>\n\t\t<div class=\"elementor-element elementor-element-iwgs-kolowrat-s4box e-con-full e-flex e-con e-parent\" data-id=\"iwgs-kolowrat-s4box\" data-element_type=\"container\" data-e-type=\"container\">\n\t\t\t\t<div class=\"elementor-element elementor-element-iwgs-kolowrat-s4t elementor-widget elementor-widget-text-editor\" data-id=\"iwgs-kolowrat-s4t\" data-element_type=\"widget\" data-e-type=\"widget\" data-widget_type=\"text-editor.default\">\n\t\t\t\t\t\t\t\t\t<p>\u00c1 slavneskum sv\u00e6\u00f0um finnast fornar skreytimyndir sem eru n\u00e1skyldar kolovratinu. Hringlaga, geislandi og sn\u00faningsmynstur koma fyrir \u00e1 \u00fdmsum hlutum.<\/p><p>Sl\u00edk mynstur finnast \u00e1 leirkerum, \u00e1 skartgripum og \u00e1 hlutum til daglegra nota. S\u00e9rstaklega r\u00edk er slavnesk \u00fatsaumshef\u00f0, \u00fear sem geometr\u00edsk t\u00e1kn hafa var\u00f0veist um langan t\u00edma. \u00cd henni hafa geislandi og hj\u00f3lalaga mynstur haldist vi\u00f0.<\/p><p>\u00deessi \u00fatsaumsmynstur b\u00e1rust milli kynsl\u00f3\u00f0a. \u00c1kve\u00f0num t\u00e1knum var eignu\u00f0 verndandi merking. \u00datsaumur \u00e1 f\u00f6tum og kl\u00e6\u00f0um var ekki a\u00f0eins skraut, heldur m\u00e1tti einnig l\u00edta \u00e1 hann sem vernd.<\/p><p>\u00dea\u00f0 er \u00fev\u00ed r\u00e9ttm\u00e6tt a\u00f0 segja a\u00f0 \u00e1 slavneskum sv\u00e6\u00f0um s\u00e9 forn hef\u00f0 geislandi og hj\u00f3lalaga t\u00e1kna. S\u00f3l- og hj\u00f3lm\u00f3t\u00edf eru sannanleg \u00ed slavneskri \u00fej\u00f3\u00f0list. Kolovrati\u00f0 tengist \u00feessari hef\u00f0.<\/p><p>\u00de\u00f3 er nau\u00f0synlegt a\u00f0 gera greinarmun \u00e1 \u00feessum fornu skreytimyndum og n\u00faverandi kolovrati. Fornu mynstrin eru fj\u00f6lbreytt og hafa ekki veri\u00f0 felld \u00ed eina fasta form. Kolovrati\u00f0, me\u00f0 \u00e1kve\u00f0nu og sta\u00f0la\u00f0ri ger\u00f0 sinni, er aftur \u00e1 m\u00f3ti sk\u00fdrt afmarka\u00f0 einstakt t\u00e1kn.<\/p><p>Fornu skreytimyndirnar eru \u00feannig r\u00e6turnar sem kolovrati\u00f0 ver\u00f0ur skiljanlegt \u00fat fr\u00e1. En \u00fe\u00e6r eru ekki kolovrati\u00f0 sj\u00e1lft. \u00deessi a\u00f0greining er mikilv\u00e6g fyrir n\u00e1kv\u00e6ma framsetningu.<\/p>\t\t\t\t\t\t\t\t<\/div>\n\t\t\t\t<\/div>\n\t\t\t\t\t<\/div>\n\t\t\t\t<\/div>\n\t\t<div class=\"elementor-element elementor-element-iwgs-kolowrat-s5 e-flex e-con-boxed e-con e-parent\" data-id=\"iwgs-kolowrat-s5\" data-element_type=\"container\" data-e-type=\"container\">\n\t\t\t\t\t<div class=\"e-con-inner\">\n\t\t\t\t<div class=\"elementor-element elementor-element-iwgs-kolowrat-s5h elementor-widget elementor-widget-heading\" data-id=\"iwgs-kolowrat-s5h\" data-element_type=\"widget\" data-e-type=\"widget\" data-widget_type=\"heading.default\">\n\t\t\t\t\t<h2 class=\"elementor-heading-title elementor-size-default\">Spurningin um aldur<\/h2>\t\t\t\t<\/div>\n\t\t<div class=\"elementor-element elementor-element-iwgs-kolowrat-s5box e-con-full e-flex e-con e-parent\" data-id=\"iwgs-kolowrat-s5box\" data-element_type=\"container\" data-e-type=\"container\">\n\t\t\t\t<div class=\"elementor-element elementor-element-iwgs-kolowrat-s5t elementor-widget elementor-widget-text-editor\" data-id=\"iwgs-kolowrat-s5t\" data-element_type=\"widget\" data-e-type=\"widget\" data-widget_type=\"text-editor.default\">\n\t\t\t\t\t\t\t\t\t<p>\u00deegar kemur a\u00f0 kolovratinu er spurningin um aldur \u00feess s\u00e9rlega mikilv\u00e6g. \u00cd dag er t\u00e1kni\u00f0 oft tali\u00f0 forn, forkristi\u00f0 <span class=\"iwg-fachbegriff\" data-tooltip=\"T\u00e1kn sem stendur fyrir hugmynd e\u00f0a merkingu.\" tabindex=\"0\">t\u00e1kn<\/span> Slava. \u00deessa hugmynd \u00fearf a\u00f0 sko\u00f0a vandlega.<\/p><p>\u00dea\u00f0 er r\u00e9ttm\u00e6tt a\u00f0 geislandi s\u00f3l- og hj\u00f3lm\u00f3t\u00edf \u00e1 slavneskum sv\u00e6\u00f0um eru fornleg. Sl\u00edk m\u00f3t\u00edf m\u00e1 finna \u00ed \u00fej\u00f3\u00f0list og fornleifafundum. Almenn hugmynd um s\u00f3lhj\u00f3l hefur \u00feannig fornar r\u00e6tur.<\/p><p>Kolovrati\u00f0 sem tilteki\u00f0, sk\u00fdrt skilgreint t\u00e1kn me\u00f0 fast nafn og fastm\u00f3ta\u00f0a mynd er \u00fe\u00f3 n\u00fat\u00edmafyrirb\u00e6ri. \u00dea\u00f0 var \u00fer\u00f3a\u00f0 og samr\u00e6mt innan ramma slavneskra n\u00fdhei\u00f0inna hreyfinga \u00e1 20. og 21. \u00f6ld.<\/p><p>N\u00fat\u00edma kolovrati\u00f0 er \u00feannig n\u00fat\u00edmaleg samantekt. \u00dea\u00f0 s\u00e6kir \u00ed fornar myndhugmyndir en setur \u00fe\u00e6r \u00ed n\u00fdja, samr\u00e6mda mynd og gefur \u00feeim fast nafn og \u00fatf\u00e6r\u00f0a merkingu.<\/p><p>\u00deessi sta\u00f0reynd r\u00fdrir ekki gildi t\u00e1knsins. H\u00fan setur \u00fea\u00f0 a\u00f0eins \u00ed r\u00e9ttan sess. Kolovrati\u00f0 er n\u00fat\u00edmalegt t\u00e1kn sem tengist forinni hef\u00f0. Hvort tveggja fer saman og \u00e6tti a\u00f0 vera sk\u00fdrt teki\u00f0 fram.<\/p><p>Hei\u00f0arleg framsetning for\u00f0ast \u00fev\u00ed tv\u00e6r villur. H\u00fan fullyr\u00f0ir ekki a\u00f0 kolovrati\u00f0 \u00ed n\u00faverandi mynd s\u00e9 fornaldargamalt. Og h\u00fan neitar \u00fev\u00ed ekki heldur a\u00f0 slavnesk s\u00f3lt\u00e1kn hafi fornar r\u00e6tur. B\u00e6\u00f0i sj\u00f3narmi\u00f0 eru hluti af sannleikanum um kolovrati\u00f0.<\/p>\t\t\t\t\t\t\t\t<\/div>\n\t\t\t\t<\/div>\n\t\t\t\t\t<\/div>\n\t\t\t\t<\/div>\n\t\t<div class=\"elementor-element elementor-element-iwgs-kolowrat-s6 e-flex e-con-boxed e-con e-parent\" data-id=\"iwgs-kolowrat-s6\" data-element_type=\"container\" data-e-type=\"container\">\n\t\t\t\t\t<div class=\"e-con-inner\">\n\t\t\t\t<div class=\"elementor-element elementor-element-iwgs-kolowrat-s6h elementor-widget elementor-widget-heading\" data-id=\"iwgs-kolowrat-s6h\" data-element_type=\"widget\" data-e-type=\"widget\" data-widget_type=\"heading.default\">\n\t\t\t\t\t<h2 class=\"elementor-heading-title elementor-size-default\">Kolovrat og slavnesk n\u00e1tt\u00farutr\u00fa<\/h2>\t\t\t\t<\/div>\n\t\t<div class=\"elementor-element elementor-element-iwgs-kolowrat-s6box e-con-full e-flex e-con e-parent\" data-id=\"iwgs-kolowrat-s6box\" data-element_type=\"container\" data-e-type=\"container\">\n\t\t\t\t<div class=\"elementor-element elementor-element-iwgs-kolowrat-s6t elementor-widget elementor-widget-text-editor\" data-id=\"iwgs-kolowrat-s6t\" data-element_type=\"widget\" data-e-type=\"widget\" data-widget_type=\"text-editor.default\">\n\t\t\t\t\t\t\t\t\t<p>N\u00fat\u00edma kolovrati\u00f0 er n\u00e1tengt slavneskum n\u00fdhei\u00f0num hreyfingum. \u00deessar hreyfingar, oft kalla\u00f0ar Rodnovery, leitast vi\u00f0 a\u00f0 endurl\u00edfga forkristna tr\u00fa Slava.<\/p><p>\u00deessar hreyfingar ur\u00f0u til \u00e1 20. \u00f6ld og hafa s\u00ed\u00f0an brei\u00f0st \u00fat \u00ed nokkrum l\u00f6ndum \u00e1 slavneskum sv\u00e6\u00f0um. \u00de\u00e6r byggja \u00e1 f\u00e1um fornum heimildum, \u00fej\u00f3\u00f0legum si\u00f0um og eigin \u00fatf\u00e6rslum.<\/p><p>Innan \u00feessara hreyfinga var\u00f0 kolovrati\u00f0 a\u00f0 mi\u00f0l\u00e6gu t\u00e1kni. \u00dea\u00f0 \u00fej\u00f3nar sem au\u00f0kennis- og tr\u00faart\u00e1kn og stendur fyrir s\u00f3ld\u00fdrkun og tengsl vi\u00f0 slavneska hef\u00f0.<\/p><p>Kolovrati\u00f0 er \u00feannig fyrst og fremst t\u00e1kn n\u00fat\u00edmalegrar tr\u00faarhreyfingar sem s\u00e6kir tilv\u00edsun \u00ed forna fort\u00ed\u00f0. \u00deessi skilgreining er mikilv\u00e6g til a\u00f0 skilja t\u00e1kni\u00f0.<\/p><p>Eins og \u00f6nnur t\u00e1kn sem notu\u00f0 eru af n\u00fdhei\u00f0num hreyfingum er kolovrati\u00f0 ekki laust vi\u00f0 misnotkun. \u00dea\u00f0 hefur komi\u00f0 fyrir a\u00f0 t\u00e1kni\u00f0 hafi veri\u00f0 nota\u00f0 af h\u00f3pum sem hafa engin tengsl vi\u00f0 s\u00f3ld\u00fdrkun.<\/p><p>\u00deeir sem s\u00fdna kolovrati\u00f0 \u00e6ttu a\u00f0 vera me\u00f0vita\u00f0ir um \u00feessa spennu. Hlutlaus framsetning s\u00fdnir t\u00e1kni\u00f0 \u00ed r\u00e9ttu samhengi, sem slavneskt s\u00f3lt\u00e1kn, og setur \u00fea\u00f0 \u00ed samhengi vi\u00f0 n\u00fat\u00edmalegan uppruna sinn.<\/p>\t\t\t\t\t\t\t\t<\/div>\n\t\t\t\t<\/div>\n\t\t\t\t\t<\/div>\n\t\t\t\t<\/div>\n\t\t<div class=\"elementor-element elementor-element-iwgs-kolowrat-s7 e-flex e-con-boxed e-con e-parent\" data-id=\"iwgs-kolowrat-s7\" data-element_type=\"container\" data-e-type=\"container\">\n\t\t\t\t\t<div class=\"e-con-inner\">\n\t\t\t\t<div class=\"elementor-element elementor-element-iwgs-kolowrat-s7h elementor-widget elementor-widget-heading\" data-id=\"iwgs-kolowrat-s7h\" data-element_type=\"widget\" data-e-type=\"widget\" data-widget_type=\"heading.default\">\n\t\t\t\t\t<h2 class=\"elementor-heading-title elementor-size-default\">Vernd \u00ed gegnum s\u00f3larlj\u00f3s<\/h2>\t\t\t\t<\/div>\n\t\t<div class=\"elementor-element elementor-element-iwgs-kolowrat-s7box e-con-full e-flex e-con e-parent\" data-id=\"iwgs-kolowrat-s7box\" data-element_type=\"container\" data-e-type=\"container\">\n\t\t\t\t<div class=\"elementor-element elementor-element-iwgs-kolowrat-s7t elementor-widget elementor-widget-text-editor\" data-id=\"iwgs-kolowrat-s7t\" data-element_type=\"widget\" data-e-type=\"widget\" data-widget_type=\"text-editor.default\">\n\t\t\t\t\t\t\t\t\t<p>Verndargildi kolovratsins byggist \u00e1 hugmyndinni um kraft s\u00f3larlj\u00f3ssins. Lj\u00f3s s\u00f3larinnar hrekur myrkri\u00f0 \u00e1 brott. \u00dat fr\u00e1 \u00feessari einf\u00f6ldu athugun m\u00f3ta\u00f0ist hugsunin um a\u00f0 lj\u00f3si\u00f0 geti einnig hraki\u00f0 \u00f3heill \u00e1 brott.<\/p><p>\u00cd m\u00f6rgum menningarheimum er lj\u00f3si\u00f0 tengt hinu g\u00f3\u00f0a og myrkri\u00f0 hinu ska\u00f0lega. S\u00f3lart\u00e1kn er \u00feannig \u00e1 hli\u00f0 lj\u00f3ssins og hins g\u00f3\u00f0a. \u00dea\u00f0 verndar me\u00f0 \u00fev\u00ed a\u00f0 stilla hinu bjarta upp \u00e1 m\u00f3ti hinu d\u00f6kka.<\/p><p>Kolovratinn sem s\u00f3lart\u00e1kn ber \u00feessa merkingu \u00ed s\u00e9r. S\u00e1 sem notar hann setur sig undir merki lj\u00f3ssins. Hj\u00f3l s\u00f3larinnar \u00e1 a\u00f0 halda myrkrinu og \u00f3heillinni sem \u00fev\u00ed er tengd fjarri.<\/p><p>Vi\u00f0 \u00feetta b\u00e6tist hugsunin um \u00f6rugga endurkomu. S\u00f3lin r\u00eds a\u00f0 n\u00fdju hvern morgun og h\u00fan sn\u00fdr \u00f6rugglega aftur eftir dimma \u00e1rst\u00edmann. Sn\u00faningshj\u00f3li\u00f0 stendur fyrir \u00feessa \u00f6ruggu skipan, sem er \u00ed sj\u00e1lfu s\u00e9r \u00e1kve\u00f0in tegund verndar.<\/p><p>Kolovratinn veitir \u00fev\u00ed ekki vernd me\u00f0 fr\u00e1hrindandi mynd og ekki me\u00f0 heil\u00f6gu ritt\u00e1kni. Hann veitir vernd me\u00f0 tengingunni vi\u00f0 lj\u00f3si\u00f0 og vi\u00f0 \u00f6rugga skipan s\u00f3largangsins.<\/p><p>\u00cd \u00feessari virkni l\u00edkist kolovratinn \u00f6\u00f0rum s\u00f3lart\u00e1knum v\u00ed\u00f0s vegar um heiminn. S\u00f3larhj\u00f3li\u00f0 sem verndart\u00e1kn er v\u00ed\u00f0a \u00fatbreidd hugmynd, og kolovratinn er slavnesk mynd hennar.<\/p>\t\t\t\t\t\t\t\t<\/div>\n\t\t\t\t<\/div>\n\t\t\t\t\t<\/div>\n\t\t\t\t<\/div>\n\t\t<div class=\"elementor-element elementor-element-iwgs-kolowrat-s8 e-flex e-con-boxed e-con e-parent\" data-id=\"iwgs-kolowrat-s8\" data-element_type=\"container\" data-e-type=\"container\">\n\t\t\t\t\t<div class=\"e-con-inner\">\n\t\t\t\t<div class=\"elementor-element elementor-element-iwgs-kolowrat-s8h elementor-widget elementor-widget-heading\" data-id=\"iwgs-kolowrat-s8h\" data-element_type=\"widget\" data-e-type=\"widget\" data-widget_type=\"heading.default\">\n\t\t\t\t\t<h2 class=\"elementor-heading-title elementor-size-default\">M\u00f3tt\u00f6kur \u00ed dag<\/h2>\t\t\t\t<\/div>\n\t\t<div class=\"elementor-element elementor-element-iwgs-kolowrat-s8box e-con-full e-flex e-con e-parent\" data-id=\"iwgs-kolowrat-s8box\" data-element_type=\"container\" data-e-type=\"container\">\n\t\t\t\t<div class=\"elementor-element elementor-element-iwgs-kolowrat-s8t elementor-widget elementor-widget-text-editor\" data-id=\"iwgs-kolowrat-s8t\" data-element_type=\"widget\" data-e-type=\"widget\" data-widget_type=\"text-editor.default\">\n\t\t\t\t\t\t\t\t\t<p>Kolovratinn er \u00ed dag \u00fatbreiddur fyrst og fremst \u00e1 slavneskum sv\u00e6\u00f0um, og einnig utan \u00feeirra. Hann er borinn sem skartgripur, nota\u00f0ur sem \u00fatsaumsm\u00f3t\u00edf og tekinn upp \u00ed h\u00f6nnun.<\/p><p>\u00cd slavneskum n\u00fdhei\u00f0num hreyfingum hefur kolovratinn fastan sess sem tr\u00faar- og einkennist\u00e1kn. \u00dear stendur hann fyrir s\u00f3lard\u00fdrkun og fyrir tengsl vi\u00f0 forkristna slavneska hef\u00f0.<\/p><p>Utan \u00feessara hreyfinga er kolovratinn \u00fdmist skilinn sem almennt slavneskt menningart\u00e1kn e\u00f0a borinn sem hreint skartgripam\u00f3t\u00edf. \u00cd \u00feeirri notkun v\u00edkur n\u00e1kv\u00e6m merking oft til hli\u00f0ar.<\/p><p>Eins og \u00e1\u00f0ur hefur komi\u00f0 fram er kolovratinn ekki varinn fyrir \u00fev\u00ed a\u00f0 h\u00f3par me\u00f0 allt \u00f6nnur markmi\u00f0 tileinki s\u00e9r hann. \u00deessi togstreita fylgir t\u00e1kninu og \u00e6tti a\u00f0 hafa \u00ed huga \u00feegar \u00fea\u00f0 er s\u00fdnt.<\/p><p>\u00cd kjarna s\u00ednum er kolovratinn \u00fe\u00f3 \u00e1fram s\u00f3lart\u00e1kn. Hann stendur fyrir lj\u00f3si\u00f0, fyrir gang s\u00f3larinnar og fyrir \u00f6rugga skipan \u00e1rsins. \u00deessi grunnmerking er s\u00fa sama \u00f3h\u00e1\u00f0 allri notkun.<\/p><p>Kolovratinn er \u00feannig gott d\u00e6mi um t\u00e1kn sem tengir saman fornar r\u00e6tur og n\u00fat\u00edmalega mynd. Hann s\u00fdnir hvernig h\u00e6gt er a\u00f0 m\u00f3ta \u00far fornum s\u00f3larm\u00f3t\u00edfum, \u00e1 samt\u00edmanum, sk\u00fdrt afmarka\u00f0 t\u00e1kn sem tengist mj\u00f6g gamalli s\u00f3ld\u00fdrkun.<\/p>\t\t\t\t\t\t\t\t<\/div>\n\t\t\t\t<\/div>\n\t\t\t\t\t<\/div>\n\t\t\t\t<\/div>\n\t\t<div class=\"elementor-element elementor-element-iwgs-kolowrat-lit e-flex e-con-boxed e-con e-parent\" data-id=\"iwgs-kolowrat-lit\" data-element_type=\"container\" data-e-type=\"container\">\n\t\t\t\t\t<div class=\"e-con-inner\">\n\t\t\t\t<div class=\"elementor-element elementor-element-iwgs-kolowrat-lith elementor-widget elementor-widget-heading\" data-id=\"iwgs-kolowrat-lith\" data-element_type=\"widget\" data-e-type=\"widget\" data-widget_type=\"heading.default\">\n\t\t\t\t\t<h2 class=\"elementor-heading-title elementor-size-default\">Heimildir (\u00farval)<\/h2>\t\t\t\t<\/div>\n\t\t<div class=\"elementor-element elementor-element-iwgs-kolowrat-litbox e-con-full e-flex e-con e-parent\" data-id=\"iwgs-kolowrat-litbox\" data-element_type=\"container\" data-e-type=\"container\">\n\t\t\t\t<div class=\"elementor-element elementor-element-iwgs-kolowrat-litt elementor-widget elementor-widget-html\" data-id=\"iwgs-kolowrat-litt\" data-element_type=\"widget\" data-e-type=\"widget\" data-widget_type=\"html.default\">\n\t\t\t\t\t<footer data-nosnippet=\"true\"><ul><li>Aleksander Gieysztor: <em>Mitologia S\u0142owian<\/em> (1982)<\/li><li>Zden\u011bk V\u00e1\u0148a: <em>Mythologie und G\u00f6tterwelt der slawischen V\u00f6lker<\/em> (1992)<\/li><li>Boris Rybakov: <em>Jasystvo drevnich slavjan<\/em> (Studien zur slawischen Religion)<\/li><li>Karl Heinrich Meyer: <em>Fontes historiae religionis Slavicae<\/em> (1931)<\/li><li>Hans-Peter Hasenfratz: <em>Die religi\u00f6se Welt der Germanen und Slawen<\/em> (Studien)<\/li><\/ul><\/footer>\t\t\t\t<\/div>\n\t\t\t\t<\/div>\n\t\t\t\t\t<\/div>\n\t\t\t\t<\/div>\n\t\t<div class=\"elementor-element elementor-element-iwgs-kolowrat-kwd e-flex e-con-boxed e-con e-parent\" data-id=\"iwgs-kolowrat-kwd\" data-element_type=\"container\" data-e-type=\"container\">\n\t\t\t\t\t<div class=\"e-con-inner\">\n\t\t\t\t<div class=\"elementor-element elementor-element-iwgs-kolowrat-kwdt elementor-widget elementor-widget-text-editor\" data-id=\"iwgs-kolowrat-kwdt\" data-element_type=\"widget\" data-e-type=\"widget\" data-widget_type=\"text-editor.default\">\n\t\t\t\t\t\t\t\t\t<p><em>Tengd lykilor\u00f0: kolovrat s\u00f3larhj\u00f3l slavneskt rodnovery s\u00f3lart\u00e1kn geislar \u00fej\u00f3\u00f0list s\u00f3ld\u00fdrkun.<\/em><\/p>\t\t\t\t\t\t\t\t<\/div>\n\t\t\t\t\t<\/div>\n\t\t\t\t<\/div>\n\t\t<div class=\"elementor-element elementor-element-iwgs-kolowrat-cc e-flex e-con-boxed e-con e-parent\" data-id=\"iwgs-kolowrat-cc\" data-element_type=\"container\" data-e-type=\"container\" id=\"iwg-cc-kolowrat\">\n\t\t\t\t\t<div class=\"e-con-inner\">\n\t\t<div class=\"elementor-element elementor-element-iwgs-kolowrat-ccinner e-flex e-con-boxed e-con e-parent\" data-id=\"iwgs-kolowrat-ccinner\" data-element_type=\"container\" data-e-type=\"container\" data-settings=\"{&quot;background_background&quot;:&quot;classic&quot;}\">\n\t\t\t\t\t<div class=\"e-con-inner\">\n\t\t\t\t<div class=\"elementor-element elementor-element-iwgs-kolowrat-cch elementor-widget elementor-widget-heading\" data-id=\"iwgs-kolowrat-cch\" data-element_type=\"widget\" data-e-type=\"widget\" data-widget_type=\"heading.default\">\n\t\t\t\t\t<h2 class=\"elementor-heading-title elementor-size-default\">iWell Guard og verndarhef\u00f0ir<\/h2>\t\t\t\t<\/div>\n\t\t\t\t<div class=\"elementor-element elementor-element-iwgs-kolowrat-cct elementor-widget elementor-widget-text-editor\" data-id=\"iwgs-kolowrat-cct\" data-element_type=\"widget\" data-e-type=\"widget\" data-widget_type=\"text-editor.default\">\n\t\t\t\t\t\t\t\t\t<p>iWell Guard fellur \u00ed hina menningars\u00f6gulegu hef\u00f0 fars\u00edmra verndargripa, sem kolovratinn tilheyrir einnig. N\u00fat\u00edmalegur fylgihlutur fyrir f\u00f3lk sem lifir me\u00f0 verndart\u00e1knum: framleiddur \u00ed \u00de\u00fdskalandi, 41 lag af hreinu gulli, plat\u00ednu og silfri, me\u00f0 30 daga skilar\u00e9tti.<\/p>\t\t\t\t\t\t\t\t<\/div>\n\t\t\t\t<div class=\"elementor-element elementor-element-iwgs-kolowrat-ccb iwg-cc-button iwg-cc-cta-2026-05-13 elementor-widget elementor-widget-jet-button\" data-id=\"iwgs-kolowrat-ccb\" data-element_type=\"widget\" data-e-type=\"widget\" data-widget_type=\"jet-button.default\">\n\t\t\t\t<div class=\"elementor-widget-container\">\n\t\t\t\t\t<div class=\"elementor-jet-button jet-elements\"><div class=\"jet-button__container\"><a class=\"jet-button__instance jet-button__instance--icon-left hover-effect-1\" href=\"\/schutzanhaenger-iwell-guard-kaufen\/?utm_source=iwell-guard.com&amp;utm_medium=info-box&amp;utm_campaign=schutzsymbole\"><div class=\"jet-button__plane jet-button__plane-normal\"><\/div><div class=\"jet-button__plane jet-button__plane-hover\"><\/div><div class=\"jet-button__state jet-button__state-normal\"><span class=\"jet-button__label\">Meira um iWell Guard<\/span><\/div><div class=\"jet-button__state jet-button__state-hover\"><span class=\"jet-button__label\">Meira um iWell Guard<\/span><\/div><\/a><\/div><\/div><style>.elementor-element.elementor-element-iwgs-kolowrat-ccb .jet-button__instance{width:320px;height:56px;}.elementor-element.elementor-element-iwgs-kolowrat-ccb .jet-button__state-normal .jet-button__label{text-align:center;margin:0px 0px 0px 0px;color:#1a1b20;font-family:Montserrat,sans-serif;font-size:13px;font-weight:400;letter-spacing:4px;line-height:1.714em;text-transform:uppercase;}.elementor-element.elementor-element-iwgs-kolowrat-ccb .jet-button__state-hover .jet-button__label{text-align:center;margin:0px 0px 0px 0px;color:#FECC76;font-family:Montserrat,sans-serif;font-size:13px;font-weight:400;letter-spacing:4px;line-height:1.714em;text-transform:uppercase;}.elementor-element.elementor-element-iwgs-kolowrat-ccb .jet-button__plane-normal{background-color:#FECC76;border-style:solid;border-color:#C99540;border-width:2px 2px 2px 2px;}.elementor-element.elementor-element-iwgs-kolowrat-ccb .jet-button__plane-hover{background-color:rgba(0,0,0,0.55);border-style:solid;border-color:#FECC76;border-width:2px 2px 2px 2px;}<\/style>\t\t\t\t<\/div>\n\t\t\t\t<\/div>\n\t\t\t\t<div class=\"elementor-element elementor-element-iwgs-kolowrat-ccd elementor-widget elementor-widget-text-editor\" data-id=\"iwgs-kolowrat-ccd\" data-element_type=\"widget\" data-e-type=\"widget\" data-widget_type=\"text-editor.default\">\n\t\t\t\t\t\t\t\t\t<p style=\"text-align:center;font-size:13px;opacity:0.7;margin-top:14px\" data-nosnippet=\"true\">Pers\u00f3nuleg reynsla getur veri\u00f0 mismunandi. Ekki l\u00e6kningat\u00e6ki. Engin lofor\u00f0 um l\u00e6kningu.<\/p>\t\t\t\t\t\t\t\t<\/div>\n\t\t\t\t\t<\/div>\n\t\t\t\t<\/div>\n\t\t\t\t\t<\/div>\n\t\t\t\t<\/div>\n\t\t<div class=\"elementor-element elementor-element-iwgs-kolowrat-disc e-flex e-con-boxed e-con e-parent\" data-id=\"iwgs-kolowrat-disc\" data-element_type=\"container\" data-e-type=\"container\">\n\t\t\t\t\t<div class=\"e-con-inner\">\n\t\t\t\t<div class=\"elementor-element elementor-element-iwgs-kolowrat-discw elementor-widget elementor-widget-html\" data-id=\"iwgs-kolowrat-discw\" data-element_type=\"widget\" data-e-type=\"widget\" data-widget_type=\"html.default\">\n\t\t\t\t\t<footer data-nosnippet=\"true\" class=\"iwg-disclaimer-block\"><p data-nosnippet=\"true\">iWell Guard er <strong>ekki l\u00e6kningat\u00e6ki<\/strong> og kemur ekki \u00ed sta\u00f0 l\u00e6knis- e\u00f0a s\u00e1lfr\u00e6\u00f0ime\u00f0fer\u00f0ar. Innihaldi\u00f0 sem h\u00e9r er sett fram er tr\u00faarbrag\u00f0afr\u00e6\u00f0ileg og menningars\u00f6gulega greining, ekki lofor\u00f0 um andlega virkni.<\/p><\/footer>\t\t\t\t<\/div>\n\t\t\t\t\t<\/div>\n\t\t\t\t<\/div>\n\t\t\t\t<\/div>\n\t\t","protected":false},"excerpt":{"rendered":"","protected":false},"author":3,"featured_media":3495,"parent":0,"menu_order":0,"comment_status":"closed","ping_status":"closed","template":"elementor_header_footer","meta":{"_yoast_wpseo_focuskw":"Kolowrat","_yoast_wpseo_title":"Kolowrat \u2013 slavneskt s\u00f3lhj\u00f3l","_yoast_wpseo_metadesc":"Kolowrat er slavneskt s\u00f3lhj\u00f3lst\u00e1kn. Uppruni, merking og spurningin um aldur \u00fatsk\u00fdr\u00f0 \u00e1 sk\u00fdran h\u00e1tt.","_yoast_wpseo_meta-robots-noindex":"","_yoast_wpseo_canonical":"","_angie_page":false,"gefaehrdungsstufe":"","wesen_kultur":"","wesen_klasse":"","footnotes":""},"categories":[],"class_list":["post-169155","page","type-page","status-publish","has-post-thumbnail","hentry"],"yoast_head":"<!-- This site is optimized with the Yoast SEO Premium plugin v27.7 (Yoast SEO v28.3) - https:\/\/yoast.com\/product\/yoast-seo-premium-wordpress\/ -->\n<title>Kolowrat \u2013 slavneskt s\u00f3lhj\u00f3l<\/title>\n<meta name=\"description\" content=\"Kolowrat er slavneskt s\u00f3lhj\u00f3lst\u00e1kn. Uppruni, merking og spurningin um aldur \u00fatsk\u00fdr\u00f0 \u00e1 sk\u00fdran h\u00e1tt.\" \/>\n<meta name=\"robots\" content=\"index, follow, max-snippet:-1, max-image-preview:large, max-video-preview:-1\" \/>\n<link rel=\"canonical\" href=\"https:\/\/iwell-guard.com\/is\/kolowrat-slavneskt-solhjol\/\" \/>\n<meta property=\"og:locale\" content=\"is_IS\" \/>\n<meta property=\"og:type\" content=\"article\" \/>\n<meta property=\"og:title\" content=\"Kolowrat \u2013 slavneska s\u00f3lhj\u00f3li\u00f0\" \/>\n<meta property=\"og:description\" content=\"Kolowrat er slavneskt s\u00f3lhj\u00f3lst\u00e1kn. Uppruni, merking og spurningin um aldur \u00fatsk\u00fdr\u00f0 \u00e1 sk\u00fdran h\u00e1tt.\" \/>\n<meta property=\"og:url\" content=\"https:\/\/iwell-guard.com\/is\/kolowrat-slavneskt-solhjol\/\" \/>\n<meta property=\"og:site_name\" content=\"iWell Guard\" \/>\n<meta property=\"article:modified_time\" content=\"2026-09-05T14:33:39+00:00\" \/>\n<meta property=\"og:image\" content=\"https:\/\/iwell-guard.com\/wp-content\/uploads\/2026\/05\/schutzsymbol_slawisch_kolowrat.webp\" \/>\n\t<meta property=\"og:image:width\" content=\"1024\" \/>\n\t<meta property=\"og:image:height\" content=\"1536\" \/>\n\t<meta property=\"og:image:type\" content=\"image\/webp\" \/>\n<meta name=\"twitter:card\" content=\"summary_large_image\" \/>\n<script type=\"application\/ld+json\" class=\"yoast-schema-graph\">{\"@context\":\"https:\\\/\\\/schema.org\",\"@graph\":[{\"@type\":\"WebPage\",\"@id\":\"https:\\\/\\\/iwell-guard.com\\\/is\\\/kolowrat-slavneskt-solhjol\\\/\",\"url\":\"https:\\\/\\\/iwell-guard.com\\\/is\\\/kolowrat-slavneskt-solhjol\\\/\",\"name\":\"Kolowrat \u2013 slavneskt s\u00f3lhj\u00f3l\",\"isPartOf\":{\"@id\":\"https:\\\/\\\/iwell-guard.com\\\/is\\\/#website\"},\"primaryImageOfPage\":{\"@id\":\"https:\\\/\\\/iwell-guard.com\\\/is\\\/kolowrat-slavneskt-solhjol\\\/#primaryimage\"},\"image\":{\"@id\":\"https:\\\/\\\/iwell-guard.com\\\/is\\\/kolowrat-slavneskt-solhjol\\\/#primaryimage\"},\"thumbnailUrl\":\"https:\\\/\\\/iwell-guard.com\\\/wp-content\\\/uploads\\\/2026\\\/05\\\/schutzsymbol_slawisch_kolowrat.webp\",\"datePublished\":\"2026-09-05T14:06:03+00:00\",\"dateModified\":\"2026-09-05T14:33:39+00:00\",\"description\":\"Kolowrat er slavneskt s\u00f3lhj\u00f3lst\u00e1kn. Uppruni, merking og spurningin um aldur \u00fatsk\u00fdr\u00f0 \u00e1 sk\u00fdran h\u00e1tt.\",\"breadcrumb\":{\"@id\":\"https:\\\/\\\/iwell-guard.com\\\/is\\\/kolowrat-slavneskt-solhjol\\\/#breadcrumb\"},\"inLanguage\":\"is\",\"potentialAction\":[{\"@type\":\"ReadAction\",\"target\":[\"https:\\\/\\\/iwell-guard.com\\\/is\\\/kolowrat-slavneskt-solhjol\\\/\"]}]},{\"@type\":\"ImageObject\",\"inLanguage\":\"is\",\"@id\":\"https:\\\/\\\/iwell-guard.com\\\/is\\\/kolowrat-slavneskt-solhjol\\\/#primaryimage\",\"url\":\"https:\\\/\\\/iwell-guard.com\\\/wp-content\\\/uploads\\\/2026\\\/05\\\/schutzsymbol_slawisch_kolowrat.webp\",\"contentUrl\":\"https:\\\/\\\/iwell-guard.com\\\/wp-content\\\/uploads\\\/2026\\\/05\\\/schutzsymbol_slawisch_kolowrat.webp\",\"width\":1024,\"height\":1536,\"caption\":\"Verndart\u00e1kn. Myndskreyting \u00ed safnst\u00edl.\"},{\"@type\":\"BreadcrumbList\",\"@id\":\"https:\\\/\\\/iwell-guard.com\\\/is\\\/kolowrat-slavneskt-solhjol\\\/#breadcrumb\",\"itemListElement\":[{\"@type\":\"ListItem\",\"position\":1,\"name\":\"Start\",\"item\":\"https:\\\/\\\/iwell-guard.com\\\/is\\\/?page_id=168580\"},{\"@type\":\"ListItem\",\"position\":2,\"name\":\"Kolowrat \u2013 slavneska s\u00f3lhj\u00f3li\u00f0\"}]},{\"@type\":\"WebSite\",\"@id\":\"https:\\\/\\\/iwell-guard.com\\\/is\\\/#website\",\"url\":\"https:\\\/\\\/iwell-guard.com\\\/is\\\/\",\"name\":\"iWell Guard\",\"description\":\"Schutz vor dunklen Einfl\u00fcssen\",\"publisher\":{\"@id\":\"https:\\\/\\\/iwell-guard.com\\\/is\\\/#organization\"},\"potentialAction\":[{\"@type\":\"SearchAction\",\"target\":{\"@type\":\"EntryPoint\",\"urlTemplate\":\"https:\\\/\\\/iwell-guard.com\\\/is\\\/?s={search_term_string}\"},\"query-input\":{\"@type\":\"PropertyValueSpecification\",\"valueRequired\":true,\"valueName\":\"search_term_string\"}}],\"inLanguage\":\"is\"},{\"@type\":\"Organization\",\"@id\":\"https:\\\/\\\/iwell-guard.com\\\/is\\\/#organization\",\"name\":\"Ittermann electronic GmbH\",\"url\":\"https:\\\/\\\/iwell-guard.com\\\/is\\\/\",\"logo\":{\"@type\":\"ImageObject\",\"inLanguage\":\"is\",\"@id\":\"https:\\\/\\\/iwell-guard.com\\\/is\\\/#\\\/schema\\\/logo\\\/image\\\/\",\"url\":\"https:\\\/\\\/iwell-guard.com\\\/wp-content\\\/uploads\\\/2026\\\/05\\\/Ittermann-Logo-1182x237-1.png\",\"contentUrl\":\"https:\\\/\\\/iwell-guard.com\\\/wp-content\\\/uploads\\\/2026\\\/05\\\/Ittermann-Logo-1182x237-1.png\",\"width\":1182,\"height\":237,\"caption\":\"Ittermann electronic GmbH\"},\"image\":{\"@id\":\"https:\\\/\\\/iwell-guard.com\\\/is\\\/#\\\/schema\\\/logo\\\/image\\\/\"},\"sameAs\":[\"https:\\\/\\\/pantip.com\\\/profile\\\/9367242\",\"https:\\\/\\\/micro.blog\\\/iwellguard\",\"https:\\\/\\\/www.diggerslist.com\\\/iwellguard\\\/about\",\"https:\\\/\\\/skitterphoto.com\\\/photographers\\\/2870314\\\/iwell-guard\",\"https:\\\/\\\/iwellguard.wordpress.com\\\/2026\\\/06\\\/06\\\/iwell-guard\\\/\",\"https:\\\/\\\/hub.docker.com\\\/u\\\/iwellguard\",\"https:\\\/\\\/www.pinterest.com\\\/iwellguard\\\/\",\"https:\\\/\\\/bit.ly\\\/m\\\/iwellguard\",\"https:\\\/\\\/entre-vos-mains.alsace.eu\\\/profiles\\\/iwellguard\\\/activity\",\"https:\\\/\\\/gravatar.com\\\/reallybeded8fd34\",\"https:\\\/\\\/naijamatta.com\\\/iwellguard\",\"https:\\\/\\\/www.goodreads.com\\\/iwellguard\",\"https:\\\/\\\/profile.hatena.ne.jp\\\/iwellguard\\\/\",\"https:\\\/\\\/experiment.com\\\/users\\\/iwellguard\",\"https:\\\/\\\/wakelet.com\\\/@iWellGuard82270\",\"https:\\\/\\\/www.chordie.com\\\/forum\\\/profile.php?id=2555664\",\"https:\\\/\\\/www.instapaper.com\\\/p\\\/17757966\",\"https:\\\/\\\/www.mapleprimes.com\\\/users\\\/iwellguard\",\"https:\\\/\\\/businesslistingplus.com\\\/profile\\\/iwell-guard\\\/\",\"https:\\\/\\\/telegra.ph\\\/iWell-Guard-06-06\",\"https:\\\/\\\/pbase.com\\\/iwellguard\\\/iwellguard\",\"https:\\\/\\\/b.hatena.ne.jp\\\/iwellguard\\\/20260607#bookmark-4788405196491818882\",\"https:\\\/\\\/fliphtml5.com\\\/home\\\/iwellguard\",\"https:\\\/\\\/anyflip.com\\\/homepage\\\/cmiwl#About\",\"https:\\\/\\\/transfur.com\\\/Users\\\/iwellguard\",\"http:\\\/\\\/delphi.larsbo.org\\\/user\\\/iwellguard\",\"https:\\\/\\\/jobs.lajobsportal.org\\\/profiles\\\/8380803-iwell-guard\",\"https:\\\/\\\/md.chaosdorf.de\\\/s\\\/jfbe5SBdJD\",\"https:\\\/\\\/www.lingvolive.com\\\/en-us\\\/profile\\\/9ecaeaca-ce11-4e51-9e71-01d55e2bff36\\\/translations\",\"https:\\\/\\\/www.fitday.com\\\/fitness\\\/forums\\\/members\\\/iwellguard.html\",\"https:\\\/\\\/www.mymeetbook.com\\\/iwellguard\",\"https:\\\/\\\/pxhere.com\\\/en\\\/photographer-me\\\/5040798\",\"https:\\\/\\\/disqus.com\\\/by\\\/iwellguard\\\/about\\\/\",\"https:\\\/\\\/pastelink.net\\\/hjwciqwq\",\"https:\\\/\\\/pubhtml5.com\\\/homepage\\\/scjhn\\\/\",\"https:\\\/\\\/www.bitchute.com\\\/channel\\\/2O2eOKzNqujT\",\"https:\\\/\\\/audiomack.com\\\/iwellguard\"]}]}<\/script>\n<!-- \/ Yoast SEO Premium plugin. -->","yoast_head_json":{"title":"Kolowrat \u2013 slavneskt s\u00f3lhj\u00f3l","description":"Kolowrat er slavneskt s\u00f3lhj\u00f3lst\u00e1kn. Uppruni, merking og spurningin um aldur \u00fatsk\u00fdr\u00f0 \u00e1 sk\u00fdran h\u00e1tt.","robots":{"index":"index","follow":"follow","max-snippet":"max-snippet:-1","max-image-preview":"max-image-preview:large","max-video-preview":"max-video-preview:-1"},"canonical":"https:\/\/iwell-guard.com\/is\/kolowrat-slavneskt-solhjol\/","og_locale":"is_IS","og_type":"article","og_title":"Kolowrat \u2013 slavneska s\u00f3lhj\u00f3li\u00f0","og_description":"Kolowrat er slavneskt s\u00f3lhj\u00f3lst\u00e1kn. Uppruni, merking og spurningin um aldur \u00fatsk\u00fdr\u00f0 \u00e1 sk\u00fdran h\u00e1tt.","og_url":"https:\/\/iwell-guard.com\/is\/kolowrat-slavneskt-solhjol\/","og_site_name":"iWell Guard","article_modified_time":"2026-09-05T14:33:39+00:00","og_image":[{"width":1024,"height":1536,"url":"https:\/\/iwell-guard.com\/wp-content\/uploads\/2026\/05\/schutzsymbol_slawisch_kolowrat.webp","type":"image\/webp"}],"twitter_card":"summary_large_image","schema":{"@context":"https:\/\/schema.org","@graph":[{"@type":"WebPage","@id":"https:\/\/iwell-guard.com\/is\/kolowrat-slavneskt-solhjol\/","url":"https:\/\/iwell-guard.com\/is\/kolowrat-slavneskt-solhjol\/","name":"Kolowrat \u2013 slavneskt s\u00f3lhj\u00f3l","isPartOf":{"@id":"https:\/\/iwell-guard.com\/is\/#website"},"primaryImageOfPage":{"@id":"https:\/\/iwell-guard.com\/is\/kolowrat-slavneskt-solhjol\/#primaryimage"},"image":{"@id":"https:\/\/iwell-guard.com\/is\/kolowrat-slavneskt-solhjol\/#primaryimage"},"thumbnailUrl":"https:\/\/iwell-guard.com\/wp-content\/uploads\/2026\/05\/schutzsymbol_slawisch_kolowrat.webp","datePublished":"2026-09-05T14:06:03+00:00","dateModified":"2026-09-05T14:33:39+00:00","description":"Kolowrat er slavneskt s\u00f3lhj\u00f3lst\u00e1kn. Uppruni, merking og spurningin um aldur \u00fatsk\u00fdr\u00f0 \u00e1 sk\u00fdran h\u00e1tt.","breadcrumb":{"@id":"https:\/\/iwell-guard.com\/is\/kolowrat-slavneskt-solhjol\/#breadcrumb"},"inLanguage":"is","potentialAction":[{"@type":"ReadAction","target":["https:\/\/iwell-guard.com\/is\/kolowrat-slavneskt-solhjol\/"]}]},{"@type":"ImageObject","inLanguage":"is","@id":"https:\/\/iwell-guard.com\/is\/kolowrat-slavneskt-solhjol\/#primaryimage","url":"https:\/\/iwell-guard.com\/wp-content\/uploads\/2026\/05\/schutzsymbol_slawisch_kolowrat.webp","contentUrl":"https:\/\/iwell-guard.com\/wp-content\/uploads\/2026\/05\/schutzsymbol_slawisch_kolowrat.webp","width":1024,"height":1536,"caption":"Verndart\u00e1kn. Myndskreyting \u00ed safnst\u00edl."},{"@type":"BreadcrumbList","@id":"https:\/\/iwell-guard.com\/is\/kolowrat-slavneskt-solhjol\/#breadcrumb","itemListElement":[{"@type":"ListItem","position":1,"name":"Start","item":"https:\/\/iwell-guard.com\/is\/?page_id=168580"},{"@type":"ListItem","position":2,"name":"Kolowrat \u2013 slavneska s\u00f3lhj\u00f3li\u00f0"}]},{"@type":"WebSite","@id":"https:\/\/iwell-guard.com\/is\/#website","url":"https:\/\/iwell-guard.com\/is\/","name":"iWell Guard","description":"Schutz vor dunklen Einfl\u00fcssen","publisher":{"@id":"https:\/\/iwell-guard.com\/is\/#organization"},"potentialAction":[{"@type":"SearchAction","target":{"@type":"EntryPoint","urlTemplate":"https:\/\/iwell-guard.com\/is\/?s={search_term_string}"},"query-input":{"@type":"PropertyValueSpecification","valueRequired":true,"valueName":"search_term_string"}}],"inLanguage":"is"},{"@type":"Organization","@id":"https:\/\/iwell-guard.com\/is\/#organization","name":"Ittermann electronic GmbH","url":"https:\/\/iwell-guard.com\/is\/","logo":{"@type":"ImageObject","inLanguage":"is","@id":"https:\/\/iwell-guard.com\/is\/#\/schema\/logo\/image\/","url":"https:\/\/iwell-guard.com\/wp-content\/uploads\/2026\/05\/Ittermann-Logo-1182x237-1.png","contentUrl":"https:\/\/iwell-guard.com\/wp-content\/uploads\/2026\/05\/Ittermann-Logo-1182x237-1.png","width":1182,"height":237,"caption":"Ittermann electronic GmbH"},"image":{"@id":"https:\/\/iwell-guard.com\/is\/#\/schema\/logo\/image\/"},"sameAs":["https:\/\/pantip.com\/profile\/9367242","https:\/\/micro.blog\/iwellguard","https:\/\/www.diggerslist.com\/iwellguard\/about","https:\/\/skitterphoto.com\/photographers\/2870314\/iwell-guard","https:\/\/iwellguard.wordpress.com\/2026\/06\/06\/iwell-guard\/","https:\/\/hub.docker.com\/u\/iwellguard","https:\/\/www.pinterest.com\/iwellguard\/","https:\/\/bit.ly\/m\/iwellguard","https:\/\/entre-vos-mains.alsace.eu\/profiles\/iwellguard\/activity","https:\/\/gravatar.com\/reallybeded8fd34","https:\/\/naijamatta.com\/iwellguard","https:\/\/www.goodreads.com\/iwellguard","https:\/\/profile.hatena.ne.jp\/iwellguard\/","https:\/\/experiment.com\/users\/iwellguard","https:\/\/wakelet.com\/@iWellGuard82270","https:\/\/www.chordie.com\/forum\/profile.php?id=2555664","https:\/\/www.instapaper.com\/p\/17757966","https:\/\/www.mapleprimes.com\/users\/iwellguard","https:\/\/businesslistingplus.com\/profile\/iwell-guard\/","https:\/\/telegra.ph\/iWell-Guard-06-06","https:\/\/pbase.com\/iwellguard\/iwellguard","https:\/\/b.hatena.ne.jp\/iwellguard\/20260607#bookmark-4788405196491818882","https:\/\/fliphtml5.com\/home\/iwellguard","https:\/\/anyflip.com\/homepage\/cmiwl#About","https:\/\/transfur.com\/Users\/iwellguard","http:\/\/delphi.larsbo.org\/user\/iwellguard","https:\/\/jobs.lajobsportal.org\/profiles\/8380803-iwell-guard","https:\/\/md.chaosdorf.de\/s\/jfbe5SBdJD","https:\/\/www.lingvolive.com\/en-us\/profile\/9ecaeaca-ce11-4e51-9e71-01d55e2bff36\/translations","https:\/\/www.fitday.com\/fitness\/forums\/members\/iwellguard.html","https:\/\/www.mymeetbook.com\/iwellguard","https:\/\/pxhere.com\/en\/photographer-me\/5040798","https:\/\/disqus.com\/by\/iwellguard\/about\/","https:\/\/pastelink.net\/hjwciqwq","https:\/\/pubhtml5.com\/homepage\/scjhn\/","https:\/\/www.bitchute.com\/channel\/2O2eOKzNqujT","https:\/\/audiomack.com\/iwellguard"]}]}},"_links":{"self":[{"href":"https:\/\/iwell-guard.com\/is\/wp-json\/wp\/v2\/pages\/169155","targetHints":{"allow":["GET"]}}],"collection":[{"href":"https:\/\/iwell-guard.com\/is\/wp-json\/wp\/v2\/pages"}],"about":[{"href":"https:\/\/iwell-guard.com\/is\/wp-json\/wp\/v2\/types\/page"}],"author":[{"embeddable":true,"href":"https:\/\/iwell-guard.com\/is\/wp-json\/wp\/v2\/users\/3"}],"replies":[{"embeddable":true,"href":"https:\/\/iwell-guard.com\/is\/wp-json\/wp\/v2\/comments?post=169155"}],"version-history":[{"count":0,"href":"https:\/\/iwell-guard.com\/is\/wp-json\/wp\/v2\/pages\/169155\/revisions"}],"wp:featuredmedia":[{"embeddable":true,"href":"https:\/\/iwell-guard.com\/is\/wp-json\/wp\/v2\/media\/3495"}],"wp:attachment":[{"href":"https:\/\/iwell-guard.com\/is\/wp-json\/wp\/v2\/media?parent=169155"}],"wp:term":[{"taxonomy":"category","embeddable":true,"href":"https:\/\/iwell-guard.com\/is\/wp-json\/wp\/v2\/categories?post=169155"}],"curies":[{"name":"wp","href":"https:\/\/api.w.org\/{rel}","templated":true}]}}