{"id":169150,"date":"2026-09-05T14:06:01","date_gmt":"2026-09-05T14:06:01","guid":{"rendered":"https:\/\/iwell-guard.com\/?page_id=169150"},"modified":"2026-09-05T14:33:30","modified_gmt":"2026-09-05T14:33:30","slug":"bujeok-koreanski-verndargripurinn","status":"publish","type":"page","link":"https:\/\/iwell-guard.com\/is\/bujeok-koreanski-verndargripurinn\/","title":{"rendered":"Bujeok \u2013 k\u00f3reanski verndargripurinn"},"content":{"rendered":"\t\t<div data-elementor-type=\"wp-page\" data-elementor-id=\"169150\" class=\"elementor elementor-169150 elementor-3633 elementor-bc-flex-widget\" data-elementor-post-type=\"page\">\n\t\t\t\t<div class=\"elementor-element elementor-element-iwgs-bujeok-hero e-flex e-con-boxed e-con e-parent\" data-id=\"iwgs-bujeok-hero\" data-element_type=\"container\" data-e-type=\"container\">\n\t\t\t\t\t<div class=\"e-con-inner\">\n\t\t<div class=\"elementor-element elementor-element-iwgs-bujeok-hl e-flex e-con-boxed e-con e-parent\" data-id=\"iwgs-bujeok-hl\" data-element_type=\"container\" data-e-type=\"container\">\n\t\t\t\t\t<div class=\"e-con-inner\">\n\t\t<div class=\"elementor-element elementor-element-iwgs-bujeok-hlbox e-con-full e-flex e-con e-parent\" data-id=\"iwgs-bujeok-hlbox\" data-element_type=\"container\" data-e-type=\"container\">\n\t\t\t\t<div class=\"elementor-element elementor-element-iwgs-bujeok-h1 elementor-widget elementor-widget-heading\" data-id=\"iwgs-bujeok-h1\" data-element_type=\"widget\" data-e-type=\"widget\" data-widget_type=\"heading.default\">\n\t\t\t\t\t<h1 class=\"elementor-heading-title elementor-size-default\">Bujeok \u2013 k\u00f3reanski verndargripurinn \u00far skrift og t\u00e1kni<\/h1>\t\t\t\t<\/div>\n\t\t\t\t<div class=\"elementor-element elementor-element-iwgs-bujeok-lead elementor-widget elementor-widget-text-editor\" data-id=\"iwgs-bujeok-lead\" data-element_type=\"widget\" data-e-type=\"widget\" data-widget_type=\"text-editor.default\">\n\t\t\t\t\t\t\t\t\t<p>Bujeok er k\u00f3reanskur verndargripur sem er festur \u00e1 h\u00fasi\u00f0, hur\u00f0ina e\u00f0a fatna\u00f0 til a\u00f0 verjast \u00f3heill og sj\u00fakd\u00f3mum. Bujeok er hinn hef\u00f0bundni <span class=\"iwg-fachbegriff\" data-tooltip=\"Hlutur sem talinn er hafa \u00feau \u00e1hrif a\u00f0 stu\u00f0la a\u00f0 heppni e\u00f0a velgengni.\" tabindex=\"0\">verndargripur (talisman)<\/span> K\u00f3reu. Hann er ger\u00f0ur \u00e1 gult papp\u00edr me\u00f0 rau\u00f0ri skrift og er talinn verjast \u00f3heill og draga a\u00f0 s\u00e9r heppni. Hann er me\u00f0al lifandi verndarhef\u00f0a k\u00f3reanskrar \u00fej\u00f3\u00f0tr\u00faar.<\/p>\t\t\t\t\t\t\t\t<\/div>\n\t\t\t\t<\/div>\n\t\t\t\t<div class=\"elementor-element elementor-element-iwgs-bujeok-pills elementor-widget elementor-widget-html\" data-id=\"iwgs-bujeok-pills\" data-element_type=\"widget\" data-e-type=\"widget\" data-widget_type=\"html.default\">\n\t\t\t\t\t<div class=\"iwg-pill-row\"><span class=\"iwg-klasse-badge\" tabindex=\"0\" data-tooltip=\"Verndart\u00e1kn, gripur e\u00f0a fr\u00e1hrindandi (apotropaic) hlutur.\">Verndart\u00e1kn<\/span><a href=\"https:\/\/iwell-guard.com\/is\/korea\/\" class=\"iwg-kultur-badge\" tabindex=\"0\" data-tooltip=\"Verndarhef\u00f0: K\u00f3rea\">K\u00f3rea<\/a><span class=\"iwg-tradition-badge\" tabindex=\"0\" data-tooltip=\"Hlutur sem talinn er stu\u00f0la a\u00f0 heppni e\u00f0a velgengni.\">Verndargripur (talisman)<\/span><\/div>\t\t\t\t<\/div>\n\t\t\t\t\t<\/div>\n\t\t\t\t<\/div>\n\t\t<div class=\"elementor-element elementor-element-iwgs-bujeok-hr e-con-full e-flex e-con e-parent\" data-id=\"iwgs-bujeok-hr\" data-element_type=\"container\" data-e-type=\"container\">\n\t\t\t\t<div class=\"elementor-element elementor-element-iwgs-bujeok-himg iwg-hero-image elementor-widget elementor-widget-image\" data-id=\"iwgs-bujeok-himg\" data-element_type=\"widget\" data-e-type=\"widget\" data-widget_type=\"image.default\">\n\t\t\t\t\t\t\t\t\t\t\t\t\t\t\t<img fetchpriority=\"high\" decoding=\"async\" width=\"683\" height=\"1024\" src=\"https:\/\/iwell-guard.com\/wp-content\/uploads\/2026\/05\/schutzsymbol_korea_bujeok-683x1024.webp\" class=\"attachment-large size-large wp-image-170507\" alt=\"Bujeok - verndart\u00e1kn, s\u00fdningarmynd \u00e1 safni\" srcset=\"https:\/\/iwell-guard.com\/wp-content\/uploads\/2026\/05\/schutzsymbol_korea_bujeok-683x1024.webp 683w, https:\/\/iwell-guard.com\/wp-content\/uploads\/2026\/05\/schutzsymbol_korea_bujeok-200x300.webp 200w, https:\/\/iwell-guard.com\/wp-content\/uploads\/2026\/05\/schutzsymbol_korea_bujeok-768x1152.webp 768w, https:\/\/iwell-guard.com\/wp-content\/uploads\/2026\/05\/schutzsymbol_korea_bujeok.webp 1024w\" sizes=\"(max-width: 683px) 100vw, 683px\" \/>\t\t\t\t\t\t\t\t\t\t\t\t\t\t\t<\/div>\n\t\t\t\t<\/div>\n\t\t\t\t\t<\/div>\n\t\t\t\t<\/div>\n\t\t<div class=\"elementor-element elementor-element-iwgs-bujeok-s0 e-flex e-con-boxed e-con e-parent\" data-id=\"iwgs-bujeok-s0\" data-element_type=\"container\" data-e-type=\"container\">\n\t\t\t\t\t<div class=\"e-con-inner\">\n\t\t\t\t<div class=\"elementor-element elementor-element-iwgs-bujeok-s0h elementor-widget elementor-widget-heading\" data-id=\"iwgs-bujeok-s0h\" data-element_type=\"widget\" data-e-type=\"widget\" data-widget_type=\"heading.default\">\n\t\t\t\t\t<h2 class=\"elementor-heading-title elementor-size-default\">Yfirlit<\/h2>\t\t\t\t<\/div>\n\t\t<div class=\"elementor-element elementor-element-iwgs-bujeok-s0box e-con-full e-flex e-con e-parent\" data-id=\"iwgs-bujeok-s0box\" data-element_type=\"container\" data-e-type=\"container\">\n\t\t\t\t<div class=\"elementor-element elementor-element-iwgs-bujeok-s0t elementor-widget elementor-widget-text-editor\" data-id=\"iwgs-bujeok-s0t\" data-element_type=\"widget\" data-e-type=\"widget\" data-widget_type=\"text-editor.default\">\n\t\t\t\t\t\t\t\t\t<p>Bujeok er hinn hef\u00f0bundni <span class=\"iwg-fachbegriff\" data-tooltip=\"Hlutur sem talinn er hafa \u00feau \u00e1hrif a\u00f0 stu\u00f0la a\u00f0 heppni e\u00f0a velgengni.\" tabindex=\"0\">verndargripur (talisman)<\/span> <a href=\"https:\/\/iwell-guard.com\/is\/korea\/\">K\u00f3reu<\/a>. \u00cd algengustu mynd sinni er hann r\u00e6ma e\u00f0a bla\u00f0 \u00far gulum papp\u00edr sem er skreytt t\u00e1knum og skrifletri \u00ed rau\u00f0um lit.<\/p><p>Bujeok er talinn verjast \u00f3heill og draga a\u00f0 s\u00e9r g\u00e6fu. Hann sn\u00fdr gegn ska\u00f0legum \u00f6ndum, gegn sj\u00fakd\u00f3mum og gegn \u00f3l\u00e1ns\u00f3heillum, en \u00e1 sama t\u00edma er hann talinn efla heppni, heilsu og velfer\u00f0. \u00deannig n\u00e6r hann yfir b\u00e1\u00f0ar grunnstefnur verndarhef\u00f0arins.<\/p><p>Bujeok er nota\u00f0ur \u00e1 margv\u00edslegan h\u00e1tt. Hann er festur \u00e1 hur\u00f0ir og veggi, borinn \u00e1 l\u00edkamanum e\u00f0a haf\u00f0ur me\u00f0 s\u00e9r. \u00cd sumum si\u00f0um er hann einnig brenndur og askan notu\u00f0 me\u00f0 s\u00e9rst\u00f6kum h\u00e6tti.<\/p><p>\u00cd <span class=\"iwg-fachbegriff\" data-tooltip=\"V\u00edsindagrein sem rannsakar tr\u00faarbr\u00f6g\u00f0 \u00e1 samanbur\u00f0arh\u00e1tt \u00e1n tr\u00faarlegrar afst\u00f6\u00f0u.\" tabindex=\"0\">tr\u00faarbrag\u00f0afr\u00e6\u00f0i<\/span> er bujeok gott d\u00e6mi um skriftargrip (skrift-talisman). \u00c1hrif hans eru n\u00e1tengd \u00feeim t\u00e1knum sem eru skrifu\u00f0 \u00e1 hann. Hann fellur undir \u00feann st\u00f3ra flokk verndargripa \u00fear sem skrift og t\u00e1kn gegna a\u00f0alhlutverki.<\/p><p>Bujeok er dj\u00fapt r\u00f3tfestur \u00ed k\u00f3reanskri \u00fej\u00f3\u00f0tr\u00fa. Hann tengir saman hugmyndir \u00far fleiri tr\u00faarstefnum og er enn \u00feann dag \u00ed dag me\u00f0al lifandi verndarsi\u00f0a K\u00f3reu. \u00dear me\u00f0 er hann mikilv\u00e6g heimild um lifa\u00f0a tr\u00fa landsins.<\/p>\t\t\t\t\t\t\t\t<\/div>\n\t\t\t\t<\/div>\n\t\t\t\t\t<\/div>\n\t\t\t\t<\/div>\n\t\t<div class=\"elementor-element elementor-element-iwgs-bujeok-s1 e-flex e-con-boxed e-con e-parent\" data-id=\"iwgs-bujeok-s1\" data-element_type=\"container\" data-e-type=\"container\">\n\t\t\t\t\t<div class=\"e-con-inner\">\n\t\t\t\t<div class=\"elementor-element elementor-element-iwgs-bujeok-s1h elementor-widget elementor-widget-heading\" data-id=\"iwgs-bujeok-s1h\" data-element_type=\"widget\" data-e-type=\"widget\" data-widget_type=\"heading.default\">\n\t\t\t\t\t<h2 class=\"elementor-heading-title elementor-size-default\">Nafn og efni<\/h2>\t\t\t\t<\/div>\n\t\t<div class=\"elementor-element elementor-element-iwgs-bujeok-s1box e-con-full e-flex e-con e-parent\" data-id=\"iwgs-bujeok-s1box\" data-element_type=\"container\" data-e-type=\"container\">\n\t\t\t\t<div class=\"elementor-element elementor-element-iwgs-bujeok-s1t elementor-widget elementor-widget-text-editor\" data-id=\"iwgs-bujeok-s1t\" data-element_type=\"widget\" data-e-type=\"widget\" data-widget_type=\"text-editor.default\">\n\t\t\t\t\t\t\t\t\t<p>Hugtaki\u00f0 Bujeok stendur \u00e1 k\u00f3resku fyrir <span class=\"iwg-fachbegriff\" data-tooltip=\"Hlutur sem sag\u00f0ur er hafa \u00e1hrif sem la\u00f0a fram g\u00e6fu e\u00f0a velgengni.\" tabindex=\"0\">verndargrip<\/span> sem hlut. \u00c1 \u00fe\u00fdsku er Bujeok oftast einfaldlega l\u00fdst sem k\u00f3reskum <span class=\"iwg-fachbegriff\" data-tooltip=\"Hlutur sem sag\u00f0ur er hafa \u00e1hrif sem la\u00f0a fram g\u00e6fu e\u00f0a velgengni.\" tabindex=\"0\">verndargrip<\/span> e\u00f0a verndart\u00e1kni.<\/p><p>Hef\u00f0bundi\u00f0 efni Bujeok er papp\u00edr. A\u00f0 fornu var nota\u00f0ur papp\u00edr \u00far trefjum m\u00f3rberjatr\u00e9sins, sem \u00e1 s\u00e9r langa s\u00f6gu \u00ed K\u00f3reu og er metinn fyrir endingu s\u00edna.<\/p><p>Papp\u00edrinn er yfirleitt gulur. Guli liturinn er ekki valinn af tilviljun. \u00cd austuras\u00edskri litafr\u00e6\u00f0i er gulur tengdur mi\u00f0junni og j\u00f6r\u00f0inni og telst mikilv\u00e6gur, reglubundinn litur.<\/p><p>\u00c1 \u00feennan gula papp\u00edr eru t\u00e1knin skr\u00e1\u00f0. Bujeok er \u00feannig tilt\u00f6lulega einfaldur hlutur. \u00c1hrif hans byggjast ekki \u00e1 d\u00fdrm\u00e6tu efni, heldur \u00e1 papp\u00edrnum, litnum og t\u00e1knunum sem \u00e1 hann eru ritu\u00f0.<\/p><p>St\u00e6r\u00f0 og l\u00f6gun Bujeok er mismunandi. Til eru b\u00e6\u00f0i mj\u00f3ar r\u00e6mur og st\u00e6rri bl\u00f6\u00f0. L\u00f6gunin r\u00e6\u00f0st af \u00fev\u00ed til hvers <span class=\"iwg-fachbegriff\" data-tooltip=\"Hlutur sem sag\u00f0ur er hafa \u00e1hrif sem la\u00f0a fram g\u00e6fu e\u00f0a velgengni.\" tabindex=\"0\">verndargripurinn<\/span> er \u00e6tla\u00f0ur og hvar honum er komi\u00f0 fyrir e\u00f0a hann borinn.<\/p>\t\t\t\t\t\t\t\t<\/div>\n\t\t\t\t<\/div>\n\t\t\t\t\t<\/div>\n\t\t\t\t<\/div>\n\t\t<div class=\"elementor-element elementor-element-iwgs-bujeok-s2 e-flex e-con-boxed e-con e-parent\" data-id=\"iwgs-bujeok-s2\" data-element_type=\"container\" data-e-type=\"container\">\n\t\t\t\t\t<div class=\"e-con-inner\">\n\t\t\t\t<div class=\"elementor-element elementor-element-iwgs-bujeok-s2h elementor-widget elementor-widget-heading\" data-id=\"iwgs-bujeok-s2h\" data-element_type=\"widget\" data-e-type=\"widget\" data-widget_type=\"heading.default\">\n\t\t\t\t\t<h2 class=\"elementor-heading-title elementor-size-default\">Rau\u00f0 skrift \u00e1 gulum grunni<\/h2>\t\t\t\t<\/div>\n\t\t<div class=\"elementor-element elementor-element-iwgs-bujeok-s2box e-con-full e-flex e-con e-parent\" data-id=\"iwgs-bujeok-s2box\" data-element_type=\"container\" data-e-type=\"container\">\n\t\t\t\t<div class=\"elementor-element elementor-element-iwgs-bujeok-s2t elementor-widget elementor-widget-text-editor\" data-id=\"iwgs-bujeok-s2t\" data-element_type=\"widget\" data-e-type=\"widget\" data-widget_type=\"text-editor.default\">\n\t\t\t\t\t\t\t\t\t<p>\u00c1berandasta einkenni bujeok er rau\u00f0 skrift \u00e1 gulum grunni. \u00deessi samsetning gulu og rau\u00f0s er einkennandi og gerir bujeok samstundis au\u00f0\u00feekkjanlegan.<\/p><p>Rau\u00f0i litinn hefur verndandi merkingu. \u00cd austuras\u00edskri hef\u00f0, eins og \u00ed m\u00f6rgum \u00f6\u00f0rum menningarheimum, er rau\u00f0ur talinn verjast \u00f3heill og ska\u00f0legum \u00f6ndum. \u00deegar litur skriftarinnar sj\u00e1lfur stu\u00f0lar \u00feannig a\u00f0 verndar\u00e1hrifum bujeok.<\/p><p>T\u00e1knin \u00e1 bujeok eru margv\u00edsleg. \u00deau geta veri\u00f0 skriftarmerki, en einnig birtast s\u00e9rst\u00f6k t\u00e1kn, l\u00ednumynstur og st\u00edlf\u00e6r\u00f0ar f\u00edg\u00farur. Sum \u00feessara t\u00e1kna eru a\u00f0eins skiljanleg \u00feeim sem eru fr\u00f3\u00f0ir um \u00feau.<\/p><p>Oft eru t\u00e1knin listilega og \u00fe\u00e9tt h\u00f6nnu\u00f0. \u00deau fylla bla\u00f0i\u00f0 \u00e1 skipulegan, oft fl\u00e6ktan h\u00e1tt. \u00deessi \u00fe\u00e9tta h\u00f6nnun l\u00e6tur bujeok birtast sem heilst\u00e6tt, kraftmiki\u00f0 t\u00e1kn.<\/p><p>Mikilv\u00e6gt er a\u00f0 skriftin og t\u00e1knin s\u00e9u talin virk. Bujeok er ekki einfaldlega \u00e1rita\u00f0ur papp\u00edr. T\u00e1knin sem \u00e1 hann eru fest eru, samkv\u00e6mt hugmyndum si\u00f0arins, hinn eiginger\u00f0i bur\u00f0arberi verndarkraftsins.<\/p>\t\t\t\t\t\t\t\t<\/div>\n\t\t\t\t<\/div>\n\t\t\t\t\t<\/div>\n\t\t\t\t<\/div>\n\t\t<div class=\"elementor-element elementor-element-iwgs-bujeok-s3 e-flex e-con-boxed e-con e-parent\" data-id=\"iwgs-bujeok-s3\" data-element_type=\"container\" data-e-type=\"container\">\n\t\t\t\t\t<div class=\"e-con-inner\">\n\t\t\t\t<div class=\"elementor-element elementor-element-iwgs-bujeok-s3h elementor-widget elementor-widget-heading\" data-id=\"iwgs-bujeok-s3h\" data-element_type=\"widget\" data-e-type=\"widget\" data-widget_type=\"heading.default\">\n\t\t\t\t\t<h2 class=\"elementor-heading-title elementor-size-default\">Hver gerir bujeok<\/h2>\t\t\t\t<\/div>\n\t\t<div class=\"elementor-element elementor-element-iwgs-bujeok-s3box e-con-full e-flex e-con e-parent\" data-id=\"iwgs-bujeok-s3box\" data-element_type=\"container\" data-e-type=\"container\">\n\t\t\t\t<div class=\"elementor-element elementor-element-iwgs-bujeok-s3t elementor-widget elementor-widget-text-editor\" data-id=\"iwgs-bujeok-s3t\" data-element_type=\"widget\" data-e-type=\"widget\" data-widget_type=\"text-editor.default\">\n\t\t\t\t\t\t\t\t\t<p>Bujeok er ekki ger\u00f0ur af hverjum sem er. Ger\u00f0 hans er yfirleitt bundin \u00e1kve\u00f0num einstaklingum sem taldir eru hafa s\u00e9rstaka f\u00e6rni til \u00feess.<\/p><p>Mikilv\u00e6gur h\u00f3pur eru sjamanar og sjamankonur k\u00f3reanskrar \u00fej\u00f3\u00f0tr\u00faar. \u00deau eru k\u00f6llu\u00f0 mudang. \u00cd k\u00f3reanskri hef\u00f0 mi\u00f0la \u00feau milli mannheims og heims andanna. A\u00f0 gera bujeok er hluti af hlutverki \u00feeirra.<\/p><p>B\u00faddamunkar gera einnig bujeok. \u00cd hofunum eru verndargripir ger\u00f0ir og gefnir tr\u00fau\u00f0um. \u00deannig hefur bujeok fastan sess einnig \u00ed k\u00f3re\u00f6nskum b\u00faddisma.<\/p><p>Ger\u00f0 bujeok er oft tengd ath\u00f6fnum. Skrift t\u00e1knanna fer fram \u00ed \u00e1kve\u00f0nu einbeitingar\u00e1standi e\u00f0a \u00ed tengslum vi\u00f0 <span class=\"iwg-fachbegriff\" data-tooltip=\"H\u00e1t\u00ed\u00f0leg ath\u00f6fn sem fer fram eftir f\u00f6stum reglum.\" tabindex=\"0\">ath\u00f6fn (serem\u00f3n\u00edu)<\/span>. A\u00f0eins \u00feannig f\u00e6r bla\u00f0i\u00f0, samkv\u00e6mt hugmyndum si\u00f0arins, virkni s\u00edna.<\/p><p>A\u00f0 bujeok s\u00e9 ger\u00f0ur af s\u00e9rst\u00f6kum einstaklingum og \u00ed tr\u00faarlegu samhengi er mikilv\u00e6gt fyrir skilning \u00e1 honum. Kraftur hans byggist ekki eing\u00f6ngu \u00e1 t\u00e1knunum heldur einnig \u00e1 \u00feeim sem skrifar \u00feau og hvernig \u00feau eru skrifu\u00f0.<\/p>\t\t\t\t\t\t\t\t<\/div>\n\t\t\t\t<\/div>\n\t\t\t\t\t<\/div>\n\t\t\t\t<\/div>\n\t\t<div class=\"elementor-element elementor-element-iwgs-bujeok-s4 e-flex e-con-boxed e-con e-parent\" data-id=\"iwgs-bujeok-s4\" data-element_type=\"container\" data-e-type=\"container\">\n\t\t\t\t\t<div class=\"e-con-inner\">\n\t\t\t\t<div class=\"elementor-element elementor-element-iwgs-bujeok-s4h elementor-widget elementor-widget-heading\" data-id=\"iwgs-bujeok-s4h\" data-element_type=\"widget\" data-e-type=\"widget\" data-widget_type=\"heading.default\">\n\t\t\t\t\t<h2 class=\"elementor-heading-title elementor-size-default\">Fj\u00f6lbreytni erindanna<\/h2>\t\t\t\t<\/div>\n\t\t<div class=\"elementor-element elementor-element-iwgs-bujeok-s4box e-con-full e-flex e-con e-parent\" data-id=\"iwgs-bujeok-s4box\" data-element_type=\"container\" data-e-type=\"container\">\n\t\t\t\t<div class=\"elementor-element elementor-element-iwgs-bujeok-s4t elementor-widget elementor-widget-text-editor\" data-id=\"iwgs-bujeok-s4t\" data-element_type=\"widget\" data-e-type=\"widget\" data-widget_type=\"text-editor.default\">\n\t\t\t\t\t\t\t\t\t<p>Bujeok er ekki eitt einsleitt t\u00e1kn. \u00deess \u00ed sta\u00f0 eru til margv\u00edslegir bujeok fyrir mismunandi tilefni. T\u00e1knin og \u00fatliti\u00f0 eru \u00e1kv\u00f6r\u00f0u\u00f0 af \u00fev\u00ed til hvers <span class=\"iwg-fachbegriff\" data-tooltip=\"Hlutur sem talinn er hafa \u00feau \u00e1hrif a\u00f0 hann veki lukku e\u00f0a velgengni.\" tabindex=\"0\">g\u00e6fugripurinn<\/span> \u00e1 a\u00f0 n\u00fdtast.<\/p><p>Algengt tilefni er a\u00f0 verjast ska\u00f0legum \u00f6ndum og illum \u00e1hrifum. Sl\u00edkir bujeok eiga a\u00f0 vernda heimili\u00f0 og \u00edb\u00faa \u00feess fyrir illum m\u00e1ttarv\u00f6ldum. \u00deeir tilheyra hinum verndandi t\u00e1knum sem verjast \u00f3gn.<\/p><p>A\u00f0rir bujeok sn\u00faast um heilsu. \u00deeim er \u00e6tla\u00f0 a\u00f0 halda sj\u00fakd\u00f3mum \u00ed burtu e\u00f0a sty\u00f0ja sj\u00fakling \u00ed bataferli. Enn a\u00f0rir sn\u00faast um heppni, velgengni, fars\u00e6lt pr\u00f3f e\u00f0a velmegun.<\/p><p>Fyrir s\u00e9rstakar a\u00f0st\u00e6\u00f0ur \u00ed l\u00edfinu eru einnig til s\u00e9rstakir bujeok, til d\u00e6mis fyrir \u00f6ruggt fer\u00f0alag, fars\u00e6lt hj\u00f3naband e\u00f0a vernd n\u00fdf\u00e6dds barns. Fyrir n\u00e1nast hvert mikilv\u00e6gt m\u00e1lefni l\u00edfsins \u00feekkir hef\u00f0in sinn <span class=\"iwg-fachbegriff\" data-tooltip=\"Hlutur sem talinn er hafa \u00feau \u00e1hrif a\u00f0 hann veki lukku e\u00f0a velgengni.\" tabindex=\"0\">g\u00e6fugrip<\/span>.<\/p><p>\u00deessi fj\u00f6lbreytni s\u00fdnir a\u00f0 bujeok er sveigjanlegt og a\u00f0l\u00f6gunarh\u00e6ft verndargripur. Hann er ekki bundinn vi\u00f0 eina h\u00e6ttu heldur er h\u00e6gt a\u00f0 sn\u00ed\u00f0a hann a\u00f0 \u00feeirri \u00e1hyggju sem vi\u00f0komandi hefur. \u00dear liggur ein \u00e1st\u00e6\u00f0a fyrir \u00e1framhaldandi \u00fatbrei\u00f0slu hans.<\/p>\t\t\t\t\t\t\t\t<\/div>\n\t\t\t\t<\/div>\n\t\t\t\t\t<\/div>\n\t\t\t\t<\/div>\n\t\t<div class=\"elementor-element elementor-element-iwgs-bujeok-s5 e-flex e-con-boxed e-con e-parent\" data-id=\"iwgs-bujeok-s5\" data-element_type=\"container\" data-e-type=\"container\">\n\t\t\t\t\t<div class=\"e-con-inner\">\n\t\t\t\t<div class=\"elementor-element elementor-element-iwgs-bujeok-s5h elementor-widget elementor-widget-heading\" data-id=\"iwgs-bujeok-s5h\" data-element_type=\"widget\" data-e-type=\"widget\" data-widget_type=\"heading.default\">\n\t\t\t\t\t<h2 class=\"elementor-heading-title elementor-size-default\">Notkun og sta\u00f0setning<\/h2>\t\t\t\t<\/div>\n\t\t<div class=\"elementor-element elementor-element-iwgs-bujeok-s5box e-con-full e-flex e-con e-parent\" data-id=\"iwgs-bujeok-s5box\" data-element_type=\"container\" data-e-type=\"container\">\n\t\t\t\t<div class=\"elementor-element elementor-element-iwgs-bujeok-s5t elementor-widget elementor-widget-text-editor\" data-id=\"iwgs-bujeok-s5t\" data-element_type=\"widget\" data-e-type=\"widget\" data-widget_type=\"text-editor.default\">\n\t\t\t\t\t\t\t\t\t<p>Bujeok er nota\u00f0ur \u00e1 \u00fdmsan h\u00e1tt og notkunin r\u00e6\u00f0st af tilefninu. Algeng a\u00f0fer\u00f0 er a\u00f0 festa hann \u00e1 dyr, veggi og innganga.<\/p><p>Festur \u00e1 dyrahur\u00f0 verndar bujeok \u00fer\u00f6skuld heimilisins. Hann verst \u00fev\u00ed sem g\u00e6ti ska\u00f0a\u00f0 heimili\u00f0 utan fr\u00e1. \u00deannig telst bujeok til t\u00e1knanna sem vernda \u00fer\u00f6skulda, eins og m\u00f6rg menningarsv\u00e6\u00f0i kannast vi\u00f0.<\/p><p>\u00d6nnur notkunara\u00f0fer\u00f0 er a\u00f0 bera hann \u00e1 s\u00e9r. L\u00edtinn, samanbrotinn bujeok m\u00e1 hafa me\u00f0 s\u00e9r \u00ed fatna\u00f0i, \u00ed t\u00f6sku e\u00f0a veski. \u00deannig fylgir vernd honum sem ber hann \u00ed gegnum daginn.<\/p><p>\u00cd sumum si\u00f0um er bujeok brenndur. \u00d6skunni er \u00fe\u00e1 blanda\u00f0 \u00ed vatn og drukkin e\u00f0a notu\u00f0 \u00e1 annan h\u00e1tt. \u00cd \u00feessu formi er tali\u00f0 a\u00f0 kraftur t\u00e1knanna berist beint inn \u00ed l\u00edkamann, til d\u00e6mis til a\u00f0 sty\u00f0ja heilsuna.<\/p><p>\u00deessar mismunandi notkunara\u00f0fer\u00f0ir, a\u00f0 festa, bera og brenna, s\u00fdna sveigjanleika bujeok. Eftir tilefni og <span class=\"iwg-fachbegriff\" data-tooltip=\"Yfirf\u00e6r\u00f0ur si\u00f0ur sem endurtekinn er reglulega innan samf\u00e9lags.\" tabindex=\"0\">si\u00f0<\/span> er <span class=\"iwg-fachbegriff\" data-tooltip=\"Hlutur sem talinn er hafa \u00feau \u00e1hrif a\u00f0 hann veki lukku e\u00f0a velgengni.\" tabindex=\"0\">g\u00e6fugripurinn<\/span> nota\u00f0ur \u00e1 \u00feann h\u00e1tt sem talinn er \u00e1hrifar\u00edkastur fyrir tilgang hans.<\/p>\t\t\t\t\t\t\t\t<\/div>\n\t\t\t\t<\/div>\n\t\t\t\t\t<\/div>\n\t\t\t\t<\/div>\n\t\t<div class=\"elementor-element elementor-element-iwgs-bujeok-s6 e-flex e-con-boxed e-con e-parent\" data-id=\"iwgs-bujeok-s6\" data-element_type=\"container\" data-e-type=\"container\">\n\t\t\t\t\t<div class=\"e-con-inner\">\n\t\t\t\t<div class=\"elementor-element elementor-element-iwgs-bujeok-s6h elementor-widget elementor-widget-heading\" data-id=\"iwgs-bujeok-s6h\" data-element_type=\"widget\" data-e-type=\"widget\" data-widget_type=\"heading.default\">\n\t\t\t\t\t<h2 class=\"elementor-heading-title elementor-size-default\">R\u00e6tur \u00ed m\u00f6rgum hef\u00f0um<\/h2>\t\t\t\t<\/div>\n\t\t<div class=\"elementor-element elementor-element-iwgs-bujeok-s6box e-con-full e-flex e-con e-parent\" data-id=\"iwgs-bujeok-s6box\" data-element_type=\"container\" data-e-type=\"container\">\n\t\t\t\t<div class=\"elementor-element elementor-element-iwgs-bujeok-s6t elementor-widget elementor-widget-text-editor\" data-id=\"iwgs-bujeok-s6t\" data-element_type=\"widget\" data-e-type=\"widget\" data-widget_type=\"text-editor.default\">\n\t\t\t\t\t\t\t\t\t<p>Bujeok er ekki afur\u00f0 einnar tr\u00faarhef\u00f0ar. \u00cd honum m\u00e6tast margir tr\u00faarlegir strengir sem hafa m\u00f3ta\u00f0 k\u00f3reska menningu um langan t\u00edma.<\/p><p>Ein mikilv\u00e6g r\u00f3t er k\u00f3reska \u00fej\u00f3\u00f0tr\u00fain, <span class=\"iwg-fachbegriff\" data-tooltip=\"Tr\u00faarkerfi \u00fear sem s\u00e9rfr\u00e6\u00f0ingar hafa samskipti vi\u00f0 andaheiminn.\" tabindex=\"0\">sjamanismi<\/span>. \u00cd honum er mi\u00f0l\u00e6g hugmyndin um lifandi heim fullan af \u00f6ndum, og mudang mi\u00f0la milli f\u00f3lks og \u00feessara m\u00e1ttarvalda. Bujeok er eitt t\u00e6ki \u00feessarar mi\u00f0lunar.<\/p><p>\u00d6nnur r\u00f3t er b\u00faddismi, sem \u00e1 s\u00e9r langa s\u00f6gu \u00ed K\u00f3reu. \u00cd b\u00fadd\u00edskum klaustrum eru g\u00e6fugripir ger\u00f0ir og gefnir \u00e1fram. Bujeok \u00e1 \u00fev\u00ed einnig sinn sta\u00f0 \u00ed k\u00f3reskum b\u00faddisma.<\/p><p>\u00dear vi\u00f0 b\u00e6tast \u00e1hrif <span class=\"iwg-fachbegriff\" data-tooltip=\"K\u00ednversk tr\u00faarleg-heimspekileg hef\u00f0 sem mi\u00f0ar vi\u00f0 Dao, veginn.\" tabindex=\"0\">da\u00f3isma<\/span> og \u00feekkingar um t\u00e1kn, skrift og krafta sem borist hefur fr\u00e1 K\u00edna. \u00deessi \u00e1hrif hafa m\u00f3ta\u00f0 \u00fatlit og hugmyndaheim bujeok.<\/p><p>Bujeok er \u00feannig t\u00e1kn \u00fear sem mismunandi hef\u00f0ir m\u00e6tast. \u00deessi samtvinnun er einkennandi fyrir tr\u00faars\u00f6gu K\u00f3reu, \u00fear sem <span class=\"iwg-fachbegriff\" data-tooltip=\"Tr\u00faarkerfi \u00fear sem s\u00e9rfr\u00e6\u00f0ingar hafa samskipti vi\u00f0 andaheiminn.\" tabindex=\"0\">sjamanismi<\/span>, b\u00faddismi og da\u00f3\u00edsk hugsun voru samhli\u00f0a um langan t\u00edma og gengu \u00ed gegnum hvort anna\u00f0.<\/p>\t\t\t\t\t\t\t\t<\/div>\n\t\t\t\t<\/div>\n\t\t\t\t\t<\/div>\n\t\t\t\t<\/div>\n\t\t<div class=\"elementor-element elementor-element-iwgs-bujeok-s7 e-flex e-con-boxed e-con e-parent\" data-id=\"iwgs-bujeok-s7\" data-element_type=\"container\" data-e-type=\"container\">\n\t\t\t\t\t<div class=\"e-con-inner\">\n\t\t\t\t<div class=\"elementor-element elementor-element-iwgs-bujeok-s7h elementor-widget elementor-widget-heading\" data-id=\"iwgs-bujeok-s7h\" data-element_type=\"widget\" data-e-type=\"widget\" data-widget_type=\"heading.default\">\n\t\t\t\t\t<h2 class=\"elementor-heading-title elementor-size-default\">Bujeok og k\u00ednverski Fu-g\u00e6fugripurinn<\/h2>\t\t\t\t<\/div>\n\t\t<div class=\"elementor-element elementor-element-iwgs-bujeok-s7box e-con-full e-flex e-con e-parent\" data-id=\"iwgs-bujeok-s7box\" data-element_type=\"container\" data-e-type=\"container\">\n\t\t\t\t<div class=\"elementor-element elementor-element-iwgs-bujeok-s7t elementor-widget elementor-widget-text-editor\" data-id=\"iwgs-bujeok-s7t\" data-element_type=\"widget\" data-e-type=\"widget\" data-widget_type=\"text-editor.default\">\n\t\t\t\t\t\t\t\t\t<p>Bujeok tengist n\u00e1i\u00f0 \u00f6\u00f0ru skyldu t\u00e1kni, k\u00ednverska Fu-<span class=\"iwg-fachbegriff\" data-tooltip=\"Hlutur sem talinn er hafa \u00feau \u00e1hrif a\u00f0 hann veki lukku e\u00f0a velgengni.\" tabindex=\"0\">g\u00e6fugripnum<\/span>. B\u00e6\u00f0i tilheyra s\u00f6mu st\u00f3ru fj\u00f6lskyldu austuras\u00edskra skriftarg\u00e6fugripa.<\/p><p>Fu-<span class=\"iwg-fachbegriff\" data-tooltip=\"Hlutur sem talinn er hafa \u00feau \u00e1hrif a\u00f0 hann veki lukku e\u00f0a velgengni.\" tabindex=\"0\">g\u00e6fugripurinn<\/span> er da\u00f3\u00edskur papp\u00edrsgripur K\u00edna. Hann samanstendur einnig oftast af papp\u00edrsr\u00e6mu sem er skreytt t\u00e1knum og letri \u00ed rau\u00f0um lit. L\u00edkindin vi\u00f0 k\u00f3reska bujeok eru auglj\u00f3s.<\/p><p>\u00deessi l\u00edkindi eru engin tilviljun. K\u00f3rea og K\u00edna st\u00f3\u00f0u \u00ed n\u00e1num menningarlegum samskiptum um langan t\u00edma. Hugmyndir um skrift, t\u00e1kn og kraft \u00feeirra f\u00f3ru \u00e1 milli landanna. Bujeok og Fu-<span class=\"iwg-fachbegriff\" data-tooltip=\"Hlutur sem talinn er hafa \u00feau \u00e1hrif a\u00f0 hann veki lukku e\u00f0a velgengni.\" tabindex=\"0\">g\u00e6fugripurinn<\/span> eru greinar af sameiginlegri hef\u00f0.<\/p><p>\u00der\u00e1tt fyrir \u00feessa fr\u00e6ndsemi hefur bujeok s\u00edna eigin k\u00f3resku \u00fatg\u00e1fu. Hann er samofinn hinum s\u00e9rstaka tr\u00faarheimi K\u00f3reu, s\u00e9rstaklega k\u00f3reskum <span class=\"iwg-fachbegriff\" data-tooltip=\"Tr\u00faarkerfi \u00fear sem s\u00e9rfr\u00e6\u00f0ingar hafa samskipti vi\u00f0 andaheiminn.\" tabindex=\"0\">sjamanisma<\/span>. Bujeok er \u00fev\u00ed ekki einf\u00f6ld yfirf\u00e6rsla, heldur sj\u00e1lfst\u00e6tt afbrig\u00f0i.<\/p><p>Samanbur\u00f0urinn vi\u00f0 Fu-<span class=\"iwg-fachbegriff\" data-tooltip=\"Hlutur sem talinn er hafa \u00feau \u00e1hrif a\u00f0 hann veki lukku e\u00f0a velgengni.\" tabindex=\"0\">g\u00e6fugripinn<\/span> er l\u00e6rd\u00f3msr\u00edkur. Hann s\u00fdnir a\u00f0 skriftarg\u00e6fugripurinn er austuras\u00edskt grunnform sem hefur teki\u00f0 \u00e1 sig eigin myndir \u00ed mismunandi l\u00f6ndum. Bujeok er k\u00f3reska svari\u00f0 vi\u00f0 \u00feessari s\u00f6mu grunnhugmynd.<\/p>\t\t\t\t\t\t\t\t<\/div>\n\t\t\t\t<\/div>\n\t\t\t\t\t<\/div>\n\t\t\t\t<\/div>\n\t\t<div class=\"elementor-element elementor-element-iwgs-bujeok-s8 e-flex e-con-boxed e-con e-parent\" data-id=\"iwgs-bujeok-s8\" data-element_type=\"container\" data-e-type=\"container\">\n\t\t\t\t\t<div class=\"e-con-inner\">\n\t\t\t\t<div class=\"elementor-element elementor-element-iwgs-bujeok-s8h elementor-widget elementor-widget-heading\" data-id=\"iwgs-bujeok-s8h\" data-element_type=\"widget\" data-e-type=\"widget\" data-widget_type=\"heading.default\">\n\t\t\t\t\t<h2 class=\"elementor-heading-title elementor-size-default\">M\u00f3tt\u00f6kur \u00ed dag<\/h2>\t\t\t\t<\/div>\n\t\t<div class=\"elementor-element elementor-element-iwgs-bujeok-s8box e-con-full e-flex e-con e-parent\" data-id=\"iwgs-bujeok-s8box\" data-element_type=\"container\" data-e-type=\"container\">\n\t\t\t\t<div class=\"elementor-element elementor-element-iwgs-bujeok-s8t elementor-widget elementor-widget-text-editor\" data-id=\"iwgs-bujeok-s8t\" data-element_type=\"widget\" data-e-type=\"widget\" data-widget_type=\"text-editor.default\">\n\t\t\t\t\t\t\t\t\t<p>Bujeok er enn \u00ed dag lifandi hef\u00f0 \u00ed K\u00f3reu. Hann er einn \u00feeirra verndarh\u00e1tta sem hafa var\u00f0veist \u00fer\u00e1tt fyrir miklar breytingar \u00ed k\u00f3resku samf\u00e9lagi. \u00c1 m\u00f6rgum dyrum og \u00ed m\u00f6rgum heimilum m\u00e1 enn finna hann.<\/p><p>S\u00e9rstaklega \u00e1 \u00e1kve\u00f0num t\u00edmam\u00f3tum er eftirspurn eftir Bujeok. Um \u00e1ram\u00f3t, fyrir mikilv\u00e6g pr\u00f3f e\u00f0a \u00ed veikindum leita menn til Mudang e\u00f0a til <span class=\"iwg-fachbegriff\" data-tooltip=\"Bygging sem er notu\u00f0 til a\u00f0 tilbi\u00f0ja eina e\u00f0a fleiri gu\u00f0ir.\" tabindex=\"0\">hofa<\/span> til a\u00f0 f\u00e1 vi\u00f0eigandi <span class=\"iwg-fachbegriff\" data-tooltip=\"Hlutur sem talinn er hafa lukku- e\u00f0a \u00e1rangursb\u00e6tandi \u00e1hrif.\" tabindex=\"0\">talisman<\/span>.<\/p><p>Samt\u00edmis hefur umgengni vi\u00f0 Bujeok breyst. Auk hef\u00f0bundinna, handger\u00f0ra talismana eru n\u00fa einnig f\u00e1anleg forprentu\u00f0 form. \u00deannig f\u00e6rist e\u00f0li hluta Bujeok fr\u00e1 <span class=\"iwg-fachbegriff\" data-tooltip=\"Tilheyrandi fastm\u00f3tu\u00f0u tr\u00faarlegu ath\u00e6fi.\" tabindex=\"0\">helgisi\u00f0alega<\/span> framleiddu einst\u00f6ku verki yfir \u00ed a\u00f0gengilegt verndart\u00e1kn.<\/p><p>\u00cd k\u00f3reskri \u00fej\u00f3\u00f0tr\u00fa sj\u00e1lfri heldur Bujeok, sem ger\u00f0ur er af Mudang e\u00f0a munki, s\u00ednum s\u00e9rstaka sess. \u00dear gildir enn a\u00f0 helgisi\u00f0aleg ger\u00f0 talismansins er hluti af virkni hans.<\/p><p>Bujeok er \u00feannig \u00e1hrifamiki\u00f0 d\u00e6mi um lifandi verndarhef\u00f0. Sem skriftalisman \u00e1 gulum papp\u00edr tengir hann saman kraft t\u00e1knanna, verndarlitinn rau\u00f0an og r\u00e6tur \u00ed m\u00f6rgum tr\u00faarbr\u00f6g\u00f0um \u00ed eitt t\u00e1kn sem fylgir k\u00f3reskri \u00fej\u00f3\u00f0tr\u00fa allt til n\u00fat\u00edmans.<\/p>\t\t\t\t\t\t\t\t<\/div>\n\t\t\t\t<\/div>\n\t\t\t\t\t<\/div>\n\t\t\t\t<\/div>\n\t\t<div class=\"elementor-element elementor-element-iwgs-bujeok-lit e-flex e-con-boxed e-con e-parent\" data-id=\"iwgs-bujeok-lit\" data-element_type=\"container\" data-e-type=\"container\">\n\t\t\t\t\t<div class=\"e-con-inner\">\n\t\t\t\t<div class=\"elementor-element elementor-element-iwgs-bujeok-lith elementor-widget elementor-widget-heading\" data-id=\"iwgs-bujeok-lith\" data-element_type=\"widget\" data-e-type=\"widget\" data-widget_type=\"heading.default\">\n\t\t\t\t\t<h2 class=\"elementor-heading-title elementor-size-default\">Heimildir (\u00farval)<\/h2>\t\t\t\t<\/div>\n\t\t<div class=\"elementor-element elementor-element-iwgs-bujeok-litbox e-con-full e-flex e-con e-parent\" data-id=\"iwgs-bujeok-litbox\" data-element_type=\"container\" data-e-type=\"container\">\n\t\t\t\t<div class=\"elementor-element elementor-element-iwgs-bujeok-litt elementor-widget elementor-widget-html\" data-id=\"iwgs-bujeok-litt\" data-element_type=\"widget\" data-e-type=\"widget\" data-widget_type=\"html.default\">\n\t\t\t\t\t<footer data-nosnippet=\"true\"><ul><li>Laurel Kendall: <em>Shamans, Housewives, and Other Restless Spirits<\/em> (1985)<\/li><li>Boudewijn Walraven: <em>Songs of the Shaman. The Ritual Chants of the Korean Mudang<\/em> (1994)<\/li><li>Antonetta Bruno: <em>The Gate of Words. Language in the Rituals of Korean Shamans<\/em> (2002)<\/li><li>James H. Grayson: <em>Korea. A Religious History<\/em> (2002)<\/li><li>Hwang Rushy: Ranns\u00f3knir \u00e1 k\u00f3reskri \u00fej\u00f3\u00f0tr\u00fa<\/li><\/ul><\/footer>\t\t\t\t<\/div>\n\t\t\t\t<\/div>\n\t\t\t\t\t<\/div>\n\t\t\t\t<\/div>\n\t\t<div class=\"elementor-element elementor-element-iwgs-bujeok-kwd e-flex e-con-boxed e-con e-parent\" data-id=\"iwgs-bujeok-kwd\" data-element_type=\"container\" data-e-type=\"container\">\n\t\t\t\t\t<div class=\"e-con-inner\">\n\t\t\t\t<div class=\"elementor-element elementor-element-iwgs-bujeok-kwdt elementor-widget elementor-widget-text-editor\" data-id=\"iwgs-bujeok-kwdt\" data-element_type=\"widget\" data-e-type=\"widget\" data-widget_type=\"text-editor.default\">\n\t\t\t\t\t\t\t\t\t<p><em>Tengd leitaror\u00f0: Bujeok <span class=\"iwg-fachbegriff\" data-tooltip=\"Hlutur sem talinn er hafa lukku- e\u00f0a \u00e1rangursb\u00e6tandi \u00e1hrif.\" tabindex=\"0\">talisman<\/span> K\u00f3rea Mudang skriftalisman gulur papp\u00edr rau\u00f0 skrift Fu-<span class=\"iwg-fachbegriff\" data-tooltip=\"Hlutur sem talinn er hafa lukku- e\u00f0a \u00e1rangursb\u00e6tandi \u00e1hrif.\" tabindex=\"0\">talisman<\/span> <span class=\"iwg-fachbegriff\" data-tooltip=\"Tr\u00faarlegt kerfi \u00fear sem s\u00e9rfr\u00e6\u00f0ingar hafa samskipti vi\u00f0 andaheim.\" tabindex=\"0\">sjamanismi<\/span>.<\/em><\/p>\t\t\t\t\t\t\t\t<\/div>\n\t\t\t\t\t<\/div>\n\t\t\t\t<\/div>\n\t\t<div class=\"elementor-element elementor-element-iwgs-bujeok-cc e-flex e-con-boxed e-con e-parent\" data-id=\"iwgs-bujeok-cc\" data-element_type=\"container\" data-e-type=\"container\" id=\"iwg-cc-bujeok\">\n\t\t\t\t\t<div class=\"e-con-inner\">\n\t\t<div class=\"elementor-element elementor-element-iwgs-bujeok-ccinner e-flex e-con-boxed e-con e-parent\" data-id=\"iwgs-bujeok-ccinner\" data-element_type=\"container\" data-e-type=\"container\" data-settings=\"{&quot;background_background&quot;:&quot;classic&quot;}\">\n\t\t\t\t\t<div class=\"e-con-inner\">\n\t\t\t\t<div class=\"elementor-element elementor-element-iwgs-bujeok-cch elementor-widget elementor-widget-heading\" data-id=\"iwgs-bujeok-cch\" data-element_type=\"widget\" data-e-type=\"widget\" data-widget_type=\"heading.default\">\n\t\t\t\t\t<h2 class=\"elementor-heading-title elementor-size-default\">iWell Guard og verndarhef\u00f0ir<\/h2>\t\t\t\t<\/div>\n\t\t\t\t<div class=\"elementor-element elementor-element-iwgs-bujeok-cct elementor-widget elementor-widget-text-editor\" data-id=\"iwgs-bujeok-cct\" data-element_type=\"widget\" data-e-type=\"widget\" data-widget_type=\"text-editor.default\">\n\t\t\t\t\t\t\t\t\t<p>iWell Guard er hluti af menningars\u00f6gulegri hef\u00f0 t\u00e6knilegra verndargripa sem einnig Bujeok tilheyrir. N\u00fat\u00edmalegur fylgihlutur fyrir f\u00f3lk sem lifir me\u00f0 verndart\u00e1knum: framleiddur \u00ed \u00de\u00fdskalandi, 41 lag af hreinu gulli, plat\u00ednu og silfri, me\u00f0 30 daga skilar\u00e9tti.<\/p>\t\t\t\t\t\t\t\t<\/div>\n\t\t\t\t<div class=\"elementor-element elementor-element-iwgs-bujeok-ccb iwg-cc-button iwg-cc-cta-2026-05-13 elementor-widget elementor-widget-jet-button\" data-id=\"iwgs-bujeok-ccb\" data-element_type=\"widget\" data-e-type=\"widget\" data-widget_type=\"jet-button.default\">\n\t\t\t\t<div class=\"elementor-widget-container\">\n\t\t\t\t\t<div class=\"elementor-jet-button jet-elements\"><div class=\"jet-button__container\"><a class=\"jet-button__instance jet-button__instance--icon-left hover-effect-1\" href=\"\/schutzanhaenger-iwell-guard-kaufen\/?utm_source=iwell-guard.com&amp;utm_medium=info-box&amp;utm_campaign=schutzsymbole\"><div class=\"jet-button__plane jet-button__plane-normal\"><\/div><div class=\"jet-button__plane jet-button__plane-hover\"><\/div><div class=\"jet-button__state jet-button__state-normal\"><span class=\"jet-button__label\">Meira um iWell Guard<\/span><\/div><div class=\"jet-button__state jet-button__state-hover\"><span class=\"jet-button__label\">Meira um iWell Guard<\/span><\/div><\/a><\/div><\/div><style>.elementor-element.elementor-element-iwgs-bujeok-ccb .jet-button__instance{width:320px;height:56px;}.elementor-element.elementor-element-iwgs-bujeok-ccb .jet-button__state-normal .jet-button__label{text-align:center;margin:0px 0px 0px 0px;color:#1a1b20;font-family:Montserrat,sans-serif;font-size:13px;font-weight:400;letter-spacing:4px;line-height:1.714em;text-transform:uppercase;}.elementor-element.elementor-element-iwgs-bujeok-ccb .jet-button__state-hover .jet-button__label{text-align:center;margin:0px 0px 0px 0px;color:#FECC76;font-family:Montserrat,sans-serif;font-size:13px;font-weight:400;letter-spacing:4px;line-height:1.714em;text-transform:uppercase;}.elementor-element.elementor-element-iwgs-bujeok-ccb .jet-button__plane-normal{background-color:#FECC76;border-style:solid;border-color:#C99540;border-width:2px 2px 2px 2px;}.elementor-element.elementor-element-iwgs-bujeok-ccb .jet-button__plane-hover{background-color:rgba(0,0,0,0.55);border-style:solid;border-color:#FECC76;border-width:2px 2px 2px 2px;}<\/style>\t\t\t\t<\/div>\n\t\t\t\t<\/div>\n\t\t\t\t<div class=\"elementor-element elementor-element-iwgs-bujeok-ccd elementor-widget elementor-widget-text-editor\" data-id=\"iwgs-bujeok-ccd\" data-element_type=\"widget\" data-e-type=\"widget\" data-widget_type=\"text-editor.default\">\n\t\t\t\t\t\t\t\t\t<p style=\"text-align:center;font-size:13px;opacity:0.7;margin-top:14px\" data-nosnippet=\"true\">Pers\u00f3nuleg reynsla getur veri\u00f0 mismunandi. Ekki l\u00e6kningat\u00e6ki. Engin lofor\u00f0 um l\u00e6kningu.<\/p>\t\t\t\t\t\t\t\t<\/div>\n\t\t\t\t\t<\/div>\n\t\t\t\t<\/div>\n\t\t\t\t\t<\/div>\n\t\t\t\t<\/div>\n\t\t<div class=\"elementor-element elementor-element-iwgs-bujeok-disc e-flex e-con-boxed e-con e-parent\" data-id=\"iwgs-bujeok-disc\" data-element_type=\"container\" data-e-type=\"container\">\n\t\t\t\t\t<div class=\"e-con-inner\">\n\t\t\t\t<div class=\"elementor-element elementor-element-iwgs-bujeok-discw elementor-widget elementor-widget-html\" data-id=\"iwgs-bujeok-discw\" data-element_type=\"widget\" data-e-type=\"widget\" data-widget_type=\"html.default\">\n\t\t\t\t\t<footer data-nosnippet=\"true\" class=\"iwg-disclaimer-block\"><p data-nosnippet=\"true\">iWell Guard er <strong>ekki l\u00e6kningat\u00e6ki<\/strong> og kemur ekki \u00ed sta\u00f0 l\u00e6knis- e\u00f0a s\u00e1lfr\u00e6\u00f0ime\u00f0fer\u00f0ar. Innihaldi\u00f0 sem h\u00e9r er sett fram er tr\u00faarbrag\u00f0afr\u00e6\u00f0ileg og menningars\u00f6gulega greining, ekki lofor\u00f0 um andlega virkni.<\/p><\/footer>\t\t\t\t<\/div>\n\t\t\t\t\t<\/div>\n\t\t\t\t<\/div>\n\t\t\t\t<\/div>\n\t\t","protected":false},"excerpt":{"rendered":"","protected":false},"author":3,"featured_media":3546,"parent":0,"menu_order":0,"comment_status":"closed","ping_status":"closed","template":"elementor_header_footer","meta":{"_yoast_wpseo_focuskw":"Bujeok","_yoast_wpseo_title":"Bujeok \u2013 k\u00f3reanskur verndargripur","_yoast_wpseo_metadesc":"Bujeok er k\u00f3reanski verndargripurinn, papp\u00edrsmerki me\u00f0 rau\u00f0ri skrift. Uppruni, ger\u00f0 og notkun \u00fatsk\u00fdr\u00f0 \u00e1 skiljanlegan h\u00e1tt.","_yoast_wpseo_meta-robots-noindex":"","_yoast_wpseo_canonical":"","_angie_page":false,"gefaehrdungsstufe":"","wesen_kultur":"","wesen_klasse":"","footnotes":""},"categories":[],"class_list":["post-169150","page","type-page","status-publish","has-post-thumbnail","hentry"],"yoast_head":"<!-- This site is optimized with the Yoast SEO Premium plugin v27.7 (Yoast SEO v28.3) - https:\/\/yoast.com\/product\/yoast-seo-premium-wordpress\/ -->\n<title>Bujeok \u2013 k\u00f3reanskur verndargripur<\/title>\n<meta name=\"description\" content=\"Bujeok er k\u00f3reanski verndargripurinn, papp\u00edrsmerki me\u00f0 rau\u00f0ri skrift. Uppruni, ger\u00f0 og notkun \u00fatsk\u00fdr\u00f0 \u00e1 skiljanlegan h\u00e1tt.\" \/>\n<meta name=\"robots\" content=\"index, follow, max-snippet:-1, max-image-preview:large, max-video-preview:-1\" \/>\n<link rel=\"canonical\" href=\"https:\/\/iwell-guard.com\/is\/bujeok-koreanski-verndargripurinn\/\" \/>\n<meta property=\"og:locale\" content=\"is_IS\" \/>\n<meta property=\"og:type\" content=\"article\" \/>\n<meta property=\"og:title\" content=\"Bujeok \u2013 k\u00f3reanski verndargripurinn\" \/>\n<meta property=\"og:description\" content=\"Bujeok er k\u00f3reanski verndargripurinn, papp\u00edrsmerki me\u00f0 rau\u00f0ri skrift. Uppruni, ger\u00f0 og notkun \u00fatsk\u00fdr\u00f0 \u00e1 skiljanlegan h\u00e1tt.\" \/>\n<meta property=\"og:url\" content=\"https:\/\/iwell-guard.com\/is\/bujeok-koreanski-verndargripurinn\/\" \/>\n<meta property=\"og:site_name\" content=\"iWell Guard\" \/>\n<meta property=\"article:modified_time\" content=\"2026-09-05T14:33:30+00:00\" \/>\n<meta property=\"og:image\" content=\"https:\/\/iwell-guard.com\/wp-content\/uploads\/2026\/05\/schutzsymbol_korea_bujeok.webp\" \/>\n\t<meta property=\"og:image:width\" content=\"1024\" \/>\n\t<meta property=\"og:image:height\" content=\"1536\" \/>\n\t<meta property=\"og:image:type\" content=\"image\/webp\" \/>\n<meta name=\"twitter:card\" content=\"summary_large_image\" \/>\n<script type=\"application\/ld+json\" class=\"yoast-schema-graph\">{\"@context\":\"https:\\\/\\\/schema.org\",\"@graph\":[{\"@type\":\"WebPage\",\"@id\":\"https:\\\/\\\/iwell-guard.com\\\/is\\\/bujeok-koreanski-verndargripurinn\\\/\",\"url\":\"https:\\\/\\\/iwell-guard.com\\\/is\\\/bujeok-koreanski-verndargripurinn\\\/\",\"name\":\"Bujeok \u2013 k\u00f3reanskur verndargripur\",\"isPartOf\":{\"@id\":\"https:\\\/\\\/iwell-guard.com\\\/is\\\/#website\"},\"primaryImageOfPage\":{\"@id\":\"https:\\\/\\\/iwell-guard.com\\\/is\\\/bujeok-koreanski-verndargripurinn\\\/#primaryimage\"},\"image\":{\"@id\":\"https:\\\/\\\/iwell-guard.com\\\/is\\\/bujeok-koreanski-verndargripurinn\\\/#primaryimage\"},\"thumbnailUrl\":\"https:\\\/\\\/iwell-guard.com\\\/wp-content\\\/uploads\\\/2026\\\/05\\\/schutzsymbol_korea_bujeok.webp\",\"datePublished\":\"2026-09-05T14:06:01+00:00\",\"dateModified\":\"2026-09-05T14:33:30+00:00\",\"description\":\"Bujeok er k\u00f3reanski verndargripurinn, papp\u00edrsmerki me\u00f0 rau\u00f0ri skrift. Uppruni, ger\u00f0 og notkun \u00fatsk\u00fdr\u00f0 \u00e1 skiljanlegan h\u00e1tt.\",\"breadcrumb\":{\"@id\":\"https:\\\/\\\/iwell-guard.com\\\/is\\\/bujeok-koreanski-verndargripurinn\\\/#breadcrumb\"},\"inLanguage\":\"is\",\"potentialAction\":[{\"@type\":\"ReadAction\",\"target\":[\"https:\\\/\\\/iwell-guard.com\\\/is\\\/bujeok-koreanski-verndargripurinn\\\/\"]}]},{\"@type\":\"ImageObject\",\"inLanguage\":\"is\",\"@id\":\"https:\\\/\\\/iwell-guard.com\\\/is\\\/bujeok-koreanski-verndargripurinn\\\/#primaryimage\",\"url\":\"https:\\\/\\\/iwell-guard.com\\\/wp-content\\\/uploads\\\/2026\\\/05\\\/schutzsymbol_korea_bujeok.webp\",\"contentUrl\":\"https:\\\/\\\/iwell-guard.com\\\/wp-content\\\/uploads\\\/2026\\\/05\\\/schutzsymbol_korea_bujeok.webp\",\"width\":1024,\"height\":1536,\"caption\":\"Verndart\u00e1kn. Myndskreyting \u00ed safnst\u00edl.\"},{\"@type\":\"BreadcrumbList\",\"@id\":\"https:\\\/\\\/iwell-guard.com\\\/is\\\/bujeok-koreanski-verndargripurinn\\\/#breadcrumb\",\"itemListElement\":[{\"@type\":\"ListItem\",\"position\":1,\"name\":\"Start\",\"item\":\"https:\\\/\\\/iwell-guard.com\\\/is\\\/?page_id=168580\"},{\"@type\":\"ListItem\",\"position\":2,\"name\":\"Bujeok \u2013 k\u00f3reanski verndargripurinn\"}]},{\"@type\":\"WebSite\",\"@id\":\"https:\\\/\\\/iwell-guard.com\\\/is\\\/#website\",\"url\":\"https:\\\/\\\/iwell-guard.com\\\/is\\\/\",\"name\":\"iWell Guard\",\"description\":\"Schutz vor dunklen Einfl\u00fcssen\",\"publisher\":{\"@id\":\"https:\\\/\\\/iwell-guard.com\\\/is\\\/#organization\"},\"potentialAction\":[{\"@type\":\"SearchAction\",\"target\":{\"@type\":\"EntryPoint\",\"urlTemplate\":\"https:\\\/\\\/iwell-guard.com\\\/is\\\/?s={search_term_string}\"},\"query-input\":{\"@type\":\"PropertyValueSpecification\",\"valueRequired\":true,\"valueName\":\"search_term_string\"}}],\"inLanguage\":\"is\"},{\"@type\":\"Organization\",\"@id\":\"https:\\\/\\\/iwell-guard.com\\\/is\\\/#organization\",\"name\":\"Ittermann electronic GmbH\",\"url\":\"https:\\\/\\\/iwell-guard.com\\\/is\\\/\",\"logo\":{\"@type\":\"ImageObject\",\"inLanguage\":\"is\",\"@id\":\"https:\\\/\\\/iwell-guard.com\\\/is\\\/#\\\/schema\\\/logo\\\/image\\\/\",\"url\":\"https:\\\/\\\/iwell-guard.com\\\/wp-content\\\/uploads\\\/2026\\\/05\\\/Ittermann-Logo-1182x237-1.png\",\"contentUrl\":\"https:\\\/\\\/iwell-guard.com\\\/wp-content\\\/uploads\\\/2026\\\/05\\\/Ittermann-Logo-1182x237-1.png\",\"width\":1182,\"height\":237,\"caption\":\"Ittermann electronic GmbH\"},\"image\":{\"@id\":\"https:\\\/\\\/iwell-guard.com\\\/is\\\/#\\\/schema\\\/logo\\\/image\\\/\"},\"sameAs\":[\"https:\\\/\\\/pantip.com\\\/profile\\\/9367242\",\"https:\\\/\\\/micro.blog\\\/iwellguard\",\"https:\\\/\\\/www.diggerslist.com\\\/iwellguard\\\/about\",\"https:\\\/\\\/skitterphoto.com\\\/photographers\\\/2870314\\\/iwell-guard\",\"https:\\\/\\\/iwellguard.wordpress.com\\\/2026\\\/06\\\/06\\\/iwell-guard\\\/\",\"https:\\\/\\\/hub.docker.com\\\/u\\\/iwellguard\",\"https:\\\/\\\/www.pinterest.com\\\/iwellguard\\\/\",\"https:\\\/\\\/bit.ly\\\/m\\\/iwellguard\",\"https:\\\/\\\/entre-vos-mains.alsace.eu\\\/profiles\\\/iwellguard\\\/activity\",\"https:\\\/\\\/gravatar.com\\\/reallybeded8fd34\",\"https:\\\/\\\/naijamatta.com\\\/iwellguard\",\"https:\\\/\\\/www.goodreads.com\\\/iwellguard\",\"https:\\\/\\\/profile.hatena.ne.jp\\\/iwellguard\\\/\",\"https:\\\/\\\/experiment.com\\\/users\\\/iwellguard\",\"https:\\\/\\\/wakelet.com\\\/@iWellGuard82270\",\"https:\\\/\\\/www.chordie.com\\\/forum\\\/profile.php?id=2555664\",\"https:\\\/\\\/www.instapaper.com\\\/p\\\/17757966\",\"https:\\\/\\\/www.mapleprimes.com\\\/users\\\/iwellguard\",\"https:\\\/\\\/businesslistingplus.com\\\/profile\\\/iwell-guard\\\/\",\"https:\\\/\\\/telegra.ph\\\/iWell-Guard-06-06\",\"https:\\\/\\\/pbase.com\\\/iwellguard\\\/iwellguard\",\"https:\\\/\\\/b.hatena.ne.jp\\\/iwellguard\\\/20260607#bookmark-4788405196491818882\",\"https:\\\/\\\/fliphtml5.com\\\/home\\\/iwellguard\",\"https:\\\/\\\/anyflip.com\\\/homepage\\\/cmiwl#About\",\"https:\\\/\\\/transfur.com\\\/Users\\\/iwellguard\",\"http:\\\/\\\/delphi.larsbo.org\\\/user\\\/iwellguard\",\"https:\\\/\\\/jobs.lajobsportal.org\\\/profiles\\\/8380803-iwell-guard\",\"https:\\\/\\\/md.chaosdorf.de\\\/s\\\/jfbe5SBdJD\",\"https:\\\/\\\/www.lingvolive.com\\\/en-us\\\/profile\\\/9ecaeaca-ce11-4e51-9e71-01d55e2bff36\\\/translations\",\"https:\\\/\\\/www.fitday.com\\\/fitness\\\/forums\\\/members\\\/iwellguard.html\",\"https:\\\/\\\/www.mymeetbook.com\\\/iwellguard\",\"https:\\\/\\\/pxhere.com\\\/en\\\/photographer-me\\\/5040798\",\"https:\\\/\\\/disqus.com\\\/by\\\/iwellguard\\\/about\\\/\",\"https:\\\/\\\/pastelink.net\\\/hjwciqwq\",\"https:\\\/\\\/pubhtml5.com\\\/homepage\\\/scjhn\\\/\",\"https:\\\/\\\/www.bitchute.com\\\/channel\\\/2O2eOKzNqujT\",\"https:\\\/\\\/audiomack.com\\\/iwellguard\"]}]}<\/script>\n<!-- \/ Yoast SEO Premium plugin. -->","yoast_head_json":{"title":"Bujeok \u2013 k\u00f3reanskur verndargripur","description":"Bujeok er k\u00f3reanski verndargripurinn, papp\u00edrsmerki me\u00f0 rau\u00f0ri skrift. Uppruni, ger\u00f0 og notkun \u00fatsk\u00fdr\u00f0 \u00e1 skiljanlegan h\u00e1tt.","robots":{"index":"index","follow":"follow","max-snippet":"max-snippet:-1","max-image-preview":"max-image-preview:large","max-video-preview":"max-video-preview:-1"},"canonical":"https:\/\/iwell-guard.com\/is\/bujeok-koreanski-verndargripurinn\/","og_locale":"is_IS","og_type":"article","og_title":"Bujeok \u2013 k\u00f3reanski verndargripurinn","og_description":"Bujeok er k\u00f3reanski verndargripurinn, papp\u00edrsmerki me\u00f0 rau\u00f0ri skrift. Uppruni, ger\u00f0 og notkun \u00fatsk\u00fdr\u00f0 \u00e1 skiljanlegan h\u00e1tt.","og_url":"https:\/\/iwell-guard.com\/is\/bujeok-koreanski-verndargripurinn\/","og_site_name":"iWell Guard","article_modified_time":"2026-09-05T14:33:30+00:00","og_image":[{"width":1024,"height":1536,"url":"https:\/\/iwell-guard.com\/wp-content\/uploads\/2026\/05\/schutzsymbol_korea_bujeok.webp","type":"image\/webp"}],"twitter_card":"summary_large_image","schema":{"@context":"https:\/\/schema.org","@graph":[{"@type":"WebPage","@id":"https:\/\/iwell-guard.com\/is\/bujeok-koreanski-verndargripurinn\/","url":"https:\/\/iwell-guard.com\/is\/bujeok-koreanski-verndargripurinn\/","name":"Bujeok \u2013 k\u00f3reanskur verndargripur","isPartOf":{"@id":"https:\/\/iwell-guard.com\/is\/#website"},"primaryImageOfPage":{"@id":"https:\/\/iwell-guard.com\/is\/bujeok-koreanski-verndargripurinn\/#primaryimage"},"image":{"@id":"https:\/\/iwell-guard.com\/is\/bujeok-koreanski-verndargripurinn\/#primaryimage"},"thumbnailUrl":"https:\/\/iwell-guard.com\/wp-content\/uploads\/2026\/05\/schutzsymbol_korea_bujeok.webp","datePublished":"2026-09-05T14:06:01+00:00","dateModified":"2026-09-05T14:33:30+00:00","description":"Bujeok er k\u00f3reanski verndargripurinn, papp\u00edrsmerki me\u00f0 rau\u00f0ri skrift. Uppruni, ger\u00f0 og notkun \u00fatsk\u00fdr\u00f0 \u00e1 skiljanlegan h\u00e1tt.","breadcrumb":{"@id":"https:\/\/iwell-guard.com\/is\/bujeok-koreanski-verndargripurinn\/#breadcrumb"},"inLanguage":"is","potentialAction":[{"@type":"ReadAction","target":["https:\/\/iwell-guard.com\/is\/bujeok-koreanski-verndargripurinn\/"]}]},{"@type":"ImageObject","inLanguage":"is","@id":"https:\/\/iwell-guard.com\/is\/bujeok-koreanski-verndargripurinn\/#primaryimage","url":"https:\/\/iwell-guard.com\/wp-content\/uploads\/2026\/05\/schutzsymbol_korea_bujeok.webp","contentUrl":"https:\/\/iwell-guard.com\/wp-content\/uploads\/2026\/05\/schutzsymbol_korea_bujeok.webp","width":1024,"height":1536,"caption":"Verndart\u00e1kn. Myndskreyting \u00ed safnst\u00edl."},{"@type":"BreadcrumbList","@id":"https:\/\/iwell-guard.com\/is\/bujeok-koreanski-verndargripurinn\/#breadcrumb","itemListElement":[{"@type":"ListItem","position":1,"name":"Start","item":"https:\/\/iwell-guard.com\/is\/?page_id=168580"},{"@type":"ListItem","position":2,"name":"Bujeok \u2013 k\u00f3reanski verndargripurinn"}]},{"@type":"WebSite","@id":"https:\/\/iwell-guard.com\/is\/#website","url":"https:\/\/iwell-guard.com\/is\/","name":"iWell Guard","description":"Schutz vor dunklen Einfl\u00fcssen","publisher":{"@id":"https:\/\/iwell-guard.com\/is\/#organization"},"potentialAction":[{"@type":"SearchAction","target":{"@type":"EntryPoint","urlTemplate":"https:\/\/iwell-guard.com\/is\/?s={search_term_string}"},"query-input":{"@type":"PropertyValueSpecification","valueRequired":true,"valueName":"search_term_string"}}],"inLanguage":"is"},{"@type":"Organization","@id":"https:\/\/iwell-guard.com\/is\/#organization","name":"Ittermann electronic GmbH","url":"https:\/\/iwell-guard.com\/is\/","logo":{"@type":"ImageObject","inLanguage":"is","@id":"https:\/\/iwell-guard.com\/is\/#\/schema\/logo\/image\/","url":"https:\/\/iwell-guard.com\/wp-content\/uploads\/2026\/05\/Ittermann-Logo-1182x237-1.png","contentUrl":"https:\/\/iwell-guard.com\/wp-content\/uploads\/2026\/05\/Ittermann-Logo-1182x237-1.png","width":1182,"height":237,"caption":"Ittermann electronic GmbH"},"image":{"@id":"https:\/\/iwell-guard.com\/is\/#\/schema\/logo\/image\/"},"sameAs":["https:\/\/pantip.com\/profile\/9367242","https:\/\/micro.blog\/iwellguard","https:\/\/www.diggerslist.com\/iwellguard\/about","https:\/\/skitterphoto.com\/photographers\/2870314\/iwell-guard","https:\/\/iwellguard.wordpress.com\/2026\/06\/06\/iwell-guard\/","https:\/\/hub.docker.com\/u\/iwellguard","https:\/\/www.pinterest.com\/iwellguard\/","https:\/\/bit.ly\/m\/iwellguard","https:\/\/entre-vos-mains.alsace.eu\/profiles\/iwellguard\/activity","https:\/\/gravatar.com\/reallybeded8fd34","https:\/\/naijamatta.com\/iwellguard","https:\/\/www.goodreads.com\/iwellguard","https:\/\/profile.hatena.ne.jp\/iwellguard\/","https:\/\/experiment.com\/users\/iwellguard","https:\/\/wakelet.com\/@iWellGuard82270","https:\/\/www.chordie.com\/forum\/profile.php?id=2555664","https:\/\/www.instapaper.com\/p\/17757966","https:\/\/www.mapleprimes.com\/users\/iwellguard","https:\/\/businesslistingplus.com\/profile\/iwell-guard\/","https:\/\/telegra.ph\/iWell-Guard-06-06","https:\/\/pbase.com\/iwellguard\/iwellguard","https:\/\/b.hatena.ne.jp\/iwellguard\/20260607#bookmark-4788405196491818882","https:\/\/fliphtml5.com\/home\/iwellguard","https:\/\/anyflip.com\/homepage\/cmiwl#About","https:\/\/transfur.com\/Users\/iwellguard","http:\/\/delphi.larsbo.org\/user\/iwellguard","https:\/\/jobs.lajobsportal.org\/profiles\/8380803-iwell-guard","https:\/\/md.chaosdorf.de\/s\/jfbe5SBdJD","https:\/\/www.lingvolive.com\/en-us\/profile\/9ecaeaca-ce11-4e51-9e71-01d55e2bff36\/translations","https:\/\/www.fitday.com\/fitness\/forums\/members\/iwellguard.html","https:\/\/www.mymeetbook.com\/iwellguard","https:\/\/pxhere.com\/en\/photographer-me\/5040798","https:\/\/disqus.com\/by\/iwellguard\/about\/","https:\/\/pastelink.net\/hjwciqwq","https:\/\/pubhtml5.com\/homepage\/scjhn\/","https:\/\/www.bitchute.com\/channel\/2O2eOKzNqujT","https:\/\/audiomack.com\/iwellguard"]}]}},"_links":{"self":[{"href":"https:\/\/iwell-guard.com\/is\/wp-json\/wp\/v2\/pages\/169150","targetHints":{"allow":["GET"]}}],"collection":[{"href":"https:\/\/iwell-guard.com\/is\/wp-json\/wp\/v2\/pages"}],"about":[{"href":"https:\/\/iwell-guard.com\/is\/wp-json\/wp\/v2\/types\/page"}],"author":[{"embeddable":true,"href":"https:\/\/iwell-guard.com\/is\/wp-json\/wp\/v2\/users\/3"}],"replies":[{"embeddable":true,"href":"https:\/\/iwell-guard.com\/is\/wp-json\/wp\/v2\/comments?post=169150"}],"version-history":[{"count":0,"href":"https:\/\/iwell-guard.com\/is\/wp-json\/wp\/v2\/pages\/169150\/revisions"}],"wp:featuredmedia":[{"embeddable":true,"href":"https:\/\/iwell-guard.com\/is\/wp-json\/wp\/v2\/media\/3546"}],"wp:attachment":[{"href":"https:\/\/iwell-guard.com\/is\/wp-json\/wp\/v2\/media?parent=169150"}],"wp:term":[{"taxonomy":"category","embeddable":true,"href":"https:\/\/iwell-guard.com\/is\/wp-json\/wp\/v2\/categories?post=169150"}],"curies":[{"name":"wp","href":"https:\/\/api.w.org\/{rel}","templated":true}]}}