{"id":169148,"date":"2026-09-05T14:06:00","date_gmt":"2026-09-05T14:06:00","guid":{"rendered":"https:\/\/iwell-guard.com\/?page_id=169148"},"modified":"2026-09-05T14:33:29","modified_gmt":"2026-09-05T14:33:29","slug":"maneki-neko-veifandi-heillakottur","status":"publish","type":"page","link":"https:\/\/iwell-guard.com\/is\/maneki-neko-veifandi-heillakottur\/","title":{"rendered":"Maneki-neko \u2013 japanski veifandi heillak\u00f6ttur"},"content":{"rendered":"\t\t<div data-elementor-type=\"wp-page\" data-elementor-id=\"169148\" class=\"elementor elementor-169148 elementor-3631 elementor-bc-flex-widget\" data-elementor-post-type=\"page\">\n\t\t\t\t<div class=\"elementor-element elementor-element-iwgs-manekineko-hero e-flex e-con-boxed e-con e-parent\" data-id=\"iwgs-manekineko-hero\" data-element_type=\"container\" data-e-type=\"container\">\n\t\t\t\t\t<div class=\"e-con-inner\">\n\t\t<div class=\"elementor-element elementor-element-iwgs-manekineko-hl e-flex e-con-boxed e-con e-parent\" data-id=\"iwgs-manekineko-hl\" data-element_type=\"container\" data-e-type=\"container\">\n\t\t\t\t\t<div class=\"e-con-inner\">\n\t\t<div class=\"elementor-element elementor-element-iwgs-manekineko-hlbox e-con-full e-flex e-con e-parent\" data-id=\"iwgs-manekineko-hlbox\" data-element_type=\"container\" data-e-type=\"container\">\n\t\t\t\t<div class=\"elementor-element elementor-element-iwgs-manekineko-h1 elementor-widget elementor-widget-heading\" data-id=\"iwgs-manekineko-h1\" data-element_type=\"widget\" data-e-type=\"widget\" data-widget_type=\"heading.default\">\n\t\t\t\t\t<h1 class=\"elementor-heading-title elementor-size-default\">Maneki-neko \u2013 japanski veifandi k\u00f6tturinn<\/h1>\t\t\t\t<\/div>\n\t\t\t\t<div class=\"elementor-element elementor-element-iwgs-manekineko-lead elementor-widget elementor-widget-text-editor\" data-id=\"iwgs-manekineko-lead\" data-element_type=\"widget\" data-e-type=\"widget\" data-widget_type=\"text-editor.default\">\n\t\t\t\t\t\t\t\t\t<p>Maneki-neko er japanski veifandi k\u00f6tturinn. Me\u00f0 lyfta framl\u00f6ppinni stendur hann \u00ed verslunum og h\u00fasum og \u00e1 a\u00f0 veifa til s\u00e9r heppni, vi\u00f0skiptavinum og velmegun. Hann er einn af \u00feekktustu heillagripum Japans.<\/p>\t\t\t\t\t\t\t\t<\/div>\n\t\t\t\t<\/div>\n\t\t\t\t<div class=\"elementor-element elementor-element-iwgs-manekineko-pills elementor-widget elementor-widget-html\" data-id=\"iwgs-manekineko-pills\" data-element_type=\"widget\" data-e-type=\"widget\" data-widget_type=\"html.default\">\n\t\t\t\t\t<div class=\"iwg-pill-row\"><span class=\"iwg-klasse-badge\" tabindex=\"0\" data-tooltip=\"Verndart\u00e1kn, verndargripur e\u00f0a ap\u00f3tr\u00f3p\u00edsk (illafvarnandi) vera.\">Verndart\u00e1kn<\/span><a href=\"https:\/\/iwell-guard.com\/is\/japan\/\" class=\"iwg-kultur-badge\" tabindex=\"0\" data-tooltip=\"Verndarhef\u00f0: Japan\">Japan<\/a><span class=\"iwg-tradition-badge\" tabindex=\"0\" data-tooltip=\"Hlutur sem talinn er kalla fram heppni.\">Heillagripur<\/span><\/div>\t\t\t\t<\/div>\n\t\t\t\t\t<\/div>\n\t\t\t\t<\/div>\n\t\t<div class=\"elementor-element elementor-element-iwgs-manekineko-hr e-con-full e-flex e-con e-parent\" data-id=\"iwgs-manekineko-hr\" data-element_type=\"container\" data-e-type=\"container\">\n\t\t\t\t<div class=\"elementor-element elementor-element-iwgs-manekineko-himg iwg-hero-image elementor-widget elementor-widget-image\" data-id=\"iwgs-manekineko-himg\" data-element_type=\"widget\" data-e-type=\"widget\" data-widget_type=\"image.default\">\n\t\t\t\t\t\t\t\t\t\t\t\t\t\t\t<img fetchpriority=\"high\" decoding=\"async\" width=\"683\" height=\"1024\" src=\"https:\/\/iwell-guard.com\/wp-content\/uploads\/2026\/05\/schutzsymbol_japan_maneki-neko-683x1024.webp\" class=\"attachment-large size-large wp-image-170512\" alt=\"Maneki Neko - verndart\u00e1kn, safnfr\u00e6\u00f0ileg myndskreyting\" srcset=\"https:\/\/iwell-guard.com\/wp-content\/uploads\/2026\/05\/schutzsymbol_japan_maneki-neko-683x1024.webp 683w, https:\/\/iwell-guard.com\/wp-content\/uploads\/2026\/05\/schutzsymbol_japan_maneki-neko-200x300.webp 200w, https:\/\/iwell-guard.com\/wp-content\/uploads\/2026\/05\/schutzsymbol_japan_maneki-neko-768x1152.webp 768w, https:\/\/iwell-guard.com\/wp-content\/uploads\/2026\/05\/schutzsymbol_japan_maneki-neko.webp 1024w\" sizes=\"(max-width: 683px) 100vw, 683px\" \/>\t\t\t\t\t\t\t\t\t\t\t\t\t\t\t<\/div>\n\t\t\t\t<\/div>\n\t\t\t\t\t<\/div>\n\t\t\t\t<\/div>\n\t\t<div class=\"elementor-element elementor-element-iwgs-manekineko-s0 e-flex e-con-boxed e-con e-parent\" data-id=\"iwgs-manekineko-s0\" data-element_type=\"container\" data-e-type=\"container\">\n\t\t\t\t\t<div class=\"e-con-inner\">\n\t\t\t\t<div class=\"elementor-element elementor-element-iwgs-manekineko-s0h elementor-widget elementor-widget-heading\" data-id=\"iwgs-manekineko-s0h\" data-element_type=\"widget\" data-e-type=\"widget\" data-widget_type=\"heading.default\">\n\t\t\t\t\t<h2 class=\"elementor-heading-title elementor-size-default\">Yfirlit<\/h2>\t\t\t\t<\/div>\n\t\t<div class=\"elementor-element elementor-element-iwgs-manekineko-s0box e-con-full e-flex e-con e-parent\" data-id=\"iwgs-manekineko-s0box\" data-element_type=\"container\" data-e-type=\"container\">\n\t\t\t\t<div class=\"elementor-element elementor-element-iwgs-manekineko-s0t elementor-widget elementor-widget-text-editor\" data-id=\"iwgs-manekineko-s0t\" data-element_type=\"widget\" data-e-type=\"widget\" data-widget_type=\"text-editor.default\">\n\t\t\t\t\t\t\t\t\t<p>Maneki-neko er l\u00edtil f\u00edg\u00fara \u00ed mynd sitjandi kattar sem heldur einni framl\u00f6pp \u00e1 lofti. Hann kemur upprunalega fr\u00e1 <a href=\"https:\/\/iwell-guard.com\/is\/japan\/\">Japan<\/a> og er \u00fear einn algengasti heillagripurinn. \u00cd verslunum, veitingast\u00f6\u00f0um og \u00edb\u00fa\u00f0um er hann kunnuglegt sj\u00f3narhorn.<\/p><p>Nafni\u00f0 Maneki-neko \u00fe\u00fd\u00f0ir b\u00f3kstaflega veifandi k\u00f6ttur. \u00dea\u00f0 l\u00fdsir n\u00e1kv\u00e6mlega stellingu f\u00edg\u00farunnar. Lyfta framl\u00f6ppin er ekki reist \u00ed kve\u00f0ju heldur framkv\u00e6mir veifandi, a\u00f0kallandi hreyfingu.<\/p><p>\u00d3l\u00edkt t\u00e1knum sem verjast gegn illu er Maneki-neko fyrst og fremst a\u00f0dr\u00e1ttarafl fyrir heppni. Hann \u00e1 a\u00f0 kalla fram gott, s\u00e9rstaklega heppni, vi\u00f0skiptavini og velmegun. \u00deannig telst hann me\u00f0al \u00feeirra t\u00e1kna sem virka me\u00f0 a\u00f0dr\u00e6tti.<\/p><p>\u00cd <span class=\"iwg-fachbegriff\" data-tooltip=\"V\u00edsindagreinin sem rannsakar tr\u00faarbr\u00f6g\u00f0 samanbur\u00f0arlega og \u00e1n tr\u00faarlegrar bindingar.\" tabindex=\"0\">tr\u00faarbrag\u00f0afr\u00e6\u00f0um<\/span> og \u00ed ranns\u00f3knum \u00e1 japanskri \u00fej\u00f3\u00f0menningu er Maneki-neko gott d\u00e6mi um heillagrip sem er n\u00e1i\u00f0 tengdur vi\u00f0skiptal\u00edfinu. Hann stendur s\u00e9rstaklega fyrir fars\u00e6ld \u00ed verslun og atvinnurekstri.<\/p><p>\u00der\u00e1tt fyrir einfaldleika sinn ber Maneki-neko vanda\u00f0a merkingu. Sta\u00f0setning framlappanna, litirnir og hlutirnir sem hann heldur \u00e1 eru ekki tilviljunarkenndir. \u00deeir myndar l\u00edti\u00f0 kerfi t\u00e1kna sem \u00fatsk\u00fdrt er h\u00e9r \u00e1 eftir.<\/p>\t\t\t\t\t\t\t\t<\/div>\n\t\t\t\t<\/div>\n\t\t\t\t\t<\/div>\n\t\t\t\t<\/div>\n\t\t<div class=\"elementor-element elementor-element-iwgs-manekineko-s1 e-flex e-con-boxed e-con e-parent\" data-id=\"iwgs-manekineko-s1\" data-element_type=\"container\" data-e-type=\"container\">\n\t\t\t\t\t<div class=\"e-con-inner\">\n\t\t\t\t<div class=\"elementor-element elementor-element-iwgs-manekineko-s1h elementor-widget elementor-widget-heading\" data-id=\"iwgs-manekineko-s1h\" data-element_type=\"widget\" data-e-type=\"widget\" data-widget_type=\"heading.default\">\n\t\t\t\t\t<h2 class=\"elementor-heading-title elementor-size-default\">Veifandi bendingin<\/h2>\t\t\t\t<\/div>\n\t\t<div class=\"elementor-element elementor-element-iwgs-manekineko-s1box e-con-full e-flex e-con e-parent\" data-id=\"iwgs-manekineko-s1box\" data-element_type=\"container\" data-e-type=\"container\">\n\t\t\t\t<div class=\"elementor-element elementor-element-iwgs-manekineko-s1t elementor-widget elementor-widget-text-editor\" data-id=\"iwgs-manekineko-s1t\" data-element_type=\"widget\" data-e-type=\"widget\" data-widget_type=\"text-editor.default\">\n\t\t\t\t\t\t\t\t\t<p>\u00c1berandasta einkenni Maneki-neko er lyfta framl\u00f6ppin. H\u00fan er beint fram og upp og framkv\u00e6mir hreyfingu sem \u00ed Japan er skilin sem a\u00f0 veifa til s\u00e9r.<\/p><p>H\u00e9r er mikilv\u00e6gur menningarmunur. \u00cd Japan er veifa\u00f0 til s\u00edn me\u00f0 l\u00f3fanum ni\u00f0ur. Fyrir mi\u00f0evr\u00f3psk augu l\u00edtur hreyfingin \u00fev\u00ed \u00f6\u00f0ruv\u00edsi \u00fat, l\u00edkari \u00fev\u00ed a\u00f0 v\u00edsa fr\u00e1 s\u00e9r. \u00cd raun kallar k\u00f6tturinn til s\u00e9r, hann v\u00edsar ekki fr\u00e1.<\/p><p>\u00deessi veifandi bending er kjarni merkingarinnar. Maneki-neko kallar heppni og vi\u00f0skiptavini til s\u00edn. Hann er eins konar s\u00edfellt veifandi m\u00f3tt\u00f6kua\u00f0ili sem b\u00fd\u00f0ur hi\u00f0 g\u00f3\u00f0a inn \u00ed h\u00fasi\u00f0 e\u00f0a verslunina.<\/p><p>\u00c1 m\u00f6rgum f\u00edg\u00farum er framl\u00f6ppin hreyfanleg. Me\u00f0 v\u00e9lb\u00fana\u00f0i hreyfist h\u00fan upp og ni\u00f0ur svo veifandi hreyfingin er \u00ed raun framkv\u00e6md. \u00deannig virkar k\u00f6tturinn enn lifandi \u00ed sinni bj\u00f3\u00f0andi bendingu.<\/p><p>Veifandi bendingin gerir Maneki-neko a\u00f0 virkum heillagrip. Hann b\u00ed\u00f0ur ekki eftir a\u00f0 heppnin komi sj\u00e1lf, heldur kallar hana til s\u00edn. \u00dear er hann \u00f3l\u00edkur verndart\u00e1knum sem einungis afvarnar \u00f3gn.<\/p>\t\t\t\t\t\t\t\t<\/div>\n\t\t\t\t<\/div>\n\t\t\t\t\t<\/div>\n\t\t\t\t<\/div>\n\t\t<div class=\"elementor-element elementor-element-iwgs-manekineko-s2 e-flex e-con-boxed e-con e-parent\" data-id=\"iwgs-manekineko-s2\" data-element_type=\"container\" data-e-type=\"container\">\n\t\t\t\t\t<div class=\"e-con-inner\">\n\t\t\t\t<div class=\"elementor-element elementor-element-iwgs-manekineko-s2h elementor-widget elementor-widget-heading\" data-id=\"iwgs-manekineko-s2h\" data-element_type=\"widget\" data-e-type=\"widget\" data-widget_type=\"heading.default\">\n\t\t\t\t\t<h2 class=\"elementor-heading-title elementor-size-default\">Uppruna\u00adsagnir<\/h2>\t\t\t\t<\/div>\n\t\t<div class=\"elementor-element elementor-element-iwgs-manekineko-s2box e-con-full e-flex e-con e-parent\" data-id=\"iwgs-manekineko-s2box\" data-element_type=\"container\" data-e-type=\"container\">\n\t\t\t\t<div class=\"elementor-element elementor-element-iwgs-manekineko-s2t elementor-widget elementor-widget-text-editor\" data-id=\"iwgs-manekineko-s2t\" data-element_type=\"widget\" data-e-type=\"widget\" data-widget_type=\"text-editor.default\">\n\t\t\t\t\t\t\t\t\t<p>Til eru nokkrar \u00fej\u00f3\u00f0s\u00f6gur um uppruna Maneki-neko. Engin \u00feeirra ver\u00f0ur sta\u00f0fest sem hin eina r\u00e9tta. Saman s\u00fdna \u00fe\u00e6r hversu dj\u00fapar r\u00e6tur mynd hins g\u00e6fub\u00e6randi kattar \u00e1 \u00ed Japan.<\/p><p>Ein \u00feekkt <span class=\"iwg-fachbegriff\" data-tooltip=\"Uppbyggileg fr\u00e1s\u00f6gn, oftast um l\u00edf d\u00fdrlinga.\" tabindex=\"0\">\u00fej\u00f3\u00f0saga<\/span> segir fr\u00e1 <span class=\"iwg-fachbegriff\" data-tooltip=\"Bygging sem er notu\u00f0 til d\u00fdrkunar \u00e1 einum e\u00f0a fleiri gu\u00f0um.\" tabindex=\"0\">musteri<\/span> og ketti sem \u00fear bj\u00f3. K\u00f6tturinn hafi veifa\u00f0 tignum herramanni til s\u00edn me\u00f0 uppr\u00e9ttri loppu. \u00deegar herrama\u00f0urinn fylgdi kettinum, slapp hann naumlega undan \u00f3ve\u00f0ri. Af \u00feakkl\u00e6ti hafi hann gefi\u00f0 <span class=\"iwg-fachbegriff\" data-tooltip=\"Bygging sem er notu\u00f0 til d\u00fdrkunar \u00e1 einum e\u00f0a fleiri gu\u00f0um.\" tabindex=\"0\">musterinu<\/span> r\u00edkulegar gjafir.<\/p><p>\u00d6nnur <span class=\"iwg-fachbegriff\" data-tooltip=\"Uppbyggileg fr\u00e1s\u00f6gn, oftast um l\u00edf d\u00fdrlinga.\" tabindex=\"0\">\u00fej\u00f3\u00f0saga<\/span> tengist gamalli konu sem var\u00f0, s\u00f6kum f\u00e1t\u00e6ktar, a\u00f0 gefa k\u00f6ttinn sinn fr\u00e1 s\u00e9r. K\u00f6tturinn hafi birst henni \u00ed draumi og r\u00e1\u00f0lagt henni a\u00f0 b\u00faa til styttu \u00ed sinni mynd. \u00deessar styttur hafi selst vel og hj\u00e1lpa\u00f0 konunni.<\/p><p>Flestar \u00feessara \u00fej\u00f3\u00f0sagna m\u00e1 t\u00edmasetja til Edo-t\u00edmabilsins, langs fri\u00f0art\u00edmabils \u00fear sem verslun og borgarl\u00edf bl\u00f3mstru\u00f0u. \u00c1 \u00feessum t\u00edma breiddist Maneki-neko \u00fat sem g\u00e6fut\u00e1kn kaupmanna.<\/p><p>Hvort \u00fej\u00f3\u00f0s\u00f6gurnar s\u00e9u s\u00f6gulega r\u00e9ttar \u00ed sm\u00e1atri\u00f0um skiptir ekki h\u00f6fu\u00f0m\u00e1li. \u00de\u00e6r gegna fyrst og fremst \u00e1kve\u00f0nu hlutverki. \u00de\u00e6r \u00fatsk\u00fdra \u00e1 myndr\u00e6nan h\u00e1tt hvers vegna einmitt k\u00f6ttur me\u00f0 uppr\u00e9tta loppu eigi a\u00f0 f\u00e6ra g\u00e6fu, og \u00fe\u00e6r festa t\u00e1kni\u00f0 \u00ed minnisst\u00e6\u00f0um s\u00f6gum.<\/p>\t\t\t\t\t\t\t\t<\/div>\n\t\t\t\t<\/div>\n\t\t\t\t\t<\/div>\n\t\t\t\t<\/div>\n\t\t<div class=\"elementor-element elementor-element-iwgs-manekineko-s3 e-flex e-con-boxed e-con e-parent\" data-id=\"iwgs-manekineko-s3\" data-element_type=\"container\" data-e-type=\"container\">\n\t\t\t\t\t<div class=\"e-con-inner\">\n\t\t\t\t<div class=\"elementor-element elementor-element-iwgs-manekineko-s3h elementor-widget elementor-widget-heading\" data-id=\"iwgs-manekineko-s3h\" data-element_type=\"widget\" data-e-type=\"widget\" data-widget_type=\"heading.default\">\n\t\t\t\t\t<h2 class=\"elementor-heading-title elementor-size-default\">Ger\u00f0 og litir<\/h2>\t\t\t\t<\/div>\n\t\t<div class=\"elementor-element elementor-element-iwgs-manekineko-s3box e-con-full e-flex e-con e-parent\" data-id=\"iwgs-manekineko-s3box\" data-element_type=\"container\" data-e-type=\"container\">\n\t\t\t\t<div class=\"elementor-element elementor-element-iwgs-manekineko-s3t elementor-widget elementor-widget-text-editor\" data-id=\"iwgs-manekineko-s3t\" data-element_type=\"widget\" data-e-type=\"widget\" data-widget_type=\"text-editor.default\">\n\t\t\t\t\t\t\t\t\t<p>Maneki-neko er oftast s\u00fdndur sem sitjandi k\u00f6ttur. Ein framl\u00f6pp er lyft, hin hv\u00edlir vi\u00f0 l\u00edkamann e\u00f0a heldur \u00e1 hlut. Oft ber k\u00f6tturinn h\u00e1lsband me\u00f0 bj\u00f6llu, t\u00e1kn um velmegandi, vel hirtan h\u00fask\u00f6tt.<\/p><p>Efnivi\u00f0urinn er oftast keramik e\u00f0a postul\u00edn, en einnig eru til f\u00edg\u00farur \u00far tr\u00e9 og \u00f6\u00f0rum efnum. St\u00e6r\u00f0irnar spanna fr\u00e1 litlum bor\u00f0f\u00edg\u00farum til st\u00f3rra stykkja sem sett eru \u00ed gluggas\u00fdningar e\u00f0a vi\u00f0 inngang.<\/p><p>Litur Maneki-neko hefur merkingu. Algengasti litur er hv\u00edtur, oft me\u00f0 blettum, sem telst almennur heillagripur. \u00deessi litun byggir \u00e1 kattamynstri sem er vel meti\u00f0 \u00ed Japan.<\/p><p>Auk \u00feess eru til Maneki-neko \u00ed \u00f6\u00f0rum litum me\u00f0 eigin merkingu. Gullnar f\u00edg\u00farur eru tengdar velmegun og peningum. Rau\u00f0ar f\u00edg\u00farur eru tengdar heilsu. Svartar f\u00edg\u00farur hafa s\u00e9rstakt hlutverk sem eigin kafli fjallar um.<\/p><p>Oft heldur Maneki-neko \u00e1 hlut \u00ed hv\u00edldarframl\u00f6ppinni. Algengt er g\u00f6mul spor\u00f6skjulaga gullpeningur. Hann styrkir tengsl f\u00edg\u00farunnar vi\u00f0 velmegun og g\u00f3\u00f0 vi\u00f0skipti og gerir heillu\u00f3skina enn sk\u00fdrari.<\/p>\t\t\t\t\t\t\t\t<\/div>\n\t\t\t\t<\/div>\n\t\t\t\t\t<\/div>\n\t\t\t\t<\/div>\n\t\t<div class=\"elementor-element elementor-element-iwgs-manekineko-s4 e-flex e-con-boxed e-con e-parent\" data-id=\"iwgs-manekineko-s4\" data-element_type=\"container\" data-e-type=\"container\">\n\t\t\t\t\t<div class=\"e-con-inner\">\n\t\t\t\t<div class=\"elementor-element elementor-element-iwgs-manekineko-s4h elementor-widget elementor-widget-heading\" data-id=\"iwgs-manekineko-s4h\" data-element_type=\"widget\" data-e-type=\"widget\" data-widget_type=\"heading.default\">\n\t\t\t\t\t<h2 class=\"elementor-heading-title elementor-size-default\">H\u00e6gri og vinstri framl\u00f6pp<\/h2>\t\t\t\t<\/div>\n\t\t<div class=\"elementor-element elementor-element-iwgs-manekineko-s4box e-con-full e-flex e-con e-parent\" data-id=\"iwgs-manekineko-s4box\" data-element_type=\"container\" data-e-type=\"container\">\n\t\t\t\t<div class=\"elementor-element elementor-element-iwgs-manekineko-s4t elementor-widget elementor-widget-text-editor\" data-id=\"iwgs-manekineko-s4t\" data-element_type=\"widget\" data-e-type=\"widget\" data-widget_type=\"text-editor.default\">\n\t\t\t\t\t\t\t\t\t<p>Mikilv\u00e6gt sm\u00e1atri\u00f0i var\u00f0andi Maneki-neko sn\u00fdst um spurninguna hvor framh\u00f6ndin er uppr\u00e9tt. H\u00e6gri og vinstri h\u00f6ndin hafa mismunandi merkingu, og eftir \u00fev\u00ed er \u00e1kve\u00f0i\u00f0 til hvers styttan er sett upp.<\/p><p>Uppr\u00e9tt h\u00e6gri h\u00f6nd er tengd peningum og velmegun. Styttu me\u00f0 uppr\u00e9ttri h\u00e6gri h\u00f6nd er fyrst og fremst \u00e6tla\u00f0 a\u00f0 stu\u00f0la a\u00f0 fj\u00e1rhagslegri velgengni. H\u00fan er \u00feannig heillagripur fyrir vi\u00f0skiptalega velgengni.<\/p><p>Uppr\u00e9tt vinstri h\u00f6nd er tengd f\u00f3lki og vi\u00f0skiptavinum. Styttu me\u00f0 uppr\u00e9ttri vinstri h\u00f6nd er \u00e6tla\u00f0 a\u00f0 kalla til gesti og vi\u00f0skiptavini. H\u00fan er \u00fev\u00ed gjarnan sett upp \u00ed veitingast\u00f6\u00f0um og verslunum sem eru h\u00e1\u00f0 fj\u00f6lda gesta.<\/p><p>Til eru einnig styttur me\u00f0 b\u00e1\u00f0ar hendur uppr\u00e9ttar. \u00deeim er \u00e6tla\u00f0 a\u00f0 draga a\u00f0 b\u00e6\u00f0i \u00ed senn, peninga og vi\u00f0skiptavini. \u00deetta form er \u00fe\u00f3 minna algengt en styttur me\u00f0 a\u00f0eins eina uppretta h\u00f6nd.<\/p><p>Einnig m\u00e1 t\u00falka h\u00e6\u00f0 uppr\u00e9ttu handarinnar. Mj\u00f6g h\u00e1tt uppretta h\u00f6nd \u00e1 a\u00f0 kalla fram heppni yfir lengri fjarl\u00e6g\u00f0. \u00deessi sm\u00e1atri\u00f0i s\u00fdna a\u00f0 Maneki-neko er vandlega \u00fatf\u00e6rt t\u00e1kn, \u00fear sem sta\u00f0a \u00feess er lesin n\u00e1kv\u00e6mlega.<\/p>\t\t\t\t\t\t\t\t<\/div>\n\t\t\t\t<\/div>\n\t\t\t\t\t<\/div>\n\t\t\t\t<\/div>\n\t\t<div class=\"elementor-element elementor-element-iwgs-manekineko-s5 e-flex e-con-boxed e-con e-parent\" data-id=\"iwgs-manekineko-s5\" data-element_type=\"container\" data-e-type=\"container\">\n\t\t\t\t\t<div class=\"e-con-inner\">\n\t\t\t\t<div class=\"elementor-element elementor-element-iwgs-manekineko-s5h elementor-widget elementor-widget-heading\" data-id=\"iwgs-manekineko-s5h\" data-element_type=\"widget\" data-e-type=\"widget\" data-widget_type=\"heading.default\">\n\t\t\t\t\t<h2 class=\"elementor-heading-title elementor-size-default\">Maneki-neko \u00ed verslunum<\/h2>\t\t\t\t<\/div>\n\t\t<div class=\"elementor-element elementor-element-iwgs-manekineko-s5box e-con-full e-flex e-con e-parent\" data-id=\"iwgs-manekineko-s5box\" data-element_type=\"container\" data-e-type=\"container\">\n\t\t\t\t<div class=\"elementor-element elementor-element-iwgs-manekineko-s5t elementor-widget elementor-widget-text-editor\" data-id=\"iwgs-manekineko-s5t\" data-element_type=\"widget\" data-e-type=\"widget\" data-widget_type=\"text-editor.default\">\n\t\t\t\t\t\t\t\t\t<p>Upp\u00e1haldssta\u00f0ur Maneki-neko er verslunin. \u00cd b\u00fa\u00f0um, veitingast\u00f6\u00f0um og fyrirt\u00e6kjum er veifandi k\u00f6tturinn s\u00e9rstaklega algengur. \u00dear hefur hann sk\u00fdrt hlutverk, a\u00f0 kalla til vi\u00f0skiptavini og velgengni.<\/p><p>Venjulega er Maneki-neko settur upp \u00fear sem hann s\u00e9st vel, til d\u00e6mis n\u00e1l\u00e6gt innganginum, \u00ed b\u00fa\u00f0arglugganum e\u00f0a vi\u00f0 kassann. \u00dea\u00f0an veifar hann til vegfarenda og b\u00fd\u00f0ur \u00feeim \u00feannig a\u00f0 koma inn \u00ed verslunina.<\/p><p>\u00deessi tengsl vi\u00f0 verslun eru einkennandi fyrir Maneki-neko. Hann er ekki fyrst og fremst v\u00f6rn heimilis e\u00f0a einstaklings, heldur heillagripur atvinnul\u00edfsins. Hlutverk hans er a\u00f0 efla velgengni verslunar og atvinnurekstrar.<\/p><p>\u00cd \u00feessu kemur fram a\u00f0 heilla- og verndart\u00e1kn geta tengst mj\u00f6g mismunandi svi\u00f0um l\u00edfsins. Sum tryggja f\u00e6\u00f0ingu, \u00f6nnur fer\u00f0al\u00f6g, enn \u00f6nnur heimili\u00f0. Maneki-neko er tengdur svi\u00f0i verslunar og efnahagslegrar afkomu.<\/p><p>\u00cd heimah\u00fasum er Maneki-neko einnig settur upp, oft sem almennur heillagripur fyrir fj\u00f6lskylduna. Megin\u00e1hersla merkingar hans liggur \u00fe\u00f3 \u00e1 svi\u00f0i vi\u00f0skipta. \u00dear er veifandi k\u00f6tturinn n\u00e1nast sj\u00e1lfsag\u00f0ur fylgifiskur.<\/p>\t\t\t\t\t\t\t\t<\/div>\n\t\t\t\t<\/div>\n\t\t\t\t\t<\/div>\n\t\t\t\t<\/div>\n\t\t<div class=\"elementor-element elementor-element-iwgs-manekineko-s6 e-flex e-con-boxed e-con e-parent\" data-id=\"iwgs-manekineko-s6\" data-element_type=\"container\" data-e-type=\"container\">\n\t\t\t\t\t<div class=\"e-con-inner\">\n\t\t\t\t<div class=\"elementor-element elementor-element-iwgs-manekineko-s6h elementor-widget elementor-widget-heading\" data-id=\"iwgs-manekineko-s6h\" data-element_type=\"widget\" data-e-type=\"widget\" data-widget_type=\"heading.default\">\n\t\t\t\t\t<h2 class=\"elementor-heading-title elementor-size-default\">Heillagripur og v\u00f6rn<\/h2>\t\t\t\t<\/div>\n\t\t<div class=\"elementor-element elementor-element-iwgs-manekineko-s6box e-con-full e-flex e-con e-parent\" data-id=\"iwgs-manekineko-s6box\" data-element_type=\"container\" data-e-type=\"container\">\n\t\t\t\t<div class=\"elementor-element elementor-element-iwgs-manekineko-s6t elementor-widget elementor-widget-text-editor\" data-id=\"iwgs-manekineko-s6t\" data-element_type=\"widget\" data-e-type=\"widget\" data-widget_type=\"text-editor.default\">\n\t\t\t\t\t\t\t\t\t<p>Maneki-neko er fyrst og fremst heillagripur, en hann hefur einnig verndandi hli\u00f0. \u00deetta kemur s\u00e9rstaklega fram \u00ed sv\u00f6rtum styttum. Svarti Maneki-neko s\u00e9r ekki um velmegun, heldur um a\u00f0 verjast \u00f3g\u00e6fu.<\/p><p>Svarta Maneki-neko er eigna\u00f0 a\u00f0 halda burt illum \u00e1hrifum og \u00f3heppni. Hann tilheyrir \u00fev\u00ed verndandi t\u00e1knum, me\u00f0an hv\u00edtar og gylltar styttur \u00fej\u00f3na \u00fev\u00ed a\u00f0 draga a\u00f0 heppni. \u00cd svarta litnum liggur verndandi merkingin.<\/p><p>\u00deessi skipting er athyglisver\u00f0. H\u00fan s\u00fdnir a\u00f0 sama styttan getur, eftir litnum, veri\u00f0 skilin \u00fdmist sem heillagripur sem dregur a\u00f0 s\u00e9r g\u00e6fu, e\u00f0a verndart\u00e1kn sem varnar illu. Maneki-neko n\u00e6r \u00feannig yfir b\u00e1\u00f0ar meginstefnur verndarhef\u00f0arinnar.<\/p><p>\u00d3h\u00e1\u00f0 litnum ber Maneki-neko einnig verndandi grunneinkenni. Stytta sem kallar fram g\u00e6fu og fyllir h\u00fasi\u00f0 heppni gefur minna svigr\u00fam fyrir \u00f3g\u00e6fu. A\u00f0 draga a\u00f0 hi\u00f0 g\u00f3\u00f0a og verjast hinu illa fara saman.<\/p><p>Maneki-neko er \u00feannig ekki bara gla\u00f0legur heillagripur, heldur einnig t\u00e1kn me\u00f0 verndandi eiginleikum. S\u00e9rstaklega svarti Maneki-neko s\u00fdnir a\u00f0 veifandi k\u00f6tturinn tilheyrir heimi verndar- og heillat\u00e1kna \u00ed heild sinni.<\/p>\t\t\t\t\t\t\t\t<\/div>\n\t\t\t\t<\/div>\n\t\t\t\t\t<\/div>\n\t\t\t\t<\/div>\n\t\t<div class=\"elementor-element elementor-element-iwgs-manekineko-s7 e-flex e-con-boxed e-con e-parent\" data-id=\"iwgs-manekineko-s7\" data-element_type=\"container\" data-e-type=\"container\">\n\t\t\t\t\t<div class=\"e-con-inner\">\n\t\t\t\t<div class=\"elementor-element elementor-element-iwgs-manekineko-s7h elementor-widget elementor-widget-heading\" data-id=\"iwgs-manekineko-s7h\" data-element_type=\"widget\" data-e-type=\"widget\" data-widget_type=\"heading.default\">\n\t\t\t\t\t<h2 class=\"elementor-heading-title elementor-size-default\">Japanskur, ekki k\u00ednverskur<\/h2>\t\t\t\t<\/div>\n\t\t<div class=\"elementor-element elementor-element-iwgs-manekineko-s7box e-con-full e-flex e-con e-parent\" data-id=\"iwgs-manekineko-s7box\" data-element_type=\"container\" data-e-type=\"container\">\n\t\t\t\t<div class=\"elementor-element elementor-element-iwgs-manekineko-s7t elementor-widget elementor-widget-text-editor\" data-id=\"iwgs-manekineko-s7t\" data-element_type=\"widget\" data-e-type=\"widget\" data-widget_type=\"text-editor.default\">\n\t\t\t\t\t\t\t\t\t<p>Algengur misskilningur sn\u00fdst um uppruna Maneki-neko. Mj\u00f6g oft er veifandi k\u00f6tturinn talinn k\u00ednverskt t\u00e1kn. \u00deessi tilnefning er ekki r\u00e9tt. Maneki-neko kemur fr\u00e1 Japan.<\/p><p>Misskilningurinn hefur nokkrar \u00e1st\u00e6\u00f0ur. Maneki-neko er einnig mj\u00f6g algengur \u00ed k\u00ednverskum verslunum og \u00ed Chinatown-hverfum margra borga. \u00deeir sem sj\u00e1 hann \u00fear tengja hann au\u00f0veldlega vi\u00f0 k\u00ednverska menningu.<\/p><p>A\u00f0 auki fellur veifandi handahreyfingin og heilla\u00f3skin vel a\u00f0 almennum austuras\u00edskum hugmyndum. Styttan vir\u00f0ist \u00fev\u00ed fyrir m\u00f6rgum ekki tilheyra einni \u00e1kve\u00f0inni menningu. Uppruni hennar liggur \u00fe\u00f3 \u00ed raun \u00ed jap\u00f6nsku Edo-t\u00edmabilinu.<\/p><p>\u00deessi sk\u00fdring er ekkert aukaatri\u00f0i. H\u00fan er hluti af n\u00e1kv\u00e6mri framsetningu. Verndar- og heillat\u00e1kn eru oft tengd vi\u00f0 rangar menningarheimar \u00ed almennri vitund, og Maneki-neko er algengt d\u00e6mi um \u00fea\u00f0.<\/p><p>\u00c1lyktunin er \u00fev\u00ed s\u00fa a\u00f0 Maneki-neko er japanskt t\u00e1kn. V\u00ed\u00f0t\u00e6k \u00fatbrei\u00f0sla hans \u00e1 k\u00ednversk-menningarsv\u00e6\u00f0um og v\u00ed\u00f0ar breytir engu um japanskan uppruna hans. \u00deessi a\u00f0greining er hluti af n\u00e1kv\u00e6mri umfj\u00f6llun um t\u00e1kni\u00f0.<\/p>\t\t\t\t\t\t\t\t<\/div>\n\t\t\t\t<\/div>\n\t\t\t\t\t<\/div>\n\t\t\t\t<\/div>\n\t\t<div class=\"elementor-element elementor-element-iwgs-manekineko-s8 e-flex e-con-boxed e-con e-parent\" data-id=\"iwgs-manekineko-s8\" data-element_type=\"container\" data-e-type=\"container\">\n\t\t\t\t\t<div class=\"e-con-inner\">\n\t\t\t\t<div class=\"elementor-element elementor-element-iwgs-manekineko-s8h elementor-widget elementor-widget-heading\" data-id=\"iwgs-manekineko-s8h\" data-element_type=\"widget\" data-e-type=\"widget\" data-widget_type=\"heading.default\">\n\t\t\t\t\t<h2 class=\"elementor-heading-title elementor-size-default\">M\u00f3tt\u00f6kur \u00ed dag<\/h2>\t\t\t\t<\/div>\n\t\t<div class=\"elementor-element elementor-element-iwgs-manekineko-s8box e-con-full e-flex e-con e-parent\" data-id=\"iwgs-manekineko-s8box\" data-element_type=\"container\" data-e-type=\"container\">\n\t\t\t\t<div class=\"elementor-element elementor-element-iwgs-manekineko-s8t elementor-widget elementor-widget-text-editor\" data-id=\"iwgs-manekineko-s8t\" data-element_type=\"widget\" data-e-type=\"widget\" data-widget_type=\"text-editor.default\">\n\t\t\t\t\t\t\t\t\t<p>Maneki-neko er \u00ed dag \u00feekktur um allan heim. Sem stytta \u00ed verslunum, sem leikfang og sem <span class=\"iwg-fachbegriff\" data-tooltip=\"Endurteki\u00f0 innihaldsatri\u00f0i \u00ed list e\u00f0a fr\u00e1s\u00f6gn.\" tabindex=\"0\">stef<\/span> \u00ed h\u00f6nnun er hann \u00fatbreiddur langt utan Japans. Hann telst me\u00f0al \u00feekktustu heillagripa yfirleitt.<\/p><p>\u00cd Japan sj\u00e1lfu er Maneki-neko enn \u00ed fullu fj\u00f6ri. Hann tilheyrir kunnuglegri mynd b\u00fa\u00f0a og veitingasta\u00f0a. Til eru jafnvel sta\u00f0ir og <span class=\"iwg-fachbegriff\" data-tooltip=\"Bygging sem er tileinku\u00f0 tilbei\u00f0slu eins e\u00f0a fleiri gu\u00f0a.\" tabindex=\"0\">hof<\/span>, sem eru n\u00e1i\u00f0 tengd veifandi kettinum og \u00fear sem hann er s\u00e9rstaklega tigna\u00f0ur.<\/p><p>Me\u00f0 \u00fatbrei\u00f0slunni um allan heim fylgir breyting \u00e1 merkingu. Oft er Maneki-neko a\u00f0eins skynja\u00f0ur sem gla\u00f0leg, skreytileg stytta. N\u00e1kv\u00e6m merking handa og lita er \u00fe\u00e1 ekki lengur \u00feekkt.<\/p><p>\u00der\u00e1tt fyrir \u00fea\u00f0 lifir grunnhugmyndin \u00e1fram. Maneki-neko er og ver\u00f0ur t\u00e1kn sem kallar fram heppni. Jafnvel \u00feeir sem ekki \u00feekkja sm\u00e1atri\u00f0in skilja hina bj\u00f3\u00f0andi, veifandi hreyfingu kattarins.<\/p><p>Maneki-neko er \u00feannig gott d\u00e6mi um heillagrip sem hefur fari\u00f0 langt \u00fat fyrir m\u00f6rk upprunamenningar sinnar. \u00dar jap\u00f6nsku t\u00e1kni Edo-t\u00edmabilsins er or\u00f0in stytta sem er heima \u00ed verslunum um allan heim.<\/p>\t\t\t\t\t\t\t\t<\/div>\n\t\t\t\t<\/div>\n\t\t\t\t\t<\/div>\n\t\t\t\t<\/div>\n\t\t<div class=\"elementor-element elementor-element-iwgs-manekineko-lit e-flex e-con-boxed e-con e-parent\" data-id=\"iwgs-manekineko-lit\" data-element_type=\"container\" data-e-type=\"container\">\n\t\t\t\t\t<div class=\"e-con-inner\">\n\t\t\t\t<div class=\"elementor-element elementor-element-iwgs-manekineko-lith elementor-widget elementor-widget-heading\" data-id=\"iwgs-manekineko-lith\" data-element_type=\"widget\" data-e-type=\"widget\" data-widget_type=\"heading.default\">\n\t\t\t\t\t<h2 class=\"elementor-heading-title elementor-size-default\">Heimildir (\u00farval)<\/h2>\t\t\t\t<\/div>\n\t\t<div class=\"elementor-element elementor-element-iwgs-manekineko-litbox e-con-full e-flex e-con e-parent\" data-id=\"iwgs-manekineko-litbox\" data-element_type=\"container\" data-e-type=\"container\">\n\t\t\t\t<div class=\"elementor-element elementor-element-iwgs-manekineko-litt elementor-widget elementor-widget-html\" data-id=\"iwgs-manekineko-litt\" data-element_type=\"widget\" data-e-type=\"widget\" data-widget_type=\"html.default\">\n\t\t\t\t\t<footer data-nosnippet=\"true\"><ul><li>U. A. Casal: <em>The Goblin Fox and Badger and Other Witch Animals of Japan<\/em> (1959)<\/li><li>Nelly Naumann: <em>Die einheimische Religion Japans<\/em> (1988)<\/li><li>Ian Reader: <em>Religion in Contemporary Japan<\/em> (1991)<\/li><li>Manami Okazaki: <em>Maneki Neko. Japan's Beckoning Cats<\/em> (2019)<\/li><li>Lafcadio Hearn: <em>Glimpses of Unfamiliar Japan<\/em> (1894)<\/li><\/ul><\/footer>\t\t\t\t<\/div>\n\t\t\t\t<\/div>\n\t\t\t\t\t<\/div>\n\t\t\t\t<\/div>\n\t\t<div class=\"elementor-element elementor-element-iwgs-manekineko-kwd e-flex e-con-boxed e-con e-parent\" data-id=\"iwgs-manekineko-kwd\" data-element_type=\"container\" data-e-type=\"container\">\n\t\t\t\t\t<div class=\"e-con-inner\">\n\t\t\t\t<div class=\"elementor-element elementor-element-iwgs-manekineko-kwdt elementor-widget elementor-widget-text-editor\" data-id=\"iwgs-manekineko-kwdt\" data-element_type=\"widget\" data-e-type=\"widget\" data-widget_type=\"text-editor.default\">\n\t\t\t\t\t\t\t\t\t<p><em>Tengd leitaror\u00f0: Maneki-neko veifandi k\u00f6ttur heillagripur Japan Edo-t\u00edmabil framh\u00f6nd heillakattur verslun.<\/em><\/p>\t\t\t\t\t\t\t\t<\/div>\n\t\t\t\t\t<\/div>\n\t\t\t\t<\/div>\n\t\t<div class=\"elementor-element elementor-element-iwgs-manekineko-cc e-flex e-con-boxed e-con e-parent\" data-id=\"iwgs-manekineko-cc\" data-element_type=\"container\" data-e-type=\"container\" id=\"iwg-cc-maneki-neko\">\n\t\t\t\t\t<div class=\"e-con-inner\">\n\t\t<div class=\"elementor-element elementor-element-iwgs-manekineko-ccinner e-flex e-con-boxed e-con e-parent\" data-id=\"iwgs-manekineko-ccinner\" data-element_type=\"container\" data-e-type=\"container\" data-settings=\"{&quot;background_background&quot;:&quot;classic&quot;}\">\n\t\t\t\t\t<div class=\"e-con-inner\">\n\t\t\t\t<div class=\"elementor-element elementor-element-iwgs-manekineko-cch elementor-widget elementor-widget-heading\" data-id=\"iwgs-manekineko-cch\" data-element_type=\"widget\" data-e-type=\"widget\" data-widget_type=\"heading.default\">\n\t\t\t\t\t<h2 class=\"elementor-heading-title elementor-size-default\">iWell Guard og verndarhef\u00f0ir<\/h2>\t\t\t\t<\/div>\n\t\t\t\t<div class=\"elementor-element elementor-element-iwgs-manekineko-cct elementor-widget elementor-widget-text-editor\" data-id=\"iwgs-manekineko-cct\" data-element_type=\"widget\" data-e-type=\"widget\" data-widget_type=\"text-editor.default\">\n\t\t\t\t\t\t\t\t\t<p>iWell Guard er hluti af \u00feeirri menningars\u00f6gulegu hef\u00f0 fars\u00edma verndargripa sem me\u00f0al annars Maneki-neko tilheyrir. N\u00fat\u00edmalegur fylgihlutur fyrir f\u00f3lk sem lifir me\u00f0 verndart\u00e1knum: framleiddur \u00ed \u00de\u00fdskalandi, 41 lag af sk\u00edragulli, plat\u00ednu og silfri, me\u00f0 30 daga skilar\u00e9tti.<\/p>\t\t\t\t\t\t\t\t<\/div>\n\t\t\t\t<div class=\"elementor-element elementor-element-iwgs-manekineko-ccb iwg-cc-button iwg-cc-cta-2026-05-13 elementor-widget elementor-widget-jet-button\" data-id=\"iwgs-manekineko-ccb\" data-element_type=\"widget\" data-e-type=\"widget\" data-widget_type=\"jet-button.default\">\n\t\t\t\t<div class=\"elementor-widget-container\">\n\t\t\t\t\t<div class=\"elementor-jet-button jet-elements\"><div class=\"jet-button__container\"><a class=\"jet-button__instance jet-button__instance--icon-left hover-effect-1\" href=\"\/schutzanhaenger-iwell-guard-kaufen\/?utm_source=iwell-guard.com&amp;utm_medium=info-box&amp;utm_campaign=schutzsymbole\"><div class=\"jet-button__plane jet-button__plane-normal\"><\/div><div class=\"jet-button__plane jet-button__plane-hover\"><\/div><div class=\"jet-button__state jet-button__state-normal\"><span class=\"jet-button__label\">Meira um iWell Guard<\/span><\/div><div class=\"jet-button__state jet-button__state-hover\"><span class=\"jet-button__label\">Meira um iWell Guard<\/span><\/div><\/a><\/div><\/div><style>.elementor-element.elementor-element-iwgs-manekineko-ccb .jet-button__instance{width:320px;height:56px;}.elementor-element.elementor-element-iwgs-manekineko-ccb .jet-button__state-normal .jet-button__label{text-align:center;margin:0px 0px 0px 0px;color:#1a1b20;font-family:Montserrat,sans-serif;font-size:13px;font-weight:400;letter-spacing:4px;line-height:1.714em;text-transform:uppercase;}.elementor-element.elementor-element-iwgs-manekineko-ccb .jet-button__state-hover .jet-button__label{text-align:center;margin:0px 0px 0px 0px;color:#FECC76;font-family:Montserrat,sans-serif;font-size:13px;font-weight:400;letter-spacing:4px;line-height:1.714em;text-transform:uppercase;}.elementor-element.elementor-element-iwgs-manekineko-ccb .jet-button__plane-normal{background-color:#FECC76;border-style:solid;border-color:#C99540;border-width:2px 2px 2px 2px;}.elementor-element.elementor-element-iwgs-manekineko-ccb .jet-button__plane-hover{background-color:rgba(0,0,0,0.55);border-style:solid;border-color:#FECC76;border-width:2px 2px 2px 2px;}<\/style>\t\t\t\t<\/div>\n\t\t\t\t<\/div>\n\t\t\t\t<div class=\"elementor-element elementor-element-iwgs-manekineko-ccd elementor-widget elementor-widget-text-editor\" data-id=\"iwgs-manekineko-ccd\" data-element_type=\"widget\" data-e-type=\"widget\" data-widget_type=\"text-editor.default\">\n\t\t\t\t\t\t\t\t\t<p style=\"text-align:center;font-size:13px;opacity:0.7;margin-top:14px\" data-nosnippet=\"true\">Pers\u00f3nuleg reynsla getur veri\u00f0 mismunandi. Ekki l\u00e6kningat\u00e6ki. Engin lofor\u00f0 um l\u00e6kningu.<\/p>\t\t\t\t\t\t\t\t<\/div>\n\t\t\t\t\t<\/div>\n\t\t\t\t<\/div>\n\t\t\t\t\t<\/div>\n\t\t\t\t<\/div>\n\t\t<div class=\"elementor-element elementor-element-iwgs-manekineko-disc e-flex e-con-boxed e-con e-parent\" data-id=\"iwgs-manekineko-disc\" data-element_type=\"container\" data-e-type=\"container\">\n\t\t\t\t\t<div class=\"e-con-inner\">\n\t\t\t\t<div class=\"elementor-element elementor-element-iwgs-manekineko-discw elementor-widget elementor-widget-html\" data-id=\"iwgs-manekineko-discw\" data-element_type=\"widget\" data-e-type=\"widget\" data-widget_type=\"html.default\">\n\t\t\t\t\t<footer data-nosnippet=\"true\" class=\"iwg-disclaimer-block\"><p data-nosnippet=\"true\">iWell Guard er <strong>ekki l\u00e6kningat\u00e6ki<\/strong> og kemur ekki \u00ed sta\u00f0 l\u00e6knis- e\u00f0a s\u00e1lfr\u00e6\u00f0ime\u00f0fer\u00f0ar. Innihaldi\u00f0 sem h\u00e9r er sett fram er tr\u00faarbrag\u00f0afr\u00e6\u00f0ileg og menningars\u00f6gulega greining, ekki lofor\u00f0 um andlega virkni.<\/p><\/footer>\t\t\t\t<\/div>\n\t\t\t\t\t<\/div>\n\t\t\t\t<\/div>\n\t\t\t\t<\/div>\n\t\t","protected":false},"excerpt":{"rendered":"","protected":false},"author":3,"featured_media":3541,"parent":0,"menu_order":0,"comment_status":"closed","ping_status":"closed","template":"elementor_header_footer","meta":{"_yoast_wpseo_focuskw":"Maneki-neko","_yoast_wpseo_title":"Maneki-neko \u2013 japanskur heillak\u00f6ttur","_yoast_wpseo_metadesc":"Maneki-neko, veifandi k\u00f6tturinn, er talinn heillagripur \u00ed Japan. Uppruni, bendingar, litir og merking \u00fatsk\u00fdr\u00f0 \u00e1 sk\u00fdran h\u00e1tt.","_yoast_wpseo_meta-robots-noindex":"","_yoast_wpseo_canonical":"","_angie_page":false,"gefaehrdungsstufe":"","wesen_kultur":"","wesen_klasse":"","footnotes":""},"categories":[],"class_list":["post-169148","page","type-page","status-publish","has-post-thumbnail","hentry"],"yoast_head":"<!-- This site is optimized with the Yoast SEO Premium plugin v27.7 (Yoast SEO v28.3) - https:\/\/yoast.com\/product\/yoast-seo-premium-wordpress\/ -->\n<title>Maneki-neko \u2013 japanskur heillak\u00f6ttur<\/title>\n<meta name=\"description\" content=\"Maneki-neko, veifandi k\u00f6tturinn, er talinn heillagripur \u00ed Japan. Uppruni, bendingar, litir og merking \u00fatsk\u00fdr\u00f0 \u00e1 sk\u00fdran h\u00e1tt.\" \/>\n<meta name=\"robots\" content=\"index, follow, max-snippet:-1, max-image-preview:large, max-video-preview:-1\" \/>\n<link rel=\"canonical\" href=\"https:\/\/iwell-guard.com\/is\/maneki-neko-veifandi-heillakottur\/\" \/>\n<meta property=\"og:locale\" content=\"is_IS\" \/>\n<meta property=\"og:type\" content=\"article\" \/>\n<meta property=\"og:title\" content=\"Maneki-neko \u2013 japanski veifandi heillak\u00f6ttur\" \/>\n<meta property=\"og:description\" content=\"Maneki-neko, veifandi k\u00f6tturinn, er talinn heillagripur \u00ed Japan. Uppruni, bendingar, litir og merking \u00fatsk\u00fdr\u00f0 \u00e1 sk\u00fdran h\u00e1tt.\" \/>\n<meta property=\"og:url\" content=\"https:\/\/iwell-guard.com\/is\/maneki-neko-veifandi-heillakottur\/\" \/>\n<meta property=\"og:site_name\" content=\"iWell Guard\" \/>\n<meta property=\"article:modified_time\" content=\"2026-09-05T14:33:29+00:00\" \/>\n<meta property=\"og:image\" content=\"https:\/\/iwell-guard.com\/wp-content\/uploads\/2026\/05\/schutzsymbol_japan_maneki-neko.webp\" \/>\n\t<meta property=\"og:image:width\" content=\"1024\" \/>\n\t<meta property=\"og:image:height\" content=\"1536\" \/>\n\t<meta property=\"og:image:type\" content=\"image\/webp\" \/>\n<meta name=\"twitter:card\" content=\"summary_large_image\" \/>\n<script type=\"application\/ld+json\" class=\"yoast-schema-graph\">{\"@context\":\"https:\\\/\\\/schema.org\",\"@graph\":[{\"@type\":\"WebPage\",\"@id\":\"https:\\\/\\\/iwell-guard.com\\\/is\\\/maneki-neko-veifandi-heillakottur\\\/\",\"url\":\"https:\\\/\\\/iwell-guard.com\\\/is\\\/maneki-neko-veifandi-heillakottur\\\/\",\"name\":\"Maneki-neko \u2013 japanskur heillak\u00f6ttur\",\"isPartOf\":{\"@id\":\"https:\\\/\\\/iwell-guard.com\\\/is\\\/#website\"},\"primaryImageOfPage\":{\"@id\":\"https:\\\/\\\/iwell-guard.com\\\/is\\\/maneki-neko-veifandi-heillakottur\\\/#primaryimage\"},\"image\":{\"@id\":\"https:\\\/\\\/iwell-guard.com\\\/is\\\/maneki-neko-veifandi-heillakottur\\\/#primaryimage\"},\"thumbnailUrl\":\"https:\\\/\\\/iwell-guard.com\\\/wp-content\\\/uploads\\\/2026\\\/05\\\/schutzsymbol_japan_maneki-neko.webp\",\"datePublished\":\"2026-09-05T14:06:00+00:00\",\"dateModified\":\"2026-09-05T14:33:29+00:00\",\"description\":\"Maneki-neko, veifandi k\u00f6tturinn, er talinn heillagripur \u00ed Japan. Uppruni, bendingar, litir og merking \u00fatsk\u00fdr\u00f0 \u00e1 sk\u00fdran h\u00e1tt.\",\"breadcrumb\":{\"@id\":\"https:\\\/\\\/iwell-guard.com\\\/is\\\/maneki-neko-veifandi-heillakottur\\\/#breadcrumb\"},\"inLanguage\":\"is\",\"potentialAction\":[{\"@type\":\"ReadAction\",\"target\":[\"https:\\\/\\\/iwell-guard.com\\\/is\\\/maneki-neko-veifandi-heillakottur\\\/\"]}]},{\"@type\":\"ImageObject\",\"inLanguage\":\"is\",\"@id\":\"https:\\\/\\\/iwell-guard.com\\\/is\\\/maneki-neko-veifandi-heillakottur\\\/#primaryimage\",\"url\":\"https:\\\/\\\/iwell-guard.com\\\/wp-content\\\/uploads\\\/2026\\\/05\\\/schutzsymbol_japan_maneki-neko.webp\",\"contentUrl\":\"https:\\\/\\\/iwell-guard.com\\\/wp-content\\\/uploads\\\/2026\\\/05\\\/schutzsymbol_japan_maneki-neko.webp\",\"width\":1024,\"height\":1536,\"caption\":\"Verndart\u00e1kn. Myndskreyting \u00ed safnst\u00edl.\"},{\"@type\":\"BreadcrumbList\",\"@id\":\"https:\\\/\\\/iwell-guard.com\\\/is\\\/maneki-neko-veifandi-heillakottur\\\/#breadcrumb\",\"itemListElement\":[{\"@type\":\"ListItem\",\"position\":1,\"name\":\"Start\",\"item\":\"https:\\\/\\\/iwell-guard.com\\\/is\\\/?page_id=168580\"},{\"@type\":\"ListItem\",\"position\":2,\"name\":\"Maneki-neko \u2013 japanski veifandi heillak\u00f6ttur\"}]},{\"@type\":\"WebSite\",\"@id\":\"https:\\\/\\\/iwell-guard.com\\\/is\\\/#website\",\"url\":\"https:\\\/\\\/iwell-guard.com\\\/is\\\/\",\"name\":\"iWell Guard\",\"description\":\"Schutz vor dunklen Einfl\u00fcssen\",\"publisher\":{\"@id\":\"https:\\\/\\\/iwell-guard.com\\\/is\\\/#organization\"},\"potentialAction\":[{\"@type\":\"SearchAction\",\"target\":{\"@type\":\"EntryPoint\",\"urlTemplate\":\"https:\\\/\\\/iwell-guard.com\\\/is\\\/?s={search_term_string}\"},\"query-input\":{\"@type\":\"PropertyValueSpecification\",\"valueRequired\":true,\"valueName\":\"search_term_string\"}}],\"inLanguage\":\"is\"},{\"@type\":\"Organization\",\"@id\":\"https:\\\/\\\/iwell-guard.com\\\/is\\\/#organization\",\"name\":\"Ittermann electronic GmbH\",\"url\":\"https:\\\/\\\/iwell-guard.com\\\/is\\\/\",\"logo\":{\"@type\":\"ImageObject\",\"inLanguage\":\"is\",\"@id\":\"https:\\\/\\\/iwell-guard.com\\\/is\\\/#\\\/schema\\\/logo\\\/image\\\/\",\"url\":\"https:\\\/\\\/iwell-guard.com\\\/wp-content\\\/uploads\\\/2026\\\/05\\\/Ittermann-Logo-1182x237-1.png\",\"contentUrl\":\"https:\\\/\\\/iwell-guard.com\\\/wp-content\\\/uploads\\\/2026\\\/05\\\/Ittermann-Logo-1182x237-1.png\",\"width\":1182,\"height\":237,\"caption\":\"Ittermann electronic GmbH\"},\"image\":{\"@id\":\"https:\\\/\\\/iwell-guard.com\\\/is\\\/#\\\/schema\\\/logo\\\/image\\\/\"},\"sameAs\":[\"https:\\\/\\\/pantip.com\\\/profile\\\/9367242\",\"https:\\\/\\\/micro.blog\\\/iwellguard\",\"https:\\\/\\\/www.diggerslist.com\\\/iwellguard\\\/about\",\"https:\\\/\\\/skitterphoto.com\\\/photographers\\\/2870314\\\/iwell-guard\",\"https:\\\/\\\/iwellguard.wordpress.com\\\/2026\\\/06\\\/06\\\/iwell-guard\\\/\",\"https:\\\/\\\/hub.docker.com\\\/u\\\/iwellguard\",\"https:\\\/\\\/www.pinterest.com\\\/iwellguard\\\/\",\"https:\\\/\\\/bit.ly\\\/m\\\/iwellguard\",\"https:\\\/\\\/entre-vos-mains.alsace.eu\\\/profiles\\\/iwellguard\\\/activity\",\"https:\\\/\\\/gravatar.com\\\/reallybeded8fd34\",\"https:\\\/\\\/naijamatta.com\\\/iwellguard\",\"https:\\\/\\\/www.goodreads.com\\\/iwellguard\",\"https:\\\/\\\/profile.hatena.ne.jp\\\/iwellguard\\\/\",\"https:\\\/\\\/experiment.com\\\/users\\\/iwellguard\",\"https:\\\/\\\/wakelet.com\\\/@iWellGuard82270\",\"https:\\\/\\\/www.chordie.com\\\/forum\\\/profile.php?id=2555664\",\"https:\\\/\\\/www.instapaper.com\\\/p\\\/17757966\",\"https:\\\/\\\/www.mapleprimes.com\\\/users\\\/iwellguard\",\"https:\\\/\\\/businesslistingplus.com\\\/profile\\\/iwell-guard\\\/\",\"https:\\\/\\\/telegra.ph\\\/iWell-Guard-06-06\",\"https:\\\/\\\/pbase.com\\\/iwellguard\\\/iwellguard\",\"https:\\\/\\\/b.hatena.ne.jp\\\/iwellguard\\\/20260607#bookmark-4788405196491818882\",\"https:\\\/\\\/fliphtml5.com\\\/home\\\/iwellguard\",\"https:\\\/\\\/anyflip.com\\\/homepage\\\/cmiwl#About\",\"https:\\\/\\\/transfur.com\\\/Users\\\/iwellguard\",\"http:\\\/\\\/delphi.larsbo.org\\\/user\\\/iwellguard\",\"https:\\\/\\\/jobs.lajobsportal.org\\\/profiles\\\/8380803-iwell-guard\",\"https:\\\/\\\/md.chaosdorf.de\\\/s\\\/jfbe5SBdJD\",\"https:\\\/\\\/www.lingvolive.com\\\/en-us\\\/profile\\\/9ecaeaca-ce11-4e51-9e71-01d55e2bff36\\\/translations\",\"https:\\\/\\\/www.fitday.com\\\/fitness\\\/forums\\\/members\\\/iwellguard.html\",\"https:\\\/\\\/www.mymeetbook.com\\\/iwellguard\",\"https:\\\/\\\/pxhere.com\\\/en\\\/photographer-me\\\/5040798\",\"https:\\\/\\\/disqus.com\\\/by\\\/iwellguard\\\/about\\\/\",\"https:\\\/\\\/pastelink.net\\\/hjwciqwq\",\"https:\\\/\\\/pubhtml5.com\\\/homepage\\\/scjhn\\\/\",\"https:\\\/\\\/www.bitchute.com\\\/channel\\\/2O2eOKzNqujT\",\"https:\\\/\\\/audiomack.com\\\/iwellguard\"]}]}<\/script>\n<!-- \/ Yoast SEO Premium plugin. -->","yoast_head_json":{"title":"Maneki-neko \u2013 japanskur heillak\u00f6ttur","description":"Maneki-neko, veifandi k\u00f6tturinn, er talinn heillagripur \u00ed Japan. Uppruni, bendingar, litir og merking \u00fatsk\u00fdr\u00f0 \u00e1 sk\u00fdran h\u00e1tt.","robots":{"index":"index","follow":"follow","max-snippet":"max-snippet:-1","max-image-preview":"max-image-preview:large","max-video-preview":"max-video-preview:-1"},"canonical":"https:\/\/iwell-guard.com\/is\/maneki-neko-veifandi-heillakottur\/","og_locale":"is_IS","og_type":"article","og_title":"Maneki-neko \u2013 japanski veifandi heillak\u00f6ttur","og_description":"Maneki-neko, veifandi k\u00f6tturinn, er talinn heillagripur \u00ed Japan. Uppruni, bendingar, litir og merking \u00fatsk\u00fdr\u00f0 \u00e1 sk\u00fdran h\u00e1tt.","og_url":"https:\/\/iwell-guard.com\/is\/maneki-neko-veifandi-heillakottur\/","og_site_name":"iWell Guard","article_modified_time":"2026-09-05T14:33:29+00:00","og_image":[{"width":1024,"height":1536,"url":"https:\/\/iwell-guard.com\/wp-content\/uploads\/2026\/05\/schutzsymbol_japan_maneki-neko.webp","type":"image\/webp"}],"twitter_card":"summary_large_image","schema":{"@context":"https:\/\/schema.org","@graph":[{"@type":"WebPage","@id":"https:\/\/iwell-guard.com\/is\/maneki-neko-veifandi-heillakottur\/","url":"https:\/\/iwell-guard.com\/is\/maneki-neko-veifandi-heillakottur\/","name":"Maneki-neko \u2013 japanskur heillak\u00f6ttur","isPartOf":{"@id":"https:\/\/iwell-guard.com\/is\/#website"},"primaryImageOfPage":{"@id":"https:\/\/iwell-guard.com\/is\/maneki-neko-veifandi-heillakottur\/#primaryimage"},"image":{"@id":"https:\/\/iwell-guard.com\/is\/maneki-neko-veifandi-heillakottur\/#primaryimage"},"thumbnailUrl":"https:\/\/iwell-guard.com\/wp-content\/uploads\/2026\/05\/schutzsymbol_japan_maneki-neko.webp","datePublished":"2026-09-05T14:06:00+00:00","dateModified":"2026-09-05T14:33:29+00:00","description":"Maneki-neko, veifandi k\u00f6tturinn, er talinn heillagripur \u00ed Japan. Uppruni, bendingar, litir og merking \u00fatsk\u00fdr\u00f0 \u00e1 sk\u00fdran h\u00e1tt.","breadcrumb":{"@id":"https:\/\/iwell-guard.com\/is\/maneki-neko-veifandi-heillakottur\/#breadcrumb"},"inLanguage":"is","potentialAction":[{"@type":"ReadAction","target":["https:\/\/iwell-guard.com\/is\/maneki-neko-veifandi-heillakottur\/"]}]},{"@type":"ImageObject","inLanguage":"is","@id":"https:\/\/iwell-guard.com\/is\/maneki-neko-veifandi-heillakottur\/#primaryimage","url":"https:\/\/iwell-guard.com\/wp-content\/uploads\/2026\/05\/schutzsymbol_japan_maneki-neko.webp","contentUrl":"https:\/\/iwell-guard.com\/wp-content\/uploads\/2026\/05\/schutzsymbol_japan_maneki-neko.webp","width":1024,"height":1536,"caption":"Verndart\u00e1kn. Myndskreyting \u00ed safnst\u00edl."},{"@type":"BreadcrumbList","@id":"https:\/\/iwell-guard.com\/is\/maneki-neko-veifandi-heillakottur\/#breadcrumb","itemListElement":[{"@type":"ListItem","position":1,"name":"Start","item":"https:\/\/iwell-guard.com\/is\/?page_id=168580"},{"@type":"ListItem","position":2,"name":"Maneki-neko \u2013 japanski veifandi heillak\u00f6ttur"}]},{"@type":"WebSite","@id":"https:\/\/iwell-guard.com\/is\/#website","url":"https:\/\/iwell-guard.com\/is\/","name":"iWell Guard","description":"Schutz vor dunklen Einfl\u00fcssen","publisher":{"@id":"https:\/\/iwell-guard.com\/is\/#organization"},"potentialAction":[{"@type":"SearchAction","target":{"@type":"EntryPoint","urlTemplate":"https:\/\/iwell-guard.com\/is\/?s={search_term_string}"},"query-input":{"@type":"PropertyValueSpecification","valueRequired":true,"valueName":"search_term_string"}}],"inLanguage":"is"},{"@type":"Organization","@id":"https:\/\/iwell-guard.com\/is\/#organization","name":"Ittermann electronic GmbH","url":"https:\/\/iwell-guard.com\/is\/","logo":{"@type":"ImageObject","inLanguage":"is","@id":"https:\/\/iwell-guard.com\/is\/#\/schema\/logo\/image\/","url":"https:\/\/iwell-guard.com\/wp-content\/uploads\/2026\/05\/Ittermann-Logo-1182x237-1.png","contentUrl":"https:\/\/iwell-guard.com\/wp-content\/uploads\/2026\/05\/Ittermann-Logo-1182x237-1.png","width":1182,"height":237,"caption":"Ittermann electronic GmbH"},"image":{"@id":"https:\/\/iwell-guard.com\/is\/#\/schema\/logo\/image\/"},"sameAs":["https:\/\/pantip.com\/profile\/9367242","https:\/\/micro.blog\/iwellguard","https:\/\/www.diggerslist.com\/iwellguard\/about","https:\/\/skitterphoto.com\/photographers\/2870314\/iwell-guard","https:\/\/iwellguard.wordpress.com\/2026\/06\/06\/iwell-guard\/","https:\/\/hub.docker.com\/u\/iwellguard","https:\/\/www.pinterest.com\/iwellguard\/","https:\/\/bit.ly\/m\/iwellguard","https:\/\/entre-vos-mains.alsace.eu\/profiles\/iwellguard\/activity","https:\/\/gravatar.com\/reallybeded8fd34","https:\/\/naijamatta.com\/iwellguard","https:\/\/www.goodreads.com\/iwellguard","https:\/\/profile.hatena.ne.jp\/iwellguard\/","https:\/\/experiment.com\/users\/iwellguard","https:\/\/wakelet.com\/@iWellGuard82270","https:\/\/www.chordie.com\/forum\/profile.php?id=2555664","https:\/\/www.instapaper.com\/p\/17757966","https:\/\/www.mapleprimes.com\/users\/iwellguard","https:\/\/businesslistingplus.com\/profile\/iwell-guard\/","https:\/\/telegra.ph\/iWell-Guard-06-06","https:\/\/pbase.com\/iwellguard\/iwellguard","https:\/\/b.hatena.ne.jp\/iwellguard\/20260607#bookmark-4788405196491818882","https:\/\/fliphtml5.com\/home\/iwellguard","https:\/\/anyflip.com\/homepage\/cmiwl#About","https:\/\/transfur.com\/Users\/iwellguard","http:\/\/delphi.larsbo.org\/user\/iwellguard","https:\/\/jobs.lajobsportal.org\/profiles\/8380803-iwell-guard","https:\/\/md.chaosdorf.de\/s\/jfbe5SBdJD","https:\/\/www.lingvolive.com\/en-us\/profile\/9ecaeaca-ce11-4e51-9e71-01d55e2bff36\/translations","https:\/\/www.fitday.com\/fitness\/forums\/members\/iwellguard.html","https:\/\/www.mymeetbook.com\/iwellguard","https:\/\/pxhere.com\/en\/photographer-me\/5040798","https:\/\/disqus.com\/by\/iwellguard\/about\/","https:\/\/pastelink.net\/hjwciqwq","https:\/\/pubhtml5.com\/homepage\/scjhn\/","https:\/\/www.bitchute.com\/channel\/2O2eOKzNqujT","https:\/\/audiomack.com\/iwellguard"]}]}},"_links":{"self":[{"href":"https:\/\/iwell-guard.com\/is\/wp-json\/wp\/v2\/pages\/169148","targetHints":{"allow":["GET"]}}],"collection":[{"href":"https:\/\/iwell-guard.com\/is\/wp-json\/wp\/v2\/pages"}],"about":[{"href":"https:\/\/iwell-guard.com\/is\/wp-json\/wp\/v2\/types\/page"}],"author":[{"embeddable":true,"href":"https:\/\/iwell-guard.com\/is\/wp-json\/wp\/v2\/users\/3"}],"replies":[{"embeddable":true,"href":"https:\/\/iwell-guard.com\/is\/wp-json\/wp\/v2\/comments?post=169148"}],"version-history":[{"count":0,"href":"https:\/\/iwell-guard.com\/is\/wp-json\/wp\/v2\/pages\/169148\/revisions"}],"wp:featuredmedia":[{"embeddable":true,"href":"https:\/\/iwell-guard.com\/is\/wp-json\/wp\/v2\/media\/3541"}],"wp:attachment":[{"href":"https:\/\/iwell-guard.com\/is\/wp-json\/wp\/v2\/media?parent=169148"}],"wp:term":[{"taxonomy":"category","embeddable":true,"href":"https:\/\/iwell-guard.com\/is\/wp-json\/wp\/v2\/categories?post=169148"}],"curies":[{"name":"wp","href":"https:\/\/api.w.org\/{rel}","templated":true}]}}