{"id":169143,"date":"2026-09-05T14:05:57","date_gmt":"2026-09-05T14:05:57","guid":{"rendered":"https:\/\/iwell-guard.com\/?page_id=169143"},"modified":"2026-09-05T14:33:21","modified_gmt":"2026-09-05T14:33:21","slug":"raudur-tradur-verndarband","status":"publish","type":"page","link":"https:\/\/iwell-guard.com\/is\/raudur-tradur-verndarband\/","title":{"rendered":"Rau\u00f0ur \u00fer\u00e1\u00f0ur \u2013 verndarbandi\u00f0 gegn hinu illa auga"},"content":{"rendered":"\t\t<div data-elementor-type=\"wp-page\" data-elementor-id=\"169143\" class=\"elementor elementor-169143 elementor-3621 elementor-bc-flex-widget\" data-elementor-post-type=\"page\">\n\t\t\t\t<div class=\"elementor-element elementor-element-iwgs-roterfaden-hero e-flex e-con-boxed e-con e-parent\" data-id=\"iwgs-roterfaden-hero\" data-element_type=\"container\" data-e-type=\"container\">\n\t\t\t\t\t<div class=\"e-con-inner\">\n\t\t<div class=\"elementor-element elementor-element-iwgs-roterfaden-hl e-flex e-con-boxed e-con e-parent\" data-id=\"iwgs-roterfaden-hl\" data-element_type=\"container\" data-e-type=\"container\">\n\t\t\t\t\t<div class=\"e-con-inner\">\n\t\t<div class=\"elementor-element elementor-element-iwgs-roterfaden-hlbox e-con-full e-flex e-con e-parent\" data-id=\"iwgs-roterfaden-hlbox\" data-element_type=\"container\" data-e-type=\"container\">\n\t\t\t\t<div class=\"elementor-element elementor-element-iwgs-roterfaden-h1 elementor-widget elementor-widget-heading\" data-id=\"iwgs-roterfaden-h1\" data-element_type=\"widget\" data-e-type=\"widget\" data-widget_type=\"heading.default\">\n\t\t\t\t\t<h1 class=\"elementor-heading-title elementor-size-default\">Rau\u00f0i \u00fer\u00e1\u00f0urinn \u2013 kabbal\u00edska verndarbandi\u00f0 gegn hinu illa auga<\/h1>\t\t\t\t<\/div>\n\t\t\t\t<div class=\"elementor-element elementor-element-iwgs-roterfaden-lead elementor-widget elementor-widget-text-editor\" data-id=\"iwgs-roterfaden-lead\" data-element_type=\"widget\" data-e-type=\"widget\" data-widget_type=\"text-editor.default\">\n\t\t\t\t\t\t\t\t\t<p>Rau\u00f0i \u00fer\u00e1\u00f0urinn er kabbal\u00edska verndarbandi\u00f0 \u00far <span class=\"iwg-fachbegriff\" data-tooltip=\"Mi\u00f0lun \u00feekkingar og fr\u00e1sagna milli kynsl\u00f3\u00f0a.\" tabindex=\"0\">arfleif\u00f0<\/span> Gy\u00f0inga, sem bori\u00f0 er um \u00falnli\u00f0inn til varnar gegn hinu illa auga. Rau\u00f0i \u00fer\u00e1\u00f0urinn um \u00falnli\u00f0inn er talinn verja gegn hinu illa auga.<\/p><p>Hann var\u00f0 \u00feekktur fyrst og fremst fyrir tilstilli hins al\u00fe\u00fd\u00f0lega <span class=\"iwg-fachbegriff\" data-tooltip=\"Stefna innan gy\u00f0inglegrar dulspeki me\u00f0 h\u00f6fu\u00f0ritum eins og Sefer Jezira og S\u00f3har.\" tabindex=\"0\">kabbala<\/span>, en hugmyndin um a\u00f0 verjast \u00f3g\u00e6fu me\u00f0 rau\u00f0a litnum er mun eldri og finnst \u00ed m\u00f6rgum menningarheimum.<\/p>\t\t\t\t\t\t\t\t<\/div>\n\t\t\t\t<\/div>\n\t\t\t\t<div class=\"elementor-element elementor-element-iwgs-roterfaden-pills elementor-widget elementor-widget-html\" data-id=\"iwgs-roterfaden-pills\" data-element_type=\"widget\" data-e-type=\"widget\" data-widget_type=\"html.default\">\n\t\t\t\t\t<div class=\"iwg-pill-row\"><span class=\"iwg-klasse-badge\" tabindex=\"0\" data-tooltip=\"Verndart\u00e1kn, verndargripur e\u00f0a ap\u00f3tr\u00f3pa\u00edskur (illafr\u00e1verjandi) hlutur.\">Verndart\u00e1kn<\/span><a href=\"https:\/\/iwell-guard.com\/is\/judatru\/\" class=\"iwg-kultur-badge\" tabindex=\"0\" data-tooltip=\"Verndarhef\u00f0: Judaismi\">Judaismi<\/a><span class=\"iwg-tradition-badge\" tabindex=\"0\" data-tooltip=\"Band sem sagt er hafa verndandi \u00e1hrif.\">Verndarband<\/span><\/div>\t\t\t\t<\/div>\n\t\t\t\t\t<\/div>\n\t\t\t\t<\/div>\n\t\t<div class=\"elementor-element elementor-element-iwgs-roterfaden-hr e-con-full e-flex e-con e-parent\" data-id=\"iwgs-roterfaden-hr\" data-element_type=\"container\" data-e-type=\"container\">\n\t\t\t\t<div class=\"elementor-element elementor-element-iwgs-roterfaden-himg iwg-hero-image elementor-widget elementor-widget-image\" data-id=\"iwgs-roterfaden-himg\" data-element_type=\"widget\" data-e-type=\"widget\" data-widget_type=\"image.default\">\n\t\t\t\t\t\t\t\t\t\t\t\t\t\t\t<img fetchpriority=\"high\" decoding=\"async\" width=\"683\" height=\"1024\" src=\"https:\/\/iwell-guard.com\/wp-content\/uploads\/2026\/05\/schutzsymbol_judentum_roter-faden-683x1024.webp\" class=\"attachment-large size-large wp-image-170542\" alt=\"Rau\u00f0ur \u00fer\u00e1\u00f0ur - verndart\u00e1kn, safnfr\u00e6\u00f0ileg mynd\" srcset=\"https:\/\/iwell-guard.com\/wp-content\/uploads\/2026\/05\/schutzsymbol_judentum_roter-faden-683x1024.webp 683w, https:\/\/iwell-guard.com\/wp-content\/uploads\/2026\/05\/schutzsymbol_judentum_roter-faden-200x300.webp 200w, https:\/\/iwell-guard.com\/wp-content\/uploads\/2026\/05\/schutzsymbol_judentum_roter-faden-768x1152.webp 768w, https:\/\/iwell-guard.com\/wp-content\/uploads\/2026\/05\/schutzsymbol_judentum_roter-faden.webp 1024w\" sizes=\"(max-width: 683px) 100vw, 683px\" \/>\t\t\t\t\t\t\t\t\t\t\t\t\t\t\t<\/div>\n\t\t\t\t<\/div>\n\t\t\t\t\t<\/div>\n\t\t\t\t<\/div>\n\t\t<div class=\"elementor-element elementor-element-iwgs-roterfaden-s0 e-flex e-con-boxed e-con e-parent\" data-id=\"iwgs-roterfaden-s0\" data-element_type=\"container\" data-e-type=\"container\">\n\t\t\t\t\t<div class=\"e-con-inner\">\n\t\t\t\t<div class=\"elementor-element elementor-element-iwgs-roterfaden-s0h elementor-widget elementor-widget-heading\" data-id=\"iwgs-roterfaden-s0h\" data-element_type=\"widget\" data-e-type=\"widget\" data-widget_type=\"heading.default\">\n\t\t\t\t\t<h2 class=\"elementor-heading-title elementor-size-default\">Yfirlit<\/h2>\t\t\t\t<\/div>\n\t\t<div class=\"elementor-element elementor-element-iwgs-roterfaden-s0box e-con-full e-flex e-con e-parent\" data-id=\"iwgs-roterfaden-s0box\" data-element_type=\"container\" data-e-type=\"container\">\n\t\t\t\t<div class=\"elementor-element elementor-element-iwgs-roterfaden-s0t elementor-widget elementor-widget-text-editor\" data-id=\"iwgs-roterfaden-s0t\" data-element_type=\"widget\" data-e-type=\"widget\" data-widget_type=\"text-editor.default\">\n\t\t\t\t\t\t\t\t\t<p>Rau\u00f0i \u00fer\u00e1\u00f0urinn er einfaldur verndargripur. Um er a\u00f0 r\u00e6\u00f0a \u00feunnt band \u00far rau\u00f0ri ull sem bori\u00f0 er um \u00falnli\u00f0inn. \u00der\u00e1tt fyrir einfaldleika sinn er rau\u00f0i \u00fer\u00e1\u00f0urinn eitt \u00feekktasta verndart\u00e1kni\u00f0 sem tengt er hef\u00f0 Gy\u00f0inga og s\u00e9rstaklega hinum al\u00fe\u00fd\u00f0lega <span class=\"iwg-fachbegriff\" data-tooltip=\"Stefna innan gy\u00f0inglegrar dulspeki me\u00f0 h\u00f6fu\u00f0ritum eins og Sefer Jezira og S\u00f3har.\" tabindex=\"0\">kabbala<\/span>.<\/p><p>Hlutverk hans er sk\u00fdrt afmarka\u00f0. Rau\u00f0i \u00fer\u00e1\u00f0urinn \u00e1 a\u00f0 verja \u00feann sem hann ber gegn hinu illa auga. Hann sn\u00fdst \u00feannig gegn \u00feeim ska\u00f0legu \u00e1hrifum af tilliti sem l\u00fdst er \u00ed <a href=\"https:\/\/iwell-guard.com\/is\/illt-auga\/\">tr\u00fa \u00e1 hi\u00f0 illa auga<\/a>. \u00der\u00e1\u00f0urinn er varnart\u00e6ki fyrir daglegt l\u00edf.<\/p><p>\u00cd <span class=\"iwg-fachbegriff\" data-tooltip=\"V\u00edsindin sem rannsaka tr\u00faarbr\u00f6g\u00f0 samanbur\u00f0arlega og \u00e1n tr\u00faarlegrar bindingar.\" tabindex=\"0\">tr\u00faarbrag\u00f0afr\u00e6\u00f0i<\/span> er rau\u00f0a \u00fer\u00e1\u00f0inum skipa\u00f0 af n\u00e1kv\u00e6mni. S\u00fa \u00fatg\u00e1fa sem n\u00fa er algeng, bandi\u00f0 fr\u00e1 gr\u00f6f Rakelar, er tilt\u00f6lulega n\u00fdtt fyrirb\u00e6ri. Hugmyndin sem a\u00f0 baki liggur, a\u00f0 verjast \u00f3g\u00e6fu me\u00f0 rau\u00f0um lit, er \u00fe\u00f3 mj\u00f6g g\u00f6mul. B\u00e6\u00f0i \u00feessi l\u00f6g heyra til heildst\u00e6\u00f0rar myndar.<\/p><p>Rau\u00f0i \u00fer\u00e1\u00f0urinn er einnig gott d\u00e6mi um \u00fea\u00f0 hvernig verndarsi\u00f0ur n\u00e6r \u00fat fyrir m\u00f6rk einstakrar menningar. Rau\u00f0ir verndar\u00fer\u00e6\u00f0ir eru ekki bundnir vi\u00f0 gy\u00f0inglegt umhverfi. \u00deeir koma fram v\u00ed\u00f0a um heim og v\u00edsa til \u00fatbreiddrar hugmyndar um rau\u00f0a litinn.<\/p><p>Rau\u00f0i \u00fer\u00e1\u00f0urinn er eitt einfaldasta verndarobjekti\u00f0 sem til er. Hann ber enga <span class=\"iwg-fachbegriff\" data-tooltip=\"Texti sem greiptur e\u00f0a h\u00f6ggvinn er \u00ed fastan efnisbur\u00f0.\" tabindex=\"0\">\u00e1letrun<\/span> og enga mynd, hann er einungis litur og form. \u00deessi einfaldleiki er einmitt einn af styrkleikum hans. Verndart\u00e1kn sem krefst svo l\u00edtillar fyrirhafnar er \u00f6llum a\u00f0gengilegt og au\u00f0velt a\u00f0 mi\u00f0la \u00e1fram.<\/p>\t\t\t\t\t\t\t\t<\/div>\n\t\t\t\t<\/div>\n\t\t\t\t\t<\/div>\n\t\t\t\t<\/div>\n\t\t<div class=\"elementor-element elementor-element-iwgs-roterfaden-s1 e-flex e-con-boxed e-con e-parent\" data-id=\"iwgs-roterfaden-s1\" data-element_type=\"container\" data-e-type=\"container\">\n\t\t\t\t\t<div class=\"e-con-inner\">\n\t\t\t\t<div class=\"elementor-element elementor-element-iwgs-roterfaden-s1h elementor-widget elementor-widget-heading\" data-id=\"iwgs-roterfaden-s1h\" data-element_type=\"widget\" data-e-type=\"widget\" data-widget_type=\"heading.default\">\n\t\t\t\t\t<h2 class=\"elementor-heading-title elementor-size-default\">Rau\u00f0i liturinn sem verndarlitur<\/h2>\t\t\t\t<\/div>\n\t\t<div class=\"elementor-element elementor-element-iwgs-roterfaden-s1box e-con-full e-flex e-con e-parent\" data-id=\"iwgs-roterfaden-s1box\" data-element_type=\"container\" data-e-type=\"container\">\n\t\t\t\t<div class=\"elementor-element elementor-element-iwgs-roterfaden-s1t elementor-widget elementor-widget-text-editor\" data-id=\"iwgs-roterfaden-s1t\" data-element_type=\"widget\" data-e-type=\"widget\" data-widget_type=\"text-editor.default\">\n\t\t\t\t\t\t\t\t\t<p>\u00cd kjarna merkingar rau\u00f0a \u00fer\u00e1\u00f0arins er litur. Rautt var \u00ed m\u00f6rgum menningarheimum talinn litur b\u00fainn s\u00e9rst\u00f6kum krafti. Hann var tengdur bl\u00f3\u00f0i, l\u00edfi og eldi. \u00dar \u00feessari tengingu spratt s\u00fa hugmynd a\u00f0 rautt hef\u00f0i verndandi og illafr\u00e1verjandi \u00e1hrif.<\/p><p>\u00deessa hugmynd m\u00e1 rekja langt aftur \u00ed t\u00edmann. \u00deegar \u00e1 fyrri t\u00edmum voru grafir og hlutir merktir rau\u00f0u litarefni, og margt bendir til a\u00f0 \u00fev\u00ed hafi fylgt verndandi merking. Rau\u00f0i litur var \u00feannig fr\u00e1 fornu fari meira en einf\u00f6ld litun.<\/p><p>Rautt er auk \u00feess \u00e1berandi litur sem gr\u00edpur auga\u00f0. \u00deessi eigindi fellur vel a\u00f0 v\u00f6rninni gegn hinu illa auga. Sk\u00ednandi rautt merki dregur a\u00f0 s\u00e9r athygli. \u00dea\u00f0 getur gripi\u00f0 hi\u00f0 ska\u00f0lega tillit \u00e1\u00f0ur en \u00fea\u00f0 n\u00e6r til hinnar vernda\u00f0ar pers\u00f3nu. Litur og virkni vinna h\u00e9r saman.<\/p><p>Rau\u00f0i \u00fer\u00e1\u00f0urinn er \u00feannig fyrst og fremst lita\u00f0 verndart\u00e1kn. \u00c1hrif hans eru eignu\u00f0 litnum, ekki efninu sem sl\u00edku. Ull var \u00fatbreitt og au\u00f0fengi\u00f0 hr\u00e1efni. \u00dea\u00f0 sem skipti m\u00e1li var a\u00f0 \u00fer\u00e1\u00f0urinn v\u00e6ri rau\u00f0ur, \u00fev\u00ed \u00ed litnum l\u00e1, samkv\u00e6mt \u00fatbreiddri hugmynd, hinn verndandi kraftur.<\/p><p>Verndandi merking rau\u00f0a litarins m\u00e1 rekja allt aftur til fors\u00f6gulegra t\u00edma. \u00deegar \u00ed fornum greftrunum var nota\u00f0 rautt litarefni, og margt bendir til verndandi \u00e1setnings. Rau\u00f0 kl\u00e6\u00f0i fyrir b\u00f6rn eru einnig kunn sem verndarsi\u00f0ur fr\u00e1 m\u00f6rgum sv\u00e6\u00f0um \u00ed Evr\u00f3pu. Litur bar merkinguna \u00ed gegnum langan t\u00edma.<\/p>\t\t\t\t\t\t\t\t<\/div>\n\t\t\t\t<\/div>\n\t\t\t\t\t<\/div>\n\t\t\t\t<\/div>\n\t\t<div class=\"elementor-element elementor-element-iwgs-roterfaden-s2 e-flex e-con-boxed e-con e-parent\" data-id=\"iwgs-roterfaden-s2\" data-element_type=\"container\" data-e-type=\"container\">\n\t\t\t\t\t<div class=\"e-con-inner\">\n\t\t\t\t<div class=\"elementor-element elementor-element-iwgs-roterfaden-s2h elementor-widget elementor-widget-heading\" data-id=\"iwgs-roterfaden-s2h\" data-element_type=\"widget\" data-e-type=\"widget\" data-widget_type=\"heading.default\">\n\t\t\t\t\t<h2 class=\"elementor-heading-title elementor-size-default\">Rau\u00f0i \u00fer\u00e1\u00f0urinn og kabbalinn<\/h2>\t\t\t\t<\/div>\n\t\t<div class=\"elementor-element elementor-element-iwgs-roterfaden-s2box e-con-full e-flex e-con e-parent\" data-id=\"iwgs-roterfaden-s2box\" data-element_type=\"container\" data-e-type=\"container\">\n\t\t\t\t<div class=\"elementor-element elementor-element-iwgs-roterfaden-s2t elementor-widget elementor-widget-text-editor\" data-id=\"iwgs-roterfaden-s2t\" data-element_type=\"widget\" data-e-type=\"widget\" data-widget_type=\"text-editor.default\">\n\t\t\t\t\t\t\t\t\t<p>Rau\u00f0i \u00fer\u00e1\u00f0urinn var\u00f0 \u00feekktur einkum \u00ed tengslum vi\u00f0 <span class=\"iwg-fachbegriff\" data-tooltip=\"Stefna innan gy\u00f0inglegrar dulspeki me\u00f0 h\u00f6fu\u00f0ritum \u00e1 bor\u00f0 vi\u00f0 Sefer Jezira og Sohar.\" tabindex=\"0\">Kabbala<\/span>. <span class=\"iwg-fachbegriff\" data-tooltip=\"Stefna innan gy\u00f0inglegrar dulspeki me\u00f0 h\u00f6fu\u00f0ritum \u00e1 bor\u00f0 vi\u00f0 Sefer Jezira og Sohar.\" tabindex=\"0\">Kabbala<\/span> er dulspekileg stefna innan gy\u00f0ingd\u00f3ms sem f\u00e6st vi\u00f0 hina duldu merkingu heilagra rita og e\u00f0li Gu\u00f0s. \u00cd hinu al\u00fe\u00fd\u00f0lega umhverfi hennar ur\u00f0u til fj\u00f6lmargir verndarsi\u00f0ir.<\/p><p>Rau\u00f0i \u00fer\u00e1\u00f0urinn tilheyrir \u00feessum al\u00fe\u00fd\u00f0legu, kabbal\u00edskt m\u00f3tu\u00f0u si\u00f0um. Hann er ekki l\u00e6rd\u00f3mskenning hinnar l\u00e6r\u00f0u <span class=\"iwg-fachbegriff\" data-tooltip=\"Stefna innan gy\u00f0inglegrar dulspeki me\u00f0 h\u00f6fu\u00f0ritum \u00e1 bor\u00f0 vi\u00f0 Sefer Jezira og Sohar.\" tabindex=\"0\">Kabbala<\/span>, heldur i\u00f0kun sem \u00fer\u00f3a\u00f0ist \u00ed umhverfi \u00feessarar stefnu. Sl\u00edkir si\u00f0ir tengja dulspekilegar hugmyndir vi\u00f0 \u00fearfir hversdagsl\u00edfsins, til d\u00e6mis \u00f3skina um vernd.<\/p><p>\u00c1 undanf\u00f6rnum \u00e1ratugum hefur rau\u00f0i \u00fer\u00e1\u00f0urinn brei\u00f0st mj\u00f6g \u00fat. Stofnanir sem mi\u00f0lu\u00f0u kabbal\u00edskum hugmyndum til brei\u00f0s h\u00f3ps almennings ger\u00f0u <span class=\"iwg-fachbegriff\" data-tooltip=\"Hef\u00f0bundin ath\u00f6fn sem er endurtekin reglulega innan samf\u00e9lags.\" tabindex=\"0\">si\u00f0inn<\/span> \u00feekktan \u00e1 al\u00fej\u00f3\u00f0av\u00edsu. \u00deekktir einstaklingar sem b\u00e1ru rau\u00f0a \u00fer\u00e1\u00f0inn stu\u00f0lu\u00f0u enn frekar a\u00f0 \u00fatbrei\u00f0slu hans.<\/p><p>\u00deessi n\u00fat\u00edmalega \u00feekking m\u00e1 \u00fe\u00f3 ekki villa um fyrir f\u00f3lki var\u00f0andi aldur si\u00f0arins. S\u00fa \u00fatg\u00e1fa af rau\u00f0a \u00fer\u00e6\u00f0inum sem n\u00fa er \u00fatbreidd er ung fyrirb\u00e6ri. <span class=\"iwg-fachbegriff\" data-tooltip=\"Hef\u00f0bundin ath\u00f6fn sem er endurtekin reglulega innan samf\u00e9lags.\" tabindex=\"0\">Si\u00f0urinn<\/span> \u00ed sinni n\u00faverandi mynd hefur a\u00f0eins \u00e1 s\u00ed\u00f0ari t\u00edmum or\u00f0i\u00f0 almennt s\u00fdnilegur, \u00fe\u00f3tt hann s\u00e6ki \u00ed eldri hugmyndir.<\/p><p><span class=\"iwg-fachbegriff\" data-tooltip=\"Stefna innan gy\u00f0inglegrar dulspeki me\u00f0 h\u00f6fu\u00f0ritum \u00e1 bor\u00f0 vi\u00f0 Sefer Jezira og Sohar.\" tabindex=\"0\">Kabbala<\/span> fjallar me\u00f0al annars um hinar duldu lei\u00f0ir sem gu\u00f0legur <span class=\"iwg-fachbegriff\" data-tooltip=\"Yfirl\u00fdsing um heill og vernd, oft \u00ed f\u00f6stu m\u00e1lformi.\" tabindex=\"0\">blessun<\/span> berst inn \u00ed heiminn. \u00cd hinu al\u00fe\u00fd\u00f0lega umhverfi hennar ur\u00f0u til fj\u00f6lmargir si\u00f0ir sem \u00e1ttu a\u00f0 n\u00fdta \u00feessa <span class=\"iwg-fachbegriff\" data-tooltip=\"Yfirl\u00fdsing um heill og vernd, oft \u00ed f\u00f6stu m\u00e1lformi.\" tabindex=\"0\">blessun<\/span> \u00ed hversdagsl\u00edfinu. Rau\u00f0i \u00fer\u00e1\u00f0urinn er sl\u00edkur <span class=\"iwg-fachbegriff\" data-tooltip=\"Hef\u00f0bundin ath\u00f6fn sem er endurtekin reglulega innan samf\u00e9lags.\" tabindex=\"0\">si\u00f0ur<\/span> sem tengir saman dulspekilega hugmynd og hagn\u00fdta \u00fe\u00f6rf fyrir vernd.<\/p>\t\t\t\t\t\t\t\t<\/div>\n\t\t\t\t<\/div>\n\t\t\t\t\t<\/div>\n\t\t\t\t<\/div>\n\t\t<div class=\"elementor-element elementor-element-iwgs-roterfaden-s3 e-flex e-con-boxed e-con e-parent\" data-id=\"iwgs-roterfaden-s3\" data-element_type=\"container\" data-e-type=\"container\">\n\t\t\t\t\t<div class=\"e-con-inner\">\n\t\t\t\t<div class=\"elementor-element elementor-element-iwgs-roterfaden-s3h elementor-widget elementor-widget-heading\" data-id=\"iwgs-roterfaden-s3h\" data-element_type=\"widget\" data-e-type=\"widget\" data-widget_type=\"heading.default\">\n\t\t\t\t\t<h2 class=\"elementor-heading-title elementor-size-default\">Gr\u00f6f Rakelar<\/h2>\t\t\t\t<\/div>\n\t\t<div class=\"elementor-element elementor-element-iwgs-roterfaden-s3box e-con-full e-flex e-con e-parent\" data-id=\"iwgs-roterfaden-s3box\" data-element_type=\"container\" data-e-type=\"container\">\n\t\t\t\t<div class=\"elementor-element elementor-element-iwgs-roterfaden-s3t elementor-widget elementor-widget-text-editor\" data-id=\"iwgs-roterfaden-s3t\" data-element_type=\"widget\" data-e-type=\"widget\" data-widget_type=\"text-editor.default\">\n\t\t\t\t\t\t\t\t\t<p>S\u00fa \u00fatg\u00e1fa af rau\u00f0a \u00fer\u00e6\u00f0inum sem \u00feekktust er \u00ed dag tengist \u00e1kve\u00f0num sta\u00f0, gr\u00f6f Rakelar. Rakel er ein af \u00e6ttm\u00e6\u00f0rum \u00cdsraels og gr\u00f6f hennar, samkv\u00e6mt hef\u00f0, er sta\u00f0sett n\u00e1l\u00e6gt Betlehem. \u00deetta er mikilv\u00e6gur sta\u00f0ur \u00ed gy\u00f0inglegri <span class=\"iwg-fachbegriff\" data-tooltip=\"Hin lifa\u00f0a tr\u00faarlega afsta\u00f0a og i\u00f0kun einstaklings.\" tabindex=\"0\">gu\u00f0r\u00e6kni<\/span>.<\/p><p>Samkv\u00e6mt \u00fatbreiddum <span class=\"iwg-fachbegriff\" data-tooltip=\"Hef\u00f0bundin ath\u00f6fn sem er endurtekin reglulega innan samf\u00e9lags.\" tabindex=\"0\">si\u00f0<\/span> er rau\u00f0um \u00fer\u00e6\u00f0i vafi\u00f0 um \u00feessa gr\u00f6f. Me\u00f0 \u00feessari snertingu vi\u00f0 hinn heilaga sta\u00f0 \u00e1 \u00fer\u00e1\u00f0urinn a\u00f0 \u00f6\u00f0last verndandi kraft. A\u00f0 \u00fev\u00ed loknu er langi \u00fer\u00e1\u00f0urinn skorinn \u00ed stutta b\u00fata sem \u00fej\u00f3na sem einst\u00f6k verndarb\u00f6nd.<\/p><p>\u00deessir einst\u00f6ku b\u00fatar eru s\u00ed\u00f0an bornir sem armband e\u00f0a gefnir \u00e1fram. Tengingin vi\u00f0 gr\u00f6f Rakelar gefur \u00fer\u00e6\u00f0inum s\u00e9rstaka merkingu hans. Hann er ekki lengur bara rau\u00f0ur ullar\u00fer\u00e1\u00f0ur, heldur band sem tengt er virtum sta\u00f0.<\/p><p>\u00deessi <span class=\"iwg-fachbegriff\" data-tooltip=\"Hef\u00f0bundin ath\u00f6fn sem er endurtekin reglulega innan samf\u00e9lags.\" tabindex=\"0\">si\u00f0ur<\/span> s\u00fdnir endurteki\u00f0 mynstur \u00ed fr\u00e6\u00f0um um verndargripi. Hlutur \u00f6\u00f0last kraft sinn me\u00f0 snertingu vi\u00f0 heilagan sta\u00f0 e\u00f0a heilaga pers\u00f3nu. Einnig \u00ed \u00f6\u00f0rum hef\u00f0um eru b\u00f6nd, kl\u00fatar og litlir hlutir <span class=\"iwg-fachbegriff\" data-tooltip=\"V\u00edgt \u00ed gegnum tr\u00faarlega ath\u00f6fn og \u00feannig hafi\u00f0 yfir hi\u00f0 hversdagslega.\" tabindex=\"0\">v\u00edg\u00f0ir<\/span> vi\u00f0 grafir og helgista\u00f0i. Rau\u00f0i \u00fer\u00e1\u00f0urinn fr\u00e1 gr\u00f6f Rakelar fylgir \u00feessu mynstri.<\/p><p>Rakel er \u00ed gy\u00f0inglegri <span class=\"iwg-fachbegriff\" data-tooltip=\"Mi\u00f0lun \u00feekkingar og fr\u00e1sagna milli kynsl\u00f3\u00f0a.\" tabindex=\"0\">hef\u00f0<\/span> talin hin gr\u00e1tandi m\u00f3\u00f0ir sem ber fyrir b\u00f6rnum s\u00ednum og hefur \u00ed frammi \u00e1rna\u00f0aror\u00f0. \u00deessi hugmynd gerir gr\u00f6f hennar a\u00f0 sta\u00f0 huggunar og b\u00e6nar. Rau\u00f0i \u00fer\u00e1\u00f0urinn, sem tengdur er \u00feessum sta\u00f0, tekur \u00ed sig eitthva\u00f0 af \u00feessari m\u00f3\u00f0urlegu umhyggju.<\/p>\t\t\t\t\t\t\t\t<\/div>\n\t\t\t\t<\/div>\n\t\t\t\t\t<\/div>\n\t\t\t\t<\/div>\n\t\t<div class=\"elementor-element elementor-element-iwgs-roterfaden-s4 e-flex e-con-boxed e-con e-parent\" data-id=\"iwgs-roterfaden-s4\" data-element_type=\"container\" data-e-type=\"container\">\n\t\t\t\t\t<div class=\"e-con-inner\">\n\t\t\t\t<div class=\"elementor-element elementor-element-iwgs-roterfaden-s4h elementor-widget elementor-widget-heading\" data-id=\"iwgs-roterfaden-s4h\" data-element_type=\"widget\" data-e-type=\"widget\" data-widget_type=\"heading.default\">\n\t\t\t\t\t<h2 class=\"elementor-heading-title elementor-size-default\">Borinn \u00e1 vinstri \u00falnli\u00f0<\/h2>\t\t\t\t<\/div>\n\t\t<div class=\"elementor-element elementor-element-iwgs-roterfaden-s4box e-con-full e-flex e-con e-parent\" data-id=\"iwgs-roterfaden-s4box\" data-element_type=\"container\" data-e-type=\"container\">\n\t\t\t\t<div class=\"elementor-element elementor-element-iwgs-roterfaden-s4t elementor-widget elementor-widget-text-editor\" data-id=\"iwgs-roterfaden-s4t\" data-element_type=\"widget\" data-e-type=\"widget\" data-widget_type=\"text-editor.default\">\n\t\t\t\t\t\t\t\t\t<p>Rau\u00f0i \u00fer\u00e1\u00f0urinn er samkv\u00e6mt algengri hugmynd borinn \u00e1 vinstri \u00falnli\u00f0. \u00deessi \u00e1kv\u00f6r\u00f0un er engin tilviljun. \u00cd kabbal\u00edskri hugmyndaheild er vinstri hli\u00f0in s\u00fa hli\u00f0 mannsins sem tekur \u00e1 m\u00f3ti.<\/p><p>H\u00e6gri og vinstri hli\u00f0in bera \u00ed \u00feessari hugsun \u00f3l\u00edka merkingu. H\u00e6gri hli\u00f0in er talin s\u00fa sem gefur, vinstri hli\u00f0in s\u00fa sem tekur \u00e1 m\u00f3ti. S\u00e1 sem vill taka \u00e1 m\u00f3ti verndun og <span class=\"iwg-fachbegriff\" data-tooltip=\"\u00c1varpandi or\u00f0 um heill og vernd, oft \u00ed fastri m\u00e1lmynd.\" tabindex=\"0\">blessun<\/span> ber t\u00e1kni\u00f0 \u00feess vegna \u00e1 \u00feeirri hli\u00f0 sem tengist \u00fev\u00ed a\u00f0 taka \u00e1 m\u00f3ti.<\/p><p>Me\u00f0 \u00fev\u00ed a\u00f0 setja \u00fer\u00e1\u00f0inn \u00e1 sig eru oft tengdar stuttar b\u00e6nir e\u00f0a blessunaror\u00f0. Bandi\u00f0 er \u00fe\u00e1 oftast bundi\u00f0 me\u00f0 nokkrum hn\u00fatum. Hn\u00fatarnir hafa einnig merkingu, \u00fev\u00ed hn\u00fdting og binding tilheyra \u00ed m\u00f6rgum hef\u00f0um \u00feeim ath\u00f6fnum sem verndun er fest me\u00f0.<\/p><p>\u00deessar n\u00e1kv\u00e6mu reglur, hli\u00f0in, hn\u00fatarnir, or\u00f0in sem fylgja, s\u00fdna a\u00f0 rau\u00f0i \u00fer\u00e1\u00f0urinn er meira en einfalt band. Hann er hluti af skipulegri i\u00f0kun. R\u00e9ttur b\u00fana\u00f0ur tilheyrir, samkv\u00e6mt hugmynd si\u00f0arins, virkni verndunarinnar.<\/p><p>\u00deegar rau\u00f0i \u00fer\u00e1\u00f0urinn er settur \u00e1 sig eru oft hn\u00fdttir sj\u00f6 hn\u00fatar, og vi\u00f0 hvern hn\u00fat m\u00e1 fara me\u00f0 blessunaror\u00f0. Talan sj\u00f6 er \u00ed m\u00f6rgum hef\u00f0um talin merkingar\u00ferungin. A\u00f0 hn\u00fdta hn\u00fatana er ekki aukaatri\u00f0i, \u00fev\u00ed binding og festing tilheyra \u00feeim algengu ath\u00f6fnum sem verndari\u00f0kun byggir \u00e1.<\/p>\t\t\t\t\t\t\t\t<\/div>\n\t\t\t\t<\/div>\n\t\t\t\t\t<\/div>\n\t\t\t\t<\/div>\n\t\t<div class=\"elementor-element elementor-element-iwgs-roterfaden-s5 e-flex e-con-boxed e-con e-parent\" data-id=\"iwgs-roterfaden-s5\" data-element_type=\"container\" data-e-type=\"container\">\n\t\t\t\t\t<div class=\"e-con-inner\">\n\t\t\t\t<div class=\"elementor-element elementor-element-iwgs-roterfaden-s5h elementor-widget elementor-widget-heading\" data-id=\"iwgs-roterfaden-s5h\" data-element_type=\"widget\" data-e-type=\"widget\" data-widget_type=\"heading.default\">\n\t\t\t\t\t<h2 class=\"elementor-heading-title elementor-size-default\">Vernd gegn hinu illa auga<\/h2>\t\t\t\t<\/div>\n\t\t<div class=\"elementor-element elementor-element-iwgs-roterfaden-s5box e-con-full e-flex e-con e-parent\" data-id=\"iwgs-roterfaden-s5box\" data-element_type=\"container\" data-e-type=\"container\">\n\t\t\t\t<div class=\"elementor-element elementor-element-iwgs-roterfaden-s5t elementor-widget elementor-widget-text-editor\" data-id=\"iwgs-roterfaden-s5t\" data-element_type=\"widget\" data-e-type=\"widget\" data-widget_type=\"text-editor.default\">\n\t\t\t\t\t\t\t\t\t<p>A\u00f0alhlutverk rau\u00f0a \u00fer\u00e1\u00f0arins er a\u00f0 verjast hinu illa auga. Hi\u00f0 illa auga er s\u00fa hugmynd a\u00f0 augnar\u00e1\u00f0 geti valdi\u00f0 ska\u00f0a, oft bori\u00f0 uppi af \u00f6fund. S\u00e1 sem l\u00edtur \u00e1 eitthva\u00f0 fagurt, heilbrigt e\u00f0a fars\u00e6lt me\u00f0 \u00f6fund getur, samkv\u00e6mt \u00feessari hugmynd, valdi\u00f0 \u00fev\u00ed ska\u00f0a.<\/p><p>Rau\u00f0i \u00fer\u00e1\u00f0urinn vinnur \u00e1 m\u00f3ti \u00feessum ska\u00f0a. Sem \u00e1berandi rautt t\u00e1kn um \u00falnli\u00f0inn \u00e1 hann a\u00f0 draga augnar\u00e1\u00f0i\u00f0 a\u00f0 s\u00e9r og taka vi\u00f0 ska\u00f0legum krafti \u00feess. \u00deannig sn\u00fdst athyglin a\u00f0 rau\u00f0a bandinu, \u00ed sta\u00f0 \u00feess a\u00f0 h\u00fan hitti \u00feann sem vernda\u00f0ur er.<\/p><p>\u00deessu virkni-e\u00f0li deilir rau\u00f0i \u00fer\u00e1\u00f0urinn me\u00f0 \u00f6\u00f0rum verndargripum gegn hinu illa auga. Bl\u00e1i <a href=\"https:\/\/iwell-guard.com\/is\/?page_id=169125\">Nazar Boncu\u011fu<\/a>-gripurinn vinnur einnig me\u00f0 a\u00f0dr\u00e1ttarafl augnar\u00e1\u00f0sins. B\u00e6\u00f0i fyrirb\u00e6rin byggja \u00e1 \u00feeirri hugmynd a\u00f0 stilla \u00e1berandi hlut upp \u00e1 m\u00f3ti hinu ska\u00f0lega augnar\u00e1\u00f0i, sem dregur \u00fea\u00f0 a\u00f0 s\u00e9r og bindur \u00fea\u00f0.<\/p><p>Rau\u00f0i \u00fer\u00e1\u00f0urinn heyrir \u00feannig til st\u00f3rrar, menningarlega v\u00ed\u00f0t\u00e6krar fj\u00f6lskyldu. Tr\u00fain \u00e1 illa auga\u00f0 er \u00fatbreidd um allt Mi\u00f0jar\u00f0arhafssv\u00e6\u00f0i\u00f0 og Austurl\u00f6nd n\u00e6r, me\u00f0al Gy\u00f0inga, kristinna manna og m\u00faslima. Rau\u00f0i \u00fer\u00e1\u00f0urinn er eitt af einf\u00f6ldustu og \u00fatbreiddustu sv\u00f6runum vi\u00f0 \u00feessari fornu \u00e1hyggju.<\/p><p>\u00cd \u00fej\u00f3\u00f0tr\u00fa er illa auga\u00f0 oft tengt \u00f6fund. \u00deeir sem draga a\u00f0 s\u00e9r athygli og a\u00f0d\u00e1un \u00feykja \u00fev\u00ed s\u00e9rstaklega berskjalda\u00f0ir. Rau\u00f0i \u00fer\u00e1\u00f0urinn er \u00feess vegna gjarnan bundinn \u00e1 l\u00edtil b\u00f6rn, \u00feunga\u00f0ar konur og f\u00f3lk \u00e1 g\u00e6fus\u00f6mum t\u00edmabilum l\u00edfsins, enda \u00feykja \u00feau s\u00e9rlega s\u00fdnileg.<\/p>\t\t\t\t\t\t\t\t<\/div>\n\t\t\t\t<\/div>\n\t\t\t\t\t<\/div>\n\t\t\t\t<\/div>\n\t\t<div class=\"elementor-element elementor-element-iwgs-roterfaden-s6 e-flex e-con-boxed e-con e-parent\" data-id=\"iwgs-roterfaden-s6\" data-element_type=\"container\" data-e-type=\"container\">\n\t\t\t\t\t<div class=\"e-con-inner\">\n\t\t\t\t<div class=\"elementor-element elementor-element-iwgs-roterfaden-s6h elementor-widget elementor-widget-heading\" data-id=\"iwgs-roterfaden-s6h\" data-element_type=\"widget\" data-e-type=\"widget\" data-widget_type=\"heading.default\">\n\t\t\t\t\t<h2 class=\"elementor-heading-title elementor-size-default\">Rau\u00f0ir \u00fer\u00e6\u00f0ir \u00ed \u00f6\u00f0rum menningarheimum<\/h2>\t\t\t\t<\/div>\n\t\t<div class=\"elementor-element elementor-element-iwgs-roterfaden-s6box e-con-full e-flex e-con e-parent\" data-id=\"iwgs-roterfaden-s6box\" data-element_type=\"container\" data-e-type=\"container\">\n\t\t\t\t<div class=\"elementor-element elementor-element-iwgs-roterfaden-s6t elementor-widget elementor-widget-text-editor\" data-id=\"iwgs-roterfaden-s6t\" data-element_type=\"widget\" data-e-type=\"widget\" data-widget_type=\"text-editor.default\">\n\t\t\t\t\t\t\t\t\t<p>Rau\u00f0i verndar\u00fer\u00e1\u00f0urinn er engan veginn bundinn vi\u00f0 hi\u00f0 gy\u00f0inglega umhverfi. \u00cd mj\u00f6g m\u00f6rgum menningarheimum eru rau\u00f0ir \u00fer\u00e6\u00f0ir og b\u00f6nd borin sem vernd. \u00deessi v\u00ed\u00f0t\u00e6ka \u00fatbrei\u00f0sla er mikilv\u00e6g v\u00edsbending um aldur og almenna e\u00f0li hugmyndarinnar.<\/p><p>\u00cd hind\u00fa\u00edskri hef\u00f0 eru v\u00edg\u00f0ir \u00fer\u00e6\u00f0ir bundnir um \u00falnli\u00f0inn, oft \u00ed rau\u00f0um og gulum t\u00f3num. \u00deeir eru bundnir vi\u00f0 tr\u00faarathafnir og teljast t\u00e1kn blessunar og verndar. H\u00e9r er \u00fer\u00e1\u00f0urinn einnig einfaldur verndargripur sem borinn er \u00e1 l\u00edkamanum.<\/p><p>\u00cd slavneskum og \u00f6\u00f0rum evr\u00f3pskum hef\u00f0um eru rau\u00f0ir \u00fer\u00e6\u00f0ir einnig \u00feekktir sem vernd fyrir b\u00f6rn og b\u00faf\u00e9na\u00f0. \u00cd hlutum Austur-As\u00edu leika rau\u00f0ar sn\u00farur hlutverk \u00ed eigin hugmyndum. Sm\u00e1atri\u00f0in eru mismunandi, en grunnhugmyndin er sl\u00e1andi l\u00edk.<\/p><p>\u00deessi \u00fatbrei\u00f0sla \u00fevert \u00e1 menningarheima s\u00fdnir a\u00f0 rau\u00f0i \u00fer\u00e1\u00f0urinn byggir \u00e1 mj\u00f6g grundvallandi hugmynd. Tengingin milli rau\u00f0s litar og verndar er ekki eigindi einnar menningar. Rau\u00f0i \u00fer\u00e1\u00f0urinn \u00ed kabbal\u00edskri hef\u00f0 er s\u00e9rst\u00f6k birtingarmynd af verndarsi\u00f0 sem er \u00fatbreiddur um allan heim.<\/p><p>Sk\u00fdrt d\u00e6mi um skyldleika si\u00f0anna er hind\u00fa\u00edski verndar\u00fer\u00e1\u00f0urinn, sem bundinn er um \u00falnli\u00f0inn vi\u00f0 tr\u00faarathafnir. Hann er oftast rau\u00f0ur e\u00f0a rau\u00f0-gulur og fylgir svipa\u00f0ri hugmynd. Sl\u00edkar hli\u00f0st\u00e6\u00f0ur s\u00fdna a\u00f0 rau\u00f0i verndar\u00fer\u00e1\u00f0urinn hv\u00edlir \u00e1 mj\u00f6g v\u00ed\u00f0t\u00e6kum, menningarlega samfelldum grunni.<\/p>\t\t\t\t\t\t\t\t<\/div>\n\t\t\t\t<\/div>\n\t\t\t\t\t<\/div>\n\t\t\t\t<\/div>\n\t\t<div class=\"elementor-element elementor-element-iwgs-roterfaden-s7 e-flex e-con-boxed e-con e-parent\" data-id=\"iwgs-roterfaden-s7\" data-element_type=\"container\" data-e-type=\"container\">\n\t\t\t\t\t<div class=\"e-con-inner\">\n\t\t\t\t<div class=\"elementor-element elementor-element-iwgs-roterfaden-s7h elementor-widget elementor-widget-heading\" data-id=\"iwgs-roterfaden-s7h\" data-element_type=\"widget\" data-e-type=\"widget\" data-widget_type=\"heading.default\">\n\t\t\t\t\t<h2 class=\"elementor-heading-title elementor-size-default\">Fornar r\u00e6tur og \u00fatbrei\u00f0sla n\u00fat\u00edmans<\/h2>\t\t\t\t<\/div>\n\t\t<div class=\"elementor-element elementor-element-iwgs-roterfaden-s7box e-con-full e-flex e-con e-parent\" data-id=\"iwgs-roterfaden-s7box\" data-element_type=\"container\" data-e-type=\"container\">\n\t\t\t\t<div class=\"elementor-element elementor-element-iwgs-roterfaden-s7t elementor-widget elementor-widget-text-editor\" data-id=\"iwgs-roterfaden-s7t\" data-element_type=\"widget\" data-e-type=\"widget\" data-widget_type=\"text-editor.default\">\n\t\t\t\t\t\t\t\t\t<p>Vi\u00f0 umfj\u00f6llun um rau\u00f0a \u00fer\u00e1\u00f0inn er mikilv\u00e6gt a\u00f0 greina \u00e1 milli tveggja \u00fe\u00e1tta. Annar snertir hinar fornu r\u00e6tur, hinn snertir \u00fatbrei\u00f0slu n\u00fat\u00edmans. \u00deeir tengjast, en eru ekki eitt og hi\u00f0 sama.<\/p><p>Fornu r\u00e6turnar liggja \u00ed hugmyndinni um verndarkraft rau\u00f0a litarins og \u00ed hef\u00f0bundnum si\u00f0um a\u00f0 verjast \u00f3l\u00e1ni me\u00f0 rau\u00f0um \u00fer\u00e1\u00f0um. Hebreska bibl\u00edan nefnir jafnframt rau\u00f0a e\u00f0a skarlatslita\u00f0a \u00fer\u00e1\u00f0inn \u00ed einst\u00f6kum samhengjum. Grunnhugmyndin er \u00feannig forn og vel sta\u00f0fest.<\/p><p>\u00datbrei\u00f0sla n\u00fat\u00edmans snertir aftur \u00e1 m\u00f3ti \u00fe\u00e1 mynd sem \u00feekkt er \u00ed dag, armbandi\u00f0 fr\u00e1 gr\u00f6f Rakelar. \u00deessi tiltekna birtingarmynd si\u00f0arins hefur einungis or\u00f0i\u00f0 v\u00ed\u00f0a s\u00fdnileg \u00e1 s\u00ed\u00f0ustu \u00e1ratugum. H\u00fan m\u00e1 a\u00f0 miklu leyti \u00feakka mi\u00f0lun kabbal\u00edskra hugmynda til brei\u00f0s, al\u00fej\u00f3\u00f0legs \u00e1heyrenda.<\/p><p>N\u00e1kv\u00e6m framsetning heldur \u00feessum tveimur \u00fe\u00e1ttum a\u00f0greindum. H\u00fan vi\u00f0urkennir fornar r\u00e6tur rau\u00f0a verndar\u00fer\u00e1\u00f0arins og bendir samt\u00edmis \u00e1 a\u00f0 n\u00faverandi, v\u00ed\u00f0kunna myndin s\u00e9 ung. \u00deannig ver\u00f0ur rau\u00f0i \u00fer\u00e1\u00f0urinn hvorki ger\u00f0ur eldri \u00ed lj\u00f3si rangrar s\u00f6gu, n\u00e9 merking hans skorin ni\u00f0ur.<\/p><p>Hebreska bibl\u00edan nefnir skarlatslita\u00f0an \u00fer\u00e1\u00f0 \u00ed einst\u00f6kum fr\u00e1s\u00f6gnum, til d\u00e6mis sem merki \u00e1 glugga e\u00f0a \u00e1 hendi. \u00deessar tilv\u00edsanir s\u00fdna a\u00f0 rau\u00f0i \u00fer\u00e1\u00f0urinn sem \u00fe\u00fd\u00f0ingarmiki\u00f0 t\u00e1kn er fornt. \u00de\u00e6r m\u00e1 \u00fe\u00f3 ekki jafna vi\u00f0 n\u00fat\u00edma verndarbandi\u00f0, sem er s\u00ed\u00f0ari birtingarmynd.<\/p>\t\t\t\t\t\t\t\t<\/div>\n\t\t\t\t<\/div>\n\t\t\t\t\t<\/div>\n\t\t\t\t<\/div>\n\t\t<div class=\"elementor-element elementor-element-iwgs-roterfaden-s8 e-flex e-con-boxed e-con e-parent\" data-id=\"iwgs-roterfaden-s8\" data-element_type=\"container\" data-e-type=\"container\">\n\t\t\t\t\t<div class=\"e-con-inner\">\n\t\t\t\t<div class=\"elementor-element elementor-element-iwgs-roterfaden-s8h elementor-widget elementor-widget-heading\" data-id=\"iwgs-roterfaden-s8h\" data-element_type=\"widget\" data-e-type=\"widget\" data-widget_type=\"heading.default\">\n\t\t\t\t\t<h2 class=\"elementor-heading-title elementor-size-default\">M\u00f3tt\u00f6kur \u00ed dag<\/h2>\t\t\t\t<\/div>\n\t\t<div class=\"elementor-element elementor-element-iwgs-roterfaden-s8box e-con-full e-flex e-con e-parent\" data-id=\"iwgs-roterfaden-s8box\" data-element_type=\"container\" data-e-type=\"container\">\n\t\t\t\t<div class=\"elementor-element elementor-element-iwgs-roterfaden-s8t elementor-widget elementor-widget-text-editor\" data-id=\"iwgs-roterfaden-s8t\" data-element_type=\"widget\" data-e-type=\"widget\" data-widget_type=\"text-editor.default\">\n\t\t\t\t\t\t\t\t\t<p>Rau\u00f0i \u00fer\u00e1\u00f0urinn er \u00ed dag \u00fatbreiddur um allan heim. Sem einfalt rautt armband er hann au\u00f0velt a\u00f0 gera, au\u00f0velt a\u00f0 bera og skiljanlegur \u00fevert \u00e1 menningarleg m\u00f6rk. \u00deessi einfaldleiki hefur haft miki\u00f0 v\u00e6gi \u00ed hra\u00f0ri \u00fatbrei\u00f0slu hans.<\/p><p>Fyrir einum er rau\u00f0i \u00fer\u00e1\u00f0urinn t\u00e1kn me\u00f0 lj\u00f3san tr\u00faarlegan og kabbal\u00edskan bakgrunn. Fyrir \u00f6\u00f0rum hefur hann or\u00f0i\u00f0 almennt verndar- og g\u00e6fuband, bori\u00f0 \u00e1n n\u00e1kv\u00e6mrar vitneskju um uppruna sinn. \u00cd t\u00edsku birtist rau\u00f0a bandi\u00f0 oft einfaldlega sem skartgripur.<\/p><p>\u00deessi merkingarbreyting s\u00e9st oft hj\u00e1 \u00fatbreiddum verndart\u00e1knum. \u00dar t\u00e1kni me\u00f0 fasta tr\u00faarlega merkingu ver\u00f0ur almennt t\u00e1kn fyrir vernd, g\u00e6fu e\u00f0a \u00e1kve\u00f0i\u00f0 andlegt vi\u00f0horf. Rau\u00f0i \u00fer\u00e1\u00f0urinn hefur fari\u00f0 \u00feessa lei\u00f0 \u00e1 sk\u00f6mmum t\u00edma.<\/p><p>\u00cd grunninn er rau\u00f0i \u00fer\u00e1\u00f0urinn \u00fe\u00f3 \u00e1fram \u00fea\u00f0 sem hann hefur alltaf veri\u00f0, einfalt lita\u00f0 verndarband. Hann minnir \u00e1 a\u00f0 verndart\u00e1kn \u00feurfa ekki a\u00f0 vera d\u00fdrm\u00e6t e\u00f0a listfengilega ger\u00f0. \u00deunnur rau\u00f0ur \u00fer\u00e1\u00f0ur um \u00falnli\u00f0inn n\u00e6gir til a\u00f0 birta mj\u00f6g forna og v\u00ed\u00f0t\u00e6ka hugmynd.<\/p><p>Kostur rau\u00f0a \u00fer\u00e1\u00f0arins \u00ed dag er hversu l\u00e1tlaus hann er. Hann leggst \u00f3\u00e1berandi a\u00f0 \u00falnli\u00f0num og passar \u00feannig einnig inn \u00ed n\u00fat\u00edmalegan hversdag, \u00fear sem \u00e1berandi skartgripir eru ekki alls sta\u00f0ar velkomnir. \u00deessi hlj\u00f3\u00f0l\u00e1ta n\u00e6rvera hefur \u00e1tt sinn \u00fe\u00e1tt \u00ed vi\u00f0varandi vins\u00e6ldum \u00feessa einfalda bands.<\/p>\t\t\t\t\t\t\t\t<\/div>\n\t\t\t\t<\/div>\n\t\t\t\t\t<\/div>\n\t\t\t\t<\/div>\n\t\t<div class=\"elementor-element elementor-element-iwgs-roterfaden-lit e-flex e-con-boxed e-con e-parent\" data-id=\"iwgs-roterfaden-lit\" data-element_type=\"container\" data-e-type=\"container\">\n\t\t\t\t\t<div class=\"e-con-inner\">\n\t\t\t\t<div class=\"elementor-element elementor-element-iwgs-roterfaden-lith elementor-widget elementor-widget-heading\" data-id=\"iwgs-roterfaden-lith\" data-element_type=\"widget\" data-e-type=\"widget\" data-widget_type=\"heading.default\">\n\t\t\t\t\t<h2 class=\"elementor-heading-title elementor-size-default\">Heimildir (\u00farval)<\/h2>\t\t\t\t<\/div>\n\t\t<div class=\"elementor-element elementor-element-iwgs-roterfaden-litbox e-con-full e-flex e-con e-parent\" data-id=\"iwgs-roterfaden-litbox\" data-element_type=\"container\" data-e-type=\"container\">\n\t\t\t\t<div class=\"elementor-element elementor-element-iwgs-roterfaden-litt elementor-widget elementor-widget-html\" data-id=\"iwgs-roterfaden-litt\" data-element_type=\"widget\" data-e-type=\"widget\" data-widget_type=\"html.default\">\n\t\t\t\t\t<footer data-nosnippet=\"true\"><ul><li>Joshua Trachtenberg: <em>Jewish Magic and Superstition<\/em> (1939)<\/li><li>Alan Dundes (Hrsg.): <em>The Evil Eye. A Casebook<\/em> (1981)<\/li><li>T. Schrire: <em>Hebrew Amulets<\/em> (1966)<\/li><li>Siegfried Seligmann: <em>Der b\u00f6se Blick und Verwandtes<\/em> (1910)<\/li><li>Lexikon des Judentums, greinar um \u00fej\u00f3\u00f0si\u00f0i og verndargripi<\/li><\/ul><\/footer>\t\t\t\t<\/div>\n\t\t\t\t<\/div>\n\t\t\t\t\t<\/div>\n\t\t\t\t<\/div>\n\t\t<div class=\"elementor-element elementor-element-iwgs-roterfaden-kwd e-flex e-con-boxed e-con e-parent\" data-id=\"iwgs-roterfaden-kwd\" data-element_type=\"container\" data-e-type=\"container\">\n\t\t\t\t\t<div class=\"e-con-inner\">\n\t\t\t\t<div class=\"elementor-element elementor-element-iwgs-roterfaden-kwdt elementor-widget elementor-widget-text-editor\" data-id=\"iwgs-roterfaden-kwdt\" data-element_type=\"widget\" data-e-type=\"widget\" data-widget_type=\"text-editor.default\">\n\t\t\t\t\t\t\t\t\t<p><em>Tengd leitaror\u00f0: rau\u00f0ur \u00fer\u00e1\u00f0ur verndarband <span class=\"iwg-fachbegriff\" data-tooltip=\"\u00datbreidd hugmynd um a\u00f0 \u00f6fundsj\u00fakt augnar\u00e1\u00f0 annarrar manneskju geti valdi\u00f0 ska\u00f0a.\" tabindex=\"0\">illt auga<\/span> <span class=\"iwg-fachbegriff\" data-tooltip=\"Stefna innan gy\u00f0inglegrar dulspeki me\u00f0 h\u00f6fu\u00f0ritum eins og Sefer Jezira og Sohar.\" tabindex=\"0\">kabbala<\/span> Rakel \u00falnli\u00f0ur ull verndarlitur rau\u00f0ur.<\/em><\/p>\t\t\t\t\t\t\t\t<\/div>\n\t\t\t\t\t<\/div>\n\t\t\t\t<\/div>\n\t\t<div class=\"elementor-element elementor-element-iwgs-roterfaden-cc e-flex e-con-boxed e-con e-parent\" data-id=\"iwgs-roterfaden-cc\" data-element_type=\"container\" data-e-type=\"container\" id=\"iwg-cc-roter-faden\">\n\t\t\t\t\t<div class=\"e-con-inner\">\n\t\t<div class=\"elementor-element elementor-element-iwgs-roterfaden-ccinner e-flex e-con-boxed e-con e-parent\" data-id=\"iwgs-roterfaden-ccinner\" data-element_type=\"container\" data-e-type=\"container\" data-settings=\"{&quot;background_background&quot;:&quot;classic&quot;}\">\n\t\t\t\t\t<div class=\"e-con-inner\">\n\t\t\t\t<div class=\"elementor-element elementor-element-iwgs-roterfaden-cch elementor-widget elementor-widget-heading\" data-id=\"iwgs-roterfaden-cch\" data-element_type=\"widget\" data-e-type=\"widget\" data-widget_type=\"heading.default\">\n\t\t\t\t\t<h2 class=\"elementor-heading-title elementor-size-default\">iWell Guard og verndarhef\u00f0ir<\/h2>\t\t\t\t<\/div>\n\t\t\t\t<div class=\"elementor-element elementor-element-iwgs-roterfaden-cct elementor-widget elementor-widget-text-editor\" data-id=\"iwgs-roterfaden-cct\" data-element_type=\"widget\" data-e-type=\"widget\" data-widget_type=\"text-editor.default\">\n\t\t\t\t\t\t\t\t\t<p>iWell Guard fylgir hinni menningars\u00f6gulegu hef\u00f0 handh\u00e6gra verndargripa, sem rau\u00f0i \u00fer\u00e1\u00f0urinn tilheyrir einnig. N\u00fat\u00edmalegur fylgihlutur fyrir f\u00f3lk sem lifir me\u00f0 verndart\u00e1knum: framleiddur \u00ed \u00de\u00fdskalandi, 41 l\u00f6g \u00far sk\u00edragulli, plat\u00ednu og silfri, me\u00f0 30 daga skilar\u00e9tti.<\/p>\t\t\t\t\t\t\t\t<\/div>\n\t\t\t\t<div class=\"elementor-element elementor-element-iwgs-roterfaden-ccb iwg-cc-button iwg-cc-cta-2026-05-13 elementor-widget elementor-widget-jet-button\" data-id=\"iwgs-roterfaden-ccb\" data-element_type=\"widget\" data-e-type=\"widget\" data-widget_type=\"jet-button.default\">\n\t\t\t\t<div class=\"elementor-widget-container\">\n\t\t\t\t\t<div class=\"elementor-jet-button jet-elements\"><div class=\"jet-button__container\"><a class=\"jet-button__instance jet-button__instance--icon-left hover-effect-1\" href=\"\/schutzanhaenger-iwell-guard-kaufen\/?utm_source=iwell-guard.com&amp;utm_medium=info-box&amp;utm_campaign=schutzsymbole\"><div class=\"jet-button__plane jet-button__plane-normal\"><\/div><div class=\"jet-button__plane jet-button__plane-hover\"><\/div><div class=\"jet-button__state jet-button__state-normal\"><span class=\"jet-button__label\">Meira um iWell Guard<\/span><\/div><div class=\"jet-button__state jet-button__state-hover\"><span class=\"jet-button__label\">Meira um iWell Guard<\/span><\/div><\/a><\/div><\/div><style>.elementor-element.elementor-element-iwgs-roterfaden-ccb .jet-button__instance{width:320px;height:56px;}.elementor-element.elementor-element-iwgs-roterfaden-ccb .jet-button__state-normal .jet-button__label{text-align:center;margin:0px 0px 0px 0px;color:#1a1b20;font-family:Montserrat,sans-serif;font-size:13px;font-weight:400;letter-spacing:4px;line-height:1.714em;text-transform:uppercase;}.elementor-element.elementor-element-iwgs-roterfaden-ccb .jet-button__state-hover .jet-button__label{text-align:center;margin:0px 0px 0px 0px;color:#FECC76;font-family:Montserrat,sans-serif;font-size:13px;font-weight:400;letter-spacing:4px;line-height:1.714em;text-transform:uppercase;}.elementor-element.elementor-element-iwgs-roterfaden-ccb .jet-button__plane-normal{background-color:#FECC76;border-style:solid;border-color:#C99540;border-width:2px 2px 2px 2px;}.elementor-element.elementor-element-iwgs-roterfaden-ccb .jet-button__plane-hover{background-color:rgba(0,0,0,0.55);border-style:solid;border-color:#FECC76;border-width:2px 2px 2px 2px;}<\/style>\t\t\t\t<\/div>\n\t\t\t\t<\/div>\n\t\t\t\t<div class=\"elementor-element elementor-element-iwgs-roterfaden-ccd elementor-widget elementor-widget-text-editor\" data-id=\"iwgs-roterfaden-ccd\" data-element_type=\"widget\" data-e-type=\"widget\" data-widget_type=\"text-editor.default\">\n\t\t\t\t\t\t\t\t\t<p style=\"text-align:center;font-size:13px;opacity:0.7;margin-top:14px\" data-nosnippet=\"true\">Pers\u00f3nuleg reynsla getur veri\u00f0 mismunandi. Ekki l\u00e6kningat\u00e6ki. Engin lofor\u00f0 um l\u00e6kningu.<\/p>\t\t\t\t\t\t\t\t<\/div>\n\t\t\t\t\t<\/div>\n\t\t\t\t<\/div>\n\t\t\t\t\t<\/div>\n\t\t\t\t<\/div>\n\t\t<div class=\"elementor-element elementor-element-iwgs-roterfaden-disc e-flex e-con-boxed e-con e-parent\" data-id=\"iwgs-roterfaden-disc\" data-element_type=\"container\" data-e-type=\"container\">\n\t\t\t\t\t<div class=\"e-con-inner\">\n\t\t\t\t<div class=\"elementor-element elementor-element-iwgs-roterfaden-discw elementor-widget elementor-widget-html\" data-id=\"iwgs-roterfaden-discw\" data-element_type=\"widget\" data-e-type=\"widget\" data-widget_type=\"html.default\">\n\t\t\t\t\t<footer data-nosnippet=\"true\" class=\"iwg-disclaimer-block\"><p data-nosnippet=\"true\">iWell Guard er <strong>ekki l\u00e6kningat\u00e6ki<\/strong> og kemur ekki \u00ed sta\u00f0 l\u00e6knis- e\u00f0a s\u00e1lfr\u00e6\u00f0ime\u00f0fer\u00f0ar. Innihaldi\u00f0 sem h\u00e9r er sett fram er tr\u00faarbrag\u00f0afr\u00e6\u00f0ileg og menningars\u00f6gulega greining, ekki lofor\u00f0 um andlega virkni.<\/p><\/footer>\t\t\t\t<\/div>\n\t\t\t\t\t<\/div>\n\t\t\t\t<\/div>\n\t\t\t\t<\/div>\n\t\t","protected":false},"excerpt":{"rendered":"","protected":false},"author":3,"featured_media":3511,"parent":0,"menu_order":0,"comment_status":"closed","ping_status":"closed","template":"elementor_header_footer","meta":{"_yoast_wpseo_focuskw":"rau\u00f0ur \u00fer\u00e1\u00f0ur","_yoast_wpseo_title":"Rau\u00f0ur \u00fer\u00e1\u00f0ur \u2013 verndarband kabbalans","_yoast_wpseo_metadesc":"Rau\u00f0i \u00fer\u00e1\u00f0urinn um \u00falnli\u00f0inn er talinn verja gegn hinu illa auga. Uppruni, kabbal\u00edskur bakgrunnur og merking \u00fatsk\u00fdr\u00f0.","_yoast_wpseo_meta-robots-noindex":"","_yoast_wpseo_canonical":"","_angie_page":false,"gefaehrdungsstufe":"","wesen_kultur":"","wesen_klasse":"","footnotes":""},"categories":[],"class_list":["post-169143","page","type-page","status-publish","has-post-thumbnail","hentry"],"yoast_head":"<!-- This site is optimized with the Yoast SEO Premium plugin v27.7 (Yoast SEO v28.3) - https:\/\/yoast.com\/product\/yoast-seo-premium-wordpress\/ -->\n<title>Rau\u00f0ur \u00fer\u00e1\u00f0ur \u2013 verndarband kabbalans<\/title>\n<meta name=\"description\" content=\"Rau\u00f0i \u00fer\u00e1\u00f0urinn um \u00falnli\u00f0inn er talinn verja gegn hinu illa auga. Uppruni, kabbal\u00edskur bakgrunnur og merking \u00fatsk\u00fdr\u00f0.\" \/>\n<meta name=\"robots\" content=\"index, follow, max-snippet:-1, max-image-preview:large, max-video-preview:-1\" \/>\n<link rel=\"canonical\" href=\"https:\/\/iwell-guard.com\/is\/raudur-tradur-verndarband\/\" \/>\n<meta property=\"og:locale\" content=\"is_IS\" \/>\n<meta property=\"og:type\" content=\"article\" \/>\n<meta property=\"og:title\" content=\"Rau\u00f0ur \u00fer\u00e1\u00f0ur \u2013 verndarbandi\u00f0 gegn hinu illa auga\" \/>\n<meta property=\"og:description\" content=\"Rau\u00f0i \u00fer\u00e1\u00f0urinn um \u00falnli\u00f0inn er talinn verja gegn hinu illa auga. Uppruni, kabbal\u00edskur bakgrunnur og merking \u00fatsk\u00fdr\u00f0.\" \/>\n<meta property=\"og:url\" content=\"https:\/\/iwell-guard.com\/is\/raudur-tradur-verndarband\/\" \/>\n<meta property=\"og:site_name\" content=\"iWell Guard\" \/>\n<meta property=\"article:modified_time\" content=\"2026-09-05T14:33:21+00:00\" \/>\n<meta property=\"og:image\" content=\"https:\/\/iwell-guard.com\/wp-content\/uploads\/2026\/05\/schutzsymbol_judentum_roter-faden.webp\" \/>\n\t<meta property=\"og:image:width\" content=\"1024\" \/>\n\t<meta property=\"og:image:height\" content=\"1536\" \/>\n\t<meta property=\"og:image:type\" content=\"image\/webp\" \/>\n<meta name=\"twitter:card\" content=\"summary_large_image\" \/>\n<script type=\"application\/ld+json\" class=\"yoast-schema-graph\">{\"@context\":\"https:\\\/\\\/schema.org\",\"@graph\":[{\"@type\":\"WebPage\",\"@id\":\"https:\\\/\\\/iwell-guard.com\\\/is\\\/raudur-tradur-verndarband\\\/\",\"url\":\"https:\\\/\\\/iwell-guard.com\\\/is\\\/raudur-tradur-verndarband\\\/\",\"name\":\"Rau\u00f0ur \u00fer\u00e1\u00f0ur \u2013 verndarband kabbalans\",\"isPartOf\":{\"@id\":\"https:\\\/\\\/iwell-guard.com\\\/is\\\/#website\"},\"primaryImageOfPage\":{\"@id\":\"https:\\\/\\\/iwell-guard.com\\\/is\\\/raudur-tradur-verndarband\\\/#primaryimage\"},\"image\":{\"@id\":\"https:\\\/\\\/iwell-guard.com\\\/is\\\/raudur-tradur-verndarband\\\/#primaryimage\"},\"thumbnailUrl\":\"https:\\\/\\\/iwell-guard.com\\\/wp-content\\\/uploads\\\/2026\\\/05\\\/schutzsymbol_judentum_roter-faden.webp\",\"datePublished\":\"2026-09-05T14:05:57+00:00\",\"dateModified\":\"2026-09-05T14:33:21+00:00\",\"description\":\"Rau\u00f0i \u00fer\u00e1\u00f0urinn um \u00falnli\u00f0inn er talinn verja gegn hinu illa auga. Uppruni, kabbal\u00edskur bakgrunnur og merking \u00fatsk\u00fdr\u00f0.\",\"breadcrumb\":{\"@id\":\"https:\\\/\\\/iwell-guard.com\\\/is\\\/raudur-tradur-verndarband\\\/#breadcrumb\"},\"inLanguage\":\"is\",\"potentialAction\":[{\"@type\":\"ReadAction\",\"target\":[\"https:\\\/\\\/iwell-guard.com\\\/is\\\/raudur-tradur-verndarband\\\/\"]}]},{\"@type\":\"ImageObject\",\"inLanguage\":\"is\",\"@id\":\"https:\\\/\\\/iwell-guard.com\\\/is\\\/raudur-tradur-verndarband\\\/#primaryimage\",\"url\":\"https:\\\/\\\/iwell-guard.com\\\/wp-content\\\/uploads\\\/2026\\\/05\\\/schutzsymbol_judentum_roter-faden.webp\",\"contentUrl\":\"https:\\\/\\\/iwell-guard.com\\\/wp-content\\\/uploads\\\/2026\\\/05\\\/schutzsymbol_judentum_roter-faden.webp\",\"width\":1024,\"height\":1536,\"caption\":\"Verndart\u00e1kn. Myndskreyting \u00ed safnst\u00edl.\"},{\"@type\":\"BreadcrumbList\",\"@id\":\"https:\\\/\\\/iwell-guard.com\\\/is\\\/raudur-tradur-verndarband\\\/#breadcrumb\",\"itemListElement\":[{\"@type\":\"ListItem\",\"position\":1,\"name\":\"Start\",\"item\":\"https:\\\/\\\/iwell-guard.com\\\/is\\\/?page_id=168580\"},{\"@type\":\"ListItem\",\"position\":2,\"name\":\"Rau\u00f0ur \u00fer\u00e1\u00f0ur \u2013 verndarbandi\u00f0 gegn hinu illa auga\"}]},{\"@type\":\"WebSite\",\"@id\":\"https:\\\/\\\/iwell-guard.com\\\/is\\\/#website\",\"url\":\"https:\\\/\\\/iwell-guard.com\\\/is\\\/\",\"name\":\"iWell Guard\",\"description\":\"Schutz vor dunklen Einfl\u00fcssen\",\"publisher\":{\"@id\":\"https:\\\/\\\/iwell-guard.com\\\/is\\\/#organization\"},\"potentialAction\":[{\"@type\":\"SearchAction\",\"target\":{\"@type\":\"EntryPoint\",\"urlTemplate\":\"https:\\\/\\\/iwell-guard.com\\\/is\\\/?s={search_term_string}\"},\"query-input\":{\"@type\":\"PropertyValueSpecification\",\"valueRequired\":true,\"valueName\":\"search_term_string\"}}],\"inLanguage\":\"is\"},{\"@type\":\"Organization\",\"@id\":\"https:\\\/\\\/iwell-guard.com\\\/is\\\/#organization\",\"name\":\"Ittermann electronic GmbH\",\"url\":\"https:\\\/\\\/iwell-guard.com\\\/is\\\/\",\"logo\":{\"@type\":\"ImageObject\",\"inLanguage\":\"is\",\"@id\":\"https:\\\/\\\/iwell-guard.com\\\/is\\\/#\\\/schema\\\/logo\\\/image\\\/\",\"url\":\"https:\\\/\\\/iwell-guard.com\\\/wp-content\\\/uploads\\\/2026\\\/05\\\/Ittermann-Logo-1182x237-1.png\",\"contentUrl\":\"https:\\\/\\\/iwell-guard.com\\\/wp-content\\\/uploads\\\/2026\\\/05\\\/Ittermann-Logo-1182x237-1.png\",\"width\":1182,\"height\":237,\"caption\":\"Ittermann electronic GmbH\"},\"image\":{\"@id\":\"https:\\\/\\\/iwell-guard.com\\\/is\\\/#\\\/schema\\\/logo\\\/image\\\/\"},\"sameAs\":[\"https:\\\/\\\/pantip.com\\\/profile\\\/9367242\",\"https:\\\/\\\/micro.blog\\\/iwellguard\",\"https:\\\/\\\/www.diggerslist.com\\\/iwellguard\\\/about\",\"https:\\\/\\\/skitterphoto.com\\\/photographers\\\/2870314\\\/iwell-guard\",\"https:\\\/\\\/iwellguard.wordpress.com\\\/2026\\\/06\\\/06\\\/iwell-guard\\\/\",\"https:\\\/\\\/hub.docker.com\\\/u\\\/iwellguard\",\"https:\\\/\\\/www.pinterest.com\\\/iwellguard\\\/\",\"https:\\\/\\\/bit.ly\\\/m\\\/iwellguard\",\"https:\\\/\\\/entre-vos-mains.alsace.eu\\\/profiles\\\/iwellguard\\\/activity\",\"https:\\\/\\\/gravatar.com\\\/reallybeded8fd34\",\"https:\\\/\\\/naijamatta.com\\\/iwellguard\",\"https:\\\/\\\/www.goodreads.com\\\/iwellguard\",\"https:\\\/\\\/profile.hatena.ne.jp\\\/iwellguard\\\/\",\"https:\\\/\\\/experiment.com\\\/users\\\/iwellguard\",\"https:\\\/\\\/wakelet.com\\\/@iWellGuard82270\",\"https:\\\/\\\/www.chordie.com\\\/forum\\\/profile.php?id=2555664\",\"https:\\\/\\\/www.instapaper.com\\\/p\\\/17757966\",\"https:\\\/\\\/www.mapleprimes.com\\\/users\\\/iwellguard\",\"https:\\\/\\\/businesslistingplus.com\\\/profile\\\/iwell-guard\\\/\",\"https:\\\/\\\/telegra.ph\\\/iWell-Guard-06-06\",\"https:\\\/\\\/pbase.com\\\/iwellguard\\\/iwellguard\",\"https:\\\/\\\/b.hatena.ne.jp\\\/iwellguard\\\/20260607#bookmark-4788405196491818882\",\"https:\\\/\\\/fliphtml5.com\\\/home\\\/iwellguard\",\"https:\\\/\\\/anyflip.com\\\/homepage\\\/cmiwl#About\",\"https:\\\/\\\/transfur.com\\\/Users\\\/iwellguard\",\"http:\\\/\\\/delphi.larsbo.org\\\/user\\\/iwellguard\",\"https:\\\/\\\/jobs.lajobsportal.org\\\/profiles\\\/8380803-iwell-guard\",\"https:\\\/\\\/md.chaosdorf.de\\\/s\\\/jfbe5SBdJD\",\"https:\\\/\\\/www.lingvolive.com\\\/en-us\\\/profile\\\/9ecaeaca-ce11-4e51-9e71-01d55e2bff36\\\/translations\",\"https:\\\/\\\/www.fitday.com\\\/fitness\\\/forums\\\/members\\\/iwellguard.html\",\"https:\\\/\\\/www.mymeetbook.com\\\/iwellguard\",\"https:\\\/\\\/pxhere.com\\\/en\\\/photographer-me\\\/5040798\",\"https:\\\/\\\/disqus.com\\\/by\\\/iwellguard\\\/about\\\/\",\"https:\\\/\\\/pastelink.net\\\/hjwciqwq\",\"https:\\\/\\\/pubhtml5.com\\\/homepage\\\/scjhn\\\/\",\"https:\\\/\\\/www.bitchute.com\\\/channel\\\/2O2eOKzNqujT\",\"https:\\\/\\\/audiomack.com\\\/iwellguard\"]}]}<\/script>\n<!-- \/ Yoast SEO Premium plugin. -->","yoast_head_json":{"title":"Rau\u00f0ur \u00fer\u00e1\u00f0ur \u2013 verndarband kabbalans","description":"Rau\u00f0i \u00fer\u00e1\u00f0urinn um \u00falnli\u00f0inn er talinn verja gegn hinu illa auga. Uppruni, kabbal\u00edskur bakgrunnur og merking \u00fatsk\u00fdr\u00f0.","robots":{"index":"index","follow":"follow","max-snippet":"max-snippet:-1","max-image-preview":"max-image-preview:large","max-video-preview":"max-video-preview:-1"},"canonical":"https:\/\/iwell-guard.com\/is\/raudur-tradur-verndarband\/","og_locale":"is_IS","og_type":"article","og_title":"Rau\u00f0ur \u00fer\u00e1\u00f0ur \u2013 verndarbandi\u00f0 gegn hinu illa auga","og_description":"Rau\u00f0i \u00fer\u00e1\u00f0urinn um \u00falnli\u00f0inn er talinn verja gegn hinu illa auga. Uppruni, kabbal\u00edskur bakgrunnur og merking \u00fatsk\u00fdr\u00f0.","og_url":"https:\/\/iwell-guard.com\/is\/raudur-tradur-verndarband\/","og_site_name":"iWell Guard","article_modified_time":"2026-09-05T14:33:21+00:00","og_image":[{"width":1024,"height":1536,"url":"https:\/\/iwell-guard.com\/wp-content\/uploads\/2026\/05\/schutzsymbol_judentum_roter-faden.webp","type":"image\/webp"}],"twitter_card":"summary_large_image","schema":{"@context":"https:\/\/schema.org","@graph":[{"@type":"WebPage","@id":"https:\/\/iwell-guard.com\/is\/raudur-tradur-verndarband\/","url":"https:\/\/iwell-guard.com\/is\/raudur-tradur-verndarband\/","name":"Rau\u00f0ur \u00fer\u00e1\u00f0ur \u2013 verndarband kabbalans","isPartOf":{"@id":"https:\/\/iwell-guard.com\/is\/#website"},"primaryImageOfPage":{"@id":"https:\/\/iwell-guard.com\/is\/raudur-tradur-verndarband\/#primaryimage"},"image":{"@id":"https:\/\/iwell-guard.com\/is\/raudur-tradur-verndarband\/#primaryimage"},"thumbnailUrl":"https:\/\/iwell-guard.com\/wp-content\/uploads\/2026\/05\/schutzsymbol_judentum_roter-faden.webp","datePublished":"2026-09-05T14:05:57+00:00","dateModified":"2026-09-05T14:33:21+00:00","description":"Rau\u00f0i \u00fer\u00e1\u00f0urinn um \u00falnli\u00f0inn er talinn verja gegn hinu illa auga. Uppruni, kabbal\u00edskur bakgrunnur og merking \u00fatsk\u00fdr\u00f0.","breadcrumb":{"@id":"https:\/\/iwell-guard.com\/is\/raudur-tradur-verndarband\/#breadcrumb"},"inLanguage":"is","potentialAction":[{"@type":"ReadAction","target":["https:\/\/iwell-guard.com\/is\/raudur-tradur-verndarband\/"]}]},{"@type":"ImageObject","inLanguage":"is","@id":"https:\/\/iwell-guard.com\/is\/raudur-tradur-verndarband\/#primaryimage","url":"https:\/\/iwell-guard.com\/wp-content\/uploads\/2026\/05\/schutzsymbol_judentum_roter-faden.webp","contentUrl":"https:\/\/iwell-guard.com\/wp-content\/uploads\/2026\/05\/schutzsymbol_judentum_roter-faden.webp","width":1024,"height":1536,"caption":"Verndart\u00e1kn. Myndskreyting \u00ed safnst\u00edl."},{"@type":"BreadcrumbList","@id":"https:\/\/iwell-guard.com\/is\/raudur-tradur-verndarband\/#breadcrumb","itemListElement":[{"@type":"ListItem","position":1,"name":"Start","item":"https:\/\/iwell-guard.com\/is\/?page_id=168580"},{"@type":"ListItem","position":2,"name":"Rau\u00f0ur \u00fer\u00e1\u00f0ur \u2013 verndarbandi\u00f0 gegn hinu illa auga"}]},{"@type":"WebSite","@id":"https:\/\/iwell-guard.com\/is\/#website","url":"https:\/\/iwell-guard.com\/is\/","name":"iWell Guard","description":"Schutz vor dunklen Einfl\u00fcssen","publisher":{"@id":"https:\/\/iwell-guard.com\/is\/#organization"},"potentialAction":[{"@type":"SearchAction","target":{"@type":"EntryPoint","urlTemplate":"https:\/\/iwell-guard.com\/is\/?s={search_term_string}"},"query-input":{"@type":"PropertyValueSpecification","valueRequired":true,"valueName":"search_term_string"}}],"inLanguage":"is"},{"@type":"Organization","@id":"https:\/\/iwell-guard.com\/is\/#organization","name":"Ittermann electronic GmbH","url":"https:\/\/iwell-guard.com\/is\/","logo":{"@type":"ImageObject","inLanguage":"is","@id":"https:\/\/iwell-guard.com\/is\/#\/schema\/logo\/image\/","url":"https:\/\/iwell-guard.com\/wp-content\/uploads\/2026\/05\/Ittermann-Logo-1182x237-1.png","contentUrl":"https:\/\/iwell-guard.com\/wp-content\/uploads\/2026\/05\/Ittermann-Logo-1182x237-1.png","width":1182,"height":237,"caption":"Ittermann electronic GmbH"},"image":{"@id":"https:\/\/iwell-guard.com\/is\/#\/schema\/logo\/image\/"},"sameAs":["https:\/\/pantip.com\/profile\/9367242","https:\/\/micro.blog\/iwellguard","https:\/\/www.diggerslist.com\/iwellguard\/about","https:\/\/skitterphoto.com\/photographers\/2870314\/iwell-guard","https:\/\/iwellguard.wordpress.com\/2026\/06\/06\/iwell-guard\/","https:\/\/hub.docker.com\/u\/iwellguard","https:\/\/www.pinterest.com\/iwellguard\/","https:\/\/bit.ly\/m\/iwellguard","https:\/\/entre-vos-mains.alsace.eu\/profiles\/iwellguard\/activity","https:\/\/gravatar.com\/reallybeded8fd34","https:\/\/naijamatta.com\/iwellguard","https:\/\/www.goodreads.com\/iwellguard","https:\/\/profile.hatena.ne.jp\/iwellguard\/","https:\/\/experiment.com\/users\/iwellguard","https:\/\/wakelet.com\/@iWellGuard82270","https:\/\/www.chordie.com\/forum\/profile.php?id=2555664","https:\/\/www.instapaper.com\/p\/17757966","https:\/\/www.mapleprimes.com\/users\/iwellguard","https:\/\/businesslistingplus.com\/profile\/iwell-guard\/","https:\/\/telegra.ph\/iWell-Guard-06-06","https:\/\/pbase.com\/iwellguard\/iwellguard","https:\/\/b.hatena.ne.jp\/iwellguard\/20260607#bookmark-4788405196491818882","https:\/\/fliphtml5.com\/home\/iwellguard","https:\/\/anyflip.com\/homepage\/cmiwl#About","https:\/\/transfur.com\/Users\/iwellguard","http:\/\/delphi.larsbo.org\/user\/iwellguard","https:\/\/jobs.lajobsportal.org\/profiles\/8380803-iwell-guard","https:\/\/md.chaosdorf.de\/s\/jfbe5SBdJD","https:\/\/www.lingvolive.com\/en-us\/profile\/9ecaeaca-ce11-4e51-9e71-01d55e2bff36\/translations","https:\/\/www.fitday.com\/fitness\/forums\/members\/iwellguard.html","https:\/\/www.mymeetbook.com\/iwellguard","https:\/\/pxhere.com\/en\/photographer-me\/5040798","https:\/\/disqus.com\/by\/iwellguard\/about\/","https:\/\/pastelink.net\/hjwciqwq","https:\/\/pubhtml5.com\/homepage\/scjhn\/","https:\/\/www.bitchute.com\/channel\/2O2eOKzNqujT","https:\/\/audiomack.com\/iwellguard"]}]}},"_links":{"self":[{"href":"https:\/\/iwell-guard.com\/is\/wp-json\/wp\/v2\/pages\/169143","targetHints":{"allow":["GET"]}}],"collection":[{"href":"https:\/\/iwell-guard.com\/is\/wp-json\/wp\/v2\/pages"}],"about":[{"href":"https:\/\/iwell-guard.com\/is\/wp-json\/wp\/v2\/types\/page"}],"author":[{"embeddable":true,"href":"https:\/\/iwell-guard.com\/is\/wp-json\/wp\/v2\/users\/3"}],"replies":[{"embeddable":true,"href":"https:\/\/iwell-guard.com\/is\/wp-json\/wp\/v2\/comments?post=169143"}],"version-history":[{"count":0,"href":"https:\/\/iwell-guard.com\/is\/wp-json\/wp\/v2\/pages\/169143\/revisions"}],"wp:featuredmedia":[{"embeddable":true,"href":"https:\/\/iwell-guard.com\/is\/wp-json\/wp\/v2\/media\/3511"}],"wp:attachment":[{"href":"https:\/\/iwell-guard.com\/is\/wp-json\/wp\/v2\/media?parent=169143"}],"wp:term":[{"taxonomy":"category","embeddable":true,"href":"https:\/\/iwell-guard.com\/is\/wp-json\/wp\/v2\/categories?post=169143"}],"curies":[{"name":"wp","href":"https:\/\/api.w.org\/{rel}","templated":true}]}}