{"id":169142,"date":"2026-09-05T14:05:57","date_gmt":"2026-09-05T14:05:57","guid":{"rendered":"https:\/\/iwell-guard.com\/?page_id=169142"},"modified":"2026-09-05T14:33:18","modified_gmt":"2026-09-05T14:33:18","slug":"davidsstjarnan-verndartakn","status":"publish","type":"page","link":"https:\/\/iwell-guard.com\/is\/davidsstjarnan-verndartakn\/","title":{"rendered":"Dav\u00ed\u00f0sstjarnan \u2013 Magen David sem verndart\u00e1kn"},"content":{"rendered":"\t\t<div data-elementor-type=\"wp-page\" data-elementor-id=\"169142\" class=\"elementor elementor-169142 elementor-3620 elementor-bc-flex-widget\" data-elementor-post-type=\"page\">\n\t\t\t\t<div class=\"elementor-element elementor-element-iwgs-davidstern-hero e-flex e-con-boxed e-con e-parent\" data-id=\"iwgs-davidstern-hero\" data-element_type=\"container\" data-e-type=\"container\">\n\t\t\t\t\t<div class=\"e-con-inner\">\n\t\t<div class=\"elementor-element elementor-element-iwgs-davidstern-hl e-flex e-con-boxed e-con e-parent\" data-id=\"iwgs-davidstern-hl\" data-element_type=\"container\" data-e-type=\"container\">\n\t\t\t\t\t<div class=\"e-con-inner\">\n\t\t<div class=\"elementor-element elementor-element-iwgs-davidstern-hlbox e-con-full e-flex e-con e-parent\" data-id=\"iwgs-davidstern-hlbox\" data-element_type=\"container\" data-e-type=\"container\">\n\t\t\t\t<div class=\"elementor-element elementor-element-iwgs-davidstern-h1 elementor-widget elementor-widget-heading\" data-id=\"iwgs-davidstern-h1\" data-element_type=\"widget\" data-e-type=\"widget\" data-widget_type=\"heading.default\">\n\t\t\t\t\t<h1 class=\"elementor-heading-title elementor-size-default\">Dav\u00ed\u00f0sstjarnan \u2013 Magen David, skj\u00f6ldur Dav\u00ed\u00f0s<\/h1>\t\t\t\t<\/div>\n\t\t\t\t<div class=\"elementor-element elementor-element-iwgs-davidstern-lead elementor-widget elementor-widget-text-editor\" data-id=\"iwgs-davidstern-lead\" data-element_type=\"widget\" data-e-type=\"widget\" data-widget_type=\"text-editor.default\">\n\t\t\t\t\t\t\t\t\t<p>Dav\u00ed\u00f0sstjarnan, \u00e1 hebresku Magen David, er \u00ed dag \u00feekktasta t\u00e1kn gy\u00f0ingd\u00f3msins. Nafni\u00f0 \u00fe\u00fd\u00f0ir skj\u00f6ldur Dav\u00ed\u00f0s, og \u00fear me\u00f0 ber t\u00e1kni\u00f0 hugmyndina um vernd \u00ed sj\u00e1lfu nafninu. Saga \u00feess sem gy\u00f0ingat\u00e1kn er \u00fe\u00f3 yngri en margir \u00e1l\u00edta.<\/p>\t\t\t\t\t\t\t\t<\/div>\n\t\t\t\t<\/div>\n\t\t\t\t<div class=\"elementor-element elementor-element-iwgs-davidstern-pills elementor-widget elementor-widget-html\" data-id=\"iwgs-davidstern-pills\" data-element_type=\"widget\" data-e-type=\"widget\" data-widget_type=\"html.default\">\n\t\t\t\t\t<div class=\"iwg-pill-row\"><span class=\"iwg-klasse-badge\" tabindex=\"0\" data-tooltip=\"Verndart\u00e1kn, verndargripur e\u00f0a ap\u00f3tr\u00f3pa\u00edskur (illf\u00e6landi) hlutur.\">Verndart\u00e1kn<\/span><a href=\"https:\/\/iwell-guard.com\/is\/judatru\/\" class=\"iwg-kultur-badge\" tabindex=\"0\" data-tooltip=\"Verndarhef\u00f0: Gy\u00f0ingd\u00f3mur\">Gy\u00f0ingd\u00f3mur<\/a><span class=\"iwg-tradition-badge\" tabindex=\"0\" data-tooltip=\"T\u00e1kn sem \u00e1 a\u00f0 veita e\u00f0a t\u00e1kna vernd.\">Verndart\u00e1kn<\/span><\/div>\t\t\t\t<\/div>\n\t\t\t\t\t<\/div>\n\t\t\t\t<\/div>\n\t\t<div class=\"elementor-element elementor-element-iwgs-davidstern-hr e-con-full e-flex e-con e-parent\" data-id=\"iwgs-davidstern-hr\" data-element_type=\"container\" data-e-type=\"container\">\n\t\t\t\t<div class=\"elementor-element elementor-element-iwgs-davidstern-himg iwg-hero-image elementor-widget elementor-widget-image\" data-id=\"iwgs-davidstern-himg\" data-element_type=\"widget\" data-e-type=\"widget\" data-widget_type=\"image.default\">\n\t\t\t\t\t\t\t\t\t\t\t\t\t\t\t<img fetchpriority=\"high\" decoding=\"async\" width=\"683\" height=\"1024\" src=\"https:\/\/iwell-guard.com\/wp-content\/uploads\/2026\/05\/schutzsymbol_judentum_davidstern-683x1024.webp\" class=\"attachment-large size-large wp-image-170554\" alt=\"Dav\u00ed\u00f0sstjarna - verndart\u00e1kn, listr\u00e6n safnmynd\" srcset=\"https:\/\/iwell-guard.com\/wp-content\/uploads\/2026\/05\/schutzsymbol_judentum_davidstern-683x1024.webp 683w, https:\/\/iwell-guard.com\/wp-content\/uploads\/2026\/05\/schutzsymbol_judentum_davidstern-200x300.webp 200w, https:\/\/iwell-guard.com\/wp-content\/uploads\/2026\/05\/schutzsymbol_judentum_davidstern-768x1152.webp 768w, https:\/\/iwell-guard.com\/wp-content\/uploads\/2026\/05\/schutzsymbol_judentum_davidstern.webp 1024w\" sizes=\"(max-width: 683px) 100vw, 683px\" \/>\t\t\t\t\t\t\t\t\t\t\t\t\t\t\t<\/div>\n\t\t\t\t<\/div>\n\t\t\t\t\t<\/div>\n\t\t\t\t<\/div>\n\t\t<div class=\"elementor-element elementor-element-iwgs-davidstern-s0 e-flex e-con-boxed e-con e-parent\" data-id=\"iwgs-davidstern-s0\" data-element_type=\"container\" data-e-type=\"container\">\n\t\t\t\t\t<div class=\"e-con-inner\">\n\t\t\t\t<div class=\"elementor-element elementor-element-iwgs-davidstern-s0h elementor-widget elementor-widget-heading\" data-id=\"iwgs-davidstern-s0h\" data-element_type=\"widget\" data-e-type=\"widget\" data-widget_type=\"heading.default\">\n\t\t\t\t\t<h2 class=\"elementor-heading-title elementor-size-default\">Yfirlit<\/h2>\t\t\t\t<\/div>\n\t\t<div class=\"elementor-element elementor-element-iwgs-davidstern-s0box e-con-full e-flex e-con e-parent\" data-id=\"iwgs-davidstern-s0box\" data-element_type=\"container\" data-e-type=\"container\">\n\t\t\t\t<div class=\"elementor-element elementor-element-iwgs-davidstern-s0t elementor-widget elementor-widget-text-editor\" data-id=\"iwgs-davidstern-s0t\" data-element_type=\"widget\" data-e-type=\"widget\" data-widget_type=\"text-editor.default\">\n\t\t\t\t\t\t\t\t\t<p>Dav\u00ed\u00f0sstjarnan er sexoddastjarna sem myndast af tveimur saml\u00f6g\u00f0um jafnhli\u00f0a \u00fer\u00edhyrningum. Einn \u00fer\u00edhyrningurinn v\u00edsar upp, hinn ni\u00f0ur. \u00deessi mynd kallast hexagram. \u00cd <a href=\"https:\/\/iwell-guard.com\/is\/judatru\/\">gy\u00f0ingd\u00f3mi<\/a> ber h\u00fan nafni\u00f0 Magen David.<\/p><p>\u00cd dag er Dav\u00ed\u00f0sstjarnan \u00feekktasta t\u00e1kn gy\u00f0ingd\u00f3msins yfirleitt. H\u00fan er \u00e1 samkunduh\u00fasum, \u00e1 tr\u00faarlegum gripum og \u00e1 f\u00e1na \u00cdsraelsr\u00edkis. Hver sem s\u00e9r t\u00e1kni\u00f0 tengir \u00fea\u00f0 samstundis vi\u00f0 gy\u00f0ingd\u00f3m. \u00deessi sk\u00fdra tenging er almennt kunn.<\/p><p>Minna kunnugt er a\u00f0 \u00feessi n\u00e1na tengsl hexagrams og gy\u00f0ingd\u00f3ms ur\u00f0u til fyrst \u00ed r\u00e1s s\u00f6gunnar. Sexhorn sem form er mj\u00f6g gamalt og var lengi ekkert s\u00e9rstakt gy\u00f0ingat\u00e1kn. Fyrst \u00e1 m\u00f6rgum \u00f6ldum var\u00f0 \u00fea\u00f0 a\u00f0 \u00fev\u00ed sem \u00fea\u00f0 er \u00ed dag.<\/p><p>Nafni\u00f0 Magen David, skj\u00f6ldur Dav\u00ed\u00f0s, v\u00edsar til hugmyndarinnar um vernd. Skj\u00f6ldur er gripur til varnar, og \u00feannig heyrir Dav\u00ed\u00f0sstjarnan einnig til samhengis verndart\u00e1kna. Saga hennar tengir merkinguna sem tr\u00faart\u00e1kn vi\u00f0 eldri notkun \u00e1 svi\u00f0i verndar.<\/p>\t\t\t\t\t\t\t\t<\/div>\n\t\t\t\t<\/div>\n\t\t\t\t\t<\/div>\n\t\t\t\t<\/div>\n\t\t<div class=\"elementor-element elementor-element-iwgs-davidstern-s1 e-flex e-con-boxed e-con e-parent\" data-id=\"iwgs-davidstern-s1\" data-element_type=\"container\" data-e-type=\"container\">\n\t\t\t\t\t<div class=\"e-con-inner\">\n\t\t\t\t<div class=\"elementor-element elementor-element-iwgs-davidstern-s1h elementor-widget elementor-widget-heading\" data-id=\"iwgs-davidstern-s1h\" data-element_type=\"widget\" data-e-type=\"widget\" data-widget_type=\"heading.default\">\n\t\t\t\t\t<h2 class=\"elementor-heading-title elementor-size-default\">Magen David: skj\u00f6ldur Dav\u00ed\u00f0s<\/h2>\t\t\t\t<\/div>\n\t\t<div class=\"elementor-element elementor-element-iwgs-davidstern-s1box e-con-full e-flex e-con e-parent\" data-id=\"iwgs-davidstern-s1box\" data-element_type=\"container\" data-e-type=\"container\">\n\t\t\t\t<div class=\"elementor-element elementor-element-iwgs-davidstern-s1t elementor-widget elementor-widget-text-editor\" data-id=\"iwgs-davidstern-s1t\" data-element_type=\"widget\" data-e-type=\"widget\" data-widget_type=\"text-editor.default\">\n\t\t\t\t\t\t\t\t\t<p>Hebreska nafn t\u00e1knsins er Magen David. Or\u00f0i\u00f0 Magen \u00fe\u00fd\u00f0ir skj\u00f6ldur, David er nafn hins bibl\u00edulega konungs. Or\u00f0r\u00e9tt \u00fe\u00fdtt \u00fe\u00fd\u00f0ir t\u00e1kni\u00f0 \u00fev\u00ed skj\u00f6ldur Dav\u00ed\u00f0s. \u00deegar \u00ed nafninu er \u00feannig hugmyndin um vernd falin.<\/p><p>Konungur Dav\u00ed\u00f0 er mi\u00f0l\u00e6g pers\u00f3na \u00ed hebresku bibl\u00edunni. Hann er talinn forfa\u00f0ir konungsl\u00ednu, og vi\u00f0 nafn hans eru bundnar miklar vonir \u00ed <span class=\"iwg-fachbegriff\" data-tooltip=\"Mi\u00f0lun \u00feekkingar og fr\u00e1sagna milli kynsl\u00f3\u00f0a.\" tabindex=\"0\">gy\u00f0inglegri munnm\u00e6lahef\u00f0<\/span>. Hvers vegna hexagrami\u00f0 var tengt s\u00e9rstaklega vi\u00f0 Dav\u00ed\u00f0 er ekki h\u00e6gt a\u00f0 segja me\u00f0 vissu. Heimildirnar gefa engar sk\u00fdrar uppl\u00fdsingar um \u00fea\u00f0.<\/p><p>Or\u00f0asambandi\u00f0 skj\u00f6ldur Dav\u00ed\u00f0s er \u00ed <span class=\"iwg-fachbegriff\" data-tooltip=\"Mi\u00f0lun \u00feekkingar og fr\u00e1sagna milli kynsl\u00f3\u00f0a.\" tabindex=\"0\">gy\u00f0inglegri munnm\u00e6lahef\u00f0<\/span> upphaflega ekki bundi\u00f0 vi\u00f0 hexagrami\u00f0. \u00dea\u00f0 kemur fram sem or\u00f0asamband \u00ed <span class=\"iwg-fachbegriff\" data-tooltip=\"M\u00e1lleg \u00e1varp manns til gu\u00f0d\u00f3ms.\" tabindex=\"0\">b\u00e6n<\/span>, \u00fear sem Gu\u00f0 er \u00e1kalla\u00f0ur sem skj\u00f6ldur Dav\u00ed\u00f0s. Yfirf\u00e6rsla nafnsins \u00e1 hina r\u00famfr\u00e6\u00f0ilegu mynd er s\u00ed\u00f0ari \u00fer\u00f3un.<\/p><p>Fyrir skilning \u00e1 Dav\u00ed\u00f0sstj\u00f6rnunni sem verndart\u00e1kni er nafni\u00f0 \u00fe\u00f3 mikilv\u00e6gt. T\u00e1kn sem heitir skj\u00f6ldur ber hugmyndina um v\u00f6rn \u00ed s\u00e9r. \u00deessi merking var\u00f0 virk \u00ed r\u00e1s s\u00f6gunnar s\u00e9rstaklega \u00ed notkun hexagramsins sem <span class=\"iwg-fachbegriff\" data-tooltip=\"Gripur sem borinn er \u00e1 l\u00edkamanum og talinn hafa verndandi, illf\u00e6landi verkun.\" tabindex=\"0\">verndargrips<\/span>.<\/p>\t\t\t\t\t\t\t\t<\/div>\n\t\t\t\t<\/div>\n\t\t\t\t\t<\/div>\n\t\t\t\t<\/div>\n\t\t<div class=\"elementor-element elementor-element-iwgs-davidstern-s2 e-flex e-con-boxed e-con e-parent\" data-id=\"iwgs-davidstern-s2\" data-element_type=\"container\" data-e-type=\"container\">\n\t\t\t\t\t<div class=\"e-con-inner\">\n\t\t\t\t<div class=\"elementor-element elementor-element-iwgs-davidstern-s2h elementor-widget elementor-widget-heading\" data-id=\"iwgs-davidstern-s2h\" data-element_type=\"widget\" data-e-type=\"widget\" data-widget_type=\"heading.default\">\n\t\t\t\t\t<h2 class=\"elementor-heading-title elementor-size-default\">Hexagrami\u00f0 fyrir gy\u00f0inglega merkingu \u00feess<\/h2>\t\t\t\t<\/div>\n\t\t<div class=\"elementor-element elementor-element-iwgs-davidstern-s2box e-con-full e-flex e-con e-parent\" data-id=\"iwgs-davidstern-s2box\" data-element_type=\"container\" data-e-type=\"container\">\n\t\t\t\t<div class=\"elementor-element elementor-element-iwgs-davidstern-s2t elementor-widget elementor-widget-text-editor\" data-id=\"iwgs-davidstern-s2t\" data-element_type=\"widget\" data-e-type=\"widget\" data-widget_type=\"text-editor.default\">\n\t\t\t\t\t\t\t\t\t<p>Mynd hexagramsins er mun eldri en merking \u00feess sem gy\u00f0ingat\u00e1kn. Sexhorni\u00f0, mynda\u00f0 \u00far tveimur \u00fer\u00edhyrningum, er einfalt og sk\u00fdrt r\u00famfr\u00e6\u00f0ilegt form. Sl\u00edk form myndast au\u00f0veldlega og hafa veri\u00f0 notu\u00f0 \u00f3h\u00e1\u00f0 hvort \u00f6\u00f0ru \u00ed m\u00f6rgum menningarheimum.<\/p><p>\u00c1 <span class=\"iwg-fachbegriff\" data-tooltip=\"T\u00edmabil gr\u00edsk-r\u00f3mverskrar menningar, um 800 f.Kr. til 600 e.Kr.\" tabindex=\"0\">forn\u00f6ld<\/span> og \u00e1 mi\u00f0\u00f6ldum kemur hexagrami\u00f0 fram sem skreyting og t\u00e1kn \u00ed m\u00f6rgum mismunandi samhengjum. \u00dea\u00f0 finnst \u00ed kristnum, \u00edsl\u00f6mskum og gy\u00f0inglegum heimi. \u00dea\u00f0 var \u00fe\u00e1 ekki t\u00e1kn sem tilheyr\u00f0i sk\u00fdrt einni tr\u00faarbr\u00f6g\u00f0um.<\/p><p>Hexagrami\u00f0 l\u00e9k mikilv\u00e6gt hlutverk \u00ed <span class=\"iwg-fachbegriff\" data-tooltip=\"A\u00f0fer\u00f0ir sem eiga a\u00f0 hafa \u00e1hrif \u00e1 gang hlutanna me\u00f0 s\u00e9rst\u00f6kum ath\u00f6fnum e\u00f0a form\u00falum.\" tabindex=\"0\">t\u00f6frum<\/span> og verndargripager\u00f0. H\u00e9r kemur \u00fea\u00f0 oft fram \u00e1samt fimmodda stj\u00f6rnunni. B\u00e1\u00f0ar myndirnar voru taldar \u00f6flug t\u00e1kn sem talin var hafa verndandi e\u00f0a bindandi verkun. \u00cd \u00feessu samhengi var hexagrami\u00f0 nota\u00f0 \u00fevert \u00e1 menningarm\u00f6rk.<\/p><p>Af \u00feessu lei\u00f0ir mikilv\u00e6g ni\u00f0ursta\u00f0a. Hexagrami\u00f0 var lengi almennt \u00fatbreitt t\u00e1kn og ekkert s\u00e9rstakt einkennist\u00e1kn gy\u00f0ingd\u00f3msins. S\u00ed\u00f0ari, sk\u00fdr tenging \u00feess vi\u00f0 gy\u00f0ingd\u00f3m er aflei\u00f0ing s\u00f6gu\u00fer\u00f3unar, ekki upprunalegt \u00e1stand.<\/p>\t\t\t\t\t\t\t\t<\/div>\n\t\t\t\t<\/div>\n\t\t\t\t\t<\/div>\n\t\t\t\t<\/div>\n\t\t<div class=\"elementor-element elementor-element-iwgs-davidstern-s3 e-flex e-con-boxed e-con e-parent\" data-id=\"iwgs-davidstern-s3\" data-element_type=\"container\" data-e-type=\"container\">\n\t\t\t\t\t<div class=\"e-con-inner\">\n\t\t\t\t<div class=\"elementor-element elementor-element-iwgs-davidstern-s3h elementor-widget elementor-widget-heading\" data-id=\"iwgs-davidstern-s3h\" data-element_type=\"widget\" data-e-type=\"widget\" data-widget_type=\"heading.default\">\n\t\t\t\t\t<h2 class=\"elementor-heading-title elementor-size-default\">Lei\u00f0in a\u00f0 gy\u00f0ingat\u00e1kninu<\/h2>\t\t\t\t<\/div>\n\t\t<div class=\"elementor-element elementor-element-iwgs-davidstern-s3box e-con-full e-flex e-con e-parent\" data-id=\"iwgs-davidstern-s3box\" data-element_type=\"container\" data-e-type=\"container\">\n\t\t\t\t<div class=\"elementor-element elementor-element-iwgs-davidstern-s3t elementor-widget elementor-widget-text-editor\" data-id=\"iwgs-davidstern-s3t\" data-element_type=\"widget\" data-e-type=\"widget\" data-widget_type=\"text-editor.default\">\n\t\t\t\t\t\t\t\t\t<p>Lei\u00f0 hexagramsins a\u00f0 \u00fev\u00ed a\u00f0 ver\u00f0a sk\u00fdrt t\u00e1kn gy\u00f0ingd\u00f3msins t\u00f3k margar aldir. Mikilv\u00e6gur \u00e1fangi var gy\u00f0ingasamf\u00e9lagi\u00f0 \u00ed Prag. \u00dear var hexagrami\u00f0 nota\u00f0 sem t\u00e1kn samf\u00e9lagsins fr\u00e1 seinni hluta mi\u00f0alda og fram \u00e1 fyrri hluta n\u00fdaldar.<\/p><p>Prag-samf\u00e9lagi\u00f0 bar t\u00e1kni\u00f0 \u00e1 f\u00e1na og \u00ed innsigli s\u00ednu. \u00deannig var\u00f0 hexagrami\u00f0 einkennist\u00e1kn \u00e1kve\u00f0ins gy\u00f0ingasamf\u00e9lags. Fr\u00e1 Prag breiddist \u00feessi notkun sm\u00e1m saman \u00fat, og \u00f6nnur samf\u00e9l\u00f6g t\u00f3ku t\u00e1kni\u00f0 upp.<\/p><p>\u00deannig var\u00f0 hexagrami\u00f0 sm\u00e1m saman gy\u00f0ingat\u00e1kn. \u00dea\u00f0 var \u00ed fyrstu t\u00e1kn einstakra samf\u00e9laga, s\u00ed\u00f0an t\u00e1kn gy\u00f0ingasamf\u00e9laga almennt. \u00deessi \u00fer\u00f3un t\u00f3k langan t\u00edma og var ekki einst\u00f6k \u00e1kv\u00f6r\u00f0un.<\/p><p>Afgerandi skrefi\u00f0 a\u00f0 sk\u00fdrri tengingu var\u00f0 \u00e1 19. \u00f6ld. \u00c1 \u00feeim t\u00edma leita\u00f0i gy\u00f0ingd\u00f3murinn a\u00f0 almennt skiljanlegu t\u00e1kni, samb\u00e6rilegu krossi kristninnar. Hexagrami\u00f0 henta\u00f0i vel, \u00fev\u00ed \u00fea\u00f0 var \u00feegar v\u00ed\u00f0a kunnugt sem gy\u00f0ingat\u00e1kn. \u00deannig var\u00f0 Magen David t\u00e1kn gy\u00f0ingd\u00f3msins \u00ed heild.<\/p>\t\t\t\t\t\t\t\t<\/div>\n\t\t\t\t<\/div>\n\t\t\t\t\t<\/div>\n\t\t\t\t<\/div>\n\t\t<div class=\"elementor-element elementor-element-iwgs-davidstern-s4 e-flex e-con-boxed e-con e-parent\" data-id=\"iwgs-davidstern-s4\" data-element_type=\"container\" data-e-type=\"container\">\n\t\t\t\t\t<div class=\"e-con-inner\">\n\t\t\t\t<div class=\"elementor-element elementor-element-iwgs-davidstern-s4h elementor-widget elementor-widget-heading\" data-id=\"iwgs-davidstern-s4h\" data-element_type=\"widget\" data-e-type=\"widget\" data-widget_type=\"heading.default\">\n\t\t\t\t\t<h2 class=\"elementor-heading-title elementor-size-default\">Dav\u00ed\u00f0sstjarnan \u00ed verndargripum<\/h2>\t\t\t\t<\/div>\n\t\t<div class=\"elementor-element elementor-element-iwgs-davidstern-s4box e-con-full e-flex e-con e-parent\" data-id=\"iwgs-davidstern-s4box\" data-element_type=\"container\" data-e-type=\"container\">\n\t\t\t\t<div class=\"elementor-element elementor-element-iwgs-davidstern-s4t elementor-widget elementor-widget-text-editor\" data-id=\"iwgs-davidstern-s4t\" data-element_type=\"widget\" data-e-type=\"widget\" data-widget_type=\"text-editor.default\">\n\t\t\t\t\t\t\t\t\t<p>Mikilv\u00e6g r\u00f3t Dav\u00ed\u00f0sstj\u00f6rnunnar er \u00ed amulettahef\u00f0inni. Sexhyrningurinn (hexagram) var um langan t\u00edma nota\u00f0ur sem verndart\u00e1kn \u00e1 verndargripum. \u00cd \u00feessari notkun stendur hann s\u00e9rstaklega n\u00e1l\u00e6gt hugmyndinni um skj\u00f6ldinn, sem endurspeglast \u00ed nafninu Magen David.<\/p><p>\u00cd hef\u00f0 Gy\u00f0inga er r\u00edkuleg <span class=\"iwg-fachbegriff\" data-tooltip=\"Mi\u00f0lun \u00feekkingar og sagna milli kynsl\u00f3\u00f0a.\" tabindex=\"0\">munnm\u00e6li<\/span> um verndargripi. Sl\u00edkir verndargripir b\u00e1ru gu\u00f0sn\u00f6fn, vers og t\u00e1kn, og me\u00f0al \u00feessara t\u00e1kna finnst einnig sexhyrningurinn. Hann var talinn m\u00e1ttugt t\u00e1kn sem g\u00e6ti v\u00edsa\u00f0 b\u00f6li \u00e1 bug. S\u00e9rstaklega var vernd m\u00f3\u00f0ur og barns vi\u00f0 f\u00e6\u00f0ingu algengt umhugsunarefni sl\u00edkra verndargripa.<\/p><p>Sexhyrningurinn var \u00ed \u00feessari amulettalegu notkun ekki bundinn vi\u00f0 gy\u00f0ingd\u00f3m. Hann var einnig tengdur nafni konungs Sal\u00f3mons, sem talinn var hafa s\u00e9rstakt vald yfir \u00f6ndum. Hi\u00f0 svokalla\u00f0a Sal\u00f3monssigli gat \u00e1tt vi\u00f0 b\u00e6\u00f0i fimm- og sexoddastj\u00f6rnu. H\u00e9r snertast \u00fdmsar hef\u00f0ir hver \u00e1 a\u00f0ra.<\/p><p>\u00deessi amulettalega fort\u00ed\u00f0 er uppl\u00fdsandi fyrir skilning \u00e1 Dav\u00ed\u00f0sstj\u00f6rnunni. H\u00fan s\u00fdnir a\u00f0 sexhyrningurinn var tengdur vernd l\u00f6ngu \u00e1\u00f0ur en hann var\u00f0 almennt t\u00e1kn gy\u00f0ingd\u00f3ms. Hugmyndin um skj\u00f6ldinn, um v\u00f6rn, heyrir \u00feannig til eldri s\u00f6gu t\u00e1knsins.<\/p>\t\t\t\t\t\t\t\t<\/div>\n\t\t\t\t<\/div>\n\t\t\t\t\t<\/div>\n\t\t\t\t<\/div>\n\t\t<div class=\"elementor-element elementor-element-iwgs-davidstern-s5 e-flex e-con-boxed e-con e-parent\" data-id=\"iwgs-davidstern-s5\" data-element_type=\"container\" data-e-type=\"container\">\n\t\t\t\t\t<div class=\"e-con-inner\">\n\t\t\t\t<div class=\"elementor-element elementor-element-iwgs-davidstern-s5h elementor-widget elementor-widget-heading\" data-id=\"iwgs-davidstern-s5h\" data-element_type=\"widget\" data-e-type=\"widget\" data-widget_type=\"heading.default\">\n\t\t\t\t\t<h2 class=\"elementor-heading-title elementor-size-default\">T\u00e1kn gy\u00f0ingd\u00f3ms<\/h2>\t\t\t\t<\/div>\n\t\t<div class=\"elementor-element elementor-element-iwgs-davidstern-s5box e-con-full e-flex e-con e-parent\" data-id=\"iwgs-davidstern-s5box\" data-element_type=\"container\" data-e-type=\"container\">\n\t\t\t\t<div class=\"elementor-element elementor-element-iwgs-davidstern-s5t elementor-widget elementor-widget-text-editor\" data-id=\"iwgs-davidstern-s5t\" data-element_type=\"widget\" data-e-type=\"widget\" data-widget_type=\"text-editor.default\">\n\t\t\t\t\t\t\t\t\t<p>Me\u00f0 19. \u00f6ldinni var\u00f0 Dav\u00ed\u00f0sstjarnan endanlega t\u00e1kn gy\u00f0ingd\u00f3ms. \u00c1 \u00feessum t\u00edma breyttist sta\u00f0a Gy\u00f0inga \u00ed m\u00f6rgum l\u00f6ndum Evr\u00f3pu. Samf\u00e9l\u00f6g Gy\u00f0inga t\u00f3ku meiri \u00fe\u00e1tt \u00ed opinberu l\u00edfi og me\u00f0 \u00fev\u00ed j\u00f3kst \u00fe\u00f6rfin fyrir sk\u00fdrt, almennt skiljanlegt t\u00e1kn.<\/p><p>Dav\u00ed\u00f0sstjarnan uppfyllti \u00feessa \u00fe\u00f6rf. H\u00fan var fest \u00e1 samkunduh\u00fas, sem n\u00fa voru oft reist sem s\u00fdnileg byggingar \u00ed borgarmyndinni. H\u00fan kom fram \u00e1 tr\u00faarlegum gripum, \u00e1 b\u00f3kum og \u00e1 innsiglum s\u00f6fnu\u00f0a. \u00deannig var\u00f0 Dav\u00ed\u00f0sstjarnan a\u00f0 fastri, s\u00fdnilegri t\u00e1kni samf\u00e9laga Gy\u00f0inga.<\/p><p>S\u00e9rstaka merkingu f\u00e9kk Dav\u00ed\u00f0sstjarnan \u00ed s\u00edonistahreyfingunni sem var\u00f0 til seint \u00e1 19. \u00f6ld. \u00deessi hreyfing valdi sexhyrninginn sem t\u00e1kn sitt. \u00deannig var\u00f0 Dav\u00ed\u00f0sstjarnan umfram tr\u00faarlegt t\u00e1kn einnig t\u00e1kn \u00fej\u00f3\u00f0legrar vonar Gy\u00f0inga.<\/p><p>Af \u00feessari \u00fer\u00f3un sk\u00fdrist a\u00f0 Dav\u00ed\u00f0sstjarnan er \u00ed dag \u00e1 f\u00e1na \u00cdsraelsr\u00edkis. T\u00e1kni\u00f0, sem eitt sinn leiddi s\u00f6fnu\u00f0inn \u00ed Prag, var\u00f0 \u00feannig t\u00e1kn heimsv\u00ed\u00f0s samf\u00e9lags og a\u00f0 lokum r\u00edkis. \u00deessi saga s\u00fdnir hvernig t\u00e1kn getur unni\u00f0 s\u00e9r aukna merkingu \u00ed gegnum aldirnar.<\/p>\t\t\t\t\t\t\t\t<\/div>\n\t\t\t\t<\/div>\n\t\t\t\t\t<\/div>\n\t\t\t\t<\/div>\n\t\t<div class=\"elementor-element elementor-element-iwgs-davidstern-s6 e-flex e-con-boxed e-con e-parent\" data-id=\"iwgs-davidstern-s6\" data-element_type=\"container\" data-e-type=\"container\">\n\t\t\t\t\t<div class=\"e-con-inner\">\n\t\t\t\t<div class=\"elementor-element elementor-element-iwgs-davidstern-s6h elementor-widget elementor-widget-heading\" data-id=\"iwgs-davidstern-s6h\" data-element_type=\"widget\" data-e-type=\"widget\" data-widget_type=\"heading.default\">\n\t\t\t\t\t<h2 class=\"elementor-heading-title elementor-size-default\">Dav\u00ed\u00f0sstjarnan \u00ed n\u00fdrri s\u00f6gu<\/h2>\t\t\t\t<\/div>\n\t\t<div class=\"elementor-element elementor-element-iwgs-davidstern-s6box e-con-full e-flex e-con e-parent\" data-id=\"iwgs-davidstern-s6box\" data-element_type=\"container\" data-e-type=\"container\">\n\t\t\t\t<div class=\"elementor-element elementor-element-iwgs-davidstern-s6t elementor-widget elementor-widget-text-editor\" data-id=\"iwgs-davidstern-s6t\" data-element_type=\"widget\" data-e-type=\"widget\" data-widget_type=\"text-editor.default\">\n\t\t\t\t\t\t\t\t\t<p>Saga Dav\u00ed\u00f0sstj\u00f6rnunnar \u00e1 20. \u00f6ld einkennist af tveimur mj\u00f6g \u00f3l\u00edkum kaflum. Einn \u00feeirra er einn af myrkustu k\u00f6flum evr\u00f3pskrar s\u00f6gu yfirleitt. Me\u00f0an \u00e1 ofs\u00f3knum \u00fej\u00f3\u00f0erniss\u00f3s\u00edalista st\u00f3\u00f0 voru Gy\u00f0ingar neyddir til a\u00f0 bera gulan stj\u00f6rnu \u00ed formi Dav\u00ed\u00f0sstj\u00f6rnunnar.<\/p><p>\u00deessi guli stjarna var t\u00e1kn \u00fatsk\u00fafunar og r\u00e9ttindaafn\u00e1ms. H\u00fan merkti f\u00f3lk til a\u00f0 framselja \u00fea\u00f0 til ofs\u00f3kna. \u00deannig var t\u00e1kni\u00f0, sem st\u00f3\u00f0 fyrir tilheyrni til tr\u00faarsamf\u00e9lags, sn\u00fai\u00f0 gegn f\u00f3lkinu sem bar \u00fea\u00f0. \u00deessi saga er hluti af merkingu Dav\u00ed\u00f0sstj\u00f6rnunnar og m\u00e1 ekki l\u00edta fram hj\u00e1 henni.<\/p><p>Eftir helf\u00f6rina f\u00e9kk Dav\u00ed\u00f0sstjarnan aftur vir\u00f0ulegri st\u00f6\u00f0u. Me\u00f0 stofnun \u00cdsraelsr\u00edkis var\u00f0 h\u00fan hluti af \u00fej\u00f3\u00f0f\u00e1nanum. \u00dar \u00e1\u00fevingu\u00f0u t\u00e1kni ofs\u00f3kna var\u00f0 aftur sj\u00e1lfvali\u00f0 t\u00e1kn tilheyrni, sj\u00e1lfsvitundar og vonar.<\/p><p>Dav\u00ed\u00f0sstjarnan ber \u00feannig s\u00e9rstaklega alvarlega s\u00f6gu. H\u00fan er t\u00e1kn tr\u00faar og samf\u00e9lags, og h\u00fan er samt\u00edmis tengd minningunni um ofs\u00f3knir. M\u00e1lefnaleg framsetning nefnir b\u00e1\u00f0ar hli\u00f0ar. H\u00fan s\u00fdnir Dav\u00ed\u00f0sstj\u00f6rnuna sem \u00fea\u00f0 sem h\u00fan er, t\u00e1kn mikillar vir\u00f0ingar og dj\u00faps s\u00f6gulegs \u00feunga.<\/p>\t\t\t\t\t\t\t\t<\/div>\n\t\t\t\t<\/div>\n\t\t\t\t\t<\/div>\n\t\t\t\t<\/div>\n\t\t<div class=\"elementor-element elementor-element-iwgs-davidstern-s7 e-flex e-con-boxed e-con e-parent\" data-id=\"iwgs-davidstern-s7\" data-element_type=\"container\" data-e-type=\"container\">\n\t\t\t\t\t<div class=\"e-con-inner\">\n\t\t\t\t<div class=\"elementor-element elementor-element-iwgs-davidstern-s7h elementor-widget elementor-widget-heading\" data-id=\"iwgs-davidstern-s7h\" data-element_type=\"widget\" data-e-type=\"widget\" data-widget_type=\"heading.default\">\n\t\t\t\t\t<h2 class=\"elementor-heading-title elementor-size-default\">Merking og t\u00falkun formsins<\/h2>\t\t\t\t<\/div>\n\t\t<div class=\"elementor-element elementor-element-iwgs-davidstern-s7box e-con-full e-flex e-con e-parent\" data-id=\"iwgs-davidstern-s7box\" data-element_type=\"container\" data-e-type=\"container\">\n\t\t\t\t<div class=\"elementor-element elementor-element-iwgs-davidstern-s7t elementor-widget elementor-widget-text-editor\" data-id=\"iwgs-davidstern-s7t\" data-element_type=\"widget\" data-e-type=\"widget\" data-widget_type=\"text-editor.default\">\n\t\t\t\t\t\t\t\t\t<p>Form Dav\u00ed\u00f0sstj\u00f6rnunnar hefur me\u00f0 t\u00edmanum fengi\u00f0 margar t\u00falkanir. Tveir saml\u00e6gir \u00fer\u00edhyrningar bj\u00f3\u00f0a sl\u00edkum t\u00falkunum heim, \u00fev\u00ed \u00feeir s\u00fdna samspil tveggja jafngildra hluta. Engin \u00feessara t\u00falkana er \u00fe\u00f3 sta\u00f0fest sem hin upprunalega og eina gilda.<\/p><p>\u00datbreidd t\u00falkun s\u00e9r \u00ed \u00fer\u00edhyrningunum tveimur samspil himins og jar\u00f0ar e\u00f0a Gu\u00f0s og manns. \u00der\u00edhyrningurinn sem v\u00edsar upp stendur \u00fe\u00e1 fyrir hi\u00f0 eina, s\u00e1 sem v\u00edsar ni\u00f0ur fyrir hi\u00f0 anna\u00f0. Samgreipni \u00feeirra tj\u00e1ir tengsl beggja svi\u00f0a.<\/p><p>A\u00f0rar t\u00falkanir draga fram oddana sex og mi\u00f0sv\u00e6\u00f0i\u00f0 og eigna hverju s\u00edna merkingu. Einnig hefur veri\u00f0 lagt til samband vi\u00f0 \u00e6ttkv\u00edslir \u00cdsraels e\u00f0a vi\u00f0 eigindi Gu\u00f0s. \u00deessar t\u00falkanir eru r\u00edkulegar og margv\u00edslegar, en \u00fe\u00e6r eru eftirtilkomnar \u00fatlistanir.<\/p><p>Fyrir n\u00e1kv\u00e6ma framsetningu er mikilv\u00e6gt a\u00f0 merkja \u00feessar t\u00falkanir sem \u00fea\u00f0 sem \u00fe\u00e6r eru. \u00de\u00e6r eru \u00fatlistanir sem gefa forminu merkingu, ekki inntak sem l\u00e1 fyrir fr\u00e1 upphafi. Dav\u00ed\u00f0sstjarnan f\u00e9kk merkingu s\u00edna fyrst og fremst \u00ed gegnum s\u00f6gu s\u00edna og notkun, minna \u00ed gegnum eina upprunalega t\u00falkun formsins.<\/p>\t\t\t\t\t\t\t\t<\/div>\n\t\t\t\t<\/div>\n\t\t\t\t\t<\/div>\n\t\t\t\t<\/div>\n\t\t<div class=\"elementor-element elementor-element-iwgs-davidstern-s8 e-flex e-con-boxed e-con e-parent\" data-id=\"iwgs-davidstern-s8\" data-element_type=\"container\" data-e-type=\"container\">\n\t\t\t\t\t<div class=\"e-con-inner\">\n\t\t\t\t<div class=\"elementor-element elementor-element-iwgs-davidstern-s8h elementor-widget elementor-widget-heading\" data-id=\"iwgs-davidstern-s8h\" data-element_type=\"widget\" data-e-type=\"widget\" data-widget_type=\"heading.default\">\n\t\t\t\t\t<h2 class=\"elementor-heading-title elementor-size-default\">M\u00f3tt\u00f6kur \u00ed dag<\/h2>\t\t\t\t<\/div>\n\t\t<div class=\"elementor-element elementor-element-iwgs-davidstern-s8box e-con-full e-flex e-con e-parent\" data-id=\"iwgs-davidstern-s8box\" data-element_type=\"container\" data-e-type=\"container\">\n\t\t\t\t<div class=\"elementor-element elementor-element-iwgs-davidstern-s8t elementor-widget elementor-widget-text-editor\" data-id=\"iwgs-davidstern-s8t\" data-element_type=\"widget\" data-e-type=\"widget\" data-widget_type=\"text-editor.default\">\n\t\t\t\t\t\t\t\t\t<p>Dav\u00ed\u00f0sstjarnan er \u00ed dag \u00feekkt um heim allan sem t\u00e1kn gy\u00f0ingd\u00f3ms. H\u00fan stendur \u00e1 samkunduh\u00fasum, \u00e1 f\u00e1na \u00cdsraelsr\u00edkis og \u00e1 \u00f3teljandi tr\u00faarlegum og menningarlegum gripum. Tilheyrsla hennar er sk\u00fdr og almennt skilin.<\/p><p>Sem bori\u00f0 t\u00e1kn er Dav\u00ed\u00f0sstjarnan mj\u00f6g \u00fatbreidd. Margir bera hana sem hengi, sem j\u00e1tningu tr\u00faar sinnar, uppruna og tilheyrni. \u00cd \u00feessari notkun tengist t\u00e1kni\u00f0 g\u00f6mlu merkingu sinni sem skj\u00f6ldur Dav\u00ed\u00f0s, \u00fev\u00ed \u00fea\u00f0 tj\u00e1ir samst\u00f6\u00f0u og sj\u00e1lfsvissu.<\/p><p>Dav\u00ed\u00f0sstjarnan telst samt\u00edmis til \u00feeirra t\u00e1kna sem bera \u00e1 me\u00f0h\u00f6ndla me\u00f0 s\u00e9rstakri alv\u00f6ru. Saga hennar felur \u00ed s\u00e9r ofs\u00f3knir og von, \u00fej\u00e1ning og vir\u00f0ingu. S\u00e1 sem s\u00fdnir t\u00e1kni\u00f0 \u00e6tti a\u00f0 vera me\u00f0vita\u00f0ur um \u00feennan \u00feunga og m\u00e6ta honum me\u00f0 vir\u00f0ingu.<\/p><p>Innan hinnar st\u00f3ru fj\u00f6lskyldu verndart\u00e1kna hefur Dav\u00ed\u00f0sstjarnan \u00feannig s\u00e9rstaka st\u00f6\u00f0u. Nafn hennar, skj\u00f6ldur Dav\u00ed\u00f0s, tengir hana vi\u00f0 hugmyndina um vernd, og amulettaleg fort\u00ed\u00f0 hennar sta\u00f0festir \u00feessi tengsl. Samt\u00edmis er h\u00fan or\u00f0in mun meira en verndart\u00e1kn, nefnilega hi\u00f0 yfirgripsmikla t\u00e1kn tr\u00faarbrag\u00f0a og samf\u00e9lags.<\/p>\t\t\t\t\t\t\t\t<\/div>\n\t\t\t\t<\/div>\n\t\t\t\t\t<\/div>\n\t\t\t\t<\/div>\n\t\t<div class=\"elementor-element elementor-element-iwgs-davidstern-lit e-flex e-con-boxed e-con e-parent\" data-id=\"iwgs-davidstern-lit\" data-element_type=\"container\" data-e-type=\"container\">\n\t\t\t\t\t<div class=\"e-con-inner\">\n\t\t\t\t<div class=\"elementor-element elementor-element-iwgs-davidstern-lith elementor-widget elementor-widget-heading\" data-id=\"iwgs-davidstern-lith\" data-element_type=\"widget\" data-e-type=\"widget\" data-widget_type=\"heading.default\">\n\t\t\t\t\t<h2 class=\"elementor-heading-title elementor-size-default\">Heimildir (\u00farval)<\/h2>\t\t\t\t<\/div>\n\t\t<div class=\"elementor-element elementor-element-iwgs-davidstern-litbox e-con-full e-flex e-con e-parent\" data-id=\"iwgs-davidstern-litbox\" data-element_type=\"container\" data-e-type=\"container\">\n\t\t\t\t<div class=\"elementor-element elementor-element-iwgs-davidstern-litt elementor-widget elementor-widget-html\" data-id=\"iwgs-davidstern-litt\" data-element_type=\"widget\" data-e-type=\"widget\" data-widget_type=\"html.default\">\n\t\t\t\t\t<footer data-nosnippet=\"true\"><ul><li>Gershom Scholem: <em>Das Davidschild. Geschichte eines Symbols<\/em> (1963)<\/li><li>Gerbern Oegema: <em>The History of the Shield of David<\/em> (1996)<\/li><li>Hans Biedermann: <em>Knaurs Lexikon der Symbole<\/em> (1989)<\/li><li>Joseph Gutmann: <em>The Jewish Sanctuary<\/em> (1983)<\/li><li>Lexikon des Judentums, greinin <em>Magen David<\/em><\/li><\/ul><\/footer>\t\t\t\t<\/div>\n\t\t\t\t<\/div>\n\t\t\t\t\t<\/div>\n\t\t\t\t<\/div>\n\t\t<div class=\"elementor-element elementor-element-iwgs-davidstern-kwd e-flex e-con-boxed e-con e-parent\" data-id=\"iwgs-davidstern-kwd\" data-element_type=\"container\" data-e-type=\"container\">\n\t\t\t\t\t<div class=\"e-con-inner\">\n\t\t\t\t<div class=\"elementor-element elementor-element-iwgs-davidstern-kwdt elementor-widget elementor-widget-text-editor\" data-id=\"iwgs-davidstern-kwdt\" data-element_type=\"widget\" data-e-type=\"widget\" data-widget_type=\"text-editor.default\">\n\t\t\t\t\t\t\t\t\t<p><em>Tengd leitaror\u00f0: Dav\u00ed\u00f0sstjarna Magen David sexhyrningsstjarna (hexagram) J\u00fadatr\u00fa Prag innsigli Sal\u00f3mons <span class=\"iwg-fachbegriff\" data-tooltip=\"Hlutur sem borinn er \u00e1 s\u00e9r og talinn hafa verndandi, \u00f3g\u00e6fuvarnandi verkun.\" tabindex=\"0\">verndargripur<\/span> skj\u00f6ldur.<\/em><\/p>\t\t\t\t\t\t\t\t<\/div>\n\t\t\t\t\t<\/div>\n\t\t\t\t<\/div>\n\t\t<div class=\"elementor-element elementor-element-iwgs-davidstern-cc e-flex e-con-boxed e-con e-parent\" data-id=\"iwgs-davidstern-cc\" data-element_type=\"container\" data-e-type=\"container\" id=\"iwg-cc-davidstern\">\n\t\t\t\t\t<div class=\"e-con-inner\">\n\t\t<div class=\"elementor-element elementor-element-iwgs-davidstern-ccinner e-flex e-con-boxed e-con e-parent\" data-id=\"iwgs-davidstern-ccinner\" data-element_type=\"container\" data-e-type=\"container\" data-settings=\"{&quot;background_background&quot;:&quot;classic&quot;}\">\n\t\t\t\t\t<div class=\"e-con-inner\">\n\t\t\t\t<div class=\"elementor-element elementor-element-iwgs-davidstern-cch elementor-widget elementor-widget-heading\" data-id=\"iwgs-davidstern-cch\" data-element_type=\"widget\" data-e-type=\"widget\" data-widget_type=\"heading.default\">\n\t\t\t\t\t<h2 class=\"elementor-heading-title elementor-size-default\">iWell Guard og verndarhef\u00f0ir<\/h2>\t\t\t\t<\/div>\n\t\t\t\t<div class=\"elementor-element elementor-element-iwgs-davidstern-cct elementor-widget elementor-widget-text-editor\" data-id=\"iwgs-davidstern-cct\" data-element_type=\"widget\" data-e-type=\"widget\" data-widget_type=\"text-editor.default\">\n\t\t\t\t\t\t\t\t\t<p>iWell Guard er hluti af \u00feeirri menningars\u00f6gulegu hef\u00f0 verndargripa sem bornir eru \u00e1 l\u00edkamanum, og til hennar telst einnig Dav\u00ed\u00f0sstjarnan. N\u00fat\u00edmalegur fylgihlutur fyrir f\u00f3lk sem lifir me\u00f0 verndart\u00e1knum: framleiddur \u00ed \u00de\u00fdskalandi, me\u00f0 41 lagi \u00far sk\u00edra gulli, plat\u00ednu og silfri, og 30 daga skilar\u00e9tti.<\/p>\t\t\t\t\t\t\t\t<\/div>\n\t\t\t\t<div class=\"elementor-element elementor-element-iwgs-davidstern-ccb iwg-cc-button iwg-cc-cta-2026-05-13 elementor-widget elementor-widget-jet-button\" data-id=\"iwgs-davidstern-ccb\" data-element_type=\"widget\" data-e-type=\"widget\" data-widget_type=\"jet-button.default\">\n\t\t\t\t<div class=\"elementor-widget-container\">\n\t\t\t\t\t<div class=\"elementor-jet-button jet-elements\"><div class=\"jet-button__container\"><a class=\"jet-button__instance jet-button__instance--icon-left hover-effect-1\" href=\"\/schutzanhaenger-iwell-guard-kaufen\/?utm_source=iwell-guard.com&amp;utm_medium=info-box&amp;utm_campaign=schutzsymbole\"><div class=\"jet-button__plane jet-button__plane-normal\"><\/div><div class=\"jet-button__plane jet-button__plane-hover\"><\/div><div class=\"jet-button__state jet-button__state-normal\"><span class=\"jet-button__label\">Meira um iWell Guard<\/span><\/div><div class=\"jet-button__state jet-button__state-hover\"><span class=\"jet-button__label\">Meira um iWell Guard<\/span><\/div><\/a><\/div><\/div><style>.elementor-element.elementor-element-iwgs-davidstern-ccb .jet-button__instance{width:320px;height:56px;}.elementor-element.elementor-element-iwgs-davidstern-ccb .jet-button__state-normal .jet-button__label{text-align:center;margin:0px 0px 0px 0px;color:#1a1b20;font-family:Montserrat,sans-serif;font-size:13px;font-weight:400;letter-spacing:4px;line-height:1.714em;text-transform:uppercase;}.elementor-element.elementor-element-iwgs-davidstern-ccb .jet-button__state-hover .jet-button__label{text-align:center;margin:0px 0px 0px 0px;color:#FECC76;font-family:Montserrat,sans-serif;font-size:13px;font-weight:400;letter-spacing:4px;line-height:1.714em;text-transform:uppercase;}.elementor-element.elementor-element-iwgs-davidstern-ccb .jet-button__plane-normal{background-color:#FECC76;border-style:solid;border-color:#C99540;border-width:2px 2px 2px 2px;}.elementor-element.elementor-element-iwgs-davidstern-ccb .jet-button__plane-hover{background-color:rgba(0,0,0,0.55);border-style:solid;border-color:#FECC76;border-width:2px 2px 2px 2px;}<\/style>\t\t\t\t<\/div>\n\t\t\t\t<\/div>\n\t\t\t\t<div class=\"elementor-element elementor-element-iwgs-davidstern-ccd elementor-widget elementor-widget-text-editor\" data-id=\"iwgs-davidstern-ccd\" data-element_type=\"widget\" data-e-type=\"widget\" data-widget_type=\"text-editor.default\">\n\t\t\t\t\t\t\t\t\t<p style=\"text-align:center;font-size:13px;opacity:0.7;margin-top:14px\" data-nosnippet=\"true\">Pers\u00f3nuleg reynsla getur veri\u00f0 mismunandi. Ekki l\u00e6kningat\u00e6ki. Engin lofor\u00f0 um l\u00e6kningu.<\/p>\t\t\t\t\t\t\t\t<\/div>\n\t\t\t\t\t<\/div>\n\t\t\t\t<\/div>\n\t\t\t\t\t<\/div>\n\t\t\t\t<\/div>\n\t\t<div class=\"elementor-element elementor-element-iwgs-davidstern-disc e-flex e-con-boxed e-con e-parent\" data-id=\"iwgs-davidstern-disc\" data-element_type=\"container\" data-e-type=\"container\">\n\t\t\t\t\t<div class=\"e-con-inner\">\n\t\t\t\t<div class=\"elementor-element elementor-element-iwgs-davidstern-discw elementor-widget elementor-widget-html\" data-id=\"iwgs-davidstern-discw\" data-element_type=\"widget\" data-e-type=\"widget\" data-widget_type=\"html.default\">\n\t\t\t\t\t<footer data-nosnippet=\"true\" class=\"iwg-disclaimer-block\"><p data-nosnippet=\"true\">iWell Guard er <strong>ekki l\u00e6kningat\u00e6ki<\/strong> og kemur ekki \u00ed sta\u00f0 l\u00e6knis- e\u00f0a s\u00e1lfr\u00e6\u00f0ime\u00f0fer\u00f0ar. Innihaldi\u00f0 sem h\u00e9r er sett fram er tr\u00faarbrag\u00f0afr\u00e6\u00f0ileg og menningars\u00f6gulega greining, ekki lofor\u00f0 um andlega virkni.<\/p><\/footer>\t\t\t\t<\/div>\n\t\t\t\t\t<\/div>\n\t\t\t\t<\/div>\n\t\t\t\t<\/div>\n\t\t","protected":false},"excerpt":{"rendered":"","protected":false},"author":3,"featured_media":3499,"parent":0,"menu_order":0,"comment_status":"closed","ping_status":"closed","template":"elementor_header_footer","meta":{"_yoast_wpseo_focuskw":"Dav\u00ed\u00f0sstjarnan","_yoast_wpseo_title":"Dav\u00ed\u00f0sstjarnan \u2013 Magen David \u00fatsk\u00fdr\u00f0","_yoast_wpseo_metadesc":"Dav\u00ed\u00f0sstjarnan, \u00e1 hebresku Magen David, er t\u00e1kn gy\u00f0ingd\u00f3msins. Saga, merking og verndarhef\u00f0 \u00fatsk\u00fdr\u00f0 \u00e1 sk\u00fdran h\u00e1tt.","_yoast_wpseo_meta-robots-noindex":"","_yoast_wpseo_canonical":"","_angie_page":false,"gefaehrdungsstufe":"","wesen_kultur":"","wesen_klasse":"","footnotes":""},"categories":[],"class_list":["post-169142","page","type-page","status-publish","has-post-thumbnail","hentry"],"yoast_head":"<!-- This site is optimized with the Yoast SEO Premium plugin v27.7 (Yoast SEO v28.3) - https:\/\/yoast.com\/product\/yoast-seo-premium-wordpress\/ -->\n<title>Dav\u00ed\u00f0sstjarnan \u2013 Magen David \u00fatsk\u00fdr\u00f0<\/title>\n<meta name=\"description\" content=\"Dav\u00ed\u00f0sstjarnan, \u00e1 hebresku Magen David, er t\u00e1kn gy\u00f0ingd\u00f3msins. Saga, merking og verndarhef\u00f0 \u00fatsk\u00fdr\u00f0 \u00e1 sk\u00fdran h\u00e1tt.\" \/>\n<meta name=\"robots\" content=\"index, follow, max-snippet:-1, max-image-preview:large, max-video-preview:-1\" \/>\n<link rel=\"canonical\" href=\"https:\/\/iwell-guard.com\/is\/davidsstjarnan-verndartakn\/\" \/>\n<meta property=\"og:locale\" content=\"is_IS\" \/>\n<meta property=\"og:type\" content=\"article\" \/>\n<meta property=\"og:title\" content=\"Dav\u00ed\u00f0sstjarnan \u2013 Magen David sem verndart\u00e1kn\" \/>\n<meta property=\"og:description\" content=\"Dav\u00ed\u00f0sstjarnan, \u00e1 hebresku Magen David, er t\u00e1kn gy\u00f0ingd\u00f3msins. Saga, merking og verndarhef\u00f0 \u00fatsk\u00fdr\u00f0 \u00e1 sk\u00fdran h\u00e1tt.\" \/>\n<meta property=\"og:url\" content=\"https:\/\/iwell-guard.com\/is\/davidsstjarnan-verndartakn\/\" \/>\n<meta property=\"og:site_name\" content=\"iWell Guard\" \/>\n<meta property=\"article:modified_time\" content=\"2026-09-05T14:33:18+00:00\" \/>\n<meta property=\"og:image\" content=\"https:\/\/iwell-guard.com\/wp-content\/uploads\/2026\/05\/schutzsymbol_judentum_davidstern.webp\" \/>\n\t<meta property=\"og:image:width\" content=\"1024\" \/>\n\t<meta property=\"og:image:height\" content=\"1536\" \/>\n\t<meta property=\"og:image:type\" content=\"image\/webp\" \/>\n<meta name=\"twitter:card\" content=\"summary_large_image\" \/>\n<script type=\"application\/ld+json\" class=\"yoast-schema-graph\">{\"@context\":\"https:\\\/\\\/schema.org\",\"@graph\":[{\"@type\":\"WebPage\",\"@id\":\"https:\\\/\\\/iwell-guard.com\\\/is\\\/davidsstjarnan-verndartakn\\\/\",\"url\":\"https:\\\/\\\/iwell-guard.com\\\/is\\\/davidsstjarnan-verndartakn\\\/\",\"name\":\"Dav\u00ed\u00f0sstjarnan \u2013 Magen David \u00fatsk\u00fdr\u00f0\",\"isPartOf\":{\"@id\":\"https:\\\/\\\/iwell-guard.com\\\/is\\\/#website\"},\"primaryImageOfPage\":{\"@id\":\"https:\\\/\\\/iwell-guard.com\\\/is\\\/davidsstjarnan-verndartakn\\\/#primaryimage\"},\"image\":{\"@id\":\"https:\\\/\\\/iwell-guard.com\\\/is\\\/davidsstjarnan-verndartakn\\\/#primaryimage\"},\"thumbnailUrl\":\"https:\\\/\\\/iwell-guard.com\\\/wp-content\\\/uploads\\\/2026\\\/05\\\/schutzsymbol_judentum_davidstern.webp\",\"datePublished\":\"2026-09-05T14:05:57+00:00\",\"dateModified\":\"2026-09-05T14:33:18+00:00\",\"description\":\"Dav\u00ed\u00f0sstjarnan, \u00e1 hebresku Magen David, er t\u00e1kn gy\u00f0ingd\u00f3msins. Saga, merking og verndarhef\u00f0 \u00fatsk\u00fdr\u00f0 \u00e1 sk\u00fdran h\u00e1tt.\",\"breadcrumb\":{\"@id\":\"https:\\\/\\\/iwell-guard.com\\\/is\\\/davidsstjarnan-verndartakn\\\/#breadcrumb\"},\"inLanguage\":\"is\",\"potentialAction\":[{\"@type\":\"ReadAction\",\"target\":[\"https:\\\/\\\/iwell-guard.com\\\/is\\\/davidsstjarnan-verndartakn\\\/\"]}]},{\"@type\":\"ImageObject\",\"inLanguage\":\"is\",\"@id\":\"https:\\\/\\\/iwell-guard.com\\\/is\\\/davidsstjarnan-verndartakn\\\/#primaryimage\",\"url\":\"https:\\\/\\\/iwell-guard.com\\\/wp-content\\\/uploads\\\/2026\\\/05\\\/schutzsymbol_judentum_davidstern.webp\",\"contentUrl\":\"https:\\\/\\\/iwell-guard.com\\\/wp-content\\\/uploads\\\/2026\\\/05\\\/schutzsymbol_judentum_davidstern.webp\",\"width\":1024,\"height\":1536,\"caption\":\"Verndart\u00e1kn. Myndskreyting \u00ed safnst\u00edl.\"},{\"@type\":\"BreadcrumbList\",\"@id\":\"https:\\\/\\\/iwell-guard.com\\\/is\\\/davidsstjarnan-verndartakn\\\/#breadcrumb\",\"itemListElement\":[{\"@type\":\"ListItem\",\"position\":1,\"name\":\"Start\",\"item\":\"https:\\\/\\\/iwell-guard.com\\\/is\\\/?page_id=168580\"},{\"@type\":\"ListItem\",\"position\":2,\"name\":\"Dav\u00ed\u00f0sstjarnan \u2013 Magen David sem verndart\u00e1kn\"}]},{\"@type\":\"WebSite\",\"@id\":\"https:\\\/\\\/iwell-guard.com\\\/is\\\/#website\",\"url\":\"https:\\\/\\\/iwell-guard.com\\\/is\\\/\",\"name\":\"iWell Guard\",\"description\":\"Schutz vor dunklen Einfl\u00fcssen\",\"publisher\":{\"@id\":\"https:\\\/\\\/iwell-guard.com\\\/is\\\/#organization\"},\"potentialAction\":[{\"@type\":\"SearchAction\",\"target\":{\"@type\":\"EntryPoint\",\"urlTemplate\":\"https:\\\/\\\/iwell-guard.com\\\/is\\\/?s={search_term_string}\"},\"query-input\":{\"@type\":\"PropertyValueSpecification\",\"valueRequired\":true,\"valueName\":\"search_term_string\"}}],\"inLanguage\":\"is\"},{\"@type\":\"Organization\",\"@id\":\"https:\\\/\\\/iwell-guard.com\\\/is\\\/#organization\",\"name\":\"Ittermann electronic GmbH\",\"url\":\"https:\\\/\\\/iwell-guard.com\\\/is\\\/\",\"logo\":{\"@type\":\"ImageObject\",\"inLanguage\":\"is\",\"@id\":\"https:\\\/\\\/iwell-guard.com\\\/is\\\/#\\\/schema\\\/logo\\\/image\\\/\",\"url\":\"https:\\\/\\\/iwell-guard.com\\\/wp-content\\\/uploads\\\/2026\\\/05\\\/Ittermann-Logo-1182x237-1.png\",\"contentUrl\":\"https:\\\/\\\/iwell-guard.com\\\/wp-content\\\/uploads\\\/2026\\\/05\\\/Ittermann-Logo-1182x237-1.png\",\"width\":1182,\"height\":237,\"caption\":\"Ittermann electronic GmbH\"},\"image\":{\"@id\":\"https:\\\/\\\/iwell-guard.com\\\/is\\\/#\\\/schema\\\/logo\\\/image\\\/\"},\"sameAs\":[\"https:\\\/\\\/pantip.com\\\/profile\\\/9367242\",\"https:\\\/\\\/micro.blog\\\/iwellguard\",\"https:\\\/\\\/www.diggerslist.com\\\/iwellguard\\\/about\",\"https:\\\/\\\/skitterphoto.com\\\/photographers\\\/2870314\\\/iwell-guard\",\"https:\\\/\\\/iwellguard.wordpress.com\\\/2026\\\/06\\\/06\\\/iwell-guard\\\/\",\"https:\\\/\\\/hub.docker.com\\\/u\\\/iwellguard\",\"https:\\\/\\\/www.pinterest.com\\\/iwellguard\\\/\",\"https:\\\/\\\/bit.ly\\\/m\\\/iwellguard\",\"https:\\\/\\\/entre-vos-mains.alsace.eu\\\/profiles\\\/iwellguard\\\/activity\",\"https:\\\/\\\/gravatar.com\\\/reallybeded8fd34\",\"https:\\\/\\\/naijamatta.com\\\/iwellguard\",\"https:\\\/\\\/www.goodreads.com\\\/iwellguard\",\"https:\\\/\\\/profile.hatena.ne.jp\\\/iwellguard\\\/\",\"https:\\\/\\\/experiment.com\\\/users\\\/iwellguard\",\"https:\\\/\\\/wakelet.com\\\/@iWellGuard82270\",\"https:\\\/\\\/www.chordie.com\\\/forum\\\/profile.php?id=2555664\",\"https:\\\/\\\/www.instapaper.com\\\/p\\\/17757966\",\"https:\\\/\\\/www.mapleprimes.com\\\/users\\\/iwellguard\",\"https:\\\/\\\/businesslistingplus.com\\\/profile\\\/iwell-guard\\\/\",\"https:\\\/\\\/telegra.ph\\\/iWell-Guard-06-06\",\"https:\\\/\\\/pbase.com\\\/iwellguard\\\/iwellguard\",\"https:\\\/\\\/b.hatena.ne.jp\\\/iwellguard\\\/20260607#bookmark-4788405196491818882\",\"https:\\\/\\\/fliphtml5.com\\\/home\\\/iwellguard\",\"https:\\\/\\\/anyflip.com\\\/homepage\\\/cmiwl#About\",\"https:\\\/\\\/transfur.com\\\/Users\\\/iwellguard\",\"http:\\\/\\\/delphi.larsbo.org\\\/user\\\/iwellguard\",\"https:\\\/\\\/jobs.lajobsportal.org\\\/profiles\\\/8380803-iwell-guard\",\"https:\\\/\\\/md.chaosdorf.de\\\/s\\\/jfbe5SBdJD\",\"https:\\\/\\\/www.lingvolive.com\\\/en-us\\\/profile\\\/9ecaeaca-ce11-4e51-9e71-01d55e2bff36\\\/translations\",\"https:\\\/\\\/www.fitday.com\\\/fitness\\\/forums\\\/members\\\/iwellguard.html\",\"https:\\\/\\\/www.mymeetbook.com\\\/iwellguard\",\"https:\\\/\\\/pxhere.com\\\/en\\\/photographer-me\\\/5040798\",\"https:\\\/\\\/disqus.com\\\/by\\\/iwellguard\\\/about\\\/\",\"https:\\\/\\\/pastelink.net\\\/hjwciqwq\",\"https:\\\/\\\/pubhtml5.com\\\/homepage\\\/scjhn\\\/\",\"https:\\\/\\\/www.bitchute.com\\\/channel\\\/2O2eOKzNqujT\",\"https:\\\/\\\/audiomack.com\\\/iwellguard\"]}]}<\/script>\n<!-- \/ Yoast SEO Premium plugin. -->","yoast_head_json":{"title":"Dav\u00ed\u00f0sstjarnan \u2013 Magen David \u00fatsk\u00fdr\u00f0","description":"Dav\u00ed\u00f0sstjarnan, \u00e1 hebresku Magen David, er t\u00e1kn gy\u00f0ingd\u00f3msins. Saga, merking og verndarhef\u00f0 \u00fatsk\u00fdr\u00f0 \u00e1 sk\u00fdran h\u00e1tt.","robots":{"index":"index","follow":"follow","max-snippet":"max-snippet:-1","max-image-preview":"max-image-preview:large","max-video-preview":"max-video-preview:-1"},"canonical":"https:\/\/iwell-guard.com\/is\/davidsstjarnan-verndartakn\/","og_locale":"is_IS","og_type":"article","og_title":"Dav\u00ed\u00f0sstjarnan \u2013 Magen David sem verndart\u00e1kn","og_description":"Dav\u00ed\u00f0sstjarnan, \u00e1 hebresku Magen David, er t\u00e1kn gy\u00f0ingd\u00f3msins. Saga, merking og verndarhef\u00f0 \u00fatsk\u00fdr\u00f0 \u00e1 sk\u00fdran h\u00e1tt.","og_url":"https:\/\/iwell-guard.com\/is\/davidsstjarnan-verndartakn\/","og_site_name":"iWell Guard","article_modified_time":"2026-09-05T14:33:18+00:00","og_image":[{"width":1024,"height":1536,"url":"https:\/\/iwell-guard.com\/wp-content\/uploads\/2026\/05\/schutzsymbol_judentum_davidstern.webp","type":"image\/webp"}],"twitter_card":"summary_large_image","schema":{"@context":"https:\/\/schema.org","@graph":[{"@type":"WebPage","@id":"https:\/\/iwell-guard.com\/is\/davidsstjarnan-verndartakn\/","url":"https:\/\/iwell-guard.com\/is\/davidsstjarnan-verndartakn\/","name":"Dav\u00ed\u00f0sstjarnan \u2013 Magen David \u00fatsk\u00fdr\u00f0","isPartOf":{"@id":"https:\/\/iwell-guard.com\/is\/#website"},"primaryImageOfPage":{"@id":"https:\/\/iwell-guard.com\/is\/davidsstjarnan-verndartakn\/#primaryimage"},"image":{"@id":"https:\/\/iwell-guard.com\/is\/davidsstjarnan-verndartakn\/#primaryimage"},"thumbnailUrl":"https:\/\/iwell-guard.com\/wp-content\/uploads\/2026\/05\/schutzsymbol_judentum_davidstern.webp","datePublished":"2026-09-05T14:05:57+00:00","dateModified":"2026-09-05T14:33:18+00:00","description":"Dav\u00ed\u00f0sstjarnan, \u00e1 hebresku Magen David, er t\u00e1kn gy\u00f0ingd\u00f3msins. Saga, merking og verndarhef\u00f0 \u00fatsk\u00fdr\u00f0 \u00e1 sk\u00fdran h\u00e1tt.","breadcrumb":{"@id":"https:\/\/iwell-guard.com\/is\/davidsstjarnan-verndartakn\/#breadcrumb"},"inLanguage":"is","potentialAction":[{"@type":"ReadAction","target":["https:\/\/iwell-guard.com\/is\/davidsstjarnan-verndartakn\/"]}]},{"@type":"ImageObject","inLanguage":"is","@id":"https:\/\/iwell-guard.com\/is\/davidsstjarnan-verndartakn\/#primaryimage","url":"https:\/\/iwell-guard.com\/wp-content\/uploads\/2026\/05\/schutzsymbol_judentum_davidstern.webp","contentUrl":"https:\/\/iwell-guard.com\/wp-content\/uploads\/2026\/05\/schutzsymbol_judentum_davidstern.webp","width":1024,"height":1536,"caption":"Verndart\u00e1kn. Myndskreyting \u00ed safnst\u00edl."},{"@type":"BreadcrumbList","@id":"https:\/\/iwell-guard.com\/is\/davidsstjarnan-verndartakn\/#breadcrumb","itemListElement":[{"@type":"ListItem","position":1,"name":"Start","item":"https:\/\/iwell-guard.com\/is\/?page_id=168580"},{"@type":"ListItem","position":2,"name":"Dav\u00ed\u00f0sstjarnan \u2013 Magen David sem verndart\u00e1kn"}]},{"@type":"WebSite","@id":"https:\/\/iwell-guard.com\/is\/#website","url":"https:\/\/iwell-guard.com\/is\/","name":"iWell Guard","description":"Schutz vor dunklen Einfl\u00fcssen","publisher":{"@id":"https:\/\/iwell-guard.com\/is\/#organization"},"potentialAction":[{"@type":"SearchAction","target":{"@type":"EntryPoint","urlTemplate":"https:\/\/iwell-guard.com\/is\/?s={search_term_string}"},"query-input":{"@type":"PropertyValueSpecification","valueRequired":true,"valueName":"search_term_string"}}],"inLanguage":"is"},{"@type":"Organization","@id":"https:\/\/iwell-guard.com\/is\/#organization","name":"Ittermann electronic GmbH","url":"https:\/\/iwell-guard.com\/is\/","logo":{"@type":"ImageObject","inLanguage":"is","@id":"https:\/\/iwell-guard.com\/is\/#\/schema\/logo\/image\/","url":"https:\/\/iwell-guard.com\/wp-content\/uploads\/2026\/05\/Ittermann-Logo-1182x237-1.png","contentUrl":"https:\/\/iwell-guard.com\/wp-content\/uploads\/2026\/05\/Ittermann-Logo-1182x237-1.png","width":1182,"height":237,"caption":"Ittermann electronic GmbH"},"image":{"@id":"https:\/\/iwell-guard.com\/is\/#\/schema\/logo\/image\/"},"sameAs":["https:\/\/pantip.com\/profile\/9367242","https:\/\/micro.blog\/iwellguard","https:\/\/www.diggerslist.com\/iwellguard\/about","https:\/\/skitterphoto.com\/photographers\/2870314\/iwell-guard","https:\/\/iwellguard.wordpress.com\/2026\/06\/06\/iwell-guard\/","https:\/\/hub.docker.com\/u\/iwellguard","https:\/\/www.pinterest.com\/iwellguard\/","https:\/\/bit.ly\/m\/iwellguard","https:\/\/entre-vos-mains.alsace.eu\/profiles\/iwellguard\/activity","https:\/\/gravatar.com\/reallybeded8fd34","https:\/\/naijamatta.com\/iwellguard","https:\/\/www.goodreads.com\/iwellguard","https:\/\/profile.hatena.ne.jp\/iwellguard\/","https:\/\/experiment.com\/users\/iwellguard","https:\/\/wakelet.com\/@iWellGuard82270","https:\/\/www.chordie.com\/forum\/profile.php?id=2555664","https:\/\/www.instapaper.com\/p\/17757966","https:\/\/www.mapleprimes.com\/users\/iwellguard","https:\/\/businesslistingplus.com\/profile\/iwell-guard\/","https:\/\/telegra.ph\/iWell-Guard-06-06","https:\/\/pbase.com\/iwellguard\/iwellguard","https:\/\/b.hatena.ne.jp\/iwellguard\/20260607#bookmark-4788405196491818882","https:\/\/fliphtml5.com\/home\/iwellguard","https:\/\/anyflip.com\/homepage\/cmiwl#About","https:\/\/transfur.com\/Users\/iwellguard","http:\/\/delphi.larsbo.org\/user\/iwellguard","https:\/\/jobs.lajobsportal.org\/profiles\/8380803-iwell-guard","https:\/\/md.chaosdorf.de\/s\/jfbe5SBdJD","https:\/\/www.lingvolive.com\/en-us\/profile\/9ecaeaca-ce11-4e51-9e71-01d55e2bff36\/translations","https:\/\/www.fitday.com\/fitness\/forums\/members\/iwellguard.html","https:\/\/www.mymeetbook.com\/iwellguard","https:\/\/pxhere.com\/en\/photographer-me\/5040798","https:\/\/disqus.com\/by\/iwellguard\/about\/","https:\/\/pastelink.net\/hjwciqwq","https:\/\/pubhtml5.com\/homepage\/scjhn\/","https:\/\/www.bitchute.com\/channel\/2O2eOKzNqujT","https:\/\/audiomack.com\/iwellguard"]}]}},"_links":{"self":[{"href":"https:\/\/iwell-guard.com\/is\/wp-json\/wp\/v2\/pages\/169142","targetHints":{"allow":["GET"]}}],"collection":[{"href":"https:\/\/iwell-guard.com\/is\/wp-json\/wp\/v2\/pages"}],"about":[{"href":"https:\/\/iwell-guard.com\/is\/wp-json\/wp\/v2\/types\/page"}],"author":[{"embeddable":true,"href":"https:\/\/iwell-guard.com\/is\/wp-json\/wp\/v2\/users\/3"}],"replies":[{"embeddable":true,"href":"https:\/\/iwell-guard.com\/is\/wp-json\/wp\/v2\/comments?post=169142"}],"version-history":[{"count":0,"href":"https:\/\/iwell-guard.com\/is\/wp-json\/wp\/v2\/pages\/169142\/revisions"}],"wp:featuredmedia":[{"embeddable":true,"href":"https:\/\/iwell-guard.com\/is\/wp-json\/wp\/v2\/media\/3499"}],"wp:attachment":[{"href":"https:\/\/iwell-guard.com\/is\/wp-json\/wp\/v2\/media?parent=169142"}],"wp:term":[{"taxonomy":"category","embeddable":true,"href":"https:\/\/iwell-guard.com\/is\/wp-json\/wp\/v2\/categories?post=169142"}],"curies":[{"name":"wp","href":"https:\/\/api.w.org\/{rel}","templated":true}]}}