{"id":169141,"date":"2026-09-05T14:05:56","date_gmt":"2026-09-05T14:05:56","guid":{"rendered":"https:\/\/iwell-guard.com\/?page_id=169141"},"modified":"2026-09-05T14:33:16","modified_gmt":"2026-09-05T14:33:16","slug":"keltverskur-kross-hakross-verndartakn","status":"publish","type":"page","link":"https:\/\/iwell-guard.com\/is\/keltverskur-kross-hakross-verndartakn\/","title":{"rendered":"Keltverskur kross \u2013 h\u00e1kross og verndart\u00e1kn"},"content":{"rendered":"\t\t<div data-elementor-type=\"wp-page\" data-elementor-id=\"169141\" class=\"elementor elementor-169141 elementor-3619 elementor-bc-flex-widget\" data-elementor-post-type=\"page\">\n\t\t\t\t<div class=\"elementor-element elementor-element-iwgs-keltischeskr-hero e-flex e-con-boxed e-con e-parent\" data-id=\"iwgs-keltischeskr-hero\" data-element_type=\"container\" data-e-type=\"container\">\n\t\t\t\t\t<div class=\"e-con-inner\">\n\t\t<div class=\"elementor-element elementor-element-iwgs-keltischeskr-hl e-flex e-con-boxed e-con e-parent\" data-id=\"iwgs-keltischeskr-hl\" data-element_type=\"container\" data-e-type=\"container\">\n\t\t\t\t\t<div class=\"e-con-inner\">\n\t\t<div class=\"elementor-element elementor-element-iwgs-keltischeskr-hlbox e-con-full e-flex e-con e-parent\" data-id=\"iwgs-keltischeskr-hlbox\" data-element_type=\"container\" data-e-type=\"container\">\n\t\t\t\t<div class=\"elementor-element elementor-element-iwgs-keltischeskr-h1 elementor-widget elementor-widget-heading\" data-id=\"iwgs-keltischeskr-h1\" data-element_type=\"widget\" data-e-type=\"widget\" data-widget_type=\"heading.default\">\n\t\t\t\t\t<h1 class=\"elementor-heading-title elementor-size-default\">Keltverski krossinn \u2013 h\u00e1kross og kristi\u00f0 verndart\u00e1kn<\/h1>\t\t\t\t<\/div>\n\t\t\t\t<div class=\"elementor-element elementor-element-iwgs-keltischeskr-lead elementor-widget elementor-widget-text-editor\" data-id=\"iwgs-keltischeskr-lead\" data-element_type=\"widget\" data-e-type=\"widget\" data-widget_type=\"text-editor.default\">\n\t\t\t\t\t\t\t\t\t<p>Keltverski krossinn sameinar krossform og hring umhverfis skur\u00f0punkt bj\u00e1lkanna. Hann m\u00e1 rekja til steinh\u00e1krossa \u00cdrlands og Bretlands og telst me\u00f0al \u00e1hrifamestu kristnu minnismerkja fyrri hluta mi\u00f0aldar.<\/p>\t\t\t\t\t\t\t\t<\/div>\n\t\t\t\t<\/div>\n\t\t\t\t<div class=\"elementor-element elementor-element-iwgs-keltischeskr-pills elementor-widget elementor-widget-html\" data-id=\"iwgs-keltischeskr-pills\" data-element_type=\"widget\" data-e-type=\"widget\" data-widget_type=\"html.default\">\n\t\t\t\t\t<div class=\"iwg-pill-row\"><span class=\"iwg-klasse-badge\" tabindex=\"0\" data-tooltip=\"Verndart\u00e1kn, verndargripur e\u00f0a ap\u00f3tr\u00f3pa\u00edskur hlutur.\">Verndart\u00e1kn<\/span><a href=\"https:\/\/iwell-guard.com\/is\/keltneskt\/\" class=\"iwg-kultur-badge\" tabindex=\"0\" data-tooltip=\"Verndarhef\u00f0: Keltverskt\">Keltverskt<\/a><span class=\"iwg-tradition-badge\" tabindex=\"0\" data-tooltip=\"T\u00e1kn \u00far hinum kristna tr\u00faarheimi.\">Kristi\u00f0 t\u00e1kn<\/span><\/div>\t\t\t\t<\/div>\n\t\t\t\t\t<\/div>\n\t\t\t\t<\/div>\n\t\t<div class=\"elementor-element elementor-element-iwgs-keltischeskr-hr e-con-full e-flex e-con e-parent\" data-id=\"iwgs-keltischeskr-hr\" data-element_type=\"container\" data-e-type=\"container\">\n\t\t\t\t<div class=\"elementor-element elementor-element-iwgs-keltischeskr-himg iwg-hero-image elementor-widget elementor-widget-image\" data-id=\"iwgs-keltischeskr-himg\" data-element_type=\"widget\" data-e-type=\"widget\" data-widget_type=\"image.default\">\n\t\t\t\t\t\t\t\t\t\t\t\t\t\t\t<img fetchpriority=\"high\" decoding=\"async\" width=\"683\" height=\"1024\" src=\"https:\/\/iwell-guard.com\/wp-content\/uploads\/2026\/05\/schutzsymbol_keltisch_keltisches-kreuz-683x1024.webp\" class=\"attachment-large size-large wp-image-170562\" alt=\"Keltneskur kross - verndart\u00e1kn, safnfr\u00e6\u00f0ileg myndskreyting\" srcset=\"https:\/\/iwell-guard.com\/wp-content\/uploads\/2026\/05\/schutzsymbol_keltisch_keltisches-kreuz-683x1024.webp 683w, https:\/\/iwell-guard.com\/wp-content\/uploads\/2026\/05\/schutzsymbol_keltisch_keltisches-kreuz-200x300.webp 200w, https:\/\/iwell-guard.com\/wp-content\/uploads\/2026\/05\/schutzsymbol_keltisch_keltisches-kreuz-768x1152.webp 768w, https:\/\/iwell-guard.com\/wp-content\/uploads\/2026\/05\/schutzsymbol_keltisch_keltisches-kreuz.webp 1024w\" sizes=\"(max-width: 683px) 100vw, 683px\" \/>\t\t\t\t\t\t\t\t\t\t\t\t\t\t\t<\/div>\n\t\t\t\t<\/div>\n\t\t\t\t\t<\/div>\n\t\t\t\t<\/div>\n\t\t<div class=\"elementor-element elementor-element-iwgs-keltischeskr-s0 e-flex e-con-boxed e-con e-parent\" data-id=\"iwgs-keltischeskr-s0\" data-element_type=\"container\" data-e-type=\"container\">\n\t\t\t\t\t<div class=\"e-con-inner\">\n\t\t\t\t<div class=\"elementor-element elementor-element-iwgs-keltischeskr-s0h elementor-widget elementor-widget-heading\" data-id=\"iwgs-keltischeskr-s0h\" data-element_type=\"widget\" data-e-type=\"widget\" data-widget_type=\"heading.default\">\n\t\t\t\t\t<h2 class=\"elementor-heading-title elementor-size-default\">Yfirlit<\/h2>\t\t\t\t<\/div>\n\t\t<div class=\"elementor-element elementor-element-iwgs-keltischeskr-s0box e-con-full e-flex e-con e-parent\" data-id=\"iwgs-keltischeskr-s0box\" data-element_type=\"container\" data-e-type=\"container\">\n\t\t\t\t<div class=\"elementor-element elementor-element-iwgs-keltischeskr-s0t elementor-widget elementor-widget-text-editor\" data-id=\"iwgs-keltischeskr-s0t\" data-element_type=\"widget\" data-e-type=\"widget\" data-widget_type=\"text-editor.default\">\n\t\t\t\t\t\t\t\t\t<p>Keltverski krossinn er s\u00e9rstakt form af kristnum krossi. Einkenni hans er hringur sem umlykur skur\u00f0punkt l\u00f3\u00f0r\u00e9tta og l\u00e1r\u00e9tta bj\u00e1lkans. \u00deessi samsetning kross og hrings gerir t\u00e1kni\u00f0 einstakt \u00ed sinni r\u00f6\u00f0. \u00dea\u00f0 er me\u00f0al \u00feekktustu t\u00e1kna sem tengd eru hinum <a href=\"https:\/\/iwell-guard.com\/is\/keltneskt\/\">keltverska<\/a> heimi.<\/p><p>Uppruna sinn hefur keltverski krossinn \u00ed steinh\u00e1krossum \u00cdrlands og Bretlands. \u00deessir krossar ur\u00f0u til \u00e1 fyrri hluta mi\u00f0alda og teljast me\u00f0al mestu vitnisbur\u00f0a listar Bretlandseyja \u00e1 \u00feeim t\u00edma. Keltverski krossinn var \u00feannig upphaflega minnismerki og a\u00f0eins s\u00ed\u00f0ar t\u00e1kn sem bori\u00f0 var \u00e1 l\u00edkamanum.<\/p><p>\u00cd listas\u00f6gu er keltverski krossinn vel rannsaka\u00f0ur. S\u00f6gu hans m\u00e1 rekja me\u00f0 hj\u00e1lp \u00feeirra steinkrossa sem enn eru var\u00f0veittir. \u00deessi g\u00f3\u00f0a heimildasta\u00f0a gerir m\u00f6gulegt a\u00f0 l\u00fdsa honum n\u00e1kv\u00e6mlega. \u00cd \u00fev\u00ed sker hann sig fr\u00e1 t\u00e1knum sem uppruni \u00feeirra er \u00e1 huldu.<\/p><p>Sem verndart\u00e1kn heyrir keltverski krossinn til kristninnar. Hann veitir vernd samkv\u00e6mt kristnum skilningi \u00fear sem hann s\u00fdnir kross Krists og v\u00edsar til sigurs hans yfir dau\u00f0anum. Hringurinn kemur til sem vi\u00f0b\u00f3tar\u00fe\u00e1ttur. Keltverski krossinn er \u00feannig sj\u00e1lfst\u00e6tt afbrig\u00f0i hins almenna kristna krosst\u00e1kns.<\/p>\t\t\t\t\t\t\t\t<\/div>\n\t\t\t\t<\/div>\n\t\t\t\t\t<\/div>\n\t\t\t\t<\/div>\n\t\t<div class=\"elementor-element elementor-element-iwgs-keltischeskr-s1 e-flex e-con-boxed e-con e-parent\" data-id=\"iwgs-keltischeskr-s1\" data-element_type=\"container\" data-e-type=\"container\">\n\t\t\t\t\t<div class=\"e-con-inner\">\n\t\t\t\t<div class=\"elementor-element elementor-element-iwgs-keltischeskr-s1h elementor-widget elementor-widget-heading\" data-id=\"iwgs-keltischeskr-s1h\" data-element_type=\"widget\" data-e-type=\"widget\" data-widget_type=\"heading.default\">\n\t\t\t\t\t<h2 class=\"elementor-heading-title elementor-size-default\">Form: kross og hringur<\/h2>\t\t\t\t<\/div>\n\t\t<div class=\"elementor-element elementor-element-iwgs-keltischeskr-s1box e-con-full e-flex e-con e-parent\" data-id=\"iwgs-keltischeskr-s1box\" data-element_type=\"container\" data-e-type=\"container\">\n\t\t\t\t<div class=\"elementor-element elementor-element-iwgs-keltischeskr-s1t elementor-widget elementor-widget-text-editor\" data-id=\"iwgs-keltischeskr-s1t\" data-element_type=\"widget\" data-e-type=\"widget\" data-widget_type=\"text-editor.default\">\n\t\t\t\t\t\t\t\t\t<p>Grunnform keltverska krossins er au\u00f0l\u00fdst. \u00dea\u00f0 er kross \u00fear sem hringur sker e\u00f0a umlykur fj\u00f3ra arma hans. Hringurinn sit n\u00e1kv\u00e6mlega \u00fear sem l\u00f3\u00f0r\u00e9tti bj\u00e1lkinn og l\u00e1r\u00e9ttur bj\u00e1lkinn skerast. Hann tengir armana fj\u00f3ra saman.<\/p><p>Hlutf\u00f6llin geta veri\u00f0 breytileg. \u00cd m\u00f6rgum keltverskum krossum er l\u00f3\u00f0r\u00e9tti bj\u00e1lkinn talsvert lengdur, \u00feannig a\u00f0 grunnformi\u00f0 minnir \u00e1 latneska krossinn. \u00cd \u00f6\u00f0rum eru armarnir n\u00e1nast jafn langir, sem n\u00e1lgast gr\u00edska krossinn. Hringurinn er \u00ed \u00f6llum tilvikum s\u00e1 \u00fe\u00e1ttur sem tengir \u00fe\u00e1 saman.<\/p><p>Um merkingu hringsins eru til \u00fdmsar huglei\u00f0ingar. \u00cd hreinu byggingarlegu tilliti gaf hringurinn v\u00ed\u00f0um, \u00fatst\u00e6\u00f0um \u00f6rmum steinkross st\u00f6\u00f0ugleika og styrk. Hann kom \u00ed veg fyrir a\u00f0 fr\u00edstandandi armarnir brotnu\u00f0u. \u00deessi hagn\u00fdta \u00fatsk\u00fdring er au\u00f0skilin.<\/p><p>Auk hins byggingarlega tilgangs var hringurinn einnig t\u00falka\u00f0ur \u00e1 fleiri vegu. Algeng t\u00falkun er sem t\u00e1kn eil\u00edf\u00f0ar e\u00f0a sem <span class=\"iwg-fachbegriff\" data-tooltip=\"Sk\u00fdr mynd sem t\u00e1knar \u00f3hlutbundna hugmynd.\" tabindex=\"0\">l\u00edking<\/span> s\u00f3lar og lj\u00f3ss. Hva\u00f0a t\u00falkun smi\u00f0irnir h\u00f6f\u00f0u \u00ed huga er ekki alltaf var\u00f0veitt. \u00d6ruggt er a\u00f0 hringurinn gefur keltverska krossinum s\u00edna s\u00e9rst\u00f6ku, loku\u00f0u mynd.<\/p>\t\t\t\t\t\t\t\t<\/div>\n\t\t\t\t<\/div>\n\t\t\t\t\t<\/div>\n\t\t\t\t<\/div>\n\t\t<div class=\"elementor-element elementor-element-iwgs-keltischeskr-s2 e-flex e-con-boxed e-con e-parent\" data-id=\"iwgs-keltischeskr-s2\" data-element_type=\"container\" data-e-type=\"container\">\n\t\t\t\t\t<div class=\"e-con-inner\">\n\t\t\t\t<div class=\"elementor-element elementor-element-iwgs-keltischeskr-s2h elementor-widget elementor-widget-heading\" data-id=\"iwgs-keltischeskr-s2h\" data-element_type=\"widget\" data-e-type=\"widget\" data-widget_type=\"heading.default\">\n\t\t\t\t\t<h2 class=\"elementor-heading-title elementor-size-default\">H\u00e1krossar \u00cdrlands og Bretlands<\/h2>\t\t\t\t<\/div>\n\t\t<div class=\"elementor-element elementor-element-iwgs-keltischeskr-s2box e-con-full e-flex e-con e-parent\" data-id=\"iwgs-keltischeskr-s2box\" data-element_type=\"container\" data-e-type=\"container\">\n\t\t\t\t<div class=\"elementor-element elementor-element-iwgs-keltischeskr-s2t elementor-widget elementor-widget-text-editor\" data-id=\"iwgs-keltischeskr-s2t\" data-element_type=\"widget\" data-e-type=\"widget\" data-widget_type=\"text-editor.default\">\n\t\t\t\t\t\t\t\t\t<p>Hin eiginlega heimkynni keltverska krossins eru h\u00e1krossarnir. Me\u00f0 \u00feessu hugtaki eru \u00e1tt vi\u00f0 st\u00f3ra, fr\u00edstandandi steinkrossa sem reistir voru \u00e1 fyrri hluta mi\u00f0alda \u00e1 \u00cdrlandi og \u00ed hlutum Bretlands. Sumir \u00feessara krossa n\u00e1 verulegri h\u00e6\u00f0.<\/p><p>H\u00e1krossarnir ur\u00f0u til \u00e1 m\u00f6rgum \u00f6ldum. Bl\u00f3mat\u00edmi \u00feeirra var \u00e1 fyrri og h\u00e6rri hluta mi\u00f0alda. \u00deeir voru reistir vi\u00f0 klaustur, kirkjur og \u00e1 mikilv\u00e6gum st\u00f6\u00f0um. Margir \u00feeirra standa enn \u00ed dag \u00e1 upprunalegum sta\u00f0 s\u00ednum.<\/p><p>\u00deessir steinkrossar eru listilega unnir. Yfirbor\u00f0 \u00feeirra er \u00feaki\u00f0 \u00fatskur\u00f0i. Auk hins samfellda fl\u00farverks, sem er einkennandi fyrir list Bretlandseyja, bera margir h\u00e1krossar myndr\u00e6nar s\u00fdningar. \u00deeir teljast me\u00f0al mikilv\u00e6gustu myndverka s\u00edns t\u00edmabils.<\/p><p>H\u00e1krossarnir eru \u00fea\u00f0 sem keltverski krossinn sem t\u00e1kn er sprottinn \u00far. Hver s\u00ed\u00f0ari notkun formsins, hvort sem \u00fea\u00f0 er sem legsteinn e\u00f0a hengiskraut, m\u00e1 a\u00f0 lokum rekja til \u00feessara steinminnisvar\u00f0a. S\u00e1 sem vill skilja keltverska krossinn \u00fearf a\u00f0 byrja \u00e1 h\u00e1krossunum.<\/p>\t\t\t\t\t\t\t\t<\/div>\n\t\t\t\t<\/div>\n\t\t\t\t\t<\/div>\n\t\t\t\t<\/div>\n\t\t<div class=\"elementor-element elementor-element-iwgs-keltischeskr-s3 e-flex e-con-boxed e-con e-parent\" data-id=\"iwgs-keltischeskr-s3\" data-element_type=\"container\" data-e-type=\"container\">\n\t\t\t\t\t<div class=\"e-con-inner\">\n\t\t\t\t<div class=\"elementor-element elementor-element-iwgs-keltischeskr-s3h elementor-widget elementor-widget-heading\" data-id=\"iwgs-keltischeskr-s3h\" data-element_type=\"widget\" data-e-type=\"widget\" data-widget_type=\"heading.default\">\n\t\t\t\t\t<h2 class=\"elementor-heading-title elementor-size-default\">Hlutverk steinkrossanna<\/h2>\t\t\t\t<\/div>\n\t\t<div class=\"elementor-element elementor-element-iwgs-keltischeskr-s3box e-con-full e-flex e-con e-parent\" data-id=\"iwgs-keltischeskr-s3box\" data-element_type=\"container\" data-e-type=\"container\">\n\t\t\t\t<div class=\"elementor-element elementor-element-iwgs-keltischeskr-s3t elementor-widget elementor-widget-text-editor\" data-id=\"iwgs-keltischeskr-s3t\" data-element_type=\"widget\" data-e-type=\"widget\" data-widget_type=\"text-editor.default\">\n\t\t\t\t\t\t\t\t\t<p>H\u00e1krossarnir h\u00f6f\u00f0u m\u00f6rg hlutverk \u00ed l\u00edfi fyrri hluta mi\u00f0alda. Eitt mikilv\u00e6gt hlutverk var sem pr\u00e9dikunarkross. Vi\u00f0 sl\u00edka krossa gat s\u00f6fnu\u00f0urinn safnast saman, og myndverk \u00feeirra \u00fej\u00f3nu\u00f0u til a\u00f0 mi\u00f0la kristinni kenningu. Krossinn var \u00feannig sta\u00f0ur bo\u00f0unar.<\/p><p>A\u00f0rir h\u00e1krossar merktu m\u00f6rk. \u00deeir s\u00fdndu umfang klausturlands e\u00f0a v\u00edg\u00f0s sv\u00e6\u00f0is. S\u00e1 sem n\u00e1\u00f0i sl\u00edkum krossi vissi a\u00f0 hann var a\u00f0 ganga inn \u00e1 s\u00e9rstakt, vernda\u00f0 sv\u00e6\u00f0i. Krossinn trygg\u00f0i og t\u00e1kna\u00f0i \u00feessi m\u00f6rk samt\u00edmis.<\/p><p>H\u00e1krossarnir \u00fej\u00f3nu\u00f0u einnig sem minnismerki og minningart\u00e1kn. Sumir voru reistir til minningar um einstaklinga e\u00f0a atbur\u00f0i og b\u00e1ru vi\u00f0eigandi \u00e1letranir. \u00deeir var\u00f0veittu minninguna og settu hinn tilgreinda sta\u00f0 undir t\u00e1kn Krists.<\/p><p>\u00cd \u00f6llum \u00feessum hlutverkum var keltverski krossinn meira en skraut. Hann skipa\u00f0i r\u00fdmi, mi\u00f0la\u00f0i tr\u00faarinnihaldi og trygg\u00f0i sv\u00e6\u00f0i. \u00deessi samsetning merkingar og hagn\u00fdts gagns er einkennandi fyrir heim mi\u00f0alda. H\u00e1krossinn var tr\u00faarlegt t\u00e1kn og gagnlegt merki \u00ed senn.<\/p>\t\t\t\t\t\t\t\t<\/div>\n\t\t\t\t<\/div>\n\t\t\t\t\t<\/div>\n\t\t\t\t<\/div>\n\t\t<div class=\"elementor-element elementor-element-iwgs-keltischeskr-s4 e-flex e-con-boxed e-con e-parent\" data-id=\"iwgs-keltischeskr-s4\" data-element_type=\"container\" data-e-type=\"container\">\n\t\t\t\t\t<div class=\"e-con-inner\">\n\t\t\t\t<div class=\"elementor-element elementor-element-iwgs-keltischeskr-s4h elementor-widget elementor-widget-heading\" data-id=\"iwgs-keltischeskr-s4h\" data-element_type=\"widget\" data-e-type=\"widget\" data-widget_type=\"heading.default\">\n\t\t\t\t\t<h2 class=\"elementor-heading-title elementor-size-default\">Myndefni h\u00e1krossanna<\/h2>\t\t\t\t<\/div>\n\t\t<div class=\"elementor-element elementor-element-iwgs-keltischeskr-s4box e-con-full e-flex e-con e-parent\" data-id=\"iwgs-keltischeskr-s4box\" data-element_type=\"container\" data-e-type=\"container\">\n\t\t\t\t<div class=\"elementor-element elementor-element-iwgs-keltischeskr-s4t elementor-widget elementor-widget-text-editor\" data-id=\"iwgs-keltischeskr-s4t\" data-element_type=\"widget\" data-e-type=\"widget\" data-widget_type=\"text-editor.default\">\n\t\t\t\t\t\t\t\t\t<p>M\u00f6rg h\u00e1kross bera umfangsmikil myndapr\u00f3gr\u00f6mm. \u00c1 fl\u00f6tum \u00feeirra eru s\u00fdndar heilar ra\u00f0ir af atri\u00f0um sem er vandlega skipt ni\u00f0ur \u00ed reiti. \u00deessar myndir eru ekki tilviljanakennt saman settar, heldur fylgja vandlega hugsa\u00f0ri byggingu.<\/p><p>Framsetningin s\u00fdnir a\u00f0 mestu atri\u00f0i \u00far Bibl\u00edunni. Fr\u00e1s\u00f6gur \u00far Gamla og N\u00fdja testamentinu eru stilltar hli\u00f0 vi\u00f0 hli\u00f0. Oft voru atri\u00f0in valin \u00feannig a\u00f0 \u00feau v\u00edsa hvert til annars og myndu saman gu\u00f0fr\u00e6\u00f0ilega heild. H\u00e1krossinn var\u00f0 \u00feannig a\u00f0 myndab\u00f3k \u00ed steini.<\/p><p>Fyrir f\u00f3lk \u00e1 fyrri hluta mi\u00f0alda h\u00f6f\u00f0u \u00feessi myndapr\u00f3gr\u00f6mm mikilv\u00e6gu hlutverki a\u00f0 sinna. Margir g\u00e1tu ekki lesi\u00f0, og myndirnar mi\u00f0lu\u00f0u \u00feeim meginfr\u00e1s\u00f6gum tr\u00faarinnar. H\u00e1krossinn var \u00feannig verkf\u00e6ri til bo\u00f0unar sem \u00feurfti ekki \u00e1 skrift a\u00f0 halda. Hann tala\u00f0i \u00ed gegnum myndina.<\/p><p>\u00deessi myndapr\u00f3gr\u00f6mm gera h\u00e1krossana a\u00f0 ver\u00f0m\u00e6tum heimildum. \u00deau s\u00fdna hva\u00f0a bibl\u00eduleg atri\u00f0i skiptu f\u00f3lk \u00e1 \u00feeim t\u00edma m\u00e1li og hvernig \u00feau voru t\u00falku\u00f0. Keltverski krossinn er \u00feannig ekki bara t\u00e1kn, heldur einnig r\u00edkulegur bur\u00f0arberi mynda og merkinga.<\/p>\t\t\t\t\t\t\t\t<\/div>\n\t\t\t\t<\/div>\n\t\t\t\t\t<\/div>\n\t\t\t\t<\/div>\n\t\t<div class=\"elementor-element elementor-element-iwgs-keltischeskr-s5 e-flex e-con-boxed e-con e-parent\" data-id=\"iwgs-keltischeskr-s5\" data-element_type=\"container\" data-e-type=\"container\">\n\t\t\t\t\t<div class=\"e-con-inner\">\n\t\t\t\t<div class=\"elementor-element elementor-element-iwgs-keltischeskr-s5h elementor-widget elementor-widget-heading\" data-id=\"iwgs-keltischeskr-s5h\" data-element_type=\"widget\" data-e-type=\"widget\" data-widget_type=\"heading.default\">\n\t\t\t\t\t<h2 class=\"elementor-heading-title elementor-size-default\">Sagan um upprunann<\/h2>\t\t\t\t<\/div>\n\t\t<div class=\"elementor-element elementor-element-iwgs-keltischeskr-s5box e-con-full e-flex e-con e-parent\" data-id=\"iwgs-keltischeskr-s5box\" data-element_type=\"container\" data-e-type=\"container\">\n\t\t\t\t<div class=\"elementor-element elementor-element-iwgs-keltischeskr-s5t elementor-widget elementor-widget-text-editor\" data-id=\"iwgs-keltischeskr-s5t\" data-element_type=\"widget\" data-e-type=\"widget\" data-widget_type=\"text-editor.default\">\n\t\t\t\t\t\t\t\t\t<p>Um uppruna keltverska krossins er til vel \u00feekkt <span class=\"iwg-fachbegriff\" data-tooltip=\"Uppbyggjandi fr\u00e1s\u00f6gn, oftast um l\u00edf heilagra manna.\" tabindex=\"0\">helgis\u00f6gn<\/span>. H\u00fan eignar tengingu kross og hrings heil\u00f6gum Patreki, tr\u00fabo\u00f0a \u00cdrlands. Samkv\u00e6mt \u00feessari s\u00f6gu tengdi Patrekur kristna krossinn hring, sem haf\u00f0i \u00e1\u00f0ur veri\u00f0 t\u00e1knmynd s\u00f3lar fyrir kristnit\u00f6ku.<\/p><p>Merking \u00feessarar <span class=\"iwg-fachbegriff\" data-tooltip=\"Uppbyggjandi fr\u00e1s\u00f6gn, oftast um l\u00edf heilagra manna.\" tabindex=\"0\">helgisagnar<\/span> er sk\u00fdr. H\u00fan t\u00falkar keltverska krossinn sem t\u00e1kn m\u00e6tingar. N\u00fdi kristni krossinn og gamalt, s\u00f3linni helga\u00f0 t\u00e1kn eru s\u00f6g\u00f0 hafa veri\u00f0 sameinu\u00f0 \u00ed honum. \u00deannig hafi Patrekur f\u00e6rt f\u00f3lki n\u00fdja tr\u00fa n\u00e6r.<\/p><p>Eins og margar upprunasagnir ber a\u00f0 taka \u00feessa fr\u00e1s\u00f6gn me\u00f0 fyrirvara. H\u00fan er t\u00falkandi saga, ekki sta\u00f0fest s\u00f6guleg heimild. Hvort hringformi\u00f0 stafi \u00ed raun af s\u00f3lart\u00e1kni ver\u00f0ur ekki sanna\u00f0. Byggingarleg \u00fatsk\u00fdring, sem s\u00e9r \u00ed hringnum stu\u00f0ning fyrir stein\u00f6rmana, er a\u00f0 minnsta kosti jafn sannf\u00e6randi.<\/p><p><span class=\"iwg-fachbegriff\" data-tooltip=\"Uppbyggjandi fr\u00e1s\u00f6gn, oftast um l\u00edf heilagra manna.\" tabindex=\"0\">Helgis\u00f6gnin<\/span> er \u00fe\u00f3 fr\u00f3\u00f0leg. H\u00fan s\u00fdnir hvernig keltverski krossinn var t\u00falka\u00f0ur \u00ed t\u00edmans r\u00e1s, sem br\u00fa milli gamallar og n\u00fdrrar tr\u00faar. Sl\u00edkar s\u00f6gur eru hluti af verkunars\u00f6gu t\u00e1kns. \u00de\u00e6r eru ekki s\u00f6guleg heimild \u00ed str\u00f6ngum skilningi, en \u00fe\u00e6r segja miki\u00f0 um \u00fe\u00e1 mynd sem f\u00f3lk ger\u00f0i s\u00e9r af keltverska krossinum.<\/p>\t\t\t\t\t\t\t\t<\/div>\n\t\t\t\t<\/div>\n\t\t\t\t\t<\/div>\n\t\t\t\t<\/div>\n\t\t<div class=\"elementor-element elementor-element-iwgs-keltischeskr-s6 e-flex e-con-boxed e-con e-parent\" data-id=\"iwgs-keltischeskr-s6\" data-element_type=\"container\" data-e-type=\"container\">\n\t\t\t\t\t<div class=\"e-con-inner\">\n\t\t\t\t<div class=\"elementor-element elementor-element-iwgs-keltischeskr-s6h elementor-widget elementor-widget-heading\" data-id=\"iwgs-keltischeskr-s6h\" data-element_type=\"widget\" data-e-type=\"widget\" data-widget_type=\"heading.default\">\n\t\t\t\t\t<h2 class=\"elementor-heading-title elementor-size-default\">Kristi\u00f0 t\u00e1kn og verndargripur<\/h2>\t\t\t\t<\/div>\n\t\t<div class=\"elementor-element elementor-element-iwgs-keltischeskr-s6box e-con-full e-flex e-con e-parent\" data-id=\"iwgs-keltischeskr-s6box\" data-element_type=\"container\" data-e-type=\"container\">\n\t\t\t\t<div class=\"elementor-element elementor-element-iwgs-keltischeskr-s6t elementor-widget elementor-widget-text-editor\" data-id=\"iwgs-keltischeskr-s6t\" data-element_type=\"widget\" data-e-type=\"widget\" data-widget_type=\"text-editor.default\">\n\t\t\t\t\t\t\t\t\t<p>Keltverski krossinn er \u00ed kjarna s\u00ednum kristi\u00f0 t\u00e1kn. Verndarmerking hans er dregin af almennri merkingu krossins. Krossinn v\u00edsar til Krists og sigurs hans yfir dau\u00f0anum, og af \u00feeirri tilv\u00edsun lei\u00f0ir hlutverk hans sem verndart\u00e1kns.<\/p><p>Eins og einfaldi krossinn gat keltverski krossinn sett sta\u00f0i og f\u00f3lk undir vernd Krists. H\u00e1krossarnir v\u00f6r\u00f0u klaustursv\u00e6\u00f0i og vegi. \u00cd minni mynd gat keltverski krossinn sta\u00f0i\u00f0 \u00e1 gr\u00f6fum, merkt legst\u00e6\u00f0i\u00f0 og vari\u00f0 \u00fea\u00f0.<\/p><p>Hringurinn b\u00e6tir eigin \u00fe\u00e6tti vi\u00f0 \u00feessa verndarmerkingu. Sem loku\u00f0, \u00ed sj\u00e1lfa sig hringlaga form stendur hringurinn v\u00ed\u00f0a fyrir eil\u00edf\u00f0 og \u00f3rofna varanleika. \u00cd samhengi vi\u00f0 krossinn getur hringurinn tj\u00e1\u00f0 hugmyndina um st\u00f6\u00f0uga, alt\u00e6ka vernd.<\/p><p>Eins og me\u00f0 \u00f6ll kristin t\u00e1kn gildir h\u00e9r s\u00fa kirkjulega s\u00fdn a\u00f0 krossinn verki ekki af s\u00e9r sj\u00e1lfum. Hann veitir vernd sem t\u00e1kn sem stefnir manninum til Krists. Keltverski krossinn er \u00feannig ekki t\u00f6frandi <span class=\"iwg-fachbegriff\" data-tooltip=\"Hlutur sem borinn er \u00e1 s\u00e9r og talinn hafa verndandi, \u00f3g\u00e6fu fr\u00e1f\u00e6landi \u00e1hrif.\" tabindex=\"0\">verndargripur<\/span>, heldur tr\u00faart\u00e1kn, \u00fear sem verndin er bundin tr\u00fanni.<\/p>\t\t\t\t\t\t\t\t<\/div>\n\t\t\t\t<\/div>\n\t\t\t\t\t<\/div>\n\t\t\t\t<\/div>\n\t\t<div class=\"elementor-element elementor-element-iwgs-keltischeskr-s7 e-flex e-con-boxed e-con e-parent\" data-id=\"iwgs-keltischeskr-s7\" data-element_type=\"container\" data-e-type=\"container\">\n\t\t\t\t\t<div class=\"e-con-inner\">\n\t\t\t\t<div class=\"elementor-element elementor-element-iwgs-keltischeskr-s7h elementor-widget elementor-widget-heading\" data-id=\"iwgs-keltischeskr-s7h\" data-element_type=\"widget\" data-e-type=\"widget\" data-widget_type=\"heading.default\">\n\t\t\t\t\t<h2 class=\"elementor-heading-title elementor-size-default\">Keltverska endurvakningin<\/h2>\t\t\t\t<\/div>\n\t\t<div class=\"elementor-element elementor-element-iwgs-keltischeskr-s7box e-con-full e-flex e-con e-parent\" data-id=\"iwgs-keltischeskr-s7box\" data-element_type=\"container\" data-e-type=\"container\">\n\t\t\t\t<div class=\"elementor-element elementor-element-iwgs-keltischeskr-s7t elementor-widget elementor-widget-text-editor\" data-id=\"iwgs-keltischeskr-s7t\" data-element_type=\"widget\" data-e-type=\"widget\" data-widget_type=\"text-editor.default\">\n\t\t\t\t\t\t\t\t\t<p>Eftir mi\u00f0aldir dr\u00f3 \u00far \u00fatbrei\u00f0slu keltverska krossins um langan t\u00edma. Mikil endurkoma hans h\u00f3fst \u00e1 19. \u00f6ld. \u00c1 \u00feessum t\u00edma vakna\u00f0i n\u00fdr, sterkur \u00e1hugi \u00e1 keltverskri fort\u00ed\u00f0, sem kalla\u00f0ur er keltverska endurvakningin.<\/p><p>\u00cd tengslum vi\u00f0 \u00feessa hreyfingu var keltverski krossinn endurfundinn og nota\u00f0ur \u00e1 n\u00fdjan h\u00e1tt. Hann var\u00f0 s\u00e9rlega \u00fatbreiddur sem legsteinsform. \u00c1 m\u00f6rgum kirkjug\u00f6r\u00f0um, s\u00e9rstaklega \u00e1 \u00cdrlandi og \u00ed l\u00f6ndum sem m\u00f3tu\u00f0 eru af \u00edrskum innflytjendum, var\u00f0 keltverski krossinn algengt legmerki.<\/p><p>Samhli\u00f0a \u00feessu var\u00f0 keltverski krossinn t\u00e1kn sj\u00e1lfsmyndar. Hann t\u00e1kna\u00f0i n\u00fa tilheyrslu vi\u00f0 \u00edrska e\u00f0a almennt keltverska menningu. \u00dar mi\u00f0aldaminnismerki var or\u00f0i\u00f0 t\u00e1kn sem f\u00f3lk nota\u00f0i til a\u00f0 bera vitni um uppruna sinn og hef\u00f0.<\/p><p>Keltverska endurvakningin m\u00f3tar mynd n\u00fat\u00edmans af keltverska krossinum allt til dagsins \u00ed dag. Margt af \u00fev\u00ed sem tengt er t\u00e1kninu \u00ed dag er ekki upprunni\u00f0 \u00far mi\u00f0\u00f6ldum, heldur \u00far \u00feessari s\u00ed\u00f0ari endurvakningu. N\u00e1kv\u00e6m framsetning greinir \u00fev\u00ed \u00e1 milli mi\u00f0aldah\u00e1krossanna og enduruppt\u00f6ku \u00feeirra \u00e1 s\u00ed\u00f0ari t\u00edmum.<\/p>\t\t\t\t\t\t\t\t<\/div>\n\t\t\t\t<\/div>\n\t\t\t\t\t<\/div>\n\t\t\t\t<\/div>\n\t\t<div class=\"elementor-element elementor-element-iwgs-keltischeskr-s8 e-flex e-con-boxed e-con e-parent\" data-id=\"iwgs-keltischeskr-s8\" data-element_type=\"container\" data-e-type=\"container\">\n\t\t\t\t\t<div class=\"e-con-inner\">\n\t\t\t\t<div class=\"elementor-element elementor-element-iwgs-keltischeskr-s8h elementor-widget elementor-widget-heading\" data-id=\"iwgs-keltischeskr-s8h\" data-element_type=\"widget\" data-e-type=\"widget\" data-widget_type=\"heading.default\">\n\t\t\t\t\t<h2 class=\"elementor-heading-title elementor-size-default\">M\u00f3tt\u00f6kur \u00ed dag<\/h2>\t\t\t\t<\/div>\n\t\t<div class=\"elementor-element elementor-element-iwgs-keltischeskr-s8box e-con-full e-flex e-con e-parent\" data-id=\"iwgs-keltischeskr-s8box\" data-element_type=\"container\" data-e-type=\"container\">\n\t\t\t\t<div class=\"elementor-element elementor-element-iwgs-keltischeskr-s8t elementor-widget elementor-widget-text-editor\" data-id=\"iwgs-keltischeskr-s8t\" data-element_type=\"widget\" data-e-type=\"widget\" data-widget_type=\"text-editor.default\">\n\t\t\t\t\t\t\t\t\t<p>Keltverski krossinn er \u00ed dag v\u00ed\u00f0kunnugt og \u00fatbreitt t\u00e1kn. Hann kemur fram sem legsteinn, sem hengi og sem <span class=\"iwg-fachbegriff\" data-tooltip=\"Endurteki\u00f0 efnislegt atri\u00f0i \u00ed list e\u00f0a fr\u00e1s\u00f6gn.\" tabindex=\"0\">myndefni<\/span> \u00ed h\u00f6nnun. S\u00e9rstaklega \u00ed tengslum vi\u00f0 \u00edrska menningu og kristna tr\u00fa hefur hann fastan sess.<\/p><p>Fyrir marga er keltverski krossinn tr\u00faarlegt t\u00e1kn. Hann tengir kristna krossinn vi\u00f0 s\u00e9rstaka hef\u00f0 ins\u00falversku kirkjunnar. Fyrir a\u00f0ra stendur hann fyrst og fremst fyrir tengsl vi\u00f0 keltverskan og \u00edrskan uppruna. B\u00e1\u00f0ar merkingarnar liggja n\u00e6rri hvor annarri og \u00fatiloka hvor a\u00f0ra ekki.<\/p><p>Eins og \u00f6nnur forn\u00f6ld t\u00e1kn er keltverski krossinn ekki varinn fyrir misnotkun. \u00dea\u00f0 hefur komi\u00f0 fyrir a\u00f0 formi\u00f0 hafi veri\u00f0 nota\u00f0 af h\u00f3pum sem eiga engin tengsl vi\u00f0 kristna og menningarlega merkingu \u00feess. S\u00e1 sem s\u00fdnir keltverska krossinn \u00e6tti a\u00f0 s\u00fdna hann \u00ed s\u00ednu s\u00f6gulega samhengi.<\/p><p>\u00cd kjarna s\u00ednum er keltverski krossinn \u00fe\u00f3 \u00e1fram \u00fea\u00f0 sem hann hefur veri\u00f0 fr\u00e1 fyrri hluta mi\u00f0alda, kristi\u00f0 t\u00e1kn \u00ed s\u00e9rst\u00e6\u00f0u formi. Steinh\u00e1krossar \u00cdrlands og Bretlands standa enn \u00feann dag \u00ed dag og bera vitni um \u00feennan uppruna. \u00deeir eru gl\u00e6silegasta vitnisbur\u00f0urinn um t\u00e1kn sem tengir kross og hring \u00ed varanlega heild.<\/p>\t\t\t\t\t\t\t\t<\/div>\n\t\t\t\t<\/div>\n\t\t\t\t\t<\/div>\n\t\t\t\t<\/div>\n\t\t<div class=\"elementor-element elementor-element-iwgs-keltischeskr-lit e-flex e-con-boxed e-con e-parent\" data-id=\"iwgs-keltischeskr-lit\" data-element_type=\"container\" data-e-type=\"container\">\n\t\t\t\t\t<div class=\"e-con-inner\">\n\t\t\t\t<div class=\"elementor-element elementor-element-iwgs-keltischeskr-lith elementor-widget elementor-widget-heading\" data-id=\"iwgs-keltischeskr-lith\" data-element_type=\"widget\" data-e-type=\"widget\" data-widget_type=\"heading.default\">\n\t\t\t\t\t<h2 class=\"elementor-heading-title elementor-size-default\">Heimildir (\u00farval)<\/h2>\t\t\t\t<\/div>\n\t\t<div class=\"elementor-element elementor-element-iwgs-keltischeskr-litbox e-con-full e-flex e-con e-parent\" data-id=\"iwgs-keltischeskr-litbox\" data-element_type=\"container\" data-e-type=\"container\">\n\t\t\t\t<div class=\"elementor-element elementor-element-iwgs-keltischeskr-litt elementor-widget elementor-widget-html\" data-id=\"iwgs-keltischeskr-litt\" data-element_type=\"widget\" data-e-type=\"widget\" data-widget_type=\"html.default\">\n\t\t\t\t\t<footer data-nosnippet=\"true\"><ul><li>Peter Harbison: <em>The High Crosses of Ireland<\/em> (1992)<\/li><li>Hilary Richardson: <em>Irish High Crosses<\/em> (1990)<\/li><li>Nancy Edwards: <em>The Archaeology of Early Medieval Ireland<\/em> (1990)<\/li><li>Roger Stalley: <em>Irish High Crosses<\/em> (1996)<\/li><li>Reiner S\u00f6rries: <em>Das Kreuz. Geschichte und Bedeutung<\/em> (2012)<\/li><\/ul><\/footer>\t\t\t\t<\/div>\n\t\t\t\t<\/div>\n\t\t\t\t\t<\/div>\n\t\t\t\t<\/div>\n\t\t<div class=\"elementor-element elementor-element-iwgs-keltischeskr-kwd e-flex e-con-boxed e-con e-parent\" data-id=\"iwgs-keltischeskr-kwd\" data-element_type=\"container\" data-e-type=\"container\">\n\t\t\t\t\t<div class=\"e-con-inner\">\n\t\t\t\t<div class=\"elementor-element elementor-element-iwgs-keltischeskr-kwdt elementor-widget elementor-widget-text-editor\" data-id=\"iwgs-keltischeskr-kwdt\" data-element_type=\"widget\" data-e-type=\"widget\" data-widget_type=\"text-editor.default\">\n\t\t\t\t\t\t\t\t\t<p><em>Tengd leitaror\u00f0: keltverskur kross h\u00e1kross hringkross eyjalist (insular art) steinkross Patrick pr\u00e9dikunarkross kristi\u00f0 t\u00e1kn.<\/em><\/p>\t\t\t\t\t\t\t\t<\/div>\n\t\t\t\t\t<\/div>\n\t\t\t\t<\/div>\n\t\t<div class=\"elementor-element elementor-element-iwgs-keltischeskr-cc e-flex e-con-boxed e-con e-parent\" data-id=\"iwgs-keltischeskr-cc\" data-element_type=\"container\" data-e-type=\"container\" id=\"iwg-cc-keltisches-kreuz\">\n\t\t\t\t\t<div class=\"e-con-inner\">\n\t\t<div class=\"elementor-element elementor-element-iwgs-keltischeskr-ccinner e-flex e-con-boxed e-con e-parent\" data-id=\"iwgs-keltischeskr-ccinner\" data-element_type=\"container\" data-e-type=\"container\" data-settings=\"{&quot;background_background&quot;:&quot;classic&quot;}\">\n\t\t\t\t\t<div class=\"e-con-inner\">\n\t\t\t\t<div class=\"elementor-element elementor-element-iwgs-keltischeskr-cch elementor-widget elementor-widget-heading\" data-id=\"iwgs-keltischeskr-cch\" data-element_type=\"widget\" data-e-type=\"widget\" data-widget_type=\"heading.default\">\n\t\t\t\t\t<h2 class=\"elementor-heading-title elementor-size-default\">iWell Guard og verndarhef\u00f0ir<\/h2>\t\t\t\t<\/div>\n\t\t\t\t<div class=\"elementor-element elementor-element-iwgs-keltischeskr-cct elementor-widget elementor-widget-text-editor\" data-id=\"iwgs-keltischeskr-cct\" data-element_type=\"widget\" data-e-type=\"widget\" data-widget_type=\"text-editor.default\">\n\t\t\t\t\t\t\t\t\t<p>iWell Guard er hluti af \u00feeirri menningars\u00f6gulegu hef\u00f0 handh\u00e6gra verndargripa sem keltneski krossinn tilheyrir einnig. N\u00fat\u00edmalegur f\u00f6runautur fyrir f\u00f3lk sem lifir me\u00f0 verndart\u00e1knum: framleiddur \u00ed \u00de\u00fdskalandi, 41 lag af sk\u00edragulli, plat\u00ednu og silfri, me\u00f0 30 daga skilar\u00e9tti.<\/p>\t\t\t\t\t\t\t\t<\/div>\n\t\t\t\t<div class=\"elementor-element elementor-element-iwgs-keltischeskr-ccb iwg-cc-button iwg-cc-cta-2026-05-13 elementor-widget elementor-widget-jet-button\" data-id=\"iwgs-keltischeskr-ccb\" data-element_type=\"widget\" data-e-type=\"widget\" data-widget_type=\"jet-button.default\">\n\t\t\t\t<div class=\"elementor-widget-container\">\n\t\t\t\t\t<div class=\"elementor-jet-button jet-elements\"><div class=\"jet-button__container\"><a class=\"jet-button__instance jet-button__instance--icon-left hover-effect-1\" href=\"\/schutzanhaenger-iwell-guard-kaufen\/?utm_source=iwell-guard.com&amp;utm_medium=info-box&amp;utm_campaign=schutzsymbole\"><div class=\"jet-button__plane jet-button__plane-normal\"><\/div><div class=\"jet-button__plane jet-button__plane-hover\"><\/div><div class=\"jet-button__state jet-button__state-normal\"><span class=\"jet-button__label\">Meira um iWell Guard<\/span><\/div><div class=\"jet-button__state jet-button__state-hover\"><span class=\"jet-button__label\">Meira um iWell Guard<\/span><\/div><\/a><\/div><\/div><style>.elementor-element.elementor-element-iwgs-keltischeskr-ccb .jet-button__instance{width:320px;height:56px;}.elementor-element.elementor-element-iwgs-keltischeskr-ccb .jet-button__state-normal .jet-button__label{text-align:center;margin:0px 0px 0px 0px;color:#1a1b20;font-family:Montserrat,sans-serif;font-size:13px;font-weight:400;letter-spacing:4px;line-height:1.714em;text-transform:uppercase;}.elementor-element.elementor-element-iwgs-keltischeskr-ccb .jet-button__state-hover .jet-button__label{text-align:center;margin:0px 0px 0px 0px;color:#FECC76;font-family:Montserrat,sans-serif;font-size:13px;font-weight:400;letter-spacing:4px;line-height:1.714em;text-transform:uppercase;}.elementor-element.elementor-element-iwgs-keltischeskr-ccb .jet-button__plane-normal{background-color:#FECC76;border-style:solid;border-color:#C99540;border-width:2px 2px 2px 2px;}.elementor-element.elementor-element-iwgs-keltischeskr-ccb .jet-button__plane-hover{background-color:rgba(0,0,0,0.55);border-style:solid;border-color:#FECC76;border-width:2px 2px 2px 2px;}<\/style>\t\t\t\t<\/div>\n\t\t\t\t<\/div>\n\t\t\t\t<div class=\"elementor-element elementor-element-iwgs-keltischeskr-ccd elementor-widget elementor-widget-text-editor\" data-id=\"iwgs-keltischeskr-ccd\" data-element_type=\"widget\" data-e-type=\"widget\" data-widget_type=\"text-editor.default\">\n\t\t\t\t\t\t\t\t\t<p style=\"text-align:center;font-size:13px;opacity:0.7;margin-top:14px\" data-nosnippet=\"true\">Pers\u00f3nuleg reynsla getur veri\u00f0 mismunandi. Ekki l\u00e6kningat\u00e6ki. Engin lofor\u00f0 um l\u00e6kningu.<\/p>\t\t\t\t\t\t\t\t<\/div>\n\t\t\t\t\t<\/div>\n\t\t\t\t<\/div>\n\t\t\t\t\t<\/div>\n\t\t\t\t<\/div>\n\t\t<div class=\"elementor-element elementor-element-iwgs-keltischeskr-disc e-flex e-con-boxed e-con e-parent\" data-id=\"iwgs-keltischeskr-disc\" data-element_type=\"container\" data-e-type=\"container\">\n\t\t\t\t\t<div class=\"e-con-inner\">\n\t\t\t\t<div class=\"elementor-element elementor-element-iwgs-keltischeskr-discw elementor-widget elementor-widget-html\" data-id=\"iwgs-keltischeskr-discw\" data-element_type=\"widget\" data-e-type=\"widget\" data-widget_type=\"html.default\">\n\t\t\t\t\t<footer data-nosnippet=\"true\" class=\"iwg-disclaimer-block\"><p data-nosnippet=\"true\">iWell Guard er <strong>ekki l\u00e6kningat\u00e6ki<\/strong> og kemur ekki \u00ed sta\u00f0 l\u00e6knis- e\u00f0a s\u00e1lfr\u00e6\u00f0ime\u00f0fer\u00f0ar. Innihaldi\u00f0 sem h\u00e9r er sett fram er tr\u00faarbrag\u00f0afr\u00e6\u00f0ileg og menningars\u00f6gulega greining, ekki lofor\u00f0 um andlega virkni.<\/p><\/footer>\t\t\t\t<\/div>\n\t\t\t\t\t<\/div>\n\t\t\t\t<\/div>\n\t\t\t\t<\/div>\n\t\t","protected":false},"excerpt":{"rendered":"","protected":false},"author":3,"featured_media":3491,"parent":0,"menu_order":0,"comment_status":"closed","ping_status":"closed","template":"elementor_header_footer","meta":{"_yoast_wpseo_focuskw":"keltverskur kross","_yoast_wpseo_title":"Keltverskur kross - h\u00e1kross og kristi\u00f0 verndart\u00e1kn","_yoast_wpseo_metadesc":"Keltverski krossinn me\u00f0 hring s\u00ednum m\u00e1 rekja til h\u00e1krossa \u00cdrlands. Saga, form og merking \u00fatsk\u00fdr\u00f0 \u00e1 sk\u00fdran h\u00e1tt.","_yoast_wpseo_meta-robots-noindex":"","_yoast_wpseo_canonical":"","_angie_page":false,"gefaehrdungsstufe":"","wesen_kultur":"","wesen_klasse":"","footnotes":""},"categories":[],"class_list":["post-169141","page","type-page","status-publish","has-post-thumbnail","hentry"],"yoast_head":"<!-- This site is optimized with the Yoast SEO Premium plugin v27.7 (Yoast SEO v28.3) - https:\/\/yoast.com\/product\/yoast-seo-premium-wordpress\/ -->\n<title>Keltverskur kross - h\u00e1kross og kristi\u00f0 verndart\u00e1kn<\/title>\n<meta name=\"description\" content=\"Keltverski krossinn me\u00f0 hring s\u00ednum m\u00e1 rekja til h\u00e1krossa \u00cdrlands. Saga, form og merking \u00fatsk\u00fdr\u00f0 \u00e1 sk\u00fdran h\u00e1tt.\" \/>\n<meta name=\"robots\" content=\"index, follow, max-snippet:-1, max-image-preview:large, max-video-preview:-1\" \/>\n<link rel=\"canonical\" href=\"https:\/\/iwell-guard.com\/is\/keltverskur-kross-hakross-verndartakn\/\" \/>\n<meta property=\"og:locale\" content=\"is_IS\" \/>\n<meta property=\"og:type\" content=\"article\" \/>\n<meta property=\"og:title\" content=\"Keltverskur kross \u2013 h\u00e1kross og verndart\u00e1kn\" \/>\n<meta property=\"og:description\" content=\"Keltverski krossinn me\u00f0 hring s\u00ednum m\u00e1 rekja til h\u00e1krossa \u00cdrlands. Saga, form og merking \u00fatsk\u00fdr\u00f0 \u00e1 sk\u00fdran h\u00e1tt.\" \/>\n<meta property=\"og:url\" content=\"https:\/\/iwell-guard.com\/is\/keltverskur-kross-hakross-verndartakn\/\" \/>\n<meta property=\"og:site_name\" content=\"iWell Guard\" \/>\n<meta property=\"article:modified_time\" content=\"2026-09-05T14:33:16+00:00\" \/>\n<meta property=\"og:image\" content=\"https:\/\/iwell-guard.com\/wp-content\/uploads\/2026\/05\/schutzsymbol_keltisch_keltisches-kreuz.webp\" \/>\n\t<meta property=\"og:image:width\" content=\"1024\" \/>\n\t<meta property=\"og:image:height\" content=\"1536\" \/>\n\t<meta property=\"og:image:type\" content=\"image\/webp\" \/>\n<meta name=\"twitter:card\" content=\"summary_large_image\" \/>\n<script type=\"application\/ld+json\" class=\"yoast-schema-graph\">{\"@context\":\"https:\\\/\\\/schema.org\",\"@graph\":[{\"@type\":\"WebPage\",\"@id\":\"https:\\\/\\\/iwell-guard.com\\\/is\\\/keltverskur-kross-hakross-verndartakn\\\/\",\"url\":\"https:\\\/\\\/iwell-guard.com\\\/is\\\/keltverskur-kross-hakross-verndartakn\\\/\",\"name\":\"Keltverskur kross - h\u00e1kross og kristi\u00f0 verndart\u00e1kn\",\"isPartOf\":{\"@id\":\"https:\\\/\\\/iwell-guard.com\\\/is\\\/#website\"},\"primaryImageOfPage\":{\"@id\":\"https:\\\/\\\/iwell-guard.com\\\/is\\\/keltverskur-kross-hakross-verndartakn\\\/#primaryimage\"},\"image\":{\"@id\":\"https:\\\/\\\/iwell-guard.com\\\/is\\\/keltverskur-kross-hakross-verndartakn\\\/#primaryimage\"},\"thumbnailUrl\":\"https:\\\/\\\/iwell-guard.com\\\/wp-content\\\/uploads\\\/2026\\\/05\\\/schutzsymbol_keltisch_keltisches-kreuz.webp\",\"datePublished\":\"2026-09-05T14:05:56+00:00\",\"dateModified\":\"2026-09-05T14:33:16+00:00\",\"description\":\"Keltverski krossinn me\u00f0 hring s\u00ednum m\u00e1 rekja til h\u00e1krossa \u00cdrlands. Saga, form og merking \u00fatsk\u00fdr\u00f0 \u00e1 sk\u00fdran h\u00e1tt.\",\"breadcrumb\":{\"@id\":\"https:\\\/\\\/iwell-guard.com\\\/is\\\/keltverskur-kross-hakross-verndartakn\\\/#breadcrumb\"},\"inLanguage\":\"is\",\"potentialAction\":[{\"@type\":\"ReadAction\",\"target\":[\"https:\\\/\\\/iwell-guard.com\\\/is\\\/keltverskur-kross-hakross-verndartakn\\\/\"]}]},{\"@type\":\"ImageObject\",\"inLanguage\":\"is\",\"@id\":\"https:\\\/\\\/iwell-guard.com\\\/is\\\/keltverskur-kross-hakross-verndartakn\\\/#primaryimage\",\"url\":\"https:\\\/\\\/iwell-guard.com\\\/wp-content\\\/uploads\\\/2026\\\/05\\\/schutzsymbol_keltisch_keltisches-kreuz.webp\",\"contentUrl\":\"https:\\\/\\\/iwell-guard.com\\\/wp-content\\\/uploads\\\/2026\\\/05\\\/schutzsymbol_keltisch_keltisches-kreuz.webp\",\"width\":1024,\"height\":1536,\"caption\":\"Verndart\u00e1kn. Myndskreyting \u00ed safnst\u00edl.\"},{\"@type\":\"BreadcrumbList\",\"@id\":\"https:\\\/\\\/iwell-guard.com\\\/is\\\/keltverskur-kross-hakross-verndartakn\\\/#breadcrumb\",\"itemListElement\":[{\"@type\":\"ListItem\",\"position\":1,\"name\":\"Start\",\"item\":\"https:\\\/\\\/iwell-guard.com\\\/is\\\/?page_id=168580\"},{\"@type\":\"ListItem\",\"position\":2,\"name\":\"Keltverskur kross \u2013 h\u00e1kross og verndart\u00e1kn\"}]},{\"@type\":\"WebSite\",\"@id\":\"https:\\\/\\\/iwell-guard.com\\\/is\\\/#website\",\"url\":\"https:\\\/\\\/iwell-guard.com\\\/is\\\/\",\"name\":\"iWell Guard\",\"description\":\"Schutz vor dunklen Einfl\u00fcssen\",\"publisher\":{\"@id\":\"https:\\\/\\\/iwell-guard.com\\\/is\\\/#organization\"},\"potentialAction\":[{\"@type\":\"SearchAction\",\"target\":{\"@type\":\"EntryPoint\",\"urlTemplate\":\"https:\\\/\\\/iwell-guard.com\\\/is\\\/?s={search_term_string}\"},\"query-input\":{\"@type\":\"PropertyValueSpecification\",\"valueRequired\":true,\"valueName\":\"search_term_string\"}}],\"inLanguage\":\"is\"},{\"@type\":\"Organization\",\"@id\":\"https:\\\/\\\/iwell-guard.com\\\/is\\\/#organization\",\"name\":\"Ittermann electronic GmbH\",\"url\":\"https:\\\/\\\/iwell-guard.com\\\/is\\\/\",\"logo\":{\"@type\":\"ImageObject\",\"inLanguage\":\"is\",\"@id\":\"https:\\\/\\\/iwell-guard.com\\\/is\\\/#\\\/schema\\\/logo\\\/image\\\/\",\"url\":\"https:\\\/\\\/iwell-guard.com\\\/wp-content\\\/uploads\\\/2026\\\/05\\\/Ittermann-Logo-1182x237-1.png\",\"contentUrl\":\"https:\\\/\\\/iwell-guard.com\\\/wp-content\\\/uploads\\\/2026\\\/05\\\/Ittermann-Logo-1182x237-1.png\",\"width\":1182,\"height\":237,\"caption\":\"Ittermann electronic GmbH\"},\"image\":{\"@id\":\"https:\\\/\\\/iwell-guard.com\\\/is\\\/#\\\/schema\\\/logo\\\/image\\\/\"},\"sameAs\":[\"https:\\\/\\\/pantip.com\\\/profile\\\/9367242\",\"https:\\\/\\\/micro.blog\\\/iwellguard\",\"https:\\\/\\\/www.diggerslist.com\\\/iwellguard\\\/about\",\"https:\\\/\\\/skitterphoto.com\\\/photographers\\\/2870314\\\/iwell-guard\",\"https:\\\/\\\/iwellguard.wordpress.com\\\/2026\\\/06\\\/06\\\/iwell-guard\\\/\",\"https:\\\/\\\/hub.docker.com\\\/u\\\/iwellguard\",\"https:\\\/\\\/www.pinterest.com\\\/iwellguard\\\/\",\"https:\\\/\\\/bit.ly\\\/m\\\/iwellguard\",\"https:\\\/\\\/entre-vos-mains.alsace.eu\\\/profiles\\\/iwellguard\\\/activity\",\"https:\\\/\\\/gravatar.com\\\/reallybeded8fd34\",\"https:\\\/\\\/naijamatta.com\\\/iwellguard\",\"https:\\\/\\\/www.goodreads.com\\\/iwellguard\",\"https:\\\/\\\/profile.hatena.ne.jp\\\/iwellguard\\\/\",\"https:\\\/\\\/experiment.com\\\/users\\\/iwellguard\",\"https:\\\/\\\/wakelet.com\\\/@iWellGuard82270\",\"https:\\\/\\\/www.chordie.com\\\/forum\\\/profile.php?id=2555664\",\"https:\\\/\\\/www.instapaper.com\\\/p\\\/17757966\",\"https:\\\/\\\/www.mapleprimes.com\\\/users\\\/iwellguard\",\"https:\\\/\\\/businesslistingplus.com\\\/profile\\\/iwell-guard\\\/\",\"https:\\\/\\\/telegra.ph\\\/iWell-Guard-06-06\",\"https:\\\/\\\/pbase.com\\\/iwellguard\\\/iwellguard\",\"https:\\\/\\\/b.hatena.ne.jp\\\/iwellguard\\\/20260607#bookmark-4788405196491818882\",\"https:\\\/\\\/fliphtml5.com\\\/home\\\/iwellguard\",\"https:\\\/\\\/anyflip.com\\\/homepage\\\/cmiwl#About\",\"https:\\\/\\\/transfur.com\\\/Users\\\/iwellguard\",\"http:\\\/\\\/delphi.larsbo.org\\\/user\\\/iwellguard\",\"https:\\\/\\\/jobs.lajobsportal.org\\\/profiles\\\/8380803-iwell-guard\",\"https:\\\/\\\/md.chaosdorf.de\\\/s\\\/jfbe5SBdJD\",\"https:\\\/\\\/www.lingvolive.com\\\/en-us\\\/profile\\\/9ecaeaca-ce11-4e51-9e71-01d55e2bff36\\\/translations\",\"https:\\\/\\\/www.fitday.com\\\/fitness\\\/forums\\\/members\\\/iwellguard.html\",\"https:\\\/\\\/www.mymeetbook.com\\\/iwellguard\",\"https:\\\/\\\/pxhere.com\\\/en\\\/photographer-me\\\/5040798\",\"https:\\\/\\\/disqus.com\\\/by\\\/iwellguard\\\/about\\\/\",\"https:\\\/\\\/pastelink.net\\\/hjwciqwq\",\"https:\\\/\\\/pubhtml5.com\\\/homepage\\\/scjhn\\\/\",\"https:\\\/\\\/www.bitchute.com\\\/channel\\\/2O2eOKzNqujT\",\"https:\\\/\\\/audiomack.com\\\/iwellguard\"]}]}<\/script>\n<!-- \/ Yoast SEO Premium plugin. -->","yoast_head_json":{"title":"Keltverskur kross - h\u00e1kross og kristi\u00f0 verndart\u00e1kn","description":"Keltverski krossinn me\u00f0 hring s\u00ednum m\u00e1 rekja til h\u00e1krossa \u00cdrlands. Saga, form og merking \u00fatsk\u00fdr\u00f0 \u00e1 sk\u00fdran h\u00e1tt.","robots":{"index":"index","follow":"follow","max-snippet":"max-snippet:-1","max-image-preview":"max-image-preview:large","max-video-preview":"max-video-preview:-1"},"canonical":"https:\/\/iwell-guard.com\/is\/keltverskur-kross-hakross-verndartakn\/","og_locale":"is_IS","og_type":"article","og_title":"Keltverskur kross \u2013 h\u00e1kross og verndart\u00e1kn","og_description":"Keltverski krossinn me\u00f0 hring s\u00ednum m\u00e1 rekja til h\u00e1krossa \u00cdrlands. Saga, form og merking \u00fatsk\u00fdr\u00f0 \u00e1 sk\u00fdran h\u00e1tt.","og_url":"https:\/\/iwell-guard.com\/is\/keltverskur-kross-hakross-verndartakn\/","og_site_name":"iWell Guard","article_modified_time":"2026-09-05T14:33:16+00:00","og_image":[{"width":1024,"height":1536,"url":"https:\/\/iwell-guard.com\/wp-content\/uploads\/2026\/05\/schutzsymbol_keltisch_keltisches-kreuz.webp","type":"image\/webp"}],"twitter_card":"summary_large_image","schema":{"@context":"https:\/\/schema.org","@graph":[{"@type":"WebPage","@id":"https:\/\/iwell-guard.com\/is\/keltverskur-kross-hakross-verndartakn\/","url":"https:\/\/iwell-guard.com\/is\/keltverskur-kross-hakross-verndartakn\/","name":"Keltverskur kross - h\u00e1kross og kristi\u00f0 verndart\u00e1kn","isPartOf":{"@id":"https:\/\/iwell-guard.com\/is\/#website"},"primaryImageOfPage":{"@id":"https:\/\/iwell-guard.com\/is\/keltverskur-kross-hakross-verndartakn\/#primaryimage"},"image":{"@id":"https:\/\/iwell-guard.com\/is\/keltverskur-kross-hakross-verndartakn\/#primaryimage"},"thumbnailUrl":"https:\/\/iwell-guard.com\/wp-content\/uploads\/2026\/05\/schutzsymbol_keltisch_keltisches-kreuz.webp","datePublished":"2026-09-05T14:05:56+00:00","dateModified":"2026-09-05T14:33:16+00:00","description":"Keltverski krossinn me\u00f0 hring s\u00ednum m\u00e1 rekja til h\u00e1krossa \u00cdrlands. Saga, form og merking \u00fatsk\u00fdr\u00f0 \u00e1 sk\u00fdran h\u00e1tt.","breadcrumb":{"@id":"https:\/\/iwell-guard.com\/is\/keltverskur-kross-hakross-verndartakn\/#breadcrumb"},"inLanguage":"is","potentialAction":[{"@type":"ReadAction","target":["https:\/\/iwell-guard.com\/is\/keltverskur-kross-hakross-verndartakn\/"]}]},{"@type":"ImageObject","inLanguage":"is","@id":"https:\/\/iwell-guard.com\/is\/keltverskur-kross-hakross-verndartakn\/#primaryimage","url":"https:\/\/iwell-guard.com\/wp-content\/uploads\/2026\/05\/schutzsymbol_keltisch_keltisches-kreuz.webp","contentUrl":"https:\/\/iwell-guard.com\/wp-content\/uploads\/2026\/05\/schutzsymbol_keltisch_keltisches-kreuz.webp","width":1024,"height":1536,"caption":"Verndart\u00e1kn. Myndskreyting \u00ed safnst\u00edl."},{"@type":"BreadcrumbList","@id":"https:\/\/iwell-guard.com\/is\/keltverskur-kross-hakross-verndartakn\/#breadcrumb","itemListElement":[{"@type":"ListItem","position":1,"name":"Start","item":"https:\/\/iwell-guard.com\/is\/?page_id=168580"},{"@type":"ListItem","position":2,"name":"Keltverskur kross \u2013 h\u00e1kross og verndart\u00e1kn"}]},{"@type":"WebSite","@id":"https:\/\/iwell-guard.com\/is\/#website","url":"https:\/\/iwell-guard.com\/is\/","name":"iWell Guard","description":"Schutz vor dunklen Einfl\u00fcssen","publisher":{"@id":"https:\/\/iwell-guard.com\/is\/#organization"},"potentialAction":[{"@type":"SearchAction","target":{"@type":"EntryPoint","urlTemplate":"https:\/\/iwell-guard.com\/is\/?s={search_term_string}"},"query-input":{"@type":"PropertyValueSpecification","valueRequired":true,"valueName":"search_term_string"}}],"inLanguage":"is"},{"@type":"Organization","@id":"https:\/\/iwell-guard.com\/is\/#organization","name":"Ittermann electronic GmbH","url":"https:\/\/iwell-guard.com\/is\/","logo":{"@type":"ImageObject","inLanguage":"is","@id":"https:\/\/iwell-guard.com\/is\/#\/schema\/logo\/image\/","url":"https:\/\/iwell-guard.com\/wp-content\/uploads\/2026\/05\/Ittermann-Logo-1182x237-1.png","contentUrl":"https:\/\/iwell-guard.com\/wp-content\/uploads\/2026\/05\/Ittermann-Logo-1182x237-1.png","width":1182,"height":237,"caption":"Ittermann electronic GmbH"},"image":{"@id":"https:\/\/iwell-guard.com\/is\/#\/schema\/logo\/image\/"},"sameAs":["https:\/\/pantip.com\/profile\/9367242","https:\/\/micro.blog\/iwellguard","https:\/\/www.diggerslist.com\/iwellguard\/about","https:\/\/skitterphoto.com\/photographers\/2870314\/iwell-guard","https:\/\/iwellguard.wordpress.com\/2026\/06\/06\/iwell-guard\/","https:\/\/hub.docker.com\/u\/iwellguard","https:\/\/www.pinterest.com\/iwellguard\/","https:\/\/bit.ly\/m\/iwellguard","https:\/\/entre-vos-mains.alsace.eu\/profiles\/iwellguard\/activity","https:\/\/gravatar.com\/reallybeded8fd34","https:\/\/naijamatta.com\/iwellguard","https:\/\/www.goodreads.com\/iwellguard","https:\/\/profile.hatena.ne.jp\/iwellguard\/","https:\/\/experiment.com\/users\/iwellguard","https:\/\/wakelet.com\/@iWellGuard82270","https:\/\/www.chordie.com\/forum\/profile.php?id=2555664","https:\/\/www.instapaper.com\/p\/17757966","https:\/\/www.mapleprimes.com\/users\/iwellguard","https:\/\/businesslistingplus.com\/profile\/iwell-guard\/","https:\/\/telegra.ph\/iWell-Guard-06-06","https:\/\/pbase.com\/iwellguard\/iwellguard","https:\/\/b.hatena.ne.jp\/iwellguard\/20260607#bookmark-4788405196491818882","https:\/\/fliphtml5.com\/home\/iwellguard","https:\/\/anyflip.com\/homepage\/cmiwl#About","https:\/\/transfur.com\/Users\/iwellguard","http:\/\/delphi.larsbo.org\/user\/iwellguard","https:\/\/jobs.lajobsportal.org\/profiles\/8380803-iwell-guard","https:\/\/md.chaosdorf.de\/s\/jfbe5SBdJD","https:\/\/www.lingvolive.com\/en-us\/profile\/9ecaeaca-ce11-4e51-9e71-01d55e2bff36\/translations","https:\/\/www.fitday.com\/fitness\/forums\/members\/iwellguard.html","https:\/\/www.mymeetbook.com\/iwellguard","https:\/\/pxhere.com\/en\/photographer-me\/5040798","https:\/\/disqus.com\/by\/iwellguard\/about\/","https:\/\/pastelink.net\/hjwciqwq","https:\/\/pubhtml5.com\/homepage\/scjhn\/","https:\/\/www.bitchute.com\/channel\/2O2eOKzNqujT","https:\/\/audiomack.com\/iwellguard"]}]}},"_links":{"self":[{"href":"https:\/\/iwell-guard.com\/is\/wp-json\/wp\/v2\/pages\/169141","targetHints":{"allow":["GET"]}}],"collection":[{"href":"https:\/\/iwell-guard.com\/is\/wp-json\/wp\/v2\/pages"}],"about":[{"href":"https:\/\/iwell-guard.com\/is\/wp-json\/wp\/v2\/types\/page"}],"author":[{"embeddable":true,"href":"https:\/\/iwell-guard.com\/is\/wp-json\/wp\/v2\/users\/3"}],"replies":[{"embeddable":true,"href":"https:\/\/iwell-guard.com\/is\/wp-json\/wp\/v2\/comments?post=169141"}],"version-history":[{"count":0,"href":"https:\/\/iwell-guard.com\/is\/wp-json\/wp\/v2\/pages\/169141\/revisions"}],"wp:featuredmedia":[{"embeddable":true,"href":"https:\/\/iwell-guard.com\/is\/wp-json\/wp\/v2\/media\/3491"}],"wp:attachment":[{"href":"https:\/\/iwell-guard.com\/is\/wp-json\/wp\/v2\/media?parent=169141"}],"wp:term":[{"taxonomy":"category","embeddable":true,"href":"https:\/\/iwell-guard.com\/is\/wp-json\/wp\/v2\/categories?post=169141"}],"curies":[{"name":"wp","href":"https:\/\/api.w.org\/{rel}","templated":true}]}}