{"id":169140,"date":"2026-09-05T14:05:56","date_gmt":"2026-09-05T14:05:56","guid":{"rendered":"https:\/\/iwell-guard.com\/?page_id=169140"},"modified":"2026-09-05T14:33:14","modified_gmt":"2026-09-05T14:33:14","slug":"vegvisir-verndartakn","status":"publish","type":"page","link":"https:\/\/iwell-guard.com\/is\/vegvisir-verndartakn\/","title":{"rendered":"Vegv\u00edsir \u2013 \u00edslenska lei\u00f0armerki\u00f0 sem verndart\u00e1kn"},"content":{"rendered":"\t\t<div data-elementor-type=\"wp-page\" data-elementor-id=\"169140\" class=\"elementor elementor-169140 elementor-3617 elementor-bc-flex-widget\" data-elementor-post-type=\"page\">\n\t\t\t\t<div class=\"elementor-element elementor-element-iwgs-vegvisir-hero e-flex e-con-boxed e-con e-parent\" data-id=\"iwgs-vegvisir-hero\" data-element_type=\"container\" data-e-type=\"container\">\n\t\t\t\t\t<div class=\"e-con-inner\">\n\t\t<div class=\"elementor-element elementor-element-iwgs-vegvisir-hl e-flex e-con-boxed e-con e-parent\" data-id=\"iwgs-vegvisir-hl\" data-element_type=\"container\" data-e-type=\"container\">\n\t\t\t\t\t<div class=\"e-con-inner\">\n\t\t<div class=\"elementor-element elementor-element-iwgs-vegvisir-hlbox e-con-full e-flex e-con e-parent\" data-id=\"iwgs-vegvisir-hlbox\" data-element_type=\"container\" data-e-type=\"container\">\n\t\t\t\t<div class=\"elementor-element elementor-element-iwgs-vegvisir-h1 elementor-widget elementor-widget-heading\" data-id=\"iwgs-vegvisir-h1\" data-element_type=\"widget\" data-e-type=\"widget\" data-widget_type=\"heading.default\">\n\t\t\t\t\t<h1 class=\"elementor-heading-title elementor-size-default\">Vegv\u00edsir \u2013 \u00edslenska verndart\u00e1kni\u00f0 gegn \u00fev\u00ed a\u00f0 villast<\/h1>\t\t\t\t<\/div>\n\t\t\t\t<div class=\"elementor-element elementor-element-iwgs-vegvisir-lead elementor-widget elementor-widget-text-editor\" data-id=\"iwgs-vegvisir-lead\" data-element_type=\"widget\" data-e-type=\"widget\" data-widget_type=\"text-editor.default\">\n\t\t\t\t\t\t\t\t\t<p>Vegv\u00edsir er \u00edslenskt galdrat\u00e1kn sem nafni\u00f0 segir s\u00edna s\u00f6gu um: \u00fea\u00f0 sem v\u00edsar veginn. S\u00e1 sem ber t\u00e1kni\u00f0 \u00e1 s\u00e9r \u00e1tti ekki a\u00f0 villast, hvorki \u00ed illvi\u00f0ri n\u00e9 \u00e1 \u00f3kunnum lei\u00f0um. Uppruni \u00feess liggur \u00fe\u00f3 ekki \u00ed v\u00edkinga\u00f6ld.<\/p>\t\t\t\t\t\t\t\t<\/div>\n\t\t\t\t<\/div>\n\t\t\t\t<div class=\"elementor-element elementor-element-iwgs-vegvisir-pills elementor-widget elementor-widget-html\" data-id=\"iwgs-vegvisir-pills\" data-element_type=\"widget\" data-e-type=\"widget\" data-widget_type=\"html.default\">\n\t\t\t\t\t<div class=\"iwg-pill-row\"><span class=\"iwg-klasse-badge\" tabindex=\"0\" data-tooltip=\"Verndart\u00e1kn, verndargripur e\u00f0a verndargripur me\u00f0 fr\u00e1hrindandi eiginleikum.\">Verndart\u00e1kn<\/span><a href=\"https:\/\/iwell-guard.com\/is\/germonsk\/\" class=\"iwg-kultur-badge\" tabindex=\"0\" data-tooltip=\"Verndarhef\u00f0: Germ\u00f6nsk\">Germ\u00f6nsk<\/a><span class=\"iwg-tradition-badge\" tabindex=\"0\" data-tooltip=\"T\u00e1kn sem sagt er hafa yfirn\u00e1tt\u00farulega verkun.\">Galdrat\u00e1kn<\/span><\/div>\t\t\t\t<\/div>\n\t\t\t\t\t<\/div>\n\t\t\t\t<\/div>\n\t\t<div class=\"elementor-element elementor-element-iwgs-vegvisir-hr e-con-full e-flex e-con e-parent\" data-id=\"iwgs-vegvisir-hr\" data-element_type=\"container\" data-e-type=\"container\">\n\t\t\t\t<div class=\"elementor-element elementor-element-iwgs-vegvisir-himg iwg-hero-image elementor-widget elementor-widget-image\" data-id=\"iwgs-vegvisir-himg\" data-element_type=\"widget\" data-e-type=\"widget\" data-widget_type=\"image.default\">\n\t\t\t\t\t\t\t\t\t\t\t\t\t\t\t<img fetchpriority=\"high\" decoding=\"async\" width=\"683\" height=\"1024\" src=\"https:\/\/iwell-guard.com\/wp-content\/uploads\/2026\/05\/schutzsymbol_germanisch_vegvisir-683x1024.webp\" class=\"attachment-large size-large wp-image-170570\" alt=\"Vegv\u00edsir - verndart\u00e1kn, safnfr\u00e6\u00f0ileg myndskreyting\" srcset=\"https:\/\/iwell-guard.com\/wp-content\/uploads\/2026\/05\/schutzsymbol_germanisch_vegvisir-683x1024.webp 683w, https:\/\/iwell-guard.com\/wp-content\/uploads\/2026\/05\/schutzsymbol_germanisch_vegvisir-200x300.webp 200w, https:\/\/iwell-guard.com\/wp-content\/uploads\/2026\/05\/schutzsymbol_germanisch_vegvisir-768x1152.webp 768w, https:\/\/iwell-guard.com\/wp-content\/uploads\/2026\/05\/schutzsymbol_germanisch_vegvisir.webp 1024w\" sizes=\"(max-width: 683px) 100vw, 683px\" \/>\t\t\t\t\t\t\t\t\t\t\t\t\t\t\t<\/div>\n\t\t\t\t<\/div>\n\t\t\t\t\t<\/div>\n\t\t\t\t<\/div>\n\t\t<div class=\"elementor-element elementor-element-iwgs-vegvisir-s0 e-flex e-con-boxed e-con e-parent\" data-id=\"iwgs-vegvisir-s0\" data-element_type=\"container\" data-e-type=\"container\">\n\t\t\t\t\t<div class=\"e-con-inner\">\n\t\t\t\t<div class=\"elementor-element elementor-element-iwgs-vegvisir-s0h elementor-widget elementor-widget-heading\" data-id=\"iwgs-vegvisir-s0h\" data-element_type=\"widget\" data-e-type=\"widget\" data-widget_type=\"heading.default\">\n\t\t\t\t\t<h2 class=\"elementor-heading-title elementor-size-default\">Yfirlit<\/h2>\t\t\t\t<\/div>\n\t\t<div class=\"elementor-element elementor-element-iwgs-vegvisir-s0box e-con-full e-flex e-con e-parent\" data-id=\"iwgs-vegvisir-s0box\" data-element_type=\"container\" data-e-type=\"container\">\n\t\t\t\t<div class=\"elementor-element elementor-element-iwgs-vegvisir-s0t elementor-widget elementor-widget-text-editor\" data-id=\"iwgs-vegvisir-s0t\" data-element_type=\"widget\" data-e-type=\"widget\" data-widget_type=\"text-editor.default\">\n\t\t\t\t\t\t\t\t\t<p>Vegv\u00edsir er t\u00e1kn \u00far \u00edslenskri hef\u00f0 galdrastafa. \u00dea\u00f0 samanstendur af \u00e1tta stafarmum sem liggja \u00fat fr\u00e1 einum sameiginlegum mi\u00f0punkti.<\/p><p>Hver \u00feessara arma er \u00f3l\u00edkur \u00ed \u00fatf\u00e6rslu og b\u00fainn litlum greinum e\u00f0a \u00feverstrikum. \u00deessi stranga, stj\u00f6rnulaga uppbygging gerir vegv\u00edsinn einkennandi. Hann er me\u00f0al \u00feekktustu t\u00e1kna sem tengd eru <a href=\"https:\/\/iwell-guard.com\/is\/germonsk\/\">germ\u00f6nsk-norr\u00e6num<\/a> heimi.<\/p><p>Hlutverk \u00feess er sk\u00fdrt afmarka\u00f0. Vegv\u00edsirinn \u00e1tti a\u00f0 verja \u00feann sem bar hann fyrir \u00fev\u00ed a\u00f0 villast. S\u00e1 sem haf\u00f0i t\u00e1kni\u00f0 \u00e1 s\u00e9r \u00e1tti a\u00f0 finna r\u00e9ttan veg, jafnvel \u00ed stormi og illvi\u00f0ri, og jafnvel \u00fe\u00f3tt vegurinn v\u00e6ri honum \u00f3kunnur.<\/p><p>\u00deessi merking er beinl\u00ednis var\u00f0veitt \u00ed fornri heimild. Vegv\u00edsirinn er \u00feannig verndart\u00e1kn fyrir mj\u00f6g \u00e1kve\u00f0nar a\u00f0st\u00e6\u00f0ur \u00ed l\u00edfinu.<\/p><p>\u00cd <span class=\"iwg-fachbegriff\" data-tooltip=\"Fr\u00e6\u00f0igreinin sem rannsakar tr\u00faarbr\u00f6g\u00f0 me\u00f0 samanbur\u00f0i og \u00e1n tr\u00faarlegrar bindingar.\" tabindex=\"0\">tr\u00faarbrag\u00f0afr\u00e6\u00f0i<\/span> og \u00ed ranns\u00f3knum \u00e1 \u00fej\u00f3\u00f0tr\u00fa er vegv\u00edsirinn sko\u00f0a\u00f0ur af n\u00e1kv\u00e6mni. Hann heyrir ekki til v\u00edkinga\u00f6ld, jafnvel \u00fe\u00f3tt hann s\u00e9 oft s\u00fdndur \u00feannig \u00ed dag. Sannanleg saga hans hefst mun s\u00ed\u00f0ar. \u00deessi t\u00edmasetning er nau\u00f0synleg til a\u00f0 skilja t\u00e1kni\u00f0 r\u00e9ttilega.<\/p><p>Vegv\u00edsirinn er \u00feannig l\u00e6rd\u00f3msr\u00edkt d\u00e6mi. Hann s\u00fdnir hvernig t\u00e1kn sem \u00e1 r\u00e6tur \u00ed \u00e1kve\u00f0inni, vel t\u00edmasettri <span class=\"iwg-fachbegriff\" data-tooltip=\"\u00dea\u00f0 a\u00f0 flytja \u00feekkingu og s\u00f6gur milli kynsl\u00f3\u00f0a.\" tabindex=\"0\">munnm\u00e6lahef\u00f0<\/span> getur samt \u00ed almennri vitund veri\u00f0 eigna\u00f0 gj\u00f6r\u00f3l\u00edku t\u00edmabili. Fagleg framsetning skilur a\u00f0 sta\u00f0festa \u00feekkingu og al\u00fe\u00fd\u00f0lega hugmynd. S\u00e9rstaklega hj\u00e1 vegv\u00edsinum er \u00feessi a\u00f0greining \u00feess vir\u00f0i.<\/p>\t\t\t\t\t\t\t\t<\/div>\n\t\t\t\t<\/div>\n\t\t\t\t\t<\/div>\n\t\t\t\t<\/div>\n\t\t<div class=\"elementor-element elementor-element-iwgs-vegvisir-s1 e-flex e-con-boxed e-con e-parent\" data-id=\"iwgs-vegvisir-s1\" data-element_type=\"container\" data-e-type=\"container\">\n\t\t\t\t\t<div class=\"e-con-inner\">\n\t\t\t\t<div class=\"elementor-element elementor-element-iwgs-vegvisir-s1h elementor-widget elementor-widget-heading\" data-id=\"iwgs-vegvisir-s1h\" data-element_type=\"widget\" data-e-type=\"widget\" data-widget_type=\"heading.default\">\n\t\t\t\t\t<h2 class=\"elementor-heading-title elementor-size-default\">Nafni\u00f0: \u00fea\u00f0 sem v\u00edsar veginn<\/h2>\t\t\t\t<\/div>\n\t\t<div class=\"elementor-element elementor-element-iwgs-vegvisir-s1box e-con-full e-flex e-con e-parent\" data-id=\"iwgs-vegvisir-s1box\" data-element_type=\"container\" data-e-type=\"container\">\n\t\t\t\t<div class=\"elementor-element elementor-element-iwgs-vegvisir-s1t elementor-widget elementor-widget-text-editor\" data-id=\"iwgs-vegvisir-s1t\" data-element_type=\"widget\" data-e-type=\"widget\" data-widget_type=\"text-editor.default\">\n\t\t\t\t\t\t\t\t\t<p>Nafni\u00f0 Vegv\u00edsir er \u00edslenskt og au\u00f0skili\u00f0. \u00dea\u00f0 er samsett \u00far or\u00f0inu fyrir veg og or\u00f0hluta sem merkir a\u00f0 v\u00edsa e\u00f0a s\u00fdna. B\u00f3kstaflega merkir vegv\u00edsir \u00fev\u00ed \u00fea\u00f0 sem v\u00edsar veginn. Nafni\u00f0 l\u00fdsir \u00feannig beint hlutverki t\u00e1knsins.<\/p><p>\u00deessi sk\u00fdrleiki nafnsins er athyglisver\u00f0ur. Hj\u00e1 m\u00f6rgum fornum verndart\u00e1knum er upprunalega heiti\u00f0 \u00f3\u00feekkt e\u00f0a \u00f3visst. Hj\u00e1 vegv\u00edsinum er nafni\u00f0 aftur \u00e1 m\u00f3ti var\u00f0veitt \u00ed s\u00f6mu heimild og l\u00fdsir t\u00e1kninu. Nafn og merking heyra h\u00e9r saman fr\u00e1 upphafi.<\/p><p>\u00cd n\u00fat\u00edma m\u00e1lnotkun er vegv\u00edsirinn oft kalla\u00f0ur v\u00edkingakomp\u00e1s. \u00deessi nafngift er \u00fe\u00f3 villandi. H\u00fan tengir t\u00e1kni\u00f0 vi\u00f0 v\u00edkinga\u00f6ld og vi\u00f0 t\u00e6ki\u00f0 komp\u00e1s. Hvorugt \u00e1 vi\u00f0, \u00fev\u00ed vegv\u00edsirinn er hvorki fr\u00e1 v\u00edkinga\u00f6ld n\u00e9 komp\u00e1s \u00ed t\u00e6knilegum skilningi.<\/p><p>R\u00e9ttari er b\u00f3kstafleg \u00fe\u00fd\u00f0ing nafnsins. Vegv\u00edsirinn v\u00edsar veginn ekki me\u00f0 n\u00e1l og \u00e1tt, heldur sem galdrat\u00e1kn er verndar \u00feann sem ber hann. S\u00e1 sem tekur nafni\u00f0 alvarlega skilur t\u00e1kni\u00f0 r\u00e9ttilega. Vegv\u00edsirinn er t\u00e1kn \u00feess a\u00f0 villast ekki, ekki m\u00e6lit\u00e6ki.<\/p>\t\t\t\t\t\t\t\t<\/div>\n\t\t\t\t<\/div>\n\t\t\t\t\t<\/div>\n\t\t\t\t<\/div>\n\t\t<div class=\"elementor-element elementor-element-iwgs-vegvisir-s2 e-flex e-con-boxed e-con e-parent\" data-id=\"iwgs-vegvisir-s2\" data-element_type=\"container\" data-e-type=\"container\">\n\t\t\t\t\t<div class=\"e-con-inner\">\n\t\t\t\t<div class=\"elementor-element elementor-element-iwgs-vegvisir-s2h elementor-widget elementor-widget-heading\" data-id=\"iwgs-vegvisir-s2h\" data-element_type=\"widget\" data-e-type=\"widget\" data-widget_type=\"heading.default\">\n\t\t\t\t\t<h2 class=\"elementor-heading-title elementor-size-default\">\u00cdslenskir galdrastafir<\/h2>\t\t\t\t<\/div>\n\t\t<div class=\"elementor-element elementor-element-iwgs-vegvisir-s2box e-con-full e-flex e-con e-parent\" data-id=\"iwgs-vegvisir-s2box\" data-element_type=\"container\" data-e-type=\"container\">\n\t\t\t\t<div class=\"elementor-element elementor-element-iwgs-vegvisir-s2t elementor-widget elementor-widget-text-editor\" data-id=\"iwgs-vegvisir-s2t\" data-element_type=\"widget\" data-e-type=\"widget\" data-widget_type=\"text-editor.default\">\n\t\t\t\t\t\t\t\t\t<p>Vegv\u00edsirinn heyrir til s\u00e9rstaks flokks t\u00e1kna, \u00edslenskra galdrastafa. \u00c1 \u00edslensku eru \u00feeir kalla\u00f0ir galdrastafir. Um er a\u00f0 r\u00e6\u00f0a form af r\u00fanfr\u00e6\u00f0ilegum t\u00e1knum sem eru bygg\u00f0 \u00far st\u00f6fum, l\u00ednum og litlum greinum. Hverju \u00feessara t\u00e1kna er eignu\u00f0 \u00e1kve\u00f0in verkun.<\/p><p>\u00deessir galdrastafir heyra til \u00edslenskrar \u00fej\u00f3\u00f0tr\u00faar \u00e1 s\u00ed\u00f0mi\u00f0aldat\u00edma og eftir hana. \u00deeir eru var\u00f0veittir \u00ed handritas\u00f6fnum sem h\u00e9ldu til haga galdra\u00feekkingu. \u00cd \u00feessum s\u00f6fnum standa t\u00e1knin vi\u00f0 hli\u00f0 s\u00e6ringa, uppskrifta og fyrirm\u00e6la. \u00deau myndu samfellt svi\u00f0 hagn\u00fdtrar <span class=\"iwg-fachbegriff\" data-tooltip=\"A\u00f0fer\u00f0ir sem reyna a\u00f0 hafa \u00e1hrif \u00e1 gang atbur\u00f0a me\u00f0 s\u00e9rst\u00f6kum ath\u00f6fnum e\u00f0a form\u00falum.\" tabindex=\"0\">galdrafr\u00e6\u00f0i<\/span>.<\/p><p>\u00cdslenskir galdrastafir eru ekki hrein \u00e1framhald fornnorr\u00e6nnar tr\u00faar. \u00cd \u00fe\u00e1 bl\u00f6ndu\u00f0ust \u00fdmis \u00e1hrif, me\u00f0al annars kristin hugmyndaheimur og l\u00e6r\u00f0 galdrahef\u00f0 fr\u00e1 meginlandi Evr\u00f3pu. Galdrastafirnir eru \u00feannig sj\u00e1lfst\u00e6tt, s\u00ed\u00f0ara fyrirb\u00e6ri. \u00deeir sameina margar hef\u00f0ir \u00ed eitthva\u00f0 n\u00fdtt.<\/p><p>Vegv\u00edsirinn er innan \u00feessa flokks eitt einstakt t\u00e1kn me\u00f0 \u00e1kve\u00f0nu hlutverki. A\u00f0rir galdrastafir \u00e1tti a\u00f0 hj\u00e1lpa gegn \u00fej\u00f3fna\u00f0i, n\u00e1 \u00e1stum e\u00f0a veita styrk \u00ed deilum. Vegv\u00edsirinn st\u00f3\u00f0 fyrir verndun \u00e1 vegfer\u00f0. Hann haf\u00f0i \u00feannig fastan sta\u00f0 \u00ed heilu kerfi t\u00e1kna.<\/p>\t\t\t\t\t\t\t\t<\/div>\n\t\t\t\t<\/div>\n\t\t\t\t\t<\/div>\n\t\t\t\t<\/div>\n\t\t<div class=\"elementor-element elementor-element-iwgs-vegvisir-s3 e-flex e-con-boxed e-con e-parent\" data-id=\"iwgs-vegvisir-s3\" data-element_type=\"container\" data-e-type=\"container\">\n\t\t\t\t\t<div class=\"e-con-inner\">\n\t\t\t\t<div class=\"elementor-element elementor-element-iwgs-vegvisir-s3h elementor-widget elementor-widget-heading\" data-id=\"iwgs-vegvisir-s3h\" data-element_type=\"widget\" data-e-type=\"widget\" data-widget_type=\"heading.default\">\n\t\t\t\t\t<h2 class=\"elementor-heading-title elementor-size-default\">Handritin<\/h2>\t\t\t\t<\/div>\n\t\t<div class=\"elementor-element elementor-element-iwgs-vegvisir-s3box e-con-full e-flex e-con e-parent\" data-id=\"iwgs-vegvisir-s3box\" data-element_type=\"container\" data-e-type=\"container\">\n\t\t\t\t<div class=\"elementor-element elementor-element-iwgs-vegvisir-s3t elementor-widget elementor-widget-text-editor\" data-id=\"iwgs-vegvisir-s3t\" data-element_type=\"widget\" data-e-type=\"widget\" data-widget_type=\"text-editor.default\">\n\t\t\t\t\t\t\t\t\t<p>\u00deekkingin \u00e1 Vegv\u00edsi byggist \u00e1 f\u00e1um \u00edslenskum handritum. Mikilv\u00e6gast \u00feeirra er safn af t\u00f6frat\u00e1knum sem teki\u00f0 var saman \u00e1 19. \u00f6ld. \u00deetta handrit hefur t\u00e1kni\u00f0 me\u00f0fram stuttri sk\u00fdringu. \u00dea\u00f0 er meginheimildin um Vegv\u00edsi.<\/p><p>Sk\u00fdringin \u00ed \u00feessu handriti er stutt en sk\u00fdr. H\u00fan segir \u00ed meginatri\u00f0um a\u00f0 \u00feeim sem bera t\u00e1kni\u00f0 \u00e1 s\u00e9r muni ekki villast, hvorki \u00ed stormi n\u00e9 vondu ve\u00f0ri, jafnvel \u00fe\u00f3tt lei\u00f0in s\u00e9 \u00feeim \u00f3kunnug. \u00deessar f\u00e1u setningar \u00e1kvar\u00f0a merkingu Vegv\u00edsis.<\/p><p>Handriti\u00f0 sj\u00e1lft er fr\u00e1 19. \u00f6ld. \u00dea\u00f0 var teki\u00f0 saman af \u00edslenskum safnara sem safna\u00f0i eldri t\u00f6frav\u00edsindum. Hversu langt aftur einst\u00f6k t\u00e1kn n\u00e1 fyrir \u00feetta safn er ekki alltaf h\u00e6gt a\u00f0 segja me\u00f0 vissu. Fyrir Vegv\u00edsi er safni\u00f0 a\u00f0 \u00f6llu j\u00f6fnu elsta \u00f6ruggu heimildin.<\/p><p>Af \u00feessu lei\u00f0ir mikilv\u00e6g sta\u00f0reynd. Vegv\u00edsir er ekki \u00f6ruggt sta\u00f0festur me\u00f0 \u00feessa merkingu fyrr en \u00e1 19. \u00f6ld. Fyrri heimildir eru ekki til. \u00deessi heimildasta\u00f0a ver\u00f0ur a\u00f0 taka me\u00f0 \u00ed reikninginn \u00ed hverri umfj\u00f6llun um t\u00e1kni\u00f0, \u00fev\u00ed h\u00fan \u00e1kvar\u00f0ar hva\u00f0 segja m\u00e1 um aldur Vegv\u00edsis.<\/p>\t\t\t\t\t\t\t\t<\/div>\n\t\t\t\t<\/div>\n\t\t\t\t\t<\/div>\n\t\t\t\t<\/div>\n\t\t<div class=\"elementor-element elementor-element-iwgs-vegvisir-s4 e-flex e-con-boxed e-con e-parent\" data-id=\"iwgs-vegvisir-s4\" data-element_type=\"container\" data-e-type=\"container\">\n\t\t\t\t\t<div class=\"e-con-inner\">\n\t\t\t\t<div class=\"elementor-element elementor-element-iwgs-vegvisir-s4h elementor-widget elementor-widget-heading\" data-id=\"iwgs-vegvisir-s4h\" data-element_type=\"widget\" data-e-type=\"widget\" data-widget_type=\"heading.default\">\n\t\t\t\t\t<h2 class=\"elementor-heading-title elementor-size-default\">Form: \u00e1tta stafir um mi\u00f0ju<\/h2>\t\t\t\t<\/div>\n\t\t<div class=\"elementor-element elementor-element-iwgs-vegvisir-s4box e-con-full e-flex e-con e-parent\" data-id=\"iwgs-vegvisir-s4box\" data-element_type=\"container\" data-e-type=\"container\">\n\t\t\t\t<div class=\"elementor-element elementor-element-iwgs-vegvisir-s4t elementor-widget elementor-widget-text-editor\" data-id=\"iwgs-vegvisir-s4t\" data-element_type=\"widget\" data-e-type=\"widget\" data-widget_type=\"text-editor.default\">\n\t\t\t\t\t\t\t\t\t<p>Form Vegv\u00edsis er strengilega bygg\u00f0 upp. Fr\u00e1 mi\u00f0punkti liggja \u00e1tta armar sem v\u00edsa jafnt \u00ed allar \u00e1ttir. \u00deessi \u00e1ttaskipting minnir \u00e1 skiptingu sj\u00f3ndeildarhringsins \u00ed \u00e1tta \u00e1ttir. H\u00fan gefur t\u00e1kninu stj\u00f6rnulaga, jafnv\u00e6gt \u00fatlit.<\/p><p>\u00d3l\u00edkt venjulegri stj\u00f6rnu eru \u00fe\u00f3 \u00e1tta armarnir ekki eins a\u00f0 ger\u00f0. Hver armur hefur eigin odd, eigin \u00feverstrik e\u00f0a litlar greinar. Engir tveir armar eru n\u00e1kv\u00e6mlega eins. \u00deessi fj\u00f6lbreytni armanna er einkenni Vegv\u00edsis.<\/p><p>Uppbygging \u00far stafarlaga l\u00ednum tengir Vegv\u00edsi vi\u00f0 a\u00f0ra galdrastafi. \u00deeir eru einnig ger\u00f0ir \u00far sl\u00edkum st\u00f6fum me\u00f0 greinum. Or\u00f0i\u00f0 stafur \u00ed hugtakinu galdrastafur v\u00edsar n\u00e1kv\u00e6mlega til \u00feessarar byggingar. Vegv\u00edsir er eins konar samsetning \u00e1tta einstakra galdrastafa um sameiginlegan mi\u00f0punkt.<\/p><p>Sk\u00fdrleiki formsins hefur \u00e1tt sinn \u00fe\u00e1tt \u00ed mikilli vins\u00e6ld t\u00e1knsins. Vegv\u00edsir er au\u00f0velt a\u00f0 teikna, grafa og l\u00e1ta h\u00fa\u00f0fl\u00fara. Jafnv\u00e6gt stj\u00f6rnuform \u00feess virkar skipulagt og a\u00f0la\u00f0andi. \u00deessi h\u00f6nnunarlegi styrkur er ein af \u00e1st\u00e6\u00f0unum fyrir v\u00ed\u00f0t\u00e6kri n\u00fat\u00edma\u00fatbrei\u00f0slu \u00feess.<\/p>\t\t\t\t\t\t\t\t<\/div>\n\t\t\t\t<\/div>\n\t\t\t\t\t<\/div>\n\t\t\t\t<\/div>\n\t\t<div class=\"elementor-element elementor-element-iwgs-vegvisir-s5 e-flex e-con-boxed e-con e-parent\" data-id=\"iwgs-vegvisir-s5\" data-element_type=\"container\" data-e-type=\"container\">\n\t\t\t\t\t<div class=\"e-con-inner\">\n\t\t\t\t<div class=\"elementor-element elementor-element-iwgs-vegvisir-s5h elementor-widget elementor-widget-heading\" data-id=\"iwgs-vegvisir-s5h\" data-element_type=\"widget\" data-e-type=\"widget\" data-widget_type=\"heading.default\">\n\t\t\t\t\t<h2 class=\"elementor-heading-title elementor-size-default\">Verndarhlutverki\u00f0: vernd gegn \u00fev\u00ed a\u00f0 villast<\/h2>\t\t\t\t<\/div>\n\t\t<div class=\"elementor-element elementor-element-iwgs-vegvisir-s5box e-con-full e-flex e-con e-parent\" data-id=\"iwgs-vegvisir-s5box\" data-element_type=\"container\" data-e-type=\"container\">\n\t\t\t\t<div class=\"elementor-element elementor-element-iwgs-vegvisir-s5t elementor-widget elementor-widget-text-editor\" data-id=\"iwgs-vegvisir-s5t\" data-element_type=\"widget\" data-e-type=\"widget\" data-widget_type=\"text-editor.default\">\n\t\t\t\t\t\t\t\t\t<p>Verndarhlutverk Vegv\u00edsis er \u00fer\u00f6ngt og sk\u00fdrt afmarka\u00f0. Hann \u00e1tti a\u00f0 vernda gegn \u00fev\u00ed a\u00f0 villast. T\u00e1kni\u00f0 sn\u00fdr \u00feannig a\u00f0 mj\u00f6g \u00e1\u00fereifanlegri h\u00e6ttu, nefnilega \u00feeirri a\u00f0 t\u00fdna lei\u00f0inni og r\u00e1fa villtur um.<\/p><p>Fyrir \u00edslenskt l\u00edfsumhverfi var \u00feessi h\u00e6tta engan veginn l\u00edtil. Landi\u00f0 einkennist af fj\u00f6llum, hraunum og v\u00ed\u00f0um, \u00f3grei\u00f0f\u00e6rum lei\u00f0um. Skyndilegar ve\u00f0rabreytingar, \u00feoka og hr\u00ed\u00f0arbylur g\u00e1tu flj\u00f3tt kosta\u00f0 fer\u00f0amann \u00e1ttavitann. A\u00f0 villast \u00fe\u00fdddi undir sl\u00edkum kringumst\u00e6\u00f0um alvarlega l\u00edfsh\u00e6ttu.<\/p><p>\u00cd lj\u00f3si \u00feessa ver\u00f0ur merking Vegv\u00edsis skiljanleg. Hann var t\u00e1kn fyrir f\u00f3lk sem lag\u00f0i af sta\u00f0 og vona\u00f0ist eftir \u00f6ruggri heimkomu. Verndin sem hann lofa\u00f0i var \u00feannig \u00ed beinu samhengi vi\u00f0 hversdagsl\u00edfi\u00f0. Hann svara\u00f0i raunverulegri \u00e1hyggju.<\/p><p>Vegv\u00edsir tilheyrir \u00feannig st\u00f3rum h\u00f3pi verndart\u00e1kna sem tengjast fer\u00f0al\u00f6gum. A\u00f0rar menningarheimar hafa einnig t\u00e1kn og hluti sem eiga a\u00f0 vernda fer\u00f0af\u00f3lk. Vegv\u00edsir er \u00edslenska myndin af \u00feessu \u00fatbreidda \u00e1hyggjuefni. Hann tryggir ekki h\u00fasi\u00f0 og ekki barni\u00f0, heldur manninn \u00e1 fer\u00f0.<\/p>\t\t\t\t\t\t\t\t<\/div>\n\t\t\t\t<\/div>\n\t\t\t\t\t<\/div>\n\t\t\t\t<\/div>\n\t\t<div class=\"elementor-element elementor-element-iwgs-vegvisir-s6 e-flex e-con-boxed e-con e-parent\" data-id=\"iwgs-vegvisir-s6\" data-element_type=\"container\" data-e-type=\"container\">\n\t\t\t\t\t<div class=\"e-con-inner\">\n\t\t\t\t<div class=\"elementor-element elementor-element-iwgs-vegvisir-s6h elementor-widget elementor-widget-heading\" data-id=\"iwgs-vegvisir-s6h\" data-element_type=\"widget\" data-e-type=\"widget\" data-widget_type=\"heading.default\">\n\t\t\t\t\t<h2 class=\"elementor-heading-title elementor-size-default\">Spurningin um aldur<\/h2>\t\t\t\t<\/div>\n\t\t<div class=\"elementor-element elementor-element-iwgs-vegvisir-s6box e-con-full e-flex e-con e-parent\" data-id=\"iwgs-vegvisir-s6box\" data-element_type=\"container\" data-e-type=\"container\">\n\t\t\t\t<div class=\"elementor-element elementor-element-iwgs-vegvisir-s6t elementor-widget elementor-widget-text-editor\" data-id=\"iwgs-vegvisir-s6t\" data-element_type=\"widget\" data-e-type=\"widget\" data-widget_type=\"text-editor.default\">\n\t\t\t\t\t\t\t\t\t<p>Hj\u00e1 Vegv\u00edsi hefur spurningin um aldur s\u00e9rstaka \u00fe\u00fd\u00f0ingu. \u00cd n\u00fat\u00edmamynd er t\u00e1kni\u00f0 oft tali\u00f0 vera fr\u00e1 v\u00edkinga\u00f6ld. \u00dea\u00f0 er tengt s\u00e6farendum nor\u00f0ursl\u00f3\u00f0a, drekaskipum og heimi hinna fornnorr\u00e6nu go\u00f0a. \u00deessi tenging er \u00fe\u00f3 ekki sta\u00f0fest me\u00f0 heimildum.<\/p><p>Sta\u00f0festa s\u00f6gu Vegv\u00edsis m\u00e1 rekja a\u00f0eins til 19. aldar. Fr\u00e1 v\u00edkinga\u00f6ld, \u00fe.e. \u00f6ldunum \u00ed kringum \u00e1ri\u00f0 1000, er engin fundur og engin heimild sem s\u00fdnir t\u00e1kni\u00f0. Milli v\u00edkingaaldar og fyrstu var\u00f0veittu myndarins liggja margar aldir \u00e1n heimilda.<\/p><p>Vegv\u00edsir tilheyrir \u00feess \u00ed sta\u00f0 s\u00ed\u00f0mi\u00f0aldakeimtri \u00edslenskri \u00fej\u00f3\u00f0tr\u00fa og galdri. \u00deessi hef\u00f0 er sj\u00e1lf g\u00f6mul og vir\u00f0uleg, en h\u00fan m\u00e1 ekki jafna vi\u00f0 tr\u00faarbr\u00f6g\u00f0 v\u00edkingaaldar. Galdrastafirnir ur\u00f0u til \u00e1 kristnum t\u00edma og unnu \u00far \u00fdmsum \u00e1hrifum. Vegv\u00edsir er barn \u00feessa s\u00ed\u00f0ari t\u00edmabils.<\/p><p>\u00deessi sk\u00fdring dregur ekkert \u00far a\u00f0dr\u00e1ttarafli t\u00e1knsins. Vegv\u00edsir er \u00e1fram \u00e1hrifamiki\u00f0 verndart\u00e1kn me\u00f0 sk\u00fdra, fagra form og hjartn\u00e6ma merkingu. Hann er einungis ekki v\u00edkingaaldart\u00e1kn. \u00c6rlegur framsetning nefnir \u00feennan mismun \u00ed sta\u00f0 \u00feess a\u00f0 bera \u00e1fram \u00fatbreidda en rangf\u00e6r\u00f0a tengingu.<\/p>\t\t\t\t\t\t\t\t<\/div>\n\t\t\t\t<\/div>\n\t\t\t\t\t<\/div>\n\t\t\t\t<\/div>\n\t\t<div class=\"elementor-element elementor-element-iwgs-vegvisir-s7 e-flex e-con-boxed e-con e-parent\" data-id=\"iwgs-vegvisir-s7\" data-element_type=\"container\" data-e-type=\"container\">\n\t\t\t\t\t<div class=\"e-con-inner\">\n\t\t\t\t<div class=\"elementor-element elementor-element-iwgs-vegvisir-s7h elementor-widget elementor-widget-heading\" data-id=\"iwgs-vegvisir-s7h\" data-element_type=\"widget\" data-e-type=\"widget\" data-widget_type=\"heading.default\">\n\t\t\t\t\t<h2 class=\"elementor-heading-title elementor-size-default\">Vegv\u00edsir og tengd galdrat\u00e1kn<\/h2>\t\t\t\t<\/div>\n\t\t<div class=\"elementor-element elementor-element-iwgs-vegvisir-s7box e-con-full e-flex e-con e-parent\" data-id=\"iwgs-vegvisir-s7box\" data-element_type=\"container\" data-e-type=\"container\">\n\t\t\t\t<div class=\"elementor-element elementor-element-iwgs-vegvisir-s7t elementor-widget elementor-widget-text-editor\" data-id=\"iwgs-vegvisir-s7t\" data-element_type=\"widget\" data-e-type=\"widget\" data-widget_type=\"text-editor.default\">\n\t\t\t\t\t\t\t\t\t<p>Vegv\u00edsir stendur ekki einn me\u00f0al galdrastafanna. N\u00e1tengt honum er \u00c6gishj\u00e1lmur, sem oft er kalla\u00f0ur \u00d3ttahj\u00e1lmur. Hann er einnig stj\u00f6rnulaga t\u00e1kn \u00far stafarlaga \u00f6rmum sem liggja fr\u00e1 mi\u00f0ju. Vegv\u00edsir og \u00c6gishj\u00e1lmur eru \u00ed dag oft nefndir saman.<\/p><p>\u00der\u00e1tt fyrir ytra \u00fatlitsl\u00edki eru hlutverk t\u00e1knanna tveggja \u00f3l\u00edk. \u00c6gishj\u00e1lmur \u00e1tti a\u00f0 veita bera hans vernd og yfirbur\u00f0i, s\u00e9rstaklega \u00ed nau\u00f0um og \u00e1t\u00f6kum. Vegv\u00edsir er \u00e1 hinn b\u00f3ginn \u00e6tla\u00f0ur til a\u00f0 vernda gegn \u00fev\u00ed a\u00f0 villast. Hvert t\u00e1kn hefur sitt eigi\u00f0 hlutverk.<\/p><p>B\u00e6\u00f0i heyra \u00feau til s\u00f6mu ver\u00f6ld \u00edslenskra galdrastafa og deila einkennum hennar. \u00deau eru bygg\u00f0 \u00far st\u00f6fum, \u00feau eru var\u00f0veitt \u00ed handritum og \u00feau eru fr\u00e1 s\u00ed\u00f0mi\u00f0aldakeimtri \u00fej\u00f3\u00f0tr\u00fa og galdri. S\u00e1 sem vill skilja Vegv\u00edsi \u00e6tti \u00feess vegna a\u00f0 sj\u00e1 hann \u00ed samhengi \u00feessa alls h\u00f3psins.<\/p><p>Galdrastafirnir innihalda enn fleiri t\u00e1kn fyrir mismunandi tilgangi. Vegv\u00edsir og \u00c6gishj\u00e1lmur eru a\u00f0eins \u00feau tv\u00f6 \u00feekktustu me\u00f0al \u00feeirra. \u00deessi flokkun s\u00fdnir a\u00f0 Vegv\u00edsir er ekkert einangra\u00f0, s\u00e9rstakt t\u00e1kn. Hann er hluti af r\u00edkri \u00edslenskri <span class=\"iwg-fachbegriff\" data-tooltip=\"Mi\u00f0lun \u00feekkingar og fr\u00e1sagna milli kynsl\u00f3\u00f0a.\" tabindex=\"0\">arfleif\u00f0<\/span> hagn\u00fdtrar verndargaldurs.<\/p>\t\t\t\t\t\t\t\t<\/div>\n\t\t\t\t<\/div>\n\t\t\t\t\t<\/div>\n\t\t\t\t<\/div>\n\t\t<div class=\"elementor-element elementor-element-iwgs-vegvisir-s8 e-flex e-con-boxed e-con e-parent\" data-id=\"iwgs-vegvisir-s8\" data-element_type=\"container\" data-e-type=\"container\">\n\t\t\t\t\t<div class=\"e-con-inner\">\n\t\t\t\t<div class=\"elementor-element elementor-element-iwgs-vegvisir-s8h elementor-widget elementor-widget-heading\" data-id=\"iwgs-vegvisir-s8h\" data-element_type=\"widget\" data-e-type=\"widget\" data-widget_type=\"heading.default\">\n\t\t\t\t\t<h2 class=\"elementor-heading-title elementor-size-default\">M\u00f3tt\u00f6kur \u00ed dag<\/h2>\t\t\t\t<\/div>\n\t\t<div class=\"elementor-element elementor-element-iwgs-vegvisir-s8box e-con-full e-flex e-con e-parent\" data-id=\"iwgs-vegvisir-s8box\" data-element_type=\"container\" data-e-type=\"container\">\n\t\t\t\t<div class=\"elementor-element elementor-element-iwgs-vegvisir-s8t elementor-widget elementor-widget-text-editor\" data-id=\"iwgs-vegvisir-s8t\" data-element_type=\"widget\" data-e-type=\"widget\" data-widget_type=\"text-editor.default\">\n\t\t\t\t\t\t\t\t\t<p>Vegv\u00edsir er \u00ed dag afar \u00fatbreiddur. Hann er eitt af vins\u00e6lustu myndefnum \u00feegar kemur a\u00f0 t\u00e1knum norr\u00e6na heimsins. S\u00e9rstaklega er hann eftirs\u00f3ttur sem h\u00fa\u00f0fl\u00far, en auk \u00feess birtist hann \u00e1 skartgripum, fatna\u00f0i og \u00ed h\u00f6nnun.<\/p><p>\u00deessar vins\u00e6ldir m\u00e1 \u00feakka sk\u00fdrri, a\u00f0la\u00f0andi form Vegv\u00edsis og hjartn\u00e6mri merkingu hans. Hugmyndin um a\u00f0 bera t\u00e1kn sem verndar mann fr\u00e1 a\u00f0 villast h\u00f6f\u00f0ar til margra. \u00dea\u00f0 m\u00e1 einnig skilja \u00ed yfirf\u00e6r\u00f0ri merkingu, sem t\u00e1kn \u00feess a\u00f0 finna veginn \u00ed l\u00edfinu.<\/p><p>Me\u00f0 \u00fatbrei\u00f0slunni fylgir \u00fe\u00f3 \u00e1\u00f0urnefnd rangf\u00e6rsla. Mj\u00f6g oft er Vegv\u00edsir sag\u00f0ur fornt v\u00edkingat\u00e1kn. \u00deessi framsetning er skiljanleg, \u00fev\u00ed h\u00fan tengir t\u00e1kni\u00f0 vi\u00f0 heillandi t\u00edmabil, en h\u00fan f\u00e6r ekki sta\u00f0ist s\u00f6gulega. N\u00e1kv\u00e6m framsetning \u00e6tti a\u00f0 lei\u00f0r\u00e9tta \u00feetta af varf\u00e6rni.<\/p><p>Vegv\u00edsir er \u00fear me\u00f0 tv\u00f6falt \u00e1hugavert t\u00e1kn. \u00dea\u00f0 er \u00f3sviki\u00f0 verndart\u00e1kn \u00far \u00edslenskri \u00fej\u00f3\u00f0tr\u00fa me\u00f0 vel var\u00f0veittri merkingu. Og \u00fea\u00f0 er d\u00e6mi um hvernig t\u00e1kn \u00ed n\u00fat\u00edmamynd s\u00f6gunnar villast au\u00f0veldlega inn \u00ed rangt t\u00edmabil. B\u00e1\u00f0ar hli\u00f0ar heyra til fullkominnar framsetningar \u00e1 Vegv\u00edsi.<\/p>\t\t\t\t\t\t\t\t<\/div>\n\t\t\t\t<\/div>\n\t\t\t\t\t<\/div>\n\t\t\t\t<\/div>\n\t\t<div class=\"elementor-element elementor-element-iwgs-vegvisir-lit e-flex e-con-boxed e-con e-parent\" data-id=\"iwgs-vegvisir-lit\" data-element_type=\"container\" data-e-type=\"container\">\n\t\t\t\t\t<div class=\"e-con-inner\">\n\t\t\t\t<div class=\"elementor-element elementor-element-iwgs-vegvisir-lith elementor-widget elementor-widget-heading\" data-id=\"iwgs-vegvisir-lith\" data-element_type=\"widget\" data-e-type=\"widget\" data-widget_type=\"heading.default\">\n\t\t\t\t\t<h2 class=\"elementor-heading-title elementor-size-default\">Heimildir (\u00farval)<\/h2>\t\t\t\t<\/div>\n\t\t<div class=\"elementor-element elementor-element-iwgs-vegvisir-litbox e-con-full e-flex e-con e-parent\" data-id=\"iwgs-vegvisir-litbox\" data-element_type=\"container\" data-e-type=\"container\">\n\t\t\t\t<div class=\"elementor-element elementor-element-iwgs-vegvisir-litt elementor-widget elementor-widget-html\" data-id=\"iwgs-vegvisir-litt\" data-element_type=\"widget\" data-e-type=\"widget\" data-widget_type=\"html.default\">\n\t\t\t\t\t<footer data-nosnippet=\"true\"><ul><li>Magn\u00fas Rafnsson: <em>Two Icelandic Books of Magic<\/em> (2008)<\/li><li>Matth\u00edas Vi\u00f0ar S\u00e6mundsson: <em>Galdrar \u00e1 \u00cdslandi<\/em> (1992)<\/li><li>Stephen Flowers: <em>Icelandic Magic<\/em> (2016)<\/li><li>\u00d3l\u00edna \u00deorvar\u00f0ard\u00f3ttir: <em>Studien zur isl\u00e4ndischen Volksmagie<\/em><\/li><li>Rudolf Simek: <em>Lexikon der germanischen Mythologie<\/em> (2006)<\/li><\/ul><\/footer>\t\t\t\t<\/div>\n\t\t\t\t<\/div>\n\t\t\t\t\t<\/div>\n\t\t\t\t<\/div>\n\t\t<div class=\"elementor-element elementor-element-iwgs-vegvisir-kwd e-flex e-con-boxed e-con e-parent\" data-id=\"iwgs-vegvisir-kwd\" data-element_type=\"container\" data-e-type=\"container\">\n\t\t\t\t\t<div class=\"e-con-inner\">\n\t\t\t\t<div class=\"elementor-element elementor-element-iwgs-vegvisir-kwdt elementor-widget elementor-widget-text-editor\" data-id=\"iwgs-vegvisir-kwdt\" data-element_type=\"widget\" data-e-type=\"widget\" data-widget_type=\"text-editor.default\">\n\t\t\t\t\t\t\t\t\t<p><em>Tengd leitaror\u00f0: Vegv\u00edsir Galdrastafir t\u00f6frastafur \u00cdsland lei\u00f0arv\u00edsir \u00c6gishj\u00e1lmur \u00fej\u00f3\u00f0tr\u00fa verndart\u00e1kn.<\/em><\/p>\t\t\t\t\t\t\t\t<\/div>\n\t\t\t\t\t<\/div>\n\t\t\t\t<\/div>\n\t\t<div class=\"elementor-element elementor-element-iwgs-vegvisir-cc e-flex e-con-boxed e-con e-parent\" data-id=\"iwgs-vegvisir-cc\" data-element_type=\"container\" data-e-type=\"container\" id=\"iwg-cc-vegvisir\">\n\t\t\t\t\t<div class=\"e-con-inner\">\n\t\t<div class=\"elementor-element elementor-element-iwgs-vegvisir-ccinner e-flex e-con-boxed e-con e-parent\" data-id=\"iwgs-vegvisir-ccinner\" data-element_type=\"container\" data-e-type=\"container\" data-settings=\"{&quot;background_background&quot;:&quot;classic&quot;}\">\n\t\t\t\t\t<div class=\"e-con-inner\">\n\t\t\t\t<div class=\"elementor-element elementor-element-iwgs-vegvisir-cch elementor-widget elementor-widget-heading\" data-id=\"iwgs-vegvisir-cch\" data-element_type=\"widget\" data-e-type=\"widget\" data-widget_type=\"heading.default\">\n\t\t\t\t\t<h2 class=\"elementor-heading-title elementor-size-default\">iWell Guard og verndarhef\u00f0ir<\/h2>\t\t\t\t<\/div>\n\t\t\t\t<div class=\"elementor-element elementor-element-iwgs-vegvisir-cct elementor-widget elementor-widget-text-editor\" data-id=\"iwgs-vegvisir-cct\" data-element_type=\"widget\" data-e-type=\"widget\" data-widget_type=\"text-editor.default\">\n\t\t\t\t\t\t\t\t\t<p>iWell Guard fellur \u00ed menningars\u00f6gulega hef\u00f0 fars\u00edmra verndargripa, sem Vegv\u00edsir tilheyrir einnig. N\u00fat\u00edmalegur fylgihlutur fyrir f\u00f3lk sem lifir me\u00f0 verndart\u00e1knum: framleiddur \u00ed \u00de\u00fdskalandi, 41 l\u00f6g af hreinu gulli, plat\u00ednu og silfri, me\u00f0 30 daga skilar\u00e9tti.<\/p>\t\t\t\t\t\t\t\t<\/div>\n\t\t\t\t<div class=\"elementor-element elementor-element-iwgs-vegvisir-ccb iwg-cc-button iwg-cc-cta-2026-05-13 elementor-widget elementor-widget-jet-button\" data-id=\"iwgs-vegvisir-ccb\" data-element_type=\"widget\" data-e-type=\"widget\" data-widget_type=\"jet-button.default\">\n\t\t\t\t<div class=\"elementor-widget-container\">\n\t\t\t\t\t<div class=\"elementor-jet-button jet-elements\"><div class=\"jet-button__container\"><a class=\"jet-button__instance jet-button__instance--icon-left hover-effect-1\" href=\"\/schutzanhaenger-iwell-guard-kaufen\/?utm_source=iwell-guard.com&amp;utm_medium=info-box&amp;utm_campaign=schutzsymbole\"><div class=\"jet-button__plane jet-button__plane-normal\"><\/div><div class=\"jet-button__plane jet-button__plane-hover\"><\/div><div class=\"jet-button__state jet-button__state-normal\"><span class=\"jet-button__label\">Meira um iWell Guard<\/span><\/div><div class=\"jet-button__state jet-button__state-hover\"><span class=\"jet-button__label\">Meira um iWell Guard<\/span><\/div><\/a><\/div><\/div><style>.elementor-element.elementor-element-iwgs-vegvisir-ccb .jet-button__instance{width:320px;height:56px;}.elementor-element.elementor-element-iwgs-vegvisir-ccb .jet-button__state-normal .jet-button__label{text-align:center;margin:0px 0px 0px 0px;color:#1a1b20;font-family:Montserrat,sans-serif;font-size:13px;font-weight:400;letter-spacing:4px;line-height:1.714em;text-transform:uppercase;}.elementor-element.elementor-element-iwgs-vegvisir-ccb .jet-button__state-hover .jet-button__label{text-align:center;margin:0px 0px 0px 0px;color:#FECC76;font-family:Montserrat,sans-serif;font-size:13px;font-weight:400;letter-spacing:4px;line-height:1.714em;text-transform:uppercase;}.elementor-element.elementor-element-iwgs-vegvisir-ccb .jet-button__plane-normal{background-color:#FECC76;border-style:solid;border-color:#C99540;border-width:2px 2px 2px 2px;}.elementor-element.elementor-element-iwgs-vegvisir-ccb .jet-button__plane-hover{background-color:rgba(0,0,0,0.55);border-style:solid;border-color:#FECC76;border-width:2px 2px 2px 2px;}<\/style>\t\t\t\t<\/div>\n\t\t\t\t<\/div>\n\t\t\t\t<div class=\"elementor-element elementor-element-iwgs-vegvisir-ccd elementor-widget elementor-widget-text-editor\" data-id=\"iwgs-vegvisir-ccd\" data-element_type=\"widget\" data-e-type=\"widget\" data-widget_type=\"text-editor.default\">\n\t\t\t\t\t\t\t\t\t<p style=\"text-align:center;font-size:13px;opacity:0.7;margin-top:14px\" data-nosnippet=\"true\">Pers\u00f3nuleg reynsla getur veri\u00f0 mismunandi. Ekki l\u00e6kningat\u00e6ki. Engin lofor\u00f0 um l\u00e6kningu.<\/p>\t\t\t\t\t\t\t\t<\/div>\n\t\t\t\t\t<\/div>\n\t\t\t\t<\/div>\n\t\t\t\t\t<\/div>\n\t\t\t\t<\/div>\n\t\t<div class=\"elementor-element elementor-element-iwgs-vegvisir-disc e-flex e-con-boxed e-con e-parent\" data-id=\"iwgs-vegvisir-disc\" data-element_type=\"container\" data-e-type=\"container\">\n\t\t\t\t\t<div class=\"e-con-inner\">\n\t\t\t\t<div class=\"elementor-element elementor-element-iwgs-vegvisir-discw elementor-widget elementor-widget-html\" data-id=\"iwgs-vegvisir-discw\" data-element_type=\"widget\" data-e-type=\"widget\" data-widget_type=\"html.default\">\n\t\t\t\t\t<footer data-nosnippet=\"true\" class=\"iwg-disclaimer-block\"><p data-nosnippet=\"true\">iWell Guard er <strong>ekki l\u00e6kningat\u00e6ki<\/strong> og kemur ekki \u00ed sta\u00f0 l\u00e6knis- e\u00f0a s\u00e1lfr\u00e6\u00f0ime\u00f0fer\u00f0ar. Innihaldi\u00f0 sem h\u00e9r er sett fram er tr\u00faarbrag\u00f0afr\u00e6\u00f0ileg og menningars\u00f6gulega greining, ekki lofor\u00f0 um andlega virkni.<\/p><\/footer>\t\t\t\t<\/div>\n\t\t\t\t\t<\/div>\n\t\t\t\t<\/div>\n\t\t\t\t<\/div>\n\t\t","protected":false},"excerpt":{"rendered":"","protected":false},"author":3,"featured_media":3483,"parent":0,"menu_order":0,"comment_status":"closed","ping_status":"closed","template":"elementor_header_footer","meta":{"_yoast_wpseo_focuskw":"Vegv\u00edsir","_yoast_wpseo_title":"Vegv\u00edsir \u2013 \u00edslenskt verndart\u00e1kn","_yoast_wpseo_metadesc":"Vegv\u00edsir er \u00edslenskt galdrat\u00e1kn sem \u00e1 a\u00f0 vernda gegn \u00fev\u00ed a\u00f0 villast. Uppruni, handrit og merking \u00fatsk\u00fdr\u00f0.","_yoast_wpseo_meta-robots-noindex":"","_yoast_wpseo_canonical":"","_angie_page":false,"gefaehrdungsstufe":"","wesen_kultur":"","wesen_klasse":"","footnotes":""},"categories":[],"class_list":["post-169140","page","type-page","status-publish","has-post-thumbnail","hentry"],"yoast_head":"<!-- This site is optimized with the Yoast SEO Premium plugin v27.7 (Yoast SEO v28.3) - https:\/\/yoast.com\/product\/yoast-seo-premium-wordpress\/ -->\n<title>Vegv\u00edsir \u2013 \u00edslenskt verndart\u00e1kn<\/title>\n<meta name=\"description\" content=\"Vegv\u00edsir er \u00edslenskt galdrat\u00e1kn sem \u00e1 a\u00f0 vernda gegn \u00fev\u00ed a\u00f0 villast. Uppruni, handrit og merking \u00fatsk\u00fdr\u00f0.\" \/>\n<meta name=\"robots\" content=\"index, follow, max-snippet:-1, max-image-preview:large, max-video-preview:-1\" \/>\n<link rel=\"canonical\" href=\"https:\/\/iwell-guard.com\/is\/vegvisir-verndartakn\/\" \/>\n<meta property=\"og:locale\" content=\"is_IS\" \/>\n<meta property=\"og:type\" content=\"article\" \/>\n<meta property=\"og:title\" content=\"Vegv\u00edsir \u2013 \u00edslenska lei\u00f0armerki\u00f0 sem verndart\u00e1kn\" \/>\n<meta property=\"og:description\" content=\"Vegv\u00edsir er \u00edslenskt galdrat\u00e1kn sem \u00e1 a\u00f0 vernda gegn \u00fev\u00ed a\u00f0 villast. Uppruni, handrit og merking \u00fatsk\u00fdr\u00f0.\" \/>\n<meta property=\"og:url\" content=\"https:\/\/iwell-guard.com\/is\/vegvisir-verndartakn\/\" \/>\n<meta property=\"og:site_name\" content=\"iWell Guard\" \/>\n<meta property=\"article:modified_time\" content=\"2026-09-05T14:33:14+00:00\" \/>\n<meta property=\"og:image\" content=\"https:\/\/iwell-guard.com\/wp-content\/uploads\/2026\/05\/schutzsymbol_germanisch_vegvisir.webp\" \/>\n\t<meta property=\"og:image:width\" content=\"1024\" \/>\n\t<meta property=\"og:image:height\" content=\"1536\" \/>\n\t<meta property=\"og:image:type\" content=\"image\/webp\" \/>\n<meta name=\"twitter:card\" content=\"summary_large_image\" \/>\n<script type=\"application\/ld+json\" class=\"yoast-schema-graph\">{\"@context\":\"https:\\\/\\\/schema.org\",\"@graph\":[{\"@type\":\"WebPage\",\"@id\":\"https:\\\/\\\/iwell-guard.com\\\/is\\\/vegvisir-verndartakn\\\/\",\"url\":\"https:\\\/\\\/iwell-guard.com\\\/is\\\/vegvisir-verndartakn\\\/\",\"name\":\"Vegv\u00edsir \u2013 \u00edslenskt verndart\u00e1kn\",\"isPartOf\":{\"@id\":\"https:\\\/\\\/iwell-guard.com\\\/is\\\/#website\"},\"primaryImageOfPage\":{\"@id\":\"https:\\\/\\\/iwell-guard.com\\\/is\\\/vegvisir-verndartakn\\\/#primaryimage\"},\"image\":{\"@id\":\"https:\\\/\\\/iwell-guard.com\\\/is\\\/vegvisir-verndartakn\\\/#primaryimage\"},\"thumbnailUrl\":\"https:\\\/\\\/iwell-guard.com\\\/wp-content\\\/uploads\\\/2026\\\/05\\\/schutzsymbol_germanisch_vegvisir.webp\",\"datePublished\":\"2026-09-05T14:05:56+00:00\",\"dateModified\":\"2026-09-05T14:33:14+00:00\",\"description\":\"Vegv\u00edsir er \u00edslenskt galdrat\u00e1kn sem \u00e1 a\u00f0 vernda gegn \u00fev\u00ed a\u00f0 villast. Uppruni, handrit og merking \u00fatsk\u00fdr\u00f0.\",\"breadcrumb\":{\"@id\":\"https:\\\/\\\/iwell-guard.com\\\/is\\\/vegvisir-verndartakn\\\/#breadcrumb\"},\"inLanguage\":\"is\",\"potentialAction\":[{\"@type\":\"ReadAction\",\"target\":[\"https:\\\/\\\/iwell-guard.com\\\/is\\\/vegvisir-verndartakn\\\/\"]}]},{\"@type\":\"ImageObject\",\"inLanguage\":\"is\",\"@id\":\"https:\\\/\\\/iwell-guard.com\\\/is\\\/vegvisir-verndartakn\\\/#primaryimage\",\"url\":\"https:\\\/\\\/iwell-guard.com\\\/wp-content\\\/uploads\\\/2026\\\/05\\\/schutzsymbol_germanisch_vegvisir.webp\",\"contentUrl\":\"https:\\\/\\\/iwell-guard.com\\\/wp-content\\\/uploads\\\/2026\\\/05\\\/schutzsymbol_germanisch_vegvisir.webp\",\"width\":1024,\"height\":1536,\"caption\":\"Verndart\u00e1kn. Myndskreyting \u00ed safnst\u00edl.\"},{\"@type\":\"BreadcrumbList\",\"@id\":\"https:\\\/\\\/iwell-guard.com\\\/is\\\/vegvisir-verndartakn\\\/#breadcrumb\",\"itemListElement\":[{\"@type\":\"ListItem\",\"position\":1,\"name\":\"Start\",\"item\":\"https:\\\/\\\/iwell-guard.com\\\/is\\\/?page_id=168580\"},{\"@type\":\"ListItem\",\"position\":2,\"name\":\"Vegv\u00edsir \u2013 \u00edslenska lei\u00f0armerki\u00f0 sem verndart\u00e1kn\"}]},{\"@type\":\"WebSite\",\"@id\":\"https:\\\/\\\/iwell-guard.com\\\/is\\\/#website\",\"url\":\"https:\\\/\\\/iwell-guard.com\\\/is\\\/\",\"name\":\"iWell Guard\",\"description\":\"Schutz vor dunklen Einfl\u00fcssen\",\"publisher\":{\"@id\":\"https:\\\/\\\/iwell-guard.com\\\/is\\\/#organization\"},\"potentialAction\":[{\"@type\":\"SearchAction\",\"target\":{\"@type\":\"EntryPoint\",\"urlTemplate\":\"https:\\\/\\\/iwell-guard.com\\\/is\\\/?s={search_term_string}\"},\"query-input\":{\"@type\":\"PropertyValueSpecification\",\"valueRequired\":true,\"valueName\":\"search_term_string\"}}],\"inLanguage\":\"is\"},{\"@type\":\"Organization\",\"@id\":\"https:\\\/\\\/iwell-guard.com\\\/is\\\/#organization\",\"name\":\"Ittermann electronic GmbH\",\"url\":\"https:\\\/\\\/iwell-guard.com\\\/is\\\/\",\"logo\":{\"@type\":\"ImageObject\",\"inLanguage\":\"is\",\"@id\":\"https:\\\/\\\/iwell-guard.com\\\/is\\\/#\\\/schema\\\/logo\\\/image\\\/\",\"url\":\"https:\\\/\\\/iwell-guard.com\\\/wp-content\\\/uploads\\\/2026\\\/05\\\/Ittermann-Logo-1182x237-1.png\",\"contentUrl\":\"https:\\\/\\\/iwell-guard.com\\\/wp-content\\\/uploads\\\/2026\\\/05\\\/Ittermann-Logo-1182x237-1.png\",\"width\":1182,\"height\":237,\"caption\":\"Ittermann electronic GmbH\"},\"image\":{\"@id\":\"https:\\\/\\\/iwell-guard.com\\\/is\\\/#\\\/schema\\\/logo\\\/image\\\/\"},\"sameAs\":[\"https:\\\/\\\/pantip.com\\\/profile\\\/9367242\",\"https:\\\/\\\/micro.blog\\\/iwellguard\",\"https:\\\/\\\/www.diggerslist.com\\\/iwellguard\\\/about\",\"https:\\\/\\\/skitterphoto.com\\\/photographers\\\/2870314\\\/iwell-guard\",\"https:\\\/\\\/iwellguard.wordpress.com\\\/2026\\\/06\\\/06\\\/iwell-guard\\\/\",\"https:\\\/\\\/hub.docker.com\\\/u\\\/iwellguard\",\"https:\\\/\\\/www.pinterest.com\\\/iwellguard\\\/\",\"https:\\\/\\\/bit.ly\\\/m\\\/iwellguard\",\"https:\\\/\\\/entre-vos-mains.alsace.eu\\\/profiles\\\/iwellguard\\\/activity\",\"https:\\\/\\\/gravatar.com\\\/reallybeded8fd34\",\"https:\\\/\\\/naijamatta.com\\\/iwellguard\",\"https:\\\/\\\/www.goodreads.com\\\/iwellguard\",\"https:\\\/\\\/profile.hatena.ne.jp\\\/iwellguard\\\/\",\"https:\\\/\\\/experiment.com\\\/users\\\/iwellguard\",\"https:\\\/\\\/wakelet.com\\\/@iWellGuard82270\",\"https:\\\/\\\/www.chordie.com\\\/forum\\\/profile.php?id=2555664\",\"https:\\\/\\\/www.instapaper.com\\\/p\\\/17757966\",\"https:\\\/\\\/www.mapleprimes.com\\\/users\\\/iwellguard\",\"https:\\\/\\\/businesslistingplus.com\\\/profile\\\/iwell-guard\\\/\",\"https:\\\/\\\/telegra.ph\\\/iWell-Guard-06-06\",\"https:\\\/\\\/pbase.com\\\/iwellguard\\\/iwellguard\",\"https:\\\/\\\/b.hatena.ne.jp\\\/iwellguard\\\/20260607#bookmark-4788405196491818882\",\"https:\\\/\\\/fliphtml5.com\\\/home\\\/iwellguard\",\"https:\\\/\\\/anyflip.com\\\/homepage\\\/cmiwl#About\",\"https:\\\/\\\/transfur.com\\\/Users\\\/iwellguard\",\"http:\\\/\\\/delphi.larsbo.org\\\/user\\\/iwellguard\",\"https:\\\/\\\/jobs.lajobsportal.org\\\/profiles\\\/8380803-iwell-guard\",\"https:\\\/\\\/md.chaosdorf.de\\\/s\\\/jfbe5SBdJD\",\"https:\\\/\\\/www.lingvolive.com\\\/en-us\\\/profile\\\/9ecaeaca-ce11-4e51-9e71-01d55e2bff36\\\/translations\",\"https:\\\/\\\/www.fitday.com\\\/fitness\\\/forums\\\/members\\\/iwellguard.html\",\"https:\\\/\\\/www.mymeetbook.com\\\/iwellguard\",\"https:\\\/\\\/pxhere.com\\\/en\\\/photographer-me\\\/5040798\",\"https:\\\/\\\/disqus.com\\\/by\\\/iwellguard\\\/about\\\/\",\"https:\\\/\\\/pastelink.net\\\/hjwciqwq\",\"https:\\\/\\\/pubhtml5.com\\\/homepage\\\/scjhn\\\/\",\"https:\\\/\\\/www.bitchute.com\\\/channel\\\/2O2eOKzNqujT\",\"https:\\\/\\\/audiomack.com\\\/iwellguard\"]}]}<\/script>\n<!-- \/ Yoast SEO Premium plugin. -->","yoast_head_json":{"title":"Vegv\u00edsir \u2013 \u00edslenskt verndart\u00e1kn","description":"Vegv\u00edsir er \u00edslenskt galdrat\u00e1kn sem \u00e1 a\u00f0 vernda gegn \u00fev\u00ed a\u00f0 villast. Uppruni, handrit og merking \u00fatsk\u00fdr\u00f0.","robots":{"index":"index","follow":"follow","max-snippet":"max-snippet:-1","max-image-preview":"max-image-preview:large","max-video-preview":"max-video-preview:-1"},"canonical":"https:\/\/iwell-guard.com\/is\/vegvisir-verndartakn\/","og_locale":"is_IS","og_type":"article","og_title":"Vegv\u00edsir \u2013 \u00edslenska lei\u00f0armerki\u00f0 sem verndart\u00e1kn","og_description":"Vegv\u00edsir er \u00edslenskt galdrat\u00e1kn sem \u00e1 a\u00f0 vernda gegn \u00fev\u00ed a\u00f0 villast. Uppruni, handrit og merking \u00fatsk\u00fdr\u00f0.","og_url":"https:\/\/iwell-guard.com\/is\/vegvisir-verndartakn\/","og_site_name":"iWell Guard","article_modified_time":"2026-09-05T14:33:14+00:00","og_image":[{"width":1024,"height":1536,"url":"https:\/\/iwell-guard.com\/wp-content\/uploads\/2026\/05\/schutzsymbol_germanisch_vegvisir.webp","type":"image\/webp"}],"twitter_card":"summary_large_image","schema":{"@context":"https:\/\/schema.org","@graph":[{"@type":"WebPage","@id":"https:\/\/iwell-guard.com\/is\/vegvisir-verndartakn\/","url":"https:\/\/iwell-guard.com\/is\/vegvisir-verndartakn\/","name":"Vegv\u00edsir \u2013 \u00edslenskt verndart\u00e1kn","isPartOf":{"@id":"https:\/\/iwell-guard.com\/is\/#website"},"primaryImageOfPage":{"@id":"https:\/\/iwell-guard.com\/is\/vegvisir-verndartakn\/#primaryimage"},"image":{"@id":"https:\/\/iwell-guard.com\/is\/vegvisir-verndartakn\/#primaryimage"},"thumbnailUrl":"https:\/\/iwell-guard.com\/wp-content\/uploads\/2026\/05\/schutzsymbol_germanisch_vegvisir.webp","datePublished":"2026-09-05T14:05:56+00:00","dateModified":"2026-09-05T14:33:14+00:00","description":"Vegv\u00edsir er \u00edslenskt galdrat\u00e1kn sem \u00e1 a\u00f0 vernda gegn \u00fev\u00ed a\u00f0 villast. Uppruni, handrit og merking \u00fatsk\u00fdr\u00f0.","breadcrumb":{"@id":"https:\/\/iwell-guard.com\/is\/vegvisir-verndartakn\/#breadcrumb"},"inLanguage":"is","potentialAction":[{"@type":"ReadAction","target":["https:\/\/iwell-guard.com\/is\/vegvisir-verndartakn\/"]}]},{"@type":"ImageObject","inLanguage":"is","@id":"https:\/\/iwell-guard.com\/is\/vegvisir-verndartakn\/#primaryimage","url":"https:\/\/iwell-guard.com\/wp-content\/uploads\/2026\/05\/schutzsymbol_germanisch_vegvisir.webp","contentUrl":"https:\/\/iwell-guard.com\/wp-content\/uploads\/2026\/05\/schutzsymbol_germanisch_vegvisir.webp","width":1024,"height":1536,"caption":"Verndart\u00e1kn. Myndskreyting \u00ed safnst\u00edl."},{"@type":"BreadcrumbList","@id":"https:\/\/iwell-guard.com\/is\/vegvisir-verndartakn\/#breadcrumb","itemListElement":[{"@type":"ListItem","position":1,"name":"Start","item":"https:\/\/iwell-guard.com\/is\/?page_id=168580"},{"@type":"ListItem","position":2,"name":"Vegv\u00edsir \u2013 \u00edslenska lei\u00f0armerki\u00f0 sem verndart\u00e1kn"}]},{"@type":"WebSite","@id":"https:\/\/iwell-guard.com\/is\/#website","url":"https:\/\/iwell-guard.com\/is\/","name":"iWell Guard","description":"Schutz vor dunklen Einfl\u00fcssen","publisher":{"@id":"https:\/\/iwell-guard.com\/is\/#organization"},"potentialAction":[{"@type":"SearchAction","target":{"@type":"EntryPoint","urlTemplate":"https:\/\/iwell-guard.com\/is\/?s={search_term_string}"},"query-input":{"@type":"PropertyValueSpecification","valueRequired":true,"valueName":"search_term_string"}}],"inLanguage":"is"},{"@type":"Organization","@id":"https:\/\/iwell-guard.com\/is\/#organization","name":"Ittermann electronic GmbH","url":"https:\/\/iwell-guard.com\/is\/","logo":{"@type":"ImageObject","inLanguage":"is","@id":"https:\/\/iwell-guard.com\/is\/#\/schema\/logo\/image\/","url":"https:\/\/iwell-guard.com\/wp-content\/uploads\/2026\/05\/Ittermann-Logo-1182x237-1.png","contentUrl":"https:\/\/iwell-guard.com\/wp-content\/uploads\/2026\/05\/Ittermann-Logo-1182x237-1.png","width":1182,"height":237,"caption":"Ittermann electronic GmbH"},"image":{"@id":"https:\/\/iwell-guard.com\/is\/#\/schema\/logo\/image\/"},"sameAs":["https:\/\/pantip.com\/profile\/9367242","https:\/\/micro.blog\/iwellguard","https:\/\/www.diggerslist.com\/iwellguard\/about","https:\/\/skitterphoto.com\/photographers\/2870314\/iwell-guard","https:\/\/iwellguard.wordpress.com\/2026\/06\/06\/iwell-guard\/","https:\/\/hub.docker.com\/u\/iwellguard","https:\/\/www.pinterest.com\/iwellguard\/","https:\/\/bit.ly\/m\/iwellguard","https:\/\/entre-vos-mains.alsace.eu\/profiles\/iwellguard\/activity","https:\/\/gravatar.com\/reallybeded8fd34","https:\/\/naijamatta.com\/iwellguard","https:\/\/www.goodreads.com\/iwellguard","https:\/\/profile.hatena.ne.jp\/iwellguard\/","https:\/\/experiment.com\/users\/iwellguard","https:\/\/wakelet.com\/@iWellGuard82270","https:\/\/www.chordie.com\/forum\/profile.php?id=2555664","https:\/\/www.instapaper.com\/p\/17757966","https:\/\/www.mapleprimes.com\/users\/iwellguard","https:\/\/businesslistingplus.com\/profile\/iwell-guard\/","https:\/\/telegra.ph\/iWell-Guard-06-06","https:\/\/pbase.com\/iwellguard\/iwellguard","https:\/\/b.hatena.ne.jp\/iwellguard\/20260607#bookmark-4788405196491818882","https:\/\/fliphtml5.com\/home\/iwellguard","https:\/\/anyflip.com\/homepage\/cmiwl#About","https:\/\/transfur.com\/Users\/iwellguard","http:\/\/delphi.larsbo.org\/user\/iwellguard","https:\/\/jobs.lajobsportal.org\/profiles\/8380803-iwell-guard","https:\/\/md.chaosdorf.de\/s\/jfbe5SBdJD","https:\/\/www.lingvolive.com\/en-us\/profile\/9ecaeaca-ce11-4e51-9e71-01d55e2bff36\/translations","https:\/\/www.fitday.com\/fitness\/forums\/members\/iwellguard.html","https:\/\/www.mymeetbook.com\/iwellguard","https:\/\/pxhere.com\/en\/photographer-me\/5040798","https:\/\/disqus.com\/by\/iwellguard\/about\/","https:\/\/pastelink.net\/hjwciqwq","https:\/\/pubhtml5.com\/homepage\/scjhn\/","https:\/\/www.bitchute.com\/channel\/2O2eOKzNqujT","https:\/\/audiomack.com\/iwellguard"]}]}},"_links":{"self":[{"href":"https:\/\/iwell-guard.com\/is\/wp-json\/wp\/v2\/pages\/169140","targetHints":{"allow":["GET"]}}],"collection":[{"href":"https:\/\/iwell-guard.com\/is\/wp-json\/wp\/v2\/pages"}],"about":[{"href":"https:\/\/iwell-guard.com\/is\/wp-json\/wp\/v2\/types\/page"}],"author":[{"embeddable":true,"href":"https:\/\/iwell-guard.com\/is\/wp-json\/wp\/v2\/users\/3"}],"replies":[{"embeddable":true,"href":"https:\/\/iwell-guard.com\/is\/wp-json\/wp\/v2\/comments?post=169140"}],"version-history":[{"count":0,"href":"https:\/\/iwell-guard.com\/is\/wp-json\/wp\/v2\/pages\/169140\/revisions"}],"wp:featuredmedia":[{"embeddable":true,"href":"https:\/\/iwell-guard.com\/is\/wp-json\/wp\/v2\/media\/3483"}],"wp:attachment":[{"href":"https:\/\/iwell-guard.com\/is\/wp-json\/wp\/v2\/media?parent=169140"}],"wp:term":[{"taxonomy":"category","embeddable":true,"href":"https:\/\/iwell-guard.com\/is\/wp-json\/wp\/v2\/categories?post=169140"}],"curies":[{"name":"wp","href":"https:\/\/api.w.org\/{rel}","templated":true}]}}