{"id":169139,"date":"2026-09-05T14:05:55","date_gmt":"2026-09-05T14:05:55","guid":{"rendered":"https:\/\/iwell-guard.com\/?page_id=169139"},"modified":"2026-09-05T14:33:16","modified_gmt":"2026-09-05T14:33:16","slug":"triquetra-keltneskur-threnningarhnutur","status":"publish","type":"page","link":"https:\/\/iwell-guard.com\/is\/triquetra-keltneskur-threnningarhnutur\/","title":{"rendered":"Triquetra \u2013 hinn keltneski \u00ferenningarhn\u00fatur"},"content":{"rendered":"\t\t<div data-elementor-type=\"wp-page\" data-elementor-id=\"169139\" class=\"elementor elementor-169139 elementor-3618 elementor-bc-flex-widget\" data-elementor-post-type=\"page\">\n\t\t\t\t<div class=\"elementor-element elementor-element-iwgs-triquetra-hero e-flex e-con-boxed e-con e-parent\" data-id=\"iwgs-triquetra-hero\" data-element_type=\"container\" data-e-type=\"container\">\n\t\t\t\t\t<div class=\"e-con-inner\">\n\t\t<div class=\"elementor-element elementor-element-iwgs-triquetra-hl e-flex e-con-boxed e-con e-parent\" data-id=\"iwgs-triquetra-hl\" data-element_type=\"container\" data-e-type=\"container\">\n\t\t\t\t\t<div class=\"e-con-inner\">\n\t\t<div class=\"elementor-element elementor-element-iwgs-triquetra-hlbox e-con-full e-flex e-con e-parent\" data-id=\"iwgs-triquetra-hlbox\" data-element_type=\"container\" data-e-type=\"container\">\n\t\t\t\t<div class=\"elementor-element elementor-element-iwgs-triquetra-h1 elementor-widget elementor-widget-heading\" data-id=\"iwgs-triquetra-h1\" data-element_type=\"widget\" data-e-type=\"widget\" data-widget_type=\"heading.default\">\n\t\t\t\t\t<h1 class=\"elementor-heading-title elementor-size-default\">Triquetra \u2013 keltneski \u00ferenningarhn\u00faturinn sem verndart\u00e1kn<\/h1>\t\t\t\t<\/div>\n\t\t\t\t<div class=\"elementor-element elementor-element-iwgs-triquetra-lead elementor-widget elementor-widget-text-editor\" data-id=\"iwgs-triquetra-lead\" data-element_type=\"widget\" data-e-type=\"widget\" data-widget_type=\"text-editor.default\">\n\t\t\t\t\t\t\t\t\t<p>Triquetra er t\u00e1kn \u00far \u00feremur samtvinnu\u00f0um bogum sem er n\u00e1i\u00f0 tengt hinum keltneska menningarheimi. Sem endalaus, loku\u00f0 l\u00edna stendur \u00fea\u00f0 fyrir \u00ferenningu og samst\u00f6\u00f0u og er eitt af \u00feekktustu hn\u00fatt\u00e1knum Evr\u00f3pu.<\/p>\t\t\t\t\t\t\t\t<\/div>\n\t\t\t\t<\/div>\n\t\t\t\t<div class=\"elementor-element elementor-element-iwgs-triquetra-pills elementor-widget elementor-widget-html\" data-id=\"iwgs-triquetra-pills\" data-element_type=\"widget\" data-e-type=\"widget\" data-widget_type=\"html.default\">\n\t\t\t\t\t<div class=\"iwg-pill-row\"><span class=\"iwg-klasse-badge\" tabindex=\"0\" data-tooltip=\"Verndart\u00e1kn, verndargripur e\u00f0a ap\u00f3tr\u00f3pa\u00edsk hlutur.\">Verndart\u00e1kn<\/span><a href=\"https:\/\/iwell-guard.com\/is\/keltneskt\/\" class=\"iwg-kultur-badge\" tabindex=\"0\" data-tooltip=\"Verndarhef\u00f0: Keltnesk\">Keltneskt<\/a><span class=\"iwg-tradition-badge\" tabindex=\"0\" data-tooltip=\"Verndart\u00e1kn \u00ed formi samtvinna\u00f0s hn\u00fats.\">Hn\u00fatt\u00e1kn<\/span><\/div>\t\t\t\t<\/div>\n\t\t\t\t\t<\/div>\n\t\t\t\t<\/div>\n\t\t<div class=\"elementor-element elementor-element-iwgs-triquetra-hr e-con-full e-flex e-con e-parent\" data-id=\"iwgs-triquetra-hr\" data-element_type=\"container\" data-e-type=\"container\">\n\t\t\t\t<div class=\"elementor-element elementor-element-iwgs-triquetra-himg iwg-hero-image elementor-widget elementor-widget-image\" data-id=\"iwgs-triquetra-himg\" data-element_type=\"widget\" data-e-type=\"widget\" data-widget_type=\"image.default\">\n\t\t\t\t\t\t\t\t\t\t\t\t\t\t\t<img fetchpriority=\"high\" decoding=\"async\" width=\"683\" height=\"1024\" src=\"https:\/\/iwell-guard.com\/wp-content\/uploads\/2026\/05\/schutzsymbol_keltisch_triquetra-683x1024.webp\" class=\"attachment-large size-large wp-image-170568\" alt=\"Triquetra - verndart\u00e1kn, safnfr\u00e6\u00f0ileg myndskreyting\" srcset=\"https:\/\/iwell-guard.com\/wp-content\/uploads\/2026\/05\/schutzsymbol_keltisch_triquetra-683x1024.webp 683w, https:\/\/iwell-guard.com\/wp-content\/uploads\/2026\/05\/schutzsymbol_keltisch_triquetra-200x300.webp 200w, https:\/\/iwell-guard.com\/wp-content\/uploads\/2026\/05\/schutzsymbol_keltisch_triquetra-768x1152.webp 768w, https:\/\/iwell-guard.com\/wp-content\/uploads\/2026\/05\/schutzsymbol_keltisch_triquetra.webp 1024w\" sizes=\"(max-width: 683px) 100vw, 683px\" \/>\t\t\t\t\t\t\t\t\t\t\t\t\t\t\t<\/div>\n\t\t\t\t<\/div>\n\t\t\t\t\t<\/div>\n\t\t\t\t<\/div>\n\t\t<div class=\"elementor-element elementor-element-iwgs-triquetra-s0 e-flex e-con-boxed e-con e-parent\" data-id=\"iwgs-triquetra-s0\" data-element_type=\"container\" data-e-type=\"container\">\n\t\t\t\t\t<div class=\"e-con-inner\">\n\t\t\t\t<div class=\"elementor-element elementor-element-iwgs-triquetra-s0h elementor-widget elementor-widget-heading\" data-id=\"iwgs-triquetra-s0h\" data-element_type=\"widget\" data-e-type=\"widget\" data-widget_type=\"heading.default\">\n\t\t\t\t\t<h2 class=\"elementor-heading-title elementor-size-default\">Yfirlit<\/h2>\t\t\t\t<\/div>\n\t\t<div class=\"elementor-element elementor-element-iwgs-triquetra-s0box e-con-full e-flex e-con e-parent\" data-id=\"iwgs-triquetra-s0box\" data-element_type=\"container\" data-e-type=\"container\">\n\t\t\t\t<div class=\"elementor-element elementor-element-iwgs-triquetra-s0t elementor-widget elementor-widget-text-editor\" data-id=\"iwgs-triquetra-s0t\" data-element_type=\"widget\" data-e-type=\"widget\" data-widget_type=\"text-editor.default\">\n\t\t\t\t\t\t\t\t\t<p>Triquetra er t\u00e1kn sem samanstendur af \u00feremur jafnst\u00f3rum, samtvinnu\u00f0um bogum. Hver bogi myndar oddmynda\u00f0a lykkju og lykkjurnar \u00ferj\u00e1r gr\u00edpa hver \u00ed a\u00f0ra \u00feannig a\u00f0 jafnv\u00e6gt, \u00fer\u00edskipt mynstur myndast. Oft er triquetra jafnframt umlukin hring. \u00dea\u00f0 er eitt af \u00feekktustu t\u00e1knunum sem tengjast hinum <a href=\"https:\/\/iwell-guard.com\/is\/keltneskt\/\">keltneska<\/a> menningarheimi.<\/p><p>Nafni\u00f0 triquetra er komi\u00f0 \u00far lat\u00ednu og \u00fe\u00fd\u00f0ir eitthva\u00f0 \u00e1 \u00fe\u00e1 lei\u00f0 sem er \u00fer\u00edhorna e\u00f0a \u00fer\u00edhli\u00f0a. \u00cd \u00fe\u00fdsku m\u00e1li er t\u00e1kni\u00f0 oft kalla\u00f0 \u00ferenningarhn\u00fatur. B\u00e6\u00f0i n\u00f6fnin draga fram sama atri\u00f0i, nefnilega \u00fer\u00edt\u00f6luna og samtvinnunina. Triquetra er t\u00e1kn \u00ferenningarinnar \u00ed formi hn\u00fats.<\/p><p>\u00cd <span class=\"iwg-fachbegriff\" data-tooltip=\"Fr\u00e6\u00f0igreinin sem rannsakar tr\u00faarbr\u00f6g\u00f0 samanbur\u00f0arlega og \u00e1n tr\u00faarlegrar skuldbindingar.\" tabindex=\"0\">tr\u00faarbrag\u00f0afr\u00e6\u00f0um<\/span> og \u00ed listas\u00f6gu er triquetra sett \u00ed samhengi me\u00f0 vark\u00e1rni. T\u00e1kni\u00f0 er vel skjalfest en saga \u00feess er margslungin. T\u00e1kni\u00f0 var t\u00falka\u00f0 \u00e1 mismunandi h\u00e1tt \u00e1 \u00fdmsum t\u00edmum og af \u00f3l\u00edkum h\u00f3pum. \u00deessi breytilega t\u00falkunarsaga er hluti af heilst\u00e6\u00f0ri framsetningu.<\/p><p>Sem hn\u00fatt\u00e1kn fylgir triquetra virknisreglu sem margar menningarheimar kannast vi\u00f0. \u00d3slitin, loku\u00f0 l\u00edna var talin verndandi form. Triquetra er s\u00e9rstaklega jafnv\u00e6gt afbrig\u00f0i af \u00feessari hugmynd. H\u00fan tengir hina verndandi loku\u00f0u l\u00ednu vi\u00f0 hina merkingar\u00ferungnu \u00fer\u00edt\u00f6lu.<\/p>\t\t\t\t\t\t\t\t<\/div>\n\t\t\t\t<\/div>\n\t\t\t\t\t<\/div>\n\t\t\t\t<\/div>\n\t\t<div class=\"elementor-element elementor-element-iwgs-triquetra-s1 e-flex e-con-boxed e-con e-parent\" data-id=\"iwgs-triquetra-s1\" data-element_type=\"container\" data-e-type=\"container\">\n\t\t\t\t\t<div class=\"e-con-inner\">\n\t\t\t\t<div class=\"elementor-element elementor-element-iwgs-triquetra-s1h elementor-widget elementor-widget-heading\" data-id=\"iwgs-triquetra-s1h\" data-element_type=\"widget\" data-e-type=\"widget\" data-widget_type=\"heading.default\">\n\t\t\t\t\t<h2 class=\"elementor-heading-title elementor-size-default\">Nafni\u00f0 og formi\u00f0<\/h2>\t\t\t\t<\/div>\n\t\t<div class=\"elementor-element elementor-element-iwgs-triquetra-s1box e-con-full e-flex e-con e-parent\" data-id=\"iwgs-triquetra-s1box\" data-element_type=\"container\" data-e-type=\"container\">\n\t\t\t\t<div class=\"elementor-element elementor-element-iwgs-triquetra-s1t elementor-widget elementor-widget-text-editor\" data-id=\"iwgs-triquetra-s1t\" data-element_type=\"widget\" data-e-type=\"widget\" data-widget_type=\"text-editor.default\">\n\t\t\t\t\t\t\t\t\t<p>Form triquetra m\u00e1 lei\u00f0a af einni grunnmynd. \u00deessi grunnmynd er oddmynda\u00f0a lykkjan sem myndast \u00feegar tveir hringbogar skerast. \u00derj\u00e1r sl\u00edkar lykkjur, jafnt ra\u00f0a\u00f0ar um mi\u00f0punkt og samtvinna\u00f0ar, myndar triquetra.<\/p><p>Samtvinnunin er lykilatri\u00f0i. Bogarnir \u00fer\u00edr eru dregnir \u00feannig a\u00f0 \u00feeir skiptast \u00e1 a\u00f0 liggja ofan \u00e1 og undir hver \u00f6\u00f0rum. \u00deess vegna er ekki h\u00e6gt a\u00f0 losa neinn bogann \u00e1n \u00feess a\u00f0 hreyfa \u00fe\u00e1 a\u00f0ra. \u00der\u00edr hlutarnir eru \u00f3a\u00f0skiljanlega tengdir. \u00deessi \u00f3a\u00f0skiljanleiki er mikilv\u00e6gur fyrir t\u00falkunina.<\/p><p>Triquetra m\u00e1 teikna me\u00f0 einni samfelldri l\u00ednu. \u00deessi l\u00edna vindur sig \u00ferefalt og sn\u00fdr aftur til upphafspunkts s\u00edns \u00e1n \u00feess a\u00f0 nokkurt gat myndist. T\u00e1kni\u00f0 er \u00feannig endalaus l\u00edna. \u00dea\u00f0 hefur hvorki s\u00fdnilega upphaf n\u00e9 s\u00fdnilegan endi.<\/p><p>Latneska nafni\u00f0 v\u00edsar til \u00fer\u00edhyrndrar heildarmyndar t\u00e1knsins. \u00cd raun m\u00e1 leggja hugsa\u00f0an \u00fer\u00edhyrning yfir bogana \u00ferj\u00e1. Form og nafn falla \u00feannig saman. Triquetra er \u00fer\u00edhyrnt, \u00fer\u00edskipt, endalaust samtvinna\u00f0 t\u00e1kn, og hver \u00feessara \u00fe\u00e1tta \u00e1 sinn hlut \u00ed merkingu \u00feess.<\/p>\t\t\t\t\t\t\t\t<\/div>\n\t\t\t\t<\/div>\n\t\t\t\t\t<\/div>\n\t\t\t\t<\/div>\n\t\t<div class=\"elementor-element elementor-element-iwgs-triquetra-s2 e-flex e-con-boxed e-con e-parent\" data-id=\"iwgs-triquetra-s2\" data-element_type=\"container\" data-e-type=\"container\">\n\t\t\t\t\t<div class=\"e-con-inner\">\n\t\t\t\t<div class=\"elementor-element elementor-element-iwgs-triquetra-s2h elementor-widget elementor-widget-heading\" data-id=\"iwgs-triquetra-s2h\" data-element_type=\"widget\" data-e-type=\"widget\" data-widget_type=\"heading.default\">\n\t\t\t\t\t<h2 class=\"elementor-heading-title elementor-size-default\">Triquetra \u00ed ins\u00falarri list<\/h2>\t\t\t\t<\/div>\n\t\t<div class=\"elementor-element elementor-element-iwgs-triquetra-s2box e-con-full e-flex e-con e-parent\" data-id=\"iwgs-triquetra-s2box\" data-element_type=\"container\" data-e-type=\"container\">\n\t\t\t\t<div class=\"elementor-element elementor-element-iwgs-triquetra-s2t elementor-widget elementor-widget-text-editor\" data-id=\"iwgs-triquetra-s2t\" data-element_type=\"widget\" data-e-type=\"widget\" data-widget_type=\"text-editor.default\">\n\t\t\t\t\t\t\t\t\t<p>Mikilv\u00e6gasta s\u00f6guleg heimkynni triquetra er \u00ed ins\u00falarri list. Me\u00f0 \u00feessu hugtaki er \u00e1tt vi\u00f0 list Bretlandseyja og \u00cdrlands \u00e1 fyrri hluta mi\u00f0alda. \u00cd \u00feessari list gegndi samtvinna\u00f0 bandaverk mikilv\u00e6gu hlutverki.<\/p><p>Triquetra kemur s\u00e9rstaklega \u00e1berandi fram \u00ed skreyttum handritum \u00feessa t\u00edma. \u00cd hinum st\u00f3ru myndskreyttu gu\u00f0spjallab\u00f3kum, fremst me\u00f0al \u00feeirra Book of Kells, eru s\u00ed\u00f0urnar \u00feaktar listilegu fl\u00e9ttu- og hn\u00fataverki. Triquetra er endurteki\u00f0 st\u00edlbrig\u00f0i \u00ed \u00feessari skreytingu.<\/p><p>T\u00e1kni\u00f0 kemur einnig fram \u00e1 steinminjum. Kristileg krossm\u00f6rk og legsteinar hins ins\u00falarra heims fr\u00e1 fyrri hluta mi\u00f0alda bera \u00fatskori\u00f0 hn\u00fataverk \u00fear sem triquetra \u00e1 sinn sta\u00f0. T\u00e1kni\u00f0 var \u00feannig ekkert f\u00e1t\u00edtt s\u00e9rt\u00e1kn heldur kunnuglegur \u00fe\u00e1ttur \u00ed myndm\u00e1li \u00feess t\u00edmabils.<\/p><p>\u00cd \u00f6llu \u00feessu samhengi stendur triquetra \u00ed kristnu umhverfi. Handritin voru gu\u00f0spjallab\u00e6kur, steinkrossarnir voru kristin minnismerki. Skjalfest fyrsta saga triquetra er \u00feannig n\u00e1i\u00f0 tengd kristni Bretlandseyja og \u00cdrlands. \u00deetta er sta\u00f0festur upphafspunktur allrar umfj\u00f6llunar.<\/p>\t\t\t\t\t\t\t\t<\/div>\n\t\t\t\t<\/div>\n\t\t\t\t\t<\/div>\n\t\t\t\t<\/div>\n\t\t<div class=\"elementor-element elementor-element-iwgs-triquetra-s3 e-flex e-con-boxed e-con e-parent\" data-id=\"iwgs-triquetra-s3\" data-element_type=\"container\" data-e-type=\"container\">\n\t\t\t\t\t<div class=\"e-con-inner\">\n\t\t\t\t<div class=\"elementor-element elementor-element-iwgs-triquetra-s3h elementor-widget elementor-widget-heading\" data-id=\"iwgs-triquetra-s3h\" data-element_type=\"widget\" data-e-type=\"widget\" data-widget_type=\"heading.default\">\n\t\t\t\t\t<h2 class=\"elementor-heading-title elementor-size-default\">Kristi\u00f0 \u00ferenningart\u00e1kn<\/h2>\t\t\t\t<\/div>\n\t\t<div class=\"elementor-element elementor-element-iwgs-triquetra-s3box e-con-full e-flex e-con e-parent\" data-id=\"iwgs-triquetra-s3box\" data-element_type=\"container\" data-e-type=\"container\">\n\t\t\t\t<div class=\"elementor-element elementor-element-iwgs-triquetra-s3t elementor-widget elementor-widget-text-editor\" data-id=\"iwgs-triquetra-s3t\" data-element_type=\"widget\" data-e-type=\"widget\" data-widget_type=\"text-editor.default\">\n\t\t\t\t\t\t\t\t\t<p>\u00cd kristnu samhengi f\u00e9kk triquetra auglj\u00f3sa t\u00falkun. T\u00e1kni\u00f0 samanstendur af \u00feremur j\u00f6fnum hlutum sem eru tengdir \u00ed \u00f3a\u00f0skiljanlega heild. \u00deessi ger\u00f0 m\u00e1tti tengja vi\u00f0 kristna kenningu um heilaga \u00ferenningu.<\/p><p>Samkv\u00e6mt \u00feeirri kenningu er Gu\u00f0 einn og \u00fe\u00f3 \u00ferenning, nefnilega fa\u00f0ir, sonur og heilagur <span class=\"iwg-fachbegriff\" data-tooltip=\"L\u00edkamslaus vera sem talin er hafa \u00e1hrif \u00ed heiminum.\" tabindex=\"0\">andi<\/span>. Triquetra s\u00fdnir \u00feessa hugmynd \u00e1 sk\u00fdran h\u00e1tt. \u00der\u00edr jafngildir bogar sem vindast saman \u00ed eitt t\u00e1kn birta b\u00e6\u00f0i \u00ferenning og einingu \u00ed einni mynd. Af \u00feessari \u00e1st\u00e6\u00f0u er triquetra einnig k\u00f6llu\u00f0 \u00ferenningarhn\u00fatur.<\/p><p>\u00deessi t\u00falkun ger\u00f0i triquetra a\u00f0 h\u00e6filegri skreytingu fyrir kristin handrit og minnismerki. T\u00e1kni\u00f0 var ekki bara <span class=\"iwg-fachbegriff\" data-tooltip=\"Skreytandi, oft endurteki\u00f0 mynstureiningar\u00fe\u00e1ttur.\" tabindex=\"0\">skreytimynstur<\/span> heldur gat \u00fea\u00f0 jafnframt tj\u00e1\u00f0 tr\u00faarsannindi. Form og kenning f\u00e9llu saman. T\u00e1kni\u00f0 var b\u00e6\u00f0i fagurt og merkingar\u00ferungi\u00f0.<\/p><p>Sem \u00ferenningart\u00e1kn hefur triquetra haldi\u00f0 velli fram til n\u00fat\u00edmans. \u00dea\u00f0 er nota\u00f0 \u00ed kristnu samhengi, \u00e1 gripum <span class=\"iwg-fachbegriff\" data-tooltip=\"Tr\u00faarlegt vi\u00f0horf og athafnir sem einstaklingur lifir eftir.\" tabindex=\"0\">tr\u00faari\u00f0kunar<\/span> og \u00ed kirkjulegri h\u00f6nnun. \u00deessi kristna t\u00falkun er best skjalfesta merking triquetra. H\u00fan stendur vi\u00f0 upphaf \u00feeirrar s\u00f6gu sem unnt er a\u00f0 rekja.<\/p>\t\t\t\t\t\t\t\t<\/div>\n\t\t\t\t<\/div>\n\t\t\t\t\t<\/div>\n\t\t\t\t<\/div>\n\t\t<div class=\"elementor-element elementor-element-iwgs-triquetra-s4 e-flex e-con-boxed e-con e-parent\" data-id=\"iwgs-triquetra-s4\" data-element_type=\"container\" data-e-type=\"container\">\n\t\t\t\t\t<div class=\"e-con-inner\">\n\t\t\t\t<div class=\"elementor-element elementor-element-iwgs-triquetra-s4h elementor-widget elementor-widget-heading\" data-id=\"iwgs-triquetra-s4h\" data-element_type=\"widget\" data-e-type=\"widget\" data-widget_type=\"heading.default\">\n\t\t\t\t\t<h2 class=\"elementor-heading-title elementor-size-default\">Forkristin spor<\/h2>\t\t\t\t<\/div>\n\t\t<div class=\"elementor-element elementor-element-iwgs-triquetra-s4box e-con-full e-flex e-con e-parent\" data-id=\"iwgs-triquetra-s4box\" data-element_type=\"container\" data-e-type=\"container\">\n\t\t\t\t<div class=\"elementor-element elementor-element-iwgs-triquetra-s4t elementor-widget elementor-widget-text-editor\" data-id=\"iwgs-triquetra-s4t\" data-element_type=\"widget\" data-e-type=\"widget\" data-widget_type=\"text-editor.default\">\n\t\t\t\t\t\t\t\t\t<p>Oft er triquetra sett fram sem fornt, kristnit\u00f6ku \u00f3vi\u00f0komandi t\u00e1kn Kelta. \u00deessi hugmynd er ver\u00f0skuldar n\u00e1kv\u00e6ma sko\u00f0un. H\u00fan er \u00fatbreidd, en ver\u00f0ur ekki au\u00f0veldlega sta\u00f0fest me\u00f0 frumg\u00f6gnum.<\/p><p>\u00der\u00edskipt og fl\u00e9ttu\u00f0 t\u00e1kn eru \u00ed raun g\u00f6mul og finnast \u00ed m\u00f6rgum menningarheimum. \u00c1 hlutum \u00far germ\u00f6nskum og norr\u00e6num heimi koma einnig fyrir t\u00e1kn sem l\u00edkjast triquetra. Hrein, sk\u00fdrt afm\u00f6rku\u00f0 triquetra sem merkingarb\u00e6rt <span class=\"iwg-fachbegriff\" data-tooltip=\"T\u00e1kn sem stendur fyrir hugmynd e\u00f0a merkingu.\" tabindex=\"0\">t\u00e1kn<\/span> er \u00fe\u00f3 fyrst og fremst \u00f3yggjandi sta\u00f0fest \u00ed kristinni listhef\u00f0 eyjasv\u00e6\u00f0anna \u00e1 fyrri hluta mi\u00f0alda.<\/p><p>Hvort triquetra var notu\u00f0 \u00e1 t\u00edmum Kelta fyrir kristnit\u00f6ku sem sj\u00e1lfst\u00e6tt <span class=\"iwg-fachbegriff\" data-tooltip=\"T\u00e1kn sem stendur fyrir hugmynd e\u00f0a merkingu.\" tabindex=\"0\">t\u00e1kn<\/span> me\u00f0 fastri merkingu er ekki unnt a\u00f0 fullyr\u00f0a me\u00f0 vissu. Frumg\u00f6gn eru r\u00fdr \u00e1 \u00feessu svi\u00f0i. Margt af \u00fev\u00ed sem tali\u00f0 er forn kel\u00edsk merking hefur veri\u00f0 b\u00e6tt vi\u00f0 \u00e1 s\u00ed\u00f0ari t\u00edmum.<\/p><p>Hei\u00f0arleg framsetning heldur \u00fev\u00ed b\u00e1\u00f0um \u00fe\u00e1ttum til haga. Talan \u00fer\u00edr var mikilv\u00e6g \u00ed kelt\u00edskri hugsun, og fl\u00e9ttu\u00f0 t\u00e1kn eru g\u00f6mul. Triquetra sem fast <span class=\"iwg-fachbegriff\" data-tooltip=\"T\u00e1kn sem stendur fyrir hugmynd e\u00f0a merkingu.\" tabindex=\"0\">t\u00e1kn<\/span> er \u00fe\u00f3 fyrst greinanleg \u00ed kristinni list eyjasv\u00e6\u00f0anna. Vins\u00e6la hugmyndin um forn hei\u00f0i\u00f0 keltat\u00e1kn gengur lengra en unnt er a\u00f0 sanna.<\/p>\t\t\t\t\t\t\t\t<\/div>\n\t\t\t\t<\/div>\n\t\t\t\t\t<\/div>\n\t\t\t\t<\/div>\n\t\t<div class=\"elementor-element elementor-element-iwgs-triquetra-s5 e-flex e-con-boxed e-con e-parent\" data-id=\"iwgs-triquetra-s5\" data-element_type=\"container\" data-e-type=\"container\">\n\t\t\t\t\t<div class=\"e-con-inner\">\n\t\t\t\t<div class=\"elementor-element elementor-element-iwgs-triquetra-s5h elementor-widget elementor-widget-heading\" data-id=\"iwgs-triquetra-s5h\" data-element_type=\"widget\" data-e-type=\"widget\" data-widget_type=\"heading.default\">\n\t\t\t\t\t<h2 class=\"elementor-heading-title elementor-size-default\">Verkunarl\u00f6gm\u00e1l \u00f3slitnu l\u00ednunnar<\/h2>\t\t\t\t<\/div>\n\t\t<div class=\"elementor-element elementor-element-iwgs-triquetra-s5box e-con-full e-flex e-con e-parent\" data-id=\"iwgs-triquetra-s5box\" data-element_type=\"container\" data-e-type=\"container\">\n\t\t\t\t<div class=\"elementor-element elementor-element-iwgs-triquetra-s5t elementor-widget elementor-widget-text-editor\" data-id=\"iwgs-triquetra-s5t\" data-element_type=\"widget\" data-e-type=\"widget\" data-widget_type=\"text-editor.default\">\n\t\t\t\t\t\t\t\t\t<p>Sem verndart\u00e1kn fylgir triquetra verkunarl\u00f6gm\u00e1li \u00f3slitnu l\u00ednunnar. \u00deetta l\u00f6gm\u00e1l er \u00fatbreitt \u00ed m\u00f6rgum menningarheimum. A\u00f0 baki \u00fev\u00ed liggur hugmyndin um a\u00f0 \u00f3rofin, loku\u00f0 l\u00edna myndi \u00f6ruggan varnargar\u00f0.<\/p><p>L\u00edna \u00e1n upphafs og endis gefur ska\u00f0legum m\u00e1ttarv\u00f6ldum engan sta\u00f0 til a\u00f0 byrja \u00e1. \u00datbreidd var hugmyndin um a\u00f0 illar v\u00e6ttir \u00feyrftu a\u00f0 fylgja hverri l\u00ednu t\u00e1knsins og festust \u00ed \u00f3slitinni mynd. Triquetra, sem samanstendur af einni samfelldri l\u00ednu, samsvarar \u00feessu munstri fullkomlega.<\/p><p>Me\u00f0 \u00feessu l\u00f6gm\u00e1li skipast triquetra \u00ed flokk me\u00f0 \u00f6\u00f0rum t\u00e1knum. Dregni verndarhringurinn, pentagrammi\u00f0 og \u00f3endanleg hn\u00fatamynstur margra menningarheima fylgja s\u00f6mu hugsun. \u00deau myndar \u00f6ll varnargar\u00f0 sem ekki ver\u00f0ur yfirstiginn. Triquetra er s\u00e9rstaklega sk\u00fdr og jafnv\u00e6gt form \u00feessarar hugsunar.<\/p><p>Fl\u00e6kjan \u00ed \u00feremur bogunum styrkir \u00feessa tilfinningu fyrir lokun. T\u00e1kni\u00f0 virkar fast bundi\u00f0 og hv\u00edlt \u00ed sj\u00e1lfu s\u00e9r. \u00deessi eiginleiki gerir triquetra, umfram kristna t\u00falkun s\u00edna, a\u00f0 t\u00e1kni sem eigna\u00f0ur er verndandi, skipandi kraftur. Fegur\u00f0 og verndarhugsun renna \u00fear saman.<\/p>\t\t\t\t\t\t\t\t<\/div>\n\t\t\t\t<\/div>\n\t\t\t\t\t<\/div>\n\t\t\t\t<\/div>\n\t\t<div class=\"elementor-element elementor-element-iwgs-triquetra-s6 e-flex e-con-boxed e-con e-parent\" data-id=\"iwgs-triquetra-s6\" data-element_type=\"container\" data-e-type=\"container\">\n\t\t\t\t\t<div class=\"e-con-inner\">\n\t\t\t\t<div class=\"elementor-element elementor-element-iwgs-triquetra-s6h elementor-widget elementor-widget-heading\" data-id=\"iwgs-triquetra-s6h\" data-element_type=\"widget\" data-e-type=\"widget\" data-widget_type=\"heading.default\">\n\t\t\t\t\t<h2 class=\"elementor-heading-title elementor-size-default\">Triquetra og kelt\u00edsk hn\u00fatalist<\/h2>\t\t\t\t<\/div>\n\t\t<div class=\"elementor-element elementor-element-iwgs-triquetra-s6box e-con-full e-flex e-con e-parent\" data-id=\"iwgs-triquetra-s6box\" data-element_type=\"container\" data-e-type=\"container\">\n\t\t\t\t<div class=\"elementor-element elementor-element-iwgs-triquetra-s6t elementor-widget elementor-widget-text-editor\" data-id=\"iwgs-triquetra-s6t\" data-element_type=\"widget\" data-e-type=\"widget\" data-widget_type=\"text-editor.default\">\n\t\t\t\t\t\t\t\t\t<p>Triquetra er a\u00f0eins eitt t\u00e1kn innan heils heims hn\u00fatamynstra. Listhef\u00f0 eyjasv\u00e6\u00f0anna \u00fer\u00f3a\u00f0i fl\u00e6kt bandverk til s\u00e9rstakrar fullkomnunar. Heilar s\u00ed\u00f0ur handrita og heilir fletir steinkrossa eru \u00feaktir listilegu fl\u00e9ttuverki.<\/p><p>Innan \u00feessarar hn\u00fatalistar hefur triquetra s\u00e9rst\u00f6\u00f0u. H\u00fan er eitt af f\u00e1um hn\u00fatamynstrum sem myndar samt\u00edmis sk\u00fdrt afmarka\u00f0, sj\u00e1lfst\u00e6tt t\u00e1kn. Me\u00f0an miki\u00f0 bandverk er einungis skreyting, hefur triquetra fast form og eigin merkingu. H\u00fan er b\u00e6\u00f0i <span class=\"iwg-fachbegriff\" data-tooltip=\"Skreytandi, oft endurteki\u00f0 mynstureiningar\u00fe\u00e1ttur.\" tabindex=\"0\">skreytimunstur<\/span> og <span class=\"iwg-fachbegriff\" data-tooltip=\"T\u00e1kn sem stendur fyrir hugmynd e\u00f0a merkingu.\" tabindex=\"0\">t\u00e1kn<\/span> \u00ed senn.<\/p><p>Triquetra er tengd \u00f6\u00f0rum keltneskum t\u00e1knum, svo sem hinum \u00e1framhaldandi keltneska hn\u00fat og triskele, \u00ferefalda sp\u00edralt\u00e1kninu. Me\u00f0 triskele deilir h\u00fan merkingar\u00ferungnu t\u00f6lunni \u00feremur. Me\u00f0 keltneska hn\u00fatinum deilir h\u00fan l\u00f6gm\u00e1li \u00f3endanlega fl\u00e9tta\u00f0rar l\u00ednu.<\/p><p>\u00deessi skipun s\u00fdnir a\u00f0 triquetra er ekki einangra\u00f0 t\u00e1kn. H\u00fan tilheyrir r\u00edkri listhef\u00f0 sem elska\u00f0i fl\u00e9ttuna, hn\u00fatinn og fl\u00e6kjuna. Innan \u00feessarar hef\u00f0ar er triquetra kannski \u00fea\u00f0 \u00feekktasta og sk\u00fdrast afmarka\u00f0a einstaka t\u00e1kni\u00f0.<\/p>\t\t\t\t\t\t\t\t<\/div>\n\t\t\t\t<\/div>\n\t\t\t\t\t<\/div>\n\t\t\t\t<\/div>\n\t\t<div class=\"elementor-element elementor-element-iwgs-triquetra-s7 e-flex e-con-boxed e-con e-parent\" data-id=\"iwgs-triquetra-s7\" data-element_type=\"container\" data-e-type=\"container\">\n\t\t\t\t\t<div class=\"e-con-inner\">\n\t\t\t\t<div class=\"elementor-element elementor-element-iwgs-triquetra-s7h elementor-widget elementor-widget-heading\" data-id=\"iwgs-triquetra-s7h\" data-element_type=\"widget\" data-e-type=\"widget\" data-widget_type=\"heading.default\">\n\t\t\t\t\t<h2 class=\"elementor-heading-title elementor-size-default\">N\u00fat\u00edmalegar t\u00falkanir<\/h2>\t\t\t\t<\/div>\n\t\t<div class=\"elementor-element elementor-element-iwgs-triquetra-s7box e-con-full e-flex e-con e-parent\" data-id=\"iwgs-triquetra-s7box\" data-element_type=\"container\" data-e-type=\"container\">\n\t\t\t\t<div class=\"elementor-element elementor-element-iwgs-triquetra-s7t elementor-widget elementor-widget-text-editor\" data-id=\"iwgs-triquetra-s7t\" data-element_type=\"widget\" data-e-type=\"widget\" data-widget_type=\"text-editor.default\">\n\t\t\t\t\t\t\t\t\t<p>\u00c1 seinni t\u00edmum hefur triquetra fengi\u00f0 vi\u00f0b\u00f3tart\u00falkanir. S\u00e9rstaklega \u00ed n\u00fdhei\u00f0num og n\u00e1tt\u00farutr\u00faarlegum hreyfingum er t\u00e1kni\u00f0 teki\u00f0 upp og gefin n\u00fd merking. \u00deessar t\u00falkanir eru n\u00fdjar, jafnvel \u00fe\u00f3tt \u00fe\u00e6r v\u00edsi oft til fjarl\u00e6grar fort\u00ed\u00f0ar.<\/p><p>\u00datbreidd n\u00fat\u00edmat\u00falkun tengir \u00ferj\u00e1 bogana vi\u00f0 \u00ferefalda gy\u00f0ju. Hinir \u00fer\u00edr hlutar standa \u00fe\u00e1 fyrir \u00ferj\u00fa l\u00edfsskei\u00f0 e\u00f0a \u00ferj\u00e1 \u00fe\u00e6tti hins kvenlega. A\u00f0rar t\u00falkanir tengja bogana vi\u00f0 j\u00f6r\u00f0, vatn og himin e\u00f0a l\u00edkama, <span class=\"iwg-fachbegriff\" data-tooltip=\"L\u00edkamslaus vera sem eignu\u00f0 er \u00e1hrif \u00ed heiminum.\" tabindex=\"0\">andi<\/span> og s\u00e1l.<\/p><p>\u00deessar t\u00falkanir eru samkv\u00e6mar \u00ed sj\u00e1lfum s\u00e9r og hafa merkingu fyrir marga. \u00de\u00e6r tilheyra n\u00fat\u00ed\u00f0 triquetra og m\u00f3ta notkun hennar \u00ed dag. \u00de\u00e6r \u00e6ttu \u00fe\u00f3 ekki a\u00f0 vera rugla\u00f0ar saman vi\u00f0 s\u00f6guleg sta\u00f0festa merkingu. \u00derefalda gy\u00f0jan er n\u00fat\u00edmahugmynd, ekki sta\u00f0fest innihald fornrar triquetra.<\/p><p>Vins\u00e6l menning hefur einnig stu\u00f0la\u00f0 a\u00f0 \u00fatbrei\u00f0slu hennar. \u00cd kvikmyndum og sj\u00f3nvarps\u00fe\u00e1ttum hefur triquetra komi\u00f0 fram sem dularfullt t\u00e1kn og or\u00f0i\u00f0 mj\u00f6g \u00feekkt fyrir viki\u00f0. M\u00e1lefnaleg framsetning vir\u00f0ir \u00feennan n\u00fat\u00edmalega t\u00falkunarheim, en skilgreinir hann sk\u00fdrt sem n\u00fdlegan og skilur hann fr\u00e1 sta\u00f0festri s\u00f6gu t\u00e1knsins.<\/p>\t\t\t\t\t\t\t\t<\/div>\n\t\t\t\t<\/div>\n\t\t\t\t\t<\/div>\n\t\t\t\t<\/div>\n\t\t<div class=\"elementor-element elementor-element-iwgs-triquetra-s8 e-flex e-con-boxed e-con e-parent\" data-id=\"iwgs-triquetra-s8\" data-element_type=\"container\" data-e-type=\"container\">\n\t\t\t\t\t<div class=\"e-con-inner\">\n\t\t\t\t<div class=\"elementor-element elementor-element-iwgs-triquetra-s8h elementor-widget elementor-widget-heading\" data-id=\"iwgs-triquetra-s8h\" data-element_type=\"widget\" data-e-type=\"widget\" data-widget_type=\"heading.default\">\n\t\t\t\t\t<h2 class=\"elementor-heading-title elementor-size-default\">M\u00f3tt\u00f6kur \u00ed dag<\/h2>\t\t\t\t<\/div>\n\t\t<div class=\"elementor-element elementor-element-iwgs-triquetra-s8box e-con-full e-flex e-con e-parent\" data-id=\"iwgs-triquetra-s8box\" data-element_type=\"container\" data-e-type=\"container\">\n\t\t\t\t<div class=\"elementor-element elementor-element-iwgs-triquetra-s8t elementor-widget elementor-widget-text-editor\" data-id=\"iwgs-triquetra-s8t\" data-element_type=\"widget\" data-e-type=\"widget\" data-widget_type=\"text-editor.default\">\n\t\t\t\t\t\t\t\t\t<p>Triquetra er \u00ed dag mj\u00f6g \u00fatbreitt t\u00e1kn. H\u00fan kemur fyrir \u00e1 skartgripum, \u00e1 fatna\u00f0i og \u00ed h\u00f6nnun, og h\u00fan er vins\u00e6lt <span class=\"iwg-fachbegriff\" data-tooltip=\"Endurteki\u00f0 efnislegt st\u00edlbrag\u00f0 \u00ed myndlist e\u00f0a fr\u00e1s\u00f6gn.\" tabindex=\"0\">myndefni<\/span> fyrir h\u00fa\u00f0fl\u00far. Jafnv\u00e6gi og sk\u00fdr form hennar \u00e1 st\u00f3ran hlut \u00ed \u00feessari vins\u00e6ld.<\/p><p>Merkingarnar sem fylgja Triquetra \u00ed dag eru margv\u00edslegar. Fyrir suma er h\u00fan kristi\u00f0 t\u00e1kn \u00ferenningarinnar. Fyrir a\u00f0ra t\u00e1knar h\u00fan tengsl vi\u00f0 hinn keltneska heim e\u00f0a eina af n\u00fat\u00edmalegum, n\u00e1tt\u00farutr\u00faart\u00falkunum. Enn a\u00f0rir kunna einfaldlega a\u00f0 meta hana sem fagurt hn\u00fatamynstur.<\/p><p>\u00deessi fj\u00f6lbreytni merkinga er ekki \u00f3venjuleg fyrir gamalt t\u00e1kn. H\u00fan s\u00fdnir a\u00f0 Triquetra hefur haldi\u00f0 gildi s\u00ednu og a\u00f0l\u00f6gunarh\u00e6fni gegnum aldirnar. Mismunandi t\u00edmar og h\u00f3par hafa geta\u00f0 s\u00e9\u00f0 \u00ed henni eitthva\u00f0 sitt eigi\u00f0. Sk\u00fdr grunnform hennar veitti \u00fear samsameinandi stu\u00f0ning.<\/p><p>Triquetra er \u00feannig l\u00e6rd\u00f3msr\u00edkt d\u00e6mi. H\u00fan er vel skjalfest t\u00e1kn \u00ed kristinni list fyrri hluta mi\u00f0alda, hn\u00fatat\u00e1kn byggt \u00e1 reglunni um endalausa l\u00ednu og \u00e1 sama t\u00edma <span class=\"iwg-fachbegriff\" data-tooltip=\"T\u00e1kn sem stendur fyrir \u00e1kve\u00f0na hugmynd e\u00f0a merkingu.\" tabindex=\"0\">t\u00e1kn<\/span> sem dregur til s\u00edn \u00e6 n\u00fdjar t\u00falkanir \u00ed samt\u00edmanum. Fullkomin umfj\u00f6llun heldur \u00feessum l\u00f6gum a\u00f0skildum og metur hvert \u00feeirra fyrir sig.<\/p>\t\t\t\t\t\t\t\t<\/div>\n\t\t\t\t<\/div>\n\t\t\t\t\t<\/div>\n\t\t\t\t<\/div>\n\t\t<div class=\"elementor-element elementor-element-iwgs-triquetra-lit e-flex e-con-boxed e-con e-parent\" data-id=\"iwgs-triquetra-lit\" data-element_type=\"container\" data-e-type=\"container\">\n\t\t\t\t\t<div class=\"e-con-inner\">\n\t\t\t\t<div class=\"elementor-element elementor-element-iwgs-triquetra-lith elementor-widget elementor-widget-heading\" data-id=\"iwgs-triquetra-lith\" data-element_type=\"widget\" data-e-type=\"widget\" data-widget_type=\"heading.default\">\n\t\t\t\t\t<h2 class=\"elementor-heading-title elementor-size-default\">Heimildir (\u00farval)<\/h2>\t\t\t\t<\/div>\n\t\t<div class=\"elementor-element elementor-element-iwgs-triquetra-litbox e-con-full e-flex e-con e-parent\" data-id=\"iwgs-triquetra-litbox\" data-element_type=\"container\" data-e-type=\"container\">\n\t\t\t\t<div class=\"elementor-element elementor-element-iwgs-triquetra-litt elementor-widget elementor-widget-html\" data-id=\"iwgs-triquetra-litt\" data-element_type=\"widget\" data-e-type=\"widget\" data-widget_type=\"html.default\">\n\t\t\t\t\t<footer data-nosnippet=\"true\"><ul><li>George Bain: <em>Celtic Art. The Methods of Construction<\/em> (1951)<\/li><li>Bernard Meehan: <em>The Book of Kells<\/em> (1994)<\/li><li>Rudolf Simek: <em>Lexikon der germanischen Mythologie<\/em> (2006)<\/li><li>Nancy Edwards: <em>The Archaeology of Early Medieval Ireland<\/em> (1990)<\/li><li>Hans Biedermann: <em>Knaurs Lexikon der Symbole<\/em> (1989)<\/li><\/ul><\/footer>\t\t\t\t<\/div>\n\t\t\t\t<\/div>\n\t\t\t\t\t<\/div>\n\t\t\t\t<\/div>\n\t\t<div class=\"elementor-element elementor-element-iwgs-triquetra-kwd e-flex e-con-boxed e-con e-parent\" data-id=\"iwgs-triquetra-kwd\" data-element_type=\"container\" data-e-type=\"container\">\n\t\t\t\t\t<div class=\"e-con-inner\">\n\t\t\t\t<div class=\"elementor-element elementor-element-iwgs-triquetra-kwdt elementor-widget elementor-widget-text-editor\" data-id=\"iwgs-triquetra-kwdt\" data-element_type=\"widget\" data-e-type=\"widget\" data-widget_type=\"text-editor.default\">\n\t\t\t\t\t\t\t\t\t<p><em>Tengd leitaror\u00f0: Triquetra \u00fer\u00edeiningarhn\u00fatur tr\u00edn\u00edtetarhn\u00fatur eyjalist Book of Kells hn\u00fatat\u00e1kn endalaus l\u00edna keltneskt.<\/em><\/p>\t\t\t\t\t\t\t\t<\/div>\n\t\t\t\t\t<\/div>\n\t\t\t\t<\/div>\n\t\t<div class=\"elementor-element elementor-element-iwgs-triquetra-cc e-flex e-con-boxed e-con e-parent\" data-id=\"iwgs-triquetra-cc\" data-element_type=\"container\" data-e-type=\"container\" id=\"iwg-cc-triquetra\">\n\t\t\t\t\t<div class=\"e-con-inner\">\n\t\t<div class=\"elementor-element elementor-element-iwgs-triquetra-ccinner e-flex e-con-boxed e-con e-parent\" data-id=\"iwgs-triquetra-ccinner\" data-element_type=\"container\" data-e-type=\"container\" data-settings=\"{&quot;background_background&quot;:&quot;classic&quot;}\">\n\t\t\t\t\t<div class=\"e-con-inner\">\n\t\t\t\t<div class=\"elementor-element elementor-element-iwgs-triquetra-cch elementor-widget elementor-widget-heading\" data-id=\"iwgs-triquetra-cch\" data-element_type=\"widget\" data-e-type=\"widget\" data-widget_type=\"heading.default\">\n\t\t\t\t\t<h2 class=\"elementor-heading-title elementor-size-default\">iWell Guard og verndarhef\u00f0ir<\/h2>\t\t\t\t<\/div>\n\t\t\t\t<div class=\"elementor-element elementor-element-iwgs-triquetra-cct elementor-widget elementor-widget-text-editor\" data-id=\"iwgs-triquetra-cct\" data-element_type=\"widget\" data-e-type=\"widget\" data-widget_type=\"text-editor.default\">\n\t\t\t\t\t\t\t\t\t<p>iWell Guard fellur \u00ed \u00fe\u00e1 menningars\u00f6gulegu hef\u00f0 t\u00e1kngripa sem bornir eru til verndar, sem Triquetra tilheyrir einnig. N\u00fat\u00edmalegur f\u00f6runautur fyrir f\u00f3lk sem lifir me\u00f0 verndart\u00e1knum: framleiddur \u00ed \u00de\u00fdskalandi, 41 lag \u00far alv\u00f6ru gulli, plat\u00ednu og silfri, me\u00f0 30 daga skilar\u00e9tti.<\/p>\t\t\t\t\t\t\t\t<\/div>\n\t\t\t\t<div class=\"elementor-element elementor-element-iwgs-triquetra-ccb iwg-cc-button iwg-cc-cta-2026-05-13 elementor-widget elementor-widget-jet-button\" data-id=\"iwgs-triquetra-ccb\" data-element_type=\"widget\" data-e-type=\"widget\" data-widget_type=\"jet-button.default\">\n\t\t\t\t<div class=\"elementor-widget-container\">\n\t\t\t\t\t<div class=\"elementor-jet-button jet-elements\"><div class=\"jet-button__container\"><a class=\"jet-button__instance jet-button__instance--icon-left hover-effect-1\" href=\"\/schutzanhaenger-iwell-guard-kaufen\/?utm_source=iwell-guard.com&amp;utm_medium=info-box&amp;utm_campaign=schutzsymbole\"><div class=\"jet-button__plane jet-button__plane-normal\"><\/div><div class=\"jet-button__plane jet-button__plane-hover\"><\/div><div class=\"jet-button__state jet-button__state-normal\"><span class=\"jet-button__label\">Meira um iWell Guard<\/span><\/div><div class=\"jet-button__state jet-button__state-hover\"><span class=\"jet-button__label\">Meira um iWell Guard<\/span><\/div><\/a><\/div><\/div><style>.elementor-element.elementor-element-iwgs-triquetra-ccb .jet-button__instance{width:320px;height:56px;}.elementor-element.elementor-element-iwgs-triquetra-ccb .jet-button__state-normal .jet-button__label{text-align:center;margin:0px 0px 0px 0px;color:#1a1b20;font-family:Montserrat,sans-serif;font-size:13px;font-weight:400;letter-spacing:4px;line-height:1.714em;text-transform:uppercase;}.elementor-element.elementor-element-iwgs-triquetra-ccb .jet-button__state-hover .jet-button__label{text-align:center;margin:0px 0px 0px 0px;color:#FECC76;font-family:Montserrat,sans-serif;font-size:13px;font-weight:400;letter-spacing:4px;line-height:1.714em;text-transform:uppercase;}.elementor-element.elementor-element-iwgs-triquetra-ccb .jet-button__plane-normal{background-color:#FECC76;border-style:solid;border-color:#C99540;border-width:2px 2px 2px 2px;}.elementor-element.elementor-element-iwgs-triquetra-ccb .jet-button__plane-hover{background-color:rgba(0,0,0,0.55);border-style:solid;border-color:#FECC76;border-width:2px 2px 2px 2px;}<\/style>\t\t\t\t<\/div>\n\t\t\t\t<\/div>\n\t\t\t\t<div class=\"elementor-element elementor-element-iwgs-triquetra-ccd elementor-widget elementor-widget-text-editor\" data-id=\"iwgs-triquetra-ccd\" data-element_type=\"widget\" data-e-type=\"widget\" data-widget_type=\"text-editor.default\">\n\t\t\t\t\t\t\t\t\t<p style=\"text-align:center;font-size:13px;opacity:0.7;margin-top:14px\" data-nosnippet=\"true\">Pers\u00f3nuleg reynsla getur veri\u00f0 mismunandi. Ekki l\u00e6kningat\u00e6ki. Engin lofor\u00f0 um l\u00e6kningu.<\/p>\t\t\t\t\t\t\t\t<\/div>\n\t\t\t\t\t<\/div>\n\t\t\t\t<\/div>\n\t\t\t\t\t<\/div>\n\t\t\t\t<\/div>\n\t\t<div class=\"elementor-element elementor-element-iwgs-triquetra-disc e-flex e-con-boxed e-con e-parent\" data-id=\"iwgs-triquetra-disc\" data-element_type=\"container\" data-e-type=\"container\">\n\t\t\t\t\t<div class=\"e-con-inner\">\n\t\t\t\t<div class=\"elementor-element elementor-element-iwgs-triquetra-discw elementor-widget elementor-widget-html\" data-id=\"iwgs-triquetra-discw\" data-element_type=\"widget\" data-e-type=\"widget\" data-widget_type=\"html.default\">\n\t\t\t\t\t<footer data-nosnippet=\"true\" class=\"iwg-disclaimer-block\"><p data-nosnippet=\"true\">iWell Guard er <strong>ekki l\u00e6kningat\u00e6ki<\/strong> og kemur ekki \u00ed sta\u00f0 l\u00e6knis- e\u00f0a s\u00e1lfr\u00e6\u00f0ime\u00f0fer\u00f0ar. Innihaldi\u00f0 sem h\u00e9r er sett fram er tr\u00faarbrag\u00f0afr\u00e6\u00f0ileg og menningars\u00f6gulega greining, ekki lofor\u00f0 um andlega virkni.<\/p><\/footer>\t\t\t\t<\/div>\n\t\t\t\t\t<\/div>\n\t\t\t\t<\/div>\n\t\t\t\t<\/div>\n\t\t","protected":false},"excerpt":{"rendered":"","protected":false},"author":3,"featured_media":3485,"parent":0,"menu_order":0,"comment_status":"closed","ping_status":"closed","template":"elementor_header_footer","meta":{"_yoast_wpseo_focuskw":"Triquetra","_yoast_wpseo_title":"Triquetra \u2013 keltneskur \u00ferenningarhn\u00fatur","_yoast_wpseo_metadesc":"Triquetra, \u00ferenningarhn\u00faturinn \u00far \u00feremur samtvinnu\u00f0um bogum, er \u00feekkt keltneskt t\u00e1kn. Uppruni og merking \u00fatsk\u00fdr\u00f0.","_yoast_wpseo_meta-robots-noindex":"","_yoast_wpseo_canonical":"","_angie_page":false,"gefaehrdungsstufe":"","wesen_kultur":"","wesen_klasse":"","footnotes":""},"categories":[],"class_list":["post-169139","page","type-page","status-publish","has-post-thumbnail","hentry"],"yoast_head":"<!-- This site is optimized with the Yoast SEO Premium plugin v27.7 (Yoast SEO v28.3) - https:\/\/yoast.com\/product\/yoast-seo-premium-wordpress\/ -->\n<title>Triquetra \u2013 keltneskur \u00ferenningarhn\u00fatur<\/title>\n<meta name=\"description\" content=\"Triquetra, \u00ferenningarhn\u00faturinn \u00far \u00feremur samtvinnu\u00f0um bogum, er \u00feekkt keltneskt t\u00e1kn. Uppruni og merking \u00fatsk\u00fdr\u00f0.\" \/>\n<meta name=\"robots\" content=\"index, follow, max-snippet:-1, max-image-preview:large, max-video-preview:-1\" \/>\n<link rel=\"canonical\" href=\"https:\/\/iwell-guard.com\/is\/triquetra-keltneskur-threnningarhnutur\/\" \/>\n<meta property=\"og:locale\" content=\"is_IS\" \/>\n<meta property=\"og:type\" content=\"article\" \/>\n<meta property=\"og:title\" content=\"Triquetra \u2013 hinn keltneski \u00ferenningarhn\u00fatur\" \/>\n<meta property=\"og:description\" content=\"Triquetra, \u00ferenningarhn\u00faturinn \u00far \u00feremur samtvinnu\u00f0um bogum, er \u00feekkt keltneskt t\u00e1kn. Uppruni og merking \u00fatsk\u00fdr\u00f0.\" \/>\n<meta property=\"og:url\" content=\"https:\/\/iwell-guard.com\/is\/triquetra-keltneskur-threnningarhnutur\/\" \/>\n<meta property=\"og:site_name\" content=\"iWell Guard\" \/>\n<meta property=\"article:modified_time\" content=\"2026-09-05T14:33:16+00:00\" \/>\n<meta property=\"og:image\" content=\"https:\/\/iwell-guard.com\/wp-content\/uploads\/2026\/05\/schutzsymbol_keltisch_triquetra.webp\" \/>\n\t<meta property=\"og:image:width\" content=\"1024\" \/>\n\t<meta property=\"og:image:height\" content=\"1536\" \/>\n\t<meta property=\"og:image:type\" content=\"image\/webp\" \/>\n<meta name=\"twitter:card\" content=\"summary_large_image\" \/>\n<script type=\"application\/ld+json\" class=\"yoast-schema-graph\">{\"@context\":\"https:\\\/\\\/schema.org\",\"@graph\":[{\"@type\":\"WebPage\",\"@id\":\"https:\\\/\\\/iwell-guard.com\\\/is\\\/triquetra-keltneskur-threnningarhnutur\\\/\",\"url\":\"https:\\\/\\\/iwell-guard.com\\\/is\\\/triquetra-keltneskur-threnningarhnutur\\\/\",\"name\":\"Triquetra \u2013 keltneskur \u00ferenningarhn\u00fatur\",\"isPartOf\":{\"@id\":\"https:\\\/\\\/iwell-guard.com\\\/is\\\/#website\"},\"primaryImageOfPage\":{\"@id\":\"https:\\\/\\\/iwell-guard.com\\\/is\\\/triquetra-keltneskur-threnningarhnutur\\\/#primaryimage\"},\"image\":{\"@id\":\"https:\\\/\\\/iwell-guard.com\\\/is\\\/triquetra-keltneskur-threnningarhnutur\\\/#primaryimage\"},\"thumbnailUrl\":\"https:\\\/\\\/iwell-guard.com\\\/wp-content\\\/uploads\\\/2026\\\/05\\\/schutzsymbol_keltisch_triquetra.webp\",\"datePublished\":\"2026-09-05T14:05:55+00:00\",\"dateModified\":\"2026-09-05T14:33:16+00:00\",\"description\":\"Triquetra, \u00ferenningarhn\u00faturinn \u00far \u00feremur samtvinnu\u00f0um bogum, er \u00feekkt keltneskt t\u00e1kn. Uppruni og merking \u00fatsk\u00fdr\u00f0.\",\"breadcrumb\":{\"@id\":\"https:\\\/\\\/iwell-guard.com\\\/is\\\/triquetra-keltneskur-threnningarhnutur\\\/#breadcrumb\"},\"inLanguage\":\"is\",\"potentialAction\":[{\"@type\":\"ReadAction\",\"target\":[\"https:\\\/\\\/iwell-guard.com\\\/is\\\/triquetra-keltneskur-threnningarhnutur\\\/\"]}]},{\"@type\":\"ImageObject\",\"inLanguage\":\"is\",\"@id\":\"https:\\\/\\\/iwell-guard.com\\\/is\\\/triquetra-keltneskur-threnningarhnutur\\\/#primaryimage\",\"url\":\"https:\\\/\\\/iwell-guard.com\\\/wp-content\\\/uploads\\\/2026\\\/05\\\/schutzsymbol_keltisch_triquetra.webp\",\"contentUrl\":\"https:\\\/\\\/iwell-guard.com\\\/wp-content\\\/uploads\\\/2026\\\/05\\\/schutzsymbol_keltisch_triquetra.webp\",\"width\":1024,\"height\":1536,\"caption\":\"Verndart\u00e1kn. Myndskreyting \u00ed safnst\u00edl.\"},{\"@type\":\"BreadcrumbList\",\"@id\":\"https:\\\/\\\/iwell-guard.com\\\/is\\\/triquetra-keltneskur-threnningarhnutur\\\/#breadcrumb\",\"itemListElement\":[{\"@type\":\"ListItem\",\"position\":1,\"name\":\"Start\",\"item\":\"https:\\\/\\\/iwell-guard.com\\\/is\\\/?page_id=168580\"},{\"@type\":\"ListItem\",\"position\":2,\"name\":\"Triquetra \u2013 hinn keltneski \u00ferenningarhn\u00fatur\"}]},{\"@type\":\"WebSite\",\"@id\":\"https:\\\/\\\/iwell-guard.com\\\/is\\\/#website\",\"url\":\"https:\\\/\\\/iwell-guard.com\\\/is\\\/\",\"name\":\"iWell Guard\",\"description\":\"Schutz vor dunklen Einfl\u00fcssen\",\"publisher\":{\"@id\":\"https:\\\/\\\/iwell-guard.com\\\/is\\\/#organization\"},\"potentialAction\":[{\"@type\":\"SearchAction\",\"target\":{\"@type\":\"EntryPoint\",\"urlTemplate\":\"https:\\\/\\\/iwell-guard.com\\\/is\\\/?s={search_term_string}\"},\"query-input\":{\"@type\":\"PropertyValueSpecification\",\"valueRequired\":true,\"valueName\":\"search_term_string\"}}],\"inLanguage\":\"is\"},{\"@type\":\"Organization\",\"@id\":\"https:\\\/\\\/iwell-guard.com\\\/is\\\/#organization\",\"name\":\"Ittermann electronic GmbH\",\"url\":\"https:\\\/\\\/iwell-guard.com\\\/is\\\/\",\"logo\":{\"@type\":\"ImageObject\",\"inLanguage\":\"is\",\"@id\":\"https:\\\/\\\/iwell-guard.com\\\/is\\\/#\\\/schema\\\/logo\\\/image\\\/\",\"url\":\"https:\\\/\\\/iwell-guard.com\\\/wp-content\\\/uploads\\\/2026\\\/05\\\/Ittermann-Logo-1182x237-1.png\",\"contentUrl\":\"https:\\\/\\\/iwell-guard.com\\\/wp-content\\\/uploads\\\/2026\\\/05\\\/Ittermann-Logo-1182x237-1.png\",\"width\":1182,\"height\":237,\"caption\":\"Ittermann electronic GmbH\"},\"image\":{\"@id\":\"https:\\\/\\\/iwell-guard.com\\\/is\\\/#\\\/schema\\\/logo\\\/image\\\/\"},\"sameAs\":[\"https:\\\/\\\/pantip.com\\\/profile\\\/9367242\",\"https:\\\/\\\/micro.blog\\\/iwellguard\",\"https:\\\/\\\/www.diggerslist.com\\\/iwellguard\\\/about\",\"https:\\\/\\\/skitterphoto.com\\\/photographers\\\/2870314\\\/iwell-guard\",\"https:\\\/\\\/iwellguard.wordpress.com\\\/2026\\\/06\\\/06\\\/iwell-guard\\\/\",\"https:\\\/\\\/hub.docker.com\\\/u\\\/iwellguard\",\"https:\\\/\\\/www.pinterest.com\\\/iwellguard\\\/\",\"https:\\\/\\\/bit.ly\\\/m\\\/iwellguard\",\"https:\\\/\\\/entre-vos-mains.alsace.eu\\\/profiles\\\/iwellguard\\\/activity\",\"https:\\\/\\\/gravatar.com\\\/reallybeded8fd34\",\"https:\\\/\\\/naijamatta.com\\\/iwellguard\",\"https:\\\/\\\/www.goodreads.com\\\/iwellguard\",\"https:\\\/\\\/profile.hatena.ne.jp\\\/iwellguard\\\/\",\"https:\\\/\\\/experiment.com\\\/users\\\/iwellguard\",\"https:\\\/\\\/wakelet.com\\\/@iWellGuard82270\",\"https:\\\/\\\/www.chordie.com\\\/forum\\\/profile.php?id=2555664\",\"https:\\\/\\\/www.instapaper.com\\\/p\\\/17757966\",\"https:\\\/\\\/www.mapleprimes.com\\\/users\\\/iwellguard\",\"https:\\\/\\\/businesslistingplus.com\\\/profile\\\/iwell-guard\\\/\",\"https:\\\/\\\/telegra.ph\\\/iWell-Guard-06-06\",\"https:\\\/\\\/pbase.com\\\/iwellguard\\\/iwellguard\",\"https:\\\/\\\/b.hatena.ne.jp\\\/iwellguard\\\/20260607#bookmark-4788405196491818882\",\"https:\\\/\\\/fliphtml5.com\\\/home\\\/iwellguard\",\"https:\\\/\\\/anyflip.com\\\/homepage\\\/cmiwl#About\",\"https:\\\/\\\/transfur.com\\\/Users\\\/iwellguard\",\"http:\\\/\\\/delphi.larsbo.org\\\/user\\\/iwellguard\",\"https:\\\/\\\/jobs.lajobsportal.org\\\/profiles\\\/8380803-iwell-guard\",\"https:\\\/\\\/md.chaosdorf.de\\\/s\\\/jfbe5SBdJD\",\"https:\\\/\\\/www.lingvolive.com\\\/en-us\\\/profile\\\/9ecaeaca-ce11-4e51-9e71-01d55e2bff36\\\/translations\",\"https:\\\/\\\/www.fitday.com\\\/fitness\\\/forums\\\/members\\\/iwellguard.html\",\"https:\\\/\\\/www.mymeetbook.com\\\/iwellguard\",\"https:\\\/\\\/pxhere.com\\\/en\\\/photographer-me\\\/5040798\",\"https:\\\/\\\/disqus.com\\\/by\\\/iwellguard\\\/about\\\/\",\"https:\\\/\\\/pastelink.net\\\/hjwciqwq\",\"https:\\\/\\\/pubhtml5.com\\\/homepage\\\/scjhn\\\/\",\"https:\\\/\\\/www.bitchute.com\\\/channel\\\/2O2eOKzNqujT\",\"https:\\\/\\\/audiomack.com\\\/iwellguard\"]}]}<\/script>\n<!-- \/ Yoast SEO Premium plugin. -->","yoast_head_json":{"title":"Triquetra \u2013 keltneskur \u00ferenningarhn\u00fatur","description":"Triquetra, \u00ferenningarhn\u00faturinn \u00far \u00feremur samtvinnu\u00f0um bogum, er \u00feekkt keltneskt t\u00e1kn. Uppruni og merking \u00fatsk\u00fdr\u00f0.","robots":{"index":"index","follow":"follow","max-snippet":"max-snippet:-1","max-image-preview":"max-image-preview:large","max-video-preview":"max-video-preview:-1"},"canonical":"https:\/\/iwell-guard.com\/is\/triquetra-keltneskur-threnningarhnutur\/","og_locale":"is_IS","og_type":"article","og_title":"Triquetra \u2013 hinn keltneski \u00ferenningarhn\u00fatur","og_description":"Triquetra, \u00ferenningarhn\u00faturinn \u00far \u00feremur samtvinnu\u00f0um bogum, er \u00feekkt keltneskt t\u00e1kn. Uppruni og merking \u00fatsk\u00fdr\u00f0.","og_url":"https:\/\/iwell-guard.com\/is\/triquetra-keltneskur-threnningarhnutur\/","og_site_name":"iWell Guard","article_modified_time":"2026-09-05T14:33:16+00:00","og_image":[{"width":1024,"height":1536,"url":"https:\/\/iwell-guard.com\/wp-content\/uploads\/2026\/05\/schutzsymbol_keltisch_triquetra.webp","type":"image\/webp"}],"twitter_card":"summary_large_image","schema":{"@context":"https:\/\/schema.org","@graph":[{"@type":"WebPage","@id":"https:\/\/iwell-guard.com\/is\/triquetra-keltneskur-threnningarhnutur\/","url":"https:\/\/iwell-guard.com\/is\/triquetra-keltneskur-threnningarhnutur\/","name":"Triquetra \u2013 keltneskur \u00ferenningarhn\u00fatur","isPartOf":{"@id":"https:\/\/iwell-guard.com\/is\/#website"},"primaryImageOfPage":{"@id":"https:\/\/iwell-guard.com\/is\/triquetra-keltneskur-threnningarhnutur\/#primaryimage"},"image":{"@id":"https:\/\/iwell-guard.com\/is\/triquetra-keltneskur-threnningarhnutur\/#primaryimage"},"thumbnailUrl":"https:\/\/iwell-guard.com\/wp-content\/uploads\/2026\/05\/schutzsymbol_keltisch_triquetra.webp","datePublished":"2026-09-05T14:05:55+00:00","dateModified":"2026-09-05T14:33:16+00:00","description":"Triquetra, \u00ferenningarhn\u00faturinn \u00far \u00feremur samtvinnu\u00f0um bogum, er \u00feekkt keltneskt t\u00e1kn. Uppruni og merking \u00fatsk\u00fdr\u00f0.","breadcrumb":{"@id":"https:\/\/iwell-guard.com\/is\/triquetra-keltneskur-threnningarhnutur\/#breadcrumb"},"inLanguage":"is","potentialAction":[{"@type":"ReadAction","target":["https:\/\/iwell-guard.com\/is\/triquetra-keltneskur-threnningarhnutur\/"]}]},{"@type":"ImageObject","inLanguage":"is","@id":"https:\/\/iwell-guard.com\/is\/triquetra-keltneskur-threnningarhnutur\/#primaryimage","url":"https:\/\/iwell-guard.com\/wp-content\/uploads\/2026\/05\/schutzsymbol_keltisch_triquetra.webp","contentUrl":"https:\/\/iwell-guard.com\/wp-content\/uploads\/2026\/05\/schutzsymbol_keltisch_triquetra.webp","width":1024,"height":1536,"caption":"Verndart\u00e1kn. Myndskreyting \u00ed safnst\u00edl."},{"@type":"BreadcrumbList","@id":"https:\/\/iwell-guard.com\/is\/triquetra-keltneskur-threnningarhnutur\/#breadcrumb","itemListElement":[{"@type":"ListItem","position":1,"name":"Start","item":"https:\/\/iwell-guard.com\/is\/?page_id=168580"},{"@type":"ListItem","position":2,"name":"Triquetra \u2013 hinn keltneski \u00ferenningarhn\u00fatur"}]},{"@type":"WebSite","@id":"https:\/\/iwell-guard.com\/is\/#website","url":"https:\/\/iwell-guard.com\/is\/","name":"iWell Guard","description":"Schutz vor dunklen Einfl\u00fcssen","publisher":{"@id":"https:\/\/iwell-guard.com\/is\/#organization"},"potentialAction":[{"@type":"SearchAction","target":{"@type":"EntryPoint","urlTemplate":"https:\/\/iwell-guard.com\/is\/?s={search_term_string}"},"query-input":{"@type":"PropertyValueSpecification","valueRequired":true,"valueName":"search_term_string"}}],"inLanguage":"is"},{"@type":"Organization","@id":"https:\/\/iwell-guard.com\/is\/#organization","name":"Ittermann electronic GmbH","url":"https:\/\/iwell-guard.com\/is\/","logo":{"@type":"ImageObject","inLanguage":"is","@id":"https:\/\/iwell-guard.com\/is\/#\/schema\/logo\/image\/","url":"https:\/\/iwell-guard.com\/wp-content\/uploads\/2026\/05\/Ittermann-Logo-1182x237-1.png","contentUrl":"https:\/\/iwell-guard.com\/wp-content\/uploads\/2026\/05\/Ittermann-Logo-1182x237-1.png","width":1182,"height":237,"caption":"Ittermann electronic GmbH"},"image":{"@id":"https:\/\/iwell-guard.com\/is\/#\/schema\/logo\/image\/"},"sameAs":["https:\/\/pantip.com\/profile\/9367242","https:\/\/micro.blog\/iwellguard","https:\/\/www.diggerslist.com\/iwellguard\/about","https:\/\/skitterphoto.com\/photographers\/2870314\/iwell-guard","https:\/\/iwellguard.wordpress.com\/2026\/06\/06\/iwell-guard\/","https:\/\/hub.docker.com\/u\/iwellguard","https:\/\/www.pinterest.com\/iwellguard\/","https:\/\/bit.ly\/m\/iwellguard","https:\/\/entre-vos-mains.alsace.eu\/profiles\/iwellguard\/activity","https:\/\/gravatar.com\/reallybeded8fd34","https:\/\/naijamatta.com\/iwellguard","https:\/\/www.goodreads.com\/iwellguard","https:\/\/profile.hatena.ne.jp\/iwellguard\/","https:\/\/experiment.com\/users\/iwellguard","https:\/\/wakelet.com\/@iWellGuard82270","https:\/\/www.chordie.com\/forum\/profile.php?id=2555664","https:\/\/www.instapaper.com\/p\/17757966","https:\/\/www.mapleprimes.com\/users\/iwellguard","https:\/\/businesslistingplus.com\/profile\/iwell-guard\/","https:\/\/telegra.ph\/iWell-Guard-06-06","https:\/\/pbase.com\/iwellguard\/iwellguard","https:\/\/b.hatena.ne.jp\/iwellguard\/20260607#bookmark-4788405196491818882","https:\/\/fliphtml5.com\/home\/iwellguard","https:\/\/anyflip.com\/homepage\/cmiwl#About","https:\/\/transfur.com\/Users\/iwellguard","http:\/\/delphi.larsbo.org\/user\/iwellguard","https:\/\/jobs.lajobsportal.org\/profiles\/8380803-iwell-guard","https:\/\/md.chaosdorf.de\/s\/jfbe5SBdJD","https:\/\/www.lingvolive.com\/en-us\/profile\/9ecaeaca-ce11-4e51-9e71-01d55e2bff36\/translations","https:\/\/www.fitday.com\/fitness\/forums\/members\/iwellguard.html","https:\/\/www.mymeetbook.com\/iwellguard","https:\/\/pxhere.com\/en\/photographer-me\/5040798","https:\/\/disqus.com\/by\/iwellguard\/about\/","https:\/\/pastelink.net\/hjwciqwq","https:\/\/pubhtml5.com\/homepage\/scjhn\/","https:\/\/www.bitchute.com\/channel\/2O2eOKzNqujT","https:\/\/audiomack.com\/iwellguard"]}]}},"_links":{"self":[{"href":"https:\/\/iwell-guard.com\/is\/wp-json\/wp\/v2\/pages\/169139","targetHints":{"allow":["GET"]}}],"collection":[{"href":"https:\/\/iwell-guard.com\/is\/wp-json\/wp\/v2\/pages"}],"about":[{"href":"https:\/\/iwell-guard.com\/is\/wp-json\/wp\/v2\/types\/page"}],"author":[{"embeddable":true,"href":"https:\/\/iwell-guard.com\/is\/wp-json\/wp\/v2\/users\/3"}],"replies":[{"embeddable":true,"href":"https:\/\/iwell-guard.com\/is\/wp-json\/wp\/v2\/comments?post=169139"}],"version-history":[{"count":0,"href":"https:\/\/iwell-guard.com\/is\/wp-json\/wp\/v2\/pages\/169139\/revisions"}],"wp:featuredmedia":[{"embeddable":true,"href":"https:\/\/iwell-guard.com\/is\/wp-json\/wp\/v2\/media\/3485"}],"wp:attachment":[{"href":"https:\/\/iwell-guard.com\/is\/wp-json\/wp\/v2\/media?parent=169139"}],"wp:term":[{"taxonomy":"category","embeddable":true,"href":"https:\/\/iwell-guard.com\/is\/wp-json\/wp\/v2\/categories?post=169139"}],"curies":[{"name":"wp","href":"https:\/\/api.w.org\/{rel}","templated":true}]}}