{"id":169138,"date":"2026-09-05T14:05:54","date_gmt":"2026-09-05T14:05:54","guid":{"rendered":"https:\/\/iwell-guard.com\/?page_id=169138"},"modified":"2026-09-05T14:33:12","modified_gmt":"2026-09-05T14:33:12","slug":"valknut-hnutur-hinna-fallnu","status":"publish","type":"page","link":"https:\/\/iwell-guard.com\/is\/valknut-hnutur-hinna-fallnu\/","title":{"rendered":"Valknut \u2013 hinn norr\u00e6ni hn\u00fatur hinna fallnu"},"content":{"rendered":"\t\t<div data-elementor-type=\"wp-page\" data-elementor-id=\"169138\" class=\"elementor elementor-169138 elementor-3616 elementor-bc-flex-widget\" data-elementor-post-type=\"page\">\n\t\t\t\t<div class=\"elementor-element elementor-element-iwgs-valknut-hero e-flex e-con-boxed e-con e-parent\" data-id=\"iwgs-valknut-hero\" data-element_type=\"container\" data-e-type=\"container\">\n\t\t\t\t\t<div class=\"e-con-inner\">\n\t\t<div class=\"elementor-element elementor-element-iwgs-valknut-hl e-flex e-con-boxed e-con e-parent\" data-id=\"iwgs-valknut-hl\" data-element_type=\"container\" data-e-type=\"container\">\n\t\t\t\t\t<div class=\"e-con-inner\">\n\t\t<div class=\"elementor-element elementor-element-iwgs-valknut-hlbox e-con-full e-flex e-con e-parent\" data-id=\"iwgs-valknut-hlbox\" data-element_type=\"container\" data-e-type=\"container\">\n\t\t\t\t<div class=\"elementor-element elementor-element-iwgs-valknut-h1 elementor-widget elementor-widget-heading\" data-id=\"iwgs-valknut-h1\" data-element_type=\"widget\" data-e-type=\"widget\" data-widget_type=\"heading.default\">\n\t\t\t\t\t<h1 class=\"elementor-heading-title elementor-size-default\">Valknut \u2013 hinn norr\u00e6ni hn\u00fatur hinna fallnu<\/h1>\t\t\t\t<\/div>\n\t\t\t\t<div class=\"elementor-element elementor-element-iwgs-valknut-lead elementor-widget elementor-widget-text-editor\" data-id=\"iwgs-valknut-lead\" data-element_type=\"widget\" data-e-type=\"widget\" data-widget_type=\"text-editor.default\">\n\t\t\t\t\t\t\t\t\t<p>Valknut, \u00fer\u00edr \u00fer\u00edhyrningar sem eru samtvinna\u00f0ir hver inn \u00ed annan, er eitt af \u00e1hrifamestu t\u00e1knum norr\u00e6na heimsins. \u00dea\u00f0 kemur fyrir \u00e1 myndsteinum fr\u00e1 v\u00edkinga\u00f6ld, er n\u00e1tengt \u00d3\u00f0ni og hinum fallnu, og hefur enn \u00ed dag ekki veri\u00f0 fullkomlega \u00fatsk\u00fdrt af fr\u00e6\u00f0im\u00f6nnum.<\/p>\t\t\t\t\t\t\t\t<\/div>\n\t\t\t\t<\/div>\n\t\t\t\t<div class=\"elementor-element elementor-element-iwgs-valknut-pills elementor-widget elementor-widget-html\" data-id=\"iwgs-valknut-pills\" data-element_type=\"widget\" data-e-type=\"widget\" data-widget_type=\"html.default\">\n\t\t\t\t\t<div class=\"iwg-pill-row\"><span class=\"iwg-klasse-badge\" tabindex=\"0\" data-tooltip=\"Verndart\u00e1kn, verndargripur e\u00f0a verndargrip me\u00f0 fr\u00e1hrindandi virkni.\">Verndart\u00e1kn<\/span><a href=\"https:\/\/iwell-guard.com\/is\/germonsk\/\" class=\"iwg-kultur-badge\" tabindex=\"0\" data-tooltip=\"Verndarhef\u00f0: Germ\u00f6nsk\">Germ\u00f6nsk<\/a><span class=\"iwg-tradition-badge\" tabindex=\"0\" data-tooltip=\"T\u00e1knmynd me\u00f0 verndandi e\u00f0a merkingarb\u00e6ru hlutverki.\">T\u00e1kn<\/span><\/div>\t\t\t\t<\/div>\n\t\t\t\t\t<\/div>\n\t\t\t\t<\/div>\n\t\t<div class=\"elementor-element elementor-element-iwgs-valknut-hr e-con-full e-flex e-con e-parent\" data-id=\"iwgs-valknut-hr\" data-element_type=\"container\" data-e-type=\"container\">\n\t\t\t\t<div class=\"elementor-element elementor-element-iwgs-valknut-himg iwg-hero-image elementor-widget elementor-widget-image\" data-id=\"iwgs-valknut-himg\" data-element_type=\"widget\" data-e-type=\"widget\" data-widget_type=\"image.default\">\n\t\t\t\t\t\t\t\t\t\t\t\t\t\t\t<img fetchpriority=\"high\" decoding=\"async\" width=\"683\" height=\"1024\" src=\"https:\/\/iwell-guard.com\/wp-content\/uploads\/2026\/05\/schutzsymbol_germanisch_valknut-683x1024.webp\" class=\"attachment-large size-large wp-image-170571\" alt=\"Valknut - verndart\u00e1kn, safnfr\u00e6\u00f0ileg mynd\" srcset=\"https:\/\/iwell-guard.com\/wp-content\/uploads\/2026\/05\/schutzsymbol_germanisch_valknut-683x1024.webp 683w, https:\/\/iwell-guard.com\/wp-content\/uploads\/2026\/05\/schutzsymbol_germanisch_valknut-200x300.webp 200w, https:\/\/iwell-guard.com\/wp-content\/uploads\/2026\/05\/schutzsymbol_germanisch_valknut-768x1152.webp 768w, https:\/\/iwell-guard.com\/wp-content\/uploads\/2026\/05\/schutzsymbol_germanisch_valknut.webp 1024w\" sizes=\"(max-width: 683px) 100vw, 683px\" \/>\t\t\t\t\t\t\t\t\t\t\t\t\t\t\t<\/div>\n\t\t\t\t<\/div>\n\t\t\t\t\t<\/div>\n\t\t\t\t<\/div>\n\t\t<div class=\"elementor-element elementor-element-iwgs-valknut-s0 e-flex e-con-boxed e-con e-parent\" data-id=\"iwgs-valknut-s0\" data-element_type=\"container\" data-e-type=\"container\">\n\t\t\t\t\t<div class=\"e-con-inner\">\n\t\t\t\t<div class=\"elementor-element elementor-element-iwgs-valknut-s0h elementor-widget elementor-widget-heading\" data-id=\"iwgs-valknut-s0h\" data-element_type=\"widget\" data-e-type=\"widget\" data-widget_type=\"heading.default\">\n\t\t\t\t\t<h2 class=\"elementor-heading-title elementor-size-default\">Yfirlit<\/h2>\t\t\t\t<\/div>\n\t\t<div class=\"elementor-element elementor-element-iwgs-valknut-s0box e-con-full e-flex e-con e-parent\" data-id=\"iwgs-valknut-s0box\" data-element_type=\"container\" data-e-type=\"container\">\n\t\t\t\t<div class=\"elementor-element elementor-element-iwgs-valknut-s0t elementor-widget elementor-widget-text-editor\" data-id=\"iwgs-valknut-s0t\" data-element_type=\"widget\" data-e-type=\"widget\" data-widget_type=\"text-editor.default\">\n\t\t\t\t\t\t\t\t\t<p>Valknut er t\u00e1kn sem samanstendur af \u00feremur \u00fer\u00edhyrningum sem eru samtvinna\u00f0ir hver inn \u00ed annan. \u00dea\u00f0 kemur \u00far <a href=\"https:\/\/iwell-guard.com\/is\/germonsk\/\">germ\u00f6nsk-norr\u00e6num<\/a> heimi og er einkum \u00feekkt fr\u00e1 v\u00edkinga\u00f6ld.<\/p><p>\u00dea\u00f0 er sta\u00f0fest \u00e1 myndsteinum og \u00e1 nokkrum gripum fr\u00e1 \u00feeim t\u00edma. Geometr\u00edsk form \u00feess er sk\u00fdrt og au\u00f0\u00feekkjanlegt. \u00c1 sama t\u00edma er Valknut eitt af \u00feeim t\u00e1knum sem merking hefur ekki veri\u00f0 fullkomlega sk\u00fdr\u00f0.<\/p><p>Valknut kemur n\u00e6r alltaf fyrir \u00ed \u00e1kve\u00f0nu samhengi. \u00dea\u00f0 birtist \u00ed n\u00e1l\u00e6g\u00f0 vi\u00f0 myndir sem tengjast gu\u00f0inum \u00d3\u00f0ni, bardaga og dau\u00f0a. \u00deessi athugun er mikilv\u00e6gasta v\u00edsbendingin um t\u00falkun \u00feess. \u00dat fr\u00e1 samhenginu m\u00e1 draga \u00fe\u00e1 \u00e1lyktun til hvers sv\u00e6\u00f0is t\u00e1kni\u00f0 heyr\u00f0i.<\/p><p>\u00cd <span class=\"iwg-fachbegriff\" data-tooltip=\"Fr\u00e6\u00f0igreinin sem rannsakar tr\u00faarbr\u00f6g\u00f0 samanbur\u00f0arlega og \u00e1n tr\u00faarlegrar bindingar.\" tabindex=\"0\">tr\u00faarbrag\u00f0afr\u00e6\u00f0i<\/span> er fjalla\u00f0 um Valknut me\u00f0 varf\u00e6rni. Engin ritheimild er til fr\u00e1 v\u00edkinga\u00f6ld sem \u00fatsk\u00fdrir t\u00e1kni\u00f0. Allt sem sagt er um merkingu \u00feess byggist \u00e1 \u00e1lyktunum af fundarsamhengi. \u00deessi sta\u00f0a krefst varf\u00e6rinnar framsetningar sem skilur sk\u00fdrt milli \u00feess sem er vita\u00f0 me\u00f0 vissu og \u00feess sem er \u00e1lykta\u00f0.<\/p><p>Valknut er \u00fear me\u00f0 l\u00e6rd\u00f3msr\u00edkt d\u00e6mi. \u00dea\u00f0 s\u00fdnir a\u00f0 ekki er h\u00e6gt a\u00f0 skilja hvert fornt t\u00e1kn til fulls. Sum t\u00e1kn hafa var\u00f0veist \u00e1n \u00feess a\u00f0 n\u00e1kv\u00e6m merking \u00feeirra hafi var\u00f0veist me\u00f0 \u00feeim. Hei\u00f0arleg framsetning bendir \u00e1 \u00feessi takm\u00f6rk \u00ed sta\u00f0 \u00feess a\u00f0 \u00feegja um \u00feau. \u00dea\u00f0 er einmitt \u00feetta sem gerir Valknut a\u00f0 \u00e1hugaver\u00f0u ranns\u00f3knarefni.<\/p>\t\t\t\t\t\t\t\t<\/div>\n\t\t\t\t<\/div>\n\t\t\t\t\t<\/div>\n\t\t\t\t<\/div>\n\t\t<div class=\"elementor-element elementor-element-iwgs-valknut-s1 e-flex e-con-boxed e-con e-parent\" data-id=\"iwgs-valknut-s1\" data-element_type=\"container\" data-e-type=\"container\">\n\t\t\t\t\t<div class=\"e-con-inner\">\n\t\t\t\t<div class=\"elementor-element elementor-element-iwgs-valknut-s1h elementor-widget elementor-widget-heading\" data-id=\"iwgs-valknut-s1h\" data-element_type=\"widget\" data-e-type=\"widget\" data-widget_type=\"heading.default\">\n\t\t\t\t\t<h2 class=\"elementor-heading-title elementor-size-default\">Nafni\u00f0 og uppruni \u00feess<\/h2>\t\t\t\t<\/div>\n\t\t<div class=\"elementor-element elementor-element-iwgs-valknut-s1box e-con-full e-flex e-con e-parent\" data-id=\"iwgs-valknut-s1box\" data-element_type=\"container\" data-e-type=\"container\">\n\t\t\t\t<div class=\"elementor-element elementor-element-iwgs-valknut-s1t elementor-widget elementor-widget-text-editor\" data-id=\"iwgs-valknut-s1t\" data-element_type=\"widget\" data-e-type=\"widget\" data-widget_type=\"text-editor.default\">\n\t\t\t\t\t\t\t\t\t<p>Nafni\u00f0 Valknut hlj\u00f3mar fornt en er \u00ed raun n\u00fdlegt. \u00cd var\u00f0veittum fornnorr\u00e6num textum kemur \u00fea\u00f0 ekki fyrir. Ekki er vita\u00f0 hva\u00f0 f\u00f3lk \u00e1 v\u00edkinga\u00f6ld kalla\u00f0i t\u00e1kni\u00f0. Nafni\u00f0 var mynda\u00f0 fyrst \u00e1 seinni t\u00edmum til \u00feess a\u00f0 h\u00e6gt v\u00e6ri a\u00f0 nefna t\u00e1kni\u00f0 yfirleitt.<\/p><p>N\u00fat\u00edmanafni\u00f0 er samsett \u00far tveimur fornnorr\u00e6num or\u00f0um. Fyrri hlutinn v\u00edsar til \u00feeirra sem fallnir eru \u00ed bardaga, hinna fallnu. Seinni hlutinn \u00fe\u00fd\u00f0ir hn\u00fatur. Samanlagt f\u00e6st merkingin hn\u00fatur hinna fallnu. \u00deetta nafn dregur saman \u00e6tla\u00f0a merkingu t\u00e1knsins \u00ed einu or\u00f0i.<\/p><p>\u00dea\u00f0 er mikilv\u00e6gt a\u00f0 hafa \u00feennan uppruna nafnsins \u00ed huga. Nafni\u00f0 er \u00ed sj\u00e1lfu s\u00e9r \u00feegar t\u00falkun. \u00dea\u00f0 gefur til kynna a\u00f0 t\u00e1kni\u00f0 tengist hinum fallnu og \u00d3\u00f0ni.<\/p><p>\u00deessi t\u00falkun er vel r\u00f6kstudd en h\u00fan er ekki sta\u00f0fest me\u00f0 fornri heimild. Nafni\u00f0 m\u00e1 ekki rugla saman vi\u00f0 sta\u00f0festan fund.<\/p><p>\u00deessi a\u00f0greining er ekki neitt aukaatri\u00f0i. H\u00fan snertir kjarna vanda\u00f0rar umgengni vi\u00f0 forns\u00f6guleg t\u00e1kn. N\u00fat\u00edmanafn getur veri\u00f0 hentugt og l\u00fdsandi, en \u00fea\u00f0 er \u00fer\u00e1tt fyrir \u00fea\u00f0 sett fram af fr\u00e6\u00f0im\u00f6nnum. \u00cd tilviki Valknut er \u00feessi sta\u00f0a s\u00e9rstaklega greinileg, \u00fev\u00ed h\u00e9r er jafnvel nafni\u00f0 sj\u00e1lft n\u00fdlega mynda\u00f0.<\/p>\t\t\t\t\t\t\t\t<\/div>\n\t\t\t\t<\/div>\n\t\t\t\t\t<\/div>\n\t\t\t\t<\/div>\n\t\t<div class=\"elementor-element elementor-element-iwgs-valknut-s2 e-flex e-con-boxed e-con e-parent\" data-id=\"iwgs-valknut-s2\" data-element_type=\"container\" data-e-type=\"container\">\n\t\t\t\t\t<div class=\"e-con-inner\">\n\t\t\t\t<div class=\"elementor-element elementor-element-iwgs-valknut-s2h elementor-widget elementor-widget-heading\" data-id=\"iwgs-valknut-s2h\" data-element_type=\"widget\" data-e-type=\"widget\" data-widget_type=\"heading.default\">\n\t\t\t\t\t<h2 class=\"elementor-heading-title elementor-size-default\">Form: \u00fer\u00edr samtvinna\u00f0ir \u00fer\u00edhyrningar<\/h2>\t\t\t\t<\/div>\n\t\t<div class=\"elementor-element elementor-element-iwgs-valknut-s2box e-con-full e-flex e-con e-parent\" data-id=\"iwgs-valknut-s2box\" data-element_type=\"container\" data-e-type=\"container\">\n\t\t\t\t<div class=\"elementor-element elementor-element-iwgs-valknut-s2t elementor-widget elementor-widget-text-editor\" data-id=\"iwgs-valknut-s2t\" data-element_type=\"widget\" data-e-type=\"widget\" data-widget_type=\"text-editor.default\">\n\t\t\t\t\t\t\t\t\t<p>Valknut er samsett \u00far \u00feremur jafnhli\u00f0a \u00fer\u00edhyrningum sem eru samtvinna\u00f0ir. \u00der\u00edhyrningarnir gr\u00edpa hver inn \u00ed annan \u00e1 \u00feann h\u00e1tt a\u00f0 engan \u00feeirra er unnt a\u00f0 losa \u00e1n hinna. \u00dar \u00feessari samtvinnun sprettur hi\u00f0 s\u00e9rst\u00e6\u00f0a form t\u00e1knsins. \u00dea\u00f0 virkar b\u00e6\u00f0i skipulegt og listilegt.<\/p><p>Var\u00f0veitt d\u00e6mi s\u00fdna tv\u00f6 grunnform. \u00cd fyrra tilvikinu er Valknut mynda\u00f0 \u00far einni samfelldri l\u00ednu sem vindur sig og sn\u00fdr \u00ed lokin aftur til sj\u00e1lfrar s\u00edn. \u00cd s\u00ed\u00f0ara tilvikinu eru \u00fer\u00edhyrningarnir \u00fer\u00edr mynda\u00f0ir \u00far a\u00f0skildum l\u00ednum. B\u00e6\u00f0i formin koma fyrir.<\/p><p>\u00deessi a\u00f0greining hefur \u00fe\u00fd\u00f0ingu fyrir t\u00falkunina. Formi\u00f0 sem mynda\u00f0 er \u00far einni l\u00ednu tengist t\u00e1knum me\u00f0 \u00f3endanlegri, samfelldri l\u00ednu, sem margar menningarheimar t\u00f6ldu hafa verndandi virkni. Loku\u00f0 l\u00edna \u00e1n upphafs og endis var talin vera m\u00f6rk sem ekkert g\u00e6ti fari\u00f0 yfir. Hvort \u00feessi hugmynd hafi haft \u00e1hrif \u00e1 Valknut er \u00fe\u00f3 ekki unnt a\u00f0 sanna.<\/p><p>Hi\u00f0 sk\u00fdra geometr\u00edska form hefur gert Valknut au\u00f0\u00feekkjanlegt. \u00dea\u00f0 var au\u00f0velt a\u00f0 rista \u00ed stein og skera \u00ed tr\u00e9. \u00deetta einfalda en samt listilega form er ein af \u00e1st\u00e6\u00f0unum fyrir \u00fev\u00ed a\u00f0 t\u00e1kni\u00f0 lif\u00f0i af aldirnar. Enn \u00feann dag \u00ed dag er Valknut samstundis greinanlegt sem norr\u00e6nt t\u00e1kn.<\/p>\t\t\t\t\t\t\t\t<\/div>\n\t\t\t\t<\/div>\n\t\t\t\t\t<\/div>\n\t\t\t\t<\/div>\n\t\t<div class=\"elementor-element elementor-element-iwgs-valknut-s3 e-flex e-con-boxed e-con e-parent\" data-id=\"iwgs-valknut-s3\" data-element_type=\"container\" data-e-type=\"container\">\n\t\t\t\t\t<div class=\"e-con-inner\">\n\t\t\t\t<div class=\"elementor-element elementor-element-iwgs-valknut-s3h elementor-widget elementor-widget-heading\" data-id=\"iwgs-valknut-s3h\" data-element_type=\"widget\" data-e-type=\"widget\" data-widget_type=\"heading.default\">\n\t\t\t\t\t<h2 class=\"elementor-heading-title elementor-size-default\">Fornleifafundir<\/h2>\t\t\t\t<\/div>\n\t\t<div class=\"elementor-element elementor-element-iwgs-valknut-s3box e-con-full e-flex e-con e-parent\" data-id=\"iwgs-valknut-s3box\" data-element_type=\"container\" data-e-type=\"container\">\n\t\t\t\t<div class=\"elementor-element elementor-element-iwgs-valknut-s3t elementor-widget elementor-widget-text-editor\" data-id=\"iwgs-valknut-s3t\" data-element_type=\"widget\" data-e-type=\"widget\" data-widget_type=\"text-editor.default\">\n\t\t\t\t\t\t\t\t\t<p>Valknut er sta\u00f0fest me\u00f0 takm\u00f6rku\u00f0um fj\u00f6lda fundargripa. S\u00e9rstaklega mikilv\u00e6gir eru myndsteinar eyjarins Gotlands \u00ed Eystrasalti. \u00c1 nokkrum \u00feessara steina birtist Valknut innan st\u00e6rri myndsvi\u00f0a. \u00deessir steinar eru me\u00f0al au\u00f0ugustu heimilda um norr\u00e6nan myndheim.<\/p><p>Annar mikilv\u00e6gur fundur er \u00far skipagr\u00f6finni \u00ed \u00d3sebergi \u00ed Noregi. \u00c1 r\u00fami \u00far \u00feessari r\u00edkulegu greftrun er Valknut greypt. T\u00e1kni\u00f0 kemur einnig fyrir \u00e1 nokkrum \u00f6\u00f0rum gripum fr\u00e1 v\u00edkinga\u00f6ld. Fj\u00f6ldi sta\u00f0festra d\u00e6ma er \u00fe\u00f3 fremur l\u00edtill.<\/p><p>\u00dea\u00f0 er ekki bara athyglisvert a\u00f0 Valknut komi fyrir, heldur einnig hvar \u00fea\u00f0 kemur fyrir. \u00c1 myndsteinum stendur \u00fea\u00f0 \u00ed n\u00e1l\u00e6g\u00f0 vi\u00f0 senur sem s\u00fdna hesta, str\u00ed\u00f0smenn og vopna\u00f0a menn. Oft m\u00e1 tengja \u00feessar senur vi\u00f0 \u00d3\u00f0in og atbur\u00f0i sem var\u00f0a dau\u00f0a \u00ed bardaga. \u00deetta samhengi er lykillinn a\u00f0 t\u00falkun t\u00e1knsins.<\/p><p>Fundurinn er \u00feannig sk\u00fdr \u00ed sinni athugun en takmarka\u00f0ur \u00ed umfangi. \u00deessir f\u00e1u gripir gera kleift a\u00f0 tilgreina svi\u00f0 sem Valknut heyrir til. \u00deeir gera ekki kleift a\u00f0 sta\u00f0festa n\u00e1kv\u00e6ma merkingu \u00feess. \u00deessi sta\u00f0a einkennir alla vanda\u00f0a framsetningu t\u00e1knsins.<\/p>\t\t\t\t\t\t\t\t<\/div>\n\t\t\t\t<\/div>\n\t\t\t\t\t<\/div>\n\t\t\t\t<\/div>\n\t\t<div class=\"elementor-element elementor-element-iwgs-valknut-s4 e-flex e-con-boxed e-con e-parent\" data-id=\"iwgs-valknut-s4\" data-element_type=\"container\" data-e-type=\"container\">\n\t\t\t\t\t<div class=\"e-con-inner\">\n\t\t\t\t<div class=\"elementor-element elementor-element-iwgs-valknut-s4h elementor-widget elementor-widget-heading\" data-id=\"iwgs-valknut-s4h\" data-element_type=\"widget\" data-e-type=\"widget\" data-widget_type=\"heading.default\">\n\t\t\t\t\t<h2 class=\"elementor-heading-title elementor-size-default\">Tengslin vi\u00f0 \u00d3\u00f0in<\/h2>\t\t\t\t<\/div>\n\t\t<div class=\"elementor-element elementor-element-iwgs-valknut-s4box e-con-full e-flex e-con e-parent\" data-id=\"iwgs-valknut-s4box\" data-element_type=\"container\" data-e-type=\"container\">\n\t\t\t\t<div class=\"elementor-element elementor-element-iwgs-valknut-s4t elementor-widget elementor-widget-text-editor\" data-id=\"iwgs-valknut-s4t\" data-element_type=\"widget\" data-e-type=\"widget\" data-widget_type=\"text-editor.default\">\n\t\t\t\t\t\t\t\t\t<p>Mikilv\u00e6gasta v\u00edsbendingin um t\u00falkun Valkn\u00fatarins er tengsl hans vi\u00f0 \u00d3\u00f0inn. \u00c1 myndsteinunum kemur t\u00e1kni\u00f0 endurteki\u00f0 fram \u00ed atri\u00f0um sem tengja m\u00e1 \u00feessum gu\u00f0i. \u00d3\u00f0inn var \u00ed norr\u00e6nni tr\u00fa me\u00f0al annars gu\u00f0 hinna fallnu og str\u00ed\u00f0sins.<\/p><p>Samkv\u00e6mt norr\u00e6nni <span class=\"iwg-fachbegriff\" data-tooltip=\"Mi\u00f0lun \u00feekkingar og fr\u00e1sagna milli kynsl\u00f3\u00f0a.\" tabindex=\"0\">munnm\u00e6lahef\u00f0<\/span> t\u00f3k \u00d3\u00f0inn til s\u00edn \u00fe\u00e1 sem f\u00e9llu \u00ed bardaga. \u00deeir voru f\u00e6r\u00f0ir til Valhallar, hallar hinna f\u00f6llnu. \u00dear bjuggu \u00feeir sig undir hina miklu lokaorrustu. \u00d3\u00f0inn r\u00e1\u00f0ska\u00f0ist \u00feannig me\u00f0 \u00f6rl\u00f6g str\u00ed\u00f0smannanna \u00ed dau\u00f0anum. Hann var herra hinna fallnu.<\/p><p>\u00cd lj\u00f3si \u00feessa liggur n\u00e6rri a\u00f0 t\u00falka Valkn\u00fatinn \u00feannig a\u00f0 hann tengist \u00feessu hlutverki \u00d3\u00f0ins. Hann g\u00e6ti veri\u00f0 t\u00e1kn fyrir hina f\u00f6llnu og fyrir bindingu \u00feeirra vi\u00f0 gu\u00f0inn. \u00deessi t\u00falkun \u00fatsk\u00fdrir hvers vegna t\u00e1kni\u00f0 kemur einmitt fram \u00ed dau\u00f0aatri\u00f0um. H\u00fan fellur vel a\u00f0 fyrirliggjandi g\u00f6gnum.<\/p><p>\u00deetta er \u00fe\u00f3 a\u00f0eins t\u00falkun, ekki sta\u00f0fest sta\u00f0reynd. Tengingin vi\u00f0 \u00d3\u00f0inn er vel r\u00f6kstudd, en h\u00fan byggist einungis \u00e1 myndsamhenginu. Engin fornrit tilgreina Valkn\u00fatinn berum or\u00f0um sem t\u00e1kn \u00d3\u00f0ins. Fr\u00e6\u00f0imenn tala \u00fev\u00ed h\u00e9r um l\u00edklega, ekki sanna\u00f0a, tengingu.<\/p>\t\t\t\t\t\t\t\t<\/div>\n\t\t\t\t<\/div>\n\t\t\t\t\t<\/div>\n\t\t\t\t<\/div>\n\t\t<div class=\"elementor-element elementor-element-iwgs-valknut-s5 e-flex e-con-boxed e-con e-parent\" data-id=\"iwgs-valknut-s5\" data-element_type=\"container\" data-e-type=\"container\">\n\t\t\t\t\t<div class=\"e-con-inner\">\n\t\t\t\t<div class=\"elementor-element elementor-element-iwgs-valknut-s5h elementor-widget elementor-widget-heading\" data-id=\"iwgs-valknut-s5h\" data-element_type=\"widget\" data-e-type=\"widget\" data-widget_type=\"heading.default\">\n\t\t\t\t\t<h2 class=\"elementor-heading-title elementor-size-default\">Hn\u00fatur hinna f\u00f6llnu: t\u00falkunartilraunir<\/h2>\t\t\t\t<\/div>\n\t\t<div class=\"elementor-element elementor-element-iwgs-valknut-s5box e-con-full e-flex e-con e-parent\" data-id=\"iwgs-valknut-s5box\" data-element_type=\"container\" data-e-type=\"container\">\n\t\t\t\t<div class=\"elementor-element elementor-element-iwgs-valknut-s5t elementor-widget elementor-widget-text-editor\" data-id=\"iwgs-valknut-s5t\" data-element_type=\"widget\" data-e-type=\"widget\" data-widget_type=\"text-editor.default\">\n\t\t\t\t\t\t\t\t\t<p>\u00dat fr\u00e1 tengslunum vi\u00f0 \u00d3\u00f0inn og hina fallna m\u00e1 draga fram nokkrar t\u00falkunartilraunir. Ein \u00feeirra tengist s\u00e9rst\u00f6kum eiginleika sem \u00d3\u00f0inn er sag\u00f0ur hafa haft samkv\u00e6mt <span class=\"iwg-fachbegriff\" data-tooltip=\"Mi\u00f0lun \u00feekkingar og fr\u00e1sagna milli kynsl\u00f3\u00f0a.\" tabindex=\"0\">munnm\u00e6lahef\u00f0<\/span>. \u00d3\u00f0inn gat lama\u00f0 str\u00ed\u00f0smenn \u00ed bardaga e\u00f0a leyst \u00fe\u00e1 \u00far fj\u00f6trum. Hann gat vaki\u00f0 \u00f3tta og l\u00f6mun e\u00f0a teki\u00f0 \u00feau af \u00feeim.<\/p><p>Fornnorr\u00e6n rit tala \u00ed \u00feessu samhengi um eina tegund af fj\u00f6trum sem \u00d3\u00f0inn gat lagt \u00e1 str\u00ed\u00f0smenn e\u00f0a losa\u00f0. \u00deessi hugmynd um andlega fj\u00f6tra passar athyglisvert vel vi\u00f0 hn\u00fatt\u00e1kn. Hn\u00fatur bindur og m\u00e1 leysa. Sumir fr\u00e6\u00f0imenn t\u00falka Valkn\u00fatinn \u00feess vegna sem mynd af \u00feessum bindandi og leysandi m\u00e6tti.<\/p><p>\u00d6nnur t\u00falkunarlei\u00f0 leggur \u00e1herslu \u00e1 t\u00f6luna \u00ferj\u00e1 og \u00fer\u00edhyrningana \u00ferj\u00e1. Talan \u00fer\u00edr l\u00e9k mikilv\u00e6gt hlutverk \u00ed norr\u00e6num hugmyndaheimi. Valkn\u00fatinn g\u00e6ti v\u00edsa\u00f0 til sl\u00edkrar \u00ferenndar, \u00e1n \u00feess a\u00f0 unnt s\u00e9 a\u00f0 segja n\u00e1kv\u00e6mlega hva\u00f0a \u00ferennd var \u00e1tt vi\u00f0. \u00deessi t\u00falkun er l\u00edka a\u00f0eins tilg\u00e1ta.<\/p><p>Allar \u00feessar t\u00falkanir hafa sinn r\u00e9tt \u00e1 s\u00e9r og allar eru \u00fe\u00e6r \u00f3vissar. \u00de\u00e6r s\u00fdna \u00ed hva\u00f0a \u00e1tt t\u00e1kni\u00f0 v\u00edsar, \u00e1n \u00feess a\u00f0 sk\u00fdra \u00fea\u00f0 til fullnustu. Vanda\u00f0ur fr\u00e6\u00f0ilegur texti setur t\u00falkunartilraunirnar fram hli\u00f0 vi\u00f0 hli\u00f0. Hann bendir \u00e1 styrkleika \u00feeirra og takmarkanir \u00ed sta\u00f0 \u00feess a\u00f0 gefa eina t\u00falkun \u00fat fyrir sta\u00f0festa.<\/p>\t\t\t\t\t\t\t\t<\/div>\n\t\t\t\t<\/div>\n\t\t\t\t\t<\/div>\n\t\t\t\t<\/div>\n\t\t<div class=\"elementor-element elementor-element-iwgs-valknut-s6 e-flex e-con-boxed e-con e-parent\" data-id=\"iwgs-valknut-s6\" data-element_type=\"container\" data-e-type=\"container\">\n\t\t\t\t\t<div class=\"e-con-inner\">\n\t\t\t\t<div class=\"elementor-element elementor-element-iwgs-valknut-s6h elementor-widget elementor-widget-heading\" data-id=\"iwgs-valknut-s6h\" data-element_type=\"widget\" data-e-type=\"widget\" data-widget_type=\"heading.default\">\n\t\t\t\t\t<h2 class=\"elementor-heading-title elementor-size-default\">\u00d3vissa merkingin<\/h2>\t\t\t\t<\/div>\n\t\t<div class=\"elementor-element elementor-element-iwgs-valknut-s6box e-con-full e-flex e-con e-parent\" data-id=\"iwgs-valknut-s6box\" data-element_type=\"container\" data-e-type=\"container\">\n\t\t\t\t<div class=\"elementor-element elementor-element-iwgs-valknut-s6t elementor-widget elementor-widget-text-editor\" data-id=\"iwgs-valknut-s6t\" data-element_type=\"widget\" data-e-type=\"widget\" data-widget_type=\"text-editor.default\">\n\t\t\t\t\t\t\t\t\t<p>\u00deegar Valkn\u00fatinn er sko\u00f0a\u00f0ur er s\u00e9rstaklega mikilv\u00e6gt a\u00f0 draga fram sk\u00fdrt hvar takm\u00f6rk \u00feekkingarins liggja. Engin heimild fr\u00e1 v\u00edkinga\u00f6ld sk\u00fdrir t\u00e1kni\u00f0. Ekkert heiti hefur var\u00f0veist. \u00dea\u00f0 sem eftir stendur er l\u00edtill fj\u00f6ldi fundargripa og myndsamhengi\u00f0 sem \u00feeir standa \u00ed.<\/p><p>Af \u00feessum g\u00f6gnum m\u00e1 draga \u00e1kve\u00f0na afm\u00f6rkun. Valkn\u00fatinn tengist \u00d3\u00f0ni, bardaga og dau\u00f0a. \u00dea\u00f0 er allt sem sagt ver\u00f0ur me\u00f0 g\u00f3\u00f0um r\u00f6kum. N\u00e1kv\u00e6m merking, fasta form\u00fala e\u00f0a \u00e1kve\u00f0in verndarvirkni ver\u00f0ur ekki dregin af \u00feessu.<\/p><p>\u00cd almennri umfj\u00f6llun er Valkn\u00fatinn oft t\u00falka\u00f0ur me\u00f0 mikilli fullvissu. Honum er eignu\u00f0 lj\u00f3s merking eins og h\u00fan v\u00e6ri sta\u00f0fest. Fr\u00e6\u00f0ileg sko\u00f0un bendir \u00e1 m\u00f3ti \u00e1 a\u00f0 \u00feessi fullvissa er ekki studd af heimildunum. Vissa hinna almennu t\u00falkana er meiri en vissa gagnanna sj\u00e1lfra.<\/p><p>A\u00f0 vi\u00f0urkenna \u00feessa \u00f3vissu er ekki galli heldur hluti af vanda\u00f0ri framsetningu. Valkn\u00fatinn er \u00e1fram \u00e1hrifamiki\u00f0 t\u00e1kn hins norr\u00e6na heims, jafnvel \u00e1n \u00feess a\u00f0 merking hans ver\u00f0i sk\u00fdr\u00f0 til fullnustu. S\u00e1 sem sko\u00f0ar hann s\u00e9r fornt <span class=\"iwg-fachbegriff\" data-tooltip=\"Merki sem stendur fyrir hugmynd e\u00f0a merkingu \u00ed sta\u00f0 sj\u00e1lfs s\u00edn.\" tabindex=\"0\">t\u00e1kn<\/span> sem afmarkar \u00e1kve\u00f0i\u00f0 svi\u00f0 og var\u00f0veitir leyndarm\u00e1l \u00ed senn.<\/p>\t\t\t\t\t\t\t\t<\/div>\n\t\t\t\t<\/div>\n\t\t\t\t\t<\/div>\n\t\t\t\t<\/div>\n\t\t<div class=\"elementor-element elementor-element-iwgs-valknut-s7 e-flex e-con-boxed e-con e-parent\" data-id=\"iwgs-valknut-s7\" data-element_type=\"container\" data-e-type=\"container\">\n\t\t\t\t\t<div class=\"e-con-inner\">\n\t\t\t\t<div class=\"elementor-element elementor-element-iwgs-valknut-s7h elementor-widget elementor-widget-heading\" data-id=\"iwgs-valknut-s7h\" data-element_type=\"widget\" data-e-type=\"widget\" data-widget_type=\"heading.default\">\n\t\t\t\t\t<h2 class=\"elementor-heading-title elementor-size-default\">Tengd hn\u00fatt\u00e1kn<\/h2>\t\t\t\t<\/div>\n\t\t<div class=\"elementor-element elementor-element-iwgs-valknut-s7box e-con-full e-flex e-con e-parent\" data-id=\"iwgs-valknut-s7box\" data-element_type=\"container\" data-e-type=\"container\">\n\t\t\t\t<div class=\"elementor-element elementor-element-iwgs-valknut-s7t elementor-widget elementor-widget-text-editor\" data-id=\"iwgs-valknut-s7t\" data-element_type=\"widget\" data-e-type=\"widget\" data-widget_type=\"text-editor.default\">\n\t\t\t\t\t\t\t\t\t<p>Valkn\u00fatinn stendur ekki einn. Norr\u00e6n og germ\u00f6nsk myndlist \u00feekkti m\u00f6rg t\u00e1kn sem byggjast \u00e1 samfl\u00e9ttu\u00f0um l\u00ednum og hn\u00fatum. Samfl\u00e9tta\u00f0ir bandmunstur eru me\u00f0al \u00e1berandi einkenna v\u00edkingaaldarlistar. Valkn\u00fatinn fellur vel a\u00f0 \u00feessari hneig\u00f0 til fl\u00e9ttumynstra.<\/p><p>Skylt t\u00e1kn er Triquetra, \u00ferenndarhn\u00faturinn sem mynda\u00f0ur er \u00far \u00feremur samofnum bogum. Hann er einnig ger\u00f0ur \u00far einni samfelldri, samfl\u00e9tta\u00f0ri l\u00ednu. Triquetra og Valkn\u00fatinn heyra b\u00e6\u00f0i til hn\u00fatt\u00e1knum Nor\u00f0ur-Evr\u00f3pu, jafnvel \u00fe\u00f3tt saga \u00feeirra og \u00fatbrei\u00f0sla s\u00e9u \u00f3l\u00edkar.<\/p><p>Hn\u00fatt\u00e1kn finnast langt \u00fat fyrir Nor\u00f0url\u00f6nd. Margar menningarheimar \u00feekkja samfl\u00e9ttu\u00f0, endalaus munstur sem eignu\u00f0 er skipulagsleg e\u00f0a verndandi merking. Meginhugmyndin um l\u00ednu \u00e1n upphafs og endis er v\u00ed\u00f0a til. Hvort Valkn\u00fatinn heyrir vitandi til \u00feessarar st\u00f3ru fj\u00f6lskyldu ver\u00f0ur ekki sagt me\u00f0 vissu.<\/p><p>A\u00f0 setja hann \u00ed samhengi vi\u00f0 heim hn\u00fatt\u00e1kna hj\u00e1lpar \u00fe\u00f3 vi\u00f0 skilninginn. \u00dea\u00f0 s\u00fdnir a\u00f0 Valkn\u00fatinn er ekki algerlega einangra\u00f0 fyrirb\u00e6ri. Hann heyrir til v\u00ed\u00f0t\u00e6kri hef\u00f0 \u00fear sem samfl\u00e9ttun, fl\u00e9ttumunstur og loku\u00f0 l\u00edna l\u00e9ku hlutverk. Innan \u00feessarar hef\u00f0ar hefur Valkn\u00fatinn s\u00edna eigin, \u00f3venjulegu st\u00f6\u00f0u vegna strangrar \u00fer\u00edhyrningsformger\u00f0ar sinnar.<\/p>\t\t\t\t\t\t\t\t<\/div>\n\t\t\t\t<\/div>\n\t\t\t\t\t<\/div>\n\t\t\t\t<\/div>\n\t\t<div class=\"elementor-element elementor-element-iwgs-valknut-s8 e-flex e-con-boxed e-con e-parent\" data-id=\"iwgs-valknut-s8\" data-element_type=\"container\" data-e-type=\"container\">\n\t\t\t\t\t<div class=\"e-con-inner\">\n\t\t\t\t<div class=\"elementor-element elementor-element-iwgs-valknut-s8h elementor-widget elementor-widget-heading\" data-id=\"iwgs-valknut-s8h\" data-element_type=\"widget\" data-e-type=\"widget\" data-widget_type=\"heading.default\">\n\t\t\t\t\t<h2 class=\"elementor-heading-title elementor-size-default\">M\u00f3tt\u00f6kur \u00ed dag<\/h2>\t\t\t\t<\/div>\n\t\t<div class=\"elementor-element elementor-element-iwgs-valknut-s8box e-con-full e-flex e-con e-parent\" data-id=\"iwgs-valknut-s8box\" data-element_type=\"container\" data-e-type=\"container\">\n\t\t\t\t<div class=\"elementor-element elementor-element-iwgs-valknut-s8t elementor-widget elementor-widget-text-editor\" data-id=\"iwgs-valknut-s8t\" data-element_type=\"widget\" data-e-type=\"widget\" data-widget_type=\"text-editor.default\">\n\t\t\t\t\t\t\t\t\t<p>Valkn\u00fat er \u00ed dag v\u00ed\u00f0a \u00feekkt t\u00e1kn. \u00dea\u00f0 er me\u00f0al algengra t\u00e1kna sem tengjast v\u00edkinga\u00f6ldinni og norr\u00e6nni menningu. Sem skartgripahengi og sem <span class=\"iwg-fachbegriff\" data-tooltip=\"Endurteki\u00f0 efnislegt stef \u00ed list e\u00f0a fr\u00e1s\u00f6gn.\" tabindex=\"0\">myndstef<\/span> kemur \u00fea\u00f0 fram \u00ed m\u00f6rgum samhengjum. Sk\u00fdrt form \u00feess hefur gefi\u00f0 \u00fev\u00ed mikla s\u00fdnileika.<\/p><p>\u00cd n\u00fdhei\u00f0num hreyfingum sem v\u00edsa til norr\u00e6nna tr\u00faarbrag\u00f0a er valkn\u00faturinn nota\u00f0ur sem t\u00e1kn. \u00dear er hann oft tengdur \u00d3\u00f0ni og j\u00e1tningu \u00e1 hinni fornu tr\u00faarhef\u00f0. \u00cd \u00feessari notkun f\u00e6r t\u00e1kni\u00f0 n\u00fdja, samt\u00edmalega merkingu.<\/p><p>Eins og m\u00f6rg norr\u00e6n t\u00e1kn er valkn\u00faturinn ekki varinn fyrir misnotkun. \u00dea\u00f0 hefur komi\u00f0 fyrir a\u00f0 sl\u00edk t\u00e1kn hafa veri\u00f0 tekin upp af h\u00f3pum sem tengjast ekki hinni s\u00f6gulegu merkingu \u00e1 neinn h\u00e1tt. \u00deeir sem s\u00fdna valkn\u00fatinn \u00e6ttu a\u00f0 vera me\u00f0vita\u00f0ir um \u00feessa spennu og setja t\u00e1kni\u00f0 fram \u00ed s\u00ednu s\u00f6gulega samhengi.<\/p><p>Upprunalegar heimildir um valkn\u00fatinn m\u00e1 sj\u00e1 \u00e1 myndsteinum Gotlands og \u00ed fornleifum v\u00edkingaaldar sem var\u00f0veittar eru \u00ed nor\u00f0ur-evr\u00f3pskum s\u00f6fnum. \u00de\u00e6r s\u00fdna t\u00e1kn sem gefur margt til kynna en f\u00e1tt upp \u00e1 bor\u00f0i\u00f0. \u00deessi blanda af sk\u00fdru formi og opinni merkingu gerir valkn\u00fatinn a\u00f0 einu \u00e1hrifamesta t\u00e1kni Nor\u00f0urlanda enn \u00ed dag.<\/p>\t\t\t\t\t\t\t\t<\/div>\n\t\t\t\t<\/div>\n\t\t\t\t\t<\/div>\n\t\t\t\t<\/div>\n\t\t<div class=\"elementor-element elementor-element-iwgs-valknut-lit e-flex e-con-boxed e-con e-parent\" data-id=\"iwgs-valknut-lit\" data-element_type=\"container\" data-e-type=\"container\">\n\t\t\t\t\t<div class=\"e-con-inner\">\n\t\t\t\t<div class=\"elementor-element elementor-element-iwgs-valknut-lith elementor-widget elementor-widget-heading\" data-id=\"iwgs-valknut-lith\" data-element_type=\"widget\" data-e-type=\"widget\" data-widget_type=\"heading.default\">\n\t\t\t\t\t<h2 class=\"elementor-heading-title elementor-size-default\">Heimildir (\u00farval)<\/h2>\t\t\t\t<\/div>\n\t\t<div class=\"elementor-element elementor-element-iwgs-valknut-litbox e-con-full e-flex e-con e-parent\" data-id=\"iwgs-valknut-litbox\" data-element_type=\"container\" data-e-type=\"container\">\n\t\t\t\t<div class=\"elementor-element elementor-element-iwgs-valknut-litt elementor-widget elementor-widget-html\" data-id=\"iwgs-valknut-litt\" data-element_type=\"widget\" data-e-type=\"widget\" data-widget_type=\"html.default\">\n\t\t\t\t\t<footer data-nosnippet=\"true\"><ul><li>Rudolf Simek: <em>Lexikon der germanischen Mythologie<\/em> (2006)<\/li><li>Hilda Ellis Davidson: <em>Gods and Myths of Northern Europe<\/em> (1964)<\/li><li>Anders Andr\u00e9n: <em>Tracing Old Norse Cosmology<\/em> (2014)<\/li><li>Sigmund Oehrl: <em>Studien zur Bildstein\u00fcberlieferung Gotlands<\/em> (Studien)<\/li><li>Neil Price: <em>The Viking Way<\/em> (2002)<\/li><\/ul><\/footer>\t\t\t\t<\/div>\n\t\t\t\t<\/div>\n\t\t\t\t\t<\/div>\n\t\t\t\t<\/div>\n\t\t<div class=\"elementor-element elementor-element-iwgs-valknut-kwd e-flex e-con-boxed e-con e-parent\" data-id=\"iwgs-valknut-kwd\" data-element_type=\"container\" data-e-type=\"container\">\n\t\t\t\t\t<div class=\"e-con-inner\">\n\t\t\t\t<div class=\"elementor-element elementor-element-iwgs-valknut-kwdt elementor-widget elementor-widget-text-editor\" data-id=\"iwgs-valknut-kwdt\" data-element_type=\"widget\" data-e-type=\"widget\" data-widget_type=\"text-editor.default\">\n\t\t\t\t\t\t\t\t\t<p><em>Tengd leitaror\u00f0: Valkn\u00fat \u00d3\u00f0inn fallnir v\u00edkinga\u00f6ld Gotland myndsteinn hn\u00fatart\u00e1kn Oseberg Valh\u00f6ll.<\/em><\/p>\t\t\t\t\t\t\t\t<\/div>\n\t\t\t\t\t<\/div>\n\t\t\t\t<\/div>\n\t\t<div class=\"elementor-element elementor-element-iwgs-valknut-cc e-flex e-con-boxed e-con e-parent\" data-id=\"iwgs-valknut-cc\" data-element_type=\"container\" data-e-type=\"container\" id=\"iwg-cc-valknut\">\n\t\t\t\t\t<div class=\"e-con-inner\">\n\t\t<div class=\"elementor-element elementor-element-iwgs-valknut-ccinner e-flex e-con-boxed e-con e-parent\" data-id=\"iwgs-valknut-ccinner\" data-element_type=\"container\" data-e-type=\"container\" data-settings=\"{&quot;background_background&quot;:&quot;classic&quot;}\">\n\t\t\t\t\t<div class=\"e-con-inner\">\n\t\t\t\t<div class=\"elementor-element elementor-element-iwgs-valknut-cch elementor-widget elementor-widget-heading\" data-id=\"iwgs-valknut-cch\" data-element_type=\"widget\" data-e-type=\"widget\" data-widget_type=\"heading.default\">\n\t\t\t\t\t<h2 class=\"elementor-heading-title elementor-size-default\">iWell Guard og verndarhef\u00f0ir<\/h2>\t\t\t\t<\/div>\n\t\t\t\t<div class=\"elementor-element elementor-element-iwgs-valknut-cct elementor-widget elementor-widget-text-editor\" data-id=\"iwgs-valknut-cct\" data-element_type=\"widget\" data-e-type=\"widget\" data-widget_type=\"text-editor.default\">\n\t\t\t\t\t\t\t\t\t<p>iWell Guard er hluti af \u00feeirri menningars\u00f6gulegu hef\u00f0 bur\u00f0arlegra verndargripa sem valkn\u00faturinn tilheyrir einnig. N\u00fat\u00edmalegur fylgihlutur fyrir f\u00f3lk sem lifir me\u00f0 verndart\u00e1knum: framleiddur \u00ed \u00de\u00fdskalandi, 41 lag \u00far sk\u00edragulli, plat\u00ednu og silfri, me\u00f0 30 daga skilar\u00e9tti.<\/p>\t\t\t\t\t\t\t\t<\/div>\n\t\t\t\t<div class=\"elementor-element elementor-element-iwgs-valknut-ccb iwg-cc-button iwg-cc-cta-2026-05-13 elementor-widget elementor-widget-jet-button\" data-id=\"iwgs-valknut-ccb\" data-element_type=\"widget\" data-e-type=\"widget\" data-widget_type=\"jet-button.default\">\n\t\t\t\t<div class=\"elementor-widget-container\">\n\t\t\t\t\t<div class=\"elementor-jet-button jet-elements\"><div class=\"jet-button__container\"><a class=\"jet-button__instance jet-button__instance--icon-left hover-effect-1\" href=\"\/schutzanhaenger-iwell-guard-kaufen\/?utm_source=iwell-guard.com&amp;utm_medium=info-box&amp;utm_campaign=schutzsymbole\"><div class=\"jet-button__plane jet-button__plane-normal\"><\/div><div class=\"jet-button__plane jet-button__plane-hover\"><\/div><div class=\"jet-button__state jet-button__state-normal\"><span class=\"jet-button__label\">Meira um iWell Guard<\/span><\/div><div class=\"jet-button__state jet-button__state-hover\"><span class=\"jet-button__label\">Meira um iWell Guard<\/span><\/div><\/a><\/div><\/div><style>.elementor-element.elementor-element-iwgs-valknut-ccb .jet-button__instance{width:320px;height:56px;}.elementor-element.elementor-element-iwgs-valknut-ccb .jet-button__state-normal .jet-button__label{text-align:center;margin:0px 0px 0px 0px;color:#1a1b20;font-family:Montserrat,sans-serif;font-size:13px;font-weight:400;letter-spacing:4px;line-height:1.714em;text-transform:uppercase;}.elementor-element.elementor-element-iwgs-valknut-ccb .jet-button__state-hover .jet-button__label{text-align:center;margin:0px 0px 0px 0px;color:#FECC76;font-family:Montserrat,sans-serif;font-size:13px;font-weight:400;letter-spacing:4px;line-height:1.714em;text-transform:uppercase;}.elementor-element.elementor-element-iwgs-valknut-ccb .jet-button__plane-normal{background-color:#FECC76;border-style:solid;border-color:#C99540;border-width:2px 2px 2px 2px;}.elementor-element.elementor-element-iwgs-valknut-ccb .jet-button__plane-hover{background-color:rgba(0,0,0,0.55);border-style:solid;border-color:#FECC76;border-width:2px 2px 2px 2px;}<\/style>\t\t\t\t<\/div>\n\t\t\t\t<\/div>\n\t\t\t\t<div class=\"elementor-element elementor-element-iwgs-valknut-ccd elementor-widget elementor-widget-text-editor\" data-id=\"iwgs-valknut-ccd\" data-element_type=\"widget\" data-e-type=\"widget\" data-widget_type=\"text-editor.default\">\n\t\t\t\t\t\t\t\t\t<p style=\"text-align:center;font-size:13px;opacity:0.7;margin-top:14px\" data-nosnippet=\"true\">Pers\u00f3nuleg reynsla getur veri\u00f0 mismunandi. Ekki l\u00e6kningat\u00e6ki. Engin lofor\u00f0 um l\u00e6kningu.<\/p>\t\t\t\t\t\t\t\t<\/div>\n\t\t\t\t\t<\/div>\n\t\t\t\t<\/div>\n\t\t\t\t\t<\/div>\n\t\t\t\t<\/div>\n\t\t<div class=\"elementor-element elementor-element-iwgs-valknut-disc e-flex e-con-boxed e-con e-parent\" data-id=\"iwgs-valknut-disc\" data-element_type=\"container\" data-e-type=\"container\">\n\t\t\t\t\t<div class=\"e-con-inner\">\n\t\t\t\t<div class=\"elementor-element elementor-element-iwgs-valknut-discw elementor-widget elementor-widget-html\" data-id=\"iwgs-valknut-discw\" data-element_type=\"widget\" data-e-type=\"widget\" data-widget_type=\"html.default\">\n\t\t\t\t\t<footer data-nosnippet=\"true\" class=\"iwg-disclaimer-block\"><p data-nosnippet=\"true\">iWell Guard er <strong>ekki l\u00e6kningat\u00e6ki<\/strong> og kemur ekki \u00ed sta\u00f0 l\u00e6knis- e\u00f0a s\u00e1lfr\u00e6\u00f0ime\u00f0fer\u00f0ar. Innihaldi\u00f0 sem h\u00e9r er sett fram er tr\u00faarbrag\u00f0afr\u00e6\u00f0ileg og menningars\u00f6gulega greining, ekki lofor\u00f0 um andlega virkni.<\/p><\/footer>\t\t\t\t<\/div>\n\t\t\t\t\t<\/div>\n\t\t\t\t<\/div>\n\t\t\t\t<\/div>\n\t\t","protected":false},"excerpt":{"rendered":"","protected":false},"author":3,"featured_media":3482,"parent":0,"menu_order":0,"comment_status":"closed","ping_status":"closed","template":"elementor_header_footer","meta":{"_yoast_wpseo_focuskw":"Valknut","_yoast_wpseo_title":"Valknut \u2013 norr\u00e6nt t\u00e1kn \u00fatsk\u00fdrt","_yoast_wpseo_metadesc":"Valknut, \u00fer\u00edr samtvinna\u00f0ir \u00fer\u00edhyrningar, er t\u00e1kn \u00far norr\u00e6num heimi og tengt \u00d3\u00f0ni. H\u00e9r er fari\u00f0 yfir fundars\u00f6gu, t\u00falkun og bakgrunn.","_yoast_wpseo_meta-robots-noindex":"","_yoast_wpseo_canonical":"","_angie_page":false,"gefaehrdungsstufe":"","wesen_kultur":"","wesen_klasse":"","footnotes":""},"categories":[],"class_list":["post-169138","page","type-page","status-publish","has-post-thumbnail","hentry"],"yoast_head":"<!-- This site is optimized with the Yoast SEO Premium plugin v27.7 (Yoast SEO v28.3) - https:\/\/yoast.com\/product\/yoast-seo-premium-wordpress\/ -->\n<title>Valknut \u2013 norr\u00e6nt t\u00e1kn \u00fatsk\u00fdrt<\/title>\n<meta name=\"description\" content=\"Valknut, \u00fer\u00edr samtvinna\u00f0ir \u00fer\u00edhyrningar, er t\u00e1kn \u00far norr\u00e6num heimi og tengt \u00d3\u00f0ni. H\u00e9r er fari\u00f0 yfir fundars\u00f6gu, t\u00falkun og bakgrunn.\" \/>\n<meta name=\"robots\" content=\"index, follow, max-snippet:-1, max-image-preview:large, max-video-preview:-1\" \/>\n<link rel=\"canonical\" href=\"https:\/\/iwell-guard.com\/is\/valknut-hnutur-hinna-fallnu\/\" \/>\n<meta property=\"og:locale\" content=\"is_IS\" \/>\n<meta property=\"og:type\" content=\"article\" \/>\n<meta property=\"og:title\" content=\"Valknut \u2013 hinn norr\u00e6ni hn\u00fatur hinna fallnu\" \/>\n<meta property=\"og:description\" content=\"Valknut, \u00fer\u00edr samtvinna\u00f0ir \u00fer\u00edhyrningar, er t\u00e1kn \u00far norr\u00e6num heimi og tengt \u00d3\u00f0ni. H\u00e9r er fari\u00f0 yfir fundars\u00f6gu, t\u00falkun og bakgrunn.\" \/>\n<meta property=\"og:url\" content=\"https:\/\/iwell-guard.com\/is\/valknut-hnutur-hinna-fallnu\/\" \/>\n<meta property=\"og:site_name\" content=\"iWell Guard\" \/>\n<meta property=\"article:modified_time\" content=\"2026-09-05T14:33:12+00:00\" \/>\n<meta property=\"og:image\" content=\"https:\/\/iwell-guard.com\/wp-content\/uploads\/2026\/05\/schutzsymbol_germanisch_valknut.webp\" \/>\n\t<meta property=\"og:image:width\" content=\"1024\" \/>\n\t<meta property=\"og:image:height\" content=\"1536\" \/>\n\t<meta property=\"og:image:type\" content=\"image\/webp\" \/>\n<meta name=\"twitter:card\" content=\"summary_large_image\" \/>\n<script type=\"application\/ld+json\" class=\"yoast-schema-graph\">{\"@context\":\"https:\\\/\\\/schema.org\",\"@graph\":[{\"@type\":\"WebPage\",\"@id\":\"https:\\\/\\\/iwell-guard.com\\\/is\\\/valknut-hnutur-hinna-fallnu\\\/\",\"url\":\"https:\\\/\\\/iwell-guard.com\\\/is\\\/valknut-hnutur-hinna-fallnu\\\/\",\"name\":\"Valknut \u2013 norr\u00e6nt t\u00e1kn \u00fatsk\u00fdrt\",\"isPartOf\":{\"@id\":\"https:\\\/\\\/iwell-guard.com\\\/is\\\/#website\"},\"primaryImageOfPage\":{\"@id\":\"https:\\\/\\\/iwell-guard.com\\\/is\\\/valknut-hnutur-hinna-fallnu\\\/#primaryimage\"},\"image\":{\"@id\":\"https:\\\/\\\/iwell-guard.com\\\/is\\\/valknut-hnutur-hinna-fallnu\\\/#primaryimage\"},\"thumbnailUrl\":\"https:\\\/\\\/iwell-guard.com\\\/wp-content\\\/uploads\\\/2026\\\/05\\\/schutzsymbol_germanisch_valknut.webp\",\"datePublished\":\"2026-09-05T14:05:54+00:00\",\"dateModified\":\"2026-09-05T14:33:12+00:00\",\"description\":\"Valknut, \u00fer\u00edr samtvinna\u00f0ir \u00fer\u00edhyrningar, er t\u00e1kn \u00far norr\u00e6num heimi og tengt \u00d3\u00f0ni. H\u00e9r er fari\u00f0 yfir fundars\u00f6gu, t\u00falkun og bakgrunn.\",\"breadcrumb\":{\"@id\":\"https:\\\/\\\/iwell-guard.com\\\/is\\\/valknut-hnutur-hinna-fallnu\\\/#breadcrumb\"},\"inLanguage\":\"is\",\"potentialAction\":[{\"@type\":\"ReadAction\",\"target\":[\"https:\\\/\\\/iwell-guard.com\\\/is\\\/valknut-hnutur-hinna-fallnu\\\/\"]}]},{\"@type\":\"ImageObject\",\"inLanguage\":\"is\",\"@id\":\"https:\\\/\\\/iwell-guard.com\\\/is\\\/valknut-hnutur-hinna-fallnu\\\/#primaryimage\",\"url\":\"https:\\\/\\\/iwell-guard.com\\\/wp-content\\\/uploads\\\/2026\\\/05\\\/schutzsymbol_germanisch_valknut.webp\",\"contentUrl\":\"https:\\\/\\\/iwell-guard.com\\\/wp-content\\\/uploads\\\/2026\\\/05\\\/schutzsymbol_germanisch_valknut.webp\",\"width\":1024,\"height\":1536,\"caption\":\"Verndart\u00e1kn. Myndskreyting \u00ed safnst\u00edl.\"},{\"@type\":\"BreadcrumbList\",\"@id\":\"https:\\\/\\\/iwell-guard.com\\\/is\\\/valknut-hnutur-hinna-fallnu\\\/#breadcrumb\",\"itemListElement\":[{\"@type\":\"ListItem\",\"position\":1,\"name\":\"Start\",\"item\":\"https:\\\/\\\/iwell-guard.com\\\/is\\\/?page_id=168580\"},{\"@type\":\"ListItem\",\"position\":2,\"name\":\"Valknut \u2013 hinn norr\u00e6ni hn\u00fatur hinna fallnu\"}]},{\"@type\":\"WebSite\",\"@id\":\"https:\\\/\\\/iwell-guard.com\\\/is\\\/#website\",\"url\":\"https:\\\/\\\/iwell-guard.com\\\/is\\\/\",\"name\":\"iWell Guard\",\"description\":\"Schutz vor dunklen Einfl\u00fcssen\",\"publisher\":{\"@id\":\"https:\\\/\\\/iwell-guard.com\\\/is\\\/#organization\"},\"potentialAction\":[{\"@type\":\"SearchAction\",\"target\":{\"@type\":\"EntryPoint\",\"urlTemplate\":\"https:\\\/\\\/iwell-guard.com\\\/is\\\/?s={search_term_string}\"},\"query-input\":{\"@type\":\"PropertyValueSpecification\",\"valueRequired\":true,\"valueName\":\"search_term_string\"}}],\"inLanguage\":\"is\"},{\"@type\":\"Organization\",\"@id\":\"https:\\\/\\\/iwell-guard.com\\\/is\\\/#organization\",\"name\":\"Ittermann electronic GmbH\",\"url\":\"https:\\\/\\\/iwell-guard.com\\\/is\\\/\",\"logo\":{\"@type\":\"ImageObject\",\"inLanguage\":\"is\",\"@id\":\"https:\\\/\\\/iwell-guard.com\\\/is\\\/#\\\/schema\\\/logo\\\/image\\\/\",\"url\":\"https:\\\/\\\/iwell-guard.com\\\/wp-content\\\/uploads\\\/2026\\\/05\\\/Ittermann-Logo-1182x237-1.png\",\"contentUrl\":\"https:\\\/\\\/iwell-guard.com\\\/wp-content\\\/uploads\\\/2026\\\/05\\\/Ittermann-Logo-1182x237-1.png\",\"width\":1182,\"height\":237,\"caption\":\"Ittermann electronic GmbH\"},\"image\":{\"@id\":\"https:\\\/\\\/iwell-guard.com\\\/is\\\/#\\\/schema\\\/logo\\\/image\\\/\"},\"sameAs\":[\"https:\\\/\\\/pantip.com\\\/profile\\\/9367242\",\"https:\\\/\\\/micro.blog\\\/iwellguard\",\"https:\\\/\\\/www.diggerslist.com\\\/iwellguard\\\/about\",\"https:\\\/\\\/skitterphoto.com\\\/photographers\\\/2870314\\\/iwell-guard\",\"https:\\\/\\\/iwellguard.wordpress.com\\\/2026\\\/06\\\/06\\\/iwell-guard\\\/\",\"https:\\\/\\\/hub.docker.com\\\/u\\\/iwellguard\",\"https:\\\/\\\/www.pinterest.com\\\/iwellguard\\\/\",\"https:\\\/\\\/bit.ly\\\/m\\\/iwellguard\",\"https:\\\/\\\/entre-vos-mains.alsace.eu\\\/profiles\\\/iwellguard\\\/activity\",\"https:\\\/\\\/gravatar.com\\\/reallybeded8fd34\",\"https:\\\/\\\/naijamatta.com\\\/iwellguard\",\"https:\\\/\\\/www.goodreads.com\\\/iwellguard\",\"https:\\\/\\\/profile.hatena.ne.jp\\\/iwellguard\\\/\",\"https:\\\/\\\/experiment.com\\\/users\\\/iwellguard\",\"https:\\\/\\\/wakelet.com\\\/@iWellGuard82270\",\"https:\\\/\\\/www.chordie.com\\\/forum\\\/profile.php?id=2555664\",\"https:\\\/\\\/www.instapaper.com\\\/p\\\/17757966\",\"https:\\\/\\\/www.mapleprimes.com\\\/users\\\/iwellguard\",\"https:\\\/\\\/businesslistingplus.com\\\/profile\\\/iwell-guard\\\/\",\"https:\\\/\\\/telegra.ph\\\/iWell-Guard-06-06\",\"https:\\\/\\\/pbase.com\\\/iwellguard\\\/iwellguard\",\"https:\\\/\\\/b.hatena.ne.jp\\\/iwellguard\\\/20260607#bookmark-4788405196491818882\",\"https:\\\/\\\/fliphtml5.com\\\/home\\\/iwellguard\",\"https:\\\/\\\/anyflip.com\\\/homepage\\\/cmiwl#About\",\"https:\\\/\\\/transfur.com\\\/Users\\\/iwellguard\",\"http:\\\/\\\/delphi.larsbo.org\\\/user\\\/iwellguard\",\"https:\\\/\\\/jobs.lajobsportal.org\\\/profiles\\\/8380803-iwell-guard\",\"https:\\\/\\\/md.chaosdorf.de\\\/s\\\/jfbe5SBdJD\",\"https:\\\/\\\/www.lingvolive.com\\\/en-us\\\/profile\\\/9ecaeaca-ce11-4e51-9e71-01d55e2bff36\\\/translations\",\"https:\\\/\\\/www.fitday.com\\\/fitness\\\/forums\\\/members\\\/iwellguard.html\",\"https:\\\/\\\/www.mymeetbook.com\\\/iwellguard\",\"https:\\\/\\\/pxhere.com\\\/en\\\/photographer-me\\\/5040798\",\"https:\\\/\\\/disqus.com\\\/by\\\/iwellguard\\\/about\\\/\",\"https:\\\/\\\/pastelink.net\\\/hjwciqwq\",\"https:\\\/\\\/pubhtml5.com\\\/homepage\\\/scjhn\\\/\",\"https:\\\/\\\/www.bitchute.com\\\/channel\\\/2O2eOKzNqujT\",\"https:\\\/\\\/audiomack.com\\\/iwellguard\"]}]}<\/script>\n<!-- \/ Yoast SEO Premium plugin. -->","yoast_head_json":{"title":"Valknut \u2013 norr\u00e6nt t\u00e1kn \u00fatsk\u00fdrt","description":"Valknut, \u00fer\u00edr samtvinna\u00f0ir \u00fer\u00edhyrningar, er t\u00e1kn \u00far norr\u00e6num heimi og tengt \u00d3\u00f0ni. H\u00e9r er fari\u00f0 yfir fundars\u00f6gu, t\u00falkun og bakgrunn.","robots":{"index":"index","follow":"follow","max-snippet":"max-snippet:-1","max-image-preview":"max-image-preview:large","max-video-preview":"max-video-preview:-1"},"canonical":"https:\/\/iwell-guard.com\/is\/valknut-hnutur-hinna-fallnu\/","og_locale":"is_IS","og_type":"article","og_title":"Valknut \u2013 hinn norr\u00e6ni hn\u00fatur hinna fallnu","og_description":"Valknut, \u00fer\u00edr samtvinna\u00f0ir \u00fer\u00edhyrningar, er t\u00e1kn \u00far norr\u00e6num heimi og tengt \u00d3\u00f0ni. H\u00e9r er fari\u00f0 yfir fundars\u00f6gu, t\u00falkun og bakgrunn.","og_url":"https:\/\/iwell-guard.com\/is\/valknut-hnutur-hinna-fallnu\/","og_site_name":"iWell Guard","article_modified_time":"2026-09-05T14:33:12+00:00","og_image":[{"width":1024,"height":1536,"url":"https:\/\/iwell-guard.com\/wp-content\/uploads\/2026\/05\/schutzsymbol_germanisch_valknut.webp","type":"image\/webp"}],"twitter_card":"summary_large_image","schema":{"@context":"https:\/\/schema.org","@graph":[{"@type":"WebPage","@id":"https:\/\/iwell-guard.com\/is\/valknut-hnutur-hinna-fallnu\/","url":"https:\/\/iwell-guard.com\/is\/valknut-hnutur-hinna-fallnu\/","name":"Valknut \u2013 norr\u00e6nt t\u00e1kn \u00fatsk\u00fdrt","isPartOf":{"@id":"https:\/\/iwell-guard.com\/is\/#website"},"primaryImageOfPage":{"@id":"https:\/\/iwell-guard.com\/is\/valknut-hnutur-hinna-fallnu\/#primaryimage"},"image":{"@id":"https:\/\/iwell-guard.com\/is\/valknut-hnutur-hinna-fallnu\/#primaryimage"},"thumbnailUrl":"https:\/\/iwell-guard.com\/wp-content\/uploads\/2026\/05\/schutzsymbol_germanisch_valknut.webp","datePublished":"2026-09-05T14:05:54+00:00","dateModified":"2026-09-05T14:33:12+00:00","description":"Valknut, \u00fer\u00edr samtvinna\u00f0ir \u00fer\u00edhyrningar, er t\u00e1kn \u00far norr\u00e6num heimi og tengt \u00d3\u00f0ni. H\u00e9r er fari\u00f0 yfir fundars\u00f6gu, t\u00falkun og bakgrunn.","breadcrumb":{"@id":"https:\/\/iwell-guard.com\/is\/valknut-hnutur-hinna-fallnu\/#breadcrumb"},"inLanguage":"is","potentialAction":[{"@type":"ReadAction","target":["https:\/\/iwell-guard.com\/is\/valknut-hnutur-hinna-fallnu\/"]}]},{"@type":"ImageObject","inLanguage":"is","@id":"https:\/\/iwell-guard.com\/is\/valknut-hnutur-hinna-fallnu\/#primaryimage","url":"https:\/\/iwell-guard.com\/wp-content\/uploads\/2026\/05\/schutzsymbol_germanisch_valknut.webp","contentUrl":"https:\/\/iwell-guard.com\/wp-content\/uploads\/2026\/05\/schutzsymbol_germanisch_valknut.webp","width":1024,"height":1536,"caption":"Verndart\u00e1kn. Myndskreyting \u00ed safnst\u00edl."},{"@type":"BreadcrumbList","@id":"https:\/\/iwell-guard.com\/is\/valknut-hnutur-hinna-fallnu\/#breadcrumb","itemListElement":[{"@type":"ListItem","position":1,"name":"Start","item":"https:\/\/iwell-guard.com\/is\/?page_id=168580"},{"@type":"ListItem","position":2,"name":"Valknut \u2013 hinn norr\u00e6ni hn\u00fatur hinna fallnu"}]},{"@type":"WebSite","@id":"https:\/\/iwell-guard.com\/is\/#website","url":"https:\/\/iwell-guard.com\/is\/","name":"iWell Guard","description":"Schutz vor dunklen Einfl\u00fcssen","publisher":{"@id":"https:\/\/iwell-guard.com\/is\/#organization"},"potentialAction":[{"@type":"SearchAction","target":{"@type":"EntryPoint","urlTemplate":"https:\/\/iwell-guard.com\/is\/?s={search_term_string}"},"query-input":{"@type":"PropertyValueSpecification","valueRequired":true,"valueName":"search_term_string"}}],"inLanguage":"is"},{"@type":"Organization","@id":"https:\/\/iwell-guard.com\/is\/#organization","name":"Ittermann electronic GmbH","url":"https:\/\/iwell-guard.com\/is\/","logo":{"@type":"ImageObject","inLanguage":"is","@id":"https:\/\/iwell-guard.com\/is\/#\/schema\/logo\/image\/","url":"https:\/\/iwell-guard.com\/wp-content\/uploads\/2026\/05\/Ittermann-Logo-1182x237-1.png","contentUrl":"https:\/\/iwell-guard.com\/wp-content\/uploads\/2026\/05\/Ittermann-Logo-1182x237-1.png","width":1182,"height":237,"caption":"Ittermann electronic GmbH"},"image":{"@id":"https:\/\/iwell-guard.com\/is\/#\/schema\/logo\/image\/"},"sameAs":["https:\/\/pantip.com\/profile\/9367242","https:\/\/micro.blog\/iwellguard","https:\/\/www.diggerslist.com\/iwellguard\/about","https:\/\/skitterphoto.com\/photographers\/2870314\/iwell-guard","https:\/\/iwellguard.wordpress.com\/2026\/06\/06\/iwell-guard\/","https:\/\/hub.docker.com\/u\/iwellguard","https:\/\/www.pinterest.com\/iwellguard\/","https:\/\/bit.ly\/m\/iwellguard","https:\/\/entre-vos-mains.alsace.eu\/profiles\/iwellguard\/activity","https:\/\/gravatar.com\/reallybeded8fd34","https:\/\/naijamatta.com\/iwellguard","https:\/\/www.goodreads.com\/iwellguard","https:\/\/profile.hatena.ne.jp\/iwellguard\/","https:\/\/experiment.com\/users\/iwellguard","https:\/\/wakelet.com\/@iWellGuard82270","https:\/\/www.chordie.com\/forum\/profile.php?id=2555664","https:\/\/www.instapaper.com\/p\/17757966","https:\/\/www.mapleprimes.com\/users\/iwellguard","https:\/\/businesslistingplus.com\/profile\/iwell-guard\/","https:\/\/telegra.ph\/iWell-Guard-06-06","https:\/\/pbase.com\/iwellguard\/iwellguard","https:\/\/b.hatena.ne.jp\/iwellguard\/20260607#bookmark-4788405196491818882","https:\/\/fliphtml5.com\/home\/iwellguard","https:\/\/anyflip.com\/homepage\/cmiwl#About","https:\/\/transfur.com\/Users\/iwellguard","http:\/\/delphi.larsbo.org\/user\/iwellguard","https:\/\/jobs.lajobsportal.org\/profiles\/8380803-iwell-guard","https:\/\/md.chaosdorf.de\/s\/jfbe5SBdJD","https:\/\/www.lingvolive.com\/en-us\/profile\/9ecaeaca-ce11-4e51-9e71-01d55e2bff36\/translations","https:\/\/www.fitday.com\/fitness\/forums\/members\/iwellguard.html","https:\/\/www.mymeetbook.com\/iwellguard","https:\/\/pxhere.com\/en\/photographer-me\/5040798","https:\/\/disqus.com\/by\/iwellguard\/about\/","https:\/\/pastelink.net\/hjwciqwq","https:\/\/pubhtml5.com\/homepage\/scjhn\/","https:\/\/www.bitchute.com\/channel\/2O2eOKzNqujT","https:\/\/audiomack.com\/iwellguard"]}]}},"_links":{"self":[{"href":"https:\/\/iwell-guard.com\/is\/wp-json\/wp\/v2\/pages\/169138","targetHints":{"allow":["GET"]}}],"collection":[{"href":"https:\/\/iwell-guard.com\/is\/wp-json\/wp\/v2\/pages"}],"about":[{"href":"https:\/\/iwell-guard.com\/is\/wp-json\/wp\/v2\/types\/page"}],"author":[{"embeddable":true,"href":"https:\/\/iwell-guard.com\/is\/wp-json\/wp\/v2\/users\/3"}],"replies":[{"embeddable":true,"href":"https:\/\/iwell-guard.com\/is\/wp-json\/wp\/v2\/comments?post=169138"}],"version-history":[{"count":0,"href":"https:\/\/iwell-guard.com\/is\/wp-json\/wp\/v2\/pages\/169138\/revisions"}],"wp:featuredmedia":[{"embeddable":true,"href":"https:\/\/iwell-guard.com\/is\/wp-json\/wp\/v2\/media\/3482"}],"wp:attachment":[{"href":"https:\/\/iwell-guard.com\/is\/wp-json\/wp\/v2\/media?parent=169138"}],"wp:term":[{"taxonomy":"category","embeddable":true,"href":"https:\/\/iwell-guard.com\/is\/wp-json\/wp\/v2\/categories?post=169138"}],"curies":[{"name":"wp","href":"https:\/\/api.w.org\/{rel}","templated":true}]}}