{"id":169134,"date":"2026-09-05T14:05:51","date_gmt":"2026-09-05T14:05:51","guid":{"rendered":"https:\/\/iwell-guard.com\/?page_id=169134"},"modified":"2026-09-05T14:33:07","modified_gmt":"2026-09-05T14:33:07","slug":"amulett-talisman-verndartakn-grundvollur","status":"publish","type":"page","link":"https:\/\/iwell-guard.com\/is\/amulett-talisman-verndartakn-grundvollur\/","title":{"rendered":"Am\u00falett, talismani og verndart\u00e1kn \u2013 grundv\u00f6llur"},"content":{"rendered":"\t\t<div data-elementor-type=\"wp-page\" data-elementor-id=\"169134\" class=\"elementor elementor-169134 elementor-3607 elementor-bc-flex-widget\" data-elementor-post-type=\"page\">\n\t\t\t\t<div class=\"elementor-element elementor-element-iwgs-amuletttalis-hero e-flex e-con-boxed e-con e-parent\" data-id=\"iwgs-amuletttalis-hero\" data-element_type=\"container\" data-e-type=\"container\">\n\t\t\t\t\t<div class=\"e-con-inner\">\n\t\t<div class=\"elementor-element elementor-element-iwgs-amuletttalis-hl e-flex e-con-boxed e-con e-parent\" data-id=\"iwgs-amuletttalis-hl\" data-element_type=\"container\" data-e-type=\"container\">\n\t\t\t\t\t<div class=\"e-con-inner\">\n\t\t<div class=\"elementor-element elementor-element-iwgs-amuletttalis-hlbox e-con-full e-flex e-con e-parent\" data-id=\"iwgs-amuletttalis-hlbox\" data-element_type=\"container\" data-e-type=\"container\">\n\t\t\t\t<div class=\"elementor-element elementor-element-iwgs-amuletttalis-h1 elementor-widget elementor-widget-heading\" data-id=\"iwgs-amuletttalis-h1\" data-element_type=\"widget\" data-e-type=\"widget\" data-widget_type=\"heading.default\">\n\t\t\t\t\t<h1 class=\"elementor-heading-title elementor-size-default\">Am\u00falett, talismani og verndart\u00e1kn \u2013 hugt\u00f6k og verkunarl\u00f6gm\u00e1l<\/h1>\t\t\t\t<\/div>\n\t\t\t\t<div class=\"elementor-element elementor-element-iwgs-amuletttalis-lead elementor-widget elementor-widget-text-editor\" data-id=\"iwgs-amuletttalis-lead\" data-element_type=\"widget\" data-e-type=\"widget\" data-widget_type=\"text-editor.default\">\n\t\t\t\t\t\t\t\t\t<p><span class=\"iwg-fachbegriff\" data-tooltip=\"Gripur sem borinn er \u00e1 s\u00e9r og talinn hafa verndandi, \u00f3g\u00e6fuafst\u00fdrandi m\u00e1tt.\" tabindex=\"0\">Am\u00falett<\/span>, <span class=\"iwg-fachbegriff\" data-tooltip=\"Gripur sem talinn er draga a\u00f0 s\u00e9r heppni e\u00f0a velgengni.\" tabindex=\"0\">talismani<\/span>, verndart\u00e1kn: \u00deessi hugt\u00f6k koma fyrir alls sta\u00f0ar \u00fear sem f\u00f3lk vill verjast \u00f3g\u00e6fu. \u00deessi s\u00ed\u00f0a grei\u00f0ir \u00far hugt\u00f6kunum, \u00fatsk\u00fdrir endurtekin verkunarl\u00f6gm\u00e1l og s\u00fdnir hversu n\u00e1tengdar verndarhef\u00f0ir menningarheimanna eru hver annarri.<\/p>\t\t\t\t\t\t\t\t<\/div>\n\t\t\t\t<\/div>\n\t\t\t\t<div class=\"elementor-element elementor-element-iwgs-amuletttalis-pills elementor-widget elementor-widget-html\" data-id=\"iwgs-amuletttalis-pills\" data-element_type=\"widget\" data-e-type=\"widget\" data-widget_type=\"html.default\">\n\t\t\t\t\t<div class=\"iwg-pill-row\"><span class=\"iwg-klasse-badge\" tabindex=\"0\" data-tooltip=\"Verndart\u00e1kn, am\u00falett e\u00f0a \u00f3g\u00e6fuafst\u00fdrandi hlutur.\">Verndart\u00e1kn<\/span><a href=\"https:\/\/iwell-guard.com\/is\/verndartakn\/\" class=\"iwg-kultur-badge\" tabindex=\"0\" data-tooltip=\"Verndarhef\u00f0: \u00devert \u00e1 menningarheima\">\u00devert \u00e1 menningarheima<\/a><span class=\"iwg-tradition-badge\" tabindex=\"0\" data-tooltip=\"Kynningarleg framsetning hugtaka og verkunarl\u00f6gm\u00e1la.\">Grundv\u00f6llur<\/span><\/div>\t\t\t\t<\/div>\n\t\t\t\t\t<\/div>\n\t\t\t\t<\/div>\n\t\t<div class=\"elementor-element elementor-element-iwgs-amuletttalis-hr e-con-full e-flex e-con e-parent\" data-id=\"iwgs-amuletttalis-hr\" data-element_type=\"container\" data-e-type=\"container\">\n\t\t\t\t<div class=\"elementor-element elementor-element-iwgs-amuletttalis-himg iwg-hero-image elementor-widget elementor-widget-image\" data-id=\"iwgs-amuletttalis-himg\" data-element_type=\"widget\" data-e-type=\"widget\" data-widget_type=\"image.default\">\n\t\t\t\t\t\t\t\t\t\t\t\t\t\t\t<img fetchpriority=\"high\" decoding=\"async\" width=\"683\" height=\"1024\" src=\"https:\/\/iwell-guard.com\/wp-content\/uploads\/2026\/05\/schutzsymbol_universell_amulett-talisman-683x1024.webp\" class=\"attachment-large size-large wp-image-3446\" alt=\"Sammlung von Schutzamuletten verschiedener Kulturen \u2014 Hamsa, Nazar, Horusauge, Kreuz und Schutzbeutel \u2014 auf dunklem Stein\" srcset=\"https:\/\/iwell-guard.com\/wp-content\/uploads\/2026\/05\/schutzsymbol_universell_amulett-talisman-683x1024.webp 683w, https:\/\/iwell-guard.com\/wp-content\/uploads\/2026\/05\/schutzsymbol_universell_amulett-talisman-200x300.webp 200w, https:\/\/iwell-guard.com\/wp-content\/uploads\/2026\/05\/schutzsymbol_universell_amulett-talisman-768x1152.webp 768w, https:\/\/iwell-guard.com\/wp-content\/uploads\/2026\/05\/schutzsymbol_universell_amulett-talisman.webp 1024w\" sizes=\"(max-width: 683px) 100vw, 683px\" \/>\t\t\t\t\t\t\t\t\t\t\t\t\t\t\t<\/div>\n\t\t\t\t<\/div>\n\t\t\t\t\t<\/div>\n\t\t\t\t<\/div>\n\t\t<div class=\"elementor-element elementor-element-iwgs-amuletttalis-s0 e-flex e-con-boxed e-con e-parent\" data-id=\"iwgs-amuletttalis-s0\" data-element_type=\"container\" data-e-type=\"container\">\n\t\t\t\t\t<div class=\"e-con-inner\">\n\t\t\t\t<div class=\"elementor-element elementor-element-iwgs-amuletttalis-s0h elementor-widget elementor-widget-heading\" data-id=\"iwgs-amuletttalis-s0h\" data-element_type=\"widget\" data-e-type=\"widget\" data-widget_type=\"heading.default\">\n\t\t\t\t\t<h2 class=\"elementor-heading-title elementor-size-default\">Yfirlit<\/h2>\t\t\t\t<\/div>\n\t\t<div class=\"elementor-element elementor-element-iwgs-amuletttalis-s0box e-con-full e-flex e-con e-parent\" data-id=\"iwgs-amuletttalis-s0box\" data-element_type=\"container\" data-e-type=\"container\">\n\t\t\t\t<div class=\"elementor-element elementor-element-iwgs-amuletttalis-s0t elementor-widget elementor-widget-text-editor\" data-id=\"iwgs-amuletttalis-s0t\" data-element_type=\"widget\" data-e-type=\"widget\" data-widget_type=\"text-editor.default\">\n\t\t\t\t\t\t\t\t\t<p>\u00cd \u00f6llum \u00feekktum menningarheimum eru til gripir og t\u00e1kn sem eiga a\u00f0 verjast \u00f3g\u00e6fu. \u00deeir eru bornir \u00e1 l\u00edkamanum, festir \u00e1 dyr e\u00f0a hengdir yfir v\u00f6ggu.<\/p><p>Fj\u00f6ldi hugtaka er nota\u00f0ur um \u00feessa gripi. <span class=\"iwg-fachbegriff\" data-tooltip=\"Gripur sem borinn er \u00e1 s\u00e9r og talinn hafa verndandi, \u00f3g\u00e6fuafst\u00fdrandi m\u00e1tt.\" tabindex=\"0\">Am\u00falett<\/span>, <span class=\"iwg-fachbegriff\" data-tooltip=\"Gripur sem talinn er draga a\u00f0 s\u00e9r heppni e\u00f0a velgengni.\" tabindex=\"0\">talismani<\/span>, verndart\u00e1kn, heillagripir og <span class=\"iwg-fachbegriff\" data-tooltip=\"Tr\u00faarbrag\u00f0afr\u00e6\u00f0ilegt hugtak um hlut e\u00f0a t\u00e1kn me\u00f0 \u00f3g\u00e6fuafst\u00fdrandi hlutverk.\" tabindex=\"0\">ap\u00f3tr\u00f3pa\u00edkon<\/span> merkja svipa\u00f0a hluti, en \u00feau eru ekki einfaldlega samn\u00fdtanleg.<\/p><p>\u00deessi s\u00ed\u00f0a veitir yfirlit. H\u00fan sk\u00fdrir mikilv\u00e6gustu hugt\u00f6kin og l\u00fdsir verkunarl\u00f6gm\u00e1lunum sem verndargripir starfa eftir.<\/p><p>\u00dear kemur \u00ed lj\u00f3s a\u00f0 verndarhef\u00f0ir heimsins standa ekki hver \u00e1n tengsla vi\u00f0 a\u00f0ra. S\u00f6mu grunnhugmyndir koma fram \u00fevert \u00e1 menningarheima.<\/p><p>Einstakir verndargripir, fr\u00e1 Pazuzu-<span class=\"iwg-fachbegriff\" data-tooltip=\"Gripur sem borinn er \u00e1 s\u00e9r og talinn hafa verndandi, \u00f3g\u00e6fuafst\u00fdrandi m\u00e1tt.\" tabindex=\"0\">am\u00falettinu<\/span> til hestaskeifunnar, eru fjalla\u00f0ir \u00edtarlega \u00e1 s\u00e9rst\u00f6kum s\u00ed\u00f0um. H\u00e9r er athygli beint a\u00f0 \u00fev\u00ed sem tengir \u00fe\u00e1 saman.<\/p>\t\t\t\t\t\t\t\t<\/div>\n\t\t\t\t<\/div>\n\t\t\t\t\t<\/div>\n\t\t\t\t<\/div>\n\t\t<div class=\"elementor-element elementor-element-iwgs-amuletttalis-s1 e-flex e-con-boxed e-con e-parent\" data-id=\"iwgs-amuletttalis-s1\" data-element_type=\"container\" data-e-type=\"container\">\n\t\t\t\t\t<div class=\"e-con-inner\">\n\t\t\t\t<div class=\"elementor-element elementor-element-iwgs-amuletttalis-s1h elementor-widget elementor-widget-heading\" data-id=\"iwgs-amuletttalis-s1h\" data-element_type=\"widget\" data-e-type=\"widget\" data-widget_type=\"heading.default\">\n\t\t\t\t\t<h2 class=\"elementor-heading-title elementor-size-default\">Am\u00falett, talismani, phylakterion: hugt\u00f6kin<\/h2>\t\t\t\t<\/div>\n\t\t<div class=\"elementor-element elementor-element-iwgs-amuletttalis-s1box e-con-full e-flex e-con e-parent\" data-id=\"iwgs-amuletttalis-s1box\" data-element_type=\"container\" data-e-type=\"container\">\n\t\t\t\t<div class=\"elementor-element elementor-element-iwgs-amuletttalis-s1t elementor-widget elementor-widget-text-editor\" data-id=\"iwgs-amuletttalis-s1t\" data-element_type=\"widget\" data-e-type=\"widget\" data-widget_type=\"text-editor.default\">\n\t\t\t\t\t\t\t\t\t<p>Or\u00f0i\u00f0 <span class=\"iwg-fachbegriff\" data-tooltip=\"Hlutur sem borinn er \u00e1 s\u00e9r og talinn hafa verndandi, \u00f3lukku-afst\u00fdrandi m\u00e1tt.\" tabindex=\"0\">verndargripur<\/span> \u00e1 r\u00e6tur a\u00f0 rekja til lat\u00ednu. \u00cd \u00ferengri merkingu er <span class=\"iwg-fachbegriff\" data-tooltip=\"Hlutur sem borinn er \u00e1 s\u00e9r og talinn hafa verndandi, \u00f3lukku-afst\u00fdrandi m\u00e1tt.\" tabindex=\"0\">verndargripur<\/span> hlutur sem verndar gegn ska\u00f0a og afst\u00fdrir \u00f3lukku.<\/p><p><span class=\"iwg-fachbegriff\" data-tooltip=\"Hlutur sem talinn er la\u00f0a fram g\u00e6fu e\u00f0a velgengni.\" tabindex=\"0\">Talismaninn<\/span> beinist hins vegar samkv\u00e6mt hef\u00f0 frekar a\u00f0 \u00fev\u00ed a\u00f0 la\u00f0a eitthva\u00f0 a\u00f0 s\u00e9r. <span class=\"iwg-fachbegriff\" data-tooltip=\"Hlutur sem talinn er la\u00f0a fram g\u00e6fu e\u00f0a velgengni.\" tabindex=\"0\">Talismani<\/span> \u00e1 a\u00f0 la\u00f0a fram kraft, g\u00e6fu e\u00f0a velgengni. Or\u00f0i\u00f0 \u00e1 r\u00e6tur a\u00f0 rekja \u00ed gegnum arab\u00edsku til gr\u00edsks hugtaks sem merkir v\u00edg\u00f0an hlut.<\/p><p>\u00deessi greinarmunur er gagnlegur en \u00ed daglegu m\u00e1li ver\u00f0ur hann oft \u00f3sk\u00fdr. Margir hlutir afst\u00fdra illu og la\u00f0a jafnframt a\u00f0 s\u00e9r gott, \u00feannig a\u00f0 b\u00e6\u00f0i hugt\u00f6kin geta \u00e1tt vi\u00f0 um \u00fe\u00e1.<\/p><p>Anna\u00f0 fornt hugtak er fylakter\u00edon, sem \u00e1 r\u00e6tur a\u00f0 rekja til gr\u00edsku og merkir einfaldlega hi\u00f0 verndandi. \u00cd <span class=\"iwg-fachbegriff\" data-tooltip=\"V\u00edsindagrein sem rannsakar tr\u00faarbr\u00f6g\u00f0 samanbur\u00f0arlega og \u00e1n tr\u00faarlegrar afst\u00f6\u00f0u.\" tabindex=\"0\">tr\u00faarbrag\u00f0afr\u00e6\u00f0i<\/span> er auk \u00feess algengt a\u00f0 nota hugtaki\u00f0 <span class=\"iwg-fachbegriff\" data-tooltip=\"Tr\u00faarbrag\u00f0afr\u00e6\u00f0ilegt hugtak yfir hlut e\u00f0a t\u00e1kn me\u00f0 \u00f3lukku-afst\u00fdrandi hlutverki.\" tabindex=\"0\">ap\u00f3tr\u00f3p\u00e6ikon<\/span>, sem merkir hlut sem afst\u00fdrir \u00f3lukku.<\/p><p>Til a\u00f0 f\u00e1 yfirs\u00fdn n\u00e6gir a\u00f0 greina \u00e1 milli tveggja megin\u00e1tta: a\u00f0 afst\u00fdra ska\u00f0a og a\u00f0 la\u00f0a a\u00f0 s\u00e9r gott. Flestir verndargripir sameina hvort tveggja.<\/p>\t\t\t\t\t\t\t\t<\/div>\n\t\t\t\t<\/div>\n\t\t\t\t\t<\/div>\n\t\t\t\t<\/div>\n\t\t<div class=\"elementor-element elementor-element-iwgs-amuletttalis-s2 e-flex e-con-boxed e-con e-parent\" data-id=\"iwgs-amuletttalis-s2\" data-element_type=\"container\" data-e-type=\"container\">\n\t\t\t\t\t<div class=\"e-con-inner\">\n\t\t\t\t<div class=\"elementor-element elementor-element-iwgs-amuletttalis-s2h elementor-widget elementor-widget-heading\" data-id=\"iwgs-amuletttalis-s2h\" data-element_type=\"widget\" data-e-type=\"widget\" data-widget_type=\"heading.default\">\n\t\t\t\t\t<h2 class=\"elementor-heading-title elementor-size-default\">\u00de\u00f6rf allra menningarheima<\/h2>\t\t\t\t<\/div>\n\t\t<div class=\"elementor-element elementor-element-iwgs-amuletttalis-s2box e-con-full e-flex e-con e-parent\" data-id=\"iwgs-amuletttalis-s2box\" data-element_type=\"container\" data-e-type=\"container\">\n\t\t\t\t<div class=\"elementor-element elementor-element-iwgs-amuletttalis-s2t elementor-widget elementor-widget-text-editor\" data-id=\"iwgs-amuletttalis-s2t\" data-element_type=\"widget\" data-e-type=\"widget\" data-widget_type=\"text-editor.default\">\n\t\t\t\t\t\t\t\t\t<p>Verndargripir eru ekkert s\u00e9rfyrirb\u00e6ri einstakra menningarheima, heldur alheimsfyrirb\u00e6ri. Fr\u00e1 Mes\u00f3p\u00f3tam\u00edu um Egyptaland og Evr\u00f3pu til Austur-As\u00edu og Amer\u00edku \u00e1 hver menningarheimur s\u00edn verndart\u00e1kn.<\/p><p>\u00deessi v\u00ed\u00f0t\u00e6ka ni\u00f0ursta\u00f0a \u00e1 s\u00e9r einfalda sk\u00fdringu. F\u00f3lk upplifir alls sta\u00f0ar s\u00f6mu \u00f3gnirnar, sj\u00fakd\u00f3ma, dau\u00f0a, missi, h\u00e6ttu fyrir b\u00f6rnin, og alls sta\u00f0ar vaknar s\u00fa l\u00f6ngun a\u00f0 verjast \u00feeim.<\/p><p>Sv\u00f6rin eru oft undraver\u00f0 l\u00edk. Borinn <span class=\"iwg-fachbegriff\" data-tooltip=\"Hlutur sem borinn er \u00e1 s\u00e9r og talinn hafa verndandi, \u00f3lukku-afst\u00fdrandi m\u00e1tt.\" tabindex=\"0\">verndargripur<\/span>, t\u00e1kni\u00f0 yfir dyrunum, v\u00f6rnin yfir v\u00f6ggunni, allt \u00feetta m\u00e1 finna \u00ed menningarheimum sem eru fjarl\u00e6gir hver \u00f6\u00f0rum.<\/p><p>A\u00f0 hluta til b\u00e1rust verndargripir og hugmyndir milli menningarheima me\u00f0 verslun og fer\u00f0al\u00f6gum. A\u00f0 hluta til ur\u00f0u svipa\u00f0ar lausnir til \u00f3h\u00e1\u00f0 hver annarri, \u00fev\u00ed \u00fe\u00f6rfin var s\u00fa sama.<\/p><p>Verndarhef\u00f0ir heimsins mynda \u00feannig v\u00ed\u00f0fe\u00f0mt, innbyr\u00f0is skylt svi\u00f0. S\u00e1 sem skilur einn verndargrip skilur um lei\u00f0 eitthva\u00f0 um alla hina.<\/p>\t\t\t\t\t\t\t\t<\/div>\n\t\t\t\t<\/div>\n\t\t\t\t\t<\/div>\n\t\t\t\t<\/div>\n\t\t<div class=\"elementor-element elementor-element-iwgs-amuletttalis-s3 e-flex e-con-boxed e-con e-parent\" data-id=\"iwgs-amuletttalis-s3\" data-element_type=\"container\" data-e-type=\"container\">\n\t\t\t\t\t<div class=\"e-con-inner\">\n\t\t\t\t<div class=\"elementor-element elementor-element-iwgs-amuletttalis-s3h elementor-widget elementor-widget-heading\" data-id=\"iwgs-amuletttalis-s3h\" data-element_type=\"widget\" data-e-type=\"widget\" data-widget_type=\"heading.default\">\n\t\t\t\t\t<h2 class=\"elementor-heading-title elementor-size-default\">Vernd me\u00f0 fr\u00e1hrindingu<\/h2>\t\t\t\t<\/div>\n\t\t<div class=\"elementor-element elementor-element-iwgs-amuletttalis-s3box e-con-full e-flex e-con e-parent\" data-id=\"iwgs-amuletttalis-s3box\" data-element_type=\"container\" data-e-type=\"container\">\n\t\t\t\t<div class=\"elementor-element elementor-element-iwgs-amuletttalis-s3t elementor-widget elementor-widget-text-editor\" data-id=\"iwgs-amuletttalis-s3t\" data-element_type=\"widget\" data-e-type=\"widget\" data-widget_type=\"text-editor.default\">\n\t\t\t\t\t\t\t\t\t<p>Algengt verkunarl\u00f6gm\u00e1l er fr\u00e1hrinding. Verndargripurinn s\u00fdnir hr\u00e6\u00f0ilega mynd sem \u00e1 a\u00f0 hrekja fr\u00e1 ska\u00f0lega m\u00e1ttarv\u00f6ld.<\/p><p>Sk\u00fdrt d\u00e6mi er <a href=\"https:\/\/iwell-guard.com\/is\/?page_id=169122\">Pazuzu-am\u00faletti\u00f0<\/a> fr\u00e1 Mes\u00f3p\u00f3tam\u00edu. \u00dea\u00f0 s\u00fdnir h\u00f6fu\u00f0 \u00f3ttalegs dj\u00f6fuls, en skelfing hans \u00e1tti a\u00f0 halda fjarri enn h\u00e6ttulegra m\u00e1ttarvaldi.<\/p><p>Gorg\u00f3neion, h\u00f6fu\u00f0 Med\u00fasu \u00far griska heiminum, tilheyrir s\u00f6mu hugmynd. Hr\u00e6\u00f0ilegt andlit hennar var sett \u00e1 skildi og h\u00fasgafla til a\u00f0 afst\u00fdra \u00f3g\u00e6fu.<\/p><p>\u00c1 bak vi\u00f0 \u00feetta l\u00f6gm\u00e1l b\u00fdr hugmyndin um a\u00f0 skelfingu megi m\u00e6ta me\u00f0 skelfingu. Verndargripurinn er sj\u00e1lfur \u00f3gnvekjandi og stillir s\u00e9r \u00feannig milli \u00feess sem hann verndar og h\u00e6ttunnar.<\/p><p>\u00d3gnandi grettur \u00e1 dyrum og \u00fe\u00f6kum, sem margir menningarheimar \u00feekkja, fylgja sama mynstri. Hin fr\u00e1hrindandi mynd er ein af elstu formum verndar.<\/p>\t\t\t\t\t\t\t\t<\/div>\n\t\t\t\t<\/div>\n\t\t\t\t\t<\/div>\n\t\t\t\t<\/div>\n\t\t<div class=\"elementor-element elementor-element-iwgs-amuletttalis-s4 e-flex e-con-boxed e-con e-parent\" data-id=\"iwgs-amuletttalis-s4\" data-element_type=\"container\" data-e-type=\"container\">\n\t\t\t\t\t<div class=\"e-con-inner\">\n\t\t\t\t<div class=\"elementor-element elementor-element-iwgs-amuletttalis-s4h elementor-widget elementor-widget-heading\" data-id=\"iwgs-amuletttalis-s4h\" data-element_type=\"widget\" data-e-type=\"widget\" data-widget_type=\"heading.default\">\n\t\t\t\t\t<h2 class=\"elementor-heading-title elementor-size-default\">Verndun me\u00f0 s\u00f6fnun og a\u00f0dr\u00e6tti<\/h2>\t\t\t\t<\/div>\n\t\t<div class=\"elementor-element elementor-element-iwgs-amuletttalis-s4box e-con-full e-flex e-con e-parent\" data-id=\"iwgs-amuletttalis-s4box\" data-element_type=\"container\" data-e-type=\"container\">\n\t\t\t\t<div class=\"elementor-element elementor-element-iwgs-amuletttalis-s4t elementor-widget elementor-widget-text-editor\" data-id=\"iwgs-amuletttalis-s4t\" data-element_type=\"widget\" data-e-type=\"widget\" data-widget_type=\"text-editor.default\">\n\t\t\t\t\t\t\t\t\t<p>\u00d6nnur virknireglan byggist ekki \u00e1 fr\u00e1hrindingu heldur \u00e1 a\u00f0dr\u00e6tti. Verndargripurinn dregur hi\u00f0 ska\u00f0lega afl til s\u00edn og fangar \u00fea\u00f0.<\/p><p>Sk\u00fdrasta d\u00e6mi\u00f0 er <a href=\"https:\/\/iwell-guard.com\/is\/?page_id=169125\">Nazar Boncu\u011fu<\/a>, bl\u00e1tt glerauga Mi\u00f0jar\u00f0arhafssv\u00e6\u00f0isins. \u00dea\u00f0 stillir upp eigin auga \u00e1 m\u00f3ti hinu illa auga og bindur hina ska\u00f0legu athygli vi\u00f0 sig.<\/p><p>Einnig <a href=\"https:\/\/iwell-guard.com\/is\/?page_id=169130\">draumavei\u00f0arinn<\/a> (dreamcatcher) frumbyggja Nor\u00f0ur-Amer\u00edku byggist \u00e1 \u00feessari hugsun. Net hans fangar illa drauma \u00e1\u00f0ur en \u00feeir n\u00e1 til hins sofandi.<\/p><p>\u00deessir verndargripir virka me\u00f0 \u00fev\u00ed a\u00f0 setja sig \u00ed skotl\u00ednuna, ef svo m\u00e1 segja. \u00deeir taka \u00e1 sig \u00feann ska\u00f0a sem annars myndi lenda \u00e1 manninum.<\/p><p>Sumir sl\u00edkir gripir eru taldir uppurnir \u00feegar \u00feeir hafa teki\u00f0 \u00e1 sig mikinn ska\u00f0a. Sprungi\u00f0 Nazar Boncu\u011fu er til d\u00e6mis skipt \u00fat, \u00fear sem \u00fea\u00f0 hefur uppfyllt hlutverk sitt.<\/p>\t\t\t\t\t\t\t\t<\/div>\n\t\t\t\t<\/div>\n\t\t\t\t\t<\/div>\n\t\t\t\t<\/div>\n\t\t<div class=\"elementor-element elementor-element-iwgs-amuletttalis-s5 e-flex e-con-boxed e-con e-parent\" data-id=\"iwgs-amuletttalis-s5\" data-element_type=\"container\" data-e-type=\"container\">\n\t\t\t\t\t<div class=\"e-con-inner\">\n\t\t\t\t<div class=\"elementor-element elementor-element-iwgs-amuletttalis-s5h elementor-widget elementor-widget-heading\" data-id=\"iwgs-amuletttalis-s5h\" data-element_type=\"widget\" data-e-type=\"widget\" data-widget_type=\"heading.default\">\n\t\t\t\t\t<h2 class=\"elementor-heading-title elementor-size-default\">Verndun me\u00f0 helgu t\u00e1kni og blessun<\/h2>\t\t\t\t<\/div>\n\t\t<div class=\"elementor-element elementor-element-iwgs-amuletttalis-s5box e-con-full e-flex e-con e-parent\" data-id=\"iwgs-amuletttalis-s5box\" data-element_type=\"container\" data-e-type=\"container\">\n\t\t\t\t<div class=\"elementor-element elementor-element-iwgs-amuletttalis-s5t elementor-widget elementor-widget-text-editor\" data-id=\"iwgs-amuletttalis-s5t\" data-element_type=\"widget\" data-e-type=\"widget\" data-widget_type=\"text-editor.default\">\n\t\t\t\t\t\t\t\t\t<p>\u00deri\u00f0ja virknireglan byggir \u00e1 hinu heilaga. Verndargripurinn ber helgt t\u00e1kn e\u00f0a er blessa\u00f0ur, og af \u00fev\u00ed lei\u00f0ir verndarm\u00e1tt hans.<\/p><p>Til \u00feessa flokks heyrir <a href=\"https:\/\/iwell-guard.com\/is\/?page_id=169128\">krossinn<\/a> kristninnar. Hann veitir vernd samkv\u00e6mt kristnum skilningi vegna \u00feess a\u00f0 hann v\u00edsar til Krists og sigurs hans yfir dau\u00f0anum.<\/p><p>Einnig <a href=\"https:\/\/iwell-guard.com\/is\/?page_id=169126\">kristnar verndarmedal\u00edur<\/a> virka \u00e1 sama h\u00e1tt. \u00de\u00e6r eru blessu\u00f0 t\u00e1kn sem minna \u00e1 tr\u00fana og fela \u00ed s\u00e9r b\u00f3n um fyrirb\u00e6n d\u00fdrlinga.<\/p><p><a href=\"https:\/\/iwell-guard.com\/is\/?page_id=169129\">Om<\/a> hind\u00faatr\u00faar og japanska <a href=\"https:\/\/iwell-guard.com\/is\/?page_id=169131\">omamori<\/a> byggja \u00e1 svipa\u00f0ri hugsun. \u00deau helga sta\u00f0 e\u00f0a upphaf og setja \u00fea\u00f0 undir g\u00f3\u00f0 fyrirbo\u00f0at\u00e1kn.<\/p><p>\u00cd \u00feessum flokki eru m\u00f6rkin gagnvart tr\u00faarbr\u00f6g\u00f0unum sj\u00e1lfum \u00f3lj\u00f3s. Tr\u00faarbr\u00f6g\u00f0in leggja jafnan \u00e1herslu \u00e1 a\u00f0 \u00fea\u00f0 s\u00e9 ekki gripurinn sj\u00e1lfur sem virki, heldur tr\u00fain og \u00fea\u00f0 heilaga sem hann v\u00edsar til.<\/p>\t\t\t\t\t\t\t\t<\/div>\n\t\t\t\t<\/div>\n\t\t\t\t\t<\/div>\n\t\t\t\t<\/div>\n\t\t<div class=\"elementor-element elementor-element-iwgs-amuletttalis-s6 e-flex e-con-boxed e-con e-parent\" data-id=\"iwgs-amuletttalis-s6\" data-element_type=\"container\" data-e-type=\"container\">\n\t\t\t\t\t<div class=\"e-con-inner\">\n\t\t\t\t<div class=\"elementor-element elementor-element-iwgs-amuletttalis-s6h elementor-widget elementor-widget-heading\" data-id=\"iwgs-amuletttalis-s6h\" data-element_type=\"widget\" data-e-type=\"widget\" data-widget_type=\"heading.default\">\n\t\t\t\t\t<h2 class=\"elementor-heading-title elementor-size-default\">Verndun me\u00f0 efni og \u00e1\u00fereifanlegu innihaldi<\/h2>\t\t\t\t<\/div>\n\t\t<div class=\"elementor-element elementor-element-iwgs-amuletttalis-s6box e-con-full e-flex e-con e-parent\" data-id=\"iwgs-amuletttalis-s6box\" data-element_type=\"container\" data-e-type=\"container\">\n\t\t\t\t<div class=\"elementor-element elementor-element-iwgs-amuletttalis-s6t elementor-widget elementor-widget-text-editor\" data-id=\"iwgs-amuletttalis-s6t\" data-element_type=\"widget\" data-e-type=\"widget\" data-widget_type=\"text-editor.default\">\n\t\t\t\t\t\t\t\t\t<p>Fj\u00f3r\u00f0a virknireglan eignar tilteknum efnum sj\u00e1lfum verndarm\u00e1tt. Hvorki myndin n\u00e9 t\u00e1kni\u00f0, heldur efnivi\u00f0urinn sj\u00e1lfur v\u00edsar \u00f3g\u00e6funni fr\u00e1.<\/p><p>\u00cd evr\u00f3pskri \u00fej\u00f3\u00f0tr\u00fa var j\u00e1rn tali\u00f0 \u00f6\u00f0rum fremur verndandi m\u00e1lmur. <a href=\"https:\/\/iwell-guard.com\/is\/?page_id=169132\">Hestaskeifan<\/a> yfir dyrunum dregur merkingu s\u00edna a\u00f0 miklu leyti af \u00feessum j\u00e1rnkennda efnivi\u00f0.<\/p><p>Salt var einnig v\u00ed\u00f0a tali\u00f0 verndandi. \u00dev\u00ed var str\u00e1\u00f0 \u00e1 \u00fer\u00f6skulda og \u00fea\u00f0 nota\u00f0 \u00ed verndarsi\u00f0um. \u00c1kve\u00f0nir steinar og jurtir voru me\u00f0h\u00f6ndla\u00f0ir \u00e1 sama h\u00e1tt.<\/p><p>A\u00f0 baki \u00feessari reglu liggur hugmyndin um a\u00f0 m\u00e1ttinn b\u00fai \u00ed efninu sj\u00e1lfu. Hann virkar \u00f3h\u00e1\u00f0 \u00fev\u00ed hvort efni\u00f0 er forma\u00f0 \u00ed mynd e\u00f0a t\u00e1kn.<\/p><p>Oft blandast reglurnar saman. Hestaskeifan virkar til a\u00f0 mynda b\u00e6\u00f0i fyrir tilstilli j\u00e1rnsins og l\u00f6gunar sinnar, sem minnir \u00e1 vaxandi m\u00e1na.<\/p>\t\t\t\t\t\t\t\t<\/div>\n\t\t\t\t<\/div>\n\t\t\t\t\t<\/div>\n\t\t\t\t<\/div>\n\t\t<div class=\"elementor-element elementor-element-iwgs-amuletttalis-s7 e-flex e-con-boxed e-con e-parent\" data-id=\"iwgs-amuletttalis-s7\" data-element_type=\"container\" data-e-type=\"container\">\n\t\t\t\t\t<div class=\"e-con-inner\">\n\t\t\t\t<div class=\"elementor-element elementor-element-iwgs-amuletttalis-s7h elementor-widget elementor-widget-heading\" data-id=\"iwgs-amuletttalis-s7h\" data-element_type=\"widget\" data-e-type=\"widget\" data-widget_type=\"heading.default\">\n\t\t\t\t\t<h2 class=\"elementor-heading-title elementor-size-default\">Verndun me\u00f0 \u00f3slitinni l\u00ednu<\/h2>\t\t\t\t<\/div>\n\t\t<div class=\"elementor-element elementor-element-iwgs-amuletttalis-s7box e-con-full e-flex e-con e-parent\" data-id=\"iwgs-amuletttalis-s7box\" data-element_type=\"container\" data-e-type=\"container\">\n\t\t\t\t<div class=\"elementor-element elementor-element-iwgs-amuletttalis-s7t elementor-widget elementor-widget-text-editor\" data-id=\"iwgs-amuletttalis-s7t\" data-element_type=\"widget\" data-e-type=\"widget\" data-widget_type=\"text-editor.default\">\n\t\t\t\t\t\t\t\t\t<p>Fimmta virknireglan byggist \u00e1 formi l\u00ednunnar. \u00d3slitin, loku\u00f0 l\u00edna er talin m\u00f6rk sem ekkert kemst yfir.<\/p><p><a href=\"https:\/\/iwell-guard.com\/is\/?page_id=169127\">Pentagramminu<\/a> er \u00feekktasta d\u00e6mi\u00f0. \u00dea\u00f0 er dregi\u00f0 \u00ed einu striki og l\u00edna \u00feess lokast \u00e1n nokkurs bils. \u00cd \u00fej\u00f3\u00f0tr\u00fa var sl\u00edkt t\u00e1kn tali\u00f0 \u00f3gegnumfarandi.<\/p><p>N\u00e1skyldur \u00feessu er dregni verndarhringurinn, sem afmarkar og verndar sv\u00e6\u00f0i. Einnig endalaus hn\u00fatamynstur margra menningarheima byggja \u00e1 \u00feessari s\u00f6mu hugsun.<\/p><p>\u00c1 bak vi\u00f0 \u00feessa reglu liggur oft s\u00fa hugmynd a\u00f0 ska\u00f0legri v\u00e6ttur ver\u00f0i a\u00f0 rekja hverja l\u00ednu t\u00e1knsins og festist \u00ed mynd sem hefur hvorki upphaf n\u00e9 endi.<\/p><p>Hin \u00f3slitna l\u00edna veitir \u00feannig vernd hvorki me\u00f0 skelfingu, <span class=\"iwg-fachbegriff\" data-tooltip=\"\u00c1kall eftir heilli og vernd, oft \u00ed fastri m\u00e1lfarslegri mynd.\" tabindex=\"0\">blessun<\/span> n\u00e9 efni, heldur einungis me\u00f0 formi s\u00ednu. H\u00fan myndar m\u00f6rk sem ekki er unnt a\u00f0 yfirst\u00edga.<\/p>\t\t\t\t\t\t\t\t<\/div>\n\t\t\t\t<\/div>\n\t\t\t\t\t<\/div>\n\t\t\t\t<\/div>\n\t\t<div class=\"elementor-element elementor-element-iwgs-amuletttalis-s8 e-flex e-con-boxed e-con e-parent\" data-id=\"iwgs-amuletttalis-s8\" data-element_type=\"container\" data-e-type=\"container\">\n\t\t\t\t\t<div class=\"e-con-inner\">\n\t\t\t\t<div class=\"elementor-element elementor-element-iwgs-amuletttalis-s8h elementor-widget elementor-widget-heading\" data-id=\"iwgs-amuletttalis-s8h\" data-element_type=\"widget\" data-e-type=\"widget\" data-widget_type=\"heading.default\">\n\t\t\t\t\t<h2 class=\"elementor-heading-title elementor-size-default\">Hvar verndar er leita\u00f0<\/h2>\t\t\t\t<\/div>\n\t\t<div class=\"elementor-element elementor-element-iwgs-amuletttalis-s8box e-con-full e-flex e-con e-parent\" data-id=\"iwgs-amuletttalis-s8box\" data-element_type=\"container\" data-e-type=\"container\">\n\t\t\t\t<div class=\"elementor-element elementor-element-iwgs-amuletttalis-s8t elementor-widget elementor-widget-text-editor\" data-id=\"iwgs-amuletttalis-s8t\" data-element_type=\"widget\" data-e-type=\"widget\" data-widget_type=\"text-editor.default\">\n\t\t\t\t\t\t\t\t\t<p>Svo \u00f3l\u00edkar sem virknireglurnar eru, eru sta\u00f0irnir \u00fear sem verndar er leita\u00f0 merkilega l\u00edkir. \u00devert \u00e1 menningarheima koma s\u00f6mu sta\u00f0irnir aftur og aftur fram.<\/p><p>Fyrsti sta\u00f0urinn er l\u00edkaminn. Bori\u00f0 <span class=\"iwg-fachbegriff\" data-tooltip=\"Borinn gripur sem talinn er hafa verndandi, \u00f3g\u00e6fuvarnandi m\u00e1tt.\" tabindex=\"0\">verndargrip<\/span> fylgir manninum hvert sem hann fer. Annar sta\u00f0urinn er \u00fer\u00f6skuldurinn. Dyr og gluggar eru taldir \u00feeir sta\u00f0ir \u00fear sem \u00f3g\u00e6fa getur komist inn \u00ed vari\u00f0 sv\u00e6\u00f0i.<\/p><p>\u00deri\u00f0ji sta\u00f0urinn er v\u00f6gguna. Athyglisvert oft sn\u00fdr verndin a\u00f0 barninu, f\u00e6\u00f0ingunni og sofnun, \u00fev\u00ed \u00fear er ma\u00f0urinn vi\u00f0kv\u00e6mastur.<\/p><p>S\u00f6mu \u00e1hyggjuefnin, umhyggja fyrir b\u00f6rnum, fer\u00f0al\u00f6gum, heimili og heilsu, koma fram \u00ed verndarhef\u00f0um allra menningarheima. iWell Guard tengist me\u00f0 hugmyndinni um borinn, l\u00edkamlega fylgjandi verndargrip beint vi\u00f0 \u00feessa mj\u00f6g g\u00f6mlu hef\u00f0.<\/p><p>\u00deeir sem lesa um einstaka verndargripi \u00e1 \u00f6\u00f0rum s\u00ed\u00f0um \u00feessa hluta munu \u00edtreka\u00f0 kannast vi\u00f0 reglurnar sem l\u00fdst er h\u00e9r. \u00de\u00e6r eru sameiginlegur grunnur alheimslegrar og mj\u00f6g gamallar hef\u00f0ar.<\/p>\t\t\t\t\t\t\t\t<\/div>\n\t\t\t\t<\/div>\n\t\t\t\t\t<\/div>\n\t\t\t\t<\/div>\n\t\t<div class=\"elementor-element elementor-element-iwgs-amuletttalis-lit e-flex e-con-boxed e-con e-parent\" data-id=\"iwgs-amuletttalis-lit\" data-element_type=\"container\" data-e-type=\"container\">\n\t\t\t\t\t<div class=\"e-con-inner\">\n\t\t\t\t<div class=\"elementor-element elementor-element-iwgs-amuletttalis-lith elementor-widget elementor-widget-heading\" data-id=\"iwgs-amuletttalis-lith\" data-element_type=\"widget\" data-e-type=\"widget\" data-widget_type=\"heading.default\">\n\t\t\t\t\t<h2 class=\"elementor-heading-title elementor-size-default\">Heimildir (\u00farval)<\/h2>\t\t\t\t<\/div>\n\t\t<div class=\"elementor-element elementor-element-iwgs-amuletttalis-litbox e-con-full e-flex e-con e-parent\" data-id=\"iwgs-amuletttalis-litbox\" data-element_type=\"container\" data-e-type=\"container\">\n\t\t\t\t<div class=\"elementor-element elementor-element-iwgs-amuletttalis-litt elementor-widget elementor-widget-html\" data-id=\"iwgs-amuletttalis-litt\" data-element_type=\"widget\" data-e-type=\"widget\" data-widget_type=\"html.default\">\n\t\t\t\t\t<footer data-nosnippet=\"true\"><ul><li>Liselotte Hansmann, Lenz Kriss-Rettenbeck: <em>Amulett und Talisman<\/em> (1966)<\/li><li>F\u00e6rsla <em>Amulett<\/em> \u00ed Handw\u00f6rterbuch des deutschen Aberglaubens<\/li><li>Don Skemer: <em>Binding Words. Textual Amulets in the Middle Ages<\/em> (2006)<\/li><li>Felix Marti-Ib\u00e1\u00f1ez og fleiri: ranns\u00f3knir \u00e1 verndargripafr\u00e6\u00f0i<\/li><li>Hans Biedermann: <em>Knaurs Lexikon der Symbole<\/em> (1989)<\/li><\/ul><\/footer>\t\t\t\t<\/div>\n\t\t\t\t<\/div>\n\t\t\t\t\t<\/div>\n\t\t\t\t<\/div>\n\t\t<div class=\"elementor-element elementor-element-iwgs-amuletttalis-kwd e-flex e-con-boxed e-con e-parent\" data-id=\"iwgs-amuletttalis-kwd\" data-element_type=\"container\" data-e-type=\"container\">\n\t\t\t\t\t<div class=\"e-con-inner\">\n\t\t\t\t<div class=\"elementor-element elementor-element-iwgs-amuletttalis-kwdt elementor-widget elementor-widget-text-editor\" data-id=\"iwgs-amuletttalis-kwdt\" data-element_type=\"widget\" data-e-type=\"widget\" data-widget_type=\"text-editor.default\">\n\t\t\t\t\t\t\t\t\t<p><em>Tengd kjarnahugt\u00f6k: <span class=\"iwg-fachbegriff\" data-tooltip=\"Borinn gripur sem talinn er hafa verndandi, \u00f3g\u00e6fuvarnandi m\u00e1tt.\" tabindex=\"0\">verndargrip<\/span> <span class=\"iwg-fachbegriff\" data-tooltip=\"Gripur sem talinn er hafa lukku- e\u00f0a \u00e1rangursaukandi m\u00e1tt.\" tabindex=\"0\">talisman<\/span> verndart\u00e1kn <span class=\"iwg-fachbegriff\" data-tooltip=\"Tr\u00faarbrag\u00f0afr\u00e6\u00f0ilegt hugtak um grip e\u00f0a t\u00e1kn me\u00f0 \u00f3g\u00e6fuvarnandi hlutverki.\" tabindex=\"0\">ap\u00f3tr\u00f3pa\u00edkon<\/span> phylakterion verndarhef\u00f0 virknieglu heillagrip.<\/em><\/p>\t\t\t\t\t\t\t\t<\/div>\n\t\t\t\t\t<\/div>\n\t\t\t\t<\/div>\n\t\t<div class=\"elementor-element elementor-element-iwgs-amuletttalis-cc e-flex e-con-boxed e-con e-parent\" data-id=\"iwgs-amuletttalis-cc\" data-element_type=\"container\" data-e-type=\"container\" id=\"iwg-cc-amulett-talisman-schutzzeichen\">\n\t\t\t\t\t<div class=\"e-con-inner\">\n\t\t<div class=\"elementor-element elementor-element-iwgs-amuletttalis-ccinner e-flex e-con-boxed e-con e-parent\" data-id=\"iwgs-amuletttalis-ccinner\" data-element_type=\"container\" data-e-type=\"container\" data-settings=\"{&quot;background_background&quot;:&quot;classic&quot;}\">\n\t\t\t\t\t<div class=\"e-con-inner\">\n\t\t\t\t<div class=\"elementor-element elementor-element-iwgs-amuletttalis-cch elementor-widget elementor-widget-heading\" data-id=\"iwgs-amuletttalis-cch\" data-element_type=\"widget\" data-e-type=\"widget\" data-widget_type=\"heading.default\">\n\t\t\t\t\t<h2 class=\"elementor-heading-title elementor-size-default\">iWell Guard og verndarhef\u00f0ir<\/h2>\t\t\t\t<\/div>\n\t\t\t\t<div class=\"elementor-element elementor-element-iwgs-amuletttalis-cct elementor-widget elementor-widget-text-editor\" data-id=\"iwgs-amuletttalis-cct\" data-element_type=\"widget\" data-e-type=\"widget\" data-widget_type=\"text-editor.default\">\n\t\t\t\t\t\t\t\t\t<p>iWell Guard fellur inn \u00ed menningars\u00f6gulega hef\u00f0 borinna verndargripa, sem hvert bori\u00f0 verndaramulett tilheyrir. N\u00fat\u00edmalegur fylgihlutur fyrir f\u00f3lk sem lifir me\u00f0 verndart\u00e1knum: framleiddur \u00ed \u00de\u00fdskalandi, 41 lag af sk\u00edragulli, plat\u00ednu og silfri, me\u00f0 30 daga skilar\u00e9tti.<\/p>\t\t\t\t\t\t\t\t<\/div>\n\t\t\t\t<div class=\"elementor-element elementor-element-iwgs-amuletttalis-ccb iwg-cc-button iwg-cc-cta-2026-05-13 elementor-widget elementor-widget-jet-button\" data-id=\"iwgs-amuletttalis-ccb\" data-element_type=\"widget\" data-e-type=\"widget\" data-widget_type=\"jet-button.default\">\n\t\t\t\t<div class=\"elementor-widget-container\">\n\t\t\t\t\t<div class=\"elementor-jet-button jet-elements\"><div class=\"jet-button__container\"><a class=\"jet-button__instance jet-button__instance--icon-left hover-effect-1\" href=\"\/schutzanhaenger-iwell-guard-kaufen\/?utm_source=iwell-guard.com&amp;utm_medium=info-box&amp;utm_campaign=schutzsymbole\"><div class=\"jet-button__plane jet-button__plane-normal\"><\/div><div class=\"jet-button__plane jet-button__plane-hover\"><\/div><div class=\"jet-button__state jet-button__state-normal\"><span class=\"jet-button__label\">Meira um iWell Guard<\/span><\/div><div class=\"jet-button__state jet-button__state-hover\"><span class=\"jet-button__label\">Meira um iWell Guard<\/span><\/div><\/a><\/div><\/div><style>.elementor-element.elementor-element-iwgs-amuletttalis-ccb .jet-button__instance{width:320px;height:56px;}.elementor-element.elementor-element-iwgs-amuletttalis-ccb .jet-button__state-normal .jet-button__label{text-align:center;margin:0px 0px 0px 0px;color:#1a1b20;font-family:Montserrat,sans-serif;font-size:13px;font-weight:400;letter-spacing:4px;line-height:1.714em;text-transform:uppercase;}.elementor-element.elementor-element-iwgs-amuletttalis-ccb .jet-button__state-hover .jet-button__label{text-align:center;margin:0px 0px 0px 0px;color:#FECC76;font-family:Montserrat,sans-serif;font-size:13px;font-weight:400;letter-spacing:4px;line-height:1.714em;text-transform:uppercase;}.elementor-element.elementor-element-iwgs-amuletttalis-ccb .jet-button__plane-normal{background-color:#FECC76;border-style:solid;border-color:#C99540;border-width:2px 2px 2px 2px;}.elementor-element.elementor-element-iwgs-amuletttalis-ccb .jet-button__plane-hover{background-color:rgba(0,0,0,0.55);border-style:solid;border-color:#FECC76;border-width:2px 2px 2px 2px;}<\/style>\t\t\t\t<\/div>\n\t\t\t\t<\/div>\n\t\t\t\t<div class=\"elementor-element elementor-element-iwgs-amuletttalis-ccd elementor-widget elementor-widget-text-editor\" data-id=\"iwgs-amuletttalis-ccd\" data-element_type=\"widget\" data-e-type=\"widget\" data-widget_type=\"text-editor.default\">\n\t\t\t\t\t\t\t\t\t<p style=\"text-align:center;font-size:13px;opacity:0.7;margin-top:14px\" data-nosnippet=\"true\">Pers\u00f3nuleg reynsla getur veri\u00f0 mismunandi. Ekki l\u00e6kningat\u00e6ki. Engin lofor\u00f0 um l\u00e6kningu.<\/p>\t\t\t\t\t\t\t\t<\/div>\n\t\t\t\t\t<\/div>\n\t\t\t\t<\/div>\n\t\t\t\t\t<\/div>\n\t\t\t\t<\/div>\n\t\t<div class=\"elementor-element elementor-element-iwgs-amuletttalis-disc e-flex e-con-boxed e-con e-parent\" data-id=\"iwgs-amuletttalis-disc\" data-element_type=\"container\" data-e-type=\"container\">\n\t\t\t\t\t<div class=\"e-con-inner\">\n\t\t\t\t<div class=\"elementor-element elementor-element-iwgs-amuletttalis-discw elementor-widget elementor-widget-html\" data-id=\"iwgs-amuletttalis-discw\" data-element_type=\"widget\" data-e-type=\"widget\" data-widget_type=\"html.default\">\n\t\t\t\t\t<footer data-nosnippet=\"true\" class=\"iwg-disclaimer-block\"><p data-nosnippet=\"true\">iWell Guard er <strong>ekki l\u00e6kningat\u00e6ki<\/strong> og kemur ekki \u00ed sta\u00f0 l\u00e6knis- e\u00f0a s\u00e1lfr\u00e6\u00f0ime\u00f0fer\u00f0ar. Innihaldi\u00f0 sem h\u00e9r er sett fram er tr\u00faarbrag\u00f0afr\u00e6\u00f0ileg og menningars\u00f6gulega greining, ekki lofor\u00f0 um andlega virkni.<\/p><\/footer>\t\t\t\t<\/div>\n\t\t\t\t\t<\/div>\n\t\t\t\t<\/div>\n\t\t\t\t<\/div>\n\t\t","protected":false},"excerpt":{"rendered":"","protected":false},"author":3,"featured_media":3446,"parent":0,"menu_order":0,"comment_status":"closed","ping_status":"closed","template":"elementor_header_footer","meta":{"_yoast_wpseo_focuskw":"Am\u00falett og talismani","_yoast_wpseo_title":"Am\u00falett, talismani og verndart\u00e1kn \u00fatsk\u00fdr\u00f0","_yoast_wpseo_metadesc":"Hva\u00f0 skilur \u00e1 milli am\u00faletts, talisma og verndart\u00e1kna? Hugt\u00f6k, verkunarl\u00f6gm\u00e1l og verndarhef\u00f0ir margra menningarheima \u00ed yfirliti.","_yoast_wpseo_meta-robots-noindex":"","_yoast_wpseo_canonical":"","_angie_page":false,"gefaehrdungsstufe":"","wesen_kultur":"","wesen_klasse":"","footnotes":""},"categories":[],"class_list":["post-169134","page","type-page","status-publish","has-post-thumbnail","hentry"],"yoast_head":"<!-- This site is optimized with the Yoast SEO Premium plugin v27.7 (Yoast SEO v28.3) - https:\/\/yoast.com\/product\/yoast-seo-premium-wordpress\/ -->\n<title>Am\u00falett, talismani og verndart\u00e1kn \u00fatsk\u00fdr\u00f0<\/title>\n<meta name=\"description\" content=\"Hva\u00f0 skilur \u00e1 milli am\u00faletts, talisma og verndart\u00e1kna? Hugt\u00f6k, verkunarl\u00f6gm\u00e1l og verndarhef\u00f0ir margra menningarheima \u00ed yfirliti.\" \/>\n<meta name=\"robots\" content=\"index, follow, max-snippet:-1, max-image-preview:large, max-video-preview:-1\" \/>\n<link rel=\"canonical\" href=\"https:\/\/iwell-guard.com\/is\/amulett-talisman-verndartakn-grundvollur\/\" \/>\n<meta property=\"og:locale\" content=\"is_IS\" \/>\n<meta property=\"og:type\" content=\"article\" \/>\n<meta property=\"og:title\" content=\"Am\u00falett, talismani og verndart\u00e1kn \u2013 grundv\u00f6llur\" \/>\n<meta property=\"og:description\" content=\"Hva\u00f0 skilur \u00e1 milli am\u00faletts, talisma og verndart\u00e1kna? Hugt\u00f6k, verkunarl\u00f6gm\u00e1l og verndarhef\u00f0ir margra menningarheima \u00ed yfirliti.\" \/>\n<meta property=\"og:url\" content=\"https:\/\/iwell-guard.com\/is\/amulett-talisman-verndartakn-grundvollur\/\" \/>\n<meta property=\"og:site_name\" content=\"iWell Guard\" \/>\n<meta property=\"article:modified_time\" content=\"2026-09-05T14:33:07+00:00\" \/>\n<meta property=\"og:image\" content=\"https:\/\/iwell-guard.com\/wp-content\/uploads\/2026\/05\/schutzsymbol_universell_amulett-talisman.webp\" \/>\n\t<meta property=\"og:image:width\" content=\"1024\" \/>\n\t<meta property=\"og:image:height\" content=\"1536\" \/>\n\t<meta property=\"og:image:type\" content=\"image\/webp\" \/>\n<meta name=\"twitter:card\" content=\"summary_large_image\" \/>\n<script type=\"application\/ld+json\" class=\"yoast-schema-graph\">{\"@context\":\"https:\\\/\\\/schema.org\",\"@graph\":[{\"@type\":\"WebPage\",\"@id\":\"https:\\\/\\\/iwell-guard.com\\\/is\\\/amulett-talisman-verndartakn-grundvollur\\\/\",\"url\":\"https:\\\/\\\/iwell-guard.com\\\/is\\\/amulett-talisman-verndartakn-grundvollur\\\/\",\"name\":\"Am\u00falett, talismani og verndart\u00e1kn \u00fatsk\u00fdr\u00f0\",\"isPartOf\":{\"@id\":\"https:\\\/\\\/iwell-guard.com\\\/is\\\/#website\"},\"primaryImageOfPage\":{\"@id\":\"https:\\\/\\\/iwell-guard.com\\\/is\\\/amulett-talisman-verndartakn-grundvollur\\\/#primaryimage\"},\"image\":{\"@id\":\"https:\\\/\\\/iwell-guard.com\\\/is\\\/amulett-talisman-verndartakn-grundvollur\\\/#primaryimage\"},\"thumbnailUrl\":\"https:\\\/\\\/iwell-guard.com\\\/wp-content\\\/uploads\\\/2026\\\/05\\\/schutzsymbol_universell_amulett-talisman.webp\",\"datePublished\":\"2026-09-05T14:05:51+00:00\",\"dateModified\":\"2026-09-05T14:33:07+00:00\",\"description\":\"Hva\u00f0 skilur \u00e1 milli am\u00faletts, talisma og verndart\u00e1kna? Hugt\u00f6k, verkunarl\u00f6gm\u00e1l og verndarhef\u00f0ir margra menningarheima \u00ed yfirliti.\",\"breadcrumb\":{\"@id\":\"https:\\\/\\\/iwell-guard.com\\\/is\\\/amulett-talisman-verndartakn-grundvollur\\\/#breadcrumb\"},\"inLanguage\":\"is\",\"potentialAction\":[{\"@type\":\"ReadAction\",\"target\":[\"https:\\\/\\\/iwell-guard.com\\\/is\\\/amulett-talisman-verndartakn-grundvollur\\\/\"]}]},{\"@type\":\"ImageObject\",\"inLanguage\":\"is\",\"@id\":\"https:\\\/\\\/iwell-guard.com\\\/is\\\/amulett-talisman-verndartakn-grundvollur\\\/#primaryimage\",\"url\":\"https:\\\/\\\/iwell-guard.com\\\/wp-content\\\/uploads\\\/2026\\\/05\\\/schutzsymbol_universell_amulett-talisman.webp\",\"contentUrl\":\"https:\\\/\\\/iwell-guard.com\\\/wp-content\\\/uploads\\\/2026\\\/05\\\/schutzsymbol_universell_amulett-talisman.webp\",\"width\":1024,\"height\":1536,\"caption\":\"Verndart\u00e1kn. Myndskreyting \u00ed safnst\u00edl.\"},{\"@type\":\"BreadcrumbList\",\"@id\":\"https:\\\/\\\/iwell-guard.com\\\/is\\\/amulett-talisman-verndartakn-grundvollur\\\/#breadcrumb\",\"itemListElement\":[{\"@type\":\"ListItem\",\"position\":1,\"name\":\"Start\",\"item\":\"https:\\\/\\\/iwell-guard.com\\\/is\\\/?page_id=168580\"},{\"@type\":\"ListItem\",\"position\":2,\"name\":\"Am\u00falett, talismani og verndart\u00e1kn \u2013 grundv\u00f6llur\"}]},{\"@type\":\"WebSite\",\"@id\":\"https:\\\/\\\/iwell-guard.com\\\/is\\\/#website\",\"url\":\"https:\\\/\\\/iwell-guard.com\\\/is\\\/\",\"name\":\"iWell Guard\",\"description\":\"Schutz vor dunklen Einfl\u00fcssen\",\"publisher\":{\"@id\":\"https:\\\/\\\/iwell-guard.com\\\/is\\\/#organization\"},\"potentialAction\":[{\"@type\":\"SearchAction\",\"target\":{\"@type\":\"EntryPoint\",\"urlTemplate\":\"https:\\\/\\\/iwell-guard.com\\\/is\\\/?s={search_term_string}\"},\"query-input\":{\"@type\":\"PropertyValueSpecification\",\"valueRequired\":true,\"valueName\":\"search_term_string\"}}],\"inLanguage\":\"is\"},{\"@type\":\"Organization\",\"@id\":\"https:\\\/\\\/iwell-guard.com\\\/is\\\/#organization\",\"name\":\"Ittermann electronic GmbH\",\"url\":\"https:\\\/\\\/iwell-guard.com\\\/is\\\/\",\"logo\":{\"@type\":\"ImageObject\",\"inLanguage\":\"is\",\"@id\":\"https:\\\/\\\/iwell-guard.com\\\/is\\\/#\\\/schema\\\/logo\\\/image\\\/\",\"url\":\"https:\\\/\\\/iwell-guard.com\\\/wp-content\\\/uploads\\\/2026\\\/05\\\/Ittermann-Logo-1182x237-1.png\",\"contentUrl\":\"https:\\\/\\\/iwell-guard.com\\\/wp-content\\\/uploads\\\/2026\\\/05\\\/Ittermann-Logo-1182x237-1.png\",\"width\":1182,\"height\":237,\"caption\":\"Ittermann electronic GmbH\"},\"image\":{\"@id\":\"https:\\\/\\\/iwell-guard.com\\\/is\\\/#\\\/schema\\\/logo\\\/image\\\/\"},\"sameAs\":[\"https:\\\/\\\/pantip.com\\\/profile\\\/9367242\",\"https:\\\/\\\/micro.blog\\\/iwellguard\",\"https:\\\/\\\/www.diggerslist.com\\\/iwellguard\\\/about\",\"https:\\\/\\\/skitterphoto.com\\\/photographers\\\/2870314\\\/iwell-guard\",\"https:\\\/\\\/iwellguard.wordpress.com\\\/2026\\\/06\\\/06\\\/iwell-guard\\\/\",\"https:\\\/\\\/hub.docker.com\\\/u\\\/iwellguard\",\"https:\\\/\\\/www.pinterest.com\\\/iwellguard\\\/\",\"https:\\\/\\\/bit.ly\\\/m\\\/iwellguard\",\"https:\\\/\\\/entre-vos-mains.alsace.eu\\\/profiles\\\/iwellguard\\\/activity\",\"https:\\\/\\\/gravatar.com\\\/reallybeded8fd34\",\"https:\\\/\\\/naijamatta.com\\\/iwellguard\",\"https:\\\/\\\/www.goodreads.com\\\/iwellguard\",\"https:\\\/\\\/profile.hatena.ne.jp\\\/iwellguard\\\/\",\"https:\\\/\\\/experiment.com\\\/users\\\/iwellguard\",\"https:\\\/\\\/wakelet.com\\\/@iWellGuard82270\",\"https:\\\/\\\/www.chordie.com\\\/forum\\\/profile.php?id=2555664\",\"https:\\\/\\\/www.instapaper.com\\\/p\\\/17757966\",\"https:\\\/\\\/www.mapleprimes.com\\\/users\\\/iwellguard\",\"https:\\\/\\\/businesslistingplus.com\\\/profile\\\/iwell-guard\\\/\",\"https:\\\/\\\/telegra.ph\\\/iWell-Guard-06-06\",\"https:\\\/\\\/pbase.com\\\/iwellguard\\\/iwellguard\",\"https:\\\/\\\/b.hatena.ne.jp\\\/iwellguard\\\/20260607#bookmark-4788405196491818882\",\"https:\\\/\\\/fliphtml5.com\\\/home\\\/iwellguard\",\"https:\\\/\\\/anyflip.com\\\/homepage\\\/cmiwl#About\",\"https:\\\/\\\/transfur.com\\\/Users\\\/iwellguard\",\"http:\\\/\\\/delphi.larsbo.org\\\/user\\\/iwellguard\",\"https:\\\/\\\/jobs.lajobsportal.org\\\/profiles\\\/8380803-iwell-guard\",\"https:\\\/\\\/md.chaosdorf.de\\\/s\\\/jfbe5SBdJD\",\"https:\\\/\\\/www.lingvolive.com\\\/en-us\\\/profile\\\/9ecaeaca-ce11-4e51-9e71-01d55e2bff36\\\/translations\",\"https:\\\/\\\/www.fitday.com\\\/fitness\\\/forums\\\/members\\\/iwellguard.html\",\"https:\\\/\\\/www.mymeetbook.com\\\/iwellguard\",\"https:\\\/\\\/pxhere.com\\\/en\\\/photographer-me\\\/5040798\",\"https:\\\/\\\/disqus.com\\\/by\\\/iwellguard\\\/about\\\/\",\"https:\\\/\\\/pastelink.net\\\/hjwciqwq\",\"https:\\\/\\\/pubhtml5.com\\\/homepage\\\/scjhn\\\/\",\"https:\\\/\\\/www.bitchute.com\\\/channel\\\/2O2eOKzNqujT\",\"https:\\\/\\\/audiomack.com\\\/iwellguard\"]}]}<\/script>\n<!-- \/ Yoast SEO Premium plugin. -->","yoast_head_json":{"title":"Am\u00falett, talismani og verndart\u00e1kn \u00fatsk\u00fdr\u00f0","description":"Hva\u00f0 skilur \u00e1 milli am\u00faletts, talisma og verndart\u00e1kna? Hugt\u00f6k, verkunarl\u00f6gm\u00e1l og verndarhef\u00f0ir margra menningarheima \u00ed yfirliti.","robots":{"index":"index","follow":"follow","max-snippet":"max-snippet:-1","max-image-preview":"max-image-preview:large","max-video-preview":"max-video-preview:-1"},"canonical":"https:\/\/iwell-guard.com\/is\/amulett-talisman-verndartakn-grundvollur\/","og_locale":"is_IS","og_type":"article","og_title":"Am\u00falett, talismani og verndart\u00e1kn \u2013 grundv\u00f6llur","og_description":"Hva\u00f0 skilur \u00e1 milli am\u00faletts, talisma og verndart\u00e1kna? Hugt\u00f6k, verkunarl\u00f6gm\u00e1l og verndarhef\u00f0ir margra menningarheima \u00ed yfirliti.","og_url":"https:\/\/iwell-guard.com\/is\/amulett-talisman-verndartakn-grundvollur\/","og_site_name":"iWell Guard","article_modified_time":"2026-09-05T14:33:07+00:00","og_image":[{"width":1024,"height":1536,"url":"https:\/\/iwell-guard.com\/wp-content\/uploads\/2026\/05\/schutzsymbol_universell_amulett-talisman.webp","type":"image\/webp"}],"twitter_card":"summary_large_image","schema":{"@context":"https:\/\/schema.org","@graph":[{"@type":"WebPage","@id":"https:\/\/iwell-guard.com\/is\/amulett-talisman-verndartakn-grundvollur\/","url":"https:\/\/iwell-guard.com\/is\/amulett-talisman-verndartakn-grundvollur\/","name":"Am\u00falett, talismani og verndart\u00e1kn \u00fatsk\u00fdr\u00f0","isPartOf":{"@id":"https:\/\/iwell-guard.com\/is\/#website"},"primaryImageOfPage":{"@id":"https:\/\/iwell-guard.com\/is\/amulett-talisman-verndartakn-grundvollur\/#primaryimage"},"image":{"@id":"https:\/\/iwell-guard.com\/is\/amulett-talisman-verndartakn-grundvollur\/#primaryimage"},"thumbnailUrl":"https:\/\/iwell-guard.com\/wp-content\/uploads\/2026\/05\/schutzsymbol_universell_amulett-talisman.webp","datePublished":"2026-09-05T14:05:51+00:00","dateModified":"2026-09-05T14:33:07+00:00","description":"Hva\u00f0 skilur \u00e1 milli am\u00faletts, talisma og verndart\u00e1kna? Hugt\u00f6k, verkunarl\u00f6gm\u00e1l og verndarhef\u00f0ir margra menningarheima \u00ed yfirliti.","breadcrumb":{"@id":"https:\/\/iwell-guard.com\/is\/amulett-talisman-verndartakn-grundvollur\/#breadcrumb"},"inLanguage":"is","potentialAction":[{"@type":"ReadAction","target":["https:\/\/iwell-guard.com\/is\/amulett-talisman-verndartakn-grundvollur\/"]}]},{"@type":"ImageObject","inLanguage":"is","@id":"https:\/\/iwell-guard.com\/is\/amulett-talisman-verndartakn-grundvollur\/#primaryimage","url":"https:\/\/iwell-guard.com\/wp-content\/uploads\/2026\/05\/schutzsymbol_universell_amulett-talisman.webp","contentUrl":"https:\/\/iwell-guard.com\/wp-content\/uploads\/2026\/05\/schutzsymbol_universell_amulett-talisman.webp","width":1024,"height":1536,"caption":"Verndart\u00e1kn. Myndskreyting \u00ed safnst\u00edl."},{"@type":"BreadcrumbList","@id":"https:\/\/iwell-guard.com\/is\/amulett-talisman-verndartakn-grundvollur\/#breadcrumb","itemListElement":[{"@type":"ListItem","position":1,"name":"Start","item":"https:\/\/iwell-guard.com\/is\/?page_id=168580"},{"@type":"ListItem","position":2,"name":"Am\u00falett, talismani og verndart\u00e1kn \u2013 grundv\u00f6llur"}]},{"@type":"WebSite","@id":"https:\/\/iwell-guard.com\/is\/#website","url":"https:\/\/iwell-guard.com\/is\/","name":"iWell Guard","description":"Schutz vor dunklen Einfl\u00fcssen","publisher":{"@id":"https:\/\/iwell-guard.com\/is\/#organization"},"potentialAction":[{"@type":"SearchAction","target":{"@type":"EntryPoint","urlTemplate":"https:\/\/iwell-guard.com\/is\/?s={search_term_string}"},"query-input":{"@type":"PropertyValueSpecification","valueRequired":true,"valueName":"search_term_string"}}],"inLanguage":"is"},{"@type":"Organization","@id":"https:\/\/iwell-guard.com\/is\/#organization","name":"Ittermann electronic GmbH","url":"https:\/\/iwell-guard.com\/is\/","logo":{"@type":"ImageObject","inLanguage":"is","@id":"https:\/\/iwell-guard.com\/is\/#\/schema\/logo\/image\/","url":"https:\/\/iwell-guard.com\/wp-content\/uploads\/2026\/05\/Ittermann-Logo-1182x237-1.png","contentUrl":"https:\/\/iwell-guard.com\/wp-content\/uploads\/2026\/05\/Ittermann-Logo-1182x237-1.png","width":1182,"height":237,"caption":"Ittermann electronic GmbH"},"image":{"@id":"https:\/\/iwell-guard.com\/is\/#\/schema\/logo\/image\/"},"sameAs":["https:\/\/pantip.com\/profile\/9367242","https:\/\/micro.blog\/iwellguard","https:\/\/www.diggerslist.com\/iwellguard\/about","https:\/\/skitterphoto.com\/photographers\/2870314\/iwell-guard","https:\/\/iwellguard.wordpress.com\/2026\/06\/06\/iwell-guard\/","https:\/\/hub.docker.com\/u\/iwellguard","https:\/\/www.pinterest.com\/iwellguard\/","https:\/\/bit.ly\/m\/iwellguard","https:\/\/entre-vos-mains.alsace.eu\/profiles\/iwellguard\/activity","https:\/\/gravatar.com\/reallybeded8fd34","https:\/\/naijamatta.com\/iwellguard","https:\/\/www.goodreads.com\/iwellguard","https:\/\/profile.hatena.ne.jp\/iwellguard\/","https:\/\/experiment.com\/users\/iwellguard","https:\/\/wakelet.com\/@iWellGuard82270","https:\/\/www.chordie.com\/forum\/profile.php?id=2555664","https:\/\/www.instapaper.com\/p\/17757966","https:\/\/www.mapleprimes.com\/users\/iwellguard","https:\/\/businesslistingplus.com\/profile\/iwell-guard\/","https:\/\/telegra.ph\/iWell-Guard-06-06","https:\/\/pbase.com\/iwellguard\/iwellguard","https:\/\/b.hatena.ne.jp\/iwellguard\/20260607#bookmark-4788405196491818882","https:\/\/fliphtml5.com\/home\/iwellguard","https:\/\/anyflip.com\/homepage\/cmiwl#About","https:\/\/transfur.com\/Users\/iwellguard","http:\/\/delphi.larsbo.org\/user\/iwellguard","https:\/\/jobs.lajobsportal.org\/profiles\/8380803-iwell-guard","https:\/\/md.chaosdorf.de\/s\/jfbe5SBdJD","https:\/\/www.lingvolive.com\/en-us\/profile\/9ecaeaca-ce11-4e51-9e71-01d55e2bff36\/translations","https:\/\/www.fitday.com\/fitness\/forums\/members\/iwellguard.html","https:\/\/www.mymeetbook.com\/iwellguard","https:\/\/pxhere.com\/en\/photographer-me\/5040798","https:\/\/disqus.com\/by\/iwellguard\/about\/","https:\/\/pastelink.net\/hjwciqwq","https:\/\/pubhtml5.com\/homepage\/scjhn\/","https:\/\/www.bitchute.com\/channel\/2O2eOKzNqujT","https:\/\/audiomack.com\/iwellguard"]}]}},"_links":{"self":[{"href":"https:\/\/iwell-guard.com\/is\/wp-json\/wp\/v2\/pages\/169134","targetHints":{"allow":["GET"]}}],"collection":[{"href":"https:\/\/iwell-guard.com\/is\/wp-json\/wp\/v2\/pages"}],"about":[{"href":"https:\/\/iwell-guard.com\/is\/wp-json\/wp\/v2\/types\/page"}],"author":[{"embeddable":true,"href":"https:\/\/iwell-guard.com\/is\/wp-json\/wp\/v2\/users\/3"}],"replies":[{"embeddable":true,"href":"https:\/\/iwell-guard.com\/is\/wp-json\/wp\/v2\/comments?post=169134"}],"version-history":[{"count":0,"href":"https:\/\/iwell-guard.com\/is\/wp-json\/wp\/v2\/pages\/169134\/revisions"}],"wp:featuredmedia":[{"embeddable":true,"href":"https:\/\/iwell-guard.com\/is\/wp-json\/wp\/v2\/media\/3446"}],"wp:attachment":[{"href":"https:\/\/iwell-guard.com\/is\/wp-json\/wp\/v2\/media?parent=169134"}],"wp:term":[{"taxonomy":"category","embeddable":true,"href":"https:\/\/iwell-guard.com\/is\/wp-json\/wp\/v2\/categories?post=169134"}],"curies":[{"name":"wp","href":"https:\/\/api.w.org\/{rel}","templated":true}]}}