{"id":169130,"date":"2026-09-05T14:05:50","date_gmt":"2026-09-05T14:05:50","guid":{"rendered":"https:\/\/iwell-guard.com\/?page_id=169130"},"modified":"2026-09-05T14:33:03","modified_gmt":"2026-09-05T14:33:03","slug":"draumafangari-helgigripur-ojibwe","status":"publish","type":"page","link":"https:\/\/iwell-guard.com\/is\/draumafangari-helgigripur-ojibwe\/","title":{"rendered":"Draumafangari \u2013 helgigripur Ojibwe-f\u00f3lksins"},"content":{"rendered":"\t\t<div data-elementor-type=\"wp-page\" data-elementor-id=\"169130\" class=\"elementor elementor-169130 elementor-3601 elementor-bc-flex-widget\" data-elementor-post-type=\"page\">\n\t\t\t\t<div class=\"elementor-element elementor-element-iwgs-traumfaenger-hero e-flex e-con-boxed e-con e-parent\" data-id=\"iwgs-traumfaenger-hero\" data-element_type=\"container\" data-e-type=\"container\">\n\t\t\t\t\t<div class=\"e-con-inner\">\n\t\t<div class=\"elementor-element elementor-element-iwgs-traumfaenger-hl e-flex e-con-boxed e-con e-parent\" data-id=\"iwgs-traumfaenger-hl\" data-element_type=\"container\" data-e-type=\"container\">\n\t\t\t\t\t<div class=\"e-con-inner\">\n\t\t<div class=\"elementor-element elementor-element-iwgs-traumfaenger-hlbox e-con-full e-flex e-con e-parent\" data-id=\"iwgs-traumfaenger-hlbox\" data-element_type=\"container\" data-e-type=\"container\">\n\t\t\t\t<div class=\"elementor-element elementor-element-iwgs-traumfaenger-h1 elementor-widget elementor-widget-heading\" data-id=\"iwgs-traumfaenger-h1\" data-element_type=\"widget\" data-e-type=\"widget\" data-widget_type=\"heading.default\">\n\t\t\t\t\t<h1 class=\"elementor-heading-title elementor-size-default\">Draumafangarinn \u2013 helgigripur frumbyggja Nor\u00f0ur-Amer\u00edku<\/h1>\t\t\t\t<\/div>\n\t\t\t\t<div class=\"elementor-element elementor-element-iwgs-traumfaenger-lead elementor-widget elementor-widget-text-editor\" data-id=\"iwgs-traumfaenger-lead\" data-element_type=\"widget\" data-e-type=\"widget\" data-widget_type=\"text-editor.default\">\n\t\t\t\t\t\t\t\t\t<p>Sem helgigrip tengja margir frumbyggjar Nor\u00f0ur-Amer\u00edku \u00fe\u00e1 hugmynd vi\u00f0 draumafangarann a\u00f0 hann halda sl\u00e6mum draumum fr\u00e1 \u00feeim sofandi. Draumafangarinn er helgigripur frumbyggja\u00fej\u00f3\u00f0a Nor\u00f0ur-Amer\u00edku.<\/p><p>Uppruna sinn \u00e1tti hann hj\u00e1 Ojibwe-f\u00f3lkinu, \u00fear sem f\u00edngert net \u00ed hring yfir v\u00f6ggunni \u00e1tti a\u00f0 gr\u00edpa sl\u00e6ma drauma og a\u00f0eins leyfa g\u00f3\u00f0um draumum a\u00f0 komast til sofandi barnsins.<\/p>\t\t\t\t\t\t\t\t<\/div>\n\t\t\t\t<\/div>\n\t\t\t\t<div class=\"elementor-element elementor-element-iwgs-traumfaenger-pills elementor-widget elementor-widget-html\" data-id=\"iwgs-traumfaenger-pills\" data-element_type=\"widget\" data-e-type=\"widget\" data-widget_type=\"html.default\">\n\t\t\t\t\t<div class=\"iwg-pill-row\"><span class=\"iwg-klasse-badge\" tabindex=\"0\" data-tooltip=\"Verndart\u00e1kn, verndargripur e\u00f0a ap\u00f3tr\u00f3pa\u00edskur hlutur.\">Verndart\u00e1kn<\/span><a href=\"https:\/\/iwell-guard.com\/is\/indianskir-gudir-wakan-tanka-first-nations\/\" class=\"iwg-kultur-badge\" tabindex=\"0\" data-tooltip=\"Verndarhef\u00f0: Frumbyggjar Nor\u00f0ur-Amer\u00edku\">Frumbyggjar Nor\u00f0ur-Amer\u00edku<\/a><span class=\"iwg-tradition-badge\" tabindex=\"0\" data-tooltip=\"Hlutur sem talin er hafa verndandi \u00e1hrif.\">Helgigripur<\/span><\/div>\t\t\t\t<\/div>\n\t\t\t\t\t<\/div>\n\t\t\t\t<\/div>\n\t\t<div class=\"elementor-element elementor-element-iwgs-traumfaenger-hr e-con-full e-flex e-con e-parent\" data-id=\"iwgs-traumfaenger-hr\" data-element_type=\"container\" data-e-type=\"container\">\n\t\t\t\t<div class=\"elementor-element elementor-element-iwgs-traumfaenger-himg iwg-hero-image elementor-widget elementor-widget-image\" data-id=\"iwgs-traumfaenger-himg\" data-element_type=\"widget\" data-e-type=\"widget\" data-widget_type=\"image.default\">\n\t\t\t\t\t\t\t\t\t\t\t\t\t\t\t<img fetchpriority=\"high\" decoding=\"async\" width=\"683\" height=\"1024\" src=\"https:\/\/iwell-guard.com\/wp-content\/uploads\/2026\/05\/schutzsymbol_indigen_traumfaenger-683x1024.webp\" class=\"attachment-large size-large wp-image-3441\" alt=\"Traditioneller Traumf\u00e4nger mit Weidenreif, gewebtem Netz und herabh\u00e4ngenden Federn\" srcset=\"https:\/\/iwell-guard.com\/wp-content\/uploads\/2026\/05\/schutzsymbol_indigen_traumfaenger-683x1024.webp 683w, https:\/\/iwell-guard.com\/wp-content\/uploads\/2026\/05\/schutzsymbol_indigen_traumfaenger-200x300.webp 200w, https:\/\/iwell-guard.com\/wp-content\/uploads\/2026\/05\/schutzsymbol_indigen_traumfaenger-768x1152.webp 768w, https:\/\/iwell-guard.com\/wp-content\/uploads\/2026\/05\/schutzsymbol_indigen_traumfaenger.webp 1024w\" sizes=\"(max-width: 683px) 100vw, 683px\" \/>\t\t\t\t\t\t\t\t\t\t\t\t\t\t\t<\/div>\n\t\t\t\t<\/div>\n\t\t\t\t\t<\/div>\n\t\t\t\t<\/div>\n\t\t<div class=\"elementor-element elementor-element-iwgs-traumfaenger-s0 e-flex e-con-boxed e-con e-parent\" data-id=\"iwgs-traumfaenger-s0\" data-element_type=\"container\" data-e-type=\"container\">\n\t\t\t\t\t<div class=\"e-con-inner\">\n\t\t\t\t<div class=\"elementor-element elementor-element-iwgs-traumfaenger-s0h elementor-widget elementor-widget-heading\" data-id=\"iwgs-traumfaenger-s0h\" data-element_type=\"widget\" data-e-type=\"widget\" data-widget_type=\"heading.default\">\n\t\t\t\t\t<h2 class=\"elementor-heading-title elementor-size-default\">Yfirlit<\/h2>\t\t\t\t<\/div>\n\t\t<div class=\"elementor-element elementor-element-iwgs-traumfaenger-s0box e-con-full e-flex e-con e-parent\" data-id=\"iwgs-traumfaenger-s0box\" data-element_type=\"container\" data-e-type=\"container\">\n\t\t\t\t<div class=\"elementor-element elementor-element-iwgs-traumfaenger-s0t elementor-widget elementor-widget-text-editor\" data-id=\"iwgs-traumfaenger-s0t\" data-element_type=\"widget\" data-e-type=\"widget\" data-widget_type=\"text-editor.default\">\n\t\t\t\t\t\t\t\t\t<p>Draumafangarinn er helgigripur sem upprunninn er \u00far heimi frumbyggja\u00fej\u00f3\u00f0a Nor\u00f0ur-Amer\u00edku. Hann samanstendur af hring \u00far grind, \u00fear sem netlaga vefur er strengdur, og af fj\u00f6\u00f0rum og skarti sem hanga ni\u00f0ur \u00far honum.<\/p><p>Uppruna sinn \u00e1tti hann hj\u00e1 Ojibwe-f\u00f3lkinu, sem einnig er kalla\u00f0 Anishinaabe og b\u00fdr \u00e1 sv\u00e6\u00f0i St\u00f3rvatnanna. \u00cd tungum\u00e1li \u00feeirra ber hlutinn nafn sem tengist k\u00f6ngul\u00f3nni og neti hennar.<\/p><p>Hlutverk draumafangarans er n\u00e1tengt svefninum. Hann var hengdur upp yfir sofandi sta\u00f0, s\u00e9rstaklega yfir v\u00f6ggu barns, og \u00e1tti a\u00f0 vernda svefninn fr\u00e1 ska\u00f0legum \u00e1hrifum.<\/p><p>\u00cd dag er draumafangarinn \u00feekktur um allan heim. \u00deessi mikla \u00fatbrei\u00f0sla hefur gert hann kunnuglegan m\u00f6rgu f\u00f3lki, en hefur einnig oft byrgt s\u00fdn \u00e1 hinn eiginlega uppruna og merkingu hans. N\u00e1kv\u00e6m framsetning byrjar \u00fev\u00ed hj\u00e1 Ojibwe-f\u00f3lkinu.<\/p><p>\u00cd tungum\u00e1li Ojibwe-f\u00f3lksins ber draumafangarinn nafn sem v\u00edsar til k\u00f6ngul\u00f3arinnar og nets hennar. \u00deessi tungutengsl v\u00edsa beint \u00e1 fyrirmynd hlutarins. Sem sj\u00e1lfst\u00e6tt l\u00fdstur og nefndur hlutur var draumafangarinn \u00fe\u00f3 ekki skjalfestur n\u00e1kv\u00e6mlega fyrr en tilt\u00f6lulega seint, og \u00fev\u00ed byggir ranns\u00f3knin a\u00f0 miklu leyti \u00e1 munnlegri <span class=\"iwg-fachbegriff\" data-tooltip=\"Mi\u00f0lun \u00feekkingar og sagna milli kynsl\u00f3\u00f0a.\" tabindex=\"0\">arfleif\u00f0<\/span>.<\/p>\t\t\t\t\t\t\t\t<\/div>\n\t\t\t\t<\/div>\n\t\t\t\t\t<\/div>\n\t\t\t\t<\/div>\n\t\t<div class=\"elementor-element elementor-element-iwgs-traumfaenger-s1 e-flex e-con-boxed e-con e-parent\" data-id=\"iwgs-traumfaenger-s1\" data-element_type=\"container\" data-e-type=\"container\">\n\t\t\t\t\t<div class=\"e-con-inner\">\n\t\t\t\t<div class=\"elementor-element elementor-element-iwgs-traumfaenger-s1h elementor-widget elementor-widget-heading\" data-id=\"iwgs-traumfaenger-s1h\" data-element_type=\"widget\" data-e-type=\"widget\" data-widget_type=\"heading.default\">\n\t\t\t\t\t<h2 class=\"elementor-heading-title elementor-size-default\">Uppruni hj\u00e1 Ojibwe-f\u00f3lkinu<\/h2>\t\t\t\t<\/div>\n\t\t<div class=\"elementor-element elementor-element-iwgs-traumfaenger-s1box e-con-full e-flex e-con e-parent\" data-id=\"iwgs-traumfaenger-s1box\" data-element_type=\"container\" data-e-type=\"container\">\n\t\t\t\t<div class=\"elementor-element elementor-element-iwgs-traumfaenger-s1t elementor-widget elementor-widget-text-editor\" data-id=\"iwgs-traumfaenger-s1t\" data-element_type=\"widget\" data-e-type=\"widget\" data-widget_type=\"text-editor.default\">\n\t\t\t\t\t\t\t\t\t<p>Draumafangarinn er upprunalega hluti af menningu Ojibwe-f\u00f3lksins. \u00cd \u00feeirri hef\u00f0 var hann handger\u00f0ur og hengdur upp yfir sofandi sta\u00f0, s\u00e9rstaklega \u00fear sem b\u00f6rn sv\u00e1fu.<\/p><p>Fyrstu draumafangararnir voru litlir hlutir. Grindin var beyg\u00f0 \u00far sveigjanlegri grein, oftast v\u00ed\u00f0i, og neti\u00f0 hn\u00fdtt \u00far jurtatrefjum e\u00f0a sinum. Efnin komu beint \u00far n\u00e1tt\u00farunni \u00ed kring.<\/p><p>Ojibwe-f\u00f3lki\u00f0 skildi draumafangarann sem hluta af um\u00f6nnun svefnsins og velfer\u00f0ar barnsins. Hann var ekki skartgripur, heldur hlutur me\u00f0 lj\u00f3st hlutverk innan heimilisl\u00edfsins.<\/p><p>\u00dear sem fyrstu draumafangararnir voru ger\u00f0ir \u00far forgengilegum n\u00e1tt\u00faruefnum eru f\u00e1 g\u00f6mul stykki var\u00f0veitt. \u00deekking \u00e1 upprunalegu formi \u00feeirra byggir \u00fev\u00ed a\u00f0allega \u00e1 munnlegri <span class=\"iwg-fachbegriff\" data-tooltip=\"Mi\u00f0lun \u00feekkingar og sagna milli kynsl\u00f3\u00f0a.\" tabindex=\"0\">arfleif\u00f0<\/span> og \u00e1 skr\u00e1ningum sem ur\u00f0u til fr\u00e1 og me\u00f0 s\u00ed\u00f0ari hluta 19. aldar.<\/p><p>K\u00f6ngul\u00f3in haf\u00f0i fastan, vinsamlegan sta\u00f0 \u00ed hugarheimi Ojibwe-f\u00f3lksins. H\u00fan var talin gagnlegt d\u00fdr \u00e1 heimilinu, sem m\u00e6tt var me\u00f0 velvild. \u00deessi j\u00e1kv\u00e6\u00f0a skynjun k\u00f6ngul\u00f3arinnar \u00fatsk\u00fdrir hvers vegna net hennar var\u00f0 fyrirmynd a\u00f0 helgigrip sem \u00e1tti a\u00f0 vaka yfir svefni barnanna.<\/p>\t\t\t\t\t\t\t\t<\/div>\n\t\t\t\t<\/div>\n\t\t\t\t\t<\/div>\n\t\t\t\t<\/div>\n\t\t<div class=\"elementor-element elementor-element-iwgs-traumfaenger-s2 e-flex e-con-boxed e-con e-parent\" data-id=\"iwgs-traumfaenger-s2\" data-element_type=\"container\" data-e-type=\"container\">\n\t\t\t\t\t<div class=\"e-con-inner\">\n\t\t\t\t<div class=\"elementor-element elementor-element-iwgs-traumfaenger-s2h elementor-widget elementor-widget-heading\" data-id=\"iwgs-traumfaenger-s2h\" data-element_type=\"widget\" data-e-type=\"widget\" data-widget_type=\"heading.default\">\n\t\t\t\t\t<h2 class=\"elementor-heading-title elementor-size-default\">K\u00f6ngul\u00f3konan<\/h2>\t\t\t\t<\/div>\n\t\t<div class=\"elementor-element elementor-element-iwgs-traumfaenger-s2box e-con-full e-flex e-con e-parent\" data-id=\"iwgs-traumfaenger-s2box\" data-element_type=\"container\" data-e-type=\"container\">\n\t\t\t\t<div class=\"elementor-element elementor-element-iwgs-traumfaenger-s2t elementor-widget elementor-widget-text-editor\" data-id=\"iwgs-traumfaenger-s2t\" data-element_type=\"widget\" data-e-type=\"widget\" data-widget_type=\"text-editor.default\">\n\t\t\t\t\t\t\t\t\t<p>Me\u00f0 draumafangaranum er tengd s\u00f6gn af umhyggjusamri k\u00f6ngul\u00f3konu. \u00cd <span class=\"iwg-fachbegriff\" data-tooltip=\"Mi\u00f0lun \u00feekkingar og sagna milli kynsl\u00f3\u00f0a.\" tabindex=\"0\">arfleif\u00f0<\/span> Ojibwe-f\u00f3lksins er h\u00fan vera sem s\u00e9r um f\u00f3lki\u00f0, s\u00e9rstaklega b\u00f6rnin, og vakir yfir svefni \u00feeirra.<\/p><p>S\u00f6gnin segir a\u00f0 k\u00f6ngul\u00f3konan hafi ofi\u00f0 net yfir hverri v\u00f6ggu til a\u00f0 vernda sofandi b\u00f6rnin. Me\u00f0an \u00fej\u00f3\u00f0in bj\u00f3 \u00fe\u00e9tt saman gat h\u00fan komist til hvers barns.<\/p><p>\u00deegar \u00fej\u00f3\u00f0in dreif\u00f0ist s\u00ed\u00f0an yfir s\u00edfellt st\u00e6rra sv\u00e6\u00f0i, gat k\u00f6ngul\u00f3konan ekki lengur n\u00e1\u00f0 til allra barna. \u00de\u00e1 f\u00f3ru, samkv\u00e6mt s\u00f6gninni, m\u00e6\u00f0ur og \u00f6mmur a\u00f0 hn\u00fdta net sj\u00e1lfar og hengja \u00feau upp yfir v\u00f6ggurnar.<\/p><p>\u00deessi s\u00f6gn tengir form draumafangarans, ofna neti\u00f0, vi\u00f0 hugmyndina um umhyggju. Draumafangarinn, hn\u00fdttur af h\u00f6ndum mannsins, kemur \u00fear \u00ed sta\u00f0 nets k\u00f6ngul\u00f3konunnar og heldur verndinni \u00e1fram.<\/p><p>S\u00f6gnin af k\u00f6ngul\u00f3konunni er var\u00f0veitt \u00ed mismunandi \u00fatg\u00e1fum. Munnleg <span class=\"iwg-fachbegriff\" data-tooltip=\"Mi\u00f0lun \u00feekkingar og sagna milli kynsl\u00f3\u00f0a.\" tabindex=\"0\">arfleif\u00f0<\/span> er ekki st\u00f6\u00f0nu\u00f0, og einstakar fj\u00f6lskyldur og samf\u00e9l\u00f6g s\u00f6g\u00f0u s\u00f6gnina me\u00f0 eigin \u00e1herslum. \u00deessi breytileiki er ekki galli, heldur er hann hluti af e\u00f0li lifandi hef\u00f0ar sem lifir ekki \u00e1fram \u00ed einum f\u00f6stum texta, heldur \u00ed sj\u00e1lfri fr\u00e1s\u00f6gninni.<\/p>\t\t\t\t\t\t\t\t<\/div>\n\t\t\t\t<\/div>\n\t\t\t\t\t<\/div>\n\t\t\t\t<\/div>\n\t\t<div class=\"elementor-element elementor-element-iwgs-traumfaenger-s3 e-flex e-con-boxed e-con e-parent\" data-id=\"iwgs-traumfaenger-s3\" data-element_type=\"container\" data-e-type=\"container\">\n\t\t\t\t\t<div class=\"e-con-inner\">\n\t\t\t\t<div class=\"elementor-element elementor-element-iwgs-traumfaenger-s3h elementor-widget elementor-widget-heading\" data-id=\"iwgs-traumfaenger-s3h\" data-element_type=\"widget\" data-e-type=\"widget\" data-widget_type=\"heading.default\">\n\t\t\t\t\t<h2 class=\"elementor-heading-title elementor-size-default\">Form og efni<\/h2>\t\t\t\t<\/div>\n\t\t<div class=\"elementor-element elementor-element-iwgs-traumfaenger-s3box e-con-full e-flex e-con e-parent\" data-id=\"iwgs-traumfaenger-s3box\" data-element_type=\"container\" data-e-type=\"container\">\n\t\t\t\t<div class=\"elementor-element elementor-element-iwgs-traumfaenger-s3t elementor-widget elementor-widget-text-editor\" data-id=\"iwgs-traumfaenger-s3t\" data-element_type=\"widget\" data-e-type=\"widget\" data-widget_type=\"text-editor.default\">\n\t\t\t\t\t\t\t\t\t<p>Hin hef\u00f0bundna draumavei\u00f0arann fylgir sk\u00fdrri uppbyggingu. Ramminn er hringlaga umgj\u00f6r\u00f0 \u00far sveigjanlegri grein. Inn \u00ed \u00feessa umgj\u00f6r\u00f0 er strengt net sem liggur fr\u00e1 \u00fatja\u00f0ri inn a\u00f0 mi\u00f0ju og myndar op \u00ed mi\u00f0junni.<\/p><p>Neti\u00f0 var hn\u00fdtt me\u00f0 samfelldum \u00fer\u00e6\u00f0i sem var festur vi\u00f0 umgj\u00f6r\u00f0ina me\u00f0 reglulegu millibili. \u00deannig mynda\u00f0ist hi\u00f0 einkennandi munstur sem minnir \u00e1 k\u00f3ngul\u00f3arvef. Litlum skartgripum var h\u00e6gt a\u00f0 fl\u00e9tta inn \u00ed neti\u00f0.<\/p><p>\u00c1 ne\u00f0ri hluta umgj\u00f6r\u00f0arins voru hengdar fja\u00f0rir og stundum perlur e\u00f0a le\u00f0urb\u00f6nd. \u00deessir hlutir voru ekki a\u00f0eins til skrauts, heldur h\u00f6f\u00f0u sitt eigi\u00f0 hlutverk \u00ed t\u00falkun draumavei\u00f0arans.<\/p><p>Efnivi\u00f0urinn kom \u00far n\u00e1nasta umhverfi. V\u00ed\u00f0itr\u00e9, pl\u00f6ntutrefjar, sinar og fja\u00f0rir voru til sta\u00f0ar og au\u00f0velt var a\u00f0 vinna \u00far \u00feeim. Draumavei\u00f0arinn var \u00feannig hlutur sem var\u00f0 til \u00far einf\u00f6ldum efnum sem voru til sta\u00f0ar \u00e1 sta\u00f0num.<\/p><p>Sta\u00f0irnir \u00fear sem neti\u00f0 er fest vi\u00f0 umgj\u00f6r\u00f0ina hafa \u00ed sumum t\u00falkunum s\u00edna eigin merkingu. \u00c1 vissum st\u00f6\u00f0um er tala\u00f0 um \u00e1kve\u00f0inn fj\u00f6lda festingarpunkta sem v\u00edsa\u00f0 er til f\u00f3ta k\u00f3ngul\u00f3arinnar e\u00f0a til gangs tunglsins. H\u00e9r kemur einnig fram a\u00f0 engin ein bindandi ger\u00f0 er til, heldur \u00fdmsar mismunandi \u00fatg\u00e1fur sem hafa var\u00f0veist \u00ed munnm\u00e6lum.<\/p>\t\t\t\t\t\t\t\t<\/div>\n\t\t\t\t<\/div>\n\t\t\t\t\t<\/div>\n\t\t\t\t<\/div>\n\t\t<div class=\"elementor-element elementor-element-iwgs-traumfaenger-s4 e-flex e-con-boxed e-con e-parent\" data-id=\"iwgs-traumfaenger-s4\" data-element_type=\"container\" data-e-type=\"container\">\n\t\t\t\t\t<div class=\"e-con-inner\">\n\t\t\t\t<div class=\"elementor-element elementor-element-iwgs-traumfaenger-s4h elementor-widget elementor-widget-heading\" data-id=\"iwgs-traumfaenger-s4h\" data-element_type=\"widget\" data-e-type=\"widget\" data-widget_type=\"heading.default\">\n\t\t\t\t\t<h2 class=\"elementor-heading-title elementor-size-default\">Verkunarreglan: g\u00f3\u00f0ir og sl\u00e6mir draumar<\/h2>\t\t\t\t<\/div>\n\t\t<div class=\"elementor-element elementor-element-iwgs-traumfaenger-s4box e-con-full e-flex e-con e-parent\" data-id=\"iwgs-traumfaenger-s4box\" data-element_type=\"container\" data-e-type=\"container\">\n\t\t\t\t<div class=\"elementor-element elementor-element-iwgs-traumfaenger-s4t elementor-widget elementor-widget-text-editor\" data-id=\"iwgs-traumfaenger-s4t\" data-element_type=\"widget\" data-e-type=\"widget\" data-widget_type=\"text-editor.default\">\n\t\t\t\t\t\t\t\t\t<p>Hugmyndin \u00e1 bak vi\u00f0 draumavei\u00f0arann tengist draumum \u00feess sem sefur. Neti\u00f0 \u00ed umgj\u00f6r\u00f0inni gerir samkv\u00e6mt \u00feessari t\u00falkun greinarmun \u00e1 draumunum og l\u00e6tur \u00fe\u00e1 ekki alla fara \u00ed gegn \u00e1 sama h\u00e1tt.<\/p><p>Samkv\u00e6mt algengri t\u00falkun fangar neti\u00f0 sl\u00e6mu draumana. \u00deeir festast \u00ed m\u00f6skvunum og geta ekki n\u00e1\u00f0 til \u00feess sem sefur. G\u00f3\u00f0u draumarnir aftur \u00e1 m\u00f3ti finna lei\u00f0 s\u00edna gegnum opi\u00f0 \u00ed mi\u00f0junni og komast til sofandans.<\/p><p>Vi\u00f0b\u00f3tarhugmynd tengir morgunlj\u00f3si\u00f0 inn \u00ed myndina. Sl\u00e6mu draumarnir sem fangast \u00ed netinu ey\u00f0ast \u00fe\u00e1 me\u00f0 fyrstu dagsbirtunni, \u00feannig a\u00f0 neti\u00f0 er aftur laust fyrir n\u00e6stu n\u00f3tt.<\/p><p>Til eru einnig fr\u00e1brug\u00f0nar t\u00falkanir \u00fear sem neti\u00f0 haldi \u00ed g\u00f3\u00f0u draumana og l\u00e1ti sl\u00e6mu draumana renna \u00ed gegn. \u00deessi mismunur s\u00fdnir a\u00f0 draumavei\u00f0arinn er ekki st\u00edfur l\u00e6rd\u00f3mur, heldur lifandi <span class=\"iwg-fachbegriff\" data-tooltip=\"Mi\u00f0lun \u00feekkingar og sagna milli kynsl\u00f3\u00f0a.\" tabindex=\"0\">munnm\u00e6li<\/span> me\u00f0 fj\u00f6lda t\u00falkana.<\/p><p>Opi\u00f0 \u00ed mi\u00f0ju netinu hefur s\u00e9rstakt hlutverk \u00ed t\u00falkuninni. \u00cd gegnum \u00fea\u00f0 \u00e1 g\u00f3\u00f0u draumarnir a\u00f0 finna lei\u00f0 s\u00edna til sofandans. Sumar sagnir tengja \u00feessa mynd vi\u00f0 morgunlj\u00f3si\u00f0, \u00fear sem sl\u00e6mu draumarnir sem festast \u00ed netinu ey\u00f0ast. Lj\u00f3s og op eru \u00feannig kjarni hinnar var\u00f0veittu t\u00falkunar.<\/p>\t\t\t\t\t\t\t\t<\/div>\n\t\t\t\t<\/div>\n\t\t\t\t\t<\/div>\n\t\t\t\t<\/div>\n\t\t<div class=\"elementor-element elementor-element-iwgs-traumfaenger-s5 e-flex e-con-boxed e-con e-parent\" data-id=\"iwgs-traumfaenger-s5\" data-element_type=\"container\" data-e-type=\"container\">\n\t\t\t\t\t<div class=\"e-con-inner\">\n\t\t\t\t<div class=\"elementor-element elementor-element-iwgs-traumfaenger-s5h elementor-widget elementor-widget-heading\" data-id=\"iwgs-traumfaenger-s5h\" data-element_type=\"widget\" data-e-type=\"widget\" data-widget_type=\"heading.default\">\n\t\t\t\t\t<h2 class=\"elementor-heading-title elementor-size-default\">Yfir v\u00f6ggunni: verndun barnsins<\/h2>\t\t\t\t<\/div>\n\t\t<div class=\"elementor-element elementor-element-iwgs-traumfaenger-s5box e-con-full e-flex e-con e-parent\" data-id=\"iwgs-traumfaenger-s5box\" data-element_type=\"container\" data-e-type=\"container\">\n\t\t\t\t<div class=\"elementor-element elementor-element-iwgs-traumfaenger-s5t elementor-widget elementor-widget-text-editor\" data-id=\"iwgs-traumfaenger-s5t\" data-element_type=\"widget\" data-e-type=\"widget\" data-widget_type=\"text-editor.default\">\n\t\t\t\t\t\t\t\t\t<p>\u00cd upprunalegri notkun sinni var draumavei\u00f0arinn n\u00e1tengdur barninu. Hann var hengdur upp yfir v\u00f6ggu e\u00f0a sofsta\u00f0i barnsins og heyr\u00f0i \u00feannig til um\u00f6nnunar hinna yngstu.<\/p><p>\u00deessi \u00e1herslu \u00e1 barni\u00f0 er ekki tilviljun. L\u00edtil b\u00f6rn voru \u00ed m\u00f6rgum menningarheimum talin s\u00e9rstaklega vi\u00f0kv\u00e6m, og svefninn var \u00e1stand sem tali\u00f0 var a\u00f0 \u00feau \u00feyrftu vernd \u00ed. Draumavei\u00f0arinn svara\u00f0i n\u00e1kv\u00e6mlega \u00feessari upplifun.<\/p><p>Sagan af k\u00f3ngul\u00f3arkonunni sem vakir yfir v\u00f6ggunum undirstrikar \u00feessa tengingu. Draumavei\u00f0arinn heldur \u00e1fram umhyggju hennar og gerir hana s\u00fdnilega \u00ed h\u00fasinu, \u00fear sem barni\u00f0 hv\u00edlist.<\/p><p>\u00deannig fellur draumavei\u00f0arinn inn \u00ed heimsv\u00edtt mynstur. \u00cd m\u00f6rgum menningarheimum sn\u00faast verndargripir um barni\u00f0, f\u00e6\u00f0inguna og svefninn, \u00fev\u00ed \u00fear er \u00f3skin um var\u00f0veislu einna sterkust.<\/p><p>Verndun barnsins haf\u00f0i me\u00f0al Ojibwe margar birtingarmyndir. Ungb\u00f6rn voru borin \u00ed vandlega ger\u00f0um bur\u00f0arumb\u00fana\u00f0i, og \u00e1 \u00feeim voru oft festir litlir hlutir sem \u00e6tla\u00f0 var a\u00f0 verja barni\u00f0. Draumavei\u00f0arinn yfir sofsta\u00f0inum f\u00e9ll inn \u00ed \u00feetta net verndarsi\u00f0a og var hluti af v\u00ed\u00f0t\u00e6kri umhyggju fyrir hinum yngstu.<\/p>\t\t\t\t\t\t\t\t<\/div>\n\t\t\t\t<\/div>\n\t\t\t\t\t<\/div>\n\t\t\t\t<\/div>\n\t\t<div class=\"elementor-element elementor-element-iwgs-traumfaenger-s6 e-flex e-con-boxed e-con e-parent\" data-id=\"iwgs-traumfaenger-s6\" data-element_type=\"container\" data-e-type=\"container\">\n\t\t\t\t\t<div class=\"e-con-inner\">\n\t\t\t\t<div class=\"elementor-element elementor-element-iwgs-traumfaenger-s6h elementor-widget elementor-widget-heading\" data-id=\"iwgs-traumfaenger-s6h\" data-element_type=\"widget\" data-e-type=\"widget\" data-widget_type=\"heading.default\">\n\t\t\t\t\t<h2 class=\"elementor-heading-title elementor-size-default\">\u00datbrei\u00f0sla me\u00f0al frumbyggja\u00fej\u00f3\u00f0a<\/h2>\t\t\t\t<\/div>\n\t\t<div class=\"elementor-element elementor-element-iwgs-traumfaenger-s6box e-con-full e-flex e-con e-parent\" data-id=\"iwgs-traumfaenger-s6box\" data-element_type=\"container\" data-e-type=\"container\">\n\t\t\t\t<div class=\"elementor-element elementor-element-iwgs-traumfaenger-s6t elementor-widget elementor-widget-text-editor\" data-id=\"iwgs-traumfaenger-s6t\" data-element_type=\"widget\" data-e-type=\"widget\" data-widget_type=\"text-editor.default\">\n\t\t\t\t\t\t\t\t\t<p>Upprunalega var draumavei\u00f0arinn hlutur fr\u00e1 Ojibwe. \u00c1 20. \u00f6ldinni breiddist hann \u00fe\u00f3 \u00fat til margra annarra frumbyggja\u00fej\u00f3\u00f0a Nor\u00f0ur-Amer\u00edku.<\/p><p>\u00deessi \u00fatbrei\u00f0sla tengdist \u00fer\u00f3un \u00fear sem f\u00f3lk \u00far \u00fdmsum frumbyggja\u00fej\u00f3\u00f0um f\u00f3r a\u00f0 skilgreina sig \u00ed meira m\u00e6li sem sameiginlegan h\u00f3p. \u00c1 \u00feessum t\u00edma voru einstakar menningarlegar birtingarmyndir teknar upp yfir landam\u00e6ri einstakra \u00fej\u00f3\u00f0a.<\/p><p>Draumavei\u00f0arinn var\u00f0 \u00feannig a\u00f0 merki sem margir frumbyggjar deildu me\u00f0 s\u00e9r. Hann st\u00f3\u00f0 \u00ed vaxandi m\u00e6li ekki a\u00f0eins fyrir Ojibwe, heldur almennt fyrir frumbyggjasj\u00e1lfsmynd og tengingu vi\u00f0 eigin r\u00e6tur.<\/p><p>\u00deessi \u00fer\u00f3un er mikilv\u00e6g fyrir skilning \u00e1 draumavei\u00f0aranum. H\u00fan \u00fatsk\u00fdrir hvers vegna hann er \u00ed dag tengdur frumbyggja\u00fej\u00f3\u00f0um Nor\u00f0ur-Amer\u00edku \u00ed heild, \u00fe\u00f3tt uppruni hans liggi \u00ed \u00e1kve\u00f0inni menningu.<\/p><p>\u00datbrei\u00f0sla draumavei\u00f0arans yfir margar \u00fej\u00f3\u00f0ir \u00e1tti s\u00e9r sta\u00f0 \u00e1 t\u00edma \u00feegar frumbyggjasamf\u00e9l\u00f6g endurskipul\u00f6g\u00f0u sig og s\u00fdndu menningu s\u00edna af sj\u00e1lfstrausti. \u00c1 st\u00f3rum samkomum og h\u00e1t\u00ed\u00f0um hittust f\u00f3lk \u00far \u00fdmsum \u00fej\u00f3\u00f0um, og menningarlegar birtingarmyndir voru skiptar \u00e1 milli. Draumavei\u00f0arinn var me\u00f0al \u00feeirra hluta sem \u00e1 \u00feennan h\u00e1tt ur\u00f0u kunnir langt \u00fat fyrir upprunamenningu s\u00edna.<\/p>\t\t\t\t\t\t\t\t<\/div>\n\t\t\t\t<\/div>\n\t\t\t\t\t<\/div>\n\t\t\t\t<\/div>\n\t\t<div class=\"elementor-element elementor-element-iwgs-traumfaenger-s7 e-flex e-con-boxed e-con e-parent\" data-id=\"iwgs-traumfaenger-s7\" data-element_type=\"container\" data-e-type=\"container\">\n\t\t\t\t\t<div class=\"e-con-inner\">\n\t\t\t\t<div class=\"elementor-element elementor-element-iwgs-traumfaenger-s7h elementor-widget elementor-widget-heading\" data-id=\"iwgs-traumfaenger-s7h\" data-element_type=\"widget\" data-e-type=\"widget\" data-widget_type=\"heading.default\">\n\t\t\t\t\t<h2 class=\"elementor-heading-title elementor-size-default\">Marka\u00f0sv\u00e6\u00f0ing og spurningin um menningarn\u00e1m<\/h2>\t\t\t\t<\/div>\n\t\t<div class=\"elementor-element elementor-element-iwgs-traumfaenger-s7box e-con-full e-flex e-con e-parent\" data-id=\"iwgs-traumfaenger-s7box\" data-element_type=\"container\" data-e-type=\"container\">\n\t\t\t\t<div class=\"elementor-element elementor-element-iwgs-traumfaenger-s7t elementor-widget elementor-widget-text-editor\" data-id=\"iwgs-traumfaenger-s7t\" data-element_type=\"widget\" data-e-type=\"widget\" data-widget_type=\"text-editor.default\">\n\t\t\t\t\t\t\t\t\t<p>Me\u00f0 vaxandi vins\u00e6ldum var draumavei\u00f0arinn framleiddur og seldur \u00ed miklu magni. \u00cd dag er hann f\u00e1anlegur sem fj\u00f6ldaframleidd vara um allan heim, oft v\u00e9lframleiddur og fjarri sinni upprunalegu mynd og merkingu.<\/p><p>\u00deessi \u00fer\u00f3un hefur leitt til gagnr\u00fdnnar umr\u00e6\u00f0u. Margar raddir frumbyggja benda \u00e1 a\u00f0 hlutur me\u00f0 \u00e1kve\u00f0na menningarlega merkingu hafi or\u00f0i\u00f0 a\u00f0 hva\u00f0a skrautv\u00f6ru sem er.<\/p><p>\u00cd brennidepli er spurningin um menningarn\u00e1m. \u00dear er \u00e1tt vi\u00f0 a\u00f0 menningarlegt element s\u00e9 teki\u00f0 upp \u00e1n tengsla vi\u00f0 uppruna \u00feess og \u00e1n \u00fe\u00e1ttt\u00f6ku \u00feess samf\u00e9lags sem \u00fea\u00f0 kemur fr\u00e1.<\/p><p>M\u00e1lefnaleg umfj\u00f6llun \u00e6tti a\u00f0 nefna \u00feessa spurningu. Draumavei\u00f0arinn er ekki a\u00f0eins skrauthlutur, heldur hluti af lifandi menningu frumbyggja. \u00deekking \u00e1 uppruna hans er hluti af vir\u00f0ingarfullri umgengni vi\u00f0 hann.<\/p><p>Til spurningarinnar um marka\u00f0sv\u00e6\u00f0ingu heyrir einnig mikilv\u00e6g a\u00f0greining. Handverksf\u00f3lk frumbyggja framlei\u00f0ir draumavei\u00f0ara samkv\u00e6mt hef\u00f0bundnum a\u00f0fer\u00f0um og selur \u00fe\u00e1, og \u00fea\u00f0 er vi\u00f0urkennd og virt l\u00edfsvi\u00f0urv\u00e6rislei\u00f0. Fr\u00e1 \u00fev\u00ed ber a\u00f0 skilja \u00f3nafngreinda fj\u00f6ldaframlei\u00f0slu. \u00deeir sem kaupa draumavei\u00f0ara fr\u00e1 frumbyggjaframlei\u00f0endum sty\u00f0ja hef\u00f0ina \u00ed sta\u00f0 \u00feess a\u00f0 \u00feynna hana \u00fat.<\/p>\t\t\t\t\t\t\t\t<\/div>\n\t\t\t\t<\/div>\n\t\t\t\t\t<\/div>\n\t\t\t\t<\/div>\n\t\t<div class=\"elementor-element elementor-element-iwgs-traumfaenger-s8 e-flex e-con-boxed e-con e-parent\" data-id=\"iwgs-traumfaenger-s8\" data-element_type=\"container\" data-e-type=\"container\">\n\t\t\t\t\t<div class=\"e-con-inner\">\n\t\t\t\t<div class=\"elementor-element elementor-element-iwgs-traumfaenger-s8h elementor-widget elementor-widget-heading\" data-id=\"iwgs-traumfaenger-s8h\" data-element_type=\"widget\" data-e-type=\"widget\" data-widget_type=\"heading.default\">\n\t\t\t\t\t<h2 class=\"elementor-heading-title elementor-size-default\">M\u00f3tt\u00f6kur \u00ed dag<\/h2>\t\t\t\t<\/div>\n\t\t<div class=\"elementor-element elementor-element-iwgs-traumfaenger-s8box e-con-full e-flex e-con e-parent\" data-id=\"iwgs-traumfaenger-s8box\" data-element_type=\"container\" data-e-type=\"container\">\n\t\t\t\t<div class=\"elementor-element elementor-element-iwgs-traumfaenger-s8t elementor-widget elementor-widget-text-editor\" data-id=\"iwgs-traumfaenger-s8t\" data-element_type=\"widget\" data-e-type=\"widget\" data-widget_type=\"text-editor.default\">\n\t\t\t\t\t\t\t\t\t<p>Draumafangarinn (dreamcatcher) er \u00ed dag eitt af \u00feekktustu hlutunum \u00ed heiminum sem tengjast frumbyggjamenningu. Hann kemur fyrir sem veggskraut, sem hengi og sem <span class=\"iwg-fachbegriff\" data-tooltip=\"Endurteki\u00f0 efnislegt einkenni \u00ed list e\u00f0a fr\u00e1s\u00f6gn.\" tabindex=\"0\">myndefni<\/span> \u00ed h\u00f6nnun.<\/p><p>\u00cd \u00feessari v\u00ed\u00f0t\u00e6ku m\u00f3tt\u00f6ku hefur upprunalega merkingin oft dofna\u00f0. Fyrir marga er draumafangarinn almennt t\u00e1kn um vernd, um \u00fe\u00e6gilega drauma e\u00f0a um n\u00e1tt\u00farutengt l\u00edfsvi\u00f0horf.<\/p><p>Innan frumbyggjasamf\u00e9laganna sj\u00e1lfra er draumafangarinn enn \u00ed dag handger\u00f0ur, og \u00fear er \u00feekkingin \u00e1 uppruna hans og merkingu lifandi. Fyrir \u00feau er hann hluti af eigin hef\u00f0, ekki tilviljanakennt minjagrip.<\/p><p>Draumafangarinn er \u00feannig d\u00e6mi um verndargrip sem hefur borist fr\u00e1 \u00e1kve\u00f0inni menningu \u00fat \u00ed heiminn allan. Ferill hans s\u00fdnir hversu miki\u00f0 sl\u00edkur hlutur getur b\u00e6\u00f0i \u00e1skotnast og glata\u00f0 \u00e1 \u00feeirri vegfer\u00f0.<\/p><p>\u00cd samt\u00edmamenningu birtist draumafangarinn v\u00ed\u00f0a, fr\u00e1 innanh\u00fasskreytingum til minningarsta\u00f0a \u00fear sem hann minnir \u00e1 l\u00e1ti\u00f0 f\u00f3lk. Samhli\u00f0a \u00fev\u00ed heyrast fleiri raddir sem hvetja til \u00feess a\u00f0 \u00feekkja og vir\u00f0a uppruna hlutarins. \u00deekking \u00e1 upprunanum er \u00feannig sj\u00e1lf or\u00f0in hluti af vi\u00f0eigandi umgengni vi\u00f0 hann.<\/p><p>Tengdar s\u00ed\u00f0ur \u00ed or\u00f0ab\u00f3kinni: yfirlit um <a href=\"https:\/\/iwell-guard.com\/is\/verndartakn\/\">verndart\u00e1kn \u00ed yfirliti<\/a> og s\u00ed\u00f0an um <a href=\"https:\/\/iwell-guard.com\/is\/?page_id=169134\">am\u00falettu, talisman og verndarmerki<\/a>.<\/p>\t\t\t\t\t\t\t\t<\/div>\n\t\t\t\t<\/div>\n\t\t\t\t\t<\/div>\n\t\t\t\t<\/div>\n\t\t<div class=\"elementor-element elementor-element-iwgs-traumfaenger-lit e-flex e-con-boxed e-con e-parent\" data-id=\"iwgs-traumfaenger-lit\" data-element_type=\"container\" data-e-type=\"container\">\n\t\t\t\t\t<div class=\"e-con-inner\">\n\t\t\t\t<div class=\"elementor-element elementor-element-iwgs-traumfaenger-lith elementor-widget elementor-widget-heading\" data-id=\"iwgs-traumfaenger-lith\" data-element_type=\"widget\" data-e-type=\"widget\" data-widget_type=\"heading.default\">\n\t\t\t\t\t<h2 class=\"elementor-heading-title elementor-size-default\">Heimildir (\u00farval)<\/h2>\t\t\t\t<\/div>\n\t\t<div class=\"elementor-element elementor-element-iwgs-traumfaenger-litbox e-con-full e-flex e-con e-parent\" data-id=\"iwgs-traumfaenger-litbox\" data-element_type=\"container\" data-e-type=\"container\">\n\t\t\t\t<div class=\"elementor-element elementor-element-iwgs-traumfaenger-litt elementor-widget elementor-widget-html\" data-id=\"iwgs-traumfaenger-litt\" data-element_type=\"widget\" data-e-type=\"widget\" data-widget_type=\"html.default\">\n\t\t\t\t\t<footer data-nosnippet=\"true\"><ul><li>Frances Densmore: <em>Chippewa Customs<\/em> (1929)<\/li><li>Basil Johnston: <em>Ojibway Heritage<\/em> (1976)<\/li><li>Cath Oberholtzer: <em>Dream Catchers. Legend, Lore and Artifacts<\/em> (2012)<\/li><li>Christopher Vecsey: <em>Traditional Ojibwa Religion and Its Historical Changes<\/em> (1983)<\/li><li>Michael Witgen: <em>An Infinity of Nations<\/em> (2011)<\/li><\/ul><\/footer>\t\t\t\t<\/div>\n\t\t\t\t<\/div>\n\t\t\t\t\t<\/div>\n\t\t\t\t<\/div>\n\t\t<div class=\"elementor-element elementor-element-iwgs-traumfaenger-kwd e-flex e-con-boxed e-con e-parent\" data-id=\"iwgs-traumfaenger-kwd\" data-element_type=\"container\" data-e-type=\"container\">\n\t\t\t\t\t<div class=\"e-con-inner\">\n\t\t\t\t<div class=\"elementor-element elementor-element-iwgs-traumfaenger-kwdt elementor-widget elementor-widget-text-editor\" data-id=\"iwgs-traumfaenger-kwdt\" data-element_type=\"widget\" data-e-type=\"widget\" data-widget_type=\"text-editor.default\">\n\t\t\t\t\t\t\t\t\t<p><em>Tengd leitaror\u00f0: draumafangari Ojibwe Anishinaabe k\u00f3ngul\u00f3arkona vagga net verndargripur frumbyggjar Nor\u00f0ur-Amer\u00edka.<\/em><\/p>\t\t\t\t\t\t\t\t<\/div>\n\t\t\t\t\t<\/div>\n\t\t\t\t<\/div>\n\t\t<div class=\"elementor-element elementor-element-iwgs-traumfaenger-cc e-flex e-con-boxed e-con e-parent\" data-id=\"iwgs-traumfaenger-cc\" data-element_type=\"container\" data-e-type=\"container\" id=\"iwg-cc-traumfaenger\">\n\t\t\t\t\t<div class=\"e-con-inner\">\n\t\t<div class=\"elementor-element elementor-element-iwgs-traumfaenger-ccinner e-flex e-con-boxed e-con e-parent\" data-id=\"iwgs-traumfaenger-ccinner\" data-element_type=\"container\" data-e-type=\"container\" data-settings=\"{&quot;background_background&quot;:&quot;classic&quot;}\">\n\t\t\t\t\t<div class=\"e-con-inner\">\n\t\t\t\t<div class=\"elementor-element elementor-element-iwgs-traumfaenger-cch elementor-widget elementor-widget-heading\" data-id=\"iwgs-traumfaenger-cch\" data-element_type=\"widget\" data-e-type=\"widget\" data-widget_type=\"heading.default\">\n\t\t\t\t\t<h2 class=\"elementor-heading-title elementor-size-default\">iWell Guard og verndarhef\u00f0ir<\/h2>\t\t\t\t<\/div>\n\t\t\t\t<div class=\"elementor-element elementor-element-iwgs-traumfaenger-cct elementor-widget elementor-widget-text-editor\" data-id=\"iwgs-traumfaenger-cct\" data-element_type=\"widget\" data-e-type=\"widget\" data-widget_type=\"text-editor.default\">\n\t\t\t\t\t\t\t\t\t<p>iWell Guard fylgir hinni menningars\u00f6gulegu hef\u00f0 handh\u00e6gra verndargripa, sem draumafangarinn heyrir einnig til. N\u00fat\u00edmalegur f\u00f6runautur fyrir f\u00f3lk sem lifir me\u00f0 verndart\u00e1knum: framleiddur \u00ed \u00de\u00fdskalandi, 41 lag \u00far alv\u00f6ru gulli, plat\u00ednu og silfri, me\u00f0 30 daga skilar\u00e9tti.<\/p>\t\t\t\t\t\t\t\t<\/div>\n\t\t\t\t<div class=\"elementor-element elementor-element-iwgs-traumfaenger-ccb iwg-cc-button iwg-cc-cta-2026-05-13 elementor-widget elementor-widget-jet-button\" data-id=\"iwgs-traumfaenger-ccb\" data-element_type=\"widget\" data-e-type=\"widget\" data-widget_type=\"jet-button.default\">\n\t\t\t\t<div class=\"elementor-widget-container\">\n\t\t\t\t\t<div class=\"elementor-jet-button jet-elements\"><div class=\"jet-button__container\"><a class=\"jet-button__instance jet-button__instance--icon-left hover-effect-1\" href=\"\/schutzanhaenger-iwell-guard-kaufen\/?utm_source=iwell-guard.com&amp;utm_medium=info-box&amp;utm_campaign=schutzsymbole\"><div class=\"jet-button__plane jet-button__plane-normal\"><\/div><div class=\"jet-button__plane jet-button__plane-hover\"><\/div><div class=\"jet-button__state jet-button__state-normal\"><span class=\"jet-button__label\">Meira um iWell Guard<\/span><\/div><div class=\"jet-button__state jet-button__state-hover\"><span class=\"jet-button__label\">Meira um iWell Guard<\/span><\/div><\/a><\/div><\/div><style>.elementor-element.elementor-element-iwgs-traumfaenger-ccb .jet-button__instance{width:320px;height:56px;}.elementor-element.elementor-element-iwgs-traumfaenger-ccb .jet-button__state-normal .jet-button__label{text-align:center;margin:0px 0px 0px 0px;color:#1a1b20;font-family:Montserrat,sans-serif;font-size:13px;font-weight:400;letter-spacing:4px;line-height:1.714em;text-transform:uppercase;}.elementor-element.elementor-element-iwgs-traumfaenger-ccb .jet-button__state-hover .jet-button__label{text-align:center;margin:0px 0px 0px 0px;color:#FECC76;font-family:Montserrat,sans-serif;font-size:13px;font-weight:400;letter-spacing:4px;line-height:1.714em;text-transform:uppercase;}.elementor-element.elementor-element-iwgs-traumfaenger-ccb .jet-button__plane-normal{background-color:#FECC76;border-style:solid;border-color:#C99540;border-width:2px 2px 2px 2px;}.elementor-element.elementor-element-iwgs-traumfaenger-ccb .jet-button__plane-hover{background-color:rgba(0,0,0,0.55);border-style:solid;border-color:#FECC76;border-width:2px 2px 2px 2px;}<\/style>\t\t\t\t<\/div>\n\t\t\t\t<\/div>\n\t\t\t\t<div class=\"elementor-element elementor-element-iwgs-traumfaenger-ccd elementor-widget elementor-widget-text-editor\" data-id=\"iwgs-traumfaenger-ccd\" data-element_type=\"widget\" data-e-type=\"widget\" data-widget_type=\"text-editor.default\">\n\t\t\t\t\t\t\t\t\t<p style=\"text-align:center;font-size:13px;opacity:0.7;margin-top:14px\" data-nosnippet=\"true\">Pers\u00f3nuleg reynsla getur veri\u00f0 mismunandi. Ekki l\u00e6kningat\u00e6ki. Engin lofor\u00f0 um l\u00e6kningu.<\/p>\t\t\t\t\t\t\t\t<\/div>\n\t\t\t\t\t<\/div>\n\t\t\t\t<\/div>\n\t\t\t\t\t<\/div>\n\t\t\t\t<\/div>\n\t\t<div class=\"elementor-element elementor-element-iwgs-traumfaenger-disc e-flex e-con-boxed e-con e-parent\" data-id=\"iwgs-traumfaenger-disc\" data-element_type=\"container\" data-e-type=\"container\">\n\t\t\t\t\t<div class=\"e-con-inner\">\n\t\t\t\t<div class=\"elementor-element elementor-element-iwgs-traumfaenger-discw elementor-widget elementor-widget-html\" data-id=\"iwgs-traumfaenger-discw\" data-element_type=\"widget\" data-e-type=\"widget\" data-widget_type=\"html.default\">\n\t\t\t\t\t<footer data-nosnippet=\"true\" class=\"iwg-disclaimer-block\"><p data-nosnippet=\"true\">iWell Guard er <strong>ekki l\u00e6kningat\u00e6ki<\/strong> og kemur ekki \u00ed sta\u00f0 l\u00e6knis- e\u00f0a s\u00e1lfr\u00e6\u00f0ime\u00f0fer\u00f0ar. Innihaldi\u00f0 sem h\u00e9r er sett fram er tr\u00faarbrag\u00f0afr\u00e6\u00f0ileg og menningars\u00f6gulega greining, ekki lofor\u00f0 um andlega virkni.<\/p><\/footer>\t\t\t\t<\/div>\n\t\t\t\t\t<\/div>\n\t\t\t\t<\/div>\n\t\t\t\t<\/div>\n\t\t","protected":false},"excerpt":{"rendered":"","protected":false},"author":3,"featured_media":3441,"parent":0,"menu_order":0,"comment_status":"closed","ping_status":"closed","template":"elementor_header_footer","meta":{"_yoast_wpseo_focuskw":"Draumafangari","_yoast_wpseo_title":"Draumafangari - helgigripur frumbyggja Nor\u00f0ur-Amer\u00edku","_yoast_wpseo_metadesc":"Draumafangarinn er upprunninn hj\u00e1 Ojibwe-f\u00f3lkinu og \u00e1tti a\u00f0 hindra sl\u00e6ma drauma yfir v\u00f6ggunni. Uppruni, s\u00f6gn og merking \u00fatsk\u00fdr\u00f0.","_yoast_wpseo_meta-robots-noindex":"","_yoast_wpseo_canonical":"","_angie_page":false,"gefaehrdungsstufe":"","wesen_kultur":"","wesen_klasse":"","footnotes":""},"categories":[],"class_list":["post-169130","page","type-page","status-publish","has-post-thumbnail","hentry"],"yoast_head":"<!-- This site is optimized with the Yoast SEO Premium plugin v27.7 (Yoast SEO v28.3) - https:\/\/yoast.com\/product\/yoast-seo-premium-wordpress\/ -->\n<title>Draumafangari - helgigripur frumbyggja Nor\u00f0ur-Amer\u00edku<\/title>\n<meta name=\"description\" content=\"Draumafangarinn er upprunninn hj\u00e1 Ojibwe-f\u00f3lkinu og \u00e1tti a\u00f0 hindra sl\u00e6ma drauma yfir v\u00f6ggunni. Uppruni, s\u00f6gn og merking \u00fatsk\u00fdr\u00f0.\" \/>\n<meta name=\"robots\" content=\"index, follow, max-snippet:-1, max-image-preview:large, max-video-preview:-1\" \/>\n<link rel=\"canonical\" href=\"https:\/\/iwell-guard.com\/is\/draumafangari-helgigripur-ojibwe\/\" \/>\n<meta property=\"og:locale\" content=\"is_IS\" \/>\n<meta property=\"og:type\" content=\"article\" \/>\n<meta property=\"og:title\" content=\"Draumafangari \u2013 helgigripur Ojibwe-f\u00f3lksins\" \/>\n<meta property=\"og:description\" content=\"Draumafangarinn er upprunninn hj\u00e1 Ojibwe-f\u00f3lkinu og \u00e1tti a\u00f0 hindra sl\u00e6ma drauma yfir v\u00f6ggunni. Uppruni, s\u00f6gn og merking \u00fatsk\u00fdr\u00f0.\" \/>\n<meta property=\"og:url\" content=\"https:\/\/iwell-guard.com\/is\/draumafangari-helgigripur-ojibwe\/\" \/>\n<meta property=\"og:site_name\" content=\"iWell Guard\" \/>\n<meta property=\"article:modified_time\" content=\"2026-09-05T14:33:03+00:00\" \/>\n<meta property=\"og:image\" content=\"https:\/\/iwell-guard.com\/wp-content\/uploads\/2026\/05\/schutzsymbol_indigen_traumfaenger.webp\" \/>\n\t<meta property=\"og:image:width\" content=\"1024\" \/>\n\t<meta property=\"og:image:height\" content=\"1536\" \/>\n\t<meta property=\"og:image:type\" content=\"image\/webp\" \/>\n<meta name=\"twitter:card\" content=\"summary_large_image\" \/>\n<script type=\"application\/ld+json\" class=\"yoast-schema-graph\">{\"@context\":\"https:\\\/\\\/schema.org\",\"@graph\":[{\"@type\":\"WebPage\",\"@id\":\"https:\\\/\\\/iwell-guard.com\\\/is\\\/draumafangari-helgigripur-ojibwe\\\/\",\"url\":\"https:\\\/\\\/iwell-guard.com\\\/is\\\/draumafangari-helgigripur-ojibwe\\\/\",\"name\":\"Draumafangari - helgigripur frumbyggja Nor\u00f0ur-Amer\u00edku\",\"isPartOf\":{\"@id\":\"https:\\\/\\\/iwell-guard.com\\\/is\\\/#website\"},\"primaryImageOfPage\":{\"@id\":\"https:\\\/\\\/iwell-guard.com\\\/is\\\/draumafangari-helgigripur-ojibwe\\\/#primaryimage\"},\"image\":{\"@id\":\"https:\\\/\\\/iwell-guard.com\\\/is\\\/draumafangari-helgigripur-ojibwe\\\/#primaryimage\"},\"thumbnailUrl\":\"https:\\\/\\\/iwell-guard.com\\\/wp-content\\\/uploads\\\/2026\\\/05\\\/schutzsymbol_indigen_traumfaenger.webp\",\"datePublished\":\"2026-09-05T14:05:50+00:00\",\"dateModified\":\"2026-09-05T14:33:03+00:00\",\"description\":\"Draumafangarinn er upprunninn hj\u00e1 Ojibwe-f\u00f3lkinu og \u00e1tti a\u00f0 hindra sl\u00e6ma drauma yfir v\u00f6ggunni. Uppruni, s\u00f6gn og merking \u00fatsk\u00fdr\u00f0.\",\"breadcrumb\":{\"@id\":\"https:\\\/\\\/iwell-guard.com\\\/is\\\/draumafangari-helgigripur-ojibwe\\\/#breadcrumb\"},\"inLanguage\":\"is\",\"potentialAction\":[{\"@type\":\"ReadAction\",\"target\":[\"https:\\\/\\\/iwell-guard.com\\\/is\\\/draumafangari-helgigripur-ojibwe\\\/\"]}]},{\"@type\":\"ImageObject\",\"inLanguage\":\"is\",\"@id\":\"https:\\\/\\\/iwell-guard.com\\\/is\\\/draumafangari-helgigripur-ojibwe\\\/#primaryimage\",\"url\":\"https:\\\/\\\/iwell-guard.com\\\/wp-content\\\/uploads\\\/2026\\\/05\\\/schutzsymbol_indigen_traumfaenger.webp\",\"contentUrl\":\"https:\\\/\\\/iwell-guard.com\\\/wp-content\\\/uploads\\\/2026\\\/05\\\/schutzsymbol_indigen_traumfaenger.webp\",\"width\":1024,\"height\":1536,\"caption\":\"Verndart\u00e1kn. Myndskreyting \u00ed safnst\u00edl.\"},{\"@type\":\"BreadcrumbList\",\"@id\":\"https:\\\/\\\/iwell-guard.com\\\/is\\\/draumafangari-helgigripur-ojibwe\\\/#breadcrumb\",\"itemListElement\":[{\"@type\":\"ListItem\",\"position\":1,\"name\":\"Start\",\"item\":\"https:\\\/\\\/iwell-guard.com\\\/is\\\/?page_id=168580\"},{\"@type\":\"ListItem\",\"position\":2,\"name\":\"Draumafangari \u2013 helgigripur Ojibwe-f\u00f3lksins\"}]},{\"@type\":\"WebSite\",\"@id\":\"https:\\\/\\\/iwell-guard.com\\\/is\\\/#website\",\"url\":\"https:\\\/\\\/iwell-guard.com\\\/is\\\/\",\"name\":\"iWell Guard\",\"description\":\"Schutz vor dunklen Einfl\u00fcssen\",\"publisher\":{\"@id\":\"https:\\\/\\\/iwell-guard.com\\\/is\\\/#organization\"},\"potentialAction\":[{\"@type\":\"SearchAction\",\"target\":{\"@type\":\"EntryPoint\",\"urlTemplate\":\"https:\\\/\\\/iwell-guard.com\\\/is\\\/?s={search_term_string}\"},\"query-input\":{\"@type\":\"PropertyValueSpecification\",\"valueRequired\":true,\"valueName\":\"search_term_string\"}}],\"inLanguage\":\"is\"},{\"@type\":\"Organization\",\"@id\":\"https:\\\/\\\/iwell-guard.com\\\/is\\\/#organization\",\"name\":\"Ittermann electronic GmbH\",\"url\":\"https:\\\/\\\/iwell-guard.com\\\/is\\\/\",\"logo\":{\"@type\":\"ImageObject\",\"inLanguage\":\"is\",\"@id\":\"https:\\\/\\\/iwell-guard.com\\\/is\\\/#\\\/schema\\\/logo\\\/image\\\/\",\"url\":\"https:\\\/\\\/iwell-guard.com\\\/wp-content\\\/uploads\\\/2026\\\/05\\\/Ittermann-Logo-1182x237-1.png\",\"contentUrl\":\"https:\\\/\\\/iwell-guard.com\\\/wp-content\\\/uploads\\\/2026\\\/05\\\/Ittermann-Logo-1182x237-1.png\",\"width\":1182,\"height\":237,\"caption\":\"Ittermann electronic GmbH\"},\"image\":{\"@id\":\"https:\\\/\\\/iwell-guard.com\\\/is\\\/#\\\/schema\\\/logo\\\/image\\\/\"},\"sameAs\":[\"https:\\\/\\\/pantip.com\\\/profile\\\/9367242\",\"https:\\\/\\\/micro.blog\\\/iwellguard\",\"https:\\\/\\\/www.diggerslist.com\\\/iwellguard\\\/about\",\"https:\\\/\\\/skitterphoto.com\\\/photographers\\\/2870314\\\/iwell-guard\",\"https:\\\/\\\/iwellguard.wordpress.com\\\/2026\\\/06\\\/06\\\/iwell-guard\\\/\",\"https:\\\/\\\/hub.docker.com\\\/u\\\/iwellguard\",\"https:\\\/\\\/www.pinterest.com\\\/iwellguard\\\/\",\"https:\\\/\\\/bit.ly\\\/m\\\/iwellguard\",\"https:\\\/\\\/entre-vos-mains.alsace.eu\\\/profiles\\\/iwellguard\\\/activity\",\"https:\\\/\\\/gravatar.com\\\/reallybeded8fd34\",\"https:\\\/\\\/naijamatta.com\\\/iwellguard\",\"https:\\\/\\\/www.goodreads.com\\\/iwellguard\",\"https:\\\/\\\/profile.hatena.ne.jp\\\/iwellguard\\\/\",\"https:\\\/\\\/experiment.com\\\/users\\\/iwellguard\",\"https:\\\/\\\/wakelet.com\\\/@iWellGuard82270\",\"https:\\\/\\\/www.chordie.com\\\/forum\\\/profile.php?id=2555664\",\"https:\\\/\\\/www.instapaper.com\\\/p\\\/17757966\",\"https:\\\/\\\/www.mapleprimes.com\\\/users\\\/iwellguard\",\"https:\\\/\\\/businesslistingplus.com\\\/profile\\\/iwell-guard\\\/\",\"https:\\\/\\\/telegra.ph\\\/iWell-Guard-06-06\",\"https:\\\/\\\/pbase.com\\\/iwellguard\\\/iwellguard\",\"https:\\\/\\\/b.hatena.ne.jp\\\/iwellguard\\\/20260607#bookmark-4788405196491818882\",\"https:\\\/\\\/fliphtml5.com\\\/home\\\/iwellguard\",\"https:\\\/\\\/anyflip.com\\\/homepage\\\/cmiwl#About\",\"https:\\\/\\\/transfur.com\\\/Users\\\/iwellguard\",\"http:\\\/\\\/delphi.larsbo.org\\\/user\\\/iwellguard\",\"https:\\\/\\\/jobs.lajobsportal.org\\\/profiles\\\/8380803-iwell-guard\",\"https:\\\/\\\/md.chaosdorf.de\\\/s\\\/jfbe5SBdJD\",\"https:\\\/\\\/www.lingvolive.com\\\/en-us\\\/profile\\\/9ecaeaca-ce11-4e51-9e71-01d55e2bff36\\\/translations\",\"https:\\\/\\\/www.fitday.com\\\/fitness\\\/forums\\\/members\\\/iwellguard.html\",\"https:\\\/\\\/www.mymeetbook.com\\\/iwellguard\",\"https:\\\/\\\/pxhere.com\\\/en\\\/photographer-me\\\/5040798\",\"https:\\\/\\\/disqus.com\\\/by\\\/iwellguard\\\/about\\\/\",\"https:\\\/\\\/pastelink.net\\\/hjwciqwq\",\"https:\\\/\\\/pubhtml5.com\\\/homepage\\\/scjhn\\\/\",\"https:\\\/\\\/www.bitchute.com\\\/channel\\\/2O2eOKzNqujT\",\"https:\\\/\\\/audiomack.com\\\/iwellguard\"]}]}<\/script>\n<!-- \/ Yoast SEO Premium plugin. -->","yoast_head_json":{"title":"Draumafangari - helgigripur frumbyggja Nor\u00f0ur-Amer\u00edku","description":"Draumafangarinn er upprunninn hj\u00e1 Ojibwe-f\u00f3lkinu og \u00e1tti a\u00f0 hindra sl\u00e6ma drauma yfir v\u00f6ggunni. Uppruni, s\u00f6gn og merking \u00fatsk\u00fdr\u00f0.","robots":{"index":"index","follow":"follow","max-snippet":"max-snippet:-1","max-image-preview":"max-image-preview:large","max-video-preview":"max-video-preview:-1"},"canonical":"https:\/\/iwell-guard.com\/is\/draumafangari-helgigripur-ojibwe\/","og_locale":"is_IS","og_type":"article","og_title":"Draumafangari \u2013 helgigripur Ojibwe-f\u00f3lksins","og_description":"Draumafangarinn er upprunninn hj\u00e1 Ojibwe-f\u00f3lkinu og \u00e1tti a\u00f0 hindra sl\u00e6ma drauma yfir v\u00f6ggunni. Uppruni, s\u00f6gn og merking \u00fatsk\u00fdr\u00f0.","og_url":"https:\/\/iwell-guard.com\/is\/draumafangari-helgigripur-ojibwe\/","og_site_name":"iWell Guard","article_modified_time":"2026-09-05T14:33:03+00:00","og_image":[{"width":1024,"height":1536,"url":"https:\/\/iwell-guard.com\/wp-content\/uploads\/2026\/05\/schutzsymbol_indigen_traumfaenger.webp","type":"image\/webp"}],"twitter_card":"summary_large_image","schema":{"@context":"https:\/\/schema.org","@graph":[{"@type":"WebPage","@id":"https:\/\/iwell-guard.com\/is\/draumafangari-helgigripur-ojibwe\/","url":"https:\/\/iwell-guard.com\/is\/draumafangari-helgigripur-ojibwe\/","name":"Draumafangari - helgigripur frumbyggja Nor\u00f0ur-Amer\u00edku","isPartOf":{"@id":"https:\/\/iwell-guard.com\/is\/#website"},"primaryImageOfPage":{"@id":"https:\/\/iwell-guard.com\/is\/draumafangari-helgigripur-ojibwe\/#primaryimage"},"image":{"@id":"https:\/\/iwell-guard.com\/is\/draumafangari-helgigripur-ojibwe\/#primaryimage"},"thumbnailUrl":"https:\/\/iwell-guard.com\/wp-content\/uploads\/2026\/05\/schutzsymbol_indigen_traumfaenger.webp","datePublished":"2026-09-05T14:05:50+00:00","dateModified":"2026-09-05T14:33:03+00:00","description":"Draumafangarinn er upprunninn hj\u00e1 Ojibwe-f\u00f3lkinu og \u00e1tti a\u00f0 hindra sl\u00e6ma drauma yfir v\u00f6ggunni. Uppruni, s\u00f6gn og merking \u00fatsk\u00fdr\u00f0.","breadcrumb":{"@id":"https:\/\/iwell-guard.com\/is\/draumafangari-helgigripur-ojibwe\/#breadcrumb"},"inLanguage":"is","potentialAction":[{"@type":"ReadAction","target":["https:\/\/iwell-guard.com\/is\/draumafangari-helgigripur-ojibwe\/"]}]},{"@type":"ImageObject","inLanguage":"is","@id":"https:\/\/iwell-guard.com\/is\/draumafangari-helgigripur-ojibwe\/#primaryimage","url":"https:\/\/iwell-guard.com\/wp-content\/uploads\/2026\/05\/schutzsymbol_indigen_traumfaenger.webp","contentUrl":"https:\/\/iwell-guard.com\/wp-content\/uploads\/2026\/05\/schutzsymbol_indigen_traumfaenger.webp","width":1024,"height":1536,"caption":"Verndart\u00e1kn. Myndskreyting \u00ed safnst\u00edl."},{"@type":"BreadcrumbList","@id":"https:\/\/iwell-guard.com\/is\/draumafangari-helgigripur-ojibwe\/#breadcrumb","itemListElement":[{"@type":"ListItem","position":1,"name":"Start","item":"https:\/\/iwell-guard.com\/is\/?page_id=168580"},{"@type":"ListItem","position":2,"name":"Draumafangari \u2013 helgigripur Ojibwe-f\u00f3lksins"}]},{"@type":"WebSite","@id":"https:\/\/iwell-guard.com\/is\/#website","url":"https:\/\/iwell-guard.com\/is\/","name":"iWell Guard","description":"Schutz vor dunklen Einfl\u00fcssen","publisher":{"@id":"https:\/\/iwell-guard.com\/is\/#organization"},"potentialAction":[{"@type":"SearchAction","target":{"@type":"EntryPoint","urlTemplate":"https:\/\/iwell-guard.com\/is\/?s={search_term_string}"},"query-input":{"@type":"PropertyValueSpecification","valueRequired":true,"valueName":"search_term_string"}}],"inLanguage":"is"},{"@type":"Organization","@id":"https:\/\/iwell-guard.com\/is\/#organization","name":"Ittermann electronic GmbH","url":"https:\/\/iwell-guard.com\/is\/","logo":{"@type":"ImageObject","inLanguage":"is","@id":"https:\/\/iwell-guard.com\/is\/#\/schema\/logo\/image\/","url":"https:\/\/iwell-guard.com\/wp-content\/uploads\/2026\/05\/Ittermann-Logo-1182x237-1.png","contentUrl":"https:\/\/iwell-guard.com\/wp-content\/uploads\/2026\/05\/Ittermann-Logo-1182x237-1.png","width":1182,"height":237,"caption":"Ittermann electronic GmbH"},"image":{"@id":"https:\/\/iwell-guard.com\/is\/#\/schema\/logo\/image\/"},"sameAs":["https:\/\/pantip.com\/profile\/9367242","https:\/\/micro.blog\/iwellguard","https:\/\/www.diggerslist.com\/iwellguard\/about","https:\/\/skitterphoto.com\/photographers\/2870314\/iwell-guard","https:\/\/iwellguard.wordpress.com\/2026\/06\/06\/iwell-guard\/","https:\/\/hub.docker.com\/u\/iwellguard","https:\/\/www.pinterest.com\/iwellguard\/","https:\/\/bit.ly\/m\/iwellguard","https:\/\/entre-vos-mains.alsace.eu\/profiles\/iwellguard\/activity","https:\/\/gravatar.com\/reallybeded8fd34","https:\/\/naijamatta.com\/iwellguard","https:\/\/www.goodreads.com\/iwellguard","https:\/\/profile.hatena.ne.jp\/iwellguard\/","https:\/\/experiment.com\/users\/iwellguard","https:\/\/wakelet.com\/@iWellGuard82270","https:\/\/www.chordie.com\/forum\/profile.php?id=2555664","https:\/\/www.instapaper.com\/p\/17757966","https:\/\/www.mapleprimes.com\/users\/iwellguard","https:\/\/businesslistingplus.com\/profile\/iwell-guard\/","https:\/\/telegra.ph\/iWell-Guard-06-06","https:\/\/pbase.com\/iwellguard\/iwellguard","https:\/\/b.hatena.ne.jp\/iwellguard\/20260607#bookmark-4788405196491818882","https:\/\/fliphtml5.com\/home\/iwellguard","https:\/\/anyflip.com\/homepage\/cmiwl#About","https:\/\/transfur.com\/Users\/iwellguard","http:\/\/delphi.larsbo.org\/user\/iwellguard","https:\/\/jobs.lajobsportal.org\/profiles\/8380803-iwell-guard","https:\/\/md.chaosdorf.de\/s\/jfbe5SBdJD","https:\/\/www.lingvolive.com\/en-us\/profile\/9ecaeaca-ce11-4e51-9e71-01d55e2bff36\/translations","https:\/\/www.fitday.com\/fitness\/forums\/members\/iwellguard.html","https:\/\/www.mymeetbook.com\/iwellguard","https:\/\/pxhere.com\/en\/photographer-me\/5040798","https:\/\/disqus.com\/by\/iwellguard\/about\/","https:\/\/pastelink.net\/hjwciqwq","https:\/\/pubhtml5.com\/homepage\/scjhn\/","https:\/\/www.bitchute.com\/channel\/2O2eOKzNqujT","https:\/\/audiomack.com\/iwellguard"]}]}},"_links":{"self":[{"href":"https:\/\/iwell-guard.com\/is\/wp-json\/wp\/v2\/pages\/169130","targetHints":{"allow":["GET"]}}],"collection":[{"href":"https:\/\/iwell-guard.com\/is\/wp-json\/wp\/v2\/pages"}],"about":[{"href":"https:\/\/iwell-guard.com\/is\/wp-json\/wp\/v2\/types\/page"}],"author":[{"embeddable":true,"href":"https:\/\/iwell-guard.com\/is\/wp-json\/wp\/v2\/users\/3"}],"replies":[{"embeddable":true,"href":"https:\/\/iwell-guard.com\/is\/wp-json\/wp\/v2\/comments?post=169130"}],"version-history":[{"count":0,"href":"https:\/\/iwell-guard.com\/is\/wp-json\/wp\/v2\/pages\/169130\/revisions"}],"wp:featuredmedia":[{"embeddable":true,"href":"https:\/\/iwell-guard.com\/is\/wp-json\/wp\/v2\/media\/3441"}],"wp:attachment":[{"href":"https:\/\/iwell-guard.com\/is\/wp-json\/wp\/v2\/media?parent=169130"}],"wp:term":[{"taxonomy":"category","embeddable":true,"href":"https:\/\/iwell-guard.com\/is\/wp-json\/wp\/v2\/categories?post=169130"}],"curies":[{"name":"wp","href":"https:\/\/api.w.org\/{rel}","templated":true}]}}