{"id":169129,"date":"2026-09-05T14:05:49","date_gmt":"2026-09-05T14:05:49","guid":{"rendered":"https:\/\/iwell-guard.com\/?page_id=169129"},"modified":"2026-09-05T14:32:58","modified_gmt":"2026-09-05T14:32:58","slug":"om-heilagt-takn-verndar-og-blessunar","status":"publish","type":"page","link":"https:\/\/iwell-guard.com\/is\/om-heilagt-takn-verndar-og-blessunar\/","title":{"rendered":"Om \u2013 hi\u00f0 heilaga t\u00e1kn verndar og blessunar"},"content":{"rendered":"\t\t<div data-elementor-type=\"wp-page\" data-elementor-id=\"169129\" class=\"elementor elementor-169129 elementor-3595 elementor-bc-flex-widget\" data-elementor-post-type=\"page\">\n\t\t\t\t<div class=\"elementor-element elementor-element-iwgs-omsymbol-hero e-flex e-con-boxed e-con e-parent\" data-id=\"iwgs-omsymbol-hero\" data-element_type=\"container\" data-e-type=\"container\">\n\t\t\t\t\t<div class=\"e-con-inner\">\n\t\t<div class=\"elementor-element elementor-element-iwgs-omsymbol-hl e-flex e-con-boxed e-con e-parent\" data-id=\"iwgs-omsymbol-hl\" data-element_type=\"container\" data-e-type=\"container\">\n\t\t\t\t\t<div class=\"e-con-inner\">\n\t\t<div class=\"elementor-element elementor-element-iwgs-omsymbol-hlbox e-con-full e-flex e-con e-parent\" data-id=\"iwgs-omsymbol-hlbox\" data-element_type=\"container\" data-e-type=\"container\">\n\t\t\t\t<div class=\"elementor-element elementor-element-iwgs-omsymbol-h1 elementor-widget elementor-widget-heading\" data-id=\"iwgs-omsymbol-h1\" data-element_type=\"widget\" data-e-type=\"widget\" data-widget_type=\"heading.default\">\n\t\t\t\t\t<h1 class=\"elementor-heading-title elementor-size-default\">Om-t\u00e1kni\u00f0 \u2013 hi\u00f0 heilaga hlj\u00f3\u00f0 sem verndar- og blessunart\u00e1kn<\/h1>\t\t\t\t<\/div>\n\t\t\t\t<div class=\"elementor-element elementor-element-iwgs-omsymbol-lead elementor-widget elementor-widget-text-editor\" data-id=\"iwgs-omsymbol-lead\" data-element_type=\"widget\" data-e-type=\"widget\" data-widget_type=\"text-editor.default\">\n\t\t\t\t\t\t\t\t\t<p>Om, einnig skrifa\u00f0 Aum, er hi\u00f0 heilaga frumhlj\u00f3\u00f0 hind\u00faismans. Sem tala\u00f0 hlj\u00f3\u00f0 og sem skrifa\u00f0 t\u00e1kn stendur \u00fea\u00f0 \u00ed upphafi <span class=\"iwg-fachbegriff\" data-tooltip=\"M\u00e1leg \u00e1v\u00f6rpun manns til gu\u00f0d\u00f3ms.\" tabindex=\"0\">b\u00e6nar<\/span> og rits, og er \u00e1 sama t\u00edma tali\u00f0 t\u00e1kn blessunar og verndar sem fylgir h\u00fasum, f\u00f3lki og l\u00edfslei\u00f0um.<\/p>\t\t\t\t\t\t\t\t<\/div>\n\t\t\t\t<\/div>\n\t\t\t\t<div class=\"elementor-element elementor-element-iwgs-omsymbol-pills elementor-widget elementor-widget-html\" data-id=\"iwgs-omsymbol-pills\" data-element_type=\"widget\" data-e-type=\"widget\" data-widget_type=\"html.default\">\n\t\t\t\t\t<div class=\"iwg-pill-row\"><span class=\"iwg-klasse-badge\" tabindex=\"0\" data-tooltip=\"Verndart\u00e1kn, gripur e\u00f0a ap\u00f3tr\u00f3pa\u00edskur (illafneitandi) hlutur.\">Verndart\u00e1kn<\/span><a href=\"https:\/\/iwell-guard.com\/is\/hinduismi\/\" class=\"iwg-kultur-badge\" tabindex=\"0\" data-tooltip=\"Verndarhef\u00f0: Hind\u00faismi\">Hind\u00faismi<\/a><span class=\"iwg-tradition-badge\" tabindex=\"0\" data-tooltip=\"T\u00e1kn sem tj\u00e1ir e\u00f0a veitir blessun.\">Blessunart\u00e1kn<\/span><\/div>\t\t\t\t<\/div>\n\t\t\t\t\t<\/div>\n\t\t\t\t<\/div>\n\t\t<div class=\"elementor-element elementor-element-iwgs-omsymbol-hr e-con-full e-flex e-con e-parent\" data-id=\"iwgs-omsymbol-hr\" data-element_type=\"container\" data-e-type=\"container\">\n\t\t\t\t<div class=\"elementor-element elementor-element-iwgs-omsymbol-himg iwg-hero-image elementor-widget elementor-widget-image\" data-id=\"iwgs-omsymbol-himg\" data-element_type=\"widget\" data-e-type=\"widget\" data-widget_type=\"image.default\">\n\t\t\t\t\t\t\t\t\t\t\t\t\t\t\t<img fetchpriority=\"high\" decoding=\"async\" width=\"683\" height=\"1024\" src=\"https:\/\/iwell-guard.com\/wp-content\/uploads\/2026\/05\/schutzsymbol_hinduismus_om-683x1024.webp\" class=\"attachment-large size-large wp-image-170601\" alt=\"Om-t\u00e1kn sem gullitu\u00f0 l\u00e1t\u00fansskart me\u00f0 ringbl\u00f3mum \u00e1 d\u00f6kkum steini\" srcset=\"https:\/\/iwell-guard.com\/wp-content\/uploads\/2026\/05\/schutzsymbol_hinduismus_om-683x1024.webp 683w, https:\/\/iwell-guard.com\/wp-content\/uploads\/2026\/05\/schutzsymbol_hinduismus_om-200x300.webp 200w, https:\/\/iwell-guard.com\/wp-content\/uploads\/2026\/05\/schutzsymbol_hinduismus_om-768x1152.webp 768w, https:\/\/iwell-guard.com\/wp-content\/uploads\/2026\/05\/schutzsymbol_hinduismus_om.webp 1024w\" sizes=\"(max-width: 683px) 100vw, 683px\" \/>\t\t\t\t\t\t\t\t\t\t\t\t\t\t\t<\/div>\n\t\t\t\t<\/div>\n\t\t\t\t\t<\/div>\n\t\t\t\t<\/div>\n\t\t<div class=\"elementor-element elementor-element-iwgs-omsymbol-s0 e-flex e-con-boxed e-con e-parent\" data-id=\"iwgs-omsymbol-s0\" data-element_type=\"container\" data-e-type=\"container\">\n\t\t\t\t\t<div class=\"e-con-inner\">\n\t\t\t\t<div class=\"elementor-element elementor-element-iwgs-omsymbol-s0h elementor-widget elementor-widget-heading\" data-id=\"iwgs-omsymbol-s0h\" data-element_type=\"widget\" data-e-type=\"widget\" data-widget_type=\"heading.default\">\n\t\t\t\t\t<h2 class=\"elementor-heading-title elementor-size-default\">Yfirlit<\/h2>\t\t\t\t<\/div>\n\t\t<div class=\"elementor-element elementor-element-iwgs-omsymbol-s0box e-con-full e-flex e-con e-parent\" data-id=\"iwgs-omsymbol-s0box\" data-element_type=\"container\" data-e-type=\"container\">\n\t\t\t\t<div class=\"elementor-element elementor-element-iwgs-omsymbol-s0t elementor-widget elementor-widget-text-editor\" data-id=\"iwgs-omsymbol-s0t\" data-element_type=\"widget\" data-e-type=\"widget\" data-widget_type=\"text-editor.default\">\n\t\t\t\t\t\t\t\t\t<p>Om er mikilv\u00e6gasta heilaga hlj\u00f3\u00f0i\u00f0 \u00ed <a href=\"https:\/\/iwell-guard.com\/is\/hinduismi\/\">hind\u00faisma<\/a>. \u00dea\u00f0 er tala\u00f0, sungi\u00f0 og skrifa\u00f0, og \u00ed hverju \u00feessara forma er \u00fea\u00f0 tali\u00f0 <span class=\"iwg-fachbegriff\" data-tooltip=\"Tilheyrandi gu\u00f0d\u00f3mnum og \u00fear me\u00f0 undan\u00feegi\u00f0 hversdagslegri notkun.\" tabindex=\"0\">heilagt<\/span>. Sem skrifa\u00f0 t\u00e1kn, oftast \u00ed devanagari-letri, er Om eitt af \u00feekktustu t\u00e1knum indverskra tr\u00faarbrag\u00f0a.<\/p><p>\u00d3l\u00edkt <span class=\"iwg-fachbegriff\" data-tooltip=\"Hlutur sem borinn er \u00e1 s\u00e9r og talinn hafa verndandi, illafneitandi \u00e1hrif.\" tabindex=\"0\">gripum<\/span> sem \u00e6tla\u00f0 er a\u00f0 verjast \u00e1kve\u00f0inni h\u00e6ttu, er Om fyrst og fremst t\u00e1kn blessunar og hinnar heil\u00f6gu skipulags. \u00dea\u00f0 er sett \u00fear sem eitthva\u00f0 skal helgast, blessast og f\u00e1 gott fyrirbo\u00f0. Verndarhugmyndin er innifalin \u00ed \u00fev\u00ed, en h\u00fan er hluti af v\u00ed\u00f0ara samhengi.<\/p><p>Tr\u00faarbrag\u00f0afr\u00e6\u00f0ilega tilheyrir Om \u00feeim t\u00e1knum sem verjast ekki, heldur <span class=\"iwg-fachbegriff\" data-tooltip=\"A\u00f0 afhenda hlut, sta\u00f0 e\u00f0a manneskju hinu heilaga me\u00f0 tr\u00faarlegri ath\u00f6fn.\" tabindex=\"0\">helga<\/span>. \u00dea\u00f0 markar upphaf sem <span class=\"iwg-fachbegriff\" data-tooltip=\"Tilheyrandi gu\u00f0d\u00f3mnum og \u00fear me\u00f0 undan\u00feegi\u00f0 hversdagslegri notkun.\" tabindex=\"0\">heilagt<\/span> og setur sta\u00f0 e\u00f0a ath\u00f6fn undir <span class=\"iwg-fachbegriff\" data-tooltip=\"Tj\u00e1ning heilla og verndar, oft \u00ed fastri m\u00e1lformi.\" tabindex=\"0\">blessun<\/span>. \u00dear me\u00f0 a\u00f0greinist \u00fea\u00f0 fr\u00e1 ap\u00f3tr\u00f3pa\u00edskum verndargripum, sem hafa \u00fea\u00f0 hlutverk a\u00f0 afst\u00fdra \u00f3heillum.<\/p><p>Om er af m\u00f6rgum tali\u00f0 hi\u00f0 heilagasta t\u00e1kn hind\u00faismans yfirleitt. Hef\u00f0bundi\u00f0 er \u00fea\u00f0 sett fremst \u00ed handrit, br\u00e9f og skj\u00f6l til a\u00f0 setja \u00fea\u00f0 skrifa\u00f0a undir gott fyrirbo\u00f0.<\/p><p>Einnig hefst n\u00e1m og lestur heilagra texta me\u00f0 Om. \u00cd \u00feessum vana, a\u00f0 opna hvert mikilv\u00e6gt upphaf me\u00f0 t\u00e1kninu, kemur s\u00e9rst\u00f6k sta\u00f0a \u00feess mj\u00f6g sk\u00fdrt fram.<\/p>\t\t\t\t\t\t\t\t<\/div>\n\t\t\t\t<\/div>\n\t\t\t\t\t<\/div>\n\t\t\t\t<\/div>\n\t\t<div class=\"elementor-element elementor-element-iwgs-omsymbol-s1 e-flex e-con-boxed e-con e-parent\" data-id=\"iwgs-omsymbol-s1\" data-element_type=\"container\" data-e-type=\"container\">\n\t\t\t\t\t<div class=\"e-con-inner\">\n\t\t\t\t<div class=\"elementor-element elementor-element-iwgs-omsymbol-s1h elementor-widget elementor-widget-heading\" data-id=\"iwgs-omsymbol-s1h\" data-element_type=\"widget\" data-e-type=\"widget\" data-widget_type=\"heading.default\">\n\t\t\t\t\t<h2 class=\"elementor-heading-title elementor-size-default\">Om sem frumhlj\u00f3\u00f0 og upprunahlj\u00f3\u00f0<\/h2>\t\t\t\t<\/div>\n\t\t<div class=\"elementor-element elementor-element-iwgs-omsymbol-s1box e-con-full e-flex e-con e-parent\" data-id=\"iwgs-omsymbol-s1box\" data-element_type=\"container\" data-e-type=\"container\">\n\t\t\t\t<div class=\"elementor-element elementor-element-iwgs-omsymbol-s1t elementor-widget elementor-widget-text-editor\" data-id=\"iwgs-omsymbol-s1t\" data-element_type=\"widget\" data-e-type=\"widget\" data-widget_type=\"text-editor.default\">\n\t\t\t\t\t\t\t\t\t<p>\u00cd hind\u00faiskri hugsun er Om mun meira en or\u00f0. \u00dea\u00f0 er tali\u00f0 vera frumhlj\u00f3\u00f0i\u00f0 sem heimurinn er sprottinn \u00far. \u00cd \u00feessari hugmynd stendur t\u00f3nn \u00ed upphafi sk\u00f6punarins, og \u00feessi t\u00f3nn er Om. Hlj\u00f3\u00f0i\u00f0 tengist \u00feannig beint uppruna tilverunnar.<\/p><p>Heilagir textar hind\u00faismans veita Om h\u00e1a st\u00f6\u00f0u. \u00deegar Veda-ritin og s\u00e9rstaklega Upanishad-ritin fjalla \u00edtarlega um hlj\u00f3\u00f0i\u00f0. S\u00e9rst\u00f6k Upanishad er alfari\u00f0 helgu\u00f0 t\u00falkun Om og \u00fatlistar merkingu \u00feess hlj\u00f3\u00f0 fyrir hlj\u00f3\u00f0.<\/p><p>Af \u00feessum skilningi sprettur s\u00e9rst\u00f6k sta\u00f0a t\u00e1knsins. S\u00e1 sem talar e\u00f0a skrifar Om v\u00edsar til frumgrundvallar heimsins sj\u00e1lfs. Hlj\u00f3\u00f0i\u00f0 er \u00feannig ekkert venjulegt <span class=\"iwg-fachbegriff\" data-tooltip=\"T\u00e1kn sem stendur fyrir hugmynd e\u00f0a merkingu.\" tabindex=\"0\">t\u00e1kn<\/span>, heldur t\u00e1kn sem samkv\u00e6mt hind\u00faiskri hugmynd nefnir hinn d\u00fdpsta veruleika.<\/p><p>Mandukya-Upanishadi\u00f0 er alfari\u00f0 helga\u00f0 t\u00falkun Om og l\u00fdsir \u00fev\u00ed sem <span class=\"iwg-fachbegriff\" data-tooltip=\"\u00c1\u00fereifanleg mynd sem stendur fyrir abstrakta hugmynd.\" tabindex=\"0\">sinnmynd<\/span> hins \u00e6\u00f0sta veruleika, sem \u00ed hind\u00faiskri hugsun er nefndur Brahman. Om er \u00feannig Brahman \u00ed hlj\u00f3\u00f0formi.<\/p><p>Anna\u00f0 var\u00f0veitt nafn hlj\u00f3\u00f0sins er Pranava. \u00cd \u00feessu heiti felst hugmyndin um a\u00f0 Om tj\u00e1i l\u00edfsandann og hina gagntekjandi kraft hins heilaga.<\/p>\t\t\t\t\t\t\t\t<\/div>\n\t\t\t\t<\/div>\n\t\t\t\t\t<\/div>\n\t\t\t\t<\/div>\n\t\t<div class=\"elementor-element elementor-element-iwgs-omsymbol-s2 e-flex e-con-boxed e-con e-parent\" data-id=\"iwgs-omsymbol-s2\" data-element_type=\"container\" data-e-type=\"container\">\n\t\t\t\t\t<div class=\"e-con-inner\">\n\t\t\t\t<div class=\"elementor-element elementor-element-iwgs-omsymbol-s2h elementor-widget elementor-widget-heading\" data-id=\"iwgs-omsymbol-s2h\" data-element_type=\"widget\" data-e-type=\"widget\" data-widget_type=\"heading.default\">\n\t\t\t\t\t<h2 class=\"elementor-heading-title elementor-size-default\">Mynd t\u00e1knsins<\/h2>\t\t\t\t<\/div>\n\t\t<div class=\"elementor-element elementor-element-iwgs-omsymbol-s2box e-con-full e-flex e-con e-parent\" data-id=\"iwgs-omsymbol-s2box\" data-element_type=\"container\" data-e-type=\"container\">\n\t\t\t\t<div class=\"elementor-element elementor-element-iwgs-omsymbol-s2t elementor-widget elementor-widget-text-editor\" data-id=\"iwgs-omsymbol-s2t\" data-element_type=\"widget\" data-e-type=\"widget\" data-widget_type=\"text-editor.default\">\n\t\t\t\t\t\t\t\t\t<p>Hi\u00f0 skrifa\u00f0a Om hefur einkennandi form. \u00cd devanagari-letri samanstendur \u00fea\u00f0 af nokkrum sveig\u00f0um l\u00ednum \u00e1samt h\u00e1lfm\u00e1na og punkti efst. \u00deessir hlutar myndast saman jafnv\u00e6gt, au\u00f0\u00feekkjanlegt t\u00e1kn.<\/p><p>Einstakir hlutar t\u00e1knsins eru t\u00falka\u00f0ir \u00e1 hef\u00f0bundinn h\u00e1tt. Sveigjurnar eru tengdar mismunandi vitundar\u00e1st\u00f6ndum, h\u00e1lfm\u00e1ninn hinum a\u00f0skiljandi ytri heimi og punkturinn hinu \u00e6\u00f0sta, \u00f6llu yfirst\u00edganda \u00e1standi. T\u00e1kni\u00f0 er \u00feannig ekki einungis leturmynd, heldur \u00fe\u00e9tta\u00f0 kennslut\u00e1kn.<\/p><p>\u00deessi mynd hefur gert Om \u00feekkt langt \u00fat fyrir h\u00f3p \u00feeirra sem lesa letri\u00f0. Einnig s\u00e1 sem ekki getur lesi\u00f0 devanagari-letri\u00f0 \u00feekkir t\u00e1kni\u00f0. \u00dea\u00f0 var einmitt \u00feessi sk\u00fdra og au\u00f0minnilega mynd sem var\u00f0 til \u00feess a\u00f0 Om var\u00f0 v\u00ed\u00f0a sj\u00e1anlegt t\u00e1kn.<\/p><p>S\u00fa myndlega mynd Om \u00ed devanagari-letri sem er \u00feekkt um allan heim \u00ed dag var\u00f0 a\u00f0 sta\u00f0li a\u00f0eins me\u00f0 t\u00edmanum.<\/p><p>\u00cd hinum \u00fdmsu letrum indversks sv\u00e6\u00f0is er hlj\u00f3\u00f0i\u00f0 skrifa\u00f0 \u00e1 mismunandi vegu, \u00feannig a\u00f0 ekki er til eitt einasta, heldur m\u00f6rg var\u00f0veitt leturform Om. Devanagari-formi\u00f0 er algengast og m\u00f3tar \u00fe\u00e1 mynd sem flestir tengja vi\u00f0 t\u00e1kni\u00f0.<\/p>\t\t\t\t\t\t\t\t<\/div>\n\t\t\t\t<\/div>\n\t\t\t\t\t<\/div>\n\t\t\t\t<\/div>\n\t\t<div class=\"elementor-element elementor-element-iwgs-omsymbol-s3 e-flex e-con-boxed e-con e-parent\" data-id=\"iwgs-omsymbol-s3\" data-element_type=\"container\" data-e-type=\"container\">\n\t\t\t\t\t<div class=\"e-con-inner\">\n\t\t\t\t<div class=\"elementor-element elementor-element-iwgs-omsymbol-s3h elementor-widget elementor-widget-heading\" data-id=\"iwgs-omsymbol-s3h\" data-element_type=\"widget\" data-e-type=\"widget\" data-widget_type=\"heading.default\">\n\t\t\t\t\t<h2 class=\"elementor-heading-title elementor-size-default\">A, U og M: hin \u00ferj\u00fa hlj\u00f3\u00f0<\/h2>\t\t\t\t<\/div>\n\t\t<div class=\"elementor-element elementor-element-iwgs-omsymbol-s3box e-con-full e-flex e-con e-parent\" data-id=\"iwgs-omsymbol-s3box\" data-element_type=\"container\" data-e-type=\"container\">\n\t\t\t\t<div class=\"elementor-element elementor-element-iwgs-omsymbol-s3t elementor-widget elementor-widget-text-editor\" data-id=\"iwgs-omsymbol-s3t\" data-element_type=\"widget\" data-e-type=\"widget\" data-widget_type=\"text-editor.default\">\n\t\t\t\t\t\t\t\t\t<p>Om er sagt sem samfelldur hlj\u00f3mur, en <span class=\"iwg-fachbegriff\" data-tooltip=\"Mi\u00f0lun \u00feekkingar og fr\u00e1sagna milli kynsl\u00f3\u00f0a.\" tabindex=\"0\">munnm\u00e6lahef\u00f0in<\/span> greinir hann \u00ed \u00ferj\u00fa hlj\u00f3\u00f0, A, U og M. \u00deessi \u00ferj\u00fa hlj\u00f3\u00f0 eru tengd \u00ferenningum \u00ed hind\u00fa\u00edskum l\u00e6rd\u00f3mi, me\u00f0al annars v\u00f6ku\u00e1standi, draumi og draumlausum dj\u00fapsvefni.<\/p><p>Vi\u00f0 hin \u00ferj\u00fa heyranlegu hlj\u00f3\u00f0 b\u00e6tist fj\u00f3r\u00f0a atri\u00f0i\u00f0, \u00fe\u00f6gnin eftir a\u00f0 hlj\u00f3murinn deyr \u00fat. \u00deessi \u00fe\u00f6gn er talin vera hi\u00f0 eiginlega, v\u00edsbending um \u00e1stand handan allra or\u00f0a og mynda. Om felur \u00feannig \u00ed s\u00e9r b\u00e6\u00f0i \u00fea\u00f0 heyranlega og \u00fea\u00f0 sem v\u00edsar \u00fat fyrir hi\u00f0 heyranlega.<\/p><p>\u00cd \u00feessari t\u00falkun kemur \u00ed lj\u00f3s hvers vegna Om er tali\u00f0 svo alt\u00e6kt. \u00dea\u00f0 n\u00e6r yfir \u00f6ll stig veruleikans, fr\u00e1 v\u00f6ku\u00e1standi til h\u00e6sta \u00e1stands. S\u00e1 sem segir fram Om fer \u00ed raun \u00ed gegnum hlj\u00f3minn alla \u00feessa skipan, og n\u00e1kv\u00e6mlega \u00fea\u00f0 gerir stafinn svo \u00e1hrifamikinn \u00ed hugmyndaheimi hef\u00f0arinnar.<\/p><p>Hin \u00ferj\u00fa hlj\u00f3\u00f0 Om eru \u00ed hef\u00f0inni tengd fj\u00f6lm\u00f6rgum \u00ferenningum. Algeng er tengingin vi\u00f0 hina \u00ferj\u00e1 miklu gu\u00f0i Brahma, Vishnu og Shiva og \u00fear me\u00f0 vi\u00f0 sk\u00f6pun, vi\u00f0hald og upplausn heimsins.<\/p><p>S\u00f6mulei\u00f0is eru hlj\u00f3\u00f0in \u00ferj\u00fa tengd hinum \u00feremur Veda-ritum. \u00deessi mikla fj\u00f6lbreytni t\u00falkana undirstrikar a\u00f0 Om er skili\u00f0 sem t\u00e1kn sem n\u00e6r yfir alla skipan tilverunnar.<\/p>\t\t\t\t\t\t\t\t<\/div>\n\t\t\t\t<\/div>\n\t\t\t\t\t<\/div>\n\t\t\t\t<\/div>\n\t\t<div class=\"elementor-element elementor-element-iwgs-omsymbol-s4 e-flex e-con-boxed e-con e-parent\" data-id=\"iwgs-omsymbol-s4\" data-element_type=\"container\" data-e-type=\"container\">\n\t\t\t\t\t<div class=\"e-con-inner\">\n\t\t\t\t<div class=\"elementor-element elementor-element-iwgs-omsymbol-s4h elementor-widget elementor-widget-heading\" data-id=\"iwgs-omsymbol-s4h\" data-element_type=\"widget\" data-e-type=\"widget\" data-widget_type=\"heading.default\">\n\t\t\t\t\t<h2 class=\"elementor-heading-title elementor-size-default\">Om \u00ed helgisi\u00f0um og b\u00e6num<\/h2>\t\t\t\t<\/div>\n\t\t<div class=\"elementor-element elementor-element-iwgs-omsymbol-s4box e-con-full e-flex e-con e-parent\" data-id=\"iwgs-omsymbol-s4box\" data-element_type=\"container\" data-e-type=\"container\">\n\t\t\t\t<div class=\"elementor-element elementor-element-iwgs-omsymbol-s4t elementor-widget elementor-widget-text-editor\" data-id=\"iwgs-omsymbol-s4t\" data-element_type=\"widget\" data-e-type=\"widget\" data-widget_type=\"text-editor.default\">\n\t\t\t\t\t\t\t\t\t<p>\u00cd tr\u00faarl\u00edfi hind\u00faisma stendur Om \u00ed upphafi og lok. B\u00e6nir, upplestur helgra texta og helgiathafnir eru hafnar og loka\u00f0ar me\u00f0 Om. Stafurinn rammar \u00feannig hi\u00f0 helga inn og skilur \u00fea\u00f0 fr\u00e1 hinu hversdagslega.<\/p><p>Om er auk \u00feess tali\u00f0 kjarnasilfur, svokalla\u00f0 bija-<span class=\"iwg-fachbegriff\" data-tooltip=\"Helgur stafur e\u00f0a form\u00fala sem er endurtekin \u00ed hind\u00faisma og b\u00faddisma.\" tabindex=\"0\">mantra<\/span>. \u00dea\u00f0 er hluti af fj\u00f6lm\u00f6rgum lengri b\u00e6naform\u00falum og m\u00f6ntrum og veitir \u00feeim, samkv\u00e6mt hef\u00f0bundnum skilningi, kraft sinn. \u00cd huglei\u00f0slu er Om endurteki\u00f0 sagt e\u00f0a haft \u00ed huga innra me\u00f0 s\u00e9r til a\u00f0 safna <span class=\"iwg-fachbegriff\" data-tooltip=\"L\u00edkamalaus vera sem talin er hafa \u00e1hrif \u00ed heiminum.\" tabindex=\"0\">hugann<\/span> saman.<\/p><p>\u00deessi helgisi\u00f0anotkun er grundv\u00f6llur verndar- og blessunarmerkingar Om. Me\u00f0 \u00fev\u00ed a\u00f0 Om hefur ath\u00f6fn er h\u00fan sett undir helgt fyrirheit. \u00dea\u00f0 sem hefst me\u00f0 Om er, samkv\u00e6mt hind\u00fa\u00edskum skilningi, fr\u00e1 upphafi tengt hinni helgu skipan og \u00fear me\u00f0 vari\u00f0.<\/p><p>\u00cd daglegu helgisi\u00f0al\u00edfi er Om alls sta\u00f0ar n\u00e1l\u00e6gt. \u00dea\u00f0 opnar upplestur Veda-ritanna og stendur \u00ed upphafi margra kunnra b\u00e6naform\u00fala. \u00cd i\u00f0kun endurtekinnar b\u00e6nar, japa, er Om sagt endurteki\u00f0 me\u00f0 hj\u00e1lp b\u00e6nake\u00f0ju.<\/p><p>\u00deannig tengist stafurinn daglegri i\u00f0kun og ver\u00f0ur fastur hluti tr\u00faarl\u00edfs margra manna.<\/p>\t\t\t\t\t\t\t\t<\/div>\n\t\t\t\t<\/div>\n\t\t\t\t\t<\/div>\n\t\t\t\t<\/div>\n\t\t<div class=\"elementor-element elementor-element-iwgs-omsymbol-s5 e-flex e-con-boxed e-con e-parent\" data-id=\"iwgs-omsymbol-s5\" data-element_type=\"container\" data-e-type=\"container\">\n\t\t\t\t\t<div class=\"e-con-inner\">\n\t\t\t\t<div class=\"elementor-element elementor-element-iwgs-omsymbol-s5h elementor-widget elementor-widget-heading\" data-id=\"iwgs-omsymbol-s5h\" data-element_type=\"widget\" data-e-type=\"widget\" data-widget_type=\"heading.default\">\n\t\t\t\t\t<h2 class=\"elementor-heading-title elementor-size-default\">Om sem verndar- og blessunart\u00e1kn<\/h2>\t\t\t\t<\/div>\n\t\t<div class=\"elementor-element elementor-element-iwgs-omsymbol-s5box e-con-full e-flex e-con e-parent\" data-id=\"iwgs-omsymbol-s5box\" data-element_type=\"container\" data-e-type=\"container\">\n\t\t\t\t<div class=\"elementor-element elementor-element-iwgs-omsymbol-s5t elementor-widget elementor-widget-text-editor\" data-id=\"iwgs-omsymbol-s5t\" data-element_type=\"widget\" data-e-type=\"widget\" data-widget_type=\"text-editor.default\">\n\t\t\t\t\t\t\t\t\t<p>Af helgri merkingu Om lei\u00f0ir hlutverk \u00feess sem verndar- og blessunart\u00e1kns \u00ed daglegu l\u00edfi. T\u00e1kni\u00f0 er komi\u00f0 fyrir vi\u00f0 h\u00fasdyr, m\u00e1la\u00f0 yfir hur\u00f0ir og hengt upp \u00ed \u00edb\u00fa\u00f0arh\u00fasn\u00e6\u00f0i. \u00dea\u00f0 merkir sta\u00f0inn sem blessa\u00f0an og setur hann undir gott fyrirheit.<\/p><p>Sem hengi er Om bori\u00f0 \u00e1 l\u00edkamanum, og \u00fea\u00f0 m\u00e1 finna \u00e1 farart\u00e6kjum og hlutum til daglegra nota. \u00cd \u00f6llum \u00feessum myndum virkar \u00fea\u00f0 ekki sem varnarvopn gegn \u00e1kve\u00f0num fjanda, heldur sem st\u00f6\u00f0ug \u00e1minning um hi\u00f0 helga. \u00dear sem Om er, er hin helga skipan vi\u00f0st\u00f6dd.<\/p><p>\u00deannig fellur Om \u00ed flokk \u00feeirra t\u00e1kna sem verja me\u00f0 <span class=\"iwg-fachbegriff\" data-tooltip=\"Helgiath\u00f6fn \u00fear sem hlutur, sta\u00f0ur e\u00f0a manneskja er v\u00edg\u00f0 til hins tr\u00faarlega svi\u00f0s.\" tabindex=\"0\">v\u00edgslu<\/span>. \u00dea\u00f0 var\u00f0veitir me\u00f0 \u00fev\u00ed a\u00f0 helga. \u00deessi verkunarh\u00e1ttur tengir Om \u00f6\u00f0rum blessunart\u00e1knum og a\u00f0greinir \u00fea\u00f0 \u00e1 sama t\u00edma fr\u00e1 skelfingar- og fr\u00e1hrindingart\u00e1knum sem \u00e6tla\u00f0 er a\u00f0 hrekja hi\u00f0 illa \u00e1 brott me\u00f0 \u00f3gn.<\/p><p>Sem verndar- og blessunart\u00e1kn kemur Om fyrir \u00e1 m\u00f6rgum st\u00f6\u00f0um \u00ed heimilisl\u00edfinu. \u00c1 h\u00e1t\u00ed\u00f0um eins og lj\u00f3sah\u00e1t\u00ed\u00f0inni Diwali er \u00fea\u00f0 m\u00e1la\u00f0 \u00e1samt \u00f6\u00f0rum heillat\u00e1knum \u00e1 \u00fer\u00f6skulda og g\u00f3lf, oft sem hluti af listilega ger\u00f0um g\u00f3lfmyndum.<\/p><p>Einnig eru vi\u00f0skiptab\u00e6kur og n\u00fd verkefni hafin me\u00f0 Om. Alls sta\u00f0ar \u00fear setur t\u00e1kni\u00f0 upphafi\u00f0 undir gott og helgt fyrirheit.<\/p>\t\t\t\t\t\t\t\t<\/div>\n\t\t\t\t<\/div>\n\t\t\t\t\t<\/div>\n\t\t\t\t<\/div>\n\t\t<div class=\"elementor-element elementor-element-iwgs-omsymbol-s6 e-flex e-con-boxed e-con e-parent\" data-id=\"iwgs-omsymbol-s6\" data-element_type=\"container\" data-e-type=\"container\">\n\t\t\t\t\t<div class=\"e-con-inner\">\n\t\t\t\t<div class=\"elementor-element elementor-element-iwgs-omsymbol-s6h elementor-widget elementor-widget-heading\" data-id=\"iwgs-omsymbol-s6h\" data-element_type=\"widget\" data-e-type=\"widget\" data-widget_type=\"heading.default\">\n\t\t\t\t\t<h2 class=\"elementor-heading-title elementor-size-default\">Om \u00ed indverskum tr\u00faarbr\u00f6g\u00f0um<\/h2>\t\t\t\t<\/div>\n\t\t<div class=\"elementor-element elementor-element-iwgs-omsymbol-s6box e-con-full e-flex e-con e-parent\" data-id=\"iwgs-omsymbol-s6box\" data-element_type=\"container\" data-e-type=\"container\">\n\t\t\t\t<div class=\"elementor-element elementor-element-iwgs-omsymbol-s6t elementor-widget elementor-widget-text-editor\" data-id=\"iwgs-omsymbol-s6t\" data-element_type=\"widget\" data-e-type=\"widget\" data-widget_type=\"text-editor.default\">\n\t\t\t\t\t\t\t\t\t<p>Om er ekki bundi\u00f0 vi\u00f0 hind\u00faisma. Einnig <a href=\"https:\/\/iwell-guard.com\/is\/buddhismi\/\">b\u00faddismi<\/a> \u00feekkir stafinn og notar hann, best kunnur \u00ed hinni \u00fatbreiddu form\u00falu Om mani padme hum, sem gegnir s\u00e9rstaklega miklu hlutverki \u00ed t\u00edbetskum b\u00faddisma.<\/p><p>S\u00f6mulei\u00f0is tilheyrir Om ja\u00ednisma og sikhisma, \u00fe\u00f3 hvor me\u00f0 s\u00ednum eigin t\u00falkunum og eigin rith\u00e6tti. \u00cd \u00f6llum \u00feessum tr\u00faarbr\u00f6g\u00f0um er stafurinn talinn <span class=\"iwg-fachbegriff\" data-tooltip=\"Tilheyrandi hinu gu\u00f0lega og \u00fear me\u00f0 undan\u00feegi\u00f0 hversdagslegri notkun.\" tabindex=\"0\">helgur<\/span> og t\u00e1kn \u00e6\u00f0sta veruleika, jafnvel \u00fe\u00f3tt \u00feessi veruleiki s\u00e9 skilinn \u00e1 mismunandi h\u00e1tt.<\/p><p>\u00deessi \u00fatbrei\u00f0sla yfir fleiri tr\u00faarbr\u00f6g\u00f0 gerir Om a\u00f0 tengjandi t\u00e1kni indverska menningarsv\u00e6\u00f0isins. \u00dea\u00f0 er d\u00e6mi um hvernig helgt t\u00e1kn getur unni\u00f0 s\u00e9r merkingu handan landam\u00e6ra einstakra tr\u00faarbrag\u00f0a \u00e1n \u00feess a\u00f0 glata helgi sinni.<\/p><p>\u00cd hinum indversku tr\u00faarbr\u00f6g\u00f0unum f\u00e6r Om hverju sinni sinn eigin bl\u00e6. \u00cd ja\u00ednisma er stafurinn t\u00falka\u00f0ur sem samantekt hinna fimm \u00e6\u00f0stu vera.<\/p><p>Sikhismi setur fremst \u00ed helgirit sitt form\u00faluna Ik Onkar, sem tj\u00e1ir svipa\u00f0a hugsun, nefnilega hugmyndina um hi\u00f0 eina, allt gagns\u00fdrandi gu\u00f0lega. \u00der\u00e1tt fyrir allan mismun er Om \u00ed \u00f6llum \u00feessum hef\u00f0um \u00e1fram t\u00e1kn \u00e6\u00f0stu helgi.<\/p>\t\t\t\t\t\t\t\t<\/div>\n\t\t\t\t<\/div>\n\t\t\t\t\t<\/div>\n\t\t\t\t<\/div>\n\t\t<div class=\"elementor-element elementor-element-iwgs-omsymbol-s7 e-flex e-con-boxed e-con e-parent\" data-id=\"iwgs-omsymbol-s7\" data-element_type=\"container\" data-e-type=\"container\">\n\t\t\t\t\t<div class=\"e-con-inner\">\n\t\t\t\t<div class=\"elementor-element elementor-element-iwgs-omsymbol-s7h elementor-widget elementor-widget-heading\" data-id=\"iwgs-omsymbol-s7h\" data-element_type=\"widget\" data-e-type=\"widget\" data-widget_type=\"heading.default\">\n\t\t\t\t\t<h2 class=\"elementor-heading-title elementor-size-default\">Efni og notkun sem hengi<\/h2>\t\t\t\t<\/div>\n\t\t<div class=\"elementor-element elementor-element-iwgs-omsymbol-s7box e-con-full e-flex e-con e-parent\" data-id=\"iwgs-omsymbol-s7box\" data-element_type=\"container\" data-e-type=\"container\">\n\t\t\t\t<div class=\"elementor-element elementor-element-iwgs-omsymbol-s7t elementor-widget elementor-widget-text-editor\" data-id=\"iwgs-omsymbol-s7t\" data-element_type=\"widget\" data-e-type=\"widget\" data-widget_type=\"text-editor.default\">\n\t\t\t\t\t\t\t\t\t<p>Sem t\u00e1kn bori\u00f0 \u00e1 s\u00e9r er Om unni\u00f0 \u00far \u00fdmsum efnum. Algengt er a\u00f0 hengin s\u00e9u \u00far gulli, silfri og m\u00e1lmbl\u00f6ndu, en einnig eru til stykki \u00far vi\u00f0i og steini. T\u00e1kni\u00f0 er oft unni\u00f0 \u00e1 upphleyptan h\u00e1tt svo a\u00f0 bogadregi\u00f0 form \u00feess nj\u00f3ti s\u00edn vel.<\/p><p>Om er oft sameina\u00f0 \u00f6\u00f0rum heil\u00f6gum t\u00e1knum og me\u00f0 b\u00e6nake\u00f0jum. \u00dea\u00f0 birtist \u00e1 hengjum \u00e1samt myndum af gu\u00f0um e\u00f0a \u00f6\u00f0rum blessunart\u00e1knum. \u00cd sl\u00edkri samsetningu styrkja t\u00e1knin merkingu hvers annars.<\/p><p>Notkunin sem hengi s\u00fdnir hvernig Om hefur fari\u00f0 \u00far hreinni tr\u00faarlegri notkun yfir \u00ed daglegt l\u00edf einstaklingsins. \u00dea\u00f0 fylgir \u00feeim sem \u00fea\u00f0 ber gegnum daginn og heldur tengingunni vi\u00f0 hi\u00f0 heilaga s\u00fdnilega \u00e1 lofti. \u00cd \u00fev\u00ed l\u00edkist Om t\u00e1knum sem borin eru til varnar \u00ed \u00f6\u00f0rum menningarheimum.<\/p><p>Sem hengi er Om oft tengt \u00f6\u00f0rum t\u00e1knum sem heita g\u00e6fu og <span class=\"iwg-fachbegriff\" data-tooltip=\"\u00d3sk um heill og vernd, oft \u00ed fastri m\u00e1lformi.\" tabindex=\"0\">blessun<\/span>, til d\u00e6mis svastikunni, sem \u00ed upprunalegri merkingu er skilin sem g\u00e6fumerki.<\/p><p>Margir bera Om fr\u00e1 barnsaldri, og \u00fea\u00f0 kemur einnig fyrir sem h\u00fa\u00f0fl\u00far. \u00cd \u00f6llum \u00feessum myndum er stafurinn ekki a\u00f0eins sko\u00f0a\u00f0ur heldur borinn, og ver\u00f0ur \u00feannig st\u00f6\u00f0ugur, pers\u00f3nulegur fylgifiskur \u00ed daglegu l\u00edfi.<\/p>\t\t\t\t\t\t\t\t<\/div>\n\t\t\t\t<\/div>\n\t\t\t\t\t<\/div>\n\t\t\t\t<\/div>\n\t\t<div class=\"elementor-element elementor-element-iwgs-omsymbol-s8 e-flex e-con-boxed e-con e-parent\" data-id=\"iwgs-omsymbol-s8\" data-element_type=\"container\" data-e-type=\"container\">\n\t\t\t\t\t<div class=\"e-con-inner\">\n\t\t\t\t<div class=\"elementor-element elementor-element-iwgs-omsymbol-s8h elementor-widget elementor-widget-heading\" data-id=\"iwgs-omsymbol-s8h\" data-element_type=\"widget\" data-e-type=\"widget\" data-widget_type=\"heading.default\">\n\t\t\t\t\t<h2 class=\"elementor-heading-title elementor-size-default\">M\u00f3tt\u00f6kur \u00ed dag<\/h2>\t\t\t\t<\/div>\n\t\t<div class=\"elementor-element elementor-element-iwgs-omsymbol-s8box e-con-full e-flex e-con e-parent\" data-id=\"iwgs-omsymbol-s8box\" data-element_type=\"container\" data-e-type=\"container\">\n\t\t\t\t<div class=\"elementor-element elementor-element-iwgs-omsymbol-s8t elementor-widget elementor-widget-text-editor\" data-id=\"iwgs-omsymbol-s8t\" data-element_type=\"widget\" data-e-type=\"widget\" data-widget_type=\"text-editor.default\">\n\t\t\t\t\t\t\t\t\t<p>Om hefur brei\u00f0st \u00fat um heim allan, langt umfram indverskt menningarsv\u00e6\u00f0i. Me\u00f0 al\u00fej\u00f3\u00f0legri \u00fatbrei\u00f0slu j\u00f3ga og huglei\u00f0slu var\u00f0 t\u00e1kni\u00f0 kunnugt \u00ed m\u00f6rgum l\u00f6ndum. \u00cd dag birtist \u00fea\u00f0 \u00e1 skartgripum, fatna\u00f0i og \u00ed h\u00f6nnun r\u00fdma.<\/p><p>Me\u00f0 \u00feessari \u00fatbrei\u00f0slu fylgir breyting \u00e1 merkingu. \u00cd m\u00f6rgum samhengjum er Om fyrst og fremst skili\u00f0 sem t\u00e1kn fyrir r\u00f3, n\u00favitund og almenna andlega vitund, losa\u00f0 \u00far sinni n\u00e1kv\u00e6mu st\u00f6\u00f0u \u00ed indverskum tr\u00faarbr\u00f6g\u00f0um. \u00dar heil\u00f6gu tr\u00faart\u00e1kni ver\u00f0ur a\u00f0 hluta almennt <span class=\"iwg-fachbegriff\" data-tooltip=\"T\u00e1kn sem stendur fyrir hugmynd e\u00f0a merkingu.\" tabindex=\"0\">symbol<\/span>.<\/p><p>Innan hind\u00faisma sj\u00e1lfs er upprunalega merkingin \u00fe\u00f3 \u00f3breytt. \u00dear er Om \u00e1fram heilagur upprunastafur, t\u00e1kn frumhlj\u00f3\u00f0sins og blessunart\u00e1kn sem fylgir daglegu l\u00edfi. M\u00e1lefnaleg framsetning \u00e6tti a\u00f0 nefna b\u00e1\u00f0ar hli\u00f0ar, hina tr\u00faarlegu d\u00fdpt t\u00e1knsins og n\u00fat\u00edmalega, heimsv\u00ed\u00f0a m\u00f3tt\u00f6ku \u00feess.<\/p><p>Me\u00f0 heimsv\u00ed\u00f0ri \u00fatbrei\u00f0slu t\u00e1knsins vaknar einnig spurningin um vi\u00f0eigandi umgengni. \u00dear sem Om er m\u00f6rgum tr\u00fau\u00f0um <span class=\"iwg-fachbegriff\" data-tooltip=\"Tilheyrir hinu gu\u00f0lega og er \u00fear me\u00f0 undanskili\u00f0 hversdagslegri notkun.\" tabindex=\"0\">heilagt<\/span>, telja margir k\u00e6ruleysislega e\u00f0a hreint skreytandi notkun l\u00edti\u00f0 vir\u00f0ingarfulla.<\/p><p>M\u00e1lefnaleg framsetning nefnir \u00fev\u00ed b\u00e6\u00f0i, tr\u00faarlega d\u00fdpt t\u00e1knsins \u00ed indverskum tr\u00faarbr\u00f6g\u00f0um og hlutverk \u00feess sem v\u00ed\u00f0kunnugt skammstafa\u00f0 t\u00e1kn fyrir Indland og fyrir andlegt l\u00edf.<\/p>\t\t\t\t\t\t\t\t<\/div>\n\t\t\t\t<\/div>\n\t\t\t\t\t<\/div>\n\t\t\t\t<\/div>\n\t\t<div class=\"elementor-element elementor-element-iwgs-omsymbol-lit e-flex e-con-boxed e-con e-parent\" data-id=\"iwgs-omsymbol-lit\" data-element_type=\"container\" data-e-type=\"container\">\n\t\t\t\t\t<div class=\"e-con-inner\">\n\t\t\t\t<div class=\"elementor-element elementor-element-iwgs-omsymbol-lith elementor-widget elementor-widget-heading\" data-id=\"iwgs-omsymbol-lith\" data-element_type=\"widget\" data-e-type=\"widget\" data-widget_type=\"heading.default\">\n\t\t\t\t\t<h2 class=\"elementor-heading-title elementor-size-default\">Heimildir (\u00farval)<\/h2>\t\t\t\t<\/div>\n\t\t<div class=\"elementor-element elementor-element-iwgs-omsymbol-litbox e-con-full e-flex e-con e-parent\" data-id=\"iwgs-omsymbol-litbox\" data-element_type=\"container\" data-e-type=\"container\">\n\t\t\t\t<div class=\"elementor-element elementor-element-iwgs-omsymbol-litt elementor-widget elementor-widget-html\" data-id=\"iwgs-omsymbol-litt\" data-element_type=\"widget\" data-e-type=\"widget\" data-widget_type=\"html.default\">\n\t\t\t\t\t<footer data-nosnippet=\"true\"><ul><li>Heinrich Zimmer: <em>Philosophie und Religion Indiens<\/em> (1961)<\/li><li>Jan Gonda: <em>Die Religionen Indiens<\/em> (1960)<\/li><li><em>Mandukya-Upanishad<\/em> (klass\u00edskur sanskr\u00edt-texti)<\/li><li>Axel Michaels: <em>Der Hinduismus. Geschichte und Gegenwart<\/em> (1998)<\/li><li>Annette Wilke, Oliver Moebus: <em>Sound and Communication. An Aesthetic Cultural History of Sanskrit Hinduism<\/em> (2011)<\/li><\/ul><\/footer>\t\t\t\t<\/div>\n\t\t\t\t<\/div>\n\t\t\t\t\t<\/div>\n\t\t\t\t<\/div>\n\t\t<div class=\"elementor-element elementor-element-iwgs-omsymbol-kwd e-flex e-con-boxed e-con e-parent\" data-id=\"iwgs-omsymbol-kwd\" data-element_type=\"container\" data-e-type=\"container\">\n\t\t\t\t\t<div class=\"e-con-inner\">\n\t\t\t\t<div class=\"elementor-element elementor-element-iwgs-omsymbol-kwdt elementor-widget elementor-widget-text-editor\" data-id=\"iwgs-omsymbol-kwdt\" data-element_type=\"widget\" data-e-type=\"widget\" data-widget_type=\"text-editor.default\">\n\t\t\t\t\t\t\t\t\t<p><em>Tengd leitaror\u00f0: Om Aum Pranava upprunastafur Devanagari Bija-<span class=\"iwg-fachbegriff\" data-tooltip=\"Heilagur stafur e\u00f0a form\u00fala sem er endurtekin \u00ed hind\u00faisma og b\u00faddisma.\" tabindex=\"0\">mantra<\/span> Upanishad blessunart\u00e1kn hind\u00faismi.<\/em><\/p>\t\t\t\t\t\t\t\t<\/div>\n\t\t\t\t\t<\/div>\n\t\t\t\t<\/div>\n\t\t<div class=\"elementor-element elementor-element-iwgs-omsymbol-cc e-flex e-con-boxed e-con e-parent\" data-id=\"iwgs-omsymbol-cc\" data-element_type=\"container\" data-e-type=\"container\" id=\"iwg-cc-om-symbol\">\n\t\t\t\t\t<div class=\"e-con-inner\">\n\t\t<div class=\"elementor-element elementor-element-iwgs-omsymbol-ccinner e-flex e-con-boxed e-con e-parent\" data-id=\"iwgs-omsymbol-ccinner\" data-element_type=\"container\" data-e-type=\"container\" data-settings=\"{&quot;background_background&quot;:&quot;classic&quot;}\">\n\t\t\t\t\t<div class=\"e-con-inner\">\n\t\t\t\t<div class=\"elementor-element elementor-element-iwgs-omsymbol-cch elementor-widget elementor-widget-heading\" data-id=\"iwgs-omsymbol-cch\" data-element_type=\"widget\" data-e-type=\"widget\" data-widget_type=\"heading.default\">\n\t\t\t\t\t<h2 class=\"elementor-heading-title elementor-size-default\">iWell Guard og verndarhef\u00f0ir<\/h2>\t\t\t\t<\/div>\n\t\t\t\t<div class=\"elementor-element elementor-element-iwgs-omsymbol-cct elementor-widget elementor-widget-text-editor\" data-id=\"iwgs-omsymbol-cct\" data-element_type=\"widget\" data-e-type=\"widget\" data-widget_type=\"text-editor.default\">\n\t\t\t\t\t\t\t\t\t<p>iWell Guard stendur \u00ed menningars\u00f6gulegri hef\u00f0 t\u00e1kna sem borin eru til varnar, og Om-<span class=\"iwg-fachbegriff\" data-tooltip=\"T\u00e1kn sem stendur fyrir hugmynd e\u00f0a merkingu.\" tabindex=\"0\">t\u00e1kn<\/span>i\u00f0 tilheyrir \u00feeirri hef\u00f0. N\u00fat\u00edmalegur fylgifiskur fyrir f\u00f3lk sem lifir me\u00f0 verndart\u00e1knum: framleitt \u00ed \u00de\u00fdskalandi, 41 lag af hreinu gulli, plat\u00ednu og silfri, me\u00f0 30 daga skilar\u00e9tti.<\/p>\t\t\t\t\t\t\t\t<\/div>\n\t\t\t\t<div class=\"elementor-element elementor-element-iwgs-omsymbol-ccb iwg-cc-button iwg-cc-cta-2026-05-13 elementor-widget elementor-widget-jet-button\" data-id=\"iwgs-omsymbol-ccb\" data-element_type=\"widget\" data-e-type=\"widget\" data-widget_type=\"jet-button.default\">\n\t\t\t\t<div class=\"elementor-widget-container\">\n\t\t\t\t\t<div class=\"elementor-jet-button jet-elements\"><div class=\"jet-button__container\"><a class=\"jet-button__instance jet-button__instance--icon-left hover-effect-1\" href=\"\/schutzanhaenger-iwell-guard-kaufen\/?utm_source=iwell-guard.com&amp;utm_medium=info-box&amp;utm_campaign=schutzsymbole\"><div class=\"jet-button__plane jet-button__plane-normal\"><\/div><div class=\"jet-button__plane jet-button__plane-hover\"><\/div><div class=\"jet-button__state jet-button__state-normal\"><span class=\"jet-button__label\">Meira um iWell Guard<\/span><\/div><div class=\"jet-button__state jet-button__state-hover\"><span class=\"jet-button__label\">Meira um iWell Guard<\/span><\/div><\/a><\/div><\/div><style>.elementor-element.elementor-element-iwgs-omsymbol-ccb .jet-button__instance{width:320px;height:56px;}.elementor-element.elementor-element-iwgs-omsymbol-ccb .jet-button__state-normal .jet-button__label{text-align:center;margin:0px 0px 0px 0px;color:#1a1b20;font-family:Montserrat,sans-serif;font-size:13px;font-weight:400;letter-spacing:4px;line-height:1.714em;text-transform:uppercase;}.elementor-element.elementor-element-iwgs-omsymbol-ccb .jet-button__state-hover .jet-button__label{text-align:center;margin:0px 0px 0px 0px;color:#FECC76;font-family:Montserrat,sans-serif;font-size:13px;font-weight:400;letter-spacing:4px;line-height:1.714em;text-transform:uppercase;}.elementor-element.elementor-element-iwgs-omsymbol-ccb .jet-button__plane-normal{background-color:#FECC76;border-style:solid;border-color:#C99540;border-width:2px 2px 2px 2px;}.elementor-element.elementor-element-iwgs-omsymbol-ccb .jet-button__plane-hover{background-color:rgba(0,0,0,0.55);border-style:solid;border-color:#FECC76;border-width:2px 2px 2px 2px;}<\/style>\t\t\t\t<\/div>\n\t\t\t\t<\/div>\n\t\t\t\t<div class=\"elementor-element elementor-element-iwgs-omsymbol-ccd elementor-widget elementor-widget-text-editor\" data-id=\"iwgs-omsymbol-ccd\" data-element_type=\"widget\" data-e-type=\"widget\" data-widget_type=\"text-editor.default\">\n\t\t\t\t\t\t\t\t\t<p style=\"text-align:center;font-size:13px;opacity:0.7;margin-top:14px\" data-nosnippet=\"true\">Pers\u00f3nuleg reynsla getur veri\u00f0 mismunandi. Ekki l\u00e6kningat\u00e6ki. Engin lofor\u00f0 um l\u00e6kningu.<\/p>\t\t\t\t\t\t\t\t<\/div>\n\t\t\t\t\t<\/div>\n\t\t\t\t<\/div>\n\t\t\t\t\t<\/div>\n\t\t\t\t<\/div>\n\t\t<div class=\"elementor-element elementor-element-iwgs-omsymbol-disc e-flex e-con-boxed e-con e-parent\" data-id=\"iwgs-omsymbol-disc\" data-element_type=\"container\" data-e-type=\"container\">\n\t\t\t\t\t<div class=\"e-con-inner\">\n\t\t\t\t<div class=\"elementor-element elementor-element-iwgs-omsymbol-discw elementor-widget elementor-widget-html\" data-id=\"iwgs-omsymbol-discw\" data-element_type=\"widget\" data-e-type=\"widget\" data-widget_type=\"html.default\">\n\t\t\t\t\t<footer data-nosnippet=\"true\" class=\"iwg-disclaimer-block\"><p data-nosnippet=\"true\">iWell Guard er <strong>ekki l\u00e6kningat\u00e6ki<\/strong> og kemur ekki \u00ed sta\u00f0 l\u00e6knis- e\u00f0a s\u00e1lfr\u00e6\u00f0ime\u00f0fer\u00f0ar. Innihaldi\u00f0 sem h\u00e9r er sett fram er tr\u00faarbrag\u00f0afr\u00e6\u00f0ileg og menningars\u00f6gulega greining, ekki lofor\u00f0 um andlega virkni.<\/p><\/footer>\t\t\t\t<\/div>\n\t\t\t\t\t<\/div>\n\t\t\t\t<\/div>\n\t\t\t\t<\/div>\n\t\t","protected":false},"excerpt":{"rendered":"","protected":false},"author":3,"featured_media":3440,"parent":0,"menu_order":0,"comment_status":"closed","ping_status":"closed","template":"elementor_header_footer","meta":{"_yoast_wpseo_focuskw":"Om-t\u00e1kni\u00f0","_yoast_wpseo_title":"Om-t\u00e1kni\u00f0 \u2013 heilagt t\u00e1kn \u00far hind\u00faisma","_yoast_wpseo_metadesc":"Om er hi\u00f0 heilaga frumhlj\u00f3\u00f0 hind\u00faismans og er tali\u00f0 t\u00e1kn verndar og blessunar. Merking, mynd og notkun \u00fatsk\u00fdr\u00f0 \u00e1 sk\u00fdran h\u00e1tt.","_yoast_wpseo_meta-robots-noindex":"","_yoast_wpseo_canonical":"","_angie_page":false,"gefaehrdungsstufe":"","wesen_kultur":"","wesen_klasse":"","footnotes":""},"categories":[],"class_list":["post-169129","page","type-page","status-publish","has-post-thumbnail","hentry"],"yoast_head":"<!-- This site is optimized with the Yoast SEO Premium plugin v27.7 (Yoast SEO v28.3) - https:\/\/yoast.com\/product\/yoast-seo-premium-wordpress\/ -->\n<title>Om-t\u00e1kni\u00f0 \u2013 heilagt t\u00e1kn \u00far hind\u00faisma<\/title>\n<meta name=\"description\" content=\"Om er hi\u00f0 heilaga frumhlj\u00f3\u00f0 hind\u00faismans og er tali\u00f0 t\u00e1kn verndar og blessunar. Merking, mynd og notkun \u00fatsk\u00fdr\u00f0 \u00e1 sk\u00fdran h\u00e1tt.\" \/>\n<meta name=\"robots\" content=\"index, follow, max-snippet:-1, max-image-preview:large, max-video-preview:-1\" \/>\n<link rel=\"canonical\" href=\"https:\/\/iwell-guard.com\/is\/om-heilagt-takn-verndar-og-blessunar\/\" \/>\n<meta property=\"og:locale\" content=\"is_IS\" \/>\n<meta property=\"og:type\" content=\"article\" \/>\n<meta property=\"og:title\" content=\"Om \u2013 hi\u00f0 heilaga t\u00e1kn verndar og blessunar\" \/>\n<meta property=\"og:description\" content=\"Om er hi\u00f0 heilaga frumhlj\u00f3\u00f0 hind\u00faismans og er tali\u00f0 t\u00e1kn verndar og blessunar. Merking, mynd og notkun \u00fatsk\u00fdr\u00f0 \u00e1 sk\u00fdran h\u00e1tt.\" \/>\n<meta property=\"og:url\" content=\"https:\/\/iwell-guard.com\/is\/om-heilagt-takn-verndar-og-blessunar\/\" \/>\n<meta property=\"og:site_name\" content=\"iWell Guard\" \/>\n<meta property=\"article:modified_time\" content=\"2026-09-05T14:32:58+00:00\" \/>\n<meta property=\"og:image\" content=\"https:\/\/iwell-guard.com\/wp-content\/uploads\/2026\/05\/schutzsymbol_hinduismus_om.webp\" \/>\n\t<meta property=\"og:image:width\" content=\"1024\" \/>\n\t<meta property=\"og:image:height\" content=\"1536\" \/>\n\t<meta property=\"og:image:type\" content=\"image\/webp\" \/>\n<meta name=\"twitter:card\" content=\"summary_large_image\" \/>\n<script type=\"application\/ld+json\" class=\"yoast-schema-graph\">{\"@context\":\"https:\\\/\\\/schema.org\",\"@graph\":[{\"@type\":\"WebPage\",\"@id\":\"https:\\\/\\\/iwell-guard.com\\\/is\\\/om-heilagt-takn-verndar-og-blessunar\\\/\",\"url\":\"https:\\\/\\\/iwell-guard.com\\\/is\\\/om-heilagt-takn-verndar-og-blessunar\\\/\",\"name\":\"Om-t\u00e1kni\u00f0 \u2013 heilagt t\u00e1kn \u00far hind\u00faisma\",\"isPartOf\":{\"@id\":\"https:\\\/\\\/iwell-guard.com\\\/is\\\/#website\"},\"primaryImageOfPage\":{\"@id\":\"https:\\\/\\\/iwell-guard.com\\\/is\\\/om-heilagt-takn-verndar-og-blessunar\\\/#primaryimage\"},\"image\":{\"@id\":\"https:\\\/\\\/iwell-guard.com\\\/is\\\/om-heilagt-takn-verndar-og-blessunar\\\/#primaryimage\"},\"thumbnailUrl\":\"https:\\\/\\\/iwell-guard.com\\\/wp-content\\\/uploads\\\/2026\\\/05\\\/schutzsymbol_hinduismus_om.webp\",\"datePublished\":\"2026-09-05T14:05:49+00:00\",\"dateModified\":\"2026-09-05T14:32:58+00:00\",\"description\":\"Om er hi\u00f0 heilaga frumhlj\u00f3\u00f0 hind\u00faismans og er tali\u00f0 t\u00e1kn verndar og blessunar. Merking, mynd og notkun \u00fatsk\u00fdr\u00f0 \u00e1 sk\u00fdran h\u00e1tt.\",\"breadcrumb\":{\"@id\":\"https:\\\/\\\/iwell-guard.com\\\/is\\\/om-heilagt-takn-verndar-og-blessunar\\\/#breadcrumb\"},\"inLanguage\":\"is\",\"potentialAction\":[{\"@type\":\"ReadAction\",\"target\":[\"https:\\\/\\\/iwell-guard.com\\\/is\\\/om-heilagt-takn-verndar-og-blessunar\\\/\"]}]},{\"@type\":\"ImageObject\",\"inLanguage\":\"is\",\"@id\":\"https:\\\/\\\/iwell-guard.com\\\/is\\\/om-heilagt-takn-verndar-og-blessunar\\\/#primaryimage\",\"url\":\"https:\\\/\\\/iwell-guard.com\\\/wp-content\\\/uploads\\\/2026\\\/05\\\/schutzsymbol_hinduismus_om.webp\",\"contentUrl\":\"https:\\\/\\\/iwell-guard.com\\\/wp-content\\\/uploads\\\/2026\\\/05\\\/schutzsymbol_hinduismus_om.webp\",\"width\":1024,\"height\":1536,\"caption\":\"Verndart\u00e1kn. Myndskreyting \u00ed safnst\u00edl.\"},{\"@type\":\"BreadcrumbList\",\"@id\":\"https:\\\/\\\/iwell-guard.com\\\/is\\\/om-heilagt-takn-verndar-og-blessunar\\\/#breadcrumb\",\"itemListElement\":[{\"@type\":\"ListItem\",\"position\":1,\"name\":\"Start\",\"item\":\"https:\\\/\\\/iwell-guard.com\\\/is\\\/?page_id=168580\"},{\"@type\":\"ListItem\",\"position\":2,\"name\":\"Om \u2013 hi\u00f0 heilaga t\u00e1kn verndar og blessunar\"}]},{\"@type\":\"WebSite\",\"@id\":\"https:\\\/\\\/iwell-guard.com\\\/is\\\/#website\",\"url\":\"https:\\\/\\\/iwell-guard.com\\\/is\\\/\",\"name\":\"iWell Guard\",\"description\":\"Schutz vor dunklen Einfl\u00fcssen\",\"publisher\":{\"@id\":\"https:\\\/\\\/iwell-guard.com\\\/is\\\/#organization\"},\"potentialAction\":[{\"@type\":\"SearchAction\",\"target\":{\"@type\":\"EntryPoint\",\"urlTemplate\":\"https:\\\/\\\/iwell-guard.com\\\/is\\\/?s={search_term_string}\"},\"query-input\":{\"@type\":\"PropertyValueSpecification\",\"valueRequired\":true,\"valueName\":\"search_term_string\"}}],\"inLanguage\":\"is\"},{\"@type\":\"Organization\",\"@id\":\"https:\\\/\\\/iwell-guard.com\\\/is\\\/#organization\",\"name\":\"Ittermann electronic GmbH\",\"url\":\"https:\\\/\\\/iwell-guard.com\\\/is\\\/\",\"logo\":{\"@type\":\"ImageObject\",\"inLanguage\":\"is\",\"@id\":\"https:\\\/\\\/iwell-guard.com\\\/is\\\/#\\\/schema\\\/logo\\\/image\\\/\",\"url\":\"https:\\\/\\\/iwell-guard.com\\\/wp-content\\\/uploads\\\/2026\\\/05\\\/Ittermann-Logo-1182x237-1.png\",\"contentUrl\":\"https:\\\/\\\/iwell-guard.com\\\/wp-content\\\/uploads\\\/2026\\\/05\\\/Ittermann-Logo-1182x237-1.png\",\"width\":1182,\"height\":237,\"caption\":\"Ittermann electronic GmbH\"},\"image\":{\"@id\":\"https:\\\/\\\/iwell-guard.com\\\/is\\\/#\\\/schema\\\/logo\\\/image\\\/\"},\"sameAs\":[\"https:\\\/\\\/pantip.com\\\/profile\\\/9367242\",\"https:\\\/\\\/micro.blog\\\/iwellguard\",\"https:\\\/\\\/www.diggerslist.com\\\/iwellguard\\\/about\",\"https:\\\/\\\/skitterphoto.com\\\/photographers\\\/2870314\\\/iwell-guard\",\"https:\\\/\\\/iwellguard.wordpress.com\\\/2026\\\/06\\\/06\\\/iwell-guard\\\/\",\"https:\\\/\\\/hub.docker.com\\\/u\\\/iwellguard\",\"https:\\\/\\\/www.pinterest.com\\\/iwellguard\\\/\",\"https:\\\/\\\/bit.ly\\\/m\\\/iwellguard\",\"https:\\\/\\\/entre-vos-mains.alsace.eu\\\/profiles\\\/iwellguard\\\/activity\",\"https:\\\/\\\/gravatar.com\\\/reallybeded8fd34\",\"https:\\\/\\\/naijamatta.com\\\/iwellguard\",\"https:\\\/\\\/www.goodreads.com\\\/iwellguard\",\"https:\\\/\\\/profile.hatena.ne.jp\\\/iwellguard\\\/\",\"https:\\\/\\\/experiment.com\\\/users\\\/iwellguard\",\"https:\\\/\\\/wakelet.com\\\/@iWellGuard82270\",\"https:\\\/\\\/www.chordie.com\\\/forum\\\/profile.php?id=2555664\",\"https:\\\/\\\/www.instapaper.com\\\/p\\\/17757966\",\"https:\\\/\\\/www.mapleprimes.com\\\/users\\\/iwellguard\",\"https:\\\/\\\/businesslistingplus.com\\\/profile\\\/iwell-guard\\\/\",\"https:\\\/\\\/telegra.ph\\\/iWell-Guard-06-06\",\"https:\\\/\\\/pbase.com\\\/iwellguard\\\/iwellguard\",\"https:\\\/\\\/b.hatena.ne.jp\\\/iwellguard\\\/20260607#bookmark-4788405196491818882\",\"https:\\\/\\\/fliphtml5.com\\\/home\\\/iwellguard\",\"https:\\\/\\\/anyflip.com\\\/homepage\\\/cmiwl#About\",\"https:\\\/\\\/transfur.com\\\/Users\\\/iwellguard\",\"http:\\\/\\\/delphi.larsbo.org\\\/user\\\/iwellguard\",\"https:\\\/\\\/jobs.lajobsportal.org\\\/profiles\\\/8380803-iwell-guard\",\"https:\\\/\\\/md.chaosdorf.de\\\/s\\\/jfbe5SBdJD\",\"https:\\\/\\\/www.lingvolive.com\\\/en-us\\\/profile\\\/9ecaeaca-ce11-4e51-9e71-01d55e2bff36\\\/translations\",\"https:\\\/\\\/www.fitday.com\\\/fitness\\\/forums\\\/members\\\/iwellguard.html\",\"https:\\\/\\\/www.mymeetbook.com\\\/iwellguard\",\"https:\\\/\\\/pxhere.com\\\/en\\\/photographer-me\\\/5040798\",\"https:\\\/\\\/disqus.com\\\/by\\\/iwellguard\\\/about\\\/\",\"https:\\\/\\\/pastelink.net\\\/hjwciqwq\",\"https:\\\/\\\/pubhtml5.com\\\/homepage\\\/scjhn\\\/\",\"https:\\\/\\\/www.bitchute.com\\\/channel\\\/2O2eOKzNqujT\",\"https:\\\/\\\/audiomack.com\\\/iwellguard\"]}]}<\/script>\n<!-- \/ Yoast SEO Premium plugin. -->","yoast_head_json":{"title":"Om-t\u00e1kni\u00f0 \u2013 heilagt t\u00e1kn \u00far hind\u00faisma","description":"Om er hi\u00f0 heilaga frumhlj\u00f3\u00f0 hind\u00faismans og er tali\u00f0 t\u00e1kn verndar og blessunar. Merking, mynd og notkun \u00fatsk\u00fdr\u00f0 \u00e1 sk\u00fdran h\u00e1tt.","robots":{"index":"index","follow":"follow","max-snippet":"max-snippet:-1","max-image-preview":"max-image-preview:large","max-video-preview":"max-video-preview:-1"},"canonical":"https:\/\/iwell-guard.com\/is\/om-heilagt-takn-verndar-og-blessunar\/","og_locale":"is_IS","og_type":"article","og_title":"Om \u2013 hi\u00f0 heilaga t\u00e1kn verndar og blessunar","og_description":"Om er hi\u00f0 heilaga frumhlj\u00f3\u00f0 hind\u00faismans og er tali\u00f0 t\u00e1kn verndar og blessunar. Merking, mynd og notkun \u00fatsk\u00fdr\u00f0 \u00e1 sk\u00fdran h\u00e1tt.","og_url":"https:\/\/iwell-guard.com\/is\/om-heilagt-takn-verndar-og-blessunar\/","og_site_name":"iWell Guard","article_modified_time":"2026-09-05T14:32:58+00:00","og_image":[{"width":1024,"height":1536,"url":"https:\/\/iwell-guard.com\/wp-content\/uploads\/2026\/05\/schutzsymbol_hinduismus_om.webp","type":"image\/webp"}],"twitter_card":"summary_large_image","schema":{"@context":"https:\/\/schema.org","@graph":[{"@type":"WebPage","@id":"https:\/\/iwell-guard.com\/is\/om-heilagt-takn-verndar-og-blessunar\/","url":"https:\/\/iwell-guard.com\/is\/om-heilagt-takn-verndar-og-blessunar\/","name":"Om-t\u00e1kni\u00f0 \u2013 heilagt t\u00e1kn \u00far hind\u00faisma","isPartOf":{"@id":"https:\/\/iwell-guard.com\/is\/#website"},"primaryImageOfPage":{"@id":"https:\/\/iwell-guard.com\/is\/om-heilagt-takn-verndar-og-blessunar\/#primaryimage"},"image":{"@id":"https:\/\/iwell-guard.com\/is\/om-heilagt-takn-verndar-og-blessunar\/#primaryimage"},"thumbnailUrl":"https:\/\/iwell-guard.com\/wp-content\/uploads\/2026\/05\/schutzsymbol_hinduismus_om.webp","datePublished":"2026-09-05T14:05:49+00:00","dateModified":"2026-09-05T14:32:58+00:00","description":"Om er hi\u00f0 heilaga frumhlj\u00f3\u00f0 hind\u00faismans og er tali\u00f0 t\u00e1kn verndar og blessunar. Merking, mynd og notkun \u00fatsk\u00fdr\u00f0 \u00e1 sk\u00fdran h\u00e1tt.","breadcrumb":{"@id":"https:\/\/iwell-guard.com\/is\/om-heilagt-takn-verndar-og-blessunar\/#breadcrumb"},"inLanguage":"is","potentialAction":[{"@type":"ReadAction","target":["https:\/\/iwell-guard.com\/is\/om-heilagt-takn-verndar-og-blessunar\/"]}]},{"@type":"ImageObject","inLanguage":"is","@id":"https:\/\/iwell-guard.com\/is\/om-heilagt-takn-verndar-og-blessunar\/#primaryimage","url":"https:\/\/iwell-guard.com\/wp-content\/uploads\/2026\/05\/schutzsymbol_hinduismus_om.webp","contentUrl":"https:\/\/iwell-guard.com\/wp-content\/uploads\/2026\/05\/schutzsymbol_hinduismus_om.webp","width":1024,"height":1536,"caption":"Verndart\u00e1kn. Myndskreyting \u00ed safnst\u00edl."},{"@type":"BreadcrumbList","@id":"https:\/\/iwell-guard.com\/is\/om-heilagt-takn-verndar-og-blessunar\/#breadcrumb","itemListElement":[{"@type":"ListItem","position":1,"name":"Start","item":"https:\/\/iwell-guard.com\/is\/?page_id=168580"},{"@type":"ListItem","position":2,"name":"Om \u2013 hi\u00f0 heilaga t\u00e1kn verndar og blessunar"}]},{"@type":"WebSite","@id":"https:\/\/iwell-guard.com\/is\/#website","url":"https:\/\/iwell-guard.com\/is\/","name":"iWell Guard","description":"Schutz vor dunklen Einfl\u00fcssen","publisher":{"@id":"https:\/\/iwell-guard.com\/is\/#organization"},"potentialAction":[{"@type":"SearchAction","target":{"@type":"EntryPoint","urlTemplate":"https:\/\/iwell-guard.com\/is\/?s={search_term_string}"},"query-input":{"@type":"PropertyValueSpecification","valueRequired":true,"valueName":"search_term_string"}}],"inLanguage":"is"},{"@type":"Organization","@id":"https:\/\/iwell-guard.com\/is\/#organization","name":"Ittermann electronic GmbH","url":"https:\/\/iwell-guard.com\/is\/","logo":{"@type":"ImageObject","inLanguage":"is","@id":"https:\/\/iwell-guard.com\/is\/#\/schema\/logo\/image\/","url":"https:\/\/iwell-guard.com\/wp-content\/uploads\/2026\/05\/Ittermann-Logo-1182x237-1.png","contentUrl":"https:\/\/iwell-guard.com\/wp-content\/uploads\/2026\/05\/Ittermann-Logo-1182x237-1.png","width":1182,"height":237,"caption":"Ittermann electronic GmbH"},"image":{"@id":"https:\/\/iwell-guard.com\/is\/#\/schema\/logo\/image\/"},"sameAs":["https:\/\/pantip.com\/profile\/9367242","https:\/\/micro.blog\/iwellguard","https:\/\/www.diggerslist.com\/iwellguard\/about","https:\/\/skitterphoto.com\/photographers\/2870314\/iwell-guard","https:\/\/iwellguard.wordpress.com\/2026\/06\/06\/iwell-guard\/","https:\/\/hub.docker.com\/u\/iwellguard","https:\/\/www.pinterest.com\/iwellguard\/","https:\/\/bit.ly\/m\/iwellguard","https:\/\/entre-vos-mains.alsace.eu\/profiles\/iwellguard\/activity","https:\/\/gravatar.com\/reallybeded8fd34","https:\/\/naijamatta.com\/iwellguard","https:\/\/www.goodreads.com\/iwellguard","https:\/\/profile.hatena.ne.jp\/iwellguard\/","https:\/\/experiment.com\/users\/iwellguard","https:\/\/wakelet.com\/@iWellGuard82270","https:\/\/www.chordie.com\/forum\/profile.php?id=2555664","https:\/\/www.instapaper.com\/p\/17757966","https:\/\/www.mapleprimes.com\/users\/iwellguard","https:\/\/businesslistingplus.com\/profile\/iwell-guard\/","https:\/\/telegra.ph\/iWell-Guard-06-06","https:\/\/pbase.com\/iwellguard\/iwellguard","https:\/\/b.hatena.ne.jp\/iwellguard\/20260607#bookmark-4788405196491818882","https:\/\/fliphtml5.com\/home\/iwellguard","https:\/\/anyflip.com\/homepage\/cmiwl#About","https:\/\/transfur.com\/Users\/iwellguard","http:\/\/delphi.larsbo.org\/user\/iwellguard","https:\/\/jobs.lajobsportal.org\/profiles\/8380803-iwell-guard","https:\/\/md.chaosdorf.de\/s\/jfbe5SBdJD","https:\/\/www.lingvolive.com\/en-us\/profile\/9ecaeaca-ce11-4e51-9e71-01d55e2bff36\/translations","https:\/\/www.fitday.com\/fitness\/forums\/members\/iwellguard.html","https:\/\/www.mymeetbook.com\/iwellguard","https:\/\/pxhere.com\/en\/photographer-me\/5040798","https:\/\/disqus.com\/by\/iwellguard\/about\/","https:\/\/pastelink.net\/hjwciqwq","https:\/\/pubhtml5.com\/homepage\/scjhn\/","https:\/\/www.bitchute.com\/channel\/2O2eOKzNqujT","https:\/\/audiomack.com\/iwellguard"]}]}},"_links":{"self":[{"href":"https:\/\/iwell-guard.com\/is\/wp-json\/wp\/v2\/pages\/169129","targetHints":{"allow":["GET"]}}],"collection":[{"href":"https:\/\/iwell-guard.com\/is\/wp-json\/wp\/v2\/pages"}],"about":[{"href":"https:\/\/iwell-guard.com\/is\/wp-json\/wp\/v2\/types\/page"}],"author":[{"embeddable":true,"href":"https:\/\/iwell-guard.com\/is\/wp-json\/wp\/v2\/users\/3"}],"replies":[{"embeddable":true,"href":"https:\/\/iwell-guard.com\/is\/wp-json\/wp\/v2\/comments?post=169129"}],"version-history":[{"count":0,"href":"https:\/\/iwell-guard.com\/is\/wp-json\/wp\/v2\/pages\/169129\/revisions"}],"wp:featuredmedia":[{"embeddable":true,"href":"https:\/\/iwell-guard.com\/is\/wp-json\/wp\/v2\/media\/3440"}],"wp:attachment":[{"href":"https:\/\/iwell-guard.com\/is\/wp-json\/wp\/v2\/media?parent=169129"}],"wp:term":[{"taxonomy":"category","embeddable":true,"href":"https:\/\/iwell-guard.com\/is\/wp-json\/wp\/v2\/categories?post=169129"}],"curies":[{"name":"wp","href":"https:\/\/api.w.org\/{rel}","templated":true}]}}