{"id":169125,"date":"2026-09-05T14:05:47","date_gmt":"2026-09-05T14:05:47","guid":{"rendered":"https:\/\/iwell-guard.com\/?page_id=169125"},"modified":"2026-09-05T14:32:53","modified_gmt":"2026-09-05T14:32:53","slug":"nazar-boncugu-bla-verndaraugad","status":"publish","type":"page","link":"https:\/\/iwell-guard.com\/is\/nazar-boncugu-bla-verndaraugad\/","title":{"rendered":"Nazar Boncu\u011fu \u2013 bl\u00e1a verndarauga\u00f0 gegn hinu illa augnar\u00e1\u00f0i"},"content":{"rendered":"\t\t<div data-elementor-type=\"wp-page\" data-elementor-id=\"169125\" class=\"elementor elementor-169125 elementor-3588 elementor-bc-flex-widget\" data-elementor-post-type=\"page\">\n\t\t\t\t<div class=\"elementor-element elementor-element-iwgs-nazar-hero e-flex e-con-boxed e-con e-parent\" data-id=\"iwgs-nazar-hero\" data-element_type=\"container\" data-e-type=\"container\">\n\t\t\t\t\t<div class=\"e-con-inner\">\n\t\t<div class=\"elementor-element elementor-element-iwgs-nazar-hl e-flex e-con-boxed e-con e-parent\" data-id=\"iwgs-nazar-hl\" data-element_type=\"container\" data-e-type=\"container\">\n\t\t\t\t\t<div class=\"e-con-inner\">\n\t\t<div class=\"elementor-element elementor-element-iwgs-nazar-hlbox e-con-full e-flex e-con e-parent\" data-id=\"iwgs-nazar-hlbox\" data-element_type=\"container\" data-e-type=\"container\">\n\t\t\t\t<div class=\"elementor-element elementor-element-iwgs-nazar-h1 elementor-widget elementor-widget-heading\" data-id=\"iwgs-nazar-h1\" data-element_type=\"widget\" data-e-type=\"widget\" data-widget_type=\"heading.default\">\n\t\t\t\t\t<h1 class=\"elementor-heading-title elementor-size-default\">Nazar Boncu\u011fu \u2013 bl\u00e1a gleranga\u00f0 gegn illu augnar\u00e1\u00f0i<\/h1>\t\t\t\t<\/div>\n\t\t\t\t<div class=\"elementor-element elementor-element-iwgs-nazar-lead elementor-widget elementor-widget-text-editor\" data-id=\"iwgs-nazar-lead\" data-element_type=\"widget\" data-e-type=\"widget\" data-widget_type=\"text-editor.default\">\n\t\t\t\t\t\t\t\t\t<p>Nazar Boncu\u011fu, bl\u00e1a gleranga\u00f0, er eitt kunnasta verndargripurinn \u00e1 Mi\u00f0jar\u00f0arhafssv\u00e6\u00f0inu og \u00ed Vestur-As\u00edu. \u00dea\u00f0 er tali\u00f0 fanga hi\u00f0 illa augnar\u00e1\u00f0 og gera \u00fea\u00f0 \u00f3ska\u00f0legt, og \u00fea\u00f0 m\u00e1 enn \u00ed dag finna \u00e1 dyrum, \u00ed farart\u00e6kjum og sem skartgrip. \u00deessi kynningars\u00ed\u00f0a s\u00fdnir hvernig bl\u00e1a gleranga\u00f0 gegn illu augnar\u00e1\u00f0i lifir enn \u00ed dag \u00ed hlutum daglegs l\u00edfs.<\/p>\t\t\t\t\t\t\t\t<\/div>\n\t\t\t\t<\/div>\n\t\t\t\t<div class=\"elementor-element elementor-element-iwgs-nazar-pills elementor-widget elementor-widget-html\" data-id=\"iwgs-nazar-pills\" data-element_type=\"widget\" data-e-type=\"widget\" data-widget_type=\"html.default\">\n\t\t\t\t\t<div class=\"iwg-pill-row\"><span class=\"iwg-klasse-badge\" tabindex=\"0\" data-tooltip=\"Verndart\u00e1kn, verndargripur e\u00f0a ap\u00f3tr\u00f3pa\u00edskur hlutur.\">Verndart\u00e1kn<\/span><a href=\"https:\/\/iwell-guard.com\/is\/verndartakn\/\" class=\"iwg-kultur-badge\" tabindex=\"0\" data-tooltip=\"Verndarhef\u00f0: Mi\u00f0jar\u00f0arhafssv\u00e6\u00f0i\u00f0\">Mi\u00f0jar\u00f0arhafssv\u00e6\u00f0i\u00f0<\/a><span class=\"iwg-tradition-badge\" tabindex=\"0\" data-tooltip=\"Hlutur e\u00f0a t\u00e1kn sem er \u00e6tla\u00f0 a\u00f0 verjast \u00f3heillum og ska\u00f0legum \u00e1hrifum.\">Ap\u00f3tr\u00f3pa\u00edkon<\/span><\/div>\t\t\t\t<\/div>\n\t\t\t\t\t<\/div>\n\t\t\t\t<\/div>\n\t\t<div class=\"elementor-element elementor-element-iwgs-nazar-hr e-con-full e-flex e-con e-parent\" data-id=\"iwgs-nazar-hr\" data-element_type=\"container\" data-e-type=\"container\">\n\t\t\t\t<div class=\"elementor-element elementor-element-iwgs-nazar-himg iwg-hero-image elementor-widget elementor-widget-image\" data-id=\"iwgs-nazar-himg\" data-element_type=\"widget\" data-e-type=\"widget\" data-widget_type=\"image.default\">\n\t\t\t\t\t\t\t\t\t\t\t\t\t\t\t<img fetchpriority=\"high\" decoding=\"async\" width=\"683\" height=\"1024\" src=\"https:\/\/iwell-guard.com\/wp-content\/uploads\/2026\/05\/schutzsymbol_tuerkei_nazar-2-683x1024.webp\" class=\"attachment-large size-large wp-image-170603\" alt=\"St\u00f3rt tyrkneskt Nazar Boncu\u011fu-verndarauga \u00far bl\u00e1rri gleri sem verndargripur til a\u00f0 hengja \u00e1 vegg\" srcset=\"https:\/\/iwell-guard.com\/wp-content\/uploads\/2026\/05\/schutzsymbol_tuerkei_nazar-2-683x1024.webp 683w, https:\/\/iwell-guard.com\/wp-content\/uploads\/2026\/05\/schutzsymbol_tuerkei_nazar-2-200x300.webp 200w, https:\/\/iwell-guard.com\/wp-content\/uploads\/2026\/05\/schutzsymbol_tuerkei_nazar-2-768x1152.webp 768w, https:\/\/iwell-guard.com\/wp-content\/uploads\/2026\/05\/schutzsymbol_tuerkei_nazar-2.webp 1024w\" sizes=\"(max-width: 683px) 100vw, 683px\" \/>\t\t\t\t\t\t\t\t\t\t\t\t\t\t\t<\/div>\n\t\t\t\t<\/div>\n\t\t\t\t\t<\/div>\n\t\t\t\t<\/div>\n\t\t<div class=\"elementor-element elementor-element-iwgs-nazar-s0 e-flex e-con-boxed e-con e-parent\" data-id=\"iwgs-nazar-s0\" data-element_type=\"container\" data-e-type=\"container\">\n\t\t\t\t\t<div class=\"e-con-inner\">\n\t\t\t\t<div class=\"elementor-element elementor-element-iwgs-nazar-s0h elementor-widget elementor-widget-heading\" data-id=\"iwgs-nazar-s0h\" data-element_type=\"widget\" data-e-type=\"widget\" data-widget_type=\"heading.default\">\n\t\t\t\t\t<h2 class=\"elementor-heading-title elementor-size-default\">Yfirlit<\/h2>\t\t\t\t<\/div>\n\t\t<div class=\"elementor-element elementor-element-iwgs-nazar-s0box e-con-full e-flex e-con e-parent\" data-id=\"iwgs-nazar-s0box\" data-element_type=\"container\" data-e-type=\"container\">\n\t\t\t\t<div class=\"elementor-element elementor-element-iwgs-nazar-s0t elementor-widget elementor-widget-text-editor\" data-id=\"iwgs-nazar-s0t\" data-element_type=\"widget\" data-e-type=\"widget\" data-widget_type=\"text-editor.default\">\n\t\t\t\t\t\t\t\t\t<p>Nazar Boncu\u011fu er verndargripur \u00far bl\u00e1u gleri sem er s\u00e9rstaklega \u00fatbreiddur \u00e1 austanver\u00f0u Mi\u00f0jar\u00f0arhafssv\u00e6\u00f0inu, \u00ed Tyrklandi og \u00ed Vestur-As\u00edu. Nafni\u00f0 sameinar arab\u00edska or\u00f0i\u00f0 Nazar, sem \u00fe\u00fd\u00f0ir augnar\u00e1\u00f0 e\u00f0a \u00e1horf, og tyrkneska or\u00f0i\u00f0 Boncuk fyrir perlu. \u00cd b\u00f3kstaflegri \u00fe\u00fd\u00f0ingu er \u00feetta \u00fev\u00ed augnar\u00e1\u00f0sperlan.<\/p><p>Hluturinn er n\u00e1tengdur tr\u00fanni \u00e1 <a href=\"https:\/\/iwell-guard.com\/is\/illt-auga\/\">hi\u00f0 illa augnar\u00e1\u00f0<\/a>. Me\u00f0an \u00fear er fjalla\u00f0 um hugmyndina um hi\u00f0 illa augnar\u00e1\u00f0 sj\u00e1lft, er h\u00e9r \u00e1herslan \u00e1 verndargripinn sem er stillt upp \u00e1 m\u00f3ti \u00fev\u00ed. Nazar Boncu\u011fu er hi\u00f0 efnislega svar vi\u00f0 formi augnar\u00e1\u00f0s sem tali\u00f0 er h\u00e6ttulegt.<\/p><p>\u00cd <span class=\"iwg-fachbegriff\" data-tooltip=\"Fr\u00e6\u00f0igrein sem rannsakar tr\u00faarbr\u00f6g\u00f0 samanbur\u00f0arlega og \u00e1n tr\u00faarlegrar skuldbindingar.\" tabindex=\"0\">tr\u00faarbrag\u00f0afr\u00e6\u00f0i<\/span> telst bl\u00e1a gleranga\u00f0 til <span class=\"iwg-fachbegriff\" data-tooltip=\"Fj\u00f6ltala af ap\u00f3tr\u00f3pa\u00edkon: hlutir og t\u00e1kn sem eiga a\u00f0 verjast \u00f3heillum.\" tabindex=\"0\">ap\u00f3tr\u00f3pa\u00edka<\/span>. \u00dea\u00f0 er gott d\u00e6mi um hvernig hugmynd, sem er \u00fatbreidd um st\u00f3r sv\u00e6\u00f0i, ver\u00f0ur \u00e1\u00fereifanleg \u00ed einum, samstundis au\u00f0kennanlegum hlut. F\u00e1ir a\u00f0rir verndargripir eru jafn alls sta\u00f0ar n\u00e1l\u00e6gir \u00e1 Mi\u00f0jar\u00f0arhafssv\u00e6\u00f0inu.<\/p><p>Nazar Boncu\u011fu er me\u00f0al \u00fatbreiddustu verndargripa yfirleitt. \u00cd Tyrklandi er hann alls sta\u00f0ar til sta\u00f0ar, og sem fer\u00f0a- og verslunarvara hefur hann fyrir l\u00f6ngu n\u00e1\u00f0 til alls heimsins.<\/p><p>\u00deessi \u00fatbrei\u00f0sla gerir hann a\u00f0 g\u00f3\u00f0u d\u00e6mi um hvernig sta\u00f0bundi\u00f0 handverk og fornt verndarhugtak geta saman or\u00f0i\u00f0 a\u00f0 al\u00feekktum hlut \u00e1 heimsv\u00edsu. F\u00e1ir a\u00f0rir <span class=\"iwg-fachbegriff\" data-tooltip=\"Hlutur borinn \u00e1 l\u00edkamanum sem sag\u00f0ur er hafa verndandi, \u00f3heillavarnandi \u00e1hrif.\" tabindex=\"0\">verndargripir<\/span> tengja saman svo sk\u00fdrt afmarka\u00f0a mynd og svo v\u00ed\u00f0t\u00e6ka \u00fatbrei\u00f0slu.<\/p>\t\t\t\t\t\t\t\t<\/div>\n\t\t\t\t<\/div>\n\t\t\t\t\t<\/div>\n\t\t\t\t<\/div>\n\t\t<div class=\"elementor-element elementor-element-iwgs-nazar-s1 e-flex e-con-boxed e-con e-parent\" data-id=\"iwgs-nazar-s1\" data-element_type=\"container\" data-e-type=\"container\">\n\t\t\t\t\t<div class=\"e-con-inner\">\n\t\t\t\t<div class=\"elementor-element elementor-element-iwgs-nazar-s1h elementor-widget elementor-widget-heading\" data-id=\"iwgs-nazar-s1h\" data-element_type=\"widget\" data-e-type=\"widget\" data-widget_type=\"heading.default\">\n\t\t\t\t\t<h2 class=\"elementor-heading-title elementor-size-default\">Tr\u00fain \u00e1 hi\u00f0 illa augnar\u00e1\u00f0<\/h2>\t\t\t\t<\/div>\n\t\t<div class=\"elementor-element elementor-element-iwgs-nazar-s1box e-con-full e-flex e-con e-parent\" data-id=\"iwgs-nazar-s1box\" data-element_type=\"container\" data-e-type=\"container\">\n\t\t\t\t<div class=\"elementor-element elementor-element-iwgs-nazar-s1t elementor-widget elementor-widget-text-editor\" data-id=\"iwgs-nazar-s1t\" data-element_type=\"widget\" data-e-type=\"widget\" data-widget_type=\"text-editor.default\">\n\t\t\t\t\t\t\t\t\t<p>Hugmyndin um hi\u00f0 illa augnar\u00e1\u00f0 er mj\u00f6g g\u00f6mul og \u00fatbreidd me\u00f0al margra menningarheima. H\u00fan felur \u00ed s\u00e9r a\u00f0 augnar\u00e1\u00f0 geti valdi\u00f0 ska\u00f0a, oft \u00e1n nokkurs \u00e1setnings af h\u00e1lfu \u00feess sem horfir. Oft er hi\u00f0 illa augnar\u00e1\u00f0 tengt \u00f6fund. S\u00e1 sem l\u00edtur \u00e1 eitthva\u00f0 fagurt, heilbrigt e\u00f0a fars\u00e6lt me\u00f0 \u00f6fundaraugum getur, samkv\u00e6mt \u00feessari hugmynd, valdi\u00f0 \u00fev\u00ed ska\u00f0a.<\/p><p>S\u00e9rstaklega taldar vi\u00f0kv\u00e6mar voru \u00fe\u00e6r manneskjur sem talist voru vi\u00f0kv\u00e6mar e\u00f0a \u00f6fundsver\u00f0ar, \u00fear \u00e1 me\u00f0al sm\u00e1b\u00f6rn, \u00feunga\u00f0ar konur, br\u00fa\u00f0ir, en einnig b\u00faf\u00e9na\u00f0ur og uppskera. N\u00e1kv\u00e6mlega fyrir \u00feessa hluti var verndin sem Nazar Boncu\u011fu veitir notu\u00f0.<\/p><p>Hi\u00f0 illa augnar\u00e1\u00f0 er ekki einungis spurning um illan \u00e1setning. Jafnvel d\u00e1\u00f0samlegt augnar\u00e1\u00f0 gat or\u00f0i\u00f0 h\u00e6ttulegt. \u00deetta \u00fatsk\u00fdrir hvers vegna verndin var ekki bundin vi\u00f0 \u00e1kve\u00f0na \u00f3vini heldur var h\u00fan almennt notu\u00f0 \u00fear sem einhver hlutur var s\u00e9rstaklega ver\u00f0m\u00e6tur e\u00f0a vi\u00f0kv\u00e6mur.<\/p><p>Tr\u00fain \u00e1 hi\u00f0 illa augnar\u00e1\u00f0 er mj\u00f6g g\u00f6mul. Fornmes\u00f3p\u00f3tam\u00edskir og fornegypskir textar \u00feekkja hina ska\u00f0legu kraft augnar\u00e1\u00f0sins, og \u00ed Grikklandi og R\u00f3m var hugmyndin r\u00f3tfest undir eigin hugt\u00f6kum.<\/p><p>R\u00f3mverjar k\u00f6llu\u00f0u \u00fea\u00f0 fascinatio. Af \u00feessari l\u00f6ngu s\u00f6gu m\u00e1 \u00fatsk\u00fdra hina v\u00ed\u00f0t\u00e6ku \u00fatbrei\u00f0slu verndargripanna. Bl\u00e1a gleranga\u00f0 er tilt\u00f6lulega n\u00fdtt en s\u00e9rstaklega vel heppna\u00f0 svar vi\u00f0 kv\u00ed\u00f0a sem hefur fylgt Mi\u00f0jar\u00f0arhafssv\u00e6\u00f0inu um \u00e1r\u00fe\u00fasundir.<\/p>\t\t\t\t\t\t\t\t<\/div>\n\t\t\t\t<\/div>\n\t\t\t\t\t<\/div>\n\t\t\t\t<\/div>\n\t\t<div class=\"elementor-element elementor-element-iwgs-nazar-s2 e-flex e-con-boxed e-con e-parent\" data-id=\"iwgs-nazar-s2\" data-element_type=\"container\" data-e-type=\"container\">\n\t\t\t\t\t<div class=\"e-con-inner\">\n\t\t\t\t<div class=\"elementor-element elementor-element-iwgs-nazar-s2h elementor-widget elementor-widget-heading\" data-id=\"iwgs-nazar-s2h\" data-element_type=\"widget\" data-e-type=\"widget\" data-widget_type=\"heading.default\">\n\t\t\t\t\t<h2 class=\"elementor-heading-title elementor-size-default\">\u00datlit: bl\u00e1a gleranga\u00f0<\/h2>\t\t\t\t<\/div>\n\t\t<div class=\"elementor-element elementor-element-iwgs-nazar-s2box e-con-full e-flex e-con e-parent\" data-id=\"iwgs-nazar-s2box\" data-element_type=\"container\" data-e-type=\"container\">\n\t\t\t\t<div class=\"elementor-element elementor-element-iwgs-nazar-s2t elementor-widget elementor-widget-text-editor\" data-id=\"iwgs-nazar-s2t\" data-element_type=\"widget\" data-e-type=\"widget\" data-widget_type=\"text-editor.default\">\n\t\t\t\t\t\t\t\t\t<p>Nazar Boncu\u011fu hefur einkennandi form. \u00dea\u00f0 er fl\u00f6t, hringlaga sk\u00edfa e\u00f0a perla \u00far gleri me\u00f0 sammi\u00f0ju\u00f0um hringjum. Utan fr\u00e1 inn koma venjulega d\u00f6kkbl\u00e1tt k\u00f3baltbl\u00e1tt, lj\u00f3sara bl\u00e1tt, hv\u00edtur hringur og d\u00f6kkur punktur \u00ed mi\u00f0junni. \u00deessi uppbygging myndar mynd af st\u00edlf\u00e6r\u00f0u auga.<\/p><p>Formi\u00f0 er v\u00edsvitandi vali\u00f0. Verndargripurinn sj\u00e1lfur myndar auga og stillir \u00feannig upp eigin augnar\u00e1\u00f0i \u00e1 m\u00f3ti hinu h\u00e6ttulega augnar\u00e1\u00f0i. Auga verndargripsins horfir sem svo vi\u00f0 til baka og fangar hina ska\u00f0legu athygli \u00e1\u00f0ur en h\u00fan n\u00e6r markmi\u00f0i s\u00ednu.<\/p><p>St\u00e6r\u00f0irnir eru allt fr\u00e1 litlum perlum fyrir skartgripi og armb\u00f6nd til st\u00f3rra sk\u00edfa sem \u00fej\u00f3na sem veggskraut. \u00der\u00e1tt fyrir mismunandi st\u00e6r\u00f0ir er grunnmyndin \u00e1vallt s\u00fa sama, \u00feannig a\u00f0 Nazar Boncu\u011fu er samstundis au\u00f0kennanlegt \u00ed hva\u00f0a formi sem er.<\/p><p>Innan grunnforminu eru fj\u00f6lmargar \u00fatg\u00e1fur. Litlar perlur eru \u00fer\u00e6ddar \u00ed ke\u00f0jur og armb\u00f6nd, st\u00e6rri sk\u00edfur \u00fej\u00f3na sem hengiskraut fyrir veggi og hur\u00f0ir. Oft er auga\u00f0 sameina\u00f0 \u00f6\u00f0rum verndart\u00e1knum, til d\u00e6mis l\u00edtilli hendi e\u00f0a granatepli.<\/p><p>\u00der\u00e1tt fyrir \u00feessa fj\u00f6lbreytni er sammi\u00f0ja\u00f0a augamynstri\u00f0 hinn \u00f3vi\u00f0jafnanlegi kjarni. \u00dea\u00f0 s\u00e9r til \u00feess a\u00f0 hluturinn er samstundis au\u00f0kenndur sem Nazar Boncu\u011fu \u00ed hva\u00f0a st\u00e6r\u00f0 og samsetningu sem er.<\/p>\t\t\t\t\t\t\t\t<\/div>\n\t\t\t\t<\/div>\n\t\t\t\t\t<\/div>\n\t\t\t\t<\/div>\n\t\t<div class=\"elementor-element elementor-element-iwgs-nazar-s3 e-flex e-con-boxed e-con e-parent\" data-id=\"iwgs-nazar-s3\" data-element_type=\"container\" data-e-type=\"container\">\n\t\t\t\t\t<div class=\"e-con-inner\">\n\t\t\t\t<div class=\"elementor-element elementor-element-iwgs-nazar-s3h elementor-widget elementor-widget-heading\" data-id=\"iwgs-nazar-s3h\" data-element_type=\"widget\" data-e-type=\"widget\" data-widget_type=\"heading.default\">\n\t\t\t\t\t<h2 class=\"elementor-heading-title elementor-size-default\">Framlei\u00f0sla \u00ed anat\u00f3lskri glerbl\u00e1saravinnustofu<\/h2>\t\t\t\t<\/div>\n\t\t<div class=\"elementor-element elementor-element-iwgs-nazar-s3box e-con-full e-flex e-con e-parent\" data-id=\"iwgs-nazar-s3box\" data-element_type=\"container\" data-e-type=\"container\">\n\t\t\t\t<div class=\"elementor-element elementor-element-iwgs-nazar-s3t elementor-widget elementor-widget-text-editor\" data-id=\"iwgs-nazar-s3t\" data-element_type=\"widget\" data-e-type=\"widget\" data-widget_type=\"text-editor.default\">\n\t\t\t\t\t\t\t\t\t<p>Nazar Boncu\u011fu er hef\u00f0bundi\u00f0 handunni\u00f0. \u00cd Tyrklandi eru til sta\u00f0ir \u00fear sem glerbl\u00e1sarar hafa s\u00e9rh\u00e6ft sig \u00ed ger\u00f0 verndaraugna. Glermeistararnir vinna vi\u00f0 vi\u00f0arofna \u00fear sem gleri\u00f0 er hita\u00f0 upp \u00ed h\u00e1tt hitastig.<\/p><p>Hringlaga munstrin ver\u00f0a til me\u00f0 \u00fev\u00ed a\u00f0 leggja br\u00e1\u00f0i\u00f0 gler \u00ed mismunandi litum ofan \u00e1 hvert anna\u00f0. Glerbl\u00e1sarinn setur dropa fyrir dropa \u00fear til hi\u00f0 einkennandi augnmunstur er fullgert. \u00deetta verk krefst reynslu, \u00fev\u00ed lital\u00f6gin \u00feurfa a\u00f0 falla saman \u00e1 hreinan h\u00e1tt svo a\u00f0 auga\u00f0 ver\u00f0i sk\u00fdrt og l\u00e6silegt.<\/p><p>Handverkshef\u00f0 glerperlanna er var\u00f0veitt \u00ed Tyrklandi sem menningararfur. H\u00fan tengir saman fornan \u00feekkingararf um glervinnslu og verndarhugmynd sem er enn \u00ed fullu gildi. V\u00e9lframleiddir hlutir eru einnig til, en handger\u00f0ar perlur eru taldar hin eiginlega form hlutarins.<\/p><p>\u00cd Tyrklandi hafa \u00e1kve\u00f0nir sta\u00f0ir alfari\u00f0 sn\u00fai\u00f0 s\u00e9r a\u00f0 \u00feessu handverki. \u00cd \u00feorpum n\u00e1l\u00e6gt \u0130zmir, me\u00f0al \u00feeirra einn sta\u00f0ur sem ber sitt vi\u00f0urnefni af verndaraugninu sj\u00e1lfu, vinna glermeistarar vi\u00f0 hef\u00f0bundna vi\u00f0arofna.<\/p><p>List \u00feeirra berst fr\u00e1 kynsl\u00f3\u00f0 til kynsl\u00f3\u00f0ar. Vinnan vi\u00f0 opinn eld er erfi\u00f0 og krefst mikillar f\u00e6rni. A\u00f0 \u00feetta handverk lifi \u00e1fram \u00fer\u00e1tt fyrir samkeppni fr\u00e1 i\u00f0na\u00f0arframlei\u00f0slu s\u00fdnir hversu mikla menningarlega st\u00f6\u00f0u Nazar Boncu\u011fu hefur \u00ed Tyrklandi.<\/p>\t\t\t\t\t\t\t\t<\/div>\n\t\t\t\t<\/div>\n\t\t\t\t\t<\/div>\n\t\t\t\t<\/div>\n\t\t<div class=\"elementor-element elementor-element-iwgs-nazar-s4 e-flex e-con-boxed e-con e-parent\" data-id=\"iwgs-nazar-s4\" data-element_type=\"container\" data-e-type=\"container\">\n\t\t\t\t\t<div class=\"e-con-inner\">\n\t\t\t\t<div class=\"elementor-element elementor-element-iwgs-nazar-s4h elementor-widget elementor-widget-heading\" data-id=\"iwgs-nazar-s4h\" data-element_type=\"widget\" data-e-type=\"widget\" data-widget_type=\"heading.default\">\n\t\t\t\t\t<h2 class=\"elementor-heading-title elementor-size-default\">Hvers vegna litinn bl\u00e1tt<\/h2>\t\t\t\t<\/div>\n\t\t<div class=\"elementor-element elementor-element-iwgs-nazar-s4box e-con-full e-flex e-con e-parent\" data-id=\"iwgs-nazar-s4box\" data-element_type=\"container\" data-e-type=\"container\">\n\t\t\t\t<div class=\"elementor-element elementor-element-iwgs-nazar-s4t elementor-widget elementor-widget-text-editor\" data-id=\"iwgs-nazar-s4t\" data-element_type=\"widget\" data-e-type=\"widget\" data-widget_type=\"text-editor.default\">\n\t\t\t\t\t\t\t\t\t<p>Bl\u00e1i litur er ekki tilviljun. \u00c1 austurhluta Mi\u00f0jar\u00f0arhafssv\u00e6\u00f0isins og \u00ed Litlu-As\u00edu eru bl\u00e1 augu sjaldg\u00e6f, og einmitt hinum sjaldg\u00e6fa, lj\u00f3sa augnar\u00e1\u00f0i var hef\u00f0bundi\u00f0 eigna\u00f0ur s\u00e9rstakur kraftur. Bl\u00e1i glerhluturinn tekur upp \u00feessa hugmynd og beitir henni til verndar.<\/p><p>Auk \u00feess er bl\u00e1r litur \u00ed m\u00f6rgum menningarheimum sv\u00e6\u00f0isins talinn verndandi. Hann er tengdur vi\u00f0 vatn og himin og settur \u00ed samhengi vi\u00f0 a\u00f0 verjast \u00f3l\u00e1ni. Bl\u00e1r litur \u00e1 hur\u00f0um, gluggak\u00f6rmum og hlutum er \u00fatbreitt verndarme\u00f0al um allt Mi\u00f0jar\u00f0arhafssv\u00e6\u00f0i\u00f0.<\/p><p>\u00cd Nazar Boncu\u011fu koma b\u00e1\u00f0ar hef\u00f0irnar saman. Litur v\u00edsar til hins lj\u00f3sa augnar\u00e1\u00f0s sem tali\u00f0 er kraftmiki\u00f0 og stendur samt\u00edmis \u00ed almennri hef\u00f0 verndandi bl\u00e1s litar. Hluturinn sameinar \u00feannig tv\u00e6r hugmyndir \u00ed einni einfaldri, minnisst\u00e6\u00f0ri mynd.<\/p><p>Verndandi kraftur bl\u00e1s litar s\u00e9st um allt Mi\u00f0jar\u00f0arhafssv\u00e6\u00f0i\u00f0. Bl\u00e1m\u00e1la\u00f0ar hur\u00f0ir, gluggahlerar og h\u00fashorn eiga a\u00f0 halda \u00f3l\u00e1ni fr\u00e1, og hinu sk\u00ednandi bl\u00e1a fornra glerungssteina var einnig eignu\u00f0 verjandi virkni.<\/p><p>\u00deegar \u00ed Egyptalandi til forna var \u00f6flugt bl\u00e1tt \u00feekkt sem litur l\u00edfsins. Nazar Boncu\u011fu stendur \u00ed \u00feessari l\u00f6ngu hef\u00f0. Litur hans er ekki skart, heldur hluti af verndarhugmyndinni sem hluturinn \u00feakkar virkni s\u00edna.<\/p>\t\t\t\t\t\t\t\t<\/div>\n\t\t\t\t<\/div>\n\t\t\t\t\t<\/div>\n\t\t\t\t<\/div>\n\t\t<div class=\"elementor-element elementor-element-iwgs-nazar-s5 e-flex e-con-boxed e-con e-parent\" data-id=\"iwgs-nazar-s5\" data-element_type=\"container\" data-e-type=\"container\">\n\t\t\t\t\t<div class=\"e-con-inner\">\n\t\t\t\t<div class=\"elementor-element elementor-element-iwgs-nazar-s5h elementor-widget elementor-widget-heading\" data-id=\"iwgs-nazar-s5h\" data-element_type=\"widget\" data-e-type=\"widget\" data-widget_type=\"heading.default\">\n\t\t\t\t\t<h2 class=\"elementor-heading-title elementor-size-default\">Notkun \u00ed daglegu l\u00edfi<\/h2>\t\t\t\t<\/div>\n\t\t<div class=\"elementor-element elementor-element-iwgs-nazar-s5box e-con-full e-flex e-con e-parent\" data-id=\"iwgs-nazar-s5box\" data-element_type=\"container\" data-e-type=\"container\">\n\t\t\t\t<div class=\"elementor-element elementor-element-iwgs-nazar-s5t elementor-widget elementor-widget-text-editor\" data-id=\"iwgs-nazar-s5t\" data-element_type=\"widget\" data-e-type=\"widget\" data-widget_type=\"text-editor.default\">\n\t\t\t\t\t\t\t\t\t<p>Nazar Boncu\u011fu er a\u00f0 finna v\u00ed\u00f0a \u00ed daglegu l\u00edfi. \u00dea\u00f0 hangir \u00e1 \u00fatidyrum og \u00ed inng\u00f6ngum h\u00fasa, er fest \u00ed farart\u00e6kjum og finnst \u00e1 vinnust\u00f6\u00f0um og \u00ed verslunum. Alls sta\u00f0ar \u00fear markar \u00fea\u00f0 \u00fer\u00f6skuld e\u00f0a sta\u00f0 sem \u00e1 a\u00f0 verja.<\/p><p>S\u00e9rlega mikilv\u00e6g er vernd barna. N\u00fdf\u00e6ddum b\u00f6rnum og litlum b\u00f6rnum er hi\u00f0 bl\u00e1 auga fest \u00e1 fatna\u00f0 e\u00f0a bori\u00f0 sem armband. Einnig br\u00fa\u00f0ir, d\u00fdr og n\u00fd h\u00fas eru merkt me\u00f0 Nazar Boncu\u011fu, \u00fev\u00ed tali\u00f0 er a\u00f0 \u00feau s\u00e9u s\u00e9rstaklega \u00ed h\u00e6ttu.<\/p><p>\u00datbreidd hugmynd segir a\u00f0 glerhluturinn springi \u00feegar hann hefur teki\u00f0 \u00e1 m\u00f3ti sterku illu augnar\u00e1\u00f0i. Sprungan er \u00fe\u00e1 talin merki um a\u00f0 hluturinn hafi sinnt hlutverki s\u00ednu. Brotna hlutnum er skipt \u00fat og verndin byrjar a\u00f0 n\u00fdju.<\/p><p>Nazar Boncu\u011fu er einnig algeng gj\u00f6f. Vi\u00f0 f\u00e6\u00f0ingu barns, vi\u00f0 br\u00fa\u00f0kaup e\u00f0a flutning \u00ed n\u00fdtt h\u00fas er \u00fea\u00f0 gefi\u00f0 og felur \u00feannig \u00ed s\u00e9r \u00f3sk um vernd og velfer\u00f0.<\/p><p>Fyrir n\u00fdf\u00e6dd b\u00f6rn er \u00fea\u00f0 oft sameina\u00f0 gulli, til d\u00e6mis sem l\u00edti\u00f0 hengi \u00e1 armbandi. \u00cd \u00feessari samsetningu verndarhugmyndar og gjafar s\u00e9st a\u00f0 hluturinn verndar ekki a\u00f0eins heldur gerir einnig f\u00e9lagsleg tengsl og umhyggju s\u00fdnileg.<\/p>\t\t\t\t\t\t\t\t<\/div>\n\t\t\t\t<\/div>\n\t\t\t\t\t<\/div>\n\t\t\t\t<\/div>\n\t\t<div class=\"elementor-element elementor-element-iwgs-nazar-s6 e-flex e-con-boxed e-con e-parent\" data-id=\"iwgs-nazar-s6\" data-element_type=\"container\" data-e-type=\"container\">\n\t\t\t\t\t<div class=\"e-con-inner\">\n\t\t\t\t<div class=\"elementor-element elementor-element-iwgs-nazar-s6h elementor-widget elementor-widget-heading\" data-id=\"iwgs-nazar-s6h\" data-element_type=\"widget\" data-e-type=\"widget\" data-widget_type=\"heading.default\">\n\t\t\t\t\t<h2 class=\"elementor-heading-title elementor-size-default\">Verkunarreglan: hi\u00f0 fanga\u00f0a augnar\u00e1\u00f0<\/h2>\t\t\t\t<\/div>\n\t\t<div class=\"elementor-element elementor-element-iwgs-nazar-s6box e-con-full e-flex e-con e-parent\" data-id=\"iwgs-nazar-s6box\" data-element_type=\"container\" data-e-type=\"container\">\n\t\t\t\t<div class=\"elementor-element elementor-element-iwgs-nazar-s6t elementor-widget elementor-widget-text-editor\" data-id=\"iwgs-nazar-s6t\" data-element_type=\"widget\" data-e-type=\"widget\" data-widget_type=\"text-editor.default\">\n\t\t\t\t\t\t\t\t\t<p>Nazar Boncu\u011fu virkar samkv\u00e6mt sk\u00fdrri reglu. \u00dea\u00f0 stillir eigin auga \u00e1 m\u00f3ti hinu h\u00e6ttulega augnar\u00e1\u00f0i og dregur hina ska\u00f0legu athygli a\u00f0 s\u00e9r. \u00cd sta\u00f0 \u00feess a\u00f0 hitta vernda\u00f0a barni\u00f0 e\u00f0a vernda\u00f0a sta\u00f0inn, sn\u00fdr illt augnar\u00e1\u00f0 s\u00e9r a\u00f0 hinu \u00e1berandi bl\u00e1a auga.<\/p><p>Hluturinn virkar \u00feannig sem afvegalei\u00f0ing og m\u00f3tt\u00f6kusta\u00f0ur. Sk\u00ednandi litur hans og sk\u00fdr form eru \u00fear ekki skart, heldur hluti af virkninni. Auga\u00f0 \u00e1 a\u00f0 vekja athygli og binda hana \u00e1\u00f0ur en h\u00fan getur valdi\u00f0 tj\u00f3ni.<\/p><p>\u00deessi regla um fangandi m\u00f3tmynd tengir Nazar Boncu\u011fu \u00f6\u00f0rum verndargripum Mi\u00f0jar\u00f0arhafssv\u00e6\u00f0isins, svo sem <a href=\"https:\/\/iwell-guard.com\/is\/hamsa\/\">Hamsa<\/a>. H\u00fan ber einnig oft auga og fylgir s\u00f6mu hugmynd, a\u00f0 setja augnar\u00e1\u00f0 \u00e1 m\u00f3ti ska\u00f0legu augnar\u00e1\u00f0i.<\/p><p>\u00deannig sker Nazar Boncu\u011fu sig fr\u00e1 verndargripum sem virka me\u00f0 fr\u00e1hrindingu. Skelfingarmynd eins og Gorgoneion \u00e1 a\u00f0 hrekja \u00e1r\u00e1sarmanninn fr\u00e1. Bl\u00e1i hluturinn virkar \u00e1 hinn b\u00f3ginn me\u00f0 a\u00f0dr\u00e1ttarafli.<\/p><p>\u00dea\u00f0 dregur augnar\u00e1\u00f0i\u00f0 a\u00f0 s\u00e9r og fangar \u00fea\u00f0, \u00ed sta\u00f0 \u00feess a\u00f0 hrinda \u00fev\u00ed fr\u00e1. B\u00e1\u00f0ar lei\u00f0ir heyra til heims <span class=\"iwg-fachbegriff\" data-tooltip=\"Fleirtala af apotrop\u00e6ikon: hlutir og t\u00e1kn sem eiga a\u00f0 verjast \u00f3l\u00e1ni.\" tabindex=\"0\">ap\u00f3tr\u00f3p\u00e6ika<\/span>, en \u00fe\u00e6r fylgja gagnst\u00e6\u00f0um hreyfingum. A\u00f0 skilja \u00feennan mun hj\u00e1lpar til vi\u00f0 a\u00f0 flokka hina st\u00f3ru fj\u00f6lskyldu verndargripa eftir virkni \u00feeirra.<\/p>\t\t\t\t\t\t\t\t<\/div>\n\t\t\t\t<\/div>\n\t\t\t\t\t<\/div>\n\t\t\t\t<\/div>\n\t\t<div class=\"elementor-element elementor-element-iwgs-nazar-s7 e-flex e-con-boxed e-con e-parent\" data-id=\"iwgs-nazar-s7\" data-element_type=\"container\" data-e-type=\"container\">\n\t\t\t\t\t<div class=\"e-con-inner\">\n\t\t\t\t<div class=\"elementor-element elementor-element-iwgs-nazar-s7h elementor-widget elementor-widget-heading\" data-id=\"iwgs-nazar-s7h\" data-element_type=\"widget\" data-e-type=\"widget\" data-widget_type=\"heading.default\">\n\t\t\t\t\t<h2 class=\"elementor-heading-title elementor-size-default\">Nazar \u00ed tr\u00faarbr\u00f6g\u00f0um og sv\u00e6\u00f0um<\/h2>\t\t\t\t<\/div>\n\t\t<div class=\"elementor-element elementor-element-iwgs-nazar-s7box e-con-full e-flex e-con e-parent\" data-id=\"iwgs-nazar-s7box\" data-element_type=\"container\" data-e-type=\"container\">\n\t\t\t\t<div class=\"elementor-element elementor-element-iwgs-nazar-s7t elementor-widget elementor-widget-text-editor\" data-id=\"iwgs-nazar-s7t\" data-element_type=\"widget\" data-e-type=\"widget\" data-widget_type=\"text-editor.default\">\n\t\t\t\t\t\t\t\t\t<p>Tr\u00fain \u00e1 hi\u00f0 illa auga er \u00feekkt og vi\u00f0urkennd \u00ed <a href=\"https:\/\/iwell-guard.com\/is\/islam\/\">\u00edslam<\/a>. \u00cdslamsk <span class=\"iwg-fachbegriff\" data-tooltip=\"Mi\u00f0lun \u00feekkingar og fr\u00e1sagna milli kynsl\u00f3\u00f0a.\" tabindex=\"0\">munnm\u00e6lahef\u00f0<\/span> \u00feekkir hinn ska\u00f0lega blik og r\u00e1\u00f0leggur vernd me\u00f0 <span class=\"iwg-fachbegriff\" data-tooltip=\"M\u00e1lleg \u00e1v\u00f6rpun mannsins til gu\u00f0d\u00f3ms.\" tabindex=\"0\">b\u00e6n<\/span> og <span class=\"iwg-fachbegriff\" data-tooltip=\"B\u00e6narfullt e\u00f0a \u00e1kallandi \u00e1varp til gu\u00f0d\u00f3ms e\u00f0a m\u00e1ttar.\" tabindex=\"0\">\u00e1kalli<\/span> til Gu\u00f0s. Nazar Boncu\u011fu-perlan er hli\u00f0st\u00e6\u00f0 \u00feessari tr\u00faarlegu i\u00f0kun sem al\u00fe\u00fd\u00f0legt verndargripur.<\/p><p>Hi\u00f0 illa auga er \u00fe\u00f3 ekki bundi\u00f0 vi\u00f0 eina tr\u00faarbr\u00f6g\u00f0. Hugmyndin er \u00fatbreidd um allt Mi\u00f0jar\u00f0arhafssv\u00e6\u00f0i\u00f0, me\u00f0al kristinna, jafnt sem me\u00f0al Gy\u00f0inga og m\u00faslima. Bl\u00e1i glerauga-hj\u00e1tr\u00faargripurinn er \u00feannig nota\u00f0ur af f\u00f3lki af mismunandi tr\u00faarh\u00f3pum.<\/p><p>\u00deessi breidd gerir Nazar Boncu\u011fu a\u00f0 tengjandi hlut. Hann tilheyrir ekki einu tr\u00faf\u00e9lagi heldur heilu sv\u00e6\u00f0i. \u00dear liggur mikilv\u00e6gur munur \u00e1 honum og verndart\u00e1knum sem eru \u00fer\u00f6ngt bundin vi\u00f0 \u00e1kve\u00f0in tr\u00faarbr\u00f6g\u00f0.<\/p><p>\u00cdslamsk <span class=\"iwg-fachbegriff\" data-tooltip=\"Mi\u00f0lun \u00feekkingar og fr\u00e1sagna milli kynsl\u00f3\u00f0a.\" tabindex=\"0\">munnm\u00e6lahef\u00f0<\/span> vi\u00f0urkennir raunveruleika hins illa augna berum or\u00f0um. \u00c1 sama t\u00edma er vi\u00f0varandi umr\u00e6\u00f0a me\u00f0al fr\u00e6\u00f0imanna um hva\u00f0a verndargripir eru vi\u00f0eigandi.<\/p><p>Sumir leggja \u00e1herslu \u00e1 <span class=\"iwg-fachbegriff\" data-tooltip=\"M\u00e1lleg \u00e1v\u00f6rpun mannsins til gu\u00f0d\u00f3ms.\" tabindex=\"0\">b\u00e6n<\/span> og <span class=\"iwg-fachbegriff\" data-tooltip=\"B\u00e6narfullt e\u00f0a \u00e1kallandi \u00e1varp til gu\u00f0d\u00f3ms e\u00f0a m\u00e1ttar.\" tabindex=\"0\">\u00e1kall<\/span> til Gu\u00f0s og eru varf\u00e6rnir gagnvart bornum verndargripum, a\u00f0rir leyfa \u00fe\u00e1. Svipa\u00f0ar \u00edhugunir eru einnig \u00feekktar \u00ed Judaisma. Nazar Boncu\u011fu hreyfist \u00feannig \u00e1 milli al\u00fe\u00fd\u00f0legrar i\u00f0kunar og tr\u00faarlegrar kenningar, spenna sem fylgir m\u00f6rgum verndargripum.<\/p>\t\t\t\t\t\t\t\t<\/div>\n\t\t\t\t<\/div>\n\t\t\t\t\t<\/div>\n\t\t\t\t<\/div>\n\t\t<div class=\"elementor-element elementor-element-iwgs-nazar-s8 e-flex e-con-boxed e-con e-parent\" data-id=\"iwgs-nazar-s8\" data-element_type=\"container\" data-e-type=\"container\">\n\t\t\t\t\t<div class=\"e-con-inner\">\n\t\t\t\t<div class=\"elementor-element elementor-element-iwgs-nazar-s8h elementor-widget elementor-widget-heading\" data-id=\"iwgs-nazar-s8h\" data-element_type=\"widget\" data-e-type=\"widget\" data-widget_type=\"heading.default\">\n\t\t\t\t\t<h2 class=\"elementor-heading-title elementor-size-default\">N\u00faverandi m\u00f3tt\u00f6kur og \u00fatbrei\u00f0sla um allan heim<\/h2>\t\t\t\t<\/div>\n\t\t<div class=\"elementor-element elementor-element-iwgs-nazar-s8box e-con-full e-flex e-con e-parent\" data-id=\"iwgs-nazar-s8box\" data-element_type=\"container\" data-e-type=\"container\">\n\t\t\t\t<div class=\"elementor-element elementor-element-iwgs-nazar-s8t elementor-widget elementor-widget-text-editor\" data-id=\"iwgs-nazar-s8t\" data-element_type=\"widget\" data-e-type=\"widget\" data-widget_type=\"text-editor.default\">\n\t\t\t\t\t\t\t\t\t<p>Nazar Boncu\u011fu hefur \u00e1 s\u00ed\u00f0ustu \u00e1ratugum or\u00f0i\u00f0 \u00fatbreitt um allan heim. Sem h\u00e1lsmen, armband og veggskraut er \u00fea\u00f0 \u00ed dag bori\u00f0 og selt \u00ed m\u00f6rgum l\u00f6ndum, oft \u00e1n n\u00e1kv\u00e6mrar \u00feekkingar \u00e1 uppruna \u00feess. Bl\u00e1a auga\u00f0 er or\u00f0i\u00f0 al\u00fej\u00f3\u00f0lega \u00feekkt <span class=\"iwg-fachbegriff\" data-tooltip=\"Endurteki\u00f0 innihaldslegt atri\u00f0i \u00ed list e\u00f0a fr\u00e1s\u00f6gn.\" tabindex=\"0\">myndefni<\/span>.<\/p><p>\u00cd t\u00edsku og h\u00f6nnun kemur augnmyndefni\u00f0 v\u00ed\u00f0a fram, og \u00fea\u00f0 hefur jafnvel rata\u00f0 inn \u00ed myndmerki stafr\u00e6nna samskipta. \u00dear me\u00f0 breytist merkingin. \u00dar verndargrip me\u00f0 sk\u00fdrri virkni ver\u00f0ur a\u00f0 hluta til skrautlegt t\u00e1kn.<\/p><p>\u00c1 Mi\u00f0jar\u00f0arhafssv\u00e6\u00f0inu sj\u00e1lfu er upprunalega merkingin \u00fe\u00f3 \u00e1fram lifandi. \u00dear er Nazar Boncu\u011fu \u00e1fram hlutur sem gerir s\u00fdnilega tr\u00fana \u00e1 hi\u00f0 illa auga og \u00f3skina um vernd \u00ed daglegu l\u00edfi. \u00dea\u00f0 er \u00feannig d\u00e6mi um verndarhef\u00f0 sem lifir \u00e1n rofs.<\/p><p>\u00cd Tyrklandi er framlei\u00f0sla glerperlanna \u00ed dag var\u00f0veitt og styrkt sem menningararfur. \u00c1 sama t\u00edma er bl\u00e1a auga\u00f0 or\u00f0i\u00f0 \u00f3formlegt einkennist\u00e1kn sem margir fer\u00f0amenn tengja vi\u00f0 landi\u00f0.<\/p><p>\u00cd al\u00fej\u00f3\u00f0legri t\u00edsku kemur augnmyndefni\u00f0 fram \u00e1 skarti og fatna\u00f0i, oft a\u00f0skili\u00f0 fr\u00e1 upprunalegri merkingu sinni. \u00deessi tv\u00f6falda tilvist, sem alvarlega tekinn verndargripur og sem t\u00edskulegt t\u00e1kn, er d\u00e6miger\u00f0 fyrir m\u00f6rg hef\u00f0bundin verndargripi sem hafa runni\u00f0 inn \u00ed hi\u00f0 al\u00fej\u00f3\u00f0lega myndm\u00e1l.<\/p>\t\t\t\t\t\t\t\t<\/div>\n\t\t\t\t<\/div>\n\t\t\t\t\t<\/div>\n\t\t\t\t<\/div>\n\t\t<div class=\"elementor-element elementor-element-iwgs-nazar-lit e-flex e-con-boxed e-con e-parent\" data-id=\"iwgs-nazar-lit\" data-element_type=\"container\" data-e-type=\"container\">\n\t\t\t\t\t<div class=\"e-con-inner\">\n\t\t\t\t<div class=\"elementor-element elementor-element-iwgs-nazar-lith elementor-widget elementor-widget-heading\" data-id=\"iwgs-nazar-lith\" data-element_type=\"widget\" data-e-type=\"widget\" data-widget_type=\"heading.default\">\n\t\t\t\t\t<h2 class=\"elementor-heading-title elementor-size-default\">Heimildir (\u00farval)<\/h2>\t\t\t\t<\/div>\n\t\t<div class=\"elementor-element elementor-element-iwgs-nazar-litbox e-con-full e-flex e-con e-parent\" data-id=\"iwgs-nazar-litbox\" data-element_type=\"container\" data-e-type=\"container\">\n\t\t\t\t<div class=\"elementor-element elementor-element-iwgs-nazar-litt elementor-widget elementor-widget-html\" data-id=\"iwgs-nazar-litt\" data-element_type=\"widget\" data-e-type=\"widget\" data-widget_type=\"html.default\">\n\t\t\t\t\t<footer data-nosnippet=\"true\"><ul><li>Alan Dundes (ritstj.): <em>The Evil Eye. A Casebook<\/em> (1981)<\/li><li>Frederick Thomas Elworthy: <em>The Evil Eye<\/em> (1895)<\/li><li>Siegfried Seligmann: <em>Der b\u00f6se Blick und Verwandtes<\/em> (1910)<\/li><li>Nils Bring\u00e9us: <em>Volkst\u00fcmliche Bilderkunde<\/em> (1982)<\/li><li>Birgit Heller: <em>Religion und Geschlecht im Mittelmeerraum<\/em> (2003)<\/li><\/ul><\/footer>\t\t\t\t<\/div>\n\t\t\t\t<\/div>\n\t\t\t\t\t<\/div>\n\t\t\t\t<\/div>\n\t\t<div class=\"elementor-element elementor-element-iwgs-nazar-kwd e-flex e-con-boxed e-con e-parent\" data-id=\"iwgs-nazar-kwd\" data-element_type=\"container\" data-e-type=\"container\">\n\t\t\t\t\t<div class=\"e-con-inner\">\n\t\t\t\t<div class=\"elementor-element elementor-element-iwgs-nazar-kwdt elementor-widget elementor-widget-text-editor\" data-id=\"iwgs-nazar-kwdt\" data-element_type=\"widget\" data-e-type=\"widget\" data-widget_type=\"text-editor.default\">\n\t\t\t\t\t\t\t\t\t<p><em>Tengd kjarnabegriff: Nazar Boncu\u011fu <span class=\"iwg-fachbegriff\" data-tooltip=\"\u00datbreidd hugmynd um a\u00f0 \u00f6fundsj\u00fakt augnar\u00e1\u00f0 annarrar manneskju geti valdi\u00f0 ska\u00f0a.\" tabindex=\"0\">illt auga<\/span> bl\u00e1tt glerauga <span class=\"iwg-fachbegriff\" data-tooltip=\"Tr\u00faarfr\u00e6\u00f0ilegt hugtak fyrir hlut e\u00f0a t\u00e1kn me\u00f0 \u00f3g\u00e6fuvarnandi virkni.\" tabindex=\"0\">ap\u00f3tr\u00f3pa\u00edk<\/span> Tyrkland glerperla Mi\u00f0jar\u00f0arhafssv\u00e6\u00f0i\u00f0 \u00f6fund.<\/em><\/p>\t\t\t\t\t\t\t\t<\/div>\n\t\t\t\t\t<\/div>\n\t\t\t\t<\/div>\n\t\t<div class=\"elementor-element elementor-element-iwgs-nazar-cc e-flex e-con-boxed e-con e-parent\" data-id=\"iwgs-nazar-cc\" data-element_type=\"container\" data-e-type=\"container\" id=\"iwg-cc-nazar\">\n\t\t\t\t\t<div class=\"e-con-inner\">\n\t\t<div class=\"elementor-element elementor-element-iwgs-nazar-ccinner e-flex e-con-boxed e-con e-parent\" data-id=\"iwgs-nazar-ccinner\" data-element_type=\"container\" data-e-type=\"container\" data-settings=\"{&quot;background_background&quot;:&quot;classic&quot;}\">\n\t\t\t\t\t<div class=\"e-con-inner\">\n\t\t\t\t<div class=\"elementor-element elementor-element-iwgs-nazar-cch elementor-widget elementor-widget-heading\" data-id=\"iwgs-nazar-cch\" data-element_type=\"widget\" data-e-type=\"widget\" data-widget_type=\"heading.default\">\n\t\t\t\t\t<h2 class=\"elementor-heading-title elementor-size-default\">iWell Guard og verndarhef\u00f0ir<\/h2>\t\t\t\t<\/div>\n\t\t\t\t<div class=\"elementor-element elementor-element-iwgs-nazar-cct elementor-widget elementor-widget-text-editor\" data-id=\"iwgs-nazar-cct\" data-element_type=\"widget\" data-e-type=\"widget\" data-widget_type=\"text-editor.default\">\n\t\t\t\t\t\t\t\t\t<p>iWell Guard fellur \u00ed menningars\u00f6gulega hef\u00f0 borinna verndargripa, sem Nazar Boncu\u011fu tilheyrir einnig. N\u00fat\u00edmalegur f\u00f6runautur fyrir f\u00f3lk sem lifir me\u00f0 verndart\u00e1knum: framleitt \u00ed \u00de\u00fdskalandi, 41 lag af hreinu gulli, plat\u00ednu og silfri, me\u00f0 30 daga skilar\u00e9tti.<\/p>\t\t\t\t\t\t\t\t<\/div>\n\t\t\t\t<div class=\"elementor-element elementor-element-iwgs-nazar-ccb iwg-cc-button iwg-cc-cta-2026-05-13 elementor-widget elementor-widget-jet-button\" data-id=\"iwgs-nazar-ccb\" data-element_type=\"widget\" data-e-type=\"widget\" data-widget_type=\"jet-button.default\">\n\t\t\t\t<div class=\"elementor-widget-container\">\n\t\t\t\t\t<div class=\"elementor-jet-button jet-elements\"><div class=\"jet-button__container\"><a class=\"jet-button__instance jet-button__instance--icon-left hover-effect-1\" href=\"\/schutzanhaenger-iwell-guard-kaufen\/?utm_source=iwell-guard.com&amp;utm_medium=info-box&amp;utm_campaign=schutzsymbole\"><div class=\"jet-button__plane jet-button__plane-normal\"><\/div><div class=\"jet-button__plane jet-button__plane-hover\"><\/div><div class=\"jet-button__state jet-button__state-normal\"><span class=\"jet-button__label\">Meira um iWell Guard<\/span><\/div><div class=\"jet-button__state jet-button__state-hover\"><span class=\"jet-button__label\">Meira um iWell Guard<\/span><\/div><\/a><\/div><\/div><style>.elementor-element.elementor-element-iwgs-nazar-ccb .jet-button__instance{width:320px;height:56px;}.elementor-element.elementor-element-iwgs-nazar-ccb .jet-button__state-normal .jet-button__label{text-align:center;margin:0px 0px 0px 0px;color:#1a1b20;font-family:Montserrat,sans-serif;font-size:13px;font-weight:400;letter-spacing:4px;line-height:1.714em;text-transform:uppercase;}.elementor-element.elementor-element-iwgs-nazar-ccb .jet-button__state-hover .jet-button__label{text-align:center;margin:0px 0px 0px 0px;color:#FECC76;font-family:Montserrat,sans-serif;font-size:13px;font-weight:400;letter-spacing:4px;line-height:1.714em;text-transform:uppercase;}.elementor-element.elementor-element-iwgs-nazar-ccb .jet-button__plane-normal{background-color:#FECC76;border-style:solid;border-color:#C99540;border-width:2px 2px 2px 2px;}.elementor-element.elementor-element-iwgs-nazar-ccb .jet-button__plane-hover{background-color:rgba(0,0,0,0.55);border-style:solid;border-color:#FECC76;border-width:2px 2px 2px 2px;}<\/style>\t\t\t\t<\/div>\n\t\t\t\t<\/div>\n\t\t\t\t<div class=\"elementor-element elementor-element-iwgs-nazar-ccd elementor-widget elementor-widget-text-editor\" data-id=\"iwgs-nazar-ccd\" data-element_type=\"widget\" data-e-type=\"widget\" data-widget_type=\"text-editor.default\">\n\t\t\t\t\t\t\t\t\t<p style=\"text-align:center;font-size:13px;opacity:0.7;margin-top:14px\" data-nosnippet=\"true\">Pers\u00f3nuleg reynsla getur veri\u00f0 mismunandi. Ekki l\u00e6kningat\u00e6ki. Engin lofor\u00f0 um l\u00e6kningu.<\/p>\t\t\t\t\t\t\t\t<\/div>\n\t\t\t\t\t<\/div>\n\t\t\t\t<\/div>\n\t\t\t\t\t<\/div>\n\t\t\t\t<\/div>\n\t\t<div class=\"elementor-element elementor-element-iwgs-nazar-disc e-flex e-con-boxed e-con e-parent\" data-id=\"iwgs-nazar-disc\" data-element_type=\"container\" data-e-type=\"container\">\n\t\t\t\t\t<div class=\"e-con-inner\">\n\t\t\t\t<div class=\"elementor-element elementor-element-iwgs-nazar-discw elementor-widget elementor-widget-html\" data-id=\"iwgs-nazar-discw\" data-element_type=\"widget\" data-e-type=\"widget\" data-widget_type=\"html.default\">\n\t\t\t\t\t<footer data-nosnippet=\"true\" class=\"iwg-disclaimer-block\"><p data-nosnippet=\"true\">iWell Guard er <strong>ekki l\u00e6kningat\u00e6ki<\/strong> og kemur ekki \u00ed sta\u00f0 l\u00e6knis- e\u00f0a s\u00e1lfr\u00e6\u00f0ime\u00f0fer\u00f0ar. Innihaldi\u00f0 sem h\u00e9r er sett fram er tr\u00faarbrag\u00f0afr\u00e6\u00f0ileg og menningars\u00f6gulega greining, ekki lofor\u00f0 um andlega virkni.<\/p><\/footer>\t\t\t\t<\/div>\n\t\t\t\t\t<\/div>\n\t\t\t\t<\/div>\n\t\t\t\t<\/div>\n\t\t","protected":false},"excerpt":{"rendered":"","protected":false},"author":3,"featured_media":3438,"parent":0,"menu_order":0,"comment_status":"closed","ping_status":"closed","template":"elementor_header_footer","meta":{"_yoast_wpseo_focuskw":"Nazar Boncu\u011fu","_yoast_wpseo_title":"Nazar Boncu\u011fu \u2013 bl\u00e1a verndarauga\u00f0","_yoast_wpseo_metadesc":"Nazar Boncu\u011fu, bl\u00e1a gleranga\u00f0, er tali\u00f0 vernda gegn illu augnar\u00e1\u00f0i \u00e1 Mi\u00f0jar\u00f0arhafssv\u00e6\u00f0inu. Uppruni, framlei\u00f0sla og notkun \u00fatsk\u00fdr\u00f0.","_yoast_wpseo_meta-robots-noindex":"","_yoast_wpseo_canonical":"","_angie_page":false,"gefaehrdungsstufe":"","wesen_kultur":"","wesen_klasse":"","footnotes":""},"categories":[],"class_list":["post-169125","page","type-page","status-publish","has-post-thumbnail","hentry"],"yoast_head":"<!-- This site is optimized with the Yoast SEO Premium plugin v27.7 (Yoast SEO v28.3) - https:\/\/yoast.com\/product\/yoast-seo-premium-wordpress\/ -->\n<title>Nazar Boncu\u011fu \u2013 bl\u00e1a verndarauga\u00f0<\/title>\n<meta name=\"description\" content=\"Nazar Boncu\u011fu, bl\u00e1a gleranga\u00f0, er tali\u00f0 vernda gegn illu augnar\u00e1\u00f0i \u00e1 Mi\u00f0jar\u00f0arhafssv\u00e6\u00f0inu. Uppruni, framlei\u00f0sla og notkun \u00fatsk\u00fdr\u00f0.\" \/>\n<meta name=\"robots\" content=\"index, follow, max-snippet:-1, max-image-preview:large, max-video-preview:-1\" \/>\n<link rel=\"canonical\" href=\"https:\/\/iwell-guard.com\/is\/nazar-boncugu-bla-verndaraugad\/\" \/>\n<meta property=\"og:locale\" content=\"is_IS\" \/>\n<meta property=\"og:type\" content=\"article\" \/>\n<meta property=\"og:title\" content=\"Nazar Boncu\u011fu \u2013 bl\u00e1a verndarauga\u00f0 gegn hinu illa augnar\u00e1\u00f0i\" \/>\n<meta property=\"og:description\" content=\"Nazar Boncu\u011fu, bl\u00e1a gleranga\u00f0, er tali\u00f0 vernda gegn illu augnar\u00e1\u00f0i \u00e1 Mi\u00f0jar\u00f0arhafssv\u00e6\u00f0inu. Uppruni, framlei\u00f0sla og notkun \u00fatsk\u00fdr\u00f0.\" \/>\n<meta property=\"og:url\" content=\"https:\/\/iwell-guard.com\/is\/nazar-boncugu-bla-verndaraugad\/\" \/>\n<meta property=\"og:site_name\" content=\"iWell Guard\" \/>\n<meta property=\"article:modified_time\" content=\"2026-09-05T14:32:53+00:00\" \/>\n<meta property=\"og:image\" content=\"https:\/\/iwell-guard.com\/wp-content\/uploads\/2026\/05\/schutzsymbol_tuerkei_nazar-2.webp\" \/>\n\t<meta property=\"og:image:width\" content=\"1024\" \/>\n\t<meta property=\"og:image:height\" content=\"1536\" \/>\n\t<meta property=\"og:image:type\" content=\"image\/webp\" \/>\n<meta name=\"twitter:card\" content=\"summary_large_image\" \/>\n<script type=\"application\/ld+json\" class=\"yoast-schema-graph\">{\"@context\":\"https:\\\/\\\/schema.org\",\"@graph\":[{\"@type\":\"WebPage\",\"@id\":\"https:\\\/\\\/iwell-guard.com\\\/is\\\/nazar-boncugu-bla-verndaraugad\\\/\",\"url\":\"https:\\\/\\\/iwell-guard.com\\\/is\\\/nazar-boncugu-bla-verndaraugad\\\/\",\"name\":\"Nazar Boncu\u011fu \u2013 bl\u00e1a verndarauga\u00f0\",\"isPartOf\":{\"@id\":\"https:\\\/\\\/iwell-guard.com\\\/is\\\/#website\"},\"primaryImageOfPage\":{\"@id\":\"https:\\\/\\\/iwell-guard.com\\\/is\\\/nazar-boncugu-bla-verndaraugad\\\/#primaryimage\"},\"image\":{\"@id\":\"https:\\\/\\\/iwell-guard.com\\\/is\\\/nazar-boncugu-bla-verndaraugad\\\/#primaryimage\"},\"thumbnailUrl\":\"https:\\\/\\\/iwell-guard.com\\\/wp-content\\\/uploads\\\/2026\\\/05\\\/schutzsymbol_tuerkei_nazar-2.webp\",\"datePublished\":\"2026-09-05T14:05:47+00:00\",\"dateModified\":\"2026-09-05T14:32:53+00:00\",\"description\":\"Nazar Boncu\u011fu, bl\u00e1a gleranga\u00f0, er tali\u00f0 vernda gegn illu augnar\u00e1\u00f0i \u00e1 Mi\u00f0jar\u00f0arhafssv\u00e6\u00f0inu. Uppruni, framlei\u00f0sla og notkun \u00fatsk\u00fdr\u00f0.\",\"breadcrumb\":{\"@id\":\"https:\\\/\\\/iwell-guard.com\\\/is\\\/nazar-boncugu-bla-verndaraugad\\\/#breadcrumb\"},\"inLanguage\":\"is\",\"potentialAction\":[{\"@type\":\"ReadAction\",\"target\":[\"https:\\\/\\\/iwell-guard.com\\\/is\\\/nazar-boncugu-bla-verndaraugad\\\/\"]}]},{\"@type\":\"ImageObject\",\"inLanguage\":\"is\",\"@id\":\"https:\\\/\\\/iwell-guard.com\\\/is\\\/nazar-boncugu-bla-verndaraugad\\\/#primaryimage\",\"url\":\"https:\\\/\\\/iwell-guard.com\\\/wp-content\\\/uploads\\\/2026\\\/05\\\/schutzsymbol_tuerkei_nazar-2.webp\",\"contentUrl\":\"https:\\\/\\\/iwell-guard.com\\\/wp-content\\\/uploads\\\/2026\\\/05\\\/schutzsymbol_tuerkei_nazar-2.webp\",\"width\":1024,\"height\":1536,\"caption\":\"Verndart\u00e1kn. Myndskreyting \u00ed safnst\u00edl.\"},{\"@type\":\"BreadcrumbList\",\"@id\":\"https:\\\/\\\/iwell-guard.com\\\/is\\\/nazar-boncugu-bla-verndaraugad\\\/#breadcrumb\",\"itemListElement\":[{\"@type\":\"ListItem\",\"position\":1,\"name\":\"Start\",\"item\":\"https:\\\/\\\/iwell-guard.com\\\/is\\\/?page_id=168580\"},{\"@type\":\"ListItem\",\"position\":2,\"name\":\"Nazar Boncu\u011fu \u2013 bl\u00e1a verndarauga\u00f0 gegn hinu illa augnar\u00e1\u00f0i\"}]},{\"@type\":\"WebSite\",\"@id\":\"https:\\\/\\\/iwell-guard.com\\\/is\\\/#website\",\"url\":\"https:\\\/\\\/iwell-guard.com\\\/is\\\/\",\"name\":\"iWell Guard\",\"description\":\"Schutz vor dunklen Einfl\u00fcssen\",\"publisher\":{\"@id\":\"https:\\\/\\\/iwell-guard.com\\\/is\\\/#organization\"},\"potentialAction\":[{\"@type\":\"SearchAction\",\"target\":{\"@type\":\"EntryPoint\",\"urlTemplate\":\"https:\\\/\\\/iwell-guard.com\\\/is\\\/?s={search_term_string}\"},\"query-input\":{\"@type\":\"PropertyValueSpecification\",\"valueRequired\":true,\"valueName\":\"search_term_string\"}}],\"inLanguage\":\"is\"},{\"@type\":\"Organization\",\"@id\":\"https:\\\/\\\/iwell-guard.com\\\/is\\\/#organization\",\"name\":\"Ittermann electronic GmbH\",\"url\":\"https:\\\/\\\/iwell-guard.com\\\/is\\\/\",\"logo\":{\"@type\":\"ImageObject\",\"inLanguage\":\"is\",\"@id\":\"https:\\\/\\\/iwell-guard.com\\\/is\\\/#\\\/schema\\\/logo\\\/image\\\/\",\"url\":\"https:\\\/\\\/iwell-guard.com\\\/wp-content\\\/uploads\\\/2026\\\/05\\\/Ittermann-Logo-1182x237-1.png\",\"contentUrl\":\"https:\\\/\\\/iwell-guard.com\\\/wp-content\\\/uploads\\\/2026\\\/05\\\/Ittermann-Logo-1182x237-1.png\",\"width\":1182,\"height\":237,\"caption\":\"Ittermann electronic GmbH\"},\"image\":{\"@id\":\"https:\\\/\\\/iwell-guard.com\\\/is\\\/#\\\/schema\\\/logo\\\/image\\\/\"},\"sameAs\":[\"https:\\\/\\\/pantip.com\\\/profile\\\/9367242\",\"https:\\\/\\\/micro.blog\\\/iwellguard\",\"https:\\\/\\\/www.diggerslist.com\\\/iwellguard\\\/about\",\"https:\\\/\\\/skitterphoto.com\\\/photographers\\\/2870314\\\/iwell-guard\",\"https:\\\/\\\/iwellguard.wordpress.com\\\/2026\\\/06\\\/06\\\/iwell-guard\\\/\",\"https:\\\/\\\/hub.docker.com\\\/u\\\/iwellguard\",\"https:\\\/\\\/www.pinterest.com\\\/iwellguard\\\/\",\"https:\\\/\\\/bit.ly\\\/m\\\/iwellguard\",\"https:\\\/\\\/entre-vos-mains.alsace.eu\\\/profiles\\\/iwellguard\\\/activity\",\"https:\\\/\\\/gravatar.com\\\/reallybeded8fd34\",\"https:\\\/\\\/naijamatta.com\\\/iwellguard\",\"https:\\\/\\\/www.goodreads.com\\\/iwellguard\",\"https:\\\/\\\/profile.hatena.ne.jp\\\/iwellguard\\\/\",\"https:\\\/\\\/experiment.com\\\/users\\\/iwellguard\",\"https:\\\/\\\/wakelet.com\\\/@iWellGuard82270\",\"https:\\\/\\\/www.chordie.com\\\/forum\\\/profile.php?id=2555664\",\"https:\\\/\\\/www.instapaper.com\\\/p\\\/17757966\",\"https:\\\/\\\/www.mapleprimes.com\\\/users\\\/iwellguard\",\"https:\\\/\\\/businesslistingplus.com\\\/profile\\\/iwell-guard\\\/\",\"https:\\\/\\\/telegra.ph\\\/iWell-Guard-06-06\",\"https:\\\/\\\/pbase.com\\\/iwellguard\\\/iwellguard\",\"https:\\\/\\\/b.hatena.ne.jp\\\/iwellguard\\\/20260607#bookmark-4788405196491818882\",\"https:\\\/\\\/fliphtml5.com\\\/home\\\/iwellguard\",\"https:\\\/\\\/anyflip.com\\\/homepage\\\/cmiwl#About\",\"https:\\\/\\\/transfur.com\\\/Users\\\/iwellguard\",\"http:\\\/\\\/delphi.larsbo.org\\\/user\\\/iwellguard\",\"https:\\\/\\\/jobs.lajobsportal.org\\\/profiles\\\/8380803-iwell-guard\",\"https:\\\/\\\/md.chaosdorf.de\\\/s\\\/jfbe5SBdJD\",\"https:\\\/\\\/www.lingvolive.com\\\/en-us\\\/profile\\\/9ecaeaca-ce11-4e51-9e71-01d55e2bff36\\\/translations\",\"https:\\\/\\\/www.fitday.com\\\/fitness\\\/forums\\\/members\\\/iwellguard.html\",\"https:\\\/\\\/www.mymeetbook.com\\\/iwellguard\",\"https:\\\/\\\/pxhere.com\\\/en\\\/photographer-me\\\/5040798\",\"https:\\\/\\\/disqus.com\\\/by\\\/iwellguard\\\/about\\\/\",\"https:\\\/\\\/pastelink.net\\\/hjwciqwq\",\"https:\\\/\\\/pubhtml5.com\\\/homepage\\\/scjhn\\\/\",\"https:\\\/\\\/www.bitchute.com\\\/channel\\\/2O2eOKzNqujT\",\"https:\\\/\\\/audiomack.com\\\/iwellguard\"]}]}<\/script>\n<!-- \/ Yoast SEO Premium plugin. -->","yoast_head_json":{"title":"Nazar Boncu\u011fu \u2013 bl\u00e1a verndarauga\u00f0","description":"Nazar Boncu\u011fu, bl\u00e1a gleranga\u00f0, er tali\u00f0 vernda gegn illu augnar\u00e1\u00f0i \u00e1 Mi\u00f0jar\u00f0arhafssv\u00e6\u00f0inu. Uppruni, framlei\u00f0sla og notkun \u00fatsk\u00fdr\u00f0.","robots":{"index":"index","follow":"follow","max-snippet":"max-snippet:-1","max-image-preview":"max-image-preview:large","max-video-preview":"max-video-preview:-1"},"canonical":"https:\/\/iwell-guard.com\/is\/nazar-boncugu-bla-verndaraugad\/","og_locale":"is_IS","og_type":"article","og_title":"Nazar Boncu\u011fu \u2013 bl\u00e1a verndarauga\u00f0 gegn hinu illa augnar\u00e1\u00f0i","og_description":"Nazar Boncu\u011fu, bl\u00e1a gleranga\u00f0, er tali\u00f0 vernda gegn illu augnar\u00e1\u00f0i \u00e1 Mi\u00f0jar\u00f0arhafssv\u00e6\u00f0inu. Uppruni, framlei\u00f0sla og notkun \u00fatsk\u00fdr\u00f0.","og_url":"https:\/\/iwell-guard.com\/is\/nazar-boncugu-bla-verndaraugad\/","og_site_name":"iWell Guard","article_modified_time":"2026-09-05T14:32:53+00:00","og_image":[{"width":1024,"height":1536,"url":"https:\/\/iwell-guard.com\/wp-content\/uploads\/2026\/05\/schutzsymbol_tuerkei_nazar-2.webp","type":"image\/webp"}],"twitter_card":"summary_large_image","schema":{"@context":"https:\/\/schema.org","@graph":[{"@type":"WebPage","@id":"https:\/\/iwell-guard.com\/is\/nazar-boncugu-bla-verndaraugad\/","url":"https:\/\/iwell-guard.com\/is\/nazar-boncugu-bla-verndaraugad\/","name":"Nazar Boncu\u011fu \u2013 bl\u00e1a verndarauga\u00f0","isPartOf":{"@id":"https:\/\/iwell-guard.com\/is\/#website"},"primaryImageOfPage":{"@id":"https:\/\/iwell-guard.com\/is\/nazar-boncugu-bla-verndaraugad\/#primaryimage"},"image":{"@id":"https:\/\/iwell-guard.com\/is\/nazar-boncugu-bla-verndaraugad\/#primaryimage"},"thumbnailUrl":"https:\/\/iwell-guard.com\/wp-content\/uploads\/2026\/05\/schutzsymbol_tuerkei_nazar-2.webp","datePublished":"2026-09-05T14:05:47+00:00","dateModified":"2026-09-05T14:32:53+00:00","description":"Nazar Boncu\u011fu, bl\u00e1a gleranga\u00f0, er tali\u00f0 vernda gegn illu augnar\u00e1\u00f0i \u00e1 Mi\u00f0jar\u00f0arhafssv\u00e6\u00f0inu. Uppruni, framlei\u00f0sla og notkun \u00fatsk\u00fdr\u00f0.","breadcrumb":{"@id":"https:\/\/iwell-guard.com\/is\/nazar-boncugu-bla-verndaraugad\/#breadcrumb"},"inLanguage":"is","potentialAction":[{"@type":"ReadAction","target":["https:\/\/iwell-guard.com\/is\/nazar-boncugu-bla-verndaraugad\/"]}]},{"@type":"ImageObject","inLanguage":"is","@id":"https:\/\/iwell-guard.com\/is\/nazar-boncugu-bla-verndaraugad\/#primaryimage","url":"https:\/\/iwell-guard.com\/wp-content\/uploads\/2026\/05\/schutzsymbol_tuerkei_nazar-2.webp","contentUrl":"https:\/\/iwell-guard.com\/wp-content\/uploads\/2026\/05\/schutzsymbol_tuerkei_nazar-2.webp","width":1024,"height":1536,"caption":"Verndart\u00e1kn. Myndskreyting \u00ed safnst\u00edl."},{"@type":"BreadcrumbList","@id":"https:\/\/iwell-guard.com\/is\/nazar-boncugu-bla-verndaraugad\/#breadcrumb","itemListElement":[{"@type":"ListItem","position":1,"name":"Start","item":"https:\/\/iwell-guard.com\/is\/?page_id=168580"},{"@type":"ListItem","position":2,"name":"Nazar Boncu\u011fu \u2013 bl\u00e1a verndarauga\u00f0 gegn hinu illa augnar\u00e1\u00f0i"}]},{"@type":"WebSite","@id":"https:\/\/iwell-guard.com\/is\/#website","url":"https:\/\/iwell-guard.com\/is\/","name":"iWell Guard","description":"Schutz vor dunklen Einfl\u00fcssen","publisher":{"@id":"https:\/\/iwell-guard.com\/is\/#organization"},"potentialAction":[{"@type":"SearchAction","target":{"@type":"EntryPoint","urlTemplate":"https:\/\/iwell-guard.com\/is\/?s={search_term_string}"},"query-input":{"@type":"PropertyValueSpecification","valueRequired":true,"valueName":"search_term_string"}}],"inLanguage":"is"},{"@type":"Organization","@id":"https:\/\/iwell-guard.com\/is\/#organization","name":"Ittermann electronic GmbH","url":"https:\/\/iwell-guard.com\/is\/","logo":{"@type":"ImageObject","inLanguage":"is","@id":"https:\/\/iwell-guard.com\/is\/#\/schema\/logo\/image\/","url":"https:\/\/iwell-guard.com\/wp-content\/uploads\/2026\/05\/Ittermann-Logo-1182x237-1.png","contentUrl":"https:\/\/iwell-guard.com\/wp-content\/uploads\/2026\/05\/Ittermann-Logo-1182x237-1.png","width":1182,"height":237,"caption":"Ittermann electronic GmbH"},"image":{"@id":"https:\/\/iwell-guard.com\/is\/#\/schema\/logo\/image\/"},"sameAs":["https:\/\/pantip.com\/profile\/9367242","https:\/\/micro.blog\/iwellguard","https:\/\/www.diggerslist.com\/iwellguard\/about","https:\/\/skitterphoto.com\/photographers\/2870314\/iwell-guard","https:\/\/iwellguard.wordpress.com\/2026\/06\/06\/iwell-guard\/","https:\/\/hub.docker.com\/u\/iwellguard","https:\/\/www.pinterest.com\/iwellguard\/","https:\/\/bit.ly\/m\/iwellguard","https:\/\/entre-vos-mains.alsace.eu\/profiles\/iwellguard\/activity","https:\/\/gravatar.com\/reallybeded8fd34","https:\/\/naijamatta.com\/iwellguard","https:\/\/www.goodreads.com\/iwellguard","https:\/\/profile.hatena.ne.jp\/iwellguard\/","https:\/\/experiment.com\/users\/iwellguard","https:\/\/wakelet.com\/@iWellGuard82270","https:\/\/www.chordie.com\/forum\/profile.php?id=2555664","https:\/\/www.instapaper.com\/p\/17757966","https:\/\/www.mapleprimes.com\/users\/iwellguard","https:\/\/businesslistingplus.com\/profile\/iwell-guard\/","https:\/\/telegra.ph\/iWell-Guard-06-06","https:\/\/pbase.com\/iwellguard\/iwellguard","https:\/\/b.hatena.ne.jp\/iwellguard\/20260607#bookmark-4788405196491818882","https:\/\/fliphtml5.com\/home\/iwellguard","https:\/\/anyflip.com\/homepage\/cmiwl#About","https:\/\/transfur.com\/Users\/iwellguard","http:\/\/delphi.larsbo.org\/user\/iwellguard","https:\/\/jobs.lajobsportal.org\/profiles\/8380803-iwell-guard","https:\/\/md.chaosdorf.de\/s\/jfbe5SBdJD","https:\/\/www.lingvolive.com\/en-us\/profile\/9ecaeaca-ce11-4e51-9e71-01d55e2bff36\/translations","https:\/\/www.fitday.com\/fitness\/forums\/members\/iwellguard.html","https:\/\/www.mymeetbook.com\/iwellguard","https:\/\/pxhere.com\/en\/photographer-me\/5040798","https:\/\/disqus.com\/by\/iwellguard\/about\/","https:\/\/pastelink.net\/hjwciqwq","https:\/\/pubhtml5.com\/homepage\/scjhn\/","https:\/\/www.bitchute.com\/channel\/2O2eOKzNqujT","https:\/\/audiomack.com\/iwellguard"]}]}},"_links":{"self":[{"href":"https:\/\/iwell-guard.com\/is\/wp-json\/wp\/v2\/pages\/169125","targetHints":{"allow":["GET"]}}],"collection":[{"href":"https:\/\/iwell-guard.com\/is\/wp-json\/wp\/v2\/pages"}],"about":[{"href":"https:\/\/iwell-guard.com\/is\/wp-json\/wp\/v2\/types\/page"}],"author":[{"embeddable":true,"href":"https:\/\/iwell-guard.com\/is\/wp-json\/wp\/v2\/users\/3"}],"replies":[{"embeddable":true,"href":"https:\/\/iwell-guard.com\/is\/wp-json\/wp\/v2\/comments?post=169125"}],"version-history":[{"count":0,"href":"https:\/\/iwell-guard.com\/is\/wp-json\/wp\/v2\/pages\/169125\/revisions"}],"wp:featuredmedia":[{"embeddable":true,"href":"https:\/\/iwell-guard.com\/is\/wp-json\/wp\/v2\/media\/3438"}],"wp:attachment":[{"href":"https:\/\/iwell-guard.com\/is\/wp-json\/wp\/v2\/media?parent=169125"}],"wp:term":[{"taxonomy":"category","embeddable":true,"href":"https:\/\/iwell-guard.com\/is\/wp-json\/wp\/v2\/categories?post=169125"}],"curies":[{"name":"wp","href":"https:\/\/api.w.org\/{rel}","templated":true}]}}