{"id":169120,"date":"2026-09-05T14:05:44","date_gmt":"2026-09-05T14:05:44","guid":{"rendered":"https:\/\/iwell-guard.com\/?page_id=169120"},"modified":"2026-09-05T14:32:45","modified_gmt":"2026-09-05T14:32:45","slug":"horagalles","status":"publish","type":"page","link":"https:\/\/iwell-guard.com\/is\/horagalles\/","title":{"rendered":"Horagalles"},"content":{"rendered":"\t\t<div data-elementor-type=\"wp-page\" data-elementor-id=\"169120\" class=\"elementor elementor-169120 elementor-3064 elementor-bc-flex-widget\" data-elementor-post-type=\"page\">\n\t\t\t\t<div class=\"elementor-element elementor-element-51c86db e-flex e-con-boxed e-con e-parent\" data-id=\"51c86db\" data-element_type=\"container\" data-e-type=\"container\" data-settings=\"{&quot;background_background&quot;:&quot;classic&quot;}\">\n\t\t\t\t\t<div class=\"e-con-inner\">\n\t\t<div class=\"elementor-element elementor-element-c9c7d09 e-flex e-con-boxed e-con e-child\" data-id=\"c9c7d09\" data-element_type=\"container\" data-e-type=\"container\">\n\t\t\t\t\t<div class=\"e-con-inner\">\n\t\t<div class=\"elementor-element elementor-element-247d924 e-con-full e-flex e-con e-child\" data-id=\"247d924\" data-element_type=\"container\" data-e-type=\"container\">\n\t\t\t\t<div class=\"elementor-element elementor-element-859b0ae elementor-widget elementor-widget-heading\" data-id=\"859b0ae\" data-element_type=\"widget\" data-e-type=\"widget\" data-widget_type=\"heading.default\">\n\t\t\t\t\t<h1 class=\"elementor-heading-title elementor-size-default\">Horagalles, \u00fe\u00f3rgu\u00f0 Sama<\/h1>\t\t\t\t<\/div>\n\t\t\t\t<div class=\"elementor-element elementor-element-0e5671d elementor-widget elementor-widget-text-editor\" data-id=\"0e5671d\" data-element_type=\"widget\" data-e-type=\"widget\" data-widget_type=\"text-editor.default\">\n\t\t\t\t\t\t\t\t\t<p>Horagalles (einnig Hora Galles, Tiermes e\u00f0a Aijeke) er \u00ferumu- og stormgu\u00f0 \u00ed tr\u00fa Sama og er talinn eitt af \u00f6flugustu go\u00f0unum \u00ed fornri, formkristinni tr\u00faari\u00f0kun \u00feeirra \u00ed nor\u00f0urhluta Skandinav\u00edu, Finnlands og K\u00f3laskaga \u00ed R\u00fasslandi. D\u00fdrkun hans er skjalfest me\u00f0 tr\u00fabo\u00f0sheimildum fr\u00e1 upphafi n\u00fdaldar, en gagnr\u00fdni\u00f0 mat \u00e1 heimildagildi \u00feeirra er nau\u00f0synlegt.<\/p>\t\t\t\t\t\t\t\t<\/div>\n\t\t\t\t<\/div>\n\t\t<div class=\"elementor-element elementor-element-0020e40 e-con-full e-flex e-con e-parent\" data-id=\"0020e40\" data-element_type=\"container\" data-e-type=\"container\">\n\t\t\t\t<div class=\"elementor-element elementor-element-95e240c elementor-widget elementor-widget-html\" data-id=\"95e240c\" data-element_type=\"widget\" data-e-type=\"widget\" data-widget_type=\"html.default\">\n\t\t\t\t\t<div class=\"iwg-pill-row\"><span class=\"iwg-klasse-badge\" tabindex=\"0\" data-tooltip=\"Gu\u00f0 \/ gy\u00f0ja: Pers\u00f3nuger\u00f0ur h\u00e6sti kraftur \u00ed go\u00f0aveldi menningar, me\u00f0 sk\u00fdr hlutverk \u2014 n\u00e1tt\u00faru\u00f6fl, \u00f6rl\u00f6g, str\u00ed\u00f0, frj\u00f3semi. D\u00fdrka\u00f0ur me\u00f0 helgisi\u00f0um, f\u00f3rnum og hofstofnunum.\">Gu\u00f0<\/span><\/div>\t\t\t\t<\/div>\n\t\t\t\t<\/div>\n\t\t<div class=\"elementor-element elementor-element-8f7853f e-con-full e-flex e-con e-child\" data-id=\"8f7853f\" data-element_type=\"container\" data-e-type=\"container\">\n\t\t\t\t<div class=\"elementor-element elementor-element-16003f2 elementor-toc--minimized-on-tablet elementor-widget elementor-widget-table-of-contents\" data-id=\"16003f2\" data-element_type=\"widget\" data-e-type=\"widget\" data-settings=\"{&quot;exclude_headings_by_selector&quot;:[],&quot;no_headings_message&quot;:&quot;Engar undirfyrirsagnir fundust \\u00e1 \\u00feessari s\\u00ed\\u00f0u.&quot;,&quot;headings_by_tags&quot;:[&quot;h2&quot;,&quot;h3&quot;],&quot;marker_view&quot;:&quot;bullets&quot;,&quot;icon&quot;:{&quot;value&quot;:&quot;fas fa-circle&quot;,&quot;library&quot;:&quot;fa-solid&quot;,&quot;rendered_tag&quot;:&quot;&lt;svg class=\\&quot;e-font-icon-svg e-fas-circle\\&quot; viewBox=\\&quot;0 0 512 512\\&quot; xmlns=\\&quot;http:\\\/\\\/www.w3.org\\\/2000\\\/svg\\&quot;&gt;&lt;path d=\\&quot;M256 8C119 8 8 119 8 256s111 248 248 248 248-111 248-248S393 8 256 8z\\&quot;&gt;&lt;\\\/path&gt;&lt;\\\/svg&gt;&quot;},&quot;minimize_box&quot;:&quot;yes&quot;,&quot;minimized_on&quot;:&quot;tablet&quot;,&quot;hierarchical_view&quot;:&quot;yes&quot;,&quot;min_height&quot;:{&quot;unit&quot;:&quot;px&quot;,&quot;size&quot;:&quot;&quot;,&quot;sizes&quot;:[]},&quot;min_height_tablet&quot;:{&quot;unit&quot;:&quot;px&quot;,&quot;size&quot;:&quot;&quot;,&quot;sizes&quot;:[]},&quot;min_height_mobile&quot;:{&quot;unit&quot;:&quot;px&quot;,&quot;size&quot;:&quot;&quot;,&quot;sizes&quot;:[]}}\" data-widget_type=\"table-of-contents.default\">\n\t\t\t\t\t\t\t\t\t<div class=\"elementor-toc__header\">\n\t\t\t\t\t\t<h2 class=\"elementor-toc__header-title\">\n\t\t\t\tEfnisyfirlit\t\t\t<\/h2>\n\t\t\t\t\t\t\t\t\t\t<div class=\"elementor-toc__toggle-button elementor-toc__toggle-button--expand\" role=\"button\" tabindex=\"0\" aria-controls=\"elementor-toc__16003f2\" aria-expanded=\"true\" aria-label=\"Open table of contents\"><svg aria-hidden=\"true\" class=\"e-font-icon-svg e-fas-chevron-down\" viewBox=\"0 0 448 512\" xmlns=\"http:\/\/www.w3.org\/2000\/svg\"><path d=\"M207.029 381.476L12.686 187.132c-9.373-9.373-9.373-24.569 0-33.941l22.667-22.667c9.357-9.357 24.522-9.375 33.901-.04L224 284.505l154.745-154.021c9.379-9.335 24.544-9.317 33.901.04l22.667 22.667c9.373 9.373 9.373 24.569 0 33.941L240.971 381.476c-9.373 9.372-24.569 9.372-33.942 0z\"><\/path><\/svg><\/div>\n\t\t\t\t<div class=\"elementor-toc__toggle-button elementor-toc__toggle-button--collapse\" role=\"button\" tabindex=\"0\" aria-controls=\"elementor-toc__16003f2\" aria-expanded=\"true\" aria-label=\"Close table of contents\"><svg aria-hidden=\"true\" class=\"e-font-icon-svg e-fas-chevron-up\" viewBox=\"0 0 448 512\" xmlns=\"http:\/\/www.w3.org\/2000\/svg\"><path d=\"M240.971 130.524l194.343 194.343c9.373 9.373 9.373 24.569 0 33.941l-22.667 22.667c-9.357 9.357-24.522 9.375-33.901.04L224 227.495 69.255 381.516c-9.379 9.335-24.544 9.317-33.901-.04l-22.667-22.667c-9.373-9.373-9.373-24.569 0-33.941L207.03 130.525c9.372-9.373 24.568-9.373 33.941-.001z\"><\/path><\/svg><\/div>\n\t\t\t\t\t<\/div>\n\t\t\t\t<div id=\"elementor-toc__16003f2\" class=\"elementor-toc__body\">\n\t\t\t<div class=\"elementor-toc__spinner-container\">\n\t\t\t\t<svg class=\"elementor-toc__spinner eicon-animation-spin e-font-icon-svg e-eicon-loading\" aria-hidden=\"true\" viewBox=\"0 0 1000 1000\" xmlns=\"http:\/\/www.w3.org\/2000\/svg\"><path d=\"M500 975V858C696 858 858 696 858 500S696 142 500 142 142 304 142 500H25C25 237 238 25 500 25S975 237 975 500 763 975 500 975Z\"><\/path><\/svg>\t\t\t<\/div>\n\t\t<\/div>\n\t\t\t\t\t\t<\/div>\n\t\t\t\t<\/div>\n\t\t\t\t\t<\/div>\n\t\t\t\t<\/div>\n\t\t<div class=\"elementor-element elementor-element-b8542b5 e-con-full e-flex e-con e-child\" data-id=\"b8542b5\" data-element_type=\"container\" data-e-type=\"container\">\n\t\t\t\t<div class=\"elementor-element elementor-element-fed4b00 iwg-hero-image elementor-widget elementor-widget-image\" data-id=\"fed4b00\" data-element_type=\"widget\" data-e-type=\"widget\" data-widget_type=\"image.default\">\n\t\t\t\t\t\t\t\t\t\t\t\t\t\t\t<img fetchpriority=\"high\" decoding=\"async\" width=\"683\" height=\"1024\" src=\"https:\/\/iwell-guard.com\/wp-content\/uploads\/2026\/05\/goetter_sami_horagalles-683x1024.webp\" class=\"attachment-large size-large wp-image-170692\" alt=\"Horagalles - gu\u00f0ir \u00far hef\u00f0 Sama, s\u00f6guleg mynd\" srcset=\"https:\/\/iwell-guard.com\/wp-content\/uploads\/2026\/05\/goetter_sami_horagalles-683x1024.webp 683w, https:\/\/iwell-guard.com\/wp-content\/uploads\/2026\/05\/goetter_sami_horagalles-200x300.webp 200w, https:\/\/iwell-guard.com\/wp-content\/uploads\/2026\/05\/goetter_sami_horagalles-768x1152.webp 768w, https:\/\/iwell-guard.com\/wp-content\/uploads\/2026\/05\/goetter_sami_horagalles.webp 1024w\" sizes=\"(max-width: 683px) 100vw, 683px\" \/>\t\t\t\t\t\t\t\t\t\t\t\t\t\t\t<\/div>\n\t\t\t\t<\/div>\n\t\t\t\t\t<\/div>\n\t\t\t\t<\/div>\n\t\t<div class=\"elementor-element elementor-element-a58c52c e-con-boxed e-flex e-con e-parent\" data-id=\"a58c52c\" data-element_type=\"container\" data-e-type=\"container\">\n\t\t\t\t\t<div class=\"e-con-inner\">\n\t\t<div class=\"elementor-element elementor-element-1e2596b e-con-full e-flex e-con e-child\" data-id=\"1e2596b\" data-element_type=\"container\" data-e-type=\"container\">\n\t\t\t\t<div class=\"elementor-element elementor-element-9c754be elementor-widget elementor-widget-heading\" data-id=\"9c754be\" data-element_type=\"widget\" data-e-type=\"widget\" data-widget_type=\"heading.default\">\n\t\t\t\t\t<h2 class=\"elementor-heading-title elementor-size-default\">Heimildasta\u00f0a og gagnr\u00fdni\u00f0 mat<\/h2>\t\t\t\t<\/div>\n\t\t\t\t<div class=\"elementor-element elementor-element-c01c74e elementor-widget elementor-widget-text-editor\" data-id=\"c01c74e\" data-element_type=\"widget\" data-e-type=\"widget\" data-widget_type=\"text-editor.default\">\n\t\t\t\t\t\t\t\t\t<p><span data-nosnippet>Mikilv\u00e6gustu ritheimildir um tr\u00fa \u00ferumugu\u00f0sd\u00fdrkenda eru fr\u00e1 17. og 18. \u00f6ld. Olaus Magnus greinir fyrst \u00edtarlega fr\u00e1 tr\u00faari\u00f0kun \u00feessa f\u00f3lks \u00ed \u00abHistoria de gentibus septentrionalibus\u00bb (1555), \u00fe\u00f3 \u00ed mj\u00f6g \u00fej\u00f3\u00f0fr\u00e6\u00f0ilega fjarl\u00e6gum st\u00edl.<\/span><\/p><p><span data-nosnippet>Meginheimildin er \u00abLapponia\u00bb (1673) eftir Johannes Schefferus, \u00fear sem Horagalles er nefndur me\u00f0 nafni og hlutverki l\u00fdst. \u00c1 18. \u00f6ld b\u00e6tast vi\u00f0 n\u00e1kv\u00e6mari athugasemdir fr\u00e1 Knud Leem, Lars Levi L\u00e6stadius og Johan Nordlander.<\/span><\/p>\n\n<p><span data-nosnippet>Vark\u00e1rni er nau\u00f0synleg vi\u00f0 t\u00falkun \u00feessara heimilda. H\u00e5kan Rydving hefur \u00ed ranns\u00f3knum s\u00ednum, s\u00e9rstaklega \u00ed \u00abThe End of Drum-Time\u00bb (1993), s\u00fdnt fram \u00e1 a\u00f0 tr\u00fabo\u00f0sskr\u00e1ningar l\u00fdstu tr\u00fa Sama \u00ed gegnum kristin gleraugu og skekktu hana kerfisbundi\u00f0. Hugt\u00f6k eins og \u00abgu\u00f0\u00bb, \u00ab<span class=\"iwg-fachbegriff\" data-tooltip=\"Ni\u00f0randi or\u00f0 yfir d\u00fdrkunarmynd sem talin er falsk.\" tabindex=\"0\">skur\u00f0go\u00f0<\/span>\u00bb e\u00f0a \u00abdj\u00f6full\u00bb voru notu\u00f0 \u00e1n \u00edgrundunar \u00e1 hugt\u00f6kum Sama sj\u00e1lfra.<\/span><\/p><p><span data-nosnippet>Juha Pentik\u00e4inen hefur \u00ed \u00abSami Mythology\u00bb (1999) bent \u00e1 \u00feann fr\u00e6\u00f0ilega vanda a\u00f0 forkristin tr\u00fa Sama er \u00ed dag a\u00f0eins h\u00e6gt a\u00f0 endurskapa me\u00f0 \u00f3beinum h\u00e6tti. Louise B\u00e4ckman og Anna-Leena Siikala hafa kerfisbundi\u00f0 gefi\u00f0 \u00fat og gagnr\u00fdni\u00f0 sk\u00fdrt heimildirnar.<\/span><\/p>\t\t\t\t\t\t\t\t<\/div>\n\t\t\t\t<\/div>\n\t\t<div class=\"elementor-element elementor-element-bc1f546 e-con-full e-flex e-con e-child\" data-id=\"bc1f546\" data-element_type=\"container\" data-e-type=\"container\">\n\t\t\t\t<div class=\"elementor-element elementor-element-ee392e3 elementor-widget elementor-widget-heading\" data-id=\"ee392e3\" data-element_type=\"widget\" data-e-type=\"widget\" data-widget_type=\"heading.default\">\n\t\t\t\t\t<h2 class=\"elementor-heading-title elementor-size-default\">Nafn og or\u00f0sifjar<\/h2>\t\t\t\t<\/div>\n\t\t\t\t<div class=\"elementor-element elementor-element-4c45135 elementor-widget elementor-widget-text-editor\" data-id=\"4c45135\" data-element_type=\"widget\" data-e-type=\"widget\" data-widget_type=\"text-editor.default\">\n\t\t\t\t\t\t\t\t\t<p>Nafni\u00f0 Horagalles er tali\u00f0 s\u00e1m\u00edsk a\u00f0l\u00f6gun \u00far fornnorr\u00e6nu \u00ab\u00de\u00f3rr karl\u00bb (\u00abgamli \u00de\u00f3r\u00bb, \u00ab\u00de\u00f3rs-ma\u00f0ur\u00bb), sem s\u00fdnir greinilega tengingu vi\u00f0 norr\u00e6nan \u00ferumugu\u00f0inn \u00de\u00f3r.<\/p><p>\u00deessi or\u00f0sifjask\u00fdring hefur veri\u00f0 almennt vi\u00f0urkennd fr\u00e1 19. \u00f6ld og var sta\u00f0fest af m\u00e1lfr\u00e6\u00f0ingum eins og Lars Levi L\u00e6stadius og s\u00ed\u00f0ar af Konrad Nielsen og Pekka Sammallahti. \u00cd sumum s\u00e1m\u00edskum m\u00e1ll\u00fdskum er einnig heimilu\u00f0 myndin Hora-Galles e\u00f0a Hora-Gallis, \u00e1 nor\u00f0ursam\u00edsku Horag\u00e1lles.<\/p>\n\n<p>Auk \u00feess notar fr\u00e6\u00f0asamf\u00e9lagi\u00f0 \u00f6nnur n\u00f6fn sem tali\u00f0 er a\u00f0 v\u00edsi til s\u00f6mu <span class=\"iwg-fachbegriff\" data-tooltip=\"Vera sem d\u00fdrku\u00f0 er sem gu\u00f0leg innan tr\u00faarbrag\u00f0a.\" tabindex=\"0\">gu\u00f0veru<\/span>: Tiermes, Atjek, Aijeke e\u00f0a Pajan-Olmai. \u00deessi nafnafj\u00f6lbreytni endurspeglar b\u00e6\u00f0i sv\u00e6\u00f0isbundinn m\u00e1ll\u00fdskumun og \u00fe\u00e1 sta\u00f0reynd a\u00f0 s\u00e1m\u00edsk tr\u00fa haf\u00f0i ekki eina samr\u00e6mda, kennisetta mynd heldur var mj\u00f6g breytileg eftir sv\u00e6\u00f0um.<\/p><p>H\u00e5kan Rydving hefur bent \u00e1 a\u00f0 tr\u00fabo\u00f0sskr\u00e1ningar hafi oft gert tilb\u00fana samr\u00e6mingu sem endurspegla\u00f0i ekki hinn raunverulega tr\u00faarlega fj\u00f6lbreytileika.<\/p>\t\t\t\t\t\t\t\t<\/div>\n\t\t\t\t<\/div>\n\t\t<div class=\"elementor-element elementor-element-36a4086 e-con-full e-flex e-con e-child\" data-id=\"36a4086\" data-element_type=\"container\" data-e-type=\"container\">\n\t\t\t\t<div class=\"elementor-element elementor-element-2baf39b elementor-widget elementor-widget-heading\" data-id=\"2baf39b\" data-element_type=\"widget\" data-e-type=\"widget\" data-widget_type=\"heading.default\">\n\t\t\t\t\t<h2 class=\"elementor-heading-title elementor-size-default\">Hlutverk sem \u00ferumugu\u00f0<\/h2>\t\t\t\t<\/div>\n\t\t\t\t<div class=\"elementor-element elementor-element-d3ec1aa elementor-widget elementor-widget-text-editor\" data-id=\"d3ec1aa\" data-element_type=\"widget\" data-e-type=\"widget\" data-widget_type=\"text-editor.default\">\n\t\t\t\t\t\t\t\t\t<p>Horagalles er fyrst og fremst \u00ferumugu\u00f0 sem stj\u00f3rnar eldingum og \u00ferumum og hefur \u00feannig vald yfir ve\u00f0rinu. Hann er talinn verndari f\u00f3lks gegn illum \u00f6ndum, s\u00e9rstaklega gegn Stallo (risum) og \u00f6\u00f0rum fjandsamlegum verum \u00far andatr\u00fa Sama.<\/p><p>Hamar hans e\u00f0a str\u00ed\u00f0s\u00f6xi er mikilv\u00e6gasta vopn hans, sem hann rekur hina illu burt me\u00f0 og berst gegn tr\u00f6llum og risum. \u00deetta hlutverk og vopnab\u00fana\u00f0ur \u00fatsk\u00fdrir hina sk\u00fdru d\u00e6miger\u00f0u skyldleika vi\u00f0 norr\u00e6nan \u00de\u00f3r.<\/p>\n\n<p>Anna-Leena Siikala hefur \u00ed samanbur\u00f0arranns\u00f3knum \u00e1 finnsk-\u00fagr\u00edskri og s\u00e1m\u00edskri <span class=\"iwg-fachbegriff\" data-tooltip=\"Heild hinna var\u00f0veittu go\u00f0sagna menningar.\" tabindex=\"0\">go\u00f0afr\u00e6\u00f0i<\/span> s\u00fdnt fram \u00e1 a\u00f0 hugmyndin um \u00ferumugu\u00f0 hj\u00e1 S\u00f6mum var\u00f0 fyrir \u00e1hrifum fr\u00e1 samskiptum vi\u00f0 skandinav\u00edska n\u00e1granna, en bygg\u00f0i \u00e1 eldri, sj\u00e1lfst\u00e6\u00f0um hugmyndum.<\/p><p>Einnig \u00ed finnskri hef\u00f0 (Ukko) og austurs\u00edber\u00edskri hef\u00f0 (Num hj\u00e1 Nenetum) finnast hli\u00f0st\u00e6\u00f0ur sem benda til v\u00ed\u00f0t\u00e6ks nor\u00f0ur-evras\u00edsks \u00ferumugu\u00f0sfl\u00f3kans.<\/p>\t\t\t\t\t\t\t\t<\/div>\n\t\t\t\t<\/div>\n\t\t<div class=\"elementor-element elementor-element-4f79bb2 e-con-full e-flex e-con e-child\" data-id=\"4f79bb2\" data-element_type=\"container\" data-e-type=\"container\">\n\t\t\t\t<div class=\"elementor-element elementor-element-be4684c elementor-widget elementor-widget-heading\" data-id=\"be4684c\" data-element_type=\"widget\" data-e-type=\"widget\" data-widget_type=\"heading.default\">\n\t\t\t\t\t<h2 class=\"elementor-heading-title elementor-size-default\">Trommut\u00e1knfr\u00e6\u00f0i<\/h2>\t\t\t\t<\/div>\n\t\t\t\t<div class=\"elementor-element elementor-element-c8d7823 elementor-widget elementor-widget-text-editor\" data-id=\"c8d7823\" data-element_type=\"widget\" data-e-type=\"widget\" data-widget_type=\"text-editor.default\">\n\t\t\t\t\t\t\t\t\t<p>Mikilv\u00e6gasta heimildin um <span class=\"iwg-fachbegriff\" data-tooltip=\"Fr\u00e6\u00f0i um myndefni og merkingu \u00feess.\" tabindex=\"0\">myndfr\u00e6\u00f0i<\/span> gu\u00f0a Sama eru s\u00e1m\u00edskar trommur (\u00abgoavddis\u00bb e\u00f0a \u00abgievrie\u00bb), sem tr\u00fabo\u00f0ar s\u00f6fnu\u00f0u \u00e1 17. og 18. \u00f6ld og eru var\u00f0veittar \u00ed s\u00f6fnum.<\/p><p>\u00c1 m\u00f6rgum \u00feessara tromma er s\u00fdnd mi\u00f0l\u00e6g pers\u00f3na, oftast vopnu\u00f0 hamri e\u00f0a \u00f6xi, sem talin er vera Horagalles. Stundum er mynd hans sta\u00f0sett beint undir s\u00f3lar<span class=\"iwg-fachbegriff\" data-tooltip=\"T\u00e1kn sem stendur fyrir hugmynd e\u00f0a merkingu.\" tabindex=\"0\">t\u00e1kninu<\/span> (Beaivi), sem undirstrikar h\u00e1a st\u00f6\u00f0u hans \u00ed s\u00e1m\u00edska <span class=\"iwg-fachbegriff\" data-tooltip=\"Heild gu\u00f0a tr\u00faarbrag\u00f0a e\u00f0a menningar.\" tabindex=\"0\">go\u00f0aveldinu<\/span>.<\/p>\n\n<p>Merking \u00feessara trommumynda er \u00fe\u00f3 ekki alltaf lj\u00f3s, \u00fev\u00ed trommurnar voru nota\u00f0ar af hverjum \u00abnoaidi\u00bb (s\u00e1m\u00edskum sjamana) \u00ed helgisi\u00f0atilgangi og skreyttar me\u00f0 pers\u00f3nulegum t\u00e1knum.<\/p><p>Ernst Manker og Phebe Fjellstr\u00f6m hafa \u00ed ranns\u00f3knum s\u00ednum \u00e1 s\u00e1m\u00edskri trommulist greint fj\u00f6lbreytileika myndefnisins. Engin sta\u00f0la\u00f0 <span class=\"iwg-fachbegriff\" data-tooltip=\"Fr\u00e6\u00f0i um myndefni og merkingu \u00feess.\" tabindex=\"0\">myndfr\u00e6\u00f0i<\/span> er til fyrir Horagalles, en \u00e1kve\u00f0in grunneinkenni (hamar, \u00f6xi, mannger\u00f0 vera me\u00f0 uppreist vopn) koma fram \u00edtreka\u00f0.<\/p>\t\t\t\t\t\t\t\t<\/div>\n\t\t\t\t<\/div>\n\t\t<div class=\"elementor-element elementor-element-62583e8 e-con-full e-flex e-con e-child\" data-id=\"62583e8\" data-element_type=\"container\" data-e-type=\"container\">\n\t\t\t\t<div class=\"elementor-element elementor-element-fa6e9c0 elementor-widget elementor-widget-heading\" data-id=\"fa6e9c0\" data-element_type=\"widget\" data-e-type=\"widget\" data-widget_type=\"heading.default\">\n\t\t\t\t\t<h2 class=\"elementor-heading-title elementor-size-default\">D\u00fdrkun og helgisi\u00f0ir<\/h2>\t\t\t\t<\/div>\n\t\t\t\t<div class=\"elementor-element elementor-element-ff303a9 elementor-widget elementor-widget-text-editor\" data-id=\"ff303a9\" data-element_type=\"widget\" data-e-type=\"widget\" data-widget_type=\"text-editor.default\">\n\t\t\t\t\t\t\t\t\t<p>Tr\u00fabo\u00f0sheimildir greina l\u00edti\u00f0 n\u00e1kv\u00e6mlega fr\u00e1 hinni raunverulegu d\u00fdrkunarframkv\u00e6md. Horagalles vir\u00f0ist hafa hloti\u00f0 <span class=\"iwg-fachbegriff\" data-tooltip=\"Gj\u00f6f til go\u00f0magns til a\u00f0 tj\u00e1 \u00feakkl\u00e6ti, b\u00e6n e\u00f0a lotningu.\" tabindex=\"0\">f\u00f3rnir<\/span> \u00ed formi d\u00fdra (a\u00f0allega hreind\u00fdra), sem f\u00e6r\u00f0ar voru \u00e1 s\u00e9rst\u00f6kum tilbei\u00f0slust\u00f6\u00f0um (\u00absieidi\u00bb).<\/p><p>\u00deessir tilbei\u00f0slusta\u00f0ir voru a\u00f0 jafna\u00f0i \u00e1berandi bergmyndanir, st\u00f3rir steinar e\u00f0a s\u00e9rst\u00f6k tr\u00e9 sem talin voru vera b\u00fasta\u00f0ur gu\u00f0anna. \u00cd \u00ferumuve\u00f0rum voru s\u00e9rstakar <span class=\"iwg-fachbegriff\" data-tooltip=\"Gj\u00f6f til go\u00f0magns til a\u00f0 tj\u00e1 \u00feakkl\u00e6ti, b\u00e6n e\u00f0a lotningu.\" tabindex=\"0\">f\u00f3rnir<\/span> f\u00e6r\u00f0ar til a\u00f0 bl\u00ed\u00f0ka Horagalles e\u00f0a \u00f3ska eftir hj\u00e1lp hans.<\/p>\n\n<p>Sjaman\u00edsk i\u00f0kun var kjarni sam\u00edsku tr\u00faarbrag\u00f0anna. Noaidinn gat, me\u00f0 hj\u00e1lp trommu sinnar og gegnum helgisi\u00f0abundnar transfer\u00f0ir, komist \u00ed snertingu vi\u00f0 gu\u00f0ina, \u00fear \u00e1 me\u00f0al Horagalles. \u00deessi i\u00f0kun er \u00ed tr\u00fabo\u00f0sheimildum oft sett fram sem \u00abdj\u00f6flagaldur\u00bb og var \u00e1 17. og 18. \u00f6ld ofs\u00f3tt \u00e1 kerfisbundinn h\u00e1tt.<\/p><p>H\u00e5kan Rydving hefur \u00ed \u00abThe End of Drum-Time\u00bb skjalfest hvernig sam\u00edskar trommur voru brenndar e\u00f0a ger\u00f0ar uppt\u00e6kar \u00e1 \u00feessum t\u00edma, sem leiddi til gr\u00ed\u00f0arlegs taps \u00e1 tr\u00faarlegum menningarver\u00f0m\u00e6tum.<\/p>\t\t\t\t\t\t\t\t<\/div>\n\t\t\t\t<\/div>\n\t\t<div class=\"elementor-element elementor-element-7cf8ed3 e-con-full e-flex e-con e-child\" data-id=\"7cf8ed3\" data-element_type=\"container\" data-e-type=\"container\">\n\t\t\t\t<div class=\"elementor-element elementor-element-1298de4 elementor-widget elementor-widget-heading\" data-id=\"1298de4\" data-element_type=\"widget\" data-e-type=\"widget\" data-widget_type=\"heading.default\">\n\t\t\t\t\t<h2 class=\"elementor-heading-title elementor-size-default\">Kristnitaka og b\u00e6ling<\/h2>\t\t\t\t<\/div>\n\t\t\t\t<div class=\"elementor-element elementor-element-3fbc340 elementor-widget elementor-widget-text-editor\" data-id=\"3fbc340\" data-element_type=\"widget\" data-e-type=\"widget\" data-widget_type=\"text-editor.default\">\n\t\t\t\t\t\t\t\t\t<p>Kristnitaka Sama h\u00f3fst \u00e1 11. og 12. \u00f6ld me\u00f0 fyrstu tr\u00fabo\u00f0stilraunum, j\u00f3kst verulega \u00e1 16. og 17. \u00f6ld og lauk \u00e1 18. og fram \u00e1 19. \u00f6ld me\u00f0 \u00fev\u00ed a\u00f0 hinni forkristnu tr\u00fa var a\u00f0 mestu leyti b\u00e6gt fr\u00e1 opinberu l\u00edfi.<\/p><p>H\u00e5kan Rydving hefur raki\u00f0 stig \u00feessa ferlis \u00ed sm\u00e1atri\u00f0um. S\u00e6nsk, norsk, finnsk og r\u00fassnesk kirkju- og stj\u00f3rnvaldsyfirv\u00f6ld beittu refsingum, uppt\u00f6ku trumbna og nau\u00f0ungarsk\u00edrnum til a\u00f0 b\u00e6la ni\u00f0ur hinn hef\u00f0bundna si\u00f0.<\/p>\n\n<p>\u00c1 \u00feessu b\u00e6lingarskei\u00f0i var Horagalles oft samsama\u00f0ur hinum kristna dj\u00f6fli e\u00f0a \u00abSatan\u00bb. \u00deessi sams\u00f6mun var hluti af tr\u00fabo\u00f0sstefnunni sem mi\u00f0a\u00f0i a\u00f0 \u00fev\u00ed a\u00f0 stimpla hinn forna si\u00f0 sem dj\u00f6fullegan.<\/p><p>Algeng var einnig sams\u00f6mun Horagalles vi\u00f0 heilagan \u00d3laf, norska konungshelgan mann, sem eins og Horagalles var talinn berjast gegn tr\u00f6llum og j\u00f6tnum og gat \u00feannig \u00fej\u00f3na\u00f0 sem t\u00e1knr\u00e6n br\u00fa milli hins gamla og n\u00fdja si\u00f0ar.<\/p>\t\t\t\t\t\t\t\t<\/div>\n\t\t\t\t<\/div>\n\t\t<div class=\"elementor-element elementor-element-dc98dbf e-con-full e-flex e-con e-child\" data-id=\"dc98dbf\" data-element_type=\"container\" data-e-type=\"container\">\n\t\t\t\t<div class=\"elementor-element elementor-element-00a74a1 elementor-widget elementor-widget-heading\" data-id=\"00a74a1\" data-element_type=\"widget\" data-e-type=\"widget\" data-widget_type=\"heading.default\">\n\t\t\t\t\t<h2 class=\"elementor-heading-title elementor-size-default\">St\u00f6\u00f0u ranns\u00f3kna<\/h2>\t\t\t\t<\/div>\n\t\t\t\t<div class=\"elementor-element elementor-element-4374957 elementor-widget elementor-widget-text-editor\" data-id=\"4374957\" data-element_type=\"widget\" data-e-type=\"widget\" data-widget_type=\"text-editor.default\">\n\t\t\t\t\t\t\t\t\t<p>N\u00fat\u00edmaranns\u00f3knir \u00e1 sam\u00edskum tr\u00faarbr\u00f6g\u00f0um h\u00f3fust \u00e1 s\u00ed\u00f0ari hluta 19. aldar og hafa or\u00f0i\u00f0 verulega fj\u00f6lbreyttari \u00e1 20. og 21. \u00f6ld. Mikilv\u00e6g framl\u00f6g koma fr\u00e1 H\u00e5kan Rydving, Juha Pentik\u00e4inen, Louise B\u00e4ckman, Anna-Leena Siikala, Ernst Manker og Phebe Fjellstr\u00f6m.<\/p><p>\u00deau hafa saman unni\u00f0 fram fj\u00f6lbreytta mynd af sam\u00edskum tr\u00faarbr\u00f6g\u00f0um sem tekur tillit til fj\u00f6lbreytileika sv\u00e6\u00f0isbundinna hef\u00f0a, skekkjunnar sem tr\u00fabo\u00f0sheimildir valda og erfi\u00f0leikanna vi\u00f0 endurger\u00f0.<\/p>\n\n<p>Mikilv\u00e6g deiluspurning sn\u00fdr a\u00f0 \u00fev\u00ed hversu mikil \u00e1hrif skandinav\u00edsk tr\u00faarbr\u00f6g\u00f0 h\u00f6f\u00f0u. Me\u00f0an eldri ranns\u00f3knir s\u00e1u Horagalles sem hreint sam\u00edskt hli\u00f0st\u00e6\u00f0u \u00de\u00f3rs, leggja n\u00fdrri verk \u00e1herslu \u00e1 sj\u00e1lfst\u00e6\u00f0a sam\u00edska hef\u00f0 og telja skandinav\u00edsk \u00e1hrif vera lag ofan \u00e1 eldri sam\u00edska \u00ferumugu\u00f0shugmynd. \u00deessa afst\u00f6\u00f0u hefur Anna-Leena Siikala fyrst og fremst haldi\u00f0 fram, en h\u00fan v\u00edsar til finnsk-\u00fagr\u00edskra hli\u00f0st\u00e6\u00f0a.<\/p>\t\t\t\t\t\t\t\t<\/div>\n\t\t\t\t<\/div>\n\t\t<div class=\"elementor-element elementor-element-2eae97c e-con-full e-flex e-con e-child\" data-id=\"2eae97c\" data-element_type=\"container\" data-e-type=\"container\">\n\t\t\t\t<div class=\"elementor-element elementor-element-c6f1672 elementor-widget elementor-widget-heading\" data-id=\"c6f1672\" data-element_type=\"widget\" data-e-type=\"widget\" data-widget_type=\"heading.default\">\n\t\t\t\t\t<h2 class=\"elementor-heading-title elementor-size-default\">Lykilheimildir tr\u00fabo\u00f0a \u00e1 17. og 18. \u00f6ld<\/h2>\t\t\t\t<\/div>\n\t\t\t\t<div class=\"elementor-element elementor-element-df3246d elementor-widget elementor-widget-text-editor\" data-id=\"df3246d\" data-element_type=\"widget\" data-e-type=\"widget\" data-widget_type=\"text-editor.default\">\n\t\t\t\t\t\t\t\t\t<p>Mikilv\u00e6gasta skei\u00f0i\u00f0, fr\u00e1 sj\u00f3narh\u00f3li heimildagreiningar, \u00ed <span class=\"iwg-fachbegriff\" data-tooltip=\"Mi\u00f0lun \u00feekkingar og fr\u00e1sagna milli kynsl\u00f3\u00f0a.\" tabindex=\"0\">munnm\u00e6las\u00f6gu<\/span> Horagalles er 17. og 18. \u00f6ld, \u00feegar s\u00e6nskir og danskir-norskir tr\u00fabo\u00f0ar og emb\u00e6ttismenn skr\u00e1\u00f0u \u00ed fyrsta sinn sam\u00edsk tr\u00faarbr\u00f6g\u00f0 me\u00f0 kerfisbundnum h\u00e6tti.<\/p><p><span data-nosnippet>Johannes Schefferus gaf \u00fat \u00abLapponia\u00bb \u00ed Frankfurt \u00e1ri\u00f0 1673, landfr\u00e6\u00f0irit sem hann samdi \u00ed umbo\u00f0i s\u00e6nska r\u00edkiskanslarans Magnus Gabriel De la Gardie, en \u00ed s\u00e9rst\u00f6kum kafla, \u00abDe Lapponum Diis\u00bb, fjalla\u00f0i hann um gu\u00f0aheim Sama og setur Horagalles (\u00ed myndinni \u00abThoragalles\u00bb) fram sem \u00e6\u00f0stan \u00ferumugu\u00f0anna, sem kalla\u00f0ir voru \u00abStoorjunkare\u00bb.<\/span><\/p><p><span data-nosnippet>Schefferus bygg\u00f0i \u00e1 sk\u00fdrslum s\u00e6nskra presta \u00e1 bor\u00f0 vi\u00f0 Olaus Petri Niurenius, Samuel Rheen, Olaus Graan og Johannes Tornaeus, en handrit \u00feeirra vitna\u00f0i hann a\u00f0 hluta til beint \u00ed. \u00abLapponia\u00bb var flj\u00f3tlega \u00fe\u00fddd \u00e1 nokkur evr\u00f3psk tungum\u00e1l (\u00e1 ensku 1674, \u00fe\u00fdsku 1675, fr\u00f6nsku 1678) og m\u00f3ta\u00f0i \u00fej\u00f3\u00f0fr\u00e6\u00f0ilega s\u00fdn Evr\u00f3pu \u00e1 sam\u00edsk tr\u00faarbr\u00f6g\u00f0 n\u00e6stu \u00f6ldina.<\/span><\/p>\n<p><span data-nosnippet>\u00c1 norsk-danska sv\u00e6\u00f0inu ur\u00f0u samhli\u00f0a til handrit tr\u00fabo\u00f0ans Thomas von Westen (1682 til 1727), sem sem \u00abPostuli Lappa\u00bb st\u00fdr\u00f0i kerfisbundinni tr\u00fabo\u00f0sstarfsemi \u00e1 nor\u00f0ur-norskum samasv\u00e6\u00f0um.<\/span><\/p><p><span data-nosnippet>L\u00e6risveinar hans, Isaac Olsen, Hans Skanke (me\u00f0 ritinu \u00abEpitomes Historiae Missionis Lapponicae Pars Prima\u00bb, sem loki\u00f0 var vi\u00f0 1728), Jens Kildal og Johan Randulf, s\u00f6fnu\u00f0u saman umfangsmiklu safni handskrifa\u00f0ra sk\u00fdrslna sem kallast \u00abN\u00e6r\u00f8y-handriti\u00f0\u00bb (Randulf) og \u00abKildal-handriti\u00f0\u00bb.<\/span><\/p><p>\u00deessar heimildir voru ekki gefnar \u00fat \u00ed heild sinni fyrr en \u00e1 20. \u00f6ld, af Reidar Th. Christiansen og Karl Bernhard Wiklund. \u00de\u00e6r veita \u00edtarlegustu l\u00fdsingarnar \u00e1 hinni raunverulegu f\u00f3rnarframkv\u00e6md: svartir uxar voru <span class=\"iwg-fachbegriff\" data-tooltip=\"V\u00edg\u00f0ur hinu heilaga me\u00f0 tr\u00faarlegri ath\u00f6fn og \u00feannig tekinn \u00far hinu hversdagslega.\" tabindex=\"0\">helga\u00f0ir<\/span> \u00ferumugu\u00f0inum a\u00f0 vori, birkibarksgreinum \u00ed eldingarmynd var hengt \u00e1 helga sta\u00f0i, og \u00absieidi\u00bb-steinarnir fengu fitu- og bl\u00f3\u00f0f\u00f3rnir.<\/p>\t\t\t\t\t\t\t\t<\/div>\n\t\t\t\t<\/div>\n\t\t<div class=\"elementor-element elementor-element-3e674e9 e-con-full e-flex e-con e-child\" data-id=\"3e674e9\" data-element_type=\"container\" data-e-type=\"container\">\n\t\t\t\t<div class=\"elementor-element elementor-element-15f8ed9 elementor-widget elementor-widget-heading\" data-id=\"15f8ed9\" data-element_type=\"widget\" data-e-type=\"widget\" data-widget_type=\"heading.default\">\n\t\t\t\t\t<h2 class=\"elementor-heading-title elementor-size-default\">Trumbum\u00e1lverk \u00ed samanbur\u00f0arranns\u00f3knum<\/h2>\t\t\t\t<\/div>\n\t\t\t\t<div class=\"elementor-element elementor-element-58eb664 elementor-widget elementor-widget-text-editor\" data-id=\"58eb664\" data-element_type=\"widget\" data-e-type=\"widget\" data-widget_type=\"text-editor.default\">\n\t\t\t\t\t\t\t\t\t<p><span data-nosnippet>Meginheimild myndm\u00e1lsins um Horagalles eru myndir tengdar honum \u00e1 \u201egoavddis\u201c-trommunum, sjamanatrommum s\u00e9rtr\u00faarmanna sam\u00edsku \u201enoaidi\u201c-sjamana. Ernst Manker skr\u00e1\u00f0i og skr\u00e1setti myndefni um sj\u00f6t\u00edu var\u00f0veittra trumba \u00ed hinum tveim mikilfenglegu bindum \u201eDie lappische Zaubertrommel. Eine ethnologische Monographie\u201c (Stokkh\u00f3lmi 1938 og 1950).<\/span><\/p><p>\u00c1 um \u00fea\u00f0 bil \u00feri\u00f0jungi \u00feessara trumba m\u00e1 sj\u00e1 mi\u00f0l\u00e6ga f\u00edg\u00faru me\u00f0 tvo hamra (e\u00f0a hamar og staf), sem \u00ed \u00e1letrunum trumbanna og athugasemdum \u00feeirra kirkjumanna sem ger\u00f0u \u00fe\u00e6r uppt\u00e6kar er sams\u00f6mu\u00f0 Horagalles. S\u00e9rstaklega \u00fe\u00e9ttar myndir m\u00e1 finna \u00e1 \u201eBindal-trumbunni\u201c (Stokkh\u00f3lmi, Nordiska Museet) og \u00e1 \u201eS\u00f8r-Fron-trumbunni\u201c (\u00d3sl\u00f3, Norsk Folkemuseum).<\/p>\n<p><span data-nosnippet>H\u00e5kan Rydving s\u00fdndi \u00ed \u201eThe End of Drum-Time. Religious Change Among the Lule Saami, 1670s to 1740s\u201c (Upps\u00f6lum 1995) a\u00f0 myndir trumbanna eiga ekki a\u00f0 lesa sem kyrrst\u00e6tt <span class=\"iwg-fachbegriff\" data-tooltip=\"Heild gu\u00f0a \u00ed tr\u00faarbr\u00f6g\u00f0um e\u00f0a menningu.\" tabindex=\"0\">go\u00f0heim<\/span>, heldur sem sv\u00e6\u00f0isbundin, \u00e6vis\u00f6gulega m\u00f3tu\u00f0 myndrit einstakra \u201enoaidi\u201c, en myndheimur \u00feeirra breyttist verulega \u00ed kynnum vi\u00f0 kristni \u00e1 fyrri hluta n\u00fdaldar.<\/span><\/p><p><span data-nosnippet>Juha Pentik\u00e4inen (\u201eShamanism and Northern Ecology\u201c, Berl\u00edn 1996) og Anna Westman (safnrit \u201eS\u00e1pmi.<\/span><\/p><p><span data-nosnippet>Becoming a Nation\u201c, Stokkh\u00f3lmi 2007) hafa styrkt \u00feessa kenningu me\u00f0 tilv\u00edsun \u00ed yngri trumbueint\u00f6k og samhengisbundnar fr\u00e1sagnir fr\u00e1 Inari og Pite-Lappmark.<\/span><\/p><p><span data-nosnippet>Konsta Kaikkonen hefur \u00ed greinum s\u00ednum fr\u00e1 2017 (s\u00e9rstaklega \u201eS\u00e1mi Religious Source Material\u201c, 2020) vaki\u00f0 athygli \u00e1 heimildar\u00fdnum skekkjum sem ur\u00f0u vegna uppt\u00f6kua\u00f0fer\u00f0a kirkjumanna: margar trumbur voru merktar sem hluti af \u201ej\u00e1tningu\u201c og ur\u00f0u \u00feannig fyrst hj\u00e1 skr\u00e1setjendum a\u00f0 gu\u00f0fr\u00e6\u00f0ilega skipul\u00f6g\u00f0u <span class=\"iwg-fachbegriff\" data-tooltip=\"Heild gu\u00f0a \u00ed tr\u00faarbr\u00f6g\u00f0um e\u00f0a menningu.\" tabindex=\"0\">go\u00f0heimi<\/span>.<\/span><\/p>\t\t\t\t\t\t\t\t<\/div>\n\t\t\t\t<\/div>\n\t\t<div class=\"elementor-element elementor-element-f38d8f6 e-con-full e-flex e-con e-child\" data-id=\"f38d8f6\" data-element_type=\"container\" data-e-type=\"container\">\n\t\t\t\t<div class=\"elementor-element elementor-element-5565be6 elementor-widget elementor-widget-heading\" data-id=\"5565be6\" data-element_type=\"widget\" data-e-type=\"widget\" data-widget_type=\"heading.default\">\n\t\t\t\t\t<h2 class=\"elementor-heading-title elementor-size-default\">M\u00f3tt\u00f6kur \u00ed dag<\/h2>\t\t\t\t<\/div>\n\t\t\t\t<div class=\"elementor-element elementor-element-a53521d elementor-widget elementor-widget-text-editor\" data-id=\"a53521d\" data-element_type=\"widget\" data-e-type=\"widget\" data-widget_type=\"text-editor.default\">\n\t\t\t\t\t\t\t\t\t<p>\u00c1 20. og 21. \u00f6ld hefur sam\u00edsk sj\u00e1lfsmynd, \u00fear \u00e1 me\u00f0al tr\u00faarlegir \u00fe\u00e6ttir hennar, or\u00f0i\u00f0 a\u00f0 efni v\u00ed\u00f0t\u00e6krar menningarlegrar endurvakningar. Sam\u00edsk tungum\u00e1l eru efld, hef\u00f0bundin trumbulist er endurupptekin, og hinir fornu gu\u00f0ir eru a\u00f0 minnsta kosti aftur teknir til umfj\u00f6llunar sem menningararfur.<\/p><p>Engin opinber tr\u00faarleg endurvakning \u00e1 tilbei\u00f0slu Horagalles hefur \u00e1tt s\u00e9r sta\u00f0, en \u00ed samt\u00edmalist og b\u00f3kmenntum Sama kemur hann fram sem <span class=\"iwg-fachbegriff\" data-tooltip=\"T\u00e1kn sem stendur fyrir hugmynd e\u00f0a merkingu.\" tabindex=\"0\">t\u00e1kn<\/span> menningarlegrar sj\u00e1lfst\u00e6\u00f0is.<\/p>\n\n<p>\u00cd finnskri, norskri og s\u00e6nskri meginmenningu er Horagalles minna \u00feekktur en \u00de\u00f3r og \u00d3\u00f0inn, en hefur \u00e1 s\u00ed\u00f0ustu \u00e1ratugum or\u00f0i\u00f0 s\u00fdnilegri vegna vaxandi \u00e1huga \u00e1 sam\u00edskri menningu.<\/p><p>S\u00f6fn eins og Siida-safni\u00f0 \u00ed Inari, Nordnorsk-Vitenskapsmuseum \u00ed Troms\u00f8 og \u00c1jtte-safni\u00f0 \u00ed Jokkmokk kynna sam\u00edsk tr\u00faarbr\u00f6g\u00f0 og gu\u00f0i \u00feeirra fyrir brei\u00f0ari almenningi. \u00deessi menningarlega s\u00fdnileikager\u00f0 er hluti af v\u00ed\u00f0t\u00e6kari eftirkolon\u00edalri uppgj\u00f6rsvinnu vi\u00f0 s\u00f6guleg k\u00fagun sam\u00edskrar hef\u00f0ar.<\/p>\t\t\t\t\t\t\t\t<\/div>\n\t\t\t\t<\/div>\n\t\t\t\t\t<\/div>\n\t\t\t\t<\/div>\n\t\t\t\t<\/div>\n\t\t","protected":false},"excerpt":{"rendered":"","protected":false},"author":3,"featured_media":3263,"parent":0,"menu_order":0,"comment_status":"closed","ping_status":"closed","template":"elementor_header_footer","meta":{"_yoast_wpseo_focuskw":"Horagalles","_yoast_wpseo_title":"Horagalles \u2013 \u00de\u00f3rgu\u00f0 Sama | iWell Guard","_yoast_wpseo_metadesc":"Horagalles (Hora Galles) er \u00fe\u00f3rgu\u00f0 Sama og verndari hreind\u00fdrahaganna. N\u00e1skyldur \u00de\u00f3r: hamar, bogi og sei\u00f0tromma.","_yoast_wpseo_meta-robots-noindex":"","_yoast_wpseo_canonical":"","_angie_page":false,"gefaehrdungsstufe":"1","wesen_kultur":"sami","wesen_klasse":"goetter","footnotes":""},"categories":[],"class_list":["post-169120","page","type-page","status-publish","has-post-thumbnail","hentry"],"yoast_head":"<!-- This site is optimized with the Yoast SEO Premium plugin v27.7 (Yoast SEO v28.3) - https:\/\/yoast.com\/product\/yoast-seo-premium-wordpress\/ -->\n<title>Horagalles \u2013 \u00de\u00f3rgu\u00f0 Sama | iWell Guard<\/title>\n<meta name=\"description\" content=\"Horagalles (Hora Galles) er \u00fe\u00f3rgu\u00f0 Sama og verndari hreind\u00fdrahaganna. N\u00e1skyldur \u00de\u00f3r: hamar, bogi og sei\u00f0tromma.\" \/>\n<meta name=\"robots\" content=\"index, follow, max-snippet:-1, max-image-preview:large, max-video-preview:-1\" \/>\n<link rel=\"canonical\" href=\"https:\/\/iwell-guard.com\/is\/horagalles\/\" \/>\n<meta property=\"og:locale\" content=\"is_IS\" \/>\n<meta property=\"og:type\" content=\"article\" \/>\n<meta property=\"og:title\" content=\"Horagalles\" \/>\n<meta property=\"og:description\" content=\"Horagalles (Hora Galles) er \u00fe\u00f3rgu\u00f0 Sama og verndari hreind\u00fdrahaganna. N\u00e1skyldur \u00de\u00f3r: hamar, bogi og sei\u00f0tromma.\" \/>\n<meta property=\"og:url\" content=\"https:\/\/iwell-guard.com\/is\/horagalles\/\" \/>\n<meta property=\"og:site_name\" content=\"iWell Guard\" \/>\n<meta property=\"article:modified_time\" content=\"2026-09-05T14:32:45+00:00\" \/>\n<meta property=\"og:image\" content=\"https:\/\/iwell-guard.com\/wp-content\/uploads\/2026\/05\/goetter_sami_horagalles.webp\" \/>\n\t<meta property=\"og:image:width\" content=\"1024\" \/>\n\t<meta property=\"og:image:height\" content=\"1536\" \/>\n\t<meta property=\"og:image:type\" content=\"image\/webp\" \/>\n<meta name=\"twitter:card\" content=\"summary_large_image\" \/>\n<script type=\"application\/ld+json\" class=\"yoast-schema-graph\">{\"@context\":\"https:\\\/\\\/schema.org\",\"@graph\":[{\"@type\":\"WebPage\",\"@id\":\"https:\\\/\\\/iwell-guard.com\\\/is\\\/horagalles\\\/\",\"url\":\"https:\\\/\\\/iwell-guard.com\\\/is\\\/horagalles\\\/\",\"name\":\"Horagalles \u2013 \u00de\u00f3rgu\u00f0 Sama | iWell Guard\",\"isPartOf\":{\"@id\":\"https:\\\/\\\/iwell-guard.com\\\/is\\\/#website\"},\"primaryImageOfPage\":{\"@id\":\"https:\\\/\\\/iwell-guard.com\\\/is\\\/horagalles\\\/#primaryimage\"},\"image\":{\"@id\":\"https:\\\/\\\/iwell-guard.com\\\/is\\\/horagalles\\\/#primaryimage\"},\"thumbnailUrl\":\"https:\\\/\\\/iwell-guard.com\\\/wp-content\\\/uploads\\\/2026\\\/05\\\/goetter_sami_horagalles.webp\",\"datePublished\":\"2026-09-05T14:05:44+00:00\",\"dateModified\":\"2026-09-05T14:32:45+00:00\",\"description\":\"Horagalles (Hora Galles) er \u00fe\u00f3rgu\u00f0 Sama og verndari hreind\u00fdrahaganna. N\u00e1skyldur \u00de\u00f3r: hamar, bogi og sei\u00f0tromma.\",\"breadcrumb\":{\"@id\":\"https:\\\/\\\/iwell-guard.com\\\/is\\\/horagalles\\\/#breadcrumb\"},\"inLanguage\":\"is\",\"potentialAction\":[{\"@type\":\"ReadAction\",\"target\":[\"https:\\\/\\\/iwell-guard.com\\\/is\\\/horagalles\\\/\"]}]},{\"@type\":\"ImageObject\",\"inLanguage\":\"is\",\"@id\":\"https:\\\/\\\/iwell-guard.com\\\/is\\\/horagalles\\\/#primaryimage\",\"url\":\"https:\\\/\\\/iwell-guard.com\\\/wp-content\\\/uploads\\\/2026\\\/05\\\/goetter_sami_horagalles.webp\",\"contentUrl\":\"https:\\\/\\\/iwell-guard.com\\\/wp-content\\\/uploads\\\/2026\\\/05\\\/goetter_sami_horagalles.webp\",\"width\":1024,\"height\":1536,\"caption\":\"Gu\u00f0ir \u00far hef\u00f0 Sama.\"},{\"@type\":\"BreadcrumbList\",\"@id\":\"https:\\\/\\\/iwell-guard.com\\\/is\\\/horagalles\\\/#breadcrumb\",\"itemListElement\":[{\"@type\":\"ListItem\",\"position\":1,\"name\":\"Start\",\"item\":\"https:\\\/\\\/iwell-guard.com\\\/is\\\/?page_id=168580\"},{\"@type\":\"ListItem\",\"position\":2,\"name\":\"Horagalles\"}]},{\"@type\":\"WebSite\",\"@id\":\"https:\\\/\\\/iwell-guard.com\\\/is\\\/#website\",\"url\":\"https:\\\/\\\/iwell-guard.com\\\/is\\\/\",\"name\":\"iWell Guard\",\"description\":\"Schutz vor dunklen Einfl\u00fcssen\",\"publisher\":{\"@id\":\"https:\\\/\\\/iwell-guard.com\\\/is\\\/#organization\"},\"potentialAction\":[{\"@type\":\"SearchAction\",\"target\":{\"@type\":\"EntryPoint\",\"urlTemplate\":\"https:\\\/\\\/iwell-guard.com\\\/is\\\/?s={search_term_string}\"},\"query-input\":{\"@type\":\"PropertyValueSpecification\",\"valueRequired\":true,\"valueName\":\"search_term_string\"}}],\"inLanguage\":\"is\"},{\"@type\":\"Organization\",\"@id\":\"https:\\\/\\\/iwell-guard.com\\\/is\\\/#organization\",\"name\":\"Ittermann electronic GmbH\",\"url\":\"https:\\\/\\\/iwell-guard.com\\\/is\\\/\",\"logo\":{\"@type\":\"ImageObject\",\"inLanguage\":\"is\",\"@id\":\"https:\\\/\\\/iwell-guard.com\\\/is\\\/#\\\/schema\\\/logo\\\/image\\\/\",\"url\":\"https:\\\/\\\/iwell-guard.com\\\/wp-content\\\/uploads\\\/2026\\\/05\\\/Ittermann-Logo-1182x237-1.png\",\"contentUrl\":\"https:\\\/\\\/iwell-guard.com\\\/wp-content\\\/uploads\\\/2026\\\/05\\\/Ittermann-Logo-1182x237-1.png\",\"width\":1182,\"height\":237,\"caption\":\"Ittermann electronic GmbH\"},\"image\":{\"@id\":\"https:\\\/\\\/iwell-guard.com\\\/is\\\/#\\\/schema\\\/logo\\\/image\\\/\"},\"sameAs\":[\"https:\\\/\\\/pantip.com\\\/profile\\\/9367242\",\"https:\\\/\\\/micro.blog\\\/iwellguard\",\"https:\\\/\\\/www.diggerslist.com\\\/iwellguard\\\/about\",\"https:\\\/\\\/skitterphoto.com\\\/photographers\\\/2870314\\\/iwell-guard\",\"https:\\\/\\\/iwellguard.wordpress.com\\\/2026\\\/06\\\/06\\\/iwell-guard\\\/\",\"https:\\\/\\\/hub.docker.com\\\/u\\\/iwellguard\",\"https:\\\/\\\/www.pinterest.com\\\/iwellguard\\\/\",\"https:\\\/\\\/bit.ly\\\/m\\\/iwellguard\",\"https:\\\/\\\/entre-vos-mains.alsace.eu\\\/profiles\\\/iwellguard\\\/activity\",\"https:\\\/\\\/gravatar.com\\\/reallybeded8fd34\",\"https:\\\/\\\/naijamatta.com\\\/iwellguard\",\"https:\\\/\\\/www.goodreads.com\\\/iwellguard\",\"https:\\\/\\\/profile.hatena.ne.jp\\\/iwellguard\\\/\",\"https:\\\/\\\/experiment.com\\\/users\\\/iwellguard\",\"https:\\\/\\\/wakelet.com\\\/@iWellGuard82270\",\"https:\\\/\\\/www.chordie.com\\\/forum\\\/profile.php?id=2555664\",\"https:\\\/\\\/www.instapaper.com\\\/p\\\/17757966\",\"https:\\\/\\\/www.mapleprimes.com\\\/users\\\/iwellguard\",\"https:\\\/\\\/businesslistingplus.com\\\/profile\\\/iwell-guard\\\/\",\"https:\\\/\\\/telegra.ph\\\/iWell-Guard-06-06\",\"https:\\\/\\\/pbase.com\\\/iwellguard\\\/iwellguard\",\"https:\\\/\\\/b.hatena.ne.jp\\\/iwellguard\\\/20260607#bookmark-4788405196491818882\",\"https:\\\/\\\/fliphtml5.com\\\/home\\\/iwellguard\",\"https:\\\/\\\/anyflip.com\\\/homepage\\\/cmiwl#About\",\"https:\\\/\\\/transfur.com\\\/Users\\\/iwellguard\",\"http:\\\/\\\/delphi.larsbo.org\\\/user\\\/iwellguard\",\"https:\\\/\\\/jobs.lajobsportal.org\\\/profiles\\\/8380803-iwell-guard\",\"https:\\\/\\\/md.chaosdorf.de\\\/s\\\/jfbe5SBdJD\",\"https:\\\/\\\/www.lingvolive.com\\\/en-us\\\/profile\\\/9ecaeaca-ce11-4e51-9e71-01d55e2bff36\\\/translations\",\"https:\\\/\\\/www.fitday.com\\\/fitness\\\/forums\\\/members\\\/iwellguard.html\",\"https:\\\/\\\/www.mymeetbook.com\\\/iwellguard\",\"https:\\\/\\\/pxhere.com\\\/en\\\/photographer-me\\\/5040798\",\"https:\\\/\\\/disqus.com\\\/by\\\/iwellguard\\\/about\\\/\",\"https:\\\/\\\/pastelink.net\\\/hjwciqwq\",\"https:\\\/\\\/pubhtml5.com\\\/homepage\\\/scjhn\\\/\",\"https:\\\/\\\/www.bitchute.com\\\/channel\\\/2O2eOKzNqujT\",\"https:\\\/\\\/audiomack.com\\\/iwellguard\"]},{\"@type\":\"Article\",\"@id\":\"https:\\\/\\\/iwell-guard.com\\\/is\\\/horagalles\\\/#article\",\"isPartOf\":{\"@id\":\"https:\\\/\\\/iwell-guard.com\\\/is\\\/horagalles\\\/\"},\"author\":{\"name\":\"Ralf Ittermann\",\"@id\":\"https:\\\/\\\/iwell-guard.com\\\/is\\\/#\\\/schema\\\/person\\\/ee2a27f1cac3406c7c6fb5820cb7349f\"},\"headline\":\"Horagalles\",\"datePublished\":\"2026-09-05T14:05:44+00:00\",\"dateModified\":\"2026-09-05T14:32:45+00:00\",\"mainEntityOfPage\":{\"@id\":\"https:\\\/\\\/iwell-guard.com\\\/is\\\/horagalles\\\/\"},\"publisher\":{\"@id\":\"https:\\\/\\\/iwell-guard.com\\\/is\\\/#organization\"},\"image\":{\"@id\":\"https:\\\/\\\/iwell-guard.com\\\/is\\\/horagalles\\\/#primaryimage\"},\"thumbnailUrl\":\"https:\\\/\\\/iwell-guard.com\\\/wp-content\\\/uploads\\\/2026\\\/05\\\/goetter_sami_horagalles.webp\",\"inLanguage\":\"is\",\"description\":\"Horagalles (Hora Galles) er \u00fe\u00f3rgu\u00f0 Sama og verndari hreind\u00fdrahaganna. N\u00e1skyldur \u00de\u00f3r: hamar, bogi og sei\u00f0tromma.\"}]}<\/script>\n<!-- \/ Yoast SEO Premium plugin. -->","yoast_head_json":{"title":"Horagalles \u2013 \u00de\u00f3rgu\u00f0 Sama | iWell Guard","description":"Horagalles (Hora Galles) er \u00fe\u00f3rgu\u00f0 Sama og verndari hreind\u00fdrahaganna. N\u00e1skyldur \u00de\u00f3r: hamar, bogi og sei\u00f0tromma.","robots":{"index":"index","follow":"follow","max-snippet":"max-snippet:-1","max-image-preview":"max-image-preview:large","max-video-preview":"max-video-preview:-1"},"canonical":"https:\/\/iwell-guard.com\/is\/horagalles\/","og_locale":"is_IS","og_type":"article","og_title":"Horagalles","og_description":"Horagalles (Hora Galles) er \u00fe\u00f3rgu\u00f0 Sama og verndari hreind\u00fdrahaganna. N\u00e1skyldur \u00de\u00f3r: hamar, bogi og sei\u00f0tromma.","og_url":"https:\/\/iwell-guard.com\/is\/horagalles\/","og_site_name":"iWell Guard","article_modified_time":"2026-09-05T14:32:45+00:00","og_image":[{"width":1024,"height":1536,"url":"https:\/\/iwell-guard.com\/wp-content\/uploads\/2026\/05\/goetter_sami_horagalles.webp","type":"image\/webp"}],"twitter_card":"summary_large_image","schema":{"@context":"https:\/\/schema.org","@graph":[{"@type":"Article","@id":"https:\/\/iwell-guard.com\/is\/horagalles\/#article","isPartOf":{"@id":"https:\/\/iwell-guard.com\/is\/horagalles\/"},"author":{"name":"Ralf Ittermann","@id":"https:\/\/iwell-guard.com\/is\/#\/schema\/person\/ee2a27f1cac3406c7c6fb5820cb7349f"},"headline":"Horagalles","datePublished":"2026-09-05T14:05:44+00:00","dateModified":"2026-09-05T14:32:45+00:00","mainEntityOfPage":{"@id":"https:\/\/iwell-guard.com\/is\/horagalles\/"},"publisher":{"@id":"https:\/\/iwell-guard.com\/is\/#organization"},"image":{"@id":"https:\/\/iwell-guard.com\/is\/horagalles\/#primaryimage"},"thumbnailUrl":"https:\/\/iwell-guard.com\/wp-content\/uploads\/2026\/05\/goetter_sami_horagalles.webp","inLanguage":"is","description":"Horagalles (Hora Galles) er \u00fe\u00f3rgu\u00f0 Sama og verndari hreind\u00fdrahaganna. N\u00e1skyldur \u00de\u00f3r: hamar, bogi og sei\u00f0tromma."},{"@type":"WebPage","@id":"https:\/\/iwell-guard.com\/is\/horagalles\/","url":"https:\/\/iwell-guard.com\/is\/horagalles\/","name":"Horagalles \u2013 \u00de\u00f3rgu\u00f0 Sama | iWell Guard","isPartOf":{"@id":"https:\/\/iwell-guard.com\/is\/#website"},"primaryImageOfPage":{"@id":"https:\/\/iwell-guard.com\/is\/horagalles\/#primaryimage"},"image":{"@id":"https:\/\/iwell-guard.com\/is\/horagalles\/#primaryimage"},"thumbnailUrl":"https:\/\/iwell-guard.com\/wp-content\/uploads\/2026\/05\/goetter_sami_horagalles.webp","datePublished":"2026-09-05T14:05:44+00:00","dateModified":"2026-09-05T14:32:45+00:00","description":"Horagalles (Hora Galles) er \u00fe\u00f3rgu\u00f0 Sama og verndari hreind\u00fdrahaganna. N\u00e1skyldur \u00de\u00f3r: hamar, bogi og sei\u00f0tromma.","breadcrumb":{"@id":"https:\/\/iwell-guard.com\/is\/horagalles\/#breadcrumb"},"inLanguage":"is","potentialAction":[{"@type":"ReadAction","target":["https:\/\/iwell-guard.com\/is\/horagalles\/"]}]},{"@type":"ImageObject","inLanguage":"is","@id":"https:\/\/iwell-guard.com\/is\/horagalles\/#primaryimage","url":"https:\/\/iwell-guard.com\/wp-content\/uploads\/2026\/05\/goetter_sami_horagalles.webp","contentUrl":"https:\/\/iwell-guard.com\/wp-content\/uploads\/2026\/05\/goetter_sami_horagalles.webp","width":1024,"height":1536,"caption":"Gu\u00f0ir \u00far hef\u00f0 Sama."},{"@type":"BreadcrumbList","@id":"https:\/\/iwell-guard.com\/is\/horagalles\/#breadcrumb","itemListElement":[{"@type":"ListItem","position":1,"name":"Start","item":"https:\/\/iwell-guard.com\/is\/?page_id=168580"},{"@type":"ListItem","position":2,"name":"Horagalles"}]},{"@type":"WebSite","@id":"https:\/\/iwell-guard.com\/is\/#website","url":"https:\/\/iwell-guard.com\/is\/","name":"iWell Guard","description":"Schutz vor dunklen Einfl\u00fcssen","publisher":{"@id":"https:\/\/iwell-guard.com\/is\/#organization"},"potentialAction":[{"@type":"SearchAction","target":{"@type":"EntryPoint","urlTemplate":"https:\/\/iwell-guard.com\/is\/?s={search_term_string}"},"query-input":{"@type":"PropertyValueSpecification","valueRequired":true,"valueName":"search_term_string"}}],"inLanguage":"is"},{"@type":"Organization","@id":"https:\/\/iwell-guard.com\/is\/#organization","name":"Ittermann electronic GmbH","url":"https:\/\/iwell-guard.com\/is\/","logo":{"@type":"ImageObject","inLanguage":"is","@id":"https:\/\/iwell-guard.com\/is\/#\/schema\/logo\/image\/","url":"https:\/\/iwell-guard.com\/wp-content\/uploads\/2026\/05\/Ittermann-Logo-1182x237-1.png","contentUrl":"https:\/\/iwell-guard.com\/wp-content\/uploads\/2026\/05\/Ittermann-Logo-1182x237-1.png","width":1182,"height":237,"caption":"Ittermann electronic GmbH"},"image":{"@id":"https:\/\/iwell-guard.com\/is\/#\/schema\/logo\/image\/"},"sameAs":["https:\/\/pantip.com\/profile\/9367242","https:\/\/micro.blog\/iwellguard","https:\/\/www.diggerslist.com\/iwellguard\/about","https:\/\/skitterphoto.com\/photographers\/2870314\/iwell-guard","https:\/\/iwellguard.wordpress.com\/2026\/06\/06\/iwell-guard\/","https:\/\/hub.docker.com\/u\/iwellguard","https:\/\/www.pinterest.com\/iwellguard\/","https:\/\/bit.ly\/m\/iwellguard","https:\/\/entre-vos-mains.alsace.eu\/profiles\/iwellguard\/activity","https:\/\/gravatar.com\/reallybeded8fd34","https:\/\/naijamatta.com\/iwellguard","https:\/\/www.goodreads.com\/iwellguard","https:\/\/profile.hatena.ne.jp\/iwellguard\/","https:\/\/experiment.com\/users\/iwellguard","https:\/\/wakelet.com\/@iWellGuard82270","https:\/\/www.chordie.com\/forum\/profile.php?id=2555664","https:\/\/www.instapaper.com\/p\/17757966","https:\/\/www.mapleprimes.com\/users\/iwellguard","https:\/\/businesslistingplus.com\/profile\/iwell-guard\/","https:\/\/telegra.ph\/iWell-Guard-06-06","https:\/\/pbase.com\/iwellguard\/iwellguard","https:\/\/b.hatena.ne.jp\/iwellguard\/20260607#bookmark-4788405196491818882","https:\/\/fliphtml5.com\/home\/iwellguard","https:\/\/anyflip.com\/homepage\/cmiwl#About","https:\/\/transfur.com\/Users\/iwellguard","http:\/\/delphi.larsbo.org\/user\/iwellguard","https:\/\/jobs.lajobsportal.org\/profiles\/8380803-iwell-guard","https:\/\/md.chaosdorf.de\/s\/jfbe5SBdJD","https:\/\/www.lingvolive.com\/en-us\/profile\/9ecaeaca-ce11-4e51-9e71-01d55e2bff36\/translations","https:\/\/www.fitday.com\/fitness\/forums\/members\/iwellguard.html","https:\/\/www.mymeetbook.com\/iwellguard","https:\/\/pxhere.com\/en\/photographer-me\/5040798","https:\/\/disqus.com\/by\/iwellguard\/about\/","https:\/\/pastelink.net\/hjwciqwq","https:\/\/pubhtml5.com\/homepage\/scjhn\/","https:\/\/www.bitchute.com\/channel\/2O2eOKzNqujT","https:\/\/audiomack.com\/iwellguard"]},{"@type":"Person","@id":"https:\/\/iwell-guard.com\/is\/#\/schema\/person\/ee2a27f1cac3406c7c6fb5820cb7349f","name":"Ralf Ittermann","image":{"@type":"ImageObject","inLanguage":"is","@id":"https:\/\/secure.gravatar.com\/avatar\/073c0153e350a5005b68eb752b445fea71f6b24a26da9449ad7e155e6b446c9d?s=96&d=mm&r=g","url":"https:\/\/secure.gravatar.com\/avatar\/073c0153e350a5005b68eb752b445fea71f6b24a26da9449ad7e155e6b446c9d?s=96&d=mm&r=g","contentUrl":"https:\/\/secure.gravatar.com\/avatar\/073c0153e350a5005b68eb752b445fea71f6b24a26da9449ad7e155e6b446c9d?s=96&d=mm&r=g","caption":"Ralf Ittermann"},"givenName":"Ralf","familyName":"Ittermann","jobTitle":"Gesch\u00e4ftsf\u00fchrer und redaktioneller Verantwortlicher","url":"https:\/\/iwell-guard.com\/is\/author\/claude\/","description":"Ralf Ittermann ist Gesch\u00e4ftsf\u00fchrer der Ittermann electronic GmbH und redaktioneller Verantwortlicher des iWell-Guard-Lexikons. Er verbindet langj\u00e4hrige Erfahrung in der Pr\u00e4zisionsfertigung mit medialer Praxis und religionsgeschichtlicher Quellenarbeit.","worksFor":{"@type":"Organization","name":"Ittermann electronic GmbH","url":"https:\/\/ittermann.de\/","address":{"@type":"PostalAddress","streetAddress":"K\u00f6hlergasse 16-18","postalCode":"99842","addressLocality":"Ruhla","addressCountry":"DE"}},"knowsAbout":["Religionsgeschichte","Mythologie","Mediale Praxis","Energetische Diagnostik","Schutzpraxis","Volksglauben","Westliche Esoterik"]},{"@type":"Article","@id":"https:\/\/iwell-guard.com\/is\/horagalles\/#article","isPartOf":{"@id":"https:\/\/iwell-guard.com\/is\/horagalles\/"},"author":{"name":"Ralf Ittermann","@id":"https:\/\/iwell-guard.com\/is\/#\/schema\/person\/ee2a27f1cac3406c7c6fb5820cb7349f"},"headline":"Horagalles","datePublished":"2026-09-05T14:05:44+00:00","dateModified":"2026-09-05T14:32:45+00:00","mainEntityOfPage":{"@id":"https:\/\/iwell-guard.com\/is\/horagalles\/"},"publisher":{"@id":"https:\/\/iwell-guard.com\/is\/#organization"},"image":{"@id":"https:\/\/iwell-guard.com\/is\/horagalles\/#primaryimage"},"thumbnailUrl":"https:\/\/iwell-guard.com\/wp-content\/uploads\/2026\/05\/goetter_sami_horagalles.webp","inLanguage":"is","description":"Horagalles (Hora Galles) er \u00fe\u00f3rgu\u00f0 Sama og verndari hreind\u00fdrahaganna. N\u00e1skyldur \u00de\u00f3r: hamar, bogi og sei\u00f0tromma."}]}},"_links":{"self":[{"href":"https:\/\/iwell-guard.com\/is\/wp-json\/wp\/v2\/pages\/169120","targetHints":{"allow":["GET"]}}],"collection":[{"href":"https:\/\/iwell-guard.com\/is\/wp-json\/wp\/v2\/pages"}],"about":[{"href":"https:\/\/iwell-guard.com\/is\/wp-json\/wp\/v2\/types\/page"}],"author":[{"embeddable":true,"href":"https:\/\/iwell-guard.com\/is\/wp-json\/wp\/v2\/users\/3"}],"replies":[{"embeddable":true,"href":"https:\/\/iwell-guard.com\/is\/wp-json\/wp\/v2\/comments?post=169120"}],"version-history":[{"count":0,"href":"https:\/\/iwell-guard.com\/is\/wp-json\/wp\/v2\/pages\/169120\/revisions"}],"wp:featuredmedia":[{"embeddable":true,"href":"https:\/\/iwell-guard.com\/is\/wp-json\/wp\/v2\/media\/3263"}],"wp:attachment":[{"href":"https:\/\/iwell-guard.com\/is\/wp-json\/wp\/v2\/media?parent=169120"}],"wp:term":[{"taxonomy":"category","embeddable":true,"href":"https:\/\/iwell-guard.com\/is\/wp-json\/wp\/v2\/categories?post=169120"}],"curies":[{"name":"wp","href":"https:\/\/api.w.org\/{rel}","templated":true}]}}