{"id":169116,"date":"2026-09-05T14:05:42","date_gmt":"2026-09-05T14:05:42","guid":{"rendered":"https:\/\/iwell-guard.com\/?page_id=169116"},"modified":"2026-09-05T14:32:40","modified_gmt":"2026-09-05T14:32:40","slug":"gede","status":"publish","type":"page","link":"https:\/\/iwell-guard.com\/is\/gede\/","title":{"rendered":"Gede"},"content":{"rendered":"\t\t<div data-elementor-type=\"wp-page\" data-elementor-id=\"169116\" class=\"elementor elementor-169116 elementor-3059 elementor-bc-flex-widget\" data-elementor-post-type=\"page\">\n\t\t\t\t<div class=\"elementor-element elementor-element-7dc05f7 e-flex e-con-boxed e-con e-parent\" data-id=\"7dc05f7\" data-element_type=\"container\" data-e-type=\"container\" data-settings=\"{&quot;background_background&quot;:&quot;classic&quot;}\">\n\t\t\t\t\t<div class=\"e-con-inner\">\n\t\t<div class=\"elementor-element elementor-element-b93596f e-flex e-con-boxed e-con e-child\" data-id=\"b93596f\" data-element_type=\"container\" data-e-type=\"container\">\n\t\t\t\t\t<div class=\"e-con-inner\">\n\t\t<div class=\"elementor-element elementor-element-3f8f1db e-con-full e-flex e-con e-child\" data-id=\"3f8f1db\" data-element_type=\"container\" data-e-type=\"container\">\n\t\t\t\t<div class=\"elementor-element elementor-element-94814d9 elementor-widget elementor-widget-heading\" data-id=\"94814d9\" data-element_type=\"widget\" data-e-type=\"widget\" data-widget_type=\"heading.default\">\n\t\t\t\t\t<h1 class=\"elementor-heading-title elementor-size-default\">Gede, loa-fj\u00f6lskylda dau\u00f0ans \u00ed vod\u00fa<\/h1>\t\t\t\t<\/div>\n\t\t\t\t<div class=\"elementor-element elementor-element-5ad7a2a elementor-widget elementor-widget-text-editor\" data-id=\"5ad7a2a\" data-element_type=\"widget\" data-e-type=\"widget\" data-widget_type=\"text-editor.default\">\n\t\t\t\t\t\t\t\t\t<p>Gede (einnig kalla\u00f0 Ghede e\u00f0a Gu\u00e9d\u00e9) er \u00ed ha\u00edt\u00edsku vod\u00fa ekki einn einstakur loa-andi, heldur heil fj\u00f6lskylda anda sem tengjast dau\u00f0a, kynl\u00edfi, l\u00edfsgle\u00f0i og heilun.<\/p><p>\u00cd fararbroddi \u00feessarar fj\u00f6lskyldu standa Baron Samedi, Baron La Croix og Baron Cimeti\u00e8re, sem taldir eru herrar kirkjugar\u00f0sins, og Maman Brigitte, h\u00fasfreyja hinna dau\u00f0u. Gede-andarnir eru vins\u00e6lustu og margbrotnustu loa-andarnir \u00ed ha\u00edt\u00edskri hef\u00f0, jafn \u00e6gilegir og gr\u00f3teskir, og eru me\u00f0al \u00feeirra anda ha\u00edt\u00edska tr\u00faarheimsins sem mest hafa blandast vi\u00f0 kre\u00f3lska menningu. Sem loa-fj\u00f6lskylda dau\u00f0ans tengja Gede-andarnir heim hinna framli\u00f0nu vi\u00f0 \u00e1hyggjuefni hinna lifandi.<\/p>\t\t\t\t\t\t\t\t<\/div>\n\t\t\t\t<\/div>\n\t\t<div class=\"elementor-element elementor-element-bdc6a50 e-con-full e-flex e-con e-parent\" data-id=\"bdc6a50\" data-element_type=\"container\" data-e-type=\"container\">\n\t\t\t\t<div class=\"elementor-element elementor-element-2161d0e elementor-widget elementor-widget-html\" data-id=\"2161d0e\" data-element_type=\"widget\" data-e-type=\"widget\" data-widget_type=\"html.default\">\n\t\t\t\t\t<div class=\"iwg-pill-row\"><span class=\"iwg-klasse-badge\" tabindex=\"0\" data-tooltip=\"Gu\u00f0 \/ Gy\u00f0ja: Pers\u00f3nuger\u00f0ur h\u00e6sti m\u00e1ttur \u00ed go\u00f0aheimi menningar, me\u00f0 sk\u00fdrum \u00e1byrg\u00f0arsvi\u00f0um \u2014 n\u00e1tt\u00faru\u00f6fl, \u00f6rl\u00f6g, str\u00ed\u00f0, frj\u00f3semi. D\u00fdrka\u00f0ur me\u00f0 s\u00e9rtr\u00faars\u00f6fnu\u00f0um, f\u00f3rnum og hofastofnunum.\">Gu\u00f0<\/span><a href=\"https:\/\/iwell-guard.com\/is\/vodou\/\" class=\"iwg-kultur-badge\" tabindex=\"0\" data-tooltip=\"Ha\u00edt\u00edsk-vestur-afr\u00edsk vodou-hef\u00f0 me\u00f0 lwa-verum, upprunnin \u00ed tr\u00faars\u00f6gulegu tilliti \u00ed Vestur-Afr\u00edku og barst til Kar\u00edbahafsins.\">Vodou<\/a><\/div>\t\t\t\t<\/div>\n\t\t\t\t<\/div>\n\t\t<div class=\"elementor-element elementor-element-a5935fe e-con-full e-flex e-con e-child\" data-id=\"a5935fe\" data-element_type=\"container\" data-e-type=\"container\">\n\t\t\t\t<div class=\"elementor-element elementor-element-bcfe47e elementor-toc--minimized-on-tablet elementor-widget elementor-widget-table-of-contents\" data-id=\"bcfe47e\" data-element_type=\"widget\" data-e-type=\"widget\" data-settings=\"{&quot;exclude_headings_by_selector&quot;:[],&quot;no_headings_message&quot;:&quot;Engar undirfyrirsagnir fundust \\u00e1 \\u00feessari s\\u00ed\\u00f0u.&quot;,&quot;headings_by_tags&quot;:[&quot;h2&quot;,&quot;h3&quot;],&quot;marker_view&quot;:&quot;bullets&quot;,&quot;icon&quot;:{&quot;value&quot;:&quot;fas fa-circle&quot;,&quot;library&quot;:&quot;fa-solid&quot;,&quot;rendered_tag&quot;:&quot;&lt;svg class=\\&quot;e-font-icon-svg e-fas-circle\\&quot; viewBox=\\&quot;0 0 512 512\\&quot; xmlns=\\&quot;http:\\\/\\\/www.w3.org\\\/2000\\\/svg\\&quot;&gt;&lt;path d=\\&quot;M256 8C119 8 8 119 8 256s111 248 248 248 248-111 248-248S393 8 256 8z\\&quot;&gt;&lt;\\\/path&gt;&lt;\\\/svg&gt;&quot;},&quot;minimize_box&quot;:&quot;yes&quot;,&quot;minimized_on&quot;:&quot;tablet&quot;,&quot;hierarchical_view&quot;:&quot;yes&quot;,&quot;min_height&quot;:{&quot;unit&quot;:&quot;px&quot;,&quot;size&quot;:&quot;&quot;,&quot;sizes&quot;:[]},&quot;min_height_tablet&quot;:{&quot;unit&quot;:&quot;px&quot;,&quot;size&quot;:&quot;&quot;,&quot;sizes&quot;:[]},&quot;min_height_mobile&quot;:{&quot;unit&quot;:&quot;px&quot;,&quot;size&quot;:&quot;&quot;,&quot;sizes&quot;:[]}}\" data-widget_type=\"table-of-contents.default\">\n\t\t\t\t\t\t\t\t\t<div class=\"elementor-toc__header\">\n\t\t\t\t\t\t<h2 class=\"elementor-toc__header-title\">\n\t\t\t\tEfnisyfirlit\t\t\t<\/h2>\n\t\t\t\t\t\t\t\t\t\t<div class=\"elementor-toc__toggle-button elementor-toc__toggle-button--expand\" role=\"button\" tabindex=\"0\" aria-controls=\"elementor-toc__bcfe47e\" aria-expanded=\"true\" aria-label=\"Open table of contents\"><svg aria-hidden=\"true\" class=\"e-font-icon-svg e-fas-chevron-down\" viewBox=\"0 0 448 512\" xmlns=\"http:\/\/www.w3.org\/2000\/svg\"><path d=\"M207.029 381.476L12.686 187.132c-9.373-9.373-9.373-24.569 0-33.941l22.667-22.667c9.357-9.357 24.522-9.375 33.901-.04L224 284.505l154.745-154.021c9.379-9.335 24.544-9.317 33.901.04l22.667 22.667c9.373 9.373 9.373 24.569 0 33.941L240.971 381.476c-9.373 9.372-24.569 9.372-33.942 0z\"><\/path><\/svg><\/div>\n\t\t\t\t<div class=\"elementor-toc__toggle-button elementor-toc__toggle-button--collapse\" role=\"button\" tabindex=\"0\" aria-controls=\"elementor-toc__bcfe47e\" aria-expanded=\"true\" aria-label=\"Close table of contents\"><svg aria-hidden=\"true\" class=\"e-font-icon-svg e-fas-chevron-up\" viewBox=\"0 0 448 512\" xmlns=\"http:\/\/www.w3.org\/2000\/svg\"><path d=\"M240.971 130.524l194.343 194.343c9.373 9.373 9.373 24.569 0 33.941l-22.667 22.667c-9.357 9.357-24.522 9.375-33.901.04L224 227.495 69.255 381.516c-9.379 9.335-24.544 9.317-33.901-.04l-22.667-22.667c-9.373-9.373-9.373-24.569 0-33.941L207.03 130.525c9.372-9.373 24.568-9.373 33.941-.001z\"><\/path><\/svg><\/div>\n\t\t\t\t\t<\/div>\n\t\t\t\t<div id=\"elementor-toc__bcfe47e\" class=\"elementor-toc__body\">\n\t\t\t<div class=\"elementor-toc__spinner-container\">\n\t\t\t\t<svg class=\"elementor-toc__spinner eicon-animation-spin e-font-icon-svg e-eicon-loading\" aria-hidden=\"true\" viewBox=\"0 0 1000 1000\" xmlns=\"http:\/\/www.w3.org\/2000\/svg\"><path d=\"M500 975V858C696 858 858 696 858 500S696 142 500 142 142 304 142 500H25C25 237 238 25 500 25S975 237 975 500 763 975 500 975Z\"><\/path><\/svg>\t\t\t<\/div>\n\t\t<\/div>\n\t\t\t\t\t\t<\/div>\n\t\t\t\t<\/div>\n\t\t\t\t\t<\/div>\n\t\t\t\t<\/div>\n\t\t<div class=\"elementor-element elementor-element-606722d e-con-full e-flex e-con e-child\" data-id=\"606722d\" data-element_type=\"container\" data-e-type=\"container\">\n\t\t\t\t<div class=\"elementor-element elementor-element-4aa934d iwg-hero-image elementor-widget elementor-widget-image\" data-id=\"4aa934d\" data-element_type=\"widget\" data-e-type=\"widget\" data-widget_type=\"image.default\">\n\t\t\t\t\t\t\t\t\t\t\t\t\t\t\t<img fetchpriority=\"high\" decoding=\"async\" width=\"683\" height=\"1024\" src=\"https:\/\/iwell-guard.com\/wp-content\/uploads\/2026\/05\/goetter_vodou_gede-683x1024.webp\" class=\"attachment-large size-large wp-image-170675\" alt=\"Gede - gu\u00f0ir \u00far Vodou-hef\u00f0inni, s\u00f6guleg myndskreyting\" srcset=\"https:\/\/iwell-guard.com\/wp-content\/uploads\/2026\/05\/goetter_vodou_gede-683x1024.webp 683w, https:\/\/iwell-guard.com\/wp-content\/uploads\/2026\/05\/goetter_vodou_gede-200x300.webp 200w, https:\/\/iwell-guard.com\/wp-content\/uploads\/2026\/05\/goetter_vodou_gede-768x1152.webp 768w, https:\/\/iwell-guard.com\/wp-content\/uploads\/2026\/05\/goetter_vodou_gede.webp 1024w\" sizes=\"(max-width: 683px) 100vw, 683px\" \/>\t\t\t\t\t\t\t\t\t\t\t\t\t\t\t<\/div>\n\t\t\t\t<\/div>\n\t\t\t\t\t<\/div>\n\t\t\t\t<\/div>\n\t\t<div class=\"elementor-element elementor-element-c4d71f3 e-con-boxed e-flex e-con e-parent\" data-id=\"c4d71f3\" data-element_type=\"container\" data-e-type=\"container\">\n\t\t\t\t\t<div class=\"e-con-inner\">\n\t\t<div class=\"elementor-element elementor-element-ebf8899 e-con-full e-flex e-con e-child\" data-id=\"ebf8899\" data-element_type=\"container\" data-e-type=\"container\">\n\t\t\t\t<div class=\"elementor-element elementor-element-40e6f99 elementor-widget elementor-widget-heading\" data-id=\"40e6f99\" data-element_type=\"widget\" data-e-type=\"widget\" data-widget_type=\"heading.default\">\n\t\t\t\t\t<h2 class=\"elementor-heading-title elementor-size-default\">E\u00f0li og hlutverk<\/h2>\t\t\t\t<\/div>\n\t\t\t\t<div class=\"elementor-element elementor-element-ecc4643 elementor-widget elementor-widget-text-editor\" data-id=\"ecc4643\" data-element_type=\"widget\" data-e-type=\"widget\" data-widget_type=\"text-editor.default\">\n\t\t\t\t\t\t\t\t\t<p>Gede-andarnir standa \u00e1 m\u00f6rkum heima hinna lifandi og hinna dau\u00f0u. \u00deeir \u00feekkja handan l\u00edfi\u00f0, \u00fev\u00ed \u00feeir b\u00faa \u00fear sj\u00e1lfir, og \u00feeir \u00feekkja \u00feennan heim, \u00fev\u00ed \u00feeir sn\u00faa reglulega aftur til hinna lifandi.<\/p><p>\u00deessi tv\u00f6falda sta\u00f0a gerir \u00fe\u00e1 a\u00f0 heilurum, millig\u00f6ngum\u00f6nnum og v\u00f6r\u00f0um fyrri og komandi \u00f6rlaga. \u00deeir eru einnig \u00feeir loa-andar sem bera \u00e1byrg\u00f0 \u00e1 kynl\u00edfi, frj\u00f3semi og verndun barna, sem m\u00e1 rekja til st\u00f6\u00f0u \u00feeirra sem var\u00f0a upphafs og endis l\u00edfsins.<\/p>\n\n<p><span data-nosnippet>Maya Deren l\u00fdsti \u00ed \u00abDivine Horsemen\u00bb (1953) hinu \u00feversagnarkennda e\u00f0li Gede-andanna: \u00feeir eru andar dau\u00f0ans, en h\u00e1v\u00e6rir, \u00f3si\u00f0legir og l\u00edfssta\u00f0festandi eins og engir a\u00f0rir andar \u00ed \u00feessari hef\u00f0.<\/span><\/p><p>\u00deegar Gede-andarnir r\u00ed\u00f0a tr\u00fau\u00f0um manni (\u201ehesti&#8220;), kemur oft fram gr\u00f3ft kynfer\u00f0islegt og saurugt tungutak, \u00e1samt hr\u00e1um h\u00famor og einst\u00f6kum heilunarm\u00e6tti. \u00deessi tenging kirkjugar\u00f0s og l\u00edfsgle\u00f0i er, samkv\u00e6mt Deren, gu\u00f0fr\u00e6\u00f0ileg fullyr\u00f0ing um \u00f3a\u00f0skiljanleika dau\u00f0a og l\u00edfs.<\/p>\t\t\t\t\t\t\t\t<\/div>\n\t\t\t\t<\/div>\n\t\t<div class=\"elementor-element elementor-element-4b0b3ac e-con-full e-flex e-con e-child\" data-id=\"4b0b3ac\" data-element_type=\"container\" data-e-type=\"container\">\n\t\t\t\t<div class=\"elementor-element elementor-element-cb89823 elementor-widget elementor-widget-heading\" data-id=\"cb89823\" data-element_type=\"widget\" data-e-type=\"widget\" data-widget_type=\"heading.default\">\n\t\t\t\t\t<h2 class=\"elementor-heading-title elementor-size-default\">Baron-fj\u00f6lskyldan<\/h2>\t\t\t\t<\/div>\n\t\t\t\t<div class=\"elementor-element elementor-element-4088891 elementor-widget elementor-widget-text-editor\" data-id=\"4088891\" data-element_type=\"widget\" data-e-type=\"widget\" data-widget_type=\"text-editor.default\">\n\t\t\t\t\t\t\t\t\t<p>\u00cd fararbroddi Gede-fj\u00f6lskyldunnar standa \u00abBaron\u00bb-birtingarmyndirnar, sem hver t\u00e1knar sinn \u00fe\u00e1tt \u00ed yfirr\u00e1\u00f0um kirkjugar\u00f0sins. Baron Samedi (\u00ablaugardags-bar\u00f3ninn\u00bb) er \u00feekktastur; hann kl\u00e6\u00f0ist sv\u00f6rtum kj\u00f3lfrakka, sv\u00f6rtum h\u00e1hatti, sv\u00f6rtum s\u00f3lgleraugum (oft me\u00f0 gler broti\u00f0 \u00far) og ber g\u00f6ngustaf.<\/p><p>Hann er talinn v\u00f6r\u00f0urinn sem fylgir hinum framli\u00f0nu inn \u00ed r\u00edki hinna dau\u00f0u, og s\u00e1 heilari sem getur kalla\u00f0 deyjandi f\u00f3lk aftur til l\u00edfsins.<\/p>\n\n<p>Baron La Croix (\u00abbar\u00f3ninn af krossinum\u00bb) t\u00e1knar upprisu og umskipti; hann stendur fyrir hina s\u00ed\u00f0ustu \u00fer\u00f6skuld milli l\u00edfs og dau\u00f0a. Baron Cimeti\u00e8re (\u00abbar\u00f3ninn af kirkjugar\u00f0inum\u00bb) er v\u00f6r\u00f0ur hins tiltekna greftrunarsta\u00f0ar.<\/p><p>\u00deessar \u00ferj\u00e1r Baron-birtingarmyndir eru d\u00fdrka\u00f0ar saman og deila m\u00f6rgum einkennum \u00e1n \u00feess a\u00f0 renna saman \u00ed eitt. Karen McCarthy Brown l\u00fdsir \u00ed \u00abMama Lola\u00bb \u00ed sm\u00e1atri\u00f0um a\u00f0greiningunum og tengslunum, s\u00e9\u00f0 fr\u00e1 sj\u00f3narh\u00f3li starfandi prestskonu.<\/p>\t\t\t\t\t\t\t\t<\/div>\n\t\t\t\t<\/div>\n\t\t<div class=\"elementor-element elementor-element-8224ea7 e-con-full e-flex e-con e-child\" data-id=\"8224ea7\" data-element_type=\"container\" data-e-type=\"container\">\n\t\t\t\t<div class=\"elementor-element elementor-element-207f47a elementor-widget elementor-widget-heading\" data-id=\"207f47a\" data-element_type=\"widget\" data-e-type=\"widget\" data-widget_type=\"heading.default\">\n\t\t\t\t\t<h2 class=\"elementor-heading-title elementor-size-default\">Maman Brigitte<\/h2>\t\t\t\t<\/div>\n\t\t\t\t<div class=\"elementor-element elementor-element-0973de5 elementor-widget elementor-widget-text-editor\" data-id=\"0973de5\" data-element_type=\"widget\" data-e-type=\"widget\" data-widget_type=\"text-editor.default\">\n\t\t\t\t\t\t\t\t\t<p>Maman Brigitte, h\u00fasfreyja hinna dau\u00f0u og eiginkona Barons Samedi, er mikilv\u00e6gasta kvenkyns birtingarmynd Gede-fj\u00f6lskyldunnar. H\u00fan er tengd kirkjugar\u00f0inum, verndun kvenna og heilunarath\u00f6fnum.<\/p><p>\u00cd myndlegri framsetningu er h\u00fan s\u00fdnd sem rau\u00f0h\u00e6r\u00f0 kona, sem \u00ed ranns\u00f3knum \u00e1 ha\u00edt\u00edskri hef\u00f0 hefur veri\u00f0 t\u00falka\u00f0 sem v\u00edsbending um m\u00f6gulega skoska-keltneska r\u00f3t, \u00fe\u00f3 \u00fea\u00f0 s\u00e9 vangaveltukenndar. Sumir fr\u00e6\u00f0imenn, me\u00f0al annars Leslie Desmangles, sj\u00e1 \u00ed pers\u00f3nunni tengsl vi\u00f0 hina \u00edrsku heil\u00f6gu Brigid, en d\u00fdrkun hennar g\u00e6ti hafa borist til Kar\u00edbahafsins me\u00f0 fr\u00f6nskum ka\u00fe\u00f3lskum tr\u00fabo\u00f0um.<\/p>\n\n<p>Maman Brigitte er s\u00e9rstaklega d\u00fdrku\u00f0 af konum sem bi\u00f0ja um vernd barna sinna, um heilun kvensj\u00fakd\u00f3ma e\u00f0a um stu\u00f0ning \u00ed fj\u00f6lskylduerfi\u00f0leikum.<\/p><p><span class=\"iwg-fachbegriff\" data-tooltip=\"B\u00e6narleg e\u00f0a galdrakennd \u00e1v\u00f6rpun gu\u00f0s e\u00f0a m\u00e1ttarvalds.\" tabindex=\"0\">\u00c1kallan<\/span> hennar fer fram vi\u00f0 fyrsta gr\u00f6f konu \u00ed vi\u00f0komandi kirkjugar\u00f0i, sem hef\u00f0bundi\u00f0 er fr\u00e1tekin fyrir hana. \u00deessi venja er v\u00ed\u00f0a \u00fatbreidd \u00e1 Ha\u00edt\u00ed og hefur veri\u00f0 greind af Joan Dayan \u00ed verkum s\u00ednum um kynjaskipan ha\u00edt\u00edsku hef\u00f0arinnar sem d\u00e6mi um tr\u00faarlegt vald kvenna.<\/p>\t\t\t\t\t\t\t\t<\/div>\n\t\t\t\t<\/div>\n\t\t<div class=\"elementor-element elementor-element-7743900 e-con-full e-flex e-con e-child\" data-id=\"7743900\" data-element_type=\"container\" data-e-type=\"container\">\n\t\t\t\t<div class=\"elementor-element elementor-element-3e14b92 elementor-widget elementor-widget-heading\" data-id=\"3e14b92\" data-element_type=\"widget\" data-e-type=\"widget\" data-widget_type=\"heading.default\">\n\t\t\t\t\t<h2 class=\"elementor-heading-title elementor-size-default\">Vesturafr\u00edskar og kre\u00f3lskar r\u00e6tur<\/h2>\t\t\t\t<\/div>\n\t\t\t\t<div class=\"elementor-element elementor-element-d5efa22 elementor-widget elementor-widget-text-editor\" data-id=\"d5efa22\" data-element_type=\"widget\" data-e-type=\"widget\" data-widget_type=\"text-editor.default\">\n\t\t\t\t\t\t\t\t\t<p>R\u00e6tur Gede-fj\u00f6lskyldunnar liggja \u00ed nokkrum vesturafr\u00edskum hef\u00f0um, en eru mj\u00f6g kre\u00f3lsku lita\u00f0ar. Mikilv\u00e6gir fyrirrennarar eru forfe\u00f0rad\u00fdrkun Fon-\u00fej\u00f3\u00f0arins (Vodun) og Egungun-hef\u00f0 Yoruba, \u00fear sem gr\u00edmukl\u00e6ddir dansarar birtast sem l\u00edkamningar forfe\u00f0ranna. Hugmyndin um Gede-andana sem s\u00e9rstaka fj\u00f6lskyldu anda sem birtist saman er l\u00edklega upprunnin \u00far Fon-hef\u00f0inni.<\/p>\n\n<p>Alfred M\u00e9traux benti \u00e1 a\u00f0 hin s\u00e9rstaka mynd Gede-andanna \u00e1 Ha\u00edt\u00ed s\u00fdnir sterk kre\u00f3lsk einkenni sem ekki er unnt a\u00f0 rekja beint til afr\u00edskra fyrirmynda.<\/p><p>Tengingin \u00e1 milli kirkjugar\u00f0s, kynl\u00edfs og gr\u00f3teskrar k\u00edmni er, \u00ed \u00feessari sam\u00fej\u00f6ppun, a\u00f0eins skjalfest \u00ed ha\u00edt\u00edskri hef\u00f0 og vir\u00f0ist vera svar hinnar \u00fej\u00e1\u00f0u, \u00fer\u00e6lka\u00f0u \u00fej\u00f3\u00f0ar vi\u00f0 reynslu fj\u00f6ldadau\u00f0a \u00e1 \u00fer\u00e6lahaldst\u00edmanum. Joan Dayan \u00fer\u00f3a\u00f0i \u00feessa kenningu \u00e1fram og s\u00fdndi hvernig Gede-andarnir eru sameiginleg \u00farvinnsla \u00fer\u00e6lahaldss\u00f6gunnar.<\/p>\t\t\t\t\t\t\t\t<\/div>\n\t\t\t\t<\/div>\n\t\t<div class=\"elementor-element elementor-element-8a53b3b e-con-full e-flex e-con e-child\" data-id=\"8a53b3b\" data-element_type=\"container\" data-e-type=\"container\">\n\t\t\t\t<div class=\"elementor-element elementor-element-4735832 elementor-widget elementor-widget-heading\" data-id=\"4735832\" data-element_type=\"widget\" data-e-type=\"widget\" data-widget_type=\"heading.default\">\n\t\t\t\t\t<h2 class=\"elementor-heading-title elementor-size-default\">T\u00e1kn og einkenni<\/h2>\t\t\t\t<\/div>\n\t\t\t\t<div class=\"elementor-element elementor-element-28e67b2 elementor-widget elementor-widget-text-editor\" data-id=\"28e67b2\" data-element_type=\"widget\" data-e-type=\"widget\" data-widget_type=\"text-editor.default\">\n\t\t\t\t\t\t\t\t\t<p>Meginmerki Gede-andanna eru krossinn (oft sem kirkjugar\u00f0skross), h\u00f6fu\u00f0k\u00fapan, sv\u00f6rtu s\u00f3lgleraugun, svarti h\u00e1hatturinn, kj\u00f3lfrakkinn og g\u00f6ngustafurinn. Svartur og fj\u00f3lubl\u00e1r eru meginlitirnir. \u00abV\u00e8v\u00e8\u00bb-teikningarnir, hin rit\u00faal\u00edsku jar\u00f0art\u00e1kn, s\u00fdna venjulega kross, kistu e\u00f0a h\u00f6fu\u00f0k\u00fapu me\u00f0 beinum.<\/p>\n\n<p>Vins\u00e6lustu f\u00f3rnargjafirnar eru sterkt romm (oft blanda\u00f0 me\u00f0 pipar), t\u00f3bak, jar\u00f0hnetur, kaffi og sterkt s\u00e6lg\u00e6ti. S\u00e9rst\u00f6k tegund er \u00abkleren\u00bb, mj\u00f6g sterkt kar\u00edbskt romm, oft blanda\u00f0 21 mismunandi sterku kryddi.<\/p><p>\u00deessi blanda er hef\u00f0bundi\u00f0 drukkin vi\u00f0 <span class=\"iwg-fachbegriff\" data-tooltip=\"B\u00e6narleg e\u00f0a galdrakennd \u00e1v\u00f6rpun gu\u00f0s e\u00f0a m\u00e1ttarvalds.\" tabindex=\"0\">\u00e1kallan<\/span> Gede-andanna og er talin einkennismerki rit\u00faal\u00edskrar i\u00f0kunar \u00feeirra. A\u00f0 kveikja \u00ed og gleypa l\u00edti\u00f0 magn af brennandi rommi er einnig hluti af birtingarmyndum \u00feeirra.<\/p>\t\t\t\t\t\t\t\t<\/div>\n\t\t\t\t<\/div>\n\t\t<div class=\"elementor-element elementor-element-455723c e-con-full e-flex e-con e-child\" data-id=\"455723c\" data-element_type=\"container\" data-e-type=\"container\">\n\t\t\t\t<div class=\"elementor-element elementor-element-b1a0639 elementor-widget elementor-widget-heading\" data-id=\"b1a0639\" data-element_type=\"widget\" data-e-type=\"widget\" data-widget_type=\"heading.default\">\n\t\t\t\t\t<h2 class=\"elementor-heading-title elementor-size-default\">H\u00e1t\u00ed\u00f0ardagur og kirkjugar\u00f0sath\u00f6fn<\/h2>\t\t\t\t<\/div>\n\t\t\t\t<div class=\"elementor-element elementor-element-0a89c89 elementor-widget elementor-widget-text-editor\" data-id=\"0a89c89\" data-element_type=\"widget\" data-e-type=\"widget\" data-widget_type=\"text-editor.default\">\n\t\t\t\t\t\t\t\t\t<p>Mikilv\u00e6gasti h\u00e1t\u00ed\u00f0isdagur Gede er \u00abF\u00e8t Gede\u00bb, sem fellur saman vi\u00f0 ka\u00fe\u00f3lsku h\u00e1t\u00ed\u00f0irnar Allraheilagramessu og Allraheilagra s\u00e1lna dag (1. og 2. n\u00f3vember). \u00c1 \u00feessum d\u00f6gum safnast s\u00f6fnu\u00f0ir \u00feessarar hef\u00f0ar saman \u00ed kirkjug\u00f6r\u00f0um, s\u00e9rstaklega \u00ed a\u00f0alkirkjugar\u00f0i Port-au-Prince.<\/p><p>\u00deeir hreinsa grafirnar, kveikja \u00e1 kertum, gefa f\u00f3rnarmat og dansa vi\u00f0 trommut\u00f3nlist. Andr\u00famslofti\u00f0 er \u00ed senn h\u00e1t\u00ed\u00f0legt og djarft, me\u00f0 karnivals\u00fe\u00e1ttum og \u00f3s\u00e6milegum s\u00f6ngvum.<\/p>\n\n<p><span data-nosnippet>Elizabeth McAlister hefur \u00ed \u00abRara!\u00bb (2002) skjalfest F\u00e8t Gede \u00edtarlega og s\u00fdnt hvernig h\u00e1t\u00ed\u00f0in gegnir mikilv\u00e6gu hlutverki \u00ed ha\u00edt\u00edskri minningarmenningu.<\/span><\/p><p>\u00deetta er ekki a\u00f0eins tr\u00faarleg h\u00e1t\u00ed\u00f0, heldur einnig sameiginleg minningarath\u00f6fn um hina l\u00e1tnu, ekki s\u00edst um <span class=\"iwg-fachbegriff\" data-tooltip=\"Gj\u00f6f til gu\u00f0s e\u00f0a gu\u00f0legrar veru, til a\u00f0 tj\u00e1 \u00feakkl\u00e6ti, b\u00f3n e\u00f0a lotningu.\" tabindex=\"0\">f\u00f3rnarl\u00f6mb<\/span> \u00fer\u00e6lahalds og p\u00f3lit\u00edsks ofbeldis. \u00c1 1980. og 1990. \u00e1ratugnum var\u00f0 h\u00e1t\u00ed\u00f0in s\u00edfellt p\u00f3lit\u00edskari og tengdist l\u00fd\u00f0r\u00e6\u00f0ishreyfingunni.<\/p>\t\t\t\t\t\t\t\t<\/div>\n\t\t\t\t<\/div>\n\t\t<div class=\"elementor-element elementor-element-eba842e e-con-full e-flex e-con e-child\" data-id=\"eba842e\" data-element_type=\"container\" data-e-type=\"container\">\n\t\t\t\t<div class=\"elementor-element elementor-element-63d393d elementor-widget elementor-widget-heading\" data-id=\"63d393d\" data-element_type=\"widget\" data-e-type=\"widget\" data-widget_type=\"heading.default\">\n\t\t\t\t\t<h2 class=\"elementor-heading-title elementor-size-default\">L\u00e6knandi hlutverk<\/h2>\t\t\t\t<\/div>\n\t\t\t\t<div class=\"elementor-element elementor-element-e202548 elementor-widget elementor-widget-text-editor\" data-id=\"e202548\" data-element_type=\"widget\" data-e-type=\"widget\" data-widget_type=\"text-editor.default\">\n\t\t\t\t\t\t\t\t\t<p>\u00der\u00e1tt fyrir tengsl s\u00edn vi\u00f0 dau\u00f0ann eru Gede mikilv\u00e6gustu l\u00e6knarnir \u00ed go\u00f0aver\u00f6ld ha\u00edt\u00edsku hef\u00f0arins. \u00deegar manneskja er \u00e1 m\u00f6rkum dau\u00f0ans er Baron Samedi \u00e1kalla\u00f0ur til a\u00f0 lei\u00f0a hana aftur til l\u00edfsins.<\/p><p>\u00deetta l\u00e6knandi hlutverk stafar af st\u00f6\u00f0u hans sem herra kirkjugar\u00f0sins: a\u00f0eins hann getur \u00e1kve\u00f0i\u00f0 hvort deyjandi manneskju er hleypt inn e\u00f0a v\u00edsa\u00f0 fr\u00e1. \u00cd m\u00f6rgum s\u00f6gnum \u00feessarar hef\u00f0ar sn\u00fdr deyjandi manneskja aftur til l\u00edfsins fyrir millig\u00f6ngu Baron Samedis.<\/p>\n\n<p>Karen McCarthy Brown hefur \u00ed \u00abMama Lola\u00bb skjalfest fj\u00f6lm\u00f6rg tilvik \u00fear sem fylgjendur \u00e1k\u00f6llu\u00f0u Baron Samedi til a\u00f0 bjarga alvarlega sj\u00fakum fj\u00f6lskyldume\u00f0limum.<\/p><p>\u00deetta l\u00e6knandi hlutverk er einnig mikilv\u00e6gt \u00ed samhengi r\u00e9ttarhalds og lausnar deilum\u00e1la: Gede eru taldir \u00f3spillanlegir d\u00f3marar sem hafa s\u00ed\u00f0asta or\u00f0i\u00f0 \u00ed fl\u00f3knum \u00e1greiningsm\u00e1lum. \u00deessi lagalega v\u00eddd tengir \u00feau vi\u00f0 vestur-afr\u00edska hef\u00f0 forfe\u00f0rad\u00f3mst\u00f3la.<\/p>\t\t\t\t\t\t\t\t<\/div>\n\t\t\t\t<\/div>\n\t\t<div class=\"elementor-element elementor-element-9fe9472 e-con-full e-flex e-con e-child\" data-id=\"9fe9472\" data-element_type=\"container\" data-e-type=\"container\">\n\t\t\t\t<div class=\"elementor-element elementor-element-0022c66 elementor-widget elementor-widget-heading\" data-id=\"0022c66\" data-element_type=\"widget\" data-e-type=\"widget\" data-widget_type=\"heading.default\">\n\t\t\t\t\t<h2 class=\"elementor-heading-title elementor-size-default\">Samlagandi tenging vi\u00f0 ka\u00fe\u00f3lska d\u00fdrlinga<\/h2>\t\t\t\t<\/div>\n\t\t\t\t<div class=\"elementor-element elementor-element-611978e elementor-widget elementor-widget-text-editor\" data-id=\"611978e\" data-element_type=\"widget\" data-e-type=\"widget\" data-widget_type=\"text-editor.default\">\n\t\t\t\t\t\t\t\t\t<p>\u00cd ka\u00fe\u00f3lsk-vodou saml\u00f6gu\u00f0u kerfinu eru hinar \u00fdmsu birtingarmyndir Baron tengdar vi\u00f0 \u00fdmsa ka\u00fe\u00f3lska d\u00fdrlinga. Baron Samedi er oft tengdur heil\u00f6gum Martin de Porres e\u00f0a svartri Mar\u00edumynd; Baron La Croix vi\u00f0 heilagan Gerard Majella; Baron Cimeti\u00e8re vi\u00f0 heilagan Expeditus.<\/p><p>Maman Brigitte er tengd heilagri Mar\u00edu Magdalenu e\u00f0a heilagri Brigid. \u00deessar tengingar eru mismunandi eftir sv\u00e6\u00f0um og fylgja sta\u00f0bundnum t\u00e1knfr\u00e6\u00f0ilegum venjum.<\/p>\n\n<p>Leslie Desmangles hefur bent \u00e1 a\u00f0 \u00feessar saml\u00f6gu\u00f0u tengingar eigi ekki a\u00f0 skiljast sem rugling heldur sem yfirvega\u00f0a \u00fe\u00fd\u00f0ingu. Fylgjendur \u00feessarar hef\u00f0ar vita mj\u00f6g vel a\u00f0 Baron Samedi er ekki sami og heilagur Gerard; \u00feeir nota ka\u00fe\u00f3lsku myndirnar sem sj\u00f3nr\u00e6n vi\u00f0mi\u00f0 \u00e1n \u00feess a\u00f0 taka upp gu\u00f0fr\u00e6\u00f0ilegt innihald \u00feeirra.<\/p><p>\u00deessi \u00abtv\u00f6falda tr\u00faari\u00f0kun\u00bb er s\u00e9rt\u00e6k mynd kar\u00edbskrar tr\u00faarhef\u00f0ar sem finnst \u00e1 samb\u00e6rilegan h\u00e1tt \u00e1 K\u00fabu, \u00ed Brasil\u00edu og \u00ed su\u00f0urhluta Bandar\u00edkjanna.<\/p>\t\t\t\t\t\t\t\t<\/div>\n\t\t\t\t<\/div>\n\t\t<div class=\"elementor-element elementor-element-b3c11d2 e-con-full e-flex e-con e-child\" data-id=\"b3c11d2\" data-element_type=\"container\" data-e-type=\"container\">\n\t\t\t\t<div class=\"elementor-element elementor-element-67f2994 elementor-widget elementor-widget-heading\" data-id=\"67f2994\" data-element_type=\"widget\" data-e-type=\"widget\" data-widget_type=\"heading.default\">\n\t\t\t\t\t<h2 class=\"elementor-heading-title elementor-size-default\">Ranns\u00f3knir og menningarlegt mikilv\u00e6gi<\/h2>\t\t\t\t<\/div>\n\t\t\t\t<div class=\"elementor-element elementor-element-02b0ab0 elementor-widget elementor-widget-text-editor\" data-id=\"02b0ab0\" data-element_type=\"widget\" data-e-type=\"widget\" data-widget_type=\"text-editor.default\">\n\t\t\t\t\t\t\t\t\t<p>Ranns\u00f3knir \u00e1 Gede eru hluti af v\u00ed\u00f0t\u00e6kari ranns\u00f3knum \u00e1 ha\u00edt\u00edskri hef\u00f0 og byggja \u00e1 klass\u00edskum verkum Maya Deren, Alfred M\u00e9traux og Karen McCarthy Brown.<\/p><p>Joan Dayan, Elizabeth McAlister, Leslie Desmangles og Claudine Michel hafa \u00e1 undanf\u00f6rnum \u00e1ratugum lagt fram n\u00e1kv\u00e6mari ranns\u00f3knir sem taka tillit til menningarlegrar, p\u00f3lit\u00edskrar og kynjatengdrar v\u00edddar Gede-tilbei\u00f0slunnar. Gede eru \u00ed dag taldir gu\u00f0fr\u00e6\u00f0ilega fl\u00f3knasta loa-fj\u00f6lskylda ha\u00edt\u00edskrar hef\u00f0ar, einmitt vegna \u00feess a\u00f0 \u00feau sameina hlutverk sem vir\u00f0ast m\u00f3tsagnakennd.<\/p>\n\n<p>\u00cd d\u00e6gurmenningu er Baron Samedi-pers\u00f3nan langlangvins\u00e6lasta birtingarmynd \u00feessarar hef\u00f0ar. Hann kemur fram \u00ed James Bond-myndum (s\u00e9rstaklega \u00ed \u00abLive and Let Die\u00bb), \u00ed Disney-teiknimyndinni \u00abThe Princess and the Frog\u00bb og \u00ed fj\u00f6lm\u00f6rgum sk\u00e1lds\u00f6gum og l\u00f6gum.<\/p><p>\u00deessi d\u00e6gurmenningarlega yfirtaka hefur sett mikinn svip \u00e1 opinbera mynd Baron Samedis, oft \u00e1 kostna\u00f0 tr\u00faarlegs innihalds. Ha\u00edt\u00edskar ranns\u00f3knir Patrick Bellegarde-Smith og Laennec Hurbon hafa \u00edtreka\u00f0 bent \u00e1 nau\u00f0syn \u00feess a\u00f0 greina milli framandgerandi framsetningar og tr\u00faarlegrar hef\u00f0ar.<\/p>\t\t\t\t\t\t\t\t<\/div>\n\t\t\t\t<\/div>\n\t\t<div class=\"elementor-element elementor-element-a2eb336 e-con-full e-flex e-con e-child\" data-id=\"a2eb336\" data-element_type=\"container\" data-e-type=\"container\">\n\t\t\t\t<div class=\"elementor-element elementor-element-7003f5f elementor-widget elementor-widget-heading\" data-id=\"7003f5f\" data-element_type=\"widget\" data-e-type=\"widget\" data-widget_type=\"heading.default\">\n\t\t\t\t\t<h2 class=\"elementor-heading-title elementor-size-default\">Sta\u00f0setning milli Rada og Petwo<\/h2>\t\t\t\t<\/div>\n\t\t\t\t<div class=\"elementor-element elementor-element-9cea9a9 elementor-widget elementor-widget-text-editor\" data-id=\"9cea9a9\" data-element_type=\"widget\" data-e-type=\"widget\" data-widget_type=\"text-editor.default\">\n\t\t\t\t\t\t\t\t\t<p>Gede-fj\u00f6lskyldan hefur s\u00e9rstaka st\u00f6\u00f0u \u00ed ha\u00edt\u00edskri hef\u00f0, \u00fear sem h\u00fan tilheyrir ekki sk\u00fdrt Rada- e\u00f0a Petwo-fj\u00f6lskyldunni. \u00cd flestum hounfor er h\u00fan me\u00f0h\u00f6ndlu\u00f0 sem s\u00e9rst\u00f6k \u00ab\u00fej\u00f3\u00f0\u00bb (\u00abnasyon\u00bb), me\u00f0 eigin trommuhlj\u00f3\u00f0um (\u00abbanda\u00bb og \u00abgede\u00bb), eigin s\u00f6ngvum og eigin dansformum.<\/p><p>\u00cd helgisi\u00f0ar\u00f6\u00f0 helgrar n\u00e6tur \u00feessarar hef\u00f0ar koma \u00feau venjulega fram s\u00ed\u00f0ust, eftir Rada- og Petwo-athafnir, sem undirstrikar hlutverk \u00feeirra sem umskiptavera. \u00deau lj\u00faka <span class=\"iwg-fachbegriff\" data-tooltip=\"H\u00e1t\u00ed\u00f0leg ath\u00f6fn sem fer fram samkv\u00e6mt fastm\u00f3tu\u00f0um reglum.\" tabindex=\"0\">ath\u00f6fninni<\/span> \u00e1 sama h\u00e1tt og \u00feau lj\u00faka l\u00edfinu sj\u00e1lfu.<\/p>\n<p><span data-nosnippet>Donald Cosentino hefur \u00ed \u00abSacred Arts of Haitian Vodou\u00bb (Los Angeles 1995) og \u00ed greininni \u00abRepossession: Ogou in Folk Religion and Politics\u00bb lagt fram n\u00e1kv\u00e6ma greiningu \u00e1 <span class=\"iwg-fachbegriff\" data-tooltip=\"Fr\u00e6\u00f0igrein um myndefni og merkingu \u00feess.\" tabindex=\"0\">t\u00e1knmyndafr\u00e6\u00f0i<\/span> Gede.<\/span><\/p><p>\u00cd ritger\u00f0asafninu \u00abThe Faces of the Gods\u00bb l\u00fdsir Leslie Desmangles \u00fev\u00ed hvernig Gede eru samsett \u00far m\u00f6rgum afr\u00edskum r\u00f3tum: dau\u00f0afj\u00f6lskyldu Fon-f\u00f3lksins, Egungun-forfe\u00f0rum Yoruba og Bakulu-forfe\u00f0rahugmyndum Kong\u00f3-h\u00f3panna. \u00deessi blanda myndar grunninn a\u00f0 hinni sj\u00e1lfst\u00e6\u00f0u ha\u00edt\u00edsku Gede-fj\u00f6lskyldu og \u00fatsk\u00fdrir gu\u00f0fr\u00e6\u00f0ilega margbreytileika hennar.<\/p>\t\t\t\t\t\t\t\t<\/div>\n\t\t\t\t<\/div>\n\t\t<div class=\"elementor-element elementor-element-1f75832 e-con-full e-flex e-con e-child\" data-id=\"1f75832\" data-element_type=\"container\" data-e-type=\"container\">\n\t\t\t\t<div class=\"elementor-element elementor-element-b3a4782 elementor-widget elementor-widget-heading\" data-id=\"b3a4782\" data-element_type=\"widget\" data-e-type=\"widget\" data-widget_type=\"heading.default\">\n\t\t\t\t\t<h2 class=\"elementor-heading-title elementor-size-default\">Yfirtaka Baron Samedis undir Duvalier-fe\u00f0gunum<\/h2>\t\t\t\t<\/div>\n\t\t\t\t<div class=\"elementor-element elementor-element-7d8102b elementor-widget elementor-widget-text-editor\" data-id=\"7d8102b\" data-element_type=\"widget\" data-e-type=\"widget\" data-widget_type=\"text-editor.default\">\n\t\t\t\t\t\t\t\t\t<p><span data-nosnippet>P\u00f3lit\u00edskt hla\u00f0inn \u00fe\u00e1ttur \u00ed s\u00f6gu Gede-anda er \u00feegar ha\u00edt\u00edski einr\u00e6\u00f0isherrann Fran\u00e7ois \u00abPapa Doc\u00bb Duvalier (forseti 1957 til 1971) helga\u00f0i s\u00e9r Baron Samedi. Duvalier svi\u00f0setti sig opinberlega me\u00f0 t\u00e1knmerkjum loans: sv\u00f6rtum jakkafatna\u00f0i, sv\u00f6rtum h\u00e1um hatti, sv\u00f6rtum s\u00f3lgleraugum me\u00f0 gleri fjarl\u00e6gt \u00far einu auganu og nefm\u00e6ltri talandi.<\/span><\/p><p>\u00deessi sj\u00e1lfsmynd \u00e1tti a\u00f0 l\u00e1ta hann vir\u00f0ast vera \u00edmynd herra kirkjugar\u00f0sins og \u00fear me\u00f0 \u00f3snertanlegur. H\u00fan n\u00fdtti s\u00e9r \u00fej\u00f3\u00f0tr\u00faarlega \u00f3gn af dau\u00f0anum og \u00f6ndum hinna framli\u00f0nu til a\u00f0 treysta \u00f3gnarstj\u00f3rn hans \u00ed sessi.<\/p>\n<p>La\u00ebnnec Hurbon hefur \u00ed \u00abCulture et dictature en Ha\u00efti\u00bb (Par\u00eds 1979) og \u00ed s\u00ed\u00f0ari ranns\u00f3knum greint tr\u00faarp\u00f3lit\u00edska gangverki\u00f0 \u00e1 bak vi\u00f0 \u00feessa helgun. \u00deetta var engin ekta helgisi\u00f0aframkv\u00e6md innan ha\u00edt\u00edsku hef\u00f0arins, heldur veraldleg misnotkun tr\u00faarlegra t\u00e1kna. S\u00f6fnu\u00f0ur hef\u00f0arinnar br\u00e1st misjafnlega vi\u00f0: Sumir houngan-ar voru samlaga\u00f0ir stj\u00f3rninni, a\u00f0rir fjarl\u00e6g\u00f0u sig fr\u00e1 henni.<\/p><p><span data-nosnippet>Patrick Bellegarde-Smith hefur \u00ed \u00abHaiti: The Breached Citadel\u00bb (Boulder 1990) s\u00fdnt hvernig \u00feessi \u00fe\u00e1ttur hefur enn \u00ed dag \u00e1hrif \u00e1 al\u00fej\u00f3\u00f0lega skynjun ha\u00edt\u00edsku hef\u00f0arins og ney\u00f0ir ranns\u00f3knir \u00ed erfi\u00f0a varnarst\u00f6\u00f0u: Tr\u00faarlegt innihald Gede ver\u00f0ur a\u00f0 a\u00f0greina sk\u00fdrt fr\u00e1 p\u00f3lit\u00edsku skopmyndinni undir Duvalier-fe\u00f0gunum.<\/span><\/p>\t\t\t\t\t\t\t\t<\/div>\n\t\t\t\t<\/div>\n\t\t<div class=\"elementor-element elementor-element-0403dd0 e-con-full e-flex e-con e-child\" data-id=\"0403dd0\" data-element_type=\"container\" data-e-type=\"container\">\n\t\t\t\t<div class=\"elementor-element elementor-element-ee41834 elementor-widget elementor-widget-heading\" data-id=\"ee41834\" data-element_type=\"widget\" data-e-type=\"widget\" data-widget_type=\"heading.default\">\n\t\t\t\t\t<h2 class=\"elementor-heading-title elementor-size-default\">Einstakir Gede-loar og n\u00f6fn \u00feeirra<\/h2>\t\t\t\t<\/div>\n\t\t\t\t<div class=\"elementor-element elementor-element-c9fcaf0 elementor-widget elementor-widget-text-editor\" data-id=\"c9fcaf0\" data-element_type=\"widget\" data-e-type=\"widget\" data-widget_type=\"text-editor.default\">\n\t\t\t\t\t\t\t\t\t<p>Gede-fj\u00f6lskyldan er ekki einsleitur h\u00f3pur, heldur samkoma margra einstakra me\u00f0lima sem hver og einn t\u00e1knar tiltekinn karakter og f\u00e9lagslegt hlutverk.<\/p><p>Me\u00f0al \u00feekktari Gede eru Gede Nibo (verndari ungra framli\u00f0inna), Gede Doubye (me\u00f0 l\u00e6knisfr\u00e6\u00f0ilegt hlutverk), Gede Plumaj (verndard\u00fdrlingur leikara og m\u00e1lsk\u00f6runga), Gede Linto (oft s\u00fdndur sem barn-loa), Gede Loraj (tengdur \u00ferumum), Gede Souffrant (fyrir \u00fe\u00e1 sem d\u00f3u me\u00f0 \u00f3r\u00e9ttl\u00e1tum h\u00e6tti) og Gede Zarenyen (me\u00f0 tengingu vi\u00f0 k\u00f6ngul\u00e6r).<\/p><p>N\u00e1kv\u00e6mi listinn er breytilegur eftir hounfor og er var\u00f0veittur \u00e1 mismunandi h\u00e1tt \u00ed \u00fej\u00f3\u00f0fr\u00e6\u00f0ilegum ritum.<\/p>\n<p>Donald Cosentino hefur \u00ed safnritinu \u00abSacred Arts of Haitian Vodou\u00bb lagt fram myndfr\u00e6\u00f0ilegt yfirlit yfir meira en tuttugu birtingarmyndir Gede. Karen McCarthy Brown hefur \u00ed \u00abMama Lola\u00bb l\u00fdst pers\u00f3nulegum tengslum prestskonunnar vi\u00f0 nokkra einstaka Gede-loa, me\u00f0al annars framli\u00f0inn br\u00f3\u00f0ur sem n\u00fa er d\u00fdrka\u00f0ur sem me\u00f0limur Gede-fj\u00f6lskyldunnar.<\/p><p>\u00deessi pers\u00f3nugerving framli\u00f0inna fj\u00f6lskyldume\u00f0lima er d\u00e6migert einkenni Gede-d\u00fdrkunar: Hinn l\u00e1tni gengur inn \u00ed Gede-fj\u00f6lskylduna eftir \u00e1kve\u00f0inn t\u00edma (oft \u00e1r og einn dag) og f\u00e6r \u00fear nafn sem var\u00f0veitir pers\u00f3nuleika hans \u00e1fram. \u00deetta ferli fylgir vesturafr\u00edskri forfe\u00f0rar\u00f6kfr\u00e6\u00f0i og hefur m\u00f3tandi \u00e1hrif \u00e1 ha\u00edt\u00edska sorgarvinnu.<\/p>\t\t\t\t\t\t\t\t<\/div>\n\t\t\t\t<\/div>\n\t\t<div class=\"elementor-element elementor-element-b7d733f e-con-full e-flex e-con e-child\" data-id=\"b7d733f\" data-element_type=\"container\" data-e-type=\"container\">\n\t\t\t\t<div class=\"elementor-element elementor-element-fd4f205 elementor-widget elementor-widget-heading\" data-id=\"fd4f205\" data-element_type=\"widget\" data-e-type=\"widget\" data-widget_type=\"heading.default\">\n\t\t\t\t\t<h2 class=\"elementor-heading-title elementor-size-default\">Heimildir og fr\u00e6\u00f0irit<\/h2>\t\t\t\t<\/div>\n\t\t\t\t<div class=\"elementor-element elementor-element-99ad15f elementor-widget elementor-widget-text-editor\" data-id=\"99ad15f\" data-element_type=\"widget\" data-e-type=\"widget\" data-widget_type=\"text-editor.default\">\n\t\t\t\t\t\t\t\t\t<footer class=\"iwg-literatur\"><p>Fr\u00e6\u00f0irit:<\/p><ul><li><span data-nosnippet>Alfred M\u00e9traux, \u00abLe vaudou ha\u00eftien\u00bb (Par\u00eds 1958).<\/span><\/li><li><span data-nosnippet>Karen McCarthy Brown, \u00abMama Lola\u00bb (Berkeley 1991), s\u00e9rstaklega kaflarnir um Maman Brigitte og l\u00e6kningarhlutverk Gede.<\/span><\/li><li><span data-nosnippet>Donald Cosentino (ritstj.), \u00abSacred Arts of Haitian Vodou\u00bb (Los Angeles 1995), me\u00f0 greinum um Bawon Samdi og <span class=\"iwg-fachbegriff\" data-tooltip=\"Fr\u00e6\u00f0i um myndefni og merkingu \u00feess.\" tabindex=\"0\">myndfr\u00e6\u00f0i<\/span> Gede.<\/span><\/li><li><span data-nosnippet>Elizabeth McAlister, \u00abRara! Vodou, Power, and Performance\u00bb (Berkeley 2002), s\u00e9rstaklega kaflinn um F\u00e8t Gede.<\/span><\/li><li><span data-nosnippet>La\u00ebnnec Hurbon, \u00abCulture et dictature en Ha\u00efti\u00bb (Par\u00eds 1979) og \u00abLe barbare imaginaire\u00bb (Par\u00eds 1988).<\/span><\/li><li><span data-nosnippet>Patrick Bellegarde-Smith og Claudine Michel, \u00abHaitian Vodou: Spirit, Myth, and Reality\u00bb (Bloomington 2006).<\/span><\/li><li><span data-nosnippet>Patrick Bellegarde-Smith, \u00abHaiti: The Breached Citadel\u00bb (Boulder 1990).<\/span><\/li><\/ul><p><span data-nosnippet>Um vesturafr\u00edsku fyrirmyndirnar: Melville J. Herskovits, \u00abDahomey\u00bb (New York 1938); Suzanne Preston Blier, \u00abAfrican Vodun\u00bb (Chicago 1995); Robert Farris Thompson, \u00abFlash of the Spirit: African and Afro-American Art and Philosophy\u00bb (New York 1983), me\u00f0 k\u00f6flum um Kong\u00f3-undirlag Gede-hef\u00f0arinnar.<\/span><\/p>\n<p class=\"iwg-bib-more\"><span data-nosnippet>Frekari grundvallarrit \u00ed <a href=\"https:\/\/iwell-guard.com\/is\/heimildaskra\/\">heimildaskr\u00e1nni<\/a>.<\/span><\/p><\/footer>\t\t\t\t\t\t\t\t<\/div>\n\t\t\t\t<\/div>\n\t\t\t\t\t<\/div>\n\t\t\t\t<\/div>\n\t\t\t\t<\/div>\n\t\t","protected":false},"excerpt":{"rendered":"","protected":false},"author":3,"featured_media":3281,"parent":0,"menu_order":0,"comment_status":"closed","ping_status":"closed","template":"elementor_header_footer","meta":{"_yoast_wpseo_focuskw":"Gede","_yoast_wpseo_title":"Gede \u2013 andar dau\u00f0a, kynl\u00edfs og heilunar","_yoast_wpseo_metadesc":"Gede (Gu\u00e9d\u00e9) eru loa-andar hinna dau\u00f0u \u00ed vod\u00fa, fj\u00f6lskylda Barons Samedi. Kirkjugar\u00f0sandar \u00ed sv\u00f6rtum og fj\u00f3lubll\u00e1um litum.","_yoast_wpseo_meta-robots-noindex":"","_yoast_wpseo_canonical":"","_angie_page":false,"gefaehrdungsstufe":"2","wesen_kultur":"vodou","wesen_klasse":"goetter","footnotes":""},"categories":[],"class_list":["post-169116","page","type-page","status-publish","has-post-thumbnail","hentry"],"yoast_head":"<!-- This site is optimized with the Yoast SEO Premium plugin v27.7 (Yoast SEO v28.3) - https:\/\/yoast.com\/product\/yoast-seo-premium-wordpress\/ -->\n<title>Gede \u2013 andar dau\u00f0a, kynl\u00edfs og heilunar<\/title>\n<meta name=\"description\" content=\"Gede (Gu\u00e9d\u00e9) eru loa-andar hinna dau\u00f0u \u00ed vod\u00fa, fj\u00f6lskylda Barons Samedi. Kirkjugar\u00f0sandar \u00ed sv\u00f6rtum og fj\u00f3lubll\u00e1um litum.\" \/>\n<meta name=\"robots\" content=\"index, follow, max-snippet:-1, max-image-preview:large, max-video-preview:-1\" \/>\n<link rel=\"canonical\" href=\"https:\/\/iwell-guard.com\/is\/gede\/\" \/>\n<meta property=\"og:locale\" content=\"is_IS\" \/>\n<meta property=\"og:type\" content=\"article\" \/>\n<meta property=\"og:title\" content=\"Gede\" \/>\n<meta property=\"og:description\" content=\"Gede (Gu\u00e9d\u00e9) eru loa-andar hinna dau\u00f0u \u00ed vod\u00fa, fj\u00f6lskylda Barons Samedi. Kirkjugar\u00f0sandar \u00ed sv\u00f6rtum og fj\u00f3lubll\u00e1um litum.\" \/>\n<meta property=\"og:url\" content=\"https:\/\/iwell-guard.com\/is\/gede\/\" \/>\n<meta property=\"og:site_name\" content=\"iWell Guard\" \/>\n<meta property=\"article:modified_time\" content=\"2026-09-05T14:32:40+00:00\" \/>\n<meta property=\"og:image\" content=\"https:\/\/iwell-guard.com\/wp-content\/uploads\/2026\/05\/goetter_vodou_gede.webp\" \/>\n\t<meta property=\"og:image:width\" content=\"1024\" \/>\n\t<meta property=\"og:image:height\" content=\"1536\" \/>\n\t<meta property=\"og:image:type\" content=\"image\/webp\" \/>\n<meta name=\"twitter:card\" content=\"summary_large_image\" \/>\n<script type=\"application\/ld+json\" class=\"yoast-schema-graph\">{\"@context\":\"https:\\\/\\\/schema.org\",\"@graph\":[{\"@type\":\"WebPage\",\"@id\":\"https:\\\/\\\/iwell-guard.com\\\/is\\\/gede\\\/\",\"url\":\"https:\\\/\\\/iwell-guard.com\\\/is\\\/gede\\\/\",\"name\":\"Gede \u2013 andar dau\u00f0a, kynl\u00edfs og heilunar\",\"isPartOf\":{\"@id\":\"https:\\\/\\\/iwell-guard.com\\\/is\\\/#website\"},\"primaryImageOfPage\":{\"@id\":\"https:\\\/\\\/iwell-guard.com\\\/is\\\/gede\\\/#primaryimage\"},\"image\":{\"@id\":\"https:\\\/\\\/iwell-guard.com\\\/is\\\/gede\\\/#primaryimage\"},\"thumbnailUrl\":\"https:\\\/\\\/iwell-guard.com\\\/wp-content\\\/uploads\\\/2026\\\/05\\\/goetter_vodou_gede.webp\",\"datePublished\":\"2026-09-05T14:05:42+00:00\",\"dateModified\":\"2026-09-05T14:32:40+00:00\",\"description\":\"Gede (Gu\u00e9d\u00e9) eru loa-andar hinna dau\u00f0u \u00ed vod\u00fa, fj\u00f6lskylda Barons Samedi. Kirkjugar\u00f0sandar \u00ed sv\u00f6rtum og fj\u00f3lubll\u00e1um litum.\",\"breadcrumb\":{\"@id\":\"https:\\\/\\\/iwell-guard.com\\\/is\\\/gede\\\/#breadcrumb\"},\"inLanguage\":\"is\",\"potentialAction\":[{\"@type\":\"ReadAction\",\"target\":[\"https:\\\/\\\/iwell-guard.com\\\/is\\\/gede\\\/\"]}]},{\"@type\":\"ImageObject\",\"inLanguage\":\"is\",\"@id\":\"https:\\\/\\\/iwell-guard.com\\\/is\\\/gede\\\/#primaryimage\",\"url\":\"https:\\\/\\\/iwell-guard.com\\\/wp-content\\\/uploads\\\/2026\\\/05\\\/goetter_vodou_gede.webp\",\"contentUrl\":\"https:\\\/\\\/iwell-guard.com\\\/wp-content\\\/uploads\\\/2026\\\/05\\\/goetter_vodou_gede.webp\",\"width\":1024,\"height\":1536,\"caption\":\"Gu\u00f0ir \u00far Vodou-hef\u00f0inni.\"},{\"@type\":\"BreadcrumbList\",\"@id\":\"https:\\\/\\\/iwell-guard.com\\\/is\\\/gede\\\/#breadcrumb\",\"itemListElement\":[{\"@type\":\"ListItem\",\"position\":1,\"name\":\"Start\",\"item\":\"https:\\\/\\\/iwell-guard.com\\\/is\\\/?page_id=168580\"},{\"@type\":\"ListItem\",\"position\":2,\"name\":\"Gede\"}]},{\"@type\":\"WebSite\",\"@id\":\"https:\\\/\\\/iwell-guard.com\\\/is\\\/#website\",\"url\":\"https:\\\/\\\/iwell-guard.com\\\/is\\\/\",\"name\":\"iWell Guard\",\"description\":\"Schutz vor dunklen Einfl\u00fcssen\",\"publisher\":{\"@id\":\"https:\\\/\\\/iwell-guard.com\\\/is\\\/#organization\"},\"potentialAction\":[{\"@type\":\"SearchAction\",\"target\":{\"@type\":\"EntryPoint\",\"urlTemplate\":\"https:\\\/\\\/iwell-guard.com\\\/is\\\/?s={search_term_string}\"},\"query-input\":{\"@type\":\"PropertyValueSpecification\",\"valueRequired\":true,\"valueName\":\"search_term_string\"}}],\"inLanguage\":\"is\"},{\"@type\":\"Organization\",\"@id\":\"https:\\\/\\\/iwell-guard.com\\\/is\\\/#organization\",\"name\":\"Ittermann electronic GmbH\",\"url\":\"https:\\\/\\\/iwell-guard.com\\\/is\\\/\",\"logo\":{\"@type\":\"ImageObject\",\"inLanguage\":\"is\",\"@id\":\"https:\\\/\\\/iwell-guard.com\\\/is\\\/#\\\/schema\\\/logo\\\/image\\\/\",\"url\":\"https:\\\/\\\/iwell-guard.com\\\/wp-content\\\/uploads\\\/2026\\\/05\\\/Ittermann-Logo-1182x237-1.png\",\"contentUrl\":\"https:\\\/\\\/iwell-guard.com\\\/wp-content\\\/uploads\\\/2026\\\/05\\\/Ittermann-Logo-1182x237-1.png\",\"width\":1182,\"height\":237,\"caption\":\"Ittermann electronic GmbH\"},\"image\":{\"@id\":\"https:\\\/\\\/iwell-guard.com\\\/is\\\/#\\\/schema\\\/logo\\\/image\\\/\"},\"sameAs\":[\"https:\\\/\\\/pantip.com\\\/profile\\\/9367242\",\"https:\\\/\\\/micro.blog\\\/iwellguard\",\"https:\\\/\\\/www.diggerslist.com\\\/iwellguard\\\/about\",\"https:\\\/\\\/skitterphoto.com\\\/photographers\\\/2870314\\\/iwell-guard\",\"https:\\\/\\\/iwellguard.wordpress.com\\\/2026\\\/06\\\/06\\\/iwell-guard\\\/\",\"https:\\\/\\\/hub.docker.com\\\/u\\\/iwellguard\",\"https:\\\/\\\/www.pinterest.com\\\/iwellguard\\\/\",\"https:\\\/\\\/bit.ly\\\/m\\\/iwellguard\",\"https:\\\/\\\/entre-vos-mains.alsace.eu\\\/profiles\\\/iwellguard\\\/activity\",\"https:\\\/\\\/gravatar.com\\\/reallybeded8fd34\",\"https:\\\/\\\/naijamatta.com\\\/iwellguard\",\"https:\\\/\\\/www.goodreads.com\\\/iwellguard\",\"https:\\\/\\\/profile.hatena.ne.jp\\\/iwellguard\\\/\",\"https:\\\/\\\/experiment.com\\\/users\\\/iwellguard\",\"https:\\\/\\\/wakelet.com\\\/@iWellGuard82270\",\"https:\\\/\\\/www.chordie.com\\\/forum\\\/profile.php?id=2555664\",\"https:\\\/\\\/www.instapaper.com\\\/p\\\/17757966\",\"https:\\\/\\\/www.mapleprimes.com\\\/users\\\/iwellguard\",\"https:\\\/\\\/businesslistingplus.com\\\/profile\\\/iwell-guard\\\/\",\"https:\\\/\\\/telegra.ph\\\/iWell-Guard-06-06\",\"https:\\\/\\\/pbase.com\\\/iwellguard\\\/iwellguard\",\"https:\\\/\\\/b.hatena.ne.jp\\\/iwellguard\\\/20260607#bookmark-4788405196491818882\",\"https:\\\/\\\/fliphtml5.com\\\/home\\\/iwellguard\",\"https:\\\/\\\/anyflip.com\\\/homepage\\\/cmiwl#About\",\"https:\\\/\\\/transfur.com\\\/Users\\\/iwellguard\",\"http:\\\/\\\/delphi.larsbo.org\\\/user\\\/iwellguard\",\"https:\\\/\\\/jobs.lajobsportal.org\\\/profiles\\\/8380803-iwell-guard\",\"https:\\\/\\\/md.chaosdorf.de\\\/s\\\/jfbe5SBdJD\",\"https:\\\/\\\/www.lingvolive.com\\\/en-us\\\/profile\\\/9ecaeaca-ce11-4e51-9e71-01d55e2bff36\\\/translations\",\"https:\\\/\\\/www.fitday.com\\\/fitness\\\/forums\\\/members\\\/iwellguard.html\",\"https:\\\/\\\/www.mymeetbook.com\\\/iwellguard\",\"https:\\\/\\\/pxhere.com\\\/en\\\/photographer-me\\\/5040798\",\"https:\\\/\\\/disqus.com\\\/by\\\/iwellguard\\\/about\\\/\",\"https:\\\/\\\/pastelink.net\\\/hjwciqwq\",\"https:\\\/\\\/pubhtml5.com\\\/homepage\\\/scjhn\\\/\",\"https:\\\/\\\/www.bitchute.com\\\/channel\\\/2O2eOKzNqujT\",\"https:\\\/\\\/audiomack.com\\\/iwellguard\"]},{\"@type\":\"Article\",\"@id\":\"https:\\\/\\\/iwell-guard.com\\\/is\\\/gede\\\/#article\",\"isPartOf\":{\"@id\":\"https:\\\/\\\/iwell-guard.com\\\/is\\\/gede\\\/\"},\"author\":{\"name\":\"Ralf Ittermann\",\"@id\":\"https:\\\/\\\/iwell-guard.com\\\/is\\\/#\\\/schema\\\/person\\\/ee2a27f1cac3406c7c6fb5820cb7349f\"},\"headline\":\"Gede\",\"datePublished\":\"2026-09-05T14:05:42+00:00\",\"dateModified\":\"2026-09-05T14:32:40+00:00\",\"mainEntityOfPage\":{\"@id\":\"https:\\\/\\\/iwell-guard.com\\\/is\\\/gede\\\/\"},\"publisher\":{\"@id\":\"https:\\\/\\\/iwell-guard.com\\\/is\\\/#organization\"},\"image\":{\"@id\":\"https:\\\/\\\/iwell-guard.com\\\/is\\\/gede\\\/#primaryimage\"},\"thumbnailUrl\":\"https:\\\/\\\/iwell-guard.com\\\/wp-content\\\/uploads\\\/2026\\\/05\\\/goetter_vodou_gede.webp\",\"inLanguage\":\"is\",\"description\":\"Gede (Gu\u00e9d\u00e9) eru loa-andar hinna dau\u00f0u \u00ed vod\u00fa, fj\u00f6lskylda Barons Samedi. Kirkjugar\u00f0sandar \u00ed sv\u00f6rtum og fj\u00f3lubll\u00e1um litum.\"}]}<\/script>\n<!-- \/ Yoast SEO Premium plugin. -->","yoast_head_json":{"title":"Gede \u2013 andar dau\u00f0a, kynl\u00edfs og heilunar","description":"Gede (Gu\u00e9d\u00e9) eru loa-andar hinna dau\u00f0u \u00ed vod\u00fa, fj\u00f6lskylda Barons Samedi. Kirkjugar\u00f0sandar \u00ed sv\u00f6rtum og fj\u00f3lubll\u00e1um litum.","robots":{"index":"index","follow":"follow","max-snippet":"max-snippet:-1","max-image-preview":"max-image-preview:large","max-video-preview":"max-video-preview:-1"},"canonical":"https:\/\/iwell-guard.com\/is\/gede\/","og_locale":"is_IS","og_type":"article","og_title":"Gede","og_description":"Gede (Gu\u00e9d\u00e9) eru loa-andar hinna dau\u00f0u \u00ed vod\u00fa, fj\u00f6lskylda Barons Samedi. Kirkjugar\u00f0sandar \u00ed sv\u00f6rtum og fj\u00f3lubll\u00e1um litum.","og_url":"https:\/\/iwell-guard.com\/is\/gede\/","og_site_name":"iWell Guard","article_modified_time":"2026-09-05T14:32:40+00:00","og_image":[{"width":1024,"height":1536,"url":"https:\/\/iwell-guard.com\/wp-content\/uploads\/2026\/05\/goetter_vodou_gede.webp","type":"image\/webp"}],"twitter_card":"summary_large_image","schema":{"@context":"https:\/\/schema.org","@graph":[{"@type":"Article","@id":"https:\/\/iwell-guard.com\/is\/gede\/#article","isPartOf":{"@id":"https:\/\/iwell-guard.com\/is\/gede\/"},"author":{"name":"Ralf Ittermann","@id":"https:\/\/iwell-guard.com\/is\/#\/schema\/person\/ee2a27f1cac3406c7c6fb5820cb7349f"},"headline":"Gede","datePublished":"2026-09-05T14:05:42+00:00","dateModified":"2026-09-05T14:32:40+00:00","mainEntityOfPage":{"@id":"https:\/\/iwell-guard.com\/is\/gede\/"},"publisher":{"@id":"https:\/\/iwell-guard.com\/is\/#organization"},"image":{"@id":"https:\/\/iwell-guard.com\/is\/gede\/#primaryimage"},"thumbnailUrl":"https:\/\/iwell-guard.com\/wp-content\/uploads\/2026\/05\/goetter_vodou_gede.webp","inLanguage":"is","description":"Gede (Gu\u00e9d\u00e9) eru loa-andar hinna dau\u00f0u \u00ed vod\u00fa, fj\u00f6lskylda Barons Samedi. Kirkjugar\u00f0sandar \u00ed sv\u00f6rtum og fj\u00f3lubll\u00e1um litum."},{"@type":"WebPage","@id":"https:\/\/iwell-guard.com\/is\/gede\/","url":"https:\/\/iwell-guard.com\/is\/gede\/","name":"Gede \u2013 andar dau\u00f0a, kynl\u00edfs og heilunar","isPartOf":{"@id":"https:\/\/iwell-guard.com\/is\/#website"},"primaryImageOfPage":{"@id":"https:\/\/iwell-guard.com\/is\/gede\/#primaryimage"},"image":{"@id":"https:\/\/iwell-guard.com\/is\/gede\/#primaryimage"},"thumbnailUrl":"https:\/\/iwell-guard.com\/wp-content\/uploads\/2026\/05\/goetter_vodou_gede.webp","datePublished":"2026-09-05T14:05:42+00:00","dateModified":"2026-09-05T14:32:40+00:00","description":"Gede (Gu\u00e9d\u00e9) eru loa-andar hinna dau\u00f0u \u00ed vod\u00fa, fj\u00f6lskylda Barons Samedi. Kirkjugar\u00f0sandar \u00ed sv\u00f6rtum og fj\u00f3lubll\u00e1um litum.","breadcrumb":{"@id":"https:\/\/iwell-guard.com\/is\/gede\/#breadcrumb"},"inLanguage":"is","potentialAction":[{"@type":"ReadAction","target":["https:\/\/iwell-guard.com\/is\/gede\/"]}]},{"@type":"ImageObject","inLanguage":"is","@id":"https:\/\/iwell-guard.com\/is\/gede\/#primaryimage","url":"https:\/\/iwell-guard.com\/wp-content\/uploads\/2026\/05\/goetter_vodou_gede.webp","contentUrl":"https:\/\/iwell-guard.com\/wp-content\/uploads\/2026\/05\/goetter_vodou_gede.webp","width":1024,"height":1536,"caption":"Gu\u00f0ir \u00far Vodou-hef\u00f0inni."},{"@type":"BreadcrumbList","@id":"https:\/\/iwell-guard.com\/is\/gede\/#breadcrumb","itemListElement":[{"@type":"ListItem","position":1,"name":"Start","item":"https:\/\/iwell-guard.com\/is\/?page_id=168580"},{"@type":"ListItem","position":2,"name":"Gede"}]},{"@type":"WebSite","@id":"https:\/\/iwell-guard.com\/is\/#website","url":"https:\/\/iwell-guard.com\/is\/","name":"iWell Guard","description":"Schutz vor dunklen Einfl\u00fcssen","publisher":{"@id":"https:\/\/iwell-guard.com\/is\/#organization"},"potentialAction":[{"@type":"SearchAction","target":{"@type":"EntryPoint","urlTemplate":"https:\/\/iwell-guard.com\/is\/?s={search_term_string}"},"query-input":{"@type":"PropertyValueSpecification","valueRequired":true,"valueName":"search_term_string"}}],"inLanguage":"is"},{"@type":"Organization","@id":"https:\/\/iwell-guard.com\/is\/#organization","name":"Ittermann electronic GmbH","url":"https:\/\/iwell-guard.com\/is\/","logo":{"@type":"ImageObject","inLanguage":"is","@id":"https:\/\/iwell-guard.com\/is\/#\/schema\/logo\/image\/","url":"https:\/\/iwell-guard.com\/wp-content\/uploads\/2026\/05\/Ittermann-Logo-1182x237-1.png","contentUrl":"https:\/\/iwell-guard.com\/wp-content\/uploads\/2026\/05\/Ittermann-Logo-1182x237-1.png","width":1182,"height":237,"caption":"Ittermann electronic GmbH"},"image":{"@id":"https:\/\/iwell-guard.com\/is\/#\/schema\/logo\/image\/"},"sameAs":["https:\/\/pantip.com\/profile\/9367242","https:\/\/micro.blog\/iwellguard","https:\/\/www.diggerslist.com\/iwellguard\/about","https:\/\/skitterphoto.com\/photographers\/2870314\/iwell-guard","https:\/\/iwellguard.wordpress.com\/2026\/06\/06\/iwell-guard\/","https:\/\/hub.docker.com\/u\/iwellguard","https:\/\/www.pinterest.com\/iwellguard\/","https:\/\/bit.ly\/m\/iwellguard","https:\/\/entre-vos-mains.alsace.eu\/profiles\/iwellguard\/activity","https:\/\/gravatar.com\/reallybeded8fd34","https:\/\/naijamatta.com\/iwellguard","https:\/\/www.goodreads.com\/iwellguard","https:\/\/profile.hatena.ne.jp\/iwellguard\/","https:\/\/experiment.com\/users\/iwellguard","https:\/\/wakelet.com\/@iWellGuard82270","https:\/\/www.chordie.com\/forum\/profile.php?id=2555664","https:\/\/www.instapaper.com\/p\/17757966","https:\/\/www.mapleprimes.com\/users\/iwellguard","https:\/\/businesslistingplus.com\/profile\/iwell-guard\/","https:\/\/telegra.ph\/iWell-Guard-06-06","https:\/\/pbase.com\/iwellguard\/iwellguard","https:\/\/b.hatena.ne.jp\/iwellguard\/20260607#bookmark-4788405196491818882","https:\/\/fliphtml5.com\/home\/iwellguard","https:\/\/anyflip.com\/homepage\/cmiwl#About","https:\/\/transfur.com\/Users\/iwellguard","http:\/\/delphi.larsbo.org\/user\/iwellguard","https:\/\/jobs.lajobsportal.org\/profiles\/8380803-iwell-guard","https:\/\/md.chaosdorf.de\/s\/jfbe5SBdJD","https:\/\/www.lingvolive.com\/en-us\/profile\/9ecaeaca-ce11-4e51-9e71-01d55e2bff36\/translations","https:\/\/www.fitday.com\/fitness\/forums\/members\/iwellguard.html","https:\/\/www.mymeetbook.com\/iwellguard","https:\/\/pxhere.com\/en\/photographer-me\/5040798","https:\/\/disqus.com\/by\/iwellguard\/about\/","https:\/\/pastelink.net\/hjwciqwq","https:\/\/pubhtml5.com\/homepage\/scjhn\/","https:\/\/www.bitchute.com\/channel\/2O2eOKzNqujT","https:\/\/audiomack.com\/iwellguard"]},{"@type":"Person","@id":"https:\/\/iwell-guard.com\/is\/#\/schema\/person\/ee2a27f1cac3406c7c6fb5820cb7349f","name":"Ralf Ittermann","image":{"@type":"ImageObject","inLanguage":"is","@id":"https:\/\/secure.gravatar.com\/avatar\/073c0153e350a5005b68eb752b445fea71f6b24a26da9449ad7e155e6b446c9d?s=96&d=mm&r=g","url":"https:\/\/secure.gravatar.com\/avatar\/073c0153e350a5005b68eb752b445fea71f6b24a26da9449ad7e155e6b446c9d?s=96&d=mm&r=g","contentUrl":"https:\/\/secure.gravatar.com\/avatar\/073c0153e350a5005b68eb752b445fea71f6b24a26da9449ad7e155e6b446c9d?s=96&d=mm&r=g","caption":"Ralf Ittermann"},"givenName":"Ralf","familyName":"Ittermann","jobTitle":"Gesch\u00e4ftsf\u00fchrer und redaktioneller Verantwortlicher","url":"https:\/\/iwell-guard.com\/is\/author\/claude\/","description":"Ralf Ittermann ist Gesch\u00e4ftsf\u00fchrer der Ittermann electronic GmbH und redaktioneller Verantwortlicher des iWell-Guard-Lexikons. Er verbindet langj\u00e4hrige Erfahrung in der Pr\u00e4zisionsfertigung mit medialer Praxis und religionsgeschichtlicher Quellenarbeit.","worksFor":{"@type":"Organization","name":"Ittermann electronic GmbH","url":"https:\/\/ittermann.de\/","address":{"@type":"PostalAddress","streetAddress":"K\u00f6hlergasse 16-18","postalCode":"99842","addressLocality":"Ruhla","addressCountry":"DE"}},"knowsAbout":["Religionsgeschichte","Mythologie","Mediale Praxis","Energetische Diagnostik","Schutzpraxis","Volksglauben","Westliche Esoterik"]},{"@type":"Article","@id":"https:\/\/iwell-guard.com\/is\/gede\/#article","isPartOf":{"@id":"https:\/\/iwell-guard.com\/is\/gede\/"},"author":{"name":"Ralf Ittermann","@id":"https:\/\/iwell-guard.com\/is\/#\/schema\/person\/ee2a27f1cac3406c7c6fb5820cb7349f"},"headline":"Gede","datePublished":"2026-09-05T14:05:42+00:00","dateModified":"2026-09-05T14:32:40+00:00","mainEntityOfPage":{"@id":"https:\/\/iwell-guard.com\/is\/gede\/"},"publisher":{"@id":"https:\/\/iwell-guard.com\/is\/#organization"},"image":{"@id":"https:\/\/iwell-guard.com\/is\/gede\/#primaryimage"},"thumbnailUrl":"https:\/\/iwell-guard.com\/wp-content\/uploads\/2026\/05\/goetter_vodou_gede.webp","inLanguage":"is","description":"Gede (Gu\u00e9d\u00e9) eru loa-andar hinna dau\u00f0u \u00ed vod\u00fa, fj\u00f6lskylda Barons Samedi. Kirkjugar\u00f0sandar \u00ed sv\u00f6rtum og fj\u00f3lubll\u00e1um litum."}]}},"_links":{"self":[{"href":"https:\/\/iwell-guard.com\/is\/wp-json\/wp\/v2\/pages\/169116","targetHints":{"allow":["GET"]}}],"collection":[{"href":"https:\/\/iwell-guard.com\/is\/wp-json\/wp\/v2\/pages"}],"about":[{"href":"https:\/\/iwell-guard.com\/is\/wp-json\/wp\/v2\/types\/page"}],"author":[{"embeddable":true,"href":"https:\/\/iwell-guard.com\/is\/wp-json\/wp\/v2\/users\/3"}],"replies":[{"embeddable":true,"href":"https:\/\/iwell-guard.com\/is\/wp-json\/wp\/v2\/comments?post=169116"}],"version-history":[{"count":0,"href":"https:\/\/iwell-guard.com\/is\/wp-json\/wp\/v2\/pages\/169116\/revisions"}],"wp:featuredmedia":[{"embeddable":true,"href":"https:\/\/iwell-guard.com\/is\/wp-json\/wp\/v2\/media\/3281"}],"wp:attachment":[{"href":"https:\/\/iwell-guard.com\/is\/wp-json\/wp\/v2\/media?parent=169116"}],"wp:term":[{"taxonomy":"category","embeddable":true,"href":"https:\/\/iwell-guard.com\/is\/wp-json\/wp\/v2\/categories?post=169116"}],"curies":[{"name":"wp","href":"https:\/\/api.w.org\/{rel}","templated":true}]}}