{"id":169113,"date":"2026-09-05T14:05:41","date_gmt":"2026-09-05T14:05:41","guid":{"rendered":"https:\/\/iwell-guard.com\/?page_id=169113"},"modified":"2026-09-05T14:32:36","modified_gmt":"2026-09-05T14:32:36","slug":"yong-wang","status":"publish","type":"page","link":"https:\/\/iwell-guard.com\/is\/yong-wang\/","title":{"rendered":"Yong-wang"},"content":{"rendered":"\t\t<div data-elementor-type=\"wp-page\" data-elementor-id=\"169113\" class=\"elementor elementor-169113 elementor-3056 elementor-bc-flex-widget\" data-elementor-post-type=\"page\">\n\t\t\t\t<div class=\"elementor-element elementor-element-9f5c618 e-flex e-con-boxed e-con e-parent\" data-id=\"9f5c618\" data-element_type=\"container\" data-e-type=\"container\" data-settings=\"{&quot;background_background&quot;:&quot;classic&quot;}\">\n\t\t\t\t\t<div class=\"e-con-inner\">\n\t\t<div class=\"elementor-element elementor-element-6bdcbdc e-flex e-con-boxed e-con e-child\" data-id=\"6bdcbdc\" data-element_type=\"container\" data-e-type=\"container\">\n\t\t\t\t\t<div class=\"e-con-inner\">\n\t\t<div class=\"elementor-element elementor-element-ff802b9 e-con-full e-flex e-con e-child\" data-id=\"ff802b9\" data-element_type=\"container\" data-e-type=\"container\">\n\t\t\t\t<div class=\"elementor-element elementor-element-f180f97 elementor-widget elementor-widget-heading\" data-id=\"f180f97\" data-element_type=\"widget\" data-e-type=\"widget\" data-widget_type=\"heading.default\">\n\t\t\t\t\t<h1 class=\"elementor-heading-title elementor-size-default\">Yong-wang, k\u00f3reski drekakonungurinn<\/h1>\t\t\t\t<\/div>\n\t\t\t\t<div class=\"elementor-element elementor-element-cfa5314 elementor-widget elementor-widget-text-editor\" data-id=\"cfa5314\" data-element_type=\"widget\" data-e-type=\"widget\" data-widget_type=\"text-editor.default\">\n\t\t\t\t\t\t\t\t\t<p>Yong-wang er k\u00f3reskur drekakonungur sem r\u00e6\u00f0ur yfir hafinu, regninu og \u00f6llu vatni. Yong Wang (k\u00f3reska \uc6a9\uc655, \u9f8d\u738b), sem \u00fe\u00fd\u00f0ir b\u00f3kstaflega \u201edrekakonungur\u201c, er \u00ed k\u00f3reskri \u00fej\u00f3\u00f0tr\u00fa h\u00f6fu\u00f0go\u00f0 vatnsins. Hann drottnar yfir h\u00f6fum, \u00e1m, v\u00f6tnum og lindum og er talinn verndarv\u00e6ttur allra vatnavera.<\/p><p>Tilbei\u00f0sla hans, \u00e1samt tilbei\u00f0slu Sansin (fjallagu\u00f0sins), telst til elstu tr\u00faarlaga K\u00f3reu og er \u00ed n\u00e1num tengslum vi\u00f0 samb\u00e6rilegar drekakonungshef\u00f0ir K\u00edna og Japan, en hefur \u00fer\u00f3ast me\u00f0 eigin sta\u00f0bundnum einkennum \u00ed K\u00f3reu.<\/p>\t\t\t\t\t\t\t\t<\/div>\n\t\t\t\t<\/div>\n\t\t<div class=\"elementor-element elementor-element-42a45b9 e-con-full e-flex e-con e-parent\" data-id=\"42a45b9\" data-element_type=\"container\" data-e-type=\"container\">\n\t\t\t\t<div class=\"elementor-element elementor-element-460f534 elementor-widget elementor-widget-html\" data-id=\"460f534\" data-element_type=\"widget\" data-e-type=\"widget\" data-widget_type=\"html.default\">\n\t\t\t\t\t<div class=\"iwg-pill-row\"><span class=\"iwg-klasse-badge\" tabindex=\"0\" data-tooltip=\"Gu\u00f0 \/ Gy\u00f0ja: Pers\u00f3nuger\u00f0 \u00e6\u00f0sta m\u00e1ttarvald \u00ed go\u00f0aheimi menningar, me\u00f0 sk\u00fdr valdsvi\u00f0 \u2014 n\u00e1tt\u00faru\u00f6fl, \u00f6rl\u00f6g, str\u00ed\u00f0, frj\u00f3semi. Tilbe\u00f0in me\u00f0 d\u00fdrkun, f\u00f3rnum og hofastofnunum.\">Gu\u00f0<\/span><a href=\"https:\/\/iwell-guard.com\/is\/korea\/\" class=\"iwg-kultur-badge\" tabindex=\"0\" data-tooltip=\"K\u00f3reskur heimur gu\u00f0a, sjamana og \u00fej\u00f3\u00f0aranda.\">K\u00f3rea<\/a><\/div>\t\t\t\t<\/div>\n\t\t\t\t<\/div>\n\t\t<div class=\"elementor-element elementor-element-0c596bc e-con-full e-flex e-con e-child\" data-id=\"0c596bc\" data-element_type=\"container\" data-e-type=\"container\">\n\t\t\t\t<div class=\"elementor-element elementor-element-dff2e07 elementor-toc--minimized-on-tablet elementor-widget elementor-widget-table-of-contents\" data-id=\"dff2e07\" data-element_type=\"widget\" data-e-type=\"widget\" data-settings=\"{&quot;exclude_headings_by_selector&quot;:[],&quot;no_headings_message&quot;:&quot;Engar undirfyrirsagnir fundust \\u00e1 \\u00feessari s\\u00ed\\u00f0u.&quot;,&quot;headings_by_tags&quot;:[&quot;h2&quot;,&quot;h3&quot;],&quot;marker_view&quot;:&quot;bullets&quot;,&quot;icon&quot;:{&quot;value&quot;:&quot;fas fa-circle&quot;,&quot;library&quot;:&quot;fa-solid&quot;,&quot;rendered_tag&quot;:&quot;&lt;svg class=\\&quot;e-font-icon-svg e-fas-circle\\&quot; viewBox=\\&quot;0 0 512 512\\&quot; xmlns=\\&quot;http:\\\/\\\/www.w3.org\\\/2000\\\/svg\\&quot;&gt;&lt;path d=\\&quot;M256 8C119 8 8 119 8 256s111 248 248 248 248-111 248-248S393 8 256 8z\\&quot;&gt;&lt;\\\/path&gt;&lt;\\\/svg&gt;&quot;},&quot;minimize_box&quot;:&quot;yes&quot;,&quot;minimized_on&quot;:&quot;tablet&quot;,&quot;hierarchical_view&quot;:&quot;yes&quot;,&quot;min_height&quot;:{&quot;unit&quot;:&quot;px&quot;,&quot;size&quot;:&quot;&quot;,&quot;sizes&quot;:[]},&quot;min_height_tablet&quot;:{&quot;unit&quot;:&quot;px&quot;,&quot;size&quot;:&quot;&quot;,&quot;sizes&quot;:[]},&quot;min_height_mobile&quot;:{&quot;unit&quot;:&quot;px&quot;,&quot;size&quot;:&quot;&quot;,&quot;sizes&quot;:[]}}\" data-widget_type=\"table-of-contents.default\">\n\t\t\t\t\t\t\t\t\t<div class=\"elementor-toc__header\">\n\t\t\t\t\t\t<h2 class=\"elementor-toc__header-title\">\n\t\t\t\tEfnisyfirlit\t\t\t<\/h2>\n\t\t\t\t\t\t\t\t\t\t<div class=\"elementor-toc__toggle-button elementor-toc__toggle-button--expand\" role=\"button\" tabindex=\"0\" aria-controls=\"elementor-toc__dff2e07\" aria-expanded=\"true\" aria-label=\"Open table of contents\"><svg aria-hidden=\"true\" class=\"e-font-icon-svg e-fas-chevron-down\" viewBox=\"0 0 448 512\" xmlns=\"http:\/\/www.w3.org\/2000\/svg\"><path d=\"M207.029 381.476L12.686 187.132c-9.373-9.373-9.373-24.569 0-33.941l22.667-22.667c9.357-9.357 24.522-9.375 33.901-.04L224 284.505l154.745-154.021c9.379-9.335 24.544-9.317 33.901.04l22.667 22.667c9.373 9.373 9.373 24.569 0 33.941L240.971 381.476c-9.373 9.372-24.569 9.372-33.942 0z\"><\/path><\/svg><\/div>\n\t\t\t\t<div class=\"elementor-toc__toggle-button elementor-toc__toggle-button--collapse\" role=\"button\" tabindex=\"0\" aria-controls=\"elementor-toc__dff2e07\" aria-expanded=\"true\" aria-label=\"Close table of contents\"><svg aria-hidden=\"true\" class=\"e-font-icon-svg e-fas-chevron-up\" viewBox=\"0 0 448 512\" xmlns=\"http:\/\/www.w3.org\/2000\/svg\"><path d=\"M240.971 130.524l194.343 194.343c9.373 9.373 9.373 24.569 0 33.941l-22.667 22.667c-9.357 9.357-24.522 9.375-33.901.04L224 227.495 69.255 381.516c-9.379 9.335-24.544 9.317-33.901-.04l-22.667-22.667c-9.373-9.373-9.373-24.569 0-33.941L207.03 130.525c9.372-9.373 24.568-9.373 33.941-.001z\"><\/path><\/svg><\/div>\n\t\t\t\t\t<\/div>\n\t\t\t\t<div id=\"elementor-toc__dff2e07\" class=\"elementor-toc__body\">\n\t\t\t<div class=\"elementor-toc__spinner-container\">\n\t\t\t\t<svg class=\"elementor-toc__spinner eicon-animation-spin e-font-icon-svg e-eicon-loading\" aria-hidden=\"true\" viewBox=\"0 0 1000 1000\" xmlns=\"http:\/\/www.w3.org\/2000\/svg\"><path d=\"M500 975V858C696 858 858 696 858 500S696 142 500 142 142 304 142 500H25C25 237 238 25 500 25S975 237 975 500 763 975 500 975Z\"><\/path><\/svg>\t\t\t<\/div>\n\t\t<\/div>\n\t\t\t\t\t\t<\/div>\n\t\t\t\t<\/div>\n\t\t\t\t\t<\/div>\n\t\t\t\t<\/div>\n\t\t<div class=\"elementor-element elementor-element-2244aa5 e-con-full e-flex e-con e-child\" data-id=\"2244aa5\" data-element_type=\"container\" data-e-type=\"container\">\n\t\t\t\t<div class=\"elementor-element elementor-element-9445d34 iwg-hero-image elementor-widget elementor-widget-image\" data-id=\"9445d34\" data-element_type=\"widget\" data-e-type=\"widget\" data-widget_type=\"image.default\">\n\t\t\t\t\t\t\t\t\t\t\t\t\t\t\t<img fetchpriority=\"high\" decoding=\"async\" width=\"683\" height=\"1024\" src=\"https:\/\/iwell-guard.com\/wp-content\/uploads\/2026\/05\/goetter_korea_yong-wang-683x1024.webp\" class=\"attachment-large size-large wp-image-170707\" alt=\"Yong Wang - gu\u00f0ir \u00far k\u00f3reskri hef\u00f0, s\u00f6guleg myndskreyting\" srcset=\"https:\/\/iwell-guard.com\/wp-content\/uploads\/2026\/05\/goetter_korea_yong-wang-683x1024.webp 683w, https:\/\/iwell-guard.com\/wp-content\/uploads\/2026\/05\/goetter_korea_yong-wang-200x300.webp 200w, https:\/\/iwell-guard.com\/wp-content\/uploads\/2026\/05\/goetter_korea_yong-wang-768x1152.webp 768w, https:\/\/iwell-guard.com\/wp-content\/uploads\/2026\/05\/goetter_korea_yong-wang.webp 1024w\" sizes=\"(max-width: 683px) 100vw, 683px\" \/>\t\t\t\t\t\t\t\t\t\t\t\t\t\t\t<\/div>\n\t\t\t\t<\/div>\n\t\t\t\t\t<\/div>\n\t\t\t\t<\/div>\n\t\t<div class=\"elementor-element elementor-element-ae10e2e e-con-boxed e-flex e-con e-parent\" data-id=\"ae10e2e\" data-element_type=\"container\" data-e-type=\"container\">\n\t\t\t\t\t<div class=\"e-con-inner\">\n\t\t<div class=\"elementor-element elementor-element-82d6c61 e-con-full e-flex e-con e-child\" data-id=\"82d6c61\" data-element_type=\"container\" data-e-type=\"container\">\n\t\t\t\t<div class=\"elementor-element elementor-element-be604e8 elementor-widget elementor-widget-heading\" data-id=\"be604e8\" data-element_type=\"widget\" data-e-type=\"widget\" data-widget_type=\"heading.default\">\n\t\t\t\t\t<h2 class=\"elementor-heading-title elementor-size-default\">Heimildir og uppruni<\/h2>\t\t\t\t<\/div>\n\t\t\t\t<div class=\"elementor-element elementor-element-e639b40 elementor-widget elementor-widget-text-editor\" data-id=\"e639b40\" data-element_type=\"widget\" data-e-type=\"widget\" data-widget_type=\"text-editor.default\">\n\t\t\t\t\t\t\t\t\t<p>Hugmyndin um drekakonunginn \u00e1 r\u00e6tur s\u00ednar \u00ed k\u00ednverskri <span class=\"iwg-fachbegriff\" data-tooltip=\"Heildarsafn go\u00f0sagna sem var\u00f0veist hafa innan menningar.\" tabindex=\"0\">go\u00f0afr\u00e6\u00f0i<\/span>, \u00fear sem Long Wang gegnir hlutverki drottnara hinna fj\u00f6gurra hafa og er tilbe\u00f0inn \u00ed hofsv\u00e6\u00f0um.<\/p><p>Me\u00f0 innrei\u00f0 b\u00faddisma og konf\u00fas\u00edskrar menntunar til K\u00f3reu \u00e1 4. til 7. \u00f6ld barst hugmyndin um drekakonunginn til k\u00f3reskra sv\u00e6\u00f0a, \u00fear sem h\u00fan m\u00e6tti \u00feegar fyrirliggjandi \u00fej\u00f3\u00f0tr\u00faarhugmyndum um vatnsgo\u00f0.<\/p><p>Riti\u00f0 \u00abSamguk Yusa\u00bb var\u00f0veitir nokkrar fr\u00e1sagnir \u00fear sem drekar og drekakonungar koma vi\u00f0 s\u00f6gu \u00ed frums\u00f6gu k\u00f3resku r\u00edkjanna. Hi\u00f0 go\u00f0s\u00f6gulega konungsr\u00edki Silla er sagt hafa veri\u00f0 stofna\u00f0 a\u00f0 hluta af drekakonungi sem ber m\u00f3\u00f0ur \u00feri\u00f0ja konungsins, Talhae, upp \u00far hafinu.<\/p>\n\n<p>James Grayson og Maurizio Riotto hafa \u00ed yfirlitum um tr\u00faars\u00f6gu s\u00fdnt fram \u00e1 a\u00f0 tilbei\u00f0sla drekakonungsins tengdist \u00ed K\u00f3reu flj\u00f3tt konungshugmyndafr\u00e6\u00f0inni.<\/p><p>Konungar Silla k\u00f6llu\u00f0u sig \u201esonu drekans\u201c, venja sem var v\u00ed\u00f0a \u00feekkt \u00ed konungsr\u00edkjum Austur-As\u00edu en t\u00f3k \u00ed Silla \u00e1 sig s\u00e9rstaklega \u00e1berandi mynd. \u00deessi p\u00f3lit\u00edska eignun drekans m\u00f3ta\u00f0i k\u00f3reska myndhef\u00f0 allt fram \u00e1 Joseon-t\u00edmabili\u00f0.<\/p>\t\t\t\t\t\t\t\t<\/div>\n\t\t\t\t<\/div>\n\t\t<div class=\"elementor-element elementor-element-1913e5b e-con-full e-flex e-con e-child\" data-id=\"1913e5b\" data-element_type=\"container\" data-e-type=\"container\">\n\t\t\t\t<div class=\"elementor-element elementor-element-b541514 elementor-widget elementor-widget-heading\" data-id=\"b541514\" data-element_type=\"widget\" data-e-type=\"widget\" data-widget_type=\"heading.default\">\n\t\t\t\t\t<h2 class=\"elementor-heading-title elementor-size-default\">Myndlist (\u00edkon\u00f3graf\u00eda)<\/h2>\t\t\t\t<\/div>\n\t\t\t\t<div class=\"elementor-element elementor-element-350c604 elementor-widget elementor-widget-text-editor\" data-id=\"350c604\" data-element_type=\"widget\" data-e-type=\"widget\" data-widget_type=\"text-editor.default\">\n\t\t\t\t\t\t\t\t\t<p>Yong Wang er \u00ed hef\u00f0inni s\u00fdndur sem konungleg vera me\u00f0 drekak\u00f3r\u00f3nu og gl\u00e6silegum kl\u00e6\u00f0um. \u00cd sumum myndhef\u00f0um kemur hann fram sem tv\u00ede\u00f0lisvera me\u00f0 drekahaus og mannsl\u00edkama, \u00ed \u00f6\u00f0rum sem gamall ma\u00f0ur me\u00f0 langt skegg, umkringdur drekum.<\/p><p>\u00cd hir\u00f0 hans eru a\u00f0rar vatnaverur eins og skjaldb\u00f6kur, karpar, kolkrabbar og marglyttur, sem \u00ed \u00fej\u00f3\u00f0s\u00f6gum gegna hlutverki r\u00e1\u00f0herra hans og sendibo\u00f0a.<\/p>\n\n<p>Merkileg myndhef\u00f0 er \u201eyongwang-do\u201c, drekakonungstaflan, sem finnst \u00ed b\u00faddaklaustrum K\u00f3reu. H\u00fan s\u00fdnir Yong Wang \u00ed h\u00e1s\u00e6ti undir vatni, umkringdan vatnaverum s\u00ednum, oft \u00ed fylgd tveggja fylgikvenna sem bera perlur og sk\u00e1lar.<\/p><p>\u00deessar t\u00f6flur hafa veri\u00f0 sta\u00f0la\u00f0ar fr\u00e1 17. \u00f6ld og fylgja eigin myndm\u00e1lshef\u00f0 sem greinir sig fr\u00e1 k\u00ednverskum fyrirmyndum.<\/p>\t\t\t\t\t\t\t\t<\/div>\n\t\t\t\t<\/div>\n\t\t<div class=\"elementor-element elementor-element-115c720 e-con-full e-flex e-con e-child\" data-id=\"115c720\" data-element_type=\"container\" data-e-type=\"container\">\n\t\t\t\t<div class=\"elementor-element elementor-element-45cf17f elementor-widget elementor-widget-heading\" data-id=\"45cf17f\" data-element_type=\"widget\" data-e-type=\"widget\" data-widget_type=\"heading.default\">\n\t\t\t\t\t<h2 class=\"elementor-heading-title elementor-size-default\">Helgista\u00f0ir og si\u00f0ir<\/h2>\t\t\t\t<\/div>\n\t\t\t\t<div class=\"elementor-element elementor-element-37dc5a4 elementor-widget elementor-widget-text-editor\" data-id=\"37dc5a4\" data-element_type=\"widget\" data-e-type=\"widget\" data-widget_type=\"text-editor.default\">\n\t\t\t\t\t\t\t\t\t<p>Mikilv\u00e6gustu helgista\u00f0ir Yong-Wang \u00ed K\u00f3reu eru vi\u00f0 strendur og st\u00f3rar \u00e1r. \u00c1 austurstr\u00f6ndinni, s\u00e9rstaklega \u00ed Gangwon-h\u00e9ra\u00f0i, hafa veri\u00f0 bygg\u00f0 fj\u00f6lm\u00f6rg helgirit (\u00abyongwang-dang\u00bb) \u00e1 klettum og \u00e1 eyjum undan str\u00f6ndinni.<\/p><p>\u00c1 su\u00f0urstr\u00f6ndinni, s\u00e9rstaklega \u00e1 Jeju, eru s\u00e9rstakir drekakonungshelgista\u00f0ir me\u00f0 sta\u00f0bundnum si\u00f0ahef\u00f0um. Margar \u00e1r og lindir hafa einnig litlar Yong-Wang-helgista\u00f0ir sem \u00edb\u00faar vi\u00f0halda.<\/p>\n\n<p>Mikilv\u00e6gustu si\u00f0ir tengdir Yong Wang eru b\u00e6nasi\u00f0ir fiskimanna, sem bi\u00f0ja fyrir \u00e1rst\u00ed\u00f0ina um r\u00edkulegan afla og skj\u00f3l fr\u00e1 stormum. B\u00e6ndur \u00e1 \u00feurrlendum sv\u00e6\u00f0um k\u00f6llu\u00f0u einnig \u00e1 hann til a\u00f0 f\u00e1 regn, \u00ed s\u00e9rlega \u00feurrum \u00e1rum me\u00f0 vi\u00f0amiklum skr\u00fa\u00f0g\u00f6ngum og b\u00e6nadansi.<\/p><p>Boudewijn Walraven hefur \u00ed ranns\u00f3knum s\u00ednum \u00e1 k\u00f3reskri sjamanapraxis skjalfest hvernig Yong Wang er mi\u00f0la\u00f0 \u00ed \u201egut\u201c-ath\u00f6fnum, s\u00e9rstaklega \u00e1 strandsv\u00e6\u00f0um, \u00fear sem sjamanakonur kalla hann oft fram.<\/p>\t\t\t\t\t\t\t\t<\/div>\n\t\t\t\t<\/div>\n\t\t<div class=\"elementor-element elementor-element-ebfe83b e-con-full e-flex e-con e-child\" data-id=\"ebfe83b\" data-element_type=\"container\" data-e-type=\"container\">\n\t\t\t\t<div class=\"elementor-element elementor-element-b9829d6 elementor-widget elementor-widget-heading\" data-id=\"b9829d6\" data-element_type=\"widget\" data-e-type=\"widget\" data-widget_type=\"heading.default\">\n\t\t\t\t\t<h2 class=\"elementor-heading-title elementor-size-default\">Yong Wang \u00ed k\u00f3reskri \u00fej\u00f3\u00f0sagnafr\u00e1s\u00f6gn<\/h2>\t\t\t\t<\/div>\n\t\t\t\t<div class=\"elementor-element elementor-element-18af666 elementor-widget elementor-widget-text-editor\" data-id=\"18af666\" data-element_type=\"widget\" data-e-type=\"widget\" data-widget_type=\"text-editor.default\">\n\t\t\t\t\t\t\t\t\t<p>S\u00e9rlega kunn fr\u00e1s\u00f6gn er \u201eSagan af h\u00e9ranum og skjaldb\u00f6kunni\u201c, \u00fear sem skjaldbakan, sendibo\u00f0i drekakonungs, lokkar h\u00e9rann ni\u00f0ur \u00ed undirdj\u00fapar\u00edki\u00f0 til a\u00f0 n\u00e1 lifur hans til a\u00f0 l\u00e6kna hinn sj\u00faka Yong Wang.<\/p><p>Sl\u00e6gi h\u00e9rinn kemst undan me\u00f0 k\u00e6nlegri fullyr\u00f0ingu. \u00deessi fr\u00e1s\u00f6gn telst til \u201ePansori\u201c-efnis, sungins \u00fej\u00f3\u00f0sagnaefnis k\u00f3reskrar hef\u00f0ar, og er mj\u00f6g \u00fatbreidd \u00ed d\u00e6gurmenningu.<\/p>\n\n<p>\u00d6nnur, minna kunn hef\u00f0 fjallar um drottninguna Heo Hwang-ok, sem \u00ed <span class=\"iwg-fachbegriff\" data-tooltip=\"Var\u00f0veitt fr\u00e1s\u00f6gn um gu\u00f0i, uppruna og skipulag heimsins.\" tabindex=\"0\">go\u00f0s\u00f6gunni<\/span> um Karak-konungsd\u00e6mi\u00f0 er d\u00f3ttir konungs fr\u00e1 landinu Ayodhya (Indlandi) og kemur sj\u00f3lei\u00f0ina til K\u00f3reu til a\u00f0 giftast konungi Suro.<\/p><p>\u00cd nokkrum \u00fatg\u00e1fum lei\u00f0ir drekakonungurinn skip hennar. \u00deessi fr\u00e1s\u00f6gn er \u00ed dag umfj\u00f6llunarefni \u00ed fr\u00e6\u00f0ilegri umr\u00e6\u00f0u um m\u00f6guleg fornleg tengsl \u00e1 sj\u00f3 milli K\u00f3reu og Su\u00f0ur-As\u00edu.<\/p>\t\t\t\t\t\t\t\t<\/div>\n\t\t\t\t<\/div>\n\t\t<div class=\"elementor-element elementor-element-b469d78 e-con-full e-flex e-con e-child\" data-id=\"b469d78\" data-element_type=\"container\" data-e-type=\"container\">\n\t\t\t\t<div class=\"elementor-element elementor-element-5adce55 elementor-widget elementor-widget-heading\" data-id=\"5adce55\" data-element_type=\"widget\" data-e-type=\"widget\" data-widget_type=\"heading.default\">\n\t\t\t\t\t<h2 class=\"elementor-heading-title elementor-size-default\">Innsetning \u00ed b\u00faddisma<\/h2>\t\t\t\t<\/div>\n\t\t\t\t<div class=\"elementor-element elementor-element-d666fba elementor-widget elementor-widget-text-editor\" data-id=\"d666fba\" data-element_type=\"widget\" data-e-type=\"widget\" data-widget_type=\"text-editor.default\">\n\t\t\t\t\t\t\t\t\t<p>Eins og Sansin var Yong Wang einnig felldur inn \u00ed b\u00fadd\u00edsk hofsv\u00e6\u00f0i K\u00f3reu. \u00cd m\u00f6rgum klaustrum er, vi\u00f0 hli\u00f0 a\u00f0alb\u00faddahofsins, l\u00edtil h\u00f6ll k\u00f6llu\u00f0 \u00abyongwang-gak\u00bb \u00fear sem Yong Wang er tilbe\u00f0inn.<\/p><p>\u00deessi h\u00f6ll er yfirleitt reist n\u00e6r vatnsfalli e\u00f0a lind og er greinilega a\u00f0skilin fr\u00e1 a\u00f0alsv\u00e6\u00f0inu. Innsetningin er skipul\u00f6g\u00f0 me\u00f0 sama h\u00e6tti og Sansin-gak.<\/p>\n\n<p>Don Baker hefur bent \u00e1 a\u00f0 b\u00fadd\u00edsk eignun vatnsgo\u00f0sins var einnig r\u00f6kstudd gu\u00f0fr\u00e6\u00f0ilega, me\u00f0 \u00fev\u00ed a\u00f0 s\u00fdna Yong Wang sem l\u00e6risvein e\u00f0a \u00fej\u00f3n B\u00fadda.<\/p><p>\u00cd sumum s\u00fatrum, s\u00e9rstaklega \u00ed \u201eL\u00f3tuss\u00fatrunni\u201c, koma drekakonungar fram sem \u00e1heyrendur kenningarinnar, sem veitir kan\u00f3n\u00edskan grundv\u00f6ll fyrir tilbei\u00f0slu \u00ed b\u00fadd\u00edskum samhengi. \u00cd K\u00f3reu var\u00f0 \u00feessi hef\u00f0 a\u00f0 sta\u00f0la\u00f0ri mynd.<\/p>\t\t\t\t\t\t\t\t<\/div>\n\t\t\t\t<\/div>\n\t\t<div class=\"elementor-element elementor-element-e9fb947 e-con-full e-flex e-con e-child\" data-id=\"e9fb947\" data-element_type=\"container\" data-e-type=\"container\">\n\t\t\t\t<div class=\"elementor-element elementor-element-cba9fef elementor-widget elementor-widget-heading\" data-id=\"cba9fef\" data-element_type=\"widget\" data-e-type=\"widget\" data-widget_type=\"heading.default\">\n\t\t\t\t\t<h2 class=\"elementor-heading-title elementor-size-default\">Tengsl vi\u00f0 Jeju og Seonangsin-hef\u00f0ina<\/h2>\t\t\t\t<\/div>\n\t\t\t\t<div class=\"elementor-element elementor-element-f7ff64f elementor-widget elementor-widget-text-editor\" data-id=\"f7ff64f\" data-element_type=\"widget\" data-e-type=\"widget\" data-widget_type=\"text-editor.default\">\n\t\t\t\t\t\t\t\t\t<p>\u00c1 eyjunni Jeju hefur Yong-Wang-tilbei\u00f0slan s\u00e9rstaklega \u00e1berandi form. Eyjan er \u00feakin fj\u00f6lm\u00f6rgum helgist\u00f6\u00f0um, og margir \u00feeirra eru tileinka\u00f0ir drekakonungnum e\u00f0a tengdum vatnagu\u00f0um.<\/p><p>Sjaman\u00edur Jeju, kalla\u00f0ar \u00absimbang\u00bb, vi\u00f0halda r\u00edkri hef\u00f0 Yong-Wang-athafna. Ein a\u00f0alh\u00e1t\u00ed\u00f0in er \u00abYeongdeunggut\u00bb \u00ed \u00f6\u00f0rum tunglm\u00e1nu\u00f0inum, \u00fear sem gy\u00f0jan Yeongdeung Halmang (fornt vatnagy\u00f0ja) er hei\u00f0ru\u00f0 \u00e1samt Yong Wang, og be\u00f0i\u00f0 er um \u00f6ruggt fiskvei\u00f0it\u00edmabil.<\/p>\n\n<p>\u00c1 meginlandi K\u00f3reu tengist Yong Wang \u00abseonangsin\u00bb, verndargu\u00f0unum vi\u00f0 \u00feorpshli\u00f0, sem eru reistir \u00ed formi grj\u00f3thr\u00faga e\u00f0a m\u00e1la\u00f0ra staura. Vi\u00f0 flj\u00f3tafarvegi og brunna eru sett upp \u00e1\u00feekk verndargripir, sem oft eru tengd beint drekakonunginum. Boudewijn Walraven hefur skjalfest \u00feessa sta\u00f0bundnu fj\u00f6lbreytni \u00edtarlega \u00ed vettvangsvinnu sinni.<\/p>\t\t\t\t\t\t\t\t<\/div>\n\t\t\t\t<\/div>\n\t\t<div class=\"elementor-element elementor-element-58cde8b e-con-full e-flex e-con e-child\" data-id=\"58cde8b\" data-element_type=\"container\" data-e-type=\"container\">\n\t\t\t\t<div class=\"elementor-element elementor-element-49dbebe elementor-widget elementor-widget-heading\" data-id=\"49dbebe\" data-element_type=\"widget\" data-e-type=\"widget\" data-widget_type=\"heading.default\">\n\t\t\t\t\t<h2 class=\"elementor-heading-title elementor-size-default\">P\u00f3lit\u00edsk og menningarleg t\u00e1kn<\/h2>\t\t\t\t<\/div>\n\t\t\t\t<div class=\"elementor-element elementor-element-0182c31 elementor-widget elementor-widget-text-editor\" data-id=\"0182c31\" data-element_type=\"widget\" data-e-type=\"widget\" data-widget_type=\"text-editor.default\">\n\t\t\t\t\t\t\t\t\t<p>Drekinn var \u00ed konunglegri hugmyndafr\u00e6\u00f0i K\u00f3reu h\u00f6fu\u00f0t\u00e1kn konungsvaldsins. Skikkjur Joseon-konunganna voru skreyttar fimmkl\u00f3a drekum, forr\u00e9ttindi sem \u00ed austuras\u00edskri hef\u00f0 var fr\u00e1tekin syni himinsins. \u00deannig haf\u00f0i Yong Wang, sem bakgrunnsf\u00edg\u00fara, \u00f3beina p\u00f3lit\u00edska merkingu \u00e1n \u00feess a\u00f0 taka s\u00e9r s\u00e9rstakan sess \u00ed hinu opinbera konf\u00fas\u00edska <span class=\"iwg-fachbegriff\" data-tooltip=\"Heild gu\u00f0a \u00ed tr\u00faarbr\u00f6g\u00f0um e\u00f0a menningu.\" tabindex=\"0\">go\u00f0aveldi<\/span>.<\/p>\n\n<p>\u00cd n\u00fat\u00edma k\u00f3reskri menningu lifir drekinn \u00e1fram sem <span class=\"iwg-fachbegriff\" data-tooltip=\"T\u00e1kn sem stendur fyrir hugmynd e\u00f0a merkingu.\" tabindex=\"0\">t\u00e1kn<\/span>. Hann kemur fram \u00ed v\u00f6rumerkjum, \u00ed\u00fer\u00f3ttaf\u00e9l\u00f6gum, kvikmyndum og augl\u00fdsingum. Bein tr\u00faarlegur tilbei\u00f0sla \u00e1 Yong Wang er bundin vi\u00f0 strandsv\u00e6\u00f0i, Jeju og einst\u00f6k fjallaklaustur.<\/p><p>\u00cd i\u00f0na\u00f0arborgum hefur h\u00fan dregist saman, en \u00ed fiskih\u00f6fnum er h\u00fan enn lifandi. Antonetta Bruno hefur \u00ed verkum s\u00ednum s\u00fdnt hvernig <span class=\"iwg-fachbegriff\" data-tooltip=\"Heild tr\u00faarlegra tilbei\u00f0sluathafna fyrir gu\u00f0 e\u00f0a heilaga veru.\" tabindex=\"0\">d\u00fdrkunin<\/span> tengist n\u00fat\u00edma fer\u00f0amannamenningu, til d\u00e6mis \u00feegar \u00e1rlegar Yong-Wang-h\u00e1t\u00ed\u00f0ir eru marka\u00f0ssettar sem fer\u00f0amannavi\u00f0bur\u00f0ir.<\/p>\t\t\t\t\t\t\t\t<\/div>\n\t\t\t\t<\/div>\n\t\t<div class=\"elementor-element elementor-element-13ab942 e-con-full e-flex e-con e-child\" data-id=\"13ab942\" data-element_type=\"container\" data-e-type=\"container\">\n\t\t\t\t<div class=\"elementor-element elementor-element-957b3b8 elementor-widget elementor-widget-heading\" data-id=\"957b3b8\" data-element_type=\"widget\" data-e-type=\"widget\" data-widget_type=\"heading.default\">\n\t\t\t\t\t<h2 class=\"elementor-heading-title elementor-size-default\">Ranns\u00f3knir og samanbur\u00f0ur<\/h2>\t\t\t\t<\/div>\n\t\t\t\t<div class=\"elementor-element elementor-element-746903a elementor-widget elementor-widget-text-editor\" data-id=\"746903a\" data-element_type=\"widget\" data-e-type=\"widget\" data-widget_type=\"text-editor.default\">\n\t\t\t\t\t\t\t\t\t<p>Yong-Wang-ranns\u00f3knir eru hluti af v\u00ed\u00f0t\u00e6kari austuras\u00edskum ranns\u00f3knum \u00e1 drekakonungum, sem bera saman K\u00f3reu, K\u00edna og Japan. \u00cd k\u00ednverskri hef\u00f0 er Long Wang sterkar tengdur keisarahir\u00f0tr\u00fanni, \u00ed Japan er Ryujin n\u00e1nar tengdur helgid\u00f3mum <span class=\"iwg-fachbegriff\" data-tooltip=\"Frumbyggjatr\u00faarbr\u00f6g\u00f0 Japans, einkennd af tilbei\u00f0slu kami.\" tabindex=\"0\">Shinto<\/span>.<\/p><p>\u00cd K\u00f3reu s\u00fdnir Yong Wang d\u00e6miger\u00f0a bl\u00f6ndu af \u00fej\u00f3\u00f0tr\u00faarlegri i\u00f0kun, b\u00fadd\u00edskri saml\u00f6gun og p\u00f3lit\u00edsku t\u00e1kni. \u00deessi blanda er, a\u00f0 mati James Grayson, einkennandi fyrir k\u00f3reska tr\u00faarh\u00e6tti \u00ed heild.<\/p>\n\n<p>Innan k\u00f3reskra ranns\u00f3kna hafa s\u00e9rstaklega verk um Jeju-hef\u00f0ina (Hyun Yong-jun, Yoon Yong-min) og tr\u00faarf\u00e9lagsfr\u00e6\u00f0ilegar ranns\u00f3knir \u00e1 strandvei\u00f0um (Kim Sun-young) reynst mikilv\u00e6g.<\/p><p>\u00c1 al\u00fej\u00f3\u00f0av\u00edsu er Yong Wang minna rannsaka\u00f0ur en Sansin e\u00f0a helstu sjaman\u00edsku gu\u00f0irnir, sem stafar a\u00f0allega af heimildast\u00f6\u00f0unni, sem er \u00fej\u00f3\u00f0fr\u00e6\u00f0ilega og munnlega m\u00f3tu\u00f0 og erfitt a\u00f0 n\u00e1lgast \u00ed vestr\u00e6num s\u00f6fnum.<\/p>\t\t\t\t\t\t\t\t<\/div>\n\t\t\t\t<\/div>\n\t\t<div class=\"elementor-element elementor-element-12058fa e-con-full e-flex e-con e-child\" data-id=\"12058fa\" data-element_type=\"container\" data-e-type=\"container\">\n\t\t\t\t<div class=\"elementor-element elementor-element-e3c73ad elementor-widget elementor-widget-heading\" data-id=\"e3c73ad\" data-element_type=\"widget\" data-e-type=\"widget\" data-widget_type=\"heading.default\">\n\t\t\t\t\t<h2 class=\"elementor-heading-title elementor-size-default\">Yong Wang \u00ed konungshugmyndafr\u00e6\u00f0i Silla- og Goryeo-t\u00edmabilanna<\/h2>\t\t\t\t<\/div>\n\t\t\t\t<div class=\"elementor-element elementor-element-0a129e5 elementor-widget elementor-widget-text-editor\" data-id=\"0a129e5\" data-element_type=\"widget\" data-e-type=\"widget\" data-widget_type=\"text-editor.default\">\n\t\t\t\t\t\t\t\t\t<p>Tengsl drekakonungsins vi\u00f0 konungd\u00f3minn eru mest s\u00fdnileg, b\u00e6\u00f0i \u00ed myndm\u00e1li og textum, \u00e1 Silla-t\u00edmabilinu (57 fyrir Krist til 935 eftir Krist).<\/p><p>\u00abSamguk Yusa\u00bb segir \u00ed kaflanum \u00abMunmu-wang Bobgi\u00bb a\u00f0 konungur Munmu af Silla (r\u00edkti 661 til 681) hafi \u00e1 d\u00e1narbe\u00f0i fyrirskipa\u00f0 a\u00f0 hann yr\u00f0i grafinn \u00ed sj\u00f3num, svo a\u00f0 hann g\u00e6ti eftir dau\u00f0a sinn, sem dreki Austurhafsins, vari\u00f0 r\u00edki\u00f0 gegn jap\u00f6nskum sj\u00f3r\u00e6ningjum.<\/p><p>Gr\u00f6f hans, \u00abne\u00f0ansj\u00e1vargrafh\u00fdsi\u00f0\u00bb Daewangam vi\u00f0 austurstr\u00f6ndina n\u00e1l\u00e6gt Gyeongju, er enn \u00ed dag p\u00edlagr\u00edmasta\u00f0ur. Sonur hans Sinmun l\u00e9t reisa Gameunsa-<span class=\"iwg-fachbegriff\" data-tooltip=\"Bygging sem \u00fej\u00f3nar tilbei\u00f0slu einnar e\u00f0a fleiri gu\u00f0a.\" tabindex=\"0\">musteri<\/span> \u00ed n\u00e1nd vi\u00f0 gr\u00f6fina, en a\u00f0algrafhvelfing \u00feess var, samkv\u00e6mt fornleifafr\u00e6\u00f0ilegum g\u00f6gnum, h\u00f6nnu\u00f0 \u00feannig a\u00f0 drekakonungurinn fa\u00f0ir g\u00e6ti synt inn \u00ed hana.<\/p>\n<p>\u00c1 Goryeo-t\u00edmabilinu (918 til 1392) t\u00f3k konungsfj\u00f6lskyldan Wang drekat\u00e1knm\u00e1li\u00f0 upp \u00e1 kerfisbundinn h\u00e1tt. Go\u00f0sagnakennda stofnsagan um Wang Geon, stofnanda konungs\u00e6ttarins, sem var\u00f0veitt er \u00ed \u00abGoryeo Sa\u00bb (\u00abS\u00f6gu Goryeo\u00bb, 1451), rekur \u00e6tt hans yfir margar kynsl\u00f3\u00f0ir til drekakonungs Vesturhafsins.<\/p><p>\u00deessi \u00e6ttartengda drekasm\u00ed\u00f0 haf\u00f0i tr\u00faarp\u00f3lit\u00edsk \u00e1hrif: h\u00fan batt konungsfj\u00f6lskylduna vi\u00f0 vatnagu\u00f0inn og \u00fear me\u00f0 vi\u00f0 forb\u00fadd\u00edskt og forkonf\u00fas\u00edskt tr\u00faarlag.<\/p>\t\t\t\t\t\t\t\t<\/div>\n\t\t\t\t<\/div>\n\t\t<div class=\"elementor-element elementor-element-1d652d9 e-con-full e-flex e-con e-child\" data-id=\"1d652d9\" data-element_type=\"container\" data-e-type=\"container\">\n\t\t\t\t<div class=\"elementor-element elementor-element-ea98ead elementor-widget elementor-widget-heading\" data-id=\"ea98ead\" data-element_type=\"widget\" data-e-type=\"widget\" data-widget_type=\"heading.default\">\n\t\t\t\t\t<h2 class=\"elementor-heading-title elementor-size-default\">B\u00fadd\u00edsk s\u00fatrur og hinir \u00e1tta drekakonungar<\/h2>\t\t\t\t<\/div>\n\t\t\t\t<div class=\"elementor-element elementor-element-1688d3f elementor-widget elementor-widget-text-editor\" data-id=\"1688d3f\" data-element_type=\"widget\" data-e-type=\"widget\" data-widget_type=\"text-editor.default\">\n\t\t\t\t\t\t\t\t\t<p>\u00cd b\u00fadd\u00edskum samhengi kemur Yong Wang ekki fram sem einstaklingsbundin f\u00edg\u00fara, heldur sem fulltr\u00fai hinna \u00e1tta drekakonunga (\u00abpal yongwang\u00bb), sem koma fram \u00ed fj\u00f6lm\u00f6rgum Mahayana-s\u00fatrum sem verndarverur l\u00e6rd\u00f3msins.<\/p><p>\u00abSaddharmapundarika <span class=\"iwg-fachbegriff\" data-tooltip=\"\u00cd hind\u00faisma og b\u00faddisma stuttur kennslutexti.\" tabindex=\"0\">s\u00fatra<\/span>\u00bb (\u00abL\u00f3tus-<span class=\"iwg-fachbegriff\" data-tooltip=\"\u00cd hind\u00faisma og b\u00faddisma stuttur kennslutexti.\" tabindex=\"0\">s\u00fatra<\/span>\u00bb), sem hefur veri\u00f0 <span class=\"iwg-fachbegriff\" data-tooltip=\"Tilheyrir vi\u00f0urkenndum ritasafni tr\u00faarbrag\u00f0a.\" tabindex=\"0\">kan\u00f3n\u00edsk<\/span> \u00ed k\u00f3reskum b\u00faddisma allt fr\u00e1 Silla-t\u00edmabilinu, nefnir \u00ed fyrsta kafla hina \u00e1tta drekakonunga sem \u00e1heyrendur predikunar B\u00fadda. Einst\u00f6k n\u00f6fn \u00feeirra, Nanda, Upananda, Sagara, Vasuki, Takshaka, Anavatapta, Manasvin og Utpalaka, b\u00e1rust yfir \u00ed k\u00f3reska musterishef\u00f0 me\u00f0 umriti \u00far sanskr\u00edt.<\/p>\n<p>S\u00e9rst\u00f6k k\u00f3resk \u00fatf\u00e6rsla er \u00abDharani-<span class=\"iwg-fachbegriff\" data-tooltip=\"\u00cd hind\u00faisma og b\u00faddisma stuttur kennslutexti.\" tabindex=\"0\">s\u00fatru<\/span>\u00bb-<span class=\"iwg-fachbegriff\" data-tooltip=\"Heild tr\u00faarlegra tilbei\u00f0sluathafna fyrir gu\u00f0 e\u00f0a heilaga veru.\" tabindex=\"0\">d\u00fdrkun<\/span> til hei\u00f0urs drekakonungunum, sem er sta\u00f0fest \u00ed fjallaklaustrunum Songgwangsa og Tongdosa. \u00abYongwang-gyeong\u00bb, safn ap\u00f3kr\u00fdfra drekakonungss\u00fatra af \u00f3vissum indverskum uppruna, var mikilv\u00e6gur helgunartexti \u00e1 s\u00ed\u00f0ari Joseon-t\u00edmanum.<\/p><p><span data-nosnippet>Robert Buswell hefur \u00ed \u00abThe Zen Monastic Experience\u00bb (Princeton 1992) og \u00ed verkum s\u00ednum um k\u00f3reskan b\u00faddisma skjalfest samspili\u00f0 milli kan\u00f3n\u00edskrar s\u00fatruhef\u00f0ar og sta\u00f0bundinnar Yong-Wang-tilbei\u00f0slu.<\/span><\/p>\t\t\t\t\t\t\t\t<\/div>\n\t\t\t\t<\/div>\n\t\t<div class=\"elementor-element elementor-element-c9078f0 e-con-full e-flex e-con e-child\" data-id=\"c9078f0\" data-element_type=\"container\" data-e-type=\"container\">\n\t\t\t\t<div class=\"elementor-element elementor-element-5c88faf elementor-widget elementor-widget-heading\" data-id=\"5c88faf\" data-element_type=\"widget\" data-e-type=\"widget\" data-widget_type=\"heading.default\">\n\t\t\t\t\t<h2 class=\"elementor-heading-title elementor-size-default\">Chilmeoridang-Yeongdeunggut \u00e1 Jeju<\/h2>\t\t\t\t<\/div>\n\t\t\t\t<div class=\"elementor-element elementor-element-0762989 elementor-widget elementor-widget-text-editor\" data-id=\"0762989\" data-element_type=\"widget\" data-e-type=\"widget\" data-widget_type=\"text-editor.default\">\n\t\t\t\t\t\t\t\t\t<p>Mikilv\u00e6gasta tr\u00faarlega st\u00f3rvi\u00f0bur\u00f0urinn til hei\u00f0urs vatnagu\u00f0unum fer fram \u00e1 Jeju \u00ed febr\u00faar og mars tunglalmanaksins.<\/p><p>\u00abChilmeoridang Yeongdeunggut\u00bb, haldi\u00f0 af sjamanafj\u00f6lskyldu Kim vi\u00f0 Chilmeoridang-<span class=\"iwg-fachbegriff\" data-tooltip=\"L\u00edtill heilagur geymslu- e\u00f0a tilbei\u00f0slusta\u00f0ur.\" tabindex=\"0\">helgireitinn<\/span> n\u00e1l\u00e6gt Gunhae, tekur nokkra daga og skiptist \u00ed m\u00f3tt\u00f6ku gy\u00f0junnar Yeongdeung Halmang \u00e1 tunglalmanaksdegi 2.1., a\u00f0alathafnir 2.14. og kve\u00f0justund 2.15. Sjamanninnurnar flytja \u00abgut\u00bb-ra\u00f0ir fyrir \u00f6ruggt fiskvei\u00f0it\u00edmabil, g\u00f3\u00f0a \u00feara- og skelfiskuppskeru og velfer\u00f0 haenyeo, kvenkyns kafara-fiskikvenna Jeju sem kafa til hafsbotns \u00e1n \u00f6ndunart\u00e6kja.<\/p>\n<p><span data-nosnippet>UNESCO t\u00f3k <span class=\"iwg-fachbegriff\" data-tooltip=\"Skipul\u00f6g\u00f0 r\u00f6\u00f0 t\u00e1knger\u00f0ra athafna me\u00f0 tr\u00faarlega e\u00f0a menningarlega merkingu.\" tabindex=\"0\">ath\u00f6fnina<\/span> inn \u00e1 \u00abFulltr\u00faaskr\u00e1 yfir \u00f3\u00e1\u00fereifanlega menningararfleif\u00f0 mannkyns\u00bb \u00e1ri\u00f0 2009. Hyun Yong-jun hefur skjalfest <span class=\"iwg-fachbegriff\" data-tooltip=\"Skipul\u00f6g\u00f0 r\u00f6\u00f0 t\u00e1knger\u00f0ra athafna me\u00f0 tr\u00faarlega e\u00f0a menningarlega merkingu.\" tabindex=\"0\">ath\u00f6fnina<\/span> \u00edtarlega \u00ed \u00abJeju-do musok charyo sajeon\u00bb (Seoul 1980).<\/span><\/p><p>Laurel Kendall og Kim Kwang-Ok hafa greint menningarlegt og f\u00e9lagshagfr\u00e6\u00f0ilegt mikilv\u00e6gi Yeongdeung-athafnanna fyrir haenyeo-samf\u00e9l\u00f6gin. \u00cd brennidepli er hin n\u00e1na tenging kvenkyns kafara-fiskvei\u00f0a vi\u00f0 kvenlega, m\u00f3\u00f0urlega hugsa\u00f0a vatnagy\u00f0ju, sem tekur \u00e1samt Yong Wang a\u00f0alhlutverki\u00f0.<\/p>\t\t\t\t\t\t\t\t<\/div>\n\t\t\t\t<\/div>\n\t\t<div class=\"elementor-element elementor-element-ffb664c e-con-full e-flex e-con e-child\" data-id=\"ffb664c\" data-element_type=\"container\" data-e-type=\"container\">\n\t\t\t\t<div class=\"elementor-element elementor-element-e78e0da elementor-widget elementor-widget-heading\" data-id=\"e78e0da\" data-element_type=\"widget\" data-e-type=\"widget\" data-widget_type=\"heading.default\">\n\t\t\t\t\t<h2 class=\"elementor-heading-title elementor-size-default\">Heimildir og fr\u00e6\u00f0irit<\/h2>\t\t\t\t<\/div>\n\t\t\t\t<div class=\"elementor-element elementor-element-dcf0367 elementor-widget elementor-widget-text-editor\" data-id=\"dcf0367\" data-element_type=\"widget\" data-e-type=\"widget\" data-widget_type=\"text-editor.default\">\n\t\t\t\t\t\t\t\t\t<footer class=\"iwg-literatur\"><p>Frumheimildir: Iryeon, \u00abSamguk Yusa\u00bb (1281), kaflar um konung Munmu, um Tarhae, um Ganyangbu og um hef\u00f0 Drekakonungsins; \u00abSamguk Sagi\u00bb (1145); \u00abGoryeo Sa\u00bb (1451), kafli um \u00e6ttart\u00f6lu Wang Geon; \u00abSaddharmapundarika <span class=\"iwg-fachbegriff\" data-tooltip=\"\u00cd hind\u00faisma og b\u00faddisma stuttur tr\u00faarlegur kennslutexti.\" tabindex=\"0\">s\u00fatra<\/span>\u00bb (L\u00f3tus-<span class=\"iwg-fachbegriff\" data-tooltip=\"\u00cd hind\u00faisma og b\u00faddisma stuttur tr\u00faarlegur kennslutexti.\" tabindex=\"0\">s\u00fatra<\/span>, k\u00f3reskar \u00fatg\u00e1fur af Tripitaka Koreana); \u00abYongwang-gyeong\u00bb \u00ed s\u00ed\u00f0ari Joseon-\u00fatg\u00e1fum. Um Heo-Hwang-ok-hef\u00f0ina: \u00abKarak-guk-gi\u00bb \u00ed \u00abSamguk Yusa\u00bb.<\/p><p>Aukaheimildir:<\/p><ul><li><span data-nosnippet>James H. Grayson, \u00abKorea: A Religious History\u00bb (Oxford 1989, 2002) og \u00abMyths and Legends from Korea\u00bb (Richmond 2001).<\/span><\/li><li>Maurizio Riotto, ranns\u00f3knir \u00e1 k\u00f3reskri <span class=\"iwg-fachbegriff\" data-tooltip=\"Heildarsafn go\u00f0sagna sem var\u00f0veist hafa \u00ed tiltekinni menningu.\" tabindex=\"0\">go\u00f0afr\u00e6\u00f0i<\/span>.<\/li><li><span data-nosnippet>Robert E. Buswell, \u00abThe Zen Monastic Experience\u00bb (Princeton 1992) og \u00abThe Korean Approach to Zen\u00bb (Honolulu 1983).<\/span><\/li><li><span data-nosnippet>Don Baker, \u00abKorean Spirituality\u00bb (Honolulu 2008).<\/span><\/li><li><span data-nosnippet>Boudewijn Walraven, \u00abSongs of the Shaman\u00bb (London 1994).<\/span><\/li><li><span data-nosnippet>Hyun Yong-jun, \u00abJeju-do musok charyo sajeon\u00bb (Seoul 1980).<\/span><\/li><li><span data-nosnippet>Laurel Kendall, \u00abShamans, Nostalgias and the IMF\u00bb (Honolulu 2009).<\/span><\/li><li><span data-nosnippet>Antonetta Bruno, \u00abThe Gate of Words\u00bb (Leiden 2002).<\/span><\/li><li><span data-nosnippet>David A. Mason, \u00abSpirit of the Mountains\u00bb (Seoul 1999), me\u00f0 vi\u00f0b\u00f3tark\u00f6flum um vatnagu\u00f0i \u00ed fjallaklaustrum.<\/span><\/li><\/ul><\/footer>\t\t\t\t\t\t\t\t<\/div>\n\t\t\t\t<\/div>\n\t\t\t\t\t<\/div>\n\t\t\t\t<\/div>\n\t\t\t\t<\/div>\n\t\t","protected":false},"excerpt":{"rendered":"","protected":false},"author":3,"featured_media":3247,"parent":0,"menu_order":0,"comment_status":"closed","ping_status":"closed","template":"elementor_header_footer","meta":{"_yoast_wpseo_focuskw":"Yong-wang","_yoast_wpseo_title":"Yong-wang \u2013 K\u00f3reski drekakonungurinn | iWell Guard","_yoast_wpseo_metadesc":"Yong-wang er k\u00f3reski drekakonungurinn, drottnari hafsins og verndarv\u00e6ttur fiskimanna. Fj\u00f3rir Yong-wang standa fyrir hin fj\u00f6gur h\u00f6f.","_yoast_wpseo_meta-robots-noindex":"","_yoast_wpseo_canonical":"","_angie_page":false,"gefaehrdungsstufe":"2","wesen_kultur":"korea","wesen_klasse":"goetter","footnotes":""},"categories":[],"class_list":["post-169113","page","type-page","status-publish","has-post-thumbnail","hentry"],"yoast_head":"<!-- This site is optimized with the Yoast SEO Premium plugin v27.7 (Yoast SEO v28.3) - https:\/\/yoast.com\/product\/yoast-seo-premium-wordpress\/ -->\n<title>Yong-wang \u2013 K\u00f3reski drekakonungurinn | iWell Guard<\/title>\n<meta name=\"description\" content=\"Yong-wang er k\u00f3reski drekakonungurinn, drottnari hafsins og verndarv\u00e6ttur fiskimanna. Fj\u00f3rir Yong-wang standa fyrir hin fj\u00f6gur h\u00f6f.\" \/>\n<meta name=\"robots\" content=\"index, follow, max-snippet:-1, max-image-preview:large, max-video-preview:-1\" \/>\n<link rel=\"canonical\" href=\"https:\/\/iwell-guard.com\/is\/yong-wang\/\" \/>\n<meta property=\"og:locale\" content=\"is_IS\" \/>\n<meta property=\"og:type\" content=\"article\" \/>\n<meta property=\"og:title\" content=\"Yong-wang\" \/>\n<meta property=\"og:description\" content=\"Yong-wang er k\u00f3reski drekakonungurinn, drottnari hafsins og verndarv\u00e6ttur fiskimanna. Fj\u00f3rir Yong-wang standa fyrir hin fj\u00f6gur h\u00f6f.\" \/>\n<meta property=\"og:url\" content=\"https:\/\/iwell-guard.com\/is\/yong-wang\/\" \/>\n<meta property=\"og:site_name\" content=\"iWell Guard\" \/>\n<meta property=\"article:modified_time\" content=\"2026-09-05T14:32:36+00:00\" \/>\n<meta property=\"og:image\" content=\"https:\/\/iwell-guard.com\/wp-content\/uploads\/2026\/05\/goetter_korea_yong-wang.webp\" \/>\n\t<meta property=\"og:image:width\" content=\"1024\" \/>\n\t<meta property=\"og:image:height\" content=\"1536\" \/>\n\t<meta property=\"og:image:type\" content=\"image\/webp\" \/>\n<meta name=\"twitter:card\" content=\"summary_large_image\" \/>\n<script type=\"application\/ld+json\" class=\"yoast-schema-graph\">{\"@context\":\"https:\\\/\\\/schema.org\",\"@graph\":[{\"@type\":\"WebPage\",\"@id\":\"https:\\\/\\\/iwell-guard.com\\\/is\\\/yong-wang\\\/\",\"url\":\"https:\\\/\\\/iwell-guard.com\\\/is\\\/yong-wang\\\/\",\"name\":\"Yong-wang \u2013 K\u00f3reski drekakonungurinn | iWell Guard\",\"isPartOf\":{\"@id\":\"https:\\\/\\\/iwell-guard.com\\\/is\\\/#website\"},\"primaryImageOfPage\":{\"@id\":\"https:\\\/\\\/iwell-guard.com\\\/is\\\/yong-wang\\\/#primaryimage\"},\"image\":{\"@id\":\"https:\\\/\\\/iwell-guard.com\\\/is\\\/yong-wang\\\/#primaryimage\"},\"thumbnailUrl\":\"https:\\\/\\\/iwell-guard.com\\\/wp-content\\\/uploads\\\/2026\\\/05\\\/goetter_korea_yong-wang.webp\",\"datePublished\":\"2026-09-05T14:05:41+00:00\",\"dateModified\":\"2026-09-05T14:32:36+00:00\",\"description\":\"Yong-wang er k\u00f3reski drekakonungurinn, drottnari hafsins og verndarv\u00e6ttur fiskimanna. Fj\u00f3rir Yong-wang standa fyrir hin fj\u00f6gur h\u00f6f.\",\"breadcrumb\":{\"@id\":\"https:\\\/\\\/iwell-guard.com\\\/is\\\/yong-wang\\\/#breadcrumb\"},\"inLanguage\":\"is\",\"potentialAction\":[{\"@type\":\"ReadAction\",\"target\":[\"https:\\\/\\\/iwell-guard.com\\\/is\\\/yong-wang\\\/\"]}]},{\"@type\":\"ImageObject\",\"inLanguage\":\"is\",\"@id\":\"https:\\\/\\\/iwell-guard.com\\\/is\\\/yong-wang\\\/#primaryimage\",\"url\":\"https:\\\/\\\/iwell-guard.com\\\/wp-content\\\/uploads\\\/2026\\\/05\\\/goetter_korea_yong-wang.webp\",\"contentUrl\":\"https:\\\/\\\/iwell-guard.com\\\/wp-content\\\/uploads\\\/2026\\\/05\\\/goetter_korea_yong-wang.webp\",\"width\":1024,\"height\":1536,\"caption\":\"Gu\u00f0ir \u00far k\u00f3reskri hef\u00f0.\"},{\"@type\":\"BreadcrumbList\",\"@id\":\"https:\\\/\\\/iwell-guard.com\\\/is\\\/yong-wang\\\/#breadcrumb\",\"itemListElement\":[{\"@type\":\"ListItem\",\"position\":1,\"name\":\"Start\",\"item\":\"https:\\\/\\\/iwell-guard.com\\\/is\\\/?page_id=168580\"},{\"@type\":\"ListItem\",\"position\":2,\"name\":\"Yong-wang\"}]},{\"@type\":\"WebSite\",\"@id\":\"https:\\\/\\\/iwell-guard.com\\\/is\\\/#website\",\"url\":\"https:\\\/\\\/iwell-guard.com\\\/is\\\/\",\"name\":\"iWell Guard\",\"description\":\"Schutz vor dunklen Einfl\u00fcssen\",\"publisher\":{\"@id\":\"https:\\\/\\\/iwell-guard.com\\\/is\\\/#organization\"},\"potentialAction\":[{\"@type\":\"SearchAction\",\"target\":{\"@type\":\"EntryPoint\",\"urlTemplate\":\"https:\\\/\\\/iwell-guard.com\\\/is\\\/?s={search_term_string}\"},\"query-input\":{\"@type\":\"PropertyValueSpecification\",\"valueRequired\":true,\"valueName\":\"search_term_string\"}}],\"inLanguage\":\"is\"},{\"@type\":\"Organization\",\"@id\":\"https:\\\/\\\/iwell-guard.com\\\/is\\\/#organization\",\"name\":\"Ittermann electronic GmbH\",\"url\":\"https:\\\/\\\/iwell-guard.com\\\/is\\\/\",\"logo\":{\"@type\":\"ImageObject\",\"inLanguage\":\"is\",\"@id\":\"https:\\\/\\\/iwell-guard.com\\\/is\\\/#\\\/schema\\\/logo\\\/image\\\/\",\"url\":\"https:\\\/\\\/iwell-guard.com\\\/wp-content\\\/uploads\\\/2026\\\/05\\\/Ittermann-Logo-1182x237-1.png\",\"contentUrl\":\"https:\\\/\\\/iwell-guard.com\\\/wp-content\\\/uploads\\\/2026\\\/05\\\/Ittermann-Logo-1182x237-1.png\",\"width\":1182,\"height\":237,\"caption\":\"Ittermann electronic GmbH\"},\"image\":{\"@id\":\"https:\\\/\\\/iwell-guard.com\\\/is\\\/#\\\/schema\\\/logo\\\/image\\\/\"},\"sameAs\":[\"https:\\\/\\\/pantip.com\\\/profile\\\/9367242\",\"https:\\\/\\\/micro.blog\\\/iwellguard\",\"https:\\\/\\\/www.diggerslist.com\\\/iwellguard\\\/about\",\"https:\\\/\\\/skitterphoto.com\\\/photographers\\\/2870314\\\/iwell-guard\",\"https:\\\/\\\/iwellguard.wordpress.com\\\/2026\\\/06\\\/06\\\/iwell-guard\\\/\",\"https:\\\/\\\/hub.docker.com\\\/u\\\/iwellguard\",\"https:\\\/\\\/www.pinterest.com\\\/iwellguard\\\/\",\"https:\\\/\\\/bit.ly\\\/m\\\/iwellguard\",\"https:\\\/\\\/entre-vos-mains.alsace.eu\\\/profiles\\\/iwellguard\\\/activity\",\"https:\\\/\\\/gravatar.com\\\/reallybeded8fd34\",\"https:\\\/\\\/naijamatta.com\\\/iwellguard\",\"https:\\\/\\\/www.goodreads.com\\\/iwellguard\",\"https:\\\/\\\/profile.hatena.ne.jp\\\/iwellguard\\\/\",\"https:\\\/\\\/experiment.com\\\/users\\\/iwellguard\",\"https:\\\/\\\/wakelet.com\\\/@iWellGuard82270\",\"https:\\\/\\\/www.chordie.com\\\/forum\\\/profile.php?id=2555664\",\"https:\\\/\\\/www.instapaper.com\\\/p\\\/17757966\",\"https:\\\/\\\/www.mapleprimes.com\\\/users\\\/iwellguard\",\"https:\\\/\\\/businesslistingplus.com\\\/profile\\\/iwell-guard\\\/\",\"https:\\\/\\\/telegra.ph\\\/iWell-Guard-06-06\",\"https:\\\/\\\/pbase.com\\\/iwellguard\\\/iwellguard\",\"https:\\\/\\\/b.hatena.ne.jp\\\/iwellguard\\\/20260607#bookmark-4788405196491818882\",\"https:\\\/\\\/fliphtml5.com\\\/home\\\/iwellguard\",\"https:\\\/\\\/anyflip.com\\\/homepage\\\/cmiwl#About\",\"https:\\\/\\\/transfur.com\\\/Users\\\/iwellguard\",\"http:\\\/\\\/delphi.larsbo.org\\\/user\\\/iwellguard\",\"https:\\\/\\\/jobs.lajobsportal.org\\\/profiles\\\/8380803-iwell-guard\",\"https:\\\/\\\/md.chaosdorf.de\\\/s\\\/jfbe5SBdJD\",\"https:\\\/\\\/www.lingvolive.com\\\/en-us\\\/profile\\\/9ecaeaca-ce11-4e51-9e71-01d55e2bff36\\\/translations\",\"https:\\\/\\\/www.fitday.com\\\/fitness\\\/forums\\\/members\\\/iwellguard.html\",\"https:\\\/\\\/www.mymeetbook.com\\\/iwellguard\",\"https:\\\/\\\/pxhere.com\\\/en\\\/photographer-me\\\/5040798\",\"https:\\\/\\\/disqus.com\\\/by\\\/iwellguard\\\/about\\\/\",\"https:\\\/\\\/pastelink.net\\\/hjwciqwq\",\"https:\\\/\\\/pubhtml5.com\\\/homepage\\\/scjhn\\\/\",\"https:\\\/\\\/www.bitchute.com\\\/channel\\\/2O2eOKzNqujT\",\"https:\\\/\\\/audiomack.com\\\/iwellguard\"]},{\"@type\":\"Article\",\"@id\":\"https:\\\/\\\/iwell-guard.com\\\/is\\\/yong-wang\\\/#article\",\"isPartOf\":{\"@id\":\"https:\\\/\\\/iwell-guard.com\\\/is\\\/yong-wang\\\/\"},\"author\":{\"name\":\"Ralf Ittermann\",\"@id\":\"https:\\\/\\\/iwell-guard.com\\\/is\\\/#\\\/schema\\\/person\\\/ee2a27f1cac3406c7c6fb5820cb7349f\"},\"headline\":\"Yong-wang\",\"datePublished\":\"2026-09-05T14:05:41+00:00\",\"dateModified\":\"2026-09-05T14:32:36+00:00\",\"mainEntityOfPage\":{\"@id\":\"https:\\\/\\\/iwell-guard.com\\\/is\\\/yong-wang\\\/\"},\"publisher\":{\"@id\":\"https:\\\/\\\/iwell-guard.com\\\/is\\\/#organization\"},\"image\":{\"@id\":\"https:\\\/\\\/iwell-guard.com\\\/is\\\/yong-wang\\\/#primaryimage\"},\"thumbnailUrl\":\"https:\\\/\\\/iwell-guard.com\\\/wp-content\\\/uploads\\\/2026\\\/05\\\/goetter_korea_yong-wang.webp\",\"inLanguage\":\"is\",\"description\":\"Yong-wang er k\u00f3reski drekakonungurinn, drottnari hafsins og verndarv\u00e6ttur fiskimanna. Fj\u00f3rir Yong-wang standa fyrir hin fj\u00f6gur h\u00f6f.\"}]}<\/script>\n<!-- \/ Yoast SEO Premium plugin. -->","yoast_head_json":{"title":"Yong-wang \u2013 K\u00f3reski drekakonungurinn | iWell Guard","description":"Yong-wang er k\u00f3reski drekakonungurinn, drottnari hafsins og verndarv\u00e6ttur fiskimanna. Fj\u00f3rir Yong-wang standa fyrir hin fj\u00f6gur h\u00f6f.","robots":{"index":"index","follow":"follow","max-snippet":"max-snippet:-1","max-image-preview":"max-image-preview:large","max-video-preview":"max-video-preview:-1"},"canonical":"https:\/\/iwell-guard.com\/is\/yong-wang\/","og_locale":"is_IS","og_type":"article","og_title":"Yong-wang","og_description":"Yong-wang er k\u00f3reski drekakonungurinn, drottnari hafsins og verndarv\u00e6ttur fiskimanna. Fj\u00f3rir Yong-wang standa fyrir hin fj\u00f6gur h\u00f6f.","og_url":"https:\/\/iwell-guard.com\/is\/yong-wang\/","og_site_name":"iWell Guard","article_modified_time":"2026-09-05T14:32:36+00:00","og_image":[{"width":1024,"height":1536,"url":"https:\/\/iwell-guard.com\/wp-content\/uploads\/2026\/05\/goetter_korea_yong-wang.webp","type":"image\/webp"}],"twitter_card":"summary_large_image","schema":{"@context":"https:\/\/schema.org","@graph":[{"@type":"Article","@id":"https:\/\/iwell-guard.com\/is\/yong-wang\/#article","isPartOf":{"@id":"https:\/\/iwell-guard.com\/is\/yong-wang\/"},"author":{"name":"Ralf Ittermann","@id":"https:\/\/iwell-guard.com\/is\/#\/schema\/person\/ee2a27f1cac3406c7c6fb5820cb7349f"},"headline":"Yong-wang","datePublished":"2026-09-05T14:05:41+00:00","dateModified":"2026-09-05T14:32:36+00:00","mainEntityOfPage":{"@id":"https:\/\/iwell-guard.com\/is\/yong-wang\/"},"publisher":{"@id":"https:\/\/iwell-guard.com\/is\/#organization"},"image":{"@id":"https:\/\/iwell-guard.com\/is\/yong-wang\/#primaryimage"},"thumbnailUrl":"https:\/\/iwell-guard.com\/wp-content\/uploads\/2026\/05\/goetter_korea_yong-wang.webp","inLanguage":"is","description":"Yong-wang er k\u00f3reski drekakonungurinn, drottnari hafsins og verndarv\u00e6ttur fiskimanna. Fj\u00f3rir Yong-wang standa fyrir hin fj\u00f6gur h\u00f6f."},{"@type":"WebPage","@id":"https:\/\/iwell-guard.com\/is\/yong-wang\/","url":"https:\/\/iwell-guard.com\/is\/yong-wang\/","name":"Yong-wang \u2013 K\u00f3reski drekakonungurinn | iWell Guard","isPartOf":{"@id":"https:\/\/iwell-guard.com\/is\/#website"},"primaryImageOfPage":{"@id":"https:\/\/iwell-guard.com\/is\/yong-wang\/#primaryimage"},"image":{"@id":"https:\/\/iwell-guard.com\/is\/yong-wang\/#primaryimage"},"thumbnailUrl":"https:\/\/iwell-guard.com\/wp-content\/uploads\/2026\/05\/goetter_korea_yong-wang.webp","datePublished":"2026-09-05T14:05:41+00:00","dateModified":"2026-09-05T14:32:36+00:00","description":"Yong-wang er k\u00f3reski drekakonungurinn, drottnari hafsins og verndarv\u00e6ttur fiskimanna. Fj\u00f3rir Yong-wang standa fyrir hin fj\u00f6gur h\u00f6f.","breadcrumb":{"@id":"https:\/\/iwell-guard.com\/is\/yong-wang\/#breadcrumb"},"inLanguage":"is","potentialAction":[{"@type":"ReadAction","target":["https:\/\/iwell-guard.com\/is\/yong-wang\/"]}]},{"@type":"ImageObject","inLanguage":"is","@id":"https:\/\/iwell-guard.com\/is\/yong-wang\/#primaryimage","url":"https:\/\/iwell-guard.com\/wp-content\/uploads\/2026\/05\/goetter_korea_yong-wang.webp","contentUrl":"https:\/\/iwell-guard.com\/wp-content\/uploads\/2026\/05\/goetter_korea_yong-wang.webp","width":1024,"height":1536,"caption":"Gu\u00f0ir \u00far k\u00f3reskri hef\u00f0."},{"@type":"BreadcrumbList","@id":"https:\/\/iwell-guard.com\/is\/yong-wang\/#breadcrumb","itemListElement":[{"@type":"ListItem","position":1,"name":"Start","item":"https:\/\/iwell-guard.com\/is\/?page_id=168580"},{"@type":"ListItem","position":2,"name":"Yong-wang"}]},{"@type":"WebSite","@id":"https:\/\/iwell-guard.com\/is\/#website","url":"https:\/\/iwell-guard.com\/is\/","name":"iWell Guard","description":"Schutz vor dunklen Einfl\u00fcssen","publisher":{"@id":"https:\/\/iwell-guard.com\/is\/#organization"},"potentialAction":[{"@type":"SearchAction","target":{"@type":"EntryPoint","urlTemplate":"https:\/\/iwell-guard.com\/is\/?s={search_term_string}"},"query-input":{"@type":"PropertyValueSpecification","valueRequired":true,"valueName":"search_term_string"}}],"inLanguage":"is"},{"@type":"Organization","@id":"https:\/\/iwell-guard.com\/is\/#organization","name":"Ittermann electronic GmbH","url":"https:\/\/iwell-guard.com\/is\/","logo":{"@type":"ImageObject","inLanguage":"is","@id":"https:\/\/iwell-guard.com\/is\/#\/schema\/logo\/image\/","url":"https:\/\/iwell-guard.com\/wp-content\/uploads\/2026\/05\/Ittermann-Logo-1182x237-1.png","contentUrl":"https:\/\/iwell-guard.com\/wp-content\/uploads\/2026\/05\/Ittermann-Logo-1182x237-1.png","width":1182,"height":237,"caption":"Ittermann electronic GmbH"},"image":{"@id":"https:\/\/iwell-guard.com\/is\/#\/schema\/logo\/image\/"},"sameAs":["https:\/\/pantip.com\/profile\/9367242","https:\/\/micro.blog\/iwellguard","https:\/\/www.diggerslist.com\/iwellguard\/about","https:\/\/skitterphoto.com\/photographers\/2870314\/iwell-guard","https:\/\/iwellguard.wordpress.com\/2026\/06\/06\/iwell-guard\/","https:\/\/hub.docker.com\/u\/iwellguard","https:\/\/www.pinterest.com\/iwellguard\/","https:\/\/bit.ly\/m\/iwellguard","https:\/\/entre-vos-mains.alsace.eu\/profiles\/iwellguard\/activity","https:\/\/gravatar.com\/reallybeded8fd34","https:\/\/naijamatta.com\/iwellguard","https:\/\/www.goodreads.com\/iwellguard","https:\/\/profile.hatena.ne.jp\/iwellguard\/","https:\/\/experiment.com\/users\/iwellguard","https:\/\/wakelet.com\/@iWellGuard82270","https:\/\/www.chordie.com\/forum\/profile.php?id=2555664","https:\/\/www.instapaper.com\/p\/17757966","https:\/\/www.mapleprimes.com\/users\/iwellguard","https:\/\/businesslistingplus.com\/profile\/iwell-guard\/","https:\/\/telegra.ph\/iWell-Guard-06-06","https:\/\/pbase.com\/iwellguard\/iwellguard","https:\/\/b.hatena.ne.jp\/iwellguard\/20260607#bookmark-4788405196491818882","https:\/\/fliphtml5.com\/home\/iwellguard","https:\/\/anyflip.com\/homepage\/cmiwl#About","https:\/\/transfur.com\/Users\/iwellguard","http:\/\/delphi.larsbo.org\/user\/iwellguard","https:\/\/jobs.lajobsportal.org\/profiles\/8380803-iwell-guard","https:\/\/md.chaosdorf.de\/s\/jfbe5SBdJD","https:\/\/www.lingvolive.com\/en-us\/profile\/9ecaeaca-ce11-4e51-9e71-01d55e2bff36\/translations","https:\/\/www.fitday.com\/fitness\/forums\/members\/iwellguard.html","https:\/\/www.mymeetbook.com\/iwellguard","https:\/\/pxhere.com\/en\/photographer-me\/5040798","https:\/\/disqus.com\/by\/iwellguard\/about\/","https:\/\/pastelink.net\/hjwciqwq","https:\/\/pubhtml5.com\/homepage\/scjhn\/","https:\/\/www.bitchute.com\/channel\/2O2eOKzNqujT","https:\/\/audiomack.com\/iwellguard"]},{"@type":"Person","@id":"https:\/\/iwell-guard.com\/is\/#\/schema\/person\/ee2a27f1cac3406c7c6fb5820cb7349f","name":"Ralf Ittermann","image":{"@type":"ImageObject","inLanguage":"is","@id":"https:\/\/secure.gravatar.com\/avatar\/073c0153e350a5005b68eb752b445fea71f6b24a26da9449ad7e155e6b446c9d?s=96&d=mm&r=g","url":"https:\/\/secure.gravatar.com\/avatar\/073c0153e350a5005b68eb752b445fea71f6b24a26da9449ad7e155e6b446c9d?s=96&d=mm&r=g","contentUrl":"https:\/\/secure.gravatar.com\/avatar\/073c0153e350a5005b68eb752b445fea71f6b24a26da9449ad7e155e6b446c9d?s=96&d=mm&r=g","caption":"Ralf Ittermann"},"givenName":"Ralf","familyName":"Ittermann","jobTitle":"Gesch\u00e4ftsf\u00fchrer und redaktioneller Verantwortlicher","url":"https:\/\/iwell-guard.com\/is\/author\/claude\/","description":"Ralf Ittermann ist Gesch\u00e4ftsf\u00fchrer der Ittermann electronic GmbH und redaktioneller Verantwortlicher des iWell-Guard-Lexikons. Er verbindet langj\u00e4hrige Erfahrung in der Pr\u00e4zisionsfertigung mit medialer Praxis und religionsgeschichtlicher Quellenarbeit.","worksFor":{"@type":"Organization","name":"Ittermann electronic GmbH","url":"https:\/\/ittermann.de\/","address":{"@type":"PostalAddress","streetAddress":"K\u00f6hlergasse 16-18","postalCode":"99842","addressLocality":"Ruhla","addressCountry":"DE"}},"knowsAbout":["Religionsgeschichte","Mythologie","Mediale Praxis","Energetische Diagnostik","Schutzpraxis","Volksglauben","Westliche Esoterik"]},{"@type":"Article","@id":"https:\/\/iwell-guard.com\/is\/yong-wang\/#article","isPartOf":{"@id":"https:\/\/iwell-guard.com\/is\/yong-wang\/"},"author":{"name":"Ralf Ittermann","@id":"https:\/\/iwell-guard.com\/is\/#\/schema\/person\/ee2a27f1cac3406c7c6fb5820cb7349f"},"headline":"Yong-wang","datePublished":"2026-09-05T14:05:41+00:00","dateModified":"2026-09-05T14:32:36+00:00","mainEntityOfPage":{"@id":"https:\/\/iwell-guard.com\/is\/yong-wang\/"},"publisher":{"@id":"https:\/\/iwell-guard.com\/is\/#organization"},"image":{"@id":"https:\/\/iwell-guard.com\/is\/yong-wang\/#primaryimage"},"thumbnailUrl":"https:\/\/iwell-guard.com\/wp-content\/uploads\/2026\/05\/goetter_korea_yong-wang.webp","inLanguage":"is","description":"Yong-wang er k\u00f3reski drekakonungurinn, drottnari hafsins og verndarv\u00e6ttur fiskimanna. Fj\u00f3rir Yong-wang standa fyrir hin fj\u00f6gur h\u00f6f."}]}},"_links":{"self":[{"href":"https:\/\/iwell-guard.com\/is\/wp-json\/wp\/v2\/pages\/169113","targetHints":{"allow":["GET"]}}],"collection":[{"href":"https:\/\/iwell-guard.com\/is\/wp-json\/wp\/v2\/pages"}],"about":[{"href":"https:\/\/iwell-guard.com\/is\/wp-json\/wp\/v2\/types\/page"}],"author":[{"embeddable":true,"href":"https:\/\/iwell-guard.com\/is\/wp-json\/wp\/v2\/users\/3"}],"replies":[{"embeddable":true,"href":"https:\/\/iwell-guard.com\/is\/wp-json\/wp\/v2\/comments?post=169113"}],"version-history":[{"count":0,"href":"https:\/\/iwell-guard.com\/is\/wp-json\/wp\/v2\/pages\/169113\/revisions"}],"wp:featuredmedia":[{"embeddable":true,"href":"https:\/\/iwell-guard.com\/is\/wp-json\/wp\/v2\/media\/3247"}],"wp:attachment":[{"href":"https:\/\/iwell-guard.com\/is\/wp-json\/wp\/v2\/media?parent=169113"}],"wp:term":[{"taxonomy":"category","embeddable":true,"href":"https:\/\/iwell-guard.com\/is\/wp-json\/wp\/v2\/categories?post=169113"}],"curies":[{"name":"wp","href":"https:\/\/api.w.org\/{rel}","templated":true}]}}